{"id":4628,"date":"2022-06-27T11:10:12","date_gmt":"2022-06-27T09:10:12","guid":{"rendered":"https:\/\/schaumweinkontor.com\/all-products\/"},"modified":"2024-04-29T11:06:14","modified_gmt":"2024-04-29T09:06:14","slug":"all-products","status":"publish","type":"page","link":"https:\/\/schaumweinkontor.com\/en\/all-products\/","title":{"rendered":"All products"},"content":{"rendered":"\n\n  <div class=\"banner has-hover shop-banner hide-for-small\" id=\"banner-1484685848\">\n          <div class=\"banner-inner fill\">\n        <div class=\"banner-bg fill\" >\n            <div class=\"bg fill bg-fill \"><\/div>\n                                    \n                    <\/div>\n\t\t\n        <div class=\"banner-layers container\">\n            <div class=\"fill banner-link\"><\/div>            \n\n   <div id=\"text-box-1976313377\" class=\"text-box banner-layer x50 md-x50 lg-x50 y50 md-y50 lg-y50 res-text\">\n                                <div class=\"text-box-content text dark\">\n              \n              <div class=\"text-inner text-center\">\n                  \n\n<h1 class=\"uppercase\" style=\"text-align: center;\"><b>SHOP<\/b><\/h1>\n\n              <\/div>\n           <\/div>\n                            \n<style>\n#text-box-1976313377 {\n  width: 60%;\n}\n#text-box-1976313377 .text-box-content {\n  font-size: 100%;\n}\n<\/style>\n    <\/div>\n \n\n        <\/div>\n      <\/div>\n\n            \n<style>\n#banner-1484685848 {\n  padding-top: 35vh;\n}\n#banner-1484685848 .bg.bg-loaded {\n  background-image: url(https:\/\/schaumweinkontor.com\/wp-content\/uploads\/2022\/06\/Schaumweinkontor-Header-2000x800-px-1024x410.png);\n}\n<\/style>\n  <\/div>\n\n\n<div class=\"row row-large hide-for-medium\" style=\"max-width:90%\" id=\"row-1274843784\">\n\n\n\t<div id=\"col-1365789372\" class=\"col sortiment-filter medium-4 small-12 large-4\"  >\n\t\t<div class=\"is-sticky-column\" data-sticky-mode=\"javascript\"><div class=\"is-sticky-column__inner\">\t\t<div class=\"col-inner\"  >\n\t\t\t\n\t\t\t\n\n<div class=\"row\"  id=\"row-1304671779\">\n\n\n\t<div id=\"col-959769325\" class=\"col small-12 large-12\"  >\n\t\t\t\t<div class=\"col-inner\"  >\n\t\t\t\n\t\t\t\n\n<div class=\"searchform-wrapper ux-search-box relative is-normal\"><form role=\"search\" method=\"get\" class=\"searchform\" action=\"https:\/\/schaumweinkontor.com\/en\/\">\n\t<div class=\"flex-row relative\">\n\t\t\t\t\t\t<div class=\"flex-col flex-grow\">\n\t\t\t<label class=\"screen-reader-text\" for=\"woocommerce-product-search-field-0\">Search for:<\/label>\n\t\t\t<input type=\"search\" id=\"woocommerce-product-search-field-0\" class=\"search-field mb-0\" placeholder=\"Search&hellip;\" value=\"\" name=\"s\" \/>\n\t\t\t<input type=\"hidden\" name=\"post_type\" value=\"product\" \/>\n\t\t\t\t\t\t\t<input type=\"hidden\" name=\"lang\" value=\"en\" \/>\n\t\t\t\t\t<\/div>\n\t\t<div class=\"flex-col\">\n\t\t\t<button type=\"submit\" value=\"Search\" class=\"ux-search-submit submit-button secondary button  icon mb-0\" aria-label=\"Submit\">\n\t\t\t\t<i class=\"icon-search\" ><\/i>\t\t\t<\/button>\n\t\t<\/div>\n\t<\/div>\n\t<div class=\"live-search-results text-left z-top\"><\/div>\n<\/form>\n<\/div>\n\n\n\t\t<\/div>\n\t\t\t\t\n<style>\n#col-959769325 > .col-inner {\n  padding: 5px 0px 5px 0px;\n}\n<\/style>\n\t<\/div>\n\n\t\n\n<\/div>\n<div class=\"row row-collapse row-full-width align-middle align-center\"  id=\"row-1097380924\">\n\n\n\t<div id=\"col-1944957927\" class=\"col small-12 large-12\"  >\n\t\t\t\t<div class=\"col-inner\"  >\n\t\t\t\n\t\t\t\n\n<h4 style=\"text-align: center;\"><span style=\"color: #b79549;\"><a class=\"uppercase\" style=\"color: #b79549;\" href=\"#Deutschland\" data-line-height=\"xs\">Germany<\/a><\/span><\/h4>\n<div class=\"accordion\">\n\n\t<div id=\"accordion-1330549701\" class=\"accordion-item\">\n\t\t<a id=\"accordion-1330549701-label\" class=\"accordion-title plain\" href=\"#accordion-item-sekt_bottle_fermentation\" aria-expanded=\"false\" aria-controls=\"accordion-1330549701-content\" >\n\t\t\t<button class=\"toggle\" aria-label=\"Toggle\"><i class=\"icon-angle-down\"><\/i><\/button>\n\t\t\t<span>Sekt bottle fermentation<\/span>\n\t\t<\/a>\n\t\t<div id=\"accordion-1330549701-content\" class=\"accordion-inner\" aria-labelledby=\"accordion-1330549701-label\" >\n\t\t\t\n\n<h5 data-line-height=\"xs\"><a href=\"#vaux\" data-line-height=\"m\">Schloss Vaux<\/a><\/h5>\n\n\t\t<\/div>\n\t<\/div>\n\t\n\n<\/div>\n\n\t\t<\/div>\n\t\t\t\t\t<\/div>\n\n\t\n\n<\/div>\n<div class=\"is-divider divider clearfix\" style=\"max-width:100px;background-color:rgb(255, 255, 255);\"><\/div>\n\n<div class=\"row row-collapse row-full-width align-middle align-center\"  id=\"row-1665105597\">\n\n\n\t<div id=\"col-590524284\" class=\"col small-12 large-12\"  >\n\t\t\t\t<div class=\"col-inner\"  >\n\t\t\t\n\t\t\t\n\n<h4 style=\"text-align: center;\" data-line-height=\"xs\"><span style=\"color: #b79549;\"><a class=\"uppercase\" style=\"color: #b79549;\" href=\"#Frankreich\">France<\/a><\/span><\/h4>\n<div class=\"accordion\">\n\n\t<div id=\"accordion-2758078803\" class=\"accordion-item\">\n\t\t<a id=\"accordion-2758078803-label\" class=\"accordion-title plain\" href=\"#accordion-item-champagne\" aria-expanded=\"false\" aria-controls=\"accordion-2758078803-content\" >\n\t\t\t<button class=\"toggle\" aria-label=\"Toggle\"><i class=\"icon-angle-down\"><\/i><\/button>\n\t\t\t<span>Champagne<\/span>\n\t\t<\/a>\n\t\t<div id=\"accordion-2758078803-content\" class=\"accordion-inner\" aria-labelledby=\"accordion-2758078803-label\" >\n\t\t\t\n\n<h5 data-line-height=\"m\"><a href=\"#dremont\">Dr\u00e9mont-Marroy<\/a><\/h5>\n<h5 data-line-height=\"m\"><a href=\"#etienne\">Etienne Oudart Champagne<\/a><\/h5>\n<h5 data-line-height=\"m\"><a href=\"#delouvin\">Fam. Delouvin Champagne<\/a><\/h5>\n<h5 data-line-height=\"m\"><a href=\"#guy\">Domaine Mea<\/a><\/h5>\n\n\n\t\t<\/div>\n\t<\/div>\n\t\n\t<div id=\"accordion-3332110977\" class=\"accordion-item\">\n\t\t<a id=\"accordion-3332110977-label\" class=\"accordion-title plain\" href=\"#accordion-item-cremant\" aria-expanded=\"false\" aria-controls=\"accordion-3332110977-content\" >\n\t\t\t<button class=\"toggle\" aria-label=\"Toggle\"><i class=\"icon-angle-down\"><\/i><\/button>\n\t\t\t<span>Cremant<\/span>\n\t\t<\/a>\n\t\t<div id=\"accordion-3332110977-content\" class=\"accordion-inner\" aria-labelledby=\"accordion-3332110977-label\" >\n\t\t\t\n\n<h5 data-line-height=\"m\"><a href=\"#LouisVallon\">Louis Vallon<\/a><\/h5>\n<h5 data-line-height=\"xs\"><a href=\"#aguila\" data-line-height=\"m\">Aguila<\/a><\/h5>\n<h5 data-line-height=\"xs\"><a href=\"#DomaineDeRonces\" data-line-height=\"m\">Domaine de Ronces<\/a><\/h5>\n<h5 data-line-height=\"m\"><a href=\"#sainchargny\">Sainchargny<\/a><\/h5>\n\n\n\t\t<\/div>\n\t<\/div>\n\t\n\n<\/div>\n\n\t\t<\/div>\n\t\t\t\t\t<\/div>\n\n\t\n\n<\/div>\n<div class=\"is-divider divider clearfix\" style=\"max-width:100px;background-color:rgb(255, 255, 255);\"><\/div>\n\n<div class=\"row row-collapse row-full-width align-middle align-center\"  id=\"row-2027657170\">\n\n\n\t<div id=\"col-1035846496\" class=\"col small-12 large-12\"  >\n\t\t\t\t<div class=\"col-inner\"  >\n\t\t\t\n\t\t\t\n\n<h4 style=\"text-align: center;\" data-line-height=\"xs\"><span style=\"color: #b79549;\"><a class=\"uppercase\" style=\"color: #b79549;\" href=\"#Italien\">Italy<\/a><\/span><\/h4>\n<div class=\"accordion\">\n\n\t<div id=\"accordion-3223467723\" class=\"accordion-item\">\n\t\t<a id=\"accordion-3223467723-label\" class=\"accordion-title plain\" href=\"#accordion-item-prosecco\" aria-expanded=\"false\" aria-controls=\"accordion-3223467723-content\" >\n\t\t\t<button class=\"toggle\" aria-label=\"Toggle\"><i class=\"icon-angle-down\"><\/i><\/button>\n\t\t\t<span>Prosecco<\/span>\n\t\t<\/a>\n\t\t<div id=\"accordion-3223467723-content\" class=\"accordion-inner\" aria-labelledby=\"accordion-3223467723-label\" >\n\t\t\t\n\n<h5 data-line-height=\"m\"><a href=\"#fantinel-prosecco\">Fantinel DOC<\/a><\/h5>\n<h5 data-line-height=\"m\"><a href=\"#rocca-prosecco\">Rocca dei Forti DOC<\/a><\/h5>\n<h5 data-line-height=\"m\"><a href=\"#goddess\">Sun Goddess DOC<\/a><\/h5>\n<h5><span style=\"font-size: 100%;\"><a href=\"#vigne-matte\">Vigne Matte DOCG<\/a><\/span><\/h5>\n<h5><span style=\"font-size: 100%;\"><a href=\"#varaschin\">Varaschin DOCG<\/a><\/span><\/h5>\n\n\t\t<\/div>\n\t<\/div>\n\t\n\t<div id=\"accordion-1488297991\" class=\"accordion-item\">\n\t\t<a id=\"accordion-1488297991-label\" class=\"accordion-title plain\" href=\"#accordion-item-spumante\" aria-expanded=\"false\" aria-controls=\"accordion-1488297991-content\" >\n\t\t\t<button class=\"toggle\" aria-label=\"Toggle\"><i class=\"icon-angle-down\"><\/i><\/button>\n\t\t\t<span>Spumante<\/span>\n\t\t<\/a>\n\t\t<div id=\"accordion-1488297991-content\" class=\"accordion-inner\" aria-labelledby=\"accordion-1488297991-label\" >\n\t\t\t\n\n<h5><a href=\"#rocca-spumante\" data-line-height=\"m\">Rocca dei Forti<\/a><\/h5>\n<h5 data-line-height=\"m\"><a href=\"#pratello\">Pratello<\/a><\/h5>\n<h5 data-line-height=\"m\"><a href=\"#fantinel-spumante\">Fantinel<\/a><\/h5>\n<h5 data-line-height=\"m\"><a href=\"#ceci-spumante\">Ceci<\/a><\/h5>\n<h5 data-line-height=\"m\"><a href=\"#sandago\">Col Sandago<\/a><\/h5>\n<h5><span style=\"font-size: 100%;\"><a href=\"#simone\">Villa<\/a><a href=\"#simone\"> Simone<\/a><\/span><\/h5>\n\n\t\t<\/div>\n\t<\/div>\n\t\n\t<div id=\"accordion-3887158417\" class=\"accordion-item\">\n\t\t<a id=\"accordion-3887158417-label\" class=\"accordion-title plain\" href=\"#accordion-item-franciacorta\" aria-expanded=\"false\" aria-controls=\"accordion-3887158417-content\" >\n\t\t\t<button class=\"toggle\" aria-label=\"Toggle\"><i class=\"icon-angle-down\"><\/i><\/button>\n\t\t\t<span>Franciacorta<\/span>\n\t\t<\/a>\n\t\t<div id=\"accordion-3887158417-content\" class=\"accordion-inner\" aria-labelledby=\"accordion-3887158417-label\" >\n\t\t\t\n\n<h5 data-line-height=\"m\"><a href=\"#villa\">Villa Franciacorta<\/a><\/h5>\n<h5 data-line-height=\"m\"><a href=\"#montina\">La Montina Franciacorta<\/a><\/h5>\n<h5 data-line-height=\"m\"><a href=\"#barone\">Barone Pizzini<\/a><\/h5>\n<\/h5>\n<h5 data-line-height=\"m\"><a href=\"#muratori-franciacorta\">Muratori Franciacorta<\/a><\/h5>\n<h5 data-line-height=\"m\"><a href=\"#la-torre\">La Torre Franciacorta<\/a><\/h5>\n\n\t\t<\/div>\n\t<\/div>\n\t\n\t<div id=\"accordion-2693983052\" class=\"accordion-item\">\n\t\t<a id=\"accordion-2693983052-label\" class=\"accordion-title plain\" href=\"#accordion-item-lambrusco\" aria-expanded=\"false\" aria-controls=\"accordion-2693983052-content\" >\n\t\t\t<button class=\"toggle\" aria-label=\"Toggle\"><i class=\"icon-angle-down\"><\/i><\/button>\n\t\t\t<span>Lambrusco<\/span>\n\t\t<\/a>\n\t\t<div id=\"accordion-2693983052-content\" class=\"accordion-inner\" aria-labelledby=\"accordion-2693983052-label\" >\n\t\t\t\n\n<h5><a href=\"#ceci-lambrusco\" data-line-height=\"m\">Ceci<\/a><\/h5>\n\n\t\t<\/div>\n\t<\/div>\n\t\n\n<\/div>\n\t<div id=\"text-1453936558\" class=\"text sonstiges-filter-text-hover\">\n\t\t\n\n<p><span style=\"color: #282828; font-size: 90%;\"><a style=\"color: #282828;\" href=\"#sonstiges-italia\">&nbsp; &nbsp; &nbsp; &nbsp; &nbsp;Other<\/a><\/span><\/p>\n\t\t\t<\/div>\n\t\n\n\t\t<\/div>\n\t\t\t\t\t<\/div>\n\n\t\n\n<\/div>\n<div class=\"row row-collapse row-full-width align-middle align-center\"  id=\"row-1323170379\">\n\n\n\t<div id=\"col-1940973669\" class=\"col small-12 large-12\"  >\n\t\t\t\t<div class=\"col-inner\"  >\n\t\t\t\n\t\t\t\n\n<h4 style=\"text-align: center;\" data-line-height=\"xs\"><span style=\"color: #b79549;\"><a class=\"uppercase\" style=\"color: #b79549;\" href=\"#Austria\">Austria<\/a><\/span><\/h4>\n<div class=\"accordion\">\n\n\t<div id=\"accordion-3654727540\" class=\"accordion-item\">\n\t\t<a id=\"accordion-3654727540-label\" class=\"accordion-title plain\" href=\"#accordion-item-sparkling_wine_bottle_fermentation\" aria-expanded=\"false\" aria-controls=\"accordion-3654727540-content\" >\n\t\t\t<button class=\"toggle\" aria-label=\"Toggle\"><i class=\"icon-angle-down\"><\/i><\/button>\n\t\t\t<span>Sparkling wine bottle fermentation<\/span>\n\t\t<\/a>\n\t\t<div id=\"accordion-3654727540-content\" class=\"accordion-inner\" aria-labelledby=\"accordion-3654727540-label\" >\n\t\t\t\n\n<h5 data-line-height=\"xs\"><a href=\"#sekt-christina\" data-line-height=\"m\">Christina Hugl<\/a><\/h5>\n<h5 data-line-height=\"xs\"><a href=\"#hardegg\" data-line-height=\"m\">Graf Hardegg<\/a><\/h5>\n<\/h5>\n<h5 data-line-height=\"xs\"><a href=\"#loimer\" data-line-height=\"m\">Loimer<\/a><\/h5>\n\n\t\t<\/div>\n\t<\/div>\n\t\n\t<div id=\"accordion-2764533120\" class=\"accordion-item\">\n\t\t<a id=\"accordion-2764533120-label\" class=\"accordion-title plain\" href=\"#accordion-item-sparkling_wine\" aria-expanded=\"false\" aria-controls=\"accordion-2764533120-content\" >\n\t\t\t<button class=\"toggle\" aria-label=\"Toggle\"><i class=\"icon-angle-down\"><\/i><\/button>\n\t\t\t<span>Sparkling wine<\/span>\n\t\t<\/a>\n\t\t<div id=\"accordion-2764533120-content\" class=\"accordion-inner\" aria-labelledby=\"accordion-2764533120-label\" >\n\t\t\t\n\n<p><!-- \n\n\n\n\n\n\n\n\n\n\n\n\n\n\n\n\n\n\n\n<h5 data-line-height=\"m\"><a href=\"#julius-schaum\">Julius Klein<\/a><\/h5>\n\n\n\n\n\n\n\n\n\n\n\n\n\n\n\n\n\n\n\n\n\n\n\n\n\n\n\n\n\n\n\n\n\n\n\n\n\n\n\n\n\n\n\n\n\n\n\n\n\n\n\n\n\n\n\n\n\n\n\n\n\n\n\n\n\n\n\n\n\n\n\n\n\n\n\n\n\n\n\n\n\n\n\n\n\n\n\n\n\n\n\n\n\n\n\n\n\n\n\n\n\n\n\n\n\n\n\n\n\n\n\n\n\n\n\n\n\n\n\n\n\n\n\n\n\n\n\n\n\n\n\n\n\n\n\n\n\n\n\n\n\n\n\n\n\n\n\n\n\n\n\n\n\n\n\n\n\n\n\n\n\n\n\n\n\n\n\n\n\n--><\/p>\n<h5><a href=\"#julius\">Julius Klein<\/a><\/h5>\n<h5 data-line-height=\"xs\"><a href=\"#hoch-schaum\" data-line-height=\"m\">Christoph Hoch<\/a><\/h5>\n\n\t\t<\/div>\n\t<\/div>\n\t\n\t<div id=\"accordion-1473872496\" class=\"accordion-item\">\n\t\t<a id=\"accordion-1473872496-label\" class=\"accordion-title plain\" href=\"#accordion-item-pet-nat\" aria-expanded=\"false\" aria-controls=\"accordion-1473872496-content\" >\n\t\t\t<button class=\"toggle\" aria-label=\"Toggle\"><i class=\"icon-angle-down\"><\/i><\/button>\n\t\t\t<span>Pet-Nat<\/span>\n\t\t<\/a>\n\t\t<div id=\"accordion-1473872496-content\" class=\"accordion-inner\" aria-labelledby=\"accordion-1473872496-label\" >\n\t\t\t\n\n<h5 data-line-height=\"m\"><a href=\"#pet-christina\">Christina Hugl<\/a><\/h5>\n<h5 data-line-height=\"xs\"><a href=\"#hoch-pet\" data-line-height=\"m\">Christoph Hoch<\/a><\/h5>\n\n\t\t<\/div>\n\t<\/div>\n\t\n\n<\/div>\n\n\t\t<\/div>\n\t\t\t\t\t<\/div>\n\n\t\n\n<\/div>\n<div class=\"is-divider divider clearfix\" style=\"max-width:100px;background-color:rgb(255, 255, 255);\"><\/div>\n\n<div class=\"row row-collapse row-full-width align-middle align-center\"  id=\"row-1789509714\">\n\n\n\t<div id=\"col-508617822\" class=\"col small-12 large-12\"  >\n\t\t\t\t<div class=\"col-inner\"  >\n\t\t\t\n\t\t\t\n\n<h4 style=\"text-align: center;\" data-line-height=\"xs\"><span style=\"color: #b79549;\"><a class=\"uppercase\" style=\"color: #b79549;\" href=\"#Spanien\">Spain<\/a><\/span><\/h4>\n<div class=\"accordion\">\n\n\t<div id=\"accordion-1262614768\" class=\"accordion-item\">\n\t\t<a id=\"accordion-1262614768-label\" class=\"accordion-title plain\" href=\"#accordion-item-corpinnat\" aria-expanded=\"false\" aria-controls=\"accordion-1262614768-content\" >\n\t\t\t<button class=\"toggle\" aria-label=\"Toggle\"><i class=\"icon-angle-down\"><\/i><\/button>\n\t\t\t<span>Corpinnat<\/span>\n\t\t<\/a>\n\t\t<div id=\"accordion-1262614768-content\" class=\"accordion-inner\" aria-labelledby=\"accordion-1262614768-label\" >\n\t\t\t\n\n<h5 data-line-height=\"m\"><a href=\"#castellroig\">Castellroig<\/a><\/h5>\n<h5><span style=\"font-size: 100%;\"><a href=\"#feixes\">Huguet de Can Feixes<\/a><\/span><\/h5>\n\n\t\t<\/div>\n\t<\/div>\n\t\n\n<\/div>\n<div class=\"accordion\">\n\n\t<div id=\"accordion-3057423651\" class=\"accordion-item\">\n\t\t<a id=\"accordion-3057423651-label\" class=\"accordion-title plain\" href=\"#accordion-item-cava\" aria-expanded=\"false\" aria-controls=\"accordion-3057423651-content\" >\n\t\t\t<button class=\"toggle\" aria-label=\"Toggle\"><i class=\"icon-angle-down\"><\/i><\/button>\n\t\t\t<span>Cava<\/span>\n\t\t<\/a>\n\t\t<div id=\"accordion-3057423651-content\" class=\"accordion-inner\" aria-labelledby=\"accordion-3057423651-label\" >\n\t\t\t\n\n<h5 data-line-height=\"m\"><a href=\"#cava\">Torre del Gall<\/a><\/h5>\n<h5 data-line-height=\"m\"><a href=\"#masia\">Masia<\/a><\/h5>\n\n\t\t<\/div>\n\t<\/div>\n\t\n\n<\/div>\n\n\t\t<\/div>\n\t\t\t\t\t<\/div>\n\n\t\n\n<\/div>\n<div class=\"is-divider divider clearfix\" style=\"max-width:100px;background-color:rgb(255, 255, 255);\"><\/div>\n\n<div class=\"row row-collapse row-full-width align-middle align-center\"  id=\"row-452288949\">\n\n\n\t<div id=\"col-1574966418\" class=\"col small-12 large-12\"  >\n\t\t\t\t<div class=\"col-inner\"  >\n\t\t\t\n\t\t\t\n\n<h4 style=\"text-align: center;\" data-line-height=\"xs\"><span style=\"color: #b79549;\"><a class=\"uppercase\" style=\"color: #b79549;\" href=\"#England\">England<\/a><\/span><\/h4>\n<div class=\"accordion\">\n\n\t<div id=\"accordion-3092987528\" class=\"accordion-item\">\n\t\t<a id=\"accordion-3092987528-label\" class=\"accordion-title plain\" href=\"#accordion-item-sparkling_wine\" aria-expanded=\"false\" aria-controls=\"accordion-3092987528-content\" >\n\t\t\t<button class=\"toggle\" aria-label=\"Toggle\"><i class=\"icon-angle-down\"><\/i><\/button>\n\t\t\t<span>Sparkling Wine<\/span>\n\t\t<\/a>\n\t\t<div id=\"accordion-3092987528-content\" class=\"accordion-inner\" aria-labelledby=\"accordion-3092987528-label\" >\n\t\t\t\n\n<h5 data-line-height=\"m\"><a href=\"#HattingleyValley\">Hattingley Valley<\/a><\/h5>\n\n\t\t<\/div>\n\t<\/div>\n\t\n\n<\/div>\n\n\t\t<\/div>\n\t\t\t\t\t<\/div>\n\n\t\n\n<\/div>\n<div class=\"is-divider divider clearfix\" style=\"max-width:100px;background-color:rgb(255, 255, 255);\"><\/div>\n\n<div class=\"row row-collapse row-full-width align-middle align-center\"  id=\"row-986403315\">\n\n\n\t<div id=\"col-1237291765\" class=\"col small-12 large-12\"  >\n\t\t\t\t<div class=\"col-inner\"  >\n\t\t\t\n\t\t\t\n\n<h4 style=\"text-align: center;\" data-line-height=\"xs\"><span style=\"color: #b79549;\"><a class=\"uppercase\" style=\"color: #b79549;\" href=\"#Lithuania\">Lithuania<\/a><\/span><\/h4>\n<div class=\"accordion\">\n\n\t<div id=\"accordion-3721351557\" class=\"accordion-item\">\n\t\t<a id=\"accordion-3721351557-label\" class=\"accordion-title plain\" href=\"#accordion-item-sparkling_tea\" aria-expanded=\"false\" aria-controls=\"accordion-3721351557-content\" >\n\t\t\t<button class=\"toggle\" aria-label=\"Toggle\"><i class=\"icon-angle-down\"><\/i><\/button>\n\t\t\t<span>Sparkling Tea<\/span>\n\t\t<\/a>\n\t\t<div id=\"accordion-3721351557-content\" class=\"accordion-inner\" aria-labelledby=\"accordion-3721351557-label\" >\n\t\t\t\n\n<h5 data-line-height=\"m\"><a href=\"#Acala\">Acala<\/a><\/h5>\n\n\t\t<\/div>\n\t<\/div>\n\t\n\n<\/div>\n\n\t\t<\/div>\n\t\t\t\t\t<\/div>\n\n\t\n\n<\/div>\n<div class=\"is-divider divider clearfix\" style=\"max-width:100px;background-color:rgb(255, 255, 255);\"><\/div>\n\n<div class=\"row row-collapse row-full-width align-middle align-center\"  id=\"row-2118646257\">\n\n\n\t<div id=\"col-287911499\" class=\"col small-12 large-12\"  >\n\t\t\t\t<div class=\"col-inner\"  >\n\t\t\t\n\t\t\t\n\n<h4 style=\"text-align: center;\" data-line-height=\"xs\"><span style=\"color: #b79549;\"><a class=\"uppercase\" style=\"color: #b79549;\" href=\"#sonderformate\">special formats<\/a><\/span><\/h4>\n<div class=\"accordion\">\n\n\t<div id=\"accordion-3174307723\" class=\"accordion-item\">\n\t\t<a id=\"accordion-3174307723-label\" class=\"accordion-title plain\" href=\"#accordion-item-franciacorta\" aria-expanded=\"false\" aria-controls=\"accordion-3174307723-content\" >\n\t\t\t<button class=\"toggle\" aria-label=\"Toggle\"><i class=\"icon-angle-down\"><\/i><\/button>\n\t\t\t<span>Franciacorta<\/span>\n\t\t<\/a>\n\t\t<div id=\"accordion-3174307723-content\" class=\"accordion-inner\" aria-labelledby=\"accordion-3174307723-label\" >\n\t\t\t\n\n<h5 data-line-height=\"m\"><a href=\"#sonder-montina\">La Montina Franciacorta<\/a><\/h5>\n<h5 data-line-height=\"ms\"><a href=\"#sonder-villa\" data-line-height=\"m\">Villa Franciacorta<\/a><\/h5>\n<h5 data-line-height=\"m\"><a href=\"#muratori-franciacorta-sonderformate\" data-line-height=\"m\">Muratori Franciacorta<\/a><\/h5>\n\n\t\t<\/div>\n\t<\/div>\n\t\n\t<div id=\"accordion-1668253027\" class=\"accordion-item\">\n\t\t<a id=\"accordion-1668253027-label\" class=\"accordion-title plain\" href=\"#accordion-item-champagne\" aria-expanded=\"false\" aria-controls=\"accordion-1668253027-content\" >\n\t\t\t<button class=\"toggle\" aria-label=\"Toggle\"><i class=\"icon-angle-down\"><\/i><\/button>\n\t\t\t<span>Champagne<\/span>\n\t\t<\/a>\n\t\t<div id=\"accordion-1668253027-content\" class=\"accordion-inner\" aria-labelledby=\"accordion-1668253027-label\" >\n\t\t\t\n\n<h5 data-line-height=\"m\"><a href=\"#sonder-etienne\">Etienne Oudart Champagne<\/a><\/h5>\n<h5 data-line-height=\"m\"><a href=\"#sonder-guy\">Guy Mea Champagne<\/a><\/h5>\n\n\t\t<\/div>\n\t<\/div>\n\t\n\t<div id=\"accordion-7713605\" class=\"accordion-item\">\n\t\t<a id=\"accordion-7713605-label\" class=\"accordion-title plain\" href=\"#accordion-item-sekt_bottle_fermentation\" aria-expanded=\"false\" aria-controls=\"accordion-7713605-content\" >\n\t\t\t<button class=\"toggle\" aria-label=\"Toggle\"><i class=\"icon-angle-down\"><\/i><\/button>\n\t\t\t<span>Sekt bottle fermentation<\/span>\n\t\t<\/a>\n\t\t<div id=\"accordion-7713605-content\" class=\"accordion-inner\" aria-labelledby=\"accordion-7713605-label\" >\n\t\t\t\n\n<h5 data-line-height=\"xs\"><a href=\"#sonder-hugl\" data-line-height=\"m\">Christina Hugl<\/a><\/h5>\n<h5 data-line-height=\"xs\"><a href=\"#sonder-vaux\" data-line-height=\"m\">Schloss Vaux<\/a><\/h5>\n\n\t\t<\/div>\n\t<\/div>\n\t\n\t<div id=\"accordion-3973392697\" class=\"accordion-item\">\n\t\t<a id=\"accordion-3973392697-label\" class=\"accordion-title plain\" href=\"#accordion-item-prosecco\" aria-expanded=\"false\" aria-controls=\"accordion-3973392697-content\" >\n\t\t\t<button class=\"toggle\" aria-label=\"Toggle\"><i class=\"icon-angle-down\"><\/i><\/button>\n\t\t\t<span>Prosecco<\/span>\n\t\t<\/a>\n\t\t<div id=\"accordion-3973392697-content\" class=\"accordion-inner\" aria-labelledby=\"accordion-3973392697-label\" >\n\t\t\t\n\n<h5 data-line-height=\"xs\"><a href=\"#sonder-Vigne\" data-line-height=\"m\">Vigne Matte<\/a><\/h5>\n\n\t\t<\/div>\n\t<\/div>\n\t\n\t<div id=\"accordion-3857134423\" class=\"accordion-item\">\n\t\t<a id=\"accordion-3857134423-label\" class=\"accordion-title plain\" href=\"#accordion-item-sparkling_wine\" aria-expanded=\"false\" aria-controls=\"accordion-3857134423-content\" >\n\t\t\t<button class=\"toggle\" aria-label=\"Toggle\"><i class=\"icon-angle-down\"><\/i><\/button>\n\t\t\t<span>Sparkling Wine<\/span>\n\t\t<\/a>\n\t\t<div id=\"accordion-3857134423-content\" class=\"accordion-inner\" aria-labelledby=\"accordion-3857134423-label\" >\n\t\t\t\n\n<h5 data-line-height=\"xs\"><a href=\"#sonder-Hattingley\" data-line-height=\"m\">Hattingley Valley<\/a><\/h5>\n\n\t\t<\/div>\n\t<\/div>\n\t\n\t<div id=\"accordion-2049339000\" class=\"accordion-item\">\n\t\t<a id=\"accordion-2049339000-label\" class=\"accordion-title plain\" href=\"#accordion-item-spumante\" aria-expanded=\"false\" aria-controls=\"accordion-2049339000-content\" >\n\t\t\t<button class=\"toggle\" aria-label=\"Toggle\"><i class=\"icon-angle-down\"><\/i><\/button>\n\t\t\t<span>Spumante<\/span>\n\t\t<\/a>\n\t\t<div id=\"accordion-2049339000-content\" class=\"accordion-inner\" aria-labelledby=\"accordion-2049339000-label\" >\n\t\t\t\n\n<h5 data-line-height=\"xs\"><a href=\"#sonder-Pratello\" data-line-height=\"m\">Pratello<\/a><\/h5>\n\n\t\t<\/div>\n\t<\/div>\n\t\n\n<\/div>\n\n\t\t<\/div>\n\t\t\t\t\t<\/div>\n\n\t\n\n<\/div>\n<div class=\"row row-collapse row-full-width align-middle align-center\"  id=\"row-1592983330\">\n\n\n\t<div id=\"col-1016856770\" class=\"col small-12 large-12\"  >\n\t\t\t\t<div class=\"col-inner\"  >\n\t\t\t\n\t\t\t\n\n<h4 style=\"text-align: center;\" data-line-height=\"xs\"><span style=\"color: #b79549;\"><a class=\"uppercase\" style=\"color: #b79549;\" href=\"#extratour\"> EXTRA TOUR <\/a><\/span><\/h4>\n\t<div id=\"text-3576647231\" class=\"text\">\n\t\t\n\n<h5 data-line-height=\"m\"><a href=\"#still-mansalto\">Mansalto<\/a><\/h5>\n<h5 data-line-height=\"m\"><a href=\"#still-sancarlo\">San Carlo<\/a><\/h5>\n<h5 data-line-height=\"m\"><a href=\"#still-sungoddess\">Sun Goddess<\/a><\/h5>\n<h5 data-line-height=\"m\"><a href=\"#still-pratello\">Pratello<\/a><\/h5>\n<h5 data-line-height=\"m\"><a href=\"#still-cortedeiventi\">Corte dei Venti<\/a><\/h5>\n\t\t\n<style>\n#text-3576647231 {\n  font-size: 0.85rem;\n}\n<\/style>\n\t<\/div>\n\t\n\n\t\t<\/div>\n\t\t\t\t\t<\/div>\n\n\t\n\n<\/div>\n<div class=\"row row-collapse row-full-width align-middle align-center\"  id=\"row-1722438128\">\n\n\n\t<div id=\"col-574805940\" class=\"col small-12 large-12\"  >\n\t\t\t\t<div class=\"col-inner\"  >\n\t\t\t\n\t\t\t\n\n<h4 style=\"text-align: center;\" data-line-height=\"xs\"><span style=\"color: #b79549;\"><a class=\"uppercase\" style=\"color: #b79549;\" href=\"#gutscheine\">VOUCHERS <\/a><\/span><\/h4>\n\t<div id=\"text-1590269924\" class=\"text\">\n\t\t\n\n<h5 data-line-height=\"m\"><a href=\"#gutscheincode\">Your gift from Schaumweinkontor<\/a><\/h5>\n\t\t\n<style>\n#text-1590269924 {\n  font-size: 0.85rem;\n}\n<\/style>\n\t<\/div>\n\t\n\n\t\t<\/div>\n\t\t\t\t\t<\/div>\n\n\t\n\n<\/div>\n\n\t\t<\/div>\n\t\t<\/div><\/div>\t\t\t<\/div>\n\n\t\n\n\t<div id=\"col-366057915\" class=\"col medium-8 small-12 large-8\"  >\n\t\t\t\t<div class=\"col-inner\"  >\n\t\t\t\n\t\t\t\n\n<div id=\"Deutschland\">\n<div class=\"row row-collapse row-full-width align-middle blau-verlauf hide-for-small\"  id=\"row-727810009\">\n\n\n\t<div id=\"col-974340647\" class=\"col medium-6 small-12 large-6\"  >\n\t\t\t\t<div class=\"col-inner\"  >\n\t\t\t\n\t\t\t\n\n\t<div id=\"text-1497414503\" class=\"text\">\n\t\t\n\n<div id=\"sekt-de\">\n<h2>Germany<\/h2>\n<\/div>\n\n\t\t\n<style>\n#text-1497414503 {\n  font-size: 1.5rem;\n  line-height: 2;\n}\n<\/style>\n\t<\/div>\n\t\n\n\t\t<\/div>\n\t\t\t\t\t<\/div>\n\n\t\n\n\t<div id=\"col-1066837803\" class=\"col medium-6 small-12 large-6\"  >\n\t\t\t\t<div class=\"col-inner\"  >\n\t\t\t\n\t\t\t\n\n<h5 class=\"uppercase\" style=\"text-align: right;\"><span style=\"color: #b79549;\">Sparkling wine bottle fermentation<\/span><\/h5>\n\n\n\t\t<\/div>\n\t\t\t\t\t<\/div>\n\n\t\n\n\n<style>\n#row-727810009 > .col > .col-inner {\n  padding: 0px 20px 0px 20px;\n  border-radius: 74px;\n}\n<\/style>\n<\/div>\n\t<section class=\"section bg_winzer hide-for-small\" id=\"section_1326529675\">\n\t\t<div class=\"bg section-bg fill bg-fill  \" >\n\n\t\t\t\n\t\t\t\n\t\t\t\n\n\t\t<\/div>\n\n\t\t\n\n\t\t<div class=\"section-content relative\">\n\t\t\t\n\n<div class=\"row align-middle align-center\"  id=\"row-730897173\">\n\n\n\t<div id=\"col-1892840682\" class=\"col small-12 large-12\"  >\n\t\t\t\t<div class=\"col-inner\"  >\n\t\t\t\n\t\t\t\n\n<div id=\"vaux\">\n<h2 class=\"uppercase\" style=\"text-align: center;\">Schloss Vaux<\/h2>\n<p>\u00a0<\/p>\n<\/div>\n\n  \n    <div class=\"row margin-auto equalize-box large-columns-3 medium-columns- small-columns-2 row-large has-shadow row-box-shadow-2 row-box-shadow-4-hover\" >\n  \t\n\t     <div class=\"col\" data-animate=\"fadeInUp\">\n\t\t\t\t\t\t<div class=\"col-inner\">\n\t\t\t\t\t\t\n<div class=\"badge-container badge-custom absolute right top z-1\">\n<div class=\"callout badge badge-circle\"><div class=\"badge-inner secondary on-sale\"><span class=\"onsale\">Sale!<\/span><\/div><\/div>\n<\/div>\n\t\t\t\t\t\t<div class=\"product-small box margin-auto has-hover box-normal box-text-bottom\">\n\t\t\t\t\t\t\t<div class=\"box-image\" >\n\t\t\t\t\t\t\t\t<div class=\"\" >\n\t\t\t\t\t\t\t\t\t<a href=\"https:\/\/schaumweinkontor.com\/en\/produkt\/schloss-vaux-riesling-brut-075-l\/\" aria-label=\"Schloss Vaux Riesling Brut 0,75 L\">\n\t\t\t\t\t\t\t\t\t\t<img loading=\"lazy\" decoding=\"async\" width=\"300\" height=\"300\" src=\"https:\/\/schaumweinkontor.com\/wp-content\/uploads\/2022\/06\/Schloss-Vaux-Riesling-Brut-075-L-300x300.png\" class=\"attachment-medium size-medium\" alt=\"Schloss Vaux Riesling Brut 0,75 L\" srcset=\"https:\/\/schaumweinkontor.com\/wp-content\/uploads\/2022\/06\/Schloss-Vaux-Riesling-Brut-075-L-300x300.png 300w, https:\/\/schaumweinkontor.com\/wp-content\/uploads\/2022\/06\/Schloss-Vaux-Riesling-Brut-075-L-100x100.png 100w, https:\/\/schaumweinkontor.com\/wp-content\/uploads\/2022\/06\/Schloss-Vaux-Riesling-Brut-075-L-510x510.png 510w, https:\/\/schaumweinkontor.com\/wp-content\/uploads\/2022\/06\/Schloss-Vaux-Riesling-Brut-075-L-150x150.png 150w, https:\/\/schaumweinkontor.com\/wp-content\/uploads\/2022\/06\/Schloss-Vaux-Riesling-Brut-075-L-768x768.png 768w, https:\/\/schaumweinkontor.com\/wp-content\/uploads\/2022\/06\/Schloss-Vaux-Riesling-Brut-075-L.png 1000w\" sizes=\"auto, (max-width: 300px) 100vw, 300px\" \/>\t\t\t\t\t\t\t\t\t<\/a>\n\t\t\t\t\t\t\t\t\t\t\t\t\t\t\t\t\t\t \t\t\t\t\t\t\t\t<\/div>\n\t\t\t\t\t\t\t\t<div class=\"image-tools top right show-on-hover\">\n\t\t\t\t\t\t\t\t\t\t\t\t\t\t\t\t\t<\/div>\n\t\t\t\t\t\t\t\t\t\t\t\t\t\t\t\t\t<div class=\"image-tools grid-tools text-center hide-for-small bottom hover-slide-in show-on-hover\">\n\t\t\t\t\t\t\t\t\t\t\t\t\t\t\t\t\t\t\t<\/div>\n\t\t\t\t\t\t\t\t\t\t\t\t\t\t\t\t\t\t\t\t\t\t\t<\/div>\n\n\t\t\t\t\t\t\t<div class=\"box-text text-center\" >\n\t\t\t\t\t\t\t\t<div class=\"title-wrapper\">\t\t<p class=\"category uppercase is-smaller no-text-overflow product-cat op-7\">\n\t\t\tSchloss Vaux\t\t<\/p>\n\t<p class=\"name product-title woocommerce-loop-product__title\"><a href=\"https:\/\/schaumweinkontor.com\/en\/produkt\/schloss-vaux-riesling-brut-075-l\/\" class=\"woocommerce-LoopProduct-link woocommerce-loop-product__link\">Schloss Vaux Riesling Brut 0,75 L<\/a><\/p><\/div><div class=\"price-wrapper\">\n\t<span class=\"price\"><del aria-hidden=\"true\"><span class=\"woocommerce-Price-amount amount\" role=\"none\"><bdi><span class=\"woocommerce-Price-currencySymbol\">&euro;<\/span>&nbsp;17,20<\/bdi><\/span><\/del> <span class=\"screen-reader-text\">Original price was: &euro;&nbsp;17,20.<\/span><ins aria-hidden=\"true\"><span class=\"woocommerce-Price-amount amount\" role=\"none\"><bdi><span class=\"woocommerce-Price-currencySymbol\">&euro;<\/span>&nbsp;12,90<\/bdi><\/span><\/ins><span class=\"screen-reader-text\">Current price is: &euro;&nbsp;12,90.<\/span> <small class=\"woocommerce-price-suffix\">inkl. MwSt.<\/small><\/span>\n<\/div><div class=\"add-to-cart-button\"><a href=\"\/en\/wp-json\/wp\/v2\/pages\/4628?add-to-cart=4766\" aria-describedby=\"woocommerce_loop_add_to_cart_link_describedby_4766\" data-quantity=\"1\" class=\"primary is-small mb-0 button product_type_simple add_to_cart_button ajax_add_to_cart is-outline\" data-product_id=\"4766\" data-product_sku=\"100300249\" aria-label=\"Add to cart: &ldquo;Schloss Vaux Riesling Brut 0,75 L&rdquo;\" rel=\"nofollow\" data-success_message=\"&ldquo;Schloss Vaux Riesling Brut 0,75 L&rdquo; has been added to your cart\" role=\"button\">Add to cart<\/a><\/div>\t<span id=\"woocommerce_loop_add_to_cart_link_describedby_4766\" class=\"screen-reader-text\">\n\t\t\t<\/span>\n\t\t\t\t\t\t\t<\/div>\n\t\t\t\t\t\t<\/div>\n\t\t\t\t\t\t<\/div>\n\t\t\t\t\t<\/div><div class=\"col\" data-animate=\"fadeInUp\">\n\t\t\t\t\t\t<div class=\"col-inner\">\n\t\t\t\t\t\t\n<div class=\"badge-container badge-custom absolute right top z-1\">\n\n<\/div>\n\t\t\t\t\t\t<div class=\"product-small box margin-auto has-hover box-normal box-text-bottom\">\n\t\t\t\t\t\t\t<div class=\"box-image\" >\n\t\t\t\t\t\t\t\t<div class=\"\" >\n\t\t\t\t\t\t\t\t\t<a href=\"https:\/\/schaumweinkontor.com\/en\/produkt\/schloss-vaux-cuvee-brut-075-l\/\" aria-label=\"Schloss Vaux Cuv\u00e9e Brut 0,75 L\">\n\t\t\t\t\t\t\t\t\t\t<img loading=\"lazy\" decoding=\"async\" width=\"300\" height=\"300\" src=\"https:\/\/schaumweinkontor.com\/wp-content\/uploads\/2022\/06\/Schloss-Vaux-Cuvee-Brut-075-L-300x300.png\" class=\"attachment-medium size-medium\" alt=\"Schloss Vaux Cuv\u00e9e Brut 0,75 L\" srcset=\"https:\/\/schaumweinkontor.com\/wp-content\/uploads\/2022\/06\/Schloss-Vaux-Cuvee-Brut-075-L-300x300.png 300w, https:\/\/schaumweinkontor.com\/wp-content\/uploads\/2022\/06\/Schloss-Vaux-Cuvee-Brut-075-L-100x100.png 100w, https:\/\/schaumweinkontor.com\/wp-content\/uploads\/2022\/06\/Schloss-Vaux-Cuvee-Brut-075-L-510x510.png 510w, https:\/\/schaumweinkontor.com\/wp-content\/uploads\/2022\/06\/Schloss-Vaux-Cuvee-Brut-075-L-150x150.png 150w, https:\/\/schaumweinkontor.com\/wp-content\/uploads\/2022\/06\/Schloss-Vaux-Cuvee-Brut-075-L-768x768.png 768w, https:\/\/schaumweinkontor.com\/wp-content\/uploads\/2022\/06\/Schloss-Vaux-Cuvee-Brut-075-L.png 1000w\" sizes=\"auto, (max-width: 300px) 100vw, 300px\" \/>\t\t\t\t\t\t\t\t\t<\/a>\n\t\t\t\t\t\t\t\t\t\t\t\t\t\t\t\t\t\t \t\t\t\t\t\t\t\t<\/div>\n\t\t\t\t\t\t\t\t<div class=\"image-tools top right show-on-hover\">\n\t\t\t\t\t\t\t\t\t\t\t\t\t\t\t\t\t<\/div>\n\t\t\t\t\t\t\t\t\t\t\t\t\t\t\t\t\t<div class=\"image-tools grid-tools text-center hide-for-small bottom hover-slide-in show-on-hover\">\n\t\t\t\t\t\t\t\t\t\t\t\t\t\t\t\t\t\t\t<\/div>\n\t\t\t\t\t\t\t\t\t\t\t\t\t\t\t\t\t\t\t\t\t\t\t<\/div>\n\n\t\t\t\t\t\t\t<div class=\"box-text text-center\" >\n\t\t\t\t\t\t\t\t<div class=\"title-wrapper\">\t\t<p class=\"category uppercase is-smaller no-text-overflow product-cat op-7\">\n\t\t\tSchloss Vaux\t\t<\/p>\n\t<p class=\"name product-title woocommerce-loop-product__title\"><a href=\"https:\/\/schaumweinkontor.com\/en\/produkt\/schloss-vaux-cuvee-brut-075-l\/\" class=\"woocommerce-LoopProduct-link woocommerce-loop-product__link\">Schloss Vaux Cuv\u00e9e Brut 0,75 L<\/a><\/p><\/div><div class=\"price-wrapper\">\n\t<span class=\"price\"><span class=\"woocommerce-Price-amount amount\" role=\"none\"><bdi><span class=\"woocommerce-Price-currencySymbol\">&euro;<\/span>&nbsp;17,20<\/bdi><\/span> <small class=\"woocommerce-price-suffix\">inkl. MwSt.<\/small><\/span>\n<\/div><div class=\"add-to-cart-button\"><a href=\"\/en\/wp-json\/wp\/v2\/pages\/4628?add-to-cart=4769\" aria-describedby=\"woocommerce_loop_add_to_cart_link_describedby_4769\" data-quantity=\"1\" class=\"primary is-small mb-0 button product_type_simple add_to_cart_button ajax_add_to_cart is-outline\" data-product_id=\"4769\" data-product_sku=\"100300246\" aria-label=\"Add to cart: &ldquo;Schloss Vaux Cuv\u00e9e Brut 0,75 L&rdquo;\" rel=\"nofollow\" data-success_message=\"&ldquo;Schloss Vaux Cuv\u00e9e Brut 0,75 L&rdquo; has been added to your cart\" role=\"button\">Add to cart<\/a><\/div>\t<span id=\"woocommerce_loop_add_to_cart_link_describedby_4769\" class=\"screen-reader-text\">\n\t\t\t<\/span>\n\t\t\t\t\t\t\t<\/div>\n\t\t\t\t\t\t<\/div>\n\t\t\t\t\t\t<\/div>\n\t\t\t\t\t<\/div><div class=\"col\" data-animate=\"fadeInUp\">\n\t\t\t\t\t\t<div class=\"col-inner\">\n\t\t\t\t\t\t\n<div class=\"badge-container badge-custom absolute right top z-1\">\n\n<\/div>\n\t\t\t\t\t\t<div class=\"product-small box margin-auto has-hover box-normal box-text-bottom\">\n\t\t\t\t\t\t\t<div class=\"box-image\" >\n\t\t\t\t\t\t\t\t<div class=\"\" >\n\t\t\t\t\t\t\t\t\t<a href=\"https:\/\/schaumweinkontor.com\/en\/produkt\/schloss-vaux-rose-brut-075-l\/\" aria-label=\"Schloss Vaux Ros\u00e9 Brut 0,75 L\">\n\t\t\t\t\t\t\t\t\t\t<img loading=\"lazy\" decoding=\"async\" width=\"300\" height=\"300\" src=\"https:\/\/schaumweinkontor.com\/wp-content\/uploads\/2022\/06\/Schloss-Vaux-Rose-Brut-075-L-300x300.png\" class=\"attachment-medium size-medium\" alt=\"Schloss Vaux Ros\u00e9 Brut 0,75 L\" srcset=\"https:\/\/schaumweinkontor.com\/wp-content\/uploads\/2022\/06\/Schloss-Vaux-Rose-Brut-075-L-300x300.png 300w, https:\/\/schaumweinkontor.com\/wp-content\/uploads\/2022\/06\/Schloss-Vaux-Rose-Brut-075-L-100x100.png 100w, https:\/\/schaumweinkontor.com\/wp-content\/uploads\/2022\/06\/Schloss-Vaux-Rose-Brut-075-L-510x510.png 510w, https:\/\/schaumweinkontor.com\/wp-content\/uploads\/2022\/06\/Schloss-Vaux-Rose-Brut-075-L-150x150.png 150w, https:\/\/schaumweinkontor.com\/wp-content\/uploads\/2022\/06\/Schloss-Vaux-Rose-Brut-075-L-768x768.png 768w, https:\/\/schaumweinkontor.com\/wp-content\/uploads\/2022\/06\/Schloss-Vaux-Rose-Brut-075-L.png 1000w\" sizes=\"auto, (max-width: 300px) 100vw, 300px\" \/>\t\t\t\t\t\t\t\t\t<\/a>\n\t\t\t\t\t\t\t\t\t\t\t\t\t\t\t\t\t\t \t\t\t\t\t\t\t\t<\/div>\n\t\t\t\t\t\t\t\t<div class=\"image-tools top right show-on-hover\">\n\t\t\t\t\t\t\t\t\t\t\t\t\t\t\t\t\t<\/div>\n\t\t\t\t\t\t\t\t\t\t\t\t\t\t\t\t\t<div class=\"image-tools grid-tools text-center hide-for-small bottom hover-slide-in show-on-hover\">\n\t\t\t\t\t\t\t\t\t\t\t\t\t\t\t\t\t\t\t<\/div>\n\t\t\t\t\t\t\t\t\t\t\t\t\t\t\t\t\t\t\t\t\t\t\t<\/div>\n\n\t\t\t\t\t\t\t<div class=\"box-text text-center\" >\n\t\t\t\t\t\t\t\t<div class=\"title-wrapper\">\t\t<p class=\"category uppercase is-smaller no-text-overflow product-cat op-7\">\n\t\t\tSchloss Vaux\t\t<\/p>\n\t<p class=\"name product-title woocommerce-loop-product__title\"><a href=\"https:\/\/schaumweinkontor.com\/en\/produkt\/schloss-vaux-rose-brut-075-l\/\" class=\"woocommerce-LoopProduct-link woocommerce-loop-product__link\">Schloss Vaux Ros\u00e9 Brut 0,75 L<\/a><\/p><\/div><div class=\"price-wrapper\">\n\t<span class=\"price\"><span class=\"woocommerce-Price-amount amount\" role=\"none\"><bdi><span class=\"woocommerce-Price-currencySymbol\">&euro;<\/span>&nbsp;19,50<\/bdi><\/span> <small class=\"woocommerce-price-suffix\">inkl. MwSt.<\/small><\/span>\n<\/div><div class=\"add-to-cart-button\"><a href=\"\/en\/wp-json\/wp\/v2\/pages\/4628?add-to-cart=4767\" aria-describedby=\"woocommerce_loop_add_to_cart_link_describedby_4767\" data-quantity=\"1\" class=\"primary is-small mb-0 button product_type_simple add_to_cart_button ajax_add_to_cart is-outline\" data-product_id=\"4767\" data-product_sku=\"100300248\" aria-label=\"Add to cart: &ldquo;Schloss Vaux Ros\u00e9 Brut 0,75 L&rdquo;\" rel=\"nofollow\" data-success_message=\"&ldquo;Schloss Vaux Ros\u00e9 Brut 0,75 L&rdquo; has been added to your cart\" role=\"button\">Add to cart<\/a><\/div>\t<span id=\"woocommerce_loop_add_to_cart_link_describedby_4767\" class=\"screen-reader-text\">\n\t\t\t<\/span>\n\t\t\t\t\t\t\t<\/div>\n\t\t\t\t\t\t<\/div>\n\t\t\t\t\t\t<\/div>\n\t\t\t\t\t<\/div><div class=\"col\" data-animate=\"fadeInUp\">\n\t\t\t\t\t\t<div class=\"col-inner\">\n\t\t\t\t\t\t\n<div class=\"badge-container badge-custom absolute right top z-1\">\n\n<\/div>\n\t\t\t\t\t\t<div class=\"product-small box margin-auto has-hover box-normal box-text-bottom\">\n\t\t\t\t\t\t\t<div class=\"box-image\" >\n\t\t\t\t\t\t\t\t<div class=\"\" >\n\t\t\t\t\t\t\t\t\t<a href=\"https:\/\/schaumweinkontor.com\/en\/produkt\/schloss-vaux-rheingauer-riesling-reserve-brut-2016-075-l\/\" aria-label=\"Schloss Vaux Rheingauer Riesling R\u00e9serve Brut 2016 0,75 L\">\n\t\t\t\t\t\t\t\t\t\t<img loading=\"lazy\" decoding=\"async\" width=\"300\" height=\"300\" src=\"https:\/\/schaumweinkontor.com\/wp-content\/uploads\/2022\/06\/Schloss-Vaux-Rheingauer-Riesling-Reserve-Brut-2016-075-L-300x300.png\" class=\"attachment-medium size-medium\" alt=\"Schloss Vaux Rheingauer Riesling R\u00e9serve Brut 2016 0,75 L\" srcset=\"https:\/\/schaumweinkontor.com\/wp-content\/uploads\/2022\/06\/Schloss-Vaux-Rheingauer-Riesling-Reserve-Brut-2016-075-L-300x300.png 300w, https:\/\/schaumweinkontor.com\/wp-content\/uploads\/2022\/06\/Schloss-Vaux-Rheingauer-Riesling-Reserve-Brut-2016-075-L-100x100.png 100w, https:\/\/schaumweinkontor.com\/wp-content\/uploads\/2022\/06\/Schloss-Vaux-Rheingauer-Riesling-Reserve-Brut-2016-075-L-510x510.png 510w, https:\/\/schaumweinkontor.com\/wp-content\/uploads\/2022\/06\/Schloss-Vaux-Rheingauer-Riesling-Reserve-Brut-2016-075-L-150x150.png 150w, https:\/\/schaumweinkontor.com\/wp-content\/uploads\/2022\/06\/Schloss-Vaux-Rheingauer-Riesling-Reserve-Brut-2016-075-L-768x768.png 768w, https:\/\/schaumweinkontor.com\/wp-content\/uploads\/2022\/06\/Schloss-Vaux-Rheingauer-Riesling-Reserve-Brut-2016-075-L.png 1000w\" sizes=\"auto, (max-width: 300px) 100vw, 300px\" \/>\t\t\t\t\t\t\t\t\t<\/a>\n\t\t\t\t\t\t\t\t\t\t\t\t\t\t\t\t\t\t \t\t\t\t\t\t\t\t<\/div>\n\t\t\t\t\t\t\t\t<div class=\"image-tools top right show-on-hover\">\n\t\t\t\t\t\t\t\t\t\t\t\t\t\t\t\t\t<\/div>\n\t\t\t\t\t\t\t\t\t\t\t\t\t\t\t\t\t<div class=\"image-tools grid-tools text-center hide-for-small bottom hover-slide-in show-on-hover\">\n\t\t\t\t\t\t\t\t\t\t\t\t\t\t\t\t\t\t\t<\/div>\n\t\t\t\t\t\t\t\t\t\t\t\t\t\t\t\t\t\t\t\t\t\t\t<\/div>\n\n\t\t\t\t\t\t\t<div class=\"box-text text-center\" >\n\t\t\t\t\t\t\t\t<div class=\"title-wrapper\">\t\t<p class=\"category uppercase is-smaller no-text-overflow product-cat op-7\">\n\t\t\tSchloss Vaux\t\t<\/p>\n\t<p class=\"name product-title woocommerce-loop-product__title\"><a href=\"https:\/\/schaumweinkontor.com\/en\/produkt\/schloss-vaux-rheingauer-riesling-reserve-brut-2016-075-l\/\" class=\"woocommerce-LoopProduct-link woocommerce-loop-product__link\">Schloss Vaux Rheingauer Riesling R\u00e9serve Brut 2016 0,75 L<\/a><\/p><\/div><div class=\"price-wrapper\">\n\t<span class=\"price\"><span class=\"woocommerce-Price-amount amount\" role=\"none\"><bdi><span class=\"woocommerce-Price-currencySymbol\">&euro;<\/span>&nbsp;23,00<\/bdi><\/span> <small class=\"woocommerce-price-suffix\">inkl. MwSt.<\/small><\/span>\n<\/div><div class=\"add-to-cart-button\"><a href=\"\/en\/wp-json\/wp\/v2\/pages\/4628?add-to-cart=4768\" aria-describedby=\"woocommerce_loop_add_to_cart_link_describedby_4768\" data-quantity=\"1\" class=\"primary is-small mb-0 button product_type_simple add_to_cart_button ajax_add_to_cart is-outline\" data-product_id=\"4768\" data-product_sku=\"100300247\" aria-label=\"Add to cart: &ldquo;Schloss Vaux Rheingauer Riesling R\u00e9serve Brut 2016 0,75 L&rdquo;\" rel=\"nofollow\" data-success_message=\"&ldquo;Schloss Vaux Rheingauer Riesling R\u00e9serve Brut 2016 0,75 L&rdquo; has been added to your cart\" role=\"button\">Add to cart<\/a><\/div>\t<span id=\"woocommerce_loop_add_to_cart_link_describedby_4768\" class=\"screen-reader-text\">\n\t\t\t<\/span>\n\t\t\t\t\t\t\t<\/div>\n\t\t\t\t\t\t<\/div>\n\t\t\t\t\t\t<\/div>\n\t\t\t\t\t<\/div><div class=\"col\" data-animate=\"fadeInUp\">\n\t\t\t\t\t\t<div class=\"col-inner\">\n\t\t\t\t\t\t\n<div class=\"badge-container badge-custom absolute right top z-1\">\n<div class=\"callout badge badge-circle\"><div class=\"badge-inner secondary on-sale\"><span class=\"onsale\">Sale!<\/span><\/div><\/div>\n<\/div>\n\t\t\t\t\t\t<div class=\"product-small box margin-auto has-hover box-normal box-text-bottom\">\n\t\t\t\t\t\t\t<div class=\"box-image\" >\n\t\t\t\t\t\t\t\t<div class=\"\" >\n\t\t\t\t\t\t\t\t\t<a href=\"https:\/\/schaumweinkontor.com\/en\/produkt\/schloss-vaux-rose-reserve-2018-brut-075-l\/\" aria-label=\"Schloss Vaux Ros\u00e9 R\u00e9serve 2018 Brut 0,75 L\">\n\t\t\t\t\t\t\t\t\t\t<img loading=\"lazy\" decoding=\"async\" width=\"300\" height=\"300\" src=\"https:\/\/schaumweinkontor.com\/wp-content\/uploads\/2022\/11\/Schloss-Vaux-Rose-Reserve-2018-Brut-075-L-300x300.png\" class=\"attachment-medium size-medium\" alt=\"Schloss Vaux Ros\u00e9 R\u00e9serve 2018 Brut 0,75 L\" srcset=\"https:\/\/schaumweinkontor.com\/wp-content\/uploads\/2022\/11\/Schloss-Vaux-Rose-Reserve-2018-Brut-075-L-300x300.png 300w, https:\/\/schaumweinkontor.com\/wp-content\/uploads\/2022\/11\/Schloss-Vaux-Rose-Reserve-2018-Brut-075-L-100x100.png 100w, https:\/\/schaumweinkontor.com\/wp-content\/uploads\/2022\/11\/Schloss-Vaux-Rose-Reserve-2018-Brut-075-L-510x510.png 510w, https:\/\/schaumweinkontor.com\/wp-content\/uploads\/2022\/11\/Schloss-Vaux-Rose-Reserve-2018-Brut-075-L-150x150.png 150w, https:\/\/schaumweinkontor.com\/wp-content\/uploads\/2022\/11\/Schloss-Vaux-Rose-Reserve-2018-Brut-075-L-768x768.png 768w, https:\/\/schaumweinkontor.com\/wp-content\/uploads\/2022\/11\/Schloss-Vaux-Rose-Reserve-2018-Brut-075-L.png 1000w\" sizes=\"auto, (max-width: 300px) 100vw, 300px\" \/>\t\t\t\t\t\t\t\t\t<\/a>\n\t\t\t\t\t\t\t\t\t\t\t\t\t\t\t\t\t\t \t\t\t\t\t\t\t\t<\/div>\n\t\t\t\t\t\t\t\t<div class=\"image-tools top right show-on-hover\">\n\t\t\t\t\t\t\t\t\t\t\t\t\t\t\t\t\t<\/div>\n\t\t\t\t\t\t\t\t\t\t\t\t\t\t\t\t\t<div class=\"image-tools grid-tools text-center hide-for-small bottom hover-slide-in show-on-hover\">\n\t\t\t\t\t\t\t\t\t\t\t\t\t\t\t\t\t\t\t<\/div>\n\t\t\t\t\t\t\t\t\t\t\t\t\t\t\t\t\t\t\t\t\t\t\t<\/div>\n\n\t\t\t\t\t\t\t<div class=\"box-text text-center\" >\n\t\t\t\t\t\t\t\t<div class=\"title-wrapper\">\t\t<p class=\"category uppercase is-smaller no-text-overflow product-cat op-7\">\n\t\t\tSchloss Vaux\t\t<\/p>\n\t<p class=\"name product-title woocommerce-loop-product__title\"><a href=\"https:\/\/schaumweinkontor.com\/en\/produkt\/schloss-vaux-rose-reserve-2018-brut-075-l\/\" class=\"woocommerce-LoopProduct-link woocommerce-loop-product__link\">Schloss Vaux Ros\u00e9 R\u00e9serve 2018 Brut 0,75 L<\/a><\/p><\/div><div class=\"price-wrapper\">\n\t<span class=\"price\"><del aria-hidden=\"true\"><span class=\"woocommerce-Price-amount amount\" role=\"none\"><bdi><span class=\"woocommerce-Price-currencySymbol\">&euro;<\/span>&nbsp;31,60<\/bdi><\/span><\/del> <span class=\"screen-reader-text\">Original price was: &euro;&nbsp;31,60.<\/span><ins aria-hidden=\"true\"><span class=\"woocommerce-Price-amount amount\" role=\"none\"><bdi><span class=\"woocommerce-Price-currencySymbol\">&euro;<\/span>&nbsp;23,70<\/bdi><\/span><\/ins><span class=\"screen-reader-text\">Current price is: &euro;&nbsp;23,70.<\/span> <small class=\"woocommerce-price-suffix\">inkl. MwSt.<\/small><\/span>\n<\/div><div class=\"add-to-cart-button\"><a href=\"\/en\/wp-json\/wp\/v2\/pages\/4628?add-to-cart=4724\" aria-describedby=\"woocommerce_loop_add_to_cart_link_describedby_4724\" data-quantity=\"1\" class=\"primary is-small mb-0 button product_type_simple add_to_cart_button ajax_add_to_cart is-outline\" data-product_id=\"4724\" data-product_sku=\"100300250\" aria-label=\"Add to cart: &ldquo;Schloss Vaux Ros\u00e9 R\u00e9serve 2018 Brut 0,75 L&rdquo;\" rel=\"nofollow\" data-success_message=\"&ldquo;Schloss Vaux Ros\u00e9 R\u00e9serve 2018 Brut 0,75 L&rdquo; has been added to your cart\" role=\"button\">Add to cart<\/a><\/div>\t<span id=\"woocommerce_loop_add_to_cart_link_describedby_4724\" class=\"screen-reader-text\">\n\t\t\t<\/span>\n\t\t\t\t\t\t\t<\/div>\n\t\t\t\t\t\t<\/div>\n\t\t\t\t\t\t<\/div>\n\t\t\t\t\t<\/div><div class=\"col\" data-animate=\"fadeInUp\">\n\t\t\t\t\t\t<div class=\"col-inner\">\n\t\t\t\t\t\t\n<div class=\"badge-container badge-custom absolute right top z-1\">\n\n<\/div>\n\t\t\t\t\t\t<div class=\"product-small box margin-auto has-hover box-normal box-text-bottom\">\n\t\t\t\t\t\t\t<div class=\"box-image\" >\n\t\t\t\t\t\t\t\t<div class=\"\" >\n\t\t\t\t\t\t\t\t\t<a href=\"https:\/\/schaumweinkontor.com\/en\/produkt\/schloss-vaux-gruener-veltliner-brut-075-l\/\" aria-label=\"Schloss Vaux Gr\u00fcner Veltliner Brut 0,75 L\">\n\t\t\t\t\t\t\t\t\t\t<img loading=\"lazy\" decoding=\"async\" width=\"300\" height=\"300\" src=\"https:\/\/schaumweinkontor.com\/wp-content\/uploads\/2023\/04\/Schloss-Vaux-Gruener-Veltliner_1000x1000-px-300x300.png\" class=\"attachment-medium size-medium\" alt=\"Schloss Vaux Gr\u00fcner Veltliner Brut 0,75 L\" srcset=\"https:\/\/schaumweinkontor.com\/wp-content\/uploads\/2023\/04\/Schloss-Vaux-Gruener-Veltliner_1000x1000-px-300x300.png 300w, https:\/\/schaumweinkontor.com\/wp-content\/uploads\/2023\/04\/Schloss-Vaux-Gruener-Veltliner_1000x1000-px-100x100.png 100w, https:\/\/schaumweinkontor.com\/wp-content\/uploads\/2023\/04\/Schloss-Vaux-Gruener-Veltliner_1000x1000-px-510x510.png 510w, https:\/\/schaumweinkontor.com\/wp-content\/uploads\/2023\/04\/Schloss-Vaux-Gruener-Veltliner_1000x1000-px-150x150.png 150w, https:\/\/schaumweinkontor.com\/wp-content\/uploads\/2023\/04\/Schloss-Vaux-Gruener-Veltliner_1000x1000-px-768x768.png 768w, https:\/\/schaumweinkontor.com\/wp-content\/uploads\/2023\/04\/Schloss-Vaux-Gruener-Veltliner_1000x1000-px.png 1000w\" sizes=\"auto, (max-width: 300px) 100vw, 300px\" \/>\t\t\t\t\t\t\t\t\t<\/a>\n\t\t\t\t\t\t\t\t\t\t\t\t\t\t\t\t\t\t \t\t\t\t\t\t\t\t<\/div>\n\t\t\t\t\t\t\t\t<div class=\"image-tools top right show-on-hover\">\n\t\t\t\t\t\t\t\t\t\t\t\t\t\t\t\t\t<\/div>\n\t\t\t\t\t\t\t\t\t\t\t\t\t\t\t\t\t<div class=\"image-tools grid-tools text-center hide-for-small bottom hover-slide-in show-on-hover\">\n\t\t\t\t\t\t\t\t\t\t\t\t\t\t\t\t\t\t\t<\/div>\n\t\t\t\t\t\t\t\t\t\t\t\t\t\t\t\t\t\t\t\t\t\t\t<\/div>\n\n\t\t\t\t\t\t\t<div class=\"box-text text-center\" >\n\t\t\t\t\t\t\t\t<div class=\"title-wrapper\">\t\t<p class=\"category uppercase is-smaller no-text-overflow product-cat op-7\">\n\t\t\tSchloss Vaux\t\t<\/p>\n\t<p class=\"name product-title woocommerce-loop-product__title\"><a href=\"https:\/\/schaumweinkontor.com\/en\/produkt\/schloss-vaux-gruener-veltliner-brut-075-l\/\" class=\"woocommerce-LoopProduct-link woocommerce-loop-product__link\">Schloss Vaux Gr\u00fcner Veltliner Brut 0,75 L<\/a><\/p><\/div><div class=\"price-wrapper\">\n\t<span class=\"price\"><span class=\"woocommerce-Price-amount amount\" role=\"none\"><bdi><span class=\"woocommerce-Price-currencySymbol\">&euro;<\/span>&nbsp;31,00<\/bdi><\/span> <small class=\"woocommerce-price-suffix\">inkl. MwSt.<\/small><\/span>\n<\/div><div class=\"add-to-cart-button\"><a href=\"\/en\/wp-json\/wp\/v2\/pages\/4628?add-to-cart=4705\" aria-describedby=\"woocommerce_loop_add_to_cart_link_describedby_4705\" data-quantity=\"1\" class=\"primary is-small mb-0 button product_type_simple add_to_cart_button ajax_add_to_cart is-outline\" data-product_id=\"4705\" data-product_sku=\"100300255\" aria-label=\"Add to cart: &ldquo;Schloss Vaux Gr\u00fcner Veltliner Brut 0,75 L&rdquo;\" rel=\"nofollow\" data-success_message=\"&ldquo;Schloss Vaux Gr\u00fcner Veltliner Brut 0,75 L&rdquo; has been added to your cart\" role=\"button\">Add to cart<\/a><\/div>\t<span id=\"woocommerce_loop_add_to_cart_link_describedby_4705\" class=\"screen-reader-text\">\n\t\t\t<\/span>\n\t\t\t\t\t\t\t<\/div>\n\t\t\t\t\t\t<\/div>\n\t\t\t\t\t\t<\/div>\n\t\t\t\t\t<\/div><div class=\"col\" data-animate=\"fadeInUp\">\n\t\t\t\t\t\t<div class=\"col-inner\">\n\t\t\t\t\t\t\n<div class=\"badge-container badge-custom absolute right top z-1\">\n\n<\/div>\n\t\t\t\t\t\t<div class=\"product-small box margin-auto has-hover box-normal box-text-bottom\">\n\t\t\t\t\t\t\t<div class=\"box-image\" >\n\t\t\t\t\t\t\t\t<div class=\"\" >\n\t\t\t\t\t\t\t\t\t<a href=\"https:\/\/schaumweinkontor.com\/en\/produkt\/schloss-vaux-blanc-de-blancs-reserve-2018-075-l\/\" aria-label=\"Schloss Vaux Blanc de Blancs R\u00e9serve 2018 0,75 L\">\n\t\t\t\t\t\t\t\t\t\t<img loading=\"lazy\" decoding=\"async\" width=\"300\" height=\"300\" src=\"https:\/\/schaumweinkontor.com\/wp-content\/uploads\/2022\/11\/Schloss-Vaux-blanc-de-blancs-reserve-2018-1000x1000px-300x300.png\" class=\"attachment-medium size-medium\" alt=\"Schloss Vaux Blanc de Blancs R\u00e9serve 2018 0,75 L\" srcset=\"https:\/\/schaumweinkontor.com\/wp-content\/uploads\/2022\/11\/Schloss-Vaux-blanc-de-blancs-reserve-2018-1000x1000px-300x300.png 300w, https:\/\/schaumweinkontor.com\/wp-content\/uploads\/2022\/11\/Schloss-Vaux-blanc-de-blancs-reserve-2018-1000x1000px-100x100.png 100w, https:\/\/schaumweinkontor.com\/wp-content\/uploads\/2022\/11\/Schloss-Vaux-blanc-de-blancs-reserve-2018-1000x1000px-510x510.png 510w, https:\/\/schaumweinkontor.com\/wp-content\/uploads\/2022\/11\/Schloss-Vaux-blanc-de-blancs-reserve-2018-1000x1000px-150x150.png 150w, https:\/\/schaumweinkontor.com\/wp-content\/uploads\/2022\/11\/Schloss-Vaux-blanc-de-blancs-reserve-2018-1000x1000px-768x768.png 768w, https:\/\/schaumweinkontor.com\/wp-content\/uploads\/2022\/11\/Schloss-Vaux-blanc-de-blancs-reserve-2018-1000x1000px.png 1000w\" sizes=\"auto, (max-width: 300px) 100vw, 300px\" \/>\t\t\t\t\t\t\t\t\t<\/a>\n\t\t\t\t\t\t\t\t\t\t\t\t\t\t\t\t\t\t \t\t\t\t\t\t\t\t<\/div>\n\t\t\t\t\t\t\t\t<div class=\"image-tools top right show-on-hover\">\n\t\t\t\t\t\t\t\t\t\t\t\t\t\t\t\t\t<\/div>\n\t\t\t\t\t\t\t\t\t\t\t\t\t\t\t\t\t<div class=\"image-tools grid-tools text-center hide-for-small bottom hover-slide-in show-on-hover\">\n\t\t\t\t\t\t\t\t\t\t\t\t\t\t\t\t\t\t\t<\/div>\n\t\t\t\t\t\t\t\t\t\t\t\t\t\t\t\t\t\t\t\t\t\t\t<\/div>\n\n\t\t\t\t\t\t\t<div class=\"box-text text-center\" >\n\t\t\t\t\t\t\t\t<div class=\"title-wrapper\">\t\t<p class=\"category uppercase is-smaller no-text-overflow product-cat op-7\">\n\t\t\tSchloss Vaux\t\t<\/p>\n\t<p class=\"name product-title woocommerce-loop-product__title\"><a href=\"https:\/\/schaumweinkontor.com\/en\/produkt\/schloss-vaux-blanc-de-blancs-reserve-2018-075-l\/\" class=\"woocommerce-LoopProduct-link woocommerce-loop-product__link\">Schloss Vaux Blanc de Blancs R\u00e9serve 2018 0,75 L<\/a><\/p><\/div><div class=\"price-wrapper\">\n\t<span class=\"price\"><span class=\"woocommerce-Price-amount amount\" role=\"none\"><bdi><span class=\"woocommerce-Price-currencySymbol\">&euro;<\/span>&nbsp;31,60<\/bdi><\/span> <small class=\"woocommerce-price-suffix\">inkl. MwSt.<\/small><\/span>\n<\/div><div class=\"add-to-cart-button\"><a href=\"\/en\/wp-json\/wp\/v2\/pages\/4628?add-to-cart=4725\" aria-describedby=\"woocommerce_loop_add_to_cart_link_describedby_4725\" data-quantity=\"1\" class=\"primary is-small mb-0 button product_type_simple add_to_cart_button ajax_add_to_cart is-outline\" data-product_id=\"4725\" data-product_sku=\"100300251\" aria-label=\"Add to cart: &ldquo;Schloss Vaux Blanc de Blancs R\u00e9serve 2018 0,75 L&rdquo;\" rel=\"nofollow\" data-success_message=\"&ldquo;Schloss Vaux Blanc de Blancs R\u00e9serve 2018 0,75 L&rdquo; has been added to your cart\" role=\"button\">Add to cart<\/a><\/div>\t<span id=\"woocommerce_loop_add_to_cart_link_describedby_4725\" class=\"screen-reader-text\">\n\t\t\t<\/span>\n\t\t\t\t\t\t\t<\/div>\n\t\t\t\t\t\t<\/div>\n\t\t\t\t\t\t<\/div>\n\t\t\t\t\t<\/div><div class=\"col\" data-animate=\"fadeInUp\">\n\t\t\t\t\t\t<div class=\"col-inner\">\n\t\t\t\t\t\t\n<div class=\"badge-container badge-custom absolute right top z-1\">\n\n<\/div>\n\t\t\t\t\t\t<div class=\"product-small box margin-auto has-hover box-normal box-text-bottom\">\n\t\t\t\t\t\t\t<div class=\"box-image\" >\n\t\t\t\t\t\t\t\t<div class=\"\" >\n\t\t\t\t\t\t\t\t\t<a href=\"https:\/\/schaumweinkontor.com\/en\/produkt\/schloss-vaux-assmannshaeuser-pinot-noir-2016-075-l\/\" aria-label=\"Schloss Vaux Assmannsh\u00e4user Pinot Noir 2016 0,75 L\">\n\t\t\t\t\t\t\t\t\t\t<img loading=\"lazy\" decoding=\"async\" width=\"300\" height=\"300\" src=\"https:\/\/schaumweinkontor.com\/wp-content\/uploads\/2023\/04\/Schloss-Vaux-Assmannshauser_1000x1000-px-300x300.png\" class=\"attachment-medium size-medium\" alt=\"Schloss Vaux Assmannsh\u00e4user Pinot Noir 2016 0,75 L\" srcset=\"https:\/\/schaumweinkontor.com\/wp-content\/uploads\/2023\/04\/Schloss-Vaux-Assmannshauser_1000x1000-px-300x300.png 300w, https:\/\/schaumweinkontor.com\/wp-content\/uploads\/2023\/04\/Schloss-Vaux-Assmannshauser_1000x1000-px-100x100.png 100w, https:\/\/schaumweinkontor.com\/wp-content\/uploads\/2023\/04\/Schloss-Vaux-Assmannshauser_1000x1000-px-510x510.png 510w, https:\/\/schaumweinkontor.com\/wp-content\/uploads\/2023\/04\/Schloss-Vaux-Assmannshauser_1000x1000-px-150x150.png 150w, https:\/\/schaumweinkontor.com\/wp-content\/uploads\/2023\/04\/Schloss-Vaux-Assmannshauser_1000x1000-px-768x768.png 768w, https:\/\/schaumweinkontor.com\/wp-content\/uploads\/2023\/04\/Schloss-Vaux-Assmannshauser_1000x1000-px.png 1000w\" sizes=\"auto, (max-width: 300px) 100vw, 300px\" \/>\t\t\t\t\t\t\t\t\t<\/a>\n\t\t\t\t\t\t\t\t\t\t\t\t\t\t\t\t\t\t \t\t\t\t\t\t\t\t<\/div>\n\t\t\t\t\t\t\t\t<div class=\"image-tools top right show-on-hover\">\n\t\t\t\t\t\t\t\t\t\t\t\t\t\t\t\t\t<\/div>\n\t\t\t\t\t\t\t\t\t\t\t\t\t\t\t\t\t<div class=\"image-tools grid-tools text-center hide-for-small bottom hover-slide-in show-on-hover\">\n\t\t\t\t\t\t\t\t\t\t\t\t\t\t\t\t\t\t\t<\/div>\n\t\t\t\t\t\t\t\t\t\t\t\t\t\t\t\t\t\t\t\t\t\t\t<\/div>\n\n\t\t\t\t\t\t\t<div class=\"box-text text-center\" >\n\t\t\t\t\t\t\t\t<div class=\"title-wrapper\">\t\t<p class=\"category uppercase is-smaller no-text-overflow product-cat op-7\">\n\t\t\tSchloss Vaux\t\t<\/p>\n\t<p class=\"name product-title woocommerce-loop-product__title\"><a href=\"https:\/\/schaumweinkontor.com\/en\/produkt\/schloss-vaux-assmannshaeuser-pinot-noir-2016-075-l\/\" class=\"woocommerce-LoopProduct-link woocommerce-loop-product__link\">Schloss Vaux Assmannsh\u00e4user Pinot Noir 2016 0,75 L<\/a><\/p><\/div><div class=\"price-wrapper\">\n\t<span class=\"price\"><span class=\"woocommerce-Price-amount amount\" role=\"none\"><bdi><span class=\"woocommerce-Price-currencySymbol\">&euro;<\/span>&nbsp;32,80<\/bdi><\/span> <small class=\"woocommerce-price-suffix\">inkl. MwSt.<\/small><\/span>\n<\/div><div class=\"add-to-cart-button\"><a href=\"\/en\/wp-json\/wp\/v2\/pages\/4628?add-to-cart=4704\" aria-describedby=\"woocommerce_loop_add_to_cart_link_describedby_4704\" data-quantity=\"1\" class=\"primary is-small mb-0 button product_type_simple add_to_cart_button ajax_add_to_cart is-outline\" data-product_id=\"4704\" data-product_sku=\"100300253\" aria-label=\"Add to cart: &ldquo;Schloss Vaux Assmannsh\u00e4user Pinot Noir 2016 0,75 L&rdquo;\" rel=\"nofollow\" data-success_message=\"&ldquo;Schloss Vaux Assmannsh\u00e4user Pinot Noir 2016 0,75 L&rdquo; has been added to your cart\" role=\"button\">Add to cart<\/a><\/div>\t<span id=\"woocommerce_loop_add_to_cart_link_describedby_4704\" class=\"screen-reader-text\">\n\t\t\t<\/span>\n\t\t\t\t\t\t\t<\/div>\n\t\t\t\t\t\t<\/div>\n\t\t\t\t\t\t<\/div>\n\t\t\t\t\t<\/div><div class=\"col\" data-animate=\"fadeInUp\">\n\t\t\t\t\t\t<div class=\"col-inner\">\n\t\t\t\t\t\t\n<div class=\"badge-container badge-custom absolute right top z-1\">\n\n<\/div>\n\t\t\t\t\t\t<div class=\"product-small box margin-auto has-hover box-normal box-text-bottom\">\n\t\t\t\t\t\t\t<div class=\"box-image\" >\n\t\t\t\t\t\t\t\t<div class=\"\" >\n\t\t\t\t\t\t\t\t\t<a href=\"https:\/\/schaumweinkontor.com\/en\/produkt\/schloss-vaux-rose-brut-075-l-copy\/\" aria-label=\"Schloss Vaux l\u00b4Artiste Brut 0,75l\">\n\t\t\t\t\t\t\t\t\t\t<img loading=\"lazy\" decoding=\"async\" width=\"300\" height=\"300\" src=\"https:\/\/schaumweinkontor.com\/wp-content\/uploads\/2025\/03\/Vaux-Freisteller_26-300x300.png\" class=\"attachment-medium size-medium\" alt=\"Schloss Vaux l\u00b4Artiste Brut 0,75l\" srcset=\"https:\/\/schaumweinkontor.com\/wp-content\/uploads\/2025\/03\/Vaux-Freisteller_26-300x300.png 300w, https:\/\/schaumweinkontor.com\/wp-content\/uploads\/2025\/03\/Vaux-Freisteller_26-150x150.png 150w, https:\/\/schaumweinkontor.com\/wp-content\/uploads\/2025\/03\/Vaux-Freisteller_26-768x768.png 768w, https:\/\/schaumweinkontor.com\/wp-content\/uploads\/2025\/03\/Vaux-Freisteller_26-510x510.png 510w, https:\/\/schaumweinkontor.com\/wp-content\/uploads\/2025\/03\/Vaux-Freisteller_26-100x100.png 100w, https:\/\/schaumweinkontor.com\/wp-content\/uploads\/2025\/03\/Vaux-Freisteller_26.png 1001w\" sizes=\"auto, (max-width: 300px) 100vw, 300px\" \/>\t\t\t\t\t\t\t\t\t<\/a>\n\t\t\t\t\t\t\t\t\t\t\t\t\t\t\t\t\t\t \t\t\t\t\t\t\t\t<\/div>\n\t\t\t\t\t\t\t\t<div class=\"image-tools top right show-on-hover\">\n\t\t\t\t\t\t\t\t\t\t\t\t\t\t\t\t\t<\/div>\n\t\t\t\t\t\t\t\t\t\t\t\t\t\t\t\t\t<div class=\"image-tools grid-tools text-center hide-for-small bottom hover-slide-in show-on-hover\">\n\t\t\t\t\t\t\t\t\t\t\t\t\t\t\t\t\t\t\t<\/div>\n\t\t\t\t\t\t\t\t\t\t\t\t\t\t\t\t\t\t\t\t\t\t\t<\/div>\n\n\t\t\t\t\t\t\t<div class=\"box-text text-center\" >\n\t\t\t\t\t\t\t\t<div class=\"title-wrapper\">\t\t<p class=\"category uppercase is-smaller no-text-overflow product-cat op-7\">\n\t\t\tSchloss Vaux\t\t<\/p>\n\t<p class=\"name product-title woocommerce-loop-product__title\"><a href=\"https:\/\/schaumweinkontor.com\/en\/produkt\/schloss-vaux-rose-brut-075-l-copy\/\" class=\"woocommerce-LoopProduct-link woocommerce-loop-product__link\">Schloss Vaux l\u00b4Artiste Brut 0,75l<\/a><\/p><\/div><div class=\"price-wrapper\">\n\t<span class=\"price\"><span class=\"woocommerce-Price-amount amount\" role=\"none\"><bdi><span class=\"woocommerce-Price-currencySymbol\">&euro;<\/span>&nbsp;35,00<\/bdi><\/span> <small class=\"woocommerce-price-suffix\">inkl. MwSt.<\/small><\/span>\n<\/div><div class=\"add-to-cart-button\"><a href=\"\/en\/wp-json\/wp\/v2\/pages\/4628?add-to-cart=6074\" aria-describedby=\"woocommerce_loop_add_to_cart_link_describedby_6074\" data-quantity=\"1\" class=\"primary is-small mb-0 button product_type_simple add_to_cart_button ajax_add_to_cart is-outline\" data-product_id=\"6074\" data-product_sku=\"100300518\" aria-label=\"Add to cart: &ldquo;Schloss Vaux l\u00b4Artiste Brut 0,75l&rdquo;\" rel=\"nofollow\" data-success_message=\"&ldquo;Schloss Vaux l\u00b4Artiste Brut 0,75l&rdquo; has been added to your cart\" role=\"button\">Add to cart<\/a><\/div>\t<span id=\"woocommerce_loop_add_to_cart_link_describedby_6074\" class=\"screen-reader-text\">\n\t\t\t<\/span>\n\t\t\t\t\t\t\t<\/div>\n\t\t\t\t\t\t<\/div>\n\t\t\t\t\t\t<\/div>\n\t\t\t\t\t<\/div><div class=\"col\" data-animate=\"fadeInUp\">\n\t\t\t\t\t\t<div class=\"col-inner\">\n\t\t\t\t\t\t\n<div class=\"badge-container badge-custom absolute right top z-1\">\n\n<\/div>\n\t\t\t\t\t\t<div class=\"product-small box margin-auto has-hover box-normal box-text-bottom\">\n\t\t\t\t\t\t\t<div class=\"box-image\" >\n\t\t\t\t\t\t\t\t<div class=\"\" >\n\t\t\t\t\t\t\t\t\t<a href=\"https:\/\/schaumweinkontor.com\/en\/produkt\/schloss-vaux-lartiste-brut-075l-copy\/\" aria-label=\"Schloss Vaux l\u00b4Artiste Rose 0,75l\">\n\t\t\t\t\t\t\t\t\t\t<img loading=\"lazy\" decoding=\"async\" width=\"300\" height=\"300\" src=\"https:\/\/schaumweinkontor.com\/wp-content\/uploads\/2025\/03\/Vaux-Freisteller_25-300x300.png\" class=\"attachment-medium size-medium\" alt=\"Schloss Vaux l\u00b4Artiste Ros\u00e9\" srcset=\"https:\/\/schaumweinkontor.com\/wp-content\/uploads\/2025\/03\/Vaux-Freisteller_25-300x300.png 300w, https:\/\/schaumweinkontor.com\/wp-content\/uploads\/2025\/03\/Vaux-Freisteller_25-150x150.png 150w, https:\/\/schaumweinkontor.com\/wp-content\/uploads\/2025\/03\/Vaux-Freisteller_25-768x768.png 768w, https:\/\/schaumweinkontor.com\/wp-content\/uploads\/2025\/03\/Vaux-Freisteller_25-510x510.png 510w, https:\/\/schaumweinkontor.com\/wp-content\/uploads\/2025\/03\/Vaux-Freisteller_25-100x100.png 100w, https:\/\/schaumweinkontor.com\/wp-content\/uploads\/2025\/03\/Vaux-Freisteller_25.png 1001w\" sizes=\"auto, (max-width: 300px) 100vw, 300px\" \/>\t\t\t\t\t\t\t\t\t<\/a>\n\t\t\t\t\t\t\t\t\t\t\t\t\t\t\t\t\t\t \t\t\t\t\t\t\t\t<\/div>\n\t\t\t\t\t\t\t\t<div class=\"image-tools top right show-on-hover\">\n\t\t\t\t\t\t\t\t\t\t\t\t\t\t\t\t\t<\/div>\n\t\t\t\t\t\t\t\t\t\t\t\t\t\t\t\t\t<div class=\"image-tools grid-tools text-center hide-for-small bottom hover-slide-in show-on-hover\">\n\t\t\t\t\t\t\t\t\t\t\t\t\t\t\t\t\t\t\t<\/div>\n\t\t\t\t\t\t\t\t\t\t\t\t\t\t\t\t\t\t\t\t\t\t\t<\/div>\n\n\t\t\t\t\t\t\t<div class=\"box-text text-center\" >\n\t\t\t\t\t\t\t\t<div class=\"title-wrapper\">\t\t<p class=\"category uppercase is-smaller no-text-overflow product-cat op-7\">\n\t\t\tSchloss Vaux\t\t<\/p>\n\t<p class=\"name product-title woocommerce-loop-product__title\"><a href=\"https:\/\/schaumweinkontor.com\/en\/produkt\/schloss-vaux-lartiste-brut-075l-copy\/\" class=\"woocommerce-LoopProduct-link woocommerce-loop-product__link\">Schloss Vaux l\u00b4Artiste Rose 0,75l<\/a><\/p><\/div><div class=\"price-wrapper\">\n\t<span class=\"price\"><span class=\"woocommerce-Price-amount amount\" role=\"none\"><bdi><span class=\"woocommerce-Price-currencySymbol\">&euro;<\/span>&nbsp;35,00<\/bdi><\/span> <small class=\"woocommerce-price-suffix\">inkl. MwSt.<\/small><\/span>\n<\/div><div class=\"add-to-cart-button\"><a href=\"\/en\/wp-json\/wp\/v2\/pages\/4628?add-to-cart=6078\" aria-describedby=\"woocommerce_loop_add_to_cart_link_describedby_6078\" data-quantity=\"1\" class=\"primary is-small mb-0 button product_type_simple add_to_cart_button ajax_add_to_cart is-outline\" data-product_id=\"6078\" data-product_sku=\"100300509\" aria-label=\"Add to cart: &ldquo;Schloss Vaux l\u00b4Artiste Rose 0,75l&rdquo;\" rel=\"nofollow\" data-success_message=\"&ldquo;Schloss Vaux l\u00b4Artiste Rose 0,75l&rdquo; has been added to your cart\" role=\"button\">Add to cart<\/a><\/div>\t<span id=\"woocommerce_loop_add_to_cart_link_describedby_6078\" class=\"screen-reader-text\">\n\t\t\t<\/span>\n\t\t\t\t\t\t\t<\/div>\n\t\t\t\t\t\t<\/div>\n\t\t\t\t\t\t<\/div>\n\t\t\t\t\t<\/div><div class=\"col\" data-animate=\"fadeInUp\">\n\t\t\t\t\t\t<div class=\"col-inner\">\n\t\t\t\t\t\t\n<div class=\"badge-container badge-custom absolute right top z-1\">\n<div class=\"callout badge badge-circle\"><div class=\"badge-inner secondary on-sale\"><span class=\"onsale\">Sale!<\/span><\/div><\/div>\n<\/div>\n\t\t\t\t\t\t<div class=\"product-small box margin-auto has-hover box-normal box-text-bottom\">\n\t\t\t\t\t\t\t<div class=\"box-image\" >\n\t\t\t\t\t\t\t\t<div class=\"\" >\n\t\t\t\t\t\t\t\t\t<a href=\"https:\/\/schaumweinkontor.com\/en\/produkt\/schloss-vaux-package-deluxe\/\" aria-label=\"Schloss Vaux Package DELUXE\">\n\t\t\t\t\t\t\t\t\t\t<img loading=\"lazy\" decoding=\"async\" width=\"300\" height=\"300\" src=\"https:\/\/schaumweinkontor.com\/wp-content\/uploads\/2024\/10\/3er-Paket-Schloss-Vaux-reserve-300x300.png\" class=\"attachment-medium size-medium\" alt=\"Schloss Vaux Package DELUXE\" srcset=\"https:\/\/schaumweinkontor.com\/wp-content\/uploads\/2024\/10\/3er-Paket-Schloss-Vaux-reserve-300x300.png 300w, https:\/\/schaumweinkontor.com\/wp-content\/uploads\/2024\/10\/3er-Paket-Schloss-Vaux-reserve-150x150.png 150w, https:\/\/schaumweinkontor.com\/wp-content\/uploads\/2024\/10\/3er-Paket-Schloss-Vaux-reserve-768x769.png 768w, https:\/\/schaumweinkontor.com\/wp-content\/uploads\/2024\/10\/3er-Paket-Schloss-Vaux-reserve-510x511.png 510w, https:\/\/schaumweinkontor.com\/wp-content\/uploads\/2024\/10\/3er-Paket-Schloss-Vaux-reserve-100x100.png 100w, https:\/\/schaumweinkontor.com\/wp-content\/uploads\/2024\/10\/3er-Paket-Schloss-Vaux-reserve.png 1000w\" sizes=\"auto, (max-width: 300px) 100vw, 300px\" \/>\t\t\t\t\t\t\t\t\t<\/a>\n\t\t\t\t\t\t\t\t\t\t\t\t\t\t\t\t\t\t \t\t\t\t\t\t\t\t<\/div>\n\t\t\t\t\t\t\t\t<div class=\"image-tools top right show-on-hover\">\n\t\t\t\t\t\t\t\t\t\t\t\t\t\t\t\t\t<\/div>\n\t\t\t\t\t\t\t\t\t\t\t\t\t\t\t\t\t<div class=\"image-tools grid-tools text-center hide-for-small bottom hover-slide-in show-on-hover\">\n\t\t\t\t\t\t\t\t\t\t\t\t\t\t\t\t\t\t\t<\/div>\n\t\t\t\t\t\t\t\t\t\t\t\t\t\t\t\t\t\t\t\t\t\t\t<\/div>\n\n\t\t\t\t\t\t\t<div class=\"box-text text-center\" >\n\t\t\t\t\t\t\t\t<div class=\"title-wrapper\">\t\t<p class=\"category uppercase is-smaller no-text-overflow product-cat op-7\">\n\t\t\tSchloss Vaux\t\t<\/p>\n\t<p class=\"name product-title woocommerce-loop-product__title\"><a href=\"https:\/\/schaumweinkontor.com\/en\/produkt\/schloss-vaux-package-deluxe\/\" class=\"woocommerce-LoopProduct-link woocommerce-loop-product__link\">Schloss Vaux Package DELUXE<\/a><\/p><\/div><div class=\"price-wrapper\">\n\t<span class=\"price\"><del aria-hidden=\"true\"><span class=\"woocommerce-Price-amount amount\" role=\"none\"><bdi><span class=\"woocommerce-Price-currencySymbol\">&euro;<\/span>&nbsp;76,80<\/bdi><\/span><\/del> <span class=\"screen-reader-text\">Original price was: &euro;&nbsp;76,80.<\/span><ins aria-hidden=\"true\"><span class=\"woocommerce-Price-amount amount\" role=\"none\"><bdi><span class=\"woocommerce-Price-currencySymbol\">&euro;<\/span>&nbsp;72,96<\/bdi><\/span><\/ins><span class=\"screen-reader-text\">Current price is: &euro;&nbsp;72,96.<\/span> <small class=\"woocommerce-price-suffix\">inkl. MwSt.<\/small><\/span>\n<\/div><div class=\"add-to-cart-button\"><a href=\"\/en\/wp-json\/wp\/v2\/pages\/4628?add-to-cart=5782\" aria-describedby=\"woocommerce_loop_add_to_cart_link_describedby_5782\" data-quantity=\"1\" class=\"primary is-small mb-0 button product_type_simple add_to_cart_button ajax_add_to_cart is-outline\" data-product_id=\"5782\" data-product_sku=\"\" aria-label=\"Add to cart: &ldquo;Schloss Vaux Package DELUXE&rdquo;\" rel=\"nofollow\" data-success_message=\"&ldquo;Schloss Vaux Package DELUXE&rdquo; has been added to your cart\" role=\"button\">Add to cart<\/a><\/div>\t<span id=\"woocommerce_loop_add_to_cart_link_describedby_5782\" class=\"screen-reader-text\">\n\t\t\t<\/span>\n\t\t\t\t\t\t\t<\/div>\n\t\t\t\t\t\t<\/div>\n\t\t\t\t\t\t<\/div>\n\t\t\t\t\t<\/div><div class=\"col\" data-animate=\"fadeInUp\">\n\t\t\t\t\t\t<div class=\"col-inner\">\n\t\t\t\t\t\t\n<div class=\"badge-container badge-custom absolute right top z-1\">\n\n<\/div>\n\t\t\t\t\t\t<div class=\"product-small box margin-auto has-hover box-normal box-text-bottom\">\n\t\t\t\t\t\t\t<div class=\"box-image\" >\n\t\t\t\t\t\t\t\t<div class=\"\" >\n\t\t\t\t\t\t\t\t\t<a href=\"https:\/\/schaumweinkontor.com\/en\/produkt\/schloss-vaux-rheingauer-riesling-reserve-brut-2016-15-l-magnum\/\" aria-label=\"Schloss Vaux Rheingauer Riesling R\u00e9serve Brut 2016 1,5 L Magnum\">\n\t\t\t\t\t\t\t\t\t\t<img loading=\"lazy\" decoding=\"async\" width=\"300\" height=\"300\" src=\"https:\/\/schaumweinkontor.com\/wp-content\/uploads\/2022\/11\/Schloss-Vaux-Rheingauer-Riesling-Reserve-Brut-2016-15-L-Magnum-300x300.png\" class=\"attachment-medium size-medium\" alt=\"Schloss Vaux Rheingauer Riesling R\u00e9serve Brut 2016 1,5 L Magnum\" srcset=\"https:\/\/schaumweinkontor.com\/wp-content\/uploads\/2022\/11\/Schloss-Vaux-Rheingauer-Riesling-Reserve-Brut-2016-15-L-Magnum-300x300.png 300w, https:\/\/schaumweinkontor.com\/wp-content\/uploads\/2022\/11\/Schloss-Vaux-Rheingauer-Riesling-Reserve-Brut-2016-15-L-Magnum-100x100.png 100w, https:\/\/schaumweinkontor.com\/wp-content\/uploads\/2022\/11\/Schloss-Vaux-Rheingauer-Riesling-Reserve-Brut-2016-15-L-Magnum-510x510.png 510w, https:\/\/schaumweinkontor.com\/wp-content\/uploads\/2022\/11\/Schloss-Vaux-Rheingauer-Riesling-Reserve-Brut-2016-15-L-Magnum-150x150.png 150w, https:\/\/schaumweinkontor.com\/wp-content\/uploads\/2022\/11\/Schloss-Vaux-Rheingauer-Riesling-Reserve-Brut-2016-15-L-Magnum-768x768.png 768w, https:\/\/schaumweinkontor.com\/wp-content\/uploads\/2022\/11\/Schloss-Vaux-Rheingauer-Riesling-Reserve-Brut-2016-15-L-Magnum.png 1000w\" sizes=\"auto, (max-width: 300px) 100vw, 300px\" \/>\t\t\t\t\t\t\t\t\t<\/a>\n\t\t\t\t\t\t\t\t\t\t\t\t\t\t\t\t\t\t \t\t\t\t\t\t\t\t<\/div>\n\t\t\t\t\t\t\t\t<div class=\"image-tools top right show-on-hover\">\n\t\t\t\t\t\t\t\t\t\t\t\t\t\t\t\t\t<\/div>\n\t\t\t\t\t\t\t\t\t\t\t\t\t\t\t\t\t<div class=\"image-tools grid-tools text-center hide-for-small bottom hover-slide-in show-on-hover\">\n\t\t\t\t\t\t\t\t\t\t\t\t\t\t\t\t\t\t\t<\/div>\n\t\t\t\t\t\t\t\t\t\t\t\t\t\t\t\t\t\t\t\t\t\t\t<\/div>\n\n\t\t\t\t\t\t\t<div class=\"box-text text-center\" >\n\t\t\t\t\t\t\t\t<div class=\"title-wrapper\">\t\t<p class=\"category uppercase is-smaller no-text-overflow product-cat op-7\">\n\t\t\tSchloss Vaux\t\t<\/p>\n\t<p class=\"name product-title woocommerce-loop-product__title\"><a href=\"https:\/\/schaumweinkontor.com\/en\/produkt\/schloss-vaux-rheingauer-riesling-reserve-brut-2016-15-l-magnum\/\" class=\"woocommerce-LoopProduct-link woocommerce-loop-product__link\">Schloss Vaux Rheingauer Riesling R\u00e9serve Brut 2016 1,5 L Magnum<\/a><\/p><\/div><div class=\"price-wrapper\">\n\t<span class=\"price\"><span class=\"woocommerce-Price-amount amount\" role=\"none\"><bdi><span class=\"woocommerce-Price-currencySymbol\">&euro;<\/span>&nbsp;75,80<\/bdi><\/span> <small class=\"woocommerce-price-suffix\">inkl. MwSt.<\/small><\/span>\n<\/div><div class=\"add-to-cart-button\"><a href=\"\/en\/wp-json\/wp\/v2\/pages\/4628?add-to-cart=4719\" aria-describedby=\"woocommerce_loop_add_to_cart_link_describedby_4719\" data-quantity=\"1\" class=\"primary is-small mb-0 button product_type_simple add_to_cart_button ajax_add_to_cart is-outline\" data-product_id=\"4719\" data-product_sku=\"100300252\" aria-label=\"Add to cart: &ldquo;Schloss Vaux Rheingauer Riesling R\u00e9serve Brut 2016 1,5 L Magnum&rdquo;\" rel=\"nofollow\" data-success_message=\"&ldquo;Schloss Vaux Rheingauer Riesling R\u00e9serve Brut 2016 1,5 L Magnum&rdquo; has been added to your cart\" role=\"button\">Add to cart<\/a><\/div>\t<span id=\"woocommerce_loop_add_to_cart_link_describedby_4719\" class=\"screen-reader-text\">\n\t\t\t<\/span>\n\t\t\t\t\t\t\t<\/div>\n\t\t\t\t\t\t<\/div>\n\t\t\t\t\t\t<\/div>\n\t\t\t\t\t<\/div><\/div>\n\n\n\t\t<\/div>\n\t\t\t\t\t<\/div>\n\n\t\n\n\n<style>\n#row-730897173 > .col > .col-inner {\n  padding: 15px 0px 0px 0px;\n}\n<\/style>\n<\/div>\n\n\t\t<\/div>\n\n\t\t\n<style>\n#section_1326529675 {\n  padding-top: 20px;\n  padding-bottom: 20px;\n  margin-bottom: 30px;\n}\n#section_1326529675 .section-bg.bg-loaded {\n  background-image: url(https:\/\/schaumweinkontor.com\/wp-content\/uploads\/2022\/06\/landscape-illu-gold-transp.png);\n}\n<\/style>\n\t<\/section>\n\t\n<\/div>\n<div id=\"Frankreich\">\n\t<section class=\"section hide-for-small\" id=\"section_1543438683\">\n\t\t<div class=\"bg section-bg fill bg-fill  bg-loaded\" >\n\n\t\t\t\n\t\t\t\n\t\t\t\n\n\t\t<\/div>\n\n\t\t\n\n\t\t<div class=\"section-content relative\">\n\t\t\t\n\n<div class=\"row row-collapse row-full-width align-middle blau-verlauf\"  id=\"row-107062657\">\n\n\n\t<div id=\"col-1907804834\" class=\"col medium-6 small-12 large-6\"  >\n\t\t\t\t<div class=\"col-inner\"  >\n\t\t\t\n\t\t\t\n\n\t<div id=\"text-548711708\" class=\"text\">\n\t\t\n\n<h2>France<\/h2>\n\t\t\n<style>\n#text-548711708 {\n  font-size: 1.5rem;\n  line-height: 2;\n}\n<\/style>\n\t<\/div>\n\t\n\n\t\t<\/div>\n\t\t\t\t\t<\/div>\n\n\t\n\n\t<div id=\"col-1783425678\" class=\"col medium-6 small-12 large-6\"  >\n\t\t\t\t<div class=\"col-inner\"  >\n\t\t\t\n\t\t\t\n\n<h5 id=\"champagner\" class=\"uppercase\" style=\"text-align: right;\"><span style=\"color: #b79549;\"> Champagne<\/span><\/h5>\n\n\t\t<\/div>\n\t\t\t\t\t<\/div>\n\n\t\n\n\n<style>\n#row-107062657 > .col > .col-inner {\n  padding: 0px 20px 0px 20px;\n  border-radius: 74px;\n}\n<\/style>\n<\/div>\n\n\t\t<\/div>\n\n\t\t\n<style>\n#section_1543438683 {\n  padding-top: 0px;\n  padding-bottom: 0px;\n}\n<\/style>\n\t<\/section>\n\t\n\t<section class=\"section bg_winzer hide-for-small\" id=\"section_1721208147\">\n\t\t<div class=\"bg section-bg fill bg-fill  \" >\n\n\t\t\t\n\t\t\t\n\t\t\t\n\n\t\t<\/div>\n\n\t\t\n\n\t\t<div class=\"section-content relative\">\n\t\t\t\n\n<div class=\"row align-middle align-center\"  id=\"row-257407366\">\n\n\n\t<div id=\"col-219611867\" class=\"col small-12 large-12\"  >\n\t\t\t\t<div class=\"col-inner\"  >\n\t\t\t\n\t\t\t\n\n<h2 id=\"dremont\" class=\"uppercase\" style=\"text-align: center;\">Dr\u00e9mont-Marroy<\/h2>\n\n\t\t<\/div>\n\t\t\t\t\t<\/div>\n\n\t\n\n\n<style>\n#row-257407366 > .col > .col-inner {\n  padding: 15px 0px 0px 0px;\n}\n<\/style>\n<\/div>\n\n\t\t<\/div>\n\n\t\t\n<style>\n#section_1721208147 {\n  padding-top: 20px;\n  padding-bottom: 20px;\n  margin-bottom: 30px;\n}\n#section_1721208147 .section-bg.bg-loaded {\n  background-image: url(https:\/\/schaumweinkontor.com\/wp-content\/uploads\/2022\/06\/landscape-illu-gold-transp.png);\n}\n<\/style>\n\t<\/section>\n\t\n<div class=\"row\"  id=\"row-2086036582\">\n\n\n\t<div id=\"col-1543451137\" class=\"col small-12 large-12\"  >\n\t\t\t\t<div class=\"col-inner\"  >\n\t\t\t\n\t\t\t\n\n\n  \n    <div class=\"row margin-auto equalize-box large-columns-3 medium-columns- small-columns-2 row-large has-shadow row-box-shadow-2 row-box-shadow-4-hover\" >\n  \t\n\t     <div class=\"col\" data-animate=\"fadeInUp\">\n\t\t\t\t\t\t<div class=\"col-inner\">\n\t\t\t\t\t\t\n<div class=\"badge-container badge-custom absolute right top z-1\">\n\n<\/div>\n\t\t\t\t\t\t<div class=\"product-small box margin-auto has-hover box-normal box-text-bottom\">\n\t\t\t\t\t\t\t<div class=\"box-image\" >\n\t\t\t\t\t\t\t\t<div class=\"\" >\n\t\t\t\t\t\t\t\t\t<a href=\"https:\/\/schaumweinkontor.com\/en\/produkt\/champagne-dremont-marroy-le-triau-extra-brut-075-l\/\" aria-label=\"Champagne Dremont Marroy Le Triau Extra Brut 0,75 L\">\n\t\t\t\t\t\t\t\t\t\t<img loading=\"lazy\" decoding=\"async\" width=\"300\" height=\"300\" src=\"https:\/\/schaumweinkontor.com\/wp-content\/uploads\/2024\/04\/Dremont-Le-Triau-300x300.png\" class=\"attachment-medium size-medium\" alt=\"Champagne Dremont Marroy Le Triau Extra Brut 0,75 L\" srcset=\"https:\/\/schaumweinkontor.com\/wp-content\/uploads\/2024\/04\/Dremont-Le-Triau-300x300.png 300w, https:\/\/schaumweinkontor.com\/wp-content\/uploads\/2024\/04\/Dremont-Le-Triau-100x100.png 100w, https:\/\/schaumweinkontor.com\/wp-content\/uploads\/2024\/04\/Dremont-Le-Triau-510x510.png 510w, https:\/\/schaumweinkontor.com\/wp-content\/uploads\/2024\/04\/Dremont-Le-Triau-150x150.png 150w, https:\/\/schaumweinkontor.com\/wp-content\/uploads\/2024\/04\/Dremont-Le-Triau-768x768.png 768w, https:\/\/schaumweinkontor.com\/wp-content\/uploads\/2024\/04\/Dremont-Le-Triau.png 1000w\" sizes=\"auto, (max-width: 300px) 100vw, 300px\" \/>\t\t\t\t\t\t\t\t\t<\/a>\n\t\t\t\t\t\t\t\t\t\t\t\t\t\t\t\t\t\t \t\t\t\t\t\t\t\t<\/div>\n\t\t\t\t\t\t\t\t<div class=\"image-tools top right show-on-hover\">\n\t\t\t\t\t\t\t\t\t\t\t\t\t\t\t\t\t<\/div>\n\t\t\t\t\t\t\t\t\t\t\t\t\t\t\t\t\t<div class=\"image-tools grid-tools text-center hide-for-small bottom hover-slide-in show-on-hover\">\n\t\t\t\t\t\t\t\t\t\t\t\t\t\t\t\t\t\t\t<\/div>\n\t\t\t\t\t\t\t\t\t\t\t\t\t\t\t\t\t\t\t\t\t\t\t<\/div>\n\n\t\t\t\t\t\t\t<div class=\"box-text text-center\" >\n\t\t\t\t\t\t\t\t<div class=\"title-wrapper\">\t\t<p class=\"category uppercase is-smaller no-text-overflow product-cat op-7\">\n\t\t\tChampagne\t\t<\/p>\n\t<p class=\"name product-title woocommerce-loop-product__title\"><a href=\"https:\/\/schaumweinkontor.com\/en\/produkt\/champagne-dremont-marroy-le-triau-extra-brut-075-l\/\" class=\"woocommerce-LoopProduct-link woocommerce-loop-product__link\">Champagne Dremont Marroy Le Triau Extra Brut 0,75 L<\/a><\/p><\/div><div class=\"price-wrapper\">\n\t<span class=\"price\"><span class=\"woocommerce-Price-amount amount\" role=\"none\"><bdi><span class=\"woocommerce-Price-currencySymbol\">&euro;<\/span>&nbsp;39,00<\/bdi><\/span> <small class=\"woocommerce-price-suffix\">inkl. MwSt.<\/small><\/span>\n<\/div><div class=\"add-to-cart-button\"><a href=\"\/en\/wp-json\/wp\/v2\/pages\/4628?add-to-cart=5291\" aria-describedby=\"woocommerce_loop_add_to_cart_link_describedby_5291\" data-quantity=\"1\" class=\"primary is-small mb-0 button product_type_simple add_to_cart_button ajax_add_to_cart is-outline\" data-product_id=\"5291\" data-product_sku=\"100300180\" aria-label=\"Add to cart: &ldquo;Champagne Dremont Marroy Le Triau Extra Brut 0,75 L&rdquo;\" rel=\"nofollow\" data-success_message=\"&ldquo;Champagne Dremont Marroy Le Triau Extra Brut 0,75 L&rdquo; has been added to your cart\" role=\"button\">Add to cart<\/a><\/div>\t<span id=\"woocommerce_loop_add_to_cart_link_describedby_5291\" class=\"screen-reader-text\">\n\t\t\t<\/span>\n\t\t\t\t\t\t\t<\/div>\n\t\t\t\t\t\t<\/div>\n\t\t\t\t\t\t<\/div>\n\t\t\t\t\t<\/div><div class=\"col\" data-animate=\"fadeInUp\">\n\t\t\t\t\t\t<div class=\"col-inner\">\n\t\t\t\t\t\t\n<div class=\"badge-container badge-custom absolute right top z-1\">\n\n<\/div>\n\t\t\t\t\t\t<div class=\"product-small box margin-auto has-hover box-normal box-text-bottom\">\n\t\t\t\t\t\t\t<div class=\"box-image\" >\n\t\t\t\t\t\t\t\t<div class=\"\" >\n\t\t\t\t\t\t\t\t\t<a href=\"https:\/\/schaumweinkontor.com\/en\/produkt\/champagne-dremont-marroy-le-triau-extra-brut-075-l-copy\/\" aria-label=\"Champagne Dremont Marroy Le Triau Extra Brut 0,75 L\">\n\t\t\t\t\t\t\t\t\t\t<img loading=\"lazy\" decoding=\"async\" width=\"300\" height=\"300\" src=\"https:\/\/schaumweinkontor.com\/wp-content\/uploads\/2024\/04\/Dremont-La-Lierie-300x300.png\" class=\"attachment-medium size-medium\" alt=\"Champagne Dremont Marroy Le Triau Extra Brut 0,75 L\" srcset=\"https:\/\/schaumweinkontor.com\/wp-content\/uploads\/2024\/04\/Dremont-La-Lierie-300x300.png 300w, https:\/\/schaumweinkontor.com\/wp-content\/uploads\/2024\/04\/Dremont-La-Lierie-100x100.png 100w, https:\/\/schaumweinkontor.com\/wp-content\/uploads\/2024\/04\/Dremont-La-Lierie-510x510.png 510w, https:\/\/schaumweinkontor.com\/wp-content\/uploads\/2024\/04\/Dremont-La-Lierie-150x150.png 150w, https:\/\/schaumweinkontor.com\/wp-content\/uploads\/2024\/04\/Dremont-La-Lierie-768x768.png 768w, https:\/\/schaumweinkontor.com\/wp-content\/uploads\/2024\/04\/Dremont-La-Lierie.png 1000w\" sizes=\"auto, (max-width: 300px) 100vw, 300px\" \/>\t\t\t\t\t\t\t\t\t<\/a>\n\t\t\t\t\t\t\t\t\t\t\t\t\t\t\t\t\t\t \t\t\t\t\t\t\t\t<\/div>\n\t\t\t\t\t\t\t\t<div class=\"image-tools top right show-on-hover\">\n\t\t\t\t\t\t\t\t\t\t\t\t\t\t\t\t\t<\/div>\n\t\t\t\t\t\t\t\t\t\t\t\t\t\t\t\t\t<div class=\"image-tools grid-tools text-center hide-for-small bottom hover-slide-in show-on-hover\">\n\t\t\t\t\t\t\t\t\t\t\t\t\t\t\t\t\t\t\t<\/div>\n\t\t\t\t\t\t\t\t\t\t\t\t\t\t\t\t\t\t\t\t\t\t\t<\/div>\n\n\t\t\t\t\t\t\t<div class=\"box-text text-center\" >\n\t\t\t\t\t\t\t\t<div class=\"title-wrapper\">\t\t<p class=\"category uppercase is-smaller no-text-overflow product-cat op-7\">\n\t\t\tChampagne\t\t<\/p>\n\t<p class=\"name product-title woocommerce-loop-product__title\"><a href=\"https:\/\/schaumweinkontor.com\/en\/produkt\/champagne-dremont-marroy-le-triau-extra-brut-075-l-copy\/\" class=\"woocommerce-LoopProduct-link woocommerce-loop-product__link\">Champagne Dremont Marroy Le Triau Extra Brut 0,75 L<\/a><\/p><\/div><div class=\"price-wrapper\">\n\t<span class=\"price\"><span class=\"woocommerce-Price-amount amount\" role=\"none\"><bdi><span class=\"woocommerce-Price-currencySymbol\">&euro;<\/span>&nbsp;39,50<\/bdi><\/span> <small class=\"woocommerce-price-suffix\">inkl. MwSt.<\/small><\/span>\n<\/div><div class=\"add-to-cart-button\"><a href=\"\/en\/wp-json\/wp\/v2\/pages\/4628?add-to-cart=5293\" aria-describedby=\"woocommerce_loop_add_to_cart_link_describedby_5293\" data-quantity=\"1\" class=\"primary is-small mb-0 button product_type_simple add_to_cart_button ajax_add_to_cart is-outline\" data-product_id=\"5293\" data-product_sku=\"100300181\" aria-label=\"Add to cart: &ldquo;Champagne Dremont Marroy Le Triau Extra Brut 0,75 L&rdquo;\" rel=\"nofollow\" data-success_message=\"&ldquo;Champagne Dremont Marroy Le Triau Extra Brut 0,75 L&rdquo; has been added to your cart\" role=\"button\">Add to cart<\/a><\/div>\t<span id=\"woocommerce_loop_add_to_cart_link_describedby_5293\" class=\"screen-reader-text\">\n\t\t\t<\/span>\n\t\t\t\t\t\t\t<\/div>\n\t\t\t\t\t\t<\/div>\n\t\t\t\t\t\t<\/div>\n\t\t\t\t\t<\/div><div class=\"col\" data-animate=\"fadeInUp\">\n\t\t\t\t\t\t<div class=\"col-inner\">\n\t\t\t\t\t\t\n<div class=\"badge-container badge-custom absolute right top z-1\">\n\n<\/div>\n\t\t\t\t\t\t<div class=\"product-small box margin-auto has-hover box-normal box-text-bottom\">\n\t\t\t\t\t\t\t<div class=\"box-image\" >\n\t\t\t\t\t\t\t\t<div class=\"\" >\n\t\t\t\t\t\t\t\t\t<a href=\"https:\/\/schaumweinkontor.com\/en\/produkt\/champagne-dremont-marroy-blanc-de-meandre-bdb-extra-brut-075-l\/\" aria-label=\"Champagne Dremont Marroy Blanc de Meandre BdB Extra Brut 0,75 L\">\n\t\t\t\t\t\t\t\t\t\t<img loading=\"lazy\" decoding=\"async\" width=\"300\" height=\"300\" src=\"https:\/\/schaumweinkontor.com\/wp-content\/uploads\/2024\/04\/Dremont-Blanc-de-Meandre-300x300.png\" class=\"attachment-medium size-medium\" alt=\"Champagne Dremont Marroy Blanc de Meandre BdB Extra Brut 0,75 L\" srcset=\"https:\/\/schaumweinkontor.com\/wp-content\/uploads\/2024\/04\/Dremont-Blanc-de-Meandre-300x300.png 300w, https:\/\/schaumweinkontor.com\/wp-content\/uploads\/2024\/04\/Dremont-Blanc-de-Meandre-100x100.png 100w, https:\/\/schaumweinkontor.com\/wp-content\/uploads\/2024\/04\/Dremont-Blanc-de-Meandre-510x510.png 510w, https:\/\/schaumweinkontor.com\/wp-content\/uploads\/2024\/04\/Dremont-Blanc-de-Meandre-150x150.png 150w, https:\/\/schaumweinkontor.com\/wp-content\/uploads\/2024\/04\/Dremont-Blanc-de-Meandre-768x768.png 768w, https:\/\/schaumweinkontor.com\/wp-content\/uploads\/2024\/04\/Dremont-Blanc-de-Meandre.png 1000w\" sizes=\"auto, (max-width: 300px) 100vw, 300px\" \/>\t\t\t\t\t\t\t\t\t<\/a>\n\t\t\t\t\t\t\t\t\t\t\t\t\t\t\t\t\t\t \t\t\t\t\t\t\t\t<\/div>\n\t\t\t\t\t\t\t\t<div class=\"image-tools top right show-on-hover\">\n\t\t\t\t\t\t\t\t\t\t\t\t\t\t\t\t\t<\/div>\n\t\t\t\t\t\t\t\t\t\t\t\t\t\t\t\t\t<div class=\"image-tools grid-tools text-center hide-for-small bottom hover-slide-in show-on-hover\">\n\t\t\t\t\t\t\t\t\t\t\t\t\t\t\t\t\t\t\t<\/div>\n\t\t\t\t\t\t\t\t\t\t\t\t\t\t\t\t\t\t\t\t\t\t\t<\/div>\n\n\t\t\t\t\t\t\t<div class=\"box-text text-center\" >\n\t\t\t\t\t\t\t\t<div class=\"title-wrapper\">\t\t<p class=\"category uppercase is-smaller no-text-overflow product-cat op-7\">\n\t\t\tChampagne\t\t<\/p>\n\t<p class=\"name product-title woocommerce-loop-product__title\"><a href=\"https:\/\/schaumweinkontor.com\/en\/produkt\/champagne-dremont-marroy-blanc-de-meandre-bdb-extra-brut-075-l\/\" class=\"woocommerce-LoopProduct-link woocommerce-loop-product__link\">Champagne Dremont Marroy Blanc de Meandre BdB Extra Brut 0,75 L<\/a><\/p><\/div><div class=\"price-wrapper\">\n\t<span class=\"price\"><span class=\"woocommerce-Price-amount amount\" role=\"none\"><bdi><span class=\"woocommerce-Price-currencySymbol\">&euro;<\/span>&nbsp;43,60<\/bdi><\/span> <small class=\"woocommerce-price-suffix\">inkl. MwSt.<\/small><\/span>\n<\/div><div class=\"add-to-cart-button\"><a href=\"\/en\/wp-json\/wp\/v2\/pages\/4628?add-to-cart=5300\" aria-describedby=\"woocommerce_loop_add_to_cart_link_describedby_5300\" data-quantity=\"1\" class=\"primary is-small mb-0 button product_type_simple add_to_cart_button ajax_add_to_cart is-outline\" data-product_id=\"5300\" data-product_sku=\"100300183\" aria-label=\"Add to cart: &ldquo;Champagne Dremont Marroy Blanc de Meandre BdB Extra Brut 0,75 L&rdquo;\" rel=\"nofollow\" data-success_message=\"&ldquo;Champagne Dremont Marroy Blanc de Meandre BdB Extra Brut 0,75 L&rdquo; has been added to your cart\" role=\"button\">Add to cart<\/a><\/div>\t<span id=\"woocommerce_loop_add_to_cart_link_describedby_5300\" class=\"screen-reader-text\">\n\t\t\t<\/span>\n\t\t\t\t\t\t\t<\/div>\n\t\t\t\t\t\t<\/div>\n\t\t\t\t\t\t<\/div>\n\t\t\t\t\t<\/div><div class=\"col\" data-animate=\"fadeInUp\">\n\t\t\t\t\t\t<div class=\"col-inner\">\n\t\t\t\t\t\t\n<div class=\"badge-container badge-custom absolute right top z-1\">\n\n<\/div>\n\t\t\t\t\t\t<div class=\"product-small box margin-auto has-hover box-normal box-text-bottom\">\n\t\t\t\t\t\t\t<div class=\"box-image\" >\n\t\t\t\t\t\t\t\t<div class=\"\" >\n\t\t\t\t\t\t\t\t\t<a href=\"https:\/\/schaumweinkontor.com\/en\/produkt\/champagne-dremont-marroy-les-rosiers-extra-brut-075-l\/\" aria-label=\"Champagne Dremont Marroy Les Rosiers Extra Brut 0,75 L\">\n\t\t\t\t\t\t\t\t\t\t<img loading=\"lazy\" decoding=\"async\" width=\"300\" height=\"300\" src=\"https:\/\/schaumweinkontor.com\/wp-content\/uploads\/2024\/04\/Dremont-Les-Rosiers-300x300.png\" class=\"attachment-medium size-medium\" alt=\"Champagne Dremont Marroy Les Rosiers Extra Brut 0,75 L\" srcset=\"https:\/\/schaumweinkontor.com\/wp-content\/uploads\/2024\/04\/Dremont-Les-Rosiers-300x300.png 300w, https:\/\/schaumweinkontor.com\/wp-content\/uploads\/2024\/04\/Dremont-Les-Rosiers-100x100.png 100w, https:\/\/schaumweinkontor.com\/wp-content\/uploads\/2024\/04\/Dremont-Les-Rosiers-510x510.png 510w, https:\/\/schaumweinkontor.com\/wp-content\/uploads\/2024\/04\/Dremont-Les-Rosiers-150x150.png 150w, https:\/\/schaumweinkontor.com\/wp-content\/uploads\/2024\/04\/Dremont-Les-Rosiers-768x768.png 768w, https:\/\/schaumweinkontor.com\/wp-content\/uploads\/2024\/04\/Dremont-Les-Rosiers.png 1000w\" sizes=\"auto, (max-width: 300px) 100vw, 300px\" \/>\t\t\t\t\t\t\t\t\t<\/a>\n\t\t\t\t\t\t\t\t\t\t\t\t\t\t\t\t\t\t \t\t\t\t\t\t\t\t<\/div>\n\t\t\t\t\t\t\t\t<div class=\"image-tools top right show-on-hover\">\n\t\t\t\t\t\t\t\t\t\t\t\t\t\t\t\t\t<\/div>\n\t\t\t\t\t\t\t\t\t\t\t\t\t\t\t\t\t<div class=\"image-tools grid-tools text-center hide-for-small bottom hover-slide-in show-on-hover\">\n\t\t\t\t\t\t\t\t\t\t\t\t\t\t\t\t\t\t\t<\/div>\n\t\t\t\t\t\t\t\t\t\t\t\t\t\t\t\t\t\t\t\t\t\t\t<\/div>\n\n\t\t\t\t\t\t\t<div class=\"box-text text-center\" >\n\t\t\t\t\t\t\t\t<div class=\"title-wrapper\">\t\t<p class=\"category uppercase is-smaller no-text-overflow product-cat op-7\">\n\t\t\tChampagne\t\t<\/p>\n\t<p class=\"name product-title woocommerce-loop-product__title\"><a href=\"https:\/\/schaumweinkontor.com\/en\/produkt\/champagne-dremont-marroy-les-rosiers-extra-brut-075-l\/\" class=\"woocommerce-LoopProduct-link woocommerce-loop-product__link\">Champagne Dremont Marroy Les Rosiers Extra Brut 0,75 L<\/a><\/p><\/div><div class=\"price-wrapper\">\n\t<span class=\"price\"><span class=\"woocommerce-Price-amount amount\" role=\"none\"><bdi><span class=\"woocommerce-Price-currencySymbol\">&euro;<\/span>&nbsp;44,50<\/bdi><\/span> <small class=\"woocommerce-price-suffix\">inkl. MwSt.<\/small><\/span>\n<\/div><div class=\"add-to-cart-button\"><a href=\"\/en\/wp-json\/wp\/v2\/pages\/4628?add-to-cart=5298\" aria-describedby=\"woocommerce_loop_add_to_cart_link_describedby_5298\" data-quantity=\"1\" class=\"primary is-small mb-0 button product_type_simple add_to_cart_button ajax_add_to_cart is-outline\" data-product_id=\"5298\" data-product_sku=\"100300182\" aria-label=\"Add to cart: &ldquo;Champagne Dremont Marroy Les Rosiers Extra Brut 0,75 L&rdquo;\" rel=\"nofollow\" data-success_message=\"&ldquo;Champagne Dremont Marroy Les Rosiers Extra Brut 0,75 L&rdquo; has been added to your cart\" role=\"button\">Add to cart<\/a><\/div>\t<span id=\"woocommerce_loop_add_to_cart_link_describedby_5298\" class=\"screen-reader-text\">\n\t\t\t<\/span>\n\t\t\t\t\t\t\t<\/div>\n\t\t\t\t\t\t<\/div>\n\t\t\t\t\t\t<\/div>\n\t\t\t\t\t<\/div><div class=\"col\" data-animate=\"fadeInUp\">\n\t\t\t\t\t\t<div class=\"col-inner\">\n\t\t\t\t\t\t\n<div class=\"badge-container badge-custom absolute right top z-1\">\n\n<\/div>\n\t\t\t\t\t\t<div class=\"product-small box margin-auto has-hover box-normal box-text-bottom\">\n\t\t\t\t\t\t\t<div class=\"box-image\" >\n\t\t\t\t\t\t\t\t<div class=\"\" >\n\t\t\t\t\t\t\t\t\t<a href=\"https:\/\/schaumweinkontor.com\/en\/produkt\/champagne-dremont-marroy-eclosion-meunier-extra-brut-075-l\/\" aria-label=\"Champagne Dremont Marroy Eclosion Meunier Extra Brut 0,75 L\">\n\t\t\t\t\t\t\t\t\t\t<img loading=\"lazy\" decoding=\"async\" width=\"300\" height=\"300\" src=\"https:\/\/schaumweinkontor.com\/wp-content\/uploads\/2024\/04\/Dremont-Eclosion-Meunier-300x300.png\" class=\"attachment-medium size-medium\" alt=\"Champagne Dremont Marroy Eclosion Meunier Extra Brut 0,75 L\" srcset=\"https:\/\/schaumweinkontor.com\/wp-content\/uploads\/2024\/04\/Dremont-Eclosion-Meunier-300x300.png 300w, https:\/\/schaumweinkontor.com\/wp-content\/uploads\/2024\/04\/Dremont-Eclosion-Meunier-100x100.png 100w, https:\/\/schaumweinkontor.com\/wp-content\/uploads\/2024\/04\/Dremont-Eclosion-Meunier-510x510.png 510w, https:\/\/schaumweinkontor.com\/wp-content\/uploads\/2024\/04\/Dremont-Eclosion-Meunier-150x150.png 150w, https:\/\/schaumweinkontor.com\/wp-content\/uploads\/2024\/04\/Dremont-Eclosion-Meunier-768x768.png 768w, https:\/\/schaumweinkontor.com\/wp-content\/uploads\/2024\/04\/Dremont-Eclosion-Meunier.png 1000w\" sizes=\"auto, (max-width: 300px) 100vw, 300px\" \/>\t\t\t\t\t\t\t\t\t<\/a>\n\t\t\t\t\t\t\t\t\t\t\t\t\t\t\t\t\t\t \t\t\t\t\t\t\t\t<\/div>\n\t\t\t\t\t\t\t\t<div class=\"image-tools top right show-on-hover\">\n\t\t\t\t\t\t\t\t\t\t\t\t\t\t\t\t\t<\/div>\n\t\t\t\t\t\t\t\t\t\t\t\t\t\t\t\t\t<div class=\"image-tools grid-tools text-center hide-for-small bottom hover-slide-in show-on-hover\">\n\t\t\t\t\t\t\t\t\t\t\t\t\t\t\t\t\t\t\t<\/div>\n\t\t\t\t\t\t\t\t\t\t\t\t\t\t\t\t\t\t\t\t\t\t\t<\/div>\n\n\t\t\t\t\t\t\t<div class=\"box-text text-center\" >\n\t\t\t\t\t\t\t\t<div class=\"title-wrapper\">\t\t<p class=\"category uppercase is-smaller no-text-overflow product-cat op-7\">\n\t\t\tChampagne\t\t<\/p>\n\t<p class=\"name product-title woocommerce-loop-product__title\"><a href=\"https:\/\/schaumweinkontor.com\/en\/produkt\/champagne-dremont-marroy-eclosion-meunier-extra-brut-075-l\/\" class=\"woocommerce-LoopProduct-link woocommerce-loop-product__link\">Champagne Dremont Marroy Eclosion Meunier Extra Brut 0,75 L<\/a><\/p><\/div><div class=\"price-wrapper\">\n\t<span class=\"price\"><span class=\"woocommerce-Price-amount amount\" role=\"none\"><bdi><span class=\"woocommerce-Price-currencySymbol\">&euro;<\/span>&nbsp;49,00<\/bdi><\/span> <small class=\"woocommerce-price-suffix\">inkl. MwSt.<\/small><\/span>\n<\/div><div class=\"add-to-cart-button\"><a href=\"\/en\/wp-json\/wp\/v2\/pages\/4628?add-to-cart=5302\" aria-describedby=\"woocommerce_loop_add_to_cart_link_describedby_5302\" data-quantity=\"1\" class=\"primary is-small mb-0 button product_type_simple add_to_cart_button ajax_add_to_cart is-outline\" data-product_id=\"5302\" data-product_sku=\"100300184\" aria-label=\"Add to cart: &ldquo;Champagne Dremont Marroy Eclosion Meunier Extra Brut 0,75 L&rdquo;\" rel=\"nofollow\" data-success_message=\"&ldquo;Champagne Dremont Marroy Eclosion Meunier Extra Brut 0,75 L&rdquo; has been added to your cart\" role=\"button\">Add to cart<\/a><\/div>\t<span id=\"woocommerce_loop_add_to_cart_link_describedby_5302\" class=\"screen-reader-text\">\n\t\t\t<\/span>\n\t\t\t\t\t\t\t<\/div>\n\t\t\t\t\t\t<\/div>\n\t\t\t\t\t\t<\/div>\n\t\t\t\t\t<\/div><div class=\"col\" data-animate=\"fadeInUp\">\n\t\t\t\t\t\t<div class=\"col-inner\">\n\t\t\t\t\t\t\n<div class=\"badge-container badge-custom absolute right top z-1\">\n\n<\/div>\n\t\t\t\t\t\t<div class=\"product-small box margin-auto has-hover box-normal box-text-bottom\">\n\t\t\t\t\t\t\t<div class=\"box-image\" >\n\t\t\t\t\t\t\t\t<div class=\"\" >\n\t\t\t\t\t\t\t\t\t<a href=\"https:\/\/schaumweinkontor.com\/en\/produkt\/champagne-dremont-marroy-eclusion-pinot-noir-extra-brut-075-l\/\" aria-label=\"Champagne Dremont Marroy Eclusion Pinot Noir Extra Brut 0,75 L\">\n\t\t\t\t\t\t\t\t\t\t<img loading=\"lazy\" decoding=\"async\" width=\"300\" height=\"300\" src=\"https:\/\/schaumweinkontor.com\/wp-content\/uploads\/2024\/04\/Dremont-Eclosion-Pinot-Noir-300x300.png\" class=\"attachment-medium size-medium\" alt=\"Champagne Dremont Marroy Eclusion Pinot Noir Extra Brut 0,75 L\" srcset=\"https:\/\/schaumweinkontor.com\/wp-content\/uploads\/2024\/04\/Dremont-Eclosion-Pinot-Noir-300x300.png 300w, https:\/\/schaumweinkontor.com\/wp-content\/uploads\/2024\/04\/Dremont-Eclosion-Pinot-Noir-100x100.png 100w, https:\/\/schaumweinkontor.com\/wp-content\/uploads\/2024\/04\/Dremont-Eclosion-Pinot-Noir-510x510.png 510w, https:\/\/schaumweinkontor.com\/wp-content\/uploads\/2024\/04\/Dremont-Eclosion-Pinot-Noir-150x150.png 150w, https:\/\/schaumweinkontor.com\/wp-content\/uploads\/2024\/04\/Dremont-Eclosion-Pinot-Noir-768x768.png 768w, https:\/\/schaumweinkontor.com\/wp-content\/uploads\/2024\/04\/Dremont-Eclosion-Pinot-Noir.png 1000w\" sizes=\"auto, (max-width: 300px) 100vw, 300px\" \/>\t\t\t\t\t\t\t\t\t<\/a>\n\t\t\t\t\t\t\t\t\t\t\t\t\t\t\t\t\t\t \t\t\t\t\t\t\t\t<\/div>\n\t\t\t\t\t\t\t\t<div class=\"image-tools top right show-on-hover\">\n\t\t\t\t\t\t\t\t\t\t\t\t\t\t\t\t\t<\/div>\n\t\t\t\t\t\t\t\t\t\t\t\t\t\t\t\t\t<div class=\"image-tools grid-tools text-center hide-for-small bottom hover-slide-in show-on-hover\">\n\t\t\t\t\t\t\t\t\t\t\t\t\t\t\t\t\t\t\t<\/div>\n\t\t\t\t\t\t\t\t\t\t\t\t\t\t\t\t\t\t\t\t\t\t\t<\/div>\n\n\t\t\t\t\t\t\t<div class=\"box-text text-center\" >\n\t\t\t\t\t\t\t\t<div class=\"title-wrapper\">\t\t<p class=\"category uppercase is-smaller no-text-overflow product-cat op-7\">\n\t\t\tChampagne\t\t<\/p>\n\t<p class=\"name product-title woocommerce-loop-product__title\"><a href=\"https:\/\/schaumweinkontor.com\/en\/produkt\/champagne-dremont-marroy-eclusion-pinot-noir-extra-brut-075-l\/\" class=\"woocommerce-LoopProduct-link woocommerce-loop-product__link\">Champagne Dremont Marroy Eclusion Pinot Noir Extra Brut 0,75 L<\/a><\/p><\/div><div class=\"price-wrapper\">\n\t<span class=\"price\"><span class=\"woocommerce-Price-amount amount\" role=\"none\"><bdi><span class=\"woocommerce-Price-currencySymbol\">&euro;<\/span>&nbsp;49,00<\/bdi><\/span> <small class=\"woocommerce-price-suffix\">inkl. MwSt.<\/small><\/span>\n<\/div><div class=\"add-to-cart-button\"><a href=\"\/en\/wp-json\/wp\/v2\/pages\/4628?add-to-cart=5304\" aria-describedby=\"woocommerce_loop_add_to_cart_link_describedby_5304\" data-quantity=\"1\" class=\"primary is-small mb-0 button product_type_simple add_to_cart_button ajax_add_to_cart is-outline\" data-product_id=\"5304\" data-product_sku=\"100300185\" aria-label=\"Add to cart: &ldquo;Champagne Dremont Marroy Eclusion Pinot Noir Extra Brut 0,75 L&rdquo;\" rel=\"nofollow\" data-success_message=\"&ldquo;Champagne Dremont Marroy Eclusion Pinot Noir Extra Brut 0,75 L&rdquo; has been added to your cart\" role=\"button\">Add to cart<\/a><\/div>\t<span id=\"woocommerce_loop_add_to_cart_link_describedby_5304\" class=\"screen-reader-text\">\n\t\t\t<\/span>\n\t\t\t\t\t\t\t<\/div>\n\t\t\t\t\t\t<\/div>\n\t\t\t\t\t\t<\/div>\n\t\t\t\t\t<\/div><div class=\"col\" data-animate=\"fadeInUp\">\n\t\t\t\t\t\t<div class=\"col-inner\">\n\t\t\t\t\t\t\n<div class=\"badge-container badge-custom absolute right top z-1\">\n\n<\/div>\n\t\t\t\t\t\t<div class=\"product-small box margin-auto has-hover box-normal box-text-bottom\">\n\t\t\t\t\t\t\t<div class=\"box-image\" >\n\t\t\t\t\t\t\t\t<div class=\"\" >\n\t\t\t\t\t\t\t\t\t<a href=\"https:\/\/schaumweinkontor.com\/en\/produkt\/champagne-dremont-marroy-eclusion-chardonnay-extra-brut-075-l\/\" aria-label=\"Champagne Dremont Marroy Eclusion Chardonnay Extra Brut 0,75 L\">\n\t\t\t\t\t\t\t\t\t\t<img loading=\"lazy\" decoding=\"async\" width=\"300\" height=\"300\" src=\"https:\/\/schaumweinkontor.com\/wp-content\/uploads\/2024\/04\/Exclosion-Chardonnay-300x300.png\" class=\"attachment-medium size-medium\" alt=\"Champagne Dremont Marroy Eclusion Chardonnay Extra Brut 0,75 L\" srcset=\"https:\/\/schaumweinkontor.com\/wp-content\/uploads\/2024\/04\/Exclosion-Chardonnay-300x300.png 300w, https:\/\/schaumweinkontor.com\/wp-content\/uploads\/2024\/04\/Exclosion-Chardonnay-100x100.png 100w, https:\/\/schaumweinkontor.com\/wp-content\/uploads\/2024\/04\/Exclosion-Chardonnay-510x510.png 510w, https:\/\/schaumweinkontor.com\/wp-content\/uploads\/2024\/04\/Exclosion-Chardonnay-150x150.png 150w, https:\/\/schaumweinkontor.com\/wp-content\/uploads\/2024\/04\/Exclosion-Chardonnay-768x768.png 768w, https:\/\/schaumweinkontor.com\/wp-content\/uploads\/2024\/04\/Exclosion-Chardonnay.png 1000w\" sizes=\"auto, (max-width: 300px) 100vw, 300px\" \/>\t\t\t\t\t\t\t\t\t<\/a>\n\t\t\t\t\t\t\t\t\t\t\t\t\t\t\t\t\t\t \t\t\t\t\t\t\t\t<\/div>\n\t\t\t\t\t\t\t\t<div class=\"image-tools top right show-on-hover\">\n\t\t\t\t\t\t\t\t\t\t\t\t\t\t\t\t\t<\/div>\n\t\t\t\t\t\t\t\t\t\t\t\t\t\t\t\t\t<div class=\"image-tools grid-tools text-center hide-for-small bottom hover-slide-in show-on-hover\">\n\t\t\t\t\t\t\t\t\t\t\t\t\t\t\t\t\t\t\t<\/div>\n\t\t\t\t\t\t\t\t\t\t\t\t\t\t\t\t\t\t\t\t\t\t\t<\/div>\n\n\t\t\t\t\t\t\t<div class=\"box-text text-center\" >\n\t\t\t\t\t\t\t\t<div class=\"title-wrapper\">\t\t<p class=\"category uppercase is-smaller no-text-overflow product-cat op-7\">\n\t\t\tChampagne\t\t<\/p>\n\t<p class=\"name product-title woocommerce-loop-product__title\"><a href=\"https:\/\/schaumweinkontor.com\/en\/produkt\/champagne-dremont-marroy-eclusion-chardonnay-extra-brut-075-l\/\" class=\"woocommerce-LoopProduct-link woocommerce-loop-product__link\">Champagne Dremont Marroy Eclusion Chardonnay Extra Brut 0,75 L<\/a><\/p><\/div><div class=\"price-wrapper\">\n\t<span class=\"price\"><span class=\"woocommerce-Price-amount amount\" role=\"none\"><bdi><span class=\"woocommerce-Price-currencySymbol\">&euro;<\/span>&nbsp;49,00<\/bdi><\/span> <small class=\"woocommerce-price-suffix\">inkl. MwSt.<\/small><\/span>\n<\/div><div class=\"add-to-cart-button\"><a href=\"\/en\/wp-json\/wp\/v2\/pages\/4628?add-to-cart=5306\" aria-describedby=\"woocommerce_loop_add_to_cart_link_describedby_5306\" data-quantity=\"1\" class=\"primary is-small mb-0 button product_type_simple add_to_cart_button ajax_add_to_cart is-outline\" data-product_id=\"5306\" data-product_sku=\"100300186\" aria-label=\"Add to cart: &ldquo;Champagne Dremont Marroy Eclusion Chardonnay Extra Brut 0,75 L&rdquo;\" rel=\"nofollow\" data-success_message=\"&ldquo;Champagne Dremont Marroy Eclusion Chardonnay Extra Brut 0,75 L&rdquo; has been added to your cart\" role=\"button\">Add to cart<\/a><\/div>\t<span id=\"woocommerce_loop_add_to_cart_link_describedby_5306\" class=\"screen-reader-text\">\n\t\t\t<\/span>\n\t\t\t\t\t\t\t<\/div>\n\t\t\t\t\t\t<\/div>\n\t\t\t\t\t\t<\/div>\n\t\t\t\t\t<\/div><div class=\"col\" data-animate=\"fadeInUp\">\n\t\t\t\t\t\t<div class=\"col-inner\">\n\t\t\t\t\t\t\n<div class=\"badge-container badge-custom absolute right top z-1\">\n\n<\/div>\n\t\t\t\t\t\t<div class=\"product-small box margin-auto has-hover box-normal box-text-bottom\">\n\t\t\t\t\t\t\t<div class=\"box-image\" >\n\t\t\t\t\t\t\t\t<div class=\"\" >\n\t\t\t\t\t\t\t\t\t<a href=\"https:\/\/schaumweinkontor.com\/en\/produkt\/champagne-dremont-marroy-le-triau-extra-brut-075-l-copy-2\/\" aria-label=\"Champagne Dremont Marroy La Lierie Extra Brut 1,5 L\">\n\t\t\t\t\t\t\t\t\t\t<img loading=\"lazy\" decoding=\"async\" width=\"300\" height=\"300\" src=\"https:\/\/schaumweinkontor.com\/wp-content\/uploads\/2024\/04\/Dremont-La-Lierie-300x300.png\" class=\"attachment-medium size-medium\" alt=\"Champagne Dremont Marroy La Lierie Extra Brut 1,5 L\" srcset=\"https:\/\/schaumweinkontor.com\/wp-content\/uploads\/2024\/04\/Dremont-La-Lierie-300x300.png 300w, https:\/\/schaumweinkontor.com\/wp-content\/uploads\/2024\/04\/Dremont-La-Lierie-100x100.png 100w, https:\/\/schaumweinkontor.com\/wp-content\/uploads\/2024\/04\/Dremont-La-Lierie-510x510.png 510w, https:\/\/schaumweinkontor.com\/wp-content\/uploads\/2024\/04\/Dremont-La-Lierie-150x150.png 150w, https:\/\/schaumweinkontor.com\/wp-content\/uploads\/2024\/04\/Dremont-La-Lierie-768x768.png 768w, https:\/\/schaumweinkontor.com\/wp-content\/uploads\/2024\/04\/Dremont-La-Lierie.png 1000w\" sizes=\"auto, (max-width: 300px) 100vw, 300px\" \/>\t\t\t\t\t\t\t\t\t<\/a>\n\t\t\t\t\t\t\t\t\t\t\t\t\t\t\t\t\t\t \t\t\t\t\t\t\t\t<\/div>\n\t\t\t\t\t\t\t\t<div class=\"image-tools top right show-on-hover\">\n\t\t\t\t\t\t\t\t\t\t\t\t\t\t\t\t\t<\/div>\n\t\t\t\t\t\t\t\t\t\t\t\t\t\t\t\t\t<div class=\"image-tools grid-tools text-center hide-for-small bottom hover-slide-in show-on-hover\">\n\t\t\t\t\t\t\t\t\t\t\t\t\t\t\t\t\t\t\t<\/div>\n\t\t\t\t\t\t\t\t\t\t\t\t\t\t\t\t\t\t\t\t\t\t\t<\/div>\n\n\t\t\t\t\t\t\t<div class=\"box-text text-center\" >\n\t\t\t\t\t\t\t\t<div class=\"title-wrapper\">\t\t<p class=\"category uppercase is-smaller no-text-overflow product-cat op-7\">\n\t\t\tChampagne\t\t<\/p>\n\t<p class=\"name product-title woocommerce-loop-product__title\"><a href=\"https:\/\/schaumweinkontor.com\/en\/produkt\/champagne-dremont-marroy-le-triau-extra-brut-075-l-copy-2\/\" class=\"woocommerce-LoopProduct-link woocommerce-loop-product__link\">Champagne Dremont Marroy La Lierie Extra Brut 1,5 L<\/a><\/p><\/div><div class=\"price-wrapper\">\n\t<span class=\"price\"><span class=\"woocommerce-Price-amount amount\" role=\"none\"><bdi><span class=\"woocommerce-Price-currencySymbol\">&euro;<\/span>&nbsp;92,00<\/bdi><\/span> <small class=\"woocommerce-price-suffix\">inkl. MwSt.<\/small><\/span>\n<\/div><div class=\"add-to-cart-button\"><a href=\"\/en\/wp-json\/wp\/v2\/pages\/4628?add-to-cart=5296\" aria-describedby=\"woocommerce_loop_add_to_cart_link_describedby_5296\" data-quantity=\"1\" class=\"primary is-small mb-0 button product_type_simple add_to_cart_button ajax_add_to_cart is-outline\" data-product_id=\"5296\" data-product_sku=\"100300187\" aria-label=\"Add to cart: &ldquo;Champagne Dremont Marroy La Lierie Extra Brut 1,5 L&rdquo;\" rel=\"nofollow\" data-success_message=\"&ldquo;Champagne Dremont Marroy La Lierie Extra Brut 1,5 L&rdquo; has been added to your cart\" role=\"button\">Add to cart<\/a><\/div>\t<span id=\"woocommerce_loop_add_to_cart_link_describedby_5296\" class=\"screen-reader-text\">\n\t\t\t<\/span>\n\t\t\t\t\t\t\t<\/div>\n\t\t\t\t\t\t<\/div>\n\t\t\t\t\t\t<\/div>\n\t\t\t\t\t<\/div><\/div>\n\n<div class=\"text-center\"><div class=\"is-divider divider clearfix\" style=\"margin-top:3em;margin-bottom:3em;max-width:100%;height:2px;background-color:rgba(183, 149, 73, 0.419);\"><\/div><\/div>\n\n\n\t\t<\/div>\n\t\t\t\t\t<\/div>\n\n\t\n\n<\/div>\n\t<section class=\"section bg_winzer hide-for-small\" id=\"section_1632205741\">\n\t\t<div class=\"bg section-bg fill bg-fill  \" >\n\n\t\t\t\n\t\t\t\n\t\t\t\n\n\t\t<\/div>\n\n\t\t\n\n\t\t<div class=\"section-content relative\">\n\t\t\t\n\n<div class=\"row align-middle align-center\"  id=\"row-814844305\">\n\n\n\t<div id=\"col-449500119\" class=\"col small-12 large-12\"  >\n\t\t\t\t<div class=\"col-inner\"  >\n\t\t\t\n\t\t\t\n\n<h2 id=\"etienne\" class=\"uppercase\" style=\"text-align: center;\">Etienne Oudart<\/h2>\n\n\t\t<\/div>\n\t\t\t\t\t<\/div>\n\n\t\n\n\n<style>\n#row-814844305 > .col > .col-inner {\n  padding: 15px 0px 0px 0px;\n}\n<\/style>\n<\/div>\n\n\t\t<\/div>\n\n\t\t\n<style>\n#section_1632205741 {\n  padding-top: 20px;\n  padding-bottom: 20px;\n  margin-bottom: 30px;\n}\n#section_1632205741 .section-bg.bg-loaded {\n  background-image: url(https:\/\/schaumweinkontor.com\/wp-content\/uploads\/2022\/06\/landscape-illu-gold-transp.png);\n}\n<\/style>\n\t<\/section>\n\t\n<div class=\"row\"  id=\"row-970625426\">\n\n\n\t<div id=\"col-1114551110\" class=\"col small-12 large-12\"  >\n\t\t\t\t<div class=\"col-inner\"  >\n\t\t\t\n\t\t\t\n\n\n  \n    <div class=\"row margin-auto equalize-box large-columns-3 medium-columns- small-columns-2 row-large has-shadow row-box-shadow-2 row-box-shadow-4-hover\" >\n  \t\n\t     <div class=\"col\" data-animate=\"fadeInUp\">\n\t\t\t\t\t\t<div class=\"col-inner\">\n\t\t\t\t\t\t\n<div class=\"badge-container badge-custom absolute right top z-1\">\n\n<\/div>\n\t\t\t\t\t\t<div class=\"product-small box margin-auto has-hover box-normal box-text-bottom\">\n\t\t\t\t\t\t\t<div class=\"box-image\" >\n\t\t\t\t\t\t\t\t<div class=\"\" >\n\t\t\t\t\t\t\t\t\t<a href=\"https:\/\/schaumweinkontor.com\/en\/produkt\/etienne-oudart-champagne-brut-reference-0375-l\/\" aria-label=\"Etienne Oudart Champagne Brut R\u00e9f\u00e9rence 0,375 L\">\n\t\t\t\t\t\t\t\t\t\t<img loading=\"lazy\" decoding=\"async\" width=\"300\" height=\"300\" src=\"https:\/\/schaumweinkontor.com\/wp-content\/uploads\/2022\/09\/10-Etienne-Oudart-Brut-Reference-15l-300x300.png\" class=\"attachment-medium size-medium\" alt=\"Etienne Oudart Champagne Brut R\u00e9f\u00e9rence 0,375 L\" srcset=\"https:\/\/schaumweinkontor.com\/wp-content\/uploads\/2022\/09\/10-Etienne-Oudart-Brut-Reference-15l-300x300.png 300w, https:\/\/schaumweinkontor.com\/wp-content\/uploads\/2022\/09\/10-Etienne-Oudart-Brut-Reference-15l-100x100.png 100w, https:\/\/schaumweinkontor.com\/wp-content\/uploads\/2022\/09\/10-Etienne-Oudart-Brut-Reference-15l-510x510.png 510w, https:\/\/schaumweinkontor.com\/wp-content\/uploads\/2022\/09\/10-Etienne-Oudart-Brut-Reference-15l-150x150.png 150w, https:\/\/schaumweinkontor.com\/wp-content\/uploads\/2022\/09\/10-Etienne-Oudart-Brut-Reference-15l-768x768.png 768w, https:\/\/schaumweinkontor.com\/wp-content\/uploads\/2022\/09\/10-Etienne-Oudart-Brut-Reference-15l.png 1001w\" sizes=\"auto, (max-width: 300px) 100vw, 300px\" \/>\t\t\t\t\t\t\t\t\t<\/a>\n\t\t\t\t\t\t\t\t\t\t\t\t\t\t\t\t\t\t \t\t\t\t\t\t\t\t<\/div>\n\t\t\t\t\t\t\t\t<div class=\"image-tools top right show-on-hover\">\n\t\t\t\t\t\t\t\t\t\t\t\t\t\t\t\t\t<\/div>\n\t\t\t\t\t\t\t\t\t\t\t\t\t\t\t\t\t<div class=\"image-tools grid-tools text-center hide-for-small bottom hover-slide-in show-on-hover\">\n\t\t\t\t\t\t\t\t\t\t\t\t\t\t\t\t\t\t\t<\/div>\n\t\t\t\t\t\t\t\t\t\t\t\t\t\t\t\t\t\t\t\t\t\t\t<\/div>\n\n\t\t\t\t\t\t\t<div class=\"box-text text-center\" >\n\t\t\t\t\t\t\t\t<div class=\"title-wrapper\">\t\t<p class=\"category uppercase is-smaller no-text-overflow product-cat op-7\">\n\t\t\tEtienne Oudart\t\t<\/p>\n\t<p class=\"name product-title woocommerce-loop-product__title\"><a href=\"https:\/\/schaumweinkontor.com\/en\/produkt\/etienne-oudart-champagne-brut-reference-0375-l\/\" class=\"woocommerce-LoopProduct-link woocommerce-loop-product__link\">Etienne Oudart Champagne Brut R\u00e9f\u00e9rence 0,375 L<\/a><\/p><\/div><div class=\"price-wrapper\">\n\t<span class=\"price\"><span class=\"woocommerce-Price-amount amount\" role=\"none\"><bdi><span class=\"woocommerce-Price-currencySymbol\">&euro;<\/span>&nbsp;21,80<\/bdi><\/span> <small class=\"woocommerce-price-suffix\">inkl. MwSt.<\/small><\/span>\n<\/div><div class=\"add-to-cart-button\"><a href=\"\/en\/wp-json\/wp\/v2\/pages\/4628?add-to-cart=4721\" aria-describedby=\"woocommerce_loop_add_to_cart_link_describedby_4721\" data-quantity=\"1\" class=\"primary is-small mb-0 button product_type_simple add_to_cart_button ajax_add_to_cart is-outline\" data-product_id=\"4721\" data-product_sku=\"100300195\" aria-label=\"Add to cart: &ldquo;Etienne Oudart Champagne Brut R\u00e9f\u00e9rence 0,375 L&rdquo;\" rel=\"nofollow\" data-success_message=\"&ldquo;Etienne Oudart Champagne Brut R\u00e9f\u00e9rence 0,375 L&rdquo; has been added to your cart\" role=\"button\">Add to cart<\/a><\/div>\t<span id=\"woocommerce_loop_add_to_cart_link_describedby_4721\" class=\"screen-reader-text\">\n\t\t\t<\/span>\n\t\t\t\t\t\t\t<\/div>\n\t\t\t\t\t\t<\/div>\n\t\t\t\t\t\t<\/div>\n\t\t\t\t\t<\/div><div class=\"col\" data-animate=\"fadeInUp\">\n\t\t\t\t\t\t<div class=\"col-inner\">\n\t\t\t\t\t\t\n<div class=\"badge-container badge-custom absolute right top z-1\">\n\n<\/div>\n\t\t\t\t\t\t<div class=\"product-small box margin-auto has-hover box-normal box-text-bottom\">\n\t\t\t\t\t\t\t<div class=\"box-image\" >\n\t\t\t\t\t\t\t\t<div class=\"\" >\n\t\t\t\t\t\t\t\t\t<a href=\"https:\/\/schaumweinkontor.com\/en\/produkt\/etienne-oudart-champagne-brut-origine-075-l\/\" aria-label=\"Etienne Oudart Champagne Brut Origine 0,75 L\">\n\t\t\t\t\t\t\t\t\t\t<img loading=\"lazy\" decoding=\"async\" width=\"300\" height=\"300\" src=\"https:\/\/schaumweinkontor.com\/wp-content\/uploads\/2023\/04\/Eteinne-Chamapgne-Brut-Origine_1000x1000-px-300x300.png\" class=\"attachment-medium size-medium\" alt=\"Etienne Oudart Champagne Brut Origine 0,75 L\" srcset=\"https:\/\/schaumweinkontor.com\/wp-content\/uploads\/2023\/04\/Eteinne-Chamapgne-Brut-Origine_1000x1000-px-300x300.png 300w, https:\/\/schaumweinkontor.com\/wp-content\/uploads\/2023\/04\/Eteinne-Chamapgne-Brut-Origine_1000x1000-px-100x100.png 100w, https:\/\/schaumweinkontor.com\/wp-content\/uploads\/2023\/04\/Eteinne-Chamapgne-Brut-Origine_1000x1000-px-510x510.png 510w, https:\/\/schaumweinkontor.com\/wp-content\/uploads\/2023\/04\/Eteinne-Chamapgne-Brut-Origine_1000x1000-px-150x150.png 150w, https:\/\/schaumweinkontor.com\/wp-content\/uploads\/2023\/04\/Eteinne-Chamapgne-Brut-Origine_1000x1000-px-768x768.png 768w, https:\/\/schaumweinkontor.com\/wp-content\/uploads\/2023\/04\/Eteinne-Chamapgne-Brut-Origine_1000x1000-px.png 1000w\" sizes=\"auto, (max-width: 300px) 100vw, 300px\" \/>\t\t\t\t\t\t\t\t\t<\/a>\n\t\t\t\t\t\t\t\t\t\t\t\t\t\t\t\t\t\t \t\t\t\t\t\t\t\t<\/div>\n\t\t\t\t\t\t\t\t<div class=\"image-tools top right show-on-hover\">\n\t\t\t\t\t\t\t\t\t\t\t\t\t\t\t\t\t<\/div>\n\t\t\t\t\t\t\t\t\t\t\t\t\t\t\t\t\t<div class=\"image-tools grid-tools text-center hide-for-small bottom hover-slide-in show-on-hover\">\n\t\t\t\t\t\t\t\t\t\t\t\t\t\t\t\t\t\t\t<\/div>\n\t\t\t\t\t\t\t\t\t\t\t\t\t\t\t\t\t\t\t\t\t\t\t<\/div>\n\n\t\t\t\t\t\t\t<div class=\"box-text text-center\" >\n\t\t\t\t\t\t\t\t<div class=\"title-wrapper\">\t\t<p class=\"category uppercase is-smaller no-text-overflow product-cat op-7\">\n\t\t\tEtienne Oudart\t\t<\/p>\n\t<p class=\"name product-title woocommerce-loop-product__title\"><a href=\"https:\/\/schaumweinkontor.com\/en\/produkt\/etienne-oudart-champagne-brut-origine-075-l\/\" class=\"woocommerce-LoopProduct-link woocommerce-loop-product__link\">Etienne Oudart Champagne Brut Origine 0,75 L<\/a><\/p><\/div><div class=\"price-wrapper\">\n\t<span class=\"price\"><span class=\"woocommerce-Price-amount amount\" role=\"none\"><bdi><span class=\"woocommerce-Price-currencySymbol\">&euro;<\/span>&nbsp;28,50<\/bdi><\/span> <small class=\"woocommerce-price-suffix\">inkl. MwSt.<\/small><\/span>\n<\/div><div class=\"add-to-cart-button\"><a href=\"\/en\/wp-json\/wp\/v2\/pages\/4628?add-to-cart=5212\" aria-describedby=\"woocommerce_loop_add_to_cart_link_describedby_5212\" data-quantity=\"1\" class=\"primary is-small mb-0 button product_type_simple add_to_cart_button ajax_add_to_cart is-outline\" data-product_id=\"5212\" data-product_sku=\"\" aria-label=\"Add to cart: &ldquo;Etienne Oudart Champagne Brut Origine 0,75 L&rdquo;\" rel=\"nofollow\" data-success_message=\"&ldquo;Etienne Oudart Champagne Brut Origine 0,75 L&rdquo; has been added to your cart\" role=\"button\">Add to cart<\/a><\/div>\t<span id=\"woocommerce_loop_add_to_cart_link_describedby_5212\" class=\"screen-reader-text\">\n\t\t\t<\/span>\n\t\t\t\t\t\t\t<\/div>\n\t\t\t\t\t\t<\/div>\n\t\t\t\t\t\t<\/div>\n\t\t\t\t\t<\/div><div class=\"col\" data-animate=\"fadeInUp\">\n\t\t\t\t\t\t<div class=\"col-inner\">\n\t\t\t\t\t\t\n<div class=\"badge-container badge-custom absolute right top z-1\">\n\n<\/div>\n\t\t\t\t\t\t<div class=\"product-small box margin-auto has-hover box-normal box-text-bottom\">\n\t\t\t\t\t\t\t<div class=\"box-image\" >\n\t\t\t\t\t\t\t\t<div class=\"\" >\n\t\t\t\t\t\t\t\t\t<a href=\"https:\/\/schaumweinkontor.com\/en\/produkt\/etienne-oudart-champagne-brut-origine-075l\/\" aria-label=\"Etienne Oudart Champagne Brut Origine 0,75l\">\n\t\t\t\t\t\t\t\t\t\t<img loading=\"lazy\" decoding=\"async\" width=\"300\" height=\"300\" src=\"https:\/\/schaumweinkontor.com\/wp-content\/uploads\/2023\/04\/Eteinne-Chamapgne-Brut-Origine_1000x1000-px-300x300.png\" class=\"attachment-medium size-medium\" alt=\"Etienne Oudart Champagne Brut Origine 0,75l\" srcset=\"https:\/\/schaumweinkontor.com\/wp-content\/uploads\/2023\/04\/Eteinne-Chamapgne-Brut-Origine_1000x1000-px-300x300.png 300w, https:\/\/schaumweinkontor.com\/wp-content\/uploads\/2023\/04\/Eteinne-Chamapgne-Brut-Origine_1000x1000-px-100x100.png 100w, https:\/\/schaumweinkontor.com\/wp-content\/uploads\/2023\/04\/Eteinne-Chamapgne-Brut-Origine_1000x1000-px-510x510.png 510w, https:\/\/schaumweinkontor.com\/wp-content\/uploads\/2023\/04\/Eteinne-Chamapgne-Brut-Origine_1000x1000-px-150x150.png 150w, https:\/\/schaumweinkontor.com\/wp-content\/uploads\/2023\/04\/Eteinne-Chamapgne-Brut-Origine_1000x1000-px-768x768.png 768w, https:\/\/schaumweinkontor.com\/wp-content\/uploads\/2023\/04\/Eteinne-Chamapgne-Brut-Origine_1000x1000-px.png 1000w\" sizes=\"auto, (max-width: 300px) 100vw, 300px\" \/>\t\t\t\t\t\t\t\t\t<\/a>\n\t\t\t\t\t\t\t\t\t\t\t\t\t\t\t\t\t\t \t\t\t\t\t\t\t\t<\/div>\n\t\t\t\t\t\t\t\t<div class=\"image-tools top right show-on-hover\">\n\t\t\t\t\t\t\t\t\t\t\t\t\t\t\t\t\t<\/div>\n\t\t\t\t\t\t\t\t\t\t\t\t\t\t\t\t\t<div class=\"image-tools grid-tools text-center hide-for-small bottom hover-slide-in show-on-hover\">\n\t\t\t\t\t\t\t\t\t\t\t\t\t\t\t\t\t\t\t<\/div>\n\t\t\t\t\t\t\t\t\t\t\t\t\t\t\t\t\t\t\t\t\t\t\t<\/div>\n\n\t\t\t\t\t\t\t<div class=\"box-text text-center\" >\n\t\t\t\t\t\t\t\t<div class=\"title-wrapper\">\t\t<p class=\"category uppercase is-smaller no-text-overflow product-cat op-7\">\n\t\t\tEtienne Oudart\t\t<\/p>\n\t<p class=\"name product-title woocommerce-loop-product__title\"><a href=\"https:\/\/schaumweinkontor.com\/en\/produkt\/etienne-oudart-champagne-brut-origine-075l\/\" class=\"woocommerce-LoopProduct-link woocommerce-loop-product__link\">Etienne Oudart Champagne Brut Origine 0,75l<\/a><\/p><\/div><div class=\"price-wrapper\">\n\t<span class=\"price\"><span class=\"woocommerce-Price-amount amount\" role=\"none\"><bdi><span class=\"woocommerce-Price-currencySymbol\">&euro;<\/span>&nbsp;28,50<\/bdi><\/span> <small class=\"woocommerce-price-suffix\">inkl. MwSt.<\/small><\/span>\n<\/div><div class=\"add-to-cart-button\"><a href=\"\/en\/wp-json\/wp\/v2\/pages\/4628?add-to-cart=6130\" aria-describedby=\"woocommerce_loop_add_to_cart_link_describedby_6130\" data-quantity=\"1\" class=\"primary is-small mb-0 button product_type_simple add_to_cart_button ajax_add_to_cart is-outline\" data-product_id=\"6130\" data-product_sku=\"100300188\" aria-label=\"Add to cart: &ldquo;Etienne Oudart Champagne Brut Origine 0,75l&rdquo;\" rel=\"nofollow\" data-success_message=\"&ldquo;Etienne Oudart Champagne Brut Origine 0,75l&rdquo; has been added to your cart\" role=\"button\">Add to cart<\/a><\/div>\t<span id=\"woocommerce_loop_add_to_cart_link_describedby_6130\" class=\"screen-reader-text\">\n\t\t\t<\/span>\n\t\t\t\t\t\t\t<\/div>\n\t\t\t\t\t\t<\/div>\n\t\t\t\t\t\t<\/div>\n\t\t\t\t\t<\/div><div class=\"col\" data-animate=\"fadeInUp\">\n\t\t\t\t\t\t<div class=\"col-inner\">\n\t\t\t\t\t\t\n<div class=\"badge-container badge-custom absolute right top z-1\">\n<div class=\"callout badge badge-circle\"><div class=\"badge-inner secondary on-sale\"><span class=\"onsale\">Sale!<\/span><\/div><\/div>\n<\/div>\n\t\t\t\t\t\t<div class=\"product-small box margin-auto has-hover box-normal box-text-bottom\">\n\t\t\t\t\t\t\t<div class=\"box-image\" >\n\t\t\t\t\t\t\t\t<div class=\"\" >\n\t\t\t\t\t\t\t\t\t<a href=\"https:\/\/schaumweinkontor.com\/en\/produkt\/etienne-oudart-champ-chardonnay-brut-vn-2016-075-l\/\" aria-label=\"Etienne Oudart Champagne Chardonnay Brut VN 2016 0,75 L\">\n\t\t\t\t\t\t\t\t\t\t<img loading=\"lazy\" decoding=\"async\" width=\"300\" height=\"300\" src=\"https:\/\/schaumweinkontor.com\/wp-content\/uploads\/2022\/06\/Etienne-Oudart-Champ.-Chardonnay-Brut-VN-2016-075-L-300x300.png\" class=\"attachment-medium size-medium\" alt=\"Etienne Oudart Champagne Chardonnay Brut VN 2016 0,75l\" srcset=\"https:\/\/schaumweinkontor.com\/wp-content\/uploads\/2022\/06\/Etienne-Oudart-Champ.-Chardonnay-Brut-VN-2016-075-L-300x300.png 300w, https:\/\/schaumweinkontor.com\/wp-content\/uploads\/2022\/06\/Etienne-Oudart-Champ.-Chardonnay-Brut-VN-2016-075-L-100x100.png 100w, https:\/\/schaumweinkontor.com\/wp-content\/uploads\/2022\/06\/Etienne-Oudart-Champ.-Chardonnay-Brut-VN-2016-075-L-510x510.png 510w, https:\/\/schaumweinkontor.com\/wp-content\/uploads\/2022\/06\/Etienne-Oudart-Champ.-Chardonnay-Brut-VN-2016-075-L-150x150.png 150w, https:\/\/schaumweinkontor.com\/wp-content\/uploads\/2022\/06\/Etienne-Oudart-Champ.-Chardonnay-Brut-VN-2016-075-L-768x768.png 768w, https:\/\/schaumweinkontor.com\/wp-content\/uploads\/2022\/06\/Etienne-Oudart-Champ.-Chardonnay-Brut-VN-2016-075-L.png 1000w\" sizes=\"auto, (max-width: 300px) 100vw, 300px\" \/>\t\t\t\t\t\t\t\t\t<\/a>\n\t\t\t\t\t\t\t\t\t\t\t\t\t\t\t\t\t\t \t\t\t\t\t\t\t\t<\/div>\n\t\t\t\t\t\t\t\t<div class=\"image-tools top right show-on-hover\">\n\t\t\t\t\t\t\t\t\t\t\t\t\t\t\t\t\t<\/div>\n\t\t\t\t\t\t\t\t\t\t\t\t\t\t\t\t\t<div class=\"image-tools grid-tools text-center hide-for-small bottom hover-slide-in show-on-hover\">\n\t\t\t\t\t\t\t\t\t\t\t\t\t\t\t\t\t\t\t<\/div>\n\t\t\t\t\t\t\t\t\t\t\t\t\t\t\t\t\t\t\t\t\t\t\t<\/div>\n\n\t\t\t\t\t\t\t<div class=\"box-text text-center\" >\n\t\t\t\t\t\t\t\t<div class=\"title-wrapper\">\t\t<p class=\"category uppercase is-smaller no-text-overflow product-cat op-7\">\n\t\t\tEtienne Oudart\t\t<\/p>\n\t<p class=\"name product-title woocommerce-loop-product__title\"><a href=\"https:\/\/schaumweinkontor.com\/en\/produkt\/etienne-oudart-champ-chardonnay-brut-vn-2016-075-l\/\" class=\"woocommerce-LoopProduct-link woocommerce-loop-product__link\">Etienne Oudart Champagne Chardonnay Brut VN 2016 0,75 L<\/a><\/p><\/div><div class=\"price-wrapper\">\n\t<span class=\"price\"><del aria-hidden=\"true\"><span class=\"woocommerce-Price-amount amount\" role=\"none\"><bdi><span class=\"woocommerce-Price-currencySymbol\">&euro;<\/span>&nbsp;40,80<\/bdi><\/span><\/del> <span class=\"screen-reader-text\">Original price was: &euro;&nbsp;40,80.<\/span><ins aria-hidden=\"true\"><span class=\"woocommerce-Price-amount amount\" role=\"none\"><bdi><span class=\"woocommerce-Price-currencySymbol\">&euro;<\/span>&nbsp;30,60<\/bdi><\/span><\/ins><span class=\"screen-reader-text\">Current price is: &euro;&nbsp;30,60.<\/span> <small class=\"woocommerce-price-suffix\">inkl. MwSt.<\/small><\/span>\n<\/div><div class=\"add-to-cart-button\"><a href=\"\/en\/wp-json\/wp\/v2\/pages\/4628?add-to-cart=4782\" aria-describedby=\"woocommerce_loop_add_to_cart_link_describedby_4782\" data-quantity=\"1\" class=\"primary is-small mb-0 button product_type_simple add_to_cart_button ajax_add_to_cart is-outline\" data-product_id=\"4782\" data-product_sku=\"100300192\" aria-label=\"Add to cart: &ldquo;Etienne Oudart Champagne Chardonnay Brut VN 2016 0,75 L&rdquo;\" rel=\"nofollow\" data-success_message=\"&ldquo;Etienne Oudart Champagne Chardonnay Brut VN 2016 0,75 L&rdquo; has been added to your cart\" role=\"button\">Add to cart<\/a><\/div>\t<span id=\"woocommerce_loop_add_to_cart_link_describedby_4782\" class=\"screen-reader-text\">\n\t\t\t<\/span>\n\t\t\t\t\t\t\t<\/div>\n\t\t\t\t\t\t<\/div>\n\t\t\t\t\t\t<\/div>\n\t\t\t\t\t<\/div><div class=\"col\" data-animate=\"fadeInUp\">\n\t\t\t\t\t\t<div class=\"col-inner\">\n\t\t\t\t\t\t\n<div class=\"badge-container badge-custom absolute right top z-1\">\n\n<\/div>\n\t\t\t\t\t\t<div class=\"product-small box margin-auto has-hover box-normal box-text-bottom\">\n\t\t\t\t\t\t\t<div class=\"box-image\" >\n\t\t\t\t\t\t\t\t<div class=\"\" >\n\t\t\t\t\t\t\t\t\t<a href=\"https:\/\/schaumweinkontor.com\/en\/produkt\/etienne-oudart-champagne-brut-reference-075-l\/\" aria-label=\"Etienne Oudart Champagne Brut R\u00e9f\u00e9rence 0,75 L\">\n\t\t\t\t\t\t\t\t\t\t<img loading=\"lazy\" decoding=\"async\" width=\"300\" height=\"300\" src=\"https:\/\/schaumweinkontor.com\/wp-content\/uploads\/2022\/06\/Etienne-Oudart-Champagne-Brut-Reference-075-L-300x300.png\" class=\"attachment-medium size-medium\" alt=\"Etienne Oudart Champagne Brut R\u00e9f\u00e9rence 0,75 L\" srcset=\"https:\/\/schaumweinkontor.com\/wp-content\/uploads\/2022\/06\/Etienne-Oudart-Champagne-Brut-Reference-075-L-300x300.png 300w, https:\/\/schaumweinkontor.com\/wp-content\/uploads\/2022\/06\/Etienne-Oudart-Champagne-Brut-Reference-075-L-100x100.png 100w, https:\/\/schaumweinkontor.com\/wp-content\/uploads\/2022\/06\/Etienne-Oudart-Champagne-Brut-Reference-075-L-510x510.png 510w, https:\/\/schaumweinkontor.com\/wp-content\/uploads\/2022\/06\/Etienne-Oudart-Champagne-Brut-Reference-075-L-150x150.png 150w, https:\/\/schaumweinkontor.com\/wp-content\/uploads\/2022\/06\/Etienne-Oudart-Champagne-Brut-Reference-075-L-768x768.png 768w, https:\/\/schaumweinkontor.com\/wp-content\/uploads\/2022\/06\/Etienne-Oudart-Champagne-Brut-Reference-075-L.png 1000w\" sizes=\"auto, (max-width: 300px) 100vw, 300px\" \/>\t\t\t\t\t\t\t\t\t<\/a>\n\t\t\t\t\t\t\t\t\t\t\t\t\t\t\t\t\t\t \t\t\t\t\t\t\t\t<\/div>\n\t\t\t\t\t\t\t\t<div class=\"image-tools top right show-on-hover\">\n\t\t\t\t\t\t\t\t\t\t\t\t\t\t\t\t\t<\/div>\n\t\t\t\t\t\t\t\t\t\t\t\t\t\t\t\t\t<div class=\"image-tools grid-tools text-center hide-for-small bottom hover-slide-in show-on-hover\">\n\t\t\t\t\t\t\t\t\t\t\t\t\t\t\t\t\t\t\t<\/div>\n\t\t\t\t\t\t\t\t\t\t\t\t\t\t\t\t\t\t\t\t\t\t\t<\/div>\n\n\t\t\t\t\t\t\t<div class=\"box-text text-center\" >\n\t\t\t\t\t\t\t\t<div class=\"title-wrapper\">\t\t<p class=\"category uppercase is-smaller no-text-overflow product-cat op-7\">\n\t\t\tEtienne Oudart\t\t<\/p>\n\t<p class=\"name product-title woocommerce-loop-product__title\"><a href=\"https:\/\/schaumweinkontor.com\/en\/produkt\/etienne-oudart-champagne-brut-reference-075-l\/\" class=\"woocommerce-LoopProduct-link woocommerce-loop-product__link\">Etienne Oudart Champagne Brut R\u00e9f\u00e9rence 0,75 L<\/a><\/p><\/div><div class=\"price-wrapper\">\n\t<span class=\"price\"><span class=\"woocommerce-Price-amount amount\" role=\"none\"><bdi><span class=\"woocommerce-Price-currencySymbol\">&euro;<\/span>&nbsp;30,90<\/bdi><\/span> <small class=\"woocommerce-price-suffix\">inkl. MwSt.<\/small><\/span>\n<\/div><div class=\"add-to-cart-button\"><a href=\"\/en\/wp-json\/wp\/v2\/pages\/4628?add-to-cart=4785\" aria-describedby=\"woocommerce_loop_add_to_cart_link_describedby_4785\" data-quantity=\"1\" class=\"primary is-small mb-0 button product_type_simple add_to_cart_button ajax_add_to_cart is-outline\" data-product_id=\"4785\" data-product_sku=\"100300189\" aria-label=\"Add to cart: &ldquo;Etienne Oudart Champagne Brut R\u00e9f\u00e9rence 0,75 L&rdquo;\" rel=\"nofollow\" data-success_message=\"&ldquo;Etienne Oudart Champagne Brut R\u00e9f\u00e9rence 0,75 L&rdquo; has been added to your cart\" role=\"button\">Add to cart<\/a><\/div>\t<span id=\"woocommerce_loop_add_to_cart_link_describedby_4785\" class=\"screen-reader-text\">\n\t\t\t<\/span>\n\t\t\t\t\t\t\t<\/div>\n\t\t\t\t\t\t<\/div>\n\t\t\t\t\t\t<\/div>\n\t\t\t\t\t<\/div><div class=\"col\" data-animate=\"fadeInUp\">\n\t\t\t\t\t\t<div class=\"col-inner\">\n\t\t\t\t\t\t\n<div class=\"badge-container badge-custom absolute right top z-1\">\n\n<\/div>\n\t\t\t\t\t\t<div class=\"product-small box margin-auto has-hover box-normal box-text-bottom\">\n\t\t\t\t\t\t\t<div class=\"box-image\" >\n\t\t\t\t\t\t\t\t<div class=\"\" >\n\t\t\t\t\t\t\t\t\t<a href=\"https:\/\/schaumweinkontor.com\/en\/produkt\/etienne-oudart-champagne-brut-rose-reference-075-l\/\" aria-label=\"Etienne Oudart Champagne Brut Ros\u00e9 R\u00e9f\u00e9rence 0,75 L\">\n\t\t\t\t\t\t\t\t\t\t<img loading=\"lazy\" decoding=\"async\" width=\"300\" height=\"300\" src=\"https:\/\/schaumweinkontor.com\/wp-content\/uploads\/2022\/06\/Etienne-Oudart-Champagne-Brut-Rose-Reference-075-L-300x300.png\" class=\"attachment-medium size-medium\" alt=\"Etienne Oudart Champagne Brut Ros\u00e9 R\u00e9f\u00e9rence 0,75 L\" srcset=\"https:\/\/schaumweinkontor.com\/wp-content\/uploads\/2022\/06\/Etienne-Oudart-Champagne-Brut-Rose-Reference-075-L-300x300.png 300w, https:\/\/schaumweinkontor.com\/wp-content\/uploads\/2022\/06\/Etienne-Oudart-Champagne-Brut-Rose-Reference-075-L-100x100.png 100w, https:\/\/schaumweinkontor.com\/wp-content\/uploads\/2022\/06\/Etienne-Oudart-Champagne-Brut-Rose-Reference-075-L-510x510.png 510w, https:\/\/schaumweinkontor.com\/wp-content\/uploads\/2022\/06\/Etienne-Oudart-Champagne-Brut-Rose-Reference-075-L-150x150.png 150w, https:\/\/schaumweinkontor.com\/wp-content\/uploads\/2022\/06\/Etienne-Oudart-Champagne-Brut-Rose-Reference-075-L-768x768.png 768w, https:\/\/schaumweinkontor.com\/wp-content\/uploads\/2022\/06\/Etienne-Oudart-Champagne-Brut-Rose-Reference-075-L.png 1000w\" sizes=\"auto, (max-width: 300px) 100vw, 300px\" \/>\t\t\t\t\t\t\t\t\t<\/a>\n\t\t\t\t\t\t\t\t\t\t\t\t\t\t\t\t\t\t \t\t\t\t\t\t\t\t<\/div>\n\t\t\t\t\t\t\t\t<div class=\"image-tools top right show-on-hover\">\n\t\t\t\t\t\t\t\t\t\t\t\t\t\t\t\t\t<\/div>\n\t\t\t\t\t\t\t\t\t\t\t\t\t\t\t\t\t<div class=\"image-tools grid-tools text-center hide-for-small bottom hover-slide-in show-on-hover\">\n\t\t\t\t\t\t\t\t\t\t\t\t\t\t\t\t\t\t\t<\/div>\n\t\t\t\t\t\t\t\t\t\t\t\t\t\t\t\t\t\t\t\t\t\t\t<\/div>\n\n\t\t\t\t\t\t\t<div class=\"box-text text-center\" >\n\t\t\t\t\t\t\t\t<div class=\"title-wrapper\">\t\t<p class=\"category uppercase is-smaller no-text-overflow product-cat op-7\">\n\t\t\tEtienne Oudart\t\t<\/p>\n\t<p class=\"name product-title woocommerce-loop-product__title\"><a href=\"https:\/\/schaumweinkontor.com\/en\/produkt\/etienne-oudart-champagne-brut-rose-reference-075-l\/\" class=\"woocommerce-LoopProduct-link woocommerce-loop-product__link\">Etienne Oudart Champagne Brut Ros\u00e9 R\u00e9f\u00e9rence 0,75 L<\/a><\/p><\/div><div class=\"price-wrapper\">\n\t<span class=\"price\"><span class=\"woocommerce-Price-amount amount\" role=\"none\"><bdi><span class=\"woocommerce-Price-currencySymbol\">&euro;<\/span>&nbsp;35,50<\/bdi><\/span> <small class=\"woocommerce-price-suffix\">inkl. MwSt.<\/small><\/span>\n<\/div><div class=\"add-to-cart-button\"><a href=\"\/en\/wp-json\/wp\/v2\/pages\/4628?add-to-cart=4784\" aria-describedby=\"woocommerce_loop_add_to_cart_link_describedby_4784\" data-quantity=\"1\" class=\"primary is-small mb-0 button product_type_simple add_to_cart_button ajax_add_to_cart is-outline\" data-product_id=\"4784\" data-product_sku=\"100300190\" aria-label=\"Add to cart: &ldquo;Etienne Oudart Champagne Brut Ros\u00e9 R\u00e9f\u00e9rence 0,75 L&rdquo;\" rel=\"nofollow\" data-success_message=\"&ldquo;Etienne Oudart Champagne Brut Ros\u00e9 R\u00e9f\u00e9rence 0,75 L&rdquo; has been added to your cart\" role=\"button\">Add to cart<\/a><\/div>\t<span id=\"woocommerce_loop_add_to_cart_link_describedby_4784\" class=\"screen-reader-text\">\n\t\t\t<\/span>\n\t\t\t\t\t\t\t<\/div>\n\t\t\t\t\t\t<\/div>\n\t\t\t\t\t\t<\/div>\n\t\t\t\t\t<\/div><div class=\"col\" data-animate=\"fadeInUp\">\n\t\t\t\t\t\t<div class=\"col-inner\">\n\t\t\t\t\t\t\n<div class=\"badge-container badge-custom absolute right top z-1\">\n\n<\/div>\n\t\t\t\t\t\t<div class=\"product-small box margin-auto has-hover box-normal box-text-bottom\">\n\t\t\t\t\t\t\t<div class=\"box-image\" >\n\t\t\t\t\t\t\t\t<div class=\"\" >\n\t\t\t\t\t\t\t\t\t<a href=\"https:\/\/schaumweinkontor.com\/en\/produkt\/etienne-oudart-champagne-blanc-de-noirs-brut-075-l\/\" aria-label=\"Etienne Oudart Champagne Blanc de Noirs Brut 0,75 L\">\n\t\t\t\t\t\t\t\t\t\t<img loading=\"lazy\" decoding=\"async\" width=\"300\" height=\"300\" src=\"https:\/\/schaumweinkontor.com\/wp-content\/uploads\/2022\/06\/Etienne-Oudart-Champagne-Blanc-de-Noirs-Brut-075-L-300x300.png\" class=\"attachment-medium size-medium\" alt=\"Etienne Oudart Champagne Blanc de Noirs Brut 0,75 L\" srcset=\"https:\/\/schaumweinkontor.com\/wp-content\/uploads\/2022\/06\/Etienne-Oudart-Champagne-Blanc-de-Noirs-Brut-075-L-300x300.png 300w, https:\/\/schaumweinkontor.com\/wp-content\/uploads\/2022\/06\/Etienne-Oudart-Champagne-Blanc-de-Noirs-Brut-075-L-100x100.png 100w, https:\/\/schaumweinkontor.com\/wp-content\/uploads\/2022\/06\/Etienne-Oudart-Champagne-Blanc-de-Noirs-Brut-075-L-510x510.png 510w, https:\/\/schaumweinkontor.com\/wp-content\/uploads\/2022\/06\/Etienne-Oudart-Champagne-Blanc-de-Noirs-Brut-075-L-150x150.png 150w, https:\/\/schaumweinkontor.com\/wp-content\/uploads\/2022\/06\/Etienne-Oudart-Champagne-Blanc-de-Noirs-Brut-075-L-768x768.png 768w, https:\/\/schaumweinkontor.com\/wp-content\/uploads\/2022\/06\/Etienne-Oudart-Champagne-Blanc-de-Noirs-Brut-075-L.png 1000w\" sizes=\"auto, (max-width: 300px) 100vw, 300px\" \/>\t\t\t\t\t\t\t\t\t<\/a>\n\t\t\t\t\t\t\t\t\t\t\t\t\t\t\t\t\t\t \t\t\t\t\t\t\t\t<\/div>\n\t\t\t\t\t\t\t\t<div class=\"image-tools top right show-on-hover\">\n\t\t\t\t\t\t\t\t\t\t\t\t\t\t\t\t\t<\/div>\n\t\t\t\t\t\t\t\t\t\t\t\t\t\t\t\t\t<div class=\"image-tools grid-tools text-center hide-for-small bottom hover-slide-in show-on-hover\">\n\t\t\t\t\t\t\t\t\t\t\t\t\t\t\t\t\t\t\t<\/div>\n\t\t\t\t\t\t\t\t\t\t\t\t\t\t\t\t\t\t\t\t\t\t\t<\/div>\n\n\t\t\t\t\t\t\t<div class=\"box-text text-center\" >\n\t\t\t\t\t\t\t\t<div class=\"title-wrapper\">\t\t<p class=\"category uppercase is-smaller no-text-overflow product-cat op-7\">\n\t\t\tEtienne Oudart\t\t<\/p>\n\t<p class=\"name product-title woocommerce-loop-product__title\"><a href=\"https:\/\/schaumweinkontor.com\/en\/produkt\/etienne-oudart-champagne-blanc-de-noirs-brut-075-l\/\" class=\"woocommerce-LoopProduct-link woocommerce-loop-product__link\">Etienne Oudart Champagne Blanc de Noirs Brut 0,75 L<\/a><\/p><\/div><div class=\"price-wrapper\">\n\t<span class=\"price\"><span class=\"woocommerce-Price-amount amount\" role=\"none\"><bdi><span class=\"woocommerce-Price-currencySymbol\">&euro;<\/span>&nbsp;36,80<\/bdi><\/span> <small class=\"woocommerce-price-suffix\">inkl. MwSt.<\/small><\/span>\n<\/div><div class=\"add-to-cart-button\"><a href=\"\/en\/wp-json\/wp\/v2\/pages\/4628?add-to-cart=4783\" aria-describedby=\"woocommerce_loop_add_to_cart_link_describedby_4783\" data-quantity=\"1\" class=\"primary is-small mb-0 button product_type_simple add_to_cart_button ajax_add_to_cart is-outline\" data-product_id=\"4783\" data-product_sku=\"100300191\" aria-label=\"Add to cart: &ldquo;Etienne Oudart Champagne Blanc de Noirs Brut 0,75 L&rdquo;\" rel=\"nofollow\" data-success_message=\"&ldquo;Etienne Oudart Champagne Blanc de Noirs Brut 0,75 L&rdquo; has been added to your cart\" role=\"button\">Add to cart<\/a><\/div>\t<span id=\"woocommerce_loop_add_to_cart_link_describedby_4783\" class=\"screen-reader-text\">\n\t\t\t<\/span>\n\t\t\t\t\t\t\t<\/div>\n\t\t\t\t\t\t<\/div>\n\t\t\t\t\t\t<\/div>\n\t\t\t\t\t<\/div><div class=\"col\" data-animate=\"fadeInUp\">\n\t\t\t\t\t\t<div class=\"col-inner\">\n\t\t\t\t\t\t\n<div class=\"badge-container badge-custom absolute right top z-1\">\n\n<\/div>\n\t\t\t\t\t\t<div class=\"product-small box margin-auto has-hover box-normal box-text-bottom\">\n\t\t\t\t\t\t\t<div class=\"box-image\" >\n\t\t\t\t\t\t\t\t<div class=\"\" >\n\t\t\t\t\t\t\t\t\t<a href=\"https:\/\/schaumweinkontor.com\/en\/produkt\/etienne-oudart-champagne-extra-brut-millesime-2014-075-l\/\" aria-label=\"Etienne Oudart Champagne Extra-Brut Mill\u00e9sim\u00e9 2014 0,75 L\">\n\t\t\t\t\t\t\t\t\t\t<img loading=\"lazy\" decoding=\"async\" width=\"300\" height=\"300\" src=\"https:\/\/schaumweinkontor.com\/wp-content\/uploads\/2023\/04\/Eteinne-Champagne-Extra-Brut-Millesime.001_1000x1000-px-300x300.png\" class=\"attachment-medium size-medium\" alt=\"Etienne Oudart Champagne Extra-Brut Mill\u00e9sim\u00e9 2014 0,75 L\" srcset=\"https:\/\/schaumweinkontor.com\/wp-content\/uploads\/2023\/04\/Eteinne-Champagne-Extra-Brut-Millesime.001_1000x1000-px-300x300.png 300w, https:\/\/schaumweinkontor.com\/wp-content\/uploads\/2023\/04\/Eteinne-Champagne-Extra-Brut-Millesime.001_1000x1000-px-100x100.png 100w, https:\/\/schaumweinkontor.com\/wp-content\/uploads\/2023\/04\/Eteinne-Champagne-Extra-Brut-Millesime.001_1000x1000-px-510x510.png 510w, https:\/\/schaumweinkontor.com\/wp-content\/uploads\/2023\/04\/Eteinne-Champagne-Extra-Brut-Millesime.001_1000x1000-px-150x150.png 150w, https:\/\/schaumweinkontor.com\/wp-content\/uploads\/2023\/04\/Eteinne-Champagne-Extra-Brut-Millesime.001_1000x1000-px-768x768.png 768w, https:\/\/schaumweinkontor.com\/wp-content\/uploads\/2023\/04\/Eteinne-Champagne-Extra-Brut-Millesime.001_1000x1000-px.png 1000w\" sizes=\"auto, (max-width: 300px) 100vw, 300px\" \/>\t\t\t\t\t\t\t\t\t<\/a>\n\t\t\t\t\t\t\t\t\t\t\t\t\t\t\t\t\t\t \t\t\t\t\t\t\t\t<\/div>\n\t\t\t\t\t\t\t\t<div class=\"image-tools top right show-on-hover\">\n\t\t\t\t\t\t\t\t\t\t\t\t\t\t\t\t\t<\/div>\n\t\t\t\t\t\t\t\t\t\t\t\t\t\t\t\t\t<div class=\"image-tools grid-tools text-center hide-for-small bottom hover-slide-in show-on-hover\">\n\t\t\t\t\t\t\t\t\t\t\t\t\t\t\t\t\t\t\t<\/div>\n\t\t\t\t\t\t\t\t\t\t\t\t\t\t\t\t\t\t\t\t\t\t\t<\/div>\n\n\t\t\t\t\t\t\t<div class=\"box-text text-center\" >\n\t\t\t\t\t\t\t\t<div class=\"title-wrapper\">\t\t<p class=\"category uppercase is-smaller no-text-overflow product-cat op-7\">\n\t\t\tEtienne Oudart\t\t<\/p>\n\t<p class=\"name product-title woocommerce-loop-product__title\"><a href=\"https:\/\/schaumweinkontor.com\/en\/produkt\/etienne-oudart-champagne-extra-brut-millesime-2014-075-l\/\" class=\"woocommerce-LoopProduct-link woocommerce-loop-product__link\">Etienne Oudart Champagne Extra-Brut Mill\u00e9sim\u00e9 2014 0,75 L<\/a><\/p><\/div><div class=\"price-wrapper\">\n\t<span class=\"price\"><span class=\"woocommerce-Price-amount amount\" role=\"none\"><bdi><span class=\"woocommerce-Price-currencySymbol\">&euro;<\/span>&nbsp;37,20<\/bdi><\/span> <small class=\"woocommerce-price-suffix\">inkl. MwSt.<\/small><\/span>\n<\/div><div class=\"add-to-cart-button\"><a href=\"\/en\/wp-json\/wp\/v2\/pages\/4628?add-to-cart=4700\" aria-describedby=\"woocommerce_loop_add_to_cart_link_describedby_4700\" data-quantity=\"1\" class=\"primary is-small mb-0 button product_type_simple add_to_cart_button ajax_add_to_cart is-outline\" data-product_id=\"4700\" data-product_sku=\"100300197\" aria-label=\"Add to cart: &ldquo;Etienne Oudart Champagne Extra-Brut Mill\u00e9sim\u00e9 2014 0,75 L&rdquo;\" rel=\"nofollow\" data-success_message=\"&ldquo;Etienne Oudart Champagne Extra-Brut Mill\u00e9sim\u00e9 2014 0,75 L&rdquo; has been added to your cart\" role=\"button\">Add to cart<\/a><\/div>\t<span id=\"woocommerce_loop_add_to_cart_link_describedby_4700\" class=\"screen-reader-text\">\n\t\t\t<\/span>\n\t\t\t\t\t\t\t<\/div>\n\t\t\t\t\t\t<\/div>\n\t\t\t\t\t\t<\/div>\n\t\t\t\t\t<\/div><div class=\"col\" data-animate=\"fadeInUp\">\n\t\t\t\t\t\t<div class=\"col-inner\">\n\t\t\t\t\t\t\n<div class=\"badge-container badge-custom absolute right top z-1\">\n\n<\/div>\n\t\t\t\t\t\t<div class=\"product-small box margin-auto has-hover box-normal box-text-bottom\">\n\t\t\t\t\t\t\t<div class=\"box-image\" >\n\t\t\t\t\t\t\t\t<div class=\"\" >\n\t\t\t\t\t\t\t\t\t<a href=\"https:\/\/schaumweinkontor.com\/en\/produkt\/etienne-oudart-champ-juliana-vn-2009-brut-075-l\/\" aria-label=\"Etienne Oudart Champagne Juliana VN 2013 Brut 0,75 L\">\n\t\t\t\t\t\t\t\t\t\t<img loading=\"lazy\" decoding=\"async\" width=\"300\" height=\"300\" src=\"https:\/\/schaumweinkontor.com\/wp-content\/uploads\/2022\/06\/Etienne-Oudart-Champ.-Juliana-VN-2009-Brut-075-L-300x300.png\" class=\"attachment-medium size-medium\" alt=\"Etienne Oudart Champagne Juliana VN 2013 Brut 0,75 L\" srcset=\"https:\/\/schaumweinkontor.com\/wp-content\/uploads\/2022\/06\/Etienne-Oudart-Champ.-Juliana-VN-2009-Brut-075-L-300x300.png 300w, https:\/\/schaumweinkontor.com\/wp-content\/uploads\/2022\/06\/Etienne-Oudart-Champ.-Juliana-VN-2009-Brut-075-L-100x100.png 100w, https:\/\/schaumweinkontor.com\/wp-content\/uploads\/2022\/06\/Etienne-Oudart-Champ.-Juliana-VN-2009-Brut-075-L-510x510.png 510w, https:\/\/schaumweinkontor.com\/wp-content\/uploads\/2022\/06\/Etienne-Oudart-Champ.-Juliana-VN-2009-Brut-075-L-150x150.png 150w, https:\/\/schaumweinkontor.com\/wp-content\/uploads\/2022\/06\/Etienne-Oudart-Champ.-Juliana-VN-2009-Brut-075-L-768x768.png 768w, https:\/\/schaumweinkontor.com\/wp-content\/uploads\/2022\/06\/Etienne-Oudart-Champ.-Juliana-VN-2009-Brut-075-L.png 1000w\" sizes=\"auto, (max-width: 300px) 100vw, 300px\" \/>\t\t\t\t\t\t\t\t\t<\/a>\n\t\t\t\t\t\t\t\t\t\t\t\t\t\t\t\t\t\t \t\t\t\t\t\t\t\t<\/div>\n\t\t\t\t\t\t\t\t<div class=\"image-tools top right show-on-hover\">\n\t\t\t\t\t\t\t\t\t\t\t\t\t\t\t\t\t<\/div>\n\t\t\t\t\t\t\t\t\t\t\t\t\t\t\t\t\t<div class=\"image-tools grid-tools text-center hide-for-small bottom hover-slide-in show-on-hover\">\n\t\t\t\t\t\t\t\t\t\t\t\t\t\t\t\t\t\t\t<\/div>\n\t\t\t\t\t\t\t\t\t\t\t\t\t\t\t\t\t\t\t\t\t\t\t<\/div>\n\n\t\t\t\t\t\t\t<div class=\"box-text text-center\" >\n\t\t\t\t\t\t\t\t<div class=\"title-wrapper\">\t\t<p class=\"category uppercase is-smaller no-text-overflow product-cat op-7\">\n\t\t\tEtienne Oudart\t\t<\/p>\n\t<p class=\"name product-title woocommerce-loop-product__title\"><a href=\"https:\/\/schaumweinkontor.com\/en\/produkt\/etienne-oudart-champ-juliana-vn-2009-brut-075-l\/\" class=\"woocommerce-LoopProduct-link woocommerce-loop-product__link\">Etienne Oudart Champagne Juliana VN 2013 Brut 0,75 L<\/a><\/p><\/div><div class=\"price-wrapper\">\n\t<span class=\"price\"><span class=\"woocommerce-Price-amount amount\" role=\"none\"><bdi><span class=\"woocommerce-Price-currencySymbol\">&euro;<\/span>&nbsp;59,90<\/bdi><\/span> <small class=\"woocommerce-price-suffix\">inkl. MwSt.<\/small><\/span>\n<\/div><div class=\"add-to-cart-button\"><a href=\"\/en\/wp-json\/wp\/v2\/pages\/4628?add-to-cart=4781\" aria-describedby=\"woocommerce_loop_add_to_cart_link_describedby_4781\" data-quantity=\"1\" class=\"primary is-small mb-0 button product_type_simple add_to_cart_button ajax_add_to_cart is-outline\" data-product_id=\"4781\" data-product_sku=\"100300198\" aria-label=\"Add to cart: &ldquo;Etienne Oudart Champagne Juliana VN 2013 Brut 0,75 L&rdquo;\" rel=\"nofollow\" data-success_message=\"&ldquo;Etienne Oudart Champagne Juliana VN 2013 Brut 0,75 L&rdquo; has been added to your cart\" role=\"button\">Add to cart<\/a><\/div>\t<span id=\"woocommerce_loop_add_to_cart_link_describedby_4781\" class=\"screen-reader-text\">\n\t\t\t<\/span>\n\t\t\t\t\t\t\t<\/div>\n\t\t\t\t\t\t<\/div>\n\t\t\t\t\t\t<\/div>\n\t\t\t\t\t<\/div><div class=\"col\" data-animate=\"fadeInUp\">\n\t\t\t\t\t\t<div class=\"col-inner\">\n\t\t\t\t\t\t\n<div class=\"badge-container badge-custom absolute right top z-1\">\n\n<\/div>\n\t\t\t\t\t\t<div class=\"product-small box margin-auto has-hover box-normal box-text-bottom\">\n\t\t\t\t\t\t\t<div class=\"box-image\" >\n\t\t\t\t\t\t\t\t<div class=\"\" >\n\t\t\t\t\t\t\t\t\t<a href=\"https:\/\/schaumweinkontor.com\/en\/produkt\/etienne-oudart-champagne-brut-reference-15-l-magnum\/\" aria-label=\"Etienne Oudart Champagne Brut R\u00e9f\u00e9rence 1,5 L Magnum\">\n\t\t\t\t\t\t\t\t\t\t<img loading=\"lazy\" decoding=\"async\" width=\"300\" height=\"300\" src=\"https:\/\/schaumweinkontor.com\/wp-content\/uploads\/2022\/09\/10-Etienne-Oudart-Brut-Reference-15l-300x300.png\" class=\"attachment-medium size-medium\" alt=\"Etienne Oudart Champagne Brut R\u00e9f\u00e9rence 1,5 L Magnum\" srcset=\"https:\/\/schaumweinkontor.com\/wp-content\/uploads\/2022\/09\/10-Etienne-Oudart-Brut-Reference-15l-300x300.png 300w, https:\/\/schaumweinkontor.com\/wp-content\/uploads\/2022\/09\/10-Etienne-Oudart-Brut-Reference-15l-100x100.png 100w, https:\/\/schaumweinkontor.com\/wp-content\/uploads\/2022\/09\/10-Etienne-Oudart-Brut-Reference-15l-510x510.png 510w, https:\/\/schaumweinkontor.com\/wp-content\/uploads\/2022\/09\/10-Etienne-Oudart-Brut-Reference-15l-150x150.png 150w, https:\/\/schaumweinkontor.com\/wp-content\/uploads\/2022\/09\/10-Etienne-Oudart-Brut-Reference-15l-768x768.png 768w, https:\/\/schaumweinkontor.com\/wp-content\/uploads\/2022\/09\/10-Etienne-Oudart-Brut-Reference-15l.png 1001w\" sizes=\"auto, (max-width: 300px) 100vw, 300px\" \/>\t\t\t\t\t\t\t\t\t<\/a>\n\t\t\t\t\t\t\t\t\t\t\t\t\t\t\t\t\t\t \t\t\t\t\t\t\t\t<\/div>\n\t\t\t\t\t\t\t\t<div class=\"image-tools top right show-on-hover\">\n\t\t\t\t\t\t\t\t\t\t\t\t\t\t\t\t\t<\/div>\n\t\t\t\t\t\t\t\t\t\t\t\t\t\t\t\t\t<div class=\"image-tools grid-tools text-center hide-for-small bottom hover-slide-in show-on-hover\">\n\t\t\t\t\t\t\t\t\t\t\t\t\t\t\t\t\t\t\t<\/div>\n\t\t\t\t\t\t\t\t\t\t\t\t\t\t\t\t\t\t\t\t\t\t\t<\/div>\n\n\t\t\t\t\t\t\t<div class=\"box-text text-center\" >\n\t\t\t\t\t\t\t\t<div class=\"title-wrapper\">\t\t<p class=\"category uppercase is-smaller no-text-overflow product-cat op-7\">\n\t\t\tEtienne Oudart\t\t<\/p>\n\t<p class=\"name product-title woocommerce-loop-product__title\"><a href=\"https:\/\/schaumweinkontor.com\/en\/produkt\/etienne-oudart-champagne-brut-reference-15-l-magnum\/\" class=\"woocommerce-LoopProduct-link woocommerce-loop-product__link\">Etienne Oudart Champagne Brut R\u00e9f\u00e9rence 1,5 L Magnum<\/a><\/p><\/div><div class=\"price-wrapper\">\n\t<span class=\"price\"><span class=\"woocommerce-Price-amount amount\" role=\"none\"><bdi><span class=\"woocommerce-Price-currencySymbol\">&euro;<\/span>&nbsp;64,50<\/bdi><\/span> <small class=\"woocommerce-price-suffix\">inkl. MwSt.<\/small><\/span>\n<\/div><div class=\"add-to-cart-button\"><a href=\"\/en\/wp-json\/wp\/v2\/pages\/4628?add-to-cart=4732\" aria-describedby=\"woocommerce_loop_add_to_cart_link_describedby_4732\" data-quantity=\"1\" class=\"primary is-small mb-0 button product_type_simple add_to_cart_button ajax_add_to_cart is-outline\" data-product_id=\"4732\" data-product_sku=\"100300193\" aria-label=\"Add to cart: &ldquo;Etienne Oudart Champagne Brut R\u00e9f\u00e9rence 1,5 L Magnum&rdquo;\" rel=\"nofollow\" data-success_message=\"&ldquo;Etienne Oudart Champagne Brut R\u00e9f\u00e9rence 1,5 L Magnum&rdquo; has been added to your cart\" role=\"button\">Add to cart<\/a><\/div>\t<span id=\"woocommerce_loop_add_to_cart_link_describedby_4732\" class=\"screen-reader-text\">\n\t\t\t<\/span>\n\t\t\t\t\t\t\t<\/div>\n\t\t\t\t\t\t<\/div>\n\t\t\t\t\t\t<\/div>\n\t\t\t\t\t<\/div><div class=\"col\" data-animate=\"fadeInUp\">\n\t\t\t\t\t\t<div class=\"col-inner\">\n\t\t\t\t\t\t\n<div class=\"badge-container badge-custom absolute right top z-1\">\n\n<\/div>\n\t\t\t\t\t\t<div class=\"product-small box margin-auto has-hover box-normal box-text-bottom\">\n\t\t\t\t\t\t\t<div class=\"box-image\" >\n\t\t\t\t\t\t\t\t<div class=\"\" >\n\t\t\t\t\t\t\t\t\t<a href=\"https:\/\/schaumweinkontor.com\/en\/produkt\/etienne-oudart-champagne-brut-reference-3-l-jeroboam\/\" aria-label=\"Etienne Oudart Champagne Brut R\u00e9f\u00e9rence 3 L Jeroboam\">\n\t\t\t\t\t\t\t\t\t\t<img loading=\"lazy\" decoding=\"async\" width=\"300\" height=\"300\" src=\"https:\/\/schaumweinkontor.com\/wp-content\/uploads\/2022\/09\/10-Etienne-Oudart-Brut-Reference-15l-300x300.png\" class=\"attachment-medium size-medium\" alt=\"Etienne Oudart Champagne Brut R\u00e9f\u00e9rence 3 L Jeroboam\" srcset=\"https:\/\/schaumweinkontor.com\/wp-content\/uploads\/2022\/09\/10-Etienne-Oudart-Brut-Reference-15l-300x300.png 300w, https:\/\/schaumweinkontor.com\/wp-content\/uploads\/2022\/09\/10-Etienne-Oudart-Brut-Reference-15l-100x100.png 100w, https:\/\/schaumweinkontor.com\/wp-content\/uploads\/2022\/09\/10-Etienne-Oudart-Brut-Reference-15l-510x510.png 510w, https:\/\/schaumweinkontor.com\/wp-content\/uploads\/2022\/09\/10-Etienne-Oudart-Brut-Reference-15l-150x150.png 150w, https:\/\/schaumweinkontor.com\/wp-content\/uploads\/2022\/09\/10-Etienne-Oudart-Brut-Reference-15l-768x768.png 768w, https:\/\/schaumweinkontor.com\/wp-content\/uploads\/2022\/09\/10-Etienne-Oudart-Brut-Reference-15l.png 1001w\" sizes=\"auto, (max-width: 300px) 100vw, 300px\" \/>\t\t\t\t\t\t\t\t\t<\/a>\n\t\t\t\t\t\t\t\t\t\t\t\t\t\t\t\t\t\t \t\t\t\t\t\t\t\t<\/div>\n\t\t\t\t\t\t\t\t<div class=\"image-tools top right show-on-hover\">\n\t\t\t\t\t\t\t\t\t\t\t\t\t\t\t\t\t<\/div>\n\t\t\t\t\t\t\t\t\t\t\t\t\t\t\t\t\t<div class=\"image-tools grid-tools text-center hide-for-small bottom hover-slide-in show-on-hover\">\n\t\t\t\t\t\t\t\t\t\t\t\t\t\t\t\t\t\t\t<\/div>\n\t\t\t\t\t\t\t\t\t\t\t\t\t\t\t\t\t\t\t\t\t\t\t<\/div>\n\n\t\t\t\t\t\t\t<div class=\"box-text text-center\" >\n\t\t\t\t\t\t\t\t<div class=\"title-wrapper\">\t\t<p class=\"category uppercase is-smaller no-text-overflow product-cat op-7\">\n\t\t\tEtienne Oudart\t\t<\/p>\n\t<p class=\"name product-title woocommerce-loop-product__title\"><a href=\"https:\/\/schaumweinkontor.com\/en\/produkt\/etienne-oudart-champagne-brut-reference-3-l-jeroboam\/\" class=\"woocommerce-LoopProduct-link woocommerce-loop-product__link\">Etienne Oudart Champagne Brut R\u00e9f\u00e9rence 3 L Jeroboam<\/a><\/p><\/div><div class=\"price-wrapper\">\n\t<span class=\"price\"><span class=\"woocommerce-Price-amount amount\" role=\"none\"><bdi><span class=\"woocommerce-Price-currencySymbol\">&euro;<\/span>&nbsp;205,00<\/bdi><\/span> <small class=\"woocommerce-price-suffix\">inkl. MwSt.<\/small><\/span>\n<\/div><div class=\"add-to-cart-button\"><a href=\"\/en\/wp-json\/wp\/v2\/pages\/4628?add-to-cart=4720\" aria-describedby=\"woocommerce_loop_add_to_cart_link_describedby_4720\" data-quantity=\"1\" class=\"primary is-small mb-0 button product_type_simple add_to_cart_button ajax_add_to_cart is-outline\" data-product_id=\"4720\" data-product_sku=\"100300194\" aria-label=\"Add to cart: &ldquo;Etienne Oudart Champagne Brut R\u00e9f\u00e9rence 3 L Jeroboam&rdquo;\" rel=\"nofollow\" data-success_message=\"&ldquo;Etienne Oudart Champagne Brut R\u00e9f\u00e9rence 3 L Jeroboam&rdquo; has been added to your cart\" role=\"button\">Add to cart<\/a><\/div>\t<span id=\"woocommerce_loop_add_to_cart_link_describedby_4720\" class=\"screen-reader-text\">\n\t\t\t<\/span>\n\t\t\t\t\t\t\t<\/div>\n\t\t\t\t\t\t<\/div>\n\t\t\t\t\t\t<\/div>\n\t\t\t\t\t<\/div><div class=\"col\" data-animate=\"fadeInUp\">\n\t\t\t\t\t\t<div class=\"col-inner\">\n\t\t\t\t\t\t\n<div class=\"badge-container badge-custom absolute right top z-1\">\n\n<\/div>\n\t\t\t\t\t\t<div class=\"product-small box margin-auto has-hover box-normal box-text-bottom\">\n\t\t\t\t\t\t\t<div class=\"box-image\" >\n\t\t\t\t\t\t\t\t<div class=\"\" >\n\t\t\t\t\t\t\t\t\t<a href=\"https:\/\/schaumweinkontor.com\/en\/produkt\/etienne-oudart-champagne-brut-reference-6-l-magnum\/\" aria-label=\"Etienne Oudart Champagne Brut R\u00e9f\u00e9rence 6 L Magnum\">\n\t\t\t\t\t\t\t\t\t\t<img loading=\"lazy\" decoding=\"async\" width=\"300\" height=\"300\" src=\"https:\/\/schaumweinkontor.com\/wp-content\/uploads\/2022\/09\/10-Etienne-Oudart-Brut-Reference-15l-300x300.png\" class=\"attachment-medium size-medium\" alt=\"Etienne Oudart Champagne Brut R\u00e9f\u00e9rence 6 L Magnum\" srcset=\"https:\/\/schaumweinkontor.com\/wp-content\/uploads\/2022\/09\/10-Etienne-Oudart-Brut-Reference-15l-300x300.png 300w, https:\/\/schaumweinkontor.com\/wp-content\/uploads\/2022\/09\/10-Etienne-Oudart-Brut-Reference-15l-100x100.png 100w, https:\/\/schaumweinkontor.com\/wp-content\/uploads\/2022\/09\/10-Etienne-Oudart-Brut-Reference-15l-510x510.png 510w, https:\/\/schaumweinkontor.com\/wp-content\/uploads\/2022\/09\/10-Etienne-Oudart-Brut-Reference-15l-150x150.png 150w, https:\/\/schaumweinkontor.com\/wp-content\/uploads\/2022\/09\/10-Etienne-Oudart-Brut-Reference-15l-768x768.png 768w, https:\/\/schaumweinkontor.com\/wp-content\/uploads\/2022\/09\/10-Etienne-Oudart-Brut-Reference-15l.png 1001w\" sizes=\"auto, (max-width: 300px) 100vw, 300px\" \/>\t\t\t\t\t\t\t\t\t<\/a>\n\t\t\t\t\t\t\t\t\t\t\t\t\t\t\t\t\t\t \t\t\t\t\t\t\t\t<\/div>\n\t\t\t\t\t\t\t\t<div class=\"image-tools top right show-on-hover\">\n\t\t\t\t\t\t\t\t\t\t\t\t\t\t\t\t\t<\/div>\n\t\t\t\t\t\t\t\t\t\t\t\t\t\t\t\t\t<div class=\"image-tools grid-tools text-center hide-for-small bottom hover-slide-in show-on-hover\">\n\t\t\t\t\t\t\t\t\t\t\t\t\t\t\t\t\t\t\t<\/div>\n\t\t\t\t\t\t\t\t\t\t\t\t\t\t\t\t\t\t\t\t\t\t\t<\/div>\n\n\t\t\t\t\t\t\t<div class=\"box-text text-center\" >\n\t\t\t\t\t\t\t\t<div class=\"title-wrapper\">\t\t<p class=\"category uppercase is-smaller no-text-overflow product-cat op-7\">\n\t\t\tEtienne Oudart\t\t<\/p>\n\t<p class=\"name product-title woocommerce-loop-product__title\"><a href=\"https:\/\/schaumweinkontor.com\/en\/produkt\/etienne-oudart-champagne-brut-reference-6-l-magnum\/\" class=\"woocommerce-LoopProduct-link woocommerce-loop-product__link\">Etienne Oudart Champagne Brut R\u00e9f\u00e9rence 6 L Magnum<\/a><\/p><\/div><div class=\"price-wrapper\">\n\t<span class=\"price\"><span class=\"woocommerce-Price-amount amount\" role=\"none\"><bdi><span class=\"woocommerce-Price-currencySymbol\">&euro;<\/span>&nbsp;450,00<\/bdi><\/span> <small class=\"woocommerce-price-suffix\">inkl. MwSt.<\/small><\/span>\n<\/div><div class=\"add-to-cart-button\"><a href=\"\/en\/wp-json\/wp\/v2\/pages\/4628?add-to-cart=4668\" aria-describedby=\"woocommerce_loop_add_to_cart_link_describedby_4668\" data-quantity=\"1\" class=\"primary is-small mb-0 button product_type_simple add_to_cart_button ajax_add_to_cart is-outline\" data-product_id=\"4668\" data-product_sku=\"100300199\" aria-label=\"Add to cart: &ldquo;Etienne Oudart Champagne Brut R\u00e9f\u00e9rence 6 L Magnum&rdquo;\" rel=\"nofollow\" data-success_message=\"&ldquo;Etienne Oudart Champagne Brut R\u00e9f\u00e9rence 6 L Magnum&rdquo; has been added to your cart\" role=\"button\">Add to cart<\/a><\/div>\t<span id=\"woocommerce_loop_add_to_cart_link_describedby_4668\" class=\"screen-reader-text\">\n\t\t\t<\/span>\n\t\t\t\t\t\t\t<\/div>\n\t\t\t\t\t\t<\/div>\n\t\t\t\t\t\t<\/div>\n\t\t\t\t\t<\/div><div class=\"col\" data-animate=\"fadeInUp\">\n\t\t\t\t\t\t<div class=\"col-inner\">\n\t\t\t\t\t\t\n<div class=\"badge-container badge-custom absolute right top z-1\">\n\n<\/div>\n\t\t\t\t\t\t<div class=\"product-small box margin-auto has-hover box-normal box-text-bottom\">\n\t\t\t\t\t\t\t<div class=\"box-image\" >\n\t\t\t\t\t\t\t\t<div class=\"\" >\n\t\t\t\t\t\t\t\t\t<a href=\"https:\/\/schaumweinkontor.com\/en\/produkt\/etienne-oudart-champagne-brut-reference-9-l-jeroboam\/\" aria-label=\"Etienne Oudart Champagne Brut R\u00e9f\u00e9rence 9 L Salmanasar\">\n\t\t\t\t\t\t\t\t\t\t<img loading=\"lazy\" decoding=\"async\" width=\"300\" height=\"300\" src=\"https:\/\/schaumweinkontor.com\/wp-content\/uploads\/2022\/09\/10-Etienne-Oudart-Brut-Reference-15l-300x300.png\" class=\"attachment-medium size-medium\" alt=\"Etienne Oudart Champagne Brut R\u00e9f\u00e9rence 9 L Salmanasar\" srcset=\"https:\/\/schaumweinkontor.com\/wp-content\/uploads\/2022\/09\/10-Etienne-Oudart-Brut-Reference-15l-300x300.png 300w, https:\/\/schaumweinkontor.com\/wp-content\/uploads\/2022\/09\/10-Etienne-Oudart-Brut-Reference-15l-100x100.png 100w, https:\/\/schaumweinkontor.com\/wp-content\/uploads\/2022\/09\/10-Etienne-Oudart-Brut-Reference-15l-510x510.png 510w, https:\/\/schaumweinkontor.com\/wp-content\/uploads\/2022\/09\/10-Etienne-Oudart-Brut-Reference-15l-150x150.png 150w, https:\/\/schaumweinkontor.com\/wp-content\/uploads\/2022\/09\/10-Etienne-Oudart-Brut-Reference-15l-768x768.png 768w, https:\/\/schaumweinkontor.com\/wp-content\/uploads\/2022\/09\/10-Etienne-Oudart-Brut-Reference-15l.png 1001w\" sizes=\"auto, (max-width: 300px) 100vw, 300px\" \/>\t\t\t\t\t\t\t\t\t<\/a>\n\t\t\t\t\t\t\t\t\t\t\t\t\t\t\t\t\t\t \t\t\t\t\t\t\t\t<\/div>\n\t\t\t\t\t\t\t\t<div class=\"image-tools top right show-on-hover\">\n\t\t\t\t\t\t\t\t\t\t\t\t\t\t\t\t\t<\/div>\n\t\t\t\t\t\t\t\t\t\t\t\t\t\t\t\t\t<div class=\"image-tools grid-tools text-center hide-for-small bottom hover-slide-in show-on-hover\">\n\t\t\t\t\t\t\t\t\t\t\t\t\t\t\t\t\t\t\t<\/div>\n\t\t\t\t\t\t\t\t\t\t\t\t\t\t\t\t\t\t\t\t\t\t\t<\/div>\n\n\t\t\t\t\t\t\t<div class=\"box-text text-center\" >\n\t\t\t\t\t\t\t\t<div class=\"title-wrapper\">\t\t<p class=\"category uppercase is-smaller no-text-overflow product-cat op-7\">\n\t\t\tEtienne Oudart\t\t<\/p>\n\t<p class=\"name product-title woocommerce-loop-product__title\"><a href=\"https:\/\/schaumweinkontor.com\/en\/produkt\/etienne-oudart-champagne-brut-reference-9-l-jeroboam\/\" class=\"woocommerce-LoopProduct-link woocommerce-loop-product__link\">Etienne Oudart Champagne Brut R\u00e9f\u00e9rence 9 L Salmanasar<\/a><\/p><\/div><div class=\"price-wrapper\">\n\t<span class=\"price\"><span class=\"woocommerce-Price-amount amount\" role=\"none\"><bdi><span class=\"woocommerce-Price-currencySymbol\">&euro;<\/span>&nbsp;760,00<\/bdi><\/span> <small class=\"woocommerce-price-suffix\">inkl. MwSt.<\/small><\/span>\n<\/div><div class=\"add-to-cart-button\"><a href=\"\/en\/wp-json\/wp\/v2\/pages\/4628?add-to-cart=4667\" aria-describedby=\"woocommerce_loop_add_to_cart_link_describedby_4667\" data-quantity=\"1\" class=\"primary is-small mb-0 button product_type_simple add_to_cart_button ajax_add_to_cart is-outline\" data-product_id=\"4667\" data-product_sku=\"100300200\" aria-label=\"Add to cart: &ldquo;Etienne Oudart Champagne Brut R\u00e9f\u00e9rence 9 L Salmanasar&rdquo;\" rel=\"nofollow\" data-success_message=\"&ldquo;Etienne Oudart Champagne Brut R\u00e9f\u00e9rence 9 L Salmanasar&rdquo; has been added to your cart\" role=\"button\">Add to cart<\/a><\/div>\t<span id=\"woocommerce_loop_add_to_cart_link_describedby_4667\" class=\"screen-reader-text\">\n\t\t\t<\/span>\n\t\t\t\t\t\t\t<\/div>\n\t\t\t\t\t\t<\/div>\n\t\t\t\t\t\t<\/div>\n\t\t\t\t\t<\/div><\/div>\n\n<div class=\"text-center\"><div class=\"is-divider divider clearfix\" style=\"margin-top:3em;margin-bottom:3em;max-width:100%;height:2px;background-color:rgba(183, 149, 73, 0.419);\"><\/div><\/div>\n\n\n\t\t<\/div>\n\t\t\t\t\t<\/div>\n\n\t\n\n<\/div>\n\t<section class=\"section bg_winzer hide-for-small\" id=\"section_847686983\">\n\t\t<div class=\"bg section-bg fill bg-fill  \" >\n\n\t\t\t\n\t\t\t\n\t\t\t\n\n\t\t<\/div>\n\n\t\t\n\n\t\t<div class=\"section-content relative\">\n\t\t\t\n\n<div class=\"row align-middle align-center\"  id=\"row-2111997780\">\n\n\n\t<div id=\"col-2109267640\" class=\"col small-12 large-12\"  >\n\t\t\t\t<div class=\"col-inner\"  >\n\t\t\t\n\t\t\t\n\n<h2 id=\"delouvin\" class=\"uppercase\" style=\"text-align: center;\">Fam. Delouvin<\/h2>\n\n\t\t<\/div>\n\t\t\t\t\t<\/div>\n\n\t\n\n\n<style>\n#row-2111997780 > .col > .col-inner {\n  padding: 15px 0px 0px 0px;\n}\n<\/style>\n<\/div>\n\n\t\t<\/div>\n\n\t\t\n<style>\n#section_847686983 {\n  padding-top: 20px;\n  padding-bottom: 20px;\n  margin-bottom: 30px;\n}\n#section_847686983 .section-bg.bg-loaded {\n  background-image: url(https:\/\/schaumweinkontor.com\/wp-content\/uploads\/2022\/06\/landscape-illu-gold-transp.png);\n}\n<\/style>\n\t<\/section>\n\t\n<div class=\"row\"  id=\"row-1342139705\">\n\n\n\t<div id=\"col-1252615522\" class=\"col small-12 large-12\"  >\n\t\t\t\t<div class=\"col-inner\"  >\n\t\t\t\n\t\t\t\n\n\n  \n    <div class=\"row margin-auto equalize-box large-columns-3 medium-columns- small-columns-2 row-large has-shadow row-box-shadow-2 row-box-shadow-4-hover\" >\n  \t\n\t     <div class=\"col\" data-animate=\"fadeInUp\">\n\t\t\t\t\t\t<div class=\"col-inner\">\n\t\t\t\t\t\t\n<div class=\"badge-container badge-custom absolute right top z-1\">\n\n<\/div>\n\t\t\t\t\t\t<div class=\"product-small box margin-auto has-hover box-normal box-text-bottom\">\n\t\t\t\t\t\t\t<div class=\"box-image\" >\n\t\t\t\t\t\t\t\t<div class=\"\" >\n\t\t\t\t\t\t\t\t\t<a href=\"https:\/\/schaumweinkontor.com\/en\/produkt\/fam-delouvin-champ-meunier-perpetuel-extra-brut-075-l\/\" aria-label=\"Famille Delouvin Champagne Meunier Perp\u00e9tuel Extra Brut 0,75 L\">\n\t\t\t\t\t\t\t\t\t\t<img loading=\"lazy\" decoding=\"async\" width=\"300\" height=\"300\" src=\"https:\/\/schaumweinkontor.com\/wp-content\/uploads\/2022\/06\/delouvin_2-300x300.png\" class=\"attachment-medium size-medium\" alt=\"Famille Delouvin Champagne Meunier Perp\u00e9tuel\" srcset=\"https:\/\/schaumweinkontor.com\/wp-content\/uploads\/2022\/06\/delouvin_2-300x300.png 300w, https:\/\/schaumweinkontor.com\/wp-content\/uploads\/2022\/06\/delouvin_2-100x100.png 100w, https:\/\/schaumweinkontor.com\/wp-content\/uploads\/2022\/06\/delouvin_2-510x510.png 510w, https:\/\/schaumweinkontor.com\/wp-content\/uploads\/2022\/06\/delouvin_2-150x150.png 150w, https:\/\/schaumweinkontor.com\/wp-content\/uploads\/2022\/06\/delouvin_2-768x768.png 768w, https:\/\/schaumweinkontor.com\/wp-content\/uploads\/2022\/06\/delouvin_2.png 1000w\" sizes=\"auto, (max-width: 300px) 100vw, 300px\" \/>\t\t\t\t\t\t\t\t\t<\/a>\n\t\t\t\t\t\t\t\t\t\t\t\t\t\t\t\t\t\t \t\t\t\t\t\t\t\t<\/div>\n\t\t\t\t\t\t\t\t<div class=\"image-tools top right show-on-hover\">\n\t\t\t\t\t\t\t\t\t\t\t\t\t\t\t\t\t<\/div>\n\t\t\t\t\t\t\t\t\t\t\t\t\t\t\t\t\t<div class=\"image-tools grid-tools text-center hide-for-small bottom hover-slide-in show-on-hover\">\n\t\t\t\t\t\t\t\t\t\t\t\t\t\t\t\t\t\t\t<\/div>\n\t\t\t\t\t\t\t\t\t\t\t\t\t\t\t\t\t\t\t\t\t\t\t<\/div>\n\n\t\t\t\t\t\t\t<div class=\"box-text text-center\" >\n\t\t\t\t\t\t\t\t<div class=\"title-wrapper\">\t\t<p class=\"category uppercase is-smaller no-text-overflow product-cat op-7\">\n\t\t\tFam. Delouvin\t\t<\/p>\n\t<p class=\"name product-title woocommerce-loop-product__title\"><a href=\"https:\/\/schaumweinkontor.com\/en\/produkt\/fam-delouvin-champ-meunier-perpetuel-extra-brut-075-l\/\" class=\"woocommerce-LoopProduct-link woocommerce-loop-product__link\">Famille Delouvin Champagne Meunier Perp\u00e9tuel Extra Brut 0,75 L<\/a><\/p><\/div><div class=\"price-wrapper\">\n\t<span class=\"price\"><span class=\"woocommerce-Price-amount amount\" role=\"none\"><bdi><span class=\"woocommerce-Price-currencySymbol\">&euro;<\/span>&nbsp;37,50<\/bdi><\/span> <small class=\"woocommerce-price-suffix\">inkl. MwSt.<\/small><\/span>\n<\/div><div class=\"add-to-cart-button\"><a href=\"\/en\/wp-json\/wp\/v2\/pages\/4628?add-to-cart=4788\" aria-describedby=\"woocommerce_loop_add_to_cart_link_describedby_4788\" data-quantity=\"1\" class=\"primary is-small mb-0 button product_type_simple add_to_cart_button ajax_add_to_cart is-outline\" data-product_id=\"4788\" data-product_sku=\"100300176\" aria-label=\"Add to cart: &ldquo;Famille Delouvin Champagne Meunier Perp\u00e9tuel Extra Brut 0,75 L&rdquo;\" rel=\"nofollow\" data-success_message=\"&ldquo;Famille Delouvin Champagne Meunier Perp\u00e9tuel Extra Brut 0,75 L&rdquo; has been added to your cart\" role=\"button\">Add to cart<\/a><\/div>\t<span id=\"woocommerce_loop_add_to_cart_link_describedby_4788\" class=\"screen-reader-text\">\n\t\t\t<\/span>\n\t\t\t\t\t\t\t<\/div>\n\t\t\t\t\t\t<\/div>\n\t\t\t\t\t\t<\/div>\n\t\t\t\t\t<\/div><div class=\"col\" data-animate=\"fadeInUp\">\n\t\t\t\t\t\t<div class=\"col-inner\">\n\t\t\t\t\t\t\n<div class=\"badge-container badge-custom absolute right top z-1\">\n\n<\/div>\n\t\t\t\t\t\t<div class=\"product-small box margin-auto has-hover box-normal box-text-bottom\">\n\t\t\t\t\t\t\t<div class=\"box-image\" >\n\t\t\t\t\t\t\t\t<div class=\"\" >\n\t\t\t\t\t\t\t\t\t<a href=\"https:\/\/schaumweinkontor.com\/en\/produkt\/fam-delouvin-champ-semper-fidelis-extra-brut-075-l\/\" aria-label=\"Delouvin Champagne Semper Fidelis Extra Brut 0,75 L\">\n\t\t\t\t\t\t\t\t\t\t<img loading=\"lazy\" decoding=\"async\" width=\"300\" height=\"300\" src=\"https:\/\/schaumweinkontor.com\/wp-content\/uploads\/2022\/06\/Delouvin-Semper-Fidelis-Extra-Brut-075l-1-300x300.png\" class=\"attachment-medium size-medium\" alt=\"Delouvin Champagne Semper Fidelis Extra Brut 0,75 L\" srcset=\"https:\/\/schaumweinkontor.com\/wp-content\/uploads\/2022\/06\/Delouvin-Semper-Fidelis-Extra-Brut-075l-1-300x300.png 300w, https:\/\/schaumweinkontor.com\/wp-content\/uploads\/2022\/06\/Delouvin-Semper-Fidelis-Extra-Brut-075l-1-150x150.png 150w, https:\/\/schaumweinkontor.com\/wp-content\/uploads\/2022\/06\/Delouvin-Semper-Fidelis-Extra-Brut-075l-1-768x768.png 768w, https:\/\/schaumweinkontor.com\/wp-content\/uploads\/2022\/06\/Delouvin-Semper-Fidelis-Extra-Brut-075l-1-510x510.png 510w, https:\/\/schaumweinkontor.com\/wp-content\/uploads\/2022\/06\/Delouvin-Semper-Fidelis-Extra-Brut-075l-1-100x100.png 100w, https:\/\/schaumweinkontor.com\/wp-content\/uploads\/2022\/06\/Delouvin-Semper-Fidelis-Extra-Brut-075l-1.png 1000w\" sizes=\"auto, (max-width: 300px) 100vw, 300px\" \/>\t\t\t\t\t\t\t\t\t<\/a>\n\t\t\t\t\t\t\t\t\t\t\t\t\t\t\t\t\t\t \t\t\t\t\t\t\t\t<\/div>\n\t\t\t\t\t\t\t\t<div class=\"image-tools top right show-on-hover\">\n\t\t\t\t\t\t\t\t\t\t\t\t\t\t\t\t\t<\/div>\n\t\t\t\t\t\t\t\t\t\t\t\t\t\t\t\t\t<div class=\"image-tools grid-tools text-center hide-for-small bottom hover-slide-in show-on-hover\">\n\t\t\t\t\t\t\t\t\t\t\t\t\t\t\t\t\t\t\t<\/div>\n\t\t\t\t\t\t\t\t\t\t\t\t\t\t\t\t\t\t\t\t\t\t\t<\/div>\n\n\t\t\t\t\t\t\t<div class=\"box-text text-center\" >\n\t\t\t\t\t\t\t\t<div class=\"title-wrapper\">\t\t<p class=\"category uppercase is-smaller no-text-overflow product-cat op-7\">\n\t\t\tFam. Delouvin\t\t<\/p>\n\t<p class=\"name product-title woocommerce-loop-product__title\"><a href=\"https:\/\/schaumweinkontor.com\/en\/produkt\/fam-delouvin-champ-semper-fidelis-extra-brut-075-l\/\" class=\"woocommerce-LoopProduct-link woocommerce-loop-product__link\">Delouvin Champagne Semper Fidelis Extra Brut 0,75 L<\/a><\/p><\/div><div class=\"price-wrapper\">\n\t<span class=\"price\"><span class=\"woocommerce-Price-amount amount\" role=\"none\"><bdi><span class=\"woocommerce-Price-currencySymbol\">&euro;<\/span>&nbsp;44,20<\/bdi><\/span> <small class=\"woocommerce-price-suffix\">inkl. MwSt.<\/small><\/span>\n<\/div><div class=\"add-to-cart-button\"><a href=\"\/en\/wp-json\/wp\/v2\/pages\/4628?add-to-cart=4787\" aria-describedby=\"woocommerce_loop_add_to_cart_link_describedby_4787\" data-quantity=\"1\" class=\"primary is-small mb-0 button product_type_simple add_to_cart_button ajax_add_to_cart is-outline\" data-product_id=\"4787\" data-product_sku=\"100300177\" aria-label=\"Add to cart: &ldquo;Delouvin Champagne Semper Fidelis Extra Brut 0,75 L&rdquo;\" rel=\"nofollow\" data-success_message=\"&ldquo;Delouvin Champagne Semper Fidelis Extra Brut 0,75 L&rdquo; has been added to your cart\" role=\"button\">Add to cart<\/a><\/div>\t<span id=\"woocommerce_loop_add_to_cart_link_describedby_4787\" class=\"screen-reader-text\">\n\t\t\t<\/span>\n\t\t\t\t\t\t\t<\/div>\n\t\t\t\t\t\t<\/div>\n\t\t\t\t\t\t<\/div>\n\t\t\t\t\t<\/div><div class=\"col\" data-animate=\"fadeInUp\">\n\t\t\t\t\t\t<div class=\"col-inner\">\n\t\t\t\t\t\t\n<div class=\"badge-container badge-custom absolute right top z-1\">\n\n<\/div>\n\t\t\t\t\t\t<div class=\"product-small box margin-auto has-hover box-normal box-text-bottom\">\n\t\t\t\t\t\t\t<div class=\"box-image\" >\n\t\t\t\t\t\t\t\t<div class=\"\" >\n\t\t\t\t\t\t\t\t\t<a href=\"https:\/\/schaumweinkontor.com\/en\/produkt\/delouvin-champ-bis-repetita-extra-brut-075-l\/\" aria-label=\"Delouvin Champ. Bis Repetita Extra Brut 0,75 L\">\n\t\t\t\t\t\t\t\t\t\t<img loading=\"lazy\" decoding=\"async\" width=\"300\" height=\"300\" src=\"https:\/\/schaumweinkontor.com\/wp-content\/uploads\/2024\/04\/Delouvin-Bis-Repetita-300x300.png\" class=\"attachment-medium size-medium\" alt=\"Delouvin Champ. Bis Repetita Extra Brut 0,75 L\" srcset=\"https:\/\/schaumweinkontor.com\/wp-content\/uploads\/2024\/04\/Delouvin-Bis-Repetita-300x300.png 300w, https:\/\/schaumweinkontor.com\/wp-content\/uploads\/2024\/04\/Delouvin-Bis-Repetita-100x100.png 100w, https:\/\/schaumweinkontor.com\/wp-content\/uploads\/2024\/04\/Delouvin-Bis-Repetita-510x510.png 510w, https:\/\/schaumweinkontor.com\/wp-content\/uploads\/2024\/04\/Delouvin-Bis-Repetita-150x150.png 150w, https:\/\/schaumweinkontor.com\/wp-content\/uploads\/2024\/04\/Delouvin-Bis-Repetita-768x768.png 768w, https:\/\/schaumweinkontor.com\/wp-content\/uploads\/2024\/04\/Delouvin-Bis-Repetita.png 1000w\" sizes=\"auto, (max-width: 300px) 100vw, 300px\" \/>\t\t\t\t\t\t\t\t\t<\/a>\n\t\t\t\t\t\t\t\t\t\t\t\t\t\t\t\t\t\t \t\t\t\t\t\t\t\t<\/div>\n\t\t\t\t\t\t\t\t<div class=\"image-tools top right show-on-hover\">\n\t\t\t\t\t\t\t\t\t\t\t\t\t\t\t\t\t<\/div>\n\t\t\t\t\t\t\t\t\t\t\t\t\t\t\t\t\t<div class=\"image-tools grid-tools text-center hide-for-small bottom hover-slide-in show-on-hover\">\n\t\t\t\t\t\t\t\t\t\t\t\t\t\t\t\t\t\t\t<\/div>\n\t\t\t\t\t\t\t\t\t\t\t\t\t\t\t\t\t\t\t\t\t\t\t<\/div>\n\n\t\t\t\t\t\t\t<div class=\"box-text text-center\" >\n\t\t\t\t\t\t\t\t<div class=\"title-wrapper\">\t\t<p class=\"category uppercase is-smaller no-text-overflow product-cat op-7\">\n\t\t\tChampagne\t\t<\/p>\n\t<p class=\"name product-title woocommerce-loop-product__title\"><a href=\"https:\/\/schaumweinkontor.com\/en\/produkt\/delouvin-champ-bis-repetita-extra-brut-075-l\/\" class=\"woocommerce-LoopProduct-link woocommerce-loop-product__link\">Delouvin Champ. Bis Repetita Extra Brut 0,75 L<\/a><\/p><\/div><div class=\"price-wrapper\">\n\t<span class=\"price\"><span class=\"woocommerce-Price-amount amount\" role=\"none\"><bdi><span class=\"woocommerce-Price-currencySymbol\">&euro;<\/span>&nbsp;59,00<\/bdi><\/span> <small class=\"woocommerce-price-suffix\">inkl. MwSt.<\/small><\/span>\n<\/div><div class=\"add-to-cart-button\"><a href=\"\/en\/wp-json\/wp\/v2\/pages\/4628?add-to-cart=5275\" aria-describedby=\"woocommerce_loop_add_to_cart_link_describedby_5275\" data-quantity=\"1\" class=\"primary is-small mb-0 button product_type_simple add_to_cart_button ajax_add_to_cart is-outline\" data-product_id=\"5275\" data-product_sku=\"100300179\" aria-label=\"Add to cart: &ldquo;Delouvin Champ. Bis Repetita Extra Brut 0,75 L&rdquo;\" rel=\"nofollow\" data-success_message=\"&ldquo;Delouvin Champ. Bis Repetita Extra Brut 0,75 L&rdquo; has been added to your cart\" role=\"button\">Add to cart<\/a><\/div>\t<span id=\"woocommerce_loop_add_to_cart_link_describedby_5275\" class=\"screen-reader-text\">\n\t\t\t<\/span>\n\t\t\t\t\t\t\t<\/div>\n\t\t\t\t\t\t<\/div>\n\t\t\t\t\t\t<\/div>\n\t\t\t\t\t<\/div><div class=\"col\" data-animate=\"fadeInUp\">\n\t\t\t\t\t\t<div class=\"col-inner\">\n\t\t\t\t\t\t\n<div class=\"badge-container badge-custom absolute right top z-1\">\n\n<\/div>\n\t\t\t\t\t\t<div class=\"product-small box margin-auto has-hover box-normal box-text-bottom\">\n\t\t\t\t\t\t\t<div class=\"box-image\" >\n\t\t\t\t\t\t\t\t<div class=\"\" >\n\t\t\t\t\t\t\t\t\t<a href=\"https:\/\/schaumweinkontor.com\/en\/produkt\/fam-delouvin-champ-larpent-rouge-bdb-075-l\/\" aria-label=\"Fam. Delouvin Champ. L`Arpent Rouge BdB 0,75 L\">\n\t\t\t\t\t\t\t\t\t\t<img loading=\"lazy\" decoding=\"async\" width=\"300\" height=\"300\" src=\"https:\/\/schaumweinkontor.com\/wp-content\/uploads\/2022\/06\/Delouvin-2-300x300.png\" class=\"attachment-medium size-medium\" alt=\"Fam. Delouvin Champ. L`Arpent Rouge BdB 0,75 L\" srcset=\"https:\/\/schaumweinkontor.com\/wp-content\/uploads\/2022\/06\/Delouvin-2-300x300.png 300w, https:\/\/schaumweinkontor.com\/wp-content\/uploads\/2022\/06\/Delouvin-2-100x100.png 100w, https:\/\/schaumweinkontor.com\/wp-content\/uploads\/2022\/06\/Delouvin-2-510x510.png 510w, https:\/\/schaumweinkontor.com\/wp-content\/uploads\/2022\/06\/Delouvin-2-150x150.png 150w, https:\/\/schaumweinkontor.com\/wp-content\/uploads\/2022\/06\/Delouvin-2-768x768.png 768w, https:\/\/schaumweinkontor.com\/wp-content\/uploads\/2022\/06\/Delouvin-2.png 1000w\" sizes=\"auto, (max-width: 300px) 100vw, 300px\" \/>\t\t\t\t\t\t\t\t\t<\/a>\n\t\t\t\t\t\t\t\t\t\t\t\t\t\t\t\t\t\t \t\t\t\t\t\t\t\t<\/div>\n\t\t\t\t\t\t\t\t<div class=\"image-tools top right show-on-hover\">\n\t\t\t\t\t\t\t\t\t\t\t\t\t\t\t\t\t<\/div>\n\t\t\t\t\t\t\t\t\t\t\t\t\t\t\t\t\t<div class=\"image-tools grid-tools text-center hide-for-small bottom hover-slide-in show-on-hover\">\n\t\t\t\t\t\t\t\t\t\t\t\t\t\t\t\t\t\t\t<\/div>\n\t\t\t\t\t\t\t\t\t\t\t\t\t\t\t\t\t\t\t\t\t\t\t<\/div>\n\n\t\t\t\t\t\t\t<div class=\"box-text text-center\" >\n\t\t\t\t\t\t\t\t<div class=\"title-wrapper\">\t\t<p class=\"category uppercase is-smaller no-text-overflow product-cat op-7\">\n\t\t\tFam. Delouvin\t\t<\/p>\n\t<p class=\"name product-title woocommerce-loop-product__title\"><a href=\"https:\/\/schaumweinkontor.com\/en\/produkt\/fam-delouvin-champ-larpent-rouge-bdb-075-l\/\" class=\"woocommerce-LoopProduct-link woocommerce-loop-product__link\">Fam. Delouvin Champ. L`Arpent Rouge BdB 0,75 L<\/a><\/p><\/div><div class=\"price-wrapper\">\n\t<span class=\"price\"><span class=\"woocommerce-Price-amount amount\" role=\"none\"><bdi><span class=\"woocommerce-Price-currencySymbol\">&euro;<\/span>&nbsp;62,00<\/bdi><\/span> <small class=\"woocommerce-price-suffix\">inkl. MwSt.<\/small><\/span>\n<\/div><div class=\"add-to-cart-button\"><a href=\"\/en\/wp-json\/wp\/v2\/pages\/4628?add-to-cart=4786\" aria-describedby=\"woocommerce_loop_add_to_cart_link_describedby_4786\" data-quantity=\"1\" class=\"primary is-small mb-0 button product_type_simple add_to_cart_button ajax_add_to_cart is-outline\" data-product_id=\"4786\" data-product_sku=\"100300178\" aria-label=\"Add to cart: &ldquo;Fam. Delouvin Champ. L`Arpent Rouge BdB 0,75 L&rdquo;\" rel=\"nofollow\" data-success_message=\"&ldquo;Fam. Delouvin Champ. L`Arpent Rouge BdB 0,75 L&rdquo; has been added to your cart\" role=\"button\">Add to cart<\/a><\/div>\t<span id=\"woocommerce_loop_add_to_cart_link_describedby_4786\" class=\"screen-reader-text\">\n\t\t\t<\/span>\n\t\t\t\t\t\t\t<\/div>\n\t\t\t\t\t\t<\/div>\n\t\t\t\t\t\t<\/div>\n\t\t\t\t\t<\/div><\/div>\n\n<div class=\"text-center\"><div class=\"is-divider divider clearfix\" style=\"margin-top:3em;margin-bottom:3em;max-width:100%;height:2px;background-color:rgba(183, 149, 73, 0.419);\"><\/div><\/div>\n\n\n\t\t<\/div>\n\t\t\t\t\t<\/div>\n\n\t\n\n<\/div>\n\t<section class=\"section bg_winzer hide-for-small\" id=\"section_938493906\">\n\t\t<div class=\"bg section-bg fill bg-fill  \" >\n\n\t\t\t\n\t\t\t\n\t\t\t\n\n\t\t<\/div>\n\n\t\t\n\n\t\t<div class=\"section-content relative\">\n\t\t\t\n\n<div class=\"row row-full-width align-equal align-center\"  id=\"row-1636980818\">\n\n\n\t<div id=\"col-72833696\" class=\"col small-12 large-12\"  >\n\t\t\t\t<div class=\"col-inner text-center\"  >\n\t\t\t\n\t\t\t\n\n\t<div id=\"text-3580461089\" class=\"text\">\n\t\t\n\n<h2 id=\"guy\" class=\"uppercase\" style=\"text-align: center;\">Domaine MEA<\/h2>\n\n\t\t\n<style>\n#text-3580461089 {\n  line-height: 2.65;\n}\n<\/style>\n\t<\/div>\n\t\n\n\t\t<\/div>\n\t\t\t\t\t<\/div>\n\n\t\n\n\n<style>\n#row-1636980818 > .col > .col-inner {\n  padding: 15px 0px 0px 0px;\n}\n<\/style>\n<\/div>\n\n\t\t<\/div>\n\n\t\t\n<style>\n#section_938493906 {\n  padding-top: 20px;\n  padding-bottom: 20px;\n  margin-bottom: 0px;\n}\n#section_938493906 .section-bg.bg-loaded {\n  background-image: url(https:\/\/schaumweinkontor.com\/wp-content\/uploads\/2022\/06\/landscape-illu-gold-transp.png);\n}\n<\/style>\n\t<\/section>\n\t\n<div class=\"row\"  id=\"row-2135558085\">\n\n\n\t<div id=\"col-107117326\" class=\"col small-12 large-12\"  >\n\t\t\t\t<div class=\"col-inner\"  >\n\t\t\t\n\t\t\t\n\n\n  \n    <div id=\"product-grid-1603086511\" class=\"row margin-auto equalize-box large-columns-3 medium-columns- small-columns-2 row-large has-shadow row-box-shadow-2 row-box-shadow-4-hover row-masonry\" data-packery-options='{\"itemSelector\": \".col\", \"gutter\": 0, \"presentageWidth\" : true}'>\n\n  \t\n\t     <div class=\"col\" data-animate=\"fadeInUp\">\n\t\t\t\t\t\t<div class=\"col-inner\">\n\t\t\t\t\t\t\n<div class=\"badge-container badge-custom absolute right top z-1\">\n\n<\/div>\n\t\t\t\t\t\t<div class=\"product-small box margin-auto has-hover box-normal box-text-bottom\">\n\t\t\t\t\t\t\t<div class=\"box-image\" >\n\t\t\t\t\t\t\t\t<div class=\"\" >\n\t\t\t\t\t\t\t\t\t<a href=\"https:\/\/schaumweinkontor.com\/en\/produkt\/guy-mea-lassemblage-extra-brut-1er-cru-075-l\/\" aria-label=\"Domaine Mea L\u00b4Assemblage Extra Brut 1er Cru 0,75 L\">\n\t\t\t\t\t\t\t\t\t\t<img loading=\"lazy\" decoding=\"async\" width=\"300\" height=\"300\" src=\"https:\/\/schaumweinkontor.com\/wp-content\/uploads\/2022\/06\/Guy-Mea-LAssemble-1000x1000px-300x300.png\" class=\"attachment-medium size-medium\" alt=\"Domaine Mea  L\u00b4Assemblage Extra Brut 1er Cru\" srcset=\"https:\/\/schaumweinkontor.com\/wp-content\/uploads\/2022\/06\/Guy-Mea-LAssemble-1000x1000px-300x300.png 300w, https:\/\/schaumweinkontor.com\/wp-content\/uploads\/2022\/06\/Guy-Mea-LAssemble-1000x1000px-100x100.png 100w, https:\/\/schaumweinkontor.com\/wp-content\/uploads\/2022\/06\/Guy-Mea-LAssemble-1000x1000px-510x510.png 510w, https:\/\/schaumweinkontor.com\/wp-content\/uploads\/2022\/06\/Guy-Mea-LAssemble-1000x1000px-150x150.png 150w, https:\/\/schaumweinkontor.com\/wp-content\/uploads\/2022\/06\/Guy-Mea-LAssemble-1000x1000px-768x768.png 768w, https:\/\/schaumweinkontor.com\/wp-content\/uploads\/2022\/06\/Guy-Mea-LAssemble-1000x1000px.png 1000w\" sizes=\"auto, (max-width: 300px) 100vw, 300px\" \/>\t\t\t\t\t\t\t\t\t<\/a>\n\t\t\t\t\t\t\t\t\t\t\t\t\t\t\t\t\t\t \t\t\t\t\t\t\t\t<\/div>\n\t\t\t\t\t\t\t\t<div class=\"image-tools top right show-on-hover\">\n\t\t\t\t\t\t\t\t\t\t\t\t\t\t\t\t\t<\/div>\n\t\t\t\t\t\t\t\t\t\t\t\t\t\t\t\t\t<div class=\"image-tools grid-tools text-center hide-for-small bottom hover-slide-in show-on-hover\">\n\t\t\t\t\t\t\t\t\t\t\t\t\t\t\t\t\t\t\t<\/div>\n\t\t\t\t\t\t\t\t\t\t\t\t\t\t\t\t\t\t\t\t\t\t\t<\/div>\n\n\t\t\t\t\t\t\t<div class=\"box-text text-center\" >\n\t\t\t\t\t\t\t\t<div class=\"title-wrapper\">\t\t<p class=\"category uppercase is-smaller no-text-overflow product-cat op-7\">\n\t\t\tDomaine Mea\t\t<\/p>\n\t<p class=\"name product-title woocommerce-loop-product__title\"><a href=\"https:\/\/schaumweinkontor.com\/en\/produkt\/guy-mea-lassemblage-extra-brut-1er-cru-075-l\/\" class=\"woocommerce-LoopProduct-link woocommerce-loop-product__link\">Domaine Mea L\u00b4Assemblage Extra Brut 1er Cru 0,75 L<\/a><\/p><\/div><div class=\"price-wrapper\">\n\t<span class=\"price\"><span class=\"woocommerce-Price-amount amount\" role=\"none\"><bdi><span class=\"woocommerce-Price-currencySymbol\">&euro;<\/span>&nbsp;34,50<\/bdi><\/span> <small class=\"woocommerce-price-suffix\">inkl. MwSt.<\/small><\/span>\n<\/div><div class=\"add-to-cart-button\"><a href=\"\/en\/wp-json\/wp\/v2\/pages\/4628?add-to-cart=4793\" aria-describedby=\"woocommerce_loop_add_to_cart_link_describedby_4793\" data-quantity=\"1\" class=\"primary is-small mb-0 button product_type_simple add_to_cart_button ajax_add_to_cart is-outline\" data-product_id=\"4793\" data-product_sku=\"100300169\" aria-label=\"Add to cart: &ldquo;Domaine Mea L\u00b4Assemblage Extra Brut 1er Cru 0,75 L&rdquo;\" rel=\"nofollow\" data-success_message=\"&ldquo;Domaine Mea L\u00b4Assemblage Extra Brut 1er Cru 0,75 L&rdquo; has been added to your cart\" role=\"button\">Add to cart<\/a><\/div>\t<span id=\"woocommerce_loop_add_to_cart_link_describedby_4793\" class=\"screen-reader-text\">\n\t\t\t<\/span>\n\t\t\t\t\t\t\t<\/div>\n\t\t\t\t\t\t<\/div>\n\t\t\t\t\t\t<\/div>\n\t\t\t\t\t<\/div><div class=\"col\" data-animate=\"fadeInUp\">\n\t\t\t\t\t\t<div class=\"col-inner\">\n\t\t\t\t\t\t\n<div class=\"badge-container badge-custom absolute right top z-1\">\n\n<\/div>\n\t\t\t\t\t\t<div class=\"product-small box margin-auto has-hover box-normal box-text-bottom\">\n\t\t\t\t\t\t\t<div class=\"box-image\" >\n\t\t\t\t\t\t\t\t<div class=\"\" >\n\t\t\t\t\t\t\t\t\t<a href=\"https:\/\/schaumweinkontor.com\/en\/produkt\/guy-mea-champ-rosa-delice-brut-rose-1er-cru-075-l\/\" aria-label=\"Guy Mea Champagne Rosa D\u00e9lice Brut ros\u00e9 1er Cru 0,75 L\">\n\t\t\t\t\t\t\t\t\t\t<img loading=\"lazy\" decoding=\"async\" width=\"300\" height=\"300\" src=\"https:\/\/schaumweinkontor.com\/wp-content\/uploads\/2022\/06\/Guy-Mea-Champ.-Rosa-Delice-Brut-rose-1er-Cru-075-L-300x300.png\" class=\"attachment-medium size-medium\" alt=\"Guy Mea Champagne Rosa D\u00e9lice Brut ros\u00e9 1er Cru 0,75 L\" srcset=\"https:\/\/schaumweinkontor.com\/wp-content\/uploads\/2022\/06\/Guy-Mea-Champ.-Rosa-Delice-Brut-rose-1er-Cru-075-L-300x300.png 300w, https:\/\/schaumweinkontor.com\/wp-content\/uploads\/2022\/06\/Guy-Mea-Champ.-Rosa-Delice-Brut-rose-1er-Cru-075-L-100x100.png 100w, https:\/\/schaumweinkontor.com\/wp-content\/uploads\/2022\/06\/Guy-Mea-Champ.-Rosa-Delice-Brut-rose-1er-Cru-075-L-510x510.png 510w, https:\/\/schaumweinkontor.com\/wp-content\/uploads\/2022\/06\/Guy-Mea-Champ.-Rosa-Delice-Brut-rose-1er-Cru-075-L-150x150.png 150w, https:\/\/schaumweinkontor.com\/wp-content\/uploads\/2022\/06\/Guy-Mea-Champ.-Rosa-Delice-Brut-rose-1er-Cru-075-L-768x768.png 768w, https:\/\/schaumweinkontor.com\/wp-content\/uploads\/2022\/06\/Guy-Mea-Champ.-Rosa-Delice-Brut-rose-1er-Cru-075-L.png 1000w\" sizes=\"auto, (max-width: 300px) 100vw, 300px\" \/>\t\t\t\t\t\t\t\t\t<\/a>\n\t\t\t\t\t\t\t\t\t\t\t\t\t\t\t\t\t\t \t\t\t\t\t\t\t\t<\/div>\n\t\t\t\t\t\t\t\t<div class=\"image-tools top right show-on-hover\">\n\t\t\t\t\t\t\t\t\t\t\t\t\t\t\t\t\t<\/div>\n\t\t\t\t\t\t\t\t\t\t\t\t\t\t\t\t\t<div class=\"image-tools grid-tools text-center hide-for-small bottom hover-slide-in show-on-hover\">\n\t\t\t\t\t\t\t\t\t\t\t\t\t\t\t\t\t\t\t<\/div>\n\t\t\t\t\t\t\t\t\t\t\t\t\t\t\t\t\t\t\t\t\t\t\t<\/div>\n\n\t\t\t\t\t\t\t<div class=\"box-text text-center\" >\n\t\t\t\t\t\t\t\t<div class=\"title-wrapper\">\t\t<p class=\"category uppercase is-smaller no-text-overflow product-cat op-7\">\n\t\t\tDomaine Mea\t\t<\/p>\n\t<p class=\"name product-title woocommerce-loop-product__title\"><a href=\"https:\/\/schaumweinkontor.com\/en\/produkt\/guy-mea-champ-rosa-delice-brut-rose-1er-cru-075-l\/\" class=\"woocommerce-LoopProduct-link woocommerce-loop-product__link\">Guy Mea Champagne Rosa D\u00e9lice Brut ros\u00e9 1er Cru 0,75 L<\/a><\/p><\/div><div class=\"price-wrapper\">\n\t<span class=\"price\"><span class=\"woocommerce-Price-amount amount\" role=\"none\"><bdi><span class=\"woocommerce-Price-currencySymbol\">&euro;<\/span>&nbsp;35,90<\/bdi><\/span> <small class=\"woocommerce-price-suffix\">inkl. MwSt.<\/small><\/span>\n<\/div><div class=\"add-to-cart-button\"><a href=\"\/en\/wp-json\/wp\/v2\/pages\/4628?add-to-cart=4792\" aria-describedby=\"woocommerce_loop_add_to_cart_link_describedby_4792\" data-quantity=\"1\" class=\"primary is-small mb-0 button product_type_simple add_to_cart_button ajax_add_to_cart is-outline\" data-product_id=\"4792\" data-product_sku=\"100300165\" aria-label=\"Add to cart: &ldquo;Guy Mea Champagne Rosa D\u00e9lice Brut ros\u00e9 1er Cru 0,75 L&rdquo;\" rel=\"nofollow\" data-success_message=\"&ldquo;Guy Mea Champagne Rosa D\u00e9lice Brut ros\u00e9 1er Cru 0,75 L&rdquo; has been added to your cart\" role=\"button\">Add to cart<\/a><\/div>\t<span id=\"woocommerce_loop_add_to_cart_link_describedby_4792\" class=\"screen-reader-text\">\n\t\t\t<\/span>\n\t\t\t\t\t\t\t<\/div>\n\t\t\t\t\t\t<\/div>\n\t\t\t\t\t\t<\/div>\n\t\t\t\t\t<\/div><div class=\"col\" data-animate=\"fadeInUp\">\n\t\t\t\t\t\t<div class=\"col-inner\">\n\t\t\t\t\t\t\n<div class=\"badge-container badge-custom absolute right top z-1\">\n\n<\/div>\n\t\t\t\t\t\t<div class=\"product-small box margin-auto has-hover box-normal box-text-bottom\">\n\t\t\t\t\t\t\t<div class=\"box-image\" >\n\t\t\t\t\t\t\t\t<div class=\"\" >\n\t\t\t\t\t\t\t\t\t<a href=\"https:\/\/schaumweinkontor.com\/en\/produkt\/guy-mea-champagne-signature-extra-brut-1er-cru-075-l\/\" aria-label=\"Domaine Mea Champagne Sig\u00b4Nature Extra Brut 1er Cru 0,75 L\">\n\t\t\t\t\t\t\t\t\t\t<img loading=\"lazy\" decoding=\"async\" width=\"300\" height=\"300\" src=\"https:\/\/schaumweinkontor.com\/wp-content\/uploads\/2022\/06\/Domaine-MEA-SigNature-Extra-Brut-075-1000x1000-1-300x300.png\" class=\"attachment-medium size-medium\" alt=\"Domaine Mea Champagne Sig\u00b4Nature Extra Brut 1er Cru\" srcset=\"https:\/\/schaumweinkontor.com\/wp-content\/uploads\/2022\/06\/Domaine-MEA-SigNature-Extra-Brut-075-1000x1000-1-300x300.png 300w, https:\/\/schaumweinkontor.com\/wp-content\/uploads\/2022\/06\/Domaine-MEA-SigNature-Extra-Brut-075-1000x1000-1-100x100.png 100w, https:\/\/schaumweinkontor.com\/wp-content\/uploads\/2022\/06\/Domaine-MEA-SigNature-Extra-Brut-075-1000x1000-1-510x509.png 510w, https:\/\/schaumweinkontor.com\/wp-content\/uploads\/2022\/06\/Domaine-MEA-SigNature-Extra-Brut-075-1000x1000-1-150x150.png 150w, https:\/\/schaumweinkontor.com\/wp-content\/uploads\/2022\/06\/Domaine-MEA-SigNature-Extra-Brut-075-1000x1000-1-768x767.png 768w, https:\/\/schaumweinkontor.com\/wp-content\/uploads\/2022\/06\/Domaine-MEA-SigNature-Extra-Brut-075-1000x1000-1.png 1001w\" sizes=\"auto, (max-width: 300px) 100vw, 300px\" \/>\t\t\t\t\t\t\t\t\t<\/a>\n\t\t\t\t\t\t\t\t\t\t\t\t\t\t\t\t\t\t \t\t\t\t\t\t\t\t<\/div>\n\t\t\t\t\t\t\t\t<div class=\"image-tools top right show-on-hover\">\n\t\t\t\t\t\t\t\t\t\t\t\t\t\t\t\t\t<\/div>\n\t\t\t\t\t\t\t\t\t\t\t\t\t\t\t\t\t<div class=\"image-tools grid-tools text-center hide-for-small bottom hover-slide-in show-on-hover\">\n\t\t\t\t\t\t\t\t\t\t\t\t\t\t\t\t\t\t\t<\/div>\n\t\t\t\t\t\t\t\t\t\t\t\t\t\t\t\t\t\t\t\t\t\t\t<\/div>\n\n\t\t\t\t\t\t\t<div class=\"box-text text-center\" >\n\t\t\t\t\t\t\t\t<div class=\"title-wrapper\">\t\t<p class=\"category uppercase is-smaller no-text-overflow product-cat op-7\">\n\t\t\tDomaine Mea\t\t<\/p>\n\t<p class=\"name product-title woocommerce-loop-product__title\"><a href=\"https:\/\/schaumweinkontor.com\/en\/produkt\/guy-mea-champagne-signature-extra-brut-1er-cru-075-l\/\" class=\"woocommerce-LoopProduct-link woocommerce-loop-product__link\">Domaine Mea Champagne Sig\u00b4Nature Extra Brut 1er Cru 0,75 L<\/a><\/p><\/div><div class=\"price-wrapper\">\n\t<span class=\"price\"><span class=\"woocommerce-Price-amount amount\" role=\"none\"><bdi><span class=\"woocommerce-Price-currencySymbol\">&euro;<\/span>&nbsp;37,90<\/bdi><\/span> <small class=\"woocommerce-price-suffix\">inkl. MwSt.<\/small><\/span>\n<\/div><div class=\"add-to-cart-button\"><a href=\"\/en\/wp-json\/wp\/v2\/pages\/4628?add-to-cart=4790\" aria-describedby=\"woocommerce_loop_add_to_cart_link_describedby_4790\" data-quantity=\"1\" class=\"primary is-small mb-0 button product_type_simple add_to_cart_button ajax_add_to_cart is-outline\" data-product_id=\"4790\" data-product_sku=\"100300167\" aria-label=\"Add to cart: &ldquo;Domaine Mea Champagne Sig\u00b4Nature Extra Brut 1er Cru 0,75 L&rdquo;\" rel=\"nofollow\" data-success_message=\"&ldquo;Domaine Mea Champagne Sig\u00b4Nature Extra Brut 1er Cru 0,75 L&rdquo; has been added to your cart\" role=\"button\">Add to cart<\/a><\/div>\t<span id=\"woocommerce_loop_add_to_cart_link_describedby_4790\" class=\"screen-reader-text\">\n\t\t\t<\/span>\n\t\t\t\t\t\t\t<\/div>\n\t\t\t\t\t\t<\/div>\n\t\t\t\t\t\t<\/div>\n\t\t\t\t\t<\/div><div class=\"col\" data-animate=\"fadeInUp\">\n\t\t\t\t\t\t<div class=\"col-inner\">\n\t\t\t\t\t\t\n<div class=\"badge-container badge-custom absolute right top z-1\">\n\n<\/div>\n\t\t\t\t\t\t<div class=\"product-small box margin-auto has-hover box-normal box-text-bottom\">\n\t\t\t\t\t\t\t<div class=\"box-image\" >\n\t\t\t\t\t\t\t\t<div class=\"\" >\n\t\t\t\t\t\t\t\t\t<a href=\"https:\/\/schaumweinkontor.com\/en\/produkt\/guy-mea-champ-prestige-le-grillon-brut-1er-cru-075-l\/\" aria-label=\"Domaine Mea Champagne Prestige Le Grillon Brut 1er Cru 0,75 L\">\n\t\t\t\t\t\t\t\t\t\t<img loading=\"lazy\" decoding=\"async\" width=\"300\" height=\"300\" src=\"https:\/\/schaumweinkontor.com\/wp-content\/uploads\/2023\/05\/Domaine-MEA-Le-Grillo-Brut-1er-Cru-075-1000x1000-1-300x300.png\" class=\"attachment-medium size-medium\" alt=\"Domaine Mea Champagne Prestige Le Grillon Brut 1er Cru 0,75 L\" srcset=\"https:\/\/schaumweinkontor.com\/wp-content\/uploads\/2023\/05\/Domaine-MEA-Le-Grillo-Brut-1er-Cru-075-1000x1000-1-300x300.png 300w, https:\/\/schaumweinkontor.com\/wp-content\/uploads\/2023\/05\/Domaine-MEA-Le-Grillo-Brut-1er-Cru-075-1000x1000-1-100x100.png 100w, https:\/\/schaumweinkontor.com\/wp-content\/uploads\/2023\/05\/Domaine-MEA-Le-Grillo-Brut-1er-Cru-075-1000x1000-1-510x509.png 510w, https:\/\/schaumweinkontor.com\/wp-content\/uploads\/2023\/05\/Domaine-MEA-Le-Grillo-Brut-1er-Cru-075-1000x1000-1-150x150.png 150w, https:\/\/schaumweinkontor.com\/wp-content\/uploads\/2023\/05\/Domaine-MEA-Le-Grillo-Brut-1er-Cru-075-1000x1000-1-768x767.png 768w, https:\/\/schaumweinkontor.com\/wp-content\/uploads\/2023\/05\/Domaine-MEA-Le-Grillo-Brut-1er-Cru-075-1000x1000-1.png 1001w\" sizes=\"auto, (max-width: 300px) 100vw, 300px\" \/>\t\t\t\t\t\t\t\t\t<\/a>\n\t\t\t\t\t\t\t\t\t\t\t\t\t\t\t\t\t\t \t\t\t\t\t\t\t\t<\/div>\n\t\t\t\t\t\t\t\t<div class=\"image-tools top right show-on-hover\">\n\t\t\t\t\t\t\t\t\t\t\t\t\t\t\t\t\t<\/div>\n\t\t\t\t\t\t\t\t\t\t\t\t\t\t\t\t\t<div class=\"image-tools grid-tools text-center hide-for-small bottom hover-slide-in show-on-hover\">\n\t\t\t\t\t\t\t\t\t\t\t\t\t\t\t\t\t\t\t<\/div>\n\t\t\t\t\t\t\t\t\t\t\t\t\t\t\t\t\t\t\t\t\t\t\t<\/div>\n\n\t\t\t\t\t\t\t<div class=\"box-text text-center\" >\n\t\t\t\t\t\t\t\t<div class=\"title-wrapper\">\t\t<p class=\"category uppercase is-smaller no-text-overflow product-cat op-7\">\n\t\t\tDomaine Mea\t\t<\/p>\n\t<p class=\"name product-title woocommerce-loop-product__title\"><a href=\"https:\/\/schaumweinkontor.com\/en\/produkt\/guy-mea-champ-prestige-le-grillon-brut-1er-cru-075-l\/\" class=\"woocommerce-LoopProduct-link woocommerce-loop-product__link\">Domaine Mea Champagne Prestige Le Grillon Brut 1er Cru 0,75 L<\/a><\/p><\/div><div class=\"price-wrapper\">\n\t<span class=\"price\"><span class=\"woocommerce-Price-amount amount\" role=\"none\"><bdi><span class=\"woocommerce-Price-currencySymbol\">&euro;<\/span>&nbsp;37,90<\/bdi><\/span> <small class=\"woocommerce-price-suffix\">inkl. MwSt.<\/small><\/span>\n<\/div><div class=\"add-to-cart-button\"><a href=\"\/en\/wp-json\/wp\/v2\/pages\/4628?add-to-cart=4791\" aria-describedby=\"woocommerce_loop_add_to_cart_link_describedby_4791\" data-quantity=\"1\" class=\"primary is-small mb-0 button product_type_simple add_to_cart_button ajax_add_to_cart is-outline\" data-product_id=\"4791\" data-product_sku=\"100300166\" aria-label=\"Add to cart: &ldquo;Domaine Mea Champagne Prestige Le Grillon Brut 1er Cru 0,75 L&rdquo;\" rel=\"nofollow\" data-success_message=\"&ldquo;Domaine Mea Champagne Prestige Le Grillon Brut 1er Cru 0,75 L&rdquo; has been added to your cart\" role=\"button\">Add to cart<\/a><\/div>\t<span id=\"woocommerce_loop_add_to_cart_link_describedby_4791\" class=\"screen-reader-text\">\n\t\t\t<\/span>\n\t\t\t\t\t\t\t<\/div>\n\t\t\t\t\t\t<\/div>\n\t\t\t\t\t\t<\/div>\n\t\t\t\t\t<\/div><div class=\"col\" data-animate=\"fadeInUp\">\n\t\t\t\t\t\t<div class=\"col-inner\">\n\t\t\t\t\t\t\n<div class=\"badge-container badge-custom absolute right top z-1\">\n\n<\/div>\n\t\t\t\t\t\t<div class=\"product-small box margin-auto has-hover box-normal box-text-bottom\">\n\t\t\t\t\t\t\t<div class=\"box-image\" >\n\t\t\t\t\t\t\t\t<div class=\"\" >\n\t\t\t\t\t\t\t\t\t<a href=\"https:\/\/schaumweinkontor.com\/en\/produkt\/guy-mea-champagne-belle-de-blancs-millesime-2015-075-l\/\" aria-label=\"Domaine Mea Champagne Belle de Blancs Millesime 2015 0,75 L\">\n\t\t\t\t\t\t\t\t\t\t<img loading=\"lazy\" decoding=\"async\" width=\"300\" height=\"300\" src=\"https:\/\/schaumweinkontor.com\/wp-content\/uploads\/2022\/06\/Guy-Mea-300x300.png\" class=\"attachment-medium size-medium\" alt=\"Domaine Mea Champagne Belle de Blancs Millesime 2015 0,75 L\" srcset=\"https:\/\/schaumweinkontor.com\/wp-content\/uploads\/2022\/06\/Guy-Mea-300x300.png 300w, https:\/\/schaumweinkontor.com\/wp-content\/uploads\/2022\/06\/Guy-Mea-100x100.png 100w, https:\/\/schaumweinkontor.com\/wp-content\/uploads\/2022\/06\/Guy-Mea-510x510.png 510w, https:\/\/schaumweinkontor.com\/wp-content\/uploads\/2022\/06\/Guy-Mea-150x150.png 150w, https:\/\/schaumweinkontor.com\/wp-content\/uploads\/2022\/06\/Guy-Mea-768x768.png 768w, https:\/\/schaumweinkontor.com\/wp-content\/uploads\/2022\/06\/Guy-Mea.png 1000w\" sizes=\"auto, (max-width: 300px) 100vw, 300px\" \/>\t\t\t\t\t\t\t\t\t<\/a>\n\t\t\t\t\t\t\t\t\t\t\t\t\t\t\t\t\t\t \t\t\t\t\t\t\t\t<\/div>\n\t\t\t\t\t\t\t\t<div class=\"image-tools top right show-on-hover\">\n\t\t\t\t\t\t\t\t\t\t\t\t\t\t\t\t\t<\/div>\n\t\t\t\t\t\t\t\t\t\t\t\t\t\t\t\t\t<div class=\"image-tools grid-tools text-center hide-for-small bottom hover-slide-in show-on-hover\">\n\t\t\t\t\t\t\t\t\t\t\t\t\t\t\t\t\t\t\t<\/div>\n\t\t\t\t\t\t\t\t\t\t\t\t\t\t\t\t\t\t\t\t\t\t\t<\/div>\n\n\t\t\t\t\t\t\t<div class=\"box-text text-center\" >\n\t\t\t\t\t\t\t\t<div class=\"title-wrapper\">\t\t<p class=\"category uppercase is-smaller no-text-overflow product-cat op-7\">\n\t\t\tDomaine Mea\t\t<\/p>\n\t<p class=\"name product-title woocommerce-loop-product__title\"><a href=\"https:\/\/schaumweinkontor.com\/en\/produkt\/guy-mea-champagne-belle-de-blancs-millesime-2015-075-l\/\" class=\"woocommerce-LoopProduct-link woocommerce-loop-product__link\">Domaine Mea Champagne Belle de Blancs Millesime 2015 0,75 L<\/a><\/p><\/div><div class=\"price-wrapper\">\n\t<span class=\"price\"><span class=\"woocommerce-Price-amount amount\" role=\"none\"><bdi><span class=\"woocommerce-Price-currencySymbol\">&euro;<\/span>&nbsp;62,80<\/bdi><\/span> <small class=\"woocommerce-price-suffix\">inkl. MwSt.<\/small><\/span>\n<\/div><div class=\"add-to-cart-button\"><a href=\"\/en\/wp-json\/wp\/v2\/pages\/4628?add-to-cart=4789\" aria-describedby=\"woocommerce_loop_add_to_cart_link_describedby_4789\" data-quantity=\"1\" class=\"primary is-small mb-0 button product_type_simple add_to_cart_button ajax_add_to_cart is-outline\" data-product_id=\"4789\" data-product_sku=\"100300168\" aria-label=\"Add to cart: &ldquo;Domaine Mea Champagne Belle de Blancs Millesime 2015 0,75 L&rdquo;\" rel=\"nofollow\" data-success_message=\"&ldquo;Domaine Mea Champagne Belle de Blancs Millesime 2015 0,75 L&rdquo; has been added to your cart\" role=\"button\">Add to cart<\/a><\/div>\t<span id=\"woocommerce_loop_add_to_cart_link_describedby_4789\" class=\"screen-reader-text\">\n\t\t\t<\/span>\n\t\t\t\t\t\t\t<\/div>\n\t\t\t\t\t\t<\/div>\n\t\t\t\t\t\t<\/div>\n\t\t\t\t\t<\/div><div class=\"col\" data-animate=\"fadeInUp\">\n\t\t\t\t\t\t<div class=\"col-inner\">\n\t\t\t\t\t\t\n<div class=\"badge-container badge-custom absolute right top z-1\">\n\n<\/div>\n\t\t\t\t\t\t<div class=\"product-small box margin-auto has-hover box-normal box-text-bottom\">\n\t\t\t\t\t\t\t<div class=\"box-image\" >\n\t\t\t\t\t\t\t\t<div class=\"\" >\n\t\t\t\t\t\t\t\t\t<a href=\"https:\/\/schaumweinkontor.com\/en\/produkt\/domaine-mea-belle-de-noir-2016-extra-brut-1er-cru-075-l\/\" aria-label=\"Domaine Mea Belle de Noir 2016 Extra Brut 1er Cru 0,75 L\">\n\t\t\t\t\t\t\t\t\t\t<img loading=\"lazy\" decoding=\"async\" width=\"300\" height=\"300\" src=\"https:\/\/schaumweinkontor.com\/wp-content\/uploads\/2024\/04\/Domaine-Mea-Belle-de-Noir-2016-300x300.png\" class=\"attachment-medium size-medium\" alt=\"Domaine Mea Belle de Noir 2016 Extra Brut 1er Cru 0,75 L\" srcset=\"https:\/\/schaumweinkontor.com\/wp-content\/uploads\/2024\/04\/Domaine-Mea-Belle-de-Noir-2016-300x300.png 300w, https:\/\/schaumweinkontor.com\/wp-content\/uploads\/2024\/04\/Domaine-Mea-Belle-de-Noir-2016-100x100.png 100w, https:\/\/schaumweinkontor.com\/wp-content\/uploads\/2024\/04\/Domaine-Mea-Belle-de-Noir-2016-510x510.png 510w, https:\/\/schaumweinkontor.com\/wp-content\/uploads\/2024\/04\/Domaine-Mea-Belle-de-Noir-2016-150x150.png 150w, https:\/\/schaumweinkontor.com\/wp-content\/uploads\/2024\/04\/Domaine-Mea-Belle-de-Noir-2016-768x768.png 768w, https:\/\/schaumweinkontor.com\/wp-content\/uploads\/2024\/04\/Domaine-Mea-Belle-de-Noir-2016.png 1000w\" sizes=\"auto, (max-width: 300px) 100vw, 300px\" \/>\t\t\t\t\t\t\t\t\t<\/a>\n\t\t\t\t\t\t\t\t\t\t\t\t\t\t\t\t\t\t \t\t\t\t\t\t\t\t<\/div>\n\t\t\t\t\t\t\t\t<div class=\"image-tools top right show-on-hover\">\n\t\t\t\t\t\t\t\t\t\t\t\t\t\t\t\t\t<\/div>\n\t\t\t\t\t\t\t\t\t\t\t\t\t\t\t\t\t<div class=\"image-tools grid-tools text-center hide-for-small bottom hover-slide-in show-on-hover\">\n\t\t\t\t\t\t\t\t\t\t\t\t\t\t\t\t\t\t\t<\/div>\n\t\t\t\t\t\t\t\t\t\t\t\t\t\t\t\t<div class=\"out-of-stock-label\">Out of stock<\/div>\t\t\t\t\t\t\t<\/div>\n\n\t\t\t\t\t\t\t<div class=\"box-text text-center\" >\n\t\t\t\t\t\t\t\t<div class=\"title-wrapper\">\t\t<p class=\"category uppercase is-smaller no-text-overflow product-cat op-7\">\n\t\t\tChampagne\t\t<\/p>\n\t<p class=\"name product-title woocommerce-loop-product__title\"><a href=\"https:\/\/schaumweinkontor.com\/en\/produkt\/domaine-mea-belle-de-noir-2016-extra-brut-1er-cru-075-l\/\" class=\"woocommerce-LoopProduct-link woocommerce-loop-product__link\">Domaine Mea Belle de Noir 2016 Extra Brut 1er Cru 0,75 L<\/a><\/p><\/div><div class=\"price-wrapper\">\n\t<span class=\"price\"><span class=\"woocommerce-Price-amount amount\" role=\"none\"><bdi><span class=\"woocommerce-Price-currencySymbol\">&euro;<\/span>&nbsp;63,00<\/bdi><\/span> <small class=\"woocommerce-price-suffix\">inkl. MwSt.<\/small><\/span>\n<\/div><div class=\"add-to-cart-button\"><a href=\"https:\/\/schaumweinkontor.com\/en\/produkt\/domaine-mea-belle-de-noir-2016-extra-brut-1er-cru-075-l\/\" aria-describedby=\"woocommerce_loop_add_to_cart_link_describedby_5270\" data-quantity=\"1\" class=\"primary is-small mb-0 button product_type_simple is-outline\" data-product_id=\"5270\" data-product_sku=\"100300173\" aria-label=\"Read more about &ldquo;Domaine Mea Belle de Noir 2016 Extra Brut 1er Cru 0,75 L&rdquo;\" rel=\"nofollow\" data-success_message=\"\">Read more<\/a><\/div>\t<span id=\"woocommerce_loop_add_to_cart_link_describedby_5270\" class=\"screen-reader-text\">\n\t\t\t<\/span>\n\t\t\t\t\t\t\t<\/div>\n\t\t\t\t\t\t<\/div>\n\t\t\t\t\t\t<\/div>\n\t\t\t\t\t<\/div><div class=\"col\" data-animate=\"fadeInUp\">\n\t\t\t\t\t\t<div class=\"col-inner\">\n\t\t\t\t\t\t\n<div class=\"badge-container badge-custom absolute right top z-1\">\n\n<\/div>\n\t\t\t\t\t\t<div class=\"product-small box margin-auto has-hover box-normal box-text-bottom\">\n\t\t\t\t\t\t\t<div class=\"box-image\" >\n\t\t\t\t\t\t\t\t<div class=\"\" >\n\t\t\t\t\t\t\t\t\t<a href=\"https:\/\/schaumweinkontor.com\/en\/produkt\/guy-mea-champ-prestige-le-grillon-brut-1er-cru-15-l-jeroboam\/\" aria-label=\"Domaine Mea Champagne Prestige Le Grillon Brut 1er Cru 1,5 L\">\n\t\t\t\t\t\t\t\t\t\t<img loading=\"lazy\" decoding=\"async\" width=\"300\" height=\"300\" src=\"https:\/\/schaumweinkontor.com\/wp-content\/uploads\/2023\/05\/Domaine-MEA-Le-Grillo-Brut-1er-Cru-075-1000x1000-1-300x300.png\" class=\"attachment-medium size-medium\" alt=\"Domaine Mea Champagne Prestige Le Grillon Brut 1er Cru 0,75 L\" srcset=\"https:\/\/schaumweinkontor.com\/wp-content\/uploads\/2023\/05\/Domaine-MEA-Le-Grillo-Brut-1er-Cru-075-1000x1000-1-300x300.png 300w, https:\/\/schaumweinkontor.com\/wp-content\/uploads\/2023\/05\/Domaine-MEA-Le-Grillo-Brut-1er-Cru-075-1000x1000-1-100x100.png 100w, https:\/\/schaumweinkontor.com\/wp-content\/uploads\/2023\/05\/Domaine-MEA-Le-Grillo-Brut-1er-Cru-075-1000x1000-1-510x509.png 510w, https:\/\/schaumweinkontor.com\/wp-content\/uploads\/2023\/05\/Domaine-MEA-Le-Grillo-Brut-1er-Cru-075-1000x1000-1-150x150.png 150w, https:\/\/schaumweinkontor.com\/wp-content\/uploads\/2023\/05\/Domaine-MEA-Le-Grillo-Brut-1er-Cru-075-1000x1000-1-768x767.png 768w, https:\/\/schaumweinkontor.com\/wp-content\/uploads\/2023\/05\/Domaine-MEA-Le-Grillo-Brut-1er-Cru-075-1000x1000-1.png 1001w\" sizes=\"auto, (max-width: 300px) 100vw, 300px\" \/>\t\t\t\t\t\t\t\t\t<\/a>\n\t\t\t\t\t\t\t\t\t\t\t\t\t\t\t\t\t\t \t\t\t\t\t\t\t\t<\/div>\n\t\t\t\t\t\t\t\t<div class=\"image-tools top right show-on-hover\">\n\t\t\t\t\t\t\t\t\t\t\t\t\t\t\t\t\t<\/div>\n\t\t\t\t\t\t\t\t\t\t\t\t\t\t\t\t\t<div class=\"image-tools grid-tools text-center hide-for-small bottom hover-slide-in show-on-hover\">\n\t\t\t\t\t\t\t\t\t\t\t\t\t\t\t\t\t\t\t<\/div>\n\t\t\t\t\t\t\t\t\t\t\t\t\t\t\t\t\t\t\t\t\t\t\t<\/div>\n\n\t\t\t\t\t\t\t<div class=\"box-text text-center\" >\n\t\t\t\t\t\t\t\t<div class=\"title-wrapper\">\t\t<p class=\"category uppercase is-smaller no-text-overflow product-cat op-7\">\n\t\t\tDomaine Mea\t\t<\/p>\n\t<p class=\"name product-title woocommerce-loop-product__title\"><a href=\"https:\/\/schaumweinkontor.com\/en\/produkt\/guy-mea-champ-prestige-le-grillon-brut-1er-cru-15-l-jeroboam\/\" class=\"woocommerce-LoopProduct-link woocommerce-loop-product__link\">Domaine Mea Champagne Prestige Le Grillon Brut 1er Cru 1,5 L<\/a><\/p><\/div><div class=\"price-wrapper\">\n\t<span class=\"price\"><span class=\"woocommerce-Price-amount amount\" role=\"none\"><bdi><span class=\"woocommerce-Price-currencySymbol\">&euro;<\/span>&nbsp;83,50<\/bdi><\/span> <small class=\"woocommerce-price-suffix\">inkl. MwSt.<\/small><\/span>\n<\/div><div class=\"add-to-cart-button\"><a href=\"\/en\/wp-json\/wp\/v2\/pages\/4628?add-to-cart=4673\" aria-describedby=\"woocommerce_loop_add_to_cart_link_describedby_4673\" data-quantity=\"1\" class=\"primary is-small mb-0 button product_type_simple add_to_cart_button ajax_add_to_cart is-outline\" data-product_id=\"4673\" data-product_sku=\"100300172\" aria-label=\"Add to cart: &ldquo;Domaine Mea Champagne Prestige Le Grillon Brut 1er Cru 1,5 L&rdquo;\" rel=\"nofollow\" data-success_message=\"&ldquo;Domaine Mea Champagne Prestige Le Grillon Brut 1er Cru 1,5 L&rdquo; has been added to your cart\" role=\"button\">Add to cart<\/a><\/div>\t<span id=\"woocommerce_loop_add_to_cart_link_describedby_4673\" class=\"screen-reader-text\">\n\t\t\t<\/span>\n\t\t\t\t\t\t\t<\/div>\n\t\t\t\t\t\t<\/div>\n\t\t\t\t\t\t<\/div>\n\t\t\t\t\t<\/div><div class=\"col\" data-animate=\"fadeInUp\">\n\t\t\t\t\t\t<div class=\"col-inner\">\n\t\t\t\t\t\t\n<div class=\"badge-container badge-custom absolute right top z-1\">\n\n<\/div>\n\t\t\t\t\t\t<div class=\"product-small box margin-auto has-hover box-normal box-text-bottom\">\n\t\t\t\t\t\t\t<div class=\"box-image\" >\n\t\t\t\t\t\t\t\t<div class=\"\" >\n\t\t\t\t\t\t\t\t\t<a href=\"https:\/\/schaumweinkontor.com\/en\/produkt\/guy-mea-champ-prestige-le-grillon-brut-1er-cru-3-l-jeroboam\/\" aria-label=\"Guy Mea Champ. Prestige Le Grillon Brut 1er Cru 3 L Jeroboam\">\n\t\t\t\t\t\t\t\t\t\t<img loading=\"lazy\" decoding=\"async\" width=\"300\" height=\"300\" src=\"https:\/\/schaumweinkontor.com\/wp-content\/uploads\/2023\/05\/Domaine-MEA-Le-Grillo-Brut-1er-Cru-075-1000x1000-1-300x300.png\" class=\"attachment-medium size-medium\" alt=\"Domaine Mea Champagne Prestige Le Grillon Brut 1er Cru 0,75 L\" srcset=\"https:\/\/schaumweinkontor.com\/wp-content\/uploads\/2023\/05\/Domaine-MEA-Le-Grillo-Brut-1er-Cru-075-1000x1000-1-300x300.png 300w, https:\/\/schaumweinkontor.com\/wp-content\/uploads\/2023\/05\/Domaine-MEA-Le-Grillo-Brut-1er-Cru-075-1000x1000-1-100x100.png 100w, https:\/\/schaumweinkontor.com\/wp-content\/uploads\/2023\/05\/Domaine-MEA-Le-Grillo-Brut-1er-Cru-075-1000x1000-1-510x509.png 510w, https:\/\/schaumweinkontor.com\/wp-content\/uploads\/2023\/05\/Domaine-MEA-Le-Grillo-Brut-1er-Cru-075-1000x1000-1-150x150.png 150w, https:\/\/schaumweinkontor.com\/wp-content\/uploads\/2023\/05\/Domaine-MEA-Le-Grillo-Brut-1er-Cru-075-1000x1000-1-768x767.png 768w, https:\/\/schaumweinkontor.com\/wp-content\/uploads\/2023\/05\/Domaine-MEA-Le-Grillo-Brut-1er-Cru-075-1000x1000-1.png 1001w\" sizes=\"auto, (max-width: 300px) 100vw, 300px\" \/>\t\t\t\t\t\t\t\t\t<\/a>\n\t\t\t\t\t\t\t\t\t\t\t\t\t\t\t\t\t\t \t\t\t\t\t\t\t\t<\/div>\n\t\t\t\t\t\t\t\t<div class=\"image-tools top right show-on-hover\">\n\t\t\t\t\t\t\t\t\t\t\t\t\t\t\t\t\t<\/div>\n\t\t\t\t\t\t\t\t\t\t\t\t\t\t\t\t\t<div class=\"image-tools grid-tools text-center hide-for-small bottom hover-slide-in show-on-hover\">\n\t\t\t\t\t\t\t\t\t\t\t\t\t\t\t\t\t\t\t<\/div>\n\t\t\t\t\t\t\t\t\t\t\t\t\t\t\t\t\t\t\t\t\t\t\t<\/div>\n\n\t\t\t\t\t\t\t<div class=\"box-text text-center\" >\n\t\t\t\t\t\t\t\t<div class=\"title-wrapper\">\t\t<p class=\"category uppercase is-smaller no-text-overflow product-cat op-7\">\n\t\t\tDomaine Mea\t\t<\/p>\n\t<p class=\"name product-title woocommerce-loop-product__title\"><a href=\"https:\/\/schaumweinkontor.com\/en\/produkt\/guy-mea-champ-prestige-le-grillon-brut-1er-cru-3-l-jeroboam\/\" class=\"woocommerce-LoopProduct-link woocommerce-loop-product__link\">Guy Mea Champ. Prestige Le Grillon Brut 1er Cru 3 L Jeroboam<\/a><\/p><\/div><div class=\"price-wrapper\">\n\t<span class=\"price\"><span class=\"woocommerce-Price-amount amount\" role=\"none\"><bdi><span class=\"woocommerce-Price-currencySymbol\">&euro;<\/span>&nbsp;249,00<\/bdi><\/span> <small class=\"woocommerce-price-suffix\">inkl. MwSt.<\/small><\/span>\n<\/div><div class=\"add-to-cart-button\"><a href=\"\/en\/wp-json\/wp\/v2\/pages\/4628?add-to-cart=4723\" aria-describedby=\"woocommerce_loop_add_to_cart_link_describedby_4723\" data-quantity=\"1\" class=\"primary is-small mb-0 button product_type_simple add_to_cart_button ajax_add_to_cart is-outline\" data-product_id=\"4723\" data-product_sku=\"100300170\" aria-label=\"Add to cart: &ldquo;Guy Mea Champ. Prestige Le Grillon Brut 1er Cru 3 L Jeroboam&rdquo;\" rel=\"nofollow\" data-success_message=\"&ldquo;Guy Mea Champ. Prestige Le Grillon Brut 1er Cru 3 L Jeroboam&rdquo; has been added to your cart\" role=\"button\">Add to cart<\/a><\/div>\t<span id=\"woocommerce_loop_add_to_cart_link_describedby_4723\" class=\"screen-reader-text\">\n\t\t\t<\/span>\n\t\t\t\t\t\t\t<\/div>\n\t\t\t\t\t\t<\/div>\n\t\t\t\t\t\t<\/div>\n\t\t\t\t\t<\/div><div class=\"col\" data-animate=\"fadeInUp\">\n\t\t\t\t\t\t<div class=\"col-inner\">\n\t\t\t\t\t\t\n<div class=\"badge-container badge-custom absolute right top z-1\">\n\n<\/div>\n\t\t\t\t\t\t<div class=\"product-small box margin-auto has-hover box-normal box-text-bottom\">\n\t\t\t\t\t\t\t<div class=\"box-image\" >\n\t\t\t\t\t\t\t\t<div class=\"\" >\n\t\t\t\t\t\t\t\t\t<a href=\"https:\/\/schaumweinkontor.com\/en\/produkt\/guy-mea-champ-prestige-le-grillon-brut-1er-cru-6-l-methusalem\/\" aria-label=\"Guy Mea Champagne Prestige Le Grillon Brut 1er Cru 6 L Methusalem\">\n\t\t\t\t\t\t\t\t\t\t<img loading=\"lazy\" decoding=\"async\" width=\"300\" height=\"300\" src=\"https:\/\/schaumweinkontor.com\/wp-content\/uploads\/2023\/05\/Domaine-MEA-Le-Grillo-Brut-1er-Cru-075-1000x1000-1-300x300.png\" class=\"attachment-medium size-medium\" alt=\"Domaine Mea Champagne Prestige Le Grillon Brut 1er Cru 0,75 L\" srcset=\"https:\/\/schaumweinkontor.com\/wp-content\/uploads\/2023\/05\/Domaine-MEA-Le-Grillo-Brut-1er-Cru-075-1000x1000-1-300x300.png 300w, https:\/\/schaumweinkontor.com\/wp-content\/uploads\/2023\/05\/Domaine-MEA-Le-Grillo-Brut-1er-Cru-075-1000x1000-1-100x100.png 100w, https:\/\/schaumweinkontor.com\/wp-content\/uploads\/2023\/05\/Domaine-MEA-Le-Grillo-Brut-1er-Cru-075-1000x1000-1-510x509.png 510w, https:\/\/schaumweinkontor.com\/wp-content\/uploads\/2023\/05\/Domaine-MEA-Le-Grillo-Brut-1er-Cru-075-1000x1000-1-150x150.png 150w, https:\/\/schaumweinkontor.com\/wp-content\/uploads\/2023\/05\/Domaine-MEA-Le-Grillo-Brut-1er-Cru-075-1000x1000-1-768x767.png 768w, https:\/\/schaumweinkontor.com\/wp-content\/uploads\/2023\/05\/Domaine-MEA-Le-Grillo-Brut-1er-Cru-075-1000x1000-1.png 1001w\" sizes=\"auto, (max-width: 300px) 100vw, 300px\" \/>\t\t\t\t\t\t\t\t\t<\/a>\n\t\t\t\t\t\t\t\t\t\t\t\t\t\t\t\t\t\t \t\t\t\t\t\t\t\t<\/div>\n\t\t\t\t\t\t\t\t<div class=\"image-tools top right show-on-hover\">\n\t\t\t\t\t\t\t\t\t\t\t\t\t\t\t\t\t<\/div>\n\t\t\t\t\t\t\t\t\t\t\t\t\t\t\t\t\t<div class=\"image-tools grid-tools text-center hide-for-small bottom hover-slide-in show-on-hover\">\n\t\t\t\t\t\t\t\t\t\t\t\t\t\t\t\t\t\t\t<\/div>\n\t\t\t\t\t\t\t\t\t\t\t\t\t\t\t\t\t\t\t\t\t\t\t<\/div>\n\n\t\t\t\t\t\t\t<div class=\"box-text text-center\" >\n\t\t\t\t\t\t\t\t<div class=\"title-wrapper\">\t\t<p class=\"category uppercase is-smaller no-text-overflow product-cat op-7\">\n\t\t\tDomaine Mea\t\t<\/p>\n\t<p class=\"name product-title woocommerce-loop-product__title\"><a href=\"https:\/\/schaumweinkontor.com\/en\/produkt\/guy-mea-champ-prestige-le-grillon-brut-1er-cru-6-l-methusalem\/\" class=\"woocommerce-LoopProduct-link woocommerce-loop-product__link\">Guy Mea Champagne Prestige Le Grillon Brut 1er Cru 6 L Methusalem<\/a><\/p><\/div><div class=\"price-wrapper\">\n\t<span class=\"price\"><span class=\"woocommerce-Price-amount amount\" role=\"none\"><bdi><span class=\"woocommerce-Price-currencySymbol\">&euro;<\/span>&nbsp;720,00<\/bdi><\/span> <small class=\"woocommerce-price-suffix\">inkl. MwSt.<\/small><\/span>\n<\/div><div class=\"add-to-cart-button\"><a href=\"\/en\/wp-json\/wp\/v2\/pages\/4628?add-to-cart=4722\" aria-describedby=\"woocommerce_loop_add_to_cart_link_describedby_4722\" data-quantity=\"1\" class=\"primary is-small mb-0 button product_type_simple add_to_cart_button ajax_add_to_cart is-outline\" data-product_id=\"4722\" data-product_sku=\"100300171\" aria-label=\"Add to cart: &ldquo;Guy Mea Champagne Prestige Le Grillon Brut 1er Cru 6 L Methusalem&rdquo;\" rel=\"nofollow\" data-success_message=\"&ldquo;Guy Mea Champagne Prestige Le Grillon Brut 1er Cru 6 L Methusalem&rdquo; has been added to your cart\" role=\"button\">Add to cart<\/a><\/div>\t<span id=\"woocommerce_loop_add_to_cart_link_describedby_4722\" class=\"screen-reader-text\">\n\t\t\t<\/span>\n\t\t\t\t\t\t\t<\/div>\n\t\t\t\t\t\t<\/div>\n\t\t\t\t\t\t<\/div>\n\t\t\t\t\t<\/div><\/div>\n\n\n\t\t<\/div>\n\t\t\t\t\t<\/div>\n\n\t\n\n<\/div>\n<div class=\"row row-collapse row-full-width align-middle align-center blau-verlauf\"  id=\"row-1737807497\">\n\n\n\t<div id=\"col-954734365\" class=\"col medium-6 small-12 large-6\"  >\n\t\t\t\t<div class=\"col-inner\"  >\n\t\t\t\n\t\t\t\n\n\t<div id=\"text-3282613579\" class=\"text\">\n\t\t\n\n<h2>France<\/h2>\n\n\t\t\n<style>\n#text-3282613579 {\n  font-size: 1.5rem;\n  line-height: 2;\n}\n<\/style>\n\t<\/div>\n\t\n\n\t\t<\/div>\n\t\t\t\t\t<\/div>\n\n\t\n\n\t<div id=\"col-186116629\" class=\"col medium-6 small-12 large-6\"  >\n\t\t\t\t<div class=\"col-inner\"  >\n\t\t\t\n\t\t\t\n\n<h5 id=\"cremant\" class=\"uppercase\" style=\"text-align: right;\"><span style=\"color: #b79549;\">Cremant<\/span><\/h5>\n\n\t\t<\/div>\n\t\t\t\t\t<\/div>\n\n\t\n\n\n<style>\n#row-1737807497 > .col > .col-inner {\n  padding: 0px 20px 0px 20px;\n  border-radius: 74px;\n}\n<\/style>\n<\/div>\n\t<section class=\"section bg_winzer hide-for-small\" id=\"section_1576199121\">\n\t\t<div class=\"bg section-bg fill bg-fill  \" >\n\n\t\t\t\n\t\t\t\n\t\t\t\n\n\t\t<\/div>\n\n\t\t\n\n\t\t<div class=\"section-content relative\">\n\t\t\t\n\n<div class=\"row align-middle align-center\"  id=\"row-2077359521\">\n\n\n\t<div id=\"col-1945606963\" class=\"col small-12 large-12\"  >\n\t\t\t\t<div class=\"col-inner\"  >\n\t\t\t\n\t\t\t\n\n<h2 id=\"LouisVallon\" class=\"uppercase\" style=\"text-align: center;\">Louis Vallon<\/h2>\n\n\t\t<\/div>\n\t\t\t\t\t<\/div>\n\n\t\n\n\n<style>\n#row-2077359521 > .col > .col-inner {\n  padding: 15px 0px 0px 0px;\n}\n<\/style>\n<\/div>\n\n\t\t<\/div>\n\n\t\t\n<style>\n#section_1576199121 {\n  padding-top: 20px;\n  padding-bottom: 20px;\n  margin-bottom: 30px;\n}\n#section_1576199121 .section-bg.bg-loaded {\n  background-image: url(https:\/\/schaumweinkontor.com\/wp-content\/uploads\/2022\/06\/landscape-illu-gold-transp.png);\n}\n<\/style>\n\t<\/section>\n\t\n<div class=\"row\"  id=\"row-2123125665\">\n\n\n\t<div id=\"col-1843971100\" class=\"col small-12 large-12\"  >\n\t\t\t\t<div class=\"col-inner\"  >\n\t\t\t\n\t\t\t\n\n\n  \n    <div class=\"row margin-auto equalize-box large-columns-3 medium-columns- small-columns-2 row-large has-shadow row-box-shadow-2 row-box-shadow-4-hover\" >\n  \t\n\t     <div class=\"col\" data-animate=\"fadeInUp\">\n\t\t\t\t\t\t<div class=\"col-inner\">\n\t\t\t\t\t\t\n<div class=\"badge-container badge-custom absolute right top z-1\">\n<div class=\"callout badge badge-circle\"><div class=\"badge-inner secondary on-sale\"><span class=\"onsale\">Sale!<\/span><\/div><\/div>\n<\/div>\n\t\t\t\t\t\t<div class=\"product-small box margin-auto has-hover box-normal box-text-bottom\">\n\t\t\t\t\t\t\t<div class=\"box-image\" >\n\t\t\t\t\t\t\t\t<div class=\"\" >\n\t\t\t\t\t\t\t\t\t<a href=\"https:\/\/schaumweinkontor.com\/en\/produkt\/louis-vallon-cremant-bordeaux-rose-de-noirs-075-l\/\" aria-label=\"Louis Vallon Cremant Bordeaux Ros\u00e9 de Noirs 0,75 L\">\n\t\t\t\t\t\t\t\t\t\t<img loading=\"lazy\" decoding=\"async\" width=\"300\" height=\"300\" src=\"https:\/\/schaumweinkontor.com\/wp-content\/uploads\/2023\/04\/Louis-Vallon-Branc-de-Noir_1000x1000-px-300x300.png\" class=\"attachment-medium size-medium\" alt=\"Louis Vallon Cremant Bordeaux Ros\u00e9 de Noirs 0,75 L\" srcset=\"https:\/\/schaumweinkontor.com\/wp-content\/uploads\/2023\/04\/Louis-Vallon-Branc-de-Noir_1000x1000-px-300x300.png 300w, https:\/\/schaumweinkontor.com\/wp-content\/uploads\/2023\/04\/Louis-Vallon-Branc-de-Noir_1000x1000-px-100x100.png 100w, https:\/\/schaumweinkontor.com\/wp-content\/uploads\/2023\/04\/Louis-Vallon-Branc-de-Noir_1000x1000-px-510x510.png 510w, https:\/\/schaumweinkontor.com\/wp-content\/uploads\/2023\/04\/Louis-Vallon-Branc-de-Noir_1000x1000-px-150x150.png 150w, https:\/\/schaumweinkontor.com\/wp-content\/uploads\/2023\/04\/Louis-Vallon-Branc-de-Noir_1000x1000-px-768x768.png 768w, https:\/\/schaumweinkontor.com\/wp-content\/uploads\/2023\/04\/Louis-Vallon-Branc-de-Noir_1000x1000-px.png 1000w\" sizes=\"auto, (max-width: 300px) 100vw, 300px\" \/>\t\t\t\t\t\t\t\t\t<\/a>\n\t\t\t\t\t\t\t\t\t\t\t\t\t\t\t\t\t\t \t\t\t\t\t\t\t\t<\/div>\n\t\t\t\t\t\t\t\t<div class=\"image-tools top right show-on-hover\">\n\t\t\t\t\t\t\t\t\t\t\t\t\t\t\t\t\t<\/div>\n\t\t\t\t\t\t\t\t\t\t\t\t\t\t\t\t\t<div class=\"image-tools grid-tools text-center hide-for-small bottom hover-slide-in show-on-hover\">\n\t\t\t\t\t\t\t\t\t\t\t\t\t\t\t\t\t\t\t<\/div>\n\t\t\t\t\t\t\t\t\t\t\t\t\t\t\t\t\t\t\t\t\t\t\t<\/div>\n\n\t\t\t\t\t\t\t<div class=\"box-text text-center\" >\n\t\t\t\t\t\t\t\t<div class=\"title-wrapper\">\t\t<p class=\"category uppercase is-smaller no-text-overflow product-cat op-7\">\n\t\t\tCremant\t\t<\/p>\n\t<p class=\"name product-title woocommerce-loop-product__title\"><a href=\"https:\/\/schaumweinkontor.com\/en\/produkt\/louis-vallon-cremant-bordeaux-rose-de-noirs-075-l\/\" class=\"woocommerce-LoopProduct-link woocommerce-loop-product__link\">Louis Vallon Cremant Bordeaux Ros\u00e9 de Noirs 0,75 L<\/a><\/p><\/div><div class=\"price-wrapper\">\n\t<span class=\"price\"><del aria-hidden=\"true\"><span class=\"woocommerce-Price-amount amount\" role=\"none\"><bdi><span class=\"woocommerce-Price-currencySymbol\">&euro;<\/span>&nbsp;10,60<\/bdi><\/span><\/del> <span class=\"screen-reader-text\">Original price was: &euro;&nbsp;10,60.<\/span><ins aria-hidden=\"true\"><span class=\"woocommerce-Price-amount amount\" role=\"none\"><bdi><span class=\"woocommerce-Price-currencySymbol\">&euro;<\/span>&nbsp;7,95<\/bdi><\/span><\/ins><span class=\"screen-reader-text\">Current price is: &euro;&nbsp;7,95.<\/span> <small class=\"woocommerce-price-suffix\">inkl. MwSt.<\/small><\/span>\n<\/div><div class=\"add-to-cart-button\"><a href=\"\/en\/wp-json\/wp\/v2\/pages\/4628?add-to-cart=4613\" aria-describedby=\"woocommerce_loop_add_to_cart_link_describedby_4613\" data-quantity=\"1\" class=\"primary is-small mb-0 button product_type_simple add_to_cart_button ajax_add_to_cart is-outline\" data-product_id=\"4613\" data-product_sku=\"100300343\" aria-label=\"Add to cart: &ldquo;Louis Vallon Cremant Bordeaux Ros\u00e9 de Noirs 0,75 L&rdquo;\" rel=\"nofollow\" data-success_message=\"&ldquo;Louis Vallon Cremant Bordeaux Ros\u00e9 de Noirs 0,75 L&rdquo; has been added to your cart\" role=\"button\">Add to cart<\/a><\/div>\t<span id=\"woocommerce_loop_add_to_cart_link_describedby_4613\" class=\"screen-reader-text\">\n\t\t\t<\/span>\n\t\t\t\t\t\t\t<\/div>\n\t\t\t\t\t\t<\/div>\n\t\t\t\t\t\t<\/div>\n\t\t\t\t\t<\/div><div class=\"col\" data-animate=\"fadeInUp\">\n\t\t\t\t\t\t<div class=\"col-inner\">\n\t\t\t\t\t\t\n<div class=\"badge-container badge-custom absolute right top z-1\">\n<div class=\"callout badge badge-circle\"><div class=\"badge-inner secondary on-sale\"><span class=\"onsale\">Sale!<\/span><\/div><\/div>\n<\/div>\n\t\t\t\t\t\t<div class=\"product-small box margin-auto has-hover box-normal box-text-bottom\">\n\t\t\t\t\t\t\t<div class=\"box-image\" >\n\t\t\t\t\t\t\t\t<div class=\"\" >\n\t\t\t\t\t\t\t\t\t<a href=\"https:\/\/schaumweinkontor.com\/en\/produkt\/louis-vallon-brut-nature-075-l\/\" aria-label=\"Louis Vallon Cremant Bordeaux Brut Nature 0,75 L\">\n\t\t\t\t\t\t\t\t\t\t<img loading=\"lazy\" decoding=\"async\" width=\"300\" height=\"300\" src=\"https:\/\/schaumweinkontor.com\/wp-content\/uploads\/2023\/04\/Louis-Vallon-Brut-Nature_1000x1000-px-300x300.png\" class=\"attachment-medium size-medium\" alt=\"Louis Vallon Cremant Bordeaux Brut Nature 0,75 L\" srcset=\"https:\/\/schaumweinkontor.com\/wp-content\/uploads\/2023\/04\/Louis-Vallon-Brut-Nature_1000x1000-px-300x300.png 300w, https:\/\/schaumweinkontor.com\/wp-content\/uploads\/2023\/04\/Louis-Vallon-Brut-Nature_1000x1000-px-100x100.png 100w, https:\/\/schaumweinkontor.com\/wp-content\/uploads\/2023\/04\/Louis-Vallon-Brut-Nature_1000x1000-px-510x510.png 510w, https:\/\/schaumweinkontor.com\/wp-content\/uploads\/2023\/04\/Louis-Vallon-Brut-Nature_1000x1000-px-150x150.png 150w, https:\/\/schaumweinkontor.com\/wp-content\/uploads\/2023\/04\/Louis-Vallon-Brut-Nature_1000x1000-px-768x768.png 768w, https:\/\/schaumweinkontor.com\/wp-content\/uploads\/2023\/04\/Louis-Vallon-Brut-Nature_1000x1000-px.png 1000w\" sizes=\"auto, (max-width: 300px) 100vw, 300px\" \/>\t\t\t\t\t\t\t\t\t<\/a>\n\t\t\t\t\t\t\t\t\t\t\t\t\t\t\t\t\t\t \t\t\t\t\t\t\t\t<\/div>\n\t\t\t\t\t\t\t\t<div class=\"image-tools top right show-on-hover\">\n\t\t\t\t\t\t\t\t\t\t\t\t\t\t\t\t\t<\/div>\n\t\t\t\t\t\t\t\t\t\t\t\t\t\t\t\t\t<div class=\"image-tools grid-tools text-center hide-for-small bottom hover-slide-in show-on-hover\">\n\t\t\t\t\t\t\t\t\t\t\t\t\t\t\t\t\t\t\t<\/div>\n\t\t\t\t\t\t\t\t\t\t\t\t\t\t\t\t\t\t\t\t\t\t\t<\/div>\n\n\t\t\t\t\t\t\t<div class=\"box-text text-center\" >\n\t\t\t\t\t\t\t\t<div class=\"title-wrapper\">\t\t<p class=\"category uppercase is-smaller no-text-overflow product-cat op-7\">\n\t\t\tCremant\t\t<\/p>\n\t<p class=\"name product-title woocommerce-loop-product__title\"><a href=\"https:\/\/schaumweinkontor.com\/en\/produkt\/louis-vallon-brut-nature-075-l\/\" class=\"woocommerce-LoopProduct-link woocommerce-loop-product__link\">Louis Vallon Cremant Bordeaux Brut Nature 0,75 L<\/a><\/p><\/div><div class=\"price-wrapper\">\n\t<span class=\"price\"><del aria-hidden=\"true\"><span class=\"woocommerce-Price-amount amount\" role=\"none\"><bdi><span class=\"woocommerce-Price-currencySymbol\">&euro;<\/span>&nbsp;11,50<\/bdi><\/span><\/del> <span class=\"screen-reader-text\">Original price was: &euro;&nbsp;11,50.<\/span><ins aria-hidden=\"true\"><span class=\"woocommerce-Price-amount amount\" role=\"none\"><bdi><span class=\"woocommerce-Price-currencySymbol\">&euro;<\/span>&nbsp;8,65<\/bdi><\/span><\/ins><span class=\"screen-reader-text\">Current price is: &euro;&nbsp;8,65.<\/span> <small class=\"woocommerce-price-suffix\">inkl. MwSt.<\/small><\/span>\n<\/div><div class=\"add-to-cart-button\"><a href=\"\/en\/wp-json\/wp\/v2\/pages\/4628?add-to-cart=4697\" aria-describedby=\"woocommerce_loop_add_to_cart_link_describedby_4697\" data-quantity=\"1\" class=\"primary is-small mb-0 button product_type_simple add_to_cart_button ajax_add_to_cart is-outline\" data-product_id=\"4697\" data-product_sku=\"100300342\" aria-label=\"Add to cart: &ldquo;Louis Vallon Cremant Bordeaux Brut Nature 0,75 L&rdquo;\" rel=\"nofollow\" data-success_message=\"&ldquo;Louis Vallon Cremant Bordeaux Brut Nature 0,75 L&rdquo; has been added to your cart\" role=\"button\">Add to cart<\/a><\/div>\t<span id=\"woocommerce_loop_add_to_cart_link_describedby_4697\" class=\"screen-reader-text\">\n\t\t\t<\/span>\n\t\t\t\t\t\t\t<\/div>\n\t\t\t\t\t\t<\/div>\n\t\t\t\t\t\t<\/div>\n\t\t\t\t\t<\/div><div class=\"col\" data-animate=\"fadeInUp\">\n\t\t\t\t\t\t<div class=\"col-inner\">\n\t\t\t\t\t\t\n<div class=\"badge-container badge-custom absolute right top z-1\">\n<div class=\"callout badge badge-circle\"><div class=\"badge-inner secondary on-sale\"><span class=\"onsale\">Sale!<\/span><\/div><\/div>\n<\/div>\n\t\t\t\t\t\t<div class=\"product-small box margin-auto has-hover box-normal box-text-bottom\">\n\t\t\t\t\t\t\t<div class=\"box-image\" >\n\t\t\t\t\t\t\t\t<div class=\"\" >\n\t\t\t\t\t\t\t\t\t<a href=\"https:\/\/schaumweinkontor.com\/en\/produkt\/louis-vallon-blanc-de-noir-075-l\/\" aria-label=\"Louis Vallon Blanc de Noirs 0,75 L\">\n\t\t\t\t\t\t\t\t\t\t<img loading=\"lazy\" decoding=\"async\" width=\"300\" height=\"300\" src=\"https:\/\/schaumweinkontor.com\/wp-content\/uploads\/2023\/04\/Louis-Vallon-Blanc-de-Noir_1000x1000-px-300x300.png\" class=\"attachment-medium size-medium\" alt=\"Louis Vallon Blanc de Noirs\" srcset=\"https:\/\/schaumweinkontor.com\/wp-content\/uploads\/2023\/04\/Louis-Vallon-Blanc-de-Noir_1000x1000-px-300x300.png 300w, https:\/\/schaumweinkontor.com\/wp-content\/uploads\/2023\/04\/Louis-Vallon-Blanc-de-Noir_1000x1000-px-100x100.png 100w, https:\/\/schaumweinkontor.com\/wp-content\/uploads\/2023\/04\/Louis-Vallon-Blanc-de-Noir_1000x1000-px-510x510.png 510w, https:\/\/schaumweinkontor.com\/wp-content\/uploads\/2023\/04\/Louis-Vallon-Blanc-de-Noir_1000x1000-px-150x150.png 150w, https:\/\/schaumweinkontor.com\/wp-content\/uploads\/2023\/04\/Louis-Vallon-Blanc-de-Noir_1000x1000-px-768x768.png 768w, https:\/\/schaumweinkontor.com\/wp-content\/uploads\/2023\/04\/Louis-Vallon-Blanc-de-Noir_1000x1000-px.png 1000w\" sizes=\"auto, (max-width: 300px) 100vw, 300px\" \/>\t\t\t\t\t\t\t\t\t<\/a>\n\t\t\t\t\t\t\t\t\t\t\t\t\t\t\t\t\t\t \t\t\t\t\t\t\t\t<\/div>\n\t\t\t\t\t\t\t\t<div class=\"image-tools top right show-on-hover\">\n\t\t\t\t\t\t\t\t\t\t\t\t\t\t\t\t\t<\/div>\n\t\t\t\t\t\t\t\t\t\t\t\t\t\t\t\t\t<div class=\"image-tools grid-tools text-center hide-for-small bottom hover-slide-in show-on-hover\">\n\t\t\t\t\t\t\t\t\t\t\t\t\t\t\t\t\t\t\t<\/div>\n\t\t\t\t\t\t\t\t\t\t\t\t\t\t\t\t\t\t\t\t\t\t\t<\/div>\n\n\t\t\t\t\t\t\t<div class=\"box-text text-center\" >\n\t\t\t\t\t\t\t\t<div class=\"title-wrapper\">\t\t<p class=\"category uppercase is-smaller no-text-overflow product-cat op-7\">\n\t\t\tCremant\t\t<\/p>\n\t<p class=\"name product-title woocommerce-loop-product__title\"><a href=\"https:\/\/schaumweinkontor.com\/en\/produkt\/louis-vallon-blanc-de-noir-075-l\/\" class=\"woocommerce-LoopProduct-link woocommerce-loop-product__link\">Louis Vallon Blanc de Noirs 0,75 L<\/a><\/p><\/div><div class=\"price-wrapper\">\n\t<span class=\"price\"><del aria-hidden=\"true\"><span class=\"woocommerce-Price-amount amount\" role=\"none\"><bdi><span class=\"woocommerce-Price-currencySymbol\">&euro;<\/span>&nbsp;11,50<\/bdi><\/span><\/del> <span class=\"screen-reader-text\">Original price was: &euro;&nbsp;11,50.<\/span><ins aria-hidden=\"true\"><span class=\"woocommerce-Price-amount amount\" role=\"none\"><bdi><span class=\"woocommerce-Price-currencySymbol\">&euro;<\/span>&nbsp;8,65<\/bdi><\/span><\/ins><span class=\"screen-reader-text\">Current price is: &euro;&nbsp;8,65.<\/span> <small class=\"woocommerce-price-suffix\">inkl. MwSt.<\/small><\/span>\n<\/div><div class=\"add-to-cart-button\"><a href=\"\/en\/wp-json\/wp\/v2\/pages\/4628?add-to-cart=4698\" aria-describedby=\"woocommerce_loop_add_to_cart_link_describedby_4698\" data-quantity=\"1\" class=\"primary is-small mb-0 button product_type_simple add_to_cart_button ajax_add_to_cart is-outline\" data-product_id=\"4698\" data-product_sku=\"100300341\" aria-label=\"Add to cart: &ldquo;Louis Vallon Blanc de Noirs 0,75 L&rdquo;\" rel=\"nofollow\" data-success_message=\"&ldquo;Louis Vallon Blanc de Noirs 0,75 L&rdquo; has been added to your cart\" role=\"button\">Add to cart<\/a><\/div>\t<span id=\"woocommerce_loop_add_to_cart_link_describedby_4698\" class=\"screen-reader-text\">\n\t\t\t<\/span>\n\t\t\t\t\t\t\t<\/div>\n\t\t\t\t\t\t<\/div>\n\t\t\t\t\t\t<\/div>\n\t\t\t\t\t<\/div><div class=\"col\" data-animate=\"fadeInUp\">\n\t\t\t\t\t\t<div class=\"col-inner\">\n\t\t\t\t\t\t\n<div class=\"badge-container badge-custom absolute right top z-1\">\n\n<\/div>\n\t\t\t\t\t\t<div class=\"product-small box margin-auto has-hover box-normal box-text-bottom\">\n\t\t\t\t\t\t\t<div class=\"box-image\" >\n\t\t\t\t\t\t\t\t<div class=\"\" >\n\t\t\t\t\t\t\t\t\t<a href=\"https:\/\/schaumweinkontor.com\/en\/produkt\/linstant-de-louis-vallon-blanc\/\" aria-label=\"L\u2019Instant de Louis Vallon Blanc 0.5% Alk. 0,75l\">\n\t\t\t\t\t\t\t\t\t\t<img loading=\"lazy\" decoding=\"async\" width=\"300\" height=\"300\" src=\"https:\/\/schaumweinkontor.com\/wp-content\/uploads\/2025\/07\/17-300x300.png\" class=\"attachment-medium size-medium\" alt=\"L\u2019Instant Blanc\" srcset=\"https:\/\/schaumweinkontor.com\/wp-content\/uploads\/2025\/07\/17-300x300.png 300w, https:\/\/schaumweinkontor.com\/wp-content\/uploads\/2025\/07\/17-150x150.png 150w, https:\/\/schaumweinkontor.com\/wp-content\/uploads\/2025\/07\/17-768x768.png 768w, https:\/\/schaumweinkontor.com\/wp-content\/uploads\/2025\/07\/17-510x510.png 510w, https:\/\/schaumweinkontor.com\/wp-content\/uploads\/2025\/07\/17-100x100.png 100w, https:\/\/schaumweinkontor.com\/wp-content\/uploads\/2025\/07\/17.png 1000w\" sizes=\"auto, (max-width: 300px) 100vw, 300px\" \/>\t\t\t\t\t\t\t\t\t<\/a>\n\t\t\t\t\t\t\t\t\t\t\t\t\t\t\t\t\t\t \t\t\t\t\t\t\t\t<\/div>\n\t\t\t\t\t\t\t\t<div class=\"image-tools top right show-on-hover\">\n\t\t\t\t\t\t\t\t\t\t\t\t\t\t\t\t\t<\/div>\n\t\t\t\t\t\t\t\t\t\t\t\t\t\t\t\t\t<div class=\"image-tools grid-tools text-center hide-for-small bottom hover-slide-in show-on-hover\">\n\t\t\t\t\t\t\t\t\t\t\t\t\t\t\t\t\t\t\t<\/div>\n\t\t\t\t\t\t\t\t\t\t\t\t\t\t\t\t\t\t\t\t\t\t\t<\/div>\n\n\t\t\t\t\t\t\t<div class=\"box-text text-center\" >\n\t\t\t\t\t\t\t\t<div class=\"title-wrapper\">\t\t<p class=\"category uppercase is-smaller no-text-overflow product-cat op-7\">\n\t\t\tLouis Vallon\t\t<\/p>\n\t<p class=\"name product-title woocommerce-loop-product__title\"><a href=\"https:\/\/schaumweinkontor.com\/en\/produkt\/linstant-de-louis-vallon-blanc\/\" class=\"woocommerce-LoopProduct-link woocommerce-loop-product__link\">L\u2019Instant de Louis Vallon Blanc 0.5% Alk. 0,75l<\/a><\/p><\/div><div class=\"price-wrapper\">\n\t<span class=\"price\"><span class=\"woocommerce-Price-amount amount\" role=\"none\"><bdi><span class=\"woocommerce-Price-currencySymbol\">&euro;<\/span>&nbsp;9,90<\/bdi><\/span> <small class=\"woocommerce-price-suffix\">inkl. MwSt.<\/small><\/span>\n<\/div><div class=\"add-to-cart-button\"><a href=\"\/en\/wp-json\/wp\/v2\/pages\/4628?add-to-cart=6419\" aria-describedby=\"woocommerce_loop_add_to_cart_link_describedby_6419\" data-quantity=\"1\" class=\"primary is-small mb-0 button product_type_simple add_to_cart_button ajax_add_to_cart is-outline\" data-product_id=\"6419\" data-product_sku=\"100300520\" aria-label=\"Add to cart: &ldquo;L\u2019Instant de Louis Vallon Blanc 0.5% Alk. 0,75l&rdquo;\" rel=\"nofollow\" data-success_message=\"&ldquo;L\u2019Instant de Louis Vallon Blanc 0.5% Alk. 0,75l&rdquo; has been added to your cart\" role=\"button\">Add to cart<\/a><\/div>\t<span id=\"woocommerce_loop_add_to_cart_link_describedby_6419\" class=\"screen-reader-text\">\n\t\t\t<\/span>\n\t\t\t\t\t\t\t<\/div>\n\t\t\t\t\t\t<\/div>\n\t\t\t\t\t\t<\/div>\n\t\t\t\t\t<\/div><div class=\"col\" data-animate=\"fadeInUp\">\n\t\t\t\t\t\t<div class=\"col-inner\">\n\t\t\t\t\t\t\n<div class=\"badge-container badge-custom absolute right top z-1\">\n\n<\/div>\n\t\t\t\t\t\t<div class=\"product-small box margin-auto has-hover box-normal box-text-bottom\">\n\t\t\t\t\t\t\t<div class=\"box-image\" >\n\t\t\t\t\t\t\t\t<div class=\"\" >\n\t\t\t\t\t\t\t\t\t<a href=\"https:\/\/schaumweinkontor.com\/en\/produkt\/linstant-de-louis-vallon-rose-075l\/\" aria-label=\"L\u2019Instant de Louis Vallon Ros\u00e9 0,75l\">\n\t\t\t\t\t\t\t\t\t\t<img loading=\"lazy\" decoding=\"async\" width=\"300\" height=\"300\" src=\"https:\/\/schaumweinkontor.com\/wp-content\/uploads\/2025\/07\/16-300x300.png\" class=\"attachment-medium size-medium\" alt=\"L\u2019Instant Ros\u00e9 \" srcset=\"https:\/\/schaumweinkontor.com\/wp-content\/uploads\/2025\/07\/16-300x300.png 300w, https:\/\/schaumweinkontor.com\/wp-content\/uploads\/2025\/07\/16-150x150.png 150w, https:\/\/schaumweinkontor.com\/wp-content\/uploads\/2025\/07\/16-768x768.png 768w, https:\/\/schaumweinkontor.com\/wp-content\/uploads\/2025\/07\/16-510x510.png 510w, https:\/\/schaumweinkontor.com\/wp-content\/uploads\/2025\/07\/16-100x100.png 100w, https:\/\/schaumweinkontor.com\/wp-content\/uploads\/2025\/07\/16.png 1000w\" sizes=\"auto, (max-width: 300px) 100vw, 300px\" \/>\t\t\t\t\t\t\t\t\t<\/a>\n\t\t\t\t\t\t\t\t\t\t\t\t\t\t\t\t\t\t \t\t\t\t\t\t\t\t<\/div>\n\t\t\t\t\t\t\t\t<div class=\"image-tools top right show-on-hover\">\n\t\t\t\t\t\t\t\t\t\t\t\t\t\t\t\t\t<\/div>\n\t\t\t\t\t\t\t\t\t\t\t\t\t\t\t\t\t<div class=\"image-tools grid-tools text-center hide-for-small bottom hover-slide-in show-on-hover\">\n\t\t\t\t\t\t\t\t\t\t\t\t\t\t\t\t\t\t\t<\/div>\n\t\t\t\t\t\t\t\t\t\t\t\t\t\t\t\t\t\t\t\t\t\t\t<\/div>\n\n\t\t\t\t\t\t\t<div class=\"box-text text-center\" >\n\t\t\t\t\t\t\t\t<div class=\"title-wrapper\">\t\t<p class=\"category uppercase is-smaller no-text-overflow product-cat op-7\">\n\t\t\tLouis Vallon\t\t<\/p>\n\t<p class=\"name product-title woocommerce-loop-product__title\"><a href=\"https:\/\/schaumweinkontor.com\/en\/produkt\/linstant-de-louis-vallon-rose-075l\/\" class=\"woocommerce-LoopProduct-link woocommerce-loop-product__link\">L\u2019Instant de Louis Vallon Ros\u00e9 0,75l<\/a><\/p><\/div><div class=\"price-wrapper\">\n\t<span class=\"price\"><span class=\"woocommerce-Price-amount amount\" role=\"none\"><bdi><span class=\"woocommerce-Price-currencySymbol\">&euro;<\/span>&nbsp;9,90<\/bdi><\/span> <small class=\"woocommerce-price-suffix\">inkl. MwSt.<\/small><\/span>\n<\/div><div class=\"add-to-cart-button\"><a href=\"\/en\/wp-json\/wp\/v2\/pages\/4628?add-to-cart=6422\" aria-describedby=\"woocommerce_loop_add_to_cart_link_describedby_6422\" data-quantity=\"1\" class=\"primary is-small mb-0 button product_type_simple add_to_cart_button ajax_add_to_cart is-outline\" data-product_id=\"6422\" data-product_sku=\"100300519\" aria-label=\"Add to cart: &ldquo;L\u2019Instant de Louis Vallon Ros\u00e9 0,75l&rdquo;\" rel=\"nofollow\" data-success_message=\"&ldquo;L\u2019Instant de Louis Vallon Ros\u00e9 0,75l&rdquo; has been added to your cart\" role=\"button\">Add to cart<\/a><\/div>\t<span id=\"woocommerce_loop_add_to_cart_link_describedby_6422\" class=\"screen-reader-text\">\n\t\t\t<\/span>\n\t\t\t\t\t\t\t<\/div>\n\t\t\t\t\t\t<\/div>\n\t\t\t\t\t\t<\/div>\n\t\t\t\t\t<\/div><\/div>\n\n<div class=\"text-center\"><div class=\"is-divider divider clearfix\" style=\"margin-top:3em;margin-bottom:3em;max-width:100%;height:2px;background-color:rgba(183, 149, 73, 0.419);\"><\/div><\/div>\n\n\n\t\t<\/div>\n\t\t\t\t\t<\/div>\n\n\t\n\n<\/div>\n\t<section class=\"section bg_winzer hide-for-small\" id=\"section_926001733\">\n\t\t<div class=\"bg section-bg fill bg-fill  \" >\n\n\t\t\t\n\t\t\t\n\t\t\t\n\n\t\t<\/div>\n\n\t\t\n\n\t\t<div class=\"section-content relative\">\n\t\t\t\n\n<div class=\"row align-middle align-center\"  id=\"row-1710309082\">\n\n\n\t<div id=\"col-491477014\" class=\"col small-12 large-12\"  >\n\t\t\t\t<div class=\"col-inner\"  >\n\t\t\t\n\t\t\t\n\n<h2 id=\"sainchargny\" class=\"uppercase\" style=\"text-align: center;\">SAINCHARGNY<\/h2>\n\n\n\t\t<\/div>\n\t\t\t\t\t<\/div>\n\n\t\n\n\n<style>\n#row-1710309082 > .col > .col-inner {\n  padding: 15px 0px 0px 0px;\n}\n<\/style>\n<\/div>\n\n\t\t<\/div>\n\n\t\t\n<style>\n#section_926001733 {\n  padding-top: 20px;\n  padding-bottom: 20px;\n  margin-bottom: 30px;\n}\n#section_926001733 .section-bg.bg-loaded {\n  background-image: url(https:\/\/schaumweinkontor.com\/wp-content\/uploads\/2022\/06\/landscape-illu-gold-transp.png);\n}\n<\/style>\n\t<\/section>\n\t\n<div class=\"row\"  id=\"row-2100717391\">\n\n\n\t<div id=\"col-520779580\" class=\"col small-12 large-12\"  >\n\t\t\t\t<div class=\"col-inner\"  >\n\t\t\t\n\t\t\t\n\n\n  \n    <div class=\"row margin-auto equalize-box large-columns-3 medium-columns- small-columns-2 row-large has-shadow row-box-shadow-2 row-box-shadow-4-hover\" >\n  \t<\/div>\n\n<div class=\"text-center\"><div class=\"is-divider divider clearfix\" style=\"margin-top:3em;margin-bottom:3em;max-width:100%;height:2px;background-color:rgba(183, 149, 73, 0.419);\"><\/div><\/div>\n\n\n\t\t<\/div>\n\t\t\t\t\t<\/div>\n\n\t\n\n<\/div>\n\t<section class=\"section bg_winzer hide-for-small\" id=\"section_861769800\">\n\t\t<div class=\"bg section-bg fill bg-fill  \" >\n\n\t\t\t\n\t\t\t\n\t\t\t\n\n\t\t<\/div>\n\n\t\t\n\n\t\t<div class=\"section-content relative\">\n\t\t\t\n\n<div class=\"row row-full-width align-equal align-center\"  id=\"row-83810685\">\n\n\n\t<div id=\"col-1733225739\" class=\"col small-12 large-12\"  >\n\t\t\t\t<div class=\"col-inner text-center\"  >\n\t\t\t\n\t\t\t\n\n\t<div id=\"text-1554983611\" class=\"text\">\n\t\t\n\n<h2 id=\"aguila\" class=\"uppercase\" style=\"text-align: center;\">Sieur D'Arques<\/h2>\n\t\t\n<style>\n#text-1554983611 {\n  line-height: 2.65;\n}\n<\/style>\n\t<\/div>\n\t\n\n\t\t<\/div>\n\t\t\t\t\t<\/div>\n\n\t\n\n\n<style>\n#row-83810685 > .col > .col-inner {\n  padding: 15px 0px 0px 0px;\n}\n<\/style>\n<\/div>\n\n\t\t<\/div>\n\n\t\t\n<style>\n#section_861769800 {\n  padding-top: 20px;\n  padding-bottom: 20px;\n  margin-bottom: 0px;\n}\n#section_861769800 .section-bg.bg-loaded {\n  background-image: url(https:\/\/schaumweinkontor.com\/wp-content\/uploads\/2022\/06\/landscape-illu-gold-transp.png);\n}\n<\/style>\n\t<\/section>\n\t\n<div class=\"row row-full-width align-middle align-center\"  id=\"row-550062770\">\n\n\n\t<div id=\"col-1733293440\" class=\"col small-12 large-12\"  >\n\t\t\t\t<div class=\"col-inner\"  >\n\t\t\t\n\t\t\t\n\n\n  \n    <div class=\"row margin-auto equalize-box large-columns-3 medium-columns- small-columns-2 row-large has-shadow row-box-shadow-2 row-box-shadow-4-hover\" >\n  \t\n\t     <div class=\"col\" data-animate=\"fadeInUp\">\n\t\t\t\t\t\t<div class=\"col-inner\">\n\t\t\t\t\t\t\n<div class=\"badge-container badge-custom absolute right top z-1\">\n\n<\/div>\n\t\t\t\t\t\t<div class=\"product-small box margin-auto has-hover box-normal box-text-bottom\">\n\t\t\t\t\t\t\t<div class=\"box-image\" >\n\t\t\t\t\t\t\t\t<div class=\"\" >\n\t\t\t\t\t\t\t\t\t<a href=\"https:\/\/schaumweinkontor.com\/en\/produkt\/aguila-brut-aoc-cremant-de-limoux-075-l\/\" aria-label=\"Aguila Brut AOC Cr\u00e9mant de Limoux 0,75 L\">\n\t\t\t\t\t\t\t\t\t\t<img loading=\"lazy\" decoding=\"async\" width=\"300\" height=\"300\" src=\"https:\/\/schaumweinkontor.com\/wp-content\/uploads\/2022\/06\/Schaumweinkontor-Aguila-Blanc-1000x1000px-300x300.png\" class=\"attachment-medium size-medium\" alt=\"Aguila Brut AOC Cr\u00e9mant de Limoux 0,75 L\" srcset=\"https:\/\/schaumweinkontor.com\/wp-content\/uploads\/2022\/06\/Schaumweinkontor-Aguila-Blanc-1000x1000px-300x300.png 300w, https:\/\/schaumweinkontor.com\/wp-content\/uploads\/2022\/06\/Schaumweinkontor-Aguila-Blanc-1000x1000px-100x100.png 100w, https:\/\/schaumweinkontor.com\/wp-content\/uploads\/2022\/06\/Schaumweinkontor-Aguila-Blanc-1000x1000px-510x510.png 510w, https:\/\/schaumweinkontor.com\/wp-content\/uploads\/2022\/06\/Schaumweinkontor-Aguila-Blanc-1000x1000px-150x150.png 150w, https:\/\/schaumweinkontor.com\/wp-content\/uploads\/2022\/06\/Schaumweinkontor-Aguila-Blanc-1000x1000px-768x768.png 768w, https:\/\/schaumweinkontor.com\/wp-content\/uploads\/2022\/06\/Schaumweinkontor-Aguila-Blanc-1000x1000px.png 1000w\" sizes=\"auto, (max-width: 300px) 100vw, 300px\" \/>\t\t\t\t\t\t\t\t\t<\/a>\n\t\t\t\t\t\t\t\t\t\t\t\t\t\t\t\t\t\t \t\t\t\t\t\t\t\t<\/div>\n\t\t\t\t\t\t\t\t<div class=\"image-tools top right show-on-hover\">\n\t\t\t\t\t\t\t\t\t\t\t\t\t\t\t\t\t<\/div>\n\t\t\t\t\t\t\t\t\t\t\t\t\t\t\t\t\t<div class=\"image-tools grid-tools text-center hide-for-small bottom hover-slide-in show-on-hover\">\n\t\t\t\t\t\t\t\t\t\t\t\t\t\t\t\t\t\t\t<\/div>\n\t\t\t\t\t\t\t\t\t\t\t\t\t\t\t\t\t\t\t\t\t\t\t<\/div>\n\n\t\t\t\t\t\t\t<div class=\"box-text text-center\" >\n\t\t\t\t\t\t\t\t<div class=\"title-wrapper\">\t\t<p class=\"category uppercase is-smaller no-text-overflow product-cat op-7\">\n\t\t\tAguila\t\t<\/p>\n\t<p class=\"name product-title woocommerce-loop-product__title\"><a href=\"https:\/\/schaumweinkontor.com\/en\/produkt\/aguila-brut-aoc-cremant-de-limoux-075-l\/\" class=\"woocommerce-LoopProduct-link woocommerce-loop-product__link\">Aguila Brut AOC Cr\u00e9mant de Limoux 0,75 L<\/a><\/p><\/div><div class=\"price-wrapper\">\n\t<span class=\"price\"><span class=\"woocommerce-Price-amount amount\" role=\"none\"><bdi><span class=\"woocommerce-Price-currencySymbol\">&euro;<\/span>&nbsp;12,00<\/bdi><\/span> <small class=\"woocommerce-price-suffix\">inkl. MwSt.<\/small><\/span>\n<\/div><div class=\"add-to-cart-button\"><a href=\"\/en\/wp-json\/wp\/v2\/pages\/4628?add-to-cart=4772\" aria-describedby=\"woocommerce_loop_add_to_cart_link_describedby_4772\" data-quantity=\"1\" class=\"primary is-small mb-0 button product_type_simple add_to_cart_button ajax_add_to_cart is-outline\" data-product_id=\"4772\" data-product_sku=\"100300236\" aria-label=\"Add to cart: &ldquo;Aguila Brut AOC Cr\u00e9mant de Limoux 0,75 L&rdquo;\" rel=\"nofollow\" data-success_message=\"&ldquo;Aguila Brut AOC Cr\u00e9mant de Limoux 0,75 L&rdquo; has been added to your cart\" role=\"button\">Add to cart<\/a><\/div>\t<span id=\"woocommerce_loop_add_to_cart_link_describedby_4772\" class=\"screen-reader-text\">\n\t\t\t<\/span>\n\t\t\t\t\t\t\t<\/div>\n\t\t\t\t\t\t<\/div>\n\t\t\t\t\t\t<\/div>\n\t\t\t\t\t<\/div><div class=\"col\" data-animate=\"fadeInUp\">\n\t\t\t\t\t\t<div class=\"col-inner\">\n\t\t\t\t\t\t\n<div class=\"badge-container badge-custom absolute right top z-1\">\n\n<\/div>\n\t\t\t\t\t\t<div class=\"product-small box margin-auto has-hover box-normal box-text-bottom\">\n\t\t\t\t\t\t\t<div class=\"box-image\" >\n\t\t\t\t\t\t\t\t<div class=\"\" >\n\t\t\t\t\t\t\t\t\t<a href=\"https:\/\/schaumweinkontor.com\/en\/produkt\/aguila-brut-rose-aoc-cremant-de-limoux-075-l\/\" aria-label=\"Aguila Brut Ros\u00e9 AOC Cr\u00e9mant de Limoux 0,75 L\">\n\t\t\t\t\t\t\t\t\t\t<img loading=\"lazy\" decoding=\"async\" width=\"300\" height=\"300\" src=\"https:\/\/schaumweinkontor.com\/wp-content\/uploads\/2022\/06\/Schaumweinkontor-Aguila-Rose-1000x1000px-300x300.png\" class=\"attachment-medium size-medium\" alt=\"Aguila Brut Ros\u00e9 AOC Cr\u00e9mant de Limoux \" srcset=\"https:\/\/schaumweinkontor.com\/wp-content\/uploads\/2022\/06\/Schaumweinkontor-Aguila-Rose-1000x1000px-300x300.png 300w, https:\/\/schaumweinkontor.com\/wp-content\/uploads\/2022\/06\/Schaumweinkontor-Aguila-Rose-1000x1000px-100x100.png 100w, https:\/\/schaumweinkontor.com\/wp-content\/uploads\/2022\/06\/Schaumweinkontor-Aguila-Rose-1000x1000px-510x510.png 510w, https:\/\/schaumweinkontor.com\/wp-content\/uploads\/2022\/06\/Schaumweinkontor-Aguila-Rose-1000x1000px-150x150.png 150w, https:\/\/schaumweinkontor.com\/wp-content\/uploads\/2022\/06\/Schaumweinkontor-Aguila-Rose-1000x1000px-768x768.png 768w, https:\/\/schaumweinkontor.com\/wp-content\/uploads\/2022\/06\/Schaumweinkontor-Aguila-Rose-1000x1000px.png 1000w\" sizes=\"auto, (max-width: 300px) 100vw, 300px\" \/>\t\t\t\t\t\t\t\t\t<\/a>\n\t\t\t\t\t\t\t\t\t\t\t\t\t\t\t\t\t\t \t\t\t\t\t\t\t\t<\/div>\n\t\t\t\t\t\t\t\t<div class=\"image-tools top right show-on-hover\">\n\t\t\t\t\t\t\t\t\t\t\t\t\t\t\t\t\t<\/div>\n\t\t\t\t\t\t\t\t\t\t\t\t\t\t\t\t\t<div class=\"image-tools grid-tools text-center hide-for-small bottom hover-slide-in show-on-hover\">\n\t\t\t\t\t\t\t\t\t\t\t\t\t\t\t\t\t\t\t<\/div>\n\t\t\t\t\t\t\t\t\t\t\t\t\t\t\t\t\t\t\t\t\t\t\t<\/div>\n\n\t\t\t\t\t\t\t<div class=\"box-text text-center\" >\n\t\t\t\t\t\t\t\t<div class=\"title-wrapper\">\t\t<p class=\"category uppercase is-smaller no-text-overflow product-cat op-7\">\n\t\t\tAguila\t\t<\/p>\n\t<p class=\"name product-title woocommerce-loop-product__title\"><a href=\"https:\/\/schaumweinkontor.com\/en\/produkt\/aguila-brut-rose-aoc-cremant-de-limoux-075-l\/\" class=\"woocommerce-LoopProduct-link woocommerce-loop-product__link\">Aguila Brut Ros\u00e9 AOC Cr\u00e9mant de Limoux 0,75 L<\/a><\/p><\/div><div class=\"price-wrapper\">\n\t<span class=\"price\"><span class=\"woocommerce-Price-amount amount\" role=\"none\"><bdi><span class=\"woocommerce-Price-currencySymbol\">&euro;<\/span>&nbsp;12,50<\/bdi><\/span> <small class=\"woocommerce-price-suffix\">inkl. MwSt.<\/small><\/span>\n<\/div><div class=\"add-to-cart-button\"><a href=\"\/en\/wp-json\/wp\/v2\/pages\/4628?add-to-cart=4771\" aria-describedby=\"woocommerce_loop_add_to_cart_link_describedby_4771\" data-quantity=\"1\" class=\"primary is-small mb-0 button product_type_simple add_to_cart_button ajax_add_to_cart is-outline\" data-product_id=\"4771\" data-product_sku=\"100300237\" aria-label=\"Add to cart: &ldquo;Aguila Brut Ros\u00e9 AOC Cr\u00e9mant de Limoux 0,75 L&rdquo;\" rel=\"nofollow\" data-success_message=\"&ldquo;Aguila Brut Ros\u00e9 AOC Cr\u00e9mant de Limoux 0,75 L&rdquo; has been added to your cart\" role=\"button\">Add to cart<\/a><\/div>\t<span id=\"woocommerce_loop_add_to_cart_link_describedby_4771\" class=\"screen-reader-text\">\n\t\t\t<\/span>\n\t\t\t\t\t\t\t<\/div>\n\t\t\t\t\t\t<\/div>\n\t\t\t\t\t\t<\/div>\n\t\t\t\t\t<\/div><div class=\"col\" data-animate=\"fadeInUp\">\n\t\t\t\t\t\t<div class=\"col-inner\">\n\t\t\t\t\t\t\n<div class=\"badge-container badge-custom absolute right top z-1\">\n\n<\/div>\n\t\t\t\t\t\t<div class=\"product-small box margin-auto has-hover box-normal box-text-bottom\">\n\t\t\t\t\t\t\t<div class=\"box-image\" >\n\t\t\t\t\t\t\t\t<div class=\"\" >\n\t\t\t\t\t\t\t\t\t<a href=\"https:\/\/schaumweinkontor.com\/en\/produkt\/aguila-bio-cremant-de-limoux-brut-075-l\/\" aria-label=\"Aguila BIO Cr\u00e9mant de Limoux Brut 0,75 L\">\n\t\t\t\t\t\t\t\t\t\t<img loading=\"lazy\" decoding=\"async\" width=\"300\" height=\"300\" src=\"https:\/\/schaumweinkontor.com\/wp-content\/uploads\/2023\/04\/Aguila-Cremant-de-Limoux_1000x1000-px-300x300.png\" class=\"attachment-medium size-medium\" alt=\"Aguila BIO Cr\u00e9mant de Limoux Brut 0,75 L\" srcset=\"https:\/\/schaumweinkontor.com\/wp-content\/uploads\/2023\/04\/Aguila-Cremant-de-Limoux_1000x1000-px-300x300.png 300w, https:\/\/schaumweinkontor.com\/wp-content\/uploads\/2023\/04\/Aguila-Cremant-de-Limoux_1000x1000-px-100x100.png 100w, https:\/\/schaumweinkontor.com\/wp-content\/uploads\/2023\/04\/Aguila-Cremant-de-Limoux_1000x1000-px-510x510.png 510w, https:\/\/schaumweinkontor.com\/wp-content\/uploads\/2023\/04\/Aguila-Cremant-de-Limoux_1000x1000-px-150x150.png 150w, https:\/\/schaumweinkontor.com\/wp-content\/uploads\/2023\/04\/Aguila-Cremant-de-Limoux_1000x1000-px-768x768.png 768w, https:\/\/schaumweinkontor.com\/wp-content\/uploads\/2023\/04\/Aguila-Cremant-de-Limoux_1000x1000-px.png 1000w\" sizes=\"auto, (max-width: 300px) 100vw, 300px\" \/>\t\t\t\t\t\t\t\t\t<\/a>\n\t\t\t\t\t\t\t\t\t\t\t\t\t\t\t\t\t\t \t\t\t\t\t\t\t\t<\/div>\n\t\t\t\t\t\t\t\t<div class=\"image-tools top right show-on-hover\">\n\t\t\t\t\t\t\t\t\t\t\t\t\t\t\t\t\t<\/div>\n\t\t\t\t\t\t\t\t\t\t\t\t\t\t\t\t\t<div class=\"image-tools grid-tools text-center hide-for-small bottom hover-slide-in show-on-hover\">\n\t\t\t\t\t\t\t\t\t\t\t\t\t\t\t\t\t\t\t<\/div>\n\t\t\t\t\t\t\t\t\t\t\t\t\t\t\t\t\t\t\t\t\t\t\t<\/div>\n\n\t\t\t\t\t\t\t<div class=\"box-text text-center\" >\n\t\t\t\t\t\t\t\t<div class=\"title-wrapper\">\t\t<p class=\"category uppercase is-smaller no-text-overflow product-cat op-7\">\n\t\t\tAguila\t\t<\/p>\n\t<p class=\"name product-title woocommerce-loop-product__title\"><a href=\"https:\/\/schaumweinkontor.com\/en\/produkt\/aguila-bio-cremant-de-limoux-brut-075-l\/\" class=\"woocommerce-LoopProduct-link woocommerce-loop-product__link\">Aguila BIO Cr\u00e9mant de Limoux Brut 0,75 L<\/a><\/p><\/div><div class=\"price-wrapper\">\n\t<span class=\"price\"><span class=\"woocommerce-Price-amount amount\" role=\"none\"><bdi><span class=\"woocommerce-Price-currencySymbol\">&euro;<\/span>&nbsp;14,80<\/bdi><\/span> <small class=\"woocommerce-price-suffix\">inkl. MwSt.<\/small><\/span>\n<\/div><div class=\"add-to-cart-button\"><a href=\"\/en\/wp-json\/wp\/v2\/pages\/4628?add-to-cart=4699\" aria-describedby=\"woocommerce_loop_add_to_cart_link_describedby_4699\" data-quantity=\"1\" class=\"primary is-small mb-0 button product_type_simple add_to_cart_button ajax_add_to_cart is-outline\" data-product_id=\"4699\" data-product_sku=\"100300238\" aria-label=\"Add to cart: &ldquo;Aguila BIO Cr\u00e9mant de Limoux Brut 0,75 L&rdquo;\" rel=\"nofollow\" data-success_message=\"&ldquo;Aguila BIO Cr\u00e9mant de Limoux Brut 0,75 L&rdquo; has been added to your cart\" role=\"button\">Add to cart<\/a><\/div>\t<span id=\"woocommerce_loop_add_to_cart_link_describedby_4699\" class=\"screen-reader-text\">\n\t\t\t<\/span>\n\t\t\t\t\t\t\t<\/div>\n\t\t\t\t\t\t<\/div>\n\t\t\t\t\t\t<\/div>\n\t\t\t\t\t<\/div><\/div>\n\n<div class=\"text-center\"><div class=\"is-divider divider clearfix\" style=\"margin-top:3em;margin-bottom:3em;max-width:100%;height:2px;background-color:rgba(183, 149, 73, 0.419);\"><\/div><\/div>\n\n\n\t\t<\/div>\n\t\t\t\t\t<\/div>\n\n\t\n\n\n<style>\n#row-550062770 > .col > .col-inner {\n  padding: 15px 0px 0px 0px;\n}\n<\/style>\n<\/div>\n\t<section class=\"section bg_winzer hide-for-small\" id=\"section_458907016\">\n\t\t<div class=\"bg section-bg fill bg-fill  \" >\n\n\t\t\t\n\t\t\t\n\t\t\t\n\n\t\t<\/div>\n\n\t\t\n\n\t\t<div class=\"section-content relative\">\n\t\t\t\n\n<div class=\"row row-full-width align-equal align-center\"  id=\"row-1934013130\">\n\n\n\t<div id=\"col-503653400\" class=\"col small-12 large-12\"  >\n\t\t\t\t<div class=\"col-inner text-center\"  >\n\t\t\t\n\t\t\t\n\n\t<div id=\"text-554487239\" class=\"text\">\n\t\t\n\n<h2 id=\"DomaineDeRonces\" class=\"uppercase\" style=\"text-align: center;\">Domaine De Ronces<\/h2>\n\t\t\n<style>\n#text-554487239 {\n  line-height: 2.65;\n}\n<\/style>\n\t<\/div>\n\t\n\n\t\t<\/div>\n\t\t\t\t\t<\/div>\n\n\t\n\n\n<style>\n#row-1934013130 > .col > .col-inner {\n  padding: 15px 0px 0px 0px;\n}\n<\/style>\n<\/div>\n\n\t\t<\/div>\n\n\t\t\n<style>\n#section_458907016 {\n  padding-top: 20px;\n  padding-bottom: 20px;\n  margin-bottom: 0px;\n}\n#section_458907016 .section-bg.bg-loaded {\n  background-image: url(https:\/\/schaumweinkontor.com\/wp-content\/uploads\/2022\/06\/landscape-illu-gold-transp.png);\n}\n<\/style>\n\t<\/section>\n\t\n<div class=\"row row-full-width align-middle align-center\"  id=\"row-220778507\">\n\n\n\t<div id=\"col-493576829\" class=\"col small-12 large-12\"  >\n\t\t\t\t<div class=\"col-inner\"  >\n\t\t\t\n\t\t\t\n\n\n  \n    <div class=\"row margin-auto equalize-box large-columns-3 medium-columns- small-columns-2 row-large has-shadow row-box-shadow-2 row-box-shadow-4-hover\" >\n  \t\n\t     <div class=\"col\" data-animate=\"fadeInUp\">\n\t\t\t\t\t\t<div class=\"col-inner\">\n\t\t\t\t\t\t\n<div class=\"badge-container badge-custom absolute right top z-1\">\n\n<\/div>\n\t\t\t\t\t\t<div class=\"product-small box margin-auto has-hover box-normal box-text-bottom\">\n\t\t\t\t\t\t\t<div class=\"box-image\" >\n\t\t\t\t\t\t\t\t<div class=\"\" >\n\t\t\t\t\t\t\t\t\t<a href=\"https:\/\/schaumweinkontor.com\/en\/produkt\/domaine-de-ronces-bio-demeter-cremant-de-jura-075-l\/\" aria-label=\"Domaine de Ronces BIO Demeter Cremant de Jura 0,75 L\">\n\t\t\t\t\t\t\t\t\t\t<img loading=\"lazy\" decoding=\"async\" width=\"300\" height=\"300\" src=\"https:\/\/schaumweinkontor.com\/wp-content\/uploads\/2023\/04\/Domaine-de-ronces-Cremant_1000x1000-px-300x300.png\" class=\"attachment-medium size-medium\" alt=\"Domaine de Ronces Cr\u00e9mant de Jura BIO Demeter \" srcset=\"https:\/\/schaumweinkontor.com\/wp-content\/uploads\/2023\/04\/Domaine-de-ronces-Cremant_1000x1000-px-300x300.png 300w, https:\/\/schaumweinkontor.com\/wp-content\/uploads\/2023\/04\/Domaine-de-ronces-Cremant_1000x1000-px-100x100.png 100w, https:\/\/schaumweinkontor.com\/wp-content\/uploads\/2023\/04\/Domaine-de-ronces-Cremant_1000x1000-px-510x510.png 510w, https:\/\/schaumweinkontor.com\/wp-content\/uploads\/2023\/04\/Domaine-de-ronces-Cremant_1000x1000-px-150x150.png 150w, https:\/\/schaumweinkontor.com\/wp-content\/uploads\/2023\/04\/Domaine-de-ronces-Cremant_1000x1000-px-768x768.png 768w, https:\/\/schaumweinkontor.com\/wp-content\/uploads\/2023\/04\/Domaine-de-ronces-Cremant_1000x1000-px.png 1000w\" sizes=\"auto, (max-width: 300px) 100vw, 300px\" \/>\t\t\t\t\t\t\t\t\t<\/a>\n\t\t\t\t\t\t\t\t\t\t\t\t\t\t\t\t\t\t \t\t\t\t\t\t\t\t<\/div>\n\t\t\t\t\t\t\t\t<div class=\"image-tools top right show-on-hover\">\n\t\t\t\t\t\t\t\t\t\t\t\t\t\t\t\t\t<\/div>\n\t\t\t\t\t\t\t\t\t\t\t\t\t\t\t\t\t<div class=\"image-tools grid-tools text-center hide-for-small bottom hover-slide-in show-on-hover\">\n\t\t\t\t\t\t\t\t\t\t\t\t\t\t\t\t\t\t\t<\/div>\n\t\t\t\t\t\t\t\t\t\t\t\t\t\t\t\t\t\t\t\t\t\t\t<\/div>\n\n\t\t\t\t\t\t\t<div class=\"box-text text-center\" >\n\t\t\t\t\t\t\t\t<div class=\"title-wrapper\">\t\t<p class=\"category uppercase is-smaller no-text-overflow product-cat op-7\">\n\t\t\tCremant\t\t<\/p>\n\t<p class=\"name product-title woocommerce-loop-product__title\"><a href=\"https:\/\/schaumweinkontor.com\/en\/produkt\/domaine-de-ronces-bio-demeter-cremant-de-jura-075-l\/\" class=\"woocommerce-LoopProduct-link woocommerce-loop-product__link\">Domaine de Ronces BIO Demeter Cremant de Jura 0,75 L<\/a><\/p><\/div><div class=\"price-wrapper\">\n\t<span class=\"price\"><span class=\"woocommerce-Price-amount amount\" role=\"none\"><bdi><span class=\"woocommerce-Price-currencySymbol\">&euro;<\/span>&nbsp;18,20<\/bdi><\/span> <small class=\"woocommerce-price-suffix\">inkl. MwSt.<\/small><\/span>\n<\/div><div class=\"add-to-cart-button\"><a href=\"\/en\/wp-json\/wp\/v2\/pages\/4628?add-to-cart=4696\" aria-describedby=\"woocommerce_loop_add_to_cart_link_describedby_4696\" data-quantity=\"1\" class=\"primary is-small mb-0 button product_type_simple add_to_cart_button ajax_add_to_cart is-outline\" data-product_id=\"4696\" data-product_sku=\"100300340\" aria-label=\"Add to cart: &ldquo;Domaine de Ronces BIO Demeter Cremant de Jura 0,75 L&rdquo;\" rel=\"nofollow\" data-success_message=\"&ldquo;Domaine de Ronces BIO Demeter Cremant de Jura 0,75 L&rdquo; has been added to your cart\" role=\"button\">Add to cart<\/a><\/div>\t<span id=\"woocommerce_loop_add_to_cart_link_describedby_4696\" class=\"screen-reader-text\">\n\t\t\t<\/span>\n\t\t\t\t\t\t\t<\/div>\n\t\t\t\t\t\t<\/div>\n\t\t\t\t\t\t<\/div>\n\t\t\t\t\t<\/div><\/div>\n\n\n\t\t<\/div>\n\t\t\t\t\t<\/div>\n\n\t\n\n\n<style>\n#row-220778507 > .col > .col-inner {\n  padding: 15px 0px 0px 0px;\n}\n<\/style>\n<\/div>\n<\/div>\n<div id=\"Italien\">\n\t<section class=\"section hide-for-medium\" id=\"section_15811626\">\n\t\t<div class=\"bg section-bg fill bg-fill  bg-loaded\" >\n\n\t\t\t\n\t\t\t\n\t\t\t\n\n\t\t<\/div>\n\n\t\t\n\n\t\t<div class=\"section-content relative\">\n\t\t\t\n\n<div class=\"row row-collapse row-full-width align-middle blau-verlauf\"  id=\"row-1079829070\">\n\n\n\t<div id=\"col-25455381\" class=\"col medium-6 small-12 large-6\"  >\n\t\t\t\t<div class=\"col-inner\"  >\n\t\t\t\n\t\t\t\n\n\t<div id=\"text-3017470313\" class=\"text\">\n\t\t\n\n<h2> Italy <\/h2>\n\t\t\n<style>\n#text-3017470313 {\n  font-size: 1.5rem;\n  line-height: 2;\n}\n<\/style>\n\t<\/div>\n\t\n\n\t\t<\/div>\n\t\t\t\t\t<\/div>\n\n\t\n\n\t<div id=\"col-227555854\" class=\"col medium-6 small-12 large-6\"  >\n\t\t\t\t<div class=\"col-inner\"  >\n\t\t\t\n\t\t\t\n\n<h5 id=\"prosecco\" class=\"uppercase\" style=\"text-align: right;\"><span style=\"color: #b79549;\">Prosecco<\/span><\/h5>\n\n\t\t<\/div>\n\t\t\t\t\t<\/div>\n\n\t\n\n\n<style>\n#row-1079829070 > .col > .col-inner {\n  padding: 0px 20px 0px 20px;\n  border-radius: 74px;\n}\n<\/style>\n<\/div>\n\n\t\t<\/div>\n\n\t\t\n<style>\n#section_15811626 {\n  padding-top: 0px;\n  padding-bottom: 0px;\n}\n<\/style>\n\t<\/section>\n\t\n\t<section class=\"section bg_winzer hide-for-medium\" id=\"section_1650302381\">\n\t\t<div class=\"bg section-bg fill bg-fill  \" >\n\n\t\t\t\n\t\t\t\n\t\t\t\n\n\t\t<\/div>\n\n\t\t\n\n\t\t<div class=\"section-content relative\">\n\t\t\t\n\n<div class=\"row row-full-width align-middle align-center\"  id=\"row-1372175723\">\n\n\n\t<div id=\"col-1474670343\" class=\"col small-12 large-12\"  >\n\t\t\t\t<div class=\"col-inner\"  >\n\t\t\t\n\t\t\t\n\n<h2 id=\"fantinel-prosecco\" class=\"uppercase\" style=\"text-align: center;\">Fantinel DOC<\/h2>\n\n\t\t<\/div>\n\t\t\t\t\t<\/div>\n\n\t\n\n\n<style>\n#row-1372175723 > .col > .col-inner {\n  padding: 15px 0px 0px 0px;\n}\n<\/style>\n<\/div>\n\n\t\t<\/div>\n\n\t\t\n<style>\n#section_1650302381 {\n  padding-top: 30px;\n  padding-bottom: 30px;\n  margin-bottom: 10px;\n}\n#section_1650302381 .section-bg.bg-loaded {\n  background-image: url(https:\/\/schaumweinkontor.com\/wp-content\/uploads\/2022\/06\/landscape-illu-gold-transp.png);\n}\n<\/style>\n\t<\/section>\n\t\n<div class=\"row row-full-width align-middle align-center\"  id=\"row-89744109\">\n\n\n\t<div id=\"col-815524284\" class=\"col small-12 large-12\"  >\n\t\t\t\t<div class=\"col-inner\"  >\n\t\t\t\n\t\t\t\n\n\n  \n    <div class=\"row margin-auto equalize-box large-columns-3 medium-columns- small-columns-2 row-large has-shadow row-box-shadow-2 row-box-shadow-4-hover\" >\n  \t\n\t     <div class=\"col\" data-animate=\"fadeInUp\">\n\t\t\t\t\t\t<div class=\"col-inner\">\n\t\t\t\t\t\t\n<div class=\"badge-container badge-custom absolute right top z-1\">\n<div class=\"callout badge badge-circle\"><div class=\"badge-inner secondary on-sale\"><span class=\"onsale\">Sale!<\/span><\/div><\/div>\n<\/div>\n\t\t\t\t\t\t<div class=\"product-small box margin-auto has-hover box-normal box-text-bottom\">\n\t\t\t\t\t\t\t<div class=\"box-image\" >\n\t\t\t\t\t\t\t\t<div class=\"\" >\n\t\t\t\t\t\t\t\t\t<a href=\"https:\/\/schaumweinkontor.com\/en\/produkt\/fantinel-cuvee-prestige-brut-075-l\/\" aria-label=\"Fantinel Cuv\u00e9e Prestige Brut 0,75 L\">\n\t\t\t\t\t\t\t\t\t\t<img loading=\"lazy\" decoding=\"async\" width=\"300\" height=\"300\" src=\"https:\/\/schaumweinkontor.com\/wp-content\/uploads\/2022\/06\/Fantinel-Cuvee-Prestige-Brut-075-L-300x300.png\" class=\"attachment-medium size-medium\" alt=\"Fantinel Cuv\u00e9e Prestige Brut 0,75 L\" srcset=\"https:\/\/schaumweinkontor.com\/wp-content\/uploads\/2022\/06\/Fantinel-Cuvee-Prestige-Brut-075-L-300x300.png 300w, https:\/\/schaumweinkontor.com\/wp-content\/uploads\/2022\/06\/Fantinel-Cuvee-Prestige-Brut-075-L-100x100.png 100w, https:\/\/schaumweinkontor.com\/wp-content\/uploads\/2022\/06\/Fantinel-Cuvee-Prestige-Brut-075-L-510x510.png 510w, https:\/\/schaumweinkontor.com\/wp-content\/uploads\/2022\/06\/Fantinel-Cuvee-Prestige-Brut-075-L-150x150.png 150w, https:\/\/schaumweinkontor.com\/wp-content\/uploads\/2022\/06\/Fantinel-Cuvee-Prestige-Brut-075-L-768x768.png 768w, https:\/\/schaumweinkontor.com\/wp-content\/uploads\/2022\/06\/Fantinel-Cuvee-Prestige-Brut-075-L.png 1000w\" sizes=\"auto, (max-width: 300px) 100vw, 300px\" \/>\t\t\t\t\t\t\t\t\t<\/a>\n\t\t\t\t\t\t\t\t\t\t\t\t\t\t\t\t\t\t \t\t\t\t\t\t\t\t<\/div>\n\t\t\t\t\t\t\t\t<div class=\"image-tools top right show-on-hover\">\n\t\t\t\t\t\t\t\t\t\t\t\t\t\t\t\t\t<\/div>\n\t\t\t\t\t\t\t\t\t\t\t\t\t\t\t\t\t<div class=\"image-tools grid-tools text-center hide-for-small bottom hover-slide-in show-on-hover\">\n\t\t\t\t\t\t\t\t\t\t\t\t\t\t\t\t\t\t\t<\/div>\n\t\t\t\t\t\t\t\t\t\t\t\t\t\t\t\t\t\t\t\t\t\t\t<\/div>\n\n\t\t\t\t\t\t\t<div class=\"box-text text-center\" >\n\t\t\t\t\t\t\t\t<div class=\"title-wrapper\">\t\t<p class=\"category uppercase is-smaller no-text-overflow product-cat op-7\">\n\t\t\tFantinel DOC\t\t<\/p>\n\t<p class=\"name product-title woocommerce-loop-product__title\"><a href=\"https:\/\/schaumweinkontor.com\/en\/produkt\/fantinel-cuvee-prestige-brut-075-l\/\" class=\"woocommerce-LoopProduct-link woocommerce-loop-product__link\">Fantinel Cuv\u00e9e Prestige Brut 0,75 L<\/a><\/p><\/div><div class=\"price-wrapper\">\n\t<span class=\"price\"><del aria-hidden=\"true\"><span class=\"woocommerce-Price-amount amount\" role=\"none\"><bdi><span class=\"woocommerce-Price-currencySymbol\">&euro;<\/span>&nbsp;8,30<\/bdi><\/span><\/del> <span class=\"screen-reader-text\">Original price was: &euro;&nbsp;8,30.<\/span><ins aria-hidden=\"true\"><span class=\"woocommerce-Price-amount amount\" role=\"none\"><bdi><span class=\"woocommerce-Price-currencySymbol\">&euro;<\/span>&nbsp;5,81<\/bdi><\/span><\/ins><span class=\"screen-reader-text\">Current price is: &euro;&nbsp;5,81.<\/span> <small class=\"woocommerce-price-suffix\">inkl. MwSt.<\/small><\/span>\n<\/div><div class=\"add-to-cart-button\"><a href=\"\/en\/wp-json\/wp\/v2\/pages\/4628?add-to-cart=4800\" aria-describedby=\"woocommerce_loop_add_to_cart_link_describedby_4800\" data-quantity=\"1\" class=\"primary is-small mb-0 button product_type_simple add_to_cart_button ajax_add_to_cart is-outline\" data-product_id=\"4800\" data-product_sku=\"100300146\" aria-label=\"Add to cart: &ldquo;Fantinel Cuv\u00e9e Prestige Brut 0,75 L&rdquo;\" rel=\"nofollow\" data-success_message=\"&ldquo;Fantinel Cuv\u00e9e Prestige Brut 0,75 L&rdquo; has been added to your cart\" role=\"button\">Add to cart<\/a><\/div>\t<span id=\"woocommerce_loop_add_to_cart_link_describedby_4800\" class=\"screen-reader-text\">\n\t\t\t<\/span>\n\t\t\t\t\t\t\t<\/div>\n\t\t\t\t\t\t<\/div>\n\t\t\t\t\t\t<\/div>\n\t\t\t\t\t<\/div><div class=\"col\" data-animate=\"fadeInUp\">\n\t\t\t\t\t\t<div class=\"col-inner\">\n\t\t\t\t\t\t\n<div class=\"badge-container badge-custom absolute right top z-1\">\n\n<\/div>\n\t\t\t\t\t\t<div class=\"product-small box margin-auto has-hover box-normal box-text-bottom\">\n\t\t\t\t\t\t\t<div class=\"box-image\" >\n\t\t\t\t\t\t\t\t<div class=\"\" >\n\t\t\t\t\t\t\t\t\t<a href=\"https:\/\/schaumweinkontor.com\/en\/produkt\/fantinel-prosecco-extra-dry-doc-075-l\/\" aria-label=\"Fantinel Prosecco Extra Dry DOC 0,75 L\">\n\t\t\t\t\t\t\t\t\t\t<img loading=\"lazy\" decoding=\"async\" width=\"300\" height=\"300\" src=\"https:\/\/schaumweinkontor.com\/wp-content\/uploads\/2023\/05\/Fantinel-Prosecco-Extra-Dry-DOC-075-L_1000x1000px-300x300.png\" class=\"attachment-medium size-medium\" alt=\"Fantinel Prosecco Extra Dry DOC 0,75 L\" srcset=\"https:\/\/schaumweinkontor.com\/wp-content\/uploads\/2023\/05\/Fantinel-Prosecco-Extra-Dry-DOC-075-L_1000x1000px-300x300.png 300w, https:\/\/schaumweinkontor.com\/wp-content\/uploads\/2023\/05\/Fantinel-Prosecco-Extra-Dry-DOC-075-L_1000x1000px-100x100.png 100w, https:\/\/schaumweinkontor.com\/wp-content\/uploads\/2023\/05\/Fantinel-Prosecco-Extra-Dry-DOC-075-L_1000x1000px-510x510.png 510w, https:\/\/schaumweinkontor.com\/wp-content\/uploads\/2023\/05\/Fantinel-Prosecco-Extra-Dry-DOC-075-L_1000x1000px-150x150.png 150w, https:\/\/schaumweinkontor.com\/wp-content\/uploads\/2023\/05\/Fantinel-Prosecco-Extra-Dry-DOC-075-L_1000x1000px-768x768.png 768w, https:\/\/schaumweinkontor.com\/wp-content\/uploads\/2023\/05\/Fantinel-Prosecco-Extra-Dry-DOC-075-L_1000x1000px.png 1000w\" sizes=\"auto, (max-width: 300px) 100vw, 300px\" \/>\t\t\t\t\t\t\t\t\t<\/a>\n\t\t\t\t\t\t\t\t\t\t\t\t\t\t\t\t\t\t \t\t\t\t\t\t\t\t<\/div>\n\t\t\t\t\t\t\t\t<div class=\"image-tools top right show-on-hover\">\n\t\t\t\t\t\t\t\t\t\t\t\t\t\t\t\t\t<\/div>\n\t\t\t\t\t\t\t\t\t\t\t\t\t\t\t\t\t<div class=\"image-tools grid-tools text-center hide-for-small bottom hover-slide-in show-on-hover\">\n\t\t\t\t\t\t\t\t\t\t\t\t\t\t\t\t\t\t\t<\/div>\n\t\t\t\t\t\t\t\t\t\t\t\t\t\t\t\t\t\t\t\t\t\t\t<\/div>\n\n\t\t\t\t\t\t\t<div class=\"box-text text-center\" >\n\t\t\t\t\t\t\t\t<div class=\"title-wrapper\">\t\t<p class=\"category uppercase is-smaller no-text-overflow product-cat op-7\">\n\t\t\tFantinel DOC\t\t<\/p>\n\t<p class=\"name product-title woocommerce-loop-product__title\"><a href=\"https:\/\/schaumweinkontor.com\/en\/produkt\/fantinel-prosecco-extra-dry-doc-075-l\/\" class=\"woocommerce-LoopProduct-link woocommerce-loop-product__link\">Fantinel Prosecco Extra Dry DOC 0,75 L<\/a><\/p><\/div><div class=\"price-wrapper\">\n\t<span class=\"price\"><span class=\"woocommerce-Price-amount amount\" role=\"none\"><bdi><span class=\"woocommerce-Price-currencySymbol\">&euro;<\/span>&nbsp;9,50<\/bdi><\/span> <small class=\"woocommerce-price-suffix\">inkl. MwSt.<\/small><\/span>\n<\/div><div class=\"add-to-cart-button\"><a href=\"\/en\/wp-json\/wp\/v2\/pages\/4628?add-to-cart=4674\" aria-describedby=\"woocommerce_loop_add_to_cart_link_describedby_4674\" data-quantity=\"1\" class=\"primary is-small mb-0 button product_type_simple add_to_cart_button ajax_add_to_cart is-outline\" data-product_id=\"4674\" data-product_sku=\"100300154\" aria-label=\"Add to cart: &ldquo;Fantinel Prosecco Extra Dry DOC 0,75 L&rdquo;\" rel=\"nofollow\" data-success_message=\"&ldquo;Fantinel Prosecco Extra Dry DOC 0,75 L&rdquo; has been added to your cart\" role=\"button\">Add to cart<\/a><\/div>\t<span id=\"woocommerce_loop_add_to_cart_link_describedby_4674\" class=\"screen-reader-text\">\n\t\t\t<\/span>\n\t\t\t\t\t\t\t<\/div>\n\t\t\t\t\t\t<\/div>\n\t\t\t\t\t\t<\/div>\n\t\t\t\t\t<\/div><div class=\"col\" data-animate=\"fadeInUp\">\n\t\t\t\t\t\t<div class=\"col-inner\">\n\t\t\t\t\t\t\n<div class=\"badge-container badge-custom absolute right top z-1\">\n\n<\/div>\n\t\t\t\t\t\t<div class=\"product-small box margin-auto has-hover box-normal box-text-bottom\">\n\t\t\t\t\t\t\t<div class=\"box-image\" >\n\t\t\t\t\t\t\t\t<div class=\"\" >\n\t\t\t\t\t\t\t\t\t<a href=\"https:\/\/schaumweinkontor.com\/en\/produkt\/fantinel-pros-brut-oneonly-mille-doc-075-l\/\" aria-label=\"Fantinel Pros. Brut &#039;One&amp;Only&#039; Mille. DOC 0,75 L\">\n\t\t\t\t\t\t\t\t\t\t<img loading=\"lazy\" decoding=\"async\" width=\"300\" height=\"300\" src=\"https:\/\/schaumweinkontor.com\/wp-content\/uploads\/2022\/06\/Schaumweinkontor-Fantinel-OneOnly-1000x1000px-300x300.png\" class=\"attachment-medium size-medium\" alt=\"Fantinel Pros. Brut &#039;One&amp;Only&#039; Mille. DOC 0,75 L\" srcset=\"https:\/\/schaumweinkontor.com\/wp-content\/uploads\/2022\/06\/Schaumweinkontor-Fantinel-OneOnly-1000x1000px-300x300.png 300w, https:\/\/schaumweinkontor.com\/wp-content\/uploads\/2022\/06\/Schaumweinkontor-Fantinel-OneOnly-1000x1000px-100x100.png 100w, https:\/\/schaumweinkontor.com\/wp-content\/uploads\/2022\/06\/Schaumweinkontor-Fantinel-OneOnly-1000x1000px-510x510.png 510w, https:\/\/schaumweinkontor.com\/wp-content\/uploads\/2022\/06\/Schaumweinkontor-Fantinel-OneOnly-1000x1000px-150x150.png 150w, https:\/\/schaumweinkontor.com\/wp-content\/uploads\/2022\/06\/Schaumweinkontor-Fantinel-OneOnly-1000x1000px-768x768.png 768w, https:\/\/schaumweinkontor.com\/wp-content\/uploads\/2022\/06\/Schaumweinkontor-Fantinel-OneOnly-1000x1000px.png 1000w\" sizes=\"auto, (max-width: 300px) 100vw, 300px\" \/>\t\t\t\t\t\t\t\t\t<\/a>\n\t\t\t\t\t\t\t\t\t\t\t\t\t\t\t\t\t\t \t\t\t\t\t\t\t\t<\/div>\n\t\t\t\t\t\t\t\t<div class=\"image-tools top right show-on-hover\">\n\t\t\t\t\t\t\t\t\t\t\t\t\t\t\t\t\t<\/div>\n\t\t\t\t\t\t\t\t\t\t\t\t\t\t\t\t\t<div class=\"image-tools grid-tools text-center hide-for-small bottom hover-slide-in show-on-hover\">\n\t\t\t\t\t\t\t\t\t\t\t\t\t\t\t\t\t\t\t<\/div>\n\t\t\t\t\t\t\t\t\t\t\t\t\t\t\t\t\t\t\t\t\t\t\t<\/div>\n\n\t\t\t\t\t\t\t<div class=\"box-text text-center\" >\n\t\t\t\t\t\t\t\t<div class=\"title-wrapper\">\t\t<p class=\"category uppercase is-smaller no-text-overflow product-cat op-7\">\n\t\t\tFantinel DOC\t\t<\/p>\n\t<p class=\"name product-title woocommerce-loop-product__title\"><a href=\"https:\/\/schaumweinkontor.com\/en\/produkt\/fantinel-pros-brut-oneonly-mille-doc-075-l\/\" class=\"woocommerce-LoopProduct-link woocommerce-loop-product__link\">Fantinel Pros. Brut &#8216;One&amp;Only&#8217; Mille. DOC 0,75 L<\/a><\/p><\/div><div class=\"price-wrapper\">\n\t<span class=\"price\"><span class=\"woocommerce-Price-amount amount\" role=\"none\"><bdi><span class=\"woocommerce-Price-currencySymbol\">&euro;<\/span>&nbsp;10,00<\/bdi><\/span> <small class=\"woocommerce-price-suffix\">inkl. MwSt.<\/small><\/span>\n<\/div><div class=\"add-to-cart-button\"><a href=\"\/en\/wp-json\/wp\/v2\/pages\/4628?add-to-cart=4797\" aria-describedby=\"woocommerce_loop_add_to_cart_link_describedby_4797\" data-quantity=\"1\" class=\"primary is-small mb-0 button product_type_simple add_to_cart_button ajax_add_to_cart is-outline\" data-product_id=\"4797\" data-product_sku=\"100300149\" aria-label=\"Add to cart: &ldquo;Fantinel Pros. Brut &#039;One&amp;Only&#039; Mille. DOC 0,75 L&rdquo;\" rel=\"nofollow\" data-success_message=\"&ldquo;Fantinel Pros. Brut &#039;One&amp;Only&#039; Mille. DOC 0,75 L&rdquo; has been added to your cart\" role=\"button\">Add to cart<\/a><\/div>\t<span id=\"woocommerce_loop_add_to_cart_link_describedby_4797\" class=\"screen-reader-text\">\n\t\t\t<\/span>\n\t\t\t\t\t\t\t<\/div>\n\t\t\t\t\t\t<\/div>\n\t\t\t\t\t\t<\/div>\n\t\t\t\t\t<\/div><div class=\"col\" data-animate=\"fadeInUp\">\n\t\t\t\t\t\t<div class=\"col-inner\">\n\t\t\t\t\t\t\n<div class=\"badge-container badge-custom absolute right top z-1\">\n\n<\/div>\n\t\t\t\t\t\t<div class=\"product-small box margin-auto has-hover box-normal box-text-bottom\">\n\t\t\t\t\t\t\t<div class=\"box-image\" >\n\t\t\t\t\t\t\t\t<div class=\"\" >\n\t\t\t\t\t\t\t\t\t<a href=\"https:\/\/schaumweinkontor.com\/en\/produkt\/fantinel-rose-brut-oneonly-mille-075-l\/\" aria-label=\"Fantinel Ros\u00e9 Brut &#039;One&amp;Only&#039; Mille. 0,75 L\">\n\t\t\t\t\t\t\t\t\t\t<img loading=\"lazy\" decoding=\"async\" width=\"300\" height=\"300\" src=\"https:\/\/schaumweinkontor.com\/wp-content\/uploads\/2022\/06\/Fantinel-Rose-Brut-\u2018OneOnly-Mille.-075-L-300x300.png\" class=\"attachment-medium size-medium\" alt=\"Fantinel Ros\u00e9 Brut &#039;One&amp;Only&#039; Mille. 0,75 L\" srcset=\"https:\/\/schaumweinkontor.com\/wp-content\/uploads\/2022\/06\/Fantinel-Rose-Brut-\u2018OneOnly-Mille.-075-L-300x300.png 300w, https:\/\/schaumweinkontor.com\/wp-content\/uploads\/2022\/06\/Fantinel-Rose-Brut-\u2018OneOnly-Mille.-075-L-100x100.png 100w, https:\/\/schaumweinkontor.com\/wp-content\/uploads\/2022\/06\/Fantinel-Rose-Brut-\u2018OneOnly-Mille.-075-L-510x510.png 510w, https:\/\/schaumweinkontor.com\/wp-content\/uploads\/2022\/06\/Fantinel-Rose-Brut-\u2018OneOnly-Mille.-075-L-150x150.png 150w, https:\/\/schaumweinkontor.com\/wp-content\/uploads\/2022\/06\/Fantinel-Rose-Brut-\u2018OneOnly-Mille.-075-L-768x768.png 768w, https:\/\/schaumweinkontor.com\/wp-content\/uploads\/2022\/06\/Fantinel-Rose-Brut-\u2018OneOnly-Mille.-075-L.png 1000w\" sizes=\"auto, (max-width: 300px) 100vw, 300px\" \/>\t\t\t\t\t\t\t\t\t<\/a>\n\t\t\t\t\t\t\t\t\t\t\t\t\t\t\t\t\t\t \t\t\t\t\t\t\t\t<\/div>\n\t\t\t\t\t\t\t\t<div class=\"image-tools top right show-on-hover\">\n\t\t\t\t\t\t\t\t\t\t\t\t\t\t\t\t\t<\/div>\n\t\t\t\t\t\t\t\t\t\t\t\t\t\t\t\t\t<div class=\"image-tools grid-tools text-center hide-for-small bottom hover-slide-in show-on-hover\">\n\t\t\t\t\t\t\t\t\t\t\t\t\t\t\t\t\t\t\t<\/div>\n\t\t\t\t\t\t\t\t\t\t\t\t\t\t\t\t\t\t\t\t\t\t\t<\/div>\n\n\t\t\t\t\t\t\t<div class=\"box-text text-center\" >\n\t\t\t\t\t\t\t\t<div class=\"title-wrapper\">\t\t<p class=\"category uppercase is-smaller no-text-overflow product-cat op-7\">\n\t\t\tFantinel DOC\t\t<\/p>\n\t<p class=\"name product-title woocommerce-loop-product__title\"><a href=\"https:\/\/schaumweinkontor.com\/en\/produkt\/fantinel-rose-brut-oneonly-mille-075-l\/\" class=\"woocommerce-LoopProduct-link woocommerce-loop-product__link\">Fantinel Ros\u00e9 Brut &#8216;One&amp;Only&#8217; Mille. 0,75 L<\/a><\/p><\/div><div class=\"price-wrapper\">\n\t<span class=\"price\"><span class=\"woocommerce-Price-amount amount\" role=\"none\"><bdi><span class=\"woocommerce-Price-currencySymbol\">&euro;<\/span>&nbsp;10,00<\/bdi><\/span> <small class=\"woocommerce-price-suffix\">inkl. MwSt.<\/small><\/span>\n<\/div><div class=\"add-to-cart-button\"><a href=\"\/en\/wp-json\/wp\/v2\/pages\/4628?add-to-cart=4798\" aria-describedby=\"woocommerce_loop_add_to_cart_link_describedby_4798\" data-quantity=\"1\" class=\"primary is-small mb-0 button product_type_simple add_to_cart_button ajax_add_to_cart is-outline\" data-product_id=\"4798\" data-product_sku=\"100300148\" aria-label=\"Add to cart: &ldquo;Fantinel Ros\u00e9 Brut &#039;One&amp;Only&#039; Mille. 0,75 L&rdquo;\" rel=\"nofollow\" data-success_message=\"&ldquo;Fantinel Ros\u00e9 Brut &#039;One&amp;Only&#039; Mille. 0,75 L&rdquo; has been added to your cart\" role=\"button\">Add to cart<\/a><\/div>\t<span id=\"woocommerce_loop_add_to_cart_link_describedby_4798\" class=\"screen-reader-text\">\n\t\t\t<\/span>\n\t\t\t\t\t\t\t<\/div>\n\t\t\t\t\t\t<\/div>\n\t\t\t\t\t\t<\/div>\n\t\t\t\t\t<\/div><div class=\"col\" data-animate=\"fadeInUp\">\n\t\t\t\t\t\t<div class=\"col-inner\">\n\t\t\t\t\t\t\n<div class=\"badge-container badge-custom absolute right top z-1\">\n\n<\/div>\n\t\t\t\t\t\t<div class=\"product-small box margin-auto has-hover box-normal box-text-bottom\">\n\t\t\t\t\t\t\t<div class=\"box-image\" >\n\t\t\t\t\t\t\t\t<div class=\"\" >\n\t\t\t\t\t\t\t\t\t<a href=\"https:\/\/schaumweinkontor.com\/en\/produkt\/ronco-calino-franciacorta-docg-pair-brut-nature-2013-bio-075l-copy-copy-copy-copy-copy-copy-copy-copy-copy-copy-copy-copy-copy-copy-copy-copy-copy-2\/\" aria-label=\"Ribolla Gialla Sant Helena \u201cCaterina\u201d\">\n\t\t\t\t\t\t\t\t\t\t<img loading=\"lazy\" decoding=\"async\" width=\"300\" height=\"300\" src=\"https:\/\/schaumweinkontor.com\/wp-content\/uploads\/2025\/07\/12-300x300.png\" class=\"attachment-medium size-medium\" alt=\"Fantinel Tenuta Sant&#039;Helena \" srcset=\"https:\/\/schaumweinkontor.com\/wp-content\/uploads\/2025\/07\/12-300x300.png 300w, https:\/\/schaumweinkontor.com\/wp-content\/uploads\/2025\/07\/12-150x150.png 150w, https:\/\/schaumweinkontor.com\/wp-content\/uploads\/2025\/07\/12-768x768.png 768w, https:\/\/schaumweinkontor.com\/wp-content\/uploads\/2025\/07\/12-510x510.png 510w, https:\/\/schaumweinkontor.com\/wp-content\/uploads\/2025\/07\/12-100x100.png 100w, https:\/\/schaumweinkontor.com\/wp-content\/uploads\/2025\/07\/12.png 1000w\" sizes=\"auto, (max-width: 300px) 100vw, 300px\" \/>\t\t\t\t\t\t\t\t\t<\/a>\n\t\t\t\t\t\t\t\t\t\t\t\t\t\t\t\t\t\t \t\t\t\t\t\t\t\t<\/div>\n\t\t\t\t\t\t\t\t<div class=\"image-tools top right show-on-hover\">\n\t\t\t\t\t\t\t\t\t\t\t\t\t\t\t\t\t<\/div>\n\t\t\t\t\t\t\t\t\t\t\t\t\t\t\t\t\t<div class=\"image-tools grid-tools text-center hide-for-small bottom hover-slide-in show-on-hover\">\n\t\t\t\t\t\t\t\t\t\t\t\t\t\t\t\t\t\t\t<\/div>\n\t\t\t\t\t\t\t\t\t\t\t\t\t\t\t\t\t\t\t\t\t\t\t<\/div>\n\n\t\t\t\t\t\t\t<div class=\"box-text text-center\" >\n\t\t\t\t\t\t\t\t<div class=\"title-wrapper\">\t\t<p class=\"category uppercase is-smaller no-text-overflow product-cat op-7\">\n\t\t\tFantinel DOC\t\t<\/p>\n\t<p class=\"name product-title woocommerce-loop-product__title\"><a href=\"https:\/\/schaumweinkontor.com\/en\/produkt\/ronco-calino-franciacorta-docg-pair-brut-nature-2013-bio-075l-copy-copy-copy-copy-copy-copy-copy-copy-copy-copy-copy-copy-copy-copy-copy-copy-copy-2\/\" class=\"woocommerce-LoopProduct-link woocommerce-loop-product__link\">Ribolla Gialla Sant Helena \u201cCaterina\u201d<\/a><\/p><\/div><div class=\"price-wrapper\">\n\t<span class=\"price\"><span class=\"woocommerce-Price-amount amount\" role=\"none\"><bdi><span class=\"woocommerce-Price-currencySymbol\">&euro;<\/span>&nbsp;18,00<\/bdi><\/span> <small class=\"woocommerce-price-suffix\">inkl. MwSt.<\/small><\/span>\n<\/div><div class=\"add-to-cart-button\"><a href=\"\/en\/wp-json\/wp\/v2\/pages\/4628?add-to-cart=6432\" aria-describedby=\"woocommerce_loop_add_to_cart_link_describedby_6432\" data-quantity=\"1\" class=\"primary is-small mb-0 button product_type_simple add_to_cart_button ajax_add_to_cart is-outline\" data-product_id=\"6432\" data-product_sku=\"100300611\" aria-label=\"Add to cart: &ldquo;Ribolla Gialla Sant Helena \u201cCaterina\u201d&rdquo;\" rel=\"nofollow\" data-success_message=\"&ldquo;Ribolla Gialla Sant Helena \u201cCaterina\u201d&rdquo; has been added to your cart\" role=\"button\">Add to cart<\/a><\/div>\t<span id=\"woocommerce_loop_add_to_cart_link_describedby_6432\" class=\"screen-reader-text\">\n\t\t\t<\/span>\n\t\t\t\t\t\t\t<\/div>\n\t\t\t\t\t\t<\/div>\n\t\t\t\t\t\t<\/div>\n\t\t\t\t\t<\/div><div class=\"col\" data-animate=\"fadeInUp\">\n\t\t\t\t\t\t<div class=\"col-inner\">\n\t\t\t\t\t\t\n<div class=\"badge-container badge-custom absolute right top z-1\">\n\n<\/div>\n\t\t\t\t\t\t<div class=\"product-small box margin-auto has-hover box-normal box-text-bottom\">\n\t\t\t\t\t\t\t<div class=\"box-image\" >\n\t\t\t\t\t\t\t\t<div class=\"\" >\n\t\t\t\t\t\t\t\t\t<a href=\"https:\/\/schaumweinkontor.com\/en\/produkt\/fantinel-oneonly-prosecco-brut-15-l\/\" aria-label=\"Fantinel &#039;One&amp;Only&#039; Prosecco Brut 1,5 L\">\n\t\t\t\t\t\t\t\t\t\t<img loading=\"lazy\" decoding=\"async\" width=\"300\" height=\"300\" src=\"https:\/\/schaumweinkontor.com\/wp-content\/uploads\/2022\/06\/Schaumweinkontor-Fantinel-OneOnly-1000x1000px-300x300.png\" class=\"attachment-medium size-medium\" alt=\"Fantinel &#039;One&amp;Only&#039; Prosecco Brut 1,5 L\" srcset=\"https:\/\/schaumweinkontor.com\/wp-content\/uploads\/2022\/06\/Schaumweinkontor-Fantinel-OneOnly-1000x1000px-300x300.png 300w, https:\/\/schaumweinkontor.com\/wp-content\/uploads\/2022\/06\/Schaumweinkontor-Fantinel-OneOnly-1000x1000px-100x100.png 100w, https:\/\/schaumweinkontor.com\/wp-content\/uploads\/2022\/06\/Schaumweinkontor-Fantinel-OneOnly-1000x1000px-510x510.png 510w, https:\/\/schaumweinkontor.com\/wp-content\/uploads\/2022\/06\/Schaumweinkontor-Fantinel-OneOnly-1000x1000px-150x150.png 150w, https:\/\/schaumweinkontor.com\/wp-content\/uploads\/2022\/06\/Schaumweinkontor-Fantinel-OneOnly-1000x1000px-768x768.png 768w, https:\/\/schaumweinkontor.com\/wp-content\/uploads\/2022\/06\/Schaumweinkontor-Fantinel-OneOnly-1000x1000px.png 1000w\" sizes=\"auto, (max-width: 300px) 100vw, 300px\" \/>\t\t\t\t\t\t\t\t\t<\/a>\n\t\t\t\t\t\t\t\t\t\t\t\t\t\t\t\t\t\t \t\t\t\t\t\t\t\t<\/div>\n\t\t\t\t\t\t\t\t<div class=\"image-tools top right show-on-hover\">\n\t\t\t\t\t\t\t\t\t\t\t\t\t\t\t\t\t<\/div>\n\t\t\t\t\t\t\t\t\t\t\t\t\t\t\t\t\t<div class=\"image-tools grid-tools text-center hide-for-small bottom hover-slide-in show-on-hover\">\n\t\t\t\t\t\t\t\t\t\t\t\t\t\t\t\t\t\t\t<\/div>\n\t\t\t\t\t\t\t\t\t\t\t\t\t\t\t\t\t\t\t\t\t\t\t<\/div>\n\n\t\t\t\t\t\t\t<div class=\"box-text text-center\" >\n\t\t\t\t\t\t\t\t<div class=\"title-wrapper\">\t\t<p class=\"category uppercase is-smaller no-text-overflow product-cat op-7\">\n\t\t\tFantinel DOC\t\t<\/p>\n\t<p class=\"name product-title woocommerce-loop-product__title\"><a href=\"https:\/\/schaumweinkontor.com\/en\/produkt\/fantinel-oneonly-prosecco-brut-15-l\/\" class=\"woocommerce-LoopProduct-link woocommerce-loop-product__link\">Fantinel &#8216;One&amp;Only&#8217; Prosecco Brut 1,5 L<\/a><\/p><\/div><div class=\"price-wrapper\">\n\t<span class=\"price\"><span class=\"woocommerce-Price-amount amount\" role=\"none\"><bdi><span class=\"woocommerce-Price-currencySymbol\">&euro;<\/span>&nbsp;22,90<\/bdi><\/span> <small class=\"woocommerce-price-suffix\">inkl. MwSt.<\/small><\/span>\n<\/div><div class=\"add-to-cart-button\"><a href=\"\/en\/wp-json\/wp\/v2\/pages\/4628?add-to-cart=4657\" aria-describedby=\"woocommerce_loop_add_to_cart_link_describedby_4657\" data-quantity=\"1\" class=\"primary is-small mb-0 button product_type_simple add_to_cart_button ajax_add_to_cart is-outline\" data-product_id=\"4657\" data-product_sku=\"100300155\" aria-label=\"Add to cart: &ldquo;Fantinel &#039;One&amp;Only&#039; Prosecco Brut 1,5 L&rdquo;\" rel=\"nofollow\" data-success_message=\"&ldquo;Fantinel &#039;One&amp;Only&#039; Prosecco Brut 1,5 L&rdquo; has been added to your cart\" role=\"button\">Add to cart<\/a><\/div>\t<span id=\"woocommerce_loop_add_to_cart_link_describedby_4657\" class=\"screen-reader-text\">\n\t\t\t<\/span>\n\t\t\t\t\t\t\t<\/div>\n\t\t\t\t\t\t<\/div>\n\t\t\t\t\t\t<\/div>\n\t\t\t\t\t<\/div><\/div>\n\n<div class=\"text-center\"><div class=\"is-divider divider clearfix\" style=\"margin-top:3em;margin-bottom:3em;max-width:100%;height:2px;background-color:rgba(183, 149, 73, 0.419);\"><\/div><\/div>\n\n\n\t\t<\/div>\n\t\t\t\t\t<\/div>\n\n\t\n\n\n<style>\n#row-89744109 > .col > .col-inner {\n  padding: 15px 0px 0px 0px;\n}\n<\/style>\n<\/div>\n\t<section class=\"section bg_winzer hide-for-medium\" id=\"section_1135825598\">\n\t\t<div class=\"bg section-bg fill bg-fill  \" >\n\n\t\t\t\n\t\t\t\n\t\t\t\n\n\t\t<\/div>\n\n\t\t\n\n\t\t<div class=\"section-content relative\">\n\t\t\t\n\n<div class=\"row row-full-width align-middle align-center\"  id=\"row-1038274808\">\n\n\n\t<div id=\"col-255746104\" class=\"col small-12 large-12\"  >\n\t\t\t\t<div class=\"col-inner\"  >\n\t\t\t\n\t\t\t\n\n<h2 id=\"rocca-prosecco\" class=\"uppercase\" style=\"text-align: center;\">Rocca dei Forti DOC<\/h2>\n\n\t\t<\/div>\n\t\t\t\t\t<\/div>\n\n\t\n\n\n<style>\n#row-1038274808 > .col > .col-inner {\n  padding: 15px 0px 0px 0px;\n}\n<\/style>\n<\/div>\n\n\t\t<\/div>\n\n\t\t\n<style>\n#section_1135825598 {\n  padding-top: 30px;\n  padding-bottom: 30px;\n  margin-bottom: 10px;\n}\n#section_1135825598 .section-bg.bg-loaded {\n  background-image: url(https:\/\/schaumweinkontor.com\/wp-content\/uploads\/2022\/06\/landscape-illu-gold-transp.png);\n}\n<\/style>\n\t<\/section>\n\t\n<div class=\"row row-full-width align-middle align-center\"  id=\"row-566802626\">\n\n\n\t<div id=\"col-498224321\" class=\"col small-12 large-12\"  >\n\t\t\t\t<div class=\"col-inner\"  >\n\t\t\t\n\t\t\t\n\n\n  \n    <div class=\"row margin-auto equalize-box large-columns-3 medium-columns- small-columns-2 row-large has-shadow row-box-shadow-2 row-box-shadow-4-hover\" >\n  \t\n\t     <div class=\"col\" data-animate=\"fadeInUp\">\n\t\t\t\t\t\t<div class=\"col-inner\">\n\t\t\t\t\t\t\n<div class=\"badge-container badge-custom absolute right top z-1\">\n\n<\/div>\n\t\t\t\t\t\t<div class=\"product-small box margin-auto has-hover box-normal box-text-bottom\">\n\t\t\t\t\t\t\t<div class=\"box-image\" >\n\t\t\t\t\t\t\t\t<div class=\"\" >\n\t\t\t\t\t\t\t\t\t<a href=\"https:\/\/schaumweinkontor.com\/en\/produkt\/rocca-dei-forti-prosecco-le-cuvee-brut-doc-075-l\/\" aria-label=\"Rocca dei Forti Prosecco Le Cuv\u00e9e Brut DOC 0,75 L\">\n\t\t\t\t\t\t\t\t\t\t<img loading=\"lazy\" decoding=\"async\" width=\"300\" height=\"300\" src=\"https:\/\/schaumweinkontor.com\/wp-content\/uploads\/2022\/06\/Rocca_dei_Forti_Prosecco-075l-1000x1000px_award-300x300.png\" class=\"attachment-medium size-medium\" alt=\"Rocca dei Forti Prosecco Le Cuv\u00e9e Brut DOC 0,75 L\" srcset=\"https:\/\/schaumweinkontor.com\/wp-content\/uploads\/2022\/06\/Rocca_dei_Forti_Prosecco-075l-1000x1000px_award-300x300.png 300w, https:\/\/schaumweinkontor.com\/wp-content\/uploads\/2022\/06\/Rocca_dei_Forti_Prosecco-075l-1000x1000px_award-150x150.png 150w, https:\/\/schaumweinkontor.com\/wp-content\/uploads\/2022\/06\/Rocca_dei_Forti_Prosecco-075l-1000x1000px_award-768x767.png 768w, https:\/\/schaumweinkontor.com\/wp-content\/uploads\/2022\/06\/Rocca_dei_Forti_Prosecco-075l-1000x1000px_award-510x509.png 510w, https:\/\/schaumweinkontor.com\/wp-content\/uploads\/2022\/06\/Rocca_dei_Forti_Prosecco-075l-1000x1000px_award-100x100.png 100w, https:\/\/schaumweinkontor.com\/wp-content\/uploads\/2022\/06\/Rocca_dei_Forti_Prosecco-075l-1000x1000px_award.png 1001w\" sizes=\"auto, (max-width: 300px) 100vw, 300px\" \/>\t\t\t\t\t\t\t\t\t<\/a>\n\t\t\t\t\t\t\t\t\t\t\t\t\t\t\t\t\t\t \t\t\t\t\t\t\t\t<\/div>\n\t\t\t\t\t\t\t\t<div class=\"image-tools top right show-on-hover\">\n\t\t\t\t\t\t\t\t\t\t\t\t\t\t\t\t\t<\/div>\n\t\t\t\t\t\t\t\t\t\t\t\t\t\t\t\t\t<div class=\"image-tools grid-tools text-center hide-for-small bottom hover-slide-in show-on-hover\">\n\t\t\t\t\t\t\t\t\t\t\t\t\t\t\t\t\t\t\t<\/div>\n\t\t\t\t\t\t\t\t\t\t\t\t\t\t\t\t\t\t\t\t\t\t\t<\/div>\n\n\t\t\t\t\t\t\t<div class=\"box-text text-center\" >\n\t\t\t\t\t\t\t\t<div class=\"title-wrapper\">\t\t<p class=\"category uppercase is-smaller no-text-overflow product-cat op-7\">\n\t\t\tProsecco\t\t<\/p>\n\t<p class=\"name product-title woocommerce-loop-product__title\"><a href=\"https:\/\/schaumweinkontor.com\/en\/produkt\/rocca-dei-forti-prosecco-le-cuvee-brut-doc-075-l\/\" class=\"woocommerce-LoopProduct-link woocommerce-loop-product__link\">Rocca dei Forti Prosecco Le Cuv\u00e9e Brut DOC 0,75 L<\/a><\/p><\/div><div class=\"price-wrapper\">\n\t<span class=\"price\"><span class=\"woocommerce-Price-amount amount\" role=\"none\"><bdi><span class=\"woocommerce-Price-currencySymbol\">&euro;<\/span>&nbsp;8,90<\/bdi><\/span> <small class=\"woocommerce-price-suffix\">inkl. MwSt.<\/small><\/span>\n<\/div><div class=\"add-to-cart-button\"><a href=\"\/en\/wp-json\/wp\/v2\/pages\/4628?add-to-cart=4755\" aria-describedby=\"woocommerce_loop_add_to_cart_link_describedby_4755\" data-quantity=\"1\" class=\"primary is-small mb-0 button product_type_simple add_to_cart_button ajax_add_to_cart is-outline\" data-product_id=\"4755\" data-product_sku=\"100300121\" aria-label=\"Add to cart: &ldquo;Rocca dei Forti Prosecco Le Cuv\u00e9e Brut DOC 0,75 L&rdquo;\" rel=\"nofollow\" data-success_message=\"&ldquo;Rocca dei Forti Prosecco Le Cuv\u00e9e Brut DOC 0,75 L&rdquo; has been added to your cart\" role=\"button\">Add to cart<\/a><\/div>\t<span id=\"woocommerce_loop_add_to_cart_link_describedby_4755\" class=\"screen-reader-text\">\n\t\t\t<\/span>\n\t\t\t\t\t\t\t<\/div>\n\t\t\t\t\t\t<\/div>\n\t\t\t\t\t\t<\/div>\n\t\t\t\t\t<\/div><div class=\"col\" data-animate=\"fadeInUp\">\n\t\t\t\t\t\t<div class=\"col-inner\">\n\t\t\t\t\t\t\n<div class=\"badge-container badge-custom absolute right top z-1\">\n\n<\/div>\n\t\t\t\t\t\t<div class=\"product-small box margin-auto has-hover box-normal box-text-bottom\">\n\t\t\t\t\t\t\t<div class=\"box-image\" >\n\t\t\t\t\t\t\t\t<div class=\"\" >\n\t\t\t\t\t\t\t\t\t<a href=\"https:\/\/schaumweinkontor.com\/en\/produkt\/rocca-dei-forti-prosecco-rose-doc-millesimato-075-l\/\" aria-label=\"Rocca dei Forti Prosecco Ros\u00e9 DOC Millesimato 0,75 L\">\n\t\t\t\t\t\t\t\t\t\t<img loading=\"lazy\" decoding=\"async\" width=\"300\" height=\"300\" src=\"https:\/\/schaumweinkontor.com\/wp-content\/uploads\/2022\/04\/Rocca_dei_Forti_Prosecco-Rose-075l-1000x1000px_award-300x300.png\" class=\"attachment-medium size-medium\" alt=\"Rocca dei Forti Prosecco Ros\u00e9 DOC Millesimato 0,75 L\" srcset=\"https:\/\/schaumweinkontor.com\/wp-content\/uploads\/2022\/04\/Rocca_dei_Forti_Prosecco-Rose-075l-1000x1000px_award-300x300.png 300w, https:\/\/schaumweinkontor.com\/wp-content\/uploads\/2022\/04\/Rocca_dei_Forti_Prosecco-Rose-075l-1000x1000px_award-150x150.png 150w, https:\/\/schaumweinkontor.com\/wp-content\/uploads\/2022\/04\/Rocca_dei_Forti_Prosecco-Rose-075l-1000x1000px_award-768x768.png 768w, https:\/\/schaumweinkontor.com\/wp-content\/uploads\/2022\/04\/Rocca_dei_Forti_Prosecco-Rose-075l-1000x1000px_award-510x510.png 510w, https:\/\/schaumweinkontor.com\/wp-content\/uploads\/2022\/04\/Rocca_dei_Forti_Prosecco-Rose-075l-1000x1000px_award-100x100.png 100w, https:\/\/schaumweinkontor.com\/wp-content\/uploads\/2022\/04\/Rocca_dei_Forti_Prosecco-Rose-075l-1000x1000px_award.png 1000w\" sizes=\"auto, (max-width: 300px) 100vw, 300px\" \/>\t\t\t\t\t\t\t\t\t<\/a>\n\t\t\t\t\t\t\t\t\t\t\t\t\t\t\t\t\t\t \t\t\t\t\t\t\t\t<\/div>\n\t\t\t\t\t\t\t\t<div class=\"image-tools top right show-on-hover\">\n\t\t\t\t\t\t\t\t\t\t\t\t\t\t\t\t\t<\/div>\n\t\t\t\t\t\t\t\t\t\t\t\t\t\t\t\t\t<div class=\"image-tools grid-tools text-center hide-for-small bottom hover-slide-in show-on-hover\">\n\t\t\t\t\t\t\t\t\t\t\t\t\t\t\t\t\t\t\t<\/div>\n\t\t\t\t\t\t\t\t\t\t\t\t\t\t\t\t\t\t\t\t\t\t\t<\/div>\n\n\t\t\t\t\t\t\t<div class=\"box-text text-center\" >\n\t\t\t\t\t\t\t\t<div class=\"title-wrapper\">\t\t<p class=\"category uppercase is-smaller no-text-overflow product-cat op-7\">\n\t\t\tProsecco\t\t<\/p>\n\t<p class=\"name product-title woocommerce-loop-product__title\"><a href=\"https:\/\/schaumweinkontor.com\/en\/produkt\/rocca-dei-forti-prosecco-rose-doc-millesimato-075-l\/\" class=\"woocommerce-LoopProduct-link woocommerce-loop-product__link\">Rocca dei Forti Prosecco Ros\u00e9 DOC Millesimato 0,75 L<\/a><\/p><\/div><div class=\"price-wrapper\">\n\t<span class=\"price\"><span class=\"woocommerce-Price-amount amount\" role=\"none\"><bdi><span class=\"woocommerce-Price-currencySymbol\">&euro;<\/span>&nbsp;8,90<\/bdi><\/span> <small class=\"woocommerce-price-suffix\">inkl. MwSt.<\/small><\/span>\n<\/div><div class=\"add-to-cart-button\"><a href=\"\/en\/wp-json\/wp\/v2\/pages\/4628?add-to-cart=4802\" aria-describedby=\"woocommerce_loop_add_to_cart_link_describedby_4802\" data-quantity=\"1\" class=\"primary is-small mb-0 button product_type_simple add_to_cart_button ajax_add_to_cart is-outline\" data-product_id=\"4802\" data-product_sku=\"100300102\" aria-label=\"Add to cart: &ldquo;Rocca dei Forti Prosecco Ros\u00e9 DOC Millesimato 0,75 L&rdquo;\" rel=\"nofollow\" data-success_message=\"&ldquo;Rocca dei Forti Prosecco Ros\u00e9 DOC Millesimato 0,75 L&rdquo; has been added to your cart\" role=\"button\">Add to cart<\/a><\/div>\t<span id=\"woocommerce_loop_add_to_cart_link_describedby_4802\" class=\"screen-reader-text\">\n\t\t\t<\/span>\n\t\t\t\t\t\t\t<\/div>\n\t\t\t\t\t\t<\/div>\n\t\t\t\t\t\t<\/div>\n\t\t\t\t\t<\/div><\/div>\n\n<div class=\"text-center\"><div class=\"is-divider divider clearfix\" style=\"margin-top:3em;margin-bottom:3em;max-width:100%;height:2px;background-color:rgba(183, 149, 73, 0.419);\"><\/div><\/div>\n\n\n\t\t<\/div>\n\t\t\t\t\t<\/div>\n\n\t\n\n\n<style>\n#row-566802626 > .col > .col-inner {\n  padding: 15px 0px 0px 0px;\n}\n<\/style>\n<\/div>\n\t<section class=\"section bg_winzer hide-for-medium\" id=\"section_1401724573\">\n\t\t<div class=\"bg section-bg fill bg-fill  \" >\n\n\t\t\t\n\t\t\t\n\t\t\t\n\n\t\t<\/div>\n\n\t\t\n\n\t\t<div class=\"section-content relative\">\n\t\t\t\n\n<div class=\"row row-full-width align-middle align-center\"  id=\"row-1880631038\">\n\n\n\t<div id=\"col-1605786288\" class=\"col small-12 large-12\"  >\n\t\t\t\t<div class=\"col-inner\"  >\n\t\t\t\n\t\t\t\n\n<h2 id=\"goddess\" class=\"uppercase\" style=\"text-align: center;\">Sun Goddess DOC<\/h2>\n<p>\u00a0<\/p>\n\n  \n    <div class=\"row margin-auto equalize-box large-columns-3 medium-columns- small-columns-2 row-large has-shadow row-box-shadow-2 row-box-shadow-4-hover\" >\n  \t<\/div>\n\n\n\t\t<\/div>\n\t\t\t\t\t<\/div>\n\n\t\n\n\n<style>\n#row-1880631038 > .col > .col-inner {\n  padding: 15px 0px 0px 0px;\n}\n<\/style>\n<\/div>\n\n\t\t<\/div>\n\n\t\t\n<style>\n#section_1401724573 {\n  padding-top: 20px;\n  padding-bottom: 20px;\n  margin-bottom: 0px;\n}\n#section_1401724573 .section-bg.bg-loaded {\n  background-image: url(https:\/\/schaumweinkontor.com\/wp-content\/uploads\/2022\/06\/landscape-illu-gold-transp.png);\n}\n<\/style>\n\t<\/section>\n\t\n<div class=\"text-center\"><div class=\"is-divider divider clearfix\" style=\"margin-top:3em;margin-bottom:3em;max-width:100%;height:2px;background-color:rgba(183, 149, 73, 0.419);\"><\/div><\/div>\n\n\t<section class=\"section bg_winzer hide-for-medium\" id=\"section_789149919\">\n\t\t<div class=\"bg section-bg fill bg-fill  \" >\n\n\t\t\t\n\t\t\t\n\t\t\t\n\n\t\t<\/div>\n\n\t\t\n\n\t\t<div class=\"section-content relative\">\n\t\t\t\n\n<div class=\"row align-middle align-center\"  id=\"row-1583149559\">\n\n\n\t<div id=\"col-754146726\" class=\"col small-12 large-12\"  >\n\t\t\t\t<div class=\"col-inner\"  >\n\t\t\t\n\t\t\t\n\n<div id=\"vigne-matte\">\n<h2 class=\"uppercase\" style=\"text-align: center;\">Vigne Matte DOCG<\/h2>\n<\/div>\n\n\t\t<\/div>\n\t\t\t\t\t<\/div>\n\n\t\n\n\n<style>\n#row-1583149559 > .col > .col-inner {\n  padding: 15px 0px 0px 0px;\n}\n<\/style>\n<\/div>\n\n\t\t<\/div>\n\n\t\t\n<style>\n#section_789149919 {\n  padding-top: 20px;\n  padding-bottom: 20px;\n  margin-bottom: 30px;\n}\n#section_789149919 .section-bg.bg-loaded {\n  background-image: url(https:\/\/schaumweinkontor.com\/wp-content\/uploads\/2022\/06\/landscape-illu-gold-transp.png);\n}\n<\/style>\n\t<\/section>\n\t\n<div class=\"row row-full-width align-middle align-center\"  id=\"row-1725530685\">\n\n\n\t<div id=\"col-545718411\" class=\"col small-12 large-12\"  >\n\t\t\t\t<div class=\"col-inner\"  >\n\t\t\t\n\t\t\t\n\n\n  \n    <div class=\"row margin-auto equalize-box large-columns-3 medium-columns- small-columns-2 row-large has-shadow row-box-shadow-2 row-box-shadow-4-hover\" >\n  \t\n\t     <div class=\"col\" data-animate=\"fadeInUp\">\n\t\t\t\t\t\t<div class=\"col-inner\">\n\t\t\t\t\t\t\n<div class=\"badge-container badge-custom absolute right top z-1\">\n<div class=\"callout badge badge-circle\"><div class=\"badge-inner secondary on-sale\"><span class=\"onsale\">Sale!<\/span><\/div><\/div>\n<\/div>\n\t\t\t\t\t\t<div class=\"product-small box margin-auto has-hover box-normal box-text-bottom\">\n\t\t\t\t\t\t\t<div class=\"box-image\" >\n\t\t\t\t\t\t\t\t<div class=\"\" >\n\t\t\t\t\t\t\t\t\t<a href=\"https:\/\/schaumweinkontor.com\/en\/produkt\/vigne-matte-prosecco-docg-extra-brut-075-l\/\" aria-label=\"Vigne Matte Prosecco DOCG Extra Brut 0,75 L\">\n\t\t\t\t\t\t\t\t\t\t<img loading=\"lazy\" decoding=\"async\" width=\"300\" height=\"300\" src=\"https:\/\/schaumweinkontor.com\/wp-content\/uploads\/2022\/11\/Vigne-Matte-neu-300x300.png\" class=\"attachment-medium size-medium\" alt=\"Vigne Matte Prosecco DOCG Extra Brut 0,75 L\" srcset=\"https:\/\/schaumweinkontor.com\/wp-content\/uploads\/2022\/11\/Vigne-Matte-neu-300x300.png 300w, https:\/\/schaumweinkontor.com\/wp-content\/uploads\/2022\/11\/Vigne-Matte-neu-100x100.png 100w, https:\/\/schaumweinkontor.com\/wp-content\/uploads\/2022\/11\/Vigne-Matte-neu-510x510.png 510w, https:\/\/schaumweinkontor.com\/wp-content\/uploads\/2022\/11\/Vigne-Matte-neu-150x150.png 150w, https:\/\/schaumweinkontor.com\/wp-content\/uploads\/2022\/11\/Vigne-Matte-neu-768x768.png 768w, https:\/\/schaumweinkontor.com\/wp-content\/uploads\/2022\/11\/Vigne-Matte-neu.png 1000w\" sizes=\"auto, (max-width: 300px) 100vw, 300px\" \/>\t\t\t\t\t\t\t\t\t<\/a>\n\t\t\t\t\t\t\t\t\t\t\t\t\t\t\t\t\t\t \t\t\t\t\t\t\t\t<\/div>\n\t\t\t\t\t\t\t\t<div class=\"image-tools top right show-on-hover\">\n\t\t\t\t\t\t\t\t\t\t\t\t\t\t\t\t\t<\/div>\n\t\t\t\t\t\t\t\t\t\t\t\t\t\t\t\t\t<div class=\"image-tools grid-tools text-center hide-for-small bottom hover-slide-in show-on-hover\">\n\t\t\t\t\t\t\t\t\t\t\t\t\t\t\t\t\t\t\t<\/div>\n\t\t\t\t\t\t\t\t\t\t\t\t\t\t\t\t\t\t\t\t\t\t\t<\/div>\n\n\t\t\t\t\t\t\t<div class=\"box-text text-center\" >\n\t\t\t\t\t\t\t\t<div class=\"title-wrapper\">\t\t<p class=\"category uppercase is-smaller no-text-overflow product-cat op-7\">\n\t\t\tVigne Matte DOCG\t\t<\/p>\n\t<p class=\"name product-title woocommerce-loop-product__title\"><a href=\"https:\/\/schaumweinkontor.com\/en\/produkt\/vigne-matte-prosecco-docg-extra-brut-075-l\/\" class=\"woocommerce-LoopProduct-link woocommerce-loop-product__link\">Vigne Matte Prosecco DOCG Extra Brut 0,75 L<\/a><\/p><\/div><div class=\"price-wrapper\">\n\t<span class=\"price\"><del aria-hidden=\"true\"><span class=\"woocommerce-Price-amount amount\" role=\"none\"><bdi><span class=\"woocommerce-Price-currencySymbol\">&euro;<\/span>&nbsp;14,50<\/bdi><\/span><\/del> <span class=\"screen-reader-text\">Original price was: &euro;&nbsp;14,50.<\/span><ins aria-hidden=\"true\"><span class=\"woocommerce-Price-amount amount\" role=\"none\"><bdi><span class=\"woocommerce-Price-currencySymbol\">&euro;<\/span>&nbsp;10,15<\/bdi><\/span><\/ins><span class=\"screen-reader-text\">Current price is: &euro;&nbsp;10,15.<\/span> <small class=\"woocommerce-price-suffix\">inkl. MwSt.<\/small><\/span>\n<\/div><div class=\"add-to-cart-button\"><a href=\"\/en\/wp-json\/wp\/v2\/pages\/4628?add-to-cart=4727\" aria-describedby=\"woocommerce_loop_add_to_cart_link_describedby_4727\" data-quantity=\"1\" class=\"primary is-small mb-0 button product_type_simple add_to_cart_button ajax_add_to_cart is-outline\" data-product_id=\"4727\" data-product_sku=\"100300297\" aria-label=\"Add to cart: &ldquo;Vigne Matte Prosecco DOCG Extra Brut 0,75 L&rdquo;\" rel=\"nofollow\" data-success_message=\"&ldquo;Vigne Matte Prosecco DOCG Extra Brut 0,75 L&rdquo; has been added to your cart\" role=\"button\">Add to cart<\/a><\/div>\t<span id=\"woocommerce_loop_add_to_cart_link_describedby_4727\" class=\"screen-reader-text\">\n\t\t\t<\/span>\n\t\t\t\t\t\t\t<\/div>\n\t\t\t\t\t\t<\/div>\n\t\t\t\t\t\t<\/div>\n\t\t\t\t\t<\/div><div class=\"col\" data-animate=\"fadeInUp\">\n\t\t\t\t\t\t<div class=\"col-inner\">\n\t\t\t\t\t\t\n<div class=\"badge-container badge-custom absolute right top z-1\">\n<div class=\"callout badge badge-circle\"><div class=\"badge-inner secondary on-sale\"><span class=\"onsale\">Sale!<\/span><\/div><\/div>\n<\/div>\n\t\t\t\t\t\t<div class=\"product-small box margin-auto has-hover box-normal box-text-bottom\">\n\t\t\t\t\t\t\t<div class=\"box-image\" >\n\t\t\t\t\t\t\t\t<div class=\"\" >\n\t\t\t\t\t\t\t\t\t<a href=\"https:\/\/schaumweinkontor.com\/en\/produkt\/vigne-matte-prosecco-docg-millesimatte-extra-dry-2021-075-l\/\" aria-label=\"Vigne Matte Prosecco DOCG \u2018MillesiMatte\u2019 Extra Dry 2021 0,75 L\">\n\t\t\t\t\t\t\t\t\t\t<img loading=\"lazy\" decoding=\"async\" width=\"300\" height=\"300\" src=\"https:\/\/schaumweinkontor.com\/wp-content\/uploads\/2022\/11\/Vigne-Matte-Millesimatte-075-1000x1000px-300x300.png\" class=\"attachment-medium size-medium\" alt=\"Vigne Matte Prosecco DOCG \u2018MillesiMatte\u2019 Extra Dry 2021 0,75 L\" srcset=\"https:\/\/schaumweinkontor.com\/wp-content\/uploads\/2022\/11\/Vigne-Matte-Millesimatte-075-1000x1000px-300x300.png 300w, https:\/\/schaumweinkontor.com\/wp-content\/uploads\/2022\/11\/Vigne-Matte-Millesimatte-075-1000x1000px-100x100.png 100w, https:\/\/schaumweinkontor.com\/wp-content\/uploads\/2022\/11\/Vigne-Matte-Millesimatte-075-1000x1000px-510x510.png 510w, https:\/\/schaumweinkontor.com\/wp-content\/uploads\/2022\/11\/Vigne-Matte-Millesimatte-075-1000x1000px-150x150.png 150w, https:\/\/schaumweinkontor.com\/wp-content\/uploads\/2022\/11\/Vigne-Matte-Millesimatte-075-1000x1000px-768x768.png 768w, https:\/\/schaumweinkontor.com\/wp-content\/uploads\/2022\/11\/Vigne-Matte-Millesimatte-075-1000x1000px.png 1000w\" sizes=\"auto, (max-width: 300px) 100vw, 300px\" \/>\t\t\t\t\t\t\t\t\t<\/a>\n\t\t\t\t\t\t\t\t\t\t\t\t\t\t\t\t\t\t \t\t\t\t\t\t\t\t<\/div>\n\t\t\t\t\t\t\t\t<div class=\"image-tools top right show-on-hover\">\n\t\t\t\t\t\t\t\t\t\t\t\t\t\t\t\t\t<\/div>\n\t\t\t\t\t\t\t\t\t\t\t\t\t\t\t\t\t<div class=\"image-tools grid-tools text-center hide-for-small bottom hover-slide-in show-on-hover\">\n\t\t\t\t\t\t\t\t\t\t\t\t\t\t\t\t\t\t\t<\/div>\n\t\t\t\t\t\t\t\t\t\t\t\t\t\t\t\t\t\t\t\t\t\t\t<\/div>\n\n\t\t\t\t\t\t\t<div class=\"box-text text-center\" >\n\t\t\t\t\t\t\t\t<div class=\"title-wrapper\">\t\t<p class=\"category uppercase is-smaller no-text-overflow product-cat op-7\">\n\t\t\tVigne Matte DOCG\t\t<\/p>\n\t<p class=\"name product-title woocommerce-loop-product__title\"><a href=\"https:\/\/schaumweinkontor.com\/en\/produkt\/vigne-matte-prosecco-docg-millesimatte-extra-dry-2021-075-l\/\" class=\"woocommerce-LoopProduct-link woocommerce-loop-product__link\">Vigne Matte Prosecco DOCG \u2018MillesiMatte\u2019 Extra Dry 2021 0,75 L<\/a><\/p><\/div><div class=\"price-wrapper\">\n\t<span class=\"price\"><del aria-hidden=\"true\"><span class=\"woocommerce-Price-amount amount\" role=\"none\"><bdi><span class=\"woocommerce-Price-currencySymbol\">&euro;<\/span>&nbsp;15,40<\/bdi><\/span><\/del> <span class=\"screen-reader-text\">Original price was: &euro;&nbsp;15,40.<\/span><ins aria-hidden=\"true\"><span class=\"woocommerce-Price-amount amount\" role=\"none\"><bdi><span class=\"woocommerce-Price-currencySymbol\">&euro;<\/span>&nbsp;10,78<\/bdi><\/span><\/ins><span class=\"screen-reader-text\">Current price is: &euro;&nbsp;10,78.<\/span> <small class=\"woocommerce-price-suffix\">inkl. MwSt.<\/small><\/span>\n<\/div><div class=\"add-to-cart-button\"><a href=\"\/en\/wp-json\/wp\/v2\/pages\/4628?add-to-cart=4726\" aria-describedby=\"woocommerce_loop_add_to_cart_link_describedby_4726\" data-quantity=\"1\" class=\"primary is-small mb-0 button product_type_simple add_to_cart_button ajax_add_to_cart is-outline\" data-product_id=\"4726\" data-product_sku=\"100300298\" aria-label=\"Add to cart: &ldquo;Vigne Matte Prosecco DOCG \u2018MillesiMatte\u2019 Extra Dry 2021 0,75 L&rdquo;\" rel=\"nofollow\" data-success_message=\"&ldquo;Vigne Matte Prosecco DOCG \u2018MillesiMatte\u2019 Extra Dry 2021 0,75 L&rdquo; has been added to your cart\" role=\"button\">Add to cart<\/a><\/div>\t<span id=\"woocommerce_loop_add_to_cart_link_describedby_4726\" class=\"screen-reader-text\">\n\t\t\t<\/span>\n\t\t\t\t\t\t\t<\/div>\n\t\t\t\t\t\t<\/div>\n\t\t\t\t\t\t<\/div>\n\t\t\t\t\t<\/div><div class=\"col\" data-animate=\"fadeInUp\">\n\t\t\t\t\t\t<div class=\"col-inner\">\n\t\t\t\t\t\t\n<div class=\"badge-container badge-custom absolute right top z-1\">\n<div class=\"callout badge badge-circle\"><div class=\"badge-inner secondary on-sale\"><span class=\"onsale\">Sale!<\/span><\/div><\/div>\n<\/div>\n\t\t\t\t\t\t<div class=\"product-small box margin-auto has-hover box-normal box-text-bottom\">\n\t\t\t\t\t\t\t<div class=\"box-image\" >\n\t\t\t\t\t\t\t\t<div class=\"\" >\n\t\t\t\t\t\t\t\t\t<a href=\"https:\/\/schaumweinkontor.com\/en\/produkt\/vigne-matte-prosecco-docg-extra-brut-15-l-magnum\/\" aria-label=\"Vigne Matte Prosecco DOCG Extra Brut 1,5 L Magnum\">\n\t\t\t\t\t\t\t\t\t\t<img loading=\"lazy\" decoding=\"async\" width=\"300\" height=\"300\" src=\"https:\/\/schaumweinkontor.com\/wp-content\/uploads\/2022\/11\/Vigne-Matte-Extra-Brut-075-1000x1000px-300x300.png\" class=\"attachment-medium size-medium\" alt=\"Vigne Matte Prosecco DOCG Extra Brut 1,5 L Magnum\" srcset=\"https:\/\/schaumweinkontor.com\/wp-content\/uploads\/2022\/11\/Vigne-Matte-Extra-Brut-075-1000x1000px-300x300.png 300w, https:\/\/schaumweinkontor.com\/wp-content\/uploads\/2022\/11\/Vigne-Matte-Extra-Brut-075-1000x1000px-100x100.png 100w, https:\/\/schaumweinkontor.com\/wp-content\/uploads\/2022\/11\/Vigne-Matte-Extra-Brut-075-1000x1000px-510x509.png 510w, https:\/\/schaumweinkontor.com\/wp-content\/uploads\/2022\/11\/Vigne-Matte-Extra-Brut-075-1000x1000px-150x150.png 150w, https:\/\/schaumweinkontor.com\/wp-content\/uploads\/2022\/11\/Vigne-Matte-Extra-Brut-075-1000x1000px-768x767.png 768w, https:\/\/schaumweinkontor.com\/wp-content\/uploads\/2022\/11\/Vigne-Matte-Extra-Brut-075-1000x1000px.png 1001w\" sizes=\"auto, (max-width: 300px) 100vw, 300px\" \/>\t\t\t\t\t\t\t\t\t<\/a>\n\t\t\t\t\t\t\t\t\t\t\t\t\t\t\t\t\t\t \t\t\t\t\t\t\t\t<\/div>\n\t\t\t\t\t\t\t\t<div class=\"image-tools top right show-on-hover\">\n\t\t\t\t\t\t\t\t\t\t\t\t\t\t\t\t\t<\/div>\n\t\t\t\t\t\t\t\t\t\t\t\t\t\t\t\t\t<div class=\"image-tools grid-tools text-center hide-for-small bottom hover-slide-in show-on-hover\">\n\t\t\t\t\t\t\t\t\t\t\t\t\t\t\t\t\t\t\t<\/div>\n\t\t\t\t\t\t\t\t\t\t\t\t\t\t\t\t\t\t\t\t\t\t\t<\/div>\n\n\t\t\t\t\t\t\t<div class=\"box-text text-center\" >\n\t\t\t\t\t\t\t\t<div class=\"title-wrapper\">\t\t<p class=\"category uppercase is-smaller no-text-overflow product-cat op-7\">\n\t\t\tspecial formats\t\t<\/p>\n\t<p class=\"name product-title woocommerce-loop-product__title\"><a href=\"https:\/\/schaumweinkontor.com\/en\/produkt\/vigne-matte-prosecco-docg-extra-brut-15-l-magnum\/\" class=\"woocommerce-LoopProduct-link woocommerce-loop-product__link\">Vigne Matte Prosecco DOCG Extra Brut 1,5 L Magnum<\/a><\/p><\/div><div class=\"price-wrapper\">\n\t<span class=\"price\"><del aria-hidden=\"true\"><span class=\"woocommerce-Price-amount amount\" role=\"none\"><bdi><span class=\"woocommerce-Price-currencySymbol\">&euro;<\/span>&nbsp;33,00<\/bdi><\/span><\/del> <span class=\"screen-reader-text\">Original price was: &euro;&nbsp;33,00.<\/span><ins aria-hidden=\"true\"><span class=\"woocommerce-Price-amount amount\" role=\"none\"><bdi><span class=\"woocommerce-Price-currencySymbol\">&euro;<\/span>&nbsp;23,10<\/bdi><\/span><\/ins><span class=\"screen-reader-text\">Current price is: &euro;&nbsp;23,10.<\/span> <small class=\"woocommerce-price-suffix\">inkl. MwSt.<\/small><\/span>\n<\/div><div class=\"add-to-cart-button\"><a href=\"\/en\/wp-json\/wp\/v2\/pages\/4628?add-to-cart=4672\" aria-describedby=\"woocommerce_loop_add_to_cart_link_describedby_4672\" data-quantity=\"1\" class=\"primary is-small mb-0 button product_type_simple add_to_cart_button ajax_add_to_cart is-outline\" data-product_id=\"4672\" data-product_sku=\"100300299\" aria-label=\"Add to cart: &ldquo;Vigne Matte Prosecco DOCG Extra Brut 1,5 L Magnum&rdquo;\" rel=\"nofollow\" data-success_message=\"&ldquo;Vigne Matte Prosecco DOCG Extra Brut 1,5 L Magnum&rdquo; has been added to your cart\" role=\"button\">Add to cart<\/a><\/div>\t<span id=\"woocommerce_loop_add_to_cart_link_describedby_4672\" class=\"screen-reader-text\">\n\t\t\t<\/span>\n\t\t\t\t\t\t\t<\/div>\n\t\t\t\t\t\t<\/div>\n\t\t\t\t\t\t<\/div>\n\t\t\t\t\t<\/div><\/div>\n\n\n\t\t<\/div>\n\t\t\t\t\t<\/div>\n\n\t\n\n\n<style>\n#row-1725530685 > .col > .col-inner {\n  padding: 15px 0px 0px 0px;\n}\n<\/style>\n<\/div>\n<div class=\"text-center\"><div class=\"is-divider divider clearfix\" style=\"margin-top:3em;margin-bottom:3em;max-width:100%;height:2px;background-color:rgba(183, 149, 73, 0.419);\"><\/div><\/div>\n\n\t<section class=\"section bg_winzer hide-for-medium\" id=\"section_486775828\">\n\t\t<div class=\"bg section-bg fill bg-fill  \" >\n\n\t\t\t\n\t\t\t\n\t\t\t\n\n\t\t<\/div>\n\n\t\t\n\n\t\t<div class=\"section-content relative\">\n\t\t\t\n\n<div class=\"row align-middle align-center\"  id=\"row-1818728523\">\n\n\n\t<div id=\"col-1930980072\" class=\"col small-12 large-12\"  >\n\t\t\t\t<div class=\"col-inner\"  >\n\t\t\t\n\t\t\t\n\n<div id=\"varaschin\">\n<h2 class=\"uppercase\" style=\"text-align: center;\">VARASCHIN DOCG<\/h2>\n<\/div>\n\n\t\t<\/div>\n\t\t\t\t\t<\/div>\n\n\t\n\n\n<style>\n#row-1818728523 > .col > .col-inner {\n  padding: 15px 0px 0px 0px;\n}\n<\/style>\n<\/div>\n\n\t\t<\/div>\n\n\t\t\n<style>\n#section_486775828 {\n  padding-top: 20px;\n  padding-bottom: 20px;\n  margin-bottom: 30px;\n}\n#section_486775828 .section-bg.bg-loaded {\n  background-image: url(https:\/\/schaumweinkontor.com\/wp-content\/uploads\/2022\/06\/landscape-illu-gold-transp.png);\n}\n<\/style>\n\t<\/section>\n\t\n<div class=\"row row-full-width align-middle align-center\"  id=\"row-1354285941\">\n\n\n\t<div id=\"col-1959621388\" class=\"col small-12 large-12\"  >\n\t\t\t\t<div class=\"col-inner\"  >\n\t\t\t\n\t\t\t\n\n\n  \n    <div class=\"row margin-auto equalize-box large-columns-3 medium-columns- small-columns-2 row-large has-shadow row-box-shadow-2 row-box-shadow-4-hover\" >\n  \t\n\t     <div class=\"col\" data-animate=\"fadeInUp\">\n\t\t\t\t\t\t<div class=\"col-inner\">\n\t\t\t\t\t\t\n<div class=\"badge-container badge-custom absolute right top z-1\">\n\n<\/div>\n\t\t\t\t\t\t<div class=\"product-small box margin-auto has-hover box-normal box-text-bottom\">\n\t\t\t\t\t\t\t<div class=\"box-image\" >\n\t\t\t\t\t\t\t\t<div class=\"\" >\n\t\t\t\t\t\t\t\t\t<a href=\"https:\/\/schaumweinkontor.com\/en\/produkt\/varaschin-strada-chiesa-prosecco-docg-extra-dry-075-l\/\" aria-label=\"Varaschin Strada Chiesa Prosecco DOCG Extra Dry 0,75 L\">\n\t\t\t\t\t\t\t\t\t\t<img loading=\"lazy\" decoding=\"async\" width=\"300\" height=\"300\" src=\"https:\/\/schaumweinkontor.com\/wp-content\/uploads\/2023\/08\/Varaschin-Strada-Chiesa-Prosecco-300x300.png\" class=\"attachment-medium size-medium\" alt=\"Varaschin Strada Chiesa Prosecco DOCG Extra Dry 0,75 L\" srcset=\"https:\/\/schaumweinkontor.com\/wp-content\/uploads\/2023\/08\/Varaschin-Strada-Chiesa-Prosecco-300x300.png 300w, https:\/\/schaumweinkontor.com\/wp-content\/uploads\/2023\/08\/Varaschin-Strada-Chiesa-Prosecco-100x100.png 100w, https:\/\/schaumweinkontor.com\/wp-content\/uploads\/2023\/08\/Varaschin-Strada-Chiesa-Prosecco-510x510.png 510w, https:\/\/schaumweinkontor.com\/wp-content\/uploads\/2023\/08\/Varaschin-Strada-Chiesa-Prosecco-150x150.png 150w, https:\/\/schaumweinkontor.com\/wp-content\/uploads\/2023\/08\/Varaschin-Strada-Chiesa-Prosecco-768x768.png 768w, https:\/\/schaumweinkontor.com\/wp-content\/uploads\/2023\/08\/Varaschin-Strada-Chiesa-Prosecco.png 1000w\" sizes=\"auto, (max-width: 300px) 100vw, 300px\" \/>\t\t\t\t\t\t\t\t\t<\/a>\n\t\t\t\t\t\t\t\t\t\t\t\t\t\t\t\t\t\t \t\t\t\t\t\t\t\t<\/div>\n\t\t\t\t\t\t\t\t<div class=\"image-tools top right show-on-hover\">\n\t\t\t\t\t\t\t\t\t\t\t\t\t\t\t\t\t<\/div>\n\t\t\t\t\t\t\t\t\t\t\t\t\t\t\t\t\t<div class=\"image-tools grid-tools text-center hide-for-small bottom hover-slide-in show-on-hover\">\n\t\t\t\t\t\t\t\t\t\t\t\t\t\t\t\t\t\t\t<\/div>\n\t\t\t\t\t\t\t\t\t\t\t\t\t\t\t\t\t\t\t\t\t\t\t<\/div>\n\n\t\t\t\t\t\t\t<div class=\"box-text text-center\" >\n\t\t\t\t\t\t\t\t<div class=\"title-wrapper\">\t\t<p class=\"category uppercase is-smaller no-text-overflow product-cat op-7\">\n\t\t\tVaraschin DOCG\t\t<\/p>\n\t<p class=\"name product-title woocommerce-loop-product__title\"><a href=\"https:\/\/schaumweinkontor.com\/en\/produkt\/varaschin-strada-chiesa-prosecco-docg-extra-dry-075-l\/\" class=\"woocommerce-LoopProduct-link woocommerce-loop-product__link\">Varaschin Strada Chiesa Prosecco DOCG Extra Dry 0,75 L<\/a><\/p><\/div><div class=\"price-wrapper\">\n\t<span class=\"price\"><span class=\"woocommerce-Price-amount amount\" role=\"none\"><bdi><span class=\"woocommerce-Price-currencySymbol\">&euro;<\/span>&nbsp;11,80<\/bdi><\/span> <small class=\"woocommerce-price-suffix\">inkl. MwSt.<\/small><\/span>\n<\/div><div class=\"add-to-cart-button\"><a href=\"\/en\/wp-json\/wp\/v2\/pages\/4628?add-to-cart=4661\" aria-describedby=\"woocommerce_loop_add_to_cart_link_describedby_4661\" data-quantity=\"1\" class=\"primary is-small mb-0 button product_type_simple add_to_cart_button ajax_add_to_cart is-outline\" data-product_id=\"4661\" data-product_sku=\"100300361\" aria-label=\"Add to cart: &ldquo;Varaschin Strada Chiesa Prosecco DOCG Extra Dry 0,75 L&rdquo;\" rel=\"nofollow\" data-success_message=\"&ldquo;Varaschin Strada Chiesa Prosecco DOCG Extra Dry 0,75 L&rdquo; has been added to your cart\" role=\"button\">Add to cart<\/a><\/div>\t<span id=\"woocommerce_loop_add_to_cart_link_describedby_4661\" class=\"screen-reader-text\">\n\t\t\t<\/span>\n\t\t\t\t\t\t\t<\/div>\n\t\t\t\t\t\t<\/div>\n\t\t\t\t\t\t<\/div>\n\t\t\t\t\t<\/div><div class=\"col\" data-animate=\"fadeInUp\">\n\t\t\t\t\t\t<div class=\"col-inner\">\n\t\t\t\t\t\t\n<div class=\"badge-container badge-custom absolute right top z-1\">\n\n<\/div>\n\t\t\t\t\t\t<div class=\"product-small box margin-auto has-hover box-normal box-text-bottom\">\n\t\t\t\t\t\t\t<div class=\"box-image\" >\n\t\t\t\t\t\t\t\t<div class=\"\" >\n\t\t\t\t\t\t\t\t\t<a href=\"https:\/\/schaumweinkontor.com\/en\/produkt\/varaschin-relui-prosecco-docg-extra-brut-075-l\/\" aria-label=\"Varaschin Relui Prosecco DOCG Extra Brut 0,75 L\">\n\t\t\t\t\t\t\t\t\t\t<img loading=\"lazy\" decoding=\"async\" width=\"300\" height=\"300\" src=\"https:\/\/schaumweinkontor.com\/wp-content\/uploads\/2024\/04\/Varaschin-Relui-300x300.png\" class=\"attachment-medium size-medium\" alt=\"Varaschin Relui Prosecco DOCG Extra Brut \" srcset=\"https:\/\/schaumweinkontor.com\/wp-content\/uploads\/2024\/04\/Varaschin-Relui-300x300.png 300w, https:\/\/schaumweinkontor.com\/wp-content\/uploads\/2024\/04\/Varaschin-Relui-100x100.png 100w, https:\/\/schaumweinkontor.com\/wp-content\/uploads\/2024\/04\/Varaschin-Relui-510x510.png 510w, https:\/\/schaumweinkontor.com\/wp-content\/uploads\/2024\/04\/Varaschin-Relui-150x150.png 150w, https:\/\/schaumweinkontor.com\/wp-content\/uploads\/2024\/04\/Varaschin-Relui-768x768.png 768w, https:\/\/schaumweinkontor.com\/wp-content\/uploads\/2024\/04\/Varaschin-Relui.png 1000w\" sizes=\"auto, (max-width: 300px) 100vw, 300px\" \/>\t\t\t\t\t\t\t\t\t<\/a>\n\t\t\t\t\t\t\t\t\t\t\t\t\t\t\t\t\t\t \t\t\t\t\t\t\t\t<\/div>\n\t\t\t\t\t\t\t\t<div class=\"image-tools top right show-on-hover\">\n\t\t\t\t\t\t\t\t\t\t\t\t\t\t\t\t\t<\/div>\n\t\t\t\t\t\t\t\t\t\t\t\t\t\t\t\t\t<div class=\"image-tools grid-tools text-center hide-for-small bottom hover-slide-in show-on-hover\">\n\t\t\t\t\t\t\t\t\t\t\t\t\t\t\t\t\t\t\t<\/div>\n\t\t\t\t\t\t\t\t\t\t\t\t\t\t\t\t\t\t\t\t\t\t\t<\/div>\n\n\t\t\t\t\t\t\t<div class=\"box-text text-center\" >\n\t\t\t\t\t\t\t\t<div class=\"title-wrapper\">\t\t<p class=\"category uppercase is-smaller no-text-overflow product-cat op-7\">\n\t\t\tVaraschin DOCG\t\t<\/p>\n\t<p class=\"name product-title woocommerce-loop-product__title\"><a href=\"https:\/\/schaumweinkontor.com\/en\/produkt\/varaschin-relui-prosecco-docg-extra-brut-075-l\/\" class=\"woocommerce-LoopProduct-link woocommerce-loop-product__link\">Varaschin Relui Prosecco DOCG Extra Brut 0,75 L<\/a><\/p><\/div><div class=\"price-wrapper\">\n\t<span class=\"price\"><span class=\"woocommerce-Price-amount amount\" role=\"none\"><bdi><span class=\"woocommerce-Price-currencySymbol\">&euro;<\/span>&nbsp;11,80<\/bdi><\/span> <small class=\"woocommerce-price-suffix\">inkl. MwSt.<\/small><\/span>\n<\/div><div class=\"add-to-cart-button\"><a href=\"\/en\/wp-json\/wp\/v2\/pages\/4628?add-to-cart=5261\" aria-describedby=\"woocommerce_loop_add_to_cart_link_describedby_5261\" data-quantity=\"1\" class=\"primary is-small mb-0 button product_type_simple add_to_cart_button ajax_add_to_cart is-outline\" data-product_id=\"5261\" data-product_sku=\"100300362\" aria-label=\"Add to cart: &ldquo;Varaschin Relui Prosecco DOCG Extra Brut 0,75 L&rdquo;\" rel=\"nofollow\" data-success_message=\"&ldquo;Varaschin Relui Prosecco DOCG Extra Brut 0,75 L&rdquo; has been added to your cart\" role=\"button\">Add to cart<\/a><\/div>\t<span id=\"woocommerce_loop_add_to_cart_link_describedby_5261\" class=\"screen-reader-text\">\n\t\t\t<\/span>\n\t\t\t\t\t\t\t<\/div>\n\t\t\t\t\t\t<\/div>\n\t\t\t\t\t\t<\/div>\n\t\t\t\t\t<\/div><div class=\"col\" data-animate=\"fadeInUp\">\n\t\t\t\t\t\t<div class=\"col-inner\">\n\t\t\t\t\t\t\n<div class=\"badge-container badge-custom absolute right top z-1\">\n\n<\/div>\n\t\t\t\t\t\t<div class=\"product-small box margin-auto has-hover box-normal box-text-bottom\">\n\t\t\t\t\t\t\t<div class=\"box-image\" >\n\t\t\t\t\t\t\t\t<div class=\"\" >\n\t\t\t\t\t\t\t\t\t<a href=\"https:\/\/schaumweinkontor.com\/en\/produkt\/varaschin-relui-prosecco-docg-extra-brut-075-l-copy\/\" aria-label=\"Varaschin 1930 Prosecco DOCG Brut 0,75 L\">\n\t\t\t\t\t\t\t\t\t\t<img loading=\"lazy\" decoding=\"async\" width=\"300\" height=\"300\" src=\"https:\/\/schaumweinkontor.com\/wp-content\/uploads\/2024\/04\/Varaschin-1930-300x300.png\" class=\"attachment-medium size-medium\" alt=\"Varaschin 1930 Prosecco DOCG Brut 0,75 L\" srcset=\"https:\/\/schaumweinkontor.com\/wp-content\/uploads\/2024\/04\/Varaschin-1930-300x300.png 300w, https:\/\/schaumweinkontor.com\/wp-content\/uploads\/2024\/04\/Varaschin-1930-100x100.png 100w, https:\/\/schaumweinkontor.com\/wp-content\/uploads\/2024\/04\/Varaschin-1930-510x510.png 510w, https:\/\/schaumweinkontor.com\/wp-content\/uploads\/2024\/04\/Varaschin-1930-150x150.png 150w, https:\/\/schaumweinkontor.com\/wp-content\/uploads\/2024\/04\/Varaschin-1930-768x768.png 768w, https:\/\/schaumweinkontor.com\/wp-content\/uploads\/2024\/04\/Varaschin-1930.png 1000w\" sizes=\"auto, (max-width: 300px) 100vw, 300px\" \/>\t\t\t\t\t\t\t\t\t<\/a>\n\t\t\t\t\t\t\t\t\t\t\t\t\t\t\t\t\t\t \t\t\t\t\t\t\t\t<\/div>\n\t\t\t\t\t\t\t\t<div class=\"image-tools top right show-on-hover\">\n\t\t\t\t\t\t\t\t\t\t\t\t\t\t\t\t\t<\/div>\n\t\t\t\t\t\t\t\t\t\t\t\t\t\t\t\t\t<div class=\"image-tools grid-tools text-center hide-for-small bottom hover-slide-in show-on-hover\">\n\t\t\t\t\t\t\t\t\t\t\t\t\t\t\t\t\t\t\t<\/div>\n\t\t\t\t\t\t\t\t\t\t\t\t\t\t\t\t\t\t\t\t\t\t\t<\/div>\n\n\t\t\t\t\t\t\t<div class=\"box-text text-center\" >\n\t\t\t\t\t\t\t\t<div class=\"title-wrapper\">\t\t<p class=\"category uppercase is-smaller no-text-overflow product-cat op-7\">\n\t\t\tVaraschin DOCG\t\t<\/p>\n\t<p class=\"name product-title woocommerce-loop-product__title\"><a href=\"https:\/\/schaumweinkontor.com\/en\/produkt\/varaschin-relui-prosecco-docg-extra-brut-075-l-copy\/\" class=\"woocommerce-LoopProduct-link woocommerce-loop-product__link\">Varaschin 1930 Prosecco DOCG Brut 0,75 L<\/a><\/p><\/div><div class=\"price-wrapper\">\n\t<span class=\"price\"><span class=\"woocommerce-Price-amount amount\" role=\"none\"><bdi><span class=\"woocommerce-Price-currencySymbol\">&euro;<\/span>&nbsp;11,80<\/bdi><\/span> <small class=\"woocommerce-price-suffix\">inkl. MwSt.<\/small><\/span>\n<\/div><div class=\"add-to-cart-button\"><a href=\"\/en\/wp-json\/wp\/v2\/pages\/4628?add-to-cart=5263\" aria-describedby=\"woocommerce_loop_add_to_cart_link_describedby_5263\" data-quantity=\"1\" class=\"primary is-small mb-0 button product_type_simple add_to_cart_button ajax_add_to_cart is-outline\" data-product_id=\"5263\" data-product_sku=\"100300363\" aria-label=\"Add to cart: &ldquo;Varaschin 1930 Prosecco DOCG Brut 0,75 L&rdquo;\" rel=\"nofollow\" data-success_message=\"&ldquo;Varaschin 1930 Prosecco DOCG Brut 0,75 L&rdquo; has been added to your cart\" role=\"button\">Add to cart<\/a><\/div>\t<span id=\"woocommerce_loop_add_to_cart_link_describedby_5263\" class=\"screen-reader-text\">\n\t\t\t<\/span>\n\t\t\t\t\t\t\t<\/div>\n\t\t\t\t\t\t<\/div>\n\t\t\t\t\t\t<\/div>\n\t\t\t\t\t<\/div><div class=\"col\" data-animate=\"fadeInUp\">\n\t\t\t\t\t\t<div class=\"col-inner\">\n\t\t\t\t\t\t\n<div class=\"badge-container badge-custom absolute right top z-1\">\n\n<\/div>\n\t\t\t\t\t\t<div class=\"product-small box margin-auto has-hover box-normal box-text-bottom\">\n\t\t\t\t\t\t\t<div class=\"box-image\" >\n\t\t\t\t\t\t\t\t<div class=\"\" >\n\t\t\t\t\t\t\t\t\t<a href=\"https:\/\/schaumweinkontor.com\/en\/produkt\/varaschin-1930-prosecco-docg-brut-075-l-copy\/\" aria-label=\"Varaschin Brunoro Rive s.Pietro Prosecco DOCG Brut Mille 0,75 L\">\n\t\t\t\t\t\t\t\t\t\t<img loading=\"lazy\" decoding=\"async\" width=\"300\" height=\"300\" src=\"https:\/\/schaumweinkontor.com\/wp-content\/uploads\/2024\/04\/Varaschin-Brunoro-300x300.png\" class=\"attachment-medium size-medium\" alt=\"Varaschin Brunoro Rive s.Pietro Prosecco DOCG Brut Mille 0,75 L\" srcset=\"https:\/\/schaumweinkontor.com\/wp-content\/uploads\/2024\/04\/Varaschin-Brunoro-300x300.png 300w, https:\/\/schaumweinkontor.com\/wp-content\/uploads\/2024\/04\/Varaschin-Brunoro-100x100.png 100w, https:\/\/schaumweinkontor.com\/wp-content\/uploads\/2024\/04\/Varaschin-Brunoro-510x510.png 510w, https:\/\/schaumweinkontor.com\/wp-content\/uploads\/2024\/04\/Varaschin-Brunoro-150x150.png 150w, https:\/\/schaumweinkontor.com\/wp-content\/uploads\/2024\/04\/Varaschin-Brunoro-768x768.png 768w, https:\/\/schaumweinkontor.com\/wp-content\/uploads\/2024\/04\/Varaschin-Brunoro.png 1000w\" sizes=\"auto, (max-width: 300px) 100vw, 300px\" \/>\t\t\t\t\t\t\t\t\t<\/a>\n\t\t\t\t\t\t\t\t\t\t\t\t\t\t\t\t\t\t \t\t\t\t\t\t\t\t<\/div>\n\t\t\t\t\t\t\t\t<div class=\"image-tools top right show-on-hover\">\n\t\t\t\t\t\t\t\t\t\t\t\t\t\t\t\t\t<\/div>\n\t\t\t\t\t\t\t\t\t\t\t\t\t\t\t\t\t<div class=\"image-tools grid-tools text-center hide-for-small bottom hover-slide-in show-on-hover\">\n\t\t\t\t\t\t\t\t\t\t\t\t\t\t\t\t\t\t\t<\/div>\n\t\t\t\t\t\t\t\t\t\t\t\t\t\t\t\t\t\t\t\t\t\t\t<\/div>\n\n\t\t\t\t\t\t\t<div class=\"box-text text-center\" >\n\t\t\t\t\t\t\t\t<div class=\"title-wrapper\">\t\t<p class=\"category uppercase is-smaller no-text-overflow product-cat op-7\">\n\t\t\tVaraschin DOCG\t\t<\/p>\n\t<p class=\"name product-title woocommerce-loop-product__title\"><a href=\"https:\/\/schaumweinkontor.com\/en\/produkt\/varaschin-1930-prosecco-docg-brut-075-l-copy\/\" class=\"woocommerce-LoopProduct-link woocommerce-loop-product__link\">Varaschin Brunoro Rive s.Pietro Prosecco DOCG Brut Mille 0,75 L<\/a><\/p><\/div><div class=\"price-wrapper\">\n\t<span class=\"price\"><span class=\"woocommerce-Price-amount amount\" role=\"none\"><bdi><span class=\"woocommerce-Price-currencySymbol\">&euro;<\/span>&nbsp;12,70<\/bdi><\/span> <small class=\"woocommerce-price-suffix\">inkl. MwSt.<\/small><\/span>\n<\/div><div class=\"add-to-cart-button\"><a href=\"\/en\/wp-json\/wp\/v2\/pages\/4628?add-to-cart=5266\" aria-describedby=\"woocommerce_loop_add_to_cart_link_describedby_5266\" data-quantity=\"1\" class=\"primary is-small mb-0 button product_type_simple add_to_cart_button ajax_add_to_cart is-outline\" data-product_id=\"5266\" data-product_sku=\"100300364\" aria-label=\"Add to cart: &ldquo;Varaschin Brunoro Rive s.Pietro Prosecco DOCG Brut Mille 0,75 L&rdquo;\" rel=\"nofollow\" data-success_message=\"&ldquo;Varaschin Brunoro Rive s.Pietro Prosecco DOCG Brut Mille 0,75 L&rdquo; has been added to your cart\" role=\"button\">Add to cart<\/a><\/div>\t<span id=\"woocommerce_loop_add_to_cart_link_describedby_5266\" class=\"screen-reader-text\">\n\t\t\t<\/span>\n\t\t\t\t\t\t\t<\/div>\n\t\t\t\t\t\t<\/div>\n\t\t\t\t\t\t<\/div>\n\t\t\t\t\t<\/div><div class=\"col\" data-animate=\"fadeInUp\">\n\t\t\t\t\t\t<div class=\"col-inner\">\n\t\t\t\t\t\t\n<div class=\"badge-container badge-custom absolute right top z-1\">\n\n<\/div>\n\t\t\t\t\t\t<div class=\"product-small box margin-auto has-hover box-normal box-text-bottom\">\n\t\t\t\t\t\t\t<div class=\"box-image\" >\n\t\t\t\t\t\t\t\t<div class=\"\" >\n\t\t\t\t\t\t\t\t\t<a href=\"https:\/\/schaumweinkontor.com\/en\/produkt\/varaschin-strada-chiesa-prosecco-docg-extra-dry-15-l\/\" aria-label=\"Varaschin Strada Chiesa Prosecco DOCG Extra Dry 1,5 L\">\n\t\t\t\t\t\t\t\t\t\t<img loading=\"lazy\" decoding=\"async\" width=\"300\" height=\"300\" src=\"https:\/\/schaumweinkontor.com\/wp-content\/uploads\/2023\/08\/Varaschin-Strada-Chiesa-Prosecco-300x300.png\" class=\"attachment-medium size-medium\" alt=\"Varaschin Strada Chiesa Prosecco DOCG Extra Dry 1,5 L\" srcset=\"https:\/\/schaumweinkontor.com\/wp-content\/uploads\/2023\/08\/Varaschin-Strada-Chiesa-Prosecco-300x300.png 300w, https:\/\/schaumweinkontor.com\/wp-content\/uploads\/2023\/08\/Varaschin-Strada-Chiesa-Prosecco-100x100.png 100w, https:\/\/schaumweinkontor.com\/wp-content\/uploads\/2023\/08\/Varaschin-Strada-Chiesa-Prosecco-510x510.png 510w, https:\/\/schaumweinkontor.com\/wp-content\/uploads\/2023\/08\/Varaschin-Strada-Chiesa-Prosecco-150x150.png 150w, https:\/\/schaumweinkontor.com\/wp-content\/uploads\/2023\/08\/Varaschin-Strada-Chiesa-Prosecco-768x768.png 768w, https:\/\/schaumweinkontor.com\/wp-content\/uploads\/2023\/08\/Varaschin-Strada-Chiesa-Prosecco.png 1000w\" sizes=\"auto, (max-width: 300px) 100vw, 300px\" \/>\t\t\t\t\t\t\t\t\t<\/a>\n\t\t\t\t\t\t\t\t\t\t\t\t\t\t\t\t\t\t \t\t\t\t\t\t\t\t<\/div>\n\t\t\t\t\t\t\t\t<div class=\"image-tools top right show-on-hover\">\n\t\t\t\t\t\t\t\t\t\t\t\t\t\t\t\t\t<\/div>\n\t\t\t\t\t\t\t\t\t\t\t\t\t\t\t\t\t<div class=\"image-tools grid-tools text-center hide-for-small bottom hover-slide-in show-on-hover\">\n\t\t\t\t\t\t\t\t\t\t\t\t\t\t\t\t\t\t\t<\/div>\n\t\t\t\t\t\t\t\t\t\t\t\t\t\t\t\t\t\t\t\t\t\t\t<\/div>\n\n\t\t\t\t\t\t\t<div class=\"box-text text-center\" >\n\t\t\t\t\t\t\t\t<div class=\"title-wrapper\">\t\t<p class=\"category uppercase is-smaller no-text-overflow product-cat op-7\">\n\t\t\tVaraschin DOCG\t\t<\/p>\n\t<p class=\"name product-title woocommerce-loop-product__title\"><a href=\"https:\/\/schaumweinkontor.com\/en\/produkt\/varaschin-strada-chiesa-prosecco-docg-extra-dry-15-l\/\" class=\"woocommerce-LoopProduct-link woocommerce-loop-product__link\">Varaschin Strada Chiesa Prosecco DOCG Extra Dry 1,5 L<\/a><\/p><\/div><div class=\"price-wrapper\">\n\t<span class=\"price\"><span class=\"woocommerce-Price-amount amount\" role=\"none\"><bdi><span class=\"woocommerce-Price-currencySymbol\">&euro;<\/span>&nbsp;27,50<\/bdi><\/span> <small class=\"woocommerce-price-suffix\">inkl. MwSt.<\/small><\/span>\n<\/div><div class=\"add-to-cart-button\"><a href=\"\/en\/wp-json\/wp\/v2\/pages\/4628?add-to-cart=4656\" aria-describedby=\"woocommerce_loop_add_to_cart_link_describedby_4656\" data-quantity=\"1\" class=\"primary is-small mb-0 button product_type_simple add_to_cart_button ajax_add_to_cart is-outline\" data-product_id=\"4656\" data-product_sku=\"100300365\" aria-label=\"Add to cart: &ldquo;Varaschin Strada Chiesa Prosecco DOCG Extra Dry 1,5 L&rdquo;\" rel=\"nofollow\" data-success_message=\"&ldquo;Varaschin Strada Chiesa Prosecco DOCG Extra Dry 1,5 L&rdquo; has been added to your cart\" role=\"button\">Add to cart<\/a><\/div>\t<span id=\"woocommerce_loop_add_to_cart_link_describedby_4656\" class=\"screen-reader-text\">\n\t\t\t<\/span>\n\t\t\t\t\t\t\t<\/div>\n\t\t\t\t\t\t<\/div>\n\t\t\t\t\t\t<\/div>\n\t\t\t\t\t<\/div><div class=\"col\" data-animate=\"fadeInUp\">\n\t\t\t\t\t\t<div class=\"col-inner\">\n\t\t\t\t\t\t\n<div class=\"badge-container badge-custom absolute right top z-1\">\n\n<\/div>\n\t\t\t\t\t\t<div class=\"product-small box margin-auto has-hover box-normal box-text-bottom\">\n\t\t\t\t\t\t\t<div class=\"box-image\" >\n\t\t\t\t\t\t\t\t<div class=\"\" >\n\t\t\t\t\t\t\t\t\t<a href=\"https:\/\/schaumweinkontor.com\/en\/produkt\/varaschin-strada-chiesa-prosecco-docg-extra-dry-15-l-copy\/\" aria-label=\"Varaschin Strada Chiesa Prosecco DOCG Extra Dry 3 L\">\n\t\t\t\t\t\t\t\t\t\t<img loading=\"lazy\" decoding=\"async\" width=\"300\" height=\"300\" src=\"https:\/\/schaumweinkontor.com\/wp-content\/uploads\/2023\/08\/Varaschin-Strada-Chiesa-Prosecco-300x300.png\" class=\"attachment-medium size-medium\" alt=\"Varaschin Strada Chiesa Prosecco DOCG Extra Dry 3 L\" srcset=\"https:\/\/schaumweinkontor.com\/wp-content\/uploads\/2023\/08\/Varaschin-Strada-Chiesa-Prosecco-300x300.png 300w, https:\/\/schaumweinkontor.com\/wp-content\/uploads\/2023\/08\/Varaschin-Strada-Chiesa-Prosecco-100x100.png 100w, https:\/\/schaumweinkontor.com\/wp-content\/uploads\/2023\/08\/Varaschin-Strada-Chiesa-Prosecco-510x510.png 510w, https:\/\/schaumweinkontor.com\/wp-content\/uploads\/2023\/08\/Varaschin-Strada-Chiesa-Prosecco-150x150.png 150w, https:\/\/schaumweinkontor.com\/wp-content\/uploads\/2023\/08\/Varaschin-Strada-Chiesa-Prosecco-768x768.png 768w, https:\/\/schaumweinkontor.com\/wp-content\/uploads\/2023\/08\/Varaschin-Strada-Chiesa-Prosecco.png 1000w\" sizes=\"auto, (max-width: 300px) 100vw, 300px\" \/>\t\t\t\t\t\t\t\t\t<\/a>\n\t\t\t\t\t\t\t\t\t\t\t\t\t\t\t\t\t\t \t\t\t\t\t\t\t\t<\/div>\n\t\t\t\t\t\t\t\t<div class=\"image-tools top right show-on-hover\">\n\t\t\t\t\t\t\t\t\t\t\t\t\t\t\t\t\t<\/div>\n\t\t\t\t\t\t\t\t\t\t\t\t\t\t\t\t\t<div class=\"image-tools grid-tools text-center hide-for-small bottom hover-slide-in show-on-hover\">\n\t\t\t\t\t\t\t\t\t\t\t\t\t\t\t\t\t\t\t<\/div>\n\t\t\t\t\t\t\t\t\t\t\t\t\t\t\t\t\t\t\t\t\t\t\t<\/div>\n\n\t\t\t\t\t\t\t<div class=\"box-text text-center\" >\n\t\t\t\t\t\t\t\t<div class=\"title-wrapper\">\t\t<p class=\"category uppercase is-smaller no-text-overflow product-cat op-7\">\n\t\t\tVaraschin DOCG\t\t<\/p>\n\t<p class=\"name product-title woocommerce-loop-product__title\"><a href=\"https:\/\/schaumweinkontor.com\/en\/produkt\/varaschin-strada-chiesa-prosecco-docg-extra-dry-15-l-copy\/\" class=\"woocommerce-LoopProduct-link woocommerce-loop-product__link\">Varaschin Strada Chiesa Prosecco DOCG Extra Dry 3 L<\/a><\/p><\/div><div class=\"price-wrapper\">\n\t<span class=\"price\"><span class=\"woocommerce-Price-amount amount\" role=\"none\"><bdi><span class=\"woocommerce-Price-currencySymbol\">&euro;<\/span>&nbsp;135,00<\/bdi><\/span> <small class=\"woocommerce-price-suffix\">inkl. MwSt.<\/small><\/span>\n<\/div><div class=\"add-to-cart-button\"><a href=\"\/en\/wp-json\/wp\/v2\/pages\/4628?add-to-cart=5251\" aria-describedby=\"woocommerce_loop_add_to_cart_link_describedby_5251\" data-quantity=\"1\" class=\"primary is-small mb-0 button product_type_simple add_to_cart_button ajax_add_to_cart is-outline\" data-product_id=\"5251\" data-product_sku=\"100300366\" aria-label=\"Add to cart: &ldquo;Varaschin Strada Chiesa Prosecco DOCG Extra Dry 3 L&rdquo;\" rel=\"nofollow\" data-success_message=\"&ldquo;Varaschin Strada Chiesa Prosecco DOCG Extra Dry 3 L&rdquo; has been added to your cart\" role=\"button\">Add to cart<\/a><\/div>\t<span id=\"woocommerce_loop_add_to_cart_link_describedby_5251\" class=\"screen-reader-text\">\n\t\t\t<\/span>\n\t\t\t\t\t\t\t<\/div>\n\t\t\t\t\t\t<\/div>\n\t\t\t\t\t\t<\/div>\n\t\t\t\t\t<\/div><div class=\"col\" data-animate=\"fadeInUp\">\n\t\t\t\t\t\t<div class=\"col-inner\">\n\t\t\t\t\t\t\n<div class=\"badge-container badge-custom absolute right top z-1\">\n\n<\/div>\n\t\t\t\t\t\t<div class=\"product-small box margin-auto has-hover box-normal box-text-bottom\">\n\t\t\t\t\t\t\t<div class=\"box-image\" >\n\t\t\t\t\t\t\t\t<div class=\"\" >\n\t\t\t\t\t\t\t\t\t<a href=\"https:\/\/schaumweinkontor.com\/en\/produkt\/varaschin-strada-chiesa-prosecco-docg-extra-dry-3-l-copy\/\" aria-label=\"Varaschin Strada Chiesa Prosecco DOCG Extra Dry 6 L\">\n\t\t\t\t\t\t\t\t\t\t<img loading=\"lazy\" decoding=\"async\" width=\"300\" height=\"300\" src=\"https:\/\/schaumweinkontor.com\/wp-content\/uploads\/2023\/08\/Varaschin-Strada-Chiesa-Prosecco-300x300.png\" class=\"attachment-medium size-medium\" alt=\"Varaschin Strada Chiesa Prosecco DOCG Extra Dry 6 L\" srcset=\"https:\/\/schaumweinkontor.com\/wp-content\/uploads\/2023\/08\/Varaschin-Strada-Chiesa-Prosecco-300x300.png 300w, https:\/\/schaumweinkontor.com\/wp-content\/uploads\/2023\/08\/Varaschin-Strada-Chiesa-Prosecco-100x100.png 100w, https:\/\/schaumweinkontor.com\/wp-content\/uploads\/2023\/08\/Varaschin-Strada-Chiesa-Prosecco-510x510.png 510w, https:\/\/schaumweinkontor.com\/wp-content\/uploads\/2023\/08\/Varaschin-Strada-Chiesa-Prosecco-150x150.png 150w, https:\/\/schaumweinkontor.com\/wp-content\/uploads\/2023\/08\/Varaschin-Strada-Chiesa-Prosecco-768x768.png 768w, https:\/\/schaumweinkontor.com\/wp-content\/uploads\/2023\/08\/Varaschin-Strada-Chiesa-Prosecco.png 1000w\" sizes=\"auto, (max-width: 300px) 100vw, 300px\" \/>\t\t\t\t\t\t\t\t\t<\/a>\n\t\t\t\t\t\t\t\t\t\t\t\t\t\t\t\t\t\t \t\t\t\t\t\t\t\t<\/div>\n\t\t\t\t\t\t\t\t<div class=\"image-tools top right show-on-hover\">\n\t\t\t\t\t\t\t\t\t\t\t\t\t\t\t\t\t<\/div>\n\t\t\t\t\t\t\t\t\t\t\t\t\t\t\t\t\t<div class=\"image-tools grid-tools text-center hide-for-small bottom hover-slide-in show-on-hover\">\n\t\t\t\t\t\t\t\t\t\t\t\t\t\t\t\t\t\t\t<\/div>\n\t\t\t\t\t\t\t\t\t\t\t\t\t\t\t\t\t\t\t\t\t\t\t<\/div>\n\n\t\t\t\t\t\t\t<div class=\"box-text text-center\" >\n\t\t\t\t\t\t\t\t<div class=\"title-wrapper\">\t\t<p class=\"category uppercase is-smaller no-text-overflow product-cat op-7\">\n\t\t\tVaraschin DOCG\t\t<\/p>\n\t<p class=\"name product-title woocommerce-loop-product__title\"><a href=\"https:\/\/schaumweinkontor.com\/en\/produkt\/varaschin-strada-chiesa-prosecco-docg-extra-dry-3-l-copy\/\" class=\"woocommerce-LoopProduct-link woocommerce-loop-product__link\">Varaschin Strada Chiesa Prosecco DOCG Extra Dry 6 L<\/a><\/p><\/div><div class=\"price-wrapper\">\n\t<span class=\"price\"><span class=\"woocommerce-Price-amount amount\" role=\"none\"><bdi><span class=\"woocommerce-Price-currencySymbol\">&euro;<\/span>&nbsp;260,00<\/bdi><\/span> <small class=\"woocommerce-price-suffix\">inkl. MwSt.<\/small><\/span>\n<\/div><div class=\"add-to-cart-button\"><a href=\"\/en\/wp-json\/wp\/v2\/pages\/4628?add-to-cart=5253\" aria-describedby=\"woocommerce_loop_add_to_cart_link_describedby_5253\" data-quantity=\"1\" class=\"primary is-small mb-0 button product_type_simple add_to_cart_button ajax_add_to_cart is-outline\" data-product_id=\"5253\" data-product_sku=\"100300367\" aria-label=\"Add to cart: &ldquo;Varaschin Strada Chiesa Prosecco DOCG Extra Dry 6 L&rdquo;\" rel=\"nofollow\" data-success_message=\"&ldquo;Varaschin Strada Chiesa Prosecco DOCG Extra Dry 6 L&rdquo; has been added to your cart\" role=\"button\">Add to cart<\/a><\/div>\t<span id=\"woocommerce_loop_add_to_cart_link_describedby_5253\" class=\"screen-reader-text\">\n\t\t\t<\/span>\n\t\t\t\t\t\t\t<\/div>\n\t\t\t\t\t\t<\/div>\n\t\t\t\t\t\t<\/div>\n\t\t\t\t\t<\/div><\/div>\n\n\n\t\t<\/div>\n\t\t\t\t\t<\/div>\n\n\t\n\n\n<style>\n#row-1354285941 > .col > .col-inner {\n  padding: 15px 0px 0px 0px;\n}\n<\/style>\n<\/div>\n\t<section class=\"section hide-for-medium\" id=\"section_798380767\">\n\t\t<div class=\"bg section-bg fill bg-fill  bg-loaded\" >\n\n\t\t\t\n\t\t\t\n\t\t\t\n\n\t\t<\/div>\n\n\t\t\n\n\t\t<div class=\"section-content relative\">\n\t\t\t\n\n<div class=\"row row-collapse row-full-width align-middle blau-verlauf\"  id=\"row-1653765447\">\n\n\n\t<div id=\"col-1075882129\" class=\"col medium-6 small-12 large-6\"  >\n\t\t\t\t<div class=\"col-inner\"  >\n\t\t\t\n\t\t\t\n\n\t<div id=\"text-70076988\" class=\"text\">\n\t\t\n\n<h2> Italy <\/h2>\n\t\t\n<style>\n#text-70076988 {\n  font-size: 1.5rem;\n  line-height: 2;\n}\n<\/style>\n\t<\/div>\n\t\n\n\t\t<\/div>\n\t\t\t\t\t<\/div>\n\n\t\n\n\t<div id=\"col-1661768576\" class=\"col medium-6 small-12 large-6\"  >\n\t\t\t\t<div class=\"col-inner\"  >\n\t\t\t\n\t\t\t\n\n<h5 id=\"spumante\" class=\"uppercase\" style=\"text-align: right;\"><span style=\"color: #b79549;\">Spumante<\/span><\/h5>\n\n\t\t<\/div>\n\t\t\t\t\t<\/div>\n\n\t\n\n\n<style>\n#row-1653765447 > .col > .col-inner {\n  padding: 0px 20px 0px 20px;\n  border-radius: 74px;\n}\n<\/style>\n<\/div>\n\n\t\t<\/div>\n\n\t\t\n<style>\n#section_798380767 {\n  padding-top: 0px;\n  padding-bottom: 0px;\n}\n<\/style>\n\t<\/section>\n\t\n\t<section class=\"section bg_winzer hide-for-medium\" id=\"section_1977323707\">\n\t\t<div class=\"bg section-bg fill bg-fill  \" >\n\n\t\t\t\n\t\t\t\n\t\t\t\n\n\t\t<\/div>\n\n\t\t\n\n\t\t<div class=\"section-content relative\">\n\t\t\t\n\n<div class=\"row row-full-width align-middle align-center\"  id=\"row-1494708125\">\n\n\n\t<div id=\"col-975516855\" class=\"col small-12 large-12\"  >\n\t\t\t\t<div class=\"col-inner\"  >\n\t\t\t\n\t\t\t\n\n<h2 id=\"rocca-spumante\" class=\"uppercase\" style=\"text-align: center;\">Rocca dei Forti<\/h2>\n\n\t\t<\/div>\n\t\t\t\t\t<\/div>\n\n\t\n\n\n<style>\n#row-1494708125 > .col > .col-inner {\n  padding: 15px 0px 0px 0px;\n}\n<\/style>\n<\/div>\n\n\t\t<\/div>\n\n\t\t\n<style>\n#section_1977323707 {\n  padding-top: 30px;\n  padding-bottom: 30px;\n  margin-bottom: 10px;\n}\n#section_1977323707 .section-bg.bg-loaded {\n  background-image: url(https:\/\/schaumweinkontor.com\/wp-content\/uploads\/2022\/06\/landscape-illu-gold-transp.png);\n}\n<\/style>\n\t<\/section>\n\t\n<div class=\"row row-full-width align-middle align-center\"  id=\"row-624236579\">\n\n\n\t<div id=\"col-1715201792\" class=\"col small-12 large-12\"  >\n\t\t\t\t<div class=\"col-inner\"  >\n\t\t\t\n\t\t\t\n\n\n  \n    <div class=\"row margin-auto equalize-box large-columns-3 medium-columns- small-columns-2 row-large has-shadow row-box-shadow-2 row-box-shadow-4-hover\" >\n  \t\n\t     <div class=\"col\" data-animate=\"fadeInUp\">\n\t\t\t\t\t\t<div class=\"col-inner\">\n\t\t\t\t\t\t\n<div class=\"badge-container badge-custom absolute right top z-1\">\n\n<\/div>\n\t\t\t\t\t\t<div class=\"product-small box margin-auto has-hover box-normal box-text-bottom\">\n\t\t\t\t\t\t\t<div class=\"box-image\" >\n\t\t\t\t\t\t\t\t<div class=\"\" >\n\t\t\t\t\t\t\t\t\t<a href=\"https:\/\/schaumweinkontor.com\/en\/produkt\/rocca-dei-forti-spumante-alcool-free-075-l\/\" aria-label=\"Rocca dei Forti Spumante Alcool free 0,75 L\">\n\t\t\t\t\t\t\t\t\t\t<img loading=\"lazy\" decoding=\"async\" width=\"300\" height=\"300\" src=\"https:\/\/schaumweinkontor.com\/wp-content\/uploads\/2022\/06\/Rocca-dei-Forti-Prosecco-Alcool-zero-800x800-px-1-300x300.jpg\" class=\"attachment-medium size-medium\" alt=\"Rocca dei Forti Spumante Alcool free 0,75 L\" srcset=\"https:\/\/schaumweinkontor.com\/wp-content\/uploads\/2022\/06\/Rocca-dei-Forti-Prosecco-Alcool-zero-800x800-px-1-300x300.jpg 300w, https:\/\/schaumweinkontor.com\/wp-content\/uploads\/2022\/06\/Rocca-dei-Forti-Prosecco-Alcool-zero-800x800-px-1-100x100.jpg 100w, https:\/\/schaumweinkontor.com\/wp-content\/uploads\/2022\/06\/Rocca-dei-Forti-Prosecco-Alcool-zero-800x800-px-1-510x510.jpg 510w, https:\/\/schaumweinkontor.com\/wp-content\/uploads\/2022\/06\/Rocca-dei-Forti-Prosecco-Alcool-zero-800x800-px-1-150x150.jpg 150w, https:\/\/schaumweinkontor.com\/wp-content\/uploads\/2022\/06\/Rocca-dei-Forti-Prosecco-Alcool-zero-800x800-px-1-768x768.jpg 768w, https:\/\/schaumweinkontor.com\/wp-content\/uploads\/2022\/06\/Rocca-dei-Forti-Prosecco-Alcool-zero-800x800-px-1.jpg 800w\" sizes=\"auto, (max-width: 300px) 100vw, 300px\" \/>\t\t\t\t\t\t\t\t\t<\/a>\n\t\t\t\t\t\t\t\t\t\t\t\t\t\t\t\t\t\t \t\t\t\t\t\t\t\t<\/div>\n\t\t\t\t\t\t\t\t<div class=\"image-tools top right show-on-hover\">\n\t\t\t\t\t\t\t\t\t\t\t\t\t\t\t\t\t<\/div>\n\t\t\t\t\t\t\t\t\t\t\t\t\t\t\t\t\t<div class=\"image-tools grid-tools text-center hide-for-small bottom hover-slide-in show-on-hover\">\n\t\t\t\t\t\t\t\t\t\t\t\t\t\t\t\t\t\t\t<\/div>\n\t\t\t\t\t\t\t\t\t\t\t\t\t\t\t\t<div class=\"out-of-stock-label\">Out of stock<\/div>\t\t\t\t\t\t\t<\/div>\n\n\t\t\t\t\t\t\t<div class=\"box-text text-center\" style=\"padding:0px 0px 30px 0px;\">\n\t\t\t\t\t\t\t\t<div class=\"title-wrapper\">\t\t<p class=\"category uppercase is-smaller no-text-overflow product-cat op-7\">\n\t\t\tRocca dei Forti\t\t<\/p>\n\t<p class=\"name product-title woocommerce-loop-product__title\"><a href=\"https:\/\/schaumweinkontor.com\/en\/produkt\/rocca-dei-forti-spumante-alcool-free-075-l\/\" class=\"woocommerce-LoopProduct-link woocommerce-loop-product__link\">Rocca dei Forti Spumante Alcool free 0,75 L<\/a><\/p><\/div><div class=\"price-wrapper\">\n\t<span class=\"price\"><span class=\"woocommerce-Price-amount amount\" role=\"none\"><bdi><span class=\"woocommerce-Price-currencySymbol\">&euro;<\/span>&nbsp;7,00<\/bdi><\/span> <small class=\"woocommerce-price-suffix\">inkl. MwSt.<\/small><\/span>\n<\/div><div class=\"add-to-cart-button\"><a href=\"https:\/\/schaumweinkontor.com\/en\/produkt\/rocca-dei-forti-spumante-alcool-free-075-l\/\" aria-describedby=\"woocommerce_loop_add_to_cart_link_describedby_4801\" data-quantity=\"1\" class=\"primary is-small mb-0 button product_type_simple is-outline\" data-product_id=\"4801\" data-product_sku=\"100300555\" aria-label=\"Read more about &ldquo;Rocca dei Forti Spumante Alcool free 0,75 L&rdquo;\" rel=\"nofollow\" data-success_message=\"\">Read more<\/a><\/div>\t<span id=\"woocommerce_loop_add_to_cart_link_describedby_4801\" class=\"screen-reader-text\">\n\t\t\t<\/span>\n\t\t\t\t\t\t\t<\/div>\n\t\t\t\t\t\t<\/div>\n\t\t\t\t\t\t<\/div>\n\t\t\t\t\t<\/div><div class=\"col\" data-animate=\"fadeInUp\">\n\t\t\t\t\t\t<div class=\"col-inner\">\n\t\t\t\t\t\t\n<div class=\"badge-container badge-custom absolute right top z-1\">\n\n<\/div>\n\t\t\t\t\t\t<div class=\"product-small box margin-auto has-hover box-normal box-text-bottom\">\n\t\t\t\t\t\t\t<div class=\"box-image\" >\n\t\t\t\t\t\t\t\t<div class=\"\" >\n\t\t\t\t\t\t\t\t\t<a href=\"https:\/\/schaumweinkontor.com\/en\/produkt\/rocca-dei-forti-bio-spumante-075-l\/\" aria-label=\"Rocca dei Forti BIO Spumante 0,75 L\">\n\t\t\t\t\t\t\t\t\t\t<img loading=\"lazy\" decoding=\"async\" width=\"300\" height=\"300\" src=\"https:\/\/schaumweinkontor.com\/wp-content\/uploads\/2022\/11\/2-1-300x300.png\" class=\"attachment-medium size-medium\" alt=\"Rocca dei Forti BIO Spumante\" srcset=\"https:\/\/schaumweinkontor.com\/wp-content\/uploads\/2022\/11\/2-1-300x300.png 300w, https:\/\/schaumweinkontor.com\/wp-content\/uploads\/2022\/11\/2-1-100x100.png 100w, https:\/\/schaumweinkontor.com\/wp-content\/uploads\/2022\/11\/2-1-510x510.png 510w, https:\/\/schaumweinkontor.com\/wp-content\/uploads\/2022\/11\/2-1-150x150.png 150w, https:\/\/schaumweinkontor.com\/wp-content\/uploads\/2022\/11\/2-1-768x768.png 768w, https:\/\/schaumweinkontor.com\/wp-content\/uploads\/2022\/11\/2-1.png 1000w\" sizes=\"auto, (max-width: 300px) 100vw, 300px\" \/>\t\t\t\t\t\t\t\t\t<\/a>\n\t\t\t\t\t\t\t\t\t\t\t\t\t\t\t\t\t\t \t\t\t\t\t\t\t\t<\/div>\n\t\t\t\t\t\t\t\t<div class=\"image-tools top right show-on-hover\">\n\t\t\t\t\t\t\t\t\t\t\t\t\t\t\t\t\t<\/div>\n\t\t\t\t\t\t\t\t\t\t\t\t\t\t\t\t\t<div class=\"image-tools grid-tools text-center hide-for-small bottom hover-slide-in show-on-hover\">\n\t\t\t\t\t\t\t\t\t\t\t\t\t\t\t\t\t\t\t<\/div>\n\t\t\t\t\t\t\t\t\t\t\t\t\t\t\t\t\t\t\t\t\t\t\t<\/div>\n\n\t\t\t\t\t\t\t<div class=\"box-text text-center\" style=\"padding:0px 0px 30px 0px;\">\n\t\t\t\t\t\t\t\t<div class=\"title-wrapper\">\t\t<p class=\"category uppercase is-smaller no-text-overflow product-cat op-7\">\n\t\t\tRocca dei Forti\t\t<\/p>\n\t<p class=\"name product-title woocommerce-loop-product__title\"><a href=\"https:\/\/schaumweinkontor.com\/en\/produkt\/rocca-dei-forti-bio-spumante-075-l\/\" class=\"woocommerce-LoopProduct-link woocommerce-loop-product__link\">Rocca dei Forti BIO Spumante 0,75 L<\/a><\/p><\/div><div class=\"price-wrapper\">\n\t<span class=\"price\"><span class=\"woocommerce-Price-amount amount\" role=\"none\"><bdi><span class=\"woocommerce-Price-currencySymbol\">&euro;<\/span>&nbsp;7,90<\/bdi><\/span> <small class=\"woocommerce-price-suffix\">inkl. MwSt.<\/small><\/span>\n<\/div><div class=\"add-to-cart-button\"><a href=\"\/en\/wp-json\/wp\/v2\/pages\/4628?add-to-cart=4729\" aria-describedby=\"woocommerce_loop_add_to_cart_link_describedby_4729\" data-quantity=\"1\" class=\"primary is-small mb-0 button product_type_simple add_to_cart_button ajax_add_to_cart is-outline\" data-product_id=\"4729\" data-product_sku=\"100300125\" aria-label=\"Add to cart: &ldquo;Rocca dei Forti BIO Spumante 0,75 L&rdquo;\" rel=\"nofollow\" data-success_message=\"&ldquo;Rocca dei Forti BIO Spumante 0,75 L&rdquo; has been added to your cart\" role=\"button\">Add to cart<\/a><\/div>\t<span id=\"woocommerce_loop_add_to_cart_link_describedby_4729\" class=\"screen-reader-text\">\n\t\t\t<\/span>\n\t\t\t\t\t\t\t<\/div>\n\t\t\t\t\t\t<\/div>\n\t\t\t\t\t\t<\/div>\n\t\t\t\t\t<\/div><div class=\"col\" data-animate=\"fadeInUp\">\n\t\t\t\t\t\t<div class=\"col-inner\">\n\t\t\t\t\t\t\n<div class=\"badge-container badge-custom absolute right top z-1\">\n\n<\/div>\n\t\t\t\t\t\t<div class=\"product-small box margin-auto has-hover box-normal box-text-bottom\">\n\t\t\t\t\t\t\t<div class=\"box-image\" >\n\t\t\t\t\t\t\t\t<div class=\"\" >\n\t\t\t\t\t\t\t\t\t<a href=\"https:\/\/schaumweinkontor.com\/en\/produkt\/rocca-dei-forti-le-cuvee-verdicchio-brut-doc-075-l\/\" aria-label=\"Rocca dei Forti Le Cuv\u00e9e Verdicchio Brut DOC 0,75 L\">\n\t\t\t\t\t\t\t\t\t\t<img loading=\"lazy\" decoding=\"async\" width=\"300\" height=\"300\" src=\"https:\/\/schaumweinkontor.com\/wp-content\/uploads\/2022\/06\/Rocca-Dei-Forti-Le-Cuvee-Verdicchio-075-1000x1000-1-300x300.png\" class=\"attachment-medium size-medium\" alt=\"Rocca dei Forti Le Cuv\u00e9e Verdicchio Brut DOC 0,75 L\" srcset=\"https:\/\/schaumweinkontor.com\/wp-content\/uploads\/2022\/06\/Rocca-Dei-Forti-Le-Cuvee-Verdicchio-075-1000x1000-1-300x300.png 300w, https:\/\/schaumweinkontor.com\/wp-content\/uploads\/2022\/06\/Rocca-Dei-Forti-Le-Cuvee-Verdicchio-075-1000x1000-1-100x100.png 100w, https:\/\/schaumweinkontor.com\/wp-content\/uploads\/2022\/06\/Rocca-Dei-Forti-Le-Cuvee-Verdicchio-075-1000x1000-1-510x510.png 510w, https:\/\/schaumweinkontor.com\/wp-content\/uploads\/2022\/06\/Rocca-Dei-Forti-Le-Cuvee-Verdicchio-075-1000x1000-1-150x150.png 150w, https:\/\/schaumweinkontor.com\/wp-content\/uploads\/2022\/06\/Rocca-Dei-Forti-Le-Cuvee-Verdicchio-075-1000x1000-1-768x768.png 768w, https:\/\/schaumweinkontor.com\/wp-content\/uploads\/2022\/06\/Rocca-Dei-Forti-Le-Cuvee-Verdicchio-075-1000x1000-1.png 1001w\" sizes=\"auto, (max-width: 300px) 100vw, 300px\" \/>\t\t\t\t\t\t\t\t\t<\/a>\n\t\t\t\t\t\t\t\t\t\t\t\t\t\t\t\t\t\t \t\t\t\t\t\t\t\t<\/div>\n\t\t\t\t\t\t\t\t<div class=\"image-tools top right show-on-hover\">\n\t\t\t\t\t\t\t\t\t\t\t\t\t\t\t\t\t<\/div>\n\t\t\t\t\t\t\t\t\t\t\t\t\t\t\t\t\t<div class=\"image-tools grid-tools text-center hide-for-small bottom hover-slide-in show-on-hover\">\n\t\t\t\t\t\t\t\t\t\t\t\t\t\t\t\t\t\t\t<\/div>\n\t\t\t\t\t\t\t\t\t\t\t\t\t\t\t\t\t\t\t\t\t\t\t<\/div>\n\n\t\t\t\t\t\t\t<div class=\"box-text text-center\" style=\"padding:0px 0px 30px 0px;\">\n\t\t\t\t\t\t\t\t<div class=\"title-wrapper\">\t\t<p class=\"category uppercase is-smaller no-text-overflow product-cat op-7\">\n\t\t\tRocca dei Forti\t\t<\/p>\n\t<p class=\"name product-title woocommerce-loop-product__title\"><a href=\"https:\/\/schaumweinkontor.com\/en\/produkt\/rocca-dei-forti-le-cuvee-verdicchio-brut-doc-075-l\/\" class=\"woocommerce-LoopProduct-link woocommerce-loop-product__link\">Rocca dei Forti Le Cuv\u00e9e Verdicchio Brut DOC 0,75 L<\/a><\/p><\/div><div class=\"price-wrapper\">\n\t<span class=\"price\"><span class=\"woocommerce-Price-amount amount\" role=\"none\"><bdi><span class=\"woocommerce-Price-currencySymbol\">&euro;<\/span>&nbsp;7,90<\/bdi><\/span> <small class=\"woocommerce-price-suffix\">inkl. MwSt.<\/small><\/span>\n<\/div><div class=\"add-to-cart-button\"><a href=\"\/en\/wp-json\/wp\/v2\/pages\/4628?add-to-cart=4754\" aria-describedby=\"woocommerce_loop_add_to_cart_link_describedby_4754\" data-quantity=\"1\" class=\"primary is-small mb-0 button product_type_simple add_to_cart_button ajax_add_to_cart is-outline\" data-product_id=\"4754\" data-product_sku=\"100300123\" aria-label=\"Add to cart: &ldquo;Rocca dei Forti Le Cuv\u00e9e Verdicchio Brut DOC 0,75 L&rdquo;\" rel=\"nofollow\" data-success_message=\"&ldquo;Rocca dei Forti Le Cuv\u00e9e Verdicchio Brut DOC 0,75 L&rdquo; has been added to your cart\" role=\"button\">Add to cart<\/a><\/div>\t<span id=\"woocommerce_loop_add_to_cart_link_describedby_4754\" class=\"screen-reader-text\">\n\t\t\t<\/span>\n\t\t\t\t\t\t\t<\/div>\n\t\t\t\t\t\t<\/div>\n\t\t\t\t\t\t<\/div>\n\t\t\t\t\t<\/div><div class=\"col\" data-animate=\"fadeInUp\">\n\t\t\t\t\t\t<div class=\"col-inner\">\n\t\t\t\t\t\t\n<div class=\"badge-container badge-custom absolute right top z-1\">\n\n<\/div>\n\t\t\t\t\t\t<div class=\"product-small box margin-auto has-hover box-normal box-text-bottom\">\n\t\t\t\t\t\t\t<div class=\"box-image\" >\n\t\t\t\t\t\t\t\t<div class=\"\" >\n\t\t\t\t\t\t\t\t\t<a href=\"https:\/\/schaumweinkontor.com\/en\/produkt\/rocca-dei-forti-asti-spumante-sweet-docg-075-l\/\" aria-label=\"Rocca dei Forti Asti Spumante Sweet DOCG 0,75 L\">\n\t\t\t\t\t\t\t\t\t\t<img loading=\"lazy\" decoding=\"async\" width=\"300\" height=\"300\" src=\"https:\/\/schaumweinkontor.com\/wp-content\/uploads\/2022\/11\/1-1-300x300.png\" class=\"attachment-medium size-medium\" alt=\"Rocca dei Forti Asti Spumante Sweet DOCG 0,75 L\" srcset=\"https:\/\/schaumweinkontor.com\/wp-content\/uploads\/2022\/11\/1-1-300x300.png 300w, https:\/\/schaumweinkontor.com\/wp-content\/uploads\/2022\/11\/1-1-100x100.png 100w, https:\/\/schaumweinkontor.com\/wp-content\/uploads\/2022\/11\/1-1-510x510.png 510w, https:\/\/schaumweinkontor.com\/wp-content\/uploads\/2022\/11\/1-1-150x150.png 150w, https:\/\/schaumweinkontor.com\/wp-content\/uploads\/2022\/11\/1-1-768x768.png 768w, https:\/\/schaumweinkontor.com\/wp-content\/uploads\/2022\/11\/1-1.png 1000w\" sizes=\"auto, (max-width: 300px) 100vw, 300px\" \/>\t\t\t\t\t\t\t\t\t<\/a>\n\t\t\t\t\t\t\t\t\t\t\t\t\t\t\t\t\t\t \t\t\t\t\t\t\t\t<\/div>\n\t\t\t\t\t\t\t\t<div class=\"image-tools top right show-on-hover\">\n\t\t\t\t\t\t\t\t\t\t\t\t\t\t\t\t\t<\/div>\n\t\t\t\t\t\t\t\t\t\t\t\t\t\t\t\t\t<div class=\"image-tools grid-tools text-center hide-for-small bottom hover-slide-in show-on-hover\">\n\t\t\t\t\t\t\t\t\t\t\t\t\t\t\t\t\t\t\t<\/div>\n\t\t\t\t\t\t\t\t\t\t\t\t\t\t\t\t\t\t\t\t\t\t\t<\/div>\n\n\t\t\t\t\t\t\t<div class=\"box-text text-center\" style=\"padding:0px 0px 30px 0px;\">\n\t\t\t\t\t\t\t\t<div class=\"title-wrapper\">\t\t<p class=\"category uppercase is-smaller no-text-overflow product-cat op-7\">\n\t\t\tRocca dei Forti\t\t<\/p>\n\t<p class=\"name product-title woocommerce-loop-product__title\"><a href=\"https:\/\/schaumweinkontor.com\/en\/produkt\/rocca-dei-forti-asti-spumante-sweet-docg-075-l\/\" class=\"woocommerce-LoopProduct-link woocommerce-loop-product__link\">Rocca dei Forti Asti Spumante Sweet DOCG 0,75 L<\/a><\/p><\/div><div class=\"price-wrapper\">\n\t<span class=\"price\"><span class=\"woocommerce-Price-amount amount\" role=\"none\"><bdi><span class=\"woocommerce-Price-currencySymbol\">&euro;<\/span>&nbsp;8,90<\/bdi><\/span> <small class=\"woocommerce-price-suffix\">inkl. MwSt.<\/small><\/span>\n<\/div><div class=\"add-to-cart-button\"><a href=\"\/en\/wp-json\/wp\/v2\/pages\/4628?add-to-cart=4730\" aria-describedby=\"woocommerce_loop_add_to_cart_link_describedby_4730\" data-quantity=\"1\" class=\"primary is-small mb-0 button product_type_simple add_to_cart_button ajax_add_to_cart is-outline\" data-product_id=\"4730\" data-product_sku=\"100300124\" aria-label=\"Add to cart: &ldquo;Rocca dei Forti Asti Spumante Sweet DOCG 0,75 L&rdquo;\" rel=\"nofollow\" data-success_message=\"&ldquo;Rocca dei Forti Asti Spumante Sweet DOCG 0,75 L&rdquo; has been added to your cart\" role=\"button\">Add to cart<\/a><\/div>\t<span id=\"woocommerce_loop_add_to_cart_link_describedby_4730\" class=\"screen-reader-text\">\n\t\t\t<\/span>\n\t\t\t\t\t\t\t<\/div>\n\t\t\t\t\t\t<\/div>\n\t\t\t\t\t\t<\/div>\n\t\t\t\t\t<\/div><\/div>\n\n\n\t\t<\/div>\n\t\t\t\t\t<\/div>\n\n\t\n\n\n<style>\n#row-624236579 > .col > .col-inner {\n  padding: 15px 0px 0px 0px;\n}\n<\/style>\n<\/div>\n<div class=\"text-center\"><div class=\"is-divider divider clearfix\" style=\"margin-top:3em;margin-bottom:3em;max-width:100%;height:2px;background-color:rgba(183, 149, 73, 0.419);\"><\/div><\/div>\n\n\t<section class=\"section bg_winzer hide-for-medium\" id=\"section_186297479\">\n\t\t<div class=\"bg section-bg fill bg-fill  \" >\n\n\t\t\t\n\t\t\t\n\t\t\t\n\n\t\t<\/div>\n\n\t\t\n\n\t\t<div class=\"section-content relative\">\n\t\t\t\n\n<div class=\"row row-full-width align-middle align-center\"  id=\"row-1369816256\">\n\n\n\t<div id=\"col-308558934\" class=\"col small-12 large-12\"  >\n\t\t\t\t<div class=\"col-inner\"  >\n\t\t\t\n\t\t\t\n\n<h2 id=\"pratello\" class=\"uppercase\" style=\"text-align: center;\">Pratello<\/h2>\n\n\t\t<\/div>\n\t\t\t\t\t<\/div>\n\n\t\n\n\n<style>\n#row-1369816256 > .col > .col-inner {\n  padding: 15px 0px 0px 0px;\n}\n<\/style>\n<\/div>\n\n\t\t<\/div>\n\n\t\t\n<style>\n#section_186297479 {\n  padding-top: 30px;\n  padding-bottom: 30px;\n  margin-bottom: 10px;\n}\n#section_186297479 .section-bg.bg-loaded {\n  background-image: url(https:\/\/schaumweinkontor.com\/wp-content\/uploads\/2022\/06\/landscape-illu-gold-transp.png);\n}\n<\/style>\n\t<\/section>\n\t\n<div class=\"row row-full-width align-middle align-center\"  id=\"row-791120152\">\n\n\n\t<div id=\"col-1840786797\" class=\"col small-12 large-12\"  >\n\t\t\t\t<div class=\"col-inner\"  >\n\t\t\t\n\t\t\t\n\n\n  \n    <div class=\"row margin-auto equalize-box large-columns-3 medium-columns- small-columns-2 row-large has-shadow row-box-shadow-2 row-box-shadow-4-hover\" >\n  \t\n\t     <div class=\"col\" data-animate=\"fadeInUp\">\n\t\t\t\t\t\t<div class=\"col-inner\">\n\t\t\t\t\t\t\n<div class=\"badge-container badge-custom absolute right top z-1\">\n<div class=\"callout badge badge-circle\"><div class=\"badge-inner secondary on-sale\"><span class=\"onsale\">Sale!<\/span><\/div><\/div>\n<\/div>\n\t\t\t\t\t\t<div class=\"product-small box margin-auto has-hover box-normal box-text-bottom\">\n\t\t\t\t\t\t\t<div class=\"box-image\" >\n\t\t\t\t\t\t\t\t<div class=\"\" >\n\t\t\t\t\t\t\t\t\t<a href=\"https:\/\/schaumweinkontor.com\/en\/produkt\/pratello-spumante-lugana-doc-brut-bolle-075-l\/\" aria-label=\"Pratello Spumante Lugana DOC Brut Boll\u00e9 0,75 L\">\n\t\t\t\t\t\t\t\t\t\t<img loading=\"lazy\" decoding=\"async\" width=\"300\" height=\"300\" src=\"https:\/\/schaumweinkontor.com\/wp-content\/uploads\/2022\/06\/Schaumweinkontor-Bolle-1000x1000-px-300x300.png\" class=\"attachment-medium size-medium\" alt=\"Pratello Spumante Lugana DOC Brut Boll\u00e9 0,75 L\" srcset=\"https:\/\/schaumweinkontor.com\/wp-content\/uploads\/2022\/06\/Schaumweinkontor-Bolle-1000x1000-px-300x300.png 300w, https:\/\/schaumweinkontor.com\/wp-content\/uploads\/2022\/06\/Schaumweinkontor-Bolle-1000x1000-px-100x100.png 100w, https:\/\/schaumweinkontor.com\/wp-content\/uploads\/2022\/06\/Schaumweinkontor-Bolle-1000x1000-px-510x510.png 510w, https:\/\/schaumweinkontor.com\/wp-content\/uploads\/2022\/06\/Schaumweinkontor-Bolle-1000x1000-px-150x150.png 150w, https:\/\/schaumweinkontor.com\/wp-content\/uploads\/2022\/06\/Schaumweinkontor-Bolle-1000x1000-px-768x768.png 768w, https:\/\/schaumweinkontor.com\/wp-content\/uploads\/2022\/06\/Schaumweinkontor-Bolle-1000x1000-px.png 1000w\" sizes=\"auto, (max-width: 300px) 100vw, 300px\" \/>\t\t\t\t\t\t\t\t\t<\/a>\n\t\t\t\t\t\t\t\t\t\t\t\t\t\t\t\t\t\t \t\t\t\t\t\t\t\t<\/div>\n\t\t\t\t\t\t\t\t<div class=\"image-tools top right show-on-hover\">\n\t\t\t\t\t\t\t\t\t\t\t\t\t\t\t\t\t<\/div>\n\t\t\t\t\t\t\t\t\t\t\t\t\t\t\t\t\t<div class=\"image-tools grid-tools text-center hide-for-small bottom hover-slide-in show-on-hover\">\n\t\t\t\t\t\t\t\t\t\t\t\t\t\t\t\t\t\t\t<\/div>\n\t\t\t\t\t\t\t\t\t\t\t\t\t\t\t\t\t\t\t\t\t\t\t<\/div>\n\n\t\t\t\t\t\t\t<div class=\"box-text text-center\" style=\"padding:px 0px 0px 0px;\">\n\t\t\t\t\t\t\t\t<div class=\"title-wrapper\">\t\t<p class=\"category uppercase is-smaller no-text-overflow product-cat op-7\">\n\t\t\tPratello\t\t<\/p>\n\t<p class=\"name product-title woocommerce-loop-product__title\"><a href=\"https:\/\/schaumweinkontor.com\/en\/produkt\/pratello-spumante-lugana-doc-brut-bolle-075-l\/\" class=\"woocommerce-LoopProduct-link woocommerce-loop-product__link\">Pratello Spumante Lugana DOC Brut Boll\u00e9 0,75 L<\/a><\/p><\/div><div class=\"price-wrapper\">\n\t<span class=\"price\"><del aria-hidden=\"true\"><span class=\"woocommerce-Price-amount amount\" role=\"none\"><bdi><span class=\"woocommerce-Price-currencySymbol\">&euro;<\/span>&nbsp;14,50<\/bdi><\/span><\/del> <span class=\"screen-reader-text\">Original price was: &euro;&nbsp;14,50.<\/span><ins aria-hidden=\"true\"><span class=\"woocommerce-Price-amount amount\" role=\"none\"><bdi><span class=\"woocommerce-Price-currencySymbol\">&euro;<\/span>&nbsp;12,32<\/bdi><\/span><\/ins><span class=\"screen-reader-text\">Current price is: &euro;&nbsp;12,32.<\/span> <small class=\"woocommerce-price-suffix\">inkl. MwSt.<\/small><\/span>\n<\/div><div class=\"add-to-cart-button\"><a href=\"\/en\/wp-json\/wp\/v2\/pages\/4628?add-to-cart=4794\" aria-describedby=\"woocommerce_loop_add_to_cart_link_describedby_4794\" data-quantity=\"1\" class=\"primary is-small mb-0 button product_type_simple add_to_cart_button ajax_add_to_cart is-outline\" data-product_id=\"4794\" data-product_sku=\"100300157\" aria-label=\"Add to cart: &ldquo;Pratello Spumante Lugana DOC Brut Boll\u00e9 0,75 L&rdquo;\" rel=\"nofollow\" data-success_message=\"&ldquo;Pratello Spumante Lugana DOC Brut Boll\u00e9 0,75 L&rdquo; has been added to your cart\" role=\"button\">Add to cart<\/a><\/div>\t<span id=\"woocommerce_loop_add_to_cart_link_describedby_4794\" class=\"screen-reader-text\">\n\t\t\t<\/span>\n\t\t\t\t\t\t\t<\/div>\n\t\t\t\t\t\t<\/div>\n\t\t\t\t\t\t<\/div>\n\t\t\t\t\t<\/div><div class=\"col\" data-animate=\"fadeInUp\">\n\t\t\t\t\t\t<div class=\"col-inner\">\n\t\t\t\t\t\t\n<div class=\"badge-container badge-custom absolute right top z-1\">\n<div class=\"callout badge badge-circle\"><div class=\"badge-inner secondary on-sale\"><span class=\"onsale\">Sale!<\/span><\/div><\/div>\n<\/div>\n\t\t\t\t\t\t<div class=\"product-small box margin-auto has-hover box-normal box-text-bottom\">\n\t\t\t\t\t\t\t<div class=\"box-image\" >\n\t\t\t\t\t\t\t\t<div class=\"\" >\n\t\t\t\t\t\t\t\t\t<a href=\"https:\/\/schaumweinkontor.com\/en\/produkt\/pratello-spumante-garda-doc-rose-pink-075-l\/\" aria-label=\"Pratello Spumante Garda DOC Ros\u00e9 Pink 0,75 L\">\n\t\t\t\t\t\t\t\t\t\t<img loading=\"lazy\" decoding=\"async\" width=\"300\" height=\"300\" src=\"https:\/\/schaumweinkontor.com\/wp-content\/uploads\/2022\/06\/Schaumweinkontor-Pratello-Pink-Garda-Rose-brut-1000x1000px-300x300.png\" class=\"attachment-medium size-medium\" alt=\"Pratello Spumante Garda DOC Ros\u00e9 Pink 0,75 L\" srcset=\"https:\/\/schaumweinkontor.com\/wp-content\/uploads\/2022\/06\/Schaumweinkontor-Pratello-Pink-Garda-Rose-brut-1000x1000px-300x300.png 300w, https:\/\/schaumweinkontor.com\/wp-content\/uploads\/2022\/06\/Schaumweinkontor-Pratello-Pink-Garda-Rose-brut-1000x1000px-100x100.png 100w, https:\/\/schaumweinkontor.com\/wp-content\/uploads\/2022\/06\/Schaumweinkontor-Pratello-Pink-Garda-Rose-brut-1000x1000px-510x510.png 510w, https:\/\/schaumweinkontor.com\/wp-content\/uploads\/2022\/06\/Schaumweinkontor-Pratello-Pink-Garda-Rose-brut-1000x1000px-150x150.png 150w, https:\/\/schaumweinkontor.com\/wp-content\/uploads\/2022\/06\/Schaumweinkontor-Pratello-Pink-Garda-Rose-brut-1000x1000px-768x768.png 768w, https:\/\/schaumweinkontor.com\/wp-content\/uploads\/2022\/06\/Schaumweinkontor-Pratello-Pink-Garda-Rose-brut-1000x1000px.png 1000w\" sizes=\"auto, (max-width: 300px) 100vw, 300px\" \/>\t\t\t\t\t\t\t\t\t<\/a>\n\t\t\t\t\t\t\t\t\t\t\t\t\t\t\t\t\t\t \t\t\t\t\t\t\t\t<\/div>\n\t\t\t\t\t\t\t\t<div class=\"image-tools top right show-on-hover\">\n\t\t\t\t\t\t\t\t\t\t\t\t\t\t\t\t\t<\/div>\n\t\t\t\t\t\t\t\t\t\t\t\t\t\t\t\t\t<div class=\"image-tools grid-tools text-center hide-for-small bottom hover-slide-in show-on-hover\">\n\t\t\t\t\t\t\t\t\t\t\t\t\t\t\t\t\t\t\t<\/div>\n\t\t\t\t\t\t\t\t\t\t\t\t\t\t\t\t\t\t\t\t\t\t\t<\/div>\n\n\t\t\t\t\t\t\t<div class=\"box-text text-center\" style=\"padding:px 0px 0px 0px;\">\n\t\t\t\t\t\t\t\t<div class=\"title-wrapper\">\t\t<p class=\"category uppercase is-smaller no-text-overflow product-cat op-7\">\n\t\t\tPratello\t\t<\/p>\n\t<p class=\"name product-title woocommerce-loop-product__title\"><a href=\"https:\/\/schaumweinkontor.com\/en\/produkt\/pratello-spumante-garda-doc-rose-pink-075-l\/\" class=\"woocommerce-LoopProduct-link woocommerce-loop-product__link\">Pratello Spumante Garda DOC Ros\u00e9 Pink 0,75 L<\/a><\/p><\/div><div class=\"price-wrapper\">\n\t<span class=\"price\"><del aria-hidden=\"true\"><span class=\"woocommerce-Price-amount amount\" role=\"none\"><bdi><span class=\"woocommerce-Price-currencySymbol\">&euro;<\/span>&nbsp;14,50<\/bdi><\/span><\/del> <span class=\"screen-reader-text\">Original price was: &euro;&nbsp;14,50.<\/span><ins aria-hidden=\"true\"><span class=\"woocommerce-Price-amount amount\" role=\"none\"><bdi><span class=\"woocommerce-Price-currencySymbol\">&euro;<\/span>&nbsp;12,32<\/bdi><\/span><\/ins><span class=\"screen-reader-text\">Current price is: &euro;&nbsp;12,32.<\/span> <small class=\"woocommerce-price-suffix\">inkl. MwSt.<\/small><\/span>\n<\/div><div class=\"add-to-cart-button\"><a href=\"\/en\/wp-json\/wp\/v2\/pages\/4628?add-to-cart=4795\" aria-describedby=\"woocommerce_loop_add_to_cart_link_describedby_4795\" data-quantity=\"1\" class=\"primary is-small mb-0 button product_type_simple add_to_cart_button ajax_add_to_cart is-outline\" data-product_id=\"4795\" data-product_sku=\"100300156\" aria-label=\"Add to cart: &ldquo;Pratello Spumante Garda DOC Ros\u00e9 Pink 0,75 L&rdquo;\" rel=\"nofollow\" data-success_message=\"&ldquo;Pratello Spumante Garda DOC Ros\u00e9 Pink 0,75 L&rdquo; has been added to your cart\" role=\"button\">Add to cart<\/a><\/div>\t<span id=\"woocommerce_loop_add_to_cart_link_describedby_4795\" class=\"screen-reader-text\">\n\t\t\t<\/span>\n\t\t\t\t\t\t\t<\/div>\n\t\t\t\t\t\t<\/div>\n\t\t\t\t\t\t<\/div>\n\t\t\t\t\t<\/div><div class=\"col\" data-animate=\"fadeInUp\">\n\t\t\t\t\t\t<div class=\"col-inner\">\n\t\t\t\t\t\t\n<div class=\"badge-container badge-custom absolute right top z-1\">\n\n<\/div>\n\t\t\t\t\t\t<div class=\"product-small box margin-auto has-hover box-normal box-text-bottom\">\n\t\t\t\t\t\t\t<div class=\"box-image\" >\n\t\t\t\t\t\t\t\t<div class=\"\" >\n\t\t\t\t\t\t\t\t\t<a href=\"https:\/\/schaumweinkontor.com\/en\/produkt\/pratello-origine-metodo-ancestrale-075-l\/\" aria-label=\"Pratello Origine Metodo Ancestrale 0,75 L\">\n\t\t\t\t\t\t\t\t\t\t<img loading=\"lazy\" decoding=\"async\" width=\"300\" height=\"300\" src=\"https:\/\/schaumweinkontor.com\/wp-content\/uploads\/2023\/04\/Pratello-Origine-Metodo_1000x1000-px-300x300.png\" class=\"attachment-medium size-medium\" alt=\"Pratello Origine Metodo Ancestrale 0,75 L\" srcset=\"https:\/\/schaumweinkontor.com\/wp-content\/uploads\/2023\/04\/Pratello-Origine-Metodo_1000x1000-px-300x300.png 300w, https:\/\/schaumweinkontor.com\/wp-content\/uploads\/2023\/04\/Pratello-Origine-Metodo_1000x1000-px-100x100.png 100w, https:\/\/schaumweinkontor.com\/wp-content\/uploads\/2023\/04\/Pratello-Origine-Metodo_1000x1000-px-510x510.png 510w, https:\/\/schaumweinkontor.com\/wp-content\/uploads\/2023\/04\/Pratello-Origine-Metodo_1000x1000-px-150x150.png 150w, https:\/\/schaumweinkontor.com\/wp-content\/uploads\/2023\/04\/Pratello-Origine-Metodo_1000x1000-px-768x768.png 768w, https:\/\/schaumweinkontor.com\/wp-content\/uploads\/2023\/04\/Pratello-Origine-Metodo_1000x1000-px.png 1000w\" sizes=\"auto, (max-width: 300px) 100vw, 300px\" \/>\t\t\t\t\t\t\t\t\t<\/a>\n\t\t\t\t\t\t\t\t\t\t\t\t\t\t\t\t\t\t \t\t\t\t\t\t\t\t<\/div>\n\t\t\t\t\t\t\t\t<div class=\"image-tools top right show-on-hover\">\n\t\t\t\t\t\t\t\t\t\t\t\t\t\t\t\t\t<\/div>\n\t\t\t\t\t\t\t\t\t\t\t\t\t\t\t\t\t<div class=\"image-tools grid-tools text-center hide-for-small bottom hover-slide-in show-on-hover\">\n\t\t\t\t\t\t\t\t\t\t\t\t\t\t\t\t\t\t\t<\/div>\n\t\t\t\t\t\t\t\t\t\t\t\t\t\t\t\t\t\t\t\t\t\t\t<\/div>\n\n\t\t\t\t\t\t\t<div class=\"box-text text-center\" style=\"padding:px 0px 0px 0px;\">\n\t\t\t\t\t\t\t\t<div class=\"title-wrapper\">\t\t<p class=\"category uppercase is-smaller no-text-overflow product-cat op-7\">\n\t\t\tPratello\t\t<\/p>\n\t<p class=\"name product-title woocommerce-loop-product__title\"><a href=\"https:\/\/schaumweinkontor.com\/en\/produkt\/pratello-origine-metodo-ancestrale-075-l\/\" class=\"woocommerce-LoopProduct-link woocommerce-loop-product__link\">Pratello Origine Metodo Ancestrale 0,75 L<\/a><\/p><\/div><div class=\"price-wrapper\">\n\t<span class=\"price\"><span class=\"woocommerce-Price-amount amount\" role=\"none\"><bdi><span class=\"woocommerce-Price-currencySymbol\">&euro;<\/span>&nbsp;12,50<\/bdi><\/span> <small class=\"woocommerce-price-suffix\">inkl. MwSt.<\/small><\/span>\n<\/div><div class=\"add-to-cart-button\"><a href=\"\/en\/wp-json\/wp\/v2\/pages\/4628?add-to-cart=4703\" aria-describedby=\"woocommerce_loop_add_to_cart_link_describedby_4703\" data-quantity=\"1\" class=\"primary is-small mb-0 button product_type_simple add_to_cart_button ajax_add_to_cart is-outline\" data-product_id=\"4703\" data-product_sku=\"100300159\" aria-label=\"Add to cart: &ldquo;Pratello Origine Metodo Ancestrale 0,75 L&rdquo;\" rel=\"nofollow\" data-success_message=\"&ldquo;Pratello Origine Metodo Ancestrale 0,75 L&rdquo; has been added to your cart\" role=\"button\">Add to cart<\/a><\/div>\t<span id=\"woocommerce_loop_add_to_cart_link_describedby_4703\" class=\"screen-reader-text\">\n\t\t\t<\/span>\n\t\t\t\t\t\t\t<\/div>\n\t\t\t\t\t\t<\/div>\n\t\t\t\t\t\t<\/div>\n\t\t\t\t\t<\/div><div class=\"col\" data-animate=\"fadeInUp\">\n\t\t\t\t\t\t<div class=\"col-inner\">\n\t\t\t\t\t\t\n<div class=\"badge-container badge-custom absolute right top z-1\">\n<div class=\"callout badge badge-circle\"><div class=\"badge-inner secondary on-sale\"><span class=\"onsale\">Sale!<\/span><\/div><\/div>\n<\/div>\n\t\t\t\t\t\t<div class=\"product-small box margin-auto has-hover box-normal box-text-bottom\">\n\t\t\t\t\t\t\t<div class=\"box-image\" >\n\t\t\t\t\t\t\t\t<div class=\"\" >\n\t\t\t\t\t\t\t\t\t<a href=\"https:\/\/schaumweinkontor.com\/en\/produkt\/pratello-donna-caterina-2018-075-l\/\" aria-label=\"Pratello Donna Caterina 2018 0,75 L\">\n\t\t\t\t\t\t\t\t\t\t<img loading=\"lazy\" decoding=\"async\" width=\"300\" height=\"300\" src=\"https:\/\/schaumweinkontor.com\/wp-content\/uploads\/2023\/04\/Pratello-Donna-caterina_1000x1000-px-300x300.png\" class=\"attachment-medium size-medium\" alt=\"Pratello Donna Caterina 2018 0,75 L\" srcset=\"https:\/\/schaumweinkontor.com\/wp-content\/uploads\/2023\/04\/Pratello-Donna-caterina_1000x1000-px-300x300.png 300w, https:\/\/schaumweinkontor.com\/wp-content\/uploads\/2023\/04\/Pratello-Donna-caterina_1000x1000-px-100x100.png 100w, https:\/\/schaumweinkontor.com\/wp-content\/uploads\/2023\/04\/Pratello-Donna-caterina_1000x1000-px-510x510.png 510w, https:\/\/schaumweinkontor.com\/wp-content\/uploads\/2023\/04\/Pratello-Donna-caterina_1000x1000-px-150x150.png 150w, https:\/\/schaumweinkontor.com\/wp-content\/uploads\/2023\/04\/Pratello-Donna-caterina_1000x1000-px-768x768.png 768w, https:\/\/schaumweinkontor.com\/wp-content\/uploads\/2023\/04\/Pratello-Donna-caterina_1000x1000-px.png 1000w\" sizes=\"auto, (max-width: 300px) 100vw, 300px\" \/>\t\t\t\t\t\t\t\t\t<\/a>\n\t\t\t\t\t\t\t\t\t\t\t\t\t\t\t\t\t\t \t\t\t\t\t\t\t\t<\/div>\n\t\t\t\t\t\t\t\t<div class=\"image-tools top right show-on-hover\">\n\t\t\t\t\t\t\t\t\t\t\t\t\t\t\t\t\t<\/div>\n\t\t\t\t\t\t\t\t\t\t\t\t\t\t\t\t\t<div class=\"image-tools grid-tools text-center hide-for-small bottom hover-slide-in show-on-hover\">\n\t\t\t\t\t\t\t\t\t\t\t\t\t\t\t\t\t\t\t<\/div>\n\t\t\t\t\t\t\t\t\t\t\t\t\t\t\t\t\t\t\t\t\t\t\t<\/div>\n\n\t\t\t\t\t\t\t<div class=\"box-text text-center\" style=\"padding:px 0px 0px 0px;\">\n\t\t\t\t\t\t\t\t<div class=\"title-wrapper\">\t\t<p class=\"category uppercase is-smaller no-text-overflow product-cat op-7\">\n\t\t\tPratello\t\t<\/p>\n\t<p class=\"name product-title woocommerce-loop-product__title\"><a href=\"https:\/\/schaumweinkontor.com\/en\/produkt\/pratello-donna-caterina-2018-075-l\/\" class=\"woocommerce-LoopProduct-link woocommerce-loop-product__link\">Pratello Donna Caterina 2018 0,75 L<\/a><\/p><\/div><div class=\"price-wrapper\">\n\t<span class=\"price\"><del aria-hidden=\"true\"><span class=\"woocommerce-Price-amount amount\" role=\"none\"><bdi><span class=\"woocommerce-Price-currencySymbol\">&euro;<\/span>&nbsp;23,60<\/bdi><\/span><\/del> <span class=\"screen-reader-text\">Original price was: &euro;&nbsp;23,60.<\/span><ins aria-hidden=\"true\"><span class=\"woocommerce-Price-amount amount\" role=\"none\"><bdi><span class=\"woocommerce-Price-currencySymbol\">&euro;<\/span>&nbsp;17,70<\/bdi><\/span><\/ins><span class=\"screen-reader-text\">Current price is: &euro;&nbsp;17,70.<\/span> <small class=\"woocommerce-price-suffix\">inkl. MwSt.<\/small><\/span>\n<\/div><div class=\"add-to-cart-button\"><a href=\"\/en\/wp-json\/wp\/v2\/pages\/4628?add-to-cart=4702\" aria-describedby=\"woocommerce_loop_add_to_cart_link_describedby_4702\" data-quantity=\"1\" class=\"primary is-small mb-0 button product_type_simple add_to_cart_button ajax_add_to_cart is-outline\" data-product_id=\"4702\" data-product_sku=\"100300158\" aria-label=\"Add to cart: &ldquo;Pratello Donna Caterina 2018 0,75 L&rdquo;\" rel=\"nofollow\" data-success_message=\"&ldquo;Pratello Donna Caterina 2018 0,75 L&rdquo; has been added to your cart\" role=\"button\">Add to cart<\/a><\/div>\t<span id=\"woocommerce_loop_add_to_cart_link_describedby_4702\" class=\"screen-reader-text\">\n\t\t\t<\/span>\n\t\t\t\t\t\t\t<\/div>\n\t\t\t\t\t\t<\/div>\n\t\t\t\t\t\t<\/div>\n\t\t\t\t\t<\/div><div class=\"col\" data-animate=\"fadeInUp\">\n\t\t\t\t\t\t<div class=\"col-inner\">\n\t\t\t\t\t\t\n<div class=\"badge-container badge-custom absolute right top z-1\">\n<div class=\"callout badge badge-circle\"><div class=\"badge-inner secondary on-sale\"><span class=\"onsale\">Sale!<\/span><\/div><\/div>\n<\/div>\n\t\t\t\t\t\t<div class=\"product-small box margin-auto has-hover box-normal box-text-bottom\">\n\t\t\t\t\t\t\t<div class=\"box-image\" >\n\t\t\t\t\t\t\t\t<div class=\"\" >\n\t\t\t\t\t\t\t\t\t<a href=\"https:\/\/schaumweinkontor.com\/en\/produkt\/gardasee-special\/\" aria-label=\"Gardasee Special\">\n\t\t\t\t\t\t\t\t\t\t<img loading=\"lazy\" decoding=\"async\" width=\"300\" height=\"300\" src=\"https:\/\/schaumweinkontor.com\/wp-content\/uploads\/2024\/10\/Gardasee-special-package-300x300.png\" class=\"attachment-medium size-medium\" alt=\"Gardasee Special\" srcset=\"https:\/\/schaumweinkontor.com\/wp-content\/uploads\/2024\/10\/Gardasee-special-package-300x300.png 300w, https:\/\/schaumweinkontor.com\/wp-content\/uploads\/2024\/10\/Gardasee-special-package-150x150.png 150w, https:\/\/schaumweinkontor.com\/wp-content\/uploads\/2024\/10\/Gardasee-special-package-768x767.png 768w, https:\/\/schaumweinkontor.com\/wp-content\/uploads\/2024\/10\/Gardasee-special-package-510x509.png 510w, https:\/\/schaumweinkontor.com\/wp-content\/uploads\/2024\/10\/Gardasee-special-package-100x100.png 100w, https:\/\/schaumweinkontor.com\/wp-content\/uploads\/2024\/10\/Gardasee-special-package.png 1001w\" sizes=\"auto, (max-width: 300px) 100vw, 300px\" \/>\t\t\t\t\t\t\t\t\t<\/a>\n\t\t\t\t\t\t\t\t\t\t\t\t\t\t\t\t\t\t \t\t\t\t\t\t\t\t<\/div>\n\t\t\t\t\t\t\t\t<div class=\"image-tools top right show-on-hover\">\n\t\t\t\t\t\t\t\t\t\t\t\t\t\t\t\t\t<\/div>\n\t\t\t\t\t\t\t\t\t\t\t\t\t\t\t\t\t<div class=\"image-tools grid-tools text-center hide-for-small bottom hover-slide-in show-on-hover\">\n\t\t\t\t\t\t\t\t\t\t\t\t\t\t\t\t\t\t\t<\/div>\n\t\t\t\t\t\t\t\t\t\t\t\t\t\t\t\t\t\t\t\t\t\t\t<\/div>\n\n\t\t\t\t\t\t\t<div class=\"box-text text-center\" style=\"padding:px 0px 0px 0px;\">\n\t\t\t\t\t\t\t\t<div class=\"title-wrapper\">\t\t<p class=\"category uppercase is-smaller no-text-overflow product-cat op-7\">\n\t\t\tPratello\t\t<\/p>\n\t<p class=\"name product-title woocommerce-loop-product__title\"><a href=\"https:\/\/schaumweinkontor.com\/en\/produkt\/gardasee-special\/\" class=\"woocommerce-LoopProduct-link woocommerce-loop-product__link\">Gardasee Special<\/a><\/p><\/div><div class=\"price-wrapper\">\n\t<span class=\"price\"><del aria-hidden=\"true\"><span class=\"woocommerce-Price-amount amount\" role=\"none\"><bdi><span class=\"woocommerce-Price-currencySymbol\">&euro;<\/span>&nbsp;24,64<\/bdi><\/span><\/del> <span class=\"screen-reader-text\">Original price was: &euro;&nbsp;24,64.<\/span><ins aria-hidden=\"true\"><span class=\"woocommerce-Price-amount amount\" role=\"none\"><bdi><span class=\"woocommerce-Price-currencySymbol\">&euro;<\/span>&nbsp;23,40<\/bdi><\/span><\/ins><span class=\"screen-reader-text\">Current price is: &euro;&nbsp;23,40.<\/span> <small class=\"woocommerce-price-suffix\">inkl. MwSt.<\/small><\/span>\n<\/div><div class=\"add-to-cart-button\"><a href=\"\/en\/wp-json\/wp\/v2\/pages\/4628?add-to-cart=5788\" aria-describedby=\"woocommerce_loop_add_to_cart_link_describedby_5788\" data-quantity=\"1\" class=\"primary is-small mb-0 button product_type_simple add_to_cart_button ajax_add_to_cart is-outline\" data-product_id=\"5788\" data-product_sku=\"100300156 + 100300157\" aria-label=\"Add to cart: &ldquo;Gardasee Special&rdquo;\" rel=\"nofollow\" data-success_message=\"&ldquo;Gardasee Special&rdquo; has been added to your cart\" role=\"button\">Add to cart<\/a><\/div>\t<span id=\"woocommerce_loop_add_to_cart_link_describedby_5788\" class=\"screen-reader-text\">\n\t\t\t<\/span>\n\t\t\t\t\t\t\t<\/div>\n\t\t\t\t\t\t<\/div>\n\t\t\t\t\t\t<\/div>\n\t\t\t\t\t<\/div><div class=\"col\" data-animate=\"fadeInUp\">\n\t\t\t\t\t\t<div class=\"col-inner\">\n\t\t\t\t\t\t\n<div class=\"badge-container badge-custom absolute right top z-1\">\n<div class=\"callout badge badge-circle\"><div class=\"badge-inner secondary on-sale\"><span class=\"onsale\">Sale!<\/span><\/div><\/div>\n<\/div>\n\t\t\t\t\t\t<div class=\"product-small box margin-auto has-hover box-normal box-text-bottom\">\n\t\t\t\t\t\t\t<div class=\"box-image\" >\n\t\t\t\t\t\t\t\t<div class=\"\" >\n\t\t\t\t\t\t\t\t\t<a href=\"https:\/\/schaumweinkontor.com\/en\/produkt\/pratello-spumante-lugana-doc-brut-bolle-15-l-magnum\/\" aria-label=\"Pratello Spumante Lugana DOC Brut Boll\u00e9 1,5 L Magnum\">\n\t\t\t\t\t\t\t\t\t\t<img loading=\"lazy\" decoding=\"async\" width=\"300\" height=\"300\" src=\"https:\/\/schaumweinkontor.com\/wp-content\/uploads\/2022\/06\/Schaumweinkontor-Bolle-1000x1000-px-300x300.png\" class=\"attachment-medium size-medium\" alt=\"Pratello Spumante Lugana DOC Brut Boll\u00e9 1,5 L Magnum\" srcset=\"https:\/\/schaumweinkontor.com\/wp-content\/uploads\/2022\/06\/Schaumweinkontor-Bolle-1000x1000-px-300x300.png 300w, https:\/\/schaumweinkontor.com\/wp-content\/uploads\/2022\/06\/Schaumweinkontor-Bolle-1000x1000-px-100x100.png 100w, https:\/\/schaumweinkontor.com\/wp-content\/uploads\/2022\/06\/Schaumweinkontor-Bolle-1000x1000-px-510x510.png 510w, https:\/\/schaumweinkontor.com\/wp-content\/uploads\/2022\/06\/Schaumweinkontor-Bolle-1000x1000-px-150x150.png 150w, https:\/\/schaumweinkontor.com\/wp-content\/uploads\/2022\/06\/Schaumweinkontor-Bolle-1000x1000-px-768x768.png 768w, https:\/\/schaumweinkontor.com\/wp-content\/uploads\/2022\/06\/Schaumweinkontor-Bolle-1000x1000-px.png 1000w\" sizes=\"auto, (max-width: 300px) 100vw, 300px\" \/>\t\t\t\t\t\t\t\t\t<\/a>\n\t\t\t\t\t\t\t\t\t\t\t\t\t\t\t\t\t\t \t\t\t\t\t\t\t\t<\/div>\n\t\t\t\t\t\t\t\t<div class=\"image-tools top right show-on-hover\">\n\t\t\t\t\t\t\t\t\t\t\t\t\t\t\t\t\t<\/div>\n\t\t\t\t\t\t\t\t\t\t\t\t\t\t\t\t\t<div class=\"image-tools grid-tools text-center hide-for-small bottom hover-slide-in show-on-hover\">\n\t\t\t\t\t\t\t\t\t\t\t\t\t\t\t\t\t\t\t<\/div>\n\t\t\t\t\t\t\t\t\t\t\t\t\t\t\t\t\t\t\t\t\t\t\t<\/div>\n\n\t\t\t\t\t\t\t<div class=\"box-text text-center\" style=\"padding:px 0px 0px 0px;\">\n\t\t\t\t\t\t\t\t<div class=\"title-wrapper\">\t\t<p class=\"category uppercase is-smaller no-text-overflow product-cat op-7\">\n\t\t\tPratello\t\t<\/p>\n\t<p class=\"name product-title woocommerce-loop-product__title\"><a href=\"https:\/\/schaumweinkontor.com\/en\/produkt\/pratello-spumante-lugana-doc-brut-bolle-15-l-magnum\/\" class=\"woocommerce-LoopProduct-link woocommerce-loop-product__link\">Pratello Spumante Lugana DOC Brut Boll\u00e9 1,5 L Magnum<\/a><\/p><\/div><div class=\"price-wrapper\">\n\t<span class=\"price\"><del aria-hidden=\"true\"><span class=\"woocommerce-Price-amount amount\" role=\"none\"><bdi><span class=\"woocommerce-Price-currencySymbol\">&euro;<\/span>&nbsp;39,90<\/bdi><\/span><\/del> <span class=\"screen-reader-text\">Original price was: &euro;&nbsp;39,90.<\/span><ins aria-hidden=\"true\"><span class=\"woocommerce-Price-amount amount\" role=\"none\"><bdi><span class=\"woocommerce-Price-currencySymbol\">&euro;<\/span>&nbsp;29,90<\/bdi><\/span><\/ins><span class=\"screen-reader-text\">Current price is: &euro;&nbsp;29,90.<\/span> <small class=\"woocommerce-price-suffix\">inkl. MwSt.<\/small><\/span>\n<\/div><div class=\"add-to-cart-button\"><a href=\"\/en\/wp-json\/wp\/v2\/pages\/4628?add-to-cart=4666\" aria-describedby=\"woocommerce_loop_add_to_cart_link_describedby_4666\" data-quantity=\"1\" class=\"primary is-small mb-0 button product_type_simple add_to_cart_button ajax_add_to_cart is-outline\" data-product_id=\"4666\" data-product_sku=\"100300162\" aria-label=\"Add to cart: &ldquo;Pratello Spumante Lugana DOC Brut Boll\u00e9 1,5 L Magnum&rdquo;\" rel=\"nofollow\" data-success_message=\"&ldquo;Pratello Spumante Lugana DOC Brut Boll\u00e9 1,5 L Magnum&rdquo; has been added to your cart\" role=\"button\">Add to cart<\/a><\/div>\t<span id=\"woocommerce_loop_add_to_cart_link_describedby_4666\" class=\"screen-reader-text\">\n\t\t\t<\/span>\n\t\t\t\t\t\t\t<\/div>\n\t\t\t\t\t\t<\/div>\n\t\t\t\t\t\t<\/div>\n\t\t\t\t\t<\/div><div class=\"col\" data-animate=\"fadeInUp\">\n\t\t\t\t\t\t<div class=\"col-inner\">\n\t\t\t\t\t\t\n<div class=\"badge-container badge-custom absolute right top z-1\">\n<div class=\"callout badge badge-circle\"><div class=\"badge-inner secondary on-sale\"><span class=\"onsale\">Sale!<\/span><\/div><\/div>\n<\/div>\n\t\t\t\t\t\t<div class=\"product-small box margin-auto has-hover box-normal box-text-bottom\">\n\t\t\t\t\t\t\t<div class=\"box-image\" >\n\t\t\t\t\t\t\t\t<div class=\"\" >\n\t\t\t\t\t\t\t\t\t<a href=\"https:\/\/schaumweinkontor.com\/en\/produkt\/pratello-spumante-garda-doc-rose-pink-15-l-magnum\/\" aria-label=\"Pratello Spumante Garda DOC Ros\u00e9 Pink 1,5 L Magnum\">\n\t\t\t\t\t\t\t\t\t\t<img loading=\"lazy\" decoding=\"async\" width=\"300\" height=\"300\" src=\"https:\/\/schaumweinkontor.com\/wp-content\/uploads\/2022\/06\/Schaumweinkontor-Pratello-Pink-Garda-Rose-brut-1000x1000px-300x300.png\" class=\"attachment-medium size-medium\" alt=\"Pratello Spumante Garda DOC Ros\u00e9 Pink 1,5 L Magnum\" srcset=\"https:\/\/schaumweinkontor.com\/wp-content\/uploads\/2022\/06\/Schaumweinkontor-Pratello-Pink-Garda-Rose-brut-1000x1000px-300x300.png 300w, https:\/\/schaumweinkontor.com\/wp-content\/uploads\/2022\/06\/Schaumweinkontor-Pratello-Pink-Garda-Rose-brut-1000x1000px-100x100.png 100w, https:\/\/schaumweinkontor.com\/wp-content\/uploads\/2022\/06\/Schaumweinkontor-Pratello-Pink-Garda-Rose-brut-1000x1000px-510x510.png 510w, https:\/\/schaumweinkontor.com\/wp-content\/uploads\/2022\/06\/Schaumweinkontor-Pratello-Pink-Garda-Rose-brut-1000x1000px-150x150.png 150w, https:\/\/schaumweinkontor.com\/wp-content\/uploads\/2022\/06\/Schaumweinkontor-Pratello-Pink-Garda-Rose-brut-1000x1000px-768x768.png 768w, https:\/\/schaumweinkontor.com\/wp-content\/uploads\/2022\/06\/Schaumweinkontor-Pratello-Pink-Garda-Rose-brut-1000x1000px.png 1000w\" sizes=\"auto, (max-width: 300px) 100vw, 300px\" \/>\t\t\t\t\t\t\t\t\t<\/a>\n\t\t\t\t\t\t\t\t\t\t\t\t\t\t\t\t\t\t \t\t\t\t\t\t\t\t<\/div>\n\t\t\t\t\t\t\t\t<div class=\"image-tools top right show-on-hover\">\n\t\t\t\t\t\t\t\t\t\t\t\t\t\t\t\t\t<\/div>\n\t\t\t\t\t\t\t\t\t\t\t\t\t\t\t\t\t<div class=\"image-tools grid-tools text-center hide-for-small bottom hover-slide-in show-on-hover\">\n\t\t\t\t\t\t\t\t\t\t\t\t\t\t\t\t\t\t\t<\/div>\n\t\t\t\t\t\t\t\t\t\t\t\t\t\t\t\t\t\t\t\t\t\t\t<\/div>\n\n\t\t\t\t\t\t\t<div class=\"box-text text-center\" style=\"padding:px 0px 0px 0px;\">\n\t\t\t\t\t\t\t\t<div class=\"title-wrapper\">\t\t<p class=\"category uppercase is-smaller no-text-overflow product-cat op-7\">\n\t\t\tPratello\t\t<\/p>\n\t<p class=\"name product-title woocommerce-loop-product__title\"><a href=\"https:\/\/schaumweinkontor.com\/en\/produkt\/pratello-spumante-garda-doc-rose-pink-15-l-magnum\/\" class=\"woocommerce-LoopProduct-link woocommerce-loop-product__link\">Pratello Spumante Garda DOC Ros\u00e9 Pink 1,5 L Magnum<\/a><\/p><\/div><div class=\"price-wrapper\">\n\t<span class=\"price\"><del aria-hidden=\"true\"><span class=\"woocommerce-Price-amount amount\" role=\"none\"><bdi><span class=\"woocommerce-Price-currencySymbol\">&euro;<\/span>&nbsp;39,90<\/bdi><\/span><\/del> <span class=\"screen-reader-text\">Original price was: &euro;&nbsp;39,90.<\/span><ins aria-hidden=\"true\"><span class=\"woocommerce-Price-amount amount\" role=\"none\"><bdi><span class=\"woocommerce-Price-currencySymbol\">&euro;<\/span>&nbsp;31,92<\/bdi><\/span><\/ins><span class=\"screen-reader-text\">Current price is: &euro;&nbsp;31,92.<\/span> <small class=\"woocommerce-price-suffix\">inkl. MwSt.<\/small><\/span>\n<\/div><div class=\"add-to-cart-button\"><a href=\"\/en\/wp-json\/wp\/v2\/pages\/4628?add-to-cart=4665\" aria-describedby=\"woocommerce_loop_add_to_cart_link_describedby_4665\" data-quantity=\"1\" class=\"primary is-small mb-0 button product_type_simple add_to_cart_button ajax_add_to_cart is-outline\" data-product_id=\"4665\" data-product_sku=\"100300161\" aria-label=\"Add to cart: &ldquo;Pratello Spumante Garda DOC Ros\u00e9 Pink 1,5 L Magnum&rdquo;\" rel=\"nofollow\" data-success_message=\"&ldquo;Pratello Spumante Garda DOC Ros\u00e9 Pink 1,5 L Magnum&rdquo; has been added to your cart\" role=\"button\">Add to cart<\/a><\/div>\t<span id=\"woocommerce_loop_add_to_cart_link_describedby_4665\" class=\"screen-reader-text\">\n\t\t\t<\/span>\n\t\t\t\t\t\t\t<\/div>\n\t\t\t\t\t\t<\/div>\n\t\t\t\t\t\t<\/div>\n\t\t\t\t\t<\/div><\/div>\n\n\n\t\t<\/div>\n\t\t\t\t\t<\/div>\n\n\t\n\n\n<style>\n#row-791120152 > .col > .col-inner {\n  padding: 15px 0px 0px 0px;\n}\n<\/style>\n<\/div>\n<div class=\"text-center\"><div class=\"is-divider divider clearfix\" style=\"margin-top:3em;margin-bottom:3em;max-width:100%;height:2px;background-color:rgba(183, 149, 73, 0.419);\"><\/div><\/div>\n\n\t<section class=\"section bg_winzer hide-for-medium\" id=\"section_1957341600\">\n\t\t<div class=\"bg section-bg fill bg-fill  \" >\n\n\t\t\t\n\t\t\t\n\t\t\t\n\n\t\t<\/div>\n\n\t\t\n\n\t\t<div class=\"section-content relative\">\n\t\t\t\n\n<div class=\"row row-full-width align-middle align-center\"  id=\"row-1241437045\">\n\n\n\t<div id=\"col-512577657\" class=\"col small-12 large-12\"  >\n\t\t\t\t<div class=\"col-inner\"  >\n\t\t\t\n\t\t\t\n\n<h2 id=\"fantinel-spumante\" class=\"uppercase\" style=\"text-align: center;\">Fantinel<\/h2>\n\n\t\t<\/div>\n\t\t\t\t\t<\/div>\n\n\t\n\n\n<style>\n#row-1241437045 > .col > .col-inner {\n  padding: 15px 0px 0px 0px;\n}\n<\/style>\n<\/div>\n\n\t\t<\/div>\n\n\t\t\n<style>\n#section_1957341600 {\n  padding-top: 30px;\n  padding-bottom: 30px;\n  margin-bottom: 10px;\n}\n#section_1957341600 .section-bg.bg-loaded {\n  background-image: url(https:\/\/schaumweinkontor.com\/wp-content\/uploads\/2022\/06\/landscape-illu-gold-transp.png);\n}\n<\/style>\n\t<\/section>\n\t\n<div class=\"row row-full-width align-middle align-center\"  id=\"row-323174285\">\n\n\n\t<div id=\"col-1847011214\" class=\"col small-12 large-12\"  >\n\t\t\t\t<div class=\"col-inner\"  >\n\t\t\t\n\t\t\t\n\n\n  \n    <div class=\"row margin-auto equalize-box large-columns-3 medium-columns- small-columns-2 row-large has-shadow row-box-shadow-2 row-box-shadow-4-hover\" >\n  \t<\/div>\n\n\n\t\t<\/div>\n\t\t\t\t\t<\/div>\n\n\t\n\n\n<style>\n#row-323174285 > .col > .col-inner {\n  padding: 15px 0px 0px 0px;\n}\n<\/style>\n<\/div>\n<div class=\"text-center\"><div class=\"is-divider divider clearfix\" style=\"margin-top:3em;margin-bottom:3em;max-width:100%;height:2px;background-color:rgba(183, 149, 73, 0.419);\"><\/div><\/div>\n\n\t<section class=\"section bg_winzer hide-for-medium\" id=\"section_230234903\">\n\t\t<div class=\"bg section-bg fill bg-fill  \" >\n\n\t\t\t\n\t\t\t\n\t\t\t\n\n\t\t<\/div>\n\n\t\t\n\n\t\t<div class=\"section-content relative\">\n\t\t\t\n\n<div class=\"row align-middle align-center\"  id=\"row-581783516\">\n\n\n\t<div id=\"col-1663839837\" class=\"col small-12 large-12\"  >\n\t\t\t\t<div class=\"col-inner\"  >\n\t\t\t\n\t\t\t\n\n<h2 id=\"ceci-spumante\" class=\"uppercase\" style=\"text-align: center;\">CECI 1813<\/h2>\n\n\t\t<\/div>\n\t\t\t\t\t<\/div>\n\n\t\n\n\n<style>\n#row-581783516 > .col > .col-inner {\n  padding: 15px 0px 0px 0px;\n}\n<\/style>\n<\/div>\n\n\t\t<\/div>\n\n\t\t\n<style>\n#section_230234903 {\n  padding-top: 20px;\n  padding-bottom: 20px;\n  margin-bottom: 0px;\n}\n#section_230234903 .section-bg.bg-loaded {\n  background-image: url(https:\/\/schaumweinkontor.com\/wp-content\/uploads\/2022\/06\/landscape-illu-gold-transp.png);\n}\n<\/style>\n\t<\/section>\n\t\n\t<section class=\"section hide-for-medium\" id=\"section_2109046582\">\n\t\t<div class=\"bg section-bg fill bg-fill  bg-loaded\" >\n\n\t\t\t\n\t\t\t\n\t\t\t\n\n\t\t<\/div>\n\n\t\t\n\n\t\t<div class=\"section-content relative\">\n\t\t\t\n\n<div class=\"row row-full-width align-middle align-center\"  id=\"row-1922952198\">\n\n\n\t<div id=\"col-1183495324\" class=\"col small-12 large-12\"  >\n\t\t\t\t<div class=\"col-inner\"  >\n\t\t\t\n\t\t\t\n\n\n  \n    <div class=\"row margin-auto equalize-box large-columns-3 medium-columns- small-columns-2 row-large has-shadow row-box-shadow-2 row-box-shadow-4-hover\" >\n  \t\n\t     <div class=\"col\" data-animate=\"fadeInUp\">\n\t\t\t\t\t\t<div class=\"col-inner\">\n\t\t\t\t\t\t\n<div class=\"badge-container badge-custom absolute right top z-1\">\n\n<\/div>\n\t\t\t\t\t\t<div class=\"product-small box margin-auto has-hover box-normal box-text-bottom\">\n\t\t\t\t\t\t\t<div class=\"box-image\" >\n\t\t\t\t\t\t\t\t<div class=\"\" >\n\t\t\t\t\t\t\t\t\t<a href=\"https:\/\/schaumweinkontor.com\/en\/produkt\/ceci-otello-wine-color-gold-brut-p-bianco-075-l\/\" aria-label=\"Ceci Otello Wine Color GOLD Brut P. Bianco 0,75 L\">\n\t\t\t\t\t\t\t\t\t\t<img loading=\"lazy\" decoding=\"async\" width=\"300\" height=\"300\" src=\"https:\/\/schaumweinkontor.com\/wp-content\/uploads\/2022\/06\/CECI-Otello-Color-GOLD-web-1000x1000-1-300x300.png\" class=\"attachment-medium size-medium\" alt=\"Ceci Otello Wine Color GOLD Brut P. Bianco 0,75 L\" srcset=\"https:\/\/schaumweinkontor.com\/wp-content\/uploads\/2022\/06\/CECI-Otello-Color-GOLD-web-1000x1000-1-300x300.png 300w, https:\/\/schaumweinkontor.com\/wp-content\/uploads\/2022\/06\/CECI-Otello-Color-GOLD-web-1000x1000-1-100x100.png 100w, https:\/\/schaumweinkontor.com\/wp-content\/uploads\/2022\/06\/CECI-Otello-Color-GOLD-web-1000x1000-1-510x510.png 510w, https:\/\/schaumweinkontor.com\/wp-content\/uploads\/2022\/06\/CECI-Otello-Color-GOLD-web-1000x1000-1-150x150.png 150w, https:\/\/schaumweinkontor.com\/wp-content\/uploads\/2022\/06\/CECI-Otello-Color-GOLD-web-1000x1000-1-768x768.png 768w, https:\/\/schaumweinkontor.com\/wp-content\/uploads\/2022\/06\/CECI-Otello-Color-GOLD-web-1000x1000-1.png 1000w\" sizes=\"auto, (max-width: 300px) 100vw, 300px\" \/>\t\t\t\t\t\t\t\t\t<\/a>\n\t\t\t\t\t\t\t\t\t\t\t\t\t\t\t\t\t\t \t\t\t\t\t\t\t\t<\/div>\n\t\t\t\t\t\t\t\t<div class=\"image-tools top right show-on-hover\">\n\t\t\t\t\t\t\t\t\t\t\t\t\t\t\t\t\t<\/div>\n\t\t\t\t\t\t\t\t\t\t\t\t\t\t\t\t\t<div class=\"image-tools grid-tools text-center hide-for-small bottom hover-slide-in show-on-hover\">\n\t\t\t\t\t\t\t\t\t\t\t\t\t\t\t\t\t\t\t<\/div>\n\t\t\t\t\t\t\t\t\t\t\t\t\t\t\t\t\t\t\t\t\t\t\t<\/div>\n\n\t\t\t\t\t\t\t<div class=\"box-text text-center\" >\n\t\t\t\t\t\t\t\t<div class=\"title-wrapper\">\t\t<p class=\"category uppercase is-smaller no-text-overflow product-cat op-7\">\n\t\t\tCeci\t\t<\/p>\n\t<p class=\"name product-title woocommerce-loop-product__title\"><a href=\"https:\/\/schaumweinkontor.com\/en\/produkt\/ceci-otello-wine-color-gold-brut-p-bianco-075-l\/\" class=\"woocommerce-LoopProduct-link woocommerce-loop-product__link\">Ceci Otello Wine Color GOLD Brut P. Bianco 0,75 L<\/a><\/p><\/div><div class=\"price-wrapper\">\n\t<span class=\"price\"><span class=\"woocommerce-Price-amount amount\" role=\"none\"><bdi><span class=\"woocommerce-Price-currencySymbol\">&euro;<\/span>&nbsp;16,00<\/bdi><\/span> <small class=\"woocommerce-price-suffix\">inkl. MwSt.<\/small><\/span>\n<\/div><div class=\"add-to-cart-button\"><a href=\"\/en\/wp-json\/wp\/v2\/pages\/4628?add-to-cart=4659\" aria-describedby=\"woocommerce_loop_add_to_cart_link_describedby_4659\" data-quantity=\"1\" class=\"primary is-small mb-0 button product_type_simple add_to_cart_button ajax_add_to_cart is-outline\" data-product_id=\"4659\" data-product_sku=\"100300261\" aria-label=\"Add to cart: &ldquo;Ceci Otello Wine Color GOLD Brut P. Bianco 0,75 L&rdquo;\" rel=\"nofollow\" data-success_message=\"&ldquo;Ceci Otello Wine Color GOLD Brut P. Bianco 0,75 L&rdquo; has been added to your cart\" role=\"button\">Add to cart<\/a><\/div>\t<span id=\"woocommerce_loop_add_to_cart_link_describedby_4659\" class=\"screen-reader-text\">\n\t\t\t<\/span>\n\t\t\t\t\t\t\t<\/div>\n\t\t\t\t\t\t<\/div>\n\t\t\t\t\t\t<\/div>\n\t\t\t\t\t<\/div><div class=\"col\" data-animate=\"fadeInUp\">\n\t\t\t\t\t\t<div class=\"col-inner\">\n\t\t\t\t\t\t\n<div class=\"badge-container badge-custom absolute right top z-1\">\n\n<\/div>\n\t\t\t\t\t\t<div class=\"product-small box margin-auto has-hover box-normal box-text-bottom\">\n\t\t\t\t\t\t\t<div class=\"box-image\" >\n\t\t\t\t\t\t\t\t<div class=\"\" >\n\t\t\t\t\t\t\t\t\t<a href=\"https:\/\/schaumweinkontor.com\/en\/produkt\/ceci-otello-wine-color-spumante-brut-075-l\/\" aria-label=\"Ceci Otello Wine Color Spumante Brut 0,75 L\">\n\t\t\t\t\t\t\t\t\t\t<img loading=\"lazy\" decoding=\"async\" width=\"300\" height=\"300\" src=\"https:\/\/schaumweinkontor.com\/wp-content\/uploads\/2022\/06\/CECI-Otello-Color-ALLE-web-1000x1000-1-300x300.png\" class=\"attachment-medium size-medium\" alt=\"Ceci Otello Wine Color Spumante Brut 0,75 L\" srcset=\"https:\/\/schaumweinkontor.com\/wp-content\/uploads\/2022\/06\/CECI-Otello-Color-ALLE-web-1000x1000-1-300x300.png 300w, https:\/\/schaumweinkontor.com\/wp-content\/uploads\/2022\/06\/CECI-Otello-Color-ALLE-web-1000x1000-1-100x100.png 100w, https:\/\/schaumweinkontor.com\/wp-content\/uploads\/2022\/06\/CECI-Otello-Color-ALLE-web-1000x1000-1-510x510.png 510w, https:\/\/schaumweinkontor.com\/wp-content\/uploads\/2022\/06\/CECI-Otello-Color-ALLE-web-1000x1000-1-150x150.png 150w, https:\/\/schaumweinkontor.com\/wp-content\/uploads\/2022\/06\/CECI-Otello-Color-ALLE-web-1000x1000-1-768x768.png 768w, https:\/\/schaumweinkontor.com\/wp-content\/uploads\/2022\/06\/CECI-Otello-Color-ALLE-web-1000x1000-1.png 1000w\" sizes=\"auto, (max-width: 300px) 100vw, 300px\" \/>\t\t\t\t\t\t\t\t\t<\/a>\n\t\t\t\t\t\t\t\t\t\t\t\t\t\t\t\t\t\t \t\t\t\t\t\t\t\t<\/div>\n\t\t\t\t\t\t\t\t<div class=\"image-tools top right show-on-hover\">\n\t\t\t\t\t\t\t\t\t\t\t\t\t\t\t\t\t<\/div>\n\t\t\t\t\t\t\t\t\t\t\t\t\t\t\t\t\t<div class=\"image-tools grid-tools text-center hide-for-small bottom hover-slide-in show-on-hover\">\n\t\t\t\t\t\t\t\t\t\t\t\t\t\t\t\t\t\t\t<\/div>\n\t\t\t\t\t\t\t\t\t\t\t\t\t\t\t\t\t\t\t\t\t\t\t<\/div>\n\n\t\t\t\t\t\t\t<div class=\"box-text text-center\" >\n\t\t\t\t\t\t\t\t<div class=\"title-wrapper\">\t\t<p class=\"category uppercase is-smaller no-text-overflow product-cat op-7\">\n\t\t\tCeci\t\t<\/p>\n\t<p class=\"name product-title woocommerce-loop-product__title\"><a href=\"https:\/\/schaumweinkontor.com\/en\/produkt\/ceci-otello-wine-color-spumante-brut-075-l\/\" class=\"woocommerce-LoopProduct-link woocommerce-loop-product__link\">Ceci Otello Wine Color Spumante Brut 0,75 L<\/a><\/p><\/div><div class=\"price-wrapper\">\n\t<span class=\"price\"><span class=\"woocommerce-Price-amount amount\" role=\"none\"><bdi><span class=\"woocommerce-Price-currencySymbol\">&euro;<\/span>&nbsp;16,00<\/bdi><\/span> <small class=\"woocommerce-price-suffix\">inkl. MwSt.<\/small><\/span>\n<\/div><div class=\"add-to-cart-button\"><a href=\"\/en\/wp-json\/wp\/v2\/pages\/4628?add-to-cart=4763\" aria-describedby=\"woocommerce_loop_add_to_cart_link_describedby_4763\" data-quantity=\"1\" class=\"primary is-small mb-0 button product_type_simple add_to_cart_button ajax_add_to_cart is-outline\" data-product_id=\"4763\" data-product_sku=\"100300258\" aria-label=\"Add to cart: &ldquo;Ceci Otello Wine Color Spumante Brut 0,75 L&rdquo;\" rel=\"nofollow\" data-success_message=\"&ldquo;Ceci Otello Wine Color Spumante Brut 0,75 L&rdquo; has been added to your cart\" role=\"button\">Add to cart<\/a><\/div>\t<span id=\"woocommerce_loop_add_to_cart_link_describedby_4763\" class=\"screen-reader-text\">\n\t\t\t<\/span>\n\t\t\t\t\t\t\t<\/div>\n\t\t\t\t\t\t<\/div>\n\t\t\t\t\t\t<\/div>\n\t\t\t\t\t<\/div><\/div>\n\n<div class=\"text-center\"><div class=\"is-divider divider clearfix\" style=\"margin-top:3em;margin-bottom:3em;max-width:100%;height:2px;background-color:rgba(183, 149, 73, 0.419);\"><\/div><\/div>\n\n\n\t\t<\/div>\n\t\t\t\t\t<\/div>\n\n\t\n\n\n<style>\n#row-1922952198 > .col > .col-inner {\n  padding: 15px 0px 0px 0px;\n}\n<\/style>\n<\/div>\n\n\t\t<\/div>\n\n\t\t\n<style>\n#section_2109046582 {\n  padding-top: 0px;\n  padding-bottom: 0px;\n}\n<\/style>\n\t<\/section>\n\t\n\t<section class=\"section bg_winzer hide-for-medium\" id=\"section_1487913138\">\n\t\t<div class=\"bg section-bg fill bg-fill  \" >\n\n\t\t\t\n\t\t\t\n\t\t\t\n\n\t\t<\/div>\n\n\t\t\n\n\t\t<div class=\"section-content relative\">\n\t\t\t\n\n<div class=\"row align-middle align-center\"  id=\"row-398690043\">\n\n\n\t<div id=\"col-59942188\" class=\"col small-12 large-12\"  >\n\t\t\t\t<div class=\"col-inner\"  >\n\t\t\t\n\t\t\t\n\n<div id=\"sandago\">\n<h2 class=\"uppercase\" style=\"text-align: center;\">COL SANDaGO<\/h2>\n<\/div>\n\n\t\t<\/div>\n\t\t\t\t\t<\/div>\n\n\t\n\n\n<style>\n#row-398690043 > .col > .col-inner {\n  padding: 15px 0px 0px 0px;\n}\n<\/style>\n<\/div>\n\n\t\t<\/div>\n\n\t\t\n<style>\n#section_1487913138 {\n  padding-top: 20px;\n  padding-bottom: 20px;\n  margin-bottom: 0px;\n}\n#section_1487913138 .section-bg.bg-loaded {\n  background-image: url(https:\/\/schaumweinkontor.com\/wp-content\/uploads\/2022\/06\/landscape-illu-gold-transp.png);\n}\n<\/style>\n\t<\/section>\n\t\n<div class=\"row row-full-width align-middle align-center\"  id=\"row-1346288140\">\n\n\n\t<div id=\"col-2142895426\" class=\"col small-12 large-12\"  >\n\t\t\t\t<div class=\"col-inner\"  >\n\t\t\t\n\t\t\t\n\n\n  \n    <div class=\"row margin-auto equalize-box large-columns-3 medium-columns- small-columns-2 row-large has-shadow row-box-shadow-2 row-box-shadow-4-hover\" >\n  \t<\/div>\n\n\n\t\t<\/div>\n\t\t\t\t\t<\/div>\n\n\t\n\n\n<style>\n#row-1346288140 > .col > .col-inner {\n  padding: 15px 0px 0px 0px;\n}\n<\/style>\n<\/div>\n<div class=\"text-center\"><div class=\"is-divider divider clearfix\" style=\"margin-top:3em;margin-bottom:3em;max-width:100%;height:2px;background-color:rgba(183, 149, 73, 0.419);\"><\/div><\/div>\n\n\t<section class=\"section bg_winzer hide-for-medium\" id=\"section_20322319\">\n\t\t<div class=\"bg section-bg fill bg-fill  \" >\n\n\t\t\t\n\t\t\t\n\t\t\t\n\n\t\t<\/div>\n\n\t\t\n\n\t\t<div class=\"section-content relative\">\n\t\t\t\n\n<div class=\"row align-middle align-center\"  id=\"row-203036814\">\n\n\n\t<div id=\"col-100781553\" class=\"col small-12 large-12\"  >\n\t\t\t\t<div class=\"col-inner\"  >\n\t\t\t\n\t\t\t\n\n<div id=\"simone\">\n<h2 class=\"uppercase\" style=\"text-align: center;\">Villa Simone<\/h2>\n<\/div>\n\n\t\t<\/div>\n\t\t\t\t\t<\/div>\n\n\t\n\n\n<style>\n#row-203036814 > .col > .col-inner {\n  padding: 15px 0px 0px 0px;\n}\n<\/style>\n<\/div>\n\n\t\t<\/div>\n\n\t\t\n<style>\n#section_20322319 {\n  padding-top: 20px;\n  padding-bottom: 20px;\n  margin-bottom: 30px;\n}\n#section_20322319 .section-bg.bg-loaded {\n  background-image: url(https:\/\/schaumweinkontor.com\/wp-content\/uploads\/2022\/06\/landscape-illu-gold-transp.png);\n}\n<\/style>\n\t<\/section>\n\t\n<div class=\"row row-full-width align-middle align-center\"  id=\"row-1731655594\">\n\n\n\t<div id=\"col-1954339605\" class=\"col small-12 large-12\"  >\n\t\t\t\t<div class=\"col-inner\"  >\n\t\t\t\n\t\t\t\n\n\n  \n    <div class=\"row margin-auto equalize-box large-columns-3 medium-columns- small-columns-2 row-large has-shadow row-box-shadow-2 row-box-shadow-4-hover\" >\n  \t\n\t     <div class=\"col\" data-animate=\"fadeInUp\">\n\t\t\t\t\t\t<div class=\"col-inner\">\n\t\t\t\t\t\t\n<div class=\"badge-container badge-custom absolute right top z-1\">\n\n<\/div>\n\t\t\t\t\t\t<div class=\"product-small box margin-auto has-hover box-normal box-text-bottom\">\n\t\t\t\t\t\t\t<div class=\"box-image\" >\n\t\t\t\t\t\t\t\t<div class=\"\" >\n\t\t\t\t\t\t\t\t\t<a href=\"https:\/\/schaumweinkontor.com\/en\/produkt\/villa-simone-frascati-spumante-brut-075-l\/\" aria-label=\"Villa Simone Frascati Spumante Brut 0,75 L\">\n\t\t\t\t\t\t\t\t\t\t<img loading=\"lazy\" decoding=\"async\" width=\"300\" height=\"300\" src=\"https:\/\/schaumweinkontor.com\/wp-content\/uploads\/2022\/07\/Villa-Simona-300x300.png\" class=\"attachment-medium size-medium\" alt=\"Villa Simone Frascati Spumante Brut 0,75 L\" srcset=\"https:\/\/schaumweinkontor.com\/wp-content\/uploads\/2022\/07\/Villa-Simona-300x300.png 300w, https:\/\/schaumweinkontor.com\/wp-content\/uploads\/2022\/07\/Villa-Simona-100x100.png 100w, https:\/\/schaumweinkontor.com\/wp-content\/uploads\/2022\/07\/Villa-Simona-510x510.png 510w, https:\/\/schaumweinkontor.com\/wp-content\/uploads\/2022\/07\/Villa-Simona-150x150.png 150w, https:\/\/schaumweinkontor.com\/wp-content\/uploads\/2022\/07\/Villa-Simona-768x768.png 768w, https:\/\/schaumweinkontor.com\/wp-content\/uploads\/2022\/07\/Villa-Simona.png 1000w\" sizes=\"auto, (max-width: 300px) 100vw, 300px\" \/>\t\t\t\t\t\t\t\t\t<\/a>\n\t\t\t\t\t\t\t\t\t\t\t\t\t\t\t\t\t\t \t\t\t\t\t\t\t\t<\/div>\n\t\t\t\t\t\t\t\t<div class=\"image-tools top right show-on-hover\">\n\t\t\t\t\t\t\t\t\t\t\t\t\t\t\t\t\t<\/div>\n\t\t\t\t\t\t\t\t\t\t\t\t\t\t\t\t\t<div class=\"image-tools grid-tools text-center hide-for-small bottom hover-slide-in show-on-hover\">\n\t\t\t\t\t\t\t\t\t\t\t\t\t\t\t\t\t\t\t<\/div>\n\t\t\t\t\t\t\t\t\t\t\t\t\t\t\t\t\t\t\t\t\t\t\t<\/div>\n\n\t\t\t\t\t\t\t<div class=\"box-text text-center\" >\n\t\t\t\t\t\t\t\t<div class=\"title-wrapper\">\t\t<p class=\"category uppercase is-smaller no-text-overflow product-cat op-7\">\n\t\t\tVilla Simone\t\t<\/p>\n\t<p class=\"name product-title woocommerce-loop-product__title\"><a href=\"https:\/\/schaumweinkontor.com\/en\/produkt\/villa-simone-frascati-spumante-brut-075-l\/\" class=\"woocommerce-LoopProduct-link woocommerce-loop-product__link\">Villa Simone Frascati Spumante Brut 0,75 L<\/a><\/p><\/div><div class=\"price-wrapper\">\n\t<span class=\"price\"><span class=\"woocommerce-Price-amount amount\" role=\"none\"><bdi><span class=\"woocommerce-Price-currencySymbol\">&euro;<\/span>&nbsp;10,95<\/bdi><\/span> <small class=\"woocommerce-price-suffix\">inkl. MwSt.<\/small><\/span>\n<\/div><div class=\"add-to-cart-button\"><a href=\"\/en\/wp-json\/wp\/v2\/pages\/4628?add-to-cart=4734\" aria-describedby=\"woocommerce_loop_add_to_cart_link_describedby_4734\" data-quantity=\"1\" class=\"primary is-small mb-0 button product_type_simple add_to_cart_button ajax_add_to_cart is-outline\" data-product_id=\"4734\" data-product_sku=\"65003-1\" aria-label=\"Add to cart: &ldquo;Villa Simone Frascati Spumante Brut 0,75 L&rdquo;\" rel=\"nofollow\" data-success_message=\"&ldquo;Villa Simone Frascati Spumante Brut 0,75 L&rdquo; has been added to your cart\" role=\"button\">Add to cart<\/a><\/div>\t<span id=\"woocommerce_loop_add_to_cart_link_describedby_4734\" class=\"screen-reader-text\">\n\t\t\t<\/span>\n\t\t\t\t\t\t\t<\/div>\n\t\t\t\t\t\t<\/div>\n\t\t\t\t\t\t<\/div>\n\t\t\t\t\t<\/div><\/div>\n\n\n\t\t<\/div>\n\t\t\t\t\t<\/div>\n\n\t\n\n\n<style>\n#row-1731655594 > .col > .col-inner {\n  padding: 15px 0px 0px 0px;\n}\n<\/style>\n<\/div>\n<div class=\"row row-collapse row-full-width align-middle blau-verlauf\"  id=\"row-248972564\">\n\n\n\t<div id=\"col-104884944\" class=\"col medium-6 small-12 large-6\"  >\n\t\t\t\t<div class=\"col-inner\"  >\n\t\t\t\n\t\t\t\n\n\t<div id=\"text-217321380\" class=\"text\">\n\t\t\n\n<h2> Italy <\/h2>\n\t\t\n<style>\n#text-217321380 {\n  font-size: 1.5rem;\n  line-height: 2;\n}\n<\/style>\n\t<\/div>\n\t\n\n\t\t<\/div>\n\t\t\t\t\t<\/div>\n\n\t\n\n\t<div id=\"col-1070189419\" class=\"col medium-6 small-12 large-6\"  >\n\t\t\t\t<div class=\"col-inner\"  >\n\t\t\t\n\t\t\t\n\n<h5 id=\"franciacorta\" class=\"uppercase\" style=\"text-align: right;\"><span style=\"color: #b79549;\">Franciacorta<\/span><\/h5>\n\n\t\t<\/div>\n\t\t\t\t\t<\/div>\n\n\t\n\n\n<style>\n#row-248972564 > .col > .col-inner {\n  padding: 0px 20px 0px 20px;\n  border-radius: 74px;\n}\n<\/style>\n<\/div>\n\t<section class=\"section bg_winzer hide-for-medium\" id=\"section_1544872292\">\n\t\t<div class=\"bg section-bg fill bg-fill  \" >\n\n\t\t\t\n\t\t\t\n\t\t\t\n\n\t\t<\/div>\n\n\t\t\n\n\t\t<div class=\"section-content relative\">\n\t\t\t\n\n<div class=\"row align-middle align-center\"  id=\"row-1994144899\">\n\n\n\t<div id=\"col-939022643\" class=\"col small-12 large-12\"  >\n\t\t\t\t<div class=\"col-inner\"  >\n\t\t\t\n\t\t\t\n\n<div id=\"villa\">\n<h2 class=\"uppercase\" style=\"text-align: center;\">Villa Franciacorta<\/h2>\n<\/div>\n\n\t\t<\/div>\n\t\t\t\t\t<\/div>\n\n\t\n\n\n<style>\n#row-1994144899 > .col > .col-inner {\n  padding: 15px 0px 0px 0px;\n}\n<\/style>\n<\/div>\n\n\t\t<\/div>\n\n\t\t\n<style>\n#section_1544872292 {\n  padding-top: 20px;\n  padding-bottom: 20px;\n  margin-bottom: 30px;\n}\n#section_1544872292 .section-bg.bg-loaded {\n  background-image: url(https:\/\/schaumweinkontor.com\/wp-content\/uploads\/2022\/06\/landscape-illu-gold-transp.png);\n}\n<\/style>\n\t<\/section>\n\t\n<div class=\"row row-full-width align-middle align-center\"  id=\"row-1979659745\">\n\n\n\t<div id=\"col-1973088684\" class=\"col small-12 large-12\"  >\n\t\t\t\t<div class=\"col-inner\"  >\n\t\t\t\n\t\t\t\n\n\n  \n    <div class=\"row margin-auto equalize-box large-columns-3 medium-columns- small-columns-2 row-large has-shadow row-box-shadow-2 row-box-shadow-4-hover\" >\n  \t\n\t     <div class=\"col\" data-animate=\"fadeInUp\">\n\t\t\t\t\t\t<div class=\"col-inner\">\n\t\t\t\t\t\t\n<div class=\"badge-container badge-custom absolute right top z-1\">\n\n<\/div>\n\t\t\t\t\t\t<div class=\"product-small box margin-auto has-hover box-normal box-text-bottom\">\n\t\t\t\t\t\t\t<div class=\"box-image\" >\n\t\t\t\t\t\t\t\t<div class=\"\" >\n\t\t\t\t\t\t\t\t\t<a href=\"https:\/\/schaumweinkontor.com\/en\/produkt\/villa-franciacorta-docg-brut-emozione-2015-2016-075-l\/\" aria-label=\"Villa Franciacorta DOCG Brut Emozione 2019 0,75 l BIO\">\n\t\t\t\t\t\t\t\t\t\t<img loading=\"lazy\" decoding=\"async\" width=\"300\" height=\"300\" src=\"https:\/\/schaumweinkontor.com\/wp-content\/uploads\/2024\/04\/Emozione-2019-300x300.png\" class=\"attachment-medium size-medium\" alt=\"Villa Franciacorta DOCG Brut Emozione 2019 BIO \" srcset=\"https:\/\/schaumweinkontor.com\/wp-content\/uploads\/2024\/04\/Emozione-2019-300x300.png 300w, https:\/\/schaumweinkontor.com\/wp-content\/uploads\/2024\/04\/Emozione-2019-150x150.png 150w, https:\/\/schaumweinkontor.com\/wp-content\/uploads\/2024\/04\/Emozione-2019-768x768.png 768w, https:\/\/schaumweinkontor.com\/wp-content\/uploads\/2024\/04\/Emozione-2019-510x510.png 510w, https:\/\/schaumweinkontor.com\/wp-content\/uploads\/2024\/04\/Emozione-2019-100x100.png 100w, https:\/\/schaumweinkontor.com\/wp-content\/uploads\/2024\/04\/Emozione-2019.png 1000w\" sizes=\"auto, (max-width: 300px) 100vw, 300px\" \/>\t\t\t\t\t\t\t\t\t<\/a>\n\t\t\t\t\t\t\t\t\t\t\t\t\t\t\t\t\t\t \t\t\t\t\t\t\t\t<\/div>\n\t\t\t\t\t\t\t\t<div class=\"image-tools top right show-on-hover\">\n\t\t\t\t\t\t\t\t\t\t\t\t\t\t\t\t\t<\/div>\n\t\t\t\t\t\t\t\t\t\t\t\t\t\t\t\t\t<div class=\"image-tools grid-tools text-center hide-for-small bottom hover-slide-in show-on-hover\">\n\t\t\t\t\t\t\t\t\t\t\t\t\t\t\t\t\t\t\t<\/div>\n\t\t\t\t\t\t\t\t\t\t\t\t\t\t\t\t\t\t\t\t\t\t\t<\/div>\n\n\t\t\t\t\t\t\t<div class=\"box-text text-center\" >\n\t\t\t\t\t\t\t\t<div class=\"title-wrapper\">\t\t<p class=\"category uppercase is-smaller no-text-overflow product-cat op-7\">\n\t\t\tVilla Franciacorta\t\t<\/p>\n\t<p class=\"name product-title woocommerce-loop-product__title\"><a href=\"https:\/\/schaumweinkontor.com\/en\/produkt\/villa-franciacorta-docg-brut-emozione-2015-2016-075-l\/\" class=\"woocommerce-LoopProduct-link woocommerce-loop-product__link\">Villa Franciacorta DOCG Brut Emozione 2019 0,75 l BIO<\/a><\/p><\/div><div class=\"price-wrapper\">\n\t<span class=\"price\"><span class=\"woocommerce-Price-amount amount\" role=\"none\"><bdi><span class=\"woocommerce-Price-currencySymbol\">&euro;<\/span>&nbsp;31,60<\/bdi><\/span> <small class=\"woocommerce-price-suffix\">inkl. MwSt.<\/small><\/span>\n<\/div><div class=\"add-to-cart-button\"><a href=\"\/en\/wp-json\/wp\/v2\/pages\/4628?add-to-cart=4810\" aria-describedby=\"woocommerce_loop_add_to_cart_link_describedby_4810\" data-quantity=\"1\" class=\"primary is-small mb-0 button product_type_simple add_to_cart_button ajax_add_to_cart is-outline\" data-product_id=\"4810\" data-product_sku=\"100300133\" aria-label=\"Add to cart: &ldquo;Villa Franciacorta DOCG Brut Emozione 2019 0,75 l BIO&rdquo;\" rel=\"nofollow\" data-success_message=\"&ldquo;Villa Franciacorta DOCG Brut Emozione 2019 0,75 l BIO&rdquo; has been added to your cart\" role=\"button\">Add to cart<\/a><\/div>\t<span id=\"woocommerce_loop_add_to_cart_link_describedby_4810\" class=\"screen-reader-text\">\n\t\t\t<\/span>\n\t\t\t\t\t\t\t<\/div>\n\t\t\t\t\t\t<\/div>\n\t\t\t\t\t\t<\/div>\n\t\t\t\t\t<\/div><div class=\"col\" data-animate=\"fadeInUp\">\n\t\t\t\t\t\t<div class=\"col-inner\">\n\t\t\t\t\t\t\n<div class=\"badge-container badge-custom absolute right top z-1\">\n\n<\/div>\n\t\t\t\t\t\t<div class=\"product-small box margin-auto has-hover box-normal box-text-bottom\">\n\t\t\t\t\t\t\t<div class=\"box-image\" >\n\t\t\t\t\t\t\t\t<div class=\"\" >\n\t\t\t\t\t\t\t\t\t<a href=\"https:\/\/schaumweinkontor.com\/en\/produkt\/villa-franciacorta-docg-mon-saten-brut-2016-075-l\/\" aria-label=\"Villa Franciacorta DOCG Mon Sat\u00e8n Brut 2018 BIO 0,75 l\">\n\t\t\t\t\t\t\t\t\t\t<img loading=\"lazy\" decoding=\"async\" width=\"300\" height=\"300\" src=\"https:\/\/schaumweinkontor.com\/wp-content\/uploads\/2022\/06\/Villa_Saten-300x300.png\" class=\"attachment-medium size-medium\" alt=\"Villa Franciacorta DOCG Mon Sat\u00e8n Brut 2018 BIO \" srcset=\"https:\/\/schaumweinkontor.com\/wp-content\/uploads\/2022\/06\/Villa_Saten-300x300.png 300w, https:\/\/schaumweinkontor.com\/wp-content\/uploads\/2022\/06\/Villa_Saten-100x100.png 100w, https:\/\/schaumweinkontor.com\/wp-content\/uploads\/2022\/06\/Villa_Saten-510x510.png 510w, https:\/\/schaumweinkontor.com\/wp-content\/uploads\/2022\/06\/Villa_Saten-150x150.png 150w, https:\/\/schaumweinkontor.com\/wp-content\/uploads\/2022\/06\/Villa_Saten-768x768.png 768w, https:\/\/schaumweinkontor.com\/wp-content\/uploads\/2022\/06\/Villa_Saten.png 1000w\" sizes=\"auto, (max-width: 300px) 100vw, 300px\" \/>\t\t\t\t\t\t\t\t\t<\/a>\n\t\t\t\t\t\t\t\t\t\t\t\t\t\t\t\t\t\t \t\t\t\t\t\t\t\t<\/div>\n\t\t\t\t\t\t\t\t<div class=\"image-tools top right show-on-hover\">\n\t\t\t\t\t\t\t\t\t\t\t\t\t\t\t\t\t<\/div>\n\t\t\t\t\t\t\t\t\t\t\t\t\t\t\t\t\t<div class=\"image-tools grid-tools text-center hide-for-small bottom hover-slide-in show-on-hover\">\n\t\t\t\t\t\t\t\t\t\t\t\t\t\t\t\t\t\t\t<\/div>\n\t\t\t\t\t\t\t\t\t\t\t\t\t\t\t\t\t\t\t\t\t\t\t<\/div>\n\n\t\t\t\t\t\t\t<div class=\"box-text text-center\" >\n\t\t\t\t\t\t\t\t<div class=\"title-wrapper\">\t\t<p class=\"category uppercase is-smaller no-text-overflow product-cat op-7\">\n\t\t\tVilla Franciacorta\t\t<\/p>\n\t<p class=\"name product-title woocommerce-loop-product__title\"><a href=\"https:\/\/schaumweinkontor.com\/en\/produkt\/villa-franciacorta-docg-mon-saten-brut-2016-075-l\/\" class=\"woocommerce-LoopProduct-link woocommerce-loop-product__link\">Villa Franciacorta DOCG Mon Sat\u00e8n Brut 2018 BIO 0,75 l<\/a><\/p><\/div><div class=\"price-wrapper\">\n\t<span class=\"price\"><span class=\"woocommerce-Price-amount amount\" role=\"none\"><bdi><span class=\"woocommerce-Price-currencySymbol\">&euro;<\/span>&nbsp;34,90<\/bdi><\/span> <small class=\"woocommerce-price-suffix\">inkl. MwSt.<\/small><\/span>\n<\/div><div class=\"add-to-cart-button\"><a href=\"\/en\/wp-json\/wp\/v2\/pages\/4628?add-to-cart=4753\" aria-describedby=\"woocommerce_loop_add_to_cart_link_describedby_4753\" data-quantity=\"1\" class=\"primary is-small mb-0 button product_type_simple add_to_cart_button ajax_add_to_cart is-outline\" data-product_id=\"4753\" data-product_sku=\"100300137\" aria-label=\"Add to cart: &ldquo;Villa Franciacorta DOCG Mon Sat\u00e8n Brut 2018 BIO 0,75 l&rdquo;\" rel=\"nofollow\" data-success_message=\"&ldquo;Villa Franciacorta DOCG Mon Sat\u00e8n Brut 2018 BIO 0,75 l&rdquo; has been added to your cart\" role=\"button\">Add to cart<\/a><\/div>\t<span id=\"woocommerce_loop_add_to_cart_link_describedby_4753\" class=\"screen-reader-text\">\n\t\t\t<\/span>\n\t\t\t\t\t\t\t<\/div>\n\t\t\t\t\t\t<\/div>\n\t\t\t\t\t\t<\/div>\n\t\t\t\t\t<\/div><div class=\"col\" data-animate=\"fadeInUp\">\n\t\t\t\t\t\t<div class=\"col-inner\">\n\t\t\t\t\t\t\n<div class=\"badge-container badge-custom absolute right top z-1\">\n\n<\/div>\n\t\t\t\t\t\t<div class=\"product-small box margin-auto has-hover box-normal box-text-bottom\">\n\t\t\t\t\t\t\t<div class=\"box-image\" >\n\t\t\t\t\t\t\t\t<div class=\"\" >\n\t\t\t\t\t\t\t\t\t<a href=\"https:\/\/schaumweinkontor.com\/en\/produkt\/villa-franciacorta-docg-boke-rose-2016-075-l\/\" aria-label=\"Villa Franciacorta DOCG Bok\u00e9 Rose 2019 0,75 L BIO\">\n\t\t\t\t\t\t\t\t\t\t<img loading=\"lazy\" decoding=\"async\" width=\"300\" height=\"300\" src=\"https:\/\/schaumweinkontor.com\/wp-content\/uploads\/2022\/04\/Villa-Franciacorta-Boke-Rose-Brut-075-1000x1000px-300x300.png\" class=\"attachment-medium size-medium\" alt=\"Villa Franciacorta DOCG Bok\u00e9 Rose 2019 0,75 L BIO\" srcset=\"https:\/\/schaumweinkontor.com\/wp-content\/uploads\/2022\/04\/Villa-Franciacorta-Boke-Rose-Brut-075-1000x1000px-300x300.png 300w, https:\/\/schaumweinkontor.com\/wp-content\/uploads\/2022\/04\/Villa-Franciacorta-Boke-Rose-Brut-075-1000x1000px-100x100.png 100w, https:\/\/schaumweinkontor.com\/wp-content\/uploads\/2022\/04\/Villa-Franciacorta-Boke-Rose-Brut-075-1000x1000px-510x510.png 510w, https:\/\/schaumweinkontor.com\/wp-content\/uploads\/2022\/04\/Villa-Franciacorta-Boke-Rose-Brut-075-1000x1000px-150x150.png 150w, https:\/\/schaumweinkontor.com\/wp-content\/uploads\/2022\/04\/Villa-Franciacorta-Boke-Rose-Brut-075-1000x1000px-768x768.png 768w, https:\/\/schaumweinkontor.com\/wp-content\/uploads\/2022\/04\/Villa-Franciacorta-Boke-Rose-Brut-075-1000x1000px.png 1001w\" sizes=\"auto, (max-width: 300px) 100vw, 300px\" \/>\t\t\t\t\t\t\t\t\t<\/a>\n\t\t\t\t\t\t\t\t\t\t\t\t\t\t\t\t\t\t \t\t\t\t\t\t\t\t<\/div>\n\t\t\t\t\t\t\t\t<div class=\"image-tools top right show-on-hover\">\n\t\t\t\t\t\t\t\t\t\t\t\t\t\t\t\t\t<\/div>\n\t\t\t\t\t\t\t\t\t\t\t\t\t\t\t\t\t<div class=\"image-tools grid-tools text-center hide-for-small bottom hover-slide-in show-on-hover\">\n\t\t\t\t\t\t\t\t\t\t\t\t\t\t\t\t\t\t\t<\/div>\n\t\t\t\t\t\t\t\t\t\t\t\t\t\t\t\t\t\t\t\t\t\t\t<\/div>\n\n\t\t\t\t\t\t\t<div class=\"box-text text-center\" >\n\t\t\t\t\t\t\t\t<div class=\"title-wrapper\">\t\t<p class=\"category uppercase is-smaller no-text-overflow product-cat op-7\">\n\t\t\tVilla Franciacorta\t\t<\/p>\n\t<p class=\"name product-title woocommerce-loop-product__title\"><a href=\"https:\/\/schaumweinkontor.com\/en\/produkt\/villa-franciacorta-docg-boke-rose-2016-075-l\/\" class=\"woocommerce-LoopProduct-link woocommerce-loop-product__link\">Villa Franciacorta DOCG Bok\u00e9 Rose 2019 0,75 L BIO<\/a><\/p><\/div><div class=\"price-wrapper\">\n\t<span class=\"price\"><span class=\"woocommerce-Price-amount amount\" role=\"none\"><bdi><span class=\"woocommerce-Price-currencySymbol\">&euro;<\/span>&nbsp;35,90<\/bdi><\/span> <small class=\"woocommerce-price-suffix\">inkl. MwSt.<\/small><\/span>\n<\/div><div class=\"add-to-cart-button\"><a href=\"\/en\/wp-json\/wp\/v2\/pages\/4628?add-to-cart=4808\" aria-describedby=\"woocommerce_loop_add_to_cart_link_describedby_4808\" data-quantity=\"1\" class=\"primary is-small mb-0 button product_type_simple add_to_cart_button ajax_add_to_cart is-outline\" data-product_id=\"4808\" data-product_sku=\"100300135\" aria-label=\"Add to cart: &ldquo;Villa Franciacorta DOCG Bok\u00e9 Rose 2019 0,75 L BIO&rdquo;\" rel=\"nofollow\" data-success_message=\"&ldquo;Villa Franciacorta DOCG Bok\u00e9 Rose 2019 0,75 L BIO&rdquo; has been added to your cart\" role=\"button\">Add to cart<\/a><\/div>\t<span id=\"woocommerce_loop_add_to_cart_link_describedby_4808\" class=\"screen-reader-text\">\n\t\t\t<\/span>\n\t\t\t\t\t\t\t<\/div>\n\t\t\t\t\t\t<\/div>\n\t\t\t\t\t\t<\/div>\n\t\t\t\t\t<\/div><div class=\"col\" data-animate=\"fadeInUp\">\n\t\t\t\t\t\t<div class=\"col-inner\">\n\t\t\t\t\t\t\n<div class=\"badge-container badge-custom absolute right top z-1\">\n\n<\/div>\n\t\t\t\t\t\t<div class=\"product-small box margin-auto has-hover box-normal box-text-bottom\">\n\t\t\t\t\t\t\t<div class=\"box-image\" >\n\t\t\t\t\t\t\t\t<div class=\"\" >\n\t\t\t\t\t\t\t\t\t<a href=\"https:\/\/schaumweinkontor.com\/en\/produkt\/villa-franciacorta-docg-diamond-pasdose-2016-075-l\/\" aria-label=\"Villa Franciacorta DOCG Diamond PasDos\u00e9 2018 0,75l BIO\">\n\t\t\t\t\t\t\t\t\t\t<img loading=\"lazy\" decoding=\"async\" width=\"300\" height=\"300\" src=\"https:\/\/schaumweinkontor.com\/wp-content\/uploads\/2022\/06\/diamantpasdose-3-300x300.jpg\" class=\"attachment-medium size-medium\" alt=\"Villa Franciacorta DOCG Diamond PasDos\u00e9 2018 BIO\" srcset=\"https:\/\/schaumweinkontor.com\/wp-content\/uploads\/2022\/06\/diamantpasdose-3-300x300.jpg 300w, https:\/\/schaumweinkontor.com\/wp-content\/uploads\/2022\/06\/diamantpasdose-3-100x100.jpg 100w, https:\/\/schaumweinkontor.com\/wp-content\/uploads\/2022\/06\/diamantpasdose-3-510x510.jpg 510w, https:\/\/schaumweinkontor.com\/wp-content\/uploads\/2022\/06\/diamantpasdose-3-150x150.jpg 150w, https:\/\/schaumweinkontor.com\/wp-content\/uploads\/2022\/06\/diamantpasdose-3-768x768.jpg 768w, https:\/\/schaumweinkontor.com\/wp-content\/uploads\/2022\/06\/diamantpasdose-3.jpg 800w\" sizes=\"auto, (max-width: 300px) 100vw, 300px\" \/>\t\t\t\t\t\t\t\t\t<\/a>\n\t\t\t\t\t\t\t\t\t\t\t\t\t\t\t\t\t\t \t\t\t\t\t\t\t\t<\/div>\n\t\t\t\t\t\t\t\t<div class=\"image-tools top right show-on-hover\">\n\t\t\t\t\t\t\t\t\t\t\t\t\t\t\t\t\t<\/div>\n\t\t\t\t\t\t\t\t\t\t\t\t\t\t\t\t\t<div class=\"image-tools grid-tools text-center hide-for-small bottom hover-slide-in show-on-hover\">\n\t\t\t\t\t\t\t\t\t\t\t\t\t\t\t\t\t\t\t<\/div>\n\t\t\t\t\t\t\t\t\t\t\t\t\t\t\t\t\t\t\t\t\t\t\t<\/div>\n\n\t\t\t\t\t\t\t<div class=\"box-text text-center\" >\n\t\t\t\t\t\t\t\t<div class=\"title-wrapper\">\t\t<p class=\"category uppercase is-smaller no-text-overflow product-cat op-7\">\n\t\t\tVilla Franciacorta\t\t<\/p>\n\t<p class=\"name product-title woocommerce-loop-product__title\"><a href=\"https:\/\/schaumweinkontor.com\/en\/produkt\/villa-franciacorta-docg-diamond-pasdose-2016-075-l\/\" class=\"woocommerce-LoopProduct-link woocommerce-loop-product__link\">Villa Franciacorta DOCG Diamond PasDos\u00e9 2018 0,75l BIO<\/a><\/p><\/div><div class=\"price-wrapper\">\n\t<span class=\"price\"><span class=\"woocommerce-Price-amount amount\" role=\"none\"><bdi><span class=\"woocommerce-Price-currencySymbol\">&euro;<\/span>&nbsp;36,50<\/bdi><\/span> <small class=\"woocommerce-price-suffix\">inkl. MwSt.<\/small><\/span>\n<\/div><div class=\"add-to-cart-button\"><a href=\"\/en\/wp-json\/wp\/v2\/pages\/4628?add-to-cart=4811\" aria-describedby=\"woocommerce_loop_add_to_cart_link_describedby_4811\" data-quantity=\"1\" class=\"primary is-small mb-0 button product_type_simple add_to_cart_button ajax_add_to_cart is-outline\" data-product_id=\"4811\" data-product_sku=\"100300138\" aria-label=\"Add to cart: &ldquo;Villa Franciacorta DOCG Diamond PasDos\u00e9 2018 0,75l BIO&rdquo;\" rel=\"nofollow\" data-success_message=\"&ldquo;Villa Franciacorta DOCG Diamond PasDos\u00e9 2018 0,75l BIO&rdquo; has been added to your cart\" role=\"button\">Add to cart<\/a><\/div>\t<span id=\"woocommerce_loop_add_to_cart_link_describedby_4811\" class=\"screen-reader-text\">\n\t\t\t<\/span>\n\t\t\t\t\t\t\t<\/div>\n\t\t\t\t\t\t<\/div>\n\t\t\t\t\t\t<\/div>\n\t\t\t\t\t<\/div><div class=\"col\" data-animate=\"fadeInUp\">\n\t\t\t\t\t\t<div class=\"col-inner\">\n\t\t\t\t\t\t\n<div class=\"badge-container badge-custom absolute right top z-1\">\n\n<\/div>\n\t\t\t\t\t\t<div class=\"product-small box margin-auto has-hover box-normal box-text-bottom\">\n\t\t\t\t\t\t\t<div class=\"box-image\" >\n\t\t\t\t\t\t\t\t<div class=\"\" >\n\t\t\t\t\t\t\t\t\t<a href=\"https:\/\/schaumweinkontor.com\/en\/produkt\/villa-franciacorta-docg-blu-extra-brut-2018-075-l\/\" aria-label=\"Villa Franciacorta DOCG Blu Extra Brut 2018 0,75 L BIO\">\n\t\t\t\t\t\t\t\t\t\t<img loading=\"lazy\" decoding=\"async\" width=\"300\" height=\"300\" src=\"https:\/\/schaumweinkontor.com\/wp-content\/uploads\/2022\/06\/extra-blu1-1-2-300x300.jpg\" class=\"attachment-medium size-medium\" alt=\"Villa Franciacorta DOCG Extra Blu Extra Brut\" srcset=\"https:\/\/schaumweinkontor.com\/wp-content\/uploads\/2022\/06\/extra-blu1-1-2-300x300.jpg 300w, https:\/\/schaumweinkontor.com\/wp-content\/uploads\/2022\/06\/extra-blu1-1-2-100x100.jpg 100w, https:\/\/schaumweinkontor.com\/wp-content\/uploads\/2022\/06\/extra-blu1-1-2-510x510.jpg 510w, https:\/\/schaumweinkontor.com\/wp-content\/uploads\/2022\/06\/extra-blu1-1-2-150x150.jpg 150w, https:\/\/schaumweinkontor.com\/wp-content\/uploads\/2022\/06\/extra-blu1-1-2-768x768.jpg 768w, https:\/\/schaumweinkontor.com\/wp-content\/uploads\/2022\/06\/extra-blu1-1-2.jpg 800w\" sizes=\"auto, (max-width: 300px) 100vw, 300px\" \/>\t\t\t\t\t\t\t\t\t<\/a>\n\t\t\t\t\t\t\t\t\t\t\t\t\t\t\t\t\t\t \t\t\t\t\t\t\t\t<\/div>\n\t\t\t\t\t\t\t\t<div class=\"image-tools top right show-on-hover\">\n\t\t\t\t\t\t\t\t\t\t\t\t\t\t\t\t\t<\/div>\n\t\t\t\t\t\t\t\t\t\t\t\t\t\t\t\t\t<div class=\"image-tools grid-tools text-center hide-for-small bottom hover-slide-in show-on-hover\">\n\t\t\t\t\t\t\t\t\t\t\t\t\t\t\t\t\t\t\t<\/div>\n\t\t\t\t\t\t\t\t\t\t\t\t\t\t\t\t\t\t\t\t\t\t\t<\/div>\n\n\t\t\t\t\t\t\t<div class=\"box-text text-center\" >\n\t\t\t\t\t\t\t\t<div class=\"title-wrapper\">\t\t<p class=\"category uppercase is-smaller no-text-overflow product-cat op-7\">\n\t\t\tVilla Franciacorta\t\t<\/p>\n\t<p class=\"name product-title woocommerce-loop-product__title\"><a href=\"https:\/\/schaumweinkontor.com\/en\/produkt\/villa-franciacorta-docg-blu-extra-brut-2018-075-l\/\" class=\"woocommerce-LoopProduct-link woocommerce-loop-product__link\">Villa Franciacorta DOCG Blu Extra Brut 2018 0,75 L BIO<\/a><\/p><\/div><div class=\"price-wrapper\">\n\t<span class=\"price\"><span class=\"woocommerce-Price-amount amount\" role=\"none\"><bdi><span class=\"woocommerce-Price-currencySymbol\">&euro;<\/span>&nbsp;39,90<\/bdi><\/span> <small class=\"woocommerce-price-suffix\">inkl. MwSt.<\/small><\/span>\n<\/div><div class=\"add-to-cart-button\"><a href=\"\/en\/wp-json\/wp\/v2\/pages\/4628?add-to-cart=4809\" aria-describedby=\"woocommerce_loop_add_to_cart_link_describedby_4809\" data-quantity=\"1\" class=\"primary is-small mb-0 button product_type_simple add_to_cart_button ajax_add_to_cart is-outline\" data-product_id=\"4809\" data-product_sku=\"100300136\" aria-label=\"Add to cart: &ldquo;Villa Franciacorta DOCG Blu Extra Brut 2018 0,75 L BIO&rdquo;\" rel=\"nofollow\" data-success_message=\"&ldquo;Villa Franciacorta DOCG Blu Extra Brut 2018 0,75 L BIO&rdquo; has been added to your cart\" role=\"button\">Add to cart<\/a><\/div>\t<span id=\"woocommerce_loop_add_to_cart_link_describedby_4809\" class=\"screen-reader-text\">\n\t\t\t<\/span>\n\t\t\t\t\t\t\t<\/div>\n\t\t\t\t\t\t<\/div>\n\t\t\t\t\t\t<\/div>\n\t\t\t\t\t<\/div><div class=\"col\" data-animate=\"fadeInUp\">\n\t\t\t\t\t\t<div class=\"col-inner\">\n\t\t\t\t\t\t\n<div class=\"badge-container badge-custom absolute right top z-1\">\n\n<\/div>\n\t\t\t\t\t\t<div class=\"product-small box margin-auto has-hover box-normal box-text-bottom\">\n\t\t\t\t\t\t\t<div class=\"box-image\" >\n\t\t\t\t\t\t\t\t<div class=\"\" >\n\t\t\t\t\t\t\t\t\t<a href=\"https:\/\/schaumweinkontor.com\/en\/produkt\/villa-franciacorta-docg-boke-noir-2015\/\" aria-label=\"Villa Franciacorta DOCG Bok\u00e9 Noir Ros\u00e9 Pas Dos\u00e9 Millesimato 2015 0,75 L\">\n\t\t\t\t\t\t\t\t\t\t<img loading=\"lazy\" decoding=\"async\" width=\"300\" height=\"300\" src=\"https:\/\/schaumweinkontor.com\/wp-content\/uploads\/2023\/03\/Villa-Franciacorta-Boke-Noir-Rose-Pas-Dose-075-1000x1000px-300x300.png\" class=\"attachment-medium size-medium\" alt=\"Villa Franciacorta DOCG Boke Noir Ros\u00e9\" srcset=\"https:\/\/schaumweinkontor.com\/wp-content\/uploads\/2023\/03\/Villa-Franciacorta-Boke-Noir-Rose-Pas-Dose-075-1000x1000px-300x300.png 300w, https:\/\/schaumweinkontor.com\/wp-content\/uploads\/2023\/03\/Villa-Franciacorta-Boke-Noir-Rose-Pas-Dose-075-1000x1000px-100x100.png 100w, https:\/\/schaumweinkontor.com\/wp-content\/uploads\/2023\/03\/Villa-Franciacorta-Boke-Noir-Rose-Pas-Dose-075-1000x1000px-510x510.png 510w, https:\/\/schaumweinkontor.com\/wp-content\/uploads\/2023\/03\/Villa-Franciacorta-Boke-Noir-Rose-Pas-Dose-075-1000x1000px-150x150.png 150w, https:\/\/schaumweinkontor.com\/wp-content\/uploads\/2023\/03\/Villa-Franciacorta-Boke-Noir-Rose-Pas-Dose-075-1000x1000px-768x768.png 768w, https:\/\/schaumweinkontor.com\/wp-content\/uploads\/2023\/03\/Villa-Franciacorta-Boke-Noir-Rose-Pas-Dose-075-1000x1000px.png 1001w\" sizes=\"auto, (max-width: 300px) 100vw, 300px\" \/>\t\t\t\t\t\t\t\t\t<\/a>\n\t\t\t\t\t\t\t\t\t\t\t\t\t\t\t\t\t\t \t\t\t\t\t\t\t\t<\/div>\n\t\t\t\t\t\t\t\t<div class=\"image-tools top right show-on-hover\">\n\t\t\t\t\t\t\t\t\t\t\t\t\t\t\t\t\t<\/div>\n\t\t\t\t\t\t\t\t\t\t\t\t\t\t\t\t\t<div class=\"image-tools grid-tools text-center hide-for-small bottom hover-slide-in show-on-hover\">\n\t\t\t\t\t\t\t\t\t\t\t\t\t\t\t\t\t\t\t<\/div>\n\t\t\t\t\t\t\t\t\t\t\t\t\t\t\t\t<div class=\"out-of-stock-label\">Out of stock<\/div>\t\t\t\t\t\t\t<\/div>\n\n\t\t\t\t\t\t\t<div class=\"box-text text-center\" >\n\t\t\t\t\t\t\t\t<div class=\"title-wrapper\">\t\t<p class=\"category uppercase is-smaller no-text-overflow product-cat op-7\">\n\t\t\tFranciacorta\t\t<\/p>\n\t<p class=\"name product-title woocommerce-loop-product__title\"><a href=\"https:\/\/schaumweinkontor.com\/en\/produkt\/villa-franciacorta-docg-boke-noir-2015\/\" class=\"woocommerce-LoopProduct-link woocommerce-loop-product__link\">Villa Franciacorta DOCG Bok\u00e9 Noir Ros\u00e9 Pas Dos\u00e9 Millesimato 2015 0,75 L<\/a><\/p><\/div><div class=\"price-wrapper\">\n\t<span class=\"price\"><span class=\"woocommerce-Price-amount amount\" role=\"none\"><bdi><span class=\"woocommerce-Price-currencySymbol\">&euro;<\/span>&nbsp;46,70<\/bdi><\/span> <small class=\"woocommerce-price-suffix\">inkl. MwSt.<\/small><\/span>\n<\/div><div class=\"add-to-cart-button\"><a href=\"https:\/\/schaumweinkontor.com\/en\/produkt\/villa-franciacorta-docg-boke-noir-2015\/\" aria-describedby=\"woocommerce_loop_add_to_cart_link_describedby_4712\" data-quantity=\"1\" class=\"primary is-small mb-0 button product_type_simple is-outline\" data-product_id=\"4712\" data-product_sku=\"100300132\" aria-label=\"Read more about &ldquo;Villa Franciacorta DOCG Bok\u00e9 Noir Ros\u00e9 Pas Dos\u00e9 Millesimato 2015 0,75 L&rdquo;\" rel=\"nofollow\" data-success_message=\"\">Read more<\/a><\/div>\t<span id=\"woocommerce_loop_add_to_cart_link_describedby_4712\" class=\"screen-reader-text\">\n\t\t\t<\/span>\n\t\t\t\t\t\t\t<\/div>\n\t\t\t\t\t\t<\/div>\n\t\t\t\t\t\t<\/div>\n\t\t\t\t\t<\/div><div class=\"col\" data-animate=\"fadeInUp\">\n\t\t\t\t\t\t<div class=\"col-inner\">\n\t\t\t\t\t\t\n<div class=\"badge-container badge-custom absolute right top z-1\">\n\n<\/div>\n\t\t\t\t\t\t<div class=\"product-small box margin-auto has-hover box-normal box-text-bottom\">\n\t\t\t\t\t\t\t<div class=\"box-image\" >\n\t\t\t\t\t\t\t\t<div class=\"\" >\n\t\t\t\t\t\t\t\t\t<a href=\"https:\/\/schaumweinkontor.com\/en\/produkt\/villa-franciacorta-docg-brut-emozione-2015-15-l-magnum\/\" aria-label=\"Villa Franciacorta Brut Emozione 2015 DOCG 1,5 L Magnum\">\n\t\t\t\t\t\t\t\t\t\t<img loading=\"lazy\" decoding=\"async\" width=\"300\" height=\"300\" src=\"https:\/\/schaumweinkontor.com\/wp-content\/uploads\/2022\/06\/emozione1-1-2-300x300.jpg\" class=\"attachment-medium size-medium\" alt=\"Villa Franciacorta Brut Emozione 2015 DOCG 1,5 L Magnum\" srcset=\"https:\/\/schaumweinkontor.com\/wp-content\/uploads\/2022\/06\/emozione1-1-2-300x300.jpg 300w, https:\/\/schaumweinkontor.com\/wp-content\/uploads\/2022\/06\/emozione1-1-2-100x100.jpg 100w, https:\/\/schaumweinkontor.com\/wp-content\/uploads\/2022\/06\/emozione1-1-2-510x510.jpg 510w, https:\/\/schaumweinkontor.com\/wp-content\/uploads\/2022\/06\/emozione1-1-2-150x150.jpg 150w, https:\/\/schaumweinkontor.com\/wp-content\/uploads\/2022\/06\/emozione1-1-2-768x768.jpg 768w, https:\/\/schaumweinkontor.com\/wp-content\/uploads\/2022\/06\/emozione1-1-2.jpg 800w\" sizes=\"auto, (max-width: 300px) 100vw, 300px\" \/>\t\t\t\t\t\t\t\t\t<\/a>\n\t\t\t\t\t\t\t\t\t\t\t\t\t\t\t\t\t\t \t\t\t\t\t\t\t\t<\/div>\n\t\t\t\t\t\t\t\t<div class=\"image-tools top right show-on-hover\">\n\t\t\t\t\t\t\t\t\t\t\t\t\t\t\t\t\t<\/div>\n\t\t\t\t\t\t\t\t\t\t\t\t\t\t\t\t\t<div class=\"image-tools grid-tools text-center hide-for-small bottom hover-slide-in show-on-hover\">\n\t\t\t\t\t\t\t\t\t\t\t\t\t\t\t\t\t\t\t<\/div>\n\t\t\t\t\t\t\t\t\t\t\t\t\t\t\t\t\t\t\t\t\t\t\t<\/div>\n\n\t\t\t\t\t\t\t<div class=\"box-text text-center\" >\n\t\t\t\t\t\t\t\t<div class=\"title-wrapper\">\t\t<p class=\"category uppercase is-smaller no-text-overflow product-cat op-7\">\n\t\t\tVilla Franciacorta\t\t<\/p>\n\t<p class=\"name product-title woocommerce-loop-product__title\"><a href=\"https:\/\/schaumweinkontor.com\/en\/produkt\/villa-franciacorta-docg-brut-emozione-2015-15-l-magnum\/\" class=\"woocommerce-LoopProduct-link woocommerce-loop-product__link\">Villa Franciacorta Brut Emozione 2015 DOCG 1,5 L Magnum<\/a><\/p><\/div><div class=\"price-wrapper\">\n\t<span class=\"price\"><span class=\"woocommerce-Price-amount amount\" role=\"none\"><bdi><span class=\"woocommerce-Price-currencySymbol\">&euro;<\/span>&nbsp;58,00<\/bdi><\/span> <small class=\"woocommerce-price-suffix\">inkl. MwSt.<\/small><\/span>\n<\/div><div class=\"add-to-cart-button\"><a href=\"\/en\/wp-json\/wp\/v2\/pages\/4628?add-to-cart=4747\" aria-describedby=\"woocommerce_loop_add_to_cart_link_describedby_4747\" data-quantity=\"1\" class=\"primary is-small mb-0 button product_type_simple add_to_cart_button ajax_add_to_cart is-outline\" data-product_id=\"4747\" data-product_sku=\"100300140\" aria-label=\"Add to cart: &ldquo;Villa Franciacorta Brut Emozione 2015 DOCG 1,5 L Magnum&rdquo;\" rel=\"nofollow\" data-success_message=\"&ldquo;Villa Franciacorta Brut Emozione 2015 DOCG 1,5 L Magnum&rdquo; has been added to your cart\" role=\"button\">Add to cart<\/a><\/div>\t<span id=\"woocommerce_loop_add_to_cart_link_describedby_4747\" class=\"screen-reader-text\">\n\t\t\t<\/span>\n\t\t\t\t\t\t\t<\/div>\n\t\t\t\t\t\t<\/div>\n\t\t\t\t\t\t<\/div>\n\t\t\t\t\t<\/div><div class=\"col\" data-animate=\"fadeInUp\">\n\t\t\t\t\t\t<div class=\"col-inner\">\n\t\t\t\t\t\t\n<div class=\"badge-container badge-custom absolute right top z-1\">\n\n<\/div>\n\t\t\t\t\t\t<div class=\"product-small box margin-auto has-hover box-normal box-text-bottom\">\n\t\t\t\t\t\t\t<div class=\"box-image\" >\n\t\t\t\t\t\t\t\t<div class=\"\" >\n\t\t\t\t\t\t\t\t\t<a href=\"https:\/\/schaumweinkontor.com\/en\/produkt\/villa-franciacorta-docg-mon-saten-brut-2016-15-l-magnum\/\" aria-label=\"Villa Franciacorta DOCG Mon Sat\u00e8n Brut 2016 1,5 L Magnum\">\n\t\t\t\t\t\t\t\t\t\t<img loading=\"lazy\" decoding=\"async\" width=\"300\" height=\"300\" src=\"https:\/\/schaumweinkontor.com\/wp-content\/uploads\/2022\/06\/Villa-Franciacorta-DOCG-Mon-Saten-Brut-2016-15-L-Magnum-300x300.png\" class=\"attachment-medium size-medium\" alt=\"Villa Franciacorta DOCG Mon Sat\u00e8n Brut 2016 1,5 L Magnum\" srcset=\"https:\/\/schaumweinkontor.com\/wp-content\/uploads\/2022\/06\/Villa-Franciacorta-DOCG-Mon-Saten-Brut-2016-15-L-Magnum-300x300.png 300w, https:\/\/schaumweinkontor.com\/wp-content\/uploads\/2022\/06\/Villa-Franciacorta-DOCG-Mon-Saten-Brut-2016-15-L-Magnum-100x100.png 100w, https:\/\/schaumweinkontor.com\/wp-content\/uploads\/2022\/06\/Villa-Franciacorta-DOCG-Mon-Saten-Brut-2016-15-L-Magnum-510x510.png 510w, https:\/\/schaumweinkontor.com\/wp-content\/uploads\/2022\/06\/Villa-Franciacorta-DOCG-Mon-Saten-Brut-2016-15-L-Magnum-150x150.png 150w, https:\/\/schaumweinkontor.com\/wp-content\/uploads\/2022\/06\/Villa-Franciacorta-DOCG-Mon-Saten-Brut-2016-15-L-Magnum-768x768.png 768w, https:\/\/schaumweinkontor.com\/wp-content\/uploads\/2022\/06\/Villa-Franciacorta-DOCG-Mon-Saten-Brut-2016-15-L-Magnum.png 1000w\" sizes=\"auto, (max-width: 300px) 100vw, 300px\" \/>\t\t\t\t\t\t\t\t\t<\/a>\n\t\t\t\t\t\t\t\t\t\t\t\t\t\t\t\t\t\t \t\t\t\t\t\t\t\t<\/div>\n\t\t\t\t\t\t\t\t<div class=\"image-tools top right show-on-hover\">\n\t\t\t\t\t\t\t\t\t\t\t\t\t\t\t\t\t<\/div>\n\t\t\t\t\t\t\t\t\t\t\t\t\t\t\t\t\t<div class=\"image-tools grid-tools text-center hide-for-small bottom hover-slide-in show-on-hover\">\n\t\t\t\t\t\t\t\t\t\t\t\t\t\t\t\t\t\t\t<\/div>\n\t\t\t\t\t\t\t\t\t\t\t\t\t\t\t\t\t\t\t\t\t\t\t<\/div>\n\n\t\t\t\t\t\t\t<div class=\"box-text text-center\" >\n\t\t\t\t\t\t\t\t<div class=\"title-wrapper\">\t\t<p class=\"category uppercase is-smaller no-text-overflow product-cat op-7\">\n\t\t\tVilla Franciacorta\t\t<\/p>\n\t<p class=\"name product-title woocommerce-loop-product__title\"><a href=\"https:\/\/schaumweinkontor.com\/en\/produkt\/villa-franciacorta-docg-mon-saten-brut-2016-15-l-magnum\/\" class=\"woocommerce-LoopProduct-link woocommerce-loop-product__link\">Villa Franciacorta DOCG Mon Sat\u00e8n Brut 2016 1,5 L Magnum<\/a><\/p><\/div><div class=\"price-wrapper\">\n\t<span class=\"price\"><span class=\"woocommerce-Price-amount amount\" role=\"none\"><bdi><span class=\"woocommerce-Price-currencySymbol\">&euro;<\/span>&nbsp;63,50<\/bdi><\/span> <small class=\"woocommerce-price-suffix\">inkl. MwSt.<\/small><\/span>\n<\/div><div class=\"add-to-cart-button\"><a href=\"\/en\/wp-json\/wp\/v2\/pages\/4628?add-to-cart=4752\" aria-describedby=\"woocommerce_loop_add_to_cart_link_describedby_4752\" data-quantity=\"1\" class=\"primary is-small mb-0 button product_type_simple add_to_cart_button ajax_add_to_cart is-outline\" data-product_id=\"4752\" data-product_sku=\"100300116\" aria-label=\"Add to cart: &ldquo;Villa Franciacorta DOCG Mon Sat\u00e8n Brut 2016 1,5 L Magnum&rdquo;\" rel=\"nofollow\" data-success_message=\"&ldquo;Villa Franciacorta DOCG Mon Sat\u00e8n Brut 2016 1,5 L Magnum&rdquo; has been added to your cart\" role=\"button\">Add to cart<\/a><\/div>\t<span id=\"woocommerce_loop_add_to_cart_link_describedby_4752\" class=\"screen-reader-text\">\n\t\t\t<\/span>\n\t\t\t\t\t\t\t<\/div>\n\t\t\t\t\t\t<\/div>\n\t\t\t\t\t\t<\/div>\n\t\t\t\t\t<\/div><div class=\"col\" data-animate=\"fadeInUp\">\n\t\t\t\t\t\t<div class=\"col-inner\">\n\t\t\t\t\t\t\n<div class=\"badge-container badge-custom absolute right top z-1\">\n\n<\/div>\n\t\t\t\t\t\t<div class=\"product-small box margin-auto has-hover box-normal box-text-bottom\">\n\t\t\t\t\t\t\t<div class=\"box-image\" >\n\t\t\t\t\t\t\t\t<div class=\"\" >\n\t\t\t\t\t\t\t\t\t<a href=\"https:\/\/schaumweinkontor.com\/en\/produkt\/villa-franciacorta-docg-brut-emozione-2015-15-l-magnum-copy\/\" aria-label=\"Villa Franciacorta DOCG Brut Emozione 2020 1,5 L Magnum BIO\">\n\t\t\t\t\t\t\t\t\t\t<img loading=\"lazy\" decoding=\"async\" width=\"300\" height=\"300\" src=\"https:\/\/schaumweinkontor.com\/wp-content\/uploads\/2024\/04\/Emozione-2020-300x300.png\" class=\"attachment-medium size-medium\" alt=\"Villa Franciacorta DOCG Brut Emozione 2020 1,5 L Magnum BIO\" srcset=\"https:\/\/schaumweinkontor.com\/wp-content\/uploads\/2024\/04\/Emozione-2020-300x300.png 300w, https:\/\/schaumweinkontor.com\/wp-content\/uploads\/2024\/04\/Emozione-2020-150x150.png 150w, https:\/\/schaumweinkontor.com\/wp-content\/uploads\/2024\/04\/Emozione-2020-768x768.png 768w, https:\/\/schaumweinkontor.com\/wp-content\/uploads\/2024\/04\/Emozione-2020-510x510.png 510w, https:\/\/schaumweinkontor.com\/wp-content\/uploads\/2024\/04\/Emozione-2020-100x100.png 100w, https:\/\/schaumweinkontor.com\/wp-content\/uploads\/2024\/04\/Emozione-2020.png 1000w\" sizes=\"auto, (max-width: 300px) 100vw, 300px\" \/>\t\t\t\t\t\t\t\t\t<\/a>\n\t\t\t\t\t\t\t\t\t\t\t\t\t\t\t\t\t\t \t\t\t\t\t\t\t\t<\/div>\n\t\t\t\t\t\t\t\t<div class=\"image-tools top right show-on-hover\">\n\t\t\t\t\t\t\t\t\t\t\t\t\t\t\t\t\t<\/div>\n\t\t\t\t\t\t\t\t\t\t\t\t\t\t\t\t\t<div class=\"image-tools grid-tools text-center hide-for-small bottom hover-slide-in show-on-hover\">\n\t\t\t\t\t\t\t\t\t\t\t\t\t\t\t\t\t\t\t<\/div>\n\t\t\t\t\t\t\t\t\t\t\t\t\t\t\t\t\t\t\t\t\t\t\t<\/div>\n\n\t\t\t\t\t\t\t<div class=\"box-text text-center\" >\n\t\t\t\t\t\t\t\t<div class=\"title-wrapper\">\t\t<p class=\"category uppercase is-smaller no-text-overflow product-cat op-7\">\n\t\t\tVilla Franciacorta\t\t<\/p>\n\t<p class=\"name product-title woocommerce-loop-product__title\"><a href=\"https:\/\/schaumweinkontor.com\/en\/produkt\/villa-franciacorta-docg-brut-emozione-2015-15-l-magnum-copy\/\" class=\"woocommerce-LoopProduct-link woocommerce-loop-product__link\">Villa Franciacorta DOCG Brut Emozione 2020 1,5 L Magnum BIO<\/a><\/p><\/div><div class=\"price-wrapper\">\n\t<span class=\"price\"><span class=\"woocommerce-Price-amount amount\" role=\"none\"><bdi><span class=\"woocommerce-Price-currencySymbol\">&euro;<\/span>&nbsp;64,90<\/bdi><\/span> <small class=\"woocommerce-price-suffix\">inkl. MwSt.<\/small><\/span>\n<\/div><div class=\"add-to-cart-button\"><a href=\"\/en\/wp-json\/wp\/v2\/pages\/4628?add-to-cart=5216\" aria-describedby=\"woocommerce_loop_add_to_cart_link_describedby_5216\" data-quantity=\"1\" class=\"primary is-small mb-0 button product_type_simple add_to_cart_button ajax_add_to_cart is-outline\" data-product_id=\"5216\" data-product_sku=\"100300134\" aria-label=\"Add to cart: &ldquo;Villa Franciacorta DOCG Brut Emozione 2020 1,5 L Magnum BIO&rdquo;\" rel=\"nofollow\" data-success_message=\"&ldquo;Villa Franciacorta DOCG Brut Emozione 2020 1,5 L Magnum BIO&rdquo; has been added to your cart\" role=\"button\">Add to cart<\/a><\/div>\t<span id=\"woocommerce_loop_add_to_cart_link_describedby_5216\" class=\"screen-reader-text\">\n\t\t\t<\/span>\n\t\t\t\t\t\t\t<\/div>\n\t\t\t\t\t\t<\/div>\n\t\t\t\t\t\t<\/div>\n\t\t\t\t\t<\/div><div class=\"col\" data-animate=\"fadeInUp\">\n\t\t\t\t\t\t<div class=\"col-inner\">\n\t\t\t\t\t\t\n<div class=\"badge-container badge-custom absolute right top z-1\">\n\n<\/div>\n\t\t\t\t\t\t<div class=\"product-small box margin-auto has-hover box-normal box-text-bottom\">\n\t\t\t\t\t\t\t<div class=\"box-image\" >\n\t\t\t\t\t\t\t\t<div class=\"\" >\n\t\t\t\t\t\t\t\t\t<a href=\"https:\/\/schaumweinkontor.com\/en\/produkt\/villa-franciacorta-docg-blu-extra-brut-2016-15-l-magnum\/\" aria-label=\"Villa Franciacorta DOCG Extra Blu Extra Brut 2016 1,5 L Magnum\">\n\t\t\t\t\t\t\t\t\t\t<img loading=\"lazy\" decoding=\"async\" width=\"300\" height=\"300\" src=\"https:\/\/schaumweinkontor.com\/wp-content\/uploads\/2022\/06\/extra-blu1-1-2-300x300.jpg\" class=\"attachment-medium size-medium\" alt=\"Villa Franciacorta DOCG Extra Blu Extra Brut\" srcset=\"https:\/\/schaumweinkontor.com\/wp-content\/uploads\/2022\/06\/extra-blu1-1-2-300x300.jpg 300w, https:\/\/schaumweinkontor.com\/wp-content\/uploads\/2022\/06\/extra-blu1-1-2-100x100.jpg 100w, https:\/\/schaumweinkontor.com\/wp-content\/uploads\/2022\/06\/extra-blu1-1-2-510x510.jpg 510w, https:\/\/schaumweinkontor.com\/wp-content\/uploads\/2022\/06\/extra-blu1-1-2-150x150.jpg 150w, https:\/\/schaumweinkontor.com\/wp-content\/uploads\/2022\/06\/extra-blu1-1-2-768x768.jpg 768w, https:\/\/schaumweinkontor.com\/wp-content\/uploads\/2022\/06\/extra-blu1-1-2.jpg 800w\" sizes=\"auto, (max-width: 300px) 100vw, 300px\" \/>\t\t\t\t\t\t\t\t\t<\/a>\n\t\t\t\t\t\t\t\t\t\t\t\t\t\t\t\t\t\t \t\t\t\t\t\t\t\t<\/div>\n\t\t\t\t\t\t\t\t<div class=\"image-tools top right show-on-hover\">\n\t\t\t\t\t\t\t\t\t\t\t\t\t\t\t\t\t<\/div>\n\t\t\t\t\t\t\t\t\t\t\t\t\t\t\t\t\t<div class=\"image-tools grid-tools text-center hide-for-small bottom hover-slide-in show-on-hover\">\n\t\t\t\t\t\t\t\t\t\t\t\t\t\t\t\t\t\t\t<\/div>\n\t\t\t\t\t\t\t\t\t\t\t\t\t\t\t\t\t\t\t\t\t\t\t<\/div>\n\n\t\t\t\t\t\t\t<div class=\"box-text text-center\" >\n\t\t\t\t\t\t\t\t<div class=\"title-wrapper\">\t\t<p class=\"category uppercase is-smaller no-text-overflow product-cat op-7\">\n\t\t\tVilla Franciacorta\t\t<\/p>\n\t<p class=\"name product-title woocommerce-loop-product__title\"><a href=\"https:\/\/schaumweinkontor.com\/en\/produkt\/villa-franciacorta-docg-blu-extra-brut-2016-15-l-magnum\/\" class=\"woocommerce-LoopProduct-link woocommerce-loop-product__link\">Villa Franciacorta DOCG Extra Blu Extra Brut 2016 1,5 L Magnum<\/a><\/p><\/div><div class=\"price-wrapper\">\n\t<span class=\"price\"><span class=\"woocommerce-Price-amount amount\" role=\"none\"><bdi><span class=\"woocommerce-Price-currencySymbol\">&euro;<\/span>&nbsp;69,00<\/bdi><\/span> <small class=\"woocommerce-price-suffix\">inkl. MwSt.<\/small><\/span>\n<\/div><div class=\"add-to-cart-button\"><a href=\"\/en\/wp-json\/wp\/v2\/pages\/4628?add-to-cart=4744\" aria-describedby=\"woocommerce_loop_add_to_cart_link_describedby_4744\" data-quantity=\"1\" class=\"primary is-small mb-0 button product_type_simple add_to_cart_button ajax_add_to_cart is-outline\" data-product_id=\"4744\" data-product_sku=\"100300122\" aria-label=\"Add to cart: &ldquo;Villa Franciacorta DOCG Extra Blu Extra Brut 2016 1,5 L Magnum&rdquo;\" rel=\"nofollow\" data-success_message=\"&ldquo;Villa Franciacorta DOCG Extra Blu Extra Brut 2016 1,5 L Magnum&rdquo; has been added to your cart\" role=\"button\">Add to cart<\/a><\/div>\t<span id=\"woocommerce_loop_add_to_cart_link_describedby_4744\" class=\"screen-reader-text\">\n\t\t\t<\/span>\n\t\t\t\t\t\t\t<\/div>\n\t\t\t\t\t\t<\/div>\n\t\t\t\t\t\t<\/div>\n\t\t\t\t\t<\/div><div class=\"col\" data-animate=\"fadeInUp\">\n\t\t\t\t\t\t<div class=\"col-inner\">\n\t\t\t\t\t\t\n<div class=\"badge-container badge-custom absolute right top z-1\">\n\n<\/div>\n\t\t\t\t\t\t<div class=\"product-small box margin-auto has-hover box-normal box-text-bottom\">\n\t\t\t\t\t\t\t<div class=\"box-image\" >\n\t\t\t\t\t\t\t\t<div class=\"\" >\n\t\t\t\t\t\t\t\t\t<a href=\"https:\/\/schaumweinkontor.com\/en\/produkt\/villa-franciacorta-docg-mon-saten-brut-2018-075-l-bio-copy\/\" aria-label=\"Villa Franciacorta DOCG Sat\u00e8n Brut 2018 1,5 L BIO\">\n\t\t\t\t\t\t\t\t\t\t<img loading=\"lazy\" decoding=\"async\" width=\"300\" height=\"300\" src=\"https:\/\/schaumweinkontor.com\/wp-content\/uploads\/2022\/06\/Villa_Saten-300x300.png\" class=\"attachment-medium size-medium\" alt=\"Villa Franciacorta DOCG Mon Sat\u00e8n Brut 2018 BIO \" srcset=\"https:\/\/schaumweinkontor.com\/wp-content\/uploads\/2022\/06\/Villa_Saten-300x300.png 300w, https:\/\/schaumweinkontor.com\/wp-content\/uploads\/2022\/06\/Villa_Saten-100x100.png 100w, https:\/\/schaumweinkontor.com\/wp-content\/uploads\/2022\/06\/Villa_Saten-510x510.png 510w, https:\/\/schaumweinkontor.com\/wp-content\/uploads\/2022\/06\/Villa_Saten-150x150.png 150w, https:\/\/schaumweinkontor.com\/wp-content\/uploads\/2022\/06\/Villa_Saten-768x768.png 768w, https:\/\/schaumweinkontor.com\/wp-content\/uploads\/2022\/06\/Villa_Saten.png 1000w\" sizes=\"auto, (max-width: 300px) 100vw, 300px\" \/>\t\t\t\t\t\t\t\t\t<\/a>\n\t\t\t\t\t\t\t\t\t\t\t\t\t\t\t\t\t\t \t\t\t\t\t\t\t\t<\/div>\n\t\t\t\t\t\t\t\t<div class=\"image-tools top right show-on-hover\">\n\t\t\t\t\t\t\t\t\t\t\t\t\t\t\t\t\t<\/div>\n\t\t\t\t\t\t\t\t\t\t\t\t\t\t\t\t\t<div class=\"image-tools grid-tools text-center hide-for-small bottom hover-slide-in show-on-hover\">\n\t\t\t\t\t\t\t\t\t\t\t\t\t\t\t\t\t\t\t<\/div>\n\t\t\t\t\t\t\t\t\t\t\t\t\t\t\t\t\t\t\t\t\t\t\t<\/div>\n\n\t\t\t\t\t\t\t<div class=\"box-text text-center\" >\n\t\t\t\t\t\t\t\t<div class=\"title-wrapper\">\t\t<p class=\"category uppercase is-smaller no-text-overflow product-cat op-7\">\n\t\t\tVilla Franciacorta\t\t<\/p>\n\t<p class=\"name product-title woocommerce-loop-product__title\"><a href=\"https:\/\/schaumweinkontor.com\/en\/produkt\/villa-franciacorta-docg-mon-saten-brut-2018-075-l-bio-copy\/\" class=\"woocommerce-LoopProduct-link woocommerce-loop-product__link\">Villa Franciacorta DOCG Sat\u00e8n Brut 2018 1,5 L BIO<\/a><\/p><\/div><div class=\"price-wrapper\">\n\t<span class=\"price\"><span class=\"woocommerce-Price-amount amount\" role=\"none\"><bdi><span class=\"woocommerce-Price-currencySymbol\">&euro;<\/span>&nbsp;75,50<\/bdi><\/span> <small class=\"woocommerce-price-suffix\">inkl. MwSt.<\/small><\/span>\n<\/div><div class=\"add-to-cart-button\"><a href=\"\/en\/wp-json\/wp\/v2\/pages\/4628?add-to-cart=5222\" aria-describedby=\"woocommerce_loop_add_to_cart_link_describedby_5222\" data-quantity=\"1\" class=\"primary is-small mb-0 button product_type_simple add_to_cart_button ajax_add_to_cart is-outline\" data-product_id=\"5222\" data-product_sku=\"100300584\" aria-label=\"Add to cart: &ldquo;Villa Franciacorta DOCG Sat\u00e8n Brut 2018 1,5 L BIO&rdquo;\" rel=\"nofollow\" data-success_message=\"&ldquo;Villa Franciacorta DOCG Sat\u00e8n Brut 2018 1,5 L BIO&rdquo; has been added to your cart\" role=\"button\">Add to cart<\/a><\/div>\t<span id=\"woocommerce_loop_add_to_cart_link_describedby_5222\" class=\"screen-reader-text\">\n\t\t\t<\/span>\n\t\t\t\t\t\t\t<\/div>\n\t\t\t\t\t\t<\/div>\n\t\t\t\t\t\t<\/div>\n\t\t\t\t\t<\/div><div class=\"col\" data-animate=\"fadeInUp\">\n\t\t\t\t\t\t<div class=\"col-inner\">\n\t\t\t\t\t\t\n<div class=\"badge-container badge-custom absolute right top z-1\">\n\n<\/div>\n\t\t\t\t\t\t<div class=\"product-small box margin-auto has-hover box-normal box-text-bottom\">\n\t\t\t\t\t\t\t<div class=\"box-image\" >\n\t\t\t\t\t\t\t\t<div class=\"\" >\n\t\t\t\t\t\t\t\t\t<a href=\"https:\/\/schaumweinkontor.com\/en\/produkt\/villa-franciacorta-riserva-brut-docg-millesimato-2008-40-anni-075-l\/\" aria-label=\"Villa Franciacorta Riserva Brut DOCG Millesimato 2008 40 Anni 0,75 L\">\n\t\t\t\t\t\t\t\t\t\t<img loading=\"lazy\" decoding=\"async\" width=\"300\" height=\"300\" src=\"https:\/\/schaumweinkontor.com\/wp-content\/uploads\/2023\/03\/Villa-franciacorta-Emozione-40-anni-Riserva-2008.jpg-300x300.png\" class=\"attachment-medium size-medium\" alt=\"Villa Franciacorta Riserva Brut DOCG Millesimato 2008 40 Anni 0,75 L\" srcset=\"https:\/\/schaumweinkontor.com\/wp-content\/uploads\/2023\/03\/Villa-franciacorta-Emozione-40-anni-Riserva-2008.jpg-300x300.png 300w, https:\/\/schaumweinkontor.com\/wp-content\/uploads\/2023\/03\/Villa-franciacorta-Emozione-40-anni-Riserva-2008.jpg-100x100.png 100w, https:\/\/schaumweinkontor.com\/wp-content\/uploads\/2023\/03\/Villa-franciacorta-Emozione-40-anni-Riserva-2008.jpg-510x510.png 510w, https:\/\/schaumweinkontor.com\/wp-content\/uploads\/2023\/03\/Villa-franciacorta-Emozione-40-anni-Riserva-2008.jpg-150x150.png 150w, https:\/\/schaumweinkontor.com\/wp-content\/uploads\/2023\/03\/Villa-franciacorta-Emozione-40-anni-Riserva-2008.jpg-768x768.png 768w, https:\/\/schaumweinkontor.com\/wp-content\/uploads\/2023\/03\/Villa-franciacorta-Emozione-40-anni-Riserva-2008.jpg.png 1001w\" sizes=\"auto, (max-width: 300px) 100vw, 300px\" \/>\t\t\t\t\t\t\t\t\t<\/a>\n\t\t\t\t\t\t\t\t\t\t\t\t\t\t\t\t\t\t \t\t\t\t\t\t\t\t<\/div>\n\t\t\t\t\t\t\t\t<div class=\"image-tools top right show-on-hover\">\n\t\t\t\t\t\t\t\t\t\t\t\t\t\t\t\t\t<\/div>\n\t\t\t\t\t\t\t\t\t\t\t\t\t\t\t\t\t<div class=\"image-tools grid-tools text-center hide-for-small bottom hover-slide-in show-on-hover\">\n\t\t\t\t\t\t\t\t\t\t\t\t\t\t\t\t\t\t\t<\/div>\n\t\t\t\t\t\t\t\t\t\t\t\t\t\t\t\t\t\t\t\t\t\t\t<\/div>\n\n\t\t\t\t\t\t\t<div class=\"box-text text-center\" >\n\t\t\t\t\t\t\t\t<div class=\"title-wrapper\">\t\t<p class=\"category uppercase is-smaller no-text-overflow product-cat op-7\">\n\t\t\tFranciacorta\t\t<\/p>\n\t<p class=\"name product-title woocommerce-loop-product__title\"><a href=\"https:\/\/schaumweinkontor.com\/en\/produkt\/villa-franciacorta-riserva-brut-docg-millesimato-2008-40-anni-075-l\/\" class=\"woocommerce-LoopProduct-link woocommerce-loop-product__link\">Villa Franciacorta Riserva Brut DOCG Millesimato 2008 40 Anni 0,75 L<\/a><\/p><\/div><div class=\"price-wrapper\">\n\t<span class=\"price\"><span class=\"woocommerce-Price-amount amount\" role=\"none\"><bdi><span class=\"woocommerce-Price-currencySymbol\">&euro;<\/span>&nbsp;165,00<\/bdi><\/span> <small class=\"woocommerce-price-suffix\">inkl. MwSt.<\/small><\/span>\n<\/div><div class=\"add-to-cart-button\"><a href=\"\/en\/wp-json\/wp\/v2\/pages\/4628?add-to-cart=4711\" aria-describedby=\"woocommerce_loop_add_to_cart_link_describedby_4711\" data-quantity=\"1\" class=\"primary is-small mb-0 button product_type_simple add_to_cart_button ajax_add_to_cart is-outline\" data-product_id=\"4711\" data-product_sku=\"100300131\" aria-label=\"Add to cart: &ldquo;Villa Franciacorta Riserva Brut DOCG Millesimato 2008 40 Anni 0,75 L&rdquo;\" rel=\"nofollow\" data-success_message=\"&ldquo;Villa Franciacorta Riserva Brut DOCG Millesimato 2008 40 Anni 0,75 L&rdquo; has been added to your cart\" role=\"button\">Add to cart<\/a><\/div>\t<span id=\"woocommerce_loop_add_to_cart_link_describedby_4711\" class=\"screen-reader-text\">\n\t\t\t<\/span>\n\t\t\t\t\t\t\t<\/div>\n\t\t\t\t\t\t<\/div>\n\t\t\t\t\t\t<\/div>\n\t\t\t\t\t<\/div><div class=\"col\" data-animate=\"fadeInUp\">\n\t\t\t\t\t\t<div class=\"col-inner\">\n\t\t\t\t\t\t\n<div class=\"badge-container badge-custom absolute right top z-1\">\n\n<\/div>\n\t\t\t\t\t\t<div class=\"product-small box margin-auto has-hover box-normal box-text-bottom\">\n\t\t\t\t\t\t\t<div class=\"box-image\" >\n\t\t\t\t\t\t\t\t<div class=\"\" >\n\t\t\t\t\t\t\t\t\t<a href=\"https:\/\/schaumweinkontor.com\/en\/produkt\/villa-franciacorta-docg-brut-emozione-2016-3-l-jeroboam-in-hk\/\" aria-label=\"Villa Franciacorta DOCG Brut Emozione 2016 3 L Jeroboam in HK\">\n\t\t\t\t\t\t\t\t\t\t<img loading=\"lazy\" decoding=\"async\" width=\"300\" height=\"300\" src=\"https:\/\/schaumweinkontor.com\/wp-content\/uploads\/2022\/06\/emozione1-1-2-300x300.jpg\" class=\"attachment-medium size-medium\" alt=\"Villa Franciacorta DOCG Brut Emozione 2016 3 L Jeroboam in HK\" srcset=\"https:\/\/schaumweinkontor.com\/wp-content\/uploads\/2022\/06\/emozione1-1-2-300x300.jpg 300w, https:\/\/schaumweinkontor.com\/wp-content\/uploads\/2022\/06\/emozione1-1-2-100x100.jpg 100w, https:\/\/schaumweinkontor.com\/wp-content\/uploads\/2022\/06\/emozione1-1-2-510x510.jpg 510w, https:\/\/schaumweinkontor.com\/wp-content\/uploads\/2022\/06\/emozione1-1-2-150x150.jpg 150w, https:\/\/schaumweinkontor.com\/wp-content\/uploads\/2022\/06\/emozione1-1-2-768x768.jpg 768w, https:\/\/schaumweinkontor.com\/wp-content\/uploads\/2022\/06\/emozione1-1-2.jpg 800w\" sizes=\"auto, (max-width: 300px) 100vw, 300px\" \/>\t\t\t\t\t\t\t\t\t<\/a>\n\t\t\t\t\t\t\t\t\t\t\t\t\t\t\t\t\t\t \t\t\t\t\t\t\t\t<\/div>\n\t\t\t\t\t\t\t\t<div class=\"image-tools top right show-on-hover\">\n\t\t\t\t\t\t\t\t\t\t\t\t\t\t\t\t\t<\/div>\n\t\t\t\t\t\t\t\t\t\t\t\t\t\t\t\t\t<div class=\"image-tools grid-tools text-center hide-for-small bottom hover-slide-in show-on-hover\">\n\t\t\t\t\t\t\t\t\t\t\t\t\t\t\t\t\t\t\t<\/div>\n\t\t\t\t\t\t\t\t\t\t\t\t\t\t\t\t\t\t\t\t\t\t\t<\/div>\n\n\t\t\t\t\t\t\t<div class=\"box-text text-center\" >\n\t\t\t\t\t\t\t\t<div class=\"title-wrapper\">\t\t<p class=\"category uppercase is-smaller no-text-overflow product-cat op-7\">\n\t\t\tVilla Franciacorta\t\t<\/p>\n\t<p class=\"name product-title woocommerce-loop-product__title\"><a href=\"https:\/\/schaumweinkontor.com\/en\/produkt\/villa-franciacorta-docg-brut-emozione-2016-3-l-jeroboam-in-hk\/\" class=\"woocommerce-LoopProduct-link woocommerce-loop-product__link\">Villa Franciacorta DOCG Brut Emozione 2016 3 L Jeroboam in HK<\/a><\/p><\/div><div class=\"price-wrapper\">\n\t<span class=\"price\"><span class=\"woocommerce-Price-amount amount\" role=\"none\"><bdi><span class=\"woocommerce-Price-currencySymbol\">&euro;<\/span>&nbsp;198,00<\/bdi><\/span> <small class=\"woocommerce-price-suffix\">inkl. MwSt.<\/small><\/span>\n<\/div><div class=\"add-to-cart-button\"><a href=\"\/en\/wp-json\/wp\/v2\/pages\/4628?add-to-cart=4748\" aria-describedby=\"woocommerce_loop_add_to_cart_link_describedby_4748\" data-quantity=\"1\" class=\"primary is-small mb-0 button product_type_simple add_to_cart_button ajax_add_to_cart is-outline\" data-product_id=\"4748\" data-product_sku=\"100300119\" aria-label=\"Add to cart: &ldquo;Villa Franciacorta DOCG Brut Emozione 2016 3 L Jeroboam in HK&rdquo;\" rel=\"nofollow\" data-success_message=\"&ldquo;Villa Franciacorta DOCG Brut Emozione 2016 3 L Jeroboam in HK&rdquo; has been added to your cart\" role=\"button\">Add to cart<\/a><\/div>\t<span id=\"woocommerce_loop_add_to_cart_link_describedby_4748\" class=\"screen-reader-text\">\n\t\t\t<\/span>\n\t\t\t\t\t\t\t<\/div>\n\t\t\t\t\t\t<\/div>\n\t\t\t\t\t\t<\/div>\n\t\t\t\t\t<\/div><div class=\"col\" data-animate=\"fadeInUp\">\n\t\t\t\t\t\t<div class=\"col-inner\">\n\t\t\t\t\t\t\n<div class=\"badge-container badge-custom absolute right top z-1\">\n\n<\/div>\n\t\t\t\t\t\t<div class=\"product-small box margin-auto has-hover box-normal box-text-bottom\">\n\t\t\t\t\t\t\t<div class=\"box-image\" >\n\t\t\t\t\t\t\t\t<div class=\"\" >\n\t\t\t\t\t\t\t\t\t<a href=\"https:\/\/schaumweinkontor.com\/en\/produkt\/villa-franciacorta-docg-brut-emozione-2014-3-l-jeroboam-in-hk\/\" aria-label=\"Villa Franciacorta DOCG Brut Emozione 2014 3 L Jeroboam in HK\">\n\t\t\t\t\t\t\t\t\t\t<img loading=\"lazy\" decoding=\"async\" width=\"300\" height=\"300\" src=\"https:\/\/schaumweinkontor.com\/wp-content\/uploads\/2022\/06\/emozione1-1-2-300x300.jpg\" class=\"attachment-medium size-medium\" alt=\"Villa Franciacorta DOCG Brut Emozione 2014 3 L Jeroboam in HK\" srcset=\"https:\/\/schaumweinkontor.com\/wp-content\/uploads\/2022\/06\/emozione1-1-2-300x300.jpg 300w, https:\/\/schaumweinkontor.com\/wp-content\/uploads\/2022\/06\/emozione1-1-2-100x100.jpg 100w, https:\/\/schaumweinkontor.com\/wp-content\/uploads\/2022\/06\/emozione1-1-2-510x510.jpg 510w, https:\/\/schaumweinkontor.com\/wp-content\/uploads\/2022\/06\/emozione1-1-2-150x150.jpg 150w, https:\/\/schaumweinkontor.com\/wp-content\/uploads\/2022\/06\/emozione1-1-2-768x768.jpg 768w, https:\/\/schaumweinkontor.com\/wp-content\/uploads\/2022\/06\/emozione1-1-2.jpg 800w\" sizes=\"auto, (max-width: 300px) 100vw, 300px\" \/>\t\t\t\t\t\t\t\t\t<\/a>\n\t\t\t\t\t\t\t\t\t\t\t\t\t\t\t\t\t\t \t\t\t\t\t\t\t\t<\/div>\n\t\t\t\t\t\t\t\t<div class=\"image-tools top right show-on-hover\">\n\t\t\t\t\t\t\t\t\t\t\t\t\t\t\t\t\t<\/div>\n\t\t\t\t\t\t\t\t\t\t\t\t\t\t\t\t\t<div class=\"image-tools grid-tools text-center hide-for-small bottom hover-slide-in show-on-hover\">\n\t\t\t\t\t\t\t\t\t\t\t\t\t\t\t\t\t\t\t<\/div>\n\t\t\t\t\t\t\t\t\t\t\t\t\t\t\t\t\t\t\t\t\t\t\t<\/div>\n\n\t\t\t\t\t\t\t<div class=\"box-text text-center\" >\n\t\t\t\t\t\t\t\t<div class=\"title-wrapper\">\t\t<p class=\"category uppercase is-smaller no-text-overflow product-cat op-7\">\n\t\t\tVilla Franciacorta\t\t<\/p>\n\t<p class=\"name product-title woocommerce-loop-product__title\"><a href=\"https:\/\/schaumweinkontor.com\/en\/produkt\/villa-franciacorta-docg-brut-emozione-2014-3-l-jeroboam-in-hk\/\" class=\"woocommerce-LoopProduct-link woocommerce-loop-product__link\">Villa Franciacorta DOCG Brut Emozione 2014 3 L Jeroboam in HK<\/a><\/p><\/div><div class=\"price-wrapper\">\n\t<span class=\"price\"><span class=\"woocommerce-Price-amount amount\" role=\"none\"><bdi><span class=\"woocommerce-Price-currencySymbol\">&euro;<\/span>&nbsp;205,20<\/bdi><\/span> <small class=\"woocommerce-price-suffix\">inkl. MwSt.<\/small><\/span>\n<\/div><div class=\"add-to-cart-button\"><a href=\"\/en\/wp-json\/wp\/v2\/pages\/4628?add-to-cart=4749\" aria-describedby=\"woocommerce_loop_add_to_cart_link_describedby_4749\" data-quantity=\"1\" class=\"primary is-small mb-0 button product_type_simple add_to_cart_button ajax_add_to_cart is-outline\" data-product_id=\"4749\" data-product_sku=\"\" aria-label=\"Add to cart: &ldquo;Villa Franciacorta DOCG Brut Emozione 2014 3 L Jeroboam in HK&rdquo;\" rel=\"nofollow\" data-success_message=\"&ldquo;Villa Franciacorta DOCG Brut Emozione 2014 3 L Jeroboam in HK&rdquo; has been added to your cart\" role=\"button\">Add to cart<\/a><\/div>\t<span id=\"woocommerce_loop_add_to_cart_link_describedby_4749\" class=\"screen-reader-text\">\n\t\t\t<\/span>\n\t\t\t\t\t\t\t<\/div>\n\t\t\t\t\t\t<\/div>\n\t\t\t\t\t\t<\/div>\n\t\t\t\t\t<\/div><div class=\"col\" data-animate=\"fadeInUp\">\n\t\t\t\t\t\t<div class=\"col-inner\">\n\t\t\t\t\t\t\n<div class=\"badge-container badge-custom absolute right top z-1\">\n\n<\/div>\n\t\t\t\t\t\t<div class=\"product-small box margin-auto has-hover box-normal box-text-bottom\">\n\t\t\t\t\t\t\t<div class=\"box-image\" >\n\t\t\t\t\t\t\t\t<div class=\"\" >\n\t\t\t\t\t\t\t\t\t<a href=\"https:\/\/schaumweinkontor.com\/en\/produkt\/villa-franciacorta-docg-brut-emozione-2018-15-l-magnum-bio-copy\/\" aria-label=\"Villa Franciacorta DOCG Brut Emozione 2018 3 L BIO in Wooden Box\">\n\t\t\t\t\t\t\t\t\t\t<img loading=\"lazy\" decoding=\"async\" width=\"300\" height=\"300\" src=\"https:\/\/schaumweinkontor.com\/wp-content\/uploads\/2022\/06\/emozione1-1-2-300x300.jpg\" class=\"attachment-medium size-medium\" alt=\"Villa Franciacorta DOCG Brut Emozione 2018 3 L BIO in Wooden Box\" srcset=\"https:\/\/schaumweinkontor.com\/wp-content\/uploads\/2022\/06\/emozione1-1-2-300x300.jpg 300w, https:\/\/schaumweinkontor.com\/wp-content\/uploads\/2022\/06\/emozione1-1-2-100x100.jpg 100w, https:\/\/schaumweinkontor.com\/wp-content\/uploads\/2022\/06\/emozione1-1-2-510x510.jpg 510w, https:\/\/schaumweinkontor.com\/wp-content\/uploads\/2022\/06\/emozione1-1-2-150x150.jpg 150w, https:\/\/schaumweinkontor.com\/wp-content\/uploads\/2022\/06\/emozione1-1-2-768x768.jpg 768w, https:\/\/schaumweinkontor.com\/wp-content\/uploads\/2022\/06\/emozione1-1-2.jpg 800w\" sizes=\"auto, (max-width: 300px) 100vw, 300px\" \/>\t\t\t\t\t\t\t\t\t<\/a>\n\t\t\t\t\t\t\t\t\t\t\t\t\t\t\t\t\t\t \t\t\t\t\t\t\t\t<\/div>\n\t\t\t\t\t\t\t\t<div class=\"image-tools top right show-on-hover\">\n\t\t\t\t\t\t\t\t\t\t\t\t\t\t\t\t\t<\/div>\n\t\t\t\t\t\t\t\t\t\t\t\t\t\t\t\t\t<div class=\"image-tools grid-tools text-center hide-for-small bottom hover-slide-in show-on-hover\">\n\t\t\t\t\t\t\t\t\t\t\t\t\t\t\t\t\t\t\t<\/div>\n\t\t\t\t\t\t\t\t\t\t\t\t\t\t\t\t\t\t\t\t\t\t\t<\/div>\n\n\t\t\t\t\t\t\t<div class=\"box-text text-center\" >\n\t\t\t\t\t\t\t\t<div class=\"title-wrapper\">\t\t<p class=\"category uppercase is-smaller no-text-overflow product-cat op-7\">\n\t\t\tVilla Franciacorta\t\t<\/p>\n\t<p class=\"name product-title woocommerce-loop-product__title\"><a href=\"https:\/\/schaumweinkontor.com\/en\/produkt\/villa-franciacorta-docg-brut-emozione-2018-15-l-magnum-bio-copy\/\" class=\"woocommerce-LoopProduct-link woocommerce-loop-product__link\">Villa Franciacorta DOCG Brut Emozione 2018 3 L BIO in Wooden Box<\/a><\/p><\/div><div class=\"price-wrapper\">\n\t<span class=\"price\"><span class=\"woocommerce-Price-amount amount\" role=\"none\"><bdi><span class=\"woocommerce-Price-currencySymbol\">&euro;<\/span>&nbsp;225,00<\/bdi><\/span> <small class=\"woocommerce-price-suffix\">inkl. MwSt.<\/small><\/span>\n<\/div><div class=\"add-to-cart-button\"><a href=\"\/en\/wp-json\/wp\/v2\/pages\/4628?add-to-cart=5218\" aria-describedby=\"woocommerce_loop_add_to_cart_link_describedby_5218\" data-quantity=\"1\" class=\"primary is-small mb-0 button product_type_simple add_to_cart_button ajax_add_to_cart is-outline\" data-product_id=\"5218\" data-product_sku=\"100300129\" aria-label=\"Add to cart: &ldquo;Villa Franciacorta DOCG Brut Emozione 2018 3 L BIO in Wooden Box&rdquo;\" rel=\"nofollow\" data-success_message=\"&ldquo;Villa Franciacorta DOCG Brut Emozione 2018 3 L BIO in Wooden Box&rdquo; has been added to your cart\" role=\"button\">Add to cart<\/a><\/div>\t<span id=\"woocommerce_loop_add_to_cart_link_describedby_5218\" class=\"screen-reader-text\">\n\t\t\t<\/span>\n\t\t\t\t\t\t\t<\/div>\n\t\t\t\t\t\t<\/div>\n\t\t\t\t\t\t<\/div>\n\t\t\t\t\t<\/div><div class=\"col\" data-animate=\"fadeInUp\">\n\t\t\t\t\t\t<div class=\"col-inner\">\n\t\t\t\t\t\t\n<div class=\"badge-container badge-custom absolute right top z-1\">\n\n<\/div>\n\t\t\t\t\t\t<div class=\"product-small box margin-auto has-hover box-normal box-text-bottom\">\n\t\t\t\t\t\t\t<div class=\"box-image\" >\n\t\t\t\t\t\t\t\t<div class=\"\" >\n\t\t\t\t\t\t\t\t\t<a href=\"https:\/\/schaumweinkontor.com\/en\/produkt\/villa-franciacorta-docg-brut-emozione-2019-6-l-bio-in-wooden-box\/\" aria-label=\"Villa Franciacorta DOCG Brut Emozione 2019 6 L BIO in Wooden Box\">\n\t\t\t\t\t\t\t\t\t\t<img loading=\"lazy\" decoding=\"async\" width=\"300\" height=\"300\" src=\"https:\/\/schaumweinkontor.com\/wp-content\/uploads\/2024\/04\/Emozione-2019-300x300.png\" class=\"attachment-medium size-medium\" alt=\"Villa Franciacorta DOCG Brut Emozione 2019 BIO \" srcset=\"https:\/\/schaumweinkontor.com\/wp-content\/uploads\/2024\/04\/Emozione-2019-300x300.png 300w, https:\/\/schaumweinkontor.com\/wp-content\/uploads\/2024\/04\/Emozione-2019-150x150.png 150w, https:\/\/schaumweinkontor.com\/wp-content\/uploads\/2024\/04\/Emozione-2019-768x768.png 768w, https:\/\/schaumweinkontor.com\/wp-content\/uploads\/2024\/04\/Emozione-2019-510x510.png 510w, https:\/\/schaumweinkontor.com\/wp-content\/uploads\/2024\/04\/Emozione-2019-100x100.png 100w, https:\/\/schaumweinkontor.com\/wp-content\/uploads\/2024\/04\/Emozione-2019.png 1000w\" sizes=\"auto, (max-width: 300px) 100vw, 300px\" \/>\t\t\t\t\t\t\t\t\t<\/a>\n\t\t\t\t\t\t\t\t\t\t\t\t\t\t\t\t\t\t \t\t\t\t\t\t\t\t<\/div>\n\t\t\t\t\t\t\t\t<div class=\"image-tools top right show-on-hover\">\n\t\t\t\t\t\t\t\t\t\t\t\t\t\t\t\t\t<\/div>\n\t\t\t\t\t\t\t\t\t\t\t\t\t\t\t\t\t<div class=\"image-tools grid-tools text-center hide-for-small bottom hover-slide-in show-on-hover\">\n\t\t\t\t\t\t\t\t\t\t\t\t\t\t\t\t\t\t\t<\/div>\n\t\t\t\t\t\t\t\t\t\t\t\t\t\t\t\t\t\t\t\t\t\t\t<\/div>\n\n\t\t\t\t\t\t\t<div class=\"box-text text-center\" >\n\t\t\t\t\t\t\t\t<div class=\"title-wrapper\">\t\t<p class=\"category uppercase is-smaller no-text-overflow product-cat op-7\">\n\t\t\tVilla Franciacorta\t\t<\/p>\n\t<p class=\"name product-title woocommerce-loop-product__title\"><a href=\"https:\/\/schaumweinkontor.com\/en\/produkt\/villa-franciacorta-docg-brut-emozione-2019-6-l-bio-in-wooden-box\/\" class=\"woocommerce-LoopProduct-link woocommerce-loop-product__link\">Villa Franciacorta DOCG Brut Emozione 2019 6 L BIO in Wooden Box<\/a><\/p><\/div><div class=\"price-wrapper\">\n\t<span class=\"price\"><span class=\"woocommerce-Price-amount amount\" role=\"none\"><bdi><span class=\"woocommerce-Price-currencySymbol\">&euro;<\/span>&nbsp;445,00<\/bdi><\/span> <small class=\"woocommerce-price-suffix\">inkl. MwSt.<\/small><\/span>\n<\/div><div class=\"add-to-cart-button\"><a href=\"\/en\/wp-json\/wp\/v2\/pages\/4628?add-to-cart=5219\" aria-describedby=\"woocommerce_loop_add_to_cart_link_describedby_5219\" data-quantity=\"1\" class=\"primary is-small mb-0 button product_type_simple add_to_cart_button ajax_add_to_cart is-outline\" data-product_id=\"5219\" data-product_sku=\"100300130\" aria-label=\"Add to cart: &ldquo;Villa Franciacorta DOCG Brut Emozione 2019 6 L BIO in Wooden Box&rdquo;\" rel=\"nofollow\" data-success_message=\"&ldquo;Villa Franciacorta DOCG Brut Emozione 2019 6 L BIO in Wooden Box&rdquo; has been added to your cart\" role=\"button\">Add to cart<\/a><\/div>\t<span id=\"woocommerce_loop_add_to_cart_link_describedby_5219\" class=\"screen-reader-text\">\n\t\t\t<\/span>\n\t\t\t\t\t\t\t<\/div>\n\t\t\t\t\t\t<\/div>\n\t\t\t\t\t\t<\/div>\n\t\t\t\t\t<\/div><\/div>\n\n\n\t\t<\/div>\n\t\t\t\t\t<\/div>\n\n\t\n\n\n<style>\n#row-1979659745 > .col > .col-inner {\n  padding: 15px 0px 0px 0px;\n}\n<\/style>\n<\/div>\n<div class=\"text-center\"><div class=\"is-divider divider clearfix\" style=\"margin-top:3em;margin-bottom:3em;max-width:100%;height:2px;background-color:rgba(183, 149, 73, 0.419);\"><\/div><\/div>\n\n\t<section class=\"section bg_winzer hide-for-medium\" id=\"section_1090648075\">\n\t\t<div class=\"bg section-bg fill bg-fill  \" >\n\n\t\t\t\n\t\t\t\n\t\t\t\n\n\t\t<\/div>\n\n\t\t\n\n\t\t<div class=\"section-content relative\">\n\t\t\t\n\n<div class=\"row align-middle align-center\"  id=\"row-628079032\">\n\n\n\t<div id=\"col-419018952\" class=\"col small-12 large-12\"  >\n\t\t\t\t<div class=\"col-inner\"  >\n\t\t\t\n\t\t\t\n\n<div id=\"la-torre\">\n<h2 class=\"uppercase\" style=\"text-align: center;\">La Torre Franciacorta<\/h2>\n<\/div>\n\n\t\t<\/div>\n\t\t\t\t\t<\/div>\n\n\t\n\n\n<style>\n#row-628079032 > .col > .col-inner {\n  padding: 15px 0px 0px 0px;\n}\n<\/style>\n<\/div>\n\n\t\t<\/div>\n\n\t\t\n<style>\n#section_1090648075 {\n  padding-top: 20px;\n  padding-bottom: 20px;\n  margin-bottom: 30px;\n}\n#section_1090648075 .section-bg.bg-loaded {\n  background-image: url(https:\/\/schaumweinkontor.com\/wp-content\/uploads\/2022\/06\/landscape-illu-gold-transp.png);\n}\n<\/style>\n\t<\/section>\n\t\n<div class=\"row row-full-width align-middle align-center\"  id=\"row-1575124532\">\n\n\n\t<div id=\"col-600576463\" class=\"col small-12 large-12\"  >\n\t\t\t\t<div class=\"col-inner\"  >\n\t\t\t\n\t\t\t\n\n\n  \n    <div class=\"row margin-auto equalize-box large-columns-3 medium-columns- small-columns-2 row-large has-shadow row-box-shadow-2 row-box-shadow-4-hover\" >\n  \t\n\t     <div class=\"col\" data-animate=\"fadeInUp\">\n\t\t\t\t\t\t<div class=\"col-inner\">\n\t\t\t\t\t\t\n<div class=\"badge-container badge-custom absolute right top z-1\">\n\n<\/div>\n\t\t\t\t\t\t<div class=\"product-small box margin-auto has-hover box-normal box-text-bottom\">\n\t\t\t\t\t\t\t<div class=\"box-image\" >\n\t\t\t\t\t\t\t\t<div class=\"\" >\n\t\t\t\t\t\t\t\t\t<a href=\"https:\/\/schaumweinkontor.com\/en\/produkt\/la-torre-franciacorta-docg-brut-075l\/\" aria-label=\"La Torre Franciacorta DOCG Brut 0,75l\">\n\t\t\t\t\t\t\t\t\t\t<img loading=\"lazy\" decoding=\"async\" width=\"300\" height=\"300\" src=\"https:\/\/schaumweinkontor.com\/wp-content\/uploads\/2024\/01\/Franciacorta-Brut-La-Torre-300x300.png\" class=\"attachment-medium size-medium\" alt=\"La Torre Franciacorta DOCG Brut 0,75l\" srcset=\"https:\/\/schaumweinkontor.com\/wp-content\/uploads\/2024\/01\/Franciacorta-Brut-La-Torre-300x300.png 300w, https:\/\/schaumweinkontor.com\/wp-content\/uploads\/2024\/01\/Franciacorta-Brut-La-Torre-100x100.png 100w, https:\/\/schaumweinkontor.com\/wp-content\/uploads\/2024\/01\/Franciacorta-Brut-La-Torre-510x510.png 510w, https:\/\/schaumweinkontor.com\/wp-content\/uploads\/2024\/01\/Franciacorta-Brut-La-Torre-150x150.png 150w, https:\/\/schaumweinkontor.com\/wp-content\/uploads\/2024\/01\/Franciacorta-Brut-La-Torre-768x768.png 768w, https:\/\/schaumweinkontor.com\/wp-content\/uploads\/2024\/01\/Franciacorta-Brut-La-Torre.png 1000w\" sizes=\"auto, (max-width: 300px) 100vw, 300px\" \/>\t\t\t\t\t\t\t\t\t<\/a>\n\t\t\t\t\t\t\t\t\t\t\t\t\t\t\t\t\t\t \t\t\t\t\t\t\t\t<\/div>\n\t\t\t\t\t\t\t\t<div class=\"image-tools top right show-on-hover\">\n\t\t\t\t\t\t\t\t\t\t\t\t\t\t\t\t\t<\/div>\n\t\t\t\t\t\t\t\t\t\t\t\t\t\t\t\t\t<div class=\"image-tools grid-tools text-center hide-for-small bottom hover-slide-in show-on-hover\">\n\t\t\t\t\t\t\t\t\t\t\t\t\t\t\t\t\t\t\t<\/div>\n\t\t\t\t\t\t\t\t\t\t\t\t\t\t\t\t\t\t\t\t\t\t\t<\/div>\n\n\t\t\t\t\t\t\t<div class=\"box-text text-center\" >\n\t\t\t\t\t\t\t\t<div class=\"title-wrapper\">\t\t<p class=\"category uppercase is-smaller no-text-overflow product-cat op-7\">\n\t\t\tFranciacorta\t\t<\/p>\n\t<p class=\"name product-title woocommerce-loop-product__title\"><a href=\"https:\/\/schaumweinkontor.com\/en\/produkt\/la-torre-franciacorta-docg-brut-075l\/\" class=\"woocommerce-LoopProduct-link woocommerce-loop-product__link\">La Torre Franciacorta DOCG Brut 0,75l<\/a><\/p><\/div><div class=\"price-wrapper\">\n\t<span class=\"price\"><span class=\"woocommerce-Price-amount amount\" role=\"none\"><bdi><span class=\"woocommerce-Price-currencySymbol\">&euro;<\/span>&nbsp;22,90<\/bdi><\/span> <small class=\"woocommerce-price-suffix\">inkl. MwSt.<\/small><\/span>\n<\/div><div class=\"add-to-cart-button\"><a href=\"\/en\/wp-json\/wp\/v2\/pages\/4628?add-to-cart=5103\" aria-describedby=\"woocommerce_loop_add_to_cart_link_describedby_5103\" data-quantity=\"1\" class=\"primary is-small mb-0 button product_type_simple add_to_cart_button ajax_add_to_cart is-outline\" data-product_id=\"5103\" data-product_sku=\"100300083\" aria-label=\"Add to cart: &ldquo;La Torre Franciacorta DOCG Brut 0,75l&rdquo;\" rel=\"nofollow\" data-success_message=\"&ldquo;La Torre Franciacorta DOCG Brut 0,75l&rdquo; has been added to your cart\" role=\"button\">Add to cart<\/a><\/div>\t<span id=\"woocommerce_loop_add_to_cart_link_describedby_5103\" class=\"screen-reader-text\">\n\t\t\t<\/span>\n\t\t\t\t\t\t\t<\/div>\n\t\t\t\t\t\t<\/div>\n\t\t\t\t\t\t<\/div>\n\t\t\t\t\t<\/div><div class=\"col\" data-animate=\"fadeInUp\">\n\t\t\t\t\t\t<div class=\"col-inner\">\n\t\t\t\t\t\t\n<div class=\"badge-container badge-custom absolute right top z-1\">\n\n<\/div>\n\t\t\t\t\t\t<div class=\"product-small box margin-auto has-hover box-normal box-text-bottom\">\n\t\t\t\t\t\t\t<div class=\"box-image\" >\n\t\t\t\t\t\t\t\t<div class=\"\" >\n\t\t\t\t\t\t\t\t\t<a href=\"https:\/\/schaumweinkontor.com\/en\/produkt\/la-torre-franciacorta-docg-brut-saten-075l\/\" aria-label=\"La Torre Franciacorta DOCG Brut Saten 0,75l\">\n\t\t\t\t\t\t\t\t\t\t<img loading=\"lazy\" decoding=\"async\" width=\"300\" height=\"300\" src=\"https:\/\/schaumweinkontor.com\/wp-content\/uploads\/2024\/01\/Saten-La-Torre-300x300.png\" class=\"attachment-medium size-medium\" alt=\"La Torre Franciacorta DOCG Brut Saten 0,75l\" srcset=\"https:\/\/schaumweinkontor.com\/wp-content\/uploads\/2024\/01\/Saten-La-Torre-300x300.png 300w, https:\/\/schaumweinkontor.com\/wp-content\/uploads\/2024\/01\/Saten-La-Torre-100x100.png 100w, https:\/\/schaumweinkontor.com\/wp-content\/uploads\/2024\/01\/Saten-La-Torre-510x510.png 510w, https:\/\/schaumweinkontor.com\/wp-content\/uploads\/2024\/01\/Saten-La-Torre-150x150.png 150w, https:\/\/schaumweinkontor.com\/wp-content\/uploads\/2024\/01\/Saten-La-Torre-768x768.png 768w, https:\/\/schaumweinkontor.com\/wp-content\/uploads\/2024\/01\/Saten-La-Torre.png 1000w\" sizes=\"auto, (max-width: 300px) 100vw, 300px\" \/>\t\t\t\t\t\t\t\t\t<\/a>\n\t\t\t\t\t\t\t\t\t\t\t\t\t\t\t\t\t\t \t\t\t\t\t\t\t\t<\/div>\n\t\t\t\t\t\t\t\t<div class=\"image-tools top right show-on-hover\">\n\t\t\t\t\t\t\t\t\t\t\t\t\t\t\t\t\t<\/div>\n\t\t\t\t\t\t\t\t\t\t\t\t\t\t\t\t\t<div class=\"image-tools grid-tools text-center hide-for-small bottom hover-slide-in show-on-hover\">\n\t\t\t\t\t\t\t\t\t\t\t\t\t\t\t\t\t\t\t<\/div>\n\t\t\t\t\t\t\t\t\t\t\t\t\t\t\t\t\t\t\t\t\t\t\t<\/div>\n\n\t\t\t\t\t\t\t<div class=\"box-text text-center\" >\n\t\t\t\t\t\t\t\t<div class=\"title-wrapper\">\t\t<p class=\"category uppercase is-smaller no-text-overflow product-cat op-7\">\n\t\t\tFranciacorta\t\t<\/p>\n\t<p class=\"name product-title woocommerce-loop-product__title\"><a href=\"https:\/\/schaumweinkontor.com\/en\/produkt\/la-torre-franciacorta-docg-brut-saten-075l\/\" class=\"woocommerce-LoopProduct-link woocommerce-loop-product__link\">La Torre Franciacorta DOCG Brut Saten 0,75l<\/a><\/p><\/div><div class=\"price-wrapper\">\n\t<span class=\"price\"><span class=\"woocommerce-Price-amount amount\" role=\"none\"><bdi><span class=\"woocommerce-Price-currencySymbol\">&euro;<\/span>&nbsp;26,20<\/bdi><\/span> <small class=\"woocommerce-price-suffix\">inkl. MwSt.<\/small><\/span>\n<\/div><div class=\"add-to-cart-button\"><a href=\"\/en\/wp-json\/wp\/v2\/pages\/4628?add-to-cart=5102\" aria-describedby=\"woocommerce_loop_add_to_cart_link_describedby_5102\" data-quantity=\"1\" class=\"primary is-small mb-0 button product_type_simple add_to_cart_button ajax_add_to_cart is-outline\" data-product_id=\"5102\" data-product_sku=\"100300084\" aria-label=\"Add to cart: &ldquo;La Torre Franciacorta DOCG Brut Saten 0,75l&rdquo;\" rel=\"nofollow\" data-success_message=\"&ldquo;La Torre Franciacorta DOCG Brut Saten 0,75l&rdquo; has been added to your cart\" role=\"button\">Add to cart<\/a><\/div>\t<span id=\"woocommerce_loop_add_to_cart_link_describedby_5102\" class=\"screen-reader-text\">\n\t\t\t<\/span>\n\t\t\t\t\t\t\t<\/div>\n\t\t\t\t\t\t<\/div>\n\t\t\t\t\t\t<\/div>\n\t\t\t\t\t<\/div><div class=\"col\" data-animate=\"fadeInUp\">\n\t\t\t\t\t\t<div class=\"col-inner\">\n\t\t\t\t\t\t\n<div class=\"badge-container badge-custom absolute right top z-1\">\n\n<\/div>\n\t\t\t\t\t\t<div class=\"product-small box margin-auto has-hover box-normal box-text-bottom\">\n\t\t\t\t\t\t\t<div class=\"box-image\" >\n\t\t\t\t\t\t\t\t<div class=\"\" >\n\t\t\t\t\t\t\t\t\t<a href=\"https:\/\/schaumweinkontor.com\/en\/produkt\/la-torre-franciacorta-docg-brut-rose-075l\/\" aria-label=\"La Torre Franciacorta DOCG Brut Ros\u00e9 0,75l\">\n\t\t\t\t\t\t\t\t\t\t<img loading=\"lazy\" decoding=\"async\" width=\"300\" height=\"300\" src=\"https:\/\/schaumweinkontor.com\/wp-content\/uploads\/2024\/01\/Rose-La-Torre-300x300.png\" class=\"attachment-medium size-medium\" alt=\"La Torre Franciacorta DOCG Brut Ros\u00e9 \" srcset=\"https:\/\/schaumweinkontor.com\/wp-content\/uploads\/2024\/01\/Rose-La-Torre-300x300.png 300w, https:\/\/schaumweinkontor.com\/wp-content\/uploads\/2024\/01\/Rose-La-Torre-100x100.png 100w, https:\/\/schaumweinkontor.com\/wp-content\/uploads\/2024\/01\/Rose-La-Torre-510x510.png 510w, https:\/\/schaumweinkontor.com\/wp-content\/uploads\/2024\/01\/Rose-La-Torre-150x150.png 150w, https:\/\/schaumweinkontor.com\/wp-content\/uploads\/2024\/01\/Rose-La-Torre-768x768.png 768w, https:\/\/schaumweinkontor.com\/wp-content\/uploads\/2024\/01\/Rose-La-Torre.png 1000w\" sizes=\"auto, (max-width: 300px) 100vw, 300px\" \/>\t\t\t\t\t\t\t\t\t<\/a>\n\t\t\t\t\t\t\t\t\t\t\t\t\t\t\t\t\t\t \t\t\t\t\t\t\t\t<\/div>\n\t\t\t\t\t\t\t\t<div class=\"image-tools top right show-on-hover\">\n\t\t\t\t\t\t\t\t\t\t\t\t\t\t\t\t\t<\/div>\n\t\t\t\t\t\t\t\t\t\t\t\t\t\t\t\t\t<div class=\"image-tools grid-tools text-center hide-for-small bottom hover-slide-in show-on-hover\">\n\t\t\t\t\t\t\t\t\t\t\t\t\t\t\t\t\t\t\t<\/div>\n\t\t\t\t\t\t\t\t\t\t\t\t\t\t\t\t\t\t\t\t\t\t\t<\/div>\n\n\t\t\t\t\t\t\t<div class=\"box-text text-center\" >\n\t\t\t\t\t\t\t\t<div class=\"title-wrapper\">\t\t<p class=\"category uppercase is-smaller no-text-overflow product-cat op-7\">\n\t\t\tFranciacorta\t\t<\/p>\n\t<p class=\"name product-title woocommerce-loop-product__title\"><a href=\"https:\/\/schaumweinkontor.com\/en\/produkt\/la-torre-franciacorta-docg-brut-rose-075l\/\" class=\"woocommerce-LoopProduct-link woocommerce-loop-product__link\">La Torre Franciacorta DOCG Brut Ros\u00e9 0,75l<\/a><\/p><\/div><div class=\"price-wrapper\">\n\t<span class=\"price\"><span class=\"woocommerce-Price-amount amount\" role=\"none\"><bdi><span class=\"woocommerce-Price-currencySymbol\">&euro;<\/span>&nbsp;28,90<\/bdi><\/span> <small class=\"woocommerce-price-suffix\">inkl. MwSt.<\/small><\/span>\n<\/div><div class=\"add-to-cart-button\"><a href=\"\/en\/wp-json\/wp\/v2\/pages\/4628?add-to-cart=5097\" aria-describedby=\"woocommerce_loop_add_to_cart_link_describedby_5097\" data-quantity=\"1\" class=\"primary is-small mb-0 button product_type_simple add_to_cart_button ajax_add_to_cart is-outline\" data-product_id=\"5097\" data-product_sku=\"100300085\" aria-label=\"Add to cart: &ldquo;La Torre Franciacorta DOCG Brut Ros\u00e9 0,75l&rdquo;\" rel=\"nofollow\" data-success_message=\"&ldquo;La Torre Franciacorta DOCG Brut Ros\u00e9 0,75l&rdquo; has been added to your cart\" role=\"button\">Add to cart<\/a><\/div>\t<span id=\"woocommerce_loop_add_to_cart_link_describedby_5097\" class=\"screen-reader-text\">\n\t\t\t<\/span>\n\t\t\t\t\t\t\t<\/div>\n\t\t\t\t\t\t<\/div>\n\t\t\t\t\t\t<\/div>\n\t\t\t\t\t<\/div><div class=\"col\" data-animate=\"fadeInUp\">\n\t\t\t\t\t\t<div class=\"col-inner\">\n\t\t\t\t\t\t\n<div class=\"badge-container badge-custom absolute right top z-1\">\n\n<\/div>\n\t\t\t\t\t\t<div class=\"product-small box margin-auto has-hover box-normal box-text-bottom\">\n\t\t\t\t\t\t\t<div class=\"box-image\" >\n\t\t\t\t\t\t\t\t<div class=\"\" >\n\t\t\t\t\t\t\t\t\t<a href=\"https:\/\/schaumweinkontor.com\/en\/produkt\/la-torre-franciacorta-docg-saten-millesimato-2017-075l\/\" aria-label=\"La Torre Franciacorta DOCG Saten Millesimato 2017 0,75l\">\n\t\t\t\t\t\t\t\t\t\t<img loading=\"lazy\" decoding=\"async\" width=\"300\" height=\"300\" src=\"https:\/\/schaumweinkontor.com\/wp-content\/uploads\/2025\/07\/100300551-300x300.png\" class=\"attachment-medium size-medium\" alt=\"La Torre Franciacorta DOCG Saten Millesimato 2017 \" srcset=\"https:\/\/schaumweinkontor.com\/wp-content\/uploads\/2025\/07\/100300551-300x300.png 300w, https:\/\/schaumweinkontor.com\/wp-content\/uploads\/2025\/07\/100300551-150x150.png 150w, https:\/\/schaumweinkontor.com\/wp-content\/uploads\/2025\/07\/100300551-768x768.png 768w, https:\/\/schaumweinkontor.com\/wp-content\/uploads\/2025\/07\/100300551-510x510.png 510w, https:\/\/schaumweinkontor.com\/wp-content\/uploads\/2025\/07\/100300551-100x100.png 100w, https:\/\/schaumweinkontor.com\/wp-content\/uploads\/2025\/07\/100300551.png 1000w\" sizes=\"auto, (max-width: 300px) 100vw, 300px\" \/>\t\t\t\t\t\t\t\t\t<\/a>\n\t\t\t\t\t\t\t\t\t\t\t\t\t\t\t\t\t\t \t\t\t\t\t\t\t\t<\/div>\n\t\t\t\t\t\t\t\t<div class=\"image-tools top right show-on-hover\">\n\t\t\t\t\t\t\t\t\t\t\t\t\t\t\t\t\t<\/div>\n\t\t\t\t\t\t\t\t\t\t\t\t\t\t\t\t\t<div class=\"image-tools grid-tools text-center hide-for-small bottom hover-slide-in show-on-hover\">\n\t\t\t\t\t\t\t\t\t\t\t\t\t\t\t\t\t\t\t<\/div>\n\t\t\t\t\t\t\t\t\t\t\t\t\t\t\t\t\t\t\t\t\t\t\t<\/div>\n\n\t\t\t\t\t\t\t<div class=\"box-text text-center\" >\n\t\t\t\t\t\t\t\t<div class=\"title-wrapper\">\t\t<p class=\"category uppercase is-smaller no-text-overflow product-cat op-7\">\n\t\t\tFranciacorta\t\t<\/p>\n\t<p class=\"name product-title woocommerce-loop-product__title\"><a href=\"https:\/\/schaumweinkontor.com\/en\/produkt\/la-torre-franciacorta-docg-saten-millesimato-2017-075l\/\" class=\"woocommerce-LoopProduct-link woocommerce-loop-product__link\">La Torre Franciacorta DOCG Saten Millesimato 2017 0,75l<\/a><\/p><\/div><div class=\"price-wrapper\">\n\t<span class=\"price\"><span class=\"woocommerce-Price-amount amount\" role=\"none\"><bdi><span class=\"woocommerce-Price-currencySymbol\">&euro;<\/span>&nbsp;35,00<\/bdi><\/span> <small class=\"woocommerce-price-suffix\">inkl. MwSt.<\/small><\/span>\n<\/div><div class=\"add-to-cart-button\"><a href=\"\/en\/wp-json\/wp\/v2\/pages\/4628?add-to-cart=6520\" aria-describedby=\"woocommerce_loop_add_to_cart_link_describedby_6520\" data-quantity=\"1\" class=\"primary is-small mb-0 button product_type_simple add_to_cart_button ajax_add_to_cart is-outline\" data-product_id=\"6520\" data-product_sku=\"100300551\" aria-label=\"Add to cart: &ldquo;La Torre Franciacorta DOCG Saten Millesimato 2017 0,75l&rdquo;\" rel=\"nofollow\" data-success_message=\"&ldquo;La Torre Franciacorta DOCG Saten Millesimato 2017 0,75l&rdquo; has been added to your cart\" role=\"button\">Add to cart<\/a><\/div>\t<span id=\"woocommerce_loop_add_to_cart_link_describedby_6520\" class=\"screen-reader-text\">\n\t\t\t<\/span>\n\t\t\t\t\t\t\t<\/div>\n\t\t\t\t\t\t<\/div>\n\t\t\t\t\t\t<\/div>\n\t\t\t\t\t<\/div><div class=\"col\" data-animate=\"fadeInUp\">\n\t\t\t\t\t\t<div class=\"col-inner\">\n\t\t\t\t\t\t\n<div class=\"badge-container badge-custom absolute right top z-1\">\n\n<\/div>\n\t\t\t\t\t\t<div class=\"product-small box margin-auto has-hover box-normal box-text-bottom\">\n\t\t\t\t\t\t\t<div class=\"box-image\" >\n\t\t\t\t\t\t\t\t<div class=\"\" >\n\t\t\t\t\t\t\t\t\t<a href=\"https:\/\/schaumweinkontor.com\/en\/produkt\/la-torre-franciacorta-docg-millesimato-pas-dose-2016-075l\/\" aria-label=\"La Torre Franciacorta DOCG Millesimato Pas Dos\u00e8 2016 0,75l\">\n\t\t\t\t\t\t\t\t\t\t<img loading=\"lazy\" decoding=\"async\" width=\"300\" height=\"300\" src=\"https:\/\/schaumweinkontor.com\/wp-content\/uploads\/2024\/01\/Millesimato-La-Torre-300x300.png\" class=\"attachment-medium size-medium\" alt=\"La Torre Franciacorta DOCG Millesimato Pas Dos\u00e8 2016 0,75l\" srcset=\"https:\/\/schaumweinkontor.com\/wp-content\/uploads\/2024\/01\/Millesimato-La-Torre-300x300.png 300w, https:\/\/schaumweinkontor.com\/wp-content\/uploads\/2024\/01\/Millesimato-La-Torre-100x100.png 100w, https:\/\/schaumweinkontor.com\/wp-content\/uploads\/2024\/01\/Millesimato-La-Torre-510x510.png 510w, https:\/\/schaumweinkontor.com\/wp-content\/uploads\/2024\/01\/Millesimato-La-Torre-150x150.png 150w, https:\/\/schaumweinkontor.com\/wp-content\/uploads\/2024\/01\/Millesimato-La-Torre-768x768.png 768w, https:\/\/schaumweinkontor.com\/wp-content\/uploads\/2024\/01\/Millesimato-La-Torre.png 1000w\" sizes=\"auto, (max-width: 300px) 100vw, 300px\" \/>\t\t\t\t\t\t\t\t\t<\/a>\n\t\t\t\t\t\t\t\t\t\t\t\t\t\t\t\t\t\t \t\t\t\t\t\t\t\t<\/div>\n\t\t\t\t\t\t\t\t<div class=\"image-tools top right show-on-hover\">\n\t\t\t\t\t\t\t\t\t\t\t\t\t\t\t\t\t<\/div>\n\t\t\t\t\t\t\t\t\t\t\t\t\t\t\t\t\t<div class=\"image-tools grid-tools text-center hide-for-small bottom hover-slide-in show-on-hover\">\n\t\t\t\t\t\t\t\t\t\t\t\t\t\t\t\t\t\t\t<\/div>\n\t\t\t\t\t\t\t\t\t\t\t\t\t\t\t\t\t\t\t\t\t\t\t<\/div>\n\n\t\t\t\t\t\t\t<div class=\"box-text text-center\" >\n\t\t\t\t\t\t\t\t<div class=\"title-wrapper\">\t\t<p class=\"category uppercase is-smaller no-text-overflow product-cat op-7\">\n\t\t\tFranciacorta\t\t<\/p>\n\t<p class=\"name product-title woocommerce-loop-product__title\"><a href=\"https:\/\/schaumweinkontor.com\/en\/produkt\/la-torre-franciacorta-docg-millesimato-pas-dose-2016-075l\/\" class=\"woocommerce-LoopProduct-link woocommerce-loop-product__link\">La Torre Franciacorta DOCG Millesimato Pas Dos\u00e8 2016 0,75l<\/a><\/p><\/div><div class=\"price-wrapper\">\n\t<span class=\"price\"><span class=\"woocommerce-Price-amount amount\" role=\"none\"><bdi><span class=\"woocommerce-Price-currencySymbol\">&euro;<\/span>&nbsp;35,20<\/bdi><\/span> <small class=\"woocommerce-price-suffix\">inkl. MwSt.<\/small><\/span>\n<\/div><div class=\"add-to-cart-button\"><a href=\"\/en\/wp-json\/wp\/v2\/pages\/4628?add-to-cart=5095\" aria-describedby=\"woocommerce_loop_add_to_cart_link_describedby_5095\" data-quantity=\"1\" class=\"primary is-small mb-0 button product_type_simple add_to_cart_button ajax_add_to_cart is-outline\" data-product_id=\"5095\" data-product_sku=\"100300086\" aria-label=\"Add to cart: &ldquo;La Torre Franciacorta DOCG Millesimato Pas Dos\u00e8 2016 0,75l&rdquo;\" rel=\"nofollow\" data-success_message=\"&ldquo;La Torre Franciacorta DOCG Millesimato Pas Dos\u00e8 2016 0,75l&rdquo; has been added to your cart\" role=\"button\">Add to cart<\/a><\/div>\t<span id=\"woocommerce_loop_add_to_cart_link_describedby_5095\" class=\"screen-reader-text\">\n\t\t\t<\/span>\n\t\t\t\t\t\t\t<\/div>\n\t\t\t\t\t\t<\/div>\n\t\t\t\t\t\t<\/div>\n\t\t\t\t\t<\/div><div class=\"col\" data-animate=\"fadeInUp\">\n\t\t\t\t\t\t<div class=\"col-inner\">\n\t\t\t\t\t\t\n<div class=\"badge-container badge-custom absolute right top z-1\">\n\n<\/div>\n\t\t\t\t\t\t<div class=\"product-small box margin-auto has-hover box-normal box-text-bottom\">\n\t\t\t\t\t\t\t<div class=\"box-image\" >\n\t\t\t\t\t\t\t\t<div class=\"\" >\n\t\t\t\t\t\t\t\t\t<a href=\"https:\/\/schaumweinkontor.com\/en\/produkt\/la-torre-franciacorta-docg-riserva-corsini-marco-2015-075l\/\" aria-label=\"La Torre Franciacorta DOCG Riserva Corsini Marco 2015 0,75l\">\n\t\t\t\t\t\t\t\t\t\t<img loading=\"lazy\" decoding=\"async\" width=\"300\" height=\"300\" src=\"https:\/\/schaumweinkontor.com\/wp-content\/uploads\/2024\/01\/Riserva-La-Torre-300x300.png\" class=\"attachment-medium size-medium\" alt=\"La Torre Franciacorta DOCG Riserva Corsini Marco 2015 \" srcset=\"https:\/\/schaumweinkontor.com\/wp-content\/uploads\/2024\/01\/Riserva-La-Torre-300x300.png 300w, https:\/\/schaumweinkontor.com\/wp-content\/uploads\/2024\/01\/Riserva-La-Torre-100x100.png 100w, https:\/\/schaumweinkontor.com\/wp-content\/uploads\/2024\/01\/Riserva-La-Torre-510x510.png 510w, https:\/\/schaumweinkontor.com\/wp-content\/uploads\/2024\/01\/Riserva-La-Torre-150x150.png 150w, https:\/\/schaumweinkontor.com\/wp-content\/uploads\/2024\/01\/Riserva-La-Torre-768x768.png 768w, https:\/\/schaumweinkontor.com\/wp-content\/uploads\/2024\/01\/Riserva-La-Torre.png 1000w\" sizes=\"auto, (max-width: 300px) 100vw, 300px\" \/>\t\t\t\t\t\t\t\t\t<\/a>\n\t\t\t\t\t\t\t\t\t\t\t\t\t\t\t\t\t\t \t\t\t\t\t\t\t\t<\/div>\n\t\t\t\t\t\t\t\t<div class=\"image-tools top right show-on-hover\">\n\t\t\t\t\t\t\t\t\t\t\t\t\t\t\t\t\t<\/div>\n\t\t\t\t\t\t\t\t\t\t\t\t\t\t\t\t\t<div class=\"image-tools grid-tools text-center hide-for-small bottom hover-slide-in show-on-hover\">\n\t\t\t\t\t\t\t\t\t\t\t\t\t\t\t\t\t\t\t<\/div>\n\t\t\t\t\t\t\t\t\t\t\t\t\t\t\t\t\t\t\t\t\t\t\t<\/div>\n\n\t\t\t\t\t\t\t<div class=\"box-text text-center\" >\n\t\t\t\t\t\t\t\t<div class=\"title-wrapper\">\t\t<p class=\"category uppercase is-smaller no-text-overflow product-cat op-7\">\n\t\t\tFranciacorta\t\t<\/p>\n\t<p class=\"name product-title woocommerce-loop-product__title\"><a href=\"https:\/\/schaumweinkontor.com\/en\/produkt\/la-torre-franciacorta-docg-riserva-corsini-marco-2015-075l\/\" class=\"woocommerce-LoopProduct-link woocommerce-loop-product__link\">La Torre Franciacorta DOCG Riserva Corsini Marco 2015 0,75l<\/a><\/p><\/div><div class=\"price-wrapper\">\n\t<span class=\"price\"><span class=\"woocommerce-Price-amount amount\" role=\"none\"><bdi><span class=\"woocommerce-Price-currencySymbol\">&euro;<\/span>&nbsp;44,90<\/bdi><\/span> <small class=\"woocommerce-price-suffix\">inkl. MwSt.<\/small><\/span>\n<\/div><div class=\"add-to-cart-button\"><a href=\"\/en\/wp-json\/wp\/v2\/pages\/4628?add-to-cart=5088\" aria-describedby=\"woocommerce_loop_add_to_cart_link_describedby_5088\" data-quantity=\"1\" class=\"primary is-small mb-0 button product_type_simple add_to_cart_button ajax_add_to_cart is-outline\" data-product_id=\"5088\" data-product_sku=\"100300087\" aria-label=\"Add to cart: &ldquo;La Torre Franciacorta DOCG Riserva Corsini Marco 2015 0,75l&rdquo;\" rel=\"nofollow\" data-success_message=\"&ldquo;La Torre Franciacorta DOCG Riserva Corsini Marco 2015 0,75l&rdquo; has been added to your cart\" role=\"button\">Add to cart<\/a><\/div>\t<span id=\"woocommerce_loop_add_to_cart_link_describedby_5088\" class=\"screen-reader-text\">\n\t\t\t<\/span>\n\t\t\t\t\t\t\t<\/div>\n\t\t\t\t\t\t<\/div>\n\t\t\t\t\t\t<\/div>\n\t\t\t\t\t<\/div><\/div>\n\n\n\t\t<\/div>\n\t\t\t\t\t<\/div>\n\n\t\n\n\n<style>\n#row-1575124532 > .col > .col-inner {\n  padding: 15px 0px 0px 0px;\n}\n<\/style>\n<\/div>\n<div class=\"text-center\"><div class=\"is-divider divider clearfix\" style=\"margin-top:3em;margin-bottom:3em;max-width:100%;height:2px;background-color:rgba(183, 149, 73, 0.419);\"><\/div><\/div>\n\n\t<section class=\"section bg_winzer hide-for-medium\" id=\"section_2020903990\">\n\t\t<div class=\"bg section-bg fill bg-fill  \" >\n\n\t\t\t\n\t\t\t\n\t\t\t\n\n\t\t<\/div>\n\n\t\t\n\n\t\t<div class=\"section-content relative\">\n\t\t\t\n\n<div class=\"row align-middle align-center\"  id=\"row-1242972039\">\n\n\n\t<div id=\"col-357196486\" class=\"col small-12 large-12\"  >\n\t\t\t\t<div class=\"col-inner\"  >\n\t\t\t\n\t\t\t\n\n<div id=\"muratori-franciacorta\">\n<h2 class=\"uppercase\" style=\"text-align: center;\">Muratori Franciacorta<\/h2>\n<\/div>\n\n\n\t\t<\/div>\n\t\t\t\t\t<\/div>\n\n\t\n\n\n<style>\n#row-1242972039 > .col > .col-inner {\n  padding: 15px 0px 0px 0px;\n}\n<\/style>\n<\/div>\n\n\t\t<\/div>\n\n\t\t\n<style>\n#section_2020903990 {\n  padding-top: 20px;\n  padding-bottom: 20px;\n  margin-bottom: 30px;\n}\n#section_2020903990 .section-bg.bg-loaded {\n  background-image: url(https:\/\/schaumweinkontor.com\/wp-content\/uploads\/2022\/06\/landscape-illu-gold-transp.png);\n}\n<\/style>\n\t<\/section>\n\t\n<div class=\"row row-full-width align-middle align-center\"  id=\"row-628681306\">\n\n\n\t<div id=\"col-1251155770\" class=\"col small-12 large-12\"  >\n\t\t\t\t<div class=\"col-inner\"  >\n\t\t\t\n\t\t\t\n\n\n  \n    <div class=\"row margin-auto equalize-box large-columns-3 medium-columns- small-columns-2 row-large has-shadow row-box-shadow-2 row-box-shadow-4-hover\" >\n  \t\n\t     <div class=\"col\" data-animate=\"fadeInUp\">\n\t\t\t\t\t\t<div class=\"col-inner\">\n\t\t\t\t\t\t\n<div class=\"badge-container badge-custom absolute right top z-1\">\n\n<\/div>\n\t\t\t\t\t\t<div class=\"product-small box margin-auto has-hover box-normal box-text-bottom\">\n\t\t\t\t\t\t\t<div class=\"box-image\" >\n\t\t\t\t\t\t\t\t<div class=\"\" >\n\t\t\t\t\t\t\t\t\t<a href=\"https:\/\/schaumweinkontor.com\/en\/produkt\/muratori-franciacorta-brut-docg-075l\/\" aria-label=\"Muratori Franciacorta Brut DOCG 0,75l\">\n\t\t\t\t\t\t\t\t\t\t<img loading=\"lazy\" decoding=\"async\" width=\"300\" height=\"300\" src=\"https:\/\/schaumweinkontor.com\/wp-content\/uploads\/2024\/02\/Muratori-Brut-300x300.png\" class=\"attachment-medium size-medium\" alt=\"Muratori Franciacorta DOCG Brut \" srcset=\"https:\/\/schaumweinkontor.com\/wp-content\/uploads\/2024\/02\/Muratori-Brut-300x300.png 300w, https:\/\/schaumweinkontor.com\/wp-content\/uploads\/2024\/02\/Muratori-Brut-100x100.png 100w, https:\/\/schaumweinkontor.com\/wp-content\/uploads\/2024\/02\/Muratori-Brut-510x510.png 510w, https:\/\/schaumweinkontor.com\/wp-content\/uploads\/2024\/02\/Muratori-Brut-150x150.png 150w, https:\/\/schaumweinkontor.com\/wp-content\/uploads\/2024\/02\/Muratori-Brut-768x768.png 768w, https:\/\/schaumweinkontor.com\/wp-content\/uploads\/2024\/02\/Muratori-Brut.png 1000w\" sizes=\"auto, (max-width: 300px) 100vw, 300px\" \/>\t\t\t\t\t\t\t\t\t<\/a>\n\t\t\t\t\t\t\t\t\t\t\t\t\t\t\t\t\t\t \t\t\t\t\t\t\t\t<\/div>\n\t\t\t\t\t\t\t\t<div class=\"image-tools top right show-on-hover\">\n\t\t\t\t\t\t\t\t\t\t\t\t\t\t\t\t\t<\/div>\n\t\t\t\t\t\t\t\t\t\t\t\t\t\t\t\t\t<div class=\"image-tools grid-tools text-center hide-for-small bottom hover-slide-in show-on-hover\">\n\t\t\t\t\t\t\t\t\t\t\t\t\t\t\t\t\t\t\t<\/div>\n\t\t\t\t\t\t\t\t\t\t\t\t\t\t\t\t\t\t\t\t\t\t\t<\/div>\n\n\t\t\t\t\t\t\t<div class=\"box-text text-center\" >\n\t\t\t\t\t\t\t\t<div class=\"title-wrapper\">\t\t<p class=\"category uppercase is-smaller no-text-overflow product-cat op-7\">\n\t\t\tMuratori Franciacorta\t\t<\/p>\n\t<p class=\"name product-title woocommerce-loop-product__title\"><a href=\"https:\/\/schaumweinkontor.com\/en\/produkt\/muratori-franciacorta-brut-docg-075l\/\" class=\"woocommerce-LoopProduct-link woocommerce-loop-product__link\">Muratori Franciacorta Brut DOCG 0,75l<\/a><\/p><\/div><div class=\"price-wrapper\">\n\t<span class=\"price\"><span class=\"woocommerce-Price-amount amount\" role=\"none\"><bdi><span class=\"woocommerce-Price-currencySymbol\">&euro;<\/span>&nbsp;25,40<\/bdi><\/span> <small class=\"woocommerce-price-suffix\">inkl. MwSt.<\/small><\/span>\n<\/div><div class=\"add-to-cart-button\"><a href=\"\/en\/wp-json\/wp\/v2\/pages\/4628?add-to-cart=5003\" aria-describedby=\"woocommerce_loop_add_to_cart_link_describedby_5003\" data-quantity=\"1\" class=\"primary is-small mb-0 button product_type_simple add_to_cart_button ajax_add_to_cart is-outline\" data-product_id=\"5003\" data-product_sku=\"100300089\" aria-label=\"Add to cart: &ldquo;Muratori Franciacorta Brut DOCG 0,75l&rdquo;\" rel=\"nofollow\" data-success_message=\"&ldquo;Muratori Franciacorta Brut DOCG 0,75l&rdquo; has been added to your cart\" role=\"button\">Add to cart<\/a><\/div>\t<span id=\"woocommerce_loop_add_to_cart_link_describedby_5003\" class=\"screen-reader-text\">\n\t\t\t<\/span>\n\t\t\t\t\t\t\t<\/div>\n\t\t\t\t\t\t<\/div>\n\t\t\t\t\t\t<\/div>\n\t\t\t\t\t<\/div><div class=\"col\" data-animate=\"fadeInUp\">\n\t\t\t\t\t\t<div class=\"col-inner\">\n\t\t\t\t\t\t\n<div class=\"badge-container badge-custom absolute right top z-1\">\n\n<\/div>\n\t\t\t\t\t\t<div class=\"product-small box margin-auto has-hover box-normal box-text-bottom\">\n\t\t\t\t\t\t\t<div class=\"box-image\" >\n\t\t\t\t\t\t\t\t<div class=\"\" >\n\t\t\t\t\t\t\t\t\t<a href=\"https:\/\/schaumweinkontor.com\/en\/produkt\/muratori-franciacorta-docg-exra-brut-rose-075l\/\" aria-label=\"Muratori Franciacorta DOCG Extra Brut Rose 0,75l\">\n\t\t\t\t\t\t\t\t\t\t<img loading=\"lazy\" decoding=\"async\" width=\"300\" height=\"300\" src=\"https:\/\/schaumweinkontor.com\/wp-content\/uploads\/2024\/02\/Muratori-Rose-300x300.png\" class=\"attachment-medium size-medium\" alt=\"Muratori Franciacorta DOCG Extra Brut Rose 0,75l\" srcset=\"https:\/\/schaumweinkontor.com\/wp-content\/uploads\/2024\/02\/Muratori-Rose-300x300.png 300w, https:\/\/schaumweinkontor.com\/wp-content\/uploads\/2024\/02\/Muratori-Rose-100x100.png 100w, https:\/\/schaumweinkontor.com\/wp-content\/uploads\/2024\/02\/Muratori-Rose-510x510.png 510w, https:\/\/schaumweinkontor.com\/wp-content\/uploads\/2024\/02\/Muratori-Rose-150x150.png 150w, https:\/\/schaumweinkontor.com\/wp-content\/uploads\/2024\/02\/Muratori-Rose-768x768.png 768w, https:\/\/schaumweinkontor.com\/wp-content\/uploads\/2024\/02\/Muratori-Rose.png 1000w\" sizes=\"auto, (max-width: 300px) 100vw, 300px\" \/>\t\t\t\t\t\t\t\t\t<\/a>\n\t\t\t\t\t\t\t\t\t\t\t\t\t\t\t\t\t\t \t\t\t\t\t\t\t\t<\/div>\n\t\t\t\t\t\t\t\t<div class=\"image-tools top right show-on-hover\">\n\t\t\t\t\t\t\t\t\t\t\t\t\t\t\t\t\t<\/div>\n\t\t\t\t\t\t\t\t\t\t\t\t\t\t\t\t\t<div class=\"image-tools grid-tools text-center hide-for-small bottom hover-slide-in show-on-hover\">\n\t\t\t\t\t\t\t\t\t\t\t\t\t\t\t\t\t\t\t<\/div>\n\t\t\t\t\t\t\t\t\t\t\t\t\t\t\t\t\t\t\t\t\t\t\t<\/div>\n\n\t\t\t\t\t\t\t<div class=\"box-text text-center\" >\n\t\t\t\t\t\t\t\t<div class=\"title-wrapper\">\t\t<p class=\"category uppercase is-smaller no-text-overflow product-cat op-7\">\n\t\t\tMuratori Franciacorta\t\t<\/p>\n\t<p class=\"name product-title woocommerce-loop-product__title\"><a href=\"https:\/\/schaumweinkontor.com\/en\/produkt\/muratori-franciacorta-docg-exra-brut-rose-075l\/\" class=\"woocommerce-LoopProduct-link woocommerce-loop-product__link\">Muratori Franciacorta DOCG Extra Brut Rose 0,75l<\/a><\/p><\/div><div class=\"price-wrapper\">\n\t<span class=\"price\"><span class=\"woocommerce-Price-amount amount\" role=\"none\"><bdi><span class=\"woocommerce-Price-currencySymbol\">&euro;<\/span>&nbsp;36,50<\/bdi><\/span> <small class=\"woocommerce-price-suffix\">inkl. MwSt.<\/small><\/span>\n<\/div><div class=\"add-to-cart-button\"><a href=\"\/en\/wp-json\/wp\/v2\/pages\/4628?add-to-cart=5009\" aria-describedby=\"woocommerce_loop_add_to_cart_link_describedby_5009\" data-quantity=\"1\" class=\"primary is-small mb-0 button product_type_simple add_to_cart_button ajax_add_to_cart is-outline\" data-product_id=\"5009\" data-product_sku=\"100300090\" aria-label=\"Add to cart: &ldquo;Muratori Franciacorta DOCG Extra Brut Rose 0,75l&rdquo;\" rel=\"nofollow\" data-success_message=\"&ldquo;Muratori Franciacorta DOCG Extra Brut Rose 0,75l&rdquo; has been added to your cart\" role=\"button\">Add to cart<\/a><\/div>\t<span id=\"woocommerce_loop_add_to_cart_link_describedby_5009\" class=\"screen-reader-text\">\n\t\t\t<\/span>\n\t\t\t\t\t\t\t<\/div>\n\t\t\t\t\t\t<\/div>\n\t\t\t\t\t\t<\/div>\n\t\t\t\t\t<\/div><div class=\"col\" data-animate=\"fadeInUp\">\n\t\t\t\t\t\t<div class=\"col-inner\">\n\t\t\t\t\t\t\n<div class=\"badge-container badge-custom absolute right top z-1\">\n\n<\/div>\n\t\t\t\t\t\t<div class=\"product-small box margin-auto has-hover box-normal box-text-bottom\">\n\t\t\t\t\t\t\t<div class=\"box-image\" >\n\t\t\t\t\t\t\t\t<div class=\"\" >\n\t\t\t\t\t\t\t\t\t<a href=\"https:\/\/schaumweinkontor.com\/en\/produkt\/muratori-franciacorta-docg-brut-saten-075l\/\" aria-label=\"Muratori Franciacorta DOCG Brut Saten 0,75l\">\n\t\t\t\t\t\t\t\t\t\t<img loading=\"lazy\" decoding=\"async\" width=\"300\" height=\"300\" src=\"https:\/\/schaumweinkontor.com\/wp-content\/uploads\/2024\/02\/Muratori-Saten-300x300.png\" class=\"attachment-medium size-medium\" alt=\"Muratori Franciacorta DOCG Brut Saten 0,75l\" srcset=\"https:\/\/schaumweinkontor.com\/wp-content\/uploads\/2024\/02\/Muratori-Saten-300x300.png 300w, https:\/\/schaumweinkontor.com\/wp-content\/uploads\/2024\/02\/Muratori-Saten-100x100.png 100w, https:\/\/schaumweinkontor.com\/wp-content\/uploads\/2024\/02\/Muratori-Saten-510x510.png 510w, https:\/\/schaumweinkontor.com\/wp-content\/uploads\/2024\/02\/Muratori-Saten-150x150.png 150w, https:\/\/schaumweinkontor.com\/wp-content\/uploads\/2024\/02\/Muratori-Saten-768x768.png 768w, https:\/\/schaumweinkontor.com\/wp-content\/uploads\/2024\/02\/Muratori-Saten.png 1000w\" sizes=\"auto, (max-width: 300px) 100vw, 300px\" \/>\t\t\t\t\t\t\t\t\t<\/a>\n\t\t\t\t\t\t\t\t\t\t\t\t\t\t\t\t\t\t \t\t\t\t\t\t\t\t<\/div>\n\t\t\t\t\t\t\t\t<div class=\"image-tools top right show-on-hover\">\n\t\t\t\t\t\t\t\t\t\t\t\t\t\t\t\t\t<\/div>\n\t\t\t\t\t\t\t\t\t\t\t\t\t\t\t\t\t<div class=\"image-tools grid-tools text-center hide-for-small bottom hover-slide-in show-on-hover\">\n\t\t\t\t\t\t\t\t\t\t\t\t\t\t\t\t\t\t\t<\/div>\n\t\t\t\t\t\t\t\t\t\t\t\t\t\t\t\t\t\t\t\t\t\t\t<\/div>\n\n\t\t\t\t\t\t\t<div class=\"box-text text-center\" >\n\t\t\t\t\t\t\t\t<div class=\"title-wrapper\">\t\t<p class=\"category uppercase is-smaller no-text-overflow product-cat op-7\">\n\t\t\tMuratori Franciacorta\t\t<\/p>\n\t<p class=\"name product-title woocommerce-loop-product__title\"><a href=\"https:\/\/schaumweinkontor.com\/en\/produkt\/muratori-franciacorta-docg-brut-saten-075l\/\" class=\"woocommerce-LoopProduct-link woocommerce-loop-product__link\">Muratori Franciacorta DOCG Brut Saten 0,75l<\/a><\/p><\/div><div class=\"price-wrapper\">\n\t<span class=\"price\"><span class=\"woocommerce-Price-amount amount\" role=\"none\"><bdi><span class=\"woocommerce-Price-currencySymbol\">&euro;<\/span>&nbsp;36,50<\/bdi><\/span> <small class=\"woocommerce-price-suffix\">inkl. MwSt.<\/small><\/span>\n<\/div><div class=\"add-to-cart-button\"><a href=\"\/en\/wp-json\/wp\/v2\/pages\/4628?add-to-cart=5011\" aria-describedby=\"woocommerce_loop_add_to_cart_link_describedby_5011\" data-quantity=\"1\" class=\"primary is-small mb-0 button product_type_simple add_to_cart_button ajax_add_to_cart is-outline\" data-product_id=\"5011\" data-product_sku=\"100300091\" aria-label=\"Add to cart: &ldquo;Muratori Franciacorta DOCG Brut Saten 0,75l&rdquo;\" rel=\"nofollow\" data-success_message=\"&ldquo;Muratori Franciacorta DOCG Brut Saten 0,75l&rdquo; has been added to your cart\" role=\"button\">Add to cart<\/a><\/div>\t<span id=\"woocommerce_loop_add_to_cart_link_describedby_5011\" class=\"screen-reader-text\">\n\t\t\t<\/span>\n\t\t\t\t\t\t\t<\/div>\n\t\t\t\t\t\t<\/div>\n\t\t\t\t\t\t<\/div>\n\t\t\t\t\t<\/div><div class=\"col\" data-animate=\"fadeInUp\">\n\t\t\t\t\t\t<div class=\"col-inner\">\n\t\t\t\t\t\t\n<div class=\"badge-container badge-custom absolute right top z-1\">\n\n<\/div>\n\t\t\t\t\t\t<div class=\"product-small box margin-auto has-hover box-normal box-text-bottom\">\n\t\t\t\t\t\t\t<div class=\"box-image\" >\n\t\t\t\t\t\t\t\t<div class=\"\" >\n\t\t\t\t\t\t\t\t\t<a href=\"https:\/\/schaumweinkontor.com\/en\/produkt\/muratori-franciacorta-docg-numerozero-blanc-de-blanc-zero-dosage-075l\/\" aria-label=\"Muratori Franciacorta DOCG NUMEROZERO Blanc de Blancs Zero Dosage 0,75l\">\n\t\t\t\t\t\t\t\t\t\t<img loading=\"lazy\" decoding=\"async\" width=\"300\" height=\"300\" src=\"https:\/\/schaumweinkontor.com\/wp-content\/uploads\/2024\/02\/Muratori-Numero-Zero-300x300.png\" class=\"attachment-medium size-medium\" alt=\"Muratori Franciacorta DOCG NUMEROZERO\" srcset=\"https:\/\/schaumweinkontor.com\/wp-content\/uploads\/2024\/02\/Muratori-Numero-Zero-300x300.png 300w, https:\/\/schaumweinkontor.com\/wp-content\/uploads\/2024\/02\/Muratori-Numero-Zero-100x100.png 100w, https:\/\/schaumweinkontor.com\/wp-content\/uploads\/2024\/02\/Muratori-Numero-Zero-510x510.png 510w, https:\/\/schaumweinkontor.com\/wp-content\/uploads\/2024\/02\/Muratori-Numero-Zero-150x150.png 150w, https:\/\/schaumweinkontor.com\/wp-content\/uploads\/2024\/02\/Muratori-Numero-Zero-768x768.png 768w, https:\/\/schaumweinkontor.com\/wp-content\/uploads\/2024\/02\/Muratori-Numero-Zero.png 1000w\" sizes=\"auto, (max-width: 300px) 100vw, 300px\" \/>\t\t\t\t\t\t\t\t\t<\/a>\n\t\t\t\t\t\t\t\t\t\t\t\t\t\t\t\t\t\t \t\t\t\t\t\t\t\t<\/div>\n\t\t\t\t\t\t\t\t<div class=\"image-tools top right show-on-hover\">\n\t\t\t\t\t\t\t\t\t\t\t\t\t\t\t\t\t<\/div>\n\t\t\t\t\t\t\t\t\t\t\t\t\t\t\t\t\t<div class=\"image-tools grid-tools text-center hide-for-small bottom hover-slide-in show-on-hover\">\n\t\t\t\t\t\t\t\t\t\t\t\t\t\t\t\t\t\t\t<\/div>\n\t\t\t\t\t\t\t\t\t\t\t\t\t\t\t\t\t\t\t\t\t\t\t<\/div>\n\n\t\t\t\t\t\t\t<div class=\"box-text text-center\" >\n\t\t\t\t\t\t\t\t<div class=\"title-wrapper\">\t\t<p class=\"category uppercase is-smaller no-text-overflow product-cat op-7\">\n\t\t\tMuratori Franciacorta\t\t<\/p>\n\t<p class=\"name product-title woocommerce-loop-product__title\"><a href=\"https:\/\/schaumweinkontor.com\/en\/produkt\/muratori-franciacorta-docg-numerozero-blanc-de-blanc-zero-dosage-075l\/\" class=\"woocommerce-LoopProduct-link woocommerce-loop-product__link\">Muratori Franciacorta DOCG NUMEROZERO Blanc de Blancs Zero Dosage 0,75l<\/a><\/p><\/div><div class=\"price-wrapper\">\n\t<span class=\"price\"><span class=\"woocommerce-Price-amount amount\" role=\"none\"><bdi><span class=\"woocommerce-Price-currencySymbol\">&euro;<\/span>&nbsp;38,20<\/bdi><\/span> <small class=\"woocommerce-price-suffix\">inkl. MwSt.<\/small><\/span>\n<\/div><div class=\"add-to-cart-button\"><a href=\"\/en\/wp-json\/wp\/v2\/pages\/4628?add-to-cart=5013\" aria-describedby=\"woocommerce_loop_add_to_cart_link_describedby_5013\" data-quantity=\"1\" class=\"primary is-small mb-0 button product_type_simple add_to_cart_button ajax_add_to_cart is-outline\" data-product_id=\"5013\" data-product_sku=\"00300092\" aria-label=\"Add to cart: &ldquo;Muratori Franciacorta DOCG NUMEROZERO Blanc de Blancs Zero Dosage 0,75l&rdquo;\" rel=\"nofollow\" data-success_message=\"&ldquo;Muratori Franciacorta DOCG NUMEROZERO Blanc de Blancs Zero Dosage 0,75l&rdquo; has been added to your cart\" role=\"button\">Add to cart<\/a><\/div>\t<span id=\"woocommerce_loop_add_to_cart_link_describedby_5013\" class=\"screen-reader-text\">\n\t\t\t<\/span>\n\t\t\t\t\t\t\t<\/div>\n\t\t\t\t\t\t<\/div>\n\t\t\t\t\t\t<\/div>\n\t\t\t\t\t<\/div><div class=\"col\" data-animate=\"fadeInUp\">\n\t\t\t\t\t\t<div class=\"col-inner\">\n\t\t\t\t\t\t\n<div class=\"badge-container badge-custom absolute right top z-1\">\n\n<\/div>\n\t\t\t\t\t\t<div class=\"product-small box margin-auto has-hover box-normal box-text-bottom\">\n\t\t\t\t\t\t\t<div class=\"box-image\" >\n\t\t\t\t\t\t\t\t<div class=\"\" >\n\t\t\t\t\t\t\t\t\t<a href=\"https:\/\/schaumweinkontor.com\/en\/produkt\/muartori-franciacorta-docg-cisiolo-blanc-de-noir-zero-dosage-075l\/\" aria-label=\"Muratori Franciacorta DOCG CISIOLO Blanc de Noirs Zero Dosage 0,75l\">\n\t\t\t\t\t\t\t\t\t\t<img loading=\"lazy\" decoding=\"async\" width=\"300\" height=\"300\" src=\"https:\/\/schaumweinkontor.com\/wp-content\/uploads\/2024\/02\/Muratori-Cisiolo-300x300.png\" class=\"attachment-medium size-medium\" alt=\"Muratori Franciacorta DOCG CISIOLO Blanc de Noirs Zero Dosage \" srcset=\"https:\/\/schaumweinkontor.com\/wp-content\/uploads\/2024\/02\/Muratori-Cisiolo-300x300.png 300w, https:\/\/schaumweinkontor.com\/wp-content\/uploads\/2024\/02\/Muratori-Cisiolo-100x100.png 100w, https:\/\/schaumweinkontor.com\/wp-content\/uploads\/2024\/02\/Muratori-Cisiolo-510x510.png 510w, https:\/\/schaumweinkontor.com\/wp-content\/uploads\/2024\/02\/Muratori-Cisiolo-150x150.png 150w, https:\/\/schaumweinkontor.com\/wp-content\/uploads\/2024\/02\/Muratori-Cisiolo-768x768.png 768w, https:\/\/schaumweinkontor.com\/wp-content\/uploads\/2024\/02\/Muratori-Cisiolo.png 1000w\" sizes=\"auto, (max-width: 300px) 100vw, 300px\" \/>\t\t\t\t\t\t\t\t\t<\/a>\n\t\t\t\t\t\t\t\t\t\t\t\t\t\t\t\t\t\t \t\t\t\t\t\t\t\t<\/div>\n\t\t\t\t\t\t\t\t<div class=\"image-tools top right show-on-hover\">\n\t\t\t\t\t\t\t\t\t\t\t\t\t\t\t\t\t<\/div>\n\t\t\t\t\t\t\t\t\t\t\t\t\t\t\t\t\t<div class=\"image-tools grid-tools text-center hide-for-small bottom hover-slide-in show-on-hover\">\n\t\t\t\t\t\t\t\t\t\t\t\t\t\t\t\t\t\t\t<\/div>\n\t\t\t\t\t\t\t\t\t\t\t\t\t\t\t\t\t\t\t\t\t\t\t<\/div>\n\n\t\t\t\t\t\t\t<div class=\"box-text text-center\" >\n\t\t\t\t\t\t\t\t<div class=\"title-wrapper\">\t\t<p class=\"category uppercase is-smaller no-text-overflow product-cat op-7\">\n\t\t\tMuratori Franciacorta\t\t<\/p>\n\t<p class=\"name product-title woocommerce-loop-product__title\"><a href=\"https:\/\/schaumweinkontor.com\/en\/produkt\/muartori-franciacorta-docg-cisiolo-blanc-de-noir-zero-dosage-075l\/\" class=\"woocommerce-LoopProduct-link woocommerce-loop-product__link\">Muratori Franciacorta DOCG CISIOLO Blanc de Noirs Zero Dosage 0,75l<\/a><\/p><\/div><div class=\"price-wrapper\">\n\t<span class=\"price\"><span class=\"woocommerce-Price-amount amount\" role=\"none\"><bdi><span class=\"woocommerce-Price-currencySymbol\">&euro;<\/span>&nbsp;38,20<\/bdi><\/span> <small class=\"woocommerce-price-suffix\">inkl. MwSt.<\/small><\/span>\n<\/div><div class=\"add-to-cart-button\"><a href=\"\/en\/wp-json\/wp\/v2\/pages\/4628?add-to-cart=5015\" aria-describedby=\"woocommerce_loop_add_to_cart_link_describedby_5015\" data-quantity=\"1\" class=\"primary is-small mb-0 button product_type_simple add_to_cart_button ajax_add_to_cart is-outline\" data-product_id=\"5015\" data-product_sku=\"100300093\" aria-label=\"Add to cart: &ldquo;Muratori Franciacorta DOCG CISIOLO Blanc de Noirs Zero Dosage 0,75l&rdquo;\" rel=\"nofollow\" data-success_message=\"&ldquo;Muratori Franciacorta DOCG CISIOLO Blanc de Noirs Zero Dosage 0,75l&rdquo; has been added to your cart\" role=\"button\">Add to cart<\/a><\/div>\t<span id=\"woocommerce_loop_add_to_cart_link_describedby_5015\" class=\"screen-reader-text\">\n\t\t\t<\/span>\n\t\t\t\t\t\t\t<\/div>\n\t\t\t\t\t\t<\/div>\n\t\t\t\t\t\t<\/div>\n\t\t\t\t\t<\/div><div class=\"col\" data-animate=\"fadeInUp\">\n\t\t\t\t\t\t<div class=\"col-inner\">\n\t\t\t\t\t\t\n<div class=\"badge-container badge-custom absolute right top z-1\">\n\n<\/div>\n\t\t\t\t\t\t<div class=\"product-small box margin-auto has-hover box-normal box-text-bottom\">\n\t\t\t\t\t\t\t<div class=\"box-image\" >\n\t\t\t\t\t\t\t\t<div class=\"\" >\n\t\t\t\t\t\t\t\t\t<a href=\"https:\/\/schaumweinkontor.com\/en\/produkt\/muratori-franciacorta-docg-brut-15l\/\" aria-label=\"Muratori Franciacorta DOCG Brut 1,5l\">\n\t\t\t\t\t\t\t\t\t\t<img loading=\"lazy\" decoding=\"async\" width=\"300\" height=\"300\" src=\"https:\/\/schaumweinkontor.com\/wp-content\/uploads\/2024\/02\/Muratori-Brut-300x300.png\" class=\"attachment-medium size-medium\" alt=\"Muratori Franciacorta DOCG Brut \" srcset=\"https:\/\/schaumweinkontor.com\/wp-content\/uploads\/2024\/02\/Muratori-Brut-300x300.png 300w, https:\/\/schaumweinkontor.com\/wp-content\/uploads\/2024\/02\/Muratori-Brut-100x100.png 100w, https:\/\/schaumweinkontor.com\/wp-content\/uploads\/2024\/02\/Muratori-Brut-510x510.png 510w, https:\/\/schaumweinkontor.com\/wp-content\/uploads\/2024\/02\/Muratori-Brut-150x150.png 150w, https:\/\/schaumweinkontor.com\/wp-content\/uploads\/2024\/02\/Muratori-Brut-768x768.png 768w, https:\/\/schaumweinkontor.com\/wp-content\/uploads\/2024\/02\/Muratori-Brut.png 1000w\" sizes=\"auto, (max-width: 300px) 100vw, 300px\" \/>\t\t\t\t\t\t\t\t\t<\/a>\n\t\t\t\t\t\t\t\t\t\t\t\t\t\t\t\t\t\t \t\t\t\t\t\t\t\t<\/div>\n\t\t\t\t\t\t\t\t<div class=\"image-tools top right show-on-hover\">\n\t\t\t\t\t\t\t\t\t\t\t\t\t\t\t\t\t<\/div>\n\t\t\t\t\t\t\t\t\t\t\t\t\t\t\t\t\t<div class=\"image-tools grid-tools text-center hide-for-small bottom hover-slide-in show-on-hover\">\n\t\t\t\t\t\t\t\t\t\t\t\t\t\t\t\t\t\t\t<\/div>\n\t\t\t\t\t\t\t\t\t\t\t\t\t\t\t\t\t\t\t\t\t\t\t<\/div>\n\n\t\t\t\t\t\t\t<div class=\"box-text text-center\" >\n\t\t\t\t\t\t\t\t<div class=\"title-wrapper\">\t\t<p class=\"category uppercase is-smaller no-text-overflow product-cat op-7\">\n\t\t\tMuratori Franciacorta\t\t<\/p>\n\t<p class=\"name product-title woocommerce-loop-product__title\"><a href=\"https:\/\/schaumweinkontor.com\/en\/produkt\/muratori-franciacorta-docg-brut-15l\/\" class=\"woocommerce-LoopProduct-link woocommerce-loop-product__link\">Muratori Franciacorta DOCG Brut 1,5l<\/a><\/p><\/div><div class=\"price-wrapper\">\n\t<span class=\"price\"><span class=\"woocommerce-Price-amount amount\" role=\"none\"><bdi><span class=\"woocommerce-Price-currencySymbol\">&euro;<\/span>&nbsp;59,30<\/bdi><\/span> <small class=\"woocommerce-price-suffix\">inkl. MwSt.<\/small><\/span>\n<\/div><div class=\"add-to-cart-button\"><a href=\"\/en\/wp-json\/wp\/v2\/pages\/4628?add-to-cart=5005\" aria-describedby=\"woocommerce_loop_add_to_cart_link_describedby_5005\" data-quantity=\"1\" class=\"primary is-small mb-0 button product_type_simple add_to_cart_button ajax_add_to_cart is-outline\" data-product_id=\"5005\" data-product_sku=\"100300094\" aria-label=\"Add to cart: &ldquo;Muratori Franciacorta DOCG Brut 1,5l&rdquo;\" rel=\"nofollow\" data-success_message=\"&ldquo;Muratori Franciacorta DOCG Brut 1,5l&rdquo; has been added to your cart\" role=\"button\">Add to cart<\/a><\/div>\t<span id=\"woocommerce_loop_add_to_cart_link_describedby_5005\" class=\"screen-reader-text\">\n\t\t\t<\/span>\n\t\t\t\t\t\t\t<\/div>\n\t\t\t\t\t\t<\/div>\n\t\t\t\t\t\t<\/div>\n\t\t\t\t\t<\/div><div class=\"col\" data-animate=\"fadeInUp\">\n\t\t\t\t\t\t<div class=\"col-inner\">\n\t\t\t\t\t\t\n<div class=\"badge-container badge-custom absolute right top z-1\">\n\n<\/div>\n\t\t\t\t\t\t<div class=\"product-small box margin-auto has-hover box-normal box-text-bottom\">\n\t\t\t\t\t\t\t<div class=\"box-image\" >\n\t\t\t\t\t\t\t\t<div class=\"\" >\n\t\t\t\t\t\t\t\t\t<a href=\"https:\/\/schaumweinkontor.com\/en\/produkt\/muratori-franciacorta-docg-brut-3l\/\" aria-label=\"Muratori Franciacorta DOCG Brut 3l\">\n\t\t\t\t\t\t\t\t\t\t<img loading=\"lazy\" decoding=\"async\" width=\"300\" height=\"300\" src=\"https:\/\/schaumweinkontor.com\/wp-content\/uploads\/2024\/02\/Muratori-Brut-300x300.png\" class=\"attachment-medium size-medium\" alt=\"Muratori Franciacorta DOCG Brut \" srcset=\"https:\/\/schaumweinkontor.com\/wp-content\/uploads\/2024\/02\/Muratori-Brut-300x300.png 300w, https:\/\/schaumweinkontor.com\/wp-content\/uploads\/2024\/02\/Muratori-Brut-100x100.png 100w, https:\/\/schaumweinkontor.com\/wp-content\/uploads\/2024\/02\/Muratori-Brut-510x510.png 510w, https:\/\/schaumweinkontor.com\/wp-content\/uploads\/2024\/02\/Muratori-Brut-150x150.png 150w, https:\/\/schaumweinkontor.com\/wp-content\/uploads\/2024\/02\/Muratori-Brut-768x768.png 768w, https:\/\/schaumweinkontor.com\/wp-content\/uploads\/2024\/02\/Muratori-Brut.png 1000w\" sizes=\"auto, (max-width: 300px) 100vw, 300px\" \/>\t\t\t\t\t\t\t\t\t<\/a>\n\t\t\t\t\t\t\t\t\t\t\t\t\t\t\t\t\t\t \t\t\t\t\t\t\t\t<\/div>\n\t\t\t\t\t\t\t\t<div class=\"image-tools top right show-on-hover\">\n\t\t\t\t\t\t\t\t\t\t\t\t\t\t\t\t\t<\/div>\n\t\t\t\t\t\t\t\t\t\t\t\t\t\t\t\t\t<div class=\"image-tools grid-tools text-center hide-for-small bottom hover-slide-in show-on-hover\">\n\t\t\t\t\t\t\t\t\t\t\t\t\t\t\t\t\t\t\t<\/div>\n\t\t\t\t\t\t\t\t\t\t\t\t\t\t\t\t\t\t\t\t\t\t\t<\/div>\n\n\t\t\t\t\t\t\t<div class=\"box-text text-center\" >\n\t\t\t\t\t\t\t\t<div class=\"title-wrapper\">\t\t<p class=\"category uppercase is-smaller no-text-overflow product-cat op-7\">\n\t\t\tMuratori Franciacorta\t\t<\/p>\n\t<p class=\"name product-title woocommerce-loop-product__title\"><a href=\"https:\/\/schaumweinkontor.com\/en\/produkt\/muratori-franciacorta-docg-brut-3l\/\" class=\"woocommerce-LoopProduct-link woocommerce-loop-product__link\">Muratori Franciacorta DOCG Brut 3l<\/a><\/p><\/div><div class=\"price-wrapper\">\n\t<span class=\"price\"><span class=\"woocommerce-Price-amount amount\" role=\"none\"><bdi><span class=\"woocommerce-Price-currencySymbol\">&euro;<\/span>&nbsp;220,00<\/bdi><\/span> <small class=\"woocommerce-price-suffix\">inkl. MwSt.<\/small><\/span>\n<\/div><div class=\"add-to-cart-button\"><a href=\"\/en\/wp-json\/wp\/v2\/pages\/4628?add-to-cart=5007\" aria-describedby=\"woocommerce_loop_add_to_cart_link_describedby_5007\" data-quantity=\"1\" class=\"primary is-small mb-0 button product_type_simple add_to_cart_button ajax_add_to_cart is-outline\" data-product_id=\"5007\" data-product_sku=\"10030095\" aria-label=\"Add to cart: &ldquo;Muratori Franciacorta DOCG Brut 3l&rdquo;\" rel=\"nofollow\" data-success_message=\"&ldquo;Muratori Franciacorta DOCG Brut 3l&rdquo; has been added to your cart\" role=\"button\">Add to cart<\/a><\/div>\t<span id=\"woocommerce_loop_add_to_cart_link_describedby_5007\" class=\"screen-reader-text\">\n\t\t\t<\/span>\n\t\t\t\t\t\t\t<\/div>\n\t\t\t\t\t\t<\/div>\n\t\t\t\t\t\t<\/div>\n\t\t\t\t\t<\/div><\/div>\n\n\n\t\t<\/div>\n\t\t\t\t\t<\/div>\n\n\t\n\n\n<style>\n#row-628681306 > .col > .col-inner {\n  padding: 15px 0px 0px 0px;\n}\n<\/style>\n<\/div>\n<div class=\"text-center\"><div class=\"is-divider divider clearfix\" style=\"margin-top:3em;margin-bottom:3em;max-width:100%;height:2px;background-color:rgba(183, 149, 73, 0.419);\"><\/div><\/div>\n\n\t<section class=\"section bg_winzer hide-for-medium\" id=\"section_1858982772\">\n\t\t<div class=\"bg section-bg fill bg-fill  \" >\n\n\t\t\t\n\t\t\t\n\t\t\t\n\n\t\t<\/div>\n\n\t\t\n\n\t\t<div class=\"section-content relative\">\n\t\t\t\n\n<div class=\"row align-middle align-center\"  id=\"row-1041613819\">\n\n\n\t<div id=\"col-1488891968\" class=\"col small-12 large-12\"  >\n\t\t\t\t<div class=\"col-inner\"  >\n\t\t\t\n\t\t\t\n\n<div id=\"barone\">\n<h2 class=\"uppercase\" style=\"text-align: center;\">BARONE PIZZINI<\/h2>\n<\/div>\n\n\t\t<\/div>\n\t\t\t\t\t<\/div>\n\n\t\n\n\n<style>\n#row-1041613819 > .col > .col-inner {\n  padding: 15px 0px 0px 0px;\n}\n<\/style>\n<\/div>\n\n\t\t<\/div>\n\n\t\t\n<style>\n#section_1858982772 {\n  padding-top: 20px;\n  padding-bottom: 20px;\n  margin-bottom: 30px;\n}\n#section_1858982772 .section-bg.bg-loaded {\n  background-image: url(https:\/\/schaumweinkontor.com\/wp-content\/uploads\/2022\/06\/landscape-illu-gold-transp.png);\n}\n<\/style>\n\t<\/section>\n\t\n<div class=\"row row-full-width align-middle align-center\"  id=\"row-243261963\">\n\n\n\t<div id=\"col-413797771\" class=\"col small-12 large-12\"  >\n\t\t\t\t<div class=\"col-inner\"  >\n\t\t\t\n\t\t\t\n\n\n  \n    <div class=\"row margin-auto equalize-box large-columns-3 medium-columns- small-columns-2 row-large has-shadow row-box-shadow-2 row-box-shadow-4-hover\" >\n  \t\n\t     <div class=\"col\" data-animate=\"fadeInUp\">\n\t\t\t\t\t\t<div class=\"col-inner\">\n\t\t\t\t\t\t\n<div class=\"badge-container badge-custom absolute right top z-1\">\n\n<\/div>\n\t\t\t\t\t\t<div class=\"product-small box margin-auto has-hover box-normal box-text-bottom\">\n\t\t\t\t\t\t\t<div class=\"box-image\" >\n\t\t\t\t\t\t\t\t<div class=\"\" >\n\t\t\t\t\t\t\t\t\t<a href=\"https:\/\/schaumweinkontor.com\/en\/produkt\/barone-pizzini-franciacorta-docg-animate-dossagio-zero-075-l-bio\/\" aria-label=\"Barone Pizzini Franciacorta DOCG Animate Dossagio Zero 0,75 L BIO\">\n\t\t\t\t\t\t\t\t\t\t<img loading=\"lazy\" decoding=\"async\" width=\"300\" height=\"300\" src=\"https:\/\/schaumweinkontor.com\/wp-content\/uploads\/2024\/04\/Barone-Pizzini-Animate-300x300.png\" class=\"attachment-medium size-medium\" alt=\"Barone Pizzini Franciacorta DOCG Animate Dossagio Zero 0,75 L BIO\" srcset=\"https:\/\/schaumweinkontor.com\/wp-content\/uploads\/2024\/04\/Barone-Pizzini-Animate-300x300.png 300w, https:\/\/schaumweinkontor.com\/wp-content\/uploads\/2024\/04\/Barone-Pizzini-Animate-100x100.png 100w, https:\/\/schaumweinkontor.com\/wp-content\/uploads\/2024\/04\/Barone-Pizzini-Animate-510x510.png 510w, https:\/\/schaumweinkontor.com\/wp-content\/uploads\/2024\/04\/Barone-Pizzini-Animate-150x150.png 150w, https:\/\/schaumweinkontor.com\/wp-content\/uploads\/2024\/04\/Barone-Pizzini-Animate-768x768.png 768w, https:\/\/schaumweinkontor.com\/wp-content\/uploads\/2024\/04\/Barone-Pizzini-Animate.png 1000w\" sizes=\"auto, (max-width: 300px) 100vw, 300px\" \/>\t\t\t\t\t\t\t\t\t<\/a>\n\t\t\t\t\t\t\t\t\t\t\t\t\t\t\t\t\t\t \t\t\t\t\t\t\t\t<\/div>\n\t\t\t\t\t\t\t\t<div class=\"image-tools top right show-on-hover\">\n\t\t\t\t\t\t\t\t\t\t\t\t\t\t\t\t\t<\/div>\n\t\t\t\t\t\t\t\t\t\t\t\t\t\t\t\t\t<div class=\"image-tools grid-tools text-center hide-for-small bottom hover-slide-in show-on-hover\">\n\t\t\t\t\t\t\t\t\t\t\t\t\t\t\t\t\t\t\t<\/div>\n\t\t\t\t\t\t\t\t\t\t\t\t\t\t\t\t\t\t\t\t\t\t\t<\/div>\n\n\t\t\t\t\t\t\t<div class=\"box-text text-center\" >\n\t\t\t\t\t\t\t\t<div class=\"title-wrapper\">\t\t<p class=\"category uppercase is-smaller no-text-overflow product-cat op-7\">\n\t\t\tBarone Pizzini\t\t<\/p>\n\t<p class=\"name product-title woocommerce-loop-product__title\"><a href=\"https:\/\/schaumweinkontor.com\/en\/produkt\/barone-pizzini-franciacorta-docg-animate-dossagio-zero-075-l-bio\/\" class=\"woocommerce-LoopProduct-link woocommerce-loop-product__link\">Barone Pizzini Franciacorta DOCG Animate Dossagio Zero 0,75 L BIO<\/a><\/p><\/div><div class=\"price-wrapper\">\n\t<span class=\"price\"><span class=\"woocommerce-Price-amount amount\" role=\"none\"><bdi><span class=\"woocommerce-Price-currencySymbol\">&euro;<\/span>&nbsp;29,90<\/bdi><\/span> <small class=\"woocommerce-price-suffix\">inkl. MwSt.<\/small><\/span>\n<\/div><div class=\"add-to-cart-button\"><a href=\"\/en\/wp-json\/wp\/v2\/pages\/4628?add-to-cart=5235\" aria-describedby=\"woocommerce_loop_add_to_cart_link_describedby_5235\" data-quantity=\"1\" class=\"primary is-small mb-0 button product_type_simple add_to_cart_button ajax_add_to_cart is-outline\" data-product_id=\"5235\" data-product_sku=\"100300324\" aria-label=\"Add to cart: &ldquo;Barone Pizzini Franciacorta DOCG Animate Dossagio Zero 0,75 L BIO&rdquo;\" rel=\"nofollow\" data-success_message=\"&ldquo;Barone Pizzini Franciacorta DOCG Animate Dossagio Zero 0,75 L BIO&rdquo; has been added to your cart\" role=\"button\">Add to cart<\/a><\/div>\t<span id=\"woocommerce_loop_add_to_cart_link_describedby_5235\" class=\"screen-reader-text\">\n\t\t\t<\/span>\n\t\t\t\t\t\t\t<\/div>\n\t\t\t\t\t\t<\/div>\n\t\t\t\t\t\t<\/div>\n\t\t\t\t\t<\/div><div class=\"col\" data-animate=\"fadeInUp\">\n\t\t\t\t\t\t<div class=\"col-inner\">\n\t\t\t\t\t\t\n<div class=\"badge-container badge-custom absolute right top z-1\">\n\n<\/div>\n\t\t\t\t\t\t<div class=\"product-small box margin-auto has-hover box-normal box-text-bottom\">\n\t\t\t\t\t\t\t<div class=\"box-image\" >\n\t\t\t\t\t\t\t\t<div class=\"\" >\n\t\t\t\t\t\t\t\t\t<a href=\"https:\/\/schaumweinkontor.com\/en\/produkt\/barone-pizzini-franciacorta-docg-brut-golf-1927-075-l\/\" aria-label=\"Barone Pizzini Franciacorta DOCG Brut Golf 1927 0,75 L\">\n\t\t\t\t\t\t\t\t\t\t<img loading=\"lazy\" decoding=\"async\" width=\"300\" height=\"300\" src=\"https:\/\/schaumweinkontor.com\/wp-content\/uploads\/2023\/03\/Barone-pizzini-Golf-1927-075-1000x1000px-300x300.png\" class=\"attachment-medium size-medium\" alt=\"Barone Pizzini Franciacorta DOCG Brut Golf 1927 \" srcset=\"https:\/\/schaumweinkontor.com\/wp-content\/uploads\/2023\/03\/Barone-pizzini-Golf-1927-075-1000x1000px-300x300.png 300w, https:\/\/schaumweinkontor.com\/wp-content\/uploads\/2023\/03\/Barone-pizzini-Golf-1927-075-1000x1000px-100x100.png 100w, https:\/\/schaumweinkontor.com\/wp-content\/uploads\/2023\/03\/Barone-pizzini-Golf-1927-075-1000x1000px-510x510.png 510w, https:\/\/schaumweinkontor.com\/wp-content\/uploads\/2023\/03\/Barone-pizzini-Golf-1927-075-1000x1000px-150x150.png 150w, https:\/\/schaumweinkontor.com\/wp-content\/uploads\/2023\/03\/Barone-pizzini-Golf-1927-075-1000x1000px-768x768.png 768w, https:\/\/schaumweinkontor.com\/wp-content\/uploads\/2023\/03\/Barone-pizzini-Golf-1927-075-1000x1000px.png 1001w\" sizes=\"auto, (max-width: 300px) 100vw, 300px\" \/>\t\t\t\t\t\t\t\t\t<\/a>\n\t\t\t\t\t\t\t\t\t\t\t\t\t\t\t\t\t\t \t\t\t\t\t\t\t\t<\/div>\n\t\t\t\t\t\t\t\t<div class=\"image-tools top right show-on-hover\">\n\t\t\t\t\t\t\t\t\t\t\t\t\t\t\t\t\t<\/div>\n\t\t\t\t\t\t\t\t\t\t\t\t\t\t\t\t\t<div class=\"image-tools grid-tools text-center hide-for-small bottom hover-slide-in show-on-hover\">\n\t\t\t\t\t\t\t\t\t\t\t\t\t\t\t\t\t\t\t<\/div>\n\t\t\t\t\t\t\t\t\t\t\t\t\t\t\t\t\t\t\t\t\t\t\t<\/div>\n\n\t\t\t\t\t\t\t<div class=\"box-text text-center\" >\n\t\t\t\t\t\t\t\t<div class=\"title-wrapper\">\t\t<p class=\"category uppercase is-smaller no-text-overflow product-cat op-7\">\n\t\t\tBarone Pizzini\t\t<\/p>\n\t<p class=\"name product-title woocommerce-loop-product__title\"><a href=\"https:\/\/schaumweinkontor.com\/en\/produkt\/barone-pizzini-franciacorta-docg-brut-golf-1927-075-l\/\" class=\"woocommerce-LoopProduct-link woocommerce-loop-product__link\">Barone Pizzini Franciacorta DOCG Brut Golf 1927 0,75 L<\/a><\/p><\/div><div class=\"price-wrapper\">\n\t<span class=\"price\"><span class=\"woocommerce-Price-amount amount\" role=\"none\"><bdi><span class=\"woocommerce-Price-currencySymbol\">&euro;<\/span>&nbsp;31,00<\/bdi><\/span> <small class=\"woocommerce-price-suffix\">inkl. MwSt.<\/small><\/span>\n<\/div><div class=\"add-to-cart-button\"><a href=\"\/en\/wp-json\/wp\/v2\/pages\/4628?add-to-cart=4710\" aria-describedby=\"woocommerce_loop_add_to_cart_link_describedby_4710\" data-quantity=\"1\" class=\"primary is-small mb-0 button product_type_simple add_to_cart_button ajax_add_to_cart is-outline\" data-product_id=\"4710\" data-product_sku=\"100300315\" aria-label=\"Add to cart: &ldquo;Barone Pizzini Franciacorta DOCG Brut Golf 1927 0,75 L&rdquo;\" rel=\"nofollow\" data-success_message=\"&ldquo;Barone Pizzini Franciacorta DOCG Brut Golf 1927 0,75 L&rdquo; has been added to your cart\" role=\"button\">Add to cart<\/a><\/div>\t<span id=\"woocommerce_loop_add_to_cart_link_describedby_4710\" class=\"screen-reader-text\">\n\t\t\t<\/span>\n\t\t\t\t\t\t\t<\/div>\n\t\t\t\t\t\t<\/div>\n\t\t\t\t\t\t<\/div>\n\t\t\t\t\t<\/div><div class=\"col\" data-animate=\"fadeInUp\">\n\t\t\t\t\t\t<div class=\"col-inner\">\n\t\t\t\t\t\t\n<div class=\"badge-container badge-custom absolute right top z-1\">\n\n<\/div>\n\t\t\t\t\t\t<div class=\"product-small box margin-auto has-hover box-normal box-text-bottom\">\n\t\t\t\t\t\t\t<div class=\"box-image\" >\n\t\t\t\t\t\t\t\t<div class=\"\" >\n\t\t\t\t\t\t\t\t\t<a href=\"https:\/\/schaumweinkontor.com\/en\/produkt\/barone-pizzini-franciacorta-docg-rose-extra-brut-edizione-2018-075-l\/\" aria-label=\"Barone Pizzini Franciacorta DOCG Ros\u00e9 Extra Brut 2019 0,75 L BIO\">\n\t\t\t\t\t\t\t\t\t\t<img loading=\"lazy\" decoding=\"async\" width=\"300\" height=\"300\" src=\"https:\/\/schaumweinkontor.com\/wp-content\/uploads\/2023\/03\/Barone-pizzini-Rose-Edizione-075-1000x1000px-300x300.png\" class=\"attachment-medium size-medium\" alt=\"Barone Pizzini Franciacorta DOCG Ros\u00e9 Extra Brut 2019 0,75 L BIO\" srcset=\"https:\/\/schaumweinkontor.com\/wp-content\/uploads\/2023\/03\/Barone-pizzini-Rose-Edizione-075-1000x1000px-300x300.png 300w, https:\/\/schaumweinkontor.com\/wp-content\/uploads\/2023\/03\/Barone-pizzini-Rose-Edizione-075-1000x1000px-100x100.png 100w, https:\/\/schaumweinkontor.com\/wp-content\/uploads\/2023\/03\/Barone-pizzini-Rose-Edizione-075-1000x1000px-510x510.png 510w, https:\/\/schaumweinkontor.com\/wp-content\/uploads\/2023\/03\/Barone-pizzini-Rose-Edizione-075-1000x1000px-150x150.png 150w, https:\/\/schaumweinkontor.com\/wp-content\/uploads\/2023\/03\/Barone-pizzini-Rose-Edizione-075-1000x1000px-768x768.png 768w, https:\/\/schaumweinkontor.com\/wp-content\/uploads\/2023\/03\/Barone-pizzini-Rose-Edizione-075-1000x1000px.png 1001w\" sizes=\"auto, (max-width: 300px) 100vw, 300px\" \/>\t\t\t\t\t\t\t\t\t<\/a>\n\t\t\t\t\t\t\t\t\t\t\t\t\t\t\t\t\t\t \t\t\t\t\t\t\t\t<\/div>\n\t\t\t\t\t\t\t\t<div class=\"image-tools top right show-on-hover\">\n\t\t\t\t\t\t\t\t\t\t\t\t\t\t\t\t\t<\/div>\n\t\t\t\t\t\t\t\t\t\t\t\t\t\t\t\t\t<div class=\"image-tools grid-tools text-center hide-for-small bottom hover-slide-in show-on-hover\">\n\t\t\t\t\t\t\t\t\t\t\t\t\t\t\t\t\t\t\t<\/div>\n\t\t\t\t\t\t\t\t\t\t\t\t\t\t\t\t<div class=\"out-of-stock-label\">Out of stock<\/div>\t\t\t\t\t\t\t<\/div>\n\n\t\t\t\t\t\t\t<div class=\"box-text text-center\" >\n\t\t\t\t\t\t\t\t<div class=\"title-wrapper\">\t\t<p class=\"category uppercase is-smaller no-text-overflow product-cat op-7\">\n\t\t\tBarone Pizzini\t\t<\/p>\n\t<p class=\"name product-title woocommerce-loop-product__title\"><a href=\"https:\/\/schaumweinkontor.com\/en\/produkt\/barone-pizzini-franciacorta-docg-rose-extra-brut-edizione-2018-075-l\/\" class=\"woocommerce-LoopProduct-link woocommerce-loop-product__link\">Barone Pizzini Franciacorta DOCG Ros\u00e9 Extra Brut 2019 0,75 L BIO<\/a><\/p><\/div><div class=\"price-wrapper\">\n\t<span class=\"price\"><span class=\"woocommerce-Price-amount amount\" role=\"none\"><bdi><span class=\"woocommerce-Price-currencySymbol\">&euro;<\/span>&nbsp;36,90<\/bdi><\/span> <small class=\"woocommerce-price-suffix\">inkl. MwSt.<\/small><\/span>\n<\/div><div class=\"add-to-cart-button\"><a href=\"https:\/\/schaumweinkontor.com\/en\/produkt\/barone-pizzini-franciacorta-docg-rose-extra-brut-edizione-2018-075-l\/\" aria-describedby=\"woocommerce_loop_add_to_cart_link_describedby_4709\" data-quantity=\"1\" class=\"primary is-small mb-0 button product_type_simple is-outline\" data-product_id=\"4709\" data-product_sku=\"100300316\" aria-label=\"Read more about &ldquo;Barone Pizzini Franciacorta DOCG Ros\u00e9 Extra Brut 2019 0,75 L BIO&rdquo;\" rel=\"nofollow\" data-success_message=\"\">Read more<\/a><\/div>\t<span id=\"woocommerce_loop_add_to_cart_link_describedby_4709\" class=\"screen-reader-text\">\n\t\t\t<\/span>\n\t\t\t\t\t\t\t<\/div>\n\t\t\t\t\t\t<\/div>\n\t\t\t\t\t\t<\/div>\n\t\t\t\t\t<\/div><div class=\"col\" data-animate=\"fadeInUp\">\n\t\t\t\t\t\t<div class=\"col-inner\">\n\t\t\t\t\t\t\n<div class=\"badge-container badge-custom absolute right top z-1\">\n\n<\/div>\n\t\t\t\t\t\t<div class=\"product-small box margin-auto has-hover box-normal box-text-bottom\">\n\t\t\t\t\t\t\t<div class=\"box-image\" >\n\t\t\t\t\t\t\t\t<div class=\"\" >\n\t\t\t\t\t\t\t\t\t<a href=\"https:\/\/schaumweinkontor.com\/en\/produkt\/barone-pizzini-franciacorta-docg-saten-brut-edizione-2018-075-l-copy\/\" aria-label=\"Barone Pizzini Franciacorta DOCG Sat\u00e8n Brut 2019 0,75 L\">\n\t\t\t\t\t\t\t\t\t\t<img loading=\"lazy\" decoding=\"async\" width=\"300\" height=\"300\" src=\"https:\/\/schaumweinkontor.com\/wp-content\/uploads\/2023\/03\/Barone-pizzini-Saten-Edizione-075-1000x1000px-300x300.png\" class=\"attachment-medium size-medium\" alt=\"Barone Pizzini Franciacorta DOCG Sat\u00e8n Brut Edizione 2018 0,75 L\" srcset=\"https:\/\/schaumweinkontor.com\/wp-content\/uploads\/2023\/03\/Barone-pizzini-Saten-Edizione-075-1000x1000px-300x300.png 300w, https:\/\/schaumweinkontor.com\/wp-content\/uploads\/2023\/03\/Barone-pizzini-Saten-Edizione-075-1000x1000px-100x100.png 100w, https:\/\/schaumweinkontor.com\/wp-content\/uploads\/2023\/03\/Barone-pizzini-Saten-Edizione-075-1000x1000px-510x510.png 510w, https:\/\/schaumweinkontor.com\/wp-content\/uploads\/2023\/03\/Barone-pizzini-Saten-Edizione-075-1000x1000px-150x150.png 150w, https:\/\/schaumweinkontor.com\/wp-content\/uploads\/2023\/03\/Barone-pizzini-Saten-Edizione-075-1000x1000px-768x768.png 768w, https:\/\/schaumweinkontor.com\/wp-content\/uploads\/2023\/03\/Barone-pizzini-Saten-Edizione-075-1000x1000px.png 1001w\" sizes=\"auto, (max-width: 300px) 100vw, 300px\" \/>\t\t\t\t\t\t\t\t\t<\/a>\n\t\t\t\t\t\t\t\t\t\t\t\t\t\t\t\t\t\t \t\t\t\t\t\t\t\t<\/div>\n\t\t\t\t\t\t\t\t<div class=\"image-tools top right show-on-hover\">\n\t\t\t\t\t\t\t\t\t\t\t\t\t\t\t\t\t<\/div>\n\t\t\t\t\t\t\t\t\t\t\t\t\t\t\t\t\t<div class=\"image-tools grid-tools text-center hide-for-small bottom hover-slide-in show-on-hover\">\n\t\t\t\t\t\t\t\t\t\t\t\t\t\t\t\t\t\t\t<\/div>\n\t\t\t\t\t\t\t\t\t\t\t\t\t\t\t\t\t\t\t\t\t\t\t<\/div>\n\n\t\t\t\t\t\t\t<div class=\"box-text text-center\" >\n\t\t\t\t\t\t\t\t<div class=\"title-wrapper\">\t\t<p class=\"category uppercase is-smaller no-text-overflow product-cat op-7\">\n\t\t\tBarone Pizzini\t\t<\/p>\n\t<p class=\"name product-title woocommerce-loop-product__title\"><a href=\"https:\/\/schaumweinkontor.com\/en\/produkt\/barone-pizzini-franciacorta-docg-saten-brut-edizione-2018-075-l-copy\/\" class=\"woocommerce-LoopProduct-link woocommerce-loop-product__link\">Barone Pizzini Franciacorta DOCG Sat\u00e8n Brut 2019 0,75 L<\/a><\/p><\/div><div class=\"price-wrapper\">\n\t<span class=\"price\"><span class=\"woocommerce-Price-amount amount\" role=\"none\"><bdi><span class=\"woocommerce-Price-currencySymbol\">&euro;<\/span>&nbsp;36,90<\/bdi><\/span> <small class=\"woocommerce-price-suffix\">inkl. MwSt.<\/small><\/span>\n<\/div><div class=\"add-to-cart-button\"><a href=\"\/en\/wp-json\/wp\/v2\/pages\/4628?add-to-cart=5234\" aria-describedby=\"woocommerce_loop_add_to_cart_link_describedby_5234\" data-quantity=\"1\" class=\"primary is-small mb-0 button product_type_simple add_to_cart_button ajax_add_to_cart is-outline\" data-product_id=\"5234\" data-product_sku=\"100300322\" aria-label=\"Add to cart: &ldquo;Barone Pizzini Franciacorta DOCG Sat\u00e8n Brut 2019 0,75 L&rdquo;\" rel=\"nofollow\" data-success_message=\"&ldquo;Barone Pizzini Franciacorta DOCG Sat\u00e8n Brut 2019 0,75 L&rdquo; has been added to your cart\" role=\"button\">Add to cart<\/a><\/div>\t<span id=\"woocommerce_loop_add_to_cart_link_describedby_5234\" class=\"screen-reader-text\">\n\t\t\t<\/span>\n\t\t\t\t\t\t\t<\/div>\n\t\t\t\t\t\t<\/div>\n\t\t\t\t\t\t<\/div>\n\t\t\t\t\t<\/div><div class=\"col\" data-animate=\"fadeInUp\">\n\t\t\t\t\t\t<div class=\"col-inner\">\n\t\t\t\t\t\t\n<div class=\"badge-container badge-custom absolute right top z-1\">\n\n<\/div>\n\t\t\t\t\t\t<div class=\"product-small box margin-auto has-hover box-normal box-text-bottom\">\n\t\t\t\t\t\t\t<div class=\"box-image\" >\n\t\t\t\t\t\t\t\t<div class=\"\" >\n\t\t\t\t\t\t\t\t\t<a href=\"https:\/\/schaumweinkontor.com\/en\/produkt\/barone-pizzini-franciacorta-docg-animante-l-a-075-l\/\" aria-label=\"Barone Pizzini Franciacorta DOCG Animante L.A. 0,75 L\">\n\t\t\t\t\t\t\t\t\t\t<img loading=\"lazy\" decoding=\"async\" width=\"300\" height=\"300\" src=\"https:\/\/schaumweinkontor.com\/wp-content\/uploads\/2023\/03\/Barone-pizzini-Animante-L.A.-075-1000x1000px-300x300.png\" class=\"attachment-medium size-medium\" alt=\"Barone Pizzini Franciacorta DOCG Animante L.A. 0,75 L\" srcset=\"https:\/\/schaumweinkontor.com\/wp-content\/uploads\/2023\/03\/Barone-pizzini-Animante-L.A.-075-1000x1000px-300x300.png 300w, https:\/\/schaumweinkontor.com\/wp-content\/uploads\/2023\/03\/Barone-pizzini-Animante-L.A.-075-1000x1000px-100x100.png 100w, https:\/\/schaumweinkontor.com\/wp-content\/uploads\/2023\/03\/Barone-pizzini-Animante-L.A.-075-1000x1000px-510x510.png 510w, https:\/\/schaumweinkontor.com\/wp-content\/uploads\/2023\/03\/Barone-pizzini-Animante-L.A.-075-1000x1000px-150x150.png 150w, https:\/\/schaumweinkontor.com\/wp-content\/uploads\/2023\/03\/Barone-pizzini-Animante-L.A.-075-1000x1000px-768x768.png 768w, https:\/\/schaumweinkontor.com\/wp-content\/uploads\/2023\/03\/Barone-pizzini-Animante-L.A.-075-1000x1000px.png 1001w\" sizes=\"auto, (max-width: 300px) 100vw, 300px\" \/>\t\t\t\t\t\t\t\t\t<\/a>\n\t\t\t\t\t\t\t\t\t\t\t\t\t\t\t\t\t\t \t\t\t\t\t\t\t\t<\/div>\n\t\t\t\t\t\t\t\t<div class=\"image-tools top right show-on-hover\">\n\t\t\t\t\t\t\t\t\t\t\t\t\t\t\t\t\t<\/div>\n\t\t\t\t\t\t\t\t\t\t\t\t\t\t\t\t\t<div class=\"image-tools grid-tools text-center hide-for-small bottom hover-slide-in show-on-hover\">\n\t\t\t\t\t\t\t\t\t\t\t\t\t\t\t\t\t\t\t<\/div>\n\t\t\t\t\t\t\t\t\t\t\t\t\t\t\t\t\t\t\t\t\t\t\t<\/div>\n\n\t\t\t\t\t\t\t<div class=\"box-text text-center\" >\n\t\t\t\t\t\t\t\t<div class=\"title-wrapper\">\t\t<p class=\"category uppercase is-smaller no-text-overflow product-cat op-7\">\n\t\t\tBarone Pizzini\t\t<\/p>\n\t<p class=\"name product-title woocommerce-loop-product__title\"><a href=\"https:\/\/schaumweinkontor.com\/en\/produkt\/barone-pizzini-franciacorta-docg-animante-l-a-075-l\/\" class=\"woocommerce-LoopProduct-link woocommerce-loop-product__link\">Barone Pizzini Franciacorta DOCG Animante L.A. 0,75 L<\/a><\/p><\/div><div class=\"price-wrapper\">\n\t<span class=\"price\"><span class=\"woocommerce-Price-amount amount\" role=\"none\"><bdi><span class=\"woocommerce-Price-currencySymbol\">&euro;<\/span>&nbsp;37,00<\/bdi><\/span> <small class=\"woocommerce-price-suffix\">inkl. MwSt.<\/small><\/span>\n<\/div><div class=\"add-to-cart-button\"><a href=\"\/en\/wp-json\/wp\/v2\/pages\/4628?add-to-cart=4707\" aria-describedby=\"woocommerce_loop_add_to_cart_link_describedby_4707\" data-quantity=\"1\" class=\"primary is-small mb-0 button product_type_simple add_to_cart_button ajax_add_to_cart is-outline\" data-product_id=\"4707\" data-product_sku=\"100300318\" aria-label=\"Add to cart: &ldquo;Barone Pizzini Franciacorta DOCG Animante L.A. 0,75 L&rdquo;\" rel=\"nofollow\" data-success_message=\"&ldquo;Barone Pizzini Franciacorta DOCG Animante L.A. 0,75 L&rdquo; has been added to your cart\" role=\"button\">Add to cart<\/a><\/div>\t<span id=\"woocommerce_loop_add_to_cart_link_describedby_4707\" class=\"screen-reader-text\">\n\t\t\t<\/span>\n\t\t\t\t\t\t\t<\/div>\n\t\t\t\t\t\t<\/div>\n\t\t\t\t\t\t<\/div>\n\t\t\t\t\t<\/div><div class=\"col\" data-animate=\"fadeInUp\">\n\t\t\t\t\t\t<div class=\"col-inner\">\n\t\t\t\t\t\t\n<div class=\"badge-container badge-custom absolute right top z-1\">\n\n<\/div>\n\t\t\t\t\t\t<div class=\"product-small box margin-auto has-hover box-normal box-text-bottom\">\n\t\t\t\t\t\t\t<div class=\"box-image\" >\n\t\t\t\t\t\t\t\t<div class=\"\" >\n\t\t\t\t\t\t\t\t\t<a href=\"https:\/\/schaumweinkontor.com\/en\/produkt\/barone-pizzini-franciacorta-docg-saten-brut-edizione-2018\/\" aria-label=\"Barone Pizzini Franciacorta DOCG Sat\u00e8n Brut Edizione 2018 0,75 L\">\n\t\t\t\t\t\t\t\t\t\t<img loading=\"lazy\" decoding=\"async\" width=\"300\" height=\"300\" src=\"https:\/\/schaumweinkontor.com\/wp-content\/uploads\/2023\/03\/Barone-pizzini-Saten-Edizione-075-1000x1000px-300x300.png\" class=\"attachment-medium size-medium\" alt=\"Barone Pizzini Franciacorta DOCG Sat\u00e8n Brut Edizione 2018 0,75 L\" srcset=\"https:\/\/schaumweinkontor.com\/wp-content\/uploads\/2023\/03\/Barone-pizzini-Saten-Edizione-075-1000x1000px-300x300.png 300w, https:\/\/schaumweinkontor.com\/wp-content\/uploads\/2023\/03\/Barone-pizzini-Saten-Edizione-075-1000x1000px-100x100.png 100w, https:\/\/schaumweinkontor.com\/wp-content\/uploads\/2023\/03\/Barone-pizzini-Saten-Edizione-075-1000x1000px-510x510.png 510w, https:\/\/schaumweinkontor.com\/wp-content\/uploads\/2023\/03\/Barone-pizzini-Saten-Edizione-075-1000x1000px-150x150.png 150w, https:\/\/schaumweinkontor.com\/wp-content\/uploads\/2023\/03\/Barone-pizzini-Saten-Edizione-075-1000x1000px-768x768.png 768w, https:\/\/schaumweinkontor.com\/wp-content\/uploads\/2023\/03\/Barone-pizzini-Saten-Edizione-075-1000x1000px.png 1001w\" sizes=\"auto, (max-width: 300px) 100vw, 300px\" \/>\t\t\t\t\t\t\t\t\t<\/a>\n\t\t\t\t\t\t\t\t\t\t\t\t\t\t\t\t\t\t \t\t\t\t\t\t\t\t<\/div>\n\t\t\t\t\t\t\t\t<div class=\"image-tools top right show-on-hover\">\n\t\t\t\t\t\t\t\t\t\t\t\t\t\t\t\t\t<\/div>\n\t\t\t\t\t\t\t\t\t\t\t\t\t\t\t\t\t<div class=\"image-tools grid-tools text-center hide-for-small bottom hover-slide-in show-on-hover\">\n\t\t\t\t\t\t\t\t\t\t\t\t\t\t\t\t\t\t\t<\/div>\n\t\t\t\t\t\t\t\t\t\t\t\t\t\t\t\t\t\t\t\t\t\t\t<\/div>\n\n\t\t\t\t\t\t\t<div class=\"box-text text-center\" >\n\t\t\t\t\t\t\t\t<div class=\"title-wrapper\">\t\t<p class=\"category uppercase is-smaller no-text-overflow product-cat op-7\">\n\t\t\tBarone Pizzini\t\t<\/p>\n\t<p class=\"name product-title woocommerce-loop-product__title\"><a href=\"https:\/\/schaumweinkontor.com\/en\/produkt\/barone-pizzini-franciacorta-docg-saten-brut-edizione-2018\/\" class=\"woocommerce-LoopProduct-link woocommerce-loop-product__link\">Barone Pizzini Franciacorta DOCG Sat\u00e8n Brut Edizione 2018 0,75 L<\/a><\/p><\/div><div class=\"price-wrapper\">\n\t<span class=\"price\"><span class=\"woocommerce-Price-amount amount\" role=\"none\"><bdi><span class=\"woocommerce-Price-currencySymbol\">&euro;<\/span>&nbsp;37,00<\/bdi><\/span> <small class=\"woocommerce-price-suffix\">inkl. MwSt.<\/small><\/span>\n<\/div><div class=\"add-to-cart-button\"><a href=\"\/en\/wp-json\/wp\/v2\/pages\/4628?add-to-cart=4708\" aria-describedby=\"woocommerce_loop_add_to_cart_link_describedby_4708\" data-quantity=\"1\" class=\"primary is-small mb-0 button product_type_simple add_to_cart_button ajax_add_to_cart is-outline\" data-product_id=\"4708\" data-product_sku=\"100300317\" aria-label=\"Add to cart: &ldquo;Barone Pizzini Franciacorta DOCG Sat\u00e8n Brut Edizione 2018 0,75 L&rdquo;\" rel=\"nofollow\" data-success_message=\"&ldquo;Barone Pizzini Franciacorta DOCG Sat\u00e8n Brut Edizione 2018 0,75 L&rdquo; has been added to your cart\" role=\"button\">Add to cart<\/a><\/div>\t<span id=\"woocommerce_loop_add_to_cart_link_describedby_4708\" class=\"screen-reader-text\">\n\t\t\t<\/span>\n\t\t\t\t\t\t\t<\/div>\n\t\t\t\t\t\t<\/div>\n\t\t\t\t\t\t<\/div>\n\t\t\t\t\t<\/div><div class=\"col\" data-animate=\"fadeInUp\">\n\t\t\t\t\t\t<div class=\"col-inner\">\n\t\t\t\t\t\t\n<div class=\"badge-container badge-custom absolute right top z-1\">\n\n<\/div>\n\t\t\t\t\t\t<div class=\"product-small box margin-auto has-hover box-normal box-text-bottom\">\n\t\t\t\t\t\t\t<div class=\"box-image\" >\n\t\t\t\t\t\t\t\t<div class=\"\" >\n\t\t\t\t\t\t\t\t\t<a href=\"https:\/\/schaumweinkontor.com\/en\/produkt\/barone-pizzini-franciacorta-docg-naturae-dz-2019-075-l-bio\/\" aria-label=\"Barone Pizzini Franciacorta DOCG Naturae DZ 2019 0,75 L BIO\">\n\t\t\t\t\t\t\t\t\t\t<img loading=\"lazy\" decoding=\"async\" width=\"300\" height=\"300\" src=\"https:\/\/schaumweinkontor.com\/wp-content\/uploads\/2024\/04\/Barone-Pizzini-Naturae-300x300.png\" class=\"attachment-medium size-medium\" alt=\"Barone Pizzini Franciacorta DOCG Naturae DZ 2019 0,75 L BIO\" srcset=\"https:\/\/schaumweinkontor.com\/wp-content\/uploads\/2024\/04\/Barone-Pizzini-Naturae-300x300.png 300w, https:\/\/schaumweinkontor.com\/wp-content\/uploads\/2024\/04\/Barone-Pizzini-Naturae-100x100.png 100w, https:\/\/schaumweinkontor.com\/wp-content\/uploads\/2024\/04\/Barone-Pizzini-Naturae-510x510.png 510w, https:\/\/schaumweinkontor.com\/wp-content\/uploads\/2024\/04\/Barone-Pizzini-Naturae-150x150.png 150w, https:\/\/schaumweinkontor.com\/wp-content\/uploads\/2024\/04\/Barone-Pizzini-Naturae-768x768.png 768w, https:\/\/schaumweinkontor.com\/wp-content\/uploads\/2024\/04\/Barone-Pizzini-Naturae.png 1000w\" sizes=\"auto, (max-width: 300px) 100vw, 300px\" \/>\t\t\t\t\t\t\t\t\t<\/a>\n\t\t\t\t\t\t\t\t\t\t\t\t\t\t\t\t\t\t \t\t\t\t\t\t\t\t<\/div>\n\t\t\t\t\t\t\t\t<div class=\"image-tools top right show-on-hover\">\n\t\t\t\t\t\t\t\t\t\t\t\t\t\t\t\t\t<\/div>\n\t\t\t\t\t\t\t\t\t\t\t\t\t\t\t\t\t<div class=\"image-tools grid-tools text-center hide-for-small bottom hover-slide-in show-on-hover\">\n\t\t\t\t\t\t\t\t\t\t\t\t\t\t\t\t\t\t\t<\/div>\n\t\t\t\t\t\t\t\t\t\t\t\t\t\t\t\t\t\t\t\t\t\t\t<\/div>\n\n\t\t\t\t\t\t\t<div class=\"box-text text-center\" >\n\t\t\t\t\t\t\t\t<div class=\"title-wrapper\">\t\t<p class=\"category uppercase is-smaller no-text-overflow product-cat op-7\">\n\t\t\tBarone Pizzini\t\t<\/p>\n\t<p class=\"name product-title woocommerce-loop-product__title\"><a href=\"https:\/\/schaumweinkontor.com\/en\/produkt\/barone-pizzini-franciacorta-docg-naturae-dz-2019-075-l-bio\/\" class=\"woocommerce-LoopProduct-link woocommerce-loop-product__link\">Barone Pizzini Franciacorta DOCG Naturae DZ 2019 0,75 L BIO<\/a><\/p><\/div><div class=\"price-wrapper\">\n\t<span class=\"price\"><span class=\"woocommerce-Price-amount amount\" role=\"none\"><bdi><span class=\"woocommerce-Price-currencySymbol\">&euro;<\/span>&nbsp;37,00<\/bdi><\/span> <small class=\"woocommerce-price-suffix\">inkl. MwSt.<\/small><\/span>\n<\/div><div class=\"add-to-cart-button\"><a href=\"\/en\/wp-json\/wp\/v2\/pages\/4628?add-to-cart=5246\" aria-describedby=\"woocommerce_loop_add_to_cart_link_describedby_5246\" data-quantity=\"1\" class=\"primary is-small mb-0 button product_type_simple add_to_cart_button ajax_add_to_cart is-outline\" data-product_id=\"5246\" data-product_sku=\"100300327\" aria-label=\"Add to cart: &ldquo;Barone Pizzini Franciacorta DOCG Naturae DZ 2019 0,75 L BIO&rdquo;\" rel=\"nofollow\" data-success_message=\"&ldquo;Barone Pizzini Franciacorta DOCG Naturae DZ 2019 0,75 L BIO&rdquo; has been added to your cart\" role=\"button\">Add to cart<\/a><\/div>\t<span id=\"woocommerce_loop_add_to_cart_link_describedby_5246\" class=\"screen-reader-text\">\n\t\t\t<\/span>\n\t\t\t\t\t\t\t<\/div>\n\t\t\t\t\t\t<\/div>\n\t\t\t\t\t\t<\/div>\n\t\t\t\t\t<\/div><div class=\"col\" data-animate=\"fadeInUp\">\n\t\t\t\t\t\t<div class=\"col-inner\">\n\t\t\t\t\t\t\n<div class=\"badge-container badge-custom absolute right top z-1\">\n\n<\/div>\n\t\t\t\t\t\t<div class=\"product-small box margin-auto has-hover box-normal box-text-bottom\">\n\t\t\t\t\t\t\t<div class=\"box-image\" >\n\t\t\t\t\t\t\t\t<div class=\"\" >\n\t\t\t\t\t\t\t\t\t<a href=\"https:\/\/schaumweinkontor.com\/en\/produkt\/barone-pizzini-franciacorta-docg-rose-extra-brut-2019-075-l-bio-kopie\/\" aria-label=\"Barone Pizzini Franciacorta DOCG Ros\u00e9 Extra Brut 2019 0,75 L BIO (Kopie)\">\n\t\t\t\t\t\t\t\t\t\t<img loading=\"lazy\" decoding=\"async\" width=\"300\" height=\"300\" src=\"https:\/\/schaumweinkontor.com\/wp-content\/uploads\/2023\/03\/Barone-pizzini-Rose-Edizione-075-1000x1000px-300x300.png\" class=\"attachment-medium size-medium\" alt=\"Barone Pizzini Franciacorta DOCG Ros\u00e9 Extra Brut 2019 0,75 L BIO (Kopie)\" srcset=\"https:\/\/schaumweinkontor.com\/wp-content\/uploads\/2023\/03\/Barone-pizzini-Rose-Edizione-075-1000x1000px-300x300.png 300w, https:\/\/schaumweinkontor.com\/wp-content\/uploads\/2023\/03\/Barone-pizzini-Rose-Edizione-075-1000x1000px-100x100.png 100w, https:\/\/schaumweinkontor.com\/wp-content\/uploads\/2023\/03\/Barone-pizzini-Rose-Edizione-075-1000x1000px-510x510.png 510w, https:\/\/schaumweinkontor.com\/wp-content\/uploads\/2023\/03\/Barone-pizzini-Rose-Edizione-075-1000x1000px-150x150.png 150w, https:\/\/schaumweinkontor.com\/wp-content\/uploads\/2023\/03\/Barone-pizzini-Rose-Edizione-075-1000x1000px-768x768.png 768w, https:\/\/schaumweinkontor.com\/wp-content\/uploads\/2023\/03\/Barone-pizzini-Rose-Edizione-075-1000x1000px.png 1001w\" sizes=\"auto, (max-width: 300px) 100vw, 300px\" \/>\t\t\t\t\t\t\t\t\t<\/a>\n\t\t\t\t\t\t\t\t\t\t\t\t\t\t\t\t\t\t \t\t\t\t\t\t\t\t<\/div>\n\t\t\t\t\t\t\t\t<div class=\"image-tools top right show-on-hover\">\n\t\t\t\t\t\t\t\t\t\t\t\t\t\t\t\t\t<\/div>\n\t\t\t\t\t\t\t\t\t\t\t\t\t\t\t\t\t<div class=\"image-tools grid-tools text-center hide-for-small bottom hover-slide-in show-on-hover\">\n\t\t\t\t\t\t\t\t\t\t\t\t\t\t\t\t\t\t\t<\/div>\n\t\t\t\t\t\t\t\t\t\t\t\t\t\t\t\t\t\t\t\t\t\t\t<\/div>\n\n\t\t\t\t\t\t\t<div class=\"box-text text-center\" >\n\t\t\t\t\t\t\t\t<div class=\"title-wrapper\">\t\t<p class=\"category uppercase is-smaller no-text-overflow product-cat op-7\">\n\t\t\tBarone Pizzini\t\t<\/p>\n\t<p class=\"name product-title woocommerce-loop-product__title\"><a href=\"https:\/\/schaumweinkontor.com\/en\/produkt\/barone-pizzini-franciacorta-docg-rose-extra-brut-2019-075-l-bio-kopie\/\" class=\"woocommerce-LoopProduct-link woocommerce-loop-product__link\">Barone Pizzini Franciacorta DOCG Ros\u00e9 Extra Brut 2019 0,75 L BIO (Kopie)<\/a><\/p><\/div><div class=\"price-wrapper\">\n\t<span class=\"price\"><span class=\"woocommerce-Price-amount amount\" role=\"none\"><bdi><span class=\"woocommerce-Price-currencySymbol\">&euro;<\/span>&nbsp;37,00<\/bdi><\/span> <small class=\"woocommerce-price-suffix\">inkl. MwSt.<\/small><\/span>\n<\/div><div class=\"add-to-cart-button\"><a href=\"\/en\/wp-json\/wp\/v2\/pages\/4628?add-to-cart=8377\" aria-describedby=\"woocommerce_loop_add_to_cart_link_describedby_8377\" data-quantity=\"1\" class=\"primary is-small mb-0 button product_type_simple add_to_cart_button ajax_add_to_cart is-outline\" data-product_id=\"8377\" data-product_sku=\"100300321\" aria-label=\"Add to cart: &ldquo;Barone Pizzini Franciacorta DOCG Ros\u00e9 Extra Brut 2019 0,75 L BIO (Kopie)&rdquo;\" rel=\"nofollow\" data-success_message=\"&ldquo;Barone Pizzini Franciacorta DOCG Ros\u00e9 Extra Brut 2019 0,75 L BIO (Kopie)&rdquo; has been added to your cart\" role=\"button\">Add to cart<\/a><\/div>\t<span id=\"woocommerce_loop_add_to_cart_link_describedby_8377\" class=\"screen-reader-text\">\n\t\t\t<\/span>\n\t\t\t\t\t\t\t<\/div>\n\t\t\t\t\t\t<\/div>\n\t\t\t\t\t\t<\/div>\n\t\t\t\t\t<\/div><div class=\"col\" data-animate=\"fadeInUp\">\n\t\t\t\t\t\t<div class=\"col-inner\">\n\t\t\t\t\t\t\n<div class=\"badge-container badge-custom absolute right top z-1\">\n\n<\/div>\n\t\t\t\t\t\t<div class=\"product-small box margin-auto has-hover box-normal box-text-bottom\">\n\t\t\t\t\t\t\t<div class=\"box-image\" >\n\t\t\t\t\t\t\t\t<div class=\"\" >\n\t\t\t\t\t\t\t\t\t<a href=\"https:\/\/schaumweinkontor.com\/en\/produkt\/barone-pizzini-franciacorta-docg-saten-brut-edizione-2018-075-l-copy-2\/\" aria-label=\"Barone Pizzini Franciacorta DOCG Sat\u00e8n Brut Edizione 2018 0,75 L (Copy)\">\n\t\t\t\t\t\t\t\t\t\t<img loading=\"lazy\" decoding=\"async\" width=\"300\" height=\"300\" src=\"https:\/\/schaumweinkontor.com\/wp-content\/uploads\/2023\/03\/Barone-pizzini-Saten-Edizione-075-1000x1000px-300x300.png\" class=\"attachment-medium size-medium\" alt=\"Barone Pizzini Franciacorta DOCG Sat\u00e8n Brut Edizione 2018 0,75 L\" srcset=\"https:\/\/schaumweinkontor.com\/wp-content\/uploads\/2023\/03\/Barone-pizzini-Saten-Edizione-075-1000x1000px-300x300.png 300w, https:\/\/schaumweinkontor.com\/wp-content\/uploads\/2023\/03\/Barone-pizzini-Saten-Edizione-075-1000x1000px-100x100.png 100w, https:\/\/schaumweinkontor.com\/wp-content\/uploads\/2023\/03\/Barone-pizzini-Saten-Edizione-075-1000x1000px-510x510.png 510w, https:\/\/schaumweinkontor.com\/wp-content\/uploads\/2023\/03\/Barone-pizzini-Saten-Edizione-075-1000x1000px-150x150.png 150w, https:\/\/schaumweinkontor.com\/wp-content\/uploads\/2023\/03\/Barone-pizzini-Saten-Edizione-075-1000x1000px-768x768.png 768w, https:\/\/schaumweinkontor.com\/wp-content\/uploads\/2023\/03\/Barone-pizzini-Saten-Edizione-075-1000x1000px.png 1001w\" sizes=\"auto, (max-width: 300px) 100vw, 300px\" \/>\t\t\t\t\t\t\t\t\t<\/a>\n\t\t\t\t\t\t\t\t\t\t\t\t\t\t\t\t\t\t \t\t\t\t\t\t\t\t<\/div>\n\t\t\t\t\t\t\t\t<div class=\"image-tools top right show-on-hover\">\n\t\t\t\t\t\t\t\t\t\t\t\t\t\t\t\t\t<\/div>\n\t\t\t\t\t\t\t\t\t\t\t\t\t\t\t\t\t<div class=\"image-tools grid-tools text-center hide-for-small bottom hover-slide-in show-on-hover\">\n\t\t\t\t\t\t\t\t\t\t\t\t\t\t\t\t\t\t\t<\/div>\n\t\t\t\t\t\t\t\t\t\t\t\t\t\t\t\t\t\t\t\t\t\t\t<\/div>\n\n\t\t\t\t\t\t\t<div class=\"box-text text-center\" >\n\t\t\t\t\t\t\t\t<div class=\"title-wrapper\">\t\t<p class=\"category uppercase is-smaller no-text-overflow product-cat op-7\">\n\t\t\tBarone Pizzini\t\t<\/p>\n\t<p class=\"name product-title woocommerce-loop-product__title\"><a href=\"https:\/\/schaumweinkontor.com\/en\/produkt\/barone-pizzini-franciacorta-docg-saten-brut-edizione-2018-075-l-copy-2\/\" class=\"woocommerce-LoopProduct-link woocommerce-loop-product__link\">Barone Pizzini Franciacorta DOCG Sat\u00e8n Brut Edizione 2018 0,75 L (Copy)<\/a><\/p><\/div><div class=\"price-wrapper\">\n\t<span class=\"price\"><span class=\"woocommerce-Price-amount amount\" role=\"none\"><bdi><span class=\"woocommerce-Price-currencySymbol\">&euro;<\/span>&nbsp;39,90<\/bdi><\/span> <small class=\"woocommerce-price-suffix\">inkl. MwSt.<\/small><\/span>\n<\/div><div class=\"add-to-cart-button\"><a href=\"\/en\/wp-json\/wp\/v2\/pages\/4628?add-to-cart=6135\" aria-describedby=\"woocommerce_loop_add_to_cart_link_describedby_6135\" data-quantity=\"1\" class=\"primary is-small mb-0 button product_type_simple add_to_cart_button ajax_add_to_cart is-outline\" data-product_id=\"6135\" data-product_sku=\"68102\/68107-1\" aria-label=\"Add to cart: &ldquo;Barone Pizzini Franciacorta DOCG Sat\u00e8n Brut Edizione 2018 0,75 L (Copy)&rdquo;\" rel=\"nofollow\" data-success_message=\"&ldquo;Barone Pizzini Franciacorta DOCG Sat\u00e8n Brut Edizione 2018 0,75 L (Copy)&rdquo; has been added to your cart\" role=\"button\">Add to cart<\/a><\/div>\t<span id=\"woocommerce_loop_add_to_cart_link_describedby_6135\" class=\"screen-reader-text\">\n\t\t\t<\/span>\n\t\t\t\t\t\t\t<\/div>\n\t\t\t\t\t\t<\/div>\n\t\t\t\t\t\t<\/div>\n\t\t\t\t\t<\/div><div class=\"col\" data-animate=\"fadeInUp\">\n\t\t\t\t\t\t<div class=\"col-inner\">\n\t\t\t\t\t\t\n<div class=\"badge-container badge-custom absolute right top z-1\">\n\n<\/div>\n\t\t\t\t\t\t<div class=\"product-small box margin-auto has-hover box-normal box-text-bottom\">\n\t\t\t\t\t\t\t<div class=\"box-image\" >\n\t\t\t\t\t\t\t\t<div class=\"\" >\n\t\t\t\t\t\t\t\t\t<a href=\"https:\/\/schaumweinkontor.com\/en\/produkt\/barone-pizzini-franciacorta-docg-bagnadore-riserva-2015-075-l\/\" aria-label=\"Barone Pizzini Franciacorta DOCG Bagnadore Riserva 2015 0,75 L organic\">\n\t\t\t\t\t\t\t\t\t\t<img loading=\"lazy\" decoding=\"async\" width=\"300\" height=\"300\" src=\"https:\/\/schaumweinkontor.com\/wp-content\/uploads\/2023\/03\/Barone-pizzini-Bagnadore-Riserva-2011-075-1000x1000px-300x300.png\" class=\"attachment-medium size-medium\" alt=\"Barone Pizzini Franciacorta DOCG Bagnadore Riserva 2015 0,75 L organic\" srcset=\"https:\/\/schaumweinkontor.com\/wp-content\/uploads\/2023\/03\/Barone-pizzini-Bagnadore-Riserva-2011-075-1000x1000px-300x300.png 300w, https:\/\/schaumweinkontor.com\/wp-content\/uploads\/2023\/03\/Barone-pizzini-Bagnadore-Riserva-2011-075-1000x1000px-100x100.png 100w, https:\/\/schaumweinkontor.com\/wp-content\/uploads\/2023\/03\/Barone-pizzini-Bagnadore-Riserva-2011-075-1000x1000px-510x510.png 510w, https:\/\/schaumweinkontor.com\/wp-content\/uploads\/2023\/03\/Barone-pizzini-Bagnadore-Riserva-2011-075-1000x1000px-150x150.png 150w, https:\/\/schaumweinkontor.com\/wp-content\/uploads\/2023\/03\/Barone-pizzini-Bagnadore-Riserva-2011-075-1000x1000px-768x768.png 768w, https:\/\/schaumweinkontor.com\/wp-content\/uploads\/2023\/03\/Barone-pizzini-Bagnadore-Riserva-2011-075-1000x1000px.png 1001w\" sizes=\"auto, (max-width: 300px) 100vw, 300px\" \/>\t\t\t\t\t\t\t\t\t<\/a>\n\t\t\t\t\t\t\t\t\t\t\t\t\t\t\t\t\t\t \t\t\t\t\t\t\t\t<\/div>\n\t\t\t\t\t\t\t\t<div class=\"image-tools top right show-on-hover\">\n\t\t\t\t\t\t\t\t\t\t\t\t\t\t\t\t\t<\/div>\n\t\t\t\t\t\t\t\t\t\t\t\t\t\t\t\t\t<div class=\"image-tools grid-tools text-center hide-for-small bottom hover-slide-in show-on-hover\">\n\t\t\t\t\t\t\t\t\t\t\t\t\t\t\t\t\t\t\t<\/div>\n\t\t\t\t\t\t\t\t\t\t\t\t\t\t\t\t\t\t\t\t\t\t\t<\/div>\n\n\t\t\t\t\t\t\t<div class=\"box-text text-center\" >\n\t\t\t\t\t\t\t\t<div class=\"title-wrapper\">\t\t<p class=\"category uppercase is-smaller no-text-overflow product-cat op-7\">\n\t\t\tBarone Pizzini\t\t<\/p>\n\t<p class=\"name product-title woocommerce-loop-product__title\"><a href=\"https:\/\/schaumweinkontor.com\/en\/produkt\/barone-pizzini-franciacorta-docg-bagnadore-riserva-2015-075-l\/\" class=\"woocommerce-LoopProduct-link woocommerce-loop-product__link\">Barone Pizzini Franciacorta DOCG Bagnadore Riserva 2015 0,75 L organic<\/a><\/p><\/div><div class=\"price-wrapper\">\n\t<span class=\"price\"><span class=\"woocommerce-Price-amount amount\" role=\"none\"><bdi><span class=\"woocommerce-Price-currencySymbol\">&euro;<\/span>&nbsp;56,00<\/bdi><\/span> <small class=\"woocommerce-price-suffix\">inkl. MwSt.<\/small><\/span>\n<\/div><div class=\"add-to-cart-button\"><a href=\"\/en\/wp-json\/wp\/v2\/pages\/4628?add-to-cart=4706\" aria-describedby=\"woocommerce_loop_add_to_cart_link_describedby_4706\" data-quantity=\"1\" class=\"primary is-small mb-0 button product_type_simple add_to_cart_button ajax_add_to_cart is-outline\" data-product_id=\"4706\" data-product_sku=\"100300319\" aria-label=\"Add to cart: &ldquo;Barone Pizzini Franciacorta DOCG Bagnadore Riserva 2015 0,75 L organic&rdquo;\" rel=\"nofollow\" data-success_message=\"&ldquo;Barone Pizzini Franciacorta DOCG Bagnadore Riserva 2015 0,75 L organic&rdquo; has been added to your cart\" role=\"button\">Add to cart<\/a><\/div>\t<span id=\"woocommerce_loop_add_to_cart_link_describedby_4706\" class=\"screen-reader-text\">\n\t\t\t<\/span>\n\t\t\t\t\t\t\t<\/div>\n\t\t\t\t\t\t<\/div>\n\t\t\t\t\t\t<\/div>\n\t\t\t\t\t<\/div><div class=\"col\" data-animate=\"fadeInUp\">\n\t\t\t\t\t\t<div class=\"col-inner\">\n\t\t\t\t\t\t\n<div class=\"badge-container badge-custom absolute right top z-1\">\n\n<\/div>\n\t\t\t\t\t\t<div class=\"product-small box margin-auto has-hover box-normal box-text-bottom\">\n\t\t\t\t\t\t\t<div class=\"box-image\" >\n\t\t\t\t\t\t\t\t<div class=\"\" >\n\t\t\t\t\t\t\t\t\t<a href=\"https:\/\/schaumweinkontor.com\/en\/produkt\/barone-pizzini-franciacorta-docg-brut-golf-1927-15-l\/\" aria-label=\"Barone Pizzini Franciacorta DOCG Brut Golf 1927 1,5 L\">\n\t\t\t\t\t\t\t\t\t\t<img loading=\"lazy\" decoding=\"async\" width=\"300\" height=\"300\" src=\"https:\/\/schaumweinkontor.com\/wp-content\/uploads\/2023\/03\/Barone-pizzini-Golf-1927-075-1000x1000px-300x300.png\" class=\"attachment-medium size-medium\" alt=\"Barone Pizzini Franciacorta DOCG Brut Golf 1927 \" srcset=\"https:\/\/schaumweinkontor.com\/wp-content\/uploads\/2023\/03\/Barone-pizzini-Golf-1927-075-1000x1000px-300x300.png 300w, https:\/\/schaumweinkontor.com\/wp-content\/uploads\/2023\/03\/Barone-pizzini-Golf-1927-075-1000x1000px-100x100.png 100w, https:\/\/schaumweinkontor.com\/wp-content\/uploads\/2023\/03\/Barone-pizzini-Golf-1927-075-1000x1000px-510x510.png 510w, https:\/\/schaumweinkontor.com\/wp-content\/uploads\/2023\/03\/Barone-pizzini-Golf-1927-075-1000x1000px-150x150.png 150w, https:\/\/schaumweinkontor.com\/wp-content\/uploads\/2023\/03\/Barone-pizzini-Golf-1927-075-1000x1000px-768x768.png 768w, https:\/\/schaumweinkontor.com\/wp-content\/uploads\/2023\/03\/Barone-pizzini-Golf-1927-075-1000x1000px.png 1001w\" sizes=\"auto, (max-width: 300px) 100vw, 300px\" \/>\t\t\t\t\t\t\t\t\t<\/a>\n\t\t\t\t\t\t\t\t\t\t\t\t\t\t\t\t\t\t \t\t\t\t\t\t\t\t<\/div>\n\t\t\t\t\t\t\t\t<div class=\"image-tools top right show-on-hover\">\n\t\t\t\t\t\t\t\t\t\t\t\t\t\t\t\t\t<\/div>\n\t\t\t\t\t\t\t\t\t\t\t\t\t\t\t\t\t<div class=\"image-tools grid-tools text-center hide-for-small bottom hover-slide-in show-on-hover\">\n\t\t\t\t\t\t\t\t\t\t\t\t\t\t\t\t\t\t\t<\/div>\n\t\t\t\t\t\t\t\t\t\t\t\t\t\t\t\t\t\t\t\t\t\t\t<\/div>\n\n\t\t\t\t\t\t\t<div class=\"box-text text-center\" >\n\t\t\t\t\t\t\t\t<div class=\"title-wrapper\">\t\t<p class=\"category uppercase is-smaller no-text-overflow product-cat op-7\">\n\t\t\tBarone Pizzini\t\t<\/p>\n\t<p class=\"name product-title woocommerce-loop-product__title\"><a href=\"https:\/\/schaumweinkontor.com\/en\/produkt\/barone-pizzini-franciacorta-docg-brut-golf-1927-15-l\/\" class=\"woocommerce-LoopProduct-link woocommerce-loop-product__link\">Barone Pizzini Franciacorta DOCG Brut Golf 1927 1,5 L<\/a><\/p><\/div><div class=\"price-wrapper\">\n\t<span class=\"price\"><span class=\"woocommerce-Price-amount amount\" role=\"none\"><bdi><span class=\"woocommerce-Price-currencySymbol\">&euro;<\/span>&nbsp;68,00<\/bdi><\/span> <small class=\"woocommerce-price-suffix\">inkl. MwSt.<\/small><\/span>\n<\/div><div class=\"add-to-cart-button\"><a href=\"\/en\/wp-json\/wp\/v2\/pages\/4628?add-to-cart=4655\" aria-describedby=\"woocommerce_loop_add_to_cart_link_describedby_4655\" data-quantity=\"1\" class=\"primary is-small mb-0 button product_type_simple add_to_cart_button ajax_add_to_cart is-outline\" data-product_id=\"4655\" data-product_sku=\"100300323\" aria-label=\"Add to cart: &ldquo;Barone Pizzini Franciacorta DOCG Brut Golf 1927 1,5 L&rdquo;\" rel=\"nofollow\" data-success_message=\"&ldquo;Barone Pizzini Franciacorta DOCG Brut Golf 1927 1,5 L&rdquo; has been added to your cart\" role=\"button\">Add to cart<\/a><\/div>\t<span id=\"woocommerce_loop_add_to_cart_link_describedby_4655\" class=\"screen-reader-text\">\n\t\t\t<\/span>\n\t\t\t\t\t\t\t<\/div>\n\t\t\t\t\t\t<\/div>\n\t\t\t\t\t\t<\/div>\n\t\t\t\t\t<\/div><div class=\"col\" data-animate=\"fadeInUp\">\n\t\t\t\t\t\t<div class=\"col-inner\">\n\t\t\t\t\t\t\n<div class=\"badge-container badge-custom absolute right top z-1\">\n\n<\/div>\n\t\t\t\t\t\t<div class=\"product-small box margin-auto has-hover box-normal box-text-bottom\">\n\t\t\t\t\t\t\t<div class=\"box-image\" >\n\t\t\t\t\t\t\t\t<div class=\"\" >\n\t\t\t\t\t\t\t\t\t<a href=\"https:\/\/schaumweinkontor.com\/en\/produkt\/barone-pizzini-franciacorta-docg-animate-dossagio-zero-15-l-bio\/\" aria-label=\"Barone Pizzini Franciacorta DOCG Animate Dossagio Zero 1,5 L BIO\">\n\t\t\t\t\t\t\t\t\t\t<img loading=\"lazy\" decoding=\"async\" width=\"300\" height=\"300\" src=\"https:\/\/schaumweinkontor.com\/wp-content\/uploads\/2024\/04\/Barone-Pizzini-Animate-300x300.png\" class=\"attachment-medium size-medium\" alt=\"Barone Pizzini Franciacorta DOCG Animate Dossagio Zero 1,5 L BIO\" srcset=\"https:\/\/schaumweinkontor.com\/wp-content\/uploads\/2024\/04\/Barone-Pizzini-Animate-300x300.png 300w, https:\/\/schaumweinkontor.com\/wp-content\/uploads\/2024\/04\/Barone-Pizzini-Animate-100x100.png 100w, https:\/\/schaumweinkontor.com\/wp-content\/uploads\/2024\/04\/Barone-Pizzini-Animate-510x510.png 510w, https:\/\/schaumweinkontor.com\/wp-content\/uploads\/2024\/04\/Barone-Pizzini-Animate-150x150.png 150w, https:\/\/schaumweinkontor.com\/wp-content\/uploads\/2024\/04\/Barone-Pizzini-Animate-768x768.png 768w, https:\/\/schaumweinkontor.com\/wp-content\/uploads\/2024\/04\/Barone-Pizzini-Animate.png 1000w\" sizes=\"auto, (max-width: 300px) 100vw, 300px\" \/>\t\t\t\t\t\t\t\t\t<\/a>\n\t\t\t\t\t\t\t\t\t\t\t\t\t\t\t\t\t\t \t\t\t\t\t\t\t\t<\/div>\n\t\t\t\t\t\t\t\t<div class=\"image-tools top right show-on-hover\">\n\t\t\t\t\t\t\t\t\t\t\t\t\t\t\t\t\t<\/div>\n\t\t\t\t\t\t\t\t\t\t\t\t\t\t\t\t\t<div class=\"image-tools grid-tools text-center hide-for-small bottom hover-slide-in show-on-hover\">\n\t\t\t\t\t\t\t\t\t\t\t\t\t\t\t\t\t\t\t<\/div>\n\t\t\t\t\t\t\t\t\t\t\t\t\t\t\t\t\t\t\t\t\t\t\t<\/div>\n\n\t\t\t\t\t\t\t<div class=\"box-text text-center\" >\n\t\t\t\t\t\t\t\t<div class=\"title-wrapper\">\t\t<p class=\"category uppercase is-smaller no-text-overflow product-cat op-7\">\n\t\t\tBarone Pizzini\t\t<\/p>\n\t<p class=\"name product-title woocommerce-loop-product__title\"><a href=\"https:\/\/schaumweinkontor.com\/en\/produkt\/barone-pizzini-franciacorta-docg-animate-dossagio-zero-15-l-bio\/\" class=\"woocommerce-LoopProduct-link woocommerce-loop-product__link\">Barone Pizzini Franciacorta DOCG Animate Dossagio Zero 1,5 L BIO<\/a><\/p><\/div><div class=\"price-wrapper\">\n\t<span class=\"price\"><span class=\"woocommerce-Price-amount amount\" role=\"none\"><bdi><span class=\"woocommerce-Price-currencySymbol\">&euro;<\/span>&nbsp;68,00<\/bdi><\/span> <small class=\"woocommerce-price-suffix\">inkl. MwSt.<\/small><\/span>\n<\/div><div class=\"add-to-cart-button\"><a href=\"\/en\/wp-json\/wp\/v2\/pages\/4628?add-to-cart=5240\" aria-describedby=\"woocommerce_loop_add_to_cart_link_describedby_5240\" data-quantity=\"1\" class=\"primary is-small mb-0 button product_type_simple add_to_cart_button ajax_add_to_cart is-outline\" data-product_id=\"5240\" data-product_sku=\"100300325\" aria-label=\"Add to cart: &ldquo;Barone Pizzini Franciacorta DOCG Animate Dossagio Zero 1,5 L BIO&rdquo;\" rel=\"nofollow\" data-success_message=\"&ldquo;Barone Pizzini Franciacorta DOCG Animate Dossagio Zero 1,5 L BIO&rdquo; has been added to your cart\" role=\"button\">Add to cart<\/a><\/div>\t<span id=\"woocommerce_loop_add_to_cart_link_describedby_5240\" class=\"screen-reader-text\">\n\t\t\t<\/span>\n\t\t\t\t\t\t\t<\/div>\n\t\t\t\t\t\t<\/div>\n\t\t\t\t\t\t<\/div>\n\t\t\t\t\t<\/div><div class=\"col\" data-animate=\"fadeInUp\">\n\t\t\t\t\t\t<div class=\"col-inner\">\n\t\t\t\t\t\t\n<div class=\"badge-container badge-custom absolute right top z-1\">\n\n<\/div>\n\t\t\t\t\t\t<div class=\"product-small box margin-auto has-hover box-normal box-text-bottom\">\n\t\t\t\t\t\t\t<div class=\"box-image\" >\n\t\t\t\t\t\t\t\t<div class=\"\" >\n\t\t\t\t\t\t\t\t\t<a href=\"https:\/\/schaumweinkontor.com\/en\/produkt\/barone-pizzini-franciacorta-docg-bagnadore-riserva-2015-075-l-organic-copy\/\" aria-label=\"Barone Pizzini Franciacorta DOCG Bagnadore Riserva 2014 1,5 L BIO\">\n\t\t\t\t\t\t\t\t\t\t<img loading=\"lazy\" decoding=\"async\" width=\"300\" height=\"300\" src=\"https:\/\/schaumweinkontor.com\/wp-content\/uploads\/2023\/03\/Barone-pizzini-Bagnadore-Riserva-2011-075-1000x1000px-300x300.png\" class=\"attachment-medium size-medium\" alt=\"Barone Pizzini Franciacorta DOCG Bagnadore Riserva 2014 1,5 L BIO\" srcset=\"https:\/\/schaumweinkontor.com\/wp-content\/uploads\/2023\/03\/Barone-pizzini-Bagnadore-Riserva-2011-075-1000x1000px-300x300.png 300w, https:\/\/schaumweinkontor.com\/wp-content\/uploads\/2023\/03\/Barone-pizzini-Bagnadore-Riserva-2011-075-1000x1000px-100x100.png 100w, https:\/\/schaumweinkontor.com\/wp-content\/uploads\/2023\/03\/Barone-pizzini-Bagnadore-Riserva-2011-075-1000x1000px-510x510.png 510w, https:\/\/schaumweinkontor.com\/wp-content\/uploads\/2023\/03\/Barone-pizzini-Bagnadore-Riserva-2011-075-1000x1000px-150x150.png 150w, https:\/\/schaumweinkontor.com\/wp-content\/uploads\/2023\/03\/Barone-pizzini-Bagnadore-Riserva-2011-075-1000x1000px-768x768.png 768w, https:\/\/schaumweinkontor.com\/wp-content\/uploads\/2023\/03\/Barone-pizzini-Bagnadore-Riserva-2011-075-1000x1000px.png 1001w\" sizes=\"auto, (max-width: 300px) 100vw, 300px\" \/>\t\t\t\t\t\t\t\t\t<\/a>\n\t\t\t\t\t\t\t\t\t\t\t\t\t\t\t\t\t\t \t\t\t\t\t\t\t\t<\/div>\n\t\t\t\t\t\t\t\t<div class=\"image-tools top right show-on-hover\">\n\t\t\t\t\t\t\t\t\t\t\t\t\t\t\t\t\t<\/div>\n\t\t\t\t\t\t\t\t\t\t\t\t\t\t\t\t\t<div class=\"image-tools grid-tools text-center hide-for-small bottom hover-slide-in show-on-hover\">\n\t\t\t\t\t\t\t\t\t\t\t\t\t\t\t\t\t\t\t<\/div>\n\t\t\t\t\t\t\t\t\t\t\t\t\t\t\t\t\t\t\t\t\t\t\t<\/div>\n\n\t\t\t\t\t\t\t<div class=\"box-text text-center\" >\n\t\t\t\t\t\t\t\t<div class=\"title-wrapper\">\t\t<p class=\"category uppercase is-smaller no-text-overflow product-cat op-7\">\n\t\t\tBarone Pizzini\t\t<\/p>\n\t<p class=\"name product-title woocommerce-loop-product__title\"><a href=\"https:\/\/schaumweinkontor.com\/en\/produkt\/barone-pizzini-franciacorta-docg-bagnadore-riserva-2015-075-l-organic-copy\/\" class=\"woocommerce-LoopProduct-link woocommerce-loop-product__link\">Barone Pizzini Franciacorta DOCG Bagnadore Riserva 2014 1,5 L BIO<\/a><\/p><\/div><div class=\"price-wrapper\">\n\t<span class=\"price\"><span class=\"woocommerce-Price-amount amount\" role=\"none\"><bdi><span class=\"woocommerce-Price-currencySymbol\">&euro;<\/span>&nbsp;115,00<\/bdi><\/span> <small class=\"woocommerce-price-suffix\">inkl. MwSt.<\/small><\/span>\n<\/div><div class=\"add-to-cart-button\"><a href=\"\/en\/wp-json\/wp\/v2\/pages\/4628?add-to-cart=5248\" aria-describedby=\"woocommerce_loop_add_to_cart_link_describedby_5248\" data-quantity=\"1\" class=\"primary is-small mb-0 button product_type_simple add_to_cart_button ajax_add_to_cart is-outline\" data-product_id=\"5248\" data-product_sku=\"100300328\" aria-label=\"Add to cart: &ldquo;Barone Pizzini Franciacorta DOCG Bagnadore Riserva 2014 1,5 L BIO&rdquo;\" rel=\"nofollow\" data-success_message=\"&ldquo;Barone Pizzini Franciacorta DOCG Bagnadore Riserva 2014 1,5 L BIO&rdquo; has been added to your cart\" role=\"button\">Add to cart<\/a><\/div>\t<span id=\"woocommerce_loop_add_to_cart_link_describedby_5248\" class=\"screen-reader-text\">\n\t\t\t<\/span>\n\t\t\t\t\t\t\t<\/div>\n\t\t\t\t\t\t<\/div>\n\t\t\t\t\t\t<\/div>\n\t\t\t\t\t<\/div><div class=\"col\" data-animate=\"fadeInUp\">\n\t\t\t\t\t\t<div class=\"col-inner\">\n\t\t\t\t\t\t\n<div class=\"badge-container badge-custom absolute right top z-1\">\n\n<\/div>\n\t\t\t\t\t\t<div class=\"product-small box margin-auto has-hover box-normal box-text-bottom\">\n\t\t\t\t\t\t\t<div class=\"box-image\" >\n\t\t\t\t\t\t\t\t<div class=\"\" >\n\t\t\t\t\t\t\t\t\t<a href=\"https:\/\/schaumweinkontor.com\/en\/produkt\/barone-pizzini-franciacorta-docg-animate-dossagio-zero-3-l-bio\/\" aria-label=\"Barone Pizzini Franciacorta DOCG Animate Dossagio Zero 3 L BIO\">\n\t\t\t\t\t\t\t\t\t\t<img loading=\"lazy\" decoding=\"async\" width=\"300\" height=\"300\" src=\"https:\/\/schaumweinkontor.com\/wp-content\/uploads\/2024\/04\/Barone-Pizzini-Animate-300x300.png\" class=\"attachment-medium size-medium\" alt=\"Barone Pizzini Franciacorta DOCG Animate Dossagio Zero 3 L BIO\" srcset=\"https:\/\/schaumweinkontor.com\/wp-content\/uploads\/2024\/04\/Barone-Pizzini-Animate-300x300.png 300w, https:\/\/schaumweinkontor.com\/wp-content\/uploads\/2024\/04\/Barone-Pizzini-Animate-100x100.png 100w, https:\/\/schaumweinkontor.com\/wp-content\/uploads\/2024\/04\/Barone-Pizzini-Animate-510x510.png 510w, https:\/\/schaumweinkontor.com\/wp-content\/uploads\/2024\/04\/Barone-Pizzini-Animate-150x150.png 150w, https:\/\/schaumweinkontor.com\/wp-content\/uploads\/2024\/04\/Barone-Pizzini-Animate-768x768.png 768w, https:\/\/schaumweinkontor.com\/wp-content\/uploads\/2024\/04\/Barone-Pizzini-Animate.png 1000w\" sizes=\"auto, (max-width: 300px) 100vw, 300px\" \/>\t\t\t\t\t\t\t\t\t<\/a>\n\t\t\t\t\t\t\t\t\t\t\t\t\t\t\t\t\t\t \t\t\t\t\t\t\t\t<\/div>\n\t\t\t\t\t\t\t\t<div class=\"image-tools top right show-on-hover\">\n\t\t\t\t\t\t\t\t\t\t\t\t\t\t\t\t\t<\/div>\n\t\t\t\t\t\t\t\t\t\t\t\t\t\t\t\t\t<div class=\"image-tools grid-tools text-center hide-for-small bottom hover-slide-in show-on-hover\">\n\t\t\t\t\t\t\t\t\t\t\t\t\t\t\t\t\t\t\t<\/div>\n\t\t\t\t\t\t\t\t\t\t\t\t\t\t\t\t\t\t\t\t\t\t\t<\/div>\n\n\t\t\t\t\t\t\t<div class=\"box-text text-center\" >\n\t\t\t\t\t\t\t\t<div class=\"title-wrapper\">\t\t<p class=\"category uppercase is-smaller no-text-overflow product-cat op-7\">\n\t\t\tBarone Pizzini\t\t<\/p>\n\t<p class=\"name product-title woocommerce-loop-product__title\"><a href=\"https:\/\/schaumweinkontor.com\/en\/produkt\/barone-pizzini-franciacorta-docg-animate-dossagio-zero-3-l-bio\/\" class=\"woocommerce-LoopProduct-link woocommerce-loop-product__link\">Barone Pizzini Franciacorta DOCG Animate Dossagio Zero 3 L BIO<\/a><\/p><\/div><div class=\"price-wrapper\">\n\t<span class=\"price\"><span class=\"woocommerce-Price-amount amount\" role=\"none\"><bdi><span class=\"woocommerce-Price-currencySymbol\">&euro;<\/span>&nbsp;230,00<\/bdi><\/span> <small class=\"woocommerce-price-suffix\">inkl. MwSt.<\/small><\/span>\n<\/div><div class=\"add-to-cart-button\"><a href=\"\/en\/wp-json\/wp\/v2\/pages\/4628?add-to-cart=5241\" aria-describedby=\"woocommerce_loop_add_to_cart_link_describedby_5241\" data-quantity=\"1\" class=\"primary is-small mb-0 button product_type_simple add_to_cart_button ajax_add_to_cart is-outline\" data-product_id=\"5241\" data-product_sku=\"100300326\" aria-label=\"Add to cart: &ldquo;Barone Pizzini Franciacorta DOCG Animate Dossagio Zero 3 L BIO&rdquo;\" rel=\"nofollow\" data-success_message=\"&ldquo;Barone Pizzini Franciacorta DOCG Animate Dossagio Zero 3 L BIO&rdquo; has been added to your cart\" role=\"button\">Add to cart<\/a><\/div>\t<span id=\"woocommerce_loop_add_to_cart_link_describedby_5241\" class=\"screen-reader-text\">\n\t\t\t<\/span>\n\t\t\t\t\t\t\t<\/div>\n\t\t\t\t\t\t<\/div>\n\t\t\t\t\t\t<\/div>\n\t\t\t\t\t<\/div><\/div>\n\n\n\t\t<\/div>\n\t\t\t\t\t<\/div>\n\n\t\n\n\n<style>\n#row-243261963 > .col > .col-inner {\n  padding: 15px 0px 0px 0px;\n}\n<\/style>\n<\/div>\n<div class=\"text-center\"><div class=\"is-divider divider clearfix\" style=\"margin-top:3em;margin-bottom:3em;max-width:100%;height:2px;background-color:rgba(183, 149, 73, 0.419);\"><\/div><\/div>\n\n\t<section class=\"section bg_winzer hide-for-medium\" id=\"section_1515089283\">\n\t\t<div class=\"bg section-bg fill bg-fill  \" >\n\n\t\t\t\n\t\t\t\n\t\t\t\n\n\t\t<\/div>\n\n\t\t\n\n\t\t<div class=\"section-content relative\">\n\t\t\t\n\n<div class=\"row align-middle align-center\"  id=\"row-1359067652\">\n\n\n\t<div id=\"col-1093320027\" class=\"col small-12 large-12\"  >\n\t\t\t\t<div class=\"col-inner\"  >\n\t\t\t\n\t\t\t\n\n<div id=\"montina\">\n<h2 class=\"uppercase\" style=\"text-align: center;\">La montina<\/h2>\n<\/div>\n\n\t\t<\/div>\n\t\t\t\t\t<\/div>\n\n\t\n\n\n<style>\n#row-1359067652 > .col > .col-inner {\n  padding: 15px 0px 0px 0px;\n}\n<\/style>\n<\/div>\n\n\t\t<\/div>\n\n\t\t\n<style>\n#section_1515089283 {\n  padding-top: 20px;\n  padding-bottom: 20px;\n  margin-bottom: 30px;\n}\n#section_1515089283 .section-bg.bg-loaded {\n  background-image: url(https:\/\/schaumweinkontor.com\/wp-content\/uploads\/2022\/06\/landscape-illu-gold-transp.png);\n}\n<\/style>\n\t<\/section>\n\t\n<div class=\"row row-full-width align-middle align-center\"  id=\"row-2058874016\">\n\n\n\t<div id=\"col-1734409378\" class=\"col small-12 large-12\"  >\n\t\t\t\t<div class=\"col-inner\"  >\n\t\t\t\n\t\t\t\n\n\n  \n    <div class=\"row margin-auto equalize-box large-columns-3 medium-columns- small-columns-2 row-large has-shadow row-box-shadow-2 row-box-shadow-4-hover\" >\n  \t\n\t     <div class=\"col\" data-animate=\"fadeInUp\">\n\t\t\t\t\t\t<div class=\"col-inner\">\n\t\t\t\t\t\t\n<div class=\"badge-container badge-custom absolute right top z-1\">\n\n<\/div>\n\t\t\t\t\t\t<div class=\"product-small box margin-auto has-hover box-normal box-text-bottom\">\n\t\t\t\t\t\t\t<div class=\"box-image\" >\n\t\t\t\t\t\t\t\t<div class=\"\" >\n\t\t\t\t\t\t\t\t\t<a href=\"https:\/\/schaumweinkontor.com\/en\/produkt\/la-montina-franciacorta-docg-brut-075-l\/\" aria-label=\"La Montina Franciacorta DOCG Brut 0,75 L\">\n\t\t\t\t\t\t\t\t\t\t<img loading=\"lazy\" decoding=\"async\" width=\"300\" height=\"300\" src=\"https:\/\/schaumweinkontor.com\/wp-content\/uploads\/2022\/04\/La-Montina-Franciacorta-DOCG-Brut-075-1000x1000-1-300x300.png\" class=\"attachment-medium size-medium\" alt=\"La Montina Franciacorta DOCG Brut 0,75 L\" srcset=\"https:\/\/schaumweinkontor.com\/wp-content\/uploads\/2022\/04\/La-Montina-Franciacorta-DOCG-Brut-075-1000x1000-1-300x300.png 300w, https:\/\/schaumweinkontor.com\/wp-content\/uploads\/2022\/04\/La-Montina-Franciacorta-DOCG-Brut-075-1000x1000-1-100x100.png 100w, https:\/\/schaumweinkontor.com\/wp-content\/uploads\/2022\/04\/La-Montina-Franciacorta-DOCG-Brut-075-1000x1000-1-510x510.png 510w, https:\/\/schaumweinkontor.com\/wp-content\/uploads\/2022\/04\/La-Montina-Franciacorta-DOCG-Brut-075-1000x1000-1-150x150.png 150w, https:\/\/schaumweinkontor.com\/wp-content\/uploads\/2022\/04\/La-Montina-Franciacorta-DOCG-Brut-075-1000x1000-1-768x768.png 768w, https:\/\/schaumweinkontor.com\/wp-content\/uploads\/2022\/04\/La-Montina-Franciacorta-DOCG-Brut-075-1000x1000-1.png 1001w\" sizes=\"auto, (max-width: 300px) 100vw, 300px\" \/>\t\t\t\t\t\t\t\t\t<\/a>\n\t\t\t\t\t\t\t\t\t\t\t\t\t\t\t\t\t\t \t\t\t\t\t\t\t\t<\/div>\n\t\t\t\t\t\t\t\t<div class=\"image-tools top right show-on-hover\">\n\t\t\t\t\t\t\t\t\t\t\t\t\t\t\t\t\t<\/div>\n\t\t\t\t\t\t\t\t\t\t\t\t\t\t\t\t\t<div class=\"image-tools grid-tools text-center hide-for-small bottom hover-slide-in show-on-hover\">\n\t\t\t\t\t\t\t\t\t\t\t\t\t\t\t\t\t\t\t<\/div>\n\t\t\t\t\t\t\t\t\t\t\t\t\t\t\t\t<div class=\"out-of-stock-label\">Out of stock<\/div>\t\t\t\t\t\t\t<\/div>\n\n\t\t\t\t\t\t\t<div class=\"box-text text-center\" >\n\t\t\t\t\t\t\t\t<div class=\"title-wrapper\">\t\t<p class=\"category uppercase is-smaller no-text-overflow product-cat op-7\">\n\t\t\tLa Montina\t\t<\/p>\n\t<p class=\"name product-title woocommerce-loop-product__title\"><a href=\"https:\/\/schaumweinkontor.com\/en\/produkt\/la-montina-franciacorta-docg-brut-075-l\/\" class=\"woocommerce-LoopProduct-link woocommerce-loop-product__link\">La Montina Franciacorta DOCG Brut 0,75 L<\/a><\/p><\/div><div class=\"price-wrapper\">\n<\/div><div class=\"add-to-cart-button\"><a href=\"https:\/\/schaumweinkontor.com\/en\/produkt\/la-montina-franciacorta-docg-brut-075-l\/\" aria-describedby=\"woocommerce_loop_add_to_cart_link_describedby_4807\" data-quantity=\"1\" class=\"primary is-small mb-0 button product_type_simple is-outline\" data-product_id=\"4807\" data-product_sku=\"100300106\" aria-label=\"Read more about &ldquo;La Montina Franciacorta DOCG Brut 0,75 L&rdquo;\" rel=\"nofollow\" data-success_message=\"\">Read more<\/a><\/div>\t<span id=\"woocommerce_loop_add_to_cart_link_describedby_4807\" class=\"screen-reader-text\">\n\t\t\t<\/span>\n\t\t\t\t\t\t\t<\/div>\n\t\t\t\t\t\t<\/div>\n\t\t\t\t\t\t<\/div>\n\t\t\t\t\t<\/div><div class=\"col\" data-animate=\"fadeInUp\">\n\t\t\t\t\t\t<div class=\"col-inner\">\n\t\t\t\t\t\t\n<div class=\"badge-container badge-custom absolute right top z-1\">\n<div class=\"callout badge badge-circle\"><div class=\"badge-inner secondary on-sale\"><span class=\"onsale\">Sale!<\/span><\/div><\/div>\n<\/div>\n\t\t\t\t\t\t<div class=\"product-small box margin-auto has-hover box-normal box-text-bottom\">\n\t\t\t\t\t\t\t<div class=\"box-image\" >\n\t\t\t\t\t\t\t\t<div class=\"\" >\n\t\t\t\t\t\t\t\t\t<a href=\"https:\/\/schaumweinkontor.com\/en\/produkt\/la-montina-franciacorta-docg-saten-075-l\/\" aria-label=\"La Montina Franciacorta DOCG Sat\u00e9n 0,75 L\">\n\t\t\t\t\t\t\t\t\t\t<img loading=\"lazy\" decoding=\"async\" width=\"300\" height=\"300\" src=\"https:\/\/schaumweinkontor.com\/wp-content\/uploads\/2022\/04\/La-Montina-Franciacorta-DOCG-Sate-075-1000x1000-1-300x300.png\" class=\"attachment-medium size-medium\" alt=\"La Montina Franciacorta DOCG Sat\u00e9n 0,75 L\" srcset=\"https:\/\/schaumweinkontor.com\/wp-content\/uploads\/2022\/04\/La-Montina-Franciacorta-DOCG-Sate-075-1000x1000-1-300x300.png 300w, https:\/\/schaumweinkontor.com\/wp-content\/uploads\/2022\/04\/La-Montina-Franciacorta-DOCG-Sate-075-1000x1000-1-100x100.png 100w, https:\/\/schaumweinkontor.com\/wp-content\/uploads\/2022\/04\/La-Montina-Franciacorta-DOCG-Sate-075-1000x1000-1-510x510.png 510w, https:\/\/schaumweinkontor.com\/wp-content\/uploads\/2022\/04\/La-Montina-Franciacorta-DOCG-Sate-075-1000x1000-1-150x150.png 150w, https:\/\/schaumweinkontor.com\/wp-content\/uploads\/2022\/04\/La-Montina-Franciacorta-DOCG-Sate-075-1000x1000-1-768x768.png 768w, https:\/\/schaumweinkontor.com\/wp-content\/uploads\/2022\/04\/La-Montina-Franciacorta-DOCG-Sate-075-1000x1000-1.png 1001w\" sizes=\"auto, (max-width: 300px) 100vw, 300px\" \/>\t\t\t\t\t\t\t\t\t<\/a>\n\t\t\t\t\t\t\t\t\t\t\t\t\t\t\t\t\t\t \t\t\t\t\t\t\t\t<\/div>\n\t\t\t\t\t\t\t\t<div class=\"image-tools top right show-on-hover\">\n\t\t\t\t\t\t\t\t\t\t\t\t\t\t\t\t\t<\/div>\n\t\t\t\t\t\t\t\t\t\t\t\t\t\t\t\t\t<div class=\"image-tools grid-tools text-center hide-for-small bottom hover-slide-in show-on-hover\">\n\t\t\t\t\t\t\t\t\t\t\t\t\t\t\t\t\t\t\t<\/div>\n\t\t\t\t\t\t\t\t\t\t\t\t\t\t\t\t\t\t\t\t\t\t\t<\/div>\n\n\t\t\t\t\t\t\t<div class=\"box-text text-center\" >\n\t\t\t\t\t\t\t\t<div class=\"title-wrapper\">\t\t<p class=\"category uppercase is-smaller no-text-overflow product-cat op-7\">\n\t\t\tLa Montina\t\t<\/p>\n\t<p class=\"name product-title woocommerce-loop-product__title\"><a href=\"https:\/\/schaumweinkontor.com\/en\/produkt\/la-montina-franciacorta-docg-saten-075-l\/\" class=\"woocommerce-LoopProduct-link woocommerce-loop-product__link\">La Montina Franciacorta DOCG Sat\u00e9n 0,75 L<\/a><\/p><\/div><div class=\"price-wrapper\">\n\t<span class=\"price\"><del aria-hidden=\"true\"><span class=\"woocommerce-Price-amount amount\" role=\"none\"><bdi><span class=\"woocommerce-Price-currencySymbol\">&euro;<\/span>&nbsp;27,60<\/bdi><\/span><\/del> <span class=\"screen-reader-text\">Original price was: &euro;&nbsp;27,60.<\/span><ins aria-hidden=\"true\"><span class=\"woocommerce-Price-amount amount\" role=\"none\"><bdi><span class=\"woocommerce-Price-currencySymbol\">&euro;<\/span>&nbsp;21,00<\/bdi><\/span><\/ins><span class=\"screen-reader-text\">Current price is: &euro;&nbsp;21,00.<\/span> <small class=\"woocommerce-price-suffix\">inkl. MwSt.<\/small><\/span>\n<\/div><div class=\"add-to-cart-button\"><a href=\"\/en\/wp-json\/wp\/v2\/pages\/4628?add-to-cart=4804\" aria-describedby=\"woocommerce_loop_add_to_cart_link_describedby_4804\" data-quantity=\"1\" class=\"primary is-small mb-0 button product_type_simple add_to_cart_button ajax_add_to_cart is-outline\" data-product_id=\"4804\" data-product_sku=\"100300108\" aria-label=\"Add to cart: &ldquo;La Montina Franciacorta DOCG Sat\u00e9n 0,75 L&rdquo;\" rel=\"nofollow\" data-success_message=\"&ldquo;La Montina Franciacorta DOCG Sat\u00e9n 0,75 L&rdquo; has been added to your cart\" role=\"button\">Add to cart<\/a><\/div>\t<span id=\"woocommerce_loop_add_to_cart_link_describedby_4804\" class=\"screen-reader-text\">\n\t\t\t<\/span>\n\t\t\t\t\t\t\t<\/div>\n\t\t\t\t\t\t<\/div>\n\t\t\t\t\t\t<\/div>\n\t\t\t\t\t<\/div><div class=\"col\" data-animate=\"fadeInUp\">\n\t\t\t\t\t\t<div class=\"col-inner\">\n\t\t\t\t\t\t\n<div class=\"badge-container badge-custom absolute right top z-1\">\n<div class=\"callout badge badge-circle\"><div class=\"badge-inner secondary on-sale\"><span class=\"onsale\">Sale!<\/span><\/div><\/div>\n<\/div>\n\t\t\t\t\t\t<div class=\"product-small box margin-auto has-hover box-normal box-text-bottom\">\n\t\t\t\t\t\t\t<div class=\"box-image\" >\n\t\t\t\t\t\t\t\t<div class=\"\" >\n\t\t\t\t\t\t\t\t\t<a href=\"https:\/\/schaumweinkontor.com\/en\/produkt\/la-montina-franciacorta-docg-rose-extra-brut-075-l\/\" aria-label=\"La Montina Franciacorta DOCG Ros\u00e9 Extra Brut 0,75 L\">\n\t\t\t\t\t\t\t\t\t\t<img loading=\"lazy\" decoding=\"async\" width=\"300\" height=\"300\" src=\"https:\/\/schaumweinkontor.com\/wp-content\/uploads\/2022\/04\/La-Montina-Franciacorta-DOCG-Rose-Extra-Brut-075-1000x1000-1-300x300.png\" class=\"attachment-medium size-medium\" alt=\"La Montina Franciacorta DOCG Ros\u00e9 Extra Brut 0,75 L\" srcset=\"https:\/\/schaumweinkontor.com\/wp-content\/uploads\/2022\/04\/La-Montina-Franciacorta-DOCG-Rose-Extra-Brut-075-1000x1000-1-300x300.png 300w, https:\/\/schaumweinkontor.com\/wp-content\/uploads\/2022\/04\/La-Montina-Franciacorta-DOCG-Rose-Extra-Brut-075-1000x1000-1-100x100.png 100w, https:\/\/schaumweinkontor.com\/wp-content\/uploads\/2022\/04\/La-Montina-Franciacorta-DOCG-Rose-Extra-Brut-075-1000x1000-1-510x510.png 510w, https:\/\/schaumweinkontor.com\/wp-content\/uploads\/2022\/04\/La-Montina-Franciacorta-DOCG-Rose-Extra-Brut-075-1000x1000-1-150x150.png 150w, https:\/\/schaumweinkontor.com\/wp-content\/uploads\/2022\/04\/La-Montina-Franciacorta-DOCG-Rose-Extra-Brut-075-1000x1000-1-768x768.png 768w, https:\/\/schaumweinkontor.com\/wp-content\/uploads\/2022\/04\/La-Montina-Franciacorta-DOCG-Rose-Extra-Brut-075-1000x1000-1.png 1001w\" sizes=\"auto, (max-width: 300px) 100vw, 300px\" \/>\t\t\t\t\t\t\t\t\t<\/a>\n\t\t\t\t\t\t\t\t\t\t\t\t\t\t\t\t\t\t \t\t\t\t\t\t\t\t<\/div>\n\t\t\t\t\t\t\t\t<div class=\"image-tools top right show-on-hover\">\n\t\t\t\t\t\t\t\t\t\t\t\t\t\t\t\t\t<\/div>\n\t\t\t\t\t\t\t\t\t\t\t\t\t\t\t\t\t<div class=\"image-tools grid-tools text-center hide-for-small bottom hover-slide-in show-on-hover\">\n\t\t\t\t\t\t\t\t\t\t\t\t\t\t\t\t\t\t\t<\/div>\n\t\t\t\t\t\t\t\t\t\t\t\t\t\t\t\t\t\t\t\t\t\t\t<\/div>\n\n\t\t\t\t\t\t\t<div class=\"box-text text-center\" >\n\t\t\t\t\t\t\t\t<div class=\"title-wrapper\">\t\t<p class=\"category uppercase is-smaller no-text-overflow product-cat op-7\">\n\t\t\tLa Montina\t\t<\/p>\n\t<p class=\"name product-title woocommerce-loop-product__title\"><a href=\"https:\/\/schaumweinkontor.com\/en\/produkt\/la-montina-franciacorta-docg-rose-extra-brut-075-l\/\" class=\"woocommerce-LoopProduct-link woocommerce-loop-product__link\">La Montina Franciacorta DOCG Ros\u00e9 Extra Brut 0,75 L<\/a><\/p><\/div><div class=\"price-wrapper\">\n\t<span class=\"price\"><del aria-hidden=\"true\"><span class=\"woocommerce-Price-amount amount\" role=\"none\"><bdi><span class=\"woocommerce-Price-currencySymbol\">&euro;<\/span>&nbsp;28,60<\/bdi><\/span><\/del> <span class=\"screen-reader-text\">Original price was: &euro;&nbsp;28,60.<\/span><ins aria-hidden=\"true\"><span class=\"woocommerce-Price-amount amount\" role=\"none\"><bdi><span class=\"woocommerce-Price-currencySymbol\">&euro;<\/span>&nbsp;21,00<\/bdi><\/span><\/ins><span class=\"screen-reader-text\">Current price is: &euro;&nbsp;21,00.<\/span> <small class=\"woocommerce-price-suffix\">inkl. MwSt.<\/small><\/span>\n<\/div><div class=\"add-to-cart-button\"><a href=\"\/en\/wp-json\/wp\/v2\/pages\/4628?add-to-cart=4805\" aria-describedby=\"woocommerce_loop_add_to_cart_link_describedby_4805\" data-quantity=\"1\" class=\"primary is-small mb-0 button product_type_simple add_to_cart_button ajax_add_to_cart is-outline\" data-product_id=\"4805\" data-product_sku=\"100300110\" aria-label=\"Add to cart: &ldquo;La Montina Franciacorta DOCG Ros\u00e9 Extra Brut 0,75 L&rdquo;\" rel=\"nofollow\" data-success_message=\"&ldquo;La Montina Franciacorta DOCG Ros\u00e9 Extra Brut 0,75 L&rdquo; has been added to your cart\" role=\"button\">Add to cart<\/a><\/div>\t<span id=\"woocommerce_loop_add_to_cart_link_describedby_4805\" class=\"screen-reader-text\">\n\t\t\t<\/span>\n\t\t\t\t\t\t\t<\/div>\n\t\t\t\t\t\t<\/div>\n\t\t\t\t\t\t<\/div>\n\t\t\t\t\t<\/div><div class=\"col\" data-animate=\"fadeInUp\">\n\t\t\t\t\t\t<div class=\"col-inner\">\n\t\t\t\t\t\t\n<div class=\"badge-container badge-custom absolute right top z-1\">\n<div class=\"callout badge badge-circle\"><div class=\"badge-inner secondary on-sale\"><span class=\"onsale\">Sale!<\/span><\/div><\/div>\n<\/div>\n\t\t\t\t\t\t<div class=\"product-small box margin-auto has-hover box-normal box-text-bottom\">\n\t\t\t\t\t\t\t<div class=\"box-image\" >\n\t\t\t\t\t\t\t\t<div class=\"\" >\n\t\t\t\t\t\t\t\t\t<a href=\"https:\/\/schaumweinkontor.com\/en\/produkt\/la-montina-franciacorta-docg-brut-15-l-magnum\/\" aria-label=\"La Montina Franciacorta DOCG Brut 1,5 L Magnum\">\n\t\t\t\t\t\t\t\t\t\t<img loading=\"lazy\" decoding=\"async\" width=\"300\" height=\"300\" src=\"https:\/\/schaumweinkontor.com\/wp-content\/uploads\/2022\/06\/Franciacorta-Brut-La-Montina-800x800-px-1-300x300.jpg\" class=\"attachment-medium size-medium\" alt=\"La Montina Franciacorta DOCG Brut 1,5 L Magnum\" srcset=\"https:\/\/schaumweinkontor.com\/wp-content\/uploads\/2022\/06\/Franciacorta-Brut-La-Montina-800x800-px-1-300x300.jpg 300w, https:\/\/schaumweinkontor.com\/wp-content\/uploads\/2022\/06\/Franciacorta-Brut-La-Montina-800x800-px-1-150x150.jpg 150w, https:\/\/schaumweinkontor.com\/wp-content\/uploads\/2022\/06\/Franciacorta-Brut-La-Montina-800x800-px-1-768x768.jpg 768w, https:\/\/schaumweinkontor.com\/wp-content\/uploads\/2022\/06\/Franciacorta-Brut-La-Montina-800x800-px-1-510x510.jpg 510w, https:\/\/schaumweinkontor.com\/wp-content\/uploads\/2022\/06\/Franciacorta-Brut-La-Montina-800x800-px-1-100x100.jpg 100w, https:\/\/schaumweinkontor.com\/wp-content\/uploads\/2022\/06\/Franciacorta-Brut-La-Montina-800x800-px-1.jpg 800w\" sizes=\"auto, (max-width: 300px) 100vw, 300px\" \/>\t\t\t\t\t\t\t\t\t<\/a>\n\t\t\t\t\t\t\t\t\t\t\t\t\t\t\t\t\t\t \t\t\t\t\t\t\t\t<\/div>\n\t\t\t\t\t\t\t\t<div class=\"image-tools top right show-on-hover\">\n\t\t\t\t\t\t\t\t\t\t\t\t\t\t\t\t\t<\/div>\n\t\t\t\t\t\t\t\t\t\t\t\t\t\t\t\t\t<div class=\"image-tools grid-tools text-center hide-for-small bottom hover-slide-in show-on-hover\">\n\t\t\t\t\t\t\t\t\t\t\t\t\t\t\t\t\t\t\t<\/div>\n\t\t\t\t\t\t\t\t\t\t\t\t\t\t\t\t\t\t\t\t\t\t\t<\/div>\n\n\t\t\t\t\t\t\t<div class=\"box-text text-center\" >\n\t\t\t\t\t\t\t\t<div class=\"title-wrapper\">\t\t<p class=\"category uppercase is-smaller no-text-overflow product-cat op-7\">\n\t\t\tLa Montina\t\t<\/p>\n\t<p class=\"name product-title woocommerce-loop-product__title\"><a href=\"https:\/\/schaumweinkontor.com\/en\/produkt\/la-montina-franciacorta-docg-brut-15-l-magnum\/\" class=\"woocommerce-LoopProduct-link woocommerce-loop-product__link\">La Montina Franciacorta DOCG Brut 1,5 L Magnum<\/a><\/p><\/div><div class=\"price-wrapper\">\n\t<span class=\"price\"><del aria-hidden=\"true\"><span class=\"woocommerce-Price-amount amount\" role=\"none\"><bdi><span class=\"woocommerce-Price-currencySymbol\">&euro;<\/span>&nbsp;54,00<\/bdi><\/span><\/del> <span class=\"screen-reader-text\">Original price was: &euro;&nbsp;54,00.<\/span><ins aria-hidden=\"true\"><span class=\"woocommerce-Price-amount amount\" role=\"none\"><bdi><span class=\"woocommerce-Price-currencySymbol\">&euro;<\/span>&nbsp;36,00<\/bdi><\/span><\/ins><span class=\"screen-reader-text\">Current price is: &euro;&nbsp;36,00.<\/span> <small class=\"woocommerce-price-suffix\">inkl. MwSt.<\/small><\/span>\n<\/div><div class=\"add-to-cart-button\"><a href=\"\/en\/wp-json\/wp\/v2\/pages\/4628?add-to-cart=4743\" aria-describedby=\"woocommerce_loop_add_to_cart_link_describedby_4743\" data-quantity=\"1\" class=\"primary is-small mb-0 button product_type_simple add_to_cart_button ajax_add_to_cart is-outline\" data-product_id=\"4743\" data-product_sku=\"100300111\" aria-label=\"Add to cart: &ldquo;La Montina Franciacorta DOCG Brut 1,5 L Magnum&rdquo;\" rel=\"nofollow\" data-success_message=\"&ldquo;La Montina Franciacorta DOCG Brut 1,5 L Magnum&rdquo; has been added to your cart\" role=\"button\">Add to cart<\/a><\/div>\t<span id=\"woocommerce_loop_add_to_cart_link_describedby_4743\" class=\"screen-reader-text\">\n\t\t\t<\/span>\n\t\t\t\t\t\t\t<\/div>\n\t\t\t\t\t\t<\/div>\n\t\t\t\t\t\t<\/div>\n\t\t\t\t\t<\/div><div class=\"col\" data-animate=\"fadeInUp\">\n\t\t\t\t\t\t<div class=\"col-inner\">\n\t\t\t\t\t\t\n<div class=\"badge-container badge-custom absolute right top z-1\">\n<div class=\"callout badge badge-circle\"><div class=\"badge-inner secondary on-sale\"><span class=\"onsale\">Sale!<\/span><\/div><\/div>\n<\/div>\n\t\t\t\t\t\t<div class=\"product-small box margin-auto has-hover box-normal box-text-bottom\">\n\t\t\t\t\t\t\t<div class=\"box-image\" >\n\t\t\t\t\t\t\t\t<div class=\"\" >\n\t\t\t\t\t\t\t\t\t<a href=\"https:\/\/schaumweinkontor.com\/en\/produkt\/la-montina-quor-nature-2016-075-l\/\" aria-label=\"La Montina Quor Nature 2016 0,75 L\">\n\t\t\t\t\t\t\t\t\t\t<img loading=\"lazy\" decoding=\"async\" width=\"300\" height=\"300\" src=\"https:\/\/schaumweinkontor.com\/wp-content\/uploads\/2023\/03\/La-Montina-Riserva-Baiana-075-1000x1000px-300x300.png\" class=\"attachment-medium size-medium\" alt=\"La Montina DOCG Riserva Quor nature 2016\" srcset=\"https:\/\/schaumweinkontor.com\/wp-content\/uploads\/2023\/03\/La-Montina-Riserva-Baiana-075-1000x1000px-300x300.png 300w, https:\/\/schaumweinkontor.com\/wp-content\/uploads\/2023\/03\/La-Montina-Riserva-Baiana-075-1000x1000px-100x100.png 100w, https:\/\/schaumweinkontor.com\/wp-content\/uploads\/2023\/03\/La-Montina-Riserva-Baiana-075-1000x1000px-510x510.png 510w, https:\/\/schaumweinkontor.com\/wp-content\/uploads\/2023\/03\/La-Montina-Riserva-Baiana-075-1000x1000px-150x150.png 150w, https:\/\/schaumweinkontor.com\/wp-content\/uploads\/2023\/03\/La-Montina-Riserva-Baiana-075-1000x1000px-768x768.png 768w, https:\/\/schaumweinkontor.com\/wp-content\/uploads\/2023\/03\/La-Montina-Riserva-Baiana-075-1000x1000px.png 1001w\" sizes=\"auto, (max-width: 300px) 100vw, 300px\" \/>\t\t\t\t\t\t\t\t\t<\/a>\n\t\t\t\t\t\t\t\t\t\t\t\t\t\t\t\t\t\t \t\t\t\t\t\t\t\t<\/div>\n\t\t\t\t\t\t\t\t<div class=\"image-tools top right show-on-hover\">\n\t\t\t\t\t\t\t\t\t\t\t\t\t\t\t\t\t<\/div>\n\t\t\t\t\t\t\t\t\t\t\t\t\t\t\t\t\t<div class=\"image-tools grid-tools text-center hide-for-small bottom hover-slide-in show-on-hover\">\n\t\t\t\t\t\t\t\t\t\t\t\t\t\t\t\t\t\t\t<\/div>\n\t\t\t\t\t\t\t\t\t\t\t\t\t\t\t\t\t\t\t\t\t\t\t<\/div>\n\n\t\t\t\t\t\t\t<div class=\"box-text text-center\" >\n\t\t\t\t\t\t\t\t<div class=\"title-wrapper\">\t\t<p class=\"category uppercase is-smaller no-text-overflow product-cat op-7\">\n\t\t\tFranciacorta\t\t<\/p>\n\t<p class=\"name product-title woocommerce-loop-product__title\"><a href=\"https:\/\/schaumweinkontor.com\/en\/produkt\/la-montina-quor-nature-2016-075-l\/\" class=\"woocommerce-LoopProduct-link woocommerce-loop-product__link\">La Montina Quor Nature 2016 0,75 L<\/a><\/p><\/div><div class=\"price-wrapper\">\n\t<span class=\"price\"><del aria-hidden=\"true\"><span class=\"woocommerce-Price-amount amount\" role=\"none\"><bdi><span class=\"woocommerce-Price-currencySymbol\">&euro;<\/span>&nbsp;61,50<\/bdi><\/span><\/del> <span class=\"screen-reader-text\">Original price was: &euro;&nbsp;61,50.<\/span><ins aria-hidden=\"true\"><span class=\"woocommerce-Price-amount amount\" role=\"none\"><bdi><span class=\"woocommerce-Price-currencySymbol\">&euro;<\/span>&nbsp;43,00<\/bdi><\/span><\/ins><span class=\"screen-reader-text\">Current price is: &euro;&nbsp;43,00.<\/span> <small class=\"woocommerce-price-suffix\">inkl. MwSt.<\/small><\/span>\n<\/div><div class=\"add-to-cart-button\"><a href=\"\/en\/wp-json\/wp\/v2\/pages\/4628?add-to-cart=4713\" aria-describedby=\"woocommerce_loop_add_to_cart_link_describedby_4713\" data-quantity=\"1\" class=\"primary is-small mb-0 button product_type_simple add_to_cart_button ajax_add_to_cart is-outline\" data-product_id=\"4713\" data-product_sku=\"100300128\" aria-label=\"Add to cart: &ldquo;La Montina Quor Nature 2016 0,75 L&rdquo;\" rel=\"nofollow\" data-success_message=\"&ldquo;La Montina Quor Nature 2016 0,75 L&rdquo; has been added to your cart\" role=\"button\">Add to cart<\/a><\/div>\t<span id=\"woocommerce_loop_add_to_cart_link_describedby_4713\" class=\"screen-reader-text\">\n\t\t\t<\/span>\n\t\t\t\t\t\t\t<\/div>\n\t\t\t\t\t\t<\/div>\n\t\t\t\t\t\t<\/div>\n\t\t\t\t\t<\/div><div class=\"col\" data-animate=\"fadeInUp\">\n\t\t\t\t\t\t<div class=\"col-inner\">\n\t\t\t\t\t\t\n<div class=\"badge-container badge-custom absolute right top z-1\">\n<div class=\"callout badge badge-circle\"><div class=\"badge-inner secondary on-sale\"><span class=\"onsale\">Sale!<\/span><\/div><\/div>\n<\/div>\n\t\t\t\t\t\t<div class=\"product-small box margin-auto has-hover box-normal box-text-bottom\">\n\t\t\t\t\t\t\t<div class=\"box-image\" >\n\t\t\t\t\t\t\t\t<div class=\"\" >\n\t\t\t\t\t\t\t\t\t<a href=\"https:\/\/schaumweinkontor.com\/en\/produkt\/la-montina-franciacorta-docg-saten-15-l-magnum\/\" aria-label=\"La Montina Franciacorta DOCG Sat\u00e8n 1,5 L Magnum\">\n\t\t\t\t\t\t\t\t\t\t<img loading=\"lazy\" decoding=\"async\" width=\"300\" height=\"300\" src=\"https:\/\/schaumweinkontor.com\/wp-content\/uploads\/2022\/06\/Franciacorta-Confezione-litografata-Saten-Packung-800x800-px-2-300x300.jpg\" class=\"attachment-medium size-medium\" alt=\"La Montina Franciacorta DOCG Sat\u00e8n 1,5 L Magnum\" srcset=\"https:\/\/schaumweinkontor.com\/wp-content\/uploads\/2022\/06\/Franciacorta-Confezione-litografata-Saten-Packung-800x800-px-2-300x300.jpg 300w, https:\/\/schaumweinkontor.com\/wp-content\/uploads\/2022\/06\/Franciacorta-Confezione-litografata-Saten-Packung-800x800-px-2-100x100.jpg 100w, https:\/\/schaumweinkontor.com\/wp-content\/uploads\/2022\/06\/Franciacorta-Confezione-litografata-Saten-Packung-800x800-px-2-510x510.jpg 510w, https:\/\/schaumweinkontor.com\/wp-content\/uploads\/2022\/06\/Franciacorta-Confezione-litografata-Saten-Packung-800x800-px-2-150x150.jpg 150w, https:\/\/schaumweinkontor.com\/wp-content\/uploads\/2022\/06\/Franciacorta-Confezione-litografata-Saten-Packung-800x800-px-2-768x768.jpg 768w, https:\/\/schaumweinkontor.com\/wp-content\/uploads\/2022\/06\/Franciacorta-Confezione-litografata-Saten-Packung-800x800-px-2.jpg 800w\" sizes=\"auto, (max-width: 300px) 100vw, 300px\" \/>\t\t\t\t\t\t\t\t\t<\/a>\n\t\t\t\t\t\t\t\t\t\t\t\t\t\t\t\t\t\t \t\t\t\t\t\t\t\t<\/div>\n\t\t\t\t\t\t\t\t<div class=\"image-tools top right show-on-hover\">\n\t\t\t\t\t\t\t\t\t\t\t\t\t\t\t\t\t<\/div>\n\t\t\t\t\t\t\t\t\t\t\t\t\t\t\t\t\t<div class=\"image-tools grid-tools text-center hide-for-small bottom hover-slide-in show-on-hover\">\n\t\t\t\t\t\t\t\t\t\t\t\t\t\t\t\t\t\t\t<\/div>\n\t\t\t\t\t\t\t\t\t\t\t\t\t\t\t\t\t\t\t\t\t\t\t<\/div>\n\n\t\t\t\t\t\t\t<div class=\"box-text text-center\" >\n\t\t\t\t\t\t\t\t<div class=\"title-wrapper\">\t\t<p class=\"category uppercase is-smaller no-text-overflow product-cat op-7\">\n\t\t\tLa Montina\t\t<\/p>\n\t<p class=\"name product-title woocommerce-loop-product__title\"><a href=\"https:\/\/schaumweinkontor.com\/en\/produkt\/la-montina-franciacorta-docg-saten-15-l-magnum\/\" class=\"woocommerce-LoopProduct-link woocommerce-loop-product__link\">La Montina Franciacorta DOCG Sat\u00e8n 1,5 L Magnum<\/a><\/p><\/div><div class=\"price-wrapper\">\n\t<span class=\"price\"><del aria-hidden=\"true\"><span class=\"woocommerce-Price-amount amount\" role=\"none\"><bdi><span class=\"woocommerce-Price-currencySymbol\">&euro;<\/span>&nbsp;61,50<\/bdi><\/span><\/del> <span class=\"screen-reader-text\">Original price was: &euro;&nbsp;61,50.<\/span><ins aria-hidden=\"true\"><span class=\"woocommerce-Price-amount amount\" role=\"none\"><bdi><span class=\"woocommerce-Price-currencySymbol\">&euro;<\/span>&nbsp;49,00<\/bdi><\/span><\/ins><span class=\"screen-reader-text\">Current price is: &euro;&nbsp;49,00.<\/span> <small class=\"woocommerce-price-suffix\">inkl. MwSt.<\/small><\/span>\n<\/div><div class=\"add-to-cart-button\"><a href=\"\/en\/wp-json\/wp\/v2\/pages\/4628?add-to-cart=4740\" aria-describedby=\"woocommerce_loop_add_to_cart_link_describedby_4740\" data-quantity=\"1\" class=\"primary is-small mb-0 button product_type_simple add_to_cart_button ajax_add_to_cart is-outline\" data-product_id=\"4740\" data-product_sku=\"100300114\" aria-label=\"Add to cart: &ldquo;La Montina Franciacorta DOCG Sat\u00e8n 1,5 L Magnum&rdquo;\" rel=\"nofollow\" data-success_message=\"&ldquo;La Montina Franciacorta DOCG Sat\u00e8n 1,5 L Magnum&rdquo; has been added to your cart\" role=\"button\">Add to cart<\/a><\/div>\t<span id=\"woocommerce_loop_add_to_cart_link_describedby_4740\" class=\"screen-reader-text\">\n\t\t\t<\/span>\n\t\t\t\t\t\t\t<\/div>\n\t\t\t\t\t\t<\/div>\n\t\t\t\t\t\t<\/div>\n\t\t\t\t\t<\/div><div class=\"col\" data-animate=\"fadeInUp\">\n\t\t\t\t\t\t<div class=\"col-inner\">\n\t\t\t\t\t\t\n<div class=\"badge-container badge-custom absolute right top z-1\">\n<div class=\"callout badge badge-circle\"><div class=\"badge-inner secondary on-sale\"><span class=\"onsale\">Sale!<\/span><\/div><\/div>\n<\/div>\n\t\t\t\t\t\t<div class=\"product-small box margin-auto has-hover box-normal box-text-bottom\">\n\t\t\t\t\t\t\t<div class=\"box-image\" >\n\t\t\t\t\t\t\t\t<div class=\"\" >\n\t\t\t\t\t\t\t\t\t<a href=\"https:\/\/schaumweinkontor.com\/en\/produkt\/la-montina-docg-riserva-quor-nature-2016-075-l\/\" aria-label=\"La Montina DOCG Riserva Quor Nature 2016 0,75 L\">\n\t\t\t\t\t\t\t\t\t\t<img loading=\"lazy\" decoding=\"async\" width=\"300\" height=\"300\" src=\"https:\/\/schaumweinkontor.com\/wp-content\/uploads\/2023\/03\/La-Montina-Riserva-Baiana-075-1000x1000px-300x300.png\" class=\"attachment-medium size-medium\" alt=\"La Montina DOCG Riserva Quor nature 2016\" srcset=\"https:\/\/schaumweinkontor.com\/wp-content\/uploads\/2023\/03\/La-Montina-Riserva-Baiana-075-1000x1000px-300x300.png 300w, https:\/\/schaumweinkontor.com\/wp-content\/uploads\/2023\/03\/La-Montina-Riserva-Baiana-075-1000x1000px-100x100.png 100w, https:\/\/schaumweinkontor.com\/wp-content\/uploads\/2023\/03\/La-Montina-Riserva-Baiana-075-1000x1000px-510x510.png 510w, https:\/\/schaumweinkontor.com\/wp-content\/uploads\/2023\/03\/La-Montina-Riserva-Baiana-075-1000x1000px-150x150.png 150w, https:\/\/schaumweinkontor.com\/wp-content\/uploads\/2023\/03\/La-Montina-Riserva-Baiana-075-1000x1000px-768x768.png 768w, https:\/\/schaumweinkontor.com\/wp-content\/uploads\/2023\/03\/La-Montina-Riserva-Baiana-075-1000x1000px.png 1001w\" sizes=\"auto, (max-width: 300px) 100vw, 300px\" \/>\t\t\t\t\t\t\t\t\t<\/a>\n\t\t\t\t\t\t\t\t\t\t\t\t\t\t\t\t\t\t \t\t\t\t\t\t\t\t<\/div>\n\t\t\t\t\t\t\t\t<div class=\"image-tools top right show-on-hover\">\n\t\t\t\t\t\t\t\t\t\t\t\t\t\t\t\t\t<\/div>\n\t\t\t\t\t\t\t\t\t\t\t\t\t\t\t\t\t<div class=\"image-tools grid-tools text-center hide-for-small bottom hover-slide-in show-on-hover\">\n\t\t\t\t\t\t\t\t\t\t\t\t\t\t\t\t\t\t\t<\/div>\n\t\t\t\t\t\t\t\t\t\t\t\t\t\t\t\t\t\t\t\t\t\t\t<\/div>\n\n\t\t\t\t\t\t\t<div class=\"box-text text-center\" >\n\t\t\t\t\t\t\t\t<div class=\"title-wrapper\">\t\t<p class=\"category uppercase is-smaller no-text-overflow product-cat op-7\">\n\t\t\tFranciacorta\t\t<\/p>\n\t<p class=\"name product-title woocommerce-loop-product__title\"><a href=\"https:\/\/schaumweinkontor.com\/en\/produkt\/la-montina-docg-riserva-quor-nature-2016-075-l\/\" class=\"woocommerce-LoopProduct-link woocommerce-loop-product__link\">La Montina DOCG Riserva Quor Nature 2016 0,75 L<\/a><\/p><\/div><div class=\"price-wrapper\">\n\t<span class=\"price\"><del aria-hidden=\"true\"><span class=\"woocommerce-Price-amount amount\" role=\"none\"><bdi><span class=\"woocommerce-Price-currencySymbol\">&euro;<\/span>&nbsp;73,00<\/bdi><\/span><\/del> <span class=\"screen-reader-text\">Original price was: &euro;&nbsp;73,00.<\/span><ins aria-hidden=\"true\"><span class=\"woocommerce-Price-amount amount\" role=\"none\"><bdi><span class=\"woocommerce-Price-currencySymbol\">&euro;<\/span>&nbsp;54,00<\/bdi><\/span><\/ins><span class=\"screen-reader-text\">Current price is: &euro;&nbsp;54,00.<\/span> <small class=\"woocommerce-price-suffix\">inkl. MwSt.<\/small><\/span>\n<\/div><div class=\"add-to-cart-button\"><a href=\"\/en\/wp-json\/wp\/v2\/pages\/4628?add-to-cart=4654\" aria-describedby=\"woocommerce_loop_add_to_cart_link_describedby_4654\" data-quantity=\"1\" class=\"primary is-small mb-0 button product_type_simple add_to_cart_button ajax_add_to_cart is-outline\" data-product_id=\"4654\" data-product_sku=\"100300126\" aria-label=\"Add to cart: &ldquo;La Montina DOCG Riserva Quor Nature 2016 0,75 L&rdquo;\" rel=\"nofollow\" data-success_message=\"&ldquo;La Montina DOCG Riserva Quor Nature 2016 0,75 L&rdquo; has been added to your cart\" role=\"button\">Add to cart<\/a><\/div>\t<span id=\"woocommerce_loop_add_to_cart_link_describedby_4654\" class=\"screen-reader-text\">\n\t\t\t<\/span>\n\t\t\t\t\t\t\t<\/div>\n\t\t\t\t\t\t<\/div>\n\t\t\t\t\t\t<\/div>\n\t\t\t\t\t<\/div><div class=\"col\" data-animate=\"fadeInUp\">\n\t\t\t\t\t\t<div class=\"col-inner\">\n\t\t\t\t\t\t\n<div class=\"badge-container badge-custom absolute right top z-1\">\n<div class=\"callout badge badge-circle\"><div class=\"badge-inner secondary on-sale\"><span class=\"onsale\">Sale!<\/span><\/div><\/div>\n<\/div>\n\t\t\t\t\t\t<div class=\"product-small box margin-auto has-hover box-normal box-text-bottom\">\n\t\t\t\t\t\t\t<div class=\"box-image\" >\n\t\t\t\t\t\t\t\t<div class=\"\" >\n\t\t\t\t\t\t\t\t\t<a href=\"https:\/\/schaumweinkontor.com\/en\/produkt\/la-montina-riserva-baiana-2012-pas-dose-075-l\/\" aria-label=\"La Montina Riserva Baiana 2011 Pas Dose 0,75 L\">\n\t\t\t\t\t\t\t\t\t\t<img loading=\"lazy\" decoding=\"async\" width=\"300\" height=\"300\" src=\"https:\/\/schaumweinkontor.com\/wp-content\/uploads\/2023\/03\/La-Montina-DOCG-Riserva-Baiana-2012-Pas-Dose-075-L_1000x1000px-300x300.png\" class=\"attachment-medium size-medium\" alt=\"La Montina Riserva Baiana 2011 Pas Dose 0,75 L\" srcset=\"https:\/\/schaumweinkontor.com\/wp-content\/uploads\/2023\/03\/La-Montina-DOCG-Riserva-Baiana-2012-Pas-Dose-075-L_1000x1000px-300x300.png 300w, https:\/\/schaumweinkontor.com\/wp-content\/uploads\/2023\/03\/La-Montina-DOCG-Riserva-Baiana-2012-Pas-Dose-075-L_1000x1000px-100x100.png 100w, https:\/\/schaumweinkontor.com\/wp-content\/uploads\/2023\/03\/La-Montina-DOCG-Riserva-Baiana-2012-Pas-Dose-075-L_1000x1000px-510x510.png 510w, https:\/\/schaumweinkontor.com\/wp-content\/uploads\/2023\/03\/La-Montina-DOCG-Riserva-Baiana-2012-Pas-Dose-075-L_1000x1000px-150x150.png 150w, https:\/\/schaumweinkontor.com\/wp-content\/uploads\/2023\/03\/La-Montina-DOCG-Riserva-Baiana-2012-Pas-Dose-075-L_1000x1000px-768x768.png 768w, https:\/\/schaumweinkontor.com\/wp-content\/uploads\/2023\/03\/La-Montina-DOCG-Riserva-Baiana-2012-Pas-Dose-075-L_1000x1000px.png 1000w\" sizes=\"auto, (max-width: 300px) 100vw, 300px\" \/>\t\t\t\t\t\t\t\t\t<\/a>\n\t\t\t\t\t\t\t\t\t\t\t\t\t\t\t\t\t\t \t\t\t\t\t\t\t\t<\/div>\n\t\t\t\t\t\t\t\t<div class=\"image-tools top right show-on-hover\">\n\t\t\t\t\t\t\t\t\t\t\t\t\t\t\t\t\t<\/div>\n\t\t\t\t\t\t\t\t\t\t\t\t\t\t\t\t\t<div class=\"image-tools grid-tools text-center hide-for-small bottom hover-slide-in show-on-hover\">\n\t\t\t\t\t\t\t\t\t\t\t\t\t\t\t\t\t\t\t<\/div>\n\t\t\t\t\t\t\t\t\t\t\t\t\t\t\t\t\t\t\t\t\t\t\t<\/div>\n\n\t\t\t\t\t\t\t<div class=\"box-text text-center\" >\n\t\t\t\t\t\t\t\t<div class=\"title-wrapper\">\t\t<p class=\"category uppercase is-smaller no-text-overflow product-cat op-7\">\n\t\t\tFranciacorta\t\t<\/p>\n\t<p class=\"name product-title woocommerce-loop-product__title\"><a href=\"https:\/\/schaumweinkontor.com\/en\/produkt\/la-montina-riserva-baiana-2012-pas-dose-075-l\/\" class=\"woocommerce-LoopProduct-link woocommerce-loop-product__link\">La Montina Riserva Baiana 2011 Pas Dose 0,75 L<\/a><\/p><\/div><div class=\"price-wrapper\">\n\t<span class=\"price\"><del aria-hidden=\"true\"><span class=\"woocommerce-Price-amount amount\" role=\"none\"><bdi><span class=\"woocommerce-Price-currencySymbol\">&euro;<\/span>&nbsp;92,00<\/bdi><\/span><\/del> <span class=\"screen-reader-text\">Original price was: &euro;&nbsp;92,00.<\/span><ins aria-hidden=\"true\"><span class=\"woocommerce-Price-amount amount\" role=\"none\"><bdi><span class=\"woocommerce-Price-currencySymbol\">&euro;<\/span>&nbsp;65,00<\/bdi><\/span><\/ins><span class=\"screen-reader-text\">Current price is: &euro;&nbsp;65,00.<\/span> <small class=\"woocommerce-price-suffix\">inkl. MwSt.<\/small><\/span>\n<\/div><div class=\"add-to-cart-button\"><a href=\"\/en\/wp-json\/wp\/v2\/pages\/4628?add-to-cart=4714\" aria-describedby=\"woocommerce_loop_add_to_cart_link_describedby_4714\" data-quantity=\"1\" class=\"primary is-small mb-0 button product_type_simple add_to_cart_button ajax_add_to_cart is-outline\" data-product_id=\"4714\" data-product_sku=\"100300127\" aria-label=\"Add to cart: &ldquo;La Montina Riserva Baiana 2011 Pas Dose 0,75 L&rdquo;\" rel=\"nofollow\" data-success_message=\"&ldquo;La Montina Riserva Baiana 2011 Pas Dose 0,75 L&rdquo; has been added to your cart\" role=\"button\">Add to cart<\/a><\/div>\t<span id=\"woocommerce_loop_add_to_cart_link_describedby_4714\" class=\"screen-reader-text\">\n\t\t\t<\/span>\n\t\t\t\t\t\t\t<\/div>\n\t\t\t\t\t\t<\/div>\n\t\t\t\t\t\t<\/div>\n\t\t\t\t\t<\/div><div class=\"col\" data-animate=\"fadeInUp\">\n\t\t\t\t\t\t<div class=\"col-inner\">\n\t\t\t\t\t\t\n<div class=\"badge-container badge-custom absolute right top z-1\">\n<div class=\"callout badge badge-circle\"><div class=\"badge-inner secondary on-sale\"><span class=\"onsale\">Sale!<\/span><\/div><\/div>\n<\/div>\n\t\t\t\t\t\t<div class=\"product-small box margin-auto has-hover box-normal box-text-bottom\">\n\t\t\t\t\t\t\t<div class=\"box-image\" >\n\t\t\t\t\t\t\t\t<div class=\"\" >\n\t\t\t\t\t\t\t\t\t<a href=\"https:\/\/schaumweinkontor.com\/en\/produkt\/la-montina-franciacorta-docg-brut-3-l-jeroboam-in-hk\/\" aria-label=\"La Montina Franciacorta DOCG Brut 3 L Jeroboam in HK\">\n\t\t\t\t\t\t\t\t\t\t<img loading=\"lazy\" decoding=\"async\" width=\"300\" height=\"300\" src=\"https:\/\/schaumweinkontor.com\/wp-content\/uploads\/2022\/06\/Franciacorta-Jeroboam-Franciacorta-La-montina-300x300.jpg\" class=\"attachment-medium size-medium\" alt=\"La Montina Franciacorta DOCG Brut 3 L Jeroboam in HK\" srcset=\"https:\/\/schaumweinkontor.com\/wp-content\/uploads\/2022\/06\/Franciacorta-Jeroboam-Franciacorta-La-montina-300x300.jpg 300w, https:\/\/schaumweinkontor.com\/wp-content\/uploads\/2022\/06\/Franciacorta-Jeroboam-Franciacorta-La-montina-100x100.jpg 100w, https:\/\/schaumweinkontor.com\/wp-content\/uploads\/2022\/06\/Franciacorta-Jeroboam-Franciacorta-La-montina-510x510.jpg 510w, https:\/\/schaumweinkontor.com\/wp-content\/uploads\/2022\/06\/Franciacorta-Jeroboam-Franciacorta-La-montina-150x150.jpg 150w, https:\/\/schaumweinkontor.com\/wp-content\/uploads\/2022\/06\/Franciacorta-Jeroboam-Franciacorta-La-montina-768x768.jpg 768w, https:\/\/schaumweinkontor.com\/wp-content\/uploads\/2022\/06\/Franciacorta-Jeroboam-Franciacorta-La-montina.jpg 800w\" sizes=\"auto, (max-width: 300px) 100vw, 300px\" \/>\t\t\t\t\t\t\t\t\t<\/a>\n\t\t\t\t\t\t\t\t\t\t\t\t\t\t\t\t\t\t \t\t\t\t\t\t\t\t<\/div>\n\t\t\t\t\t\t\t\t<div class=\"image-tools top right show-on-hover\">\n\t\t\t\t\t\t\t\t\t\t\t\t\t\t\t\t\t<\/div>\n\t\t\t\t\t\t\t\t\t\t\t\t\t\t\t\t\t<div class=\"image-tools grid-tools text-center hide-for-small bottom hover-slide-in show-on-hover\">\n\t\t\t\t\t\t\t\t\t\t\t\t\t\t\t\t\t\t\t<\/div>\n\t\t\t\t\t\t\t\t\t\t\t\t\t\t\t\t\t\t\t\t\t\t\t<\/div>\n\n\t\t\t\t\t\t\t<div class=\"box-text text-center\" >\n\t\t\t\t\t\t\t\t<div class=\"title-wrapper\">\t\t<p class=\"category uppercase is-smaller no-text-overflow product-cat op-7\">\n\t\t\tLa Montina\t\t<\/p>\n\t<p class=\"name product-title woocommerce-loop-product__title\"><a href=\"https:\/\/schaumweinkontor.com\/en\/produkt\/la-montina-franciacorta-docg-brut-3-l-jeroboam-in-hk\/\" class=\"woocommerce-LoopProduct-link woocommerce-loop-product__link\">La Montina Franciacorta DOCG Brut 3 L Jeroboam in HK<\/a><\/p><\/div><div class=\"price-wrapper\">\n\t<span class=\"price\"><del aria-hidden=\"true\"><span class=\"woocommerce-Price-amount amount\" role=\"none\"><bdi><span class=\"woocommerce-Price-currencySymbol\">&euro;<\/span>&nbsp;194,00<\/bdi><\/span><\/del> <span class=\"screen-reader-text\">Original price was: &euro;&nbsp;194,00.<\/span><ins aria-hidden=\"true\"><span class=\"woocommerce-Price-amount amount\" role=\"none\"><bdi><span class=\"woocommerce-Price-currencySymbol\">&euro;<\/span>&nbsp;145,00<\/bdi><\/span><\/ins><span class=\"screen-reader-text\">Current price is: &euro;&nbsp;145,00.<\/span> <small class=\"woocommerce-price-suffix\">inkl. MwSt.<\/small><\/span>\n<\/div><div class=\"add-to-cart-button\"><a href=\"\/en\/wp-json\/wp\/v2\/pages\/4628?add-to-cart=4742\" aria-describedby=\"woocommerce_loop_add_to_cart_link_describedby_4742\" data-quantity=\"1\" class=\"primary is-small mb-0 button product_type_simple add_to_cart_button ajax_add_to_cart is-outline\" data-product_id=\"4742\" data-product_sku=\"100300112\" aria-label=\"Add to cart: &ldquo;La Montina Franciacorta DOCG Brut 3 L Jeroboam in HK&rdquo;\" rel=\"nofollow\" data-success_message=\"&ldquo;La Montina Franciacorta DOCG Brut 3 L Jeroboam in HK&rdquo; has been added to your cart\" role=\"button\">Add to cart<\/a><\/div>\t<span id=\"woocommerce_loop_add_to_cart_link_describedby_4742\" class=\"screen-reader-text\">\n\t\t\t<\/span>\n\t\t\t\t\t\t\t<\/div>\n\t\t\t\t\t\t<\/div>\n\t\t\t\t\t\t<\/div>\n\t\t\t\t\t<\/div><div class=\"col\" data-animate=\"fadeInUp\">\n\t\t\t\t\t\t<div class=\"col-inner\">\n\t\t\t\t\t\t\n<div class=\"badge-container badge-custom absolute right top z-1\">\n<div class=\"callout badge badge-circle\"><div class=\"badge-inner secondary on-sale\"><span class=\"onsale\">Sale!<\/span><\/div><\/div>\n<\/div>\n\t\t\t\t\t\t<div class=\"product-small box margin-auto has-hover box-normal box-text-bottom\">\n\t\t\t\t\t\t\t<div class=\"box-image\" >\n\t\t\t\t\t\t\t\t<div class=\"\" >\n\t\t\t\t\t\t\t\t\t<a href=\"https:\/\/schaumweinkontor.com\/en\/produkt\/la-montina-franciacorta-docg-brut-6-l-methusalem-in-hk\/\" aria-label=\"La Montina Franciacorta DOCG Brut 6 L Methusalem in HK\">\n\t\t\t\t\t\t\t\t\t\t<img loading=\"lazy\" decoding=\"async\" width=\"300\" height=\"300\" src=\"https:\/\/schaumweinkontor.com\/wp-content\/uploads\/2022\/06\/Franciacorta-Jeroboam-Franciacorta-La-montina-300x300.jpg\" class=\"attachment-medium size-medium\" alt=\"La Montina Franciacorta DOCG Brut 6 L Methusalem in HK\" srcset=\"https:\/\/schaumweinkontor.com\/wp-content\/uploads\/2022\/06\/Franciacorta-Jeroboam-Franciacorta-La-montina-300x300.jpg 300w, https:\/\/schaumweinkontor.com\/wp-content\/uploads\/2022\/06\/Franciacorta-Jeroboam-Franciacorta-La-montina-100x100.jpg 100w, https:\/\/schaumweinkontor.com\/wp-content\/uploads\/2022\/06\/Franciacorta-Jeroboam-Franciacorta-La-montina-510x510.jpg 510w, https:\/\/schaumweinkontor.com\/wp-content\/uploads\/2022\/06\/Franciacorta-Jeroboam-Franciacorta-La-montina-150x150.jpg 150w, https:\/\/schaumweinkontor.com\/wp-content\/uploads\/2022\/06\/Franciacorta-Jeroboam-Franciacorta-La-montina-768x768.jpg 768w, https:\/\/schaumweinkontor.com\/wp-content\/uploads\/2022\/06\/Franciacorta-Jeroboam-Franciacorta-La-montina.jpg 800w\" sizes=\"auto, (max-width: 300px) 100vw, 300px\" \/>\t\t\t\t\t\t\t\t\t<\/a>\n\t\t\t\t\t\t\t\t\t\t\t\t\t\t\t\t\t\t \t\t\t\t\t\t\t\t<\/div>\n\t\t\t\t\t\t\t\t<div class=\"image-tools top right show-on-hover\">\n\t\t\t\t\t\t\t\t\t\t\t\t\t\t\t\t\t<\/div>\n\t\t\t\t\t\t\t\t\t\t\t\t\t\t\t\t\t<div class=\"image-tools grid-tools text-center hide-for-small bottom hover-slide-in show-on-hover\">\n\t\t\t\t\t\t\t\t\t\t\t\t\t\t\t\t\t\t\t<\/div>\n\t\t\t\t\t\t\t\t\t\t\t\t\t\t\t\t\t\t\t\t\t\t\t<\/div>\n\n\t\t\t\t\t\t\t<div class=\"box-text text-center\" >\n\t\t\t\t\t\t\t\t<div class=\"title-wrapper\">\t\t<p class=\"category uppercase is-smaller no-text-overflow product-cat op-7\">\n\t\t\tLa Montina\t\t<\/p>\n\t<p class=\"name product-title woocommerce-loop-product__title\"><a href=\"https:\/\/schaumweinkontor.com\/en\/produkt\/la-montina-franciacorta-docg-brut-6-l-methusalem-in-hk\/\" class=\"woocommerce-LoopProduct-link woocommerce-loop-product__link\">La Montina Franciacorta DOCG Brut 6 L Methusalem in HK<\/a><\/p><\/div><div class=\"price-wrapper\">\n\t<span class=\"price\"><del aria-hidden=\"true\"><span class=\"woocommerce-Price-amount amount\" role=\"none\"><bdi><span class=\"woocommerce-Price-currencySymbol\">&euro;<\/span>&nbsp;387,00<\/bdi><\/span><\/del> <span class=\"screen-reader-text\">Original price was: &euro;&nbsp;387,00.<\/span><ins aria-hidden=\"true\"><span class=\"woocommerce-Price-amount amount\" role=\"none\"><bdi><span class=\"woocommerce-Price-currencySymbol\">&euro;<\/span>&nbsp;310,00<\/bdi><\/span><\/ins><span class=\"screen-reader-text\">Current price is: &euro;&nbsp;310,00.<\/span> <small class=\"woocommerce-price-suffix\">inkl. MwSt.<\/small><\/span>\n<\/div><div class=\"add-to-cart-button\"><a href=\"\/en\/wp-json\/wp\/v2\/pages\/4628?add-to-cart=4741\" aria-describedby=\"woocommerce_loop_add_to_cart_link_describedby_4741\" data-quantity=\"1\" class=\"primary is-small mb-0 button product_type_simple add_to_cart_button ajax_add_to_cart is-outline\" data-product_id=\"4741\" data-product_sku=\"100300113\" aria-label=\"Add to cart: &ldquo;La Montina Franciacorta DOCG Brut 6 L Methusalem in HK&rdquo;\" rel=\"nofollow\" data-success_message=\"&ldquo;La Montina Franciacorta DOCG Brut 6 L Methusalem in HK&rdquo; has been added to your cart\" role=\"button\">Add to cart<\/a><\/div>\t<span id=\"woocommerce_loop_add_to_cart_link_describedby_4741\" class=\"screen-reader-text\">\n\t\t\t<\/span>\n\t\t\t\t\t\t\t<\/div>\n\t\t\t\t\t\t<\/div>\n\t\t\t\t\t\t<\/div>\n\t\t\t\t\t<\/div><\/div>\n\n\n\t\t<\/div>\n\t\t\t\t\t<\/div>\n\n\t\n\n\n<style>\n#row-2058874016 > .col > .col-inner {\n  padding: 15px 0px 0px 0px;\n}\n<\/style>\n<\/div>\n<div class=\"row row-collapse row-full-width align-middle blau-verlauf hide-for-medium\"  id=\"row-1773679166\">\n\n\n\t<div id=\"col-440021984\" class=\"col medium-6 small-12 large-6\"  >\n\t\t\t\t<div class=\"col-inner\"  >\n\t\t\t\n\t\t\t\n\n\t<div id=\"text-807740643\" class=\"text\">\n\t\t\n\n<h2> Italy <\/h2>\n\t\t\n<style>\n#text-807740643 {\n  font-size: 1.5rem;\n  line-height: 2;\n}\n<\/style>\n\t<\/div>\n\t\n\n\t\t<\/div>\n\t\t\t\t\t<\/div>\n\n\t\n\n\t<div id=\"col-1806828038\" class=\"col medium-6 small-12 large-6\"  >\n\t\t\t\t<div class=\"col-inner\"  >\n\t\t\t\n\t\t\t\n\n<h5 id=\"lambrusco\" class=\"uppercase\" style=\"text-align: right;\"><span style=\"color: #b79549;\">Lambrusco<\/span><\/h5>\n\n\t\t<\/div>\n\t\t\t\t\t<\/div>\n\n\t\n\n\n<style>\n#row-1773679166 > .col > .col-inner {\n  padding: 0px 20px 0px 20px;\n  border-radius: 74px;\n}\n<\/style>\n<\/div>\n\t<section class=\"section bg_winzer hide-for-medium\" id=\"section_535252207\">\n\t\t<div class=\"bg section-bg fill bg-fill  \" >\n\n\t\t\t\n\t\t\t\n\t\t\t\n\n\t\t<\/div>\n\n\t\t\n\n\t\t<div class=\"section-content relative\">\n\t\t\t\n\n<div class=\"row align-middle align-center\"  id=\"row-961883902\">\n\n\n\t<div id=\"col-951146093\" class=\"col small-12 large-12\"  >\n\t\t\t\t<div class=\"col-inner\"  >\n\t\t\t\n\t\t\t\n\n<h2 id=\"ceci-lambrusco\" class=\"uppercase\" style=\"text-align: center;\">CECI 1813<\/h2>\n<p>\u00a0<\/p>\n\n  \n    <div class=\"row margin-auto equalize-box hide-for-medium large-columns-3 medium-columns- small-columns-2 row-large has-shadow row-box-shadow-2 row-box-shadow-4-hover\" >\n  \t\n\t     <div class=\"col\" data-animate=\"fadeInUp\">\n\t\t\t\t\t\t<div class=\"col-inner\">\n\t\t\t\t\t\t\n<div class=\"badge-container badge-custom absolute right top z-1\">\n<div class=\"callout badge badge-circle\"><div class=\"badge-inner secondary on-sale\"><span class=\"onsale\">Sale!<\/span><\/div><\/div>\n<\/div>\n\t\t\t\t\t\t<div class=\"product-small box margin-auto has-hover box-normal box-text-bottom\">\n\t\t\t\t\t\t\t<div class=\"box-image\" >\n\t\t\t\t\t\t\t\t<div class=\"\" >\n\t\t\t\t\t\t\t\t\t<a href=\"https:\/\/schaumweinkontor.com\/en\/produkt\/ceci-otello-1813-lambrusco-emilia-igt-med-dry-075-l\/\" aria-label=\"Ceci Otello 1813 Lambrusco Emilia IGT med-dry 0,75 L\">\n\t\t\t\t\t\t\t\t\t\t<img loading=\"lazy\" decoding=\"async\" width=\"300\" height=\"300\" src=\"https:\/\/schaumweinkontor.com\/wp-content\/uploads\/2022\/06\/Ceci-Otello-1813-Lambrusco-Emilia-IGT-med-dry-075-L-300x300.png\" class=\"attachment-medium size-medium\" alt=\"Ceci Otello 1813 Lambrusco Emilia IGT med-dry 0,75 L\" srcset=\"https:\/\/schaumweinkontor.com\/wp-content\/uploads\/2022\/06\/Ceci-Otello-1813-Lambrusco-Emilia-IGT-med-dry-075-L-300x300.png 300w, https:\/\/schaumweinkontor.com\/wp-content\/uploads\/2022\/06\/Ceci-Otello-1813-Lambrusco-Emilia-IGT-med-dry-075-L-100x100.png 100w, https:\/\/schaumweinkontor.com\/wp-content\/uploads\/2022\/06\/Ceci-Otello-1813-Lambrusco-Emilia-IGT-med-dry-075-L-510x510.png 510w, https:\/\/schaumweinkontor.com\/wp-content\/uploads\/2022\/06\/Ceci-Otello-1813-Lambrusco-Emilia-IGT-med-dry-075-L-150x150.png 150w, https:\/\/schaumweinkontor.com\/wp-content\/uploads\/2022\/06\/Ceci-Otello-1813-Lambrusco-Emilia-IGT-med-dry-075-L-768x768.png 768w, https:\/\/schaumweinkontor.com\/wp-content\/uploads\/2022\/06\/Ceci-Otello-1813-Lambrusco-Emilia-IGT-med-dry-075-L.png 1000w\" sizes=\"auto, (max-width: 300px) 100vw, 300px\" \/>\t\t\t\t\t\t\t\t\t<\/a>\n\t\t\t\t\t\t\t\t\t\t\t\t\t\t\t\t\t\t \t\t\t\t\t\t\t\t<\/div>\n\t\t\t\t\t\t\t\t<div class=\"image-tools top right show-on-hover\">\n\t\t\t\t\t\t\t\t\t\t\t\t\t\t\t\t\t<\/div>\n\t\t\t\t\t\t\t\t\t\t\t\t\t\t\t\t\t<div class=\"image-tools grid-tools text-center hide-for-small bottom hover-slide-in show-on-hover\">\n\t\t\t\t\t\t\t\t\t\t\t\t\t\t\t\t\t\t\t<\/div>\n\t\t\t\t\t\t\t\t\t\t\t\t\t\t\t\t\t\t\t\t\t\t\t<\/div>\n\n\t\t\t\t\t\t\t<div class=\"box-text text-center\" >\n\t\t\t\t\t\t\t\t<div class=\"title-wrapper\">\t\t<p class=\"category uppercase is-smaller no-text-overflow product-cat op-7\">\n\t\t\tCeci\t\t<\/p>\n\t<p class=\"name product-title woocommerce-loop-product__title\"><a href=\"https:\/\/schaumweinkontor.com\/en\/produkt\/ceci-otello-1813-lambrusco-emilia-igt-med-dry-075-l\/\" class=\"woocommerce-LoopProduct-link woocommerce-loop-product__link\">Ceci Otello 1813 Lambrusco Emilia IGT med-dry 0,75 L<\/a><\/p><\/div><div class=\"price-wrapper\">\n\t<span class=\"price\"><del aria-hidden=\"true\"><span class=\"woocommerce-Price-amount amount\" role=\"none\"><bdi><span class=\"woocommerce-Price-currencySymbol\">&euro;<\/span>&nbsp;11,40<\/bdi><\/span><\/del> <span class=\"screen-reader-text\">Original price was: &euro;&nbsp;11,40.<\/span><ins aria-hidden=\"true\"><span class=\"woocommerce-Price-amount amount\" role=\"none\"><bdi><span class=\"woocommerce-Price-currencySymbol\">&euro;<\/span>&nbsp;8,55<\/bdi><\/span><\/ins><span class=\"screen-reader-text\">Current price is: &euro;&nbsp;8,55.<\/span> <small class=\"woocommerce-price-suffix\">inkl. MwSt.<\/small><\/span>\n<\/div><div class=\"add-to-cart-button\"><a href=\"\/en\/wp-json\/wp\/v2\/pages\/4628?add-to-cart=4762\" aria-describedby=\"woocommerce_loop_add_to_cart_link_describedby_4762\" data-quantity=\"1\" class=\"primary is-small mb-0 button product_type_simple add_to_cart_button ajax_add_to_cart is-outline\" data-product_id=\"4762\" data-product_sku=\"100300259\" aria-label=\"Add to cart: &ldquo;Ceci Otello 1813 Lambrusco Emilia IGT med-dry 0,75 L&rdquo;\" rel=\"nofollow\" data-success_message=\"&ldquo;Ceci Otello 1813 Lambrusco Emilia IGT med-dry 0,75 L&rdquo; has been added to your cart\" role=\"button\">Add to cart<\/a><\/div>\t<span id=\"woocommerce_loop_add_to_cart_link_describedby_4762\" class=\"screen-reader-text\">\n\t\t\t<\/span>\n\t\t\t\t\t\t\t<\/div>\n\t\t\t\t\t\t<\/div>\n\t\t\t\t\t\t<\/div>\n\t\t\t\t\t<\/div><div class=\"col\" data-animate=\"fadeInUp\">\n\t\t\t\t\t\t<div class=\"col-inner\">\n\t\t\t\t\t\t\n<div class=\"badge-container badge-custom absolute right top z-1\">\n\n<\/div>\n\t\t\t\t\t\t<div class=\"product-small box margin-auto has-hover box-normal box-text-bottom\">\n\t\t\t\t\t\t\t<div class=\"box-image\" >\n\t\t\t\t\t\t\t\t<div class=\"\" >\n\t\t\t\t\t\t\t\t\t<a href=\"https:\/\/schaumweinkontor.com\/en\/produkt\/ceci-bruno-rose-lambrusco-emilia-igt-brut-075-l\/\" aria-label=\"Ceci Bruno Rose Lambrusco Emilia IGT Brut 0,75 L\">\n\t\t\t\t\t\t\t\t\t\t<img loading=\"lazy\" decoding=\"async\" width=\"300\" height=\"300\" src=\"https:\/\/schaumweinkontor.com\/wp-content\/uploads\/2022\/06\/Ceci-Bruno-Rose-075-300x300.jpg\" class=\"attachment-medium size-medium\" alt=\"Ceci Bruno Rose Lambrusco Emilia IGT Brut 0,75 L\" srcset=\"https:\/\/schaumweinkontor.com\/wp-content\/uploads\/2022\/06\/Ceci-Bruno-Rose-075-300x300.jpg 300w, https:\/\/schaumweinkontor.com\/wp-content\/uploads\/2022\/06\/Ceci-Bruno-Rose-075-100x100.jpg 100w, https:\/\/schaumweinkontor.com\/wp-content\/uploads\/2022\/06\/Ceci-Bruno-Rose-075-510x510.jpg 510w, https:\/\/schaumweinkontor.com\/wp-content\/uploads\/2022\/06\/Ceci-Bruno-Rose-075-150x150.jpg 150w, https:\/\/schaumweinkontor.com\/wp-content\/uploads\/2022\/06\/Ceci-Bruno-Rose-075-768x768.jpg 768w, https:\/\/schaumweinkontor.com\/wp-content\/uploads\/2022\/06\/Ceci-Bruno-Rose-075.jpg 1000w\" sizes=\"auto, (max-width: 300px) 100vw, 300px\" \/>\t\t\t\t\t\t\t\t\t<\/a>\n\t\t\t\t\t\t\t\t\t\t\t\t\t\t\t\t\t\t \t\t\t\t\t\t\t\t<\/div>\n\t\t\t\t\t\t\t\t<div class=\"image-tools top right show-on-hover\">\n\t\t\t\t\t\t\t\t\t\t\t\t\t\t\t\t\t<\/div>\n\t\t\t\t\t\t\t\t\t\t\t\t\t\t\t\t\t<div class=\"image-tools grid-tools text-center hide-for-small bottom hover-slide-in show-on-hover\">\n\t\t\t\t\t\t\t\t\t\t\t\t\t\t\t\t\t\t\t<\/div>\n\t\t\t\t\t\t\t\t\t\t\t\t\t\t\t\t\t\t\t\t\t\t\t<\/div>\n\n\t\t\t\t\t\t\t<div class=\"box-text text-center\" >\n\t\t\t\t\t\t\t\t<div class=\"title-wrapper\">\t\t<p class=\"category uppercase is-smaller no-text-overflow product-cat op-7\">\n\t\t\tCeci\t\t<\/p>\n\t<p class=\"name product-title woocommerce-loop-product__title\"><a href=\"https:\/\/schaumweinkontor.com\/en\/produkt\/ceci-bruno-rose-lambrusco-emilia-igt-brut-075-l\/\" class=\"woocommerce-LoopProduct-link woocommerce-loop-product__link\">Ceci Bruno Rose Lambrusco Emilia IGT Brut 0,75 L<\/a><\/p><\/div><div class=\"price-wrapper\">\n\t<span class=\"price\"><span class=\"woocommerce-Price-amount amount\" role=\"none\"><bdi><span class=\"woocommerce-Price-currencySymbol\">&euro;<\/span>&nbsp;11,40<\/bdi><\/span> <small class=\"woocommerce-price-suffix\">inkl. MwSt.<\/small><\/span>\n<\/div><div class=\"add-to-cart-button\"><a href=\"\/en\/wp-json\/wp\/v2\/pages\/4628?add-to-cart=4764\" aria-describedby=\"woocommerce_loop_add_to_cart_link_describedby_4764\" data-quantity=\"1\" class=\"primary is-small mb-0 button product_type_simple add_to_cart_button ajax_add_to_cart is-outline\" data-product_id=\"4764\" data-product_sku=\"100300257\" aria-label=\"Add to cart: &ldquo;Ceci Bruno Rose Lambrusco Emilia IGT Brut 0,75 L&rdquo;\" rel=\"nofollow\" data-success_message=\"&ldquo;Ceci Bruno Rose Lambrusco Emilia IGT Brut 0,75 L&rdquo; has been added to your cart\" role=\"button\">Add to cart<\/a><\/div>\t<span id=\"woocommerce_loop_add_to_cart_link_describedby_4764\" class=\"screen-reader-text\">\n\t\t\t<\/span>\n\t\t\t\t\t\t\t<\/div>\n\t\t\t\t\t\t<\/div>\n\t\t\t\t\t\t<\/div>\n\t\t\t\t\t<\/div><div class=\"col\" data-animate=\"fadeInUp\">\n\t\t\t\t\t\t<div class=\"col-inner\">\n\t\t\t\t\t\t\n<div class=\"badge-container badge-custom absolute right top z-1\">\n\n<\/div>\n\t\t\t\t\t\t<div class=\"product-small box margin-auto has-hover box-normal box-text-bottom\">\n\t\t\t\t\t\t\t<div class=\"box-image\" >\n\t\t\t\t\t\t\t\t<div class=\"\" >\n\t\t\t\t\t\t\t\t\t<a href=\"https:\/\/schaumweinkontor.com\/en\/produkt\/ceci-bruno-lambrusco-emilia-igt-brut-075-l\/\" aria-label=\"Ceci Bruno Lambrusco Emilia IGT Brut 0,75 L\">\n\t\t\t\t\t\t\t\t\t\t<img loading=\"lazy\" decoding=\"async\" width=\"300\" height=\"300\" src=\"https:\/\/schaumweinkontor.com\/wp-content\/uploads\/2022\/06\/Schaumweinkontor-Bruno-Spumante-Brut-Rosso-1000x1000px-300x300.png\" class=\"attachment-medium size-medium\" alt=\"Ceci Bruno Lambrusco Emilia IGT Brut 0,75 L\" srcset=\"https:\/\/schaumweinkontor.com\/wp-content\/uploads\/2022\/06\/Schaumweinkontor-Bruno-Spumante-Brut-Rosso-1000x1000px-300x300.png 300w, https:\/\/schaumweinkontor.com\/wp-content\/uploads\/2022\/06\/Schaumweinkontor-Bruno-Spumante-Brut-Rosso-1000x1000px-100x100.png 100w, https:\/\/schaumweinkontor.com\/wp-content\/uploads\/2022\/06\/Schaumweinkontor-Bruno-Spumante-Brut-Rosso-1000x1000px-510x510.png 510w, https:\/\/schaumweinkontor.com\/wp-content\/uploads\/2022\/06\/Schaumweinkontor-Bruno-Spumante-Brut-Rosso-1000x1000px-150x150.png 150w, https:\/\/schaumweinkontor.com\/wp-content\/uploads\/2022\/06\/Schaumweinkontor-Bruno-Spumante-Brut-Rosso-1000x1000px-768x768.png 768w, https:\/\/schaumweinkontor.com\/wp-content\/uploads\/2022\/06\/Schaumweinkontor-Bruno-Spumante-Brut-Rosso-1000x1000px.png 1000w\" sizes=\"auto, (max-width: 300px) 100vw, 300px\" \/>\t\t\t\t\t\t\t\t\t<\/a>\n\t\t\t\t\t\t\t\t\t\t\t\t\t\t\t\t\t\t \t\t\t\t\t\t\t\t<\/div>\n\t\t\t\t\t\t\t\t<div class=\"image-tools top right show-on-hover\">\n\t\t\t\t\t\t\t\t\t\t\t\t\t\t\t\t\t<\/div>\n\t\t\t\t\t\t\t\t\t\t\t\t\t\t\t\t\t<div class=\"image-tools grid-tools text-center hide-for-small bottom hover-slide-in show-on-hover\">\n\t\t\t\t\t\t\t\t\t\t\t\t\t\t\t\t\t\t\t<\/div>\n\t\t\t\t\t\t\t\t\t\t\t\t\t\t\t\t<div class=\"out-of-stock-label\">Out of stock<\/div>\t\t\t\t\t\t\t<\/div>\n\n\t\t\t\t\t\t\t<div class=\"box-text text-center\" >\n\t\t\t\t\t\t\t\t<div class=\"title-wrapper\">\t\t<p class=\"category uppercase is-smaller no-text-overflow product-cat op-7\">\n\t\t\tCeci\t\t<\/p>\n\t<p class=\"name product-title woocommerce-loop-product__title\"><a href=\"https:\/\/schaumweinkontor.com\/en\/produkt\/ceci-bruno-lambrusco-emilia-igt-brut-075-l\/\" class=\"woocommerce-LoopProduct-link woocommerce-loop-product__link\">Ceci Bruno Lambrusco Emilia IGT Brut 0,75 L<\/a><\/p><\/div><div class=\"price-wrapper\">\n\t<span class=\"price\"><span class=\"woocommerce-Price-amount amount\" role=\"none\"><bdi><span class=\"woocommerce-Price-currencySymbol\">&euro;<\/span>&nbsp;11,40<\/bdi><\/span> <small class=\"woocommerce-price-suffix\">inkl. MwSt.<\/small><\/span>\n<\/div><div class=\"add-to-cart-button\"><a href=\"https:\/\/schaumweinkontor.com\/en\/produkt\/ceci-bruno-lambrusco-emilia-igt-brut-075-l\/\" aria-describedby=\"woocommerce_loop_add_to_cart_link_describedby_4765\" data-quantity=\"1\" class=\"primary is-small mb-0 button product_type_simple is-outline\" data-product_id=\"4765\" data-product_sku=\"100300256\" aria-label=\"Read more about &ldquo;Ceci Bruno Lambrusco Emilia IGT Brut 0,75 L&rdquo;\" rel=\"nofollow\" data-success_message=\"\">Read more<\/a><\/div>\t<span id=\"woocommerce_loop_add_to_cart_link_describedby_4765\" class=\"screen-reader-text\">\n\t\t\t<\/span>\n\t\t\t\t\t\t\t<\/div>\n\t\t\t\t\t\t<\/div>\n\t\t\t\t\t\t<\/div>\n\t\t\t\t\t<\/div><div class=\"col\" data-animate=\"fadeInUp\">\n\t\t\t\t\t\t<div class=\"col-inner\">\n\t\t\t\t\t\t\n<div class=\"badge-container badge-custom absolute right top z-1\">\n\n<\/div>\n\t\t\t\t\t\t<div class=\"product-small box margin-auto has-hover box-normal box-text-bottom\">\n\t\t\t\t\t\t\t<div class=\"box-image\" >\n\t\t\t\t\t\t\t\t<div class=\"\" >\n\t\t\t\t\t\t\t\t\t<a href=\"https:\/\/schaumweinkontor.com\/en\/produkt\/ceci-on-ice-075-l\/\" aria-label=\"Ceci ON&#039;I OTELLOON&#039;Ice 0,75 L\">\n\t\t\t\t\t\t\t\t\t\t<img loading=\"lazy\" decoding=\"async\" width=\"300\" height=\"300\" src=\"https:\/\/schaumweinkontor.com\/wp-content\/uploads\/2023\/04\/Ceci-on-Ice_1000x1000-px-300x300.png\" class=\"attachment-medium size-medium\" alt=\"Ceci ON&#039;I OTELLOON&#039;Ice 0,75 L\" srcset=\"https:\/\/schaumweinkontor.com\/wp-content\/uploads\/2023\/04\/Ceci-on-Ice_1000x1000-px-300x300.png 300w, https:\/\/schaumweinkontor.com\/wp-content\/uploads\/2023\/04\/Ceci-on-Ice_1000x1000-px-100x100.png 100w, https:\/\/schaumweinkontor.com\/wp-content\/uploads\/2023\/04\/Ceci-on-Ice_1000x1000-px-510x510.png 510w, https:\/\/schaumweinkontor.com\/wp-content\/uploads\/2023\/04\/Ceci-on-Ice_1000x1000-px-150x150.png 150w, https:\/\/schaumweinkontor.com\/wp-content\/uploads\/2023\/04\/Ceci-on-Ice_1000x1000-px-768x768.png 768w, https:\/\/schaumweinkontor.com\/wp-content\/uploads\/2023\/04\/Ceci-on-Ice_1000x1000-px.png 1000w\" sizes=\"auto, (max-width: 300px) 100vw, 300px\" \/>\t\t\t\t\t\t\t\t\t<\/a>\n\t\t\t\t\t\t\t\t\t\t\t\t\t\t\t\t\t\t \t\t\t\t\t\t\t\t<\/div>\n\t\t\t\t\t\t\t\t<div class=\"image-tools top right show-on-hover\">\n\t\t\t\t\t\t\t\t\t\t\t\t\t\t\t\t\t<\/div>\n\t\t\t\t\t\t\t\t\t\t\t\t\t\t\t\t\t<div class=\"image-tools grid-tools text-center hide-for-small bottom hover-slide-in show-on-hover\">\n\t\t\t\t\t\t\t\t\t\t\t\t\t\t\t\t\t\t\t<\/div>\n\t\t\t\t\t\t\t\t\t\t\t\t\t\t\t\t\t\t\t\t\t\t\t<\/div>\n\n\t\t\t\t\t\t\t<div class=\"box-text text-center\" >\n\t\t\t\t\t\t\t\t<div class=\"title-wrapper\">\t\t<p class=\"category uppercase is-smaller no-text-overflow product-cat op-7\">\n\t\t\tCeci\t\t<\/p>\n\t<p class=\"name product-title woocommerce-loop-product__title\"><a href=\"https:\/\/schaumweinkontor.com\/en\/produkt\/ceci-on-ice-075-l\/\" class=\"woocommerce-LoopProduct-link woocommerce-loop-product__link\">Ceci ON&#8217;I OTELLOON&#8217;Ice 0,75 L<\/a><\/p><\/div><div class=\"price-wrapper\">\n\t<span class=\"price\"><span class=\"woocommerce-Price-amount amount\" role=\"none\"><bdi><span class=\"woocommerce-Price-currencySymbol\">&euro;<\/span>&nbsp;14,20<\/bdi><\/span> <small class=\"woocommerce-price-suffix\">inkl. MwSt.<\/small><\/span>\n<\/div><div class=\"add-to-cart-button\"><a href=\"\/en\/wp-json\/wp\/v2\/pages\/4628?add-to-cart=4701\" aria-describedby=\"woocommerce_loop_add_to_cart_link_describedby_4701\" data-quantity=\"1\" class=\"primary is-small mb-0 button product_type_simple add_to_cart_button ajax_add_to_cart is-outline\" data-product_id=\"4701\" data-product_sku=\"100300260\" aria-label=\"Add to cart: &ldquo;Ceci ON&#039;I OTELLOON&#039;Ice 0,75 L&rdquo;\" rel=\"nofollow\" data-success_message=\"&ldquo;Ceci ON&#039;I OTELLOON&#039;Ice 0,75 L&rdquo; has been added to your cart\" role=\"button\">Add to cart<\/a><\/div>\t<span id=\"woocommerce_loop_add_to_cart_link_describedby_4701\" class=\"screen-reader-text\">\n\t\t\t<\/span>\n\t\t\t\t\t\t\t<\/div>\n\t\t\t\t\t\t<\/div>\n\t\t\t\t\t\t<\/div>\n\t\t\t\t\t<\/div><\/div>\n\n\n\t\t<\/div>\n\t\t\t\t\t<\/div>\n\n\t\n\n\n<style>\n#row-961883902 > .col > .col-inner {\n  padding: 15px 0px 0px 0px;\n}\n<\/style>\n<\/div>\n\n\t\t<\/div>\n\n\t\t\n<style>\n#section_535252207 {\n  padding-top: 20px;\n  padding-bottom: 20px;\n  margin-bottom: 30px;\n}\n#section_535252207 .section-bg.bg-loaded {\n  background-image: url(https:\/\/schaumweinkontor.com\/wp-content\/uploads\/2022\/06\/landscape-illu-gold-transp.png);\n}\n<\/style>\n\t<\/section>\n\t\n<div class=\"row row-collapse row-full-width align-middle blau-verlauf hide-for-medium\"  id=\"row-119433449\">\n\n\n\t<div id=\"col-1037820493\" class=\"col medium-6 small-12 large-6\"  >\n\t\t\t\t<div class=\"col-inner\"  >\n\t\t\t\n\t\t\t\n\n\t<div id=\"text-1740670439\" class=\"text\">\n\t\t\n\n<h2> Italy <\/h2>\n\t\t\n<style>\n#text-1740670439 {\n  font-size: 1.5rem;\n  line-height: 2;\n}\n<\/style>\n\t<\/div>\n\t\n\n\t\t<\/div>\n\t\t\t\t\t<\/div>\n\n\t\n\n\t<div id=\"col-769719367\" class=\"col medium-6 small-12 large-6\"  >\n\t\t\t\t<div class=\"col-inner\"  >\n\t\t\t\n\t\t\t\n\n<h5 id=\"lambrusco\" class=\"uppercase\" style=\"text-align: right;\"><span style=\"color: #b79549;\"> Other <\/span><\/h5>\n\n\t\t<\/div>\n\t\t\t\t\t<\/div>\n\n\t\n\n\n<style>\n#row-119433449 > .col > .col-inner {\n  padding: 0px 20px 0px 20px;\n  border-radius: 74px;\n}\n<\/style>\n<\/div>\n\t<section class=\"section bg_winzer hide-for-medium\" id=\"section_469605396\">\n\t\t<div class=\"bg section-bg fill bg-fill  \" >\n\n\t\t\t\n\t\t\t\n\t\t\t\n\n\t\t<\/div>\n\n\t\t\n\n\t\t<div class=\"section-content relative\">\n\t\t\t\n\n<div class=\"row align-middle align-center\"  id=\"row-1480614130\">\n\n\n\t<div id=\"col-1997784128\" class=\"col small-12 large-12\"  >\n\t\t\t\t<div class=\"col-inner\"  >\n\t\t\t\n\t\t\t\n\n<div id=\"sonstiges-italia\">\n<h2 class=\"uppercase\" style=\"text-align: center;\"> Other <\/h2>\n<\/div>\n\n\t\t<\/div>\n\t\t\t\t\t<\/div>\n\n\t\n\n\n<style>\n#row-1480614130 > .col > .col-inner {\n  padding: 15px 0px 0px 0px;\n}\n<\/style>\n<\/div>\n<div class=\"row row-full-width align-middle align-center\"  id=\"row-1754082276\">\n\n\n\t<div id=\"col-1295750969\" class=\"col small-12 large-12\"  >\n\t\t\t\t<div class=\"col-inner\"  >\n\t\t\t\n\t\t\t\n\n\n  \n    <div class=\"row margin-auto equalize-box large-columns-3 medium-columns- small-columns-2 row-large has-shadow row-box-shadow-2 row-box-shadow-4-hover\" >\n  \t<\/div>\n\n\n\t\t<\/div>\n\t\t\t\t\t<\/div>\n\n\t\n\n\n<style>\n#row-1754082276 > .col > .col-inner {\n  padding: 15px 0px 0px 0px;\n}\n<\/style>\n<\/div>\n\n\t\t<\/div>\n\n\t\t\n<style>\n#section_469605396 {\n  padding-top: 20px;\n  padding-bottom: 20px;\n  margin-bottom: 30px;\n}\n#section_469605396 .section-bg.bg-loaded {\n  background-image: url(https:\/\/schaumweinkontor.com\/wp-content\/uploads\/2022\/06\/landscape-illu-gold-transp.png);\n}\n<\/style>\n\t<\/section>\n\t\n<\/div>\n<div id=\"Austria\">\n\t<section class=\"section hide-for-small\" id=\"section_2054226256\">\n\t\t<div class=\"bg section-bg fill bg-fill  bg-loaded\" >\n\n\t\t\t\n\t\t\t\n\t\t\t\n\n\t\t<\/div>\n\n\t\t\n\n\t\t<div class=\"section-content relative\">\n\t\t\t\n\n<div class=\"row row-collapse row-full-width align-middle align-center blau-verlauf\"  id=\"row-1192952239\">\n\n\n\t<div id=\"col-1295704339\" class=\"col medium-6 small-12 large-6\"  >\n\t\t\t\t<div class=\"col-inner\"  >\n\t\t\t\n\t\t\t\n\n\t<div id=\"text-992124160\" class=\"text\">\n\t\t\n\n<h2><span style=\"font-size: 75%;\">Austria<\/span><\/h2>\n\t\t\n<style>\n#text-992124160 {\n  font-size: 1.5rem;\n  line-height: 2;\n}\n<\/style>\n\t<\/div>\n\t\n\n\t\t<\/div>\n\t\t\t\t\t<\/div>\n\n\t\n\n\t<div id=\"col-1137386447\" class=\"col medium-6 small-12 large-6\"  >\n\t\t\t\t<div class=\"col-inner\"  >\n\t\t\t\n\t\t\t\n\n<div id=\"sekt-at\">\n<h5 class=\"uppercase\" style=\"text-align: right;\"><span style=\"color: #b79549;\">sparkling wine bottle fermentation<\/span><\/h5>\n<\/div>\n\n\n\t\t<\/div>\n\t\t\t\t\t<\/div>\n\n\t\n\n\n<style>\n#row-1192952239 > .col > .col-inner {\n  padding: 0px 20px 0px 20px;\n}\n<\/style>\n<\/div>\n\n\t\t<\/div>\n\n\t\t\n<style>\n#section_2054226256 {\n  padding-top: 0px;\n  padding-bottom: 0px;\n}\n<\/style>\n\t<\/section>\n\t\n\t<section class=\"section bg_winzer\" id=\"section_1651349876\">\n\t\t<div class=\"bg section-bg fill bg-fill  \" >\n\n\t\t\t\n\t\t\t\n\t\t\t\n\n\t\t<\/div>\n\n\t\t\n\n\t\t<div class=\"section-content relative\">\n\t\t\t\n\n<div class=\"row row-full-width align-middle align-center\"  id=\"row-1953058427\">\n\n\n\t<div id=\"col-1577942370\" class=\"col small-12 large-12\"  >\n\t\t\t\t<div class=\"col-inner\"  >\n\t\t\t\n\t\t\t\n\n<h2 id=\"sekt-christina\" class=\"uppercase\" style=\"text-align: center;\">Christina Hugl<\/h2>\n\n\t\t<\/div>\n\t\t\t\t\t<\/div>\n\n\t\n\n\n<style>\n#row-1953058427 > .col > .col-inner {\n  padding: 15px 0px 0px 0px;\n}\n<\/style>\n<\/div>\n\n\t\t<\/div>\n\n\t\t\n<style>\n#section_1651349876 {\n  padding-top: 20px;\n  padding-bottom: 20px;\n  margin-bottom: 30px;\n}\n#section_1651349876 .section-bg.bg-loaded {\n  background-image: url(https:\/\/schaumweinkontor.com\/wp-content\/uploads\/2022\/06\/landscape-illu-gold-transp.png);\n}\n<\/style>\n\t<\/section>\n\t\n<div class=\"row row-full-width align-middle align-center\"  id=\"row-298336509\">\n\n\n\t<div id=\"col-1180227731\" class=\"col small-12 large-12\"  >\n\t\t\t\t<div class=\"col-inner\"  >\n\t\t\t\n\t\t\t\n\n\n  \n    <div class=\"row margin-auto equalize-box large-columns-3 medium-columns- small-columns-2 row-large has-shadow row-box-shadow-2 row-box-shadow-4-hover\" >\n  \t\n\t     <div class=\"col\" data-animate=\"fadeInUp\">\n\t\t\t\t\t\t<div class=\"col-inner\">\n\t\t\t\t\t\t\n<div class=\"badge-container badge-custom absolute right top z-1\">\n\n<\/div>\n\t\t\t\t\t\t<div class=\"product-small box margin-auto has-hover box-normal box-text-bottom\">\n\t\t\t\t\t\t\t<div class=\"box-image\" >\n\t\t\t\t\t\t\t\t<div class=\"\" >\n\t\t\t\t\t\t\t\t\t<a href=\"https:\/\/schaumweinkontor.com\/en\/produkt\/christina-hugl-sans-souci-rose-2020-075-l\/\" aria-label=\"Christina Hugl Sans Souci Ros\u00e9 2020 0,75 L\">\n\t\t\t\t\t\t\t\t\t\t<img loading=\"lazy\" decoding=\"async\" width=\"300\" height=\"300\" src=\"https:\/\/schaumweinkontor.com\/wp-content\/uploads\/2022\/06\/Christina-Hugl-Sans-Souci-Rose-2020-075-L-300x300.png\" class=\"attachment-medium size-medium\" alt=\"Christina Hugl Sans Souci Ros\u00e9 2020 0,75 L\" srcset=\"https:\/\/schaumweinkontor.com\/wp-content\/uploads\/2022\/06\/Christina-Hugl-Sans-Souci-Rose-2020-075-L-300x300.png 300w, https:\/\/schaumweinkontor.com\/wp-content\/uploads\/2022\/06\/Christina-Hugl-Sans-Souci-Rose-2020-075-L-100x100.png 100w, https:\/\/schaumweinkontor.com\/wp-content\/uploads\/2022\/06\/Christina-Hugl-Sans-Souci-Rose-2020-075-L-510x510.png 510w, https:\/\/schaumweinkontor.com\/wp-content\/uploads\/2022\/06\/Christina-Hugl-Sans-Souci-Rose-2020-075-L-150x150.png 150w, https:\/\/schaumweinkontor.com\/wp-content\/uploads\/2022\/06\/Christina-Hugl-Sans-Souci-Rose-2020-075-L-768x768.png 768w, https:\/\/schaumweinkontor.com\/wp-content\/uploads\/2022\/06\/Christina-Hugl-Sans-Souci-Rose-2020-075-L.png 1000w\" sizes=\"auto, (max-width: 300px) 100vw, 300px\" \/>\t\t\t\t\t\t\t\t\t<\/a>\n\t\t\t\t\t\t\t\t\t\t\t\t\t\t\t\t\t\t \t\t\t\t\t\t\t\t<\/div>\n\t\t\t\t\t\t\t\t<div class=\"image-tools top right show-on-hover\">\n\t\t\t\t\t\t\t\t\t\t\t\t\t\t\t\t\t<\/div>\n\t\t\t\t\t\t\t\t\t\t\t\t\t\t\t\t\t<div class=\"image-tools grid-tools text-center hide-for-small bottom hover-slide-in show-on-hover\">\n\t\t\t\t\t\t\t\t\t\t\t\t\t\t\t\t\t\t\t<\/div>\n\t\t\t\t\t\t\t\t\t\t\t\t\t\t\t\t\t\t\t\t\t\t\t<\/div>\n\n\t\t\t\t\t\t\t<div class=\"box-text text-center\" style=\"padding:0px 0px 30px 0px;\">\n\t\t\t\t\t\t\t\t<div class=\"title-wrapper\">\t\t<p class=\"category uppercase is-smaller no-text-overflow product-cat op-7\">\n\t\t\tChristina Hugl\t\t<\/p>\n\t<p class=\"name product-title woocommerce-loop-product__title\"><a href=\"https:\/\/schaumweinkontor.com\/en\/produkt\/christina-hugl-sans-souci-rose-2020-075-l\/\" class=\"woocommerce-LoopProduct-link woocommerce-loop-product__link\">Christina Hugl Sans Souci Ros\u00e9 2020 0,75 L<\/a><\/p><\/div><div class=\"price-wrapper\">\n\t<span class=\"price\"><span class=\"woocommerce-Price-amount amount\" role=\"none\"><bdi><span class=\"woocommerce-Price-currencySymbol\">&euro;<\/span>&nbsp;21,00<\/bdi><\/span> <small class=\"woocommerce-price-suffix\">inkl. MwSt.<\/small><\/span>\n<\/div><div class=\"add-to-cart-button\"><a href=\"\/en\/wp-json\/wp\/v2\/pages\/4628?add-to-cart=4777\" aria-describedby=\"woocommerce_loop_add_to_cart_link_describedby_4777\" data-quantity=\"1\" class=\"primary is-small mb-0 button product_type_simple add_to_cart_button ajax_add_to_cart is-outline\" data-product_id=\"4777\" data-product_sku=\"100300210\" aria-label=\"Add to cart: &ldquo;Christina Hugl Sans Souci Ros\u00e9 2020 0,75 L&rdquo;\" rel=\"nofollow\" data-success_message=\"&ldquo;Christina Hugl Sans Souci Ros\u00e9 2020 0,75 L&rdquo; has been added to your cart\" role=\"button\">Add to cart<\/a><\/div>\t<span id=\"woocommerce_loop_add_to_cart_link_describedby_4777\" class=\"screen-reader-text\">\n\t\t\t<\/span>\n\t\t\t\t\t\t\t<\/div>\n\t\t\t\t\t\t<\/div>\n\t\t\t\t\t\t<\/div>\n\t\t\t\t\t<\/div><div class=\"col\" data-animate=\"fadeInUp\">\n\t\t\t\t\t\t<div class=\"col-inner\">\n\t\t\t\t\t\t\n<div class=\"badge-container badge-custom absolute right top z-1\">\n\n<\/div>\n\t\t\t\t\t\t<div class=\"product-small box margin-auto has-hover box-normal box-text-bottom\">\n\t\t\t\t\t\t\t<div class=\"box-image\" >\n\t\t\t\t\t\t\t\t<div class=\"\" >\n\t\t\t\t\t\t\t\t\t<a href=\"https:\/\/schaumweinkontor.com\/en\/produkt\/christina-hugl-sans-souci-gruener-veltliner-2020-075-l\/\" aria-label=\"Christina Hugl Sans Souci Gr\u00fcner Veltliner 2020 0,75 L\">\n\t\t\t\t\t\t\t\t\t\t<img loading=\"lazy\" decoding=\"async\" width=\"300\" height=\"300\" src=\"https:\/\/schaumweinkontor.com\/wp-content\/uploads\/2022\/06\/Christina-Hugl-Sans-Souci-Gruener-Veltliner-2020-075-L-300x300.png\" class=\"attachment-medium size-medium\" alt=\"Christina Hugl Sans Souci Gr\u00fcner Veltliner 2020 0,75 L\" srcset=\"https:\/\/schaumweinkontor.com\/wp-content\/uploads\/2022\/06\/Christina-Hugl-Sans-Souci-Gruener-Veltliner-2020-075-L-300x300.png 300w, https:\/\/schaumweinkontor.com\/wp-content\/uploads\/2022\/06\/Christina-Hugl-Sans-Souci-Gruener-Veltliner-2020-075-L-100x100.png 100w, https:\/\/schaumweinkontor.com\/wp-content\/uploads\/2022\/06\/Christina-Hugl-Sans-Souci-Gruener-Veltliner-2020-075-L-510x510.png 510w, https:\/\/schaumweinkontor.com\/wp-content\/uploads\/2022\/06\/Christina-Hugl-Sans-Souci-Gruener-Veltliner-2020-075-L-150x150.png 150w, https:\/\/schaumweinkontor.com\/wp-content\/uploads\/2022\/06\/Christina-Hugl-Sans-Souci-Gruener-Veltliner-2020-075-L-768x768.png 768w, https:\/\/schaumweinkontor.com\/wp-content\/uploads\/2022\/06\/Christina-Hugl-Sans-Souci-Gruener-Veltliner-2020-075-L.png 1000w\" sizes=\"auto, (max-width: 300px) 100vw, 300px\" \/>\t\t\t\t\t\t\t\t\t<\/a>\n\t\t\t\t\t\t\t\t\t\t\t\t\t\t\t\t\t\t \t\t\t\t\t\t\t\t<\/div>\n\t\t\t\t\t\t\t\t<div class=\"image-tools top right show-on-hover\">\n\t\t\t\t\t\t\t\t\t\t\t\t\t\t\t\t\t<\/div>\n\t\t\t\t\t\t\t\t\t\t\t\t\t\t\t\t\t<div class=\"image-tools grid-tools text-center hide-for-small bottom hover-slide-in show-on-hover\">\n\t\t\t\t\t\t\t\t\t\t\t\t\t\t\t\t\t\t\t<\/div>\n\t\t\t\t\t\t\t\t\t\t\t\t\t\t\t\t\t\t\t\t\t\t\t<\/div>\n\n\t\t\t\t\t\t\t<div class=\"box-text text-center\" style=\"padding:0px 0px 30px 0px;\">\n\t\t\t\t\t\t\t\t<div class=\"title-wrapper\">\t\t<p class=\"category uppercase is-smaller no-text-overflow product-cat op-7\">\n\t\t\tChristina Hugl\t\t<\/p>\n\t<p class=\"name product-title woocommerce-loop-product__title\"><a href=\"https:\/\/schaumweinkontor.com\/en\/produkt\/christina-hugl-sans-souci-gruener-veltliner-2020-075-l\/\" class=\"woocommerce-LoopProduct-link woocommerce-loop-product__link\">Christina Hugl Sans Souci Gr\u00fcner Veltliner 2020 0,75 L<\/a><\/p><\/div><div class=\"price-wrapper\">\n\t<span class=\"price\"><span class=\"woocommerce-Price-amount amount\" role=\"none\"><bdi><span class=\"woocommerce-Price-currencySymbol\">&euro;<\/span>&nbsp;21,00<\/bdi><\/span> <small class=\"woocommerce-price-suffix\">inkl. MwSt.<\/small><\/span>\n<\/div><div class=\"add-to-cart-button\"><a href=\"\/en\/wp-json\/wp\/v2\/pages\/4628?add-to-cart=4778\" aria-describedby=\"woocommerce_loop_add_to_cart_link_describedby_4778\" data-quantity=\"1\" class=\"primary is-small mb-0 button product_type_simple add_to_cart_button ajax_add_to_cart is-outline\" data-product_id=\"4778\" data-product_sku=\"100300209\" aria-label=\"Add to cart: &ldquo;Christina Hugl Sans Souci Gr\u00fcner Veltliner 2020 0,75 L&rdquo;\" rel=\"nofollow\" data-success_message=\"&ldquo;Christina Hugl Sans Souci Gr\u00fcner Veltliner 2020 0,75 L&rdquo; has been added to your cart\" role=\"button\">Add to cart<\/a><\/div>\t<span id=\"woocommerce_loop_add_to_cart_link_describedby_4778\" class=\"screen-reader-text\">\n\t\t\t<\/span>\n\t\t\t\t\t\t\t<\/div>\n\t\t\t\t\t\t<\/div>\n\t\t\t\t\t\t<\/div>\n\t\t\t\t\t<\/div><div class=\"col\" data-animate=\"fadeInUp\">\n\t\t\t\t\t\t<div class=\"col-inner\">\n\t\t\t\t\t\t\n<div class=\"badge-container badge-custom absolute right top z-1\">\n\n<\/div>\n\t\t\t\t\t\t<div class=\"product-small box margin-auto has-hover box-normal box-text-bottom\">\n\t\t\t\t\t\t\t<div class=\"box-image\" >\n\t\t\t\t\t\t\t\t<div class=\"\" >\n\t\t\t\t\t\t\t\t\t<a href=\"https:\/\/schaumweinkontor.com\/en\/produkt\/christina-hugl-blanc-de-blancs-reserve-2018-075-l\/\" aria-label=\"Christina Hugl Blanc de Blancs Reserve 2018 0,75 L\">\n\t\t\t\t\t\t\t\t\t\t<img loading=\"lazy\" decoding=\"async\" width=\"300\" height=\"300\" src=\"https:\/\/schaumweinkontor.com\/wp-content\/uploads\/2022\/06\/Christina-Hugl-Blanc-de-Blancs-Reserve-2018-075-L-300x300.png\" class=\"attachment-medium size-medium\" alt=\"Christina Hugl Blanc de Blancs Reserve 2018 0,75 L\" srcset=\"https:\/\/schaumweinkontor.com\/wp-content\/uploads\/2022\/06\/Christina-Hugl-Blanc-de-Blancs-Reserve-2018-075-L-300x300.png 300w, https:\/\/schaumweinkontor.com\/wp-content\/uploads\/2022\/06\/Christina-Hugl-Blanc-de-Blancs-Reserve-2018-075-L-100x100.png 100w, https:\/\/schaumweinkontor.com\/wp-content\/uploads\/2022\/06\/Christina-Hugl-Blanc-de-Blancs-Reserve-2018-075-L-510x510.png 510w, https:\/\/schaumweinkontor.com\/wp-content\/uploads\/2022\/06\/Christina-Hugl-Blanc-de-Blancs-Reserve-2018-075-L-150x150.png 150w, https:\/\/schaumweinkontor.com\/wp-content\/uploads\/2022\/06\/Christina-Hugl-Blanc-de-Blancs-Reserve-2018-075-L-768x768.png 768w, https:\/\/schaumweinkontor.com\/wp-content\/uploads\/2022\/06\/Christina-Hugl-Blanc-de-Blancs-Reserve-2018-075-L.png 1000w\" sizes=\"auto, (max-width: 300px) 100vw, 300px\" \/>\t\t\t\t\t\t\t\t\t<\/a>\n\t\t\t\t\t\t\t\t\t\t\t\t\t\t\t\t\t\t \t\t\t\t\t\t\t\t<\/div>\n\t\t\t\t\t\t\t\t<div class=\"image-tools top right show-on-hover\">\n\t\t\t\t\t\t\t\t\t\t\t\t\t\t\t\t\t<\/div>\n\t\t\t\t\t\t\t\t\t\t\t\t\t\t\t\t\t<div class=\"image-tools grid-tools text-center hide-for-small bottom hover-slide-in show-on-hover\">\n\t\t\t\t\t\t\t\t\t\t\t\t\t\t\t\t\t\t\t<\/div>\n\t\t\t\t\t\t\t\t\t\t\t\t\t\t\t\t\t\t\t\t\t\t\t<\/div>\n\n\t\t\t\t\t\t\t<div class=\"box-text text-center\" style=\"padding:0px 0px 30px 0px;\">\n\t\t\t\t\t\t\t\t<div class=\"title-wrapper\">\t\t<p class=\"category uppercase is-smaller no-text-overflow product-cat op-7\">\n\t\t\tChristina Hugl\t\t<\/p>\n\t<p class=\"name product-title woocommerce-loop-product__title\"><a href=\"https:\/\/schaumweinkontor.com\/en\/produkt\/christina-hugl-blanc-de-blancs-reserve-2018-075-l\/\" class=\"woocommerce-LoopProduct-link woocommerce-loop-product__link\">Christina Hugl Blanc de Blancs Reserve 2018 0,75 L<\/a><\/p><\/div><div class=\"price-wrapper\">\n\t<span class=\"price\"><span class=\"woocommerce-Price-amount amount\" role=\"none\"><bdi><span class=\"woocommerce-Price-currencySymbol\">&euro;<\/span>&nbsp;24,50<\/bdi><\/span> <small class=\"woocommerce-price-suffix\">inkl. MwSt.<\/small><\/span>\n<\/div><div class=\"add-to-cart-button\"><a href=\"\/en\/wp-json\/wp\/v2\/pages\/4628?add-to-cart=4775\" aria-describedby=\"woocommerce_loop_add_to_cart_link_describedby_4775\" data-quantity=\"1\" class=\"primary is-small mb-0 button product_type_simple add_to_cart_button ajax_add_to_cart is-outline\" data-product_id=\"4775\" data-product_sku=\"100300212\" aria-label=\"Add to cart: &ldquo;Christina Hugl Blanc de Blancs Reserve 2018 0,75 L&rdquo;\" rel=\"nofollow\" data-success_message=\"&ldquo;Christina Hugl Blanc de Blancs Reserve 2018 0,75 L&rdquo; has been added to your cart\" role=\"button\">Add to cart<\/a><\/div>\t<span id=\"woocommerce_loop_add_to_cart_link_describedby_4775\" class=\"screen-reader-text\">\n\t\t\t<\/span>\n\t\t\t\t\t\t\t<\/div>\n\t\t\t\t\t\t<\/div>\n\t\t\t\t\t\t<\/div>\n\t\t\t\t\t<\/div><div class=\"col\" data-animate=\"fadeInUp\">\n\t\t\t\t\t\t<div class=\"col-inner\">\n\t\t\t\t\t\t\n<div class=\"badge-container badge-custom absolute right top z-1\">\n\n<\/div>\n\t\t\t\t\t\t<div class=\"product-small box margin-auto has-hover box-normal box-text-bottom\">\n\t\t\t\t\t\t\t<div class=\"box-image\" >\n\t\t\t\t\t\t\t\t<div class=\"\" >\n\t\t\t\t\t\t\t\t\t<a href=\"https:\/\/schaumweinkontor.com\/en\/produkt\/christina-hugl-blanc-de-noir-reserve-2018-075-l\/\" aria-label=\"Christina Hugl Blanc de Noir Reserve 2018 0,75 L\">\n\t\t\t\t\t\t\t\t\t\t<img loading=\"lazy\" decoding=\"async\" width=\"300\" height=\"300\" src=\"https:\/\/schaumweinkontor.com\/wp-content\/uploads\/2022\/06\/Christina-Hugl-Blanc-de-Noir-Reserve-2018-075-L-300x300.png\" class=\"attachment-medium size-medium\" alt=\"Christina Hugl Blanc de Noir Reserve 2018 0,75 L\" srcset=\"https:\/\/schaumweinkontor.com\/wp-content\/uploads\/2022\/06\/Christina-Hugl-Blanc-de-Noir-Reserve-2018-075-L-300x300.png 300w, https:\/\/schaumweinkontor.com\/wp-content\/uploads\/2022\/06\/Christina-Hugl-Blanc-de-Noir-Reserve-2018-075-L-100x100.png 100w, https:\/\/schaumweinkontor.com\/wp-content\/uploads\/2022\/06\/Christina-Hugl-Blanc-de-Noir-Reserve-2018-075-L-510x510.png 510w, https:\/\/schaumweinkontor.com\/wp-content\/uploads\/2022\/06\/Christina-Hugl-Blanc-de-Noir-Reserve-2018-075-L-150x150.png 150w, https:\/\/schaumweinkontor.com\/wp-content\/uploads\/2022\/06\/Christina-Hugl-Blanc-de-Noir-Reserve-2018-075-L-768x768.png 768w, https:\/\/schaumweinkontor.com\/wp-content\/uploads\/2022\/06\/Christina-Hugl-Blanc-de-Noir-Reserve-2018-075-L.png 1000w\" sizes=\"auto, (max-width: 300px) 100vw, 300px\" \/>\t\t\t\t\t\t\t\t\t<\/a>\n\t\t\t\t\t\t\t\t\t\t\t\t\t\t\t\t\t\t \t\t\t\t\t\t\t\t<\/div>\n\t\t\t\t\t\t\t\t<div class=\"image-tools top right show-on-hover\">\n\t\t\t\t\t\t\t\t\t\t\t\t\t\t\t\t\t<\/div>\n\t\t\t\t\t\t\t\t\t\t\t\t\t\t\t\t\t<div class=\"image-tools grid-tools text-center hide-for-small bottom hover-slide-in show-on-hover\">\n\t\t\t\t\t\t\t\t\t\t\t\t\t\t\t\t\t\t\t<\/div>\n\t\t\t\t\t\t\t\t\t\t\t\t\t\t\t\t\t\t\t\t\t\t\t<\/div>\n\n\t\t\t\t\t\t\t<div class=\"box-text text-center\" style=\"padding:0px 0px 30px 0px;\">\n\t\t\t\t\t\t\t\t<div class=\"title-wrapper\">\t\t<p class=\"category uppercase is-smaller no-text-overflow product-cat op-7\">\n\t\t\tChristina Hugl\t\t<\/p>\n\t<p class=\"name product-title woocommerce-loop-product__title\"><a href=\"https:\/\/schaumweinkontor.com\/en\/produkt\/christina-hugl-blanc-de-noir-reserve-2018-075-l\/\" class=\"woocommerce-LoopProduct-link woocommerce-loop-product__link\">Christina Hugl Blanc de Noir Reserve 2018 0,75 L<\/a><\/p><\/div><div class=\"price-wrapper\">\n\t<span class=\"price\"><span class=\"woocommerce-Price-amount amount\" role=\"none\"><bdi><span class=\"woocommerce-Price-currencySymbol\">&euro;<\/span>&nbsp;24,50<\/bdi><\/span> <small class=\"woocommerce-price-suffix\">inkl. MwSt.<\/small><\/span>\n<\/div><div class=\"add-to-cart-button\"><a href=\"\/en\/wp-json\/wp\/v2\/pages\/4628?add-to-cart=4776\" aria-describedby=\"woocommerce_loop_add_to_cart_link_describedby_4776\" data-quantity=\"1\" class=\"primary is-small mb-0 button product_type_simple add_to_cart_button ajax_add_to_cart is-outline\" data-product_id=\"4776\" data-product_sku=\"100300211\" aria-label=\"Add to cart: &ldquo;Christina Hugl Blanc de Noir Reserve 2018 0,75 L&rdquo;\" rel=\"nofollow\" data-success_message=\"&ldquo;Christina Hugl Blanc de Noir Reserve 2018 0,75 L&rdquo; has been added to your cart\" role=\"button\">Add to cart<\/a><\/div>\t<span id=\"woocommerce_loop_add_to_cart_link_describedby_4776\" class=\"screen-reader-text\">\n\t\t\t<\/span>\n\t\t\t\t\t\t\t<\/div>\n\t\t\t\t\t\t<\/div>\n\t\t\t\t\t\t<\/div>\n\t\t\t\t\t<\/div><div class=\"col\" data-animate=\"fadeInUp\">\n\t\t\t\t\t\t<div class=\"col-inner\">\n\t\t\t\t\t\t\n<div class=\"badge-container badge-custom absolute right top z-1\">\n\n<\/div>\n\t\t\t\t\t\t<div class=\"product-small box margin-auto has-hover box-normal box-text-bottom\">\n\t\t\t\t\t\t\t<div class=\"box-image\" >\n\t\t\t\t\t\t\t\t<div class=\"\" >\n\t\t\t\t\t\t\t\t\t<a href=\"https:\/\/schaumweinkontor.com\/en\/produkt\/christina-hugl-blanc-de-blancs-reserve-2018-15-l-magnum\/\" aria-label=\"Christina Hugl Blanc de Blancs Reserve 2018 1,5 L Magnum\">\n\t\t\t\t\t\t\t\t\t\t<img loading=\"lazy\" decoding=\"async\" width=\"300\" height=\"300\" src=\"https:\/\/schaumweinkontor.com\/wp-content\/uploads\/2022\/11\/Christina-Hugl-Blanc-de-Blancs-Reserve-2018-15-L-Magnum-1-300x300.png\" class=\"attachment-medium size-medium\" alt=\"Christina Hugl Blanc de Blancs Reserve 2018 1,5 L Magnum\" srcset=\"https:\/\/schaumweinkontor.com\/wp-content\/uploads\/2022\/11\/Christina-Hugl-Blanc-de-Blancs-Reserve-2018-15-L-Magnum-1-300x300.png 300w, https:\/\/schaumweinkontor.com\/wp-content\/uploads\/2022\/11\/Christina-Hugl-Blanc-de-Blancs-Reserve-2018-15-L-Magnum-1-100x100.png 100w, https:\/\/schaumweinkontor.com\/wp-content\/uploads\/2022\/11\/Christina-Hugl-Blanc-de-Blancs-Reserve-2018-15-L-Magnum-1-510x510.png 510w, https:\/\/schaumweinkontor.com\/wp-content\/uploads\/2022\/11\/Christina-Hugl-Blanc-de-Blancs-Reserve-2018-15-L-Magnum-1-150x150.png 150w, https:\/\/schaumweinkontor.com\/wp-content\/uploads\/2022\/11\/Christina-Hugl-Blanc-de-Blancs-Reserve-2018-15-L-Magnum-1-768x768.png 768w, https:\/\/schaumweinkontor.com\/wp-content\/uploads\/2022\/11\/Christina-Hugl-Blanc-de-Blancs-Reserve-2018-15-L-Magnum-1.png 1000w\" sizes=\"auto, (max-width: 300px) 100vw, 300px\" \/>\t\t\t\t\t\t\t\t\t<\/a>\n\t\t\t\t\t\t\t\t\t\t\t\t\t\t\t\t\t\t \t\t\t\t\t\t\t\t<\/div>\n\t\t\t\t\t\t\t\t<div class=\"image-tools top right show-on-hover\">\n\t\t\t\t\t\t\t\t\t\t\t\t\t\t\t\t\t<\/div>\n\t\t\t\t\t\t\t\t\t\t\t\t\t\t\t\t\t<div class=\"image-tools grid-tools text-center hide-for-small bottom hover-slide-in show-on-hover\">\n\t\t\t\t\t\t\t\t\t\t\t\t\t\t\t\t\t\t\t<\/div>\n\t\t\t\t\t\t\t\t\t\t\t\t\t\t\t\t\t\t\t\t\t\t\t<\/div>\n\n\t\t\t\t\t\t\t<div class=\"box-text text-center\" style=\"padding:0px 0px 30px 0px;\">\n\t\t\t\t\t\t\t\t<div class=\"title-wrapper\">\t\t<p class=\"category uppercase is-smaller no-text-overflow product-cat op-7\">\n\t\t\tChristina Hugl\t\t<\/p>\n\t<p class=\"name product-title woocommerce-loop-product__title\"><a href=\"https:\/\/schaumweinkontor.com\/en\/produkt\/christina-hugl-blanc-de-blancs-reserve-2018-15-l-magnum\/\" class=\"woocommerce-LoopProduct-link woocommerce-loop-product__link\">Christina Hugl Blanc de Blancs Reserve 2018 1,5 L Magnum<\/a><\/p><\/div><div class=\"price-wrapper\">\n\t<span class=\"price\"><span class=\"woocommerce-Price-amount amount\" role=\"none\"><bdi><span class=\"woocommerce-Price-currencySymbol\">&euro;<\/span>&nbsp;45,00<\/bdi><\/span> <small class=\"woocommerce-price-suffix\">inkl. MwSt.<\/small><\/span>\n<\/div><div class=\"add-to-cart-button\"><a href=\"\/en\/wp-json\/wp\/v2\/pages\/4628?add-to-cart=4718\" aria-describedby=\"woocommerce_loop_add_to_cart_link_describedby_4718\" data-quantity=\"1\" class=\"primary is-small mb-0 button product_type_simple add_to_cart_button ajax_add_to_cart is-outline\" data-product_id=\"4718\" data-product_sku=\"100300213\" aria-label=\"Add to cart: &ldquo;Christina Hugl Blanc de Blancs Reserve 2018 1,5 L Magnum&rdquo;\" rel=\"nofollow\" data-success_message=\"&ldquo;Christina Hugl Blanc de Blancs Reserve 2018 1,5 L Magnum&rdquo; has been added to your cart\" role=\"button\">Add to cart<\/a><\/div>\t<span id=\"woocommerce_loop_add_to_cart_link_describedby_4718\" class=\"screen-reader-text\">\n\t\t\t<\/span>\n\t\t\t\t\t\t\t<\/div>\n\t\t\t\t\t\t<\/div>\n\t\t\t\t\t\t<\/div>\n\t\t\t\t\t<\/div><\/div>\n\n\n\t\t<\/div>\n\t\t\t\t\t<\/div>\n\n\t\n\n\n<style>\n#row-298336509 > .col > .col-inner {\n  padding: 20px 0px 0px 0px;\n}\n<\/style>\n<\/div>\n<div class=\"text-center\"><div class=\"is-divider divider clearfix\" style=\"margin-top:3em;margin-bottom:3em;max-width:100%;height:2px;background-color:rgba(183, 149, 73, 0.419);\"><\/div><\/div>\n\n\t<section class=\"section bg_winzer\" id=\"section_1478430568\">\n\t\t<div class=\"bg section-bg fill bg-fill  \" >\n\n\t\t\t\n\t\t\t\n\t\t\t\n\n\t\t<\/div>\n\n\t\t\n\n\t\t<div class=\"section-content relative\">\n\t\t\t\n\n<div class=\"row row-full-width align-middle align-center\"  id=\"row-1442652739\">\n\n\n\t<div id=\"col-563258670\" class=\"col small-12 large-12\"  >\n\t\t\t\t<div class=\"col-inner\"  >\n\t\t\t\n\t\t\t\n\n<h2 id=\"hardegg\" class=\"uppercase\" style=\"text-align: center;\">Graf Hardegg<\/h2>\n\n\t\t<\/div>\n\t\t\t\t\t<\/div>\n\n\t\n\n\n<style>\n#row-1442652739 > .col > .col-inner {\n  padding: 15px 0px 0px 0px;\n}\n<\/style>\n<\/div>\n\n\t\t<\/div>\n\n\t\t\n<style>\n#section_1478430568 {\n  padding-top: 20px;\n  padding-bottom: 20px;\n  margin-bottom: 30px;\n}\n#section_1478430568 .section-bg.bg-loaded {\n  background-image: url(https:\/\/schaumweinkontor.com\/wp-content\/uploads\/2022\/06\/landscape-illu-gold-transp.png);\n}\n<\/style>\n\t<\/section>\n\t\n<div class=\"row row-full-width align-middle align-center\"  id=\"row-1559948417\">\n\n\n\t<div id=\"col-1810573701\" class=\"col small-12 large-12\"  >\n\t\t\t\t<div class=\"col-inner\"  >\n\t\t\t\n\t\t\t\n\n\n  \n    <div class=\"row margin-auto equalize-box large-columns-3 medium-columns- small-columns-2 row-large has-shadow row-box-shadow-2 row-box-shadow-4-hover\" >\n  \t\n\t     <div class=\"col\" data-animate=\"fadeInUp\">\n\t\t\t\t\t\t<div class=\"col-inner\">\n\t\t\t\t\t\t\n<div class=\"badge-container badge-custom absolute right top z-1\">\n\n<\/div>\n\t\t\t\t\t\t<div class=\"product-small box margin-auto has-hover box-normal box-text-bottom\">\n\t\t\t\t\t\t\t<div class=\"box-image\" >\n\t\t\t\t\t\t\t\t<div class=\"\" >\n\t\t\t\t\t\t\t\t\t<a href=\"https:\/\/schaumweinkontor.com\/en\/produkt\/graf-hardegg-brut-grande-reserve-2019-075-l\/\" aria-label=\"Graf Hardegg Brut Grande Reserve 2019 0,75 L\">\n\t\t\t\t\t\t\t\t\t\t<img loading=\"lazy\" decoding=\"async\" width=\"300\" height=\"300\" src=\"https:\/\/schaumweinkontor.com\/wp-content\/uploads\/2022\/12\/3-300x300.png\" class=\"attachment-medium size-medium\" alt=\"Graf Hardegg Brut Grande Reserve 2019 0,75 L\" srcset=\"https:\/\/schaumweinkontor.com\/wp-content\/uploads\/2022\/12\/3-300x300.png 300w, https:\/\/schaumweinkontor.com\/wp-content\/uploads\/2022\/12\/3-100x100.png 100w, https:\/\/schaumweinkontor.com\/wp-content\/uploads\/2022\/12\/3-510x510.png 510w, https:\/\/schaumweinkontor.com\/wp-content\/uploads\/2022\/12\/3-150x150.png 150w, https:\/\/schaumweinkontor.com\/wp-content\/uploads\/2022\/12\/3-768x768.png 768w, https:\/\/schaumweinkontor.com\/wp-content\/uploads\/2022\/12\/3.png 1000w\" sizes=\"auto, (max-width: 300px) 100vw, 300px\" \/>\t\t\t\t\t\t\t\t\t<\/a>\n\t\t\t\t\t\t\t\t\t\t\t\t\t\t\t\t\t\t \t\t\t\t\t\t\t\t<\/div>\n\t\t\t\t\t\t\t\t<div class=\"image-tools top right show-on-hover\">\n\t\t\t\t\t\t\t\t\t\t\t\t\t\t\t\t\t<\/div>\n\t\t\t\t\t\t\t\t\t\t\t\t\t\t\t\t\t<div class=\"image-tools grid-tools text-center hide-for-small bottom hover-slide-in show-on-hover\">\n\t\t\t\t\t\t\t\t\t\t\t\t\t\t\t\t\t\t\t<\/div>\n\t\t\t\t\t\t\t\t\t\t\t\t\t\t\t\t\t\t\t\t\t\t\t<\/div>\n\n\t\t\t\t\t\t\t<div class=\"box-text text-center\" style=\"padding:0px 0px 30px 0px;\">\n\t\t\t\t\t\t\t\t<div class=\"title-wrapper\">\t\t<p class=\"category uppercase is-smaller no-text-overflow product-cat op-7\">\n\t\t\tGraf Hardegg\t\t<\/p>\n\t<p class=\"name product-title woocommerce-loop-product__title\"><a href=\"https:\/\/schaumweinkontor.com\/en\/produkt\/graf-hardegg-brut-grande-reserve-2019-075-l\/\" class=\"woocommerce-LoopProduct-link woocommerce-loop-product__link\">Graf Hardegg Brut Grande Reserve 2019 0,75 L<\/a><\/p><\/div><div class=\"price-wrapper\">\n\t<span class=\"price\"><span class=\"woocommerce-Price-amount amount\" role=\"none\"><bdi><span class=\"woocommerce-Price-currencySymbol\">&euro;<\/span>&nbsp;14,40<\/bdi><\/span> <small class=\"woocommerce-price-suffix\">inkl. MwSt.<\/small><\/span>\n<\/div><div class=\"add-to-cart-button\"><a href=\"\/en\/wp-json\/wp\/v2\/pages\/4628?add-to-cart=4717\" aria-describedby=\"woocommerce_loop_add_to_cart_link_describedby_4717\" data-quantity=\"1\" class=\"primary is-small mb-0 button product_type_simple add_to_cart_button ajax_add_to_cart is-outline\" data-product_id=\"4717\" data-product_sku=\"100300300\" aria-label=\"Add to cart: &ldquo;Graf Hardegg Brut Grande Reserve 2019 0,75 L&rdquo;\" rel=\"nofollow\" data-success_message=\"&ldquo;Graf Hardegg Brut Grande Reserve 2019 0,75 L&rdquo; has been added to your cart\" role=\"button\">Add to cart<\/a><\/div>\t<span id=\"woocommerce_loop_add_to_cart_link_describedby_4717\" class=\"screen-reader-text\">\n\t\t\t<\/span>\n\t\t\t\t\t\t\t<\/div>\n\t\t\t\t\t\t<\/div>\n\t\t\t\t\t\t<\/div>\n\t\t\t\t\t<\/div><div class=\"col\" data-animate=\"fadeInUp\">\n\t\t\t\t\t\t<div class=\"col-inner\">\n\t\t\t\t\t\t\n<div class=\"badge-container badge-custom absolute right top z-1\">\n\n<\/div>\n\t\t\t\t\t\t<div class=\"product-small box margin-auto has-hover box-normal box-text-bottom\">\n\t\t\t\t\t\t\t<div class=\"box-image\" >\n\t\t\t\t\t\t\t\t<div class=\"\" >\n\t\t\t\t\t\t\t\t\t<a href=\"https:\/\/schaumweinkontor.com\/en\/produkt\/graf-hardegg-brut-rose-2019-075-l\/\" aria-label=\"Graf Hardegg Brut Ros\u00e9 2019 0,75 L\">\n\t\t\t\t\t\t\t\t\t\t<img loading=\"lazy\" decoding=\"async\" width=\"300\" height=\"300\" src=\"https:\/\/schaumweinkontor.com\/wp-content\/uploads\/2022\/12\/2-300x300.png\" class=\"attachment-medium size-medium\" alt=\"Graf Hardegg Brut Ros\u00e9 2019 0,75 L\" srcset=\"https:\/\/schaumweinkontor.com\/wp-content\/uploads\/2022\/12\/2-300x300.png 300w, https:\/\/schaumweinkontor.com\/wp-content\/uploads\/2022\/12\/2-100x100.png 100w, https:\/\/schaumweinkontor.com\/wp-content\/uploads\/2022\/12\/2-510x510.png 510w, https:\/\/schaumweinkontor.com\/wp-content\/uploads\/2022\/12\/2-150x150.png 150w, https:\/\/schaumweinkontor.com\/wp-content\/uploads\/2022\/12\/2-768x768.png 768w, https:\/\/schaumweinkontor.com\/wp-content\/uploads\/2022\/12\/2.png 1000w\" sizes=\"auto, (max-width: 300px) 100vw, 300px\" \/>\t\t\t\t\t\t\t\t\t<\/a>\n\t\t\t\t\t\t\t\t\t\t\t\t\t\t\t\t\t\t \t\t\t\t\t\t\t\t<\/div>\n\t\t\t\t\t\t\t\t<div class=\"image-tools top right show-on-hover\">\n\t\t\t\t\t\t\t\t\t\t\t\t\t\t\t\t\t<\/div>\n\t\t\t\t\t\t\t\t\t\t\t\t\t\t\t\t\t<div class=\"image-tools grid-tools text-center hide-for-small bottom hover-slide-in show-on-hover\">\n\t\t\t\t\t\t\t\t\t\t\t\t\t\t\t\t\t\t\t<\/div>\n\t\t\t\t\t\t\t\t\t\t\t\t\t\t\t\t\t\t\t\t\t\t\t<\/div>\n\n\t\t\t\t\t\t\t<div class=\"box-text text-center\" style=\"padding:0px 0px 30px 0px;\">\n\t\t\t\t\t\t\t\t<div class=\"title-wrapper\">\t\t<p class=\"category uppercase is-smaller no-text-overflow product-cat op-7\">\n\t\t\tGraf Hardegg\t\t<\/p>\n\t<p class=\"name product-title woocommerce-loop-product__title\"><a href=\"https:\/\/schaumweinkontor.com\/en\/produkt\/graf-hardegg-brut-rose-2019-075-l\/\" class=\"woocommerce-LoopProduct-link woocommerce-loop-product__link\">Graf Hardegg Brut Ros\u00e9 2019 0,75 L<\/a><\/p><\/div><div class=\"price-wrapper\">\n\t<span class=\"price\"><span class=\"woocommerce-Price-amount amount\" role=\"none\"><bdi><span class=\"woocommerce-Price-currencySymbol\">&euro;<\/span>&nbsp;22,60<\/bdi><\/span> <small class=\"woocommerce-price-suffix\">inkl. MwSt.<\/small><\/span>\n<\/div><div class=\"add-to-cart-button\"><a href=\"\/en\/wp-json\/wp\/v2\/pages\/4628?add-to-cart=4716\" aria-describedby=\"woocommerce_loop_add_to_cart_link_describedby_4716\" data-quantity=\"1\" class=\"primary is-small mb-0 button product_type_simple add_to_cart_button ajax_add_to_cart is-outline\" data-product_id=\"4716\" data-product_sku=\"100300301\" aria-label=\"Add to cart: &ldquo;Graf Hardegg Brut Ros\u00e9 2019 0,75 L&rdquo;\" rel=\"nofollow\" data-success_message=\"&ldquo;Graf Hardegg Brut Ros\u00e9 2019 0,75 L&rdquo; has been added to your cart\" role=\"button\">Add to cart<\/a><\/div>\t<span id=\"woocommerce_loop_add_to_cart_link_describedby_4716\" class=\"screen-reader-text\">\n\t\t\t<\/span>\n\t\t\t\t\t\t\t<\/div>\n\t\t\t\t\t\t<\/div>\n\t\t\t\t\t\t<\/div>\n\t\t\t\t\t<\/div><div class=\"col\" data-animate=\"fadeInUp\">\n\t\t\t\t\t\t<div class=\"col-inner\">\n\t\t\t\t\t\t\n<div class=\"badge-container badge-custom absolute right top z-1\">\n\n<\/div>\n\t\t\t\t\t\t<div class=\"product-small box margin-auto has-hover box-normal box-text-bottom\">\n\t\t\t\t\t\t\t<div class=\"box-image\" >\n\t\t\t\t\t\t\t\t<div class=\"\" >\n\t\t\t\t\t\t\t\t\t<a href=\"https:\/\/schaumweinkontor.com\/en\/produkt\/graf-hardegg-v-brut-nature-2019-075-l\/\" aria-label=\"Graf Hardegg V Brut Nature 2019 0,75 L\">\n\t\t\t\t\t\t\t\t\t\t<img loading=\"lazy\" decoding=\"async\" width=\"300\" height=\"300\" src=\"https:\/\/schaumweinkontor.com\/wp-content\/uploads\/2022\/12\/1-300x300.png\" class=\"attachment-medium size-medium\" alt=\"Graf Hardegg V Brut Nature 2019 0,75 L\" srcset=\"https:\/\/schaumweinkontor.com\/wp-content\/uploads\/2022\/12\/1-300x300.png 300w, https:\/\/schaumweinkontor.com\/wp-content\/uploads\/2022\/12\/1-100x100.png 100w, https:\/\/schaumweinkontor.com\/wp-content\/uploads\/2022\/12\/1-510x510.png 510w, https:\/\/schaumweinkontor.com\/wp-content\/uploads\/2022\/12\/1-150x150.png 150w, https:\/\/schaumweinkontor.com\/wp-content\/uploads\/2022\/12\/1-768x768.png 768w, https:\/\/schaumweinkontor.com\/wp-content\/uploads\/2022\/12\/1.png 1000w\" sizes=\"auto, (max-width: 300px) 100vw, 300px\" \/>\t\t\t\t\t\t\t\t\t<\/a>\n\t\t\t\t\t\t\t\t\t\t\t\t\t\t\t\t\t\t \t\t\t\t\t\t\t\t<\/div>\n\t\t\t\t\t\t\t\t<div class=\"image-tools top right show-on-hover\">\n\t\t\t\t\t\t\t\t\t\t\t\t\t\t\t\t\t<\/div>\n\t\t\t\t\t\t\t\t\t\t\t\t\t\t\t\t\t<div class=\"image-tools grid-tools text-center hide-for-small bottom hover-slide-in show-on-hover\">\n\t\t\t\t\t\t\t\t\t\t\t\t\t\t\t\t\t\t\t<\/div>\n\t\t\t\t\t\t\t\t\t\t\t\t\t\t\t\t\t\t\t\t\t\t\t<\/div>\n\n\t\t\t\t\t\t\t<div class=\"box-text text-center\" style=\"padding:0px 0px 30px 0px;\">\n\t\t\t\t\t\t\t\t<div class=\"title-wrapper\">\t\t<p class=\"category uppercase is-smaller no-text-overflow product-cat op-7\">\n\t\t\tGraf Hardegg\t\t<\/p>\n\t<p class=\"name product-title woocommerce-loop-product__title\"><a href=\"https:\/\/schaumweinkontor.com\/en\/produkt\/graf-hardegg-v-brut-nature-2019-075-l\/\" class=\"woocommerce-LoopProduct-link woocommerce-loop-product__link\">Graf Hardegg V Brut Nature 2019 0,75 L<\/a><\/p><\/div><div class=\"price-wrapper\">\n\t<span class=\"price\"><span class=\"woocommerce-Price-amount amount\" role=\"none\"><bdi><span class=\"woocommerce-Price-currencySymbol\">&euro;<\/span>&nbsp;32,60<\/bdi><\/span> <small class=\"woocommerce-price-suffix\">inkl. MwSt.<\/small><\/span>\n<\/div><div class=\"add-to-cart-button\"><a href=\"\/en\/wp-json\/wp\/v2\/pages\/4628?add-to-cart=4715\" aria-describedby=\"woocommerce_loop_add_to_cart_link_describedby_4715\" data-quantity=\"1\" class=\"primary is-small mb-0 button product_type_simple add_to_cart_button ajax_add_to_cart is-outline\" data-product_id=\"4715\" data-product_sku=\"100300302\" aria-label=\"Add to cart: &ldquo;Graf Hardegg V Brut Nature 2019 0,75 L&rdquo;\" rel=\"nofollow\" data-success_message=\"&ldquo;Graf Hardegg V Brut Nature 2019 0,75 L&rdquo; has been added to your cart\" role=\"button\">Add to cart<\/a><\/div>\t<span id=\"woocommerce_loop_add_to_cart_link_describedby_4715\" class=\"screen-reader-text\">\n\t\t\t<\/span>\n\t\t\t\t\t\t\t<\/div>\n\t\t\t\t\t\t<\/div>\n\t\t\t\t\t\t<\/div>\n\t\t\t\t\t<\/div><div class=\"col\" data-animate=\"fadeInUp\">\n\t\t\t\t\t\t<div class=\"col-inner\">\n\t\t\t\t\t\t\n<div class=\"badge-container badge-custom absolute right top z-1\">\n\n<\/div>\n\t\t\t\t\t\t<div class=\"product-small box margin-auto has-hover box-normal box-text-bottom\">\n\t\t\t\t\t\t\t<div class=\"box-image\" >\n\t\t\t\t\t\t\t\t<div class=\"\" >\n\t\t\t\t\t\t\t\t\t<a href=\"https:\/\/schaumweinkontor.com\/en\/produkt\/graf-hardegg-tasting-package\/\" aria-label=\"Graf Hardegg Tasting package\">\n\t\t\t\t\t\t\t\t\t\t<img loading=\"lazy\" decoding=\"async\" width=\"300\" height=\"300\" src=\"https:\/\/schaumweinkontor.com\/wp-content\/uploads\/2023\/07\/hardegg-aktion-1000x1000px-300x300.png\" class=\"attachment-medium size-medium\" alt=\"Graf Hardegg Tasting package\" srcset=\"https:\/\/schaumweinkontor.com\/wp-content\/uploads\/2023\/07\/hardegg-aktion-1000x1000px-300x300.png 300w, https:\/\/schaumweinkontor.com\/wp-content\/uploads\/2023\/07\/hardegg-aktion-1000x1000px-100x100.png 100w, https:\/\/schaumweinkontor.com\/wp-content\/uploads\/2023\/07\/hardegg-aktion-1000x1000px-510x510.png 510w, https:\/\/schaumweinkontor.com\/wp-content\/uploads\/2023\/07\/hardegg-aktion-1000x1000px-150x150.png 150w, https:\/\/schaumweinkontor.com\/wp-content\/uploads\/2023\/07\/hardegg-aktion-1000x1000px-768x768.png 768w, https:\/\/schaumweinkontor.com\/wp-content\/uploads\/2023\/07\/hardegg-aktion-1000x1000px.png 1000w\" sizes=\"auto, (max-width: 300px) 100vw, 300px\" \/>\t\t\t\t\t\t\t\t\t<\/a>\n\t\t\t\t\t\t\t\t\t\t\t\t\t\t\t\t\t\t \t\t\t\t\t\t\t\t<\/div>\n\t\t\t\t\t\t\t\t<div class=\"image-tools top right show-on-hover\">\n\t\t\t\t\t\t\t\t\t\t\t\t\t\t\t\t\t<\/div>\n\t\t\t\t\t\t\t\t\t\t\t\t\t\t\t\t\t<div class=\"image-tools grid-tools text-center hide-for-small bottom hover-slide-in show-on-hover\">\n\t\t\t\t\t\t\t\t\t\t\t\t\t\t\t\t\t\t\t<\/div>\n\t\t\t\t\t\t\t\t\t\t\t\t\t\t\t\t\t\t\t\t\t\t\t<\/div>\n\n\t\t\t\t\t\t\t<div class=\"box-text text-center\" style=\"padding:0px 0px 30px 0px;\">\n\t\t\t\t\t\t\t\t<div class=\"title-wrapper\">\t\t<p class=\"category uppercase is-smaller no-text-overflow product-cat op-7\">\n\t\t\tGraf Hardegg\t\t<\/p>\n\t<p class=\"name product-title woocommerce-loop-product__title\"><a href=\"https:\/\/schaumweinkontor.com\/en\/produkt\/graf-hardegg-tasting-package\/\" class=\"woocommerce-LoopProduct-link woocommerce-loop-product__link\">Graf Hardegg Tasting package<\/a><\/p><\/div><div class=\"price-wrapper\">\n\t<span class=\"price\"><span class=\"woocommerce-Price-amount amount\" role=\"none\"><bdi><span class=\"woocommerce-Price-currencySymbol\">&euro;<\/span>&nbsp;69,00<\/bdi><\/span> <small class=\"woocommerce-price-suffix\">inkl. MwSt.<\/small><\/span>\n<\/div><div class=\"add-to-cart-button\"><a href=\"\/en\/wp-json\/wp\/v2\/pages\/4628?add-to-cart=4663\" aria-describedby=\"woocommerce_loop_add_to_cart_link_describedby_4663\" data-quantity=\"1\" class=\"primary is-small mb-0 button product_type_simple add_to_cart_button ajax_add_to_cart is-outline\" data-product_id=\"4663\" data-product_sku=\"\" aria-label=\"Add to cart: &ldquo;Graf Hardegg Tasting package&rdquo;\" rel=\"nofollow\" data-success_message=\"&ldquo;Graf Hardegg Tasting package&rdquo; has been added to your cart\" role=\"button\">Add to cart<\/a><\/div>\t<span id=\"woocommerce_loop_add_to_cart_link_describedby_4663\" class=\"screen-reader-text\">\n\t\t\t<\/span>\n\t\t\t\t\t\t\t<\/div>\n\t\t\t\t\t\t<\/div>\n\t\t\t\t\t\t<\/div>\n\t\t\t\t\t<\/div><\/div>\n\n\n\t\t<\/div>\n\t\t\t\t\t<\/div>\n\n\t\n\n\n<style>\n#row-1559948417 > .col > .col-inner {\n  padding: 20px 0px 0px 0px;\n}\n<\/style>\n<\/div>\n<div class=\"text-center\"><div class=\"is-divider divider clearfix\" style=\"margin-top:3em;margin-bottom:3em;max-width:100%;height:2px;background-color:rgba(183, 149, 73, 0.419);\"><\/div><\/div>\n\n\t<section class=\"section bg_winzer\" id=\"section_1609499819\">\n\t\t<div class=\"bg section-bg fill bg-fill  \" >\n\n\t\t\t\n\t\t\t\n\t\t\t\n\n\t\t<\/div>\n\n\t\t\n\n\t\t<div class=\"section-content relative\">\n\t\t\t\n\n<div class=\"row row-full-width align-middle align-center\"  id=\"row-255470844\">\n\n\n\t<div id=\"col-774416975\" class=\"col small-12 large-12\"  >\n\t\t\t\t<div class=\"col-inner\"  >\n\t\t\t\n\t\t\t\n\n<h2 id=\"loimer\" class=\"uppercase\" style=\"text-align: center;\">Loimer<\/h2>\n\n\n\t\t<\/div>\n\t\t\t\t\t<\/div>\n\n\t\n\n\n<style>\n#row-255470844 > .col > .col-inner {\n  padding: 15px 0px 0px 0px;\n}\n<\/style>\n<\/div>\n\n\t\t<\/div>\n\n\t\t\n<style>\n#section_1609499819 {\n  padding-top: 20px;\n  padding-bottom: 20px;\n  margin-bottom: 30px;\n}\n#section_1609499819 .section-bg.bg-loaded {\n  background-image: url(https:\/\/schaumweinkontor.com\/wp-content\/uploads\/2022\/06\/landscape-illu-gold-transp.png);\n}\n<\/style>\n\t<\/section>\n\t\n<div class=\"row row-full-width align-middle align-center\"  id=\"row-43408017\">\n\n\n\t<div id=\"col-516238547\" class=\"col small-12 large-12\"  >\n\t\t\t\t<div class=\"col-inner\"  >\n\t\t\t\n\t\t\t\n\n\n  \n    <div class=\"row margin-auto equalize-box large-columns-3 medium-columns- small-columns-2 row-large has-shadow row-box-shadow-2 row-box-shadow-4-hover\" >\n  \t\n\t     <div class=\"col\" data-animate=\"fadeInUp\">\n\t\t\t\t\t\t<div class=\"col-inner\">\n\t\t\t\t\t\t\n<div class=\"badge-container badge-custom absolute right top z-1\">\n\n<\/div>\n\t\t\t\t\t\t<div class=\"product-small box margin-auto has-hover box-normal box-text-bottom\">\n\t\t\t\t\t\t\t<div class=\"box-image\" >\n\t\t\t\t\t\t\t\t<div class=\"\" >\n\t\t\t\t\t\t\t\t\t<a href=\"https:\/\/schaumweinkontor.com\/en\/produkt\/loimer-extra-brut-reserve-075l\/\" aria-label=\"Loimer Extra Brut Reserve 0,75l\">\n\t\t\t\t\t\t\t\t\t\t<img loading=\"lazy\" decoding=\"async\" width=\"300\" height=\"300\" src=\"https:\/\/schaumweinkontor.com\/wp-content\/uploads\/2024\/03\/Extra-Brut-300x300.png\" class=\"attachment-medium size-medium\" alt=\"Loimer Extra Brut Reserve\" srcset=\"https:\/\/schaumweinkontor.com\/wp-content\/uploads\/2024\/03\/Extra-Brut-300x300.png 300w, https:\/\/schaumweinkontor.com\/wp-content\/uploads\/2024\/03\/Extra-Brut-100x100.png 100w, https:\/\/schaumweinkontor.com\/wp-content\/uploads\/2024\/03\/Extra-Brut-510x510.png 510w, https:\/\/schaumweinkontor.com\/wp-content\/uploads\/2024\/03\/Extra-Brut-150x150.png 150w, https:\/\/schaumweinkontor.com\/wp-content\/uploads\/2024\/03\/Extra-Brut-768x768.png 768w, https:\/\/schaumweinkontor.com\/wp-content\/uploads\/2024\/03\/Extra-Brut.png 1000w\" sizes=\"auto, (max-width: 300px) 100vw, 300px\" \/>\t\t\t\t\t\t\t\t\t<\/a>\n\t\t\t\t\t\t\t\t\t\t\t\t\t\t\t\t\t\t \t\t\t\t\t\t\t\t<\/div>\n\t\t\t\t\t\t\t\t<div class=\"image-tools top right show-on-hover\">\n\t\t\t\t\t\t\t\t\t\t\t\t\t\t\t\t\t<\/div>\n\t\t\t\t\t\t\t\t\t\t\t\t\t\t\t\t\t<div class=\"image-tools grid-tools text-center hide-for-small bottom hover-slide-in show-on-hover\">\n\t\t\t\t\t\t\t\t\t\t\t\t\t\t\t\t\t\t\t<\/div>\n\t\t\t\t\t\t\t\t\t\t\t\t\t\t\t\t\t\t\t\t\t\t\t<\/div>\n\n\t\t\t\t\t\t\t<div class=\"box-text text-center\" style=\"padding:0px 0px 30px 0px;\">\n\t\t\t\t\t\t\t\t<div class=\"title-wrapper\">\t\t<p class=\"category uppercase is-smaller no-text-overflow product-cat op-7\">\n\t\t\tLoimer\t\t<\/p>\n\t<p class=\"name product-title woocommerce-loop-product__title\"><a href=\"https:\/\/schaumweinkontor.com\/en\/produkt\/loimer-extra-brut-reserve-075l\/\" class=\"woocommerce-LoopProduct-link woocommerce-loop-product__link\">Loimer Extra Brut Reserve 0,75l<\/a><\/p><\/div><div class=\"price-wrapper\">\n\t<span class=\"price\"><span class=\"woocommerce-Price-amount amount\" role=\"none\"><bdi><span class=\"woocommerce-Price-currencySymbol\">&euro;<\/span>&nbsp;24,00<\/bdi><\/span> <small class=\"woocommerce-price-suffix\">inkl. MwSt.<\/small><\/span>\n<\/div><div class=\"add-to-cart-button\"><a href=\"\/en\/wp-json\/wp\/v2\/pages\/4628?add-to-cart=5085\" aria-describedby=\"woocommerce_loop_add_to_cart_link_describedby_5085\" data-quantity=\"1\" class=\"primary is-small mb-0 button product_type_simple add_to_cart_button ajax_add_to_cart is-outline\" data-product_id=\"5085\" data-product_sku=\"100300231\" aria-label=\"Add to cart: &ldquo;Loimer Extra Brut Reserve 0,75l&rdquo;\" rel=\"nofollow\" data-success_message=\"&ldquo;Loimer Extra Brut Reserve 0,75l&rdquo; has been added to your cart\" role=\"button\">Add to cart<\/a><\/div>\t<span id=\"woocommerce_loop_add_to_cart_link_describedby_5085\" class=\"screen-reader-text\">\n\t\t\t<\/span>\n\t\t\t\t\t\t\t<\/div>\n\t\t\t\t\t\t<\/div>\n\t\t\t\t\t\t<\/div>\n\t\t\t\t\t<\/div><div class=\"col\" data-animate=\"fadeInUp\">\n\t\t\t\t\t\t<div class=\"col-inner\">\n\t\t\t\t\t\t\n<div class=\"badge-container badge-custom absolute right top z-1\">\n\n<\/div>\n\t\t\t\t\t\t<div class=\"product-small box margin-auto has-hover box-normal box-text-bottom\">\n\t\t\t\t\t\t\t<div class=\"box-image\" >\n\t\t\t\t\t\t\t\t<div class=\"\" >\n\t\t\t\t\t\t\t\t\t<a href=\"https:\/\/schaumweinkontor.com\/en\/produkt\/loimer-extra-brut-reserve-075l-copy\/\" aria-label=\"Loimer Brut Rose Reserve 0,75 L\">\n\t\t\t\t\t\t\t\t\t\t<img loading=\"lazy\" decoding=\"async\" width=\"300\" height=\"300\" src=\"https:\/\/schaumweinkontor.com\/wp-content\/uploads\/2024\/04\/Loimer-Rose-300x300.png\" class=\"attachment-medium size-medium\" alt=\"Loimer Brut Rose Reserve 0,75 L\" srcset=\"https:\/\/schaumweinkontor.com\/wp-content\/uploads\/2024\/04\/Loimer-Rose-300x300.png 300w, https:\/\/schaumweinkontor.com\/wp-content\/uploads\/2024\/04\/Loimer-Rose-100x100.png 100w, https:\/\/schaumweinkontor.com\/wp-content\/uploads\/2024\/04\/Loimer-Rose-510x510.png 510w, https:\/\/schaumweinkontor.com\/wp-content\/uploads\/2024\/04\/Loimer-Rose-150x150.png 150w, https:\/\/schaumweinkontor.com\/wp-content\/uploads\/2024\/04\/Loimer-Rose-768x768.png 768w, https:\/\/schaumweinkontor.com\/wp-content\/uploads\/2024\/04\/Loimer-Rose.png 1000w\" sizes=\"auto, (max-width: 300px) 100vw, 300px\" \/>\t\t\t\t\t\t\t\t\t<\/a>\n\t\t\t\t\t\t\t\t\t\t\t\t\t\t\t\t\t\t \t\t\t\t\t\t\t\t<\/div>\n\t\t\t\t\t\t\t\t<div class=\"image-tools top right show-on-hover\">\n\t\t\t\t\t\t\t\t\t\t\t\t\t\t\t\t\t<\/div>\n\t\t\t\t\t\t\t\t\t\t\t\t\t\t\t\t\t<div class=\"image-tools grid-tools text-center hide-for-small bottom hover-slide-in show-on-hover\">\n\t\t\t\t\t\t\t\t\t\t\t\t\t\t\t\t\t\t\t<\/div>\n\t\t\t\t\t\t\t\t\t\t\t\t\t\t\t\t\t\t\t\t\t\t\t<\/div>\n\n\t\t\t\t\t\t\t<div class=\"box-text text-center\" style=\"padding:0px 0px 30px 0px;\">\n\t\t\t\t\t\t\t\t<div class=\"title-wrapper\">\t\t<p class=\"category uppercase is-smaller no-text-overflow product-cat op-7\">\n\t\t\tLoimer\t\t<\/p>\n\t<p class=\"name product-title woocommerce-loop-product__title\"><a href=\"https:\/\/schaumweinkontor.com\/en\/produkt\/loimer-extra-brut-reserve-075l-copy\/\" class=\"woocommerce-LoopProduct-link woocommerce-loop-product__link\">Loimer Brut Rose Reserve 0,75 L<\/a><\/p><\/div><div class=\"price-wrapper\">\n\t<span class=\"price\"><span class=\"woocommerce-Price-amount amount\" role=\"none\"><bdi><span class=\"woocommerce-Price-currencySymbol\">&euro;<\/span>&nbsp;24,00<\/bdi><\/span> <small class=\"woocommerce-price-suffix\">inkl. MwSt.<\/small><\/span>\n<\/div><div class=\"add-to-cart-button\"><a href=\"\/en\/wp-json\/wp\/v2\/pages\/4628?add-to-cart=5324\" aria-describedby=\"woocommerce_loop_add_to_cart_link_describedby_5324\" data-quantity=\"1\" class=\"primary is-small mb-0 button product_type_simple add_to_cart_button ajax_add_to_cart is-outline\" data-product_id=\"5324\" data-product_sku=\"100300232\" aria-label=\"Add to cart: &ldquo;Loimer Brut Rose Reserve 0,75 L&rdquo;\" rel=\"nofollow\" data-success_message=\"&ldquo;Loimer Brut Rose Reserve 0,75 L&rdquo; has been added to your cart\" role=\"button\">Add to cart<\/a><\/div>\t<span id=\"woocommerce_loop_add_to_cart_link_describedby_5324\" class=\"screen-reader-text\">\n\t\t\t<\/span>\n\t\t\t\t\t\t\t<\/div>\n\t\t\t\t\t\t<\/div>\n\t\t\t\t\t\t<\/div>\n\t\t\t\t\t<\/div><div class=\"col\" data-animate=\"fadeInUp\">\n\t\t\t\t\t\t<div class=\"col-inner\">\n\t\t\t\t\t\t\n<div class=\"badge-container badge-custom absolute right top z-1\">\n\n<\/div>\n\t\t\t\t\t\t<div class=\"product-small box margin-auto has-hover box-normal box-text-bottom\">\n\t\t\t\t\t\t\t<div class=\"box-image\" >\n\t\t\t\t\t\t\t\t<div class=\"\" >\n\t\t\t\t\t\t\t\t\t<a href=\"https:\/\/schaumweinkontor.com\/en\/produkt\/loimer-blanc-de-noir-grosse-reserve-gumpoldskirchen-075l\/\" aria-label=\"Loimer Blanc de Noir, Grande Reserve Gumpoldskirchen 0,75l\">\n\t\t\t\t\t\t\t\t\t\t<img loading=\"lazy\" decoding=\"async\" width=\"300\" height=\"300\" src=\"https:\/\/schaumweinkontor.com\/wp-content\/uploads\/2024\/03\/Gumpoldskirchen-300x300.png\" class=\"attachment-medium size-medium\" alt=\"Loimer Blanc de Noir, Grande Reserve Gumpoldskirchen 0,75l\" srcset=\"https:\/\/schaumweinkontor.com\/wp-content\/uploads\/2024\/03\/Gumpoldskirchen-300x300.png 300w, https:\/\/schaumweinkontor.com\/wp-content\/uploads\/2024\/03\/Gumpoldskirchen-100x100.png 100w, https:\/\/schaumweinkontor.com\/wp-content\/uploads\/2024\/03\/Gumpoldskirchen-510x510.png 510w, https:\/\/schaumweinkontor.com\/wp-content\/uploads\/2024\/03\/Gumpoldskirchen-150x150.png 150w, https:\/\/schaumweinkontor.com\/wp-content\/uploads\/2024\/03\/Gumpoldskirchen-768x768.png 768w, https:\/\/schaumweinkontor.com\/wp-content\/uploads\/2024\/03\/Gumpoldskirchen.png 1000w\" sizes=\"auto, (max-width: 300px) 100vw, 300px\" \/>\t\t\t\t\t\t\t\t\t<\/a>\n\t\t\t\t\t\t\t\t\t\t\t\t\t\t\t\t\t\t \t\t\t\t\t\t\t\t<\/div>\n\t\t\t\t\t\t\t\t<div class=\"image-tools top right show-on-hover\">\n\t\t\t\t\t\t\t\t\t\t\t\t\t\t\t\t\t<\/div>\n\t\t\t\t\t\t\t\t\t\t\t\t\t\t\t\t\t<div class=\"image-tools grid-tools text-center hide-for-small bottom hover-slide-in show-on-hover\">\n\t\t\t\t\t\t\t\t\t\t\t\t\t\t\t\t\t\t\t<\/div>\n\t\t\t\t\t\t\t\t\t\t\t\t\t\t\t\t\t\t\t\t\t\t\t<\/div>\n\n\t\t\t\t\t\t\t<div class=\"box-text text-center\" style=\"padding:0px 0px 30px 0px;\">\n\t\t\t\t\t\t\t\t<div class=\"title-wrapper\">\t\t<p class=\"category uppercase is-smaller no-text-overflow product-cat op-7\">\n\t\t\tLoimer\t\t<\/p>\n\t<p class=\"name product-title woocommerce-loop-product__title\"><a href=\"https:\/\/schaumweinkontor.com\/en\/produkt\/loimer-blanc-de-noir-grosse-reserve-gumpoldskirchen-075l\/\" class=\"woocommerce-LoopProduct-link woocommerce-loop-product__link\">Loimer Blanc de Noir, Grande Reserve Gumpoldskirchen 0,75l<\/a><\/p><\/div><div class=\"price-wrapper\">\n\t<span class=\"price\"><span class=\"woocommerce-Price-amount amount\" role=\"none\"><bdi><span class=\"woocommerce-Price-currencySymbol\">&euro;<\/span>&nbsp;44,00<\/bdi><\/span> <small class=\"woocommerce-price-suffix\">inkl. MwSt.<\/small><\/span>\n<\/div><div class=\"add-to-cart-button\"><a href=\"\/en\/wp-json\/wp\/v2\/pages\/4628?add-to-cart=5083\" aria-describedby=\"woocommerce_loop_add_to_cart_link_describedby_5083\" data-quantity=\"1\" class=\"primary is-small mb-0 button product_type_simple add_to_cart_button ajax_add_to_cart is-outline\" data-product_id=\"5083\" data-product_sku=\"100300234\" aria-label=\"Add to cart: &ldquo;Loimer Blanc de Noir, Grande Reserve Gumpoldskirchen 0,75l&rdquo;\" rel=\"nofollow\" data-success_message=\"&ldquo;Loimer Blanc de Noir, Grande Reserve Gumpoldskirchen 0,75l&rdquo; has been added to your cart\" role=\"button\">Add to cart<\/a><\/div>\t<span id=\"woocommerce_loop_add_to_cart_link_describedby_5083\" class=\"screen-reader-text\">\n\t\t\t<\/span>\n\t\t\t\t\t\t\t<\/div>\n\t\t\t\t\t\t<\/div>\n\t\t\t\t\t\t<\/div>\n\t\t\t\t\t<\/div><div class=\"col\" data-animate=\"fadeInUp\">\n\t\t\t\t\t\t<div class=\"col-inner\">\n\t\t\t\t\t\t\n<div class=\"badge-container badge-custom absolute right top z-1\">\n\n<\/div>\n\t\t\t\t\t\t<div class=\"product-small box margin-auto has-hover box-normal box-text-bottom\">\n\t\t\t\t\t\t\t<div class=\"box-image\" >\n\t\t\t\t\t\t\t\t<div class=\"\" >\n\t\t\t\t\t\t\t\t\t<a href=\"https:\/\/schaumweinkontor.com\/en\/produkt\/loimer-blanc-de-blanc-grosse-reserve-langenlois-075l\/\" aria-label=\"Loimer Blanc de Blancs Grosse Reserve Langenlois 0,75l\">\n\t\t\t\t\t\t\t\t\t\t<img loading=\"lazy\" decoding=\"async\" width=\"300\" height=\"300\" src=\"https:\/\/schaumweinkontor.com\/wp-content\/uploads\/2024\/03\/Langenlois-300x300.png\" class=\"attachment-medium size-medium\" alt=\"Loimer Blanc de Blancs Grosse Reserve Langenlois 0,75l\" srcset=\"https:\/\/schaumweinkontor.com\/wp-content\/uploads\/2024\/03\/Langenlois-300x300.png 300w, https:\/\/schaumweinkontor.com\/wp-content\/uploads\/2024\/03\/Langenlois-100x100.png 100w, https:\/\/schaumweinkontor.com\/wp-content\/uploads\/2024\/03\/Langenlois-510x510.png 510w, https:\/\/schaumweinkontor.com\/wp-content\/uploads\/2024\/03\/Langenlois-150x150.png 150w, https:\/\/schaumweinkontor.com\/wp-content\/uploads\/2024\/03\/Langenlois-768x768.png 768w, https:\/\/schaumweinkontor.com\/wp-content\/uploads\/2024\/03\/Langenlois.png 1000w\" sizes=\"auto, (max-width: 300px) 100vw, 300px\" \/>\t\t\t\t\t\t\t\t\t<\/a>\n\t\t\t\t\t\t\t\t\t\t\t\t\t\t\t\t\t\t \t\t\t\t\t\t\t\t<\/div>\n\t\t\t\t\t\t\t\t<div class=\"image-tools top right show-on-hover\">\n\t\t\t\t\t\t\t\t\t\t\t\t\t\t\t\t\t<\/div>\n\t\t\t\t\t\t\t\t\t\t\t\t\t\t\t\t\t<div class=\"image-tools grid-tools text-center hide-for-small bottom hover-slide-in show-on-hover\">\n\t\t\t\t\t\t\t\t\t\t\t\t\t\t\t\t\t\t\t<\/div>\n\t\t\t\t\t\t\t\t\t\t\t\t\t\t\t\t\t\t\t\t\t\t\t<\/div>\n\n\t\t\t\t\t\t\t<div class=\"box-text text-center\" style=\"padding:0px 0px 30px 0px;\">\n\t\t\t\t\t\t\t\t<div class=\"title-wrapper\">\t\t<p class=\"category uppercase is-smaller no-text-overflow product-cat op-7\">\n\t\t\tLoimer\t\t<\/p>\n\t<p class=\"name product-title woocommerce-loop-product__title\"><a href=\"https:\/\/schaumweinkontor.com\/en\/produkt\/loimer-blanc-de-blanc-grosse-reserve-langenlois-075l\/\" class=\"woocommerce-LoopProduct-link woocommerce-loop-product__link\">Loimer Blanc de Blancs Grosse Reserve Langenlois 0,75l<\/a><\/p><\/div><div class=\"price-wrapper\">\n\t<span class=\"price\"><span class=\"woocommerce-Price-amount amount\" role=\"none\"><bdi><span class=\"woocommerce-Price-currencySymbol\">&euro;<\/span>&nbsp;44,00<\/bdi><\/span> <small class=\"woocommerce-price-suffix\">inkl. MwSt.<\/small><\/span>\n<\/div><div class=\"add-to-cart-button\"><a href=\"\/en\/wp-json\/wp\/v2\/pages\/4628?add-to-cart=5084\" aria-describedby=\"woocommerce_loop_add_to_cart_link_describedby_5084\" data-quantity=\"1\" class=\"primary is-small mb-0 button product_type_simple add_to_cart_button ajax_add_to_cart is-outline\" data-product_id=\"5084\" data-product_sku=\"100300233\" aria-label=\"Add to cart: &ldquo;Loimer Blanc de Blancs Grosse Reserve Langenlois 0,75l&rdquo;\" rel=\"nofollow\" data-success_message=\"&ldquo;Loimer Blanc de Blancs Grosse Reserve Langenlois 0,75l&rdquo; has been added to your cart\" role=\"button\">Add to cart<\/a><\/div>\t<span id=\"woocommerce_loop_add_to_cart_link_describedby_5084\" class=\"screen-reader-text\">\n\t\t\t<\/span>\n\t\t\t\t\t\t\t<\/div>\n\t\t\t\t\t\t<\/div>\n\t\t\t\t\t\t<\/div>\n\t\t\t\t\t<\/div><div class=\"col\" data-animate=\"fadeInUp\">\n\t\t\t\t\t\t<div class=\"col-inner\">\n\t\t\t\t\t\t\n<div class=\"badge-container badge-custom absolute right top z-1\">\n\n<\/div>\n\t\t\t\t\t\t<div class=\"product-small box margin-auto has-hover box-normal box-text-bottom\">\n\t\t\t\t\t\t\t<div class=\"box-image\" >\n\t\t\t\t\t\t\t\t<div class=\"\" >\n\t\t\t\t\t\t\t\t\t<a href=\"https:\/\/schaumweinkontor.com\/en\/produkt\/loimer-blanc-de-blanc-gr-reserve-langenlois-2014-late-release-075l\/\" aria-label=\"Loimer Blanc de Blanc, Gr. Reserve Langenlois 2014 Late Release 0,75l\">\n\t\t\t\t\t\t\t\t\t\t<img loading=\"lazy\" decoding=\"async\" width=\"300\" height=\"300\" src=\"https:\/\/schaumweinkontor.com\/wp-content\/uploads\/2024\/03\/Langenlois-300x300.png\" class=\"attachment-medium size-medium\" alt=\"Loimer Blanc de Blancs Grosse Reserve Langenlois 0,75l\" srcset=\"https:\/\/schaumweinkontor.com\/wp-content\/uploads\/2024\/03\/Langenlois-300x300.png 300w, https:\/\/schaumweinkontor.com\/wp-content\/uploads\/2024\/03\/Langenlois-100x100.png 100w, https:\/\/schaumweinkontor.com\/wp-content\/uploads\/2024\/03\/Langenlois-510x510.png 510w, https:\/\/schaumweinkontor.com\/wp-content\/uploads\/2024\/03\/Langenlois-150x150.png 150w, https:\/\/schaumweinkontor.com\/wp-content\/uploads\/2024\/03\/Langenlois-768x768.png 768w, https:\/\/schaumweinkontor.com\/wp-content\/uploads\/2024\/03\/Langenlois.png 1000w\" sizes=\"auto, (max-width: 300px) 100vw, 300px\" \/>\t\t\t\t\t\t\t\t\t<\/a>\n\t\t\t\t\t\t\t\t\t\t\t\t\t\t\t\t\t\t \t\t\t\t\t\t\t\t<\/div>\n\t\t\t\t\t\t\t\t<div class=\"image-tools top right show-on-hover\">\n\t\t\t\t\t\t\t\t\t\t\t\t\t\t\t\t\t<\/div>\n\t\t\t\t\t\t\t\t\t\t\t\t\t\t\t\t\t<div class=\"image-tools grid-tools text-center hide-for-small bottom hover-slide-in show-on-hover\">\n\t\t\t\t\t\t\t\t\t\t\t\t\t\t\t\t\t\t\t<\/div>\n\t\t\t\t\t\t\t\t\t\t\t\t\t\t\t\t\t\t\t\t\t\t\t<\/div>\n\n\t\t\t\t\t\t\t<div class=\"box-text text-center\" style=\"padding:0px 0px 30px 0px;\">\n\t\t\t\t\t\t\t\t<div class=\"title-wrapper\">\t\t<p class=\"category uppercase is-smaller no-text-overflow product-cat op-7\">\n\t\t\tLoimer\t\t<\/p>\n\t<p class=\"name product-title woocommerce-loop-product__title\"><a href=\"https:\/\/schaumweinkontor.com\/en\/produkt\/loimer-blanc-de-blanc-gr-reserve-langenlois-2014-late-release-075l\/\" class=\"woocommerce-LoopProduct-link woocommerce-loop-product__link\">Loimer Blanc de Blanc, Gr. Reserve Langenlois 2014 Late Release 0,75l<\/a><\/p><\/div><div class=\"price-wrapper\">\n\t<span class=\"price\"><span class=\"woocommerce-Price-amount amount\" role=\"none\"><bdi><span class=\"woocommerce-Price-currencySymbol\">&euro;<\/span>&nbsp;65,00<\/bdi><\/span> <small class=\"woocommerce-price-suffix\">inkl. MwSt.<\/small><\/span>\n<\/div><div class=\"add-to-cart-button\"><a href=\"\/en\/wp-json\/wp\/v2\/pages\/4628?add-to-cart=5082\" aria-describedby=\"woocommerce_loop_add_to_cart_link_describedby_5082\" data-quantity=\"1\" class=\"primary is-small mb-0 button product_type_simple add_to_cart_button ajax_add_to_cart is-outline\" data-product_id=\"5082\" data-product_sku=\"100300235\" aria-label=\"Add to cart: &ldquo;Loimer Blanc de Blanc, Gr. Reserve Langenlois 2014 Late Release 0,75l&rdquo;\" rel=\"nofollow\" data-success_message=\"&ldquo;Loimer Blanc de Blanc, Gr. Reserve Langenlois 2014 Late Release 0,75l&rdquo; has been added to your cart\" role=\"button\">Add to cart<\/a><\/div>\t<span id=\"woocommerce_loop_add_to_cart_link_describedby_5082\" class=\"screen-reader-text\">\n\t\t\t<\/span>\n\t\t\t\t\t\t\t<\/div>\n\t\t\t\t\t\t<\/div>\n\t\t\t\t\t\t<\/div>\n\t\t\t\t\t<\/div><\/div>\n\n\n\t\t<\/div>\n\t\t\t\t\t<\/div>\n\n\t\n\n\n<style>\n#row-43408017 > .col > .col-inner {\n  padding: 20px 0px 0px 0px;\n}\n<\/style>\n<\/div>\n<div class=\"row row-collapse row-full-width align-middle blau-verlauf\"  id=\"row-1120828547\">\n\n\n\t<div id=\"col-60077405\" class=\"col medium-6 small-12 large-6\"  >\n\t\t\t\t<div class=\"col-inner\"  >\n\t\t\t\n\t\t\t\n\n\t<div id=\"text-1666022006\" class=\"text\">\n\t\t\n\n<h2><span style=\"font-size: 75%;\">Austria<\/span><\/h2>\n\t\t\n<style>\n#text-1666022006 {\n  font-size: 1.5rem;\n  line-height: 2;\n}\n<\/style>\n\t<\/div>\n\t\n\n\t\t<\/div>\n\t\t\t\t\t<\/div>\n\n\t\n\n\t<div id=\"col-1624604240\" class=\"col medium-6 small-12 large-6\"  >\n\t\t\t\t<div class=\"col-inner\"  >\n\t\t\t\n\t\t\t\n\n<div id=\"schaumwein-at\">\n<h5 class=\"uppercase\" style=\"text-align: right;\"><span style=\"color: #b79549;\">Sparkling Wine<\/span><\/h5>\n<\/div>\n\n\n\t\t<\/div>\n\t\t\t\t\t<\/div>\n\n\t\n\n\n<style>\n#row-1120828547 > .col > .col-inner {\n  padding: 0px 20px 0px 20px;\n  border-radius: 74px;\n}\n<\/style>\n<\/div>\n\t<section class=\"section bg_winzer\" id=\"section_1999406848\">\n\t\t<div class=\"bg section-bg fill bg-fill  \" >\n\n\t\t\t\n\t\t\t\n\t\t\t\n\n\t\t<\/div>\n\n\t\t\n\n\t\t<div class=\"section-content relative\">\n\t\t\t\n\n<div class=\"row row-full-width align-middle align-center\"  id=\"row-1513200933\">\n\n\n\t<div id=\"col-1078342083\" class=\"col small-12 large-12\"  >\n\t\t\t\t<div class=\"col-inner\"  >\n\t\t\t\n\t\t\t\n\n<h2 id=\"julius\" class=\"uppercase\" style=\"text-align: center;\">Julius Klein<\/h2>\n<p>\u00a0<\/p>\n\n  \n    <div class=\"row margin-auto equalize-box large-columns-3 medium-columns- small-columns-2 row-large has-shadow row-box-shadow-2 row-box-shadow-4-hover\" >\n  \t\n\t     <div class=\"col\" data-animate=\"fadeInUp\">\n\t\t\t\t\t\t<div class=\"col-inner\">\n\t\t\t\t\t\t\n<div class=\"badge-container badge-custom absolute right top z-1\">\n\n<\/div>\n\t\t\t\t\t\t<div class=\"product-small box margin-auto has-hover box-normal box-text-bottom\">\n\t\t\t\t\t\t\t<div class=\"box-image\" >\n\t\t\t\t\t\t\t\t<div class=\"\" >\n\t\t\t\t\t\t\t\t\t<a href=\"https:\/\/schaumweinkontor.com\/en\/produkt\/julius-klein-cab-franc-frizzante-extra-tr-075-l\/\" aria-label=\"Julius Klein Cab. Franc Frizzante extra tr. 0,75 L\">\n\t\t\t\t\t\t\t\t\t\t<img loading=\"lazy\" decoding=\"async\" width=\"300\" height=\"300\" src=\"https:\/\/schaumweinkontor.com\/wp-content\/uploads\/2022\/06\/Julius-Klein-Cab.-Franc-Frizzante-extra-tr.-075-L-300x300.png\" class=\"attachment-medium size-medium\" alt=\"Julius Klein Cab. Franc Frizzante extra tr. 0,75 L\" srcset=\"https:\/\/schaumweinkontor.com\/wp-content\/uploads\/2022\/06\/Julius-Klein-Cab.-Franc-Frizzante-extra-tr.-075-L-300x300.png 300w, https:\/\/schaumweinkontor.com\/wp-content\/uploads\/2022\/06\/Julius-Klein-Cab.-Franc-Frizzante-extra-tr.-075-L-100x100.png 100w, https:\/\/schaumweinkontor.com\/wp-content\/uploads\/2022\/06\/Julius-Klein-Cab.-Franc-Frizzante-extra-tr.-075-L-510x510.png 510w, https:\/\/schaumweinkontor.com\/wp-content\/uploads\/2022\/06\/Julius-Klein-Cab.-Franc-Frizzante-extra-tr.-075-L-150x150.png 150w, https:\/\/schaumweinkontor.com\/wp-content\/uploads\/2022\/06\/Julius-Klein-Cab.-Franc-Frizzante-extra-tr.-075-L-768x768.png 768w, https:\/\/schaumweinkontor.com\/wp-content\/uploads\/2022\/06\/Julius-Klein-Cab.-Franc-Frizzante-extra-tr.-075-L.png 1000w\" sizes=\"auto, (max-width: 300px) 100vw, 300px\" \/>\t\t\t\t\t\t\t\t\t<\/a>\n\t\t\t\t\t\t\t\t\t\t\t\t\t\t\t\t\t\t \t\t\t\t\t\t\t\t<\/div>\n\t\t\t\t\t\t\t\t<div class=\"image-tools top right show-on-hover\">\n\t\t\t\t\t\t\t\t\t\t\t\t\t\t\t\t\t<\/div>\n\t\t\t\t\t\t\t\t\t\t\t\t\t\t\t\t\t<div class=\"image-tools grid-tools text-center hide-for-small bottom hover-slide-in show-on-hover\">\n\t\t\t\t\t\t\t\t\t\t\t\t\t\t\t\t\t\t\t<\/div>\n\t\t\t\t\t\t\t\t\t\t\t\t\t\t\t\t\t\t\t\t\t\t\t<\/div>\n\n\t\t\t\t\t\t\t<div class=\"box-text text-center\" >\n\t\t\t\t\t\t\t\t<div class=\"title-wrapper\">\t\t<p class=\"category uppercase is-smaller no-text-overflow product-cat op-7\">\n\t\t\tJulius Klein\t\t<\/p>\n\t<p class=\"name product-title woocommerce-loop-product__title\"><a href=\"https:\/\/schaumweinkontor.com\/en\/produkt\/julius-klein-cab-franc-frizzante-extra-tr-075-l\/\" class=\"woocommerce-LoopProduct-link woocommerce-loop-product__link\">Julius Klein Cab. Franc Frizzante extra tr. 0,75 L<\/a><\/p><\/div><div class=\"price-wrapper\">\n\t<span class=\"price\"><span class=\"woocommerce-Price-amount amount\" role=\"none\"><bdi><span class=\"woocommerce-Price-currencySymbol\">&euro;<\/span>&nbsp;9,50<\/bdi><\/span> <small class=\"woocommerce-price-suffix\">inkl. MwSt.<\/small><\/span>\n<\/div><div class=\"add-to-cart-button\"><a href=\"\/en\/wp-json\/wp\/v2\/pages\/4628?add-to-cart=4760\" aria-describedby=\"woocommerce_loop_add_to_cart_link_describedby_4760\" data-quantity=\"1\" class=\"primary is-small mb-0 button product_type_simple add_to_cart_button ajax_add_to_cart is-outline\" data-product_id=\"4760\" data-product_sku=\"100300269\" aria-label=\"Add to cart: &ldquo;Julius Klein Cab. Franc Frizzante extra tr. 0,75 L&rdquo;\" rel=\"nofollow\" data-success_message=\"&ldquo;Julius Klein Cab. Franc Frizzante extra tr. 0,75 L&rdquo; has been added to your cart\" role=\"button\">Add to cart<\/a><\/div>\t<span id=\"woocommerce_loop_add_to_cart_link_describedby_4760\" class=\"screen-reader-text\">\n\t\t\t<\/span>\n\t\t\t\t\t\t\t<\/div>\n\t\t\t\t\t\t<\/div>\n\t\t\t\t\t\t<\/div>\n\t\t\t\t\t<\/div><div class=\"col\" data-animate=\"fadeInUp\">\n\t\t\t\t\t\t<div class=\"col-inner\">\n\t\t\t\t\t\t\n<div class=\"badge-container badge-custom absolute right top z-1\">\n\n<\/div>\n\t\t\t\t\t\t<div class=\"product-small box margin-auto has-hover box-normal box-text-bottom\">\n\t\t\t\t\t\t\t<div class=\"box-image\" >\n\t\t\t\t\t\t\t\t<div class=\"\" >\n\t\t\t\t\t\t\t\t\t<a href=\"https:\/\/schaumweinkontor.com\/en\/produkt\/julius-klein-muskateller-frizzante-extra-tr-075-l\/\" aria-label=\"Julius Klein Muskateller Frizzante extra tr. 0,75 L\">\n\t\t\t\t\t\t\t\t\t\t<img loading=\"lazy\" decoding=\"async\" width=\"300\" height=\"300\" src=\"https:\/\/schaumweinkontor.com\/wp-content\/uploads\/2022\/06\/Julius-Klein-Muskateller-Frizzante-extra-tr.-075-L-300x300.png\" class=\"attachment-medium size-medium\" alt=\"Julius Klein Muskateller Frizzante extra tr. 0,75 L\" srcset=\"https:\/\/schaumweinkontor.com\/wp-content\/uploads\/2022\/06\/Julius-Klein-Muskateller-Frizzante-extra-tr.-075-L-300x300.png 300w, https:\/\/schaumweinkontor.com\/wp-content\/uploads\/2022\/06\/Julius-Klein-Muskateller-Frizzante-extra-tr.-075-L-100x100.png 100w, https:\/\/schaumweinkontor.com\/wp-content\/uploads\/2022\/06\/Julius-Klein-Muskateller-Frizzante-extra-tr.-075-L-510x510.png 510w, https:\/\/schaumweinkontor.com\/wp-content\/uploads\/2022\/06\/Julius-Klein-Muskateller-Frizzante-extra-tr.-075-L-150x150.png 150w, https:\/\/schaumweinkontor.com\/wp-content\/uploads\/2022\/06\/Julius-Klein-Muskateller-Frizzante-extra-tr.-075-L-768x768.png 768w, https:\/\/schaumweinkontor.com\/wp-content\/uploads\/2022\/06\/Julius-Klein-Muskateller-Frizzante-extra-tr.-075-L.png 1000w\" sizes=\"auto, (max-width: 300px) 100vw, 300px\" \/>\t\t\t\t\t\t\t\t\t<\/a>\n\t\t\t\t\t\t\t\t\t\t\t\t\t\t\t\t\t\t \t\t\t\t\t\t\t\t<\/div>\n\t\t\t\t\t\t\t\t<div class=\"image-tools top right show-on-hover\">\n\t\t\t\t\t\t\t\t\t\t\t\t\t\t\t\t\t<\/div>\n\t\t\t\t\t\t\t\t\t\t\t\t\t\t\t\t\t<div class=\"image-tools grid-tools text-center hide-for-small bottom hover-slide-in show-on-hover\">\n\t\t\t\t\t\t\t\t\t\t\t\t\t\t\t\t\t\t\t<\/div>\n\t\t\t\t\t\t\t\t\t\t\t\t\t\t\t\t\t\t\t\t\t\t\t<\/div>\n\n\t\t\t\t\t\t\t<div class=\"box-text text-center\" >\n\t\t\t\t\t\t\t\t<div class=\"title-wrapper\">\t\t<p class=\"category uppercase is-smaller no-text-overflow product-cat op-7\">\n\t\t\tJulius Klein\t\t<\/p>\n\t<p class=\"name product-title woocommerce-loop-product__title\"><a href=\"https:\/\/schaumweinkontor.com\/en\/produkt\/julius-klein-muskateller-frizzante-extra-tr-075-l\/\" class=\"woocommerce-LoopProduct-link woocommerce-loop-product__link\">Julius Klein Muskateller Frizzante extra tr. 0,75 L<\/a><\/p><\/div><div class=\"price-wrapper\">\n\t<span class=\"price\"><span class=\"woocommerce-Price-amount amount\" role=\"none\"><bdi><span class=\"woocommerce-Price-currencySymbol\">&euro;<\/span>&nbsp;9,50<\/bdi><\/span> <small class=\"woocommerce-price-suffix\">inkl. MwSt.<\/small><\/span>\n<\/div><div class=\"add-to-cart-button\"><a href=\"\/en\/wp-json\/wp\/v2\/pages\/4628?add-to-cart=4761\" aria-describedby=\"woocommerce_loop_add_to_cart_link_describedby_4761\" data-quantity=\"1\" class=\"primary is-small mb-0 button product_type_simple add_to_cart_button ajax_add_to_cart is-outline\" data-product_id=\"4761\" data-product_sku=\"100300268\" aria-label=\"Add to cart: &ldquo;Julius Klein Muskateller Frizzante extra tr. 0,75 L&rdquo;\" rel=\"nofollow\" data-success_message=\"&ldquo;Julius Klein Muskateller Frizzante extra tr. 0,75 L&rdquo; has been added to your cart\" role=\"button\">Add to cart<\/a><\/div>\t<span id=\"woocommerce_loop_add_to_cart_link_describedby_4761\" class=\"screen-reader-text\">\n\t\t\t<\/span>\n\t\t\t\t\t\t\t<\/div>\n\t\t\t\t\t\t<\/div>\n\t\t\t\t\t\t<\/div>\n\t\t\t\t\t<\/div><\/div>\n\n\n\t\t<\/div>\n\t\t\t\t\t<\/div>\n\n\t\n\n\n<style>\n#row-1513200933 > .col > .col-inner {\n  padding: 15px 0px 0px 0px;\n}\n<\/style>\n<\/div>\n\n\t\t<\/div>\n\n\t\t\n<style>\n#section_1999406848 {\n  padding-top: 20px;\n  padding-bottom: 20px;\n  margin-bottom: 30px;\n}\n#section_1999406848 .section-bg.bg-loaded {\n  background-image: url(https:\/\/schaumweinkontor.com\/wp-content\/uploads\/2022\/06\/landscape-illu-gold-transp.png);\n}\n<\/style>\n\t<\/section>\n\t\n<div class=\"text-center\"><div class=\"is-divider divider clearfix\" style=\"margin-top:3em;margin-bottom:3em;max-width:100%;height:2px;background-color:rgba(183, 149, 73, 0.419);\"><\/div><\/div>\n\n\t<section class=\"section bg_winzer\" id=\"section_1068560264\">\n\t\t<div class=\"bg section-bg fill bg-fill  \" >\n\n\t\t\t\n\t\t\t\n\t\t\t\n\n\t\t<\/div>\n\n\t\t\n\n\t\t<div class=\"section-content relative\">\n\t\t\t\n\n<div class=\"row row-full-width align-middle align-center\"  id=\"row-358307526\">\n\n\n\t<div id=\"col-2117386473\" class=\"col small-12 large-12\"  >\n\t\t\t\t<div class=\"col-inner\"  >\n\t\t\t\n\t\t\t\n\n<h2 id=\"hoch-schaum\" class=\"uppercase\" style=\"text-align: center;\">Christoph Hoch<\/h2>\n\n\t\t<\/div>\n\t\t\t\t\t<\/div>\n\n\t\n\n\n<style>\n#row-358307526 > .col > .col-inner {\n  padding: 15px 0px 0px 0px;\n}\n<\/style>\n<\/div>\n\n\t\t<\/div>\n\n\t\t\n<style>\n#section_1068560264 {\n  padding-top: 20px;\n  padding-bottom: 20px;\n  margin-bottom: 30px;\n}\n#section_1068560264 .section-bg.bg-loaded {\n  background-image: url(https:\/\/schaumweinkontor.com\/wp-content\/uploads\/2022\/06\/landscape-illu-gold-transp.png);\n}\n<\/style>\n\t<\/section>\n\t\n\t<section class=\"section hide-for-small\" id=\"section_180284244\">\n\t\t<div class=\"bg section-bg fill bg-fill  bg-loaded\" >\n\n\t\t\t\n\t\t\t\n\t\t\t\n\n\t\t<\/div>\n\n\t\t\n\n\t\t<div class=\"section-content relative\">\n\t\t\t\n\n<div class=\"row row-full-width align-middle align-center\"  id=\"row-1986034722\">\n\n\n\t<div id=\"col-1389332739\" class=\"col small-12 large-12\"  >\n\t\t\t\t<div class=\"col-inner\"  >\n\t\t\t\n\t\t\t\n\n\n  \n    <div class=\"row margin-auto equalize-box large-columns-3 medium-columns- small-columns-2 row-large has-shadow row-box-shadow-2 row-box-shadow-4-hover\" >\n  \t\n\t     <div class=\"col\" data-animate=\"fadeInUp\">\n\t\t\t\t\t\t<div class=\"col-inner\">\n\t\t\t\t\t\t\n<div class=\"badge-container badge-custom absolute right top z-1\">\n\n<\/div>\n\t\t\t\t\t\t<div class=\"product-small box margin-auto has-hover box-normal box-text-bottom\">\n\t\t\t\t\t\t\t<div class=\"box-image\" >\n\t\t\t\t\t\t\t\t<div class=\"\" >\n\t\t\t\t\t\t\t\t\t<a href=\"https:\/\/schaumweinkontor.com\/en\/produkt\/christoph-hoch-kalkreich-n-v-nature-075-l\/\" aria-label=\"Christoph Hoch Kalkreich N.V. Nature 0,75 L\">\n\t\t\t\t\t\t\t\t\t\t<img loading=\"lazy\" decoding=\"async\" width=\"300\" height=\"300\" src=\"https:\/\/schaumweinkontor.com\/wp-content\/uploads\/2022\/06\/Schaumweinkontor-Kalkreich-1000x1000px-300x300.png\" class=\"attachment-medium size-medium\" alt=\"Christoph Hoch Kalkreich N.V. Nature 0,75 L\" srcset=\"https:\/\/schaumweinkontor.com\/wp-content\/uploads\/2022\/06\/Schaumweinkontor-Kalkreich-1000x1000px-300x300.png 300w, https:\/\/schaumweinkontor.com\/wp-content\/uploads\/2022\/06\/Schaumweinkontor-Kalkreich-1000x1000px-100x100.png 100w, https:\/\/schaumweinkontor.com\/wp-content\/uploads\/2022\/06\/Schaumweinkontor-Kalkreich-1000x1000px-510x510.png 510w, https:\/\/schaumweinkontor.com\/wp-content\/uploads\/2022\/06\/Schaumweinkontor-Kalkreich-1000x1000px-150x150.png 150w, https:\/\/schaumweinkontor.com\/wp-content\/uploads\/2022\/06\/Schaumweinkontor-Kalkreich-1000x1000px-768x768.png 768w, https:\/\/schaumweinkontor.com\/wp-content\/uploads\/2022\/06\/Schaumweinkontor-Kalkreich-1000x1000px.png 1000w\" sizes=\"auto, (max-width: 300px) 100vw, 300px\" \/>\t\t\t\t\t\t\t\t\t<\/a>\n\t\t\t\t\t\t\t\t\t\t\t\t\t\t\t\t\t\t \t\t\t\t\t\t\t\t<\/div>\n\t\t\t\t\t\t\t\t<div class=\"image-tools top right show-on-hover\">\n\t\t\t\t\t\t\t\t\t\t\t\t\t\t\t\t\t<\/div>\n\t\t\t\t\t\t\t\t\t\t\t\t\t\t\t\t\t<div class=\"image-tools grid-tools text-center hide-for-small bottom hover-slide-in show-on-hover\">\n\t\t\t\t\t\t\t\t\t\t\t\t\t\t\t\t\t\t\t<\/div>\n\t\t\t\t\t\t\t\t\t\t\t\t\t\t\t\t\t\t\t\t\t\t\t<\/div>\n\n\t\t\t\t\t\t\t<div class=\"box-text text-center\" >\n\t\t\t\t\t\t\t\t<div class=\"title-wrapper\">\t\t<p class=\"category uppercase is-smaller no-text-overflow product-cat op-7\">\n\t\t\tChristoph Hoch\t\t<\/p>\n\t<p class=\"name product-title woocommerce-loop-product__title\"><a href=\"https:\/\/schaumweinkontor.com\/en\/produkt\/christoph-hoch-kalkreich-n-v-nature-075-l\/\" class=\"woocommerce-LoopProduct-link woocommerce-loop-product__link\">Christoph Hoch Kalkreich N.V. Nature 0,75 L<\/a><\/p><\/div><div class=\"price-wrapper\">\n\t<span class=\"price\"><span class=\"woocommerce-Price-amount amount\" role=\"none\"><bdi><span class=\"woocommerce-Price-currencySymbol\">&euro;<\/span>&nbsp;38,00<\/bdi><\/span> <small class=\"woocommerce-price-suffix\">inkl. MwSt.<\/small><\/span>\n<\/div><div class=\"add-to-cart-button\"><a href=\"\/en\/wp-json\/wp\/v2\/pages\/4628?add-to-cart=4773\" aria-describedby=\"woocommerce_loop_add_to_cart_link_describedby_4773\" data-quantity=\"1\" class=\"primary is-small mb-0 button product_type_simple add_to_cart_button ajax_add_to_cart is-outline\" data-product_id=\"4773\" data-product_sku=\"100300224\" aria-label=\"Add to cart: &ldquo;Christoph Hoch Kalkreich N.V. Nature 0,75 L&rdquo;\" rel=\"nofollow\" data-success_message=\"&ldquo;Christoph Hoch Kalkreich N.V. Nature 0,75 L&rdquo; has been added to your cart\" role=\"button\">Add to cart<\/a><\/div>\t<span id=\"woocommerce_loop_add_to_cart_link_describedby_4773\" class=\"screen-reader-text\">\n\t\t\t<\/span>\n\t\t\t\t\t\t\t<\/div>\n\t\t\t\t\t\t<\/div>\n\t\t\t\t\t\t<\/div>\n\t\t\t\t\t<\/div><\/div>\n\n\n\t\t<\/div>\n\t\t\t\t\t<\/div>\n\n\t\n\n\n<style>\n#row-1986034722 > .col > .col-inner {\n  padding: 15px 0px 0px 0px;\n}\n<\/style>\n<\/div>\n\n\t\t<\/div>\n\n\t\t\n<style>\n#section_180284244 {\n  padding-top: 0px;\n  padding-bottom: 0px;\n}\n<\/style>\n\t<\/section>\n\t\n<div class=\"row row-collapse row-full-width align-middle blau-verlauf\"  id=\"row-1346588812\">\n\n\n\t<div id=\"col-699098863\" class=\"col medium-6 small-12 large-6\"  >\n\t\t\t\t<div class=\"col-inner\"  >\n\t\t\t\n\t\t\t\n\n\t<div id=\"text-1357440288\" class=\"text\">\n\t\t\n\n<h2><span style=\"font-size: 75%;\">Austria<\/span><\/h2>\n\t\t\n<style>\n#text-1357440288 {\n  font-size: 1.5rem;\n  line-height: 2;\n}\n<\/style>\n\t<\/div>\n\t\n\n\t\t<\/div>\n\t\t\t\t\t<\/div>\n\n\t\n\n\t<div id=\"col-1746773454\" class=\"col medium-6 small-12 large-6\"  >\n\t\t\t\t<div class=\"col-inner\"  >\n\t\t\t\n\t\t\t\n\n<h5 id=\"pet-nat\" class=\"uppercase\" style=\"text-align: right;\"><span style=\"color: #b79549;\">Pet-Nat<\/span><\/h5>\n\n\t\t<\/div>\n\t\t\t\t\t<\/div>\n\n\t\n\n\n<style>\n#row-1346588812 > .col > .col-inner {\n  padding: 0px 20px 0px 20px;\n  border-radius: 74px;\n}\n<\/style>\n<\/div>\n\t<section class=\"section bg_winzer\" id=\"section_1316441894\">\n\t\t<div class=\"bg section-bg fill bg-fill  \" >\n\n\t\t\t\n\t\t\t\n\t\t\t\n\n\t\t<\/div>\n\n\t\t\n\n\t\t<div class=\"section-content relative\">\n\t\t\t\n\n<div class=\"row row-full-width align-middle align-center\"  id=\"row-102975485\">\n\n\n\t<div id=\"col-945289200\" class=\"col small-12 large-12\"  >\n\t\t\t\t<div class=\"col-inner\"  >\n\t\t\t\n\t\t\t\n\n<h2 id=\"pet-christina\" class=\"uppercase\" style=\"text-align: center;\">Christina Hugl<\/h2>\n\n\t\t<\/div>\n\t\t\t\t\t<\/div>\n\n\t\n\n\n<style>\n#row-102975485 > .col > .col-inner {\n  padding: 15px 0px 0px 0px;\n}\n<\/style>\n<\/div>\n\n\t\t<\/div>\n\n\t\t\n<style>\n#section_1316441894 {\n  padding-top: 20px;\n  padding-bottom: 20px;\n  margin-bottom: 30px;\n}\n#section_1316441894 .section-bg.bg-loaded {\n  background-image: url(https:\/\/schaumweinkontor.com\/wp-content\/uploads\/2022\/06\/landscape-illu-gold-transp.png);\n}\n<\/style>\n\t<\/section>\n\t\n<div class=\"row row-full-width align-middle align-center\"  id=\"row-1254025136\">\n\n\n\t<div id=\"col-1615446368\" class=\"col small-12 large-12\"  >\n\t\t\t\t<div class=\"col-inner\"  >\n\t\t\t\n\t\t\t\n\n\n  \n    <div class=\"row margin-auto equalize-box large-columns-3 medium-columns- small-columns-2 row-large has-shadow row-box-shadow-2 row-box-shadow-4-hover\" >\n  \t\n\t     <div class=\"col\" data-animate=\"fadeInUp\">\n\t\t\t\t\t\t<div class=\"col-inner\">\n\t\t\t\t\t\t\n<div class=\"badge-container badge-custom absolute right top z-1\">\n\n<\/div>\n\t\t\t\t\t\t<div class=\"product-small box margin-auto has-hover box-normal box-text-bottom\">\n\t\t\t\t\t\t\t<div class=\"box-image\" >\n\t\t\t\t\t\t\t\t<div class=\"\" >\n\t\t\t\t\t\t\t\t\t<a href=\"https:\/\/schaumweinkontor.com\/en\/produkt\/christina-hugl-gruener-veltliner-riedenbox-holz-2018-bio-3-x-075-l\/\" aria-label=\"Christina Hugl Gr\u00fcner Veltliner Riedenbox Holz 2018 BIO 3 x 0,75 L\">\n\t\t\t\t\t\t\t\t\t\t<img loading=\"lazy\" decoding=\"async\" width=\"300\" height=\"300\" src=\"https:\/\/schaumweinkontor.com\/wp-content\/uploads\/2024\/10\/Christina-Hugl-Riedensekte-075-300x300.png\" class=\"attachment-medium size-medium\" alt=\"Christina Hugl Gr\u00fcner Veltliner Riedenbox Holz 2018 BIO 3 x 0,75 L\" srcset=\"https:\/\/schaumweinkontor.com\/wp-content\/uploads\/2024\/10\/Christina-Hugl-Riedensekte-075-300x300.png 300w, https:\/\/schaumweinkontor.com\/wp-content\/uploads\/2024\/10\/Christina-Hugl-Riedensekte-075-150x150.png 150w, https:\/\/schaumweinkontor.com\/wp-content\/uploads\/2024\/10\/Christina-Hugl-Riedensekte-075-768x768.png 768w, https:\/\/schaumweinkontor.com\/wp-content\/uploads\/2024\/10\/Christina-Hugl-Riedensekte-075-510x510.png 510w, https:\/\/schaumweinkontor.com\/wp-content\/uploads\/2024\/10\/Christina-Hugl-Riedensekte-075-100x100.png 100w, https:\/\/schaumweinkontor.com\/wp-content\/uploads\/2024\/10\/Christina-Hugl-Riedensekte-075.png 1001w\" sizes=\"auto, (max-width: 300px) 100vw, 300px\" \/>\t\t\t\t\t\t\t\t\t<\/a>\n\t\t\t\t\t\t\t\t\t\t\t\t\t\t\t\t\t\t \t\t\t\t\t\t\t\t<\/div>\n\t\t\t\t\t\t\t\t<div class=\"image-tools top right show-on-hover\">\n\t\t\t\t\t\t\t\t\t\t\t\t\t\t\t\t\t<\/div>\n\t\t\t\t\t\t\t\t\t\t\t\t\t\t\t\t\t<div class=\"image-tools grid-tools text-center hide-for-small bottom hover-slide-in show-on-hover\">\n\t\t\t\t\t\t\t\t\t\t\t\t\t\t\t\t\t\t\t<\/div>\n\t\t\t\t\t\t\t\t\t\t\t\t\t\t\t\t\t\t\t\t\t\t\t<\/div>\n\n\t\t\t\t\t\t\t<div class=\"box-text text-center\" >\n\t\t\t\t\t\t\t\t<div class=\"title-wrapper\">\t\t<p class=\"category uppercase is-smaller no-text-overflow product-cat op-7\">\n\t\t\tChristina Hugl\t\t<\/p>\n\t<p class=\"name product-title woocommerce-loop-product__title\"><a href=\"https:\/\/schaumweinkontor.com\/en\/produkt\/christina-hugl-gruener-veltliner-riedenbox-holz-2018-bio-3-x-075-l\/\" class=\"woocommerce-LoopProduct-link woocommerce-loop-product__link\">Christina Hugl Gr\u00fcner Veltliner Riedenbox Holz 2018 BIO 3 x 0,75 L<\/a><\/p><\/div><div class=\"price-wrapper\">\n\t<span class=\"price\"><span class=\"woocommerce-Price-amount amount\" role=\"none\"><bdi><span class=\"woocommerce-Price-currencySymbol\">&euro;<\/span>&nbsp;149,00<\/bdi><\/span> <small class=\"woocommerce-price-suffix\">inkl. MwSt.<\/small><\/span>\n<\/div><div class=\"add-to-cart-button\"><a href=\"\/en\/wp-json\/wp\/v2\/pages\/4628?add-to-cart=5812\" aria-describedby=\"woocommerce_loop_add_to_cart_link_describedby_5812\" data-quantity=\"1\" class=\"primary is-small mb-0 button product_type_simple add_to_cart_button ajax_add_to_cart is-outline\" data-product_id=\"5812\" data-product_sku=\"100300217\" aria-label=\"Add to cart: &ldquo;Christina Hugl Gr\u00fcner Veltliner Riedenbox Holz 2018 BIO 3 x 0,75 L&rdquo;\" rel=\"nofollow\" data-success_message=\"&ldquo;Christina Hugl Gr\u00fcner Veltliner Riedenbox Holz 2018 BIO 3 x 0,75 L&rdquo; has been added to your cart\" role=\"button\">Add to cart<\/a><\/div>\t<span id=\"woocommerce_loop_add_to_cart_link_describedby_5812\" class=\"screen-reader-text\">\n\t\t\t<\/span>\n\t\t\t\t\t\t\t<\/div>\n\t\t\t\t\t\t<\/div>\n\t\t\t\t\t\t<\/div>\n\t\t\t\t\t<\/div><div class=\"col\" data-animate=\"fadeInUp\">\n\t\t\t\t\t\t<div class=\"col-inner\">\n\t\t\t\t\t\t\n<div class=\"badge-container badge-custom absolute right top z-1\">\n\n<\/div>\n\t\t\t\t\t\t<div class=\"product-small box margin-auto has-hover box-normal box-text-bottom\">\n\t\t\t\t\t\t\t<div class=\"box-image\" >\n\t\t\t\t\t\t\t\t<div class=\"\" >\n\t\t\t\t\t\t\t\t\t<a href=\"https:\/\/schaumweinkontor.com\/en\/produkt\/christina-hugl-gruener-veltliner-kamptal-grub-grosse-reserve-2018-bio\/\" aria-label=\"Christina Hugl Gr\u00fcner Veltliner Kamptal \u201eGrub\u201c Grosse Reserve 2018 BIO\">\n\t\t\t\t\t\t\t\t\t\t<img loading=\"lazy\" decoding=\"async\" width=\"300\" height=\"300\" src=\"https:\/\/schaumweinkontor.com\/wp-content\/uploads\/2024\/10\/Christina-Hugl-Riedensekte-Grub-075-300x300.png\" class=\"attachment-medium size-medium\" alt=\"Christina Hugl Gr\u00fcner Veltliner Kamptal \u201eGrub\u201c Grosse Reserve 2018 BIO\" srcset=\"https:\/\/schaumweinkontor.com\/wp-content\/uploads\/2024\/10\/Christina-Hugl-Riedensekte-Grub-075-300x300.png 300w, https:\/\/schaumweinkontor.com\/wp-content\/uploads\/2024\/10\/Christina-Hugl-Riedensekte-Grub-075-150x150.png 150w, https:\/\/schaumweinkontor.com\/wp-content\/uploads\/2024\/10\/Christina-Hugl-Riedensekte-Grub-075-768x768.png 768w, https:\/\/schaumweinkontor.com\/wp-content\/uploads\/2024\/10\/Christina-Hugl-Riedensekte-Grub-075-510x510.png 510w, https:\/\/schaumweinkontor.com\/wp-content\/uploads\/2024\/10\/Christina-Hugl-Riedensekte-Grub-075-100x100.png 100w, https:\/\/schaumweinkontor.com\/wp-content\/uploads\/2024\/10\/Christina-Hugl-Riedensekte-Grub-075.png 1001w\" sizes=\"auto, (max-width: 300px) 100vw, 300px\" \/>\t\t\t\t\t\t\t\t\t<\/a>\n\t\t\t\t\t\t\t\t\t\t\t\t\t\t\t\t\t\t \t\t\t\t\t\t\t\t<\/div>\n\t\t\t\t\t\t\t\t<div class=\"image-tools top right show-on-hover\">\n\t\t\t\t\t\t\t\t\t\t\t\t\t\t\t\t\t<\/div>\n\t\t\t\t\t\t\t\t\t\t\t\t\t\t\t\t\t<div class=\"image-tools grid-tools text-center hide-for-small bottom hover-slide-in show-on-hover\">\n\t\t\t\t\t\t\t\t\t\t\t\t\t\t\t\t\t\t\t<\/div>\n\t\t\t\t\t\t\t\t\t\t\t\t\t\t\t\t\t\t\t\t\t\t\t<\/div>\n\n\t\t\t\t\t\t\t<div class=\"box-text text-center\" >\n\t\t\t\t\t\t\t\t<div class=\"title-wrapper\">\t\t<p class=\"category uppercase is-smaller no-text-overflow product-cat op-7\">\n\t\t\tChristina Hugl\t\t<\/p>\n\t<p class=\"name product-title woocommerce-loop-product__title\"><a href=\"https:\/\/schaumweinkontor.com\/en\/produkt\/christina-hugl-gruener-veltliner-kamptal-grub-grosse-reserve-2018-bio\/\" class=\"woocommerce-LoopProduct-link woocommerce-loop-product__link\">Christina Hugl Gr\u00fcner Veltliner Kamptal \u201eGrub\u201c Grosse Reserve 2018 BIO<\/a><\/p><\/div><div class=\"price-wrapper\">\n\t<span class=\"price\"><span class=\"woocommerce-Price-amount amount\" role=\"none\"><bdi><span class=\"woocommerce-Price-currencySymbol\">&euro;<\/span>&nbsp;48,00<\/bdi><\/span> <small class=\"woocommerce-price-suffix\">inkl. MwSt.<\/small><\/span>\n<\/div><div class=\"add-to-cart-button\"><a href=\"\/en\/wp-json\/wp\/v2\/pages\/4628?add-to-cart=5810\" aria-describedby=\"woocommerce_loop_add_to_cart_link_describedby_5810\" data-quantity=\"1\" class=\"primary is-small mb-0 button product_type_simple add_to_cart_button ajax_add_to_cart is-outline\" data-product_id=\"5810\" data-product_sku=\"100300220\" aria-label=\"Add to cart: &ldquo;Christina Hugl Gr\u00fcner Veltliner Kamptal \u201eGrub\u201c Grosse Reserve 2018 BIO&rdquo;\" rel=\"nofollow\" data-success_message=\"&ldquo;Christina Hugl Gr\u00fcner Veltliner Kamptal \u201eGrub\u201c Grosse Reserve 2018 BIO&rdquo; has been added to your cart\" role=\"button\">Add to cart<\/a><\/div>\t<span id=\"woocommerce_loop_add_to_cart_link_describedby_5810\" class=\"screen-reader-text\">\n\t\t\t<\/span>\n\t\t\t\t\t\t\t<\/div>\n\t\t\t\t\t\t<\/div>\n\t\t\t\t\t\t<\/div>\n\t\t\t\t\t<\/div><div class=\"col\" data-animate=\"fadeInUp\">\n\t\t\t\t\t\t<div class=\"col-inner\">\n\t\t\t\t\t\t\n<div class=\"badge-container badge-custom absolute right top z-1\">\n\n<\/div>\n\t\t\t\t\t\t<div class=\"product-small box margin-auto has-hover box-normal box-text-bottom\">\n\t\t\t\t\t\t\t<div class=\"box-image\" >\n\t\t\t\t\t\t\t\t<div class=\"\" >\n\t\t\t\t\t\t\t\t\t<a href=\"https:\/\/schaumweinkontor.com\/en\/produkt\/christina-hugl-gruener-veltliner-wachau-kollmuetz-grosse-reserve-2018-bio-075-l\/\" aria-label=\"Christina Hugl Gr\u00fcner Veltliner Wachau \u201eKollm\u00fctz\u201c Gro\u00dfe Reserve 2018 BIO 0,75 L\">\n\t\t\t\t\t\t\t\t\t\t<img loading=\"lazy\" decoding=\"async\" width=\"300\" height=\"300\" src=\"https:\/\/schaumweinkontor.com\/wp-content\/uploads\/2024\/10\/Christina-Hugl-Riedensekte-Kollmutz-075-300x300.png\" class=\"attachment-medium size-medium\" alt=\"Christina Hugl Gr\u00fcner Veltliner Wachau \u201eKollm\u00fctz\u201c Gro\u00dfe Reserve 2018 BIO 0,75 L\" srcset=\"https:\/\/schaumweinkontor.com\/wp-content\/uploads\/2024\/10\/Christina-Hugl-Riedensekte-Kollmutz-075-300x300.png 300w, https:\/\/schaumweinkontor.com\/wp-content\/uploads\/2024\/10\/Christina-Hugl-Riedensekte-Kollmutz-075-150x150.png 150w, https:\/\/schaumweinkontor.com\/wp-content\/uploads\/2024\/10\/Christina-Hugl-Riedensekte-Kollmutz-075-768x768.png 768w, https:\/\/schaumweinkontor.com\/wp-content\/uploads\/2024\/10\/Christina-Hugl-Riedensekte-Kollmutz-075-510x510.png 510w, https:\/\/schaumweinkontor.com\/wp-content\/uploads\/2024\/10\/Christina-Hugl-Riedensekte-Kollmutz-075-100x100.png 100w, https:\/\/schaumweinkontor.com\/wp-content\/uploads\/2024\/10\/Christina-Hugl-Riedensekte-Kollmutz-075.png 1001w\" sizes=\"auto, (max-width: 300px) 100vw, 300px\" \/>\t\t\t\t\t\t\t\t\t<\/a>\n\t\t\t\t\t\t\t\t\t\t\t\t\t\t\t\t\t\t \t\t\t\t\t\t\t\t<\/div>\n\t\t\t\t\t\t\t\t<div class=\"image-tools top right show-on-hover\">\n\t\t\t\t\t\t\t\t\t\t\t\t\t\t\t\t\t<\/div>\n\t\t\t\t\t\t\t\t\t\t\t\t\t\t\t\t\t<div class=\"image-tools grid-tools text-center hide-for-small bottom hover-slide-in show-on-hover\">\n\t\t\t\t\t\t\t\t\t\t\t\t\t\t\t\t\t\t\t<\/div>\n\t\t\t\t\t\t\t\t\t\t\t\t\t\t\t\t\t\t\t\t\t\t\t<\/div>\n\n\t\t\t\t\t\t\t<div class=\"box-text text-center\" >\n\t\t\t\t\t\t\t\t<div class=\"title-wrapper\">\t\t<p class=\"category uppercase is-smaller no-text-overflow product-cat op-7\">\n\t\t\tChristina Hugl\t\t<\/p>\n\t<p class=\"name product-title woocommerce-loop-product__title\"><a href=\"https:\/\/schaumweinkontor.com\/en\/produkt\/christina-hugl-gruener-veltliner-wachau-kollmuetz-grosse-reserve-2018-bio-075-l\/\" class=\"woocommerce-LoopProduct-link woocommerce-loop-product__link\">Christina Hugl Gr\u00fcner Veltliner Wachau \u201eKollm\u00fctz\u201c Gro\u00dfe Reserve 2018 BIO 0,75 L<\/a><\/p><\/div><div class=\"price-wrapper\">\n\t<span class=\"price\"><span class=\"woocommerce-Price-amount amount\" role=\"none\"><bdi><span class=\"woocommerce-Price-currencySymbol\">&euro;<\/span>&nbsp;48,00<\/bdi><\/span> <small class=\"woocommerce-price-suffix\">inkl. MwSt.<\/small><\/span>\n<\/div><div class=\"add-to-cart-button\"><a href=\"\/en\/wp-json\/wp\/v2\/pages\/4628?add-to-cart=5808\" aria-describedby=\"woocommerce_loop_add_to_cart_link_describedby_5808\" data-quantity=\"1\" class=\"primary is-small mb-0 button product_type_simple add_to_cart_button ajax_add_to_cart is-outline\" data-product_id=\"5808\" data-product_sku=\"100300219\" aria-label=\"Add to cart: &ldquo;Christina Hugl Gr\u00fcner Veltliner Wachau \u201eKollm\u00fctz\u201c Gro\u00dfe Reserve 2018 BIO 0,75 L&rdquo;\" rel=\"nofollow\" data-success_message=\"&ldquo;Christina Hugl Gr\u00fcner Veltliner Wachau \u201eKollm\u00fctz\u201c Gro\u00dfe Reserve 2018 BIO 0,75 L&rdquo; has been added to your cart\" role=\"button\">Add to cart<\/a><\/div>\t<span id=\"woocommerce_loop_add_to_cart_link_describedby_5808\" class=\"screen-reader-text\">\n\t\t\t<\/span>\n\t\t\t\t\t\t\t<\/div>\n\t\t\t\t\t\t<\/div>\n\t\t\t\t\t\t<\/div>\n\t\t\t\t\t<\/div><div class=\"col\" data-animate=\"fadeInUp\">\n\t\t\t\t\t\t<div class=\"col-inner\">\n\t\t\t\t\t\t\n<div class=\"badge-container badge-custom absolute right top z-1\">\n\n<\/div>\n\t\t\t\t\t\t<div class=\"product-small box margin-auto has-hover box-normal box-text-bottom\">\n\t\t\t\t\t\t\t<div class=\"box-image\" >\n\t\t\t\t\t\t\t\t<div class=\"\" >\n\t\t\t\t\t\t\t\t\t<a href=\"https:\/\/schaumweinkontor.com\/en\/produkt\/christina-hugl-gruener-veltliner-weinviertel-hermannschachern-grosse-reserve-2018-bio-075-l\/\" aria-label=\"Christina Hugl Gr\u00fcner Veltliner Weinviertel \u201eHermannschachern\u201c Gro\u00dfe Reserve 2018 BIO 0,75 L\">\n\t\t\t\t\t\t\t\t\t\t<img loading=\"lazy\" decoding=\"async\" width=\"300\" height=\"300\" src=\"https:\/\/schaumweinkontor.com\/wp-content\/uploads\/2024\/10\/Christina-Hugl-Riedensekte-Hermannschachern-075-300x300.png\" class=\"attachment-medium size-medium\" alt=\"Christina Hugl Gr\u00fcner Veltliner Weinviertel \u201eHermannschachern\u201c Gro\u00dfe Reserve 2018 BIO 0,75 L\" srcset=\"https:\/\/schaumweinkontor.com\/wp-content\/uploads\/2024\/10\/Christina-Hugl-Riedensekte-Hermannschachern-075-300x300.png 300w, https:\/\/schaumweinkontor.com\/wp-content\/uploads\/2024\/10\/Christina-Hugl-Riedensekte-Hermannschachern-075-150x150.png 150w, https:\/\/schaumweinkontor.com\/wp-content\/uploads\/2024\/10\/Christina-Hugl-Riedensekte-Hermannschachern-075-768x768.png 768w, https:\/\/schaumweinkontor.com\/wp-content\/uploads\/2024\/10\/Christina-Hugl-Riedensekte-Hermannschachern-075-510x510.png 510w, https:\/\/schaumweinkontor.com\/wp-content\/uploads\/2024\/10\/Christina-Hugl-Riedensekte-Hermannschachern-075-100x100.png 100w, https:\/\/schaumweinkontor.com\/wp-content\/uploads\/2024\/10\/Christina-Hugl-Riedensekte-Hermannschachern-075.png 1001w\" sizes=\"auto, (max-width: 300px) 100vw, 300px\" \/>\t\t\t\t\t\t\t\t\t<\/a>\n\t\t\t\t\t\t\t\t\t\t\t\t\t\t\t\t\t\t \t\t\t\t\t\t\t\t<\/div>\n\t\t\t\t\t\t\t\t<div class=\"image-tools top right show-on-hover\">\n\t\t\t\t\t\t\t\t\t\t\t\t\t\t\t\t\t<\/div>\n\t\t\t\t\t\t\t\t\t\t\t\t\t\t\t\t\t<div class=\"image-tools grid-tools text-center hide-for-small bottom hover-slide-in show-on-hover\">\n\t\t\t\t\t\t\t\t\t\t\t\t\t\t\t\t\t\t\t<\/div>\n\t\t\t\t\t\t\t\t\t\t\t\t\t\t\t\t\t\t\t\t\t\t\t<\/div>\n\n\t\t\t\t\t\t\t<div class=\"box-text text-center\" >\n\t\t\t\t\t\t\t\t<div class=\"title-wrapper\">\t\t<p class=\"category uppercase is-smaller no-text-overflow product-cat op-7\">\n\t\t\tChristina Hugl\t\t<\/p>\n\t<p class=\"name product-title woocommerce-loop-product__title\"><a href=\"https:\/\/schaumweinkontor.com\/en\/produkt\/christina-hugl-gruener-veltliner-weinviertel-hermannschachern-grosse-reserve-2018-bio-075-l\/\" class=\"woocommerce-LoopProduct-link woocommerce-loop-product__link\">Christina Hugl Gr\u00fcner Veltliner Weinviertel \u201eHermannschachern\u201c Gro\u00dfe Reserve 2018 BIO 0,75 L<\/a><\/p><\/div><div class=\"price-wrapper\">\n\t<span class=\"price\"><span class=\"woocommerce-Price-amount amount\" role=\"none\"><bdi><span class=\"woocommerce-Price-currencySymbol\">&euro;<\/span>&nbsp;48,00<\/bdi><\/span> <small class=\"woocommerce-price-suffix\">inkl. MwSt.<\/small><\/span>\n<\/div><div class=\"add-to-cart-button\"><a href=\"\/en\/wp-json\/wp\/v2\/pages\/4628?add-to-cart=5806\" aria-describedby=\"woocommerce_loop_add_to_cart_link_describedby_5806\" data-quantity=\"1\" class=\"primary is-small mb-0 button product_type_simple add_to_cart_button ajax_add_to_cart is-outline\" data-product_id=\"5806\" data-product_sku=\"100300218\" aria-label=\"Add to cart: &ldquo;Christina Hugl Gr\u00fcner Veltliner Weinviertel \u201eHermannschachern\u201c Gro\u00dfe Reserve 2018 BIO 0,75 L&rdquo;\" rel=\"nofollow\" data-success_message=\"&ldquo;Christina Hugl Gr\u00fcner Veltliner Weinviertel \u201eHermannschachern\u201c Gro\u00dfe Reserve 2018 BIO 0,75 L&rdquo; has been added to your cart\" role=\"button\">Add to cart<\/a><\/div>\t<span id=\"woocommerce_loop_add_to_cart_link_describedby_5806\" class=\"screen-reader-text\">\n\t\t\t<\/span>\n\t\t\t\t\t\t\t<\/div>\n\t\t\t\t\t\t<\/div>\n\t\t\t\t\t\t<\/div>\n\t\t\t\t\t<\/div><div class=\"col\" data-animate=\"fadeInUp\">\n\t\t\t\t\t\t<div class=\"col-inner\">\n\t\t\t\t\t\t\n<div class=\"badge-container badge-custom absolute right top z-1\">\n\n<\/div>\n\t\t\t\t\t\t<div class=\"product-small box margin-auto has-hover box-normal box-text-bottom\">\n\t\t\t\t\t\t\t<div class=\"box-image\" >\n\t\t\t\t\t\t\t\t<div class=\"\" >\n\t\t\t\t\t\t\t\t\t<a href=\"https:\/\/schaumweinkontor.com\/en\/produkt\/christina-hugl-ernst-b-blaubrause-pet-nat-075-l\/\" aria-label=\"Christina Hugl\/Ernst B. Blaubrause Pet Nat 0,75 L organic\">\n\t\t\t\t\t\t\t\t\t\t<img loading=\"lazy\" decoding=\"async\" width=\"300\" height=\"300\" src=\"https:\/\/schaumweinkontor.com\/wp-content\/uploads\/2023\/06\/Design-ohne-Titel-14-300x300.png\" class=\"attachment-medium size-medium\" alt=\"Christina Hugl\/Ernst B. Blaubrause Pet Nat 0,75 L organic\" srcset=\"https:\/\/schaumweinkontor.com\/wp-content\/uploads\/2023\/06\/Design-ohne-Titel-14-300x300.png 300w, https:\/\/schaumweinkontor.com\/wp-content\/uploads\/2023\/06\/Design-ohne-Titel-14-100x100.png 100w, https:\/\/schaumweinkontor.com\/wp-content\/uploads\/2023\/06\/Design-ohne-Titel-14-510x510.png 510w, https:\/\/schaumweinkontor.com\/wp-content\/uploads\/2023\/06\/Design-ohne-Titel-14-150x150.png 150w, https:\/\/schaumweinkontor.com\/wp-content\/uploads\/2023\/06\/Design-ohne-Titel-14-768x768.png 768w, https:\/\/schaumweinkontor.com\/wp-content\/uploads\/2023\/06\/Design-ohne-Titel-14.png 1000w\" sizes=\"auto, (max-width: 300px) 100vw, 300px\" \/>\t\t\t\t\t\t\t\t\t<\/a>\n\t\t\t\t\t\t\t\t\t\t\t\t\t\t\t\t\t\t \t\t\t\t\t\t\t\t<\/div>\n\t\t\t\t\t\t\t\t<div class=\"image-tools top right show-on-hover\">\n\t\t\t\t\t\t\t\t\t\t\t\t\t\t\t\t\t<\/div>\n\t\t\t\t\t\t\t\t\t\t\t\t\t\t\t\t\t<div class=\"image-tools grid-tools text-center hide-for-small bottom hover-slide-in show-on-hover\">\n\t\t\t\t\t\t\t\t\t\t\t\t\t\t\t\t\t\t\t<\/div>\n\t\t\t\t\t\t\t\t\t\t\t\t\t\t\t\t\t\t\t\t\t\t\t<\/div>\n\n\t\t\t\t\t\t\t<div class=\"box-text text-center\" >\n\t\t\t\t\t\t\t\t<div class=\"title-wrapper\">\t\t<p class=\"category uppercase is-smaller no-text-overflow product-cat op-7\">\n\t\t\tChristina Hugl\t\t<\/p>\n\t<p class=\"name product-title woocommerce-loop-product__title\"><a href=\"https:\/\/schaumweinkontor.com\/en\/produkt\/christina-hugl-ernst-b-blaubrause-pet-nat-075-l\/\" class=\"woocommerce-LoopProduct-link woocommerce-loop-product__link\">Christina Hugl\/Ernst B. Blaubrause Pet Nat 0,75 L organic<\/a><\/p><\/div><div class=\"price-wrapper\">\n\t<span class=\"price\"><span class=\"woocommerce-Price-amount amount\" role=\"none\"><bdi><span class=\"woocommerce-Price-currencySymbol\">&euro;<\/span>&nbsp;24,50<\/bdi><\/span> <small class=\"woocommerce-price-suffix\">inkl. MwSt.<\/small><\/span>\n<\/div><div class=\"add-to-cart-button\"><a href=\"\/en\/wp-json\/wp\/v2\/pages\/4628?add-to-cart=4664\" aria-describedby=\"woocommerce_loop_add_to_cart_link_describedby_4664\" data-quantity=\"1\" class=\"primary is-small mb-0 button product_type_simple add_to_cart_button ajax_add_to_cart is-outline\" data-product_id=\"4664\" data-product_sku=\"100300215\" aria-label=\"Add to cart: &ldquo;Christina Hugl\/Ernst B. Blaubrause Pet Nat 0,75 L organic&rdquo;\" rel=\"nofollow\" data-success_message=\"&ldquo;Christina Hugl\/Ernst B. Blaubrause Pet Nat 0,75 L organic&rdquo; has been added to your cart\" role=\"button\">Add to cart<\/a><\/div>\t<span id=\"woocommerce_loop_add_to_cart_link_describedby_4664\" class=\"screen-reader-text\">\n\t\t\t<\/span>\n\t\t\t\t\t\t\t<\/div>\n\t\t\t\t\t\t<\/div>\n\t\t\t\t\t\t<\/div>\n\t\t\t\t\t<\/div><div class=\"col\" data-animate=\"fadeInUp\">\n\t\t\t\t\t\t<div class=\"col-inner\">\n\t\t\t\t\t\t\n<div class=\"badge-container badge-custom absolute right top z-1\">\n\n<\/div>\n\t\t\t\t\t\t<div class=\"product-small box margin-auto has-hover box-normal box-text-bottom\">\n\t\t\t\t\t\t\t<div class=\"box-image\" >\n\t\t\t\t\t\t\t\t<div class=\"\" >\n\t\t\t\t\t\t\t\t\t<a href=\"https:\/\/schaumweinkontor.com\/en\/produkt\/christina-hugl-red-nat-blauer-portugieser-2021-075-l\/\" aria-label=\"Christina Hugl Red-Nat Blauer Portugieser 0,75 L\">\n\t\t\t\t\t\t\t\t\t\t<img loading=\"lazy\" decoding=\"async\" width=\"300\" height=\"300\" src=\"https:\/\/schaumweinkontor.com\/wp-content\/uploads\/2023\/05\/Red-Nat-Blauer-Portugieser_1000x1000-px-300x300.png\" class=\"attachment-medium size-medium\" alt=\"Christina Hugl Red-Nat Blauer Portugieser 0,75 L\" srcset=\"https:\/\/schaumweinkontor.com\/wp-content\/uploads\/2023\/05\/Red-Nat-Blauer-Portugieser_1000x1000-px-300x300.png 300w, https:\/\/schaumweinkontor.com\/wp-content\/uploads\/2023\/05\/Red-Nat-Blauer-Portugieser_1000x1000-px-100x100.png 100w, https:\/\/schaumweinkontor.com\/wp-content\/uploads\/2023\/05\/Red-Nat-Blauer-Portugieser_1000x1000-px-510x510.png 510w, https:\/\/schaumweinkontor.com\/wp-content\/uploads\/2023\/05\/Red-Nat-Blauer-Portugieser_1000x1000-px-150x150.png 150w, https:\/\/schaumweinkontor.com\/wp-content\/uploads\/2023\/05\/Red-Nat-Blauer-Portugieser_1000x1000-px-768x768.png 768w, https:\/\/schaumweinkontor.com\/wp-content\/uploads\/2023\/05\/Red-Nat-Blauer-Portugieser_1000x1000-px.png 1000w\" sizes=\"auto, (max-width: 300px) 100vw, 300px\" \/>\t\t\t\t\t\t\t\t\t<\/a>\n\t\t\t\t\t\t\t\t\t\t\t\t\t\t\t\t\t\t \t\t\t\t\t\t\t\t<\/div>\n\t\t\t\t\t\t\t\t<div class=\"image-tools top right show-on-hover\">\n\t\t\t\t\t\t\t\t\t\t\t\t\t\t\t\t\t<\/div>\n\t\t\t\t\t\t\t\t\t\t\t\t\t\t\t\t\t<div class=\"image-tools grid-tools text-center hide-for-small bottom hover-slide-in show-on-hover\">\n\t\t\t\t\t\t\t\t\t\t\t\t\t\t\t\t\t\t\t<\/div>\n\t\t\t\t\t\t\t\t\t\t\t\t\t\t\t\t\t\t\t\t\t\t\t<\/div>\n\n\t\t\t\t\t\t\t<div class=\"box-text text-center\" >\n\t\t\t\t\t\t\t\t<div class=\"title-wrapper\">\t\t<p class=\"category uppercase is-smaller no-text-overflow product-cat op-7\">\n\t\t\tChristina Hugl\t\t<\/p>\n\t<p class=\"name product-title woocommerce-loop-product__title\"><a href=\"https:\/\/schaumweinkontor.com\/en\/produkt\/christina-hugl-red-nat-blauer-portugieser-2021-075-l\/\" class=\"woocommerce-LoopProduct-link woocommerce-loop-product__link\">Christina Hugl Red-Nat Blauer Portugieser 0,75 L<\/a><\/p><\/div><div class=\"price-wrapper\">\n\t<span class=\"price\"><span class=\"woocommerce-Price-amount amount\" role=\"none\"><bdi><span class=\"woocommerce-Price-currencySymbol\">&euro;<\/span>&nbsp;21,00<\/bdi><\/span> <small class=\"woocommerce-price-suffix\">inkl. MwSt.<\/small><\/span>\n<\/div><div class=\"add-to-cart-button\"><a href=\"\/en\/wp-json\/wp\/v2\/pages\/4628?add-to-cart=4675\" aria-describedby=\"woocommerce_loop_add_to_cart_link_describedby_4675\" data-quantity=\"1\" class=\"primary is-small mb-0 button product_type_simple add_to_cart_button ajax_add_to_cart is-outline\" data-product_id=\"4675\" data-product_sku=\"100300214\" aria-label=\"Add to cart: &ldquo;Christina Hugl Red-Nat Blauer Portugieser 0,75 L&rdquo;\" rel=\"nofollow\" data-success_message=\"&ldquo;Christina Hugl Red-Nat Blauer Portugieser 0,75 L&rdquo; has been added to your cart\" role=\"button\">Add to cart<\/a><\/div>\t<span id=\"woocommerce_loop_add_to_cart_link_describedby_4675\" class=\"screen-reader-text\">\n\t\t\t<\/span>\n\t\t\t\t\t\t\t<\/div>\n\t\t\t\t\t\t<\/div>\n\t\t\t\t\t\t<\/div>\n\t\t\t\t\t<\/div><div class=\"col\" data-animate=\"fadeInUp\">\n\t\t\t\t\t\t<div class=\"col-inner\">\n\t\t\t\t\t\t\n<div class=\"badge-container badge-custom absolute right top z-1\">\n\n<\/div>\n\t\t\t\t\t\t<div class=\"product-small box margin-auto has-hover box-normal box-text-bottom\">\n\t\t\t\t\t\t\t<div class=\"box-image\" >\n\t\t\t\t\t\t\t\t<div class=\"\" >\n\t\t\t\t\t\t\t\t\t<a href=\"https:\/\/schaumweinkontor.com\/en\/produkt\/christina-hugl-rose-pet-nat-075-l\/\" aria-label=\"Christina Hugl Ros\u00e9 Pet-Nat. 0,75 L\">\n\t\t\t\t\t\t\t\t\t\t<img loading=\"lazy\" decoding=\"async\" width=\"300\" height=\"300\" src=\"https:\/\/schaumweinkontor.com\/wp-content\/uploads\/2022\/06\/Christina-Hugl-Rose-Pet-Nat.-075-L-300x300.png\" class=\"attachment-medium size-medium\" alt=\"Christina Hugl Ros\u00e9 Pet-Nat. 0,75 L\" srcset=\"https:\/\/schaumweinkontor.com\/wp-content\/uploads\/2022\/06\/Christina-Hugl-Rose-Pet-Nat.-075-L-300x300.png 300w, https:\/\/schaumweinkontor.com\/wp-content\/uploads\/2022\/06\/Christina-Hugl-Rose-Pet-Nat.-075-L-100x100.png 100w, https:\/\/schaumweinkontor.com\/wp-content\/uploads\/2022\/06\/Christina-Hugl-Rose-Pet-Nat.-075-L-510x510.png 510w, https:\/\/schaumweinkontor.com\/wp-content\/uploads\/2022\/06\/Christina-Hugl-Rose-Pet-Nat.-075-L-150x150.png 150w, https:\/\/schaumweinkontor.com\/wp-content\/uploads\/2022\/06\/Christina-Hugl-Rose-Pet-Nat.-075-L-768x768.png 768w, https:\/\/schaumweinkontor.com\/wp-content\/uploads\/2022\/06\/Christina-Hugl-Rose-Pet-Nat.-075-L.png 1000w\" sizes=\"auto, (max-width: 300px) 100vw, 300px\" \/>\t\t\t\t\t\t\t\t\t<\/a>\n\t\t\t\t\t\t\t\t\t\t\t\t\t\t\t\t\t\t \t\t\t\t\t\t\t\t<\/div>\n\t\t\t\t\t\t\t\t<div class=\"image-tools top right show-on-hover\">\n\t\t\t\t\t\t\t\t\t\t\t\t\t\t\t\t\t<\/div>\n\t\t\t\t\t\t\t\t\t\t\t\t\t\t\t\t\t<div class=\"image-tools grid-tools text-center hide-for-small bottom hover-slide-in show-on-hover\">\n\t\t\t\t\t\t\t\t\t\t\t\t\t\t\t\t\t\t\t<\/div>\n\t\t\t\t\t\t\t\t\t\t\t\t\t\t\t\t\t\t\t\t\t\t\t<\/div>\n\n\t\t\t\t\t\t\t<div class=\"box-text text-center\" >\n\t\t\t\t\t\t\t\t<div class=\"title-wrapper\">\t\t<p class=\"category uppercase is-smaller no-text-overflow product-cat op-7\">\n\t\t\tChristina Hugl\t\t<\/p>\n\t<p class=\"name product-title woocommerce-loop-product__title\"><a href=\"https:\/\/schaumweinkontor.com\/en\/produkt\/christina-hugl-rose-pet-nat-075-l\/\" class=\"woocommerce-LoopProduct-link woocommerce-loop-product__link\">Christina Hugl Ros\u00e9 Pet-Nat. 0,75 L<\/a><\/p><\/div><div class=\"price-wrapper\">\n\t<span class=\"price\"><span class=\"woocommerce-Price-amount amount\" role=\"none\"><bdi><span class=\"woocommerce-Price-currencySymbol\">&euro;<\/span>&nbsp;21,40<\/bdi><\/span> <small class=\"woocommerce-price-suffix\">inkl. MwSt.<\/small><\/span>\n<\/div><div class=\"add-to-cart-button\"><a href=\"\/en\/wp-json\/wp\/v2\/pages\/4628?add-to-cart=4779\" aria-describedby=\"woocommerce_loop_add_to_cart_link_describedby_4779\" data-quantity=\"1\" class=\"primary is-small mb-0 button product_type_simple add_to_cart_button ajax_add_to_cart is-outline\" data-product_id=\"4779\" data-product_sku=\"100300208\" aria-label=\"Add to cart: &ldquo;Christina Hugl Ros\u00e9 Pet-Nat. 0,75 L&rdquo;\" rel=\"nofollow\" data-success_message=\"&ldquo;Christina Hugl Ros\u00e9 Pet-Nat. 0,75 L&rdquo; has been added to your cart\" role=\"button\">Add to cart<\/a><\/div>\t<span id=\"woocommerce_loop_add_to_cart_link_describedby_4779\" class=\"screen-reader-text\">\n\t\t\t<\/span>\n\t\t\t\t\t\t\t<\/div>\n\t\t\t\t\t\t<\/div>\n\t\t\t\t\t\t<\/div>\n\t\t\t\t\t<\/div><div class=\"col\" data-animate=\"fadeInUp\">\n\t\t\t\t\t\t<div class=\"col-inner\">\n\t\t\t\t\t\t\n<div class=\"badge-container badge-custom absolute right top z-1\">\n\n<\/div>\n\t\t\t\t\t\t<div class=\"product-small box margin-auto has-hover box-normal box-text-bottom\">\n\t\t\t\t\t\t\t<div class=\"box-image\" >\n\t\t\t\t\t\t\t\t<div class=\"\" >\n\t\t\t\t\t\t\t\t\t<a href=\"https:\/\/schaumweinkontor.com\/en\/produkt\/christina-hugl-chardonnay-pet-nat-075-l\/\" aria-label=\"Christina Hugl Chardonnay Pet-Nat 0,75l\">\n\t\t\t\t\t\t\t\t\t\t<img loading=\"lazy\" decoding=\"async\" width=\"300\" height=\"300\" src=\"https:\/\/schaumweinkontor.com\/wp-content\/uploads\/2022\/06\/Christina-Hugl-Chardonnay-Pet-Nat-075-300x300.png\" class=\"attachment-medium size-medium\" alt=\"Christina Hugl Chardonnay Pet-Nat\" srcset=\"https:\/\/schaumweinkontor.com\/wp-content\/uploads\/2022\/06\/Christina-Hugl-Chardonnay-Pet-Nat-075-300x300.png 300w, https:\/\/schaumweinkontor.com\/wp-content\/uploads\/2022\/06\/Christina-Hugl-Chardonnay-Pet-Nat-075-100x100.png 100w, https:\/\/schaumweinkontor.com\/wp-content\/uploads\/2022\/06\/Christina-Hugl-Chardonnay-Pet-Nat-075-510x510.png 510w, https:\/\/schaumweinkontor.com\/wp-content\/uploads\/2022\/06\/Christina-Hugl-Chardonnay-Pet-Nat-075-150x150.png 150w, https:\/\/schaumweinkontor.com\/wp-content\/uploads\/2022\/06\/Christina-Hugl-Chardonnay-Pet-Nat-075-768x768.png 768w, https:\/\/schaumweinkontor.com\/wp-content\/uploads\/2022\/06\/Christina-Hugl-Chardonnay-Pet-Nat-075.png 1000w\" sizes=\"auto, (max-width: 300px) 100vw, 300px\" \/>\t\t\t\t\t\t\t\t\t<\/a>\n\t\t\t\t\t\t\t\t\t\t\t\t\t\t\t\t\t\t \t\t\t\t\t\t\t\t<\/div>\n\t\t\t\t\t\t\t\t<div class=\"image-tools top right show-on-hover\">\n\t\t\t\t\t\t\t\t\t\t\t\t\t\t\t\t\t<\/div>\n\t\t\t\t\t\t\t\t\t\t\t\t\t\t\t\t\t<div class=\"image-tools grid-tools text-center hide-for-small bottom hover-slide-in show-on-hover\">\n\t\t\t\t\t\t\t\t\t\t\t\t\t\t\t\t\t\t\t<\/div>\n\t\t\t\t\t\t\t\t\t\t\t\t\t\t\t\t\t\t\t\t\t\t\t<\/div>\n\n\t\t\t\t\t\t\t<div class=\"box-text text-center\" >\n\t\t\t\t\t\t\t\t<div class=\"title-wrapper\">\t\t<p class=\"category uppercase is-smaller no-text-overflow product-cat op-7\">\n\t\t\tChristina Hugl\t\t<\/p>\n\t<p class=\"name product-title woocommerce-loop-product__title\"><a href=\"https:\/\/schaumweinkontor.com\/en\/produkt\/christina-hugl-chardonnay-pet-nat-075-l\/\" class=\"woocommerce-LoopProduct-link woocommerce-loop-product__link\">Christina Hugl Chardonnay Pet-Nat 0,75l<\/a><\/p><\/div><div class=\"price-wrapper\">\n\t<span class=\"price\"><span class=\"woocommerce-Price-amount amount\" role=\"none\"><bdi><span class=\"woocommerce-Price-currencySymbol\">&euro;<\/span>&nbsp;21,00<\/bdi><\/span> <small class=\"woocommerce-price-suffix\">inkl. MwSt.<\/small><\/span>\n<\/div><div class=\"add-to-cart-button\"><a href=\"\/en\/wp-json\/wp\/v2\/pages\/4628?add-to-cart=4780\" aria-describedby=\"woocommerce_loop_add_to_cart_link_describedby_4780\" data-quantity=\"1\" class=\"primary is-small mb-0 button product_type_simple add_to_cart_button ajax_add_to_cart is-outline\" data-product_id=\"4780\" data-product_sku=\"100300207\" aria-label=\"Add to cart: &ldquo;Christina Hugl Chardonnay Pet-Nat 0,75l&rdquo;\" rel=\"nofollow\" data-success_message=\"&ldquo;Christina Hugl Chardonnay Pet-Nat 0,75l&rdquo; has been added to your cart\" role=\"button\">Add to cart<\/a><\/div>\t<span id=\"woocommerce_loop_add_to_cart_link_describedby_4780\" class=\"screen-reader-text\">\n\t\t\t<\/span>\n\t\t\t\t\t\t\t<\/div>\n\t\t\t\t\t\t<\/div>\n\t\t\t\t\t\t<\/div>\n\t\t\t\t\t<\/div><\/div>\n\n<div class=\"text-center\"><div class=\"is-divider divider clearfix\" style=\"margin-top:3em;margin-bottom:3em;max-width:100%;height:2px;background-color:rgba(183, 149, 73, 0.419);\"><\/div><\/div>\n\n\n\t\t<\/div>\n\t\t\t\t\n<style>\n#col-1615446368 > .col-inner {\n  padding: 10px 0px 10px 0px;\n}\n<\/style>\n\t<\/div>\n\n\t\n\n\n<style>\n#row-1254025136 > .col > .col-inner {\n  padding: 15px 0px 0px 0px;\n}\n<\/style>\n<\/div>\n\t<section class=\"section bg_winzer\" id=\"section_1175245148\">\n\t\t<div class=\"bg section-bg fill bg-fill  \" >\n\n\t\t\t\n\t\t\t\n\t\t\t\n\n\t\t<\/div>\n\n\t\t\n\n\t\t<div class=\"section-content relative\">\n\t\t\t\n\n<div class=\"row row-full-width align-middle align-center\"  id=\"row-1616072204\">\n\n\n\t<div id=\"col-542978890\" class=\"col small-12 large-12\"  >\n\t\t\t\t<div class=\"col-inner\"  >\n\t\t\t\n\t\t\t\n\n<h2 id=\"hoch-pet\" class=\"uppercase\" style=\"text-align: center;\">Christoph Hoch<\/h2>\n\n\t\t<\/div>\n\t\t\t\t\t<\/div>\n\n\t\n\n\n<style>\n#row-1616072204 > .col > .col-inner {\n  padding: 15px 0px 0px 0px;\n}\n<\/style>\n<\/div>\n\n\t\t<\/div>\n\n\t\t\n<style>\n#section_1175245148 {\n  padding-top: 20px;\n  padding-bottom: 20px;\n  margin-bottom: 20px;\n}\n#section_1175245148 .section-bg.bg-loaded {\n  background-image: url(https:\/\/schaumweinkontor.com\/wp-content\/uploads\/2022\/06\/landscape-illu-gold-transp.png);\n}\n<\/style>\n\t<\/section>\n\t\n<div class=\"row row-full-width align-middle align-center\"  id=\"row-1307973300\">\n\n\n\t<div id=\"col-838650913\" class=\"col small-12 large-12\"  >\n\t\t\t\t<div class=\"col-inner\"  >\n\t\t\t\n\t\t\t\n\n\n  \n    <div class=\"row margin-auto equalize-box large-columns-3 medium-columns- small-columns-2 row-large has-shadow row-box-shadow-2 row-box-shadow-4-hover\" >\n  \t\n\t     <div class=\"col\" data-animate=\"fadeInUp\">\n\t\t\t\t\t\t<div class=\"col-inner\">\n\t\t\t\t\t\t\n<div class=\"badge-container badge-custom absolute right top z-1\">\n<div class=\"callout badge badge-circle\"><div class=\"badge-inner secondary on-sale\"><span class=\"onsale\">Sale!<\/span><\/div><\/div>\n<\/div>\n\t\t\t\t\t\t<div class=\"product-small box margin-auto has-hover box-normal box-text-bottom\">\n\t\t\t\t\t\t\t<div class=\"box-image\" >\n\t\t\t\t\t\t\t\t<div class=\"\" >\n\t\t\t\t\t\t\t\t\t<a href=\"https:\/\/schaumweinkontor.com\/en\/produkt\/christoph-hoch-kalkspitz-n-v-pet-nat-075-l\/\" aria-label=\"Christoph Hoch Kalkspitz N.V. Pet-Nat 0,75 L\">\n\t\t\t\t\t\t\t\t\t\t<img loading=\"lazy\" decoding=\"async\" width=\"300\" height=\"300\" src=\"https:\/\/schaumweinkontor.com\/wp-content\/uploads\/2022\/06\/Schaumweinkontor-Kalkspitz-1000x1000-px-300x300.png\" class=\"attachment-medium size-medium\" alt=\"Christoph Hoch Kalkspitz N.V. Pet-Nat 0,75 L\" srcset=\"https:\/\/schaumweinkontor.com\/wp-content\/uploads\/2022\/06\/Schaumweinkontor-Kalkspitz-1000x1000-px-300x300.png 300w, https:\/\/schaumweinkontor.com\/wp-content\/uploads\/2022\/06\/Schaumweinkontor-Kalkspitz-1000x1000-px-100x100.png 100w, https:\/\/schaumweinkontor.com\/wp-content\/uploads\/2022\/06\/Schaumweinkontor-Kalkspitz-1000x1000-px-510x510.png 510w, https:\/\/schaumweinkontor.com\/wp-content\/uploads\/2022\/06\/Schaumweinkontor-Kalkspitz-1000x1000-px-150x150.png 150w, https:\/\/schaumweinkontor.com\/wp-content\/uploads\/2022\/06\/Schaumweinkontor-Kalkspitz-1000x1000-px-768x768.png 768w, https:\/\/schaumweinkontor.com\/wp-content\/uploads\/2022\/06\/Schaumweinkontor-Kalkspitz-1000x1000-px.png 1000w\" sizes=\"auto, (max-width: 300px) 100vw, 300px\" \/>\t\t\t\t\t\t\t\t\t<\/a>\n\t\t\t\t\t\t\t\t\t\t\t\t\t\t\t\t\t\t \t\t\t\t\t\t\t\t<\/div>\n\t\t\t\t\t\t\t\t<div class=\"image-tools top right show-on-hover\">\n\t\t\t\t\t\t\t\t\t\t\t\t\t\t\t\t\t<\/div>\n\t\t\t\t\t\t\t\t\t\t\t\t\t\t\t\t\t<div class=\"image-tools grid-tools text-center hide-for-small bottom hover-slide-in show-on-hover\">\n\t\t\t\t\t\t\t\t\t\t\t\t\t\t\t\t\t\t\t<\/div>\n\t\t\t\t\t\t\t\t\t\t\t\t\t\t\t\t\t\t\t\t\t\t\t<\/div>\n\n\t\t\t\t\t\t\t<div class=\"box-text text-center\" >\n\t\t\t\t\t\t\t\t<div class=\"title-wrapper\">\t\t<p class=\"category uppercase is-smaller no-text-overflow product-cat op-7\">\n\t\t\tChristoph Hoch\t\t<\/p>\n\t<p class=\"name product-title woocommerce-loop-product__title\"><a href=\"https:\/\/schaumweinkontor.com\/en\/produkt\/christoph-hoch-kalkspitz-n-v-pet-nat-075-l\/\" class=\"woocommerce-LoopProduct-link woocommerce-loop-product__link\">Christoph Hoch Kalkspitz N.V. Pet-Nat 0,75 L<\/a><\/p><\/div><div class=\"price-wrapper\">\n\t<span class=\"price\"><del aria-hidden=\"true\"><span class=\"woocommerce-Price-amount amount\" role=\"none\"><bdi><span class=\"woocommerce-Price-currencySymbol\">&euro;<\/span>&nbsp;15,90<\/bdi><\/span><\/del> <span class=\"screen-reader-text\">Original price was: &euro;&nbsp;15,90.<\/span><ins aria-hidden=\"true\"><span class=\"woocommerce-Price-amount amount\" role=\"none\"><bdi><span class=\"woocommerce-Price-currencySymbol\">&euro;<\/span>&nbsp;11,13<\/bdi><\/span><\/ins><span class=\"screen-reader-text\">Current price is: &euro;&nbsp;11,13.<\/span> <small class=\"woocommerce-price-suffix\">inkl. MwSt.<\/small><\/span>\n<\/div><div class=\"add-to-cart-button\"><a href=\"\/en\/wp-json\/wp\/v2\/pages\/4628?add-to-cart=4774\" aria-describedby=\"woocommerce_loop_add_to_cart_link_describedby_4774\" data-quantity=\"1\" class=\"primary is-small mb-0 button product_type_simple add_to_cart_button ajax_add_to_cart is-outline\" data-product_id=\"4774\" data-product_sku=\"100300223\" aria-label=\"Add to cart: &ldquo;Christoph Hoch Kalkspitz N.V. Pet-Nat 0,75 L&rdquo;\" rel=\"nofollow\" data-success_message=\"&ldquo;Christoph Hoch Kalkspitz N.V. Pet-Nat 0,75 L&rdquo; has been added to your cart\" role=\"button\">Add to cart<\/a><\/div>\t<span id=\"woocommerce_loop_add_to_cart_link_describedby_4774\" class=\"screen-reader-text\">\n\t\t\t<\/span>\n\t\t\t\t\t\t\t<\/div>\n\t\t\t\t\t\t<\/div>\n\t\t\t\t\t\t<\/div>\n\t\t\t\t\t<\/div><\/div>\n\n\n\t\t<\/div>\n\t\t\t\t\t<\/div>\n\n\t\n\n\n<style>\n#row-1307973300 > .col > .col-inner {\n  padding: 15px 0px 0px 0px;\n}\n<\/style>\n<\/div>\n<\/div>\n<div id=\"Spanien\">\n\n\n<div class=\"row row-collapse row-full-width align-middle blau-verlauf hide-for-small\"  id=\"row-605901485\">\n\n\n\t<div id=\"col-1732746203\" class=\"col medium-6 small-12 large-6\"  >\n\t\t\t\t<div class=\"col-inner\"  >\n\t\t\t\n\t\t\t\n\n\t<div id=\"text-592342990\" class=\"text\">\n\t\t\n\n<h2> Spain<\/h2>\n\n\t\t\n<style>\n#text-592342990 {\n  font-size: 1.5rem;\n  line-height: 2;\n}\n<\/style>\n\t<\/div>\n\t\n\n\t\t<\/div>\n\t\t\t\t\t<\/div>\n\n\t\n\n\t<div id=\"col-1065601957\" class=\"col medium-6 small-12 large-6\"  >\n\t\t\t\t<div class=\"col-inner\"  >\n\t\t\t\n\t\t\t\n\n<h5 id=\"corpinnat\" class=\"uppercase\" style=\"text-align: right;\"><span style=\"color: #b79549;\">Corpinnat<\/span><\/h5>\n\n\t\t<\/div>\n\t\t\t\t\t<\/div>\n\n\t\n\n\n<style>\n#row-605901485 > .col > .col-inner {\n  padding: 0px 20px 0px 20px;\n  border-radius: 74px;\n}\n<\/style>\n<\/div>\n\t<section class=\"section bg_winzer hide-for-small\" id=\"section_348401456\">\n\t\t<div class=\"bg section-bg fill bg-fill  \" >\n\n\t\t\t\n\t\t\t\n\t\t\t\n\n\t\t<\/div>\n\n\t\t\n\n\t\t<div class=\"section-content relative\">\n\t\t\t\n\n<div class=\"row align-middle align-center\"  id=\"row-681596012\">\n\n\n\t<div id=\"col-752311252\" class=\"col small-12 large-12\"  >\n\t\t\t\t<div class=\"col-inner\"  >\n\t\t\t\n\t\t\t\n\n<h2 id=\"castellroig\" class=\"uppercase\" style=\"text-align: center;\">Castellroig<\/h2>\n<p>\u00a0<\/p>\n\n  \n    <div class=\"row margin-auto equalize-box large-columns-3 medium-columns- small-columns-2 row-large has-shadow row-box-shadow-2 row-box-shadow-4-hover\" >\n  \t\n\t     <div class=\"col\" data-animate=\"fadeInUp\">\n\t\t\t\t\t\t<div class=\"col-inner\">\n\t\t\t\t\t\t\n<div class=\"badge-container badge-custom absolute right top z-1\">\n\n<\/div>\n\t\t\t\t\t\t<div class=\"product-small box margin-auto has-hover box-normal box-text-bottom\">\n\t\t\t\t\t\t\t<div class=\"box-image\" >\n\t\t\t\t\t\t\t\t<div class=\"\" >\n\t\t\t\t\t\t\t\t\t<a href=\"https:\/\/schaumweinkontor.com\/en\/produkt\/castellroig-sic-corpinnat-brut-nature-075-l\/\" aria-label=\"Castellroig SiC Corpinnat Brut Nature 0,75 L\">\n\t\t\t\t\t\t\t\t\t\t<img loading=\"lazy\" decoding=\"async\" width=\"300\" height=\"300\" src=\"https:\/\/schaumweinkontor.com\/wp-content\/uploads\/2022\/06\/Castellroig-SiC-Corpinnat-Brut-Nature-075-L-300x300.png\" class=\"attachment-medium size-medium\" alt=\"Castellroig SiC Corpinnat Brut Nature 0,75 L\" srcset=\"https:\/\/schaumweinkontor.com\/wp-content\/uploads\/2022\/06\/Castellroig-SiC-Corpinnat-Brut-Nature-075-L-300x300.png 300w, https:\/\/schaumweinkontor.com\/wp-content\/uploads\/2022\/06\/Castellroig-SiC-Corpinnat-Brut-Nature-075-L-100x100.png 100w, https:\/\/schaumweinkontor.com\/wp-content\/uploads\/2022\/06\/Castellroig-SiC-Corpinnat-Brut-Nature-075-L-510x510.png 510w, https:\/\/schaumweinkontor.com\/wp-content\/uploads\/2022\/06\/Castellroig-SiC-Corpinnat-Brut-Nature-075-L-150x150.png 150w, https:\/\/schaumweinkontor.com\/wp-content\/uploads\/2022\/06\/Castellroig-SiC-Corpinnat-Brut-Nature-075-L-768x768.png 768w, https:\/\/schaumweinkontor.com\/wp-content\/uploads\/2022\/06\/Castellroig-SiC-Corpinnat-Brut-Nature-075-L.png 1000w\" sizes=\"auto, (max-width: 300px) 100vw, 300px\" \/>\t\t\t\t\t\t\t\t\t<\/a>\n\t\t\t\t\t\t\t\t\t\t\t\t\t\t\t\t\t\t \t\t\t\t\t\t\t\t<\/div>\n\t\t\t\t\t\t\t\t<div class=\"image-tools top right show-on-hover\">\n\t\t\t\t\t\t\t\t\t\t\t\t\t\t\t\t\t<\/div>\n\t\t\t\t\t\t\t\t\t\t\t\t\t\t\t\t\t<div class=\"image-tools grid-tools text-center hide-for-small bottom hover-slide-in show-on-hover\">\n\t\t\t\t\t\t\t\t\t\t\t\t\t\t\t\t\t\t\t<\/div>\n\t\t\t\t\t\t\t\t\t\t\t\t\t\t\t\t<div class=\"out-of-stock-label\">Out of stock<\/div>\t\t\t\t\t\t\t<\/div>\n\n\t\t\t\t\t\t\t<div class=\"box-text text-center\" >\n\t\t\t\t\t\t\t\t<div class=\"title-wrapper\">\t\t<p class=\"category uppercase is-smaller no-text-overflow product-cat op-7\">\n\t\t\tSabate i Coca\t\t<\/p>\n\t<p class=\"name product-title woocommerce-loop-product__title\"><a href=\"https:\/\/schaumweinkontor.com\/en\/produkt\/castellroig-sic-corpinnat-brut-nature-075-l\/\" class=\"woocommerce-LoopProduct-link woocommerce-loop-product__link\">Castellroig SiC Corpinnat Brut Nature 0,75 L<\/a><\/p><\/div><div class=\"price-wrapper\">\n\t<span class=\"price\"><span class=\"woocommerce-Price-amount amount\" role=\"none\"><bdi><span class=\"woocommerce-Price-currencySymbol\">&euro;<\/span>&nbsp;18,20<\/bdi><\/span> <small class=\"woocommerce-price-suffix\">inkl. MwSt.<\/small><\/span>\n<\/div><div class=\"add-to-cart-button\"><a href=\"https:\/\/schaumweinkontor.com\/en\/produkt\/castellroig-sic-corpinnat-brut-nature-075-l\/\" aria-describedby=\"woocommerce_loop_add_to_cart_link_describedby_4757\" data-quantity=\"1\" class=\"primary is-small mb-0 button product_type_simple is-outline\" data-product_id=\"4757\" data-product_sku=\"100300272\" aria-label=\"Read more about &ldquo;Castellroig SiC Corpinnat Brut Nature 0,75 L&rdquo;\" rel=\"nofollow\" data-success_message=\"\">Read more<\/a><\/div>\t<span id=\"woocommerce_loop_add_to_cart_link_describedby_4757\" class=\"screen-reader-text\">\n\t\t\t<\/span>\n\t\t\t\t\t\t\t<\/div>\n\t\t\t\t\t\t<\/div>\n\t\t\t\t\t\t<\/div>\n\t\t\t\t\t<\/div><div class=\"col\" data-animate=\"fadeInUp\">\n\t\t\t\t\t\t<div class=\"col-inner\">\n\t\t\t\t\t\t\n<div class=\"badge-container badge-custom absolute right top z-1\">\n\n<\/div>\n\t\t\t\t\t\t<div class=\"product-small box margin-auto has-hover box-normal box-text-bottom\">\n\t\t\t\t\t\t\t<div class=\"box-image\" >\n\t\t\t\t\t\t\t\t<div class=\"\" >\n\t\t\t\t\t\t\t\t\t<a href=\"https:\/\/schaumweinkontor.com\/en\/produkt\/castellroig-sic-corpinnat-reserva-brut-075-l\/\" aria-label=\"Castellroig SiC Corpinnat Reserva Brut 0,75 L\">\n\t\t\t\t\t\t\t\t\t\t<img loading=\"lazy\" decoding=\"async\" width=\"300\" height=\"300\" src=\"https:\/\/schaumweinkontor.com\/wp-content\/uploads\/2022\/06\/Castellroig-SiC-Corpinnat-Reserva-Brut-075-L-300x300.png\" class=\"attachment-medium size-medium\" alt=\"Castellroig SiC Corpinnat Reserva Brut\" srcset=\"https:\/\/schaumweinkontor.com\/wp-content\/uploads\/2022\/06\/Castellroig-SiC-Corpinnat-Reserva-Brut-075-L-300x300.png 300w, https:\/\/schaumweinkontor.com\/wp-content\/uploads\/2022\/06\/Castellroig-SiC-Corpinnat-Reserva-Brut-075-L-100x100.png 100w, https:\/\/schaumweinkontor.com\/wp-content\/uploads\/2022\/06\/Castellroig-SiC-Corpinnat-Reserva-Brut-075-L-510x510.png 510w, https:\/\/schaumweinkontor.com\/wp-content\/uploads\/2022\/06\/Castellroig-SiC-Corpinnat-Reserva-Brut-075-L-150x150.png 150w, https:\/\/schaumweinkontor.com\/wp-content\/uploads\/2022\/06\/Castellroig-SiC-Corpinnat-Reserva-Brut-075-L-768x768.png 768w, https:\/\/schaumweinkontor.com\/wp-content\/uploads\/2022\/06\/Castellroig-SiC-Corpinnat-Reserva-Brut-075-L.png 1000w\" sizes=\"auto, (max-width: 300px) 100vw, 300px\" \/>\t\t\t\t\t\t\t\t\t<\/a>\n\t\t\t\t\t\t\t\t\t\t\t\t\t\t\t\t\t\t \t\t\t\t\t\t\t\t<\/div>\n\t\t\t\t\t\t\t\t<div class=\"image-tools top right show-on-hover\">\n\t\t\t\t\t\t\t\t\t\t\t\t\t\t\t\t\t<\/div>\n\t\t\t\t\t\t\t\t\t\t\t\t\t\t\t\t\t<div class=\"image-tools grid-tools text-center hide-for-small bottom hover-slide-in show-on-hover\">\n\t\t\t\t\t\t\t\t\t\t\t\t\t\t\t\t\t\t\t<\/div>\n\t\t\t\t\t\t\t\t\t\t\t\t\t\t\t\t<div class=\"out-of-stock-label\">Out of stock<\/div>\t\t\t\t\t\t\t<\/div>\n\n\t\t\t\t\t\t\t<div class=\"box-text text-center\" >\n\t\t\t\t\t\t\t\t<div class=\"title-wrapper\">\t\t<p class=\"category uppercase is-smaller no-text-overflow product-cat op-7\">\n\t\t\tSabate i Coca\t\t<\/p>\n\t<p class=\"name product-title woocommerce-loop-product__title\"><a href=\"https:\/\/schaumweinkontor.com\/en\/produkt\/castellroig-sic-corpinnat-reserva-brut-075-l\/\" class=\"woocommerce-LoopProduct-link woocommerce-loop-product__link\">Castellroig SiC Corpinnat Reserva Brut 0,75 L<\/a><\/p><\/div><div class=\"price-wrapper\">\n\t<span class=\"price\"><span class=\"woocommerce-Price-amount amount\" role=\"none\"><bdi><span class=\"woocommerce-Price-currencySymbol\">&euro;<\/span>&nbsp;19,90<\/bdi><\/span> <small class=\"woocommerce-price-suffix\">inkl. MwSt.<\/small><\/span>\n<\/div><div class=\"add-to-cart-button\"><a href=\"https:\/\/schaumweinkontor.com\/en\/produkt\/castellroig-sic-corpinnat-reserva-brut-075-l\/\" aria-describedby=\"woocommerce_loop_add_to_cart_link_describedby_4758\" data-quantity=\"1\" class=\"primary is-small mb-0 button product_type_simple is-outline\" data-product_id=\"4758\" data-product_sku=\"100300271\" aria-label=\"Read more about &ldquo;Castellroig SiC Corpinnat Reserva Brut 0,75 L&rdquo;\" rel=\"nofollow\" data-success_message=\"\">Read more<\/a><\/div>\t<span id=\"woocommerce_loop_add_to_cart_link_describedby_4758\" class=\"screen-reader-text\">\n\t\t\t<\/span>\n\t\t\t\t\t\t\t<\/div>\n\t\t\t\t\t\t<\/div>\n\t\t\t\t\t\t<\/div>\n\t\t\t\t\t<\/div><div class=\"col\" data-animate=\"fadeInUp\">\n\t\t\t\t\t\t<div class=\"col-inner\">\n\t\t\t\t\t\t\n<div class=\"badge-container badge-custom absolute right top z-1\">\n\n<\/div>\n\t\t\t\t\t\t<div class=\"product-small box margin-auto has-hover box-normal box-text-bottom\">\n\t\t\t\t\t\t\t<div class=\"box-image\" >\n\t\t\t\t\t\t\t\t<div class=\"\" >\n\t\t\t\t\t\t\t\t\t<a href=\"https:\/\/schaumweinkontor.com\/en\/produkt\/castellroig-sic-corpinnat-reserva-brut-rose-075-l\/\" aria-label=\"Castellroig SiC Corpinnat Reserva Brut Rose 0,75 L\">\n\t\t\t\t\t\t\t\t\t\t<img loading=\"lazy\" decoding=\"async\" width=\"300\" height=\"300\" src=\"https:\/\/schaumweinkontor.com\/wp-content\/uploads\/2022\/06\/Castellroig-SiC-Corpinnat-Reserva-Brut-Rose-075-L-300x300.png\" class=\"attachment-medium size-medium\" alt=\"Castellroig SiC Corpinnat Reserva Brut Rose 0,75 L\" srcset=\"https:\/\/schaumweinkontor.com\/wp-content\/uploads\/2022\/06\/Castellroig-SiC-Corpinnat-Reserva-Brut-Rose-075-L-300x300.png 300w, https:\/\/schaumweinkontor.com\/wp-content\/uploads\/2022\/06\/Castellroig-SiC-Corpinnat-Reserva-Brut-Rose-075-L-100x100.png 100w, https:\/\/schaumweinkontor.com\/wp-content\/uploads\/2022\/06\/Castellroig-SiC-Corpinnat-Reserva-Brut-Rose-075-L-510x510.png 510w, https:\/\/schaumweinkontor.com\/wp-content\/uploads\/2022\/06\/Castellroig-SiC-Corpinnat-Reserva-Brut-Rose-075-L-150x150.png 150w, https:\/\/schaumweinkontor.com\/wp-content\/uploads\/2022\/06\/Castellroig-SiC-Corpinnat-Reserva-Brut-Rose-075-L-768x768.png 768w, https:\/\/schaumweinkontor.com\/wp-content\/uploads\/2022\/06\/Castellroig-SiC-Corpinnat-Reserva-Brut-Rose-075-L.png 1000w\" sizes=\"auto, (max-width: 300px) 100vw, 300px\" \/>\t\t\t\t\t\t\t\t\t<\/a>\n\t\t\t\t\t\t\t\t\t\t\t\t\t\t\t\t\t\t \t\t\t\t\t\t\t\t<\/div>\n\t\t\t\t\t\t\t\t<div class=\"image-tools top right show-on-hover\">\n\t\t\t\t\t\t\t\t\t\t\t\t\t\t\t\t\t<\/div>\n\t\t\t\t\t\t\t\t\t\t\t\t\t\t\t\t\t<div class=\"image-tools grid-tools text-center hide-for-small bottom hover-slide-in show-on-hover\">\n\t\t\t\t\t\t\t\t\t\t\t\t\t\t\t\t\t\t\t<\/div>\n\t\t\t\t\t\t\t\t\t\t\t\t\t\t\t\t\t\t\t\t\t\t\t<\/div>\n\n\t\t\t\t\t\t\t<div class=\"box-text text-center\" >\n\t\t\t\t\t\t\t\t<div class=\"title-wrapper\">\t\t<p class=\"category uppercase is-smaller no-text-overflow product-cat op-7\">\n\t\t\tSabate i Coca\t\t<\/p>\n\t<p class=\"name product-title woocommerce-loop-product__title\"><a href=\"https:\/\/schaumweinkontor.com\/en\/produkt\/castellroig-sic-corpinnat-reserva-brut-rose-075-l\/\" class=\"woocommerce-LoopProduct-link woocommerce-loop-product__link\">Castellroig SiC Corpinnat Reserva Brut Rose 0,75 L<\/a><\/p><\/div><div class=\"price-wrapper\">\n\t<span class=\"price\"><span class=\"woocommerce-Price-amount amount\" role=\"none\"><bdi><span class=\"woocommerce-Price-currencySymbol\">&euro;<\/span>&nbsp;19,90<\/bdi><\/span> <small class=\"woocommerce-price-suffix\">inkl. MwSt.<\/small><\/span>\n<\/div><div class=\"add-to-cart-button\"><a href=\"\/en\/wp-json\/wp\/v2\/pages\/4628?add-to-cart=4759\" aria-describedby=\"woocommerce_loop_add_to_cart_link_describedby_4759\" data-quantity=\"1\" class=\"primary is-small mb-0 button product_type_simple add_to_cart_button ajax_add_to_cart is-outline\" data-product_id=\"4759\" data-product_sku=\"100300270\" aria-label=\"Add to cart: &ldquo;Castellroig SiC Corpinnat Reserva Brut Rose 0,75 L&rdquo;\" rel=\"nofollow\" data-success_message=\"&ldquo;Castellroig SiC Corpinnat Reserva Brut Rose 0,75 L&rdquo; has been added to your cart\" role=\"button\">Add to cart<\/a><\/div>\t<span id=\"woocommerce_loop_add_to_cart_link_describedby_4759\" class=\"screen-reader-text\">\n\t\t\t<\/span>\n\t\t\t\t\t\t\t<\/div>\n\t\t\t\t\t\t<\/div>\n\t\t\t\t\t\t<\/div>\n\t\t\t\t\t<\/div><\/div>\n\n\n\t\t<\/div>\n\t\t\t\t\t<\/div>\n\n\t\n\n\n<style>\n#row-681596012 > .col > .col-inner {\n  padding: 15px 0px 0px 0px;\n}\n<\/style>\n<\/div>\n\n\t\t<\/div>\n\n\t\t\n<style>\n#section_348401456 {\n  padding-top: 20px;\n  padding-bottom: 20px;\n  margin-bottom: 30px;\n}\n#section_348401456 .section-bg.bg-loaded {\n  background-image: url(https:\/\/schaumweinkontor.com\/wp-content\/uploads\/2022\/06\/landscape-illu-gold-transp.png);\n}\n<\/style>\n\t<\/section>\n\t\n<div class=\"is-divider divider clearfix\" style=\"margin-top:3em;margin-bottom:3em;max-width:100%;background-color:rgba(183, 149, 73, 0.535);\"><\/div>\n\n\t<section class=\"section bg_winzer hide-for-small\" id=\"section_904539818\">\n\t\t<div class=\"bg section-bg fill bg-fill  \" >\n\n\t\t\t\n\t\t\t\n\t\t\t\n\n\t\t<\/div>\n\n\t\t\n\n\t\t<div class=\"section-content relative\">\n\t\t\t\n\n<div class=\"row align-middle align-center\"  id=\"row-841561606\">\n\n\n\t<div id=\"col-1062120410\" class=\"col small-12 large-12\"  >\n\t\t\t\t<div class=\"col-inner\"  >\n\t\t\t\n\t\t\t\n\n<h2 id=\"feixes\" class=\"uppercase\" style=\"text-align: center;\">Huguet de Can Feixes<\/h2>\n<p>\u00a0<\/p>\n\n  \n    <div class=\"row margin-auto equalize-box large-columns-3 medium-columns- small-columns-2 row-large has-shadow row-box-shadow-2 row-box-shadow-4-hover\" >\n  \t\n\t     <div class=\"col\" data-animate=\"fadeInUp\">\n\t\t\t\t\t\t<div class=\"col-inner\">\n\t\t\t\t\t\t\n<div class=\"badge-container badge-custom absolute right top z-1\">\n\n<\/div>\n\t\t\t\t\t\t<div class=\"product-small box margin-auto has-hover box-normal box-text-bottom\">\n\t\t\t\t\t\t\t<div class=\"box-image\" >\n\t\t\t\t\t\t\t\t<div class=\"\" >\n\t\t\t\t\t\t\t\t\t<a href=\"https:\/\/schaumweinkontor.com\/en\/produkt\/huguet-de-can-feixes-corpinnat-brut-nature-2014-075-l\/\" aria-label=\"Huguet De Can Feixes Corpinnat Brut Nature 2014 0,75 L\">\n\t\t\t\t\t\t\t\t\t\t<img loading=\"lazy\" decoding=\"async\" width=\"300\" height=\"300\" src=\"https:\/\/schaumweinkontor.com\/wp-content\/uploads\/2022\/06\/Catellroig-Brut-Nature-300x300.png\" class=\"attachment-medium size-medium\" alt=\"Huguet De Can Feixes Corpinnat Brut Nature 2014 0,75 L\" srcset=\"https:\/\/schaumweinkontor.com\/wp-content\/uploads\/2022\/06\/Catellroig-Brut-Nature-300x300.png 300w, https:\/\/schaumweinkontor.com\/wp-content\/uploads\/2022\/06\/Catellroig-Brut-Nature-100x100.png 100w, https:\/\/schaumweinkontor.com\/wp-content\/uploads\/2022\/06\/Catellroig-Brut-Nature-510x510.png 510w, https:\/\/schaumweinkontor.com\/wp-content\/uploads\/2022\/06\/Catellroig-Brut-Nature-150x150.png 150w, https:\/\/schaumweinkontor.com\/wp-content\/uploads\/2022\/06\/Catellroig-Brut-Nature-768x768.png 768w, https:\/\/schaumweinkontor.com\/wp-content\/uploads\/2022\/06\/Catellroig-Brut-Nature.png 1000w\" sizes=\"auto, (max-width: 300px) 100vw, 300px\" \/>\t\t\t\t\t\t\t\t\t<\/a>\n\t\t\t\t\t\t\t\t\t\t\t\t\t\t\t\t\t\t \t\t\t\t\t\t\t\t<\/div>\n\t\t\t\t\t\t\t\t<div class=\"image-tools top right show-on-hover\">\n\t\t\t\t\t\t\t\t\t\t\t\t\t\t\t\t\t<\/div>\n\t\t\t\t\t\t\t\t\t\t\t\t\t\t\t\t\t<div class=\"image-tools grid-tools text-center hide-for-small bottom hover-slide-in show-on-hover\">\n\t\t\t\t\t\t\t\t\t\t\t\t\t\t\t\t\t\t\t<\/div>\n\t\t\t\t\t\t\t\t\t\t\t\t\t\t\t\t<div class=\"out-of-stock-label\">Out of stock<\/div>\t\t\t\t\t\t\t<\/div>\n\n\t\t\t\t\t\t\t<div class=\"box-text text-center\" >\n\t\t\t\t\t\t\t\t<div class=\"title-wrapper\">\t\t<p class=\"category uppercase is-smaller no-text-overflow product-cat op-7\">\n\t\t\tHuguet de Can Feixes\t\t<\/p>\n\t<p class=\"name product-title woocommerce-loop-product__title\"><a href=\"https:\/\/schaumweinkontor.com\/en\/produkt\/huguet-de-can-feixes-corpinnat-brut-nature-2014-075-l\/\" class=\"woocommerce-LoopProduct-link woocommerce-loop-product__link\">Huguet De Can Feixes Corpinnat Brut Nature 2014 0,75 L<\/a><\/p><\/div><div class=\"price-wrapper\">\n\t<span class=\"price\"><span class=\"woocommerce-Price-amount amount\" role=\"none\"><bdi><span class=\"woocommerce-Price-currencySymbol\">&euro;<\/span>&nbsp;23,90<\/bdi><\/span> <small class=\"woocommerce-price-suffix\">inkl. MwSt.<\/small><\/span>\n<\/div><div class=\"add-to-cart-button\"><a href=\"https:\/\/schaumweinkontor.com\/en\/produkt\/huguet-de-can-feixes-corpinnat-brut-nature-2014-075-l\/\" aria-describedby=\"woocommerce_loop_add_to_cart_link_describedby_4733\" data-quantity=\"1\" class=\"primary is-small mb-0 button product_type_simple is-outline\" data-product_id=\"4733\" data-product_sku=\"100300278\" aria-label=\"Read more about &ldquo;Huguet De Can Feixes Corpinnat Brut Nature 2014 0,75 L&rdquo;\" rel=\"nofollow\" data-success_message=\"\">Read more<\/a><\/div>\t<span id=\"woocommerce_loop_add_to_cart_link_describedby_4733\" class=\"screen-reader-text\">\n\t\t\t<\/span>\n\t\t\t\t\t\t\t<\/div>\n\t\t\t\t\t\t<\/div>\n\t\t\t\t\t\t<\/div>\n\t\t\t\t\t<\/div><\/div>\n\n\n\t\t<\/div>\n\t\t\t\t\t<\/div>\n\n\t\n\n\n<style>\n#row-841561606 > .col > .col-inner {\n  padding: 15px 0px 0px 0px;\n}\n<\/style>\n<\/div>\n\n\t\t<\/div>\n\n\t\t\n<style>\n#section_904539818 {\n  padding-top: 20px;\n  padding-bottom: 20px;\n  margin-bottom: 30px;\n}\n#section_904539818 .section-bg.bg-loaded {\n  background-image: url(https:\/\/schaumweinkontor.com\/wp-content\/uploads\/2022\/06\/landscape-illu-gold-transp.png);\n}\n<\/style>\n\t<\/section>\n\t\n<div class=\"row row-collapse row-full-width align-middle blau-verlauf hide-for-small\"  id=\"row-1563388017\">\n\n\n\t<div id=\"col-1080452556\" class=\"col medium-6 small-12 large-6\"  >\n\t\t\t\t<div class=\"col-inner\"  >\n\t\t\t\n\t\t\t\n\n\t<div id=\"text-3275438834\" class=\"text\">\n\t\t\n\n<h2> Spain<\/h2>\n\n\t\t\n<style>\n#text-3275438834 {\n  font-size: 1.5rem;\n  line-height: 2;\n}\n<\/style>\n\t<\/div>\n\t\n\n\t\t<\/div>\n\t\t\t\t\t<\/div>\n\n\t\n\n\t<div id=\"col-166167618\" class=\"col medium-6 small-12 large-6\"  >\n\t\t\t\t<div class=\"col-inner\"  >\n\t\t\t\n\t\t\t\n\n<h5 id=\"cava\" class=\"uppercase\" style=\"text-align: right;\"><span style=\"color: #b79549;\">Cava<\/span><\/h5>\n\n\t\t<\/div>\n\t\t\t\t\t<\/div>\n\n\t\n\n\n<style>\n#row-1563388017 > .col > .col-inner {\n  padding: 0px 20px 0px 20px;\n  border-radius: 74px;\n}\n<\/style>\n<\/div>\n\t<section class=\"section bg_winzer\" id=\"section_1033735870\">\n\t\t<div class=\"bg section-bg fill bg-fill  \" >\n\n\t\t\t\n\t\t\t\n\t\t\t\n\n\t\t<\/div>\n\n\t\t\n\n\t\t<div class=\"section-content relative\">\n\t\t\t\n\n<div class=\"row align-middle align-center\"  id=\"row-223517406\">\n\n\n\t<div id=\"col-1249396449\" class=\"col small-12 large-12\"  >\n\t\t\t\t<div class=\"col-inner\"  >\n\t\t\t\n\t\t\t\n\n<h2 id=\"cava\" class=\"uppercase\" style=\"text-align: center;\">Torre del Gall<\/h2>\n<p>\u00a0<\/p>\n\n  \n    <div class=\"row margin-auto equalize-box large-columns-3 medium-columns- small-columns-2 row-large has-shadow row-box-shadow-2 row-box-shadow-4-hover\" >\n  \t\n\t     <div class=\"col\" data-animate=\"fadeInUp\">\n\t\t\t\t\t\t<div class=\"col-inner\">\n\t\t\t\t\t\t\n<div class=\"badge-container badge-custom absolute right top z-1\">\n\n<\/div>\n\t\t\t\t\t\t<div class=\"product-small box margin-auto has-hover box-normal box-text-bottom\">\n\t\t\t\t\t\t\t<div class=\"box-image\" >\n\t\t\t\t\t\t\t\t<div class=\"\" >\n\t\t\t\t\t\t\t\t\t<a href=\"https:\/\/schaumweinkontor.com\/en\/produkt\/torre-del-gall-brut-reserva-cava-075-l\/\" aria-label=\"Torre del Gall Brut Reserva Cava 0,75 L\">\n\t\t\t\t\t\t\t\t\t\t<img loading=\"lazy\" decoding=\"async\" width=\"300\" height=\"300\" src=\"https:\/\/schaumweinkontor.com\/wp-content\/uploads\/2022\/06\/2-3-300x300.png\" class=\"attachment-medium size-medium\" alt=\"Torre del Gall Brut Reserva Cava 0,75 L\" srcset=\"https:\/\/schaumweinkontor.com\/wp-content\/uploads\/2022\/06\/2-3-300x300.png 300w, https:\/\/schaumweinkontor.com\/wp-content\/uploads\/2022\/06\/2-3-100x100.png 100w, https:\/\/schaumweinkontor.com\/wp-content\/uploads\/2022\/06\/2-3-510x510.png 510w, https:\/\/schaumweinkontor.com\/wp-content\/uploads\/2022\/06\/2-3-150x150.png 150w, https:\/\/schaumweinkontor.com\/wp-content\/uploads\/2022\/06\/2-3-768x768.png 768w, https:\/\/schaumweinkontor.com\/wp-content\/uploads\/2022\/06\/2-3.png 1000w\" sizes=\"auto, (max-width: 300px) 100vw, 300px\" \/>\t\t\t\t\t\t\t\t\t<\/a>\n\t\t\t\t\t\t\t\t\t\t\t\t\t\t\t\t\t\t \t\t\t\t\t\t\t\t<\/div>\n\t\t\t\t\t\t\t\t<div class=\"image-tools top right show-on-hover\">\n\t\t\t\t\t\t\t\t\t\t\t\t\t\t\t\t\t<\/div>\n\t\t\t\t\t\t\t\t\t\t\t\t\t\t\t\t\t<div class=\"image-tools grid-tools text-center hide-for-small bottom hover-slide-in show-on-hover\">\n\t\t\t\t\t\t\t\t\t\t\t\t\t\t\t\t\t\t\t<\/div>\n\t\t\t\t\t\t\t\t\t\t\t\t\t\t\t\t<div class=\"out-of-stock-label\">Out of stock<\/div>\t\t\t\t\t\t\t<\/div>\n\n\t\t\t\t\t\t\t<div class=\"box-text text-center\" >\n\t\t\t\t\t\t\t\t<div class=\"title-wrapper\">\t\t<p class=\"category uppercase is-smaller no-text-overflow product-cat op-7\">\n\t\t\tCava\t\t<\/p>\n\t<p class=\"name product-title woocommerce-loop-product__title\"><a href=\"https:\/\/schaumweinkontor.com\/en\/produkt\/torre-del-gall-brut-reserva-cava-075-l\/\" class=\"woocommerce-LoopProduct-link woocommerce-loop-product__link\">Torre del Gall Brut Reserva Cava 0,75 L<\/a><\/p><\/div><div class=\"price-wrapper\">\n\t<span class=\"price\"><span class=\"woocommerce-Price-amount amount\" role=\"none\"><bdi><span class=\"woocommerce-Price-currencySymbol\">&euro;<\/span>&nbsp;10,70<\/bdi><\/span> <small class=\"woocommerce-price-suffix\">inkl. MwSt.<\/small><\/span>\n<\/div><div class=\"add-to-cart-button\"><a href=\"https:\/\/schaumweinkontor.com\/en\/produkt\/torre-del-gall-brut-reserva-cava-075-l\/\" aria-describedby=\"woocommerce_loop_add_to_cart_link_describedby_4751\" data-quantity=\"1\" class=\"primary is-small mb-0 button product_type_simple is-outline\" data-product_id=\"4751\" data-product_sku=\"100300275\" aria-label=\"Read more about &ldquo;Torre del Gall Brut Reserva Cava 0,75 L&rdquo;\" rel=\"nofollow\" data-success_message=\"\">Read more<\/a><\/div>\t<span id=\"woocommerce_loop_add_to_cart_link_describedby_4751\" class=\"screen-reader-text\">\n\t\t\t<\/span>\n\t\t\t\t\t\t\t<\/div>\n\t\t\t\t\t\t<\/div>\n\t\t\t\t\t\t<\/div>\n\t\t\t\t\t<\/div><\/div>\n\n\n\t\t<\/div>\n\t\t\t\t\t<\/div>\n\n\t\n\n\n<style>\n#row-223517406 > .col > .col-inner {\n  padding: 15px 0px 0px 0px;\n}\n<\/style>\n<\/div>\n\n\t\t<\/div>\n\n\t\t\n<style>\n#section_1033735870 {\n  padding-top: 20px;\n  padding-bottom: 20px;\n  margin-bottom: 30px;\n}\n#section_1033735870 .section-bg.bg-loaded {\n  background-image: url(https:\/\/schaumweinkontor.com\/wp-content\/uploads\/2022\/06\/landscape-illu-gold-transp.png);\n}\n#section_1033735870 .section-bg {\n  background-position: 49% 52%;\n}\n<\/style>\n\t<\/section>\n\t\n<div class=\"is-divider divider clearfix\" style=\"margin-top:3em;margin-bottom:3em;max-width:100%;background-color:rgba(183, 149, 73, 0.535);\"><\/div>\n\n\t<section class=\"section bg_winzer\" id=\"section_296781371\">\n\t\t<div class=\"bg section-bg fill bg-fill  \" >\n\n\t\t\t\n\t\t\t\n\t\t\t\n\n\t\t<\/div>\n\n\t\t\n\n\t\t<div class=\"section-content relative\">\n\t\t\t\n\n<div class=\"row align-middle align-center\"  id=\"row-137815496\">\n\n\n\t<div id=\"col-1658225575\" class=\"col small-12 large-12\"  >\n\t\t\t\t<div class=\"col-inner\"  >\n\t\t\t\n\t\t\t\n\n<h2 id=\"masia\" class=\"uppercase\" style=\"text-align: center;\">masia<\/h2>\n<p>\u00a0<\/p>\n\n  \n    <div class=\"row margin-auto equalize-box large-columns-3 medium-columns- small-columns-2 row-large has-shadow row-box-shadow-2 row-box-shadow-4-hover\" >\n  \t\n\t     <div class=\"col\" data-animate=\"fadeInUp\">\n\t\t\t\t\t\t<div class=\"col-inner\">\n\t\t\t\t\t\t\n<div class=\"badge-container badge-custom absolute right top z-1\">\n\n<\/div>\n\t\t\t\t\t\t<div class=\"product-small box margin-auto has-hover box-normal box-text-bottom\">\n\t\t\t\t\t\t\t<div class=\"box-image\" >\n\t\t\t\t\t\t\t\t<div class=\"\" >\n\t\t\t\t\t\t\t\t\t<a href=\"https:\/\/schaumweinkontor.com\/en\/produkt\/masia-cava-bio-brut-reserva-075-l\/\" aria-label=\"Masia Cava Brut Gran Cuvee Organic 0,75 L\">\n\t\t\t\t\t\t\t\t\t\t<img loading=\"lazy\" decoding=\"async\" width=\"300\" height=\"300\" src=\"https:\/\/schaumweinkontor.com\/wp-content\/uploads\/2023\/04\/Masia-Cava-Brut-Reserva_1000x1000-px-300x300.png\" class=\"attachment-medium size-medium\" alt=\"Masia Cava Brut Gran Cuvee Organic 0,75 L\" srcset=\"https:\/\/schaumweinkontor.com\/wp-content\/uploads\/2023\/04\/Masia-Cava-Brut-Reserva_1000x1000-px-300x300.png 300w, https:\/\/schaumweinkontor.com\/wp-content\/uploads\/2023\/04\/Masia-Cava-Brut-Reserva_1000x1000-px-100x100.png 100w, https:\/\/schaumweinkontor.com\/wp-content\/uploads\/2023\/04\/Masia-Cava-Brut-Reserva_1000x1000-px-510x510.png 510w, https:\/\/schaumweinkontor.com\/wp-content\/uploads\/2023\/04\/Masia-Cava-Brut-Reserva_1000x1000-px-150x150.png 150w, https:\/\/schaumweinkontor.com\/wp-content\/uploads\/2023\/04\/Masia-Cava-Brut-Reserva_1000x1000-px-768x768.png 768w, https:\/\/schaumweinkontor.com\/wp-content\/uploads\/2023\/04\/Masia-Cava-Brut-Reserva_1000x1000-px.png 1000w\" sizes=\"auto, (max-width: 300px) 100vw, 300px\" \/>\t\t\t\t\t\t\t\t\t<\/a>\n\t\t\t\t\t\t\t\t\t\t\t\t\t\t\t\t\t\t \t\t\t\t\t\t\t\t<\/div>\n\t\t\t\t\t\t\t\t<div class=\"image-tools top right show-on-hover\">\n\t\t\t\t\t\t\t\t\t\t\t\t\t\t\t\t\t<\/div>\n\t\t\t\t\t\t\t\t\t\t\t\t\t\t\t\t\t<div class=\"image-tools grid-tools text-center hide-for-small bottom hover-slide-in show-on-hover\">\n\t\t\t\t\t\t\t\t\t\t\t\t\t\t\t\t\t\t\t<\/div>\n\t\t\t\t\t\t\t\t\t\t\t\t\t\t\t\t\t\t\t\t\t\t\t<\/div>\n\n\t\t\t\t\t\t\t<div class=\"box-text text-center\" >\n\t\t\t\t\t\t\t\t<div class=\"title-wrapper\">\t\t<p class=\"category uppercase is-smaller no-text-overflow product-cat op-7\">\n\t\t\tCava\t\t<\/p>\n\t<p class=\"name product-title woocommerce-loop-product__title\"><a href=\"https:\/\/schaumweinkontor.com\/en\/produkt\/masia-cava-bio-brut-reserva-075-l\/\" class=\"woocommerce-LoopProduct-link woocommerce-loop-product__link\">Masia Cava Brut Gran Cuvee Organic 0,75 L<\/a><\/p><\/div><div class=\"price-wrapper\">\n\t<span class=\"price\"><span class=\"woocommerce-Price-amount amount\" role=\"none\"><bdi><span class=\"woocommerce-Price-currencySymbol\">&euro;<\/span>&nbsp;9,90<\/bdi><\/span> <small class=\"woocommerce-price-suffix\">inkl. MwSt.<\/small><\/span>\n<\/div><div class=\"add-to-cart-button\"><a href=\"\/en\/wp-json\/wp\/v2\/pages\/4628?add-to-cart=4694\" aria-describedby=\"woocommerce_loop_add_to_cart_link_describedby_4694\" data-quantity=\"1\" class=\"primary is-small mb-0 button product_type_simple add_to_cart_button ajax_add_to_cart is-outline\" data-product_id=\"4694\" data-product_sku=\"100300344\" aria-label=\"Add to cart: &ldquo;Masia Cava Brut Gran Cuvee Organic 0,75 L&rdquo;\" rel=\"nofollow\" data-success_message=\"&ldquo;Masia Cava Brut Gran Cuvee Organic 0,75 L&rdquo; has been added to your cart\" role=\"button\">Add to cart<\/a><\/div>\t<span id=\"woocommerce_loop_add_to_cart_link_describedby_4694\" class=\"screen-reader-text\">\n\t\t\t<\/span>\n\t\t\t\t\t\t\t<\/div>\n\t\t\t\t\t\t<\/div>\n\t\t\t\t\t\t<\/div>\n\t\t\t\t\t<\/div><div class=\"col\" data-animate=\"fadeInUp\">\n\t\t\t\t\t\t<div class=\"col-inner\">\n\t\t\t\t\t\t\n<div class=\"badge-container badge-custom absolute right top z-1\">\n\n<\/div>\n\t\t\t\t\t\t<div class=\"product-small box margin-auto has-hover box-normal box-text-bottom\">\n\t\t\t\t\t\t\t<div class=\"box-image\" >\n\t\t\t\t\t\t\t\t<div class=\"\" >\n\t\t\t\t\t\t\t\t\t<a href=\"https:\/\/schaumweinkontor.com\/en\/produkt\/masia-cava-bio-brut-rose-reserva-075-l\/\" aria-label=\"Masia Cava Brut Ros\u00e9 Reserva 0,75 L organic\">\n\t\t\t\t\t\t\t\t\t\t<img loading=\"lazy\" decoding=\"async\" width=\"300\" height=\"300\" src=\"https:\/\/schaumweinkontor.com\/wp-content\/uploads\/2023\/04\/Masia-Cava-Brut-Rose_1000x1000-px-300x300.png\" class=\"attachment-medium size-medium\" alt=\"Masia Cava Brut Ros\u00e9 Reserva 0,75 L organic\" srcset=\"https:\/\/schaumweinkontor.com\/wp-content\/uploads\/2023\/04\/Masia-Cava-Brut-Rose_1000x1000-px-300x300.png 300w, https:\/\/schaumweinkontor.com\/wp-content\/uploads\/2023\/04\/Masia-Cava-Brut-Rose_1000x1000-px-100x100.png 100w, https:\/\/schaumweinkontor.com\/wp-content\/uploads\/2023\/04\/Masia-Cava-Brut-Rose_1000x1000-px-510x510.png 510w, https:\/\/schaumweinkontor.com\/wp-content\/uploads\/2023\/04\/Masia-Cava-Brut-Rose_1000x1000-px-150x150.png 150w, https:\/\/schaumweinkontor.com\/wp-content\/uploads\/2023\/04\/Masia-Cava-Brut-Rose_1000x1000-px-768x768.png 768w, https:\/\/schaumweinkontor.com\/wp-content\/uploads\/2023\/04\/Masia-Cava-Brut-Rose_1000x1000-px.png 1000w\" sizes=\"auto, (max-width: 300px) 100vw, 300px\" \/>\t\t\t\t\t\t\t\t\t<\/a>\n\t\t\t\t\t\t\t\t\t\t\t\t\t\t\t\t\t\t \t\t\t\t\t\t\t\t<\/div>\n\t\t\t\t\t\t\t\t<div class=\"image-tools top right show-on-hover\">\n\t\t\t\t\t\t\t\t\t\t\t\t\t\t\t\t\t<\/div>\n\t\t\t\t\t\t\t\t\t\t\t\t\t\t\t\t\t<div class=\"image-tools grid-tools text-center hide-for-small bottom hover-slide-in show-on-hover\">\n\t\t\t\t\t\t\t\t\t\t\t\t\t\t\t\t\t\t\t<\/div>\n\t\t\t\t\t\t\t\t\t\t\t\t\t\t\t\t\t\t\t\t\t\t\t<\/div>\n\n\t\t\t\t\t\t\t<div class=\"box-text text-center\" >\n\t\t\t\t\t\t\t\t<div class=\"title-wrapper\">\t\t<p class=\"category uppercase is-smaller no-text-overflow product-cat op-7\">\n\t\t\tCava\t\t<\/p>\n\t<p class=\"name product-title woocommerce-loop-product__title\"><a href=\"https:\/\/schaumweinkontor.com\/en\/produkt\/masia-cava-bio-brut-rose-reserva-075-l\/\" class=\"woocommerce-LoopProduct-link woocommerce-loop-product__link\">Masia Cava Brut Ros\u00e9 Reserva 0,75 L organic<\/a><\/p><\/div><div class=\"price-wrapper\">\n\t<span class=\"price\"><span class=\"woocommerce-Price-amount amount\" role=\"none\"><bdi><span class=\"woocommerce-Price-currencySymbol\">&euro;<\/span>&nbsp;9,90<\/bdi><\/span> <small class=\"woocommerce-price-suffix\">inkl. MwSt.<\/small><\/span>\n<\/div><div class=\"add-to-cart-button\"><a href=\"\/en\/wp-json\/wp\/v2\/pages\/4628?add-to-cart=4695\" aria-describedby=\"woocommerce_loop_add_to_cart_link_describedby_4695\" data-quantity=\"1\" class=\"primary is-small mb-0 button product_type_simple add_to_cart_button ajax_add_to_cart is-outline\" data-product_id=\"4695\" data-product_sku=\"100300345\" aria-label=\"Add to cart: &ldquo;Masia Cava Brut Ros\u00e9 Reserva 0,75 L organic&rdquo;\" rel=\"nofollow\" data-success_message=\"&ldquo;Masia Cava Brut Ros\u00e9 Reserva 0,75 L organic&rdquo; has been added to your cart\" role=\"button\">Add to cart<\/a><\/div>\t<span id=\"woocommerce_loop_add_to_cart_link_describedby_4695\" class=\"screen-reader-text\">\n\t\t\t<\/span>\n\t\t\t\t\t\t\t<\/div>\n\t\t\t\t\t\t<\/div>\n\t\t\t\t\t\t<\/div>\n\t\t\t\t\t<\/div><div class=\"col\" data-animate=\"fadeInUp\">\n\t\t\t\t\t\t<div class=\"col-inner\">\n\t\t\t\t\t\t\n<div class=\"badge-container badge-custom absolute right top z-1\">\n\n<\/div>\n\t\t\t\t\t\t<div class=\"product-small box margin-auto has-hover box-normal box-text-bottom\">\n\t\t\t\t\t\t\t<div class=\"box-image\" >\n\t\t\t\t\t\t\t\t<div class=\"\" >\n\t\t\t\t\t\t\t\t\t<a href=\"https:\/\/schaumweinkontor.com\/en\/produkt\/masia-cava-brut-gran-cuvee-organic-075-l-copy\/\" aria-label=\"Masia Cava Brut Gran Cuvee Organic 1,5 L\">\n\t\t\t\t\t\t\t\t\t\t<img loading=\"lazy\" decoding=\"async\" width=\"300\" height=\"300\" src=\"https:\/\/schaumweinkontor.com\/wp-content\/uploads\/2023\/04\/Masia-Cava-Brut-Reserva_1000x1000-px-300x300.png\" class=\"attachment-medium size-medium\" alt=\"Masia Cava Brut Gran Cuvee Organic 1,5 L\" srcset=\"https:\/\/schaumweinkontor.com\/wp-content\/uploads\/2023\/04\/Masia-Cava-Brut-Reserva_1000x1000-px-300x300.png 300w, https:\/\/schaumweinkontor.com\/wp-content\/uploads\/2023\/04\/Masia-Cava-Brut-Reserva_1000x1000-px-100x100.png 100w, https:\/\/schaumweinkontor.com\/wp-content\/uploads\/2023\/04\/Masia-Cava-Brut-Reserva_1000x1000-px-510x510.png 510w, https:\/\/schaumweinkontor.com\/wp-content\/uploads\/2023\/04\/Masia-Cava-Brut-Reserva_1000x1000-px-150x150.png 150w, https:\/\/schaumweinkontor.com\/wp-content\/uploads\/2023\/04\/Masia-Cava-Brut-Reserva_1000x1000-px-768x768.png 768w, https:\/\/schaumweinkontor.com\/wp-content\/uploads\/2023\/04\/Masia-Cava-Brut-Reserva_1000x1000-px.png 1000w\" sizes=\"auto, (max-width: 300px) 100vw, 300px\" \/>\t\t\t\t\t\t\t\t\t<\/a>\n\t\t\t\t\t\t\t\t\t\t\t\t\t\t\t\t\t\t \t\t\t\t\t\t\t\t<\/div>\n\t\t\t\t\t\t\t\t<div class=\"image-tools top right show-on-hover\">\n\t\t\t\t\t\t\t\t\t\t\t\t\t\t\t\t\t<\/div>\n\t\t\t\t\t\t\t\t\t\t\t\t\t\t\t\t\t<div class=\"image-tools grid-tools text-center hide-for-small bottom hover-slide-in show-on-hover\">\n\t\t\t\t\t\t\t\t\t\t\t\t\t\t\t\t\t\t\t<\/div>\n\t\t\t\t\t\t\t\t\t\t\t\t\t\t\t\t\t\t\t\t\t\t\t<\/div>\n\n\t\t\t\t\t\t\t<div class=\"box-text text-center\" >\n\t\t\t\t\t\t\t\t<div class=\"title-wrapper\">\t\t<p class=\"category uppercase is-smaller no-text-overflow product-cat op-7\">\n\t\t\tCava\t\t<\/p>\n\t<p class=\"name product-title woocommerce-loop-product__title\"><a href=\"https:\/\/schaumweinkontor.com\/en\/produkt\/masia-cava-brut-gran-cuvee-organic-075-l-copy\/\" class=\"woocommerce-LoopProduct-link woocommerce-loop-product__link\">Masia Cava Brut Gran Cuvee Organic 1,5 L<\/a><\/p><\/div><div class=\"price-wrapper\">\n\t<span class=\"price\"><span class=\"woocommerce-Price-amount amount\" role=\"none\"><bdi><span class=\"woocommerce-Price-currencySymbol\">&euro;<\/span>&nbsp;21,80<\/bdi><\/span> <small class=\"woocommerce-price-suffix\">inkl. MwSt.<\/small><\/span>\n<\/div><div class=\"add-to-cart-button\"><a href=\"\/en\/wp-json\/wp\/v2\/pages\/4628?add-to-cart=5328\" aria-describedby=\"woocommerce_loop_add_to_cart_link_describedby_5328\" data-quantity=\"1\" class=\"primary is-small mb-0 button product_type_simple add_to_cart_button ajax_add_to_cart is-outline\" data-product_id=\"5328\" data-product_sku=\"100300346\" aria-label=\"Add to cart: &ldquo;Masia Cava Brut Gran Cuvee Organic 1,5 L&rdquo;\" rel=\"nofollow\" data-success_message=\"&ldquo;Masia Cava Brut Gran Cuvee Organic 1,5 L&rdquo; has been added to your cart\" role=\"button\">Add to cart<\/a><\/div>\t<span id=\"woocommerce_loop_add_to_cart_link_describedby_5328\" class=\"screen-reader-text\">\n\t\t\t<\/span>\n\t\t\t\t\t\t\t<\/div>\n\t\t\t\t\t\t<\/div>\n\t\t\t\t\t\t<\/div>\n\t\t\t\t\t<\/div><\/div>\n\n\n\t\t<\/div>\n\t\t\t\t\t<\/div>\n\n\t\n\n\n<style>\n#row-137815496 > .col > .col-inner {\n  padding: 15px 0px 0px 0px;\n}\n<\/style>\n<\/div>\n\n\t\t<\/div>\n\n\t\t\n<style>\n#section_296781371 {\n  padding-top: 20px;\n  padding-bottom: 20px;\n  margin-bottom: 30px;\n}\n#section_296781371 .section-bg.bg-loaded {\n  background-image: url(https:\/\/schaumweinkontor.com\/wp-content\/uploads\/2022\/06\/landscape-illu-gold-transp.png);\n}\n#section_296781371 .section-bg {\n  background-position: 49% 52%;\n}\n<\/style>\n\t<\/section>\n\t\n<\/div>\n<div id=\"England\">\n<div class=\"row row-collapse row-full-width align-middle blau-verlauf hide-for-small\"  id=\"row-2061126844\">\n\n\n\t<div id=\"col-1422990425\" class=\"col medium-6 small-12 large-6\"  >\n\t\t\t\t<div class=\"col-inner\"  >\n\t\t\t\n\t\t\t\n\n\t<div id=\"text-3349469705\" class=\"text\">\n\t\t\n\n<h2>England<\/h2>\n\n\t\t\n<style>\n#text-3349469705 {\n  font-size: 1.5rem;\n  line-height: 2;\n}\n<\/style>\n\t<\/div>\n\t\n\n\t\t<\/div>\n\t\t\t\t\t<\/div>\n\n\t\n\n\t<div id=\"col-606879000\" class=\"col medium-6 small-12 large-6\"  >\n\t\t\t\t<div class=\"col-inner\"  >\n\t\t\t\n\t\t\t\n\n<h5 id=\"SparklingWine\" class=\"uppercase\" style=\"text-align: right;\"><span style=\"color: #b79549;\"> Sparkling Wine<\/span><\/h5>\n\n\t\t<\/div>\n\t\t\t\t\t<\/div>\n\n\t\n\n\n<style>\n#row-2061126844 > .col > .col-inner {\n  padding: 0px 20px 0px 20px;\n  border-radius: 74px;\n}\n<\/style>\n<\/div>\n\t<section class=\"section bg_winzer hide-for-small\" id=\"section_1354397341\">\n\t\t<div class=\"bg section-bg fill bg-fill  \" >\n\n\t\t\t\n\t\t\t\n\t\t\t\n\n\t\t<\/div>\n\n\t\t\n\n\t\t<div class=\"section-content relative\">\n\t\t\t\n\n<div class=\"row align-middle align-center\"  id=\"row-1170959868\">\n\n\n\t<div id=\"col-1581581588\" class=\"col small-12 large-12\"  >\n\t\t\t\t<div class=\"col-inner\"  >\n\t\t\t\n\t\t\t\n\n<h2 id=\"HattingleyValley\" class=\"uppercase\" style=\"text-align: center;\">Hattingley Valley<\/h2>\n<p>\u00a0<\/p>\n\n  \n    <div class=\"row margin-auto equalize-box large-columns-3 medium-columns- small-columns-2 row-large has-shadow row-box-shadow-2 row-box-shadow-4-hover\" >\n  \t\n\t     <div class=\"col\" data-animate=\"fadeInUp\">\n\t\t\t\t\t\t<div class=\"col-inner\">\n\t\t\t\t\t\t\n<div class=\"badge-container badge-custom absolute right top z-1\">\n\n<\/div>\n\t\t\t\t\t\t<div class=\"product-small box margin-auto has-hover box-normal box-text-bottom\">\n\t\t\t\t\t\t\t<div class=\"box-image\" >\n\t\t\t\t\t\t\t\t<div class=\"\" >\n\t\t\t\t\t\t\t\t\t<a href=\"https:\/\/schaumweinkontor.com\/en\/produkt\/hattingley-valley-classic-reserve-n-075-l\/\" aria-label=\"Hattingley Valley Classic Reserve NV 0,75 L\">\n\t\t\t\t\t\t\t\t\t\t<img loading=\"lazy\" decoding=\"async\" width=\"300\" height=\"300\" src=\"https:\/\/schaumweinkontor.com\/wp-content\/uploads\/2023\/04\/Hattingley-Classic_1000x1000-px-300x300.png\" class=\"attachment-medium size-medium\" alt=\"Hattingley Valley Classic Reserve NV\u00a0\" srcset=\"https:\/\/schaumweinkontor.com\/wp-content\/uploads\/2023\/04\/Hattingley-Classic_1000x1000-px-300x300.png 300w, https:\/\/schaumweinkontor.com\/wp-content\/uploads\/2023\/04\/Hattingley-Classic_1000x1000-px-100x100.png 100w, https:\/\/schaumweinkontor.com\/wp-content\/uploads\/2023\/04\/Hattingley-Classic_1000x1000-px-510x510.png 510w, https:\/\/schaumweinkontor.com\/wp-content\/uploads\/2023\/04\/Hattingley-Classic_1000x1000-px-150x150.png 150w, https:\/\/schaumweinkontor.com\/wp-content\/uploads\/2023\/04\/Hattingley-Classic_1000x1000-px-768x768.png 768w, https:\/\/schaumweinkontor.com\/wp-content\/uploads\/2023\/04\/Hattingley-Classic_1000x1000-px.png 1000w\" sizes=\"auto, (max-width: 300px) 100vw, 300px\" \/>\t\t\t\t\t\t\t\t\t<\/a>\n\t\t\t\t\t\t\t\t\t\t\t\t\t\t\t\t\t\t \t\t\t\t\t\t\t\t<\/div>\n\t\t\t\t\t\t\t\t<div class=\"image-tools top right show-on-hover\">\n\t\t\t\t\t\t\t\t\t\t\t\t\t\t\t\t\t<\/div>\n\t\t\t\t\t\t\t\t\t\t\t\t\t\t\t\t\t<div class=\"image-tools grid-tools text-center hide-for-small bottom hover-slide-in show-on-hover\">\n\t\t\t\t\t\t\t\t\t\t\t\t\t\t\t\t\t\t\t<\/div>\n\t\t\t\t\t\t\t\t\t\t\t\t\t\t\t\t\t\t\t\t\t\t\t<\/div>\n\n\t\t\t\t\t\t\t<div class=\"box-text text-center\" >\n\t\t\t\t\t\t\t\t<div class=\"title-wrapper\">\t\t<p class=\"category uppercase is-smaller no-text-overflow product-cat op-7\">\n\t\t\tHattingley Valley\t\t<\/p>\n\t<p class=\"name product-title woocommerce-loop-product__title\"><a href=\"https:\/\/schaumweinkontor.com\/en\/produkt\/hattingley-valley-classic-reserve-n-075-l\/\" class=\"woocommerce-LoopProduct-link woocommerce-loop-product__link\">Hattingley Valley Classic Reserve NV 0,75 L<\/a><\/p><\/div><div class=\"price-wrapper\">\n\t<span class=\"price\"><span class=\"woocommerce-Price-amount amount\" role=\"none\"><bdi><span class=\"woocommerce-Price-currencySymbol\">&euro;<\/span>&nbsp;33,90<\/bdi><\/span> <small class=\"woocommerce-price-suffix\">inkl. MwSt.<\/small><\/span>\n<\/div><div class=\"add-to-cart-button\"><a href=\"\/en\/wp-json\/wp\/v2\/pages\/4628?add-to-cart=4693\" aria-describedby=\"woocommerce_loop_add_to_cart_link_describedby_4693\" data-quantity=\"1\" class=\"primary is-small mb-0 button product_type_simple add_to_cart_button ajax_add_to_cart is-outline\" data-product_id=\"4693\" data-product_sku=\"100300329\" aria-label=\"Add to cart: &ldquo;Hattingley Valley Classic Reserve NV 0,75 L&rdquo;\" rel=\"nofollow\" data-success_message=\"&ldquo;Hattingley Valley Classic Reserve NV 0,75 L&rdquo; has been added to your cart\" role=\"button\">Add to cart<\/a><\/div>\t<span id=\"woocommerce_loop_add_to_cart_link_describedby_4693\" class=\"screen-reader-text\">\n\t\t\t<\/span>\n\t\t\t\t\t\t\t<\/div>\n\t\t\t\t\t\t<\/div>\n\t\t\t\t\t\t<\/div>\n\t\t\t\t\t<\/div><div class=\"col\" data-animate=\"fadeInUp\">\n\t\t\t\t\t\t<div class=\"col-inner\">\n\t\t\t\t\t\t\n<div class=\"badge-container badge-custom absolute right top z-1\">\n\n<\/div>\n\t\t\t\t\t\t<div class=\"product-small box margin-auto has-hover box-normal box-text-bottom\">\n\t\t\t\t\t\t\t<div class=\"box-image\" >\n\t\t\t\t\t\t\t\t<div class=\"\" >\n\t\t\t\t\t\t\t\t\t<a href=\"https:\/\/schaumweinkontor.com\/en\/produkt\/hattingley-valley-rose-2019-075-l\/\" aria-label=\"Hattingley Valley Ros\u00e9 2019 0,75 L\">\n\t\t\t\t\t\t\t\t\t\t<img loading=\"lazy\" decoding=\"async\" width=\"300\" height=\"300\" src=\"https:\/\/schaumweinkontor.com\/wp-content\/uploads\/2023\/04\/Hattingley-Valle-Rose_1000x1000-px-300x300.png\" class=\"attachment-medium size-medium\" alt=\"Hattingley Valley Ros\u00e9 2019 0,75 L\" srcset=\"https:\/\/schaumweinkontor.com\/wp-content\/uploads\/2023\/04\/Hattingley-Valle-Rose_1000x1000-px-300x300.png 300w, https:\/\/schaumweinkontor.com\/wp-content\/uploads\/2023\/04\/Hattingley-Valle-Rose_1000x1000-px-100x100.png 100w, https:\/\/schaumweinkontor.com\/wp-content\/uploads\/2023\/04\/Hattingley-Valle-Rose_1000x1000-px-510x510.png 510w, https:\/\/schaumweinkontor.com\/wp-content\/uploads\/2023\/04\/Hattingley-Valle-Rose_1000x1000-px-150x150.png 150w, https:\/\/schaumweinkontor.com\/wp-content\/uploads\/2023\/04\/Hattingley-Valle-Rose_1000x1000-px-768x768.png 768w, https:\/\/schaumweinkontor.com\/wp-content\/uploads\/2023\/04\/Hattingley-Valle-Rose_1000x1000-px.png 1000w\" sizes=\"auto, (max-width: 300px) 100vw, 300px\" \/>\t\t\t\t\t\t\t\t\t<\/a>\n\t\t\t\t\t\t\t\t\t\t\t\t\t\t\t\t\t\t \t\t\t\t\t\t\t\t<\/div>\n\t\t\t\t\t\t\t\t<div class=\"image-tools top right show-on-hover\">\n\t\t\t\t\t\t\t\t\t\t\t\t\t\t\t\t\t<\/div>\n\t\t\t\t\t\t\t\t\t\t\t\t\t\t\t\t\t<div class=\"image-tools grid-tools text-center hide-for-small bottom hover-slide-in show-on-hover\">\n\t\t\t\t\t\t\t\t\t\t\t\t\t\t\t\t\t\t\t<\/div>\n\t\t\t\t\t\t\t\t\t\t\t\t\t\t\t\t\t\t\t\t\t\t\t<\/div>\n\n\t\t\t\t\t\t\t<div class=\"box-text text-center\" >\n\t\t\t\t\t\t\t\t<div class=\"title-wrapper\">\t\t<p class=\"category uppercase is-smaller no-text-overflow product-cat op-7\">\n\t\t\tHattingley Valley\t\t<\/p>\n\t<p class=\"name product-title woocommerce-loop-product__title\"><a href=\"https:\/\/schaumweinkontor.com\/en\/produkt\/hattingley-valley-rose-2019-075-l\/\" class=\"woocommerce-LoopProduct-link woocommerce-loop-product__link\">Hattingley Valley Ros\u00e9 2019 0,75 L<\/a><\/p><\/div><div class=\"price-wrapper\">\n\t<span class=\"price\"><span class=\"woocommerce-Price-amount amount\" role=\"none\"><bdi><span class=\"woocommerce-Price-currencySymbol\">&euro;<\/span>&nbsp;44,90<\/bdi><\/span> <small class=\"woocommerce-price-suffix\">inkl. MwSt.<\/small><\/span>\n<\/div><div class=\"add-to-cart-button\"><a href=\"\/en\/wp-json\/wp\/v2\/pages\/4628?add-to-cart=4692\" aria-describedby=\"woocommerce_loop_add_to_cart_link_describedby_4692\" data-quantity=\"1\" class=\"primary is-small mb-0 button product_type_simple add_to_cart_button ajax_add_to_cart is-outline\" data-product_id=\"4692\" data-product_sku=\"100300330\" aria-label=\"Add to cart: &ldquo;Hattingley Valley Ros\u00e9 2019 0,75 L&rdquo;\" rel=\"nofollow\" data-success_message=\"&ldquo;Hattingley Valley Ros\u00e9 2019 0,75 L&rdquo; has been added to your cart\" role=\"button\">Add to cart<\/a><\/div>\t<span id=\"woocommerce_loop_add_to_cart_link_describedby_4692\" class=\"screen-reader-text\">\n\t\t\t<\/span>\n\t\t\t\t\t\t\t<\/div>\n\t\t\t\t\t\t<\/div>\n\t\t\t\t\t\t<\/div>\n\t\t\t\t\t<\/div><div class=\"col\" data-animate=\"fadeInUp\">\n\t\t\t\t\t\t<div class=\"col-inner\">\n\t\t\t\t\t\t\n<div class=\"badge-container badge-custom absolute right top z-1\">\n\n<\/div>\n\t\t\t\t\t\t<div class=\"product-small box margin-auto has-hover box-normal box-text-bottom\">\n\t\t\t\t\t\t\t<div class=\"box-image\" >\n\t\t\t\t\t\t\t\t<div class=\"\" >\n\t\t\t\t\t\t\t\t\t<a href=\"https:\/\/schaumweinkontor.com\/en\/produkt\/hattingley-valley-blanc-de-blancs-2014-075-l\/\" aria-label=\"Hattingley Valley Blanc de Blancs 2014 0,75 L\">\n\t\t\t\t\t\t\t\t\t\t<img loading=\"lazy\" decoding=\"async\" width=\"300\" height=\"300\" src=\"https:\/\/schaumweinkontor.com\/wp-content\/uploads\/2023\/04\/Hattingley-Banc-de-Blacs_1000x1000-px-300x300.png\" class=\"attachment-medium size-medium\" alt=\"Hattingley Valley Blanc de Blancs 2014 0,75 L\" srcset=\"https:\/\/schaumweinkontor.com\/wp-content\/uploads\/2023\/04\/Hattingley-Banc-de-Blacs_1000x1000-px-300x300.png 300w, https:\/\/schaumweinkontor.com\/wp-content\/uploads\/2023\/04\/Hattingley-Banc-de-Blacs_1000x1000-px-100x100.png 100w, https:\/\/schaumweinkontor.com\/wp-content\/uploads\/2023\/04\/Hattingley-Banc-de-Blacs_1000x1000-px-510x510.png 510w, https:\/\/schaumweinkontor.com\/wp-content\/uploads\/2023\/04\/Hattingley-Banc-de-Blacs_1000x1000-px-150x150.png 150w, https:\/\/schaumweinkontor.com\/wp-content\/uploads\/2023\/04\/Hattingley-Banc-de-Blacs_1000x1000-px-768x768.png 768w, https:\/\/schaumweinkontor.com\/wp-content\/uploads\/2023\/04\/Hattingley-Banc-de-Blacs_1000x1000-px.png 1000w\" sizes=\"auto, (max-width: 300px) 100vw, 300px\" \/>\t\t\t\t\t\t\t\t\t<\/a>\n\t\t\t\t\t\t\t\t\t\t\t\t\t\t\t\t\t\t \t\t\t\t\t\t\t\t<\/div>\n\t\t\t\t\t\t\t\t<div class=\"image-tools top right show-on-hover\">\n\t\t\t\t\t\t\t\t\t\t\t\t\t\t\t\t\t<\/div>\n\t\t\t\t\t\t\t\t\t\t\t\t\t\t\t\t\t<div class=\"image-tools grid-tools text-center hide-for-small bottom hover-slide-in show-on-hover\">\n\t\t\t\t\t\t\t\t\t\t\t\t\t\t\t\t\t\t\t<\/div>\n\t\t\t\t\t\t\t\t\t\t\t\t\t\t\t\t\t\t\t\t\t\t\t<\/div>\n\n\t\t\t\t\t\t\t<div class=\"box-text text-center\" >\n\t\t\t\t\t\t\t\t<div class=\"title-wrapper\">\t\t<p class=\"category uppercase is-smaller no-text-overflow product-cat op-7\">\n\t\t\tHattingley Valley\t\t<\/p>\n\t<p class=\"name product-title woocommerce-loop-product__title\"><a href=\"https:\/\/schaumweinkontor.com\/en\/produkt\/hattingley-valley-blanc-de-blancs-2014-075-l\/\" class=\"woocommerce-LoopProduct-link woocommerce-loop-product__link\">Hattingley Valley Blanc de Blancs 2014 0,75 L<\/a><\/p><\/div><div class=\"price-wrapper\">\n\t<span class=\"price\"><span class=\"woocommerce-Price-amount amount\" role=\"none\"><bdi><span class=\"woocommerce-Price-currencySymbol\">&euro;<\/span>&nbsp;47,00<\/bdi><\/span> <small class=\"woocommerce-price-suffix\">inkl. MwSt.<\/small><\/span>\n<\/div><div class=\"add-to-cart-button\"><a href=\"\/en\/wp-json\/wp\/v2\/pages\/4628?add-to-cart=4691\" aria-describedby=\"woocommerce_loop_add_to_cart_link_describedby_4691\" data-quantity=\"1\" class=\"primary is-small mb-0 button product_type_simple add_to_cart_button ajax_add_to_cart is-outline\" data-product_id=\"4691\" data-product_sku=\"100300331\" aria-label=\"Add to cart: &ldquo;Hattingley Valley Blanc de Blancs 2014 0,75 L&rdquo;\" rel=\"nofollow\" data-success_message=\"&ldquo;Hattingley Valley Blanc de Blancs 2014 0,75 L&rdquo; has been added to your cart\" role=\"button\">Add to cart<\/a><\/div>\t<span id=\"woocommerce_loop_add_to_cart_link_describedby_4691\" class=\"screen-reader-text\">\n\t\t\t<\/span>\n\t\t\t\t\t\t\t<\/div>\n\t\t\t\t\t\t<\/div>\n\t\t\t\t\t\t<\/div>\n\t\t\t\t\t<\/div><div class=\"col\" data-animate=\"fadeInUp\">\n\t\t\t\t\t\t<div class=\"col-inner\">\n\t\t\t\t\t\t\n<div class=\"badge-container badge-custom absolute right top z-1\">\n\n<\/div>\n\t\t\t\t\t\t<div class=\"product-small box margin-auto has-hover box-normal box-text-bottom\">\n\t\t\t\t\t\t\t<div class=\"box-image\" >\n\t\t\t\t\t\t\t\t<div class=\"\" >\n\t\t\t\t\t\t\t\t\t<a href=\"https:\/\/schaumweinkontor.com\/en\/produkt\/hattingley-valley-classic-reserve-n-15-l-magnum\/\" aria-label=\"Hattingley Valley Classic Reserve N 1,5 L Magnum\">\n\t\t\t\t\t\t\t\t\t\t<img loading=\"lazy\" decoding=\"async\" width=\"300\" height=\"300\" src=\"https:\/\/schaumweinkontor.com\/wp-content\/uploads\/2023\/04\/Hattingley-Classic_1000x1000-px-300x300.png\" class=\"attachment-medium size-medium\" alt=\"Hattingley Valley Classic Reserve NV\u00a0\" srcset=\"https:\/\/schaumweinkontor.com\/wp-content\/uploads\/2023\/04\/Hattingley-Classic_1000x1000-px-300x300.png 300w, https:\/\/schaumweinkontor.com\/wp-content\/uploads\/2023\/04\/Hattingley-Classic_1000x1000-px-100x100.png 100w, https:\/\/schaumweinkontor.com\/wp-content\/uploads\/2023\/04\/Hattingley-Classic_1000x1000-px-510x510.png 510w, https:\/\/schaumweinkontor.com\/wp-content\/uploads\/2023\/04\/Hattingley-Classic_1000x1000-px-150x150.png 150w, https:\/\/schaumweinkontor.com\/wp-content\/uploads\/2023\/04\/Hattingley-Classic_1000x1000-px-768x768.png 768w, https:\/\/schaumweinkontor.com\/wp-content\/uploads\/2023\/04\/Hattingley-Classic_1000x1000-px.png 1000w\" sizes=\"auto, (max-width: 300px) 100vw, 300px\" \/>\t\t\t\t\t\t\t\t\t<\/a>\n\t\t\t\t\t\t\t\t\t\t\t\t\t\t\t\t\t\t \t\t\t\t\t\t\t\t<\/div>\n\t\t\t\t\t\t\t\t<div class=\"image-tools top right show-on-hover\">\n\t\t\t\t\t\t\t\t\t\t\t\t\t\t\t\t\t<\/div>\n\t\t\t\t\t\t\t\t\t\t\t\t\t\t\t\t\t<div class=\"image-tools grid-tools text-center hide-for-small bottom hover-slide-in show-on-hover\">\n\t\t\t\t\t\t\t\t\t\t\t\t\t\t\t\t\t\t\t<\/div>\n\t\t\t\t\t\t\t\t\t\t\t\t\t\t\t\t\t\t\t\t\t\t\t<\/div>\n\n\t\t\t\t\t\t\t<div class=\"box-text text-center\" >\n\t\t\t\t\t\t\t\t<div class=\"title-wrapper\">\t\t<p class=\"category uppercase is-smaller no-text-overflow product-cat op-7\">\n\t\t\tHattingley Valley\t\t<\/p>\n\t<p class=\"name product-title woocommerce-loop-product__title\"><a href=\"https:\/\/schaumweinkontor.com\/en\/produkt\/hattingley-valley-classic-reserve-n-15-l-magnum\/\" class=\"woocommerce-LoopProduct-link woocommerce-loop-product__link\">Hattingley Valley Classic Reserve N 1,5 L Magnum<\/a><\/p><\/div><div class=\"price-wrapper\">\n\t<span class=\"price\"><span class=\"woocommerce-Price-amount amount\" role=\"none\"><bdi><span class=\"woocommerce-Price-currencySymbol\">&euro;<\/span>&nbsp;74,00<\/bdi><\/span> <small class=\"woocommerce-price-suffix\">inkl. MwSt.<\/small><\/span>\n<\/div><div class=\"add-to-cart-button\"><a href=\"\/en\/wp-json\/wp\/v2\/pages\/4628?add-to-cart=4671\" aria-describedby=\"woocommerce_loop_add_to_cart_link_describedby_4671\" data-quantity=\"1\" class=\"primary is-small mb-0 button product_type_simple add_to_cart_button ajax_add_to_cart is-outline\" data-product_id=\"4671\" data-product_sku=\"100300333\" aria-label=\"Add to cart: &ldquo;Hattingley Valley Classic Reserve N 1,5 L Magnum&rdquo;\" rel=\"nofollow\" data-success_message=\"&ldquo;Hattingley Valley Classic Reserve N 1,5 L Magnum&rdquo; has been added to your cart\" role=\"button\">Add to cart<\/a><\/div>\t<span id=\"woocommerce_loop_add_to_cart_link_describedby_4671\" class=\"screen-reader-text\">\n\t\t\t<\/span>\n\t\t\t\t\t\t\t<\/div>\n\t\t\t\t\t\t<\/div>\n\t\t\t\t\t\t<\/div>\n\t\t\t\t\t<\/div><div class=\"col\" data-animate=\"fadeInUp\">\n\t\t\t\t\t\t<div class=\"col-inner\">\n\t\t\t\t\t\t\n<div class=\"badge-container badge-custom absolute right top z-1\">\n\n<\/div>\n\t\t\t\t\t\t<div class=\"product-small box margin-auto has-hover box-normal box-text-bottom\">\n\t\t\t\t\t\t\t<div class=\"box-image\" >\n\t\t\t\t\t\t\t\t<div class=\"\" >\n\t\t\t\t\t\t\t\t\t<a href=\"https:\/\/schaumweinkontor.com\/en\/produkt\/hattingley-valley-kings-cuvee-2015-075-l\/\" aria-label=\"Hattingley Valley Kings Cuv\u00e9e 2015 0,75 L\">\n\t\t\t\t\t\t\t\t\t\t<img loading=\"lazy\" decoding=\"async\" width=\"300\" height=\"300\" src=\"https:\/\/schaumweinkontor.com\/wp-content\/uploads\/2023\/04\/Hattingly-Kings-Cuvee_1000x1000-px-300x300.png\" class=\"attachment-medium size-medium\" alt=\"Hattingley Valley Kings Cuv\u00e9e 2015 0,75 L\" srcset=\"https:\/\/schaumweinkontor.com\/wp-content\/uploads\/2023\/04\/Hattingly-Kings-Cuvee_1000x1000-px-300x300.png 300w, https:\/\/schaumweinkontor.com\/wp-content\/uploads\/2023\/04\/Hattingly-Kings-Cuvee_1000x1000-px-100x100.png 100w, https:\/\/schaumweinkontor.com\/wp-content\/uploads\/2023\/04\/Hattingly-Kings-Cuvee_1000x1000-px-510x510.png 510w, https:\/\/schaumweinkontor.com\/wp-content\/uploads\/2023\/04\/Hattingly-Kings-Cuvee_1000x1000-px-150x150.png 150w, https:\/\/schaumweinkontor.com\/wp-content\/uploads\/2023\/04\/Hattingly-Kings-Cuvee_1000x1000-px-768x768.png 768w, https:\/\/schaumweinkontor.com\/wp-content\/uploads\/2023\/04\/Hattingly-Kings-Cuvee_1000x1000-px.png 1000w\" sizes=\"auto, (max-width: 300px) 100vw, 300px\" \/>\t\t\t\t\t\t\t\t\t<\/a>\n\t\t\t\t\t\t\t\t\t\t\t\t\t\t\t\t\t\t \t\t\t\t\t\t\t\t<\/div>\n\t\t\t\t\t\t\t\t<div class=\"image-tools top right show-on-hover\">\n\t\t\t\t\t\t\t\t\t\t\t\t\t\t\t\t\t<\/div>\n\t\t\t\t\t\t\t\t\t\t\t\t\t\t\t\t\t<div class=\"image-tools grid-tools text-center hide-for-small bottom hover-slide-in show-on-hover\">\n\t\t\t\t\t\t\t\t\t\t\t\t\t\t\t\t\t\t\t<\/div>\n\t\t\t\t\t\t\t\t\t\t\t\t\t\t\t\t\t\t\t\t\t\t\t<\/div>\n\n\t\t\t\t\t\t\t<div class=\"box-text text-center\" >\n\t\t\t\t\t\t\t\t<div class=\"title-wrapper\">\t\t<p class=\"category uppercase is-smaller no-text-overflow product-cat op-7\">\n\t\t\tHattingley Valley\t\t<\/p>\n\t<p class=\"name product-title woocommerce-loop-product__title\"><a href=\"https:\/\/schaumweinkontor.com\/en\/produkt\/hattingley-valley-kings-cuvee-2015-075-l\/\" class=\"woocommerce-LoopProduct-link woocommerce-loop-product__link\">Hattingley Valley Kings Cuv\u00e9e 2015 0,75 L<\/a><\/p><\/div><div class=\"price-wrapper\">\n\t<span class=\"price\"><span class=\"woocommerce-Price-amount amount\" role=\"none\"><bdi><span class=\"woocommerce-Price-currencySymbol\">&euro;<\/span>&nbsp;89,00<\/bdi><\/span> <small class=\"woocommerce-price-suffix\">inkl. MwSt.<\/small><\/span>\n<\/div><div class=\"add-to-cart-button\"><a href=\"\/en\/wp-json\/wp\/v2\/pages\/4628?add-to-cart=4690\" aria-describedby=\"woocommerce_loop_add_to_cart_link_describedby_4690\" data-quantity=\"1\" class=\"primary is-small mb-0 button product_type_simple add_to_cart_button ajax_add_to_cart is-outline\" data-product_id=\"4690\" data-product_sku=\"100300332\" aria-label=\"Add to cart: &ldquo;Hattingley Valley Kings Cuv\u00e9e 2015 0,75 L&rdquo;\" rel=\"nofollow\" data-success_message=\"&ldquo;Hattingley Valley Kings Cuv\u00e9e 2015 0,75 L&rdquo; has been added to your cart\" role=\"button\">Add to cart<\/a><\/div>\t<span id=\"woocommerce_loop_add_to_cart_link_describedby_4690\" class=\"screen-reader-text\">\n\t\t\t<\/span>\n\t\t\t\t\t\t\t<\/div>\n\t\t\t\t\t\t<\/div>\n\t\t\t\t\t\t<\/div>\n\t\t\t\t\t<\/div><div class=\"col\" data-animate=\"fadeInUp\">\n\t\t\t\t\t\t<div class=\"col-inner\">\n\t\t\t\t\t\t\n<div class=\"badge-container badge-custom absolute right top z-1\">\n\n<\/div>\n\t\t\t\t\t\t<div class=\"product-small box margin-auto has-hover box-normal box-text-bottom\">\n\t\t\t\t\t\t\t<div class=\"box-image\" >\n\t\t\t\t\t\t\t\t<div class=\"\" >\n\t\t\t\t\t\t\t\t\t<a href=\"https:\/\/schaumweinkontor.com\/en\/produkt\/hattingley-valley-rose-2019-15-l-magnum\/\" aria-label=\"Hattingley Valley Ros\u00e9 2019 1,5 L Magnum\">\n\t\t\t\t\t\t\t\t\t\t<img loading=\"lazy\" decoding=\"async\" width=\"300\" height=\"300\" src=\"https:\/\/schaumweinkontor.com\/wp-content\/uploads\/2023\/04\/Hattingley-Valle-Rose_1000x1000-px-300x300.png\" class=\"attachment-medium size-medium\" alt=\"Hattingley Valley Ros\u00e9 2019 1,5 L Magnum\" srcset=\"https:\/\/schaumweinkontor.com\/wp-content\/uploads\/2023\/04\/Hattingley-Valle-Rose_1000x1000-px-300x300.png 300w, https:\/\/schaumweinkontor.com\/wp-content\/uploads\/2023\/04\/Hattingley-Valle-Rose_1000x1000-px-100x100.png 100w, https:\/\/schaumweinkontor.com\/wp-content\/uploads\/2023\/04\/Hattingley-Valle-Rose_1000x1000-px-510x510.png 510w, https:\/\/schaumweinkontor.com\/wp-content\/uploads\/2023\/04\/Hattingley-Valle-Rose_1000x1000-px-150x150.png 150w, https:\/\/schaumweinkontor.com\/wp-content\/uploads\/2023\/04\/Hattingley-Valle-Rose_1000x1000-px-768x768.png 768w, https:\/\/schaumweinkontor.com\/wp-content\/uploads\/2023\/04\/Hattingley-Valle-Rose_1000x1000-px.png 1000w\" sizes=\"auto, (max-width: 300px) 100vw, 300px\" \/>\t\t\t\t\t\t\t\t\t<\/a>\n\t\t\t\t\t\t\t\t\t\t\t\t\t\t\t\t\t\t \t\t\t\t\t\t\t\t<\/div>\n\t\t\t\t\t\t\t\t<div class=\"image-tools top right show-on-hover\">\n\t\t\t\t\t\t\t\t\t\t\t\t\t\t\t\t\t<\/div>\n\t\t\t\t\t\t\t\t\t\t\t\t\t\t\t\t\t<div class=\"image-tools grid-tools text-center hide-for-small bottom hover-slide-in show-on-hover\">\n\t\t\t\t\t\t\t\t\t\t\t\t\t\t\t\t\t\t\t<\/div>\n\t\t\t\t\t\t\t\t\t\t\t\t\t\t\t\t\t\t\t\t\t\t\t<\/div>\n\n\t\t\t\t\t\t\t<div class=\"box-text text-center\" >\n\t\t\t\t\t\t\t\t<div class=\"title-wrapper\">\t\t<p class=\"category uppercase is-smaller no-text-overflow product-cat op-7\">\n\t\t\tHattingley Valley\t\t<\/p>\n\t<p class=\"name product-title woocommerce-loop-product__title\"><a href=\"https:\/\/schaumweinkontor.com\/en\/produkt\/hattingley-valley-rose-2019-15-l-magnum\/\" class=\"woocommerce-LoopProduct-link woocommerce-loop-product__link\">Hattingley Valley Ros\u00e9 2019 1,5 L Magnum<\/a><\/p><\/div><div class=\"price-wrapper\">\n\t<span class=\"price\"><span class=\"woocommerce-Price-amount amount\" role=\"none\"><bdi><span class=\"woocommerce-Price-currencySymbol\">&euro;<\/span>&nbsp;98,00<\/bdi><\/span> <small class=\"woocommerce-price-suffix\">inkl. MwSt.<\/small><\/span>\n<\/div><div class=\"add-to-cart-button\"><a href=\"\/en\/wp-json\/wp\/v2\/pages\/4628?add-to-cart=4670\" aria-describedby=\"woocommerce_loop_add_to_cart_link_describedby_4670\" data-quantity=\"1\" class=\"primary is-small mb-0 button product_type_simple add_to_cart_button ajax_add_to_cart is-outline\" data-product_id=\"4670\" data-product_sku=\"100300334\" aria-label=\"Add to cart: &ldquo;Hattingley Valley Ros\u00e9 2019 1,5 L Magnum&rdquo;\" rel=\"nofollow\" data-success_message=\"&ldquo;Hattingley Valley Ros\u00e9 2019 1,5 L Magnum&rdquo; has been added to your cart\" role=\"button\">Add to cart<\/a><\/div>\t<span id=\"woocommerce_loop_add_to_cart_link_describedby_4670\" class=\"screen-reader-text\">\n\t\t\t<\/span>\n\t\t\t\t\t\t\t<\/div>\n\t\t\t\t\t\t<\/div>\n\t\t\t\t\t\t<\/div>\n\t\t\t\t\t<\/div><div class=\"col\" data-animate=\"fadeInUp\">\n\t\t\t\t\t\t<div class=\"col-inner\">\n\t\t\t\t\t\t\n<div class=\"badge-container badge-custom absolute right top z-1\">\n\n<\/div>\n\t\t\t\t\t\t<div class=\"product-small box margin-auto has-hover box-normal box-text-bottom\">\n\t\t\t\t\t\t\t<div class=\"box-image\" >\n\t\t\t\t\t\t\t\t<div class=\"\" >\n\t\t\t\t\t\t\t\t\t<a href=\"https:\/\/schaumweinkontor.com\/en\/produkt\/hattingley-valley-blanc-de-blancs-2014-15-l-magnum\/\" aria-label=\"Hattingley Valley Blanc de Blancs 2014\/2015 1,5 L Magnum\">\n\t\t\t\t\t\t\t\t\t\t<img loading=\"lazy\" decoding=\"async\" width=\"300\" height=\"300\" src=\"https:\/\/schaumweinkontor.com\/wp-content\/uploads\/2023\/04\/Hattingley-Banc-de-Blacs_1000x1000-px-300x300.png\" class=\"attachment-medium size-medium\" alt=\"Hattingley Valley Blanc de Blancs 2014\/2015 1,5 L Magnum\" srcset=\"https:\/\/schaumweinkontor.com\/wp-content\/uploads\/2023\/04\/Hattingley-Banc-de-Blacs_1000x1000-px-300x300.png 300w, https:\/\/schaumweinkontor.com\/wp-content\/uploads\/2023\/04\/Hattingley-Banc-de-Blacs_1000x1000-px-100x100.png 100w, https:\/\/schaumweinkontor.com\/wp-content\/uploads\/2023\/04\/Hattingley-Banc-de-Blacs_1000x1000-px-510x510.png 510w, https:\/\/schaumweinkontor.com\/wp-content\/uploads\/2023\/04\/Hattingley-Banc-de-Blacs_1000x1000-px-150x150.png 150w, https:\/\/schaumweinkontor.com\/wp-content\/uploads\/2023\/04\/Hattingley-Banc-de-Blacs_1000x1000-px-768x768.png 768w, https:\/\/schaumweinkontor.com\/wp-content\/uploads\/2023\/04\/Hattingley-Banc-de-Blacs_1000x1000-px.png 1000w\" sizes=\"auto, (max-width: 300px) 100vw, 300px\" \/>\t\t\t\t\t\t\t\t\t<\/a>\n\t\t\t\t\t\t\t\t\t\t\t\t\t\t\t\t\t\t \t\t\t\t\t\t\t\t<\/div>\n\t\t\t\t\t\t\t\t<div class=\"image-tools top right show-on-hover\">\n\t\t\t\t\t\t\t\t\t\t\t\t\t\t\t\t\t<\/div>\n\t\t\t\t\t\t\t\t\t\t\t\t\t\t\t\t\t<div class=\"image-tools grid-tools text-center hide-for-small bottom hover-slide-in show-on-hover\">\n\t\t\t\t\t\t\t\t\t\t\t\t\t\t\t\t\t\t\t<\/div>\n\t\t\t\t\t\t\t\t\t\t\t\t\t\t\t\t\t\t\t\t\t\t\t<\/div>\n\n\t\t\t\t\t\t\t<div class=\"box-text text-center\" >\n\t\t\t\t\t\t\t\t<div class=\"title-wrapper\">\t\t<p class=\"category uppercase is-smaller no-text-overflow product-cat op-7\">\n\t\t\tHattingley Valley\t\t<\/p>\n\t<p class=\"name product-title woocommerce-loop-product__title\"><a href=\"https:\/\/schaumweinkontor.com\/en\/produkt\/hattingley-valley-blanc-de-blancs-2014-15-l-magnum\/\" class=\"woocommerce-LoopProduct-link woocommerce-loop-product__link\">Hattingley Valley Blanc de Blancs 2014\/2015 1,5 L Magnum<\/a><\/p><\/div><div class=\"price-wrapper\">\n\t<span class=\"price\"><span class=\"woocommerce-Price-amount amount\" role=\"none\"><bdi><span class=\"woocommerce-Price-currencySymbol\">&euro;<\/span>&nbsp;104,00<\/bdi><\/span> <small class=\"woocommerce-price-suffix\">inkl. MwSt.<\/small><\/span>\n<\/div><div class=\"add-to-cart-button\"><a href=\"\/en\/wp-json\/wp\/v2\/pages\/4628?add-to-cart=4669\" aria-describedby=\"woocommerce_loop_add_to_cart_link_describedby_4669\" data-quantity=\"1\" class=\"primary is-small mb-0 button product_type_simple add_to_cart_button ajax_add_to_cart is-outline\" data-product_id=\"4669\" data-product_sku=\"100300335\" aria-label=\"Add to cart: &ldquo;Hattingley Valley Blanc de Blancs 2014\/2015 1,5 L Magnum&rdquo;\" rel=\"nofollow\" data-success_message=\"&ldquo;Hattingley Valley Blanc de Blancs 2014\/2015 1,5 L Magnum&rdquo; has been added to your cart\" role=\"button\">Add to cart<\/a><\/div>\t<span id=\"woocommerce_loop_add_to_cart_link_describedby_4669\" class=\"screen-reader-text\">\n\t\t\t<\/span>\n\t\t\t\t\t\t\t<\/div>\n\t\t\t\t\t\t<\/div>\n\t\t\t\t\t\t<\/div>\n\t\t\t\t\t<\/div><\/div>\n\n\n\t\t<\/div>\n\t\t\t\t\t<\/div>\n\n\t\n\n\n<style>\n#row-1170959868 > .col > .col-inner {\n  padding: 15px 0px 0px 0px;\n}\n<\/style>\n<\/div>\n\n\t\t<\/div>\n\n\t\t\n<style>\n#section_1354397341 {\n  padding-top: 20px;\n  padding-bottom: 20px;\n  margin-bottom: 30px;\n}\n#section_1354397341 .section-bg.bg-loaded {\n  background-image: url(https:\/\/schaumweinkontor.com\/wp-content\/uploads\/2022\/06\/landscape-illu-gold-transp.png);\n}\n<\/style>\n\t<\/section>\n\t\n<\/div>\n<div id=\"Lithuania\">\n<div class=\"row row-collapse row-full-width align-middle blau-verlauf hide-for-small\"  id=\"row-1101537193\">\n\n\n\t<div id=\"col-742193261\" class=\"col medium-6 small-12 large-6\"  >\n\t\t\t\t<div class=\"col-inner\"  >\n\t\t\t\n\t\t\t\n\n\t<div id=\"text-2812531705\" class=\"text\">\n\t\t\n\n<h2>Lithuania<\/h2>\n\t\t\n<style>\n#text-2812531705 {\n  font-size: 1.5rem;\n  line-height: 2;\n}\n<\/style>\n\t<\/div>\n\t\n\n\t\t<\/div>\n\t\t\t\t\t<\/div>\n\n\t\n\n\t<div id=\"col-488510689\" class=\"col medium-6 small-12 large-6\"  >\n\t\t\t\t<div class=\"col-inner\"  >\n\t\t\t\n\t\t\t\n\n<h5 id=\"SparklingTea\" class=\"uppercase\" style=\"text-align: right;\"><span style=\"color: #b79549;\"> Sparkling TEA<\/span><\/h5>\n\n\n\t\t<\/div>\n\t\t\t\t\t<\/div>\n\n\t\n\n\n<style>\n#row-1101537193 > .col > .col-inner {\n  padding: 0px 20px 0px 20px;\n  border-radius: 74px;\n}\n<\/style>\n<\/div>\n\t<section class=\"section bg_winzer hide-for-small\" id=\"section_2132903249\">\n\t\t<div class=\"bg section-bg fill bg-fill  \" >\n\n\t\t\t\n\t\t\t\n\t\t\t\n\n\t\t<\/div>\n\n\t\t\n\n\t\t<div class=\"section-content relative\">\n\t\t\t\n\n<div class=\"row align-middle align-center\"  id=\"row-343416191\">\n\n\n\t<div id=\"col-2113820546\" class=\"col small-12 large-12\"  >\n\t\t\t\t<div class=\"col-inner\"  >\n\t\t\t\n\t\t\t\n\n<h2 id=\"Acala\" class=\"uppercase\" style=\"text-align: center;\">ACALA<\/h2>\n<p>\u00a0<\/p>\n\n\n  \n    <div class=\"row margin-auto equalize-box large-columns-3 medium-columns- small-columns-2 row-large has-shadow row-box-shadow-2 row-box-shadow-4-hover\" >\n  \t\n\t     <div class=\"col\" data-animate=\"fadeInUp\">\n\t\t\t\t\t\t<div class=\"col-inner\">\n\t\t\t\t\t\t\n<div class=\"badge-container badge-custom absolute right top z-1\">\n\n<\/div>\n\t\t\t\t\t\t<div class=\"product-small box margin-auto has-hover box-normal box-text-bottom\">\n\t\t\t\t\t\t\t<div class=\"box-image\" >\n\t\t\t\t\t\t\t\t<div class=\"\" >\n\t\t\t\t\t\t\t\t\t<a href=\"https:\/\/schaumweinkontor.com\/en\/produkt\/acala-sparkling-tea-box-white-rose-2-x-075-l\/\" aria-label=\"Acala Sparkling Tea BOX White &amp; Rose 2 x 0,75 L\">\n\t\t\t\t\t\t\t\t\t\t<img loading=\"lazy\" decoding=\"async\" width=\"300\" height=\"300\" src=\"https:\/\/schaumweinkontor.com\/wp-content\/uploads\/2024\/10\/1-300x300.png\" class=\"attachment-medium size-medium\" alt=\"Acala Sparkling Tea BOX White &amp; Rose 2 x 0,75 L\" srcset=\"https:\/\/schaumweinkontor.com\/wp-content\/uploads\/2024\/10\/1-300x300.png 300w, https:\/\/schaumweinkontor.com\/wp-content\/uploads\/2024\/10\/1-150x150.png 150w, https:\/\/schaumweinkontor.com\/wp-content\/uploads\/2024\/10\/1-768x768.png 768w, https:\/\/schaumweinkontor.com\/wp-content\/uploads\/2024\/10\/1-510x510.png 510w, https:\/\/schaumweinkontor.com\/wp-content\/uploads\/2024\/10\/1-100x100.png 100w, https:\/\/schaumweinkontor.com\/wp-content\/uploads\/2024\/10\/1.png 1000w\" sizes=\"auto, (max-width: 300px) 100vw, 300px\" \/>\t\t\t\t\t\t\t\t\t<\/a>\n\t\t\t\t\t\t\t\t\t\t\t\t\t\t\t\t\t\t \t\t\t\t\t\t\t\t<\/div>\n\t\t\t\t\t\t\t\t<div class=\"image-tools top right show-on-hover\">\n\t\t\t\t\t\t\t\t\t\t\t\t\t\t\t\t\t<\/div>\n\t\t\t\t\t\t\t\t\t\t\t\t\t\t\t\t\t<div class=\"image-tools grid-tools text-center hide-for-small bottom hover-slide-in show-on-hover\">\n\t\t\t\t\t\t\t\t\t\t\t\t\t\t\t\t\t\t\t<\/div>\n\t\t\t\t\t\t\t\t\t\t\t\t\t\t\t\t<div class=\"out-of-stock-label\">Out of stock<\/div>\t\t\t\t\t\t\t<\/div>\n\n\t\t\t\t\t\t\t<div class=\"box-text text-center\" >\n\t\t\t\t\t\t\t\t<div class=\"title-wrapper\">\t\t<p class=\"category uppercase is-smaller no-text-overflow product-cat op-7\">\n\t\t\tAcala\t\t<\/p>\n\t<p class=\"name product-title woocommerce-loop-product__title\"><a href=\"https:\/\/schaumweinkontor.com\/en\/produkt\/acala-sparkling-tea-box-white-rose-2-x-075-l\/\" class=\"woocommerce-LoopProduct-link woocommerce-loop-product__link\">Acala Sparkling Tea BOX White &amp; Rose 2 x 0,75 L<\/a><\/p><\/div><div class=\"price-wrapper\">\n<\/div><div class=\"add-to-cart-button\"><a href=\"https:\/\/schaumweinkontor.com\/en\/produkt\/acala-sparkling-tea-box-white-rose-2-x-075-l\/\" aria-describedby=\"woocommerce_loop_add_to_cart_link_describedby_5829\" data-quantity=\"1\" class=\"primary is-small mb-0 button product_type_simple is-outline\" data-product_id=\"5829\" data-product_sku=\"100300359\" aria-label=\"Read more about &ldquo;Acala Sparkling Tea BOX White &amp; Rose 2 x 0,75 L&rdquo;\" rel=\"nofollow\" data-success_message=\"\">Read more<\/a><\/div>\t<span id=\"woocommerce_loop_add_to_cart_link_describedby_5829\" class=\"screen-reader-text\">\n\t\t\t<\/span>\n\t\t\t\t\t\t\t<\/div>\n\t\t\t\t\t\t<\/div>\n\t\t\t\t\t\t<\/div>\n\t\t\t\t\t<\/div><div class=\"col\" data-animate=\"fadeInUp\">\n\t\t\t\t\t\t<div class=\"col-inner\">\n\t\t\t\t\t\t\n<div class=\"badge-container badge-custom absolute right top z-1\">\n\n<\/div>\n\t\t\t\t\t\t<div class=\"product-small box margin-auto has-hover box-normal box-text-bottom\">\n\t\t\t\t\t\t\t<div class=\"box-image\" >\n\t\t\t\t\t\t\t\t<div class=\"\" >\n\t\t\t\t\t\t\t\t\t<a href=\"https:\/\/schaumweinkontor.com\/en\/produkt\/ronco-calino-franciacorta-docg-pair-brut-nature-2013-bio-075l-copy-copy-copy-copy-copy-copy-copy-copy-copy-copy-2\/\" aria-label=\"Acala Sparkling Tea SPRITZ Alkoholfrei BIO 0,33l\">\n\t\t\t\t\t\t\t\t\t\t<img loading=\"lazy\" decoding=\"async\" width=\"300\" height=\"300\" src=\"https:\/\/schaumweinkontor.com\/wp-content\/uploads\/2025\/07\/2-300x300.png\" class=\"attachment-medium size-medium\" alt=\"Acala Sparkling Tea SPRITZ\" srcset=\"https:\/\/schaumweinkontor.com\/wp-content\/uploads\/2025\/07\/2-300x300.png 300w, https:\/\/schaumweinkontor.com\/wp-content\/uploads\/2025\/07\/2-150x150.png 150w, https:\/\/schaumweinkontor.com\/wp-content\/uploads\/2025\/07\/2-768x768.png 768w, https:\/\/schaumweinkontor.com\/wp-content\/uploads\/2025\/07\/2-510x510.png 510w, https:\/\/schaumweinkontor.com\/wp-content\/uploads\/2025\/07\/2-100x100.png 100w, https:\/\/schaumweinkontor.com\/wp-content\/uploads\/2025\/07\/2.png 1000w\" sizes=\"auto, (max-width: 300px) 100vw, 300px\" \/>\t\t\t\t\t\t\t\t\t<\/a>\n\t\t\t\t\t\t\t\t\t\t\t\t\t\t\t\t\t\t \t\t\t\t\t\t\t\t<\/div>\n\t\t\t\t\t\t\t\t<div class=\"image-tools top right show-on-hover\">\n\t\t\t\t\t\t\t\t\t\t\t\t\t\t\t\t\t<\/div>\n\t\t\t\t\t\t\t\t\t\t\t\t\t\t\t\t\t<div class=\"image-tools grid-tools text-center hide-for-small bottom hover-slide-in show-on-hover\">\n\t\t\t\t\t\t\t\t\t\t\t\t\t\t\t\t\t\t\t<\/div>\n\t\t\t\t\t\t\t\t\t\t\t\t\t\t\t\t\t\t\t\t\t\t\t<\/div>\n\n\t\t\t\t\t\t\t<div class=\"box-text text-center\" >\n\t\t\t\t\t\t\t\t<div class=\"title-wrapper\">\t\t<p class=\"category uppercase is-smaller no-text-overflow product-cat op-7\">\n\t\t\tAcala\t\t<\/p>\n\t<p class=\"name product-title woocommerce-loop-product__title\"><a href=\"https:\/\/schaumweinkontor.com\/en\/produkt\/ronco-calino-franciacorta-docg-pair-brut-nature-2013-bio-075l-copy-copy-copy-copy-copy-copy-copy-copy-copy-copy-2\/\" class=\"woocommerce-LoopProduct-link woocommerce-loop-product__link\">Acala Sparkling Tea SPRITZ Alkoholfrei BIO 0,33l<\/a><\/p><\/div><div class=\"price-wrapper\">\n\t<span class=\"price\"><span class=\"woocommerce-Price-amount amount\" role=\"none\"><bdi><span class=\"woocommerce-Price-currencySymbol\">&euro;<\/span>&nbsp;6,00<\/bdi><\/span> <small class=\"woocommerce-price-suffix\">inkl. MwSt.<\/small><\/span>\n<\/div><div class=\"add-to-cart-button\"><a href=\"\/en\/wp-json\/wp\/v2\/pages\/4628?add-to-cart=6417\" aria-describedby=\"woocommerce_loop_add_to_cart_link_describedby_6417\" data-quantity=\"1\" class=\"primary is-small mb-0 button product_type_simple add_to_cart_button ajax_add_to_cart is-outline\" data-product_id=\"6417\" data-product_sku=\"100300357\" aria-label=\"Add to cart: &ldquo;Acala Sparkling Tea SPRITZ Alkoholfrei BIO 0,33l&rdquo;\" rel=\"nofollow\" data-success_message=\"&ldquo;Acala Sparkling Tea SPRITZ Alkoholfrei BIO 0,33l&rdquo; has been added to your cart\" role=\"button\">Add to cart<\/a><\/div>\t<span id=\"woocommerce_loop_add_to_cart_link_describedby_6417\" class=\"screen-reader-text\">\n\t\t\t<\/span>\n\t\t\t\t\t\t\t<\/div>\n\t\t\t\t\t\t<\/div>\n\t\t\t\t\t\t<\/div>\n\t\t\t\t\t<\/div><div class=\"col\" data-animate=\"fadeInUp\">\n\t\t\t\t\t\t<div class=\"col-inner\">\n\t\t\t\t\t\t\n<div class=\"badge-container badge-custom absolute right top z-1\">\n\n<\/div>\n\t\t\t\t\t\t<div class=\"product-small box margin-auto has-hover box-normal box-text-bottom\">\n\t\t\t\t\t\t\t<div class=\"box-image\" >\n\t\t\t\t\t\t\t\t<div class=\"\" >\n\t\t\t\t\t\t\t\t\t<a href=\"https:\/\/schaumweinkontor.com\/en\/produkt\/acala-sparkling-tea-white-non-alcoholic-bio-033-l\/\" aria-label=\"Acala Sparkling Tea WHITE Non-alcoholic BIO 0,33 L\">\n\t\t\t\t\t\t\t\t\t\t<img loading=\"lazy\" decoding=\"async\" width=\"300\" height=\"300\" src=\"https:\/\/schaumweinkontor.com\/wp-content\/uploads\/2024\/04\/Acala-White-300x300.png\" class=\"attachment-medium size-medium\" alt=\"Acala Sparkling Tea WHITE Non-alcoholic BIO 0,33 L\" srcset=\"https:\/\/schaumweinkontor.com\/wp-content\/uploads\/2024\/04\/Acala-White-300x300.png 300w, https:\/\/schaumweinkontor.com\/wp-content\/uploads\/2024\/04\/Acala-White-100x100.png 100w, https:\/\/schaumweinkontor.com\/wp-content\/uploads\/2024\/04\/Acala-White-510x510.png 510w, https:\/\/schaumweinkontor.com\/wp-content\/uploads\/2024\/04\/Acala-White-150x150.png 150w, https:\/\/schaumweinkontor.com\/wp-content\/uploads\/2024\/04\/Acala-White-768x768.png 768w, https:\/\/schaumweinkontor.com\/wp-content\/uploads\/2024\/04\/Acala-White.png 1000w\" sizes=\"auto, (max-width: 300px) 100vw, 300px\" \/>\t\t\t\t\t\t\t\t\t<\/a>\n\t\t\t\t\t\t\t\t\t\t\t\t\t\t\t\t\t\t \t\t\t\t\t\t\t\t<\/div>\n\t\t\t\t\t\t\t\t<div class=\"image-tools top right show-on-hover\">\n\t\t\t\t\t\t\t\t\t\t\t\t\t\t\t\t\t<\/div>\n\t\t\t\t\t\t\t\t\t\t\t\t\t\t\t\t\t<div class=\"image-tools grid-tools text-center hide-for-small bottom hover-slide-in show-on-hover\">\n\t\t\t\t\t\t\t\t\t\t\t\t\t\t\t\t\t\t\t<\/div>\n\t\t\t\t\t\t\t\t\t\t\t\t\t\t\t\t\t\t\t\t\t\t\t<\/div>\n\n\t\t\t\t\t\t\t<div class=\"box-text text-center\" >\n\t\t\t\t\t\t\t\t<div class=\"title-wrapper\">\t\t<p class=\"category uppercase is-smaller no-text-overflow product-cat op-7\">\n\t\t\tAcala\t\t<\/p>\n\t<p class=\"name product-title woocommerce-loop-product__title\"><a href=\"https:\/\/schaumweinkontor.com\/en\/produkt\/acala-sparkling-tea-white-non-alcoholic-bio-033-l\/\" class=\"woocommerce-LoopProduct-link woocommerce-loop-product__link\">Acala Sparkling Tea WHITE Non-alcoholic BIO 0,33 L<\/a><\/p><\/div><div class=\"price-wrapper\">\n\t<span class=\"price\"><span class=\"woocommerce-Price-amount amount\" role=\"none\"><bdi><span class=\"woocommerce-Price-currencySymbol\">&euro;<\/span>&nbsp;7,20<\/bdi><\/span> <small class=\"woocommerce-price-suffix\">inkl. MwSt.<\/small><\/span>\n<\/div><div class=\"add-to-cart-button\"><a href=\"\/en\/wp-json\/wp\/v2\/pages\/4628?add-to-cart=5355\" aria-describedby=\"woocommerce_loop_add_to_cart_link_describedby_5355\" data-quantity=\"1\" class=\"primary is-small mb-0 button product_type_simple add_to_cart_button ajax_add_to_cart is-outline\" data-product_id=\"5355\" data-product_sku=\"100300353\" aria-label=\"Add to cart: &ldquo;Acala Sparkling Tea WHITE Non-alcoholic BIO 0,33 L&rdquo;\" rel=\"nofollow\" data-success_message=\"&ldquo;Acala Sparkling Tea WHITE Non-alcoholic BIO 0,33 L&rdquo; has been added to your cart\" role=\"button\">Add to cart<\/a><\/div>\t<span id=\"woocommerce_loop_add_to_cart_link_describedby_5355\" class=\"screen-reader-text\">\n\t\t\t<\/span>\n\t\t\t\t\t\t\t<\/div>\n\t\t\t\t\t\t<\/div>\n\t\t\t\t\t\t<\/div>\n\t\t\t\t\t<\/div><div class=\"col\" data-animate=\"fadeInUp\">\n\t\t\t\t\t\t<div class=\"col-inner\">\n\t\t\t\t\t\t\n<div class=\"badge-container badge-custom absolute right top z-1\">\n\n<\/div>\n\t\t\t\t\t\t<div class=\"product-small box margin-auto has-hover box-normal box-text-bottom\">\n\t\t\t\t\t\t\t<div class=\"box-image\" >\n\t\t\t\t\t\t\t\t<div class=\"\" >\n\t\t\t\t\t\t\t\t\t<a href=\"https:\/\/schaumweinkontor.com\/en\/produkt\/acala-sparkling-tea-rose-non-alcoholic-bio-075-l-copy\/\" aria-label=\"Acala Sparkling Tea ROSE Non-alcoholic BIO 0,33 L\">\n\t\t\t\t\t\t\t\t\t\t<img loading=\"lazy\" decoding=\"async\" width=\"300\" height=\"300\" src=\"https:\/\/schaumweinkontor.com\/wp-content\/uploads\/2024\/04\/Acala-Rose-300x300.png\" class=\"attachment-medium size-medium\" alt=\"Acala Sparkling Tea ROSE Non-alcoholic BIO 0,33 L\" srcset=\"https:\/\/schaumweinkontor.com\/wp-content\/uploads\/2024\/04\/Acala-Rose-300x300.png 300w, https:\/\/schaumweinkontor.com\/wp-content\/uploads\/2024\/04\/Acala-Rose-100x100.png 100w, https:\/\/schaumweinkontor.com\/wp-content\/uploads\/2024\/04\/Acala-Rose-510x510.png 510w, https:\/\/schaumweinkontor.com\/wp-content\/uploads\/2024\/04\/Acala-Rose-150x150.png 150w, https:\/\/schaumweinkontor.com\/wp-content\/uploads\/2024\/04\/Acala-Rose-768x768.png 768w, https:\/\/schaumweinkontor.com\/wp-content\/uploads\/2024\/04\/Acala-Rose.png 1000w\" sizes=\"auto, (max-width: 300px) 100vw, 300px\" \/>\t\t\t\t\t\t\t\t\t<\/a>\n\t\t\t\t\t\t\t\t\t\t\t\t\t\t\t\t\t\t \t\t\t\t\t\t\t\t<\/div>\n\t\t\t\t\t\t\t\t<div class=\"image-tools top right show-on-hover\">\n\t\t\t\t\t\t\t\t\t\t\t\t\t\t\t\t\t<\/div>\n\t\t\t\t\t\t\t\t\t\t\t\t\t\t\t\t\t<div class=\"image-tools grid-tools text-center hide-for-small bottom hover-slide-in show-on-hover\">\n\t\t\t\t\t\t\t\t\t\t\t\t\t\t\t\t\t\t\t<\/div>\n\t\t\t\t\t\t\t\t\t\t\t\t\t\t\t\t\t\t\t\t\t\t\t<\/div>\n\n\t\t\t\t\t\t\t<div class=\"box-text text-center\" >\n\t\t\t\t\t\t\t\t<div class=\"title-wrapper\">\t\t<p class=\"category uppercase is-smaller no-text-overflow product-cat op-7\">\n\t\t\tAcala\t\t<\/p>\n\t<p class=\"name product-title woocommerce-loop-product__title\"><a href=\"https:\/\/schaumweinkontor.com\/en\/produkt\/acala-sparkling-tea-rose-non-alcoholic-bio-075-l-copy\/\" class=\"woocommerce-LoopProduct-link woocommerce-loop-product__link\">Acala Sparkling Tea ROSE Non-alcoholic BIO 0,33 L<\/a><\/p><\/div><div class=\"price-wrapper\">\n\t<span class=\"price\"><span class=\"woocommerce-Price-amount amount\" role=\"none\"><bdi><span class=\"woocommerce-Price-currencySymbol\">&euro;<\/span>&nbsp;7,20<\/bdi><\/span> <small class=\"woocommerce-price-suffix\">inkl. MwSt.<\/small><\/span>\n<\/div><div class=\"add-to-cart-button\"><a href=\"\/en\/wp-json\/wp\/v2\/pages\/4628?add-to-cart=5359\" aria-describedby=\"woocommerce_loop_add_to_cart_link_describedby_5359\" data-quantity=\"1\" class=\"primary is-small mb-0 button product_type_simple add_to_cart_button ajax_add_to_cart is-outline\" data-product_id=\"5359\" data-product_sku=\"100300355\" aria-label=\"Add to cart: &ldquo;Acala Sparkling Tea ROSE Non-alcoholic BIO 0,33 L&rdquo;\" rel=\"nofollow\" data-success_message=\"&ldquo;Acala Sparkling Tea ROSE Non-alcoholic BIO 0,33 L&rdquo; has been added to your cart\" role=\"button\">Add to cart<\/a><\/div>\t<span id=\"woocommerce_loop_add_to_cart_link_describedby_5359\" class=\"screen-reader-text\">\n\t\t\t<\/span>\n\t\t\t\t\t\t\t<\/div>\n\t\t\t\t\t\t<\/div>\n\t\t\t\t\t\t<\/div>\n\t\t\t\t\t<\/div><div class=\"col\" data-animate=\"fadeInUp\">\n\t\t\t\t\t\t<div class=\"col-inner\">\n\t\t\t\t\t\t\n<div class=\"badge-container badge-custom absolute right top z-1\">\n\n<\/div>\n\t\t\t\t\t\t<div class=\"product-small box margin-auto has-hover box-normal box-text-bottom\">\n\t\t\t\t\t\t\t<div class=\"box-image\" >\n\t\t\t\t\t\t\t\t<div class=\"\" >\n\t\t\t\t\t\t\t\t\t<a href=\"https:\/\/schaumweinkontor.com\/en\/produkt\/acala-sparkling-tea-mimosa-non-alcoholic-bio-033-l\/\" aria-label=\"Acala Sparkling Tea MIMOSA Non-alcoholic BIO 0,33l\">\n\t\t\t\t\t\t\t\t\t\t<img loading=\"lazy\" decoding=\"async\" width=\"300\" height=\"300\" src=\"https:\/\/schaumweinkontor.com\/wp-content\/uploads\/2025\/11\/acaqla-mimosa-033-300x300.png\" class=\"attachment-medium size-medium\" alt=\"Acala Sparkling Tea MIMOSA Non-alcoholic BIO 0,33l\" srcset=\"https:\/\/schaumweinkontor.com\/wp-content\/uploads\/2025\/11\/acaqla-mimosa-033-300x300.png 300w, https:\/\/schaumweinkontor.com\/wp-content\/uploads\/2025\/11\/acaqla-mimosa-033-150x150.png 150w, https:\/\/schaumweinkontor.com\/wp-content\/uploads\/2025\/11\/acaqla-mimosa-033-768x768.png 768w, https:\/\/schaumweinkontor.com\/wp-content\/uploads\/2025\/11\/acaqla-mimosa-033-510x510.png 510w, https:\/\/schaumweinkontor.com\/wp-content\/uploads\/2025\/11\/acaqla-mimosa-033-100x100.png 100w, https:\/\/schaumweinkontor.com\/wp-content\/uploads\/2025\/11\/acaqla-mimosa-033.png 1000w\" sizes=\"auto, (max-width: 300px) 100vw, 300px\" \/>\t\t\t\t\t\t\t\t\t<\/a>\n\t\t\t\t\t\t\t\t\t\t\t\t\t\t\t\t\t\t \t\t\t\t\t\t\t\t<\/div>\n\t\t\t\t\t\t\t\t<div class=\"image-tools top right show-on-hover\">\n\t\t\t\t\t\t\t\t\t\t\t\t\t\t\t\t\t<\/div>\n\t\t\t\t\t\t\t\t\t\t\t\t\t\t\t\t\t<div class=\"image-tools grid-tools text-center hide-for-small bottom hover-slide-in show-on-hover\">\n\t\t\t\t\t\t\t\t\t\t\t\t\t\t\t\t\t\t\t<\/div>\n\t\t\t\t\t\t\t\t\t\t\t\t\t\t\t\t\t\t\t\t\t\t\t<\/div>\n\n\t\t\t\t\t\t\t<div class=\"box-text text-center\" >\n\t\t\t\t\t\t\t\t<div class=\"title-wrapper\">\t\t<p class=\"category uppercase is-smaller no-text-overflow product-cat op-7\">\n\t\t\tAcala\t\t<\/p>\n\t<p class=\"name product-title woocommerce-loop-product__title\"><a href=\"https:\/\/schaumweinkontor.com\/en\/produkt\/acala-sparkling-tea-mimosa-non-alcoholic-bio-033-l\/\" class=\"woocommerce-LoopProduct-link woocommerce-loop-product__link\">Acala Sparkling Tea MIMOSA Non-alcoholic BIO 0,33l<\/a><\/p><\/div><div class=\"price-wrapper\">\n\t<span class=\"price\"><span class=\"woocommerce-Price-amount amount\" role=\"none\"><bdi><span class=\"woocommerce-Price-currencySymbol\">&euro;<\/span>&nbsp;7,20<\/bdi><\/span> <small class=\"woocommerce-price-suffix\">inkl. MwSt.<\/small><\/span>\n<\/div><div class=\"add-to-cart-button\"><a href=\"\/en\/wp-json\/wp\/v2\/pages\/4628?add-to-cart=7471\" aria-describedby=\"woocommerce_loop_add_to_cart_link_describedby_7471\" data-quantity=\"1\" class=\"primary is-small mb-0 button product_type_simple add_to_cart_button ajax_add_to_cart is-outline\" data-product_id=\"7471\" data-product_sku=\"100300356\" aria-label=\"Add to cart: &ldquo;Acala Sparkling Tea MIMOSA Non-alcoholic BIO 0,33l&rdquo;\" rel=\"nofollow\" data-success_message=\"&ldquo;Acala Sparkling Tea MIMOSA Non-alcoholic BIO 0,33l&rdquo; has been added to your cart\" role=\"button\">Add to cart<\/a><\/div>\t<span id=\"woocommerce_loop_add_to_cart_link_describedby_7471\" class=\"screen-reader-text\">\n\t\t\t<\/span>\n\t\t\t\t\t\t\t<\/div>\n\t\t\t\t\t\t<\/div>\n\t\t\t\t\t\t<\/div>\n\t\t\t\t\t<\/div><div class=\"col\" data-animate=\"fadeInUp\">\n\t\t\t\t\t\t<div class=\"col-inner\">\n\t\t\t\t\t\t\n<div class=\"badge-container badge-custom absolute right top z-1\">\n\n<\/div>\n\t\t\t\t\t\t<div class=\"product-small box margin-auto has-hover box-normal box-text-bottom\">\n\t\t\t\t\t\t\t<div class=\"box-image\" >\n\t\t\t\t\t\t\t\t<div class=\"\" >\n\t\t\t\t\t\t\t\t\t<a href=\"https:\/\/schaumweinkontor.com\/en\/produkt\/acala-sparkling-tea-mimosa-non-alcoholic-bio-075-l\/\" aria-label=\"Acala Sparkling Tea MIMOSA Non-alcoholic BIO 0,75 L\">\n\t\t\t\t\t\t\t\t\t\t<img loading=\"lazy\" decoding=\"async\" width=\"300\" height=\"300\" src=\"https:\/\/schaumweinkontor.com\/wp-content\/uploads\/2024\/04\/Acala-Mimosa-300x300.png\" class=\"attachment-medium size-medium\" alt=\"Acala Sparkling Tea MIMOSA Non-alcoholic BIO 0,75 L\" srcset=\"https:\/\/schaumweinkontor.com\/wp-content\/uploads\/2024\/04\/Acala-Mimosa-300x300.png 300w, https:\/\/schaumweinkontor.com\/wp-content\/uploads\/2024\/04\/Acala-Mimosa-100x100.png 100w, https:\/\/schaumweinkontor.com\/wp-content\/uploads\/2024\/04\/Acala-Mimosa-510x510.png 510w, https:\/\/schaumweinkontor.com\/wp-content\/uploads\/2024\/04\/Acala-Mimosa-150x150.png 150w, https:\/\/schaumweinkontor.com\/wp-content\/uploads\/2024\/04\/Acala-Mimosa-768x768.png 768w, https:\/\/schaumweinkontor.com\/wp-content\/uploads\/2024\/04\/Acala-Mimosa.png 1000w\" sizes=\"auto, (max-width: 300px) 100vw, 300px\" \/>\t\t\t\t\t\t\t\t\t<\/a>\n\t\t\t\t\t\t\t\t\t\t\t\t\t\t\t\t\t\t \t\t\t\t\t\t\t\t<\/div>\n\t\t\t\t\t\t\t\t<div class=\"image-tools top right show-on-hover\">\n\t\t\t\t\t\t\t\t\t\t\t\t\t\t\t\t\t<\/div>\n\t\t\t\t\t\t\t\t\t\t\t\t\t\t\t\t\t<div class=\"image-tools grid-tools text-center hide-for-small bottom hover-slide-in show-on-hover\">\n\t\t\t\t\t\t\t\t\t\t\t\t\t\t\t\t\t\t\t<\/div>\n\t\t\t\t\t\t\t\t\t\t\t\t\t\t\t\t\t\t\t\t\t\t\t<\/div>\n\n\t\t\t\t\t\t\t<div class=\"box-text text-center\" >\n\t\t\t\t\t\t\t\t<div class=\"title-wrapper\">\t\t<p class=\"category uppercase is-smaller no-text-overflow product-cat op-7\">\n\t\t\tAcala\t\t<\/p>\n\t<p class=\"name product-title woocommerce-loop-product__title\"><a href=\"https:\/\/schaumweinkontor.com\/en\/produkt\/acala-sparkling-tea-mimosa-non-alcoholic-bio-075-l\/\" class=\"woocommerce-LoopProduct-link woocommerce-loop-product__link\">Acala Sparkling Tea MIMOSA Non-alcoholic BIO 0,75 L<\/a><\/p><\/div><div class=\"price-wrapper\">\n\t<span class=\"price\"><span class=\"woocommerce-Price-amount amount\" role=\"none\"><bdi><span class=\"woocommerce-Price-currencySymbol\">&euro;<\/span>&nbsp;11,00<\/bdi><\/span> <small class=\"woocommerce-price-suffix\">inkl. MwSt.<\/small><\/span>\n<\/div><div class=\"add-to-cart-button\"><a href=\"\/en\/wp-json\/wp\/v2\/pages\/4628?add-to-cart=5349\" aria-describedby=\"woocommerce_loop_add_to_cart_link_describedby_5349\" data-quantity=\"1\" class=\"primary is-small mb-0 button product_type_simple add_to_cart_button ajax_add_to_cart is-outline\" data-product_id=\"5349\" data-product_sku=\"100300350\" aria-label=\"Add to cart: &ldquo;Acala Sparkling Tea MIMOSA Non-alcoholic BIO 0,75 L&rdquo;\" rel=\"nofollow\" data-success_message=\"&ldquo;Acala Sparkling Tea MIMOSA Non-alcoholic BIO 0,75 L&rdquo; has been added to your cart\" role=\"button\">Add to cart<\/a><\/div>\t<span id=\"woocommerce_loop_add_to_cart_link_describedby_5349\" class=\"screen-reader-text\">\n\t\t\t<\/span>\n\t\t\t\t\t\t\t<\/div>\n\t\t\t\t\t\t<\/div>\n\t\t\t\t\t\t<\/div>\n\t\t\t\t\t<\/div><div class=\"col\" data-animate=\"fadeInUp\">\n\t\t\t\t\t\t<div class=\"col-inner\">\n\t\t\t\t\t\t\n<div class=\"badge-container badge-custom absolute right top z-1\">\n\n<\/div>\n\t\t\t\t\t\t<div class=\"product-small box margin-auto has-hover box-normal box-text-bottom\">\n\t\t\t\t\t\t\t<div class=\"box-image\" >\n\t\t\t\t\t\t\t\t<div class=\"\" >\n\t\t\t\t\t\t\t\t\t<a href=\"https:\/\/schaumweinkontor.com\/en\/produkt\/acala-sparkling-tea-spritz-non-alcoholic-bio-075-l\/\" aria-label=\"Acala Sparkling Tea SPRITZ Non-alcoholic BIO 0,75 L\">\n\t\t\t\t\t\t\t\t\t\t<img loading=\"lazy\" decoding=\"async\" width=\"300\" height=\"300\" src=\"https:\/\/schaumweinkontor.com\/wp-content\/uploads\/2024\/04\/Acala-Spritz-300x300.png\" class=\"attachment-medium size-medium\" alt=\"Acala Sparkling Tea SPRITZ Non-alcoholic BIO 0,75 L\" srcset=\"https:\/\/schaumweinkontor.com\/wp-content\/uploads\/2024\/04\/Acala-Spritz-300x300.png 300w, https:\/\/schaumweinkontor.com\/wp-content\/uploads\/2024\/04\/Acala-Spritz-100x100.png 100w, https:\/\/schaumweinkontor.com\/wp-content\/uploads\/2024\/04\/Acala-Spritz-510x510.png 510w, https:\/\/schaumweinkontor.com\/wp-content\/uploads\/2024\/04\/Acala-Spritz-150x150.png 150w, https:\/\/schaumweinkontor.com\/wp-content\/uploads\/2024\/04\/Acala-Spritz-768x768.png 768w, https:\/\/schaumweinkontor.com\/wp-content\/uploads\/2024\/04\/Acala-Spritz.png 1000w\" sizes=\"auto, (max-width: 300px) 100vw, 300px\" \/>\t\t\t\t\t\t\t\t\t<\/a>\n\t\t\t\t\t\t\t\t\t\t\t\t\t\t\t\t\t\t \t\t\t\t\t\t\t\t<\/div>\n\t\t\t\t\t\t\t\t<div class=\"image-tools top right show-on-hover\">\n\t\t\t\t\t\t\t\t\t\t\t\t\t\t\t\t\t<\/div>\n\t\t\t\t\t\t\t\t\t\t\t\t\t\t\t\t\t<div class=\"image-tools grid-tools text-center hide-for-small bottom hover-slide-in show-on-hover\">\n\t\t\t\t\t\t\t\t\t\t\t\t\t\t\t\t\t\t\t<\/div>\n\t\t\t\t\t\t\t\t\t\t\t\t\t\t\t\t\t\t\t\t\t\t\t<\/div>\n\n\t\t\t\t\t\t\t<div class=\"box-text text-center\" >\n\t\t\t\t\t\t\t\t<div class=\"title-wrapper\">\t\t<p class=\"category uppercase is-smaller no-text-overflow product-cat op-7\">\n\t\t\tAcala\t\t<\/p>\n\t<p class=\"name product-title woocommerce-loop-product__title\"><a href=\"https:\/\/schaumweinkontor.com\/en\/produkt\/acala-sparkling-tea-spritz-non-alcoholic-bio-075-l\/\" class=\"woocommerce-LoopProduct-link woocommerce-loop-product__link\">Acala Sparkling Tea SPRITZ Non-alcoholic BIO 0,75 L<\/a><\/p><\/div><div class=\"price-wrapper\">\n\t<span class=\"price\"><span class=\"woocommerce-Price-amount amount\" role=\"none\"><bdi><span class=\"woocommerce-Price-currencySymbol\">&euro;<\/span>&nbsp;11,00<\/bdi><\/span> <small class=\"woocommerce-price-suffix\">inkl. MwSt.<\/small><\/span>\n<\/div><div class=\"add-to-cart-button\"><a href=\"\/en\/wp-json\/wp\/v2\/pages\/4628?add-to-cart=5351\" aria-describedby=\"woocommerce_loop_add_to_cart_link_describedby_5351\" data-quantity=\"1\" class=\"primary is-small mb-0 button product_type_simple add_to_cart_button ajax_add_to_cart is-outline\" data-product_id=\"5351\" data-product_sku=\"100300351\" aria-label=\"Add to cart: &ldquo;Acala Sparkling Tea SPRITZ Non-alcoholic BIO 0,75 L&rdquo;\" rel=\"nofollow\" data-success_message=\"&ldquo;Acala Sparkling Tea SPRITZ Non-alcoholic BIO 0,75 L&rdquo; has been added to your cart\" role=\"button\">Add to cart<\/a><\/div>\t<span id=\"woocommerce_loop_add_to_cart_link_describedby_5351\" class=\"screen-reader-text\">\n\t\t\t<\/span>\n\t\t\t\t\t\t\t<\/div>\n\t\t\t\t\t\t<\/div>\n\t\t\t\t\t\t<\/div>\n\t\t\t\t\t<\/div><div class=\"col\" data-animate=\"fadeInUp\">\n\t\t\t\t\t\t<div class=\"col-inner\">\n\t\t\t\t\t\t\n<div class=\"badge-container badge-custom absolute right top z-1\">\n\n<\/div>\n\t\t\t\t\t\t<div class=\"product-small box margin-auto has-hover box-normal box-text-bottom\">\n\t\t\t\t\t\t\t<div class=\"box-image\" >\n\t\t\t\t\t\t\t\t<div class=\"\" >\n\t\t\t\t\t\t\t\t\t<a href=\"https:\/\/schaumweinkontor.com\/en\/produkt\/acala-sparkling-tea-white-non-alcoholic-bio-075-l\/\" aria-label=\"Acala Sparkling Tea WHITE Non-alcoholic BIO 0,75 L\">\n\t\t\t\t\t\t\t\t\t\t<img loading=\"lazy\" decoding=\"async\" width=\"300\" height=\"300\" src=\"https:\/\/schaumweinkontor.com\/wp-content\/uploads\/2024\/04\/Acala-White-300x300.png\" class=\"attachment-medium size-medium\" alt=\"Acala Sparkling Tea WHITE Non-alcoholic BIO 0,75 L\" srcset=\"https:\/\/schaumweinkontor.com\/wp-content\/uploads\/2024\/04\/Acala-White-300x300.png 300w, https:\/\/schaumweinkontor.com\/wp-content\/uploads\/2024\/04\/Acala-White-100x100.png 100w, https:\/\/schaumweinkontor.com\/wp-content\/uploads\/2024\/04\/Acala-White-510x510.png 510w, https:\/\/schaumweinkontor.com\/wp-content\/uploads\/2024\/04\/Acala-White-150x150.png 150w, https:\/\/schaumweinkontor.com\/wp-content\/uploads\/2024\/04\/Acala-White-768x768.png 768w, https:\/\/schaumweinkontor.com\/wp-content\/uploads\/2024\/04\/Acala-White.png 1000w\" sizes=\"auto, (max-width: 300px) 100vw, 300px\" \/>\t\t\t\t\t\t\t\t\t<\/a>\n\t\t\t\t\t\t\t\t\t\t\t\t\t\t\t\t\t\t \t\t\t\t\t\t\t\t<\/div>\n\t\t\t\t\t\t\t\t<div class=\"image-tools top right show-on-hover\">\n\t\t\t\t\t\t\t\t\t\t\t\t\t\t\t\t\t<\/div>\n\t\t\t\t\t\t\t\t\t\t\t\t\t\t\t\t\t<div class=\"image-tools grid-tools text-center hide-for-small bottom hover-slide-in show-on-hover\">\n\t\t\t\t\t\t\t\t\t\t\t\t\t\t\t\t\t\t\t<\/div>\n\t\t\t\t\t\t\t\t\t\t\t\t\t\t\t\t\t\t\t\t\t\t\t<\/div>\n\n\t\t\t\t\t\t\t<div class=\"box-text text-center\" >\n\t\t\t\t\t\t\t\t<div class=\"title-wrapper\">\t\t<p class=\"category uppercase is-smaller no-text-overflow product-cat op-7\">\n\t\t\tAcala\t\t<\/p>\n\t<p class=\"name product-title woocommerce-loop-product__title\"><a href=\"https:\/\/schaumweinkontor.com\/en\/produkt\/acala-sparkling-tea-white-non-alcoholic-bio-075-l\/\" class=\"woocommerce-LoopProduct-link woocommerce-loop-product__link\">Acala Sparkling Tea WHITE Non-alcoholic BIO 0,75 L<\/a><\/p><\/div><div class=\"price-wrapper\">\n\t<span class=\"price\"><span class=\"woocommerce-Price-amount amount\" role=\"none\"><bdi><span class=\"woocommerce-Price-currencySymbol\">&euro;<\/span>&nbsp;14,50<\/bdi><\/span> <small class=\"woocommerce-price-suffix\">inkl. MwSt.<\/small><\/span>\n<\/div><div class=\"add-to-cart-button\"><a href=\"\/en\/wp-json\/wp\/v2\/pages\/4628?add-to-cart=5329\" aria-describedby=\"woocommerce_loop_add_to_cart_link_describedby_5329\" data-quantity=\"1\" class=\"primary is-small mb-0 button product_type_simple add_to_cart_button ajax_add_to_cart is-outline\" data-product_id=\"5329\" data-product_sku=\"100300347\" aria-label=\"Add to cart: &ldquo;Acala Sparkling Tea WHITE Non-alcoholic BIO 0,75 L&rdquo;\" rel=\"nofollow\" data-success_message=\"&ldquo;Acala Sparkling Tea WHITE Non-alcoholic BIO 0,75 L&rdquo; has been added to your cart\" role=\"button\">Add to cart<\/a><\/div>\t<span id=\"woocommerce_loop_add_to_cart_link_describedby_5329\" class=\"screen-reader-text\">\n\t\t\t<\/span>\n\t\t\t\t\t\t\t<\/div>\n\t\t\t\t\t\t<\/div>\n\t\t\t\t\t\t<\/div>\n\t\t\t\t\t<\/div><div class=\"col\" data-animate=\"fadeInUp\">\n\t\t\t\t\t\t<div class=\"col-inner\">\n\t\t\t\t\t\t\n<div class=\"badge-container badge-custom absolute right top z-1\">\n\n<\/div>\n\t\t\t\t\t\t<div class=\"product-small box margin-auto has-hover box-normal box-text-bottom\">\n\t\t\t\t\t\t\t<div class=\"box-image\" >\n\t\t\t\t\t\t\t\t<div class=\"\" >\n\t\t\t\t\t\t\t\t\t<a href=\"https:\/\/schaumweinkontor.com\/en\/produkt\/acala-sparkling-tea-rose-non-alcoholic-bio-075-l\/\" aria-label=\"Acala Sparkling Tea ROSE Non-alcoholic BIO 0,75 L\">\n\t\t\t\t\t\t\t\t\t\t<img loading=\"lazy\" decoding=\"async\" width=\"300\" height=\"300\" src=\"https:\/\/schaumweinkontor.com\/wp-content\/uploads\/2024\/04\/Acala-Tea-Rose-075-1000x1000-1-300x300.png\" class=\"attachment-medium size-medium\" alt=\"Acala Sparkling Tea ROSE Non-alcoholic BIO 0,75 L\" srcset=\"https:\/\/schaumweinkontor.com\/wp-content\/uploads\/2024\/04\/Acala-Tea-Rose-075-1000x1000-1-300x300.png 300w, https:\/\/schaumweinkontor.com\/wp-content\/uploads\/2024\/04\/Acala-Tea-Rose-075-1000x1000-1-100x100.png 100w, https:\/\/schaumweinkontor.com\/wp-content\/uploads\/2024\/04\/Acala-Tea-Rose-075-1000x1000-1-510x509.png 510w, https:\/\/schaumweinkontor.com\/wp-content\/uploads\/2024\/04\/Acala-Tea-Rose-075-1000x1000-1-150x150.png 150w, https:\/\/schaumweinkontor.com\/wp-content\/uploads\/2024\/04\/Acala-Tea-Rose-075-1000x1000-1-768x767.png 768w, https:\/\/schaumweinkontor.com\/wp-content\/uploads\/2024\/04\/Acala-Tea-Rose-075-1000x1000-1.png 1001w\" sizes=\"auto, (max-width: 300px) 100vw, 300px\" \/>\t\t\t\t\t\t\t\t\t<\/a>\n\t\t\t\t\t\t\t\t\t\t\t\t\t\t\t\t\t\t \t\t\t\t\t\t\t\t<\/div>\n\t\t\t\t\t\t\t\t<div class=\"image-tools top right show-on-hover\">\n\t\t\t\t\t\t\t\t\t\t\t\t\t\t\t\t\t<\/div>\n\t\t\t\t\t\t\t\t\t\t\t\t\t\t\t\t\t<div class=\"image-tools grid-tools text-center hide-for-small bottom hover-slide-in show-on-hover\">\n\t\t\t\t\t\t\t\t\t\t\t\t\t\t\t\t\t\t\t<\/div>\n\t\t\t\t\t\t\t\t\t\t\t\t\t\t\t\t\t\t\t\t\t\t\t<\/div>\n\n\t\t\t\t\t\t\t<div class=\"box-text text-center\" >\n\t\t\t\t\t\t\t\t<div class=\"title-wrapper\">\t\t<p class=\"category uppercase is-smaller no-text-overflow product-cat op-7\">\n\t\t\tAcala\t\t<\/p>\n\t<p class=\"name product-title woocommerce-loop-product__title\"><a href=\"https:\/\/schaumweinkontor.com\/en\/produkt\/acala-sparkling-tea-rose-non-alcoholic-bio-075-l\/\" class=\"woocommerce-LoopProduct-link woocommerce-loop-product__link\">Acala Sparkling Tea ROSE Non-alcoholic BIO 0,75 L<\/a><\/p><\/div><div class=\"price-wrapper\">\n\t<span class=\"price\"><span class=\"woocommerce-Price-amount amount\" role=\"none\"><bdi><span class=\"woocommerce-Price-currencySymbol\">&euro;<\/span>&nbsp;14,50<\/bdi><\/span> <small class=\"woocommerce-price-suffix\">inkl. MwSt.<\/small><\/span>\n<\/div><div class=\"add-to-cart-button\"><a href=\"\/en\/wp-json\/wp\/v2\/pages\/4628?add-to-cart=5345\" aria-describedby=\"woocommerce_loop_add_to_cart_link_describedby_5345\" data-quantity=\"1\" class=\"primary is-small mb-0 button product_type_simple add_to_cart_button ajax_add_to_cart is-outline\" data-product_id=\"5345\" data-product_sku=\"100300348\" aria-label=\"Add to cart: &ldquo;Acala Sparkling Tea ROSE Non-alcoholic BIO 0,75 L&rdquo;\" rel=\"nofollow\" data-success_message=\"&ldquo;Acala Sparkling Tea ROSE Non-alcoholic BIO 0,75 L&rdquo; has been added to your cart\" role=\"button\">Add to cart<\/a><\/div>\t<span id=\"woocommerce_loop_add_to_cart_link_describedby_5345\" class=\"screen-reader-text\">\n\t\t\t<\/span>\n\t\t\t\t\t\t\t<\/div>\n\t\t\t\t\t\t<\/div>\n\t\t\t\t\t\t<\/div>\n\t\t\t\t\t<\/div><div class=\"col\" data-animate=\"fadeInUp\">\n\t\t\t\t\t\t<div class=\"col-inner\">\n\t\t\t\t\t\t\n<div class=\"badge-container badge-custom absolute right top z-1\">\n\n<\/div>\n\t\t\t\t\t\t<div class=\"product-small box margin-auto has-hover box-normal box-text-bottom\">\n\t\t\t\t\t\t\t<div class=\"box-image\" >\n\t\t\t\t\t\t\t\t<div class=\"\" >\n\t\t\t\t\t\t\t\t\t<a href=\"https:\/\/schaumweinkontor.com\/en\/produkt\/acala-sparkling-tea-red-non-alcoholic-bio-075l\/\" aria-label=\"Acala Sparkling Tea RED Non-alcoholic BIO 0,75l\">\n\t\t\t\t\t\t\t\t\t\t<img loading=\"lazy\" decoding=\"async\" width=\"300\" height=\"300\" src=\"https:\/\/schaumweinkontor.com\/wp-content\/uploads\/2024\/04\/Acala-Tea-Red-075-1000x1000-1-300x300.png\" class=\"attachment-medium size-medium\" alt=\"Acala Sparkling Tea RED Non-alcoholic BIO 0,75l\" srcset=\"https:\/\/schaumweinkontor.com\/wp-content\/uploads\/2024\/04\/Acala-Tea-Red-075-1000x1000-1-300x300.png 300w, https:\/\/schaumweinkontor.com\/wp-content\/uploads\/2024\/04\/Acala-Tea-Red-075-1000x1000-1-100x100.png 100w, https:\/\/schaumweinkontor.com\/wp-content\/uploads\/2024\/04\/Acala-Tea-Red-075-1000x1000-1-510x509.png 510w, https:\/\/schaumweinkontor.com\/wp-content\/uploads\/2024\/04\/Acala-Tea-Red-075-1000x1000-1-150x150.png 150w, https:\/\/schaumweinkontor.com\/wp-content\/uploads\/2024\/04\/Acala-Tea-Red-075-1000x1000-1-768x767.png 768w, https:\/\/schaumweinkontor.com\/wp-content\/uploads\/2024\/04\/Acala-Tea-Red-075-1000x1000-1.png 1001w\" sizes=\"auto, (max-width: 300px) 100vw, 300px\" \/>\t\t\t\t\t\t\t\t\t<\/a>\n\t\t\t\t\t\t\t\t\t\t\t\t\t\t\t\t\t\t \t\t\t\t\t\t\t\t<\/div>\n\t\t\t\t\t\t\t\t<div class=\"image-tools top right show-on-hover\">\n\t\t\t\t\t\t\t\t\t\t\t\t\t\t\t\t\t<\/div>\n\t\t\t\t\t\t\t\t\t\t\t\t\t\t\t\t\t<div class=\"image-tools grid-tools text-center hide-for-small bottom hover-slide-in show-on-hover\">\n\t\t\t\t\t\t\t\t\t\t\t\t\t\t\t\t\t\t\t<\/div>\n\t\t\t\t\t\t\t\t\t\t\t\t\t\t\t\t\t\t\t\t\t\t\t<\/div>\n\n\t\t\t\t\t\t\t<div class=\"box-text text-center\" >\n\t\t\t\t\t\t\t\t<div class=\"title-wrapper\">\t\t<p class=\"category uppercase is-smaller no-text-overflow product-cat op-7\">\n\t\t\tAcala\t\t<\/p>\n\t<p class=\"name product-title woocommerce-loop-product__title\"><a href=\"https:\/\/schaumweinkontor.com\/en\/produkt\/acala-sparkling-tea-red-non-alcoholic-bio-075l\/\" class=\"woocommerce-LoopProduct-link woocommerce-loop-product__link\">Acala Sparkling Tea RED Non-alcoholic BIO 0,75l<\/a><\/p><\/div><div class=\"price-wrapper\">\n\t<span class=\"price\"><span class=\"woocommerce-Price-amount amount\" role=\"none\"><bdi><span class=\"woocommerce-Price-currencySymbol\">&euro;<\/span>&nbsp;14,50<\/bdi><\/span> <small class=\"woocommerce-price-suffix\">inkl. MwSt.<\/small><\/span>\n<\/div><div class=\"add-to-cart-button\"><a href=\"\/en\/wp-json\/wp\/v2\/pages\/4628?add-to-cart=5347\" aria-describedby=\"woocommerce_loop_add_to_cart_link_describedby_5347\" data-quantity=\"1\" class=\"primary is-small mb-0 button product_type_simple add_to_cart_button ajax_add_to_cart is-outline\" data-product_id=\"5347\" data-product_sku=\"100300349\" aria-label=\"Add to cart: &ldquo;Acala Sparkling Tea RED Non-alcoholic BIO 0,75l&rdquo;\" rel=\"nofollow\" data-success_message=\"&ldquo;Acala Sparkling Tea RED Non-alcoholic BIO 0,75l&rdquo; has been added to your cart\" role=\"button\">Add to cart<\/a><\/div>\t<span id=\"woocommerce_loop_add_to_cart_link_describedby_5347\" class=\"screen-reader-text\">\n\t\t\t<\/span>\n\t\t\t\t\t\t\t<\/div>\n\t\t\t\t\t\t<\/div>\n\t\t\t\t\t\t<\/div>\n\t\t\t\t\t<\/div><div class=\"col\" data-animate=\"fadeInUp\">\n\t\t\t\t\t\t<div class=\"col-inner\">\n\t\t\t\t\t\t\n<div class=\"badge-container badge-custom absolute right top z-1\">\n\n<\/div>\n\t\t\t\t\t\t<div class=\"product-small box margin-auto has-hover box-normal box-text-bottom\">\n\t\t\t\t\t\t\t<div class=\"box-image\" >\n\t\t\t\t\t\t\t\t<div class=\"\" >\n\t\t\t\t\t\t\t\t\t<a href=\"https:\/\/schaumweinkontor.com\/en\/produkt\/acala-sparkling-tea-red-winter-non-alcoholic-bio-075-l\/\" aria-label=\"Acala Sparkling Tea RED WINTER Non-alcoholic BIO 0,75 L\">\n\t\t\t\t\t\t\t\t\t\t<img loading=\"lazy\" decoding=\"async\" width=\"300\" height=\"300\" src=\"https:\/\/schaumweinkontor.com\/wp-content\/uploads\/2024\/04\/Acala-Red-Winter-300x300.png\" class=\"attachment-medium size-medium\" alt=\"Acala Sparkling Tea RED WINTER Non-alcoholic BIO 0,75 L\" srcset=\"https:\/\/schaumweinkontor.com\/wp-content\/uploads\/2024\/04\/Acala-Red-Winter-300x300.png 300w, https:\/\/schaumweinkontor.com\/wp-content\/uploads\/2024\/04\/Acala-Red-Winter-100x100.png 100w, https:\/\/schaumweinkontor.com\/wp-content\/uploads\/2024\/04\/Acala-Red-Winter-510x510.png 510w, https:\/\/schaumweinkontor.com\/wp-content\/uploads\/2024\/04\/Acala-Red-Winter-150x150.png 150w, https:\/\/schaumweinkontor.com\/wp-content\/uploads\/2024\/04\/Acala-Red-Winter-768x768.png 768w, https:\/\/schaumweinkontor.com\/wp-content\/uploads\/2024\/04\/Acala-Red-Winter.png 1000w\" sizes=\"auto, (max-width: 300px) 100vw, 300px\" \/>\t\t\t\t\t\t\t\t\t<\/a>\n\t\t\t\t\t\t\t\t\t\t\t\t\t\t\t\t\t\t \t\t\t\t\t\t\t\t<\/div>\n\t\t\t\t\t\t\t\t<div class=\"image-tools top right show-on-hover\">\n\t\t\t\t\t\t\t\t\t\t\t\t\t\t\t\t\t<\/div>\n\t\t\t\t\t\t\t\t\t\t\t\t\t\t\t\t\t<div class=\"image-tools grid-tools text-center hide-for-small bottom hover-slide-in show-on-hover\">\n\t\t\t\t\t\t\t\t\t\t\t\t\t\t\t\t\t\t\t<\/div>\n\t\t\t\t\t\t\t\t\t\t\t\t\t\t\t\t\t\t\t\t\t\t\t<\/div>\n\n\t\t\t\t\t\t\t<div class=\"box-text text-center\" >\n\t\t\t\t\t\t\t\t<div class=\"title-wrapper\">\t\t<p class=\"category uppercase is-smaller no-text-overflow product-cat op-7\">\n\t\t\tAcala\t\t<\/p>\n\t<p class=\"name product-title woocommerce-loop-product__title\"><a href=\"https:\/\/schaumweinkontor.com\/en\/produkt\/acala-sparkling-tea-red-winter-non-alcoholic-bio-075-l\/\" class=\"woocommerce-LoopProduct-link woocommerce-loop-product__link\">Acala Sparkling Tea RED WINTER Non-alcoholic BIO 0,75 L<\/a><\/p><\/div><div class=\"price-wrapper\">\n\t<span class=\"price\"><span class=\"woocommerce-Price-amount amount\" role=\"none\"><bdi><span class=\"woocommerce-Price-currencySymbol\">&euro;<\/span>&nbsp;14,50<\/bdi><\/span> <small class=\"woocommerce-price-suffix\">inkl. MwSt.<\/small><\/span>\n<\/div><div class=\"add-to-cart-button\"><a href=\"\/en\/wp-json\/wp\/v2\/pages\/4628?add-to-cart=5353\" aria-describedby=\"woocommerce_loop_add_to_cart_link_describedby_5353\" data-quantity=\"1\" class=\"primary is-small mb-0 button product_type_simple add_to_cart_button ajax_add_to_cart is-outline\" data-product_id=\"5353\" data-product_sku=\"100300352\" aria-label=\"Add to cart: &ldquo;Acala Sparkling Tea RED WINTER Non-alcoholic BIO 0,75 L&rdquo;\" rel=\"nofollow\" data-success_message=\"&ldquo;Acala Sparkling Tea RED WINTER Non-alcoholic BIO 0,75 L&rdquo; has been added to your cart\" role=\"button\">Add to cart<\/a><\/div>\t<span id=\"woocommerce_loop_add_to_cart_link_describedby_5353\" class=\"screen-reader-text\">\n\t\t\t<\/span>\n\t\t\t\t\t\t\t<\/div>\n\t\t\t\t\t\t<\/div>\n\t\t\t\t\t\t<\/div>\n\t\t\t\t\t<\/div><div class=\"col\" data-animate=\"fadeInUp\">\n\t\t\t\t\t\t<div class=\"col-inner\">\n\t\t\t\t\t\t\n<div class=\"badge-container badge-custom absolute right top z-1\">\n\n<\/div>\n\t\t\t\t\t\t<div class=\"product-small box margin-auto has-hover box-normal box-text-bottom\">\n\t\t\t\t\t\t\t<div class=\"box-image\" >\n\t\t\t\t\t\t\t\t<div class=\"\" >\n\t\t\t\t\t\t\t\t\t<a href=\"https:\/\/schaumweinkontor.com\/en\/produkt\/acala-sparkling-tea-white-non-alcoholic-bio-15-l\/\" aria-label=\"Acala Sparkling Tea WHITE Non-alcoholic BIO 1,5 l Magnum\">\n\t\t\t\t\t\t\t\t\t\t<img loading=\"lazy\" decoding=\"async\" width=\"300\" height=\"300\" src=\"https:\/\/schaumweinkontor.com\/wp-content\/uploads\/2024\/04\/Acala-White-300x300.png\" class=\"attachment-medium size-medium\" alt=\"Acala Sparkling Tea WHITE Non-alcoholic BIO 1,5 l Magnum\" srcset=\"https:\/\/schaumweinkontor.com\/wp-content\/uploads\/2024\/04\/Acala-White-300x300.png 300w, https:\/\/schaumweinkontor.com\/wp-content\/uploads\/2024\/04\/Acala-White-100x100.png 100w, https:\/\/schaumweinkontor.com\/wp-content\/uploads\/2024\/04\/Acala-White-510x510.png 510w, https:\/\/schaumweinkontor.com\/wp-content\/uploads\/2024\/04\/Acala-White-150x150.png 150w, https:\/\/schaumweinkontor.com\/wp-content\/uploads\/2024\/04\/Acala-White-768x768.png 768w, https:\/\/schaumweinkontor.com\/wp-content\/uploads\/2024\/04\/Acala-White.png 1000w\" sizes=\"auto, (max-width: 300px) 100vw, 300px\" \/>\t\t\t\t\t\t\t\t\t<\/a>\n\t\t\t\t\t\t\t\t\t\t\t\t\t\t\t\t\t\t \t\t\t\t\t\t\t\t<\/div>\n\t\t\t\t\t\t\t\t<div class=\"image-tools top right show-on-hover\">\n\t\t\t\t\t\t\t\t\t\t\t\t\t\t\t\t\t<\/div>\n\t\t\t\t\t\t\t\t\t\t\t\t\t\t\t\t\t<div class=\"image-tools grid-tools text-center hide-for-small bottom hover-slide-in show-on-hover\">\n\t\t\t\t\t\t\t\t\t\t\t\t\t\t\t\t\t\t\t<\/div>\n\t\t\t\t\t\t\t\t\t\t\t\t\t\t\t\t\t\t\t\t\t\t\t<\/div>\n\n\t\t\t\t\t\t\t<div class=\"box-text text-center\" >\n\t\t\t\t\t\t\t\t<div class=\"title-wrapper\">\t\t<p class=\"category uppercase is-smaller no-text-overflow product-cat op-7\">\n\t\t\tAcala\t\t<\/p>\n\t<p class=\"name product-title woocommerce-loop-product__title\"><a href=\"https:\/\/schaumweinkontor.com\/en\/produkt\/acala-sparkling-tea-white-non-alcoholic-bio-15-l\/\" class=\"woocommerce-LoopProduct-link woocommerce-loop-product__link\">Acala Sparkling Tea WHITE Non-alcoholic BIO 1,5 l Magnum<\/a><\/p><\/div><div class=\"price-wrapper\">\n\t<span class=\"price\"><span class=\"woocommerce-Price-amount amount\" role=\"none\"><bdi><span class=\"woocommerce-Price-currencySymbol\">&euro;<\/span>&nbsp;29,00<\/bdi><\/span> <small class=\"woocommerce-price-suffix\">inkl. MwSt.<\/small><\/span>\n<\/div><div class=\"add-to-cart-button\"><a href=\"\/en\/wp-json\/wp\/v2\/pages\/4628?add-to-cart=5357\" aria-describedby=\"woocommerce_loop_add_to_cart_link_describedby_5357\" data-quantity=\"1\" class=\"primary is-small mb-0 button product_type_simple add_to_cart_button ajax_add_to_cart is-outline\" data-product_id=\"5357\" data-product_sku=\"100300354\" aria-label=\"Add to cart: &ldquo;Acala Sparkling Tea WHITE Non-alcoholic BIO 1,5 l Magnum&rdquo;\" rel=\"nofollow\" data-success_message=\"&ldquo;Acala Sparkling Tea WHITE Non-alcoholic BIO 1,5 l Magnum&rdquo; has been added to your cart\" role=\"button\">Add to cart<\/a><\/div>\t<span id=\"woocommerce_loop_add_to_cart_link_describedby_5357\" class=\"screen-reader-text\">\n\t\t\t<\/span>\n\t\t\t\t\t\t\t<\/div>\n\t\t\t\t\t\t<\/div>\n\t\t\t\t\t\t<\/div>\n\t\t\t\t\t<\/div><\/div>\n\n\n\t\t<\/div>\n\t\t\t\t\t<\/div>\n\n\t\n\n\n<style>\n#row-343416191 > .col > .col-inner {\n  padding: 15px 0px 0px 0px;\n}\n<\/style>\n<\/div>\n\n\t\t<\/div>\n\n\t\t\n<style>\n#section_2132903249 {\n  padding-top: 20px;\n  padding-bottom: 20px;\n  margin-bottom: 30px;\n}\n#section_2132903249 .section-bg.bg-loaded {\n  background-image: url(https:\/\/schaumweinkontor.com\/wp-content\/uploads\/2022\/06\/landscape-illu-gold-transp.png);\n}\n<\/style>\n\t<\/section>\n\t\n<\/div>\n<div id=\"sonderformate\">\n\t<section class=\"section hide-for-medium\" id=\"section_1146097469\">\n\t\t<div class=\"bg section-bg fill bg-fill  bg-loaded\" >\n\n\t\t\t\n\t\t\t\n\t\t\t\n\n\t\t<\/div>\n\n\t\t\n\n\t\t<div class=\"section-content relative\">\n\t\t\t\n\n<div class=\"row row-collapse row-full-width align-middle blau-verlauf\"  id=\"row-123074826\">\n\n\n\t<div id=\"col-1441597003\" class=\"col medium-6 small-12 large-6\"  >\n\t\t\t\t<div class=\"col-inner\"  >\n\t\t\t\n\t\t\t\n\n\t<div id=\"text-3285390456\" class=\"text\">\n\t\t\n\n<h2 id=\"sonderformate\"> Special <\/h2>\n\t\t\n<style>\n#text-3285390456 {\n  font-size: 1.5rem;\n  line-height: 2;\n}\n<\/style>\n\t<\/div>\n\t\n\n\t\t<\/div>\n\t\t\t\t\t<\/div>\n\n\t\n\n\t<div id=\"col-300486882\" class=\"col medium-6 small-12 large-6\"  >\n\t\t\t\t<div class=\"col-inner\"  >\n\t\t\t\n\t\t\t\n\n<h5 id=\"sonder-franciacorta\" class=\"uppercase\" style=\"text-align: right;\"><span style=\"color: #b79549;\">franciacorta<\/span><\/h5>\n\n\t\t<\/div>\n\t\t\t\t\t<\/div>\n\n\t\n\n\n<style>\n#row-123074826 > .col > .col-inner {\n  padding: 0px 20px 0px 20px;\n  border-radius: 74px;\n}\n<\/style>\n<\/div>\n\n\t\t<\/div>\n\n\t\t\n<style>\n#section_1146097469 {\n  padding-top: 0px;\n  padding-bottom: 0px;\n}\n<\/style>\n\t<\/section>\n\t\n\t<section class=\"section bg_winzer\" id=\"section_1911034805\">\n\t\t<div class=\"bg section-bg fill bg-fill  \" >\n\n\t\t\t\n\t\t\t\n\t\t\t\n\n\t\t<\/div>\n\n\t\t\n\n\t\t<div class=\"section-content relative\">\n\t\t\t\n\n<h2 id=\"sonder-montina\" class=\"uppercase\" style=\"text-align: center;\">La Montina<\/h2>\n\n\t\t<\/div>\n\n\t\t\n<style>\n#section_1911034805 {\n  padding-top: 30px;\n  padding-bottom: 30px;\n}\n#section_1911034805 .section-bg.bg-loaded {\n  background-image: url(https:\/\/schaumweinkontor.com\/wp-content\/uploads\/2022\/06\/landscape-illu-gold-transp.png);\n}\n<\/style>\n\t<\/section>\n\t\n<div class=\"row align-middle align-center\"  id=\"row-150014949\">\n\n\n\t<div id=\"col-1033515858\" class=\"col small-12 large-12\"  >\n\t\t\t\t<div class=\"col-inner\"  >\n\t\t\t\n\t\t\t\n\n\n  \n    <div class=\"row margin-auto equalize-box large-columns-3 medium-columns- small-columns-2 row-large has-shadow row-box-shadow-2 row-box-shadow-4-hover\" >\n  \t\n\t     <div class=\"col\" data-animate=\"fadeInUp\">\n\t\t\t\t\t\t<div class=\"col-inner\">\n\t\t\t\t\t\t\n<div class=\"badge-container badge-custom absolute right top z-1\">\n<div class=\"callout badge badge-circle\"><div class=\"badge-inner secondary on-sale\"><span class=\"onsale\">Sale!<\/span><\/div><\/div>\n<\/div>\n\t\t\t\t\t\t<div class=\"product-small box margin-auto has-hover box-normal box-text-bottom\">\n\t\t\t\t\t\t\t<div class=\"box-image\" >\n\t\t\t\t\t\t\t\t<div class=\"\" >\n\t\t\t\t\t\t\t\t\t<a href=\"https:\/\/schaumweinkontor.com\/en\/produkt\/la-montina-franciacorta-docg-brut-15-l-magnum\/\" aria-label=\"La Montina Franciacorta DOCG Brut 1,5 L Magnum\">\n\t\t\t\t\t\t\t\t\t\t<img loading=\"lazy\" decoding=\"async\" width=\"300\" height=\"300\" src=\"https:\/\/schaumweinkontor.com\/wp-content\/uploads\/2022\/06\/Franciacorta-Brut-La-Montina-800x800-px-1-300x300.jpg\" class=\"attachment-medium size-medium\" alt=\"La Montina Franciacorta DOCG Brut 1,5 L Magnum\" srcset=\"https:\/\/schaumweinkontor.com\/wp-content\/uploads\/2022\/06\/Franciacorta-Brut-La-Montina-800x800-px-1-300x300.jpg 300w, https:\/\/schaumweinkontor.com\/wp-content\/uploads\/2022\/06\/Franciacorta-Brut-La-Montina-800x800-px-1-150x150.jpg 150w, https:\/\/schaumweinkontor.com\/wp-content\/uploads\/2022\/06\/Franciacorta-Brut-La-Montina-800x800-px-1-768x768.jpg 768w, https:\/\/schaumweinkontor.com\/wp-content\/uploads\/2022\/06\/Franciacorta-Brut-La-Montina-800x800-px-1-510x510.jpg 510w, https:\/\/schaumweinkontor.com\/wp-content\/uploads\/2022\/06\/Franciacorta-Brut-La-Montina-800x800-px-1-100x100.jpg 100w, https:\/\/schaumweinkontor.com\/wp-content\/uploads\/2022\/06\/Franciacorta-Brut-La-Montina-800x800-px-1.jpg 800w\" sizes=\"auto, (max-width: 300px) 100vw, 300px\" \/>\t\t\t\t\t\t\t\t\t<\/a>\n\t\t\t\t\t\t\t\t\t\t\t\t\t\t\t\t\t\t \t\t\t\t\t\t\t\t<\/div>\n\t\t\t\t\t\t\t\t<div class=\"image-tools top right show-on-hover\">\n\t\t\t\t\t\t\t\t\t\t\t\t\t\t\t\t\t<\/div>\n\t\t\t\t\t\t\t\t\t\t\t\t\t\t\t\t\t<div class=\"image-tools grid-tools text-center hide-for-small bottom hover-slide-in show-on-hover\">\n\t\t\t\t\t\t\t\t\t\t\t\t\t\t\t\t\t\t\t<\/div>\n\t\t\t\t\t\t\t\t\t\t\t\t\t\t\t\t\t\t\t\t\t\t\t<\/div>\n\n\t\t\t\t\t\t\t<div class=\"box-text text-center\" style=\"padding:0px 0px px 0px;\">\n\t\t\t\t\t\t\t\t<div class=\"title-wrapper\">\t\t<p class=\"category uppercase is-smaller no-text-overflow product-cat op-7\">\n\t\t\tLa Montina\t\t<\/p>\n\t<p class=\"name product-title woocommerce-loop-product__title\"><a href=\"https:\/\/schaumweinkontor.com\/en\/produkt\/la-montina-franciacorta-docg-brut-15-l-magnum\/\" class=\"woocommerce-LoopProduct-link woocommerce-loop-product__link\">La Montina Franciacorta DOCG Brut 1,5 L Magnum<\/a><\/p><\/div><div class=\"price-wrapper\">\n\t<span class=\"price\"><del aria-hidden=\"true\"><span class=\"woocommerce-Price-amount amount\" role=\"none\"><bdi><span class=\"woocommerce-Price-currencySymbol\">&euro;<\/span>&nbsp;54,00<\/bdi><\/span><\/del> <span class=\"screen-reader-text\">Original price was: &euro;&nbsp;54,00.<\/span><ins aria-hidden=\"true\"><span class=\"woocommerce-Price-amount amount\" role=\"none\"><bdi><span class=\"woocommerce-Price-currencySymbol\">&euro;<\/span>&nbsp;36,00<\/bdi><\/span><\/ins><span class=\"screen-reader-text\">Current price is: &euro;&nbsp;36,00.<\/span> <small class=\"woocommerce-price-suffix\">inkl. MwSt.<\/small><\/span>\n<\/div><div class=\"add-to-cart-button\"><a href=\"\/en\/wp-json\/wp\/v2\/pages\/4628?add-to-cart=4743\" aria-describedby=\"woocommerce_loop_add_to_cart_link_describedby_4743\" data-quantity=\"1\" class=\"primary is-small mb-0 button product_type_simple add_to_cart_button ajax_add_to_cart is-outline\" data-product_id=\"4743\" data-product_sku=\"100300111\" aria-label=\"Add to cart: &ldquo;La Montina Franciacorta DOCG Brut 1,5 L Magnum&rdquo;\" rel=\"nofollow\" data-success_message=\"&ldquo;La Montina Franciacorta DOCG Brut 1,5 L Magnum&rdquo; has been added to your cart\" role=\"button\">Add to cart<\/a><\/div>\t<span id=\"woocommerce_loop_add_to_cart_link_describedby_4743\" class=\"screen-reader-text\">\n\t\t\t<\/span>\n\t\t\t\t\t\t\t<\/div>\n\t\t\t\t\t\t<\/div>\n\t\t\t\t\t\t<\/div>\n\t\t\t\t\t<\/div><div class=\"col\" data-animate=\"fadeInUp\">\n\t\t\t\t\t\t<div class=\"col-inner\">\n\t\t\t\t\t\t\n<div class=\"badge-container badge-custom absolute right top z-1\">\n<div class=\"callout badge badge-circle\"><div class=\"badge-inner secondary on-sale\"><span class=\"onsale\">Sale!<\/span><\/div><\/div>\n<\/div>\n\t\t\t\t\t\t<div class=\"product-small box margin-auto has-hover box-normal box-text-bottom\">\n\t\t\t\t\t\t\t<div class=\"box-image\" >\n\t\t\t\t\t\t\t\t<div class=\"\" >\n\t\t\t\t\t\t\t\t\t<a href=\"https:\/\/schaumweinkontor.com\/en\/produkt\/la-montina-franciacorta-docg-saten-15-l-magnum\/\" aria-label=\"La Montina Franciacorta DOCG Sat\u00e8n 1,5 L Magnum\">\n\t\t\t\t\t\t\t\t\t\t<img loading=\"lazy\" decoding=\"async\" width=\"300\" height=\"300\" src=\"https:\/\/schaumweinkontor.com\/wp-content\/uploads\/2022\/06\/Franciacorta-Confezione-litografata-Saten-Packung-800x800-px-2-300x300.jpg\" class=\"attachment-medium size-medium\" alt=\"La Montina Franciacorta DOCG Sat\u00e8n 1,5 L Magnum\" srcset=\"https:\/\/schaumweinkontor.com\/wp-content\/uploads\/2022\/06\/Franciacorta-Confezione-litografata-Saten-Packung-800x800-px-2-300x300.jpg 300w, https:\/\/schaumweinkontor.com\/wp-content\/uploads\/2022\/06\/Franciacorta-Confezione-litografata-Saten-Packung-800x800-px-2-100x100.jpg 100w, https:\/\/schaumweinkontor.com\/wp-content\/uploads\/2022\/06\/Franciacorta-Confezione-litografata-Saten-Packung-800x800-px-2-510x510.jpg 510w, https:\/\/schaumweinkontor.com\/wp-content\/uploads\/2022\/06\/Franciacorta-Confezione-litografata-Saten-Packung-800x800-px-2-150x150.jpg 150w, https:\/\/schaumweinkontor.com\/wp-content\/uploads\/2022\/06\/Franciacorta-Confezione-litografata-Saten-Packung-800x800-px-2-768x768.jpg 768w, https:\/\/schaumweinkontor.com\/wp-content\/uploads\/2022\/06\/Franciacorta-Confezione-litografata-Saten-Packung-800x800-px-2.jpg 800w\" sizes=\"auto, (max-width: 300px) 100vw, 300px\" \/>\t\t\t\t\t\t\t\t\t<\/a>\n\t\t\t\t\t\t\t\t\t\t\t\t\t\t\t\t\t\t \t\t\t\t\t\t\t\t<\/div>\n\t\t\t\t\t\t\t\t<div class=\"image-tools top right show-on-hover\">\n\t\t\t\t\t\t\t\t\t\t\t\t\t\t\t\t\t<\/div>\n\t\t\t\t\t\t\t\t\t\t\t\t\t\t\t\t\t<div class=\"image-tools grid-tools text-center hide-for-small bottom hover-slide-in show-on-hover\">\n\t\t\t\t\t\t\t\t\t\t\t\t\t\t\t\t\t\t\t<\/div>\n\t\t\t\t\t\t\t\t\t\t\t\t\t\t\t\t\t\t\t\t\t\t\t<\/div>\n\n\t\t\t\t\t\t\t<div class=\"box-text text-center\" style=\"padding:0px 0px px 0px;\">\n\t\t\t\t\t\t\t\t<div class=\"title-wrapper\">\t\t<p class=\"category uppercase is-smaller no-text-overflow product-cat op-7\">\n\t\t\tLa Montina\t\t<\/p>\n\t<p class=\"name product-title woocommerce-loop-product__title\"><a href=\"https:\/\/schaumweinkontor.com\/en\/produkt\/la-montina-franciacorta-docg-saten-15-l-magnum\/\" class=\"woocommerce-LoopProduct-link woocommerce-loop-product__link\">La Montina Franciacorta DOCG Sat\u00e8n 1,5 L Magnum<\/a><\/p><\/div><div class=\"price-wrapper\">\n\t<span class=\"price\"><del aria-hidden=\"true\"><span class=\"woocommerce-Price-amount amount\" role=\"none\"><bdi><span class=\"woocommerce-Price-currencySymbol\">&euro;<\/span>&nbsp;61,50<\/bdi><\/span><\/del> <span class=\"screen-reader-text\">Original price was: &euro;&nbsp;61,50.<\/span><ins aria-hidden=\"true\"><span class=\"woocommerce-Price-amount amount\" role=\"none\"><bdi><span class=\"woocommerce-Price-currencySymbol\">&euro;<\/span>&nbsp;49,00<\/bdi><\/span><\/ins><span class=\"screen-reader-text\">Current price is: &euro;&nbsp;49,00.<\/span> <small class=\"woocommerce-price-suffix\">inkl. MwSt.<\/small><\/span>\n<\/div><div class=\"add-to-cart-button\"><a href=\"\/en\/wp-json\/wp\/v2\/pages\/4628?add-to-cart=4740\" aria-describedby=\"woocommerce_loop_add_to_cart_link_describedby_4740\" data-quantity=\"1\" class=\"primary is-small mb-0 button product_type_simple add_to_cart_button ajax_add_to_cart is-outline\" data-product_id=\"4740\" data-product_sku=\"100300114\" aria-label=\"Add to cart: &ldquo;La Montina Franciacorta DOCG Sat\u00e8n 1,5 L Magnum&rdquo;\" rel=\"nofollow\" data-success_message=\"&ldquo;La Montina Franciacorta DOCG Sat\u00e8n 1,5 L Magnum&rdquo; has been added to your cart\" role=\"button\">Add to cart<\/a><\/div>\t<span id=\"woocommerce_loop_add_to_cart_link_describedby_4740\" class=\"screen-reader-text\">\n\t\t\t<\/span>\n\t\t\t\t\t\t\t<\/div>\n\t\t\t\t\t\t<\/div>\n\t\t\t\t\t\t<\/div>\n\t\t\t\t\t<\/div><div class=\"col\" data-animate=\"fadeInUp\">\n\t\t\t\t\t\t<div class=\"col-inner\">\n\t\t\t\t\t\t\n<div class=\"badge-container badge-custom absolute right top z-1\">\n<div class=\"callout badge badge-circle\"><div class=\"badge-inner secondary on-sale\"><span class=\"onsale\">Sale!<\/span><\/div><\/div>\n<\/div>\n\t\t\t\t\t\t<div class=\"product-small box margin-auto has-hover box-normal box-text-bottom\">\n\t\t\t\t\t\t\t<div class=\"box-image\" >\n\t\t\t\t\t\t\t\t<div class=\"\" >\n\t\t\t\t\t\t\t\t\t<a href=\"https:\/\/schaumweinkontor.com\/en\/produkt\/la-montina-franciacorta-docg-brut-3-l-jeroboam-in-hk\/\" aria-label=\"La Montina Franciacorta DOCG Brut 3 L Jeroboam in HK\">\n\t\t\t\t\t\t\t\t\t\t<img loading=\"lazy\" decoding=\"async\" width=\"300\" height=\"300\" src=\"https:\/\/schaumweinkontor.com\/wp-content\/uploads\/2022\/06\/Franciacorta-Jeroboam-Franciacorta-La-montina-300x300.jpg\" class=\"attachment-medium size-medium\" alt=\"La Montina Franciacorta DOCG Brut 3 L Jeroboam in HK\" srcset=\"https:\/\/schaumweinkontor.com\/wp-content\/uploads\/2022\/06\/Franciacorta-Jeroboam-Franciacorta-La-montina-300x300.jpg 300w, https:\/\/schaumweinkontor.com\/wp-content\/uploads\/2022\/06\/Franciacorta-Jeroboam-Franciacorta-La-montina-100x100.jpg 100w, https:\/\/schaumweinkontor.com\/wp-content\/uploads\/2022\/06\/Franciacorta-Jeroboam-Franciacorta-La-montina-510x510.jpg 510w, https:\/\/schaumweinkontor.com\/wp-content\/uploads\/2022\/06\/Franciacorta-Jeroboam-Franciacorta-La-montina-150x150.jpg 150w, https:\/\/schaumweinkontor.com\/wp-content\/uploads\/2022\/06\/Franciacorta-Jeroboam-Franciacorta-La-montina-768x768.jpg 768w, https:\/\/schaumweinkontor.com\/wp-content\/uploads\/2022\/06\/Franciacorta-Jeroboam-Franciacorta-La-montina.jpg 800w\" sizes=\"auto, (max-width: 300px) 100vw, 300px\" \/>\t\t\t\t\t\t\t\t\t<\/a>\n\t\t\t\t\t\t\t\t\t\t\t\t\t\t\t\t\t\t \t\t\t\t\t\t\t\t<\/div>\n\t\t\t\t\t\t\t\t<div class=\"image-tools top right show-on-hover\">\n\t\t\t\t\t\t\t\t\t\t\t\t\t\t\t\t\t<\/div>\n\t\t\t\t\t\t\t\t\t\t\t\t\t\t\t\t\t<div class=\"image-tools grid-tools text-center hide-for-small bottom hover-slide-in show-on-hover\">\n\t\t\t\t\t\t\t\t\t\t\t\t\t\t\t\t\t\t\t<\/div>\n\t\t\t\t\t\t\t\t\t\t\t\t\t\t\t\t\t\t\t\t\t\t\t<\/div>\n\n\t\t\t\t\t\t\t<div class=\"box-text text-center\" style=\"padding:0px 0px px 0px;\">\n\t\t\t\t\t\t\t\t<div class=\"title-wrapper\">\t\t<p class=\"category uppercase is-smaller no-text-overflow product-cat op-7\">\n\t\t\tLa Montina\t\t<\/p>\n\t<p class=\"name product-title woocommerce-loop-product__title\"><a href=\"https:\/\/schaumweinkontor.com\/en\/produkt\/la-montina-franciacorta-docg-brut-3-l-jeroboam-in-hk\/\" class=\"woocommerce-LoopProduct-link woocommerce-loop-product__link\">La Montina Franciacorta DOCG Brut 3 L Jeroboam in HK<\/a><\/p><\/div><div class=\"price-wrapper\">\n\t<span class=\"price\"><del aria-hidden=\"true\"><span class=\"woocommerce-Price-amount amount\" role=\"none\"><bdi><span class=\"woocommerce-Price-currencySymbol\">&euro;<\/span>&nbsp;194,00<\/bdi><\/span><\/del> <span class=\"screen-reader-text\">Original price was: &euro;&nbsp;194,00.<\/span><ins aria-hidden=\"true\"><span class=\"woocommerce-Price-amount amount\" role=\"none\"><bdi><span class=\"woocommerce-Price-currencySymbol\">&euro;<\/span>&nbsp;145,00<\/bdi><\/span><\/ins><span class=\"screen-reader-text\">Current price is: &euro;&nbsp;145,00.<\/span> <small class=\"woocommerce-price-suffix\">inkl. MwSt.<\/small><\/span>\n<\/div><div class=\"add-to-cart-button\"><a href=\"\/en\/wp-json\/wp\/v2\/pages\/4628?add-to-cart=4742\" aria-describedby=\"woocommerce_loop_add_to_cart_link_describedby_4742\" data-quantity=\"1\" class=\"primary is-small mb-0 button product_type_simple add_to_cart_button ajax_add_to_cart is-outline\" data-product_id=\"4742\" data-product_sku=\"100300112\" aria-label=\"Add to cart: &ldquo;La Montina Franciacorta DOCG Brut 3 L Jeroboam in HK&rdquo;\" rel=\"nofollow\" data-success_message=\"&ldquo;La Montina Franciacorta DOCG Brut 3 L Jeroboam in HK&rdquo; has been added to your cart\" role=\"button\">Add to cart<\/a><\/div>\t<span id=\"woocommerce_loop_add_to_cart_link_describedby_4742\" class=\"screen-reader-text\">\n\t\t\t<\/span>\n\t\t\t\t\t\t\t<\/div>\n\t\t\t\t\t\t<\/div>\n\t\t\t\t\t\t<\/div>\n\t\t\t\t\t<\/div><div class=\"col\" data-animate=\"fadeInUp\">\n\t\t\t\t\t\t<div class=\"col-inner\">\n\t\t\t\t\t\t\n<div class=\"badge-container badge-custom absolute right top z-1\">\n<div class=\"callout badge badge-circle\"><div class=\"badge-inner secondary on-sale\"><span class=\"onsale\">Sale!<\/span><\/div><\/div>\n<\/div>\n\t\t\t\t\t\t<div class=\"product-small box margin-auto has-hover box-normal box-text-bottom\">\n\t\t\t\t\t\t\t<div class=\"box-image\" >\n\t\t\t\t\t\t\t\t<div class=\"\" >\n\t\t\t\t\t\t\t\t\t<a href=\"https:\/\/schaumweinkontor.com\/en\/produkt\/la-montina-franciacorta-docg-brut-6-l-methusalem-in-hk\/\" aria-label=\"La Montina Franciacorta DOCG Brut 6 L Methusalem in HK\">\n\t\t\t\t\t\t\t\t\t\t<img loading=\"lazy\" decoding=\"async\" width=\"300\" height=\"300\" src=\"https:\/\/schaumweinkontor.com\/wp-content\/uploads\/2022\/06\/Franciacorta-Jeroboam-Franciacorta-La-montina-300x300.jpg\" class=\"attachment-medium size-medium\" alt=\"La Montina Franciacorta DOCG Brut 6 L Methusalem in HK\" srcset=\"https:\/\/schaumweinkontor.com\/wp-content\/uploads\/2022\/06\/Franciacorta-Jeroboam-Franciacorta-La-montina-300x300.jpg 300w, https:\/\/schaumweinkontor.com\/wp-content\/uploads\/2022\/06\/Franciacorta-Jeroboam-Franciacorta-La-montina-100x100.jpg 100w, https:\/\/schaumweinkontor.com\/wp-content\/uploads\/2022\/06\/Franciacorta-Jeroboam-Franciacorta-La-montina-510x510.jpg 510w, https:\/\/schaumweinkontor.com\/wp-content\/uploads\/2022\/06\/Franciacorta-Jeroboam-Franciacorta-La-montina-150x150.jpg 150w, https:\/\/schaumweinkontor.com\/wp-content\/uploads\/2022\/06\/Franciacorta-Jeroboam-Franciacorta-La-montina-768x768.jpg 768w, https:\/\/schaumweinkontor.com\/wp-content\/uploads\/2022\/06\/Franciacorta-Jeroboam-Franciacorta-La-montina.jpg 800w\" sizes=\"auto, (max-width: 300px) 100vw, 300px\" \/>\t\t\t\t\t\t\t\t\t<\/a>\n\t\t\t\t\t\t\t\t\t\t\t\t\t\t\t\t\t\t \t\t\t\t\t\t\t\t<\/div>\n\t\t\t\t\t\t\t\t<div class=\"image-tools top right show-on-hover\">\n\t\t\t\t\t\t\t\t\t\t\t\t\t\t\t\t\t<\/div>\n\t\t\t\t\t\t\t\t\t\t\t\t\t\t\t\t\t<div class=\"image-tools grid-tools text-center hide-for-small bottom hover-slide-in show-on-hover\">\n\t\t\t\t\t\t\t\t\t\t\t\t\t\t\t\t\t\t\t<\/div>\n\t\t\t\t\t\t\t\t\t\t\t\t\t\t\t\t\t\t\t\t\t\t\t<\/div>\n\n\t\t\t\t\t\t\t<div class=\"box-text text-center\" style=\"padding:0px 0px px 0px;\">\n\t\t\t\t\t\t\t\t<div class=\"title-wrapper\">\t\t<p class=\"category uppercase is-smaller no-text-overflow product-cat op-7\">\n\t\t\tLa Montina\t\t<\/p>\n\t<p class=\"name product-title woocommerce-loop-product__title\"><a href=\"https:\/\/schaumweinkontor.com\/en\/produkt\/la-montina-franciacorta-docg-brut-6-l-methusalem-in-hk\/\" class=\"woocommerce-LoopProduct-link woocommerce-loop-product__link\">La Montina Franciacorta DOCG Brut 6 L Methusalem in HK<\/a><\/p><\/div><div class=\"price-wrapper\">\n\t<span class=\"price\"><del aria-hidden=\"true\"><span class=\"woocommerce-Price-amount amount\" role=\"none\"><bdi><span class=\"woocommerce-Price-currencySymbol\">&euro;<\/span>&nbsp;387,00<\/bdi><\/span><\/del> <span class=\"screen-reader-text\">Original price was: &euro;&nbsp;387,00.<\/span><ins aria-hidden=\"true\"><span class=\"woocommerce-Price-amount amount\" role=\"none\"><bdi><span class=\"woocommerce-Price-currencySymbol\">&euro;<\/span>&nbsp;310,00<\/bdi><\/span><\/ins><span class=\"screen-reader-text\">Current price is: &euro;&nbsp;310,00.<\/span> <small class=\"woocommerce-price-suffix\">inkl. MwSt.<\/small><\/span>\n<\/div><div class=\"add-to-cart-button\"><a href=\"\/en\/wp-json\/wp\/v2\/pages\/4628?add-to-cart=4741\" aria-describedby=\"woocommerce_loop_add_to_cart_link_describedby_4741\" data-quantity=\"1\" class=\"primary is-small mb-0 button product_type_simple add_to_cart_button ajax_add_to_cart is-outline\" data-product_id=\"4741\" data-product_sku=\"100300113\" aria-label=\"Add to cart: &ldquo;La Montina Franciacorta DOCG Brut 6 L Methusalem in HK&rdquo;\" rel=\"nofollow\" data-success_message=\"&ldquo;La Montina Franciacorta DOCG Brut 6 L Methusalem in HK&rdquo; has been added to your cart\" role=\"button\">Add to cart<\/a><\/div>\t<span id=\"woocommerce_loop_add_to_cart_link_describedby_4741\" class=\"screen-reader-text\">\n\t\t\t<\/span>\n\t\t\t\t\t\t\t<\/div>\n\t\t\t\t\t\t<\/div>\n\t\t\t\t\t\t<\/div>\n\t\t\t\t\t<\/div><\/div>\n\n\n\t\t<\/div>\n\t\t\t\t\t<\/div>\n\n\t\n\n\n<style>\n#row-150014949 > .col > .col-inner {\n  padding: 15px 0px 0px 0px;\n}\n<\/style>\n<\/div>\n<div class=\"is-divider divider clearfix\" style=\"margin-top:3em;margin-bottom:3em;max-width:100%;background-color:rgba(183, 149, 73, 0.459);\"><\/div>\n\n\t<section class=\"section bg_winzer\" id=\"section_1888733797\">\n\t\t<div class=\"bg section-bg fill bg-fill  \" >\n\n\t\t\t\n\t\t\t\n\t\t\t\n\n\t\t<\/div>\n\n\t\t\n\n\t\t<div class=\"section-content relative\">\n\t\t\t\n\n<h2 id=\"sonder-villa\" class=\"uppercase\" style=\"text-align: center;\">Villa Franciacorta<\/h2>\n\n\t\t<\/div>\n\n\t\t\n<style>\n#section_1888733797 {\n  padding-top: 30px;\n  padding-bottom: 30px;\n}\n#section_1888733797 .section-bg.bg-loaded {\n  background-image: url(https:\/\/schaumweinkontor.com\/wp-content\/uploads\/2022\/06\/landscape-illu-gold-transp.png);\n}\n<\/style>\n\t<\/section>\n\t\n<div class=\"row align-middle align-center\"  id=\"row-820966092\">\n\n\n\t<div id=\"col-1824457442\" class=\"col small-12 large-12\"  >\n\t\t\t\t<div class=\"col-inner\"  >\n\t\t\t\n\t\t\t\n\n\n  \n    <div class=\"row margin-auto equalize-box large-columns-3 medium-columns- small-columns-2 row-large has-shadow row-box-shadow-2 row-box-shadow-4-hover\" >\n  \t\n\t     <div class=\"col\" data-animate=\"fadeInUp\">\n\t\t\t\t\t\t<div class=\"col-inner\">\n\t\t\t\t\t\t\n<div class=\"badge-container badge-custom absolute right top z-1\">\n\n<\/div>\n\t\t\t\t\t\t<div class=\"product-small box margin-auto has-hover box-normal box-text-bottom\">\n\t\t\t\t\t\t\t<div class=\"box-image\" >\n\t\t\t\t\t\t\t\t<div class=\"\" >\n\t\t\t\t\t\t\t\t\t<a href=\"https:\/\/schaumweinkontor.com\/en\/produkt\/villa-franciacorta-docg-brut-emozione-2015-15-l-magnum\/\" aria-label=\"Villa Franciacorta Brut Emozione 2015 DOCG 1,5 L Magnum\">\n\t\t\t\t\t\t\t\t\t\t<img loading=\"lazy\" decoding=\"async\" width=\"300\" height=\"300\" src=\"https:\/\/schaumweinkontor.com\/wp-content\/uploads\/2022\/06\/emozione1-1-2-300x300.jpg\" class=\"attachment-medium size-medium\" alt=\"Villa Franciacorta Brut Emozione 2015 DOCG 1,5 L Magnum\" srcset=\"https:\/\/schaumweinkontor.com\/wp-content\/uploads\/2022\/06\/emozione1-1-2-300x300.jpg 300w, https:\/\/schaumweinkontor.com\/wp-content\/uploads\/2022\/06\/emozione1-1-2-100x100.jpg 100w, https:\/\/schaumweinkontor.com\/wp-content\/uploads\/2022\/06\/emozione1-1-2-510x510.jpg 510w, https:\/\/schaumweinkontor.com\/wp-content\/uploads\/2022\/06\/emozione1-1-2-150x150.jpg 150w, https:\/\/schaumweinkontor.com\/wp-content\/uploads\/2022\/06\/emozione1-1-2-768x768.jpg 768w, https:\/\/schaumweinkontor.com\/wp-content\/uploads\/2022\/06\/emozione1-1-2.jpg 800w\" sizes=\"auto, (max-width: 300px) 100vw, 300px\" \/>\t\t\t\t\t\t\t\t\t<\/a>\n\t\t\t\t\t\t\t\t\t\t\t\t\t\t\t\t\t\t \t\t\t\t\t\t\t\t<\/div>\n\t\t\t\t\t\t\t\t<div class=\"image-tools top right show-on-hover\">\n\t\t\t\t\t\t\t\t\t\t\t\t\t\t\t\t\t<\/div>\n\t\t\t\t\t\t\t\t\t\t\t\t\t\t\t\t\t<div class=\"image-tools grid-tools text-center hide-for-small bottom hover-slide-in show-on-hover\">\n\t\t\t\t\t\t\t\t\t\t\t\t\t\t\t\t\t\t\t<\/div>\n\t\t\t\t\t\t\t\t\t\t\t\t\t\t\t\t\t\t\t\t\t\t\t<\/div>\n\n\t\t\t\t\t\t\t<div class=\"box-text text-center\" >\n\t\t\t\t\t\t\t\t<div class=\"title-wrapper\">\t\t<p class=\"category uppercase is-smaller no-text-overflow product-cat op-7\">\n\t\t\tVilla Franciacorta\t\t<\/p>\n\t<p class=\"name product-title woocommerce-loop-product__title\"><a href=\"https:\/\/schaumweinkontor.com\/en\/produkt\/villa-franciacorta-docg-brut-emozione-2015-15-l-magnum\/\" class=\"woocommerce-LoopProduct-link woocommerce-loop-product__link\">Villa Franciacorta Brut Emozione 2015 DOCG 1,5 L Magnum<\/a><\/p><\/div><div class=\"price-wrapper\">\n\t<span class=\"price\"><span class=\"woocommerce-Price-amount amount\" role=\"none\"><bdi><span class=\"woocommerce-Price-currencySymbol\">&euro;<\/span>&nbsp;58,00<\/bdi><\/span> <small class=\"woocommerce-price-suffix\">inkl. MwSt.<\/small><\/span>\n<\/div><div class=\"add-to-cart-button\"><a href=\"\/en\/wp-json\/wp\/v2\/pages\/4628?add-to-cart=4747\" aria-describedby=\"woocommerce_loop_add_to_cart_link_describedby_4747\" data-quantity=\"1\" class=\"primary is-small mb-0 button product_type_simple add_to_cart_button ajax_add_to_cart is-outline\" data-product_id=\"4747\" data-product_sku=\"100300140\" aria-label=\"Add to cart: &ldquo;Villa Franciacorta Brut Emozione 2015 DOCG 1,5 L Magnum&rdquo;\" rel=\"nofollow\" data-success_message=\"&ldquo;Villa Franciacorta Brut Emozione 2015 DOCG 1,5 L Magnum&rdquo; has been added to your cart\" role=\"button\">Add to cart<\/a><\/div>\t<span id=\"woocommerce_loop_add_to_cart_link_describedby_4747\" class=\"screen-reader-text\">\n\t\t\t<\/span>\n\t\t\t\t\t\t\t<\/div>\n\t\t\t\t\t\t<\/div>\n\t\t\t\t\t\t<\/div>\n\t\t\t\t\t<\/div><div class=\"col\" data-animate=\"fadeInUp\">\n\t\t\t\t\t\t<div class=\"col-inner\">\n\t\t\t\t\t\t\n<div class=\"badge-container badge-custom absolute right top z-1\">\n\n<\/div>\n\t\t\t\t\t\t<div class=\"product-small box margin-auto has-hover box-normal box-text-bottom\">\n\t\t\t\t\t\t\t<div class=\"box-image\" >\n\t\t\t\t\t\t\t\t<div class=\"\" >\n\t\t\t\t\t\t\t\t\t<a href=\"https:\/\/schaumweinkontor.com\/en\/produkt\/villa-franciacorta-docg-mon-saten-brut-2016-15-l-magnum\/\" aria-label=\"Villa Franciacorta DOCG Mon Sat\u00e8n Brut 2016 1,5 L Magnum\">\n\t\t\t\t\t\t\t\t\t\t<img loading=\"lazy\" decoding=\"async\" width=\"300\" height=\"300\" src=\"https:\/\/schaumweinkontor.com\/wp-content\/uploads\/2022\/06\/Villa-Franciacorta-DOCG-Mon-Saten-Brut-2016-15-L-Magnum-300x300.png\" class=\"attachment-medium size-medium\" alt=\"Villa Franciacorta DOCG Mon Sat\u00e8n Brut 2016 1,5 L Magnum\" srcset=\"https:\/\/schaumweinkontor.com\/wp-content\/uploads\/2022\/06\/Villa-Franciacorta-DOCG-Mon-Saten-Brut-2016-15-L-Magnum-300x300.png 300w, https:\/\/schaumweinkontor.com\/wp-content\/uploads\/2022\/06\/Villa-Franciacorta-DOCG-Mon-Saten-Brut-2016-15-L-Magnum-100x100.png 100w, https:\/\/schaumweinkontor.com\/wp-content\/uploads\/2022\/06\/Villa-Franciacorta-DOCG-Mon-Saten-Brut-2016-15-L-Magnum-510x510.png 510w, https:\/\/schaumweinkontor.com\/wp-content\/uploads\/2022\/06\/Villa-Franciacorta-DOCG-Mon-Saten-Brut-2016-15-L-Magnum-150x150.png 150w, https:\/\/schaumweinkontor.com\/wp-content\/uploads\/2022\/06\/Villa-Franciacorta-DOCG-Mon-Saten-Brut-2016-15-L-Magnum-768x768.png 768w, https:\/\/schaumweinkontor.com\/wp-content\/uploads\/2022\/06\/Villa-Franciacorta-DOCG-Mon-Saten-Brut-2016-15-L-Magnum.png 1000w\" sizes=\"auto, (max-width: 300px) 100vw, 300px\" \/>\t\t\t\t\t\t\t\t\t<\/a>\n\t\t\t\t\t\t\t\t\t\t\t\t\t\t\t\t\t\t \t\t\t\t\t\t\t\t<\/div>\n\t\t\t\t\t\t\t\t<div class=\"image-tools top right show-on-hover\">\n\t\t\t\t\t\t\t\t\t\t\t\t\t\t\t\t\t<\/div>\n\t\t\t\t\t\t\t\t\t\t\t\t\t\t\t\t\t<div class=\"image-tools grid-tools text-center hide-for-small bottom hover-slide-in show-on-hover\">\n\t\t\t\t\t\t\t\t\t\t\t\t\t\t\t\t\t\t\t<\/div>\n\t\t\t\t\t\t\t\t\t\t\t\t\t\t\t\t\t\t\t\t\t\t\t<\/div>\n\n\t\t\t\t\t\t\t<div class=\"box-text text-center\" >\n\t\t\t\t\t\t\t\t<div class=\"title-wrapper\">\t\t<p class=\"category uppercase is-smaller no-text-overflow product-cat op-7\">\n\t\t\tVilla Franciacorta\t\t<\/p>\n\t<p class=\"name product-title woocommerce-loop-product__title\"><a href=\"https:\/\/schaumweinkontor.com\/en\/produkt\/villa-franciacorta-docg-mon-saten-brut-2016-15-l-magnum\/\" class=\"woocommerce-LoopProduct-link woocommerce-loop-product__link\">Villa Franciacorta DOCG Mon Sat\u00e8n Brut 2016 1,5 L Magnum<\/a><\/p><\/div><div class=\"price-wrapper\">\n\t<span class=\"price\"><span class=\"woocommerce-Price-amount amount\" role=\"none\"><bdi><span class=\"woocommerce-Price-currencySymbol\">&euro;<\/span>&nbsp;63,50<\/bdi><\/span> <small class=\"woocommerce-price-suffix\">inkl. MwSt.<\/small><\/span>\n<\/div><div class=\"add-to-cart-button\"><a href=\"\/en\/wp-json\/wp\/v2\/pages\/4628?add-to-cart=4752\" aria-describedby=\"woocommerce_loop_add_to_cart_link_describedby_4752\" data-quantity=\"1\" class=\"primary is-small mb-0 button product_type_simple add_to_cart_button ajax_add_to_cart is-outline\" data-product_id=\"4752\" data-product_sku=\"100300116\" aria-label=\"Add to cart: &ldquo;Villa Franciacorta DOCG Mon Sat\u00e8n Brut 2016 1,5 L Magnum&rdquo;\" rel=\"nofollow\" data-success_message=\"&ldquo;Villa Franciacorta DOCG Mon Sat\u00e8n Brut 2016 1,5 L Magnum&rdquo; has been added to your cart\" role=\"button\">Add to cart<\/a><\/div>\t<span id=\"woocommerce_loop_add_to_cart_link_describedby_4752\" class=\"screen-reader-text\">\n\t\t\t<\/span>\n\t\t\t\t\t\t\t<\/div>\n\t\t\t\t\t\t<\/div>\n\t\t\t\t\t\t<\/div>\n\t\t\t\t\t<\/div><div class=\"col\" data-animate=\"fadeInUp\">\n\t\t\t\t\t\t<div class=\"col-inner\">\n\t\t\t\t\t\t\n<div class=\"badge-container badge-custom absolute right top z-1\">\n\n<\/div>\n\t\t\t\t\t\t<div class=\"product-small box margin-auto has-hover box-normal box-text-bottom\">\n\t\t\t\t\t\t\t<div class=\"box-image\" >\n\t\t\t\t\t\t\t\t<div class=\"\" >\n\t\t\t\t\t\t\t\t\t<a href=\"https:\/\/schaumweinkontor.com\/en\/produkt\/villa-franciacorta-docg-brut-emozione-2015-15-l-magnum-copy\/\" aria-label=\"Villa Franciacorta DOCG Brut Emozione 2020 1,5 L Magnum BIO\">\n\t\t\t\t\t\t\t\t\t\t<img loading=\"lazy\" decoding=\"async\" width=\"300\" height=\"300\" src=\"https:\/\/schaumweinkontor.com\/wp-content\/uploads\/2024\/04\/Emozione-2020-300x300.png\" class=\"attachment-medium size-medium\" alt=\"Villa Franciacorta DOCG Brut Emozione 2020 1,5 L Magnum BIO\" srcset=\"https:\/\/schaumweinkontor.com\/wp-content\/uploads\/2024\/04\/Emozione-2020-300x300.png 300w, https:\/\/schaumweinkontor.com\/wp-content\/uploads\/2024\/04\/Emozione-2020-150x150.png 150w, https:\/\/schaumweinkontor.com\/wp-content\/uploads\/2024\/04\/Emozione-2020-768x768.png 768w, https:\/\/schaumweinkontor.com\/wp-content\/uploads\/2024\/04\/Emozione-2020-510x510.png 510w, https:\/\/schaumweinkontor.com\/wp-content\/uploads\/2024\/04\/Emozione-2020-100x100.png 100w, https:\/\/schaumweinkontor.com\/wp-content\/uploads\/2024\/04\/Emozione-2020.png 1000w\" sizes=\"auto, (max-width: 300px) 100vw, 300px\" \/>\t\t\t\t\t\t\t\t\t<\/a>\n\t\t\t\t\t\t\t\t\t\t\t\t\t\t\t\t\t\t \t\t\t\t\t\t\t\t<\/div>\n\t\t\t\t\t\t\t\t<div class=\"image-tools top right show-on-hover\">\n\t\t\t\t\t\t\t\t\t\t\t\t\t\t\t\t\t<\/div>\n\t\t\t\t\t\t\t\t\t\t\t\t\t\t\t\t\t<div class=\"image-tools grid-tools text-center hide-for-small bottom hover-slide-in show-on-hover\">\n\t\t\t\t\t\t\t\t\t\t\t\t\t\t\t\t\t\t\t<\/div>\n\t\t\t\t\t\t\t\t\t\t\t\t\t\t\t\t\t\t\t\t\t\t\t<\/div>\n\n\t\t\t\t\t\t\t<div class=\"box-text text-center\" >\n\t\t\t\t\t\t\t\t<div class=\"title-wrapper\">\t\t<p class=\"category uppercase is-smaller no-text-overflow product-cat op-7\">\n\t\t\tVilla Franciacorta\t\t<\/p>\n\t<p class=\"name product-title woocommerce-loop-product__title\"><a href=\"https:\/\/schaumweinkontor.com\/en\/produkt\/villa-franciacorta-docg-brut-emozione-2015-15-l-magnum-copy\/\" class=\"woocommerce-LoopProduct-link woocommerce-loop-product__link\">Villa Franciacorta DOCG Brut Emozione 2020 1,5 L Magnum BIO<\/a><\/p><\/div><div class=\"price-wrapper\">\n\t<span class=\"price\"><span class=\"woocommerce-Price-amount amount\" role=\"none\"><bdi><span class=\"woocommerce-Price-currencySymbol\">&euro;<\/span>&nbsp;64,90<\/bdi><\/span> <small class=\"woocommerce-price-suffix\">inkl. MwSt.<\/small><\/span>\n<\/div><div class=\"add-to-cart-button\"><a href=\"\/en\/wp-json\/wp\/v2\/pages\/4628?add-to-cart=5216\" aria-describedby=\"woocommerce_loop_add_to_cart_link_describedby_5216\" data-quantity=\"1\" class=\"primary is-small mb-0 button product_type_simple add_to_cart_button ajax_add_to_cart is-outline\" data-product_id=\"5216\" data-product_sku=\"100300134\" aria-label=\"Add to cart: &ldquo;Villa Franciacorta DOCG Brut Emozione 2020 1,5 L Magnum BIO&rdquo;\" rel=\"nofollow\" data-success_message=\"&ldquo;Villa Franciacorta DOCG Brut Emozione 2020 1,5 L Magnum BIO&rdquo; has been added to your cart\" role=\"button\">Add to cart<\/a><\/div>\t<span id=\"woocommerce_loop_add_to_cart_link_describedby_5216\" class=\"screen-reader-text\">\n\t\t\t<\/span>\n\t\t\t\t\t\t\t<\/div>\n\t\t\t\t\t\t<\/div>\n\t\t\t\t\t\t<\/div>\n\t\t\t\t\t<\/div><div class=\"col\" data-animate=\"fadeInUp\">\n\t\t\t\t\t\t<div class=\"col-inner\">\n\t\t\t\t\t\t\n<div class=\"badge-container badge-custom absolute right top z-1\">\n\n<\/div>\n\t\t\t\t\t\t<div class=\"product-small box margin-auto has-hover box-normal box-text-bottom\">\n\t\t\t\t\t\t\t<div class=\"box-image\" >\n\t\t\t\t\t\t\t\t<div class=\"\" >\n\t\t\t\t\t\t\t\t\t<a href=\"https:\/\/schaumweinkontor.com\/en\/produkt\/villa-franciacorta-docg-blu-extra-brut-2016-15-l-magnum\/\" aria-label=\"Villa Franciacorta DOCG Extra Blu Extra Brut 2016 1,5 L Magnum\">\n\t\t\t\t\t\t\t\t\t\t<img loading=\"lazy\" decoding=\"async\" width=\"300\" height=\"300\" src=\"https:\/\/schaumweinkontor.com\/wp-content\/uploads\/2022\/06\/extra-blu1-1-2-300x300.jpg\" class=\"attachment-medium size-medium\" alt=\"Villa Franciacorta DOCG Extra Blu Extra Brut\" srcset=\"https:\/\/schaumweinkontor.com\/wp-content\/uploads\/2022\/06\/extra-blu1-1-2-300x300.jpg 300w, https:\/\/schaumweinkontor.com\/wp-content\/uploads\/2022\/06\/extra-blu1-1-2-100x100.jpg 100w, https:\/\/schaumweinkontor.com\/wp-content\/uploads\/2022\/06\/extra-blu1-1-2-510x510.jpg 510w, https:\/\/schaumweinkontor.com\/wp-content\/uploads\/2022\/06\/extra-blu1-1-2-150x150.jpg 150w, https:\/\/schaumweinkontor.com\/wp-content\/uploads\/2022\/06\/extra-blu1-1-2-768x768.jpg 768w, https:\/\/schaumweinkontor.com\/wp-content\/uploads\/2022\/06\/extra-blu1-1-2.jpg 800w\" sizes=\"auto, (max-width: 300px) 100vw, 300px\" \/>\t\t\t\t\t\t\t\t\t<\/a>\n\t\t\t\t\t\t\t\t\t\t\t\t\t\t\t\t\t\t \t\t\t\t\t\t\t\t<\/div>\n\t\t\t\t\t\t\t\t<div class=\"image-tools top right show-on-hover\">\n\t\t\t\t\t\t\t\t\t\t\t\t\t\t\t\t\t<\/div>\n\t\t\t\t\t\t\t\t\t\t\t\t\t\t\t\t\t<div class=\"image-tools grid-tools text-center hide-for-small bottom hover-slide-in show-on-hover\">\n\t\t\t\t\t\t\t\t\t\t\t\t\t\t\t\t\t\t\t<\/div>\n\t\t\t\t\t\t\t\t\t\t\t\t\t\t\t\t\t\t\t\t\t\t\t<\/div>\n\n\t\t\t\t\t\t\t<div class=\"box-text text-center\" >\n\t\t\t\t\t\t\t\t<div class=\"title-wrapper\">\t\t<p class=\"category uppercase is-smaller no-text-overflow product-cat op-7\">\n\t\t\tVilla Franciacorta\t\t<\/p>\n\t<p class=\"name product-title woocommerce-loop-product__title\"><a href=\"https:\/\/schaumweinkontor.com\/en\/produkt\/villa-franciacorta-docg-blu-extra-brut-2016-15-l-magnum\/\" class=\"woocommerce-LoopProduct-link woocommerce-loop-product__link\">Villa Franciacorta DOCG Extra Blu Extra Brut 2016 1,5 L Magnum<\/a><\/p><\/div><div class=\"price-wrapper\">\n\t<span class=\"price\"><span class=\"woocommerce-Price-amount amount\" role=\"none\"><bdi><span class=\"woocommerce-Price-currencySymbol\">&euro;<\/span>&nbsp;69,00<\/bdi><\/span> <small class=\"woocommerce-price-suffix\">inkl. MwSt.<\/small><\/span>\n<\/div><div class=\"add-to-cart-button\"><a href=\"\/en\/wp-json\/wp\/v2\/pages\/4628?add-to-cart=4744\" aria-describedby=\"woocommerce_loop_add_to_cart_link_describedby_4744\" data-quantity=\"1\" class=\"primary is-small mb-0 button product_type_simple add_to_cart_button ajax_add_to_cart is-outline\" data-product_id=\"4744\" data-product_sku=\"100300122\" aria-label=\"Add to cart: &ldquo;Villa Franciacorta DOCG Extra Blu Extra Brut 2016 1,5 L Magnum&rdquo;\" rel=\"nofollow\" data-success_message=\"&ldquo;Villa Franciacorta DOCG Extra Blu Extra Brut 2016 1,5 L Magnum&rdquo; has been added to your cart\" role=\"button\">Add to cart<\/a><\/div>\t<span id=\"woocommerce_loop_add_to_cart_link_describedby_4744\" class=\"screen-reader-text\">\n\t\t\t<\/span>\n\t\t\t\t\t\t\t<\/div>\n\t\t\t\t\t\t<\/div>\n\t\t\t\t\t\t<\/div>\n\t\t\t\t\t<\/div><div class=\"col\" data-animate=\"fadeInUp\">\n\t\t\t\t\t\t<div class=\"col-inner\">\n\t\t\t\t\t\t\n<div class=\"badge-container badge-custom absolute right top z-1\">\n\n<\/div>\n\t\t\t\t\t\t<div class=\"product-small box margin-auto has-hover box-normal box-text-bottom\">\n\t\t\t\t\t\t\t<div class=\"box-image\" >\n\t\t\t\t\t\t\t\t<div class=\"\" >\n\t\t\t\t\t\t\t\t\t<a href=\"https:\/\/schaumweinkontor.com\/en\/produkt\/villa-franciacorta-docg-brut-emozione-2016-3-l-jeroboam-in-hk\/\" aria-label=\"Villa Franciacorta DOCG Brut Emozione 2016 3 L Jeroboam in HK\">\n\t\t\t\t\t\t\t\t\t\t<img loading=\"lazy\" decoding=\"async\" width=\"300\" height=\"300\" src=\"https:\/\/schaumweinkontor.com\/wp-content\/uploads\/2022\/06\/emozione1-1-2-300x300.jpg\" class=\"attachment-medium size-medium\" alt=\"Villa Franciacorta DOCG Brut Emozione 2016 3 L Jeroboam in HK\" srcset=\"https:\/\/schaumweinkontor.com\/wp-content\/uploads\/2022\/06\/emozione1-1-2-300x300.jpg 300w, https:\/\/schaumweinkontor.com\/wp-content\/uploads\/2022\/06\/emozione1-1-2-100x100.jpg 100w, https:\/\/schaumweinkontor.com\/wp-content\/uploads\/2022\/06\/emozione1-1-2-510x510.jpg 510w, https:\/\/schaumweinkontor.com\/wp-content\/uploads\/2022\/06\/emozione1-1-2-150x150.jpg 150w, https:\/\/schaumweinkontor.com\/wp-content\/uploads\/2022\/06\/emozione1-1-2-768x768.jpg 768w, https:\/\/schaumweinkontor.com\/wp-content\/uploads\/2022\/06\/emozione1-1-2.jpg 800w\" sizes=\"auto, (max-width: 300px) 100vw, 300px\" \/>\t\t\t\t\t\t\t\t\t<\/a>\n\t\t\t\t\t\t\t\t\t\t\t\t\t\t\t\t\t\t \t\t\t\t\t\t\t\t<\/div>\n\t\t\t\t\t\t\t\t<div class=\"image-tools top right show-on-hover\">\n\t\t\t\t\t\t\t\t\t\t\t\t\t\t\t\t\t<\/div>\n\t\t\t\t\t\t\t\t\t\t\t\t\t\t\t\t\t<div class=\"image-tools grid-tools text-center hide-for-small bottom hover-slide-in show-on-hover\">\n\t\t\t\t\t\t\t\t\t\t\t\t\t\t\t\t\t\t\t<\/div>\n\t\t\t\t\t\t\t\t\t\t\t\t\t\t\t\t\t\t\t\t\t\t\t<\/div>\n\n\t\t\t\t\t\t\t<div class=\"box-text text-center\" >\n\t\t\t\t\t\t\t\t<div class=\"title-wrapper\">\t\t<p class=\"category uppercase is-smaller no-text-overflow product-cat op-7\">\n\t\t\tVilla Franciacorta\t\t<\/p>\n\t<p class=\"name product-title woocommerce-loop-product__title\"><a href=\"https:\/\/schaumweinkontor.com\/en\/produkt\/villa-franciacorta-docg-brut-emozione-2016-3-l-jeroboam-in-hk\/\" class=\"woocommerce-LoopProduct-link woocommerce-loop-product__link\">Villa Franciacorta DOCG Brut Emozione 2016 3 L Jeroboam in HK<\/a><\/p><\/div><div class=\"price-wrapper\">\n\t<span class=\"price\"><span class=\"woocommerce-Price-amount amount\" role=\"none\"><bdi><span class=\"woocommerce-Price-currencySymbol\">&euro;<\/span>&nbsp;198,00<\/bdi><\/span> <small class=\"woocommerce-price-suffix\">inkl. MwSt.<\/small><\/span>\n<\/div><div class=\"add-to-cart-button\"><a href=\"\/en\/wp-json\/wp\/v2\/pages\/4628?add-to-cart=4748\" aria-describedby=\"woocommerce_loop_add_to_cart_link_describedby_4748\" data-quantity=\"1\" class=\"primary is-small mb-0 button product_type_simple add_to_cart_button ajax_add_to_cart is-outline\" data-product_id=\"4748\" data-product_sku=\"100300119\" aria-label=\"Add to cart: &ldquo;Villa Franciacorta DOCG Brut Emozione 2016 3 L Jeroboam in HK&rdquo;\" rel=\"nofollow\" data-success_message=\"&ldquo;Villa Franciacorta DOCG Brut Emozione 2016 3 L Jeroboam in HK&rdquo; has been added to your cart\" role=\"button\">Add to cart<\/a><\/div>\t<span id=\"woocommerce_loop_add_to_cart_link_describedby_4748\" class=\"screen-reader-text\">\n\t\t\t<\/span>\n\t\t\t\t\t\t\t<\/div>\n\t\t\t\t\t\t<\/div>\n\t\t\t\t\t\t<\/div>\n\t\t\t\t\t<\/div><div class=\"col\" data-animate=\"fadeInUp\">\n\t\t\t\t\t\t<div class=\"col-inner\">\n\t\t\t\t\t\t\n<div class=\"badge-container badge-custom absolute right top z-1\">\n\n<\/div>\n\t\t\t\t\t\t<div class=\"product-small box margin-auto has-hover box-normal box-text-bottom\">\n\t\t\t\t\t\t\t<div class=\"box-image\" >\n\t\t\t\t\t\t\t\t<div class=\"\" >\n\t\t\t\t\t\t\t\t\t<a href=\"https:\/\/schaumweinkontor.com\/en\/produkt\/villa-franciacorta-docg-brut-emozione-2014-3-l-jeroboam-in-hk\/\" aria-label=\"Villa Franciacorta DOCG Brut Emozione 2014 3 L Jeroboam in HK\">\n\t\t\t\t\t\t\t\t\t\t<img loading=\"lazy\" decoding=\"async\" width=\"300\" height=\"300\" src=\"https:\/\/schaumweinkontor.com\/wp-content\/uploads\/2022\/06\/emozione1-1-2-300x300.jpg\" class=\"attachment-medium size-medium\" alt=\"Villa Franciacorta DOCG Brut Emozione 2014 3 L Jeroboam in HK\" srcset=\"https:\/\/schaumweinkontor.com\/wp-content\/uploads\/2022\/06\/emozione1-1-2-300x300.jpg 300w, https:\/\/schaumweinkontor.com\/wp-content\/uploads\/2022\/06\/emozione1-1-2-100x100.jpg 100w, https:\/\/schaumweinkontor.com\/wp-content\/uploads\/2022\/06\/emozione1-1-2-510x510.jpg 510w, https:\/\/schaumweinkontor.com\/wp-content\/uploads\/2022\/06\/emozione1-1-2-150x150.jpg 150w, https:\/\/schaumweinkontor.com\/wp-content\/uploads\/2022\/06\/emozione1-1-2-768x768.jpg 768w, https:\/\/schaumweinkontor.com\/wp-content\/uploads\/2022\/06\/emozione1-1-2.jpg 800w\" sizes=\"auto, (max-width: 300px) 100vw, 300px\" \/>\t\t\t\t\t\t\t\t\t<\/a>\n\t\t\t\t\t\t\t\t\t\t\t\t\t\t\t\t\t\t \t\t\t\t\t\t\t\t<\/div>\n\t\t\t\t\t\t\t\t<div class=\"image-tools top right show-on-hover\">\n\t\t\t\t\t\t\t\t\t\t\t\t\t\t\t\t\t<\/div>\n\t\t\t\t\t\t\t\t\t\t\t\t\t\t\t\t\t<div class=\"image-tools grid-tools text-center hide-for-small bottom hover-slide-in show-on-hover\">\n\t\t\t\t\t\t\t\t\t\t\t\t\t\t\t\t\t\t\t<\/div>\n\t\t\t\t\t\t\t\t\t\t\t\t\t\t\t\t\t\t\t\t\t\t\t<\/div>\n\n\t\t\t\t\t\t\t<div class=\"box-text text-center\" >\n\t\t\t\t\t\t\t\t<div class=\"title-wrapper\">\t\t<p class=\"category uppercase is-smaller no-text-overflow product-cat op-7\">\n\t\t\tVilla Franciacorta\t\t<\/p>\n\t<p class=\"name product-title woocommerce-loop-product__title\"><a href=\"https:\/\/schaumweinkontor.com\/en\/produkt\/villa-franciacorta-docg-brut-emozione-2014-3-l-jeroboam-in-hk\/\" class=\"woocommerce-LoopProduct-link woocommerce-loop-product__link\">Villa Franciacorta DOCG Brut Emozione 2014 3 L Jeroboam in HK<\/a><\/p><\/div><div class=\"price-wrapper\">\n\t<span class=\"price\"><span class=\"woocommerce-Price-amount amount\" role=\"none\"><bdi><span class=\"woocommerce-Price-currencySymbol\">&euro;<\/span>&nbsp;205,20<\/bdi><\/span> <small class=\"woocommerce-price-suffix\">inkl. MwSt.<\/small><\/span>\n<\/div><div class=\"add-to-cart-button\"><a href=\"\/en\/wp-json\/wp\/v2\/pages\/4628?add-to-cart=4749\" aria-describedby=\"woocommerce_loop_add_to_cart_link_describedby_4749\" data-quantity=\"1\" class=\"primary is-small mb-0 button product_type_simple add_to_cart_button ajax_add_to_cart is-outline\" data-product_id=\"4749\" data-product_sku=\"\" aria-label=\"Add to cart: &ldquo;Villa Franciacorta DOCG Brut Emozione 2014 3 L Jeroboam in HK&rdquo;\" rel=\"nofollow\" data-success_message=\"&ldquo;Villa Franciacorta DOCG Brut Emozione 2014 3 L Jeroboam in HK&rdquo; has been added to your cart\" role=\"button\">Add to cart<\/a><\/div>\t<span id=\"woocommerce_loop_add_to_cart_link_describedby_4749\" class=\"screen-reader-text\">\n\t\t\t<\/span>\n\t\t\t\t\t\t\t<\/div>\n\t\t\t\t\t\t<\/div>\n\t\t\t\t\t\t<\/div>\n\t\t\t\t\t<\/div><div class=\"col\" data-animate=\"fadeInUp\">\n\t\t\t\t\t\t<div class=\"col-inner\">\n\t\t\t\t\t\t\n<div class=\"badge-container badge-custom absolute right top z-1\">\n\n<\/div>\n\t\t\t\t\t\t<div class=\"product-small box margin-auto has-hover box-normal box-text-bottom\">\n\t\t\t\t\t\t\t<div class=\"box-image\" >\n\t\t\t\t\t\t\t\t<div class=\"\" >\n\t\t\t\t\t\t\t\t\t<a href=\"https:\/\/schaumweinkontor.com\/en\/produkt\/villa-franciacorta-docg-brut-emozione-2018-15-l-magnum-bio-copy\/\" aria-label=\"Villa Franciacorta DOCG Brut Emozione 2018 3 L BIO in Wooden Box\">\n\t\t\t\t\t\t\t\t\t\t<img loading=\"lazy\" decoding=\"async\" width=\"300\" height=\"300\" src=\"https:\/\/schaumweinkontor.com\/wp-content\/uploads\/2022\/06\/emozione1-1-2-300x300.jpg\" class=\"attachment-medium size-medium\" alt=\"Villa Franciacorta DOCG Brut Emozione 2018 3 L BIO in Wooden Box\" srcset=\"https:\/\/schaumweinkontor.com\/wp-content\/uploads\/2022\/06\/emozione1-1-2-300x300.jpg 300w, https:\/\/schaumweinkontor.com\/wp-content\/uploads\/2022\/06\/emozione1-1-2-100x100.jpg 100w, https:\/\/schaumweinkontor.com\/wp-content\/uploads\/2022\/06\/emozione1-1-2-510x510.jpg 510w, https:\/\/schaumweinkontor.com\/wp-content\/uploads\/2022\/06\/emozione1-1-2-150x150.jpg 150w, https:\/\/schaumweinkontor.com\/wp-content\/uploads\/2022\/06\/emozione1-1-2-768x768.jpg 768w, https:\/\/schaumweinkontor.com\/wp-content\/uploads\/2022\/06\/emozione1-1-2.jpg 800w\" sizes=\"auto, (max-width: 300px) 100vw, 300px\" \/>\t\t\t\t\t\t\t\t\t<\/a>\n\t\t\t\t\t\t\t\t\t\t\t\t\t\t\t\t\t\t \t\t\t\t\t\t\t\t<\/div>\n\t\t\t\t\t\t\t\t<div class=\"image-tools top right show-on-hover\">\n\t\t\t\t\t\t\t\t\t\t\t\t\t\t\t\t\t<\/div>\n\t\t\t\t\t\t\t\t\t\t\t\t\t\t\t\t\t<div class=\"image-tools grid-tools text-center hide-for-small bottom hover-slide-in show-on-hover\">\n\t\t\t\t\t\t\t\t\t\t\t\t\t\t\t\t\t\t\t<\/div>\n\t\t\t\t\t\t\t\t\t\t\t\t\t\t\t\t\t\t\t\t\t\t\t<\/div>\n\n\t\t\t\t\t\t\t<div class=\"box-text text-center\" >\n\t\t\t\t\t\t\t\t<div class=\"title-wrapper\">\t\t<p class=\"category uppercase is-smaller no-text-overflow product-cat op-7\">\n\t\t\tVilla Franciacorta\t\t<\/p>\n\t<p class=\"name product-title woocommerce-loop-product__title\"><a href=\"https:\/\/schaumweinkontor.com\/en\/produkt\/villa-franciacorta-docg-brut-emozione-2018-15-l-magnum-bio-copy\/\" class=\"woocommerce-LoopProduct-link woocommerce-loop-product__link\">Villa Franciacorta DOCG Brut Emozione 2018 3 L BIO in Wooden Box<\/a><\/p><\/div><div class=\"price-wrapper\">\n\t<span class=\"price\"><span class=\"woocommerce-Price-amount amount\" role=\"none\"><bdi><span class=\"woocommerce-Price-currencySymbol\">&euro;<\/span>&nbsp;225,00<\/bdi><\/span> <small class=\"woocommerce-price-suffix\">inkl. MwSt.<\/small><\/span>\n<\/div><div class=\"add-to-cart-button\"><a href=\"\/en\/wp-json\/wp\/v2\/pages\/4628?add-to-cart=5218\" aria-describedby=\"woocommerce_loop_add_to_cart_link_describedby_5218\" data-quantity=\"1\" class=\"primary is-small mb-0 button product_type_simple add_to_cart_button ajax_add_to_cart is-outline\" data-product_id=\"5218\" data-product_sku=\"100300129\" aria-label=\"Add to cart: &ldquo;Villa Franciacorta DOCG Brut Emozione 2018 3 L BIO in Wooden Box&rdquo;\" rel=\"nofollow\" data-success_message=\"&ldquo;Villa Franciacorta DOCG Brut Emozione 2018 3 L BIO in Wooden Box&rdquo; has been added to your cart\" role=\"button\">Add to cart<\/a><\/div>\t<span id=\"woocommerce_loop_add_to_cart_link_describedby_5218\" class=\"screen-reader-text\">\n\t\t\t<\/span>\n\t\t\t\t\t\t\t<\/div>\n\t\t\t\t\t\t<\/div>\n\t\t\t\t\t\t<\/div>\n\t\t\t\t\t<\/div><div class=\"col\" data-animate=\"fadeInUp\">\n\t\t\t\t\t\t<div class=\"col-inner\">\n\t\t\t\t\t\t\n<div class=\"badge-container badge-custom absolute right top z-1\">\n\n<\/div>\n\t\t\t\t\t\t<div class=\"product-small box margin-auto has-hover box-normal box-text-bottom\">\n\t\t\t\t\t\t\t<div class=\"box-image\" >\n\t\t\t\t\t\t\t\t<div class=\"\" >\n\t\t\t\t\t\t\t\t\t<a href=\"https:\/\/schaumweinkontor.com\/en\/produkt\/villa-franciacorta-docg-brut-emozione-2019-6-l-bio-in-wooden-box\/\" aria-label=\"Villa Franciacorta DOCG Brut Emozione 2019 6 L BIO in Wooden Box\">\n\t\t\t\t\t\t\t\t\t\t<img loading=\"lazy\" decoding=\"async\" width=\"300\" height=\"300\" src=\"https:\/\/schaumweinkontor.com\/wp-content\/uploads\/2024\/04\/Emozione-2019-300x300.png\" class=\"attachment-medium size-medium\" alt=\"Villa Franciacorta DOCG Brut Emozione 2019 BIO \" srcset=\"https:\/\/schaumweinkontor.com\/wp-content\/uploads\/2024\/04\/Emozione-2019-300x300.png 300w, https:\/\/schaumweinkontor.com\/wp-content\/uploads\/2024\/04\/Emozione-2019-150x150.png 150w, https:\/\/schaumweinkontor.com\/wp-content\/uploads\/2024\/04\/Emozione-2019-768x768.png 768w, https:\/\/schaumweinkontor.com\/wp-content\/uploads\/2024\/04\/Emozione-2019-510x510.png 510w, https:\/\/schaumweinkontor.com\/wp-content\/uploads\/2024\/04\/Emozione-2019-100x100.png 100w, https:\/\/schaumweinkontor.com\/wp-content\/uploads\/2024\/04\/Emozione-2019.png 1000w\" sizes=\"auto, (max-width: 300px) 100vw, 300px\" \/>\t\t\t\t\t\t\t\t\t<\/a>\n\t\t\t\t\t\t\t\t\t\t\t\t\t\t\t\t\t\t \t\t\t\t\t\t\t\t<\/div>\n\t\t\t\t\t\t\t\t<div class=\"image-tools top right show-on-hover\">\n\t\t\t\t\t\t\t\t\t\t\t\t\t\t\t\t\t<\/div>\n\t\t\t\t\t\t\t\t\t\t\t\t\t\t\t\t\t<div class=\"image-tools grid-tools text-center hide-for-small bottom hover-slide-in show-on-hover\">\n\t\t\t\t\t\t\t\t\t\t\t\t\t\t\t\t\t\t\t<\/div>\n\t\t\t\t\t\t\t\t\t\t\t\t\t\t\t\t\t\t\t\t\t\t\t<\/div>\n\n\t\t\t\t\t\t\t<div class=\"box-text text-center\" >\n\t\t\t\t\t\t\t\t<div class=\"title-wrapper\">\t\t<p class=\"category uppercase is-smaller no-text-overflow product-cat op-7\">\n\t\t\tVilla Franciacorta\t\t<\/p>\n\t<p class=\"name product-title woocommerce-loop-product__title\"><a href=\"https:\/\/schaumweinkontor.com\/en\/produkt\/villa-franciacorta-docg-brut-emozione-2019-6-l-bio-in-wooden-box\/\" class=\"woocommerce-LoopProduct-link woocommerce-loop-product__link\">Villa Franciacorta DOCG Brut Emozione 2019 6 L BIO in Wooden Box<\/a><\/p><\/div><div class=\"price-wrapper\">\n\t<span class=\"price\"><span class=\"woocommerce-Price-amount amount\" role=\"none\"><bdi><span class=\"woocommerce-Price-currencySymbol\">&euro;<\/span>&nbsp;445,00<\/bdi><\/span> <small class=\"woocommerce-price-suffix\">inkl. MwSt.<\/small><\/span>\n<\/div><div class=\"add-to-cart-button\"><a href=\"\/en\/wp-json\/wp\/v2\/pages\/4628?add-to-cart=5219\" aria-describedby=\"woocommerce_loop_add_to_cart_link_describedby_5219\" data-quantity=\"1\" class=\"primary is-small mb-0 button product_type_simple add_to_cart_button ajax_add_to_cart is-outline\" data-product_id=\"5219\" data-product_sku=\"100300130\" aria-label=\"Add to cart: &ldquo;Villa Franciacorta DOCG Brut Emozione 2019 6 L BIO in Wooden Box&rdquo;\" rel=\"nofollow\" data-success_message=\"&ldquo;Villa Franciacorta DOCG Brut Emozione 2019 6 L BIO in Wooden Box&rdquo; has been added to your cart\" role=\"button\">Add to cart<\/a><\/div>\t<span id=\"woocommerce_loop_add_to_cart_link_describedby_5219\" class=\"screen-reader-text\">\n\t\t\t<\/span>\n\t\t\t\t\t\t\t<\/div>\n\t\t\t\t\t\t<\/div>\n\t\t\t\t\t\t<\/div>\n\t\t\t\t\t<\/div><\/div>\n\n\n\t\t<\/div>\n\t\t\t\t\t<\/div>\n\n\t\n\n\n<style>\n#row-820966092 > .col > .col-inner {\n  padding: 15px 0px 0px 0px;\n}\n<\/style>\n<\/div>\n<div class=\"is-divider divider clearfix\" style=\"margin-top:3em;margin-bottom:3em;max-width:100%;background-color:rgba(183, 149, 73, 0.459);\"><\/div>\n\n\t<section class=\"section bg_winzer\" id=\"section_1262843914\">\n\t\t<div class=\"bg section-bg fill bg-fill  \" >\n\n\t\t\t\n\t\t\t\n\t\t\t\n\n\t\t<\/div>\n\n\t\t\n\n\t\t<div class=\"section-content relative\">\n\t\t\t\n\n<h2 id=\"muratori-franciacorta-sonderformate\" class=\"uppercase\" style=\"text-align: center;\">Muratori Franciacorta<\/h2>\n\n\n\t\t<\/div>\n\n\t\t\n<style>\n#section_1262843914 {\n  padding-top: 30px;\n  padding-bottom: 30px;\n}\n#section_1262843914 .section-bg.bg-loaded {\n  background-image: url(https:\/\/schaumweinkontor.com\/wp-content\/uploads\/2022\/06\/landscape-illu-gold-transp.png);\n}\n<\/style>\n\t<\/section>\n\t\n<div class=\"row align-middle align-center\"  id=\"row-1012047560\">\n\n\n\t<div id=\"col-2122606156\" class=\"col small-12 large-12\"  >\n\t\t\t\t<div class=\"col-inner\"  >\n\t\t\t\n\t\t\t\n\n\n  \n    <div class=\"row margin-auto equalize-box large-columns-3 medium-columns- small-columns-2 row-large has-shadow row-box-shadow-2 row-box-shadow-4-hover\" >\n  \t\n\t     <div class=\"col\" data-animate=\"fadeInUp\">\n\t\t\t\t\t\t<div class=\"col-inner\">\n\t\t\t\t\t\t\n<div class=\"badge-container badge-custom absolute right top z-1\">\n\n<\/div>\n\t\t\t\t\t\t<div class=\"product-small box margin-auto has-hover box-normal box-text-bottom\">\n\t\t\t\t\t\t\t<div class=\"box-image\" >\n\t\t\t\t\t\t\t\t<div class=\"\" >\n\t\t\t\t\t\t\t\t\t<a href=\"https:\/\/schaumweinkontor.com\/en\/produkt\/muratori-franciacorta-docg-brut-15l\/\" aria-label=\"Muratori Franciacorta DOCG Brut 1,5l\">\n\t\t\t\t\t\t\t\t\t\t<img loading=\"lazy\" decoding=\"async\" width=\"300\" height=\"300\" src=\"https:\/\/schaumweinkontor.com\/wp-content\/uploads\/2024\/02\/Muratori-Brut-300x300.png\" class=\"attachment-medium size-medium\" alt=\"Muratori Franciacorta DOCG Brut \" srcset=\"https:\/\/schaumweinkontor.com\/wp-content\/uploads\/2024\/02\/Muratori-Brut-300x300.png 300w, https:\/\/schaumweinkontor.com\/wp-content\/uploads\/2024\/02\/Muratori-Brut-100x100.png 100w, https:\/\/schaumweinkontor.com\/wp-content\/uploads\/2024\/02\/Muratori-Brut-510x510.png 510w, https:\/\/schaumweinkontor.com\/wp-content\/uploads\/2024\/02\/Muratori-Brut-150x150.png 150w, https:\/\/schaumweinkontor.com\/wp-content\/uploads\/2024\/02\/Muratori-Brut-768x768.png 768w, https:\/\/schaumweinkontor.com\/wp-content\/uploads\/2024\/02\/Muratori-Brut.png 1000w\" sizes=\"auto, (max-width: 300px) 100vw, 300px\" \/>\t\t\t\t\t\t\t\t\t<\/a>\n\t\t\t\t\t\t\t\t\t\t\t\t\t\t\t\t\t\t \t\t\t\t\t\t\t\t<\/div>\n\t\t\t\t\t\t\t\t<div class=\"image-tools top right show-on-hover\">\n\t\t\t\t\t\t\t\t\t\t\t\t\t\t\t\t\t<\/div>\n\t\t\t\t\t\t\t\t\t\t\t\t\t\t\t\t\t<div class=\"image-tools grid-tools text-center hide-for-small bottom hover-slide-in show-on-hover\">\n\t\t\t\t\t\t\t\t\t\t\t\t\t\t\t\t\t\t\t<\/div>\n\t\t\t\t\t\t\t\t\t\t\t\t\t\t\t\t\t\t\t\t\t\t\t<\/div>\n\n\t\t\t\t\t\t\t<div class=\"box-text text-center\" >\n\t\t\t\t\t\t\t\t<div class=\"title-wrapper\">\t\t<p class=\"category uppercase is-smaller no-text-overflow product-cat op-7\">\n\t\t\tMuratori Franciacorta\t\t<\/p>\n\t<p class=\"name product-title woocommerce-loop-product__title\"><a href=\"https:\/\/schaumweinkontor.com\/en\/produkt\/muratori-franciacorta-docg-brut-15l\/\" class=\"woocommerce-LoopProduct-link woocommerce-loop-product__link\">Muratori Franciacorta DOCG Brut 1,5l<\/a><\/p><\/div><div class=\"price-wrapper\">\n\t<span class=\"price\"><span class=\"woocommerce-Price-amount amount\" role=\"none\"><bdi><span class=\"woocommerce-Price-currencySymbol\">&euro;<\/span>&nbsp;59,30<\/bdi><\/span> <small class=\"woocommerce-price-suffix\">inkl. MwSt.<\/small><\/span>\n<\/div><div class=\"add-to-cart-button\"><a href=\"\/en\/wp-json\/wp\/v2\/pages\/4628?add-to-cart=5005\" aria-describedby=\"woocommerce_loop_add_to_cart_link_describedby_5005\" data-quantity=\"1\" class=\"primary is-small mb-0 button product_type_simple add_to_cart_button ajax_add_to_cart is-outline\" data-product_id=\"5005\" data-product_sku=\"100300094\" aria-label=\"Add to cart: &ldquo;Muratori Franciacorta DOCG Brut 1,5l&rdquo;\" rel=\"nofollow\" data-success_message=\"&ldquo;Muratori Franciacorta DOCG Brut 1,5l&rdquo; has been added to your cart\" role=\"button\">Add to cart<\/a><\/div>\t<span id=\"woocommerce_loop_add_to_cart_link_describedby_5005\" class=\"screen-reader-text\">\n\t\t\t<\/span>\n\t\t\t\t\t\t\t<\/div>\n\t\t\t\t\t\t<\/div>\n\t\t\t\t\t\t<\/div>\n\t\t\t\t\t<\/div><div class=\"col\" data-animate=\"fadeInUp\">\n\t\t\t\t\t\t<div class=\"col-inner\">\n\t\t\t\t\t\t\n<div class=\"badge-container badge-custom absolute right top z-1\">\n\n<\/div>\n\t\t\t\t\t\t<div class=\"product-small box margin-auto has-hover box-normal box-text-bottom\">\n\t\t\t\t\t\t\t<div class=\"box-image\" >\n\t\t\t\t\t\t\t\t<div class=\"\" >\n\t\t\t\t\t\t\t\t\t<a href=\"https:\/\/schaumweinkontor.com\/en\/produkt\/muratori-franciacorta-docg-brut-3l\/\" aria-label=\"Muratori Franciacorta DOCG Brut 3l\">\n\t\t\t\t\t\t\t\t\t\t<img loading=\"lazy\" decoding=\"async\" width=\"300\" height=\"300\" src=\"https:\/\/schaumweinkontor.com\/wp-content\/uploads\/2024\/02\/Muratori-Brut-300x300.png\" class=\"attachment-medium size-medium\" alt=\"Muratori Franciacorta DOCG Brut \" srcset=\"https:\/\/schaumweinkontor.com\/wp-content\/uploads\/2024\/02\/Muratori-Brut-300x300.png 300w, https:\/\/schaumweinkontor.com\/wp-content\/uploads\/2024\/02\/Muratori-Brut-100x100.png 100w, https:\/\/schaumweinkontor.com\/wp-content\/uploads\/2024\/02\/Muratori-Brut-510x510.png 510w, https:\/\/schaumweinkontor.com\/wp-content\/uploads\/2024\/02\/Muratori-Brut-150x150.png 150w, https:\/\/schaumweinkontor.com\/wp-content\/uploads\/2024\/02\/Muratori-Brut-768x768.png 768w, https:\/\/schaumweinkontor.com\/wp-content\/uploads\/2024\/02\/Muratori-Brut.png 1000w\" sizes=\"auto, (max-width: 300px) 100vw, 300px\" \/>\t\t\t\t\t\t\t\t\t<\/a>\n\t\t\t\t\t\t\t\t\t\t\t\t\t\t\t\t\t\t \t\t\t\t\t\t\t\t<\/div>\n\t\t\t\t\t\t\t\t<div class=\"image-tools top right show-on-hover\">\n\t\t\t\t\t\t\t\t\t\t\t\t\t\t\t\t\t<\/div>\n\t\t\t\t\t\t\t\t\t\t\t\t\t\t\t\t\t<div class=\"image-tools grid-tools text-center hide-for-small bottom hover-slide-in show-on-hover\">\n\t\t\t\t\t\t\t\t\t\t\t\t\t\t\t\t\t\t\t<\/div>\n\t\t\t\t\t\t\t\t\t\t\t\t\t\t\t\t\t\t\t\t\t\t\t<\/div>\n\n\t\t\t\t\t\t\t<div class=\"box-text text-center\" >\n\t\t\t\t\t\t\t\t<div class=\"title-wrapper\">\t\t<p class=\"category uppercase is-smaller no-text-overflow product-cat op-7\">\n\t\t\tMuratori Franciacorta\t\t<\/p>\n\t<p class=\"name product-title woocommerce-loop-product__title\"><a href=\"https:\/\/schaumweinkontor.com\/en\/produkt\/muratori-franciacorta-docg-brut-3l\/\" class=\"woocommerce-LoopProduct-link woocommerce-loop-product__link\">Muratori Franciacorta DOCG Brut 3l<\/a><\/p><\/div><div class=\"price-wrapper\">\n\t<span class=\"price\"><span class=\"woocommerce-Price-amount amount\" role=\"none\"><bdi><span class=\"woocommerce-Price-currencySymbol\">&euro;<\/span>&nbsp;220,00<\/bdi><\/span> <small class=\"woocommerce-price-suffix\">inkl. MwSt.<\/small><\/span>\n<\/div><div class=\"add-to-cart-button\"><a href=\"\/en\/wp-json\/wp\/v2\/pages\/4628?add-to-cart=5007\" aria-describedby=\"woocommerce_loop_add_to_cart_link_describedby_5007\" data-quantity=\"1\" class=\"primary is-small mb-0 button product_type_simple add_to_cart_button ajax_add_to_cart is-outline\" data-product_id=\"5007\" data-product_sku=\"10030095\" aria-label=\"Add to cart: &ldquo;Muratori Franciacorta DOCG Brut 3l&rdquo;\" rel=\"nofollow\" data-success_message=\"&ldquo;Muratori Franciacorta DOCG Brut 3l&rdquo; has been added to your cart\" role=\"button\">Add to cart<\/a><\/div>\t<span id=\"woocommerce_loop_add_to_cart_link_describedby_5007\" class=\"screen-reader-text\">\n\t\t\t<\/span>\n\t\t\t\t\t\t\t<\/div>\n\t\t\t\t\t\t<\/div>\n\t\t\t\t\t\t<\/div>\n\t\t\t\t\t<\/div><\/div>\n\n\n\t\t<\/div>\n\t\t\t\t\t<\/div>\n\n\t\n\n\n<style>\n#row-1012047560 > .col > .col-inner {\n  padding: 15px 0px 0px 0px;\n}\n<\/style>\n<\/div>\n\t<section class=\"section hide-for-medium\" id=\"section_646888329\">\n\t\t<div class=\"bg section-bg fill bg-fill  bg-loaded\" >\n\n\t\t\t\n\t\t\t\n\t\t\t\n\n\t\t<\/div>\n\n\t\t\n\n\t\t<div class=\"section-content relative\">\n\t\t\t\n\n<div class=\"row row-collapse row-full-width align-middle blau-verlauf\"  id=\"row-366522325\">\n\n\n\t<div id=\"col-758959668\" class=\"col medium-6 small-12 large-6\"  >\n\t\t\t\t<div class=\"col-inner\"  >\n\t\t\t\n\t\t\t\n\n\t<div id=\"text-3142458726\" class=\"text\">\n\t\t\n\n<h2> Special <\/h2>\n\t\t\n<style>\n#text-3142458726 {\n  font-size: 1.5rem;\n  line-height: 2;\n}\n<\/style>\n\t<\/div>\n\t\n\n\t\t<\/div>\n\t\t\t\t\t<\/div>\n\n\t\n\n\t<div id=\"col-102764819\" class=\"col medium-6 small-12 large-6\"  >\n\t\t\t\t<div class=\"col-inner\"  >\n\t\t\t\n\t\t\t\n\n<h5 id=\"sonder-champagner\" class=\"uppercase\" style=\"text-align: right;\"><span style=\"color: #b79549;\"> Champagne<\/span><\/h5>\n\n\t\t<\/div>\n\t\t\t\t\t<\/div>\n\n\t\n\n\n<style>\n#row-366522325 > .col > .col-inner {\n  padding: 0px 20px 0px 20px;\n  border-radius: 74px;\n}\n<\/style>\n<\/div>\n\n\t\t<\/div>\n\n\t\t\n<style>\n#section_646888329 {\n  padding-top: 0px;\n  padding-bottom: 0px;\n}\n<\/style>\n\t<\/section>\n\t\n\t<section class=\"section bg_winzer\" id=\"section_295671591\">\n\t\t<div class=\"bg section-bg fill bg-fill  \" >\n\n\t\t\t\n\t\t\t\n\t\t\t\n\n\t\t<\/div>\n\n\t\t\n\n\t\t<div class=\"section-content relative\">\n\t\t\t\n\n<h2 id=\"sonder-etienne\" class=\"uppercase\" style=\"text-align: center;\">Etienne Oudart<\/h2>\n\n\t\t<\/div>\n\n\t\t\n<style>\n#section_295671591 {\n  padding-top: 30px;\n  padding-bottom: 30px;\n}\n#section_295671591 .section-bg.bg-loaded {\n  background-image: url(https:\/\/schaumweinkontor.com\/wp-content\/uploads\/2022\/06\/landscape-illu-gold-transp.png);\n}\n<\/style>\n\t<\/section>\n\t\n<div class=\"row align-middle align-center\"  id=\"row-1103654155\">\n\n\n\t<div id=\"col-1786926504\" class=\"col small-12 large-12\"  >\n\t\t\t\t<div class=\"col-inner\"  >\n\t\t\t\n\t\t\t\n\n\n  \n    <div class=\"row margin-auto equalize-box large-columns-3 medium-columns- small-columns-2 row-large has-shadow row-box-shadow-2 row-box-shadow-4-hover\" >\n  \t\n\t     <div class=\"col\" data-animate=\"fadeInUp\">\n\t\t\t\t\t\t<div class=\"col-inner\">\n\t\t\t\t\t\t\n<div class=\"badge-container badge-custom absolute right top z-1\">\n\n<\/div>\n\t\t\t\t\t\t<div class=\"product-small box margin-auto has-hover box-normal box-text-bottom\">\n\t\t\t\t\t\t\t<div class=\"box-image\" >\n\t\t\t\t\t\t\t\t<div class=\"\" >\n\t\t\t\t\t\t\t\t\t<a href=\"https:\/\/schaumweinkontor.com\/en\/produkt\/etienne-oudart-champagne-brut-reference-0375-l\/\" aria-label=\"Etienne Oudart Champagne Brut R\u00e9f\u00e9rence 0,375 L\">\n\t\t\t\t\t\t\t\t\t\t<img loading=\"lazy\" decoding=\"async\" width=\"300\" height=\"300\" src=\"https:\/\/schaumweinkontor.com\/wp-content\/uploads\/2022\/09\/10-Etienne-Oudart-Brut-Reference-15l-300x300.png\" class=\"attachment-medium size-medium\" alt=\"Etienne Oudart Champagne Brut R\u00e9f\u00e9rence 0,375 L\" srcset=\"https:\/\/schaumweinkontor.com\/wp-content\/uploads\/2022\/09\/10-Etienne-Oudart-Brut-Reference-15l-300x300.png 300w, https:\/\/schaumweinkontor.com\/wp-content\/uploads\/2022\/09\/10-Etienne-Oudart-Brut-Reference-15l-100x100.png 100w, https:\/\/schaumweinkontor.com\/wp-content\/uploads\/2022\/09\/10-Etienne-Oudart-Brut-Reference-15l-510x510.png 510w, https:\/\/schaumweinkontor.com\/wp-content\/uploads\/2022\/09\/10-Etienne-Oudart-Brut-Reference-15l-150x150.png 150w, https:\/\/schaumweinkontor.com\/wp-content\/uploads\/2022\/09\/10-Etienne-Oudart-Brut-Reference-15l-768x768.png 768w, https:\/\/schaumweinkontor.com\/wp-content\/uploads\/2022\/09\/10-Etienne-Oudart-Brut-Reference-15l.png 1001w\" sizes=\"auto, (max-width: 300px) 100vw, 300px\" \/>\t\t\t\t\t\t\t\t\t<\/a>\n\t\t\t\t\t\t\t\t\t\t\t\t\t\t\t\t\t\t \t\t\t\t\t\t\t\t<\/div>\n\t\t\t\t\t\t\t\t<div class=\"image-tools top right show-on-hover\">\n\t\t\t\t\t\t\t\t\t\t\t\t\t\t\t\t\t<\/div>\n\t\t\t\t\t\t\t\t\t\t\t\t\t\t\t\t\t<div class=\"image-tools grid-tools text-center hide-for-small bottom hover-slide-in show-on-hover\">\n\t\t\t\t\t\t\t\t\t\t\t\t\t\t\t\t\t\t\t<\/div>\n\t\t\t\t\t\t\t\t\t\t\t\t\t\t\t\t\t\t\t\t\t\t\t<\/div>\n\n\t\t\t\t\t\t\t<div class=\"box-text text-center\" >\n\t\t\t\t\t\t\t\t<div class=\"title-wrapper\">\t\t<p class=\"category uppercase is-smaller no-text-overflow product-cat op-7\">\n\t\t\tEtienne Oudart\t\t<\/p>\n\t<p class=\"name product-title woocommerce-loop-product__title\"><a href=\"https:\/\/schaumweinkontor.com\/en\/produkt\/etienne-oudart-champagne-brut-reference-0375-l\/\" class=\"woocommerce-LoopProduct-link woocommerce-loop-product__link\">Etienne Oudart Champagne Brut R\u00e9f\u00e9rence 0,375 L<\/a><\/p><\/div><div class=\"price-wrapper\">\n\t<span class=\"price\"><span class=\"woocommerce-Price-amount amount\" role=\"none\"><bdi><span class=\"woocommerce-Price-currencySymbol\">&euro;<\/span>&nbsp;21,80<\/bdi><\/span> <small class=\"woocommerce-price-suffix\">inkl. MwSt.<\/small><\/span>\n<\/div><div class=\"add-to-cart-button\"><a href=\"\/en\/wp-json\/wp\/v2\/pages\/4628?add-to-cart=4721\" aria-describedby=\"woocommerce_loop_add_to_cart_link_describedby_4721\" data-quantity=\"1\" class=\"primary is-small mb-0 button product_type_simple add_to_cart_button ajax_add_to_cart is-outline\" data-product_id=\"4721\" data-product_sku=\"100300195\" aria-label=\"Add to cart: &ldquo;Etienne Oudart Champagne Brut R\u00e9f\u00e9rence 0,375 L&rdquo;\" rel=\"nofollow\" data-success_message=\"&ldquo;Etienne Oudart Champagne Brut R\u00e9f\u00e9rence 0,375 L&rdquo; has been added to your cart\" role=\"button\">Add to cart<\/a><\/div>\t<span id=\"woocommerce_loop_add_to_cart_link_describedby_4721\" class=\"screen-reader-text\">\n\t\t\t<\/span>\n\t\t\t\t\t\t\t<\/div>\n\t\t\t\t\t\t<\/div>\n\t\t\t\t\t\t<\/div>\n\t\t\t\t\t<\/div><div class=\"col\" data-animate=\"fadeInUp\">\n\t\t\t\t\t\t<div class=\"col-inner\">\n\t\t\t\t\t\t\n<div class=\"badge-container badge-custom absolute right top z-1\">\n\n<\/div>\n\t\t\t\t\t\t<div class=\"product-small box margin-auto has-hover box-normal box-text-bottom\">\n\t\t\t\t\t\t\t<div class=\"box-image\" >\n\t\t\t\t\t\t\t\t<div class=\"\" >\n\t\t\t\t\t\t\t\t\t<a href=\"https:\/\/schaumweinkontor.com\/en\/produkt\/etienne-oudart-champagne-brut-reference-15-l-magnum\/\" aria-label=\"Etienne Oudart Champagne Brut R\u00e9f\u00e9rence 1,5 L Magnum\">\n\t\t\t\t\t\t\t\t\t\t<img loading=\"lazy\" decoding=\"async\" width=\"300\" height=\"300\" src=\"https:\/\/schaumweinkontor.com\/wp-content\/uploads\/2022\/09\/10-Etienne-Oudart-Brut-Reference-15l-300x300.png\" class=\"attachment-medium size-medium\" alt=\"Etienne Oudart Champagne Brut R\u00e9f\u00e9rence 1,5 L Magnum\" srcset=\"https:\/\/schaumweinkontor.com\/wp-content\/uploads\/2022\/09\/10-Etienne-Oudart-Brut-Reference-15l-300x300.png 300w, https:\/\/schaumweinkontor.com\/wp-content\/uploads\/2022\/09\/10-Etienne-Oudart-Brut-Reference-15l-100x100.png 100w, https:\/\/schaumweinkontor.com\/wp-content\/uploads\/2022\/09\/10-Etienne-Oudart-Brut-Reference-15l-510x510.png 510w, https:\/\/schaumweinkontor.com\/wp-content\/uploads\/2022\/09\/10-Etienne-Oudart-Brut-Reference-15l-150x150.png 150w, https:\/\/schaumweinkontor.com\/wp-content\/uploads\/2022\/09\/10-Etienne-Oudart-Brut-Reference-15l-768x768.png 768w, https:\/\/schaumweinkontor.com\/wp-content\/uploads\/2022\/09\/10-Etienne-Oudart-Brut-Reference-15l.png 1001w\" sizes=\"auto, (max-width: 300px) 100vw, 300px\" \/>\t\t\t\t\t\t\t\t\t<\/a>\n\t\t\t\t\t\t\t\t\t\t\t\t\t\t\t\t\t\t \t\t\t\t\t\t\t\t<\/div>\n\t\t\t\t\t\t\t\t<div class=\"image-tools top right show-on-hover\">\n\t\t\t\t\t\t\t\t\t\t\t\t\t\t\t\t\t<\/div>\n\t\t\t\t\t\t\t\t\t\t\t\t\t\t\t\t\t<div class=\"image-tools grid-tools text-center hide-for-small bottom hover-slide-in show-on-hover\">\n\t\t\t\t\t\t\t\t\t\t\t\t\t\t\t\t\t\t\t<\/div>\n\t\t\t\t\t\t\t\t\t\t\t\t\t\t\t\t\t\t\t\t\t\t\t<\/div>\n\n\t\t\t\t\t\t\t<div class=\"box-text text-center\" >\n\t\t\t\t\t\t\t\t<div class=\"title-wrapper\">\t\t<p class=\"category uppercase is-smaller no-text-overflow product-cat op-7\">\n\t\t\tEtienne Oudart\t\t<\/p>\n\t<p class=\"name product-title woocommerce-loop-product__title\"><a href=\"https:\/\/schaumweinkontor.com\/en\/produkt\/etienne-oudart-champagne-brut-reference-15-l-magnum\/\" class=\"woocommerce-LoopProduct-link woocommerce-loop-product__link\">Etienne Oudart Champagne Brut R\u00e9f\u00e9rence 1,5 L Magnum<\/a><\/p><\/div><div class=\"price-wrapper\">\n\t<span class=\"price\"><span class=\"woocommerce-Price-amount amount\" role=\"none\"><bdi><span class=\"woocommerce-Price-currencySymbol\">&euro;<\/span>&nbsp;64,50<\/bdi><\/span> <small class=\"woocommerce-price-suffix\">inkl. MwSt.<\/small><\/span>\n<\/div><div class=\"add-to-cart-button\"><a href=\"\/en\/wp-json\/wp\/v2\/pages\/4628?add-to-cart=4732\" aria-describedby=\"woocommerce_loop_add_to_cart_link_describedby_4732\" data-quantity=\"1\" class=\"primary is-small mb-0 button product_type_simple add_to_cart_button ajax_add_to_cart is-outline\" data-product_id=\"4732\" data-product_sku=\"100300193\" aria-label=\"Add to cart: &ldquo;Etienne Oudart Champagne Brut R\u00e9f\u00e9rence 1,5 L Magnum&rdquo;\" rel=\"nofollow\" data-success_message=\"&ldquo;Etienne Oudart Champagne Brut R\u00e9f\u00e9rence 1,5 L Magnum&rdquo; has been added to your cart\" role=\"button\">Add to cart<\/a><\/div>\t<span id=\"woocommerce_loop_add_to_cart_link_describedby_4732\" class=\"screen-reader-text\">\n\t\t\t<\/span>\n\t\t\t\t\t\t\t<\/div>\n\t\t\t\t\t\t<\/div>\n\t\t\t\t\t\t<\/div>\n\t\t\t\t\t<\/div><div class=\"col\" data-animate=\"fadeInUp\">\n\t\t\t\t\t\t<div class=\"col-inner\">\n\t\t\t\t\t\t\n<div class=\"badge-container badge-custom absolute right top z-1\">\n\n<\/div>\n\t\t\t\t\t\t<div class=\"product-small box margin-auto has-hover box-normal box-text-bottom\">\n\t\t\t\t\t\t\t<div class=\"box-image\" >\n\t\t\t\t\t\t\t\t<div class=\"\" >\n\t\t\t\t\t\t\t\t\t<a href=\"https:\/\/schaumweinkontor.com\/en\/produkt\/etienne-oudart-champagne-brut-reference-3-l-jeroboam\/\" aria-label=\"Etienne Oudart Champagne Brut R\u00e9f\u00e9rence 3 L Jeroboam\">\n\t\t\t\t\t\t\t\t\t\t<img loading=\"lazy\" decoding=\"async\" width=\"300\" height=\"300\" src=\"https:\/\/schaumweinkontor.com\/wp-content\/uploads\/2022\/09\/10-Etienne-Oudart-Brut-Reference-15l-300x300.png\" class=\"attachment-medium size-medium\" alt=\"Etienne Oudart Champagne Brut R\u00e9f\u00e9rence 3 L Jeroboam\" srcset=\"https:\/\/schaumweinkontor.com\/wp-content\/uploads\/2022\/09\/10-Etienne-Oudart-Brut-Reference-15l-300x300.png 300w, https:\/\/schaumweinkontor.com\/wp-content\/uploads\/2022\/09\/10-Etienne-Oudart-Brut-Reference-15l-100x100.png 100w, https:\/\/schaumweinkontor.com\/wp-content\/uploads\/2022\/09\/10-Etienne-Oudart-Brut-Reference-15l-510x510.png 510w, https:\/\/schaumweinkontor.com\/wp-content\/uploads\/2022\/09\/10-Etienne-Oudart-Brut-Reference-15l-150x150.png 150w, https:\/\/schaumweinkontor.com\/wp-content\/uploads\/2022\/09\/10-Etienne-Oudart-Brut-Reference-15l-768x768.png 768w, https:\/\/schaumweinkontor.com\/wp-content\/uploads\/2022\/09\/10-Etienne-Oudart-Brut-Reference-15l.png 1001w\" sizes=\"auto, (max-width: 300px) 100vw, 300px\" \/>\t\t\t\t\t\t\t\t\t<\/a>\n\t\t\t\t\t\t\t\t\t\t\t\t\t\t\t\t\t\t \t\t\t\t\t\t\t\t<\/div>\n\t\t\t\t\t\t\t\t<div class=\"image-tools top right show-on-hover\">\n\t\t\t\t\t\t\t\t\t\t\t\t\t\t\t\t\t<\/div>\n\t\t\t\t\t\t\t\t\t\t\t\t\t\t\t\t\t<div class=\"image-tools grid-tools text-center hide-for-small bottom hover-slide-in show-on-hover\">\n\t\t\t\t\t\t\t\t\t\t\t\t\t\t\t\t\t\t\t<\/div>\n\t\t\t\t\t\t\t\t\t\t\t\t\t\t\t\t\t\t\t\t\t\t\t<\/div>\n\n\t\t\t\t\t\t\t<div class=\"box-text text-center\" >\n\t\t\t\t\t\t\t\t<div class=\"title-wrapper\">\t\t<p class=\"category uppercase is-smaller no-text-overflow product-cat op-7\">\n\t\t\tEtienne Oudart\t\t<\/p>\n\t<p class=\"name product-title woocommerce-loop-product__title\"><a href=\"https:\/\/schaumweinkontor.com\/en\/produkt\/etienne-oudart-champagne-brut-reference-3-l-jeroboam\/\" class=\"woocommerce-LoopProduct-link woocommerce-loop-product__link\">Etienne Oudart Champagne Brut R\u00e9f\u00e9rence 3 L Jeroboam<\/a><\/p><\/div><div class=\"price-wrapper\">\n\t<span class=\"price\"><span class=\"woocommerce-Price-amount amount\" role=\"none\"><bdi><span class=\"woocommerce-Price-currencySymbol\">&euro;<\/span>&nbsp;205,00<\/bdi><\/span> <small class=\"woocommerce-price-suffix\">inkl. MwSt.<\/small><\/span>\n<\/div><div class=\"add-to-cart-button\"><a href=\"\/en\/wp-json\/wp\/v2\/pages\/4628?add-to-cart=4720\" aria-describedby=\"woocommerce_loop_add_to_cart_link_describedby_4720\" data-quantity=\"1\" class=\"primary is-small mb-0 button product_type_simple add_to_cart_button ajax_add_to_cart is-outline\" data-product_id=\"4720\" data-product_sku=\"100300194\" aria-label=\"Add to cart: &ldquo;Etienne Oudart Champagne Brut R\u00e9f\u00e9rence 3 L Jeroboam&rdquo;\" rel=\"nofollow\" data-success_message=\"&ldquo;Etienne Oudart Champagne Brut R\u00e9f\u00e9rence 3 L Jeroboam&rdquo; has been added to your cart\" role=\"button\">Add to cart<\/a><\/div>\t<span id=\"woocommerce_loop_add_to_cart_link_describedby_4720\" class=\"screen-reader-text\">\n\t\t\t<\/span>\n\t\t\t\t\t\t\t<\/div>\n\t\t\t\t\t\t<\/div>\n\t\t\t\t\t\t<\/div>\n\t\t\t\t\t<\/div><div class=\"col\" data-animate=\"fadeInUp\">\n\t\t\t\t\t\t<div class=\"col-inner\">\n\t\t\t\t\t\t\n<div class=\"badge-container badge-custom absolute right top z-1\">\n\n<\/div>\n\t\t\t\t\t\t<div class=\"product-small box margin-auto has-hover box-normal box-text-bottom\">\n\t\t\t\t\t\t\t<div class=\"box-image\" >\n\t\t\t\t\t\t\t\t<div class=\"\" >\n\t\t\t\t\t\t\t\t\t<a href=\"https:\/\/schaumweinkontor.com\/en\/produkt\/etienne-oudart-champagne-brut-reference-6-l-magnum\/\" aria-label=\"Etienne Oudart Champagne Brut R\u00e9f\u00e9rence 6 L Magnum\">\n\t\t\t\t\t\t\t\t\t\t<img loading=\"lazy\" decoding=\"async\" width=\"300\" height=\"300\" src=\"https:\/\/schaumweinkontor.com\/wp-content\/uploads\/2022\/09\/10-Etienne-Oudart-Brut-Reference-15l-300x300.png\" class=\"attachment-medium size-medium\" alt=\"Etienne Oudart Champagne Brut R\u00e9f\u00e9rence 6 L Magnum\" srcset=\"https:\/\/schaumweinkontor.com\/wp-content\/uploads\/2022\/09\/10-Etienne-Oudart-Brut-Reference-15l-300x300.png 300w, https:\/\/schaumweinkontor.com\/wp-content\/uploads\/2022\/09\/10-Etienne-Oudart-Brut-Reference-15l-100x100.png 100w, https:\/\/schaumweinkontor.com\/wp-content\/uploads\/2022\/09\/10-Etienne-Oudart-Brut-Reference-15l-510x510.png 510w, https:\/\/schaumweinkontor.com\/wp-content\/uploads\/2022\/09\/10-Etienne-Oudart-Brut-Reference-15l-150x150.png 150w, https:\/\/schaumweinkontor.com\/wp-content\/uploads\/2022\/09\/10-Etienne-Oudart-Brut-Reference-15l-768x768.png 768w, https:\/\/schaumweinkontor.com\/wp-content\/uploads\/2022\/09\/10-Etienne-Oudart-Brut-Reference-15l.png 1001w\" sizes=\"auto, (max-width: 300px) 100vw, 300px\" \/>\t\t\t\t\t\t\t\t\t<\/a>\n\t\t\t\t\t\t\t\t\t\t\t\t\t\t\t\t\t\t \t\t\t\t\t\t\t\t<\/div>\n\t\t\t\t\t\t\t\t<div class=\"image-tools top right show-on-hover\">\n\t\t\t\t\t\t\t\t\t\t\t\t\t\t\t\t\t<\/div>\n\t\t\t\t\t\t\t\t\t\t\t\t\t\t\t\t\t<div class=\"image-tools grid-tools text-center hide-for-small bottom hover-slide-in show-on-hover\">\n\t\t\t\t\t\t\t\t\t\t\t\t\t\t\t\t\t\t\t<\/div>\n\t\t\t\t\t\t\t\t\t\t\t\t\t\t\t\t\t\t\t\t\t\t\t<\/div>\n\n\t\t\t\t\t\t\t<div class=\"box-text text-center\" >\n\t\t\t\t\t\t\t\t<div class=\"title-wrapper\">\t\t<p class=\"category uppercase is-smaller no-text-overflow product-cat op-7\">\n\t\t\tEtienne Oudart\t\t<\/p>\n\t<p class=\"name product-title woocommerce-loop-product__title\"><a href=\"https:\/\/schaumweinkontor.com\/en\/produkt\/etienne-oudart-champagne-brut-reference-6-l-magnum\/\" class=\"woocommerce-LoopProduct-link woocommerce-loop-product__link\">Etienne Oudart Champagne Brut R\u00e9f\u00e9rence 6 L Magnum<\/a><\/p><\/div><div class=\"price-wrapper\">\n\t<span class=\"price\"><span class=\"woocommerce-Price-amount amount\" role=\"none\"><bdi><span class=\"woocommerce-Price-currencySymbol\">&euro;<\/span>&nbsp;450,00<\/bdi><\/span> <small class=\"woocommerce-price-suffix\">inkl. MwSt.<\/small><\/span>\n<\/div><div class=\"add-to-cart-button\"><a href=\"\/en\/wp-json\/wp\/v2\/pages\/4628?add-to-cart=4668\" aria-describedby=\"woocommerce_loop_add_to_cart_link_describedby_4668\" data-quantity=\"1\" class=\"primary is-small mb-0 button product_type_simple add_to_cart_button ajax_add_to_cart is-outline\" data-product_id=\"4668\" data-product_sku=\"100300199\" aria-label=\"Add to cart: &ldquo;Etienne Oudart Champagne Brut R\u00e9f\u00e9rence 6 L Magnum&rdquo;\" rel=\"nofollow\" data-success_message=\"&ldquo;Etienne Oudart Champagne Brut R\u00e9f\u00e9rence 6 L Magnum&rdquo; has been added to your cart\" role=\"button\">Add to cart<\/a><\/div>\t<span id=\"woocommerce_loop_add_to_cart_link_describedby_4668\" class=\"screen-reader-text\">\n\t\t\t<\/span>\n\t\t\t\t\t\t\t<\/div>\n\t\t\t\t\t\t<\/div>\n\t\t\t\t\t\t<\/div>\n\t\t\t\t\t<\/div><div class=\"col\" data-animate=\"fadeInUp\">\n\t\t\t\t\t\t<div class=\"col-inner\">\n\t\t\t\t\t\t\n<div class=\"badge-container badge-custom absolute right top z-1\">\n\n<\/div>\n\t\t\t\t\t\t<div class=\"product-small box margin-auto has-hover box-normal box-text-bottom\">\n\t\t\t\t\t\t\t<div class=\"box-image\" >\n\t\t\t\t\t\t\t\t<div class=\"\" >\n\t\t\t\t\t\t\t\t\t<a href=\"https:\/\/schaumweinkontor.com\/en\/produkt\/etienne-oudart-champagne-brut-reference-9-l-jeroboam\/\" aria-label=\"Etienne Oudart Champagne Brut R\u00e9f\u00e9rence 9 L Salmanasar\">\n\t\t\t\t\t\t\t\t\t\t<img loading=\"lazy\" decoding=\"async\" width=\"300\" height=\"300\" src=\"https:\/\/schaumweinkontor.com\/wp-content\/uploads\/2022\/09\/10-Etienne-Oudart-Brut-Reference-15l-300x300.png\" class=\"attachment-medium size-medium\" alt=\"Etienne Oudart Champagne Brut R\u00e9f\u00e9rence 9 L Salmanasar\" srcset=\"https:\/\/schaumweinkontor.com\/wp-content\/uploads\/2022\/09\/10-Etienne-Oudart-Brut-Reference-15l-300x300.png 300w, https:\/\/schaumweinkontor.com\/wp-content\/uploads\/2022\/09\/10-Etienne-Oudart-Brut-Reference-15l-100x100.png 100w, https:\/\/schaumweinkontor.com\/wp-content\/uploads\/2022\/09\/10-Etienne-Oudart-Brut-Reference-15l-510x510.png 510w, https:\/\/schaumweinkontor.com\/wp-content\/uploads\/2022\/09\/10-Etienne-Oudart-Brut-Reference-15l-150x150.png 150w, https:\/\/schaumweinkontor.com\/wp-content\/uploads\/2022\/09\/10-Etienne-Oudart-Brut-Reference-15l-768x768.png 768w, https:\/\/schaumweinkontor.com\/wp-content\/uploads\/2022\/09\/10-Etienne-Oudart-Brut-Reference-15l.png 1001w\" sizes=\"auto, (max-width: 300px) 100vw, 300px\" \/>\t\t\t\t\t\t\t\t\t<\/a>\n\t\t\t\t\t\t\t\t\t\t\t\t\t\t\t\t\t\t \t\t\t\t\t\t\t\t<\/div>\n\t\t\t\t\t\t\t\t<div class=\"image-tools top right show-on-hover\">\n\t\t\t\t\t\t\t\t\t\t\t\t\t\t\t\t\t<\/div>\n\t\t\t\t\t\t\t\t\t\t\t\t\t\t\t\t\t<div class=\"image-tools grid-tools text-center hide-for-small bottom hover-slide-in show-on-hover\">\n\t\t\t\t\t\t\t\t\t\t\t\t\t\t\t\t\t\t\t<\/div>\n\t\t\t\t\t\t\t\t\t\t\t\t\t\t\t\t\t\t\t\t\t\t\t<\/div>\n\n\t\t\t\t\t\t\t<div class=\"box-text text-center\" >\n\t\t\t\t\t\t\t\t<div class=\"title-wrapper\">\t\t<p class=\"category uppercase is-smaller no-text-overflow product-cat op-7\">\n\t\t\tEtienne Oudart\t\t<\/p>\n\t<p class=\"name product-title woocommerce-loop-product__title\"><a href=\"https:\/\/schaumweinkontor.com\/en\/produkt\/etienne-oudart-champagne-brut-reference-9-l-jeroboam\/\" class=\"woocommerce-LoopProduct-link woocommerce-loop-product__link\">Etienne Oudart Champagne Brut R\u00e9f\u00e9rence 9 L Salmanasar<\/a><\/p><\/div><div class=\"price-wrapper\">\n\t<span class=\"price\"><span class=\"woocommerce-Price-amount amount\" role=\"none\"><bdi><span class=\"woocommerce-Price-currencySymbol\">&euro;<\/span>&nbsp;760,00<\/bdi><\/span> <small class=\"woocommerce-price-suffix\">inkl. MwSt.<\/small><\/span>\n<\/div><div class=\"add-to-cart-button\"><a href=\"\/en\/wp-json\/wp\/v2\/pages\/4628?add-to-cart=4667\" aria-describedby=\"woocommerce_loop_add_to_cart_link_describedby_4667\" data-quantity=\"1\" class=\"primary is-small mb-0 button product_type_simple add_to_cart_button ajax_add_to_cart is-outline\" data-product_id=\"4667\" data-product_sku=\"100300200\" aria-label=\"Add to cart: &ldquo;Etienne Oudart Champagne Brut R\u00e9f\u00e9rence 9 L Salmanasar&rdquo;\" rel=\"nofollow\" data-success_message=\"&ldquo;Etienne Oudart Champagne Brut R\u00e9f\u00e9rence 9 L Salmanasar&rdquo; has been added to your cart\" role=\"button\">Add to cart<\/a><\/div>\t<span id=\"woocommerce_loop_add_to_cart_link_describedby_4667\" class=\"screen-reader-text\">\n\t\t\t<\/span>\n\t\t\t\t\t\t\t<\/div>\n\t\t\t\t\t\t<\/div>\n\t\t\t\t\t\t<\/div>\n\t\t\t\t\t<\/div><\/div>\n\n\n\t\t<\/div>\n\t\t\t\t\t<\/div>\n\n\t\n\n\n<style>\n#row-1103654155 > .col > .col-inner {\n  padding: 15px 0px 0px 0px;\n}\n<\/style>\n<\/div>\n<div class=\"is-divider divider clearfix\" style=\"margin-top:3em;margin-bottom:3em;max-width:100%;background-color:rgba(183, 149, 73, 0.459);\"><\/div>\n\n\t<section class=\"section bg_winzer\" id=\"section_2062040276\">\n\t\t<div class=\"bg section-bg fill bg-fill  \" >\n\n\t\t\t\n\t\t\t\n\t\t\t\n\n\t\t<\/div>\n\n\t\t\n\n\t\t<div class=\"section-content relative\">\n\t\t\t\n\n<h2 id=\"sonder-guy\" class=\"uppercase\" style=\"text-align: center;\">GUY MEA<\/h2>\n\n\t\t<\/div>\n\n\t\t\n<style>\n#section_2062040276 {\n  padding-top: 30px;\n  padding-bottom: 30px;\n}\n#section_2062040276 .section-bg.bg-loaded {\n  background-image: url(https:\/\/schaumweinkontor.com\/wp-content\/uploads\/2022\/06\/landscape-illu-gold-transp.png);\n}\n<\/style>\n\t<\/section>\n\t\n<div class=\"row align-middle align-center\"  id=\"row-1164891677\">\n\n\n\t<div id=\"col-702330922\" class=\"col small-12 large-12\"  >\n\t\t\t\t<div class=\"col-inner\"  >\n\t\t\t\n\t\t\t\n\n\n  \n    <div class=\"row margin-auto equalize-box large-columns-3 medium-columns- small-columns-2 row-large has-shadow row-box-shadow-2 row-box-shadow-4-hover\" >\n  \t\n\t     <div class=\"col\" data-animate=\"fadeInUp\">\n\t\t\t\t\t\t<div class=\"col-inner\">\n\t\t\t\t\t\t\n<div class=\"badge-container badge-custom absolute right top z-1\">\n\n<\/div>\n\t\t\t\t\t\t<div class=\"product-small box margin-auto has-hover box-normal box-text-bottom\">\n\t\t\t\t\t\t\t<div class=\"box-image\" >\n\t\t\t\t\t\t\t\t<div class=\"\" >\n\t\t\t\t\t\t\t\t\t<a href=\"https:\/\/schaumweinkontor.com\/en\/produkt\/guy-mea-champ-prestige-le-grillon-brut-1er-cru-15-l-jeroboam\/\" aria-label=\"Domaine Mea Champagne Prestige Le Grillon Brut 1er Cru 1,5 L\">\n\t\t\t\t\t\t\t\t\t\t<img loading=\"lazy\" decoding=\"async\" width=\"300\" height=\"300\" src=\"https:\/\/schaumweinkontor.com\/wp-content\/uploads\/2023\/05\/Domaine-MEA-Le-Grillo-Brut-1er-Cru-075-1000x1000-1-300x300.png\" class=\"attachment-medium size-medium\" alt=\"Domaine Mea Champagne Prestige Le Grillon Brut 1er Cru 0,75 L\" srcset=\"https:\/\/schaumweinkontor.com\/wp-content\/uploads\/2023\/05\/Domaine-MEA-Le-Grillo-Brut-1er-Cru-075-1000x1000-1-300x300.png 300w, https:\/\/schaumweinkontor.com\/wp-content\/uploads\/2023\/05\/Domaine-MEA-Le-Grillo-Brut-1er-Cru-075-1000x1000-1-100x100.png 100w, https:\/\/schaumweinkontor.com\/wp-content\/uploads\/2023\/05\/Domaine-MEA-Le-Grillo-Brut-1er-Cru-075-1000x1000-1-510x509.png 510w, https:\/\/schaumweinkontor.com\/wp-content\/uploads\/2023\/05\/Domaine-MEA-Le-Grillo-Brut-1er-Cru-075-1000x1000-1-150x150.png 150w, https:\/\/schaumweinkontor.com\/wp-content\/uploads\/2023\/05\/Domaine-MEA-Le-Grillo-Brut-1er-Cru-075-1000x1000-1-768x767.png 768w, https:\/\/schaumweinkontor.com\/wp-content\/uploads\/2023\/05\/Domaine-MEA-Le-Grillo-Brut-1er-Cru-075-1000x1000-1.png 1001w\" sizes=\"auto, (max-width: 300px) 100vw, 300px\" \/>\t\t\t\t\t\t\t\t\t<\/a>\n\t\t\t\t\t\t\t\t\t\t\t\t\t\t\t\t\t\t \t\t\t\t\t\t\t\t<\/div>\n\t\t\t\t\t\t\t\t<div class=\"image-tools top right show-on-hover\">\n\t\t\t\t\t\t\t\t\t\t\t\t\t\t\t\t\t<\/div>\n\t\t\t\t\t\t\t\t\t\t\t\t\t\t\t\t\t<div class=\"image-tools grid-tools text-center hide-for-small bottom hover-slide-in show-on-hover\">\n\t\t\t\t\t\t\t\t\t\t\t\t\t\t\t\t\t\t\t<\/div>\n\t\t\t\t\t\t\t\t\t\t\t\t\t\t\t\t\t\t\t\t\t\t\t<\/div>\n\n\t\t\t\t\t\t\t<div class=\"box-text text-center\" >\n\t\t\t\t\t\t\t\t<div class=\"title-wrapper\">\t\t<p class=\"category uppercase is-smaller no-text-overflow product-cat op-7\">\n\t\t\tDomaine Mea\t\t<\/p>\n\t<p class=\"name product-title woocommerce-loop-product__title\"><a href=\"https:\/\/schaumweinkontor.com\/en\/produkt\/guy-mea-champ-prestige-le-grillon-brut-1er-cru-15-l-jeroboam\/\" class=\"woocommerce-LoopProduct-link woocommerce-loop-product__link\">Domaine Mea Champagne Prestige Le Grillon Brut 1er Cru 1,5 L<\/a><\/p><\/div><div class=\"price-wrapper\">\n\t<span class=\"price\"><span class=\"woocommerce-Price-amount amount\" role=\"none\"><bdi><span class=\"woocommerce-Price-currencySymbol\">&euro;<\/span>&nbsp;83,50<\/bdi><\/span> <small class=\"woocommerce-price-suffix\">inkl. MwSt.<\/small><\/span>\n<\/div><div class=\"add-to-cart-button\"><a href=\"\/en\/wp-json\/wp\/v2\/pages\/4628?add-to-cart=4673\" aria-describedby=\"woocommerce_loop_add_to_cart_link_describedby_4673\" data-quantity=\"1\" class=\"primary is-small mb-0 button product_type_simple add_to_cart_button ajax_add_to_cart is-outline\" data-product_id=\"4673\" data-product_sku=\"100300172\" aria-label=\"Add to cart: &ldquo;Domaine Mea Champagne Prestige Le Grillon Brut 1er Cru 1,5 L&rdquo;\" rel=\"nofollow\" data-success_message=\"&ldquo;Domaine Mea Champagne Prestige Le Grillon Brut 1er Cru 1,5 L&rdquo; has been added to your cart\" role=\"button\">Add to cart<\/a><\/div>\t<span id=\"woocommerce_loop_add_to_cart_link_describedby_4673\" class=\"screen-reader-text\">\n\t\t\t<\/span>\n\t\t\t\t\t\t\t<\/div>\n\t\t\t\t\t\t<\/div>\n\t\t\t\t\t\t<\/div>\n\t\t\t\t\t<\/div><div class=\"col\" data-animate=\"fadeInUp\">\n\t\t\t\t\t\t<div class=\"col-inner\">\n\t\t\t\t\t\t\n<div class=\"badge-container badge-custom absolute right top z-1\">\n\n<\/div>\n\t\t\t\t\t\t<div class=\"product-small box margin-auto has-hover box-normal box-text-bottom\">\n\t\t\t\t\t\t\t<div class=\"box-image\" >\n\t\t\t\t\t\t\t\t<div class=\"\" >\n\t\t\t\t\t\t\t\t\t<a href=\"https:\/\/schaumweinkontor.com\/en\/produkt\/guy-mea-champ-prestige-le-grillon-brut-1er-cru-3-l-jeroboam\/\" aria-label=\"Guy Mea Champ. Prestige Le Grillon Brut 1er Cru 3 L Jeroboam\">\n\t\t\t\t\t\t\t\t\t\t<img loading=\"lazy\" decoding=\"async\" width=\"300\" height=\"300\" src=\"https:\/\/schaumweinkontor.com\/wp-content\/uploads\/2023\/05\/Domaine-MEA-Le-Grillo-Brut-1er-Cru-075-1000x1000-1-300x300.png\" class=\"attachment-medium size-medium\" alt=\"Domaine Mea Champagne Prestige Le Grillon Brut 1er Cru 0,75 L\" srcset=\"https:\/\/schaumweinkontor.com\/wp-content\/uploads\/2023\/05\/Domaine-MEA-Le-Grillo-Brut-1er-Cru-075-1000x1000-1-300x300.png 300w, https:\/\/schaumweinkontor.com\/wp-content\/uploads\/2023\/05\/Domaine-MEA-Le-Grillo-Brut-1er-Cru-075-1000x1000-1-100x100.png 100w, https:\/\/schaumweinkontor.com\/wp-content\/uploads\/2023\/05\/Domaine-MEA-Le-Grillo-Brut-1er-Cru-075-1000x1000-1-510x509.png 510w, https:\/\/schaumweinkontor.com\/wp-content\/uploads\/2023\/05\/Domaine-MEA-Le-Grillo-Brut-1er-Cru-075-1000x1000-1-150x150.png 150w, https:\/\/schaumweinkontor.com\/wp-content\/uploads\/2023\/05\/Domaine-MEA-Le-Grillo-Brut-1er-Cru-075-1000x1000-1-768x767.png 768w, https:\/\/schaumweinkontor.com\/wp-content\/uploads\/2023\/05\/Domaine-MEA-Le-Grillo-Brut-1er-Cru-075-1000x1000-1.png 1001w\" sizes=\"auto, (max-width: 300px) 100vw, 300px\" \/>\t\t\t\t\t\t\t\t\t<\/a>\n\t\t\t\t\t\t\t\t\t\t\t\t\t\t\t\t\t\t \t\t\t\t\t\t\t\t<\/div>\n\t\t\t\t\t\t\t\t<div class=\"image-tools top right show-on-hover\">\n\t\t\t\t\t\t\t\t\t\t\t\t\t\t\t\t\t<\/div>\n\t\t\t\t\t\t\t\t\t\t\t\t\t\t\t\t\t<div class=\"image-tools grid-tools text-center hide-for-small bottom hover-slide-in show-on-hover\">\n\t\t\t\t\t\t\t\t\t\t\t\t\t\t\t\t\t\t\t<\/div>\n\t\t\t\t\t\t\t\t\t\t\t\t\t\t\t\t\t\t\t\t\t\t\t<\/div>\n\n\t\t\t\t\t\t\t<div class=\"box-text text-center\" >\n\t\t\t\t\t\t\t\t<div class=\"title-wrapper\">\t\t<p class=\"category uppercase is-smaller no-text-overflow product-cat op-7\">\n\t\t\tDomaine Mea\t\t<\/p>\n\t<p class=\"name product-title woocommerce-loop-product__title\"><a href=\"https:\/\/schaumweinkontor.com\/en\/produkt\/guy-mea-champ-prestige-le-grillon-brut-1er-cru-3-l-jeroboam\/\" class=\"woocommerce-LoopProduct-link woocommerce-loop-product__link\">Guy Mea Champ. Prestige Le Grillon Brut 1er Cru 3 L Jeroboam<\/a><\/p><\/div><div class=\"price-wrapper\">\n\t<span class=\"price\"><span class=\"woocommerce-Price-amount amount\" role=\"none\"><bdi><span class=\"woocommerce-Price-currencySymbol\">&euro;<\/span>&nbsp;249,00<\/bdi><\/span> <small class=\"woocommerce-price-suffix\">inkl. MwSt.<\/small><\/span>\n<\/div><div class=\"add-to-cart-button\"><a href=\"\/en\/wp-json\/wp\/v2\/pages\/4628?add-to-cart=4723\" aria-describedby=\"woocommerce_loop_add_to_cart_link_describedby_4723\" data-quantity=\"1\" class=\"primary is-small mb-0 button product_type_simple add_to_cart_button ajax_add_to_cart is-outline\" data-product_id=\"4723\" data-product_sku=\"100300170\" aria-label=\"Add to cart: &ldquo;Guy Mea Champ. Prestige Le Grillon Brut 1er Cru 3 L Jeroboam&rdquo;\" rel=\"nofollow\" data-success_message=\"&ldquo;Guy Mea Champ. Prestige Le Grillon Brut 1er Cru 3 L Jeroboam&rdquo; has been added to your cart\" role=\"button\">Add to cart<\/a><\/div>\t<span id=\"woocommerce_loop_add_to_cart_link_describedby_4723\" class=\"screen-reader-text\">\n\t\t\t<\/span>\n\t\t\t\t\t\t\t<\/div>\n\t\t\t\t\t\t<\/div>\n\t\t\t\t\t\t<\/div>\n\t\t\t\t\t<\/div><div class=\"col\" data-animate=\"fadeInUp\">\n\t\t\t\t\t\t<div class=\"col-inner\">\n\t\t\t\t\t\t\n<div class=\"badge-container badge-custom absolute right top z-1\">\n\n<\/div>\n\t\t\t\t\t\t<div class=\"product-small box margin-auto has-hover box-normal box-text-bottom\">\n\t\t\t\t\t\t\t<div class=\"box-image\" >\n\t\t\t\t\t\t\t\t<div class=\"\" >\n\t\t\t\t\t\t\t\t\t<a href=\"https:\/\/schaumweinkontor.com\/en\/produkt\/guy-mea-champ-prestige-le-grillon-brut-1er-cru-6-l-methusalem\/\" aria-label=\"Guy Mea Champagne Prestige Le Grillon Brut 1er Cru 6 L Methusalem\">\n\t\t\t\t\t\t\t\t\t\t<img loading=\"lazy\" decoding=\"async\" width=\"300\" height=\"300\" src=\"https:\/\/schaumweinkontor.com\/wp-content\/uploads\/2023\/05\/Domaine-MEA-Le-Grillo-Brut-1er-Cru-075-1000x1000-1-300x300.png\" class=\"attachment-medium size-medium\" alt=\"Domaine Mea Champagne Prestige Le Grillon Brut 1er Cru 0,75 L\" srcset=\"https:\/\/schaumweinkontor.com\/wp-content\/uploads\/2023\/05\/Domaine-MEA-Le-Grillo-Brut-1er-Cru-075-1000x1000-1-300x300.png 300w, https:\/\/schaumweinkontor.com\/wp-content\/uploads\/2023\/05\/Domaine-MEA-Le-Grillo-Brut-1er-Cru-075-1000x1000-1-100x100.png 100w, https:\/\/schaumweinkontor.com\/wp-content\/uploads\/2023\/05\/Domaine-MEA-Le-Grillo-Brut-1er-Cru-075-1000x1000-1-510x509.png 510w, https:\/\/schaumweinkontor.com\/wp-content\/uploads\/2023\/05\/Domaine-MEA-Le-Grillo-Brut-1er-Cru-075-1000x1000-1-150x150.png 150w, https:\/\/schaumweinkontor.com\/wp-content\/uploads\/2023\/05\/Domaine-MEA-Le-Grillo-Brut-1er-Cru-075-1000x1000-1-768x767.png 768w, https:\/\/schaumweinkontor.com\/wp-content\/uploads\/2023\/05\/Domaine-MEA-Le-Grillo-Brut-1er-Cru-075-1000x1000-1.png 1001w\" sizes=\"auto, (max-width: 300px) 100vw, 300px\" \/>\t\t\t\t\t\t\t\t\t<\/a>\n\t\t\t\t\t\t\t\t\t\t\t\t\t\t\t\t\t\t \t\t\t\t\t\t\t\t<\/div>\n\t\t\t\t\t\t\t\t<div class=\"image-tools top right show-on-hover\">\n\t\t\t\t\t\t\t\t\t\t\t\t\t\t\t\t\t<\/div>\n\t\t\t\t\t\t\t\t\t\t\t\t\t\t\t\t\t<div class=\"image-tools grid-tools text-center hide-for-small bottom hover-slide-in show-on-hover\">\n\t\t\t\t\t\t\t\t\t\t\t\t\t\t\t\t\t\t\t<\/div>\n\t\t\t\t\t\t\t\t\t\t\t\t\t\t\t\t\t\t\t\t\t\t\t<\/div>\n\n\t\t\t\t\t\t\t<div class=\"box-text text-center\" >\n\t\t\t\t\t\t\t\t<div class=\"title-wrapper\">\t\t<p class=\"category uppercase is-smaller no-text-overflow product-cat op-7\">\n\t\t\tDomaine Mea\t\t<\/p>\n\t<p class=\"name product-title woocommerce-loop-product__title\"><a href=\"https:\/\/schaumweinkontor.com\/en\/produkt\/guy-mea-champ-prestige-le-grillon-brut-1er-cru-6-l-methusalem\/\" class=\"woocommerce-LoopProduct-link woocommerce-loop-product__link\">Guy Mea Champagne Prestige Le Grillon Brut 1er Cru 6 L Methusalem<\/a><\/p><\/div><div class=\"price-wrapper\">\n\t<span class=\"price\"><span class=\"woocommerce-Price-amount amount\" role=\"none\"><bdi><span class=\"woocommerce-Price-currencySymbol\">&euro;<\/span>&nbsp;720,00<\/bdi><\/span> <small class=\"woocommerce-price-suffix\">inkl. MwSt.<\/small><\/span>\n<\/div><div class=\"add-to-cart-button\"><a href=\"\/en\/wp-json\/wp\/v2\/pages\/4628?add-to-cart=4722\" aria-describedby=\"woocommerce_loop_add_to_cart_link_describedby_4722\" data-quantity=\"1\" class=\"primary is-small mb-0 button product_type_simple add_to_cart_button ajax_add_to_cart is-outline\" data-product_id=\"4722\" data-product_sku=\"100300171\" aria-label=\"Add to cart: &ldquo;Guy Mea Champagne Prestige Le Grillon Brut 1er Cru 6 L Methusalem&rdquo;\" rel=\"nofollow\" data-success_message=\"&ldquo;Guy Mea Champagne Prestige Le Grillon Brut 1er Cru 6 L Methusalem&rdquo; has been added to your cart\" role=\"button\">Add to cart<\/a><\/div>\t<span id=\"woocommerce_loop_add_to_cart_link_describedby_4722\" class=\"screen-reader-text\">\n\t\t\t<\/span>\n\t\t\t\t\t\t\t<\/div>\n\t\t\t\t\t\t<\/div>\n\t\t\t\t\t\t<\/div>\n\t\t\t\t\t<\/div><\/div>\n\n\n\t\t<\/div>\n\t\t\t\t\t<\/div>\n\n\t\n\n\n<style>\n#row-1164891677 > .col > .col-inner {\n  padding: 15px 0px 0px 0px;\n}\n<\/style>\n<\/div>\n\t<section class=\"section hide-for-medium\" id=\"section_1025032987\">\n\t\t<div class=\"bg section-bg fill bg-fill  bg-loaded\" >\n\n\t\t\t\n\t\t\t\n\t\t\t\n\n\t\t<\/div>\n\n\t\t\n\n\t\t<div class=\"section-content relative\">\n\t\t\t\n\n<div class=\"row row-collapse row-full-width align-middle blau-verlauf\"  id=\"row-412017006\">\n\n\n\t<div id=\"col-918676270\" class=\"col medium-6 small-12 large-6\"  >\n\t\t\t\t<div class=\"col-inner\"  >\n\t\t\t\n\t\t\t\n\n\t<div id=\"text-1730188064\" class=\"text\">\n\t\t\n\n<h2> Special <\/h2>\n\t\t\n<style>\n#text-1730188064 {\n  font-size: 1.5rem;\n  line-height: 2;\n}\n<\/style>\n\t<\/div>\n\t\n\n\t\t<\/div>\n\t\t\t\t\t<\/div>\n\n\t\n\n\t<div id=\"col-965188654\" class=\"col medium-6 small-12 large-6\"  >\n\t\t\t\t<div class=\"col-inner\"  >\n\t\t\t\n\t\t\t\n\n<h5 id=\"sonder-sekt\" class=\"uppercase\" style=\"text-align: right;\"><span style=\"color: #b79549;\"> Sparkling wine bottle fermentation <\/span><\/h5>\n\n\t\t<\/div>\n\t\t\t\t\t<\/div>\n\n\t\n\n\n<style>\n#row-412017006 > .col > .col-inner {\n  padding: 0px 20px 0px 20px;\n  border-radius: 74px;\n}\n<\/style>\n<\/div>\n\n\t\t<\/div>\n\n\t\t\n<style>\n#section_1025032987 {\n  padding-top: 0px;\n  padding-bottom: 0px;\n}\n<\/style>\n\t<\/section>\n\t\n\t<section class=\"section bg_winzer\" id=\"section_813295548\">\n\t\t<div class=\"bg section-bg fill bg-fill  \" >\n\n\t\t\t\n\t\t\t\n\t\t\t\n\n\t\t<\/div>\n\n\t\t\n\n\t\t<div class=\"section-content relative\">\n\t\t\t\n\n<h2 id=\"sonder-hugl\" class=\"uppercase\" style=\"text-align: center;\">Christina Hugl<\/h2>\n\n\t\t<\/div>\n\n\t\t\n<style>\n#section_813295548 {\n  padding-top: 30px;\n  padding-bottom: 30px;\n}\n#section_813295548 .section-bg.bg-loaded {\n  background-image: url(https:\/\/schaumweinkontor.com\/wp-content\/uploads\/2022\/06\/landscape-illu-gold-transp.png);\n}\n<\/style>\n\t<\/section>\n\t\n<div class=\"row align-middle align-center\"  id=\"row-1444101931\">\n\n\n\t<div id=\"col-538626590\" class=\"col small-12 large-12\"  >\n\t\t\t\t<div class=\"col-inner\"  >\n\t\t\t\n\t\t\t\n\n\n  \n    <div class=\"row margin-auto equalize-box large-columns-3 medium-columns- small-columns-2 row-large has-shadow row-box-shadow-2 row-box-shadow-4-hover\" >\n  \t\n\t     <div class=\"col\" data-animate=\"fadeInUp\">\n\t\t\t\t\t\t<div class=\"col-inner\">\n\t\t\t\t\t\t\n<div class=\"badge-container badge-custom absolute right top z-1\">\n\n<\/div>\n\t\t\t\t\t\t<div class=\"product-small box margin-auto has-hover box-normal box-text-bottom\">\n\t\t\t\t\t\t\t<div class=\"box-image\" >\n\t\t\t\t\t\t\t\t<div class=\"\" >\n\t\t\t\t\t\t\t\t\t<a href=\"https:\/\/schaumweinkontor.com\/en\/produkt\/christina-hugl-blanc-de-blancs-reserve-2018-15-l-magnum\/\" aria-label=\"Christina Hugl Blanc de Blancs Reserve 2018 1,5 L Magnum\">\n\t\t\t\t\t\t\t\t\t\t<img loading=\"lazy\" decoding=\"async\" width=\"300\" height=\"300\" src=\"https:\/\/schaumweinkontor.com\/wp-content\/uploads\/2022\/11\/Christina-Hugl-Blanc-de-Blancs-Reserve-2018-15-L-Magnum-1-300x300.png\" class=\"attachment-medium size-medium\" alt=\"Christina Hugl Blanc de Blancs Reserve 2018 1,5 L Magnum\" srcset=\"https:\/\/schaumweinkontor.com\/wp-content\/uploads\/2022\/11\/Christina-Hugl-Blanc-de-Blancs-Reserve-2018-15-L-Magnum-1-300x300.png 300w, https:\/\/schaumweinkontor.com\/wp-content\/uploads\/2022\/11\/Christina-Hugl-Blanc-de-Blancs-Reserve-2018-15-L-Magnum-1-100x100.png 100w, https:\/\/schaumweinkontor.com\/wp-content\/uploads\/2022\/11\/Christina-Hugl-Blanc-de-Blancs-Reserve-2018-15-L-Magnum-1-510x510.png 510w, https:\/\/schaumweinkontor.com\/wp-content\/uploads\/2022\/11\/Christina-Hugl-Blanc-de-Blancs-Reserve-2018-15-L-Magnum-1-150x150.png 150w, https:\/\/schaumweinkontor.com\/wp-content\/uploads\/2022\/11\/Christina-Hugl-Blanc-de-Blancs-Reserve-2018-15-L-Magnum-1-768x768.png 768w, https:\/\/schaumweinkontor.com\/wp-content\/uploads\/2022\/11\/Christina-Hugl-Blanc-de-Blancs-Reserve-2018-15-L-Magnum-1.png 1000w\" sizes=\"auto, (max-width: 300px) 100vw, 300px\" \/>\t\t\t\t\t\t\t\t\t<\/a>\n\t\t\t\t\t\t\t\t\t\t\t\t\t\t\t\t\t\t \t\t\t\t\t\t\t\t<\/div>\n\t\t\t\t\t\t\t\t<div class=\"image-tools top right show-on-hover\">\n\t\t\t\t\t\t\t\t\t\t\t\t\t\t\t\t\t<\/div>\n\t\t\t\t\t\t\t\t\t\t\t\t\t\t\t\t\t<div class=\"image-tools grid-tools text-center hide-for-small bottom hover-slide-in show-on-hover\">\n\t\t\t\t\t\t\t\t\t\t\t\t\t\t\t\t\t\t\t<\/div>\n\t\t\t\t\t\t\t\t\t\t\t\t\t\t\t\t\t\t\t\t\t\t\t<\/div>\n\n\t\t\t\t\t\t\t<div class=\"box-text text-center\" >\n\t\t\t\t\t\t\t\t<div class=\"title-wrapper\">\t\t<p class=\"category uppercase is-smaller no-text-overflow product-cat op-7\">\n\t\t\tChristina Hugl\t\t<\/p>\n\t<p class=\"name product-title woocommerce-loop-product__title\"><a href=\"https:\/\/schaumweinkontor.com\/en\/produkt\/christina-hugl-blanc-de-blancs-reserve-2018-15-l-magnum\/\" class=\"woocommerce-LoopProduct-link woocommerce-loop-product__link\">Christina Hugl Blanc de Blancs Reserve 2018 1,5 L Magnum<\/a><\/p><\/div><div class=\"price-wrapper\">\n\t<span class=\"price\"><span class=\"woocommerce-Price-amount amount\" role=\"none\"><bdi><span class=\"woocommerce-Price-currencySymbol\">&euro;<\/span>&nbsp;45,00<\/bdi><\/span> <small class=\"woocommerce-price-suffix\">inkl. MwSt.<\/small><\/span>\n<\/div><div class=\"add-to-cart-button\"><a href=\"\/en\/wp-json\/wp\/v2\/pages\/4628?add-to-cart=4718\" aria-describedby=\"woocommerce_loop_add_to_cart_link_describedby_4718\" data-quantity=\"1\" class=\"primary is-small mb-0 button product_type_simple add_to_cart_button ajax_add_to_cart is-outline\" data-product_id=\"4718\" data-product_sku=\"100300213\" aria-label=\"Add to cart: &ldquo;Christina Hugl Blanc de Blancs Reserve 2018 1,5 L Magnum&rdquo;\" rel=\"nofollow\" data-success_message=\"&ldquo;Christina Hugl Blanc de Blancs Reserve 2018 1,5 L Magnum&rdquo; has been added to your cart\" role=\"button\">Add to cart<\/a><\/div>\t<span id=\"woocommerce_loop_add_to_cart_link_describedby_4718\" class=\"screen-reader-text\">\n\t\t\t<\/span>\n\t\t\t\t\t\t\t<\/div>\n\t\t\t\t\t\t<\/div>\n\t\t\t\t\t\t<\/div>\n\t\t\t\t\t<\/div><\/div>\n\n\n\t\t<\/div>\n\t\t\t\t\t<\/div>\n\n\t\n\n\n<style>\n#row-1444101931 > .col > .col-inner {\n  padding: 15px 0px 0px 0px;\n}\n<\/style>\n<\/div>\n<div class=\"is-divider divider clearfix\" style=\"margin-top:3em;margin-bottom:3em;max-width:100%;background-color:rgba(183, 149, 73, 0.459);\"><\/div>\n\n\t<section class=\"section bg_winzer\" id=\"section_72172691\">\n\t\t<div class=\"bg section-bg fill bg-fill  \" >\n\n\t\t\t\n\t\t\t\n\t\t\t\n\n\t\t<\/div>\n\n\t\t\n\n\t\t<div class=\"section-content relative\">\n\t\t\t\n\n<h2 id=\"sonder-vaux\" class=\"uppercase\" style=\"text-align: center;\">Schloss Vaux<\/h2>\n\n\t\t<\/div>\n\n\t\t\n<style>\n#section_72172691 {\n  padding-top: 30px;\n  padding-bottom: 30px;\n}\n#section_72172691 .section-bg.bg-loaded {\n  background-image: url(https:\/\/schaumweinkontor.com\/wp-content\/uploads\/2022\/06\/landscape-illu-gold-transp.png);\n}\n<\/style>\n\t<\/section>\n\t\n<div class=\"row align-middle align-center\"  id=\"row-151232235\">\n\n\n\t<div id=\"col-1161180883\" class=\"col small-12 large-12\"  >\n\t\t\t\t<div class=\"col-inner\"  >\n\t\t\t\n\t\t\t\n\n\n  \n    <div class=\"row margin-auto equalize-box large-columns-3 medium-columns- small-columns-2 row-large has-shadow row-box-shadow-2 row-box-shadow-4-hover\" >\n  \t\n\t     <div class=\"col\" data-animate=\"fadeInUp\">\n\t\t\t\t\t\t<div class=\"col-inner\">\n\t\t\t\t\t\t\n<div class=\"badge-container badge-custom absolute right top z-1\">\n\n<\/div>\n\t\t\t\t\t\t<div class=\"product-small box margin-auto has-hover box-normal box-text-bottom\">\n\t\t\t\t\t\t\t<div class=\"box-image\" >\n\t\t\t\t\t\t\t\t<div class=\"\" >\n\t\t\t\t\t\t\t\t\t<a href=\"https:\/\/schaumweinkontor.com\/en\/produkt\/schloss-vaux-rheingauer-riesling-reserve-brut-2016-15-l-magnum\/\" aria-label=\"Schloss Vaux Rheingauer Riesling R\u00e9serve Brut 2016 1,5 L Magnum\">\n\t\t\t\t\t\t\t\t\t\t<img loading=\"lazy\" decoding=\"async\" width=\"300\" height=\"300\" src=\"https:\/\/schaumweinkontor.com\/wp-content\/uploads\/2022\/11\/Schloss-Vaux-Rheingauer-Riesling-Reserve-Brut-2016-15-L-Magnum-300x300.png\" class=\"attachment-medium size-medium\" alt=\"Schloss Vaux Rheingauer Riesling R\u00e9serve Brut 2016 1,5 L Magnum\" srcset=\"https:\/\/schaumweinkontor.com\/wp-content\/uploads\/2022\/11\/Schloss-Vaux-Rheingauer-Riesling-Reserve-Brut-2016-15-L-Magnum-300x300.png 300w, https:\/\/schaumweinkontor.com\/wp-content\/uploads\/2022\/11\/Schloss-Vaux-Rheingauer-Riesling-Reserve-Brut-2016-15-L-Magnum-100x100.png 100w, https:\/\/schaumweinkontor.com\/wp-content\/uploads\/2022\/11\/Schloss-Vaux-Rheingauer-Riesling-Reserve-Brut-2016-15-L-Magnum-510x510.png 510w, https:\/\/schaumweinkontor.com\/wp-content\/uploads\/2022\/11\/Schloss-Vaux-Rheingauer-Riesling-Reserve-Brut-2016-15-L-Magnum-150x150.png 150w, https:\/\/schaumweinkontor.com\/wp-content\/uploads\/2022\/11\/Schloss-Vaux-Rheingauer-Riesling-Reserve-Brut-2016-15-L-Magnum-768x768.png 768w, https:\/\/schaumweinkontor.com\/wp-content\/uploads\/2022\/11\/Schloss-Vaux-Rheingauer-Riesling-Reserve-Brut-2016-15-L-Magnum.png 1000w\" sizes=\"auto, (max-width: 300px) 100vw, 300px\" \/>\t\t\t\t\t\t\t\t\t<\/a>\n\t\t\t\t\t\t\t\t\t\t\t\t\t\t\t\t\t\t \t\t\t\t\t\t\t\t<\/div>\n\t\t\t\t\t\t\t\t<div class=\"image-tools top right show-on-hover\">\n\t\t\t\t\t\t\t\t\t\t\t\t\t\t\t\t\t<\/div>\n\t\t\t\t\t\t\t\t\t\t\t\t\t\t\t\t\t<div class=\"image-tools grid-tools text-center hide-for-small bottom hover-slide-in show-on-hover\">\n\t\t\t\t\t\t\t\t\t\t\t\t\t\t\t\t\t\t\t<\/div>\n\t\t\t\t\t\t\t\t\t\t\t\t\t\t\t\t\t\t\t\t\t\t\t<\/div>\n\n\t\t\t\t\t\t\t<div class=\"box-text text-center\" >\n\t\t\t\t\t\t\t\t<div class=\"title-wrapper\">\t\t<p class=\"category uppercase is-smaller no-text-overflow product-cat op-7\">\n\t\t\tSchloss Vaux\t\t<\/p>\n\t<p class=\"name product-title woocommerce-loop-product__title\"><a href=\"https:\/\/schaumweinkontor.com\/en\/produkt\/schloss-vaux-rheingauer-riesling-reserve-brut-2016-15-l-magnum\/\" class=\"woocommerce-LoopProduct-link woocommerce-loop-product__link\">Schloss Vaux Rheingauer Riesling R\u00e9serve Brut 2016 1,5 L Magnum<\/a><\/p><\/div><div class=\"price-wrapper\">\n\t<span class=\"price\"><span class=\"woocommerce-Price-amount amount\" role=\"none\"><bdi><span class=\"woocommerce-Price-currencySymbol\">&euro;<\/span>&nbsp;75,80<\/bdi><\/span> <small class=\"woocommerce-price-suffix\">inkl. MwSt.<\/small><\/span>\n<\/div><div class=\"add-to-cart-button\"><a href=\"\/en\/wp-json\/wp\/v2\/pages\/4628?add-to-cart=4719\" aria-describedby=\"woocommerce_loop_add_to_cart_link_describedby_4719\" data-quantity=\"1\" class=\"primary is-small mb-0 button product_type_simple add_to_cart_button ajax_add_to_cart is-outline\" data-product_id=\"4719\" data-product_sku=\"100300252\" aria-label=\"Add to cart: &ldquo;Schloss Vaux Rheingauer Riesling R\u00e9serve Brut 2016 1,5 L Magnum&rdquo;\" rel=\"nofollow\" data-success_message=\"&ldquo;Schloss Vaux Rheingauer Riesling R\u00e9serve Brut 2016 1,5 L Magnum&rdquo; has been added to your cart\" role=\"button\">Add to cart<\/a><\/div>\t<span id=\"woocommerce_loop_add_to_cart_link_describedby_4719\" class=\"screen-reader-text\">\n\t\t\t<\/span>\n\t\t\t\t\t\t\t<\/div>\n\t\t\t\t\t\t<\/div>\n\t\t\t\t\t\t<\/div>\n\t\t\t\t\t<\/div><\/div>\n\n\n\t\t<\/div>\n\t\t\t\t\t<\/div>\n\n\t\n\n\n<style>\n#row-151232235 > .col > .col-inner {\n  padding: 15px 0px 0px 0px;\n}\n<\/style>\n<\/div>\n\t<section class=\"section hide-for-medium\" id=\"section_491126001\">\n\t\t<div class=\"bg section-bg fill bg-fill  bg-loaded\" >\n\n\t\t\t\n\t\t\t\n\t\t\t\n\n\t\t<\/div>\n\n\t\t\n\n\t\t<div class=\"section-content relative\">\n\t\t\t\n\n<div class=\"row row-collapse row-full-width align-middle blau-verlauf\"  id=\"row-1563616911\">\n\n\n\t<div id=\"col-1435032595\" class=\"col medium-6 small-12 large-6\"  >\n\t\t\t\t<div class=\"col-inner\"  >\n\t\t\t\n\t\t\t\n\n\t<div id=\"text-2057671687\" class=\"text\">\n\t\t\n\n<h2> Special <\/h2>\n\t\t\n<style>\n#text-2057671687 {\n  font-size: 1.5rem;\n  line-height: 2;\n}\n<\/style>\n\t<\/div>\n\t\n\n\t\t<\/div>\n\t\t\t\t\t<\/div>\n\n\t\n\n\t<div id=\"col-1752801597\" class=\"col medium-6 small-12 large-6\"  >\n\t\t\t\t<div class=\"col-inner\"  >\n\t\t\t\n\t\t\t\n\n<h5 id=\"sonder-sekt\" class=\"uppercase\" style=\"text-align: right;\"><span style=\"color: #b79549;\">PROSECCO<\/span><\/h5>\n\n\t\t<\/div>\n\t\t\t\t\t<\/div>\n\n\t\n\n\n<style>\n#row-1563616911 > .col > .col-inner {\n  padding: 0px 20px 0px 20px;\n  border-radius: 74px;\n}\n<\/style>\n<\/div>\n\n\t\t<\/div>\n\n\t\t\n<style>\n#section_491126001 {\n  padding-top: 0px;\n  padding-bottom: 0px;\n}\n<\/style>\n\t<\/section>\n\t\n\t<section class=\"section bg_winzer\" id=\"section_278845812\">\n\t\t<div class=\"bg section-bg fill bg-fill  \" >\n\n\t\t\t\n\t\t\t\n\t\t\t\n\n\t\t<\/div>\n\n\t\t\n\n\t\t<div class=\"section-content relative\">\n\t\t\t\n\n<h2 id=\"sonder-Vigne\" class=\"uppercase\" style=\"text-align: center;\">Vigne Matte<\/h2>\n\n\t\t<\/div>\n\n\t\t\n<style>\n#section_278845812 {\n  padding-top: 30px;\n  padding-bottom: 30px;\n}\n#section_278845812 .section-bg.bg-loaded {\n  background-image: url(https:\/\/schaumweinkontor.com\/wp-content\/uploads\/2022\/06\/landscape-illu-gold-transp.png);\n}\n<\/style>\n\t<\/section>\n\t\n<div class=\"row align-middle align-center\"  id=\"row-623845513\">\n\n\n\t<div id=\"col-619543167\" class=\"col small-12 large-12\"  >\n\t\t\t\t<div class=\"col-inner\"  >\n\t\t\t\n\t\t\t\n\n\n  \n    <div class=\"row margin-auto equalize-box large-columns-3 medium-columns- small-columns-2 row-large has-shadow row-box-shadow-2 row-box-shadow-4-hover\" >\n  \t\n\t     <div class=\"col\" data-animate=\"fadeInUp\">\n\t\t\t\t\t\t<div class=\"col-inner\">\n\t\t\t\t\t\t\n<div class=\"badge-container badge-custom absolute right top z-1\">\n<div class=\"callout badge badge-circle\"><div class=\"badge-inner secondary on-sale\"><span class=\"onsale\">Sale!<\/span><\/div><\/div>\n<\/div>\n\t\t\t\t\t\t<div class=\"product-small box margin-auto has-hover box-normal box-text-bottom\">\n\t\t\t\t\t\t\t<div class=\"box-image\" >\n\t\t\t\t\t\t\t\t<div class=\"\" >\n\t\t\t\t\t\t\t\t\t<a href=\"https:\/\/schaumweinkontor.com\/en\/produkt\/vigne-matte-prosecco-docg-extra-brut-15-l-magnum\/\" aria-label=\"Vigne Matte Prosecco DOCG Extra Brut 1,5 L Magnum\">\n\t\t\t\t\t\t\t\t\t\t<img loading=\"lazy\" decoding=\"async\" width=\"300\" height=\"300\" src=\"https:\/\/schaumweinkontor.com\/wp-content\/uploads\/2022\/11\/Vigne-Matte-Extra-Brut-075-1000x1000px-300x300.png\" class=\"attachment-medium size-medium\" alt=\"Vigne Matte Prosecco DOCG Extra Brut 1,5 L Magnum\" srcset=\"https:\/\/schaumweinkontor.com\/wp-content\/uploads\/2022\/11\/Vigne-Matte-Extra-Brut-075-1000x1000px-300x300.png 300w, https:\/\/schaumweinkontor.com\/wp-content\/uploads\/2022\/11\/Vigne-Matte-Extra-Brut-075-1000x1000px-100x100.png 100w, https:\/\/schaumweinkontor.com\/wp-content\/uploads\/2022\/11\/Vigne-Matte-Extra-Brut-075-1000x1000px-510x509.png 510w, https:\/\/schaumweinkontor.com\/wp-content\/uploads\/2022\/11\/Vigne-Matte-Extra-Brut-075-1000x1000px-150x150.png 150w, https:\/\/schaumweinkontor.com\/wp-content\/uploads\/2022\/11\/Vigne-Matte-Extra-Brut-075-1000x1000px-768x767.png 768w, https:\/\/schaumweinkontor.com\/wp-content\/uploads\/2022\/11\/Vigne-Matte-Extra-Brut-075-1000x1000px.png 1001w\" sizes=\"auto, (max-width: 300px) 100vw, 300px\" \/>\t\t\t\t\t\t\t\t\t<\/a>\n\t\t\t\t\t\t\t\t\t\t\t\t\t\t\t\t\t\t \t\t\t\t\t\t\t\t<\/div>\n\t\t\t\t\t\t\t\t<div class=\"image-tools top right show-on-hover\">\n\t\t\t\t\t\t\t\t\t\t\t\t\t\t\t\t\t<\/div>\n\t\t\t\t\t\t\t\t\t\t\t\t\t\t\t\t\t<div class=\"image-tools grid-tools text-center hide-for-small bottom hover-slide-in show-on-hover\">\n\t\t\t\t\t\t\t\t\t\t\t\t\t\t\t\t\t\t\t<\/div>\n\t\t\t\t\t\t\t\t\t\t\t\t\t\t\t\t\t\t\t\t\t\t\t<\/div>\n\n\t\t\t\t\t\t\t<div class=\"box-text text-center\" >\n\t\t\t\t\t\t\t\t<div class=\"title-wrapper\">\t\t<p class=\"category uppercase is-smaller no-text-overflow product-cat op-7\">\n\t\t\tspecial formats\t\t<\/p>\n\t<p class=\"name product-title woocommerce-loop-product__title\"><a href=\"https:\/\/schaumweinkontor.com\/en\/produkt\/vigne-matte-prosecco-docg-extra-brut-15-l-magnum\/\" class=\"woocommerce-LoopProduct-link woocommerce-loop-product__link\">Vigne Matte Prosecco DOCG Extra Brut 1,5 L Magnum<\/a><\/p><\/div><div class=\"price-wrapper\">\n\t<span class=\"price\"><del aria-hidden=\"true\"><span class=\"woocommerce-Price-amount amount\" role=\"none\"><bdi><span class=\"woocommerce-Price-currencySymbol\">&euro;<\/span>&nbsp;33,00<\/bdi><\/span><\/del> <span class=\"screen-reader-text\">Original price was: &euro;&nbsp;33,00.<\/span><ins aria-hidden=\"true\"><span class=\"woocommerce-Price-amount amount\" role=\"none\"><bdi><span class=\"woocommerce-Price-currencySymbol\">&euro;<\/span>&nbsp;23,10<\/bdi><\/span><\/ins><span class=\"screen-reader-text\">Current price is: &euro;&nbsp;23,10.<\/span> <small class=\"woocommerce-price-suffix\">inkl. MwSt.<\/small><\/span>\n<\/div><div class=\"add-to-cart-button\"><a href=\"\/en\/wp-json\/wp\/v2\/pages\/4628?add-to-cart=4672\" aria-describedby=\"woocommerce_loop_add_to_cart_link_describedby_4672\" data-quantity=\"1\" class=\"primary is-small mb-0 button product_type_simple add_to_cart_button ajax_add_to_cart is-outline\" data-product_id=\"4672\" data-product_sku=\"100300299\" aria-label=\"Add to cart: &ldquo;Vigne Matte Prosecco DOCG Extra Brut 1,5 L Magnum&rdquo;\" rel=\"nofollow\" data-success_message=\"&ldquo;Vigne Matte Prosecco DOCG Extra Brut 1,5 L Magnum&rdquo; has been added to your cart\" role=\"button\">Add to cart<\/a><\/div>\t<span id=\"woocommerce_loop_add_to_cart_link_describedby_4672\" class=\"screen-reader-text\">\n\t\t\t<\/span>\n\t\t\t\t\t\t\t<\/div>\n\t\t\t\t\t\t<\/div>\n\t\t\t\t\t\t<\/div>\n\t\t\t\t\t<\/div><\/div>\n\n\n\t\t<\/div>\n\t\t\t\t\t<\/div>\n\n\t\n\n\n<style>\n#row-623845513 > .col > .col-inner {\n  padding: 15px 0px 0px 0px;\n}\n<\/style>\n<\/div>\n\t<section class=\"section hide-for-medium\" id=\"section_1557261045\">\n\t\t<div class=\"bg section-bg fill bg-fill  bg-loaded\" >\n\n\t\t\t\n\t\t\t\n\t\t\t\n\n\t\t<\/div>\n\n\t\t\n\n\t\t<div class=\"section-content relative\">\n\t\t\t\n\n<div class=\"row row-collapse row-full-width align-middle blau-verlauf\"  id=\"row-90167138\">\n\n\n\t<div id=\"col-1467134329\" class=\"col medium-6 small-12 large-6\"  >\n\t\t\t\t<div class=\"col-inner\"  >\n\t\t\t\n\t\t\t\n\n\t<div id=\"text-2232097835\" class=\"text\">\n\t\t\n\n<h2> Special <\/h2>\n\t\t\n<style>\n#text-2232097835 {\n  font-size: 1.5rem;\n  line-height: 2;\n}\n<\/style>\n\t<\/div>\n\t\n\n\t\t<\/div>\n\t\t\t\t\t<\/div>\n\n\t\n\n\t<div id=\"col-216618710\" class=\"col medium-6 small-12 large-6\"  >\n\t\t\t\t<div class=\"col-inner\"  >\n\t\t\t\n\t\t\t\n\n<h5 id=\"sonder-sekt\" class=\"uppercase\" style=\"text-align: right;\"><span style=\"color: #b79549;\">Sparkling Wine<\/span><\/h5>\n\n\t\t<\/div>\n\t\t\t\t\t<\/div>\n\n\t\n\n\n<style>\n#row-90167138 > .col > .col-inner {\n  padding: 0px 20px 0px 20px;\n  border-radius: 74px;\n}\n<\/style>\n<\/div>\n\n\t\t<\/div>\n\n\t\t\n<style>\n#section_1557261045 {\n  padding-top: 0px;\n  padding-bottom: 0px;\n}\n<\/style>\n\t<\/section>\n\t\n\t<section class=\"section bg_winzer\" id=\"section_1737503055\">\n\t\t<div class=\"bg section-bg fill bg-fill  \" >\n\n\t\t\t\n\t\t\t\n\t\t\t\n\n\t\t<\/div>\n\n\t\t\n\n\t\t<div class=\"section-content relative\">\n\t\t\t\n\n<h2 id=\"sonder-Hattingley\" class=\"uppercase\" style=\"text-align: center;\">Hattingley Valley<\/h2>\n\n\t\t<\/div>\n\n\t\t\n<style>\n#section_1737503055 {\n  padding-top: 30px;\n  padding-bottom: 30px;\n}\n#section_1737503055 .section-bg.bg-loaded {\n  background-image: url(https:\/\/schaumweinkontor.com\/wp-content\/uploads\/2022\/06\/landscape-illu-gold-transp.png);\n}\n<\/style>\n\t<\/section>\n\t\n<div class=\"row align-middle align-center\"  id=\"row-794530832\">\n\n\n\t<div id=\"col-773038901\" class=\"col small-12 large-12\"  >\n\t\t\t\t<div class=\"col-inner\"  >\n\t\t\t\n\t\t\t\n\n\n  \n    <div class=\"row margin-auto equalize-box large-columns-3 medium-columns- small-columns-2 row-large has-shadow row-box-shadow-2 row-box-shadow-4-hover\" >\n  \t\n\t     <div class=\"col\" data-animate=\"fadeInUp\">\n\t\t\t\t\t\t<div class=\"col-inner\">\n\t\t\t\t\t\t\n<div class=\"badge-container badge-custom absolute right top z-1\">\n\n<\/div>\n\t\t\t\t\t\t<div class=\"product-small box margin-auto has-hover box-normal box-text-bottom\">\n\t\t\t\t\t\t\t<div class=\"box-image\" >\n\t\t\t\t\t\t\t\t<div class=\"\" >\n\t\t\t\t\t\t\t\t\t<a href=\"https:\/\/schaumweinkontor.com\/en\/produkt\/hattingley-valley-classic-reserve-n-15-l-magnum\/\" aria-label=\"Hattingley Valley Classic Reserve N 1,5 L Magnum\">\n\t\t\t\t\t\t\t\t\t\t<img loading=\"lazy\" decoding=\"async\" width=\"300\" height=\"300\" src=\"https:\/\/schaumweinkontor.com\/wp-content\/uploads\/2023\/04\/Hattingley-Classic_1000x1000-px-300x300.png\" class=\"attachment-medium size-medium\" alt=\"Hattingley Valley Classic Reserve NV\u00a0\" srcset=\"https:\/\/schaumweinkontor.com\/wp-content\/uploads\/2023\/04\/Hattingley-Classic_1000x1000-px-300x300.png 300w, https:\/\/schaumweinkontor.com\/wp-content\/uploads\/2023\/04\/Hattingley-Classic_1000x1000-px-100x100.png 100w, https:\/\/schaumweinkontor.com\/wp-content\/uploads\/2023\/04\/Hattingley-Classic_1000x1000-px-510x510.png 510w, https:\/\/schaumweinkontor.com\/wp-content\/uploads\/2023\/04\/Hattingley-Classic_1000x1000-px-150x150.png 150w, https:\/\/schaumweinkontor.com\/wp-content\/uploads\/2023\/04\/Hattingley-Classic_1000x1000-px-768x768.png 768w, https:\/\/schaumweinkontor.com\/wp-content\/uploads\/2023\/04\/Hattingley-Classic_1000x1000-px.png 1000w\" sizes=\"auto, (max-width: 300px) 100vw, 300px\" \/>\t\t\t\t\t\t\t\t\t<\/a>\n\t\t\t\t\t\t\t\t\t\t\t\t\t\t\t\t\t\t \t\t\t\t\t\t\t\t<\/div>\n\t\t\t\t\t\t\t\t<div class=\"image-tools top right show-on-hover\">\n\t\t\t\t\t\t\t\t\t\t\t\t\t\t\t\t\t<\/div>\n\t\t\t\t\t\t\t\t\t\t\t\t\t\t\t\t\t<div class=\"image-tools grid-tools text-center hide-for-small bottom hover-slide-in show-on-hover\">\n\t\t\t\t\t\t\t\t\t\t\t\t\t\t\t\t\t\t\t<\/div>\n\t\t\t\t\t\t\t\t\t\t\t\t\t\t\t\t\t\t\t\t\t\t\t<\/div>\n\n\t\t\t\t\t\t\t<div class=\"box-text text-center\" >\n\t\t\t\t\t\t\t\t<div class=\"title-wrapper\">\t\t<p class=\"category uppercase is-smaller no-text-overflow product-cat op-7\">\n\t\t\tHattingley Valley\t\t<\/p>\n\t<p class=\"name product-title woocommerce-loop-product__title\"><a href=\"https:\/\/schaumweinkontor.com\/en\/produkt\/hattingley-valley-classic-reserve-n-15-l-magnum\/\" class=\"woocommerce-LoopProduct-link woocommerce-loop-product__link\">Hattingley Valley Classic Reserve N 1,5 L Magnum<\/a><\/p><\/div><div class=\"price-wrapper\">\n\t<span class=\"price\"><span class=\"woocommerce-Price-amount amount\" role=\"none\"><bdi><span class=\"woocommerce-Price-currencySymbol\">&euro;<\/span>&nbsp;74,00<\/bdi><\/span> <small class=\"woocommerce-price-suffix\">inkl. MwSt.<\/small><\/span>\n<\/div><div class=\"add-to-cart-button\"><a href=\"\/en\/wp-json\/wp\/v2\/pages\/4628?add-to-cart=4671\" aria-describedby=\"woocommerce_loop_add_to_cart_link_describedby_4671\" data-quantity=\"1\" class=\"primary is-small mb-0 button product_type_simple add_to_cart_button ajax_add_to_cart is-outline\" data-product_id=\"4671\" data-product_sku=\"100300333\" aria-label=\"Add to cart: &ldquo;Hattingley Valley Classic Reserve N 1,5 L Magnum&rdquo;\" rel=\"nofollow\" data-success_message=\"&ldquo;Hattingley Valley Classic Reserve N 1,5 L Magnum&rdquo; has been added to your cart\" role=\"button\">Add to cart<\/a><\/div>\t<span id=\"woocommerce_loop_add_to_cart_link_describedby_4671\" class=\"screen-reader-text\">\n\t\t\t<\/span>\n\t\t\t\t\t\t\t<\/div>\n\t\t\t\t\t\t<\/div>\n\t\t\t\t\t\t<\/div>\n\t\t\t\t\t<\/div><div class=\"col\" data-animate=\"fadeInUp\">\n\t\t\t\t\t\t<div class=\"col-inner\">\n\t\t\t\t\t\t\n<div class=\"badge-container badge-custom absolute right top z-1\">\n\n<\/div>\n\t\t\t\t\t\t<div class=\"product-small box margin-auto has-hover box-normal box-text-bottom\">\n\t\t\t\t\t\t\t<div class=\"box-image\" >\n\t\t\t\t\t\t\t\t<div class=\"\" >\n\t\t\t\t\t\t\t\t\t<a href=\"https:\/\/schaumweinkontor.com\/en\/produkt\/hattingley-valley-rose-2019-15-l-magnum\/\" aria-label=\"Hattingley Valley Ros\u00e9 2019 1,5 L Magnum\">\n\t\t\t\t\t\t\t\t\t\t<img loading=\"lazy\" decoding=\"async\" width=\"300\" height=\"300\" src=\"https:\/\/schaumweinkontor.com\/wp-content\/uploads\/2023\/04\/Hattingley-Valle-Rose_1000x1000-px-300x300.png\" class=\"attachment-medium size-medium\" alt=\"Hattingley Valley Ros\u00e9 2019 1,5 L Magnum\" srcset=\"https:\/\/schaumweinkontor.com\/wp-content\/uploads\/2023\/04\/Hattingley-Valle-Rose_1000x1000-px-300x300.png 300w, https:\/\/schaumweinkontor.com\/wp-content\/uploads\/2023\/04\/Hattingley-Valle-Rose_1000x1000-px-100x100.png 100w, https:\/\/schaumweinkontor.com\/wp-content\/uploads\/2023\/04\/Hattingley-Valle-Rose_1000x1000-px-510x510.png 510w, https:\/\/schaumweinkontor.com\/wp-content\/uploads\/2023\/04\/Hattingley-Valle-Rose_1000x1000-px-150x150.png 150w, https:\/\/schaumweinkontor.com\/wp-content\/uploads\/2023\/04\/Hattingley-Valle-Rose_1000x1000-px-768x768.png 768w, https:\/\/schaumweinkontor.com\/wp-content\/uploads\/2023\/04\/Hattingley-Valle-Rose_1000x1000-px.png 1000w\" sizes=\"auto, (max-width: 300px) 100vw, 300px\" \/>\t\t\t\t\t\t\t\t\t<\/a>\n\t\t\t\t\t\t\t\t\t\t\t\t\t\t\t\t\t\t \t\t\t\t\t\t\t\t<\/div>\n\t\t\t\t\t\t\t\t<div class=\"image-tools top right show-on-hover\">\n\t\t\t\t\t\t\t\t\t\t\t\t\t\t\t\t\t<\/div>\n\t\t\t\t\t\t\t\t\t\t\t\t\t\t\t\t\t<div class=\"image-tools grid-tools text-center hide-for-small bottom hover-slide-in show-on-hover\">\n\t\t\t\t\t\t\t\t\t\t\t\t\t\t\t\t\t\t\t<\/div>\n\t\t\t\t\t\t\t\t\t\t\t\t\t\t\t\t\t\t\t\t\t\t\t<\/div>\n\n\t\t\t\t\t\t\t<div class=\"box-text text-center\" >\n\t\t\t\t\t\t\t\t<div class=\"title-wrapper\">\t\t<p class=\"category uppercase is-smaller no-text-overflow product-cat op-7\">\n\t\t\tHattingley Valley\t\t<\/p>\n\t<p class=\"name product-title woocommerce-loop-product__title\"><a href=\"https:\/\/schaumweinkontor.com\/en\/produkt\/hattingley-valley-rose-2019-15-l-magnum\/\" class=\"woocommerce-LoopProduct-link woocommerce-loop-product__link\">Hattingley Valley Ros\u00e9 2019 1,5 L Magnum<\/a><\/p><\/div><div class=\"price-wrapper\">\n\t<span class=\"price\"><span class=\"woocommerce-Price-amount amount\" role=\"none\"><bdi><span class=\"woocommerce-Price-currencySymbol\">&euro;<\/span>&nbsp;98,00<\/bdi><\/span> <small class=\"woocommerce-price-suffix\">inkl. MwSt.<\/small><\/span>\n<\/div><div class=\"add-to-cart-button\"><a href=\"\/en\/wp-json\/wp\/v2\/pages\/4628?add-to-cart=4670\" aria-describedby=\"woocommerce_loop_add_to_cart_link_describedby_4670\" data-quantity=\"1\" class=\"primary is-small mb-0 button product_type_simple add_to_cart_button ajax_add_to_cart is-outline\" data-product_id=\"4670\" data-product_sku=\"100300334\" aria-label=\"Add to cart: &ldquo;Hattingley Valley Ros\u00e9 2019 1,5 L Magnum&rdquo;\" rel=\"nofollow\" data-success_message=\"&ldquo;Hattingley Valley Ros\u00e9 2019 1,5 L Magnum&rdquo; has been added to your cart\" role=\"button\">Add to cart<\/a><\/div>\t<span id=\"woocommerce_loop_add_to_cart_link_describedby_4670\" class=\"screen-reader-text\">\n\t\t\t<\/span>\n\t\t\t\t\t\t\t<\/div>\n\t\t\t\t\t\t<\/div>\n\t\t\t\t\t\t<\/div>\n\t\t\t\t\t<\/div><div class=\"col\" data-animate=\"fadeInUp\">\n\t\t\t\t\t\t<div class=\"col-inner\">\n\t\t\t\t\t\t\n<div class=\"badge-container badge-custom absolute right top z-1\">\n\n<\/div>\n\t\t\t\t\t\t<div class=\"product-small box margin-auto has-hover box-normal box-text-bottom\">\n\t\t\t\t\t\t\t<div class=\"box-image\" >\n\t\t\t\t\t\t\t\t<div class=\"\" >\n\t\t\t\t\t\t\t\t\t<a href=\"https:\/\/schaumweinkontor.com\/en\/produkt\/hattingley-valley-blanc-de-blancs-2014-15-l-magnum\/\" aria-label=\"Hattingley Valley Blanc de Blancs 2014\/2015 1,5 L Magnum\">\n\t\t\t\t\t\t\t\t\t\t<img loading=\"lazy\" decoding=\"async\" width=\"300\" height=\"300\" src=\"https:\/\/schaumweinkontor.com\/wp-content\/uploads\/2023\/04\/Hattingley-Banc-de-Blacs_1000x1000-px-300x300.png\" class=\"attachment-medium size-medium\" alt=\"Hattingley Valley Blanc de Blancs 2014\/2015 1,5 L Magnum\" srcset=\"https:\/\/schaumweinkontor.com\/wp-content\/uploads\/2023\/04\/Hattingley-Banc-de-Blacs_1000x1000-px-300x300.png 300w, https:\/\/schaumweinkontor.com\/wp-content\/uploads\/2023\/04\/Hattingley-Banc-de-Blacs_1000x1000-px-100x100.png 100w, https:\/\/schaumweinkontor.com\/wp-content\/uploads\/2023\/04\/Hattingley-Banc-de-Blacs_1000x1000-px-510x510.png 510w, https:\/\/schaumweinkontor.com\/wp-content\/uploads\/2023\/04\/Hattingley-Banc-de-Blacs_1000x1000-px-150x150.png 150w, https:\/\/schaumweinkontor.com\/wp-content\/uploads\/2023\/04\/Hattingley-Banc-de-Blacs_1000x1000-px-768x768.png 768w, https:\/\/schaumweinkontor.com\/wp-content\/uploads\/2023\/04\/Hattingley-Banc-de-Blacs_1000x1000-px.png 1000w\" sizes=\"auto, (max-width: 300px) 100vw, 300px\" \/>\t\t\t\t\t\t\t\t\t<\/a>\n\t\t\t\t\t\t\t\t\t\t\t\t\t\t\t\t\t\t \t\t\t\t\t\t\t\t<\/div>\n\t\t\t\t\t\t\t\t<div class=\"image-tools top right show-on-hover\">\n\t\t\t\t\t\t\t\t\t\t\t\t\t\t\t\t\t<\/div>\n\t\t\t\t\t\t\t\t\t\t\t\t\t\t\t\t\t<div class=\"image-tools grid-tools text-center hide-for-small bottom hover-slide-in show-on-hover\">\n\t\t\t\t\t\t\t\t\t\t\t\t\t\t\t\t\t\t\t<\/div>\n\t\t\t\t\t\t\t\t\t\t\t\t\t\t\t\t\t\t\t\t\t\t\t<\/div>\n\n\t\t\t\t\t\t\t<div class=\"box-text text-center\" >\n\t\t\t\t\t\t\t\t<div class=\"title-wrapper\">\t\t<p class=\"category uppercase is-smaller no-text-overflow product-cat op-7\">\n\t\t\tHattingley Valley\t\t<\/p>\n\t<p class=\"name product-title woocommerce-loop-product__title\"><a href=\"https:\/\/schaumweinkontor.com\/en\/produkt\/hattingley-valley-blanc-de-blancs-2014-15-l-magnum\/\" class=\"woocommerce-LoopProduct-link woocommerce-loop-product__link\">Hattingley Valley Blanc de Blancs 2014\/2015 1,5 L Magnum<\/a><\/p><\/div><div class=\"price-wrapper\">\n\t<span class=\"price\"><span class=\"woocommerce-Price-amount amount\" role=\"none\"><bdi><span class=\"woocommerce-Price-currencySymbol\">&euro;<\/span>&nbsp;104,00<\/bdi><\/span> <small class=\"woocommerce-price-suffix\">inkl. MwSt.<\/small><\/span>\n<\/div><div class=\"add-to-cart-button\"><a href=\"\/en\/wp-json\/wp\/v2\/pages\/4628?add-to-cart=4669\" aria-describedby=\"woocommerce_loop_add_to_cart_link_describedby_4669\" data-quantity=\"1\" class=\"primary is-small mb-0 button product_type_simple add_to_cart_button ajax_add_to_cart is-outline\" data-product_id=\"4669\" data-product_sku=\"100300335\" aria-label=\"Add to cart: &ldquo;Hattingley Valley Blanc de Blancs 2014\/2015 1,5 L Magnum&rdquo;\" rel=\"nofollow\" data-success_message=\"&ldquo;Hattingley Valley Blanc de Blancs 2014\/2015 1,5 L Magnum&rdquo; has been added to your cart\" role=\"button\">Add to cart<\/a><\/div>\t<span id=\"woocommerce_loop_add_to_cart_link_describedby_4669\" class=\"screen-reader-text\">\n\t\t\t<\/span>\n\t\t\t\t\t\t\t<\/div>\n\t\t\t\t\t\t<\/div>\n\t\t\t\t\t\t<\/div>\n\t\t\t\t\t<\/div><\/div>\n\n\n\t\t<\/div>\n\t\t\t\t\t<\/div>\n\n\t\n\n\n<style>\n#row-794530832 > .col > .col-inner {\n  padding: 15px 0px 0px 0px;\n}\n<\/style>\n<\/div>\n\t<section class=\"section hide-for-medium\" id=\"section_255475208\">\n\t\t<div class=\"bg section-bg fill bg-fill  bg-loaded\" >\n\n\t\t\t\n\t\t\t\n\t\t\t\n\n\t\t<\/div>\n\n\t\t\n\n\t\t<div class=\"section-content relative\">\n\t\t\t\n\n<div class=\"row row-collapse row-full-width align-middle blau-verlauf\"  id=\"row-1702148543\">\n\n\n\t<div id=\"col-1432730521\" class=\"col medium-6 small-12 large-6\"  >\n\t\t\t\t<div class=\"col-inner\"  >\n\t\t\t\n\t\t\t\n\n\t<div id=\"text-1982507654\" class=\"text\">\n\t\t\n\n<h2> Special <\/h2>\n\t\t\n<style>\n#text-1982507654 {\n  font-size: 1.5rem;\n  line-height: 2;\n}\n<\/style>\n\t<\/div>\n\t\n\n\t\t<\/div>\n\t\t\t\t\t<\/div>\n\n\t\n\n\t<div id=\"col-2026014641\" class=\"col medium-6 small-12 large-6\"  >\n\t\t\t\t<div class=\"col-inner\"  >\n\t\t\t\n\t\t\t\n\n<h5 id=\"sonder-sekt\" class=\"uppercase\" style=\"text-align: right;\"><span style=\"color: #b79549;\">Spumante<\/span><\/h5>\n\n\t\t<\/div>\n\t\t\t\t\t<\/div>\n\n\t\n\n\n<style>\n#row-1702148543 > .col > .col-inner {\n  padding: 0px 20px 0px 20px;\n  border-radius: 74px;\n}\n<\/style>\n<\/div>\n\n\t\t<\/div>\n\n\t\t\n<style>\n#section_255475208 {\n  padding-top: 0px;\n  padding-bottom: 0px;\n}\n<\/style>\n\t<\/section>\n\t\n\t<section class=\"section bg_winzer\" id=\"section_2010687838\">\n\t\t<div class=\"bg section-bg fill bg-fill  \" >\n\n\t\t\t\n\t\t\t\n\t\t\t\n\n\t\t<\/div>\n\n\t\t\n\n\t\t<div class=\"section-content relative\">\n\t\t\t\n\n<h2 id=\"sonder-Pratello\" class=\"uppercase\" style=\"text-align: center;\">Pratello<\/h2>\n\n\t\t<\/div>\n\n\t\t\n<style>\n#section_2010687838 {\n  padding-top: 30px;\n  padding-bottom: 30px;\n}\n#section_2010687838 .section-bg.bg-loaded {\n  background-image: url(https:\/\/schaumweinkontor.com\/wp-content\/uploads\/2022\/06\/landscape-illu-gold-transp.png);\n}\n<\/style>\n\t<\/section>\n\t\n<div class=\"row align-middle align-center\"  id=\"row-759423767\">\n\n\n\t<div id=\"col-91711711\" class=\"col small-12 large-12\"  >\n\t\t\t\t<div class=\"col-inner\"  >\n\t\t\t\n\t\t\t\n\n\n  \n    <div class=\"row margin-auto equalize-box large-columns-3 medium-columns- small-columns-2 row-large has-shadow row-box-shadow-2 row-box-shadow-4-hover\" >\n  \t\n\t     <div class=\"col\" data-animate=\"fadeInUp\">\n\t\t\t\t\t\t<div class=\"col-inner\">\n\t\t\t\t\t\t\n<div class=\"badge-container badge-custom absolute right top z-1\">\n<div class=\"callout badge badge-circle\"><div class=\"badge-inner secondary on-sale\"><span class=\"onsale\">Sale!<\/span><\/div><\/div>\n<\/div>\n\t\t\t\t\t\t<div class=\"product-small box margin-auto has-hover box-normal box-text-bottom\">\n\t\t\t\t\t\t\t<div class=\"box-image\" >\n\t\t\t\t\t\t\t\t<div class=\"\" >\n\t\t\t\t\t\t\t\t\t<a href=\"https:\/\/schaumweinkontor.com\/en\/produkt\/pratello-spumante-lugana-doc-brut-bolle-15-l-magnum\/\" aria-label=\"Pratello Spumante Lugana DOC Brut Boll\u00e9 1,5 L Magnum\">\n\t\t\t\t\t\t\t\t\t\t<img loading=\"lazy\" decoding=\"async\" width=\"300\" height=\"300\" src=\"https:\/\/schaumweinkontor.com\/wp-content\/uploads\/2022\/06\/Schaumweinkontor-Bolle-1000x1000-px-300x300.png\" class=\"attachment-medium size-medium\" alt=\"Pratello Spumante Lugana DOC Brut Boll\u00e9 1,5 L Magnum\" srcset=\"https:\/\/schaumweinkontor.com\/wp-content\/uploads\/2022\/06\/Schaumweinkontor-Bolle-1000x1000-px-300x300.png 300w, https:\/\/schaumweinkontor.com\/wp-content\/uploads\/2022\/06\/Schaumweinkontor-Bolle-1000x1000-px-100x100.png 100w, https:\/\/schaumweinkontor.com\/wp-content\/uploads\/2022\/06\/Schaumweinkontor-Bolle-1000x1000-px-510x510.png 510w, https:\/\/schaumweinkontor.com\/wp-content\/uploads\/2022\/06\/Schaumweinkontor-Bolle-1000x1000-px-150x150.png 150w, https:\/\/schaumweinkontor.com\/wp-content\/uploads\/2022\/06\/Schaumweinkontor-Bolle-1000x1000-px-768x768.png 768w, https:\/\/schaumweinkontor.com\/wp-content\/uploads\/2022\/06\/Schaumweinkontor-Bolle-1000x1000-px.png 1000w\" sizes=\"auto, (max-width: 300px) 100vw, 300px\" \/>\t\t\t\t\t\t\t\t\t<\/a>\n\t\t\t\t\t\t\t\t\t\t\t\t\t\t\t\t\t\t \t\t\t\t\t\t\t\t<\/div>\n\t\t\t\t\t\t\t\t<div class=\"image-tools top right show-on-hover\">\n\t\t\t\t\t\t\t\t\t\t\t\t\t\t\t\t\t<\/div>\n\t\t\t\t\t\t\t\t\t\t\t\t\t\t\t\t\t<div class=\"image-tools grid-tools text-center hide-for-small bottom hover-slide-in show-on-hover\">\n\t\t\t\t\t\t\t\t\t\t\t\t\t\t\t\t\t\t\t<\/div>\n\t\t\t\t\t\t\t\t\t\t\t\t\t\t\t\t\t\t\t\t\t\t\t<\/div>\n\n\t\t\t\t\t\t\t<div class=\"box-text text-center\" >\n\t\t\t\t\t\t\t\t<div class=\"title-wrapper\">\t\t<p class=\"category uppercase is-smaller no-text-overflow product-cat op-7\">\n\t\t\tPratello\t\t<\/p>\n\t<p class=\"name product-title woocommerce-loop-product__title\"><a href=\"https:\/\/schaumweinkontor.com\/en\/produkt\/pratello-spumante-lugana-doc-brut-bolle-15-l-magnum\/\" class=\"woocommerce-LoopProduct-link woocommerce-loop-product__link\">Pratello Spumante Lugana DOC Brut Boll\u00e9 1,5 L Magnum<\/a><\/p><\/div><div class=\"price-wrapper\">\n\t<span class=\"price\"><del aria-hidden=\"true\"><span class=\"woocommerce-Price-amount amount\" role=\"none\"><bdi><span class=\"woocommerce-Price-currencySymbol\">&euro;<\/span>&nbsp;39,90<\/bdi><\/span><\/del> <span class=\"screen-reader-text\">Original price was: &euro;&nbsp;39,90.<\/span><ins aria-hidden=\"true\"><span class=\"woocommerce-Price-amount amount\" role=\"none\"><bdi><span class=\"woocommerce-Price-currencySymbol\">&euro;<\/span>&nbsp;29,90<\/bdi><\/span><\/ins><span class=\"screen-reader-text\">Current price is: &euro;&nbsp;29,90.<\/span> <small class=\"woocommerce-price-suffix\">inkl. MwSt.<\/small><\/span>\n<\/div><div class=\"add-to-cart-button\"><a href=\"\/en\/wp-json\/wp\/v2\/pages\/4628?add-to-cart=4666\" aria-describedby=\"woocommerce_loop_add_to_cart_link_describedby_4666\" data-quantity=\"1\" class=\"primary is-small mb-0 button product_type_simple add_to_cart_button ajax_add_to_cart is-outline\" data-product_id=\"4666\" data-product_sku=\"100300162\" aria-label=\"Add to cart: &ldquo;Pratello Spumante Lugana DOC Brut Boll\u00e9 1,5 L Magnum&rdquo;\" rel=\"nofollow\" data-success_message=\"&ldquo;Pratello Spumante Lugana DOC Brut Boll\u00e9 1,5 L Magnum&rdquo; has been added to your cart\" role=\"button\">Add to cart<\/a><\/div>\t<span id=\"woocommerce_loop_add_to_cart_link_describedby_4666\" class=\"screen-reader-text\">\n\t\t\t<\/span>\n\t\t\t\t\t\t\t<\/div>\n\t\t\t\t\t\t<\/div>\n\t\t\t\t\t\t<\/div>\n\t\t\t\t\t<\/div><div class=\"col\" data-animate=\"fadeInUp\">\n\t\t\t\t\t\t<div class=\"col-inner\">\n\t\t\t\t\t\t\n<div class=\"badge-container badge-custom absolute right top z-1\">\n<div class=\"callout badge badge-circle\"><div class=\"badge-inner secondary on-sale\"><span class=\"onsale\">Sale!<\/span><\/div><\/div>\n<\/div>\n\t\t\t\t\t\t<div class=\"product-small box margin-auto has-hover box-normal box-text-bottom\">\n\t\t\t\t\t\t\t<div class=\"box-image\" >\n\t\t\t\t\t\t\t\t<div class=\"\" >\n\t\t\t\t\t\t\t\t\t<a href=\"https:\/\/schaumweinkontor.com\/en\/produkt\/pratello-spumante-garda-doc-rose-pink-15-l-magnum\/\" aria-label=\"Pratello Spumante Garda DOC Ros\u00e9 Pink 1,5 L Magnum\">\n\t\t\t\t\t\t\t\t\t\t<img loading=\"lazy\" decoding=\"async\" width=\"300\" height=\"300\" src=\"https:\/\/schaumweinkontor.com\/wp-content\/uploads\/2022\/06\/Schaumweinkontor-Pratello-Pink-Garda-Rose-brut-1000x1000px-300x300.png\" class=\"attachment-medium size-medium\" alt=\"Pratello Spumante Garda DOC Ros\u00e9 Pink 1,5 L Magnum\" srcset=\"https:\/\/schaumweinkontor.com\/wp-content\/uploads\/2022\/06\/Schaumweinkontor-Pratello-Pink-Garda-Rose-brut-1000x1000px-300x300.png 300w, https:\/\/schaumweinkontor.com\/wp-content\/uploads\/2022\/06\/Schaumweinkontor-Pratello-Pink-Garda-Rose-brut-1000x1000px-100x100.png 100w, https:\/\/schaumweinkontor.com\/wp-content\/uploads\/2022\/06\/Schaumweinkontor-Pratello-Pink-Garda-Rose-brut-1000x1000px-510x510.png 510w, https:\/\/schaumweinkontor.com\/wp-content\/uploads\/2022\/06\/Schaumweinkontor-Pratello-Pink-Garda-Rose-brut-1000x1000px-150x150.png 150w, https:\/\/schaumweinkontor.com\/wp-content\/uploads\/2022\/06\/Schaumweinkontor-Pratello-Pink-Garda-Rose-brut-1000x1000px-768x768.png 768w, https:\/\/schaumweinkontor.com\/wp-content\/uploads\/2022\/06\/Schaumweinkontor-Pratello-Pink-Garda-Rose-brut-1000x1000px.png 1000w\" sizes=\"auto, (max-width: 300px) 100vw, 300px\" \/>\t\t\t\t\t\t\t\t\t<\/a>\n\t\t\t\t\t\t\t\t\t\t\t\t\t\t\t\t\t\t \t\t\t\t\t\t\t\t<\/div>\n\t\t\t\t\t\t\t\t<div class=\"image-tools top right show-on-hover\">\n\t\t\t\t\t\t\t\t\t\t\t\t\t\t\t\t\t<\/div>\n\t\t\t\t\t\t\t\t\t\t\t\t\t\t\t\t\t<div class=\"image-tools grid-tools text-center hide-for-small bottom hover-slide-in show-on-hover\">\n\t\t\t\t\t\t\t\t\t\t\t\t\t\t\t\t\t\t\t<\/div>\n\t\t\t\t\t\t\t\t\t\t\t\t\t\t\t\t\t\t\t\t\t\t\t<\/div>\n\n\t\t\t\t\t\t\t<div class=\"box-text text-center\" >\n\t\t\t\t\t\t\t\t<div class=\"title-wrapper\">\t\t<p class=\"category uppercase is-smaller no-text-overflow product-cat op-7\">\n\t\t\tPratello\t\t<\/p>\n\t<p class=\"name product-title woocommerce-loop-product__title\"><a href=\"https:\/\/schaumweinkontor.com\/en\/produkt\/pratello-spumante-garda-doc-rose-pink-15-l-magnum\/\" class=\"woocommerce-LoopProduct-link woocommerce-loop-product__link\">Pratello Spumante Garda DOC Ros\u00e9 Pink 1,5 L Magnum<\/a><\/p><\/div><div class=\"price-wrapper\">\n\t<span class=\"price\"><del aria-hidden=\"true\"><span class=\"woocommerce-Price-amount amount\" role=\"none\"><bdi><span class=\"woocommerce-Price-currencySymbol\">&euro;<\/span>&nbsp;39,90<\/bdi><\/span><\/del> <span class=\"screen-reader-text\">Original price was: &euro;&nbsp;39,90.<\/span><ins aria-hidden=\"true\"><span class=\"woocommerce-Price-amount amount\" role=\"none\"><bdi><span class=\"woocommerce-Price-currencySymbol\">&euro;<\/span>&nbsp;31,92<\/bdi><\/span><\/ins><span class=\"screen-reader-text\">Current price is: &euro;&nbsp;31,92.<\/span> <small class=\"woocommerce-price-suffix\">inkl. MwSt.<\/small><\/span>\n<\/div><div class=\"add-to-cart-button\"><a href=\"\/en\/wp-json\/wp\/v2\/pages\/4628?add-to-cart=4665\" aria-describedby=\"woocommerce_loop_add_to_cart_link_describedby_4665\" data-quantity=\"1\" class=\"primary is-small mb-0 button product_type_simple add_to_cart_button ajax_add_to_cart is-outline\" data-product_id=\"4665\" data-product_sku=\"100300161\" aria-label=\"Add to cart: &ldquo;Pratello Spumante Garda DOC Ros\u00e9 Pink 1,5 L Magnum&rdquo;\" rel=\"nofollow\" data-success_message=\"&ldquo;Pratello Spumante Garda DOC Ros\u00e9 Pink 1,5 L Magnum&rdquo; has been added to your cart\" role=\"button\">Add to cart<\/a><\/div>\t<span id=\"woocommerce_loop_add_to_cart_link_describedby_4665\" class=\"screen-reader-text\">\n\t\t\t<\/span>\n\t\t\t\t\t\t\t<\/div>\n\t\t\t\t\t\t<\/div>\n\t\t\t\t\t\t<\/div>\n\t\t\t\t\t<\/div><\/div>\n\n\n\t\t<\/div>\n\t\t\t\t\t<\/div>\n\n\t\n\n\n<style>\n#row-759423767 > .col > .col-inner {\n  padding: 15px 0px 0px 0px;\n}\n<\/style>\n<\/div>\n<\/div>\n<\/div>\n\t<section class=\"section hide-for-medium\" id=\"section_1330207621\">\n\t\t<div class=\"bg section-bg fill bg-fill  bg-loaded\" >\n\n\t\t\t\n\t\t\t\n\t\t\t\n\n\t\t<\/div>\n\n\t\t\n\n\t\t<div class=\"section-content relative\">\n\t\t\t\n\n<div class=\"row row-collapse row-full-width align-middle blau-verlauf\"  id=\"row-288462590\">\n\n\n\t<div id=\"col-1633177226\" class=\"col small-12 large-12\"  >\n\t\t\t\t<div class=\"col-inner\"  >\n\t\t\t\n\t\t\t\n\n\t<div id=\"text-2378881326\" class=\"text\">\n\t\t\n\n<h2 id=\"extratour\" class=\"uppercase\" style=\"text-align: left;\"> extratour <\/h2>\n\n\t\t\n<style>\n#text-2378881326 {\n  font-size: 1.5rem;\n  line-height: 2;\n}\n<\/style>\n\t<\/div>\n\t\n\n\t\t<\/div>\n\t\t\t\t\t<\/div>\n\n\t\n\n\n<style>\n#row-288462590 > .col > .col-inner {\n  padding: 0px 20px 0px 20px;\n  border-radius: 74px;\n}\n<\/style>\n<\/div>\n\n\t\t<\/div>\n\n\t\t\n<style>\n#section_1330207621 {\n  padding-top: 0px;\n  padding-bottom: 0px;\n}\n<\/style>\n\t<\/section>\n\t\n\t<section class=\"section bg_winzer\" id=\"section_1828804959\">\n\t\t<div class=\"bg section-bg fill bg-fill  \" >\n\n\t\t\t\n\t\t\t\n\t\t\t\n\n\t\t<\/div>\n\n\t\t\n\n\t\t<div class=\"section-content relative\">\n\t\t\t\n\n<h2 id=\"still-mansalto\" class=\"uppercase\" style=\"text-align: center;\">mansalto<\/h2>\n\n\n\t\t<\/div>\n\n\t\t\n<style>\n#section_1828804959 {\n  padding-top: 30px;\n  padding-bottom: 30px;\n}\n#section_1828804959 .section-bg.bg-loaded {\n  background-image: url(https:\/\/schaumweinkontor.com\/wp-content\/uploads\/2022\/06\/landscape-illu-gold-transp.png);\n}\n<\/style>\n\t<\/section>\n\t\n<div class=\"row align-middle align-center\"  id=\"row-2076433870\">\n\n\n\t<div id=\"col-820752511\" class=\"col small-12 large-12\"  >\n\t\t\t\t<div class=\"col-inner\"  >\n\t\t\t\n\t\t\t\n\n\n  \n    <div class=\"row margin-auto equalize-box large-columns-3 medium-columns- small-columns-2 row-large has-shadow row-box-shadow-2 row-box-shadow-4-hover\" >\n  \t\n\t     <div class=\"col\" data-animate=\"fadeInUp\">\n\t\t\t\t\t\t<div class=\"col-inner\">\n\t\t\t\t\t\t\n<div class=\"badge-container badge-custom absolute right top z-1\">\n\n<\/div>\n\t\t\t\t\t\t<div class=\"product-small box margin-auto has-hover box-normal box-text-bottom\">\n\t\t\t\t\t\t\t<div class=\"box-image\" >\n\t\t\t\t\t\t\t\t<div class=\"\" >\n\t\t\t\t\t\t\t\t\t<a href=\"https:\/\/schaumweinkontor.com\/en\/produkt\/mansalto-la-commenda-chianti-docg-2020-075-l\/\" aria-label=\"Mansalto La Commenda Chianti DOCG 2020 0,75 L\">\n\t\t\t\t\t\t\t\t\t\t<img loading=\"lazy\" decoding=\"async\" width=\"300\" height=\"300\" src=\"https:\/\/schaumweinkontor.com\/wp-content\/uploads\/2023\/04\/Mansalto-La-Commenda-Chianti_1000x1000-px-300x300.png\" class=\"attachment-medium size-medium\" alt=\"Mansalto La Commenda Chianti DOCG 2020 0,75 L\" srcset=\"https:\/\/schaumweinkontor.com\/wp-content\/uploads\/2023\/04\/Mansalto-La-Commenda-Chianti_1000x1000-px-300x300.png 300w, https:\/\/schaumweinkontor.com\/wp-content\/uploads\/2023\/04\/Mansalto-La-Commenda-Chianti_1000x1000-px-100x100.png 100w, https:\/\/schaumweinkontor.com\/wp-content\/uploads\/2023\/04\/Mansalto-La-Commenda-Chianti_1000x1000-px-510x510.png 510w, https:\/\/schaumweinkontor.com\/wp-content\/uploads\/2023\/04\/Mansalto-La-Commenda-Chianti_1000x1000-px-150x150.png 150w, https:\/\/schaumweinkontor.com\/wp-content\/uploads\/2023\/04\/Mansalto-La-Commenda-Chianti_1000x1000-px-768x768.png 768w, https:\/\/schaumweinkontor.com\/wp-content\/uploads\/2023\/04\/Mansalto-La-Commenda-Chianti_1000x1000-px.png 1000w\" sizes=\"auto, (max-width: 300px) 100vw, 300px\" \/>\t\t\t\t\t\t\t\t\t<\/a>\n\t\t\t\t\t\t\t\t\t\t\t\t\t\t\t\t\t\t \t\t\t\t\t\t\t\t<\/div>\n\t\t\t\t\t\t\t\t<div class=\"image-tools top right show-on-hover\">\n\t\t\t\t\t\t\t\t\t\t\t\t\t\t\t\t\t<\/div>\n\t\t\t\t\t\t\t\t\t\t\t\t\t\t\t\t\t<div class=\"image-tools grid-tools text-center hide-for-small bottom hover-slide-in show-on-hover\">\n\t\t\t\t\t\t\t\t\t\t\t\t\t\t\t\t\t\t\t<\/div>\n\t\t\t\t\t\t\t\t\t\t\t\t\t\t\t\t\t\t\t\t\t\t\t<\/div>\n\n\t\t\t\t\t\t\t<div class=\"box-text text-center\" style=\"padding:0px 0px px 0px;\">\n\t\t\t\t\t\t\t\t<div class=\"title-wrapper\">\t\t<p class=\"category uppercase is-smaller no-text-overflow product-cat op-7\">\n\t\t\tMansalto\t\t<\/p>\n\t<p class=\"name product-title woocommerce-loop-product__title\"><a href=\"https:\/\/schaumweinkontor.com\/en\/produkt\/mansalto-la-commenda-chianti-docg-2020-075-l\/\" class=\"woocommerce-LoopProduct-link woocommerce-loop-product__link\">Mansalto La Commenda Chianti DOCG 2020 0,75 L<\/a><\/p><\/div><div class=\"price-wrapper\">\n\t<span class=\"price\"><span class=\"woocommerce-Price-amount amount\" role=\"none\"><bdi><span class=\"woocommerce-Price-currencySymbol\">&euro;<\/span>&nbsp;9,20<\/bdi><\/span> <small class=\"woocommerce-price-suffix\">inkl. MwSt.<\/small><\/span>\n<\/div><div class=\"add-to-cart-button\"><a href=\"\/en\/wp-json\/wp\/v2\/pages\/4628?add-to-cart=4689\" aria-describedby=\"woocommerce_loop_add_to_cart_link_describedby_4689\" data-quantity=\"1\" class=\"primary is-small mb-0 button product_type_simple add_to_cart_button ajax_add_to_cart is-outline\" data-product_id=\"4689\" data-product_sku=\"100300287\" aria-label=\"Add to cart: &ldquo;Mansalto La Commenda Chianti DOCG 2020 0,75 L&rdquo;\" rel=\"nofollow\" data-success_message=\"&ldquo;Mansalto La Commenda Chianti DOCG 2020 0,75 L&rdquo; has been added to your cart\" role=\"button\">Add to cart<\/a><\/div>\t<span id=\"woocommerce_loop_add_to_cart_link_describedby_4689\" class=\"screen-reader-text\">\n\t\t\t<\/span>\n\t\t\t\t\t\t\t<\/div>\n\t\t\t\t\t\t<\/div>\n\t\t\t\t\t\t<\/div>\n\t\t\t\t\t<\/div><div class=\"col\" data-animate=\"fadeInUp\">\n\t\t\t\t\t\t<div class=\"col-inner\">\n\t\t\t\t\t\t\n<div class=\"badge-container badge-custom absolute right top z-1\">\n\n<\/div>\n\t\t\t\t\t\t<div class=\"product-small box margin-auto has-hover box-normal box-text-bottom\">\n\t\t\t\t\t\t\t<div class=\"box-image\" >\n\t\t\t\t\t\t\t\t<div class=\"\" >\n\t\t\t\t\t\t\t\t\t<a href=\"https:\/\/schaumweinkontor.com\/en\/produkt\/mansalto-stroncoli-igt-toscana-rosso-2019-075-l-copy\/\" aria-label=\"Mansalto Palazzuolo Spumante Brut 0,75 L\">\n\t\t\t\t\t\t\t\t\t\t<img loading=\"lazy\" decoding=\"async\" width=\"300\" height=\"300\" src=\"https:\/\/schaumweinkontor.com\/wp-content\/uploads\/2024\/04\/Palazzuolo-Mansalto-300x300.png\" class=\"attachment-medium size-medium\" alt=\"Mansalto Palazzuolo Spumante Brut 0,75 L\" srcset=\"https:\/\/schaumweinkontor.com\/wp-content\/uploads\/2024\/04\/Palazzuolo-Mansalto-300x300.png 300w, https:\/\/schaumweinkontor.com\/wp-content\/uploads\/2024\/04\/Palazzuolo-Mansalto-100x100.png 100w, https:\/\/schaumweinkontor.com\/wp-content\/uploads\/2024\/04\/Palazzuolo-Mansalto-510x510.png 510w, https:\/\/schaumweinkontor.com\/wp-content\/uploads\/2024\/04\/Palazzuolo-Mansalto-150x150.png 150w, https:\/\/schaumweinkontor.com\/wp-content\/uploads\/2024\/04\/Palazzuolo-Mansalto-768x768.png 768w, https:\/\/schaumweinkontor.com\/wp-content\/uploads\/2024\/04\/Palazzuolo-Mansalto.png 1000w\" sizes=\"auto, (max-width: 300px) 100vw, 300px\" \/>\t\t\t\t\t\t\t\t\t<\/a>\n\t\t\t\t\t\t\t\t\t\t\t\t\t\t\t\t\t\t \t\t\t\t\t\t\t\t<\/div>\n\t\t\t\t\t\t\t\t<div class=\"image-tools top right show-on-hover\">\n\t\t\t\t\t\t\t\t\t\t\t\t\t\t\t\t\t<\/div>\n\t\t\t\t\t\t\t\t\t\t\t\t\t\t\t\t\t<div class=\"image-tools grid-tools text-center hide-for-small bottom hover-slide-in show-on-hover\">\n\t\t\t\t\t\t\t\t\t\t\t\t\t\t\t\t\t\t\t<\/div>\n\t\t\t\t\t\t\t\t\t\t\t\t\t\t\t\t\t\t\t\t\t\t\t<\/div>\n\n\t\t\t\t\t\t\t<div class=\"box-text text-center\" style=\"padding:0px 0px px 0px;\">\n\t\t\t\t\t\t\t\t<div class=\"title-wrapper\">\t\t<p class=\"category uppercase is-smaller no-text-overflow product-cat op-7\">\n\t\t\tMansalto\t\t<\/p>\n\t<p class=\"name product-title woocommerce-loop-product__title\"><a href=\"https:\/\/schaumweinkontor.com\/en\/produkt\/mansalto-stroncoli-igt-toscana-rosso-2019-075-l-copy\/\" class=\"woocommerce-LoopProduct-link woocommerce-loop-product__link\">Mansalto Palazzuolo Spumante Brut 0,75 L<\/a><\/p><\/div><div class=\"price-wrapper\">\n\t<span class=\"price\"><span class=\"woocommerce-Price-amount amount\" role=\"none\"><bdi><span class=\"woocommerce-Price-currencySymbol\">&euro;<\/span>&nbsp;12,00<\/bdi><\/span> <small class=\"woocommerce-price-suffix\">inkl. MwSt.<\/small><\/span>\n<\/div><div class=\"add-to-cart-button\"><a href=\"\/en\/wp-json\/wp\/v2\/pages\/4628?add-to-cart=5226\" aria-describedby=\"woocommerce_loop_add_to_cart_link_describedby_5226\" data-quantity=\"1\" class=\"primary is-small mb-0 button product_type_simple add_to_cart_button ajax_add_to_cart is-outline\" data-product_id=\"5226\" data-product_sku=\"100300289\" aria-label=\"Add to cart: &ldquo;Mansalto Palazzuolo Spumante Brut 0,75 L&rdquo;\" rel=\"nofollow\" data-success_message=\"&ldquo;Mansalto Palazzuolo Spumante Brut 0,75 L&rdquo; has been added to your cart\" role=\"button\">Add to cart<\/a><\/div>\t<span id=\"woocommerce_loop_add_to_cart_link_describedby_5226\" class=\"screen-reader-text\">\n\t\t\t<\/span>\n\t\t\t\t\t\t\t<\/div>\n\t\t\t\t\t\t<\/div>\n\t\t\t\t\t\t<\/div>\n\t\t\t\t\t<\/div><div class=\"col\" data-animate=\"fadeInUp\">\n\t\t\t\t\t\t<div class=\"col-inner\">\n\t\t\t\t\t\t\n<div class=\"badge-container badge-custom absolute right top z-1\">\n\n<\/div>\n\t\t\t\t\t\t<div class=\"product-small box margin-auto has-hover box-normal box-text-bottom\">\n\t\t\t\t\t\t\t<div class=\"box-image\" >\n\t\t\t\t\t\t\t\t<div class=\"\" >\n\t\t\t\t\t\t\t\t\t<a href=\"https:\/\/schaumweinkontor.com\/en\/produkt\/mansalto-castello-rapale-igt-toscana-rosso-2019-075-l\/\" aria-label=\"Mansalto Castello Rapale IGT Toscana Rosso 2019 0,75 L\">\n\t\t\t\t\t\t\t\t\t\t<img loading=\"lazy\" decoding=\"async\" width=\"300\" height=\"300\" src=\"https:\/\/schaumweinkontor.com\/wp-content\/uploads\/2023\/04\/Masalto-Castello-Rapale_1000x1000-px-300x300.png\" class=\"attachment-medium size-medium\" alt=\"Mansalto Castello Rapale IGT Toscana Rosso 2019 0,75 L\" srcset=\"https:\/\/schaumweinkontor.com\/wp-content\/uploads\/2023\/04\/Masalto-Castello-Rapale_1000x1000-px-300x300.png 300w, https:\/\/schaumweinkontor.com\/wp-content\/uploads\/2023\/04\/Masalto-Castello-Rapale_1000x1000-px-100x100.png 100w, https:\/\/schaumweinkontor.com\/wp-content\/uploads\/2023\/04\/Masalto-Castello-Rapale_1000x1000-px-510x510.png 510w, https:\/\/schaumweinkontor.com\/wp-content\/uploads\/2023\/04\/Masalto-Castello-Rapale_1000x1000-px-150x150.png 150w, https:\/\/schaumweinkontor.com\/wp-content\/uploads\/2023\/04\/Masalto-Castello-Rapale_1000x1000-px-768x768.png 768w, https:\/\/schaumweinkontor.com\/wp-content\/uploads\/2023\/04\/Masalto-Castello-Rapale_1000x1000-px.png 1000w\" sizes=\"auto, (max-width: 300px) 100vw, 300px\" \/>\t\t\t\t\t\t\t\t\t<\/a>\n\t\t\t\t\t\t\t\t\t\t\t\t\t\t\t\t\t\t \t\t\t\t\t\t\t\t<\/div>\n\t\t\t\t\t\t\t\t<div class=\"image-tools top right show-on-hover\">\n\t\t\t\t\t\t\t\t\t\t\t\t\t\t\t\t\t<\/div>\n\t\t\t\t\t\t\t\t\t\t\t\t\t\t\t\t\t<div class=\"image-tools grid-tools text-center hide-for-small bottom hover-slide-in show-on-hover\">\n\t\t\t\t\t\t\t\t\t\t\t\t\t\t\t\t\t\t\t<\/div>\n\t\t\t\t\t\t\t\t\t\t\t\t\t\t\t\t\t\t\t\t\t\t\t<\/div>\n\n\t\t\t\t\t\t\t<div class=\"box-text text-center\" style=\"padding:0px 0px px 0px;\">\n\t\t\t\t\t\t\t\t<div class=\"title-wrapper\">\t\t<p class=\"category uppercase is-smaller no-text-overflow product-cat op-7\">\n\t\t\tMansalto\t\t<\/p>\n\t<p class=\"name product-title woocommerce-loop-product__title\"><a href=\"https:\/\/schaumweinkontor.com\/en\/produkt\/mansalto-castello-rapale-igt-toscana-rosso-2019-075-l\/\" class=\"woocommerce-LoopProduct-link woocommerce-loop-product__link\">Mansalto Castello Rapale IGT Toscana Rosso 2019 0,75 L<\/a><\/p><\/div><div class=\"price-wrapper\">\n\t<span class=\"price\"><span class=\"woocommerce-Price-amount amount\" role=\"none\"><bdi><span class=\"woocommerce-Price-currencySymbol\">&euro;<\/span>&nbsp;14,00<\/bdi><\/span> <small class=\"woocommerce-price-suffix\">inkl. MwSt.<\/small><\/span>\n<\/div><div class=\"add-to-cart-button\"><a href=\"\/en\/wp-json\/wp\/v2\/pages\/4628?add-to-cart=4688\" aria-describedby=\"woocommerce_loop_add_to_cart_link_describedby_4688\" data-quantity=\"1\" class=\"primary is-small mb-0 button product_type_simple add_to_cart_button ajax_add_to_cart is-outline\" data-product_id=\"4688\" data-product_sku=\"100300288\" aria-label=\"Add to cart: &ldquo;Mansalto Castello Rapale IGT Toscana Rosso 2019 0,75 L&rdquo;\" rel=\"nofollow\" data-success_message=\"&ldquo;Mansalto Castello Rapale IGT Toscana Rosso 2019 0,75 L&rdquo; has been added to your cart\" role=\"button\">Add to cart<\/a><\/div>\t<span id=\"woocommerce_loop_add_to_cart_link_describedby_4688\" class=\"screen-reader-text\">\n\t\t\t<\/span>\n\t\t\t\t\t\t\t<\/div>\n\t\t\t\t\t\t<\/div>\n\t\t\t\t\t\t<\/div>\n\t\t\t\t\t<\/div><div class=\"col\" data-animate=\"fadeInUp\">\n\t\t\t\t\t\t<div class=\"col-inner\">\n\t\t\t\t\t\t\n<div class=\"badge-container badge-custom absolute right top z-1\">\n\n<\/div>\n\t\t\t\t\t\t<div class=\"product-small box margin-auto has-hover box-normal box-text-bottom\">\n\t\t\t\t\t\t\t<div class=\"box-image\" >\n\t\t\t\t\t\t\t\t<div class=\"\" >\n\t\t\t\t\t\t\t\t\t<a href=\"https:\/\/schaumweinkontor.com\/en\/produkt\/mansalto-stroncoli-igt-toscana-rosso-2019-075-l-copy-2\/\" aria-label=\"Mansalto Stroncoli IGT Toscana Rosso 2020 0,75 L\">\n\t\t\t\t\t\t\t\t\t\t<img loading=\"lazy\" decoding=\"async\" width=\"300\" height=\"300\" src=\"https:\/\/schaumweinkontor.com\/wp-content\/uploads\/2023\/04\/Mansalto-Stroncoli_1000x1000-px-300x300.png\" class=\"attachment-medium size-medium\" alt=\"Mansalto Stroncoli IGT Toscana Rosso 2020 0,75 L\" srcset=\"https:\/\/schaumweinkontor.com\/wp-content\/uploads\/2023\/04\/Mansalto-Stroncoli_1000x1000-px-300x300.png 300w, https:\/\/schaumweinkontor.com\/wp-content\/uploads\/2023\/04\/Mansalto-Stroncoli_1000x1000-px-100x100.png 100w, https:\/\/schaumweinkontor.com\/wp-content\/uploads\/2023\/04\/Mansalto-Stroncoli_1000x1000-px-510x510.png 510w, https:\/\/schaumweinkontor.com\/wp-content\/uploads\/2023\/04\/Mansalto-Stroncoli_1000x1000-px-150x150.png 150w, https:\/\/schaumweinkontor.com\/wp-content\/uploads\/2023\/04\/Mansalto-Stroncoli_1000x1000-px-768x768.png 768w, https:\/\/schaumweinkontor.com\/wp-content\/uploads\/2023\/04\/Mansalto-Stroncoli_1000x1000-px.png 1000w\" sizes=\"auto, (max-width: 300px) 100vw, 300px\" \/>\t\t\t\t\t\t\t\t\t<\/a>\n\t\t\t\t\t\t\t\t\t\t\t\t\t\t\t\t\t\t \t\t\t\t\t\t\t\t<\/div>\n\t\t\t\t\t\t\t\t<div class=\"image-tools top right show-on-hover\">\n\t\t\t\t\t\t\t\t\t\t\t\t\t\t\t\t\t<\/div>\n\t\t\t\t\t\t\t\t\t\t\t\t\t\t\t\t\t<div class=\"image-tools grid-tools text-center hide-for-small bottom hover-slide-in show-on-hover\">\n\t\t\t\t\t\t\t\t\t\t\t\t\t\t\t\t\t\t\t<\/div>\n\t\t\t\t\t\t\t\t\t\t\t\t\t\t\t\t\t\t\t\t\t\t\t<\/div>\n\n\t\t\t\t\t\t\t<div class=\"box-text text-center\" style=\"padding:0px 0px px 0px;\">\n\t\t\t\t\t\t\t\t<div class=\"title-wrapper\">\t\t<p class=\"category uppercase is-smaller no-text-overflow product-cat op-7\">\n\t\t\tMansalto\t\t<\/p>\n\t<p class=\"name product-title woocommerce-loop-product__title\"><a href=\"https:\/\/schaumweinkontor.com\/en\/produkt\/mansalto-stroncoli-igt-toscana-rosso-2019-075-l-copy-2\/\" class=\"woocommerce-LoopProduct-link woocommerce-loop-product__link\">Mansalto Stroncoli IGT Toscana Rosso 2020 0,75 L<\/a><\/p><\/div><div class=\"price-wrapper\">\n\t<span class=\"price\"><span class=\"woocommerce-Price-amount amount\" role=\"none\"><bdi><span class=\"woocommerce-Price-currencySymbol\">&euro;<\/span>&nbsp;21,00<\/bdi><\/span> <small class=\"woocommerce-price-suffix\">inkl. MwSt.<\/small><\/span>\n<\/div><div class=\"add-to-cart-button\"><a href=\"\/en\/wp-json\/wp\/v2\/pages\/4628?add-to-cart=6072\" aria-describedby=\"woocommerce_loop_add_to_cart_link_describedby_6072\" data-quantity=\"1\" class=\"primary is-small mb-0 button product_type_simple add_to_cart_button ajax_add_to_cart is-outline\" data-product_id=\"6072\" data-product_sku=\"100300290\" aria-label=\"Add to cart: &ldquo;Mansalto Stroncoli IGT Toscana Rosso 2020 0,75 L&rdquo;\" rel=\"nofollow\" data-success_message=\"&ldquo;Mansalto Stroncoli IGT Toscana Rosso 2020 0,75 L&rdquo; has been added to your cart\" role=\"button\">Add to cart<\/a><\/div>\t<span id=\"woocommerce_loop_add_to_cart_link_describedby_6072\" class=\"screen-reader-text\">\n\t\t\t<\/span>\n\t\t\t\t\t\t\t<\/div>\n\t\t\t\t\t\t<\/div>\n\t\t\t\t\t\t<\/div>\n\t\t\t\t\t<\/div><div class=\"col\" data-animate=\"fadeInUp\">\n\t\t\t\t\t\t<div class=\"col-inner\">\n\t\t\t\t\t\t\n<div class=\"badge-container badge-custom absolute right top z-1\">\n\n<\/div>\n\t\t\t\t\t\t<div class=\"product-small box margin-auto has-hover box-normal box-text-bottom\">\n\t\t\t\t\t\t\t<div class=\"box-image\" >\n\t\t\t\t\t\t\t\t<div class=\"\" >\n\t\t\t\t\t\t\t\t\t<a href=\"https:\/\/schaumweinkontor.com\/en\/produkt\/mansalto-butia-igt-toscana-sangiovese-2020-075-l\/\" aria-label=\"Mansalto Butia IGT Toscana Sangiovese 2020 0,75 L\">\n\t\t\t\t\t\t\t\t\t\t<img loading=\"lazy\" decoding=\"async\" width=\"300\" height=\"300\" src=\"https:\/\/schaumweinkontor.com\/wp-content\/uploads\/2023\/04\/Mansalto-Butia-IGT_1000x1000-px-300x300.png\" class=\"attachment-medium size-medium\" alt=\"Mansalto Butia IGT Toscana Sangiovese 2020 0,75 L\" srcset=\"https:\/\/schaumweinkontor.com\/wp-content\/uploads\/2023\/04\/Mansalto-Butia-IGT_1000x1000-px-300x300.png 300w, https:\/\/schaumweinkontor.com\/wp-content\/uploads\/2023\/04\/Mansalto-Butia-IGT_1000x1000-px-100x100.png 100w, https:\/\/schaumweinkontor.com\/wp-content\/uploads\/2023\/04\/Mansalto-Butia-IGT_1000x1000-px-510x510.png 510w, https:\/\/schaumweinkontor.com\/wp-content\/uploads\/2023\/04\/Mansalto-Butia-IGT_1000x1000-px-150x150.png 150w, https:\/\/schaumweinkontor.com\/wp-content\/uploads\/2023\/04\/Mansalto-Butia-IGT_1000x1000-px-768x768.png 768w, https:\/\/schaumweinkontor.com\/wp-content\/uploads\/2023\/04\/Mansalto-Butia-IGT_1000x1000-px.png 1000w\" sizes=\"auto, (max-width: 300px) 100vw, 300px\" \/>\t\t\t\t\t\t\t\t\t<\/a>\n\t\t\t\t\t\t\t\t\t\t\t\t\t\t\t\t\t\t \t\t\t\t\t\t\t\t<\/div>\n\t\t\t\t\t\t\t\t<div class=\"image-tools top right show-on-hover\">\n\t\t\t\t\t\t\t\t\t\t\t\t\t\t\t\t\t<\/div>\n\t\t\t\t\t\t\t\t\t\t\t\t\t\t\t\t\t<div class=\"image-tools grid-tools text-center hide-for-small bottom hover-slide-in show-on-hover\">\n\t\t\t\t\t\t\t\t\t\t\t\t\t\t\t\t\t\t\t<\/div>\n\t\t\t\t\t\t\t\t\t\t\t\t\t\t\t\t\t\t\t\t\t\t\t<\/div>\n\n\t\t\t\t\t\t\t<div class=\"box-text text-center\" style=\"padding:0px 0px px 0px;\">\n\t\t\t\t\t\t\t\t<div class=\"title-wrapper\">\t\t<p class=\"category uppercase is-smaller no-text-overflow product-cat op-7\">\n\t\t\tMansalto\t\t<\/p>\n\t<p class=\"name product-title woocommerce-loop-product__title\"><a href=\"https:\/\/schaumweinkontor.com\/en\/produkt\/mansalto-butia-igt-toscana-sangiovese-2020-075-l\/\" class=\"woocommerce-LoopProduct-link woocommerce-loop-product__link\">Mansalto Butia IGT Toscana Sangiovese 2020 0,75 L<\/a><\/p><\/div><div class=\"price-wrapper\">\n\t<span class=\"price\"><span class=\"woocommerce-Price-amount amount\" role=\"none\"><bdi><span class=\"woocommerce-Price-currencySymbol\">&euro;<\/span>&nbsp;32,00<\/bdi><\/span> <small class=\"woocommerce-price-suffix\">inkl. MwSt.<\/small><\/span>\n<\/div><div class=\"add-to-cart-button\"><a href=\"\/en\/wp-json\/wp\/v2\/pages\/4628?add-to-cart=4687\" aria-describedby=\"woocommerce_loop_add_to_cart_link_describedby_4687\" data-quantity=\"1\" class=\"primary is-small mb-0 button product_type_simple add_to_cart_button ajax_add_to_cart is-outline\" data-product_id=\"4687\" data-product_sku=\"100300283\" aria-label=\"Add to cart: &ldquo;Mansalto Butia IGT Toscana Sangiovese 2020 0,75 L&rdquo;\" rel=\"nofollow\" data-success_message=\"&ldquo;Mansalto Butia IGT Toscana Sangiovese 2020 0,75 L&rdquo; has been added to your cart\" role=\"button\">Add to cart<\/a><\/div>\t<span id=\"woocommerce_loop_add_to_cart_link_describedby_4687\" class=\"screen-reader-text\">\n\t\t\t<\/span>\n\t\t\t\t\t\t\t<\/div>\n\t\t\t\t\t\t<\/div>\n\t\t\t\t\t\t<\/div>\n\t\t\t\t\t<\/div><div class=\"col\" data-animate=\"fadeInUp\">\n\t\t\t\t\t\t<div class=\"col-inner\">\n\t\t\t\t\t\t\n<div class=\"badge-container badge-custom absolute right top z-1\">\n\n<\/div>\n\t\t\t\t\t\t<div class=\"product-small box margin-auto has-hover box-normal box-text-bottom\">\n\t\t\t\t\t\t\t<div class=\"box-image\" >\n\t\t\t\t\t\t\t\t<div class=\"\" >\n\t\t\t\t\t\t\t\t\t<a href=\"https:\/\/schaumweinkontor.com\/en\/produkt\/mansalto-stroncoli-igt-toscana-rosso-2019-15-l-magnum\/\" aria-label=\"Mansalto Stroncoli IGT Toscana Rosso 2019 1,5 L Magnum\">\n\t\t\t\t\t\t\t\t\t\t<img loading=\"lazy\" decoding=\"async\" width=\"300\" height=\"300\" src=\"https:\/\/schaumweinkontor.com\/wp-content\/uploads\/2023\/04\/Mansalto-Stroncoli_1000x1000-px-300x300.png\" class=\"attachment-medium size-medium\" alt=\"Mansalto Stroncoli IGT Toscana Rosso 2019 1,5 L Magnum\" srcset=\"https:\/\/schaumweinkontor.com\/wp-content\/uploads\/2023\/04\/Mansalto-Stroncoli_1000x1000-px-300x300.png 300w, https:\/\/schaumweinkontor.com\/wp-content\/uploads\/2023\/04\/Mansalto-Stroncoli_1000x1000-px-100x100.png 100w, https:\/\/schaumweinkontor.com\/wp-content\/uploads\/2023\/04\/Mansalto-Stroncoli_1000x1000-px-510x510.png 510w, https:\/\/schaumweinkontor.com\/wp-content\/uploads\/2023\/04\/Mansalto-Stroncoli_1000x1000-px-150x150.png 150w, https:\/\/schaumweinkontor.com\/wp-content\/uploads\/2023\/04\/Mansalto-Stroncoli_1000x1000-px-768x768.png 768w, https:\/\/schaumweinkontor.com\/wp-content\/uploads\/2023\/04\/Mansalto-Stroncoli_1000x1000-px.png 1000w\" sizes=\"auto, (max-width: 300px) 100vw, 300px\" \/>\t\t\t\t\t\t\t\t\t<\/a>\n\t\t\t\t\t\t\t\t\t\t\t\t\t\t\t\t\t\t \t\t\t\t\t\t\t\t<\/div>\n\t\t\t\t\t\t\t\t<div class=\"image-tools top right show-on-hover\">\n\t\t\t\t\t\t\t\t\t\t\t\t\t\t\t\t\t<\/div>\n\t\t\t\t\t\t\t\t\t\t\t\t\t\t\t\t\t<div class=\"image-tools grid-tools text-center hide-for-small bottom hover-slide-in show-on-hover\">\n\t\t\t\t\t\t\t\t\t\t\t\t\t\t\t\t\t\t\t<\/div>\n\t\t\t\t\t\t\t\t\t\t\t\t\t\t\t\t\t\t\t\t\t\t\t<\/div>\n\n\t\t\t\t\t\t\t<div class=\"box-text text-center\" style=\"padding:0px 0px px 0px;\">\n\t\t\t\t\t\t\t\t<div class=\"title-wrapper\">\t\t<p class=\"category uppercase is-smaller no-text-overflow product-cat op-7\">\n\t\t\tMansalto\t\t<\/p>\n\t<p class=\"name product-title woocommerce-loop-product__title\"><a href=\"https:\/\/schaumweinkontor.com\/en\/produkt\/mansalto-stroncoli-igt-toscana-rosso-2019-15-l-magnum\/\" class=\"woocommerce-LoopProduct-link woocommerce-loop-product__link\">Mansalto Stroncoli IGT Toscana Rosso 2019 1,5 L Magnum<\/a><\/p><\/div><div class=\"price-wrapper\">\n\t<span class=\"price\"><span class=\"woocommerce-Price-amount amount\" role=\"none\"><bdi><span class=\"woocommerce-Price-currencySymbol\">&euro;<\/span>&nbsp;45,50<\/bdi><\/span> <small class=\"woocommerce-price-suffix\">inkl. MwSt.<\/small><\/span>\n<\/div><div class=\"add-to-cart-button\"><a href=\"\/en\/wp-json\/wp\/v2\/pages\/4628?add-to-cart=4685\" aria-describedby=\"woocommerce_loop_add_to_cart_link_describedby_4685\" data-quantity=\"1\" class=\"primary is-small mb-0 button product_type_simple add_to_cart_button ajax_add_to_cart is-outline\" data-product_id=\"4685\" data-product_sku=\"100300284\" aria-label=\"Add to cart: &ldquo;Mansalto Stroncoli IGT Toscana Rosso 2019 1,5 L Magnum&rdquo;\" rel=\"nofollow\" data-success_message=\"&ldquo;Mansalto Stroncoli IGT Toscana Rosso 2019 1,5 L Magnum&rdquo; has been added to your cart\" role=\"button\">Add to cart<\/a><\/div>\t<span id=\"woocommerce_loop_add_to_cart_link_describedby_4685\" class=\"screen-reader-text\">\n\t\t\t<\/span>\n\t\t\t\t\t\t\t<\/div>\n\t\t\t\t\t\t<\/div>\n\t\t\t\t\t\t<\/div>\n\t\t\t\t\t<\/div><div class=\"col\" data-animate=\"fadeInUp\">\n\t\t\t\t\t\t<div class=\"col-inner\">\n\t\t\t\t\t\t\n<div class=\"badge-container badge-custom absolute right top z-1\">\n\n<\/div>\n\t\t\t\t\t\t<div class=\"product-small box margin-auto has-hover box-normal box-text-bottom\">\n\t\t\t\t\t\t\t<div class=\"box-image\" >\n\t\t\t\t\t\t\t\t<div class=\"\" >\n\t\t\t\t\t\t\t\t\t<a href=\"https:\/\/schaumweinkontor.com\/en\/produkt\/mansalto-stroncoli-igt-toscana-rosso-2019-3-l-jeroboam\/\" aria-label=\"Mansalto Stroncoli IGT Toscana Rosso 2019 3 L Jeroboam\">\n\t\t\t\t\t\t\t\t\t\t<img loading=\"lazy\" decoding=\"async\" width=\"300\" height=\"300\" src=\"https:\/\/schaumweinkontor.com\/wp-content\/uploads\/2023\/04\/Mansalto-Stroncoli_1000x1000-px-300x300.png\" class=\"attachment-medium size-medium\" alt=\"Mansalto Stroncoli IGT Toscana Rosso 2019 3 L Jeroboam\" srcset=\"https:\/\/schaumweinkontor.com\/wp-content\/uploads\/2023\/04\/Mansalto-Stroncoli_1000x1000-px-300x300.png 300w, https:\/\/schaumweinkontor.com\/wp-content\/uploads\/2023\/04\/Mansalto-Stroncoli_1000x1000-px-100x100.png 100w, https:\/\/schaumweinkontor.com\/wp-content\/uploads\/2023\/04\/Mansalto-Stroncoli_1000x1000-px-510x510.png 510w, https:\/\/schaumweinkontor.com\/wp-content\/uploads\/2023\/04\/Mansalto-Stroncoli_1000x1000-px-150x150.png 150w, https:\/\/schaumweinkontor.com\/wp-content\/uploads\/2023\/04\/Mansalto-Stroncoli_1000x1000-px-768x768.png 768w, https:\/\/schaumweinkontor.com\/wp-content\/uploads\/2023\/04\/Mansalto-Stroncoli_1000x1000-px.png 1000w\" sizes=\"auto, (max-width: 300px) 100vw, 300px\" \/>\t\t\t\t\t\t\t\t\t<\/a>\n\t\t\t\t\t\t\t\t\t\t\t\t\t\t\t\t\t\t \t\t\t\t\t\t\t\t<\/div>\n\t\t\t\t\t\t\t\t<div class=\"image-tools top right show-on-hover\">\n\t\t\t\t\t\t\t\t\t\t\t\t\t\t\t\t\t<\/div>\n\t\t\t\t\t\t\t\t\t\t\t\t\t\t\t\t\t<div class=\"image-tools grid-tools text-center hide-for-small bottom hover-slide-in show-on-hover\">\n\t\t\t\t\t\t\t\t\t\t\t\t\t\t\t\t\t\t\t<\/div>\n\t\t\t\t\t\t\t\t\t\t\t\t\t\t\t\t\t\t\t\t\t\t\t<\/div>\n\n\t\t\t\t\t\t\t<div class=\"box-text text-center\" style=\"padding:0px 0px px 0px;\">\n\t\t\t\t\t\t\t\t<div class=\"title-wrapper\">\t\t<p class=\"category uppercase is-smaller no-text-overflow product-cat op-7\">\n\t\t\tMansalto\t\t<\/p>\n\t<p class=\"name product-title woocommerce-loop-product__title\"><a href=\"https:\/\/schaumweinkontor.com\/en\/produkt\/mansalto-stroncoli-igt-toscana-rosso-2019-3-l-jeroboam\/\" class=\"woocommerce-LoopProduct-link woocommerce-loop-product__link\">Mansalto Stroncoli IGT Toscana Rosso 2019 3 L Jeroboam<\/a><\/p><\/div><div class=\"price-wrapper\">\n\t<span class=\"price\"><span class=\"woocommerce-Price-amount amount\" role=\"none\"><bdi><span class=\"woocommerce-Price-currencySymbol\">&euro;<\/span>&nbsp;108,00<\/bdi><\/span> <small class=\"woocommerce-price-suffix\">inkl. MwSt.<\/small><\/span>\n<\/div><div class=\"add-to-cart-button\"><a href=\"\/en\/wp-json\/wp\/v2\/pages\/4628?add-to-cart=4684\" aria-describedby=\"woocommerce_loop_add_to_cart_link_describedby_4684\" data-quantity=\"1\" class=\"primary is-small mb-0 button product_type_simple add_to_cart_button ajax_add_to_cart is-outline\" data-product_id=\"4684\" data-product_sku=\"100300285\" aria-label=\"Add to cart: &ldquo;Mansalto Stroncoli IGT Toscana Rosso 2019 3 L Jeroboam&rdquo;\" rel=\"nofollow\" data-success_message=\"&ldquo;Mansalto Stroncoli IGT Toscana Rosso 2019 3 L Jeroboam&rdquo; has been added to your cart\" role=\"button\">Add to cart<\/a><\/div>\t<span id=\"woocommerce_loop_add_to_cart_link_describedby_4684\" class=\"screen-reader-text\">\n\t\t\t<\/span>\n\t\t\t\t\t\t\t<\/div>\n\t\t\t\t\t\t<\/div>\n\t\t\t\t\t\t<\/div>\n\t\t\t\t\t<\/div><div class=\"col\" data-animate=\"fadeInUp\">\n\t\t\t\t\t\t<div class=\"col-inner\">\n\t\t\t\t\t\t\n<div class=\"badge-container badge-custom absolute right top z-1\">\n\n<\/div>\n\t\t\t\t\t\t<div class=\"product-small box margin-auto has-hover box-normal box-text-bottom\">\n\t\t\t\t\t\t\t<div class=\"box-image\" >\n\t\t\t\t\t\t\t\t<div class=\"\" >\n\t\t\t\t\t\t\t\t\t<a href=\"https:\/\/schaumweinkontor.com\/en\/produkt\/mansalto-stroncoli-igt-toscana-rosso-2019-6-l-methusalem\/\" aria-label=\"Mansalto Stroncoli IGT Toscana Rosso 2019 6 L Methusalem\">\n\t\t\t\t\t\t\t\t\t\t<img loading=\"lazy\" decoding=\"async\" width=\"300\" height=\"300\" src=\"https:\/\/schaumweinkontor.com\/wp-content\/uploads\/2023\/04\/Mansalto-Stroncoli_1000x1000-px-300x300.png\" class=\"attachment-medium size-medium\" alt=\"Mansalto Stroncoli IGT Toscana Rosso 2019 6 L Methusalem\" srcset=\"https:\/\/schaumweinkontor.com\/wp-content\/uploads\/2023\/04\/Mansalto-Stroncoli_1000x1000-px-300x300.png 300w, https:\/\/schaumweinkontor.com\/wp-content\/uploads\/2023\/04\/Mansalto-Stroncoli_1000x1000-px-100x100.png 100w, https:\/\/schaumweinkontor.com\/wp-content\/uploads\/2023\/04\/Mansalto-Stroncoli_1000x1000-px-510x510.png 510w, https:\/\/schaumweinkontor.com\/wp-content\/uploads\/2023\/04\/Mansalto-Stroncoli_1000x1000-px-150x150.png 150w, https:\/\/schaumweinkontor.com\/wp-content\/uploads\/2023\/04\/Mansalto-Stroncoli_1000x1000-px-768x768.png 768w, https:\/\/schaumweinkontor.com\/wp-content\/uploads\/2023\/04\/Mansalto-Stroncoli_1000x1000-px.png 1000w\" sizes=\"auto, (max-width: 300px) 100vw, 300px\" \/>\t\t\t\t\t\t\t\t\t<\/a>\n\t\t\t\t\t\t\t\t\t\t\t\t\t\t\t\t\t\t \t\t\t\t\t\t\t\t<\/div>\n\t\t\t\t\t\t\t\t<div class=\"image-tools top right show-on-hover\">\n\t\t\t\t\t\t\t\t\t\t\t\t\t\t\t\t\t<\/div>\n\t\t\t\t\t\t\t\t\t\t\t\t\t\t\t\t\t<div class=\"image-tools grid-tools text-center hide-for-small bottom hover-slide-in show-on-hover\">\n\t\t\t\t\t\t\t\t\t\t\t\t\t\t\t\t\t\t\t<\/div>\n\t\t\t\t\t\t\t\t\t\t\t\t\t\t\t\t\t\t\t\t\t\t\t<\/div>\n\n\t\t\t\t\t\t\t<div class=\"box-text text-center\" style=\"padding:0px 0px px 0px;\">\n\t\t\t\t\t\t\t\t<div class=\"title-wrapper\">\t\t<p class=\"category uppercase is-smaller no-text-overflow product-cat op-7\">\n\t\t\tMansalto\t\t<\/p>\n\t<p class=\"name product-title woocommerce-loop-product__title\"><a href=\"https:\/\/schaumweinkontor.com\/en\/produkt\/mansalto-stroncoli-igt-toscana-rosso-2019-6-l-methusalem\/\" class=\"woocommerce-LoopProduct-link woocommerce-loop-product__link\">Mansalto Stroncoli IGT Toscana Rosso 2019 6 L Methusalem<\/a><\/p><\/div><div class=\"price-wrapper\">\n\t<span class=\"price\"><span class=\"woocommerce-Price-amount amount\" role=\"none\"><bdi><span class=\"woocommerce-Price-currencySymbol\">&euro;<\/span>&nbsp;238,00<\/bdi><\/span> <small class=\"woocommerce-price-suffix\">inkl. MwSt.<\/small><\/span>\n<\/div><div class=\"add-to-cart-button\"><a href=\"\/en\/wp-json\/wp\/v2\/pages\/4628?add-to-cart=4683\" aria-describedby=\"woocommerce_loop_add_to_cart_link_describedby_4683\" data-quantity=\"1\" class=\"primary is-small mb-0 button product_type_simple add_to_cart_button ajax_add_to_cart is-outline\" data-product_id=\"4683\" data-product_sku=\"100300291\" aria-label=\"Add to cart: &ldquo;Mansalto Stroncoli IGT Toscana Rosso 2019 6 L Methusalem&rdquo;\" rel=\"nofollow\" data-success_message=\"&ldquo;Mansalto Stroncoli IGT Toscana Rosso 2019 6 L Methusalem&rdquo; has been added to your cart\" role=\"button\">Add to cart<\/a><\/div>\t<span id=\"woocommerce_loop_add_to_cart_link_describedby_4683\" class=\"screen-reader-text\">\n\t\t\t<\/span>\n\t\t\t\t\t\t\t<\/div>\n\t\t\t\t\t\t<\/div>\n\t\t\t\t\t\t<\/div>\n\t\t\t\t\t<\/div><\/div>\n\n\n\t\t<\/div>\n\t\t\t\t\t<\/div>\n\n\t\n\n\n<style>\n#row-2076433870 > .col > .col-inner {\n  padding: 15px 0px 0px 0px;\n}\n<\/style>\n<\/div>\n<div class=\"is-divider divider clearfix\" style=\"margin-top:3em;margin-bottom:3em;max-width:100%;background-color:rgba(183, 149, 73, 0.459);\"><\/div>\n\n\t<section class=\"section bg_winzer\" id=\"section_653207196\">\n\t\t<div class=\"bg section-bg fill bg-fill  \" >\n\n\t\t\t\n\t\t\t\n\t\t\t\n\n\t\t<\/div>\n\n\t\t\n\n\t\t<div class=\"section-content relative\">\n\t\t\t\n\n<h2 id=\"still-sancarlo\" class=\"uppercase\" style=\"text-align: center;\">San Carlo<\/h2>\n\n\t\t<\/div>\n\n\t\t\n<style>\n#section_653207196 {\n  padding-top: 30px;\n  padding-bottom: 30px;\n}\n#section_653207196 .section-bg.bg-loaded {\n  background-image: url(https:\/\/schaumweinkontor.com\/wp-content\/uploads\/2022\/06\/landscape-illu-gold-transp.png);\n}\n<\/style>\n\t<\/section>\n\t\n<div class=\"row align-middle align-center\"  id=\"row-2124063934\">\n\n\n\t<div id=\"col-868077704\" class=\"col small-12 large-12\"  >\n\t\t\t\t<div class=\"col-inner\"  >\n\t\t\t\n\t\t\t\n\n\n  \n    <div class=\"row margin-auto equalize-box large-columns-3 medium-columns- small-columns-2 row-large has-shadow row-box-shadow-2 row-box-shadow-4-hover\" >\n  \t\n\t     <div class=\"col\" data-animate=\"fadeInUp\">\n\t\t\t\t\t\t<div class=\"col-inner\">\n\t\t\t\t\t\t\n<div class=\"badge-container badge-custom absolute right top z-1\">\n\n<\/div>\n\t\t\t\t\t\t<div class=\"product-small box margin-auto has-hover box-normal box-text-bottom\">\n\t\t\t\t\t\t\t<div class=\"box-image\" >\n\t\t\t\t\t\t\t\t<div class=\"\" >\n\t\t\t\t\t\t\t\t\t<a href=\"https:\/\/schaumweinkontor.com\/en\/produkt\/villa-san-carlo-valpolicella-ripasso-2019-075-l\/\" aria-label=\"Villa San Carlo Valpolicella Ripasso 2019 0,75 L\">\n\t\t\t\t\t\t\t\t\t\t<img loading=\"lazy\" decoding=\"async\" width=\"300\" height=\"300\" src=\"https:\/\/schaumweinkontor.com\/wp-content\/uploads\/2023\/04\/Villa-San-carlo-Valpolicella-Ripasso_1000x1000-px-300x300.png\" class=\"attachment-medium size-medium\" alt=\"Villa San Carlo Valpolicella Ripasso 2019 0,75 L\" srcset=\"https:\/\/schaumweinkontor.com\/wp-content\/uploads\/2023\/04\/Villa-San-carlo-Valpolicella-Ripasso_1000x1000-px-300x300.png 300w, https:\/\/schaumweinkontor.com\/wp-content\/uploads\/2023\/04\/Villa-San-carlo-Valpolicella-Ripasso_1000x1000-px-100x100.png 100w, https:\/\/schaumweinkontor.com\/wp-content\/uploads\/2023\/04\/Villa-San-carlo-Valpolicella-Ripasso_1000x1000-px-510x510.png 510w, https:\/\/schaumweinkontor.com\/wp-content\/uploads\/2023\/04\/Villa-San-carlo-Valpolicella-Ripasso_1000x1000-px-150x150.png 150w, https:\/\/schaumweinkontor.com\/wp-content\/uploads\/2023\/04\/Villa-San-carlo-Valpolicella-Ripasso_1000x1000-px-768x768.png 768w, https:\/\/schaumweinkontor.com\/wp-content\/uploads\/2023\/04\/Villa-San-carlo-Valpolicella-Ripasso_1000x1000-px.png 1000w\" sizes=\"auto, (max-width: 300px) 100vw, 300px\" \/>\t\t\t\t\t\t\t\t\t<\/a>\n\t\t\t\t\t\t\t\t\t\t\t\t\t\t\t\t\t\t \t\t\t\t\t\t\t\t<\/div>\n\t\t\t\t\t\t\t\t<div class=\"image-tools top right show-on-hover\">\n\t\t\t\t\t\t\t\t\t\t\t\t\t\t\t\t\t<\/div>\n\t\t\t\t\t\t\t\t\t\t\t\t\t\t\t\t\t<div class=\"image-tools grid-tools text-center hide-for-small bottom hover-slide-in show-on-hover\">\n\t\t\t\t\t\t\t\t\t\t\t\t\t\t\t\t\t\t\t<\/div>\n\t\t\t\t\t\t\t\t\t\t\t\t\t\t\t\t\t\t\t\t\t\t\t<\/div>\n\n\t\t\t\t\t\t\t<div class=\"box-text text-center\" >\n\t\t\t\t\t\t\t\t<div class=\"title-wrapper\">\t\t<p class=\"category uppercase is-smaller no-text-overflow product-cat op-7\">\n\t\t\tSan Carlo\t\t<\/p>\n\t<p class=\"name product-title woocommerce-loop-product__title\"><a href=\"https:\/\/schaumweinkontor.com\/en\/produkt\/villa-san-carlo-valpolicella-ripasso-2019-075-l\/\" class=\"woocommerce-LoopProduct-link woocommerce-loop-product__link\">Villa San Carlo Valpolicella Ripasso 2019 0,75 L<\/a><\/p><\/div><div class=\"price-wrapper\">\n\t<span class=\"price\"><span class=\"woocommerce-Price-amount amount\" role=\"none\"><bdi><span class=\"woocommerce-Price-currencySymbol\">&euro;<\/span>&nbsp;18,50<\/bdi><\/span> <small class=\"woocommerce-price-suffix\">inkl. MwSt.<\/small><\/span>\n<\/div><div class=\"add-to-cart-button\"><a href=\"\/en\/wp-json\/wp\/v2\/pages\/4628?add-to-cart=4682\" aria-describedby=\"woocommerce_loop_add_to_cart_link_describedby_4682\" data-quantity=\"1\" class=\"primary is-small mb-0 button product_type_simple add_to_cart_button ajax_add_to_cart is-outline\" data-product_id=\"4682\" data-product_sku=\"100300293\" aria-label=\"Add to cart: &ldquo;Villa San Carlo Valpolicella Ripasso 2019 0,75 L&rdquo;\" rel=\"nofollow\" data-success_message=\"&ldquo;Villa San Carlo Valpolicella Ripasso 2019 0,75 L&rdquo; has been added to your cart\" role=\"button\">Add to cart<\/a><\/div>\t<span id=\"woocommerce_loop_add_to_cart_link_describedby_4682\" class=\"screen-reader-text\">\n\t\t\t<\/span>\n\t\t\t\t\t\t\t<\/div>\n\t\t\t\t\t\t<\/div>\n\t\t\t\t\t\t<\/div>\n\t\t\t\t\t<\/div><div class=\"col\" data-animate=\"fadeInUp\">\n\t\t\t\t\t\t<div class=\"col-inner\">\n\t\t\t\t\t\t\n<div class=\"badge-container badge-custom absolute right top z-1\">\n\n<\/div>\n\t\t\t\t\t\t<div class=\"product-small box margin-auto has-hover box-normal box-text-bottom\">\n\t\t\t\t\t\t\t<div class=\"box-image\" >\n\t\t\t\t\t\t\t\t<div class=\"\" >\n\t\t\t\t\t\t\t\t\t<a href=\"https:\/\/schaumweinkontor.com\/en\/produkt\/villa-san-carlo-amarone-2015-15-l-magnum\/\" aria-label=\"Villa San Carlo Amarone 2015 1,5 L Magnum\">\n\t\t\t\t\t\t\t\t\t\t<img loading=\"lazy\" decoding=\"async\" width=\"300\" height=\"300\" src=\"https:\/\/schaumweinkontor.com\/wp-content\/uploads\/2023\/04\/Villa-San-Carlo-Amarone_1000x1000-px-300x300.png\" class=\"attachment-medium size-medium\" alt=\"Villa San Carlo Amarone 2015 1,5 L Magnum\" srcset=\"https:\/\/schaumweinkontor.com\/wp-content\/uploads\/2023\/04\/Villa-San-Carlo-Amarone_1000x1000-px-300x300.png 300w, https:\/\/schaumweinkontor.com\/wp-content\/uploads\/2023\/04\/Villa-San-Carlo-Amarone_1000x1000-px-100x100.png 100w, https:\/\/schaumweinkontor.com\/wp-content\/uploads\/2023\/04\/Villa-San-Carlo-Amarone_1000x1000-px-510x510.png 510w, https:\/\/schaumweinkontor.com\/wp-content\/uploads\/2023\/04\/Villa-San-Carlo-Amarone_1000x1000-px-150x150.png 150w, https:\/\/schaumweinkontor.com\/wp-content\/uploads\/2023\/04\/Villa-San-Carlo-Amarone_1000x1000-px-768x768.png 768w, https:\/\/schaumweinkontor.com\/wp-content\/uploads\/2023\/04\/Villa-San-Carlo-Amarone_1000x1000-px.png 1000w\" sizes=\"auto, (max-width: 300px) 100vw, 300px\" \/>\t\t\t\t\t\t\t\t\t<\/a>\n\t\t\t\t\t\t\t\t\t\t\t\t\t\t\t\t\t\t \t\t\t\t\t\t\t\t<\/div>\n\t\t\t\t\t\t\t\t<div class=\"image-tools top right show-on-hover\">\n\t\t\t\t\t\t\t\t\t\t\t\t\t\t\t\t\t<\/div>\n\t\t\t\t\t\t\t\t\t\t\t\t\t\t\t\t\t<div class=\"image-tools grid-tools text-center hide-for-small bottom hover-slide-in show-on-hover\">\n\t\t\t\t\t\t\t\t\t\t\t\t\t\t\t\t\t\t\t<\/div>\n\t\t\t\t\t\t\t\t\t\t\t\t\t\t\t\t\t\t\t\t\t\t\t<\/div>\n\n\t\t\t\t\t\t\t<div class=\"box-text text-center\" >\n\t\t\t\t\t\t\t\t<div class=\"title-wrapper\">\t\t<p class=\"category uppercase is-smaller no-text-overflow product-cat op-7\">\n\t\t\tSan Carlo\t\t<\/p>\n\t<p class=\"name product-title woocommerce-loop-product__title\"><a href=\"https:\/\/schaumweinkontor.com\/en\/produkt\/villa-san-carlo-amarone-2015-15-l-magnum\/\" class=\"woocommerce-LoopProduct-link woocommerce-loop-product__link\">Villa San Carlo Amarone 2015 1,5 L Magnum<\/a><\/p><\/div><div class=\"price-wrapper\">\n\t<span class=\"price\"><span class=\"woocommerce-Price-amount amount\" role=\"none\"><bdi><span class=\"woocommerce-Price-currencySymbol\">&euro;<\/span>&nbsp;94,20<\/bdi><\/span> <small class=\"woocommerce-price-suffix\">inkl. MwSt.<\/small><\/span>\n<\/div><div class=\"add-to-cart-button\"><a href=\"\/en\/wp-json\/wp\/v2\/pages\/4628?add-to-cart=4680\" aria-describedby=\"woocommerce_loop_add_to_cart_link_describedby_4680\" data-quantity=\"1\" class=\"primary is-small mb-0 button product_type_simple add_to_cart_button ajax_add_to_cart is-outline\" data-product_id=\"4680\" data-product_sku=\"100300295\" aria-label=\"Add to cart: &ldquo;Villa San Carlo Amarone 2015 1,5 L Magnum&rdquo;\" rel=\"nofollow\" data-success_message=\"&ldquo;Villa San Carlo Amarone 2015 1,5 L Magnum&rdquo; has been added to your cart\" role=\"button\">Add to cart<\/a><\/div>\t<span id=\"woocommerce_loop_add_to_cart_link_describedby_4680\" class=\"screen-reader-text\">\n\t\t\t<\/span>\n\t\t\t\t\t\t\t<\/div>\n\t\t\t\t\t\t<\/div>\n\t\t\t\t\t\t<\/div>\n\t\t\t\t\t<\/div><\/div>\n\n\n\t\t<\/div>\n\t\t\t\t\t<\/div>\n\n\t\n\n\n<style>\n#row-2124063934 > .col > .col-inner {\n  padding: 15px 0px 0px 0px;\n}\n<\/style>\n<\/div>\n<div class=\"is-divider divider clearfix\" style=\"margin-top:3em;margin-bottom:3em;max-width:100%;background-color:rgba(183, 149, 73, 0.459);\"><\/div>\n\n\t<section class=\"section bg_winzer\" id=\"section_1209675076\">\n\t\t<div class=\"bg section-bg fill bg-fill  \" >\n\n\t\t\t\n\t\t\t\n\t\t\t\n\n\t\t<\/div>\n\n\t\t\n\n\t\t<div class=\"section-content relative\">\n\t\t\t\n\n<h2 id=\"still-sungoddess\" class=\"uppercase\" style=\"text-align: center;\">Sun Goddess<\/h2>\n\n\t\t<\/div>\n\n\t\t\n<style>\n#section_1209675076 {\n  padding-top: 30px;\n  padding-bottom: 30px;\n}\n#section_1209675076 .section-bg.bg-loaded {\n  background-image: url(https:\/\/schaumweinkontor.com\/wp-content\/uploads\/2022\/06\/landscape-illu-gold-transp.png);\n}\n<\/style>\n\t<\/section>\n\t\n<div class=\"row align-middle align-center\"  id=\"row-806508823\">\n\n\n\t<div id=\"col-28849400\" class=\"col small-12 large-12\"  >\n\t\t\t\t<div class=\"col-inner\"  >\n\t\t\t\n\t\t\t\n\n\n  \n    <div class=\"row margin-auto equalize-box large-columns-3 medium-columns- small-columns-2 row-large has-shadow row-box-shadow-2 row-box-shadow-4-hover\" >\n  \t\n\t     <div class=\"col\" data-animate=\"fadeInUp\">\n\t\t\t\t\t\t<div class=\"col-inner\">\n\t\t\t\t\t\t\n<div class=\"badge-container badge-custom absolute right top z-1\">\n\n<\/div>\n\t\t\t\t\t\t<div class=\"product-small box margin-auto has-hover box-normal box-text-bottom\">\n\t\t\t\t\t\t\t<div class=\"box-image\" >\n\t\t\t\t\t\t\t\t<div class=\"\" >\n\t\t\t\t\t\t\t\t\t<a href=\"https:\/\/schaumweinkontor.com\/en\/produkt\/sun-goddess-sauvignon-friuli-doc-075-l\/\" aria-label=\"Sun Goddess Sauvignon Friuli DOC 0,75 L\">\n\t\t\t\t\t\t\t\t\t\t<img loading=\"lazy\" decoding=\"async\" width=\"300\" height=\"300\" src=\"https:\/\/schaumweinkontor.com\/wp-content\/uploads\/2023\/04\/Sun-Goddess-Sauvignon-Friuli_1000x1000-px-300x300.png\" class=\"attachment-medium size-medium\" alt=\"Sun Goddess Sauvignon Friuli DOC 0,75 L\" srcset=\"https:\/\/schaumweinkontor.com\/wp-content\/uploads\/2023\/04\/Sun-Goddess-Sauvignon-Friuli_1000x1000-px-300x300.png 300w, https:\/\/schaumweinkontor.com\/wp-content\/uploads\/2023\/04\/Sun-Goddess-Sauvignon-Friuli_1000x1000-px-100x100.png 100w, https:\/\/schaumweinkontor.com\/wp-content\/uploads\/2023\/04\/Sun-Goddess-Sauvignon-Friuli_1000x1000-px-510x510.png 510w, https:\/\/schaumweinkontor.com\/wp-content\/uploads\/2023\/04\/Sun-Goddess-Sauvignon-Friuli_1000x1000-px-150x150.png 150w, https:\/\/schaumweinkontor.com\/wp-content\/uploads\/2023\/04\/Sun-Goddess-Sauvignon-Friuli_1000x1000-px-768x768.png 768w, https:\/\/schaumweinkontor.com\/wp-content\/uploads\/2023\/04\/Sun-Goddess-Sauvignon-Friuli_1000x1000-px.png 1000w\" sizes=\"auto, (max-width: 300px) 100vw, 300px\" \/>\t\t\t\t\t\t\t\t\t<\/a>\n\t\t\t\t\t\t\t\t\t\t\t\t\t\t\t\t\t\t \t\t\t\t\t\t\t\t<\/div>\n\t\t\t\t\t\t\t\t<div class=\"image-tools top right show-on-hover\">\n\t\t\t\t\t\t\t\t\t\t\t\t\t\t\t\t\t<\/div>\n\t\t\t\t\t\t\t\t\t\t\t\t\t\t\t\t\t<div class=\"image-tools grid-tools text-center hide-for-small bottom hover-slide-in show-on-hover\">\n\t\t\t\t\t\t\t\t\t\t\t\t\t\t\t\t\t\t\t<\/div>\n\t\t\t\t\t\t\t\t\t\t\t\t\t\t\t\t<div class=\"out-of-stock-label\">Out of stock<\/div>\t\t\t\t\t\t\t<\/div>\n\n\t\t\t\t\t\t\t<div class=\"box-text text-center\" >\n\t\t\t\t\t\t\t\t<div class=\"title-wrapper\">\t\t<p class=\"category uppercase is-smaller no-text-overflow product-cat op-7\">\n\t\t\tSun Goddess\t\t<\/p>\n\t<p class=\"name product-title woocommerce-loop-product__title\"><a href=\"https:\/\/schaumweinkontor.com\/en\/produkt\/sun-goddess-sauvignon-friuli-doc-075-l\/\" class=\"woocommerce-LoopProduct-link woocommerce-loop-product__link\">Sun Goddess Sauvignon Friuli DOC 0,75 L<\/a><\/p><\/div><div class=\"price-wrapper\">\n\t<span class=\"price\"><span class=\"woocommerce-Price-amount amount\" role=\"none\"><bdi><span class=\"woocommerce-Price-currencySymbol\">&euro;<\/span>&nbsp;15,50<\/bdi><\/span> <small class=\"woocommerce-price-suffix\">inkl. MwSt.<\/small><\/span>\n<\/div><div class=\"add-to-cart-button\"><a href=\"https:\/\/schaumweinkontor.com\/en\/produkt\/sun-goddess-sauvignon-friuli-doc-075-l\/\" aria-describedby=\"woocommerce_loop_add_to_cart_link_describedby_4678\" data-quantity=\"1\" class=\"primary is-small mb-0 button product_type_simple is-outline\" data-product_id=\"4678\" data-product_sku=\"100300151\" aria-label=\"Read more about &ldquo;Sun Goddess Sauvignon Friuli DOC 0,75 L&rdquo;\" rel=\"nofollow\" data-success_message=\"\">Read more<\/a><\/div>\t<span id=\"woocommerce_loop_add_to_cart_link_describedby_4678\" class=\"screen-reader-text\">\n\t\t\t<\/span>\n\t\t\t\t\t\t\t<\/div>\n\t\t\t\t\t\t<\/div>\n\t\t\t\t\t\t<\/div>\n\t\t\t\t\t<\/div><div class=\"col\" data-animate=\"fadeInUp\">\n\t\t\t\t\t\t<div class=\"col-inner\">\n\t\t\t\t\t\t\n<div class=\"badge-container badge-custom absolute right top z-1\">\n\n<\/div>\n\t\t\t\t\t\t<div class=\"product-small box margin-auto has-hover box-normal box-text-bottom\">\n\t\t\t\t\t\t\t<div class=\"box-image\" >\n\t\t\t\t\t\t\t\t<div class=\"\" >\n\t\t\t\t\t\t\t\t\t<a href=\"https:\/\/schaumweinkontor.com\/en\/produkt\/sun-goddess-pinot-grigio-ramato-friuli-doc-075-l\/\" aria-label=\"Sun Goddess Pinot Grigio Ramato Friuli DOC 0,75 L\">\n\t\t\t\t\t\t\t\t\t\t<img loading=\"lazy\" decoding=\"async\" width=\"300\" height=\"300\" src=\"https:\/\/schaumweinkontor.com\/wp-content\/uploads\/2023\/04\/Sun-Goddess-Pinot-Grigio_1000x1000-px-300x300.png\" class=\"attachment-medium size-medium\" alt=\"Sun Goddess Pinot Grigio Ramato Friuli DOC 0,75 L\" srcset=\"https:\/\/schaumweinkontor.com\/wp-content\/uploads\/2023\/04\/Sun-Goddess-Pinot-Grigio_1000x1000-px-300x300.png 300w, https:\/\/schaumweinkontor.com\/wp-content\/uploads\/2023\/04\/Sun-Goddess-Pinot-Grigio_1000x1000-px-100x100.png 100w, https:\/\/schaumweinkontor.com\/wp-content\/uploads\/2023\/04\/Sun-Goddess-Pinot-Grigio_1000x1000-px-510x510.png 510w, https:\/\/schaumweinkontor.com\/wp-content\/uploads\/2023\/04\/Sun-Goddess-Pinot-Grigio_1000x1000-px-150x150.png 150w, https:\/\/schaumweinkontor.com\/wp-content\/uploads\/2023\/04\/Sun-Goddess-Pinot-Grigio_1000x1000-px-768x768.png 768w, https:\/\/schaumweinkontor.com\/wp-content\/uploads\/2023\/04\/Sun-Goddess-Pinot-Grigio_1000x1000-px.png 1000w\" sizes=\"auto, (max-width: 300px) 100vw, 300px\" \/>\t\t\t\t\t\t\t\t\t<\/a>\n\t\t\t\t\t\t\t\t\t\t\t\t\t\t\t\t\t\t \t\t\t\t\t\t\t\t<\/div>\n\t\t\t\t\t\t\t\t<div class=\"image-tools top right show-on-hover\">\n\t\t\t\t\t\t\t\t\t\t\t\t\t\t\t\t\t<\/div>\n\t\t\t\t\t\t\t\t\t\t\t\t\t\t\t\t\t<div class=\"image-tools grid-tools text-center hide-for-small bottom hover-slide-in show-on-hover\">\n\t\t\t\t\t\t\t\t\t\t\t\t\t\t\t\t\t\t\t<\/div>\n\t\t\t\t\t\t\t\t\t\t\t\t\t\t\t\t<div class=\"out-of-stock-label\">Out of stock<\/div>\t\t\t\t\t\t\t<\/div>\n\n\t\t\t\t\t\t\t<div class=\"box-text text-center\" >\n\t\t\t\t\t\t\t\t<div class=\"title-wrapper\">\t\t<p class=\"category uppercase is-smaller no-text-overflow product-cat op-7\">\n\t\t\tSun Goddess\t\t<\/p>\n\t<p class=\"name product-title woocommerce-loop-product__title\"><a href=\"https:\/\/schaumweinkontor.com\/en\/produkt\/sun-goddess-pinot-grigio-ramato-friuli-doc-075-l\/\" class=\"woocommerce-LoopProduct-link woocommerce-loop-product__link\">Sun Goddess Pinot Grigio Ramato Friuli DOC 0,75 L<\/a><\/p><\/div><div class=\"price-wrapper\">\n\t<span class=\"price\"><span class=\"woocommerce-Price-amount amount\" role=\"none\"><bdi><span class=\"woocommerce-Price-currencySymbol\">&euro;<\/span>&nbsp;15,50<\/bdi><\/span> <small class=\"woocommerce-price-suffix\">inkl. MwSt.<\/small><\/span>\n<\/div><div class=\"add-to-cart-button\"><a href=\"https:\/\/schaumweinkontor.com\/en\/produkt\/sun-goddess-pinot-grigio-ramato-friuli-doc-075-l\/\" aria-describedby=\"woocommerce_loop_add_to_cart_link_describedby_4679\" data-quantity=\"1\" class=\"primary is-small mb-0 button product_type_simple is-outline\" data-product_id=\"4679\" data-product_sku=\"100300150\" aria-label=\"Read more about &ldquo;Sun Goddess Pinot Grigio Ramato Friuli DOC 0,75 L&rdquo;\" rel=\"nofollow\" data-success_message=\"\">Read more<\/a><\/div>\t<span id=\"woocommerce_loop_add_to_cart_link_describedby_4679\" class=\"screen-reader-text\">\n\t\t\t<\/span>\n\t\t\t\t\t\t\t<\/div>\n\t\t\t\t\t\t<\/div>\n\t\t\t\t\t\t<\/div>\n\t\t\t\t\t<\/div><div class=\"col\" data-animate=\"fadeInUp\">\n\t\t\t\t\t\t<div class=\"col-inner\">\n\t\t\t\t\t\t\n<div class=\"badge-container badge-custom absolute right top z-1\">\n\n<\/div>\n\t\t\t\t\t\t<div class=\"product-small box margin-auto has-hover box-normal box-text-bottom\">\n\t\t\t\t\t\t\t<div class=\"box-image\" >\n\t\t\t\t\t\t\t\t<div class=\"\" >\n\t\t\t\t\t\t\t\t\t<a href=\"https:\/\/schaumweinkontor.com\/en\/produkt\/sun-goddess-merlot-friuli-doc-075-l\/\" aria-label=\"Sun Goddess Merlot Friuli DOC 0,75 L\">\n\t\t\t\t\t\t\t\t\t\t<img loading=\"lazy\" decoding=\"async\" width=\"300\" height=\"300\" src=\"https:\/\/schaumweinkontor.com\/wp-content\/uploads\/2023\/04\/Sun-Goddess-Merlot-Friuli_1000x1000-px-300x300.png\" class=\"attachment-medium size-medium\" alt=\"Sun Goddess Merlot Friuli DOC 0,75 L\" srcset=\"https:\/\/schaumweinkontor.com\/wp-content\/uploads\/2023\/04\/Sun-Goddess-Merlot-Friuli_1000x1000-px-300x300.png 300w, https:\/\/schaumweinkontor.com\/wp-content\/uploads\/2023\/04\/Sun-Goddess-Merlot-Friuli_1000x1000-px-100x100.png 100w, https:\/\/schaumweinkontor.com\/wp-content\/uploads\/2023\/04\/Sun-Goddess-Merlot-Friuli_1000x1000-px-510x510.png 510w, https:\/\/schaumweinkontor.com\/wp-content\/uploads\/2023\/04\/Sun-Goddess-Merlot-Friuli_1000x1000-px-150x150.png 150w, https:\/\/schaumweinkontor.com\/wp-content\/uploads\/2023\/04\/Sun-Goddess-Merlot-Friuli_1000x1000-px-768x768.png 768w, https:\/\/schaumweinkontor.com\/wp-content\/uploads\/2023\/04\/Sun-Goddess-Merlot-Friuli_1000x1000-px.png 1000w\" sizes=\"auto, (max-width: 300px) 100vw, 300px\" \/>\t\t\t\t\t\t\t\t\t<\/a>\n\t\t\t\t\t\t\t\t\t\t\t\t\t\t\t\t\t\t \t\t\t\t\t\t\t\t<\/div>\n\t\t\t\t\t\t\t\t<div class=\"image-tools top right show-on-hover\">\n\t\t\t\t\t\t\t\t\t\t\t\t\t\t\t\t\t<\/div>\n\t\t\t\t\t\t\t\t\t\t\t\t\t\t\t\t\t<div class=\"image-tools grid-tools text-center hide-for-small bottom hover-slide-in show-on-hover\">\n\t\t\t\t\t\t\t\t\t\t\t\t\t\t\t\t\t\t\t<\/div>\n\t\t\t\t\t\t\t\t\t\t\t\t\t\t\t\t<div class=\"out-of-stock-label\">Out of stock<\/div>\t\t\t\t\t\t\t<\/div>\n\n\t\t\t\t\t\t\t<div class=\"box-text text-center\" >\n\t\t\t\t\t\t\t\t<div class=\"title-wrapper\">\t\t<p class=\"category uppercase is-smaller no-text-overflow product-cat op-7\">\n\t\t\tSun Goddess\t\t<\/p>\n\t<p class=\"name product-title woocommerce-loop-product__title\"><a href=\"https:\/\/schaumweinkontor.com\/en\/produkt\/sun-goddess-merlot-friuli-doc-075-l\/\" class=\"woocommerce-LoopProduct-link woocommerce-loop-product__link\">Sun Goddess Merlot Friuli DOC 0,75 L<\/a><\/p><\/div><div class=\"price-wrapper\">\n\t<span class=\"price\"><span class=\"woocommerce-Price-amount amount\" role=\"none\"><bdi><span class=\"woocommerce-Price-currencySymbol\">&euro;<\/span>&nbsp;20,50<\/bdi><\/span> <small class=\"woocommerce-price-suffix\">inkl. MwSt.<\/small><\/span>\n<\/div><div class=\"add-to-cart-button\"><a href=\"https:\/\/schaumweinkontor.com\/en\/produkt\/sun-goddess-merlot-friuli-doc-075-l\/\" aria-describedby=\"woocommerce_loop_add_to_cart_link_describedby_4677\" data-quantity=\"1\" class=\"primary is-small mb-0 button product_type_simple is-outline\" data-product_id=\"4677\" data-product_sku=\"100300152\" aria-label=\"Read more about &ldquo;Sun Goddess Merlot Friuli DOC 0,75 L&rdquo;\" rel=\"nofollow\" data-success_message=\"\">Read more<\/a><\/div>\t<span id=\"woocommerce_loop_add_to_cart_link_describedby_4677\" class=\"screen-reader-text\">\n\t\t\t<\/span>\n\t\t\t\t\t\t\t<\/div>\n\t\t\t\t\t\t<\/div>\n\t\t\t\t\t\t<\/div>\n\t\t\t\t\t<\/div><\/div>\n\n\n\t\t<\/div>\n\t\t\t\t\t<\/div>\n\n\t\n\n\n<style>\n#row-806508823 > .col > .col-inner {\n  padding: 15px 0px 0px 0px;\n}\n<\/style>\n<\/div>\n<div class=\"is-divider divider clearfix\" style=\"margin-top:3em;margin-bottom:3em;max-width:100%;background-color:rgba(183, 149, 73, 0.459);\"><\/div>\n\n\t<section class=\"section bg_winzer\" id=\"section_734921977\">\n\t\t<div class=\"bg section-bg fill bg-fill  \" >\n\n\t\t\t\n\t\t\t\n\t\t\t\n\n\t\t<\/div>\n\n\t\t\n\n\t\t<div class=\"section-content relative\">\n\t\t\t\n\n<h2 id=\"still-pratello\" class=\"uppercase\" style=\"text-align: center;\">pratello<\/h2>\n\n\t\t<\/div>\n\n\t\t\n<style>\n#section_734921977 {\n  padding-top: 30px;\n  padding-bottom: 30px;\n}\n#section_734921977 .section-bg.bg-loaded {\n  background-image: url(https:\/\/schaumweinkontor.com\/wp-content\/uploads\/2022\/06\/landscape-illu-gold-transp.png);\n}\n<\/style>\n\t<\/section>\n\t\n<div class=\"row align-middle align-center\"  id=\"row-1845954983\">\n\n\n\t<div id=\"col-526960956\" class=\"col small-12 large-12\"  >\n\t\t\t\t<div class=\"col-inner\"  >\n\t\t\t\n\t\t\t\n\n\n  \n    <div class=\"row margin-auto equalize-box large-columns-3 medium-columns- small-columns-2 row-large has-shadow row-box-shadow-2 row-box-shadow-4-hover\" >\n  \t\n\t     <div class=\"col\" data-animate=\"fadeInUp\">\n\t\t\t\t\t\t<div class=\"col-inner\">\n\t\t\t\t\t\t\n<div class=\"badge-container badge-custom absolute right top z-1\">\n\n<\/div>\n\t\t\t\t\t\t<div class=\"product-small box margin-auto has-hover box-normal box-text-bottom\">\n\t\t\t\t\t\t\t<div class=\"box-image\" >\n\t\t\t\t\t\t\t\t<div class=\"\" >\n\t\t\t\t\t\t\t\t\t<a href=\"https:\/\/schaumweinkontor.com\/en\/produkt\/pratello-ballerina-vermouth-rose-075-l\/\" aria-label=\"Pratello Ballerina Vermouth Ros\u00e9 0,75 L\">\n\t\t\t\t\t\t\t\t\t\t<img loading=\"lazy\" decoding=\"async\" width=\"300\" height=\"300\" src=\"https:\/\/schaumweinkontor.com\/wp-content\/uploads\/2023\/04\/Pratello-Ballerina-Vermout_1000x1000-px-300x300.png\" class=\"attachment-medium size-medium\" alt=\"Pratello Ballerina Vermouth Ros\u00e9 0,75 L\" srcset=\"https:\/\/schaumweinkontor.com\/wp-content\/uploads\/2023\/04\/Pratello-Ballerina-Vermout_1000x1000-px-300x300.png 300w, https:\/\/schaumweinkontor.com\/wp-content\/uploads\/2023\/04\/Pratello-Ballerina-Vermout_1000x1000-px-100x100.png 100w, https:\/\/schaumweinkontor.com\/wp-content\/uploads\/2023\/04\/Pratello-Ballerina-Vermout_1000x1000-px-510x510.png 510w, https:\/\/schaumweinkontor.com\/wp-content\/uploads\/2023\/04\/Pratello-Ballerina-Vermout_1000x1000-px-150x150.png 150w, https:\/\/schaumweinkontor.com\/wp-content\/uploads\/2023\/04\/Pratello-Ballerina-Vermout_1000x1000-px-768x768.png 768w, https:\/\/schaumweinkontor.com\/wp-content\/uploads\/2023\/04\/Pratello-Ballerina-Vermout_1000x1000-px.png 1000w\" sizes=\"auto, (max-width: 300px) 100vw, 300px\" \/>\t\t\t\t\t\t\t\t\t<\/a>\n\t\t\t\t\t\t\t\t\t\t\t\t\t\t\t\t\t\t \t\t\t\t\t\t\t\t<\/div>\n\t\t\t\t\t\t\t\t<div class=\"image-tools top right show-on-hover\">\n\t\t\t\t\t\t\t\t\t\t\t\t\t\t\t\t\t<\/div>\n\t\t\t\t\t\t\t\t\t\t\t\t\t\t\t\t\t<div class=\"image-tools grid-tools text-center hide-for-small bottom hover-slide-in show-on-hover\">\n\t\t\t\t\t\t\t\t\t\t\t\t\t\t\t\t\t\t\t<\/div>\n\t\t\t\t\t\t\t\t\t\t\t\t\t\t\t\t\t\t\t\t\t\t\t<\/div>\n\n\t\t\t\t\t\t\t<div class=\"box-text text-center\" >\n\t\t\t\t\t\t\t\t<div class=\"title-wrapper\">\t\t<p class=\"category uppercase is-smaller no-text-overflow product-cat op-7\">\n\t\t\tPratello\t\t<\/p>\n\t<p class=\"name product-title woocommerce-loop-product__title\"><a href=\"https:\/\/schaumweinkontor.com\/en\/produkt\/pratello-ballerina-vermouth-rose-075-l\/\" class=\"woocommerce-LoopProduct-link woocommerce-loop-product__link\">Pratello Ballerina Vermouth Ros\u00e9 0,75 L<\/a><\/p><\/div><div class=\"price-wrapper\">\n\t<span class=\"price\"><span class=\"woocommerce-Price-amount amount\" role=\"none\"><bdi><span class=\"woocommerce-Price-currencySymbol\">&euro;<\/span>&nbsp;48,30<\/bdi><\/span> <small class=\"woocommerce-price-suffix\">inkl. MwSt.<\/small><\/span>\n<\/div><div class=\"add-to-cart-button\"><a href=\"\/en\/wp-json\/wp\/v2\/pages\/4628?add-to-cart=4676\" aria-describedby=\"woocommerce_loop_add_to_cart_link_describedby_4676\" data-quantity=\"1\" class=\"primary is-small mb-0 button product_type_simple add_to_cart_button ajax_add_to_cart is-outline\" data-product_id=\"4676\" data-product_sku=\"100300160\" aria-label=\"Add to cart: &ldquo;Pratello Ballerina Vermouth Ros\u00e9 0,75 L&rdquo;\" rel=\"nofollow\" data-success_message=\"&ldquo;Pratello Ballerina Vermouth Ros\u00e9 0,75 L&rdquo; has been added to your cart\" role=\"button\">Add to cart<\/a><\/div>\t<span id=\"woocommerce_loop_add_to_cart_link_describedby_4676\" class=\"screen-reader-text\">\n\t\t\t<\/span>\n\t\t\t\t\t\t\t<\/div>\n\t\t\t\t\t\t<\/div>\n\t\t\t\t\t\t<\/div>\n\t\t\t\t\t<\/div><\/div>\n\n\n\t\t<\/div>\n\t\t\t\t\t<\/div>\n\n\t\n\n\n<style>\n#row-1845954983 > .col > .col-inner {\n  padding: 15px 0px 0px 0px;\n}\n<\/style>\n<\/div>\n<div class=\"is-divider divider clearfix\" style=\"margin-top:3em;margin-bottom:3em;max-width:100%;background-color:rgba(183, 149, 73, 0.459);\"><\/div>\n\n\t<section class=\"section bg_winzer\" id=\"section_1216112037\">\n\t\t<div class=\"bg section-bg fill bg-fill  \" >\n\n\t\t\t\n\t\t\t\n\t\t\t\n\n\t\t<\/div>\n\n\t\t\n\n\t\t<div class=\"section-content relative\">\n\t\t\t\n\n<h2 id=\"still-cortedeiventi\" class=\"uppercase\" style=\"text-align: center;\">CORTE DEI VENTI<\/h2>\n\n\t\t<\/div>\n\n\t\t\n<style>\n#section_1216112037 {\n  padding-top: 30px;\n  padding-bottom: 30px;\n}\n#section_1216112037 .section-bg.bg-loaded {\n  background-image: url(https:\/\/schaumweinkontor.com\/wp-content\/uploads\/2022\/06\/landscape-illu-gold-transp.png);\n}\n<\/style>\n\t<\/section>\n\t\n<div class=\"row align-middle align-center\"  id=\"row-1939388709\">\n\n\n\t<div id=\"col-1949303555\" class=\"col small-12 large-12\"  >\n\t\t\t\t<div class=\"col-inner\"  >\n\t\t\t\n\t\t\t\n\n\n  \n    <div class=\"row margin-auto equalize-box large-columns-3 medium-columns- small-columns-2 row-large has-shadow row-box-shadow-2 row-box-shadow-4-hover\" >\n  \t\n\t     <div class=\"col\" data-animate=\"fadeInUp\">\n\t\t\t\t\t\t<div class=\"col-inner\">\n\t\t\t\t\t\t\n<div class=\"badge-container badge-custom absolute right top z-1\">\n\n<\/div>\n\t\t\t\t\t\t<div class=\"product-small box margin-auto has-hover box-normal box-text-bottom\">\n\t\t\t\t\t\t\t<div class=\"box-image\" >\n\t\t\t\t\t\t\t\t<div class=\"\" >\n\t\t\t\t\t\t\t\t\t<a href=\"https:\/\/schaumweinkontor.com\/en\/produkt\/corte-dei-venti-rosso-di-montalcino-075-l\/\" aria-label=\"Corte dei Venti Rosso di Montalcino 0,75 L\">\n\t\t\t\t\t\t\t\t\t\t<img loading=\"lazy\" decoding=\"async\" width=\"300\" height=\"300\" src=\"https:\/\/schaumweinkontor.com\/wp-content\/uploads\/2023\/08\/rosso1-300x300.png\" class=\"attachment-medium size-medium\" alt=\"Corte dei Venti Rosso di Montalcino 0,75 L\" srcset=\"https:\/\/schaumweinkontor.com\/wp-content\/uploads\/2023\/08\/rosso1-300x300.png 300w, https:\/\/schaumweinkontor.com\/wp-content\/uploads\/2023\/08\/rosso1-100x100.png 100w, https:\/\/schaumweinkontor.com\/wp-content\/uploads\/2023\/08\/rosso1-510x510.png 510w, https:\/\/schaumweinkontor.com\/wp-content\/uploads\/2023\/08\/rosso1-150x150.png 150w, https:\/\/schaumweinkontor.com\/wp-content\/uploads\/2023\/08\/rosso1-768x768.png 768w, https:\/\/schaumweinkontor.com\/wp-content\/uploads\/2023\/08\/rosso1.png 800w\" sizes=\"auto, (max-width: 300px) 100vw, 300px\" \/>\t\t\t\t\t\t\t\t\t<\/a>\n\t\t\t\t\t\t\t\t\t\t\t\t\t\t\t\t\t\t \t\t\t\t\t\t\t\t<\/div>\n\t\t\t\t\t\t\t\t<div class=\"image-tools top right show-on-hover\">\n\t\t\t\t\t\t\t\t\t\t\t\t\t\t\t\t\t<\/div>\n\t\t\t\t\t\t\t\t\t\t\t\t\t\t\t\t\t<div class=\"image-tools grid-tools text-center hide-for-small bottom hover-slide-in show-on-hover\">\n\t\t\t\t\t\t\t\t\t\t\t\t\t\t\t\t\t\t\t<\/div>\n\t\t\t\t\t\t\t\t\t\t\t\t\t\t\t\t\t\t\t\t\t\t\t<\/div>\n\n\t\t\t\t\t\t\t<div class=\"box-text text-center\" >\n\t\t\t\t\t\t\t\t<div class=\"title-wrapper\">\t\t<p class=\"category uppercase is-smaller no-text-overflow product-cat op-7\">\n\t\t\tCorte dei Venti\t\t<\/p>\n\t<p class=\"name product-title woocommerce-loop-product__title\"><a href=\"https:\/\/schaumweinkontor.com\/en\/produkt\/corte-dei-venti-rosso-di-montalcino-075-l\/\" class=\"woocommerce-LoopProduct-link woocommerce-loop-product__link\">Corte dei Venti Rosso di Montalcino 0,75 L<\/a><\/p><\/div><div class=\"price-wrapper\">\n\t<span class=\"price\"><span class=\"woocommerce-Price-amount amount\" role=\"none\"><bdi><span class=\"woocommerce-Price-currencySymbol\">&euro;<\/span>&nbsp;16,90<\/bdi><\/span> <small class=\"woocommerce-price-suffix\">inkl. MwSt.<\/small><\/span>\n<\/div><div class=\"add-to-cart-button\"><a href=\"\/en\/wp-json\/wp\/v2\/pages\/4628?add-to-cart=4660\" aria-describedby=\"woocommerce_loop_add_to_cart_link_describedby_4660\" data-quantity=\"1\" class=\"primary is-small mb-0 button product_type_simple add_to_cart_button ajax_add_to_cart is-outline\" data-product_id=\"4660\" data-product_sku=\"100300368\" aria-label=\"Add to cart: &ldquo;Corte dei Venti Rosso di Montalcino 0,75 L&rdquo;\" rel=\"nofollow\" data-success_message=\"&ldquo;Corte dei Venti Rosso di Montalcino 0,75 L&rdquo; has been added to your cart\" role=\"button\">Add to cart<\/a><\/div>\t<span id=\"woocommerce_loop_add_to_cart_link_describedby_4660\" class=\"screen-reader-text\">\n\t\t\t<\/span>\n\t\t\t\t\t\t\t<\/div>\n\t\t\t\t\t\t<\/div>\n\t\t\t\t\t\t<\/div>\n\t\t\t\t\t<\/div><div class=\"col\" data-animate=\"fadeInUp\">\n\t\t\t\t\t\t<div class=\"col-inner\">\n\t\t\t\t\t\t\n<div class=\"badge-container badge-custom absolute right top z-1\">\n\n<\/div>\n\t\t\t\t\t\t<div class=\"product-small box margin-auto has-hover box-normal box-text-bottom\">\n\t\t\t\t\t\t\t<div class=\"box-image\" >\n\t\t\t\t\t\t\t\t<div class=\"\" >\n\t\t\t\t\t\t\t\t\t<a href=\"https:\/\/schaumweinkontor.com\/en\/produkt\/corte-dei-venti-brunello-die-montalcino-075-l\/\" aria-label=\"Corte dei Venti Brunello die Montalcino 0,75 L\">\n\t\t\t\t\t\t\t\t\t\t<img loading=\"lazy\" decoding=\"async\" width=\"300\" height=\"300\" src=\"https:\/\/schaumweinkontor.com\/wp-content\/uploads\/2023\/08\/brunello1-300x300.png\" class=\"attachment-medium size-medium\" alt=\"Corte dei Venti Brunello die Montalcino 0,75 L\" srcset=\"https:\/\/schaumweinkontor.com\/wp-content\/uploads\/2023\/08\/brunello1-300x300.png 300w, https:\/\/schaumweinkontor.com\/wp-content\/uploads\/2023\/08\/brunello1-100x100.png 100w, https:\/\/schaumweinkontor.com\/wp-content\/uploads\/2023\/08\/brunello1-510x510.png 510w, https:\/\/schaumweinkontor.com\/wp-content\/uploads\/2023\/08\/brunello1-150x150.png 150w, https:\/\/schaumweinkontor.com\/wp-content\/uploads\/2023\/08\/brunello1-768x768.png 768w, https:\/\/schaumweinkontor.com\/wp-content\/uploads\/2023\/08\/brunello1.png 800w\" sizes=\"auto, (max-width: 300px) 100vw, 300px\" \/>\t\t\t\t\t\t\t\t\t<\/a>\n\t\t\t\t\t\t\t\t\t\t\t\t\t\t\t\t\t\t \t\t\t\t\t\t\t\t<\/div>\n\t\t\t\t\t\t\t\t<div class=\"image-tools top right show-on-hover\">\n\t\t\t\t\t\t\t\t\t\t\t\t\t\t\t\t\t<\/div>\n\t\t\t\t\t\t\t\t\t\t\t\t\t\t\t\t\t<div class=\"image-tools grid-tools text-center hide-for-small bottom hover-slide-in show-on-hover\">\n\t\t\t\t\t\t\t\t\t\t\t\t\t\t\t\t\t\t\t<\/div>\n\t\t\t\t\t\t\t\t\t\t\t\t\t\t\t\t\t\t\t\t\t\t\t<\/div>\n\n\t\t\t\t\t\t\t<div class=\"box-text text-center\" >\n\t\t\t\t\t\t\t\t<div class=\"title-wrapper\">\t\t<p class=\"category uppercase is-smaller no-text-overflow product-cat op-7\">\n\t\t\tCorte dei Venti\t\t<\/p>\n\t<p class=\"name product-title woocommerce-loop-product__title\"><a href=\"https:\/\/schaumweinkontor.com\/en\/produkt\/corte-dei-venti-brunello-die-montalcino-075-l\/\" class=\"woocommerce-LoopProduct-link woocommerce-loop-product__link\">Corte dei Venti Brunello die Montalcino 0,75 L<\/a><\/p><\/div><div class=\"price-wrapper\">\n\t<span class=\"price\"><span class=\"woocommerce-Price-amount amount\" role=\"none\"><bdi><span class=\"woocommerce-Price-currencySymbol\">&euro;<\/span>&nbsp;43,00<\/bdi><\/span> <small class=\"woocommerce-price-suffix\">inkl. MwSt.<\/small><\/span>\n<\/div><div class=\"add-to-cart-button\"><a href=\"\/en\/wp-json\/wp\/v2\/pages\/4628?add-to-cart=4658\" aria-describedby=\"woocommerce_loop_add_to_cart_link_describedby_4658\" data-quantity=\"1\" class=\"primary is-small mb-0 button product_type_simple add_to_cart_button ajax_add_to_cart is-outline\" data-product_id=\"4658\" data-product_sku=\"100300369\" aria-label=\"Add to cart: &ldquo;Corte dei Venti Brunello die Montalcino 0,75 L&rdquo;\" rel=\"nofollow\" data-success_message=\"&ldquo;Corte dei Venti Brunello die Montalcino 0,75 L&rdquo; has been added to your cart\" role=\"button\">Add to cart<\/a><\/div>\t<span id=\"woocommerce_loop_add_to_cart_link_describedby_4658\" class=\"screen-reader-text\">\n\t\t\t<\/span>\n\t\t\t\t\t\t\t<\/div>\n\t\t\t\t\t\t<\/div>\n\t\t\t\t\t\t<\/div>\n\t\t\t\t\t<\/div><\/div>\n\n\n\t\t<\/div>\n\t\t\t\t\t<\/div>\n\n\t\n\n\n<style>\n#row-1939388709 > .col > .col-inner {\n  padding: 15px 0px 0px 0px;\n}\n<\/style>\n<\/div>\n\n\t<section class=\"section hide-for-medium\" id=\"section_629189751\">\n\t\t<div class=\"bg section-bg fill bg-fill  bg-loaded\" >\n\n\t\t\t\n\t\t\t\n\t\t\t\n\n\t\t<\/div>\n\n\t\t\n\n\t\t<div class=\"section-content relative\">\n\t\t\t\n\n<div class=\"row row-collapse row-full-width align-middle blau-verlauf\"  id=\"row-494772451\">\n\n\n\t<div id=\"col-1325900786\" class=\"col small-12 large-12\"  >\n\t\t\t\t<div class=\"col-inner\"  >\n\t\t\t\n\t\t\t\n\n\t<div id=\"text-979154141\" class=\"text\">\n\t\t\n\n<h2 id=\"gutscheine\" class=\"uppercase\" style=\"text-align: left;\">  Gift Cards <\/h2>\n\n\t\t\n<style>\n#text-979154141 {\n  font-size: 1.5rem;\n  line-height: 2;\n}\n<\/style>\n\t<\/div>\n\t\n\n\t\t<\/div>\n\t\t\t\t\t<\/div>\n\n\t\n\n\n<style>\n#row-494772451 > .col > .col-inner {\n  padding: 0px 20px 0px 20px;\n  border-radius: 74px;\n}\n<\/style>\n<\/div>\n\n\t\t<\/div>\n\n\t\t\n<style>\n#section_629189751 {\n  padding-top: 0px;\n  padding-bottom: 0px;\n}\n<\/style>\n\t<\/section>\n\t\n\t<section class=\"section bg_winzer\" id=\"section_791898299\">\n\t\t<div class=\"bg section-bg fill bg-fill  \" >\n\n\t\t\t\n\t\t\t\n\t\t\t\n\n\t\t<\/div>\n\n\t\t\n\n\t\t<div class=\"section-content relative\">\n\t\t\t\n\n<h2 id=\"gutscheincode\" class=\"uppercase\" style=\"text-align: center;\"> Gift Cards <\/h2>\n\n\n\t\t<\/div>\n\n\t\t\n<style>\n#section_791898299 {\n  padding-top: 30px;\n  padding-bottom: 30px;\n}\n#section_791898299 .section-bg.bg-loaded {\n  background-image: url(https:\/\/schaumweinkontor.com\/wp-content\/uploads\/2022\/06\/landscape-illu-gold-transp.png);\n}\n<\/style>\n\t<\/section>\n\t\n<div class=\"row align-middle align-center\"  id=\"row-714507067\">\n\n\n\t<div id=\"col-1402910988\" class=\"col small-12 large-12\"  >\n\t\t\t\t<div class=\"col-inner\"  >\n\t\t\t\n\t\t\t\n\n\n  \n    <div class=\"row margin-auto equalize-box large-columns-3 medium-columns- small-columns-2 row-large has-shadow row-box-shadow-2 row-box-shadow-4-hover\" >\n  \t\n\t     <div class=\"col\" data-animate=\"fadeInUp\">\n\t\t\t\t\t\t<div class=\"col-inner\">\n\t\t\t\t\t\t\n<div class=\"badge-container badge-custom absolute right top z-1\">\n\n<\/div>\n\t\t\t\t\t\t<div class=\"product-small box margin-auto has-hover box-normal box-text-bottom\">\n\t\t\t\t\t\t\t<div class=\"box-image\" >\n\t\t\t\t\t\t\t\t<div class=\"\" >\n\t\t\t\t\t\t\t\t\t<a href=\"https:\/\/schaumweinkontor.com\/en\/produkt\/your-gift-from-schaumweinkontor\/\" aria-label=\"Your gift from Schaumweinkontor\">\n\t\t\t\t\t\t\t\t\t\t<img loading=\"lazy\" decoding=\"async\" width=\"250\" height=\"300\" src=\"https:\/\/schaumweinkontor.com\/wp-content\/uploads\/2022\/11\/swk-online-gutschein-250x300.jpg\" class=\"attachment-medium size-medium\" alt=\"Your gift from Schaumweinkontor\" srcset=\"https:\/\/schaumweinkontor.com\/wp-content\/uploads\/2022\/11\/swk-online-gutschein-250x300.jpg 250w, https:\/\/schaumweinkontor.com\/wp-content\/uploads\/2022\/11\/swk-online-gutschein-800x960.jpg 800w, https:\/\/schaumweinkontor.com\/wp-content\/uploads\/2022\/11\/swk-online-gutschein-510x611.jpg 510w, https:\/\/schaumweinkontor.com\/wp-content\/uploads\/2022\/11\/swk-online-gutschein-768x921.jpg 768w, https:\/\/schaumweinkontor.com\/wp-content\/uploads\/2022\/11\/swk-online-gutschein.jpg 835w\" sizes=\"auto, (max-width: 250px) 100vw, 250px\" \/>\t\t\t\t\t\t\t\t\t<\/a>\n\t\t\t\t\t\t\t\t\t\t\t\t\t\t\t\t\t\t \t\t\t\t\t\t\t\t<\/div>\n\t\t\t\t\t\t\t\t<div class=\"image-tools top right show-on-hover\">\n\t\t\t\t\t\t\t\t\t\t\t\t\t\t\t\t\t<\/div>\n\t\t\t\t\t\t\t\t\t\t\t\t\t\t\t\t\t<div class=\"image-tools grid-tools text-center hide-for-small bottom hover-slide-in show-on-hover\">\n\t\t\t\t\t\t\t\t\t\t\t\t\t\t\t\t\t\t\t<\/div>\n\t\t\t\t\t\t\t\t\t\t\t\t\t\t\t\t\t\t\t\t\t\t\t<\/div>\n\n\t\t\t\t\t\t\t<div class=\"box-text text-center\" style=\"padding:0px 0px px 0px;\">\n\t\t\t\t\t\t\t\t<div class=\"title-wrapper\">\t\t<p class=\"category uppercase is-smaller no-text-overflow product-cat op-7\">\n\t\t\tVoucher\t\t<\/p>\n\t<p class=\"name product-title woocommerce-loop-product__title\"><a href=\"https:\/\/schaumweinkontor.com\/en\/produkt\/your-gift-from-schaumweinkontor\/\" class=\"woocommerce-LoopProduct-link woocommerce-loop-product__link\">Your gift from Schaumweinkontor<\/a><\/p><\/div><div class=\"price-wrapper\">\n<\/div><div class=\"add-to-cart-button\"><a href=\"https:\/\/schaumweinkontor.com\/en\/produkt\/your-gift-from-schaumweinkontor\/\" aria-describedby=\"woocommerce_loop_add_to_cart_link_describedby_4731\" data-quantity=\"1\" class=\"primary is-small mb-0 button product_type_gift-card add_to_cart_button is-outline\" data-product_id=\"4731\" data-product_sku=\"\" aria-label=\"Read more about &ldquo;Your gift from Schaumweinkontor&rdquo;\" rel=\"nofollow\">Select amount<\/a><\/div>\t<span id=\"woocommerce_loop_add_to_cart_link_describedby_4731\" class=\"screen-reader-text\">\n\t\t\t<\/span>\n\t\t\t\t\t\t\t<\/div>\n\t\t\t\t\t\t<\/div>\n\t\t\t\t\t\t<\/div>\n\t\t\t\t\t<\/div><\/div>\n\n\n\t\t<\/div>\n\t\t\t\t\t<\/div>\n\n\t\n\n\n<style>\n#row-714507067 > .col > .col-inner {\n  padding: 15px 0px 0px 0px;\n}\n<\/style>\n<\/div>\n\n<\/p>\n<\/div>\n\n\t\t<\/div>\n\t\t\t\t\t<\/div>\n\n\t\n\n<\/div>\n<div class=\"row row-collapse row-full-width show-for-medium\"  id=\"row-1863254623\">\n\n\n\t<div id=\"col-542952318\" class=\"col small-12 large-12\"  >\n\t\t\t\t<div class=\"col-inner\"  >\n\t\t\t\n\t\t\t\n\n\n  <div class=\"banner has-hover shop-banner-mobile show-for-small\" id=\"banner-1871599388\">\n          <div class=\"banner-inner fill\">\n        <div class=\"banner-bg fill\" >\n            <div class=\"bg fill bg-fill \"><\/div>\n                                    \n                    <\/div>\n\t\t\n        <div class=\"banner-layers container\">\n            <div class=\"fill banner-link\"><\/div>            \n\n   <div id=\"text-box-954808004\" class=\"text-box banner-layer x50 md-x50 lg-x50 y50 md-y50 lg-y50 res-text\">\n                                <div class=\"text-box-content text dark\">\n              \n              <div class=\"text-inner text-center\">\n                  \n\n<h1 class=\"uppercase\" style=\"text-align: center;\"><b>Sortiment<\/b><\/h1>\n\n              <\/div>\n           <\/div>\n                            \n<style>\n#text-box-954808004 {\n  width: 74%;\n}\n#text-box-954808004 .text-box-content {\n  font-size: 100%;\n}\n@media (min-width:550px) {\n  #text-box-954808004 {\n    width: 60%;\n  }\n}\n<\/style>\n    <\/div>\n \n\n        <\/div>\n      <\/div>\n\n            \n<style>\n#banner-1871599388 {\n  padding-top: 99%;\n}\n#banner-1871599388 .bg.bg-loaded {\n  background-image: url(https:\/\/schaumweinkontor.com\/wp-content\/uploads\/2022\/06\/Schaumweinkontor-Header-2000x800-px-1024x410.png);\n}\n@media (min-width:550px) {\n  #banner-1871599388 {\n    padding-top: 500px;\n  }\n}\n<\/style>\n  <\/div>\n\n\n<div id=\"de-mobile\">\n<div class=\"row row-collapse row-full-width align-middle blau-verlauf show-for-medium\"  id=\"row-233307696\">\n\n\n\t<div id=\"col-914598944\" class=\"col medium-6 small-5 large-6\"  >\n\t\t\t\t<div class=\"col-inner\"  >\n\t\t\t\n\t\t\t\n\n\t<div id=\"text-472604919\" class=\"text\">\n\t\t\n\n<div id=\"sekt-de\">\r\n<h2><span style=\"font-size: 75%;\">Deutschland<\/span><\/h2>\r\n<\/div>\n\t\t\n<style>\n#text-472604919 {\n  font-size: 1.5rem;\n  line-height: 2;\n}\n<\/style>\n\t<\/div>\n\t\n\n\t\t<\/div>\n\t\t\t\t\t<\/div>\n\n\t\n\n\t<div id=\"col-112291852\" class=\"col medium-6 small-7 large-6\"  >\n\t\t\t\t<div class=\"col-inner\"  >\n\t\t\t\n\t\t\t\n\n<h5 class=\"uppercase\" style=\"text-align: right;\"><span style=\"color: #b79549; font-size: 75%;\">Sekt Flascheng\u00e4rung<\/span><\/h5>\n\n\t\t<\/div>\n\t\t\t\t\t<\/div>\n\n\t\n\n\n<style>\n#row-233307696 > .col > .col-inner {\n  padding: 0px 20px 0px 20px;\n  border-radius: 74px;\n}\n@media (min-width:550px) {\n  #row-233307696 > .col > .col-inner {\n    padding: 0px 20px 0px 20px;\n  }\n}\n<\/style>\n<\/div>\n\t<section class=\"section bg_winzer show-for-medium\" id=\"section_1291891745\">\n\t\t<div class=\"bg section-bg fill bg-fill  \" >\n\n\t\t\t\n\t\t\t\n\t\t\t\n\n\t\t<\/div>\n\n\t\t\n\n\t\t<div class=\"section-content relative\">\n\t\t\t\n\n<div class=\"row row-collapse align-middle align-center\"  id=\"row-1148481785\">\n\n\n\t<div id=\"col-1173171851\" class=\"col small-12 large-12\"  >\n\t\t\t\t<div class=\"col-inner\"  >\n\t\t\t\n\t\t\t\n\n<div id=\"vaux-mobile\">\n<h2 class=\"uppercase\" style=\"text-align: center;\">Schloss Vaux<\/h2>\n<\/div>\n\n\t\t<\/div>\n\t\t\t\t\t<\/div>\n\n\t\n\n\n<style>\n#row-1148481785 > .col > .col-inner {\n  padding: 15px 0px 0px 0px;\n}\n<\/style>\n<\/div>\n\n\t\t<\/div>\n\n\t\t\n<style>\n#section_1291891745 {\n  padding-top: 30px;\n  padding-bottom: 30px;\n  margin-bottom: 0px;\n}\n#section_1291891745 .section-bg.bg-loaded {\n  background-image: url(https:\/\/schaumweinkontor.com\/wp-content\/uploads\/2022\/06\/landscape-illu-gold-transp.png);\n}\n@media (min-width:550px) {\n  #section_1291891745 {\n    padding-top: 20px;\n    padding-bottom: 20px;\n  }\n}\n<\/style>\n\t<\/section>\n\t\n<div class=\"row row-full-width margin-auto\"  id=\"row-1195657449\">\n\n\n\t<div id=\"col-2081056032\" class=\"col small-12 large-12\"  >\n\t\t\t\t<div class=\"col-inner\"  >\n\t\t\t\n\t\t\t\n\n\n  \n    <div class=\"row  equalize-box show-for-small large-columns-3 medium-columns- small-columns-1 row-large has-shadow row-box-shadow-2 row-box-shadow-4-hover\" >\n  \t\n\t     <div class=\"col\" data-animate=\"fadeInUp\">\n\t\t\t\t\t\t<div class=\"col-inner\">\n\t\t\t\t\t\t\n<div class=\"badge-container badge-custom absolute right top z-1\">\n<div class=\"callout badge badge-circle\"><div class=\"badge-inner secondary on-sale\"><span class=\"onsale\">Sale!<\/span><\/div><\/div>\n<\/div>\n\t\t\t\t\t\t<div class=\"product-small box has-hover box-vertical box-text-bottom\">\n\t\t\t\t\t\t\t<div class=\"box-image\" >\n\t\t\t\t\t\t\t\t<div class=\"\" >\n\t\t\t\t\t\t\t\t\t<a href=\"https:\/\/schaumweinkontor.com\/en\/produkt\/schloss-vaux-riesling-brut-075-l\/\" aria-label=\"Schloss Vaux Riesling Brut 0,75 L\">\n\t\t\t\t\t\t\t\t\t\t<img loading=\"lazy\" decoding=\"async\" width=\"300\" height=\"300\" src=\"https:\/\/schaumweinkontor.com\/wp-content\/uploads\/2022\/06\/Schloss-Vaux-Riesling-Brut-075-L-300x300.png\" class=\"attachment-medium size-medium\" alt=\"Schloss Vaux Riesling Brut 0,75 L\" srcset=\"https:\/\/schaumweinkontor.com\/wp-content\/uploads\/2022\/06\/Schloss-Vaux-Riesling-Brut-075-L-300x300.png 300w, https:\/\/schaumweinkontor.com\/wp-content\/uploads\/2022\/06\/Schloss-Vaux-Riesling-Brut-075-L-100x100.png 100w, https:\/\/schaumweinkontor.com\/wp-content\/uploads\/2022\/06\/Schloss-Vaux-Riesling-Brut-075-L-510x510.png 510w, https:\/\/schaumweinkontor.com\/wp-content\/uploads\/2022\/06\/Schloss-Vaux-Riesling-Brut-075-L-150x150.png 150w, https:\/\/schaumweinkontor.com\/wp-content\/uploads\/2022\/06\/Schloss-Vaux-Riesling-Brut-075-L-768x768.png 768w, https:\/\/schaumweinkontor.com\/wp-content\/uploads\/2022\/06\/Schloss-Vaux-Riesling-Brut-075-L.png 1000w\" sizes=\"auto, (max-width: 300px) 100vw, 300px\" \/>\t\t\t\t\t\t\t\t\t<\/a>\n\t\t\t\t\t\t\t\t\t\t\t\t\t\t\t\t\t\t \t\t\t\t\t\t\t\t<\/div>\n\t\t\t\t\t\t\t\t<div class=\"image-tools top right show-on-hover\">\n\t\t\t\t\t\t\t\t\t\t\t\t\t\t\t\t\t<\/div>\n\t\t\t\t\t\t\t\t\t\t\t\t\t\t\t\t\t<div class=\"image-tools grid-tools text-center hide-for-small bottom hover-slide-in show-on-hover\">\n\t\t\t\t\t\t\t\t\t\t\t\t\t\t\t\t\t\t\t<\/div>\n\t\t\t\t\t\t\t\t\t\t\t\t\t\t\t\t\t\t\t\t\t\t\t<\/div>\n\n\t\t\t\t\t\t\t<div class=\"box-text text-center\" >\n\t\t\t\t\t\t\t\t<div class=\"title-wrapper\">\t\t<p class=\"category uppercase is-smaller no-text-overflow product-cat op-7\">\n\t\t\tSchloss Vaux\t\t<\/p>\n\t<p class=\"name product-title woocommerce-loop-product__title\"><a href=\"https:\/\/schaumweinkontor.com\/en\/produkt\/schloss-vaux-riesling-brut-075-l\/\" class=\"woocommerce-LoopProduct-link woocommerce-loop-product__link\">Schloss Vaux Riesling Brut 0,75 L<\/a><\/p><\/div><div class=\"price-wrapper\">\n\t<span class=\"price\"><del aria-hidden=\"true\"><span class=\"woocommerce-Price-amount amount\" role=\"none\"><bdi><span class=\"woocommerce-Price-currencySymbol\">&euro;<\/span>&nbsp;17,20<\/bdi><\/span><\/del> <span class=\"screen-reader-text\">Original price was: &euro;&nbsp;17,20.<\/span><ins aria-hidden=\"true\"><span class=\"woocommerce-Price-amount amount\" role=\"none\"><bdi><span class=\"woocommerce-Price-currencySymbol\">&euro;<\/span>&nbsp;12,90<\/bdi><\/span><\/ins><span class=\"screen-reader-text\">Current price is: &euro;&nbsp;12,90.<\/span> <small class=\"woocommerce-price-suffix\">inkl. MwSt.<\/small><\/span>\n<\/div><div class=\"add-to-cart-button\"><a href=\"\/en\/wp-json\/wp\/v2\/pages\/4628?add-to-cart=4766\" aria-describedby=\"woocommerce_loop_add_to_cart_link_describedby_4766\" data-quantity=\"1\" class=\"primary is-small mb-0 button product_type_simple add_to_cart_button ajax_add_to_cart is-outline\" data-product_id=\"4766\" data-product_sku=\"100300249\" aria-label=\"Add to cart: &ldquo;Schloss Vaux Riesling Brut 0,75 L&rdquo;\" rel=\"nofollow\" data-success_message=\"&ldquo;Schloss Vaux Riesling Brut 0,75 L&rdquo; has been added to your cart\" role=\"button\">Add to cart<\/a><\/div>\t<span id=\"woocommerce_loop_add_to_cart_link_describedby_4766\" class=\"screen-reader-text\">\n\t\t\t<\/span>\n\t\t\t\t\t\t\t<\/div>\n\t\t\t\t\t\t<\/div>\n\t\t\t\t\t\t<\/div>\n\t\t\t\t\t<\/div><div class=\"col\" data-animate=\"fadeInUp\">\n\t\t\t\t\t\t<div class=\"col-inner\">\n\t\t\t\t\t\t\n<div class=\"badge-container badge-custom absolute right top z-1\">\n\n<\/div>\n\t\t\t\t\t\t<div class=\"product-small box has-hover box-vertical box-text-bottom\">\n\t\t\t\t\t\t\t<div class=\"box-image\" >\n\t\t\t\t\t\t\t\t<div class=\"\" >\n\t\t\t\t\t\t\t\t\t<a href=\"https:\/\/schaumweinkontor.com\/en\/produkt\/schloss-vaux-cuvee-brut-075-l\/\" aria-label=\"Schloss Vaux Cuv\u00e9e Brut 0,75 L\">\n\t\t\t\t\t\t\t\t\t\t<img loading=\"lazy\" decoding=\"async\" width=\"300\" height=\"300\" src=\"https:\/\/schaumweinkontor.com\/wp-content\/uploads\/2022\/06\/Schloss-Vaux-Cuvee-Brut-075-L-300x300.png\" class=\"attachment-medium size-medium\" alt=\"Schloss Vaux Cuv\u00e9e Brut 0,75 L\" srcset=\"https:\/\/schaumweinkontor.com\/wp-content\/uploads\/2022\/06\/Schloss-Vaux-Cuvee-Brut-075-L-300x300.png 300w, https:\/\/schaumweinkontor.com\/wp-content\/uploads\/2022\/06\/Schloss-Vaux-Cuvee-Brut-075-L-100x100.png 100w, https:\/\/schaumweinkontor.com\/wp-content\/uploads\/2022\/06\/Schloss-Vaux-Cuvee-Brut-075-L-510x510.png 510w, https:\/\/schaumweinkontor.com\/wp-content\/uploads\/2022\/06\/Schloss-Vaux-Cuvee-Brut-075-L-150x150.png 150w, https:\/\/schaumweinkontor.com\/wp-content\/uploads\/2022\/06\/Schloss-Vaux-Cuvee-Brut-075-L-768x768.png 768w, https:\/\/schaumweinkontor.com\/wp-content\/uploads\/2022\/06\/Schloss-Vaux-Cuvee-Brut-075-L.png 1000w\" sizes=\"auto, (max-width: 300px) 100vw, 300px\" \/>\t\t\t\t\t\t\t\t\t<\/a>\n\t\t\t\t\t\t\t\t\t\t\t\t\t\t\t\t\t\t \t\t\t\t\t\t\t\t<\/div>\n\t\t\t\t\t\t\t\t<div class=\"image-tools top right show-on-hover\">\n\t\t\t\t\t\t\t\t\t\t\t\t\t\t\t\t\t<\/div>\n\t\t\t\t\t\t\t\t\t\t\t\t\t\t\t\t\t<div class=\"image-tools grid-tools text-center hide-for-small bottom hover-slide-in show-on-hover\">\n\t\t\t\t\t\t\t\t\t\t\t\t\t\t\t\t\t\t\t<\/div>\n\t\t\t\t\t\t\t\t\t\t\t\t\t\t\t\t\t\t\t\t\t\t\t<\/div>\n\n\t\t\t\t\t\t\t<div class=\"box-text text-center\" >\n\t\t\t\t\t\t\t\t<div class=\"title-wrapper\">\t\t<p class=\"category uppercase is-smaller no-text-overflow product-cat op-7\">\n\t\t\tSchloss Vaux\t\t<\/p>\n\t<p class=\"name product-title woocommerce-loop-product__title\"><a href=\"https:\/\/schaumweinkontor.com\/en\/produkt\/schloss-vaux-cuvee-brut-075-l\/\" class=\"woocommerce-LoopProduct-link woocommerce-loop-product__link\">Schloss Vaux Cuv\u00e9e Brut 0,75 L<\/a><\/p><\/div><div class=\"price-wrapper\">\n\t<span class=\"price\"><span class=\"woocommerce-Price-amount amount\" role=\"none\"><bdi><span class=\"woocommerce-Price-currencySymbol\">&euro;<\/span>&nbsp;17,20<\/bdi><\/span> <small class=\"woocommerce-price-suffix\">inkl. MwSt.<\/small><\/span>\n<\/div><div class=\"add-to-cart-button\"><a href=\"\/en\/wp-json\/wp\/v2\/pages\/4628?add-to-cart=4769\" aria-describedby=\"woocommerce_loop_add_to_cart_link_describedby_4769\" data-quantity=\"1\" class=\"primary is-small mb-0 button product_type_simple add_to_cart_button ajax_add_to_cart is-outline\" data-product_id=\"4769\" data-product_sku=\"100300246\" aria-label=\"Add to cart: &ldquo;Schloss Vaux Cuv\u00e9e Brut 0,75 L&rdquo;\" rel=\"nofollow\" data-success_message=\"&ldquo;Schloss Vaux Cuv\u00e9e Brut 0,75 L&rdquo; has been added to your cart\" role=\"button\">Add to cart<\/a><\/div>\t<span id=\"woocommerce_loop_add_to_cart_link_describedby_4769\" class=\"screen-reader-text\">\n\t\t\t<\/span>\n\t\t\t\t\t\t\t<\/div>\n\t\t\t\t\t\t<\/div>\n\t\t\t\t\t\t<\/div>\n\t\t\t\t\t<\/div><div class=\"col\" data-animate=\"fadeInUp\">\n\t\t\t\t\t\t<div class=\"col-inner\">\n\t\t\t\t\t\t\n<div class=\"badge-container badge-custom absolute right top z-1\">\n\n<\/div>\n\t\t\t\t\t\t<div class=\"product-small box has-hover box-vertical box-text-bottom\">\n\t\t\t\t\t\t\t<div class=\"box-image\" >\n\t\t\t\t\t\t\t\t<div class=\"\" >\n\t\t\t\t\t\t\t\t\t<a href=\"https:\/\/schaumweinkontor.com\/en\/produkt\/schloss-vaux-rose-brut-075-l\/\" aria-label=\"Schloss Vaux Ros\u00e9 Brut 0,75 L\">\n\t\t\t\t\t\t\t\t\t\t<img loading=\"lazy\" decoding=\"async\" width=\"300\" height=\"300\" src=\"https:\/\/schaumweinkontor.com\/wp-content\/uploads\/2022\/06\/Schloss-Vaux-Rose-Brut-075-L-300x300.png\" class=\"attachment-medium size-medium\" alt=\"Schloss Vaux Ros\u00e9 Brut 0,75 L\" srcset=\"https:\/\/schaumweinkontor.com\/wp-content\/uploads\/2022\/06\/Schloss-Vaux-Rose-Brut-075-L-300x300.png 300w, https:\/\/schaumweinkontor.com\/wp-content\/uploads\/2022\/06\/Schloss-Vaux-Rose-Brut-075-L-100x100.png 100w, https:\/\/schaumweinkontor.com\/wp-content\/uploads\/2022\/06\/Schloss-Vaux-Rose-Brut-075-L-510x510.png 510w, https:\/\/schaumweinkontor.com\/wp-content\/uploads\/2022\/06\/Schloss-Vaux-Rose-Brut-075-L-150x150.png 150w, https:\/\/schaumweinkontor.com\/wp-content\/uploads\/2022\/06\/Schloss-Vaux-Rose-Brut-075-L-768x768.png 768w, https:\/\/schaumweinkontor.com\/wp-content\/uploads\/2022\/06\/Schloss-Vaux-Rose-Brut-075-L.png 1000w\" sizes=\"auto, (max-width: 300px) 100vw, 300px\" \/>\t\t\t\t\t\t\t\t\t<\/a>\n\t\t\t\t\t\t\t\t\t\t\t\t\t\t\t\t\t\t \t\t\t\t\t\t\t\t<\/div>\n\t\t\t\t\t\t\t\t<div class=\"image-tools top right show-on-hover\">\n\t\t\t\t\t\t\t\t\t\t\t\t\t\t\t\t\t<\/div>\n\t\t\t\t\t\t\t\t\t\t\t\t\t\t\t\t\t<div class=\"image-tools grid-tools text-center hide-for-small bottom hover-slide-in show-on-hover\">\n\t\t\t\t\t\t\t\t\t\t\t\t\t\t\t\t\t\t\t<\/div>\n\t\t\t\t\t\t\t\t\t\t\t\t\t\t\t\t\t\t\t\t\t\t\t<\/div>\n\n\t\t\t\t\t\t\t<div class=\"box-text text-center\" >\n\t\t\t\t\t\t\t\t<div class=\"title-wrapper\">\t\t<p class=\"category uppercase is-smaller no-text-overflow product-cat op-7\">\n\t\t\tSchloss Vaux\t\t<\/p>\n\t<p class=\"name product-title woocommerce-loop-product__title\"><a href=\"https:\/\/schaumweinkontor.com\/en\/produkt\/schloss-vaux-rose-brut-075-l\/\" class=\"woocommerce-LoopProduct-link woocommerce-loop-product__link\">Schloss Vaux Ros\u00e9 Brut 0,75 L<\/a><\/p><\/div><div class=\"price-wrapper\">\n\t<span class=\"price\"><span class=\"woocommerce-Price-amount amount\" role=\"none\"><bdi><span class=\"woocommerce-Price-currencySymbol\">&euro;<\/span>&nbsp;19,50<\/bdi><\/span> <small class=\"woocommerce-price-suffix\">inkl. MwSt.<\/small><\/span>\n<\/div><div class=\"add-to-cart-button\"><a href=\"\/en\/wp-json\/wp\/v2\/pages\/4628?add-to-cart=4767\" aria-describedby=\"woocommerce_loop_add_to_cart_link_describedby_4767\" data-quantity=\"1\" class=\"primary is-small mb-0 button product_type_simple add_to_cart_button ajax_add_to_cart is-outline\" data-product_id=\"4767\" data-product_sku=\"100300248\" aria-label=\"Add to cart: &ldquo;Schloss Vaux Ros\u00e9 Brut 0,75 L&rdquo;\" rel=\"nofollow\" data-success_message=\"&ldquo;Schloss Vaux Ros\u00e9 Brut 0,75 L&rdquo; has been added to your cart\" role=\"button\">Add to cart<\/a><\/div>\t<span id=\"woocommerce_loop_add_to_cart_link_describedby_4767\" class=\"screen-reader-text\">\n\t\t\t<\/span>\n\t\t\t\t\t\t\t<\/div>\n\t\t\t\t\t\t<\/div>\n\t\t\t\t\t\t<\/div>\n\t\t\t\t\t<\/div><div class=\"col\" data-animate=\"fadeInUp\">\n\t\t\t\t\t\t<div class=\"col-inner\">\n\t\t\t\t\t\t\n<div class=\"badge-container badge-custom absolute right top z-1\">\n\n<\/div>\n\t\t\t\t\t\t<div class=\"product-small box has-hover box-vertical box-text-bottom\">\n\t\t\t\t\t\t\t<div class=\"box-image\" >\n\t\t\t\t\t\t\t\t<div class=\"\" >\n\t\t\t\t\t\t\t\t\t<a href=\"https:\/\/schaumweinkontor.com\/en\/produkt\/schloss-vaux-rheingauer-riesling-reserve-brut-2016-075-l\/\" aria-label=\"Schloss Vaux Rheingauer Riesling R\u00e9serve Brut 2016 0,75 L\">\n\t\t\t\t\t\t\t\t\t\t<img loading=\"lazy\" decoding=\"async\" width=\"300\" height=\"300\" src=\"https:\/\/schaumweinkontor.com\/wp-content\/uploads\/2022\/06\/Schloss-Vaux-Rheingauer-Riesling-Reserve-Brut-2016-075-L-300x300.png\" class=\"attachment-medium size-medium\" alt=\"Schloss Vaux Rheingauer Riesling R\u00e9serve Brut 2016 0,75 L\" srcset=\"https:\/\/schaumweinkontor.com\/wp-content\/uploads\/2022\/06\/Schloss-Vaux-Rheingauer-Riesling-Reserve-Brut-2016-075-L-300x300.png 300w, https:\/\/schaumweinkontor.com\/wp-content\/uploads\/2022\/06\/Schloss-Vaux-Rheingauer-Riesling-Reserve-Brut-2016-075-L-100x100.png 100w, https:\/\/schaumweinkontor.com\/wp-content\/uploads\/2022\/06\/Schloss-Vaux-Rheingauer-Riesling-Reserve-Brut-2016-075-L-510x510.png 510w, https:\/\/schaumweinkontor.com\/wp-content\/uploads\/2022\/06\/Schloss-Vaux-Rheingauer-Riesling-Reserve-Brut-2016-075-L-150x150.png 150w, https:\/\/schaumweinkontor.com\/wp-content\/uploads\/2022\/06\/Schloss-Vaux-Rheingauer-Riesling-Reserve-Brut-2016-075-L-768x768.png 768w, https:\/\/schaumweinkontor.com\/wp-content\/uploads\/2022\/06\/Schloss-Vaux-Rheingauer-Riesling-Reserve-Brut-2016-075-L.png 1000w\" sizes=\"auto, (max-width: 300px) 100vw, 300px\" \/>\t\t\t\t\t\t\t\t\t<\/a>\n\t\t\t\t\t\t\t\t\t\t\t\t\t\t\t\t\t\t \t\t\t\t\t\t\t\t<\/div>\n\t\t\t\t\t\t\t\t<div class=\"image-tools top right show-on-hover\">\n\t\t\t\t\t\t\t\t\t\t\t\t\t\t\t\t\t<\/div>\n\t\t\t\t\t\t\t\t\t\t\t\t\t\t\t\t\t<div class=\"image-tools grid-tools text-center hide-for-small bottom hover-slide-in show-on-hover\">\n\t\t\t\t\t\t\t\t\t\t\t\t\t\t\t\t\t\t\t<\/div>\n\t\t\t\t\t\t\t\t\t\t\t\t\t\t\t\t\t\t\t\t\t\t\t<\/div>\n\n\t\t\t\t\t\t\t<div class=\"box-text text-center\" >\n\t\t\t\t\t\t\t\t<div class=\"title-wrapper\">\t\t<p class=\"category uppercase is-smaller no-text-overflow product-cat op-7\">\n\t\t\tSchloss Vaux\t\t<\/p>\n\t<p class=\"name product-title woocommerce-loop-product__title\"><a href=\"https:\/\/schaumweinkontor.com\/en\/produkt\/schloss-vaux-rheingauer-riesling-reserve-brut-2016-075-l\/\" class=\"woocommerce-LoopProduct-link woocommerce-loop-product__link\">Schloss Vaux Rheingauer Riesling R\u00e9serve Brut 2016 0,75 L<\/a><\/p><\/div><div class=\"price-wrapper\">\n\t<span class=\"price\"><span class=\"woocommerce-Price-amount amount\" role=\"none\"><bdi><span class=\"woocommerce-Price-currencySymbol\">&euro;<\/span>&nbsp;23,00<\/bdi><\/span> <small class=\"woocommerce-price-suffix\">inkl. MwSt.<\/small><\/span>\n<\/div><div class=\"add-to-cart-button\"><a href=\"\/en\/wp-json\/wp\/v2\/pages\/4628?add-to-cart=4768\" aria-describedby=\"woocommerce_loop_add_to_cart_link_describedby_4768\" data-quantity=\"1\" class=\"primary is-small mb-0 button product_type_simple add_to_cart_button ajax_add_to_cart is-outline\" data-product_id=\"4768\" data-product_sku=\"100300247\" aria-label=\"Add to cart: &ldquo;Schloss Vaux Rheingauer Riesling R\u00e9serve Brut 2016 0,75 L&rdquo;\" rel=\"nofollow\" data-success_message=\"&ldquo;Schloss Vaux Rheingauer Riesling R\u00e9serve Brut 2016 0,75 L&rdquo; has been added to your cart\" role=\"button\">Add to cart<\/a><\/div>\t<span id=\"woocommerce_loop_add_to_cart_link_describedby_4768\" class=\"screen-reader-text\">\n\t\t\t<\/span>\n\t\t\t\t\t\t\t<\/div>\n\t\t\t\t\t\t<\/div>\n\t\t\t\t\t\t<\/div>\n\t\t\t\t\t<\/div><div class=\"col\" data-animate=\"fadeInUp\">\n\t\t\t\t\t\t<div class=\"col-inner\">\n\t\t\t\t\t\t\n<div class=\"badge-container badge-custom absolute right top z-1\">\n<div class=\"callout badge badge-circle\"><div class=\"badge-inner secondary on-sale\"><span class=\"onsale\">Sale!<\/span><\/div><\/div>\n<\/div>\n\t\t\t\t\t\t<div class=\"product-small box has-hover box-vertical box-text-bottom\">\n\t\t\t\t\t\t\t<div class=\"box-image\" >\n\t\t\t\t\t\t\t\t<div class=\"\" >\n\t\t\t\t\t\t\t\t\t<a href=\"https:\/\/schaumweinkontor.com\/en\/produkt\/schloss-vaux-rose-reserve-2018-brut-075-l\/\" aria-label=\"Schloss Vaux Ros\u00e9 R\u00e9serve 2018 Brut 0,75 L\">\n\t\t\t\t\t\t\t\t\t\t<img loading=\"lazy\" decoding=\"async\" width=\"300\" height=\"300\" src=\"https:\/\/schaumweinkontor.com\/wp-content\/uploads\/2022\/11\/Schloss-Vaux-Rose-Reserve-2018-Brut-075-L-300x300.png\" class=\"attachment-medium size-medium\" alt=\"Schloss Vaux Ros\u00e9 R\u00e9serve 2018 Brut 0,75 L\" srcset=\"https:\/\/schaumweinkontor.com\/wp-content\/uploads\/2022\/11\/Schloss-Vaux-Rose-Reserve-2018-Brut-075-L-300x300.png 300w, https:\/\/schaumweinkontor.com\/wp-content\/uploads\/2022\/11\/Schloss-Vaux-Rose-Reserve-2018-Brut-075-L-100x100.png 100w, https:\/\/schaumweinkontor.com\/wp-content\/uploads\/2022\/11\/Schloss-Vaux-Rose-Reserve-2018-Brut-075-L-510x510.png 510w, https:\/\/schaumweinkontor.com\/wp-content\/uploads\/2022\/11\/Schloss-Vaux-Rose-Reserve-2018-Brut-075-L-150x150.png 150w, https:\/\/schaumweinkontor.com\/wp-content\/uploads\/2022\/11\/Schloss-Vaux-Rose-Reserve-2018-Brut-075-L-768x768.png 768w, https:\/\/schaumweinkontor.com\/wp-content\/uploads\/2022\/11\/Schloss-Vaux-Rose-Reserve-2018-Brut-075-L.png 1000w\" sizes=\"auto, (max-width: 300px) 100vw, 300px\" \/>\t\t\t\t\t\t\t\t\t<\/a>\n\t\t\t\t\t\t\t\t\t\t\t\t\t\t\t\t\t\t \t\t\t\t\t\t\t\t<\/div>\n\t\t\t\t\t\t\t\t<div class=\"image-tools top right show-on-hover\">\n\t\t\t\t\t\t\t\t\t\t\t\t\t\t\t\t\t<\/div>\n\t\t\t\t\t\t\t\t\t\t\t\t\t\t\t\t\t<div class=\"image-tools grid-tools text-center hide-for-small bottom hover-slide-in show-on-hover\">\n\t\t\t\t\t\t\t\t\t\t\t\t\t\t\t\t\t\t\t<\/div>\n\t\t\t\t\t\t\t\t\t\t\t\t\t\t\t\t\t\t\t\t\t\t\t<\/div>\n\n\t\t\t\t\t\t\t<div class=\"box-text text-center\" >\n\t\t\t\t\t\t\t\t<div class=\"title-wrapper\">\t\t<p class=\"category uppercase is-smaller no-text-overflow product-cat op-7\">\n\t\t\tSchloss Vaux\t\t<\/p>\n\t<p class=\"name product-title woocommerce-loop-product__title\"><a href=\"https:\/\/schaumweinkontor.com\/en\/produkt\/schloss-vaux-rose-reserve-2018-brut-075-l\/\" class=\"woocommerce-LoopProduct-link woocommerce-loop-product__link\">Schloss Vaux Ros\u00e9 R\u00e9serve 2018 Brut 0,75 L<\/a><\/p><\/div><div class=\"price-wrapper\">\n\t<span class=\"price\"><del aria-hidden=\"true\"><span class=\"woocommerce-Price-amount amount\" role=\"none\"><bdi><span class=\"woocommerce-Price-currencySymbol\">&euro;<\/span>&nbsp;31,60<\/bdi><\/span><\/del> <span class=\"screen-reader-text\">Original price was: &euro;&nbsp;31,60.<\/span><ins aria-hidden=\"true\"><span class=\"woocommerce-Price-amount amount\" role=\"none\"><bdi><span class=\"woocommerce-Price-currencySymbol\">&euro;<\/span>&nbsp;23,70<\/bdi><\/span><\/ins><span class=\"screen-reader-text\">Current price is: &euro;&nbsp;23,70.<\/span> <small class=\"woocommerce-price-suffix\">inkl. MwSt.<\/small><\/span>\n<\/div><div class=\"add-to-cart-button\"><a href=\"\/en\/wp-json\/wp\/v2\/pages\/4628?add-to-cart=4724\" aria-describedby=\"woocommerce_loop_add_to_cart_link_describedby_4724\" data-quantity=\"1\" class=\"primary is-small mb-0 button product_type_simple add_to_cart_button ajax_add_to_cart is-outline\" data-product_id=\"4724\" data-product_sku=\"100300250\" aria-label=\"Add to cart: &ldquo;Schloss Vaux Ros\u00e9 R\u00e9serve 2018 Brut 0,75 L&rdquo;\" rel=\"nofollow\" data-success_message=\"&ldquo;Schloss Vaux Ros\u00e9 R\u00e9serve 2018 Brut 0,75 L&rdquo; has been added to your cart\" role=\"button\">Add to cart<\/a><\/div>\t<span id=\"woocommerce_loop_add_to_cart_link_describedby_4724\" class=\"screen-reader-text\">\n\t\t\t<\/span>\n\t\t\t\t\t\t\t<\/div>\n\t\t\t\t\t\t<\/div>\n\t\t\t\t\t\t<\/div>\n\t\t\t\t\t<\/div><div class=\"col\" data-animate=\"fadeInUp\">\n\t\t\t\t\t\t<div class=\"col-inner\">\n\t\t\t\t\t\t\n<div class=\"badge-container badge-custom absolute right top z-1\">\n\n<\/div>\n\t\t\t\t\t\t<div class=\"product-small box has-hover box-vertical box-text-bottom\">\n\t\t\t\t\t\t\t<div class=\"box-image\" >\n\t\t\t\t\t\t\t\t<div class=\"\" >\n\t\t\t\t\t\t\t\t\t<a href=\"https:\/\/schaumweinkontor.com\/en\/produkt\/schloss-vaux-gruener-veltliner-brut-075-l\/\" aria-label=\"Schloss Vaux Gr\u00fcner Veltliner Brut 0,75 L\">\n\t\t\t\t\t\t\t\t\t\t<img loading=\"lazy\" decoding=\"async\" width=\"300\" height=\"300\" src=\"https:\/\/schaumweinkontor.com\/wp-content\/uploads\/2023\/04\/Schloss-Vaux-Gruener-Veltliner_1000x1000-px-300x300.png\" class=\"attachment-medium size-medium\" alt=\"Schloss Vaux Gr\u00fcner Veltliner Brut 0,75 L\" srcset=\"https:\/\/schaumweinkontor.com\/wp-content\/uploads\/2023\/04\/Schloss-Vaux-Gruener-Veltliner_1000x1000-px-300x300.png 300w, https:\/\/schaumweinkontor.com\/wp-content\/uploads\/2023\/04\/Schloss-Vaux-Gruener-Veltliner_1000x1000-px-100x100.png 100w, https:\/\/schaumweinkontor.com\/wp-content\/uploads\/2023\/04\/Schloss-Vaux-Gruener-Veltliner_1000x1000-px-510x510.png 510w, https:\/\/schaumweinkontor.com\/wp-content\/uploads\/2023\/04\/Schloss-Vaux-Gruener-Veltliner_1000x1000-px-150x150.png 150w, https:\/\/schaumweinkontor.com\/wp-content\/uploads\/2023\/04\/Schloss-Vaux-Gruener-Veltliner_1000x1000-px-768x768.png 768w, https:\/\/schaumweinkontor.com\/wp-content\/uploads\/2023\/04\/Schloss-Vaux-Gruener-Veltliner_1000x1000-px.png 1000w\" sizes=\"auto, (max-width: 300px) 100vw, 300px\" \/>\t\t\t\t\t\t\t\t\t<\/a>\n\t\t\t\t\t\t\t\t\t\t\t\t\t\t\t\t\t\t \t\t\t\t\t\t\t\t<\/div>\n\t\t\t\t\t\t\t\t<div class=\"image-tools top right show-on-hover\">\n\t\t\t\t\t\t\t\t\t\t\t\t\t\t\t\t\t<\/div>\n\t\t\t\t\t\t\t\t\t\t\t\t\t\t\t\t\t<div class=\"image-tools grid-tools text-center hide-for-small bottom hover-slide-in show-on-hover\">\n\t\t\t\t\t\t\t\t\t\t\t\t\t\t\t\t\t\t\t<\/div>\n\t\t\t\t\t\t\t\t\t\t\t\t\t\t\t\t\t\t\t\t\t\t\t<\/div>\n\n\t\t\t\t\t\t\t<div class=\"box-text text-center\" >\n\t\t\t\t\t\t\t\t<div class=\"title-wrapper\">\t\t<p class=\"category uppercase is-smaller no-text-overflow product-cat op-7\">\n\t\t\tSchloss Vaux\t\t<\/p>\n\t<p class=\"name product-title woocommerce-loop-product__title\"><a href=\"https:\/\/schaumweinkontor.com\/en\/produkt\/schloss-vaux-gruener-veltliner-brut-075-l\/\" class=\"woocommerce-LoopProduct-link woocommerce-loop-product__link\">Schloss Vaux Gr\u00fcner Veltliner Brut 0,75 L<\/a><\/p><\/div><div class=\"price-wrapper\">\n\t<span class=\"price\"><span class=\"woocommerce-Price-amount amount\" role=\"none\"><bdi><span class=\"woocommerce-Price-currencySymbol\">&euro;<\/span>&nbsp;31,00<\/bdi><\/span> <small class=\"woocommerce-price-suffix\">inkl. MwSt.<\/small><\/span>\n<\/div><div class=\"add-to-cart-button\"><a href=\"\/en\/wp-json\/wp\/v2\/pages\/4628?add-to-cart=4705\" aria-describedby=\"woocommerce_loop_add_to_cart_link_describedby_4705\" data-quantity=\"1\" class=\"primary is-small mb-0 button product_type_simple add_to_cart_button ajax_add_to_cart is-outline\" data-product_id=\"4705\" data-product_sku=\"100300255\" aria-label=\"Add to cart: &ldquo;Schloss Vaux Gr\u00fcner Veltliner Brut 0,75 L&rdquo;\" rel=\"nofollow\" data-success_message=\"&ldquo;Schloss Vaux Gr\u00fcner Veltliner Brut 0,75 L&rdquo; has been added to your cart\" role=\"button\">Add to cart<\/a><\/div>\t<span id=\"woocommerce_loop_add_to_cart_link_describedby_4705\" class=\"screen-reader-text\">\n\t\t\t<\/span>\n\t\t\t\t\t\t\t<\/div>\n\t\t\t\t\t\t<\/div>\n\t\t\t\t\t\t<\/div>\n\t\t\t\t\t<\/div><div class=\"col\" data-animate=\"fadeInUp\">\n\t\t\t\t\t\t<div class=\"col-inner\">\n\t\t\t\t\t\t\n<div class=\"badge-container badge-custom absolute right top z-1\">\n\n<\/div>\n\t\t\t\t\t\t<div class=\"product-small box has-hover box-vertical box-text-bottom\">\n\t\t\t\t\t\t\t<div class=\"box-image\" >\n\t\t\t\t\t\t\t\t<div class=\"\" >\n\t\t\t\t\t\t\t\t\t<a href=\"https:\/\/schaumweinkontor.com\/en\/produkt\/schloss-vaux-blanc-de-blancs-reserve-2018-075-l\/\" aria-label=\"Schloss Vaux Blanc de Blancs R\u00e9serve 2018 0,75 L\">\n\t\t\t\t\t\t\t\t\t\t<img loading=\"lazy\" decoding=\"async\" width=\"300\" height=\"300\" src=\"https:\/\/schaumweinkontor.com\/wp-content\/uploads\/2022\/11\/Schloss-Vaux-blanc-de-blancs-reserve-2018-1000x1000px-300x300.png\" class=\"attachment-medium size-medium\" alt=\"Schloss Vaux Blanc de Blancs R\u00e9serve 2018 0,75 L\" srcset=\"https:\/\/schaumweinkontor.com\/wp-content\/uploads\/2022\/11\/Schloss-Vaux-blanc-de-blancs-reserve-2018-1000x1000px-300x300.png 300w, https:\/\/schaumweinkontor.com\/wp-content\/uploads\/2022\/11\/Schloss-Vaux-blanc-de-blancs-reserve-2018-1000x1000px-100x100.png 100w, https:\/\/schaumweinkontor.com\/wp-content\/uploads\/2022\/11\/Schloss-Vaux-blanc-de-blancs-reserve-2018-1000x1000px-510x510.png 510w, https:\/\/schaumweinkontor.com\/wp-content\/uploads\/2022\/11\/Schloss-Vaux-blanc-de-blancs-reserve-2018-1000x1000px-150x150.png 150w, https:\/\/schaumweinkontor.com\/wp-content\/uploads\/2022\/11\/Schloss-Vaux-blanc-de-blancs-reserve-2018-1000x1000px-768x768.png 768w, https:\/\/schaumweinkontor.com\/wp-content\/uploads\/2022\/11\/Schloss-Vaux-blanc-de-blancs-reserve-2018-1000x1000px.png 1000w\" sizes=\"auto, (max-width: 300px) 100vw, 300px\" \/>\t\t\t\t\t\t\t\t\t<\/a>\n\t\t\t\t\t\t\t\t\t\t\t\t\t\t\t\t\t\t \t\t\t\t\t\t\t\t<\/div>\n\t\t\t\t\t\t\t\t<div class=\"image-tools top right show-on-hover\">\n\t\t\t\t\t\t\t\t\t\t\t\t\t\t\t\t\t<\/div>\n\t\t\t\t\t\t\t\t\t\t\t\t\t\t\t\t\t<div class=\"image-tools grid-tools text-center hide-for-small bottom hover-slide-in show-on-hover\">\n\t\t\t\t\t\t\t\t\t\t\t\t\t\t\t\t\t\t\t<\/div>\n\t\t\t\t\t\t\t\t\t\t\t\t\t\t\t\t\t\t\t\t\t\t\t<\/div>\n\n\t\t\t\t\t\t\t<div class=\"box-text text-center\" >\n\t\t\t\t\t\t\t\t<div class=\"title-wrapper\">\t\t<p class=\"category uppercase is-smaller no-text-overflow product-cat op-7\">\n\t\t\tSchloss Vaux\t\t<\/p>\n\t<p class=\"name product-title woocommerce-loop-product__title\"><a href=\"https:\/\/schaumweinkontor.com\/en\/produkt\/schloss-vaux-blanc-de-blancs-reserve-2018-075-l\/\" class=\"woocommerce-LoopProduct-link woocommerce-loop-product__link\">Schloss Vaux Blanc de Blancs R\u00e9serve 2018 0,75 L<\/a><\/p><\/div><div class=\"price-wrapper\">\n\t<span class=\"price\"><span class=\"woocommerce-Price-amount amount\" role=\"none\"><bdi><span class=\"woocommerce-Price-currencySymbol\">&euro;<\/span>&nbsp;31,60<\/bdi><\/span> <small class=\"woocommerce-price-suffix\">inkl. MwSt.<\/small><\/span>\n<\/div><div class=\"add-to-cart-button\"><a href=\"\/en\/wp-json\/wp\/v2\/pages\/4628?add-to-cart=4725\" aria-describedby=\"woocommerce_loop_add_to_cart_link_describedby_4725\" data-quantity=\"1\" class=\"primary is-small mb-0 button product_type_simple add_to_cart_button ajax_add_to_cart is-outline\" data-product_id=\"4725\" data-product_sku=\"100300251\" aria-label=\"Add to cart: &ldquo;Schloss Vaux Blanc de Blancs R\u00e9serve 2018 0,75 L&rdquo;\" rel=\"nofollow\" data-success_message=\"&ldquo;Schloss Vaux Blanc de Blancs R\u00e9serve 2018 0,75 L&rdquo; has been added to your cart\" role=\"button\">Add to cart<\/a><\/div>\t<span id=\"woocommerce_loop_add_to_cart_link_describedby_4725\" class=\"screen-reader-text\">\n\t\t\t<\/span>\n\t\t\t\t\t\t\t<\/div>\n\t\t\t\t\t\t<\/div>\n\t\t\t\t\t\t<\/div>\n\t\t\t\t\t<\/div><div class=\"col\" data-animate=\"fadeInUp\">\n\t\t\t\t\t\t<div class=\"col-inner\">\n\t\t\t\t\t\t\n<div class=\"badge-container badge-custom absolute right top z-1\">\n\n<\/div>\n\t\t\t\t\t\t<div class=\"product-small box has-hover box-vertical box-text-bottom\">\n\t\t\t\t\t\t\t<div class=\"box-image\" >\n\t\t\t\t\t\t\t\t<div class=\"\" >\n\t\t\t\t\t\t\t\t\t<a href=\"https:\/\/schaumweinkontor.com\/en\/produkt\/schloss-vaux-assmannshaeuser-pinot-noir-2016-075-l\/\" aria-label=\"Schloss Vaux Assmannsh\u00e4user Pinot Noir 2016 0,75 L\">\n\t\t\t\t\t\t\t\t\t\t<img loading=\"lazy\" decoding=\"async\" width=\"300\" height=\"300\" src=\"https:\/\/schaumweinkontor.com\/wp-content\/uploads\/2023\/04\/Schloss-Vaux-Assmannshauser_1000x1000-px-300x300.png\" class=\"attachment-medium size-medium\" alt=\"Schloss Vaux Assmannsh\u00e4user Pinot Noir 2016 0,75 L\" srcset=\"https:\/\/schaumweinkontor.com\/wp-content\/uploads\/2023\/04\/Schloss-Vaux-Assmannshauser_1000x1000-px-300x300.png 300w, https:\/\/schaumweinkontor.com\/wp-content\/uploads\/2023\/04\/Schloss-Vaux-Assmannshauser_1000x1000-px-100x100.png 100w, https:\/\/schaumweinkontor.com\/wp-content\/uploads\/2023\/04\/Schloss-Vaux-Assmannshauser_1000x1000-px-510x510.png 510w, https:\/\/schaumweinkontor.com\/wp-content\/uploads\/2023\/04\/Schloss-Vaux-Assmannshauser_1000x1000-px-150x150.png 150w, https:\/\/schaumweinkontor.com\/wp-content\/uploads\/2023\/04\/Schloss-Vaux-Assmannshauser_1000x1000-px-768x768.png 768w, https:\/\/schaumweinkontor.com\/wp-content\/uploads\/2023\/04\/Schloss-Vaux-Assmannshauser_1000x1000-px.png 1000w\" sizes=\"auto, (max-width: 300px) 100vw, 300px\" \/>\t\t\t\t\t\t\t\t\t<\/a>\n\t\t\t\t\t\t\t\t\t\t\t\t\t\t\t\t\t\t \t\t\t\t\t\t\t\t<\/div>\n\t\t\t\t\t\t\t\t<div class=\"image-tools top right show-on-hover\">\n\t\t\t\t\t\t\t\t\t\t\t\t\t\t\t\t\t<\/div>\n\t\t\t\t\t\t\t\t\t\t\t\t\t\t\t\t\t<div class=\"image-tools grid-tools text-center hide-for-small bottom hover-slide-in show-on-hover\">\n\t\t\t\t\t\t\t\t\t\t\t\t\t\t\t\t\t\t\t<\/div>\n\t\t\t\t\t\t\t\t\t\t\t\t\t\t\t\t\t\t\t\t\t\t\t<\/div>\n\n\t\t\t\t\t\t\t<div class=\"box-text text-center\" >\n\t\t\t\t\t\t\t\t<div class=\"title-wrapper\">\t\t<p class=\"category uppercase is-smaller no-text-overflow product-cat op-7\">\n\t\t\tSchloss Vaux\t\t<\/p>\n\t<p class=\"name product-title woocommerce-loop-product__title\"><a href=\"https:\/\/schaumweinkontor.com\/en\/produkt\/schloss-vaux-assmannshaeuser-pinot-noir-2016-075-l\/\" class=\"woocommerce-LoopProduct-link woocommerce-loop-product__link\">Schloss Vaux Assmannsh\u00e4user Pinot Noir 2016 0,75 L<\/a><\/p><\/div><div class=\"price-wrapper\">\n\t<span class=\"price\"><span class=\"woocommerce-Price-amount amount\" role=\"none\"><bdi><span class=\"woocommerce-Price-currencySymbol\">&euro;<\/span>&nbsp;32,80<\/bdi><\/span> <small class=\"woocommerce-price-suffix\">inkl. MwSt.<\/small><\/span>\n<\/div><div class=\"add-to-cart-button\"><a href=\"\/en\/wp-json\/wp\/v2\/pages\/4628?add-to-cart=4704\" aria-describedby=\"woocommerce_loop_add_to_cart_link_describedby_4704\" data-quantity=\"1\" class=\"primary is-small mb-0 button product_type_simple add_to_cart_button ajax_add_to_cart is-outline\" data-product_id=\"4704\" data-product_sku=\"100300253\" aria-label=\"Add to cart: &ldquo;Schloss Vaux Assmannsh\u00e4user Pinot Noir 2016 0,75 L&rdquo;\" rel=\"nofollow\" data-success_message=\"&ldquo;Schloss Vaux Assmannsh\u00e4user Pinot Noir 2016 0,75 L&rdquo; has been added to your cart\" role=\"button\">Add to cart<\/a><\/div>\t<span id=\"woocommerce_loop_add_to_cart_link_describedby_4704\" class=\"screen-reader-text\">\n\t\t\t<\/span>\n\t\t\t\t\t\t\t<\/div>\n\t\t\t\t\t\t<\/div>\n\t\t\t\t\t\t<\/div>\n\t\t\t\t\t<\/div><div class=\"col\" data-animate=\"fadeInUp\">\n\t\t\t\t\t\t<div class=\"col-inner\">\n\t\t\t\t\t\t\n<div class=\"badge-container badge-custom absolute right top z-1\">\n\n<\/div>\n\t\t\t\t\t\t<div class=\"product-small box has-hover box-vertical box-text-bottom\">\n\t\t\t\t\t\t\t<div class=\"box-image\" >\n\t\t\t\t\t\t\t\t<div class=\"\" >\n\t\t\t\t\t\t\t\t\t<a href=\"https:\/\/schaumweinkontor.com\/en\/produkt\/schloss-vaux-rose-brut-075-l-copy\/\" aria-label=\"Schloss Vaux l\u00b4Artiste Brut 0,75l\">\n\t\t\t\t\t\t\t\t\t\t<img loading=\"lazy\" decoding=\"async\" width=\"300\" height=\"300\" src=\"https:\/\/schaumweinkontor.com\/wp-content\/uploads\/2025\/03\/Vaux-Freisteller_26-300x300.png\" class=\"attachment-medium size-medium\" alt=\"Schloss Vaux l\u00b4Artiste Brut 0,75l\" srcset=\"https:\/\/schaumweinkontor.com\/wp-content\/uploads\/2025\/03\/Vaux-Freisteller_26-300x300.png 300w, https:\/\/schaumweinkontor.com\/wp-content\/uploads\/2025\/03\/Vaux-Freisteller_26-150x150.png 150w, https:\/\/schaumweinkontor.com\/wp-content\/uploads\/2025\/03\/Vaux-Freisteller_26-768x768.png 768w, https:\/\/schaumweinkontor.com\/wp-content\/uploads\/2025\/03\/Vaux-Freisteller_26-510x510.png 510w, https:\/\/schaumweinkontor.com\/wp-content\/uploads\/2025\/03\/Vaux-Freisteller_26-100x100.png 100w, https:\/\/schaumweinkontor.com\/wp-content\/uploads\/2025\/03\/Vaux-Freisteller_26.png 1001w\" sizes=\"auto, (max-width: 300px) 100vw, 300px\" \/>\t\t\t\t\t\t\t\t\t<\/a>\n\t\t\t\t\t\t\t\t\t\t\t\t\t\t\t\t\t\t \t\t\t\t\t\t\t\t<\/div>\n\t\t\t\t\t\t\t\t<div class=\"image-tools top right show-on-hover\">\n\t\t\t\t\t\t\t\t\t\t\t\t\t\t\t\t\t<\/div>\n\t\t\t\t\t\t\t\t\t\t\t\t\t\t\t\t\t<div class=\"image-tools grid-tools text-center hide-for-small bottom hover-slide-in show-on-hover\">\n\t\t\t\t\t\t\t\t\t\t\t\t\t\t\t\t\t\t\t<\/div>\n\t\t\t\t\t\t\t\t\t\t\t\t\t\t\t\t\t\t\t\t\t\t\t<\/div>\n\n\t\t\t\t\t\t\t<div class=\"box-text text-center\" >\n\t\t\t\t\t\t\t\t<div class=\"title-wrapper\">\t\t<p class=\"category uppercase is-smaller no-text-overflow product-cat op-7\">\n\t\t\tSchloss Vaux\t\t<\/p>\n\t<p class=\"name product-title woocommerce-loop-product__title\"><a href=\"https:\/\/schaumweinkontor.com\/en\/produkt\/schloss-vaux-rose-brut-075-l-copy\/\" class=\"woocommerce-LoopProduct-link woocommerce-loop-product__link\">Schloss Vaux l\u00b4Artiste Brut 0,75l<\/a><\/p><\/div><div class=\"price-wrapper\">\n\t<span class=\"price\"><span class=\"woocommerce-Price-amount amount\" role=\"none\"><bdi><span class=\"woocommerce-Price-currencySymbol\">&euro;<\/span>&nbsp;35,00<\/bdi><\/span> <small class=\"woocommerce-price-suffix\">inkl. MwSt.<\/small><\/span>\n<\/div><div class=\"add-to-cart-button\"><a href=\"\/en\/wp-json\/wp\/v2\/pages\/4628?add-to-cart=6074\" aria-describedby=\"woocommerce_loop_add_to_cart_link_describedby_6074\" data-quantity=\"1\" class=\"primary is-small mb-0 button product_type_simple add_to_cart_button ajax_add_to_cart is-outline\" data-product_id=\"6074\" data-product_sku=\"100300518\" aria-label=\"Add to cart: &ldquo;Schloss Vaux l\u00b4Artiste Brut 0,75l&rdquo;\" rel=\"nofollow\" data-success_message=\"&ldquo;Schloss Vaux l\u00b4Artiste Brut 0,75l&rdquo; has been added to your cart\" role=\"button\">Add to cart<\/a><\/div>\t<span id=\"woocommerce_loop_add_to_cart_link_describedby_6074\" class=\"screen-reader-text\">\n\t\t\t<\/span>\n\t\t\t\t\t\t\t<\/div>\n\t\t\t\t\t\t<\/div>\n\t\t\t\t\t\t<\/div>\n\t\t\t\t\t<\/div><div class=\"col\" data-animate=\"fadeInUp\">\n\t\t\t\t\t\t<div class=\"col-inner\">\n\t\t\t\t\t\t\n<div class=\"badge-container badge-custom absolute right top z-1\">\n\n<\/div>\n\t\t\t\t\t\t<div class=\"product-small box has-hover box-vertical box-text-bottom\">\n\t\t\t\t\t\t\t<div class=\"box-image\" >\n\t\t\t\t\t\t\t\t<div class=\"\" >\n\t\t\t\t\t\t\t\t\t<a href=\"https:\/\/schaumweinkontor.com\/en\/produkt\/schloss-vaux-lartiste-brut-075l-copy\/\" aria-label=\"Schloss Vaux l\u00b4Artiste Rose 0,75l\">\n\t\t\t\t\t\t\t\t\t\t<img loading=\"lazy\" decoding=\"async\" width=\"300\" height=\"300\" src=\"https:\/\/schaumweinkontor.com\/wp-content\/uploads\/2025\/03\/Vaux-Freisteller_25-300x300.png\" class=\"attachment-medium size-medium\" alt=\"Schloss Vaux l\u00b4Artiste Ros\u00e9\" srcset=\"https:\/\/schaumweinkontor.com\/wp-content\/uploads\/2025\/03\/Vaux-Freisteller_25-300x300.png 300w, https:\/\/schaumweinkontor.com\/wp-content\/uploads\/2025\/03\/Vaux-Freisteller_25-150x150.png 150w, https:\/\/schaumweinkontor.com\/wp-content\/uploads\/2025\/03\/Vaux-Freisteller_25-768x768.png 768w, https:\/\/schaumweinkontor.com\/wp-content\/uploads\/2025\/03\/Vaux-Freisteller_25-510x510.png 510w, https:\/\/schaumweinkontor.com\/wp-content\/uploads\/2025\/03\/Vaux-Freisteller_25-100x100.png 100w, https:\/\/schaumweinkontor.com\/wp-content\/uploads\/2025\/03\/Vaux-Freisteller_25.png 1001w\" sizes=\"auto, (max-width: 300px) 100vw, 300px\" \/>\t\t\t\t\t\t\t\t\t<\/a>\n\t\t\t\t\t\t\t\t\t\t\t\t\t\t\t\t\t\t \t\t\t\t\t\t\t\t<\/div>\n\t\t\t\t\t\t\t\t<div class=\"image-tools top right show-on-hover\">\n\t\t\t\t\t\t\t\t\t\t\t\t\t\t\t\t\t<\/div>\n\t\t\t\t\t\t\t\t\t\t\t\t\t\t\t\t\t<div class=\"image-tools grid-tools text-center hide-for-small bottom hover-slide-in show-on-hover\">\n\t\t\t\t\t\t\t\t\t\t\t\t\t\t\t\t\t\t\t<\/div>\n\t\t\t\t\t\t\t\t\t\t\t\t\t\t\t\t\t\t\t\t\t\t\t<\/div>\n\n\t\t\t\t\t\t\t<div class=\"box-text text-center\" >\n\t\t\t\t\t\t\t\t<div class=\"title-wrapper\">\t\t<p class=\"category uppercase is-smaller no-text-overflow product-cat op-7\">\n\t\t\tSchloss Vaux\t\t<\/p>\n\t<p class=\"name product-title woocommerce-loop-product__title\"><a href=\"https:\/\/schaumweinkontor.com\/en\/produkt\/schloss-vaux-lartiste-brut-075l-copy\/\" class=\"woocommerce-LoopProduct-link woocommerce-loop-product__link\">Schloss Vaux l\u00b4Artiste Rose 0,75l<\/a><\/p><\/div><div class=\"price-wrapper\">\n\t<span class=\"price\"><span class=\"woocommerce-Price-amount amount\" role=\"none\"><bdi><span class=\"woocommerce-Price-currencySymbol\">&euro;<\/span>&nbsp;35,00<\/bdi><\/span> <small class=\"woocommerce-price-suffix\">inkl. MwSt.<\/small><\/span>\n<\/div><div class=\"add-to-cart-button\"><a href=\"\/en\/wp-json\/wp\/v2\/pages\/4628?add-to-cart=6078\" aria-describedby=\"woocommerce_loop_add_to_cart_link_describedby_6078\" data-quantity=\"1\" class=\"primary is-small mb-0 button product_type_simple add_to_cart_button ajax_add_to_cart is-outline\" data-product_id=\"6078\" data-product_sku=\"100300509\" aria-label=\"Add to cart: &ldquo;Schloss Vaux l\u00b4Artiste Rose 0,75l&rdquo;\" rel=\"nofollow\" data-success_message=\"&ldquo;Schloss Vaux l\u00b4Artiste Rose 0,75l&rdquo; has been added to your cart\" role=\"button\">Add to cart<\/a><\/div>\t<span id=\"woocommerce_loop_add_to_cart_link_describedby_6078\" class=\"screen-reader-text\">\n\t\t\t<\/span>\n\t\t\t\t\t\t\t<\/div>\n\t\t\t\t\t\t<\/div>\n\t\t\t\t\t\t<\/div>\n\t\t\t\t\t<\/div><div class=\"col\" data-animate=\"fadeInUp\">\n\t\t\t\t\t\t<div class=\"col-inner\">\n\t\t\t\t\t\t\n<div class=\"badge-container badge-custom absolute right top z-1\">\n<div class=\"callout badge badge-circle\"><div class=\"badge-inner secondary on-sale\"><span class=\"onsale\">Sale!<\/span><\/div><\/div>\n<\/div>\n\t\t\t\t\t\t<div class=\"product-small box has-hover box-vertical box-text-bottom\">\n\t\t\t\t\t\t\t<div class=\"box-image\" >\n\t\t\t\t\t\t\t\t<div class=\"\" >\n\t\t\t\t\t\t\t\t\t<a href=\"https:\/\/schaumweinkontor.com\/en\/produkt\/schloss-vaux-package-deluxe\/\" aria-label=\"Schloss Vaux Package DELUXE\">\n\t\t\t\t\t\t\t\t\t\t<img loading=\"lazy\" decoding=\"async\" width=\"300\" height=\"300\" src=\"https:\/\/schaumweinkontor.com\/wp-content\/uploads\/2024\/10\/3er-Paket-Schloss-Vaux-reserve-300x300.png\" class=\"attachment-medium size-medium\" alt=\"Schloss Vaux Package DELUXE\" srcset=\"https:\/\/schaumweinkontor.com\/wp-content\/uploads\/2024\/10\/3er-Paket-Schloss-Vaux-reserve-300x300.png 300w, https:\/\/schaumweinkontor.com\/wp-content\/uploads\/2024\/10\/3er-Paket-Schloss-Vaux-reserve-150x150.png 150w, https:\/\/schaumweinkontor.com\/wp-content\/uploads\/2024\/10\/3er-Paket-Schloss-Vaux-reserve-768x769.png 768w, https:\/\/schaumweinkontor.com\/wp-content\/uploads\/2024\/10\/3er-Paket-Schloss-Vaux-reserve-510x511.png 510w, https:\/\/schaumweinkontor.com\/wp-content\/uploads\/2024\/10\/3er-Paket-Schloss-Vaux-reserve-100x100.png 100w, https:\/\/schaumweinkontor.com\/wp-content\/uploads\/2024\/10\/3er-Paket-Schloss-Vaux-reserve.png 1000w\" sizes=\"auto, (max-width: 300px) 100vw, 300px\" \/>\t\t\t\t\t\t\t\t\t<\/a>\n\t\t\t\t\t\t\t\t\t\t\t\t\t\t\t\t\t\t \t\t\t\t\t\t\t\t<\/div>\n\t\t\t\t\t\t\t\t<div class=\"image-tools top right show-on-hover\">\n\t\t\t\t\t\t\t\t\t\t\t\t\t\t\t\t\t<\/div>\n\t\t\t\t\t\t\t\t\t\t\t\t\t\t\t\t\t<div class=\"image-tools grid-tools text-center hide-for-small bottom hover-slide-in show-on-hover\">\n\t\t\t\t\t\t\t\t\t\t\t\t\t\t\t\t\t\t\t<\/div>\n\t\t\t\t\t\t\t\t\t\t\t\t\t\t\t\t\t\t\t\t\t\t\t<\/div>\n\n\t\t\t\t\t\t\t<div class=\"box-text text-center\" >\n\t\t\t\t\t\t\t\t<div class=\"title-wrapper\">\t\t<p class=\"category uppercase is-smaller no-text-overflow product-cat op-7\">\n\t\t\tSchloss Vaux\t\t<\/p>\n\t<p class=\"name product-title woocommerce-loop-product__title\"><a href=\"https:\/\/schaumweinkontor.com\/en\/produkt\/schloss-vaux-package-deluxe\/\" class=\"woocommerce-LoopProduct-link woocommerce-loop-product__link\">Schloss Vaux Package DELUXE<\/a><\/p><\/div><div class=\"price-wrapper\">\n\t<span class=\"price\"><del aria-hidden=\"true\"><span class=\"woocommerce-Price-amount amount\" role=\"none\"><bdi><span class=\"woocommerce-Price-currencySymbol\">&euro;<\/span>&nbsp;76,80<\/bdi><\/span><\/del> <span class=\"screen-reader-text\">Original price was: &euro;&nbsp;76,80.<\/span><ins aria-hidden=\"true\"><span class=\"woocommerce-Price-amount amount\" role=\"none\"><bdi><span class=\"woocommerce-Price-currencySymbol\">&euro;<\/span>&nbsp;72,96<\/bdi><\/span><\/ins><span class=\"screen-reader-text\">Current price is: &euro;&nbsp;72,96.<\/span> <small class=\"woocommerce-price-suffix\">inkl. MwSt.<\/small><\/span>\n<\/div><div class=\"add-to-cart-button\"><a href=\"\/en\/wp-json\/wp\/v2\/pages\/4628?add-to-cart=5782\" aria-describedby=\"woocommerce_loop_add_to_cart_link_describedby_5782\" data-quantity=\"1\" class=\"primary is-small mb-0 button product_type_simple add_to_cart_button ajax_add_to_cart is-outline\" data-product_id=\"5782\" data-product_sku=\"\" aria-label=\"Add to cart: &ldquo;Schloss Vaux Package DELUXE&rdquo;\" rel=\"nofollow\" data-success_message=\"&ldquo;Schloss Vaux Package DELUXE&rdquo; has been added to your cart\" role=\"button\">Add to cart<\/a><\/div>\t<span id=\"woocommerce_loop_add_to_cart_link_describedby_5782\" class=\"screen-reader-text\">\n\t\t\t<\/span>\n\t\t\t\t\t\t\t<\/div>\n\t\t\t\t\t\t<\/div>\n\t\t\t\t\t\t<\/div>\n\t\t\t\t\t<\/div><div class=\"col\" data-animate=\"fadeInUp\">\n\t\t\t\t\t\t<div class=\"col-inner\">\n\t\t\t\t\t\t\n<div class=\"badge-container badge-custom absolute right top z-1\">\n\n<\/div>\n\t\t\t\t\t\t<div class=\"product-small box has-hover box-vertical box-text-bottom\">\n\t\t\t\t\t\t\t<div class=\"box-image\" >\n\t\t\t\t\t\t\t\t<div class=\"\" >\n\t\t\t\t\t\t\t\t\t<a href=\"https:\/\/schaumweinkontor.com\/en\/produkt\/schloss-vaux-rheingauer-riesling-reserve-brut-2016-15-l-magnum\/\" aria-label=\"Schloss Vaux Rheingauer Riesling R\u00e9serve Brut 2016 1,5 L Magnum\">\n\t\t\t\t\t\t\t\t\t\t<img loading=\"lazy\" decoding=\"async\" width=\"300\" height=\"300\" src=\"https:\/\/schaumweinkontor.com\/wp-content\/uploads\/2022\/11\/Schloss-Vaux-Rheingauer-Riesling-Reserve-Brut-2016-15-L-Magnum-300x300.png\" class=\"attachment-medium size-medium\" alt=\"Schloss Vaux Rheingauer Riesling R\u00e9serve Brut 2016 1,5 L Magnum\" srcset=\"https:\/\/schaumweinkontor.com\/wp-content\/uploads\/2022\/11\/Schloss-Vaux-Rheingauer-Riesling-Reserve-Brut-2016-15-L-Magnum-300x300.png 300w, https:\/\/schaumweinkontor.com\/wp-content\/uploads\/2022\/11\/Schloss-Vaux-Rheingauer-Riesling-Reserve-Brut-2016-15-L-Magnum-100x100.png 100w, https:\/\/schaumweinkontor.com\/wp-content\/uploads\/2022\/11\/Schloss-Vaux-Rheingauer-Riesling-Reserve-Brut-2016-15-L-Magnum-510x510.png 510w, https:\/\/schaumweinkontor.com\/wp-content\/uploads\/2022\/11\/Schloss-Vaux-Rheingauer-Riesling-Reserve-Brut-2016-15-L-Magnum-150x150.png 150w, https:\/\/schaumweinkontor.com\/wp-content\/uploads\/2022\/11\/Schloss-Vaux-Rheingauer-Riesling-Reserve-Brut-2016-15-L-Magnum-768x768.png 768w, https:\/\/schaumweinkontor.com\/wp-content\/uploads\/2022\/11\/Schloss-Vaux-Rheingauer-Riesling-Reserve-Brut-2016-15-L-Magnum.png 1000w\" sizes=\"auto, (max-width: 300px) 100vw, 300px\" \/>\t\t\t\t\t\t\t\t\t<\/a>\n\t\t\t\t\t\t\t\t\t\t\t\t\t\t\t\t\t\t \t\t\t\t\t\t\t\t<\/div>\n\t\t\t\t\t\t\t\t<div class=\"image-tools top right show-on-hover\">\n\t\t\t\t\t\t\t\t\t\t\t\t\t\t\t\t\t<\/div>\n\t\t\t\t\t\t\t\t\t\t\t\t\t\t\t\t\t<div class=\"image-tools grid-tools text-center hide-for-small bottom hover-slide-in show-on-hover\">\n\t\t\t\t\t\t\t\t\t\t\t\t\t\t\t\t\t\t\t<\/div>\n\t\t\t\t\t\t\t\t\t\t\t\t\t\t\t\t\t\t\t\t\t\t\t<\/div>\n\n\t\t\t\t\t\t\t<div class=\"box-text text-center\" >\n\t\t\t\t\t\t\t\t<div class=\"title-wrapper\">\t\t<p class=\"category uppercase is-smaller no-text-overflow product-cat op-7\">\n\t\t\tSchloss Vaux\t\t<\/p>\n\t<p class=\"name product-title woocommerce-loop-product__title\"><a href=\"https:\/\/schaumweinkontor.com\/en\/produkt\/schloss-vaux-rheingauer-riesling-reserve-brut-2016-15-l-magnum\/\" class=\"woocommerce-LoopProduct-link woocommerce-loop-product__link\">Schloss Vaux Rheingauer Riesling R\u00e9serve Brut 2016 1,5 L Magnum<\/a><\/p><\/div><div class=\"price-wrapper\">\n\t<span class=\"price\"><span class=\"woocommerce-Price-amount amount\" role=\"none\"><bdi><span class=\"woocommerce-Price-currencySymbol\">&euro;<\/span>&nbsp;75,80<\/bdi><\/span> <small class=\"woocommerce-price-suffix\">inkl. MwSt.<\/small><\/span>\n<\/div><div class=\"add-to-cart-button\"><a href=\"\/en\/wp-json\/wp\/v2\/pages\/4628?add-to-cart=4719\" aria-describedby=\"woocommerce_loop_add_to_cart_link_describedby_4719\" data-quantity=\"1\" class=\"primary is-small mb-0 button product_type_simple add_to_cart_button ajax_add_to_cart is-outline\" data-product_id=\"4719\" data-product_sku=\"100300252\" aria-label=\"Add to cart: &ldquo;Schloss Vaux Rheingauer Riesling R\u00e9serve Brut 2016 1,5 L Magnum&rdquo;\" rel=\"nofollow\" data-success_message=\"&ldquo;Schloss Vaux Rheingauer Riesling R\u00e9serve Brut 2016 1,5 L Magnum&rdquo; has been added to your cart\" role=\"button\">Add to cart<\/a><\/div>\t<span id=\"woocommerce_loop_add_to_cart_link_describedby_4719\" class=\"screen-reader-text\">\n\t\t\t<\/span>\n\t\t\t\t\t\t\t<\/div>\n\t\t\t\t\t\t<\/div>\n\t\t\t\t\t\t<\/div>\n\t\t\t\t\t<\/div><\/div>\n\n\n  \n    <div class=\"row  equalize-box show-for-medium hide-for-small large-columns-3 medium-columns-2 small-columns-1 row-large has-shadow row-box-shadow-2 row-box-shadow-4-hover\" >\n  \t\n\t     <div class=\"col\" data-animate=\"fadeInUp\">\n\t\t\t\t\t\t<div class=\"col-inner\">\n\t\t\t\t\t\t\n<div class=\"badge-container badge-custom absolute right top z-1\">\n<div class=\"callout badge badge-circle\"><div class=\"badge-inner secondary on-sale\"><span class=\"onsale\">Sale!<\/span><\/div><\/div>\n<\/div>\n\t\t\t\t\t\t<div class=\"product-small box has-hover box-normal box-text-bottom\">\n\t\t\t\t\t\t\t<div class=\"box-image\" >\n\t\t\t\t\t\t\t\t<div class=\"\" >\n\t\t\t\t\t\t\t\t\t<a href=\"https:\/\/schaumweinkontor.com\/en\/produkt\/schloss-vaux-riesling-brut-075-l\/\" aria-label=\"Schloss Vaux Riesling Brut 0,75 L\">\n\t\t\t\t\t\t\t\t\t\t<img loading=\"lazy\" decoding=\"async\" width=\"300\" height=\"300\" src=\"https:\/\/schaumweinkontor.com\/wp-content\/uploads\/2022\/06\/Schloss-Vaux-Riesling-Brut-075-L-300x300.png\" class=\"attachment-medium size-medium\" alt=\"Schloss Vaux Riesling Brut 0,75 L\" srcset=\"https:\/\/schaumweinkontor.com\/wp-content\/uploads\/2022\/06\/Schloss-Vaux-Riesling-Brut-075-L-300x300.png 300w, https:\/\/schaumweinkontor.com\/wp-content\/uploads\/2022\/06\/Schloss-Vaux-Riesling-Brut-075-L-100x100.png 100w, https:\/\/schaumweinkontor.com\/wp-content\/uploads\/2022\/06\/Schloss-Vaux-Riesling-Brut-075-L-510x510.png 510w, https:\/\/schaumweinkontor.com\/wp-content\/uploads\/2022\/06\/Schloss-Vaux-Riesling-Brut-075-L-150x150.png 150w, https:\/\/schaumweinkontor.com\/wp-content\/uploads\/2022\/06\/Schloss-Vaux-Riesling-Brut-075-L-768x768.png 768w, https:\/\/schaumweinkontor.com\/wp-content\/uploads\/2022\/06\/Schloss-Vaux-Riesling-Brut-075-L.png 1000w\" sizes=\"auto, (max-width: 300px) 100vw, 300px\" \/>\t\t\t\t\t\t\t\t\t<\/a>\n\t\t\t\t\t\t\t\t\t\t\t\t\t\t\t\t\t\t \t\t\t\t\t\t\t\t<\/div>\n\t\t\t\t\t\t\t\t<div class=\"image-tools top right show-on-hover\">\n\t\t\t\t\t\t\t\t\t\t\t\t\t\t\t\t\t<\/div>\n\t\t\t\t\t\t\t\t\t\t\t\t\t\t\t\t\t<div class=\"image-tools grid-tools text-center hide-for-small bottom hover-slide-in show-on-hover\">\n\t\t\t\t\t\t\t\t\t\t\t\t\t\t\t\t\t\t\t<\/div>\n\t\t\t\t\t\t\t\t\t\t\t\t\t\t\t\t\t\t\t\t\t\t\t<\/div>\n\n\t\t\t\t\t\t\t<div class=\"box-text text-center\" >\n\t\t\t\t\t\t\t\t<div class=\"title-wrapper\">\t\t<p class=\"category uppercase is-smaller no-text-overflow product-cat op-7\">\n\t\t\tSchloss Vaux\t\t<\/p>\n\t<p class=\"name product-title woocommerce-loop-product__title\"><a href=\"https:\/\/schaumweinkontor.com\/en\/produkt\/schloss-vaux-riesling-brut-075-l\/\" class=\"woocommerce-LoopProduct-link woocommerce-loop-product__link\">Schloss Vaux Riesling Brut 0,75 L<\/a><\/p><\/div><div class=\"price-wrapper\">\n\t<span class=\"price\"><del aria-hidden=\"true\"><span class=\"woocommerce-Price-amount amount\" role=\"none\"><bdi><span class=\"woocommerce-Price-currencySymbol\">&euro;<\/span>&nbsp;17,20<\/bdi><\/span><\/del> <span class=\"screen-reader-text\">Original price was: &euro;&nbsp;17,20.<\/span><ins aria-hidden=\"true\"><span class=\"woocommerce-Price-amount amount\" role=\"none\"><bdi><span class=\"woocommerce-Price-currencySymbol\">&euro;<\/span>&nbsp;12,90<\/bdi><\/span><\/ins><span class=\"screen-reader-text\">Current price is: &euro;&nbsp;12,90.<\/span> <small class=\"woocommerce-price-suffix\">inkl. MwSt.<\/small><\/span>\n<\/div><div class=\"add-to-cart-button\"><a href=\"\/en\/wp-json\/wp\/v2\/pages\/4628?add-to-cart=4766\" aria-describedby=\"woocommerce_loop_add_to_cart_link_describedby_4766\" data-quantity=\"1\" class=\"primary is-small mb-0 button product_type_simple add_to_cart_button ajax_add_to_cart is-outline\" data-product_id=\"4766\" data-product_sku=\"100300249\" aria-label=\"Add to cart: &ldquo;Schloss Vaux Riesling Brut 0,75 L&rdquo;\" rel=\"nofollow\" data-success_message=\"&ldquo;Schloss Vaux Riesling Brut 0,75 L&rdquo; has been added to your cart\" role=\"button\">Add to cart<\/a><\/div>\t<span id=\"woocommerce_loop_add_to_cart_link_describedby_4766\" class=\"screen-reader-text\">\n\t\t\t<\/span>\n\t\t\t\t\t\t\t<\/div>\n\t\t\t\t\t\t<\/div>\n\t\t\t\t\t\t<\/div>\n\t\t\t\t\t<\/div><div class=\"col\" data-animate=\"fadeInUp\">\n\t\t\t\t\t\t<div class=\"col-inner\">\n\t\t\t\t\t\t\n<div class=\"badge-container badge-custom absolute right top z-1\">\n\n<\/div>\n\t\t\t\t\t\t<div class=\"product-small box has-hover box-normal box-text-bottom\">\n\t\t\t\t\t\t\t<div class=\"box-image\" >\n\t\t\t\t\t\t\t\t<div class=\"\" >\n\t\t\t\t\t\t\t\t\t<a href=\"https:\/\/schaumweinkontor.com\/en\/produkt\/schloss-vaux-cuvee-brut-075-l\/\" aria-label=\"Schloss Vaux Cuv\u00e9e Brut 0,75 L\">\n\t\t\t\t\t\t\t\t\t\t<img loading=\"lazy\" decoding=\"async\" width=\"300\" height=\"300\" src=\"https:\/\/schaumweinkontor.com\/wp-content\/uploads\/2022\/06\/Schloss-Vaux-Cuvee-Brut-075-L-300x300.png\" class=\"attachment-medium size-medium\" alt=\"Schloss Vaux Cuv\u00e9e Brut 0,75 L\" srcset=\"https:\/\/schaumweinkontor.com\/wp-content\/uploads\/2022\/06\/Schloss-Vaux-Cuvee-Brut-075-L-300x300.png 300w, https:\/\/schaumweinkontor.com\/wp-content\/uploads\/2022\/06\/Schloss-Vaux-Cuvee-Brut-075-L-100x100.png 100w, https:\/\/schaumweinkontor.com\/wp-content\/uploads\/2022\/06\/Schloss-Vaux-Cuvee-Brut-075-L-510x510.png 510w, https:\/\/schaumweinkontor.com\/wp-content\/uploads\/2022\/06\/Schloss-Vaux-Cuvee-Brut-075-L-150x150.png 150w, https:\/\/schaumweinkontor.com\/wp-content\/uploads\/2022\/06\/Schloss-Vaux-Cuvee-Brut-075-L-768x768.png 768w, https:\/\/schaumweinkontor.com\/wp-content\/uploads\/2022\/06\/Schloss-Vaux-Cuvee-Brut-075-L.png 1000w\" sizes=\"auto, (max-width: 300px) 100vw, 300px\" \/>\t\t\t\t\t\t\t\t\t<\/a>\n\t\t\t\t\t\t\t\t\t\t\t\t\t\t\t\t\t\t \t\t\t\t\t\t\t\t<\/div>\n\t\t\t\t\t\t\t\t<div class=\"image-tools top right show-on-hover\">\n\t\t\t\t\t\t\t\t\t\t\t\t\t\t\t\t\t<\/div>\n\t\t\t\t\t\t\t\t\t\t\t\t\t\t\t\t\t<div class=\"image-tools grid-tools text-center hide-for-small bottom hover-slide-in show-on-hover\">\n\t\t\t\t\t\t\t\t\t\t\t\t\t\t\t\t\t\t\t<\/div>\n\t\t\t\t\t\t\t\t\t\t\t\t\t\t\t\t\t\t\t\t\t\t\t<\/div>\n\n\t\t\t\t\t\t\t<div class=\"box-text text-center\" >\n\t\t\t\t\t\t\t\t<div class=\"title-wrapper\">\t\t<p class=\"category uppercase is-smaller no-text-overflow product-cat op-7\">\n\t\t\tSchloss Vaux\t\t<\/p>\n\t<p class=\"name product-title woocommerce-loop-product__title\"><a href=\"https:\/\/schaumweinkontor.com\/en\/produkt\/schloss-vaux-cuvee-brut-075-l\/\" class=\"woocommerce-LoopProduct-link woocommerce-loop-product__link\">Schloss Vaux Cuv\u00e9e Brut 0,75 L<\/a><\/p><\/div><div class=\"price-wrapper\">\n\t<span class=\"price\"><span class=\"woocommerce-Price-amount amount\" role=\"none\"><bdi><span class=\"woocommerce-Price-currencySymbol\">&euro;<\/span>&nbsp;17,20<\/bdi><\/span> <small class=\"woocommerce-price-suffix\">inkl. MwSt.<\/small><\/span>\n<\/div><div class=\"add-to-cart-button\"><a href=\"\/en\/wp-json\/wp\/v2\/pages\/4628?add-to-cart=4769\" aria-describedby=\"woocommerce_loop_add_to_cart_link_describedby_4769\" data-quantity=\"1\" class=\"primary is-small mb-0 button product_type_simple add_to_cart_button ajax_add_to_cart is-outline\" data-product_id=\"4769\" data-product_sku=\"100300246\" aria-label=\"Add to cart: &ldquo;Schloss Vaux Cuv\u00e9e Brut 0,75 L&rdquo;\" rel=\"nofollow\" data-success_message=\"&ldquo;Schloss Vaux Cuv\u00e9e Brut 0,75 L&rdquo; has been added to your cart\" role=\"button\">Add to cart<\/a><\/div>\t<span id=\"woocommerce_loop_add_to_cart_link_describedby_4769\" class=\"screen-reader-text\">\n\t\t\t<\/span>\n\t\t\t\t\t\t\t<\/div>\n\t\t\t\t\t\t<\/div>\n\t\t\t\t\t\t<\/div>\n\t\t\t\t\t<\/div><div class=\"col\" data-animate=\"fadeInUp\">\n\t\t\t\t\t\t<div class=\"col-inner\">\n\t\t\t\t\t\t\n<div class=\"badge-container badge-custom absolute right top z-1\">\n\n<\/div>\n\t\t\t\t\t\t<div class=\"product-small box has-hover box-normal box-text-bottom\">\n\t\t\t\t\t\t\t<div class=\"box-image\" >\n\t\t\t\t\t\t\t\t<div class=\"\" >\n\t\t\t\t\t\t\t\t\t<a href=\"https:\/\/schaumweinkontor.com\/en\/produkt\/schloss-vaux-rose-brut-075-l\/\" aria-label=\"Schloss Vaux Ros\u00e9 Brut 0,75 L\">\n\t\t\t\t\t\t\t\t\t\t<img loading=\"lazy\" decoding=\"async\" width=\"300\" height=\"300\" src=\"https:\/\/schaumweinkontor.com\/wp-content\/uploads\/2022\/06\/Schloss-Vaux-Rose-Brut-075-L-300x300.png\" class=\"attachment-medium size-medium\" alt=\"Schloss Vaux Ros\u00e9 Brut 0,75 L\" srcset=\"https:\/\/schaumweinkontor.com\/wp-content\/uploads\/2022\/06\/Schloss-Vaux-Rose-Brut-075-L-300x300.png 300w, https:\/\/schaumweinkontor.com\/wp-content\/uploads\/2022\/06\/Schloss-Vaux-Rose-Brut-075-L-100x100.png 100w, https:\/\/schaumweinkontor.com\/wp-content\/uploads\/2022\/06\/Schloss-Vaux-Rose-Brut-075-L-510x510.png 510w, https:\/\/schaumweinkontor.com\/wp-content\/uploads\/2022\/06\/Schloss-Vaux-Rose-Brut-075-L-150x150.png 150w, https:\/\/schaumweinkontor.com\/wp-content\/uploads\/2022\/06\/Schloss-Vaux-Rose-Brut-075-L-768x768.png 768w, https:\/\/schaumweinkontor.com\/wp-content\/uploads\/2022\/06\/Schloss-Vaux-Rose-Brut-075-L.png 1000w\" sizes=\"auto, (max-width: 300px) 100vw, 300px\" \/>\t\t\t\t\t\t\t\t\t<\/a>\n\t\t\t\t\t\t\t\t\t\t\t\t\t\t\t\t\t\t \t\t\t\t\t\t\t\t<\/div>\n\t\t\t\t\t\t\t\t<div class=\"image-tools top right show-on-hover\">\n\t\t\t\t\t\t\t\t\t\t\t\t\t\t\t\t\t<\/div>\n\t\t\t\t\t\t\t\t\t\t\t\t\t\t\t\t\t<div class=\"image-tools grid-tools text-center hide-for-small bottom hover-slide-in show-on-hover\">\n\t\t\t\t\t\t\t\t\t\t\t\t\t\t\t\t\t\t\t<\/div>\n\t\t\t\t\t\t\t\t\t\t\t\t\t\t\t\t\t\t\t\t\t\t\t<\/div>\n\n\t\t\t\t\t\t\t<div class=\"box-text text-center\" >\n\t\t\t\t\t\t\t\t<div class=\"title-wrapper\">\t\t<p class=\"category uppercase is-smaller no-text-overflow product-cat op-7\">\n\t\t\tSchloss Vaux\t\t<\/p>\n\t<p class=\"name product-title woocommerce-loop-product__title\"><a href=\"https:\/\/schaumweinkontor.com\/en\/produkt\/schloss-vaux-rose-brut-075-l\/\" class=\"woocommerce-LoopProduct-link woocommerce-loop-product__link\">Schloss Vaux Ros\u00e9 Brut 0,75 L<\/a><\/p><\/div><div class=\"price-wrapper\">\n\t<span class=\"price\"><span class=\"woocommerce-Price-amount amount\" role=\"none\"><bdi><span class=\"woocommerce-Price-currencySymbol\">&euro;<\/span>&nbsp;19,50<\/bdi><\/span> <small class=\"woocommerce-price-suffix\">inkl. MwSt.<\/small><\/span>\n<\/div><div class=\"add-to-cart-button\"><a href=\"\/en\/wp-json\/wp\/v2\/pages\/4628?add-to-cart=4767\" aria-describedby=\"woocommerce_loop_add_to_cart_link_describedby_4767\" data-quantity=\"1\" class=\"primary is-small mb-0 button product_type_simple add_to_cart_button ajax_add_to_cart is-outline\" data-product_id=\"4767\" data-product_sku=\"100300248\" aria-label=\"Add to cart: &ldquo;Schloss Vaux Ros\u00e9 Brut 0,75 L&rdquo;\" rel=\"nofollow\" data-success_message=\"&ldquo;Schloss Vaux Ros\u00e9 Brut 0,75 L&rdquo; has been added to your cart\" role=\"button\">Add to cart<\/a><\/div>\t<span id=\"woocommerce_loop_add_to_cart_link_describedby_4767\" class=\"screen-reader-text\">\n\t\t\t<\/span>\n\t\t\t\t\t\t\t<\/div>\n\t\t\t\t\t\t<\/div>\n\t\t\t\t\t\t<\/div>\n\t\t\t\t\t<\/div><div class=\"col\" data-animate=\"fadeInUp\">\n\t\t\t\t\t\t<div class=\"col-inner\">\n\t\t\t\t\t\t\n<div class=\"badge-container badge-custom absolute right top z-1\">\n\n<\/div>\n\t\t\t\t\t\t<div class=\"product-small box has-hover box-normal box-text-bottom\">\n\t\t\t\t\t\t\t<div class=\"box-image\" >\n\t\t\t\t\t\t\t\t<div class=\"\" >\n\t\t\t\t\t\t\t\t\t<a href=\"https:\/\/schaumweinkontor.com\/en\/produkt\/schloss-vaux-rheingauer-riesling-reserve-brut-2016-075-l\/\" aria-label=\"Schloss Vaux Rheingauer Riesling R\u00e9serve Brut 2016 0,75 L\">\n\t\t\t\t\t\t\t\t\t\t<img loading=\"lazy\" decoding=\"async\" width=\"300\" height=\"300\" src=\"https:\/\/schaumweinkontor.com\/wp-content\/uploads\/2022\/06\/Schloss-Vaux-Rheingauer-Riesling-Reserve-Brut-2016-075-L-300x300.png\" class=\"attachment-medium size-medium\" alt=\"Schloss Vaux Rheingauer Riesling R\u00e9serve Brut 2016 0,75 L\" srcset=\"https:\/\/schaumweinkontor.com\/wp-content\/uploads\/2022\/06\/Schloss-Vaux-Rheingauer-Riesling-Reserve-Brut-2016-075-L-300x300.png 300w, https:\/\/schaumweinkontor.com\/wp-content\/uploads\/2022\/06\/Schloss-Vaux-Rheingauer-Riesling-Reserve-Brut-2016-075-L-100x100.png 100w, https:\/\/schaumweinkontor.com\/wp-content\/uploads\/2022\/06\/Schloss-Vaux-Rheingauer-Riesling-Reserve-Brut-2016-075-L-510x510.png 510w, https:\/\/schaumweinkontor.com\/wp-content\/uploads\/2022\/06\/Schloss-Vaux-Rheingauer-Riesling-Reserve-Brut-2016-075-L-150x150.png 150w, https:\/\/schaumweinkontor.com\/wp-content\/uploads\/2022\/06\/Schloss-Vaux-Rheingauer-Riesling-Reserve-Brut-2016-075-L-768x768.png 768w, https:\/\/schaumweinkontor.com\/wp-content\/uploads\/2022\/06\/Schloss-Vaux-Rheingauer-Riesling-Reserve-Brut-2016-075-L.png 1000w\" sizes=\"auto, (max-width: 300px) 100vw, 300px\" \/>\t\t\t\t\t\t\t\t\t<\/a>\n\t\t\t\t\t\t\t\t\t\t\t\t\t\t\t\t\t\t \t\t\t\t\t\t\t\t<\/div>\n\t\t\t\t\t\t\t\t<div class=\"image-tools top right show-on-hover\">\n\t\t\t\t\t\t\t\t\t\t\t\t\t\t\t\t\t<\/div>\n\t\t\t\t\t\t\t\t\t\t\t\t\t\t\t\t\t<div class=\"image-tools grid-tools text-center hide-for-small bottom hover-slide-in show-on-hover\">\n\t\t\t\t\t\t\t\t\t\t\t\t\t\t\t\t\t\t\t<\/div>\n\t\t\t\t\t\t\t\t\t\t\t\t\t\t\t\t\t\t\t\t\t\t\t<\/div>\n\n\t\t\t\t\t\t\t<div class=\"box-text text-center\" >\n\t\t\t\t\t\t\t\t<div class=\"title-wrapper\">\t\t<p class=\"category uppercase is-smaller no-text-overflow product-cat op-7\">\n\t\t\tSchloss Vaux\t\t<\/p>\n\t<p class=\"name product-title woocommerce-loop-product__title\"><a href=\"https:\/\/schaumweinkontor.com\/en\/produkt\/schloss-vaux-rheingauer-riesling-reserve-brut-2016-075-l\/\" class=\"woocommerce-LoopProduct-link woocommerce-loop-product__link\">Schloss Vaux Rheingauer Riesling R\u00e9serve Brut 2016 0,75 L<\/a><\/p><\/div><div class=\"price-wrapper\">\n\t<span class=\"price\"><span class=\"woocommerce-Price-amount amount\" role=\"none\"><bdi><span class=\"woocommerce-Price-currencySymbol\">&euro;<\/span>&nbsp;23,00<\/bdi><\/span> <small class=\"woocommerce-price-suffix\">inkl. MwSt.<\/small><\/span>\n<\/div><div class=\"add-to-cart-button\"><a href=\"\/en\/wp-json\/wp\/v2\/pages\/4628?add-to-cart=4768\" aria-describedby=\"woocommerce_loop_add_to_cart_link_describedby_4768\" data-quantity=\"1\" class=\"primary is-small mb-0 button product_type_simple add_to_cart_button ajax_add_to_cart is-outline\" data-product_id=\"4768\" data-product_sku=\"100300247\" aria-label=\"Add to cart: &ldquo;Schloss Vaux Rheingauer Riesling R\u00e9serve Brut 2016 0,75 L&rdquo;\" rel=\"nofollow\" data-success_message=\"&ldquo;Schloss Vaux Rheingauer Riesling R\u00e9serve Brut 2016 0,75 L&rdquo; has been added to your cart\" role=\"button\">Add to cart<\/a><\/div>\t<span id=\"woocommerce_loop_add_to_cart_link_describedby_4768\" class=\"screen-reader-text\">\n\t\t\t<\/span>\n\t\t\t\t\t\t\t<\/div>\n\t\t\t\t\t\t<\/div>\n\t\t\t\t\t\t<\/div>\n\t\t\t\t\t<\/div><div class=\"col\" data-animate=\"fadeInUp\">\n\t\t\t\t\t\t<div class=\"col-inner\">\n\t\t\t\t\t\t\n<div class=\"badge-container badge-custom absolute right top z-1\">\n<div class=\"callout badge badge-circle\"><div class=\"badge-inner secondary on-sale\"><span class=\"onsale\">Sale!<\/span><\/div><\/div>\n<\/div>\n\t\t\t\t\t\t<div class=\"product-small box has-hover box-normal box-text-bottom\">\n\t\t\t\t\t\t\t<div class=\"box-image\" >\n\t\t\t\t\t\t\t\t<div class=\"\" >\n\t\t\t\t\t\t\t\t\t<a href=\"https:\/\/schaumweinkontor.com\/en\/produkt\/schloss-vaux-rose-reserve-2018-brut-075-l\/\" aria-label=\"Schloss Vaux Ros\u00e9 R\u00e9serve 2018 Brut 0,75 L\">\n\t\t\t\t\t\t\t\t\t\t<img loading=\"lazy\" decoding=\"async\" width=\"300\" height=\"300\" src=\"https:\/\/schaumweinkontor.com\/wp-content\/uploads\/2022\/11\/Schloss-Vaux-Rose-Reserve-2018-Brut-075-L-300x300.png\" class=\"attachment-medium size-medium\" alt=\"Schloss Vaux Ros\u00e9 R\u00e9serve 2018 Brut 0,75 L\" srcset=\"https:\/\/schaumweinkontor.com\/wp-content\/uploads\/2022\/11\/Schloss-Vaux-Rose-Reserve-2018-Brut-075-L-300x300.png 300w, https:\/\/schaumweinkontor.com\/wp-content\/uploads\/2022\/11\/Schloss-Vaux-Rose-Reserve-2018-Brut-075-L-100x100.png 100w, https:\/\/schaumweinkontor.com\/wp-content\/uploads\/2022\/11\/Schloss-Vaux-Rose-Reserve-2018-Brut-075-L-510x510.png 510w, https:\/\/schaumweinkontor.com\/wp-content\/uploads\/2022\/11\/Schloss-Vaux-Rose-Reserve-2018-Brut-075-L-150x150.png 150w, https:\/\/schaumweinkontor.com\/wp-content\/uploads\/2022\/11\/Schloss-Vaux-Rose-Reserve-2018-Brut-075-L-768x768.png 768w, https:\/\/schaumweinkontor.com\/wp-content\/uploads\/2022\/11\/Schloss-Vaux-Rose-Reserve-2018-Brut-075-L.png 1000w\" sizes=\"auto, (max-width: 300px) 100vw, 300px\" \/>\t\t\t\t\t\t\t\t\t<\/a>\n\t\t\t\t\t\t\t\t\t\t\t\t\t\t\t\t\t\t \t\t\t\t\t\t\t\t<\/div>\n\t\t\t\t\t\t\t\t<div class=\"image-tools top right show-on-hover\">\n\t\t\t\t\t\t\t\t\t\t\t\t\t\t\t\t\t<\/div>\n\t\t\t\t\t\t\t\t\t\t\t\t\t\t\t\t\t<div class=\"image-tools grid-tools text-center hide-for-small bottom hover-slide-in show-on-hover\">\n\t\t\t\t\t\t\t\t\t\t\t\t\t\t\t\t\t\t\t<\/div>\n\t\t\t\t\t\t\t\t\t\t\t\t\t\t\t\t\t\t\t\t\t\t\t<\/div>\n\n\t\t\t\t\t\t\t<div class=\"box-text text-center\" >\n\t\t\t\t\t\t\t\t<div class=\"title-wrapper\">\t\t<p class=\"category uppercase is-smaller no-text-overflow product-cat op-7\">\n\t\t\tSchloss Vaux\t\t<\/p>\n\t<p class=\"name product-title woocommerce-loop-product__title\"><a href=\"https:\/\/schaumweinkontor.com\/en\/produkt\/schloss-vaux-rose-reserve-2018-brut-075-l\/\" class=\"woocommerce-LoopProduct-link woocommerce-loop-product__link\">Schloss Vaux Ros\u00e9 R\u00e9serve 2018 Brut 0,75 L<\/a><\/p><\/div><div class=\"price-wrapper\">\n\t<span class=\"price\"><del aria-hidden=\"true\"><span class=\"woocommerce-Price-amount amount\" role=\"none\"><bdi><span class=\"woocommerce-Price-currencySymbol\">&euro;<\/span>&nbsp;31,60<\/bdi><\/span><\/del> <span class=\"screen-reader-text\">Original price was: &euro;&nbsp;31,60.<\/span><ins aria-hidden=\"true\"><span class=\"woocommerce-Price-amount amount\" role=\"none\"><bdi><span class=\"woocommerce-Price-currencySymbol\">&euro;<\/span>&nbsp;23,70<\/bdi><\/span><\/ins><span class=\"screen-reader-text\">Current price is: &euro;&nbsp;23,70.<\/span> <small class=\"woocommerce-price-suffix\">inkl. MwSt.<\/small><\/span>\n<\/div><div class=\"add-to-cart-button\"><a href=\"\/en\/wp-json\/wp\/v2\/pages\/4628?add-to-cart=4724\" aria-describedby=\"woocommerce_loop_add_to_cart_link_describedby_4724\" data-quantity=\"1\" class=\"primary is-small mb-0 button product_type_simple add_to_cart_button ajax_add_to_cart is-outline\" data-product_id=\"4724\" data-product_sku=\"100300250\" aria-label=\"Add to cart: &ldquo;Schloss Vaux Ros\u00e9 R\u00e9serve 2018 Brut 0,75 L&rdquo;\" rel=\"nofollow\" data-success_message=\"&ldquo;Schloss Vaux Ros\u00e9 R\u00e9serve 2018 Brut 0,75 L&rdquo; has been added to your cart\" role=\"button\">Add to cart<\/a><\/div>\t<span id=\"woocommerce_loop_add_to_cart_link_describedby_4724\" class=\"screen-reader-text\">\n\t\t\t<\/span>\n\t\t\t\t\t\t\t<\/div>\n\t\t\t\t\t\t<\/div>\n\t\t\t\t\t\t<\/div>\n\t\t\t\t\t<\/div><div class=\"col\" data-animate=\"fadeInUp\">\n\t\t\t\t\t\t<div class=\"col-inner\">\n\t\t\t\t\t\t\n<div class=\"badge-container badge-custom absolute right top z-1\">\n\n<\/div>\n\t\t\t\t\t\t<div class=\"product-small box has-hover box-normal box-text-bottom\">\n\t\t\t\t\t\t\t<div class=\"box-image\" >\n\t\t\t\t\t\t\t\t<div class=\"\" >\n\t\t\t\t\t\t\t\t\t<a href=\"https:\/\/schaumweinkontor.com\/en\/produkt\/schloss-vaux-gruener-veltliner-brut-075-l\/\" aria-label=\"Schloss Vaux Gr\u00fcner Veltliner Brut 0,75 L\">\n\t\t\t\t\t\t\t\t\t\t<img loading=\"lazy\" decoding=\"async\" width=\"300\" height=\"300\" src=\"https:\/\/schaumweinkontor.com\/wp-content\/uploads\/2023\/04\/Schloss-Vaux-Gruener-Veltliner_1000x1000-px-300x300.png\" class=\"attachment-medium size-medium\" alt=\"Schloss Vaux Gr\u00fcner Veltliner Brut 0,75 L\" srcset=\"https:\/\/schaumweinkontor.com\/wp-content\/uploads\/2023\/04\/Schloss-Vaux-Gruener-Veltliner_1000x1000-px-300x300.png 300w, https:\/\/schaumweinkontor.com\/wp-content\/uploads\/2023\/04\/Schloss-Vaux-Gruener-Veltliner_1000x1000-px-100x100.png 100w, https:\/\/schaumweinkontor.com\/wp-content\/uploads\/2023\/04\/Schloss-Vaux-Gruener-Veltliner_1000x1000-px-510x510.png 510w, https:\/\/schaumweinkontor.com\/wp-content\/uploads\/2023\/04\/Schloss-Vaux-Gruener-Veltliner_1000x1000-px-150x150.png 150w, https:\/\/schaumweinkontor.com\/wp-content\/uploads\/2023\/04\/Schloss-Vaux-Gruener-Veltliner_1000x1000-px-768x768.png 768w, https:\/\/schaumweinkontor.com\/wp-content\/uploads\/2023\/04\/Schloss-Vaux-Gruener-Veltliner_1000x1000-px.png 1000w\" sizes=\"auto, (max-width: 300px) 100vw, 300px\" \/>\t\t\t\t\t\t\t\t\t<\/a>\n\t\t\t\t\t\t\t\t\t\t\t\t\t\t\t\t\t\t \t\t\t\t\t\t\t\t<\/div>\n\t\t\t\t\t\t\t\t<div class=\"image-tools top right show-on-hover\">\n\t\t\t\t\t\t\t\t\t\t\t\t\t\t\t\t\t<\/div>\n\t\t\t\t\t\t\t\t\t\t\t\t\t\t\t\t\t<div class=\"image-tools grid-tools text-center hide-for-small bottom hover-slide-in show-on-hover\">\n\t\t\t\t\t\t\t\t\t\t\t\t\t\t\t\t\t\t\t<\/div>\n\t\t\t\t\t\t\t\t\t\t\t\t\t\t\t\t\t\t\t\t\t\t\t<\/div>\n\n\t\t\t\t\t\t\t<div class=\"box-text text-center\" >\n\t\t\t\t\t\t\t\t<div class=\"title-wrapper\">\t\t<p class=\"category uppercase is-smaller no-text-overflow product-cat op-7\">\n\t\t\tSchloss Vaux\t\t<\/p>\n\t<p class=\"name product-title woocommerce-loop-product__title\"><a href=\"https:\/\/schaumweinkontor.com\/en\/produkt\/schloss-vaux-gruener-veltliner-brut-075-l\/\" class=\"woocommerce-LoopProduct-link woocommerce-loop-product__link\">Schloss Vaux Gr\u00fcner Veltliner Brut 0,75 L<\/a><\/p><\/div><div class=\"price-wrapper\">\n\t<span class=\"price\"><span class=\"woocommerce-Price-amount amount\" role=\"none\"><bdi><span class=\"woocommerce-Price-currencySymbol\">&euro;<\/span>&nbsp;31,00<\/bdi><\/span> <small class=\"woocommerce-price-suffix\">inkl. MwSt.<\/small><\/span>\n<\/div><div class=\"add-to-cart-button\"><a href=\"\/en\/wp-json\/wp\/v2\/pages\/4628?add-to-cart=4705\" aria-describedby=\"woocommerce_loop_add_to_cart_link_describedby_4705\" data-quantity=\"1\" class=\"primary is-small mb-0 button product_type_simple add_to_cart_button ajax_add_to_cart is-outline\" data-product_id=\"4705\" data-product_sku=\"100300255\" aria-label=\"Add to cart: &ldquo;Schloss Vaux Gr\u00fcner Veltliner Brut 0,75 L&rdquo;\" rel=\"nofollow\" data-success_message=\"&ldquo;Schloss Vaux Gr\u00fcner Veltliner Brut 0,75 L&rdquo; has been added to your cart\" role=\"button\">Add to cart<\/a><\/div>\t<span id=\"woocommerce_loop_add_to_cart_link_describedby_4705\" class=\"screen-reader-text\">\n\t\t\t<\/span>\n\t\t\t\t\t\t\t<\/div>\n\t\t\t\t\t\t<\/div>\n\t\t\t\t\t\t<\/div>\n\t\t\t\t\t<\/div><div class=\"col\" data-animate=\"fadeInUp\">\n\t\t\t\t\t\t<div class=\"col-inner\">\n\t\t\t\t\t\t\n<div class=\"badge-container badge-custom absolute right top z-1\">\n\n<\/div>\n\t\t\t\t\t\t<div class=\"product-small box has-hover box-normal box-text-bottom\">\n\t\t\t\t\t\t\t<div class=\"box-image\" >\n\t\t\t\t\t\t\t\t<div class=\"\" >\n\t\t\t\t\t\t\t\t\t<a href=\"https:\/\/schaumweinkontor.com\/en\/produkt\/schloss-vaux-blanc-de-blancs-reserve-2018-075-l\/\" aria-label=\"Schloss Vaux Blanc de Blancs R\u00e9serve 2018 0,75 L\">\n\t\t\t\t\t\t\t\t\t\t<img loading=\"lazy\" decoding=\"async\" width=\"300\" height=\"300\" src=\"https:\/\/schaumweinkontor.com\/wp-content\/uploads\/2022\/11\/Schloss-Vaux-blanc-de-blancs-reserve-2018-1000x1000px-300x300.png\" class=\"attachment-medium size-medium\" alt=\"Schloss Vaux Blanc de Blancs R\u00e9serve 2018 0,75 L\" srcset=\"https:\/\/schaumweinkontor.com\/wp-content\/uploads\/2022\/11\/Schloss-Vaux-blanc-de-blancs-reserve-2018-1000x1000px-300x300.png 300w, https:\/\/schaumweinkontor.com\/wp-content\/uploads\/2022\/11\/Schloss-Vaux-blanc-de-blancs-reserve-2018-1000x1000px-100x100.png 100w, https:\/\/schaumweinkontor.com\/wp-content\/uploads\/2022\/11\/Schloss-Vaux-blanc-de-blancs-reserve-2018-1000x1000px-510x510.png 510w, https:\/\/schaumweinkontor.com\/wp-content\/uploads\/2022\/11\/Schloss-Vaux-blanc-de-blancs-reserve-2018-1000x1000px-150x150.png 150w, https:\/\/schaumweinkontor.com\/wp-content\/uploads\/2022\/11\/Schloss-Vaux-blanc-de-blancs-reserve-2018-1000x1000px-768x768.png 768w, https:\/\/schaumweinkontor.com\/wp-content\/uploads\/2022\/11\/Schloss-Vaux-blanc-de-blancs-reserve-2018-1000x1000px.png 1000w\" sizes=\"auto, (max-width: 300px) 100vw, 300px\" \/>\t\t\t\t\t\t\t\t\t<\/a>\n\t\t\t\t\t\t\t\t\t\t\t\t\t\t\t\t\t\t \t\t\t\t\t\t\t\t<\/div>\n\t\t\t\t\t\t\t\t<div class=\"image-tools top right show-on-hover\">\n\t\t\t\t\t\t\t\t\t\t\t\t\t\t\t\t\t<\/div>\n\t\t\t\t\t\t\t\t\t\t\t\t\t\t\t\t\t<div class=\"image-tools grid-tools text-center hide-for-small bottom hover-slide-in show-on-hover\">\n\t\t\t\t\t\t\t\t\t\t\t\t\t\t\t\t\t\t\t<\/div>\n\t\t\t\t\t\t\t\t\t\t\t\t\t\t\t\t\t\t\t\t\t\t\t<\/div>\n\n\t\t\t\t\t\t\t<div class=\"box-text text-center\" >\n\t\t\t\t\t\t\t\t<div class=\"title-wrapper\">\t\t<p class=\"category uppercase is-smaller no-text-overflow product-cat op-7\">\n\t\t\tSchloss Vaux\t\t<\/p>\n\t<p class=\"name product-title woocommerce-loop-product__title\"><a href=\"https:\/\/schaumweinkontor.com\/en\/produkt\/schloss-vaux-blanc-de-blancs-reserve-2018-075-l\/\" class=\"woocommerce-LoopProduct-link woocommerce-loop-product__link\">Schloss Vaux Blanc de Blancs R\u00e9serve 2018 0,75 L<\/a><\/p><\/div><div class=\"price-wrapper\">\n\t<span class=\"price\"><span class=\"woocommerce-Price-amount amount\" role=\"none\"><bdi><span class=\"woocommerce-Price-currencySymbol\">&euro;<\/span>&nbsp;31,60<\/bdi><\/span> <small class=\"woocommerce-price-suffix\">inkl. MwSt.<\/small><\/span>\n<\/div><div class=\"add-to-cart-button\"><a href=\"\/en\/wp-json\/wp\/v2\/pages\/4628?add-to-cart=4725\" aria-describedby=\"woocommerce_loop_add_to_cart_link_describedby_4725\" data-quantity=\"1\" class=\"primary is-small mb-0 button product_type_simple add_to_cart_button ajax_add_to_cart is-outline\" data-product_id=\"4725\" data-product_sku=\"100300251\" aria-label=\"Add to cart: &ldquo;Schloss Vaux Blanc de Blancs R\u00e9serve 2018 0,75 L&rdquo;\" rel=\"nofollow\" data-success_message=\"&ldquo;Schloss Vaux Blanc de Blancs R\u00e9serve 2018 0,75 L&rdquo; has been added to your cart\" role=\"button\">Add to cart<\/a><\/div>\t<span id=\"woocommerce_loop_add_to_cart_link_describedby_4725\" class=\"screen-reader-text\">\n\t\t\t<\/span>\n\t\t\t\t\t\t\t<\/div>\n\t\t\t\t\t\t<\/div>\n\t\t\t\t\t\t<\/div>\n\t\t\t\t\t<\/div><div class=\"col\" data-animate=\"fadeInUp\">\n\t\t\t\t\t\t<div class=\"col-inner\">\n\t\t\t\t\t\t\n<div class=\"badge-container badge-custom absolute right top z-1\">\n\n<\/div>\n\t\t\t\t\t\t<div class=\"product-small box has-hover box-normal box-text-bottom\">\n\t\t\t\t\t\t\t<div class=\"box-image\" >\n\t\t\t\t\t\t\t\t<div class=\"\" >\n\t\t\t\t\t\t\t\t\t<a href=\"https:\/\/schaumweinkontor.com\/en\/produkt\/schloss-vaux-assmannshaeuser-pinot-noir-2016-075-l\/\" aria-label=\"Schloss Vaux Assmannsh\u00e4user Pinot Noir 2016 0,75 L\">\n\t\t\t\t\t\t\t\t\t\t<img loading=\"lazy\" decoding=\"async\" width=\"300\" height=\"300\" src=\"https:\/\/schaumweinkontor.com\/wp-content\/uploads\/2023\/04\/Schloss-Vaux-Assmannshauser_1000x1000-px-300x300.png\" class=\"attachment-medium size-medium\" alt=\"Schloss Vaux Assmannsh\u00e4user Pinot Noir 2016 0,75 L\" srcset=\"https:\/\/schaumweinkontor.com\/wp-content\/uploads\/2023\/04\/Schloss-Vaux-Assmannshauser_1000x1000-px-300x300.png 300w, https:\/\/schaumweinkontor.com\/wp-content\/uploads\/2023\/04\/Schloss-Vaux-Assmannshauser_1000x1000-px-100x100.png 100w, https:\/\/schaumweinkontor.com\/wp-content\/uploads\/2023\/04\/Schloss-Vaux-Assmannshauser_1000x1000-px-510x510.png 510w, https:\/\/schaumweinkontor.com\/wp-content\/uploads\/2023\/04\/Schloss-Vaux-Assmannshauser_1000x1000-px-150x150.png 150w, https:\/\/schaumweinkontor.com\/wp-content\/uploads\/2023\/04\/Schloss-Vaux-Assmannshauser_1000x1000-px-768x768.png 768w, https:\/\/schaumweinkontor.com\/wp-content\/uploads\/2023\/04\/Schloss-Vaux-Assmannshauser_1000x1000-px.png 1000w\" sizes=\"auto, (max-width: 300px) 100vw, 300px\" \/>\t\t\t\t\t\t\t\t\t<\/a>\n\t\t\t\t\t\t\t\t\t\t\t\t\t\t\t\t\t\t \t\t\t\t\t\t\t\t<\/div>\n\t\t\t\t\t\t\t\t<div class=\"image-tools top right show-on-hover\">\n\t\t\t\t\t\t\t\t\t\t\t\t\t\t\t\t\t<\/div>\n\t\t\t\t\t\t\t\t\t\t\t\t\t\t\t\t\t<div class=\"image-tools grid-tools text-center hide-for-small bottom hover-slide-in show-on-hover\">\n\t\t\t\t\t\t\t\t\t\t\t\t\t\t\t\t\t\t\t<\/div>\n\t\t\t\t\t\t\t\t\t\t\t\t\t\t\t\t\t\t\t\t\t\t\t<\/div>\n\n\t\t\t\t\t\t\t<div class=\"box-text text-center\" >\n\t\t\t\t\t\t\t\t<div class=\"title-wrapper\">\t\t<p class=\"category uppercase is-smaller no-text-overflow product-cat op-7\">\n\t\t\tSchloss Vaux\t\t<\/p>\n\t<p class=\"name product-title woocommerce-loop-product__title\"><a href=\"https:\/\/schaumweinkontor.com\/en\/produkt\/schloss-vaux-assmannshaeuser-pinot-noir-2016-075-l\/\" class=\"woocommerce-LoopProduct-link woocommerce-loop-product__link\">Schloss Vaux Assmannsh\u00e4user Pinot Noir 2016 0,75 L<\/a><\/p><\/div><div class=\"price-wrapper\">\n\t<span class=\"price\"><span class=\"woocommerce-Price-amount amount\" role=\"none\"><bdi><span class=\"woocommerce-Price-currencySymbol\">&euro;<\/span>&nbsp;32,80<\/bdi><\/span> <small class=\"woocommerce-price-suffix\">inkl. MwSt.<\/small><\/span>\n<\/div><div class=\"add-to-cart-button\"><a href=\"\/en\/wp-json\/wp\/v2\/pages\/4628?add-to-cart=4704\" aria-describedby=\"woocommerce_loop_add_to_cart_link_describedby_4704\" data-quantity=\"1\" class=\"primary is-small mb-0 button product_type_simple add_to_cart_button ajax_add_to_cart is-outline\" data-product_id=\"4704\" data-product_sku=\"100300253\" aria-label=\"Add to cart: &ldquo;Schloss Vaux Assmannsh\u00e4user Pinot Noir 2016 0,75 L&rdquo;\" rel=\"nofollow\" data-success_message=\"&ldquo;Schloss Vaux Assmannsh\u00e4user Pinot Noir 2016 0,75 L&rdquo; has been added to your cart\" role=\"button\">Add to cart<\/a><\/div>\t<span id=\"woocommerce_loop_add_to_cart_link_describedby_4704\" class=\"screen-reader-text\">\n\t\t\t<\/span>\n\t\t\t\t\t\t\t<\/div>\n\t\t\t\t\t\t<\/div>\n\t\t\t\t\t\t<\/div>\n\t\t\t\t\t<\/div><div class=\"col\" data-animate=\"fadeInUp\">\n\t\t\t\t\t\t<div class=\"col-inner\">\n\t\t\t\t\t\t\n<div class=\"badge-container badge-custom absolute right top z-1\">\n\n<\/div>\n\t\t\t\t\t\t<div class=\"product-small box has-hover box-normal box-text-bottom\">\n\t\t\t\t\t\t\t<div class=\"box-image\" >\n\t\t\t\t\t\t\t\t<div class=\"\" >\n\t\t\t\t\t\t\t\t\t<a href=\"https:\/\/schaumweinkontor.com\/en\/produkt\/schloss-vaux-rose-brut-075-l-copy\/\" aria-label=\"Schloss Vaux l\u00b4Artiste Brut 0,75l\">\n\t\t\t\t\t\t\t\t\t\t<img loading=\"lazy\" decoding=\"async\" width=\"300\" height=\"300\" src=\"https:\/\/schaumweinkontor.com\/wp-content\/uploads\/2025\/03\/Vaux-Freisteller_26-300x300.png\" class=\"attachment-medium size-medium\" alt=\"Schloss Vaux l\u00b4Artiste Brut 0,75l\" srcset=\"https:\/\/schaumweinkontor.com\/wp-content\/uploads\/2025\/03\/Vaux-Freisteller_26-300x300.png 300w, https:\/\/schaumweinkontor.com\/wp-content\/uploads\/2025\/03\/Vaux-Freisteller_26-150x150.png 150w, https:\/\/schaumweinkontor.com\/wp-content\/uploads\/2025\/03\/Vaux-Freisteller_26-768x768.png 768w, https:\/\/schaumweinkontor.com\/wp-content\/uploads\/2025\/03\/Vaux-Freisteller_26-510x510.png 510w, https:\/\/schaumweinkontor.com\/wp-content\/uploads\/2025\/03\/Vaux-Freisteller_26-100x100.png 100w, https:\/\/schaumweinkontor.com\/wp-content\/uploads\/2025\/03\/Vaux-Freisteller_26.png 1001w\" sizes=\"auto, (max-width: 300px) 100vw, 300px\" \/>\t\t\t\t\t\t\t\t\t<\/a>\n\t\t\t\t\t\t\t\t\t\t\t\t\t\t\t\t\t\t \t\t\t\t\t\t\t\t<\/div>\n\t\t\t\t\t\t\t\t<div class=\"image-tools top right show-on-hover\">\n\t\t\t\t\t\t\t\t\t\t\t\t\t\t\t\t\t<\/div>\n\t\t\t\t\t\t\t\t\t\t\t\t\t\t\t\t\t<div class=\"image-tools grid-tools text-center hide-for-small bottom hover-slide-in show-on-hover\">\n\t\t\t\t\t\t\t\t\t\t\t\t\t\t\t\t\t\t\t<\/div>\n\t\t\t\t\t\t\t\t\t\t\t\t\t\t\t\t\t\t\t\t\t\t\t<\/div>\n\n\t\t\t\t\t\t\t<div class=\"box-text text-center\" >\n\t\t\t\t\t\t\t\t<div class=\"title-wrapper\">\t\t<p class=\"category uppercase is-smaller no-text-overflow product-cat op-7\">\n\t\t\tSchloss Vaux\t\t<\/p>\n\t<p class=\"name product-title woocommerce-loop-product__title\"><a href=\"https:\/\/schaumweinkontor.com\/en\/produkt\/schloss-vaux-rose-brut-075-l-copy\/\" class=\"woocommerce-LoopProduct-link woocommerce-loop-product__link\">Schloss Vaux l\u00b4Artiste Brut 0,75l<\/a><\/p><\/div><div class=\"price-wrapper\">\n\t<span class=\"price\"><span class=\"woocommerce-Price-amount amount\" role=\"none\"><bdi><span class=\"woocommerce-Price-currencySymbol\">&euro;<\/span>&nbsp;35,00<\/bdi><\/span> <small class=\"woocommerce-price-suffix\">inkl. MwSt.<\/small><\/span>\n<\/div><div class=\"add-to-cart-button\"><a href=\"\/en\/wp-json\/wp\/v2\/pages\/4628?add-to-cart=6074\" aria-describedby=\"woocommerce_loop_add_to_cart_link_describedby_6074\" data-quantity=\"1\" class=\"primary is-small mb-0 button product_type_simple add_to_cart_button ajax_add_to_cart is-outline\" data-product_id=\"6074\" data-product_sku=\"100300518\" aria-label=\"Add to cart: &ldquo;Schloss Vaux l\u00b4Artiste Brut 0,75l&rdquo;\" rel=\"nofollow\" data-success_message=\"&ldquo;Schloss Vaux l\u00b4Artiste Brut 0,75l&rdquo; has been added to your cart\" role=\"button\">Add to cart<\/a><\/div>\t<span id=\"woocommerce_loop_add_to_cart_link_describedby_6074\" class=\"screen-reader-text\">\n\t\t\t<\/span>\n\t\t\t\t\t\t\t<\/div>\n\t\t\t\t\t\t<\/div>\n\t\t\t\t\t\t<\/div>\n\t\t\t\t\t<\/div><div class=\"col\" data-animate=\"fadeInUp\">\n\t\t\t\t\t\t<div class=\"col-inner\">\n\t\t\t\t\t\t\n<div class=\"badge-container badge-custom absolute right top z-1\">\n\n<\/div>\n\t\t\t\t\t\t<div class=\"product-small box has-hover box-normal box-text-bottom\">\n\t\t\t\t\t\t\t<div class=\"box-image\" >\n\t\t\t\t\t\t\t\t<div class=\"\" >\n\t\t\t\t\t\t\t\t\t<a href=\"https:\/\/schaumweinkontor.com\/en\/produkt\/schloss-vaux-lartiste-brut-075l-copy\/\" aria-label=\"Schloss Vaux l\u00b4Artiste Rose 0,75l\">\n\t\t\t\t\t\t\t\t\t\t<img loading=\"lazy\" decoding=\"async\" width=\"300\" height=\"300\" src=\"https:\/\/schaumweinkontor.com\/wp-content\/uploads\/2025\/03\/Vaux-Freisteller_25-300x300.png\" class=\"attachment-medium size-medium\" alt=\"Schloss Vaux l\u00b4Artiste Ros\u00e9\" srcset=\"https:\/\/schaumweinkontor.com\/wp-content\/uploads\/2025\/03\/Vaux-Freisteller_25-300x300.png 300w, https:\/\/schaumweinkontor.com\/wp-content\/uploads\/2025\/03\/Vaux-Freisteller_25-150x150.png 150w, https:\/\/schaumweinkontor.com\/wp-content\/uploads\/2025\/03\/Vaux-Freisteller_25-768x768.png 768w, https:\/\/schaumweinkontor.com\/wp-content\/uploads\/2025\/03\/Vaux-Freisteller_25-510x510.png 510w, https:\/\/schaumweinkontor.com\/wp-content\/uploads\/2025\/03\/Vaux-Freisteller_25-100x100.png 100w, https:\/\/schaumweinkontor.com\/wp-content\/uploads\/2025\/03\/Vaux-Freisteller_25.png 1001w\" sizes=\"auto, (max-width: 300px) 100vw, 300px\" \/>\t\t\t\t\t\t\t\t\t<\/a>\n\t\t\t\t\t\t\t\t\t\t\t\t\t\t\t\t\t\t \t\t\t\t\t\t\t\t<\/div>\n\t\t\t\t\t\t\t\t<div class=\"image-tools top right show-on-hover\">\n\t\t\t\t\t\t\t\t\t\t\t\t\t\t\t\t\t<\/div>\n\t\t\t\t\t\t\t\t\t\t\t\t\t\t\t\t\t<div class=\"image-tools grid-tools text-center hide-for-small bottom hover-slide-in show-on-hover\">\n\t\t\t\t\t\t\t\t\t\t\t\t\t\t\t\t\t\t\t<\/div>\n\t\t\t\t\t\t\t\t\t\t\t\t\t\t\t\t\t\t\t\t\t\t\t<\/div>\n\n\t\t\t\t\t\t\t<div class=\"box-text text-center\" >\n\t\t\t\t\t\t\t\t<div class=\"title-wrapper\">\t\t<p class=\"category uppercase is-smaller no-text-overflow product-cat op-7\">\n\t\t\tSchloss Vaux\t\t<\/p>\n\t<p class=\"name product-title woocommerce-loop-product__title\"><a href=\"https:\/\/schaumweinkontor.com\/en\/produkt\/schloss-vaux-lartiste-brut-075l-copy\/\" class=\"woocommerce-LoopProduct-link woocommerce-loop-product__link\">Schloss Vaux l\u00b4Artiste Rose 0,75l<\/a><\/p><\/div><div class=\"price-wrapper\">\n\t<span class=\"price\"><span class=\"woocommerce-Price-amount amount\" role=\"none\"><bdi><span class=\"woocommerce-Price-currencySymbol\">&euro;<\/span>&nbsp;35,00<\/bdi><\/span> <small class=\"woocommerce-price-suffix\">inkl. MwSt.<\/small><\/span>\n<\/div><div class=\"add-to-cart-button\"><a href=\"\/en\/wp-json\/wp\/v2\/pages\/4628?add-to-cart=6078\" aria-describedby=\"woocommerce_loop_add_to_cart_link_describedby_6078\" data-quantity=\"1\" class=\"primary is-small mb-0 button product_type_simple add_to_cart_button ajax_add_to_cart is-outline\" data-product_id=\"6078\" data-product_sku=\"100300509\" aria-label=\"Add to cart: &ldquo;Schloss Vaux l\u00b4Artiste Rose 0,75l&rdquo;\" rel=\"nofollow\" data-success_message=\"&ldquo;Schloss Vaux l\u00b4Artiste Rose 0,75l&rdquo; has been added to your cart\" role=\"button\">Add to cart<\/a><\/div>\t<span id=\"woocommerce_loop_add_to_cart_link_describedby_6078\" class=\"screen-reader-text\">\n\t\t\t<\/span>\n\t\t\t\t\t\t\t<\/div>\n\t\t\t\t\t\t<\/div>\n\t\t\t\t\t\t<\/div>\n\t\t\t\t\t<\/div><div class=\"col\" data-animate=\"fadeInUp\">\n\t\t\t\t\t\t<div class=\"col-inner\">\n\t\t\t\t\t\t\n<div class=\"badge-container badge-custom absolute right top z-1\">\n<div class=\"callout badge badge-circle\"><div class=\"badge-inner secondary on-sale\"><span class=\"onsale\">Sale!<\/span><\/div><\/div>\n<\/div>\n\t\t\t\t\t\t<div class=\"product-small box has-hover box-normal box-text-bottom\">\n\t\t\t\t\t\t\t<div class=\"box-image\" >\n\t\t\t\t\t\t\t\t<div class=\"\" >\n\t\t\t\t\t\t\t\t\t<a href=\"https:\/\/schaumweinkontor.com\/en\/produkt\/schloss-vaux-package-deluxe\/\" aria-label=\"Schloss Vaux Package DELUXE\">\n\t\t\t\t\t\t\t\t\t\t<img loading=\"lazy\" decoding=\"async\" width=\"300\" height=\"300\" src=\"https:\/\/schaumweinkontor.com\/wp-content\/uploads\/2024\/10\/3er-Paket-Schloss-Vaux-reserve-300x300.png\" class=\"attachment-medium size-medium\" alt=\"Schloss Vaux Package DELUXE\" srcset=\"https:\/\/schaumweinkontor.com\/wp-content\/uploads\/2024\/10\/3er-Paket-Schloss-Vaux-reserve-300x300.png 300w, https:\/\/schaumweinkontor.com\/wp-content\/uploads\/2024\/10\/3er-Paket-Schloss-Vaux-reserve-150x150.png 150w, https:\/\/schaumweinkontor.com\/wp-content\/uploads\/2024\/10\/3er-Paket-Schloss-Vaux-reserve-768x769.png 768w, https:\/\/schaumweinkontor.com\/wp-content\/uploads\/2024\/10\/3er-Paket-Schloss-Vaux-reserve-510x511.png 510w, https:\/\/schaumweinkontor.com\/wp-content\/uploads\/2024\/10\/3er-Paket-Schloss-Vaux-reserve-100x100.png 100w, https:\/\/schaumweinkontor.com\/wp-content\/uploads\/2024\/10\/3er-Paket-Schloss-Vaux-reserve.png 1000w\" sizes=\"auto, (max-width: 300px) 100vw, 300px\" \/>\t\t\t\t\t\t\t\t\t<\/a>\n\t\t\t\t\t\t\t\t\t\t\t\t\t\t\t\t\t\t \t\t\t\t\t\t\t\t<\/div>\n\t\t\t\t\t\t\t\t<div class=\"image-tools top right show-on-hover\">\n\t\t\t\t\t\t\t\t\t\t\t\t\t\t\t\t\t<\/div>\n\t\t\t\t\t\t\t\t\t\t\t\t\t\t\t\t\t<div class=\"image-tools grid-tools text-center hide-for-small bottom hover-slide-in show-on-hover\">\n\t\t\t\t\t\t\t\t\t\t\t\t\t\t\t\t\t\t\t<\/div>\n\t\t\t\t\t\t\t\t\t\t\t\t\t\t\t\t\t\t\t\t\t\t\t<\/div>\n\n\t\t\t\t\t\t\t<div class=\"box-text text-center\" >\n\t\t\t\t\t\t\t\t<div class=\"title-wrapper\">\t\t<p class=\"category uppercase is-smaller no-text-overflow product-cat op-7\">\n\t\t\tSchloss Vaux\t\t<\/p>\n\t<p class=\"name product-title woocommerce-loop-product__title\"><a href=\"https:\/\/schaumweinkontor.com\/en\/produkt\/schloss-vaux-package-deluxe\/\" class=\"woocommerce-LoopProduct-link woocommerce-loop-product__link\">Schloss Vaux Package DELUXE<\/a><\/p><\/div><div class=\"price-wrapper\">\n\t<span class=\"price\"><del aria-hidden=\"true\"><span class=\"woocommerce-Price-amount amount\" role=\"none\"><bdi><span class=\"woocommerce-Price-currencySymbol\">&euro;<\/span>&nbsp;76,80<\/bdi><\/span><\/del> <span class=\"screen-reader-text\">Original price was: &euro;&nbsp;76,80.<\/span><ins aria-hidden=\"true\"><span class=\"woocommerce-Price-amount amount\" role=\"none\"><bdi><span class=\"woocommerce-Price-currencySymbol\">&euro;<\/span>&nbsp;72,96<\/bdi><\/span><\/ins><span class=\"screen-reader-text\">Current price is: &euro;&nbsp;72,96.<\/span> <small class=\"woocommerce-price-suffix\">inkl. MwSt.<\/small><\/span>\n<\/div><div class=\"add-to-cart-button\"><a href=\"\/en\/wp-json\/wp\/v2\/pages\/4628?add-to-cart=5782\" aria-describedby=\"woocommerce_loop_add_to_cart_link_describedby_5782\" data-quantity=\"1\" class=\"primary is-small mb-0 button product_type_simple add_to_cart_button ajax_add_to_cart is-outline\" data-product_id=\"5782\" data-product_sku=\"\" aria-label=\"Add to cart: &ldquo;Schloss Vaux Package DELUXE&rdquo;\" rel=\"nofollow\" data-success_message=\"&ldquo;Schloss Vaux Package DELUXE&rdquo; has been added to your cart\" role=\"button\">Add to cart<\/a><\/div>\t<span id=\"woocommerce_loop_add_to_cart_link_describedby_5782\" class=\"screen-reader-text\">\n\t\t\t<\/span>\n\t\t\t\t\t\t\t<\/div>\n\t\t\t\t\t\t<\/div>\n\t\t\t\t\t\t<\/div>\n\t\t\t\t\t<\/div><div class=\"col\" data-animate=\"fadeInUp\">\n\t\t\t\t\t\t<div class=\"col-inner\">\n\t\t\t\t\t\t\n<div class=\"badge-container badge-custom absolute right top z-1\">\n\n<\/div>\n\t\t\t\t\t\t<div class=\"product-small box has-hover box-normal box-text-bottom\">\n\t\t\t\t\t\t\t<div class=\"box-image\" >\n\t\t\t\t\t\t\t\t<div class=\"\" >\n\t\t\t\t\t\t\t\t\t<a href=\"https:\/\/schaumweinkontor.com\/en\/produkt\/schloss-vaux-rheingauer-riesling-reserve-brut-2016-15-l-magnum\/\" aria-label=\"Schloss Vaux Rheingauer Riesling R\u00e9serve Brut 2016 1,5 L Magnum\">\n\t\t\t\t\t\t\t\t\t\t<img loading=\"lazy\" decoding=\"async\" width=\"300\" height=\"300\" src=\"https:\/\/schaumweinkontor.com\/wp-content\/uploads\/2022\/11\/Schloss-Vaux-Rheingauer-Riesling-Reserve-Brut-2016-15-L-Magnum-300x300.png\" class=\"attachment-medium size-medium\" alt=\"Schloss Vaux Rheingauer Riesling R\u00e9serve Brut 2016 1,5 L Magnum\" srcset=\"https:\/\/schaumweinkontor.com\/wp-content\/uploads\/2022\/11\/Schloss-Vaux-Rheingauer-Riesling-Reserve-Brut-2016-15-L-Magnum-300x300.png 300w, https:\/\/schaumweinkontor.com\/wp-content\/uploads\/2022\/11\/Schloss-Vaux-Rheingauer-Riesling-Reserve-Brut-2016-15-L-Magnum-100x100.png 100w, https:\/\/schaumweinkontor.com\/wp-content\/uploads\/2022\/11\/Schloss-Vaux-Rheingauer-Riesling-Reserve-Brut-2016-15-L-Magnum-510x510.png 510w, https:\/\/schaumweinkontor.com\/wp-content\/uploads\/2022\/11\/Schloss-Vaux-Rheingauer-Riesling-Reserve-Brut-2016-15-L-Magnum-150x150.png 150w, https:\/\/schaumweinkontor.com\/wp-content\/uploads\/2022\/11\/Schloss-Vaux-Rheingauer-Riesling-Reserve-Brut-2016-15-L-Magnum-768x768.png 768w, https:\/\/schaumweinkontor.com\/wp-content\/uploads\/2022\/11\/Schloss-Vaux-Rheingauer-Riesling-Reserve-Brut-2016-15-L-Magnum.png 1000w\" sizes=\"auto, (max-width: 300px) 100vw, 300px\" \/>\t\t\t\t\t\t\t\t\t<\/a>\n\t\t\t\t\t\t\t\t\t\t\t\t\t\t\t\t\t\t \t\t\t\t\t\t\t\t<\/div>\n\t\t\t\t\t\t\t\t<div class=\"image-tools top right show-on-hover\">\n\t\t\t\t\t\t\t\t\t\t\t\t\t\t\t\t\t<\/div>\n\t\t\t\t\t\t\t\t\t\t\t\t\t\t\t\t\t<div class=\"image-tools grid-tools text-center hide-for-small bottom hover-slide-in show-on-hover\">\n\t\t\t\t\t\t\t\t\t\t\t\t\t\t\t\t\t\t\t<\/div>\n\t\t\t\t\t\t\t\t\t\t\t\t\t\t\t\t\t\t\t\t\t\t\t<\/div>\n\n\t\t\t\t\t\t\t<div class=\"box-text text-center\" >\n\t\t\t\t\t\t\t\t<div class=\"title-wrapper\">\t\t<p class=\"category uppercase is-smaller no-text-overflow product-cat op-7\">\n\t\t\tSchloss Vaux\t\t<\/p>\n\t<p class=\"name product-title woocommerce-loop-product__title\"><a href=\"https:\/\/schaumweinkontor.com\/en\/produkt\/schloss-vaux-rheingauer-riesling-reserve-brut-2016-15-l-magnum\/\" class=\"woocommerce-LoopProduct-link woocommerce-loop-product__link\">Schloss Vaux Rheingauer Riesling R\u00e9serve Brut 2016 1,5 L Magnum<\/a><\/p><\/div><div class=\"price-wrapper\">\n\t<span class=\"price\"><span class=\"woocommerce-Price-amount amount\" role=\"none\"><bdi><span class=\"woocommerce-Price-currencySymbol\">&euro;<\/span>&nbsp;75,80<\/bdi><\/span> <small class=\"woocommerce-price-suffix\">inkl. MwSt.<\/small><\/span>\n<\/div><div class=\"add-to-cart-button\"><a href=\"\/en\/wp-json\/wp\/v2\/pages\/4628?add-to-cart=4719\" aria-describedby=\"woocommerce_loop_add_to_cart_link_describedby_4719\" data-quantity=\"1\" class=\"primary is-small mb-0 button product_type_simple add_to_cart_button ajax_add_to_cart is-outline\" data-product_id=\"4719\" data-product_sku=\"100300252\" aria-label=\"Add to cart: &ldquo;Schloss Vaux Rheingauer Riesling R\u00e9serve Brut 2016 1,5 L Magnum&rdquo;\" rel=\"nofollow\" data-success_message=\"&ldquo;Schloss Vaux Rheingauer Riesling R\u00e9serve Brut 2016 1,5 L Magnum&rdquo; has been added to your cart\" role=\"button\">Add to cart<\/a><\/div>\t<span id=\"woocommerce_loop_add_to_cart_link_describedby_4719\" class=\"screen-reader-text\">\n\t\t\t<\/span>\n\t\t\t\t\t\t\t<\/div>\n\t\t\t\t\t\t<\/div>\n\t\t\t\t\t\t<\/div>\n\t\t\t\t\t<\/div><\/div>\n\n\n\t\t<\/div>\n\t\t\t\t\t<\/div>\n\n\t\n\n<\/div>\n\n<\/div>\n<div id=\"fr-mobile\">\n<div class=\"row row-collapse row-full-width align-middle blau-verlauf\"  id=\"row-1964125282\">\n\n\n\t<div id=\"col-1962485300\" class=\"col medium-6 small-5 large-6\"  >\n\t\t\t\t<div class=\"col-inner\"  >\n\t\t\t\n\t\t\t\n\n\t<div id=\"text-829033053\" class=\"text\">\n\t\t\n\n<h2><span style=\"font-size: 75%;\">France<\/span><\/h2>\n\t\t\n<style>\n#text-829033053 {\n  font-size: 1.5rem;\n  line-height: 2;\n}\n<\/style>\n\t<\/div>\n\t\n\n\t\t<\/div>\n\t\t\t\t\t<\/div>\n\n\t\n\n\t<div id=\"col-536942898\" class=\"col medium-6 small-7 large-6\"  >\n\t\t\t\t<div class=\"col-inner\"  >\n\t\t\t\n\t\t\t\n\n<h5 id=\"champagner-mobile\" class=\"uppercase\" style=\"text-align: right;\"><span style=\"color: #b79549; font-size: 75%;\"> Champagne<\/span><\/h5>\n\n\t\t<\/div>\n\t\t\t\t\t<\/div>\n\n\t\n\n\n<style>\n#row-1964125282 > .col > .col-inner {\n  padding: 0px 20px 0px 20px;\n  border-radius: 74px;\n}\n@media (min-width:550px) {\n  #row-1964125282 > .col > .col-inner {\n    padding: 0px 20px 0px 20px;\n  }\n}\n<\/style>\n<\/div>\n\t<section class=\"section bg_winzer show-for-medium\" id=\"section_556078566\">\n\t\t<div class=\"bg section-bg fill bg-fill  \" >\n\n\t\t\t\n\t\t\t\n\t\t\t\n\n\t\t<\/div>\n\n\t\t\n\n\t\t<div class=\"section-content relative\">\n\t\t\t\n\n<div class=\"row row-collapse row-full-width align-middle align-center\"  id=\"row-1619443742\">\n\n\n\t<div id=\"col-1140397680\" class=\"col small-12 large-12\"  >\n\t\t\t\t<div class=\"col-inner\"  >\n\t\t\t\n\t\t\t\n\n<h2 id=\"dremont-mobile\" class=\"uppercase\" style=\"text-align: center;\"><span style=\"font-size: 75%;\">DR\u00c9MONT-MARROY<\/span><\/h2>\n\n\t\t<\/div>\n\t\t\t\t\t<\/div>\n\n\t\n\n\n<style>\n#row-1619443742 > .col > .col-inner {\n  padding: 15px 0px 0px 0px;\n}\n<\/style>\n<\/div>\n\n\t\t<\/div>\n\n\t\t\n<style>\n#section_556078566 {\n  padding-top: 20px;\n  padding-bottom: 20px;\n  margin-bottom: 30px;\n}\n#section_556078566 .section-bg.bg-loaded {\n  background-image: url(https:\/\/schaumweinkontor.com\/wp-content\/uploads\/2022\/06\/landscape-illu-gold-transp.png);\n}\n<\/style>\n\t<\/section>\n\t\n<div class=\"row row-full-width align-middle align-center margin-auto\"  id=\"row-1117285850\">\n\n\n\t<div id=\"col-2142401774\" class=\"col small-12 large-12\"  >\n\t\t\t\t<div class=\"col-inner\"  >\n\t\t\t\n\t\t\t\n\n\n  \n    <div class=\"row  equalize-box show-for-small large-columns-3 medium-columns- small-columns-1 row-large has-shadow row-box-shadow-2 row-box-shadow-4-hover\" >\n  \t\n\t     <div class=\"col\" data-animate=\"fadeInUp\">\n\t\t\t\t\t\t<div class=\"col-inner\">\n\t\t\t\t\t\t\n<div class=\"badge-container badge-custom absolute right top z-1\">\n\n<\/div>\n\t\t\t\t\t\t<div class=\"product-small box has-hover box-vertical box-text-bottom\">\n\t\t\t\t\t\t\t<div class=\"box-image\" >\n\t\t\t\t\t\t\t\t<div class=\"\" >\n\t\t\t\t\t\t\t\t\t<a href=\"https:\/\/schaumweinkontor.com\/en\/produkt\/champagne-dremont-marroy-le-triau-extra-brut-075-l\/\" aria-label=\"Champagne Dremont Marroy Le Triau Extra Brut 0,75 L\">\n\t\t\t\t\t\t\t\t\t\t<img loading=\"lazy\" decoding=\"async\" width=\"300\" height=\"300\" src=\"https:\/\/schaumweinkontor.com\/wp-content\/uploads\/2024\/04\/Dremont-Le-Triau-300x300.png\" class=\"attachment-medium size-medium\" alt=\"Champagne Dremont Marroy Le Triau Extra Brut 0,75 L\" srcset=\"https:\/\/schaumweinkontor.com\/wp-content\/uploads\/2024\/04\/Dremont-Le-Triau-300x300.png 300w, https:\/\/schaumweinkontor.com\/wp-content\/uploads\/2024\/04\/Dremont-Le-Triau-100x100.png 100w, https:\/\/schaumweinkontor.com\/wp-content\/uploads\/2024\/04\/Dremont-Le-Triau-510x510.png 510w, https:\/\/schaumweinkontor.com\/wp-content\/uploads\/2024\/04\/Dremont-Le-Triau-150x150.png 150w, https:\/\/schaumweinkontor.com\/wp-content\/uploads\/2024\/04\/Dremont-Le-Triau-768x768.png 768w, https:\/\/schaumweinkontor.com\/wp-content\/uploads\/2024\/04\/Dremont-Le-Triau.png 1000w\" sizes=\"auto, (max-width: 300px) 100vw, 300px\" \/>\t\t\t\t\t\t\t\t\t<\/a>\n\t\t\t\t\t\t\t\t\t\t\t\t\t\t\t\t\t\t \t\t\t\t\t\t\t\t<\/div>\n\t\t\t\t\t\t\t\t<div class=\"image-tools top right show-on-hover\">\n\t\t\t\t\t\t\t\t\t\t\t\t\t\t\t\t\t<\/div>\n\t\t\t\t\t\t\t\t\t\t\t\t\t\t\t\t\t<div class=\"image-tools grid-tools text-center hide-for-small bottom hover-slide-in show-on-hover\">\n\t\t\t\t\t\t\t\t\t\t\t\t\t\t\t\t\t\t\t<\/div>\n\t\t\t\t\t\t\t\t\t\t\t\t\t\t\t\t\t\t\t\t\t\t\t<\/div>\n\n\t\t\t\t\t\t\t<div class=\"box-text text-center\" >\n\t\t\t\t\t\t\t\t<div class=\"title-wrapper\">\t\t<p class=\"category uppercase is-smaller no-text-overflow product-cat op-7\">\n\t\t\tChampagne\t\t<\/p>\n\t<p class=\"name product-title woocommerce-loop-product__title\"><a href=\"https:\/\/schaumweinkontor.com\/en\/produkt\/champagne-dremont-marroy-le-triau-extra-brut-075-l\/\" class=\"woocommerce-LoopProduct-link woocommerce-loop-product__link\">Champagne Dremont Marroy Le Triau Extra Brut 0,75 L<\/a><\/p><\/div><div class=\"price-wrapper\">\n\t<span class=\"price\"><span class=\"woocommerce-Price-amount amount\" role=\"none\"><bdi><span class=\"woocommerce-Price-currencySymbol\">&euro;<\/span>&nbsp;39,00<\/bdi><\/span> <small class=\"woocommerce-price-suffix\">inkl. MwSt.<\/small><\/span>\n<\/div><div class=\"add-to-cart-button\"><a href=\"\/en\/wp-json\/wp\/v2\/pages\/4628?add-to-cart=5291\" aria-describedby=\"woocommerce_loop_add_to_cart_link_describedby_5291\" data-quantity=\"1\" class=\"primary is-small mb-0 button product_type_simple add_to_cart_button ajax_add_to_cart is-outline\" data-product_id=\"5291\" data-product_sku=\"100300180\" aria-label=\"Add to cart: &ldquo;Champagne Dremont Marroy Le Triau Extra Brut 0,75 L&rdquo;\" rel=\"nofollow\" data-success_message=\"&ldquo;Champagne Dremont Marroy Le Triau Extra Brut 0,75 L&rdquo; has been added to your cart\" role=\"button\">Add to cart<\/a><\/div>\t<span id=\"woocommerce_loop_add_to_cart_link_describedby_5291\" class=\"screen-reader-text\">\n\t\t\t<\/span>\n\t\t\t\t\t\t\t<\/div>\n\t\t\t\t\t\t<\/div>\n\t\t\t\t\t\t<\/div>\n\t\t\t\t\t<\/div><div class=\"col\" data-animate=\"fadeInUp\">\n\t\t\t\t\t\t<div class=\"col-inner\">\n\t\t\t\t\t\t\n<div class=\"badge-container badge-custom absolute right top z-1\">\n\n<\/div>\n\t\t\t\t\t\t<div class=\"product-small box has-hover box-vertical box-text-bottom\">\n\t\t\t\t\t\t\t<div class=\"box-image\" >\n\t\t\t\t\t\t\t\t<div class=\"\" >\n\t\t\t\t\t\t\t\t\t<a href=\"https:\/\/schaumweinkontor.com\/en\/produkt\/champagne-dremont-marroy-le-triau-extra-brut-075-l-copy\/\" aria-label=\"Champagne Dremont Marroy Le Triau Extra Brut 0,75 L\">\n\t\t\t\t\t\t\t\t\t\t<img loading=\"lazy\" decoding=\"async\" width=\"300\" height=\"300\" src=\"https:\/\/schaumweinkontor.com\/wp-content\/uploads\/2024\/04\/Dremont-La-Lierie-300x300.png\" class=\"attachment-medium size-medium\" alt=\"Champagne Dremont Marroy Le Triau Extra Brut 0,75 L\" srcset=\"https:\/\/schaumweinkontor.com\/wp-content\/uploads\/2024\/04\/Dremont-La-Lierie-300x300.png 300w, https:\/\/schaumweinkontor.com\/wp-content\/uploads\/2024\/04\/Dremont-La-Lierie-100x100.png 100w, https:\/\/schaumweinkontor.com\/wp-content\/uploads\/2024\/04\/Dremont-La-Lierie-510x510.png 510w, https:\/\/schaumweinkontor.com\/wp-content\/uploads\/2024\/04\/Dremont-La-Lierie-150x150.png 150w, https:\/\/schaumweinkontor.com\/wp-content\/uploads\/2024\/04\/Dremont-La-Lierie-768x768.png 768w, https:\/\/schaumweinkontor.com\/wp-content\/uploads\/2024\/04\/Dremont-La-Lierie.png 1000w\" sizes=\"auto, (max-width: 300px) 100vw, 300px\" \/>\t\t\t\t\t\t\t\t\t<\/a>\n\t\t\t\t\t\t\t\t\t\t\t\t\t\t\t\t\t\t \t\t\t\t\t\t\t\t<\/div>\n\t\t\t\t\t\t\t\t<div class=\"image-tools top right show-on-hover\">\n\t\t\t\t\t\t\t\t\t\t\t\t\t\t\t\t\t<\/div>\n\t\t\t\t\t\t\t\t\t\t\t\t\t\t\t\t\t<div class=\"image-tools grid-tools text-center hide-for-small bottom hover-slide-in show-on-hover\">\n\t\t\t\t\t\t\t\t\t\t\t\t\t\t\t\t\t\t\t<\/div>\n\t\t\t\t\t\t\t\t\t\t\t\t\t\t\t\t\t\t\t\t\t\t\t<\/div>\n\n\t\t\t\t\t\t\t<div class=\"box-text text-center\" >\n\t\t\t\t\t\t\t\t<div class=\"title-wrapper\">\t\t<p class=\"category uppercase is-smaller no-text-overflow product-cat op-7\">\n\t\t\tChampagne\t\t<\/p>\n\t<p class=\"name product-title woocommerce-loop-product__title\"><a href=\"https:\/\/schaumweinkontor.com\/en\/produkt\/champagne-dremont-marroy-le-triau-extra-brut-075-l-copy\/\" class=\"woocommerce-LoopProduct-link woocommerce-loop-product__link\">Champagne Dremont Marroy Le Triau Extra Brut 0,75 L<\/a><\/p><\/div><div class=\"price-wrapper\">\n\t<span class=\"price\"><span class=\"woocommerce-Price-amount amount\" role=\"none\"><bdi><span class=\"woocommerce-Price-currencySymbol\">&euro;<\/span>&nbsp;39,50<\/bdi><\/span> <small class=\"woocommerce-price-suffix\">inkl. MwSt.<\/small><\/span>\n<\/div><div class=\"add-to-cart-button\"><a href=\"\/en\/wp-json\/wp\/v2\/pages\/4628?add-to-cart=5293\" aria-describedby=\"woocommerce_loop_add_to_cart_link_describedby_5293\" data-quantity=\"1\" class=\"primary is-small mb-0 button product_type_simple add_to_cart_button ajax_add_to_cart is-outline\" data-product_id=\"5293\" data-product_sku=\"100300181\" aria-label=\"Add to cart: &ldquo;Champagne Dremont Marroy Le Triau Extra Brut 0,75 L&rdquo;\" rel=\"nofollow\" data-success_message=\"&ldquo;Champagne Dremont Marroy Le Triau Extra Brut 0,75 L&rdquo; has been added to your cart\" role=\"button\">Add to cart<\/a><\/div>\t<span id=\"woocommerce_loop_add_to_cart_link_describedby_5293\" class=\"screen-reader-text\">\n\t\t\t<\/span>\n\t\t\t\t\t\t\t<\/div>\n\t\t\t\t\t\t<\/div>\n\t\t\t\t\t\t<\/div>\n\t\t\t\t\t<\/div><div class=\"col\" data-animate=\"fadeInUp\">\n\t\t\t\t\t\t<div class=\"col-inner\">\n\t\t\t\t\t\t\n<div class=\"badge-container badge-custom absolute right top z-1\">\n\n<\/div>\n\t\t\t\t\t\t<div class=\"product-small box has-hover box-vertical box-text-bottom\">\n\t\t\t\t\t\t\t<div class=\"box-image\" >\n\t\t\t\t\t\t\t\t<div class=\"\" >\n\t\t\t\t\t\t\t\t\t<a href=\"https:\/\/schaumweinkontor.com\/en\/produkt\/champagne-dremont-marroy-blanc-de-meandre-bdb-extra-brut-075-l\/\" aria-label=\"Champagne Dremont Marroy Blanc de Meandre BdB Extra Brut 0,75 L\">\n\t\t\t\t\t\t\t\t\t\t<img loading=\"lazy\" decoding=\"async\" width=\"300\" height=\"300\" src=\"https:\/\/schaumweinkontor.com\/wp-content\/uploads\/2024\/04\/Dremont-Blanc-de-Meandre-300x300.png\" class=\"attachment-medium size-medium\" alt=\"Champagne Dremont Marroy Blanc de Meandre BdB Extra Brut 0,75 L\" srcset=\"https:\/\/schaumweinkontor.com\/wp-content\/uploads\/2024\/04\/Dremont-Blanc-de-Meandre-300x300.png 300w, https:\/\/schaumweinkontor.com\/wp-content\/uploads\/2024\/04\/Dremont-Blanc-de-Meandre-100x100.png 100w, https:\/\/schaumweinkontor.com\/wp-content\/uploads\/2024\/04\/Dremont-Blanc-de-Meandre-510x510.png 510w, https:\/\/schaumweinkontor.com\/wp-content\/uploads\/2024\/04\/Dremont-Blanc-de-Meandre-150x150.png 150w, https:\/\/schaumweinkontor.com\/wp-content\/uploads\/2024\/04\/Dremont-Blanc-de-Meandre-768x768.png 768w, https:\/\/schaumweinkontor.com\/wp-content\/uploads\/2024\/04\/Dremont-Blanc-de-Meandre.png 1000w\" sizes=\"auto, (max-width: 300px) 100vw, 300px\" \/>\t\t\t\t\t\t\t\t\t<\/a>\n\t\t\t\t\t\t\t\t\t\t\t\t\t\t\t\t\t\t \t\t\t\t\t\t\t\t<\/div>\n\t\t\t\t\t\t\t\t<div class=\"image-tools top right show-on-hover\">\n\t\t\t\t\t\t\t\t\t\t\t\t\t\t\t\t\t<\/div>\n\t\t\t\t\t\t\t\t\t\t\t\t\t\t\t\t\t<div class=\"image-tools grid-tools text-center hide-for-small bottom hover-slide-in show-on-hover\">\n\t\t\t\t\t\t\t\t\t\t\t\t\t\t\t\t\t\t\t<\/div>\n\t\t\t\t\t\t\t\t\t\t\t\t\t\t\t\t\t\t\t\t\t\t\t<\/div>\n\n\t\t\t\t\t\t\t<div class=\"box-text text-center\" >\n\t\t\t\t\t\t\t\t<div class=\"title-wrapper\">\t\t<p class=\"category uppercase is-smaller no-text-overflow product-cat op-7\">\n\t\t\tChampagne\t\t<\/p>\n\t<p class=\"name product-title woocommerce-loop-product__title\"><a href=\"https:\/\/schaumweinkontor.com\/en\/produkt\/champagne-dremont-marroy-blanc-de-meandre-bdb-extra-brut-075-l\/\" class=\"woocommerce-LoopProduct-link woocommerce-loop-product__link\">Champagne Dremont Marroy Blanc de Meandre BdB Extra Brut 0,75 L<\/a><\/p><\/div><div class=\"price-wrapper\">\n\t<span class=\"price\"><span class=\"woocommerce-Price-amount amount\" role=\"none\"><bdi><span class=\"woocommerce-Price-currencySymbol\">&euro;<\/span>&nbsp;43,60<\/bdi><\/span> <small class=\"woocommerce-price-suffix\">inkl. MwSt.<\/small><\/span>\n<\/div><div class=\"add-to-cart-button\"><a href=\"\/en\/wp-json\/wp\/v2\/pages\/4628?add-to-cart=5300\" aria-describedby=\"woocommerce_loop_add_to_cart_link_describedby_5300\" data-quantity=\"1\" class=\"primary is-small mb-0 button product_type_simple add_to_cart_button ajax_add_to_cart is-outline\" data-product_id=\"5300\" data-product_sku=\"100300183\" aria-label=\"Add to cart: &ldquo;Champagne Dremont Marroy Blanc de Meandre BdB Extra Brut 0,75 L&rdquo;\" rel=\"nofollow\" data-success_message=\"&ldquo;Champagne Dremont Marroy Blanc de Meandre BdB Extra Brut 0,75 L&rdquo; has been added to your cart\" role=\"button\">Add to cart<\/a><\/div>\t<span id=\"woocommerce_loop_add_to_cart_link_describedby_5300\" class=\"screen-reader-text\">\n\t\t\t<\/span>\n\t\t\t\t\t\t\t<\/div>\n\t\t\t\t\t\t<\/div>\n\t\t\t\t\t\t<\/div>\n\t\t\t\t\t<\/div><div class=\"col\" data-animate=\"fadeInUp\">\n\t\t\t\t\t\t<div class=\"col-inner\">\n\t\t\t\t\t\t\n<div class=\"badge-container badge-custom absolute right top z-1\">\n\n<\/div>\n\t\t\t\t\t\t<div class=\"product-small box has-hover box-vertical box-text-bottom\">\n\t\t\t\t\t\t\t<div class=\"box-image\" >\n\t\t\t\t\t\t\t\t<div class=\"\" >\n\t\t\t\t\t\t\t\t\t<a href=\"https:\/\/schaumweinkontor.com\/en\/produkt\/champagne-dremont-marroy-les-rosiers-extra-brut-075-l\/\" aria-label=\"Champagne Dremont Marroy Les Rosiers Extra Brut 0,75 L\">\n\t\t\t\t\t\t\t\t\t\t<img loading=\"lazy\" decoding=\"async\" width=\"300\" height=\"300\" src=\"https:\/\/schaumweinkontor.com\/wp-content\/uploads\/2024\/04\/Dremont-Les-Rosiers-300x300.png\" class=\"attachment-medium size-medium\" alt=\"Champagne Dremont Marroy Les Rosiers Extra Brut 0,75 L\" srcset=\"https:\/\/schaumweinkontor.com\/wp-content\/uploads\/2024\/04\/Dremont-Les-Rosiers-300x300.png 300w, https:\/\/schaumweinkontor.com\/wp-content\/uploads\/2024\/04\/Dremont-Les-Rosiers-100x100.png 100w, https:\/\/schaumweinkontor.com\/wp-content\/uploads\/2024\/04\/Dremont-Les-Rosiers-510x510.png 510w, https:\/\/schaumweinkontor.com\/wp-content\/uploads\/2024\/04\/Dremont-Les-Rosiers-150x150.png 150w, https:\/\/schaumweinkontor.com\/wp-content\/uploads\/2024\/04\/Dremont-Les-Rosiers-768x768.png 768w, https:\/\/schaumweinkontor.com\/wp-content\/uploads\/2024\/04\/Dremont-Les-Rosiers.png 1000w\" sizes=\"auto, (max-width: 300px) 100vw, 300px\" \/>\t\t\t\t\t\t\t\t\t<\/a>\n\t\t\t\t\t\t\t\t\t\t\t\t\t\t\t\t\t\t \t\t\t\t\t\t\t\t<\/div>\n\t\t\t\t\t\t\t\t<div class=\"image-tools top right show-on-hover\">\n\t\t\t\t\t\t\t\t\t\t\t\t\t\t\t\t\t<\/div>\n\t\t\t\t\t\t\t\t\t\t\t\t\t\t\t\t\t<div class=\"image-tools grid-tools text-center hide-for-small bottom hover-slide-in show-on-hover\">\n\t\t\t\t\t\t\t\t\t\t\t\t\t\t\t\t\t\t\t<\/div>\n\t\t\t\t\t\t\t\t\t\t\t\t\t\t\t\t\t\t\t\t\t\t\t<\/div>\n\n\t\t\t\t\t\t\t<div class=\"box-text text-center\" >\n\t\t\t\t\t\t\t\t<div class=\"title-wrapper\">\t\t<p class=\"category uppercase is-smaller no-text-overflow product-cat op-7\">\n\t\t\tChampagne\t\t<\/p>\n\t<p class=\"name product-title woocommerce-loop-product__title\"><a href=\"https:\/\/schaumweinkontor.com\/en\/produkt\/champagne-dremont-marroy-les-rosiers-extra-brut-075-l\/\" class=\"woocommerce-LoopProduct-link woocommerce-loop-product__link\">Champagne Dremont Marroy Les Rosiers Extra Brut 0,75 L<\/a><\/p><\/div><div class=\"price-wrapper\">\n\t<span class=\"price\"><span class=\"woocommerce-Price-amount amount\" role=\"none\"><bdi><span class=\"woocommerce-Price-currencySymbol\">&euro;<\/span>&nbsp;44,50<\/bdi><\/span> <small class=\"woocommerce-price-suffix\">inkl. MwSt.<\/small><\/span>\n<\/div><div class=\"add-to-cart-button\"><a href=\"\/en\/wp-json\/wp\/v2\/pages\/4628?add-to-cart=5298\" aria-describedby=\"woocommerce_loop_add_to_cart_link_describedby_5298\" data-quantity=\"1\" class=\"primary is-small mb-0 button product_type_simple add_to_cart_button ajax_add_to_cart is-outline\" data-product_id=\"5298\" data-product_sku=\"100300182\" aria-label=\"Add to cart: &ldquo;Champagne Dremont Marroy Les Rosiers Extra Brut 0,75 L&rdquo;\" rel=\"nofollow\" data-success_message=\"&ldquo;Champagne Dremont Marroy Les Rosiers Extra Brut 0,75 L&rdquo; has been added to your cart\" role=\"button\">Add to cart<\/a><\/div>\t<span id=\"woocommerce_loop_add_to_cart_link_describedby_5298\" class=\"screen-reader-text\">\n\t\t\t<\/span>\n\t\t\t\t\t\t\t<\/div>\n\t\t\t\t\t\t<\/div>\n\t\t\t\t\t\t<\/div>\n\t\t\t\t\t<\/div><div class=\"col\" data-animate=\"fadeInUp\">\n\t\t\t\t\t\t<div class=\"col-inner\">\n\t\t\t\t\t\t\n<div class=\"badge-container badge-custom absolute right top z-1\">\n\n<\/div>\n\t\t\t\t\t\t<div class=\"product-small box has-hover box-vertical box-text-bottom\">\n\t\t\t\t\t\t\t<div class=\"box-image\" >\n\t\t\t\t\t\t\t\t<div class=\"\" >\n\t\t\t\t\t\t\t\t\t<a href=\"https:\/\/schaumweinkontor.com\/en\/produkt\/champagne-dremont-marroy-eclosion-meunier-extra-brut-075-l\/\" aria-label=\"Champagne Dremont Marroy Eclosion Meunier Extra Brut 0,75 L\">\n\t\t\t\t\t\t\t\t\t\t<img loading=\"lazy\" decoding=\"async\" width=\"300\" height=\"300\" src=\"https:\/\/schaumweinkontor.com\/wp-content\/uploads\/2024\/04\/Dremont-Eclosion-Meunier-300x300.png\" class=\"attachment-medium size-medium\" alt=\"Champagne Dremont Marroy Eclosion Meunier Extra Brut 0,75 L\" srcset=\"https:\/\/schaumweinkontor.com\/wp-content\/uploads\/2024\/04\/Dremont-Eclosion-Meunier-300x300.png 300w, https:\/\/schaumweinkontor.com\/wp-content\/uploads\/2024\/04\/Dremont-Eclosion-Meunier-100x100.png 100w, https:\/\/schaumweinkontor.com\/wp-content\/uploads\/2024\/04\/Dremont-Eclosion-Meunier-510x510.png 510w, https:\/\/schaumweinkontor.com\/wp-content\/uploads\/2024\/04\/Dremont-Eclosion-Meunier-150x150.png 150w, https:\/\/schaumweinkontor.com\/wp-content\/uploads\/2024\/04\/Dremont-Eclosion-Meunier-768x768.png 768w, https:\/\/schaumweinkontor.com\/wp-content\/uploads\/2024\/04\/Dremont-Eclosion-Meunier.png 1000w\" sizes=\"auto, (max-width: 300px) 100vw, 300px\" \/>\t\t\t\t\t\t\t\t\t<\/a>\n\t\t\t\t\t\t\t\t\t\t\t\t\t\t\t\t\t\t \t\t\t\t\t\t\t\t<\/div>\n\t\t\t\t\t\t\t\t<div class=\"image-tools top right show-on-hover\">\n\t\t\t\t\t\t\t\t\t\t\t\t\t\t\t\t\t<\/div>\n\t\t\t\t\t\t\t\t\t\t\t\t\t\t\t\t\t<div class=\"image-tools grid-tools text-center hide-for-small bottom hover-slide-in show-on-hover\">\n\t\t\t\t\t\t\t\t\t\t\t\t\t\t\t\t\t\t\t<\/div>\n\t\t\t\t\t\t\t\t\t\t\t\t\t\t\t\t\t\t\t\t\t\t\t<\/div>\n\n\t\t\t\t\t\t\t<div class=\"box-text text-center\" >\n\t\t\t\t\t\t\t\t<div class=\"title-wrapper\">\t\t<p class=\"category uppercase is-smaller no-text-overflow product-cat op-7\">\n\t\t\tChampagne\t\t<\/p>\n\t<p class=\"name product-title woocommerce-loop-product__title\"><a href=\"https:\/\/schaumweinkontor.com\/en\/produkt\/champagne-dremont-marroy-eclosion-meunier-extra-brut-075-l\/\" class=\"woocommerce-LoopProduct-link woocommerce-loop-product__link\">Champagne Dremont Marroy Eclosion Meunier Extra Brut 0,75 L<\/a><\/p><\/div><div class=\"price-wrapper\">\n\t<span class=\"price\"><span class=\"woocommerce-Price-amount amount\" role=\"none\"><bdi><span class=\"woocommerce-Price-currencySymbol\">&euro;<\/span>&nbsp;49,00<\/bdi><\/span> <small class=\"woocommerce-price-suffix\">inkl. MwSt.<\/small><\/span>\n<\/div><div class=\"add-to-cart-button\"><a href=\"\/en\/wp-json\/wp\/v2\/pages\/4628?add-to-cart=5302\" aria-describedby=\"woocommerce_loop_add_to_cart_link_describedby_5302\" data-quantity=\"1\" class=\"primary is-small mb-0 button product_type_simple add_to_cart_button ajax_add_to_cart is-outline\" data-product_id=\"5302\" data-product_sku=\"100300184\" aria-label=\"Add to cart: &ldquo;Champagne Dremont Marroy Eclosion Meunier Extra Brut 0,75 L&rdquo;\" rel=\"nofollow\" data-success_message=\"&ldquo;Champagne Dremont Marroy Eclosion Meunier Extra Brut 0,75 L&rdquo; has been added to your cart\" role=\"button\">Add to cart<\/a><\/div>\t<span id=\"woocommerce_loop_add_to_cart_link_describedby_5302\" class=\"screen-reader-text\">\n\t\t\t<\/span>\n\t\t\t\t\t\t\t<\/div>\n\t\t\t\t\t\t<\/div>\n\t\t\t\t\t\t<\/div>\n\t\t\t\t\t<\/div><div class=\"col\" data-animate=\"fadeInUp\">\n\t\t\t\t\t\t<div class=\"col-inner\">\n\t\t\t\t\t\t\n<div class=\"badge-container badge-custom absolute right top z-1\">\n\n<\/div>\n\t\t\t\t\t\t<div class=\"product-small box has-hover box-vertical box-text-bottom\">\n\t\t\t\t\t\t\t<div class=\"box-image\" >\n\t\t\t\t\t\t\t\t<div class=\"\" >\n\t\t\t\t\t\t\t\t\t<a href=\"https:\/\/schaumweinkontor.com\/en\/produkt\/champagne-dremont-marroy-eclusion-pinot-noir-extra-brut-075-l\/\" aria-label=\"Champagne Dremont Marroy Eclusion Pinot Noir Extra Brut 0,75 L\">\n\t\t\t\t\t\t\t\t\t\t<img loading=\"lazy\" decoding=\"async\" width=\"300\" height=\"300\" src=\"https:\/\/schaumweinkontor.com\/wp-content\/uploads\/2024\/04\/Dremont-Eclosion-Pinot-Noir-300x300.png\" class=\"attachment-medium size-medium\" alt=\"Champagne Dremont Marroy Eclusion Pinot Noir Extra Brut 0,75 L\" srcset=\"https:\/\/schaumweinkontor.com\/wp-content\/uploads\/2024\/04\/Dremont-Eclosion-Pinot-Noir-300x300.png 300w, https:\/\/schaumweinkontor.com\/wp-content\/uploads\/2024\/04\/Dremont-Eclosion-Pinot-Noir-100x100.png 100w, https:\/\/schaumweinkontor.com\/wp-content\/uploads\/2024\/04\/Dremont-Eclosion-Pinot-Noir-510x510.png 510w, https:\/\/schaumweinkontor.com\/wp-content\/uploads\/2024\/04\/Dremont-Eclosion-Pinot-Noir-150x150.png 150w, https:\/\/schaumweinkontor.com\/wp-content\/uploads\/2024\/04\/Dremont-Eclosion-Pinot-Noir-768x768.png 768w, https:\/\/schaumweinkontor.com\/wp-content\/uploads\/2024\/04\/Dremont-Eclosion-Pinot-Noir.png 1000w\" sizes=\"auto, (max-width: 300px) 100vw, 300px\" \/>\t\t\t\t\t\t\t\t\t<\/a>\n\t\t\t\t\t\t\t\t\t\t\t\t\t\t\t\t\t\t \t\t\t\t\t\t\t\t<\/div>\n\t\t\t\t\t\t\t\t<div class=\"image-tools top right show-on-hover\">\n\t\t\t\t\t\t\t\t\t\t\t\t\t\t\t\t\t<\/div>\n\t\t\t\t\t\t\t\t\t\t\t\t\t\t\t\t\t<div class=\"image-tools grid-tools text-center hide-for-small bottom hover-slide-in show-on-hover\">\n\t\t\t\t\t\t\t\t\t\t\t\t\t\t\t\t\t\t\t<\/div>\n\t\t\t\t\t\t\t\t\t\t\t\t\t\t\t\t\t\t\t\t\t\t\t<\/div>\n\n\t\t\t\t\t\t\t<div class=\"box-text text-center\" >\n\t\t\t\t\t\t\t\t<div class=\"title-wrapper\">\t\t<p class=\"category uppercase is-smaller no-text-overflow product-cat op-7\">\n\t\t\tChampagne\t\t<\/p>\n\t<p class=\"name product-title woocommerce-loop-product__title\"><a href=\"https:\/\/schaumweinkontor.com\/en\/produkt\/champagne-dremont-marroy-eclusion-pinot-noir-extra-brut-075-l\/\" class=\"woocommerce-LoopProduct-link woocommerce-loop-product__link\">Champagne Dremont Marroy Eclusion Pinot Noir Extra Brut 0,75 L<\/a><\/p><\/div><div class=\"price-wrapper\">\n\t<span class=\"price\"><span class=\"woocommerce-Price-amount amount\" role=\"none\"><bdi><span class=\"woocommerce-Price-currencySymbol\">&euro;<\/span>&nbsp;49,00<\/bdi><\/span> <small class=\"woocommerce-price-suffix\">inkl. MwSt.<\/small><\/span>\n<\/div><div class=\"add-to-cart-button\"><a href=\"\/en\/wp-json\/wp\/v2\/pages\/4628?add-to-cart=5304\" aria-describedby=\"woocommerce_loop_add_to_cart_link_describedby_5304\" data-quantity=\"1\" class=\"primary is-small mb-0 button product_type_simple add_to_cart_button ajax_add_to_cart is-outline\" data-product_id=\"5304\" data-product_sku=\"100300185\" aria-label=\"Add to cart: &ldquo;Champagne Dremont Marroy Eclusion Pinot Noir Extra Brut 0,75 L&rdquo;\" rel=\"nofollow\" data-success_message=\"&ldquo;Champagne Dremont Marroy Eclusion Pinot Noir Extra Brut 0,75 L&rdquo; has been added to your cart\" role=\"button\">Add to cart<\/a><\/div>\t<span id=\"woocommerce_loop_add_to_cart_link_describedby_5304\" class=\"screen-reader-text\">\n\t\t\t<\/span>\n\t\t\t\t\t\t\t<\/div>\n\t\t\t\t\t\t<\/div>\n\t\t\t\t\t\t<\/div>\n\t\t\t\t\t<\/div><div class=\"col\" data-animate=\"fadeInUp\">\n\t\t\t\t\t\t<div class=\"col-inner\">\n\t\t\t\t\t\t\n<div class=\"badge-container badge-custom absolute right top z-1\">\n\n<\/div>\n\t\t\t\t\t\t<div class=\"product-small box has-hover box-vertical box-text-bottom\">\n\t\t\t\t\t\t\t<div class=\"box-image\" >\n\t\t\t\t\t\t\t\t<div class=\"\" >\n\t\t\t\t\t\t\t\t\t<a href=\"https:\/\/schaumweinkontor.com\/en\/produkt\/champagne-dremont-marroy-eclusion-chardonnay-extra-brut-075-l\/\" aria-label=\"Champagne Dremont Marroy Eclusion Chardonnay Extra Brut 0,75 L\">\n\t\t\t\t\t\t\t\t\t\t<img loading=\"lazy\" decoding=\"async\" width=\"300\" height=\"300\" src=\"https:\/\/schaumweinkontor.com\/wp-content\/uploads\/2024\/04\/Exclosion-Chardonnay-300x300.png\" class=\"attachment-medium size-medium\" alt=\"Champagne Dremont Marroy Eclusion Chardonnay Extra Brut 0,75 L\" srcset=\"https:\/\/schaumweinkontor.com\/wp-content\/uploads\/2024\/04\/Exclosion-Chardonnay-300x300.png 300w, https:\/\/schaumweinkontor.com\/wp-content\/uploads\/2024\/04\/Exclosion-Chardonnay-100x100.png 100w, https:\/\/schaumweinkontor.com\/wp-content\/uploads\/2024\/04\/Exclosion-Chardonnay-510x510.png 510w, https:\/\/schaumweinkontor.com\/wp-content\/uploads\/2024\/04\/Exclosion-Chardonnay-150x150.png 150w, https:\/\/schaumweinkontor.com\/wp-content\/uploads\/2024\/04\/Exclosion-Chardonnay-768x768.png 768w, https:\/\/schaumweinkontor.com\/wp-content\/uploads\/2024\/04\/Exclosion-Chardonnay.png 1000w\" sizes=\"auto, (max-width: 300px) 100vw, 300px\" \/>\t\t\t\t\t\t\t\t\t<\/a>\n\t\t\t\t\t\t\t\t\t\t\t\t\t\t\t\t\t\t \t\t\t\t\t\t\t\t<\/div>\n\t\t\t\t\t\t\t\t<div class=\"image-tools top right show-on-hover\">\n\t\t\t\t\t\t\t\t\t\t\t\t\t\t\t\t\t<\/div>\n\t\t\t\t\t\t\t\t\t\t\t\t\t\t\t\t\t<div class=\"image-tools grid-tools text-center hide-for-small bottom hover-slide-in show-on-hover\">\n\t\t\t\t\t\t\t\t\t\t\t\t\t\t\t\t\t\t\t<\/div>\n\t\t\t\t\t\t\t\t\t\t\t\t\t\t\t\t\t\t\t\t\t\t\t<\/div>\n\n\t\t\t\t\t\t\t<div class=\"box-text text-center\" >\n\t\t\t\t\t\t\t\t<div class=\"title-wrapper\">\t\t<p class=\"category uppercase is-smaller no-text-overflow product-cat op-7\">\n\t\t\tChampagne\t\t<\/p>\n\t<p class=\"name product-title woocommerce-loop-product__title\"><a href=\"https:\/\/schaumweinkontor.com\/en\/produkt\/champagne-dremont-marroy-eclusion-chardonnay-extra-brut-075-l\/\" class=\"woocommerce-LoopProduct-link woocommerce-loop-product__link\">Champagne Dremont Marroy Eclusion Chardonnay Extra Brut 0,75 L<\/a><\/p><\/div><div class=\"price-wrapper\">\n\t<span class=\"price\"><span class=\"woocommerce-Price-amount amount\" role=\"none\"><bdi><span class=\"woocommerce-Price-currencySymbol\">&euro;<\/span>&nbsp;49,00<\/bdi><\/span> <small class=\"woocommerce-price-suffix\">inkl. MwSt.<\/small><\/span>\n<\/div><div class=\"add-to-cart-button\"><a href=\"\/en\/wp-json\/wp\/v2\/pages\/4628?add-to-cart=5306\" aria-describedby=\"woocommerce_loop_add_to_cart_link_describedby_5306\" data-quantity=\"1\" class=\"primary is-small mb-0 button product_type_simple add_to_cart_button ajax_add_to_cart is-outline\" data-product_id=\"5306\" data-product_sku=\"100300186\" aria-label=\"Add to cart: &ldquo;Champagne Dremont Marroy Eclusion Chardonnay Extra Brut 0,75 L&rdquo;\" rel=\"nofollow\" data-success_message=\"&ldquo;Champagne Dremont Marroy Eclusion Chardonnay Extra Brut 0,75 L&rdquo; has been added to your cart\" role=\"button\">Add to cart<\/a><\/div>\t<span id=\"woocommerce_loop_add_to_cart_link_describedby_5306\" class=\"screen-reader-text\">\n\t\t\t<\/span>\n\t\t\t\t\t\t\t<\/div>\n\t\t\t\t\t\t<\/div>\n\t\t\t\t\t\t<\/div>\n\t\t\t\t\t<\/div><div class=\"col\" data-animate=\"fadeInUp\">\n\t\t\t\t\t\t<div class=\"col-inner\">\n\t\t\t\t\t\t\n<div class=\"badge-container badge-custom absolute right top z-1\">\n\n<\/div>\n\t\t\t\t\t\t<div class=\"product-small box has-hover box-vertical box-text-bottom\">\n\t\t\t\t\t\t\t<div class=\"box-image\" >\n\t\t\t\t\t\t\t\t<div class=\"\" >\n\t\t\t\t\t\t\t\t\t<a href=\"https:\/\/schaumweinkontor.com\/en\/produkt\/champagne-dremont-marroy-le-triau-extra-brut-075-l-copy-2\/\" aria-label=\"Champagne Dremont Marroy La Lierie Extra Brut 1,5 L\">\n\t\t\t\t\t\t\t\t\t\t<img loading=\"lazy\" decoding=\"async\" width=\"300\" height=\"300\" src=\"https:\/\/schaumweinkontor.com\/wp-content\/uploads\/2024\/04\/Dremont-La-Lierie-300x300.png\" class=\"attachment-medium size-medium\" alt=\"Champagne Dremont Marroy La Lierie Extra Brut 1,5 L\" srcset=\"https:\/\/schaumweinkontor.com\/wp-content\/uploads\/2024\/04\/Dremont-La-Lierie-300x300.png 300w, https:\/\/schaumweinkontor.com\/wp-content\/uploads\/2024\/04\/Dremont-La-Lierie-100x100.png 100w, https:\/\/schaumweinkontor.com\/wp-content\/uploads\/2024\/04\/Dremont-La-Lierie-510x510.png 510w, https:\/\/schaumweinkontor.com\/wp-content\/uploads\/2024\/04\/Dremont-La-Lierie-150x150.png 150w, https:\/\/schaumweinkontor.com\/wp-content\/uploads\/2024\/04\/Dremont-La-Lierie-768x768.png 768w, https:\/\/schaumweinkontor.com\/wp-content\/uploads\/2024\/04\/Dremont-La-Lierie.png 1000w\" sizes=\"auto, (max-width: 300px) 100vw, 300px\" \/>\t\t\t\t\t\t\t\t\t<\/a>\n\t\t\t\t\t\t\t\t\t\t\t\t\t\t\t\t\t\t \t\t\t\t\t\t\t\t<\/div>\n\t\t\t\t\t\t\t\t<div class=\"image-tools top right show-on-hover\">\n\t\t\t\t\t\t\t\t\t\t\t\t\t\t\t\t\t<\/div>\n\t\t\t\t\t\t\t\t\t\t\t\t\t\t\t\t\t<div class=\"image-tools grid-tools text-center hide-for-small bottom hover-slide-in show-on-hover\">\n\t\t\t\t\t\t\t\t\t\t\t\t\t\t\t\t\t\t\t<\/div>\n\t\t\t\t\t\t\t\t\t\t\t\t\t\t\t\t\t\t\t\t\t\t\t<\/div>\n\n\t\t\t\t\t\t\t<div class=\"box-text text-center\" >\n\t\t\t\t\t\t\t\t<div class=\"title-wrapper\">\t\t<p class=\"category uppercase is-smaller no-text-overflow product-cat op-7\">\n\t\t\tChampagne\t\t<\/p>\n\t<p class=\"name product-title woocommerce-loop-product__title\"><a href=\"https:\/\/schaumweinkontor.com\/en\/produkt\/champagne-dremont-marroy-le-triau-extra-brut-075-l-copy-2\/\" class=\"woocommerce-LoopProduct-link woocommerce-loop-product__link\">Champagne Dremont Marroy La Lierie Extra Brut 1,5 L<\/a><\/p><\/div><div class=\"price-wrapper\">\n\t<span class=\"price\"><span class=\"woocommerce-Price-amount amount\" role=\"none\"><bdi><span class=\"woocommerce-Price-currencySymbol\">&euro;<\/span>&nbsp;92,00<\/bdi><\/span> <small class=\"woocommerce-price-suffix\">inkl. MwSt.<\/small><\/span>\n<\/div><div class=\"add-to-cart-button\"><a href=\"\/en\/wp-json\/wp\/v2\/pages\/4628?add-to-cart=5296\" aria-describedby=\"woocommerce_loop_add_to_cart_link_describedby_5296\" data-quantity=\"1\" class=\"primary is-small mb-0 button product_type_simple add_to_cart_button ajax_add_to_cart is-outline\" data-product_id=\"5296\" data-product_sku=\"100300187\" aria-label=\"Add to cart: &ldquo;Champagne Dremont Marroy La Lierie Extra Brut 1,5 L&rdquo;\" rel=\"nofollow\" data-success_message=\"&ldquo;Champagne Dremont Marroy La Lierie Extra Brut 1,5 L&rdquo; has been added to your cart\" role=\"button\">Add to cart<\/a><\/div>\t<span id=\"woocommerce_loop_add_to_cart_link_describedby_5296\" class=\"screen-reader-text\">\n\t\t\t<\/span>\n\t\t\t\t\t\t\t<\/div>\n\t\t\t\t\t\t<\/div>\n\t\t\t\t\t\t<\/div>\n\t\t\t\t\t<\/div><\/div>\n\n\n  \n    <div class=\"row  equalize-box show-for-medium hide-for-small large-columns-3 medium-columns-2 small-columns-1 row-large has-shadow row-box-shadow-2 row-box-shadow-4-hover\" >\n  \t\n\t     <div class=\"col\" data-animate=\"fadeInUp\">\n\t\t\t\t\t\t<div class=\"col-inner\">\n\t\t\t\t\t\t\n<div class=\"badge-container badge-custom absolute right top z-1\">\n\n<\/div>\n\t\t\t\t\t\t<div class=\"product-small box has-hover box-normal box-text-bottom\">\n\t\t\t\t\t\t\t<div class=\"box-image\" >\n\t\t\t\t\t\t\t\t<div class=\"\" >\n\t\t\t\t\t\t\t\t\t<a href=\"https:\/\/schaumweinkontor.com\/en\/produkt\/champagne-dremont-marroy-le-triau-extra-brut-075-l\/\" aria-label=\"Champagne Dremont Marroy Le Triau Extra Brut 0,75 L\">\n\t\t\t\t\t\t\t\t\t\t<img loading=\"lazy\" decoding=\"async\" width=\"300\" height=\"300\" src=\"https:\/\/schaumweinkontor.com\/wp-content\/uploads\/2024\/04\/Dremont-Le-Triau-300x300.png\" class=\"attachment-medium size-medium\" alt=\"Champagne Dremont Marroy Le Triau Extra Brut 0,75 L\" srcset=\"https:\/\/schaumweinkontor.com\/wp-content\/uploads\/2024\/04\/Dremont-Le-Triau-300x300.png 300w, https:\/\/schaumweinkontor.com\/wp-content\/uploads\/2024\/04\/Dremont-Le-Triau-100x100.png 100w, https:\/\/schaumweinkontor.com\/wp-content\/uploads\/2024\/04\/Dremont-Le-Triau-510x510.png 510w, https:\/\/schaumweinkontor.com\/wp-content\/uploads\/2024\/04\/Dremont-Le-Triau-150x150.png 150w, https:\/\/schaumweinkontor.com\/wp-content\/uploads\/2024\/04\/Dremont-Le-Triau-768x768.png 768w, https:\/\/schaumweinkontor.com\/wp-content\/uploads\/2024\/04\/Dremont-Le-Triau.png 1000w\" sizes=\"auto, (max-width: 300px) 100vw, 300px\" \/>\t\t\t\t\t\t\t\t\t<\/a>\n\t\t\t\t\t\t\t\t\t\t\t\t\t\t\t\t\t\t \t\t\t\t\t\t\t\t<\/div>\n\t\t\t\t\t\t\t\t<div class=\"image-tools top right show-on-hover\">\n\t\t\t\t\t\t\t\t\t\t\t\t\t\t\t\t\t<\/div>\n\t\t\t\t\t\t\t\t\t\t\t\t\t\t\t\t\t<div class=\"image-tools grid-tools text-center hide-for-small bottom hover-slide-in show-on-hover\">\n\t\t\t\t\t\t\t\t\t\t\t\t\t\t\t\t\t\t\t<\/div>\n\t\t\t\t\t\t\t\t\t\t\t\t\t\t\t\t\t\t\t\t\t\t\t<\/div>\n\n\t\t\t\t\t\t\t<div class=\"box-text text-center\" >\n\t\t\t\t\t\t\t\t<div class=\"title-wrapper\">\t\t<p class=\"category uppercase is-smaller no-text-overflow product-cat op-7\">\n\t\t\tChampagne\t\t<\/p>\n\t<p class=\"name product-title woocommerce-loop-product__title\"><a href=\"https:\/\/schaumweinkontor.com\/en\/produkt\/champagne-dremont-marroy-le-triau-extra-brut-075-l\/\" class=\"woocommerce-LoopProduct-link woocommerce-loop-product__link\">Champagne Dremont Marroy Le Triau Extra Brut 0,75 L<\/a><\/p><\/div><div class=\"price-wrapper\">\n\t<span class=\"price\"><span class=\"woocommerce-Price-amount amount\" role=\"none\"><bdi><span class=\"woocommerce-Price-currencySymbol\">&euro;<\/span>&nbsp;39,00<\/bdi><\/span> <small class=\"woocommerce-price-suffix\">inkl. MwSt.<\/small><\/span>\n<\/div><div class=\"add-to-cart-button\"><a href=\"\/en\/wp-json\/wp\/v2\/pages\/4628?add-to-cart=5291\" aria-describedby=\"woocommerce_loop_add_to_cart_link_describedby_5291\" data-quantity=\"1\" class=\"primary is-small mb-0 button product_type_simple add_to_cart_button ajax_add_to_cart is-outline\" data-product_id=\"5291\" data-product_sku=\"100300180\" aria-label=\"Add to cart: &ldquo;Champagne Dremont Marroy Le Triau Extra Brut 0,75 L&rdquo;\" rel=\"nofollow\" data-success_message=\"&ldquo;Champagne Dremont Marroy Le Triau Extra Brut 0,75 L&rdquo; has been added to your cart\" role=\"button\">Add to cart<\/a><\/div>\t<span id=\"woocommerce_loop_add_to_cart_link_describedby_5291\" class=\"screen-reader-text\">\n\t\t\t<\/span>\n\t\t\t\t\t\t\t<\/div>\n\t\t\t\t\t\t<\/div>\n\t\t\t\t\t\t<\/div>\n\t\t\t\t\t<\/div><div class=\"col\" data-animate=\"fadeInUp\">\n\t\t\t\t\t\t<div class=\"col-inner\">\n\t\t\t\t\t\t\n<div class=\"badge-container badge-custom absolute right top z-1\">\n\n<\/div>\n\t\t\t\t\t\t<div class=\"product-small box has-hover box-normal box-text-bottom\">\n\t\t\t\t\t\t\t<div class=\"box-image\" >\n\t\t\t\t\t\t\t\t<div class=\"\" >\n\t\t\t\t\t\t\t\t\t<a href=\"https:\/\/schaumweinkontor.com\/en\/produkt\/champagne-dremont-marroy-le-triau-extra-brut-075-l-copy\/\" aria-label=\"Champagne Dremont Marroy Le Triau Extra Brut 0,75 L\">\n\t\t\t\t\t\t\t\t\t\t<img loading=\"lazy\" decoding=\"async\" width=\"300\" height=\"300\" src=\"https:\/\/schaumweinkontor.com\/wp-content\/uploads\/2024\/04\/Dremont-La-Lierie-300x300.png\" class=\"attachment-medium size-medium\" alt=\"Champagne Dremont Marroy Le Triau Extra Brut 0,75 L\" srcset=\"https:\/\/schaumweinkontor.com\/wp-content\/uploads\/2024\/04\/Dremont-La-Lierie-300x300.png 300w, https:\/\/schaumweinkontor.com\/wp-content\/uploads\/2024\/04\/Dremont-La-Lierie-100x100.png 100w, https:\/\/schaumweinkontor.com\/wp-content\/uploads\/2024\/04\/Dremont-La-Lierie-510x510.png 510w, https:\/\/schaumweinkontor.com\/wp-content\/uploads\/2024\/04\/Dremont-La-Lierie-150x150.png 150w, https:\/\/schaumweinkontor.com\/wp-content\/uploads\/2024\/04\/Dremont-La-Lierie-768x768.png 768w, https:\/\/schaumweinkontor.com\/wp-content\/uploads\/2024\/04\/Dremont-La-Lierie.png 1000w\" sizes=\"auto, (max-width: 300px) 100vw, 300px\" \/>\t\t\t\t\t\t\t\t\t<\/a>\n\t\t\t\t\t\t\t\t\t\t\t\t\t\t\t\t\t\t \t\t\t\t\t\t\t\t<\/div>\n\t\t\t\t\t\t\t\t<div class=\"image-tools top right show-on-hover\">\n\t\t\t\t\t\t\t\t\t\t\t\t\t\t\t\t\t<\/div>\n\t\t\t\t\t\t\t\t\t\t\t\t\t\t\t\t\t<div class=\"image-tools grid-tools text-center hide-for-small bottom hover-slide-in show-on-hover\">\n\t\t\t\t\t\t\t\t\t\t\t\t\t\t\t\t\t\t\t<\/div>\n\t\t\t\t\t\t\t\t\t\t\t\t\t\t\t\t\t\t\t\t\t\t\t<\/div>\n\n\t\t\t\t\t\t\t<div class=\"box-text text-center\" >\n\t\t\t\t\t\t\t\t<div class=\"title-wrapper\">\t\t<p class=\"category uppercase is-smaller no-text-overflow product-cat op-7\">\n\t\t\tChampagne\t\t<\/p>\n\t<p class=\"name product-title woocommerce-loop-product__title\"><a href=\"https:\/\/schaumweinkontor.com\/en\/produkt\/champagne-dremont-marroy-le-triau-extra-brut-075-l-copy\/\" class=\"woocommerce-LoopProduct-link woocommerce-loop-product__link\">Champagne Dremont Marroy Le Triau Extra Brut 0,75 L<\/a><\/p><\/div><div class=\"price-wrapper\">\n\t<span class=\"price\"><span class=\"woocommerce-Price-amount amount\" role=\"none\"><bdi><span class=\"woocommerce-Price-currencySymbol\">&euro;<\/span>&nbsp;39,50<\/bdi><\/span> <small class=\"woocommerce-price-suffix\">inkl. MwSt.<\/small><\/span>\n<\/div><div class=\"add-to-cart-button\"><a href=\"\/en\/wp-json\/wp\/v2\/pages\/4628?add-to-cart=5293\" aria-describedby=\"woocommerce_loop_add_to_cart_link_describedby_5293\" data-quantity=\"1\" class=\"primary is-small mb-0 button product_type_simple add_to_cart_button ajax_add_to_cart is-outline\" data-product_id=\"5293\" data-product_sku=\"100300181\" aria-label=\"Add to cart: &ldquo;Champagne Dremont Marroy Le Triau Extra Brut 0,75 L&rdquo;\" rel=\"nofollow\" data-success_message=\"&ldquo;Champagne Dremont Marroy Le Triau Extra Brut 0,75 L&rdquo; has been added to your cart\" role=\"button\">Add to cart<\/a><\/div>\t<span id=\"woocommerce_loop_add_to_cart_link_describedby_5293\" class=\"screen-reader-text\">\n\t\t\t<\/span>\n\t\t\t\t\t\t\t<\/div>\n\t\t\t\t\t\t<\/div>\n\t\t\t\t\t\t<\/div>\n\t\t\t\t\t<\/div><div class=\"col\" data-animate=\"fadeInUp\">\n\t\t\t\t\t\t<div class=\"col-inner\">\n\t\t\t\t\t\t\n<div class=\"badge-container badge-custom absolute right top z-1\">\n\n<\/div>\n\t\t\t\t\t\t<div class=\"product-small box has-hover box-normal box-text-bottom\">\n\t\t\t\t\t\t\t<div class=\"box-image\" >\n\t\t\t\t\t\t\t\t<div class=\"\" >\n\t\t\t\t\t\t\t\t\t<a href=\"https:\/\/schaumweinkontor.com\/en\/produkt\/champagne-dremont-marroy-blanc-de-meandre-bdb-extra-brut-075-l\/\" aria-label=\"Champagne Dremont Marroy Blanc de Meandre BdB Extra Brut 0,75 L\">\n\t\t\t\t\t\t\t\t\t\t<img loading=\"lazy\" decoding=\"async\" width=\"300\" height=\"300\" src=\"https:\/\/schaumweinkontor.com\/wp-content\/uploads\/2024\/04\/Dremont-Blanc-de-Meandre-300x300.png\" class=\"attachment-medium size-medium\" alt=\"Champagne Dremont Marroy Blanc de Meandre BdB Extra Brut 0,75 L\" srcset=\"https:\/\/schaumweinkontor.com\/wp-content\/uploads\/2024\/04\/Dremont-Blanc-de-Meandre-300x300.png 300w, https:\/\/schaumweinkontor.com\/wp-content\/uploads\/2024\/04\/Dremont-Blanc-de-Meandre-100x100.png 100w, https:\/\/schaumweinkontor.com\/wp-content\/uploads\/2024\/04\/Dremont-Blanc-de-Meandre-510x510.png 510w, https:\/\/schaumweinkontor.com\/wp-content\/uploads\/2024\/04\/Dremont-Blanc-de-Meandre-150x150.png 150w, https:\/\/schaumweinkontor.com\/wp-content\/uploads\/2024\/04\/Dremont-Blanc-de-Meandre-768x768.png 768w, https:\/\/schaumweinkontor.com\/wp-content\/uploads\/2024\/04\/Dremont-Blanc-de-Meandre.png 1000w\" sizes=\"auto, (max-width: 300px) 100vw, 300px\" \/>\t\t\t\t\t\t\t\t\t<\/a>\n\t\t\t\t\t\t\t\t\t\t\t\t\t\t\t\t\t\t \t\t\t\t\t\t\t\t<\/div>\n\t\t\t\t\t\t\t\t<div class=\"image-tools top right show-on-hover\">\n\t\t\t\t\t\t\t\t\t\t\t\t\t\t\t\t\t<\/div>\n\t\t\t\t\t\t\t\t\t\t\t\t\t\t\t\t\t<div class=\"image-tools grid-tools text-center hide-for-small bottom hover-slide-in show-on-hover\">\n\t\t\t\t\t\t\t\t\t\t\t\t\t\t\t\t\t\t\t<\/div>\n\t\t\t\t\t\t\t\t\t\t\t\t\t\t\t\t\t\t\t\t\t\t\t<\/div>\n\n\t\t\t\t\t\t\t<div class=\"box-text text-center\" >\n\t\t\t\t\t\t\t\t<div class=\"title-wrapper\">\t\t<p class=\"category uppercase is-smaller no-text-overflow product-cat op-7\">\n\t\t\tChampagne\t\t<\/p>\n\t<p class=\"name product-title woocommerce-loop-product__title\"><a href=\"https:\/\/schaumweinkontor.com\/en\/produkt\/champagne-dremont-marroy-blanc-de-meandre-bdb-extra-brut-075-l\/\" class=\"woocommerce-LoopProduct-link woocommerce-loop-product__link\">Champagne Dremont Marroy Blanc de Meandre BdB Extra Brut 0,75 L<\/a><\/p><\/div><div class=\"price-wrapper\">\n\t<span class=\"price\"><span class=\"woocommerce-Price-amount amount\" role=\"none\"><bdi><span class=\"woocommerce-Price-currencySymbol\">&euro;<\/span>&nbsp;43,60<\/bdi><\/span> <small class=\"woocommerce-price-suffix\">inkl. MwSt.<\/small><\/span>\n<\/div><div class=\"add-to-cart-button\"><a href=\"\/en\/wp-json\/wp\/v2\/pages\/4628?add-to-cart=5300\" aria-describedby=\"woocommerce_loop_add_to_cart_link_describedby_5300\" data-quantity=\"1\" class=\"primary is-small mb-0 button product_type_simple add_to_cart_button ajax_add_to_cart is-outline\" data-product_id=\"5300\" data-product_sku=\"100300183\" aria-label=\"Add to cart: &ldquo;Champagne Dremont Marroy Blanc de Meandre BdB Extra Brut 0,75 L&rdquo;\" rel=\"nofollow\" data-success_message=\"&ldquo;Champagne Dremont Marroy Blanc de Meandre BdB Extra Brut 0,75 L&rdquo; has been added to your cart\" role=\"button\">Add to cart<\/a><\/div>\t<span id=\"woocommerce_loop_add_to_cart_link_describedby_5300\" class=\"screen-reader-text\">\n\t\t\t<\/span>\n\t\t\t\t\t\t\t<\/div>\n\t\t\t\t\t\t<\/div>\n\t\t\t\t\t\t<\/div>\n\t\t\t\t\t<\/div><div class=\"col\" data-animate=\"fadeInUp\">\n\t\t\t\t\t\t<div class=\"col-inner\">\n\t\t\t\t\t\t\n<div class=\"badge-container badge-custom absolute right top z-1\">\n\n<\/div>\n\t\t\t\t\t\t<div class=\"product-small box has-hover box-normal box-text-bottom\">\n\t\t\t\t\t\t\t<div class=\"box-image\" >\n\t\t\t\t\t\t\t\t<div class=\"\" >\n\t\t\t\t\t\t\t\t\t<a href=\"https:\/\/schaumweinkontor.com\/en\/produkt\/champagne-dremont-marroy-les-rosiers-extra-brut-075-l\/\" aria-label=\"Champagne Dremont Marroy Les Rosiers Extra Brut 0,75 L\">\n\t\t\t\t\t\t\t\t\t\t<img loading=\"lazy\" decoding=\"async\" width=\"300\" height=\"300\" src=\"https:\/\/schaumweinkontor.com\/wp-content\/uploads\/2024\/04\/Dremont-Les-Rosiers-300x300.png\" class=\"attachment-medium size-medium\" alt=\"Champagne Dremont Marroy Les Rosiers Extra Brut 0,75 L\" srcset=\"https:\/\/schaumweinkontor.com\/wp-content\/uploads\/2024\/04\/Dremont-Les-Rosiers-300x300.png 300w, https:\/\/schaumweinkontor.com\/wp-content\/uploads\/2024\/04\/Dremont-Les-Rosiers-100x100.png 100w, https:\/\/schaumweinkontor.com\/wp-content\/uploads\/2024\/04\/Dremont-Les-Rosiers-510x510.png 510w, https:\/\/schaumweinkontor.com\/wp-content\/uploads\/2024\/04\/Dremont-Les-Rosiers-150x150.png 150w, https:\/\/schaumweinkontor.com\/wp-content\/uploads\/2024\/04\/Dremont-Les-Rosiers-768x768.png 768w, https:\/\/schaumweinkontor.com\/wp-content\/uploads\/2024\/04\/Dremont-Les-Rosiers.png 1000w\" sizes=\"auto, (max-width: 300px) 100vw, 300px\" \/>\t\t\t\t\t\t\t\t\t<\/a>\n\t\t\t\t\t\t\t\t\t\t\t\t\t\t\t\t\t\t \t\t\t\t\t\t\t\t<\/div>\n\t\t\t\t\t\t\t\t<div class=\"image-tools top right show-on-hover\">\n\t\t\t\t\t\t\t\t\t\t\t\t\t\t\t\t\t<\/div>\n\t\t\t\t\t\t\t\t\t\t\t\t\t\t\t\t\t<div class=\"image-tools grid-tools text-center hide-for-small bottom hover-slide-in show-on-hover\">\n\t\t\t\t\t\t\t\t\t\t\t\t\t\t\t\t\t\t\t<\/div>\n\t\t\t\t\t\t\t\t\t\t\t\t\t\t\t\t\t\t\t\t\t\t\t<\/div>\n\n\t\t\t\t\t\t\t<div class=\"box-text text-center\" >\n\t\t\t\t\t\t\t\t<div class=\"title-wrapper\">\t\t<p class=\"category uppercase is-smaller no-text-overflow product-cat op-7\">\n\t\t\tChampagne\t\t<\/p>\n\t<p class=\"name product-title woocommerce-loop-product__title\"><a href=\"https:\/\/schaumweinkontor.com\/en\/produkt\/champagne-dremont-marroy-les-rosiers-extra-brut-075-l\/\" class=\"woocommerce-LoopProduct-link woocommerce-loop-product__link\">Champagne Dremont Marroy Les Rosiers Extra Brut 0,75 L<\/a><\/p><\/div><div class=\"price-wrapper\">\n\t<span class=\"price\"><span class=\"woocommerce-Price-amount amount\" role=\"none\"><bdi><span class=\"woocommerce-Price-currencySymbol\">&euro;<\/span>&nbsp;44,50<\/bdi><\/span> <small class=\"woocommerce-price-suffix\">inkl. MwSt.<\/small><\/span>\n<\/div><div class=\"add-to-cart-button\"><a href=\"\/en\/wp-json\/wp\/v2\/pages\/4628?add-to-cart=5298\" aria-describedby=\"woocommerce_loop_add_to_cart_link_describedby_5298\" data-quantity=\"1\" class=\"primary is-small mb-0 button product_type_simple add_to_cart_button ajax_add_to_cart is-outline\" data-product_id=\"5298\" data-product_sku=\"100300182\" aria-label=\"Add to cart: &ldquo;Champagne Dremont Marroy Les Rosiers Extra Brut 0,75 L&rdquo;\" rel=\"nofollow\" data-success_message=\"&ldquo;Champagne Dremont Marroy Les Rosiers Extra Brut 0,75 L&rdquo; has been added to your cart\" role=\"button\">Add to cart<\/a><\/div>\t<span id=\"woocommerce_loop_add_to_cart_link_describedby_5298\" class=\"screen-reader-text\">\n\t\t\t<\/span>\n\t\t\t\t\t\t\t<\/div>\n\t\t\t\t\t\t<\/div>\n\t\t\t\t\t\t<\/div>\n\t\t\t\t\t<\/div><div class=\"col\" data-animate=\"fadeInUp\">\n\t\t\t\t\t\t<div class=\"col-inner\">\n\t\t\t\t\t\t\n<div class=\"badge-container badge-custom absolute right top z-1\">\n\n<\/div>\n\t\t\t\t\t\t<div class=\"product-small box has-hover box-normal box-text-bottom\">\n\t\t\t\t\t\t\t<div class=\"box-image\" >\n\t\t\t\t\t\t\t\t<div class=\"\" >\n\t\t\t\t\t\t\t\t\t<a href=\"https:\/\/schaumweinkontor.com\/en\/produkt\/champagne-dremont-marroy-eclosion-meunier-extra-brut-075-l\/\" aria-label=\"Champagne Dremont Marroy Eclosion Meunier Extra Brut 0,75 L\">\n\t\t\t\t\t\t\t\t\t\t<img loading=\"lazy\" decoding=\"async\" width=\"300\" height=\"300\" src=\"https:\/\/schaumweinkontor.com\/wp-content\/uploads\/2024\/04\/Dremont-Eclosion-Meunier-300x300.png\" class=\"attachment-medium size-medium\" alt=\"Champagne Dremont Marroy Eclosion Meunier Extra Brut 0,75 L\" srcset=\"https:\/\/schaumweinkontor.com\/wp-content\/uploads\/2024\/04\/Dremont-Eclosion-Meunier-300x300.png 300w, https:\/\/schaumweinkontor.com\/wp-content\/uploads\/2024\/04\/Dremont-Eclosion-Meunier-100x100.png 100w, https:\/\/schaumweinkontor.com\/wp-content\/uploads\/2024\/04\/Dremont-Eclosion-Meunier-510x510.png 510w, https:\/\/schaumweinkontor.com\/wp-content\/uploads\/2024\/04\/Dremont-Eclosion-Meunier-150x150.png 150w, https:\/\/schaumweinkontor.com\/wp-content\/uploads\/2024\/04\/Dremont-Eclosion-Meunier-768x768.png 768w, https:\/\/schaumweinkontor.com\/wp-content\/uploads\/2024\/04\/Dremont-Eclosion-Meunier.png 1000w\" sizes=\"auto, (max-width: 300px) 100vw, 300px\" \/>\t\t\t\t\t\t\t\t\t<\/a>\n\t\t\t\t\t\t\t\t\t\t\t\t\t\t\t\t\t\t \t\t\t\t\t\t\t\t<\/div>\n\t\t\t\t\t\t\t\t<div class=\"image-tools top right show-on-hover\">\n\t\t\t\t\t\t\t\t\t\t\t\t\t\t\t\t\t<\/div>\n\t\t\t\t\t\t\t\t\t\t\t\t\t\t\t\t\t<div class=\"image-tools grid-tools text-center hide-for-small bottom hover-slide-in show-on-hover\">\n\t\t\t\t\t\t\t\t\t\t\t\t\t\t\t\t\t\t\t<\/div>\n\t\t\t\t\t\t\t\t\t\t\t\t\t\t\t\t\t\t\t\t\t\t\t<\/div>\n\n\t\t\t\t\t\t\t<div class=\"box-text text-center\" >\n\t\t\t\t\t\t\t\t<div class=\"title-wrapper\">\t\t<p class=\"category uppercase is-smaller no-text-overflow product-cat op-7\">\n\t\t\tChampagne\t\t<\/p>\n\t<p class=\"name product-title woocommerce-loop-product__title\"><a href=\"https:\/\/schaumweinkontor.com\/en\/produkt\/champagne-dremont-marroy-eclosion-meunier-extra-brut-075-l\/\" class=\"woocommerce-LoopProduct-link woocommerce-loop-product__link\">Champagne Dremont Marroy Eclosion Meunier Extra Brut 0,75 L<\/a><\/p><\/div><div class=\"price-wrapper\">\n\t<span class=\"price\"><span class=\"woocommerce-Price-amount amount\" role=\"none\"><bdi><span class=\"woocommerce-Price-currencySymbol\">&euro;<\/span>&nbsp;49,00<\/bdi><\/span> <small class=\"woocommerce-price-suffix\">inkl. MwSt.<\/small><\/span>\n<\/div><div class=\"add-to-cart-button\"><a href=\"\/en\/wp-json\/wp\/v2\/pages\/4628?add-to-cart=5302\" aria-describedby=\"woocommerce_loop_add_to_cart_link_describedby_5302\" data-quantity=\"1\" class=\"primary is-small mb-0 button product_type_simple add_to_cart_button ajax_add_to_cart is-outline\" data-product_id=\"5302\" data-product_sku=\"100300184\" aria-label=\"Add to cart: &ldquo;Champagne Dremont Marroy Eclosion Meunier Extra Brut 0,75 L&rdquo;\" rel=\"nofollow\" data-success_message=\"&ldquo;Champagne Dremont Marroy Eclosion Meunier Extra Brut 0,75 L&rdquo; has been added to your cart\" role=\"button\">Add to cart<\/a><\/div>\t<span id=\"woocommerce_loop_add_to_cart_link_describedby_5302\" class=\"screen-reader-text\">\n\t\t\t<\/span>\n\t\t\t\t\t\t\t<\/div>\n\t\t\t\t\t\t<\/div>\n\t\t\t\t\t\t<\/div>\n\t\t\t\t\t<\/div><div class=\"col\" data-animate=\"fadeInUp\">\n\t\t\t\t\t\t<div class=\"col-inner\">\n\t\t\t\t\t\t\n<div class=\"badge-container badge-custom absolute right top z-1\">\n\n<\/div>\n\t\t\t\t\t\t<div class=\"product-small box has-hover box-normal box-text-bottom\">\n\t\t\t\t\t\t\t<div class=\"box-image\" >\n\t\t\t\t\t\t\t\t<div class=\"\" >\n\t\t\t\t\t\t\t\t\t<a href=\"https:\/\/schaumweinkontor.com\/en\/produkt\/champagne-dremont-marroy-eclusion-pinot-noir-extra-brut-075-l\/\" aria-label=\"Champagne Dremont Marroy Eclusion Pinot Noir Extra Brut 0,75 L\">\n\t\t\t\t\t\t\t\t\t\t<img loading=\"lazy\" decoding=\"async\" width=\"300\" height=\"300\" src=\"https:\/\/schaumweinkontor.com\/wp-content\/uploads\/2024\/04\/Dremont-Eclosion-Pinot-Noir-300x300.png\" class=\"attachment-medium size-medium\" alt=\"Champagne Dremont Marroy Eclusion Pinot Noir Extra Brut 0,75 L\" srcset=\"https:\/\/schaumweinkontor.com\/wp-content\/uploads\/2024\/04\/Dremont-Eclosion-Pinot-Noir-300x300.png 300w, https:\/\/schaumweinkontor.com\/wp-content\/uploads\/2024\/04\/Dremont-Eclosion-Pinot-Noir-100x100.png 100w, https:\/\/schaumweinkontor.com\/wp-content\/uploads\/2024\/04\/Dremont-Eclosion-Pinot-Noir-510x510.png 510w, https:\/\/schaumweinkontor.com\/wp-content\/uploads\/2024\/04\/Dremont-Eclosion-Pinot-Noir-150x150.png 150w, https:\/\/schaumweinkontor.com\/wp-content\/uploads\/2024\/04\/Dremont-Eclosion-Pinot-Noir-768x768.png 768w, https:\/\/schaumweinkontor.com\/wp-content\/uploads\/2024\/04\/Dremont-Eclosion-Pinot-Noir.png 1000w\" sizes=\"auto, (max-width: 300px) 100vw, 300px\" \/>\t\t\t\t\t\t\t\t\t<\/a>\n\t\t\t\t\t\t\t\t\t\t\t\t\t\t\t\t\t\t \t\t\t\t\t\t\t\t<\/div>\n\t\t\t\t\t\t\t\t<div class=\"image-tools top right show-on-hover\">\n\t\t\t\t\t\t\t\t\t\t\t\t\t\t\t\t\t<\/div>\n\t\t\t\t\t\t\t\t\t\t\t\t\t\t\t\t\t<div class=\"image-tools grid-tools text-center hide-for-small bottom hover-slide-in show-on-hover\">\n\t\t\t\t\t\t\t\t\t\t\t\t\t\t\t\t\t\t\t<\/div>\n\t\t\t\t\t\t\t\t\t\t\t\t\t\t\t\t\t\t\t\t\t\t\t<\/div>\n\n\t\t\t\t\t\t\t<div class=\"box-text text-center\" >\n\t\t\t\t\t\t\t\t<div class=\"title-wrapper\">\t\t<p class=\"category uppercase is-smaller no-text-overflow product-cat op-7\">\n\t\t\tChampagne\t\t<\/p>\n\t<p class=\"name product-title woocommerce-loop-product__title\"><a href=\"https:\/\/schaumweinkontor.com\/en\/produkt\/champagne-dremont-marroy-eclusion-pinot-noir-extra-brut-075-l\/\" class=\"woocommerce-LoopProduct-link woocommerce-loop-product__link\">Champagne Dremont Marroy Eclusion Pinot Noir Extra Brut 0,75 L<\/a><\/p><\/div><div class=\"price-wrapper\">\n\t<span class=\"price\"><span class=\"woocommerce-Price-amount amount\" role=\"none\"><bdi><span class=\"woocommerce-Price-currencySymbol\">&euro;<\/span>&nbsp;49,00<\/bdi><\/span> <small class=\"woocommerce-price-suffix\">inkl. MwSt.<\/small><\/span>\n<\/div><div class=\"add-to-cart-button\"><a href=\"\/en\/wp-json\/wp\/v2\/pages\/4628?add-to-cart=5304\" aria-describedby=\"woocommerce_loop_add_to_cart_link_describedby_5304\" data-quantity=\"1\" class=\"primary is-small mb-0 button product_type_simple add_to_cart_button ajax_add_to_cart is-outline\" data-product_id=\"5304\" data-product_sku=\"100300185\" aria-label=\"Add to cart: &ldquo;Champagne Dremont Marroy Eclusion Pinot Noir Extra Brut 0,75 L&rdquo;\" rel=\"nofollow\" data-success_message=\"&ldquo;Champagne Dremont Marroy Eclusion Pinot Noir Extra Brut 0,75 L&rdquo; has been added to your cart\" role=\"button\">Add to cart<\/a><\/div>\t<span id=\"woocommerce_loop_add_to_cart_link_describedby_5304\" class=\"screen-reader-text\">\n\t\t\t<\/span>\n\t\t\t\t\t\t\t<\/div>\n\t\t\t\t\t\t<\/div>\n\t\t\t\t\t\t<\/div>\n\t\t\t\t\t<\/div><div class=\"col\" data-animate=\"fadeInUp\">\n\t\t\t\t\t\t<div class=\"col-inner\">\n\t\t\t\t\t\t\n<div class=\"badge-container badge-custom absolute right top z-1\">\n\n<\/div>\n\t\t\t\t\t\t<div class=\"product-small box has-hover box-normal box-text-bottom\">\n\t\t\t\t\t\t\t<div class=\"box-image\" >\n\t\t\t\t\t\t\t\t<div class=\"\" >\n\t\t\t\t\t\t\t\t\t<a href=\"https:\/\/schaumweinkontor.com\/en\/produkt\/champagne-dremont-marroy-eclusion-chardonnay-extra-brut-075-l\/\" aria-label=\"Champagne Dremont Marroy Eclusion Chardonnay Extra Brut 0,75 L\">\n\t\t\t\t\t\t\t\t\t\t<img loading=\"lazy\" decoding=\"async\" width=\"300\" height=\"300\" src=\"https:\/\/schaumweinkontor.com\/wp-content\/uploads\/2024\/04\/Exclosion-Chardonnay-300x300.png\" class=\"attachment-medium size-medium\" alt=\"Champagne Dremont Marroy Eclusion Chardonnay Extra Brut 0,75 L\" srcset=\"https:\/\/schaumweinkontor.com\/wp-content\/uploads\/2024\/04\/Exclosion-Chardonnay-300x300.png 300w, https:\/\/schaumweinkontor.com\/wp-content\/uploads\/2024\/04\/Exclosion-Chardonnay-100x100.png 100w, https:\/\/schaumweinkontor.com\/wp-content\/uploads\/2024\/04\/Exclosion-Chardonnay-510x510.png 510w, https:\/\/schaumweinkontor.com\/wp-content\/uploads\/2024\/04\/Exclosion-Chardonnay-150x150.png 150w, https:\/\/schaumweinkontor.com\/wp-content\/uploads\/2024\/04\/Exclosion-Chardonnay-768x768.png 768w, https:\/\/schaumweinkontor.com\/wp-content\/uploads\/2024\/04\/Exclosion-Chardonnay.png 1000w\" sizes=\"auto, (max-width: 300px) 100vw, 300px\" \/>\t\t\t\t\t\t\t\t\t<\/a>\n\t\t\t\t\t\t\t\t\t\t\t\t\t\t\t\t\t\t \t\t\t\t\t\t\t\t<\/div>\n\t\t\t\t\t\t\t\t<div class=\"image-tools top right show-on-hover\">\n\t\t\t\t\t\t\t\t\t\t\t\t\t\t\t\t\t<\/div>\n\t\t\t\t\t\t\t\t\t\t\t\t\t\t\t\t\t<div class=\"image-tools grid-tools text-center hide-for-small bottom hover-slide-in show-on-hover\">\n\t\t\t\t\t\t\t\t\t\t\t\t\t\t\t\t\t\t\t<\/div>\n\t\t\t\t\t\t\t\t\t\t\t\t\t\t\t\t\t\t\t\t\t\t\t<\/div>\n\n\t\t\t\t\t\t\t<div class=\"box-text text-center\" >\n\t\t\t\t\t\t\t\t<div class=\"title-wrapper\">\t\t<p class=\"category uppercase is-smaller no-text-overflow product-cat op-7\">\n\t\t\tChampagne\t\t<\/p>\n\t<p class=\"name product-title woocommerce-loop-product__title\"><a href=\"https:\/\/schaumweinkontor.com\/en\/produkt\/champagne-dremont-marroy-eclusion-chardonnay-extra-brut-075-l\/\" class=\"woocommerce-LoopProduct-link woocommerce-loop-product__link\">Champagne Dremont Marroy Eclusion Chardonnay Extra Brut 0,75 L<\/a><\/p><\/div><div class=\"price-wrapper\">\n\t<span class=\"price\"><span class=\"woocommerce-Price-amount amount\" role=\"none\"><bdi><span class=\"woocommerce-Price-currencySymbol\">&euro;<\/span>&nbsp;49,00<\/bdi><\/span> <small class=\"woocommerce-price-suffix\">inkl. MwSt.<\/small><\/span>\n<\/div><div class=\"add-to-cart-button\"><a href=\"\/en\/wp-json\/wp\/v2\/pages\/4628?add-to-cart=5306\" aria-describedby=\"woocommerce_loop_add_to_cart_link_describedby_5306\" data-quantity=\"1\" class=\"primary is-small mb-0 button product_type_simple add_to_cart_button ajax_add_to_cart is-outline\" data-product_id=\"5306\" data-product_sku=\"100300186\" aria-label=\"Add to cart: &ldquo;Champagne Dremont Marroy Eclusion Chardonnay Extra Brut 0,75 L&rdquo;\" rel=\"nofollow\" data-success_message=\"&ldquo;Champagne Dremont Marroy Eclusion Chardonnay Extra Brut 0,75 L&rdquo; has been added to your cart\" role=\"button\">Add to cart<\/a><\/div>\t<span id=\"woocommerce_loop_add_to_cart_link_describedby_5306\" class=\"screen-reader-text\">\n\t\t\t<\/span>\n\t\t\t\t\t\t\t<\/div>\n\t\t\t\t\t\t<\/div>\n\t\t\t\t\t\t<\/div>\n\t\t\t\t\t<\/div><div class=\"col\" data-animate=\"fadeInUp\">\n\t\t\t\t\t\t<div class=\"col-inner\">\n\t\t\t\t\t\t\n<div class=\"badge-container badge-custom absolute right top z-1\">\n\n<\/div>\n\t\t\t\t\t\t<div class=\"product-small box has-hover box-normal box-text-bottom\">\n\t\t\t\t\t\t\t<div class=\"box-image\" >\n\t\t\t\t\t\t\t\t<div class=\"\" >\n\t\t\t\t\t\t\t\t\t<a href=\"https:\/\/schaumweinkontor.com\/en\/produkt\/champagne-dremont-marroy-le-triau-extra-brut-075-l-copy-2\/\" aria-label=\"Champagne Dremont Marroy La Lierie Extra Brut 1,5 L\">\n\t\t\t\t\t\t\t\t\t\t<img loading=\"lazy\" decoding=\"async\" width=\"300\" height=\"300\" src=\"https:\/\/schaumweinkontor.com\/wp-content\/uploads\/2024\/04\/Dremont-La-Lierie-300x300.png\" class=\"attachment-medium size-medium\" alt=\"Champagne Dremont Marroy La Lierie Extra Brut 1,5 L\" srcset=\"https:\/\/schaumweinkontor.com\/wp-content\/uploads\/2024\/04\/Dremont-La-Lierie-300x300.png 300w, https:\/\/schaumweinkontor.com\/wp-content\/uploads\/2024\/04\/Dremont-La-Lierie-100x100.png 100w, https:\/\/schaumweinkontor.com\/wp-content\/uploads\/2024\/04\/Dremont-La-Lierie-510x510.png 510w, https:\/\/schaumweinkontor.com\/wp-content\/uploads\/2024\/04\/Dremont-La-Lierie-150x150.png 150w, https:\/\/schaumweinkontor.com\/wp-content\/uploads\/2024\/04\/Dremont-La-Lierie-768x768.png 768w, https:\/\/schaumweinkontor.com\/wp-content\/uploads\/2024\/04\/Dremont-La-Lierie.png 1000w\" sizes=\"auto, (max-width: 300px) 100vw, 300px\" \/>\t\t\t\t\t\t\t\t\t<\/a>\n\t\t\t\t\t\t\t\t\t\t\t\t\t\t\t\t\t\t \t\t\t\t\t\t\t\t<\/div>\n\t\t\t\t\t\t\t\t<div class=\"image-tools top right show-on-hover\">\n\t\t\t\t\t\t\t\t\t\t\t\t\t\t\t\t\t<\/div>\n\t\t\t\t\t\t\t\t\t\t\t\t\t\t\t\t\t<div class=\"image-tools grid-tools text-center hide-for-small bottom hover-slide-in show-on-hover\">\n\t\t\t\t\t\t\t\t\t\t\t\t\t\t\t\t\t\t\t<\/div>\n\t\t\t\t\t\t\t\t\t\t\t\t\t\t\t\t\t\t\t\t\t\t\t<\/div>\n\n\t\t\t\t\t\t\t<div class=\"box-text text-center\" >\n\t\t\t\t\t\t\t\t<div class=\"title-wrapper\">\t\t<p class=\"category uppercase is-smaller no-text-overflow product-cat op-7\">\n\t\t\tChampagne\t\t<\/p>\n\t<p class=\"name product-title woocommerce-loop-product__title\"><a href=\"https:\/\/schaumweinkontor.com\/en\/produkt\/champagne-dremont-marroy-le-triau-extra-brut-075-l-copy-2\/\" class=\"woocommerce-LoopProduct-link woocommerce-loop-product__link\">Champagne Dremont Marroy La Lierie Extra Brut 1,5 L<\/a><\/p><\/div><div class=\"price-wrapper\">\n\t<span class=\"price\"><span class=\"woocommerce-Price-amount amount\" role=\"none\"><bdi><span class=\"woocommerce-Price-currencySymbol\">&euro;<\/span>&nbsp;92,00<\/bdi><\/span> <small class=\"woocommerce-price-suffix\">inkl. MwSt.<\/small><\/span>\n<\/div><div class=\"add-to-cart-button\"><a href=\"\/en\/wp-json\/wp\/v2\/pages\/4628?add-to-cart=5296\" aria-describedby=\"woocommerce_loop_add_to_cart_link_describedby_5296\" data-quantity=\"1\" class=\"primary is-small mb-0 button product_type_simple add_to_cart_button ajax_add_to_cart is-outline\" data-product_id=\"5296\" data-product_sku=\"100300187\" aria-label=\"Add to cart: &ldquo;Champagne Dremont Marroy La Lierie Extra Brut 1,5 L&rdquo;\" rel=\"nofollow\" data-success_message=\"&ldquo;Champagne Dremont Marroy La Lierie Extra Brut 1,5 L&rdquo; has been added to your cart\" role=\"button\">Add to cart<\/a><\/div>\t<span id=\"woocommerce_loop_add_to_cart_link_describedby_5296\" class=\"screen-reader-text\">\n\t\t\t<\/span>\n\t\t\t\t\t\t\t<\/div>\n\t\t\t\t\t\t<\/div>\n\t\t\t\t\t\t<\/div>\n\t\t\t\t\t<\/div><\/div>\n\n<div class=\"text-center\"><div class=\"is-divider divider clearfix\" style=\"margin-top:3em;margin-bottom:3em;max-width:100%;height:2px;background-color:rgba(183, 149, 73, 0.419);\"><\/div><\/div>\n\n\n\t\t<\/div>\n\t\t\t\t\t<\/div>\n\n\t\n\n<\/div>\n\t<section class=\"section bg_winzer show-for-medium\" id=\"section_1850716181\">\n\t\t<div class=\"bg section-bg fill bg-fill  \" >\n\n\t\t\t\n\t\t\t\n\t\t\t\n\n\t\t<\/div>\n\n\t\t\n\n\t\t<div class=\"section-content relative\">\n\t\t\t\n\n<div class=\"row row-collapse row-full-width align-middle align-center\"  id=\"row-29479579\">\n\n\n\t<div id=\"col-580851190\" class=\"col small-12 large-12\"  >\n\t\t\t\t<div class=\"col-inner\"  >\n\t\t\t\n\t\t\t\n\n<h2 id=\"etienne-mobile\" class=\"uppercase\" style=\"text-align: center;\"><span style=\"font-size: 75%;\">Etienne Oudart<\/span><\/h2>\n\n\t\t<\/div>\n\t\t\t\t\t<\/div>\n\n\t\n\n\n<style>\n#row-29479579 > .col > .col-inner {\n  padding: 15px 0px 0px 0px;\n}\n<\/style>\n<\/div>\n\n\t\t<\/div>\n\n\t\t\n<style>\n#section_1850716181 {\n  padding-top: 20px;\n  padding-bottom: 20px;\n  margin-bottom: 30px;\n}\n#section_1850716181 .section-bg.bg-loaded {\n  background-image: url(https:\/\/schaumweinkontor.com\/wp-content\/uploads\/2022\/06\/landscape-illu-gold-transp.png);\n}\n<\/style>\n\t<\/section>\n\t\n<div class=\"row row-full-width align-middle align-center margin-auto\"  id=\"row-1275237782\">\n\n\n\t<div id=\"col-1943091658\" class=\"col small-12 large-12\"  >\n\t\t\t\t<div class=\"col-inner\"  >\n\t\t\t\n\t\t\t\n\n\n  \n    <div class=\"row  equalize-box show-for-small large-columns-3 medium-columns- small-columns-1 row-large has-shadow row-box-shadow-2 row-box-shadow-4-hover\" >\n  \t\n\t     <div class=\"col\" data-animate=\"fadeInUp\">\n\t\t\t\t\t\t<div class=\"col-inner\">\n\t\t\t\t\t\t\n<div class=\"badge-container badge-custom absolute right top z-1\">\n\n<\/div>\n\t\t\t\t\t\t<div class=\"product-small box has-hover box-vertical box-text-bottom\">\n\t\t\t\t\t\t\t<div class=\"box-image\" >\n\t\t\t\t\t\t\t\t<div class=\"\" >\n\t\t\t\t\t\t\t\t\t<a href=\"https:\/\/schaumweinkontor.com\/en\/produkt\/etienne-oudart-champagne-brut-reference-0375-l\/\" aria-label=\"Etienne Oudart Champagne Brut R\u00e9f\u00e9rence 0,375 L\">\n\t\t\t\t\t\t\t\t\t\t<img loading=\"lazy\" decoding=\"async\" width=\"300\" height=\"300\" src=\"https:\/\/schaumweinkontor.com\/wp-content\/uploads\/2022\/09\/10-Etienne-Oudart-Brut-Reference-15l-300x300.png\" class=\"attachment-medium size-medium\" alt=\"Etienne Oudart Champagne Brut R\u00e9f\u00e9rence 0,375 L\" srcset=\"https:\/\/schaumweinkontor.com\/wp-content\/uploads\/2022\/09\/10-Etienne-Oudart-Brut-Reference-15l-300x300.png 300w, https:\/\/schaumweinkontor.com\/wp-content\/uploads\/2022\/09\/10-Etienne-Oudart-Brut-Reference-15l-100x100.png 100w, https:\/\/schaumweinkontor.com\/wp-content\/uploads\/2022\/09\/10-Etienne-Oudart-Brut-Reference-15l-510x510.png 510w, https:\/\/schaumweinkontor.com\/wp-content\/uploads\/2022\/09\/10-Etienne-Oudart-Brut-Reference-15l-150x150.png 150w, https:\/\/schaumweinkontor.com\/wp-content\/uploads\/2022\/09\/10-Etienne-Oudart-Brut-Reference-15l-768x768.png 768w, https:\/\/schaumweinkontor.com\/wp-content\/uploads\/2022\/09\/10-Etienne-Oudart-Brut-Reference-15l.png 1001w\" sizes=\"auto, (max-width: 300px) 100vw, 300px\" \/>\t\t\t\t\t\t\t\t\t<\/a>\n\t\t\t\t\t\t\t\t\t\t\t\t\t\t\t\t\t\t \t\t\t\t\t\t\t\t<\/div>\n\t\t\t\t\t\t\t\t<div class=\"image-tools top right show-on-hover\">\n\t\t\t\t\t\t\t\t\t\t\t\t\t\t\t\t\t<\/div>\n\t\t\t\t\t\t\t\t\t\t\t\t\t\t\t\t\t<div class=\"image-tools grid-tools text-center hide-for-small bottom hover-slide-in show-on-hover\">\n\t\t\t\t\t\t\t\t\t\t\t\t\t\t\t\t\t\t\t<\/div>\n\t\t\t\t\t\t\t\t\t\t\t\t\t\t\t\t\t\t\t\t\t\t\t<\/div>\n\n\t\t\t\t\t\t\t<div class=\"box-text text-center\" >\n\t\t\t\t\t\t\t\t<div class=\"title-wrapper\">\t\t<p class=\"category uppercase is-smaller no-text-overflow product-cat op-7\">\n\t\t\tEtienne Oudart\t\t<\/p>\n\t<p class=\"name product-title woocommerce-loop-product__title\"><a href=\"https:\/\/schaumweinkontor.com\/en\/produkt\/etienne-oudart-champagne-brut-reference-0375-l\/\" class=\"woocommerce-LoopProduct-link woocommerce-loop-product__link\">Etienne Oudart Champagne Brut R\u00e9f\u00e9rence 0,375 L<\/a><\/p><\/div><div class=\"price-wrapper\">\n\t<span class=\"price\"><span class=\"woocommerce-Price-amount amount\" role=\"none\"><bdi><span class=\"woocommerce-Price-currencySymbol\">&euro;<\/span>&nbsp;21,80<\/bdi><\/span> <small class=\"woocommerce-price-suffix\">inkl. MwSt.<\/small><\/span>\n<\/div><div class=\"add-to-cart-button\"><a href=\"\/en\/wp-json\/wp\/v2\/pages\/4628?add-to-cart=4721\" aria-describedby=\"woocommerce_loop_add_to_cart_link_describedby_4721\" data-quantity=\"1\" class=\"primary is-small mb-0 button product_type_simple add_to_cart_button ajax_add_to_cart is-outline\" data-product_id=\"4721\" data-product_sku=\"100300195\" aria-label=\"Add to cart: &ldquo;Etienne Oudart Champagne Brut R\u00e9f\u00e9rence 0,375 L&rdquo;\" rel=\"nofollow\" data-success_message=\"&ldquo;Etienne Oudart Champagne Brut R\u00e9f\u00e9rence 0,375 L&rdquo; has been added to your cart\" role=\"button\">Add to cart<\/a><\/div>\t<span id=\"woocommerce_loop_add_to_cart_link_describedby_4721\" class=\"screen-reader-text\">\n\t\t\t<\/span>\n\t\t\t\t\t\t\t<\/div>\n\t\t\t\t\t\t<\/div>\n\t\t\t\t\t\t<\/div>\n\t\t\t\t\t<\/div><div class=\"col\" data-animate=\"fadeInUp\">\n\t\t\t\t\t\t<div class=\"col-inner\">\n\t\t\t\t\t\t\n<div class=\"badge-container badge-custom absolute right top z-1\">\n\n<\/div>\n\t\t\t\t\t\t<div class=\"product-small box has-hover box-vertical box-text-bottom\">\n\t\t\t\t\t\t\t<div class=\"box-image\" >\n\t\t\t\t\t\t\t\t<div class=\"\" >\n\t\t\t\t\t\t\t\t\t<a href=\"https:\/\/schaumweinkontor.com\/en\/produkt\/etienne-oudart-champagne-brut-origine-075-l\/\" aria-label=\"Etienne Oudart Champagne Brut Origine 0,75 L\">\n\t\t\t\t\t\t\t\t\t\t<img loading=\"lazy\" decoding=\"async\" width=\"300\" height=\"300\" src=\"https:\/\/schaumweinkontor.com\/wp-content\/uploads\/2023\/04\/Eteinne-Chamapgne-Brut-Origine_1000x1000-px-300x300.png\" class=\"attachment-medium size-medium\" alt=\"Etienne Oudart Champagne Brut Origine 0,75 L\" srcset=\"https:\/\/schaumweinkontor.com\/wp-content\/uploads\/2023\/04\/Eteinne-Chamapgne-Brut-Origine_1000x1000-px-300x300.png 300w, https:\/\/schaumweinkontor.com\/wp-content\/uploads\/2023\/04\/Eteinne-Chamapgne-Brut-Origine_1000x1000-px-100x100.png 100w, https:\/\/schaumweinkontor.com\/wp-content\/uploads\/2023\/04\/Eteinne-Chamapgne-Brut-Origine_1000x1000-px-510x510.png 510w, https:\/\/schaumweinkontor.com\/wp-content\/uploads\/2023\/04\/Eteinne-Chamapgne-Brut-Origine_1000x1000-px-150x150.png 150w, https:\/\/schaumweinkontor.com\/wp-content\/uploads\/2023\/04\/Eteinne-Chamapgne-Brut-Origine_1000x1000-px-768x768.png 768w, https:\/\/schaumweinkontor.com\/wp-content\/uploads\/2023\/04\/Eteinne-Chamapgne-Brut-Origine_1000x1000-px.png 1000w\" sizes=\"auto, (max-width: 300px) 100vw, 300px\" \/>\t\t\t\t\t\t\t\t\t<\/a>\n\t\t\t\t\t\t\t\t\t\t\t\t\t\t\t\t\t\t \t\t\t\t\t\t\t\t<\/div>\n\t\t\t\t\t\t\t\t<div class=\"image-tools top right show-on-hover\">\n\t\t\t\t\t\t\t\t\t\t\t\t\t\t\t\t\t<\/div>\n\t\t\t\t\t\t\t\t\t\t\t\t\t\t\t\t\t<div class=\"image-tools grid-tools text-center hide-for-small bottom hover-slide-in show-on-hover\">\n\t\t\t\t\t\t\t\t\t\t\t\t\t\t\t\t\t\t\t<\/div>\n\t\t\t\t\t\t\t\t\t\t\t\t\t\t\t\t\t\t\t\t\t\t\t<\/div>\n\n\t\t\t\t\t\t\t<div class=\"box-text text-center\" >\n\t\t\t\t\t\t\t\t<div class=\"title-wrapper\">\t\t<p class=\"category uppercase is-smaller no-text-overflow product-cat op-7\">\n\t\t\tEtienne Oudart\t\t<\/p>\n\t<p class=\"name product-title woocommerce-loop-product__title\"><a href=\"https:\/\/schaumweinkontor.com\/en\/produkt\/etienne-oudart-champagne-brut-origine-075-l\/\" class=\"woocommerce-LoopProduct-link woocommerce-loop-product__link\">Etienne Oudart Champagne Brut Origine 0,75 L<\/a><\/p><\/div><div class=\"price-wrapper\">\n\t<span class=\"price\"><span class=\"woocommerce-Price-amount amount\" role=\"none\"><bdi><span class=\"woocommerce-Price-currencySymbol\">&euro;<\/span>&nbsp;28,50<\/bdi><\/span> <small class=\"woocommerce-price-suffix\">inkl. MwSt.<\/small><\/span>\n<\/div><div class=\"add-to-cart-button\"><a href=\"\/en\/wp-json\/wp\/v2\/pages\/4628?add-to-cart=5212\" aria-describedby=\"woocommerce_loop_add_to_cart_link_describedby_5212\" data-quantity=\"1\" class=\"primary is-small mb-0 button product_type_simple add_to_cart_button ajax_add_to_cart is-outline\" data-product_id=\"5212\" data-product_sku=\"\" aria-label=\"Add to cart: &ldquo;Etienne Oudart Champagne Brut Origine 0,75 L&rdquo;\" rel=\"nofollow\" data-success_message=\"&ldquo;Etienne Oudart Champagne Brut Origine 0,75 L&rdquo; has been added to your cart\" role=\"button\">Add to cart<\/a><\/div>\t<span id=\"woocommerce_loop_add_to_cart_link_describedby_5212\" class=\"screen-reader-text\">\n\t\t\t<\/span>\n\t\t\t\t\t\t\t<\/div>\n\t\t\t\t\t\t<\/div>\n\t\t\t\t\t\t<\/div>\n\t\t\t\t\t<\/div><div class=\"col\" data-animate=\"fadeInUp\">\n\t\t\t\t\t\t<div class=\"col-inner\">\n\t\t\t\t\t\t\n<div class=\"badge-container badge-custom absolute right top z-1\">\n\n<\/div>\n\t\t\t\t\t\t<div class=\"product-small box has-hover box-vertical box-text-bottom\">\n\t\t\t\t\t\t\t<div class=\"box-image\" >\n\t\t\t\t\t\t\t\t<div class=\"\" >\n\t\t\t\t\t\t\t\t\t<a href=\"https:\/\/schaumweinkontor.com\/en\/produkt\/etienne-oudart-champagne-brut-origine-075l\/\" aria-label=\"Etienne Oudart Champagne Brut Origine 0,75l\">\n\t\t\t\t\t\t\t\t\t\t<img loading=\"lazy\" decoding=\"async\" width=\"300\" height=\"300\" src=\"https:\/\/schaumweinkontor.com\/wp-content\/uploads\/2023\/04\/Eteinne-Chamapgne-Brut-Origine_1000x1000-px-300x300.png\" class=\"attachment-medium size-medium\" alt=\"Etienne Oudart Champagne Brut Origine 0,75l\" srcset=\"https:\/\/schaumweinkontor.com\/wp-content\/uploads\/2023\/04\/Eteinne-Chamapgne-Brut-Origine_1000x1000-px-300x300.png 300w, https:\/\/schaumweinkontor.com\/wp-content\/uploads\/2023\/04\/Eteinne-Chamapgne-Brut-Origine_1000x1000-px-100x100.png 100w, https:\/\/schaumweinkontor.com\/wp-content\/uploads\/2023\/04\/Eteinne-Chamapgne-Brut-Origine_1000x1000-px-510x510.png 510w, https:\/\/schaumweinkontor.com\/wp-content\/uploads\/2023\/04\/Eteinne-Chamapgne-Brut-Origine_1000x1000-px-150x150.png 150w, https:\/\/schaumweinkontor.com\/wp-content\/uploads\/2023\/04\/Eteinne-Chamapgne-Brut-Origine_1000x1000-px-768x768.png 768w, https:\/\/schaumweinkontor.com\/wp-content\/uploads\/2023\/04\/Eteinne-Chamapgne-Brut-Origine_1000x1000-px.png 1000w\" sizes=\"auto, (max-width: 300px) 100vw, 300px\" \/>\t\t\t\t\t\t\t\t\t<\/a>\n\t\t\t\t\t\t\t\t\t\t\t\t\t\t\t\t\t\t \t\t\t\t\t\t\t\t<\/div>\n\t\t\t\t\t\t\t\t<div class=\"image-tools top right show-on-hover\">\n\t\t\t\t\t\t\t\t\t\t\t\t\t\t\t\t\t<\/div>\n\t\t\t\t\t\t\t\t\t\t\t\t\t\t\t\t\t<div class=\"image-tools grid-tools text-center hide-for-small bottom hover-slide-in show-on-hover\">\n\t\t\t\t\t\t\t\t\t\t\t\t\t\t\t\t\t\t\t<\/div>\n\t\t\t\t\t\t\t\t\t\t\t\t\t\t\t\t\t\t\t\t\t\t\t<\/div>\n\n\t\t\t\t\t\t\t<div class=\"box-text text-center\" >\n\t\t\t\t\t\t\t\t<div class=\"title-wrapper\">\t\t<p class=\"category uppercase is-smaller no-text-overflow product-cat op-7\">\n\t\t\tEtienne Oudart\t\t<\/p>\n\t<p class=\"name product-title woocommerce-loop-product__title\"><a href=\"https:\/\/schaumweinkontor.com\/en\/produkt\/etienne-oudart-champagne-brut-origine-075l\/\" class=\"woocommerce-LoopProduct-link woocommerce-loop-product__link\">Etienne Oudart Champagne Brut Origine 0,75l<\/a><\/p><\/div><div class=\"price-wrapper\">\n\t<span class=\"price\"><span class=\"woocommerce-Price-amount amount\" role=\"none\"><bdi><span class=\"woocommerce-Price-currencySymbol\">&euro;<\/span>&nbsp;28,50<\/bdi><\/span> <small class=\"woocommerce-price-suffix\">inkl. MwSt.<\/small><\/span>\n<\/div><div class=\"add-to-cart-button\"><a href=\"\/en\/wp-json\/wp\/v2\/pages\/4628?add-to-cart=6130\" aria-describedby=\"woocommerce_loop_add_to_cart_link_describedby_6130\" data-quantity=\"1\" class=\"primary is-small mb-0 button product_type_simple add_to_cart_button ajax_add_to_cart is-outline\" data-product_id=\"6130\" data-product_sku=\"100300188\" aria-label=\"Add to cart: &ldquo;Etienne Oudart Champagne Brut Origine 0,75l&rdquo;\" rel=\"nofollow\" data-success_message=\"&ldquo;Etienne Oudart Champagne Brut Origine 0,75l&rdquo; has been added to your cart\" role=\"button\">Add to cart<\/a><\/div>\t<span id=\"woocommerce_loop_add_to_cart_link_describedby_6130\" class=\"screen-reader-text\">\n\t\t\t<\/span>\n\t\t\t\t\t\t\t<\/div>\n\t\t\t\t\t\t<\/div>\n\t\t\t\t\t\t<\/div>\n\t\t\t\t\t<\/div><div class=\"col\" data-animate=\"fadeInUp\">\n\t\t\t\t\t\t<div class=\"col-inner\">\n\t\t\t\t\t\t\n<div class=\"badge-container badge-custom absolute right top z-1\">\n<div class=\"callout badge badge-circle\"><div class=\"badge-inner secondary on-sale\"><span class=\"onsale\">Sale!<\/span><\/div><\/div>\n<\/div>\n\t\t\t\t\t\t<div class=\"product-small box has-hover box-vertical box-text-bottom\">\n\t\t\t\t\t\t\t<div class=\"box-image\" >\n\t\t\t\t\t\t\t\t<div class=\"\" >\n\t\t\t\t\t\t\t\t\t<a href=\"https:\/\/schaumweinkontor.com\/en\/produkt\/etienne-oudart-champ-chardonnay-brut-vn-2016-075-l\/\" aria-label=\"Etienne Oudart Champagne Chardonnay Brut VN 2016 0,75 L\">\n\t\t\t\t\t\t\t\t\t\t<img loading=\"lazy\" decoding=\"async\" width=\"300\" height=\"300\" src=\"https:\/\/schaumweinkontor.com\/wp-content\/uploads\/2022\/06\/Etienne-Oudart-Champ.-Chardonnay-Brut-VN-2016-075-L-300x300.png\" class=\"attachment-medium size-medium\" alt=\"Etienne Oudart Champagne Chardonnay Brut VN 2016 0,75l\" srcset=\"https:\/\/schaumweinkontor.com\/wp-content\/uploads\/2022\/06\/Etienne-Oudart-Champ.-Chardonnay-Brut-VN-2016-075-L-300x300.png 300w, https:\/\/schaumweinkontor.com\/wp-content\/uploads\/2022\/06\/Etienne-Oudart-Champ.-Chardonnay-Brut-VN-2016-075-L-100x100.png 100w, https:\/\/schaumweinkontor.com\/wp-content\/uploads\/2022\/06\/Etienne-Oudart-Champ.-Chardonnay-Brut-VN-2016-075-L-510x510.png 510w, https:\/\/schaumweinkontor.com\/wp-content\/uploads\/2022\/06\/Etienne-Oudart-Champ.-Chardonnay-Brut-VN-2016-075-L-150x150.png 150w, https:\/\/schaumweinkontor.com\/wp-content\/uploads\/2022\/06\/Etienne-Oudart-Champ.-Chardonnay-Brut-VN-2016-075-L-768x768.png 768w, https:\/\/schaumweinkontor.com\/wp-content\/uploads\/2022\/06\/Etienne-Oudart-Champ.-Chardonnay-Brut-VN-2016-075-L.png 1000w\" sizes=\"auto, (max-width: 300px) 100vw, 300px\" \/>\t\t\t\t\t\t\t\t\t<\/a>\n\t\t\t\t\t\t\t\t\t\t\t\t\t\t\t\t\t\t \t\t\t\t\t\t\t\t<\/div>\n\t\t\t\t\t\t\t\t<div class=\"image-tools top right show-on-hover\">\n\t\t\t\t\t\t\t\t\t\t\t\t\t\t\t\t\t<\/div>\n\t\t\t\t\t\t\t\t\t\t\t\t\t\t\t\t\t<div class=\"image-tools grid-tools text-center hide-for-small bottom hover-slide-in show-on-hover\">\n\t\t\t\t\t\t\t\t\t\t\t\t\t\t\t\t\t\t\t<\/div>\n\t\t\t\t\t\t\t\t\t\t\t\t\t\t\t\t\t\t\t\t\t\t\t<\/div>\n\n\t\t\t\t\t\t\t<div class=\"box-text text-center\" >\n\t\t\t\t\t\t\t\t<div class=\"title-wrapper\">\t\t<p class=\"category uppercase is-smaller no-text-overflow product-cat op-7\">\n\t\t\tEtienne Oudart\t\t<\/p>\n\t<p class=\"name product-title woocommerce-loop-product__title\"><a href=\"https:\/\/schaumweinkontor.com\/en\/produkt\/etienne-oudart-champ-chardonnay-brut-vn-2016-075-l\/\" class=\"woocommerce-LoopProduct-link woocommerce-loop-product__link\">Etienne Oudart Champagne Chardonnay Brut VN 2016 0,75 L<\/a><\/p><\/div><div class=\"price-wrapper\">\n\t<span class=\"price\"><del aria-hidden=\"true\"><span class=\"woocommerce-Price-amount amount\" role=\"none\"><bdi><span class=\"woocommerce-Price-currencySymbol\">&euro;<\/span>&nbsp;40,80<\/bdi><\/span><\/del> <span class=\"screen-reader-text\">Original price was: &euro;&nbsp;40,80.<\/span><ins aria-hidden=\"true\"><span class=\"woocommerce-Price-amount amount\" role=\"none\"><bdi><span class=\"woocommerce-Price-currencySymbol\">&euro;<\/span>&nbsp;30,60<\/bdi><\/span><\/ins><span class=\"screen-reader-text\">Current price is: &euro;&nbsp;30,60.<\/span> <small class=\"woocommerce-price-suffix\">inkl. MwSt.<\/small><\/span>\n<\/div><div class=\"add-to-cart-button\"><a href=\"\/en\/wp-json\/wp\/v2\/pages\/4628?add-to-cart=4782\" aria-describedby=\"woocommerce_loop_add_to_cart_link_describedby_4782\" data-quantity=\"1\" class=\"primary is-small mb-0 button product_type_simple add_to_cart_button ajax_add_to_cart is-outline\" data-product_id=\"4782\" data-product_sku=\"100300192\" aria-label=\"Add to cart: &ldquo;Etienne Oudart Champagne Chardonnay Brut VN 2016 0,75 L&rdquo;\" rel=\"nofollow\" data-success_message=\"&ldquo;Etienne Oudart Champagne Chardonnay Brut VN 2016 0,75 L&rdquo; has been added to your cart\" role=\"button\">Add to cart<\/a><\/div>\t<span id=\"woocommerce_loop_add_to_cart_link_describedby_4782\" class=\"screen-reader-text\">\n\t\t\t<\/span>\n\t\t\t\t\t\t\t<\/div>\n\t\t\t\t\t\t<\/div>\n\t\t\t\t\t\t<\/div>\n\t\t\t\t\t<\/div><div class=\"col\" data-animate=\"fadeInUp\">\n\t\t\t\t\t\t<div class=\"col-inner\">\n\t\t\t\t\t\t\n<div class=\"badge-container badge-custom absolute right top z-1\">\n\n<\/div>\n\t\t\t\t\t\t<div class=\"product-small box has-hover box-vertical box-text-bottom\">\n\t\t\t\t\t\t\t<div class=\"box-image\" >\n\t\t\t\t\t\t\t\t<div class=\"\" >\n\t\t\t\t\t\t\t\t\t<a href=\"https:\/\/schaumweinkontor.com\/en\/produkt\/etienne-oudart-champagne-brut-reference-075-l\/\" aria-label=\"Etienne Oudart Champagne Brut R\u00e9f\u00e9rence 0,75 L\">\n\t\t\t\t\t\t\t\t\t\t<img loading=\"lazy\" decoding=\"async\" width=\"300\" height=\"300\" src=\"https:\/\/schaumweinkontor.com\/wp-content\/uploads\/2022\/06\/Etienne-Oudart-Champagne-Brut-Reference-075-L-300x300.png\" class=\"attachment-medium size-medium\" alt=\"Etienne Oudart Champagne Brut R\u00e9f\u00e9rence 0,75 L\" srcset=\"https:\/\/schaumweinkontor.com\/wp-content\/uploads\/2022\/06\/Etienne-Oudart-Champagne-Brut-Reference-075-L-300x300.png 300w, https:\/\/schaumweinkontor.com\/wp-content\/uploads\/2022\/06\/Etienne-Oudart-Champagne-Brut-Reference-075-L-100x100.png 100w, https:\/\/schaumweinkontor.com\/wp-content\/uploads\/2022\/06\/Etienne-Oudart-Champagne-Brut-Reference-075-L-510x510.png 510w, https:\/\/schaumweinkontor.com\/wp-content\/uploads\/2022\/06\/Etienne-Oudart-Champagne-Brut-Reference-075-L-150x150.png 150w, https:\/\/schaumweinkontor.com\/wp-content\/uploads\/2022\/06\/Etienne-Oudart-Champagne-Brut-Reference-075-L-768x768.png 768w, https:\/\/schaumweinkontor.com\/wp-content\/uploads\/2022\/06\/Etienne-Oudart-Champagne-Brut-Reference-075-L.png 1000w\" sizes=\"auto, (max-width: 300px) 100vw, 300px\" \/>\t\t\t\t\t\t\t\t\t<\/a>\n\t\t\t\t\t\t\t\t\t\t\t\t\t\t\t\t\t\t \t\t\t\t\t\t\t\t<\/div>\n\t\t\t\t\t\t\t\t<div class=\"image-tools top right show-on-hover\">\n\t\t\t\t\t\t\t\t\t\t\t\t\t\t\t\t\t<\/div>\n\t\t\t\t\t\t\t\t\t\t\t\t\t\t\t\t\t<div class=\"image-tools grid-tools text-center hide-for-small bottom hover-slide-in show-on-hover\">\n\t\t\t\t\t\t\t\t\t\t\t\t\t\t\t\t\t\t\t<\/div>\n\t\t\t\t\t\t\t\t\t\t\t\t\t\t\t\t\t\t\t\t\t\t\t<\/div>\n\n\t\t\t\t\t\t\t<div class=\"box-text text-center\" >\n\t\t\t\t\t\t\t\t<div class=\"title-wrapper\">\t\t<p class=\"category uppercase is-smaller no-text-overflow product-cat op-7\">\n\t\t\tEtienne Oudart\t\t<\/p>\n\t<p class=\"name product-title woocommerce-loop-product__title\"><a href=\"https:\/\/schaumweinkontor.com\/en\/produkt\/etienne-oudart-champagne-brut-reference-075-l\/\" class=\"woocommerce-LoopProduct-link woocommerce-loop-product__link\">Etienne Oudart Champagne Brut R\u00e9f\u00e9rence 0,75 L<\/a><\/p><\/div><div class=\"price-wrapper\">\n\t<span class=\"price\"><span class=\"woocommerce-Price-amount amount\" role=\"none\"><bdi><span class=\"woocommerce-Price-currencySymbol\">&euro;<\/span>&nbsp;30,90<\/bdi><\/span> <small class=\"woocommerce-price-suffix\">inkl. MwSt.<\/small><\/span>\n<\/div><div class=\"add-to-cart-button\"><a href=\"\/en\/wp-json\/wp\/v2\/pages\/4628?add-to-cart=4785\" aria-describedby=\"woocommerce_loop_add_to_cart_link_describedby_4785\" data-quantity=\"1\" class=\"primary is-small mb-0 button product_type_simple add_to_cart_button ajax_add_to_cart is-outline\" data-product_id=\"4785\" data-product_sku=\"100300189\" aria-label=\"Add to cart: &ldquo;Etienne Oudart Champagne Brut R\u00e9f\u00e9rence 0,75 L&rdquo;\" rel=\"nofollow\" data-success_message=\"&ldquo;Etienne Oudart Champagne Brut R\u00e9f\u00e9rence 0,75 L&rdquo; has been added to your cart\" role=\"button\">Add to cart<\/a><\/div>\t<span id=\"woocommerce_loop_add_to_cart_link_describedby_4785\" class=\"screen-reader-text\">\n\t\t\t<\/span>\n\t\t\t\t\t\t\t<\/div>\n\t\t\t\t\t\t<\/div>\n\t\t\t\t\t\t<\/div>\n\t\t\t\t\t<\/div><div class=\"col\" data-animate=\"fadeInUp\">\n\t\t\t\t\t\t<div class=\"col-inner\">\n\t\t\t\t\t\t\n<div class=\"badge-container badge-custom absolute right top z-1\">\n\n<\/div>\n\t\t\t\t\t\t<div class=\"product-small box has-hover box-vertical box-text-bottom\">\n\t\t\t\t\t\t\t<div class=\"box-image\" >\n\t\t\t\t\t\t\t\t<div class=\"\" >\n\t\t\t\t\t\t\t\t\t<a href=\"https:\/\/schaumweinkontor.com\/en\/produkt\/etienne-oudart-champagne-brut-rose-reference-075-l\/\" aria-label=\"Etienne Oudart Champagne Brut Ros\u00e9 R\u00e9f\u00e9rence 0,75 L\">\n\t\t\t\t\t\t\t\t\t\t<img loading=\"lazy\" decoding=\"async\" width=\"300\" height=\"300\" src=\"https:\/\/schaumweinkontor.com\/wp-content\/uploads\/2022\/06\/Etienne-Oudart-Champagne-Brut-Rose-Reference-075-L-300x300.png\" class=\"attachment-medium size-medium\" alt=\"Etienne Oudart Champagne Brut Ros\u00e9 R\u00e9f\u00e9rence 0,75 L\" srcset=\"https:\/\/schaumweinkontor.com\/wp-content\/uploads\/2022\/06\/Etienne-Oudart-Champagne-Brut-Rose-Reference-075-L-300x300.png 300w, https:\/\/schaumweinkontor.com\/wp-content\/uploads\/2022\/06\/Etienne-Oudart-Champagne-Brut-Rose-Reference-075-L-100x100.png 100w, https:\/\/schaumweinkontor.com\/wp-content\/uploads\/2022\/06\/Etienne-Oudart-Champagne-Brut-Rose-Reference-075-L-510x510.png 510w, https:\/\/schaumweinkontor.com\/wp-content\/uploads\/2022\/06\/Etienne-Oudart-Champagne-Brut-Rose-Reference-075-L-150x150.png 150w, https:\/\/schaumweinkontor.com\/wp-content\/uploads\/2022\/06\/Etienne-Oudart-Champagne-Brut-Rose-Reference-075-L-768x768.png 768w, https:\/\/schaumweinkontor.com\/wp-content\/uploads\/2022\/06\/Etienne-Oudart-Champagne-Brut-Rose-Reference-075-L.png 1000w\" sizes=\"auto, (max-width: 300px) 100vw, 300px\" \/>\t\t\t\t\t\t\t\t\t<\/a>\n\t\t\t\t\t\t\t\t\t\t\t\t\t\t\t\t\t\t \t\t\t\t\t\t\t\t<\/div>\n\t\t\t\t\t\t\t\t<div class=\"image-tools top right show-on-hover\">\n\t\t\t\t\t\t\t\t\t\t\t\t\t\t\t\t\t<\/div>\n\t\t\t\t\t\t\t\t\t\t\t\t\t\t\t\t\t<div class=\"image-tools grid-tools text-center hide-for-small bottom hover-slide-in show-on-hover\">\n\t\t\t\t\t\t\t\t\t\t\t\t\t\t\t\t\t\t\t<\/div>\n\t\t\t\t\t\t\t\t\t\t\t\t\t\t\t\t\t\t\t\t\t\t\t<\/div>\n\n\t\t\t\t\t\t\t<div class=\"box-text text-center\" >\n\t\t\t\t\t\t\t\t<div class=\"title-wrapper\">\t\t<p class=\"category uppercase is-smaller no-text-overflow product-cat op-7\">\n\t\t\tEtienne Oudart\t\t<\/p>\n\t<p class=\"name product-title woocommerce-loop-product__title\"><a href=\"https:\/\/schaumweinkontor.com\/en\/produkt\/etienne-oudart-champagne-brut-rose-reference-075-l\/\" class=\"woocommerce-LoopProduct-link woocommerce-loop-product__link\">Etienne Oudart Champagne Brut Ros\u00e9 R\u00e9f\u00e9rence 0,75 L<\/a><\/p><\/div><div class=\"price-wrapper\">\n\t<span class=\"price\"><span class=\"woocommerce-Price-amount amount\" role=\"none\"><bdi><span class=\"woocommerce-Price-currencySymbol\">&euro;<\/span>&nbsp;35,50<\/bdi><\/span> <small class=\"woocommerce-price-suffix\">inkl. MwSt.<\/small><\/span>\n<\/div><div class=\"add-to-cart-button\"><a href=\"\/en\/wp-json\/wp\/v2\/pages\/4628?add-to-cart=4784\" aria-describedby=\"woocommerce_loop_add_to_cart_link_describedby_4784\" data-quantity=\"1\" class=\"primary is-small mb-0 button product_type_simple add_to_cart_button ajax_add_to_cart is-outline\" data-product_id=\"4784\" data-product_sku=\"100300190\" aria-label=\"Add to cart: &ldquo;Etienne Oudart Champagne Brut Ros\u00e9 R\u00e9f\u00e9rence 0,75 L&rdquo;\" rel=\"nofollow\" data-success_message=\"&ldquo;Etienne Oudart Champagne Brut Ros\u00e9 R\u00e9f\u00e9rence 0,75 L&rdquo; has been added to your cart\" role=\"button\">Add to cart<\/a><\/div>\t<span id=\"woocommerce_loop_add_to_cart_link_describedby_4784\" class=\"screen-reader-text\">\n\t\t\t<\/span>\n\t\t\t\t\t\t\t<\/div>\n\t\t\t\t\t\t<\/div>\n\t\t\t\t\t\t<\/div>\n\t\t\t\t\t<\/div><div class=\"col\" data-animate=\"fadeInUp\">\n\t\t\t\t\t\t<div class=\"col-inner\">\n\t\t\t\t\t\t\n<div class=\"badge-container badge-custom absolute right top z-1\">\n\n<\/div>\n\t\t\t\t\t\t<div class=\"product-small box has-hover box-vertical box-text-bottom\">\n\t\t\t\t\t\t\t<div class=\"box-image\" >\n\t\t\t\t\t\t\t\t<div class=\"\" >\n\t\t\t\t\t\t\t\t\t<a href=\"https:\/\/schaumweinkontor.com\/en\/produkt\/etienne-oudart-champagne-blanc-de-noirs-brut-075-l\/\" aria-label=\"Etienne Oudart Champagne Blanc de Noirs Brut 0,75 L\">\n\t\t\t\t\t\t\t\t\t\t<img loading=\"lazy\" decoding=\"async\" width=\"300\" height=\"300\" src=\"https:\/\/schaumweinkontor.com\/wp-content\/uploads\/2022\/06\/Etienne-Oudart-Champagne-Blanc-de-Noirs-Brut-075-L-300x300.png\" class=\"attachment-medium size-medium\" alt=\"Etienne Oudart Champagne Blanc de Noirs Brut 0,75 L\" srcset=\"https:\/\/schaumweinkontor.com\/wp-content\/uploads\/2022\/06\/Etienne-Oudart-Champagne-Blanc-de-Noirs-Brut-075-L-300x300.png 300w, https:\/\/schaumweinkontor.com\/wp-content\/uploads\/2022\/06\/Etienne-Oudart-Champagne-Blanc-de-Noirs-Brut-075-L-100x100.png 100w, https:\/\/schaumweinkontor.com\/wp-content\/uploads\/2022\/06\/Etienne-Oudart-Champagne-Blanc-de-Noirs-Brut-075-L-510x510.png 510w, https:\/\/schaumweinkontor.com\/wp-content\/uploads\/2022\/06\/Etienne-Oudart-Champagne-Blanc-de-Noirs-Brut-075-L-150x150.png 150w, https:\/\/schaumweinkontor.com\/wp-content\/uploads\/2022\/06\/Etienne-Oudart-Champagne-Blanc-de-Noirs-Brut-075-L-768x768.png 768w, https:\/\/schaumweinkontor.com\/wp-content\/uploads\/2022\/06\/Etienne-Oudart-Champagne-Blanc-de-Noirs-Brut-075-L.png 1000w\" sizes=\"auto, (max-width: 300px) 100vw, 300px\" \/>\t\t\t\t\t\t\t\t\t<\/a>\n\t\t\t\t\t\t\t\t\t\t\t\t\t\t\t\t\t\t \t\t\t\t\t\t\t\t<\/div>\n\t\t\t\t\t\t\t\t<div class=\"image-tools top right show-on-hover\">\n\t\t\t\t\t\t\t\t\t\t\t\t\t\t\t\t\t<\/div>\n\t\t\t\t\t\t\t\t\t\t\t\t\t\t\t\t\t<div class=\"image-tools grid-tools text-center hide-for-small bottom hover-slide-in show-on-hover\">\n\t\t\t\t\t\t\t\t\t\t\t\t\t\t\t\t\t\t\t<\/div>\n\t\t\t\t\t\t\t\t\t\t\t\t\t\t\t\t\t\t\t\t\t\t\t<\/div>\n\n\t\t\t\t\t\t\t<div class=\"box-text text-center\" >\n\t\t\t\t\t\t\t\t<div class=\"title-wrapper\">\t\t<p class=\"category uppercase is-smaller no-text-overflow product-cat op-7\">\n\t\t\tEtienne Oudart\t\t<\/p>\n\t<p class=\"name product-title woocommerce-loop-product__title\"><a href=\"https:\/\/schaumweinkontor.com\/en\/produkt\/etienne-oudart-champagne-blanc-de-noirs-brut-075-l\/\" class=\"woocommerce-LoopProduct-link woocommerce-loop-product__link\">Etienne Oudart Champagne Blanc de Noirs Brut 0,75 L<\/a><\/p><\/div><div class=\"price-wrapper\">\n\t<span class=\"price\"><span class=\"woocommerce-Price-amount amount\" role=\"none\"><bdi><span class=\"woocommerce-Price-currencySymbol\">&euro;<\/span>&nbsp;36,80<\/bdi><\/span> <small class=\"woocommerce-price-suffix\">inkl. MwSt.<\/small><\/span>\n<\/div><div class=\"add-to-cart-button\"><a href=\"\/en\/wp-json\/wp\/v2\/pages\/4628?add-to-cart=4783\" aria-describedby=\"woocommerce_loop_add_to_cart_link_describedby_4783\" data-quantity=\"1\" class=\"primary is-small mb-0 button product_type_simple add_to_cart_button ajax_add_to_cart is-outline\" data-product_id=\"4783\" data-product_sku=\"100300191\" aria-label=\"Add to cart: &ldquo;Etienne Oudart Champagne Blanc de Noirs Brut 0,75 L&rdquo;\" rel=\"nofollow\" data-success_message=\"&ldquo;Etienne Oudart Champagne Blanc de Noirs Brut 0,75 L&rdquo; has been added to your cart\" role=\"button\">Add to cart<\/a><\/div>\t<span id=\"woocommerce_loop_add_to_cart_link_describedby_4783\" class=\"screen-reader-text\">\n\t\t\t<\/span>\n\t\t\t\t\t\t\t<\/div>\n\t\t\t\t\t\t<\/div>\n\t\t\t\t\t\t<\/div>\n\t\t\t\t\t<\/div><div class=\"col\" data-animate=\"fadeInUp\">\n\t\t\t\t\t\t<div class=\"col-inner\">\n\t\t\t\t\t\t\n<div class=\"badge-container badge-custom absolute right top z-1\">\n\n<\/div>\n\t\t\t\t\t\t<div class=\"product-small box has-hover box-vertical box-text-bottom\">\n\t\t\t\t\t\t\t<div class=\"box-image\" >\n\t\t\t\t\t\t\t\t<div class=\"\" >\n\t\t\t\t\t\t\t\t\t<a href=\"https:\/\/schaumweinkontor.com\/en\/produkt\/etienne-oudart-champagne-extra-brut-millesime-2014-075-l\/\" aria-label=\"Etienne Oudart Champagne Extra-Brut Mill\u00e9sim\u00e9 2014 0,75 L\">\n\t\t\t\t\t\t\t\t\t\t<img loading=\"lazy\" decoding=\"async\" width=\"300\" height=\"300\" src=\"https:\/\/schaumweinkontor.com\/wp-content\/uploads\/2023\/04\/Eteinne-Champagne-Extra-Brut-Millesime.001_1000x1000-px-300x300.png\" class=\"attachment-medium size-medium\" alt=\"Etienne Oudart Champagne Extra-Brut Mill\u00e9sim\u00e9 2014 0,75 L\" srcset=\"https:\/\/schaumweinkontor.com\/wp-content\/uploads\/2023\/04\/Eteinne-Champagne-Extra-Brut-Millesime.001_1000x1000-px-300x300.png 300w, https:\/\/schaumweinkontor.com\/wp-content\/uploads\/2023\/04\/Eteinne-Champagne-Extra-Brut-Millesime.001_1000x1000-px-100x100.png 100w, https:\/\/schaumweinkontor.com\/wp-content\/uploads\/2023\/04\/Eteinne-Champagne-Extra-Brut-Millesime.001_1000x1000-px-510x510.png 510w, https:\/\/schaumweinkontor.com\/wp-content\/uploads\/2023\/04\/Eteinne-Champagne-Extra-Brut-Millesime.001_1000x1000-px-150x150.png 150w, https:\/\/schaumweinkontor.com\/wp-content\/uploads\/2023\/04\/Eteinne-Champagne-Extra-Brut-Millesime.001_1000x1000-px-768x768.png 768w, https:\/\/schaumweinkontor.com\/wp-content\/uploads\/2023\/04\/Eteinne-Champagne-Extra-Brut-Millesime.001_1000x1000-px.png 1000w\" sizes=\"auto, (max-width: 300px) 100vw, 300px\" \/>\t\t\t\t\t\t\t\t\t<\/a>\n\t\t\t\t\t\t\t\t\t\t\t\t\t\t\t\t\t\t \t\t\t\t\t\t\t\t<\/div>\n\t\t\t\t\t\t\t\t<div class=\"image-tools top right show-on-hover\">\n\t\t\t\t\t\t\t\t\t\t\t\t\t\t\t\t\t<\/div>\n\t\t\t\t\t\t\t\t\t\t\t\t\t\t\t\t\t<div class=\"image-tools grid-tools text-center hide-for-small bottom hover-slide-in show-on-hover\">\n\t\t\t\t\t\t\t\t\t\t\t\t\t\t\t\t\t\t\t<\/div>\n\t\t\t\t\t\t\t\t\t\t\t\t\t\t\t\t\t\t\t\t\t\t\t<\/div>\n\n\t\t\t\t\t\t\t<div class=\"box-text text-center\" >\n\t\t\t\t\t\t\t\t<div class=\"title-wrapper\">\t\t<p class=\"category uppercase is-smaller no-text-overflow product-cat op-7\">\n\t\t\tEtienne Oudart\t\t<\/p>\n\t<p class=\"name product-title woocommerce-loop-product__title\"><a href=\"https:\/\/schaumweinkontor.com\/en\/produkt\/etienne-oudart-champagne-extra-brut-millesime-2014-075-l\/\" class=\"woocommerce-LoopProduct-link woocommerce-loop-product__link\">Etienne Oudart Champagne Extra-Brut Mill\u00e9sim\u00e9 2014 0,75 L<\/a><\/p><\/div><div class=\"price-wrapper\">\n\t<span class=\"price\"><span class=\"woocommerce-Price-amount amount\" role=\"none\"><bdi><span class=\"woocommerce-Price-currencySymbol\">&euro;<\/span>&nbsp;37,20<\/bdi><\/span> <small class=\"woocommerce-price-suffix\">inkl. MwSt.<\/small><\/span>\n<\/div><div class=\"add-to-cart-button\"><a href=\"\/en\/wp-json\/wp\/v2\/pages\/4628?add-to-cart=4700\" aria-describedby=\"woocommerce_loop_add_to_cart_link_describedby_4700\" data-quantity=\"1\" class=\"primary is-small mb-0 button product_type_simple add_to_cart_button ajax_add_to_cart is-outline\" data-product_id=\"4700\" data-product_sku=\"100300197\" aria-label=\"Add to cart: &ldquo;Etienne Oudart Champagne Extra-Brut Mill\u00e9sim\u00e9 2014 0,75 L&rdquo;\" rel=\"nofollow\" data-success_message=\"&ldquo;Etienne Oudart Champagne Extra-Brut Mill\u00e9sim\u00e9 2014 0,75 L&rdquo; has been added to your cart\" role=\"button\">Add to cart<\/a><\/div>\t<span id=\"woocommerce_loop_add_to_cart_link_describedby_4700\" class=\"screen-reader-text\">\n\t\t\t<\/span>\n\t\t\t\t\t\t\t<\/div>\n\t\t\t\t\t\t<\/div>\n\t\t\t\t\t\t<\/div>\n\t\t\t\t\t<\/div><div class=\"col\" data-animate=\"fadeInUp\">\n\t\t\t\t\t\t<div class=\"col-inner\">\n\t\t\t\t\t\t\n<div class=\"badge-container badge-custom absolute right top z-1\">\n\n<\/div>\n\t\t\t\t\t\t<div class=\"product-small box has-hover box-vertical box-text-bottom\">\n\t\t\t\t\t\t\t<div class=\"box-image\" >\n\t\t\t\t\t\t\t\t<div class=\"\" >\n\t\t\t\t\t\t\t\t\t<a href=\"https:\/\/schaumweinkontor.com\/en\/produkt\/etienne-oudart-champ-juliana-vn-2009-brut-075-l\/\" aria-label=\"Etienne Oudart Champagne Juliana VN 2013 Brut 0,75 L\">\n\t\t\t\t\t\t\t\t\t\t<img loading=\"lazy\" decoding=\"async\" width=\"300\" height=\"300\" src=\"https:\/\/schaumweinkontor.com\/wp-content\/uploads\/2022\/06\/Etienne-Oudart-Champ.-Juliana-VN-2009-Brut-075-L-300x300.png\" class=\"attachment-medium size-medium\" alt=\"Etienne Oudart Champagne Juliana VN 2013 Brut 0,75 L\" srcset=\"https:\/\/schaumweinkontor.com\/wp-content\/uploads\/2022\/06\/Etienne-Oudart-Champ.-Juliana-VN-2009-Brut-075-L-300x300.png 300w, https:\/\/schaumweinkontor.com\/wp-content\/uploads\/2022\/06\/Etienne-Oudart-Champ.-Juliana-VN-2009-Brut-075-L-100x100.png 100w, https:\/\/schaumweinkontor.com\/wp-content\/uploads\/2022\/06\/Etienne-Oudart-Champ.-Juliana-VN-2009-Brut-075-L-510x510.png 510w, https:\/\/schaumweinkontor.com\/wp-content\/uploads\/2022\/06\/Etienne-Oudart-Champ.-Juliana-VN-2009-Brut-075-L-150x150.png 150w, https:\/\/schaumweinkontor.com\/wp-content\/uploads\/2022\/06\/Etienne-Oudart-Champ.-Juliana-VN-2009-Brut-075-L-768x768.png 768w, https:\/\/schaumweinkontor.com\/wp-content\/uploads\/2022\/06\/Etienne-Oudart-Champ.-Juliana-VN-2009-Brut-075-L.png 1000w\" sizes=\"auto, (max-width: 300px) 100vw, 300px\" \/>\t\t\t\t\t\t\t\t\t<\/a>\n\t\t\t\t\t\t\t\t\t\t\t\t\t\t\t\t\t\t \t\t\t\t\t\t\t\t<\/div>\n\t\t\t\t\t\t\t\t<div class=\"image-tools top right show-on-hover\">\n\t\t\t\t\t\t\t\t\t\t\t\t\t\t\t\t\t<\/div>\n\t\t\t\t\t\t\t\t\t\t\t\t\t\t\t\t\t<div class=\"image-tools grid-tools text-center hide-for-small bottom hover-slide-in show-on-hover\">\n\t\t\t\t\t\t\t\t\t\t\t\t\t\t\t\t\t\t\t<\/div>\n\t\t\t\t\t\t\t\t\t\t\t\t\t\t\t\t\t\t\t\t\t\t\t<\/div>\n\n\t\t\t\t\t\t\t<div class=\"box-text text-center\" >\n\t\t\t\t\t\t\t\t<div class=\"title-wrapper\">\t\t<p class=\"category uppercase is-smaller no-text-overflow product-cat op-7\">\n\t\t\tEtienne Oudart\t\t<\/p>\n\t<p class=\"name product-title woocommerce-loop-product__title\"><a href=\"https:\/\/schaumweinkontor.com\/en\/produkt\/etienne-oudart-champ-juliana-vn-2009-brut-075-l\/\" class=\"woocommerce-LoopProduct-link woocommerce-loop-product__link\">Etienne Oudart Champagne Juliana VN 2013 Brut 0,75 L<\/a><\/p><\/div><div class=\"price-wrapper\">\n\t<span class=\"price\"><span class=\"woocommerce-Price-amount amount\" role=\"none\"><bdi><span class=\"woocommerce-Price-currencySymbol\">&euro;<\/span>&nbsp;59,90<\/bdi><\/span> <small class=\"woocommerce-price-suffix\">inkl. MwSt.<\/small><\/span>\n<\/div><div class=\"add-to-cart-button\"><a href=\"\/en\/wp-json\/wp\/v2\/pages\/4628?add-to-cart=4781\" aria-describedby=\"woocommerce_loop_add_to_cart_link_describedby_4781\" data-quantity=\"1\" class=\"primary is-small mb-0 button product_type_simple add_to_cart_button ajax_add_to_cart is-outline\" data-product_id=\"4781\" data-product_sku=\"100300198\" aria-label=\"Add to cart: &ldquo;Etienne Oudart Champagne Juliana VN 2013 Brut 0,75 L&rdquo;\" rel=\"nofollow\" data-success_message=\"&ldquo;Etienne Oudart Champagne Juliana VN 2013 Brut 0,75 L&rdquo; has been added to your cart\" role=\"button\">Add to cart<\/a><\/div>\t<span id=\"woocommerce_loop_add_to_cart_link_describedby_4781\" class=\"screen-reader-text\">\n\t\t\t<\/span>\n\t\t\t\t\t\t\t<\/div>\n\t\t\t\t\t\t<\/div>\n\t\t\t\t\t\t<\/div>\n\t\t\t\t\t<\/div><div class=\"col\" data-animate=\"fadeInUp\">\n\t\t\t\t\t\t<div class=\"col-inner\">\n\t\t\t\t\t\t\n<div class=\"badge-container badge-custom absolute right top z-1\">\n\n<\/div>\n\t\t\t\t\t\t<div class=\"product-small box has-hover box-vertical box-text-bottom\">\n\t\t\t\t\t\t\t<div class=\"box-image\" >\n\t\t\t\t\t\t\t\t<div class=\"\" >\n\t\t\t\t\t\t\t\t\t<a href=\"https:\/\/schaumweinkontor.com\/en\/produkt\/etienne-oudart-champagne-brut-reference-15-l-magnum\/\" aria-label=\"Etienne Oudart Champagne Brut R\u00e9f\u00e9rence 1,5 L Magnum\">\n\t\t\t\t\t\t\t\t\t\t<img loading=\"lazy\" decoding=\"async\" width=\"300\" height=\"300\" src=\"https:\/\/schaumweinkontor.com\/wp-content\/uploads\/2022\/09\/10-Etienne-Oudart-Brut-Reference-15l-300x300.png\" class=\"attachment-medium size-medium\" alt=\"Etienne Oudart Champagne Brut R\u00e9f\u00e9rence 1,5 L Magnum\" srcset=\"https:\/\/schaumweinkontor.com\/wp-content\/uploads\/2022\/09\/10-Etienne-Oudart-Brut-Reference-15l-300x300.png 300w, https:\/\/schaumweinkontor.com\/wp-content\/uploads\/2022\/09\/10-Etienne-Oudart-Brut-Reference-15l-100x100.png 100w, https:\/\/schaumweinkontor.com\/wp-content\/uploads\/2022\/09\/10-Etienne-Oudart-Brut-Reference-15l-510x510.png 510w, https:\/\/schaumweinkontor.com\/wp-content\/uploads\/2022\/09\/10-Etienne-Oudart-Brut-Reference-15l-150x150.png 150w, https:\/\/schaumweinkontor.com\/wp-content\/uploads\/2022\/09\/10-Etienne-Oudart-Brut-Reference-15l-768x768.png 768w, https:\/\/schaumweinkontor.com\/wp-content\/uploads\/2022\/09\/10-Etienne-Oudart-Brut-Reference-15l.png 1001w\" sizes=\"auto, (max-width: 300px) 100vw, 300px\" \/>\t\t\t\t\t\t\t\t\t<\/a>\n\t\t\t\t\t\t\t\t\t\t\t\t\t\t\t\t\t\t \t\t\t\t\t\t\t\t<\/div>\n\t\t\t\t\t\t\t\t<div class=\"image-tools top right show-on-hover\">\n\t\t\t\t\t\t\t\t\t\t\t\t\t\t\t\t\t<\/div>\n\t\t\t\t\t\t\t\t\t\t\t\t\t\t\t\t\t<div class=\"image-tools grid-tools text-center hide-for-small bottom hover-slide-in show-on-hover\">\n\t\t\t\t\t\t\t\t\t\t\t\t\t\t\t\t\t\t\t<\/div>\n\t\t\t\t\t\t\t\t\t\t\t\t\t\t\t\t\t\t\t\t\t\t\t<\/div>\n\n\t\t\t\t\t\t\t<div class=\"box-text text-center\" >\n\t\t\t\t\t\t\t\t<div class=\"title-wrapper\">\t\t<p class=\"category uppercase is-smaller no-text-overflow product-cat op-7\">\n\t\t\tEtienne Oudart\t\t<\/p>\n\t<p class=\"name product-title woocommerce-loop-product__title\"><a href=\"https:\/\/schaumweinkontor.com\/en\/produkt\/etienne-oudart-champagne-brut-reference-15-l-magnum\/\" class=\"woocommerce-LoopProduct-link woocommerce-loop-product__link\">Etienne Oudart Champagne Brut R\u00e9f\u00e9rence 1,5 L Magnum<\/a><\/p><\/div><div class=\"price-wrapper\">\n\t<span class=\"price\"><span class=\"woocommerce-Price-amount amount\" role=\"none\"><bdi><span class=\"woocommerce-Price-currencySymbol\">&euro;<\/span>&nbsp;64,50<\/bdi><\/span> <small class=\"woocommerce-price-suffix\">inkl. MwSt.<\/small><\/span>\n<\/div><div class=\"add-to-cart-button\"><a href=\"\/en\/wp-json\/wp\/v2\/pages\/4628?add-to-cart=4732\" aria-describedby=\"woocommerce_loop_add_to_cart_link_describedby_4732\" data-quantity=\"1\" class=\"primary is-small mb-0 button product_type_simple add_to_cart_button ajax_add_to_cart is-outline\" data-product_id=\"4732\" data-product_sku=\"100300193\" aria-label=\"Add to cart: &ldquo;Etienne Oudart Champagne Brut R\u00e9f\u00e9rence 1,5 L Magnum&rdquo;\" rel=\"nofollow\" data-success_message=\"&ldquo;Etienne Oudart Champagne Brut R\u00e9f\u00e9rence 1,5 L Magnum&rdquo; has been added to your cart\" role=\"button\">Add to cart<\/a><\/div>\t<span id=\"woocommerce_loop_add_to_cart_link_describedby_4732\" class=\"screen-reader-text\">\n\t\t\t<\/span>\n\t\t\t\t\t\t\t<\/div>\n\t\t\t\t\t\t<\/div>\n\t\t\t\t\t\t<\/div>\n\t\t\t\t\t<\/div><div class=\"col\" data-animate=\"fadeInUp\">\n\t\t\t\t\t\t<div class=\"col-inner\">\n\t\t\t\t\t\t\n<div class=\"badge-container badge-custom absolute right top z-1\">\n\n<\/div>\n\t\t\t\t\t\t<div class=\"product-small box has-hover box-vertical box-text-bottom\">\n\t\t\t\t\t\t\t<div class=\"box-image\" >\n\t\t\t\t\t\t\t\t<div class=\"\" >\n\t\t\t\t\t\t\t\t\t<a href=\"https:\/\/schaumweinkontor.com\/en\/produkt\/etienne-oudart-champagne-brut-reference-3-l-jeroboam\/\" aria-label=\"Etienne Oudart Champagne Brut R\u00e9f\u00e9rence 3 L Jeroboam\">\n\t\t\t\t\t\t\t\t\t\t<img loading=\"lazy\" decoding=\"async\" width=\"300\" height=\"300\" src=\"https:\/\/schaumweinkontor.com\/wp-content\/uploads\/2022\/09\/10-Etienne-Oudart-Brut-Reference-15l-300x300.png\" class=\"attachment-medium size-medium\" alt=\"Etienne Oudart Champagne Brut R\u00e9f\u00e9rence 3 L Jeroboam\" srcset=\"https:\/\/schaumweinkontor.com\/wp-content\/uploads\/2022\/09\/10-Etienne-Oudart-Brut-Reference-15l-300x300.png 300w, https:\/\/schaumweinkontor.com\/wp-content\/uploads\/2022\/09\/10-Etienne-Oudart-Brut-Reference-15l-100x100.png 100w, https:\/\/schaumweinkontor.com\/wp-content\/uploads\/2022\/09\/10-Etienne-Oudart-Brut-Reference-15l-510x510.png 510w, https:\/\/schaumweinkontor.com\/wp-content\/uploads\/2022\/09\/10-Etienne-Oudart-Brut-Reference-15l-150x150.png 150w, https:\/\/schaumweinkontor.com\/wp-content\/uploads\/2022\/09\/10-Etienne-Oudart-Brut-Reference-15l-768x768.png 768w, https:\/\/schaumweinkontor.com\/wp-content\/uploads\/2022\/09\/10-Etienne-Oudart-Brut-Reference-15l.png 1001w\" sizes=\"auto, (max-width: 300px) 100vw, 300px\" \/>\t\t\t\t\t\t\t\t\t<\/a>\n\t\t\t\t\t\t\t\t\t\t\t\t\t\t\t\t\t\t \t\t\t\t\t\t\t\t<\/div>\n\t\t\t\t\t\t\t\t<div class=\"image-tools top right show-on-hover\">\n\t\t\t\t\t\t\t\t\t\t\t\t\t\t\t\t\t<\/div>\n\t\t\t\t\t\t\t\t\t\t\t\t\t\t\t\t\t<div class=\"image-tools grid-tools text-center hide-for-small bottom hover-slide-in show-on-hover\">\n\t\t\t\t\t\t\t\t\t\t\t\t\t\t\t\t\t\t\t<\/div>\n\t\t\t\t\t\t\t\t\t\t\t\t\t\t\t\t\t\t\t\t\t\t\t<\/div>\n\n\t\t\t\t\t\t\t<div class=\"box-text text-center\" >\n\t\t\t\t\t\t\t\t<div class=\"title-wrapper\">\t\t<p class=\"category uppercase is-smaller no-text-overflow product-cat op-7\">\n\t\t\tEtienne Oudart\t\t<\/p>\n\t<p class=\"name product-title woocommerce-loop-product__title\"><a href=\"https:\/\/schaumweinkontor.com\/en\/produkt\/etienne-oudart-champagne-brut-reference-3-l-jeroboam\/\" class=\"woocommerce-LoopProduct-link woocommerce-loop-product__link\">Etienne Oudart Champagne Brut R\u00e9f\u00e9rence 3 L Jeroboam<\/a><\/p><\/div><div class=\"price-wrapper\">\n\t<span class=\"price\"><span class=\"woocommerce-Price-amount amount\" role=\"none\"><bdi><span class=\"woocommerce-Price-currencySymbol\">&euro;<\/span>&nbsp;205,00<\/bdi><\/span> <small class=\"woocommerce-price-suffix\">inkl. MwSt.<\/small><\/span>\n<\/div><div class=\"add-to-cart-button\"><a href=\"\/en\/wp-json\/wp\/v2\/pages\/4628?add-to-cart=4720\" aria-describedby=\"woocommerce_loop_add_to_cart_link_describedby_4720\" data-quantity=\"1\" class=\"primary is-small mb-0 button product_type_simple add_to_cart_button ajax_add_to_cart is-outline\" data-product_id=\"4720\" data-product_sku=\"100300194\" aria-label=\"Add to cart: &ldquo;Etienne Oudart Champagne Brut R\u00e9f\u00e9rence 3 L Jeroboam&rdquo;\" rel=\"nofollow\" data-success_message=\"&ldquo;Etienne Oudart Champagne Brut R\u00e9f\u00e9rence 3 L Jeroboam&rdquo; has been added to your cart\" role=\"button\">Add to cart<\/a><\/div>\t<span id=\"woocommerce_loop_add_to_cart_link_describedby_4720\" class=\"screen-reader-text\">\n\t\t\t<\/span>\n\t\t\t\t\t\t\t<\/div>\n\t\t\t\t\t\t<\/div>\n\t\t\t\t\t\t<\/div>\n\t\t\t\t\t<\/div><div class=\"col\" data-animate=\"fadeInUp\">\n\t\t\t\t\t\t<div class=\"col-inner\">\n\t\t\t\t\t\t\n<div class=\"badge-container badge-custom absolute right top z-1\">\n\n<\/div>\n\t\t\t\t\t\t<div class=\"product-small box has-hover box-vertical box-text-bottom\">\n\t\t\t\t\t\t\t<div class=\"box-image\" >\n\t\t\t\t\t\t\t\t<div class=\"\" >\n\t\t\t\t\t\t\t\t\t<a href=\"https:\/\/schaumweinkontor.com\/en\/produkt\/etienne-oudart-champagne-brut-reference-6-l-magnum\/\" aria-label=\"Etienne Oudart Champagne Brut R\u00e9f\u00e9rence 6 L Magnum\">\n\t\t\t\t\t\t\t\t\t\t<img loading=\"lazy\" decoding=\"async\" width=\"300\" height=\"300\" src=\"https:\/\/schaumweinkontor.com\/wp-content\/uploads\/2022\/09\/10-Etienne-Oudart-Brut-Reference-15l-300x300.png\" class=\"attachment-medium size-medium\" alt=\"Etienne Oudart Champagne Brut R\u00e9f\u00e9rence 6 L Magnum\" srcset=\"https:\/\/schaumweinkontor.com\/wp-content\/uploads\/2022\/09\/10-Etienne-Oudart-Brut-Reference-15l-300x300.png 300w, https:\/\/schaumweinkontor.com\/wp-content\/uploads\/2022\/09\/10-Etienne-Oudart-Brut-Reference-15l-100x100.png 100w, https:\/\/schaumweinkontor.com\/wp-content\/uploads\/2022\/09\/10-Etienne-Oudart-Brut-Reference-15l-510x510.png 510w, https:\/\/schaumweinkontor.com\/wp-content\/uploads\/2022\/09\/10-Etienne-Oudart-Brut-Reference-15l-150x150.png 150w, https:\/\/schaumweinkontor.com\/wp-content\/uploads\/2022\/09\/10-Etienne-Oudart-Brut-Reference-15l-768x768.png 768w, https:\/\/schaumweinkontor.com\/wp-content\/uploads\/2022\/09\/10-Etienne-Oudart-Brut-Reference-15l.png 1001w\" sizes=\"auto, (max-width: 300px) 100vw, 300px\" \/>\t\t\t\t\t\t\t\t\t<\/a>\n\t\t\t\t\t\t\t\t\t\t\t\t\t\t\t\t\t\t \t\t\t\t\t\t\t\t<\/div>\n\t\t\t\t\t\t\t\t<div class=\"image-tools top right show-on-hover\">\n\t\t\t\t\t\t\t\t\t\t\t\t\t\t\t\t\t<\/div>\n\t\t\t\t\t\t\t\t\t\t\t\t\t\t\t\t\t<div class=\"image-tools grid-tools text-center hide-for-small bottom hover-slide-in show-on-hover\">\n\t\t\t\t\t\t\t\t\t\t\t\t\t\t\t\t\t\t\t<\/div>\n\t\t\t\t\t\t\t\t\t\t\t\t\t\t\t\t\t\t\t\t\t\t\t<\/div>\n\n\t\t\t\t\t\t\t<div class=\"box-text text-center\" >\n\t\t\t\t\t\t\t\t<div class=\"title-wrapper\">\t\t<p class=\"category uppercase is-smaller no-text-overflow product-cat op-7\">\n\t\t\tEtienne Oudart\t\t<\/p>\n\t<p class=\"name product-title woocommerce-loop-product__title\"><a href=\"https:\/\/schaumweinkontor.com\/en\/produkt\/etienne-oudart-champagne-brut-reference-6-l-magnum\/\" class=\"woocommerce-LoopProduct-link woocommerce-loop-product__link\">Etienne Oudart Champagne Brut R\u00e9f\u00e9rence 6 L Magnum<\/a><\/p><\/div><div class=\"price-wrapper\">\n\t<span class=\"price\"><span class=\"woocommerce-Price-amount amount\" role=\"none\"><bdi><span class=\"woocommerce-Price-currencySymbol\">&euro;<\/span>&nbsp;450,00<\/bdi><\/span> <small class=\"woocommerce-price-suffix\">inkl. MwSt.<\/small><\/span>\n<\/div><div class=\"add-to-cart-button\"><a href=\"\/en\/wp-json\/wp\/v2\/pages\/4628?add-to-cart=4668\" aria-describedby=\"woocommerce_loop_add_to_cart_link_describedby_4668\" data-quantity=\"1\" class=\"primary is-small mb-0 button product_type_simple add_to_cart_button ajax_add_to_cart is-outline\" data-product_id=\"4668\" data-product_sku=\"100300199\" aria-label=\"Add to cart: &ldquo;Etienne Oudart Champagne Brut R\u00e9f\u00e9rence 6 L Magnum&rdquo;\" rel=\"nofollow\" data-success_message=\"&ldquo;Etienne Oudart Champagne Brut R\u00e9f\u00e9rence 6 L Magnum&rdquo; has been added to your cart\" role=\"button\">Add to cart<\/a><\/div>\t<span id=\"woocommerce_loop_add_to_cart_link_describedby_4668\" class=\"screen-reader-text\">\n\t\t\t<\/span>\n\t\t\t\t\t\t\t<\/div>\n\t\t\t\t\t\t<\/div>\n\t\t\t\t\t\t<\/div>\n\t\t\t\t\t<\/div><div class=\"col\" data-animate=\"fadeInUp\">\n\t\t\t\t\t\t<div class=\"col-inner\">\n\t\t\t\t\t\t\n<div class=\"badge-container badge-custom absolute right top z-1\">\n\n<\/div>\n\t\t\t\t\t\t<div class=\"product-small box has-hover box-vertical box-text-bottom\">\n\t\t\t\t\t\t\t<div class=\"box-image\" >\n\t\t\t\t\t\t\t\t<div class=\"\" >\n\t\t\t\t\t\t\t\t\t<a href=\"https:\/\/schaumweinkontor.com\/en\/produkt\/etienne-oudart-champagne-brut-reference-9-l-jeroboam\/\" aria-label=\"Etienne Oudart Champagne Brut R\u00e9f\u00e9rence 9 L Salmanasar\">\n\t\t\t\t\t\t\t\t\t\t<img loading=\"lazy\" decoding=\"async\" width=\"300\" height=\"300\" src=\"https:\/\/schaumweinkontor.com\/wp-content\/uploads\/2022\/09\/10-Etienne-Oudart-Brut-Reference-15l-300x300.png\" class=\"attachment-medium size-medium\" alt=\"Etienne Oudart Champagne Brut R\u00e9f\u00e9rence 9 L Salmanasar\" srcset=\"https:\/\/schaumweinkontor.com\/wp-content\/uploads\/2022\/09\/10-Etienne-Oudart-Brut-Reference-15l-300x300.png 300w, https:\/\/schaumweinkontor.com\/wp-content\/uploads\/2022\/09\/10-Etienne-Oudart-Brut-Reference-15l-100x100.png 100w, https:\/\/schaumweinkontor.com\/wp-content\/uploads\/2022\/09\/10-Etienne-Oudart-Brut-Reference-15l-510x510.png 510w, https:\/\/schaumweinkontor.com\/wp-content\/uploads\/2022\/09\/10-Etienne-Oudart-Brut-Reference-15l-150x150.png 150w, https:\/\/schaumweinkontor.com\/wp-content\/uploads\/2022\/09\/10-Etienne-Oudart-Brut-Reference-15l-768x768.png 768w, https:\/\/schaumweinkontor.com\/wp-content\/uploads\/2022\/09\/10-Etienne-Oudart-Brut-Reference-15l.png 1001w\" sizes=\"auto, (max-width: 300px) 100vw, 300px\" \/>\t\t\t\t\t\t\t\t\t<\/a>\n\t\t\t\t\t\t\t\t\t\t\t\t\t\t\t\t\t\t \t\t\t\t\t\t\t\t<\/div>\n\t\t\t\t\t\t\t\t<div class=\"image-tools top right show-on-hover\">\n\t\t\t\t\t\t\t\t\t\t\t\t\t\t\t\t\t<\/div>\n\t\t\t\t\t\t\t\t\t\t\t\t\t\t\t\t\t<div class=\"image-tools grid-tools text-center hide-for-small bottom hover-slide-in show-on-hover\">\n\t\t\t\t\t\t\t\t\t\t\t\t\t\t\t\t\t\t\t<\/div>\n\t\t\t\t\t\t\t\t\t\t\t\t\t\t\t\t\t\t\t\t\t\t\t<\/div>\n\n\t\t\t\t\t\t\t<div class=\"box-text text-center\" >\n\t\t\t\t\t\t\t\t<div class=\"title-wrapper\">\t\t<p class=\"category uppercase is-smaller no-text-overflow product-cat op-7\">\n\t\t\tEtienne Oudart\t\t<\/p>\n\t<p class=\"name product-title woocommerce-loop-product__title\"><a href=\"https:\/\/schaumweinkontor.com\/en\/produkt\/etienne-oudart-champagne-brut-reference-9-l-jeroboam\/\" class=\"woocommerce-LoopProduct-link woocommerce-loop-product__link\">Etienne Oudart Champagne Brut R\u00e9f\u00e9rence 9 L Salmanasar<\/a><\/p><\/div><div class=\"price-wrapper\">\n\t<span class=\"price\"><span class=\"woocommerce-Price-amount amount\" role=\"none\"><bdi><span class=\"woocommerce-Price-currencySymbol\">&euro;<\/span>&nbsp;760,00<\/bdi><\/span> <small class=\"woocommerce-price-suffix\">inkl. MwSt.<\/small><\/span>\n<\/div><div class=\"add-to-cart-button\"><a href=\"\/en\/wp-json\/wp\/v2\/pages\/4628?add-to-cart=4667\" aria-describedby=\"woocommerce_loop_add_to_cart_link_describedby_4667\" data-quantity=\"1\" class=\"primary is-small mb-0 button product_type_simple add_to_cart_button ajax_add_to_cart is-outline\" data-product_id=\"4667\" data-product_sku=\"100300200\" aria-label=\"Add to cart: &ldquo;Etienne Oudart Champagne Brut R\u00e9f\u00e9rence 9 L Salmanasar&rdquo;\" rel=\"nofollow\" data-success_message=\"&ldquo;Etienne Oudart Champagne Brut R\u00e9f\u00e9rence 9 L Salmanasar&rdquo; has been added to your cart\" role=\"button\">Add to cart<\/a><\/div>\t<span id=\"woocommerce_loop_add_to_cart_link_describedby_4667\" class=\"screen-reader-text\">\n\t\t\t<\/span>\n\t\t\t\t\t\t\t<\/div>\n\t\t\t\t\t\t<\/div>\n\t\t\t\t\t\t<\/div>\n\t\t\t\t\t<\/div><\/div>\n\n\n  \n    <div class=\"row  equalize-box show-for-medium hide-for-small large-columns-3 medium-columns-2 small-columns-1 row-large has-shadow row-box-shadow-2 row-box-shadow-4-hover\" >\n  \t\n\t     <div class=\"col\" data-animate=\"fadeInUp\">\n\t\t\t\t\t\t<div class=\"col-inner\">\n\t\t\t\t\t\t\n<div class=\"badge-container badge-custom absolute right top z-1\">\n\n<\/div>\n\t\t\t\t\t\t<div class=\"product-small box has-hover box-normal box-text-bottom\">\n\t\t\t\t\t\t\t<div class=\"box-image\" >\n\t\t\t\t\t\t\t\t<div class=\"\" >\n\t\t\t\t\t\t\t\t\t<a href=\"https:\/\/schaumweinkontor.com\/en\/produkt\/etienne-oudart-champagne-brut-reference-0375-l\/\" aria-label=\"Etienne Oudart Champagne Brut R\u00e9f\u00e9rence 0,375 L\">\n\t\t\t\t\t\t\t\t\t\t<img loading=\"lazy\" decoding=\"async\" width=\"300\" height=\"300\" src=\"https:\/\/schaumweinkontor.com\/wp-content\/uploads\/2022\/09\/10-Etienne-Oudart-Brut-Reference-15l-300x300.png\" class=\"attachment-medium size-medium\" alt=\"Etienne Oudart Champagne Brut R\u00e9f\u00e9rence 0,375 L\" srcset=\"https:\/\/schaumweinkontor.com\/wp-content\/uploads\/2022\/09\/10-Etienne-Oudart-Brut-Reference-15l-300x300.png 300w, https:\/\/schaumweinkontor.com\/wp-content\/uploads\/2022\/09\/10-Etienne-Oudart-Brut-Reference-15l-100x100.png 100w, https:\/\/schaumweinkontor.com\/wp-content\/uploads\/2022\/09\/10-Etienne-Oudart-Brut-Reference-15l-510x510.png 510w, https:\/\/schaumweinkontor.com\/wp-content\/uploads\/2022\/09\/10-Etienne-Oudart-Brut-Reference-15l-150x150.png 150w, https:\/\/schaumweinkontor.com\/wp-content\/uploads\/2022\/09\/10-Etienne-Oudart-Brut-Reference-15l-768x768.png 768w, https:\/\/schaumweinkontor.com\/wp-content\/uploads\/2022\/09\/10-Etienne-Oudart-Brut-Reference-15l.png 1001w\" sizes=\"auto, (max-width: 300px) 100vw, 300px\" \/>\t\t\t\t\t\t\t\t\t<\/a>\n\t\t\t\t\t\t\t\t\t\t\t\t\t\t\t\t\t\t \t\t\t\t\t\t\t\t<\/div>\n\t\t\t\t\t\t\t\t<div class=\"image-tools top right show-on-hover\">\n\t\t\t\t\t\t\t\t\t\t\t\t\t\t\t\t\t<\/div>\n\t\t\t\t\t\t\t\t\t\t\t\t\t\t\t\t\t<div class=\"image-tools grid-tools text-center hide-for-small bottom hover-slide-in show-on-hover\">\n\t\t\t\t\t\t\t\t\t\t\t\t\t\t\t\t\t\t\t<\/div>\n\t\t\t\t\t\t\t\t\t\t\t\t\t\t\t\t\t\t\t\t\t\t\t<\/div>\n\n\t\t\t\t\t\t\t<div class=\"box-text text-center\" >\n\t\t\t\t\t\t\t\t<div class=\"title-wrapper\">\t\t<p class=\"category uppercase is-smaller no-text-overflow product-cat op-7\">\n\t\t\tEtienne Oudart\t\t<\/p>\n\t<p class=\"name product-title woocommerce-loop-product__title\"><a href=\"https:\/\/schaumweinkontor.com\/en\/produkt\/etienne-oudart-champagne-brut-reference-0375-l\/\" class=\"woocommerce-LoopProduct-link woocommerce-loop-product__link\">Etienne Oudart Champagne Brut R\u00e9f\u00e9rence 0,375 L<\/a><\/p><\/div><div class=\"price-wrapper\">\n\t<span class=\"price\"><span class=\"woocommerce-Price-amount amount\" role=\"none\"><bdi><span class=\"woocommerce-Price-currencySymbol\">&euro;<\/span>&nbsp;21,80<\/bdi><\/span> <small class=\"woocommerce-price-suffix\">inkl. MwSt.<\/small><\/span>\n<\/div><div class=\"add-to-cart-button\"><a href=\"\/en\/wp-json\/wp\/v2\/pages\/4628?add-to-cart=4721\" aria-describedby=\"woocommerce_loop_add_to_cart_link_describedby_4721\" data-quantity=\"1\" class=\"primary is-small mb-0 button product_type_simple add_to_cart_button ajax_add_to_cart is-outline\" data-product_id=\"4721\" data-product_sku=\"100300195\" aria-label=\"Add to cart: &ldquo;Etienne Oudart Champagne Brut R\u00e9f\u00e9rence 0,375 L&rdquo;\" rel=\"nofollow\" data-success_message=\"&ldquo;Etienne Oudart Champagne Brut R\u00e9f\u00e9rence 0,375 L&rdquo; has been added to your cart\" role=\"button\">Add to cart<\/a><\/div>\t<span id=\"woocommerce_loop_add_to_cart_link_describedby_4721\" class=\"screen-reader-text\">\n\t\t\t<\/span>\n\t\t\t\t\t\t\t<\/div>\n\t\t\t\t\t\t<\/div>\n\t\t\t\t\t\t<\/div>\n\t\t\t\t\t<\/div><div class=\"col\" data-animate=\"fadeInUp\">\n\t\t\t\t\t\t<div class=\"col-inner\">\n\t\t\t\t\t\t\n<div class=\"badge-container badge-custom absolute right top z-1\">\n\n<\/div>\n\t\t\t\t\t\t<div class=\"product-small box has-hover box-normal box-text-bottom\">\n\t\t\t\t\t\t\t<div class=\"box-image\" >\n\t\t\t\t\t\t\t\t<div class=\"\" >\n\t\t\t\t\t\t\t\t\t<a href=\"https:\/\/schaumweinkontor.com\/en\/produkt\/etienne-oudart-champagne-brut-origine-075-l\/\" aria-label=\"Etienne Oudart Champagne Brut Origine 0,75 L\">\n\t\t\t\t\t\t\t\t\t\t<img loading=\"lazy\" decoding=\"async\" width=\"300\" height=\"300\" src=\"https:\/\/schaumweinkontor.com\/wp-content\/uploads\/2023\/04\/Eteinne-Chamapgne-Brut-Origine_1000x1000-px-300x300.png\" class=\"attachment-medium size-medium\" alt=\"Etienne Oudart Champagne Brut Origine 0,75 L\" srcset=\"https:\/\/schaumweinkontor.com\/wp-content\/uploads\/2023\/04\/Eteinne-Chamapgne-Brut-Origine_1000x1000-px-300x300.png 300w, https:\/\/schaumweinkontor.com\/wp-content\/uploads\/2023\/04\/Eteinne-Chamapgne-Brut-Origine_1000x1000-px-100x100.png 100w, https:\/\/schaumweinkontor.com\/wp-content\/uploads\/2023\/04\/Eteinne-Chamapgne-Brut-Origine_1000x1000-px-510x510.png 510w, https:\/\/schaumweinkontor.com\/wp-content\/uploads\/2023\/04\/Eteinne-Chamapgne-Brut-Origine_1000x1000-px-150x150.png 150w, https:\/\/schaumweinkontor.com\/wp-content\/uploads\/2023\/04\/Eteinne-Chamapgne-Brut-Origine_1000x1000-px-768x768.png 768w, https:\/\/schaumweinkontor.com\/wp-content\/uploads\/2023\/04\/Eteinne-Chamapgne-Brut-Origine_1000x1000-px.png 1000w\" sizes=\"auto, (max-width: 300px) 100vw, 300px\" \/>\t\t\t\t\t\t\t\t\t<\/a>\n\t\t\t\t\t\t\t\t\t\t\t\t\t\t\t\t\t\t \t\t\t\t\t\t\t\t<\/div>\n\t\t\t\t\t\t\t\t<div class=\"image-tools top right show-on-hover\">\n\t\t\t\t\t\t\t\t\t\t\t\t\t\t\t\t\t<\/div>\n\t\t\t\t\t\t\t\t\t\t\t\t\t\t\t\t\t<div class=\"image-tools grid-tools text-center hide-for-small bottom hover-slide-in show-on-hover\">\n\t\t\t\t\t\t\t\t\t\t\t\t\t\t\t\t\t\t\t<\/div>\n\t\t\t\t\t\t\t\t\t\t\t\t\t\t\t\t\t\t\t\t\t\t\t<\/div>\n\n\t\t\t\t\t\t\t<div class=\"box-text text-center\" >\n\t\t\t\t\t\t\t\t<div class=\"title-wrapper\">\t\t<p class=\"category uppercase is-smaller no-text-overflow product-cat op-7\">\n\t\t\tEtienne Oudart\t\t<\/p>\n\t<p class=\"name product-title woocommerce-loop-product__title\"><a href=\"https:\/\/schaumweinkontor.com\/en\/produkt\/etienne-oudart-champagne-brut-origine-075-l\/\" class=\"woocommerce-LoopProduct-link woocommerce-loop-product__link\">Etienne Oudart Champagne Brut Origine 0,75 L<\/a><\/p><\/div><div class=\"price-wrapper\">\n\t<span class=\"price\"><span class=\"woocommerce-Price-amount amount\" role=\"none\"><bdi><span class=\"woocommerce-Price-currencySymbol\">&euro;<\/span>&nbsp;28,50<\/bdi><\/span> <small class=\"woocommerce-price-suffix\">inkl. MwSt.<\/small><\/span>\n<\/div><div class=\"add-to-cart-button\"><a href=\"\/en\/wp-json\/wp\/v2\/pages\/4628?add-to-cart=5212\" aria-describedby=\"woocommerce_loop_add_to_cart_link_describedby_5212\" data-quantity=\"1\" class=\"primary is-small mb-0 button product_type_simple add_to_cart_button ajax_add_to_cart is-outline\" data-product_id=\"5212\" data-product_sku=\"\" aria-label=\"Add to cart: &ldquo;Etienne Oudart Champagne Brut Origine 0,75 L&rdquo;\" rel=\"nofollow\" data-success_message=\"&ldquo;Etienne Oudart Champagne Brut Origine 0,75 L&rdquo; has been added to your cart\" role=\"button\">Add to cart<\/a><\/div>\t<span id=\"woocommerce_loop_add_to_cart_link_describedby_5212\" class=\"screen-reader-text\">\n\t\t\t<\/span>\n\t\t\t\t\t\t\t<\/div>\n\t\t\t\t\t\t<\/div>\n\t\t\t\t\t\t<\/div>\n\t\t\t\t\t<\/div><div class=\"col\" data-animate=\"fadeInUp\">\n\t\t\t\t\t\t<div class=\"col-inner\">\n\t\t\t\t\t\t\n<div class=\"badge-container badge-custom absolute right top z-1\">\n\n<\/div>\n\t\t\t\t\t\t<div class=\"product-small box has-hover box-normal box-text-bottom\">\n\t\t\t\t\t\t\t<div class=\"box-image\" >\n\t\t\t\t\t\t\t\t<div class=\"\" >\n\t\t\t\t\t\t\t\t\t<a href=\"https:\/\/schaumweinkontor.com\/en\/produkt\/etienne-oudart-champagne-brut-origine-075l\/\" aria-label=\"Etienne Oudart Champagne Brut Origine 0,75l\">\n\t\t\t\t\t\t\t\t\t\t<img loading=\"lazy\" decoding=\"async\" width=\"300\" height=\"300\" src=\"https:\/\/schaumweinkontor.com\/wp-content\/uploads\/2023\/04\/Eteinne-Chamapgne-Brut-Origine_1000x1000-px-300x300.png\" class=\"attachment-medium size-medium\" alt=\"Etienne Oudart Champagne Brut Origine 0,75l\" srcset=\"https:\/\/schaumweinkontor.com\/wp-content\/uploads\/2023\/04\/Eteinne-Chamapgne-Brut-Origine_1000x1000-px-300x300.png 300w, https:\/\/schaumweinkontor.com\/wp-content\/uploads\/2023\/04\/Eteinne-Chamapgne-Brut-Origine_1000x1000-px-100x100.png 100w, https:\/\/schaumweinkontor.com\/wp-content\/uploads\/2023\/04\/Eteinne-Chamapgne-Brut-Origine_1000x1000-px-510x510.png 510w, https:\/\/schaumweinkontor.com\/wp-content\/uploads\/2023\/04\/Eteinne-Chamapgne-Brut-Origine_1000x1000-px-150x150.png 150w, https:\/\/schaumweinkontor.com\/wp-content\/uploads\/2023\/04\/Eteinne-Chamapgne-Brut-Origine_1000x1000-px-768x768.png 768w, https:\/\/schaumweinkontor.com\/wp-content\/uploads\/2023\/04\/Eteinne-Chamapgne-Brut-Origine_1000x1000-px.png 1000w\" sizes=\"auto, (max-width: 300px) 100vw, 300px\" \/>\t\t\t\t\t\t\t\t\t<\/a>\n\t\t\t\t\t\t\t\t\t\t\t\t\t\t\t\t\t\t \t\t\t\t\t\t\t\t<\/div>\n\t\t\t\t\t\t\t\t<div class=\"image-tools top right show-on-hover\">\n\t\t\t\t\t\t\t\t\t\t\t\t\t\t\t\t\t<\/div>\n\t\t\t\t\t\t\t\t\t\t\t\t\t\t\t\t\t<div class=\"image-tools grid-tools text-center hide-for-small bottom hover-slide-in show-on-hover\">\n\t\t\t\t\t\t\t\t\t\t\t\t\t\t\t\t\t\t\t<\/div>\n\t\t\t\t\t\t\t\t\t\t\t\t\t\t\t\t\t\t\t\t\t\t\t<\/div>\n\n\t\t\t\t\t\t\t<div class=\"box-text text-center\" >\n\t\t\t\t\t\t\t\t<div class=\"title-wrapper\">\t\t<p class=\"category uppercase is-smaller no-text-overflow product-cat op-7\">\n\t\t\tEtienne Oudart\t\t<\/p>\n\t<p class=\"name product-title woocommerce-loop-product__title\"><a href=\"https:\/\/schaumweinkontor.com\/en\/produkt\/etienne-oudart-champagne-brut-origine-075l\/\" class=\"woocommerce-LoopProduct-link woocommerce-loop-product__link\">Etienne Oudart Champagne Brut Origine 0,75l<\/a><\/p><\/div><div class=\"price-wrapper\">\n\t<span class=\"price\"><span class=\"woocommerce-Price-amount amount\" role=\"none\"><bdi><span class=\"woocommerce-Price-currencySymbol\">&euro;<\/span>&nbsp;28,50<\/bdi><\/span> <small class=\"woocommerce-price-suffix\">inkl. MwSt.<\/small><\/span>\n<\/div><div class=\"add-to-cart-button\"><a href=\"\/en\/wp-json\/wp\/v2\/pages\/4628?add-to-cart=6130\" aria-describedby=\"woocommerce_loop_add_to_cart_link_describedby_6130\" data-quantity=\"1\" class=\"primary is-small mb-0 button product_type_simple add_to_cart_button ajax_add_to_cart is-outline\" data-product_id=\"6130\" data-product_sku=\"100300188\" aria-label=\"Add to cart: &ldquo;Etienne Oudart Champagne Brut Origine 0,75l&rdquo;\" rel=\"nofollow\" data-success_message=\"&ldquo;Etienne Oudart Champagne Brut Origine 0,75l&rdquo; has been added to your cart\" role=\"button\">Add to cart<\/a><\/div>\t<span id=\"woocommerce_loop_add_to_cart_link_describedby_6130\" class=\"screen-reader-text\">\n\t\t\t<\/span>\n\t\t\t\t\t\t\t<\/div>\n\t\t\t\t\t\t<\/div>\n\t\t\t\t\t\t<\/div>\n\t\t\t\t\t<\/div><div class=\"col\" data-animate=\"fadeInUp\">\n\t\t\t\t\t\t<div class=\"col-inner\">\n\t\t\t\t\t\t\n<div class=\"badge-container badge-custom absolute right top z-1\">\n<div class=\"callout badge badge-circle\"><div class=\"badge-inner secondary on-sale\"><span class=\"onsale\">Sale!<\/span><\/div><\/div>\n<\/div>\n\t\t\t\t\t\t<div class=\"product-small box has-hover box-normal box-text-bottom\">\n\t\t\t\t\t\t\t<div class=\"box-image\" >\n\t\t\t\t\t\t\t\t<div class=\"\" >\n\t\t\t\t\t\t\t\t\t<a href=\"https:\/\/schaumweinkontor.com\/en\/produkt\/etienne-oudart-champ-chardonnay-brut-vn-2016-075-l\/\" aria-label=\"Etienne Oudart Champagne Chardonnay Brut VN 2016 0,75 L\">\n\t\t\t\t\t\t\t\t\t\t<img loading=\"lazy\" decoding=\"async\" width=\"300\" height=\"300\" src=\"https:\/\/schaumweinkontor.com\/wp-content\/uploads\/2022\/06\/Etienne-Oudart-Champ.-Chardonnay-Brut-VN-2016-075-L-300x300.png\" class=\"attachment-medium size-medium\" alt=\"Etienne Oudart Champagne Chardonnay Brut VN 2016 0,75l\" srcset=\"https:\/\/schaumweinkontor.com\/wp-content\/uploads\/2022\/06\/Etienne-Oudart-Champ.-Chardonnay-Brut-VN-2016-075-L-300x300.png 300w, https:\/\/schaumweinkontor.com\/wp-content\/uploads\/2022\/06\/Etienne-Oudart-Champ.-Chardonnay-Brut-VN-2016-075-L-100x100.png 100w, https:\/\/schaumweinkontor.com\/wp-content\/uploads\/2022\/06\/Etienne-Oudart-Champ.-Chardonnay-Brut-VN-2016-075-L-510x510.png 510w, https:\/\/schaumweinkontor.com\/wp-content\/uploads\/2022\/06\/Etienne-Oudart-Champ.-Chardonnay-Brut-VN-2016-075-L-150x150.png 150w, https:\/\/schaumweinkontor.com\/wp-content\/uploads\/2022\/06\/Etienne-Oudart-Champ.-Chardonnay-Brut-VN-2016-075-L-768x768.png 768w, https:\/\/schaumweinkontor.com\/wp-content\/uploads\/2022\/06\/Etienne-Oudart-Champ.-Chardonnay-Brut-VN-2016-075-L.png 1000w\" sizes=\"auto, (max-width: 300px) 100vw, 300px\" \/>\t\t\t\t\t\t\t\t\t<\/a>\n\t\t\t\t\t\t\t\t\t\t\t\t\t\t\t\t\t\t \t\t\t\t\t\t\t\t<\/div>\n\t\t\t\t\t\t\t\t<div class=\"image-tools top right show-on-hover\">\n\t\t\t\t\t\t\t\t\t\t\t\t\t\t\t\t\t<\/div>\n\t\t\t\t\t\t\t\t\t\t\t\t\t\t\t\t\t<div class=\"image-tools grid-tools text-center hide-for-small bottom hover-slide-in show-on-hover\">\n\t\t\t\t\t\t\t\t\t\t\t\t\t\t\t\t\t\t\t<\/div>\n\t\t\t\t\t\t\t\t\t\t\t\t\t\t\t\t\t\t\t\t\t\t\t<\/div>\n\n\t\t\t\t\t\t\t<div class=\"box-text text-center\" >\n\t\t\t\t\t\t\t\t<div class=\"title-wrapper\">\t\t<p class=\"category uppercase is-smaller no-text-overflow product-cat op-7\">\n\t\t\tEtienne Oudart\t\t<\/p>\n\t<p class=\"name product-title woocommerce-loop-product__title\"><a href=\"https:\/\/schaumweinkontor.com\/en\/produkt\/etienne-oudart-champ-chardonnay-brut-vn-2016-075-l\/\" class=\"woocommerce-LoopProduct-link woocommerce-loop-product__link\">Etienne Oudart Champagne Chardonnay Brut VN 2016 0,75 L<\/a><\/p><\/div><div class=\"price-wrapper\">\n\t<span class=\"price\"><del aria-hidden=\"true\"><span class=\"woocommerce-Price-amount amount\" role=\"none\"><bdi><span class=\"woocommerce-Price-currencySymbol\">&euro;<\/span>&nbsp;40,80<\/bdi><\/span><\/del> <span class=\"screen-reader-text\">Original price was: &euro;&nbsp;40,80.<\/span><ins aria-hidden=\"true\"><span class=\"woocommerce-Price-amount amount\" role=\"none\"><bdi><span class=\"woocommerce-Price-currencySymbol\">&euro;<\/span>&nbsp;30,60<\/bdi><\/span><\/ins><span class=\"screen-reader-text\">Current price is: &euro;&nbsp;30,60.<\/span> <small class=\"woocommerce-price-suffix\">inkl. MwSt.<\/small><\/span>\n<\/div><div class=\"add-to-cart-button\"><a href=\"\/en\/wp-json\/wp\/v2\/pages\/4628?add-to-cart=4782\" aria-describedby=\"woocommerce_loop_add_to_cart_link_describedby_4782\" data-quantity=\"1\" class=\"primary is-small mb-0 button product_type_simple add_to_cart_button ajax_add_to_cart is-outline\" data-product_id=\"4782\" data-product_sku=\"100300192\" aria-label=\"Add to cart: &ldquo;Etienne Oudart Champagne Chardonnay Brut VN 2016 0,75 L&rdquo;\" rel=\"nofollow\" data-success_message=\"&ldquo;Etienne Oudart Champagne Chardonnay Brut VN 2016 0,75 L&rdquo; has been added to your cart\" role=\"button\">Add to cart<\/a><\/div>\t<span id=\"woocommerce_loop_add_to_cart_link_describedby_4782\" class=\"screen-reader-text\">\n\t\t\t<\/span>\n\t\t\t\t\t\t\t<\/div>\n\t\t\t\t\t\t<\/div>\n\t\t\t\t\t\t<\/div>\n\t\t\t\t\t<\/div><div class=\"col\" data-animate=\"fadeInUp\">\n\t\t\t\t\t\t<div class=\"col-inner\">\n\t\t\t\t\t\t\n<div class=\"badge-container badge-custom absolute right top z-1\">\n\n<\/div>\n\t\t\t\t\t\t<div class=\"product-small box has-hover box-normal box-text-bottom\">\n\t\t\t\t\t\t\t<div class=\"box-image\" >\n\t\t\t\t\t\t\t\t<div class=\"\" >\n\t\t\t\t\t\t\t\t\t<a href=\"https:\/\/schaumweinkontor.com\/en\/produkt\/etienne-oudart-champagne-brut-reference-075-l\/\" aria-label=\"Etienne Oudart Champagne Brut R\u00e9f\u00e9rence 0,75 L\">\n\t\t\t\t\t\t\t\t\t\t<img loading=\"lazy\" decoding=\"async\" width=\"300\" height=\"300\" src=\"https:\/\/schaumweinkontor.com\/wp-content\/uploads\/2022\/06\/Etienne-Oudart-Champagne-Brut-Reference-075-L-300x300.png\" class=\"attachment-medium size-medium\" alt=\"Etienne Oudart Champagne Brut R\u00e9f\u00e9rence 0,75 L\" srcset=\"https:\/\/schaumweinkontor.com\/wp-content\/uploads\/2022\/06\/Etienne-Oudart-Champagne-Brut-Reference-075-L-300x300.png 300w, https:\/\/schaumweinkontor.com\/wp-content\/uploads\/2022\/06\/Etienne-Oudart-Champagne-Brut-Reference-075-L-100x100.png 100w, https:\/\/schaumweinkontor.com\/wp-content\/uploads\/2022\/06\/Etienne-Oudart-Champagne-Brut-Reference-075-L-510x510.png 510w, https:\/\/schaumweinkontor.com\/wp-content\/uploads\/2022\/06\/Etienne-Oudart-Champagne-Brut-Reference-075-L-150x150.png 150w, https:\/\/schaumweinkontor.com\/wp-content\/uploads\/2022\/06\/Etienne-Oudart-Champagne-Brut-Reference-075-L-768x768.png 768w, https:\/\/schaumweinkontor.com\/wp-content\/uploads\/2022\/06\/Etienne-Oudart-Champagne-Brut-Reference-075-L.png 1000w\" sizes=\"auto, (max-width: 300px) 100vw, 300px\" \/>\t\t\t\t\t\t\t\t\t<\/a>\n\t\t\t\t\t\t\t\t\t\t\t\t\t\t\t\t\t\t \t\t\t\t\t\t\t\t<\/div>\n\t\t\t\t\t\t\t\t<div class=\"image-tools top right show-on-hover\">\n\t\t\t\t\t\t\t\t\t\t\t\t\t\t\t\t\t<\/div>\n\t\t\t\t\t\t\t\t\t\t\t\t\t\t\t\t\t<div class=\"image-tools grid-tools text-center hide-for-small bottom hover-slide-in show-on-hover\">\n\t\t\t\t\t\t\t\t\t\t\t\t\t\t\t\t\t\t\t<\/div>\n\t\t\t\t\t\t\t\t\t\t\t\t\t\t\t\t\t\t\t\t\t\t\t<\/div>\n\n\t\t\t\t\t\t\t<div class=\"box-text text-center\" >\n\t\t\t\t\t\t\t\t<div class=\"title-wrapper\">\t\t<p class=\"category uppercase is-smaller no-text-overflow product-cat op-7\">\n\t\t\tEtienne Oudart\t\t<\/p>\n\t<p class=\"name product-title woocommerce-loop-product__title\"><a href=\"https:\/\/schaumweinkontor.com\/en\/produkt\/etienne-oudart-champagne-brut-reference-075-l\/\" class=\"woocommerce-LoopProduct-link woocommerce-loop-product__link\">Etienne Oudart Champagne Brut R\u00e9f\u00e9rence 0,75 L<\/a><\/p><\/div><div class=\"price-wrapper\">\n\t<span class=\"price\"><span class=\"woocommerce-Price-amount amount\" role=\"none\"><bdi><span class=\"woocommerce-Price-currencySymbol\">&euro;<\/span>&nbsp;30,90<\/bdi><\/span> <small class=\"woocommerce-price-suffix\">inkl. MwSt.<\/small><\/span>\n<\/div><div class=\"add-to-cart-button\"><a href=\"\/en\/wp-json\/wp\/v2\/pages\/4628?add-to-cart=4785\" aria-describedby=\"woocommerce_loop_add_to_cart_link_describedby_4785\" data-quantity=\"1\" class=\"primary is-small mb-0 button product_type_simple add_to_cart_button ajax_add_to_cart is-outline\" data-product_id=\"4785\" data-product_sku=\"100300189\" aria-label=\"Add to cart: &ldquo;Etienne Oudart Champagne Brut R\u00e9f\u00e9rence 0,75 L&rdquo;\" rel=\"nofollow\" data-success_message=\"&ldquo;Etienne Oudart Champagne Brut R\u00e9f\u00e9rence 0,75 L&rdquo; has been added to your cart\" role=\"button\">Add to cart<\/a><\/div>\t<span id=\"woocommerce_loop_add_to_cart_link_describedby_4785\" class=\"screen-reader-text\">\n\t\t\t<\/span>\n\t\t\t\t\t\t\t<\/div>\n\t\t\t\t\t\t<\/div>\n\t\t\t\t\t\t<\/div>\n\t\t\t\t\t<\/div><div class=\"col\" data-animate=\"fadeInUp\">\n\t\t\t\t\t\t<div class=\"col-inner\">\n\t\t\t\t\t\t\n<div class=\"badge-container badge-custom absolute right top z-1\">\n\n<\/div>\n\t\t\t\t\t\t<div class=\"product-small box has-hover box-normal box-text-bottom\">\n\t\t\t\t\t\t\t<div class=\"box-image\" >\n\t\t\t\t\t\t\t\t<div class=\"\" >\n\t\t\t\t\t\t\t\t\t<a href=\"https:\/\/schaumweinkontor.com\/en\/produkt\/etienne-oudart-champagne-brut-rose-reference-075-l\/\" aria-label=\"Etienne Oudart Champagne Brut Ros\u00e9 R\u00e9f\u00e9rence 0,75 L\">\n\t\t\t\t\t\t\t\t\t\t<img loading=\"lazy\" decoding=\"async\" width=\"300\" height=\"300\" src=\"https:\/\/schaumweinkontor.com\/wp-content\/uploads\/2022\/06\/Etienne-Oudart-Champagne-Brut-Rose-Reference-075-L-300x300.png\" class=\"attachment-medium size-medium\" alt=\"Etienne Oudart Champagne Brut Ros\u00e9 R\u00e9f\u00e9rence 0,75 L\" srcset=\"https:\/\/schaumweinkontor.com\/wp-content\/uploads\/2022\/06\/Etienne-Oudart-Champagne-Brut-Rose-Reference-075-L-300x300.png 300w, https:\/\/schaumweinkontor.com\/wp-content\/uploads\/2022\/06\/Etienne-Oudart-Champagne-Brut-Rose-Reference-075-L-100x100.png 100w, https:\/\/schaumweinkontor.com\/wp-content\/uploads\/2022\/06\/Etienne-Oudart-Champagne-Brut-Rose-Reference-075-L-510x510.png 510w, https:\/\/schaumweinkontor.com\/wp-content\/uploads\/2022\/06\/Etienne-Oudart-Champagne-Brut-Rose-Reference-075-L-150x150.png 150w, https:\/\/schaumweinkontor.com\/wp-content\/uploads\/2022\/06\/Etienne-Oudart-Champagne-Brut-Rose-Reference-075-L-768x768.png 768w, https:\/\/schaumweinkontor.com\/wp-content\/uploads\/2022\/06\/Etienne-Oudart-Champagne-Brut-Rose-Reference-075-L.png 1000w\" sizes=\"auto, (max-width: 300px) 100vw, 300px\" \/>\t\t\t\t\t\t\t\t\t<\/a>\n\t\t\t\t\t\t\t\t\t\t\t\t\t\t\t\t\t\t \t\t\t\t\t\t\t\t<\/div>\n\t\t\t\t\t\t\t\t<div class=\"image-tools top right show-on-hover\">\n\t\t\t\t\t\t\t\t\t\t\t\t\t\t\t\t\t<\/div>\n\t\t\t\t\t\t\t\t\t\t\t\t\t\t\t\t\t<div class=\"image-tools grid-tools text-center hide-for-small bottom hover-slide-in show-on-hover\">\n\t\t\t\t\t\t\t\t\t\t\t\t\t\t\t\t\t\t\t<\/div>\n\t\t\t\t\t\t\t\t\t\t\t\t\t\t\t\t\t\t\t\t\t\t\t<\/div>\n\n\t\t\t\t\t\t\t<div class=\"box-text text-center\" >\n\t\t\t\t\t\t\t\t<div class=\"title-wrapper\">\t\t<p class=\"category uppercase is-smaller no-text-overflow product-cat op-7\">\n\t\t\tEtienne Oudart\t\t<\/p>\n\t<p class=\"name product-title woocommerce-loop-product__title\"><a href=\"https:\/\/schaumweinkontor.com\/en\/produkt\/etienne-oudart-champagne-brut-rose-reference-075-l\/\" class=\"woocommerce-LoopProduct-link woocommerce-loop-product__link\">Etienne Oudart Champagne Brut Ros\u00e9 R\u00e9f\u00e9rence 0,75 L<\/a><\/p><\/div><div class=\"price-wrapper\">\n\t<span class=\"price\"><span class=\"woocommerce-Price-amount amount\" role=\"none\"><bdi><span class=\"woocommerce-Price-currencySymbol\">&euro;<\/span>&nbsp;35,50<\/bdi><\/span> <small class=\"woocommerce-price-suffix\">inkl. MwSt.<\/small><\/span>\n<\/div><div class=\"add-to-cart-button\"><a href=\"\/en\/wp-json\/wp\/v2\/pages\/4628?add-to-cart=4784\" aria-describedby=\"woocommerce_loop_add_to_cart_link_describedby_4784\" data-quantity=\"1\" class=\"primary is-small mb-0 button product_type_simple add_to_cart_button ajax_add_to_cart is-outline\" data-product_id=\"4784\" data-product_sku=\"100300190\" aria-label=\"Add to cart: &ldquo;Etienne Oudart Champagne Brut Ros\u00e9 R\u00e9f\u00e9rence 0,75 L&rdquo;\" rel=\"nofollow\" data-success_message=\"&ldquo;Etienne Oudart Champagne Brut Ros\u00e9 R\u00e9f\u00e9rence 0,75 L&rdquo; has been added to your cart\" role=\"button\">Add to cart<\/a><\/div>\t<span id=\"woocommerce_loop_add_to_cart_link_describedby_4784\" class=\"screen-reader-text\">\n\t\t\t<\/span>\n\t\t\t\t\t\t\t<\/div>\n\t\t\t\t\t\t<\/div>\n\t\t\t\t\t\t<\/div>\n\t\t\t\t\t<\/div><div class=\"col\" data-animate=\"fadeInUp\">\n\t\t\t\t\t\t<div class=\"col-inner\">\n\t\t\t\t\t\t\n<div class=\"badge-container badge-custom absolute right top z-1\">\n\n<\/div>\n\t\t\t\t\t\t<div class=\"product-small box has-hover box-normal box-text-bottom\">\n\t\t\t\t\t\t\t<div class=\"box-image\" >\n\t\t\t\t\t\t\t\t<div class=\"\" >\n\t\t\t\t\t\t\t\t\t<a href=\"https:\/\/schaumweinkontor.com\/en\/produkt\/etienne-oudart-champagne-blanc-de-noirs-brut-075-l\/\" aria-label=\"Etienne Oudart Champagne Blanc de Noirs Brut 0,75 L\">\n\t\t\t\t\t\t\t\t\t\t<img loading=\"lazy\" decoding=\"async\" width=\"300\" height=\"300\" src=\"https:\/\/schaumweinkontor.com\/wp-content\/uploads\/2022\/06\/Etienne-Oudart-Champagne-Blanc-de-Noirs-Brut-075-L-300x300.png\" class=\"attachment-medium size-medium\" alt=\"Etienne Oudart Champagne Blanc de Noirs Brut 0,75 L\" srcset=\"https:\/\/schaumweinkontor.com\/wp-content\/uploads\/2022\/06\/Etienne-Oudart-Champagne-Blanc-de-Noirs-Brut-075-L-300x300.png 300w, https:\/\/schaumweinkontor.com\/wp-content\/uploads\/2022\/06\/Etienne-Oudart-Champagne-Blanc-de-Noirs-Brut-075-L-100x100.png 100w, https:\/\/schaumweinkontor.com\/wp-content\/uploads\/2022\/06\/Etienne-Oudart-Champagne-Blanc-de-Noirs-Brut-075-L-510x510.png 510w, https:\/\/schaumweinkontor.com\/wp-content\/uploads\/2022\/06\/Etienne-Oudart-Champagne-Blanc-de-Noirs-Brut-075-L-150x150.png 150w, https:\/\/schaumweinkontor.com\/wp-content\/uploads\/2022\/06\/Etienne-Oudart-Champagne-Blanc-de-Noirs-Brut-075-L-768x768.png 768w, https:\/\/schaumweinkontor.com\/wp-content\/uploads\/2022\/06\/Etienne-Oudart-Champagne-Blanc-de-Noirs-Brut-075-L.png 1000w\" sizes=\"auto, (max-width: 300px) 100vw, 300px\" \/>\t\t\t\t\t\t\t\t\t<\/a>\n\t\t\t\t\t\t\t\t\t\t\t\t\t\t\t\t\t\t \t\t\t\t\t\t\t\t<\/div>\n\t\t\t\t\t\t\t\t<div class=\"image-tools top right show-on-hover\">\n\t\t\t\t\t\t\t\t\t\t\t\t\t\t\t\t\t<\/div>\n\t\t\t\t\t\t\t\t\t\t\t\t\t\t\t\t\t<div class=\"image-tools grid-tools text-center hide-for-small bottom hover-slide-in show-on-hover\">\n\t\t\t\t\t\t\t\t\t\t\t\t\t\t\t\t\t\t\t<\/div>\n\t\t\t\t\t\t\t\t\t\t\t\t\t\t\t\t\t\t\t\t\t\t\t<\/div>\n\n\t\t\t\t\t\t\t<div class=\"box-text text-center\" >\n\t\t\t\t\t\t\t\t<div class=\"title-wrapper\">\t\t<p class=\"category uppercase is-smaller no-text-overflow product-cat op-7\">\n\t\t\tEtienne Oudart\t\t<\/p>\n\t<p class=\"name product-title woocommerce-loop-product__title\"><a href=\"https:\/\/schaumweinkontor.com\/en\/produkt\/etienne-oudart-champagne-blanc-de-noirs-brut-075-l\/\" class=\"woocommerce-LoopProduct-link woocommerce-loop-product__link\">Etienne Oudart Champagne Blanc de Noirs Brut 0,75 L<\/a><\/p><\/div><div class=\"price-wrapper\">\n\t<span class=\"price\"><span class=\"woocommerce-Price-amount amount\" role=\"none\"><bdi><span class=\"woocommerce-Price-currencySymbol\">&euro;<\/span>&nbsp;36,80<\/bdi><\/span> <small class=\"woocommerce-price-suffix\">inkl. MwSt.<\/small><\/span>\n<\/div><div class=\"add-to-cart-button\"><a href=\"\/en\/wp-json\/wp\/v2\/pages\/4628?add-to-cart=4783\" aria-describedby=\"woocommerce_loop_add_to_cart_link_describedby_4783\" data-quantity=\"1\" class=\"primary is-small mb-0 button product_type_simple add_to_cart_button ajax_add_to_cart is-outline\" data-product_id=\"4783\" data-product_sku=\"100300191\" aria-label=\"Add to cart: &ldquo;Etienne Oudart Champagne Blanc de Noirs Brut 0,75 L&rdquo;\" rel=\"nofollow\" data-success_message=\"&ldquo;Etienne Oudart Champagne Blanc de Noirs Brut 0,75 L&rdquo; has been added to your cart\" role=\"button\">Add to cart<\/a><\/div>\t<span id=\"woocommerce_loop_add_to_cart_link_describedby_4783\" class=\"screen-reader-text\">\n\t\t\t<\/span>\n\t\t\t\t\t\t\t<\/div>\n\t\t\t\t\t\t<\/div>\n\t\t\t\t\t\t<\/div>\n\t\t\t\t\t<\/div><div class=\"col\" data-animate=\"fadeInUp\">\n\t\t\t\t\t\t<div class=\"col-inner\">\n\t\t\t\t\t\t\n<div class=\"badge-container badge-custom absolute right top z-1\">\n\n<\/div>\n\t\t\t\t\t\t<div class=\"product-small box has-hover box-normal box-text-bottom\">\n\t\t\t\t\t\t\t<div class=\"box-image\" >\n\t\t\t\t\t\t\t\t<div class=\"\" >\n\t\t\t\t\t\t\t\t\t<a href=\"https:\/\/schaumweinkontor.com\/en\/produkt\/etienne-oudart-champagne-extra-brut-millesime-2014-075-l\/\" aria-label=\"Etienne Oudart Champagne Extra-Brut Mill\u00e9sim\u00e9 2014 0,75 L\">\n\t\t\t\t\t\t\t\t\t\t<img loading=\"lazy\" decoding=\"async\" width=\"300\" height=\"300\" src=\"https:\/\/schaumweinkontor.com\/wp-content\/uploads\/2023\/04\/Eteinne-Champagne-Extra-Brut-Millesime.001_1000x1000-px-300x300.png\" class=\"attachment-medium size-medium\" alt=\"Etienne Oudart Champagne Extra-Brut Mill\u00e9sim\u00e9 2014 0,75 L\" srcset=\"https:\/\/schaumweinkontor.com\/wp-content\/uploads\/2023\/04\/Eteinne-Champagne-Extra-Brut-Millesime.001_1000x1000-px-300x300.png 300w, https:\/\/schaumweinkontor.com\/wp-content\/uploads\/2023\/04\/Eteinne-Champagne-Extra-Brut-Millesime.001_1000x1000-px-100x100.png 100w, https:\/\/schaumweinkontor.com\/wp-content\/uploads\/2023\/04\/Eteinne-Champagne-Extra-Brut-Millesime.001_1000x1000-px-510x510.png 510w, https:\/\/schaumweinkontor.com\/wp-content\/uploads\/2023\/04\/Eteinne-Champagne-Extra-Brut-Millesime.001_1000x1000-px-150x150.png 150w, https:\/\/schaumweinkontor.com\/wp-content\/uploads\/2023\/04\/Eteinne-Champagne-Extra-Brut-Millesime.001_1000x1000-px-768x768.png 768w, https:\/\/schaumweinkontor.com\/wp-content\/uploads\/2023\/04\/Eteinne-Champagne-Extra-Brut-Millesime.001_1000x1000-px.png 1000w\" sizes=\"auto, (max-width: 300px) 100vw, 300px\" \/>\t\t\t\t\t\t\t\t\t<\/a>\n\t\t\t\t\t\t\t\t\t\t\t\t\t\t\t\t\t\t \t\t\t\t\t\t\t\t<\/div>\n\t\t\t\t\t\t\t\t<div class=\"image-tools top right show-on-hover\">\n\t\t\t\t\t\t\t\t\t\t\t\t\t\t\t\t\t<\/div>\n\t\t\t\t\t\t\t\t\t\t\t\t\t\t\t\t\t<div class=\"image-tools grid-tools text-center hide-for-small bottom hover-slide-in show-on-hover\">\n\t\t\t\t\t\t\t\t\t\t\t\t\t\t\t\t\t\t\t<\/div>\n\t\t\t\t\t\t\t\t\t\t\t\t\t\t\t\t\t\t\t\t\t\t\t<\/div>\n\n\t\t\t\t\t\t\t<div class=\"box-text text-center\" >\n\t\t\t\t\t\t\t\t<div class=\"title-wrapper\">\t\t<p class=\"category uppercase is-smaller no-text-overflow product-cat op-7\">\n\t\t\tEtienne Oudart\t\t<\/p>\n\t<p class=\"name product-title woocommerce-loop-product__title\"><a href=\"https:\/\/schaumweinkontor.com\/en\/produkt\/etienne-oudart-champagne-extra-brut-millesime-2014-075-l\/\" class=\"woocommerce-LoopProduct-link woocommerce-loop-product__link\">Etienne Oudart Champagne Extra-Brut Mill\u00e9sim\u00e9 2014 0,75 L<\/a><\/p><\/div><div class=\"price-wrapper\">\n\t<span class=\"price\"><span class=\"woocommerce-Price-amount amount\" role=\"none\"><bdi><span class=\"woocommerce-Price-currencySymbol\">&euro;<\/span>&nbsp;37,20<\/bdi><\/span> <small class=\"woocommerce-price-suffix\">inkl. MwSt.<\/small><\/span>\n<\/div><div class=\"add-to-cart-button\"><a href=\"\/en\/wp-json\/wp\/v2\/pages\/4628?add-to-cart=4700\" aria-describedby=\"woocommerce_loop_add_to_cart_link_describedby_4700\" data-quantity=\"1\" class=\"primary is-small mb-0 button product_type_simple add_to_cart_button ajax_add_to_cart is-outline\" data-product_id=\"4700\" data-product_sku=\"100300197\" aria-label=\"Add to cart: &ldquo;Etienne Oudart Champagne Extra-Brut Mill\u00e9sim\u00e9 2014 0,75 L&rdquo;\" rel=\"nofollow\" data-success_message=\"&ldquo;Etienne Oudart Champagne Extra-Brut Mill\u00e9sim\u00e9 2014 0,75 L&rdquo; has been added to your cart\" role=\"button\">Add to cart<\/a><\/div>\t<span id=\"woocommerce_loop_add_to_cart_link_describedby_4700\" class=\"screen-reader-text\">\n\t\t\t<\/span>\n\t\t\t\t\t\t\t<\/div>\n\t\t\t\t\t\t<\/div>\n\t\t\t\t\t\t<\/div>\n\t\t\t\t\t<\/div><div class=\"col\" data-animate=\"fadeInUp\">\n\t\t\t\t\t\t<div class=\"col-inner\">\n\t\t\t\t\t\t\n<div class=\"badge-container badge-custom absolute right top z-1\">\n\n<\/div>\n\t\t\t\t\t\t<div class=\"product-small box has-hover box-normal box-text-bottom\">\n\t\t\t\t\t\t\t<div class=\"box-image\" >\n\t\t\t\t\t\t\t\t<div class=\"\" >\n\t\t\t\t\t\t\t\t\t<a href=\"https:\/\/schaumweinkontor.com\/en\/produkt\/etienne-oudart-champ-juliana-vn-2009-brut-075-l\/\" aria-label=\"Etienne Oudart Champagne Juliana VN 2013 Brut 0,75 L\">\n\t\t\t\t\t\t\t\t\t\t<img loading=\"lazy\" decoding=\"async\" width=\"300\" height=\"300\" src=\"https:\/\/schaumweinkontor.com\/wp-content\/uploads\/2022\/06\/Etienne-Oudart-Champ.-Juliana-VN-2009-Brut-075-L-300x300.png\" class=\"attachment-medium size-medium\" alt=\"Etienne Oudart Champagne Juliana VN 2013 Brut 0,75 L\" srcset=\"https:\/\/schaumweinkontor.com\/wp-content\/uploads\/2022\/06\/Etienne-Oudart-Champ.-Juliana-VN-2009-Brut-075-L-300x300.png 300w, https:\/\/schaumweinkontor.com\/wp-content\/uploads\/2022\/06\/Etienne-Oudart-Champ.-Juliana-VN-2009-Brut-075-L-100x100.png 100w, https:\/\/schaumweinkontor.com\/wp-content\/uploads\/2022\/06\/Etienne-Oudart-Champ.-Juliana-VN-2009-Brut-075-L-510x510.png 510w, https:\/\/schaumweinkontor.com\/wp-content\/uploads\/2022\/06\/Etienne-Oudart-Champ.-Juliana-VN-2009-Brut-075-L-150x150.png 150w, https:\/\/schaumweinkontor.com\/wp-content\/uploads\/2022\/06\/Etienne-Oudart-Champ.-Juliana-VN-2009-Brut-075-L-768x768.png 768w, https:\/\/schaumweinkontor.com\/wp-content\/uploads\/2022\/06\/Etienne-Oudart-Champ.-Juliana-VN-2009-Brut-075-L.png 1000w\" sizes=\"auto, (max-width: 300px) 100vw, 300px\" \/>\t\t\t\t\t\t\t\t\t<\/a>\n\t\t\t\t\t\t\t\t\t\t\t\t\t\t\t\t\t\t \t\t\t\t\t\t\t\t<\/div>\n\t\t\t\t\t\t\t\t<div class=\"image-tools top right show-on-hover\">\n\t\t\t\t\t\t\t\t\t\t\t\t\t\t\t\t\t<\/div>\n\t\t\t\t\t\t\t\t\t\t\t\t\t\t\t\t\t<div class=\"image-tools grid-tools text-center hide-for-small bottom hover-slide-in show-on-hover\">\n\t\t\t\t\t\t\t\t\t\t\t\t\t\t\t\t\t\t\t<\/div>\n\t\t\t\t\t\t\t\t\t\t\t\t\t\t\t\t\t\t\t\t\t\t\t<\/div>\n\n\t\t\t\t\t\t\t<div class=\"box-text text-center\" >\n\t\t\t\t\t\t\t\t<div class=\"title-wrapper\">\t\t<p class=\"category uppercase is-smaller no-text-overflow product-cat op-7\">\n\t\t\tEtienne Oudart\t\t<\/p>\n\t<p class=\"name product-title woocommerce-loop-product__title\"><a href=\"https:\/\/schaumweinkontor.com\/en\/produkt\/etienne-oudart-champ-juliana-vn-2009-brut-075-l\/\" class=\"woocommerce-LoopProduct-link woocommerce-loop-product__link\">Etienne Oudart Champagne Juliana VN 2013 Brut 0,75 L<\/a><\/p><\/div><div class=\"price-wrapper\">\n\t<span class=\"price\"><span class=\"woocommerce-Price-amount amount\" role=\"none\"><bdi><span class=\"woocommerce-Price-currencySymbol\">&euro;<\/span>&nbsp;59,90<\/bdi><\/span> <small class=\"woocommerce-price-suffix\">inkl. MwSt.<\/small><\/span>\n<\/div><div class=\"add-to-cart-button\"><a href=\"\/en\/wp-json\/wp\/v2\/pages\/4628?add-to-cart=4781\" aria-describedby=\"woocommerce_loop_add_to_cart_link_describedby_4781\" data-quantity=\"1\" class=\"primary is-small mb-0 button product_type_simple add_to_cart_button ajax_add_to_cart is-outline\" data-product_id=\"4781\" data-product_sku=\"100300198\" aria-label=\"Add to cart: &ldquo;Etienne Oudart Champagne Juliana VN 2013 Brut 0,75 L&rdquo;\" rel=\"nofollow\" data-success_message=\"&ldquo;Etienne Oudart Champagne Juliana VN 2013 Brut 0,75 L&rdquo; has been added to your cart\" role=\"button\">Add to cart<\/a><\/div>\t<span id=\"woocommerce_loop_add_to_cart_link_describedby_4781\" class=\"screen-reader-text\">\n\t\t\t<\/span>\n\t\t\t\t\t\t\t<\/div>\n\t\t\t\t\t\t<\/div>\n\t\t\t\t\t\t<\/div>\n\t\t\t\t\t<\/div><div class=\"col\" data-animate=\"fadeInUp\">\n\t\t\t\t\t\t<div class=\"col-inner\">\n\t\t\t\t\t\t\n<div class=\"badge-container badge-custom absolute right top z-1\">\n\n<\/div>\n\t\t\t\t\t\t<div class=\"product-small box has-hover box-normal box-text-bottom\">\n\t\t\t\t\t\t\t<div class=\"box-image\" >\n\t\t\t\t\t\t\t\t<div class=\"\" >\n\t\t\t\t\t\t\t\t\t<a href=\"https:\/\/schaumweinkontor.com\/en\/produkt\/etienne-oudart-champagne-brut-reference-15-l-magnum\/\" aria-label=\"Etienne Oudart Champagne Brut R\u00e9f\u00e9rence 1,5 L Magnum\">\n\t\t\t\t\t\t\t\t\t\t<img loading=\"lazy\" decoding=\"async\" width=\"300\" height=\"300\" src=\"https:\/\/schaumweinkontor.com\/wp-content\/uploads\/2022\/09\/10-Etienne-Oudart-Brut-Reference-15l-300x300.png\" class=\"attachment-medium size-medium\" alt=\"Etienne Oudart Champagne Brut R\u00e9f\u00e9rence 1,5 L Magnum\" srcset=\"https:\/\/schaumweinkontor.com\/wp-content\/uploads\/2022\/09\/10-Etienne-Oudart-Brut-Reference-15l-300x300.png 300w, https:\/\/schaumweinkontor.com\/wp-content\/uploads\/2022\/09\/10-Etienne-Oudart-Brut-Reference-15l-100x100.png 100w, https:\/\/schaumweinkontor.com\/wp-content\/uploads\/2022\/09\/10-Etienne-Oudart-Brut-Reference-15l-510x510.png 510w, https:\/\/schaumweinkontor.com\/wp-content\/uploads\/2022\/09\/10-Etienne-Oudart-Brut-Reference-15l-150x150.png 150w, https:\/\/schaumweinkontor.com\/wp-content\/uploads\/2022\/09\/10-Etienne-Oudart-Brut-Reference-15l-768x768.png 768w, https:\/\/schaumweinkontor.com\/wp-content\/uploads\/2022\/09\/10-Etienne-Oudart-Brut-Reference-15l.png 1001w\" sizes=\"auto, (max-width: 300px) 100vw, 300px\" \/>\t\t\t\t\t\t\t\t\t<\/a>\n\t\t\t\t\t\t\t\t\t\t\t\t\t\t\t\t\t\t \t\t\t\t\t\t\t\t<\/div>\n\t\t\t\t\t\t\t\t<div class=\"image-tools top right show-on-hover\">\n\t\t\t\t\t\t\t\t\t\t\t\t\t\t\t\t\t<\/div>\n\t\t\t\t\t\t\t\t\t\t\t\t\t\t\t\t\t<div class=\"image-tools grid-tools text-center hide-for-small bottom hover-slide-in show-on-hover\">\n\t\t\t\t\t\t\t\t\t\t\t\t\t\t\t\t\t\t\t<\/div>\n\t\t\t\t\t\t\t\t\t\t\t\t\t\t\t\t\t\t\t\t\t\t\t<\/div>\n\n\t\t\t\t\t\t\t<div class=\"box-text text-center\" >\n\t\t\t\t\t\t\t\t<div class=\"title-wrapper\">\t\t<p class=\"category uppercase is-smaller no-text-overflow product-cat op-7\">\n\t\t\tEtienne Oudart\t\t<\/p>\n\t<p class=\"name product-title woocommerce-loop-product__title\"><a href=\"https:\/\/schaumweinkontor.com\/en\/produkt\/etienne-oudart-champagne-brut-reference-15-l-magnum\/\" class=\"woocommerce-LoopProduct-link woocommerce-loop-product__link\">Etienne Oudart Champagne Brut R\u00e9f\u00e9rence 1,5 L Magnum<\/a><\/p><\/div><div class=\"price-wrapper\">\n\t<span class=\"price\"><span class=\"woocommerce-Price-amount amount\" role=\"none\"><bdi><span class=\"woocommerce-Price-currencySymbol\">&euro;<\/span>&nbsp;64,50<\/bdi><\/span> <small class=\"woocommerce-price-suffix\">inkl. MwSt.<\/small><\/span>\n<\/div><div class=\"add-to-cart-button\"><a href=\"\/en\/wp-json\/wp\/v2\/pages\/4628?add-to-cart=4732\" aria-describedby=\"woocommerce_loop_add_to_cart_link_describedby_4732\" data-quantity=\"1\" class=\"primary is-small mb-0 button product_type_simple add_to_cart_button ajax_add_to_cart is-outline\" data-product_id=\"4732\" data-product_sku=\"100300193\" aria-label=\"Add to cart: &ldquo;Etienne Oudart Champagne Brut R\u00e9f\u00e9rence 1,5 L Magnum&rdquo;\" rel=\"nofollow\" data-success_message=\"&ldquo;Etienne Oudart Champagne Brut R\u00e9f\u00e9rence 1,5 L Magnum&rdquo; has been added to your cart\" role=\"button\">Add to cart<\/a><\/div>\t<span id=\"woocommerce_loop_add_to_cart_link_describedby_4732\" class=\"screen-reader-text\">\n\t\t\t<\/span>\n\t\t\t\t\t\t\t<\/div>\n\t\t\t\t\t\t<\/div>\n\t\t\t\t\t\t<\/div>\n\t\t\t\t\t<\/div><div class=\"col\" data-animate=\"fadeInUp\">\n\t\t\t\t\t\t<div class=\"col-inner\">\n\t\t\t\t\t\t\n<div class=\"badge-container badge-custom absolute right top z-1\">\n\n<\/div>\n\t\t\t\t\t\t<div class=\"product-small box has-hover box-normal box-text-bottom\">\n\t\t\t\t\t\t\t<div class=\"box-image\" >\n\t\t\t\t\t\t\t\t<div class=\"\" >\n\t\t\t\t\t\t\t\t\t<a href=\"https:\/\/schaumweinkontor.com\/en\/produkt\/etienne-oudart-champagne-brut-reference-3-l-jeroboam\/\" aria-label=\"Etienne Oudart Champagne Brut R\u00e9f\u00e9rence 3 L Jeroboam\">\n\t\t\t\t\t\t\t\t\t\t<img loading=\"lazy\" decoding=\"async\" width=\"300\" height=\"300\" src=\"https:\/\/schaumweinkontor.com\/wp-content\/uploads\/2022\/09\/10-Etienne-Oudart-Brut-Reference-15l-300x300.png\" class=\"attachment-medium size-medium\" alt=\"Etienne Oudart Champagne Brut R\u00e9f\u00e9rence 3 L Jeroboam\" srcset=\"https:\/\/schaumweinkontor.com\/wp-content\/uploads\/2022\/09\/10-Etienne-Oudart-Brut-Reference-15l-300x300.png 300w, https:\/\/schaumweinkontor.com\/wp-content\/uploads\/2022\/09\/10-Etienne-Oudart-Brut-Reference-15l-100x100.png 100w, https:\/\/schaumweinkontor.com\/wp-content\/uploads\/2022\/09\/10-Etienne-Oudart-Brut-Reference-15l-510x510.png 510w, https:\/\/schaumweinkontor.com\/wp-content\/uploads\/2022\/09\/10-Etienne-Oudart-Brut-Reference-15l-150x150.png 150w, https:\/\/schaumweinkontor.com\/wp-content\/uploads\/2022\/09\/10-Etienne-Oudart-Brut-Reference-15l-768x768.png 768w, https:\/\/schaumweinkontor.com\/wp-content\/uploads\/2022\/09\/10-Etienne-Oudart-Brut-Reference-15l.png 1001w\" sizes=\"auto, (max-width: 300px) 100vw, 300px\" \/>\t\t\t\t\t\t\t\t\t<\/a>\n\t\t\t\t\t\t\t\t\t\t\t\t\t\t\t\t\t\t \t\t\t\t\t\t\t\t<\/div>\n\t\t\t\t\t\t\t\t<div class=\"image-tools top right show-on-hover\">\n\t\t\t\t\t\t\t\t\t\t\t\t\t\t\t\t\t<\/div>\n\t\t\t\t\t\t\t\t\t\t\t\t\t\t\t\t\t<div class=\"image-tools grid-tools text-center hide-for-small bottom hover-slide-in show-on-hover\">\n\t\t\t\t\t\t\t\t\t\t\t\t\t\t\t\t\t\t\t<\/div>\n\t\t\t\t\t\t\t\t\t\t\t\t\t\t\t\t\t\t\t\t\t\t\t<\/div>\n\n\t\t\t\t\t\t\t<div class=\"box-text text-center\" >\n\t\t\t\t\t\t\t\t<div class=\"title-wrapper\">\t\t<p class=\"category uppercase is-smaller no-text-overflow product-cat op-7\">\n\t\t\tEtienne Oudart\t\t<\/p>\n\t<p class=\"name product-title woocommerce-loop-product__title\"><a href=\"https:\/\/schaumweinkontor.com\/en\/produkt\/etienne-oudart-champagne-brut-reference-3-l-jeroboam\/\" class=\"woocommerce-LoopProduct-link woocommerce-loop-product__link\">Etienne Oudart Champagne Brut R\u00e9f\u00e9rence 3 L Jeroboam<\/a><\/p><\/div><div class=\"price-wrapper\">\n\t<span class=\"price\"><span class=\"woocommerce-Price-amount amount\" role=\"none\"><bdi><span class=\"woocommerce-Price-currencySymbol\">&euro;<\/span>&nbsp;205,00<\/bdi><\/span> <small class=\"woocommerce-price-suffix\">inkl. MwSt.<\/small><\/span>\n<\/div><div class=\"add-to-cart-button\"><a href=\"\/en\/wp-json\/wp\/v2\/pages\/4628?add-to-cart=4720\" aria-describedby=\"woocommerce_loop_add_to_cart_link_describedby_4720\" data-quantity=\"1\" class=\"primary is-small mb-0 button product_type_simple add_to_cart_button ajax_add_to_cart is-outline\" data-product_id=\"4720\" data-product_sku=\"100300194\" aria-label=\"Add to cart: &ldquo;Etienne Oudart Champagne Brut R\u00e9f\u00e9rence 3 L Jeroboam&rdquo;\" rel=\"nofollow\" data-success_message=\"&ldquo;Etienne Oudart Champagne Brut R\u00e9f\u00e9rence 3 L Jeroboam&rdquo; has been added to your cart\" role=\"button\">Add to cart<\/a><\/div>\t<span id=\"woocommerce_loop_add_to_cart_link_describedby_4720\" class=\"screen-reader-text\">\n\t\t\t<\/span>\n\t\t\t\t\t\t\t<\/div>\n\t\t\t\t\t\t<\/div>\n\t\t\t\t\t\t<\/div>\n\t\t\t\t\t<\/div><div class=\"col\" data-animate=\"fadeInUp\">\n\t\t\t\t\t\t<div class=\"col-inner\">\n\t\t\t\t\t\t\n<div class=\"badge-container badge-custom absolute right top z-1\">\n\n<\/div>\n\t\t\t\t\t\t<div class=\"product-small box has-hover box-normal box-text-bottom\">\n\t\t\t\t\t\t\t<div class=\"box-image\" >\n\t\t\t\t\t\t\t\t<div class=\"\" >\n\t\t\t\t\t\t\t\t\t<a href=\"https:\/\/schaumweinkontor.com\/en\/produkt\/etienne-oudart-champagne-brut-reference-6-l-magnum\/\" aria-label=\"Etienne Oudart Champagne Brut R\u00e9f\u00e9rence 6 L Magnum\">\n\t\t\t\t\t\t\t\t\t\t<img loading=\"lazy\" decoding=\"async\" width=\"300\" height=\"300\" src=\"https:\/\/schaumweinkontor.com\/wp-content\/uploads\/2022\/09\/10-Etienne-Oudart-Brut-Reference-15l-300x300.png\" class=\"attachment-medium size-medium\" alt=\"Etienne Oudart Champagne Brut R\u00e9f\u00e9rence 6 L Magnum\" srcset=\"https:\/\/schaumweinkontor.com\/wp-content\/uploads\/2022\/09\/10-Etienne-Oudart-Brut-Reference-15l-300x300.png 300w, https:\/\/schaumweinkontor.com\/wp-content\/uploads\/2022\/09\/10-Etienne-Oudart-Brut-Reference-15l-100x100.png 100w, https:\/\/schaumweinkontor.com\/wp-content\/uploads\/2022\/09\/10-Etienne-Oudart-Brut-Reference-15l-510x510.png 510w, https:\/\/schaumweinkontor.com\/wp-content\/uploads\/2022\/09\/10-Etienne-Oudart-Brut-Reference-15l-150x150.png 150w, https:\/\/schaumweinkontor.com\/wp-content\/uploads\/2022\/09\/10-Etienne-Oudart-Brut-Reference-15l-768x768.png 768w, https:\/\/schaumweinkontor.com\/wp-content\/uploads\/2022\/09\/10-Etienne-Oudart-Brut-Reference-15l.png 1001w\" sizes=\"auto, (max-width: 300px) 100vw, 300px\" \/>\t\t\t\t\t\t\t\t\t<\/a>\n\t\t\t\t\t\t\t\t\t\t\t\t\t\t\t\t\t\t \t\t\t\t\t\t\t\t<\/div>\n\t\t\t\t\t\t\t\t<div class=\"image-tools top right show-on-hover\">\n\t\t\t\t\t\t\t\t\t\t\t\t\t\t\t\t\t<\/div>\n\t\t\t\t\t\t\t\t\t\t\t\t\t\t\t\t\t<div class=\"image-tools grid-tools text-center hide-for-small bottom hover-slide-in show-on-hover\">\n\t\t\t\t\t\t\t\t\t\t\t\t\t\t\t\t\t\t\t<\/div>\n\t\t\t\t\t\t\t\t\t\t\t\t\t\t\t\t\t\t\t\t\t\t\t<\/div>\n\n\t\t\t\t\t\t\t<div class=\"box-text text-center\" >\n\t\t\t\t\t\t\t\t<div class=\"title-wrapper\">\t\t<p class=\"category uppercase is-smaller no-text-overflow product-cat op-7\">\n\t\t\tEtienne Oudart\t\t<\/p>\n\t<p class=\"name product-title woocommerce-loop-product__title\"><a href=\"https:\/\/schaumweinkontor.com\/en\/produkt\/etienne-oudart-champagne-brut-reference-6-l-magnum\/\" class=\"woocommerce-LoopProduct-link woocommerce-loop-product__link\">Etienne Oudart Champagne Brut R\u00e9f\u00e9rence 6 L Magnum<\/a><\/p><\/div><div class=\"price-wrapper\">\n\t<span class=\"price\"><span class=\"woocommerce-Price-amount amount\" role=\"none\"><bdi><span class=\"woocommerce-Price-currencySymbol\">&euro;<\/span>&nbsp;450,00<\/bdi><\/span> <small class=\"woocommerce-price-suffix\">inkl. MwSt.<\/small><\/span>\n<\/div><div class=\"add-to-cart-button\"><a href=\"\/en\/wp-json\/wp\/v2\/pages\/4628?add-to-cart=4668\" aria-describedby=\"woocommerce_loop_add_to_cart_link_describedby_4668\" data-quantity=\"1\" class=\"primary is-small mb-0 button product_type_simple add_to_cart_button ajax_add_to_cart is-outline\" data-product_id=\"4668\" data-product_sku=\"100300199\" aria-label=\"Add to cart: &ldquo;Etienne Oudart Champagne Brut R\u00e9f\u00e9rence 6 L Magnum&rdquo;\" rel=\"nofollow\" data-success_message=\"&ldquo;Etienne Oudart Champagne Brut R\u00e9f\u00e9rence 6 L Magnum&rdquo; has been added to your cart\" role=\"button\">Add to cart<\/a><\/div>\t<span id=\"woocommerce_loop_add_to_cart_link_describedby_4668\" class=\"screen-reader-text\">\n\t\t\t<\/span>\n\t\t\t\t\t\t\t<\/div>\n\t\t\t\t\t\t<\/div>\n\t\t\t\t\t\t<\/div>\n\t\t\t\t\t<\/div><div class=\"col\" data-animate=\"fadeInUp\">\n\t\t\t\t\t\t<div class=\"col-inner\">\n\t\t\t\t\t\t\n<div class=\"badge-container badge-custom absolute right top z-1\">\n\n<\/div>\n\t\t\t\t\t\t<div class=\"product-small box has-hover box-normal box-text-bottom\">\n\t\t\t\t\t\t\t<div class=\"box-image\" >\n\t\t\t\t\t\t\t\t<div class=\"\" >\n\t\t\t\t\t\t\t\t\t<a href=\"https:\/\/schaumweinkontor.com\/en\/produkt\/etienne-oudart-champagne-brut-reference-9-l-jeroboam\/\" aria-label=\"Etienne Oudart Champagne Brut R\u00e9f\u00e9rence 9 L Salmanasar\">\n\t\t\t\t\t\t\t\t\t\t<img loading=\"lazy\" decoding=\"async\" width=\"300\" height=\"300\" src=\"https:\/\/schaumweinkontor.com\/wp-content\/uploads\/2022\/09\/10-Etienne-Oudart-Brut-Reference-15l-300x300.png\" class=\"attachment-medium size-medium\" alt=\"Etienne Oudart Champagne Brut R\u00e9f\u00e9rence 9 L Salmanasar\" srcset=\"https:\/\/schaumweinkontor.com\/wp-content\/uploads\/2022\/09\/10-Etienne-Oudart-Brut-Reference-15l-300x300.png 300w, https:\/\/schaumweinkontor.com\/wp-content\/uploads\/2022\/09\/10-Etienne-Oudart-Brut-Reference-15l-100x100.png 100w, https:\/\/schaumweinkontor.com\/wp-content\/uploads\/2022\/09\/10-Etienne-Oudart-Brut-Reference-15l-510x510.png 510w, https:\/\/schaumweinkontor.com\/wp-content\/uploads\/2022\/09\/10-Etienne-Oudart-Brut-Reference-15l-150x150.png 150w, https:\/\/schaumweinkontor.com\/wp-content\/uploads\/2022\/09\/10-Etienne-Oudart-Brut-Reference-15l-768x768.png 768w, https:\/\/schaumweinkontor.com\/wp-content\/uploads\/2022\/09\/10-Etienne-Oudart-Brut-Reference-15l.png 1001w\" sizes=\"auto, (max-width: 300px) 100vw, 300px\" \/>\t\t\t\t\t\t\t\t\t<\/a>\n\t\t\t\t\t\t\t\t\t\t\t\t\t\t\t\t\t\t \t\t\t\t\t\t\t\t<\/div>\n\t\t\t\t\t\t\t\t<div class=\"image-tools top right show-on-hover\">\n\t\t\t\t\t\t\t\t\t\t\t\t\t\t\t\t\t<\/div>\n\t\t\t\t\t\t\t\t\t\t\t\t\t\t\t\t\t<div class=\"image-tools grid-tools text-center hide-for-small bottom hover-slide-in show-on-hover\">\n\t\t\t\t\t\t\t\t\t\t\t\t\t\t\t\t\t\t\t<\/div>\n\t\t\t\t\t\t\t\t\t\t\t\t\t\t\t\t\t\t\t\t\t\t\t<\/div>\n\n\t\t\t\t\t\t\t<div class=\"box-text text-center\" >\n\t\t\t\t\t\t\t\t<div class=\"title-wrapper\">\t\t<p class=\"category uppercase is-smaller no-text-overflow product-cat op-7\">\n\t\t\tEtienne Oudart\t\t<\/p>\n\t<p class=\"name product-title woocommerce-loop-product__title\"><a href=\"https:\/\/schaumweinkontor.com\/en\/produkt\/etienne-oudart-champagne-brut-reference-9-l-jeroboam\/\" class=\"woocommerce-LoopProduct-link woocommerce-loop-product__link\">Etienne Oudart Champagne Brut R\u00e9f\u00e9rence 9 L Salmanasar<\/a><\/p><\/div><div class=\"price-wrapper\">\n\t<span class=\"price\"><span class=\"woocommerce-Price-amount amount\" role=\"none\"><bdi><span class=\"woocommerce-Price-currencySymbol\">&euro;<\/span>&nbsp;760,00<\/bdi><\/span> <small class=\"woocommerce-price-suffix\">inkl. MwSt.<\/small><\/span>\n<\/div><div class=\"add-to-cart-button\"><a href=\"\/en\/wp-json\/wp\/v2\/pages\/4628?add-to-cart=4667\" aria-describedby=\"woocommerce_loop_add_to_cart_link_describedby_4667\" data-quantity=\"1\" class=\"primary is-small mb-0 button product_type_simple add_to_cart_button ajax_add_to_cart is-outline\" data-product_id=\"4667\" data-product_sku=\"100300200\" aria-label=\"Add to cart: &ldquo;Etienne Oudart Champagne Brut R\u00e9f\u00e9rence 9 L Salmanasar&rdquo;\" rel=\"nofollow\" data-success_message=\"&ldquo;Etienne Oudart Champagne Brut R\u00e9f\u00e9rence 9 L Salmanasar&rdquo; has been added to your cart\" role=\"button\">Add to cart<\/a><\/div>\t<span id=\"woocommerce_loop_add_to_cart_link_describedby_4667\" class=\"screen-reader-text\">\n\t\t\t<\/span>\n\t\t\t\t\t\t\t<\/div>\n\t\t\t\t\t\t<\/div>\n\t\t\t\t\t\t<\/div>\n\t\t\t\t\t<\/div><\/div>\n\n<div class=\"text-center\"><div class=\"is-divider divider clearfix\" style=\"margin-top:3em;margin-bottom:3em;max-width:100%;height:2px;background-color:rgba(183, 149, 73, 0.419);\"><\/div><\/div>\n\n\n\t\t<\/div>\n\t\t\t\t\t<\/div>\n\n\t\n\n<\/div>\n\t<section class=\"section bg_winzer show-for-medium\" id=\"section_1380189856\">\n\t\t<div class=\"bg section-bg fill bg-fill  \" >\n\n\t\t\t\n\t\t\t\n\t\t\t\n\n\t\t<\/div>\n\n\t\t\n\n\t\t<div class=\"section-content relative\">\n\t\t\t\n\n<div class=\"row row-collapse row-full-width align-middle align-center\"  id=\"row-736465487\">\n\n\n\t<div id=\"col-203601803\" class=\"col small-12 large-12\"  >\n\t\t\t\t<div class=\"col-inner\"  >\n\t\t\t\n\t\t\t\n\n<h2 id=\"delouvin-mobile\" class=\"uppercase\" style=\"text-align: center;\"><span style=\"font-size: 75%;\">Fam. Delouvin<\/span><\/h2>\n\n\t\t<\/div>\n\t\t\t\t\t<\/div>\n\n\t\n\n\n<style>\n#row-736465487 > .col > .col-inner {\n  padding: 15px 0px 0px 0px;\n}\n<\/style>\n<\/div>\n\n\t\t<\/div>\n\n\t\t\n<style>\n#section_1380189856 {\n  padding-top: 20px;\n  padding-bottom: 20px;\n  margin-bottom: 30px;\n}\n#section_1380189856 .section-bg.bg-loaded {\n  background-image: url(https:\/\/schaumweinkontor.com\/wp-content\/uploads\/2022\/06\/landscape-illu-gold-transp.png);\n}\n<\/style>\n\t<\/section>\n\t\n<div class=\"row row-full-width margin-auto\"  id=\"row-1548824316\">\n\n\n\t<div id=\"col-1557918886\" class=\"col small-12 large-12\"  >\n\t\t\t\t<div class=\"col-inner\"  >\n\t\t\t\n\t\t\t\n\n\n  \n    <div class=\"row  equalize-box show-for-small large-columns-3 medium-columns- small-columns-1 row-large has-shadow row-box-shadow-2 row-box-shadow-4-hover\" >\n  \t\n\t     <div class=\"col\" data-animate=\"fadeInUp\">\n\t\t\t\t\t\t<div class=\"col-inner\">\n\t\t\t\t\t\t\n<div class=\"badge-container badge-custom absolute right top z-1\">\n\n<\/div>\n\t\t\t\t\t\t<div class=\"product-small box has-hover box-vertical box-text-bottom\">\n\t\t\t\t\t\t\t<div class=\"box-image\" >\n\t\t\t\t\t\t\t\t<div class=\"\" >\n\t\t\t\t\t\t\t\t\t<a href=\"https:\/\/schaumweinkontor.com\/en\/produkt\/fam-delouvin-champ-meunier-perpetuel-extra-brut-075-l\/\" aria-label=\"Famille Delouvin Champagne Meunier Perp\u00e9tuel Extra Brut 0,75 L\">\n\t\t\t\t\t\t\t\t\t\t<img loading=\"lazy\" decoding=\"async\" width=\"300\" height=\"300\" src=\"https:\/\/schaumweinkontor.com\/wp-content\/uploads\/2022\/06\/delouvin_2-300x300.png\" class=\"attachment-medium size-medium\" alt=\"Famille Delouvin Champagne Meunier Perp\u00e9tuel\" srcset=\"https:\/\/schaumweinkontor.com\/wp-content\/uploads\/2022\/06\/delouvin_2-300x300.png 300w, https:\/\/schaumweinkontor.com\/wp-content\/uploads\/2022\/06\/delouvin_2-100x100.png 100w, https:\/\/schaumweinkontor.com\/wp-content\/uploads\/2022\/06\/delouvin_2-510x510.png 510w, https:\/\/schaumweinkontor.com\/wp-content\/uploads\/2022\/06\/delouvin_2-150x150.png 150w, https:\/\/schaumweinkontor.com\/wp-content\/uploads\/2022\/06\/delouvin_2-768x768.png 768w, https:\/\/schaumweinkontor.com\/wp-content\/uploads\/2022\/06\/delouvin_2.png 1000w\" sizes=\"auto, (max-width: 300px) 100vw, 300px\" \/>\t\t\t\t\t\t\t\t\t<\/a>\n\t\t\t\t\t\t\t\t\t\t\t\t\t\t\t\t\t\t \t\t\t\t\t\t\t\t<\/div>\n\t\t\t\t\t\t\t\t<div class=\"image-tools top right show-on-hover\">\n\t\t\t\t\t\t\t\t\t\t\t\t\t\t\t\t\t<\/div>\n\t\t\t\t\t\t\t\t\t\t\t\t\t\t\t\t\t<div class=\"image-tools grid-tools text-center hide-for-small bottom hover-slide-in show-on-hover\">\n\t\t\t\t\t\t\t\t\t\t\t\t\t\t\t\t\t\t\t<\/div>\n\t\t\t\t\t\t\t\t\t\t\t\t\t\t\t\t\t\t\t\t\t\t\t<\/div>\n\n\t\t\t\t\t\t\t<div class=\"box-text text-center\" >\n\t\t\t\t\t\t\t\t<div class=\"title-wrapper\">\t\t<p class=\"category uppercase is-smaller no-text-overflow product-cat op-7\">\n\t\t\tFam. Delouvin\t\t<\/p>\n\t<p class=\"name product-title woocommerce-loop-product__title\"><a href=\"https:\/\/schaumweinkontor.com\/en\/produkt\/fam-delouvin-champ-meunier-perpetuel-extra-brut-075-l\/\" class=\"woocommerce-LoopProduct-link woocommerce-loop-product__link\">Famille Delouvin Champagne Meunier Perp\u00e9tuel Extra Brut 0,75 L<\/a><\/p><\/div><div class=\"price-wrapper\">\n\t<span class=\"price\"><span class=\"woocommerce-Price-amount amount\" role=\"none\"><bdi><span class=\"woocommerce-Price-currencySymbol\">&euro;<\/span>&nbsp;37,50<\/bdi><\/span> <small class=\"woocommerce-price-suffix\">inkl. MwSt.<\/small><\/span>\n<\/div><div class=\"add-to-cart-button\"><a href=\"\/en\/wp-json\/wp\/v2\/pages\/4628?add-to-cart=4788\" aria-describedby=\"woocommerce_loop_add_to_cart_link_describedby_4788\" data-quantity=\"1\" class=\"primary is-small mb-0 button product_type_simple add_to_cart_button ajax_add_to_cart is-outline\" data-product_id=\"4788\" data-product_sku=\"100300176\" aria-label=\"Add to cart: &ldquo;Famille Delouvin Champagne Meunier Perp\u00e9tuel Extra Brut 0,75 L&rdquo;\" rel=\"nofollow\" data-success_message=\"&ldquo;Famille Delouvin Champagne Meunier Perp\u00e9tuel Extra Brut 0,75 L&rdquo; has been added to your cart\" role=\"button\">Add to cart<\/a><\/div>\t<span id=\"woocommerce_loop_add_to_cart_link_describedby_4788\" class=\"screen-reader-text\">\n\t\t\t<\/span>\n\t\t\t\t\t\t\t<\/div>\n\t\t\t\t\t\t<\/div>\n\t\t\t\t\t\t<\/div>\n\t\t\t\t\t<\/div><div class=\"col\" data-animate=\"fadeInUp\">\n\t\t\t\t\t\t<div class=\"col-inner\">\n\t\t\t\t\t\t\n<div class=\"badge-container badge-custom absolute right top z-1\">\n\n<\/div>\n\t\t\t\t\t\t<div class=\"product-small box has-hover box-vertical box-text-bottom\">\n\t\t\t\t\t\t\t<div class=\"box-image\" >\n\t\t\t\t\t\t\t\t<div class=\"\" >\n\t\t\t\t\t\t\t\t\t<a href=\"https:\/\/schaumweinkontor.com\/en\/produkt\/fam-delouvin-champ-semper-fidelis-extra-brut-075-l\/\" aria-label=\"Delouvin Champagne Semper Fidelis Extra Brut 0,75 L\">\n\t\t\t\t\t\t\t\t\t\t<img loading=\"lazy\" decoding=\"async\" width=\"300\" height=\"300\" src=\"https:\/\/schaumweinkontor.com\/wp-content\/uploads\/2022\/06\/Delouvin-Semper-Fidelis-Extra-Brut-075l-1-300x300.png\" class=\"attachment-medium size-medium\" alt=\"Delouvin Champagne Semper Fidelis Extra Brut 0,75 L\" srcset=\"https:\/\/schaumweinkontor.com\/wp-content\/uploads\/2022\/06\/Delouvin-Semper-Fidelis-Extra-Brut-075l-1-300x300.png 300w, https:\/\/schaumweinkontor.com\/wp-content\/uploads\/2022\/06\/Delouvin-Semper-Fidelis-Extra-Brut-075l-1-150x150.png 150w, https:\/\/schaumweinkontor.com\/wp-content\/uploads\/2022\/06\/Delouvin-Semper-Fidelis-Extra-Brut-075l-1-768x768.png 768w, https:\/\/schaumweinkontor.com\/wp-content\/uploads\/2022\/06\/Delouvin-Semper-Fidelis-Extra-Brut-075l-1-510x510.png 510w, https:\/\/schaumweinkontor.com\/wp-content\/uploads\/2022\/06\/Delouvin-Semper-Fidelis-Extra-Brut-075l-1-100x100.png 100w, https:\/\/schaumweinkontor.com\/wp-content\/uploads\/2022\/06\/Delouvin-Semper-Fidelis-Extra-Brut-075l-1.png 1000w\" sizes=\"auto, (max-width: 300px) 100vw, 300px\" \/>\t\t\t\t\t\t\t\t\t<\/a>\n\t\t\t\t\t\t\t\t\t\t\t\t\t\t\t\t\t\t \t\t\t\t\t\t\t\t<\/div>\n\t\t\t\t\t\t\t\t<div class=\"image-tools top right show-on-hover\">\n\t\t\t\t\t\t\t\t\t\t\t\t\t\t\t\t\t<\/div>\n\t\t\t\t\t\t\t\t\t\t\t\t\t\t\t\t\t<div class=\"image-tools grid-tools text-center hide-for-small bottom hover-slide-in show-on-hover\">\n\t\t\t\t\t\t\t\t\t\t\t\t\t\t\t\t\t\t\t<\/div>\n\t\t\t\t\t\t\t\t\t\t\t\t\t\t\t\t\t\t\t\t\t\t\t<\/div>\n\n\t\t\t\t\t\t\t<div class=\"box-text text-center\" >\n\t\t\t\t\t\t\t\t<div class=\"title-wrapper\">\t\t<p class=\"category uppercase is-smaller no-text-overflow product-cat op-7\">\n\t\t\tFam. Delouvin\t\t<\/p>\n\t<p class=\"name product-title woocommerce-loop-product__title\"><a href=\"https:\/\/schaumweinkontor.com\/en\/produkt\/fam-delouvin-champ-semper-fidelis-extra-brut-075-l\/\" class=\"woocommerce-LoopProduct-link woocommerce-loop-product__link\">Delouvin Champagne Semper Fidelis Extra Brut 0,75 L<\/a><\/p><\/div><div class=\"price-wrapper\">\n\t<span class=\"price\"><span class=\"woocommerce-Price-amount amount\" role=\"none\"><bdi><span class=\"woocommerce-Price-currencySymbol\">&euro;<\/span>&nbsp;44,20<\/bdi><\/span> <small class=\"woocommerce-price-suffix\">inkl. MwSt.<\/small><\/span>\n<\/div><div class=\"add-to-cart-button\"><a href=\"\/en\/wp-json\/wp\/v2\/pages\/4628?add-to-cart=4787\" aria-describedby=\"woocommerce_loop_add_to_cart_link_describedby_4787\" data-quantity=\"1\" class=\"primary is-small mb-0 button product_type_simple add_to_cart_button ajax_add_to_cart is-outline\" data-product_id=\"4787\" data-product_sku=\"100300177\" aria-label=\"Add to cart: &ldquo;Delouvin Champagne Semper Fidelis Extra Brut 0,75 L&rdquo;\" rel=\"nofollow\" data-success_message=\"&ldquo;Delouvin Champagne Semper Fidelis Extra Brut 0,75 L&rdquo; has been added to your cart\" role=\"button\">Add to cart<\/a><\/div>\t<span id=\"woocommerce_loop_add_to_cart_link_describedby_4787\" class=\"screen-reader-text\">\n\t\t\t<\/span>\n\t\t\t\t\t\t\t<\/div>\n\t\t\t\t\t\t<\/div>\n\t\t\t\t\t\t<\/div>\n\t\t\t\t\t<\/div><div class=\"col\" data-animate=\"fadeInUp\">\n\t\t\t\t\t\t<div class=\"col-inner\">\n\t\t\t\t\t\t\n<div class=\"badge-container badge-custom absolute right top z-1\">\n\n<\/div>\n\t\t\t\t\t\t<div class=\"product-small box has-hover box-vertical box-text-bottom\">\n\t\t\t\t\t\t\t<div class=\"box-image\" >\n\t\t\t\t\t\t\t\t<div class=\"\" >\n\t\t\t\t\t\t\t\t\t<a href=\"https:\/\/schaumweinkontor.com\/en\/produkt\/delouvin-champ-bis-repetita-extra-brut-075-l\/\" aria-label=\"Delouvin Champ. Bis Repetita Extra Brut 0,75 L\">\n\t\t\t\t\t\t\t\t\t\t<img loading=\"lazy\" decoding=\"async\" width=\"300\" height=\"300\" src=\"https:\/\/schaumweinkontor.com\/wp-content\/uploads\/2024\/04\/Delouvin-Bis-Repetita-300x300.png\" class=\"attachment-medium size-medium\" alt=\"Delouvin Champ. Bis Repetita Extra Brut 0,75 L\" srcset=\"https:\/\/schaumweinkontor.com\/wp-content\/uploads\/2024\/04\/Delouvin-Bis-Repetita-300x300.png 300w, https:\/\/schaumweinkontor.com\/wp-content\/uploads\/2024\/04\/Delouvin-Bis-Repetita-100x100.png 100w, https:\/\/schaumweinkontor.com\/wp-content\/uploads\/2024\/04\/Delouvin-Bis-Repetita-510x510.png 510w, https:\/\/schaumweinkontor.com\/wp-content\/uploads\/2024\/04\/Delouvin-Bis-Repetita-150x150.png 150w, https:\/\/schaumweinkontor.com\/wp-content\/uploads\/2024\/04\/Delouvin-Bis-Repetita-768x768.png 768w, https:\/\/schaumweinkontor.com\/wp-content\/uploads\/2024\/04\/Delouvin-Bis-Repetita.png 1000w\" sizes=\"auto, (max-width: 300px) 100vw, 300px\" \/>\t\t\t\t\t\t\t\t\t<\/a>\n\t\t\t\t\t\t\t\t\t\t\t\t\t\t\t\t\t\t \t\t\t\t\t\t\t\t<\/div>\n\t\t\t\t\t\t\t\t<div class=\"image-tools top right show-on-hover\">\n\t\t\t\t\t\t\t\t\t\t\t\t\t\t\t\t\t<\/div>\n\t\t\t\t\t\t\t\t\t\t\t\t\t\t\t\t\t<div class=\"image-tools grid-tools text-center hide-for-small bottom hover-slide-in show-on-hover\">\n\t\t\t\t\t\t\t\t\t\t\t\t\t\t\t\t\t\t\t<\/div>\n\t\t\t\t\t\t\t\t\t\t\t\t\t\t\t\t\t\t\t\t\t\t\t<\/div>\n\n\t\t\t\t\t\t\t<div class=\"box-text text-center\" >\n\t\t\t\t\t\t\t\t<div class=\"title-wrapper\">\t\t<p class=\"category uppercase is-smaller no-text-overflow product-cat op-7\">\n\t\t\tChampagne\t\t<\/p>\n\t<p class=\"name product-title woocommerce-loop-product__title\"><a href=\"https:\/\/schaumweinkontor.com\/en\/produkt\/delouvin-champ-bis-repetita-extra-brut-075-l\/\" class=\"woocommerce-LoopProduct-link woocommerce-loop-product__link\">Delouvin Champ. Bis Repetita Extra Brut 0,75 L<\/a><\/p><\/div><div class=\"price-wrapper\">\n\t<span class=\"price\"><span class=\"woocommerce-Price-amount amount\" role=\"none\"><bdi><span class=\"woocommerce-Price-currencySymbol\">&euro;<\/span>&nbsp;59,00<\/bdi><\/span> <small class=\"woocommerce-price-suffix\">inkl. MwSt.<\/small><\/span>\n<\/div><div class=\"add-to-cart-button\"><a href=\"\/en\/wp-json\/wp\/v2\/pages\/4628?add-to-cart=5275\" aria-describedby=\"woocommerce_loop_add_to_cart_link_describedby_5275\" data-quantity=\"1\" class=\"primary is-small mb-0 button product_type_simple add_to_cart_button ajax_add_to_cart is-outline\" data-product_id=\"5275\" data-product_sku=\"100300179\" aria-label=\"Add to cart: &ldquo;Delouvin Champ. Bis Repetita Extra Brut 0,75 L&rdquo;\" rel=\"nofollow\" data-success_message=\"&ldquo;Delouvin Champ. Bis Repetita Extra Brut 0,75 L&rdquo; has been added to your cart\" role=\"button\">Add to cart<\/a><\/div>\t<span id=\"woocommerce_loop_add_to_cart_link_describedby_5275\" class=\"screen-reader-text\">\n\t\t\t<\/span>\n\t\t\t\t\t\t\t<\/div>\n\t\t\t\t\t\t<\/div>\n\t\t\t\t\t\t<\/div>\n\t\t\t\t\t<\/div><div class=\"col\" data-animate=\"fadeInUp\">\n\t\t\t\t\t\t<div class=\"col-inner\">\n\t\t\t\t\t\t\n<div class=\"badge-container badge-custom absolute right top z-1\">\n\n<\/div>\n\t\t\t\t\t\t<div class=\"product-small box has-hover box-vertical box-text-bottom\">\n\t\t\t\t\t\t\t<div class=\"box-image\" >\n\t\t\t\t\t\t\t\t<div class=\"\" >\n\t\t\t\t\t\t\t\t\t<a href=\"https:\/\/schaumweinkontor.com\/en\/produkt\/fam-delouvin-champ-larpent-rouge-bdb-075-l\/\" aria-label=\"Fam. Delouvin Champ. L`Arpent Rouge BdB 0,75 L\">\n\t\t\t\t\t\t\t\t\t\t<img loading=\"lazy\" decoding=\"async\" width=\"300\" height=\"300\" src=\"https:\/\/schaumweinkontor.com\/wp-content\/uploads\/2022\/06\/Delouvin-2-300x300.png\" class=\"attachment-medium size-medium\" alt=\"Fam. Delouvin Champ. L`Arpent Rouge BdB 0,75 L\" srcset=\"https:\/\/schaumweinkontor.com\/wp-content\/uploads\/2022\/06\/Delouvin-2-300x300.png 300w, https:\/\/schaumweinkontor.com\/wp-content\/uploads\/2022\/06\/Delouvin-2-100x100.png 100w, https:\/\/schaumweinkontor.com\/wp-content\/uploads\/2022\/06\/Delouvin-2-510x510.png 510w, https:\/\/schaumweinkontor.com\/wp-content\/uploads\/2022\/06\/Delouvin-2-150x150.png 150w, https:\/\/schaumweinkontor.com\/wp-content\/uploads\/2022\/06\/Delouvin-2-768x768.png 768w, https:\/\/schaumweinkontor.com\/wp-content\/uploads\/2022\/06\/Delouvin-2.png 1000w\" sizes=\"auto, (max-width: 300px) 100vw, 300px\" \/>\t\t\t\t\t\t\t\t\t<\/a>\n\t\t\t\t\t\t\t\t\t\t\t\t\t\t\t\t\t\t \t\t\t\t\t\t\t\t<\/div>\n\t\t\t\t\t\t\t\t<div class=\"image-tools top right show-on-hover\">\n\t\t\t\t\t\t\t\t\t\t\t\t\t\t\t\t\t<\/div>\n\t\t\t\t\t\t\t\t\t\t\t\t\t\t\t\t\t<div class=\"image-tools grid-tools text-center hide-for-small bottom hover-slide-in show-on-hover\">\n\t\t\t\t\t\t\t\t\t\t\t\t\t\t\t\t\t\t\t<\/div>\n\t\t\t\t\t\t\t\t\t\t\t\t\t\t\t\t\t\t\t\t\t\t\t<\/div>\n\n\t\t\t\t\t\t\t<div class=\"box-text text-center\" >\n\t\t\t\t\t\t\t\t<div class=\"title-wrapper\">\t\t<p class=\"category uppercase is-smaller no-text-overflow product-cat op-7\">\n\t\t\tFam. Delouvin\t\t<\/p>\n\t<p class=\"name product-title woocommerce-loop-product__title\"><a href=\"https:\/\/schaumweinkontor.com\/en\/produkt\/fam-delouvin-champ-larpent-rouge-bdb-075-l\/\" class=\"woocommerce-LoopProduct-link woocommerce-loop-product__link\">Fam. Delouvin Champ. L`Arpent Rouge BdB 0,75 L<\/a><\/p><\/div><div class=\"price-wrapper\">\n\t<span class=\"price\"><span class=\"woocommerce-Price-amount amount\" role=\"none\"><bdi><span class=\"woocommerce-Price-currencySymbol\">&euro;<\/span>&nbsp;62,00<\/bdi><\/span> <small class=\"woocommerce-price-suffix\">inkl. MwSt.<\/small><\/span>\n<\/div><div class=\"add-to-cart-button\"><a href=\"\/en\/wp-json\/wp\/v2\/pages\/4628?add-to-cart=4786\" aria-describedby=\"woocommerce_loop_add_to_cart_link_describedby_4786\" data-quantity=\"1\" class=\"primary is-small mb-0 button product_type_simple add_to_cart_button ajax_add_to_cart is-outline\" data-product_id=\"4786\" data-product_sku=\"100300178\" aria-label=\"Add to cart: &ldquo;Fam. Delouvin Champ. L`Arpent Rouge BdB 0,75 L&rdquo;\" rel=\"nofollow\" data-success_message=\"&ldquo;Fam. Delouvin Champ. L`Arpent Rouge BdB 0,75 L&rdquo; has been added to your cart\" role=\"button\">Add to cart<\/a><\/div>\t<span id=\"woocommerce_loop_add_to_cart_link_describedby_4786\" class=\"screen-reader-text\">\n\t\t\t<\/span>\n\t\t\t\t\t\t\t<\/div>\n\t\t\t\t\t\t<\/div>\n\t\t\t\t\t\t<\/div>\n\t\t\t\t\t<\/div><\/div>\n\n\n  \n    <div class=\"row  equalize-box show-for-medium hide-for-small large-columns-3 medium-columns-2 small-columns-1 row-large has-shadow row-box-shadow-2 row-box-shadow-4-hover\" >\n  \t\n\t     <div class=\"col\" data-animate=\"fadeInUp\">\n\t\t\t\t\t\t<div class=\"col-inner\">\n\t\t\t\t\t\t\n<div class=\"badge-container badge-custom absolute right top z-1\">\n\n<\/div>\n\t\t\t\t\t\t<div class=\"product-small box has-hover box-normal box-text-bottom\">\n\t\t\t\t\t\t\t<div class=\"box-image\" >\n\t\t\t\t\t\t\t\t<div class=\"\" >\n\t\t\t\t\t\t\t\t\t<a href=\"https:\/\/schaumweinkontor.com\/en\/produkt\/fam-delouvin-champ-meunier-perpetuel-extra-brut-075-l\/\" aria-label=\"Famille Delouvin Champagne Meunier Perp\u00e9tuel Extra Brut 0,75 L\">\n\t\t\t\t\t\t\t\t\t\t<img loading=\"lazy\" decoding=\"async\" width=\"300\" height=\"300\" src=\"https:\/\/schaumweinkontor.com\/wp-content\/uploads\/2022\/06\/delouvin_2-300x300.png\" class=\"attachment-medium size-medium\" alt=\"Famille Delouvin Champagne Meunier Perp\u00e9tuel\" srcset=\"https:\/\/schaumweinkontor.com\/wp-content\/uploads\/2022\/06\/delouvin_2-300x300.png 300w, https:\/\/schaumweinkontor.com\/wp-content\/uploads\/2022\/06\/delouvin_2-100x100.png 100w, https:\/\/schaumweinkontor.com\/wp-content\/uploads\/2022\/06\/delouvin_2-510x510.png 510w, https:\/\/schaumweinkontor.com\/wp-content\/uploads\/2022\/06\/delouvin_2-150x150.png 150w, https:\/\/schaumweinkontor.com\/wp-content\/uploads\/2022\/06\/delouvin_2-768x768.png 768w, https:\/\/schaumweinkontor.com\/wp-content\/uploads\/2022\/06\/delouvin_2.png 1000w\" sizes=\"auto, (max-width: 300px) 100vw, 300px\" \/>\t\t\t\t\t\t\t\t\t<\/a>\n\t\t\t\t\t\t\t\t\t\t\t\t\t\t\t\t\t\t \t\t\t\t\t\t\t\t<\/div>\n\t\t\t\t\t\t\t\t<div class=\"image-tools top right show-on-hover\">\n\t\t\t\t\t\t\t\t\t\t\t\t\t\t\t\t\t<\/div>\n\t\t\t\t\t\t\t\t\t\t\t\t\t\t\t\t\t<div class=\"image-tools grid-tools text-center hide-for-small bottom hover-slide-in show-on-hover\">\n\t\t\t\t\t\t\t\t\t\t\t\t\t\t\t\t\t\t\t<\/div>\n\t\t\t\t\t\t\t\t\t\t\t\t\t\t\t\t\t\t\t\t\t\t\t<\/div>\n\n\t\t\t\t\t\t\t<div class=\"box-text text-center\" >\n\t\t\t\t\t\t\t\t<div class=\"title-wrapper\">\t\t<p class=\"category uppercase is-smaller no-text-overflow product-cat op-7\">\n\t\t\tFam. Delouvin\t\t<\/p>\n\t<p class=\"name product-title woocommerce-loop-product__title\"><a href=\"https:\/\/schaumweinkontor.com\/en\/produkt\/fam-delouvin-champ-meunier-perpetuel-extra-brut-075-l\/\" class=\"woocommerce-LoopProduct-link woocommerce-loop-product__link\">Famille Delouvin Champagne Meunier Perp\u00e9tuel Extra Brut 0,75 L<\/a><\/p><\/div><div class=\"price-wrapper\">\n\t<span class=\"price\"><span class=\"woocommerce-Price-amount amount\" role=\"none\"><bdi><span class=\"woocommerce-Price-currencySymbol\">&euro;<\/span>&nbsp;37,50<\/bdi><\/span> <small class=\"woocommerce-price-suffix\">inkl. MwSt.<\/small><\/span>\n<\/div><div class=\"add-to-cart-button\"><a href=\"\/en\/wp-json\/wp\/v2\/pages\/4628?add-to-cart=4788\" aria-describedby=\"woocommerce_loop_add_to_cart_link_describedby_4788\" data-quantity=\"1\" class=\"primary is-small mb-0 button product_type_simple add_to_cart_button ajax_add_to_cart is-outline\" data-product_id=\"4788\" data-product_sku=\"100300176\" aria-label=\"Add to cart: &ldquo;Famille Delouvin Champagne Meunier Perp\u00e9tuel Extra Brut 0,75 L&rdquo;\" rel=\"nofollow\" data-success_message=\"&ldquo;Famille Delouvin Champagne Meunier Perp\u00e9tuel Extra Brut 0,75 L&rdquo; has been added to your cart\" role=\"button\">Add to cart<\/a><\/div>\t<span id=\"woocommerce_loop_add_to_cart_link_describedby_4788\" class=\"screen-reader-text\">\n\t\t\t<\/span>\n\t\t\t\t\t\t\t<\/div>\n\t\t\t\t\t\t<\/div>\n\t\t\t\t\t\t<\/div>\n\t\t\t\t\t<\/div><div class=\"col\" data-animate=\"fadeInUp\">\n\t\t\t\t\t\t<div class=\"col-inner\">\n\t\t\t\t\t\t\n<div class=\"badge-container badge-custom absolute right top z-1\">\n\n<\/div>\n\t\t\t\t\t\t<div class=\"product-small box has-hover box-normal box-text-bottom\">\n\t\t\t\t\t\t\t<div class=\"box-image\" >\n\t\t\t\t\t\t\t\t<div class=\"\" >\n\t\t\t\t\t\t\t\t\t<a href=\"https:\/\/schaumweinkontor.com\/en\/produkt\/fam-delouvin-champ-semper-fidelis-extra-brut-075-l\/\" aria-label=\"Delouvin Champagne Semper Fidelis Extra Brut 0,75 L\">\n\t\t\t\t\t\t\t\t\t\t<img loading=\"lazy\" decoding=\"async\" width=\"300\" height=\"300\" src=\"https:\/\/schaumweinkontor.com\/wp-content\/uploads\/2022\/06\/Delouvin-Semper-Fidelis-Extra-Brut-075l-1-300x300.png\" class=\"attachment-medium size-medium\" alt=\"Delouvin Champagne Semper Fidelis Extra Brut 0,75 L\" srcset=\"https:\/\/schaumweinkontor.com\/wp-content\/uploads\/2022\/06\/Delouvin-Semper-Fidelis-Extra-Brut-075l-1-300x300.png 300w, https:\/\/schaumweinkontor.com\/wp-content\/uploads\/2022\/06\/Delouvin-Semper-Fidelis-Extra-Brut-075l-1-150x150.png 150w, https:\/\/schaumweinkontor.com\/wp-content\/uploads\/2022\/06\/Delouvin-Semper-Fidelis-Extra-Brut-075l-1-768x768.png 768w, https:\/\/schaumweinkontor.com\/wp-content\/uploads\/2022\/06\/Delouvin-Semper-Fidelis-Extra-Brut-075l-1-510x510.png 510w, https:\/\/schaumweinkontor.com\/wp-content\/uploads\/2022\/06\/Delouvin-Semper-Fidelis-Extra-Brut-075l-1-100x100.png 100w, https:\/\/schaumweinkontor.com\/wp-content\/uploads\/2022\/06\/Delouvin-Semper-Fidelis-Extra-Brut-075l-1.png 1000w\" sizes=\"auto, (max-width: 300px) 100vw, 300px\" \/>\t\t\t\t\t\t\t\t\t<\/a>\n\t\t\t\t\t\t\t\t\t\t\t\t\t\t\t\t\t\t \t\t\t\t\t\t\t\t<\/div>\n\t\t\t\t\t\t\t\t<div class=\"image-tools top right show-on-hover\">\n\t\t\t\t\t\t\t\t\t\t\t\t\t\t\t\t\t<\/div>\n\t\t\t\t\t\t\t\t\t\t\t\t\t\t\t\t\t<div class=\"image-tools grid-tools text-center hide-for-small bottom hover-slide-in show-on-hover\">\n\t\t\t\t\t\t\t\t\t\t\t\t\t\t\t\t\t\t\t<\/div>\n\t\t\t\t\t\t\t\t\t\t\t\t\t\t\t\t\t\t\t\t\t\t\t<\/div>\n\n\t\t\t\t\t\t\t<div class=\"box-text text-center\" >\n\t\t\t\t\t\t\t\t<div class=\"title-wrapper\">\t\t<p class=\"category uppercase is-smaller no-text-overflow product-cat op-7\">\n\t\t\tFam. Delouvin\t\t<\/p>\n\t<p class=\"name product-title woocommerce-loop-product__title\"><a href=\"https:\/\/schaumweinkontor.com\/en\/produkt\/fam-delouvin-champ-semper-fidelis-extra-brut-075-l\/\" class=\"woocommerce-LoopProduct-link woocommerce-loop-product__link\">Delouvin Champagne Semper Fidelis Extra Brut 0,75 L<\/a><\/p><\/div><div class=\"price-wrapper\">\n\t<span class=\"price\"><span class=\"woocommerce-Price-amount amount\" role=\"none\"><bdi><span class=\"woocommerce-Price-currencySymbol\">&euro;<\/span>&nbsp;44,20<\/bdi><\/span> <small class=\"woocommerce-price-suffix\">inkl. MwSt.<\/small><\/span>\n<\/div><div class=\"add-to-cart-button\"><a href=\"\/en\/wp-json\/wp\/v2\/pages\/4628?add-to-cart=4787\" aria-describedby=\"woocommerce_loop_add_to_cart_link_describedby_4787\" data-quantity=\"1\" class=\"primary is-small mb-0 button product_type_simple add_to_cart_button ajax_add_to_cart is-outline\" data-product_id=\"4787\" data-product_sku=\"100300177\" aria-label=\"Add to cart: &ldquo;Delouvin Champagne Semper Fidelis Extra Brut 0,75 L&rdquo;\" rel=\"nofollow\" data-success_message=\"&ldquo;Delouvin Champagne Semper Fidelis Extra Brut 0,75 L&rdquo; has been added to your cart\" role=\"button\">Add to cart<\/a><\/div>\t<span id=\"woocommerce_loop_add_to_cart_link_describedby_4787\" class=\"screen-reader-text\">\n\t\t\t<\/span>\n\t\t\t\t\t\t\t<\/div>\n\t\t\t\t\t\t<\/div>\n\t\t\t\t\t\t<\/div>\n\t\t\t\t\t<\/div><div class=\"col\" data-animate=\"fadeInUp\">\n\t\t\t\t\t\t<div class=\"col-inner\">\n\t\t\t\t\t\t\n<div class=\"badge-container badge-custom absolute right top z-1\">\n\n<\/div>\n\t\t\t\t\t\t<div class=\"product-small box has-hover box-normal box-text-bottom\">\n\t\t\t\t\t\t\t<div class=\"box-image\" >\n\t\t\t\t\t\t\t\t<div class=\"\" >\n\t\t\t\t\t\t\t\t\t<a href=\"https:\/\/schaumweinkontor.com\/en\/produkt\/delouvin-champ-bis-repetita-extra-brut-075-l\/\" aria-label=\"Delouvin Champ. Bis Repetita Extra Brut 0,75 L\">\n\t\t\t\t\t\t\t\t\t\t<img loading=\"lazy\" decoding=\"async\" width=\"300\" height=\"300\" src=\"https:\/\/schaumweinkontor.com\/wp-content\/uploads\/2024\/04\/Delouvin-Bis-Repetita-300x300.png\" class=\"attachment-medium size-medium\" alt=\"Delouvin Champ. Bis Repetita Extra Brut 0,75 L\" srcset=\"https:\/\/schaumweinkontor.com\/wp-content\/uploads\/2024\/04\/Delouvin-Bis-Repetita-300x300.png 300w, https:\/\/schaumweinkontor.com\/wp-content\/uploads\/2024\/04\/Delouvin-Bis-Repetita-100x100.png 100w, https:\/\/schaumweinkontor.com\/wp-content\/uploads\/2024\/04\/Delouvin-Bis-Repetita-510x510.png 510w, https:\/\/schaumweinkontor.com\/wp-content\/uploads\/2024\/04\/Delouvin-Bis-Repetita-150x150.png 150w, https:\/\/schaumweinkontor.com\/wp-content\/uploads\/2024\/04\/Delouvin-Bis-Repetita-768x768.png 768w, https:\/\/schaumweinkontor.com\/wp-content\/uploads\/2024\/04\/Delouvin-Bis-Repetita.png 1000w\" sizes=\"auto, (max-width: 300px) 100vw, 300px\" \/>\t\t\t\t\t\t\t\t\t<\/a>\n\t\t\t\t\t\t\t\t\t\t\t\t\t\t\t\t\t\t \t\t\t\t\t\t\t\t<\/div>\n\t\t\t\t\t\t\t\t<div class=\"image-tools top right show-on-hover\">\n\t\t\t\t\t\t\t\t\t\t\t\t\t\t\t\t\t<\/div>\n\t\t\t\t\t\t\t\t\t\t\t\t\t\t\t\t\t<div class=\"image-tools grid-tools text-center hide-for-small bottom hover-slide-in show-on-hover\">\n\t\t\t\t\t\t\t\t\t\t\t\t\t\t\t\t\t\t\t<\/div>\n\t\t\t\t\t\t\t\t\t\t\t\t\t\t\t\t\t\t\t\t\t\t\t<\/div>\n\n\t\t\t\t\t\t\t<div class=\"box-text text-center\" >\n\t\t\t\t\t\t\t\t<div class=\"title-wrapper\">\t\t<p class=\"category uppercase is-smaller no-text-overflow product-cat op-7\">\n\t\t\tChampagne\t\t<\/p>\n\t<p class=\"name product-title woocommerce-loop-product__title\"><a href=\"https:\/\/schaumweinkontor.com\/en\/produkt\/delouvin-champ-bis-repetita-extra-brut-075-l\/\" class=\"woocommerce-LoopProduct-link woocommerce-loop-product__link\">Delouvin Champ. Bis Repetita Extra Brut 0,75 L<\/a><\/p><\/div><div class=\"price-wrapper\">\n\t<span class=\"price\"><span class=\"woocommerce-Price-amount amount\" role=\"none\"><bdi><span class=\"woocommerce-Price-currencySymbol\">&euro;<\/span>&nbsp;59,00<\/bdi><\/span> <small class=\"woocommerce-price-suffix\">inkl. MwSt.<\/small><\/span>\n<\/div><div class=\"add-to-cart-button\"><a href=\"\/en\/wp-json\/wp\/v2\/pages\/4628?add-to-cart=5275\" aria-describedby=\"woocommerce_loop_add_to_cart_link_describedby_5275\" data-quantity=\"1\" class=\"primary is-small mb-0 button product_type_simple add_to_cart_button ajax_add_to_cart is-outline\" data-product_id=\"5275\" data-product_sku=\"100300179\" aria-label=\"Add to cart: &ldquo;Delouvin Champ. Bis Repetita Extra Brut 0,75 L&rdquo;\" rel=\"nofollow\" data-success_message=\"&ldquo;Delouvin Champ. Bis Repetita Extra Brut 0,75 L&rdquo; has been added to your cart\" role=\"button\">Add to cart<\/a><\/div>\t<span id=\"woocommerce_loop_add_to_cart_link_describedby_5275\" class=\"screen-reader-text\">\n\t\t\t<\/span>\n\t\t\t\t\t\t\t<\/div>\n\t\t\t\t\t\t<\/div>\n\t\t\t\t\t\t<\/div>\n\t\t\t\t\t<\/div><div class=\"col\" data-animate=\"fadeInUp\">\n\t\t\t\t\t\t<div class=\"col-inner\">\n\t\t\t\t\t\t\n<div class=\"badge-container badge-custom absolute right top z-1\">\n\n<\/div>\n\t\t\t\t\t\t<div class=\"product-small box has-hover box-normal box-text-bottom\">\n\t\t\t\t\t\t\t<div class=\"box-image\" >\n\t\t\t\t\t\t\t\t<div class=\"\" >\n\t\t\t\t\t\t\t\t\t<a href=\"https:\/\/schaumweinkontor.com\/en\/produkt\/fam-delouvin-champ-larpent-rouge-bdb-075-l\/\" aria-label=\"Fam. Delouvin Champ. L`Arpent Rouge BdB 0,75 L\">\n\t\t\t\t\t\t\t\t\t\t<img loading=\"lazy\" decoding=\"async\" width=\"300\" height=\"300\" src=\"https:\/\/schaumweinkontor.com\/wp-content\/uploads\/2022\/06\/Delouvin-2-300x300.png\" class=\"attachment-medium size-medium\" alt=\"Fam. Delouvin Champ. L`Arpent Rouge BdB 0,75 L\" srcset=\"https:\/\/schaumweinkontor.com\/wp-content\/uploads\/2022\/06\/Delouvin-2-300x300.png 300w, https:\/\/schaumweinkontor.com\/wp-content\/uploads\/2022\/06\/Delouvin-2-100x100.png 100w, https:\/\/schaumweinkontor.com\/wp-content\/uploads\/2022\/06\/Delouvin-2-510x510.png 510w, https:\/\/schaumweinkontor.com\/wp-content\/uploads\/2022\/06\/Delouvin-2-150x150.png 150w, https:\/\/schaumweinkontor.com\/wp-content\/uploads\/2022\/06\/Delouvin-2-768x768.png 768w, https:\/\/schaumweinkontor.com\/wp-content\/uploads\/2022\/06\/Delouvin-2.png 1000w\" sizes=\"auto, (max-width: 300px) 100vw, 300px\" \/>\t\t\t\t\t\t\t\t\t<\/a>\n\t\t\t\t\t\t\t\t\t\t\t\t\t\t\t\t\t\t \t\t\t\t\t\t\t\t<\/div>\n\t\t\t\t\t\t\t\t<div class=\"image-tools top right show-on-hover\">\n\t\t\t\t\t\t\t\t\t\t\t\t\t\t\t\t\t<\/div>\n\t\t\t\t\t\t\t\t\t\t\t\t\t\t\t\t\t<div class=\"image-tools grid-tools text-center hide-for-small bottom hover-slide-in show-on-hover\">\n\t\t\t\t\t\t\t\t\t\t\t\t\t\t\t\t\t\t\t<\/div>\n\t\t\t\t\t\t\t\t\t\t\t\t\t\t\t\t\t\t\t\t\t\t\t<\/div>\n\n\t\t\t\t\t\t\t<div class=\"box-text text-center\" >\n\t\t\t\t\t\t\t\t<div class=\"title-wrapper\">\t\t<p class=\"category uppercase is-smaller no-text-overflow product-cat op-7\">\n\t\t\tFam. Delouvin\t\t<\/p>\n\t<p class=\"name product-title woocommerce-loop-product__title\"><a href=\"https:\/\/schaumweinkontor.com\/en\/produkt\/fam-delouvin-champ-larpent-rouge-bdb-075-l\/\" class=\"woocommerce-LoopProduct-link woocommerce-loop-product__link\">Fam. Delouvin Champ. L`Arpent Rouge BdB 0,75 L<\/a><\/p><\/div><div class=\"price-wrapper\">\n\t<span class=\"price\"><span class=\"woocommerce-Price-amount amount\" role=\"none\"><bdi><span class=\"woocommerce-Price-currencySymbol\">&euro;<\/span>&nbsp;62,00<\/bdi><\/span> <small class=\"woocommerce-price-suffix\">inkl. MwSt.<\/small><\/span>\n<\/div><div class=\"add-to-cart-button\"><a href=\"\/en\/wp-json\/wp\/v2\/pages\/4628?add-to-cart=4786\" aria-describedby=\"woocommerce_loop_add_to_cart_link_describedby_4786\" data-quantity=\"1\" class=\"primary is-small mb-0 button product_type_simple add_to_cart_button ajax_add_to_cart is-outline\" data-product_id=\"4786\" data-product_sku=\"100300178\" aria-label=\"Add to cart: &ldquo;Fam. Delouvin Champ. L`Arpent Rouge BdB 0,75 L&rdquo;\" rel=\"nofollow\" data-success_message=\"&ldquo;Fam. Delouvin Champ. L`Arpent Rouge BdB 0,75 L&rdquo; has been added to your cart\" role=\"button\">Add to cart<\/a><\/div>\t<span id=\"woocommerce_loop_add_to_cart_link_describedby_4786\" class=\"screen-reader-text\">\n\t\t\t<\/span>\n\t\t\t\t\t\t\t<\/div>\n\t\t\t\t\t\t<\/div>\n\t\t\t\t\t\t<\/div>\n\t\t\t\t\t<\/div><\/div>\n\n<div class=\"text-center\"><div class=\"is-divider divider clearfix\" style=\"margin-top:3em;margin-bottom:3em;max-width:100%;height:2px;background-color:rgba(183, 149, 73, 0.419);\"><\/div><\/div>\n\n\n\t\t<\/div>\n\t\t\t\t\t<\/div>\n\n\t\n\n<\/div>\n\t<section class=\"section bg_winzer show-for-medium\" id=\"section_766976117\">\n\t\t<div class=\"bg section-bg fill bg-fill  \" >\n\n\t\t\t\n\t\t\t\n\t\t\t\n\n\t\t<\/div>\n\n\t\t\n\n\t\t<div class=\"section-content relative\">\n\t\t\t\n\n<div class=\"row row-collapse row-full-width align-middle align-center\"  id=\"row-45155352\">\n\n\n\t<div id=\"col-88200362\" class=\"col small-12 large-12\"  >\n\t\t\t\t<div class=\"col-inner\"  >\n\t\t\t\n\t\t\t\n\n<h2 id=\"guy-mobile\" class=\"uppercase\" style=\"text-align: center;\"><span style=\"font-size: 100%;\">DOMAINE MEA<\/span><\/h2>\n\n\t\t<\/div>\n\t\t\t\t\t<\/div>\n\n\t\n\n\n<style>\n#row-45155352 > .col > .col-inner {\n  padding: 15px 0px 0px 0px;\n}\n<\/style>\n<\/div>\n\n\t\t<\/div>\n\n\t\t\n<style>\n#section_766976117 {\n  padding-top: 20px;\n  padding-bottom: 20px;\n  margin-bottom: 30px;\n}\n#section_766976117 .section-bg.bg-loaded {\n  background-image: url(https:\/\/schaumweinkontor.com\/wp-content\/uploads\/2022\/06\/landscape-illu-gold-transp.png);\n}\n<\/style>\n\t<\/section>\n\t\n<div class=\"row row-collapse row-full-width align-middle align-center margin-auto\"  id=\"row-1769435348\">\n\n\n\t<div id=\"col-2094988760\" class=\"col small-12 large-12\"  >\n\t\t\t\t<div class=\"col-inner text-center\"  >\n\t\t\t\n\t\t\t\n\n\n  \n    <div id=\"product-grid-1005665574\" class=\"row margin-auto equalize-box show-for-medium hide-for-small large-columns-3 medium-columns-2 small-columns-1 row-large has-shadow row-box-shadow-2 row-box-shadow-4-hover row-masonry\" data-packery-options='{\"itemSelector\": \".col\", \"gutter\": 0, \"presentageWidth\" : true}'>\n\n  \t\n\t     <div class=\"col\" data-animate=\"fadeInUp\">\n\t\t\t\t\t\t<div class=\"col-inner\">\n\t\t\t\t\t\t\n<div class=\"badge-container badge-custom absolute right top z-1\">\n\n<\/div>\n\t\t\t\t\t\t<div class=\"product-small box margin-auto has-hover box-normal box-text-bottom\">\n\t\t\t\t\t\t\t<div class=\"box-image\" >\n\t\t\t\t\t\t\t\t<div class=\"\" >\n\t\t\t\t\t\t\t\t\t<a href=\"https:\/\/schaumweinkontor.com\/en\/produkt\/guy-mea-lassemblage-extra-brut-1er-cru-075-l\/\" aria-label=\"Domaine Mea L\u00b4Assemblage Extra Brut 1er Cru 0,75 L\">\n\t\t\t\t\t\t\t\t\t\t<img loading=\"lazy\" decoding=\"async\" width=\"300\" height=\"300\" src=\"https:\/\/schaumweinkontor.com\/wp-content\/uploads\/2022\/06\/Guy-Mea-LAssemble-1000x1000px-300x300.png\" class=\"attachment-medium size-medium\" alt=\"Domaine Mea  L\u00b4Assemblage Extra Brut 1er Cru\" srcset=\"https:\/\/schaumweinkontor.com\/wp-content\/uploads\/2022\/06\/Guy-Mea-LAssemble-1000x1000px-300x300.png 300w, https:\/\/schaumweinkontor.com\/wp-content\/uploads\/2022\/06\/Guy-Mea-LAssemble-1000x1000px-100x100.png 100w, https:\/\/schaumweinkontor.com\/wp-content\/uploads\/2022\/06\/Guy-Mea-LAssemble-1000x1000px-510x510.png 510w, https:\/\/schaumweinkontor.com\/wp-content\/uploads\/2022\/06\/Guy-Mea-LAssemble-1000x1000px-150x150.png 150w, https:\/\/schaumweinkontor.com\/wp-content\/uploads\/2022\/06\/Guy-Mea-LAssemble-1000x1000px-768x768.png 768w, https:\/\/schaumweinkontor.com\/wp-content\/uploads\/2022\/06\/Guy-Mea-LAssemble-1000x1000px.png 1000w\" sizes=\"auto, (max-width: 300px) 100vw, 300px\" \/>\t\t\t\t\t\t\t\t\t<\/a>\n\t\t\t\t\t\t\t\t\t\t\t\t\t\t\t\t\t\t \t\t\t\t\t\t\t\t<\/div>\n\t\t\t\t\t\t\t\t<div class=\"image-tools top right show-on-hover\">\n\t\t\t\t\t\t\t\t\t\t\t\t\t\t\t\t\t<\/div>\n\t\t\t\t\t\t\t\t\t\t\t\t\t\t\t\t\t<div class=\"image-tools grid-tools text-center hide-for-small bottom hover-slide-in show-on-hover\">\n\t\t\t\t\t\t\t\t\t\t\t\t\t\t\t\t\t\t\t<\/div>\n\t\t\t\t\t\t\t\t\t\t\t\t\t\t\t\t\t\t\t\t\t\t\t<\/div>\n\n\t\t\t\t\t\t\t<div class=\"box-text text-center\" >\n\t\t\t\t\t\t\t\t<div class=\"title-wrapper\">\t\t<p class=\"category uppercase is-smaller no-text-overflow product-cat op-7\">\n\t\t\tDomaine Mea\t\t<\/p>\n\t<p class=\"name product-title woocommerce-loop-product__title\"><a href=\"https:\/\/schaumweinkontor.com\/en\/produkt\/guy-mea-lassemblage-extra-brut-1er-cru-075-l\/\" class=\"woocommerce-LoopProduct-link woocommerce-loop-product__link\">Domaine Mea L\u00b4Assemblage Extra Brut 1er Cru 0,75 L<\/a><\/p><\/div><div class=\"price-wrapper\">\n\t<span class=\"price\"><span class=\"woocommerce-Price-amount amount\" role=\"none\"><bdi><span class=\"woocommerce-Price-currencySymbol\">&euro;<\/span>&nbsp;34,50<\/bdi><\/span> <small class=\"woocommerce-price-suffix\">inkl. MwSt.<\/small><\/span>\n<\/div><div class=\"add-to-cart-button\"><a href=\"\/en\/wp-json\/wp\/v2\/pages\/4628?add-to-cart=4793\" aria-describedby=\"woocommerce_loop_add_to_cart_link_describedby_4793\" data-quantity=\"1\" class=\"primary is-small mb-0 button product_type_simple add_to_cart_button ajax_add_to_cart is-outline\" data-product_id=\"4793\" data-product_sku=\"100300169\" aria-label=\"Add to cart: &ldquo;Domaine Mea L\u00b4Assemblage Extra Brut 1er Cru 0,75 L&rdquo;\" rel=\"nofollow\" data-success_message=\"&ldquo;Domaine Mea L\u00b4Assemblage Extra Brut 1er Cru 0,75 L&rdquo; has been added to your cart\" role=\"button\">Add to cart<\/a><\/div>\t<span id=\"woocommerce_loop_add_to_cart_link_describedby_4793\" class=\"screen-reader-text\">\n\t\t\t<\/span>\n\t\t\t\t\t\t\t<\/div>\n\t\t\t\t\t\t<\/div>\n\t\t\t\t\t\t<\/div>\n\t\t\t\t\t<\/div><div class=\"col\" data-animate=\"fadeInUp\">\n\t\t\t\t\t\t<div class=\"col-inner\">\n\t\t\t\t\t\t\n<div class=\"badge-container badge-custom absolute right top z-1\">\n\n<\/div>\n\t\t\t\t\t\t<div class=\"product-small box margin-auto has-hover box-normal box-text-bottom\">\n\t\t\t\t\t\t\t<div class=\"box-image\" >\n\t\t\t\t\t\t\t\t<div class=\"\" >\n\t\t\t\t\t\t\t\t\t<a href=\"https:\/\/schaumweinkontor.com\/en\/produkt\/guy-mea-champ-rosa-delice-brut-rose-1er-cru-075-l\/\" aria-label=\"Guy Mea Champagne Rosa D\u00e9lice Brut ros\u00e9 1er Cru 0,75 L\">\n\t\t\t\t\t\t\t\t\t\t<img loading=\"lazy\" decoding=\"async\" width=\"300\" height=\"300\" src=\"https:\/\/schaumweinkontor.com\/wp-content\/uploads\/2022\/06\/Guy-Mea-Champ.-Rosa-Delice-Brut-rose-1er-Cru-075-L-300x300.png\" class=\"attachment-medium size-medium\" alt=\"Guy Mea Champagne Rosa D\u00e9lice Brut ros\u00e9 1er Cru 0,75 L\" srcset=\"https:\/\/schaumweinkontor.com\/wp-content\/uploads\/2022\/06\/Guy-Mea-Champ.-Rosa-Delice-Brut-rose-1er-Cru-075-L-300x300.png 300w, https:\/\/schaumweinkontor.com\/wp-content\/uploads\/2022\/06\/Guy-Mea-Champ.-Rosa-Delice-Brut-rose-1er-Cru-075-L-100x100.png 100w, https:\/\/schaumweinkontor.com\/wp-content\/uploads\/2022\/06\/Guy-Mea-Champ.-Rosa-Delice-Brut-rose-1er-Cru-075-L-510x510.png 510w, https:\/\/schaumweinkontor.com\/wp-content\/uploads\/2022\/06\/Guy-Mea-Champ.-Rosa-Delice-Brut-rose-1er-Cru-075-L-150x150.png 150w, https:\/\/schaumweinkontor.com\/wp-content\/uploads\/2022\/06\/Guy-Mea-Champ.-Rosa-Delice-Brut-rose-1er-Cru-075-L-768x768.png 768w, https:\/\/schaumweinkontor.com\/wp-content\/uploads\/2022\/06\/Guy-Mea-Champ.-Rosa-Delice-Brut-rose-1er-Cru-075-L.png 1000w\" sizes=\"auto, (max-width: 300px) 100vw, 300px\" \/>\t\t\t\t\t\t\t\t\t<\/a>\n\t\t\t\t\t\t\t\t\t\t\t\t\t\t\t\t\t\t \t\t\t\t\t\t\t\t<\/div>\n\t\t\t\t\t\t\t\t<div class=\"image-tools top right show-on-hover\">\n\t\t\t\t\t\t\t\t\t\t\t\t\t\t\t\t\t<\/div>\n\t\t\t\t\t\t\t\t\t\t\t\t\t\t\t\t\t<div class=\"image-tools grid-tools text-center hide-for-small bottom hover-slide-in show-on-hover\">\n\t\t\t\t\t\t\t\t\t\t\t\t\t\t\t\t\t\t\t<\/div>\n\t\t\t\t\t\t\t\t\t\t\t\t\t\t\t\t\t\t\t\t\t\t\t<\/div>\n\n\t\t\t\t\t\t\t<div class=\"box-text text-center\" >\n\t\t\t\t\t\t\t\t<div class=\"title-wrapper\">\t\t<p class=\"category uppercase is-smaller no-text-overflow product-cat op-7\">\n\t\t\tDomaine Mea\t\t<\/p>\n\t<p class=\"name product-title woocommerce-loop-product__title\"><a href=\"https:\/\/schaumweinkontor.com\/en\/produkt\/guy-mea-champ-rosa-delice-brut-rose-1er-cru-075-l\/\" class=\"woocommerce-LoopProduct-link woocommerce-loop-product__link\">Guy Mea Champagne Rosa D\u00e9lice Brut ros\u00e9 1er Cru 0,75 L<\/a><\/p><\/div><div class=\"price-wrapper\">\n\t<span class=\"price\"><span class=\"woocommerce-Price-amount amount\" role=\"none\"><bdi><span class=\"woocommerce-Price-currencySymbol\">&euro;<\/span>&nbsp;35,90<\/bdi><\/span> <small class=\"woocommerce-price-suffix\">inkl. MwSt.<\/small><\/span>\n<\/div><div class=\"add-to-cart-button\"><a href=\"\/en\/wp-json\/wp\/v2\/pages\/4628?add-to-cart=4792\" aria-describedby=\"woocommerce_loop_add_to_cart_link_describedby_4792\" data-quantity=\"1\" class=\"primary is-small mb-0 button product_type_simple add_to_cart_button ajax_add_to_cart is-outline\" data-product_id=\"4792\" data-product_sku=\"100300165\" aria-label=\"Add to cart: &ldquo;Guy Mea Champagne Rosa D\u00e9lice Brut ros\u00e9 1er Cru 0,75 L&rdquo;\" rel=\"nofollow\" data-success_message=\"&ldquo;Guy Mea Champagne Rosa D\u00e9lice Brut ros\u00e9 1er Cru 0,75 L&rdquo; has been added to your cart\" role=\"button\">Add to cart<\/a><\/div>\t<span id=\"woocommerce_loop_add_to_cart_link_describedby_4792\" class=\"screen-reader-text\">\n\t\t\t<\/span>\n\t\t\t\t\t\t\t<\/div>\n\t\t\t\t\t\t<\/div>\n\t\t\t\t\t\t<\/div>\n\t\t\t\t\t<\/div><div class=\"col\" data-animate=\"fadeInUp\">\n\t\t\t\t\t\t<div class=\"col-inner\">\n\t\t\t\t\t\t\n<div class=\"badge-container badge-custom absolute right top z-1\">\n\n<\/div>\n\t\t\t\t\t\t<div class=\"product-small box margin-auto has-hover box-normal box-text-bottom\">\n\t\t\t\t\t\t\t<div class=\"box-image\" >\n\t\t\t\t\t\t\t\t<div class=\"\" >\n\t\t\t\t\t\t\t\t\t<a href=\"https:\/\/schaumweinkontor.com\/en\/produkt\/guy-mea-champagne-signature-extra-brut-1er-cru-075-l\/\" aria-label=\"Domaine Mea Champagne Sig\u00b4Nature Extra Brut 1er Cru 0,75 L\">\n\t\t\t\t\t\t\t\t\t\t<img loading=\"lazy\" decoding=\"async\" width=\"300\" height=\"300\" src=\"https:\/\/schaumweinkontor.com\/wp-content\/uploads\/2022\/06\/Domaine-MEA-SigNature-Extra-Brut-075-1000x1000-1-300x300.png\" class=\"attachment-medium size-medium\" alt=\"Domaine Mea Champagne Sig\u00b4Nature Extra Brut 1er Cru\" srcset=\"https:\/\/schaumweinkontor.com\/wp-content\/uploads\/2022\/06\/Domaine-MEA-SigNature-Extra-Brut-075-1000x1000-1-300x300.png 300w, https:\/\/schaumweinkontor.com\/wp-content\/uploads\/2022\/06\/Domaine-MEA-SigNature-Extra-Brut-075-1000x1000-1-100x100.png 100w, https:\/\/schaumweinkontor.com\/wp-content\/uploads\/2022\/06\/Domaine-MEA-SigNature-Extra-Brut-075-1000x1000-1-510x509.png 510w, https:\/\/schaumweinkontor.com\/wp-content\/uploads\/2022\/06\/Domaine-MEA-SigNature-Extra-Brut-075-1000x1000-1-150x150.png 150w, https:\/\/schaumweinkontor.com\/wp-content\/uploads\/2022\/06\/Domaine-MEA-SigNature-Extra-Brut-075-1000x1000-1-768x767.png 768w, https:\/\/schaumweinkontor.com\/wp-content\/uploads\/2022\/06\/Domaine-MEA-SigNature-Extra-Brut-075-1000x1000-1.png 1001w\" sizes=\"auto, (max-width: 300px) 100vw, 300px\" \/>\t\t\t\t\t\t\t\t\t<\/a>\n\t\t\t\t\t\t\t\t\t\t\t\t\t\t\t\t\t\t \t\t\t\t\t\t\t\t<\/div>\n\t\t\t\t\t\t\t\t<div class=\"image-tools top right show-on-hover\">\n\t\t\t\t\t\t\t\t\t\t\t\t\t\t\t\t\t<\/div>\n\t\t\t\t\t\t\t\t\t\t\t\t\t\t\t\t\t<div class=\"image-tools grid-tools text-center hide-for-small bottom hover-slide-in show-on-hover\">\n\t\t\t\t\t\t\t\t\t\t\t\t\t\t\t\t\t\t\t<\/div>\n\t\t\t\t\t\t\t\t\t\t\t\t\t\t\t\t\t\t\t\t\t\t\t<\/div>\n\n\t\t\t\t\t\t\t<div class=\"box-text text-center\" >\n\t\t\t\t\t\t\t\t<div class=\"title-wrapper\">\t\t<p class=\"category uppercase is-smaller no-text-overflow product-cat op-7\">\n\t\t\tDomaine Mea\t\t<\/p>\n\t<p class=\"name product-title woocommerce-loop-product__title\"><a href=\"https:\/\/schaumweinkontor.com\/en\/produkt\/guy-mea-champagne-signature-extra-brut-1er-cru-075-l\/\" class=\"woocommerce-LoopProduct-link woocommerce-loop-product__link\">Domaine Mea Champagne Sig\u00b4Nature Extra Brut 1er Cru 0,75 L<\/a><\/p><\/div><div class=\"price-wrapper\">\n\t<span class=\"price\"><span class=\"woocommerce-Price-amount amount\" role=\"none\"><bdi><span class=\"woocommerce-Price-currencySymbol\">&euro;<\/span>&nbsp;37,90<\/bdi><\/span> <small class=\"woocommerce-price-suffix\">inkl. MwSt.<\/small><\/span>\n<\/div><div class=\"add-to-cart-button\"><a href=\"\/en\/wp-json\/wp\/v2\/pages\/4628?add-to-cart=4790\" aria-describedby=\"woocommerce_loop_add_to_cart_link_describedby_4790\" data-quantity=\"1\" class=\"primary is-small mb-0 button product_type_simple add_to_cart_button ajax_add_to_cart is-outline\" data-product_id=\"4790\" data-product_sku=\"100300167\" aria-label=\"Add to cart: &ldquo;Domaine Mea Champagne Sig\u00b4Nature Extra Brut 1er Cru 0,75 L&rdquo;\" rel=\"nofollow\" data-success_message=\"&ldquo;Domaine Mea Champagne Sig\u00b4Nature Extra Brut 1er Cru 0,75 L&rdquo; has been added to your cart\" role=\"button\">Add to cart<\/a><\/div>\t<span id=\"woocommerce_loop_add_to_cart_link_describedby_4790\" class=\"screen-reader-text\">\n\t\t\t<\/span>\n\t\t\t\t\t\t\t<\/div>\n\t\t\t\t\t\t<\/div>\n\t\t\t\t\t\t<\/div>\n\t\t\t\t\t<\/div><div class=\"col\" data-animate=\"fadeInUp\">\n\t\t\t\t\t\t<div class=\"col-inner\">\n\t\t\t\t\t\t\n<div class=\"badge-container badge-custom absolute right top z-1\">\n\n<\/div>\n\t\t\t\t\t\t<div class=\"product-small box margin-auto has-hover box-normal box-text-bottom\">\n\t\t\t\t\t\t\t<div class=\"box-image\" >\n\t\t\t\t\t\t\t\t<div class=\"\" >\n\t\t\t\t\t\t\t\t\t<a href=\"https:\/\/schaumweinkontor.com\/en\/produkt\/guy-mea-champ-prestige-le-grillon-brut-1er-cru-075-l\/\" aria-label=\"Domaine Mea Champagne Prestige Le Grillon Brut 1er Cru 0,75 L\">\n\t\t\t\t\t\t\t\t\t\t<img loading=\"lazy\" decoding=\"async\" width=\"300\" height=\"300\" src=\"https:\/\/schaumweinkontor.com\/wp-content\/uploads\/2023\/05\/Domaine-MEA-Le-Grillo-Brut-1er-Cru-075-1000x1000-1-300x300.png\" class=\"attachment-medium size-medium\" alt=\"Domaine Mea Champagne Prestige Le Grillon Brut 1er Cru 0,75 L\" srcset=\"https:\/\/schaumweinkontor.com\/wp-content\/uploads\/2023\/05\/Domaine-MEA-Le-Grillo-Brut-1er-Cru-075-1000x1000-1-300x300.png 300w, https:\/\/schaumweinkontor.com\/wp-content\/uploads\/2023\/05\/Domaine-MEA-Le-Grillo-Brut-1er-Cru-075-1000x1000-1-100x100.png 100w, https:\/\/schaumweinkontor.com\/wp-content\/uploads\/2023\/05\/Domaine-MEA-Le-Grillo-Brut-1er-Cru-075-1000x1000-1-510x509.png 510w, https:\/\/schaumweinkontor.com\/wp-content\/uploads\/2023\/05\/Domaine-MEA-Le-Grillo-Brut-1er-Cru-075-1000x1000-1-150x150.png 150w, https:\/\/schaumweinkontor.com\/wp-content\/uploads\/2023\/05\/Domaine-MEA-Le-Grillo-Brut-1er-Cru-075-1000x1000-1-768x767.png 768w, https:\/\/schaumweinkontor.com\/wp-content\/uploads\/2023\/05\/Domaine-MEA-Le-Grillo-Brut-1er-Cru-075-1000x1000-1.png 1001w\" sizes=\"auto, (max-width: 300px) 100vw, 300px\" \/>\t\t\t\t\t\t\t\t\t<\/a>\n\t\t\t\t\t\t\t\t\t\t\t\t\t\t\t\t\t\t \t\t\t\t\t\t\t\t<\/div>\n\t\t\t\t\t\t\t\t<div class=\"image-tools top right show-on-hover\">\n\t\t\t\t\t\t\t\t\t\t\t\t\t\t\t\t\t<\/div>\n\t\t\t\t\t\t\t\t\t\t\t\t\t\t\t\t\t<div class=\"image-tools grid-tools text-center hide-for-small bottom hover-slide-in show-on-hover\">\n\t\t\t\t\t\t\t\t\t\t\t\t\t\t\t\t\t\t\t<\/div>\n\t\t\t\t\t\t\t\t\t\t\t\t\t\t\t\t\t\t\t\t\t\t\t<\/div>\n\n\t\t\t\t\t\t\t<div class=\"box-text text-center\" >\n\t\t\t\t\t\t\t\t<div class=\"title-wrapper\">\t\t<p class=\"category uppercase is-smaller no-text-overflow product-cat op-7\">\n\t\t\tDomaine Mea\t\t<\/p>\n\t<p class=\"name product-title woocommerce-loop-product__title\"><a href=\"https:\/\/schaumweinkontor.com\/en\/produkt\/guy-mea-champ-prestige-le-grillon-brut-1er-cru-075-l\/\" class=\"woocommerce-LoopProduct-link woocommerce-loop-product__link\">Domaine Mea Champagne Prestige Le Grillon Brut 1er Cru 0,75 L<\/a><\/p><\/div><div class=\"price-wrapper\">\n\t<span class=\"price\"><span class=\"woocommerce-Price-amount amount\" role=\"none\"><bdi><span class=\"woocommerce-Price-currencySymbol\">&euro;<\/span>&nbsp;37,90<\/bdi><\/span> <small class=\"woocommerce-price-suffix\">inkl. MwSt.<\/small><\/span>\n<\/div><div class=\"add-to-cart-button\"><a href=\"\/en\/wp-json\/wp\/v2\/pages\/4628?add-to-cart=4791\" aria-describedby=\"woocommerce_loop_add_to_cart_link_describedby_4791\" data-quantity=\"1\" class=\"primary is-small mb-0 button product_type_simple add_to_cart_button ajax_add_to_cart is-outline\" data-product_id=\"4791\" data-product_sku=\"100300166\" aria-label=\"Add to cart: &ldquo;Domaine Mea Champagne Prestige Le Grillon Brut 1er Cru 0,75 L&rdquo;\" rel=\"nofollow\" data-success_message=\"&ldquo;Domaine Mea Champagne Prestige Le Grillon Brut 1er Cru 0,75 L&rdquo; has been added to your cart\" role=\"button\">Add to cart<\/a><\/div>\t<span id=\"woocommerce_loop_add_to_cart_link_describedby_4791\" class=\"screen-reader-text\">\n\t\t\t<\/span>\n\t\t\t\t\t\t\t<\/div>\n\t\t\t\t\t\t<\/div>\n\t\t\t\t\t\t<\/div>\n\t\t\t\t\t<\/div><div class=\"col\" data-animate=\"fadeInUp\">\n\t\t\t\t\t\t<div class=\"col-inner\">\n\t\t\t\t\t\t\n<div class=\"badge-container badge-custom absolute right top z-1\">\n\n<\/div>\n\t\t\t\t\t\t<div class=\"product-small box margin-auto has-hover box-normal box-text-bottom\">\n\t\t\t\t\t\t\t<div class=\"box-image\" >\n\t\t\t\t\t\t\t\t<div class=\"\" >\n\t\t\t\t\t\t\t\t\t<a href=\"https:\/\/schaumweinkontor.com\/en\/produkt\/guy-mea-champagne-belle-de-blancs-millesime-2015-075-l\/\" aria-label=\"Domaine Mea Champagne Belle de Blancs Millesime 2015 0,75 L\">\n\t\t\t\t\t\t\t\t\t\t<img loading=\"lazy\" decoding=\"async\" width=\"300\" height=\"300\" src=\"https:\/\/schaumweinkontor.com\/wp-content\/uploads\/2022\/06\/Guy-Mea-300x300.png\" class=\"attachment-medium size-medium\" alt=\"Domaine Mea Champagne Belle de Blancs Millesime 2015 0,75 L\" srcset=\"https:\/\/schaumweinkontor.com\/wp-content\/uploads\/2022\/06\/Guy-Mea-300x300.png 300w, https:\/\/schaumweinkontor.com\/wp-content\/uploads\/2022\/06\/Guy-Mea-100x100.png 100w, https:\/\/schaumweinkontor.com\/wp-content\/uploads\/2022\/06\/Guy-Mea-510x510.png 510w, https:\/\/schaumweinkontor.com\/wp-content\/uploads\/2022\/06\/Guy-Mea-150x150.png 150w, https:\/\/schaumweinkontor.com\/wp-content\/uploads\/2022\/06\/Guy-Mea-768x768.png 768w, https:\/\/schaumweinkontor.com\/wp-content\/uploads\/2022\/06\/Guy-Mea.png 1000w\" sizes=\"auto, (max-width: 300px) 100vw, 300px\" \/>\t\t\t\t\t\t\t\t\t<\/a>\n\t\t\t\t\t\t\t\t\t\t\t\t\t\t\t\t\t\t \t\t\t\t\t\t\t\t<\/div>\n\t\t\t\t\t\t\t\t<div class=\"image-tools top right show-on-hover\">\n\t\t\t\t\t\t\t\t\t\t\t\t\t\t\t\t\t<\/div>\n\t\t\t\t\t\t\t\t\t\t\t\t\t\t\t\t\t<div class=\"image-tools grid-tools text-center hide-for-small bottom hover-slide-in show-on-hover\">\n\t\t\t\t\t\t\t\t\t\t\t\t\t\t\t\t\t\t\t<\/div>\n\t\t\t\t\t\t\t\t\t\t\t\t\t\t\t\t\t\t\t\t\t\t\t<\/div>\n\n\t\t\t\t\t\t\t<div class=\"box-text text-center\" >\n\t\t\t\t\t\t\t\t<div class=\"title-wrapper\">\t\t<p class=\"category uppercase is-smaller no-text-overflow product-cat op-7\">\n\t\t\tDomaine Mea\t\t<\/p>\n\t<p class=\"name product-title woocommerce-loop-product__title\"><a href=\"https:\/\/schaumweinkontor.com\/en\/produkt\/guy-mea-champagne-belle-de-blancs-millesime-2015-075-l\/\" class=\"woocommerce-LoopProduct-link woocommerce-loop-product__link\">Domaine Mea Champagne Belle de Blancs Millesime 2015 0,75 L<\/a><\/p><\/div><div class=\"price-wrapper\">\n\t<span class=\"price\"><span class=\"woocommerce-Price-amount amount\" role=\"none\"><bdi><span class=\"woocommerce-Price-currencySymbol\">&euro;<\/span>&nbsp;62,80<\/bdi><\/span> <small class=\"woocommerce-price-suffix\">inkl. MwSt.<\/small><\/span>\n<\/div><div class=\"add-to-cart-button\"><a href=\"\/en\/wp-json\/wp\/v2\/pages\/4628?add-to-cart=4789\" aria-describedby=\"woocommerce_loop_add_to_cart_link_describedby_4789\" data-quantity=\"1\" class=\"primary is-small mb-0 button product_type_simple add_to_cart_button ajax_add_to_cart is-outline\" data-product_id=\"4789\" data-product_sku=\"100300168\" aria-label=\"Add to cart: &ldquo;Domaine Mea Champagne Belle de Blancs Millesime 2015 0,75 L&rdquo;\" rel=\"nofollow\" data-success_message=\"&ldquo;Domaine Mea Champagne Belle de Blancs Millesime 2015 0,75 L&rdquo; has been added to your cart\" role=\"button\">Add to cart<\/a><\/div>\t<span id=\"woocommerce_loop_add_to_cart_link_describedby_4789\" class=\"screen-reader-text\">\n\t\t\t<\/span>\n\t\t\t\t\t\t\t<\/div>\n\t\t\t\t\t\t<\/div>\n\t\t\t\t\t\t<\/div>\n\t\t\t\t\t<\/div><div class=\"col\" data-animate=\"fadeInUp\">\n\t\t\t\t\t\t<div class=\"col-inner\">\n\t\t\t\t\t\t\n<div class=\"badge-container badge-custom absolute right top z-1\">\n\n<\/div>\n\t\t\t\t\t\t<div class=\"product-small box margin-auto has-hover box-normal box-text-bottom\">\n\t\t\t\t\t\t\t<div class=\"box-image\" >\n\t\t\t\t\t\t\t\t<div class=\"\" >\n\t\t\t\t\t\t\t\t\t<a href=\"https:\/\/schaumweinkontor.com\/en\/produkt\/domaine-mea-belle-de-noir-2016-extra-brut-1er-cru-075-l\/\" aria-label=\"Domaine Mea Belle de Noir 2016 Extra Brut 1er Cru 0,75 L\">\n\t\t\t\t\t\t\t\t\t\t<img loading=\"lazy\" decoding=\"async\" width=\"300\" height=\"300\" src=\"https:\/\/schaumweinkontor.com\/wp-content\/uploads\/2024\/04\/Domaine-Mea-Belle-de-Noir-2016-300x300.png\" class=\"attachment-medium size-medium\" alt=\"Domaine Mea Belle de Noir 2016 Extra Brut 1er Cru 0,75 L\" srcset=\"https:\/\/schaumweinkontor.com\/wp-content\/uploads\/2024\/04\/Domaine-Mea-Belle-de-Noir-2016-300x300.png 300w, https:\/\/schaumweinkontor.com\/wp-content\/uploads\/2024\/04\/Domaine-Mea-Belle-de-Noir-2016-100x100.png 100w, https:\/\/schaumweinkontor.com\/wp-content\/uploads\/2024\/04\/Domaine-Mea-Belle-de-Noir-2016-510x510.png 510w, https:\/\/schaumweinkontor.com\/wp-content\/uploads\/2024\/04\/Domaine-Mea-Belle-de-Noir-2016-150x150.png 150w, https:\/\/schaumweinkontor.com\/wp-content\/uploads\/2024\/04\/Domaine-Mea-Belle-de-Noir-2016-768x768.png 768w, https:\/\/schaumweinkontor.com\/wp-content\/uploads\/2024\/04\/Domaine-Mea-Belle-de-Noir-2016.png 1000w\" sizes=\"auto, (max-width: 300px) 100vw, 300px\" \/>\t\t\t\t\t\t\t\t\t<\/a>\n\t\t\t\t\t\t\t\t\t\t\t\t\t\t\t\t\t\t \t\t\t\t\t\t\t\t<\/div>\n\t\t\t\t\t\t\t\t<div class=\"image-tools top right show-on-hover\">\n\t\t\t\t\t\t\t\t\t\t\t\t\t\t\t\t\t<\/div>\n\t\t\t\t\t\t\t\t\t\t\t\t\t\t\t\t\t<div class=\"image-tools grid-tools text-center hide-for-small bottom hover-slide-in show-on-hover\">\n\t\t\t\t\t\t\t\t\t\t\t\t\t\t\t\t\t\t\t<\/div>\n\t\t\t\t\t\t\t\t\t\t\t\t\t\t\t\t<div class=\"out-of-stock-label\">Out of stock<\/div>\t\t\t\t\t\t\t<\/div>\n\n\t\t\t\t\t\t\t<div class=\"box-text text-center\" >\n\t\t\t\t\t\t\t\t<div class=\"title-wrapper\">\t\t<p class=\"category uppercase is-smaller no-text-overflow product-cat op-7\">\n\t\t\tChampagne\t\t<\/p>\n\t<p class=\"name product-title woocommerce-loop-product__title\"><a href=\"https:\/\/schaumweinkontor.com\/en\/produkt\/domaine-mea-belle-de-noir-2016-extra-brut-1er-cru-075-l\/\" class=\"woocommerce-LoopProduct-link woocommerce-loop-product__link\">Domaine Mea Belle de Noir 2016 Extra Brut 1er Cru 0,75 L<\/a><\/p><\/div><div class=\"price-wrapper\">\n\t<span class=\"price\"><span class=\"woocommerce-Price-amount amount\" role=\"none\"><bdi><span class=\"woocommerce-Price-currencySymbol\">&euro;<\/span>&nbsp;63,00<\/bdi><\/span> <small class=\"woocommerce-price-suffix\">inkl. MwSt.<\/small><\/span>\n<\/div><div class=\"add-to-cart-button\"><a href=\"https:\/\/schaumweinkontor.com\/en\/produkt\/domaine-mea-belle-de-noir-2016-extra-brut-1er-cru-075-l\/\" aria-describedby=\"woocommerce_loop_add_to_cart_link_describedby_5270\" data-quantity=\"1\" class=\"primary is-small mb-0 button product_type_simple is-outline\" data-product_id=\"5270\" data-product_sku=\"100300173\" aria-label=\"Read more about &ldquo;Domaine Mea Belle de Noir 2016 Extra Brut 1er Cru 0,75 L&rdquo;\" rel=\"nofollow\" data-success_message=\"\">Read more<\/a><\/div>\t<span id=\"woocommerce_loop_add_to_cart_link_describedby_5270\" class=\"screen-reader-text\">\n\t\t\t<\/span>\n\t\t\t\t\t\t\t<\/div>\n\t\t\t\t\t\t<\/div>\n\t\t\t\t\t\t<\/div>\n\t\t\t\t\t<\/div><div class=\"col\" data-animate=\"fadeInUp\">\n\t\t\t\t\t\t<div class=\"col-inner\">\n\t\t\t\t\t\t\n<div class=\"badge-container badge-custom absolute right top z-1\">\n\n<\/div>\n\t\t\t\t\t\t<div class=\"product-small box margin-auto has-hover box-normal box-text-bottom\">\n\t\t\t\t\t\t\t<div class=\"box-image\" >\n\t\t\t\t\t\t\t\t<div class=\"\" >\n\t\t\t\t\t\t\t\t\t<a href=\"https:\/\/schaumweinkontor.com\/en\/produkt\/guy-mea-champ-prestige-le-grillon-brut-1er-cru-15-l-jeroboam\/\" aria-label=\"Domaine Mea Champagne Prestige Le Grillon Brut 1er Cru 1,5 L\">\n\t\t\t\t\t\t\t\t\t\t<img loading=\"lazy\" decoding=\"async\" width=\"300\" height=\"300\" src=\"https:\/\/schaumweinkontor.com\/wp-content\/uploads\/2023\/05\/Domaine-MEA-Le-Grillo-Brut-1er-Cru-075-1000x1000-1-300x300.png\" class=\"attachment-medium size-medium\" alt=\"Domaine Mea Champagne Prestige Le Grillon Brut 1er Cru 0,75 L\" srcset=\"https:\/\/schaumweinkontor.com\/wp-content\/uploads\/2023\/05\/Domaine-MEA-Le-Grillo-Brut-1er-Cru-075-1000x1000-1-300x300.png 300w, https:\/\/schaumweinkontor.com\/wp-content\/uploads\/2023\/05\/Domaine-MEA-Le-Grillo-Brut-1er-Cru-075-1000x1000-1-100x100.png 100w, https:\/\/schaumweinkontor.com\/wp-content\/uploads\/2023\/05\/Domaine-MEA-Le-Grillo-Brut-1er-Cru-075-1000x1000-1-510x509.png 510w, https:\/\/schaumweinkontor.com\/wp-content\/uploads\/2023\/05\/Domaine-MEA-Le-Grillo-Brut-1er-Cru-075-1000x1000-1-150x150.png 150w, https:\/\/schaumweinkontor.com\/wp-content\/uploads\/2023\/05\/Domaine-MEA-Le-Grillo-Brut-1er-Cru-075-1000x1000-1-768x767.png 768w, https:\/\/schaumweinkontor.com\/wp-content\/uploads\/2023\/05\/Domaine-MEA-Le-Grillo-Brut-1er-Cru-075-1000x1000-1.png 1001w\" sizes=\"auto, (max-width: 300px) 100vw, 300px\" \/>\t\t\t\t\t\t\t\t\t<\/a>\n\t\t\t\t\t\t\t\t\t\t\t\t\t\t\t\t\t\t \t\t\t\t\t\t\t\t<\/div>\n\t\t\t\t\t\t\t\t<div class=\"image-tools top right show-on-hover\">\n\t\t\t\t\t\t\t\t\t\t\t\t\t\t\t\t\t<\/div>\n\t\t\t\t\t\t\t\t\t\t\t\t\t\t\t\t\t<div class=\"image-tools grid-tools text-center hide-for-small bottom hover-slide-in show-on-hover\">\n\t\t\t\t\t\t\t\t\t\t\t\t\t\t\t\t\t\t\t<\/div>\n\t\t\t\t\t\t\t\t\t\t\t\t\t\t\t\t\t\t\t\t\t\t\t<\/div>\n\n\t\t\t\t\t\t\t<div class=\"box-text text-center\" >\n\t\t\t\t\t\t\t\t<div class=\"title-wrapper\">\t\t<p class=\"category uppercase is-smaller no-text-overflow product-cat op-7\">\n\t\t\tDomaine Mea\t\t<\/p>\n\t<p class=\"name product-title woocommerce-loop-product__title\"><a href=\"https:\/\/schaumweinkontor.com\/en\/produkt\/guy-mea-champ-prestige-le-grillon-brut-1er-cru-15-l-jeroboam\/\" class=\"woocommerce-LoopProduct-link woocommerce-loop-product__link\">Domaine Mea Champagne Prestige Le Grillon Brut 1er Cru 1,5 L<\/a><\/p><\/div><div class=\"price-wrapper\">\n\t<span class=\"price\"><span class=\"woocommerce-Price-amount amount\" role=\"none\"><bdi><span class=\"woocommerce-Price-currencySymbol\">&euro;<\/span>&nbsp;83,50<\/bdi><\/span> <small class=\"woocommerce-price-suffix\">inkl. MwSt.<\/small><\/span>\n<\/div><div class=\"add-to-cart-button\"><a href=\"\/en\/wp-json\/wp\/v2\/pages\/4628?add-to-cart=4673\" aria-describedby=\"woocommerce_loop_add_to_cart_link_describedby_4673\" data-quantity=\"1\" class=\"primary is-small mb-0 button product_type_simple add_to_cart_button ajax_add_to_cart is-outline\" data-product_id=\"4673\" data-product_sku=\"100300172\" aria-label=\"Add to cart: &ldquo;Domaine Mea Champagne Prestige Le Grillon Brut 1er Cru 1,5 L&rdquo;\" rel=\"nofollow\" data-success_message=\"&ldquo;Domaine Mea Champagne Prestige Le Grillon Brut 1er Cru 1,5 L&rdquo; has been added to your cart\" role=\"button\">Add to cart<\/a><\/div>\t<span id=\"woocommerce_loop_add_to_cart_link_describedby_4673\" class=\"screen-reader-text\">\n\t\t\t<\/span>\n\t\t\t\t\t\t\t<\/div>\n\t\t\t\t\t\t<\/div>\n\t\t\t\t\t\t<\/div>\n\t\t\t\t\t<\/div><div class=\"col\" data-animate=\"fadeInUp\">\n\t\t\t\t\t\t<div class=\"col-inner\">\n\t\t\t\t\t\t\n<div class=\"badge-container badge-custom absolute right top z-1\">\n\n<\/div>\n\t\t\t\t\t\t<div class=\"product-small box margin-auto has-hover box-normal box-text-bottom\">\n\t\t\t\t\t\t\t<div class=\"box-image\" >\n\t\t\t\t\t\t\t\t<div class=\"\" >\n\t\t\t\t\t\t\t\t\t<a href=\"https:\/\/schaumweinkontor.com\/en\/produkt\/guy-mea-champ-prestige-le-grillon-brut-1er-cru-3-l-jeroboam\/\" aria-label=\"Guy Mea Champ. Prestige Le Grillon Brut 1er Cru 3 L Jeroboam\">\n\t\t\t\t\t\t\t\t\t\t<img loading=\"lazy\" decoding=\"async\" width=\"300\" height=\"300\" src=\"https:\/\/schaumweinkontor.com\/wp-content\/uploads\/2023\/05\/Domaine-MEA-Le-Grillo-Brut-1er-Cru-075-1000x1000-1-300x300.png\" class=\"attachment-medium size-medium\" alt=\"Domaine Mea Champagne Prestige Le Grillon Brut 1er Cru 0,75 L\" srcset=\"https:\/\/schaumweinkontor.com\/wp-content\/uploads\/2023\/05\/Domaine-MEA-Le-Grillo-Brut-1er-Cru-075-1000x1000-1-300x300.png 300w, https:\/\/schaumweinkontor.com\/wp-content\/uploads\/2023\/05\/Domaine-MEA-Le-Grillo-Brut-1er-Cru-075-1000x1000-1-100x100.png 100w, https:\/\/schaumweinkontor.com\/wp-content\/uploads\/2023\/05\/Domaine-MEA-Le-Grillo-Brut-1er-Cru-075-1000x1000-1-510x509.png 510w, https:\/\/schaumweinkontor.com\/wp-content\/uploads\/2023\/05\/Domaine-MEA-Le-Grillo-Brut-1er-Cru-075-1000x1000-1-150x150.png 150w, https:\/\/schaumweinkontor.com\/wp-content\/uploads\/2023\/05\/Domaine-MEA-Le-Grillo-Brut-1er-Cru-075-1000x1000-1-768x767.png 768w, https:\/\/schaumweinkontor.com\/wp-content\/uploads\/2023\/05\/Domaine-MEA-Le-Grillo-Brut-1er-Cru-075-1000x1000-1.png 1001w\" sizes=\"auto, (max-width: 300px) 100vw, 300px\" \/>\t\t\t\t\t\t\t\t\t<\/a>\n\t\t\t\t\t\t\t\t\t\t\t\t\t\t\t\t\t\t \t\t\t\t\t\t\t\t<\/div>\n\t\t\t\t\t\t\t\t<div class=\"image-tools top right show-on-hover\">\n\t\t\t\t\t\t\t\t\t\t\t\t\t\t\t\t\t<\/div>\n\t\t\t\t\t\t\t\t\t\t\t\t\t\t\t\t\t<div class=\"image-tools grid-tools text-center hide-for-small bottom hover-slide-in show-on-hover\">\n\t\t\t\t\t\t\t\t\t\t\t\t\t\t\t\t\t\t\t<\/div>\n\t\t\t\t\t\t\t\t\t\t\t\t\t\t\t\t\t\t\t\t\t\t\t<\/div>\n\n\t\t\t\t\t\t\t<div class=\"box-text text-center\" >\n\t\t\t\t\t\t\t\t<div class=\"title-wrapper\">\t\t<p class=\"category uppercase is-smaller no-text-overflow product-cat op-7\">\n\t\t\tDomaine Mea\t\t<\/p>\n\t<p class=\"name product-title woocommerce-loop-product__title\"><a href=\"https:\/\/schaumweinkontor.com\/en\/produkt\/guy-mea-champ-prestige-le-grillon-brut-1er-cru-3-l-jeroboam\/\" class=\"woocommerce-LoopProduct-link woocommerce-loop-product__link\">Guy Mea Champ. Prestige Le Grillon Brut 1er Cru 3 L Jeroboam<\/a><\/p><\/div><div class=\"price-wrapper\">\n\t<span class=\"price\"><span class=\"woocommerce-Price-amount amount\" role=\"none\"><bdi><span class=\"woocommerce-Price-currencySymbol\">&euro;<\/span>&nbsp;249,00<\/bdi><\/span> <small class=\"woocommerce-price-suffix\">inkl. MwSt.<\/small><\/span>\n<\/div><div class=\"add-to-cart-button\"><a href=\"\/en\/wp-json\/wp\/v2\/pages\/4628?add-to-cart=4723\" aria-describedby=\"woocommerce_loop_add_to_cart_link_describedby_4723\" data-quantity=\"1\" class=\"primary is-small mb-0 button product_type_simple add_to_cart_button ajax_add_to_cart is-outline\" data-product_id=\"4723\" data-product_sku=\"100300170\" aria-label=\"Add to cart: &ldquo;Guy Mea Champ. Prestige Le Grillon Brut 1er Cru 3 L Jeroboam&rdquo;\" rel=\"nofollow\" data-success_message=\"&ldquo;Guy Mea Champ. Prestige Le Grillon Brut 1er Cru 3 L Jeroboam&rdquo; has been added to your cart\" role=\"button\">Add to cart<\/a><\/div>\t<span id=\"woocommerce_loop_add_to_cart_link_describedby_4723\" class=\"screen-reader-text\">\n\t\t\t<\/span>\n\t\t\t\t\t\t\t<\/div>\n\t\t\t\t\t\t<\/div>\n\t\t\t\t\t\t<\/div>\n\t\t\t\t\t<\/div><div class=\"col\" data-animate=\"fadeInUp\">\n\t\t\t\t\t\t<div class=\"col-inner\">\n\t\t\t\t\t\t\n<div class=\"badge-container badge-custom absolute right top z-1\">\n\n<\/div>\n\t\t\t\t\t\t<div class=\"product-small box margin-auto has-hover box-normal box-text-bottom\">\n\t\t\t\t\t\t\t<div class=\"box-image\" >\n\t\t\t\t\t\t\t\t<div class=\"\" >\n\t\t\t\t\t\t\t\t\t<a href=\"https:\/\/schaumweinkontor.com\/en\/produkt\/guy-mea-champ-prestige-le-grillon-brut-1er-cru-6-l-methusalem\/\" aria-label=\"Guy Mea Champagne Prestige Le Grillon Brut 1er Cru 6 L Methusalem\">\n\t\t\t\t\t\t\t\t\t\t<img loading=\"lazy\" decoding=\"async\" width=\"300\" height=\"300\" src=\"https:\/\/schaumweinkontor.com\/wp-content\/uploads\/2023\/05\/Domaine-MEA-Le-Grillo-Brut-1er-Cru-075-1000x1000-1-300x300.png\" class=\"attachment-medium size-medium\" alt=\"Domaine Mea Champagne Prestige Le Grillon Brut 1er Cru 0,75 L\" srcset=\"https:\/\/schaumweinkontor.com\/wp-content\/uploads\/2023\/05\/Domaine-MEA-Le-Grillo-Brut-1er-Cru-075-1000x1000-1-300x300.png 300w, https:\/\/schaumweinkontor.com\/wp-content\/uploads\/2023\/05\/Domaine-MEA-Le-Grillo-Brut-1er-Cru-075-1000x1000-1-100x100.png 100w, https:\/\/schaumweinkontor.com\/wp-content\/uploads\/2023\/05\/Domaine-MEA-Le-Grillo-Brut-1er-Cru-075-1000x1000-1-510x509.png 510w, https:\/\/schaumweinkontor.com\/wp-content\/uploads\/2023\/05\/Domaine-MEA-Le-Grillo-Brut-1er-Cru-075-1000x1000-1-150x150.png 150w, https:\/\/schaumweinkontor.com\/wp-content\/uploads\/2023\/05\/Domaine-MEA-Le-Grillo-Brut-1er-Cru-075-1000x1000-1-768x767.png 768w, https:\/\/schaumweinkontor.com\/wp-content\/uploads\/2023\/05\/Domaine-MEA-Le-Grillo-Brut-1er-Cru-075-1000x1000-1.png 1001w\" sizes=\"auto, (max-width: 300px) 100vw, 300px\" \/>\t\t\t\t\t\t\t\t\t<\/a>\n\t\t\t\t\t\t\t\t\t\t\t\t\t\t\t\t\t\t \t\t\t\t\t\t\t\t<\/div>\n\t\t\t\t\t\t\t\t<div class=\"image-tools top right show-on-hover\">\n\t\t\t\t\t\t\t\t\t\t\t\t\t\t\t\t\t<\/div>\n\t\t\t\t\t\t\t\t\t\t\t\t\t\t\t\t\t<div class=\"image-tools grid-tools text-center hide-for-small bottom hover-slide-in show-on-hover\">\n\t\t\t\t\t\t\t\t\t\t\t\t\t\t\t\t\t\t\t<\/div>\n\t\t\t\t\t\t\t\t\t\t\t\t\t\t\t\t\t\t\t\t\t\t\t<\/div>\n\n\t\t\t\t\t\t\t<div class=\"box-text text-center\" >\n\t\t\t\t\t\t\t\t<div class=\"title-wrapper\">\t\t<p class=\"category uppercase is-smaller no-text-overflow product-cat op-7\">\n\t\t\tDomaine Mea\t\t<\/p>\n\t<p class=\"name product-title woocommerce-loop-product__title\"><a href=\"https:\/\/schaumweinkontor.com\/en\/produkt\/guy-mea-champ-prestige-le-grillon-brut-1er-cru-6-l-methusalem\/\" class=\"woocommerce-LoopProduct-link woocommerce-loop-product__link\">Guy Mea Champagne Prestige Le Grillon Brut 1er Cru 6 L Methusalem<\/a><\/p><\/div><div class=\"price-wrapper\">\n\t<span class=\"price\"><span class=\"woocommerce-Price-amount amount\" role=\"none\"><bdi><span class=\"woocommerce-Price-currencySymbol\">&euro;<\/span>&nbsp;720,00<\/bdi><\/span> <small class=\"woocommerce-price-suffix\">inkl. MwSt.<\/small><\/span>\n<\/div><div class=\"add-to-cart-button\"><a href=\"\/en\/wp-json\/wp\/v2\/pages\/4628?add-to-cart=4722\" aria-describedby=\"woocommerce_loop_add_to_cart_link_describedby_4722\" data-quantity=\"1\" class=\"primary is-small mb-0 button product_type_simple add_to_cart_button ajax_add_to_cart is-outline\" data-product_id=\"4722\" data-product_sku=\"100300171\" aria-label=\"Add to cart: &ldquo;Guy Mea Champagne Prestige Le Grillon Brut 1er Cru 6 L Methusalem&rdquo;\" rel=\"nofollow\" data-success_message=\"&ldquo;Guy Mea Champagne Prestige Le Grillon Brut 1er Cru 6 L Methusalem&rdquo; has been added to your cart\" role=\"button\">Add to cart<\/a><\/div>\t<span id=\"woocommerce_loop_add_to_cart_link_describedby_4722\" class=\"screen-reader-text\">\n\t\t\t<\/span>\n\t\t\t\t\t\t\t<\/div>\n\t\t\t\t\t\t<\/div>\n\t\t\t\t\t\t<\/div>\n\t\t\t\t\t<\/div><\/div>\n\n\n  \n    <div id=\"product-grid-762517933\" class=\"row margin-auto equalize-box show-for-small large-columns-3 medium-columns- small-columns-1 row-large has-shadow row-box-shadow-2 row-box-shadow-4-hover row-masonry\" data-packery-options='{\"itemSelector\": \".col\", \"gutter\": 0, \"presentageWidth\" : true}'>\n\n  \t\n\t     <div class=\"col\" data-animate=\"fadeInUp\">\n\t\t\t\t\t\t<div class=\"col-inner\">\n\t\t\t\t\t\t\n<div class=\"badge-container badge-custom absolute right top z-1\">\n\n<\/div>\n\t\t\t\t\t\t<div class=\"product-small box margin-auto has-hover box-vertical box-text-bottom\">\n\t\t\t\t\t\t\t<div class=\"box-image\" >\n\t\t\t\t\t\t\t\t<div class=\"\" >\n\t\t\t\t\t\t\t\t\t<a href=\"https:\/\/schaumweinkontor.com\/en\/produkt\/guy-mea-lassemblage-extra-brut-1er-cru-075-l\/\" aria-label=\"Domaine Mea L\u00b4Assemblage Extra Brut 1er Cru 0,75 L\">\n\t\t\t\t\t\t\t\t\t\t<img loading=\"lazy\" decoding=\"async\" width=\"300\" height=\"300\" src=\"https:\/\/schaumweinkontor.com\/wp-content\/uploads\/2022\/06\/Guy-Mea-LAssemble-1000x1000px-300x300.png\" class=\"attachment-medium size-medium\" alt=\"Domaine Mea  L\u00b4Assemblage Extra Brut 1er Cru\" srcset=\"https:\/\/schaumweinkontor.com\/wp-content\/uploads\/2022\/06\/Guy-Mea-LAssemble-1000x1000px-300x300.png 300w, https:\/\/schaumweinkontor.com\/wp-content\/uploads\/2022\/06\/Guy-Mea-LAssemble-1000x1000px-100x100.png 100w, https:\/\/schaumweinkontor.com\/wp-content\/uploads\/2022\/06\/Guy-Mea-LAssemble-1000x1000px-510x510.png 510w, https:\/\/schaumweinkontor.com\/wp-content\/uploads\/2022\/06\/Guy-Mea-LAssemble-1000x1000px-150x150.png 150w, https:\/\/schaumweinkontor.com\/wp-content\/uploads\/2022\/06\/Guy-Mea-LAssemble-1000x1000px-768x768.png 768w, https:\/\/schaumweinkontor.com\/wp-content\/uploads\/2022\/06\/Guy-Mea-LAssemble-1000x1000px.png 1000w\" sizes=\"auto, (max-width: 300px) 100vw, 300px\" \/>\t\t\t\t\t\t\t\t\t<\/a>\n\t\t\t\t\t\t\t\t\t\t\t\t\t\t\t\t\t\t \t\t\t\t\t\t\t\t<\/div>\n\t\t\t\t\t\t\t\t<div class=\"image-tools top right show-on-hover\">\n\t\t\t\t\t\t\t\t\t\t\t\t\t\t\t\t\t<\/div>\n\t\t\t\t\t\t\t\t\t\t\t\t\t\t\t\t\t<div class=\"image-tools grid-tools text-center hide-for-small bottom hover-slide-in show-on-hover\">\n\t\t\t\t\t\t\t\t\t\t\t\t\t\t\t\t\t\t\t<\/div>\n\t\t\t\t\t\t\t\t\t\t\t\t\t\t\t\t\t\t\t\t\t\t\t<\/div>\n\n\t\t\t\t\t\t\t<div class=\"box-text text-center\" >\n\t\t\t\t\t\t\t\t<div class=\"title-wrapper\">\t\t<p class=\"category uppercase is-smaller no-text-overflow product-cat op-7\">\n\t\t\tDomaine Mea\t\t<\/p>\n\t<p class=\"name product-title woocommerce-loop-product__title\"><a href=\"https:\/\/schaumweinkontor.com\/en\/produkt\/guy-mea-lassemblage-extra-brut-1er-cru-075-l\/\" class=\"woocommerce-LoopProduct-link woocommerce-loop-product__link\">Domaine Mea L\u00b4Assemblage Extra Brut 1er Cru 0,75 L<\/a><\/p><\/div><div class=\"price-wrapper\">\n\t<span class=\"price\"><span class=\"woocommerce-Price-amount amount\" role=\"none\"><bdi><span class=\"woocommerce-Price-currencySymbol\">&euro;<\/span>&nbsp;34,50<\/bdi><\/span> <small class=\"woocommerce-price-suffix\">inkl. MwSt.<\/small><\/span>\n<\/div><div class=\"add-to-cart-button\"><a href=\"\/en\/wp-json\/wp\/v2\/pages\/4628?add-to-cart=4793\" aria-describedby=\"woocommerce_loop_add_to_cart_link_describedby_4793\" data-quantity=\"1\" class=\"primary is-small mb-0 button product_type_simple add_to_cart_button ajax_add_to_cart is-outline\" data-product_id=\"4793\" data-product_sku=\"100300169\" aria-label=\"Add to cart: &ldquo;Domaine Mea L\u00b4Assemblage Extra Brut 1er Cru 0,75 L&rdquo;\" rel=\"nofollow\" data-success_message=\"&ldquo;Domaine Mea L\u00b4Assemblage Extra Brut 1er Cru 0,75 L&rdquo; has been added to your cart\" role=\"button\">Add to cart<\/a><\/div>\t<span id=\"woocommerce_loop_add_to_cart_link_describedby_4793\" class=\"screen-reader-text\">\n\t\t\t<\/span>\n\t\t\t\t\t\t\t<\/div>\n\t\t\t\t\t\t<\/div>\n\t\t\t\t\t\t<\/div>\n\t\t\t\t\t<\/div><div class=\"col\" data-animate=\"fadeInUp\">\n\t\t\t\t\t\t<div class=\"col-inner\">\n\t\t\t\t\t\t\n<div class=\"badge-container badge-custom absolute right top z-1\">\n\n<\/div>\n\t\t\t\t\t\t<div class=\"product-small box margin-auto has-hover box-vertical box-text-bottom\">\n\t\t\t\t\t\t\t<div class=\"box-image\" >\n\t\t\t\t\t\t\t\t<div class=\"\" >\n\t\t\t\t\t\t\t\t\t<a href=\"https:\/\/schaumweinkontor.com\/en\/produkt\/guy-mea-champ-rosa-delice-brut-rose-1er-cru-075-l\/\" aria-label=\"Guy Mea Champagne Rosa D\u00e9lice Brut ros\u00e9 1er Cru 0,75 L\">\n\t\t\t\t\t\t\t\t\t\t<img loading=\"lazy\" decoding=\"async\" width=\"300\" height=\"300\" src=\"https:\/\/schaumweinkontor.com\/wp-content\/uploads\/2022\/06\/Guy-Mea-Champ.-Rosa-Delice-Brut-rose-1er-Cru-075-L-300x300.png\" class=\"attachment-medium size-medium\" alt=\"Guy Mea Champagne Rosa D\u00e9lice Brut ros\u00e9 1er Cru 0,75 L\" srcset=\"https:\/\/schaumweinkontor.com\/wp-content\/uploads\/2022\/06\/Guy-Mea-Champ.-Rosa-Delice-Brut-rose-1er-Cru-075-L-300x300.png 300w, https:\/\/schaumweinkontor.com\/wp-content\/uploads\/2022\/06\/Guy-Mea-Champ.-Rosa-Delice-Brut-rose-1er-Cru-075-L-100x100.png 100w, https:\/\/schaumweinkontor.com\/wp-content\/uploads\/2022\/06\/Guy-Mea-Champ.-Rosa-Delice-Brut-rose-1er-Cru-075-L-510x510.png 510w, https:\/\/schaumweinkontor.com\/wp-content\/uploads\/2022\/06\/Guy-Mea-Champ.-Rosa-Delice-Brut-rose-1er-Cru-075-L-150x150.png 150w, https:\/\/schaumweinkontor.com\/wp-content\/uploads\/2022\/06\/Guy-Mea-Champ.-Rosa-Delice-Brut-rose-1er-Cru-075-L-768x768.png 768w, https:\/\/schaumweinkontor.com\/wp-content\/uploads\/2022\/06\/Guy-Mea-Champ.-Rosa-Delice-Brut-rose-1er-Cru-075-L.png 1000w\" sizes=\"auto, (max-width: 300px) 100vw, 300px\" \/>\t\t\t\t\t\t\t\t\t<\/a>\n\t\t\t\t\t\t\t\t\t\t\t\t\t\t\t\t\t\t \t\t\t\t\t\t\t\t<\/div>\n\t\t\t\t\t\t\t\t<div class=\"image-tools top right show-on-hover\">\n\t\t\t\t\t\t\t\t\t\t\t\t\t\t\t\t\t<\/div>\n\t\t\t\t\t\t\t\t\t\t\t\t\t\t\t\t\t<div class=\"image-tools grid-tools text-center hide-for-small bottom hover-slide-in show-on-hover\">\n\t\t\t\t\t\t\t\t\t\t\t\t\t\t\t\t\t\t\t<\/div>\n\t\t\t\t\t\t\t\t\t\t\t\t\t\t\t\t\t\t\t\t\t\t\t<\/div>\n\n\t\t\t\t\t\t\t<div class=\"box-text text-center\" >\n\t\t\t\t\t\t\t\t<div class=\"title-wrapper\">\t\t<p class=\"category uppercase is-smaller no-text-overflow product-cat op-7\">\n\t\t\tDomaine Mea\t\t<\/p>\n\t<p class=\"name product-title woocommerce-loop-product__title\"><a href=\"https:\/\/schaumweinkontor.com\/en\/produkt\/guy-mea-champ-rosa-delice-brut-rose-1er-cru-075-l\/\" class=\"woocommerce-LoopProduct-link woocommerce-loop-product__link\">Guy Mea Champagne Rosa D\u00e9lice Brut ros\u00e9 1er Cru 0,75 L<\/a><\/p><\/div><div class=\"price-wrapper\">\n\t<span class=\"price\"><span class=\"woocommerce-Price-amount amount\" role=\"none\"><bdi><span class=\"woocommerce-Price-currencySymbol\">&euro;<\/span>&nbsp;35,90<\/bdi><\/span> <small class=\"woocommerce-price-suffix\">inkl. MwSt.<\/small><\/span>\n<\/div><div class=\"add-to-cart-button\"><a href=\"\/en\/wp-json\/wp\/v2\/pages\/4628?add-to-cart=4792\" aria-describedby=\"woocommerce_loop_add_to_cart_link_describedby_4792\" data-quantity=\"1\" class=\"primary is-small mb-0 button product_type_simple add_to_cart_button ajax_add_to_cart is-outline\" data-product_id=\"4792\" data-product_sku=\"100300165\" aria-label=\"Add to cart: &ldquo;Guy Mea Champagne Rosa D\u00e9lice Brut ros\u00e9 1er Cru 0,75 L&rdquo;\" rel=\"nofollow\" data-success_message=\"&ldquo;Guy Mea Champagne Rosa D\u00e9lice Brut ros\u00e9 1er Cru 0,75 L&rdquo; has been added to your cart\" role=\"button\">Add to cart<\/a><\/div>\t<span id=\"woocommerce_loop_add_to_cart_link_describedby_4792\" class=\"screen-reader-text\">\n\t\t\t<\/span>\n\t\t\t\t\t\t\t<\/div>\n\t\t\t\t\t\t<\/div>\n\t\t\t\t\t\t<\/div>\n\t\t\t\t\t<\/div><div class=\"col\" data-animate=\"fadeInUp\">\n\t\t\t\t\t\t<div class=\"col-inner\">\n\t\t\t\t\t\t\n<div class=\"badge-container badge-custom absolute right top z-1\">\n\n<\/div>\n\t\t\t\t\t\t<div class=\"product-small box margin-auto has-hover box-vertical box-text-bottom\">\n\t\t\t\t\t\t\t<div class=\"box-image\" >\n\t\t\t\t\t\t\t\t<div class=\"\" >\n\t\t\t\t\t\t\t\t\t<a href=\"https:\/\/schaumweinkontor.com\/en\/produkt\/guy-mea-champagne-signature-extra-brut-1er-cru-075-l\/\" aria-label=\"Domaine Mea Champagne Sig\u00b4Nature Extra Brut 1er Cru 0,75 L\">\n\t\t\t\t\t\t\t\t\t\t<img loading=\"lazy\" decoding=\"async\" width=\"300\" height=\"300\" src=\"https:\/\/schaumweinkontor.com\/wp-content\/uploads\/2022\/06\/Domaine-MEA-SigNature-Extra-Brut-075-1000x1000-1-300x300.png\" class=\"attachment-medium size-medium\" alt=\"Domaine Mea Champagne Sig\u00b4Nature Extra Brut 1er Cru\" srcset=\"https:\/\/schaumweinkontor.com\/wp-content\/uploads\/2022\/06\/Domaine-MEA-SigNature-Extra-Brut-075-1000x1000-1-300x300.png 300w, https:\/\/schaumweinkontor.com\/wp-content\/uploads\/2022\/06\/Domaine-MEA-SigNature-Extra-Brut-075-1000x1000-1-100x100.png 100w, https:\/\/schaumweinkontor.com\/wp-content\/uploads\/2022\/06\/Domaine-MEA-SigNature-Extra-Brut-075-1000x1000-1-510x509.png 510w, https:\/\/schaumweinkontor.com\/wp-content\/uploads\/2022\/06\/Domaine-MEA-SigNature-Extra-Brut-075-1000x1000-1-150x150.png 150w, https:\/\/schaumweinkontor.com\/wp-content\/uploads\/2022\/06\/Domaine-MEA-SigNature-Extra-Brut-075-1000x1000-1-768x767.png 768w, https:\/\/schaumweinkontor.com\/wp-content\/uploads\/2022\/06\/Domaine-MEA-SigNature-Extra-Brut-075-1000x1000-1.png 1001w\" sizes=\"auto, (max-width: 300px) 100vw, 300px\" \/>\t\t\t\t\t\t\t\t\t<\/a>\n\t\t\t\t\t\t\t\t\t\t\t\t\t\t\t\t\t\t \t\t\t\t\t\t\t\t<\/div>\n\t\t\t\t\t\t\t\t<div class=\"image-tools top right show-on-hover\">\n\t\t\t\t\t\t\t\t\t\t\t\t\t\t\t\t\t<\/div>\n\t\t\t\t\t\t\t\t\t\t\t\t\t\t\t\t\t<div class=\"image-tools grid-tools text-center hide-for-small bottom hover-slide-in show-on-hover\">\n\t\t\t\t\t\t\t\t\t\t\t\t\t\t\t\t\t\t\t<\/div>\n\t\t\t\t\t\t\t\t\t\t\t\t\t\t\t\t\t\t\t\t\t\t\t<\/div>\n\n\t\t\t\t\t\t\t<div class=\"box-text text-center\" >\n\t\t\t\t\t\t\t\t<div class=\"title-wrapper\">\t\t<p class=\"category uppercase is-smaller no-text-overflow product-cat op-7\">\n\t\t\tDomaine Mea\t\t<\/p>\n\t<p class=\"name product-title woocommerce-loop-product__title\"><a href=\"https:\/\/schaumweinkontor.com\/en\/produkt\/guy-mea-champagne-signature-extra-brut-1er-cru-075-l\/\" class=\"woocommerce-LoopProduct-link woocommerce-loop-product__link\">Domaine Mea Champagne Sig\u00b4Nature Extra Brut 1er Cru 0,75 L<\/a><\/p><\/div><div class=\"price-wrapper\">\n\t<span class=\"price\"><span class=\"woocommerce-Price-amount amount\" role=\"none\"><bdi><span class=\"woocommerce-Price-currencySymbol\">&euro;<\/span>&nbsp;37,90<\/bdi><\/span> <small class=\"woocommerce-price-suffix\">inkl. MwSt.<\/small><\/span>\n<\/div><div class=\"add-to-cart-button\"><a href=\"\/en\/wp-json\/wp\/v2\/pages\/4628?add-to-cart=4790\" aria-describedby=\"woocommerce_loop_add_to_cart_link_describedby_4790\" data-quantity=\"1\" class=\"primary is-small mb-0 button product_type_simple add_to_cart_button ajax_add_to_cart is-outline\" data-product_id=\"4790\" data-product_sku=\"100300167\" aria-label=\"Add to cart: &ldquo;Domaine Mea Champagne Sig\u00b4Nature Extra Brut 1er Cru 0,75 L&rdquo;\" rel=\"nofollow\" data-success_message=\"&ldquo;Domaine Mea Champagne Sig\u00b4Nature Extra Brut 1er Cru 0,75 L&rdquo; has been added to your cart\" role=\"button\">Add to cart<\/a><\/div>\t<span id=\"woocommerce_loop_add_to_cart_link_describedby_4790\" class=\"screen-reader-text\">\n\t\t\t<\/span>\n\t\t\t\t\t\t\t<\/div>\n\t\t\t\t\t\t<\/div>\n\t\t\t\t\t\t<\/div>\n\t\t\t\t\t<\/div><div class=\"col\" data-animate=\"fadeInUp\">\n\t\t\t\t\t\t<div class=\"col-inner\">\n\t\t\t\t\t\t\n<div class=\"badge-container badge-custom absolute right top z-1\">\n\n<\/div>\n\t\t\t\t\t\t<div class=\"product-small box margin-auto has-hover box-vertical box-text-bottom\">\n\t\t\t\t\t\t\t<div class=\"box-image\" >\n\t\t\t\t\t\t\t\t<div class=\"\" >\n\t\t\t\t\t\t\t\t\t<a href=\"https:\/\/schaumweinkontor.com\/en\/produkt\/guy-mea-champ-prestige-le-grillon-brut-1er-cru-075-l\/\" aria-label=\"Domaine Mea Champagne Prestige Le Grillon Brut 1er Cru 0,75 L\">\n\t\t\t\t\t\t\t\t\t\t<img loading=\"lazy\" decoding=\"async\" width=\"300\" height=\"300\" src=\"https:\/\/schaumweinkontor.com\/wp-content\/uploads\/2023\/05\/Domaine-MEA-Le-Grillo-Brut-1er-Cru-075-1000x1000-1-300x300.png\" class=\"attachment-medium size-medium\" alt=\"Domaine Mea Champagne Prestige Le Grillon Brut 1er Cru 0,75 L\" srcset=\"https:\/\/schaumweinkontor.com\/wp-content\/uploads\/2023\/05\/Domaine-MEA-Le-Grillo-Brut-1er-Cru-075-1000x1000-1-300x300.png 300w, https:\/\/schaumweinkontor.com\/wp-content\/uploads\/2023\/05\/Domaine-MEA-Le-Grillo-Brut-1er-Cru-075-1000x1000-1-100x100.png 100w, https:\/\/schaumweinkontor.com\/wp-content\/uploads\/2023\/05\/Domaine-MEA-Le-Grillo-Brut-1er-Cru-075-1000x1000-1-510x509.png 510w, https:\/\/schaumweinkontor.com\/wp-content\/uploads\/2023\/05\/Domaine-MEA-Le-Grillo-Brut-1er-Cru-075-1000x1000-1-150x150.png 150w, https:\/\/schaumweinkontor.com\/wp-content\/uploads\/2023\/05\/Domaine-MEA-Le-Grillo-Brut-1er-Cru-075-1000x1000-1-768x767.png 768w, https:\/\/schaumweinkontor.com\/wp-content\/uploads\/2023\/05\/Domaine-MEA-Le-Grillo-Brut-1er-Cru-075-1000x1000-1.png 1001w\" sizes=\"auto, (max-width: 300px) 100vw, 300px\" \/>\t\t\t\t\t\t\t\t\t<\/a>\n\t\t\t\t\t\t\t\t\t\t\t\t\t\t\t\t\t\t \t\t\t\t\t\t\t\t<\/div>\n\t\t\t\t\t\t\t\t<div class=\"image-tools top right show-on-hover\">\n\t\t\t\t\t\t\t\t\t\t\t\t\t\t\t\t\t<\/div>\n\t\t\t\t\t\t\t\t\t\t\t\t\t\t\t\t\t<div class=\"image-tools grid-tools text-center hide-for-small bottom hover-slide-in show-on-hover\">\n\t\t\t\t\t\t\t\t\t\t\t\t\t\t\t\t\t\t\t<\/div>\n\t\t\t\t\t\t\t\t\t\t\t\t\t\t\t\t\t\t\t\t\t\t\t<\/div>\n\n\t\t\t\t\t\t\t<div class=\"box-text text-center\" >\n\t\t\t\t\t\t\t\t<div class=\"title-wrapper\">\t\t<p class=\"category uppercase is-smaller no-text-overflow product-cat op-7\">\n\t\t\tDomaine Mea\t\t<\/p>\n\t<p class=\"name product-title woocommerce-loop-product__title\"><a href=\"https:\/\/schaumweinkontor.com\/en\/produkt\/guy-mea-champ-prestige-le-grillon-brut-1er-cru-075-l\/\" class=\"woocommerce-LoopProduct-link woocommerce-loop-product__link\">Domaine Mea Champagne Prestige Le Grillon Brut 1er Cru 0,75 L<\/a><\/p><\/div><div class=\"price-wrapper\">\n\t<span class=\"price\"><span class=\"woocommerce-Price-amount amount\" role=\"none\"><bdi><span class=\"woocommerce-Price-currencySymbol\">&euro;<\/span>&nbsp;37,90<\/bdi><\/span> <small class=\"woocommerce-price-suffix\">inkl. MwSt.<\/small><\/span>\n<\/div><div class=\"add-to-cart-button\"><a href=\"\/en\/wp-json\/wp\/v2\/pages\/4628?add-to-cart=4791\" aria-describedby=\"woocommerce_loop_add_to_cart_link_describedby_4791\" data-quantity=\"1\" class=\"primary is-small mb-0 button product_type_simple add_to_cart_button ajax_add_to_cart is-outline\" data-product_id=\"4791\" data-product_sku=\"100300166\" aria-label=\"Add to cart: &ldquo;Domaine Mea Champagne Prestige Le Grillon Brut 1er Cru 0,75 L&rdquo;\" rel=\"nofollow\" data-success_message=\"&ldquo;Domaine Mea Champagne Prestige Le Grillon Brut 1er Cru 0,75 L&rdquo; has been added to your cart\" role=\"button\">Add to cart<\/a><\/div>\t<span id=\"woocommerce_loop_add_to_cart_link_describedby_4791\" class=\"screen-reader-text\">\n\t\t\t<\/span>\n\t\t\t\t\t\t\t<\/div>\n\t\t\t\t\t\t<\/div>\n\t\t\t\t\t\t<\/div>\n\t\t\t\t\t<\/div><div class=\"col\" data-animate=\"fadeInUp\">\n\t\t\t\t\t\t<div class=\"col-inner\">\n\t\t\t\t\t\t\n<div class=\"badge-container badge-custom absolute right top z-1\">\n\n<\/div>\n\t\t\t\t\t\t<div class=\"product-small box margin-auto has-hover box-vertical box-text-bottom\">\n\t\t\t\t\t\t\t<div class=\"box-image\" >\n\t\t\t\t\t\t\t\t<div class=\"\" >\n\t\t\t\t\t\t\t\t\t<a href=\"https:\/\/schaumweinkontor.com\/en\/produkt\/guy-mea-champagne-belle-de-blancs-millesime-2015-075-l\/\" aria-label=\"Domaine Mea Champagne Belle de Blancs Millesime 2015 0,75 L\">\n\t\t\t\t\t\t\t\t\t\t<img loading=\"lazy\" decoding=\"async\" width=\"300\" height=\"300\" src=\"https:\/\/schaumweinkontor.com\/wp-content\/uploads\/2022\/06\/Guy-Mea-300x300.png\" class=\"attachment-medium size-medium\" alt=\"Domaine Mea Champagne Belle de Blancs Millesime 2015 0,75 L\" srcset=\"https:\/\/schaumweinkontor.com\/wp-content\/uploads\/2022\/06\/Guy-Mea-300x300.png 300w, https:\/\/schaumweinkontor.com\/wp-content\/uploads\/2022\/06\/Guy-Mea-100x100.png 100w, https:\/\/schaumweinkontor.com\/wp-content\/uploads\/2022\/06\/Guy-Mea-510x510.png 510w, https:\/\/schaumweinkontor.com\/wp-content\/uploads\/2022\/06\/Guy-Mea-150x150.png 150w, https:\/\/schaumweinkontor.com\/wp-content\/uploads\/2022\/06\/Guy-Mea-768x768.png 768w, https:\/\/schaumweinkontor.com\/wp-content\/uploads\/2022\/06\/Guy-Mea.png 1000w\" sizes=\"auto, (max-width: 300px) 100vw, 300px\" \/>\t\t\t\t\t\t\t\t\t<\/a>\n\t\t\t\t\t\t\t\t\t\t\t\t\t\t\t\t\t\t \t\t\t\t\t\t\t\t<\/div>\n\t\t\t\t\t\t\t\t<div class=\"image-tools top right show-on-hover\">\n\t\t\t\t\t\t\t\t\t\t\t\t\t\t\t\t\t<\/div>\n\t\t\t\t\t\t\t\t\t\t\t\t\t\t\t\t\t<div class=\"image-tools grid-tools text-center hide-for-small bottom hover-slide-in show-on-hover\">\n\t\t\t\t\t\t\t\t\t\t\t\t\t\t\t\t\t\t\t<\/div>\n\t\t\t\t\t\t\t\t\t\t\t\t\t\t\t\t\t\t\t\t\t\t\t<\/div>\n\n\t\t\t\t\t\t\t<div class=\"box-text text-center\" >\n\t\t\t\t\t\t\t\t<div class=\"title-wrapper\">\t\t<p class=\"category uppercase is-smaller no-text-overflow product-cat op-7\">\n\t\t\tDomaine Mea\t\t<\/p>\n\t<p class=\"name product-title woocommerce-loop-product__title\"><a href=\"https:\/\/schaumweinkontor.com\/en\/produkt\/guy-mea-champagne-belle-de-blancs-millesime-2015-075-l\/\" class=\"woocommerce-LoopProduct-link woocommerce-loop-product__link\">Domaine Mea Champagne Belle de Blancs Millesime 2015 0,75 L<\/a><\/p><\/div><div class=\"price-wrapper\">\n\t<span class=\"price\"><span class=\"woocommerce-Price-amount amount\" role=\"none\"><bdi><span class=\"woocommerce-Price-currencySymbol\">&euro;<\/span>&nbsp;62,80<\/bdi><\/span> <small class=\"woocommerce-price-suffix\">inkl. MwSt.<\/small><\/span>\n<\/div><div class=\"add-to-cart-button\"><a href=\"\/en\/wp-json\/wp\/v2\/pages\/4628?add-to-cart=4789\" aria-describedby=\"woocommerce_loop_add_to_cart_link_describedby_4789\" data-quantity=\"1\" class=\"primary is-small mb-0 button product_type_simple add_to_cart_button ajax_add_to_cart is-outline\" data-product_id=\"4789\" data-product_sku=\"100300168\" aria-label=\"Add to cart: &ldquo;Domaine Mea Champagne Belle de Blancs Millesime 2015 0,75 L&rdquo;\" rel=\"nofollow\" data-success_message=\"&ldquo;Domaine Mea Champagne Belle de Blancs Millesime 2015 0,75 L&rdquo; has been added to your cart\" role=\"button\">Add to cart<\/a><\/div>\t<span id=\"woocommerce_loop_add_to_cart_link_describedby_4789\" class=\"screen-reader-text\">\n\t\t\t<\/span>\n\t\t\t\t\t\t\t<\/div>\n\t\t\t\t\t\t<\/div>\n\t\t\t\t\t\t<\/div>\n\t\t\t\t\t<\/div><div class=\"col\" data-animate=\"fadeInUp\">\n\t\t\t\t\t\t<div class=\"col-inner\">\n\t\t\t\t\t\t\n<div class=\"badge-container badge-custom absolute right top z-1\">\n\n<\/div>\n\t\t\t\t\t\t<div class=\"product-small box margin-auto has-hover box-vertical box-text-bottom\">\n\t\t\t\t\t\t\t<div class=\"box-image\" >\n\t\t\t\t\t\t\t\t<div class=\"\" >\n\t\t\t\t\t\t\t\t\t<a href=\"https:\/\/schaumweinkontor.com\/en\/produkt\/domaine-mea-belle-de-noir-2016-extra-brut-1er-cru-075-l\/\" aria-label=\"Domaine Mea Belle de Noir 2016 Extra Brut 1er Cru 0,75 L\">\n\t\t\t\t\t\t\t\t\t\t<img loading=\"lazy\" decoding=\"async\" width=\"300\" height=\"300\" src=\"https:\/\/schaumweinkontor.com\/wp-content\/uploads\/2024\/04\/Domaine-Mea-Belle-de-Noir-2016-300x300.png\" class=\"attachment-medium size-medium\" alt=\"Domaine Mea Belle de Noir 2016 Extra Brut 1er Cru 0,75 L\" srcset=\"https:\/\/schaumweinkontor.com\/wp-content\/uploads\/2024\/04\/Domaine-Mea-Belle-de-Noir-2016-300x300.png 300w, https:\/\/schaumweinkontor.com\/wp-content\/uploads\/2024\/04\/Domaine-Mea-Belle-de-Noir-2016-100x100.png 100w, https:\/\/schaumweinkontor.com\/wp-content\/uploads\/2024\/04\/Domaine-Mea-Belle-de-Noir-2016-510x510.png 510w, https:\/\/schaumweinkontor.com\/wp-content\/uploads\/2024\/04\/Domaine-Mea-Belle-de-Noir-2016-150x150.png 150w, https:\/\/schaumweinkontor.com\/wp-content\/uploads\/2024\/04\/Domaine-Mea-Belle-de-Noir-2016-768x768.png 768w, https:\/\/schaumweinkontor.com\/wp-content\/uploads\/2024\/04\/Domaine-Mea-Belle-de-Noir-2016.png 1000w\" sizes=\"auto, (max-width: 300px) 100vw, 300px\" \/>\t\t\t\t\t\t\t\t\t<\/a>\n\t\t\t\t\t\t\t\t\t\t\t\t\t\t\t\t\t\t \t\t\t\t\t\t\t\t<\/div>\n\t\t\t\t\t\t\t\t<div class=\"image-tools top right show-on-hover\">\n\t\t\t\t\t\t\t\t\t\t\t\t\t\t\t\t\t<\/div>\n\t\t\t\t\t\t\t\t\t\t\t\t\t\t\t\t\t<div class=\"image-tools grid-tools text-center hide-for-small bottom hover-slide-in show-on-hover\">\n\t\t\t\t\t\t\t\t\t\t\t\t\t\t\t\t\t\t\t<\/div>\n\t\t\t\t\t\t\t\t\t\t\t\t\t\t\t\t<div class=\"out-of-stock-label\">Out of stock<\/div>\t\t\t\t\t\t\t<\/div>\n\n\t\t\t\t\t\t\t<div class=\"box-text text-center\" >\n\t\t\t\t\t\t\t\t<div class=\"title-wrapper\">\t\t<p class=\"category uppercase is-smaller no-text-overflow product-cat op-7\">\n\t\t\tChampagne\t\t<\/p>\n\t<p class=\"name product-title woocommerce-loop-product__title\"><a href=\"https:\/\/schaumweinkontor.com\/en\/produkt\/domaine-mea-belle-de-noir-2016-extra-brut-1er-cru-075-l\/\" class=\"woocommerce-LoopProduct-link woocommerce-loop-product__link\">Domaine Mea Belle de Noir 2016 Extra Brut 1er Cru 0,75 L<\/a><\/p><\/div><div class=\"price-wrapper\">\n\t<span class=\"price\"><span class=\"woocommerce-Price-amount amount\" role=\"none\"><bdi><span class=\"woocommerce-Price-currencySymbol\">&euro;<\/span>&nbsp;63,00<\/bdi><\/span> <small class=\"woocommerce-price-suffix\">inkl. MwSt.<\/small><\/span>\n<\/div><div class=\"add-to-cart-button\"><a href=\"https:\/\/schaumweinkontor.com\/en\/produkt\/domaine-mea-belle-de-noir-2016-extra-brut-1er-cru-075-l\/\" aria-describedby=\"woocommerce_loop_add_to_cart_link_describedby_5270\" data-quantity=\"1\" class=\"primary is-small mb-0 button product_type_simple is-outline\" data-product_id=\"5270\" data-product_sku=\"100300173\" aria-label=\"Read more about &ldquo;Domaine Mea Belle de Noir 2016 Extra Brut 1er Cru 0,75 L&rdquo;\" rel=\"nofollow\" data-success_message=\"\">Read more<\/a><\/div>\t<span id=\"woocommerce_loop_add_to_cart_link_describedby_5270\" class=\"screen-reader-text\">\n\t\t\t<\/span>\n\t\t\t\t\t\t\t<\/div>\n\t\t\t\t\t\t<\/div>\n\t\t\t\t\t\t<\/div>\n\t\t\t\t\t<\/div><div class=\"col\" data-animate=\"fadeInUp\">\n\t\t\t\t\t\t<div class=\"col-inner\">\n\t\t\t\t\t\t\n<div class=\"badge-container badge-custom absolute right top z-1\">\n\n<\/div>\n\t\t\t\t\t\t<div class=\"product-small box margin-auto has-hover box-vertical box-text-bottom\">\n\t\t\t\t\t\t\t<div class=\"box-image\" >\n\t\t\t\t\t\t\t\t<div class=\"\" >\n\t\t\t\t\t\t\t\t\t<a href=\"https:\/\/schaumweinkontor.com\/en\/produkt\/guy-mea-champ-prestige-le-grillon-brut-1er-cru-15-l-jeroboam\/\" aria-label=\"Domaine Mea Champagne Prestige Le Grillon Brut 1er Cru 1,5 L\">\n\t\t\t\t\t\t\t\t\t\t<img loading=\"lazy\" decoding=\"async\" width=\"300\" height=\"300\" src=\"https:\/\/schaumweinkontor.com\/wp-content\/uploads\/2023\/05\/Domaine-MEA-Le-Grillo-Brut-1er-Cru-075-1000x1000-1-300x300.png\" class=\"attachment-medium size-medium\" alt=\"Domaine Mea Champagne Prestige Le Grillon Brut 1er Cru 0,75 L\" srcset=\"https:\/\/schaumweinkontor.com\/wp-content\/uploads\/2023\/05\/Domaine-MEA-Le-Grillo-Brut-1er-Cru-075-1000x1000-1-300x300.png 300w, https:\/\/schaumweinkontor.com\/wp-content\/uploads\/2023\/05\/Domaine-MEA-Le-Grillo-Brut-1er-Cru-075-1000x1000-1-100x100.png 100w, https:\/\/schaumweinkontor.com\/wp-content\/uploads\/2023\/05\/Domaine-MEA-Le-Grillo-Brut-1er-Cru-075-1000x1000-1-510x509.png 510w, https:\/\/schaumweinkontor.com\/wp-content\/uploads\/2023\/05\/Domaine-MEA-Le-Grillo-Brut-1er-Cru-075-1000x1000-1-150x150.png 150w, https:\/\/schaumweinkontor.com\/wp-content\/uploads\/2023\/05\/Domaine-MEA-Le-Grillo-Brut-1er-Cru-075-1000x1000-1-768x767.png 768w, https:\/\/schaumweinkontor.com\/wp-content\/uploads\/2023\/05\/Domaine-MEA-Le-Grillo-Brut-1er-Cru-075-1000x1000-1.png 1001w\" sizes=\"auto, (max-width: 300px) 100vw, 300px\" \/>\t\t\t\t\t\t\t\t\t<\/a>\n\t\t\t\t\t\t\t\t\t\t\t\t\t\t\t\t\t\t \t\t\t\t\t\t\t\t<\/div>\n\t\t\t\t\t\t\t\t<div class=\"image-tools top right show-on-hover\">\n\t\t\t\t\t\t\t\t\t\t\t\t\t\t\t\t\t<\/div>\n\t\t\t\t\t\t\t\t\t\t\t\t\t\t\t\t\t<div class=\"image-tools grid-tools text-center hide-for-small bottom hover-slide-in show-on-hover\">\n\t\t\t\t\t\t\t\t\t\t\t\t\t\t\t\t\t\t\t<\/div>\n\t\t\t\t\t\t\t\t\t\t\t\t\t\t\t\t\t\t\t\t\t\t\t<\/div>\n\n\t\t\t\t\t\t\t<div class=\"box-text text-center\" >\n\t\t\t\t\t\t\t\t<div class=\"title-wrapper\">\t\t<p class=\"category uppercase is-smaller no-text-overflow product-cat op-7\">\n\t\t\tDomaine Mea\t\t<\/p>\n\t<p class=\"name product-title woocommerce-loop-product__title\"><a href=\"https:\/\/schaumweinkontor.com\/en\/produkt\/guy-mea-champ-prestige-le-grillon-brut-1er-cru-15-l-jeroboam\/\" class=\"woocommerce-LoopProduct-link woocommerce-loop-product__link\">Domaine Mea Champagne Prestige Le Grillon Brut 1er Cru 1,5 L<\/a><\/p><\/div><div class=\"price-wrapper\">\n\t<span class=\"price\"><span class=\"woocommerce-Price-amount amount\" role=\"none\"><bdi><span class=\"woocommerce-Price-currencySymbol\">&euro;<\/span>&nbsp;83,50<\/bdi><\/span> <small class=\"woocommerce-price-suffix\">inkl. MwSt.<\/small><\/span>\n<\/div><div class=\"add-to-cart-button\"><a href=\"\/en\/wp-json\/wp\/v2\/pages\/4628?add-to-cart=4673\" aria-describedby=\"woocommerce_loop_add_to_cart_link_describedby_4673\" data-quantity=\"1\" class=\"primary is-small mb-0 button product_type_simple add_to_cart_button ajax_add_to_cart is-outline\" data-product_id=\"4673\" data-product_sku=\"100300172\" aria-label=\"Add to cart: &ldquo;Domaine Mea Champagne Prestige Le Grillon Brut 1er Cru 1,5 L&rdquo;\" rel=\"nofollow\" data-success_message=\"&ldquo;Domaine Mea Champagne Prestige Le Grillon Brut 1er Cru 1,5 L&rdquo; has been added to your cart\" role=\"button\">Add to cart<\/a><\/div>\t<span id=\"woocommerce_loop_add_to_cart_link_describedby_4673\" class=\"screen-reader-text\">\n\t\t\t<\/span>\n\t\t\t\t\t\t\t<\/div>\n\t\t\t\t\t\t<\/div>\n\t\t\t\t\t\t<\/div>\n\t\t\t\t\t<\/div><div class=\"col\" data-animate=\"fadeInUp\">\n\t\t\t\t\t\t<div class=\"col-inner\">\n\t\t\t\t\t\t\n<div class=\"badge-container badge-custom absolute right top z-1\">\n\n<\/div>\n\t\t\t\t\t\t<div class=\"product-small box margin-auto has-hover box-vertical box-text-bottom\">\n\t\t\t\t\t\t\t<div class=\"box-image\" >\n\t\t\t\t\t\t\t\t<div class=\"\" >\n\t\t\t\t\t\t\t\t\t<a href=\"https:\/\/schaumweinkontor.com\/en\/produkt\/guy-mea-champ-prestige-le-grillon-brut-1er-cru-3-l-jeroboam\/\" aria-label=\"Guy Mea Champ. Prestige Le Grillon Brut 1er Cru 3 L Jeroboam\">\n\t\t\t\t\t\t\t\t\t\t<img loading=\"lazy\" decoding=\"async\" width=\"300\" height=\"300\" src=\"https:\/\/schaumweinkontor.com\/wp-content\/uploads\/2023\/05\/Domaine-MEA-Le-Grillo-Brut-1er-Cru-075-1000x1000-1-300x300.png\" class=\"attachment-medium size-medium\" alt=\"Domaine Mea Champagne Prestige Le Grillon Brut 1er Cru 0,75 L\" srcset=\"https:\/\/schaumweinkontor.com\/wp-content\/uploads\/2023\/05\/Domaine-MEA-Le-Grillo-Brut-1er-Cru-075-1000x1000-1-300x300.png 300w, https:\/\/schaumweinkontor.com\/wp-content\/uploads\/2023\/05\/Domaine-MEA-Le-Grillo-Brut-1er-Cru-075-1000x1000-1-100x100.png 100w, https:\/\/schaumweinkontor.com\/wp-content\/uploads\/2023\/05\/Domaine-MEA-Le-Grillo-Brut-1er-Cru-075-1000x1000-1-510x509.png 510w, https:\/\/schaumweinkontor.com\/wp-content\/uploads\/2023\/05\/Domaine-MEA-Le-Grillo-Brut-1er-Cru-075-1000x1000-1-150x150.png 150w, https:\/\/schaumweinkontor.com\/wp-content\/uploads\/2023\/05\/Domaine-MEA-Le-Grillo-Brut-1er-Cru-075-1000x1000-1-768x767.png 768w, https:\/\/schaumweinkontor.com\/wp-content\/uploads\/2023\/05\/Domaine-MEA-Le-Grillo-Brut-1er-Cru-075-1000x1000-1.png 1001w\" sizes=\"auto, (max-width: 300px) 100vw, 300px\" \/>\t\t\t\t\t\t\t\t\t<\/a>\n\t\t\t\t\t\t\t\t\t\t\t\t\t\t\t\t\t\t \t\t\t\t\t\t\t\t<\/div>\n\t\t\t\t\t\t\t\t<div class=\"image-tools top right show-on-hover\">\n\t\t\t\t\t\t\t\t\t\t\t\t\t\t\t\t\t<\/div>\n\t\t\t\t\t\t\t\t\t\t\t\t\t\t\t\t\t<div class=\"image-tools grid-tools text-center hide-for-small bottom hover-slide-in show-on-hover\">\n\t\t\t\t\t\t\t\t\t\t\t\t\t\t\t\t\t\t\t<\/div>\n\t\t\t\t\t\t\t\t\t\t\t\t\t\t\t\t\t\t\t\t\t\t\t<\/div>\n\n\t\t\t\t\t\t\t<div class=\"box-text text-center\" >\n\t\t\t\t\t\t\t\t<div class=\"title-wrapper\">\t\t<p class=\"category uppercase is-smaller no-text-overflow product-cat op-7\">\n\t\t\tDomaine Mea\t\t<\/p>\n\t<p class=\"name product-title woocommerce-loop-product__title\"><a href=\"https:\/\/schaumweinkontor.com\/en\/produkt\/guy-mea-champ-prestige-le-grillon-brut-1er-cru-3-l-jeroboam\/\" class=\"woocommerce-LoopProduct-link woocommerce-loop-product__link\">Guy Mea Champ. Prestige Le Grillon Brut 1er Cru 3 L Jeroboam<\/a><\/p><\/div><div class=\"price-wrapper\">\n\t<span class=\"price\"><span class=\"woocommerce-Price-amount amount\" role=\"none\"><bdi><span class=\"woocommerce-Price-currencySymbol\">&euro;<\/span>&nbsp;249,00<\/bdi><\/span> <small class=\"woocommerce-price-suffix\">inkl. MwSt.<\/small><\/span>\n<\/div><div class=\"add-to-cart-button\"><a href=\"\/en\/wp-json\/wp\/v2\/pages\/4628?add-to-cart=4723\" aria-describedby=\"woocommerce_loop_add_to_cart_link_describedby_4723\" data-quantity=\"1\" class=\"primary is-small mb-0 button product_type_simple add_to_cart_button ajax_add_to_cart is-outline\" data-product_id=\"4723\" data-product_sku=\"100300170\" aria-label=\"Add to cart: &ldquo;Guy Mea Champ. Prestige Le Grillon Brut 1er Cru 3 L Jeroboam&rdquo;\" rel=\"nofollow\" data-success_message=\"&ldquo;Guy Mea Champ. Prestige Le Grillon Brut 1er Cru 3 L Jeroboam&rdquo; has been added to your cart\" role=\"button\">Add to cart<\/a><\/div>\t<span id=\"woocommerce_loop_add_to_cart_link_describedby_4723\" class=\"screen-reader-text\">\n\t\t\t<\/span>\n\t\t\t\t\t\t\t<\/div>\n\t\t\t\t\t\t<\/div>\n\t\t\t\t\t\t<\/div>\n\t\t\t\t\t<\/div><div class=\"col\" data-animate=\"fadeInUp\">\n\t\t\t\t\t\t<div class=\"col-inner\">\n\t\t\t\t\t\t\n<div class=\"badge-container badge-custom absolute right top z-1\">\n\n<\/div>\n\t\t\t\t\t\t<div class=\"product-small box margin-auto has-hover box-vertical box-text-bottom\">\n\t\t\t\t\t\t\t<div class=\"box-image\" >\n\t\t\t\t\t\t\t\t<div class=\"\" >\n\t\t\t\t\t\t\t\t\t<a href=\"https:\/\/schaumweinkontor.com\/en\/produkt\/guy-mea-champ-prestige-le-grillon-brut-1er-cru-6-l-methusalem\/\" aria-label=\"Guy Mea Champagne Prestige Le Grillon Brut 1er Cru 6 L Methusalem\">\n\t\t\t\t\t\t\t\t\t\t<img loading=\"lazy\" decoding=\"async\" width=\"300\" height=\"300\" src=\"https:\/\/schaumweinkontor.com\/wp-content\/uploads\/2023\/05\/Domaine-MEA-Le-Grillo-Brut-1er-Cru-075-1000x1000-1-300x300.png\" class=\"attachment-medium size-medium\" alt=\"Domaine Mea Champagne Prestige Le Grillon Brut 1er Cru 0,75 L\" srcset=\"https:\/\/schaumweinkontor.com\/wp-content\/uploads\/2023\/05\/Domaine-MEA-Le-Grillo-Brut-1er-Cru-075-1000x1000-1-300x300.png 300w, https:\/\/schaumweinkontor.com\/wp-content\/uploads\/2023\/05\/Domaine-MEA-Le-Grillo-Brut-1er-Cru-075-1000x1000-1-100x100.png 100w, https:\/\/schaumweinkontor.com\/wp-content\/uploads\/2023\/05\/Domaine-MEA-Le-Grillo-Brut-1er-Cru-075-1000x1000-1-510x509.png 510w, https:\/\/schaumweinkontor.com\/wp-content\/uploads\/2023\/05\/Domaine-MEA-Le-Grillo-Brut-1er-Cru-075-1000x1000-1-150x150.png 150w, https:\/\/schaumweinkontor.com\/wp-content\/uploads\/2023\/05\/Domaine-MEA-Le-Grillo-Brut-1er-Cru-075-1000x1000-1-768x767.png 768w, https:\/\/schaumweinkontor.com\/wp-content\/uploads\/2023\/05\/Domaine-MEA-Le-Grillo-Brut-1er-Cru-075-1000x1000-1.png 1001w\" sizes=\"auto, (max-width: 300px) 100vw, 300px\" \/>\t\t\t\t\t\t\t\t\t<\/a>\n\t\t\t\t\t\t\t\t\t\t\t\t\t\t\t\t\t\t \t\t\t\t\t\t\t\t<\/div>\n\t\t\t\t\t\t\t\t<div class=\"image-tools top right show-on-hover\">\n\t\t\t\t\t\t\t\t\t\t\t\t\t\t\t\t\t<\/div>\n\t\t\t\t\t\t\t\t\t\t\t\t\t\t\t\t\t<div class=\"image-tools grid-tools text-center hide-for-small bottom hover-slide-in show-on-hover\">\n\t\t\t\t\t\t\t\t\t\t\t\t\t\t\t\t\t\t\t<\/div>\n\t\t\t\t\t\t\t\t\t\t\t\t\t\t\t\t\t\t\t\t\t\t\t<\/div>\n\n\t\t\t\t\t\t\t<div class=\"box-text text-center\" >\n\t\t\t\t\t\t\t\t<div class=\"title-wrapper\">\t\t<p class=\"category uppercase is-smaller no-text-overflow product-cat op-7\">\n\t\t\tDomaine Mea\t\t<\/p>\n\t<p class=\"name product-title woocommerce-loop-product__title\"><a href=\"https:\/\/schaumweinkontor.com\/en\/produkt\/guy-mea-champ-prestige-le-grillon-brut-1er-cru-6-l-methusalem\/\" class=\"woocommerce-LoopProduct-link woocommerce-loop-product__link\">Guy Mea Champagne Prestige Le Grillon Brut 1er Cru 6 L Methusalem<\/a><\/p><\/div><div class=\"price-wrapper\">\n\t<span class=\"price\"><span class=\"woocommerce-Price-amount amount\" role=\"none\"><bdi><span class=\"woocommerce-Price-currencySymbol\">&euro;<\/span>&nbsp;720,00<\/bdi><\/span> <small class=\"woocommerce-price-suffix\">inkl. MwSt.<\/small><\/span>\n<\/div><div class=\"add-to-cart-button\"><a href=\"\/en\/wp-json\/wp\/v2\/pages\/4628?add-to-cart=4722\" aria-describedby=\"woocommerce_loop_add_to_cart_link_describedby_4722\" data-quantity=\"1\" class=\"primary is-small mb-0 button product_type_simple add_to_cart_button ajax_add_to_cart is-outline\" data-product_id=\"4722\" data-product_sku=\"100300171\" aria-label=\"Add to cart: &ldquo;Guy Mea Champagne Prestige Le Grillon Brut 1er Cru 6 L Methusalem&rdquo;\" rel=\"nofollow\" data-success_message=\"&ldquo;Guy Mea Champagne Prestige Le Grillon Brut 1er Cru 6 L Methusalem&rdquo; has been added to your cart\" role=\"button\">Add to cart<\/a><\/div>\t<span id=\"woocommerce_loop_add_to_cart_link_describedby_4722\" class=\"screen-reader-text\">\n\t\t\t<\/span>\n\t\t\t\t\t\t\t<\/div>\n\t\t\t\t\t\t<\/div>\n\t\t\t\t\t\t<\/div>\n\t\t\t\t\t<\/div><\/div>\n\n\n\t\t<\/div>\n\t\t\t\t\t<\/div>\n\n\t\n\n\n<style>\n#row-1769435348 > .col > .col-inner {\n  padding: 0 0px 0px 0px;\n}\n@media (min-width:550px) {\n  #row-1769435348 > .col > .col-inner {\n    padding: 15px 0px 0px 0px;\n  }\n}\n<\/style>\n<\/div>\n<div class=\"row row-collapse row-full-width align-middle align-center blau-verlauf\"  id=\"row-254006777\">\n\n\n\t<div id=\"col-1967668303\" class=\"col medium-6 small-5 large-6\"  >\n\t\t\t\t<div class=\"col-inner\"  >\n\t\t\t\n\t\t\t\n\n\t<div id=\"text-332907232\" class=\"text\">\n\t\t\n\n<h2><span style=\"font-size: 75%;\"> France<\/span><\/h2>\n\t\t\n<style>\n#text-332907232 {\n  font-size: 1.5rem;\n  line-height: 2;\n}\n<\/style>\n\t<\/div>\n\t\n\n\t\t<\/div>\n\t\t\t\t\t<\/div>\n\n\t\n\n\t<div id=\"col-1775900224\" class=\"col medium-6 small-7 large-6\"  >\n\t\t\t\t<div class=\"col-inner\"  >\n\t\t\t\n\t\t\t\n\n<h5 id=\"cremant-mobile\" class=\"uppercase\" style=\"text-align: right;\"><span style=\"color: #b79549; font-size: 75%;\">Cremant<\/span><\/h5>\n\n\t\t<\/div>\n\t\t\t\t\t<\/div>\n\n\t\n\n\n<style>\n#row-254006777 > .col > .col-inner {\n  padding: 0px 20px 0px 20px;\n  border-radius: 74px;\n}\n<\/style>\n<\/div>\n\t<section class=\"section bg_winzer show-for-medium\" id=\"section_1448799290\">\n\t\t<div class=\"bg section-bg fill bg-fill  \" >\n\n\t\t\t\n\t\t\t\n\t\t\t\n\n\t\t<\/div>\n\n\t\t\n\n\t\t<div class=\"section-content relative\">\n\t\t\t\n\n<div class=\"row row-collapse row-full-width align-middle align-center\"  id=\"row-1976266249\">\n\n\n\t<div id=\"col-305058267\" class=\"col small-12 large-12\"  >\n\t\t\t\t<div class=\"col-inner\"  >\n\t\t\t\n\t\t\t\n\n<h2 id=\"LouisVallon-mobile\" class=\"uppercase\" style=\"text-align: center;\"><span style=\"font-size: 75%;\">Louis Vallon<\/span><\/h2>\n\n\t\t<\/div>\n\t\t\t\t\t<\/div>\n\n\t\n\n\n<style>\n#row-1976266249 > .col > .col-inner {\n  padding: 15px 0px 0px 0px;\n}\n<\/style>\n<\/div>\n\n\t\t<\/div>\n\n\t\t\n<style>\n#section_1448799290 {\n  padding-top: 20px;\n  padding-bottom: 20px;\n  margin-bottom: 30px;\n}\n#section_1448799290 .section-bg.bg-loaded {\n  background-image: url(https:\/\/schaumweinkontor.com\/wp-content\/uploads\/2022\/06\/landscape-illu-gold-transp.png);\n}\n<\/style>\n\t<\/section>\n\t\n<div class=\"row row-full-width margin-auto\"  id=\"row-43528024\">\n\n\n\t<div id=\"col-1804644099\" class=\"col small-12 large-12\"  >\n\t\t\t\t<div class=\"col-inner\"  >\n\t\t\t\n\t\t\t\n\n\n  \n    <div class=\"row  equalize-box show-for-small large-columns-3 medium-columns- small-columns-1 row-large has-shadow row-box-shadow-2 row-box-shadow-4-hover\" >\n  \t\n\t     <div class=\"col\" data-animate=\"fadeInUp\">\n\t\t\t\t\t\t<div class=\"col-inner\">\n\t\t\t\t\t\t\n<div class=\"badge-container badge-custom absolute right top z-1\">\n<div class=\"callout badge badge-circle\"><div class=\"badge-inner secondary on-sale\"><span class=\"onsale\">Sale!<\/span><\/div><\/div>\n<\/div>\n\t\t\t\t\t\t<div class=\"product-small box has-hover box-vertical box-text-bottom\">\n\t\t\t\t\t\t\t<div class=\"box-image\" >\n\t\t\t\t\t\t\t\t<div class=\"\" >\n\t\t\t\t\t\t\t\t\t<a href=\"https:\/\/schaumweinkontor.com\/en\/produkt\/louis-vallon-cremant-bordeaux-rose-de-noirs-075-l\/\" aria-label=\"Louis Vallon Cremant Bordeaux Ros\u00e9 de Noirs 0,75 L\">\n\t\t\t\t\t\t\t\t\t\t<img loading=\"lazy\" decoding=\"async\" width=\"300\" height=\"300\" src=\"https:\/\/schaumweinkontor.com\/wp-content\/uploads\/2023\/04\/Louis-Vallon-Branc-de-Noir_1000x1000-px-300x300.png\" class=\"attachment-medium size-medium\" alt=\"Louis Vallon Cremant Bordeaux Ros\u00e9 de Noirs 0,75 L\" srcset=\"https:\/\/schaumweinkontor.com\/wp-content\/uploads\/2023\/04\/Louis-Vallon-Branc-de-Noir_1000x1000-px-300x300.png 300w, https:\/\/schaumweinkontor.com\/wp-content\/uploads\/2023\/04\/Louis-Vallon-Branc-de-Noir_1000x1000-px-100x100.png 100w, https:\/\/schaumweinkontor.com\/wp-content\/uploads\/2023\/04\/Louis-Vallon-Branc-de-Noir_1000x1000-px-510x510.png 510w, https:\/\/schaumweinkontor.com\/wp-content\/uploads\/2023\/04\/Louis-Vallon-Branc-de-Noir_1000x1000-px-150x150.png 150w, https:\/\/schaumweinkontor.com\/wp-content\/uploads\/2023\/04\/Louis-Vallon-Branc-de-Noir_1000x1000-px-768x768.png 768w, https:\/\/schaumweinkontor.com\/wp-content\/uploads\/2023\/04\/Louis-Vallon-Branc-de-Noir_1000x1000-px.png 1000w\" sizes=\"auto, (max-width: 300px) 100vw, 300px\" \/>\t\t\t\t\t\t\t\t\t<\/a>\n\t\t\t\t\t\t\t\t\t\t\t\t\t\t\t\t\t\t \t\t\t\t\t\t\t\t<\/div>\n\t\t\t\t\t\t\t\t<div class=\"image-tools top right show-on-hover\">\n\t\t\t\t\t\t\t\t\t\t\t\t\t\t\t\t\t<\/div>\n\t\t\t\t\t\t\t\t\t\t\t\t\t\t\t\t\t<div class=\"image-tools grid-tools text-center hide-for-small bottom hover-slide-in show-on-hover\">\n\t\t\t\t\t\t\t\t\t\t\t\t\t\t\t\t\t\t\t<\/div>\n\t\t\t\t\t\t\t\t\t\t\t\t\t\t\t\t\t\t\t\t\t\t\t<\/div>\n\n\t\t\t\t\t\t\t<div class=\"box-text text-center\" >\n\t\t\t\t\t\t\t\t<div class=\"title-wrapper\">\t\t<p class=\"category uppercase is-smaller no-text-overflow product-cat op-7\">\n\t\t\tCremant\t\t<\/p>\n\t<p class=\"name product-title woocommerce-loop-product__title\"><a href=\"https:\/\/schaumweinkontor.com\/en\/produkt\/louis-vallon-cremant-bordeaux-rose-de-noirs-075-l\/\" class=\"woocommerce-LoopProduct-link woocommerce-loop-product__link\">Louis Vallon Cremant Bordeaux Ros\u00e9 de Noirs 0,75 L<\/a><\/p><\/div><div class=\"price-wrapper\">\n\t<span class=\"price\"><del aria-hidden=\"true\"><span class=\"woocommerce-Price-amount amount\" role=\"none\"><bdi><span class=\"woocommerce-Price-currencySymbol\">&euro;<\/span>&nbsp;10,60<\/bdi><\/span><\/del> <span class=\"screen-reader-text\">Original price was: &euro;&nbsp;10,60.<\/span><ins aria-hidden=\"true\"><span class=\"woocommerce-Price-amount amount\" role=\"none\"><bdi><span class=\"woocommerce-Price-currencySymbol\">&euro;<\/span>&nbsp;7,95<\/bdi><\/span><\/ins><span class=\"screen-reader-text\">Current price is: &euro;&nbsp;7,95.<\/span> <small class=\"woocommerce-price-suffix\">inkl. MwSt.<\/small><\/span>\n<\/div><div class=\"add-to-cart-button\"><a href=\"\/en\/wp-json\/wp\/v2\/pages\/4628?add-to-cart=4613\" aria-describedby=\"woocommerce_loop_add_to_cart_link_describedby_4613\" data-quantity=\"1\" class=\"primary is-small mb-0 button product_type_simple add_to_cart_button ajax_add_to_cart is-outline\" data-product_id=\"4613\" data-product_sku=\"100300343\" aria-label=\"Add to cart: &ldquo;Louis Vallon Cremant Bordeaux Ros\u00e9 de Noirs 0,75 L&rdquo;\" rel=\"nofollow\" data-success_message=\"&ldquo;Louis Vallon Cremant Bordeaux Ros\u00e9 de Noirs 0,75 L&rdquo; has been added to your cart\" role=\"button\">Add to cart<\/a><\/div>\t<span id=\"woocommerce_loop_add_to_cart_link_describedby_4613\" class=\"screen-reader-text\">\n\t\t\t<\/span>\n\t\t\t\t\t\t\t<\/div>\n\t\t\t\t\t\t<\/div>\n\t\t\t\t\t\t<\/div>\n\t\t\t\t\t<\/div><div class=\"col\" data-animate=\"fadeInUp\">\n\t\t\t\t\t\t<div class=\"col-inner\">\n\t\t\t\t\t\t\n<div class=\"badge-container badge-custom absolute right top z-1\">\n<div class=\"callout badge badge-circle\"><div class=\"badge-inner secondary on-sale\"><span class=\"onsale\">Sale!<\/span><\/div><\/div>\n<\/div>\n\t\t\t\t\t\t<div class=\"product-small box has-hover box-vertical box-text-bottom\">\n\t\t\t\t\t\t\t<div class=\"box-image\" >\n\t\t\t\t\t\t\t\t<div class=\"\" >\n\t\t\t\t\t\t\t\t\t<a href=\"https:\/\/schaumweinkontor.com\/en\/produkt\/louis-vallon-brut-nature-075-l\/\" aria-label=\"Louis Vallon Cremant Bordeaux Brut Nature 0,75 L\">\n\t\t\t\t\t\t\t\t\t\t<img loading=\"lazy\" decoding=\"async\" width=\"300\" height=\"300\" src=\"https:\/\/schaumweinkontor.com\/wp-content\/uploads\/2023\/04\/Louis-Vallon-Brut-Nature_1000x1000-px-300x300.png\" class=\"attachment-medium size-medium\" alt=\"Louis Vallon Cremant Bordeaux Brut Nature 0,75 L\" srcset=\"https:\/\/schaumweinkontor.com\/wp-content\/uploads\/2023\/04\/Louis-Vallon-Brut-Nature_1000x1000-px-300x300.png 300w, https:\/\/schaumweinkontor.com\/wp-content\/uploads\/2023\/04\/Louis-Vallon-Brut-Nature_1000x1000-px-100x100.png 100w, https:\/\/schaumweinkontor.com\/wp-content\/uploads\/2023\/04\/Louis-Vallon-Brut-Nature_1000x1000-px-510x510.png 510w, https:\/\/schaumweinkontor.com\/wp-content\/uploads\/2023\/04\/Louis-Vallon-Brut-Nature_1000x1000-px-150x150.png 150w, https:\/\/schaumweinkontor.com\/wp-content\/uploads\/2023\/04\/Louis-Vallon-Brut-Nature_1000x1000-px-768x768.png 768w, https:\/\/schaumweinkontor.com\/wp-content\/uploads\/2023\/04\/Louis-Vallon-Brut-Nature_1000x1000-px.png 1000w\" sizes=\"auto, (max-width: 300px) 100vw, 300px\" \/>\t\t\t\t\t\t\t\t\t<\/a>\n\t\t\t\t\t\t\t\t\t\t\t\t\t\t\t\t\t\t \t\t\t\t\t\t\t\t<\/div>\n\t\t\t\t\t\t\t\t<div class=\"image-tools top right show-on-hover\">\n\t\t\t\t\t\t\t\t\t\t\t\t\t\t\t\t\t<\/div>\n\t\t\t\t\t\t\t\t\t\t\t\t\t\t\t\t\t<div class=\"image-tools grid-tools text-center hide-for-small bottom hover-slide-in show-on-hover\">\n\t\t\t\t\t\t\t\t\t\t\t\t\t\t\t\t\t\t\t<\/div>\n\t\t\t\t\t\t\t\t\t\t\t\t\t\t\t\t\t\t\t\t\t\t\t<\/div>\n\n\t\t\t\t\t\t\t<div class=\"box-text text-center\" >\n\t\t\t\t\t\t\t\t<div class=\"title-wrapper\">\t\t<p class=\"category uppercase is-smaller no-text-overflow product-cat op-7\">\n\t\t\tCremant\t\t<\/p>\n\t<p class=\"name product-title woocommerce-loop-product__title\"><a href=\"https:\/\/schaumweinkontor.com\/en\/produkt\/louis-vallon-brut-nature-075-l\/\" class=\"woocommerce-LoopProduct-link woocommerce-loop-product__link\">Louis Vallon Cremant Bordeaux Brut Nature 0,75 L<\/a><\/p><\/div><div class=\"price-wrapper\">\n\t<span class=\"price\"><del aria-hidden=\"true\"><span class=\"woocommerce-Price-amount amount\" role=\"none\"><bdi><span class=\"woocommerce-Price-currencySymbol\">&euro;<\/span>&nbsp;11,50<\/bdi><\/span><\/del> <span class=\"screen-reader-text\">Original price was: &euro;&nbsp;11,50.<\/span><ins aria-hidden=\"true\"><span class=\"woocommerce-Price-amount amount\" role=\"none\"><bdi><span class=\"woocommerce-Price-currencySymbol\">&euro;<\/span>&nbsp;8,65<\/bdi><\/span><\/ins><span class=\"screen-reader-text\">Current price is: &euro;&nbsp;8,65.<\/span> <small class=\"woocommerce-price-suffix\">inkl. MwSt.<\/small><\/span>\n<\/div><div class=\"add-to-cart-button\"><a href=\"\/en\/wp-json\/wp\/v2\/pages\/4628?add-to-cart=4697\" aria-describedby=\"woocommerce_loop_add_to_cart_link_describedby_4697\" data-quantity=\"1\" class=\"primary is-small mb-0 button product_type_simple add_to_cart_button ajax_add_to_cart is-outline\" data-product_id=\"4697\" data-product_sku=\"100300342\" aria-label=\"Add to cart: &ldquo;Louis Vallon Cremant Bordeaux Brut Nature 0,75 L&rdquo;\" rel=\"nofollow\" data-success_message=\"&ldquo;Louis Vallon Cremant Bordeaux Brut Nature 0,75 L&rdquo; has been added to your cart\" role=\"button\">Add to cart<\/a><\/div>\t<span id=\"woocommerce_loop_add_to_cart_link_describedby_4697\" class=\"screen-reader-text\">\n\t\t\t<\/span>\n\t\t\t\t\t\t\t<\/div>\n\t\t\t\t\t\t<\/div>\n\t\t\t\t\t\t<\/div>\n\t\t\t\t\t<\/div><div class=\"col\" data-animate=\"fadeInUp\">\n\t\t\t\t\t\t<div class=\"col-inner\">\n\t\t\t\t\t\t\n<div class=\"badge-container badge-custom absolute right top z-1\">\n<div class=\"callout badge badge-circle\"><div class=\"badge-inner secondary on-sale\"><span class=\"onsale\">Sale!<\/span><\/div><\/div>\n<\/div>\n\t\t\t\t\t\t<div class=\"product-small box has-hover box-vertical box-text-bottom\">\n\t\t\t\t\t\t\t<div class=\"box-image\" >\n\t\t\t\t\t\t\t\t<div class=\"\" >\n\t\t\t\t\t\t\t\t\t<a href=\"https:\/\/schaumweinkontor.com\/en\/produkt\/louis-vallon-blanc-de-noir-075-l\/\" aria-label=\"Louis Vallon Blanc de Noirs 0,75 L\">\n\t\t\t\t\t\t\t\t\t\t<img loading=\"lazy\" decoding=\"async\" width=\"300\" height=\"300\" src=\"https:\/\/schaumweinkontor.com\/wp-content\/uploads\/2023\/04\/Louis-Vallon-Blanc-de-Noir_1000x1000-px-300x300.png\" class=\"attachment-medium size-medium\" alt=\"Louis Vallon Blanc de Noirs\" srcset=\"https:\/\/schaumweinkontor.com\/wp-content\/uploads\/2023\/04\/Louis-Vallon-Blanc-de-Noir_1000x1000-px-300x300.png 300w, https:\/\/schaumweinkontor.com\/wp-content\/uploads\/2023\/04\/Louis-Vallon-Blanc-de-Noir_1000x1000-px-100x100.png 100w, https:\/\/schaumweinkontor.com\/wp-content\/uploads\/2023\/04\/Louis-Vallon-Blanc-de-Noir_1000x1000-px-510x510.png 510w, https:\/\/schaumweinkontor.com\/wp-content\/uploads\/2023\/04\/Louis-Vallon-Blanc-de-Noir_1000x1000-px-150x150.png 150w, https:\/\/schaumweinkontor.com\/wp-content\/uploads\/2023\/04\/Louis-Vallon-Blanc-de-Noir_1000x1000-px-768x768.png 768w, https:\/\/schaumweinkontor.com\/wp-content\/uploads\/2023\/04\/Louis-Vallon-Blanc-de-Noir_1000x1000-px.png 1000w\" sizes=\"auto, (max-width: 300px) 100vw, 300px\" \/>\t\t\t\t\t\t\t\t\t<\/a>\n\t\t\t\t\t\t\t\t\t\t\t\t\t\t\t\t\t\t \t\t\t\t\t\t\t\t<\/div>\n\t\t\t\t\t\t\t\t<div class=\"image-tools top right show-on-hover\">\n\t\t\t\t\t\t\t\t\t\t\t\t\t\t\t\t\t<\/div>\n\t\t\t\t\t\t\t\t\t\t\t\t\t\t\t\t\t<div class=\"image-tools grid-tools text-center hide-for-small bottom hover-slide-in show-on-hover\">\n\t\t\t\t\t\t\t\t\t\t\t\t\t\t\t\t\t\t\t<\/div>\n\t\t\t\t\t\t\t\t\t\t\t\t\t\t\t\t\t\t\t\t\t\t\t<\/div>\n\n\t\t\t\t\t\t\t<div class=\"box-text text-center\" >\n\t\t\t\t\t\t\t\t<div class=\"title-wrapper\">\t\t<p class=\"category uppercase is-smaller no-text-overflow product-cat op-7\">\n\t\t\tCremant\t\t<\/p>\n\t<p class=\"name product-title woocommerce-loop-product__title\"><a href=\"https:\/\/schaumweinkontor.com\/en\/produkt\/louis-vallon-blanc-de-noir-075-l\/\" class=\"woocommerce-LoopProduct-link woocommerce-loop-product__link\">Louis Vallon Blanc de Noirs 0,75 L<\/a><\/p><\/div><div class=\"price-wrapper\">\n\t<span class=\"price\"><del aria-hidden=\"true\"><span class=\"woocommerce-Price-amount amount\" role=\"none\"><bdi><span class=\"woocommerce-Price-currencySymbol\">&euro;<\/span>&nbsp;11,50<\/bdi><\/span><\/del> <span class=\"screen-reader-text\">Original price was: &euro;&nbsp;11,50.<\/span><ins aria-hidden=\"true\"><span class=\"woocommerce-Price-amount amount\" role=\"none\"><bdi><span class=\"woocommerce-Price-currencySymbol\">&euro;<\/span>&nbsp;8,65<\/bdi><\/span><\/ins><span class=\"screen-reader-text\">Current price is: &euro;&nbsp;8,65.<\/span> <small class=\"woocommerce-price-suffix\">inkl. MwSt.<\/small><\/span>\n<\/div><div class=\"add-to-cart-button\"><a href=\"\/en\/wp-json\/wp\/v2\/pages\/4628?add-to-cart=4698\" aria-describedby=\"woocommerce_loop_add_to_cart_link_describedby_4698\" data-quantity=\"1\" class=\"primary is-small mb-0 button product_type_simple add_to_cart_button ajax_add_to_cart is-outline\" data-product_id=\"4698\" data-product_sku=\"100300341\" aria-label=\"Add to cart: &ldquo;Louis Vallon Blanc de Noirs 0,75 L&rdquo;\" rel=\"nofollow\" data-success_message=\"&ldquo;Louis Vallon Blanc de Noirs 0,75 L&rdquo; has been added to your cart\" role=\"button\">Add to cart<\/a><\/div>\t<span id=\"woocommerce_loop_add_to_cart_link_describedby_4698\" class=\"screen-reader-text\">\n\t\t\t<\/span>\n\t\t\t\t\t\t\t<\/div>\n\t\t\t\t\t\t<\/div>\n\t\t\t\t\t\t<\/div>\n\t\t\t\t\t<\/div><div class=\"col\" data-animate=\"fadeInUp\">\n\t\t\t\t\t\t<div class=\"col-inner\">\n\t\t\t\t\t\t\n<div class=\"badge-container badge-custom absolute right top z-1\">\n\n<\/div>\n\t\t\t\t\t\t<div class=\"product-small box has-hover box-vertical box-text-bottom\">\n\t\t\t\t\t\t\t<div class=\"box-image\" >\n\t\t\t\t\t\t\t\t<div class=\"\" >\n\t\t\t\t\t\t\t\t\t<a href=\"https:\/\/schaumweinkontor.com\/en\/produkt\/linstant-de-louis-vallon-blanc\/\" aria-label=\"L\u2019Instant de Louis Vallon Blanc 0.5% Alk. 0,75l\">\n\t\t\t\t\t\t\t\t\t\t<img loading=\"lazy\" decoding=\"async\" width=\"300\" height=\"300\" src=\"https:\/\/schaumweinkontor.com\/wp-content\/uploads\/2025\/07\/17-300x300.png\" class=\"attachment-medium size-medium\" alt=\"L\u2019Instant Blanc\" srcset=\"https:\/\/schaumweinkontor.com\/wp-content\/uploads\/2025\/07\/17-300x300.png 300w, https:\/\/schaumweinkontor.com\/wp-content\/uploads\/2025\/07\/17-150x150.png 150w, https:\/\/schaumweinkontor.com\/wp-content\/uploads\/2025\/07\/17-768x768.png 768w, https:\/\/schaumweinkontor.com\/wp-content\/uploads\/2025\/07\/17-510x510.png 510w, https:\/\/schaumweinkontor.com\/wp-content\/uploads\/2025\/07\/17-100x100.png 100w, https:\/\/schaumweinkontor.com\/wp-content\/uploads\/2025\/07\/17.png 1000w\" sizes=\"auto, (max-width: 300px) 100vw, 300px\" \/>\t\t\t\t\t\t\t\t\t<\/a>\n\t\t\t\t\t\t\t\t\t\t\t\t\t\t\t\t\t\t \t\t\t\t\t\t\t\t<\/div>\n\t\t\t\t\t\t\t\t<div class=\"image-tools top right show-on-hover\">\n\t\t\t\t\t\t\t\t\t\t\t\t\t\t\t\t\t<\/div>\n\t\t\t\t\t\t\t\t\t\t\t\t\t\t\t\t\t<div class=\"image-tools grid-tools text-center hide-for-small bottom hover-slide-in show-on-hover\">\n\t\t\t\t\t\t\t\t\t\t\t\t\t\t\t\t\t\t\t<\/div>\n\t\t\t\t\t\t\t\t\t\t\t\t\t\t\t\t\t\t\t\t\t\t\t<\/div>\n\n\t\t\t\t\t\t\t<div class=\"box-text text-center\" >\n\t\t\t\t\t\t\t\t<div class=\"title-wrapper\">\t\t<p class=\"category uppercase is-smaller no-text-overflow product-cat op-7\">\n\t\t\tLouis Vallon\t\t<\/p>\n\t<p class=\"name product-title woocommerce-loop-product__title\"><a href=\"https:\/\/schaumweinkontor.com\/en\/produkt\/linstant-de-louis-vallon-blanc\/\" class=\"woocommerce-LoopProduct-link woocommerce-loop-product__link\">L\u2019Instant de Louis Vallon Blanc 0.5% Alk. 0,75l<\/a><\/p><\/div><div class=\"price-wrapper\">\n\t<span class=\"price\"><span class=\"woocommerce-Price-amount amount\" role=\"none\"><bdi><span class=\"woocommerce-Price-currencySymbol\">&euro;<\/span>&nbsp;9,90<\/bdi><\/span> <small class=\"woocommerce-price-suffix\">inkl. MwSt.<\/small><\/span>\n<\/div><div class=\"add-to-cart-button\"><a href=\"\/en\/wp-json\/wp\/v2\/pages\/4628?add-to-cart=6419\" aria-describedby=\"woocommerce_loop_add_to_cart_link_describedby_6419\" data-quantity=\"1\" class=\"primary is-small mb-0 button product_type_simple add_to_cart_button ajax_add_to_cart is-outline\" data-product_id=\"6419\" data-product_sku=\"100300520\" aria-label=\"Add to cart: &ldquo;L\u2019Instant de Louis Vallon Blanc 0.5% Alk. 0,75l&rdquo;\" rel=\"nofollow\" data-success_message=\"&ldquo;L\u2019Instant de Louis Vallon Blanc 0.5% Alk. 0,75l&rdquo; has been added to your cart\" role=\"button\">Add to cart<\/a><\/div>\t<span id=\"woocommerce_loop_add_to_cart_link_describedby_6419\" class=\"screen-reader-text\">\n\t\t\t<\/span>\n\t\t\t\t\t\t\t<\/div>\n\t\t\t\t\t\t<\/div>\n\t\t\t\t\t\t<\/div>\n\t\t\t\t\t<\/div><div class=\"col\" data-animate=\"fadeInUp\">\n\t\t\t\t\t\t<div class=\"col-inner\">\n\t\t\t\t\t\t\n<div class=\"badge-container badge-custom absolute right top z-1\">\n\n<\/div>\n\t\t\t\t\t\t<div class=\"product-small box has-hover box-vertical box-text-bottom\">\n\t\t\t\t\t\t\t<div class=\"box-image\" >\n\t\t\t\t\t\t\t\t<div class=\"\" >\n\t\t\t\t\t\t\t\t\t<a href=\"https:\/\/schaumweinkontor.com\/en\/produkt\/linstant-de-louis-vallon-rose-075l\/\" aria-label=\"L\u2019Instant de Louis Vallon Ros\u00e9 0,75l\">\n\t\t\t\t\t\t\t\t\t\t<img loading=\"lazy\" decoding=\"async\" width=\"300\" height=\"300\" src=\"https:\/\/schaumweinkontor.com\/wp-content\/uploads\/2025\/07\/16-300x300.png\" class=\"attachment-medium size-medium\" alt=\"L\u2019Instant Ros\u00e9 \" srcset=\"https:\/\/schaumweinkontor.com\/wp-content\/uploads\/2025\/07\/16-300x300.png 300w, https:\/\/schaumweinkontor.com\/wp-content\/uploads\/2025\/07\/16-150x150.png 150w, https:\/\/schaumweinkontor.com\/wp-content\/uploads\/2025\/07\/16-768x768.png 768w, https:\/\/schaumweinkontor.com\/wp-content\/uploads\/2025\/07\/16-510x510.png 510w, https:\/\/schaumweinkontor.com\/wp-content\/uploads\/2025\/07\/16-100x100.png 100w, https:\/\/schaumweinkontor.com\/wp-content\/uploads\/2025\/07\/16.png 1000w\" sizes=\"auto, (max-width: 300px) 100vw, 300px\" \/>\t\t\t\t\t\t\t\t\t<\/a>\n\t\t\t\t\t\t\t\t\t\t\t\t\t\t\t\t\t\t \t\t\t\t\t\t\t\t<\/div>\n\t\t\t\t\t\t\t\t<div class=\"image-tools top right show-on-hover\">\n\t\t\t\t\t\t\t\t\t\t\t\t\t\t\t\t\t<\/div>\n\t\t\t\t\t\t\t\t\t\t\t\t\t\t\t\t\t<div class=\"image-tools grid-tools text-center hide-for-small bottom hover-slide-in show-on-hover\">\n\t\t\t\t\t\t\t\t\t\t\t\t\t\t\t\t\t\t\t<\/div>\n\t\t\t\t\t\t\t\t\t\t\t\t\t\t\t\t\t\t\t\t\t\t\t<\/div>\n\n\t\t\t\t\t\t\t<div class=\"box-text text-center\" >\n\t\t\t\t\t\t\t\t<div class=\"title-wrapper\">\t\t<p class=\"category uppercase is-smaller no-text-overflow product-cat op-7\">\n\t\t\tLouis Vallon\t\t<\/p>\n\t<p class=\"name product-title woocommerce-loop-product__title\"><a href=\"https:\/\/schaumweinkontor.com\/en\/produkt\/linstant-de-louis-vallon-rose-075l\/\" class=\"woocommerce-LoopProduct-link woocommerce-loop-product__link\">L\u2019Instant de Louis Vallon Ros\u00e9 0,75l<\/a><\/p><\/div><div class=\"price-wrapper\">\n\t<span class=\"price\"><span class=\"woocommerce-Price-amount amount\" role=\"none\"><bdi><span class=\"woocommerce-Price-currencySymbol\">&euro;<\/span>&nbsp;9,90<\/bdi><\/span> <small class=\"woocommerce-price-suffix\">inkl. MwSt.<\/small><\/span>\n<\/div><div class=\"add-to-cart-button\"><a href=\"\/en\/wp-json\/wp\/v2\/pages\/4628?add-to-cart=6422\" aria-describedby=\"woocommerce_loop_add_to_cart_link_describedby_6422\" data-quantity=\"1\" class=\"primary is-small mb-0 button product_type_simple add_to_cart_button ajax_add_to_cart is-outline\" data-product_id=\"6422\" data-product_sku=\"100300519\" aria-label=\"Add to cart: &ldquo;L\u2019Instant de Louis Vallon Ros\u00e9 0,75l&rdquo;\" rel=\"nofollow\" data-success_message=\"&ldquo;L\u2019Instant de Louis Vallon Ros\u00e9 0,75l&rdquo; has been added to your cart\" role=\"button\">Add to cart<\/a><\/div>\t<span id=\"woocommerce_loop_add_to_cart_link_describedby_6422\" class=\"screen-reader-text\">\n\t\t\t<\/span>\n\t\t\t\t\t\t\t<\/div>\n\t\t\t\t\t\t<\/div>\n\t\t\t\t\t\t<\/div>\n\t\t\t\t\t<\/div><\/div>\n\n\n  \n    <div class=\"row  equalize-box show-for-medium hide-for-small large-columns-3 medium-columns-2 small-columns-1 row-large has-shadow row-box-shadow-2 row-box-shadow-4-hover\" >\n  \t\n\t     <div class=\"col\" data-animate=\"fadeInUp\">\n\t\t\t\t\t\t<div class=\"col-inner\">\n\t\t\t\t\t\t\n<div class=\"badge-container badge-custom absolute right top z-1\">\n<div class=\"callout badge badge-circle\"><div class=\"badge-inner secondary on-sale\"><span class=\"onsale\">Sale!<\/span><\/div><\/div>\n<\/div>\n\t\t\t\t\t\t<div class=\"product-small box has-hover box-normal box-text-bottom\">\n\t\t\t\t\t\t\t<div class=\"box-image\" >\n\t\t\t\t\t\t\t\t<div class=\"\" >\n\t\t\t\t\t\t\t\t\t<a href=\"https:\/\/schaumweinkontor.com\/en\/produkt\/louis-vallon-cremant-bordeaux-rose-de-noirs-075-l\/\" aria-label=\"Louis Vallon Cremant Bordeaux Ros\u00e9 de Noirs 0,75 L\">\n\t\t\t\t\t\t\t\t\t\t<img loading=\"lazy\" decoding=\"async\" width=\"300\" height=\"300\" src=\"https:\/\/schaumweinkontor.com\/wp-content\/uploads\/2023\/04\/Louis-Vallon-Branc-de-Noir_1000x1000-px-300x300.png\" class=\"attachment-medium size-medium\" alt=\"Louis Vallon Cremant Bordeaux Ros\u00e9 de Noirs 0,75 L\" srcset=\"https:\/\/schaumweinkontor.com\/wp-content\/uploads\/2023\/04\/Louis-Vallon-Branc-de-Noir_1000x1000-px-300x300.png 300w, https:\/\/schaumweinkontor.com\/wp-content\/uploads\/2023\/04\/Louis-Vallon-Branc-de-Noir_1000x1000-px-100x100.png 100w, https:\/\/schaumweinkontor.com\/wp-content\/uploads\/2023\/04\/Louis-Vallon-Branc-de-Noir_1000x1000-px-510x510.png 510w, https:\/\/schaumweinkontor.com\/wp-content\/uploads\/2023\/04\/Louis-Vallon-Branc-de-Noir_1000x1000-px-150x150.png 150w, https:\/\/schaumweinkontor.com\/wp-content\/uploads\/2023\/04\/Louis-Vallon-Branc-de-Noir_1000x1000-px-768x768.png 768w, https:\/\/schaumweinkontor.com\/wp-content\/uploads\/2023\/04\/Louis-Vallon-Branc-de-Noir_1000x1000-px.png 1000w\" sizes=\"auto, (max-width: 300px) 100vw, 300px\" \/>\t\t\t\t\t\t\t\t\t<\/a>\n\t\t\t\t\t\t\t\t\t\t\t\t\t\t\t\t\t\t \t\t\t\t\t\t\t\t<\/div>\n\t\t\t\t\t\t\t\t<div class=\"image-tools top right show-on-hover\">\n\t\t\t\t\t\t\t\t\t\t\t\t\t\t\t\t\t<\/div>\n\t\t\t\t\t\t\t\t\t\t\t\t\t\t\t\t\t<div class=\"image-tools grid-tools text-center hide-for-small bottom hover-slide-in show-on-hover\">\n\t\t\t\t\t\t\t\t\t\t\t\t\t\t\t\t\t\t\t<\/div>\n\t\t\t\t\t\t\t\t\t\t\t\t\t\t\t\t\t\t\t\t\t\t\t<\/div>\n\n\t\t\t\t\t\t\t<div class=\"box-text text-center\" >\n\t\t\t\t\t\t\t\t<div class=\"title-wrapper\">\t\t<p class=\"category uppercase is-smaller no-text-overflow product-cat op-7\">\n\t\t\tCremant\t\t<\/p>\n\t<p class=\"name product-title woocommerce-loop-product__title\"><a href=\"https:\/\/schaumweinkontor.com\/en\/produkt\/louis-vallon-cremant-bordeaux-rose-de-noirs-075-l\/\" class=\"woocommerce-LoopProduct-link woocommerce-loop-product__link\">Louis Vallon Cremant Bordeaux Ros\u00e9 de Noirs 0,75 L<\/a><\/p><\/div><div class=\"price-wrapper\">\n\t<span class=\"price\"><del aria-hidden=\"true\"><span class=\"woocommerce-Price-amount amount\" role=\"none\"><bdi><span class=\"woocommerce-Price-currencySymbol\">&euro;<\/span>&nbsp;10,60<\/bdi><\/span><\/del> <span class=\"screen-reader-text\">Original price was: &euro;&nbsp;10,60.<\/span><ins aria-hidden=\"true\"><span class=\"woocommerce-Price-amount amount\" role=\"none\"><bdi><span class=\"woocommerce-Price-currencySymbol\">&euro;<\/span>&nbsp;7,95<\/bdi><\/span><\/ins><span class=\"screen-reader-text\">Current price is: &euro;&nbsp;7,95.<\/span> <small class=\"woocommerce-price-suffix\">inkl. MwSt.<\/small><\/span>\n<\/div><div class=\"add-to-cart-button\"><a href=\"\/en\/wp-json\/wp\/v2\/pages\/4628?add-to-cart=4613\" aria-describedby=\"woocommerce_loop_add_to_cart_link_describedby_4613\" data-quantity=\"1\" class=\"primary is-small mb-0 button product_type_simple add_to_cart_button ajax_add_to_cart is-outline\" data-product_id=\"4613\" data-product_sku=\"100300343\" aria-label=\"Add to cart: &ldquo;Louis Vallon Cremant Bordeaux Ros\u00e9 de Noirs 0,75 L&rdquo;\" rel=\"nofollow\" data-success_message=\"&ldquo;Louis Vallon Cremant Bordeaux Ros\u00e9 de Noirs 0,75 L&rdquo; has been added to your cart\" role=\"button\">Add to cart<\/a><\/div>\t<span id=\"woocommerce_loop_add_to_cart_link_describedby_4613\" class=\"screen-reader-text\">\n\t\t\t<\/span>\n\t\t\t\t\t\t\t<\/div>\n\t\t\t\t\t\t<\/div>\n\t\t\t\t\t\t<\/div>\n\t\t\t\t\t<\/div><div class=\"col\" data-animate=\"fadeInUp\">\n\t\t\t\t\t\t<div class=\"col-inner\">\n\t\t\t\t\t\t\n<div class=\"badge-container badge-custom absolute right top z-1\">\n<div class=\"callout badge badge-circle\"><div class=\"badge-inner secondary on-sale\"><span class=\"onsale\">Sale!<\/span><\/div><\/div>\n<\/div>\n\t\t\t\t\t\t<div class=\"product-small box has-hover box-normal box-text-bottom\">\n\t\t\t\t\t\t\t<div class=\"box-image\" >\n\t\t\t\t\t\t\t\t<div class=\"\" >\n\t\t\t\t\t\t\t\t\t<a href=\"https:\/\/schaumweinkontor.com\/en\/produkt\/louis-vallon-brut-nature-075-l\/\" aria-label=\"Louis Vallon Cremant Bordeaux Brut Nature 0,75 L\">\n\t\t\t\t\t\t\t\t\t\t<img loading=\"lazy\" decoding=\"async\" width=\"300\" height=\"300\" src=\"https:\/\/schaumweinkontor.com\/wp-content\/uploads\/2023\/04\/Louis-Vallon-Brut-Nature_1000x1000-px-300x300.png\" class=\"attachment-medium size-medium\" alt=\"Louis Vallon Cremant Bordeaux Brut Nature 0,75 L\" srcset=\"https:\/\/schaumweinkontor.com\/wp-content\/uploads\/2023\/04\/Louis-Vallon-Brut-Nature_1000x1000-px-300x300.png 300w, https:\/\/schaumweinkontor.com\/wp-content\/uploads\/2023\/04\/Louis-Vallon-Brut-Nature_1000x1000-px-100x100.png 100w, https:\/\/schaumweinkontor.com\/wp-content\/uploads\/2023\/04\/Louis-Vallon-Brut-Nature_1000x1000-px-510x510.png 510w, https:\/\/schaumweinkontor.com\/wp-content\/uploads\/2023\/04\/Louis-Vallon-Brut-Nature_1000x1000-px-150x150.png 150w, https:\/\/schaumweinkontor.com\/wp-content\/uploads\/2023\/04\/Louis-Vallon-Brut-Nature_1000x1000-px-768x768.png 768w, https:\/\/schaumweinkontor.com\/wp-content\/uploads\/2023\/04\/Louis-Vallon-Brut-Nature_1000x1000-px.png 1000w\" sizes=\"auto, (max-width: 300px) 100vw, 300px\" \/>\t\t\t\t\t\t\t\t\t<\/a>\n\t\t\t\t\t\t\t\t\t\t\t\t\t\t\t\t\t\t \t\t\t\t\t\t\t\t<\/div>\n\t\t\t\t\t\t\t\t<div class=\"image-tools top right show-on-hover\">\n\t\t\t\t\t\t\t\t\t\t\t\t\t\t\t\t\t<\/div>\n\t\t\t\t\t\t\t\t\t\t\t\t\t\t\t\t\t<div class=\"image-tools grid-tools text-center hide-for-small bottom hover-slide-in show-on-hover\">\n\t\t\t\t\t\t\t\t\t\t\t\t\t\t\t\t\t\t\t<\/div>\n\t\t\t\t\t\t\t\t\t\t\t\t\t\t\t\t\t\t\t\t\t\t\t<\/div>\n\n\t\t\t\t\t\t\t<div class=\"box-text text-center\" >\n\t\t\t\t\t\t\t\t<div class=\"title-wrapper\">\t\t<p class=\"category uppercase is-smaller no-text-overflow product-cat op-7\">\n\t\t\tCremant\t\t<\/p>\n\t<p class=\"name product-title woocommerce-loop-product__title\"><a href=\"https:\/\/schaumweinkontor.com\/en\/produkt\/louis-vallon-brut-nature-075-l\/\" class=\"woocommerce-LoopProduct-link woocommerce-loop-product__link\">Louis Vallon Cremant Bordeaux Brut Nature 0,75 L<\/a><\/p><\/div><div class=\"price-wrapper\">\n\t<span class=\"price\"><del aria-hidden=\"true\"><span class=\"woocommerce-Price-amount amount\" role=\"none\"><bdi><span class=\"woocommerce-Price-currencySymbol\">&euro;<\/span>&nbsp;11,50<\/bdi><\/span><\/del> <span class=\"screen-reader-text\">Original price was: &euro;&nbsp;11,50.<\/span><ins aria-hidden=\"true\"><span class=\"woocommerce-Price-amount amount\" role=\"none\"><bdi><span class=\"woocommerce-Price-currencySymbol\">&euro;<\/span>&nbsp;8,65<\/bdi><\/span><\/ins><span class=\"screen-reader-text\">Current price is: &euro;&nbsp;8,65.<\/span> <small class=\"woocommerce-price-suffix\">inkl. MwSt.<\/small><\/span>\n<\/div><div class=\"add-to-cart-button\"><a href=\"\/en\/wp-json\/wp\/v2\/pages\/4628?add-to-cart=4697\" aria-describedby=\"woocommerce_loop_add_to_cart_link_describedby_4697\" data-quantity=\"1\" class=\"primary is-small mb-0 button product_type_simple add_to_cart_button ajax_add_to_cart is-outline\" data-product_id=\"4697\" data-product_sku=\"100300342\" aria-label=\"Add to cart: &ldquo;Louis Vallon Cremant Bordeaux Brut Nature 0,75 L&rdquo;\" rel=\"nofollow\" data-success_message=\"&ldquo;Louis Vallon Cremant Bordeaux Brut Nature 0,75 L&rdquo; has been added to your cart\" role=\"button\">Add to cart<\/a><\/div>\t<span id=\"woocommerce_loop_add_to_cart_link_describedby_4697\" class=\"screen-reader-text\">\n\t\t\t<\/span>\n\t\t\t\t\t\t\t<\/div>\n\t\t\t\t\t\t<\/div>\n\t\t\t\t\t\t<\/div>\n\t\t\t\t\t<\/div><div class=\"col\" data-animate=\"fadeInUp\">\n\t\t\t\t\t\t<div class=\"col-inner\">\n\t\t\t\t\t\t\n<div class=\"badge-container badge-custom absolute right top z-1\">\n<div class=\"callout badge badge-circle\"><div class=\"badge-inner secondary on-sale\"><span class=\"onsale\">Sale!<\/span><\/div><\/div>\n<\/div>\n\t\t\t\t\t\t<div class=\"product-small box has-hover box-normal box-text-bottom\">\n\t\t\t\t\t\t\t<div class=\"box-image\" >\n\t\t\t\t\t\t\t\t<div class=\"\" >\n\t\t\t\t\t\t\t\t\t<a href=\"https:\/\/schaumweinkontor.com\/en\/produkt\/louis-vallon-blanc-de-noir-075-l\/\" aria-label=\"Louis Vallon Blanc de Noirs 0,75 L\">\n\t\t\t\t\t\t\t\t\t\t<img loading=\"lazy\" decoding=\"async\" width=\"300\" height=\"300\" src=\"https:\/\/schaumweinkontor.com\/wp-content\/uploads\/2023\/04\/Louis-Vallon-Blanc-de-Noir_1000x1000-px-300x300.png\" class=\"attachment-medium size-medium\" alt=\"Louis Vallon Blanc de Noirs\" srcset=\"https:\/\/schaumweinkontor.com\/wp-content\/uploads\/2023\/04\/Louis-Vallon-Blanc-de-Noir_1000x1000-px-300x300.png 300w, https:\/\/schaumweinkontor.com\/wp-content\/uploads\/2023\/04\/Louis-Vallon-Blanc-de-Noir_1000x1000-px-100x100.png 100w, https:\/\/schaumweinkontor.com\/wp-content\/uploads\/2023\/04\/Louis-Vallon-Blanc-de-Noir_1000x1000-px-510x510.png 510w, https:\/\/schaumweinkontor.com\/wp-content\/uploads\/2023\/04\/Louis-Vallon-Blanc-de-Noir_1000x1000-px-150x150.png 150w, https:\/\/schaumweinkontor.com\/wp-content\/uploads\/2023\/04\/Louis-Vallon-Blanc-de-Noir_1000x1000-px-768x768.png 768w, https:\/\/schaumweinkontor.com\/wp-content\/uploads\/2023\/04\/Louis-Vallon-Blanc-de-Noir_1000x1000-px.png 1000w\" sizes=\"auto, (max-width: 300px) 100vw, 300px\" \/>\t\t\t\t\t\t\t\t\t<\/a>\n\t\t\t\t\t\t\t\t\t\t\t\t\t\t\t\t\t\t \t\t\t\t\t\t\t\t<\/div>\n\t\t\t\t\t\t\t\t<div class=\"image-tools top right show-on-hover\">\n\t\t\t\t\t\t\t\t\t\t\t\t\t\t\t\t\t<\/div>\n\t\t\t\t\t\t\t\t\t\t\t\t\t\t\t\t\t<div class=\"image-tools grid-tools text-center hide-for-small bottom hover-slide-in show-on-hover\">\n\t\t\t\t\t\t\t\t\t\t\t\t\t\t\t\t\t\t\t<\/div>\n\t\t\t\t\t\t\t\t\t\t\t\t\t\t\t\t\t\t\t\t\t\t\t<\/div>\n\n\t\t\t\t\t\t\t<div class=\"box-text text-center\" >\n\t\t\t\t\t\t\t\t<div class=\"title-wrapper\">\t\t<p class=\"category uppercase is-smaller no-text-overflow product-cat op-7\">\n\t\t\tCremant\t\t<\/p>\n\t<p class=\"name product-title woocommerce-loop-product__title\"><a href=\"https:\/\/schaumweinkontor.com\/en\/produkt\/louis-vallon-blanc-de-noir-075-l\/\" class=\"woocommerce-LoopProduct-link woocommerce-loop-product__link\">Louis Vallon Blanc de Noirs 0,75 L<\/a><\/p><\/div><div class=\"price-wrapper\">\n\t<span class=\"price\"><del aria-hidden=\"true\"><span class=\"woocommerce-Price-amount amount\" role=\"none\"><bdi><span class=\"woocommerce-Price-currencySymbol\">&euro;<\/span>&nbsp;11,50<\/bdi><\/span><\/del> <span class=\"screen-reader-text\">Original price was: &euro;&nbsp;11,50.<\/span><ins aria-hidden=\"true\"><span class=\"woocommerce-Price-amount amount\" role=\"none\"><bdi><span class=\"woocommerce-Price-currencySymbol\">&euro;<\/span>&nbsp;8,65<\/bdi><\/span><\/ins><span class=\"screen-reader-text\">Current price is: &euro;&nbsp;8,65.<\/span> <small class=\"woocommerce-price-suffix\">inkl. MwSt.<\/small><\/span>\n<\/div><div class=\"add-to-cart-button\"><a href=\"\/en\/wp-json\/wp\/v2\/pages\/4628?add-to-cart=4698\" aria-describedby=\"woocommerce_loop_add_to_cart_link_describedby_4698\" data-quantity=\"1\" class=\"primary is-small mb-0 button product_type_simple add_to_cart_button ajax_add_to_cart is-outline\" data-product_id=\"4698\" data-product_sku=\"100300341\" aria-label=\"Add to cart: &ldquo;Louis Vallon Blanc de Noirs 0,75 L&rdquo;\" rel=\"nofollow\" data-success_message=\"&ldquo;Louis Vallon Blanc de Noirs 0,75 L&rdquo; has been added to your cart\" role=\"button\">Add to cart<\/a><\/div>\t<span id=\"woocommerce_loop_add_to_cart_link_describedby_4698\" class=\"screen-reader-text\">\n\t\t\t<\/span>\n\t\t\t\t\t\t\t<\/div>\n\t\t\t\t\t\t<\/div>\n\t\t\t\t\t\t<\/div>\n\t\t\t\t\t<\/div><div class=\"col\" data-animate=\"fadeInUp\">\n\t\t\t\t\t\t<div class=\"col-inner\">\n\t\t\t\t\t\t\n<div class=\"badge-container badge-custom absolute right top z-1\">\n\n<\/div>\n\t\t\t\t\t\t<div class=\"product-small box has-hover box-normal box-text-bottom\">\n\t\t\t\t\t\t\t<div class=\"box-image\" >\n\t\t\t\t\t\t\t\t<div class=\"\" >\n\t\t\t\t\t\t\t\t\t<a href=\"https:\/\/schaumweinkontor.com\/en\/produkt\/linstant-de-louis-vallon-blanc\/\" aria-label=\"L\u2019Instant de Louis Vallon Blanc 0.5% Alk. 0,75l\">\n\t\t\t\t\t\t\t\t\t\t<img loading=\"lazy\" decoding=\"async\" width=\"300\" height=\"300\" src=\"https:\/\/schaumweinkontor.com\/wp-content\/uploads\/2025\/07\/17-300x300.png\" class=\"attachment-medium size-medium\" alt=\"L\u2019Instant Blanc\" srcset=\"https:\/\/schaumweinkontor.com\/wp-content\/uploads\/2025\/07\/17-300x300.png 300w, https:\/\/schaumweinkontor.com\/wp-content\/uploads\/2025\/07\/17-150x150.png 150w, https:\/\/schaumweinkontor.com\/wp-content\/uploads\/2025\/07\/17-768x768.png 768w, https:\/\/schaumweinkontor.com\/wp-content\/uploads\/2025\/07\/17-510x510.png 510w, https:\/\/schaumweinkontor.com\/wp-content\/uploads\/2025\/07\/17-100x100.png 100w, https:\/\/schaumweinkontor.com\/wp-content\/uploads\/2025\/07\/17.png 1000w\" sizes=\"auto, (max-width: 300px) 100vw, 300px\" \/>\t\t\t\t\t\t\t\t\t<\/a>\n\t\t\t\t\t\t\t\t\t\t\t\t\t\t\t\t\t\t \t\t\t\t\t\t\t\t<\/div>\n\t\t\t\t\t\t\t\t<div class=\"image-tools top right show-on-hover\">\n\t\t\t\t\t\t\t\t\t\t\t\t\t\t\t\t\t<\/div>\n\t\t\t\t\t\t\t\t\t\t\t\t\t\t\t\t\t<div class=\"image-tools grid-tools text-center hide-for-small bottom hover-slide-in show-on-hover\">\n\t\t\t\t\t\t\t\t\t\t\t\t\t\t\t\t\t\t\t<\/div>\n\t\t\t\t\t\t\t\t\t\t\t\t\t\t\t\t\t\t\t\t\t\t\t<\/div>\n\n\t\t\t\t\t\t\t<div class=\"box-text text-center\" >\n\t\t\t\t\t\t\t\t<div class=\"title-wrapper\">\t\t<p class=\"category uppercase is-smaller no-text-overflow product-cat op-7\">\n\t\t\tLouis Vallon\t\t<\/p>\n\t<p class=\"name product-title woocommerce-loop-product__title\"><a href=\"https:\/\/schaumweinkontor.com\/en\/produkt\/linstant-de-louis-vallon-blanc\/\" class=\"woocommerce-LoopProduct-link woocommerce-loop-product__link\">L\u2019Instant de Louis Vallon Blanc 0.5% Alk. 0,75l<\/a><\/p><\/div><div class=\"price-wrapper\">\n\t<span class=\"price\"><span class=\"woocommerce-Price-amount amount\" role=\"none\"><bdi><span class=\"woocommerce-Price-currencySymbol\">&euro;<\/span>&nbsp;9,90<\/bdi><\/span> <small class=\"woocommerce-price-suffix\">inkl. MwSt.<\/small><\/span>\n<\/div><div class=\"add-to-cart-button\"><a href=\"\/en\/wp-json\/wp\/v2\/pages\/4628?add-to-cart=6419\" aria-describedby=\"woocommerce_loop_add_to_cart_link_describedby_6419\" data-quantity=\"1\" class=\"primary is-small mb-0 button product_type_simple add_to_cart_button ajax_add_to_cart is-outline\" data-product_id=\"6419\" data-product_sku=\"100300520\" aria-label=\"Add to cart: &ldquo;L\u2019Instant de Louis Vallon Blanc 0.5% Alk. 0,75l&rdquo;\" rel=\"nofollow\" data-success_message=\"&ldquo;L\u2019Instant de Louis Vallon Blanc 0.5% Alk. 0,75l&rdquo; has been added to your cart\" role=\"button\">Add to cart<\/a><\/div>\t<span id=\"woocommerce_loop_add_to_cart_link_describedby_6419\" class=\"screen-reader-text\">\n\t\t\t<\/span>\n\t\t\t\t\t\t\t<\/div>\n\t\t\t\t\t\t<\/div>\n\t\t\t\t\t\t<\/div>\n\t\t\t\t\t<\/div><div class=\"col\" data-animate=\"fadeInUp\">\n\t\t\t\t\t\t<div class=\"col-inner\">\n\t\t\t\t\t\t\n<div class=\"badge-container badge-custom absolute right top z-1\">\n\n<\/div>\n\t\t\t\t\t\t<div class=\"product-small box has-hover box-normal box-text-bottom\">\n\t\t\t\t\t\t\t<div class=\"box-image\" >\n\t\t\t\t\t\t\t\t<div class=\"\" >\n\t\t\t\t\t\t\t\t\t<a href=\"https:\/\/schaumweinkontor.com\/en\/produkt\/linstant-de-louis-vallon-rose-075l\/\" aria-label=\"L\u2019Instant de Louis Vallon Ros\u00e9 0,75l\">\n\t\t\t\t\t\t\t\t\t\t<img loading=\"lazy\" decoding=\"async\" width=\"300\" height=\"300\" src=\"https:\/\/schaumweinkontor.com\/wp-content\/uploads\/2025\/07\/16-300x300.png\" class=\"attachment-medium size-medium\" alt=\"L\u2019Instant Ros\u00e9 \" srcset=\"https:\/\/schaumweinkontor.com\/wp-content\/uploads\/2025\/07\/16-300x300.png 300w, https:\/\/schaumweinkontor.com\/wp-content\/uploads\/2025\/07\/16-150x150.png 150w, https:\/\/schaumweinkontor.com\/wp-content\/uploads\/2025\/07\/16-768x768.png 768w, https:\/\/schaumweinkontor.com\/wp-content\/uploads\/2025\/07\/16-510x510.png 510w, https:\/\/schaumweinkontor.com\/wp-content\/uploads\/2025\/07\/16-100x100.png 100w, https:\/\/schaumweinkontor.com\/wp-content\/uploads\/2025\/07\/16.png 1000w\" sizes=\"auto, (max-width: 300px) 100vw, 300px\" \/>\t\t\t\t\t\t\t\t\t<\/a>\n\t\t\t\t\t\t\t\t\t\t\t\t\t\t\t\t\t\t \t\t\t\t\t\t\t\t<\/div>\n\t\t\t\t\t\t\t\t<div class=\"image-tools top right show-on-hover\">\n\t\t\t\t\t\t\t\t\t\t\t\t\t\t\t\t\t<\/div>\n\t\t\t\t\t\t\t\t\t\t\t\t\t\t\t\t\t<div class=\"image-tools grid-tools text-center hide-for-small bottom hover-slide-in show-on-hover\">\n\t\t\t\t\t\t\t\t\t\t\t\t\t\t\t\t\t\t\t<\/div>\n\t\t\t\t\t\t\t\t\t\t\t\t\t\t\t\t\t\t\t\t\t\t\t<\/div>\n\n\t\t\t\t\t\t\t<div class=\"box-text text-center\" >\n\t\t\t\t\t\t\t\t<div class=\"title-wrapper\">\t\t<p class=\"category uppercase is-smaller no-text-overflow product-cat op-7\">\n\t\t\tLouis Vallon\t\t<\/p>\n\t<p class=\"name product-title woocommerce-loop-product__title\"><a href=\"https:\/\/schaumweinkontor.com\/en\/produkt\/linstant-de-louis-vallon-rose-075l\/\" class=\"woocommerce-LoopProduct-link woocommerce-loop-product__link\">L\u2019Instant de Louis Vallon Ros\u00e9 0,75l<\/a><\/p><\/div><div class=\"price-wrapper\">\n\t<span class=\"price\"><span class=\"woocommerce-Price-amount amount\" role=\"none\"><bdi><span class=\"woocommerce-Price-currencySymbol\">&euro;<\/span>&nbsp;9,90<\/bdi><\/span> <small class=\"woocommerce-price-suffix\">inkl. MwSt.<\/small><\/span>\n<\/div><div class=\"add-to-cart-button\"><a href=\"\/en\/wp-json\/wp\/v2\/pages\/4628?add-to-cart=6422\" aria-describedby=\"woocommerce_loop_add_to_cart_link_describedby_6422\" data-quantity=\"1\" class=\"primary is-small mb-0 button product_type_simple add_to_cart_button ajax_add_to_cart is-outline\" data-product_id=\"6422\" data-product_sku=\"100300519\" aria-label=\"Add to cart: &ldquo;L\u2019Instant de Louis Vallon Ros\u00e9 0,75l&rdquo;\" rel=\"nofollow\" data-success_message=\"&ldquo;L\u2019Instant de Louis Vallon Ros\u00e9 0,75l&rdquo; has been added to your cart\" role=\"button\">Add to cart<\/a><\/div>\t<span id=\"woocommerce_loop_add_to_cart_link_describedby_6422\" class=\"screen-reader-text\">\n\t\t\t<\/span>\n\t\t\t\t\t\t\t<\/div>\n\t\t\t\t\t\t<\/div>\n\t\t\t\t\t\t<\/div>\n\t\t\t\t\t<\/div><\/div>\n\n<div class=\"text-center\"><div class=\"is-divider divider clearfix\" style=\"margin-top:3em;margin-bottom:3em;max-width:100%;height:2px;background-color:rgba(183, 149, 73, 0.419);\"><\/div><\/div>\n\n\n\t\t<\/div>\n\t\t\t\t\t<\/div>\n\n\t\n\n<\/div>\n\t<section class=\"section bg_winzer show-for-medium\" id=\"section_2030088951\">\n\t\t<div class=\"bg section-bg fill bg-fill  \" >\n\n\t\t\t\n\t\t\t\n\t\t\t\n\n\t\t<\/div>\n\n\t\t\n\n\t\t<div class=\"section-content relative\">\n\t\t\t\n\n<div class=\"row row-collapse row-full-width align-middle align-center\"  id=\"row-1850744328\">\n\n\n\t<div id=\"col-281878508\" class=\"col small-12 large-12\"  >\n\t\t\t\t<div class=\"col-inner\"  >\n\t\t\t\n\t\t\t\n\n<h2 id=\"sainchargny-mobile\" class=\"uppercase\" style=\"text-align: center;\"><span style=\"font-size: 90%;\">Sainchargny<\/span><\/h2>\n\n\n\t\t<\/div>\n\t\t\t\t\t<\/div>\n\n\t\n\n\n<style>\n#row-1850744328 > .col > .col-inner {\n  padding: 15px 0px 0px 0px;\n}\n<\/style>\n<\/div>\n\n\t\t<\/div>\n\n\t\t\n<style>\n#section_2030088951 {\n  padding-top: 20px;\n  padding-bottom: 20px;\n  margin-bottom: 30px;\n}\n#section_2030088951 .section-bg.bg-loaded {\n  background-image: url(https:\/\/schaumweinkontor.com\/wp-content\/uploads\/2022\/06\/landscape-illu-gold-transp.png);\n}\n<\/style>\n\t<\/section>\n\t\n<div class=\"row row-full-width margin-auto\"  id=\"row-1620154803\">\n\n\n\t<div id=\"col-561683273\" class=\"col small-12 large-12\"  >\n\t\t\t\t<div class=\"col-inner\"  >\n\t\t\t\n\t\t\t\n\n\n  \n    <div class=\"row  equalize-box show-for-small large-columns-3 medium-columns- small-columns-1 row-large has-shadow row-box-shadow-2 row-box-shadow-4-hover\" >\n  \t<\/div>\n\n\n  \n    <div class=\"row  equalize-box show-for-medium hide-for-small large-columns-3 medium-columns-2 small-columns-1 row-large has-shadow row-box-shadow-2 row-box-shadow-4-hover\" >\n  \t<\/div>\n\n<div class=\"text-center\"><div class=\"is-divider divider clearfix\" style=\"margin-top:3em;margin-bottom:3em;max-width:100%;height:2px;background-color:rgba(183, 149, 73, 0.419);\"><\/div><\/div>\n\n\n\t\t<\/div>\n\t\t\t\t\t<\/div>\n\n\t\n\n<\/div>\n\t<section class=\"section bg_winzer show-for-medium\" id=\"section_935686219\">\n\t\t<div class=\"bg section-bg fill bg-fill  \" >\n\n\t\t\t\n\t\t\t\n\t\t\t\n\n\t\t<\/div>\n\n\t\t\n\n\t\t<div class=\"section-content relative\">\n\t\t\t\n\n<div class=\"row row-collapse row-full-width align-middle align-center\"  id=\"row-899382616\">\n\n\n\t<div id=\"col-1705829822\" class=\"col small-12 large-12\"  >\n\t\t\t\t<div class=\"col-inner\"  >\n\t\t\t\n\t\t\t\n\n<h2 id=\"aguila-mobile\" class=\"uppercase\" style=\"text-align: center;\"><span style=\"font-size: 90%;\">AGUILA<\/span><\/h2>\n\n\n\t\t<\/div>\n\t\t\t\t\t<\/div>\n\n\t\n\n\n<style>\n#row-899382616 > .col > .col-inner {\n  padding: 15px 0px 0px 0px;\n}\n<\/style>\n<\/div>\n\n\t\t<\/div>\n\n\t\t\n<style>\n#section_935686219 {\n  padding-top: 20px;\n  padding-bottom: 20px;\n  margin-bottom: 30px;\n}\n#section_935686219 .section-bg.bg-loaded {\n  background-image: url(https:\/\/schaumweinkontor.com\/wp-content\/uploads\/2022\/06\/landscape-illu-gold-transp.png);\n}\n<\/style>\n\t<\/section>\n\t\n<div class=\"row row-collapse row-full-width align-middle align-center margin-auto\"  id=\"row-2081938766\">\n\n\n\t<div id=\"col-1728073307\" class=\"col small-12 large-12\"  >\n\t\t\t\t<div class=\"col-inner text-center\"  >\n\t\t\t\n\t\t\t\n\n\n  \n    <div class=\"row margin-auto equalize-box show-for-small large-columns-3 medium-columns- small-columns-1 row-large has-shadow row-box-shadow-2 row-box-shadow-4-hover\" >\n  \t\n\t     <div class=\"col\" data-animate=\"fadeInUp\">\n\t\t\t\t\t\t<div class=\"col-inner\">\n\t\t\t\t\t\t\n<div class=\"badge-container badge-custom absolute right top z-1\">\n\n<\/div>\n\t\t\t\t\t\t<div class=\"product-small box margin-auto has-hover box-vertical box-text-bottom\">\n\t\t\t\t\t\t\t<div class=\"box-image\" >\n\t\t\t\t\t\t\t\t<div class=\"\" >\n\t\t\t\t\t\t\t\t\t<a href=\"https:\/\/schaumweinkontor.com\/en\/produkt\/aguila-brut-aoc-cremant-de-limoux-075-l\/\" aria-label=\"Aguila Brut AOC Cr\u00e9mant de Limoux 0,75 L\">\n\t\t\t\t\t\t\t\t\t\t<img loading=\"lazy\" decoding=\"async\" width=\"300\" height=\"300\" src=\"https:\/\/schaumweinkontor.com\/wp-content\/uploads\/2022\/06\/Schaumweinkontor-Aguila-Blanc-1000x1000px-300x300.png\" class=\"attachment-medium size-medium\" alt=\"Aguila Brut AOC Cr\u00e9mant de Limoux 0,75 L\" srcset=\"https:\/\/schaumweinkontor.com\/wp-content\/uploads\/2022\/06\/Schaumweinkontor-Aguila-Blanc-1000x1000px-300x300.png 300w, https:\/\/schaumweinkontor.com\/wp-content\/uploads\/2022\/06\/Schaumweinkontor-Aguila-Blanc-1000x1000px-100x100.png 100w, https:\/\/schaumweinkontor.com\/wp-content\/uploads\/2022\/06\/Schaumweinkontor-Aguila-Blanc-1000x1000px-510x510.png 510w, https:\/\/schaumweinkontor.com\/wp-content\/uploads\/2022\/06\/Schaumweinkontor-Aguila-Blanc-1000x1000px-150x150.png 150w, https:\/\/schaumweinkontor.com\/wp-content\/uploads\/2022\/06\/Schaumweinkontor-Aguila-Blanc-1000x1000px-768x768.png 768w, https:\/\/schaumweinkontor.com\/wp-content\/uploads\/2022\/06\/Schaumweinkontor-Aguila-Blanc-1000x1000px.png 1000w\" sizes=\"auto, (max-width: 300px) 100vw, 300px\" \/>\t\t\t\t\t\t\t\t\t<\/a>\n\t\t\t\t\t\t\t\t\t\t\t\t\t\t\t\t\t\t \t\t\t\t\t\t\t\t<\/div>\n\t\t\t\t\t\t\t\t<div class=\"image-tools top right show-on-hover\">\n\t\t\t\t\t\t\t\t\t\t\t\t\t\t\t\t\t<\/div>\n\t\t\t\t\t\t\t\t\t\t\t\t\t\t\t\t\t<div class=\"image-tools grid-tools text-center hide-for-small bottom hover-slide-in show-on-hover\">\n\t\t\t\t\t\t\t\t\t\t\t\t\t\t\t\t\t\t\t<\/div>\n\t\t\t\t\t\t\t\t\t\t\t\t\t\t\t\t\t\t\t\t\t\t\t<\/div>\n\n\t\t\t\t\t\t\t<div class=\"box-text text-center\" >\n\t\t\t\t\t\t\t\t<div class=\"title-wrapper\">\t\t<p class=\"category uppercase is-smaller no-text-overflow product-cat op-7\">\n\t\t\tAguila\t\t<\/p>\n\t<p class=\"name product-title woocommerce-loop-product__title\"><a href=\"https:\/\/schaumweinkontor.com\/en\/produkt\/aguila-brut-aoc-cremant-de-limoux-075-l\/\" class=\"woocommerce-LoopProduct-link woocommerce-loop-product__link\">Aguila Brut AOC Cr\u00e9mant de Limoux 0,75 L<\/a><\/p><\/div><div class=\"price-wrapper\">\n\t<span class=\"price\"><span class=\"woocommerce-Price-amount amount\" role=\"none\"><bdi><span class=\"woocommerce-Price-currencySymbol\">&euro;<\/span>&nbsp;12,00<\/bdi><\/span> <small class=\"woocommerce-price-suffix\">inkl. MwSt.<\/small><\/span>\n<\/div><div class=\"add-to-cart-button\"><a href=\"\/en\/wp-json\/wp\/v2\/pages\/4628?add-to-cart=4772\" aria-describedby=\"woocommerce_loop_add_to_cart_link_describedby_4772\" data-quantity=\"1\" class=\"primary is-small mb-0 button product_type_simple add_to_cart_button ajax_add_to_cart is-outline\" data-product_id=\"4772\" data-product_sku=\"100300236\" aria-label=\"Add to cart: &ldquo;Aguila Brut AOC Cr\u00e9mant de Limoux 0,75 L&rdquo;\" rel=\"nofollow\" data-success_message=\"&ldquo;Aguila Brut AOC Cr\u00e9mant de Limoux 0,75 L&rdquo; has been added to your cart\" role=\"button\">Add to cart<\/a><\/div>\t<span id=\"woocommerce_loop_add_to_cart_link_describedby_4772\" class=\"screen-reader-text\">\n\t\t\t<\/span>\n\t\t\t\t\t\t\t<\/div>\n\t\t\t\t\t\t<\/div>\n\t\t\t\t\t\t<\/div>\n\t\t\t\t\t<\/div><div class=\"col\" data-animate=\"fadeInUp\">\n\t\t\t\t\t\t<div class=\"col-inner\">\n\t\t\t\t\t\t\n<div class=\"badge-container badge-custom absolute right top z-1\">\n\n<\/div>\n\t\t\t\t\t\t<div class=\"product-small box margin-auto has-hover box-vertical box-text-bottom\">\n\t\t\t\t\t\t\t<div class=\"box-image\" >\n\t\t\t\t\t\t\t\t<div class=\"\" >\n\t\t\t\t\t\t\t\t\t<a href=\"https:\/\/schaumweinkontor.com\/en\/produkt\/aguila-brut-rose-aoc-cremant-de-limoux-075-l\/\" aria-label=\"Aguila Brut Ros\u00e9 AOC Cr\u00e9mant de Limoux 0,75 L\">\n\t\t\t\t\t\t\t\t\t\t<img loading=\"lazy\" decoding=\"async\" width=\"300\" height=\"300\" src=\"https:\/\/schaumweinkontor.com\/wp-content\/uploads\/2022\/06\/Schaumweinkontor-Aguila-Rose-1000x1000px-300x300.png\" class=\"attachment-medium size-medium\" alt=\"Aguila Brut Ros\u00e9 AOC Cr\u00e9mant de Limoux \" srcset=\"https:\/\/schaumweinkontor.com\/wp-content\/uploads\/2022\/06\/Schaumweinkontor-Aguila-Rose-1000x1000px-300x300.png 300w, https:\/\/schaumweinkontor.com\/wp-content\/uploads\/2022\/06\/Schaumweinkontor-Aguila-Rose-1000x1000px-100x100.png 100w, https:\/\/schaumweinkontor.com\/wp-content\/uploads\/2022\/06\/Schaumweinkontor-Aguila-Rose-1000x1000px-510x510.png 510w, https:\/\/schaumweinkontor.com\/wp-content\/uploads\/2022\/06\/Schaumweinkontor-Aguila-Rose-1000x1000px-150x150.png 150w, https:\/\/schaumweinkontor.com\/wp-content\/uploads\/2022\/06\/Schaumweinkontor-Aguila-Rose-1000x1000px-768x768.png 768w, https:\/\/schaumweinkontor.com\/wp-content\/uploads\/2022\/06\/Schaumweinkontor-Aguila-Rose-1000x1000px.png 1000w\" sizes=\"auto, (max-width: 300px) 100vw, 300px\" \/>\t\t\t\t\t\t\t\t\t<\/a>\n\t\t\t\t\t\t\t\t\t\t\t\t\t\t\t\t\t\t \t\t\t\t\t\t\t\t<\/div>\n\t\t\t\t\t\t\t\t<div class=\"image-tools top right show-on-hover\">\n\t\t\t\t\t\t\t\t\t\t\t\t\t\t\t\t\t<\/div>\n\t\t\t\t\t\t\t\t\t\t\t\t\t\t\t\t\t<div class=\"image-tools grid-tools text-center hide-for-small bottom hover-slide-in show-on-hover\">\n\t\t\t\t\t\t\t\t\t\t\t\t\t\t\t\t\t\t\t<\/div>\n\t\t\t\t\t\t\t\t\t\t\t\t\t\t\t\t\t\t\t\t\t\t\t<\/div>\n\n\t\t\t\t\t\t\t<div class=\"box-text text-center\" >\n\t\t\t\t\t\t\t\t<div class=\"title-wrapper\">\t\t<p class=\"category uppercase is-smaller no-text-overflow product-cat op-7\">\n\t\t\tAguila\t\t<\/p>\n\t<p class=\"name product-title woocommerce-loop-product__title\"><a href=\"https:\/\/schaumweinkontor.com\/en\/produkt\/aguila-brut-rose-aoc-cremant-de-limoux-075-l\/\" class=\"woocommerce-LoopProduct-link woocommerce-loop-product__link\">Aguila Brut Ros\u00e9 AOC Cr\u00e9mant de Limoux 0,75 L<\/a><\/p><\/div><div class=\"price-wrapper\">\n\t<span class=\"price\"><span class=\"woocommerce-Price-amount amount\" role=\"none\"><bdi><span class=\"woocommerce-Price-currencySymbol\">&euro;<\/span>&nbsp;12,50<\/bdi><\/span> <small class=\"woocommerce-price-suffix\">inkl. MwSt.<\/small><\/span>\n<\/div><div class=\"add-to-cart-button\"><a href=\"\/en\/wp-json\/wp\/v2\/pages\/4628?add-to-cart=4771\" aria-describedby=\"woocommerce_loop_add_to_cart_link_describedby_4771\" data-quantity=\"1\" class=\"primary is-small mb-0 button product_type_simple add_to_cart_button ajax_add_to_cart is-outline\" data-product_id=\"4771\" data-product_sku=\"100300237\" aria-label=\"Add to cart: &ldquo;Aguila Brut Ros\u00e9 AOC Cr\u00e9mant de Limoux 0,75 L&rdquo;\" rel=\"nofollow\" data-success_message=\"&ldquo;Aguila Brut Ros\u00e9 AOC Cr\u00e9mant de Limoux 0,75 L&rdquo; has been added to your cart\" role=\"button\">Add to cart<\/a><\/div>\t<span id=\"woocommerce_loop_add_to_cart_link_describedby_4771\" class=\"screen-reader-text\">\n\t\t\t<\/span>\n\t\t\t\t\t\t\t<\/div>\n\t\t\t\t\t\t<\/div>\n\t\t\t\t\t\t<\/div>\n\t\t\t\t\t<\/div><div class=\"col\" data-animate=\"fadeInUp\">\n\t\t\t\t\t\t<div class=\"col-inner\">\n\t\t\t\t\t\t\n<div class=\"badge-container badge-custom absolute right top z-1\">\n\n<\/div>\n\t\t\t\t\t\t<div class=\"product-small box margin-auto has-hover box-vertical box-text-bottom\">\n\t\t\t\t\t\t\t<div class=\"box-image\" >\n\t\t\t\t\t\t\t\t<div class=\"\" >\n\t\t\t\t\t\t\t\t\t<a href=\"https:\/\/schaumweinkontor.com\/en\/produkt\/aguila-bio-cremant-de-limoux-brut-075-l\/\" aria-label=\"Aguila BIO Cr\u00e9mant de Limoux Brut 0,75 L\">\n\t\t\t\t\t\t\t\t\t\t<img loading=\"lazy\" decoding=\"async\" width=\"300\" height=\"300\" src=\"https:\/\/schaumweinkontor.com\/wp-content\/uploads\/2023\/04\/Aguila-Cremant-de-Limoux_1000x1000-px-300x300.png\" class=\"attachment-medium size-medium\" alt=\"Aguila BIO Cr\u00e9mant de Limoux Brut 0,75 L\" srcset=\"https:\/\/schaumweinkontor.com\/wp-content\/uploads\/2023\/04\/Aguila-Cremant-de-Limoux_1000x1000-px-300x300.png 300w, https:\/\/schaumweinkontor.com\/wp-content\/uploads\/2023\/04\/Aguila-Cremant-de-Limoux_1000x1000-px-100x100.png 100w, https:\/\/schaumweinkontor.com\/wp-content\/uploads\/2023\/04\/Aguila-Cremant-de-Limoux_1000x1000-px-510x510.png 510w, https:\/\/schaumweinkontor.com\/wp-content\/uploads\/2023\/04\/Aguila-Cremant-de-Limoux_1000x1000-px-150x150.png 150w, https:\/\/schaumweinkontor.com\/wp-content\/uploads\/2023\/04\/Aguila-Cremant-de-Limoux_1000x1000-px-768x768.png 768w, https:\/\/schaumweinkontor.com\/wp-content\/uploads\/2023\/04\/Aguila-Cremant-de-Limoux_1000x1000-px.png 1000w\" sizes=\"auto, (max-width: 300px) 100vw, 300px\" \/>\t\t\t\t\t\t\t\t\t<\/a>\n\t\t\t\t\t\t\t\t\t\t\t\t\t\t\t\t\t\t \t\t\t\t\t\t\t\t<\/div>\n\t\t\t\t\t\t\t\t<div class=\"image-tools top right show-on-hover\">\n\t\t\t\t\t\t\t\t\t\t\t\t\t\t\t\t\t<\/div>\n\t\t\t\t\t\t\t\t\t\t\t\t\t\t\t\t\t<div class=\"image-tools grid-tools text-center hide-for-small bottom hover-slide-in show-on-hover\">\n\t\t\t\t\t\t\t\t\t\t\t\t\t\t\t\t\t\t\t<\/div>\n\t\t\t\t\t\t\t\t\t\t\t\t\t\t\t\t\t\t\t\t\t\t\t<\/div>\n\n\t\t\t\t\t\t\t<div class=\"box-text text-center\" >\n\t\t\t\t\t\t\t\t<div class=\"title-wrapper\">\t\t<p class=\"category uppercase is-smaller no-text-overflow product-cat op-7\">\n\t\t\tAguila\t\t<\/p>\n\t<p class=\"name product-title woocommerce-loop-product__title\"><a href=\"https:\/\/schaumweinkontor.com\/en\/produkt\/aguila-bio-cremant-de-limoux-brut-075-l\/\" class=\"woocommerce-LoopProduct-link woocommerce-loop-product__link\">Aguila BIO Cr\u00e9mant de Limoux Brut 0,75 L<\/a><\/p><\/div><div class=\"price-wrapper\">\n\t<span class=\"price\"><span class=\"woocommerce-Price-amount amount\" role=\"none\"><bdi><span class=\"woocommerce-Price-currencySymbol\">&euro;<\/span>&nbsp;14,80<\/bdi><\/span> <small class=\"woocommerce-price-suffix\">inkl. MwSt.<\/small><\/span>\n<\/div><div class=\"add-to-cart-button\"><a href=\"\/en\/wp-json\/wp\/v2\/pages\/4628?add-to-cart=4699\" aria-describedby=\"woocommerce_loop_add_to_cart_link_describedby_4699\" data-quantity=\"1\" class=\"primary is-small mb-0 button product_type_simple add_to_cart_button ajax_add_to_cart is-outline\" data-product_id=\"4699\" data-product_sku=\"100300238\" aria-label=\"Add to cart: &ldquo;Aguila BIO Cr\u00e9mant de Limoux Brut 0,75 L&rdquo;\" rel=\"nofollow\" data-success_message=\"&ldquo;Aguila BIO Cr\u00e9mant de Limoux Brut 0,75 L&rdquo; has been added to your cart\" role=\"button\">Add to cart<\/a><\/div>\t<span id=\"woocommerce_loop_add_to_cart_link_describedby_4699\" class=\"screen-reader-text\">\n\t\t\t<\/span>\n\t\t\t\t\t\t\t<\/div>\n\t\t\t\t\t\t<\/div>\n\t\t\t\t\t\t<\/div>\n\t\t\t\t\t<\/div><\/div>\n\n\n  \n    <div class=\"row margin-auto equalize-box show-for-medium hide-for-small large-columns-3 medium-columns-2 small-columns-1 row-large has-shadow row-box-shadow-2 row-box-shadow-4-hover\" >\n  \t\n\t     <div class=\"col\" data-animate=\"fadeInUp\">\n\t\t\t\t\t\t<div class=\"col-inner\">\n\t\t\t\t\t\t\n<div class=\"badge-container badge-custom absolute right top z-1\">\n\n<\/div>\n\t\t\t\t\t\t<div class=\"product-small box margin-auto has-hover box-normal box-text-bottom\">\n\t\t\t\t\t\t\t<div class=\"box-image\" >\n\t\t\t\t\t\t\t\t<div class=\"\" >\n\t\t\t\t\t\t\t\t\t<a href=\"https:\/\/schaumweinkontor.com\/en\/produkt\/aguila-brut-aoc-cremant-de-limoux-075-l\/\" aria-label=\"Aguila Brut AOC Cr\u00e9mant de Limoux 0,75 L\">\n\t\t\t\t\t\t\t\t\t\t<img loading=\"lazy\" decoding=\"async\" width=\"300\" height=\"300\" src=\"https:\/\/schaumweinkontor.com\/wp-content\/uploads\/2022\/06\/Schaumweinkontor-Aguila-Blanc-1000x1000px-300x300.png\" class=\"attachment-medium size-medium\" alt=\"Aguila Brut AOC Cr\u00e9mant de Limoux 0,75 L\" srcset=\"https:\/\/schaumweinkontor.com\/wp-content\/uploads\/2022\/06\/Schaumweinkontor-Aguila-Blanc-1000x1000px-300x300.png 300w, https:\/\/schaumweinkontor.com\/wp-content\/uploads\/2022\/06\/Schaumweinkontor-Aguila-Blanc-1000x1000px-100x100.png 100w, https:\/\/schaumweinkontor.com\/wp-content\/uploads\/2022\/06\/Schaumweinkontor-Aguila-Blanc-1000x1000px-510x510.png 510w, https:\/\/schaumweinkontor.com\/wp-content\/uploads\/2022\/06\/Schaumweinkontor-Aguila-Blanc-1000x1000px-150x150.png 150w, https:\/\/schaumweinkontor.com\/wp-content\/uploads\/2022\/06\/Schaumweinkontor-Aguila-Blanc-1000x1000px-768x768.png 768w, https:\/\/schaumweinkontor.com\/wp-content\/uploads\/2022\/06\/Schaumweinkontor-Aguila-Blanc-1000x1000px.png 1000w\" sizes=\"auto, (max-width: 300px) 100vw, 300px\" \/>\t\t\t\t\t\t\t\t\t<\/a>\n\t\t\t\t\t\t\t\t\t\t\t\t\t\t\t\t\t\t \t\t\t\t\t\t\t\t<\/div>\n\t\t\t\t\t\t\t\t<div class=\"image-tools top right show-on-hover\">\n\t\t\t\t\t\t\t\t\t\t\t\t\t\t\t\t\t<\/div>\n\t\t\t\t\t\t\t\t\t\t\t\t\t\t\t\t\t<div class=\"image-tools grid-tools text-center hide-for-small bottom hover-slide-in show-on-hover\">\n\t\t\t\t\t\t\t\t\t\t\t\t\t\t\t\t\t\t\t<\/div>\n\t\t\t\t\t\t\t\t\t\t\t\t\t\t\t\t\t\t\t\t\t\t\t<\/div>\n\n\t\t\t\t\t\t\t<div class=\"box-text text-center\" >\n\t\t\t\t\t\t\t\t<div class=\"title-wrapper\">\t\t<p class=\"category uppercase is-smaller no-text-overflow product-cat op-7\">\n\t\t\tAguila\t\t<\/p>\n\t<p class=\"name product-title woocommerce-loop-product__title\"><a href=\"https:\/\/schaumweinkontor.com\/en\/produkt\/aguila-brut-aoc-cremant-de-limoux-075-l\/\" class=\"woocommerce-LoopProduct-link woocommerce-loop-product__link\">Aguila Brut AOC Cr\u00e9mant de Limoux 0,75 L<\/a><\/p><\/div><div class=\"price-wrapper\">\n\t<span class=\"price\"><span class=\"woocommerce-Price-amount amount\" role=\"none\"><bdi><span class=\"woocommerce-Price-currencySymbol\">&euro;<\/span>&nbsp;12,00<\/bdi><\/span> <small class=\"woocommerce-price-suffix\">inkl. MwSt.<\/small><\/span>\n<\/div><div class=\"add-to-cart-button\"><a href=\"\/en\/wp-json\/wp\/v2\/pages\/4628?add-to-cart=4772\" aria-describedby=\"woocommerce_loop_add_to_cart_link_describedby_4772\" data-quantity=\"1\" class=\"primary is-small mb-0 button product_type_simple add_to_cart_button ajax_add_to_cart is-outline\" data-product_id=\"4772\" data-product_sku=\"100300236\" aria-label=\"Add to cart: &ldquo;Aguila Brut AOC Cr\u00e9mant de Limoux 0,75 L&rdquo;\" rel=\"nofollow\" data-success_message=\"&ldquo;Aguila Brut AOC Cr\u00e9mant de Limoux 0,75 L&rdquo; has been added to your cart\" role=\"button\">Add to cart<\/a><\/div>\t<span id=\"woocommerce_loop_add_to_cart_link_describedby_4772\" class=\"screen-reader-text\">\n\t\t\t<\/span>\n\t\t\t\t\t\t\t<\/div>\n\t\t\t\t\t\t<\/div>\n\t\t\t\t\t\t<\/div>\n\t\t\t\t\t<\/div><div class=\"col\" data-animate=\"fadeInUp\">\n\t\t\t\t\t\t<div class=\"col-inner\">\n\t\t\t\t\t\t\n<div class=\"badge-container badge-custom absolute right top z-1\">\n\n<\/div>\n\t\t\t\t\t\t<div class=\"product-small box margin-auto has-hover box-normal box-text-bottom\">\n\t\t\t\t\t\t\t<div class=\"box-image\" >\n\t\t\t\t\t\t\t\t<div class=\"\" >\n\t\t\t\t\t\t\t\t\t<a href=\"https:\/\/schaumweinkontor.com\/en\/produkt\/aguila-brut-rose-aoc-cremant-de-limoux-075-l\/\" aria-label=\"Aguila Brut Ros\u00e9 AOC Cr\u00e9mant de Limoux 0,75 L\">\n\t\t\t\t\t\t\t\t\t\t<img loading=\"lazy\" decoding=\"async\" width=\"300\" height=\"300\" src=\"https:\/\/schaumweinkontor.com\/wp-content\/uploads\/2022\/06\/Schaumweinkontor-Aguila-Rose-1000x1000px-300x300.png\" class=\"attachment-medium size-medium\" alt=\"Aguila Brut Ros\u00e9 AOC Cr\u00e9mant de Limoux \" srcset=\"https:\/\/schaumweinkontor.com\/wp-content\/uploads\/2022\/06\/Schaumweinkontor-Aguila-Rose-1000x1000px-300x300.png 300w, https:\/\/schaumweinkontor.com\/wp-content\/uploads\/2022\/06\/Schaumweinkontor-Aguila-Rose-1000x1000px-100x100.png 100w, https:\/\/schaumweinkontor.com\/wp-content\/uploads\/2022\/06\/Schaumweinkontor-Aguila-Rose-1000x1000px-510x510.png 510w, https:\/\/schaumweinkontor.com\/wp-content\/uploads\/2022\/06\/Schaumweinkontor-Aguila-Rose-1000x1000px-150x150.png 150w, https:\/\/schaumweinkontor.com\/wp-content\/uploads\/2022\/06\/Schaumweinkontor-Aguila-Rose-1000x1000px-768x768.png 768w, https:\/\/schaumweinkontor.com\/wp-content\/uploads\/2022\/06\/Schaumweinkontor-Aguila-Rose-1000x1000px.png 1000w\" sizes=\"auto, (max-width: 300px) 100vw, 300px\" \/>\t\t\t\t\t\t\t\t\t<\/a>\n\t\t\t\t\t\t\t\t\t\t\t\t\t\t\t\t\t\t \t\t\t\t\t\t\t\t<\/div>\n\t\t\t\t\t\t\t\t<div class=\"image-tools top right show-on-hover\">\n\t\t\t\t\t\t\t\t\t\t\t\t\t\t\t\t\t<\/div>\n\t\t\t\t\t\t\t\t\t\t\t\t\t\t\t\t\t<div class=\"image-tools grid-tools text-center hide-for-small bottom hover-slide-in show-on-hover\">\n\t\t\t\t\t\t\t\t\t\t\t\t\t\t\t\t\t\t\t<\/div>\n\t\t\t\t\t\t\t\t\t\t\t\t\t\t\t\t\t\t\t\t\t\t\t<\/div>\n\n\t\t\t\t\t\t\t<div class=\"box-text text-center\" >\n\t\t\t\t\t\t\t\t<div class=\"title-wrapper\">\t\t<p class=\"category uppercase is-smaller no-text-overflow product-cat op-7\">\n\t\t\tAguila\t\t<\/p>\n\t<p class=\"name product-title woocommerce-loop-product__title\"><a href=\"https:\/\/schaumweinkontor.com\/en\/produkt\/aguila-brut-rose-aoc-cremant-de-limoux-075-l\/\" class=\"woocommerce-LoopProduct-link woocommerce-loop-product__link\">Aguila Brut Ros\u00e9 AOC Cr\u00e9mant de Limoux 0,75 L<\/a><\/p><\/div><div class=\"price-wrapper\">\n\t<span class=\"price\"><span class=\"woocommerce-Price-amount amount\" role=\"none\"><bdi><span class=\"woocommerce-Price-currencySymbol\">&euro;<\/span>&nbsp;12,50<\/bdi><\/span> <small class=\"woocommerce-price-suffix\">inkl. MwSt.<\/small><\/span>\n<\/div><div class=\"add-to-cart-button\"><a href=\"\/en\/wp-json\/wp\/v2\/pages\/4628?add-to-cart=4771\" aria-describedby=\"woocommerce_loop_add_to_cart_link_describedby_4771\" data-quantity=\"1\" class=\"primary is-small mb-0 button product_type_simple add_to_cart_button ajax_add_to_cart is-outline\" data-product_id=\"4771\" data-product_sku=\"100300237\" aria-label=\"Add to cart: &ldquo;Aguila Brut Ros\u00e9 AOC Cr\u00e9mant de Limoux 0,75 L&rdquo;\" rel=\"nofollow\" data-success_message=\"&ldquo;Aguila Brut Ros\u00e9 AOC Cr\u00e9mant de Limoux 0,75 L&rdquo; has been added to your cart\" role=\"button\">Add to cart<\/a><\/div>\t<span id=\"woocommerce_loop_add_to_cart_link_describedby_4771\" class=\"screen-reader-text\">\n\t\t\t<\/span>\n\t\t\t\t\t\t\t<\/div>\n\t\t\t\t\t\t<\/div>\n\t\t\t\t\t\t<\/div>\n\t\t\t\t\t<\/div><div class=\"col\" data-animate=\"fadeInUp\">\n\t\t\t\t\t\t<div class=\"col-inner\">\n\t\t\t\t\t\t\n<div class=\"badge-container badge-custom absolute right top z-1\">\n\n<\/div>\n\t\t\t\t\t\t<div class=\"product-small box margin-auto has-hover box-normal box-text-bottom\">\n\t\t\t\t\t\t\t<div class=\"box-image\" >\n\t\t\t\t\t\t\t\t<div class=\"\" >\n\t\t\t\t\t\t\t\t\t<a href=\"https:\/\/schaumweinkontor.com\/en\/produkt\/aguila-bio-cremant-de-limoux-brut-075-l\/\" aria-label=\"Aguila BIO Cr\u00e9mant de Limoux Brut 0,75 L\">\n\t\t\t\t\t\t\t\t\t\t<img loading=\"lazy\" decoding=\"async\" width=\"300\" height=\"300\" src=\"https:\/\/schaumweinkontor.com\/wp-content\/uploads\/2023\/04\/Aguila-Cremant-de-Limoux_1000x1000-px-300x300.png\" class=\"attachment-medium size-medium\" alt=\"Aguila BIO Cr\u00e9mant de Limoux Brut 0,75 L\" srcset=\"https:\/\/schaumweinkontor.com\/wp-content\/uploads\/2023\/04\/Aguila-Cremant-de-Limoux_1000x1000-px-300x300.png 300w, https:\/\/schaumweinkontor.com\/wp-content\/uploads\/2023\/04\/Aguila-Cremant-de-Limoux_1000x1000-px-100x100.png 100w, https:\/\/schaumweinkontor.com\/wp-content\/uploads\/2023\/04\/Aguila-Cremant-de-Limoux_1000x1000-px-510x510.png 510w, https:\/\/schaumweinkontor.com\/wp-content\/uploads\/2023\/04\/Aguila-Cremant-de-Limoux_1000x1000-px-150x150.png 150w, https:\/\/schaumweinkontor.com\/wp-content\/uploads\/2023\/04\/Aguila-Cremant-de-Limoux_1000x1000-px-768x768.png 768w, https:\/\/schaumweinkontor.com\/wp-content\/uploads\/2023\/04\/Aguila-Cremant-de-Limoux_1000x1000-px.png 1000w\" sizes=\"auto, (max-width: 300px) 100vw, 300px\" \/>\t\t\t\t\t\t\t\t\t<\/a>\n\t\t\t\t\t\t\t\t\t\t\t\t\t\t\t\t\t\t \t\t\t\t\t\t\t\t<\/div>\n\t\t\t\t\t\t\t\t<div class=\"image-tools top right show-on-hover\">\n\t\t\t\t\t\t\t\t\t\t\t\t\t\t\t\t\t<\/div>\n\t\t\t\t\t\t\t\t\t\t\t\t\t\t\t\t\t<div class=\"image-tools grid-tools text-center hide-for-small bottom hover-slide-in show-on-hover\">\n\t\t\t\t\t\t\t\t\t\t\t\t\t\t\t\t\t\t\t<\/div>\n\t\t\t\t\t\t\t\t\t\t\t\t\t\t\t\t\t\t\t\t\t\t\t<\/div>\n\n\t\t\t\t\t\t\t<div class=\"box-text text-center\" >\n\t\t\t\t\t\t\t\t<div class=\"title-wrapper\">\t\t<p class=\"category uppercase is-smaller no-text-overflow product-cat op-7\">\n\t\t\tAguila\t\t<\/p>\n\t<p class=\"name product-title woocommerce-loop-product__title\"><a href=\"https:\/\/schaumweinkontor.com\/en\/produkt\/aguila-bio-cremant-de-limoux-brut-075-l\/\" class=\"woocommerce-LoopProduct-link woocommerce-loop-product__link\">Aguila BIO Cr\u00e9mant de Limoux Brut 0,75 L<\/a><\/p><\/div><div class=\"price-wrapper\">\n\t<span class=\"price\"><span class=\"woocommerce-Price-amount amount\" role=\"none\"><bdi><span class=\"woocommerce-Price-currencySymbol\">&euro;<\/span>&nbsp;14,80<\/bdi><\/span> <small class=\"woocommerce-price-suffix\">inkl. MwSt.<\/small><\/span>\n<\/div><div class=\"add-to-cart-button\"><a href=\"\/en\/wp-json\/wp\/v2\/pages\/4628?add-to-cart=4699\" aria-describedby=\"woocommerce_loop_add_to_cart_link_describedby_4699\" data-quantity=\"1\" class=\"primary is-small mb-0 button product_type_simple add_to_cart_button ajax_add_to_cart is-outline\" data-product_id=\"4699\" data-product_sku=\"100300238\" aria-label=\"Add to cart: &ldquo;Aguila BIO Cr\u00e9mant de Limoux Brut 0,75 L&rdquo;\" rel=\"nofollow\" data-success_message=\"&ldquo;Aguila BIO Cr\u00e9mant de Limoux Brut 0,75 L&rdquo; has been added to your cart\" role=\"button\">Add to cart<\/a><\/div>\t<span id=\"woocommerce_loop_add_to_cart_link_describedby_4699\" class=\"screen-reader-text\">\n\t\t\t<\/span>\n\t\t\t\t\t\t\t<\/div>\n\t\t\t\t\t\t<\/div>\n\t\t\t\t\t\t<\/div>\n\t\t\t\t\t<\/div><\/div>\n\n<div class=\"text-center\"><div class=\"is-divider divider clearfix\" style=\"margin-top:3em;margin-bottom:3em;max-width:100%;height:2px;background-color:rgba(183, 149, 73, 0.419);\"><\/div><\/div>\n\n\n\t\t<\/div>\n\t\t\t\t\t<\/div>\n\n\t\n\n\n<style>\n#row-2081938766 > .col > .col-inner {\n  padding: 0px 0px 0px 0px;\n}\n@media (min-width:550px) {\n  #row-2081938766 > .col > .col-inner {\n    padding: 15px 0px 0px 0px;\n  }\n}\n<\/style>\n<\/div>\n\t<section class=\"section bg_winzer show-for-medium\" id=\"section_433797142\">\n\t\t<div class=\"bg section-bg fill bg-fill  \" >\n\n\t\t\t\n\t\t\t\n\t\t\t\n\n\t\t<\/div>\n\n\t\t\n\n\t\t<div class=\"section-content relative\">\n\t\t\t\n\n<div class=\"row row-collapse row-full-width align-middle align-center\"  id=\"row-1710181702\">\n\n\n\t<div id=\"col-1464146896\" class=\"col small-12 large-12\"  >\n\t\t\t\t<div class=\"col-inner\"  >\n\t\t\t\n\t\t\t\n\n<h2 id=\"DomaineDeRonces-mobile\" class=\"uppercase\" style=\"text-align: center;\"><span style=\"font-size: 90%;\">Domain de ronces<\/span><\/h2>\n\n\t\t<\/div>\n\t\t\t\t\t<\/div>\n\n\t\n\n\n<style>\n#row-1710181702 > .col > .col-inner {\n  padding: 15px 0px 0px 0px;\n}\n<\/style>\n<\/div>\n\n\t\t<\/div>\n\n\t\t\n<style>\n#section_433797142 {\n  padding-top: 20px;\n  padding-bottom: 20px;\n  margin-bottom: 30px;\n}\n#section_433797142 .section-bg.bg-loaded {\n  background-image: url(https:\/\/schaumweinkontor.com\/wp-content\/uploads\/2022\/06\/landscape-illu-gold-transp.png);\n}\n<\/style>\n\t<\/section>\n\t\n<div class=\"row row-collapse row-full-width align-middle align-center margin-auto\"  id=\"row-1083243779\">\n\n\n\t<div id=\"col-758955747\" class=\"col small-12 large-12\"  >\n\t\t\t\t<div class=\"col-inner text-center\"  >\n\t\t\t\n\t\t\t\n\n\n  \n    <div class=\"row margin-auto equalize-box show-for-small large-columns-3 medium-columns- small-columns-1 row-large has-shadow row-box-shadow-2 row-box-shadow-4-hover\" >\n  \t\n\t     <div class=\"col\" data-animate=\"fadeInUp\">\n\t\t\t\t\t\t<div class=\"col-inner\">\n\t\t\t\t\t\t\n<div class=\"badge-container badge-custom absolute right top z-1\">\n\n<\/div>\n\t\t\t\t\t\t<div class=\"product-small box margin-auto has-hover box-vertical box-text-bottom\">\n\t\t\t\t\t\t\t<div class=\"box-image\" >\n\t\t\t\t\t\t\t\t<div class=\"\" >\n\t\t\t\t\t\t\t\t\t<a href=\"https:\/\/schaumweinkontor.com\/en\/produkt\/domaine-de-ronces-bio-demeter-cremant-de-jura-075-l\/\" aria-label=\"Domaine de Ronces BIO Demeter Cremant de Jura 0,75 L\">\n\t\t\t\t\t\t\t\t\t\t<img loading=\"lazy\" decoding=\"async\" width=\"300\" height=\"300\" src=\"https:\/\/schaumweinkontor.com\/wp-content\/uploads\/2023\/04\/Domaine-de-ronces-Cremant_1000x1000-px-300x300.png\" class=\"attachment-medium size-medium\" alt=\"Domaine de Ronces Cr\u00e9mant de Jura BIO Demeter \" srcset=\"https:\/\/schaumweinkontor.com\/wp-content\/uploads\/2023\/04\/Domaine-de-ronces-Cremant_1000x1000-px-300x300.png 300w, https:\/\/schaumweinkontor.com\/wp-content\/uploads\/2023\/04\/Domaine-de-ronces-Cremant_1000x1000-px-100x100.png 100w, https:\/\/schaumweinkontor.com\/wp-content\/uploads\/2023\/04\/Domaine-de-ronces-Cremant_1000x1000-px-510x510.png 510w, https:\/\/schaumweinkontor.com\/wp-content\/uploads\/2023\/04\/Domaine-de-ronces-Cremant_1000x1000-px-150x150.png 150w, https:\/\/schaumweinkontor.com\/wp-content\/uploads\/2023\/04\/Domaine-de-ronces-Cremant_1000x1000-px-768x768.png 768w, https:\/\/schaumweinkontor.com\/wp-content\/uploads\/2023\/04\/Domaine-de-ronces-Cremant_1000x1000-px.png 1000w\" sizes=\"auto, (max-width: 300px) 100vw, 300px\" \/>\t\t\t\t\t\t\t\t\t<\/a>\n\t\t\t\t\t\t\t\t\t\t\t\t\t\t\t\t\t\t \t\t\t\t\t\t\t\t<\/div>\n\t\t\t\t\t\t\t\t<div class=\"image-tools top right show-on-hover\">\n\t\t\t\t\t\t\t\t\t\t\t\t\t\t\t\t\t<\/div>\n\t\t\t\t\t\t\t\t\t\t\t\t\t\t\t\t\t<div class=\"image-tools grid-tools text-center hide-for-small bottom hover-slide-in show-on-hover\">\n\t\t\t\t\t\t\t\t\t\t\t\t\t\t\t\t\t\t\t<\/div>\n\t\t\t\t\t\t\t\t\t\t\t\t\t\t\t\t\t\t\t\t\t\t\t<\/div>\n\n\t\t\t\t\t\t\t<div class=\"box-text text-center\" >\n\t\t\t\t\t\t\t\t<div class=\"title-wrapper\">\t\t<p class=\"category uppercase is-smaller no-text-overflow product-cat op-7\">\n\t\t\tCremant\t\t<\/p>\n\t<p class=\"name product-title woocommerce-loop-product__title\"><a href=\"https:\/\/schaumweinkontor.com\/en\/produkt\/domaine-de-ronces-bio-demeter-cremant-de-jura-075-l\/\" class=\"woocommerce-LoopProduct-link woocommerce-loop-product__link\">Domaine de Ronces BIO Demeter Cremant de Jura 0,75 L<\/a><\/p><\/div><div class=\"price-wrapper\">\n\t<span class=\"price\"><span class=\"woocommerce-Price-amount amount\" role=\"none\"><bdi><span class=\"woocommerce-Price-currencySymbol\">&euro;<\/span>&nbsp;18,20<\/bdi><\/span> <small class=\"woocommerce-price-suffix\">inkl. MwSt.<\/small><\/span>\n<\/div><div class=\"add-to-cart-button\"><a href=\"\/en\/wp-json\/wp\/v2\/pages\/4628?add-to-cart=4696\" aria-describedby=\"woocommerce_loop_add_to_cart_link_describedby_4696\" data-quantity=\"1\" class=\"primary is-small mb-0 button product_type_simple add_to_cart_button ajax_add_to_cart is-outline\" data-product_id=\"4696\" data-product_sku=\"100300340\" aria-label=\"Add to cart: &ldquo;Domaine de Ronces BIO Demeter Cremant de Jura 0,75 L&rdquo;\" rel=\"nofollow\" data-success_message=\"&ldquo;Domaine de Ronces BIO Demeter Cremant de Jura 0,75 L&rdquo; has been added to your cart\" role=\"button\">Add to cart<\/a><\/div>\t<span id=\"woocommerce_loop_add_to_cart_link_describedby_4696\" class=\"screen-reader-text\">\n\t\t\t<\/span>\n\t\t\t\t\t\t\t<\/div>\n\t\t\t\t\t\t<\/div>\n\t\t\t\t\t\t<\/div>\n\t\t\t\t\t<\/div><\/div>\n\n\n  \n    <div class=\"row margin-auto equalize-box show-for-medium hide-for-small large-columns-3 medium-columns-2 small-columns-1 row-large has-shadow row-box-shadow-2 row-box-shadow-4-hover\" >\n  \t\n\t     <div class=\"col\" data-animate=\"fadeInUp\">\n\t\t\t\t\t\t<div class=\"col-inner\">\n\t\t\t\t\t\t\n<div class=\"badge-container badge-custom absolute right top z-1\">\n\n<\/div>\n\t\t\t\t\t\t<div class=\"product-small box margin-auto has-hover box-normal box-text-bottom\">\n\t\t\t\t\t\t\t<div class=\"box-image\" >\n\t\t\t\t\t\t\t\t<div class=\"\" >\n\t\t\t\t\t\t\t\t\t<a href=\"https:\/\/schaumweinkontor.com\/en\/produkt\/domaine-de-ronces-bio-demeter-cremant-de-jura-075-l\/\" aria-label=\"Domaine de Ronces BIO Demeter Cremant de Jura 0,75 L\">\n\t\t\t\t\t\t\t\t\t\t<img loading=\"lazy\" decoding=\"async\" width=\"300\" height=\"300\" src=\"https:\/\/schaumweinkontor.com\/wp-content\/uploads\/2023\/04\/Domaine-de-ronces-Cremant_1000x1000-px-300x300.png\" class=\"attachment-medium size-medium\" alt=\"Domaine de Ronces Cr\u00e9mant de Jura BIO Demeter \" srcset=\"https:\/\/schaumweinkontor.com\/wp-content\/uploads\/2023\/04\/Domaine-de-ronces-Cremant_1000x1000-px-300x300.png 300w, https:\/\/schaumweinkontor.com\/wp-content\/uploads\/2023\/04\/Domaine-de-ronces-Cremant_1000x1000-px-100x100.png 100w, https:\/\/schaumweinkontor.com\/wp-content\/uploads\/2023\/04\/Domaine-de-ronces-Cremant_1000x1000-px-510x510.png 510w, https:\/\/schaumweinkontor.com\/wp-content\/uploads\/2023\/04\/Domaine-de-ronces-Cremant_1000x1000-px-150x150.png 150w, https:\/\/schaumweinkontor.com\/wp-content\/uploads\/2023\/04\/Domaine-de-ronces-Cremant_1000x1000-px-768x768.png 768w, https:\/\/schaumweinkontor.com\/wp-content\/uploads\/2023\/04\/Domaine-de-ronces-Cremant_1000x1000-px.png 1000w\" sizes=\"auto, (max-width: 300px) 100vw, 300px\" \/>\t\t\t\t\t\t\t\t\t<\/a>\n\t\t\t\t\t\t\t\t\t\t\t\t\t\t\t\t\t\t \t\t\t\t\t\t\t\t<\/div>\n\t\t\t\t\t\t\t\t<div class=\"image-tools top right show-on-hover\">\n\t\t\t\t\t\t\t\t\t\t\t\t\t\t\t\t\t<\/div>\n\t\t\t\t\t\t\t\t\t\t\t\t\t\t\t\t\t<div class=\"image-tools grid-tools text-center hide-for-small bottom hover-slide-in show-on-hover\">\n\t\t\t\t\t\t\t\t\t\t\t\t\t\t\t\t\t\t\t<\/div>\n\t\t\t\t\t\t\t\t\t\t\t\t\t\t\t\t\t\t\t\t\t\t\t<\/div>\n\n\t\t\t\t\t\t\t<div class=\"box-text text-center\" >\n\t\t\t\t\t\t\t\t<div class=\"title-wrapper\">\t\t<p class=\"category uppercase is-smaller no-text-overflow product-cat op-7\">\n\t\t\tCremant\t\t<\/p>\n\t<p class=\"name product-title woocommerce-loop-product__title\"><a href=\"https:\/\/schaumweinkontor.com\/en\/produkt\/domaine-de-ronces-bio-demeter-cremant-de-jura-075-l\/\" class=\"woocommerce-LoopProduct-link woocommerce-loop-product__link\">Domaine de Ronces BIO Demeter Cremant de Jura 0,75 L<\/a><\/p><\/div><div class=\"price-wrapper\">\n\t<span class=\"price\"><span class=\"woocommerce-Price-amount amount\" role=\"none\"><bdi><span class=\"woocommerce-Price-currencySymbol\">&euro;<\/span>&nbsp;18,20<\/bdi><\/span> <small class=\"woocommerce-price-suffix\">inkl. MwSt.<\/small><\/span>\n<\/div><div class=\"add-to-cart-button\"><a href=\"\/en\/wp-json\/wp\/v2\/pages\/4628?add-to-cart=4696\" aria-describedby=\"woocommerce_loop_add_to_cart_link_describedby_4696\" data-quantity=\"1\" class=\"primary is-small mb-0 button product_type_simple add_to_cart_button ajax_add_to_cart is-outline\" data-product_id=\"4696\" data-product_sku=\"100300340\" aria-label=\"Add to cart: &ldquo;Domaine de Ronces BIO Demeter Cremant de Jura 0,75 L&rdquo;\" rel=\"nofollow\" data-success_message=\"&ldquo;Domaine de Ronces BIO Demeter Cremant de Jura 0,75 L&rdquo; has been added to your cart\" role=\"button\">Add to cart<\/a><\/div>\t<span id=\"woocommerce_loop_add_to_cart_link_describedby_4696\" class=\"screen-reader-text\">\n\t\t\t<\/span>\n\t\t\t\t\t\t\t<\/div>\n\t\t\t\t\t\t<\/div>\n\t\t\t\t\t\t<\/div>\n\t\t\t\t\t<\/div><\/div>\n\n\n\t\t<\/div>\n\t\t\t\t\t<\/div>\n\n\t\n\n\n<style>\n#row-1083243779 > .col > .col-inner {\n  padding: 0px 0px 0px 0px;\n}\n@media (min-width:550px) {\n  #row-1083243779 > .col > .col-inner {\n    padding: 15px 0px 0px 0px;\n  }\n}\n<\/style>\n<\/div>\n\n<\/div>\n<div id=\"it-mobile\">\n<div class=\"row row-collapse row-full-width align-middle blau-verlauf\"  id=\"row-1189075078\">\n\n\n\t<div id=\"col-1362403835\" class=\"col medium-6 small-5 large-6\"  >\n\t\t\t\t<div class=\"col-inner\"  >\n\t\t\t\n\t\t\t\n\n\t<div id=\"text-3062668997\" class=\"text\">\n\t\t\n\n<h2><span style=\"font-size: 75%;\"> Italy <\/span><\/h2>\n\t\t\n<style>\n#text-3062668997 {\n  font-size: 1.5rem;\n  line-height: 2;\n}\n<\/style>\n\t<\/div>\n\t\n\n\t\t<\/div>\n\t\t\t\t\t<\/div>\n\n\t\n\n\t<div id=\"col-1036816245\" class=\"col medium-6 small-7 large-6\"  >\n\t\t\t\t<div class=\"col-inner\"  >\n\t\t\t\n\t\t\t\n\n<h5 id=\"prosecco-mobile\" class=\"uppercase\" style=\"text-align: right;\"><span style=\"color: #b79549; font-size: 75%;\">Prosecco<\/span><\/h5>\n\n\t\t<\/div>\n\t\t\t\t\t<\/div>\n\n\t\n\n\n<style>\n#row-1189075078 > .col > .col-inner {\n  padding: 0px 20px 0px 20px;\n  border-radius: 74px;\n}\n<\/style>\n<\/div>\n\t<section class=\"section bg_winzer show-for-medium\" id=\"section_923269512\">\n\t\t<div class=\"bg section-bg fill bg-fill  \" >\n\n\t\t\t\n\t\t\t\n\t\t\t\n\n\t\t<\/div>\n\n\t\t\n\n\t\t<div class=\"section-content relative\">\n\t\t\t\n\n<div class=\"row row-collapse row-full-width align-middle align-center\"  id=\"row-632670954\">\n\n\n\t<div id=\"col-1918510770\" class=\"col small-12 large-12\"  >\n\t\t\t\t<div class=\"col-inner\"  >\n\t\t\t\n\t\t\t\n\n\t<div id=\"text-1505943123\" class=\"text\">\n\t\t\n\n<h2 id=\"fantinel-prosecco-mobile\" class=\"uppercase\" style=\"text-align: center;\"><span style=\"font-size: 90%;\">Fantinel DOC<\/span><\/h2>\n\t\t\n<style>\n#text-1505943123 {\n  font-size: 1rem;\n  line-height: 0.75;\n}\n<\/style>\n\t<\/div>\n\t\n\n\t\t<\/div>\n\t\t\t\t\t<\/div>\n\n\t\n\n\n<style>\n#row-632670954 > .col > .col-inner {\n  padding: 0 0px 0px 0px;\n}\n@media (min-width:550px) {\n  #row-632670954 > .col > .col-inner {\n    padding: 15px 0px 0px 0px;\n  }\n}\n<\/style>\n<\/div>\n\n\t\t<\/div>\n\n\t\t\n<style>\n#section_923269512 {\n  padding-top: 35px;\n  padding-bottom: 35px;\n  margin-bottom: 30px;\n}\n#section_923269512 .section-bg.bg-loaded {\n  background-image: url(https:\/\/schaumweinkontor.com\/wp-content\/uploads\/2022\/06\/landscape-illu-gold-transp.png);\n}\n@media (min-width:550px) {\n  #section_923269512 {\n    padding-top: 20px;\n    padding-bottom: 20px;\n  }\n}\n<\/style>\n\t<\/section>\n\t\n<div class=\"row row-collapse row-full-width align-middle align-center\"  id=\"row-342235073\">\n\n\n\t<div id=\"col-1705797403\" class=\"col small-12 large-12\"  >\n\t\t\t\t<div class=\"col-inner\"  >\n\t\t\t\n\t\t\t\n\n\n  \n    <div class=\"row margin-auto equalize-box show-for-small large-columns-3 medium-columns- small-columns-1 row-large has-shadow row-box-shadow-2 row-box-shadow-4-hover\" >\n  \t\n\t     <div class=\"col\" data-animate=\"fadeInUp\">\n\t\t\t\t\t\t<div class=\"col-inner\">\n\t\t\t\t\t\t\n<div class=\"badge-container badge-custom absolute right top z-1\">\n<div class=\"callout badge badge-circle\"><div class=\"badge-inner secondary on-sale\"><span class=\"onsale\">Sale!<\/span><\/div><\/div>\n<\/div>\n\t\t\t\t\t\t<div class=\"product-small box margin-auto has-hover box-vertical box-text-bottom\">\n\t\t\t\t\t\t\t<div class=\"box-image\" >\n\t\t\t\t\t\t\t\t<div class=\"\" >\n\t\t\t\t\t\t\t\t\t<a href=\"https:\/\/schaumweinkontor.com\/en\/produkt\/fantinel-cuvee-prestige-brut-075-l\/\" aria-label=\"Fantinel Cuv\u00e9e Prestige Brut 0,75 L\">\n\t\t\t\t\t\t\t\t\t\t<img loading=\"lazy\" decoding=\"async\" width=\"300\" height=\"300\" src=\"https:\/\/schaumweinkontor.com\/wp-content\/uploads\/2022\/06\/Fantinel-Cuvee-Prestige-Brut-075-L-300x300.png\" class=\"attachment-medium size-medium\" alt=\"Fantinel Cuv\u00e9e Prestige Brut 0,75 L\" srcset=\"https:\/\/schaumweinkontor.com\/wp-content\/uploads\/2022\/06\/Fantinel-Cuvee-Prestige-Brut-075-L-300x300.png 300w, https:\/\/schaumweinkontor.com\/wp-content\/uploads\/2022\/06\/Fantinel-Cuvee-Prestige-Brut-075-L-100x100.png 100w, https:\/\/schaumweinkontor.com\/wp-content\/uploads\/2022\/06\/Fantinel-Cuvee-Prestige-Brut-075-L-510x510.png 510w, https:\/\/schaumweinkontor.com\/wp-content\/uploads\/2022\/06\/Fantinel-Cuvee-Prestige-Brut-075-L-150x150.png 150w, https:\/\/schaumweinkontor.com\/wp-content\/uploads\/2022\/06\/Fantinel-Cuvee-Prestige-Brut-075-L-768x768.png 768w, https:\/\/schaumweinkontor.com\/wp-content\/uploads\/2022\/06\/Fantinel-Cuvee-Prestige-Brut-075-L.png 1000w\" sizes=\"auto, (max-width: 300px) 100vw, 300px\" \/>\t\t\t\t\t\t\t\t\t<\/a>\n\t\t\t\t\t\t\t\t\t\t\t\t\t\t\t\t\t\t \t\t\t\t\t\t\t\t<\/div>\n\t\t\t\t\t\t\t\t<div class=\"image-tools top right show-on-hover\">\n\t\t\t\t\t\t\t\t\t\t\t\t\t\t\t\t\t<\/div>\n\t\t\t\t\t\t\t\t\t\t\t\t\t\t\t\t\t<div class=\"image-tools grid-tools text-center hide-for-small bottom hover-slide-in show-on-hover\">\n\t\t\t\t\t\t\t\t\t\t\t\t\t\t\t\t\t\t\t<\/div>\n\t\t\t\t\t\t\t\t\t\t\t\t\t\t\t\t\t\t\t\t\t\t\t<\/div>\n\n\t\t\t\t\t\t\t<div class=\"box-text text-center\" >\n\t\t\t\t\t\t\t\t<div class=\"title-wrapper\">\t\t<p class=\"category uppercase is-smaller no-text-overflow product-cat op-7\">\n\t\t\tFantinel DOC\t\t<\/p>\n\t<p class=\"name product-title woocommerce-loop-product__title\"><a href=\"https:\/\/schaumweinkontor.com\/en\/produkt\/fantinel-cuvee-prestige-brut-075-l\/\" class=\"woocommerce-LoopProduct-link woocommerce-loop-product__link\">Fantinel Cuv\u00e9e Prestige Brut 0,75 L<\/a><\/p><\/div><div class=\"price-wrapper\">\n\t<span class=\"price\"><del aria-hidden=\"true\"><span class=\"woocommerce-Price-amount amount\" role=\"none\"><bdi><span class=\"woocommerce-Price-currencySymbol\">&euro;<\/span>&nbsp;8,30<\/bdi><\/span><\/del> <span class=\"screen-reader-text\">Original price was: &euro;&nbsp;8,30.<\/span><ins aria-hidden=\"true\"><span class=\"woocommerce-Price-amount amount\" role=\"none\"><bdi><span class=\"woocommerce-Price-currencySymbol\">&euro;<\/span>&nbsp;5,81<\/bdi><\/span><\/ins><span class=\"screen-reader-text\">Current price is: &euro;&nbsp;5,81.<\/span> <small class=\"woocommerce-price-suffix\">inkl. MwSt.<\/small><\/span>\n<\/div><div class=\"add-to-cart-button\"><a href=\"\/en\/wp-json\/wp\/v2\/pages\/4628?add-to-cart=4800\" aria-describedby=\"woocommerce_loop_add_to_cart_link_describedby_4800\" data-quantity=\"1\" class=\"primary is-small mb-0 button product_type_simple add_to_cart_button ajax_add_to_cart is-outline\" data-product_id=\"4800\" data-product_sku=\"100300146\" aria-label=\"Add to cart: &ldquo;Fantinel Cuv\u00e9e Prestige Brut 0,75 L&rdquo;\" rel=\"nofollow\" data-success_message=\"&ldquo;Fantinel Cuv\u00e9e Prestige Brut 0,75 L&rdquo; has been added to your cart\" role=\"button\">Add to cart<\/a><\/div>\t<span id=\"woocommerce_loop_add_to_cart_link_describedby_4800\" class=\"screen-reader-text\">\n\t\t\t<\/span>\n\t\t\t\t\t\t\t<\/div>\n\t\t\t\t\t\t<\/div>\n\t\t\t\t\t\t<\/div>\n\t\t\t\t\t<\/div><div class=\"col\" data-animate=\"fadeInUp\">\n\t\t\t\t\t\t<div class=\"col-inner\">\n\t\t\t\t\t\t\n<div class=\"badge-container badge-custom absolute right top z-1\">\n\n<\/div>\n\t\t\t\t\t\t<div class=\"product-small box margin-auto has-hover box-vertical box-text-bottom\">\n\t\t\t\t\t\t\t<div class=\"box-image\" >\n\t\t\t\t\t\t\t\t<div class=\"\" >\n\t\t\t\t\t\t\t\t\t<a href=\"https:\/\/schaumweinkontor.com\/en\/produkt\/fantinel-prosecco-extra-dry-doc-075-l\/\" aria-label=\"Fantinel Prosecco Extra Dry DOC 0,75 L\">\n\t\t\t\t\t\t\t\t\t\t<img loading=\"lazy\" decoding=\"async\" width=\"300\" height=\"300\" src=\"https:\/\/schaumweinkontor.com\/wp-content\/uploads\/2023\/05\/Fantinel-Prosecco-Extra-Dry-DOC-075-L_1000x1000px-300x300.png\" class=\"attachment-medium size-medium\" alt=\"Fantinel Prosecco Extra Dry DOC 0,75 L\" srcset=\"https:\/\/schaumweinkontor.com\/wp-content\/uploads\/2023\/05\/Fantinel-Prosecco-Extra-Dry-DOC-075-L_1000x1000px-300x300.png 300w, https:\/\/schaumweinkontor.com\/wp-content\/uploads\/2023\/05\/Fantinel-Prosecco-Extra-Dry-DOC-075-L_1000x1000px-100x100.png 100w, https:\/\/schaumweinkontor.com\/wp-content\/uploads\/2023\/05\/Fantinel-Prosecco-Extra-Dry-DOC-075-L_1000x1000px-510x510.png 510w, https:\/\/schaumweinkontor.com\/wp-content\/uploads\/2023\/05\/Fantinel-Prosecco-Extra-Dry-DOC-075-L_1000x1000px-150x150.png 150w, https:\/\/schaumweinkontor.com\/wp-content\/uploads\/2023\/05\/Fantinel-Prosecco-Extra-Dry-DOC-075-L_1000x1000px-768x768.png 768w, https:\/\/schaumweinkontor.com\/wp-content\/uploads\/2023\/05\/Fantinel-Prosecco-Extra-Dry-DOC-075-L_1000x1000px.png 1000w\" sizes=\"auto, (max-width: 300px) 100vw, 300px\" \/>\t\t\t\t\t\t\t\t\t<\/a>\n\t\t\t\t\t\t\t\t\t\t\t\t\t\t\t\t\t\t \t\t\t\t\t\t\t\t<\/div>\n\t\t\t\t\t\t\t\t<div class=\"image-tools top right show-on-hover\">\n\t\t\t\t\t\t\t\t\t\t\t\t\t\t\t\t\t<\/div>\n\t\t\t\t\t\t\t\t\t\t\t\t\t\t\t\t\t<div class=\"image-tools grid-tools text-center hide-for-small bottom hover-slide-in show-on-hover\">\n\t\t\t\t\t\t\t\t\t\t\t\t\t\t\t\t\t\t\t<\/div>\n\t\t\t\t\t\t\t\t\t\t\t\t\t\t\t\t\t\t\t\t\t\t\t<\/div>\n\n\t\t\t\t\t\t\t<div class=\"box-text text-center\" >\n\t\t\t\t\t\t\t\t<div class=\"title-wrapper\">\t\t<p class=\"category uppercase is-smaller no-text-overflow product-cat op-7\">\n\t\t\tFantinel DOC\t\t<\/p>\n\t<p class=\"name product-title woocommerce-loop-product__title\"><a href=\"https:\/\/schaumweinkontor.com\/en\/produkt\/fantinel-prosecco-extra-dry-doc-075-l\/\" class=\"woocommerce-LoopProduct-link woocommerce-loop-product__link\">Fantinel Prosecco Extra Dry DOC 0,75 L<\/a><\/p><\/div><div class=\"price-wrapper\">\n\t<span class=\"price\"><span class=\"woocommerce-Price-amount amount\" role=\"none\"><bdi><span class=\"woocommerce-Price-currencySymbol\">&euro;<\/span>&nbsp;9,50<\/bdi><\/span> <small class=\"woocommerce-price-suffix\">inkl. MwSt.<\/small><\/span>\n<\/div><div class=\"add-to-cart-button\"><a href=\"\/en\/wp-json\/wp\/v2\/pages\/4628?add-to-cart=4674\" aria-describedby=\"woocommerce_loop_add_to_cart_link_describedby_4674\" data-quantity=\"1\" class=\"primary is-small mb-0 button product_type_simple add_to_cart_button ajax_add_to_cart is-outline\" data-product_id=\"4674\" data-product_sku=\"100300154\" aria-label=\"Add to cart: &ldquo;Fantinel Prosecco Extra Dry DOC 0,75 L&rdquo;\" rel=\"nofollow\" data-success_message=\"&ldquo;Fantinel Prosecco Extra Dry DOC 0,75 L&rdquo; has been added to your cart\" role=\"button\">Add to cart<\/a><\/div>\t<span id=\"woocommerce_loop_add_to_cart_link_describedby_4674\" class=\"screen-reader-text\">\n\t\t\t<\/span>\n\t\t\t\t\t\t\t<\/div>\n\t\t\t\t\t\t<\/div>\n\t\t\t\t\t\t<\/div>\n\t\t\t\t\t<\/div><div class=\"col\" data-animate=\"fadeInUp\">\n\t\t\t\t\t\t<div class=\"col-inner\">\n\t\t\t\t\t\t\n<div class=\"badge-container badge-custom absolute right top z-1\">\n\n<\/div>\n\t\t\t\t\t\t<div class=\"product-small box margin-auto has-hover box-vertical box-text-bottom\">\n\t\t\t\t\t\t\t<div class=\"box-image\" >\n\t\t\t\t\t\t\t\t<div class=\"\" >\n\t\t\t\t\t\t\t\t\t<a href=\"https:\/\/schaumweinkontor.com\/en\/produkt\/fantinel-pros-brut-oneonly-mille-doc-075-l\/\" aria-label=\"Fantinel Pros. Brut &#039;One&amp;Only&#039; Mille. DOC 0,75 L\">\n\t\t\t\t\t\t\t\t\t\t<img loading=\"lazy\" decoding=\"async\" width=\"300\" height=\"300\" src=\"https:\/\/schaumweinkontor.com\/wp-content\/uploads\/2022\/06\/Schaumweinkontor-Fantinel-OneOnly-1000x1000px-300x300.png\" class=\"attachment-medium size-medium\" alt=\"Fantinel Pros. Brut &#039;One&amp;Only&#039; Mille. DOC 0,75 L\" srcset=\"https:\/\/schaumweinkontor.com\/wp-content\/uploads\/2022\/06\/Schaumweinkontor-Fantinel-OneOnly-1000x1000px-300x300.png 300w, https:\/\/schaumweinkontor.com\/wp-content\/uploads\/2022\/06\/Schaumweinkontor-Fantinel-OneOnly-1000x1000px-100x100.png 100w, https:\/\/schaumweinkontor.com\/wp-content\/uploads\/2022\/06\/Schaumweinkontor-Fantinel-OneOnly-1000x1000px-510x510.png 510w, https:\/\/schaumweinkontor.com\/wp-content\/uploads\/2022\/06\/Schaumweinkontor-Fantinel-OneOnly-1000x1000px-150x150.png 150w, https:\/\/schaumweinkontor.com\/wp-content\/uploads\/2022\/06\/Schaumweinkontor-Fantinel-OneOnly-1000x1000px-768x768.png 768w, https:\/\/schaumweinkontor.com\/wp-content\/uploads\/2022\/06\/Schaumweinkontor-Fantinel-OneOnly-1000x1000px.png 1000w\" sizes=\"auto, (max-width: 300px) 100vw, 300px\" \/>\t\t\t\t\t\t\t\t\t<\/a>\n\t\t\t\t\t\t\t\t\t\t\t\t\t\t\t\t\t\t \t\t\t\t\t\t\t\t<\/div>\n\t\t\t\t\t\t\t\t<div class=\"image-tools top right show-on-hover\">\n\t\t\t\t\t\t\t\t\t\t\t\t\t\t\t\t\t<\/div>\n\t\t\t\t\t\t\t\t\t\t\t\t\t\t\t\t\t<div class=\"image-tools grid-tools text-center hide-for-small bottom hover-slide-in show-on-hover\">\n\t\t\t\t\t\t\t\t\t\t\t\t\t\t\t\t\t\t\t<\/div>\n\t\t\t\t\t\t\t\t\t\t\t\t\t\t\t\t\t\t\t\t\t\t\t<\/div>\n\n\t\t\t\t\t\t\t<div class=\"box-text text-center\" >\n\t\t\t\t\t\t\t\t<div class=\"title-wrapper\">\t\t<p class=\"category uppercase is-smaller no-text-overflow product-cat op-7\">\n\t\t\tFantinel DOC\t\t<\/p>\n\t<p class=\"name product-title woocommerce-loop-product__title\"><a href=\"https:\/\/schaumweinkontor.com\/en\/produkt\/fantinel-pros-brut-oneonly-mille-doc-075-l\/\" class=\"woocommerce-LoopProduct-link woocommerce-loop-product__link\">Fantinel Pros. Brut &#8216;One&amp;Only&#8217; Mille. DOC 0,75 L<\/a><\/p><\/div><div class=\"price-wrapper\">\n\t<span class=\"price\"><span class=\"woocommerce-Price-amount amount\" role=\"none\"><bdi><span class=\"woocommerce-Price-currencySymbol\">&euro;<\/span>&nbsp;10,00<\/bdi><\/span> <small class=\"woocommerce-price-suffix\">inkl. MwSt.<\/small><\/span>\n<\/div><div class=\"add-to-cart-button\"><a href=\"\/en\/wp-json\/wp\/v2\/pages\/4628?add-to-cart=4797\" aria-describedby=\"woocommerce_loop_add_to_cart_link_describedby_4797\" data-quantity=\"1\" class=\"primary is-small mb-0 button product_type_simple add_to_cart_button ajax_add_to_cart is-outline\" data-product_id=\"4797\" data-product_sku=\"100300149\" aria-label=\"Add to cart: &ldquo;Fantinel Pros. Brut &#039;One&amp;Only&#039; Mille. DOC 0,75 L&rdquo;\" rel=\"nofollow\" data-success_message=\"&ldquo;Fantinel Pros. Brut &#039;One&amp;Only&#039; Mille. DOC 0,75 L&rdquo; has been added to your cart\" role=\"button\">Add to cart<\/a><\/div>\t<span id=\"woocommerce_loop_add_to_cart_link_describedby_4797\" class=\"screen-reader-text\">\n\t\t\t<\/span>\n\t\t\t\t\t\t\t<\/div>\n\t\t\t\t\t\t<\/div>\n\t\t\t\t\t\t<\/div>\n\t\t\t\t\t<\/div><div class=\"col\" data-animate=\"fadeInUp\">\n\t\t\t\t\t\t<div class=\"col-inner\">\n\t\t\t\t\t\t\n<div class=\"badge-container badge-custom absolute right top z-1\">\n\n<\/div>\n\t\t\t\t\t\t<div class=\"product-small box margin-auto has-hover box-vertical box-text-bottom\">\n\t\t\t\t\t\t\t<div class=\"box-image\" >\n\t\t\t\t\t\t\t\t<div class=\"\" >\n\t\t\t\t\t\t\t\t\t<a href=\"https:\/\/schaumweinkontor.com\/en\/produkt\/fantinel-rose-brut-oneonly-mille-075-l\/\" aria-label=\"Fantinel Ros\u00e9 Brut &#039;One&amp;Only&#039; Mille. 0,75 L\">\n\t\t\t\t\t\t\t\t\t\t<img loading=\"lazy\" decoding=\"async\" width=\"300\" height=\"300\" src=\"https:\/\/schaumweinkontor.com\/wp-content\/uploads\/2022\/06\/Fantinel-Rose-Brut-\u2018OneOnly-Mille.-075-L-300x300.png\" class=\"attachment-medium size-medium\" alt=\"Fantinel Ros\u00e9 Brut &#039;One&amp;Only&#039; Mille. 0,75 L\" srcset=\"https:\/\/schaumweinkontor.com\/wp-content\/uploads\/2022\/06\/Fantinel-Rose-Brut-\u2018OneOnly-Mille.-075-L-300x300.png 300w, https:\/\/schaumweinkontor.com\/wp-content\/uploads\/2022\/06\/Fantinel-Rose-Brut-\u2018OneOnly-Mille.-075-L-100x100.png 100w, https:\/\/schaumweinkontor.com\/wp-content\/uploads\/2022\/06\/Fantinel-Rose-Brut-\u2018OneOnly-Mille.-075-L-510x510.png 510w, https:\/\/schaumweinkontor.com\/wp-content\/uploads\/2022\/06\/Fantinel-Rose-Brut-\u2018OneOnly-Mille.-075-L-150x150.png 150w, https:\/\/schaumweinkontor.com\/wp-content\/uploads\/2022\/06\/Fantinel-Rose-Brut-\u2018OneOnly-Mille.-075-L-768x768.png 768w, https:\/\/schaumweinkontor.com\/wp-content\/uploads\/2022\/06\/Fantinel-Rose-Brut-\u2018OneOnly-Mille.-075-L.png 1000w\" sizes=\"auto, (max-width: 300px) 100vw, 300px\" \/>\t\t\t\t\t\t\t\t\t<\/a>\n\t\t\t\t\t\t\t\t\t\t\t\t\t\t\t\t\t\t \t\t\t\t\t\t\t\t<\/div>\n\t\t\t\t\t\t\t\t<div class=\"image-tools top right show-on-hover\">\n\t\t\t\t\t\t\t\t\t\t\t\t\t\t\t\t\t<\/div>\n\t\t\t\t\t\t\t\t\t\t\t\t\t\t\t\t\t<div class=\"image-tools grid-tools text-center hide-for-small bottom hover-slide-in show-on-hover\">\n\t\t\t\t\t\t\t\t\t\t\t\t\t\t\t\t\t\t\t<\/div>\n\t\t\t\t\t\t\t\t\t\t\t\t\t\t\t\t\t\t\t\t\t\t\t<\/div>\n\n\t\t\t\t\t\t\t<div class=\"box-text text-center\" >\n\t\t\t\t\t\t\t\t<div class=\"title-wrapper\">\t\t<p class=\"category uppercase is-smaller no-text-overflow product-cat op-7\">\n\t\t\tFantinel DOC\t\t<\/p>\n\t<p class=\"name product-title woocommerce-loop-product__title\"><a href=\"https:\/\/schaumweinkontor.com\/en\/produkt\/fantinel-rose-brut-oneonly-mille-075-l\/\" class=\"woocommerce-LoopProduct-link woocommerce-loop-product__link\">Fantinel Ros\u00e9 Brut &#8216;One&amp;Only&#8217; Mille. 0,75 L<\/a><\/p><\/div><div class=\"price-wrapper\">\n\t<span class=\"price\"><span class=\"woocommerce-Price-amount amount\" role=\"none\"><bdi><span class=\"woocommerce-Price-currencySymbol\">&euro;<\/span>&nbsp;10,00<\/bdi><\/span> <small class=\"woocommerce-price-suffix\">inkl. MwSt.<\/small><\/span>\n<\/div><div class=\"add-to-cart-button\"><a href=\"\/en\/wp-json\/wp\/v2\/pages\/4628?add-to-cart=4798\" aria-describedby=\"woocommerce_loop_add_to_cart_link_describedby_4798\" data-quantity=\"1\" class=\"primary is-small mb-0 button product_type_simple add_to_cart_button ajax_add_to_cart is-outline\" data-product_id=\"4798\" data-product_sku=\"100300148\" aria-label=\"Add to cart: &ldquo;Fantinel Ros\u00e9 Brut &#039;One&amp;Only&#039; Mille. 0,75 L&rdquo;\" rel=\"nofollow\" data-success_message=\"&ldquo;Fantinel Ros\u00e9 Brut &#039;One&amp;Only&#039; Mille. 0,75 L&rdquo; has been added to your cart\" role=\"button\">Add to cart<\/a><\/div>\t<span id=\"woocommerce_loop_add_to_cart_link_describedby_4798\" class=\"screen-reader-text\">\n\t\t\t<\/span>\n\t\t\t\t\t\t\t<\/div>\n\t\t\t\t\t\t<\/div>\n\t\t\t\t\t\t<\/div>\n\t\t\t\t\t<\/div><div class=\"col\" data-animate=\"fadeInUp\">\n\t\t\t\t\t\t<div class=\"col-inner\">\n\t\t\t\t\t\t\n<div class=\"badge-container badge-custom absolute right top z-1\">\n\n<\/div>\n\t\t\t\t\t\t<div class=\"product-small box margin-auto has-hover box-vertical box-text-bottom\">\n\t\t\t\t\t\t\t<div class=\"box-image\" >\n\t\t\t\t\t\t\t\t<div class=\"\" >\n\t\t\t\t\t\t\t\t\t<a href=\"https:\/\/schaumweinkontor.com\/en\/produkt\/ronco-calino-franciacorta-docg-pair-brut-nature-2013-bio-075l-copy-copy-copy-copy-copy-copy-copy-copy-copy-copy-copy-copy-copy-copy-copy-copy-copy-2\/\" aria-label=\"Ribolla Gialla Sant Helena \u201cCaterina\u201d\">\n\t\t\t\t\t\t\t\t\t\t<img loading=\"lazy\" decoding=\"async\" width=\"300\" height=\"300\" src=\"https:\/\/schaumweinkontor.com\/wp-content\/uploads\/2025\/07\/12-300x300.png\" class=\"attachment-medium size-medium\" alt=\"Fantinel Tenuta Sant&#039;Helena \" srcset=\"https:\/\/schaumweinkontor.com\/wp-content\/uploads\/2025\/07\/12-300x300.png 300w, https:\/\/schaumweinkontor.com\/wp-content\/uploads\/2025\/07\/12-150x150.png 150w, https:\/\/schaumweinkontor.com\/wp-content\/uploads\/2025\/07\/12-768x768.png 768w, https:\/\/schaumweinkontor.com\/wp-content\/uploads\/2025\/07\/12-510x510.png 510w, https:\/\/schaumweinkontor.com\/wp-content\/uploads\/2025\/07\/12-100x100.png 100w, https:\/\/schaumweinkontor.com\/wp-content\/uploads\/2025\/07\/12.png 1000w\" sizes=\"auto, (max-width: 300px) 100vw, 300px\" \/>\t\t\t\t\t\t\t\t\t<\/a>\n\t\t\t\t\t\t\t\t\t\t\t\t\t\t\t\t\t\t \t\t\t\t\t\t\t\t<\/div>\n\t\t\t\t\t\t\t\t<div class=\"image-tools top right show-on-hover\">\n\t\t\t\t\t\t\t\t\t\t\t\t\t\t\t\t\t<\/div>\n\t\t\t\t\t\t\t\t\t\t\t\t\t\t\t\t\t<div class=\"image-tools grid-tools text-center hide-for-small bottom hover-slide-in show-on-hover\">\n\t\t\t\t\t\t\t\t\t\t\t\t\t\t\t\t\t\t\t<\/div>\n\t\t\t\t\t\t\t\t\t\t\t\t\t\t\t\t\t\t\t\t\t\t\t<\/div>\n\n\t\t\t\t\t\t\t<div class=\"box-text text-center\" >\n\t\t\t\t\t\t\t\t<div class=\"title-wrapper\">\t\t<p class=\"category uppercase is-smaller no-text-overflow product-cat op-7\">\n\t\t\tFantinel DOC\t\t<\/p>\n\t<p class=\"name product-title woocommerce-loop-product__title\"><a href=\"https:\/\/schaumweinkontor.com\/en\/produkt\/ronco-calino-franciacorta-docg-pair-brut-nature-2013-bio-075l-copy-copy-copy-copy-copy-copy-copy-copy-copy-copy-copy-copy-copy-copy-copy-copy-copy-2\/\" class=\"woocommerce-LoopProduct-link woocommerce-loop-product__link\">Ribolla Gialla Sant Helena \u201cCaterina\u201d<\/a><\/p><\/div><div class=\"price-wrapper\">\n\t<span class=\"price\"><span class=\"woocommerce-Price-amount amount\" role=\"none\"><bdi><span class=\"woocommerce-Price-currencySymbol\">&euro;<\/span>&nbsp;18,00<\/bdi><\/span> <small class=\"woocommerce-price-suffix\">inkl. MwSt.<\/small><\/span>\n<\/div><div class=\"add-to-cart-button\"><a href=\"\/en\/wp-json\/wp\/v2\/pages\/4628?add-to-cart=6432\" aria-describedby=\"woocommerce_loop_add_to_cart_link_describedby_6432\" data-quantity=\"1\" class=\"primary is-small mb-0 button product_type_simple add_to_cart_button ajax_add_to_cart is-outline\" data-product_id=\"6432\" data-product_sku=\"100300611\" aria-label=\"Add to cart: &ldquo;Ribolla Gialla Sant Helena \u201cCaterina\u201d&rdquo;\" rel=\"nofollow\" data-success_message=\"&ldquo;Ribolla Gialla Sant Helena \u201cCaterina\u201d&rdquo; has been added to your cart\" role=\"button\">Add to cart<\/a><\/div>\t<span id=\"woocommerce_loop_add_to_cart_link_describedby_6432\" class=\"screen-reader-text\">\n\t\t\t<\/span>\n\t\t\t\t\t\t\t<\/div>\n\t\t\t\t\t\t<\/div>\n\t\t\t\t\t\t<\/div>\n\t\t\t\t\t<\/div><div class=\"col\" data-animate=\"fadeInUp\">\n\t\t\t\t\t\t<div class=\"col-inner\">\n\t\t\t\t\t\t\n<div class=\"badge-container badge-custom absolute right top z-1\">\n\n<\/div>\n\t\t\t\t\t\t<div class=\"product-small box margin-auto has-hover box-vertical box-text-bottom\">\n\t\t\t\t\t\t\t<div class=\"box-image\" >\n\t\t\t\t\t\t\t\t<div class=\"\" >\n\t\t\t\t\t\t\t\t\t<a href=\"https:\/\/schaumweinkontor.com\/en\/produkt\/fantinel-oneonly-prosecco-brut-15-l\/\" aria-label=\"Fantinel &#039;One&amp;Only&#039; Prosecco Brut 1,5 L\">\n\t\t\t\t\t\t\t\t\t\t<img loading=\"lazy\" decoding=\"async\" width=\"300\" height=\"300\" src=\"https:\/\/schaumweinkontor.com\/wp-content\/uploads\/2022\/06\/Schaumweinkontor-Fantinel-OneOnly-1000x1000px-300x300.png\" class=\"attachment-medium size-medium\" alt=\"Fantinel &#039;One&amp;Only&#039; Prosecco Brut 1,5 L\" srcset=\"https:\/\/schaumweinkontor.com\/wp-content\/uploads\/2022\/06\/Schaumweinkontor-Fantinel-OneOnly-1000x1000px-300x300.png 300w, https:\/\/schaumweinkontor.com\/wp-content\/uploads\/2022\/06\/Schaumweinkontor-Fantinel-OneOnly-1000x1000px-100x100.png 100w, https:\/\/schaumweinkontor.com\/wp-content\/uploads\/2022\/06\/Schaumweinkontor-Fantinel-OneOnly-1000x1000px-510x510.png 510w, https:\/\/schaumweinkontor.com\/wp-content\/uploads\/2022\/06\/Schaumweinkontor-Fantinel-OneOnly-1000x1000px-150x150.png 150w, https:\/\/schaumweinkontor.com\/wp-content\/uploads\/2022\/06\/Schaumweinkontor-Fantinel-OneOnly-1000x1000px-768x768.png 768w, https:\/\/schaumweinkontor.com\/wp-content\/uploads\/2022\/06\/Schaumweinkontor-Fantinel-OneOnly-1000x1000px.png 1000w\" sizes=\"auto, (max-width: 300px) 100vw, 300px\" \/>\t\t\t\t\t\t\t\t\t<\/a>\n\t\t\t\t\t\t\t\t\t\t\t\t\t\t\t\t\t\t \t\t\t\t\t\t\t\t<\/div>\n\t\t\t\t\t\t\t\t<div class=\"image-tools top right show-on-hover\">\n\t\t\t\t\t\t\t\t\t\t\t\t\t\t\t\t\t<\/div>\n\t\t\t\t\t\t\t\t\t\t\t\t\t\t\t\t\t<div class=\"image-tools grid-tools text-center hide-for-small bottom hover-slide-in show-on-hover\">\n\t\t\t\t\t\t\t\t\t\t\t\t\t\t\t\t\t\t\t<\/div>\n\t\t\t\t\t\t\t\t\t\t\t\t\t\t\t\t\t\t\t\t\t\t\t<\/div>\n\n\t\t\t\t\t\t\t<div class=\"box-text text-center\" >\n\t\t\t\t\t\t\t\t<div class=\"title-wrapper\">\t\t<p class=\"category uppercase is-smaller no-text-overflow product-cat op-7\">\n\t\t\tFantinel DOC\t\t<\/p>\n\t<p class=\"name product-title woocommerce-loop-product__title\"><a href=\"https:\/\/schaumweinkontor.com\/en\/produkt\/fantinel-oneonly-prosecco-brut-15-l\/\" class=\"woocommerce-LoopProduct-link woocommerce-loop-product__link\">Fantinel &#8216;One&amp;Only&#8217; Prosecco Brut 1,5 L<\/a><\/p><\/div><div class=\"price-wrapper\">\n\t<span class=\"price\"><span class=\"woocommerce-Price-amount amount\" role=\"none\"><bdi><span class=\"woocommerce-Price-currencySymbol\">&euro;<\/span>&nbsp;22,90<\/bdi><\/span> <small class=\"woocommerce-price-suffix\">inkl. MwSt.<\/small><\/span>\n<\/div><div class=\"add-to-cart-button\"><a href=\"\/en\/wp-json\/wp\/v2\/pages\/4628?add-to-cart=4657\" aria-describedby=\"woocommerce_loop_add_to_cart_link_describedby_4657\" data-quantity=\"1\" class=\"primary is-small mb-0 button product_type_simple add_to_cart_button ajax_add_to_cart is-outline\" data-product_id=\"4657\" data-product_sku=\"100300155\" aria-label=\"Add to cart: &ldquo;Fantinel &#039;One&amp;Only&#039; Prosecco Brut 1,5 L&rdquo;\" rel=\"nofollow\" data-success_message=\"&ldquo;Fantinel &#039;One&amp;Only&#039; Prosecco Brut 1,5 L&rdquo; has been added to your cart\" role=\"button\">Add to cart<\/a><\/div>\t<span id=\"woocommerce_loop_add_to_cart_link_describedby_4657\" class=\"screen-reader-text\">\n\t\t\t<\/span>\n\t\t\t\t\t\t\t<\/div>\n\t\t\t\t\t\t<\/div>\n\t\t\t\t\t\t<\/div>\n\t\t\t\t\t<\/div><\/div>\n\n\n  \n    <div class=\"row margin-auto equalize-box show-for-medium hide-for-small large-columns-3 medium-columns-2 small-columns-1 row-large has-shadow row-box-shadow-2 row-box-shadow-4-hover\" >\n  \t\n\t     <div class=\"col\" data-animate=\"fadeInUp\">\n\t\t\t\t\t\t<div class=\"col-inner\">\n\t\t\t\t\t\t\n<div class=\"badge-container badge-custom absolute right top z-1\">\n<div class=\"callout badge badge-circle\"><div class=\"badge-inner secondary on-sale\"><span class=\"onsale\">Sale!<\/span><\/div><\/div>\n<\/div>\n\t\t\t\t\t\t<div class=\"product-small box margin-auto has-hover box-normal box-text-bottom\">\n\t\t\t\t\t\t\t<div class=\"box-image\" >\n\t\t\t\t\t\t\t\t<div class=\"\" >\n\t\t\t\t\t\t\t\t\t<a href=\"https:\/\/schaumweinkontor.com\/en\/produkt\/fantinel-cuvee-prestige-brut-075-l\/\" aria-label=\"Fantinel Cuv\u00e9e Prestige Brut 0,75 L\">\n\t\t\t\t\t\t\t\t\t\t<img loading=\"lazy\" decoding=\"async\" width=\"300\" height=\"300\" src=\"https:\/\/schaumweinkontor.com\/wp-content\/uploads\/2022\/06\/Fantinel-Cuvee-Prestige-Brut-075-L-300x300.png\" class=\"attachment-medium size-medium\" alt=\"Fantinel Cuv\u00e9e Prestige Brut 0,75 L\" srcset=\"https:\/\/schaumweinkontor.com\/wp-content\/uploads\/2022\/06\/Fantinel-Cuvee-Prestige-Brut-075-L-300x300.png 300w, https:\/\/schaumweinkontor.com\/wp-content\/uploads\/2022\/06\/Fantinel-Cuvee-Prestige-Brut-075-L-100x100.png 100w, https:\/\/schaumweinkontor.com\/wp-content\/uploads\/2022\/06\/Fantinel-Cuvee-Prestige-Brut-075-L-510x510.png 510w, https:\/\/schaumweinkontor.com\/wp-content\/uploads\/2022\/06\/Fantinel-Cuvee-Prestige-Brut-075-L-150x150.png 150w, https:\/\/schaumweinkontor.com\/wp-content\/uploads\/2022\/06\/Fantinel-Cuvee-Prestige-Brut-075-L-768x768.png 768w, https:\/\/schaumweinkontor.com\/wp-content\/uploads\/2022\/06\/Fantinel-Cuvee-Prestige-Brut-075-L.png 1000w\" sizes=\"auto, (max-width: 300px) 100vw, 300px\" \/>\t\t\t\t\t\t\t\t\t<\/a>\n\t\t\t\t\t\t\t\t\t\t\t\t\t\t\t\t\t\t \t\t\t\t\t\t\t\t<\/div>\n\t\t\t\t\t\t\t\t<div class=\"image-tools top right show-on-hover\">\n\t\t\t\t\t\t\t\t\t\t\t\t\t\t\t\t\t<\/div>\n\t\t\t\t\t\t\t\t\t\t\t\t\t\t\t\t\t<div class=\"image-tools grid-tools text-center hide-for-small bottom hover-slide-in show-on-hover\">\n\t\t\t\t\t\t\t\t\t\t\t\t\t\t\t\t\t\t\t<\/div>\n\t\t\t\t\t\t\t\t\t\t\t\t\t\t\t\t\t\t\t\t\t\t\t<\/div>\n\n\t\t\t\t\t\t\t<div class=\"box-text text-center\" >\n\t\t\t\t\t\t\t\t<div class=\"title-wrapper\">\t\t<p class=\"category uppercase is-smaller no-text-overflow product-cat op-7\">\n\t\t\tFantinel DOC\t\t<\/p>\n\t<p class=\"name product-title woocommerce-loop-product__title\"><a href=\"https:\/\/schaumweinkontor.com\/en\/produkt\/fantinel-cuvee-prestige-brut-075-l\/\" class=\"woocommerce-LoopProduct-link woocommerce-loop-product__link\">Fantinel Cuv\u00e9e Prestige Brut 0,75 L<\/a><\/p><\/div><div class=\"price-wrapper\">\n\t<span class=\"price\"><del aria-hidden=\"true\"><span class=\"woocommerce-Price-amount amount\" role=\"none\"><bdi><span class=\"woocommerce-Price-currencySymbol\">&euro;<\/span>&nbsp;8,30<\/bdi><\/span><\/del> <span class=\"screen-reader-text\">Original price was: &euro;&nbsp;8,30.<\/span><ins aria-hidden=\"true\"><span class=\"woocommerce-Price-amount amount\" role=\"none\"><bdi><span class=\"woocommerce-Price-currencySymbol\">&euro;<\/span>&nbsp;5,81<\/bdi><\/span><\/ins><span class=\"screen-reader-text\">Current price is: &euro;&nbsp;5,81.<\/span> <small class=\"woocommerce-price-suffix\">inkl. MwSt.<\/small><\/span>\n<\/div><div class=\"add-to-cart-button\"><a href=\"\/en\/wp-json\/wp\/v2\/pages\/4628?add-to-cart=4800\" aria-describedby=\"woocommerce_loop_add_to_cart_link_describedby_4800\" data-quantity=\"1\" class=\"primary is-small mb-0 button product_type_simple add_to_cart_button ajax_add_to_cart is-outline\" data-product_id=\"4800\" data-product_sku=\"100300146\" aria-label=\"Add to cart: &ldquo;Fantinel Cuv\u00e9e Prestige Brut 0,75 L&rdquo;\" rel=\"nofollow\" data-success_message=\"&ldquo;Fantinel Cuv\u00e9e Prestige Brut 0,75 L&rdquo; has been added to your cart\" role=\"button\">Add to cart<\/a><\/div>\t<span id=\"woocommerce_loop_add_to_cart_link_describedby_4800\" class=\"screen-reader-text\">\n\t\t\t<\/span>\n\t\t\t\t\t\t\t<\/div>\n\t\t\t\t\t\t<\/div>\n\t\t\t\t\t\t<\/div>\n\t\t\t\t\t<\/div><div class=\"col\" data-animate=\"fadeInUp\">\n\t\t\t\t\t\t<div class=\"col-inner\">\n\t\t\t\t\t\t\n<div class=\"badge-container badge-custom absolute right top z-1\">\n\n<\/div>\n\t\t\t\t\t\t<div class=\"product-small box margin-auto has-hover box-normal box-text-bottom\">\n\t\t\t\t\t\t\t<div class=\"box-image\" >\n\t\t\t\t\t\t\t\t<div class=\"\" >\n\t\t\t\t\t\t\t\t\t<a href=\"https:\/\/schaumweinkontor.com\/en\/produkt\/fantinel-prosecco-extra-dry-doc-075-l\/\" aria-label=\"Fantinel Prosecco Extra Dry DOC 0,75 L\">\n\t\t\t\t\t\t\t\t\t\t<img loading=\"lazy\" decoding=\"async\" width=\"300\" height=\"300\" src=\"https:\/\/schaumweinkontor.com\/wp-content\/uploads\/2023\/05\/Fantinel-Prosecco-Extra-Dry-DOC-075-L_1000x1000px-300x300.png\" class=\"attachment-medium size-medium\" alt=\"Fantinel Prosecco Extra Dry DOC 0,75 L\" srcset=\"https:\/\/schaumweinkontor.com\/wp-content\/uploads\/2023\/05\/Fantinel-Prosecco-Extra-Dry-DOC-075-L_1000x1000px-300x300.png 300w, https:\/\/schaumweinkontor.com\/wp-content\/uploads\/2023\/05\/Fantinel-Prosecco-Extra-Dry-DOC-075-L_1000x1000px-100x100.png 100w, https:\/\/schaumweinkontor.com\/wp-content\/uploads\/2023\/05\/Fantinel-Prosecco-Extra-Dry-DOC-075-L_1000x1000px-510x510.png 510w, https:\/\/schaumweinkontor.com\/wp-content\/uploads\/2023\/05\/Fantinel-Prosecco-Extra-Dry-DOC-075-L_1000x1000px-150x150.png 150w, https:\/\/schaumweinkontor.com\/wp-content\/uploads\/2023\/05\/Fantinel-Prosecco-Extra-Dry-DOC-075-L_1000x1000px-768x768.png 768w, https:\/\/schaumweinkontor.com\/wp-content\/uploads\/2023\/05\/Fantinel-Prosecco-Extra-Dry-DOC-075-L_1000x1000px.png 1000w\" sizes=\"auto, (max-width: 300px) 100vw, 300px\" \/>\t\t\t\t\t\t\t\t\t<\/a>\n\t\t\t\t\t\t\t\t\t\t\t\t\t\t\t\t\t\t \t\t\t\t\t\t\t\t<\/div>\n\t\t\t\t\t\t\t\t<div class=\"image-tools top right show-on-hover\">\n\t\t\t\t\t\t\t\t\t\t\t\t\t\t\t\t\t<\/div>\n\t\t\t\t\t\t\t\t\t\t\t\t\t\t\t\t\t<div class=\"image-tools grid-tools text-center hide-for-small bottom hover-slide-in show-on-hover\">\n\t\t\t\t\t\t\t\t\t\t\t\t\t\t\t\t\t\t\t<\/div>\n\t\t\t\t\t\t\t\t\t\t\t\t\t\t\t\t\t\t\t\t\t\t\t<\/div>\n\n\t\t\t\t\t\t\t<div class=\"box-text text-center\" >\n\t\t\t\t\t\t\t\t<div class=\"title-wrapper\">\t\t<p class=\"category uppercase is-smaller no-text-overflow product-cat op-7\">\n\t\t\tFantinel DOC\t\t<\/p>\n\t<p class=\"name product-title woocommerce-loop-product__title\"><a href=\"https:\/\/schaumweinkontor.com\/en\/produkt\/fantinel-prosecco-extra-dry-doc-075-l\/\" class=\"woocommerce-LoopProduct-link woocommerce-loop-product__link\">Fantinel Prosecco Extra Dry DOC 0,75 L<\/a><\/p><\/div><div class=\"price-wrapper\">\n\t<span class=\"price\"><span class=\"woocommerce-Price-amount amount\" role=\"none\"><bdi><span class=\"woocommerce-Price-currencySymbol\">&euro;<\/span>&nbsp;9,50<\/bdi><\/span> <small class=\"woocommerce-price-suffix\">inkl. MwSt.<\/small><\/span>\n<\/div><div class=\"add-to-cart-button\"><a href=\"\/en\/wp-json\/wp\/v2\/pages\/4628?add-to-cart=4674\" aria-describedby=\"woocommerce_loop_add_to_cart_link_describedby_4674\" data-quantity=\"1\" class=\"primary is-small mb-0 button product_type_simple add_to_cart_button ajax_add_to_cart is-outline\" data-product_id=\"4674\" data-product_sku=\"100300154\" aria-label=\"Add to cart: &ldquo;Fantinel Prosecco Extra Dry DOC 0,75 L&rdquo;\" rel=\"nofollow\" data-success_message=\"&ldquo;Fantinel Prosecco Extra Dry DOC 0,75 L&rdquo; has been added to your cart\" role=\"button\">Add to cart<\/a><\/div>\t<span id=\"woocommerce_loop_add_to_cart_link_describedby_4674\" class=\"screen-reader-text\">\n\t\t\t<\/span>\n\t\t\t\t\t\t\t<\/div>\n\t\t\t\t\t\t<\/div>\n\t\t\t\t\t\t<\/div>\n\t\t\t\t\t<\/div><div class=\"col\" data-animate=\"fadeInUp\">\n\t\t\t\t\t\t<div class=\"col-inner\">\n\t\t\t\t\t\t\n<div class=\"badge-container badge-custom absolute right top z-1\">\n\n<\/div>\n\t\t\t\t\t\t<div class=\"product-small box margin-auto has-hover box-normal box-text-bottom\">\n\t\t\t\t\t\t\t<div class=\"box-image\" >\n\t\t\t\t\t\t\t\t<div class=\"\" >\n\t\t\t\t\t\t\t\t\t<a href=\"https:\/\/schaumweinkontor.com\/en\/produkt\/fantinel-pros-brut-oneonly-mille-doc-075-l\/\" aria-label=\"Fantinel Pros. Brut &#039;One&amp;Only&#039; Mille. DOC 0,75 L\">\n\t\t\t\t\t\t\t\t\t\t<img loading=\"lazy\" decoding=\"async\" width=\"300\" height=\"300\" src=\"https:\/\/schaumweinkontor.com\/wp-content\/uploads\/2022\/06\/Schaumweinkontor-Fantinel-OneOnly-1000x1000px-300x300.png\" class=\"attachment-medium size-medium\" alt=\"Fantinel Pros. Brut &#039;One&amp;Only&#039; Mille. DOC 0,75 L\" srcset=\"https:\/\/schaumweinkontor.com\/wp-content\/uploads\/2022\/06\/Schaumweinkontor-Fantinel-OneOnly-1000x1000px-300x300.png 300w, https:\/\/schaumweinkontor.com\/wp-content\/uploads\/2022\/06\/Schaumweinkontor-Fantinel-OneOnly-1000x1000px-100x100.png 100w, https:\/\/schaumweinkontor.com\/wp-content\/uploads\/2022\/06\/Schaumweinkontor-Fantinel-OneOnly-1000x1000px-510x510.png 510w, https:\/\/schaumweinkontor.com\/wp-content\/uploads\/2022\/06\/Schaumweinkontor-Fantinel-OneOnly-1000x1000px-150x150.png 150w, https:\/\/schaumweinkontor.com\/wp-content\/uploads\/2022\/06\/Schaumweinkontor-Fantinel-OneOnly-1000x1000px-768x768.png 768w, https:\/\/schaumweinkontor.com\/wp-content\/uploads\/2022\/06\/Schaumweinkontor-Fantinel-OneOnly-1000x1000px.png 1000w\" sizes=\"auto, (max-width: 300px) 100vw, 300px\" \/>\t\t\t\t\t\t\t\t\t<\/a>\n\t\t\t\t\t\t\t\t\t\t\t\t\t\t\t\t\t\t \t\t\t\t\t\t\t\t<\/div>\n\t\t\t\t\t\t\t\t<div class=\"image-tools top right show-on-hover\">\n\t\t\t\t\t\t\t\t\t\t\t\t\t\t\t\t\t<\/div>\n\t\t\t\t\t\t\t\t\t\t\t\t\t\t\t\t\t<div class=\"image-tools grid-tools text-center hide-for-small bottom hover-slide-in show-on-hover\">\n\t\t\t\t\t\t\t\t\t\t\t\t\t\t\t\t\t\t\t<\/div>\n\t\t\t\t\t\t\t\t\t\t\t\t\t\t\t\t\t\t\t\t\t\t\t<\/div>\n\n\t\t\t\t\t\t\t<div class=\"box-text text-center\" >\n\t\t\t\t\t\t\t\t<div class=\"title-wrapper\">\t\t<p class=\"category uppercase is-smaller no-text-overflow product-cat op-7\">\n\t\t\tFantinel DOC\t\t<\/p>\n\t<p class=\"name product-title woocommerce-loop-product__title\"><a href=\"https:\/\/schaumweinkontor.com\/en\/produkt\/fantinel-pros-brut-oneonly-mille-doc-075-l\/\" class=\"woocommerce-LoopProduct-link woocommerce-loop-product__link\">Fantinel Pros. Brut &#8216;One&amp;Only&#8217; Mille. DOC 0,75 L<\/a><\/p><\/div><div class=\"price-wrapper\">\n\t<span class=\"price\"><span class=\"woocommerce-Price-amount amount\" role=\"none\"><bdi><span class=\"woocommerce-Price-currencySymbol\">&euro;<\/span>&nbsp;10,00<\/bdi><\/span> <small class=\"woocommerce-price-suffix\">inkl. MwSt.<\/small><\/span>\n<\/div><div class=\"add-to-cart-button\"><a href=\"\/en\/wp-json\/wp\/v2\/pages\/4628?add-to-cart=4797\" aria-describedby=\"woocommerce_loop_add_to_cart_link_describedby_4797\" data-quantity=\"1\" class=\"primary is-small mb-0 button product_type_simple add_to_cart_button ajax_add_to_cart is-outline\" data-product_id=\"4797\" data-product_sku=\"100300149\" aria-label=\"Add to cart: &ldquo;Fantinel Pros. Brut &#039;One&amp;Only&#039; Mille. DOC 0,75 L&rdquo;\" rel=\"nofollow\" data-success_message=\"&ldquo;Fantinel Pros. Brut &#039;One&amp;Only&#039; Mille. DOC 0,75 L&rdquo; has been added to your cart\" role=\"button\">Add to cart<\/a><\/div>\t<span id=\"woocommerce_loop_add_to_cart_link_describedby_4797\" class=\"screen-reader-text\">\n\t\t\t<\/span>\n\t\t\t\t\t\t\t<\/div>\n\t\t\t\t\t\t<\/div>\n\t\t\t\t\t\t<\/div>\n\t\t\t\t\t<\/div><div class=\"col\" data-animate=\"fadeInUp\">\n\t\t\t\t\t\t<div class=\"col-inner\">\n\t\t\t\t\t\t\n<div class=\"badge-container badge-custom absolute right top z-1\">\n\n<\/div>\n\t\t\t\t\t\t<div class=\"product-small box margin-auto has-hover box-normal box-text-bottom\">\n\t\t\t\t\t\t\t<div class=\"box-image\" >\n\t\t\t\t\t\t\t\t<div class=\"\" >\n\t\t\t\t\t\t\t\t\t<a href=\"https:\/\/schaumweinkontor.com\/en\/produkt\/fantinel-rose-brut-oneonly-mille-075-l\/\" aria-label=\"Fantinel Ros\u00e9 Brut &#039;One&amp;Only&#039; Mille. 0,75 L\">\n\t\t\t\t\t\t\t\t\t\t<img loading=\"lazy\" decoding=\"async\" width=\"300\" height=\"300\" src=\"https:\/\/schaumweinkontor.com\/wp-content\/uploads\/2022\/06\/Fantinel-Rose-Brut-\u2018OneOnly-Mille.-075-L-300x300.png\" class=\"attachment-medium size-medium\" alt=\"Fantinel Ros\u00e9 Brut &#039;One&amp;Only&#039; Mille. 0,75 L\" srcset=\"https:\/\/schaumweinkontor.com\/wp-content\/uploads\/2022\/06\/Fantinel-Rose-Brut-\u2018OneOnly-Mille.-075-L-300x300.png 300w, https:\/\/schaumweinkontor.com\/wp-content\/uploads\/2022\/06\/Fantinel-Rose-Brut-\u2018OneOnly-Mille.-075-L-100x100.png 100w, https:\/\/schaumweinkontor.com\/wp-content\/uploads\/2022\/06\/Fantinel-Rose-Brut-\u2018OneOnly-Mille.-075-L-510x510.png 510w, https:\/\/schaumweinkontor.com\/wp-content\/uploads\/2022\/06\/Fantinel-Rose-Brut-\u2018OneOnly-Mille.-075-L-150x150.png 150w, https:\/\/schaumweinkontor.com\/wp-content\/uploads\/2022\/06\/Fantinel-Rose-Brut-\u2018OneOnly-Mille.-075-L-768x768.png 768w, https:\/\/schaumweinkontor.com\/wp-content\/uploads\/2022\/06\/Fantinel-Rose-Brut-\u2018OneOnly-Mille.-075-L.png 1000w\" sizes=\"auto, (max-width: 300px) 100vw, 300px\" \/>\t\t\t\t\t\t\t\t\t<\/a>\n\t\t\t\t\t\t\t\t\t\t\t\t\t\t\t\t\t\t \t\t\t\t\t\t\t\t<\/div>\n\t\t\t\t\t\t\t\t<div class=\"image-tools top right show-on-hover\">\n\t\t\t\t\t\t\t\t\t\t\t\t\t\t\t\t\t<\/div>\n\t\t\t\t\t\t\t\t\t\t\t\t\t\t\t\t\t<div class=\"image-tools grid-tools text-center hide-for-small bottom hover-slide-in show-on-hover\">\n\t\t\t\t\t\t\t\t\t\t\t\t\t\t\t\t\t\t\t<\/div>\n\t\t\t\t\t\t\t\t\t\t\t\t\t\t\t\t\t\t\t\t\t\t\t<\/div>\n\n\t\t\t\t\t\t\t<div class=\"box-text text-center\" >\n\t\t\t\t\t\t\t\t<div class=\"title-wrapper\">\t\t<p class=\"category uppercase is-smaller no-text-overflow product-cat op-7\">\n\t\t\tFantinel DOC\t\t<\/p>\n\t<p class=\"name product-title woocommerce-loop-product__title\"><a href=\"https:\/\/schaumweinkontor.com\/en\/produkt\/fantinel-rose-brut-oneonly-mille-075-l\/\" class=\"woocommerce-LoopProduct-link woocommerce-loop-product__link\">Fantinel Ros\u00e9 Brut &#8216;One&amp;Only&#8217; Mille. 0,75 L<\/a><\/p><\/div><div class=\"price-wrapper\">\n\t<span class=\"price\"><span class=\"woocommerce-Price-amount amount\" role=\"none\"><bdi><span class=\"woocommerce-Price-currencySymbol\">&euro;<\/span>&nbsp;10,00<\/bdi><\/span> <small class=\"woocommerce-price-suffix\">inkl. MwSt.<\/small><\/span>\n<\/div><div class=\"add-to-cart-button\"><a href=\"\/en\/wp-json\/wp\/v2\/pages\/4628?add-to-cart=4798\" aria-describedby=\"woocommerce_loop_add_to_cart_link_describedby_4798\" data-quantity=\"1\" class=\"primary is-small mb-0 button product_type_simple add_to_cart_button ajax_add_to_cart is-outline\" data-product_id=\"4798\" data-product_sku=\"100300148\" aria-label=\"Add to cart: &ldquo;Fantinel Ros\u00e9 Brut &#039;One&amp;Only&#039; Mille. 0,75 L&rdquo;\" rel=\"nofollow\" data-success_message=\"&ldquo;Fantinel Ros\u00e9 Brut &#039;One&amp;Only&#039; Mille. 0,75 L&rdquo; has been added to your cart\" role=\"button\">Add to cart<\/a><\/div>\t<span id=\"woocommerce_loop_add_to_cart_link_describedby_4798\" class=\"screen-reader-text\">\n\t\t\t<\/span>\n\t\t\t\t\t\t\t<\/div>\n\t\t\t\t\t\t<\/div>\n\t\t\t\t\t\t<\/div>\n\t\t\t\t\t<\/div><div class=\"col\" data-animate=\"fadeInUp\">\n\t\t\t\t\t\t<div class=\"col-inner\">\n\t\t\t\t\t\t\n<div class=\"badge-container badge-custom absolute right top z-1\">\n\n<\/div>\n\t\t\t\t\t\t<div class=\"product-small box margin-auto has-hover box-normal box-text-bottom\">\n\t\t\t\t\t\t\t<div class=\"box-image\" >\n\t\t\t\t\t\t\t\t<div class=\"\" >\n\t\t\t\t\t\t\t\t\t<a href=\"https:\/\/schaumweinkontor.com\/en\/produkt\/ronco-calino-franciacorta-docg-pair-brut-nature-2013-bio-075l-copy-copy-copy-copy-copy-copy-copy-copy-copy-copy-copy-copy-copy-copy-copy-copy-copy-2\/\" aria-label=\"Ribolla Gialla Sant Helena \u201cCaterina\u201d\">\n\t\t\t\t\t\t\t\t\t\t<img loading=\"lazy\" decoding=\"async\" width=\"300\" height=\"300\" src=\"https:\/\/schaumweinkontor.com\/wp-content\/uploads\/2025\/07\/12-300x300.png\" class=\"attachment-medium size-medium\" alt=\"Fantinel Tenuta Sant&#039;Helena \" srcset=\"https:\/\/schaumweinkontor.com\/wp-content\/uploads\/2025\/07\/12-300x300.png 300w, https:\/\/schaumweinkontor.com\/wp-content\/uploads\/2025\/07\/12-150x150.png 150w, https:\/\/schaumweinkontor.com\/wp-content\/uploads\/2025\/07\/12-768x768.png 768w, https:\/\/schaumweinkontor.com\/wp-content\/uploads\/2025\/07\/12-510x510.png 510w, https:\/\/schaumweinkontor.com\/wp-content\/uploads\/2025\/07\/12-100x100.png 100w, https:\/\/schaumweinkontor.com\/wp-content\/uploads\/2025\/07\/12.png 1000w\" sizes=\"auto, (max-width: 300px) 100vw, 300px\" \/>\t\t\t\t\t\t\t\t\t<\/a>\n\t\t\t\t\t\t\t\t\t\t\t\t\t\t\t\t\t\t \t\t\t\t\t\t\t\t<\/div>\n\t\t\t\t\t\t\t\t<div class=\"image-tools top right show-on-hover\">\n\t\t\t\t\t\t\t\t\t\t\t\t\t\t\t\t\t<\/div>\n\t\t\t\t\t\t\t\t\t\t\t\t\t\t\t\t\t<div class=\"image-tools grid-tools text-center hide-for-small bottom hover-slide-in show-on-hover\">\n\t\t\t\t\t\t\t\t\t\t\t\t\t\t\t\t\t\t\t<\/div>\n\t\t\t\t\t\t\t\t\t\t\t\t\t\t\t\t\t\t\t\t\t\t\t<\/div>\n\n\t\t\t\t\t\t\t<div class=\"box-text text-center\" >\n\t\t\t\t\t\t\t\t<div class=\"title-wrapper\">\t\t<p class=\"category uppercase is-smaller no-text-overflow product-cat op-7\">\n\t\t\tFantinel DOC\t\t<\/p>\n\t<p class=\"name product-title woocommerce-loop-product__title\"><a href=\"https:\/\/schaumweinkontor.com\/en\/produkt\/ronco-calino-franciacorta-docg-pair-brut-nature-2013-bio-075l-copy-copy-copy-copy-copy-copy-copy-copy-copy-copy-copy-copy-copy-copy-copy-copy-copy-2\/\" class=\"woocommerce-LoopProduct-link woocommerce-loop-product__link\">Ribolla Gialla Sant Helena \u201cCaterina\u201d<\/a><\/p><\/div><div class=\"price-wrapper\">\n\t<span class=\"price\"><span class=\"woocommerce-Price-amount amount\" role=\"none\"><bdi><span class=\"woocommerce-Price-currencySymbol\">&euro;<\/span>&nbsp;18,00<\/bdi><\/span> <small class=\"woocommerce-price-suffix\">inkl. MwSt.<\/small><\/span>\n<\/div><div class=\"add-to-cart-button\"><a href=\"\/en\/wp-json\/wp\/v2\/pages\/4628?add-to-cart=6432\" aria-describedby=\"woocommerce_loop_add_to_cart_link_describedby_6432\" data-quantity=\"1\" class=\"primary is-small mb-0 button product_type_simple add_to_cart_button ajax_add_to_cart is-outline\" data-product_id=\"6432\" data-product_sku=\"100300611\" aria-label=\"Add to cart: &ldquo;Ribolla Gialla Sant Helena \u201cCaterina\u201d&rdquo;\" rel=\"nofollow\" data-success_message=\"&ldquo;Ribolla Gialla Sant Helena \u201cCaterina\u201d&rdquo; has been added to your cart\" role=\"button\">Add to cart<\/a><\/div>\t<span id=\"woocommerce_loop_add_to_cart_link_describedby_6432\" class=\"screen-reader-text\">\n\t\t\t<\/span>\n\t\t\t\t\t\t\t<\/div>\n\t\t\t\t\t\t<\/div>\n\t\t\t\t\t\t<\/div>\n\t\t\t\t\t<\/div><div class=\"col\" data-animate=\"fadeInUp\">\n\t\t\t\t\t\t<div class=\"col-inner\">\n\t\t\t\t\t\t\n<div class=\"badge-container badge-custom absolute right top z-1\">\n\n<\/div>\n\t\t\t\t\t\t<div class=\"product-small box margin-auto has-hover box-normal box-text-bottom\">\n\t\t\t\t\t\t\t<div class=\"box-image\" >\n\t\t\t\t\t\t\t\t<div class=\"\" >\n\t\t\t\t\t\t\t\t\t<a href=\"https:\/\/schaumweinkontor.com\/en\/produkt\/fantinel-oneonly-prosecco-brut-15-l\/\" aria-label=\"Fantinel &#039;One&amp;Only&#039; Prosecco Brut 1,5 L\">\n\t\t\t\t\t\t\t\t\t\t<img loading=\"lazy\" decoding=\"async\" width=\"300\" height=\"300\" src=\"https:\/\/schaumweinkontor.com\/wp-content\/uploads\/2022\/06\/Schaumweinkontor-Fantinel-OneOnly-1000x1000px-300x300.png\" class=\"attachment-medium size-medium\" alt=\"Fantinel &#039;One&amp;Only&#039; Prosecco Brut 1,5 L\" srcset=\"https:\/\/schaumweinkontor.com\/wp-content\/uploads\/2022\/06\/Schaumweinkontor-Fantinel-OneOnly-1000x1000px-300x300.png 300w, https:\/\/schaumweinkontor.com\/wp-content\/uploads\/2022\/06\/Schaumweinkontor-Fantinel-OneOnly-1000x1000px-100x100.png 100w, https:\/\/schaumweinkontor.com\/wp-content\/uploads\/2022\/06\/Schaumweinkontor-Fantinel-OneOnly-1000x1000px-510x510.png 510w, https:\/\/schaumweinkontor.com\/wp-content\/uploads\/2022\/06\/Schaumweinkontor-Fantinel-OneOnly-1000x1000px-150x150.png 150w, https:\/\/schaumweinkontor.com\/wp-content\/uploads\/2022\/06\/Schaumweinkontor-Fantinel-OneOnly-1000x1000px-768x768.png 768w, https:\/\/schaumweinkontor.com\/wp-content\/uploads\/2022\/06\/Schaumweinkontor-Fantinel-OneOnly-1000x1000px.png 1000w\" sizes=\"auto, (max-width: 300px) 100vw, 300px\" \/>\t\t\t\t\t\t\t\t\t<\/a>\n\t\t\t\t\t\t\t\t\t\t\t\t\t\t\t\t\t\t \t\t\t\t\t\t\t\t<\/div>\n\t\t\t\t\t\t\t\t<div class=\"image-tools top right show-on-hover\">\n\t\t\t\t\t\t\t\t\t\t\t\t\t\t\t\t\t<\/div>\n\t\t\t\t\t\t\t\t\t\t\t\t\t\t\t\t\t<div class=\"image-tools grid-tools text-center hide-for-small bottom hover-slide-in show-on-hover\">\n\t\t\t\t\t\t\t\t\t\t\t\t\t\t\t\t\t\t\t<\/div>\n\t\t\t\t\t\t\t\t\t\t\t\t\t\t\t\t\t\t\t\t\t\t\t<\/div>\n\n\t\t\t\t\t\t\t<div class=\"box-text text-center\" >\n\t\t\t\t\t\t\t\t<div class=\"title-wrapper\">\t\t<p class=\"category uppercase is-smaller no-text-overflow product-cat op-7\">\n\t\t\tFantinel DOC\t\t<\/p>\n\t<p class=\"name product-title woocommerce-loop-product__title\"><a href=\"https:\/\/schaumweinkontor.com\/en\/produkt\/fantinel-oneonly-prosecco-brut-15-l\/\" class=\"woocommerce-LoopProduct-link woocommerce-loop-product__link\">Fantinel &#8216;One&amp;Only&#8217; Prosecco Brut 1,5 L<\/a><\/p><\/div><div class=\"price-wrapper\">\n\t<span class=\"price\"><span class=\"woocommerce-Price-amount amount\" role=\"none\"><bdi><span class=\"woocommerce-Price-currencySymbol\">&euro;<\/span>&nbsp;22,90<\/bdi><\/span> <small class=\"woocommerce-price-suffix\">inkl. MwSt.<\/small><\/span>\n<\/div><div class=\"add-to-cart-button\"><a href=\"\/en\/wp-json\/wp\/v2\/pages\/4628?add-to-cart=4657\" aria-describedby=\"woocommerce_loop_add_to_cart_link_describedby_4657\" data-quantity=\"1\" class=\"primary is-small mb-0 button product_type_simple add_to_cart_button ajax_add_to_cart is-outline\" data-product_id=\"4657\" data-product_sku=\"100300155\" aria-label=\"Add to cart: &ldquo;Fantinel &#039;One&amp;Only&#039; Prosecco Brut 1,5 L&rdquo;\" rel=\"nofollow\" data-success_message=\"&ldquo;Fantinel &#039;One&amp;Only&#039; Prosecco Brut 1,5 L&rdquo; has been added to your cart\" role=\"button\">Add to cart<\/a><\/div>\t<span id=\"woocommerce_loop_add_to_cart_link_describedby_4657\" class=\"screen-reader-text\">\n\t\t\t<\/span>\n\t\t\t\t\t\t\t<\/div>\n\t\t\t\t\t\t<\/div>\n\t\t\t\t\t\t<\/div>\n\t\t\t\t\t<\/div><\/div>\n\n<div class=\"text-center\"><div class=\"is-divider divider clearfix\" style=\"margin-top:3em;margin-bottom:3em;max-width:100%;height:2px;background-color:rgba(183, 149, 73, 0.419);\"><\/div><\/div>\n\n\n\t\t<\/div>\n\t\t\t\t\t<\/div>\n\n\t\n\n\n<style>\n#row-342235073 > .col > .col-inner {\n  padding: 15px 0px 0px 0px;\n}\n<\/style>\n<\/div>\n\t<section class=\"section bg_winzer show-for-medium\" id=\"section_1562625076\">\n\t\t<div class=\"bg section-bg fill bg-fill  \" >\n\n\t\t\t\n\t\t\t\n\t\t\t\n\n\t\t<\/div>\n\n\t\t\n\n\t\t<div class=\"section-content relative\">\n\t\t\t\n\n<div class=\"row row-collapse row-full-width align-middle align-center\"  id=\"row-61498053\">\n\n\n\t<div id=\"col-1111098283\" class=\"col small-12 large-12\"  >\n\t\t\t\t<div class=\"col-inner\"  >\n\t\t\t\n\t\t\t\n\n\t<div id=\"text-1693724646\" class=\"text\">\n\t\t\n\n<h2 id=\"prosecco-rocca-mobile\" class=\"uppercase\" style=\"text-align: center;\"><span style=\"font-size: 90%;\">Rocca dei Forti DOC<\/span><\/h2>\n\t\t\n<style>\n#text-1693724646 {\n  font-size: 1rem;\n  line-height: 0.75;\n}\n<\/style>\n\t<\/div>\n\t\n\n\t\t<\/div>\n\t\t\t\t\t<\/div>\n\n\t\n\n\n<style>\n#row-61498053 > .col > .col-inner {\n  padding: 0 0px 0px 0px;\n}\n@media (min-width:550px) {\n  #row-61498053 > .col > .col-inner {\n    padding: 15px 0px 0px 0px;\n  }\n}\n<\/style>\n<\/div>\n\n\t\t<\/div>\n\n\t\t\n<style>\n#section_1562625076 {\n  padding-top: 35px;\n  padding-bottom: 35px;\n  margin-bottom: 30px;\n}\n#section_1562625076 .section-bg.bg-loaded {\n  background-image: url(https:\/\/schaumweinkontor.com\/wp-content\/uploads\/2022\/06\/landscape-illu-gold-transp.png);\n}\n@media (min-width:550px) {\n  #section_1562625076 {\n    padding-top: 20px;\n    padding-bottom: 20px;\n  }\n}\n<\/style>\n\t<\/section>\n\t\n<div class=\"row row-collapse row-full-width align-middle align-center\"  id=\"row-900440088\">\n\n\n\t<div id=\"col-799972653\" class=\"col small-12 large-12\"  >\n\t\t\t\t<div class=\"col-inner\"  >\n\t\t\t\n\t\t\t\n\n\n  \n    <div class=\"row margin-auto equalize-box show-for-small large-columns-3 medium-columns- small-columns-1 row-large has-shadow row-box-shadow-2 row-box-shadow-4-hover\" >\n  \t\n\t     <div class=\"col\" data-animate=\"fadeInUp\">\n\t\t\t\t\t\t<div class=\"col-inner\">\n\t\t\t\t\t\t\n<div class=\"badge-container badge-custom absolute right top z-1\">\n\n<\/div>\n\t\t\t\t\t\t<div class=\"product-small box margin-auto has-hover box-vertical box-text-bottom\">\n\t\t\t\t\t\t\t<div class=\"box-image\" >\n\t\t\t\t\t\t\t\t<div class=\"\" >\n\t\t\t\t\t\t\t\t\t<a href=\"https:\/\/schaumweinkontor.com\/en\/produkt\/rocca-dei-forti-prosecco-le-cuvee-brut-doc-075-l\/\" aria-label=\"Rocca dei Forti Prosecco Le Cuv\u00e9e Brut DOC 0,75 L\">\n\t\t\t\t\t\t\t\t\t\t<img loading=\"lazy\" decoding=\"async\" width=\"300\" height=\"300\" src=\"https:\/\/schaumweinkontor.com\/wp-content\/uploads\/2022\/06\/Rocca_dei_Forti_Prosecco-075l-1000x1000px_award-300x300.png\" class=\"attachment-medium size-medium\" alt=\"Rocca dei Forti Prosecco Le Cuv\u00e9e Brut DOC 0,75 L\" srcset=\"https:\/\/schaumweinkontor.com\/wp-content\/uploads\/2022\/06\/Rocca_dei_Forti_Prosecco-075l-1000x1000px_award-300x300.png 300w, https:\/\/schaumweinkontor.com\/wp-content\/uploads\/2022\/06\/Rocca_dei_Forti_Prosecco-075l-1000x1000px_award-150x150.png 150w, https:\/\/schaumweinkontor.com\/wp-content\/uploads\/2022\/06\/Rocca_dei_Forti_Prosecco-075l-1000x1000px_award-768x767.png 768w, https:\/\/schaumweinkontor.com\/wp-content\/uploads\/2022\/06\/Rocca_dei_Forti_Prosecco-075l-1000x1000px_award-510x509.png 510w, https:\/\/schaumweinkontor.com\/wp-content\/uploads\/2022\/06\/Rocca_dei_Forti_Prosecco-075l-1000x1000px_award-100x100.png 100w, https:\/\/schaumweinkontor.com\/wp-content\/uploads\/2022\/06\/Rocca_dei_Forti_Prosecco-075l-1000x1000px_award.png 1001w\" sizes=\"auto, (max-width: 300px) 100vw, 300px\" \/>\t\t\t\t\t\t\t\t\t<\/a>\n\t\t\t\t\t\t\t\t\t\t\t\t\t\t\t\t\t\t \t\t\t\t\t\t\t\t<\/div>\n\t\t\t\t\t\t\t\t<div class=\"image-tools top right show-on-hover\">\n\t\t\t\t\t\t\t\t\t\t\t\t\t\t\t\t\t<\/div>\n\t\t\t\t\t\t\t\t\t\t\t\t\t\t\t\t\t<div class=\"image-tools grid-tools text-center hide-for-small bottom hover-slide-in show-on-hover\">\n\t\t\t\t\t\t\t\t\t\t\t\t\t\t\t\t\t\t\t<\/div>\n\t\t\t\t\t\t\t\t\t\t\t\t\t\t\t\t\t\t\t\t\t\t\t<\/div>\n\n\t\t\t\t\t\t\t<div class=\"box-text text-center\" >\n\t\t\t\t\t\t\t\t<div class=\"title-wrapper\">\t\t<p class=\"category uppercase is-smaller no-text-overflow product-cat op-7\">\n\t\t\tProsecco\t\t<\/p>\n\t<p class=\"name product-title woocommerce-loop-product__title\"><a href=\"https:\/\/schaumweinkontor.com\/en\/produkt\/rocca-dei-forti-prosecco-le-cuvee-brut-doc-075-l\/\" class=\"woocommerce-LoopProduct-link woocommerce-loop-product__link\">Rocca dei Forti Prosecco Le Cuv\u00e9e Brut DOC 0,75 L<\/a><\/p><\/div><div class=\"price-wrapper\">\n\t<span class=\"price\"><span class=\"woocommerce-Price-amount amount\" role=\"none\"><bdi><span class=\"woocommerce-Price-currencySymbol\">&euro;<\/span>&nbsp;8,90<\/bdi><\/span> <small class=\"woocommerce-price-suffix\">inkl. MwSt.<\/small><\/span>\n<\/div><div class=\"add-to-cart-button\"><a href=\"\/en\/wp-json\/wp\/v2\/pages\/4628?add-to-cart=4755\" aria-describedby=\"woocommerce_loop_add_to_cart_link_describedby_4755\" data-quantity=\"1\" class=\"primary is-small mb-0 button product_type_simple add_to_cart_button ajax_add_to_cart is-outline\" data-product_id=\"4755\" data-product_sku=\"100300121\" aria-label=\"Add to cart: &ldquo;Rocca dei Forti Prosecco Le Cuv\u00e9e Brut DOC 0,75 L&rdquo;\" rel=\"nofollow\" data-success_message=\"&ldquo;Rocca dei Forti Prosecco Le Cuv\u00e9e Brut DOC 0,75 L&rdquo; has been added to your cart\" role=\"button\">Add to cart<\/a><\/div>\t<span id=\"woocommerce_loop_add_to_cart_link_describedby_4755\" class=\"screen-reader-text\">\n\t\t\t<\/span>\n\t\t\t\t\t\t\t<\/div>\n\t\t\t\t\t\t<\/div>\n\t\t\t\t\t\t<\/div>\n\t\t\t\t\t<\/div><div class=\"col\" data-animate=\"fadeInUp\">\n\t\t\t\t\t\t<div class=\"col-inner\">\n\t\t\t\t\t\t\n<div class=\"badge-container badge-custom absolute right top z-1\">\n\n<\/div>\n\t\t\t\t\t\t<div class=\"product-small box margin-auto has-hover box-vertical box-text-bottom\">\n\t\t\t\t\t\t\t<div class=\"box-image\" >\n\t\t\t\t\t\t\t\t<div class=\"\" >\n\t\t\t\t\t\t\t\t\t<a href=\"https:\/\/schaumweinkontor.com\/en\/produkt\/rocca-dei-forti-prosecco-rose-doc-millesimato-075-l\/\" aria-label=\"Rocca dei Forti Prosecco Ros\u00e9 DOC Millesimato 0,75 L\">\n\t\t\t\t\t\t\t\t\t\t<img loading=\"lazy\" decoding=\"async\" width=\"300\" height=\"300\" src=\"https:\/\/schaumweinkontor.com\/wp-content\/uploads\/2022\/04\/Rocca_dei_Forti_Prosecco-Rose-075l-1000x1000px_award-300x300.png\" class=\"attachment-medium size-medium\" alt=\"Rocca dei Forti Prosecco Ros\u00e9 DOC Millesimato 0,75 L\" srcset=\"https:\/\/schaumweinkontor.com\/wp-content\/uploads\/2022\/04\/Rocca_dei_Forti_Prosecco-Rose-075l-1000x1000px_award-300x300.png 300w, https:\/\/schaumweinkontor.com\/wp-content\/uploads\/2022\/04\/Rocca_dei_Forti_Prosecco-Rose-075l-1000x1000px_award-150x150.png 150w, https:\/\/schaumweinkontor.com\/wp-content\/uploads\/2022\/04\/Rocca_dei_Forti_Prosecco-Rose-075l-1000x1000px_award-768x768.png 768w, https:\/\/schaumweinkontor.com\/wp-content\/uploads\/2022\/04\/Rocca_dei_Forti_Prosecco-Rose-075l-1000x1000px_award-510x510.png 510w, https:\/\/schaumweinkontor.com\/wp-content\/uploads\/2022\/04\/Rocca_dei_Forti_Prosecco-Rose-075l-1000x1000px_award-100x100.png 100w, https:\/\/schaumweinkontor.com\/wp-content\/uploads\/2022\/04\/Rocca_dei_Forti_Prosecco-Rose-075l-1000x1000px_award.png 1000w\" sizes=\"auto, (max-width: 300px) 100vw, 300px\" \/>\t\t\t\t\t\t\t\t\t<\/a>\n\t\t\t\t\t\t\t\t\t\t\t\t\t\t\t\t\t\t \t\t\t\t\t\t\t\t<\/div>\n\t\t\t\t\t\t\t\t<div class=\"image-tools top right show-on-hover\">\n\t\t\t\t\t\t\t\t\t\t\t\t\t\t\t\t\t<\/div>\n\t\t\t\t\t\t\t\t\t\t\t\t\t\t\t\t\t<div class=\"image-tools grid-tools text-center hide-for-small bottom hover-slide-in show-on-hover\">\n\t\t\t\t\t\t\t\t\t\t\t\t\t\t\t\t\t\t\t<\/div>\n\t\t\t\t\t\t\t\t\t\t\t\t\t\t\t\t\t\t\t\t\t\t\t<\/div>\n\n\t\t\t\t\t\t\t<div class=\"box-text text-center\" >\n\t\t\t\t\t\t\t\t<div class=\"title-wrapper\">\t\t<p class=\"category uppercase is-smaller no-text-overflow product-cat op-7\">\n\t\t\tProsecco\t\t<\/p>\n\t<p class=\"name product-title woocommerce-loop-product__title\"><a href=\"https:\/\/schaumweinkontor.com\/en\/produkt\/rocca-dei-forti-prosecco-rose-doc-millesimato-075-l\/\" class=\"woocommerce-LoopProduct-link woocommerce-loop-product__link\">Rocca dei Forti Prosecco Ros\u00e9 DOC Millesimato 0,75 L<\/a><\/p><\/div><div class=\"price-wrapper\">\n\t<span class=\"price\"><span class=\"woocommerce-Price-amount amount\" role=\"none\"><bdi><span class=\"woocommerce-Price-currencySymbol\">&euro;<\/span>&nbsp;8,90<\/bdi><\/span> <small class=\"woocommerce-price-suffix\">inkl. MwSt.<\/small><\/span>\n<\/div><div class=\"add-to-cart-button\"><a href=\"\/en\/wp-json\/wp\/v2\/pages\/4628?add-to-cart=4802\" aria-describedby=\"woocommerce_loop_add_to_cart_link_describedby_4802\" data-quantity=\"1\" class=\"primary is-small mb-0 button product_type_simple add_to_cart_button ajax_add_to_cart is-outline\" data-product_id=\"4802\" data-product_sku=\"100300102\" aria-label=\"Add to cart: &ldquo;Rocca dei Forti Prosecco Ros\u00e9 DOC Millesimato 0,75 L&rdquo;\" rel=\"nofollow\" data-success_message=\"&ldquo;Rocca dei Forti Prosecco Ros\u00e9 DOC Millesimato 0,75 L&rdquo; has been added to your cart\" role=\"button\">Add to cart<\/a><\/div>\t<span id=\"woocommerce_loop_add_to_cart_link_describedby_4802\" class=\"screen-reader-text\">\n\t\t\t<\/span>\n\t\t\t\t\t\t\t<\/div>\n\t\t\t\t\t\t<\/div>\n\t\t\t\t\t\t<\/div>\n\t\t\t\t\t<\/div><\/div>\n\n\n  \n    <div class=\"row margin-auto equalize-box show-for-medium hide-for-small large-columns-3 medium-columns-2 small-columns-1 row-large has-shadow row-box-shadow-2 row-box-shadow-4-hover\" >\n  \t\n\t     <div class=\"col\" data-animate=\"fadeInUp\">\n\t\t\t\t\t\t<div class=\"col-inner\">\n\t\t\t\t\t\t\n<div class=\"badge-container badge-custom absolute right top z-1\">\n\n<\/div>\n\t\t\t\t\t\t<div class=\"product-small box margin-auto has-hover box-normal box-text-bottom\">\n\t\t\t\t\t\t\t<div class=\"box-image\" >\n\t\t\t\t\t\t\t\t<div class=\"\" >\n\t\t\t\t\t\t\t\t\t<a href=\"https:\/\/schaumweinkontor.com\/en\/produkt\/rocca-dei-forti-prosecco-le-cuvee-brut-doc-075-l\/\" aria-label=\"Rocca dei Forti Prosecco Le Cuv\u00e9e Brut DOC 0,75 L\">\n\t\t\t\t\t\t\t\t\t\t<img loading=\"lazy\" decoding=\"async\" width=\"300\" height=\"300\" src=\"https:\/\/schaumweinkontor.com\/wp-content\/uploads\/2022\/06\/Rocca_dei_Forti_Prosecco-075l-1000x1000px_award-300x300.png\" class=\"attachment-medium size-medium\" alt=\"Rocca dei Forti Prosecco Le Cuv\u00e9e Brut DOC 0,75 L\" srcset=\"https:\/\/schaumweinkontor.com\/wp-content\/uploads\/2022\/06\/Rocca_dei_Forti_Prosecco-075l-1000x1000px_award-300x300.png 300w, https:\/\/schaumweinkontor.com\/wp-content\/uploads\/2022\/06\/Rocca_dei_Forti_Prosecco-075l-1000x1000px_award-150x150.png 150w, https:\/\/schaumweinkontor.com\/wp-content\/uploads\/2022\/06\/Rocca_dei_Forti_Prosecco-075l-1000x1000px_award-768x767.png 768w, https:\/\/schaumweinkontor.com\/wp-content\/uploads\/2022\/06\/Rocca_dei_Forti_Prosecco-075l-1000x1000px_award-510x509.png 510w, https:\/\/schaumweinkontor.com\/wp-content\/uploads\/2022\/06\/Rocca_dei_Forti_Prosecco-075l-1000x1000px_award-100x100.png 100w, https:\/\/schaumweinkontor.com\/wp-content\/uploads\/2022\/06\/Rocca_dei_Forti_Prosecco-075l-1000x1000px_award.png 1001w\" sizes=\"auto, (max-width: 300px) 100vw, 300px\" \/>\t\t\t\t\t\t\t\t\t<\/a>\n\t\t\t\t\t\t\t\t\t\t\t\t\t\t\t\t\t\t \t\t\t\t\t\t\t\t<\/div>\n\t\t\t\t\t\t\t\t<div class=\"image-tools top right show-on-hover\">\n\t\t\t\t\t\t\t\t\t\t\t\t\t\t\t\t\t<\/div>\n\t\t\t\t\t\t\t\t\t\t\t\t\t\t\t\t\t<div class=\"image-tools grid-tools text-center hide-for-small bottom hover-slide-in show-on-hover\">\n\t\t\t\t\t\t\t\t\t\t\t\t\t\t\t\t\t\t\t<\/div>\n\t\t\t\t\t\t\t\t\t\t\t\t\t\t\t\t\t\t\t\t\t\t\t<\/div>\n\n\t\t\t\t\t\t\t<div class=\"box-text text-center\" >\n\t\t\t\t\t\t\t\t<div class=\"title-wrapper\">\t\t<p class=\"category uppercase is-smaller no-text-overflow product-cat op-7\">\n\t\t\tProsecco\t\t<\/p>\n\t<p class=\"name product-title woocommerce-loop-product__title\"><a href=\"https:\/\/schaumweinkontor.com\/en\/produkt\/rocca-dei-forti-prosecco-le-cuvee-brut-doc-075-l\/\" class=\"woocommerce-LoopProduct-link woocommerce-loop-product__link\">Rocca dei Forti Prosecco Le Cuv\u00e9e Brut DOC 0,75 L<\/a><\/p><\/div><div class=\"price-wrapper\">\n\t<span class=\"price\"><span class=\"woocommerce-Price-amount amount\" role=\"none\"><bdi><span class=\"woocommerce-Price-currencySymbol\">&euro;<\/span>&nbsp;8,90<\/bdi><\/span> <small class=\"woocommerce-price-suffix\">inkl. MwSt.<\/small><\/span>\n<\/div><div class=\"add-to-cart-button\"><a href=\"\/en\/wp-json\/wp\/v2\/pages\/4628?add-to-cart=4755\" aria-describedby=\"woocommerce_loop_add_to_cart_link_describedby_4755\" data-quantity=\"1\" class=\"primary is-small mb-0 button product_type_simple add_to_cart_button ajax_add_to_cart is-outline\" data-product_id=\"4755\" data-product_sku=\"100300121\" aria-label=\"Add to cart: &ldquo;Rocca dei Forti Prosecco Le Cuv\u00e9e Brut DOC 0,75 L&rdquo;\" rel=\"nofollow\" data-success_message=\"&ldquo;Rocca dei Forti Prosecco Le Cuv\u00e9e Brut DOC 0,75 L&rdquo; has been added to your cart\" role=\"button\">Add to cart<\/a><\/div>\t<span id=\"woocommerce_loop_add_to_cart_link_describedby_4755\" class=\"screen-reader-text\">\n\t\t\t<\/span>\n\t\t\t\t\t\t\t<\/div>\n\t\t\t\t\t\t<\/div>\n\t\t\t\t\t\t<\/div>\n\t\t\t\t\t<\/div><div class=\"col\" data-animate=\"fadeInUp\">\n\t\t\t\t\t\t<div class=\"col-inner\">\n\t\t\t\t\t\t\n<div class=\"badge-container badge-custom absolute right top z-1\">\n\n<\/div>\n\t\t\t\t\t\t<div class=\"product-small box margin-auto has-hover box-normal box-text-bottom\">\n\t\t\t\t\t\t\t<div class=\"box-image\" >\n\t\t\t\t\t\t\t\t<div class=\"\" >\n\t\t\t\t\t\t\t\t\t<a href=\"https:\/\/schaumweinkontor.com\/en\/produkt\/rocca-dei-forti-prosecco-rose-doc-millesimato-075-l\/\" aria-label=\"Rocca dei Forti Prosecco Ros\u00e9 DOC Millesimato 0,75 L\">\n\t\t\t\t\t\t\t\t\t\t<img loading=\"lazy\" decoding=\"async\" width=\"300\" height=\"300\" src=\"https:\/\/schaumweinkontor.com\/wp-content\/uploads\/2022\/04\/Rocca_dei_Forti_Prosecco-Rose-075l-1000x1000px_award-300x300.png\" class=\"attachment-medium size-medium\" alt=\"Rocca dei Forti Prosecco Ros\u00e9 DOC Millesimato 0,75 L\" srcset=\"https:\/\/schaumweinkontor.com\/wp-content\/uploads\/2022\/04\/Rocca_dei_Forti_Prosecco-Rose-075l-1000x1000px_award-300x300.png 300w, https:\/\/schaumweinkontor.com\/wp-content\/uploads\/2022\/04\/Rocca_dei_Forti_Prosecco-Rose-075l-1000x1000px_award-150x150.png 150w, https:\/\/schaumweinkontor.com\/wp-content\/uploads\/2022\/04\/Rocca_dei_Forti_Prosecco-Rose-075l-1000x1000px_award-768x768.png 768w, https:\/\/schaumweinkontor.com\/wp-content\/uploads\/2022\/04\/Rocca_dei_Forti_Prosecco-Rose-075l-1000x1000px_award-510x510.png 510w, https:\/\/schaumweinkontor.com\/wp-content\/uploads\/2022\/04\/Rocca_dei_Forti_Prosecco-Rose-075l-1000x1000px_award-100x100.png 100w, https:\/\/schaumweinkontor.com\/wp-content\/uploads\/2022\/04\/Rocca_dei_Forti_Prosecco-Rose-075l-1000x1000px_award.png 1000w\" sizes=\"auto, (max-width: 300px) 100vw, 300px\" \/>\t\t\t\t\t\t\t\t\t<\/a>\n\t\t\t\t\t\t\t\t\t\t\t\t\t\t\t\t\t\t \t\t\t\t\t\t\t\t<\/div>\n\t\t\t\t\t\t\t\t<div class=\"image-tools top right show-on-hover\">\n\t\t\t\t\t\t\t\t\t\t\t\t\t\t\t\t\t<\/div>\n\t\t\t\t\t\t\t\t\t\t\t\t\t\t\t\t\t<div class=\"image-tools grid-tools text-center hide-for-small bottom hover-slide-in show-on-hover\">\n\t\t\t\t\t\t\t\t\t\t\t\t\t\t\t\t\t\t\t<\/div>\n\t\t\t\t\t\t\t\t\t\t\t\t\t\t\t\t\t\t\t\t\t\t\t<\/div>\n\n\t\t\t\t\t\t\t<div class=\"box-text text-center\" >\n\t\t\t\t\t\t\t\t<div class=\"title-wrapper\">\t\t<p class=\"category uppercase is-smaller no-text-overflow product-cat op-7\">\n\t\t\tProsecco\t\t<\/p>\n\t<p class=\"name product-title woocommerce-loop-product__title\"><a href=\"https:\/\/schaumweinkontor.com\/en\/produkt\/rocca-dei-forti-prosecco-rose-doc-millesimato-075-l\/\" class=\"woocommerce-LoopProduct-link woocommerce-loop-product__link\">Rocca dei Forti Prosecco Ros\u00e9 DOC Millesimato 0,75 L<\/a><\/p><\/div><div class=\"price-wrapper\">\n\t<span class=\"price\"><span class=\"woocommerce-Price-amount amount\" role=\"none\"><bdi><span class=\"woocommerce-Price-currencySymbol\">&euro;<\/span>&nbsp;8,90<\/bdi><\/span> <small class=\"woocommerce-price-suffix\">inkl. MwSt.<\/small><\/span>\n<\/div><div class=\"add-to-cart-button\"><a href=\"\/en\/wp-json\/wp\/v2\/pages\/4628?add-to-cart=4802\" aria-describedby=\"woocommerce_loop_add_to_cart_link_describedby_4802\" data-quantity=\"1\" class=\"primary is-small mb-0 button product_type_simple add_to_cart_button ajax_add_to_cart is-outline\" data-product_id=\"4802\" data-product_sku=\"100300102\" aria-label=\"Add to cart: &ldquo;Rocca dei Forti Prosecco Ros\u00e9 DOC Millesimato 0,75 L&rdquo;\" rel=\"nofollow\" data-success_message=\"&ldquo;Rocca dei Forti Prosecco Ros\u00e9 DOC Millesimato 0,75 L&rdquo; has been added to your cart\" role=\"button\">Add to cart<\/a><\/div>\t<span id=\"woocommerce_loop_add_to_cart_link_describedby_4802\" class=\"screen-reader-text\">\n\t\t\t<\/span>\n\t\t\t\t\t\t\t<\/div>\n\t\t\t\t\t\t<\/div>\n\t\t\t\t\t\t<\/div>\n\t\t\t\t\t<\/div><\/div>\n\n<div class=\"text-center\"><div class=\"is-divider divider clearfix\" style=\"margin-top:3em;margin-bottom:3em;max-width:100%;height:2px;background-color:rgba(183, 149, 73, 0.419);\"><\/div><\/div>\n\n\n\t\t<\/div>\n\t\t\t\t\t<\/div>\n\n\t\n\n\n<style>\n#row-900440088 > .col > .col-inner {\n  padding: 0px 0px 0px 0px;\n}\n@media (min-width:550px) {\n  #row-900440088 > .col > .col-inner {\n    padding: 15px 0px 0px 0px;\n  }\n}\n<\/style>\n<\/div>\n\t<section class=\"section bg_winzer show-for-medium\" id=\"section_220156066\">\n\t\t<div class=\"bg section-bg fill bg-fill  \" >\n\n\t\t\t\n\t\t\t\n\t\t\t\n\n\t\t<\/div>\n\n\t\t\n\n\t\t<div class=\"section-content relative\">\n\t\t\t\n\n<div class=\"row row-collapse row-full-width align-middle align-center\"  id=\"row-850586375\">\n\n\n\t<div id=\"col-1660787481\" class=\"col small-12 large-12\"  >\n\t\t\t\t<div class=\"col-inner\"  >\n\t\t\t\n\t\t\t\n\n\t<div id=\"text-201343613\" class=\"text\">\n\t\t\n\n<h2 id=\"goddess-mobile\" class=\"uppercase\" style=\"text-align: center;\"><span style=\"font-size: 90%;\">Sun Goddess DOC<\/span><\/h2>\n\t\t\n<style>\n#text-201343613 {\n  font-size: 1rem;\n  line-height: 0.75;\n}\n<\/style>\n\t<\/div>\n\t\n\n\t\t<\/div>\n\t\t\t\t\t<\/div>\n\n\t\n\n\n<style>\n#row-850586375 > .col > .col-inner {\n  padding: 0 0px 0px 0px;\n}\n@media (min-width:550px) {\n  #row-850586375 > .col > .col-inner {\n    padding: 15px 0px 0px 0px;\n  }\n}\n<\/style>\n<\/div>\n\n\t\t<\/div>\n\n\t\t\n<style>\n#section_220156066 {\n  padding-top: 35px;\n  padding-bottom: 35px;\n  margin-bottom: 30px;\n}\n#section_220156066 .section-bg.bg-loaded {\n  background-image: url(https:\/\/schaumweinkontor.com\/wp-content\/uploads\/2022\/06\/landscape-illu-gold-transp.png);\n}\n@media (min-width:550px) {\n  #section_220156066 {\n    padding-top: 20px;\n    padding-bottom: 20px;\n  }\n}\n<\/style>\n\t<\/section>\n\t\n<div class=\"row row-collapse row-full-width align-middle align-center margin-auto\"  id=\"row-1995352527\">\n\n\n\t<div id=\"col-828704492\" class=\"col small-12 large-12\"  >\n\t\t\t\t<div class=\"col-inner\"  >\n\t\t\t\n\t\t\t\n\n\n  \n    <div class=\"row margin-auto equalize-box show-for-small large-columns-3 medium-columns- small-columns-1 row-large has-shadow row-box-shadow-2 row-box-shadow-4-hover\" >\n  \t<\/div>\n\n\n  \n    <div class=\"row margin-auto equalize-box show-for-medium hide-for-small large-columns-3 medium-columns-2 small-columns-1 row-large has-shadow row-box-shadow-2 row-box-shadow-4-hover\" >\n  \t<\/div>\n\n\n\t\t<\/div>\n\t\t\t\t\t<\/div>\n\n\t\n\n<\/div>\n<div class=\"text-center\"><div class=\"is-divider divider clearfix\" style=\"margin-top:3em;margin-bottom:3em;max-width:100%;height:2px;background-color:rgba(183, 149, 73, 0.419);\"><\/div><\/div>\n\n\t<section class=\"section bg_winzer show-for-medium\" id=\"section_102343591\">\n\t\t<div class=\"bg section-bg fill bg-fill  \" >\n\n\t\t\t\n\t\t\t\n\t\t\t\n\n\t\t<\/div>\n\n\t\t\n\n\t\t<div class=\"section-content relative\">\n\t\t\t\n\n<div class=\"row row-collapse row-full-width align-middle align-center\"  id=\"row-428746501\">\n\n\n\t<div id=\"col-1880122147\" class=\"col small-12 large-12\"  >\n\t\t\t\t<div class=\"col-inner\"  >\n\t\t\t\n\t\t\t\n\n<div id=\"vigne-matte-mobile\">\n<h2 class=\"uppercase\" style=\"text-align: center;\"><span style=\"font-size: 90%;\">Vigne Matte DOCG<\/span><\/h2>\n<p>\u00a0<\/p>\n<\/div>\n\n\t\t<\/div>\n\t\t\t\t\t<\/div>\n\n\t\n\n\n<style>\n#row-428746501 > .col > .col-inner {\n  padding: 15px 0px 0px 0px;\n}\n<\/style>\n<\/div>\n\n\t\t<\/div>\n\n\t\t\n<style>\n#section_102343591 {\n  padding-top: 20px;\n  padding-bottom: 20px;\n  margin-bottom: 0px;\n}\n#section_102343591 .section-bg.bg-loaded {\n  background-image: url(https:\/\/schaumweinkontor.com\/wp-content\/uploads\/2022\/06\/landscape-illu-gold-transp.png);\n}\n<\/style>\n\t<\/section>\n\t\n<div class=\"row row-collapse row-full-width align-middle align-center\"  id=\"row-408587411\">\n\n\n\t<div id=\"col-411514846\" class=\"col small-12 large-12\"  >\n\t\t\t\t<div class=\"col-inner\"  >\n\t\t\t\n\t\t\t\n\n\n  \n    <div class=\"row margin-auto equalize-box show-for-small large-columns-3 medium-columns- small-columns-1 row-large has-shadow row-box-shadow-2 row-box-shadow-4-hover\" >\n  \t\n\t     <div class=\"col\" data-animate=\"fadeInUp\">\n\t\t\t\t\t\t<div class=\"col-inner\">\n\t\t\t\t\t\t\n<div class=\"badge-container badge-custom absolute right top z-1\">\n<div class=\"callout badge badge-circle\"><div class=\"badge-inner secondary on-sale\"><span class=\"onsale\">Sale!<\/span><\/div><\/div>\n<\/div>\n\t\t\t\t\t\t<div class=\"product-small box margin-auto has-hover box-vertical box-text-bottom\">\n\t\t\t\t\t\t\t<div class=\"box-image\" >\n\t\t\t\t\t\t\t\t<div class=\"\" >\n\t\t\t\t\t\t\t\t\t<a href=\"https:\/\/schaumweinkontor.com\/en\/produkt\/vigne-matte-prosecco-docg-extra-brut-075-l\/\" aria-label=\"Vigne Matte Prosecco DOCG Extra Brut 0,75 L\">\n\t\t\t\t\t\t\t\t\t\t<img loading=\"lazy\" decoding=\"async\" width=\"300\" height=\"300\" src=\"https:\/\/schaumweinkontor.com\/wp-content\/uploads\/2022\/11\/Vigne-Matte-neu-300x300.png\" class=\"attachment-medium size-medium\" alt=\"Vigne Matte Prosecco DOCG Extra Brut 0,75 L\" srcset=\"https:\/\/schaumweinkontor.com\/wp-content\/uploads\/2022\/11\/Vigne-Matte-neu-300x300.png 300w, https:\/\/schaumweinkontor.com\/wp-content\/uploads\/2022\/11\/Vigne-Matte-neu-100x100.png 100w, https:\/\/schaumweinkontor.com\/wp-content\/uploads\/2022\/11\/Vigne-Matte-neu-510x510.png 510w, https:\/\/schaumweinkontor.com\/wp-content\/uploads\/2022\/11\/Vigne-Matte-neu-150x150.png 150w, https:\/\/schaumweinkontor.com\/wp-content\/uploads\/2022\/11\/Vigne-Matte-neu-768x768.png 768w, https:\/\/schaumweinkontor.com\/wp-content\/uploads\/2022\/11\/Vigne-Matte-neu.png 1000w\" sizes=\"auto, (max-width: 300px) 100vw, 300px\" \/>\t\t\t\t\t\t\t\t\t<\/a>\n\t\t\t\t\t\t\t\t\t\t\t\t\t\t\t\t\t\t \t\t\t\t\t\t\t\t<\/div>\n\t\t\t\t\t\t\t\t<div class=\"image-tools top right show-on-hover\">\n\t\t\t\t\t\t\t\t\t\t\t\t\t\t\t\t\t<\/div>\n\t\t\t\t\t\t\t\t\t\t\t\t\t\t\t\t\t<div class=\"image-tools grid-tools text-center hide-for-small bottom hover-slide-in show-on-hover\">\n\t\t\t\t\t\t\t\t\t\t\t\t\t\t\t\t\t\t\t<\/div>\n\t\t\t\t\t\t\t\t\t\t\t\t\t\t\t\t\t\t\t\t\t\t\t<\/div>\n\n\t\t\t\t\t\t\t<div class=\"box-text text-center\" >\n\t\t\t\t\t\t\t\t<div class=\"title-wrapper\">\t\t<p class=\"category uppercase is-smaller no-text-overflow product-cat op-7\">\n\t\t\tVigne Matte DOCG\t\t<\/p>\n\t<p class=\"name product-title woocommerce-loop-product__title\"><a href=\"https:\/\/schaumweinkontor.com\/en\/produkt\/vigne-matte-prosecco-docg-extra-brut-075-l\/\" class=\"woocommerce-LoopProduct-link woocommerce-loop-product__link\">Vigne Matte Prosecco DOCG Extra Brut 0,75 L<\/a><\/p><\/div><div class=\"price-wrapper\">\n\t<span class=\"price\"><del aria-hidden=\"true\"><span class=\"woocommerce-Price-amount amount\" role=\"none\"><bdi><span class=\"woocommerce-Price-currencySymbol\">&euro;<\/span>&nbsp;14,50<\/bdi><\/span><\/del> <span class=\"screen-reader-text\">Original price was: &euro;&nbsp;14,50.<\/span><ins aria-hidden=\"true\"><span class=\"woocommerce-Price-amount amount\" role=\"none\"><bdi><span class=\"woocommerce-Price-currencySymbol\">&euro;<\/span>&nbsp;10,15<\/bdi><\/span><\/ins><span class=\"screen-reader-text\">Current price is: &euro;&nbsp;10,15.<\/span> <small class=\"woocommerce-price-suffix\">inkl. MwSt.<\/small><\/span>\n<\/div><div class=\"add-to-cart-button\"><a href=\"\/en\/wp-json\/wp\/v2\/pages\/4628?add-to-cart=4727\" aria-describedby=\"woocommerce_loop_add_to_cart_link_describedby_4727\" data-quantity=\"1\" class=\"primary is-small mb-0 button product_type_simple add_to_cart_button ajax_add_to_cart is-outline\" data-product_id=\"4727\" data-product_sku=\"100300297\" aria-label=\"Add to cart: &ldquo;Vigne Matte Prosecco DOCG Extra Brut 0,75 L&rdquo;\" rel=\"nofollow\" data-success_message=\"&ldquo;Vigne Matte Prosecco DOCG Extra Brut 0,75 L&rdquo; has been added to your cart\" role=\"button\">Add to cart<\/a><\/div>\t<span id=\"woocommerce_loop_add_to_cart_link_describedby_4727\" class=\"screen-reader-text\">\n\t\t\t<\/span>\n\t\t\t\t\t\t\t<\/div>\n\t\t\t\t\t\t<\/div>\n\t\t\t\t\t\t<\/div>\n\t\t\t\t\t<\/div><div class=\"col\" data-animate=\"fadeInUp\">\n\t\t\t\t\t\t<div class=\"col-inner\">\n\t\t\t\t\t\t\n<div class=\"badge-container badge-custom absolute right top z-1\">\n<div class=\"callout badge badge-circle\"><div class=\"badge-inner secondary on-sale\"><span class=\"onsale\">Sale!<\/span><\/div><\/div>\n<\/div>\n\t\t\t\t\t\t<div class=\"product-small box margin-auto has-hover box-vertical box-text-bottom\">\n\t\t\t\t\t\t\t<div class=\"box-image\" >\n\t\t\t\t\t\t\t\t<div class=\"\" >\n\t\t\t\t\t\t\t\t\t<a href=\"https:\/\/schaumweinkontor.com\/en\/produkt\/vigne-matte-prosecco-docg-millesimatte-extra-dry-2021-075-l\/\" aria-label=\"Vigne Matte Prosecco DOCG \u2018MillesiMatte\u2019 Extra Dry 2021 0,75 L\">\n\t\t\t\t\t\t\t\t\t\t<img loading=\"lazy\" decoding=\"async\" width=\"300\" height=\"300\" src=\"https:\/\/schaumweinkontor.com\/wp-content\/uploads\/2022\/11\/Vigne-Matte-Millesimatte-075-1000x1000px-300x300.png\" class=\"attachment-medium size-medium\" alt=\"Vigne Matte Prosecco DOCG \u2018MillesiMatte\u2019 Extra Dry 2021 0,75 L\" srcset=\"https:\/\/schaumweinkontor.com\/wp-content\/uploads\/2022\/11\/Vigne-Matte-Millesimatte-075-1000x1000px-300x300.png 300w, https:\/\/schaumweinkontor.com\/wp-content\/uploads\/2022\/11\/Vigne-Matte-Millesimatte-075-1000x1000px-100x100.png 100w, https:\/\/schaumweinkontor.com\/wp-content\/uploads\/2022\/11\/Vigne-Matte-Millesimatte-075-1000x1000px-510x510.png 510w, https:\/\/schaumweinkontor.com\/wp-content\/uploads\/2022\/11\/Vigne-Matte-Millesimatte-075-1000x1000px-150x150.png 150w, https:\/\/schaumweinkontor.com\/wp-content\/uploads\/2022\/11\/Vigne-Matte-Millesimatte-075-1000x1000px-768x768.png 768w, https:\/\/schaumweinkontor.com\/wp-content\/uploads\/2022\/11\/Vigne-Matte-Millesimatte-075-1000x1000px.png 1000w\" sizes=\"auto, (max-width: 300px) 100vw, 300px\" \/>\t\t\t\t\t\t\t\t\t<\/a>\n\t\t\t\t\t\t\t\t\t\t\t\t\t\t\t\t\t\t \t\t\t\t\t\t\t\t<\/div>\n\t\t\t\t\t\t\t\t<div class=\"image-tools top right show-on-hover\">\n\t\t\t\t\t\t\t\t\t\t\t\t\t\t\t\t\t<\/div>\n\t\t\t\t\t\t\t\t\t\t\t\t\t\t\t\t\t<div class=\"image-tools grid-tools text-center hide-for-small bottom hover-slide-in show-on-hover\">\n\t\t\t\t\t\t\t\t\t\t\t\t\t\t\t\t\t\t\t<\/div>\n\t\t\t\t\t\t\t\t\t\t\t\t\t\t\t\t\t\t\t\t\t\t\t<\/div>\n\n\t\t\t\t\t\t\t<div class=\"box-text text-center\" >\n\t\t\t\t\t\t\t\t<div class=\"title-wrapper\">\t\t<p class=\"category uppercase is-smaller no-text-overflow product-cat op-7\">\n\t\t\tVigne Matte DOCG\t\t<\/p>\n\t<p class=\"name product-title woocommerce-loop-product__title\"><a href=\"https:\/\/schaumweinkontor.com\/en\/produkt\/vigne-matte-prosecco-docg-millesimatte-extra-dry-2021-075-l\/\" class=\"woocommerce-LoopProduct-link woocommerce-loop-product__link\">Vigne Matte Prosecco DOCG \u2018MillesiMatte\u2019 Extra Dry 2021 0,75 L<\/a><\/p><\/div><div class=\"price-wrapper\">\n\t<span class=\"price\"><del aria-hidden=\"true\"><span class=\"woocommerce-Price-amount amount\" role=\"none\"><bdi><span class=\"woocommerce-Price-currencySymbol\">&euro;<\/span>&nbsp;15,40<\/bdi><\/span><\/del> <span class=\"screen-reader-text\">Original price was: &euro;&nbsp;15,40.<\/span><ins aria-hidden=\"true\"><span class=\"woocommerce-Price-amount amount\" role=\"none\"><bdi><span class=\"woocommerce-Price-currencySymbol\">&euro;<\/span>&nbsp;10,78<\/bdi><\/span><\/ins><span class=\"screen-reader-text\">Current price is: &euro;&nbsp;10,78.<\/span> <small class=\"woocommerce-price-suffix\">inkl. MwSt.<\/small><\/span>\n<\/div><div class=\"add-to-cart-button\"><a href=\"\/en\/wp-json\/wp\/v2\/pages\/4628?add-to-cart=4726\" aria-describedby=\"woocommerce_loop_add_to_cart_link_describedby_4726\" data-quantity=\"1\" class=\"primary is-small mb-0 button product_type_simple add_to_cart_button ajax_add_to_cart is-outline\" data-product_id=\"4726\" data-product_sku=\"100300298\" aria-label=\"Add to cart: &ldquo;Vigne Matte Prosecco DOCG \u2018MillesiMatte\u2019 Extra Dry 2021 0,75 L&rdquo;\" rel=\"nofollow\" data-success_message=\"&ldquo;Vigne Matte Prosecco DOCG \u2018MillesiMatte\u2019 Extra Dry 2021 0,75 L&rdquo; has been added to your cart\" role=\"button\">Add to cart<\/a><\/div>\t<span id=\"woocommerce_loop_add_to_cart_link_describedby_4726\" class=\"screen-reader-text\">\n\t\t\t<\/span>\n\t\t\t\t\t\t\t<\/div>\n\t\t\t\t\t\t<\/div>\n\t\t\t\t\t\t<\/div>\n\t\t\t\t\t<\/div><div class=\"col\" data-animate=\"fadeInUp\">\n\t\t\t\t\t\t<div class=\"col-inner\">\n\t\t\t\t\t\t\n<div class=\"badge-container badge-custom absolute right top z-1\">\n<div class=\"callout badge badge-circle\"><div class=\"badge-inner secondary on-sale\"><span class=\"onsale\">Sale!<\/span><\/div><\/div>\n<\/div>\n\t\t\t\t\t\t<div class=\"product-small box margin-auto has-hover box-vertical box-text-bottom\">\n\t\t\t\t\t\t\t<div class=\"box-image\" >\n\t\t\t\t\t\t\t\t<div class=\"\" >\n\t\t\t\t\t\t\t\t\t<a href=\"https:\/\/schaumweinkontor.com\/en\/produkt\/vigne-matte-prosecco-docg-extra-brut-15-l-magnum\/\" aria-label=\"Vigne Matte Prosecco DOCG Extra Brut 1,5 L Magnum\">\n\t\t\t\t\t\t\t\t\t\t<img loading=\"lazy\" decoding=\"async\" width=\"300\" height=\"300\" src=\"https:\/\/schaumweinkontor.com\/wp-content\/uploads\/2022\/11\/Vigne-Matte-Extra-Brut-075-1000x1000px-300x300.png\" class=\"attachment-medium size-medium\" alt=\"Vigne Matte Prosecco DOCG Extra Brut 1,5 L Magnum\" srcset=\"https:\/\/schaumweinkontor.com\/wp-content\/uploads\/2022\/11\/Vigne-Matte-Extra-Brut-075-1000x1000px-300x300.png 300w, https:\/\/schaumweinkontor.com\/wp-content\/uploads\/2022\/11\/Vigne-Matte-Extra-Brut-075-1000x1000px-100x100.png 100w, https:\/\/schaumweinkontor.com\/wp-content\/uploads\/2022\/11\/Vigne-Matte-Extra-Brut-075-1000x1000px-510x509.png 510w, https:\/\/schaumweinkontor.com\/wp-content\/uploads\/2022\/11\/Vigne-Matte-Extra-Brut-075-1000x1000px-150x150.png 150w, https:\/\/schaumweinkontor.com\/wp-content\/uploads\/2022\/11\/Vigne-Matte-Extra-Brut-075-1000x1000px-768x767.png 768w, https:\/\/schaumweinkontor.com\/wp-content\/uploads\/2022\/11\/Vigne-Matte-Extra-Brut-075-1000x1000px.png 1001w\" sizes=\"auto, (max-width: 300px) 100vw, 300px\" \/>\t\t\t\t\t\t\t\t\t<\/a>\n\t\t\t\t\t\t\t\t\t\t\t\t\t\t\t\t\t\t \t\t\t\t\t\t\t\t<\/div>\n\t\t\t\t\t\t\t\t<div class=\"image-tools top right show-on-hover\">\n\t\t\t\t\t\t\t\t\t\t\t\t\t\t\t\t\t<\/div>\n\t\t\t\t\t\t\t\t\t\t\t\t\t\t\t\t\t<div class=\"image-tools grid-tools text-center hide-for-small bottom hover-slide-in show-on-hover\">\n\t\t\t\t\t\t\t\t\t\t\t\t\t\t\t\t\t\t\t<\/div>\n\t\t\t\t\t\t\t\t\t\t\t\t\t\t\t\t\t\t\t\t\t\t\t<\/div>\n\n\t\t\t\t\t\t\t<div class=\"box-text text-center\" >\n\t\t\t\t\t\t\t\t<div class=\"title-wrapper\">\t\t<p class=\"category uppercase is-smaller no-text-overflow product-cat op-7\">\n\t\t\tspecial formats\t\t<\/p>\n\t<p class=\"name product-title woocommerce-loop-product__title\"><a href=\"https:\/\/schaumweinkontor.com\/en\/produkt\/vigne-matte-prosecco-docg-extra-brut-15-l-magnum\/\" class=\"woocommerce-LoopProduct-link woocommerce-loop-product__link\">Vigne Matte Prosecco DOCG Extra Brut 1,5 L Magnum<\/a><\/p><\/div><div class=\"price-wrapper\">\n\t<span class=\"price\"><del aria-hidden=\"true\"><span class=\"woocommerce-Price-amount amount\" role=\"none\"><bdi><span class=\"woocommerce-Price-currencySymbol\">&euro;<\/span>&nbsp;33,00<\/bdi><\/span><\/del> <span class=\"screen-reader-text\">Original price was: &euro;&nbsp;33,00.<\/span><ins aria-hidden=\"true\"><span class=\"woocommerce-Price-amount amount\" role=\"none\"><bdi><span class=\"woocommerce-Price-currencySymbol\">&euro;<\/span>&nbsp;23,10<\/bdi><\/span><\/ins><span class=\"screen-reader-text\">Current price is: &euro;&nbsp;23,10.<\/span> <small class=\"woocommerce-price-suffix\">inkl. MwSt.<\/small><\/span>\n<\/div><div class=\"add-to-cart-button\"><a href=\"\/en\/wp-json\/wp\/v2\/pages\/4628?add-to-cart=4672\" aria-describedby=\"woocommerce_loop_add_to_cart_link_describedby_4672\" data-quantity=\"1\" class=\"primary is-small mb-0 button product_type_simple add_to_cart_button ajax_add_to_cart is-outline\" data-product_id=\"4672\" data-product_sku=\"100300299\" aria-label=\"Add to cart: &ldquo;Vigne Matte Prosecco DOCG Extra Brut 1,5 L Magnum&rdquo;\" rel=\"nofollow\" data-success_message=\"&ldquo;Vigne Matte Prosecco DOCG Extra Brut 1,5 L Magnum&rdquo; has been added to your cart\" role=\"button\">Add to cart<\/a><\/div>\t<span id=\"woocommerce_loop_add_to_cart_link_describedby_4672\" class=\"screen-reader-text\">\n\t\t\t<\/span>\n\t\t\t\t\t\t\t<\/div>\n\t\t\t\t\t\t<\/div>\n\t\t\t\t\t\t<\/div>\n\t\t\t\t\t<\/div><\/div>\n\n\n  \n    <div class=\"row margin-auto equalize-box show-for-medium hide-for-small large-columns-3 medium-columns-2 small-columns-1 row-large has-shadow row-box-shadow-2 row-box-shadow-4-hover\" >\n  \t\n\t     <div class=\"col\" data-animate=\"fadeInUp\">\n\t\t\t\t\t\t<div class=\"col-inner\">\n\t\t\t\t\t\t\n<div class=\"badge-container badge-custom absolute right top z-1\">\n<div class=\"callout badge badge-circle\"><div class=\"badge-inner secondary on-sale\"><span class=\"onsale\">Sale!<\/span><\/div><\/div>\n<\/div>\n\t\t\t\t\t\t<div class=\"product-small box margin-auto has-hover box-normal box-text-bottom\">\n\t\t\t\t\t\t\t<div class=\"box-image\" >\n\t\t\t\t\t\t\t\t<div class=\"\" >\n\t\t\t\t\t\t\t\t\t<a href=\"https:\/\/schaumweinkontor.com\/en\/produkt\/vigne-matte-prosecco-docg-extra-brut-075-l\/\" aria-label=\"Vigne Matte Prosecco DOCG Extra Brut 0,75 L\">\n\t\t\t\t\t\t\t\t\t\t<img loading=\"lazy\" decoding=\"async\" width=\"300\" height=\"300\" src=\"https:\/\/schaumweinkontor.com\/wp-content\/uploads\/2022\/11\/Vigne-Matte-neu-300x300.png\" class=\"attachment-medium size-medium\" alt=\"Vigne Matte Prosecco DOCG Extra Brut 0,75 L\" srcset=\"https:\/\/schaumweinkontor.com\/wp-content\/uploads\/2022\/11\/Vigne-Matte-neu-300x300.png 300w, https:\/\/schaumweinkontor.com\/wp-content\/uploads\/2022\/11\/Vigne-Matte-neu-100x100.png 100w, https:\/\/schaumweinkontor.com\/wp-content\/uploads\/2022\/11\/Vigne-Matte-neu-510x510.png 510w, https:\/\/schaumweinkontor.com\/wp-content\/uploads\/2022\/11\/Vigne-Matte-neu-150x150.png 150w, https:\/\/schaumweinkontor.com\/wp-content\/uploads\/2022\/11\/Vigne-Matte-neu-768x768.png 768w, https:\/\/schaumweinkontor.com\/wp-content\/uploads\/2022\/11\/Vigne-Matte-neu.png 1000w\" sizes=\"auto, (max-width: 300px) 100vw, 300px\" \/>\t\t\t\t\t\t\t\t\t<\/a>\n\t\t\t\t\t\t\t\t\t\t\t\t\t\t\t\t\t\t \t\t\t\t\t\t\t\t<\/div>\n\t\t\t\t\t\t\t\t<div class=\"image-tools top right show-on-hover\">\n\t\t\t\t\t\t\t\t\t\t\t\t\t\t\t\t\t<\/div>\n\t\t\t\t\t\t\t\t\t\t\t\t\t\t\t\t\t<div class=\"image-tools grid-tools text-center hide-for-small bottom hover-slide-in show-on-hover\">\n\t\t\t\t\t\t\t\t\t\t\t\t\t\t\t\t\t\t\t<\/div>\n\t\t\t\t\t\t\t\t\t\t\t\t\t\t\t\t\t\t\t\t\t\t\t<\/div>\n\n\t\t\t\t\t\t\t<div class=\"box-text text-center\" >\n\t\t\t\t\t\t\t\t<div class=\"title-wrapper\">\t\t<p class=\"category uppercase is-smaller no-text-overflow product-cat op-7\">\n\t\t\tVigne Matte DOCG\t\t<\/p>\n\t<p class=\"name product-title woocommerce-loop-product__title\"><a href=\"https:\/\/schaumweinkontor.com\/en\/produkt\/vigne-matte-prosecco-docg-extra-brut-075-l\/\" class=\"woocommerce-LoopProduct-link woocommerce-loop-product__link\">Vigne Matte Prosecco DOCG Extra Brut 0,75 L<\/a><\/p><\/div><div class=\"price-wrapper\">\n\t<span class=\"price\"><del aria-hidden=\"true\"><span class=\"woocommerce-Price-amount amount\" role=\"none\"><bdi><span class=\"woocommerce-Price-currencySymbol\">&euro;<\/span>&nbsp;14,50<\/bdi><\/span><\/del> <span class=\"screen-reader-text\">Original price was: &euro;&nbsp;14,50.<\/span><ins aria-hidden=\"true\"><span class=\"woocommerce-Price-amount amount\" role=\"none\"><bdi><span class=\"woocommerce-Price-currencySymbol\">&euro;<\/span>&nbsp;10,15<\/bdi><\/span><\/ins><span class=\"screen-reader-text\">Current price is: &euro;&nbsp;10,15.<\/span> <small class=\"woocommerce-price-suffix\">inkl. MwSt.<\/small><\/span>\n<\/div><div class=\"add-to-cart-button\"><a href=\"\/en\/wp-json\/wp\/v2\/pages\/4628?add-to-cart=4727\" aria-describedby=\"woocommerce_loop_add_to_cart_link_describedby_4727\" data-quantity=\"1\" class=\"primary is-small mb-0 button product_type_simple add_to_cart_button ajax_add_to_cart is-outline\" data-product_id=\"4727\" data-product_sku=\"100300297\" aria-label=\"Add to cart: &ldquo;Vigne Matte Prosecco DOCG Extra Brut 0,75 L&rdquo;\" rel=\"nofollow\" data-success_message=\"&ldquo;Vigne Matte Prosecco DOCG Extra Brut 0,75 L&rdquo; has been added to your cart\" role=\"button\">Add to cart<\/a><\/div>\t<span id=\"woocommerce_loop_add_to_cart_link_describedby_4727\" class=\"screen-reader-text\">\n\t\t\t<\/span>\n\t\t\t\t\t\t\t<\/div>\n\t\t\t\t\t\t<\/div>\n\t\t\t\t\t\t<\/div>\n\t\t\t\t\t<\/div><div class=\"col\" data-animate=\"fadeInUp\">\n\t\t\t\t\t\t<div class=\"col-inner\">\n\t\t\t\t\t\t\n<div class=\"badge-container badge-custom absolute right top z-1\">\n<div class=\"callout badge badge-circle\"><div class=\"badge-inner secondary on-sale\"><span class=\"onsale\">Sale!<\/span><\/div><\/div>\n<\/div>\n\t\t\t\t\t\t<div class=\"product-small box margin-auto has-hover box-normal box-text-bottom\">\n\t\t\t\t\t\t\t<div class=\"box-image\" >\n\t\t\t\t\t\t\t\t<div class=\"\" >\n\t\t\t\t\t\t\t\t\t<a href=\"https:\/\/schaumweinkontor.com\/en\/produkt\/vigne-matte-prosecco-docg-millesimatte-extra-dry-2021-075-l\/\" aria-label=\"Vigne Matte Prosecco DOCG \u2018MillesiMatte\u2019 Extra Dry 2021 0,75 L\">\n\t\t\t\t\t\t\t\t\t\t<img loading=\"lazy\" decoding=\"async\" width=\"300\" height=\"300\" src=\"https:\/\/schaumweinkontor.com\/wp-content\/uploads\/2022\/11\/Vigne-Matte-Millesimatte-075-1000x1000px-300x300.png\" class=\"attachment-medium size-medium\" alt=\"Vigne Matte Prosecco DOCG \u2018MillesiMatte\u2019 Extra Dry 2021 0,75 L\" srcset=\"https:\/\/schaumweinkontor.com\/wp-content\/uploads\/2022\/11\/Vigne-Matte-Millesimatte-075-1000x1000px-300x300.png 300w, https:\/\/schaumweinkontor.com\/wp-content\/uploads\/2022\/11\/Vigne-Matte-Millesimatte-075-1000x1000px-100x100.png 100w, https:\/\/schaumweinkontor.com\/wp-content\/uploads\/2022\/11\/Vigne-Matte-Millesimatte-075-1000x1000px-510x510.png 510w, https:\/\/schaumweinkontor.com\/wp-content\/uploads\/2022\/11\/Vigne-Matte-Millesimatte-075-1000x1000px-150x150.png 150w, https:\/\/schaumweinkontor.com\/wp-content\/uploads\/2022\/11\/Vigne-Matte-Millesimatte-075-1000x1000px-768x768.png 768w, https:\/\/schaumweinkontor.com\/wp-content\/uploads\/2022\/11\/Vigne-Matte-Millesimatte-075-1000x1000px.png 1000w\" sizes=\"auto, (max-width: 300px) 100vw, 300px\" \/>\t\t\t\t\t\t\t\t\t<\/a>\n\t\t\t\t\t\t\t\t\t\t\t\t\t\t\t\t\t\t \t\t\t\t\t\t\t\t<\/div>\n\t\t\t\t\t\t\t\t<div class=\"image-tools top right show-on-hover\">\n\t\t\t\t\t\t\t\t\t\t\t\t\t\t\t\t\t<\/div>\n\t\t\t\t\t\t\t\t\t\t\t\t\t\t\t\t\t<div class=\"image-tools grid-tools text-center hide-for-small bottom hover-slide-in show-on-hover\">\n\t\t\t\t\t\t\t\t\t\t\t\t\t\t\t\t\t\t\t<\/div>\n\t\t\t\t\t\t\t\t\t\t\t\t\t\t\t\t\t\t\t\t\t\t\t<\/div>\n\n\t\t\t\t\t\t\t<div class=\"box-text text-center\" >\n\t\t\t\t\t\t\t\t<div class=\"title-wrapper\">\t\t<p class=\"category uppercase is-smaller no-text-overflow product-cat op-7\">\n\t\t\tVigne Matte DOCG\t\t<\/p>\n\t<p class=\"name product-title woocommerce-loop-product__title\"><a href=\"https:\/\/schaumweinkontor.com\/en\/produkt\/vigne-matte-prosecco-docg-millesimatte-extra-dry-2021-075-l\/\" class=\"woocommerce-LoopProduct-link woocommerce-loop-product__link\">Vigne Matte Prosecco DOCG \u2018MillesiMatte\u2019 Extra Dry 2021 0,75 L<\/a><\/p><\/div><div class=\"price-wrapper\">\n\t<span class=\"price\"><del aria-hidden=\"true\"><span class=\"woocommerce-Price-amount amount\" role=\"none\"><bdi><span class=\"woocommerce-Price-currencySymbol\">&euro;<\/span>&nbsp;15,40<\/bdi><\/span><\/del> <span class=\"screen-reader-text\">Original price was: &euro;&nbsp;15,40.<\/span><ins aria-hidden=\"true\"><span class=\"woocommerce-Price-amount amount\" role=\"none\"><bdi><span class=\"woocommerce-Price-currencySymbol\">&euro;<\/span>&nbsp;10,78<\/bdi><\/span><\/ins><span class=\"screen-reader-text\">Current price is: &euro;&nbsp;10,78.<\/span> <small class=\"woocommerce-price-suffix\">inkl. MwSt.<\/small><\/span>\n<\/div><div class=\"add-to-cart-button\"><a href=\"\/en\/wp-json\/wp\/v2\/pages\/4628?add-to-cart=4726\" aria-describedby=\"woocommerce_loop_add_to_cart_link_describedby_4726\" data-quantity=\"1\" class=\"primary is-small mb-0 button product_type_simple add_to_cart_button ajax_add_to_cart is-outline\" data-product_id=\"4726\" data-product_sku=\"100300298\" aria-label=\"Add to cart: &ldquo;Vigne Matte Prosecco DOCG \u2018MillesiMatte\u2019 Extra Dry 2021 0,75 L&rdquo;\" rel=\"nofollow\" data-success_message=\"&ldquo;Vigne Matte Prosecco DOCG \u2018MillesiMatte\u2019 Extra Dry 2021 0,75 L&rdquo; has been added to your cart\" role=\"button\">Add to cart<\/a><\/div>\t<span id=\"woocommerce_loop_add_to_cart_link_describedby_4726\" class=\"screen-reader-text\">\n\t\t\t<\/span>\n\t\t\t\t\t\t\t<\/div>\n\t\t\t\t\t\t<\/div>\n\t\t\t\t\t\t<\/div>\n\t\t\t\t\t<\/div><div class=\"col\" data-animate=\"fadeInUp\">\n\t\t\t\t\t\t<div class=\"col-inner\">\n\t\t\t\t\t\t\n<div class=\"badge-container badge-custom absolute right top z-1\">\n<div class=\"callout badge badge-circle\"><div class=\"badge-inner secondary on-sale\"><span class=\"onsale\">Sale!<\/span><\/div><\/div>\n<\/div>\n\t\t\t\t\t\t<div class=\"product-small box margin-auto has-hover box-normal box-text-bottom\">\n\t\t\t\t\t\t\t<div class=\"box-image\" >\n\t\t\t\t\t\t\t\t<div class=\"\" >\n\t\t\t\t\t\t\t\t\t<a href=\"https:\/\/schaumweinkontor.com\/en\/produkt\/vigne-matte-prosecco-docg-extra-brut-15-l-magnum\/\" aria-label=\"Vigne Matte Prosecco DOCG Extra Brut 1,5 L Magnum\">\n\t\t\t\t\t\t\t\t\t\t<img loading=\"lazy\" decoding=\"async\" width=\"300\" height=\"300\" src=\"https:\/\/schaumweinkontor.com\/wp-content\/uploads\/2022\/11\/Vigne-Matte-Extra-Brut-075-1000x1000px-300x300.png\" class=\"attachment-medium size-medium\" alt=\"Vigne Matte Prosecco DOCG Extra Brut 1,5 L Magnum\" srcset=\"https:\/\/schaumweinkontor.com\/wp-content\/uploads\/2022\/11\/Vigne-Matte-Extra-Brut-075-1000x1000px-300x300.png 300w, https:\/\/schaumweinkontor.com\/wp-content\/uploads\/2022\/11\/Vigne-Matte-Extra-Brut-075-1000x1000px-100x100.png 100w, https:\/\/schaumweinkontor.com\/wp-content\/uploads\/2022\/11\/Vigne-Matte-Extra-Brut-075-1000x1000px-510x509.png 510w, https:\/\/schaumweinkontor.com\/wp-content\/uploads\/2022\/11\/Vigne-Matte-Extra-Brut-075-1000x1000px-150x150.png 150w, https:\/\/schaumweinkontor.com\/wp-content\/uploads\/2022\/11\/Vigne-Matte-Extra-Brut-075-1000x1000px-768x767.png 768w, https:\/\/schaumweinkontor.com\/wp-content\/uploads\/2022\/11\/Vigne-Matte-Extra-Brut-075-1000x1000px.png 1001w\" sizes=\"auto, (max-width: 300px) 100vw, 300px\" \/>\t\t\t\t\t\t\t\t\t<\/a>\n\t\t\t\t\t\t\t\t\t\t\t\t\t\t\t\t\t\t \t\t\t\t\t\t\t\t<\/div>\n\t\t\t\t\t\t\t\t<div class=\"image-tools top right show-on-hover\">\n\t\t\t\t\t\t\t\t\t\t\t\t\t\t\t\t\t<\/div>\n\t\t\t\t\t\t\t\t\t\t\t\t\t\t\t\t\t<div class=\"image-tools grid-tools text-center hide-for-small bottom hover-slide-in show-on-hover\">\n\t\t\t\t\t\t\t\t\t\t\t\t\t\t\t\t\t\t\t<\/div>\n\t\t\t\t\t\t\t\t\t\t\t\t\t\t\t\t\t\t\t\t\t\t\t<\/div>\n\n\t\t\t\t\t\t\t<div class=\"box-text text-center\" >\n\t\t\t\t\t\t\t\t<div class=\"title-wrapper\">\t\t<p class=\"category uppercase is-smaller no-text-overflow product-cat op-7\">\n\t\t\tspecial formats\t\t<\/p>\n\t<p class=\"name product-title woocommerce-loop-product__title\"><a href=\"https:\/\/schaumweinkontor.com\/en\/produkt\/vigne-matte-prosecco-docg-extra-brut-15-l-magnum\/\" class=\"woocommerce-LoopProduct-link woocommerce-loop-product__link\">Vigne Matte Prosecco DOCG Extra Brut 1,5 L Magnum<\/a><\/p><\/div><div class=\"price-wrapper\">\n\t<span class=\"price\"><del aria-hidden=\"true\"><span class=\"woocommerce-Price-amount amount\" role=\"none\"><bdi><span class=\"woocommerce-Price-currencySymbol\">&euro;<\/span>&nbsp;33,00<\/bdi><\/span><\/del> <span class=\"screen-reader-text\">Original price was: &euro;&nbsp;33,00.<\/span><ins aria-hidden=\"true\"><span class=\"woocommerce-Price-amount amount\" role=\"none\"><bdi><span class=\"woocommerce-Price-currencySymbol\">&euro;<\/span>&nbsp;23,10<\/bdi><\/span><\/ins><span class=\"screen-reader-text\">Current price is: &euro;&nbsp;23,10.<\/span> <small class=\"woocommerce-price-suffix\">inkl. MwSt.<\/small><\/span>\n<\/div><div class=\"add-to-cart-button\"><a href=\"\/en\/wp-json\/wp\/v2\/pages\/4628?add-to-cart=4672\" aria-describedby=\"woocommerce_loop_add_to_cart_link_describedby_4672\" data-quantity=\"1\" class=\"primary is-small mb-0 button product_type_simple add_to_cart_button ajax_add_to_cart is-outline\" data-product_id=\"4672\" data-product_sku=\"100300299\" aria-label=\"Add to cart: &ldquo;Vigne Matte Prosecco DOCG Extra Brut 1,5 L Magnum&rdquo;\" rel=\"nofollow\" data-success_message=\"&ldquo;Vigne Matte Prosecco DOCG Extra Brut 1,5 L Magnum&rdquo; has been added to your cart\" role=\"button\">Add to cart<\/a><\/div>\t<span id=\"woocommerce_loop_add_to_cart_link_describedby_4672\" class=\"screen-reader-text\">\n\t\t\t<\/span>\n\t\t\t\t\t\t\t<\/div>\n\t\t\t\t\t\t<\/div>\n\t\t\t\t\t\t<\/div>\n\t\t\t\t\t<\/div><\/div>\n\n\n\t\t<\/div>\n\t\t\t\t\t<\/div>\n\n\t\n\n\n<style>\n#row-408587411 > .col > .col-inner {\n  padding: 15px 0px 0px 0px;\n}\n<\/style>\n<\/div>\n<div class=\"text-center\"><div class=\"is-divider divider clearfix\" style=\"margin-top:3em;margin-bottom:3em;max-width:100%;height:2px;background-color:rgba(183, 149, 73, 0.419);\"><\/div><\/div>\n\n\t<section class=\"section bg_winzer show-for-medium\" id=\"section_1758039966\">\n\t\t<div class=\"bg section-bg fill bg-fill  \" >\n\n\t\t\t\n\t\t\t\n\t\t\t\n\n\t\t<\/div>\n\n\t\t\n\n\t\t<div class=\"section-content relative\">\n\t\t\t\n\n<div class=\"row row-collapse row-full-width align-middle align-center\"  id=\"row-495829319\">\n\n\n\t<div id=\"col-679043252\" class=\"col small-12 large-12\"  >\n\t\t\t\t<div class=\"col-inner\"  >\n\t\t\t\n\t\t\t\n\n<div id=\"varaschin-mobile\">\n<h2 class=\"uppercase\" style=\"text-align: center;\"><span style=\"font-size: 90%;\">VARASCHIN DOCG<\/span><\/h2>\n<p>\u00a0<\/p>\n<\/div>\n\n\t\t<\/div>\n\t\t\t\t\t<\/div>\n\n\t\n\n\n<style>\n#row-495829319 > .col > .col-inner {\n  padding: 15px 0px 0px 0px;\n}\n<\/style>\n<\/div>\n\n\t\t<\/div>\n\n\t\t\n<style>\n#section_1758039966 {\n  padding-top: 20px;\n  padding-bottom: 20px;\n  margin-bottom: 0px;\n}\n#section_1758039966 .section-bg.bg-loaded {\n  background-image: url(https:\/\/schaumweinkontor.com\/wp-content\/uploads\/2022\/06\/landscape-illu-gold-transp.png);\n}\n<\/style>\n\t<\/section>\n\t\n<div class=\"row row-collapse row-full-width align-middle align-center\"  id=\"row-1886065072\">\n\n\n\t<div id=\"col-1048987845\" class=\"col small-12 large-12\"  >\n\t\t\t\t<div class=\"col-inner\"  >\n\t\t\t\n\t\t\t\n\n\n  \n    <div class=\"row margin-auto equalize-box show-for-small large-columns-3 medium-columns- small-columns-1 row-large has-shadow row-box-shadow-2 row-box-shadow-4-hover\" >\n  \t\n\t     <div class=\"col\" data-animate=\"fadeInUp\">\n\t\t\t\t\t\t<div class=\"col-inner\">\n\t\t\t\t\t\t\n<div class=\"badge-container badge-custom absolute right top z-1\">\n\n<\/div>\n\t\t\t\t\t\t<div class=\"product-small box margin-auto has-hover box-vertical box-text-bottom\">\n\t\t\t\t\t\t\t<div class=\"box-image\" >\n\t\t\t\t\t\t\t\t<div class=\"\" >\n\t\t\t\t\t\t\t\t\t<a href=\"https:\/\/schaumweinkontor.com\/en\/produkt\/varaschin-strada-chiesa-prosecco-docg-extra-dry-075-l\/\" aria-label=\"Varaschin Strada Chiesa Prosecco DOCG Extra Dry 0,75 L\">\n\t\t\t\t\t\t\t\t\t\t<img loading=\"lazy\" decoding=\"async\" width=\"300\" height=\"300\" src=\"https:\/\/schaumweinkontor.com\/wp-content\/uploads\/2023\/08\/Varaschin-Strada-Chiesa-Prosecco-300x300.png\" class=\"attachment-medium size-medium\" alt=\"Varaschin Strada Chiesa Prosecco DOCG Extra Dry 0,75 L\" srcset=\"https:\/\/schaumweinkontor.com\/wp-content\/uploads\/2023\/08\/Varaschin-Strada-Chiesa-Prosecco-300x300.png 300w, https:\/\/schaumweinkontor.com\/wp-content\/uploads\/2023\/08\/Varaschin-Strada-Chiesa-Prosecco-100x100.png 100w, https:\/\/schaumweinkontor.com\/wp-content\/uploads\/2023\/08\/Varaschin-Strada-Chiesa-Prosecco-510x510.png 510w, https:\/\/schaumweinkontor.com\/wp-content\/uploads\/2023\/08\/Varaschin-Strada-Chiesa-Prosecco-150x150.png 150w, https:\/\/schaumweinkontor.com\/wp-content\/uploads\/2023\/08\/Varaschin-Strada-Chiesa-Prosecco-768x768.png 768w, https:\/\/schaumweinkontor.com\/wp-content\/uploads\/2023\/08\/Varaschin-Strada-Chiesa-Prosecco.png 1000w\" sizes=\"auto, (max-width: 300px) 100vw, 300px\" \/>\t\t\t\t\t\t\t\t\t<\/a>\n\t\t\t\t\t\t\t\t\t\t\t\t\t\t\t\t\t\t \t\t\t\t\t\t\t\t<\/div>\n\t\t\t\t\t\t\t\t<div class=\"image-tools top right show-on-hover\">\n\t\t\t\t\t\t\t\t\t\t\t\t\t\t\t\t\t<\/div>\n\t\t\t\t\t\t\t\t\t\t\t\t\t\t\t\t\t<div class=\"image-tools grid-tools text-center hide-for-small bottom hover-slide-in show-on-hover\">\n\t\t\t\t\t\t\t\t\t\t\t\t\t\t\t\t\t\t\t<\/div>\n\t\t\t\t\t\t\t\t\t\t\t\t\t\t\t\t\t\t\t\t\t\t\t<\/div>\n\n\t\t\t\t\t\t\t<div class=\"box-text text-center\" >\n\t\t\t\t\t\t\t\t<div class=\"title-wrapper\">\t\t<p class=\"category uppercase is-smaller no-text-overflow product-cat op-7\">\n\t\t\tVaraschin DOCG\t\t<\/p>\n\t<p class=\"name product-title woocommerce-loop-product__title\"><a href=\"https:\/\/schaumweinkontor.com\/en\/produkt\/varaschin-strada-chiesa-prosecco-docg-extra-dry-075-l\/\" class=\"woocommerce-LoopProduct-link woocommerce-loop-product__link\">Varaschin Strada Chiesa Prosecco DOCG Extra Dry 0,75 L<\/a><\/p><\/div><div class=\"price-wrapper\">\n\t<span class=\"price\"><span class=\"woocommerce-Price-amount amount\" role=\"none\"><bdi><span class=\"woocommerce-Price-currencySymbol\">&euro;<\/span>&nbsp;11,80<\/bdi><\/span> <small class=\"woocommerce-price-suffix\">inkl. MwSt.<\/small><\/span>\n<\/div><div class=\"add-to-cart-button\"><a href=\"\/en\/wp-json\/wp\/v2\/pages\/4628?add-to-cart=4661\" aria-describedby=\"woocommerce_loop_add_to_cart_link_describedby_4661\" data-quantity=\"1\" class=\"primary is-small mb-0 button product_type_simple add_to_cart_button ajax_add_to_cart is-outline\" data-product_id=\"4661\" data-product_sku=\"100300361\" aria-label=\"Add to cart: &ldquo;Varaschin Strada Chiesa Prosecco DOCG Extra Dry 0,75 L&rdquo;\" rel=\"nofollow\" data-success_message=\"&ldquo;Varaschin Strada Chiesa Prosecco DOCG Extra Dry 0,75 L&rdquo; has been added to your cart\" role=\"button\">Add to cart<\/a><\/div>\t<span id=\"woocommerce_loop_add_to_cart_link_describedby_4661\" class=\"screen-reader-text\">\n\t\t\t<\/span>\n\t\t\t\t\t\t\t<\/div>\n\t\t\t\t\t\t<\/div>\n\t\t\t\t\t\t<\/div>\n\t\t\t\t\t<\/div><div class=\"col\" data-animate=\"fadeInUp\">\n\t\t\t\t\t\t<div class=\"col-inner\">\n\t\t\t\t\t\t\n<div class=\"badge-container badge-custom absolute right top z-1\">\n\n<\/div>\n\t\t\t\t\t\t<div class=\"product-small box margin-auto has-hover box-vertical box-text-bottom\">\n\t\t\t\t\t\t\t<div class=\"box-image\" >\n\t\t\t\t\t\t\t\t<div class=\"\" >\n\t\t\t\t\t\t\t\t\t<a href=\"https:\/\/schaumweinkontor.com\/en\/produkt\/varaschin-relui-prosecco-docg-extra-brut-075-l\/\" aria-label=\"Varaschin Relui Prosecco DOCG Extra Brut 0,75 L\">\n\t\t\t\t\t\t\t\t\t\t<img loading=\"lazy\" decoding=\"async\" width=\"300\" height=\"300\" src=\"https:\/\/schaumweinkontor.com\/wp-content\/uploads\/2024\/04\/Varaschin-Relui-300x300.png\" class=\"attachment-medium size-medium\" alt=\"Varaschin Relui Prosecco DOCG Extra Brut \" srcset=\"https:\/\/schaumweinkontor.com\/wp-content\/uploads\/2024\/04\/Varaschin-Relui-300x300.png 300w, https:\/\/schaumweinkontor.com\/wp-content\/uploads\/2024\/04\/Varaschin-Relui-100x100.png 100w, https:\/\/schaumweinkontor.com\/wp-content\/uploads\/2024\/04\/Varaschin-Relui-510x510.png 510w, https:\/\/schaumweinkontor.com\/wp-content\/uploads\/2024\/04\/Varaschin-Relui-150x150.png 150w, https:\/\/schaumweinkontor.com\/wp-content\/uploads\/2024\/04\/Varaschin-Relui-768x768.png 768w, https:\/\/schaumweinkontor.com\/wp-content\/uploads\/2024\/04\/Varaschin-Relui.png 1000w\" sizes=\"auto, (max-width: 300px) 100vw, 300px\" \/>\t\t\t\t\t\t\t\t\t<\/a>\n\t\t\t\t\t\t\t\t\t\t\t\t\t\t\t\t\t\t \t\t\t\t\t\t\t\t<\/div>\n\t\t\t\t\t\t\t\t<div class=\"image-tools top right show-on-hover\">\n\t\t\t\t\t\t\t\t\t\t\t\t\t\t\t\t\t<\/div>\n\t\t\t\t\t\t\t\t\t\t\t\t\t\t\t\t\t<div class=\"image-tools grid-tools text-center hide-for-small bottom hover-slide-in show-on-hover\">\n\t\t\t\t\t\t\t\t\t\t\t\t\t\t\t\t\t\t\t<\/div>\n\t\t\t\t\t\t\t\t\t\t\t\t\t\t\t\t\t\t\t\t\t\t\t<\/div>\n\n\t\t\t\t\t\t\t<div class=\"box-text text-center\" >\n\t\t\t\t\t\t\t\t<div class=\"title-wrapper\">\t\t<p class=\"category uppercase is-smaller no-text-overflow product-cat op-7\">\n\t\t\tVaraschin DOCG\t\t<\/p>\n\t<p class=\"name product-title woocommerce-loop-product__title\"><a href=\"https:\/\/schaumweinkontor.com\/en\/produkt\/varaschin-relui-prosecco-docg-extra-brut-075-l\/\" class=\"woocommerce-LoopProduct-link woocommerce-loop-product__link\">Varaschin Relui Prosecco DOCG Extra Brut 0,75 L<\/a><\/p><\/div><div class=\"price-wrapper\">\n\t<span class=\"price\"><span class=\"woocommerce-Price-amount amount\" role=\"none\"><bdi><span class=\"woocommerce-Price-currencySymbol\">&euro;<\/span>&nbsp;11,80<\/bdi><\/span> <small class=\"woocommerce-price-suffix\">inkl. MwSt.<\/small><\/span>\n<\/div><div class=\"add-to-cart-button\"><a href=\"\/en\/wp-json\/wp\/v2\/pages\/4628?add-to-cart=5261\" aria-describedby=\"woocommerce_loop_add_to_cart_link_describedby_5261\" data-quantity=\"1\" class=\"primary is-small mb-0 button product_type_simple add_to_cart_button ajax_add_to_cart is-outline\" data-product_id=\"5261\" data-product_sku=\"100300362\" aria-label=\"Add to cart: &ldquo;Varaschin Relui Prosecco DOCG Extra Brut 0,75 L&rdquo;\" rel=\"nofollow\" data-success_message=\"&ldquo;Varaschin Relui Prosecco DOCG Extra Brut 0,75 L&rdquo; has been added to your cart\" role=\"button\">Add to cart<\/a><\/div>\t<span id=\"woocommerce_loop_add_to_cart_link_describedby_5261\" class=\"screen-reader-text\">\n\t\t\t<\/span>\n\t\t\t\t\t\t\t<\/div>\n\t\t\t\t\t\t<\/div>\n\t\t\t\t\t\t<\/div>\n\t\t\t\t\t<\/div><div class=\"col\" data-animate=\"fadeInUp\">\n\t\t\t\t\t\t<div class=\"col-inner\">\n\t\t\t\t\t\t\n<div class=\"badge-container badge-custom absolute right top z-1\">\n\n<\/div>\n\t\t\t\t\t\t<div class=\"product-small box margin-auto has-hover box-vertical box-text-bottom\">\n\t\t\t\t\t\t\t<div class=\"box-image\" >\n\t\t\t\t\t\t\t\t<div class=\"\" >\n\t\t\t\t\t\t\t\t\t<a href=\"https:\/\/schaumweinkontor.com\/en\/produkt\/varaschin-relui-prosecco-docg-extra-brut-075-l-copy\/\" aria-label=\"Varaschin 1930 Prosecco DOCG Brut 0,75 L\">\n\t\t\t\t\t\t\t\t\t\t<img loading=\"lazy\" decoding=\"async\" width=\"300\" height=\"300\" src=\"https:\/\/schaumweinkontor.com\/wp-content\/uploads\/2024\/04\/Varaschin-1930-300x300.png\" class=\"attachment-medium size-medium\" alt=\"Varaschin 1930 Prosecco DOCG Brut 0,75 L\" srcset=\"https:\/\/schaumweinkontor.com\/wp-content\/uploads\/2024\/04\/Varaschin-1930-300x300.png 300w, https:\/\/schaumweinkontor.com\/wp-content\/uploads\/2024\/04\/Varaschin-1930-100x100.png 100w, https:\/\/schaumweinkontor.com\/wp-content\/uploads\/2024\/04\/Varaschin-1930-510x510.png 510w, https:\/\/schaumweinkontor.com\/wp-content\/uploads\/2024\/04\/Varaschin-1930-150x150.png 150w, https:\/\/schaumweinkontor.com\/wp-content\/uploads\/2024\/04\/Varaschin-1930-768x768.png 768w, https:\/\/schaumweinkontor.com\/wp-content\/uploads\/2024\/04\/Varaschin-1930.png 1000w\" sizes=\"auto, (max-width: 300px) 100vw, 300px\" \/>\t\t\t\t\t\t\t\t\t<\/a>\n\t\t\t\t\t\t\t\t\t\t\t\t\t\t\t\t\t\t \t\t\t\t\t\t\t\t<\/div>\n\t\t\t\t\t\t\t\t<div class=\"image-tools top right show-on-hover\">\n\t\t\t\t\t\t\t\t\t\t\t\t\t\t\t\t\t<\/div>\n\t\t\t\t\t\t\t\t\t\t\t\t\t\t\t\t\t<div class=\"image-tools grid-tools text-center hide-for-small bottom hover-slide-in show-on-hover\">\n\t\t\t\t\t\t\t\t\t\t\t\t\t\t\t\t\t\t\t<\/div>\n\t\t\t\t\t\t\t\t\t\t\t\t\t\t\t\t\t\t\t\t\t\t\t<\/div>\n\n\t\t\t\t\t\t\t<div class=\"box-text text-center\" >\n\t\t\t\t\t\t\t\t<div class=\"title-wrapper\">\t\t<p class=\"category uppercase is-smaller no-text-overflow product-cat op-7\">\n\t\t\tVaraschin DOCG\t\t<\/p>\n\t<p class=\"name product-title woocommerce-loop-product__title\"><a href=\"https:\/\/schaumweinkontor.com\/en\/produkt\/varaschin-relui-prosecco-docg-extra-brut-075-l-copy\/\" class=\"woocommerce-LoopProduct-link woocommerce-loop-product__link\">Varaschin 1930 Prosecco DOCG Brut 0,75 L<\/a><\/p><\/div><div class=\"price-wrapper\">\n\t<span class=\"price\"><span class=\"woocommerce-Price-amount amount\" role=\"none\"><bdi><span class=\"woocommerce-Price-currencySymbol\">&euro;<\/span>&nbsp;11,80<\/bdi><\/span> <small class=\"woocommerce-price-suffix\">inkl. MwSt.<\/small><\/span>\n<\/div><div class=\"add-to-cart-button\"><a href=\"\/en\/wp-json\/wp\/v2\/pages\/4628?add-to-cart=5263\" aria-describedby=\"woocommerce_loop_add_to_cart_link_describedby_5263\" data-quantity=\"1\" class=\"primary is-small mb-0 button product_type_simple add_to_cart_button ajax_add_to_cart is-outline\" data-product_id=\"5263\" data-product_sku=\"100300363\" aria-label=\"Add to cart: &ldquo;Varaschin 1930 Prosecco DOCG Brut 0,75 L&rdquo;\" rel=\"nofollow\" data-success_message=\"&ldquo;Varaschin 1930 Prosecco DOCG Brut 0,75 L&rdquo; has been added to your cart\" role=\"button\">Add to cart<\/a><\/div>\t<span id=\"woocommerce_loop_add_to_cart_link_describedby_5263\" class=\"screen-reader-text\">\n\t\t\t<\/span>\n\t\t\t\t\t\t\t<\/div>\n\t\t\t\t\t\t<\/div>\n\t\t\t\t\t\t<\/div>\n\t\t\t\t\t<\/div><div class=\"col\" data-animate=\"fadeInUp\">\n\t\t\t\t\t\t<div class=\"col-inner\">\n\t\t\t\t\t\t\n<div class=\"badge-container badge-custom absolute right top z-1\">\n\n<\/div>\n\t\t\t\t\t\t<div class=\"product-small box margin-auto has-hover box-vertical box-text-bottom\">\n\t\t\t\t\t\t\t<div class=\"box-image\" >\n\t\t\t\t\t\t\t\t<div class=\"\" >\n\t\t\t\t\t\t\t\t\t<a href=\"https:\/\/schaumweinkontor.com\/en\/produkt\/varaschin-1930-prosecco-docg-brut-075-l-copy\/\" aria-label=\"Varaschin Brunoro Rive s.Pietro Prosecco DOCG Brut Mille 0,75 L\">\n\t\t\t\t\t\t\t\t\t\t<img loading=\"lazy\" decoding=\"async\" width=\"300\" height=\"300\" src=\"https:\/\/schaumweinkontor.com\/wp-content\/uploads\/2024\/04\/Varaschin-Brunoro-300x300.png\" class=\"attachment-medium size-medium\" alt=\"Varaschin Brunoro Rive s.Pietro Prosecco DOCG Brut Mille 0,75 L\" srcset=\"https:\/\/schaumweinkontor.com\/wp-content\/uploads\/2024\/04\/Varaschin-Brunoro-300x300.png 300w, https:\/\/schaumweinkontor.com\/wp-content\/uploads\/2024\/04\/Varaschin-Brunoro-100x100.png 100w, https:\/\/schaumweinkontor.com\/wp-content\/uploads\/2024\/04\/Varaschin-Brunoro-510x510.png 510w, https:\/\/schaumweinkontor.com\/wp-content\/uploads\/2024\/04\/Varaschin-Brunoro-150x150.png 150w, https:\/\/schaumweinkontor.com\/wp-content\/uploads\/2024\/04\/Varaschin-Brunoro-768x768.png 768w, https:\/\/schaumweinkontor.com\/wp-content\/uploads\/2024\/04\/Varaschin-Brunoro.png 1000w\" sizes=\"auto, (max-width: 300px) 100vw, 300px\" \/>\t\t\t\t\t\t\t\t\t<\/a>\n\t\t\t\t\t\t\t\t\t\t\t\t\t\t\t\t\t\t \t\t\t\t\t\t\t\t<\/div>\n\t\t\t\t\t\t\t\t<div class=\"image-tools top right show-on-hover\">\n\t\t\t\t\t\t\t\t\t\t\t\t\t\t\t\t\t<\/div>\n\t\t\t\t\t\t\t\t\t\t\t\t\t\t\t\t\t<div class=\"image-tools grid-tools text-center hide-for-small bottom hover-slide-in show-on-hover\">\n\t\t\t\t\t\t\t\t\t\t\t\t\t\t\t\t\t\t\t<\/div>\n\t\t\t\t\t\t\t\t\t\t\t\t\t\t\t\t\t\t\t\t\t\t\t<\/div>\n\n\t\t\t\t\t\t\t<div class=\"box-text text-center\" >\n\t\t\t\t\t\t\t\t<div class=\"title-wrapper\">\t\t<p class=\"category uppercase is-smaller no-text-overflow product-cat op-7\">\n\t\t\tVaraschin DOCG\t\t<\/p>\n\t<p class=\"name product-title woocommerce-loop-product__title\"><a href=\"https:\/\/schaumweinkontor.com\/en\/produkt\/varaschin-1930-prosecco-docg-brut-075-l-copy\/\" class=\"woocommerce-LoopProduct-link woocommerce-loop-product__link\">Varaschin Brunoro Rive s.Pietro Prosecco DOCG Brut Mille 0,75 L<\/a><\/p><\/div><div class=\"price-wrapper\">\n\t<span class=\"price\"><span class=\"woocommerce-Price-amount amount\" role=\"none\"><bdi><span class=\"woocommerce-Price-currencySymbol\">&euro;<\/span>&nbsp;12,70<\/bdi><\/span> <small class=\"woocommerce-price-suffix\">inkl. MwSt.<\/small><\/span>\n<\/div><div class=\"add-to-cart-button\"><a href=\"\/en\/wp-json\/wp\/v2\/pages\/4628?add-to-cart=5266\" aria-describedby=\"woocommerce_loop_add_to_cart_link_describedby_5266\" data-quantity=\"1\" class=\"primary is-small mb-0 button product_type_simple add_to_cart_button ajax_add_to_cart is-outline\" data-product_id=\"5266\" data-product_sku=\"100300364\" aria-label=\"Add to cart: &ldquo;Varaschin Brunoro Rive s.Pietro Prosecco DOCG Brut Mille 0,75 L&rdquo;\" rel=\"nofollow\" data-success_message=\"&ldquo;Varaschin Brunoro Rive s.Pietro Prosecco DOCG Brut Mille 0,75 L&rdquo; has been added to your cart\" role=\"button\">Add to cart<\/a><\/div>\t<span id=\"woocommerce_loop_add_to_cart_link_describedby_5266\" class=\"screen-reader-text\">\n\t\t\t<\/span>\n\t\t\t\t\t\t\t<\/div>\n\t\t\t\t\t\t<\/div>\n\t\t\t\t\t\t<\/div>\n\t\t\t\t\t<\/div><div class=\"col\" data-animate=\"fadeInUp\">\n\t\t\t\t\t\t<div class=\"col-inner\">\n\t\t\t\t\t\t\n<div class=\"badge-container badge-custom absolute right top z-1\">\n\n<\/div>\n\t\t\t\t\t\t<div class=\"product-small box margin-auto has-hover box-vertical box-text-bottom\">\n\t\t\t\t\t\t\t<div class=\"box-image\" >\n\t\t\t\t\t\t\t\t<div class=\"\" >\n\t\t\t\t\t\t\t\t\t<a href=\"https:\/\/schaumweinkontor.com\/en\/produkt\/varaschin-strada-chiesa-prosecco-docg-extra-dry-15-l\/\" aria-label=\"Varaschin Strada Chiesa Prosecco DOCG Extra Dry 1,5 L\">\n\t\t\t\t\t\t\t\t\t\t<img loading=\"lazy\" decoding=\"async\" width=\"300\" height=\"300\" src=\"https:\/\/schaumweinkontor.com\/wp-content\/uploads\/2023\/08\/Varaschin-Strada-Chiesa-Prosecco-300x300.png\" class=\"attachment-medium size-medium\" alt=\"Varaschin Strada Chiesa Prosecco DOCG Extra Dry 1,5 L\" srcset=\"https:\/\/schaumweinkontor.com\/wp-content\/uploads\/2023\/08\/Varaschin-Strada-Chiesa-Prosecco-300x300.png 300w, https:\/\/schaumweinkontor.com\/wp-content\/uploads\/2023\/08\/Varaschin-Strada-Chiesa-Prosecco-100x100.png 100w, https:\/\/schaumweinkontor.com\/wp-content\/uploads\/2023\/08\/Varaschin-Strada-Chiesa-Prosecco-510x510.png 510w, https:\/\/schaumweinkontor.com\/wp-content\/uploads\/2023\/08\/Varaschin-Strada-Chiesa-Prosecco-150x150.png 150w, https:\/\/schaumweinkontor.com\/wp-content\/uploads\/2023\/08\/Varaschin-Strada-Chiesa-Prosecco-768x768.png 768w, https:\/\/schaumweinkontor.com\/wp-content\/uploads\/2023\/08\/Varaschin-Strada-Chiesa-Prosecco.png 1000w\" sizes=\"auto, (max-width: 300px) 100vw, 300px\" \/>\t\t\t\t\t\t\t\t\t<\/a>\n\t\t\t\t\t\t\t\t\t\t\t\t\t\t\t\t\t\t \t\t\t\t\t\t\t\t<\/div>\n\t\t\t\t\t\t\t\t<div class=\"image-tools top right show-on-hover\">\n\t\t\t\t\t\t\t\t\t\t\t\t\t\t\t\t\t<\/div>\n\t\t\t\t\t\t\t\t\t\t\t\t\t\t\t\t\t<div class=\"image-tools grid-tools text-center hide-for-small bottom hover-slide-in show-on-hover\">\n\t\t\t\t\t\t\t\t\t\t\t\t\t\t\t\t\t\t\t<\/div>\n\t\t\t\t\t\t\t\t\t\t\t\t\t\t\t\t\t\t\t\t\t\t\t<\/div>\n\n\t\t\t\t\t\t\t<div class=\"box-text text-center\" >\n\t\t\t\t\t\t\t\t<div class=\"title-wrapper\">\t\t<p class=\"category uppercase is-smaller no-text-overflow product-cat op-7\">\n\t\t\tVaraschin DOCG\t\t<\/p>\n\t<p class=\"name product-title woocommerce-loop-product__title\"><a href=\"https:\/\/schaumweinkontor.com\/en\/produkt\/varaschin-strada-chiesa-prosecco-docg-extra-dry-15-l\/\" class=\"woocommerce-LoopProduct-link woocommerce-loop-product__link\">Varaschin Strada Chiesa Prosecco DOCG Extra Dry 1,5 L<\/a><\/p><\/div><div class=\"price-wrapper\">\n\t<span class=\"price\"><span class=\"woocommerce-Price-amount amount\" role=\"none\"><bdi><span class=\"woocommerce-Price-currencySymbol\">&euro;<\/span>&nbsp;27,50<\/bdi><\/span> <small class=\"woocommerce-price-suffix\">inkl. MwSt.<\/small><\/span>\n<\/div><div class=\"add-to-cart-button\"><a href=\"\/en\/wp-json\/wp\/v2\/pages\/4628?add-to-cart=4656\" aria-describedby=\"woocommerce_loop_add_to_cart_link_describedby_4656\" data-quantity=\"1\" class=\"primary is-small mb-0 button product_type_simple add_to_cart_button ajax_add_to_cart is-outline\" data-product_id=\"4656\" data-product_sku=\"100300365\" aria-label=\"Add to cart: &ldquo;Varaschin Strada Chiesa Prosecco DOCG Extra Dry 1,5 L&rdquo;\" rel=\"nofollow\" data-success_message=\"&ldquo;Varaschin Strada Chiesa Prosecco DOCG Extra Dry 1,5 L&rdquo; has been added to your cart\" role=\"button\">Add to cart<\/a><\/div>\t<span id=\"woocommerce_loop_add_to_cart_link_describedby_4656\" class=\"screen-reader-text\">\n\t\t\t<\/span>\n\t\t\t\t\t\t\t<\/div>\n\t\t\t\t\t\t<\/div>\n\t\t\t\t\t\t<\/div>\n\t\t\t\t\t<\/div><div class=\"col\" data-animate=\"fadeInUp\">\n\t\t\t\t\t\t<div class=\"col-inner\">\n\t\t\t\t\t\t\n<div class=\"badge-container badge-custom absolute right top z-1\">\n\n<\/div>\n\t\t\t\t\t\t<div class=\"product-small box margin-auto has-hover box-vertical box-text-bottom\">\n\t\t\t\t\t\t\t<div class=\"box-image\" >\n\t\t\t\t\t\t\t\t<div class=\"\" >\n\t\t\t\t\t\t\t\t\t<a href=\"https:\/\/schaumweinkontor.com\/en\/produkt\/varaschin-strada-chiesa-prosecco-docg-extra-dry-15-l-copy\/\" aria-label=\"Varaschin Strada Chiesa Prosecco DOCG Extra Dry 3 L\">\n\t\t\t\t\t\t\t\t\t\t<img loading=\"lazy\" decoding=\"async\" width=\"300\" height=\"300\" src=\"https:\/\/schaumweinkontor.com\/wp-content\/uploads\/2023\/08\/Varaschin-Strada-Chiesa-Prosecco-300x300.png\" class=\"attachment-medium size-medium\" alt=\"Varaschin Strada Chiesa Prosecco DOCG Extra Dry 3 L\" srcset=\"https:\/\/schaumweinkontor.com\/wp-content\/uploads\/2023\/08\/Varaschin-Strada-Chiesa-Prosecco-300x300.png 300w, https:\/\/schaumweinkontor.com\/wp-content\/uploads\/2023\/08\/Varaschin-Strada-Chiesa-Prosecco-100x100.png 100w, https:\/\/schaumweinkontor.com\/wp-content\/uploads\/2023\/08\/Varaschin-Strada-Chiesa-Prosecco-510x510.png 510w, https:\/\/schaumweinkontor.com\/wp-content\/uploads\/2023\/08\/Varaschin-Strada-Chiesa-Prosecco-150x150.png 150w, https:\/\/schaumweinkontor.com\/wp-content\/uploads\/2023\/08\/Varaschin-Strada-Chiesa-Prosecco-768x768.png 768w, https:\/\/schaumweinkontor.com\/wp-content\/uploads\/2023\/08\/Varaschin-Strada-Chiesa-Prosecco.png 1000w\" sizes=\"auto, (max-width: 300px) 100vw, 300px\" \/>\t\t\t\t\t\t\t\t\t<\/a>\n\t\t\t\t\t\t\t\t\t\t\t\t\t\t\t\t\t\t \t\t\t\t\t\t\t\t<\/div>\n\t\t\t\t\t\t\t\t<div class=\"image-tools top right show-on-hover\">\n\t\t\t\t\t\t\t\t\t\t\t\t\t\t\t\t\t<\/div>\n\t\t\t\t\t\t\t\t\t\t\t\t\t\t\t\t\t<div class=\"image-tools grid-tools text-center hide-for-small bottom hover-slide-in show-on-hover\">\n\t\t\t\t\t\t\t\t\t\t\t\t\t\t\t\t\t\t\t<\/div>\n\t\t\t\t\t\t\t\t\t\t\t\t\t\t\t\t\t\t\t\t\t\t\t<\/div>\n\n\t\t\t\t\t\t\t<div class=\"box-text text-center\" >\n\t\t\t\t\t\t\t\t<div class=\"title-wrapper\">\t\t<p class=\"category uppercase is-smaller no-text-overflow product-cat op-7\">\n\t\t\tVaraschin DOCG\t\t<\/p>\n\t<p class=\"name product-title woocommerce-loop-product__title\"><a href=\"https:\/\/schaumweinkontor.com\/en\/produkt\/varaschin-strada-chiesa-prosecco-docg-extra-dry-15-l-copy\/\" class=\"woocommerce-LoopProduct-link woocommerce-loop-product__link\">Varaschin Strada Chiesa Prosecco DOCG Extra Dry 3 L<\/a><\/p><\/div><div class=\"price-wrapper\">\n\t<span class=\"price\"><span class=\"woocommerce-Price-amount amount\" role=\"none\"><bdi><span class=\"woocommerce-Price-currencySymbol\">&euro;<\/span>&nbsp;135,00<\/bdi><\/span> <small class=\"woocommerce-price-suffix\">inkl. MwSt.<\/small><\/span>\n<\/div><div class=\"add-to-cart-button\"><a href=\"\/en\/wp-json\/wp\/v2\/pages\/4628?add-to-cart=5251\" aria-describedby=\"woocommerce_loop_add_to_cart_link_describedby_5251\" data-quantity=\"1\" class=\"primary is-small mb-0 button product_type_simple add_to_cart_button ajax_add_to_cart is-outline\" data-product_id=\"5251\" data-product_sku=\"100300366\" aria-label=\"Add to cart: &ldquo;Varaschin Strada Chiesa Prosecco DOCG Extra Dry 3 L&rdquo;\" rel=\"nofollow\" data-success_message=\"&ldquo;Varaschin Strada Chiesa Prosecco DOCG Extra Dry 3 L&rdquo; has been added to your cart\" role=\"button\">Add to cart<\/a><\/div>\t<span id=\"woocommerce_loop_add_to_cart_link_describedby_5251\" class=\"screen-reader-text\">\n\t\t\t<\/span>\n\t\t\t\t\t\t\t<\/div>\n\t\t\t\t\t\t<\/div>\n\t\t\t\t\t\t<\/div>\n\t\t\t\t\t<\/div><div class=\"col\" data-animate=\"fadeInUp\">\n\t\t\t\t\t\t<div class=\"col-inner\">\n\t\t\t\t\t\t\n<div class=\"badge-container badge-custom absolute right top z-1\">\n\n<\/div>\n\t\t\t\t\t\t<div class=\"product-small box margin-auto has-hover box-vertical box-text-bottom\">\n\t\t\t\t\t\t\t<div class=\"box-image\" >\n\t\t\t\t\t\t\t\t<div class=\"\" >\n\t\t\t\t\t\t\t\t\t<a href=\"https:\/\/schaumweinkontor.com\/en\/produkt\/varaschin-strada-chiesa-prosecco-docg-extra-dry-3-l-copy\/\" aria-label=\"Varaschin Strada Chiesa Prosecco DOCG Extra Dry 6 L\">\n\t\t\t\t\t\t\t\t\t\t<img loading=\"lazy\" decoding=\"async\" width=\"300\" height=\"300\" src=\"https:\/\/schaumweinkontor.com\/wp-content\/uploads\/2023\/08\/Varaschin-Strada-Chiesa-Prosecco-300x300.png\" class=\"attachment-medium size-medium\" alt=\"Varaschin Strada Chiesa Prosecco DOCG Extra Dry 6 L\" srcset=\"https:\/\/schaumweinkontor.com\/wp-content\/uploads\/2023\/08\/Varaschin-Strada-Chiesa-Prosecco-300x300.png 300w, https:\/\/schaumweinkontor.com\/wp-content\/uploads\/2023\/08\/Varaschin-Strada-Chiesa-Prosecco-100x100.png 100w, https:\/\/schaumweinkontor.com\/wp-content\/uploads\/2023\/08\/Varaschin-Strada-Chiesa-Prosecco-510x510.png 510w, https:\/\/schaumweinkontor.com\/wp-content\/uploads\/2023\/08\/Varaschin-Strada-Chiesa-Prosecco-150x150.png 150w, https:\/\/schaumweinkontor.com\/wp-content\/uploads\/2023\/08\/Varaschin-Strada-Chiesa-Prosecco-768x768.png 768w, https:\/\/schaumweinkontor.com\/wp-content\/uploads\/2023\/08\/Varaschin-Strada-Chiesa-Prosecco.png 1000w\" sizes=\"auto, (max-width: 300px) 100vw, 300px\" \/>\t\t\t\t\t\t\t\t\t<\/a>\n\t\t\t\t\t\t\t\t\t\t\t\t\t\t\t\t\t\t \t\t\t\t\t\t\t\t<\/div>\n\t\t\t\t\t\t\t\t<div class=\"image-tools top right show-on-hover\">\n\t\t\t\t\t\t\t\t\t\t\t\t\t\t\t\t\t<\/div>\n\t\t\t\t\t\t\t\t\t\t\t\t\t\t\t\t\t<div class=\"image-tools grid-tools text-center hide-for-small bottom hover-slide-in show-on-hover\">\n\t\t\t\t\t\t\t\t\t\t\t\t\t\t\t\t\t\t\t<\/div>\n\t\t\t\t\t\t\t\t\t\t\t\t\t\t\t\t\t\t\t\t\t\t\t<\/div>\n\n\t\t\t\t\t\t\t<div class=\"box-text text-center\" >\n\t\t\t\t\t\t\t\t<div class=\"title-wrapper\">\t\t<p class=\"category uppercase is-smaller no-text-overflow product-cat op-7\">\n\t\t\tVaraschin DOCG\t\t<\/p>\n\t<p class=\"name product-title woocommerce-loop-product__title\"><a href=\"https:\/\/schaumweinkontor.com\/en\/produkt\/varaschin-strada-chiesa-prosecco-docg-extra-dry-3-l-copy\/\" class=\"woocommerce-LoopProduct-link woocommerce-loop-product__link\">Varaschin Strada Chiesa Prosecco DOCG Extra Dry 6 L<\/a><\/p><\/div><div class=\"price-wrapper\">\n\t<span class=\"price\"><span class=\"woocommerce-Price-amount amount\" role=\"none\"><bdi><span class=\"woocommerce-Price-currencySymbol\">&euro;<\/span>&nbsp;260,00<\/bdi><\/span> <small class=\"woocommerce-price-suffix\">inkl. MwSt.<\/small><\/span>\n<\/div><div class=\"add-to-cart-button\"><a href=\"\/en\/wp-json\/wp\/v2\/pages\/4628?add-to-cart=5253\" aria-describedby=\"woocommerce_loop_add_to_cart_link_describedby_5253\" data-quantity=\"1\" class=\"primary is-small mb-0 button product_type_simple add_to_cart_button ajax_add_to_cart is-outline\" data-product_id=\"5253\" data-product_sku=\"100300367\" aria-label=\"Add to cart: &ldquo;Varaschin Strada Chiesa Prosecco DOCG Extra Dry 6 L&rdquo;\" rel=\"nofollow\" data-success_message=\"&ldquo;Varaschin Strada Chiesa Prosecco DOCG Extra Dry 6 L&rdquo; has been added to your cart\" role=\"button\">Add to cart<\/a><\/div>\t<span id=\"woocommerce_loop_add_to_cart_link_describedby_5253\" class=\"screen-reader-text\">\n\t\t\t<\/span>\n\t\t\t\t\t\t\t<\/div>\n\t\t\t\t\t\t<\/div>\n\t\t\t\t\t\t<\/div>\n\t\t\t\t\t<\/div><\/div>\n\n\n  \n    <div class=\"row margin-auto equalize-box show-for-medium hide-for-small large-columns-3 medium-columns-2 small-columns-1 row-large has-shadow row-box-shadow-2 row-box-shadow-4-hover\" >\n  \t\n\t     <div class=\"col\" data-animate=\"fadeInUp\">\n\t\t\t\t\t\t<div class=\"col-inner\">\n\t\t\t\t\t\t\n<div class=\"badge-container badge-custom absolute right top z-1\">\n\n<\/div>\n\t\t\t\t\t\t<div class=\"product-small box margin-auto has-hover box-normal box-text-bottom\">\n\t\t\t\t\t\t\t<div class=\"box-image\" >\n\t\t\t\t\t\t\t\t<div class=\"\" >\n\t\t\t\t\t\t\t\t\t<a href=\"https:\/\/schaumweinkontor.com\/en\/produkt\/varaschin-strada-chiesa-prosecco-docg-extra-dry-075-l\/\" aria-label=\"Varaschin Strada Chiesa Prosecco DOCG Extra Dry 0,75 L\">\n\t\t\t\t\t\t\t\t\t\t<img loading=\"lazy\" decoding=\"async\" width=\"300\" height=\"300\" src=\"https:\/\/schaumweinkontor.com\/wp-content\/uploads\/2023\/08\/Varaschin-Strada-Chiesa-Prosecco-300x300.png\" class=\"attachment-medium size-medium\" alt=\"Varaschin Strada Chiesa Prosecco DOCG Extra Dry 0,75 L\" srcset=\"https:\/\/schaumweinkontor.com\/wp-content\/uploads\/2023\/08\/Varaschin-Strada-Chiesa-Prosecco-300x300.png 300w, https:\/\/schaumweinkontor.com\/wp-content\/uploads\/2023\/08\/Varaschin-Strada-Chiesa-Prosecco-100x100.png 100w, https:\/\/schaumweinkontor.com\/wp-content\/uploads\/2023\/08\/Varaschin-Strada-Chiesa-Prosecco-510x510.png 510w, https:\/\/schaumweinkontor.com\/wp-content\/uploads\/2023\/08\/Varaschin-Strada-Chiesa-Prosecco-150x150.png 150w, https:\/\/schaumweinkontor.com\/wp-content\/uploads\/2023\/08\/Varaschin-Strada-Chiesa-Prosecco-768x768.png 768w, https:\/\/schaumweinkontor.com\/wp-content\/uploads\/2023\/08\/Varaschin-Strada-Chiesa-Prosecco.png 1000w\" sizes=\"auto, (max-width: 300px) 100vw, 300px\" \/>\t\t\t\t\t\t\t\t\t<\/a>\n\t\t\t\t\t\t\t\t\t\t\t\t\t\t\t\t\t\t \t\t\t\t\t\t\t\t<\/div>\n\t\t\t\t\t\t\t\t<div class=\"image-tools top right show-on-hover\">\n\t\t\t\t\t\t\t\t\t\t\t\t\t\t\t\t\t<\/div>\n\t\t\t\t\t\t\t\t\t\t\t\t\t\t\t\t\t<div class=\"image-tools grid-tools text-center hide-for-small bottom hover-slide-in show-on-hover\">\n\t\t\t\t\t\t\t\t\t\t\t\t\t\t\t\t\t\t\t<\/div>\n\t\t\t\t\t\t\t\t\t\t\t\t\t\t\t\t\t\t\t\t\t\t\t<\/div>\n\n\t\t\t\t\t\t\t<div class=\"box-text text-center\" >\n\t\t\t\t\t\t\t\t<div class=\"title-wrapper\">\t\t<p class=\"category uppercase is-smaller no-text-overflow product-cat op-7\">\n\t\t\tVaraschin DOCG\t\t<\/p>\n\t<p class=\"name product-title woocommerce-loop-product__title\"><a href=\"https:\/\/schaumweinkontor.com\/en\/produkt\/varaschin-strada-chiesa-prosecco-docg-extra-dry-075-l\/\" class=\"woocommerce-LoopProduct-link woocommerce-loop-product__link\">Varaschin Strada Chiesa Prosecco DOCG Extra Dry 0,75 L<\/a><\/p><\/div><div class=\"price-wrapper\">\n\t<span class=\"price\"><span class=\"woocommerce-Price-amount amount\" role=\"none\"><bdi><span class=\"woocommerce-Price-currencySymbol\">&euro;<\/span>&nbsp;11,80<\/bdi><\/span> <small class=\"woocommerce-price-suffix\">inkl. MwSt.<\/small><\/span>\n<\/div><div class=\"add-to-cart-button\"><a href=\"\/en\/wp-json\/wp\/v2\/pages\/4628?add-to-cart=4661\" aria-describedby=\"woocommerce_loop_add_to_cart_link_describedby_4661\" data-quantity=\"1\" class=\"primary is-small mb-0 button product_type_simple add_to_cart_button ajax_add_to_cart is-outline\" data-product_id=\"4661\" data-product_sku=\"100300361\" aria-label=\"Add to cart: &ldquo;Varaschin Strada Chiesa Prosecco DOCG Extra Dry 0,75 L&rdquo;\" rel=\"nofollow\" data-success_message=\"&ldquo;Varaschin Strada Chiesa Prosecco DOCG Extra Dry 0,75 L&rdquo; has been added to your cart\" role=\"button\">Add to cart<\/a><\/div>\t<span id=\"woocommerce_loop_add_to_cart_link_describedby_4661\" class=\"screen-reader-text\">\n\t\t\t<\/span>\n\t\t\t\t\t\t\t<\/div>\n\t\t\t\t\t\t<\/div>\n\t\t\t\t\t\t<\/div>\n\t\t\t\t\t<\/div><div class=\"col\" data-animate=\"fadeInUp\">\n\t\t\t\t\t\t<div class=\"col-inner\">\n\t\t\t\t\t\t\n<div class=\"badge-container badge-custom absolute right top z-1\">\n\n<\/div>\n\t\t\t\t\t\t<div class=\"product-small box margin-auto has-hover box-normal box-text-bottom\">\n\t\t\t\t\t\t\t<div class=\"box-image\" >\n\t\t\t\t\t\t\t\t<div class=\"\" >\n\t\t\t\t\t\t\t\t\t<a href=\"https:\/\/schaumweinkontor.com\/en\/produkt\/varaschin-relui-prosecco-docg-extra-brut-075-l\/\" aria-label=\"Varaschin Relui Prosecco DOCG Extra Brut 0,75 L\">\n\t\t\t\t\t\t\t\t\t\t<img loading=\"lazy\" decoding=\"async\" width=\"300\" height=\"300\" src=\"https:\/\/schaumweinkontor.com\/wp-content\/uploads\/2024\/04\/Varaschin-Relui-300x300.png\" class=\"attachment-medium size-medium\" alt=\"Varaschin Relui Prosecco DOCG Extra Brut \" srcset=\"https:\/\/schaumweinkontor.com\/wp-content\/uploads\/2024\/04\/Varaschin-Relui-300x300.png 300w, https:\/\/schaumweinkontor.com\/wp-content\/uploads\/2024\/04\/Varaschin-Relui-100x100.png 100w, https:\/\/schaumweinkontor.com\/wp-content\/uploads\/2024\/04\/Varaschin-Relui-510x510.png 510w, https:\/\/schaumweinkontor.com\/wp-content\/uploads\/2024\/04\/Varaschin-Relui-150x150.png 150w, https:\/\/schaumweinkontor.com\/wp-content\/uploads\/2024\/04\/Varaschin-Relui-768x768.png 768w, https:\/\/schaumweinkontor.com\/wp-content\/uploads\/2024\/04\/Varaschin-Relui.png 1000w\" sizes=\"auto, (max-width: 300px) 100vw, 300px\" \/>\t\t\t\t\t\t\t\t\t<\/a>\n\t\t\t\t\t\t\t\t\t\t\t\t\t\t\t\t\t\t \t\t\t\t\t\t\t\t<\/div>\n\t\t\t\t\t\t\t\t<div class=\"image-tools top right show-on-hover\">\n\t\t\t\t\t\t\t\t\t\t\t\t\t\t\t\t\t<\/div>\n\t\t\t\t\t\t\t\t\t\t\t\t\t\t\t\t\t<div class=\"image-tools grid-tools text-center hide-for-small bottom hover-slide-in show-on-hover\">\n\t\t\t\t\t\t\t\t\t\t\t\t\t\t\t\t\t\t\t<\/div>\n\t\t\t\t\t\t\t\t\t\t\t\t\t\t\t\t\t\t\t\t\t\t\t<\/div>\n\n\t\t\t\t\t\t\t<div class=\"box-text text-center\" >\n\t\t\t\t\t\t\t\t<div class=\"title-wrapper\">\t\t<p class=\"category uppercase is-smaller no-text-overflow product-cat op-7\">\n\t\t\tVaraschin DOCG\t\t<\/p>\n\t<p class=\"name product-title woocommerce-loop-product__title\"><a href=\"https:\/\/schaumweinkontor.com\/en\/produkt\/varaschin-relui-prosecco-docg-extra-brut-075-l\/\" class=\"woocommerce-LoopProduct-link woocommerce-loop-product__link\">Varaschin Relui Prosecco DOCG Extra Brut 0,75 L<\/a><\/p><\/div><div class=\"price-wrapper\">\n\t<span class=\"price\"><span class=\"woocommerce-Price-amount amount\" role=\"none\"><bdi><span class=\"woocommerce-Price-currencySymbol\">&euro;<\/span>&nbsp;11,80<\/bdi><\/span> <small class=\"woocommerce-price-suffix\">inkl. MwSt.<\/small><\/span>\n<\/div><div class=\"add-to-cart-button\"><a href=\"\/en\/wp-json\/wp\/v2\/pages\/4628?add-to-cart=5261\" aria-describedby=\"woocommerce_loop_add_to_cart_link_describedby_5261\" data-quantity=\"1\" class=\"primary is-small mb-0 button product_type_simple add_to_cart_button ajax_add_to_cart is-outline\" data-product_id=\"5261\" data-product_sku=\"100300362\" aria-label=\"Add to cart: &ldquo;Varaschin Relui Prosecco DOCG Extra Brut 0,75 L&rdquo;\" rel=\"nofollow\" data-success_message=\"&ldquo;Varaschin Relui Prosecco DOCG Extra Brut 0,75 L&rdquo; has been added to your cart\" role=\"button\">Add to cart<\/a><\/div>\t<span id=\"woocommerce_loop_add_to_cart_link_describedby_5261\" class=\"screen-reader-text\">\n\t\t\t<\/span>\n\t\t\t\t\t\t\t<\/div>\n\t\t\t\t\t\t<\/div>\n\t\t\t\t\t\t<\/div>\n\t\t\t\t\t<\/div><div class=\"col\" data-animate=\"fadeInUp\">\n\t\t\t\t\t\t<div class=\"col-inner\">\n\t\t\t\t\t\t\n<div class=\"badge-container badge-custom absolute right top z-1\">\n\n<\/div>\n\t\t\t\t\t\t<div class=\"product-small box margin-auto has-hover box-normal box-text-bottom\">\n\t\t\t\t\t\t\t<div class=\"box-image\" >\n\t\t\t\t\t\t\t\t<div class=\"\" >\n\t\t\t\t\t\t\t\t\t<a href=\"https:\/\/schaumweinkontor.com\/en\/produkt\/varaschin-relui-prosecco-docg-extra-brut-075-l-copy\/\" aria-label=\"Varaschin 1930 Prosecco DOCG Brut 0,75 L\">\n\t\t\t\t\t\t\t\t\t\t<img loading=\"lazy\" decoding=\"async\" width=\"300\" height=\"300\" src=\"https:\/\/schaumweinkontor.com\/wp-content\/uploads\/2024\/04\/Varaschin-1930-300x300.png\" class=\"attachment-medium size-medium\" alt=\"Varaschin 1930 Prosecco DOCG Brut 0,75 L\" srcset=\"https:\/\/schaumweinkontor.com\/wp-content\/uploads\/2024\/04\/Varaschin-1930-300x300.png 300w, https:\/\/schaumweinkontor.com\/wp-content\/uploads\/2024\/04\/Varaschin-1930-100x100.png 100w, https:\/\/schaumweinkontor.com\/wp-content\/uploads\/2024\/04\/Varaschin-1930-510x510.png 510w, https:\/\/schaumweinkontor.com\/wp-content\/uploads\/2024\/04\/Varaschin-1930-150x150.png 150w, https:\/\/schaumweinkontor.com\/wp-content\/uploads\/2024\/04\/Varaschin-1930-768x768.png 768w, https:\/\/schaumweinkontor.com\/wp-content\/uploads\/2024\/04\/Varaschin-1930.png 1000w\" sizes=\"auto, (max-width: 300px) 100vw, 300px\" \/>\t\t\t\t\t\t\t\t\t<\/a>\n\t\t\t\t\t\t\t\t\t\t\t\t\t\t\t\t\t\t \t\t\t\t\t\t\t\t<\/div>\n\t\t\t\t\t\t\t\t<div class=\"image-tools top right show-on-hover\">\n\t\t\t\t\t\t\t\t\t\t\t\t\t\t\t\t\t<\/div>\n\t\t\t\t\t\t\t\t\t\t\t\t\t\t\t\t\t<div class=\"image-tools grid-tools text-center hide-for-small bottom hover-slide-in show-on-hover\">\n\t\t\t\t\t\t\t\t\t\t\t\t\t\t\t\t\t\t\t<\/div>\n\t\t\t\t\t\t\t\t\t\t\t\t\t\t\t\t\t\t\t\t\t\t\t<\/div>\n\n\t\t\t\t\t\t\t<div class=\"box-text text-center\" >\n\t\t\t\t\t\t\t\t<div class=\"title-wrapper\">\t\t<p class=\"category uppercase is-smaller no-text-overflow product-cat op-7\">\n\t\t\tVaraschin DOCG\t\t<\/p>\n\t<p class=\"name product-title woocommerce-loop-product__title\"><a href=\"https:\/\/schaumweinkontor.com\/en\/produkt\/varaschin-relui-prosecco-docg-extra-brut-075-l-copy\/\" class=\"woocommerce-LoopProduct-link woocommerce-loop-product__link\">Varaschin 1930 Prosecco DOCG Brut 0,75 L<\/a><\/p><\/div><div class=\"price-wrapper\">\n\t<span class=\"price\"><span class=\"woocommerce-Price-amount amount\" role=\"none\"><bdi><span class=\"woocommerce-Price-currencySymbol\">&euro;<\/span>&nbsp;11,80<\/bdi><\/span> <small class=\"woocommerce-price-suffix\">inkl. MwSt.<\/small><\/span>\n<\/div><div class=\"add-to-cart-button\"><a href=\"\/en\/wp-json\/wp\/v2\/pages\/4628?add-to-cart=5263\" aria-describedby=\"woocommerce_loop_add_to_cart_link_describedby_5263\" data-quantity=\"1\" class=\"primary is-small mb-0 button product_type_simple add_to_cart_button ajax_add_to_cart is-outline\" data-product_id=\"5263\" data-product_sku=\"100300363\" aria-label=\"Add to cart: &ldquo;Varaschin 1930 Prosecco DOCG Brut 0,75 L&rdquo;\" rel=\"nofollow\" data-success_message=\"&ldquo;Varaschin 1930 Prosecco DOCG Brut 0,75 L&rdquo; has been added to your cart\" role=\"button\">Add to cart<\/a><\/div>\t<span id=\"woocommerce_loop_add_to_cart_link_describedby_5263\" class=\"screen-reader-text\">\n\t\t\t<\/span>\n\t\t\t\t\t\t\t<\/div>\n\t\t\t\t\t\t<\/div>\n\t\t\t\t\t\t<\/div>\n\t\t\t\t\t<\/div><div class=\"col\" data-animate=\"fadeInUp\">\n\t\t\t\t\t\t<div class=\"col-inner\">\n\t\t\t\t\t\t\n<div class=\"badge-container badge-custom absolute right top z-1\">\n\n<\/div>\n\t\t\t\t\t\t<div class=\"product-small box margin-auto has-hover box-normal box-text-bottom\">\n\t\t\t\t\t\t\t<div class=\"box-image\" >\n\t\t\t\t\t\t\t\t<div class=\"\" >\n\t\t\t\t\t\t\t\t\t<a href=\"https:\/\/schaumweinkontor.com\/en\/produkt\/varaschin-1930-prosecco-docg-brut-075-l-copy\/\" aria-label=\"Varaschin Brunoro Rive s.Pietro Prosecco DOCG Brut Mille 0,75 L\">\n\t\t\t\t\t\t\t\t\t\t<img loading=\"lazy\" decoding=\"async\" width=\"300\" height=\"300\" src=\"https:\/\/schaumweinkontor.com\/wp-content\/uploads\/2024\/04\/Varaschin-Brunoro-300x300.png\" class=\"attachment-medium size-medium\" alt=\"Varaschin Brunoro Rive s.Pietro Prosecco DOCG Brut Mille 0,75 L\" srcset=\"https:\/\/schaumweinkontor.com\/wp-content\/uploads\/2024\/04\/Varaschin-Brunoro-300x300.png 300w, https:\/\/schaumweinkontor.com\/wp-content\/uploads\/2024\/04\/Varaschin-Brunoro-100x100.png 100w, https:\/\/schaumweinkontor.com\/wp-content\/uploads\/2024\/04\/Varaschin-Brunoro-510x510.png 510w, https:\/\/schaumweinkontor.com\/wp-content\/uploads\/2024\/04\/Varaschin-Brunoro-150x150.png 150w, https:\/\/schaumweinkontor.com\/wp-content\/uploads\/2024\/04\/Varaschin-Brunoro-768x768.png 768w, https:\/\/schaumweinkontor.com\/wp-content\/uploads\/2024\/04\/Varaschin-Brunoro.png 1000w\" sizes=\"auto, (max-width: 300px) 100vw, 300px\" \/>\t\t\t\t\t\t\t\t\t<\/a>\n\t\t\t\t\t\t\t\t\t\t\t\t\t\t\t\t\t\t \t\t\t\t\t\t\t\t<\/div>\n\t\t\t\t\t\t\t\t<div class=\"image-tools top right show-on-hover\">\n\t\t\t\t\t\t\t\t\t\t\t\t\t\t\t\t\t<\/div>\n\t\t\t\t\t\t\t\t\t\t\t\t\t\t\t\t\t<div class=\"image-tools grid-tools text-center hide-for-small bottom hover-slide-in show-on-hover\">\n\t\t\t\t\t\t\t\t\t\t\t\t\t\t\t\t\t\t\t<\/div>\n\t\t\t\t\t\t\t\t\t\t\t\t\t\t\t\t\t\t\t\t\t\t\t<\/div>\n\n\t\t\t\t\t\t\t<div class=\"box-text text-center\" >\n\t\t\t\t\t\t\t\t<div class=\"title-wrapper\">\t\t<p class=\"category uppercase is-smaller no-text-overflow product-cat op-7\">\n\t\t\tVaraschin DOCG\t\t<\/p>\n\t<p class=\"name product-title woocommerce-loop-product__title\"><a href=\"https:\/\/schaumweinkontor.com\/en\/produkt\/varaschin-1930-prosecco-docg-brut-075-l-copy\/\" class=\"woocommerce-LoopProduct-link woocommerce-loop-product__link\">Varaschin Brunoro Rive s.Pietro Prosecco DOCG Brut Mille 0,75 L<\/a><\/p><\/div><div class=\"price-wrapper\">\n\t<span class=\"price\"><span class=\"woocommerce-Price-amount amount\" role=\"none\"><bdi><span class=\"woocommerce-Price-currencySymbol\">&euro;<\/span>&nbsp;12,70<\/bdi><\/span> <small class=\"woocommerce-price-suffix\">inkl. MwSt.<\/small><\/span>\n<\/div><div class=\"add-to-cart-button\"><a href=\"\/en\/wp-json\/wp\/v2\/pages\/4628?add-to-cart=5266\" aria-describedby=\"woocommerce_loop_add_to_cart_link_describedby_5266\" data-quantity=\"1\" class=\"primary is-small mb-0 button product_type_simple add_to_cart_button ajax_add_to_cart is-outline\" data-product_id=\"5266\" data-product_sku=\"100300364\" aria-label=\"Add to cart: &ldquo;Varaschin Brunoro Rive s.Pietro Prosecco DOCG Brut Mille 0,75 L&rdquo;\" rel=\"nofollow\" data-success_message=\"&ldquo;Varaschin Brunoro Rive s.Pietro Prosecco DOCG Brut Mille 0,75 L&rdquo; has been added to your cart\" role=\"button\">Add to cart<\/a><\/div>\t<span id=\"woocommerce_loop_add_to_cart_link_describedby_5266\" class=\"screen-reader-text\">\n\t\t\t<\/span>\n\t\t\t\t\t\t\t<\/div>\n\t\t\t\t\t\t<\/div>\n\t\t\t\t\t\t<\/div>\n\t\t\t\t\t<\/div><div class=\"col\" data-animate=\"fadeInUp\">\n\t\t\t\t\t\t<div class=\"col-inner\">\n\t\t\t\t\t\t\n<div class=\"badge-container badge-custom absolute right top z-1\">\n\n<\/div>\n\t\t\t\t\t\t<div class=\"product-small box margin-auto has-hover box-normal box-text-bottom\">\n\t\t\t\t\t\t\t<div class=\"box-image\" >\n\t\t\t\t\t\t\t\t<div class=\"\" >\n\t\t\t\t\t\t\t\t\t<a href=\"https:\/\/schaumweinkontor.com\/en\/produkt\/varaschin-strada-chiesa-prosecco-docg-extra-dry-15-l\/\" aria-label=\"Varaschin Strada Chiesa Prosecco DOCG Extra Dry 1,5 L\">\n\t\t\t\t\t\t\t\t\t\t<img loading=\"lazy\" decoding=\"async\" width=\"300\" height=\"300\" src=\"https:\/\/schaumweinkontor.com\/wp-content\/uploads\/2023\/08\/Varaschin-Strada-Chiesa-Prosecco-300x300.png\" class=\"attachment-medium size-medium\" alt=\"Varaschin Strada Chiesa Prosecco DOCG Extra Dry 1,5 L\" srcset=\"https:\/\/schaumweinkontor.com\/wp-content\/uploads\/2023\/08\/Varaschin-Strada-Chiesa-Prosecco-300x300.png 300w, https:\/\/schaumweinkontor.com\/wp-content\/uploads\/2023\/08\/Varaschin-Strada-Chiesa-Prosecco-100x100.png 100w, https:\/\/schaumweinkontor.com\/wp-content\/uploads\/2023\/08\/Varaschin-Strada-Chiesa-Prosecco-510x510.png 510w, https:\/\/schaumweinkontor.com\/wp-content\/uploads\/2023\/08\/Varaschin-Strada-Chiesa-Prosecco-150x150.png 150w, https:\/\/schaumweinkontor.com\/wp-content\/uploads\/2023\/08\/Varaschin-Strada-Chiesa-Prosecco-768x768.png 768w, https:\/\/schaumweinkontor.com\/wp-content\/uploads\/2023\/08\/Varaschin-Strada-Chiesa-Prosecco.png 1000w\" sizes=\"auto, (max-width: 300px) 100vw, 300px\" \/>\t\t\t\t\t\t\t\t\t<\/a>\n\t\t\t\t\t\t\t\t\t\t\t\t\t\t\t\t\t\t \t\t\t\t\t\t\t\t<\/div>\n\t\t\t\t\t\t\t\t<div class=\"image-tools top right show-on-hover\">\n\t\t\t\t\t\t\t\t\t\t\t\t\t\t\t\t\t<\/div>\n\t\t\t\t\t\t\t\t\t\t\t\t\t\t\t\t\t<div class=\"image-tools grid-tools text-center hide-for-small bottom hover-slide-in show-on-hover\">\n\t\t\t\t\t\t\t\t\t\t\t\t\t\t\t\t\t\t\t<\/div>\n\t\t\t\t\t\t\t\t\t\t\t\t\t\t\t\t\t\t\t\t\t\t\t<\/div>\n\n\t\t\t\t\t\t\t<div class=\"box-text text-center\" >\n\t\t\t\t\t\t\t\t<div class=\"title-wrapper\">\t\t<p class=\"category uppercase is-smaller no-text-overflow product-cat op-7\">\n\t\t\tVaraschin DOCG\t\t<\/p>\n\t<p class=\"name product-title woocommerce-loop-product__title\"><a href=\"https:\/\/schaumweinkontor.com\/en\/produkt\/varaschin-strada-chiesa-prosecco-docg-extra-dry-15-l\/\" class=\"woocommerce-LoopProduct-link woocommerce-loop-product__link\">Varaschin Strada Chiesa Prosecco DOCG Extra Dry 1,5 L<\/a><\/p><\/div><div class=\"price-wrapper\">\n\t<span class=\"price\"><span class=\"woocommerce-Price-amount amount\" role=\"none\"><bdi><span class=\"woocommerce-Price-currencySymbol\">&euro;<\/span>&nbsp;27,50<\/bdi><\/span> <small class=\"woocommerce-price-suffix\">inkl. MwSt.<\/small><\/span>\n<\/div><div class=\"add-to-cart-button\"><a href=\"\/en\/wp-json\/wp\/v2\/pages\/4628?add-to-cart=4656\" aria-describedby=\"woocommerce_loop_add_to_cart_link_describedby_4656\" data-quantity=\"1\" class=\"primary is-small mb-0 button product_type_simple add_to_cart_button ajax_add_to_cart is-outline\" data-product_id=\"4656\" data-product_sku=\"100300365\" aria-label=\"Add to cart: &ldquo;Varaschin Strada Chiesa Prosecco DOCG Extra Dry 1,5 L&rdquo;\" rel=\"nofollow\" data-success_message=\"&ldquo;Varaschin Strada Chiesa Prosecco DOCG Extra Dry 1,5 L&rdquo; has been added to your cart\" role=\"button\">Add to cart<\/a><\/div>\t<span id=\"woocommerce_loop_add_to_cart_link_describedby_4656\" class=\"screen-reader-text\">\n\t\t\t<\/span>\n\t\t\t\t\t\t\t<\/div>\n\t\t\t\t\t\t<\/div>\n\t\t\t\t\t\t<\/div>\n\t\t\t\t\t<\/div><div class=\"col\" data-animate=\"fadeInUp\">\n\t\t\t\t\t\t<div class=\"col-inner\">\n\t\t\t\t\t\t\n<div class=\"badge-container badge-custom absolute right top z-1\">\n\n<\/div>\n\t\t\t\t\t\t<div class=\"product-small box margin-auto has-hover box-normal box-text-bottom\">\n\t\t\t\t\t\t\t<div class=\"box-image\" >\n\t\t\t\t\t\t\t\t<div class=\"\" >\n\t\t\t\t\t\t\t\t\t<a href=\"https:\/\/schaumweinkontor.com\/en\/produkt\/varaschin-strada-chiesa-prosecco-docg-extra-dry-15-l-copy\/\" aria-label=\"Varaschin Strada Chiesa Prosecco DOCG Extra Dry 3 L\">\n\t\t\t\t\t\t\t\t\t\t<img loading=\"lazy\" decoding=\"async\" width=\"300\" height=\"300\" src=\"https:\/\/schaumweinkontor.com\/wp-content\/uploads\/2023\/08\/Varaschin-Strada-Chiesa-Prosecco-300x300.png\" class=\"attachment-medium size-medium\" alt=\"Varaschin Strada Chiesa Prosecco DOCG Extra Dry 3 L\" srcset=\"https:\/\/schaumweinkontor.com\/wp-content\/uploads\/2023\/08\/Varaschin-Strada-Chiesa-Prosecco-300x300.png 300w, https:\/\/schaumweinkontor.com\/wp-content\/uploads\/2023\/08\/Varaschin-Strada-Chiesa-Prosecco-100x100.png 100w, https:\/\/schaumweinkontor.com\/wp-content\/uploads\/2023\/08\/Varaschin-Strada-Chiesa-Prosecco-510x510.png 510w, https:\/\/schaumweinkontor.com\/wp-content\/uploads\/2023\/08\/Varaschin-Strada-Chiesa-Prosecco-150x150.png 150w, https:\/\/schaumweinkontor.com\/wp-content\/uploads\/2023\/08\/Varaschin-Strada-Chiesa-Prosecco-768x768.png 768w, https:\/\/schaumweinkontor.com\/wp-content\/uploads\/2023\/08\/Varaschin-Strada-Chiesa-Prosecco.png 1000w\" sizes=\"auto, (max-width: 300px) 100vw, 300px\" \/>\t\t\t\t\t\t\t\t\t<\/a>\n\t\t\t\t\t\t\t\t\t\t\t\t\t\t\t\t\t\t \t\t\t\t\t\t\t\t<\/div>\n\t\t\t\t\t\t\t\t<div class=\"image-tools top right show-on-hover\">\n\t\t\t\t\t\t\t\t\t\t\t\t\t\t\t\t\t<\/div>\n\t\t\t\t\t\t\t\t\t\t\t\t\t\t\t\t\t<div class=\"image-tools grid-tools text-center hide-for-small bottom hover-slide-in show-on-hover\">\n\t\t\t\t\t\t\t\t\t\t\t\t\t\t\t\t\t\t\t<\/div>\n\t\t\t\t\t\t\t\t\t\t\t\t\t\t\t\t\t\t\t\t\t\t\t<\/div>\n\n\t\t\t\t\t\t\t<div class=\"box-text text-center\" >\n\t\t\t\t\t\t\t\t<div class=\"title-wrapper\">\t\t<p class=\"category uppercase is-smaller no-text-overflow product-cat op-7\">\n\t\t\tVaraschin DOCG\t\t<\/p>\n\t<p class=\"name product-title woocommerce-loop-product__title\"><a href=\"https:\/\/schaumweinkontor.com\/en\/produkt\/varaschin-strada-chiesa-prosecco-docg-extra-dry-15-l-copy\/\" class=\"woocommerce-LoopProduct-link woocommerce-loop-product__link\">Varaschin Strada Chiesa Prosecco DOCG Extra Dry 3 L<\/a><\/p><\/div><div class=\"price-wrapper\">\n\t<span class=\"price\"><span class=\"woocommerce-Price-amount amount\" role=\"none\"><bdi><span class=\"woocommerce-Price-currencySymbol\">&euro;<\/span>&nbsp;135,00<\/bdi><\/span> <small class=\"woocommerce-price-suffix\">inkl. MwSt.<\/small><\/span>\n<\/div><div class=\"add-to-cart-button\"><a href=\"\/en\/wp-json\/wp\/v2\/pages\/4628?add-to-cart=5251\" aria-describedby=\"woocommerce_loop_add_to_cart_link_describedby_5251\" data-quantity=\"1\" class=\"primary is-small mb-0 button product_type_simple add_to_cart_button ajax_add_to_cart is-outline\" data-product_id=\"5251\" data-product_sku=\"100300366\" aria-label=\"Add to cart: &ldquo;Varaschin Strada Chiesa Prosecco DOCG Extra Dry 3 L&rdquo;\" rel=\"nofollow\" data-success_message=\"&ldquo;Varaschin Strada Chiesa Prosecco DOCG Extra Dry 3 L&rdquo; has been added to your cart\" role=\"button\">Add to cart<\/a><\/div>\t<span id=\"woocommerce_loop_add_to_cart_link_describedby_5251\" class=\"screen-reader-text\">\n\t\t\t<\/span>\n\t\t\t\t\t\t\t<\/div>\n\t\t\t\t\t\t<\/div>\n\t\t\t\t\t\t<\/div>\n\t\t\t\t\t<\/div><div class=\"col\" data-animate=\"fadeInUp\">\n\t\t\t\t\t\t<div class=\"col-inner\">\n\t\t\t\t\t\t\n<div class=\"badge-container badge-custom absolute right top z-1\">\n\n<\/div>\n\t\t\t\t\t\t<div class=\"product-small box margin-auto has-hover box-normal box-text-bottom\">\n\t\t\t\t\t\t\t<div class=\"box-image\" >\n\t\t\t\t\t\t\t\t<div class=\"\" >\n\t\t\t\t\t\t\t\t\t<a href=\"https:\/\/schaumweinkontor.com\/en\/produkt\/varaschin-strada-chiesa-prosecco-docg-extra-dry-3-l-copy\/\" aria-label=\"Varaschin Strada Chiesa Prosecco DOCG Extra Dry 6 L\">\n\t\t\t\t\t\t\t\t\t\t<img loading=\"lazy\" decoding=\"async\" width=\"300\" height=\"300\" src=\"https:\/\/schaumweinkontor.com\/wp-content\/uploads\/2023\/08\/Varaschin-Strada-Chiesa-Prosecco-300x300.png\" class=\"attachment-medium size-medium\" alt=\"Varaschin Strada Chiesa Prosecco DOCG Extra Dry 6 L\" srcset=\"https:\/\/schaumweinkontor.com\/wp-content\/uploads\/2023\/08\/Varaschin-Strada-Chiesa-Prosecco-300x300.png 300w, https:\/\/schaumweinkontor.com\/wp-content\/uploads\/2023\/08\/Varaschin-Strada-Chiesa-Prosecco-100x100.png 100w, https:\/\/schaumweinkontor.com\/wp-content\/uploads\/2023\/08\/Varaschin-Strada-Chiesa-Prosecco-510x510.png 510w, https:\/\/schaumweinkontor.com\/wp-content\/uploads\/2023\/08\/Varaschin-Strada-Chiesa-Prosecco-150x150.png 150w, https:\/\/schaumweinkontor.com\/wp-content\/uploads\/2023\/08\/Varaschin-Strada-Chiesa-Prosecco-768x768.png 768w, https:\/\/schaumweinkontor.com\/wp-content\/uploads\/2023\/08\/Varaschin-Strada-Chiesa-Prosecco.png 1000w\" sizes=\"auto, (max-width: 300px) 100vw, 300px\" \/>\t\t\t\t\t\t\t\t\t<\/a>\n\t\t\t\t\t\t\t\t\t\t\t\t\t\t\t\t\t\t \t\t\t\t\t\t\t\t<\/div>\n\t\t\t\t\t\t\t\t<div class=\"image-tools top right show-on-hover\">\n\t\t\t\t\t\t\t\t\t\t\t\t\t\t\t\t\t<\/div>\n\t\t\t\t\t\t\t\t\t\t\t\t\t\t\t\t\t<div class=\"image-tools grid-tools text-center hide-for-small bottom hover-slide-in show-on-hover\">\n\t\t\t\t\t\t\t\t\t\t\t\t\t\t\t\t\t\t\t<\/div>\n\t\t\t\t\t\t\t\t\t\t\t\t\t\t\t\t\t\t\t\t\t\t\t<\/div>\n\n\t\t\t\t\t\t\t<div class=\"box-text text-center\" >\n\t\t\t\t\t\t\t\t<div class=\"title-wrapper\">\t\t<p class=\"category uppercase is-smaller no-text-overflow product-cat op-7\">\n\t\t\tVaraschin DOCG\t\t<\/p>\n\t<p class=\"name product-title woocommerce-loop-product__title\"><a href=\"https:\/\/schaumweinkontor.com\/en\/produkt\/varaschin-strada-chiesa-prosecco-docg-extra-dry-3-l-copy\/\" class=\"woocommerce-LoopProduct-link woocommerce-loop-product__link\">Varaschin Strada Chiesa Prosecco DOCG Extra Dry 6 L<\/a><\/p><\/div><div class=\"price-wrapper\">\n\t<span class=\"price\"><span class=\"woocommerce-Price-amount amount\" role=\"none\"><bdi><span class=\"woocommerce-Price-currencySymbol\">&euro;<\/span>&nbsp;260,00<\/bdi><\/span> <small class=\"woocommerce-price-suffix\">inkl. MwSt.<\/small><\/span>\n<\/div><div class=\"add-to-cart-button\"><a href=\"\/en\/wp-json\/wp\/v2\/pages\/4628?add-to-cart=5253\" aria-describedby=\"woocommerce_loop_add_to_cart_link_describedby_5253\" data-quantity=\"1\" class=\"primary is-small mb-0 button product_type_simple add_to_cart_button ajax_add_to_cart is-outline\" data-product_id=\"5253\" data-product_sku=\"100300367\" aria-label=\"Add to cart: &ldquo;Varaschin Strada Chiesa Prosecco DOCG Extra Dry 6 L&rdquo;\" rel=\"nofollow\" data-success_message=\"&ldquo;Varaschin Strada Chiesa Prosecco DOCG Extra Dry 6 L&rdquo; has been added to your cart\" role=\"button\">Add to cart<\/a><\/div>\t<span id=\"woocommerce_loop_add_to_cart_link_describedby_5253\" class=\"screen-reader-text\">\n\t\t\t<\/span>\n\t\t\t\t\t\t\t<\/div>\n\t\t\t\t\t\t<\/div>\n\t\t\t\t\t\t<\/div>\n\t\t\t\t\t<\/div><\/div>\n\n\n\t\t<\/div>\n\t\t\t\t\t<\/div>\n\n\t\n\n\n<style>\n#row-1886065072 > .col > .col-inner {\n  padding: 15px 0px 0px 0px;\n}\n<\/style>\n<\/div>\n<div class=\"row row-collapse row-full-width align-middle blau-verlauf\"  id=\"row-1401405014\">\n\n\n\t<div id=\"col-1080310832\" class=\"col medium-6 small-5 large-6\"  >\n\t\t\t\t<div class=\"col-inner\"  >\n\t\t\t\n\t\t\t\n\n\t<div id=\"text-2162040364\" class=\"text\">\n\t\t\n\n<h2><span style=\"font-size: 75%;\"> Italy <\/span><\/h2>\n\t\t\n<style>\n#text-2162040364 {\n  font-size: 1.5rem;\n  line-height: 2;\n}\n<\/style>\n\t<\/div>\n\t\n\n\t\t<\/div>\n\t\t\t\t\t<\/div>\n\n\t\n\n\t<div id=\"col-2099080289\" class=\"col medium-6 small-7 large-6\"  >\n\t\t\t\t<div class=\"col-inner\"  >\n\t\t\t\n\t\t\t\n\n<h5 id=\"spumante-mobile\" class=\"uppercase\" style=\"text-align: right;\"><span style=\"color: #b79549; font-size: 75%;\">Spumante<\/span><\/h5>\n\n\t\t<\/div>\n\t\t\t\t\t<\/div>\n\n\t\n\n\n<style>\n#row-1401405014 > .col > .col-inner {\n  padding: 0px 20px 0px 20px;\n  border-radius: 74px;\n}\n<\/style>\n<\/div>\n\t<section class=\"section bg_winzer show-for-medium\" id=\"section_1062437091\">\n\t\t<div class=\"bg section-bg fill bg-fill  \" >\n\n\t\t\t\n\t\t\t\n\t\t\t\n\n\t\t<\/div>\n\n\t\t\n\n\t\t<div class=\"section-content relative\">\n\t\t\t\n\n<div class=\"row row-collapse row-full-width align-middle align-center\"  id=\"row-1817092577\">\n\n\n\t<div id=\"col-2049148527\" class=\"col small-12 large-12\"  >\n\t\t\t\t<div class=\"col-inner\"  >\n\t\t\t\n\t\t\t\n\n\t<div id=\"text-2777343318\" class=\"text\">\n\t\t\n\n<h2 id=\"rocca-spumante-mobile\" class=\"uppercase\" style=\"text-align: center;\"><span style=\"font-size: 90%;\">Rocca dei Forti<\/span><\/h2>\n\t\t\n<style>\n#text-2777343318 {\n  font-size: 1rem;\n  line-height: 0.75;\n}\n<\/style>\n\t<\/div>\n\t\n\n\t\t<\/div>\n\t\t\t\t\t<\/div>\n\n\t\n\n\n<style>\n#row-1817092577 > .col > .col-inner {\n  padding: 0 0px 0px 0px;\n}\n@media (min-width:550px) {\n  #row-1817092577 > .col > .col-inner {\n    padding: 15px 0px 0px 0px;\n  }\n}\n<\/style>\n<\/div>\n\n\t\t<\/div>\n\n\t\t\n<style>\n#section_1062437091 {\n  padding-top: 35px;\n  padding-bottom: 35px;\n  margin-bottom: 30px;\n}\n#section_1062437091 .section-bg.bg-loaded {\n  background-image: url(https:\/\/schaumweinkontor.com\/wp-content\/uploads\/2022\/06\/landscape-illu-gold-transp.png);\n}\n@media (min-width:550px) {\n  #section_1062437091 {\n    padding-top: 20px;\n    padding-bottom: 20px;\n  }\n}\n<\/style>\n\t<\/section>\n\t\n<div class=\"row row-collapse row-full-width align-middle align-center\"  id=\"row-975784172\">\n\n\n\t<div id=\"col-1291308642\" class=\"col small-12 large-12\"  >\n\t\t\t\t<div class=\"col-inner\"  >\n\t\t\t\n\t\t\t\n\n\n  \n    <div class=\"row margin-auto equalize-box show-for-small large-columns-3 medium-columns- small-columns-1 row-large has-shadow row-box-shadow-2 row-box-shadow-4-hover\" >\n  \t\n\t     <div class=\"col\" data-animate=\"fadeInUp\">\n\t\t\t\t\t\t<div class=\"col-inner\">\n\t\t\t\t\t\t\n<div class=\"badge-container badge-custom absolute right top z-1\">\n\n<\/div>\n\t\t\t\t\t\t<div class=\"product-small box margin-auto has-hover box-vertical box-text-bottom\">\n\t\t\t\t\t\t\t<div class=\"box-image\" >\n\t\t\t\t\t\t\t\t<div class=\"\" >\n\t\t\t\t\t\t\t\t\t<a href=\"https:\/\/schaumweinkontor.com\/en\/produkt\/rocca-dei-forti-spumante-alcool-free-075-l\/\" aria-label=\"Rocca dei Forti Spumante Alcool free 0,75 L\">\n\t\t\t\t\t\t\t\t\t\t<img loading=\"lazy\" decoding=\"async\" width=\"300\" height=\"300\" src=\"https:\/\/schaumweinkontor.com\/wp-content\/uploads\/2022\/06\/Rocca-dei-Forti-Prosecco-Alcool-zero-800x800-px-1-300x300.jpg\" class=\"attachment-medium size-medium\" alt=\"Rocca dei Forti Spumante Alcool free 0,75 L\" srcset=\"https:\/\/schaumweinkontor.com\/wp-content\/uploads\/2022\/06\/Rocca-dei-Forti-Prosecco-Alcool-zero-800x800-px-1-300x300.jpg 300w, https:\/\/schaumweinkontor.com\/wp-content\/uploads\/2022\/06\/Rocca-dei-Forti-Prosecco-Alcool-zero-800x800-px-1-100x100.jpg 100w, https:\/\/schaumweinkontor.com\/wp-content\/uploads\/2022\/06\/Rocca-dei-Forti-Prosecco-Alcool-zero-800x800-px-1-510x510.jpg 510w, https:\/\/schaumweinkontor.com\/wp-content\/uploads\/2022\/06\/Rocca-dei-Forti-Prosecco-Alcool-zero-800x800-px-1-150x150.jpg 150w, https:\/\/schaumweinkontor.com\/wp-content\/uploads\/2022\/06\/Rocca-dei-Forti-Prosecco-Alcool-zero-800x800-px-1-768x768.jpg 768w, https:\/\/schaumweinkontor.com\/wp-content\/uploads\/2022\/06\/Rocca-dei-Forti-Prosecco-Alcool-zero-800x800-px-1.jpg 800w\" sizes=\"auto, (max-width: 300px) 100vw, 300px\" \/>\t\t\t\t\t\t\t\t\t<\/a>\n\t\t\t\t\t\t\t\t\t\t\t\t\t\t\t\t\t\t \t\t\t\t\t\t\t\t<\/div>\n\t\t\t\t\t\t\t\t<div class=\"image-tools top right show-on-hover\">\n\t\t\t\t\t\t\t\t\t\t\t\t\t\t\t\t\t<\/div>\n\t\t\t\t\t\t\t\t\t\t\t\t\t\t\t\t\t<div class=\"image-tools grid-tools text-center hide-for-small bottom hover-slide-in show-on-hover\">\n\t\t\t\t\t\t\t\t\t\t\t\t\t\t\t\t\t\t\t<\/div>\n\t\t\t\t\t\t\t\t\t\t\t\t\t\t\t\t<div class=\"out-of-stock-label\">Out of stock<\/div>\t\t\t\t\t\t\t<\/div>\n\n\t\t\t\t\t\t\t<div class=\"box-text text-center\" style=\"padding:0px 0px 30px 0px;\">\n\t\t\t\t\t\t\t\t<div class=\"title-wrapper\">\t\t<p class=\"category uppercase is-smaller no-text-overflow product-cat op-7\">\n\t\t\tRocca dei Forti\t\t<\/p>\n\t<p class=\"name product-title woocommerce-loop-product__title\"><a href=\"https:\/\/schaumweinkontor.com\/en\/produkt\/rocca-dei-forti-spumante-alcool-free-075-l\/\" class=\"woocommerce-LoopProduct-link woocommerce-loop-product__link\">Rocca dei Forti Spumante Alcool free 0,75 L<\/a><\/p><\/div><div class=\"price-wrapper\">\n\t<span class=\"price\"><span class=\"woocommerce-Price-amount amount\" role=\"none\"><bdi><span class=\"woocommerce-Price-currencySymbol\">&euro;<\/span>&nbsp;7,00<\/bdi><\/span> <small class=\"woocommerce-price-suffix\">inkl. MwSt.<\/small><\/span>\n<\/div><div class=\"add-to-cart-button\"><a href=\"https:\/\/schaumweinkontor.com\/en\/produkt\/rocca-dei-forti-spumante-alcool-free-075-l\/\" aria-describedby=\"woocommerce_loop_add_to_cart_link_describedby_4801\" data-quantity=\"1\" class=\"primary is-small mb-0 button product_type_simple is-outline\" data-product_id=\"4801\" data-product_sku=\"100300555\" aria-label=\"Read more about &ldquo;Rocca dei Forti Spumante Alcool free 0,75 L&rdquo;\" rel=\"nofollow\" data-success_message=\"\">Read more<\/a><\/div>\t<span id=\"woocommerce_loop_add_to_cart_link_describedby_4801\" class=\"screen-reader-text\">\n\t\t\t<\/span>\n\t\t\t\t\t\t\t<\/div>\n\t\t\t\t\t\t<\/div>\n\t\t\t\t\t\t<\/div>\n\t\t\t\t\t<\/div><div class=\"col\" data-animate=\"fadeInUp\">\n\t\t\t\t\t\t<div class=\"col-inner\">\n\t\t\t\t\t\t\n<div class=\"badge-container badge-custom absolute right top z-1\">\n\n<\/div>\n\t\t\t\t\t\t<div class=\"product-small box margin-auto has-hover box-vertical box-text-bottom\">\n\t\t\t\t\t\t\t<div class=\"box-image\" >\n\t\t\t\t\t\t\t\t<div class=\"\" >\n\t\t\t\t\t\t\t\t\t<a href=\"https:\/\/schaumweinkontor.com\/en\/produkt\/rocca-dei-forti-bio-spumante-075-l\/\" aria-label=\"Rocca dei Forti BIO Spumante 0,75 L\">\n\t\t\t\t\t\t\t\t\t\t<img loading=\"lazy\" decoding=\"async\" width=\"300\" height=\"300\" src=\"https:\/\/schaumweinkontor.com\/wp-content\/uploads\/2022\/11\/2-1-300x300.png\" class=\"attachment-medium size-medium\" alt=\"Rocca dei Forti BIO Spumante\" srcset=\"https:\/\/schaumweinkontor.com\/wp-content\/uploads\/2022\/11\/2-1-300x300.png 300w, https:\/\/schaumweinkontor.com\/wp-content\/uploads\/2022\/11\/2-1-100x100.png 100w, https:\/\/schaumweinkontor.com\/wp-content\/uploads\/2022\/11\/2-1-510x510.png 510w, https:\/\/schaumweinkontor.com\/wp-content\/uploads\/2022\/11\/2-1-150x150.png 150w, https:\/\/schaumweinkontor.com\/wp-content\/uploads\/2022\/11\/2-1-768x768.png 768w, https:\/\/schaumweinkontor.com\/wp-content\/uploads\/2022\/11\/2-1.png 1000w\" sizes=\"auto, (max-width: 300px) 100vw, 300px\" \/>\t\t\t\t\t\t\t\t\t<\/a>\n\t\t\t\t\t\t\t\t\t\t\t\t\t\t\t\t\t\t \t\t\t\t\t\t\t\t<\/div>\n\t\t\t\t\t\t\t\t<div class=\"image-tools top right show-on-hover\">\n\t\t\t\t\t\t\t\t\t\t\t\t\t\t\t\t\t<\/div>\n\t\t\t\t\t\t\t\t\t\t\t\t\t\t\t\t\t<div class=\"image-tools grid-tools text-center hide-for-small bottom hover-slide-in show-on-hover\">\n\t\t\t\t\t\t\t\t\t\t\t\t\t\t\t\t\t\t\t<\/div>\n\t\t\t\t\t\t\t\t\t\t\t\t\t\t\t\t\t\t\t\t\t\t\t<\/div>\n\n\t\t\t\t\t\t\t<div class=\"box-text text-center\" style=\"padding:0px 0px 30px 0px;\">\n\t\t\t\t\t\t\t\t<div class=\"title-wrapper\">\t\t<p class=\"category uppercase is-smaller no-text-overflow product-cat op-7\">\n\t\t\tRocca dei Forti\t\t<\/p>\n\t<p class=\"name product-title woocommerce-loop-product__title\"><a href=\"https:\/\/schaumweinkontor.com\/en\/produkt\/rocca-dei-forti-bio-spumante-075-l\/\" class=\"woocommerce-LoopProduct-link woocommerce-loop-product__link\">Rocca dei Forti BIO Spumante 0,75 L<\/a><\/p><\/div><div class=\"price-wrapper\">\n\t<span class=\"price\"><span class=\"woocommerce-Price-amount amount\" role=\"none\"><bdi><span class=\"woocommerce-Price-currencySymbol\">&euro;<\/span>&nbsp;7,90<\/bdi><\/span> <small class=\"woocommerce-price-suffix\">inkl. MwSt.<\/small><\/span>\n<\/div><div class=\"add-to-cart-button\"><a href=\"\/en\/wp-json\/wp\/v2\/pages\/4628?add-to-cart=4729\" aria-describedby=\"woocommerce_loop_add_to_cart_link_describedby_4729\" data-quantity=\"1\" class=\"primary is-small mb-0 button product_type_simple add_to_cart_button ajax_add_to_cart is-outline\" data-product_id=\"4729\" data-product_sku=\"100300125\" aria-label=\"Add to cart: &ldquo;Rocca dei Forti BIO Spumante 0,75 L&rdquo;\" rel=\"nofollow\" data-success_message=\"&ldquo;Rocca dei Forti BIO Spumante 0,75 L&rdquo; has been added to your cart\" role=\"button\">Add to cart<\/a><\/div>\t<span id=\"woocommerce_loop_add_to_cart_link_describedby_4729\" class=\"screen-reader-text\">\n\t\t\t<\/span>\n\t\t\t\t\t\t\t<\/div>\n\t\t\t\t\t\t<\/div>\n\t\t\t\t\t\t<\/div>\n\t\t\t\t\t<\/div><div class=\"col\" data-animate=\"fadeInUp\">\n\t\t\t\t\t\t<div class=\"col-inner\">\n\t\t\t\t\t\t\n<div class=\"badge-container badge-custom absolute right top z-1\">\n\n<\/div>\n\t\t\t\t\t\t<div class=\"product-small box margin-auto has-hover box-vertical box-text-bottom\">\n\t\t\t\t\t\t\t<div class=\"box-image\" >\n\t\t\t\t\t\t\t\t<div class=\"\" >\n\t\t\t\t\t\t\t\t\t<a href=\"https:\/\/schaumweinkontor.com\/en\/produkt\/rocca-dei-forti-le-cuvee-verdicchio-brut-doc-075-l\/\" aria-label=\"Rocca dei Forti Le Cuv\u00e9e Verdicchio Brut DOC 0,75 L\">\n\t\t\t\t\t\t\t\t\t\t<img loading=\"lazy\" decoding=\"async\" width=\"300\" height=\"300\" src=\"https:\/\/schaumweinkontor.com\/wp-content\/uploads\/2022\/06\/Rocca-Dei-Forti-Le-Cuvee-Verdicchio-075-1000x1000-1-300x300.png\" class=\"attachment-medium size-medium\" alt=\"Rocca dei Forti Le Cuv\u00e9e Verdicchio Brut DOC 0,75 L\" srcset=\"https:\/\/schaumweinkontor.com\/wp-content\/uploads\/2022\/06\/Rocca-Dei-Forti-Le-Cuvee-Verdicchio-075-1000x1000-1-300x300.png 300w, https:\/\/schaumweinkontor.com\/wp-content\/uploads\/2022\/06\/Rocca-Dei-Forti-Le-Cuvee-Verdicchio-075-1000x1000-1-100x100.png 100w, https:\/\/schaumweinkontor.com\/wp-content\/uploads\/2022\/06\/Rocca-Dei-Forti-Le-Cuvee-Verdicchio-075-1000x1000-1-510x510.png 510w, https:\/\/schaumweinkontor.com\/wp-content\/uploads\/2022\/06\/Rocca-Dei-Forti-Le-Cuvee-Verdicchio-075-1000x1000-1-150x150.png 150w, https:\/\/schaumweinkontor.com\/wp-content\/uploads\/2022\/06\/Rocca-Dei-Forti-Le-Cuvee-Verdicchio-075-1000x1000-1-768x768.png 768w, https:\/\/schaumweinkontor.com\/wp-content\/uploads\/2022\/06\/Rocca-Dei-Forti-Le-Cuvee-Verdicchio-075-1000x1000-1.png 1001w\" sizes=\"auto, (max-width: 300px) 100vw, 300px\" \/>\t\t\t\t\t\t\t\t\t<\/a>\n\t\t\t\t\t\t\t\t\t\t\t\t\t\t\t\t\t\t \t\t\t\t\t\t\t\t<\/div>\n\t\t\t\t\t\t\t\t<div class=\"image-tools top right show-on-hover\">\n\t\t\t\t\t\t\t\t\t\t\t\t\t\t\t\t\t<\/div>\n\t\t\t\t\t\t\t\t\t\t\t\t\t\t\t\t\t<div class=\"image-tools grid-tools text-center hide-for-small bottom hover-slide-in show-on-hover\">\n\t\t\t\t\t\t\t\t\t\t\t\t\t\t\t\t\t\t\t<\/div>\n\t\t\t\t\t\t\t\t\t\t\t\t\t\t\t\t\t\t\t\t\t\t\t<\/div>\n\n\t\t\t\t\t\t\t<div class=\"box-text text-center\" style=\"padding:0px 0px 30px 0px;\">\n\t\t\t\t\t\t\t\t<div class=\"title-wrapper\">\t\t<p class=\"category uppercase is-smaller no-text-overflow product-cat op-7\">\n\t\t\tRocca dei Forti\t\t<\/p>\n\t<p class=\"name product-title woocommerce-loop-product__title\"><a href=\"https:\/\/schaumweinkontor.com\/en\/produkt\/rocca-dei-forti-le-cuvee-verdicchio-brut-doc-075-l\/\" class=\"woocommerce-LoopProduct-link woocommerce-loop-product__link\">Rocca dei Forti Le Cuv\u00e9e Verdicchio Brut DOC 0,75 L<\/a><\/p><\/div><div class=\"price-wrapper\">\n\t<span class=\"price\"><span class=\"woocommerce-Price-amount amount\" role=\"none\"><bdi><span class=\"woocommerce-Price-currencySymbol\">&euro;<\/span>&nbsp;7,90<\/bdi><\/span> <small class=\"woocommerce-price-suffix\">inkl. MwSt.<\/small><\/span>\n<\/div><div class=\"add-to-cart-button\"><a href=\"\/en\/wp-json\/wp\/v2\/pages\/4628?add-to-cart=4754\" aria-describedby=\"woocommerce_loop_add_to_cart_link_describedby_4754\" data-quantity=\"1\" class=\"primary is-small mb-0 button product_type_simple add_to_cart_button ajax_add_to_cart is-outline\" data-product_id=\"4754\" data-product_sku=\"100300123\" aria-label=\"Add to cart: &ldquo;Rocca dei Forti Le Cuv\u00e9e Verdicchio Brut DOC 0,75 L&rdquo;\" rel=\"nofollow\" data-success_message=\"&ldquo;Rocca dei Forti Le Cuv\u00e9e Verdicchio Brut DOC 0,75 L&rdquo; has been added to your cart\" role=\"button\">Add to cart<\/a><\/div>\t<span id=\"woocommerce_loop_add_to_cart_link_describedby_4754\" class=\"screen-reader-text\">\n\t\t\t<\/span>\n\t\t\t\t\t\t\t<\/div>\n\t\t\t\t\t\t<\/div>\n\t\t\t\t\t\t<\/div>\n\t\t\t\t\t<\/div><div class=\"col\" data-animate=\"fadeInUp\">\n\t\t\t\t\t\t<div class=\"col-inner\">\n\t\t\t\t\t\t\n<div class=\"badge-container badge-custom absolute right top z-1\">\n\n<\/div>\n\t\t\t\t\t\t<div class=\"product-small box margin-auto has-hover box-vertical box-text-bottom\">\n\t\t\t\t\t\t\t<div class=\"box-image\" >\n\t\t\t\t\t\t\t\t<div class=\"\" >\n\t\t\t\t\t\t\t\t\t<a href=\"https:\/\/schaumweinkontor.com\/en\/produkt\/rocca-dei-forti-asti-spumante-sweet-docg-075-l\/\" aria-label=\"Rocca dei Forti Asti Spumante Sweet DOCG 0,75 L\">\n\t\t\t\t\t\t\t\t\t\t<img loading=\"lazy\" decoding=\"async\" width=\"300\" height=\"300\" src=\"https:\/\/schaumweinkontor.com\/wp-content\/uploads\/2022\/11\/1-1-300x300.png\" class=\"attachment-medium size-medium\" alt=\"Rocca dei Forti Asti Spumante Sweet DOCG 0,75 L\" srcset=\"https:\/\/schaumweinkontor.com\/wp-content\/uploads\/2022\/11\/1-1-300x300.png 300w, https:\/\/schaumweinkontor.com\/wp-content\/uploads\/2022\/11\/1-1-100x100.png 100w, https:\/\/schaumweinkontor.com\/wp-content\/uploads\/2022\/11\/1-1-510x510.png 510w, https:\/\/schaumweinkontor.com\/wp-content\/uploads\/2022\/11\/1-1-150x150.png 150w, https:\/\/schaumweinkontor.com\/wp-content\/uploads\/2022\/11\/1-1-768x768.png 768w, https:\/\/schaumweinkontor.com\/wp-content\/uploads\/2022\/11\/1-1.png 1000w\" sizes=\"auto, (max-width: 300px) 100vw, 300px\" \/>\t\t\t\t\t\t\t\t\t<\/a>\n\t\t\t\t\t\t\t\t\t\t\t\t\t\t\t\t\t\t \t\t\t\t\t\t\t\t<\/div>\n\t\t\t\t\t\t\t\t<div class=\"image-tools top right show-on-hover\">\n\t\t\t\t\t\t\t\t\t\t\t\t\t\t\t\t\t<\/div>\n\t\t\t\t\t\t\t\t\t\t\t\t\t\t\t\t\t<div class=\"image-tools grid-tools text-center hide-for-small bottom hover-slide-in show-on-hover\">\n\t\t\t\t\t\t\t\t\t\t\t\t\t\t\t\t\t\t\t<\/div>\n\t\t\t\t\t\t\t\t\t\t\t\t\t\t\t\t\t\t\t\t\t\t\t<\/div>\n\n\t\t\t\t\t\t\t<div class=\"box-text text-center\" style=\"padding:0px 0px 30px 0px;\">\n\t\t\t\t\t\t\t\t<div class=\"title-wrapper\">\t\t<p class=\"category uppercase is-smaller no-text-overflow product-cat op-7\">\n\t\t\tRocca dei Forti\t\t<\/p>\n\t<p class=\"name product-title woocommerce-loop-product__title\"><a href=\"https:\/\/schaumweinkontor.com\/en\/produkt\/rocca-dei-forti-asti-spumante-sweet-docg-075-l\/\" class=\"woocommerce-LoopProduct-link woocommerce-loop-product__link\">Rocca dei Forti Asti Spumante Sweet DOCG 0,75 L<\/a><\/p><\/div><div class=\"price-wrapper\">\n\t<span class=\"price\"><span class=\"woocommerce-Price-amount amount\" role=\"none\"><bdi><span class=\"woocommerce-Price-currencySymbol\">&euro;<\/span>&nbsp;8,90<\/bdi><\/span> <small class=\"woocommerce-price-suffix\">inkl. MwSt.<\/small><\/span>\n<\/div><div class=\"add-to-cart-button\"><a href=\"\/en\/wp-json\/wp\/v2\/pages\/4628?add-to-cart=4730\" aria-describedby=\"woocommerce_loop_add_to_cart_link_describedby_4730\" data-quantity=\"1\" class=\"primary is-small mb-0 button product_type_simple add_to_cart_button ajax_add_to_cart is-outline\" data-product_id=\"4730\" data-product_sku=\"100300124\" aria-label=\"Add to cart: &ldquo;Rocca dei Forti Asti Spumante Sweet DOCG 0,75 L&rdquo;\" rel=\"nofollow\" data-success_message=\"&ldquo;Rocca dei Forti Asti Spumante Sweet DOCG 0,75 L&rdquo; has been added to your cart\" role=\"button\">Add to cart<\/a><\/div>\t<span id=\"woocommerce_loop_add_to_cart_link_describedby_4730\" class=\"screen-reader-text\">\n\t\t\t<\/span>\n\t\t\t\t\t\t\t<\/div>\n\t\t\t\t\t\t<\/div>\n\t\t\t\t\t\t<\/div>\n\t\t\t\t\t<\/div><\/div>\n\n\n  \n    <div class=\"row margin-auto equalize-box show-for-medium hide-for-small large-columns-3 medium-columns-2 small-columns-1 row-large has-shadow row-box-shadow-2 row-box-shadow-4-hover\" >\n  \t\n\t     <div class=\"col\" data-animate=\"fadeInUp\">\n\t\t\t\t\t\t<div class=\"col-inner\">\n\t\t\t\t\t\t\n<div class=\"badge-container badge-custom absolute right top z-1\">\n\n<\/div>\n\t\t\t\t\t\t<div class=\"product-small box margin-auto has-hover box-normal box-text-bottom\">\n\t\t\t\t\t\t\t<div class=\"box-image\" >\n\t\t\t\t\t\t\t\t<div class=\"\" >\n\t\t\t\t\t\t\t\t\t<a href=\"https:\/\/schaumweinkontor.com\/en\/produkt\/rocca-dei-forti-spumante-alcool-free-075-l\/\" aria-label=\"Rocca dei Forti Spumante Alcool free 0,75 L\">\n\t\t\t\t\t\t\t\t\t\t<img loading=\"lazy\" decoding=\"async\" width=\"300\" height=\"300\" src=\"https:\/\/schaumweinkontor.com\/wp-content\/uploads\/2022\/06\/Rocca-dei-Forti-Prosecco-Alcool-zero-800x800-px-1-300x300.jpg\" class=\"attachment-medium size-medium\" alt=\"Rocca dei Forti Spumante Alcool free 0,75 L\" srcset=\"https:\/\/schaumweinkontor.com\/wp-content\/uploads\/2022\/06\/Rocca-dei-Forti-Prosecco-Alcool-zero-800x800-px-1-300x300.jpg 300w, https:\/\/schaumweinkontor.com\/wp-content\/uploads\/2022\/06\/Rocca-dei-Forti-Prosecco-Alcool-zero-800x800-px-1-100x100.jpg 100w, https:\/\/schaumweinkontor.com\/wp-content\/uploads\/2022\/06\/Rocca-dei-Forti-Prosecco-Alcool-zero-800x800-px-1-510x510.jpg 510w, https:\/\/schaumweinkontor.com\/wp-content\/uploads\/2022\/06\/Rocca-dei-Forti-Prosecco-Alcool-zero-800x800-px-1-150x150.jpg 150w, https:\/\/schaumweinkontor.com\/wp-content\/uploads\/2022\/06\/Rocca-dei-Forti-Prosecco-Alcool-zero-800x800-px-1-768x768.jpg 768w, https:\/\/schaumweinkontor.com\/wp-content\/uploads\/2022\/06\/Rocca-dei-Forti-Prosecco-Alcool-zero-800x800-px-1.jpg 800w\" sizes=\"auto, (max-width: 300px) 100vw, 300px\" \/>\t\t\t\t\t\t\t\t\t<\/a>\n\t\t\t\t\t\t\t\t\t\t\t\t\t\t\t\t\t\t \t\t\t\t\t\t\t\t<\/div>\n\t\t\t\t\t\t\t\t<div class=\"image-tools top right show-on-hover\">\n\t\t\t\t\t\t\t\t\t\t\t\t\t\t\t\t\t<\/div>\n\t\t\t\t\t\t\t\t\t\t\t\t\t\t\t\t\t<div class=\"image-tools grid-tools text-center hide-for-small bottom hover-slide-in show-on-hover\">\n\t\t\t\t\t\t\t\t\t\t\t\t\t\t\t\t\t\t\t<\/div>\n\t\t\t\t\t\t\t\t\t\t\t\t\t\t\t\t<div class=\"out-of-stock-label\">Out of stock<\/div>\t\t\t\t\t\t\t<\/div>\n\n\t\t\t\t\t\t\t<div class=\"box-text text-center\" style=\"padding:0px 0px 30px 0px;\">\n\t\t\t\t\t\t\t\t<div class=\"title-wrapper\">\t\t<p class=\"category uppercase is-smaller no-text-overflow product-cat op-7\">\n\t\t\tRocca dei Forti\t\t<\/p>\n\t<p class=\"name product-title woocommerce-loop-product__title\"><a href=\"https:\/\/schaumweinkontor.com\/en\/produkt\/rocca-dei-forti-spumante-alcool-free-075-l\/\" class=\"woocommerce-LoopProduct-link woocommerce-loop-product__link\">Rocca dei Forti Spumante Alcool free 0,75 L<\/a><\/p><\/div><div class=\"price-wrapper\">\n\t<span class=\"price\"><span class=\"woocommerce-Price-amount amount\" role=\"none\"><bdi><span class=\"woocommerce-Price-currencySymbol\">&euro;<\/span>&nbsp;7,00<\/bdi><\/span> <small class=\"woocommerce-price-suffix\">inkl. MwSt.<\/small><\/span>\n<\/div><div class=\"add-to-cart-button\"><a href=\"https:\/\/schaumweinkontor.com\/en\/produkt\/rocca-dei-forti-spumante-alcool-free-075-l\/\" aria-describedby=\"woocommerce_loop_add_to_cart_link_describedby_4801\" data-quantity=\"1\" class=\"primary is-small mb-0 button product_type_simple is-outline\" data-product_id=\"4801\" data-product_sku=\"100300555\" aria-label=\"Read more about &ldquo;Rocca dei Forti Spumante Alcool free 0,75 L&rdquo;\" rel=\"nofollow\" data-success_message=\"\">Read more<\/a><\/div>\t<span id=\"woocommerce_loop_add_to_cart_link_describedby_4801\" class=\"screen-reader-text\">\n\t\t\t<\/span>\n\t\t\t\t\t\t\t<\/div>\n\t\t\t\t\t\t<\/div>\n\t\t\t\t\t\t<\/div>\n\t\t\t\t\t<\/div><div class=\"col\" data-animate=\"fadeInUp\">\n\t\t\t\t\t\t<div class=\"col-inner\">\n\t\t\t\t\t\t\n<div class=\"badge-container badge-custom absolute right top z-1\">\n\n<\/div>\n\t\t\t\t\t\t<div class=\"product-small box margin-auto has-hover box-normal box-text-bottom\">\n\t\t\t\t\t\t\t<div class=\"box-image\" >\n\t\t\t\t\t\t\t\t<div class=\"\" >\n\t\t\t\t\t\t\t\t\t<a href=\"https:\/\/schaumweinkontor.com\/en\/produkt\/rocca-dei-forti-bio-spumante-075-l\/\" aria-label=\"Rocca dei Forti BIO Spumante 0,75 L\">\n\t\t\t\t\t\t\t\t\t\t<img loading=\"lazy\" decoding=\"async\" width=\"300\" height=\"300\" src=\"https:\/\/schaumweinkontor.com\/wp-content\/uploads\/2022\/11\/2-1-300x300.png\" class=\"attachment-medium size-medium\" alt=\"Rocca dei Forti BIO Spumante\" srcset=\"https:\/\/schaumweinkontor.com\/wp-content\/uploads\/2022\/11\/2-1-300x300.png 300w, https:\/\/schaumweinkontor.com\/wp-content\/uploads\/2022\/11\/2-1-100x100.png 100w, https:\/\/schaumweinkontor.com\/wp-content\/uploads\/2022\/11\/2-1-510x510.png 510w, https:\/\/schaumweinkontor.com\/wp-content\/uploads\/2022\/11\/2-1-150x150.png 150w, https:\/\/schaumweinkontor.com\/wp-content\/uploads\/2022\/11\/2-1-768x768.png 768w, https:\/\/schaumweinkontor.com\/wp-content\/uploads\/2022\/11\/2-1.png 1000w\" sizes=\"auto, (max-width: 300px) 100vw, 300px\" \/>\t\t\t\t\t\t\t\t\t<\/a>\n\t\t\t\t\t\t\t\t\t\t\t\t\t\t\t\t\t\t \t\t\t\t\t\t\t\t<\/div>\n\t\t\t\t\t\t\t\t<div class=\"image-tools top right show-on-hover\">\n\t\t\t\t\t\t\t\t\t\t\t\t\t\t\t\t\t<\/div>\n\t\t\t\t\t\t\t\t\t\t\t\t\t\t\t\t\t<div class=\"image-tools grid-tools text-center hide-for-small bottom hover-slide-in show-on-hover\">\n\t\t\t\t\t\t\t\t\t\t\t\t\t\t\t\t\t\t\t<\/div>\n\t\t\t\t\t\t\t\t\t\t\t\t\t\t\t\t\t\t\t\t\t\t\t<\/div>\n\n\t\t\t\t\t\t\t<div class=\"box-text text-center\" style=\"padding:0px 0px 30px 0px;\">\n\t\t\t\t\t\t\t\t<div class=\"title-wrapper\">\t\t<p class=\"category uppercase is-smaller no-text-overflow product-cat op-7\">\n\t\t\tRocca dei Forti\t\t<\/p>\n\t<p class=\"name product-title woocommerce-loop-product__title\"><a href=\"https:\/\/schaumweinkontor.com\/en\/produkt\/rocca-dei-forti-bio-spumante-075-l\/\" class=\"woocommerce-LoopProduct-link woocommerce-loop-product__link\">Rocca dei Forti BIO Spumante 0,75 L<\/a><\/p><\/div><div class=\"price-wrapper\">\n\t<span class=\"price\"><span class=\"woocommerce-Price-amount amount\" role=\"none\"><bdi><span class=\"woocommerce-Price-currencySymbol\">&euro;<\/span>&nbsp;7,90<\/bdi><\/span> <small class=\"woocommerce-price-suffix\">inkl. MwSt.<\/small><\/span>\n<\/div><div class=\"add-to-cart-button\"><a href=\"\/en\/wp-json\/wp\/v2\/pages\/4628?add-to-cart=4729\" aria-describedby=\"woocommerce_loop_add_to_cart_link_describedby_4729\" data-quantity=\"1\" class=\"primary is-small mb-0 button product_type_simple add_to_cart_button ajax_add_to_cart is-outline\" data-product_id=\"4729\" data-product_sku=\"100300125\" aria-label=\"Add to cart: &ldquo;Rocca dei Forti BIO Spumante 0,75 L&rdquo;\" rel=\"nofollow\" data-success_message=\"&ldquo;Rocca dei Forti BIO Spumante 0,75 L&rdquo; has been added to your cart\" role=\"button\">Add to cart<\/a><\/div>\t<span id=\"woocommerce_loop_add_to_cart_link_describedby_4729\" class=\"screen-reader-text\">\n\t\t\t<\/span>\n\t\t\t\t\t\t\t<\/div>\n\t\t\t\t\t\t<\/div>\n\t\t\t\t\t\t<\/div>\n\t\t\t\t\t<\/div><div class=\"col\" data-animate=\"fadeInUp\">\n\t\t\t\t\t\t<div class=\"col-inner\">\n\t\t\t\t\t\t\n<div class=\"badge-container badge-custom absolute right top z-1\">\n\n<\/div>\n\t\t\t\t\t\t<div class=\"product-small box margin-auto has-hover box-normal box-text-bottom\">\n\t\t\t\t\t\t\t<div class=\"box-image\" >\n\t\t\t\t\t\t\t\t<div class=\"\" >\n\t\t\t\t\t\t\t\t\t<a href=\"https:\/\/schaumweinkontor.com\/en\/produkt\/rocca-dei-forti-le-cuvee-verdicchio-brut-doc-075-l\/\" aria-label=\"Rocca dei Forti Le Cuv\u00e9e Verdicchio Brut DOC 0,75 L\">\n\t\t\t\t\t\t\t\t\t\t<img loading=\"lazy\" decoding=\"async\" width=\"300\" height=\"300\" src=\"https:\/\/schaumweinkontor.com\/wp-content\/uploads\/2022\/06\/Rocca-Dei-Forti-Le-Cuvee-Verdicchio-075-1000x1000-1-300x300.png\" class=\"attachment-medium size-medium\" alt=\"Rocca dei Forti Le Cuv\u00e9e Verdicchio Brut DOC 0,75 L\" srcset=\"https:\/\/schaumweinkontor.com\/wp-content\/uploads\/2022\/06\/Rocca-Dei-Forti-Le-Cuvee-Verdicchio-075-1000x1000-1-300x300.png 300w, https:\/\/schaumweinkontor.com\/wp-content\/uploads\/2022\/06\/Rocca-Dei-Forti-Le-Cuvee-Verdicchio-075-1000x1000-1-100x100.png 100w, https:\/\/schaumweinkontor.com\/wp-content\/uploads\/2022\/06\/Rocca-Dei-Forti-Le-Cuvee-Verdicchio-075-1000x1000-1-510x510.png 510w, https:\/\/schaumweinkontor.com\/wp-content\/uploads\/2022\/06\/Rocca-Dei-Forti-Le-Cuvee-Verdicchio-075-1000x1000-1-150x150.png 150w, https:\/\/schaumweinkontor.com\/wp-content\/uploads\/2022\/06\/Rocca-Dei-Forti-Le-Cuvee-Verdicchio-075-1000x1000-1-768x768.png 768w, https:\/\/schaumweinkontor.com\/wp-content\/uploads\/2022\/06\/Rocca-Dei-Forti-Le-Cuvee-Verdicchio-075-1000x1000-1.png 1001w\" sizes=\"auto, (max-width: 300px) 100vw, 300px\" \/>\t\t\t\t\t\t\t\t\t<\/a>\n\t\t\t\t\t\t\t\t\t\t\t\t\t\t\t\t\t\t \t\t\t\t\t\t\t\t<\/div>\n\t\t\t\t\t\t\t\t<div class=\"image-tools top right show-on-hover\">\n\t\t\t\t\t\t\t\t\t\t\t\t\t\t\t\t\t<\/div>\n\t\t\t\t\t\t\t\t\t\t\t\t\t\t\t\t\t<div class=\"image-tools grid-tools text-center hide-for-small bottom hover-slide-in show-on-hover\">\n\t\t\t\t\t\t\t\t\t\t\t\t\t\t\t\t\t\t\t<\/div>\n\t\t\t\t\t\t\t\t\t\t\t\t\t\t\t\t\t\t\t\t\t\t\t<\/div>\n\n\t\t\t\t\t\t\t<div class=\"box-text text-center\" style=\"padding:0px 0px 30px 0px;\">\n\t\t\t\t\t\t\t\t<div class=\"title-wrapper\">\t\t<p class=\"category uppercase is-smaller no-text-overflow product-cat op-7\">\n\t\t\tRocca dei Forti\t\t<\/p>\n\t<p class=\"name product-title woocommerce-loop-product__title\"><a href=\"https:\/\/schaumweinkontor.com\/en\/produkt\/rocca-dei-forti-le-cuvee-verdicchio-brut-doc-075-l\/\" class=\"woocommerce-LoopProduct-link woocommerce-loop-product__link\">Rocca dei Forti Le Cuv\u00e9e Verdicchio Brut DOC 0,75 L<\/a><\/p><\/div><div class=\"price-wrapper\">\n\t<span class=\"price\"><span class=\"woocommerce-Price-amount amount\" role=\"none\"><bdi><span class=\"woocommerce-Price-currencySymbol\">&euro;<\/span>&nbsp;7,90<\/bdi><\/span> <small class=\"woocommerce-price-suffix\">inkl. MwSt.<\/small><\/span>\n<\/div><div class=\"add-to-cart-button\"><a href=\"\/en\/wp-json\/wp\/v2\/pages\/4628?add-to-cart=4754\" aria-describedby=\"woocommerce_loop_add_to_cart_link_describedby_4754\" data-quantity=\"1\" class=\"primary is-small mb-0 button product_type_simple add_to_cart_button ajax_add_to_cart is-outline\" data-product_id=\"4754\" data-product_sku=\"100300123\" aria-label=\"Add to cart: &ldquo;Rocca dei Forti Le Cuv\u00e9e Verdicchio Brut DOC 0,75 L&rdquo;\" rel=\"nofollow\" data-success_message=\"&ldquo;Rocca dei Forti Le Cuv\u00e9e Verdicchio Brut DOC 0,75 L&rdquo; has been added to your cart\" role=\"button\">Add to cart<\/a><\/div>\t<span id=\"woocommerce_loop_add_to_cart_link_describedby_4754\" class=\"screen-reader-text\">\n\t\t\t<\/span>\n\t\t\t\t\t\t\t<\/div>\n\t\t\t\t\t\t<\/div>\n\t\t\t\t\t\t<\/div>\n\t\t\t\t\t<\/div><div class=\"col\" data-animate=\"fadeInUp\">\n\t\t\t\t\t\t<div class=\"col-inner\">\n\t\t\t\t\t\t\n<div class=\"badge-container badge-custom absolute right top z-1\">\n\n<\/div>\n\t\t\t\t\t\t<div class=\"product-small box margin-auto has-hover box-normal box-text-bottom\">\n\t\t\t\t\t\t\t<div class=\"box-image\" >\n\t\t\t\t\t\t\t\t<div class=\"\" >\n\t\t\t\t\t\t\t\t\t<a href=\"https:\/\/schaumweinkontor.com\/en\/produkt\/rocca-dei-forti-asti-spumante-sweet-docg-075-l\/\" aria-label=\"Rocca dei Forti Asti Spumante Sweet DOCG 0,75 L\">\n\t\t\t\t\t\t\t\t\t\t<img loading=\"lazy\" decoding=\"async\" width=\"300\" height=\"300\" src=\"https:\/\/schaumweinkontor.com\/wp-content\/uploads\/2022\/11\/1-1-300x300.png\" class=\"attachment-medium size-medium\" alt=\"Rocca dei Forti Asti Spumante Sweet DOCG 0,75 L\" srcset=\"https:\/\/schaumweinkontor.com\/wp-content\/uploads\/2022\/11\/1-1-300x300.png 300w, https:\/\/schaumweinkontor.com\/wp-content\/uploads\/2022\/11\/1-1-100x100.png 100w, https:\/\/schaumweinkontor.com\/wp-content\/uploads\/2022\/11\/1-1-510x510.png 510w, https:\/\/schaumweinkontor.com\/wp-content\/uploads\/2022\/11\/1-1-150x150.png 150w, https:\/\/schaumweinkontor.com\/wp-content\/uploads\/2022\/11\/1-1-768x768.png 768w, https:\/\/schaumweinkontor.com\/wp-content\/uploads\/2022\/11\/1-1.png 1000w\" sizes=\"auto, (max-width: 300px) 100vw, 300px\" \/>\t\t\t\t\t\t\t\t\t<\/a>\n\t\t\t\t\t\t\t\t\t\t\t\t\t\t\t\t\t\t \t\t\t\t\t\t\t\t<\/div>\n\t\t\t\t\t\t\t\t<div class=\"image-tools top right show-on-hover\">\n\t\t\t\t\t\t\t\t\t\t\t\t\t\t\t\t\t<\/div>\n\t\t\t\t\t\t\t\t\t\t\t\t\t\t\t\t\t<div class=\"image-tools grid-tools text-center hide-for-small bottom hover-slide-in show-on-hover\">\n\t\t\t\t\t\t\t\t\t\t\t\t\t\t\t\t\t\t\t<\/div>\n\t\t\t\t\t\t\t\t\t\t\t\t\t\t\t\t\t\t\t\t\t\t\t<\/div>\n\n\t\t\t\t\t\t\t<div class=\"box-text text-center\" style=\"padding:0px 0px 30px 0px;\">\n\t\t\t\t\t\t\t\t<div class=\"title-wrapper\">\t\t<p class=\"category uppercase is-smaller no-text-overflow product-cat op-7\">\n\t\t\tRocca dei Forti\t\t<\/p>\n\t<p class=\"name product-title woocommerce-loop-product__title\"><a href=\"https:\/\/schaumweinkontor.com\/en\/produkt\/rocca-dei-forti-asti-spumante-sweet-docg-075-l\/\" class=\"woocommerce-LoopProduct-link woocommerce-loop-product__link\">Rocca dei Forti Asti Spumante Sweet DOCG 0,75 L<\/a><\/p><\/div><div class=\"price-wrapper\">\n\t<span class=\"price\"><span class=\"woocommerce-Price-amount amount\" role=\"none\"><bdi><span class=\"woocommerce-Price-currencySymbol\">&euro;<\/span>&nbsp;8,90<\/bdi><\/span> <small class=\"woocommerce-price-suffix\">inkl. MwSt.<\/small><\/span>\n<\/div><div class=\"add-to-cart-button\"><a href=\"\/en\/wp-json\/wp\/v2\/pages\/4628?add-to-cart=4730\" aria-describedby=\"woocommerce_loop_add_to_cart_link_describedby_4730\" data-quantity=\"1\" class=\"primary is-small mb-0 button product_type_simple add_to_cart_button ajax_add_to_cart is-outline\" data-product_id=\"4730\" data-product_sku=\"100300124\" aria-label=\"Add to cart: &ldquo;Rocca dei Forti Asti Spumante Sweet DOCG 0,75 L&rdquo;\" rel=\"nofollow\" data-success_message=\"&ldquo;Rocca dei Forti Asti Spumante Sweet DOCG 0,75 L&rdquo; has been added to your cart\" role=\"button\">Add to cart<\/a><\/div>\t<span id=\"woocommerce_loop_add_to_cart_link_describedby_4730\" class=\"screen-reader-text\">\n\t\t\t<\/span>\n\t\t\t\t\t\t\t<\/div>\n\t\t\t\t\t\t<\/div>\n\t\t\t\t\t\t<\/div>\n\t\t\t\t\t<\/div><\/div>\n\n<div class=\"text-center\"><div class=\"is-divider divider clearfix\" style=\"margin-top:3em;margin-bottom:3em;max-width:100%;height:2px;background-color:rgba(183, 149, 73, 0.419);\"><\/div><\/div>\n\n\n\t\t<\/div>\n\t\t\t\t\t<\/div>\n\n\t\n\n\n<style>\n#row-975784172 > .col > .col-inner {\n  padding: 0px 0px 0px 0px;\n}\n@media (min-width:550px) {\n  #row-975784172 > .col > .col-inner {\n    padding: 15px 0px 0px 0px;\n  }\n}\n<\/style>\n<\/div>\n\t<section class=\"section bg_winzer show-for-medium\" id=\"section_214663979\">\n\t\t<div class=\"bg section-bg fill bg-fill  \" >\n\n\t\t\t\n\t\t\t\n\t\t\t\n\n\t\t<\/div>\n\n\t\t\n\n\t\t<div class=\"section-content relative\">\n\t\t\t\n\n<div class=\"row row-collapse row-full-width align-middle align-center\"  id=\"row-587206892\">\n\n\n\t<div id=\"col-1415260976\" class=\"col small-12 large-12\"  >\n\t\t\t\t<div class=\"col-inner\"  >\n\t\t\t\n\t\t\t\n\n\t<div id=\"text-1772074695\" class=\"text\">\n\t\t\n\n<h2 id=\"pratello-mobile\" class=\"uppercase\" style=\"text-align: center;\"><span style=\"font-size: 90%;\">Pratello<\/span><\/h2>\n\t\t\n<style>\n#text-1772074695 {\n  font-size: 1rem;\n  line-height: 0.75;\n}\n<\/style>\n\t<\/div>\n\t\n\n\t\t<\/div>\n\t\t\t\t\t<\/div>\n\n\t\n\n\n<style>\n#row-587206892 > .col > .col-inner {\n  padding: 0 0px 0px 0px;\n}\n@media (min-width:550px) {\n  #row-587206892 > .col > .col-inner {\n    padding: 15px 0px 0px 0px;\n  }\n}\n<\/style>\n<\/div>\n\n\t\t<\/div>\n\n\t\t\n<style>\n#section_214663979 {\n  padding-top: 35px;\n  padding-bottom: 35px;\n  margin-bottom: 30px;\n}\n#section_214663979 .section-bg.bg-loaded {\n  background-image: url(https:\/\/schaumweinkontor.com\/wp-content\/uploads\/2022\/06\/landscape-illu-gold-transp.png);\n}\n@media (min-width:550px) {\n  #section_214663979 {\n    padding-top: 20px;\n    padding-bottom: 20px;\n  }\n}\n<\/style>\n\t<\/section>\n\t\n<div class=\"row row-collapse row-full-width align-middle align-center\"  id=\"row-2087124228\">\n\n\n\t<div id=\"col-1448550197\" class=\"col small-12 large-12\"  >\n\t\t\t\t<div class=\"col-inner\"  >\n\t\t\t\n\t\t\t\n\n\n  \n    <div class=\"row margin-auto equalize-box show-for-small large-columns-3 medium-columns- small-columns-1 row-large has-shadow row-box-shadow-2 row-box-shadow-4-hover\" >\n  \t\n\t     <div class=\"col\" data-animate=\"fadeInUp\">\n\t\t\t\t\t\t<div class=\"col-inner\">\n\t\t\t\t\t\t\n<div class=\"badge-container badge-custom absolute right top z-1\">\n<div class=\"callout badge badge-circle\"><div class=\"badge-inner secondary on-sale\"><span class=\"onsale\">Sale!<\/span><\/div><\/div>\n<\/div>\n\t\t\t\t\t\t<div class=\"product-small box margin-auto has-hover box-vertical box-text-bottom\">\n\t\t\t\t\t\t\t<div class=\"box-image\" >\n\t\t\t\t\t\t\t\t<div class=\"\" >\n\t\t\t\t\t\t\t\t\t<a href=\"https:\/\/schaumweinkontor.com\/en\/produkt\/pratello-spumante-lugana-doc-brut-bolle-075-l\/\" aria-label=\"Pratello Spumante Lugana DOC Brut Boll\u00e9 0,75 L\">\n\t\t\t\t\t\t\t\t\t\t<img loading=\"lazy\" decoding=\"async\" width=\"300\" height=\"300\" src=\"https:\/\/schaumweinkontor.com\/wp-content\/uploads\/2022\/06\/Schaumweinkontor-Bolle-1000x1000-px-300x300.png\" class=\"attachment-medium size-medium\" alt=\"Pratello Spumante Lugana DOC Brut Boll\u00e9 0,75 L\" srcset=\"https:\/\/schaumweinkontor.com\/wp-content\/uploads\/2022\/06\/Schaumweinkontor-Bolle-1000x1000-px-300x300.png 300w, https:\/\/schaumweinkontor.com\/wp-content\/uploads\/2022\/06\/Schaumweinkontor-Bolle-1000x1000-px-100x100.png 100w, https:\/\/schaumweinkontor.com\/wp-content\/uploads\/2022\/06\/Schaumweinkontor-Bolle-1000x1000-px-510x510.png 510w, https:\/\/schaumweinkontor.com\/wp-content\/uploads\/2022\/06\/Schaumweinkontor-Bolle-1000x1000-px-150x150.png 150w, https:\/\/schaumweinkontor.com\/wp-content\/uploads\/2022\/06\/Schaumweinkontor-Bolle-1000x1000-px-768x768.png 768w, https:\/\/schaumweinkontor.com\/wp-content\/uploads\/2022\/06\/Schaumweinkontor-Bolle-1000x1000-px.png 1000w\" sizes=\"auto, (max-width: 300px) 100vw, 300px\" \/>\t\t\t\t\t\t\t\t\t<\/a>\n\t\t\t\t\t\t\t\t\t\t\t\t\t\t\t\t\t\t \t\t\t\t\t\t\t\t<\/div>\n\t\t\t\t\t\t\t\t<div class=\"image-tools top right show-on-hover\">\n\t\t\t\t\t\t\t\t\t\t\t\t\t\t\t\t\t<\/div>\n\t\t\t\t\t\t\t\t\t\t\t\t\t\t\t\t\t<div class=\"image-tools grid-tools text-center hide-for-small bottom hover-slide-in show-on-hover\">\n\t\t\t\t\t\t\t\t\t\t\t\t\t\t\t\t\t\t\t<\/div>\n\t\t\t\t\t\t\t\t\t\t\t\t\t\t\t\t\t\t\t\t\t\t\t<\/div>\n\n\t\t\t\t\t\t\t<div class=\"box-text text-center\" style=\"padding:px 0px 0px 0px;\">\n\t\t\t\t\t\t\t\t<div class=\"title-wrapper\">\t\t<p class=\"category uppercase is-smaller no-text-overflow product-cat op-7\">\n\t\t\tPratello\t\t<\/p>\n\t<p class=\"name product-title woocommerce-loop-product__title\"><a href=\"https:\/\/schaumweinkontor.com\/en\/produkt\/pratello-spumante-lugana-doc-brut-bolle-075-l\/\" class=\"woocommerce-LoopProduct-link woocommerce-loop-product__link\">Pratello Spumante Lugana DOC Brut Boll\u00e9 0,75 L<\/a><\/p><\/div><div class=\"price-wrapper\">\n\t<span class=\"price\"><del aria-hidden=\"true\"><span class=\"woocommerce-Price-amount amount\" role=\"none\"><bdi><span class=\"woocommerce-Price-currencySymbol\">&euro;<\/span>&nbsp;14,50<\/bdi><\/span><\/del> <span class=\"screen-reader-text\">Original price was: &euro;&nbsp;14,50.<\/span><ins aria-hidden=\"true\"><span class=\"woocommerce-Price-amount amount\" role=\"none\"><bdi><span class=\"woocommerce-Price-currencySymbol\">&euro;<\/span>&nbsp;12,32<\/bdi><\/span><\/ins><span class=\"screen-reader-text\">Current price is: &euro;&nbsp;12,32.<\/span> <small class=\"woocommerce-price-suffix\">inkl. MwSt.<\/small><\/span>\n<\/div><div class=\"add-to-cart-button\"><a href=\"\/en\/wp-json\/wp\/v2\/pages\/4628?add-to-cart=4794\" aria-describedby=\"woocommerce_loop_add_to_cart_link_describedby_4794\" data-quantity=\"1\" class=\"primary is-small mb-0 button product_type_simple add_to_cart_button ajax_add_to_cart is-outline\" data-product_id=\"4794\" data-product_sku=\"100300157\" aria-label=\"Add to cart: &ldquo;Pratello Spumante Lugana DOC Brut Boll\u00e9 0,75 L&rdquo;\" rel=\"nofollow\" data-success_message=\"&ldquo;Pratello Spumante Lugana DOC Brut Boll\u00e9 0,75 L&rdquo; has been added to your cart\" role=\"button\">Add to cart<\/a><\/div>\t<span id=\"woocommerce_loop_add_to_cart_link_describedby_4794\" class=\"screen-reader-text\">\n\t\t\t<\/span>\n\t\t\t\t\t\t\t<\/div>\n\t\t\t\t\t\t<\/div>\n\t\t\t\t\t\t<\/div>\n\t\t\t\t\t<\/div><div class=\"col\" data-animate=\"fadeInUp\">\n\t\t\t\t\t\t<div class=\"col-inner\">\n\t\t\t\t\t\t\n<div class=\"badge-container badge-custom absolute right top z-1\">\n<div class=\"callout badge badge-circle\"><div class=\"badge-inner secondary on-sale\"><span class=\"onsale\">Sale!<\/span><\/div><\/div>\n<\/div>\n\t\t\t\t\t\t<div class=\"product-small box margin-auto has-hover box-vertical box-text-bottom\">\n\t\t\t\t\t\t\t<div class=\"box-image\" >\n\t\t\t\t\t\t\t\t<div class=\"\" >\n\t\t\t\t\t\t\t\t\t<a href=\"https:\/\/schaumweinkontor.com\/en\/produkt\/pratello-spumante-garda-doc-rose-pink-075-l\/\" aria-label=\"Pratello Spumante Garda DOC Ros\u00e9 Pink 0,75 L\">\n\t\t\t\t\t\t\t\t\t\t<img loading=\"lazy\" decoding=\"async\" width=\"300\" height=\"300\" src=\"https:\/\/schaumweinkontor.com\/wp-content\/uploads\/2022\/06\/Schaumweinkontor-Pratello-Pink-Garda-Rose-brut-1000x1000px-300x300.png\" class=\"attachment-medium size-medium\" alt=\"Pratello Spumante Garda DOC Ros\u00e9 Pink 0,75 L\" srcset=\"https:\/\/schaumweinkontor.com\/wp-content\/uploads\/2022\/06\/Schaumweinkontor-Pratello-Pink-Garda-Rose-brut-1000x1000px-300x300.png 300w, https:\/\/schaumweinkontor.com\/wp-content\/uploads\/2022\/06\/Schaumweinkontor-Pratello-Pink-Garda-Rose-brut-1000x1000px-100x100.png 100w, https:\/\/schaumweinkontor.com\/wp-content\/uploads\/2022\/06\/Schaumweinkontor-Pratello-Pink-Garda-Rose-brut-1000x1000px-510x510.png 510w, https:\/\/schaumweinkontor.com\/wp-content\/uploads\/2022\/06\/Schaumweinkontor-Pratello-Pink-Garda-Rose-brut-1000x1000px-150x150.png 150w, https:\/\/schaumweinkontor.com\/wp-content\/uploads\/2022\/06\/Schaumweinkontor-Pratello-Pink-Garda-Rose-brut-1000x1000px-768x768.png 768w, https:\/\/schaumweinkontor.com\/wp-content\/uploads\/2022\/06\/Schaumweinkontor-Pratello-Pink-Garda-Rose-brut-1000x1000px.png 1000w\" sizes=\"auto, (max-width: 300px) 100vw, 300px\" \/>\t\t\t\t\t\t\t\t\t<\/a>\n\t\t\t\t\t\t\t\t\t\t\t\t\t\t\t\t\t\t \t\t\t\t\t\t\t\t<\/div>\n\t\t\t\t\t\t\t\t<div class=\"image-tools top right show-on-hover\">\n\t\t\t\t\t\t\t\t\t\t\t\t\t\t\t\t\t<\/div>\n\t\t\t\t\t\t\t\t\t\t\t\t\t\t\t\t\t<div class=\"image-tools grid-tools text-center hide-for-small bottom hover-slide-in show-on-hover\">\n\t\t\t\t\t\t\t\t\t\t\t\t\t\t\t\t\t\t\t<\/div>\n\t\t\t\t\t\t\t\t\t\t\t\t\t\t\t\t\t\t\t\t\t\t\t<\/div>\n\n\t\t\t\t\t\t\t<div class=\"box-text text-center\" style=\"padding:px 0px 0px 0px;\">\n\t\t\t\t\t\t\t\t<div class=\"title-wrapper\">\t\t<p class=\"category uppercase is-smaller no-text-overflow product-cat op-7\">\n\t\t\tPratello\t\t<\/p>\n\t<p class=\"name product-title woocommerce-loop-product__title\"><a href=\"https:\/\/schaumweinkontor.com\/en\/produkt\/pratello-spumante-garda-doc-rose-pink-075-l\/\" class=\"woocommerce-LoopProduct-link woocommerce-loop-product__link\">Pratello Spumante Garda DOC Ros\u00e9 Pink 0,75 L<\/a><\/p><\/div><div class=\"price-wrapper\">\n\t<span class=\"price\"><del aria-hidden=\"true\"><span class=\"woocommerce-Price-amount amount\" role=\"none\"><bdi><span class=\"woocommerce-Price-currencySymbol\">&euro;<\/span>&nbsp;14,50<\/bdi><\/span><\/del> <span class=\"screen-reader-text\">Original price was: &euro;&nbsp;14,50.<\/span><ins aria-hidden=\"true\"><span class=\"woocommerce-Price-amount amount\" role=\"none\"><bdi><span class=\"woocommerce-Price-currencySymbol\">&euro;<\/span>&nbsp;12,32<\/bdi><\/span><\/ins><span class=\"screen-reader-text\">Current price is: &euro;&nbsp;12,32.<\/span> <small class=\"woocommerce-price-suffix\">inkl. MwSt.<\/small><\/span>\n<\/div><div class=\"add-to-cart-button\"><a href=\"\/en\/wp-json\/wp\/v2\/pages\/4628?add-to-cart=4795\" aria-describedby=\"woocommerce_loop_add_to_cart_link_describedby_4795\" data-quantity=\"1\" class=\"primary is-small mb-0 button product_type_simple add_to_cart_button ajax_add_to_cart is-outline\" data-product_id=\"4795\" data-product_sku=\"100300156\" aria-label=\"Add to cart: &ldquo;Pratello Spumante Garda DOC Ros\u00e9 Pink 0,75 L&rdquo;\" rel=\"nofollow\" data-success_message=\"&ldquo;Pratello Spumante Garda DOC Ros\u00e9 Pink 0,75 L&rdquo; has been added to your cart\" role=\"button\">Add to cart<\/a><\/div>\t<span id=\"woocommerce_loop_add_to_cart_link_describedby_4795\" class=\"screen-reader-text\">\n\t\t\t<\/span>\n\t\t\t\t\t\t\t<\/div>\n\t\t\t\t\t\t<\/div>\n\t\t\t\t\t\t<\/div>\n\t\t\t\t\t<\/div><div class=\"col\" data-animate=\"fadeInUp\">\n\t\t\t\t\t\t<div class=\"col-inner\">\n\t\t\t\t\t\t\n<div class=\"badge-container badge-custom absolute right top z-1\">\n\n<\/div>\n\t\t\t\t\t\t<div class=\"product-small box margin-auto has-hover box-vertical box-text-bottom\">\n\t\t\t\t\t\t\t<div class=\"box-image\" >\n\t\t\t\t\t\t\t\t<div class=\"\" >\n\t\t\t\t\t\t\t\t\t<a href=\"https:\/\/schaumweinkontor.com\/en\/produkt\/pratello-origine-metodo-ancestrale-075-l\/\" aria-label=\"Pratello Origine Metodo Ancestrale 0,75 L\">\n\t\t\t\t\t\t\t\t\t\t<img loading=\"lazy\" decoding=\"async\" width=\"300\" height=\"300\" src=\"https:\/\/schaumweinkontor.com\/wp-content\/uploads\/2023\/04\/Pratello-Origine-Metodo_1000x1000-px-300x300.png\" class=\"attachment-medium size-medium\" alt=\"Pratello Origine Metodo Ancestrale 0,75 L\" srcset=\"https:\/\/schaumweinkontor.com\/wp-content\/uploads\/2023\/04\/Pratello-Origine-Metodo_1000x1000-px-300x300.png 300w, https:\/\/schaumweinkontor.com\/wp-content\/uploads\/2023\/04\/Pratello-Origine-Metodo_1000x1000-px-100x100.png 100w, https:\/\/schaumweinkontor.com\/wp-content\/uploads\/2023\/04\/Pratello-Origine-Metodo_1000x1000-px-510x510.png 510w, https:\/\/schaumweinkontor.com\/wp-content\/uploads\/2023\/04\/Pratello-Origine-Metodo_1000x1000-px-150x150.png 150w, https:\/\/schaumweinkontor.com\/wp-content\/uploads\/2023\/04\/Pratello-Origine-Metodo_1000x1000-px-768x768.png 768w, https:\/\/schaumweinkontor.com\/wp-content\/uploads\/2023\/04\/Pratello-Origine-Metodo_1000x1000-px.png 1000w\" sizes=\"auto, (max-width: 300px) 100vw, 300px\" \/>\t\t\t\t\t\t\t\t\t<\/a>\n\t\t\t\t\t\t\t\t\t\t\t\t\t\t\t\t\t\t \t\t\t\t\t\t\t\t<\/div>\n\t\t\t\t\t\t\t\t<div class=\"image-tools top right show-on-hover\">\n\t\t\t\t\t\t\t\t\t\t\t\t\t\t\t\t\t<\/div>\n\t\t\t\t\t\t\t\t\t\t\t\t\t\t\t\t\t<div class=\"image-tools grid-tools text-center hide-for-small bottom hover-slide-in show-on-hover\">\n\t\t\t\t\t\t\t\t\t\t\t\t\t\t\t\t\t\t\t<\/div>\n\t\t\t\t\t\t\t\t\t\t\t\t\t\t\t\t\t\t\t\t\t\t\t<\/div>\n\n\t\t\t\t\t\t\t<div class=\"box-text text-center\" style=\"padding:px 0px 0px 0px;\">\n\t\t\t\t\t\t\t\t<div class=\"title-wrapper\">\t\t<p class=\"category uppercase is-smaller no-text-overflow product-cat op-7\">\n\t\t\tPratello\t\t<\/p>\n\t<p class=\"name product-title woocommerce-loop-product__title\"><a href=\"https:\/\/schaumweinkontor.com\/en\/produkt\/pratello-origine-metodo-ancestrale-075-l\/\" class=\"woocommerce-LoopProduct-link woocommerce-loop-product__link\">Pratello Origine Metodo Ancestrale 0,75 L<\/a><\/p><\/div><div class=\"price-wrapper\">\n\t<span class=\"price\"><span class=\"woocommerce-Price-amount amount\" role=\"none\"><bdi><span class=\"woocommerce-Price-currencySymbol\">&euro;<\/span>&nbsp;12,50<\/bdi><\/span> <small class=\"woocommerce-price-suffix\">inkl. MwSt.<\/small><\/span>\n<\/div><div class=\"add-to-cart-button\"><a href=\"\/en\/wp-json\/wp\/v2\/pages\/4628?add-to-cart=4703\" aria-describedby=\"woocommerce_loop_add_to_cart_link_describedby_4703\" data-quantity=\"1\" class=\"primary is-small mb-0 button product_type_simple add_to_cart_button ajax_add_to_cart is-outline\" data-product_id=\"4703\" data-product_sku=\"100300159\" aria-label=\"Add to cart: &ldquo;Pratello Origine Metodo Ancestrale 0,75 L&rdquo;\" rel=\"nofollow\" data-success_message=\"&ldquo;Pratello Origine Metodo Ancestrale 0,75 L&rdquo; has been added to your cart\" role=\"button\">Add to cart<\/a><\/div>\t<span id=\"woocommerce_loop_add_to_cart_link_describedby_4703\" class=\"screen-reader-text\">\n\t\t\t<\/span>\n\t\t\t\t\t\t\t<\/div>\n\t\t\t\t\t\t<\/div>\n\t\t\t\t\t\t<\/div>\n\t\t\t\t\t<\/div><div class=\"col\" data-animate=\"fadeInUp\">\n\t\t\t\t\t\t<div class=\"col-inner\">\n\t\t\t\t\t\t\n<div class=\"badge-container badge-custom absolute right top z-1\">\n<div class=\"callout badge badge-circle\"><div class=\"badge-inner secondary on-sale\"><span class=\"onsale\">Sale!<\/span><\/div><\/div>\n<\/div>\n\t\t\t\t\t\t<div class=\"product-small box margin-auto has-hover box-vertical box-text-bottom\">\n\t\t\t\t\t\t\t<div class=\"box-image\" >\n\t\t\t\t\t\t\t\t<div class=\"\" >\n\t\t\t\t\t\t\t\t\t<a href=\"https:\/\/schaumweinkontor.com\/en\/produkt\/pratello-donna-caterina-2018-075-l\/\" aria-label=\"Pratello Donna Caterina 2018 0,75 L\">\n\t\t\t\t\t\t\t\t\t\t<img loading=\"lazy\" decoding=\"async\" width=\"300\" height=\"300\" src=\"https:\/\/schaumweinkontor.com\/wp-content\/uploads\/2023\/04\/Pratello-Donna-caterina_1000x1000-px-300x300.png\" class=\"attachment-medium size-medium\" alt=\"Pratello Donna Caterina 2018 0,75 L\" srcset=\"https:\/\/schaumweinkontor.com\/wp-content\/uploads\/2023\/04\/Pratello-Donna-caterina_1000x1000-px-300x300.png 300w, https:\/\/schaumweinkontor.com\/wp-content\/uploads\/2023\/04\/Pratello-Donna-caterina_1000x1000-px-100x100.png 100w, https:\/\/schaumweinkontor.com\/wp-content\/uploads\/2023\/04\/Pratello-Donna-caterina_1000x1000-px-510x510.png 510w, https:\/\/schaumweinkontor.com\/wp-content\/uploads\/2023\/04\/Pratello-Donna-caterina_1000x1000-px-150x150.png 150w, https:\/\/schaumweinkontor.com\/wp-content\/uploads\/2023\/04\/Pratello-Donna-caterina_1000x1000-px-768x768.png 768w, https:\/\/schaumweinkontor.com\/wp-content\/uploads\/2023\/04\/Pratello-Donna-caterina_1000x1000-px.png 1000w\" sizes=\"auto, (max-width: 300px) 100vw, 300px\" \/>\t\t\t\t\t\t\t\t\t<\/a>\n\t\t\t\t\t\t\t\t\t\t\t\t\t\t\t\t\t\t \t\t\t\t\t\t\t\t<\/div>\n\t\t\t\t\t\t\t\t<div class=\"image-tools top right show-on-hover\">\n\t\t\t\t\t\t\t\t\t\t\t\t\t\t\t\t\t<\/div>\n\t\t\t\t\t\t\t\t\t\t\t\t\t\t\t\t\t<div class=\"image-tools grid-tools text-center hide-for-small bottom hover-slide-in show-on-hover\">\n\t\t\t\t\t\t\t\t\t\t\t\t\t\t\t\t\t\t\t<\/div>\n\t\t\t\t\t\t\t\t\t\t\t\t\t\t\t\t\t\t\t\t\t\t\t<\/div>\n\n\t\t\t\t\t\t\t<div class=\"box-text text-center\" style=\"padding:px 0px 0px 0px;\">\n\t\t\t\t\t\t\t\t<div class=\"title-wrapper\">\t\t<p class=\"category uppercase is-smaller no-text-overflow product-cat op-7\">\n\t\t\tPratello\t\t<\/p>\n\t<p class=\"name product-title woocommerce-loop-product__title\"><a href=\"https:\/\/schaumweinkontor.com\/en\/produkt\/pratello-donna-caterina-2018-075-l\/\" class=\"woocommerce-LoopProduct-link woocommerce-loop-product__link\">Pratello Donna Caterina 2018 0,75 L<\/a><\/p><\/div><div class=\"price-wrapper\">\n\t<span class=\"price\"><del aria-hidden=\"true\"><span class=\"woocommerce-Price-amount amount\" role=\"none\"><bdi><span class=\"woocommerce-Price-currencySymbol\">&euro;<\/span>&nbsp;23,60<\/bdi><\/span><\/del> <span class=\"screen-reader-text\">Original price was: &euro;&nbsp;23,60.<\/span><ins aria-hidden=\"true\"><span class=\"woocommerce-Price-amount amount\" role=\"none\"><bdi><span class=\"woocommerce-Price-currencySymbol\">&euro;<\/span>&nbsp;17,70<\/bdi><\/span><\/ins><span class=\"screen-reader-text\">Current price is: &euro;&nbsp;17,70.<\/span> <small class=\"woocommerce-price-suffix\">inkl. MwSt.<\/small><\/span>\n<\/div><div class=\"add-to-cart-button\"><a href=\"\/en\/wp-json\/wp\/v2\/pages\/4628?add-to-cart=4702\" aria-describedby=\"woocommerce_loop_add_to_cart_link_describedby_4702\" data-quantity=\"1\" class=\"primary is-small mb-0 button product_type_simple add_to_cart_button ajax_add_to_cart is-outline\" data-product_id=\"4702\" data-product_sku=\"100300158\" aria-label=\"Add to cart: &ldquo;Pratello Donna Caterina 2018 0,75 L&rdquo;\" rel=\"nofollow\" data-success_message=\"&ldquo;Pratello Donna Caterina 2018 0,75 L&rdquo; has been added to your cart\" role=\"button\">Add to cart<\/a><\/div>\t<span id=\"woocommerce_loop_add_to_cart_link_describedby_4702\" class=\"screen-reader-text\">\n\t\t\t<\/span>\n\t\t\t\t\t\t\t<\/div>\n\t\t\t\t\t\t<\/div>\n\t\t\t\t\t\t<\/div>\n\t\t\t\t\t<\/div><div class=\"col\" data-animate=\"fadeInUp\">\n\t\t\t\t\t\t<div class=\"col-inner\">\n\t\t\t\t\t\t\n<div class=\"badge-container badge-custom absolute right top z-1\">\n<div class=\"callout badge badge-circle\"><div class=\"badge-inner secondary on-sale\"><span class=\"onsale\">Sale!<\/span><\/div><\/div>\n<\/div>\n\t\t\t\t\t\t<div class=\"product-small box margin-auto has-hover box-vertical box-text-bottom\">\n\t\t\t\t\t\t\t<div class=\"box-image\" >\n\t\t\t\t\t\t\t\t<div class=\"\" >\n\t\t\t\t\t\t\t\t\t<a href=\"https:\/\/schaumweinkontor.com\/en\/produkt\/gardasee-special\/\" aria-label=\"Gardasee Special\">\n\t\t\t\t\t\t\t\t\t\t<img loading=\"lazy\" decoding=\"async\" width=\"300\" height=\"300\" src=\"https:\/\/schaumweinkontor.com\/wp-content\/uploads\/2024\/10\/Gardasee-special-package-300x300.png\" class=\"attachment-medium size-medium\" alt=\"Gardasee Special\" srcset=\"https:\/\/schaumweinkontor.com\/wp-content\/uploads\/2024\/10\/Gardasee-special-package-300x300.png 300w, https:\/\/schaumweinkontor.com\/wp-content\/uploads\/2024\/10\/Gardasee-special-package-150x150.png 150w, https:\/\/schaumweinkontor.com\/wp-content\/uploads\/2024\/10\/Gardasee-special-package-768x767.png 768w, https:\/\/schaumweinkontor.com\/wp-content\/uploads\/2024\/10\/Gardasee-special-package-510x509.png 510w, https:\/\/schaumweinkontor.com\/wp-content\/uploads\/2024\/10\/Gardasee-special-package-100x100.png 100w, https:\/\/schaumweinkontor.com\/wp-content\/uploads\/2024\/10\/Gardasee-special-package.png 1001w\" sizes=\"auto, (max-width: 300px) 100vw, 300px\" \/>\t\t\t\t\t\t\t\t\t<\/a>\n\t\t\t\t\t\t\t\t\t\t\t\t\t\t\t\t\t\t \t\t\t\t\t\t\t\t<\/div>\n\t\t\t\t\t\t\t\t<div class=\"image-tools top right show-on-hover\">\n\t\t\t\t\t\t\t\t\t\t\t\t\t\t\t\t\t<\/div>\n\t\t\t\t\t\t\t\t\t\t\t\t\t\t\t\t\t<div class=\"image-tools grid-tools text-center hide-for-small bottom hover-slide-in show-on-hover\">\n\t\t\t\t\t\t\t\t\t\t\t\t\t\t\t\t\t\t\t<\/div>\n\t\t\t\t\t\t\t\t\t\t\t\t\t\t\t\t\t\t\t\t\t\t\t<\/div>\n\n\t\t\t\t\t\t\t<div class=\"box-text text-center\" style=\"padding:px 0px 0px 0px;\">\n\t\t\t\t\t\t\t\t<div class=\"title-wrapper\">\t\t<p class=\"category uppercase is-smaller no-text-overflow product-cat op-7\">\n\t\t\tPratello\t\t<\/p>\n\t<p class=\"name product-title woocommerce-loop-product__title\"><a href=\"https:\/\/schaumweinkontor.com\/en\/produkt\/gardasee-special\/\" class=\"woocommerce-LoopProduct-link woocommerce-loop-product__link\">Gardasee Special<\/a><\/p><\/div><div class=\"price-wrapper\">\n\t<span class=\"price\"><del aria-hidden=\"true\"><span class=\"woocommerce-Price-amount amount\" role=\"none\"><bdi><span class=\"woocommerce-Price-currencySymbol\">&euro;<\/span>&nbsp;24,64<\/bdi><\/span><\/del> <span class=\"screen-reader-text\">Original price was: &euro;&nbsp;24,64.<\/span><ins aria-hidden=\"true\"><span class=\"woocommerce-Price-amount amount\" role=\"none\"><bdi><span class=\"woocommerce-Price-currencySymbol\">&euro;<\/span>&nbsp;23,40<\/bdi><\/span><\/ins><span class=\"screen-reader-text\">Current price is: &euro;&nbsp;23,40.<\/span> <small class=\"woocommerce-price-suffix\">inkl. MwSt.<\/small><\/span>\n<\/div><div class=\"add-to-cart-button\"><a href=\"\/en\/wp-json\/wp\/v2\/pages\/4628?add-to-cart=5788\" aria-describedby=\"woocommerce_loop_add_to_cart_link_describedby_5788\" data-quantity=\"1\" class=\"primary is-small mb-0 button product_type_simple add_to_cart_button ajax_add_to_cart is-outline\" data-product_id=\"5788\" data-product_sku=\"100300156 + 100300157\" aria-label=\"Add to cart: &ldquo;Gardasee Special&rdquo;\" rel=\"nofollow\" data-success_message=\"&ldquo;Gardasee Special&rdquo; has been added to your cart\" role=\"button\">Add to cart<\/a><\/div>\t<span id=\"woocommerce_loop_add_to_cart_link_describedby_5788\" class=\"screen-reader-text\">\n\t\t\t<\/span>\n\t\t\t\t\t\t\t<\/div>\n\t\t\t\t\t\t<\/div>\n\t\t\t\t\t\t<\/div>\n\t\t\t\t\t<\/div><div class=\"col\" data-animate=\"fadeInUp\">\n\t\t\t\t\t\t<div class=\"col-inner\">\n\t\t\t\t\t\t\n<div class=\"badge-container badge-custom absolute right top z-1\">\n<div class=\"callout badge badge-circle\"><div class=\"badge-inner secondary on-sale\"><span class=\"onsale\">Sale!<\/span><\/div><\/div>\n<\/div>\n\t\t\t\t\t\t<div class=\"product-small box margin-auto has-hover box-vertical box-text-bottom\">\n\t\t\t\t\t\t\t<div class=\"box-image\" >\n\t\t\t\t\t\t\t\t<div class=\"\" >\n\t\t\t\t\t\t\t\t\t<a href=\"https:\/\/schaumweinkontor.com\/en\/produkt\/pratello-spumante-lugana-doc-brut-bolle-15-l-magnum\/\" aria-label=\"Pratello Spumante Lugana DOC Brut Boll\u00e9 1,5 L Magnum\">\n\t\t\t\t\t\t\t\t\t\t<img loading=\"lazy\" decoding=\"async\" width=\"300\" height=\"300\" src=\"https:\/\/schaumweinkontor.com\/wp-content\/uploads\/2022\/06\/Schaumweinkontor-Bolle-1000x1000-px-300x300.png\" class=\"attachment-medium size-medium\" alt=\"Pratello Spumante Lugana DOC Brut Boll\u00e9 1,5 L Magnum\" srcset=\"https:\/\/schaumweinkontor.com\/wp-content\/uploads\/2022\/06\/Schaumweinkontor-Bolle-1000x1000-px-300x300.png 300w, https:\/\/schaumweinkontor.com\/wp-content\/uploads\/2022\/06\/Schaumweinkontor-Bolle-1000x1000-px-100x100.png 100w, https:\/\/schaumweinkontor.com\/wp-content\/uploads\/2022\/06\/Schaumweinkontor-Bolle-1000x1000-px-510x510.png 510w, https:\/\/schaumweinkontor.com\/wp-content\/uploads\/2022\/06\/Schaumweinkontor-Bolle-1000x1000-px-150x150.png 150w, https:\/\/schaumweinkontor.com\/wp-content\/uploads\/2022\/06\/Schaumweinkontor-Bolle-1000x1000-px-768x768.png 768w, https:\/\/schaumweinkontor.com\/wp-content\/uploads\/2022\/06\/Schaumweinkontor-Bolle-1000x1000-px.png 1000w\" sizes=\"auto, (max-width: 300px) 100vw, 300px\" \/>\t\t\t\t\t\t\t\t\t<\/a>\n\t\t\t\t\t\t\t\t\t\t\t\t\t\t\t\t\t\t \t\t\t\t\t\t\t\t<\/div>\n\t\t\t\t\t\t\t\t<div class=\"image-tools top right show-on-hover\">\n\t\t\t\t\t\t\t\t\t\t\t\t\t\t\t\t\t<\/div>\n\t\t\t\t\t\t\t\t\t\t\t\t\t\t\t\t\t<div class=\"image-tools grid-tools text-center hide-for-small bottom hover-slide-in show-on-hover\">\n\t\t\t\t\t\t\t\t\t\t\t\t\t\t\t\t\t\t\t<\/div>\n\t\t\t\t\t\t\t\t\t\t\t\t\t\t\t\t\t\t\t\t\t\t\t<\/div>\n\n\t\t\t\t\t\t\t<div class=\"box-text text-center\" style=\"padding:px 0px 0px 0px;\">\n\t\t\t\t\t\t\t\t<div class=\"title-wrapper\">\t\t<p class=\"category uppercase is-smaller no-text-overflow product-cat op-7\">\n\t\t\tPratello\t\t<\/p>\n\t<p class=\"name product-title woocommerce-loop-product__title\"><a href=\"https:\/\/schaumweinkontor.com\/en\/produkt\/pratello-spumante-lugana-doc-brut-bolle-15-l-magnum\/\" class=\"woocommerce-LoopProduct-link woocommerce-loop-product__link\">Pratello Spumante Lugana DOC Brut Boll\u00e9 1,5 L Magnum<\/a><\/p><\/div><div class=\"price-wrapper\">\n\t<span class=\"price\"><del aria-hidden=\"true\"><span class=\"woocommerce-Price-amount amount\" role=\"none\"><bdi><span class=\"woocommerce-Price-currencySymbol\">&euro;<\/span>&nbsp;39,90<\/bdi><\/span><\/del> <span class=\"screen-reader-text\">Original price was: &euro;&nbsp;39,90.<\/span><ins aria-hidden=\"true\"><span class=\"woocommerce-Price-amount amount\" role=\"none\"><bdi><span class=\"woocommerce-Price-currencySymbol\">&euro;<\/span>&nbsp;29,90<\/bdi><\/span><\/ins><span class=\"screen-reader-text\">Current price is: &euro;&nbsp;29,90.<\/span> <small class=\"woocommerce-price-suffix\">inkl. MwSt.<\/small><\/span>\n<\/div><div class=\"add-to-cart-button\"><a href=\"\/en\/wp-json\/wp\/v2\/pages\/4628?add-to-cart=4666\" aria-describedby=\"woocommerce_loop_add_to_cart_link_describedby_4666\" data-quantity=\"1\" class=\"primary is-small mb-0 button product_type_simple add_to_cart_button ajax_add_to_cart is-outline\" data-product_id=\"4666\" data-product_sku=\"100300162\" aria-label=\"Add to cart: &ldquo;Pratello Spumante Lugana DOC Brut Boll\u00e9 1,5 L Magnum&rdquo;\" rel=\"nofollow\" data-success_message=\"&ldquo;Pratello Spumante Lugana DOC Brut Boll\u00e9 1,5 L Magnum&rdquo; has been added to your cart\" role=\"button\">Add to cart<\/a><\/div>\t<span id=\"woocommerce_loop_add_to_cart_link_describedby_4666\" class=\"screen-reader-text\">\n\t\t\t<\/span>\n\t\t\t\t\t\t\t<\/div>\n\t\t\t\t\t\t<\/div>\n\t\t\t\t\t\t<\/div>\n\t\t\t\t\t<\/div><div class=\"col\" data-animate=\"fadeInUp\">\n\t\t\t\t\t\t<div class=\"col-inner\">\n\t\t\t\t\t\t\n<div class=\"badge-container badge-custom absolute right top z-1\">\n<div class=\"callout badge badge-circle\"><div class=\"badge-inner secondary on-sale\"><span class=\"onsale\">Sale!<\/span><\/div><\/div>\n<\/div>\n\t\t\t\t\t\t<div class=\"product-small box margin-auto has-hover box-vertical box-text-bottom\">\n\t\t\t\t\t\t\t<div class=\"box-image\" >\n\t\t\t\t\t\t\t\t<div class=\"\" >\n\t\t\t\t\t\t\t\t\t<a href=\"https:\/\/schaumweinkontor.com\/en\/produkt\/pratello-spumante-garda-doc-rose-pink-15-l-magnum\/\" aria-label=\"Pratello Spumante Garda DOC Ros\u00e9 Pink 1,5 L Magnum\">\n\t\t\t\t\t\t\t\t\t\t<img loading=\"lazy\" decoding=\"async\" width=\"300\" height=\"300\" src=\"https:\/\/schaumweinkontor.com\/wp-content\/uploads\/2022\/06\/Schaumweinkontor-Pratello-Pink-Garda-Rose-brut-1000x1000px-300x300.png\" class=\"attachment-medium size-medium\" alt=\"Pratello Spumante Garda DOC Ros\u00e9 Pink 1,5 L Magnum\" srcset=\"https:\/\/schaumweinkontor.com\/wp-content\/uploads\/2022\/06\/Schaumweinkontor-Pratello-Pink-Garda-Rose-brut-1000x1000px-300x300.png 300w, https:\/\/schaumweinkontor.com\/wp-content\/uploads\/2022\/06\/Schaumweinkontor-Pratello-Pink-Garda-Rose-brut-1000x1000px-100x100.png 100w, https:\/\/schaumweinkontor.com\/wp-content\/uploads\/2022\/06\/Schaumweinkontor-Pratello-Pink-Garda-Rose-brut-1000x1000px-510x510.png 510w, https:\/\/schaumweinkontor.com\/wp-content\/uploads\/2022\/06\/Schaumweinkontor-Pratello-Pink-Garda-Rose-brut-1000x1000px-150x150.png 150w, https:\/\/schaumweinkontor.com\/wp-content\/uploads\/2022\/06\/Schaumweinkontor-Pratello-Pink-Garda-Rose-brut-1000x1000px-768x768.png 768w, https:\/\/schaumweinkontor.com\/wp-content\/uploads\/2022\/06\/Schaumweinkontor-Pratello-Pink-Garda-Rose-brut-1000x1000px.png 1000w\" sizes=\"auto, (max-width: 300px) 100vw, 300px\" \/>\t\t\t\t\t\t\t\t\t<\/a>\n\t\t\t\t\t\t\t\t\t\t\t\t\t\t\t\t\t\t \t\t\t\t\t\t\t\t<\/div>\n\t\t\t\t\t\t\t\t<div class=\"image-tools top right show-on-hover\">\n\t\t\t\t\t\t\t\t\t\t\t\t\t\t\t\t\t<\/div>\n\t\t\t\t\t\t\t\t\t\t\t\t\t\t\t\t\t<div class=\"image-tools grid-tools text-center hide-for-small bottom hover-slide-in show-on-hover\">\n\t\t\t\t\t\t\t\t\t\t\t\t\t\t\t\t\t\t\t<\/div>\n\t\t\t\t\t\t\t\t\t\t\t\t\t\t\t\t\t\t\t\t\t\t\t<\/div>\n\n\t\t\t\t\t\t\t<div class=\"box-text text-center\" style=\"padding:px 0px 0px 0px;\">\n\t\t\t\t\t\t\t\t<div class=\"title-wrapper\">\t\t<p class=\"category uppercase is-smaller no-text-overflow product-cat op-7\">\n\t\t\tPratello\t\t<\/p>\n\t<p class=\"name product-title woocommerce-loop-product__title\"><a href=\"https:\/\/schaumweinkontor.com\/en\/produkt\/pratello-spumante-garda-doc-rose-pink-15-l-magnum\/\" class=\"woocommerce-LoopProduct-link woocommerce-loop-product__link\">Pratello Spumante Garda DOC Ros\u00e9 Pink 1,5 L Magnum<\/a><\/p><\/div><div class=\"price-wrapper\">\n\t<span class=\"price\"><del aria-hidden=\"true\"><span class=\"woocommerce-Price-amount amount\" role=\"none\"><bdi><span class=\"woocommerce-Price-currencySymbol\">&euro;<\/span>&nbsp;39,90<\/bdi><\/span><\/del> <span class=\"screen-reader-text\">Original price was: &euro;&nbsp;39,90.<\/span><ins aria-hidden=\"true\"><span class=\"woocommerce-Price-amount amount\" role=\"none\"><bdi><span class=\"woocommerce-Price-currencySymbol\">&euro;<\/span>&nbsp;31,92<\/bdi><\/span><\/ins><span class=\"screen-reader-text\">Current price is: &euro;&nbsp;31,92.<\/span> <small class=\"woocommerce-price-suffix\">inkl. MwSt.<\/small><\/span>\n<\/div><div class=\"add-to-cart-button\"><a href=\"\/en\/wp-json\/wp\/v2\/pages\/4628?add-to-cart=4665\" aria-describedby=\"woocommerce_loop_add_to_cart_link_describedby_4665\" data-quantity=\"1\" class=\"primary is-small mb-0 button product_type_simple add_to_cart_button ajax_add_to_cart is-outline\" data-product_id=\"4665\" data-product_sku=\"100300161\" aria-label=\"Add to cart: &ldquo;Pratello Spumante Garda DOC Ros\u00e9 Pink 1,5 L Magnum&rdquo;\" rel=\"nofollow\" data-success_message=\"&ldquo;Pratello Spumante Garda DOC Ros\u00e9 Pink 1,5 L Magnum&rdquo; has been added to your cart\" role=\"button\">Add to cart<\/a><\/div>\t<span id=\"woocommerce_loop_add_to_cart_link_describedby_4665\" class=\"screen-reader-text\">\n\t\t\t<\/span>\n\t\t\t\t\t\t\t<\/div>\n\t\t\t\t\t\t<\/div>\n\t\t\t\t\t\t<\/div>\n\t\t\t\t\t<\/div><\/div>\n\n\n  \n    <div class=\"row margin-auto equalize-box show-for-medium hide-for-small large-columns-3 medium-columns-2 small-columns-1 row-large has-shadow row-box-shadow-2 row-box-shadow-4-hover\" >\n  \t\n\t     <div class=\"col\" data-animate=\"fadeInUp\">\n\t\t\t\t\t\t<div class=\"col-inner\">\n\t\t\t\t\t\t\n<div class=\"badge-container badge-custom absolute right top z-1\">\n<div class=\"callout badge badge-circle\"><div class=\"badge-inner secondary on-sale\"><span class=\"onsale\">Sale!<\/span><\/div><\/div>\n<\/div>\n\t\t\t\t\t\t<div class=\"product-small box margin-auto has-hover box-normal box-text-bottom\">\n\t\t\t\t\t\t\t<div class=\"box-image\" >\n\t\t\t\t\t\t\t\t<div class=\"\" >\n\t\t\t\t\t\t\t\t\t<a href=\"https:\/\/schaumweinkontor.com\/en\/produkt\/pratello-spumante-lugana-doc-brut-bolle-075-l\/\" aria-label=\"Pratello Spumante Lugana DOC Brut Boll\u00e9 0,75 L\">\n\t\t\t\t\t\t\t\t\t\t<img loading=\"lazy\" decoding=\"async\" width=\"300\" height=\"300\" src=\"https:\/\/schaumweinkontor.com\/wp-content\/uploads\/2022\/06\/Schaumweinkontor-Bolle-1000x1000-px-300x300.png\" class=\"attachment-medium size-medium\" alt=\"Pratello Spumante Lugana DOC Brut Boll\u00e9 0,75 L\" srcset=\"https:\/\/schaumweinkontor.com\/wp-content\/uploads\/2022\/06\/Schaumweinkontor-Bolle-1000x1000-px-300x300.png 300w, https:\/\/schaumweinkontor.com\/wp-content\/uploads\/2022\/06\/Schaumweinkontor-Bolle-1000x1000-px-100x100.png 100w, https:\/\/schaumweinkontor.com\/wp-content\/uploads\/2022\/06\/Schaumweinkontor-Bolle-1000x1000-px-510x510.png 510w, https:\/\/schaumweinkontor.com\/wp-content\/uploads\/2022\/06\/Schaumweinkontor-Bolle-1000x1000-px-150x150.png 150w, https:\/\/schaumweinkontor.com\/wp-content\/uploads\/2022\/06\/Schaumweinkontor-Bolle-1000x1000-px-768x768.png 768w, https:\/\/schaumweinkontor.com\/wp-content\/uploads\/2022\/06\/Schaumweinkontor-Bolle-1000x1000-px.png 1000w\" sizes=\"auto, (max-width: 300px) 100vw, 300px\" \/>\t\t\t\t\t\t\t\t\t<\/a>\n\t\t\t\t\t\t\t\t\t\t\t\t\t\t\t\t\t\t \t\t\t\t\t\t\t\t<\/div>\n\t\t\t\t\t\t\t\t<div class=\"image-tools top right show-on-hover\">\n\t\t\t\t\t\t\t\t\t\t\t\t\t\t\t\t\t<\/div>\n\t\t\t\t\t\t\t\t\t\t\t\t\t\t\t\t\t<div class=\"image-tools grid-tools text-center hide-for-small bottom hover-slide-in show-on-hover\">\n\t\t\t\t\t\t\t\t\t\t\t\t\t\t\t\t\t\t\t<\/div>\n\t\t\t\t\t\t\t\t\t\t\t\t\t\t\t\t\t\t\t\t\t\t\t<\/div>\n\n\t\t\t\t\t\t\t<div class=\"box-text text-center\" style=\"padding:px 0px 0px 0px;\">\n\t\t\t\t\t\t\t\t<div class=\"title-wrapper\">\t\t<p class=\"category uppercase is-smaller no-text-overflow product-cat op-7\">\n\t\t\tPratello\t\t<\/p>\n\t<p class=\"name product-title woocommerce-loop-product__title\"><a href=\"https:\/\/schaumweinkontor.com\/en\/produkt\/pratello-spumante-lugana-doc-brut-bolle-075-l\/\" class=\"woocommerce-LoopProduct-link woocommerce-loop-product__link\">Pratello Spumante Lugana DOC Brut Boll\u00e9 0,75 L<\/a><\/p><\/div><div class=\"price-wrapper\">\n\t<span class=\"price\"><del aria-hidden=\"true\"><span class=\"woocommerce-Price-amount amount\" role=\"none\"><bdi><span class=\"woocommerce-Price-currencySymbol\">&euro;<\/span>&nbsp;14,50<\/bdi><\/span><\/del> <span class=\"screen-reader-text\">Original price was: &euro;&nbsp;14,50.<\/span><ins aria-hidden=\"true\"><span class=\"woocommerce-Price-amount amount\" role=\"none\"><bdi><span class=\"woocommerce-Price-currencySymbol\">&euro;<\/span>&nbsp;12,32<\/bdi><\/span><\/ins><span class=\"screen-reader-text\">Current price is: &euro;&nbsp;12,32.<\/span> <small class=\"woocommerce-price-suffix\">inkl. MwSt.<\/small><\/span>\n<\/div><div class=\"add-to-cart-button\"><a href=\"\/en\/wp-json\/wp\/v2\/pages\/4628?add-to-cart=4794\" aria-describedby=\"woocommerce_loop_add_to_cart_link_describedby_4794\" data-quantity=\"1\" class=\"primary is-small mb-0 button product_type_simple add_to_cart_button ajax_add_to_cart is-outline\" data-product_id=\"4794\" data-product_sku=\"100300157\" aria-label=\"Add to cart: &ldquo;Pratello Spumante Lugana DOC Brut Boll\u00e9 0,75 L&rdquo;\" rel=\"nofollow\" data-success_message=\"&ldquo;Pratello Spumante Lugana DOC Brut Boll\u00e9 0,75 L&rdquo; has been added to your cart\" role=\"button\">Add to cart<\/a><\/div>\t<span id=\"woocommerce_loop_add_to_cart_link_describedby_4794\" class=\"screen-reader-text\">\n\t\t\t<\/span>\n\t\t\t\t\t\t\t<\/div>\n\t\t\t\t\t\t<\/div>\n\t\t\t\t\t\t<\/div>\n\t\t\t\t\t<\/div><div class=\"col\" data-animate=\"fadeInUp\">\n\t\t\t\t\t\t<div class=\"col-inner\">\n\t\t\t\t\t\t\n<div class=\"badge-container badge-custom absolute right top z-1\">\n<div class=\"callout badge badge-circle\"><div class=\"badge-inner secondary on-sale\"><span class=\"onsale\">Sale!<\/span><\/div><\/div>\n<\/div>\n\t\t\t\t\t\t<div class=\"product-small box margin-auto has-hover box-normal box-text-bottom\">\n\t\t\t\t\t\t\t<div class=\"box-image\" >\n\t\t\t\t\t\t\t\t<div class=\"\" >\n\t\t\t\t\t\t\t\t\t<a href=\"https:\/\/schaumweinkontor.com\/en\/produkt\/pratello-spumante-garda-doc-rose-pink-075-l\/\" aria-label=\"Pratello Spumante Garda DOC Ros\u00e9 Pink 0,75 L\">\n\t\t\t\t\t\t\t\t\t\t<img loading=\"lazy\" decoding=\"async\" width=\"300\" height=\"300\" src=\"https:\/\/schaumweinkontor.com\/wp-content\/uploads\/2022\/06\/Schaumweinkontor-Pratello-Pink-Garda-Rose-brut-1000x1000px-300x300.png\" class=\"attachment-medium size-medium\" alt=\"Pratello Spumante Garda DOC Ros\u00e9 Pink 0,75 L\" srcset=\"https:\/\/schaumweinkontor.com\/wp-content\/uploads\/2022\/06\/Schaumweinkontor-Pratello-Pink-Garda-Rose-brut-1000x1000px-300x300.png 300w, https:\/\/schaumweinkontor.com\/wp-content\/uploads\/2022\/06\/Schaumweinkontor-Pratello-Pink-Garda-Rose-brut-1000x1000px-100x100.png 100w, https:\/\/schaumweinkontor.com\/wp-content\/uploads\/2022\/06\/Schaumweinkontor-Pratello-Pink-Garda-Rose-brut-1000x1000px-510x510.png 510w, https:\/\/schaumweinkontor.com\/wp-content\/uploads\/2022\/06\/Schaumweinkontor-Pratello-Pink-Garda-Rose-brut-1000x1000px-150x150.png 150w, https:\/\/schaumweinkontor.com\/wp-content\/uploads\/2022\/06\/Schaumweinkontor-Pratello-Pink-Garda-Rose-brut-1000x1000px-768x768.png 768w, https:\/\/schaumweinkontor.com\/wp-content\/uploads\/2022\/06\/Schaumweinkontor-Pratello-Pink-Garda-Rose-brut-1000x1000px.png 1000w\" sizes=\"auto, (max-width: 300px) 100vw, 300px\" \/>\t\t\t\t\t\t\t\t\t<\/a>\n\t\t\t\t\t\t\t\t\t\t\t\t\t\t\t\t\t\t \t\t\t\t\t\t\t\t<\/div>\n\t\t\t\t\t\t\t\t<div class=\"image-tools top right show-on-hover\">\n\t\t\t\t\t\t\t\t\t\t\t\t\t\t\t\t\t<\/div>\n\t\t\t\t\t\t\t\t\t\t\t\t\t\t\t\t\t<div class=\"image-tools grid-tools text-center hide-for-small bottom hover-slide-in show-on-hover\">\n\t\t\t\t\t\t\t\t\t\t\t\t\t\t\t\t\t\t\t<\/div>\n\t\t\t\t\t\t\t\t\t\t\t\t\t\t\t\t\t\t\t\t\t\t\t<\/div>\n\n\t\t\t\t\t\t\t<div class=\"box-text text-center\" style=\"padding:px 0px 0px 0px;\">\n\t\t\t\t\t\t\t\t<div class=\"title-wrapper\">\t\t<p class=\"category uppercase is-smaller no-text-overflow product-cat op-7\">\n\t\t\tPratello\t\t<\/p>\n\t<p class=\"name product-title woocommerce-loop-product__title\"><a href=\"https:\/\/schaumweinkontor.com\/en\/produkt\/pratello-spumante-garda-doc-rose-pink-075-l\/\" class=\"woocommerce-LoopProduct-link woocommerce-loop-product__link\">Pratello Spumante Garda DOC Ros\u00e9 Pink 0,75 L<\/a><\/p><\/div><div class=\"price-wrapper\">\n\t<span class=\"price\"><del aria-hidden=\"true\"><span class=\"woocommerce-Price-amount amount\" role=\"none\"><bdi><span class=\"woocommerce-Price-currencySymbol\">&euro;<\/span>&nbsp;14,50<\/bdi><\/span><\/del> <span class=\"screen-reader-text\">Original price was: &euro;&nbsp;14,50.<\/span><ins aria-hidden=\"true\"><span class=\"woocommerce-Price-amount amount\" role=\"none\"><bdi><span class=\"woocommerce-Price-currencySymbol\">&euro;<\/span>&nbsp;12,32<\/bdi><\/span><\/ins><span class=\"screen-reader-text\">Current price is: &euro;&nbsp;12,32.<\/span> <small class=\"woocommerce-price-suffix\">inkl. MwSt.<\/small><\/span>\n<\/div><div class=\"add-to-cart-button\"><a href=\"\/en\/wp-json\/wp\/v2\/pages\/4628?add-to-cart=4795\" aria-describedby=\"woocommerce_loop_add_to_cart_link_describedby_4795\" data-quantity=\"1\" class=\"primary is-small mb-0 button product_type_simple add_to_cart_button ajax_add_to_cart is-outline\" data-product_id=\"4795\" data-product_sku=\"100300156\" aria-label=\"Add to cart: &ldquo;Pratello Spumante Garda DOC Ros\u00e9 Pink 0,75 L&rdquo;\" rel=\"nofollow\" data-success_message=\"&ldquo;Pratello Spumante Garda DOC Ros\u00e9 Pink 0,75 L&rdquo; has been added to your cart\" role=\"button\">Add to cart<\/a><\/div>\t<span id=\"woocommerce_loop_add_to_cart_link_describedby_4795\" class=\"screen-reader-text\">\n\t\t\t<\/span>\n\t\t\t\t\t\t\t<\/div>\n\t\t\t\t\t\t<\/div>\n\t\t\t\t\t\t<\/div>\n\t\t\t\t\t<\/div><div class=\"col\" data-animate=\"fadeInUp\">\n\t\t\t\t\t\t<div class=\"col-inner\">\n\t\t\t\t\t\t\n<div class=\"badge-container badge-custom absolute right top z-1\">\n\n<\/div>\n\t\t\t\t\t\t<div class=\"product-small box margin-auto has-hover box-normal box-text-bottom\">\n\t\t\t\t\t\t\t<div class=\"box-image\" >\n\t\t\t\t\t\t\t\t<div class=\"\" >\n\t\t\t\t\t\t\t\t\t<a href=\"https:\/\/schaumweinkontor.com\/en\/produkt\/pratello-origine-metodo-ancestrale-075-l\/\" aria-label=\"Pratello Origine Metodo Ancestrale 0,75 L\">\n\t\t\t\t\t\t\t\t\t\t<img loading=\"lazy\" decoding=\"async\" width=\"300\" height=\"300\" src=\"https:\/\/schaumweinkontor.com\/wp-content\/uploads\/2023\/04\/Pratello-Origine-Metodo_1000x1000-px-300x300.png\" class=\"attachment-medium size-medium\" alt=\"Pratello Origine Metodo Ancestrale 0,75 L\" srcset=\"https:\/\/schaumweinkontor.com\/wp-content\/uploads\/2023\/04\/Pratello-Origine-Metodo_1000x1000-px-300x300.png 300w, https:\/\/schaumweinkontor.com\/wp-content\/uploads\/2023\/04\/Pratello-Origine-Metodo_1000x1000-px-100x100.png 100w, https:\/\/schaumweinkontor.com\/wp-content\/uploads\/2023\/04\/Pratello-Origine-Metodo_1000x1000-px-510x510.png 510w, https:\/\/schaumweinkontor.com\/wp-content\/uploads\/2023\/04\/Pratello-Origine-Metodo_1000x1000-px-150x150.png 150w, https:\/\/schaumweinkontor.com\/wp-content\/uploads\/2023\/04\/Pratello-Origine-Metodo_1000x1000-px-768x768.png 768w, https:\/\/schaumweinkontor.com\/wp-content\/uploads\/2023\/04\/Pratello-Origine-Metodo_1000x1000-px.png 1000w\" sizes=\"auto, (max-width: 300px) 100vw, 300px\" \/>\t\t\t\t\t\t\t\t\t<\/a>\n\t\t\t\t\t\t\t\t\t\t\t\t\t\t\t\t\t\t \t\t\t\t\t\t\t\t<\/div>\n\t\t\t\t\t\t\t\t<div class=\"image-tools top right show-on-hover\">\n\t\t\t\t\t\t\t\t\t\t\t\t\t\t\t\t\t<\/div>\n\t\t\t\t\t\t\t\t\t\t\t\t\t\t\t\t\t<div class=\"image-tools grid-tools text-center hide-for-small bottom hover-slide-in show-on-hover\">\n\t\t\t\t\t\t\t\t\t\t\t\t\t\t\t\t\t\t\t<\/div>\n\t\t\t\t\t\t\t\t\t\t\t\t\t\t\t\t\t\t\t\t\t\t\t<\/div>\n\n\t\t\t\t\t\t\t<div class=\"box-text text-center\" style=\"padding:px 0px 0px 0px;\">\n\t\t\t\t\t\t\t\t<div class=\"title-wrapper\">\t\t<p class=\"category uppercase is-smaller no-text-overflow product-cat op-7\">\n\t\t\tPratello\t\t<\/p>\n\t<p class=\"name product-title woocommerce-loop-product__title\"><a href=\"https:\/\/schaumweinkontor.com\/en\/produkt\/pratello-origine-metodo-ancestrale-075-l\/\" class=\"woocommerce-LoopProduct-link woocommerce-loop-product__link\">Pratello Origine Metodo Ancestrale 0,75 L<\/a><\/p><\/div><div class=\"price-wrapper\">\n\t<span class=\"price\"><span class=\"woocommerce-Price-amount amount\" role=\"none\"><bdi><span class=\"woocommerce-Price-currencySymbol\">&euro;<\/span>&nbsp;12,50<\/bdi><\/span> <small class=\"woocommerce-price-suffix\">inkl. MwSt.<\/small><\/span>\n<\/div><div class=\"add-to-cart-button\"><a href=\"\/en\/wp-json\/wp\/v2\/pages\/4628?add-to-cart=4703\" aria-describedby=\"woocommerce_loop_add_to_cart_link_describedby_4703\" data-quantity=\"1\" class=\"primary is-small mb-0 button product_type_simple add_to_cart_button ajax_add_to_cart is-outline\" data-product_id=\"4703\" data-product_sku=\"100300159\" aria-label=\"Add to cart: &ldquo;Pratello Origine Metodo Ancestrale 0,75 L&rdquo;\" rel=\"nofollow\" data-success_message=\"&ldquo;Pratello Origine Metodo Ancestrale 0,75 L&rdquo; has been added to your cart\" role=\"button\">Add to cart<\/a><\/div>\t<span id=\"woocommerce_loop_add_to_cart_link_describedby_4703\" class=\"screen-reader-text\">\n\t\t\t<\/span>\n\t\t\t\t\t\t\t<\/div>\n\t\t\t\t\t\t<\/div>\n\t\t\t\t\t\t<\/div>\n\t\t\t\t\t<\/div><div class=\"col\" data-animate=\"fadeInUp\">\n\t\t\t\t\t\t<div class=\"col-inner\">\n\t\t\t\t\t\t\n<div class=\"badge-container badge-custom absolute right top z-1\">\n<div class=\"callout badge badge-circle\"><div class=\"badge-inner secondary on-sale\"><span class=\"onsale\">Sale!<\/span><\/div><\/div>\n<\/div>\n\t\t\t\t\t\t<div class=\"product-small box margin-auto has-hover box-normal box-text-bottom\">\n\t\t\t\t\t\t\t<div class=\"box-image\" >\n\t\t\t\t\t\t\t\t<div class=\"\" >\n\t\t\t\t\t\t\t\t\t<a href=\"https:\/\/schaumweinkontor.com\/en\/produkt\/pratello-donna-caterina-2018-075-l\/\" aria-label=\"Pratello Donna Caterina 2018 0,75 L\">\n\t\t\t\t\t\t\t\t\t\t<img loading=\"lazy\" decoding=\"async\" width=\"300\" height=\"300\" src=\"https:\/\/schaumweinkontor.com\/wp-content\/uploads\/2023\/04\/Pratello-Donna-caterina_1000x1000-px-300x300.png\" class=\"attachment-medium size-medium\" alt=\"Pratello Donna Caterina 2018 0,75 L\" srcset=\"https:\/\/schaumweinkontor.com\/wp-content\/uploads\/2023\/04\/Pratello-Donna-caterina_1000x1000-px-300x300.png 300w, https:\/\/schaumweinkontor.com\/wp-content\/uploads\/2023\/04\/Pratello-Donna-caterina_1000x1000-px-100x100.png 100w, https:\/\/schaumweinkontor.com\/wp-content\/uploads\/2023\/04\/Pratello-Donna-caterina_1000x1000-px-510x510.png 510w, https:\/\/schaumweinkontor.com\/wp-content\/uploads\/2023\/04\/Pratello-Donna-caterina_1000x1000-px-150x150.png 150w, https:\/\/schaumweinkontor.com\/wp-content\/uploads\/2023\/04\/Pratello-Donna-caterina_1000x1000-px-768x768.png 768w, https:\/\/schaumweinkontor.com\/wp-content\/uploads\/2023\/04\/Pratello-Donna-caterina_1000x1000-px.png 1000w\" sizes=\"auto, (max-width: 300px) 100vw, 300px\" \/>\t\t\t\t\t\t\t\t\t<\/a>\n\t\t\t\t\t\t\t\t\t\t\t\t\t\t\t\t\t\t \t\t\t\t\t\t\t\t<\/div>\n\t\t\t\t\t\t\t\t<div class=\"image-tools top right show-on-hover\">\n\t\t\t\t\t\t\t\t\t\t\t\t\t\t\t\t\t<\/div>\n\t\t\t\t\t\t\t\t\t\t\t\t\t\t\t\t\t<div class=\"image-tools grid-tools text-center hide-for-small bottom hover-slide-in show-on-hover\">\n\t\t\t\t\t\t\t\t\t\t\t\t\t\t\t\t\t\t\t<\/div>\n\t\t\t\t\t\t\t\t\t\t\t\t\t\t\t\t\t\t\t\t\t\t\t<\/div>\n\n\t\t\t\t\t\t\t<div class=\"box-text text-center\" style=\"padding:px 0px 0px 0px;\">\n\t\t\t\t\t\t\t\t<div class=\"title-wrapper\">\t\t<p class=\"category uppercase is-smaller no-text-overflow product-cat op-7\">\n\t\t\tPratello\t\t<\/p>\n\t<p class=\"name product-title woocommerce-loop-product__title\"><a href=\"https:\/\/schaumweinkontor.com\/en\/produkt\/pratello-donna-caterina-2018-075-l\/\" class=\"woocommerce-LoopProduct-link woocommerce-loop-product__link\">Pratello Donna Caterina 2018 0,75 L<\/a><\/p><\/div><div class=\"price-wrapper\">\n\t<span class=\"price\"><del aria-hidden=\"true\"><span class=\"woocommerce-Price-amount amount\" role=\"none\"><bdi><span class=\"woocommerce-Price-currencySymbol\">&euro;<\/span>&nbsp;23,60<\/bdi><\/span><\/del> <span class=\"screen-reader-text\">Original price was: &euro;&nbsp;23,60.<\/span><ins aria-hidden=\"true\"><span class=\"woocommerce-Price-amount amount\" role=\"none\"><bdi><span class=\"woocommerce-Price-currencySymbol\">&euro;<\/span>&nbsp;17,70<\/bdi><\/span><\/ins><span class=\"screen-reader-text\">Current price is: &euro;&nbsp;17,70.<\/span> <small class=\"woocommerce-price-suffix\">inkl. MwSt.<\/small><\/span>\n<\/div><div class=\"add-to-cart-button\"><a href=\"\/en\/wp-json\/wp\/v2\/pages\/4628?add-to-cart=4702\" aria-describedby=\"woocommerce_loop_add_to_cart_link_describedby_4702\" data-quantity=\"1\" class=\"primary is-small mb-0 button product_type_simple add_to_cart_button ajax_add_to_cart is-outline\" data-product_id=\"4702\" data-product_sku=\"100300158\" aria-label=\"Add to cart: &ldquo;Pratello Donna Caterina 2018 0,75 L&rdquo;\" rel=\"nofollow\" data-success_message=\"&ldquo;Pratello Donna Caterina 2018 0,75 L&rdquo; has been added to your cart\" role=\"button\">Add to cart<\/a><\/div>\t<span id=\"woocommerce_loop_add_to_cart_link_describedby_4702\" class=\"screen-reader-text\">\n\t\t\t<\/span>\n\t\t\t\t\t\t\t<\/div>\n\t\t\t\t\t\t<\/div>\n\t\t\t\t\t\t<\/div>\n\t\t\t\t\t<\/div><div class=\"col\" data-animate=\"fadeInUp\">\n\t\t\t\t\t\t<div class=\"col-inner\">\n\t\t\t\t\t\t\n<div class=\"badge-container badge-custom absolute right top z-1\">\n<div class=\"callout badge badge-circle\"><div class=\"badge-inner secondary on-sale\"><span class=\"onsale\">Sale!<\/span><\/div><\/div>\n<\/div>\n\t\t\t\t\t\t<div class=\"product-small box margin-auto has-hover box-normal box-text-bottom\">\n\t\t\t\t\t\t\t<div class=\"box-image\" >\n\t\t\t\t\t\t\t\t<div class=\"\" >\n\t\t\t\t\t\t\t\t\t<a href=\"https:\/\/schaumweinkontor.com\/en\/produkt\/gardasee-special\/\" aria-label=\"Gardasee Special\">\n\t\t\t\t\t\t\t\t\t\t<img loading=\"lazy\" decoding=\"async\" width=\"300\" height=\"300\" src=\"https:\/\/schaumweinkontor.com\/wp-content\/uploads\/2024\/10\/Gardasee-special-package-300x300.png\" class=\"attachment-medium size-medium\" alt=\"Gardasee Special\" srcset=\"https:\/\/schaumweinkontor.com\/wp-content\/uploads\/2024\/10\/Gardasee-special-package-300x300.png 300w, https:\/\/schaumweinkontor.com\/wp-content\/uploads\/2024\/10\/Gardasee-special-package-150x150.png 150w, https:\/\/schaumweinkontor.com\/wp-content\/uploads\/2024\/10\/Gardasee-special-package-768x767.png 768w, https:\/\/schaumweinkontor.com\/wp-content\/uploads\/2024\/10\/Gardasee-special-package-510x509.png 510w, https:\/\/schaumweinkontor.com\/wp-content\/uploads\/2024\/10\/Gardasee-special-package-100x100.png 100w, https:\/\/schaumweinkontor.com\/wp-content\/uploads\/2024\/10\/Gardasee-special-package.png 1001w\" sizes=\"auto, (max-width: 300px) 100vw, 300px\" \/>\t\t\t\t\t\t\t\t\t<\/a>\n\t\t\t\t\t\t\t\t\t\t\t\t\t\t\t\t\t\t \t\t\t\t\t\t\t\t<\/div>\n\t\t\t\t\t\t\t\t<div class=\"image-tools top right show-on-hover\">\n\t\t\t\t\t\t\t\t\t\t\t\t\t\t\t\t\t<\/div>\n\t\t\t\t\t\t\t\t\t\t\t\t\t\t\t\t\t<div class=\"image-tools grid-tools text-center hide-for-small bottom hover-slide-in show-on-hover\">\n\t\t\t\t\t\t\t\t\t\t\t\t\t\t\t\t\t\t\t<\/div>\n\t\t\t\t\t\t\t\t\t\t\t\t\t\t\t\t\t\t\t\t\t\t\t<\/div>\n\n\t\t\t\t\t\t\t<div class=\"box-text text-center\" style=\"padding:px 0px 0px 0px;\">\n\t\t\t\t\t\t\t\t<div class=\"title-wrapper\">\t\t<p class=\"category uppercase is-smaller no-text-overflow product-cat op-7\">\n\t\t\tPratello\t\t<\/p>\n\t<p class=\"name product-title woocommerce-loop-product__title\"><a href=\"https:\/\/schaumweinkontor.com\/en\/produkt\/gardasee-special\/\" class=\"woocommerce-LoopProduct-link woocommerce-loop-product__link\">Gardasee Special<\/a><\/p><\/div><div class=\"price-wrapper\">\n\t<span class=\"price\"><del aria-hidden=\"true\"><span class=\"woocommerce-Price-amount amount\" role=\"none\"><bdi><span class=\"woocommerce-Price-currencySymbol\">&euro;<\/span>&nbsp;24,64<\/bdi><\/span><\/del> <span class=\"screen-reader-text\">Original price was: &euro;&nbsp;24,64.<\/span><ins aria-hidden=\"true\"><span class=\"woocommerce-Price-amount amount\" role=\"none\"><bdi><span class=\"woocommerce-Price-currencySymbol\">&euro;<\/span>&nbsp;23,40<\/bdi><\/span><\/ins><span class=\"screen-reader-text\">Current price is: &euro;&nbsp;23,40.<\/span> <small class=\"woocommerce-price-suffix\">inkl. MwSt.<\/small><\/span>\n<\/div><div class=\"add-to-cart-button\"><a href=\"\/en\/wp-json\/wp\/v2\/pages\/4628?add-to-cart=5788\" aria-describedby=\"woocommerce_loop_add_to_cart_link_describedby_5788\" data-quantity=\"1\" class=\"primary is-small mb-0 button product_type_simple add_to_cart_button ajax_add_to_cart is-outline\" data-product_id=\"5788\" data-product_sku=\"100300156 + 100300157\" aria-label=\"Add to cart: &ldquo;Gardasee Special&rdquo;\" rel=\"nofollow\" data-success_message=\"&ldquo;Gardasee Special&rdquo; has been added to your cart\" role=\"button\">Add to cart<\/a><\/div>\t<span id=\"woocommerce_loop_add_to_cart_link_describedby_5788\" class=\"screen-reader-text\">\n\t\t\t<\/span>\n\t\t\t\t\t\t\t<\/div>\n\t\t\t\t\t\t<\/div>\n\t\t\t\t\t\t<\/div>\n\t\t\t\t\t<\/div><div class=\"col\" data-animate=\"fadeInUp\">\n\t\t\t\t\t\t<div class=\"col-inner\">\n\t\t\t\t\t\t\n<div class=\"badge-container badge-custom absolute right top z-1\">\n<div class=\"callout badge badge-circle\"><div class=\"badge-inner secondary on-sale\"><span class=\"onsale\">Sale!<\/span><\/div><\/div>\n<\/div>\n\t\t\t\t\t\t<div class=\"product-small box margin-auto has-hover box-normal box-text-bottom\">\n\t\t\t\t\t\t\t<div class=\"box-image\" >\n\t\t\t\t\t\t\t\t<div class=\"\" >\n\t\t\t\t\t\t\t\t\t<a href=\"https:\/\/schaumweinkontor.com\/en\/produkt\/pratello-spumante-lugana-doc-brut-bolle-15-l-magnum\/\" aria-label=\"Pratello Spumante Lugana DOC Brut Boll\u00e9 1,5 L Magnum\">\n\t\t\t\t\t\t\t\t\t\t<img loading=\"lazy\" decoding=\"async\" width=\"300\" height=\"300\" src=\"https:\/\/schaumweinkontor.com\/wp-content\/uploads\/2022\/06\/Schaumweinkontor-Bolle-1000x1000-px-300x300.png\" class=\"attachment-medium size-medium\" alt=\"Pratello Spumante Lugana DOC Brut Boll\u00e9 1,5 L Magnum\" srcset=\"https:\/\/schaumweinkontor.com\/wp-content\/uploads\/2022\/06\/Schaumweinkontor-Bolle-1000x1000-px-300x300.png 300w, https:\/\/schaumweinkontor.com\/wp-content\/uploads\/2022\/06\/Schaumweinkontor-Bolle-1000x1000-px-100x100.png 100w, https:\/\/schaumweinkontor.com\/wp-content\/uploads\/2022\/06\/Schaumweinkontor-Bolle-1000x1000-px-510x510.png 510w, https:\/\/schaumweinkontor.com\/wp-content\/uploads\/2022\/06\/Schaumweinkontor-Bolle-1000x1000-px-150x150.png 150w, https:\/\/schaumweinkontor.com\/wp-content\/uploads\/2022\/06\/Schaumweinkontor-Bolle-1000x1000-px-768x768.png 768w, https:\/\/schaumweinkontor.com\/wp-content\/uploads\/2022\/06\/Schaumweinkontor-Bolle-1000x1000-px.png 1000w\" sizes=\"auto, (max-width: 300px) 100vw, 300px\" \/>\t\t\t\t\t\t\t\t\t<\/a>\n\t\t\t\t\t\t\t\t\t\t\t\t\t\t\t\t\t\t \t\t\t\t\t\t\t\t<\/div>\n\t\t\t\t\t\t\t\t<div class=\"image-tools top right show-on-hover\">\n\t\t\t\t\t\t\t\t\t\t\t\t\t\t\t\t\t<\/div>\n\t\t\t\t\t\t\t\t\t\t\t\t\t\t\t\t\t<div class=\"image-tools grid-tools text-center hide-for-small bottom hover-slide-in show-on-hover\">\n\t\t\t\t\t\t\t\t\t\t\t\t\t\t\t\t\t\t\t<\/div>\n\t\t\t\t\t\t\t\t\t\t\t\t\t\t\t\t\t\t\t\t\t\t\t<\/div>\n\n\t\t\t\t\t\t\t<div class=\"box-text text-center\" style=\"padding:px 0px 0px 0px;\">\n\t\t\t\t\t\t\t\t<div class=\"title-wrapper\">\t\t<p class=\"category uppercase is-smaller no-text-overflow product-cat op-7\">\n\t\t\tPratello\t\t<\/p>\n\t<p class=\"name product-title woocommerce-loop-product__title\"><a href=\"https:\/\/schaumweinkontor.com\/en\/produkt\/pratello-spumante-lugana-doc-brut-bolle-15-l-magnum\/\" class=\"woocommerce-LoopProduct-link woocommerce-loop-product__link\">Pratello Spumante Lugana DOC Brut Boll\u00e9 1,5 L Magnum<\/a><\/p><\/div><div class=\"price-wrapper\">\n\t<span class=\"price\"><del aria-hidden=\"true\"><span class=\"woocommerce-Price-amount amount\" role=\"none\"><bdi><span class=\"woocommerce-Price-currencySymbol\">&euro;<\/span>&nbsp;39,90<\/bdi><\/span><\/del> <span class=\"screen-reader-text\">Original price was: &euro;&nbsp;39,90.<\/span><ins aria-hidden=\"true\"><span class=\"woocommerce-Price-amount amount\" role=\"none\"><bdi><span class=\"woocommerce-Price-currencySymbol\">&euro;<\/span>&nbsp;29,90<\/bdi><\/span><\/ins><span class=\"screen-reader-text\">Current price is: &euro;&nbsp;29,90.<\/span> <small class=\"woocommerce-price-suffix\">inkl. MwSt.<\/small><\/span>\n<\/div><div class=\"add-to-cart-button\"><a href=\"\/en\/wp-json\/wp\/v2\/pages\/4628?add-to-cart=4666\" aria-describedby=\"woocommerce_loop_add_to_cart_link_describedby_4666\" data-quantity=\"1\" class=\"primary is-small mb-0 button product_type_simple add_to_cart_button ajax_add_to_cart is-outline\" data-product_id=\"4666\" data-product_sku=\"100300162\" aria-label=\"Add to cart: &ldquo;Pratello Spumante Lugana DOC Brut Boll\u00e9 1,5 L Magnum&rdquo;\" rel=\"nofollow\" data-success_message=\"&ldquo;Pratello Spumante Lugana DOC Brut Boll\u00e9 1,5 L Magnum&rdquo; has been added to your cart\" role=\"button\">Add to cart<\/a><\/div>\t<span id=\"woocommerce_loop_add_to_cart_link_describedby_4666\" class=\"screen-reader-text\">\n\t\t\t<\/span>\n\t\t\t\t\t\t\t<\/div>\n\t\t\t\t\t\t<\/div>\n\t\t\t\t\t\t<\/div>\n\t\t\t\t\t<\/div><div class=\"col\" data-animate=\"fadeInUp\">\n\t\t\t\t\t\t<div class=\"col-inner\">\n\t\t\t\t\t\t\n<div class=\"badge-container badge-custom absolute right top z-1\">\n<div class=\"callout badge badge-circle\"><div class=\"badge-inner secondary on-sale\"><span class=\"onsale\">Sale!<\/span><\/div><\/div>\n<\/div>\n\t\t\t\t\t\t<div class=\"product-small box margin-auto has-hover box-normal box-text-bottom\">\n\t\t\t\t\t\t\t<div class=\"box-image\" >\n\t\t\t\t\t\t\t\t<div class=\"\" >\n\t\t\t\t\t\t\t\t\t<a href=\"https:\/\/schaumweinkontor.com\/en\/produkt\/pratello-spumante-garda-doc-rose-pink-15-l-magnum\/\" aria-label=\"Pratello Spumante Garda DOC Ros\u00e9 Pink 1,5 L Magnum\">\n\t\t\t\t\t\t\t\t\t\t<img loading=\"lazy\" decoding=\"async\" width=\"300\" height=\"300\" src=\"https:\/\/schaumweinkontor.com\/wp-content\/uploads\/2022\/06\/Schaumweinkontor-Pratello-Pink-Garda-Rose-brut-1000x1000px-300x300.png\" class=\"attachment-medium size-medium\" alt=\"Pratello Spumante Garda DOC Ros\u00e9 Pink 1,5 L Magnum\" srcset=\"https:\/\/schaumweinkontor.com\/wp-content\/uploads\/2022\/06\/Schaumweinkontor-Pratello-Pink-Garda-Rose-brut-1000x1000px-300x300.png 300w, https:\/\/schaumweinkontor.com\/wp-content\/uploads\/2022\/06\/Schaumweinkontor-Pratello-Pink-Garda-Rose-brut-1000x1000px-100x100.png 100w, https:\/\/schaumweinkontor.com\/wp-content\/uploads\/2022\/06\/Schaumweinkontor-Pratello-Pink-Garda-Rose-brut-1000x1000px-510x510.png 510w, https:\/\/schaumweinkontor.com\/wp-content\/uploads\/2022\/06\/Schaumweinkontor-Pratello-Pink-Garda-Rose-brut-1000x1000px-150x150.png 150w, https:\/\/schaumweinkontor.com\/wp-content\/uploads\/2022\/06\/Schaumweinkontor-Pratello-Pink-Garda-Rose-brut-1000x1000px-768x768.png 768w, https:\/\/schaumweinkontor.com\/wp-content\/uploads\/2022\/06\/Schaumweinkontor-Pratello-Pink-Garda-Rose-brut-1000x1000px.png 1000w\" sizes=\"auto, (max-width: 300px) 100vw, 300px\" \/>\t\t\t\t\t\t\t\t\t<\/a>\n\t\t\t\t\t\t\t\t\t\t\t\t\t\t\t\t\t\t \t\t\t\t\t\t\t\t<\/div>\n\t\t\t\t\t\t\t\t<div class=\"image-tools top right show-on-hover\">\n\t\t\t\t\t\t\t\t\t\t\t\t\t\t\t\t\t<\/div>\n\t\t\t\t\t\t\t\t\t\t\t\t\t\t\t\t\t<div class=\"image-tools grid-tools text-center hide-for-small bottom hover-slide-in show-on-hover\">\n\t\t\t\t\t\t\t\t\t\t\t\t\t\t\t\t\t\t\t<\/div>\n\t\t\t\t\t\t\t\t\t\t\t\t\t\t\t\t\t\t\t\t\t\t\t<\/div>\n\n\t\t\t\t\t\t\t<div class=\"box-text text-center\" style=\"padding:px 0px 0px 0px;\">\n\t\t\t\t\t\t\t\t<div class=\"title-wrapper\">\t\t<p class=\"category uppercase is-smaller no-text-overflow product-cat op-7\">\n\t\t\tPratello\t\t<\/p>\n\t<p class=\"name product-title woocommerce-loop-product__title\"><a href=\"https:\/\/schaumweinkontor.com\/en\/produkt\/pratello-spumante-garda-doc-rose-pink-15-l-magnum\/\" class=\"woocommerce-LoopProduct-link woocommerce-loop-product__link\">Pratello Spumante Garda DOC Ros\u00e9 Pink 1,5 L Magnum<\/a><\/p><\/div><div class=\"price-wrapper\">\n\t<span class=\"price\"><del aria-hidden=\"true\"><span class=\"woocommerce-Price-amount amount\" role=\"none\"><bdi><span class=\"woocommerce-Price-currencySymbol\">&euro;<\/span>&nbsp;39,90<\/bdi><\/span><\/del> <span class=\"screen-reader-text\">Original price was: &euro;&nbsp;39,90.<\/span><ins aria-hidden=\"true\"><span class=\"woocommerce-Price-amount amount\" role=\"none\"><bdi><span class=\"woocommerce-Price-currencySymbol\">&euro;<\/span>&nbsp;31,92<\/bdi><\/span><\/ins><span class=\"screen-reader-text\">Current price is: &euro;&nbsp;31,92.<\/span> <small class=\"woocommerce-price-suffix\">inkl. MwSt.<\/small><\/span>\n<\/div><div class=\"add-to-cart-button\"><a href=\"\/en\/wp-json\/wp\/v2\/pages\/4628?add-to-cart=4665\" aria-describedby=\"woocommerce_loop_add_to_cart_link_describedby_4665\" data-quantity=\"1\" class=\"primary is-small mb-0 button product_type_simple add_to_cart_button ajax_add_to_cart is-outline\" data-product_id=\"4665\" data-product_sku=\"100300161\" aria-label=\"Add to cart: &ldquo;Pratello Spumante Garda DOC Ros\u00e9 Pink 1,5 L Magnum&rdquo;\" rel=\"nofollow\" data-success_message=\"&ldquo;Pratello Spumante Garda DOC Ros\u00e9 Pink 1,5 L Magnum&rdquo; has been added to your cart\" role=\"button\">Add to cart<\/a><\/div>\t<span id=\"woocommerce_loop_add_to_cart_link_describedby_4665\" class=\"screen-reader-text\">\n\t\t\t<\/span>\n\t\t\t\t\t\t\t<\/div>\n\t\t\t\t\t\t<\/div>\n\t\t\t\t\t\t<\/div>\n\t\t\t\t\t<\/div><\/div>\n\n<div class=\"text-center\"><div class=\"is-divider divider clearfix\" style=\"margin-top:3em;margin-bottom:3em;max-width:100%;height:2px;background-color:rgba(183, 149, 73, 0.419);\"><\/div><\/div>\n\n\n\t\t<\/div>\n\t\t\t\t\t<\/div>\n\n\t\n\n\n<style>\n#row-2087124228 > .col > .col-inner {\n  padding: 0px 0px 0px 0px;\n}\n@media (min-width:550px) {\n  #row-2087124228 > .col > .col-inner {\n    padding: 15px 0px 0px 0px;\n  }\n}\n<\/style>\n<\/div>\n\t<section class=\"section bg_winzer show-for-medium\" id=\"section_1428150949\">\n\t\t<div class=\"bg section-bg fill bg-fill  \" >\n\n\t\t\t\n\t\t\t\n\t\t\t\n\n\t\t<\/div>\n\n\t\t\n\n\t\t<div class=\"section-content relative\">\n\t\t\t\n\n<div class=\"row row-collapse row-full-width align-middle align-center\"  id=\"row-1224271470\">\n\n\n\t<div id=\"col-1945725107\" class=\"col small-12 large-12\"  >\n\t\t\t\t<div class=\"col-inner\"  >\n\t\t\t\n\t\t\t\n\n\t<div id=\"text-3933456825\" class=\"text\">\n\t\t\n\n<h2 id=\"fantinel-spumante-mobile\" class=\"uppercase\" style=\"text-align: center;\"><span style=\"font-size: 90%;\">Fantinel<\/span><\/h2>\n\t\t\n<style>\n#text-3933456825 {\n  font-size: 1rem;\n  line-height: 0.75;\n}\n<\/style>\n\t<\/div>\n\t\n\n\t\t<\/div>\n\t\t\t\t\t<\/div>\n\n\t\n\n\n<style>\n#row-1224271470 > .col > .col-inner {\n  padding: 0 0px 0px 0px;\n}\n@media (min-width:550px) {\n  #row-1224271470 > .col > .col-inner {\n    padding: 15px 0px 0px 0px;\n  }\n}\n<\/style>\n<\/div>\n\n\t\t<\/div>\n\n\t\t\n<style>\n#section_1428150949 {\n  padding-top: 35px;\n  padding-bottom: 35px;\n  margin-bottom: 30px;\n}\n#section_1428150949 .section-bg.bg-loaded {\n  background-image: url(https:\/\/schaumweinkontor.com\/wp-content\/uploads\/2022\/06\/landscape-illu-gold-transp.png);\n}\n@media (min-width:550px) {\n  #section_1428150949 {\n    padding-top: 20px;\n    padding-bottom: 20px;\n  }\n}\n<\/style>\n\t<\/section>\n\t\n<div class=\"row row-collapse row-full-width align-middle align-center\"  id=\"row-951156643\">\n\n\n\t<div id=\"col-1481699364\" class=\"col small-12 large-12\"  >\n\t\t\t\t<div class=\"col-inner\"  >\n\t\t\t\n\t\t\t\n\n\n  \n    <div class=\"row margin-auto equalize-box show-for-small large-columns-3 medium-columns- small-columns-1 row-large has-shadow row-box-shadow-2 row-box-shadow-4-hover\" >\n  \t<\/div>\n\n\n  \n    <div class=\"row margin-auto equalize-box show-for-medium hide-for-small large-columns-3 medium-columns-2 small-columns-1 row-large has-shadow row-box-shadow-2 row-box-shadow-4-hover\" >\n  \t<\/div>\n\n<div class=\"text-center\"><div class=\"is-divider divider clearfix\" style=\"margin-top:3em;margin-bottom:3em;max-width:100%;height:2px;background-color:rgba(183, 149, 73, 0.419);\"><\/div><\/div>\n\n\n\t\t<\/div>\n\t\t\t\t\t<\/div>\n\n\t\n\n\n<style>\n#row-951156643 > .col > .col-inner {\n  padding: 0px 0px 0px 0px;\n}\n@media (min-width:550px) {\n  #row-951156643 > .col > .col-inner {\n    padding: 15px 0px 0px 0px;\n  }\n}\n<\/style>\n<\/div>\n\t<section class=\"section bg_winzer show-for-medium\" id=\"section_376317819\">\n\t\t<div class=\"bg section-bg fill bg-fill  \" >\n\n\t\t\t\n\t\t\t\n\t\t\t\n\n\t\t<\/div>\n\n\t\t\n\n\t\t<div class=\"section-content relative\">\n\t\t\t\n\n<div class=\"row row-collapse row-full-width align-middle align-center\"  id=\"row-491466832\">\n\n\n\t<div id=\"col-2057392532\" class=\"col small-12 large-12\"  >\n\t\t\t\t<div class=\"col-inner\"  >\n\t\t\t\n\t\t\t\n\n<h2 id=\"ceci-spumante-mobile\" class=\"uppercase\" style=\"text-align: center;\"><span style=\"font-size: 90%;\">CECI 1813<\/span><\/h2>\n\n\t\t<\/div>\n\t\t\t\t\t<\/div>\n\n\t\n\n\n<style>\n#row-491466832 > .col > .col-inner {\n  padding: 0 0px 0px 0px;\n}\n@media (min-width:550px) {\n  #row-491466832 > .col > .col-inner {\n    padding: 15px 0px 0px 0px;\n  }\n}\n<\/style>\n<\/div>\n\n\t\t<\/div>\n\n\t\t\n<style>\n#section_376317819 {\n  padding-top: 30px;\n  padding-bottom: 30px;\n  margin-bottom: 30px;\n}\n#section_376317819 .section-bg.bg-loaded {\n  background-image: url(https:\/\/schaumweinkontor.com\/wp-content\/uploads\/2022\/06\/landscape-illu-gold-transp.png);\n}\n@media (min-width:550px) {\n  #section_376317819 {\n    padding-top: 20px;\n    padding-bottom: 20px;\n  }\n}\n<\/style>\n\t<\/section>\n\t\n<div class=\"row row-collapse row-full-width align-middle align-center\"  id=\"row-1949590867\">\n\n\n\t<div id=\"col-706421309\" class=\"col small-12 large-12\"  >\n\t\t\t\t<div class=\"col-inner\"  >\n\t\t\t\n\t\t\t\n\n\n  \n    <div class=\"row margin-auto equalize-box show-for-small large-columns-3 medium-columns- small-columns-1 row-large has-shadow row-box-shadow-2 row-box-shadow-4-hover\" >\n  \t\n\t     <div class=\"col\" data-animate=\"fadeInUp\">\n\t\t\t\t\t\t<div class=\"col-inner\">\n\t\t\t\t\t\t\n<div class=\"badge-container badge-custom absolute right top z-1\">\n\n<\/div>\n\t\t\t\t\t\t<div class=\"product-small box margin-auto has-hover box-vertical box-text-bottom\">\n\t\t\t\t\t\t\t<div class=\"box-image\" >\n\t\t\t\t\t\t\t\t<div class=\"\" >\n\t\t\t\t\t\t\t\t\t<a href=\"https:\/\/schaumweinkontor.com\/en\/produkt\/ceci-otello-wine-color-gold-brut-p-bianco-075-l\/\" aria-label=\"Ceci Otello Wine Color GOLD Brut P. Bianco 0,75 L\">\n\t\t\t\t\t\t\t\t\t\t<img loading=\"lazy\" decoding=\"async\" width=\"300\" height=\"300\" src=\"https:\/\/schaumweinkontor.com\/wp-content\/uploads\/2022\/06\/CECI-Otello-Color-GOLD-web-1000x1000-1-300x300.png\" class=\"attachment-medium size-medium\" alt=\"Ceci Otello Wine Color GOLD Brut P. Bianco 0,75 L\" srcset=\"https:\/\/schaumweinkontor.com\/wp-content\/uploads\/2022\/06\/CECI-Otello-Color-GOLD-web-1000x1000-1-300x300.png 300w, https:\/\/schaumweinkontor.com\/wp-content\/uploads\/2022\/06\/CECI-Otello-Color-GOLD-web-1000x1000-1-100x100.png 100w, https:\/\/schaumweinkontor.com\/wp-content\/uploads\/2022\/06\/CECI-Otello-Color-GOLD-web-1000x1000-1-510x510.png 510w, https:\/\/schaumweinkontor.com\/wp-content\/uploads\/2022\/06\/CECI-Otello-Color-GOLD-web-1000x1000-1-150x150.png 150w, https:\/\/schaumweinkontor.com\/wp-content\/uploads\/2022\/06\/CECI-Otello-Color-GOLD-web-1000x1000-1-768x768.png 768w, https:\/\/schaumweinkontor.com\/wp-content\/uploads\/2022\/06\/CECI-Otello-Color-GOLD-web-1000x1000-1.png 1000w\" sizes=\"auto, (max-width: 300px) 100vw, 300px\" \/>\t\t\t\t\t\t\t\t\t<\/a>\n\t\t\t\t\t\t\t\t\t\t\t\t\t\t\t\t\t\t \t\t\t\t\t\t\t\t<\/div>\n\t\t\t\t\t\t\t\t<div class=\"image-tools top right show-on-hover\">\n\t\t\t\t\t\t\t\t\t\t\t\t\t\t\t\t\t<\/div>\n\t\t\t\t\t\t\t\t\t\t\t\t\t\t\t\t\t<div class=\"image-tools grid-tools text-center hide-for-small bottom hover-slide-in show-on-hover\">\n\t\t\t\t\t\t\t\t\t\t\t\t\t\t\t\t\t\t\t<\/div>\n\t\t\t\t\t\t\t\t\t\t\t\t\t\t\t\t\t\t\t\t\t\t\t<\/div>\n\n\t\t\t\t\t\t\t<div class=\"box-text text-center\" >\n\t\t\t\t\t\t\t\t<div class=\"title-wrapper\">\t\t<p class=\"category uppercase is-smaller no-text-overflow product-cat op-7\">\n\t\t\tCeci\t\t<\/p>\n\t<p class=\"name product-title woocommerce-loop-product__title\"><a href=\"https:\/\/schaumweinkontor.com\/en\/produkt\/ceci-otello-wine-color-gold-brut-p-bianco-075-l\/\" class=\"woocommerce-LoopProduct-link woocommerce-loop-product__link\">Ceci Otello Wine Color GOLD Brut P. Bianco 0,75 L<\/a><\/p><\/div><div class=\"price-wrapper\">\n\t<span class=\"price\"><span class=\"woocommerce-Price-amount amount\" role=\"none\"><bdi><span class=\"woocommerce-Price-currencySymbol\">&euro;<\/span>&nbsp;16,00<\/bdi><\/span> <small class=\"woocommerce-price-suffix\">inkl. MwSt.<\/small><\/span>\n<\/div><div class=\"add-to-cart-button\"><a href=\"\/en\/wp-json\/wp\/v2\/pages\/4628?add-to-cart=4659\" aria-describedby=\"woocommerce_loop_add_to_cart_link_describedby_4659\" data-quantity=\"1\" class=\"primary is-small mb-0 button product_type_simple add_to_cart_button ajax_add_to_cart is-outline\" data-product_id=\"4659\" data-product_sku=\"100300261\" aria-label=\"Add to cart: &ldquo;Ceci Otello Wine Color GOLD Brut P. Bianco 0,75 L&rdquo;\" rel=\"nofollow\" data-success_message=\"&ldquo;Ceci Otello Wine Color GOLD Brut P. Bianco 0,75 L&rdquo; has been added to your cart\" role=\"button\">Add to cart<\/a><\/div>\t<span id=\"woocommerce_loop_add_to_cart_link_describedby_4659\" class=\"screen-reader-text\">\n\t\t\t<\/span>\n\t\t\t\t\t\t\t<\/div>\n\t\t\t\t\t\t<\/div>\n\t\t\t\t\t\t<\/div>\n\t\t\t\t\t<\/div><div class=\"col\" data-animate=\"fadeInUp\">\n\t\t\t\t\t\t<div class=\"col-inner\">\n\t\t\t\t\t\t\n<div class=\"badge-container badge-custom absolute right top z-1\">\n\n<\/div>\n\t\t\t\t\t\t<div class=\"product-small box margin-auto has-hover box-vertical box-text-bottom\">\n\t\t\t\t\t\t\t<div class=\"box-image\" >\n\t\t\t\t\t\t\t\t<div class=\"\" >\n\t\t\t\t\t\t\t\t\t<a href=\"https:\/\/schaumweinkontor.com\/en\/produkt\/ceci-otello-wine-color-spumante-brut-075-l\/\" aria-label=\"Ceci Otello Wine Color Spumante Brut 0,75 L\">\n\t\t\t\t\t\t\t\t\t\t<img loading=\"lazy\" decoding=\"async\" width=\"300\" height=\"300\" src=\"https:\/\/schaumweinkontor.com\/wp-content\/uploads\/2022\/06\/CECI-Otello-Color-ALLE-web-1000x1000-1-300x300.png\" class=\"attachment-medium size-medium\" alt=\"Ceci Otello Wine Color Spumante Brut 0,75 L\" srcset=\"https:\/\/schaumweinkontor.com\/wp-content\/uploads\/2022\/06\/CECI-Otello-Color-ALLE-web-1000x1000-1-300x300.png 300w, https:\/\/schaumweinkontor.com\/wp-content\/uploads\/2022\/06\/CECI-Otello-Color-ALLE-web-1000x1000-1-100x100.png 100w, https:\/\/schaumweinkontor.com\/wp-content\/uploads\/2022\/06\/CECI-Otello-Color-ALLE-web-1000x1000-1-510x510.png 510w, https:\/\/schaumweinkontor.com\/wp-content\/uploads\/2022\/06\/CECI-Otello-Color-ALLE-web-1000x1000-1-150x150.png 150w, https:\/\/schaumweinkontor.com\/wp-content\/uploads\/2022\/06\/CECI-Otello-Color-ALLE-web-1000x1000-1-768x768.png 768w, https:\/\/schaumweinkontor.com\/wp-content\/uploads\/2022\/06\/CECI-Otello-Color-ALLE-web-1000x1000-1.png 1000w\" sizes=\"auto, (max-width: 300px) 100vw, 300px\" \/>\t\t\t\t\t\t\t\t\t<\/a>\n\t\t\t\t\t\t\t\t\t\t\t\t\t\t\t\t\t\t \t\t\t\t\t\t\t\t<\/div>\n\t\t\t\t\t\t\t\t<div class=\"image-tools top right show-on-hover\">\n\t\t\t\t\t\t\t\t\t\t\t\t\t\t\t\t\t<\/div>\n\t\t\t\t\t\t\t\t\t\t\t\t\t\t\t\t\t<div class=\"image-tools grid-tools text-center hide-for-small bottom hover-slide-in show-on-hover\">\n\t\t\t\t\t\t\t\t\t\t\t\t\t\t\t\t\t\t\t<\/div>\n\t\t\t\t\t\t\t\t\t\t\t\t\t\t\t\t\t\t\t\t\t\t\t<\/div>\n\n\t\t\t\t\t\t\t<div class=\"box-text text-center\" >\n\t\t\t\t\t\t\t\t<div class=\"title-wrapper\">\t\t<p class=\"category uppercase is-smaller no-text-overflow product-cat op-7\">\n\t\t\tCeci\t\t<\/p>\n\t<p class=\"name product-title woocommerce-loop-product__title\"><a href=\"https:\/\/schaumweinkontor.com\/en\/produkt\/ceci-otello-wine-color-spumante-brut-075-l\/\" class=\"woocommerce-LoopProduct-link woocommerce-loop-product__link\">Ceci Otello Wine Color Spumante Brut 0,75 L<\/a><\/p><\/div><div class=\"price-wrapper\">\n\t<span class=\"price\"><span class=\"woocommerce-Price-amount amount\" role=\"none\"><bdi><span class=\"woocommerce-Price-currencySymbol\">&euro;<\/span>&nbsp;16,00<\/bdi><\/span> <small class=\"woocommerce-price-suffix\">inkl. MwSt.<\/small><\/span>\n<\/div><div class=\"add-to-cart-button\"><a href=\"\/en\/wp-json\/wp\/v2\/pages\/4628?add-to-cart=4763\" aria-describedby=\"woocommerce_loop_add_to_cart_link_describedby_4763\" data-quantity=\"1\" class=\"primary is-small mb-0 button product_type_simple add_to_cart_button ajax_add_to_cart is-outline\" data-product_id=\"4763\" data-product_sku=\"100300258\" aria-label=\"Add to cart: &ldquo;Ceci Otello Wine Color Spumante Brut 0,75 L&rdquo;\" rel=\"nofollow\" data-success_message=\"&ldquo;Ceci Otello Wine Color Spumante Brut 0,75 L&rdquo; has been added to your cart\" role=\"button\">Add to cart<\/a><\/div>\t<span id=\"woocommerce_loop_add_to_cart_link_describedby_4763\" class=\"screen-reader-text\">\n\t\t\t<\/span>\n\t\t\t\t\t\t\t<\/div>\n\t\t\t\t\t\t<\/div>\n\t\t\t\t\t\t<\/div>\n\t\t\t\t\t<\/div><\/div>\n\n\n  \n    <div class=\"row margin-auto equalize-box show-for-medium hide-for-small large-columns-3 medium-columns-2 small-columns-1 row-large has-shadow row-box-shadow-2 row-box-shadow-4-hover\" >\n  \t\n\t     <div class=\"col\" data-animate=\"fadeInUp\">\n\t\t\t\t\t\t<div class=\"col-inner\">\n\t\t\t\t\t\t\n<div class=\"badge-container badge-custom absolute right top z-1\">\n\n<\/div>\n\t\t\t\t\t\t<div class=\"product-small box margin-auto has-hover box-normal box-text-bottom\">\n\t\t\t\t\t\t\t<div class=\"box-image\" >\n\t\t\t\t\t\t\t\t<div class=\"\" >\n\t\t\t\t\t\t\t\t\t<a href=\"https:\/\/schaumweinkontor.com\/en\/produkt\/ceci-otello-wine-color-gold-brut-p-bianco-075-l\/\" aria-label=\"Ceci Otello Wine Color GOLD Brut P. Bianco 0,75 L\">\n\t\t\t\t\t\t\t\t\t\t<img loading=\"lazy\" decoding=\"async\" width=\"300\" height=\"300\" src=\"https:\/\/schaumweinkontor.com\/wp-content\/uploads\/2022\/06\/CECI-Otello-Color-GOLD-web-1000x1000-1-300x300.png\" class=\"attachment-medium size-medium\" alt=\"Ceci Otello Wine Color GOLD Brut P. Bianco 0,75 L\" srcset=\"https:\/\/schaumweinkontor.com\/wp-content\/uploads\/2022\/06\/CECI-Otello-Color-GOLD-web-1000x1000-1-300x300.png 300w, https:\/\/schaumweinkontor.com\/wp-content\/uploads\/2022\/06\/CECI-Otello-Color-GOLD-web-1000x1000-1-100x100.png 100w, https:\/\/schaumweinkontor.com\/wp-content\/uploads\/2022\/06\/CECI-Otello-Color-GOLD-web-1000x1000-1-510x510.png 510w, https:\/\/schaumweinkontor.com\/wp-content\/uploads\/2022\/06\/CECI-Otello-Color-GOLD-web-1000x1000-1-150x150.png 150w, https:\/\/schaumweinkontor.com\/wp-content\/uploads\/2022\/06\/CECI-Otello-Color-GOLD-web-1000x1000-1-768x768.png 768w, https:\/\/schaumweinkontor.com\/wp-content\/uploads\/2022\/06\/CECI-Otello-Color-GOLD-web-1000x1000-1.png 1000w\" sizes=\"auto, (max-width: 300px) 100vw, 300px\" \/>\t\t\t\t\t\t\t\t\t<\/a>\n\t\t\t\t\t\t\t\t\t\t\t\t\t\t\t\t\t\t \t\t\t\t\t\t\t\t<\/div>\n\t\t\t\t\t\t\t\t<div class=\"image-tools top right show-on-hover\">\n\t\t\t\t\t\t\t\t\t\t\t\t\t\t\t\t\t<\/div>\n\t\t\t\t\t\t\t\t\t\t\t\t\t\t\t\t\t<div class=\"image-tools grid-tools text-center hide-for-small bottom hover-slide-in show-on-hover\">\n\t\t\t\t\t\t\t\t\t\t\t\t\t\t\t\t\t\t\t<\/div>\n\t\t\t\t\t\t\t\t\t\t\t\t\t\t\t\t\t\t\t\t\t\t\t<\/div>\n\n\t\t\t\t\t\t\t<div class=\"box-text text-center\" >\n\t\t\t\t\t\t\t\t<div class=\"title-wrapper\">\t\t<p class=\"category uppercase is-smaller no-text-overflow product-cat op-7\">\n\t\t\tCeci\t\t<\/p>\n\t<p class=\"name product-title woocommerce-loop-product__title\"><a href=\"https:\/\/schaumweinkontor.com\/en\/produkt\/ceci-otello-wine-color-gold-brut-p-bianco-075-l\/\" class=\"woocommerce-LoopProduct-link woocommerce-loop-product__link\">Ceci Otello Wine Color GOLD Brut P. Bianco 0,75 L<\/a><\/p><\/div><div class=\"price-wrapper\">\n\t<span class=\"price\"><span class=\"woocommerce-Price-amount amount\" role=\"none\"><bdi><span class=\"woocommerce-Price-currencySymbol\">&euro;<\/span>&nbsp;16,00<\/bdi><\/span> <small class=\"woocommerce-price-suffix\">inkl. MwSt.<\/small><\/span>\n<\/div><div class=\"add-to-cart-button\"><a href=\"\/en\/wp-json\/wp\/v2\/pages\/4628?add-to-cart=4659\" aria-describedby=\"woocommerce_loop_add_to_cart_link_describedby_4659\" data-quantity=\"1\" class=\"primary is-small mb-0 button product_type_simple add_to_cart_button ajax_add_to_cart is-outline\" data-product_id=\"4659\" data-product_sku=\"100300261\" aria-label=\"Add to cart: &ldquo;Ceci Otello Wine Color GOLD Brut P. Bianco 0,75 L&rdquo;\" rel=\"nofollow\" data-success_message=\"&ldquo;Ceci Otello Wine Color GOLD Brut P. Bianco 0,75 L&rdquo; has been added to your cart\" role=\"button\">Add to cart<\/a><\/div>\t<span id=\"woocommerce_loop_add_to_cart_link_describedby_4659\" class=\"screen-reader-text\">\n\t\t\t<\/span>\n\t\t\t\t\t\t\t<\/div>\n\t\t\t\t\t\t<\/div>\n\t\t\t\t\t\t<\/div>\n\t\t\t\t\t<\/div><div class=\"col\" data-animate=\"fadeInUp\">\n\t\t\t\t\t\t<div class=\"col-inner\">\n\t\t\t\t\t\t\n<div class=\"badge-container badge-custom absolute right top z-1\">\n\n<\/div>\n\t\t\t\t\t\t<div class=\"product-small box margin-auto has-hover box-normal box-text-bottom\">\n\t\t\t\t\t\t\t<div class=\"box-image\" >\n\t\t\t\t\t\t\t\t<div class=\"\" >\n\t\t\t\t\t\t\t\t\t<a href=\"https:\/\/schaumweinkontor.com\/en\/produkt\/ceci-otello-wine-color-spumante-brut-075-l\/\" aria-label=\"Ceci Otello Wine Color Spumante Brut 0,75 L\">\n\t\t\t\t\t\t\t\t\t\t<img loading=\"lazy\" decoding=\"async\" width=\"300\" height=\"300\" src=\"https:\/\/schaumweinkontor.com\/wp-content\/uploads\/2022\/06\/CECI-Otello-Color-ALLE-web-1000x1000-1-300x300.png\" class=\"attachment-medium size-medium\" alt=\"Ceci Otello Wine Color Spumante Brut 0,75 L\" srcset=\"https:\/\/schaumweinkontor.com\/wp-content\/uploads\/2022\/06\/CECI-Otello-Color-ALLE-web-1000x1000-1-300x300.png 300w, https:\/\/schaumweinkontor.com\/wp-content\/uploads\/2022\/06\/CECI-Otello-Color-ALLE-web-1000x1000-1-100x100.png 100w, https:\/\/schaumweinkontor.com\/wp-content\/uploads\/2022\/06\/CECI-Otello-Color-ALLE-web-1000x1000-1-510x510.png 510w, https:\/\/schaumweinkontor.com\/wp-content\/uploads\/2022\/06\/CECI-Otello-Color-ALLE-web-1000x1000-1-150x150.png 150w, https:\/\/schaumweinkontor.com\/wp-content\/uploads\/2022\/06\/CECI-Otello-Color-ALLE-web-1000x1000-1-768x768.png 768w, https:\/\/schaumweinkontor.com\/wp-content\/uploads\/2022\/06\/CECI-Otello-Color-ALLE-web-1000x1000-1.png 1000w\" sizes=\"auto, (max-width: 300px) 100vw, 300px\" \/>\t\t\t\t\t\t\t\t\t<\/a>\n\t\t\t\t\t\t\t\t\t\t\t\t\t\t\t\t\t\t \t\t\t\t\t\t\t\t<\/div>\n\t\t\t\t\t\t\t\t<div class=\"image-tools top right show-on-hover\">\n\t\t\t\t\t\t\t\t\t\t\t\t\t\t\t\t\t<\/div>\n\t\t\t\t\t\t\t\t\t\t\t\t\t\t\t\t\t<div class=\"image-tools grid-tools text-center hide-for-small bottom hover-slide-in show-on-hover\">\n\t\t\t\t\t\t\t\t\t\t\t\t\t\t\t\t\t\t\t<\/div>\n\t\t\t\t\t\t\t\t\t\t\t\t\t\t\t\t\t\t\t\t\t\t\t<\/div>\n\n\t\t\t\t\t\t\t<div class=\"box-text text-center\" >\n\t\t\t\t\t\t\t\t<div class=\"title-wrapper\">\t\t<p class=\"category uppercase is-smaller no-text-overflow product-cat op-7\">\n\t\t\tCeci\t\t<\/p>\n\t<p class=\"name product-title woocommerce-loop-product__title\"><a href=\"https:\/\/schaumweinkontor.com\/en\/produkt\/ceci-otello-wine-color-spumante-brut-075-l\/\" class=\"woocommerce-LoopProduct-link woocommerce-loop-product__link\">Ceci Otello Wine Color Spumante Brut 0,75 L<\/a><\/p><\/div><div class=\"price-wrapper\">\n\t<span class=\"price\"><span class=\"woocommerce-Price-amount amount\" role=\"none\"><bdi><span class=\"woocommerce-Price-currencySymbol\">&euro;<\/span>&nbsp;16,00<\/bdi><\/span> <small class=\"woocommerce-price-suffix\">inkl. MwSt.<\/small><\/span>\n<\/div><div class=\"add-to-cart-button\"><a href=\"\/en\/wp-json\/wp\/v2\/pages\/4628?add-to-cart=4763\" aria-describedby=\"woocommerce_loop_add_to_cart_link_describedby_4763\" data-quantity=\"1\" class=\"primary is-small mb-0 button product_type_simple add_to_cart_button ajax_add_to_cart is-outline\" data-product_id=\"4763\" data-product_sku=\"100300258\" aria-label=\"Add to cart: &ldquo;Ceci Otello Wine Color Spumante Brut 0,75 L&rdquo;\" rel=\"nofollow\" data-success_message=\"&ldquo;Ceci Otello Wine Color Spumante Brut 0,75 L&rdquo; has been added to your cart\" role=\"button\">Add to cart<\/a><\/div>\t<span id=\"woocommerce_loop_add_to_cart_link_describedby_4763\" class=\"screen-reader-text\">\n\t\t\t<\/span>\n\t\t\t\t\t\t\t<\/div>\n\t\t\t\t\t\t<\/div>\n\t\t\t\t\t\t<\/div>\n\t\t\t\t\t<\/div><\/div>\n\n<div class=\"text-center\"><div class=\"is-divider divider clearfix\" style=\"margin-top:3em;margin-bottom:3em;max-width:100%;height:2px;background-color:rgba(183, 149, 73, 0.419);\"><\/div><\/div>\n\n\n\t\t<\/div>\n\t\t\t\t\t<\/div>\n\n\t\n\n\n<style>\n#row-1949590867 > .col > .col-inner {\n  padding: 9px 0px 0px 0px;\n}\n@media (min-width:550px) {\n  #row-1949590867 > .col > .col-inner {\n    padding: 15px 0px 0px 0px;\n  }\n}\n<\/style>\n<\/div>\n\t<section class=\"section bg_winzer show-for-medium\" id=\"section_1758962450\">\n\t\t<div class=\"bg section-bg fill bg-fill  \" >\n\n\t\t\t\n\t\t\t\n\t\t\t\n\n\t\t<\/div>\n\n\t\t\n\n\t\t<div class=\"section-content relative\">\n\t\t\t\n\n<div class=\"row row-collapse row-full-width align-middle align-center\"  id=\"row-1961731489\">\n\n\n\t<div id=\"col-105729443\" class=\"col small-12 large-12\"  >\n\t\t\t\t<div class=\"col-inner\"  >\n\t\t\t\n\t\t\t\n\n<div id=\"sandago-mobile\">\n<h2 class=\"uppercase\" style=\"text-align: center;\"><span style=\"font-size: 90%;\">COL SANDaGO<\/span><\/h2>\n<p>\u00a0<\/p>\n<\/div>\n\n\t\t<\/div>\n\t\t\t\t\t<\/div>\n\n\t\n\n\n<style>\n#row-1961731489 > .col > .col-inner {\n  padding: 15px 0px 0px 0px;\n}\n<\/style>\n<\/div>\n\n\t\t<\/div>\n\n\t\t\n<style>\n#section_1758962450 {\n  padding-top: 20px;\n  padding-bottom: 20px;\n  margin-bottom: 0px;\n}\n#section_1758962450 .section-bg.bg-loaded {\n  background-image: url(https:\/\/schaumweinkontor.com\/wp-content\/uploads\/2022\/06\/landscape-illu-gold-transp.png);\n}\n<\/style>\n\t<\/section>\n\t\n<div class=\"row row-collapse row-full-width align-middle align-center\"  id=\"row-13421108\">\n\n\n\t<div id=\"col-1948361939\" class=\"col small-12 large-12\"  >\n\t\t\t\t<div class=\"col-inner\"  >\n\t\t\t\n\t\t\t\n\n\n  \n    <div class=\"row margin-auto equalize-box show-for-small large-columns-3 medium-columns- small-columns-1 row-large has-shadow row-box-shadow-2 row-box-shadow-4-hover\" >\n  \t<\/div>\n\n\n  \n    <div class=\"row margin-auto equalize-box show-for-medium hide-for-small large-columns-3 medium-columns-2 small-columns-1 row-large has-shadow row-box-shadow-2 row-box-shadow-4-hover\" >\n  \t<\/div>\n\n\n\t\t<\/div>\n\t\t\t\t\t<\/div>\n\n\t\n\n\n<style>\n#row-13421108 > .col > .col-inner {\n  padding: 15px 0px 0px 0px;\n}\n<\/style>\n<\/div>\n<div class=\"text-center\"><div class=\"is-divider divider clearfix\" style=\"margin-top:3em;margin-bottom:3em;max-width:100%;height:2px;background-color:rgba(183, 149, 73, 0.419);\"><\/div><\/div>\n\n\t<section class=\"section bg_winzer show-for-medium\" id=\"section_104865936\">\n\t\t<div class=\"bg section-bg fill bg-fill  \" >\n\n\t\t\t\n\t\t\t\n\t\t\t\n\n\t\t<\/div>\n\n\t\t\n\n\t\t<div class=\"section-content relative\">\n\t\t\t\n\n<div class=\"row row-collapse row-full-width align-middle align-center\"  id=\"row-1564860646\">\n\n\n\t<div id=\"col-828838530\" class=\"col small-12 large-12\"  >\n\t\t\t\t<div class=\"col-inner\"  >\n\t\t\t\n\t\t\t\n\n<div id=\"simone-mobile\">\n<h2 class=\"uppercase\" style=\"text-align: center;\"><span style=\"font-size: 90%;\">Villa Simone<\/span><\/h2>\n<p>\u00a0<\/p>\n<\/div>\n\n\t\t<\/div>\n\t\t\t\t\t<\/div>\n\n\t\n\n\n<style>\n#row-1564860646 > .col > .col-inner {\n  padding: 15px 0px 0px 0px;\n}\n<\/style>\n<\/div>\n\n\t\t<\/div>\n\n\t\t\n<style>\n#section_104865936 {\n  padding-top: 20px;\n  padding-bottom: 20px;\n  margin-bottom: 0px;\n}\n#section_104865936 .section-bg.bg-loaded {\n  background-image: url(https:\/\/schaumweinkontor.com\/wp-content\/uploads\/2022\/06\/landscape-illu-gold-transp.png);\n}\n<\/style>\n\t<\/section>\n\t\n<div class=\"row row-collapse row-full-width align-middle align-center\"  id=\"row-75056758\">\n\n\n\t<div id=\"col-2075534102\" class=\"col small-12 large-12\"  >\n\t\t\t\t<div class=\"col-inner\"  >\n\t\t\t\n\t\t\t\n\n\n  \n    <div class=\"row margin-auto equalize-box show-for-small large-columns-3 medium-columns- small-columns-1 row-large has-shadow row-box-shadow-2 row-box-shadow-4-hover\" >\n  \t\n\t     <div class=\"col\" data-animate=\"fadeInUp\">\n\t\t\t\t\t\t<div class=\"col-inner\">\n\t\t\t\t\t\t\n<div class=\"badge-container badge-custom absolute right top z-1\">\n\n<\/div>\n\t\t\t\t\t\t<div class=\"product-small box margin-auto has-hover box-vertical box-text-bottom\">\n\t\t\t\t\t\t\t<div class=\"box-image\" >\n\t\t\t\t\t\t\t\t<div class=\"\" >\n\t\t\t\t\t\t\t\t\t<a href=\"https:\/\/schaumweinkontor.com\/en\/produkt\/villa-simone-frascati-spumante-brut-075-l\/\" aria-label=\"Villa Simone Frascati Spumante Brut 0,75 L\">\n\t\t\t\t\t\t\t\t\t\t<img loading=\"lazy\" decoding=\"async\" width=\"300\" height=\"300\" src=\"https:\/\/schaumweinkontor.com\/wp-content\/uploads\/2022\/07\/Villa-Simona-300x300.png\" class=\"attachment-medium size-medium\" alt=\"Villa Simone Frascati Spumante Brut 0,75 L\" srcset=\"https:\/\/schaumweinkontor.com\/wp-content\/uploads\/2022\/07\/Villa-Simona-300x300.png 300w, https:\/\/schaumweinkontor.com\/wp-content\/uploads\/2022\/07\/Villa-Simona-100x100.png 100w, https:\/\/schaumweinkontor.com\/wp-content\/uploads\/2022\/07\/Villa-Simona-510x510.png 510w, https:\/\/schaumweinkontor.com\/wp-content\/uploads\/2022\/07\/Villa-Simona-150x150.png 150w, https:\/\/schaumweinkontor.com\/wp-content\/uploads\/2022\/07\/Villa-Simona-768x768.png 768w, https:\/\/schaumweinkontor.com\/wp-content\/uploads\/2022\/07\/Villa-Simona.png 1000w\" sizes=\"auto, (max-width: 300px) 100vw, 300px\" \/>\t\t\t\t\t\t\t\t\t<\/a>\n\t\t\t\t\t\t\t\t\t\t\t\t\t\t\t\t\t\t \t\t\t\t\t\t\t\t<\/div>\n\t\t\t\t\t\t\t\t<div class=\"image-tools top right show-on-hover\">\n\t\t\t\t\t\t\t\t\t\t\t\t\t\t\t\t\t<\/div>\n\t\t\t\t\t\t\t\t\t\t\t\t\t\t\t\t\t<div class=\"image-tools grid-tools text-center hide-for-small bottom hover-slide-in show-on-hover\">\n\t\t\t\t\t\t\t\t\t\t\t\t\t\t\t\t\t\t\t<\/div>\n\t\t\t\t\t\t\t\t\t\t\t\t\t\t\t\t\t\t\t\t\t\t\t<\/div>\n\n\t\t\t\t\t\t\t<div class=\"box-text text-center\" >\n\t\t\t\t\t\t\t\t<div class=\"title-wrapper\">\t\t<p class=\"category uppercase is-smaller no-text-overflow product-cat op-7\">\n\t\t\tVilla Simone\t\t<\/p>\n\t<p class=\"name product-title woocommerce-loop-product__title\"><a href=\"https:\/\/schaumweinkontor.com\/en\/produkt\/villa-simone-frascati-spumante-brut-075-l\/\" class=\"woocommerce-LoopProduct-link woocommerce-loop-product__link\">Villa Simone Frascati Spumante Brut 0,75 L<\/a><\/p><\/div><div class=\"price-wrapper\">\n\t<span class=\"price\"><span class=\"woocommerce-Price-amount amount\" role=\"none\"><bdi><span class=\"woocommerce-Price-currencySymbol\">&euro;<\/span>&nbsp;10,95<\/bdi><\/span> <small class=\"woocommerce-price-suffix\">inkl. MwSt.<\/small><\/span>\n<\/div><div class=\"add-to-cart-button\"><a href=\"\/en\/wp-json\/wp\/v2\/pages\/4628?add-to-cart=4734\" aria-describedby=\"woocommerce_loop_add_to_cart_link_describedby_4734\" data-quantity=\"1\" class=\"primary is-small mb-0 button product_type_simple add_to_cart_button ajax_add_to_cart is-outline\" data-product_id=\"4734\" data-product_sku=\"65003-1\" aria-label=\"Add to cart: &ldquo;Villa Simone Frascati Spumante Brut 0,75 L&rdquo;\" rel=\"nofollow\" data-success_message=\"&ldquo;Villa Simone Frascati Spumante Brut 0,75 L&rdquo; has been added to your cart\" role=\"button\">Add to cart<\/a><\/div>\t<span id=\"woocommerce_loop_add_to_cart_link_describedby_4734\" class=\"screen-reader-text\">\n\t\t\t<\/span>\n\t\t\t\t\t\t\t<\/div>\n\t\t\t\t\t\t<\/div>\n\t\t\t\t\t\t<\/div>\n\t\t\t\t\t<\/div><\/div>\n\n\n  \n    <div class=\"row margin-auto equalize-box show-for-medium hide-for-small large-columns-3 medium-columns-2 small-columns-1 row-large has-shadow row-box-shadow-2 row-box-shadow-4-hover\" >\n  \t\n\t     <div class=\"col\" data-animate=\"fadeInUp\">\n\t\t\t\t\t\t<div class=\"col-inner\">\n\t\t\t\t\t\t\n<div class=\"badge-container badge-custom absolute right top z-1\">\n\n<\/div>\n\t\t\t\t\t\t<div class=\"product-small box margin-auto has-hover box-normal box-text-bottom\">\n\t\t\t\t\t\t\t<div class=\"box-image\" >\n\t\t\t\t\t\t\t\t<div class=\"\" >\n\t\t\t\t\t\t\t\t\t<a href=\"https:\/\/schaumweinkontor.com\/en\/produkt\/villa-simone-frascati-spumante-brut-075-l\/\" aria-label=\"Villa Simone Frascati Spumante Brut 0,75 L\">\n\t\t\t\t\t\t\t\t\t\t<img loading=\"lazy\" decoding=\"async\" width=\"300\" height=\"300\" src=\"https:\/\/schaumweinkontor.com\/wp-content\/uploads\/2022\/07\/Villa-Simona-300x300.png\" class=\"attachment-medium size-medium\" alt=\"Villa Simone Frascati Spumante Brut 0,75 L\" srcset=\"https:\/\/schaumweinkontor.com\/wp-content\/uploads\/2022\/07\/Villa-Simona-300x300.png 300w, https:\/\/schaumweinkontor.com\/wp-content\/uploads\/2022\/07\/Villa-Simona-100x100.png 100w, https:\/\/schaumweinkontor.com\/wp-content\/uploads\/2022\/07\/Villa-Simona-510x510.png 510w, https:\/\/schaumweinkontor.com\/wp-content\/uploads\/2022\/07\/Villa-Simona-150x150.png 150w, https:\/\/schaumweinkontor.com\/wp-content\/uploads\/2022\/07\/Villa-Simona-768x768.png 768w, https:\/\/schaumweinkontor.com\/wp-content\/uploads\/2022\/07\/Villa-Simona.png 1000w\" sizes=\"auto, (max-width: 300px) 100vw, 300px\" \/>\t\t\t\t\t\t\t\t\t<\/a>\n\t\t\t\t\t\t\t\t\t\t\t\t\t\t\t\t\t\t \t\t\t\t\t\t\t\t<\/div>\n\t\t\t\t\t\t\t\t<div class=\"image-tools top right show-on-hover\">\n\t\t\t\t\t\t\t\t\t\t\t\t\t\t\t\t\t<\/div>\n\t\t\t\t\t\t\t\t\t\t\t\t\t\t\t\t\t<div class=\"image-tools grid-tools text-center hide-for-small bottom hover-slide-in show-on-hover\">\n\t\t\t\t\t\t\t\t\t\t\t\t\t\t\t\t\t\t\t<\/div>\n\t\t\t\t\t\t\t\t\t\t\t\t\t\t\t\t\t\t\t\t\t\t\t<\/div>\n\n\t\t\t\t\t\t\t<div class=\"box-text text-center\" >\n\t\t\t\t\t\t\t\t<div class=\"title-wrapper\">\t\t<p class=\"category uppercase is-smaller no-text-overflow product-cat op-7\">\n\t\t\tVilla Simone\t\t<\/p>\n\t<p class=\"name product-title woocommerce-loop-product__title\"><a href=\"https:\/\/schaumweinkontor.com\/en\/produkt\/villa-simone-frascati-spumante-brut-075-l\/\" class=\"woocommerce-LoopProduct-link woocommerce-loop-product__link\">Villa Simone Frascati Spumante Brut 0,75 L<\/a><\/p><\/div><div class=\"price-wrapper\">\n\t<span class=\"price\"><span class=\"woocommerce-Price-amount amount\" role=\"none\"><bdi><span class=\"woocommerce-Price-currencySymbol\">&euro;<\/span>&nbsp;10,95<\/bdi><\/span> <small class=\"woocommerce-price-suffix\">inkl. MwSt.<\/small><\/span>\n<\/div><div class=\"add-to-cart-button\"><a href=\"\/en\/wp-json\/wp\/v2\/pages\/4628?add-to-cart=4734\" aria-describedby=\"woocommerce_loop_add_to_cart_link_describedby_4734\" data-quantity=\"1\" class=\"primary is-small mb-0 button product_type_simple add_to_cart_button ajax_add_to_cart is-outline\" data-product_id=\"4734\" data-product_sku=\"65003-1\" aria-label=\"Add to cart: &ldquo;Villa Simone Frascati Spumante Brut 0,75 L&rdquo;\" rel=\"nofollow\" data-success_message=\"&ldquo;Villa Simone Frascati Spumante Brut 0,75 L&rdquo; has been added to your cart\" role=\"button\">Add to cart<\/a><\/div>\t<span id=\"woocommerce_loop_add_to_cart_link_describedby_4734\" class=\"screen-reader-text\">\n\t\t\t<\/span>\n\t\t\t\t\t\t\t<\/div>\n\t\t\t\t\t\t<\/div>\n\t\t\t\t\t\t<\/div>\n\t\t\t\t\t<\/div><\/div>\n\n\n\t\t<\/div>\n\t\t\t\t\t<\/div>\n\n\t\n\n\n<style>\n#row-75056758 > .col > .col-inner {\n  padding: 15px 0px 0px 0px;\n}\n<\/style>\n<\/div>\n<div class=\"row row-collapse row-full-width align-middle blau-verlauf show-for-medium\"  id=\"row-1350059934\">\n\n\n\t<div id=\"col-278200185\" class=\"col medium-6 small-5 large-6\"  >\n\t\t\t\t<div class=\"col-inner\"  >\n\t\t\t\n\t\t\t\n\n\t<div id=\"text-1174221517\" class=\"text\">\n\t\t\n\n<h2><span style=\"font-size: 75%;\">Italien<\/span><\/h2>\n\t\t\n<style>\n#text-1174221517 {\n  font-size: 1.5rem;\n  line-height: 2;\n}\n<\/style>\n\t<\/div>\n\t\n\n\t\t<\/div>\n\t\t\t\t\t<\/div>\n\n\t\n\n\t<div id=\"col-1003342885\" class=\"col medium-6 small-7 large-6\"  >\n\t\t\t\t<div class=\"col-inner\"  >\n\t\t\t\n\t\t\t\n\n<h5 id=\"franciacorta-mobile\" class=\"uppercase\" style=\"text-align: right;\"><span style=\"color: #b79549; font-size: 75%;\">Franciacorta<\/span><\/h5>\n\n\t\t<\/div>\n\t\t\t\t\t<\/div>\n\n\t\n\n\n<style>\n#row-1350059934 > .col > .col-inner {\n  padding: 0px 20px 0px 20px;\n  border-radius: 74px;\n}\n<\/style>\n<\/div>\n\t<section class=\"section bg_winzer show-for-medium\" id=\"section_84252429\">\n\t\t<div class=\"bg section-bg fill bg-fill  \" >\n\n\t\t\t\n\t\t\t\n\t\t\t\n\n\t\t<\/div>\n\n\t\t\n\n\t\t<div class=\"section-content relative\">\n\t\t\t\n\n<div class=\"row row-collapse row-full-width align-middle align-center\"  id=\"row-310045839\">\n\n\n\t<div id=\"col-1537324982\" class=\"col small-12 large-12\"  >\n\t\t\t\t<div class=\"col-inner\"  >\n\t\t\t\n\t\t\t\n\n<h2 id=\"barone-mobile\" class=\"uppercase\" style=\"text-align: center;\"><span style=\"font-size: 90%;\">BARONE PIZZINI<\/span><\/h2>\n<p>\u00a0<\/p>\n\n\t\t<\/div>\n\t\t\t\t\t<\/div>\n\n\t\n\n\n<style>\n#row-310045839 > .col > .col-inner {\n  padding: 15px 0px 0px 0px;\n}\n<\/style>\n<\/div>\n\n\t\t<\/div>\n\n\t\t\n<style>\n#section_84252429 {\n  padding-top: 20px;\n  padding-bottom: 20px;\n  margin-bottom: 0px;\n}\n#section_84252429 .section-bg.bg-loaded {\n  background-image: url(https:\/\/schaumweinkontor.com\/wp-content\/uploads\/2022\/06\/landscape-illu-gold-transp.png);\n}\n<\/style>\n\t<\/section>\n\t\n<div class=\"row row-collapse align-middle align-center\"  id=\"row-1534185728\">\n\n\n\t<div id=\"col-2089124278\" class=\"col small-12 large-12\"  >\n\t\t\t\t<div class=\"col-inner\"  >\n\t\t\t\n\t\t\t\n\n\n  \n    <div class=\"row margin-auto equalize-box show-for-small large-columns-3 medium-columns- small-columns-1 row-large has-shadow row-box-shadow-2 row-box-shadow-4-hover\" >\n  \t\n\t     <div class=\"col\" data-animate=\"fadeInUp\">\n\t\t\t\t\t\t<div class=\"col-inner\">\n\t\t\t\t\t\t\n<div class=\"badge-container badge-custom absolute right top z-1\">\n\n<\/div>\n\t\t\t\t\t\t<div class=\"product-small box margin-auto has-hover box-vertical box-text-bottom\">\n\t\t\t\t\t\t\t<div class=\"box-image\" >\n\t\t\t\t\t\t\t\t<div class=\"image-cover\" style=\"padding-top:100%;\">\n\t\t\t\t\t\t\t\t\t<a href=\"https:\/\/schaumweinkontor.com\/en\/produkt\/barone-pizzini-franciacorta-docg-animate-dossagio-zero-075-l-bio\/\" aria-label=\"Barone Pizzini Franciacorta DOCG Animate Dossagio Zero 0,75 L BIO\">\n\t\t\t\t\t\t\t\t\t\t<img loading=\"lazy\" decoding=\"async\" width=\"300\" height=\"300\" src=\"https:\/\/schaumweinkontor.com\/wp-content\/uploads\/2024\/04\/Barone-Pizzini-Animate-300x300.png\" class=\"attachment-medium size-medium\" alt=\"Barone Pizzini Franciacorta DOCG Animate Dossagio Zero 0,75 L BIO\" srcset=\"https:\/\/schaumweinkontor.com\/wp-content\/uploads\/2024\/04\/Barone-Pizzini-Animate-300x300.png 300w, https:\/\/schaumweinkontor.com\/wp-content\/uploads\/2024\/04\/Barone-Pizzini-Animate-100x100.png 100w, https:\/\/schaumweinkontor.com\/wp-content\/uploads\/2024\/04\/Barone-Pizzini-Animate-510x510.png 510w, https:\/\/schaumweinkontor.com\/wp-content\/uploads\/2024\/04\/Barone-Pizzini-Animate-150x150.png 150w, https:\/\/schaumweinkontor.com\/wp-content\/uploads\/2024\/04\/Barone-Pizzini-Animate-768x768.png 768w, https:\/\/schaumweinkontor.com\/wp-content\/uploads\/2024\/04\/Barone-Pizzini-Animate.png 1000w\" sizes=\"auto, (max-width: 300px) 100vw, 300px\" \/>\t\t\t\t\t\t\t\t\t<\/a>\n\t\t\t\t\t\t\t\t\t\t\t\t\t\t\t\t\t\t \t\t\t\t\t\t\t\t<\/div>\n\t\t\t\t\t\t\t\t<div class=\"image-tools top right show-on-hover\">\n\t\t\t\t\t\t\t\t\t\t\t\t\t\t\t\t\t<\/div>\n\t\t\t\t\t\t\t\t\t\t\t\t\t\t\t\t\t<div class=\"image-tools grid-tools text-center hide-for-small bottom hover-slide-in show-on-hover\">\n\t\t\t\t\t\t\t\t\t\t\t\t\t\t\t\t\t\t\t<\/div>\n\t\t\t\t\t\t\t\t\t\t\t\t\t\t\t\t\t\t\t\t\t\t\t<\/div>\n\n\t\t\t\t\t\t\t<div class=\"box-text text-center\" >\n\t\t\t\t\t\t\t\t<div class=\"title-wrapper\">\t\t<p class=\"category uppercase is-smaller no-text-overflow product-cat op-7\">\n\t\t\tBarone Pizzini\t\t<\/p>\n\t<p class=\"name product-title woocommerce-loop-product__title\"><a href=\"https:\/\/schaumweinkontor.com\/en\/produkt\/barone-pizzini-franciacorta-docg-animate-dossagio-zero-075-l-bio\/\" class=\"woocommerce-LoopProduct-link woocommerce-loop-product__link\">Barone Pizzini Franciacorta DOCG Animate Dossagio Zero 0,75 L BIO<\/a><\/p><\/div><div class=\"price-wrapper\">\n\t<span class=\"price\"><span class=\"woocommerce-Price-amount amount\" role=\"none\"><bdi><span class=\"woocommerce-Price-currencySymbol\">&euro;<\/span>&nbsp;29,90<\/bdi><\/span> <small class=\"woocommerce-price-suffix\">inkl. MwSt.<\/small><\/span>\n<\/div><div class=\"add-to-cart-button\"><a href=\"\/en\/wp-json\/wp\/v2\/pages\/4628?add-to-cart=5235\" aria-describedby=\"woocommerce_loop_add_to_cart_link_describedby_5235\" data-quantity=\"1\" class=\"primary is-small mb-0 button product_type_simple add_to_cart_button ajax_add_to_cart is-outline\" data-product_id=\"5235\" data-product_sku=\"100300324\" aria-label=\"Add to cart: &ldquo;Barone Pizzini Franciacorta DOCG Animate Dossagio Zero 0,75 L BIO&rdquo;\" rel=\"nofollow\" data-success_message=\"&ldquo;Barone Pizzini Franciacorta DOCG Animate Dossagio Zero 0,75 L BIO&rdquo; has been added to your cart\" role=\"button\">Add to cart<\/a><\/div>\t<span id=\"woocommerce_loop_add_to_cart_link_describedby_5235\" class=\"screen-reader-text\">\n\t\t\t<\/span>\n\t\t\t\t\t\t\t<\/div>\n\t\t\t\t\t\t<\/div>\n\t\t\t\t\t\t<\/div>\n\t\t\t\t\t<\/div><div class=\"col\" data-animate=\"fadeInUp\">\n\t\t\t\t\t\t<div class=\"col-inner\">\n\t\t\t\t\t\t\n<div class=\"badge-container badge-custom absolute right top z-1\">\n\n<\/div>\n\t\t\t\t\t\t<div class=\"product-small box margin-auto has-hover box-vertical box-text-bottom\">\n\t\t\t\t\t\t\t<div class=\"box-image\" >\n\t\t\t\t\t\t\t\t<div class=\"image-cover\" style=\"padding-top:100%;\">\n\t\t\t\t\t\t\t\t\t<a href=\"https:\/\/schaumweinkontor.com\/en\/produkt\/barone-pizzini-franciacorta-docg-brut-golf-1927-075-l\/\" aria-label=\"Barone Pizzini Franciacorta DOCG Brut Golf 1927 0,75 L\">\n\t\t\t\t\t\t\t\t\t\t<img loading=\"lazy\" decoding=\"async\" width=\"300\" height=\"300\" src=\"https:\/\/schaumweinkontor.com\/wp-content\/uploads\/2023\/03\/Barone-pizzini-Golf-1927-075-1000x1000px-300x300.png\" class=\"attachment-medium size-medium\" alt=\"Barone Pizzini Franciacorta DOCG Brut Golf 1927 \" srcset=\"https:\/\/schaumweinkontor.com\/wp-content\/uploads\/2023\/03\/Barone-pizzini-Golf-1927-075-1000x1000px-300x300.png 300w, https:\/\/schaumweinkontor.com\/wp-content\/uploads\/2023\/03\/Barone-pizzini-Golf-1927-075-1000x1000px-100x100.png 100w, https:\/\/schaumweinkontor.com\/wp-content\/uploads\/2023\/03\/Barone-pizzini-Golf-1927-075-1000x1000px-510x510.png 510w, https:\/\/schaumweinkontor.com\/wp-content\/uploads\/2023\/03\/Barone-pizzini-Golf-1927-075-1000x1000px-150x150.png 150w, https:\/\/schaumweinkontor.com\/wp-content\/uploads\/2023\/03\/Barone-pizzini-Golf-1927-075-1000x1000px-768x768.png 768w, https:\/\/schaumweinkontor.com\/wp-content\/uploads\/2023\/03\/Barone-pizzini-Golf-1927-075-1000x1000px.png 1001w\" sizes=\"auto, (max-width: 300px) 100vw, 300px\" \/>\t\t\t\t\t\t\t\t\t<\/a>\n\t\t\t\t\t\t\t\t\t\t\t\t\t\t\t\t\t\t \t\t\t\t\t\t\t\t<\/div>\n\t\t\t\t\t\t\t\t<div class=\"image-tools top right show-on-hover\">\n\t\t\t\t\t\t\t\t\t\t\t\t\t\t\t\t\t<\/div>\n\t\t\t\t\t\t\t\t\t\t\t\t\t\t\t\t\t<div class=\"image-tools grid-tools text-center hide-for-small bottom hover-slide-in show-on-hover\">\n\t\t\t\t\t\t\t\t\t\t\t\t\t\t\t\t\t\t\t<\/div>\n\t\t\t\t\t\t\t\t\t\t\t\t\t\t\t\t\t\t\t\t\t\t\t<\/div>\n\n\t\t\t\t\t\t\t<div class=\"box-text text-center\" >\n\t\t\t\t\t\t\t\t<div class=\"title-wrapper\">\t\t<p class=\"category uppercase is-smaller no-text-overflow product-cat op-7\">\n\t\t\tBarone Pizzini\t\t<\/p>\n\t<p class=\"name product-title woocommerce-loop-product__title\"><a href=\"https:\/\/schaumweinkontor.com\/en\/produkt\/barone-pizzini-franciacorta-docg-brut-golf-1927-075-l\/\" class=\"woocommerce-LoopProduct-link woocommerce-loop-product__link\">Barone Pizzini Franciacorta DOCG Brut Golf 1927 0,75 L<\/a><\/p><\/div><div class=\"price-wrapper\">\n\t<span class=\"price\"><span class=\"woocommerce-Price-amount amount\" role=\"none\"><bdi><span class=\"woocommerce-Price-currencySymbol\">&euro;<\/span>&nbsp;31,00<\/bdi><\/span> <small class=\"woocommerce-price-suffix\">inkl. MwSt.<\/small><\/span>\n<\/div><div class=\"add-to-cart-button\"><a href=\"\/en\/wp-json\/wp\/v2\/pages\/4628?add-to-cart=4710\" aria-describedby=\"woocommerce_loop_add_to_cart_link_describedby_4710\" data-quantity=\"1\" class=\"primary is-small mb-0 button product_type_simple add_to_cart_button ajax_add_to_cart is-outline\" data-product_id=\"4710\" data-product_sku=\"100300315\" aria-label=\"Add to cart: &ldquo;Barone Pizzini Franciacorta DOCG Brut Golf 1927 0,75 L&rdquo;\" rel=\"nofollow\" data-success_message=\"&ldquo;Barone Pizzini Franciacorta DOCG Brut Golf 1927 0,75 L&rdquo; has been added to your cart\" role=\"button\">Add to cart<\/a><\/div>\t<span id=\"woocommerce_loop_add_to_cart_link_describedby_4710\" class=\"screen-reader-text\">\n\t\t\t<\/span>\n\t\t\t\t\t\t\t<\/div>\n\t\t\t\t\t\t<\/div>\n\t\t\t\t\t\t<\/div>\n\t\t\t\t\t<\/div><div class=\"col\" data-animate=\"fadeInUp\">\n\t\t\t\t\t\t<div class=\"col-inner\">\n\t\t\t\t\t\t\n<div class=\"badge-container badge-custom absolute right top z-1\">\n\n<\/div>\n\t\t\t\t\t\t<div class=\"product-small box margin-auto has-hover box-vertical box-text-bottom\">\n\t\t\t\t\t\t\t<div class=\"box-image\" >\n\t\t\t\t\t\t\t\t<div class=\"image-cover\" style=\"padding-top:100%;\">\n\t\t\t\t\t\t\t\t\t<a href=\"https:\/\/schaumweinkontor.com\/en\/produkt\/barone-pizzini-franciacorta-docg-rose-extra-brut-edizione-2018-075-l\/\" aria-label=\"Barone Pizzini Franciacorta DOCG Ros\u00e9 Extra Brut 2019 0,75 L BIO\">\n\t\t\t\t\t\t\t\t\t\t<img loading=\"lazy\" decoding=\"async\" width=\"300\" height=\"300\" src=\"https:\/\/schaumweinkontor.com\/wp-content\/uploads\/2023\/03\/Barone-pizzini-Rose-Edizione-075-1000x1000px-300x300.png\" class=\"attachment-medium size-medium\" alt=\"Barone Pizzini Franciacorta DOCG Ros\u00e9 Extra Brut 2019 0,75 L BIO\" srcset=\"https:\/\/schaumweinkontor.com\/wp-content\/uploads\/2023\/03\/Barone-pizzini-Rose-Edizione-075-1000x1000px-300x300.png 300w, https:\/\/schaumweinkontor.com\/wp-content\/uploads\/2023\/03\/Barone-pizzini-Rose-Edizione-075-1000x1000px-100x100.png 100w, https:\/\/schaumweinkontor.com\/wp-content\/uploads\/2023\/03\/Barone-pizzini-Rose-Edizione-075-1000x1000px-510x510.png 510w, https:\/\/schaumweinkontor.com\/wp-content\/uploads\/2023\/03\/Barone-pizzini-Rose-Edizione-075-1000x1000px-150x150.png 150w, https:\/\/schaumweinkontor.com\/wp-content\/uploads\/2023\/03\/Barone-pizzini-Rose-Edizione-075-1000x1000px-768x768.png 768w, https:\/\/schaumweinkontor.com\/wp-content\/uploads\/2023\/03\/Barone-pizzini-Rose-Edizione-075-1000x1000px.png 1001w\" sizes=\"auto, (max-width: 300px) 100vw, 300px\" \/>\t\t\t\t\t\t\t\t\t<\/a>\n\t\t\t\t\t\t\t\t\t\t\t\t\t\t\t\t\t\t \t\t\t\t\t\t\t\t<\/div>\n\t\t\t\t\t\t\t\t<div class=\"image-tools top right show-on-hover\">\n\t\t\t\t\t\t\t\t\t\t\t\t\t\t\t\t\t<\/div>\n\t\t\t\t\t\t\t\t\t\t\t\t\t\t\t\t\t<div class=\"image-tools grid-tools text-center hide-for-small bottom hover-slide-in show-on-hover\">\n\t\t\t\t\t\t\t\t\t\t\t\t\t\t\t\t\t\t\t<\/div>\n\t\t\t\t\t\t\t\t\t\t\t\t\t\t\t\t<div class=\"out-of-stock-label\">Out of stock<\/div>\t\t\t\t\t\t\t<\/div>\n\n\t\t\t\t\t\t\t<div class=\"box-text text-center\" >\n\t\t\t\t\t\t\t\t<div class=\"title-wrapper\">\t\t<p class=\"category uppercase is-smaller no-text-overflow product-cat op-7\">\n\t\t\tBarone Pizzini\t\t<\/p>\n\t<p class=\"name product-title woocommerce-loop-product__title\"><a href=\"https:\/\/schaumweinkontor.com\/en\/produkt\/barone-pizzini-franciacorta-docg-rose-extra-brut-edizione-2018-075-l\/\" class=\"woocommerce-LoopProduct-link woocommerce-loop-product__link\">Barone Pizzini Franciacorta DOCG Ros\u00e9 Extra Brut 2019 0,75 L BIO<\/a><\/p><\/div><div class=\"price-wrapper\">\n\t<span class=\"price\"><span class=\"woocommerce-Price-amount amount\" role=\"none\"><bdi><span class=\"woocommerce-Price-currencySymbol\">&euro;<\/span>&nbsp;36,90<\/bdi><\/span> <small class=\"woocommerce-price-suffix\">inkl. MwSt.<\/small><\/span>\n<\/div><div class=\"add-to-cart-button\"><a href=\"https:\/\/schaumweinkontor.com\/en\/produkt\/barone-pizzini-franciacorta-docg-rose-extra-brut-edizione-2018-075-l\/\" aria-describedby=\"woocommerce_loop_add_to_cart_link_describedby_4709\" data-quantity=\"1\" class=\"primary is-small mb-0 button product_type_simple is-outline\" data-product_id=\"4709\" data-product_sku=\"100300316\" aria-label=\"Read more about &ldquo;Barone Pizzini Franciacorta DOCG Ros\u00e9 Extra Brut 2019 0,75 L BIO&rdquo;\" rel=\"nofollow\" data-success_message=\"\">Read more<\/a><\/div>\t<span id=\"woocommerce_loop_add_to_cart_link_describedby_4709\" class=\"screen-reader-text\">\n\t\t\t<\/span>\n\t\t\t\t\t\t\t<\/div>\n\t\t\t\t\t\t<\/div>\n\t\t\t\t\t\t<\/div>\n\t\t\t\t\t<\/div><div class=\"col\" data-animate=\"fadeInUp\">\n\t\t\t\t\t\t<div class=\"col-inner\">\n\t\t\t\t\t\t\n<div class=\"badge-container badge-custom absolute right top z-1\">\n\n<\/div>\n\t\t\t\t\t\t<div class=\"product-small box margin-auto has-hover box-vertical box-text-bottom\">\n\t\t\t\t\t\t\t<div class=\"box-image\" >\n\t\t\t\t\t\t\t\t<div class=\"image-cover\" style=\"padding-top:100%;\">\n\t\t\t\t\t\t\t\t\t<a href=\"https:\/\/schaumweinkontor.com\/en\/produkt\/barone-pizzini-franciacorta-docg-saten-brut-edizione-2018-075-l-copy\/\" aria-label=\"Barone Pizzini Franciacorta DOCG Sat\u00e8n Brut 2019 0,75 L\">\n\t\t\t\t\t\t\t\t\t\t<img loading=\"lazy\" decoding=\"async\" width=\"300\" height=\"300\" src=\"https:\/\/schaumweinkontor.com\/wp-content\/uploads\/2023\/03\/Barone-pizzini-Saten-Edizione-075-1000x1000px-300x300.png\" class=\"attachment-medium size-medium\" alt=\"Barone Pizzini Franciacorta DOCG Sat\u00e8n Brut Edizione 2018 0,75 L\" srcset=\"https:\/\/schaumweinkontor.com\/wp-content\/uploads\/2023\/03\/Barone-pizzini-Saten-Edizione-075-1000x1000px-300x300.png 300w, https:\/\/schaumweinkontor.com\/wp-content\/uploads\/2023\/03\/Barone-pizzini-Saten-Edizione-075-1000x1000px-100x100.png 100w, https:\/\/schaumweinkontor.com\/wp-content\/uploads\/2023\/03\/Barone-pizzini-Saten-Edizione-075-1000x1000px-510x510.png 510w, https:\/\/schaumweinkontor.com\/wp-content\/uploads\/2023\/03\/Barone-pizzini-Saten-Edizione-075-1000x1000px-150x150.png 150w, https:\/\/schaumweinkontor.com\/wp-content\/uploads\/2023\/03\/Barone-pizzini-Saten-Edizione-075-1000x1000px-768x768.png 768w, https:\/\/schaumweinkontor.com\/wp-content\/uploads\/2023\/03\/Barone-pizzini-Saten-Edizione-075-1000x1000px.png 1001w\" sizes=\"auto, (max-width: 300px) 100vw, 300px\" \/>\t\t\t\t\t\t\t\t\t<\/a>\n\t\t\t\t\t\t\t\t\t\t\t\t\t\t\t\t\t\t \t\t\t\t\t\t\t\t<\/div>\n\t\t\t\t\t\t\t\t<div class=\"image-tools top right show-on-hover\">\n\t\t\t\t\t\t\t\t\t\t\t\t\t\t\t\t\t<\/div>\n\t\t\t\t\t\t\t\t\t\t\t\t\t\t\t\t\t<div class=\"image-tools grid-tools text-center hide-for-small bottom hover-slide-in show-on-hover\">\n\t\t\t\t\t\t\t\t\t\t\t\t\t\t\t\t\t\t\t<\/div>\n\t\t\t\t\t\t\t\t\t\t\t\t\t\t\t\t\t\t\t\t\t\t\t<\/div>\n\n\t\t\t\t\t\t\t<div class=\"box-text text-center\" >\n\t\t\t\t\t\t\t\t<div class=\"title-wrapper\">\t\t<p class=\"category uppercase is-smaller no-text-overflow product-cat op-7\">\n\t\t\tBarone Pizzini\t\t<\/p>\n\t<p class=\"name product-title woocommerce-loop-product__title\"><a href=\"https:\/\/schaumweinkontor.com\/en\/produkt\/barone-pizzini-franciacorta-docg-saten-brut-edizione-2018-075-l-copy\/\" class=\"woocommerce-LoopProduct-link woocommerce-loop-product__link\">Barone Pizzini Franciacorta DOCG Sat\u00e8n Brut 2019 0,75 L<\/a><\/p><\/div><div class=\"price-wrapper\">\n\t<span class=\"price\"><span class=\"woocommerce-Price-amount amount\" role=\"none\"><bdi><span class=\"woocommerce-Price-currencySymbol\">&euro;<\/span>&nbsp;36,90<\/bdi><\/span> <small class=\"woocommerce-price-suffix\">inkl. MwSt.<\/small><\/span>\n<\/div><div class=\"add-to-cart-button\"><a href=\"\/en\/wp-json\/wp\/v2\/pages\/4628?add-to-cart=5234\" aria-describedby=\"woocommerce_loop_add_to_cart_link_describedby_5234\" data-quantity=\"1\" class=\"primary is-small mb-0 button product_type_simple add_to_cart_button ajax_add_to_cart is-outline\" data-product_id=\"5234\" data-product_sku=\"100300322\" aria-label=\"Add to cart: &ldquo;Barone Pizzini Franciacorta DOCG Sat\u00e8n Brut 2019 0,75 L&rdquo;\" rel=\"nofollow\" data-success_message=\"&ldquo;Barone Pizzini Franciacorta DOCG Sat\u00e8n Brut 2019 0,75 L&rdquo; has been added to your cart\" role=\"button\">Add to cart<\/a><\/div>\t<span id=\"woocommerce_loop_add_to_cart_link_describedby_5234\" class=\"screen-reader-text\">\n\t\t\t<\/span>\n\t\t\t\t\t\t\t<\/div>\n\t\t\t\t\t\t<\/div>\n\t\t\t\t\t\t<\/div>\n\t\t\t\t\t<\/div><div class=\"col\" data-animate=\"fadeInUp\">\n\t\t\t\t\t\t<div class=\"col-inner\">\n\t\t\t\t\t\t\n<div class=\"badge-container badge-custom absolute right top z-1\">\n\n<\/div>\n\t\t\t\t\t\t<div class=\"product-small box margin-auto has-hover box-vertical box-text-bottom\">\n\t\t\t\t\t\t\t<div class=\"box-image\" >\n\t\t\t\t\t\t\t\t<div class=\"image-cover\" style=\"padding-top:100%;\">\n\t\t\t\t\t\t\t\t\t<a href=\"https:\/\/schaumweinkontor.com\/en\/produkt\/barone-pizzini-franciacorta-docg-animante-l-a-075-l\/\" aria-label=\"Barone Pizzini Franciacorta DOCG Animante L.A. 0,75 L\">\n\t\t\t\t\t\t\t\t\t\t<img loading=\"lazy\" decoding=\"async\" width=\"300\" height=\"300\" src=\"https:\/\/schaumweinkontor.com\/wp-content\/uploads\/2023\/03\/Barone-pizzini-Animante-L.A.-075-1000x1000px-300x300.png\" class=\"attachment-medium size-medium\" alt=\"Barone Pizzini Franciacorta DOCG Animante L.A. 0,75 L\" srcset=\"https:\/\/schaumweinkontor.com\/wp-content\/uploads\/2023\/03\/Barone-pizzini-Animante-L.A.-075-1000x1000px-300x300.png 300w, https:\/\/schaumweinkontor.com\/wp-content\/uploads\/2023\/03\/Barone-pizzini-Animante-L.A.-075-1000x1000px-100x100.png 100w, https:\/\/schaumweinkontor.com\/wp-content\/uploads\/2023\/03\/Barone-pizzini-Animante-L.A.-075-1000x1000px-510x510.png 510w, https:\/\/schaumweinkontor.com\/wp-content\/uploads\/2023\/03\/Barone-pizzini-Animante-L.A.-075-1000x1000px-150x150.png 150w, https:\/\/schaumweinkontor.com\/wp-content\/uploads\/2023\/03\/Barone-pizzini-Animante-L.A.-075-1000x1000px-768x768.png 768w, https:\/\/schaumweinkontor.com\/wp-content\/uploads\/2023\/03\/Barone-pizzini-Animante-L.A.-075-1000x1000px.png 1001w\" sizes=\"auto, (max-width: 300px) 100vw, 300px\" \/>\t\t\t\t\t\t\t\t\t<\/a>\n\t\t\t\t\t\t\t\t\t\t\t\t\t\t\t\t\t\t \t\t\t\t\t\t\t\t<\/div>\n\t\t\t\t\t\t\t\t<div class=\"image-tools top right show-on-hover\">\n\t\t\t\t\t\t\t\t\t\t\t\t\t\t\t\t\t<\/div>\n\t\t\t\t\t\t\t\t\t\t\t\t\t\t\t\t\t<div class=\"image-tools grid-tools text-center hide-for-small bottom hover-slide-in show-on-hover\">\n\t\t\t\t\t\t\t\t\t\t\t\t\t\t\t\t\t\t\t<\/div>\n\t\t\t\t\t\t\t\t\t\t\t\t\t\t\t\t\t\t\t\t\t\t\t<\/div>\n\n\t\t\t\t\t\t\t<div class=\"box-text text-center\" >\n\t\t\t\t\t\t\t\t<div class=\"title-wrapper\">\t\t<p class=\"category uppercase is-smaller no-text-overflow product-cat op-7\">\n\t\t\tBarone Pizzini\t\t<\/p>\n\t<p class=\"name product-title woocommerce-loop-product__title\"><a href=\"https:\/\/schaumweinkontor.com\/en\/produkt\/barone-pizzini-franciacorta-docg-animante-l-a-075-l\/\" class=\"woocommerce-LoopProduct-link woocommerce-loop-product__link\">Barone Pizzini Franciacorta DOCG Animante L.A. 0,75 L<\/a><\/p><\/div><div class=\"price-wrapper\">\n\t<span class=\"price\"><span class=\"woocommerce-Price-amount amount\" role=\"none\"><bdi><span class=\"woocommerce-Price-currencySymbol\">&euro;<\/span>&nbsp;37,00<\/bdi><\/span> <small class=\"woocommerce-price-suffix\">inkl. MwSt.<\/small><\/span>\n<\/div><div class=\"add-to-cart-button\"><a href=\"\/en\/wp-json\/wp\/v2\/pages\/4628?add-to-cart=4707\" aria-describedby=\"woocommerce_loop_add_to_cart_link_describedby_4707\" data-quantity=\"1\" class=\"primary is-small mb-0 button product_type_simple add_to_cart_button ajax_add_to_cart is-outline\" data-product_id=\"4707\" data-product_sku=\"100300318\" aria-label=\"Add to cart: &ldquo;Barone Pizzini Franciacorta DOCG Animante L.A. 0,75 L&rdquo;\" rel=\"nofollow\" data-success_message=\"&ldquo;Barone Pizzini Franciacorta DOCG Animante L.A. 0,75 L&rdquo; has been added to your cart\" role=\"button\">Add to cart<\/a><\/div>\t<span id=\"woocommerce_loop_add_to_cart_link_describedby_4707\" class=\"screen-reader-text\">\n\t\t\t<\/span>\n\t\t\t\t\t\t\t<\/div>\n\t\t\t\t\t\t<\/div>\n\t\t\t\t\t\t<\/div>\n\t\t\t\t\t<\/div><div class=\"col\" data-animate=\"fadeInUp\">\n\t\t\t\t\t\t<div class=\"col-inner\">\n\t\t\t\t\t\t\n<div class=\"badge-container badge-custom absolute right top z-1\">\n\n<\/div>\n\t\t\t\t\t\t<div class=\"product-small box margin-auto has-hover box-vertical box-text-bottom\">\n\t\t\t\t\t\t\t<div class=\"box-image\" >\n\t\t\t\t\t\t\t\t<div class=\"image-cover\" style=\"padding-top:100%;\">\n\t\t\t\t\t\t\t\t\t<a href=\"https:\/\/schaumweinkontor.com\/en\/produkt\/barone-pizzini-franciacorta-docg-saten-brut-edizione-2018\/\" aria-label=\"Barone Pizzini Franciacorta DOCG Sat\u00e8n Brut Edizione 2018 0,75 L\">\n\t\t\t\t\t\t\t\t\t\t<img loading=\"lazy\" decoding=\"async\" width=\"300\" height=\"300\" src=\"https:\/\/schaumweinkontor.com\/wp-content\/uploads\/2023\/03\/Barone-pizzini-Saten-Edizione-075-1000x1000px-300x300.png\" class=\"attachment-medium size-medium\" alt=\"Barone Pizzini Franciacorta DOCG Sat\u00e8n Brut Edizione 2018 0,75 L\" srcset=\"https:\/\/schaumweinkontor.com\/wp-content\/uploads\/2023\/03\/Barone-pizzini-Saten-Edizione-075-1000x1000px-300x300.png 300w, https:\/\/schaumweinkontor.com\/wp-content\/uploads\/2023\/03\/Barone-pizzini-Saten-Edizione-075-1000x1000px-100x100.png 100w, https:\/\/schaumweinkontor.com\/wp-content\/uploads\/2023\/03\/Barone-pizzini-Saten-Edizione-075-1000x1000px-510x510.png 510w, https:\/\/schaumweinkontor.com\/wp-content\/uploads\/2023\/03\/Barone-pizzini-Saten-Edizione-075-1000x1000px-150x150.png 150w, https:\/\/schaumweinkontor.com\/wp-content\/uploads\/2023\/03\/Barone-pizzini-Saten-Edizione-075-1000x1000px-768x768.png 768w, https:\/\/schaumweinkontor.com\/wp-content\/uploads\/2023\/03\/Barone-pizzini-Saten-Edizione-075-1000x1000px.png 1001w\" sizes=\"auto, (max-width: 300px) 100vw, 300px\" \/>\t\t\t\t\t\t\t\t\t<\/a>\n\t\t\t\t\t\t\t\t\t\t\t\t\t\t\t\t\t\t \t\t\t\t\t\t\t\t<\/div>\n\t\t\t\t\t\t\t\t<div class=\"image-tools top right show-on-hover\">\n\t\t\t\t\t\t\t\t\t\t\t\t\t\t\t\t\t<\/div>\n\t\t\t\t\t\t\t\t\t\t\t\t\t\t\t\t\t<div class=\"image-tools grid-tools text-center hide-for-small bottom hover-slide-in show-on-hover\">\n\t\t\t\t\t\t\t\t\t\t\t\t\t\t\t\t\t\t\t<\/div>\n\t\t\t\t\t\t\t\t\t\t\t\t\t\t\t\t\t\t\t\t\t\t\t<\/div>\n\n\t\t\t\t\t\t\t<div class=\"box-text text-center\" >\n\t\t\t\t\t\t\t\t<div class=\"title-wrapper\">\t\t<p class=\"category uppercase is-smaller no-text-overflow product-cat op-7\">\n\t\t\tBarone Pizzini\t\t<\/p>\n\t<p class=\"name product-title woocommerce-loop-product__title\"><a href=\"https:\/\/schaumweinkontor.com\/en\/produkt\/barone-pizzini-franciacorta-docg-saten-brut-edizione-2018\/\" class=\"woocommerce-LoopProduct-link woocommerce-loop-product__link\">Barone Pizzini Franciacorta DOCG Sat\u00e8n Brut Edizione 2018 0,75 L<\/a><\/p><\/div><div class=\"price-wrapper\">\n\t<span class=\"price\"><span class=\"woocommerce-Price-amount amount\" role=\"none\"><bdi><span class=\"woocommerce-Price-currencySymbol\">&euro;<\/span>&nbsp;37,00<\/bdi><\/span> <small class=\"woocommerce-price-suffix\">inkl. MwSt.<\/small><\/span>\n<\/div><div class=\"add-to-cart-button\"><a href=\"\/en\/wp-json\/wp\/v2\/pages\/4628?add-to-cart=4708\" aria-describedby=\"woocommerce_loop_add_to_cart_link_describedby_4708\" data-quantity=\"1\" class=\"primary is-small mb-0 button product_type_simple add_to_cart_button ajax_add_to_cart is-outline\" data-product_id=\"4708\" data-product_sku=\"100300317\" aria-label=\"Add to cart: &ldquo;Barone Pizzini Franciacorta DOCG Sat\u00e8n Brut Edizione 2018 0,75 L&rdquo;\" rel=\"nofollow\" data-success_message=\"&ldquo;Barone Pizzini Franciacorta DOCG Sat\u00e8n Brut Edizione 2018 0,75 L&rdquo; has been added to your cart\" role=\"button\">Add to cart<\/a><\/div>\t<span id=\"woocommerce_loop_add_to_cart_link_describedby_4708\" class=\"screen-reader-text\">\n\t\t\t<\/span>\n\t\t\t\t\t\t\t<\/div>\n\t\t\t\t\t\t<\/div>\n\t\t\t\t\t\t<\/div>\n\t\t\t\t\t<\/div><div class=\"col\" data-animate=\"fadeInUp\">\n\t\t\t\t\t\t<div class=\"col-inner\">\n\t\t\t\t\t\t\n<div class=\"badge-container badge-custom absolute right top z-1\">\n\n<\/div>\n\t\t\t\t\t\t<div class=\"product-small box margin-auto has-hover box-vertical box-text-bottom\">\n\t\t\t\t\t\t\t<div class=\"box-image\" >\n\t\t\t\t\t\t\t\t<div class=\"image-cover\" style=\"padding-top:100%;\">\n\t\t\t\t\t\t\t\t\t<a href=\"https:\/\/schaumweinkontor.com\/en\/produkt\/barone-pizzini-franciacorta-docg-naturae-dz-2019-075-l-bio\/\" aria-label=\"Barone Pizzini Franciacorta DOCG Naturae DZ 2019 0,75 L BIO\">\n\t\t\t\t\t\t\t\t\t\t<img loading=\"lazy\" decoding=\"async\" width=\"300\" height=\"300\" src=\"https:\/\/schaumweinkontor.com\/wp-content\/uploads\/2024\/04\/Barone-Pizzini-Naturae-300x300.png\" class=\"attachment-medium size-medium\" alt=\"Barone Pizzini Franciacorta DOCG Naturae DZ 2019 0,75 L BIO\" srcset=\"https:\/\/schaumweinkontor.com\/wp-content\/uploads\/2024\/04\/Barone-Pizzini-Naturae-300x300.png 300w, https:\/\/schaumweinkontor.com\/wp-content\/uploads\/2024\/04\/Barone-Pizzini-Naturae-100x100.png 100w, https:\/\/schaumweinkontor.com\/wp-content\/uploads\/2024\/04\/Barone-Pizzini-Naturae-510x510.png 510w, https:\/\/schaumweinkontor.com\/wp-content\/uploads\/2024\/04\/Barone-Pizzini-Naturae-150x150.png 150w, https:\/\/schaumweinkontor.com\/wp-content\/uploads\/2024\/04\/Barone-Pizzini-Naturae-768x768.png 768w, https:\/\/schaumweinkontor.com\/wp-content\/uploads\/2024\/04\/Barone-Pizzini-Naturae.png 1000w\" sizes=\"auto, (max-width: 300px) 100vw, 300px\" \/>\t\t\t\t\t\t\t\t\t<\/a>\n\t\t\t\t\t\t\t\t\t\t\t\t\t\t\t\t\t\t \t\t\t\t\t\t\t\t<\/div>\n\t\t\t\t\t\t\t\t<div class=\"image-tools top right show-on-hover\">\n\t\t\t\t\t\t\t\t\t\t\t\t\t\t\t\t\t<\/div>\n\t\t\t\t\t\t\t\t\t\t\t\t\t\t\t\t\t<div class=\"image-tools grid-tools text-center hide-for-small bottom hover-slide-in show-on-hover\">\n\t\t\t\t\t\t\t\t\t\t\t\t\t\t\t\t\t\t\t<\/div>\n\t\t\t\t\t\t\t\t\t\t\t\t\t\t\t\t\t\t\t\t\t\t\t<\/div>\n\n\t\t\t\t\t\t\t<div class=\"box-text text-center\" >\n\t\t\t\t\t\t\t\t<div class=\"title-wrapper\">\t\t<p class=\"category uppercase is-smaller no-text-overflow product-cat op-7\">\n\t\t\tBarone Pizzini\t\t<\/p>\n\t<p class=\"name product-title woocommerce-loop-product__title\"><a href=\"https:\/\/schaumweinkontor.com\/en\/produkt\/barone-pizzini-franciacorta-docg-naturae-dz-2019-075-l-bio\/\" class=\"woocommerce-LoopProduct-link woocommerce-loop-product__link\">Barone Pizzini Franciacorta DOCG Naturae DZ 2019 0,75 L BIO<\/a><\/p><\/div><div class=\"price-wrapper\">\n\t<span class=\"price\"><span class=\"woocommerce-Price-amount amount\" role=\"none\"><bdi><span class=\"woocommerce-Price-currencySymbol\">&euro;<\/span>&nbsp;37,00<\/bdi><\/span> <small class=\"woocommerce-price-suffix\">inkl. MwSt.<\/small><\/span>\n<\/div><div class=\"add-to-cart-button\"><a href=\"\/en\/wp-json\/wp\/v2\/pages\/4628?add-to-cart=5246\" aria-describedby=\"woocommerce_loop_add_to_cart_link_describedby_5246\" data-quantity=\"1\" class=\"primary is-small mb-0 button product_type_simple add_to_cart_button ajax_add_to_cart is-outline\" data-product_id=\"5246\" data-product_sku=\"100300327\" aria-label=\"Add to cart: &ldquo;Barone Pizzini Franciacorta DOCG Naturae DZ 2019 0,75 L BIO&rdquo;\" rel=\"nofollow\" data-success_message=\"&ldquo;Barone Pizzini Franciacorta DOCG Naturae DZ 2019 0,75 L BIO&rdquo; has been added to your cart\" role=\"button\">Add to cart<\/a><\/div>\t<span id=\"woocommerce_loop_add_to_cart_link_describedby_5246\" class=\"screen-reader-text\">\n\t\t\t<\/span>\n\t\t\t\t\t\t\t<\/div>\n\t\t\t\t\t\t<\/div>\n\t\t\t\t\t\t<\/div>\n\t\t\t\t\t<\/div><div class=\"col\" data-animate=\"fadeInUp\">\n\t\t\t\t\t\t<div class=\"col-inner\">\n\t\t\t\t\t\t\n<div class=\"badge-container badge-custom absolute right top z-1\">\n\n<\/div>\n\t\t\t\t\t\t<div class=\"product-small box margin-auto has-hover box-vertical box-text-bottom\">\n\t\t\t\t\t\t\t<div class=\"box-image\" >\n\t\t\t\t\t\t\t\t<div class=\"image-cover\" style=\"padding-top:100%;\">\n\t\t\t\t\t\t\t\t\t<a href=\"https:\/\/schaumweinkontor.com\/en\/produkt\/barone-pizzini-franciacorta-docg-rose-extra-brut-2019-075-l-bio-kopie\/\" aria-label=\"Barone Pizzini Franciacorta DOCG Ros\u00e9 Extra Brut 2019 0,75 L BIO (Kopie)\">\n\t\t\t\t\t\t\t\t\t\t<img loading=\"lazy\" decoding=\"async\" width=\"300\" height=\"300\" src=\"https:\/\/schaumweinkontor.com\/wp-content\/uploads\/2023\/03\/Barone-pizzini-Rose-Edizione-075-1000x1000px-300x300.png\" class=\"attachment-medium size-medium\" alt=\"Barone Pizzini Franciacorta DOCG Ros\u00e9 Extra Brut 2019 0,75 L BIO (Kopie)\" srcset=\"https:\/\/schaumweinkontor.com\/wp-content\/uploads\/2023\/03\/Barone-pizzini-Rose-Edizione-075-1000x1000px-300x300.png 300w, https:\/\/schaumweinkontor.com\/wp-content\/uploads\/2023\/03\/Barone-pizzini-Rose-Edizione-075-1000x1000px-100x100.png 100w, https:\/\/schaumweinkontor.com\/wp-content\/uploads\/2023\/03\/Barone-pizzini-Rose-Edizione-075-1000x1000px-510x510.png 510w, https:\/\/schaumweinkontor.com\/wp-content\/uploads\/2023\/03\/Barone-pizzini-Rose-Edizione-075-1000x1000px-150x150.png 150w, https:\/\/schaumweinkontor.com\/wp-content\/uploads\/2023\/03\/Barone-pizzini-Rose-Edizione-075-1000x1000px-768x768.png 768w, https:\/\/schaumweinkontor.com\/wp-content\/uploads\/2023\/03\/Barone-pizzini-Rose-Edizione-075-1000x1000px.png 1001w\" sizes=\"auto, (max-width: 300px) 100vw, 300px\" \/>\t\t\t\t\t\t\t\t\t<\/a>\n\t\t\t\t\t\t\t\t\t\t\t\t\t\t\t\t\t\t \t\t\t\t\t\t\t\t<\/div>\n\t\t\t\t\t\t\t\t<div class=\"image-tools top right show-on-hover\">\n\t\t\t\t\t\t\t\t\t\t\t\t\t\t\t\t\t<\/div>\n\t\t\t\t\t\t\t\t\t\t\t\t\t\t\t\t\t<div class=\"image-tools grid-tools text-center hide-for-small bottom hover-slide-in show-on-hover\">\n\t\t\t\t\t\t\t\t\t\t\t\t\t\t\t\t\t\t\t<\/div>\n\t\t\t\t\t\t\t\t\t\t\t\t\t\t\t\t\t\t\t\t\t\t\t<\/div>\n\n\t\t\t\t\t\t\t<div class=\"box-text text-center\" >\n\t\t\t\t\t\t\t\t<div class=\"title-wrapper\">\t\t<p class=\"category uppercase is-smaller no-text-overflow product-cat op-7\">\n\t\t\tBarone Pizzini\t\t<\/p>\n\t<p class=\"name product-title woocommerce-loop-product__title\"><a href=\"https:\/\/schaumweinkontor.com\/en\/produkt\/barone-pizzini-franciacorta-docg-rose-extra-brut-2019-075-l-bio-kopie\/\" class=\"woocommerce-LoopProduct-link woocommerce-loop-product__link\">Barone Pizzini Franciacorta DOCG Ros\u00e9 Extra Brut 2019 0,75 L BIO (Kopie)<\/a><\/p><\/div><div class=\"price-wrapper\">\n\t<span class=\"price\"><span class=\"woocommerce-Price-amount amount\" role=\"none\"><bdi><span class=\"woocommerce-Price-currencySymbol\">&euro;<\/span>&nbsp;37,00<\/bdi><\/span> <small class=\"woocommerce-price-suffix\">inkl. MwSt.<\/small><\/span>\n<\/div><div class=\"add-to-cart-button\"><a href=\"\/en\/wp-json\/wp\/v2\/pages\/4628?add-to-cart=8377\" aria-describedby=\"woocommerce_loop_add_to_cart_link_describedby_8377\" data-quantity=\"1\" class=\"primary is-small mb-0 button product_type_simple add_to_cart_button ajax_add_to_cart is-outline\" data-product_id=\"8377\" data-product_sku=\"100300321\" aria-label=\"Add to cart: &ldquo;Barone Pizzini Franciacorta DOCG Ros\u00e9 Extra Brut 2019 0,75 L BIO (Kopie)&rdquo;\" rel=\"nofollow\" data-success_message=\"&ldquo;Barone Pizzini Franciacorta DOCG Ros\u00e9 Extra Brut 2019 0,75 L BIO (Kopie)&rdquo; has been added to your cart\" role=\"button\">Add to cart<\/a><\/div>\t<span id=\"woocommerce_loop_add_to_cart_link_describedby_8377\" class=\"screen-reader-text\">\n\t\t\t<\/span>\n\t\t\t\t\t\t\t<\/div>\n\t\t\t\t\t\t<\/div>\n\t\t\t\t\t\t<\/div>\n\t\t\t\t\t<\/div><div class=\"col\" data-animate=\"fadeInUp\">\n\t\t\t\t\t\t<div class=\"col-inner\">\n\t\t\t\t\t\t\n<div class=\"badge-container badge-custom absolute right top z-1\">\n\n<\/div>\n\t\t\t\t\t\t<div class=\"product-small box margin-auto has-hover box-vertical box-text-bottom\">\n\t\t\t\t\t\t\t<div class=\"box-image\" >\n\t\t\t\t\t\t\t\t<div class=\"image-cover\" style=\"padding-top:100%;\">\n\t\t\t\t\t\t\t\t\t<a href=\"https:\/\/schaumweinkontor.com\/en\/produkt\/barone-pizzini-franciacorta-docg-saten-brut-edizione-2018-075-l-copy-2\/\" aria-label=\"Barone Pizzini Franciacorta DOCG Sat\u00e8n Brut Edizione 2018 0,75 L (Copy)\">\n\t\t\t\t\t\t\t\t\t\t<img loading=\"lazy\" decoding=\"async\" width=\"300\" height=\"300\" src=\"https:\/\/schaumweinkontor.com\/wp-content\/uploads\/2023\/03\/Barone-pizzini-Saten-Edizione-075-1000x1000px-300x300.png\" class=\"attachment-medium size-medium\" alt=\"Barone Pizzini Franciacorta DOCG Sat\u00e8n Brut Edizione 2018 0,75 L\" srcset=\"https:\/\/schaumweinkontor.com\/wp-content\/uploads\/2023\/03\/Barone-pizzini-Saten-Edizione-075-1000x1000px-300x300.png 300w, https:\/\/schaumweinkontor.com\/wp-content\/uploads\/2023\/03\/Barone-pizzini-Saten-Edizione-075-1000x1000px-100x100.png 100w, https:\/\/schaumweinkontor.com\/wp-content\/uploads\/2023\/03\/Barone-pizzini-Saten-Edizione-075-1000x1000px-510x510.png 510w, https:\/\/schaumweinkontor.com\/wp-content\/uploads\/2023\/03\/Barone-pizzini-Saten-Edizione-075-1000x1000px-150x150.png 150w, https:\/\/schaumweinkontor.com\/wp-content\/uploads\/2023\/03\/Barone-pizzini-Saten-Edizione-075-1000x1000px-768x768.png 768w, https:\/\/schaumweinkontor.com\/wp-content\/uploads\/2023\/03\/Barone-pizzini-Saten-Edizione-075-1000x1000px.png 1001w\" sizes=\"auto, (max-width: 300px) 100vw, 300px\" \/>\t\t\t\t\t\t\t\t\t<\/a>\n\t\t\t\t\t\t\t\t\t\t\t\t\t\t\t\t\t\t \t\t\t\t\t\t\t\t<\/div>\n\t\t\t\t\t\t\t\t<div class=\"image-tools top right show-on-hover\">\n\t\t\t\t\t\t\t\t\t\t\t\t\t\t\t\t\t<\/div>\n\t\t\t\t\t\t\t\t\t\t\t\t\t\t\t\t\t<div class=\"image-tools grid-tools text-center hide-for-small bottom hover-slide-in show-on-hover\">\n\t\t\t\t\t\t\t\t\t\t\t\t\t\t\t\t\t\t\t<\/div>\n\t\t\t\t\t\t\t\t\t\t\t\t\t\t\t\t\t\t\t\t\t\t\t<\/div>\n\n\t\t\t\t\t\t\t<div class=\"box-text text-center\" >\n\t\t\t\t\t\t\t\t<div class=\"title-wrapper\">\t\t<p class=\"category uppercase is-smaller no-text-overflow product-cat op-7\">\n\t\t\tBarone Pizzini\t\t<\/p>\n\t<p class=\"name product-title woocommerce-loop-product__title\"><a href=\"https:\/\/schaumweinkontor.com\/en\/produkt\/barone-pizzini-franciacorta-docg-saten-brut-edizione-2018-075-l-copy-2\/\" class=\"woocommerce-LoopProduct-link woocommerce-loop-product__link\">Barone Pizzini Franciacorta DOCG Sat\u00e8n Brut Edizione 2018 0,75 L (Copy)<\/a><\/p><\/div><div class=\"price-wrapper\">\n\t<span class=\"price\"><span class=\"woocommerce-Price-amount amount\" role=\"none\"><bdi><span class=\"woocommerce-Price-currencySymbol\">&euro;<\/span>&nbsp;39,90<\/bdi><\/span> <small class=\"woocommerce-price-suffix\">inkl. MwSt.<\/small><\/span>\n<\/div><div class=\"add-to-cart-button\"><a href=\"\/en\/wp-json\/wp\/v2\/pages\/4628?add-to-cart=6135\" aria-describedby=\"woocommerce_loop_add_to_cart_link_describedby_6135\" data-quantity=\"1\" class=\"primary is-small mb-0 button product_type_simple add_to_cart_button ajax_add_to_cart is-outline\" data-product_id=\"6135\" data-product_sku=\"68102\/68107-1\" aria-label=\"Add to cart: &ldquo;Barone Pizzini Franciacorta DOCG Sat\u00e8n Brut Edizione 2018 0,75 L (Copy)&rdquo;\" rel=\"nofollow\" data-success_message=\"&ldquo;Barone Pizzini Franciacorta DOCG Sat\u00e8n Brut Edizione 2018 0,75 L (Copy)&rdquo; has been added to your cart\" role=\"button\">Add to cart<\/a><\/div>\t<span id=\"woocommerce_loop_add_to_cart_link_describedby_6135\" class=\"screen-reader-text\">\n\t\t\t<\/span>\n\t\t\t\t\t\t\t<\/div>\n\t\t\t\t\t\t<\/div>\n\t\t\t\t\t\t<\/div>\n\t\t\t\t\t<\/div><div class=\"col\" data-animate=\"fadeInUp\">\n\t\t\t\t\t\t<div class=\"col-inner\">\n\t\t\t\t\t\t\n<div class=\"badge-container badge-custom absolute right top z-1\">\n\n<\/div>\n\t\t\t\t\t\t<div class=\"product-small box margin-auto has-hover box-vertical box-text-bottom\">\n\t\t\t\t\t\t\t<div class=\"box-image\" >\n\t\t\t\t\t\t\t\t<div class=\"image-cover\" style=\"padding-top:100%;\">\n\t\t\t\t\t\t\t\t\t<a href=\"https:\/\/schaumweinkontor.com\/en\/produkt\/barone-pizzini-franciacorta-docg-bagnadore-riserva-2015-075-l\/\" aria-label=\"Barone Pizzini Franciacorta DOCG Bagnadore Riserva 2015 0,75 L organic\">\n\t\t\t\t\t\t\t\t\t\t<img loading=\"lazy\" decoding=\"async\" width=\"300\" height=\"300\" src=\"https:\/\/schaumweinkontor.com\/wp-content\/uploads\/2023\/03\/Barone-pizzini-Bagnadore-Riserva-2011-075-1000x1000px-300x300.png\" class=\"attachment-medium size-medium\" alt=\"Barone Pizzini Franciacorta DOCG Bagnadore Riserva 2015 0,75 L organic\" srcset=\"https:\/\/schaumweinkontor.com\/wp-content\/uploads\/2023\/03\/Barone-pizzini-Bagnadore-Riserva-2011-075-1000x1000px-300x300.png 300w, https:\/\/schaumweinkontor.com\/wp-content\/uploads\/2023\/03\/Barone-pizzini-Bagnadore-Riserva-2011-075-1000x1000px-100x100.png 100w, https:\/\/schaumweinkontor.com\/wp-content\/uploads\/2023\/03\/Barone-pizzini-Bagnadore-Riserva-2011-075-1000x1000px-510x510.png 510w, https:\/\/schaumweinkontor.com\/wp-content\/uploads\/2023\/03\/Barone-pizzini-Bagnadore-Riserva-2011-075-1000x1000px-150x150.png 150w, https:\/\/schaumweinkontor.com\/wp-content\/uploads\/2023\/03\/Barone-pizzini-Bagnadore-Riserva-2011-075-1000x1000px-768x768.png 768w, https:\/\/schaumweinkontor.com\/wp-content\/uploads\/2023\/03\/Barone-pizzini-Bagnadore-Riserva-2011-075-1000x1000px.png 1001w\" sizes=\"auto, (max-width: 300px) 100vw, 300px\" \/>\t\t\t\t\t\t\t\t\t<\/a>\n\t\t\t\t\t\t\t\t\t\t\t\t\t\t\t\t\t\t \t\t\t\t\t\t\t\t<\/div>\n\t\t\t\t\t\t\t\t<div class=\"image-tools top right show-on-hover\">\n\t\t\t\t\t\t\t\t\t\t\t\t\t\t\t\t\t<\/div>\n\t\t\t\t\t\t\t\t\t\t\t\t\t\t\t\t\t<div class=\"image-tools grid-tools text-center hide-for-small bottom hover-slide-in show-on-hover\">\n\t\t\t\t\t\t\t\t\t\t\t\t\t\t\t\t\t\t\t<\/div>\n\t\t\t\t\t\t\t\t\t\t\t\t\t\t\t\t\t\t\t\t\t\t\t<\/div>\n\n\t\t\t\t\t\t\t<div class=\"box-text text-center\" >\n\t\t\t\t\t\t\t\t<div class=\"title-wrapper\">\t\t<p class=\"category uppercase is-smaller no-text-overflow product-cat op-7\">\n\t\t\tBarone Pizzini\t\t<\/p>\n\t<p class=\"name product-title woocommerce-loop-product__title\"><a href=\"https:\/\/schaumweinkontor.com\/en\/produkt\/barone-pizzini-franciacorta-docg-bagnadore-riserva-2015-075-l\/\" class=\"woocommerce-LoopProduct-link woocommerce-loop-product__link\">Barone Pizzini Franciacorta DOCG Bagnadore Riserva 2015 0,75 L organic<\/a><\/p><\/div><div class=\"price-wrapper\">\n\t<span class=\"price\"><span class=\"woocommerce-Price-amount amount\" role=\"none\"><bdi><span class=\"woocommerce-Price-currencySymbol\">&euro;<\/span>&nbsp;56,00<\/bdi><\/span> <small class=\"woocommerce-price-suffix\">inkl. MwSt.<\/small><\/span>\n<\/div><div class=\"add-to-cart-button\"><a href=\"\/en\/wp-json\/wp\/v2\/pages\/4628?add-to-cart=4706\" aria-describedby=\"woocommerce_loop_add_to_cart_link_describedby_4706\" data-quantity=\"1\" class=\"primary is-small mb-0 button product_type_simple add_to_cart_button ajax_add_to_cart is-outline\" data-product_id=\"4706\" data-product_sku=\"100300319\" aria-label=\"Add to cart: &ldquo;Barone Pizzini Franciacorta DOCG Bagnadore Riserva 2015 0,75 L organic&rdquo;\" rel=\"nofollow\" data-success_message=\"&ldquo;Barone Pizzini Franciacorta DOCG Bagnadore Riserva 2015 0,75 L organic&rdquo; has been added to your cart\" role=\"button\">Add to cart<\/a><\/div>\t<span id=\"woocommerce_loop_add_to_cart_link_describedby_4706\" class=\"screen-reader-text\">\n\t\t\t<\/span>\n\t\t\t\t\t\t\t<\/div>\n\t\t\t\t\t\t<\/div>\n\t\t\t\t\t\t<\/div>\n\t\t\t\t\t<\/div><div class=\"col\" data-animate=\"fadeInUp\">\n\t\t\t\t\t\t<div class=\"col-inner\">\n\t\t\t\t\t\t\n<div class=\"badge-container badge-custom absolute right top z-1\">\n\n<\/div>\n\t\t\t\t\t\t<div class=\"product-small box margin-auto has-hover box-vertical box-text-bottom\">\n\t\t\t\t\t\t\t<div class=\"box-image\" >\n\t\t\t\t\t\t\t\t<div class=\"image-cover\" style=\"padding-top:100%;\">\n\t\t\t\t\t\t\t\t\t<a href=\"https:\/\/schaumweinkontor.com\/en\/produkt\/barone-pizzini-franciacorta-docg-brut-golf-1927-15-l\/\" aria-label=\"Barone Pizzini Franciacorta DOCG Brut Golf 1927 1,5 L\">\n\t\t\t\t\t\t\t\t\t\t<img loading=\"lazy\" decoding=\"async\" width=\"300\" height=\"300\" src=\"https:\/\/schaumweinkontor.com\/wp-content\/uploads\/2023\/03\/Barone-pizzini-Golf-1927-075-1000x1000px-300x300.png\" class=\"attachment-medium size-medium\" alt=\"Barone Pizzini Franciacorta DOCG Brut Golf 1927 \" srcset=\"https:\/\/schaumweinkontor.com\/wp-content\/uploads\/2023\/03\/Barone-pizzini-Golf-1927-075-1000x1000px-300x300.png 300w, https:\/\/schaumweinkontor.com\/wp-content\/uploads\/2023\/03\/Barone-pizzini-Golf-1927-075-1000x1000px-100x100.png 100w, https:\/\/schaumweinkontor.com\/wp-content\/uploads\/2023\/03\/Barone-pizzini-Golf-1927-075-1000x1000px-510x510.png 510w, https:\/\/schaumweinkontor.com\/wp-content\/uploads\/2023\/03\/Barone-pizzini-Golf-1927-075-1000x1000px-150x150.png 150w, https:\/\/schaumweinkontor.com\/wp-content\/uploads\/2023\/03\/Barone-pizzini-Golf-1927-075-1000x1000px-768x768.png 768w, https:\/\/schaumweinkontor.com\/wp-content\/uploads\/2023\/03\/Barone-pizzini-Golf-1927-075-1000x1000px.png 1001w\" sizes=\"auto, (max-width: 300px) 100vw, 300px\" \/>\t\t\t\t\t\t\t\t\t<\/a>\n\t\t\t\t\t\t\t\t\t\t\t\t\t\t\t\t\t\t \t\t\t\t\t\t\t\t<\/div>\n\t\t\t\t\t\t\t\t<div class=\"image-tools top right show-on-hover\">\n\t\t\t\t\t\t\t\t\t\t\t\t\t\t\t\t\t<\/div>\n\t\t\t\t\t\t\t\t\t\t\t\t\t\t\t\t\t<div class=\"image-tools grid-tools text-center hide-for-small bottom hover-slide-in show-on-hover\">\n\t\t\t\t\t\t\t\t\t\t\t\t\t\t\t\t\t\t\t<\/div>\n\t\t\t\t\t\t\t\t\t\t\t\t\t\t\t\t\t\t\t\t\t\t\t<\/div>\n\n\t\t\t\t\t\t\t<div class=\"box-text text-center\" >\n\t\t\t\t\t\t\t\t<div class=\"title-wrapper\">\t\t<p class=\"category uppercase is-smaller no-text-overflow product-cat op-7\">\n\t\t\tBarone Pizzini\t\t<\/p>\n\t<p class=\"name product-title woocommerce-loop-product__title\"><a href=\"https:\/\/schaumweinkontor.com\/en\/produkt\/barone-pizzini-franciacorta-docg-brut-golf-1927-15-l\/\" class=\"woocommerce-LoopProduct-link woocommerce-loop-product__link\">Barone Pizzini Franciacorta DOCG Brut Golf 1927 1,5 L<\/a><\/p><\/div><div class=\"price-wrapper\">\n\t<span class=\"price\"><span class=\"woocommerce-Price-amount amount\" role=\"none\"><bdi><span class=\"woocommerce-Price-currencySymbol\">&euro;<\/span>&nbsp;68,00<\/bdi><\/span> <small class=\"woocommerce-price-suffix\">inkl. MwSt.<\/small><\/span>\n<\/div><div class=\"add-to-cart-button\"><a href=\"\/en\/wp-json\/wp\/v2\/pages\/4628?add-to-cart=4655\" aria-describedby=\"woocommerce_loop_add_to_cart_link_describedby_4655\" data-quantity=\"1\" class=\"primary is-small mb-0 button product_type_simple add_to_cart_button ajax_add_to_cart is-outline\" data-product_id=\"4655\" data-product_sku=\"100300323\" aria-label=\"Add to cart: &ldquo;Barone Pizzini Franciacorta DOCG Brut Golf 1927 1,5 L&rdquo;\" rel=\"nofollow\" data-success_message=\"&ldquo;Barone Pizzini Franciacorta DOCG Brut Golf 1927 1,5 L&rdquo; has been added to your cart\" role=\"button\">Add to cart<\/a><\/div>\t<span id=\"woocommerce_loop_add_to_cart_link_describedby_4655\" class=\"screen-reader-text\">\n\t\t\t<\/span>\n\t\t\t\t\t\t\t<\/div>\n\t\t\t\t\t\t<\/div>\n\t\t\t\t\t\t<\/div>\n\t\t\t\t\t<\/div><div class=\"col\" data-animate=\"fadeInUp\">\n\t\t\t\t\t\t<div class=\"col-inner\">\n\t\t\t\t\t\t\n<div class=\"badge-container badge-custom absolute right top z-1\">\n\n<\/div>\n\t\t\t\t\t\t<div class=\"product-small box margin-auto has-hover box-vertical box-text-bottom\">\n\t\t\t\t\t\t\t<div class=\"box-image\" >\n\t\t\t\t\t\t\t\t<div class=\"image-cover\" style=\"padding-top:100%;\">\n\t\t\t\t\t\t\t\t\t<a href=\"https:\/\/schaumweinkontor.com\/en\/produkt\/barone-pizzini-franciacorta-docg-animate-dossagio-zero-15-l-bio\/\" aria-label=\"Barone Pizzini Franciacorta DOCG Animate Dossagio Zero 1,5 L BIO\">\n\t\t\t\t\t\t\t\t\t\t<img loading=\"lazy\" decoding=\"async\" width=\"300\" height=\"300\" src=\"https:\/\/schaumweinkontor.com\/wp-content\/uploads\/2024\/04\/Barone-Pizzini-Animate-300x300.png\" class=\"attachment-medium size-medium\" alt=\"Barone Pizzini Franciacorta DOCG Animate Dossagio Zero 1,5 L BIO\" srcset=\"https:\/\/schaumweinkontor.com\/wp-content\/uploads\/2024\/04\/Barone-Pizzini-Animate-300x300.png 300w, https:\/\/schaumweinkontor.com\/wp-content\/uploads\/2024\/04\/Barone-Pizzini-Animate-100x100.png 100w, https:\/\/schaumweinkontor.com\/wp-content\/uploads\/2024\/04\/Barone-Pizzini-Animate-510x510.png 510w, https:\/\/schaumweinkontor.com\/wp-content\/uploads\/2024\/04\/Barone-Pizzini-Animate-150x150.png 150w, https:\/\/schaumweinkontor.com\/wp-content\/uploads\/2024\/04\/Barone-Pizzini-Animate-768x768.png 768w, https:\/\/schaumweinkontor.com\/wp-content\/uploads\/2024\/04\/Barone-Pizzini-Animate.png 1000w\" sizes=\"auto, (max-width: 300px) 100vw, 300px\" \/>\t\t\t\t\t\t\t\t\t<\/a>\n\t\t\t\t\t\t\t\t\t\t\t\t\t\t\t\t\t\t \t\t\t\t\t\t\t\t<\/div>\n\t\t\t\t\t\t\t\t<div class=\"image-tools top right show-on-hover\">\n\t\t\t\t\t\t\t\t\t\t\t\t\t\t\t\t\t<\/div>\n\t\t\t\t\t\t\t\t\t\t\t\t\t\t\t\t\t<div class=\"image-tools grid-tools text-center hide-for-small bottom hover-slide-in show-on-hover\">\n\t\t\t\t\t\t\t\t\t\t\t\t\t\t\t\t\t\t\t<\/div>\n\t\t\t\t\t\t\t\t\t\t\t\t\t\t\t\t\t\t\t\t\t\t\t<\/div>\n\n\t\t\t\t\t\t\t<div class=\"box-text text-center\" >\n\t\t\t\t\t\t\t\t<div class=\"title-wrapper\">\t\t<p class=\"category uppercase is-smaller no-text-overflow product-cat op-7\">\n\t\t\tBarone Pizzini\t\t<\/p>\n\t<p class=\"name product-title woocommerce-loop-product__title\"><a href=\"https:\/\/schaumweinkontor.com\/en\/produkt\/barone-pizzini-franciacorta-docg-animate-dossagio-zero-15-l-bio\/\" class=\"woocommerce-LoopProduct-link woocommerce-loop-product__link\">Barone Pizzini Franciacorta DOCG Animate Dossagio Zero 1,5 L BIO<\/a><\/p><\/div><div class=\"price-wrapper\">\n\t<span class=\"price\"><span class=\"woocommerce-Price-amount amount\" role=\"none\"><bdi><span class=\"woocommerce-Price-currencySymbol\">&euro;<\/span>&nbsp;68,00<\/bdi><\/span> <small class=\"woocommerce-price-suffix\">inkl. MwSt.<\/small><\/span>\n<\/div><div class=\"add-to-cart-button\"><a href=\"\/en\/wp-json\/wp\/v2\/pages\/4628?add-to-cart=5240\" aria-describedby=\"woocommerce_loop_add_to_cart_link_describedby_5240\" data-quantity=\"1\" class=\"primary is-small mb-0 button product_type_simple add_to_cart_button ajax_add_to_cart is-outline\" data-product_id=\"5240\" data-product_sku=\"100300325\" aria-label=\"Add to cart: &ldquo;Barone Pizzini Franciacorta DOCG Animate Dossagio Zero 1,5 L BIO&rdquo;\" rel=\"nofollow\" data-success_message=\"&ldquo;Barone Pizzini Franciacorta DOCG Animate Dossagio Zero 1,5 L BIO&rdquo; has been added to your cart\" role=\"button\">Add to cart<\/a><\/div>\t<span id=\"woocommerce_loop_add_to_cart_link_describedby_5240\" class=\"screen-reader-text\">\n\t\t\t<\/span>\n\t\t\t\t\t\t\t<\/div>\n\t\t\t\t\t\t<\/div>\n\t\t\t\t\t\t<\/div>\n\t\t\t\t\t<\/div><div class=\"col\" data-animate=\"fadeInUp\">\n\t\t\t\t\t\t<div class=\"col-inner\">\n\t\t\t\t\t\t\n<div class=\"badge-container badge-custom absolute right top z-1\">\n\n<\/div>\n\t\t\t\t\t\t<div class=\"product-small box margin-auto has-hover box-vertical box-text-bottom\">\n\t\t\t\t\t\t\t<div class=\"box-image\" >\n\t\t\t\t\t\t\t\t<div class=\"image-cover\" style=\"padding-top:100%;\">\n\t\t\t\t\t\t\t\t\t<a href=\"https:\/\/schaumweinkontor.com\/en\/produkt\/barone-pizzini-franciacorta-docg-bagnadore-riserva-2015-075-l-organic-copy\/\" aria-label=\"Barone Pizzini Franciacorta DOCG Bagnadore Riserva 2014 1,5 L BIO\">\n\t\t\t\t\t\t\t\t\t\t<img loading=\"lazy\" decoding=\"async\" width=\"300\" height=\"300\" src=\"https:\/\/schaumweinkontor.com\/wp-content\/uploads\/2023\/03\/Barone-pizzini-Bagnadore-Riserva-2011-075-1000x1000px-300x300.png\" class=\"attachment-medium size-medium\" alt=\"Barone Pizzini Franciacorta DOCG Bagnadore Riserva 2014 1,5 L BIO\" srcset=\"https:\/\/schaumweinkontor.com\/wp-content\/uploads\/2023\/03\/Barone-pizzini-Bagnadore-Riserva-2011-075-1000x1000px-300x300.png 300w, https:\/\/schaumweinkontor.com\/wp-content\/uploads\/2023\/03\/Barone-pizzini-Bagnadore-Riserva-2011-075-1000x1000px-100x100.png 100w, https:\/\/schaumweinkontor.com\/wp-content\/uploads\/2023\/03\/Barone-pizzini-Bagnadore-Riserva-2011-075-1000x1000px-510x510.png 510w, https:\/\/schaumweinkontor.com\/wp-content\/uploads\/2023\/03\/Barone-pizzini-Bagnadore-Riserva-2011-075-1000x1000px-150x150.png 150w, https:\/\/schaumweinkontor.com\/wp-content\/uploads\/2023\/03\/Barone-pizzini-Bagnadore-Riserva-2011-075-1000x1000px-768x768.png 768w, https:\/\/schaumweinkontor.com\/wp-content\/uploads\/2023\/03\/Barone-pizzini-Bagnadore-Riserva-2011-075-1000x1000px.png 1001w\" sizes=\"auto, (max-width: 300px) 100vw, 300px\" \/>\t\t\t\t\t\t\t\t\t<\/a>\n\t\t\t\t\t\t\t\t\t\t\t\t\t\t\t\t\t\t \t\t\t\t\t\t\t\t<\/div>\n\t\t\t\t\t\t\t\t<div class=\"image-tools top right show-on-hover\">\n\t\t\t\t\t\t\t\t\t\t\t\t\t\t\t\t\t<\/div>\n\t\t\t\t\t\t\t\t\t\t\t\t\t\t\t\t\t<div class=\"image-tools grid-tools text-center hide-for-small bottom hover-slide-in show-on-hover\">\n\t\t\t\t\t\t\t\t\t\t\t\t\t\t\t\t\t\t\t<\/div>\n\t\t\t\t\t\t\t\t\t\t\t\t\t\t\t\t\t\t\t\t\t\t\t<\/div>\n\n\t\t\t\t\t\t\t<div class=\"box-text text-center\" >\n\t\t\t\t\t\t\t\t<div class=\"title-wrapper\">\t\t<p class=\"category uppercase is-smaller no-text-overflow product-cat op-7\">\n\t\t\tBarone Pizzini\t\t<\/p>\n\t<p class=\"name product-title woocommerce-loop-product__title\"><a href=\"https:\/\/schaumweinkontor.com\/en\/produkt\/barone-pizzini-franciacorta-docg-bagnadore-riserva-2015-075-l-organic-copy\/\" class=\"woocommerce-LoopProduct-link woocommerce-loop-product__link\">Barone Pizzini Franciacorta DOCG Bagnadore Riserva 2014 1,5 L BIO<\/a><\/p><\/div><div class=\"price-wrapper\">\n\t<span class=\"price\"><span class=\"woocommerce-Price-amount amount\" role=\"none\"><bdi><span class=\"woocommerce-Price-currencySymbol\">&euro;<\/span>&nbsp;115,00<\/bdi><\/span> <small class=\"woocommerce-price-suffix\">inkl. MwSt.<\/small><\/span>\n<\/div><div class=\"add-to-cart-button\"><a href=\"\/en\/wp-json\/wp\/v2\/pages\/4628?add-to-cart=5248\" aria-describedby=\"woocommerce_loop_add_to_cart_link_describedby_5248\" data-quantity=\"1\" class=\"primary is-small mb-0 button product_type_simple add_to_cart_button ajax_add_to_cart is-outline\" data-product_id=\"5248\" data-product_sku=\"100300328\" aria-label=\"Add to cart: &ldquo;Barone Pizzini Franciacorta DOCG Bagnadore Riserva 2014 1,5 L BIO&rdquo;\" rel=\"nofollow\" data-success_message=\"&ldquo;Barone Pizzini Franciacorta DOCG Bagnadore Riserva 2014 1,5 L BIO&rdquo; has been added to your cart\" role=\"button\">Add to cart<\/a><\/div>\t<span id=\"woocommerce_loop_add_to_cart_link_describedby_5248\" class=\"screen-reader-text\">\n\t\t\t<\/span>\n\t\t\t\t\t\t\t<\/div>\n\t\t\t\t\t\t<\/div>\n\t\t\t\t\t\t<\/div>\n\t\t\t\t\t<\/div><div class=\"col\" data-animate=\"fadeInUp\">\n\t\t\t\t\t\t<div class=\"col-inner\">\n\t\t\t\t\t\t\n<div class=\"badge-container badge-custom absolute right top z-1\">\n\n<\/div>\n\t\t\t\t\t\t<div class=\"product-small box margin-auto has-hover box-vertical box-text-bottom\">\n\t\t\t\t\t\t\t<div class=\"box-image\" >\n\t\t\t\t\t\t\t\t<div class=\"image-cover\" style=\"padding-top:100%;\">\n\t\t\t\t\t\t\t\t\t<a href=\"https:\/\/schaumweinkontor.com\/en\/produkt\/barone-pizzini-franciacorta-docg-animate-dossagio-zero-3-l-bio\/\" aria-label=\"Barone Pizzini Franciacorta DOCG Animate Dossagio Zero 3 L BIO\">\n\t\t\t\t\t\t\t\t\t\t<img loading=\"lazy\" decoding=\"async\" width=\"300\" height=\"300\" src=\"https:\/\/schaumweinkontor.com\/wp-content\/uploads\/2024\/04\/Barone-Pizzini-Animate-300x300.png\" class=\"attachment-medium size-medium\" alt=\"Barone Pizzini Franciacorta DOCG Animate Dossagio Zero 3 L BIO\" srcset=\"https:\/\/schaumweinkontor.com\/wp-content\/uploads\/2024\/04\/Barone-Pizzini-Animate-300x300.png 300w, https:\/\/schaumweinkontor.com\/wp-content\/uploads\/2024\/04\/Barone-Pizzini-Animate-100x100.png 100w, https:\/\/schaumweinkontor.com\/wp-content\/uploads\/2024\/04\/Barone-Pizzini-Animate-510x510.png 510w, https:\/\/schaumweinkontor.com\/wp-content\/uploads\/2024\/04\/Barone-Pizzini-Animate-150x150.png 150w, https:\/\/schaumweinkontor.com\/wp-content\/uploads\/2024\/04\/Barone-Pizzini-Animate-768x768.png 768w, https:\/\/schaumweinkontor.com\/wp-content\/uploads\/2024\/04\/Barone-Pizzini-Animate.png 1000w\" sizes=\"auto, (max-width: 300px) 100vw, 300px\" \/>\t\t\t\t\t\t\t\t\t<\/a>\n\t\t\t\t\t\t\t\t\t\t\t\t\t\t\t\t\t\t \t\t\t\t\t\t\t\t<\/div>\n\t\t\t\t\t\t\t\t<div class=\"image-tools top right show-on-hover\">\n\t\t\t\t\t\t\t\t\t\t\t\t\t\t\t\t\t<\/div>\n\t\t\t\t\t\t\t\t\t\t\t\t\t\t\t\t\t<div class=\"image-tools grid-tools text-center hide-for-small bottom hover-slide-in show-on-hover\">\n\t\t\t\t\t\t\t\t\t\t\t\t\t\t\t\t\t\t\t<\/div>\n\t\t\t\t\t\t\t\t\t\t\t\t\t\t\t\t\t\t\t\t\t\t\t<\/div>\n\n\t\t\t\t\t\t\t<div class=\"box-text text-center\" >\n\t\t\t\t\t\t\t\t<div class=\"title-wrapper\">\t\t<p class=\"category uppercase is-smaller no-text-overflow product-cat op-7\">\n\t\t\tBarone Pizzini\t\t<\/p>\n\t<p class=\"name product-title woocommerce-loop-product__title\"><a href=\"https:\/\/schaumweinkontor.com\/en\/produkt\/barone-pizzini-franciacorta-docg-animate-dossagio-zero-3-l-bio\/\" class=\"woocommerce-LoopProduct-link woocommerce-loop-product__link\">Barone Pizzini Franciacorta DOCG Animate Dossagio Zero 3 L BIO<\/a><\/p><\/div><div class=\"price-wrapper\">\n\t<span class=\"price\"><span class=\"woocommerce-Price-amount amount\" role=\"none\"><bdi><span class=\"woocommerce-Price-currencySymbol\">&euro;<\/span>&nbsp;230,00<\/bdi><\/span> <small class=\"woocommerce-price-suffix\">inkl. MwSt.<\/small><\/span>\n<\/div><div class=\"add-to-cart-button\"><a href=\"\/en\/wp-json\/wp\/v2\/pages\/4628?add-to-cart=5241\" aria-describedby=\"woocommerce_loop_add_to_cart_link_describedby_5241\" data-quantity=\"1\" class=\"primary is-small mb-0 button product_type_simple add_to_cart_button ajax_add_to_cart is-outline\" data-product_id=\"5241\" data-product_sku=\"100300326\" aria-label=\"Add to cart: &ldquo;Barone Pizzini Franciacorta DOCG Animate Dossagio Zero 3 L BIO&rdquo;\" rel=\"nofollow\" data-success_message=\"&ldquo;Barone Pizzini Franciacorta DOCG Animate Dossagio Zero 3 L BIO&rdquo; has been added to your cart\" role=\"button\">Add to cart<\/a><\/div>\t<span id=\"woocommerce_loop_add_to_cart_link_describedby_5241\" class=\"screen-reader-text\">\n\t\t\t<\/span>\n\t\t\t\t\t\t\t<\/div>\n\t\t\t\t\t\t<\/div>\n\t\t\t\t\t\t<\/div>\n\t\t\t\t\t<\/div><\/div>\n\n\n  \n    <div class=\"row margin-auto equalize-box show-for-medium hide-for-small large-columns-3 medium-columns-2 small-columns-1 row-large has-shadow row-box-shadow-2 row-box-shadow-4-hover\" >\n  \t\n\t     <div class=\"col\" data-animate=\"fadeInUp\">\n\t\t\t\t\t\t<div class=\"col-inner\">\n\t\t\t\t\t\t\n<div class=\"badge-container badge-custom absolute right top z-1\">\n\n<\/div>\n\t\t\t\t\t\t<div class=\"product-small box margin-auto has-hover box-vertical box-text-bottom\">\n\t\t\t\t\t\t\t<div class=\"box-image\" >\n\t\t\t\t\t\t\t\t<div class=\"image-cover\" style=\"padding-top:100%;\">\n\t\t\t\t\t\t\t\t\t<a href=\"https:\/\/schaumweinkontor.com\/en\/produkt\/barone-pizzini-franciacorta-docg-animate-dossagio-zero-075-l-bio\/\" aria-label=\"Barone Pizzini Franciacorta DOCG Animate Dossagio Zero 0,75 L BIO\">\n\t\t\t\t\t\t\t\t\t\t<img loading=\"lazy\" decoding=\"async\" width=\"300\" height=\"300\" src=\"https:\/\/schaumweinkontor.com\/wp-content\/uploads\/2024\/04\/Barone-Pizzini-Animate-300x300.png\" class=\"attachment-medium size-medium\" alt=\"Barone Pizzini Franciacorta DOCG Animate Dossagio Zero 0,75 L BIO\" srcset=\"https:\/\/schaumweinkontor.com\/wp-content\/uploads\/2024\/04\/Barone-Pizzini-Animate-300x300.png 300w, https:\/\/schaumweinkontor.com\/wp-content\/uploads\/2024\/04\/Barone-Pizzini-Animate-100x100.png 100w, https:\/\/schaumweinkontor.com\/wp-content\/uploads\/2024\/04\/Barone-Pizzini-Animate-510x510.png 510w, https:\/\/schaumweinkontor.com\/wp-content\/uploads\/2024\/04\/Barone-Pizzini-Animate-150x150.png 150w, https:\/\/schaumweinkontor.com\/wp-content\/uploads\/2024\/04\/Barone-Pizzini-Animate-768x768.png 768w, https:\/\/schaumweinkontor.com\/wp-content\/uploads\/2024\/04\/Barone-Pizzini-Animate.png 1000w\" sizes=\"auto, (max-width: 300px) 100vw, 300px\" \/>\t\t\t\t\t\t\t\t\t<\/a>\n\t\t\t\t\t\t\t\t\t\t\t\t\t\t\t\t\t\t \t\t\t\t\t\t\t\t<\/div>\n\t\t\t\t\t\t\t\t<div class=\"image-tools top right show-on-hover\">\n\t\t\t\t\t\t\t\t\t\t\t\t\t\t\t\t\t<\/div>\n\t\t\t\t\t\t\t\t\t\t\t\t\t\t\t\t\t<div class=\"image-tools grid-tools text-center hide-for-small bottom hover-slide-in show-on-hover\">\n\t\t\t\t\t\t\t\t\t\t\t\t\t\t\t\t\t\t\t<\/div>\n\t\t\t\t\t\t\t\t\t\t\t\t\t\t\t\t\t\t\t\t\t\t\t<\/div>\n\n\t\t\t\t\t\t\t<div class=\"box-text text-center\" >\n\t\t\t\t\t\t\t\t<div class=\"title-wrapper\">\t\t<p class=\"category uppercase is-smaller no-text-overflow product-cat op-7\">\n\t\t\tBarone Pizzini\t\t<\/p>\n\t<p class=\"name product-title woocommerce-loop-product__title\"><a href=\"https:\/\/schaumweinkontor.com\/en\/produkt\/barone-pizzini-franciacorta-docg-animate-dossagio-zero-075-l-bio\/\" class=\"woocommerce-LoopProduct-link woocommerce-loop-product__link\">Barone Pizzini Franciacorta DOCG Animate Dossagio Zero 0,75 L BIO<\/a><\/p><\/div><div class=\"price-wrapper\">\n\t<span class=\"price\"><span class=\"woocommerce-Price-amount amount\" role=\"none\"><bdi><span class=\"woocommerce-Price-currencySymbol\">&euro;<\/span>&nbsp;29,90<\/bdi><\/span> <small class=\"woocommerce-price-suffix\">inkl. MwSt.<\/small><\/span>\n<\/div><div class=\"add-to-cart-button\"><a href=\"\/en\/wp-json\/wp\/v2\/pages\/4628?add-to-cart=5235\" aria-describedby=\"woocommerce_loop_add_to_cart_link_describedby_5235\" data-quantity=\"1\" class=\"primary is-small mb-0 button product_type_simple add_to_cart_button ajax_add_to_cart is-outline\" data-product_id=\"5235\" data-product_sku=\"100300324\" aria-label=\"Add to cart: &ldquo;Barone Pizzini Franciacorta DOCG Animate Dossagio Zero 0,75 L BIO&rdquo;\" rel=\"nofollow\" data-success_message=\"&ldquo;Barone Pizzini Franciacorta DOCG Animate Dossagio Zero 0,75 L BIO&rdquo; has been added to your cart\" role=\"button\">Add to cart<\/a><\/div>\t<span id=\"woocommerce_loop_add_to_cart_link_describedby_5235\" class=\"screen-reader-text\">\n\t\t\t<\/span>\n\t\t\t\t\t\t\t<\/div>\n\t\t\t\t\t\t<\/div>\n\t\t\t\t\t\t<\/div>\n\t\t\t\t\t<\/div><div class=\"col\" data-animate=\"fadeInUp\">\n\t\t\t\t\t\t<div class=\"col-inner\">\n\t\t\t\t\t\t\n<div class=\"badge-container badge-custom absolute right top z-1\">\n\n<\/div>\n\t\t\t\t\t\t<div class=\"product-small box margin-auto has-hover box-vertical box-text-bottom\">\n\t\t\t\t\t\t\t<div class=\"box-image\" >\n\t\t\t\t\t\t\t\t<div class=\"image-cover\" style=\"padding-top:100%;\">\n\t\t\t\t\t\t\t\t\t<a href=\"https:\/\/schaumweinkontor.com\/en\/produkt\/barone-pizzini-franciacorta-docg-brut-golf-1927-075-l\/\" aria-label=\"Barone Pizzini Franciacorta DOCG Brut Golf 1927 0,75 L\">\n\t\t\t\t\t\t\t\t\t\t<img loading=\"lazy\" decoding=\"async\" width=\"300\" height=\"300\" src=\"https:\/\/schaumweinkontor.com\/wp-content\/uploads\/2023\/03\/Barone-pizzini-Golf-1927-075-1000x1000px-300x300.png\" class=\"attachment-medium size-medium\" alt=\"Barone Pizzini Franciacorta DOCG Brut Golf 1927 \" srcset=\"https:\/\/schaumweinkontor.com\/wp-content\/uploads\/2023\/03\/Barone-pizzini-Golf-1927-075-1000x1000px-300x300.png 300w, https:\/\/schaumweinkontor.com\/wp-content\/uploads\/2023\/03\/Barone-pizzini-Golf-1927-075-1000x1000px-100x100.png 100w, https:\/\/schaumweinkontor.com\/wp-content\/uploads\/2023\/03\/Barone-pizzini-Golf-1927-075-1000x1000px-510x510.png 510w, https:\/\/schaumweinkontor.com\/wp-content\/uploads\/2023\/03\/Barone-pizzini-Golf-1927-075-1000x1000px-150x150.png 150w, https:\/\/schaumweinkontor.com\/wp-content\/uploads\/2023\/03\/Barone-pizzini-Golf-1927-075-1000x1000px-768x768.png 768w, https:\/\/schaumweinkontor.com\/wp-content\/uploads\/2023\/03\/Barone-pizzini-Golf-1927-075-1000x1000px.png 1001w\" sizes=\"auto, (max-width: 300px) 100vw, 300px\" \/>\t\t\t\t\t\t\t\t\t<\/a>\n\t\t\t\t\t\t\t\t\t\t\t\t\t\t\t\t\t\t \t\t\t\t\t\t\t\t<\/div>\n\t\t\t\t\t\t\t\t<div class=\"image-tools top right show-on-hover\">\n\t\t\t\t\t\t\t\t\t\t\t\t\t\t\t\t\t<\/div>\n\t\t\t\t\t\t\t\t\t\t\t\t\t\t\t\t\t<div class=\"image-tools grid-tools text-center hide-for-small bottom hover-slide-in show-on-hover\">\n\t\t\t\t\t\t\t\t\t\t\t\t\t\t\t\t\t\t\t<\/div>\n\t\t\t\t\t\t\t\t\t\t\t\t\t\t\t\t\t\t\t\t\t\t\t<\/div>\n\n\t\t\t\t\t\t\t<div class=\"box-text text-center\" >\n\t\t\t\t\t\t\t\t<div class=\"title-wrapper\">\t\t<p class=\"category uppercase is-smaller no-text-overflow product-cat op-7\">\n\t\t\tBarone Pizzini\t\t<\/p>\n\t<p class=\"name product-title woocommerce-loop-product__title\"><a href=\"https:\/\/schaumweinkontor.com\/en\/produkt\/barone-pizzini-franciacorta-docg-brut-golf-1927-075-l\/\" class=\"woocommerce-LoopProduct-link woocommerce-loop-product__link\">Barone Pizzini Franciacorta DOCG Brut Golf 1927 0,75 L<\/a><\/p><\/div><div class=\"price-wrapper\">\n\t<span class=\"price\"><span class=\"woocommerce-Price-amount amount\" role=\"none\"><bdi><span class=\"woocommerce-Price-currencySymbol\">&euro;<\/span>&nbsp;31,00<\/bdi><\/span> <small class=\"woocommerce-price-suffix\">inkl. MwSt.<\/small><\/span>\n<\/div><div class=\"add-to-cart-button\"><a href=\"\/en\/wp-json\/wp\/v2\/pages\/4628?add-to-cart=4710\" aria-describedby=\"woocommerce_loop_add_to_cart_link_describedby_4710\" data-quantity=\"1\" class=\"primary is-small mb-0 button product_type_simple add_to_cart_button ajax_add_to_cart is-outline\" data-product_id=\"4710\" data-product_sku=\"100300315\" aria-label=\"Add to cart: &ldquo;Barone Pizzini Franciacorta DOCG Brut Golf 1927 0,75 L&rdquo;\" rel=\"nofollow\" data-success_message=\"&ldquo;Barone Pizzini Franciacorta DOCG Brut Golf 1927 0,75 L&rdquo; has been added to your cart\" role=\"button\">Add to cart<\/a><\/div>\t<span id=\"woocommerce_loop_add_to_cart_link_describedby_4710\" class=\"screen-reader-text\">\n\t\t\t<\/span>\n\t\t\t\t\t\t\t<\/div>\n\t\t\t\t\t\t<\/div>\n\t\t\t\t\t\t<\/div>\n\t\t\t\t\t<\/div><div class=\"col\" data-animate=\"fadeInUp\">\n\t\t\t\t\t\t<div class=\"col-inner\">\n\t\t\t\t\t\t\n<div class=\"badge-container badge-custom absolute right top z-1\">\n\n<\/div>\n\t\t\t\t\t\t<div class=\"product-small box margin-auto has-hover box-vertical box-text-bottom\">\n\t\t\t\t\t\t\t<div class=\"box-image\" >\n\t\t\t\t\t\t\t\t<div class=\"image-cover\" style=\"padding-top:100%;\">\n\t\t\t\t\t\t\t\t\t<a href=\"https:\/\/schaumweinkontor.com\/en\/produkt\/barone-pizzini-franciacorta-docg-rose-extra-brut-edizione-2018-075-l\/\" aria-label=\"Barone Pizzini Franciacorta DOCG Ros\u00e9 Extra Brut 2019 0,75 L BIO\">\n\t\t\t\t\t\t\t\t\t\t<img loading=\"lazy\" decoding=\"async\" width=\"300\" height=\"300\" src=\"https:\/\/schaumweinkontor.com\/wp-content\/uploads\/2023\/03\/Barone-pizzini-Rose-Edizione-075-1000x1000px-300x300.png\" class=\"attachment-medium size-medium\" alt=\"Barone Pizzini Franciacorta DOCG Ros\u00e9 Extra Brut 2019 0,75 L BIO\" srcset=\"https:\/\/schaumweinkontor.com\/wp-content\/uploads\/2023\/03\/Barone-pizzini-Rose-Edizione-075-1000x1000px-300x300.png 300w, https:\/\/schaumweinkontor.com\/wp-content\/uploads\/2023\/03\/Barone-pizzini-Rose-Edizione-075-1000x1000px-100x100.png 100w, https:\/\/schaumweinkontor.com\/wp-content\/uploads\/2023\/03\/Barone-pizzini-Rose-Edizione-075-1000x1000px-510x510.png 510w, https:\/\/schaumweinkontor.com\/wp-content\/uploads\/2023\/03\/Barone-pizzini-Rose-Edizione-075-1000x1000px-150x150.png 150w, https:\/\/schaumweinkontor.com\/wp-content\/uploads\/2023\/03\/Barone-pizzini-Rose-Edizione-075-1000x1000px-768x768.png 768w, https:\/\/schaumweinkontor.com\/wp-content\/uploads\/2023\/03\/Barone-pizzini-Rose-Edizione-075-1000x1000px.png 1001w\" sizes=\"auto, (max-width: 300px) 100vw, 300px\" \/>\t\t\t\t\t\t\t\t\t<\/a>\n\t\t\t\t\t\t\t\t\t\t\t\t\t\t\t\t\t\t \t\t\t\t\t\t\t\t<\/div>\n\t\t\t\t\t\t\t\t<div class=\"image-tools top right show-on-hover\">\n\t\t\t\t\t\t\t\t\t\t\t\t\t\t\t\t\t<\/div>\n\t\t\t\t\t\t\t\t\t\t\t\t\t\t\t\t\t<div class=\"image-tools grid-tools text-center hide-for-small bottom hover-slide-in show-on-hover\">\n\t\t\t\t\t\t\t\t\t\t\t\t\t\t\t\t\t\t\t<\/div>\n\t\t\t\t\t\t\t\t\t\t\t\t\t\t\t\t<div class=\"out-of-stock-label\">Out of stock<\/div>\t\t\t\t\t\t\t<\/div>\n\n\t\t\t\t\t\t\t<div class=\"box-text text-center\" >\n\t\t\t\t\t\t\t\t<div class=\"title-wrapper\">\t\t<p class=\"category uppercase is-smaller no-text-overflow product-cat op-7\">\n\t\t\tBarone Pizzini\t\t<\/p>\n\t<p class=\"name product-title woocommerce-loop-product__title\"><a href=\"https:\/\/schaumweinkontor.com\/en\/produkt\/barone-pizzini-franciacorta-docg-rose-extra-brut-edizione-2018-075-l\/\" class=\"woocommerce-LoopProduct-link woocommerce-loop-product__link\">Barone Pizzini Franciacorta DOCG Ros\u00e9 Extra Brut 2019 0,75 L BIO<\/a><\/p><\/div><div class=\"price-wrapper\">\n\t<span class=\"price\"><span class=\"woocommerce-Price-amount amount\" role=\"none\"><bdi><span class=\"woocommerce-Price-currencySymbol\">&euro;<\/span>&nbsp;36,90<\/bdi><\/span> <small class=\"woocommerce-price-suffix\">inkl. MwSt.<\/small><\/span>\n<\/div><div class=\"add-to-cart-button\"><a href=\"https:\/\/schaumweinkontor.com\/en\/produkt\/barone-pizzini-franciacorta-docg-rose-extra-brut-edizione-2018-075-l\/\" aria-describedby=\"woocommerce_loop_add_to_cart_link_describedby_4709\" data-quantity=\"1\" class=\"primary is-small mb-0 button product_type_simple is-outline\" data-product_id=\"4709\" data-product_sku=\"100300316\" aria-label=\"Read more about &ldquo;Barone Pizzini Franciacorta DOCG Ros\u00e9 Extra Brut 2019 0,75 L BIO&rdquo;\" rel=\"nofollow\" data-success_message=\"\">Read more<\/a><\/div>\t<span id=\"woocommerce_loop_add_to_cart_link_describedby_4709\" class=\"screen-reader-text\">\n\t\t\t<\/span>\n\t\t\t\t\t\t\t<\/div>\n\t\t\t\t\t\t<\/div>\n\t\t\t\t\t\t<\/div>\n\t\t\t\t\t<\/div><div class=\"col\" data-animate=\"fadeInUp\">\n\t\t\t\t\t\t<div class=\"col-inner\">\n\t\t\t\t\t\t\n<div class=\"badge-container badge-custom absolute right top z-1\">\n\n<\/div>\n\t\t\t\t\t\t<div class=\"product-small box margin-auto has-hover box-vertical box-text-bottom\">\n\t\t\t\t\t\t\t<div class=\"box-image\" >\n\t\t\t\t\t\t\t\t<div class=\"image-cover\" style=\"padding-top:100%;\">\n\t\t\t\t\t\t\t\t\t<a href=\"https:\/\/schaumweinkontor.com\/en\/produkt\/barone-pizzini-franciacorta-docg-saten-brut-edizione-2018-075-l-copy\/\" aria-label=\"Barone Pizzini Franciacorta DOCG Sat\u00e8n Brut 2019 0,75 L\">\n\t\t\t\t\t\t\t\t\t\t<img loading=\"lazy\" decoding=\"async\" width=\"300\" height=\"300\" src=\"https:\/\/schaumweinkontor.com\/wp-content\/uploads\/2023\/03\/Barone-pizzini-Saten-Edizione-075-1000x1000px-300x300.png\" class=\"attachment-medium size-medium\" alt=\"Barone Pizzini Franciacorta DOCG Sat\u00e8n Brut Edizione 2018 0,75 L\" srcset=\"https:\/\/schaumweinkontor.com\/wp-content\/uploads\/2023\/03\/Barone-pizzini-Saten-Edizione-075-1000x1000px-300x300.png 300w, https:\/\/schaumweinkontor.com\/wp-content\/uploads\/2023\/03\/Barone-pizzini-Saten-Edizione-075-1000x1000px-100x100.png 100w, https:\/\/schaumweinkontor.com\/wp-content\/uploads\/2023\/03\/Barone-pizzini-Saten-Edizione-075-1000x1000px-510x510.png 510w, https:\/\/schaumweinkontor.com\/wp-content\/uploads\/2023\/03\/Barone-pizzini-Saten-Edizione-075-1000x1000px-150x150.png 150w, https:\/\/schaumweinkontor.com\/wp-content\/uploads\/2023\/03\/Barone-pizzini-Saten-Edizione-075-1000x1000px-768x768.png 768w, https:\/\/schaumweinkontor.com\/wp-content\/uploads\/2023\/03\/Barone-pizzini-Saten-Edizione-075-1000x1000px.png 1001w\" sizes=\"auto, (max-width: 300px) 100vw, 300px\" \/>\t\t\t\t\t\t\t\t\t<\/a>\n\t\t\t\t\t\t\t\t\t\t\t\t\t\t\t\t\t\t \t\t\t\t\t\t\t\t<\/div>\n\t\t\t\t\t\t\t\t<div class=\"image-tools top right show-on-hover\">\n\t\t\t\t\t\t\t\t\t\t\t\t\t\t\t\t\t<\/div>\n\t\t\t\t\t\t\t\t\t\t\t\t\t\t\t\t\t<div class=\"image-tools grid-tools text-center hide-for-small bottom hover-slide-in show-on-hover\">\n\t\t\t\t\t\t\t\t\t\t\t\t\t\t\t\t\t\t\t<\/div>\n\t\t\t\t\t\t\t\t\t\t\t\t\t\t\t\t\t\t\t\t\t\t\t<\/div>\n\n\t\t\t\t\t\t\t<div class=\"box-text text-center\" >\n\t\t\t\t\t\t\t\t<div class=\"title-wrapper\">\t\t<p class=\"category uppercase is-smaller no-text-overflow product-cat op-7\">\n\t\t\tBarone Pizzini\t\t<\/p>\n\t<p class=\"name product-title woocommerce-loop-product__title\"><a href=\"https:\/\/schaumweinkontor.com\/en\/produkt\/barone-pizzini-franciacorta-docg-saten-brut-edizione-2018-075-l-copy\/\" class=\"woocommerce-LoopProduct-link woocommerce-loop-product__link\">Barone Pizzini Franciacorta DOCG Sat\u00e8n Brut 2019 0,75 L<\/a><\/p><\/div><div class=\"price-wrapper\">\n\t<span class=\"price\"><span class=\"woocommerce-Price-amount amount\" role=\"none\"><bdi><span class=\"woocommerce-Price-currencySymbol\">&euro;<\/span>&nbsp;36,90<\/bdi><\/span> <small class=\"woocommerce-price-suffix\">inkl. MwSt.<\/small><\/span>\n<\/div><div class=\"add-to-cart-button\"><a href=\"\/en\/wp-json\/wp\/v2\/pages\/4628?add-to-cart=5234\" aria-describedby=\"woocommerce_loop_add_to_cart_link_describedby_5234\" data-quantity=\"1\" class=\"primary is-small mb-0 button product_type_simple add_to_cart_button ajax_add_to_cart is-outline\" data-product_id=\"5234\" data-product_sku=\"100300322\" aria-label=\"Add to cart: &ldquo;Barone Pizzini Franciacorta DOCG Sat\u00e8n Brut 2019 0,75 L&rdquo;\" rel=\"nofollow\" data-success_message=\"&ldquo;Barone Pizzini Franciacorta DOCG Sat\u00e8n Brut 2019 0,75 L&rdquo; has been added to your cart\" role=\"button\">Add to cart<\/a><\/div>\t<span id=\"woocommerce_loop_add_to_cart_link_describedby_5234\" class=\"screen-reader-text\">\n\t\t\t<\/span>\n\t\t\t\t\t\t\t<\/div>\n\t\t\t\t\t\t<\/div>\n\t\t\t\t\t\t<\/div>\n\t\t\t\t\t<\/div><div class=\"col\" data-animate=\"fadeInUp\">\n\t\t\t\t\t\t<div class=\"col-inner\">\n\t\t\t\t\t\t\n<div class=\"badge-container badge-custom absolute right top z-1\">\n\n<\/div>\n\t\t\t\t\t\t<div class=\"product-small box margin-auto has-hover box-vertical box-text-bottom\">\n\t\t\t\t\t\t\t<div class=\"box-image\" >\n\t\t\t\t\t\t\t\t<div class=\"image-cover\" style=\"padding-top:100%;\">\n\t\t\t\t\t\t\t\t\t<a href=\"https:\/\/schaumweinkontor.com\/en\/produkt\/barone-pizzini-franciacorta-docg-animante-l-a-075-l\/\" aria-label=\"Barone Pizzini Franciacorta DOCG Animante L.A. 0,75 L\">\n\t\t\t\t\t\t\t\t\t\t<img loading=\"lazy\" decoding=\"async\" width=\"300\" height=\"300\" src=\"https:\/\/schaumweinkontor.com\/wp-content\/uploads\/2023\/03\/Barone-pizzini-Animante-L.A.-075-1000x1000px-300x300.png\" class=\"attachment-medium size-medium\" alt=\"Barone Pizzini Franciacorta DOCG Animante L.A. 0,75 L\" srcset=\"https:\/\/schaumweinkontor.com\/wp-content\/uploads\/2023\/03\/Barone-pizzini-Animante-L.A.-075-1000x1000px-300x300.png 300w, https:\/\/schaumweinkontor.com\/wp-content\/uploads\/2023\/03\/Barone-pizzini-Animante-L.A.-075-1000x1000px-100x100.png 100w, https:\/\/schaumweinkontor.com\/wp-content\/uploads\/2023\/03\/Barone-pizzini-Animante-L.A.-075-1000x1000px-510x510.png 510w, https:\/\/schaumweinkontor.com\/wp-content\/uploads\/2023\/03\/Barone-pizzini-Animante-L.A.-075-1000x1000px-150x150.png 150w, https:\/\/schaumweinkontor.com\/wp-content\/uploads\/2023\/03\/Barone-pizzini-Animante-L.A.-075-1000x1000px-768x768.png 768w, https:\/\/schaumweinkontor.com\/wp-content\/uploads\/2023\/03\/Barone-pizzini-Animante-L.A.-075-1000x1000px.png 1001w\" sizes=\"auto, (max-width: 300px) 100vw, 300px\" \/>\t\t\t\t\t\t\t\t\t<\/a>\n\t\t\t\t\t\t\t\t\t\t\t\t\t\t\t\t\t\t \t\t\t\t\t\t\t\t<\/div>\n\t\t\t\t\t\t\t\t<div class=\"image-tools top right show-on-hover\">\n\t\t\t\t\t\t\t\t\t\t\t\t\t\t\t\t\t<\/div>\n\t\t\t\t\t\t\t\t\t\t\t\t\t\t\t\t\t<div class=\"image-tools grid-tools text-center hide-for-small bottom hover-slide-in show-on-hover\">\n\t\t\t\t\t\t\t\t\t\t\t\t\t\t\t\t\t\t\t<\/div>\n\t\t\t\t\t\t\t\t\t\t\t\t\t\t\t\t\t\t\t\t\t\t\t<\/div>\n\n\t\t\t\t\t\t\t<div class=\"box-text text-center\" >\n\t\t\t\t\t\t\t\t<div class=\"title-wrapper\">\t\t<p class=\"category uppercase is-smaller no-text-overflow product-cat op-7\">\n\t\t\tBarone Pizzini\t\t<\/p>\n\t<p class=\"name product-title woocommerce-loop-product__title\"><a href=\"https:\/\/schaumweinkontor.com\/en\/produkt\/barone-pizzini-franciacorta-docg-animante-l-a-075-l\/\" class=\"woocommerce-LoopProduct-link woocommerce-loop-product__link\">Barone Pizzini Franciacorta DOCG Animante L.A. 0,75 L<\/a><\/p><\/div><div class=\"price-wrapper\">\n\t<span class=\"price\"><span class=\"woocommerce-Price-amount amount\" role=\"none\"><bdi><span class=\"woocommerce-Price-currencySymbol\">&euro;<\/span>&nbsp;37,00<\/bdi><\/span> <small class=\"woocommerce-price-suffix\">inkl. MwSt.<\/small><\/span>\n<\/div><div class=\"add-to-cart-button\"><a href=\"\/en\/wp-json\/wp\/v2\/pages\/4628?add-to-cart=4707\" aria-describedby=\"woocommerce_loop_add_to_cart_link_describedby_4707\" data-quantity=\"1\" class=\"primary is-small mb-0 button product_type_simple add_to_cart_button ajax_add_to_cart is-outline\" data-product_id=\"4707\" data-product_sku=\"100300318\" aria-label=\"Add to cart: &ldquo;Barone Pizzini Franciacorta DOCG Animante L.A. 0,75 L&rdquo;\" rel=\"nofollow\" data-success_message=\"&ldquo;Barone Pizzini Franciacorta DOCG Animante L.A. 0,75 L&rdquo; has been added to your cart\" role=\"button\">Add to cart<\/a><\/div>\t<span id=\"woocommerce_loop_add_to_cart_link_describedby_4707\" class=\"screen-reader-text\">\n\t\t\t<\/span>\n\t\t\t\t\t\t\t<\/div>\n\t\t\t\t\t\t<\/div>\n\t\t\t\t\t\t<\/div>\n\t\t\t\t\t<\/div><div class=\"col\" data-animate=\"fadeInUp\">\n\t\t\t\t\t\t<div class=\"col-inner\">\n\t\t\t\t\t\t\n<div class=\"badge-container badge-custom absolute right top z-1\">\n\n<\/div>\n\t\t\t\t\t\t<div class=\"product-small box margin-auto has-hover box-vertical box-text-bottom\">\n\t\t\t\t\t\t\t<div class=\"box-image\" >\n\t\t\t\t\t\t\t\t<div class=\"image-cover\" style=\"padding-top:100%;\">\n\t\t\t\t\t\t\t\t\t<a href=\"https:\/\/schaumweinkontor.com\/en\/produkt\/barone-pizzini-franciacorta-docg-saten-brut-edizione-2018\/\" aria-label=\"Barone Pizzini Franciacorta DOCG Sat\u00e8n Brut Edizione 2018 0,75 L\">\n\t\t\t\t\t\t\t\t\t\t<img loading=\"lazy\" decoding=\"async\" width=\"300\" height=\"300\" src=\"https:\/\/schaumweinkontor.com\/wp-content\/uploads\/2023\/03\/Barone-pizzini-Saten-Edizione-075-1000x1000px-300x300.png\" class=\"attachment-medium size-medium\" alt=\"Barone Pizzini Franciacorta DOCG Sat\u00e8n Brut Edizione 2018 0,75 L\" srcset=\"https:\/\/schaumweinkontor.com\/wp-content\/uploads\/2023\/03\/Barone-pizzini-Saten-Edizione-075-1000x1000px-300x300.png 300w, https:\/\/schaumweinkontor.com\/wp-content\/uploads\/2023\/03\/Barone-pizzini-Saten-Edizione-075-1000x1000px-100x100.png 100w, https:\/\/schaumweinkontor.com\/wp-content\/uploads\/2023\/03\/Barone-pizzini-Saten-Edizione-075-1000x1000px-510x510.png 510w, https:\/\/schaumweinkontor.com\/wp-content\/uploads\/2023\/03\/Barone-pizzini-Saten-Edizione-075-1000x1000px-150x150.png 150w, https:\/\/schaumweinkontor.com\/wp-content\/uploads\/2023\/03\/Barone-pizzini-Saten-Edizione-075-1000x1000px-768x768.png 768w, https:\/\/schaumweinkontor.com\/wp-content\/uploads\/2023\/03\/Barone-pizzini-Saten-Edizione-075-1000x1000px.png 1001w\" sizes=\"auto, (max-width: 300px) 100vw, 300px\" \/>\t\t\t\t\t\t\t\t\t<\/a>\n\t\t\t\t\t\t\t\t\t\t\t\t\t\t\t\t\t\t \t\t\t\t\t\t\t\t<\/div>\n\t\t\t\t\t\t\t\t<div class=\"image-tools top right show-on-hover\">\n\t\t\t\t\t\t\t\t\t\t\t\t\t\t\t\t\t<\/div>\n\t\t\t\t\t\t\t\t\t\t\t\t\t\t\t\t\t<div class=\"image-tools grid-tools text-center hide-for-small bottom hover-slide-in show-on-hover\">\n\t\t\t\t\t\t\t\t\t\t\t\t\t\t\t\t\t\t\t<\/div>\n\t\t\t\t\t\t\t\t\t\t\t\t\t\t\t\t\t\t\t\t\t\t\t<\/div>\n\n\t\t\t\t\t\t\t<div class=\"box-text text-center\" >\n\t\t\t\t\t\t\t\t<div class=\"title-wrapper\">\t\t<p class=\"category uppercase is-smaller no-text-overflow product-cat op-7\">\n\t\t\tBarone Pizzini\t\t<\/p>\n\t<p class=\"name product-title woocommerce-loop-product__title\"><a href=\"https:\/\/schaumweinkontor.com\/en\/produkt\/barone-pizzini-franciacorta-docg-saten-brut-edizione-2018\/\" class=\"woocommerce-LoopProduct-link woocommerce-loop-product__link\">Barone Pizzini Franciacorta DOCG Sat\u00e8n Brut Edizione 2018 0,75 L<\/a><\/p><\/div><div class=\"price-wrapper\">\n\t<span class=\"price\"><span class=\"woocommerce-Price-amount amount\" role=\"none\"><bdi><span class=\"woocommerce-Price-currencySymbol\">&euro;<\/span>&nbsp;37,00<\/bdi><\/span> <small class=\"woocommerce-price-suffix\">inkl. MwSt.<\/small><\/span>\n<\/div><div class=\"add-to-cart-button\"><a href=\"\/en\/wp-json\/wp\/v2\/pages\/4628?add-to-cart=4708\" aria-describedby=\"woocommerce_loop_add_to_cart_link_describedby_4708\" data-quantity=\"1\" class=\"primary is-small mb-0 button product_type_simple add_to_cart_button ajax_add_to_cart is-outline\" data-product_id=\"4708\" data-product_sku=\"100300317\" aria-label=\"Add to cart: &ldquo;Barone Pizzini Franciacorta DOCG Sat\u00e8n Brut Edizione 2018 0,75 L&rdquo;\" rel=\"nofollow\" data-success_message=\"&ldquo;Barone Pizzini Franciacorta DOCG Sat\u00e8n Brut Edizione 2018 0,75 L&rdquo; has been added to your cart\" role=\"button\">Add to cart<\/a><\/div>\t<span id=\"woocommerce_loop_add_to_cart_link_describedby_4708\" class=\"screen-reader-text\">\n\t\t\t<\/span>\n\t\t\t\t\t\t\t<\/div>\n\t\t\t\t\t\t<\/div>\n\t\t\t\t\t\t<\/div>\n\t\t\t\t\t<\/div><div class=\"col\" data-animate=\"fadeInUp\">\n\t\t\t\t\t\t<div class=\"col-inner\">\n\t\t\t\t\t\t\n<div class=\"badge-container badge-custom absolute right top z-1\">\n\n<\/div>\n\t\t\t\t\t\t<div class=\"product-small box margin-auto has-hover box-vertical box-text-bottom\">\n\t\t\t\t\t\t\t<div class=\"box-image\" >\n\t\t\t\t\t\t\t\t<div class=\"image-cover\" style=\"padding-top:100%;\">\n\t\t\t\t\t\t\t\t\t<a href=\"https:\/\/schaumweinkontor.com\/en\/produkt\/barone-pizzini-franciacorta-docg-naturae-dz-2019-075-l-bio\/\" aria-label=\"Barone Pizzini Franciacorta DOCG Naturae DZ 2019 0,75 L BIO\">\n\t\t\t\t\t\t\t\t\t\t<img loading=\"lazy\" decoding=\"async\" width=\"300\" height=\"300\" src=\"https:\/\/schaumweinkontor.com\/wp-content\/uploads\/2024\/04\/Barone-Pizzini-Naturae-300x300.png\" class=\"attachment-medium size-medium\" alt=\"Barone Pizzini Franciacorta DOCG Naturae DZ 2019 0,75 L BIO\" srcset=\"https:\/\/schaumweinkontor.com\/wp-content\/uploads\/2024\/04\/Barone-Pizzini-Naturae-300x300.png 300w, https:\/\/schaumweinkontor.com\/wp-content\/uploads\/2024\/04\/Barone-Pizzini-Naturae-100x100.png 100w, https:\/\/schaumweinkontor.com\/wp-content\/uploads\/2024\/04\/Barone-Pizzini-Naturae-510x510.png 510w, https:\/\/schaumweinkontor.com\/wp-content\/uploads\/2024\/04\/Barone-Pizzini-Naturae-150x150.png 150w, https:\/\/schaumweinkontor.com\/wp-content\/uploads\/2024\/04\/Barone-Pizzini-Naturae-768x768.png 768w, https:\/\/schaumweinkontor.com\/wp-content\/uploads\/2024\/04\/Barone-Pizzini-Naturae.png 1000w\" sizes=\"auto, (max-width: 300px) 100vw, 300px\" \/>\t\t\t\t\t\t\t\t\t<\/a>\n\t\t\t\t\t\t\t\t\t\t\t\t\t\t\t\t\t\t \t\t\t\t\t\t\t\t<\/div>\n\t\t\t\t\t\t\t\t<div class=\"image-tools top right show-on-hover\">\n\t\t\t\t\t\t\t\t\t\t\t\t\t\t\t\t\t<\/div>\n\t\t\t\t\t\t\t\t\t\t\t\t\t\t\t\t\t<div class=\"image-tools grid-tools text-center hide-for-small bottom hover-slide-in show-on-hover\">\n\t\t\t\t\t\t\t\t\t\t\t\t\t\t\t\t\t\t\t<\/div>\n\t\t\t\t\t\t\t\t\t\t\t\t\t\t\t\t\t\t\t\t\t\t\t<\/div>\n\n\t\t\t\t\t\t\t<div class=\"box-text text-center\" >\n\t\t\t\t\t\t\t\t<div class=\"title-wrapper\">\t\t<p class=\"category uppercase is-smaller no-text-overflow product-cat op-7\">\n\t\t\tBarone Pizzini\t\t<\/p>\n\t<p class=\"name product-title woocommerce-loop-product__title\"><a href=\"https:\/\/schaumweinkontor.com\/en\/produkt\/barone-pizzini-franciacorta-docg-naturae-dz-2019-075-l-bio\/\" class=\"woocommerce-LoopProduct-link woocommerce-loop-product__link\">Barone Pizzini Franciacorta DOCG Naturae DZ 2019 0,75 L BIO<\/a><\/p><\/div><div class=\"price-wrapper\">\n\t<span class=\"price\"><span class=\"woocommerce-Price-amount amount\" role=\"none\"><bdi><span class=\"woocommerce-Price-currencySymbol\">&euro;<\/span>&nbsp;37,00<\/bdi><\/span> <small class=\"woocommerce-price-suffix\">inkl. MwSt.<\/small><\/span>\n<\/div><div class=\"add-to-cart-button\"><a href=\"\/en\/wp-json\/wp\/v2\/pages\/4628?add-to-cart=5246\" aria-describedby=\"woocommerce_loop_add_to_cart_link_describedby_5246\" data-quantity=\"1\" class=\"primary is-small mb-0 button product_type_simple add_to_cart_button ajax_add_to_cart is-outline\" data-product_id=\"5246\" data-product_sku=\"100300327\" aria-label=\"Add to cart: &ldquo;Barone Pizzini Franciacorta DOCG Naturae DZ 2019 0,75 L BIO&rdquo;\" rel=\"nofollow\" data-success_message=\"&ldquo;Barone Pizzini Franciacorta DOCG Naturae DZ 2019 0,75 L BIO&rdquo; has been added to your cart\" role=\"button\">Add to cart<\/a><\/div>\t<span id=\"woocommerce_loop_add_to_cart_link_describedby_5246\" class=\"screen-reader-text\">\n\t\t\t<\/span>\n\t\t\t\t\t\t\t<\/div>\n\t\t\t\t\t\t<\/div>\n\t\t\t\t\t\t<\/div>\n\t\t\t\t\t<\/div><div class=\"col\" data-animate=\"fadeInUp\">\n\t\t\t\t\t\t<div class=\"col-inner\">\n\t\t\t\t\t\t\n<div class=\"badge-container badge-custom absolute right top z-1\">\n\n<\/div>\n\t\t\t\t\t\t<div class=\"product-small box margin-auto has-hover box-vertical box-text-bottom\">\n\t\t\t\t\t\t\t<div class=\"box-image\" >\n\t\t\t\t\t\t\t\t<div class=\"image-cover\" style=\"padding-top:100%;\">\n\t\t\t\t\t\t\t\t\t<a href=\"https:\/\/schaumweinkontor.com\/en\/produkt\/barone-pizzini-franciacorta-docg-rose-extra-brut-2019-075-l-bio-kopie\/\" aria-label=\"Barone Pizzini Franciacorta DOCG Ros\u00e9 Extra Brut 2019 0,75 L BIO (Kopie)\">\n\t\t\t\t\t\t\t\t\t\t<img loading=\"lazy\" decoding=\"async\" width=\"300\" height=\"300\" src=\"https:\/\/schaumweinkontor.com\/wp-content\/uploads\/2023\/03\/Barone-pizzini-Rose-Edizione-075-1000x1000px-300x300.png\" class=\"attachment-medium size-medium\" alt=\"Barone Pizzini Franciacorta DOCG Ros\u00e9 Extra Brut 2019 0,75 L BIO (Kopie)\" srcset=\"https:\/\/schaumweinkontor.com\/wp-content\/uploads\/2023\/03\/Barone-pizzini-Rose-Edizione-075-1000x1000px-300x300.png 300w, https:\/\/schaumweinkontor.com\/wp-content\/uploads\/2023\/03\/Barone-pizzini-Rose-Edizione-075-1000x1000px-100x100.png 100w, https:\/\/schaumweinkontor.com\/wp-content\/uploads\/2023\/03\/Barone-pizzini-Rose-Edizione-075-1000x1000px-510x510.png 510w, https:\/\/schaumweinkontor.com\/wp-content\/uploads\/2023\/03\/Barone-pizzini-Rose-Edizione-075-1000x1000px-150x150.png 150w, https:\/\/schaumweinkontor.com\/wp-content\/uploads\/2023\/03\/Barone-pizzini-Rose-Edizione-075-1000x1000px-768x768.png 768w, https:\/\/schaumweinkontor.com\/wp-content\/uploads\/2023\/03\/Barone-pizzini-Rose-Edizione-075-1000x1000px.png 1001w\" sizes=\"auto, (max-width: 300px) 100vw, 300px\" \/>\t\t\t\t\t\t\t\t\t<\/a>\n\t\t\t\t\t\t\t\t\t\t\t\t\t\t\t\t\t\t \t\t\t\t\t\t\t\t<\/div>\n\t\t\t\t\t\t\t\t<div class=\"image-tools top right show-on-hover\">\n\t\t\t\t\t\t\t\t\t\t\t\t\t\t\t\t\t<\/div>\n\t\t\t\t\t\t\t\t\t\t\t\t\t\t\t\t\t<div class=\"image-tools grid-tools text-center hide-for-small bottom hover-slide-in show-on-hover\">\n\t\t\t\t\t\t\t\t\t\t\t\t\t\t\t\t\t\t\t<\/div>\n\t\t\t\t\t\t\t\t\t\t\t\t\t\t\t\t\t\t\t\t\t\t\t<\/div>\n\n\t\t\t\t\t\t\t<div class=\"box-text text-center\" >\n\t\t\t\t\t\t\t\t<div class=\"title-wrapper\">\t\t<p class=\"category uppercase is-smaller no-text-overflow product-cat op-7\">\n\t\t\tBarone Pizzini\t\t<\/p>\n\t<p class=\"name product-title woocommerce-loop-product__title\"><a href=\"https:\/\/schaumweinkontor.com\/en\/produkt\/barone-pizzini-franciacorta-docg-rose-extra-brut-2019-075-l-bio-kopie\/\" class=\"woocommerce-LoopProduct-link woocommerce-loop-product__link\">Barone Pizzini Franciacorta DOCG Ros\u00e9 Extra Brut 2019 0,75 L BIO (Kopie)<\/a><\/p><\/div><div class=\"price-wrapper\">\n\t<span class=\"price\"><span class=\"woocommerce-Price-amount amount\" role=\"none\"><bdi><span class=\"woocommerce-Price-currencySymbol\">&euro;<\/span>&nbsp;37,00<\/bdi><\/span> <small class=\"woocommerce-price-suffix\">inkl. MwSt.<\/small><\/span>\n<\/div><div class=\"add-to-cart-button\"><a href=\"\/en\/wp-json\/wp\/v2\/pages\/4628?add-to-cart=8377\" aria-describedby=\"woocommerce_loop_add_to_cart_link_describedby_8377\" data-quantity=\"1\" class=\"primary is-small mb-0 button product_type_simple add_to_cart_button ajax_add_to_cart is-outline\" data-product_id=\"8377\" data-product_sku=\"100300321\" aria-label=\"Add to cart: &ldquo;Barone Pizzini Franciacorta DOCG Ros\u00e9 Extra Brut 2019 0,75 L BIO (Kopie)&rdquo;\" rel=\"nofollow\" data-success_message=\"&ldquo;Barone Pizzini Franciacorta DOCG Ros\u00e9 Extra Brut 2019 0,75 L BIO (Kopie)&rdquo; has been added to your cart\" role=\"button\">Add to cart<\/a><\/div>\t<span id=\"woocommerce_loop_add_to_cart_link_describedby_8377\" class=\"screen-reader-text\">\n\t\t\t<\/span>\n\t\t\t\t\t\t\t<\/div>\n\t\t\t\t\t\t<\/div>\n\t\t\t\t\t\t<\/div>\n\t\t\t\t\t<\/div><div class=\"col\" data-animate=\"fadeInUp\">\n\t\t\t\t\t\t<div class=\"col-inner\">\n\t\t\t\t\t\t\n<div class=\"badge-container badge-custom absolute right top z-1\">\n\n<\/div>\n\t\t\t\t\t\t<div class=\"product-small box margin-auto has-hover box-vertical box-text-bottom\">\n\t\t\t\t\t\t\t<div class=\"box-image\" >\n\t\t\t\t\t\t\t\t<div class=\"image-cover\" style=\"padding-top:100%;\">\n\t\t\t\t\t\t\t\t\t<a href=\"https:\/\/schaumweinkontor.com\/en\/produkt\/barone-pizzini-franciacorta-docg-saten-brut-edizione-2018-075-l-copy-2\/\" aria-label=\"Barone Pizzini Franciacorta DOCG Sat\u00e8n Brut Edizione 2018 0,75 L (Copy)\">\n\t\t\t\t\t\t\t\t\t\t<img loading=\"lazy\" decoding=\"async\" width=\"300\" height=\"300\" src=\"https:\/\/schaumweinkontor.com\/wp-content\/uploads\/2023\/03\/Barone-pizzini-Saten-Edizione-075-1000x1000px-300x300.png\" class=\"attachment-medium size-medium\" alt=\"Barone Pizzini Franciacorta DOCG Sat\u00e8n Brut Edizione 2018 0,75 L\" srcset=\"https:\/\/schaumweinkontor.com\/wp-content\/uploads\/2023\/03\/Barone-pizzini-Saten-Edizione-075-1000x1000px-300x300.png 300w, https:\/\/schaumweinkontor.com\/wp-content\/uploads\/2023\/03\/Barone-pizzini-Saten-Edizione-075-1000x1000px-100x100.png 100w, https:\/\/schaumweinkontor.com\/wp-content\/uploads\/2023\/03\/Barone-pizzini-Saten-Edizione-075-1000x1000px-510x510.png 510w, https:\/\/schaumweinkontor.com\/wp-content\/uploads\/2023\/03\/Barone-pizzini-Saten-Edizione-075-1000x1000px-150x150.png 150w, https:\/\/schaumweinkontor.com\/wp-content\/uploads\/2023\/03\/Barone-pizzini-Saten-Edizione-075-1000x1000px-768x768.png 768w, https:\/\/schaumweinkontor.com\/wp-content\/uploads\/2023\/03\/Barone-pizzini-Saten-Edizione-075-1000x1000px.png 1001w\" sizes=\"auto, (max-width: 300px) 100vw, 300px\" \/>\t\t\t\t\t\t\t\t\t<\/a>\n\t\t\t\t\t\t\t\t\t\t\t\t\t\t\t\t\t\t \t\t\t\t\t\t\t\t<\/div>\n\t\t\t\t\t\t\t\t<div class=\"image-tools top right show-on-hover\">\n\t\t\t\t\t\t\t\t\t\t\t\t\t\t\t\t\t<\/div>\n\t\t\t\t\t\t\t\t\t\t\t\t\t\t\t\t\t<div class=\"image-tools grid-tools text-center hide-for-small bottom hover-slide-in show-on-hover\">\n\t\t\t\t\t\t\t\t\t\t\t\t\t\t\t\t\t\t\t<\/div>\n\t\t\t\t\t\t\t\t\t\t\t\t\t\t\t\t\t\t\t\t\t\t\t<\/div>\n\n\t\t\t\t\t\t\t<div class=\"box-text text-center\" >\n\t\t\t\t\t\t\t\t<div class=\"title-wrapper\">\t\t<p class=\"category uppercase is-smaller no-text-overflow product-cat op-7\">\n\t\t\tBarone Pizzini\t\t<\/p>\n\t<p class=\"name product-title woocommerce-loop-product__title\"><a href=\"https:\/\/schaumweinkontor.com\/en\/produkt\/barone-pizzini-franciacorta-docg-saten-brut-edizione-2018-075-l-copy-2\/\" class=\"woocommerce-LoopProduct-link woocommerce-loop-product__link\">Barone Pizzini Franciacorta DOCG Sat\u00e8n Brut Edizione 2018 0,75 L (Copy)<\/a><\/p><\/div><div class=\"price-wrapper\">\n\t<span class=\"price\"><span class=\"woocommerce-Price-amount amount\" role=\"none\"><bdi><span class=\"woocommerce-Price-currencySymbol\">&euro;<\/span>&nbsp;39,90<\/bdi><\/span> <small class=\"woocommerce-price-suffix\">inkl. MwSt.<\/small><\/span>\n<\/div><div class=\"add-to-cart-button\"><a href=\"\/en\/wp-json\/wp\/v2\/pages\/4628?add-to-cart=6135\" aria-describedby=\"woocommerce_loop_add_to_cart_link_describedby_6135\" data-quantity=\"1\" class=\"primary is-small mb-0 button product_type_simple add_to_cart_button ajax_add_to_cart is-outline\" data-product_id=\"6135\" data-product_sku=\"68102\/68107-1\" aria-label=\"Add to cart: &ldquo;Barone Pizzini Franciacorta DOCG Sat\u00e8n Brut Edizione 2018 0,75 L (Copy)&rdquo;\" rel=\"nofollow\" data-success_message=\"&ldquo;Barone Pizzini Franciacorta DOCG Sat\u00e8n Brut Edizione 2018 0,75 L (Copy)&rdquo; has been added to your cart\" role=\"button\">Add to cart<\/a><\/div>\t<span id=\"woocommerce_loop_add_to_cart_link_describedby_6135\" class=\"screen-reader-text\">\n\t\t\t<\/span>\n\t\t\t\t\t\t\t<\/div>\n\t\t\t\t\t\t<\/div>\n\t\t\t\t\t\t<\/div>\n\t\t\t\t\t<\/div><div class=\"col\" data-animate=\"fadeInUp\">\n\t\t\t\t\t\t<div class=\"col-inner\">\n\t\t\t\t\t\t\n<div class=\"badge-container badge-custom absolute right top z-1\">\n\n<\/div>\n\t\t\t\t\t\t<div class=\"product-small box margin-auto has-hover box-vertical box-text-bottom\">\n\t\t\t\t\t\t\t<div class=\"box-image\" >\n\t\t\t\t\t\t\t\t<div class=\"image-cover\" style=\"padding-top:100%;\">\n\t\t\t\t\t\t\t\t\t<a href=\"https:\/\/schaumweinkontor.com\/en\/produkt\/barone-pizzini-franciacorta-docg-bagnadore-riserva-2015-075-l\/\" aria-label=\"Barone Pizzini Franciacorta DOCG Bagnadore Riserva 2015 0,75 L organic\">\n\t\t\t\t\t\t\t\t\t\t<img loading=\"lazy\" decoding=\"async\" width=\"300\" height=\"300\" src=\"https:\/\/schaumweinkontor.com\/wp-content\/uploads\/2023\/03\/Barone-pizzini-Bagnadore-Riserva-2011-075-1000x1000px-300x300.png\" class=\"attachment-medium size-medium\" alt=\"Barone Pizzini Franciacorta DOCG Bagnadore Riserva 2015 0,75 L organic\" srcset=\"https:\/\/schaumweinkontor.com\/wp-content\/uploads\/2023\/03\/Barone-pizzini-Bagnadore-Riserva-2011-075-1000x1000px-300x300.png 300w, https:\/\/schaumweinkontor.com\/wp-content\/uploads\/2023\/03\/Barone-pizzini-Bagnadore-Riserva-2011-075-1000x1000px-100x100.png 100w, https:\/\/schaumweinkontor.com\/wp-content\/uploads\/2023\/03\/Barone-pizzini-Bagnadore-Riserva-2011-075-1000x1000px-510x510.png 510w, https:\/\/schaumweinkontor.com\/wp-content\/uploads\/2023\/03\/Barone-pizzini-Bagnadore-Riserva-2011-075-1000x1000px-150x150.png 150w, https:\/\/schaumweinkontor.com\/wp-content\/uploads\/2023\/03\/Barone-pizzini-Bagnadore-Riserva-2011-075-1000x1000px-768x768.png 768w, https:\/\/schaumweinkontor.com\/wp-content\/uploads\/2023\/03\/Barone-pizzini-Bagnadore-Riserva-2011-075-1000x1000px.png 1001w\" sizes=\"auto, (max-width: 300px) 100vw, 300px\" \/>\t\t\t\t\t\t\t\t\t<\/a>\n\t\t\t\t\t\t\t\t\t\t\t\t\t\t\t\t\t\t \t\t\t\t\t\t\t\t<\/div>\n\t\t\t\t\t\t\t\t<div class=\"image-tools top right show-on-hover\">\n\t\t\t\t\t\t\t\t\t\t\t\t\t\t\t\t\t<\/div>\n\t\t\t\t\t\t\t\t\t\t\t\t\t\t\t\t\t<div class=\"image-tools grid-tools text-center hide-for-small bottom hover-slide-in show-on-hover\">\n\t\t\t\t\t\t\t\t\t\t\t\t\t\t\t\t\t\t\t<\/div>\n\t\t\t\t\t\t\t\t\t\t\t\t\t\t\t\t\t\t\t\t\t\t\t<\/div>\n\n\t\t\t\t\t\t\t<div class=\"box-text text-center\" >\n\t\t\t\t\t\t\t\t<div class=\"title-wrapper\">\t\t<p class=\"category uppercase is-smaller no-text-overflow product-cat op-7\">\n\t\t\tBarone Pizzini\t\t<\/p>\n\t<p class=\"name product-title woocommerce-loop-product__title\"><a href=\"https:\/\/schaumweinkontor.com\/en\/produkt\/barone-pizzini-franciacorta-docg-bagnadore-riserva-2015-075-l\/\" class=\"woocommerce-LoopProduct-link woocommerce-loop-product__link\">Barone Pizzini Franciacorta DOCG Bagnadore Riserva 2015 0,75 L organic<\/a><\/p><\/div><div class=\"price-wrapper\">\n\t<span class=\"price\"><span class=\"woocommerce-Price-amount amount\" role=\"none\"><bdi><span class=\"woocommerce-Price-currencySymbol\">&euro;<\/span>&nbsp;56,00<\/bdi><\/span> <small class=\"woocommerce-price-suffix\">inkl. MwSt.<\/small><\/span>\n<\/div><div class=\"add-to-cart-button\"><a href=\"\/en\/wp-json\/wp\/v2\/pages\/4628?add-to-cart=4706\" aria-describedby=\"woocommerce_loop_add_to_cart_link_describedby_4706\" data-quantity=\"1\" class=\"primary is-small mb-0 button product_type_simple add_to_cart_button ajax_add_to_cart is-outline\" data-product_id=\"4706\" data-product_sku=\"100300319\" aria-label=\"Add to cart: &ldquo;Barone Pizzini Franciacorta DOCG Bagnadore Riserva 2015 0,75 L organic&rdquo;\" rel=\"nofollow\" data-success_message=\"&ldquo;Barone Pizzini Franciacorta DOCG Bagnadore Riserva 2015 0,75 L organic&rdquo; has been added to your cart\" role=\"button\">Add to cart<\/a><\/div>\t<span id=\"woocommerce_loop_add_to_cart_link_describedby_4706\" class=\"screen-reader-text\">\n\t\t\t<\/span>\n\t\t\t\t\t\t\t<\/div>\n\t\t\t\t\t\t<\/div>\n\t\t\t\t\t\t<\/div>\n\t\t\t\t\t<\/div><div class=\"col\" data-animate=\"fadeInUp\">\n\t\t\t\t\t\t<div class=\"col-inner\">\n\t\t\t\t\t\t\n<div class=\"badge-container badge-custom absolute right top z-1\">\n\n<\/div>\n\t\t\t\t\t\t<div class=\"product-small box margin-auto has-hover box-vertical box-text-bottom\">\n\t\t\t\t\t\t\t<div class=\"box-image\" >\n\t\t\t\t\t\t\t\t<div class=\"image-cover\" style=\"padding-top:100%;\">\n\t\t\t\t\t\t\t\t\t<a href=\"https:\/\/schaumweinkontor.com\/en\/produkt\/barone-pizzini-franciacorta-docg-brut-golf-1927-15-l\/\" aria-label=\"Barone Pizzini Franciacorta DOCG Brut Golf 1927 1,5 L\">\n\t\t\t\t\t\t\t\t\t\t<img loading=\"lazy\" decoding=\"async\" width=\"300\" height=\"300\" src=\"https:\/\/schaumweinkontor.com\/wp-content\/uploads\/2023\/03\/Barone-pizzini-Golf-1927-075-1000x1000px-300x300.png\" class=\"attachment-medium size-medium\" alt=\"Barone Pizzini Franciacorta DOCG Brut Golf 1927 \" srcset=\"https:\/\/schaumweinkontor.com\/wp-content\/uploads\/2023\/03\/Barone-pizzini-Golf-1927-075-1000x1000px-300x300.png 300w, https:\/\/schaumweinkontor.com\/wp-content\/uploads\/2023\/03\/Barone-pizzini-Golf-1927-075-1000x1000px-100x100.png 100w, https:\/\/schaumweinkontor.com\/wp-content\/uploads\/2023\/03\/Barone-pizzini-Golf-1927-075-1000x1000px-510x510.png 510w, https:\/\/schaumweinkontor.com\/wp-content\/uploads\/2023\/03\/Barone-pizzini-Golf-1927-075-1000x1000px-150x150.png 150w, https:\/\/schaumweinkontor.com\/wp-content\/uploads\/2023\/03\/Barone-pizzini-Golf-1927-075-1000x1000px-768x768.png 768w, https:\/\/schaumweinkontor.com\/wp-content\/uploads\/2023\/03\/Barone-pizzini-Golf-1927-075-1000x1000px.png 1001w\" sizes=\"auto, (max-width: 300px) 100vw, 300px\" \/>\t\t\t\t\t\t\t\t\t<\/a>\n\t\t\t\t\t\t\t\t\t\t\t\t\t\t\t\t\t\t \t\t\t\t\t\t\t\t<\/div>\n\t\t\t\t\t\t\t\t<div class=\"image-tools top right show-on-hover\">\n\t\t\t\t\t\t\t\t\t\t\t\t\t\t\t\t\t<\/div>\n\t\t\t\t\t\t\t\t\t\t\t\t\t\t\t\t\t<div class=\"image-tools grid-tools text-center hide-for-small bottom hover-slide-in show-on-hover\">\n\t\t\t\t\t\t\t\t\t\t\t\t\t\t\t\t\t\t\t<\/div>\n\t\t\t\t\t\t\t\t\t\t\t\t\t\t\t\t\t\t\t\t\t\t\t<\/div>\n\n\t\t\t\t\t\t\t<div class=\"box-text text-center\" >\n\t\t\t\t\t\t\t\t<div class=\"title-wrapper\">\t\t<p class=\"category uppercase is-smaller no-text-overflow product-cat op-7\">\n\t\t\tBarone Pizzini\t\t<\/p>\n\t<p class=\"name product-title woocommerce-loop-product__title\"><a href=\"https:\/\/schaumweinkontor.com\/en\/produkt\/barone-pizzini-franciacorta-docg-brut-golf-1927-15-l\/\" class=\"woocommerce-LoopProduct-link woocommerce-loop-product__link\">Barone Pizzini Franciacorta DOCG Brut Golf 1927 1,5 L<\/a><\/p><\/div><div class=\"price-wrapper\">\n\t<span class=\"price\"><span class=\"woocommerce-Price-amount amount\" role=\"none\"><bdi><span class=\"woocommerce-Price-currencySymbol\">&euro;<\/span>&nbsp;68,00<\/bdi><\/span> <small class=\"woocommerce-price-suffix\">inkl. MwSt.<\/small><\/span>\n<\/div><div class=\"add-to-cart-button\"><a href=\"\/en\/wp-json\/wp\/v2\/pages\/4628?add-to-cart=4655\" aria-describedby=\"woocommerce_loop_add_to_cart_link_describedby_4655\" data-quantity=\"1\" class=\"primary is-small mb-0 button product_type_simple add_to_cart_button ajax_add_to_cart is-outline\" data-product_id=\"4655\" data-product_sku=\"100300323\" aria-label=\"Add to cart: &ldquo;Barone Pizzini Franciacorta DOCG Brut Golf 1927 1,5 L&rdquo;\" rel=\"nofollow\" data-success_message=\"&ldquo;Barone Pizzini Franciacorta DOCG Brut Golf 1927 1,5 L&rdquo; has been added to your cart\" role=\"button\">Add to cart<\/a><\/div>\t<span id=\"woocommerce_loop_add_to_cart_link_describedby_4655\" class=\"screen-reader-text\">\n\t\t\t<\/span>\n\t\t\t\t\t\t\t<\/div>\n\t\t\t\t\t\t<\/div>\n\t\t\t\t\t\t<\/div>\n\t\t\t\t\t<\/div><div class=\"col\" data-animate=\"fadeInUp\">\n\t\t\t\t\t\t<div class=\"col-inner\">\n\t\t\t\t\t\t\n<div class=\"badge-container badge-custom absolute right top z-1\">\n\n<\/div>\n\t\t\t\t\t\t<div class=\"product-small box margin-auto has-hover box-vertical box-text-bottom\">\n\t\t\t\t\t\t\t<div class=\"box-image\" >\n\t\t\t\t\t\t\t\t<div class=\"image-cover\" style=\"padding-top:100%;\">\n\t\t\t\t\t\t\t\t\t<a href=\"https:\/\/schaumweinkontor.com\/en\/produkt\/barone-pizzini-franciacorta-docg-animate-dossagio-zero-15-l-bio\/\" aria-label=\"Barone Pizzini Franciacorta DOCG Animate Dossagio Zero 1,5 L BIO\">\n\t\t\t\t\t\t\t\t\t\t<img loading=\"lazy\" decoding=\"async\" width=\"300\" height=\"300\" src=\"https:\/\/schaumweinkontor.com\/wp-content\/uploads\/2024\/04\/Barone-Pizzini-Animate-300x300.png\" class=\"attachment-medium size-medium\" alt=\"Barone Pizzini Franciacorta DOCG Animate Dossagio Zero 1,5 L BIO\" srcset=\"https:\/\/schaumweinkontor.com\/wp-content\/uploads\/2024\/04\/Barone-Pizzini-Animate-300x300.png 300w, https:\/\/schaumweinkontor.com\/wp-content\/uploads\/2024\/04\/Barone-Pizzini-Animate-100x100.png 100w, https:\/\/schaumweinkontor.com\/wp-content\/uploads\/2024\/04\/Barone-Pizzini-Animate-510x510.png 510w, https:\/\/schaumweinkontor.com\/wp-content\/uploads\/2024\/04\/Barone-Pizzini-Animate-150x150.png 150w, https:\/\/schaumweinkontor.com\/wp-content\/uploads\/2024\/04\/Barone-Pizzini-Animate-768x768.png 768w, https:\/\/schaumweinkontor.com\/wp-content\/uploads\/2024\/04\/Barone-Pizzini-Animate.png 1000w\" sizes=\"auto, (max-width: 300px) 100vw, 300px\" \/>\t\t\t\t\t\t\t\t\t<\/a>\n\t\t\t\t\t\t\t\t\t\t\t\t\t\t\t\t\t\t \t\t\t\t\t\t\t\t<\/div>\n\t\t\t\t\t\t\t\t<div class=\"image-tools top right show-on-hover\">\n\t\t\t\t\t\t\t\t\t\t\t\t\t\t\t\t\t<\/div>\n\t\t\t\t\t\t\t\t\t\t\t\t\t\t\t\t\t<div class=\"image-tools grid-tools text-center hide-for-small bottom hover-slide-in show-on-hover\">\n\t\t\t\t\t\t\t\t\t\t\t\t\t\t\t\t\t\t\t<\/div>\n\t\t\t\t\t\t\t\t\t\t\t\t\t\t\t\t\t\t\t\t\t\t\t<\/div>\n\n\t\t\t\t\t\t\t<div class=\"box-text text-center\" >\n\t\t\t\t\t\t\t\t<div class=\"title-wrapper\">\t\t<p class=\"category uppercase is-smaller no-text-overflow product-cat op-7\">\n\t\t\tBarone Pizzini\t\t<\/p>\n\t<p class=\"name product-title woocommerce-loop-product__title\"><a href=\"https:\/\/schaumweinkontor.com\/en\/produkt\/barone-pizzini-franciacorta-docg-animate-dossagio-zero-15-l-bio\/\" class=\"woocommerce-LoopProduct-link woocommerce-loop-product__link\">Barone Pizzini Franciacorta DOCG Animate Dossagio Zero 1,5 L BIO<\/a><\/p><\/div><div class=\"price-wrapper\">\n\t<span class=\"price\"><span class=\"woocommerce-Price-amount amount\" role=\"none\"><bdi><span class=\"woocommerce-Price-currencySymbol\">&euro;<\/span>&nbsp;68,00<\/bdi><\/span> <small class=\"woocommerce-price-suffix\">inkl. MwSt.<\/small><\/span>\n<\/div><div class=\"add-to-cart-button\"><a href=\"\/en\/wp-json\/wp\/v2\/pages\/4628?add-to-cart=5240\" aria-describedby=\"woocommerce_loop_add_to_cart_link_describedby_5240\" data-quantity=\"1\" class=\"primary is-small mb-0 button product_type_simple add_to_cart_button ajax_add_to_cart is-outline\" data-product_id=\"5240\" data-product_sku=\"100300325\" aria-label=\"Add to cart: &ldquo;Barone Pizzini Franciacorta DOCG Animate Dossagio Zero 1,5 L BIO&rdquo;\" rel=\"nofollow\" data-success_message=\"&ldquo;Barone Pizzini Franciacorta DOCG Animate Dossagio Zero 1,5 L BIO&rdquo; has been added to your cart\" role=\"button\">Add to cart<\/a><\/div>\t<span id=\"woocommerce_loop_add_to_cart_link_describedby_5240\" class=\"screen-reader-text\">\n\t\t\t<\/span>\n\t\t\t\t\t\t\t<\/div>\n\t\t\t\t\t\t<\/div>\n\t\t\t\t\t\t<\/div>\n\t\t\t\t\t<\/div><div class=\"col\" data-animate=\"fadeInUp\">\n\t\t\t\t\t\t<div class=\"col-inner\">\n\t\t\t\t\t\t\n<div class=\"badge-container badge-custom absolute right top z-1\">\n\n<\/div>\n\t\t\t\t\t\t<div class=\"product-small box margin-auto has-hover box-vertical box-text-bottom\">\n\t\t\t\t\t\t\t<div class=\"box-image\" >\n\t\t\t\t\t\t\t\t<div class=\"image-cover\" style=\"padding-top:100%;\">\n\t\t\t\t\t\t\t\t\t<a href=\"https:\/\/schaumweinkontor.com\/en\/produkt\/barone-pizzini-franciacorta-docg-bagnadore-riserva-2015-075-l-organic-copy\/\" aria-label=\"Barone Pizzini Franciacorta DOCG Bagnadore Riserva 2014 1,5 L BIO\">\n\t\t\t\t\t\t\t\t\t\t<img loading=\"lazy\" decoding=\"async\" width=\"300\" height=\"300\" src=\"https:\/\/schaumweinkontor.com\/wp-content\/uploads\/2023\/03\/Barone-pizzini-Bagnadore-Riserva-2011-075-1000x1000px-300x300.png\" class=\"attachment-medium size-medium\" alt=\"Barone Pizzini Franciacorta DOCG Bagnadore Riserva 2014 1,5 L BIO\" srcset=\"https:\/\/schaumweinkontor.com\/wp-content\/uploads\/2023\/03\/Barone-pizzini-Bagnadore-Riserva-2011-075-1000x1000px-300x300.png 300w, https:\/\/schaumweinkontor.com\/wp-content\/uploads\/2023\/03\/Barone-pizzini-Bagnadore-Riserva-2011-075-1000x1000px-100x100.png 100w, https:\/\/schaumweinkontor.com\/wp-content\/uploads\/2023\/03\/Barone-pizzini-Bagnadore-Riserva-2011-075-1000x1000px-510x510.png 510w, https:\/\/schaumweinkontor.com\/wp-content\/uploads\/2023\/03\/Barone-pizzini-Bagnadore-Riserva-2011-075-1000x1000px-150x150.png 150w, https:\/\/schaumweinkontor.com\/wp-content\/uploads\/2023\/03\/Barone-pizzini-Bagnadore-Riserva-2011-075-1000x1000px-768x768.png 768w, https:\/\/schaumweinkontor.com\/wp-content\/uploads\/2023\/03\/Barone-pizzini-Bagnadore-Riserva-2011-075-1000x1000px.png 1001w\" sizes=\"auto, (max-width: 300px) 100vw, 300px\" \/>\t\t\t\t\t\t\t\t\t<\/a>\n\t\t\t\t\t\t\t\t\t\t\t\t\t\t\t\t\t\t \t\t\t\t\t\t\t\t<\/div>\n\t\t\t\t\t\t\t\t<div class=\"image-tools top right show-on-hover\">\n\t\t\t\t\t\t\t\t\t\t\t\t\t\t\t\t\t<\/div>\n\t\t\t\t\t\t\t\t\t\t\t\t\t\t\t\t\t<div class=\"image-tools grid-tools text-center hide-for-small bottom hover-slide-in show-on-hover\">\n\t\t\t\t\t\t\t\t\t\t\t\t\t\t\t\t\t\t\t<\/div>\n\t\t\t\t\t\t\t\t\t\t\t\t\t\t\t\t\t\t\t\t\t\t\t<\/div>\n\n\t\t\t\t\t\t\t<div class=\"box-text text-center\" >\n\t\t\t\t\t\t\t\t<div class=\"title-wrapper\">\t\t<p class=\"category uppercase is-smaller no-text-overflow product-cat op-7\">\n\t\t\tBarone Pizzini\t\t<\/p>\n\t<p class=\"name product-title woocommerce-loop-product__title\"><a href=\"https:\/\/schaumweinkontor.com\/en\/produkt\/barone-pizzini-franciacorta-docg-bagnadore-riserva-2015-075-l-organic-copy\/\" class=\"woocommerce-LoopProduct-link woocommerce-loop-product__link\">Barone Pizzini Franciacorta DOCG Bagnadore Riserva 2014 1,5 L BIO<\/a><\/p><\/div><div class=\"price-wrapper\">\n\t<span class=\"price\"><span class=\"woocommerce-Price-amount amount\" role=\"none\"><bdi><span class=\"woocommerce-Price-currencySymbol\">&euro;<\/span>&nbsp;115,00<\/bdi><\/span> <small class=\"woocommerce-price-suffix\">inkl. MwSt.<\/small><\/span>\n<\/div><div class=\"add-to-cart-button\"><a href=\"\/en\/wp-json\/wp\/v2\/pages\/4628?add-to-cart=5248\" aria-describedby=\"woocommerce_loop_add_to_cart_link_describedby_5248\" data-quantity=\"1\" class=\"primary is-small mb-0 button product_type_simple add_to_cart_button ajax_add_to_cart is-outline\" data-product_id=\"5248\" data-product_sku=\"100300328\" aria-label=\"Add to cart: &ldquo;Barone Pizzini Franciacorta DOCG Bagnadore Riserva 2014 1,5 L BIO&rdquo;\" rel=\"nofollow\" data-success_message=\"&ldquo;Barone Pizzini Franciacorta DOCG Bagnadore Riserva 2014 1,5 L BIO&rdquo; has been added to your cart\" role=\"button\">Add to cart<\/a><\/div>\t<span id=\"woocommerce_loop_add_to_cart_link_describedby_5248\" class=\"screen-reader-text\">\n\t\t\t<\/span>\n\t\t\t\t\t\t\t<\/div>\n\t\t\t\t\t\t<\/div>\n\t\t\t\t\t\t<\/div>\n\t\t\t\t\t<\/div><div class=\"col\" data-animate=\"fadeInUp\">\n\t\t\t\t\t\t<div class=\"col-inner\">\n\t\t\t\t\t\t\n<div class=\"badge-container badge-custom absolute right top z-1\">\n\n<\/div>\n\t\t\t\t\t\t<div class=\"product-small box margin-auto has-hover box-vertical box-text-bottom\">\n\t\t\t\t\t\t\t<div class=\"box-image\" >\n\t\t\t\t\t\t\t\t<div class=\"image-cover\" style=\"padding-top:100%;\">\n\t\t\t\t\t\t\t\t\t<a href=\"https:\/\/schaumweinkontor.com\/en\/produkt\/barone-pizzini-franciacorta-docg-animate-dossagio-zero-3-l-bio\/\" aria-label=\"Barone Pizzini Franciacorta DOCG Animate Dossagio Zero 3 L BIO\">\n\t\t\t\t\t\t\t\t\t\t<img loading=\"lazy\" decoding=\"async\" width=\"300\" height=\"300\" src=\"https:\/\/schaumweinkontor.com\/wp-content\/uploads\/2024\/04\/Barone-Pizzini-Animate-300x300.png\" class=\"attachment-medium size-medium\" alt=\"Barone Pizzini Franciacorta DOCG Animate Dossagio Zero 3 L BIO\" srcset=\"https:\/\/schaumweinkontor.com\/wp-content\/uploads\/2024\/04\/Barone-Pizzini-Animate-300x300.png 300w, https:\/\/schaumweinkontor.com\/wp-content\/uploads\/2024\/04\/Barone-Pizzini-Animate-100x100.png 100w, https:\/\/schaumweinkontor.com\/wp-content\/uploads\/2024\/04\/Barone-Pizzini-Animate-510x510.png 510w, https:\/\/schaumweinkontor.com\/wp-content\/uploads\/2024\/04\/Barone-Pizzini-Animate-150x150.png 150w, https:\/\/schaumweinkontor.com\/wp-content\/uploads\/2024\/04\/Barone-Pizzini-Animate-768x768.png 768w, https:\/\/schaumweinkontor.com\/wp-content\/uploads\/2024\/04\/Barone-Pizzini-Animate.png 1000w\" sizes=\"auto, (max-width: 300px) 100vw, 300px\" \/>\t\t\t\t\t\t\t\t\t<\/a>\n\t\t\t\t\t\t\t\t\t\t\t\t\t\t\t\t\t\t \t\t\t\t\t\t\t\t<\/div>\n\t\t\t\t\t\t\t\t<div class=\"image-tools top right show-on-hover\">\n\t\t\t\t\t\t\t\t\t\t\t\t\t\t\t\t\t<\/div>\n\t\t\t\t\t\t\t\t\t\t\t\t\t\t\t\t\t<div class=\"image-tools grid-tools text-center hide-for-small bottom hover-slide-in show-on-hover\">\n\t\t\t\t\t\t\t\t\t\t\t\t\t\t\t\t\t\t\t<\/div>\n\t\t\t\t\t\t\t\t\t\t\t\t\t\t\t\t\t\t\t\t\t\t\t<\/div>\n\n\t\t\t\t\t\t\t<div class=\"box-text text-center\" >\n\t\t\t\t\t\t\t\t<div class=\"title-wrapper\">\t\t<p class=\"category uppercase is-smaller no-text-overflow product-cat op-7\">\n\t\t\tBarone Pizzini\t\t<\/p>\n\t<p class=\"name product-title woocommerce-loop-product__title\"><a href=\"https:\/\/schaumweinkontor.com\/en\/produkt\/barone-pizzini-franciacorta-docg-animate-dossagio-zero-3-l-bio\/\" class=\"woocommerce-LoopProduct-link woocommerce-loop-product__link\">Barone Pizzini Franciacorta DOCG Animate Dossagio Zero 3 L BIO<\/a><\/p><\/div><div class=\"price-wrapper\">\n\t<span class=\"price\"><span class=\"woocommerce-Price-amount amount\" role=\"none\"><bdi><span class=\"woocommerce-Price-currencySymbol\">&euro;<\/span>&nbsp;230,00<\/bdi><\/span> <small class=\"woocommerce-price-suffix\">inkl. MwSt.<\/small><\/span>\n<\/div><div class=\"add-to-cart-button\"><a href=\"\/en\/wp-json\/wp\/v2\/pages\/4628?add-to-cart=5241\" aria-describedby=\"woocommerce_loop_add_to_cart_link_describedby_5241\" data-quantity=\"1\" class=\"primary is-small mb-0 button product_type_simple add_to_cart_button ajax_add_to_cart is-outline\" data-product_id=\"5241\" data-product_sku=\"100300326\" aria-label=\"Add to cart: &ldquo;Barone Pizzini Franciacorta DOCG Animate Dossagio Zero 3 L BIO&rdquo;\" rel=\"nofollow\" data-success_message=\"&ldquo;Barone Pizzini Franciacorta DOCG Animate Dossagio Zero 3 L BIO&rdquo; has been added to your cart\" role=\"button\">Add to cart<\/a><\/div>\t<span id=\"woocommerce_loop_add_to_cart_link_describedby_5241\" class=\"screen-reader-text\">\n\t\t\t<\/span>\n\t\t\t\t\t\t\t<\/div>\n\t\t\t\t\t\t<\/div>\n\t\t\t\t\t\t<\/div>\n\t\t\t\t\t<\/div><\/div>\n\n<div class=\"text-center\"><div class=\"is-divider divider clearfix\" style=\"margin-top:3em;margin-bottom:3em;max-width:100%;height:2px;background-color:rgba(183, 149, 73, 0.419);\"><\/div><\/div>\n\n\n\t\t<\/div>\n\t\t\t\t\t<\/div>\n\n\t\n\n\n<style>\n#row-1534185728 > .col > .col-inner {\n  padding: 0 0px 0px 0px;\n}\n@media (min-width:550px) {\n  #row-1534185728 > .col > .col-inner {\n    padding: 15px 0px 0px 0px;\n  }\n}\n<\/style>\n<\/div>\n\t<section class=\"section bg_winzer show-for-medium\" id=\"section_636533204\">\n\t\t<div class=\"bg section-bg fill bg-fill  \" >\n\n\t\t\t\n\t\t\t\n\t\t\t\n\n\t\t<\/div>\n\n\t\t\n\n\t\t<div class=\"section-content relative\">\n\t\t\t\n\n<div class=\"row row-collapse row-full-width align-middle align-center\"  id=\"row-671628747\">\n\n\n\t<div id=\"col-742785714\" class=\"col small-12 large-12\"  >\n\t\t\t\t<div class=\"col-inner\"  >\n\t\t\t\n\t\t\t\n\n<h2 id=\"villa-mobile\" class=\"uppercase\" style=\"text-align: center;\"><span style=\"font-size: 90%;\">Villa Franciacorta<\/span><\/h2>\n<p>\u00a0<\/p>\n\n\t\t<\/div>\n\t\t\t\t\t<\/div>\n\n\t\n\n\n<style>\n#row-671628747 > .col > .col-inner {\n  padding: 15px 0px 0px 0px;\n}\n<\/style>\n<\/div>\n\n\t\t<\/div>\n\n\t\t\n<style>\n#section_636533204 {\n  padding-top: 20px;\n  padding-bottom: 20px;\n  margin-bottom: 0px;\n}\n#section_636533204 .section-bg.bg-loaded {\n  background-image: url(https:\/\/schaumweinkontor.com\/wp-content\/uploads\/2022\/06\/landscape-illu-gold-transp.png);\n}\n<\/style>\n\t<\/section>\n\t\n<div class=\"row row-collapse align-middle align-center\"  id=\"row-1123466188\">\n\n\n\t<div id=\"col-828170825\" class=\"col small-12 large-12\"  >\n\t\t\t\t<div class=\"col-inner\"  >\n\t\t\t\n\t\t\t\n\n\n  \n    <div class=\"row margin-auto equalize-box show-for-small large-columns-3 medium-columns- small-columns-1 row-large has-shadow row-box-shadow-2 row-box-shadow-4-hover\" >\n  \t\n\t     <div class=\"col\" data-animate=\"fadeInUp\">\n\t\t\t\t\t\t<div class=\"col-inner\">\n\t\t\t\t\t\t\n<div class=\"badge-container badge-custom absolute right top z-1\">\n\n<\/div>\n\t\t\t\t\t\t<div class=\"product-small box margin-auto has-hover box-vertical box-text-bottom\">\n\t\t\t\t\t\t\t<div class=\"box-image\" >\n\t\t\t\t\t\t\t\t<div class=\"image-cover\" style=\"padding-top:100%;\">\n\t\t\t\t\t\t\t\t\t<a href=\"https:\/\/schaumweinkontor.com\/en\/produkt\/villa-franciacorta-docg-brut-emozione-2015-2016-075-l\/\" aria-label=\"Villa Franciacorta DOCG Brut Emozione 2019 0,75 l BIO\">\n\t\t\t\t\t\t\t\t\t\t<img loading=\"lazy\" decoding=\"async\" width=\"300\" height=\"300\" src=\"https:\/\/schaumweinkontor.com\/wp-content\/uploads\/2024\/04\/Emozione-2019-300x300.png\" class=\"attachment-medium size-medium\" alt=\"Villa Franciacorta DOCG Brut Emozione 2019 BIO \" srcset=\"https:\/\/schaumweinkontor.com\/wp-content\/uploads\/2024\/04\/Emozione-2019-300x300.png 300w, https:\/\/schaumweinkontor.com\/wp-content\/uploads\/2024\/04\/Emozione-2019-150x150.png 150w, https:\/\/schaumweinkontor.com\/wp-content\/uploads\/2024\/04\/Emozione-2019-768x768.png 768w, https:\/\/schaumweinkontor.com\/wp-content\/uploads\/2024\/04\/Emozione-2019-510x510.png 510w, https:\/\/schaumweinkontor.com\/wp-content\/uploads\/2024\/04\/Emozione-2019-100x100.png 100w, https:\/\/schaumweinkontor.com\/wp-content\/uploads\/2024\/04\/Emozione-2019.png 1000w\" sizes=\"auto, (max-width: 300px) 100vw, 300px\" \/>\t\t\t\t\t\t\t\t\t<\/a>\n\t\t\t\t\t\t\t\t\t\t\t\t\t\t\t\t\t\t \t\t\t\t\t\t\t\t<\/div>\n\t\t\t\t\t\t\t\t<div class=\"image-tools top right show-on-hover\">\n\t\t\t\t\t\t\t\t\t\t\t\t\t\t\t\t\t<\/div>\n\t\t\t\t\t\t\t\t\t\t\t\t\t\t\t\t\t<div class=\"image-tools grid-tools text-center hide-for-small bottom hover-slide-in show-on-hover\">\n\t\t\t\t\t\t\t\t\t\t\t\t\t\t\t\t\t\t\t<\/div>\n\t\t\t\t\t\t\t\t\t\t\t\t\t\t\t\t\t\t\t\t\t\t\t<\/div>\n\n\t\t\t\t\t\t\t<div class=\"box-text text-center\" >\n\t\t\t\t\t\t\t\t<div class=\"title-wrapper\">\t\t<p class=\"category uppercase is-smaller no-text-overflow product-cat op-7\">\n\t\t\tVilla Franciacorta\t\t<\/p>\n\t<p class=\"name product-title woocommerce-loop-product__title\"><a href=\"https:\/\/schaumweinkontor.com\/en\/produkt\/villa-franciacorta-docg-brut-emozione-2015-2016-075-l\/\" class=\"woocommerce-LoopProduct-link woocommerce-loop-product__link\">Villa Franciacorta DOCG Brut Emozione 2019 0,75 l BIO<\/a><\/p><\/div><div class=\"price-wrapper\">\n\t<span class=\"price\"><span class=\"woocommerce-Price-amount amount\" role=\"none\"><bdi><span class=\"woocommerce-Price-currencySymbol\">&euro;<\/span>&nbsp;31,60<\/bdi><\/span> <small class=\"woocommerce-price-suffix\">inkl. MwSt.<\/small><\/span>\n<\/div><div class=\"add-to-cart-button\"><a href=\"\/en\/wp-json\/wp\/v2\/pages\/4628?add-to-cart=4810\" aria-describedby=\"woocommerce_loop_add_to_cart_link_describedby_4810\" data-quantity=\"1\" class=\"primary is-small mb-0 button product_type_simple add_to_cart_button ajax_add_to_cart is-outline\" data-product_id=\"4810\" data-product_sku=\"100300133\" aria-label=\"Add to cart: &ldquo;Villa Franciacorta DOCG Brut Emozione 2019 0,75 l BIO&rdquo;\" rel=\"nofollow\" data-success_message=\"&ldquo;Villa Franciacorta DOCG Brut Emozione 2019 0,75 l BIO&rdquo; has been added to your cart\" role=\"button\">Add to cart<\/a><\/div>\t<span id=\"woocommerce_loop_add_to_cart_link_describedby_4810\" class=\"screen-reader-text\">\n\t\t\t<\/span>\n\t\t\t\t\t\t\t<\/div>\n\t\t\t\t\t\t<\/div>\n\t\t\t\t\t\t<\/div>\n\t\t\t\t\t<\/div><div class=\"col\" data-animate=\"fadeInUp\">\n\t\t\t\t\t\t<div class=\"col-inner\">\n\t\t\t\t\t\t\n<div class=\"badge-container badge-custom absolute right top z-1\">\n\n<\/div>\n\t\t\t\t\t\t<div class=\"product-small box margin-auto has-hover box-vertical box-text-bottom\">\n\t\t\t\t\t\t\t<div class=\"box-image\" >\n\t\t\t\t\t\t\t\t<div class=\"image-cover\" style=\"padding-top:100%;\">\n\t\t\t\t\t\t\t\t\t<a href=\"https:\/\/schaumweinkontor.com\/en\/produkt\/villa-franciacorta-docg-mon-saten-brut-2016-075-l\/\" aria-label=\"Villa Franciacorta DOCG Mon Sat\u00e8n Brut 2018 BIO 0,75 l\">\n\t\t\t\t\t\t\t\t\t\t<img loading=\"lazy\" decoding=\"async\" width=\"300\" height=\"300\" src=\"https:\/\/schaumweinkontor.com\/wp-content\/uploads\/2022\/06\/Villa_Saten-300x300.png\" class=\"attachment-medium size-medium\" alt=\"Villa Franciacorta DOCG Mon Sat\u00e8n Brut 2018 BIO \" srcset=\"https:\/\/schaumweinkontor.com\/wp-content\/uploads\/2022\/06\/Villa_Saten-300x300.png 300w, https:\/\/schaumweinkontor.com\/wp-content\/uploads\/2022\/06\/Villa_Saten-100x100.png 100w, https:\/\/schaumweinkontor.com\/wp-content\/uploads\/2022\/06\/Villa_Saten-510x510.png 510w, https:\/\/schaumweinkontor.com\/wp-content\/uploads\/2022\/06\/Villa_Saten-150x150.png 150w, https:\/\/schaumweinkontor.com\/wp-content\/uploads\/2022\/06\/Villa_Saten-768x768.png 768w, https:\/\/schaumweinkontor.com\/wp-content\/uploads\/2022\/06\/Villa_Saten.png 1000w\" sizes=\"auto, (max-width: 300px) 100vw, 300px\" \/>\t\t\t\t\t\t\t\t\t<\/a>\n\t\t\t\t\t\t\t\t\t\t\t\t\t\t\t\t\t\t \t\t\t\t\t\t\t\t<\/div>\n\t\t\t\t\t\t\t\t<div class=\"image-tools top right show-on-hover\">\n\t\t\t\t\t\t\t\t\t\t\t\t\t\t\t\t\t<\/div>\n\t\t\t\t\t\t\t\t\t\t\t\t\t\t\t\t\t<div class=\"image-tools grid-tools text-center hide-for-small bottom hover-slide-in show-on-hover\">\n\t\t\t\t\t\t\t\t\t\t\t\t\t\t\t\t\t\t\t<\/div>\n\t\t\t\t\t\t\t\t\t\t\t\t\t\t\t\t\t\t\t\t\t\t\t<\/div>\n\n\t\t\t\t\t\t\t<div class=\"box-text text-center\" >\n\t\t\t\t\t\t\t\t<div class=\"title-wrapper\">\t\t<p class=\"category uppercase is-smaller no-text-overflow product-cat op-7\">\n\t\t\tVilla Franciacorta\t\t<\/p>\n\t<p class=\"name product-title woocommerce-loop-product__title\"><a href=\"https:\/\/schaumweinkontor.com\/en\/produkt\/villa-franciacorta-docg-mon-saten-brut-2016-075-l\/\" class=\"woocommerce-LoopProduct-link woocommerce-loop-product__link\">Villa Franciacorta DOCG Mon Sat\u00e8n Brut 2018 BIO 0,75 l<\/a><\/p><\/div><div class=\"price-wrapper\">\n\t<span class=\"price\"><span class=\"woocommerce-Price-amount amount\" role=\"none\"><bdi><span class=\"woocommerce-Price-currencySymbol\">&euro;<\/span>&nbsp;34,90<\/bdi><\/span> <small class=\"woocommerce-price-suffix\">inkl. MwSt.<\/small><\/span>\n<\/div><div class=\"add-to-cart-button\"><a href=\"\/en\/wp-json\/wp\/v2\/pages\/4628?add-to-cart=4753\" aria-describedby=\"woocommerce_loop_add_to_cart_link_describedby_4753\" data-quantity=\"1\" class=\"primary is-small mb-0 button product_type_simple add_to_cart_button ajax_add_to_cart is-outline\" data-product_id=\"4753\" data-product_sku=\"100300137\" aria-label=\"Add to cart: &ldquo;Villa Franciacorta DOCG Mon Sat\u00e8n Brut 2018 BIO 0,75 l&rdquo;\" rel=\"nofollow\" data-success_message=\"&ldquo;Villa Franciacorta DOCG Mon Sat\u00e8n Brut 2018 BIO 0,75 l&rdquo; has been added to your cart\" role=\"button\">Add to cart<\/a><\/div>\t<span id=\"woocommerce_loop_add_to_cart_link_describedby_4753\" class=\"screen-reader-text\">\n\t\t\t<\/span>\n\t\t\t\t\t\t\t<\/div>\n\t\t\t\t\t\t<\/div>\n\t\t\t\t\t\t<\/div>\n\t\t\t\t\t<\/div><div class=\"col\" data-animate=\"fadeInUp\">\n\t\t\t\t\t\t<div class=\"col-inner\">\n\t\t\t\t\t\t\n<div class=\"badge-container badge-custom absolute right top z-1\">\n\n<\/div>\n\t\t\t\t\t\t<div class=\"product-small box margin-auto has-hover box-vertical box-text-bottom\">\n\t\t\t\t\t\t\t<div class=\"box-image\" >\n\t\t\t\t\t\t\t\t<div class=\"image-cover\" style=\"padding-top:100%;\">\n\t\t\t\t\t\t\t\t\t<a href=\"https:\/\/schaumweinkontor.com\/en\/produkt\/villa-franciacorta-docg-boke-rose-2016-075-l\/\" aria-label=\"Villa Franciacorta DOCG Bok\u00e9 Rose 2019 0,75 L BIO\">\n\t\t\t\t\t\t\t\t\t\t<img loading=\"lazy\" decoding=\"async\" width=\"300\" height=\"300\" src=\"https:\/\/schaumweinkontor.com\/wp-content\/uploads\/2022\/04\/Villa-Franciacorta-Boke-Rose-Brut-075-1000x1000px-300x300.png\" class=\"attachment-medium size-medium\" alt=\"Villa Franciacorta DOCG Bok\u00e9 Rose 2019 0,75 L BIO\" srcset=\"https:\/\/schaumweinkontor.com\/wp-content\/uploads\/2022\/04\/Villa-Franciacorta-Boke-Rose-Brut-075-1000x1000px-300x300.png 300w, https:\/\/schaumweinkontor.com\/wp-content\/uploads\/2022\/04\/Villa-Franciacorta-Boke-Rose-Brut-075-1000x1000px-100x100.png 100w, https:\/\/schaumweinkontor.com\/wp-content\/uploads\/2022\/04\/Villa-Franciacorta-Boke-Rose-Brut-075-1000x1000px-510x510.png 510w, https:\/\/schaumweinkontor.com\/wp-content\/uploads\/2022\/04\/Villa-Franciacorta-Boke-Rose-Brut-075-1000x1000px-150x150.png 150w, https:\/\/schaumweinkontor.com\/wp-content\/uploads\/2022\/04\/Villa-Franciacorta-Boke-Rose-Brut-075-1000x1000px-768x768.png 768w, https:\/\/schaumweinkontor.com\/wp-content\/uploads\/2022\/04\/Villa-Franciacorta-Boke-Rose-Brut-075-1000x1000px.png 1001w\" sizes=\"auto, (max-width: 300px) 100vw, 300px\" \/>\t\t\t\t\t\t\t\t\t<\/a>\n\t\t\t\t\t\t\t\t\t\t\t\t\t\t\t\t\t\t \t\t\t\t\t\t\t\t<\/div>\n\t\t\t\t\t\t\t\t<div class=\"image-tools top right show-on-hover\">\n\t\t\t\t\t\t\t\t\t\t\t\t\t\t\t\t\t<\/div>\n\t\t\t\t\t\t\t\t\t\t\t\t\t\t\t\t\t<div class=\"image-tools grid-tools text-center hide-for-small bottom hover-slide-in show-on-hover\">\n\t\t\t\t\t\t\t\t\t\t\t\t\t\t\t\t\t\t\t<\/div>\n\t\t\t\t\t\t\t\t\t\t\t\t\t\t\t\t\t\t\t\t\t\t\t<\/div>\n\n\t\t\t\t\t\t\t<div class=\"box-text text-center\" >\n\t\t\t\t\t\t\t\t<div class=\"title-wrapper\">\t\t<p class=\"category uppercase is-smaller no-text-overflow product-cat op-7\">\n\t\t\tVilla Franciacorta\t\t<\/p>\n\t<p class=\"name product-title woocommerce-loop-product__title\"><a href=\"https:\/\/schaumweinkontor.com\/en\/produkt\/villa-franciacorta-docg-boke-rose-2016-075-l\/\" class=\"woocommerce-LoopProduct-link woocommerce-loop-product__link\">Villa Franciacorta DOCG Bok\u00e9 Rose 2019 0,75 L BIO<\/a><\/p><\/div><div class=\"price-wrapper\">\n\t<span class=\"price\"><span class=\"woocommerce-Price-amount amount\" role=\"none\"><bdi><span class=\"woocommerce-Price-currencySymbol\">&euro;<\/span>&nbsp;35,90<\/bdi><\/span> <small class=\"woocommerce-price-suffix\">inkl. MwSt.<\/small><\/span>\n<\/div><div class=\"add-to-cart-button\"><a href=\"\/en\/wp-json\/wp\/v2\/pages\/4628?add-to-cart=4808\" aria-describedby=\"woocommerce_loop_add_to_cart_link_describedby_4808\" data-quantity=\"1\" class=\"primary is-small mb-0 button product_type_simple add_to_cart_button ajax_add_to_cart is-outline\" data-product_id=\"4808\" data-product_sku=\"100300135\" aria-label=\"Add to cart: &ldquo;Villa Franciacorta DOCG Bok\u00e9 Rose 2019 0,75 L BIO&rdquo;\" rel=\"nofollow\" data-success_message=\"&ldquo;Villa Franciacorta DOCG Bok\u00e9 Rose 2019 0,75 L BIO&rdquo; has been added to your cart\" role=\"button\">Add to cart<\/a><\/div>\t<span id=\"woocommerce_loop_add_to_cart_link_describedby_4808\" class=\"screen-reader-text\">\n\t\t\t<\/span>\n\t\t\t\t\t\t\t<\/div>\n\t\t\t\t\t\t<\/div>\n\t\t\t\t\t\t<\/div>\n\t\t\t\t\t<\/div><div class=\"col\" data-animate=\"fadeInUp\">\n\t\t\t\t\t\t<div class=\"col-inner\">\n\t\t\t\t\t\t\n<div class=\"badge-container badge-custom absolute right top z-1\">\n\n<\/div>\n\t\t\t\t\t\t<div class=\"product-small box margin-auto has-hover box-vertical box-text-bottom\">\n\t\t\t\t\t\t\t<div class=\"box-image\" >\n\t\t\t\t\t\t\t\t<div class=\"image-cover\" style=\"padding-top:100%;\">\n\t\t\t\t\t\t\t\t\t<a href=\"https:\/\/schaumweinkontor.com\/en\/produkt\/villa-franciacorta-docg-diamond-pasdose-2016-075-l\/\" aria-label=\"Villa Franciacorta DOCG Diamond PasDos\u00e9 2018 0,75l BIO\">\n\t\t\t\t\t\t\t\t\t\t<img loading=\"lazy\" decoding=\"async\" width=\"300\" height=\"300\" src=\"https:\/\/schaumweinkontor.com\/wp-content\/uploads\/2022\/06\/diamantpasdose-3-300x300.jpg\" class=\"attachment-medium size-medium\" alt=\"Villa Franciacorta DOCG Diamond PasDos\u00e9 2018 BIO\" srcset=\"https:\/\/schaumweinkontor.com\/wp-content\/uploads\/2022\/06\/diamantpasdose-3-300x300.jpg 300w, https:\/\/schaumweinkontor.com\/wp-content\/uploads\/2022\/06\/diamantpasdose-3-100x100.jpg 100w, https:\/\/schaumweinkontor.com\/wp-content\/uploads\/2022\/06\/diamantpasdose-3-510x510.jpg 510w, https:\/\/schaumweinkontor.com\/wp-content\/uploads\/2022\/06\/diamantpasdose-3-150x150.jpg 150w, https:\/\/schaumweinkontor.com\/wp-content\/uploads\/2022\/06\/diamantpasdose-3-768x768.jpg 768w, https:\/\/schaumweinkontor.com\/wp-content\/uploads\/2022\/06\/diamantpasdose-3.jpg 800w\" sizes=\"auto, (max-width: 300px) 100vw, 300px\" \/>\t\t\t\t\t\t\t\t\t<\/a>\n\t\t\t\t\t\t\t\t\t\t\t\t\t\t\t\t\t\t \t\t\t\t\t\t\t\t<\/div>\n\t\t\t\t\t\t\t\t<div class=\"image-tools top right show-on-hover\">\n\t\t\t\t\t\t\t\t\t\t\t\t\t\t\t\t\t<\/div>\n\t\t\t\t\t\t\t\t\t\t\t\t\t\t\t\t\t<div class=\"image-tools grid-tools text-center hide-for-small bottom hover-slide-in show-on-hover\">\n\t\t\t\t\t\t\t\t\t\t\t\t\t\t\t\t\t\t\t<\/div>\n\t\t\t\t\t\t\t\t\t\t\t\t\t\t\t\t\t\t\t\t\t\t\t<\/div>\n\n\t\t\t\t\t\t\t<div class=\"box-text text-center\" >\n\t\t\t\t\t\t\t\t<div class=\"title-wrapper\">\t\t<p class=\"category uppercase is-smaller no-text-overflow product-cat op-7\">\n\t\t\tVilla Franciacorta\t\t<\/p>\n\t<p class=\"name product-title woocommerce-loop-product__title\"><a href=\"https:\/\/schaumweinkontor.com\/en\/produkt\/villa-franciacorta-docg-diamond-pasdose-2016-075-l\/\" class=\"woocommerce-LoopProduct-link woocommerce-loop-product__link\">Villa Franciacorta DOCG Diamond PasDos\u00e9 2018 0,75l BIO<\/a><\/p><\/div><div class=\"price-wrapper\">\n\t<span class=\"price\"><span class=\"woocommerce-Price-amount amount\" role=\"none\"><bdi><span class=\"woocommerce-Price-currencySymbol\">&euro;<\/span>&nbsp;36,50<\/bdi><\/span> <small class=\"woocommerce-price-suffix\">inkl. MwSt.<\/small><\/span>\n<\/div><div class=\"add-to-cart-button\"><a href=\"\/en\/wp-json\/wp\/v2\/pages\/4628?add-to-cart=4811\" aria-describedby=\"woocommerce_loop_add_to_cart_link_describedby_4811\" data-quantity=\"1\" class=\"primary is-small mb-0 button product_type_simple add_to_cart_button ajax_add_to_cart is-outline\" data-product_id=\"4811\" data-product_sku=\"100300138\" aria-label=\"Add to cart: &ldquo;Villa Franciacorta DOCG Diamond PasDos\u00e9 2018 0,75l BIO&rdquo;\" rel=\"nofollow\" data-success_message=\"&ldquo;Villa Franciacorta DOCG Diamond PasDos\u00e9 2018 0,75l BIO&rdquo; has been added to your cart\" role=\"button\">Add to cart<\/a><\/div>\t<span id=\"woocommerce_loop_add_to_cart_link_describedby_4811\" class=\"screen-reader-text\">\n\t\t\t<\/span>\n\t\t\t\t\t\t\t<\/div>\n\t\t\t\t\t\t<\/div>\n\t\t\t\t\t\t<\/div>\n\t\t\t\t\t<\/div><div class=\"col\" data-animate=\"fadeInUp\">\n\t\t\t\t\t\t<div class=\"col-inner\">\n\t\t\t\t\t\t\n<div class=\"badge-container badge-custom absolute right top z-1\">\n\n<\/div>\n\t\t\t\t\t\t<div class=\"product-small box margin-auto has-hover box-vertical box-text-bottom\">\n\t\t\t\t\t\t\t<div class=\"box-image\" >\n\t\t\t\t\t\t\t\t<div class=\"image-cover\" style=\"padding-top:100%;\">\n\t\t\t\t\t\t\t\t\t<a href=\"https:\/\/schaumweinkontor.com\/en\/produkt\/villa-franciacorta-docg-blu-extra-brut-2018-075-l\/\" aria-label=\"Villa Franciacorta DOCG Blu Extra Brut 2018 0,75 L BIO\">\n\t\t\t\t\t\t\t\t\t\t<img loading=\"lazy\" decoding=\"async\" width=\"300\" height=\"300\" src=\"https:\/\/schaumweinkontor.com\/wp-content\/uploads\/2022\/06\/extra-blu1-1-2-300x300.jpg\" class=\"attachment-medium size-medium\" alt=\"Villa Franciacorta DOCG Extra Blu Extra Brut\" srcset=\"https:\/\/schaumweinkontor.com\/wp-content\/uploads\/2022\/06\/extra-blu1-1-2-300x300.jpg 300w, https:\/\/schaumweinkontor.com\/wp-content\/uploads\/2022\/06\/extra-blu1-1-2-100x100.jpg 100w, https:\/\/schaumweinkontor.com\/wp-content\/uploads\/2022\/06\/extra-blu1-1-2-510x510.jpg 510w, https:\/\/schaumweinkontor.com\/wp-content\/uploads\/2022\/06\/extra-blu1-1-2-150x150.jpg 150w, https:\/\/schaumweinkontor.com\/wp-content\/uploads\/2022\/06\/extra-blu1-1-2-768x768.jpg 768w, https:\/\/schaumweinkontor.com\/wp-content\/uploads\/2022\/06\/extra-blu1-1-2.jpg 800w\" sizes=\"auto, (max-width: 300px) 100vw, 300px\" \/>\t\t\t\t\t\t\t\t\t<\/a>\n\t\t\t\t\t\t\t\t\t\t\t\t\t\t\t\t\t\t \t\t\t\t\t\t\t\t<\/div>\n\t\t\t\t\t\t\t\t<div class=\"image-tools top right show-on-hover\">\n\t\t\t\t\t\t\t\t\t\t\t\t\t\t\t\t\t<\/div>\n\t\t\t\t\t\t\t\t\t\t\t\t\t\t\t\t\t<div class=\"image-tools grid-tools text-center hide-for-small bottom hover-slide-in show-on-hover\">\n\t\t\t\t\t\t\t\t\t\t\t\t\t\t\t\t\t\t\t<\/div>\n\t\t\t\t\t\t\t\t\t\t\t\t\t\t\t\t\t\t\t\t\t\t\t<\/div>\n\n\t\t\t\t\t\t\t<div class=\"box-text text-center\" >\n\t\t\t\t\t\t\t\t<div class=\"title-wrapper\">\t\t<p class=\"category uppercase is-smaller no-text-overflow product-cat op-7\">\n\t\t\tVilla Franciacorta\t\t<\/p>\n\t<p class=\"name product-title woocommerce-loop-product__title\"><a href=\"https:\/\/schaumweinkontor.com\/en\/produkt\/villa-franciacorta-docg-blu-extra-brut-2018-075-l\/\" class=\"woocommerce-LoopProduct-link woocommerce-loop-product__link\">Villa Franciacorta DOCG Blu Extra Brut 2018 0,75 L BIO<\/a><\/p><\/div><div class=\"price-wrapper\">\n\t<span class=\"price\"><span class=\"woocommerce-Price-amount amount\" role=\"none\"><bdi><span class=\"woocommerce-Price-currencySymbol\">&euro;<\/span>&nbsp;39,90<\/bdi><\/span> <small class=\"woocommerce-price-suffix\">inkl. MwSt.<\/small><\/span>\n<\/div><div class=\"add-to-cart-button\"><a href=\"\/en\/wp-json\/wp\/v2\/pages\/4628?add-to-cart=4809\" aria-describedby=\"woocommerce_loop_add_to_cart_link_describedby_4809\" data-quantity=\"1\" class=\"primary is-small mb-0 button product_type_simple add_to_cart_button ajax_add_to_cart is-outline\" data-product_id=\"4809\" data-product_sku=\"100300136\" aria-label=\"Add to cart: &ldquo;Villa Franciacorta DOCG Blu Extra Brut 2018 0,75 L BIO&rdquo;\" rel=\"nofollow\" data-success_message=\"&ldquo;Villa Franciacorta DOCG Blu Extra Brut 2018 0,75 L BIO&rdquo; has been added to your cart\" role=\"button\">Add to cart<\/a><\/div>\t<span id=\"woocommerce_loop_add_to_cart_link_describedby_4809\" class=\"screen-reader-text\">\n\t\t\t<\/span>\n\t\t\t\t\t\t\t<\/div>\n\t\t\t\t\t\t<\/div>\n\t\t\t\t\t\t<\/div>\n\t\t\t\t\t<\/div><div class=\"col\" data-animate=\"fadeInUp\">\n\t\t\t\t\t\t<div class=\"col-inner\">\n\t\t\t\t\t\t\n<div class=\"badge-container badge-custom absolute right top z-1\">\n\n<\/div>\n\t\t\t\t\t\t<div class=\"product-small box margin-auto has-hover box-vertical box-text-bottom\">\n\t\t\t\t\t\t\t<div class=\"box-image\" >\n\t\t\t\t\t\t\t\t<div class=\"image-cover\" style=\"padding-top:100%;\">\n\t\t\t\t\t\t\t\t\t<a href=\"https:\/\/schaumweinkontor.com\/en\/produkt\/villa-franciacorta-docg-boke-noir-2015\/\" aria-label=\"Villa Franciacorta DOCG Bok\u00e9 Noir Ros\u00e9 Pas Dos\u00e9 Millesimato 2015 0,75 L\">\n\t\t\t\t\t\t\t\t\t\t<img loading=\"lazy\" decoding=\"async\" width=\"300\" height=\"300\" src=\"https:\/\/schaumweinkontor.com\/wp-content\/uploads\/2023\/03\/Villa-Franciacorta-Boke-Noir-Rose-Pas-Dose-075-1000x1000px-300x300.png\" class=\"attachment-medium size-medium\" alt=\"Villa Franciacorta DOCG Boke Noir Ros\u00e9\" srcset=\"https:\/\/schaumweinkontor.com\/wp-content\/uploads\/2023\/03\/Villa-Franciacorta-Boke-Noir-Rose-Pas-Dose-075-1000x1000px-300x300.png 300w, https:\/\/schaumweinkontor.com\/wp-content\/uploads\/2023\/03\/Villa-Franciacorta-Boke-Noir-Rose-Pas-Dose-075-1000x1000px-100x100.png 100w, https:\/\/schaumweinkontor.com\/wp-content\/uploads\/2023\/03\/Villa-Franciacorta-Boke-Noir-Rose-Pas-Dose-075-1000x1000px-510x510.png 510w, https:\/\/schaumweinkontor.com\/wp-content\/uploads\/2023\/03\/Villa-Franciacorta-Boke-Noir-Rose-Pas-Dose-075-1000x1000px-150x150.png 150w, https:\/\/schaumweinkontor.com\/wp-content\/uploads\/2023\/03\/Villa-Franciacorta-Boke-Noir-Rose-Pas-Dose-075-1000x1000px-768x768.png 768w, https:\/\/schaumweinkontor.com\/wp-content\/uploads\/2023\/03\/Villa-Franciacorta-Boke-Noir-Rose-Pas-Dose-075-1000x1000px.png 1001w\" sizes=\"auto, (max-width: 300px) 100vw, 300px\" \/>\t\t\t\t\t\t\t\t\t<\/a>\n\t\t\t\t\t\t\t\t\t\t\t\t\t\t\t\t\t\t \t\t\t\t\t\t\t\t<\/div>\n\t\t\t\t\t\t\t\t<div class=\"image-tools top right show-on-hover\">\n\t\t\t\t\t\t\t\t\t\t\t\t\t\t\t\t\t<\/div>\n\t\t\t\t\t\t\t\t\t\t\t\t\t\t\t\t\t<div class=\"image-tools grid-tools text-center hide-for-small bottom hover-slide-in show-on-hover\">\n\t\t\t\t\t\t\t\t\t\t\t\t\t\t\t\t\t\t\t<\/div>\n\t\t\t\t\t\t\t\t\t\t\t\t\t\t\t\t<div class=\"out-of-stock-label\">Out of stock<\/div>\t\t\t\t\t\t\t<\/div>\n\n\t\t\t\t\t\t\t<div class=\"box-text text-center\" >\n\t\t\t\t\t\t\t\t<div class=\"title-wrapper\">\t\t<p class=\"category uppercase is-smaller no-text-overflow product-cat op-7\">\n\t\t\tFranciacorta\t\t<\/p>\n\t<p class=\"name product-title woocommerce-loop-product__title\"><a href=\"https:\/\/schaumweinkontor.com\/en\/produkt\/villa-franciacorta-docg-boke-noir-2015\/\" class=\"woocommerce-LoopProduct-link woocommerce-loop-product__link\">Villa Franciacorta DOCG Bok\u00e9 Noir Ros\u00e9 Pas Dos\u00e9 Millesimato 2015 0,75 L<\/a><\/p><\/div><div class=\"price-wrapper\">\n\t<span class=\"price\"><span class=\"woocommerce-Price-amount amount\" role=\"none\"><bdi><span class=\"woocommerce-Price-currencySymbol\">&euro;<\/span>&nbsp;46,70<\/bdi><\/span> <small class=\"woocommerce-price-suffix\">inkl. MwSt.<\/small><\/span>\n<\/div><div class=\"add-to-cart-button\"><a href=\"https:\/\/schaumweinkontor.com\/en\/produkt\/villa-franciacorta-docg-boke-noir-2015\/\" aria-describedby=\"woocommerce_loop_add_to_cart_link_describedby_4712\" data-quantity=\"1\" class=\"primary is-small mb-0 button product_type_simple is-outline\" data-product_id=\"4712\" data-product_sku=\"100300132\" aria-label=\"Read more about &ldquo;Villa Franciacorta DOCG Bok\u00e9 Noir Ros\u00e9 Pas Dos\u00e9 Millesimato 2015 0,75 L&rdquo;\" rel=\"nofollow\" data-success_message=\"\">Read more<\/a><\/div>\t<span id=\"woocommerce_loop_add_to_cart_link_describedby_4712\" class=\"screen-reader-text\">\n\t\t\t<\/span>\n\t\t\t\t\t\t\t<\/div>\n\t\t\t\t\t\t<\/div>\n\t\t\t\t\t\t<\/div>\n\t\t\t\t\t<\/div><div class=\"col\" data-animate=\"fadeInUp\">\n\t\t\t\t\t\t<div class=\"col-inner\">\n\t\t\t\t\t\t\n<div class=\"badge-container badge-custom absolute right top z-1\">\n\n<\/div>\n\t\t\t\t\t\t<div class=\"product-small box margin-auto has-hover box-vertical box-text-bottom\">\n\t\t\t\t\t\t\t<div class=\"box-image\" >\n\t\t\t\t\t\t\t\t<div class=\"image-cover\" style=\"padding-top:100%;\">\n\t\t\t\t\t\t\t\t\t<a href=\"https:\/\/schaumweinkontor.com\/en\/produkt\/villa-franciacorta-docg-brut-emozione-2015-15-l-magnum\/\" aria-label=\"Villa Franciacorta Brut Emozione 2015 DOCG 1,5 L Magnum\">\n\t\t\t\t\t\t\t\t\t\t<img loading=\"lazy\" decoding=\"async\" width=\"300\" height=\"300\" src=\"https:\/\/schaumweinkontor.com\/wp-content\/uploads\/2022\/06\/emozione1-1-2-300x300.jpg\" class=\"attachment-medium size-medium\" alt=\"Villa Franciacorta Brut Emozione 2015 DOCG 1,5 L Magnum\" srcset=\"https:\/\/schaumweinkontor.com\/wp-content\/uploads\/2022\/06\/emozione1-1-2-300x300.jpg 300w, https:\/\/schaumweinkontor.com\/wp-content\/uploads\/2022\/06\/emozione1-1-2-100x100.jpg 100w, https:\/\/schaumweinkontor.com\/wp-content\/uploads\/2022\/06\/emozione1-1-2-510x510.jpg 510w, https:\/\/schaumweinkontor.com\/wp-content\/uploads\/2022\/06\/emozione1-1-2-150x150.jpg 150w, https:\/\/schaumweinkontor.com\/wp-content\/uploads\/2022\/06\/emozione1-1-2-768x768.jpg 768w, https:\/\/schaumweinkontor.com\/wp-content\/uploads\/2022\/06\/emozione1-1-2.jpg 800w\" sizes=\"auto, (max-width: 300px) 100vw, 300px\" \/>\t\t\t\t\t\t\t\t\t<\/a>\n\t\t\t\t\t\t\t\t\t\t\t\t\t\t\t\t\t\t \t\t\t\t\t\t\t\t<\/div>\n\t\t\t\t\t\t\t\t<div class=\"image-tools top right show-on-hover\">\n\t\t\t\t\t\t\t\t\t\t\t\t\t\t\t\t\t<\/div>\n\t\t\t\t\t\t\t\t\t\t\t\t\t\t\t\t\t<div class=\"image-tools grid-tools text-center hide-for-small bottom hover-slide-in show-on-hover\">\n\t\t\t\t\t\t\t\t\t\t\t\t\t\t\t\t\t\t\t<\/div>\n\t\t\t\t\t\t\t\t\t\t\t\t\t\t\t\t\t\t\t\t\t\t\t<\/div>\n\n\t\t\t\t\t\t\t<div class=\"box-text text-center\" >\n\t\t\t\t\t\t\t\t<div class=\"title-wrapper\">\t\t<p class=\"category uppercase is-smaller no-text-overflow product-cat op-7\">\n\t\t\tVilla Franciacorta\t\t<\/p>\n\t<p class=\"name product-title woocommerce-loop-product__title\"><a href=\"https:\/\/schaumweinkontor.com\/en\/produkt\/villa-franciacorta-docg-brut-emozione-2015-15-l-magnum\/\" class=\"woocommerce-LoopProduct-link woocommerce-loop-product__link\">Villa Franciacorta Brut Emozione 2015 DOCG 1,5 L Magnum<\/a><\/p><\/div><div class=\"price-wrapper\">\n\t<span class=\"price\"><span class=\"woocommerce-Price-amount amount\" role=\"none\"><bdi><span class=\"woocommerce-Price-currencySymbol\">&euro;<\/span>&nbsp;58,00<\/bdi><\/span> <small class=\"woocommerce-price-suffix\">inkl. MwSt.<\/small><\/span>\n<\/div><div class=\"add-to-cart-button\"><a href=\"\/en\/wp-json\/wp\/v2\/pages\/4628?add-to-cart=4747\" aria-describedby=\"woocommerce_loop_add_to_cart_link_describedby_4747\" data-quantity=\"1\" class=\"primary is-small mb-0 button product_type_simple add_to_cart_button ajax_add_to_cart is-outline\" data-product_id=\"4747\" data-product_sku=\"100300140\" aria-label=\"Add to cart: &ldquo;Villa Franciacorta Brut Emozione 2015 DOCG 1,5 L Magnum&rdquo;\" rel=\"nofollow\" data-success_message=\"&ldquo;Villa Franciacorta Brut Emozione 2015 DOCG 1,5 L Magnum&rdquo; has been added to your cart\" role=\"button\">Add to cart<\/a><\/div>\t<span id=\"woocommerce_loop_add_to_cart_link_describedby_4747\" class=\"screen-reader-text\">\n\t\t\t<\/span>\n\t\t\t\t\t\t\t<\/div>\n\t\t\t\t\t\t<\/div>\n\t\t\t\t\t\t<\/div>\n\t\t\t\t\t<\/div><div class=\"col\" data-animate=\"fadeInUp\">\n\t\t\t\t\t\t<div class=\"col-inner\">\n\t\t\t\t\t\t\n<div class=\"badge-container badge-custom absolute right top z-1\">\n\n<\/div>\n\t\t\t\t\t\t<div class=\"product-small box margin-auto has-hover box-vertical box-text-bottom\">\n\t\t\t\t\t\t\t<div class=\"box-image\" >\n\t\t\t\t\t\t\t\t<div class=\"image-cover\" style=\"padding-top:100%;\">\n\t\t\t\t\t\t\t\t\t<a href=\"https:\/\/schaumweinkontor.com\/en\/produkt\/villa-franciacorta-docg-mon-saten-brut-2016-15-l-magnum\/\" aria-label=\"Villa Franciacorta DOCG Mon Sat\u00e8n Brut 2016 1,5 L Magnum\">\n\t\t\t\t\t\t\t\t\t\t<img loading=\"lazy\" decoding=\"async\" width=\"300\" height=\"300\" src=\"https:\/\/schaumweinkontor.com\/wp-content\/uploads\/2022\/06\/Villa-Franciacorta-DOCG-Mon-Saten-Brut-2016-15-L-Magnum-300x300.png\" class=\"attachment-medium size-medium\" alt=\"Villa Franciacorta DOCG Mon Sat\u00e8n Brut 2016 1,5 L Magnum\" srcset=\"https:\/\/schaumweinkontor.com\/wp-content\/uploads\/2022\/06\/Villa-Franciacorta-DOCG-Mon-Saten-Brut-2016-15-L-Magnum-300x300.png 300w, https:\/\/schaumweinkontor.com\/wp-content\/uploads\/2022\/06\/Villa-Franciacorta-DOCG-Mon-Saten-Brut-2016-15-L-Magnum-100x100.png 100w, https:\/\/schaumweinkontor.com\/wp-content\/uploads\/2022\/06\/Villa-Franciacorta-DOCG-Mon-Saten-Brut-2016-15-L-Magnum-510x510.png 510w, https:\/\/schaumweinkontor.com\/wp-content\/uploads\/2022\/06\/Villa-Franciacorta-DOCG-Mon-Saten-Brut-2016-15-L-Magnum-150x150.png 150w, https:\/\/schaumweinkontor.com\/wp-content\/uploads\/2022\/06\/Villa-Franciacorta-DOCG-Mon-Saten-Brut-2016-15-L-Magnum-768x768.png 768w, https:\/\/schaumweinkontor.com\/wp-content\/uploads\/2022\/06\/Villa-Franciacorta-DOCG-Mon-Saten-Brut-2016-15-L-Magnum.png 1000w\" sizes=\"auto, (max-width: 300px) 100vw, 300px\" \/>\t\t\t\t\t\t\t\t\t<\/a>\n\t\t\t\t\t\t\t\t\t\t\t\t\t\t\t\t\t\t \t\t\t\t\t\t\t\t<\/div>\n\t\t\t\t\t\t\t\t<div class=\"image-tools top right show-on-hover\">\n\t\t\t\t\t\t\t\t\t\t\t\t\t\t\t\t\t<\/div>\n\t\t\t\t\t\t\t\t\t\t\t\t\t\t\t\t\t<div class=\"image-tools grid-tools text-center hide-for-small bottom hover-slide-in show-on-hover\">\n\t\t\t\t\t\t\t\t\t\t\t\t\t\t\t\t\t\t\t<\/div>\n\t\t\t\t\t\t\t\t\t\t\t\t\t\t\t\t\t\t\t\t\t\t\t<\/div>\n\n\t\t\t\t\t\t\t<div class=\"box-text text-center\" >\n\t\t\t\t\t\t\t\t<div class=\"title-wrapper\">\t\t<p class=\"category uppercase is-smaller no-text-overflow product-cat op-7\">\n\t\t\tVilla Franciacorta\t\t<\/p>\n\t<p class=\"name product-title woocommerce-loop-product__title\"><a href=\"https:\/\/schaumweinkontor.com\/en\/produkt\/villa-franciacorta-docg-mon-saten-brut-2016-15-l-magnum\/\" class=\"woocommerce-LoopProduct-link woocommerce-loop-product__link\">Villa Franciacorta DOCG Mon Sat\u00e8n Brut 2016 1,5 L Magnum<\/a><\/p><\/div><div class=\"price-wrapper\">\n\t<span class=\"price\"><span class=\"woocommerce-Price-amount amount\" role=\"none\"><bdi><span class=\"woocommerce-Price-currencySymbol\">&euro;<\/span>&nbsp;63,50<\/bdi><\/span> <small class=\"woocommerce-price-suffix\">inkl. MwSt.<\/small><\/span>\n<\/div><div class=\"add-to-cart-button\"><a href=\"\/en\/wp-json\/wp\/v2\/pages\/4628?add-to-cart=4752\" aria-describedby=\"woocommerce_loop_add_to_cart_link_describedby_4752\" data-quantity=\"1\" class=\"primary is-small mb-0 button product_type_simple add_to_cart_button ajax_add_to_cart is-outline\" data-product_id=\"4752\" data-product_sku=\"100300116\" aria-label=\"Add to cart: &ldquo;Villa Franciacorta DOCG Mon Sat\u00e8n Brut 2016 1,5 L Magnum&rdquo;\" rel=\"nofollow\" data-success_message=\"&ldquo;Villa Franciacorta DOCG Mon Sat\u00e8n Brut 2016 1,5 L Magnum&rdquo; has been added to your cart\" role=\"button\">Add to cart<\/a><\/div>\t<span id=\"woocommerce_loop_add_to_cart_link_describedby_4752\" class=\"screen-reader-text\">\n\t\t\t<\/span>\n\t\t\t\t\t\t\t<\/div>\n\t\t\t\t\t\t<\/div>\n\t\t\t\t\t\t<\/div>\n\t\t\t\t\t<\/div><div class=\"col\" data-animate=\"fadeInUp\">\n\t\t\t\t\t\t<div class=\"col-inner\">\n\t\t\t\t\t\t\n<div class=\"badge-container badge-custom absolute right top z-1\">\n\n<\/div>\n\t\t\t\t\t\t<div class=\"product-small box margin-auto has-hover box-vertical box-text-bottom\">\n\t\t\t\t\t\t\t<div class=\"box-image\" >\n\t\t\t\t\t\t\t\t<div class=\"image-cover\" style=\"padding-top:100%;\">\n\t\t\t\t\t\t\t\t\t<a href=\"https:\/\/schaumweinkontor.com\/en\/produkt\/villa-franciacorta-docg-brut-emozione-2015-15-l-magnum-copy\/\" aria-label=\"Villa Franciacorta DOCG Brut Emozione 2020 1,5 L Magnum BIO\">\n\t\t\t\t\t\t\t\t\t\t<img loading=\"lazy\" decoding=\"async\" width=\"300\" height=\"300\" src=\"https:\/\/schaumweinkontor.com\/wp-content\/uploads\/2024\/04\/Emozione-2020-300x300.png\" class=\"attachment-medium size-medium\" alt=\"Villa Franciacorta DOCG Brut Emozione 2020 1,5 L Magnum BIO\" srcset=\"https:\/\/schaumweinkontor.com\/wp-content\/uploads\/2024\/04\/Emozione-2020-300x300.png 300w, https:\/\/schaumweinkontor.com\/wp-content\/uploads\/2024\/04\/Emozione-2020-150x150.png 150w, https:\/\/schaumweinkontor.com\/wp-content\/uploads\/2024\/04\/Emozione-2020-768x768.png 768w, https:\/\/schaumweinkontor.com\/wp-content\/uploads\/2024\/04\/Emozione-2020-510x510.png 510w, https:\/\/schaumweinkontor.com\/wp-content\/uploads\/2024\/04\/Emozione-2020-100x100.png 100w, https:\/\/schaumweinkontor.com\/wp-content\/uploads\/2024\/04\/Emozione-2020.png 1000w\" sizes=\"auto, (max-width: 300px) 100vw, 300px\" \/>\t\t\t\t\t\t\t\t\t<\/a>\n\t\t\t\t\t\t\t\t\t\t\t\t\t\t\t\t\t\t \t\t\t\t\t\t\t\t<\/div>\n\t\t\t\t\t\t\t\t<div class=\"image-tools top right show-on-hover\">\n\t\t\t\t\t\t\t\t\t\t\t\t\t\t\t\t\t<\/div>\n\t\t\t\t\t\t\t\t\t\t\t\t\t\t\t\t\t<div class=\"image-tools grid-tools text-center hide-for-small bottom hover-slide-in show-on-hover\">\n\t\t\t\t\t\t\t\t\t\t\t\t\t\t\t\t\t\t\t<\/div>\n\t\t\t\t\t\t\t\t\t\t\t\t\t\t\t\t\t\t\t\t\t\t\t<\/div>\n\n\t\t\t\t\t\t\t<div class=\"box-text text-center\" >\n\t\t\t\t\t\t\t\t<div class=\"title-wrapper\">\t\t<p class=\"category uppercase is-smaller no-text-overflow product-cat op-7\">\n\t\t\tVilla Franciacorta\t\t<\/p>\n\t<p class=\"name product-title woocommerce-loop-product__title\"><a href=\"https:\/\/schaumweinkontor.com\/en\/produkt\/villa-franciacorta-docg-brut-emozione-2015-15-l-magnum-copy\/\" class=\"woocommerce-LoopProduct-link woocommerce-loop-product__link\">Villa Franciacorta DOCG Brut Emozione 2020 1,5 L Magnum BIO<\/a><\/p><\/div><div class=\"price-wrapper\">\n\t<span class=\"price\"><span class=\"woocommerce-Price-amount amount\" role=\"none\"><bdi><span class=\"woocommerce-Price-currencySymbol\">&euro;<\/span>&nbsp;64,90<\/bdi><\/span> <small class=\"woocommerce-price-suffix\">inkl. MwSt.<\/small><\/span>\n<\/div><div class=\"add-to-cart-button\"><a href=\"\/en\/wp-json\/wp\/v2\/pages\/4628?add-to-cart=5216\" aria-describedby=\"woocommerce_loop_add_to_cart_link_describedby_5216\" data-quantity=\"1\" class=\"primary is-small mb-0 button product_type_simple add_to_cart_button ajax_add_to_cart is-outline\" data-product_id=\"5216\" data-product_sku=\"100300134\" aria-label=\"Add to cart: &ldquo;Villa Franciacorta DOCG Brut Emozione 2020 1,5 L Magnum BIO&rdquo;\" rel=\"nofollow\" data-success_message=\"&ldquo;Villa Franciacorta DOCG Brut Emozione 2020 1,5 L Magnum BIO&rdquo; has been added to your cart\" role=\"button\">Add to cart<\/a><\/div>\t<span id=\"woocommerce_loop_add_to_cart_link_describedby_5216\" class=\"screen-reader-text\">\n\t\t\t<\/span>\n\t\t\t\t\t\t\t<\/div>\n\t\t\t\t\t\t<\/div>\n\t\t\t\t\t\t<\/div>\n\t\t\t\t\t<\/div><div class=\"col\" data-animate=\"fadeInUp\">\n\t\t\t\t\t\t<div class=\"col-inner\">\n\t\t\t\t\t\t\n<div class=\"badge-container badge-custom absolute right top z-1\">\n\n<\/div>\n\t\t\t\t\t\t<div class=\"product-small box margin-auto has-hover box-vertical box-text-bottom\">\n\t\t\t\t\t\t\t<div class=\"box-image\" >\n\t\t\t\t\t\t\t\t<div class=\"image-cover\" style=\"padding-top:100%;\">\n\t\t\t\t\t\t\t\t\t<a href=\"https:\/\/schaumweinkontor.com\/en\/produkt\/villa-franciacorta-docg-blu-extra-brut-2016-15-l-magnum\/\" aria-label=\"Villa Franciacorta DOCG Extra Blu Extra Brut 2016 1,5 L Magnum\">\n\t\t\t\t\t\t\t\t\t\t<img loading=\"lazy\" decoding=\"async\" width=\"300\" height=\"300\" src=\"https:\/\/schaumweinkontor.com\/wp-content\/uploads\/2022\/06\/extra-blu1-1-2-300x300.jpg\" class=\"attachment-medium size-medium\" alt=\"Villa Franciacorta DOCG Extra Blu Extra Brut\" srcset=\"https:\/\/schaumweinkontor.com\/wp-content\/uploads\/2022\/06\/extra-blu1-1-2-300x300.jpg 300w, https:\/\/schaumweinkontor.com\/wp-content\/uploads\/2022\/06\/extra-blu1-1-2-100x100.jpg 100w, https:\/\/schaumweinkontor.com\/wp-content\/uploads\/2022\/06\/extra-blu1-1-2-510x510.jpg 510w, https:\/\/schaumweinkontor.com\/wp-content\/uploads\/2022\/06\/extra-blu1-1-2-150x150.jpg 150w, https:\/\/schaumweinkontor.com\/wp-content\/uploads\/2022\/06\/extra-blu1-1-2-768x768.jpg 768w, https:\/\/schaumweinkontor.com\/wp-content\/uploads\/2022\/06\/extra-blu1-1-2.jpg 800w\" sizes=\"auto, (max-width: 300px) 100vw, 300px\" \/>\t\t\t\t\t\t\t\t\t<\/a>\n\t\t\t\t\t\t\t\t\t\t\t\t\t\t\t\t\t\t \t\t\t\t\t\t\t\t<\/div>\n\t\t\t\t\t\t\t\t<div class=\"image-tools top right show-on-hover\">\n\t\t\t\t\t\t\t\t\t\t\t\t\t\t\t\t\t<\/div>\n\t\t\t\t\t\t\t\t\t\t\t\t\t\t\t\t\t<div class=\"image-tools grid-tools text-center hide-for-small bottom hover-slide-in show-on-hover\">\n\t\t\t\t\t\t\t\t\t\t\t\t\t\t\t\t\t\t\t<\/div>\n\t\t\t\t\t\t\t\t\t\t\t\t\t\t\t\t\t\t\t\t\t\t\t<\/div>\n\n\t\t\t\t\t\t\t<div class=\"box-text text-center\" >\n\t\t\t\t\t\t\t\t<div class=\"title-wrapper\">\t\t<p class=\"category uppercase is-smaller no-text-overflow product-cat op-7\">\n\t\t\tVilla Franciacorta\t\t<\/p>\n\t<p class=\"name product-title woocommerce-loop-product__title\"><a href=\"https:\/\/schaumweinkontor.com\/en\/produkt\/villa-franciacorta-docg-blu-extra-brut-2016-15-l-magnum\/\" class=\"woocommerce-LoopProduct-link woocommerce-loop-product__link\">Villa Franciacorta DOCG Extra Blu Extra Brut 2016 1,5 L Magnum<\/a><\/p><\/div><div class=\"price-wrapper\">\n\t<span class=\"price\"><span class=\"woocommerce-Price-amount amount\" role=\"none\"><bdi><span class=\"woocommerce-Price-currencySymbol\">&euro;<\/span>&nbsp;69,00<\/bdi><\/span> <small class=\"woocommerce-price-suffix\">inkl. MwSt.<\/small><\/span>\n<\/div><div class=\"add-to-cart-button\"><a href=\"\/en\/wp-json\/wp\/v2\/pages\/4628?add-to-cart=4744\" aria-describedby=\"woocommerce_loop_add_to_cart_link_describedby_4744\" data-quantity=\"1\" class=\"primary is-small mb-0 button product_type_simple add_to_cart_button ajax_add_to_cart is-outline\" data-product_id=\"4744\" data-product_sku=\"100300122\" aria-label=\"Add to cart: &ldquo;Villa Franciacorta DOCG Extra Blu Extra Brut 2016 1,5 L Magnum&rdquo;\" rel=\"nofollow\" data-success_message=\"&ldquo;Villa Franciacorta DOCG Extra Blu Extra Brut 2016 1,5 L Magnum&rdquo; has been added to your cart\" role=\"button\">Add to cart<\/a><\/div>\t<span id=\"woocommerce_loop_add_to_cart_link_describedby_4744\" class=\"screen-reader-text\">\n\t\t\t<\/span>\n\t\t\t\t\t\t\t<\/div>\n\t\t\t\t\t\t<\/div>\n\t\t\t\t\t\t<\/div>\n\t\t\t\t\t<\/div><div class=\"col\" data-animate=\"fadeInUp\">\n\t\t\t\t\t\t<div class=\"col-inner\">\n\t\t\t\t\t\t\n<div class=\"badge-container badge-custom absolute right top z-1\">\n\n<\/div>\n\t\t\t\t\t\t<div class=\"product-small box margin-auto has-hover box-vertical box-text-bottom\">\n\t\t\t\t\t\t\t<div class=\"box-image\" >\n\t\t\t\t\t\t\t\t<div class=\"image-cover\" style=\"padding-top:100%;\">\n\t\t\t\t\t\t\t\t\t<a href=\"https:\/\/schaumweinkontor.com\/en\/produkt\/villa-franciacorta-docg-mon-saten-brut-2018-075-l-bio-copy\/\" aria-label=\"Villa Franciacorta DOCG Sat\u00e8n Brut 2018 1,5 L BIO\">\n\t\t\t\t\t\t\t\t\t\t<img loading=\"lazy\" decoding=\"async\" width=\"300\" height=\"300\" src=\"https:\/\/schaumweinkontor.com\/wp-content\/uploads\/2022\/06\/Villa_Saten-300x300.png\" class=\"attachment-medium size-medium\" alt=\"Villa Franciacorta DOCG Mon Sat\u00e8n Brut 2018 BIO \" srcset=\"https:\/\/schaumweinkontor.com\/wp-content\/uploads\/2022\/06\/Villa_Saten-300x300.png 300w, https:\/\/schaumweinkontor.com\/wp-content\/uploads\/2022\/06\/Villa_Saten-100x100.png 100w, https:\/\/schaumweinkontor.com\/wp-content\/uploads\/2022\/06\/Villa_Saten-510x510.png 510w, https:\/\/schaumweinkontor.com\/wp-content\/uploads\/2022\/06\/Villa_Saten-150x150.png 150w, https:\/\/schaumweinkontor.com\/wp-content\/uploads\/2022\/06\/Villa_Saten-768x768.png 768w, https:\/\/schaumweinkontor.com\/wp-content\/uploads\/2022\/06\/Villa_Saten.png 1000w\" sizes=\"auto, (max-width: 300px) 100vw, 300px\" \/>\t\t\t\t\t\t\t\t\t<\/a>\n\t\t\t\t\t\t\t\t\t\t\t\t\t\t\t\t\t\t \t\t\t\t\t\t\t\t<\/div>\n\t\t\t\t\t\t\t\t<div class=\"image-tools top right show-on-hover\">\n\t\t\t\t\t\t\t\t\t\t\t\t\t\t\t\t\t<\/div>\n\t\t\t\t\t\t\t\t\t\t\t\t\t\t\t\t\t<div class=\"image-tools grid-tools text-center hide-for-small bottom hover-slide-in show-on-hover\">\n\t\t\t\t\t\t\t\t\t\t\t\t\t\t\t\t\t\t\t<\/div>\n\t\t\t\t\t\t\t\t\t\t\t\t\t\t\t\t\t\t\t\t\t\t\t<\/div>\n\n\t\t\t\t\t\t\t<div class=\"box-text text-center\" >\n\t\t\t\t\t\t\t\t<div class=\"title-wrapper\">\t\t<p class=\"category uppercase is-smaller no-text-overflow product-cat op-7\">\n\t\t\tVilla Franciacorta\t\t<\/p>\n\t<p class=\"name product-title woocommerce-loop-product__title\"><a href=\"https:\/\/schaumweinkontor.com\/en\/produkt\/villa-franciacorta-docg-mon-saten-brut-2018-075-l-bio-copy\/\" class=\"woocommerce-LoopProduct-link woocommerce-loop-product__link\">Villa Franciacorta DOCG Sat\u00e8n Brut 2018 1,5 L BIO<\/a><\/p><\/div><div class=\"price-wrapper\">\n\t<span class=\"price\"><span class=\"woocommerce-Price-amount amount\" role=\"none\"><bdi><span class=\"woocommerce-Price-currencySymbol\">&euro;<\/span>&nbsp;75,50<\/bdi><\/span> <small class=\"woocommerce-price-suffix\">inkl. MwSt.<\/small><\/span>\n<\/div><div class=\"add-to-cart-button\"><a href=\"\/en\/wp-json\/wp\/v2\/pages\/4628?add-to-cart=5222\" aria-describedby=\"woocommerce_loop_add_to_cart_link_describedby_5222\" data-quantity=\"1\" class=\"primary is-small mb-0 button product_type_simple add_to_cart_button ajax_add_to_cart is-outline\" data-product_id=\"5222\" data-product_sku=\"100300584\" aria-label=\"Add to cart: &ldquo;Villa Franciacorta DOCG Sat\u00e8n Brut 2018 1,5 L BIO&rdquo;\" rel=\"nofollow\" data-success_message=\"&ldquo;Villa Franciacorta DOCG Sat\u00e8n Brut 2018 1,5 L BIO&rdquo; has been added to your cart\" role=\"button\">Add to cart<\/a><\/div>\t<span id=\"woocommerce_loop_add_to_cart_link_describedby_5222\" class=\"screen-reader-text\">\n\t\t\t<\/span>\n\t\t\t\t\t\t\t<\/div>\n\t\t\t\t\t\t<\/div>\n\t\t\t\t\t\t<\/div>\n\t\t\t\t\t<\/div><div class=\"col\" data-animate=\"fadeInUp\">\n\t\t\t\t\t\t<div class=\"col-inner\">\n\t\t\t\t\t\t\n<div class=\"badge-container badge-custom absolute right top z-1\">\n\n<\/div>\n\t\t\t\t\t\t<div class=\"product-small box margin-auto has-hover box-vertical box-text-bottom\">\n\t\t\t\t\t\t\t<div class=\"box-image\" >\n\t\t\t\t\t\t\t\t<div class=\"image-cover\" style=\"padding-top:100%;\">\n\t\t\t\t\t\t\t\t\t<a href=\"https:\/\/schaumweinkontor.com\/en\/produkt\/villa-franciacorta-riserva-brut-docg-millesimato-2008-40-anni-075-l\/\" aria-label=\"Villa Franciacorta Riserva Brut DOCG Millesimato 2008 40 Anni 0,75 L\">\n\t\t\t\t\t\t\t\t\t\t<img loading=\"lazy\" decoding=\"async\" width=\"300\" height=\"300\" src=\"https:\/\/schaumweinkontor.com\/wp-content\/uploads\/2023\/03\/Villa-franciacorta-Emozione-40-anni-Riserva-2008.jpg-300x300.png\" class=\"attachment-medium size-medium\" alt=\"Villa Franciacorta Riserva Brut DOCG Millesimato 2008 40 Anni 0,75 L\" srcset=\"https:\/\/schaumweinkontor.com\/wp-content\/uploads\/2023\/03\/Villa-franciacorta-Emozione-40-anni-Riserva-2008.jpg-300x300.png 300w, https:\/\/schaumweinkontor.com\/wp-content\/uploads\/2023\/03\/Villa-franciacorta-Emozione-40-anni-Riserva-2008.jpg-100x100.png 100w, https:\/\/schaumweinkontor.com\/wp-content\/uploads\/2023\/03\/Villa-franciacorta-Emozione-40-anni-Riserva-2008.jpg-510x510.png 510w, https:\/\/schaumweinkontor.com\/wp-content\/uploads\/2023\/03\/Villa-franciacorta-Emozione-40-anni-Riserva-2008.jpg-150x150.png 150w, https:\/\/schaumweinkontor.com\/wp-content\/uploads\/2023\/03\/Villa-franciacorta-Emozione-40-anni-Riserva-2008.jpg-768x768.png 768w, https:\/\/schaumweinkontor.com\/wp-content\/uploads\/2023\/03\/Villa-franciacorta-Emozione-40-anni-Riserva-2008.jpg.png 1001w\" sizes=\"auto, (max-width: 300px) 100vw, 300px\" \/>\t\t\t\t\t\t\t\t\t<\/a>\n\t\t\t\t\t\t\t\t\t\t\t\t\t\t\t\t\t\t \t\t\t\t\t\t\t\t<\/div>\n\t\t\t\t\t\t\t\t<div class=\"image-tools top right show-on-hover\">\n\t\t\t\t\t\t\t\t\t\t\t\t\t\t\t\t\t<\/div>\n\t\t\t\t\t\t\t\t\t\t\t\t\t\t\t\t\t<div class=\"image-tools grid-tools text-center hide-for-small bottom hover-slide-in show-on-hover\">\n\t\t\t\t\t\t\t\t\t\t\t\t\t\t\t\t\t\t\t<\/div>\n\t\t\t\t\t\t\t\t\t\t\t\t\t\t\t\t\t\t\t\t\t\t\t<\/div>\n\n\t\t\t\t\t\t\t<div class=\"box-text text-center\" >\n\t\t\t\t\t\t\t\t<div class=\"title-wrapper\">\t\t<p class=\"category uppercase is-smaller no-text-overflow product-cat op-7\">\n\t\t\tFranciacorta\t\t<\/p>\n\t<p class=\"name product-title woocommerce-loop-product__title\"><a href=\"https:\/\/schaumweinkontor.com\/en\/produkt\/villa-franciacorta-riserva-brut-docg-millesimato-2008-40-anni-075-l\/\" class=\"woocommerce-LoopProduct-link woocommerce-loop-product__link\">Villa Franciacorta Riserva Brut DOCG Millesimato 2008 40 Anni 0,75 L<\/a><\/p><\/div><div class=\"price-wrapper\">\n\t<span class=\"price\"><span class=\"woocommerce-Price-amount amount\" role=\"none\"><bdi><span class=\"woocommerce-Price-currencySymbol\">&euro;<\/span>&nbsp;165,00<\/bdi><\/span> <small class=\"woocommerce-price-suffix\">inkl. MwSt.<\/small><\/span>\n<\/div><div class=\"add-to-cart-button\"><a href=\"\/en\/wp-json\/wp\/v2\/pages\/4628?add-to-cart=4711\" aria-describedby=\"woocommerce_loop_add_to_cart_link_describedby_4711\" data-quantity=\"1\" class=\"primary is-small mb-0 button product_type_simple add_to_cart_button ajax_add_to_cart is-outline\" data-product_id=\"4711\" data-product_sku=\"100300131\" aria-label=\"Add to cart: &ldquo;Villa Franciacorta Riserva Brut DOCG Millesimato 2008 40 Anni 0,75 L&rdquo;\" rel=\"nofollow\" data-success_message=\"&ldquo;Villa Franciacorta Riserva Brut DOCG Millesimato 2008 40 Anni 0,75 L&rdquo; has been added to your cart\" role=\"button\">Add to cart<\/a><\/div>\t<span id=\"woocommerce_loop_add_to_cart_link_describedby_4711\" class=\"screen-reader-text\">\n\t\t\t<\/span>\n\t\t\t\t\t\t\t<\/div>\n\t\t\t\t\t\t<\/div>\n\t\t\t\t\t\t<\/div>\n\t\t\t\t\t<\/div><div class=\"col\" data-animate=\"fadeInUp\">\n\t\t\t\t\t\t<div class=\"col-inner\">\n\t\t\t\t\t\t\n<div class=\"badge-container badge-custom absolute right top z-1\">\n\n<\/div>\n\t\t\t\t\t\t<div class=\"product-small box margin-auto has-hover box-vertical box-text-bottom\">\n\t\t\t\t\t\t\t<div class=\"box-image\" >\n\t\t\t\t\t\t\t\t<div class=\"image-cover\" style=\"padding-top:100%;\">\n\t\t\t\t\t\t\t\t\t<a href=\"https:\/\/schaumweinkontor.com\/en\/produkt\/villa-franciacorta-docg-brut-emozione-2016-3-l-jeroboam-in-hk\/\" aria-label=\"Villa Franciacorta DOCG Brut Emozione 2016 3 L Jeroboam in HK\">\n\t\t\t\t\t\t\t\t\t\t<img loading=\"lazy\" decoding=\"async\" width=\"300\" height=\"300\" src=\"https:\/\/schaumweinkontor.com\/wp-content\/uploads\/2022\/06\/emozione1-1-2-300x300.jpg\" class=\"attachment-medium size-medium\" alt=\"Villa Franciacorta DOCG Brut Emozione 2016 3 L Jeroboam in HK\" srcset=\"https:\/\/schaumweinkontor.com\/wp-content\/uploads\/2022\/06\/emozione1-1-2-300x300.jpg 300w, https:\/\/schaumweinkontor.com\/wp-content\/uploads\/2022\/06\/emozione1-1-2-100x100.jpg 100w, https:\/\/schaumweinkontor.com\/wp-content\/uploads\/2022\/06\/emozione1-1-2-510x510.jpg 510w, https:\/\/schaumweinkontor.com\/wp-content\/uploads\/2022\/06\/emozione1-1-2-150x150.jpg 150w, https:\/\/schaumweinkontor.com\/wp-content\/uploads\/2022\/06\/emozione1-1-2-768x768.jpg 768w, https:\/\/schaumweinkontor.com\/wp-content\/uploads\/2022\/06\/emozione1-1-2.jpg 800w\" sizes=\"auto, (max-width: 300px) 100vw, 300px\" \/>\t\t\t\t\t\t\t\t\t<\/a>\n\t\t\t\t\t\t\t\t\t\t\t\t\t\t\t\t\t\t \t\t\t\t\t\t\t\t<\/div>\n\t\t\t\t\t\t\t\t<div class=\"image-tools top right show-on-hover\">\n\t\t\t\t\t\t\t\t\t\t\t\t\t\t\t\t\t<\/div>\n\t\t\t\t\t\t\t\t\t\t\t\t\t\t\t\t\t<div class=\"image-tools grid-tools text-center hide-for-small bottom hover-slide-in show-on-hover\">\n\t\t\t\t\t\t\t\t\t\t\t\t\t\t\t\t\t\t\t<\/div>\n\t\t\t\t\t\t\t\t\t\t\t\t\t\t\t\t\t\t\t\t\t\t\t<\/div>\n\n\t\t\t\t\t\t\t<div class=\"box-text text-center\" >\n\t\t\t\t\t\t\t\t<div class=\"title-wrapper\">\t\t<p class=\"category uppercase is-smaller no-text-overflow product-cat op-7\">\n\t\t\tVilla Franciacorta\t\t<\/p>\n\t<p class=\"name product-title woocommerce-loop-product__title\"><a href=\"https:\/\/schaumweinkontor.com\/en\/produkt\/villa-franciacorta-docg-brut-emozione-2016-3-l-jeroboam-in-hk\/\" class=\"woocommerce-LoopProduct-link woocommerce-loop-product__link\">Villa Franciacorta DOCG Brut Emozione 2016 3 L Jeroboam in HK<\/a><\/p><\/div><div class=\"price-wrapper\">\n\t<span class=\"price\"><span class=\"woocommerce-Price-amount amount\" role=\"none\"><bdi><span class=\"woocommerce-Price-currencySymbol\">&euro;<\/span>&nbsp;198,00<\/bdi><\/span> <small class=\"woocommerce-price-suffix\">inkl. MwSt.<\/small><\/span>\n<\/div><div class=\"add-to-cart-button\"><a href=\"\/en\/wp-json\/wp\/v2\/pages\/4628?add-to-cart=4748\" aria-describedby=\"woocommerce_loop_add_to_cart_link_describedby_4748\" data-quantity=\"1\" class=\"primary is-small mb-0 button product_type_simple add_to_cart_button ajax_add_to_cart is-outline\" data-product_id=\"4748\" data-product_sku=\"100300119\" aria-label=\"Add to cart: &ldquo;Villa Franciacorta DOCG Brut Emozione 2016 3 L Jeroboam in HK&rdquo;\" rel=\"nofollow\" data-success_message=\"&ldquo;Villa Franciacorta DOCG Brut Emozione 2016 3 L Jeroboam in HK&rdquo; has been added to your cart\" role=\"button\">Add to cart<\/a><\/div>\t<span id=\"woocommerce_loop_add_to_cart_link_describedby_4748\" class=\"screen-reader-text\">\n\t\t\t<\/span>\n\t\t\t\t\t\t\t<\/div>\n\t\t\t\t\t\t<\/div>\n\t\t\t\t\t\t<\/div>\n\t\t\t\t\t<\/div><div class=\"col\" data-animate=\"fadeInUp\">\n\t\t\t\t\t\t<div class=\"col-inner\">\n\t\t\t\t\t\t\n<div class=\"badge-container badge-custom absolute right top z-1\">\n\n<\/div>\n\t\t\t\t\t\t<div class=\"product-small box margin-auto has-hover box-vertical box-text-bottom\">\n\t\t\t\t\t\t\t<div class=\"box-image\" >\n\t\t\t\t\t\t\t\t<div class=\"image-cover\" style=\"padding-top:100%;\">\n\t\t\t\t\t\t\t\t\t<a href=\"https:\/\/schaumweinkontor.com\/en\/produkt\/villa-franciacorta-docg-brut-emozione-2014-3-l-jeroboam-in-hk\/\" aria-label=\"Villa Franciacorta DOCG Brut Emozione 2014 3 L Jeroboam in HK\">\n\t\t\t\t\t\t\t\t\t\t<img loading=\"lazy\" decoding=\"async\" width=\"300\" height=\"300\" src=\"https:\/\/schaumweinkontor.com\/wp-content\/uploads\/2022\/06\/emozione1-1-2-300x300.jpg\" class=\"attachment-medium size-medium\" alt=\"Villa Franciacorta DOCG Brut Emozione 2014 3 L Jeroboam in HK\" srcset=\"https:\/\/schaumweinkontor.com\/wp-content\/uploads\/2022\/06\/emozione1-1-2-300x300.jpg 300w, https:\/\/schaumweinkontor.com\/wp-content\/uploads\/2022\/06\/emozione1-1-2-100x100.jpg 100w, https:\/\/schaumweinkontor.com\/wp-content\/uploads\/2022\/06\/emozione1-1-2-510x510.jpg 510w, https:\/\/schaumweinkontor.com\/wp-content\/uploads\/2022\/06\/emozione1-1-2-150x150.jpg 150w, https:\/\/schaumweinkontor.com\/wp-content\/uploads\/2022\/06\/emozione1-1-2-768x768.jpg 768w, https:\/\/schaumweinkontor.com\/wp-content\/uploads\/2022\/06\/emozione1-1-2.jpg 800w\" sizes=\"auto, (max-width: 300px) 100vw, 300px\" \/>\t\t\t\t\t\t\t\t\t<\/a>\n\t\t\t\t\t\t\t\t\t\t\t\t\t\t\t\t\t\t \t\t\t\t\t\t\t\t<\/div>\n\t\t\t\t\t\t\t\t<div class=\"image-tools top right show-on-hover\">\n\t\t\t\t\t\t\t\t\t\t\t\t\t\t\t\t\t<\/div>\n\t\t\t\t\t\t\t\t\t\t\t\t\t\t\t\t\t<div class=\"image-tools grid-tools text-center hide-for-small bottom hover-slide-in show-on-hover\">\n\t\t\t\t\t\t\t\t\t\t\t\t\t\t\t\t\t\t\t<\/div>\n\t\t\t\t\t\t\t\t\t\t\t\t\t\t\t\t\t\t\t\t\t\t\t<\/div>\n\n\t\t\t\t\t\t\t<div class=\"box-text text-center\" >\n\t\t\t\t\t\t\t\t<div class=\"title-wrapper\">\t\t<p class=\"category uppercase is-smaller no-text-overflow product-cat op-7\">\n\t\t\tVilla Franciacorta\t\t<\/p>\n\t<p class=\"name product-title woocommerce-loop-product__title\"><a href=\"https:\/\/schaumweinkontor.com\/en\/produkt\/villa-franciacorta-docg-brut-emozione-2014-3-l-jeroboam-in-hk\/\" class=\"woocommerce-LoopProduct-link woocommerce-loop-product__link\">Villa Franciacorta DOCG Brut Emozione 2014 3 L Jeroboam in HK<\/a><\/p><\/div><div class=\"price-wrapper\">\n\t<span class=\"price\"><span class=\"woocommerce-Price-amount amount\" role=\"none\"><bdi><span class=\"woocommerce-Price-currencySymbol\">&euro;<\/span>&nbsp;205,20<\/bdi><\/span> <small class=\"woocommerce-price-suffix\">inkl. MwSt.<\/small><\/span>\n<\/div><div class=\"add-to-cart-button\"><a href=\"\/en\/wp-json\/wp\/v2\/pages\/4628?add-to-cart=4749\" aria-describedby=\"woocommerce_loop_add_to_cart_link_describedby_4749\" data-quantity=\"1\" class=\"primary is-small mb-0 button product_type_simple add_to_cart_button ajax_add_to_cart is-outline\" data-product_id=\"4749\" data-product_sku=\"\" aria-label=\"Add to cart: &ldquo;Villa Franciacorta DOCG Brut Emozione 2014 3 L Jeroboam in HK&rdquo;\" rel=\"nofollow\" data-success_message=\"&ldquo;Villa Franciacorta DOCG Brut Emozione 2014 3 L Jeroboam in HK&rdquo; has been added to your cart\" role=\"button\">Add to cart<\/a><\/div>\t<span id=\"woocommerce_loop_add_to_cart_link_describedby_4749\" class=\"screen-reader-text\">\n\t\t\t<\/span>\n\t\t\t\t\t\t\t<\/div>\n\t\t\t\t\t\t<\/div>\n\t\t\t\t\t\t<\/div>\n\t\t\t\t\t<\/div><div class=\"col\" data-animate=\"fadeInUp\">\n\t\t\t\t\t\t<div class=\"col-inner\">\n\t\t\t\t\t\t\n<div class=\"badge-container badge-custom absolute right top z-1\">\n\n<\/div>\n\t\t\t\t\t\t<div class=\"product-small box margin-auto has-hover box-vertical box-text-bottom\">\n\t\t\t\t\t\t\t<div class=\"box-image\" >\n\t\t\t\t\t\t\t\t<div class=\"image-cover\" style=\"padding-top:100%;\">\n\t\t\t\t\t\t\t\t\t<a href=\"https:\/\/schaumweinkontor.com\/en\/produkt\/villa-franciacorta-docg-brut-emozione-2018-15-l-magnum-bio-copy\/\" aria-label=\"Villa Franciacorta DOCG Brut Emozione 2018 3 L BIO in Wooden Box\">\n\t\t\t\t\t\t\t\t\t\t<img loading=\"lazy\" decoding=\"async\" width=\"300\" height=\"300\" src=\"https:\/\/schaumweinkontor.com\/wp-content\/uploads\/2022\/06\/emozione1-1-2-300x300.jpg\" class=\"attachment-medium size-medium\" alt=\"Villa Franciacorta DOCG Brut Emozione 2018 3 L BIO in Wooden Box\" srcset=\"https:\/\/schaumweinkontor.com\/wp-content\/uploads\/2022\/06\/emozione1-1-2-300x300.jpg 300w, https:\/\/schaumweinkontor.com\/wp-content\/uploads\/2022\/06\/emozione1-1-2-100x100.jpg 100w, https:\/\/schaumweinkontor.com\/wp-content\/uploads\/2022\/06\/emozione1-1-2-510x510.jpg 510w, https:\/\/schaumweinkontor.com\/wp-content\/uploads\/2022\/06\/emozione1-1-2-150x150.jpg 150w, https:\/\/schaumweinkontor.com\/wp-content\/uploads\/2022\/06\/emozione1-1-2-768x768.jpg 768w, https:\/\/schaumweinkontor.com\/wp-content\/uploads\/2022\/06\/emozione1-1-2.jpg 800w\" sizes=\"auto, (max-width: 300px) 100vw, 300px\" \/>\t\t\t\t\t\t\t\t\t<\/a>\n\t\t\t\t\t\t\t\t\t\t\t\t\t\t\t\t\t\t \t\t\t\t\t\t\t\t<\/div>\n\t\t\t\t\t\t\t\t<div class=\"image-tools top right show-on-hover\">\n\t\t\t\t\t\t\t\t\t\t\t\t\t\t\t\t\t<\/div>\n\t\t\t\t\t\t\t\t\t\t\t\t\t\t\t\t\t<div class=\"image-tools grid-tools text-center hide-for-small bottom hover-slide-in show-on-hover\">\n\t\t\t\t\t\t\t\t\t\t\t\t\t\t\t\t\t\t\t<\/div>\n\t\t\t\t\t\t\t\t\t\t\t\t\t\t\t\t\t\t\t\t\t\t\t<\/div>\n\n\t\t\t\t\t\t\t<div class=\"box-text text-center\" >\n\t\t\t\t\t\t\t\t<div class=\"title-wrapper\">\t\t<p class=\"category uppercase is-smaller no-text-overflow product-cat op-7\">\n\t\t\tVilla Franciacorta\t\t<\/p>\n\t<p class=\"name product-title woocommerce-loop-product__title\"><a href=\"https:\/\/schaumweinkontor.com\/en\/produkt\/villa-franciacorta-docg-brut-emozione-2018-15-l-magnum-bio-copy\/\" class=\"woocommerce-LoopProduct-link woocommerce-loop-product__link\">Villa Franciacorta DOCG Brut Emozione 2018 3 L BIO in Wooden Box<\/a><\/p><\/div><div class=\"price-wrapper\">\n\t<span class=\"price\"><span class=\"woocommerce-Price-amount amount\" role=\"none\"><bdi><span class=\"woocommerce-Price-currencySymbol\">&euro;<\/span>&nbsp;225,00<\/bdi><\/span> <small class=\"woocommerce-price-suffix\">inkl. MwSt.<\/small><\/span>\n<\/div><div class=\"add-to-cart-button\"><a href=\"\/en\/wp-json\/wp\/v2\/pages\/4628?add-to-cart=5218\" aria-describedby=\"woocommerce_loop_add_to_cart_link_describedby_5218\" data-quantity=\"1\" class=\"primary is-small mb-0 button product_type_simple add_to_cart_button ajax_add_to_cart is-outline\" data-product_id=\"5218\" data-product_sku=\"100300129\" aria-label=\"Add to cart: &ldquo;Villa Franciacorta DOCG Brut Emozione 2018 3 L BIO in Wooden Box&rdquo;\" rel=\"nofollow\" data-success_message=\"&ldquo;Villa Franciacorta DOCG Brut Emozione 2018 3 L BIO in Wooden Box&rdquo; has been added to your cart\" role=\"button\">Add to cart<\/a><\/div>\t<span id=\"woocommerce_loop_add_to_cart_link_describedby_5218\" class=\"screen-reader-text\">\n\t\t\t<\/span>\n\t\t\t\t\t\t\t<\/div>\n\t\t\t\t\t\t<\/div>\n\t\t\t\t\t\t<\/div>\n\t\t\t\t\t<\/div><div class=\"col\" data-animate=\"fadeInUp\">\n\t\t\t\t\t\t<div class=\"col-inner\">\n\t\t\t\t\t\t\n<div class=\"badge-container badge-custom absolute right top z-1\">\n\n<\/div>\n\t\t\t\t\t\t<div class=\"product-small box margin-auto has-hover box-vertical box-text-bottom\">\n\t\t\t\t\t\t\t<div class=\"box-image\" >\n\t\t\t\t\t\t\t\t<div class=\"image-cover\" style=\"padding-top:100%;\">\n\t\t\t\t\t\t\t\t\t<a href=\"https:\/\/schaumweinkontor.com\/en\/produkt\/villa-franciacorta-docg-brut-emozione-2019-6-l-bio-in-wooden-box\/\" aria-label=\"Villa Franciacorta DOCG Brut Emozione 2019 6 L BIO in Wooden Box\">\n\t\t\t\t\t\t\t\t\t\t<img loading=\"lazy\" decoding=\"async\" width=\"300\" height=\"300\" src=\"https:\/\/schaumweinkontor.com\/wp-content\/uploads\/2024\/04\/Emozione-2019-300x300.png\" class=\"attachment-medium size-medium\" alt=\"Villa Franciacorta DOCG Brut Emozione 2019 BIO \" srcset=\"https:\/\/schaumweinkontor.com\/wp-content\/uploads\/2024\/04\/Emozione-2019-300x300.png 300w, https:\/\/schaumweinkontor.com\/wp-content\/uploads\/2024\/04\/Emozione-2019-150x150.png 150w, https:\/\/schaumweinkontor.com\/wp-content\/uploads\/2024\/04\/Emozione-2019-768x768.png 768w, https:\/\/schaumweinkontor.com\/wp-content\/uploads\/2024\/04\/Emozione-2019-510x510.png 510w, https:\/\/schaumweinkontor.com\/wp-content\/uploads\/2024\/04\/Emozione-2019-100x100.png 100w, https:\/\/schaumweinkontor.com\/wp-content\/uploads\/2024\/04\/Emozione-2019.png 1000w\" sizes=\"auto, (max-width: 300px) 100vw, 300px\" \/>\t\t\t\t\t\t\t\t\t<\/a>\n\t\t\t\t\t\t\t\t\t\t\t\t\t\t\t\t\t\t \t\t\t\t\t\t\t\t<\/div>\n\t\t\t\t\t\t\t\t<div class=\"image-tools top right show-on-hover\">\n\t\t\t\t\t\t\t\t\t\t\t\t\t\t\t\t\t<\/div>\n\t\t\t\t\t\t\t\t\t\t\t\t\t\t\t\t\t<div class=\"image-tools grid-tools text-center hide-for-small bottom hover-slide-in show-on-hover\">\n\t\t\t\t\t\t\t\t\t\t\t\t\t\t\t\t\t\t\t<\/div>\n\t\t\t\t\t\t\t\t\t\t\t\t\t\t\t\t\t\t\t\t\t\t\t<\/div>\n\n\t\t\t\t\t\t\t<div class=\"box-text text-center\" >\n\t\t\t\t\t\t\t\t<div class=\"title-wrapper\">\t\t<p class=\"category uppercase is-smaller no-text-overflow product-cat op-7\">\n\t\t\tVilla Franciacorta\t\t<\/p>\n\t<p class=\"name product-title woocommerce-loop-product__title\"><a href=\"https:\/\/schaumweinkontor.com\/en\/produkt\/villa-franciacorta-docg-brut-emozione-2019-6-l-bio-in-wooden-box\/\" class=\"woocommerce-LoopProduct-link woocommerce-loop-product__link\">Villa Franciacorta DOCG Brut Emozione 2019 6 L BIO in Wooden Box<\/a><\/p><\/div><div class=\"price-wrapper\">\n\t<span class=\"price\"><span class=\"woocommerce-Price-amount amount\" role=\"none\"><bdi><span class=\"woocommerce-Price-currencySymbol\">&euro;<\/span>&nbsp;445,00<\/bdi><\/span> <small class=\"woocommerce-price-suffix\">inkl. MwSt.<\/small><\/span>\n<\/div><div class=\"add-to-cart-button\"><a href=\"\/en\/wp-json\/wp\/v2\/pages\/4628?add-to-cart=5219\" aria-describedby=\"woocommerce_loop_add_to_cart_link_describedby_5219\" data-quantity=\"1\" class=\"primary is-small mb-0 button product_type_simple add_to_cart_button ajax_add_to_cart is-outline\" data-product_id=\"5219\" data-product_sku=\"100300130\" aria-label=\"Add to cart: &ldquo;Villa Franciacorta DOCG Brut Emozione 2019 6 L BIO in Wooden Box&rdquo;\" rel=\"nofollow\" data-success_message=\"&ldquo;Villa Franciacorta DOCG Brut Emozione 2019 6 L BIO in Wooden Box&rdquo; has been added to your cart\" role=\"button\">Add to cart<\/a><\/div>\t<span id=\"woocommerce_loop_add_to_cart_link_describedby_5219\" class=\"screen-reader-text\">\n\t\t\t<\/span>\n\t\t\t\t\t\t\t<\/div>\n\t\t\t\t\t\t<\/div>\n\t\t\t\t\t\t<\/div>\n\t\t\t\t\t<\/div><\/div>\n\n\n  \n    <div class=\"row  equalize-box show-for-medium hide-for-small large-columns-3 medium-columns-2 small-columns-1 row-large has-shadow row-box-shadow-2 row-box-shadow-4-hover\" >\n  \t\n\t     <div class=\"col\" data-animate=\"fadeInUp\">\n\t\t\t\t\t\t<div class=\"col-inner\">\n\t\t\t\t\t\t\n<div class=\"badge-container badge-custom absolute right top z-1\">\n\n<\/div>\n\t\t\t\t\t\t<div class=\"product-small box has-hover box-normal box-text-bottom\">\n\t\t\t\t\t\t\t<div class=\"box-image\" >\n\t\t\t\t\t\t\t\t<div class=\"image-cover\" style=\"padding-top:100%;\">\n\t\t\t\t\t\t\t\t\t<a href=\"https:\/\/schaumweinkontor.com\/en\/produkt\/villa-franciacorta-docg-brut-emozione-2015-2016-075-l\/\" aria-label=\"Villa Franciacorta DOCG Brut Emozione 2019 0,75 l BIO\">\n\t\t\t\t\t\t\t\t\t\t<img loading=\"lazy\" decoding=\"async\" width=\"300\" height=\"300\" src=\"https:\/\/schaumweinkontor.com\/wp-content\/uploads\/2024\/04\/Emozione-2019-300x300.png\" class=\"attachment-medium size-medium\" alt=\"Villa Franciacorta DOCG Brut Emozione 2019 BIO \" srcset=\"https:\/\/schaumweinkontor.com\/wp-content\/uploads\/2024\/04\/Emozione-2019-300x300.png 300w, https:\/\/schaumweinkontor.com\/wp-content\/uploads\/2024\/04\/Emozione-2019-150x150.png 150w, https:\/\/schaumweinkontor.com\/wp-content\/uploads\/2024\/04\/Emozione-2019-768x768.png 768w, https:\/\/schaumweinkontor.com\/wp-content\/uploads\/2024\/04\/Emozione-2019-510x510.png 510w, https:\/\/schaumweinkontor.com\/wp-content\/uploads\/2024\/04\/Emozione-2019-100x100.png 100w, https:\/\/schaumweinkontor.com\/wp-content\/uploads\/2024\/04\/Emozione-2019.png 1000w\" sizes=\"auto, (max-width: 300px) 100vw, 300px\" \/>\t\t\t\t\t\t\t\t\t<\/a>\n\t\t\t\t\t\t\t\t\t\t\t\t\t\t\t\t\t\t \t\t\t\t\t\t\t\t<\/div>\n\t\t\t\t\t\t\t\t<div class=\"image-tools top right show-on-hover\">\n\t\t\t\t\t\t\t\t\t\t\t\t\t\t\t\t\t<\/div>\n\t\t\t\t\t\t\t\t\t\t\t\t\t\t\t\t\t<div class=\"image-tools grid-tools text-center hide-for-small bottom hover-slide-in show-on-hover\">\n\t\t\t\t\t\t\t\t\t\t\t\t\t\t\t\t\t\t\t<\/div>\n\t\t\t\t\t\t\t\t\t\t\t\t\t\t\t\t\t\t\t\t\t\t\t<\/div>\n\n\t\t\t\t\t\t\t<div class=\"box-text text-center\" >\n\t\t\t\t\t\t\t\t<div class=\"title-wrapper\">\t\t<p class=\"category uppercase is-smaller no-text-overflow product-cat op-7\">\n\t\t\tVilla Franciacorta\t\t<\/p>\n\t<p class=\"name product-title woocommerce-loop-product__title\"><a href=\"https:\/\/schaumweinkontor.com\/en\/produkt\/villa-franciacorta-docg-brut-emozione-2015-2016-075-l\/\" class=\"woocommerce-LoopProduct-link woocommerce-loop-product__link\">Villa Franciacorta DOCG Brut Emozione 2019 0,75 l BIO<\/a><\/p><\/div><div class=\"price-wrapper\">\n\t<span class=\"price\"><span class=\"woocommerce-Price-amount amount\" role=\"none\"><bdi><span class=\"woocommerce-Price-currencySymbol\">&euro;<\/span>&nbsp;31,60<\/bdi><\/span> <small class=\"woocommerce-price-suffix\">inkl. MwSt.<\/small><\/span>\n<\/div><div class=\"add-to-cart-button\"><a href=\"\/en\/wp-json\/wp\/v2\/pages\/4628?add-to-cart=4810\" aria-describedby=\"woocommerce_loop_add_to_cart_link_describedby_4810\" data-quantity=\"1\" class=\"primary is-small mb-0 button product_type_simple add_to_cart_button ajax_add_to_cart is-outline\" data-product_id=\"4810\" data-product_sku=\"100300133\" aria-label=\"Add to cart: &ldquo;Villa Franciacorta DOCG Brut Emozione 2019 0,75 l BIO&rdquo;\" rel=\"nofollow\" data-success_message=\"&ldquo;Villa Franciacorta DOCG Brut Emozione 2019 0,75 l BIO&rdquo; has been added to your cart\" role=\"button\">Add to cart<\/a><\/div>\t<span id=\"woocommerce_loop_add_to_cart_link_describedby_4810\" class=\"screen-reader-text\">\n\t\t\t<\/span>\n\t\t\t\t\t\t\t<\/div>\n\t\t\t\t\t\t<\/div>\n\t\t\t\t\t\t<\/div>\n\t\t\t\t\t<\/div><div class=\"col\" data-animate=\"fadeInUp\">\n\t\t\t\t\t\t<div class=\"col-inner\">\n\t\t\t\t\t\t\n<div class=\"badge-container badge-custom absolute right top z-1\">\n\n<\/div>\n\t\t\t\t\t\t<div class=\"product-small box has-hover box-normal box-text-bottom\">\n\t\t\t\t\t\t\t<div class=\"box-image\" >\n\t\t\t\t\t\t\t\t<div class=\"image-cover\" style=\"padding-top:100%;\">\n\t\t\t\t\t\t\t\t\t<a href=\"https:\/\/schaumweinkontor.com\/en\/produkt\/villa-franciacorta-docg-mon-saten-brut-2016-075-l\/\" aria-label=\"Villa Franciacorta DOCG Mon Sat\u00e8n Brut 2018 BIO 0,75 l\">\n\t\t\t\t\t\t\t\t\t\t<img loading=\"lazy\" decoding=\"async\" width=\"300\" height=\"300\" src=\"https:\/\/schaumweinkontor.com\/wp-content\/uploads\/2022\/06\/Villa_Saten-300x300.png\" class=\"attachment-medium size-medium\" alt=\"Villa Franciacorta DOCG Mon Sat\u00e8n Brut 2018 BIO \" srcset=\"https:\/\/schaumweinkontor.com\/wp-content\/uploads\/2022\/06\/Villa_Saten-300x300.png 300w, https:\/\/schaumweinkontor.com\/wp-content\/uploads\/2022\/06\/Villa_Saten-100x100.png 100w, https:\/\/schaumweinkontor.com\/wp-content\/uploads\/2022\/06\/Villa_Saten-510x510.png 510w, https:\/\/schaumweinkontor.com\/wp-content\/uploads\/2022\/06\/Villa_Saten-150x150.png 150w, https:\/\/schaumweinkontor.com\/wp-content\/uploads\/2022\/06\/Villa_Saten-768x768.png 768w, https:\/\/schaumweinkontor.com\/wp-content\/uploads\/2022\/06\/Villa_Saten.png 1000w\" sizes=\"auto, (max-width: 300px) 100vw, 300px\" \/>\t\t\t\t\t\t\t\t\t<\/a>\n\t\t\t\t\t\t\t\t\t\t\t\t\t\t\t\t\t\t \t\t\t\t\t\t\t\t<\/div>\n\t\t\t\t\t\t\t\t<div class=\"image-tools top right show-on-hover\">\n\t\t\t\t\t\t\t\t\t\t\t\t\t\t\t\t\t<\/div>\n\t\t\t\t\t\t\t\t\t\t\t\t\t\t\t\t\t<div class=\"image-tools grid-tools text-center hide-for-small bottom hover-slide-in show-on-hover\">\n\t\t\t\t\t\t\t\t\t\t\t\t\t\t\t\t\t\t\t<\/div>\n\t\t\t\t\t\t\t\t\t\t\t\t\t\t\t\t\t\t\t\t\t\t\t<\/div>\n\n\t\t\t\t\t\t\t<div class=\"box-text text-center\" >\n\t\t\t\t\t\t\t\t<div class=\"title-wrapper\">\t\t<p class=\"category uppercase is-smaller no-text-overflow product-cat op-7\">\n\t\t\tVilla Franciacorta\t\t<\/p>\n\t<p class=\"name product-title woocommerce-loop-product__title\"><a href=\"https:\/\/schaumweinkontor.com\/en\/produkt\/villa-franciacorta-docg-mon-saten-brut-2016-075-l\/\" class=\"woocommerce-LoopProduct-link woocommerce-loop-product__link\">Villa Franciacorta DOCG Mon Sat\u00e8n Brut 2018 BIO 0,75 l<\/a><\/p><\/div><div class=\"price-wrapper\">\n\t<span class=\"price\"><span class=\"woocommerce-Price-amount amount\" role=\"none\"><bdi><span class=\"woocommerce-Price-currencySymbol\">&euro;<\/span>&nbsp;34,90<\/bdi><\/span> <small class=\"woocommerce-price-suffix\">inkl. MwSt.<\/small><\/span>\n<\/div><div class=\"add-to-cart-button\"><a href=\"\/en\/wp-json\/wp\/v2\/pages\/4628?add-to-cart=4753\" aria-describedby=\"woocommerce_loop_add_to_cart_link_describedby_4753\" data-quantity=\"1\" class=\"primary is-small mb-0 button product_type_simple add_to_cart_button ajax_add_to_cart is-outline\" data-product_id=\"4753\" data-product_sku=\"100300137\" aria-label=\"Add to cart: &ldquo;Villa Franciacorta DOCG Mon Sat\u00e8n Brut 2018 BIO 0,75 l&rdquo;\" rel=\"nofollow\" data-success_message=\"&ldquo;Villa Franciacorta DOCG Mon Sat\u00e8n Brut 2018 BIO 0,75 l&rdquo; has been added to your cart\" role=\"button\">Add to cart<\/a><\/div>\t<span id=\"woocommerce_loop_add_to_cart_link_describedby_4753\" class=\"screen-reader-text\">\n\t\t\t<\/span>\n\t\t\t\t\t\t\t<\/div>\n\t\t\t\t\t\t<\/div>\n\t\t\t\t\t\t<\/div>\n\t\t\t\t\t<\/div><div class=\"col\" data-animate=\"fadeInUp\">\n\t\t\t\t\t\t<div class=\"col-inner\">\n\t\t\t\t\t\t\n<div class=\"badge-container badge-custom absolute right top z-1\">\n\n<\/div>\n\t\t\t\t\t\t<div class=\"product-small box has-hover box-normal box-text-bottom\">\n\t\t\t\t\t\t\t<div class=\"box-image\" >\n\t\t\t\t\t\t\t\t<div class=\"image-cover\" style=\"padding-top:100%;\">\n\t\t\t\t\t\t\t\t\t<a href=\"https:\/\/schaumweinkontor.com\/en\/produkt\/villa-franciacorta-docg-boke-rose-2016-075-l\/\" aria-label=\"Villa Franciacorta DOCG Bok\u00e9 Rose 2019 0,75 L BIO\">\n\t\t\t\t\t\t\t\t\t\t<img loading=\"lazy\" decoding=\"async\" width=\"300\" height=\"300\" src=\"https:\/\/schaumweinkontor.com\/wp-content\/uploads\/2022\/04\/Villa-Franciacorta-Boke-Rose-Brut-075-1000x1000px-300x300.png\" class=\"attachment-medium size-medium\" alt=\"Villa Franciacorta DOCG Bok\u00e9 Rose 2019 0,75 L BIO\" srcset=\"https:\/\/schaumweinkontor.com\/wp-content\/uploads\/2022\/04\/Villa-Franciacorta-Boke-Rose-Brut-075-1000x1000px-300x300.png 300w, https:\/\/schaumweinkontor.com\/wp-content\/uploads\/2022\/04\/Villa-Franciacorta-Boke-Rose-Brut-075-1000x1000px-100x100.png 100w, https:\/\/schaumweinkontor.com\/wp-content\/uploads\/2022\/04\/Villa-Franciacorta-Boke-Rose-Brut-075-1000x1000px-510x510.png 510w, https:\/\/schaumweinkontor.com\/wp-content\/uploads\/2022\/04\/Villa-Franciacorta-Boke-Rose-Brut-075-1000x1000px-150x150.png 150w, https:\/\/schaumweinkontor.com\/wp-content\/uploads\/2022\/04\/Villa-Franciacorta-Boke-Rose-Brut-075-1000x1000px-768x768.png 768w, https:\/\/schaumweinkontor.com\/wp-content\/uploads\/2022\/04\/Villa-Franciacorta-Boke-Rose-Brut-075-1000x1000px.png 1001w\" sizes=\"auto, (max-width: 300px) 100vw, 300px\" \/>\t\t\t\t\t\t\t\t\t<\/a>\n\t\t\t\t\t\t\t\t\t\t\t\t\t\t\t\t\t\t \t\t\t\t\t\t\t\t<\/div>\n\t\t\t\t\t\t\t\t<div class=\"image-tools top right show-on-hover\">\n\t\t\t\t\t\t\t\t\t\t\t\t\t\t\t\t\t<\/div>\n\t\t\t\t\t\t\t\t\t\t\t\t\t\t\t\t\t<div class=\"image-tools grid-tools text-center hide-for-small bottom hover-slide-in show-on-hover\">\n\t\t\t\t\t\t\t\t\t\t\t\t\t\t\t\t\t\t\t<\/div>\n\t\t\t\t\t\t\t\t\t\t\t\t\t\t\t\t\t\t\t\t\t\t\t<\/div>\n\n\t\t\t\t\t\t\t<div class=\"box-text text-center\" >\n\t\t\t\t\t\t\t\t<div class=\"title-wrapper\">\t\t<p class=\"category uppercase is-smaller no-text-overflow product-cat op-7\">\n\t\t\tVilla Franciacorta\t\t<\/p>\n\t<p class=\"name product-title woocommerce-loop-product__title\"><a href=\"https:\/\/schaumweinkontor.com\/en\/produkt\/villa-franciacorta-docg-boke-rose-2016-075-l\/\" class=\"woocommerce-LoopProduct-link woocommerce-loop-product__link\">Villa Franciacorta DOCG Bok\u00e9 Rose 2019 0,75 L BIO<\/a><\/p><\/div><div class=\"price-wrapper\">\n\t<span class=\"price\"><span class=\"woocommerce-Price-amount amount\" role=\"none\"><bdi><span class=\"woocommerce-Price-currencySymbol\">&euro;<\/span>&nbsp;35,90<\/bdi><\/span> <small class=\"woocommerce-price-suffix\">inkl. MwSt.<\/small><\/span>\n<\/div><div class=\"add-to-cart-button\"><a href=\"\/en\/wp-json\/wp\/v2\/pages\/4628?add-to-cart=4808\" aria-describedby=\"woocommerce_loop_add_to_cart_link_describedby_4808\" data-quantity=\"1\" class=\"primary is-small mb-0 button product_type_simple add_to_cart_button ajax_add_to_cart is-outline\" data-product_id=\"4808\" data-product_sku=\"100300135\" aria-label=\"Add to cart: &ldquo;Villa Franciacorta DOCG Bok\u00e9 Rose 2019 0,75 L BIO&rdquo;\" rel=\"nofollow\" data-success_message=\"&ldquo;Villa Franciacorta DOCG Bok\u00e9 Rose 2019 0,75 L BIO&rdquo; has been added to your cart\" role=\"button\">Add to cart<\/a><\/div>\t<span id=\"woocommerce_loop_add_to_cart_link_describedby_4808\" class=\"screen-reader-text\">\n\t\t\t<\/span>\n\t\t\t\t\t\t\t<\/div>\n\t\t\t\t\t\t<\/div>\n\t\t\t\t\t\t<\/div>\n\t\t\t\t\t<\/div><div class=\"col\" data-animate=\"fadeInUp\">\n\t\t\t\t\t\t<div class=\"col-inner\">\n\t\t\t\t\t\t\n<div class=\"badge-container badge-custom absolute right top z-1\">\n\n<\/div>\n\t\t\t\t\t\t<div class=\"product-small box has-hover box-normal box-text-bottom\">\n\t\t\t\t\t\t\t<div class=\"box-image\" >\n\t\t\t\t\t\t\t\t<div class=\"image-cover\" style=\"padding-top:100%;\">\n\t\t\t\t\t\t\t\t\t<a href=\"https:\/\/schaumweinkontor.com\/en\/produkt\/villa-franciacorta-docg-diamond-pasdose-2016-075-l\/\" aria-label=\"Villa Franciacorta DOCG Diamond PasDos\u00e9 2018 0,75l BIO\">\n\t\t\t\t\t\t\t\t\t\t<img loading=\"lazy\" decoding=\"async\" width=\"300\" height=\"300\" src=\"https:\/\/schaumweinkontor.com\/wp-content\/uploads\/2022\/06\/diamantpasdose-3-300x300.jpg\" class=\"attachment-medium size-medium\" alt=\"Villa Franciacorta DOCG Diamond PasDos\u00e9 2018 BIO\" srcset=\"https:\/\/schaumweinkontor.com\/wp-content\/uploads\/2022\/06\/diamantpasdose-3-300x300.jpg 300w, https:\/\/schaumweinkontor.com\/wp-content\/uploads\/2022\/06\/diamantpasdose-3-100x100.jpg 100w, https:\/\/schaumweinkontor.com\/wp-content\/uploads\/2022\/06\/diamantpasdose-3-510x510.jpg 510w, https:\/\/schaumweinkontor.com\/wp-content\/uploads\/2022\/06\/diamantpasdose-3-150x150.jpg 150w, https:\/\/schaumweinkontor.com\/wp-content\/uploads\/2022\/06\/diamantpasdose-3-768x768.jpg 768w, https:\/\/schaumweinkontor.com\/wp-content\/uploads\/2022\/06\/diamantpasdose-3.jpg 800w\" sizes=\"auto, (max-width: 300px) 100vw, 300px\" \/>\t\t\t\t\t\t\t\t\t<\/a>\n\t\t\t\t\t\t\t\t\t\t\t\t\t\t\t\t\t\t \t\t\t\t\t\t\t\t<\/div>\n\t\t\t\t\t\t\t\t<div class=\"image-tools top right show-on-hover\">\n\t\t\t\t\t\t\t\t\t\t\t\t\t\t\t\t\t<\/div>\n\t\t\t\t\t\t\t\t\t\t\t\t\t\t\t\t\t<div class=\"image-tools grid-tools text-center hide-for-small bottom hover-slide-in show-on-hover\">\n\t\t\t\t\t\t\t\t\t\t\t\t\t\t\t\t\t\t\t<\/div>\n\t\t\t\t\t\t\t\t\t\t\t\t\t\t\t\t\t\t\t\t\t\t\t<\/div>\n\n\t\t\t\t\t\t\t<div class=\"box-text text-center\" >\n\t\t\t\t\t\t\t\t<div class=\"title-wrapper\">\t\t<p class=\"category uppercase is-smaller no-text-overflow product-cat op-7\">\n\t\t\tVilla Franciacorta\t\t<\/p>\n\t<p class=\"name product-title woocommerce-loop-product__title\"><a href=\"https:\/\/schaumweinkontor.com\/en\/produkt\/villa-franciacorta-docg-diamond-pasdose-2016-075-l\/\" class=\"woocommerce-LoopProduct-link woocommerce-loop-product__link\">Villa Franciacorta DOCG Diamond PasDos\u00e9 2018 0,75l BIO<\/a><\/p><\/div><div class=\"price-wrapper\">\n\t<span class=\"price\"><span class=\"woocommerce-Price-amount amount\" role=\"none\"><bdi><span class=\"woocommerce-Price-currencySymbol\">&euro;<\/span>&nbsp;36,50<\/bdi><\/span> <small class=\"woocommerce-price-suffix\">inkl. MwSt.<\/small><\/span>\n<\/div><div class=\"add-to-cart-button\"><a href=\"\/en\/wp-json\/wp\/v2\/pages\/4628?add-to-cart=4811\" aria-describedby=\"woocommerce_loop_add_to_cart_link_describedby_4811\" data-quantity=\"1\" class=\"primary is-small mb-0 button product_type_simple add_to_cart_button ajax_add_to_cart is-outline\" data-product_id=\"4811\" data-product_sku=\"100300138\" aria-label=\"Add to cart: &ldquo;Villa Franciacorta DOCG Diamond PasDos\u00e9 2018 0,75l BIO&rdquo;\" rel=\"nofollow\" data-success_message=\"&ldquo;Villa Franciacorta DOCG Diamond PasDos\u00e9 2018 0,75l BIO&rdquo; has been added to your cart\" role=\"button\">Add to cart<\/a><\/div>\t<span id=\"woocommerce_loop_add_to_cart_link_describedby_4811\" class=\"screen-reader-text\">\n\t\t\t<\/span>\n\t\t\t\t\t\t\t<\/div>\n\t\t\t\t\t\t<\/div>\n\t\t\t\t\t\t<\/div>\n\t\t\t\t\t<\/div><div class=\"col\" data-animate=\"fadeInUp\">\n\t\t\t\t\t\t<div class=\"col-inner\">\n\t\t\t\t\t\t\n<div class=\"badge-container badge-custom absolute right top z-1\">\n\n<\/div>\n\t\t\t\t\t\t<div class=\"product-small box has-hover box-normal box-text-bottom\">\n\t\t\t\t\t\t\t<div class=\"box-image\" >\n\t\t\t\t\t\t\t\t<div class=\"image-cover\" style=\"padding-top:100%;\">\n\t\t\t\t\t\t\t\t\t<a href=\"https:\/\/schaumweinkontor.com\/en\/produkt\/villa-franciacorta-docg-blu-extra-brut-2018-075-l\/\" aria-label=\"Villa Franciacorta DOCG Blu Extra Brut 2018 0,75 L BIO\">\n\t\t\t\t\t\t\t\t\t\t<img loading=\"lazy\" decoding=\"async\" width=\"300\" height=\"300\" src=\"https:\/\/schaumweinkontor.com\/wp-content\/uploads\/2022\/06\/extra-blu1-1-2-300x300.jpg\" class=\"attachment-medium size-medium\" alt=\"Villa Franciacorta DOCG Extra Blu Extra Brut\" srcset=\"https:\/\/schaumweinkontor.com\/wp-content\/uploads\/2022\/06\/extra-blu1-1-2-300x300.jpg 300w, https:\/\/schaumweinkontor.com\/wp-content\/uploads\/2022\/06\/extra-blu1-1-2-100x100.jpg 100w, https:\/\/schaumweinkontor.com\/wp-content\/uploads\/2022\/06\/extra-blu1-1-2-510x510.jpg 510w, https:\/\/schaumweinkontor.com\/wp-content\/uploads\/2022\/06\/extra-blu1-1-2-150x150.jpg 150w, https:\/\/schaumweinkontor.com\/wp-content\/uploads\/2022\/06\/extra-blu1-1-2-768x768.jpg 768w, https:\/\/schaumweinkontor.com\/wp-content\/uploads\/2022\/06\/extra-blu1-1-2.jpg 800w\" sizes=\"auto, (max-width: 300px) 100vw, 300px\" \/>\t\t\t\t\t\t\t\t\t<\/a>\n\t\t\t\t\t\t\t\t\t\t\t\t\t\t\t\t\t\t \t\t\t\t\t\t\t\t<\/div>\n\t\t\t\t\t\t\t\t<div class=\"image-tools top right show-on-hover\">\n\t\t\t\t\t\t\t\t\t\t\t\t\t\t\t\t\t<\/div>\n\t\t\t\t\t\t\t\t\t\t\t\t\t\t\t\t\t<div class=\"image-tools grid-tools text-center hide-for-small bottom hover-slide-in show-on-hover\">\n\t\t\t\t\t\t\t\t\t\t\t\t\t\t\t\t\t\t\t<\/div>\n\t\t\t\t\t\t\t\t\t\t\t\t\t\t\t\t\t\t\t\t\t\t\t<\/div>\n\n\t\t\t\t\t\t\t<div class=\"box-text text-center\" >\n\t\t\t\t\t\t\t\t<div class=\"title-wrapper\">\t\t<p class=\"category uppercase is-smaller no-text-overflow product-cat op-7\">\n\t\t\tVilla Franciacorta\t\t<\/p>\n\t<p class=\"name product-title woocommerce-loop-product__title\"><a href=\"https:\/\/schaumweinkontor.com\/en\/produkt\/villa-franciacorta-docg-blu-extra-brut-2018-075-l\/\" class=\"woocommerce-LoopProduct-link woocommerce-loop-product__link\">Villa Franciacorta DOCG Blu Extra Brut 2018 0,75 L BIO<\/a><\/p><\/div><div class=\"price-wrapper\">\n\t<span class=\"price\"><span class=\"woocommerce-Price-amount amount\" role=\"none\"><bdi><span class=\"woocommerce-Price-currencySymbol\">&euro;<\/span>&nbsp;39,90<\/bdi><\/span> <small class=\"woocommerce-price-suffix\">inkl. MwSt.<\/small><\/span>\n<\/div><div class=\"add-to-cart-button\"><a href=\"\/en\/wp-json\/wp\/v2\/pages\/4628?add-to-cart=4809\" aria-describedby=\"woocommerce_loop_add_to_cart_link_describedby_4809\" data-quantity=\"1\" class=\"primary is-small mb-0 button product_type_simple add_to_cart_button ajax_add_to_cart is-outline\" data-product_id=\"4809\" data-product_sku=\"100300136\" aria-label=\"Add to cart: &ldquo;Villa Franciacorta DOCG Blu Extra Brut 2018 0,75 L BIO&rdquo;\" rel=\"nofollow\" data-success_message=\"&ldquo;Villa Franciacorta DOCG Blu Extra Brut 2018 0,75 L BIO&rdquo; has been added to your cart\" role=\"button\">Add to cart<\/a><\/div>\t<span id=\"woocommerce_loop_add_to_cart_link_describedby_4809\" class=\"screen-reader-text\">\n\t\t\t<\/span>\n\t\t\t\t\t\t\t<\/div>\n\t\t\t\t\t\t<\/div>\n\t\t\t\t\t\t<\/div>\n\t\t\t\t\t<\/div><div class=\"col\" data-animate=\"fadeInUp\">\n\t\t\t\t\t\t<div class=\"col-inner\">\n\t\t\t\t\t\t\n<div class=\"badge-container badge-custom absolute right top z-1\">\n\n<\/div>\n\t\t\t\t\t\t<div class=\"product-small box has-hover box-normal box-text-bottom\">\n\t\t\t\t\t\t\t<div class=\"box-image\" >\n\t\t\t\t\t\t\t\t<div class=\"image-cover\" style=\"padding-top:100%;\">\n\t\t\t\t\t\t\t\t\t<a href=\"https:\/\/schaumweinkontor.com\/en\/produkt\/villa-franciacorta-docg-boke-noir-2015\/\" aria-label=\"Villa Franciacorta DOCG Bok\u00e9 Noir Ros\u00e9 Pas Dos\u00e9 Millesimato 2015 0,75 L\">\n\t\t\t\t\t\t\t\t\t\t<img loading=\"lazy\" decoding=\"async\" width=\"300\" height=\"300\" src=\"https:\/\/schaumweinkontor.com\/wp-content\/uploads\/2023\/03\/Villa-Franciacorta-Boke-Noir-Rose-Pas-Dose-075-1000x1000px-300x300.png\" class=\"attachment-medium size-medium\" alt=\"Villa Franciacorta DOCG Boke Noir Ros\u00e9\" srcset=\"https:\/\/schaumweinkontor.com\/wp-content\/uploads\/2023\/03\/Villa-Franciacorta-Boke-Noir-Rose-Pas-Dose-075-1000x1000px-300x300.png 300w, https:\/\/schaumweinkontor.com\/wp-content\/uploads\/2023\/03\/Villa-Franciacorta-Boke-Noir-Rose-Pas-Dose-075-1000x1000px-100x100.png 100w, https:\/\/schaumweinkontor.com\/wp-content\/uploads\/2023\/03\/Villa-Franciacorta-Boke-Noir-Rose-Pas-Dose-075-1000x1000px-510x510.png 510w, https:\/\/schaumweinkontor.com\/wp-content\/uploads\/2023\/03\/Villa-Franciacorta-Boke-Noir-Rose-Pas-Dose-075-1000x1000px-150x150.png 150w, https:\/\/schaumweinkontor.com\/wp-content\/uploads\/2023\/03\/Villa-Franciacorta-Boke-Noir-Rose-Pas-Dose-075-1000x1000px-768x768.png 768w, https:\/\/schaumweinkontor.com\/wp-content\/uploads\/2023\/03\/Villa-Franciacorta-Boke-Noir-Rose-Pas-Dose-075-1000x1000px.png 1001w\" sizes=\"auto, (max-width: 300px) 100vw, 300px\" \/>\t\t\t\t\t\t\t\t\t<\/a>\n\t\t\t\t\t\t\t\t\t\t\t\t\t\t\t\t\t\t \t\t\t\t\t\t\t\t<\/div>\n\t\t\t\t\t\t\t\t<div class=\"image-tools top right show-on-hover\">\n\t\t\t\t\t\t\t\t\t\t\t\t\t\t\t\t\t<\/div>\n\t\t\t\t\t\t\t\t\t\t\t\t\t\t\t\t\t<div class=\"image-tools grid-tools text-center hide-for-small bottom hover-slide-in show-on-hover\">\n\t\t\t\t\t\t\t\t\t\t\t\t\t\t\t\t\t\t\t<\/div>\n\t\t\t\t\t\t\t\t\t\t\t\t\t\t\t\t<div class=\"out-of-stock-label\">Out of stock<\/div>\t\t\t\t\t\t\t<\/div>\n\n\t\t\t\t\t\t\t<div class=\"box-text text-center\" >\n\t\t\t\t\t\t\t\t<div class=\"title-wrapper\">\t\t<p class=\"category uppercase is-smaller no-text-overflow product-cat op-7\">\n\t\t\tFranciacorta\t\t<\/p>\n\t<p class=\"name product-title woocommerce-loop-product__title\"><a href=\"https:\/\/schaumweinkontor.com\/en\/produkt\/villa-franciacorta-docg-boke-noir-2015\/\" class=\"woocommerce-LoopProduct-link woocommerce-loop-product__link\">Villa Franciacorta DOCG Bok\u00e9 Noir Ros\u00e9 Pas Dos\u00e9 Millesimato 2015 0,75 L<\/a><\/p><\/div><div class=\"price-wrapper\">\n\t<span class=\"price\"><span class=\"woocommerce-Price-amount amount\" role=\"none\"><bdi><span class=\"woocommerce-Price-currencySymbol\">&euro;<\/span>&nbsp;46,70<\/bdi><\/span> <small class=\"woocommerce-price-suffix\">inkl. MwSt.<\/small><\/span>\n<\/div><div class=\"add-to-cart-button\"><a href=\"https:\/\/schaumweinkontor.com\/en\/produkt\/villa-franciacorta-docg-boke-noir-2015\/\" aria-describedby=\"woocommerce_loop_add_to_cart_link_describedby_4712\" data-quantity=\"1\" class=\"primary is-small mb-0 button product_type_simple is-outline\" data-product_id=\"4712\" data-product_sku=\"100300132\" aria-label=\"Read more about &ldquo;Villa Franciacorta DOCG Bok\u00e9 Noir Ros\u00e9 Pas Dos\u00e9 Millesimato 2015 0,75 L&rdquo;\" rel=\"nofollow\" data-success_message=\"\">Read more<\/a><\/div>\t<span id=\"woocommerce_loop_add_to_cart_link_describedby_4712\" class=\"screen-reader-text\">\n\t\t\t<\/span>\n\t\t\t\t\t\t\t<\/div>\n\t\t\t\t\t\t<\/div>\n\t\t\t\t\t\t<\/div>\n\t\t\t\t\t<\/div><div class=\"col\" data-animate=\"fadeInUp\">\n\t\t\t\t\t\t<div class=\"col-inner\">\n\t\t\t\t\t\t\n<div class=\"badge-container badge-custom absolute right top z-1\">\n\n<\/div>\n\t\t\t\t\t\t<div class=\"product-small box has-hover box-normal box-text-bottom\">\n\t\t\t\t\t\t\t<div class=\"box-image\" >\n\t\t\t\t\t\t\t\t<div class=\"image-cover\" style=\"padding-top:100%;\">\n\t\t\t\t\t\t\t\t\t<a href=\"https:\/\/schaumweinkontor.com\/en\/produkt\/villa-franciacorta-docg-brut-emozione-2015-15-l-magnum\/\" aria-label=\"Villa Franciacorta Brut Emozione 2015 DOCG 1,5 L Magnum\">\n\t\t\t\t\t\t\t\t\t\t<img loading=\"lazy\" decoding=\"async\" width=\"300\" height=\"300\" src=\"https:\/\/schaumweinkontor.com\/wp-content\/uploads\/2022\/06\/emozione1-1-2-300x300.jpg\" class=\"attachment-medium size-medium\" alt=\"Villa Franciacorta Brut Emozione 2015 DOCG 1,5 L Magnum\" srcset=\"https:\/\/schaumweinkontor.com\/wp-content\/uploads\/2022\/06\/emozione1-1-2-300x300.jpg 300w, https:\/\/schaumweinkontor.com\/wp-content\/uploads\/2022\/06\/emozione1-1-2-100x100.jpg 100w, https:\/\/schaumweinkontor.com\/wp-content\/uploads\/2022\/06\/emozione1-1-2-510x510.jpg 510w, https:\/\/schaumweinkontor.com\/wp-content\/uploads\/2022\/06\/emozione1-1-2-150x150.jpg 150w, https:\/\/schaumweinkontor.com\/wp-content\/uploads\/2022\/06\/emozione1-1-2-768x768.jpg 768w, https:\/\/schaumweinkontor.com\/wp-content\/uploads\/2022\/06\/emozione1-1-2.jpg 800w\" sizes=\"auto, (max-width: 300px) 100vw, 300px\" \/>\t\t\t\t\t\t\t\t\t<\/a>\n\t\t\t\t\t\t\t\t\t\t\t\t\t\t\t\t\t\t \t\t\t\t\t\t\t\t<\/div>\n\t\t\t\t\t\t\t\t<div class=\"image-tools top right show-on-hover\">\n\t\t\t\t\t\t\t\t\t\t\t\t\t\t\t\t\t<\/div>\n\t\t\t\t\t\t\t\t\t\t\t\t\t\t\t\t\t<div class=\"image-tools grid-tools text-center hide-for-small bottom hover-slide-in show-on-hover\">\n\t\t\t\t\t\t\t\t\t\t\t\t\t\t\t\t\t\t\t<\/div>\n\t\t\t\t\t\t\t\t\t\t\t\t\t\t\t\t\t\t\t\t\t\t\t<\/div>\n\n\t\t\t\t\t\t\t<div class=\"box-text text-center\" >\n\t\t\t\t\t\t\t\t<div class=\"title-wrapper\">\t\t<p class=\"category uppercase is-smaller no-text-overflow product-cat op-7\">\n\t\t\tVilla Franciacorta\t\t<\/p>\n\t<p class=\"name product-title woocommerce-loop-product__title\"><a href=\"https:\/\/schaumweinkontor.com\/en\/produkt\/villa-franciacorta-docg-brut-emozione-2015-15-l-magnum\/\" class=\"woocommerce-LoopProduct-link woocommerce-loop-product__link\">Villa Franciacorta Brut Emozione 2015 DOCG 1,5 L Magnum<\/a><\/p><\/div><div class=\"price-wrapper\">\n\t<span class=\"price\"><span class=\"woocommerce-Price-amount amount\" role=\"none\"><bdi><span class=\"woocommerce-Price-currencySymbol\">&euro;<\/span>&nbsp;58,00<\/bdi><\/span> <small class=\"woocommerce-price-suffix\">inkl. MwSt.<\/small><\/span>\n<\/div><div class=\"add-to-cart-button\"><a href=\"\/en\/wp-json\/wp\/v2\/pages\/4628?add-to-cart=4747\" aria-describedby=\"woocommerce_loop_add_to_cart_link_describedby_4747\" data-quantity=\"1\" class=\"primary is-small mb-0 button product_type_simple add_to_cart_button ajax_add_to_cart is-outline\" data-product_id=\"4747\" data-product_sku=\"100300140\" aria-label=\"Add to cart: &ldquo;Villa Franciacorta Brut Emozione 2015 DOCG 1,5 L Magnum&rdquo;\" rel=\"nofollow\" data-success_message=\"&ldquo;Villa Franciacorta Brut Emozione 2015 DOCG 1,5 L Magnum&rdquo; has been added to your cart\" role=\"button\">Add to cart<\/a><\/div>\t<span id=\"woocommerce_loop_add_to_cart_link_describedby_4747\" class=\"screen-reader-text\">\n\t\t\t<\/span>\n\t\t\t\t\t\t\t<\/div>\n\t\t\t\t\t\t<\/div>\n\t\t\t\t\t\t<\/div>\n\t\t\t\t\t<\/div><div class=\"col\" data-animate=\"fadeInUp\">\n\t\t\t\t\t\t<div class=\"col-inner\">\n\t\t\t\t\t\t\n<div class=\"badge-container badge-custom absolute right top z-1\">\n\n<\/div>\n\t\t\t\t\t\t<div class=\"product-small box has-hover box-normal box-text-bottom\">\n\t\t\t\t\t\t\t<div class=\"box-image\" >\n\t\t\t\t\t\t\t\t<div class=\"image-cover\" style=\"padding-top:100%;\">\n\t\t\t\t\t\t\t\t\t<a href=\"https:\/\/schaumweinkontor.com\/en\/produkt\/villa-franciacorta-docg-mon-saten-brut-2016-15-l-magnum\/\" aria-label=\"Villa Franciacorta DOCG Mon Sat\u00e8n Brut 2016 1,5 L Magnum\">\n\t\t\t\t\t\t\t\t\t\t<img loading=\"lazy\" decoding=\"async\" width=\"300\" height=\"300\" src=\"https:\/\/schaumweinkontor.com\/wp-content\/uploads\/2022\/06\/Villa-Franciacorta-DOCG-Mon-Saten-Brut-2016-15-L-Magnum-300x300.png\" class=\"attachment-medium size-medium\" alt=\"Villa Franciacorta DOCG Mon Sat\u00e8n Brut 2016 1,5 L Magnum\" srcset=\"https:\/\/schaumweinkontor.com\/wp-content\/uploads\/2022\/06\/Villa-Franciacorta-DOCG-Mon-Saten-Brut-2016-15-L-Magnum-300x300.png 300w, https:\/\/schaumweinkontor.com\/wp-content\/uploads\/2022\/06\/Villa-Franciacorta-DOCG-Mon-Saten-Brut-2016-15-L-Magnum-100x100.png 100w, https:\/\/schaumweinkontor.com\/wp-content\/uploads\/2022\/06\/Villa-Franciacorta-DOCG-Mon-Saten-Brut-2016-15-L-Magnum-510x510.png 510w, https:\/\/schaumweinkontor.com\/wp-content\/uploads\/2022\/06\/Villa-Franciacorta-DOCG-Mon-Saten-Brut-2016-15-L-Magnum-150x150.png 150w, https:\/\/schaumweinkontor.com\/wp-content\/uploads\/2022\/06\/Villa-Franciacorta-DOCG-Mon-Saten-Brut-2016-15-L-Magnum-768x768.png 768w, https:\/\/schaumweinkontor.com\/wp-content\/uploads\/2022\/06\/Villa-Franciacorta-DOCG-Mon-Saten-Brut-2016-15-L-Magnum.png 1000w\" sizes=\"auto, (max-width: 300px) 100vw, 300px\" \/>\t\t\t\t\t\t\t\t\t<\/a>\n\t\t\t\t\t\t\t\t\t\t\t\t\t\t\t\t\t\t \t\t\t\t\t\t\t\t<\/div>\n\t\t\t\t\t\t\t\t<div class=\"image-tools top right show-on-hover\">\n\t\t\t\t\t\t\t\t\t\t\t\t\t\t\t\t\t<\/div>\n\t\t\t\t\t\t\t\t\t\t\t\t\t\t\t\t\t<div class=\"image-tools grid-tools text-center hide-for-small bottom hover-slide-in show-on-hover\">\n\t\t\t\t\t\t\t\t\t\t\t\t\t\t\t\t\t\t\t<\/div>\n\t\t\t\t\t\t\t\t\t\t\t\t\t\t\t\t\t\t\t\t\t\t\t<\/div>\n\n\t\t\t\t\t\t\t<div class=\"box-text text-center\" >\n\t\t\t\t\t\t\t\t<div class=\"title-wrapper\">\t\t<p class=\"category uppercase is-smaller no-text-overflow product-cat op-7\">\n\t\t\tVilla Franciacorta\t\t<\/p>\n\t<p class=\"name product-title woocommerce-loop-product__title\"><a href=\"https:\/\/schaumweinkontor.com\/en\/produkt\/villa-franciacorta-docg-mon-saten-brut-2016-15-l-magnum\/\" class=\"woocommerce-LoopProduct-link woocommerce-loop-product__link\">Villa Franciacorta DOCG Mon Sat\u00e8n Brut 2016 1,5 L Magnum<\/a><\/p><\/div><div class=\"price-wrapper\">\n\t<span class=\"price\"><span class=\"woocommerce-Price-amount amount\" role=\"none\"><bdi><span class=\"woocommerce-Price-currencySymbol\">&euro;<\/span>&nbsp;63,50<\/bdi><\/span> <small class=\"woocommerce-price-suffix\">inkl. MwSt.<\/small><\/span>\n<\/div><div class=\"add-to-cart-button\"><a href=\"\/en\/wp-json\/wp\/v2\/pages\/4628?add-to-cart=4752\" aria-describedby=\"woocommerce_loop_add_to_cart_link_describedby_4752\" data-quantity=\"1\" class=\"primary is-small mb-0 button product_type_simple add_to_cart_button ajax_add_to_cart is-outline\" data-product_id=\"4752\" data-product_sku=\"100300116\" aria-label=\"Add to cart: &ldquo;Villa Franciacorta DOCG Mon Sat\u00e8n Brut 2016 1,5 L Magnum&rdquo;\" rel=\"nofollow\" data-success_message=\"&ldquo;Villa Franciacorta DOCG Mon Sat\u00e8n Brut 2016 1,5 L Magnum&rdquo; has been added to your cart\" role=\"button\">Add to cart<\/a><\/div>\t<span id=\"woocommerce_loop_add_to_cart_link_describedby_4752\" class=\"screen-reader-text\">\n\t\t\t<\/span>\n\t\t\t\t\t\t\t<\/div>\n\t\t\t\t\t\t<\/div>\n\t\t\t\t\t\t<\/div>\n\t\t\t\t\t<\/div><div class=\"col\" data-animate=\"fadeInUp\">\n\t\t\t\t\t\t<div class=\"col-inner\">\n\t\t\t\t\t\t\n<div class=\"badge-container badge-custom absolute right top z-1\">\n\n<\/div>\n\t\t\t\t\t\t<div class=\"product-small box has-hover box-normal box-text-bottom\">\n\t\t\t\t\t\t\t<div class=\"box-image\" >\n\t\t\t\t\t\t\t\t<div class=\"image-cover\" style=\"padding-top:100%;\">\n\t\t\t\t\t\t\t\t\t<a href=\"https:\/\/schaumweinkontor.com\/en\/produkt\/villa-franciacorta-docg-brut-emozione-2015-15-l-magnum-copy\/\" aria-label=\"Villa Franciacorta DOCG Brut Emozione 2020 1,5 L Magnum BIO\">\n\t\t\t\t\t\t\t\t\t\t<img loading=\"lazy\" decoding=\"async\" width=\"300\" height=\"300\" src=\"https:\/\/schaumweinkontor.com\/wp-content\/uploads\/2024\/04\/Emozione-2020-300x300.png\" class=\"attachment-medium size-medium\" alt=\"Villa Franciacorta DOCG Brut Emozione 2020 1,5 L Magnum BIO\" srcset=\"https:\/\/schaumweinkontor.com\/wp-content\/uploads\/2024\/04\/Emozione-2020-300x300.png 300w, https:\/\/schaumweinkontor.com\/wp-content\/uploads\/2024\/04\/Emozione-2020-150x150.png 150w, https:\/\/schaumweinkontor.com\/wp-content\/uploads\/2024\/04\/Emozione-2020-768x768.png 768w, https:\/\/schaumweinkontor.com\/wp-content\/uploads\/2024\/04\/Emozione-2020-510x510.png 510w, https:\/\/schaumweinkontor.com\/wp-content\/uploads\/2024\/04\/Emozione-2020-100x100.png 100w, https:\/\/schaumweinkontor.com\/wp-content\/uploads\/2024\/04\/Emozione-2020.png 1000w\" sizes=\"auto, (max-width: 300px) 100vw, 300px\" \/>\t\t\t\t\t\t\t\t\t<\/a>\n\t\t\t\t\t\t\t\t\t\t\t\t\t\t\t\t\t\t \t\t\t\t\t\t\t\t<\/div>\n\t\t\t\t\t\t\t\t<div class=\"image-tools top right show-on-hover\">\n\t\t\t\t\t\t\t\t\t\t\t\t\t\t\t\t\t<\/div>\n\t\t\t\t\t\t\t\t\t\t\t\t\t\t\t\t\t<div class=\"image-tools grid-tools text-center hide-for-small bottom hover-slide-in show-on-hover\">\n\t\t\t\t\t\t\t\t\t\t\t\t\t\t\t\t\t\t\t<\/div>\n\t\t\t\t\t\t\t\t\t\t\t\t\t\t\t\t\t\t\t\t\t\t\t<\/div>\n\n\t\t\t\t\t\t\t<div class=\"box-text text-center\" >\n\t\t\t\t\t\t\t\t<div class=\"title-wrapper\">\t\t<p class=\"category uppercase is-smaller no-text-overflow product-cat op-7\">\n\t\t\tVilla Franciacorta\t\t<\/p>\n\t<p class=\"name product-title woocommerce-loop-product__title\"><a href=\"https:\/\/schaumweinkontor.com\/en\/produkt\/villa-franciacorta-docg-brut-emozione-2015-15-l-magnum-copy\/\" class=\"woocommerce-LoopProduct-link woocommerce-loop-product__link\">Villa Franciacorta DOCG Brut Emozione 2020 1,5 L Magnum BIO<\/a><\/p><\/div><div class=\"price-wrapper\">\n\t<span class=\"price\"><span class=\"woocommerce-Price-amount amount\" role=\"none\"><bdi><span class=\"woocommerce-Price-currencySymbol\">&euro;<\/span>&nbsp;64,90<\/bdi><\/span> <small class=\"woocommerce-price-suffix\">inkl. MwSt.<\/small><\/span>\n<\/div><div class=\"add-to-cart-button\"><a href=\"\/en\/wp-json\/wp\/v2\/pages\/4628?add-to-cart=5216\" aria-describedby=\"woocommerce_loop_add_to_cart_link_describedby_5216\" data-quantity=\"1\" class=\"primary is-small mb-0 button product_type_simple add_to_cart_button ajax_add_to_cart is-outline\" data-product_id=\"5216\" data-product_sku=\"100300134\" aria-label=\"Add to cart: &ldquo;Villa Franciacorta DOCG Brut Emozione 2020 1,5 L Magnum BIO&rdquo;\" rel=\"nofollow\" data-success_message=\"&ldquo;Villa Franciacorta DOCG Brut Emozione 2020 1,5 L Magnum BIO&rdquo; has been added to your cart\" role=\"button\">Add to cart<\/a><\/div>\t<span id=\"woocommerce_loop_add_to_cart_link_describedby_5216\" class=\"screen-reader-text\">\n\t\t\t<\/span>\n\t\t\t\t\t\t\t<\/div>\n\t\t\t\t\t\t<\/div>\n\t\t\t\t\t\t<\/div>\n\t\t\t\t\t<\/div><div class=\"col\" data-animate=\"fadeInUp\">\n\t\t\t\t\t\t<div class=\"col-inner\">\n\t\t\t\t\t\t\n<div class=\"badge-container badge-custom absolute right top z-1\">\n\n<\/div>\n\t\t\t\t\t\t<div class=\"product-small box has-hover box-normal box-text-bottom\">\n\t\t\t\t\t\t\t<div class=\"box-image\" >\n\t\t\t\t\t\t\t\t<div class=\"image-cover\" style=\"padding-top:100%;\">\n\t\t\t\t\t\t\t\t\t<a href=\"https:\/\/schaumweinkontor.com\/en\/produkt\/villa-franciacorta-docg-blu-extra-brut-2016-15-l-magnum\/\" aria-label=\"Villa Franciacorta DOCG Extra Blu Extra Brut 2016 1,5 L Magnum\">\n\t\t\t\t\t\t\t\t\t\t<img loading=\"lazy\" decoding=\"async\" width=\"300\" height=\"300\" src=\"https:\/\/schaumweinkontor.com\/wp-content\/uploads\/2022\/06\/extra-blu1-1-2-300x300.jpg\" class=\"attachment-medium size-medium\" alt=\"Villa Franciacorta DOCG Extra Blu Extra Brut\" srcset=\"https:\/\/schaumweinkontor.com\/wp-content\/uploads\/2022\/06\/extra-blu1-1-2-300x300.jpg 300w, https:\/\/schaumweinkontor.com\/wp-content\/uploads\/2022\/06\/extra-blu1-1-2-100x100.jpg 100w, https:\/\/schaumweinkontor.com\/wp-content\/uploads\/2022\/06\/extra-blu1-1-2-510x510.jpg 510w, https:\/\/schaumweinkontor.com\/wp-content\/uploads\/2022\/06\/extra-blu1-1-2-150x150.jpg 150w, https:\/\/schaumweinkontor.com\/wp-content\/uploads\/2022\/06\/extra-blu1-1-2-768x768.jpg 768w, https:\/\/schaumweinkontor.com\/wp-content\/uploads\/2022\/06\/extra-blu1-1-2.jpg 800w\" sizes=\"auto, (max-width: 300px) 100vw, 300px\" \/>\t\t\t\t\t\t\t\t\t<\/a>\n\t\t\t\t\t\t\t\t\t\t\t\t\t\t\t\t\t\t \t\t\t\t\t\t\t\t<\/div>\n\t\t\t\t\t\t\t\t<div class=\"image-tools top right show-on-hover\">\n\t\t\t\t\t\t\t\t\t\t\t\t\t\t\t\t\t<\/div>\n\t\t\t\t\t\t\t\t\t\t\t\t\t\t\t\t\t<div class=\"image-tools grid-tools text-center hide-for-small bottom hover-slide-in show-on-hover\">\n\t\t\t\t\t\t\t\t\t\t\t\t\t\t\t\t\t\t\t<\/div>\n\t\t\t\t\t\t\t\t\t\t\t\t\t\t\t\t\t\t\t\t\t\t\t<\/div>\n\n\t\t\t\t\t\t\t<div class=\"box-text text-center\" >\n\t\t\t\t\t\t\t\t<div class=\"title-wrapper\">\t\t<p class=\"category uppercase is-smaller no-text-overflow product-cat op-7\">\n\t\t\tVilla Franciacorta\t\t<\/p>\n\t<p class=\"name product-title woocommerce-loop-product__title\"><a href=\"https:\/\/schaumweinkontor.com\/en\/produkt\/villa-franciacorta-docg-blu-extra-brut-2016-15-l-magnum\/\" class=\"woocommerce-LoopProduct-link woocommerce-loop-product__link\">Villa Franciacorta DOCG Extra Blu Extra Brut 2016 1,5 L Magnum<\/a><\/p><\/div><div class=\"price-wrapper\">\n\t<span class=\"price\"><span class=\"woocommerce-Price-amount amount\" role=\"none\"><bdi><span class=\"woocommerce-Price-currencySymbol\">&euro;<\/span>&nbsp;69,00<\/bdi><\/span> <small class=\"woocommerce-price-suffix\">inkl. MwSt.<\/small><\/span>\n<\/div><div class=\"add-to-cart-button\"><a href=\"\/en\/wp-json\/wp\/v2\/pages\/4628?add-to-cart=4744\" aria-describedby=\"woocommerce_loop_add_to_cart_link_describedby_4744\" data-quantity=\"1\" class=\"primary is-small mb-0 button product_type_simple add_to_cart_button ajax_add_to_cart is-outline\" data-product_id=\"4744\" data-product_sku=\"100300122\" aria-label=\"Add to cart: &ldquo;Villa Franciacorta DOCG Extra Blu Extra Brut 2016 1,5 L Magnum&rdquo;\" rel=\"nofollow\" data-success_message=\"&ldquo;Villa Franciacorta DOCG Extra Blu Extra Brut 2016 1,5 L Magnum&rdquo; has been added to your cart\" role=\"button\">Add to cart<\/a><\/div>\t<span id=\"woocommerce_loop_add_to_cart_link_describedby_4744\" class=\"screen-reader-text\">\n\t\t\t<\/span>\n\t\t\t\t\t\t\t<\/div>\n\t\t\t\t\t\t<\/div>\n\t\t\t\t\t\t<\/div>\n\t\t\t\t\t<\/div><div class=\"col\" data-animate=\"fadeInUp\">\n\t\t\t\t\t\t<div class=\"col-inner\">\n\t\t\t\t\t\t\n<div class=\"badge-container badge-custom absolute right top z-1\">\n\n<\/div>\n\t\t\t\t\t\t<div class=\"product-small box has-hover box-normal box-text-bottom\">\n\t\t\t\t\t\t\t<div class=\"box-image\" >\n\t\t\t\t\t\t\t\t<div class=\"image-cover\" style=\"padding-top:100%;\">\n\t\t\t\t\t\t\t\t\t<a href=\"https:\/\/schaumweinkontor.com\/en\/produkt\/villa-franciacorta-docg-mon-saten-brut-2018-075-l-bio-copy\/\" aria-label=\"Villa Franciacorta DOCG Sat\u00e8n Brut 2018 1,5 L BIO\">\n\t\t\t\t\t\t\t\t\t\t<img loading=\"lazy\" decoding=\"async\" width=\"300\" height=\"300\" src=\"https:\/\/schaumweinkontor.com\/wp-content\/uploads\/2022\/06\/Villa_Saten-300x300.png\" class=\"attachment-medium size-medium\" alt=\"Villa Franciacorta DOCG Mon Sat\u00e8n Brut 2018 BIO \" srcset=\"https:\/\/schaumweinkontor.com\/wp-content\/uploads\/2022\/06\/Villa_Saten-300x300.png 300w, https:\/\/schaumweinkontor.com\/wp-content\/uploads\/2022\/06\/Villa_Saten-100x100.png 100w, https:\/\/schaumweinkontor.com\/wp-content\/uploads\/2022\/06\/Villa_Saten-510x510.png 510w, https:\/\/schaumweinkontor.com\/wp-content\/uploads\/2022\/06\/Villa_Saten-150x150.png 150w, https:\/\/schaumweinkontor.com\/wp-content\/uploads\/2022\/06\/Villa_Saten-768x768.png 768w, https:\/\/schaumweinkontor.com\/wp-content\/uploads\/2022\/06\/Villa_Saten.png 1000w\" sizes=\"auto, (max-width: 300px) 100vw, 300px\" \/>\t\t\t\t\t\t\t\t\t<\/a>\n\t\t\t\t\t\t\t\t\t\t\t\t\t\t\t\t\t\t \t\t\t\t\t\t\t\t<\/div>\n\t\t\t\t\t\t\t\t<div class=\"image-tools top right show-on-hover\">\n\t\t\t\t\t\t\t\t\t\t\t\t\t\t\t\t\t<\/div>\n\t\t\t\t\t\t\t\t\t\t\t\t\t\t\t\t\t<div class=\"image-tools grid-tools text-center hide-for-small bottom hover-slide-in show-on-hover\">\n\t\t\t\t\t\t\t\t\t\t\t\t\t\t\t\t\t\t\t<\/div>\n\t\t\t\t\t\t\t\t\t\t\t\t\t\t\t\t\t\t\t\t\t\t\t<\/div>\n\n\t\t\t\t\t\t\t<div class=\"box-text text-center\" >\n\t\t\t\t\t\t\t\t<div class=\"title-wrapper\">\t\t<p class=\"category uppercase is-smaller no-text-overflow product-cat op-7\">\n\t\t\tVilla Franciacorta\t\t<\/p>\n\t<p class=\"name product-title woocommerce-loop-product__title\"><a href=\"https:\/\/schaumweinkontor.com\/en\/produkt\/villa-franciacorta-docg-mon-saten-brut-2018-075-l-bio-copy\/\" class=\"woocommerce-LoopProduct-link woocommerce-loop-product__link\">Villa Franciacorta DOCG Sat\u00e8n Brut 2018 1,5 L BIO<\/a><\/p><\/div><div class=\"price-wrapper\">\n\t<span class=\"price\"><span class=\"woocommerce-Price-amount amount\" role=\"none\"><bdi><span class=\"woocommerce-Price-currencySymbol\">&euro;<\/span>&nbsp;75,50<\/bdi><\/span> <small class=\"woocommerce-price-suffix\">inkl. MwSt.<\/small><\/span>\n<\/div><div class=\"add-to-cart-button\"><a href=\"\/en\/wp-json\/wp\/v2\/pages\/4628?add-to-cart=5222\" aria-describedby=\"woocommerce_loop_add_to_cart_link_describedby_5222\" data-quantity=\"1\" class=\"primary is-small mb-0 button product_type_simple add_to_cart_button ajax_add_to_cart is-outline\" data-product_id=\"5222\" data-product_sku=\"100300584\" aria-label=\"Add to cart: &ldquo;Villa Franciacorta DOCG Sat\u00e8n Brut 2018 1,5 L BIO&rdquo;\" rel=\"nofollow\" data-success_message=\"&ldquo;Villa Franciacorta DOCG Sat\u00e8n Brut 2018 1,5 L BIO&rdquo; has been added to your cart\" role=\"button\">Add to cart<\/a><\/div>\t<span id=\"woocommerce_loop_add_to_cart_link_describedby_5222\" class=\"screen-reader-text\">\n\t\t\t<\/span>\n\t\t\t\t\t\t\t<\/div>\n\t\t\t\t\t\t<\/div>\n\t\t\t\t\t\t<\/div>\n\t\t\t\t\t<\/div><div class=\"col\" data-animate=\"fadeInUp\">\n\t\t\t\t\t\t<div class=\"col-inner\">\n\t\t\t\t\t\t\n<div class=\"badge-container badge-custom absolute right top z-1\">\n\n<\/div>\n\t\t\t\t\t\t<div class=\"product-small box has-hover box-normal box-text-bottom\">\n\t\t\t\t\t\t\t<div class=\"box-image\" >\n\t\t\t\t\t\t\t\t<div class=\"image-cover\" style=\"padding-top:100%;\">\n\t\t\t\t\t\t\t\t\t<a href=\"https:\/\/schaumweinkontor.com\/en\/produkt\/villa-franciacorta-riserva-brut-docg-millesimato-2008-40-anni-075-l\/\" aria-label=\"Villa Franciacorta Riserva Brut DOCG Millesimato 2008 40 Anni 0,75 L\">\n\t\t\t\t\t\t\t\t\t\t<img loading=\"lazy\" decoding=\"async\" width=\"300\" height=\"300\" src=\"https:\/\/schaumweinkontor.com\/wp-content\/uploads\/2023\/03\/Villa-franciacorta-Emozione-40-anni-Riserva-2008.jpg-300x300.png\" class=\"attachment-medium size-medium\" alt=\"Villa Franciacorta Riserva Brut DOCG Millesimato 2008 40 Anni 0,75 L\" srcset=\"https:\/\/schaumweinkontor.com\/wp-content\/uploads\/2023\/03\/Villa-franciacorta-Emozione-40-anni-Riserva-2008.jpg-300x300.png 300w, https:\/\/schaumweinkontor.com\/wp-content\/uploads\/2023\/03\/Villa-franciacorta-Emozione-40-anni-Riserva-2008.jpg-100x100.png 100w, https:\/\/schaumweinkontor.com\/wp-content\/uploads\/2023\/03\/Villa-franciacorta-Emozione-40-anni-Riserva-2008.jpg-510x510.png 510w, https:\/\/schaumweinkontor.com\/wp-content\/uploads\/2023\/03\/Villa-franciacorta-Emozione-40-anni-Riserva-2008.jpg-150x150.png 150w, https:\/\/schaumweinkontor.com\/wp-content\/uploads\/2023\/03\/Villa-franciacorta-Emozione-40-anni-Riserva-2008.jpg-768x768.png 768w, https:\/\/schaumweinkontor.com\/wp-content\/uploads\/2023\/03\/Villa-franciacorta-Emozione-40-anni-Riserva-2008.jpg.png 1001w\" sizes=\"auto, (max-width: 300px) 100vw, 300px\" \/>\t\t\t\t\t\t\t\t\t<\/a>\n\t\t\t\t\t\t\t\t\t\t\t\t\t\t\t\t\t\t \t\t\t\t\t\t\t\t<\/div>\n\t\t\t\t\t\t\t\t<div class=\"image-tools top right show-on-hover\">\n\t\t\t\t\t\t\t\t\t\t\t\t\t\t\t\t\t<\/div>\n\t\t\t\t\t\t\t\t\t\t\t\t\t\t\t\t\t<div class=\"image-tools grid-tools text-center hide-for-small bottom hover-slide-in show-on-hover\">\n\t\t\t\t\t\t\t\t\t\t\t\t\t\t\t\t\t\t\t<\/div>\n\t\t\t\t\t\t\t\t\t\t\t\t\t\t\t\t\t\t\t\t\t\t\t<\/div>\n\n\t\t\t\t\t\t\t<div class=\"box-text text-center\" >\n\t\t\t\t\t\t\t\t<div class=\"title-wrapper\">\t\t<p class=\"category uppercase is-smaller no-text-overflow product-cat op-7\">\n\t\t\tFranciacorta\t\t<\/p>\n\t<p class=\"name product-title woocommerce-loop-product__title\"><a href=\"https:\/\/schaumweinkontor.com\/en\/produkt\/villa-franciacorta-riserva-brut-docg-millesimato-2008-40-anni-075-l\/\" class=\"woocommerce-LoopProduct-link woocommerce-loop-product__link\">Villa Franciacorta Riserva Brut DOCG Millesimato 2008 40 Anni 0,75 L<\/a><\/p><\/div><div class=\"price-wrapper\">\n\t<span class=\"price\"><span class=\"woocommerce-Price-amount amount\" role=\"none\"><bdi><span class=\"woocommerce-Price-currencySymbol\">&euro;<\/span>&nbsp;165,00<\/bdi><\/span> <small class=\"woocommerce-price-suffix\">inkl. MwSt.<\/small><\/span>\n<\/div><div class=\"add-to-cart-button\"><a href=\"\/en\/wp-json\/wp\/v2\/pages\/4628?add-to-cart=4711\" aria-describedby=\"woocommerce_loop_add_to_cart_link_describedby_4711\" data-quantity=\"1\" class=\"primary is-small mb-0 button product_type_simple add_to_cart_button ajax_add_to_cart is-outline\" data-product_id=\"4711\" data-product_sku=\"100300131\" aria-label=\"Add to cart: &ldquo;Villa Franciacorta Riserva Brut DOCG Millesimato 2008 40 Anni 0,75 L&rdquo;\" rel=\"nofollow\" data-success_message=\"&ldquo;Villa Franciacorta Riserva Brut DOCG Millesimato 2008 40 Anni 0,75 L&rdquo; has been added to your cart\" role=\"button\">Add to cart<\/a><\/div>\t<span id=\"woocommerce_loop_add_to_cart_link_describedby_4711\" class=\"screen-reader-text\">\n\t\t\t<\/span>\n\t\t\t\t\t\t\t<\/div>\n\t\t\t\t\t\t<\/div>\n\t\t\t\t\t\t<\/div>\n\t\t\t\t\t<\/div><div class=\"col\" data-animate=\"fadeInUp\">\n\t\t\t\t\t\t<div class=\"col-inner\">\n\t\t\t\t\t\t\n<div class=\"badge-container badge-custom absolute right top z-1\">\n\n<\/div>\n\t\t\t\t\t\t<div class=\"product-small box has-hover box-normal box-text-bottom\">\n\t\t\t\t\t\t\t<div class=\"box-image\" >\n\t\t\t\t\t\t\t\t<div class=\"image-cover\" style=\"padding-top:100%;\">\n\t\t\t\t\t\t\t\t\t<a href=\"https:\/\/schaumweinkontor.com\/en\/produkt\/villa-franciacorta-docg-brut-emozione-2016-3-l-jeroboam-in-hk\/\" aria-label=\"Villa Franciacorta DOCG Brut Emozione 2016 3 L Jeroboam in HK\">\n\t\t\t\t\t\t\t\t\t\t<img loading=\"lazy\" decoding=\"async\" width=\"300\" height=\"300\" src=\"https:\/\/schaumweinkontor.com\/wp-content\/uploads\/2022\/06\/emozione1-1-2-300x300.jpg\" class=\"attachment-medium size-medium\" alt=\"Villa Franciacorta DOCG Brut Emozione 2016 3 L Jeroboam in HK\" srcset=\"https:\/\/schaumweinkontor.com\/wp-content\/uploads\/2022\/06\/emozione1-1-2-300x300.jpg 300w, https:\/\/schaumweinkontor.com\/wp-content\/uploads\/2022\/06\/emozione1-1-2-100x100.jpg 100w, https:\/\/schaumweinkontor.com\/wp-content\/uploads\/2022\/06\/emozione1-1-2-510x510.jpg 510w, https:\/\/schaumweinkontor.com\/wp-content\/uploads\/2022\/06\/emozione1-1-2-150x150.jpg 150w, https:\/\/schaumweinkontor.com\/wp-content\/uploads\/2022\/06\/emozione1-1-2-768x768.jpg 768w, https:\/\/schaumweinkontor.com\/wp-content\/uploads\/2022\/06\/emozione1-1-2.jpg 800w\" sizes=\"auto, (max-width: 300px) 100vw, 300px\" \/>\t\t\t\t\t\t\t\t\t<\/a>\n\t\t\t\t\t\t\t\t\t\t\t\t\t\t\t\t\t\t \t\t\t\t\t\t\t\t<\/div>\n\t\t\t\t\t\t\t\t<div class=\"image-tools top right show-on-hover\">\n\t\t\t\t\t\t\t\t\t\t\t\t\t\t\t\t\t<\/div>\n\t\t\t\t\t\t\t\t\t\t\t\t\t\t\t\t\t<div class=\"image-tools grid-tools text-center hide-for-small bottom hover-slide-in show-on-hover\">\n\t\t\t\t\t\t\t\t\t\t\t\t\t\t\t\t\t\t\t<\/div>\n\t\t\t\t\t\t\t\t\t\t\t\t\t\t\t\t\t\t\t\t\t\t\t<\/div>\n\n\t\t\t\t\t\t\t<div class=\"box-text text-center\" >\n\t\t\t\t\t\t\t\t<div class=\"title-wrapper\">\t\t<p class=\"category uppercase is-smaller no-text-overflow product-cat op-7\">\n\t\t\tVilla Franciacorta\t\t<\/p>\n\t<p class=\"name product-title woocommerce-loop-product__title\"><a href=\"https:\/\/schaumweinkontor.com\/en\/produkt\/villa-franciacorta-docg-brut-emozione-2016-3-l-jeroboam-in-hk\/\" class=\"woocommerce-LoopProduct-link woocommerce-loop-product__link\">Villa Franciacorta DOCG Brut Emozione 2016 3 L Jeroboam in HK<\/a><\/p><\/div><div class=\"price-wrapper\">\n\t<span class=\"price\"><span class=\"woocommerce-Price-amount amount\" role=\"none\"><bdi><span class=\"woocommerce-Price-currencySymbol\">&euro;<\/span>&nbsp;198,00<\/bdi><\/span> <small class=\"woocommerce-price-suffix\">inkl. MwSt.<\/small><\/span>\n<\/div><div class=\"add-to-cart-button\"><a href=\"\/en\/wp-json\/wp\/v2\/pages\/4628?add-to-cart=4748\" aria-describedby=\"woocommerce_loop_add_to_cart_link_describedby_4748\" data-quantity=\"1\" class=\"primary is-small mb-0 button product_type_simple add_to_cart_button ajax_add_to_cart is-outline\" data-product_id=\"4748\" data-product_sku=\"100300119\" aria-label=\"Add to cart: &ldquo;Villa Franciacorta DOCG Brut Emozione 2016 3 L Jeroboam in HK&rdquo;\" rel=\"nofollow\" data-success_message=\"&ldquo;Villa Franciacorta DOCG Brut Emozione 2016 3 L Jeroboam in HK&rdquo; has been added to your cart\" role=\"button\">Add to cart<\/a><\/div>\t<span id=\"woocommerce_loop_add_to_cart_link_describedby_4748\" class=\"screen-reader-text\">\n\t\t\t<\/span>\n\t\t\t\t\t\t\t<\/div>\n\t\t\t\t\t\t<\/div>\n\t\t\t\t\t\t<\/div>\n\t\t\t\t\t<\/div><div class=\"col\" data-animate=\"fadeInUp\">\n\t\t\t\t\t\t<div class=\"col-inner\">\n\t\t\t\t\t\t\n<div class=\"badge-container badge-custom absolute right top z-1\">\n\n<\/div>\n\t\t\t\t\t\t<div class=\"product-small box has-hover box-normal box-text-bottom\">\n\t\t\t\t\t\t\t<div class=\"box-image\" >\n\t\t\t\t\t\t\t\t<div class=\"image-cover\" style=\"padding-top:100%;\">\n\t\t\t\t\t\t\t\t\t<a href=\"https:\/\/schaumweinkontor.com\/en\/produkt\/villa-franciacorta-docg-brut-emozione-2014-3-l-jeroboam-in-hk\/\" aria-label=\"Villa Franciacorta DOCG Brut Emozione 2014 3 L Jeroboam in HK\">\n\t\t\t\t\t\t\t\t\t\t<img loading=\"lazy\" decoding=\"async\" width=\"300\" height=\"300\" src=\"https:\/\/schaumweinkontor.com\/wp-content\/uploads\/2022\/06\/emozione1-1-2-300x300.jpg\" class=\"attachment-medium size-medium\" alt=\"Villa Franciacorta DOCG Brut Emozione 2014 3 L Jeroboam in HK\" srcset=\"https:\/\/schaumweinkontor.com\/wp-content\/uploads\/2022\/06\/emozione1-1-2-300x300.jpg 300w, https:\/\/schaumweinkontor.com\/wp-content\/uploads\/2022\/06\/emozione1-1-2-100x100.jpg 100w, https:\/\/schaumweinkontor.com\/wp-content\/uploads\/2022\/06\/emozione1-1-2-510x510.jpg 510w, https:\/\/schaumweinkontor.com\/wp-content\/uploads\/2022\/06\/emozione1-1-2-150x150.jpg 150w, https:\/\/schaumweinkontor.com\/wp-content\/uploads\/2022\/06\/emozione1-1-2-768x768.jpg 768w, https:\/\/schaumweinkontor.com\/wp-content\/uploads\/2022\/06\/emozione1-1-2.jpg 800w\" sizes=\"auto, (max-width: 300px) 100vw, 300px\" \/>\t\t\t\t\t\t\t\t\t<\/a>\n\t\t\t\t\t\t\t\t\t\t\t\t\t\t\t\t\t\t \t\t\t\t\t\t\t\t<\/div>\n\t\t\t\t\t\t\t\t<div class=\"image-tools top right show-on-hover\">\n\t\t\t\t\t\t\t\t\t\t\t\t\t\t\t\t\t<\/div>\n\t\t\t\t\t\t\t\t\t\t\t\t\t\t\t\t\t<div class=\"image-tools grid-tools text-center hide-for-small bottom hover-slide-in show-on-hover\">\n\t\t\t\t\t\t\t\t\t\t\t\t\t\t\t\t\t\t\t<\/div>\n\t\t\t\t\t\t\t\t\t\t\t\t\t\t\t\t\t\t\t\t\t\t\t<\/div>\n\n\t\t\t\t\t\t\t<div class=\"box-text text-center\" >\n\t\t\t\t\t\t\t\t<div class=\"title-wrapper\">\t\t<p class=\"category uppercase is-smaller no-text-overflow product-cat op-7\">\n\t\t\tVilla Franciacorta\t\t<\/p>\n\t<p class=\"name product-title woocommerce-loop-product__title\"><a href=\"https:\/\/schaumweinkontor.com\/en\/produkt\/villa-franciacorta-docg-brut-emozione-2014-3-l-jeroboam-in-hk\/\" class=\"woocommerce-LoopProduct-link woocommerce-loop-product__link\">Villa Franciacorta DOCG Brut Emozione 2014 3 L Jeroboam in HK<\/a><\/p><\/div><div class=\"price-wrapper\">\n\t<span class=\"price\"><span class=\"woocommerce-Price-amount amount\" role=\"none\"><bdi><span class=\"woocommerce-Price-currencySymbol\">&euro;<\/span>&nbsp;205,20<\/bdi><\/span> <small class=\"woocommerce-price-suffix\">inkl. MwSt.<\/small><\/span>\n<\/div><div class=\"add-to-cart-button\"><a href=\"\/en\/wp-json\/wp\/v2\/pages\/4628?add-to-cart=4749\" aria-describedby=\"woocommerce_loop_add_to_cart_link_describedby_4749\" data-quantity=\"1\" class=\"primary is-small mb-0 button product_type_simple add_to_cart_button ajax_add_to_cart is-outline\" data-product_id=\"4749\" data-product_sku=\"\" aria-label=\"Add to cart: &ldquo;Villa Franciacorta DOCG Brut Emozione 2014 3 L Jeroboam in HK&rdquo;\" rel=\"nofollow\" data-success_message=\"&ldquo;Villa Franciacorta DOCG Brut Emozione 2014 3 L Jeroboam in HK&rdquo; has been added to your cart\" role=\"button\">Add to cart<\/a><\/div>\t<span id=\"woocommerce_loop_add_to_cart_link_describedby_4749\" class=\"screen-reader-text\">\n\t\t\t<\/span>\n\t\t\t\t\t\t\t<\/div>\n\t\t\t\t\t\t<\/div>\n\t\t\t\t\t\t<\/div>\n\t\t\t\t\t<\/div><div class=\"col\" data-animate=\"fadeInUp\">\n\t\t\t\t\t\t<div class=\"col-inner\">\n\t\t\t\t\t\t\n<div class=\"badge-container badge-custom absolute right top z-1\">\n\n<\/div>\n\t\t\t\t\t\t<div class=\"product-small box has-hover box-normal box-text-bottom\">\n\t\t\t\t\t\t\t<div class=\"box-image\" >\n\t\t\t\t\t\t\t\t<div class=\"image-cover\" style=\"padding-top:100%;\">\n\t\t\t\t\t\t\t\t\t<a href=\"https:\/\/schaumweinkontor.com\/en\/produkt\/villa-franciacorta-docg-brut-emozione-2018-15-l-magnum-bio-copy\/\" aria-label=\"Villa Franciacorta DOCG Brut Emozione 2018 3 L BIO in Wooden Box\">\n\t\t\t\t\t\t\t\t\t\t<img loading=\"lazy\" decoding=\"async\" width=\"300\" height=\"300\" src=\"https:\/\/schaumweinkontor.com\/wp-content\/uploads\/2022\/06\/emozione1-1-2-300x300.jpg\" class=\"attachment-medium size-medium\" alt=\"Villa Franciacorta DOCG Brut Emozione 2018 3 L BIO in Wooden Box\" srcset=\"https:\/\/schaumweinkontor.com\/wp-content\/uploads\/2022\/06\/emozione1-1-2-300x300.jpg 300w, https:\/\/schaumweinkontor.com\/wp-content\/uploads\/2022\/06\/emozione1-1-2-100x100.jpg 100w, https:\/\/schaumweinkontor.com\/wp-content\/uploads\/2022\/06\/emozione1-1-2-510x510.jpg 510w, https:\/\/schaumweinkontor.com\/wp-content\/uploads\/2022\/06\/emozione1-1-2-150x150.jpg 150w, https:\/\/schaumweinkontor.com\/wp-content\/uploads\/2022\/06\/emozione1-1-2-768x768.jpg 768w, https:\/\/schaumweinkontor.com\/wp-content\/uploads\/2022\/06\/emozione1-1-2.jpg 800w\" sizes=\"auto, (max-width: 300px) 100vw, 300px\" \/>\t\t\t\t\t\t\t\t\t<\/a>\n\t\t\t\t\t\t\t\t\t\t\t\t\t\t\t\t\t\t \t\t\t\t\t\t\t\t<\/div>\n\t\t\t\t\t\t\t\t<div class=\"image-tools top right show-on-hover\">\n\t\t\t\t\t\t\t\t\t\t\t\t\t\t\t\t\t<\/div>\n\t\t\t\t\t\t\t\t\t\t\t\t\t\t\t\t\t<div class=\"image-tools grid-tools text-center hide-for-small bottom hover-slide-in show-on-hover\">\n\t\t\t\t\t\t\t\t\t\t\t\t\t\t\t\t\t\t\t<\/div>\n\t\t\t\t\t\t\t\t\t\t\t\t\t\t\t\t\t\t\t\t\t\t\t<\/div>\n\n\t\t\t\t\t\t\t<div class=\"box-text text-center\" >\n\t\t\t\t\t\t\t\t<div class=\"title-wrapper\">\t\t<p class=\"category uppercase is-smaller no-text-overflow product-cat op-7\">\n\t\t\tVilla Franciacorta\t\t<\/p>\n\t<p class=\"name product-title woocommerce-loop-product__title\"><a href=\"https:\/\/schaumweinkontor.com\/en\/produkt\/villa-franciacorta-docg-brut-emozione-2018-15-l-magnum-bio-copy\/\" class=\"woocommerce-LoopProduct-link woocommerce-loop-product__link\">Villa Franciacorta DOCG Brut Emozione 2018 3 L BIO in Wooden Box<\/a><\/p><\/div><div class=\"price-wrapper\">\n\t<span class=\"price\"><span class=\"woocommerce-Price-amount amount\" role=\"none\"><bdi><span class=\"woocommerce-Price-currencySymbol\">&euro;<\/span>&nbsp;225,00<\/bdi><\/span> <small class=\"woocommerce-price-suffix\">inkl. MwSt.<\/small><\/span>\n<\/div><div class=\"add-to-cart-button\"><a href=\"\/en\/wp-json\/wp\/v2\/pages\/4628?add-to-cart=5218\" aria-describedby=\"woocommerce_loop_add_to_cart_link_describedby_5218\" data-quantity=\"1\" class=\"primary is-small mb-0 button product_type_simple add_to_cart_button ajax_add_to_cart is-outline\" data-product_id=\"5218\" data-product_sku=\"100300129\" aria-label=\"Add to cart: &ldquo;Villa Franciacorta DOCG Brut Emozione 2018 3 L BIO in Wooden Box&rdquo;\" rel=\"nofollow\" data-success_message=\"&ldquo;Villa Franciacorta DOCG Brut Emozione 2018 3 L BIO in Wooden Box&rdquo; has been added to your cart\" role=\"button\">Add to cart<\/a><\/div>\t<span id=\"woocommerce_loop_add_to_cart_link_describedby_5218\" class=\"screen-reader-text\">\n\t\t\t<\/span>\n\t\t\t\t\t\t\t<\/div>\n\t\t\t\t\t\t<\/div>\n\t\t\t\t\t\t<\/div>\n\t\t\t\t\t<\/div><div class=\"col\" data-animate=\"fadeInUp\">\n\t\t\t\t\t\t<div class=\"col-inner\">\n\t\t\t\t\t\t\n<div class=\"badge-container badge-custom absolute right top z-1\">\n\n<\/div>\n\t\t\t\t\t\t<div class=\"product-small box has-hover box-normal box-text-bottom\">\n\t\t\t\t\t\t\t<div class=\"box-image\" >\n\t\t\t\t\t\t\t\t<div class=\"image-cover\" style=\"padding-top:100%;\">\n\t\t\t\t\t\t\t\t\t<a href=\"https:\/\/schaumweinkontor.com\/en\/produkt\/villa-franciacorta-docg-brut-emozione-2019-6-l-bio-in-wooden-box\/\" aria-label=\"Villa Franciacorta DOCG Brut Emozione 2019 6 L BIO in Wooden Box\">\n\t\t\t\t\t\t\t\t\t\t<img loading=\"lazy\" decoding=\"async\" width=\"300\" height=\"300\" src=\"https:\/\/schaumweinkontor.com\/wp-content\/uploads\/2024\/04\/Emozione-2019-300x300.png\" class=\"attachment-medium size-medium\" alt=\"Villa Franciacorta DOCG Brut Emozione 2019 BIO \" srcset=\"https:\/\/schaumweinkontor.com\/wp-content\/uploads\/2024\/04\/Emozione-2019-300x300.png 300w, https:\/\/schaumweinkontor.com\/wp-content\/uploads\/2024\/04\/Emozione-2019-150x150.png 150w, https:\/\/schaumweinkontor.com\/wp-content\/uploads\/2024\/04\/Emozione-2019-768x768.png 768w, https:\/\/schaumweinkontor.com\/wp-content\/uploads\/2024\/04\/Emozione-2019-510x510.png 510w, https:\/\/schaumweinkontor.com\/wp-content\/uploads\/2024\/04\/Emozione-2019-100x100.png 100w, https:\/\/schaumweinkontor.com\/wp-content\/uploads\/2024\/04\/Emozione-2019.png 1000w\" sizes=\"auto, (max-width: 300px) 100vw, 300px\" \/>\t\t\t\t\t\t\t\t\t<\/a>\n\t\t\t\t\t\t\t\t\t\t\t\t\t\t\t\t\t\t \t\t\t\t\t\t\t\t<\/div>\n\t\t\t\t\t\t\t\t<div class=\"image-tools top right show-on-hover\">\n\t\t\t\t\t\t\t\t\t\t\t\t\t\t\t\t\t<\/div>\n\t\t\t\t\t\t\t\t\t\t\t\t\t\t\t\t\t<div class=\"image-tools grid-tools text-center hide-for-small bottom hover-slide-in show-on-hover\">\n\t\t\t\t\t\t\t\t\t\t\t\t\t\t\t\t\t\t\t<\/div>\n\t\t\t\t\t\t\t\t\t\t\t\t\t\t\t\t\t\t\t\t\t\t\t<\/div>\n\n\t\t\t\t\t\t\t<div class=\"box-text text-center\" >\n\t\t\t\t\t\t\t\t<div class=\"title-wrapper\">\t\t<p class=\"category uppercase is-smaller no-text-overflow product-cat op-7\">\n\t\t\tVilla Franciacorta\t\t<\/p>\n\t<p class=\"name product-title woocommerce-loop-product__title\"><a href=\"https:\/\/schaumweinkontor.com\/en\/produkt\/villa-franciacorta-docg-brut-emozione-2019-6-l-bio-in-wooden-box\/\" class=\"woocommerce-LoopProduct-link woocommerce-loop-product__link\">Villa Franciacorta DOCG Brut Emozione 2019 6 L BIO in Wooden Box<\/a><\/p><\/div><div class=\"price-wrapper\">\n\t<span class=\"price\"><span class=\"woocommerce-Price-amount amount\" role=\"none\"><bdi><span class=\"woocommerce-Price-currencySymbol\">&euro;<\/span>&nbsp;445,00<\/bdi><\/span> <small class=\"woocommerce-price-suffix\">inkl. MwSt.<\/small><\/span>\n<\/div><div class=\"add-to-cart-button\"><a href=\"\/en\/wp-json\/wp\/v2\/pages\/4628?add-to-cart=5219\" aria-describedby=\"woocommerce_loop_add_to_cart_link_describedby_5219\" data-quantity=\"1\" class=\"primary is-small mb-0 button product_type_simple add_to_cart_button ajax_add_to_cart is-outline\" data-product_id=\"5219\" data-product_sku=\"100300130\" aria-label=\"Add to cart: &ldquo;Villa Franciacorta DOCG Brut Emozione 2019 6 L BIO in Wooden Box&rdquo;\" rel=\"nofollow\" data-success_message=\"&ldquo;Villa Franciacorta DOCG Brut Emozione 2019 6 L BIO in Wooden Box&rdquo; has been added to your cart\" role=\"button\">Add to cart<\/a><\/div>\t<span id=\"woocommerce_loop_add_to_cart_link_describedby_5219\" class=\"screen-reader-text\">\n\t\t\t<\/span>\n\t\t\t\t\t\t\t<\/div>\n\t\t\t\t\t\t<\/div>\n\t\t\t\t\t\t<\/div>\n\t\t\t\t\t<\/div><\/div>\n\n\n\t\t<\/div>\n\t\t\t\t\t<\/div>\n\n\t\n\n\n<style>\n#row-1123466188 > .col > .col-inner {\n  padding: 0 0px 0px 0px;\n}\n@media (min-width:550px) {\n  #row-1123466188 > .col > .col-inner {\n    padding: 15px 0px 0px 0px;\n  }\n}\n<\/style>\n<\/div>\n<div class=\"text-center\"><div class=\"is-divider divider clearfix\" style=\"margin-top:3em;margin-bottom:3em;max-width:100%;height:2px;background-color:rgba(183, 149, 73, 0.419);\"><\/div><\/div>\n\n\t<section class=\"section bg_winzer show-for-medium\" id=\"section_220176581\">\n\t\t<div class=\"bg section-bg fill bg-fill  \" >\n\n\t\t\t\n\t\t\t\n\t\t\t\n\n\t\t<\/div>\n\n\t\t\n\n\t\t<div class=\"section-content relative\">\n\t\t\t\n\n<div class=\"row row-collapse row-full-width align-middle align-center\"  id=\"row-1758189811\">\n\n\n\t<div id=\"col-1426127681\" class=\"col small-12 large-12\"  >\n\t\t\t\t<div class=\"col-inner\"  >\n\t\t\t\n\t\t\t\n\n<h2 id=\"la-torre-mobile\" class=\"uppercase\" style=\"text-align: center;\"><span style=\"font-size: 90%;\">La Torre Franciacorta<\/span><\/h2>\n<p>\u00a0<\/p>\n\n\t\t<\/div>\n\t\t\t\t\t<\/div>\n\n\t\n\n\n<style>\n#row-1758189811 > .col > .col-inner {\n  padding: 15px 0px 0px 0px;\n}\n<\/style>\n<\/div>\n\n\t\t<\/div>\n\n\t\t\n<style>\n#section_220176581 {\n  padding-top: 20px;\n  padding-bottom: 20px;\n  margin-bottom: 0px;\n}\n#section_220176581 .section-bg.bg-loaded {\n  background-image: url(https:\/\/schaumweinkontor.com\/wp-content\/uploads\/2022\/06\/landscape-illu-gold-transp.png);\n}\n<\/style>\n\t<\/section>\n\t\n<div class=\"row row-collapse align-middle align-center\"  id=\"row-1888743956\">\n\n\n\t<div id=\"col-704355047\" class=\"col small-12 large-12\"  >\n\t\t\t\t<div class=\"col-inner\"  >\n\t\t\t\n\t\t\t\n\n\n  \n    <div class=\"row margin-auto equalize-box show-for-small large-columns-3 medium-columns- small-columns-1 row-large has-shadow row-box-shadow-2 row-box-shadow-4-hover\" >\n  \t\n\t     <div class=\"col\" data-animate=\"fadeInUp\">\n\t\t\t\t\t\t<div class=\"col-inner\">\n\t\t\t\t\t\t\n<div class=\"badge-container badge-custom absolute right top z-1\">\n\n<\/div>\n\t\t\t\t\t\t<div class=\"product-small box margin-auto has-hover box-vertical box-text-bottom\">\n\t\t\t\t\t\t\t<div class=\"box-image\" >\n\t\t\t\t\t\t\t\t<div class=\"image-cover\" style=\"padding-top:100%;\">\n\t\t\t\t\t\t\t\t\t<a href=\"https:\/\/schaumweinkontor.com\/en\/produkt\/la-torre-franciacorta-docg-brut-075l\/\" aria-label=\"La Torre Franciacorta DOCG Brut 0,75l\">\n\t\t\t\t\t\t\t\t\t\t<img loading=\"lazy\" decoding=\"async\" width=\"300\" height=\"300\" src=\"https:\/\/schaumweinkontor.com\/wp-content\/uploads\/2024\/01\/Franciacorta-Brut-La-Torre-300x300.png\" class=\"attachment-medium size-medium\" alt=\"La Torre Franciacorta DOCG Brut 0,75l\" srcset=\"https:\/\/schaumweinkontor.com\/wp-content\/uploads\/2024\/01\/Franciacorta-Brut-La-Torre-300x300.png 300w, https:\/\/schaumweinkontor.com\/wp-content\/uploads\/2024\/01\/Franciacorta-Brut-La-Torre-100x100.png 100w, https:\/\/schaumweinkontor.com\/wp-content\/uploads\/2024\/01\/Franciacorta-Brut-La-Torre-510x510.png 510w, https:\/\/schaumweinkontor.com\/wp-content\/uploads\/2024\/01\/Franciacorta-Brut-La-Torre-150x150.png 150w, https:\/\/schaumweinkontor.com\/wp-content\/uploads\/2024\/01\/Franciacorta-Brut-La-Torre-768x768.png 768w, https:\/\/schaumweinkontor.com\/wp-content\/uploads\/2024\/01\/Franciacorta-Brut-La-Torre.png 1000w\" sizes=\"auto, (max-width: 300px) 100vw, 300px\" \/>\t\t\t\t\t\t\t\t\t<\/a>\n\t\t\t\t\t\t\t\t\t\t\t\t\t\t\t\t\t\t \t\t\t\t\t\t\t\t<\/div>\n\t\t\t\t\t\t\t\t<div class=\"image-tools top right show-on-hover\">\n\t\t\t\t\t\t\t\t\t\t\t\t\t\t\t\t\t<\/div>\n\t\t\t\t\t\t\t\t\t\t\t\t\t\t\t\t\t<div class=\"image-tools grid-tools text-center hide-for-small bottom hover-slide-in show-on-hover\">\n\t\t\t\t\t\t\t\t\t\t\t\t\t\t\t\t\t\t\t<\/div>\n\t\t\t\t\t\t\t\t\t\t\t\t\t\t\t\t\t\t\t\t\t\t\t<\/div>\n\n\t\t\t\t\t\t\t<div class=\"box-text text-center\" >\n\t\t\t\t\t\t\t\t<div class=\"title-wrapper\">\t\t<p class=\"category uppercase is-smaller no-text-overflow product-cat op-7\">\n\t\t\tFranciacorta\t\t<\/p>\n\t<p class=\"name product-title woocommerce-loop-product__title\"><a href=\"https:\/\/schaumweinkontor.com\/en\/produkt\/la-torre-franciacorta-docg-brut-075l\/\" class=\"woocommerce-LoopProduct-link woocommerce-loop-product__link\">La Torre Franciacorta DOCG Brut 0,75l<\/a><\/p><\/div><div class=\"price-wrapper\">\n\t<span class=\"price\"><span class=\"woocommerce-Price-amount amount\" role=\"none\"><bdi><span class=\"woocommerce-Price-currencySymbol\">&euro;<\/span>&nbsp;22,90<\/bdi><\/span> <small class=\"woocommerce-price-suffix\">inkl. MwSt.<\/small><\/span>\n<\/div><div class=\"add-to-cart-button\"><a href=\"\/en\/wp-json\/wp\/v2\/pages\/4628?add-to-cart=5103\" aria-describedby=\"woocommerce_loop_add_to_cart_link_describedby_5103\" data-quantity=\"1\" class=\"primary is-small mb-0 button product_type_simple add_to_cart_button ajax_add_to_cart is-outline\" data-product_id=\"5103\" data-product_sku=\"100300083\" aria-label=\"Add to cart: &ldquo;La Torre Franciacorta DOCG Brut 0,75l&rdquo;\" rel=\"nofollow\" data-success_message=\"&ldquo;La Torre Franciacorta DOCG Brut 0,75l&rdquo; has been added to your cart\" role=\"button\">Add to cart<\/a><\/div>\t<span id=\"woocommerce_loop_add_to_cart_link_describedby_5103\" class=\"screen-reader-text\">\n\t\t\t<\/span>\n\t\t\t\t\t\t\t<\/div>\n\t\t\t\t\t\t<\/div>\n\t\t\t\t\t\t<\/div>\n\t\t\t\t\t<\/div><div class=\"col\" data-animate=\"fadeInUp\">\n\t\t\t\t\t\t<div class=\"col-inner\">\n\t\t\t\t\t\t\n<div class=\"badge-container badge-custom absolute right top z-1\">\n\n<\/div>\n\t\t\t\t\t\t<div class=\"product-small box margin-auto has-hover box-vertical box-text-bottom\">\n\t\t\t\t\t\t\t<div class=\"box-image\" >\n\t\t\t\t\t\t\t\t<div class=\"image-cover\" style=\"padding-top:100%;\">\n\t\t\t\t\t\t\t\t\t<a href=\"https:\/\/schaumweinkontor.com\/en\/produkt\/la-torre-franciacorta-docg-brut-saten-075l\/\" aria-label=\"La Torre Franciacorta DOCG Brut Saten 0,75l\">\n\t\t\t\t\t\t\t\t\t\t<img loading=\"lazy\" decoding=\"async\" width=\"300\" height=\"300\" src=\"https:\/\/schaumweinkontor.com\/wp-content\/uploads\/2024\/01\/Saten-La-Torre-300x300.png\" class=\"attachment-medium size-medium\" alt=\"La Torre Franciacorta DOCG Brut Saten 0,75l\" srcset=\"https:\/\/schaumweinkontor.com\/wp-content\/uploads\/2024\/01\/Saten-La-Torre-300x300.png 300w, https:\/\/schaumweinkontor.com\/wp-content\/uploads\/2024\/01\/Saten-La-Torre-100x100.png 100w, https:\/\/schaumweinkontor.com\/wp-content\/uploads\/2024\/01\/Saten-La-Torre-510x510.png 510w, https:\/\/schaumweinkontor.com\/wp-content\/uploads\/2024\/01\/Saten-La-Torre-150x150.png 150w, https:\/\/schaumweinkontor.com\/wp-content\/uploads\/2024\/01\/Saten-La-Torre-768x768.png 768w, https:\/\/schaumweinkontor.com\/wp-content\/uploads\/2024\/01\/Saten-La-Torre.png 1000w\" sizes=\"auto, (max-width: 300px) 100vw, 300px\" \/>\t\t\t\t\t\t\t\t\t<\/a>\n\t\t\t\t\t\t\t\t\t\t\t\t\t\t\t\t\t\t \t\t\t\t\t\t\t\t<\/div>\n\t\t\t\t\t\t\t\t<div class=\"image-tools top right show-on-hover\">\n\t\t\t\t\t\t\t\t\t\t\t\t\t\t\t\t\t<\/div>\n\t\t\t\t\t\t\t\t\t\t\t\t\t\t\t\t\t<div class=\"image-tools grid-tools text-center hide-for-small bottom hover-slide-in show-on-hover\">\n\t\t\t\t\t\t\t\t\t\t\t\t\t\t\t\t\t\t\t<\/div>\n\t\t\t\t\t\t\t\t\t\t\t\t\t\t\t\t\t\t\t\t\t\t\t<\/div>\n\n\t\t\t\t\t\t\t<div class=\"box-text text-center\" >\n\t\t\t\t\t\t\t\t<div class=\"title-wrapper\">\t\t<p class=\"category uppercase is-smaller no-text-overflow product-cat op-7\">\n\t\t\tFranciacorta\t\t<\/p>\n\t<p class=\"name product-title woocommerce-loop-product__title\"><a href=\"https:\/\/schaumweinkontor.com\/en\/produkt\/la-torre-franciacorta-docg-brut-saten-075l\/\" class=\"woocommerce-LoopProduct-link woocommerce-loop-product__link\">La Torre Franciacorta DOCG Brut Saten 0,75l<\/a><\/p><\/div><div class=\"price-wrapper\">\n\t<span class=\"price\"><span class=\"woocommerce-Price-amount amount\" role=\"none\"><bdi><span class=\"woocommerce-Price-currencySymbol\">&euro;<\/span>&nbsp;26,20<\/bdi><\/span> <small class=\"woocommerce-price-suffix\">inkl. MwSt.<\/small><\/span>\n<\/div><div class=\"add-to-cart-button\"><a href=\"\/en\/wp-json\/wp\/v2\/pages\/4628?add-to-cart=5102\" aria-describedby=\"woocommerce_loop_add_to_cart_link_describedby_5102\" data-quantity=\"1\" class=\"primary is-small mb-0 button product_type_simple add_to_cart_button ajax_add_to_cart is-outline\" data-product_id=\"5102\" data-product_sku=\"100300084\" aria-label=\"Add to cart: &ldquo;La Torre Franciacorta DOCG Brut Saten 0,75l&rdquo;\" rel=\"nofollow\" data-success_message=\"&ldquo;La Torre Franciacorta DOCG Brut Saten 0,75l&rdquo; has been added to your cart\" role=\"button\">Add to cart<\/a><\/div>\t<span id=\"woocommerce_loop_add_to_cart_link_describedby_5102\" class=\"screen-reader-text\">\n\t\t\t<\/span>\n\t\t\t\t\t\t\t<\/div>\n\t\t\t\t\t\t<\/div>\n\t\t\t\t\t\t<\/div>\n\t\t\t\t\t<\/div><div class=\"col\" data-animate=\"fadeInUp\">\n\t\t\t\t\t\t<div class=\"col-inner\">\n\t\t\t\t\t\t\n<div class=\"badge-container badge-custom absolute right top z-1\">\n\n<\/div>\n\t\t\t\t\t\t<div class=\"product-small box margin-auto has-hover box-vertical box-text-bottom\">\n\t\t\t\t\t\t\t<div class=\"box-image\" >\n\t\t\t\t\t\t\t\t<div class=\"image-cover\" style=\"padding-top:100%;\">\n\t\t\t\t\t\t\t\t\t<a href=\"https:\/\/schaumweinkontor.com\/en\/produkt\/la-torre-franciacorta-docg-brut-rose-075l\/\" aria-label=\"La Torre Franciacorta DOCG Brut Ros\u00e9 0,75l\">\n\t\t\t\t\t\t\t\t\t\t<img loading=\"lazy\" decoding=\"async\" width=\"300\" height=\"300\" src=\"https:\/\/schaumweinkontor.com\/wp-content\/uploads\/2024\/01\/Rose-La-Torre-300x300.png\" class=\"attachment-medium size-medium\" alt=\"La Torre Franciacorta DOCG Brut Ros\u00e9 \" srcset=\"https:\/\/schaumweinkontor.com\/wp-content\/uploads\/2024\/01\/Rose-La-Torre-300x300.png 300w, https:\/\/schaumweinkontor.com\/wp-content\/uploads\/2024\/01\/Rose-La-Torre-100x100.png 100w, https:\/\/schaumweinkontor.com\/wp-content\/uploads\/2024\/01\/Rose-La-Torre-510x510.png 510w, https:\/\/schaumweinkontor.com\/wp-content\/uploads\/2024\/01\/Rose-La-Torre-150x150.png 150w, https:\/\/schaumweinkontor.com\/wp-content\/uploads\/2024\/01\/Rose-La-Torre-768x768.png 768w, https:\/\/schaumweinkontor.com\/wp-content\/uploads\/2024\/01\/Rose-La-Torre.png 1000w\" sizes=\"auto, (max-width: 300px) 100vw, 300px\" \/>\t\t\t\t\t\t\t\t\t<\/a>\n\t\t\t\t\t\t\t\t\t\t\t\t\t\t\t\t\t\t \t\t\t\t\t\t\t\t<\/div>\n\t\t\t\t\t\t\t\t<div class=\"image-tools top right show-on-hover\">\n\t\t\t\t\t\t\t\t\t\t\t\t\t\t\t\t\t<\/div>\n\t\t\t\t\t\t\t\t\t\t\t\t\t\t\t\t\t<div class=\"image-tools grid-tools text-center hide-for-small bottom hover-slide-in show-on-hover\">\n\t\t\t\t\t\t\t\t\t\t\t\t\t\t\t\t\t\t\t<\/div>\n\t\t\t\t\t\t\t\t\t\t\t\t\t\t\t\t\t\t\t\t\t\t\t<\/div>\n\n\t\t\t\t\t\t\t<div class=\"box-text text-center\" >\n\t\t\t\t\t\t\t\t<div class=\"title-wrapper\">\t\t<p class=\"category uppercase is-smaller no-text-overflow product-cat op-7\">\n\t\t\tFranciacorta\t\t<\/p>\n\t<p class=\"name product-title woocommerce-loop-product__title\"><a href=\"https:\/\/schaumweinkontor.com\/en\/produkt\/la-torre-franciacorta-docg-brut-rose-075l\/\" class=\"woocommerce-LoopProduct-link woocommerce-loop-product__link\">La Torre Franciacorta DOCG Brut Ros\u00e9 0,75l<\/a><\/p><\/div><div class=\"price-wrapper\">\n\t<span class=\"price\"><span class=\"woocommerce-Price-amount amount\" role=\"none\"><bdi><span class=\"woocommerce-Price-currencySymbol\">&euro;<\/span>&nbsp;28,90<\/bdi><\/span> <small class=\"woocommerce-price-suffix\">inkl. MwSt.<\/small><\/span>\n<\/div><div class=\"add-to-cart-button\"><a href=\"\/en\/wp-json\/wp\/v2\/pages\/4628?add-to-cart=5097\" aria-describedby=\"woocommerce_loop_add_to_cart_link_describedby_5097\" data-quantity=\"1\" class=\"primary is-small mb-0 button product_type_simple add_to_cart_button ajax_add_to_cart is-outline\" data-product_id=\"5097\" data-product_sku=\"100300085\" aria-label=\"Add to cart: &ldquo;La Torre Franciacorta DOCG Brut Ros\u00e9 0,75l&rdquo;\" rel=\"nofollow\" data-success_message=\"&ldquo;La Torre Franciacorta DOCG Brut Ros\u00e9 0,75l&rdquo; has been added to your cart\" role=\"button\">Add to cart<\/a><\/div>\t<span id=\"woocommerce_loop_add_to_cart_link_describedby_5097\" class=\"screen-reader-text\">\n\t\t\t<\/span>\n\t\t\t\t\t\t\t<\/div>\n\t\t\t\t\t\t<\/div>\n\t\t\t\t\t\t<\/div>\n\t\t\t\t\t<\/div><div class=\"col\" data-animate=\"fadeInUp\">\n\t\t\t\t\t\t<div class=\"col-inner\">\n\t\t\t\t\t\t\n<div class=\"badge-container badge-custom absolute right top z-1\">\n\n<\/div>\n\t\t\t\t\t\t<div class=\"product-small box margin-auto has-hover box-vertical box-text-bottom\">\n\t\t\t\t\t\t\t<div class=\"box-image\" >\n\t\t\t\t\t\t\t\t<div class=\"image-cover\" style=\"padding-top:100%;\">\n\t\t\t\t\t\t\t\t\t<a href=\"https:\/\/schaumweinkontor.com\/en\/produkt\/la-torre-franciacorta-docg-saten-millesimato-2017-075l\/\" aria-label=\"La Torre Franciacorta DOCG Saten Millesimato 2017 0,75l\">\n\t\t\t\t\t\t\t\t\t\t<img loading=\"lazy\" decoding=\"async\" width=\"300\" height=\"300\" src=\"https:\/\/schaumweinkontor.com\/wp-content\/uploads\/2025\/07\/100300551-300x300.png\" class=\"attachment-medium size-medium\" alt=\"La Torre Franciacorta DOCG Saten Millesimato 2017 \" srcset=\"https:\/\/schaumweinkontor.com\/wp-content\/uploads\/2025\/07\/100300551-300x300.png 300w, https:\/\/schaumweinkontor.com\/wp-content\/uploads\/2025\/07\/100300551-150x150.png 150w, https:\/\/schaumweinkontor.com\/wp-content\/uploads\/2025\/07\/100300551-768x768.png 768w, https:\/\/schaumweinkontor.com\/wp-content\/uploads\/2025\/07\/100300551-510x510.png 510w, https:\/\/schaumweinkontor.com\/wp-content\/uploads\/2025\/07\/100300551-100x100.png 100w, https:\/\/schaumweinkontor.com\/wp-content\/uploads\/2025\/07\/100300551.png 1000w\" sizes=\"auto, (max-width: 300px) 100vw, 300px\" \/>\t\t\t\t\t\t\t\t\t<\/a>\n\t\t\t\t\t\t\t\t\t\t\t\t\t\t\t\t\t\t \t\t\t\t\t\t\t\t<\/div>\n\t\t\t\t\t\t\t\t<div class=\"image-tools top right show-on-hover\">\n\t\t\t\t\t\t\t\t\t\t\t\t\t\t\t\t\t<\/div>\n\t\t\t\t\t\t\t\t\t\t\t\t\t\t\t\t\t<div class=\"image-tools grid-tools text-center hide-for-small bottom hover-slide-in show-on-hover\">\n\t\t\t\t\t\t\t\t\t\t\t\t\t\t\t\t\t\t\t<\/div>\n\t\t\t\t\t\t\t\t\t\t\t\t\t\t\t\t\t\t\t\t\t\t\t<\/div>\n\n\t\t\t\t\t\t\t<div class=\"box-text text-center\" >\n\t\t\t\t\t\t\t\t<div class=\"title-wrapper\">\t\t<p class=\"category uppercase is-smaller no-text-overflow product-cat op-7\">\n\t\t\tFranciacorta\t\t<\/p>\n\t<p class=\"name product-title woocommerce-loop-product__title\"><a href=\"https:\/\/schaumweinkontor.com\/en\/produkt\/la-torre-franciacorta-docg-saten-millesimato-2017-075l\/\" class=\"woocommerce-LoopProduct-link woocommerce-loop-product__link\">La Torre Franciacorta DOCG Saten Millesimato 2017 0,75l<\/a><\/p><\/div><div class=\"price-wrapper\">\n\t<span class=\"price\"><span class=\"woocommerce-Price-amount amount\" role=\"none\"><bdi><span class=\"woocommerce-Price-currencySymbol\">&euro;<\/span>&nbsp;35,00<\/bdi><\/span> <small class=\"woocommerce-price-suffix\">inkl. MwSt.<\/small><\/span>\n<\/div><div class=\"add-to-cart-button\"><a href=\"\/en\/wp-json\/wp\/v2\/pages\/4628?add-to-cart=6520\" aria-describedby=\"woocommerce_loop_add_to_cart_link_describedby_6520\" data-quantity=\"1\" class=\"primary is-small mb-0 button product_type_simple add_to_cart_button ajax_add_to_cart is-outline\" data-product_id=\"6520\" data-product_sku=\"100300551\" aria-label=\"Add to cart: &ldquo;La Torre Franciacorta DOCG Saten Millesimato 2017 0,75l&rdquo;\" rel=\"nofollow\" data-success_message=\"&ldquo;La Torre Franciacorta DOCG Saten Millesimato 2017 0,75l&rdquo; has been added to your cart\" role=\"button\">Add to cart<\/a><\/div>\t<span id=\"woocommerce_loop_add_to_cart_link_describedby_6520\" class=\"screen-reader-text\">\n\t\t\t<\/span>\n\t\t\t\t\t\t\t<\/div>\n\t\t\t\t\t\t<\/div>\n\t\t\t\t\t\t<\/div>\n\t\t\t\t\t<\/div><div class=\"col\" data-animate=\"fadeInUp\">\n\t\t\t\t\t\t<div class=\"col-inner\">\n\t\t\t\t\t\t\n<div class=\"badge-container badge-custom absolute right top z-1\">\n\n<\/div>\n\t\t\t\t\t\t<div class=\"product-small box margin-auto has-hover box-vertical box-text-bottom\">\n\t\t\t\t\t\t\t<div class=\"box-image\" >\n\t\t\t\t\t\t\t\t<div class=\"image-cover\" style=\"padding-top:100%;\">\n\t\t\t\t\t\t\t\t\t<a href=\"https:\/\/schaumweinkontor.com\/en\/produkt\/la-torre-franciacorta-docg-millesimato-pas-dose-2016-075l\/\" aria-label=\"La Torre Franciacorta DOCG Millesimato Pas Dos\u00e8 2016 0,75l\">\n\t\t\t\t\t\t\t\t\t\t<img loading=\"lazy\" decoding=\"async\" width=\"300\" height=\"300\" src=\"https:\/\/schaumweinkontor.com\/wp-content\/uploads\/2024\/01\/Millesimato-La-Torre-300x300.png\" class=\"attachment-medium size-medium\" alt=\"La Torre Franciacorta DOCG Millesimato Pas Dos\u00e8 2016 0,75l\" srcset=\"https:\/\/schaumweinkontor.com\/wp-content\/uploads\/2024\/01\/Millesimato-La-Torre-300x300.png 300w, https:\/\/schaumweinkontor.com\/wp-content\/uploads\/2024\/01\/Millesimato-La-Torre-100x100.png 100w, https:\/\/schaumweinkontor.com\/wp-content\/uploads\/2024\/01\/Millesimato-La-Torre-510x510.png 510w, https:\/\/schaumweinkontor.com\/wp-content\/uploads\/2024\/01\/Millesimato-La-Torre-150x150.png 150w, https:\/\/schaumweinkontor.com\/wp-content\/uploads\/2024\/01\/Millesimato-La-Torre-768x768.png 768w, https:\/\/schaumweinkontor.com\/wp-content\/uploads\/2024\/01\/Millesimato-La-Torre.png 1000w\" sizes=\"auto, (max-width: 300px) 100vw, 300px\" \/>\t\t\t\t\t\t\t\t\t<\/a>\n\t\t\t\t\t\t\t\t\t\t\t\t\t\t\t\t\t\t \t\t\t\t\t\t\t\t<\/div>\n\t\t\t\t\t\t\t\t<div class=\"image-tools top right show-on-hover\">\n\t\t\t\t\t\t\t\t\t\t\t\t\t\t\t\t\t<\/div>\n\t\t\t\t\t\t\t\t\t\t\t\t\t\t\t\t\t<div class=\"image-tools grid-tools text-center hide-for-small bottom hover-slide-in show-on-hover\">\n\t\t\t\t\t\t\t\t\t\t\t\t\t\t\t\t\t\t\t<\/div>\n\t\t\t\t\t\t\t\t\t\t\t\t\t\t\t\t\t\t\t\t\t\t\t<\/div>\n\n\t\t\t\t\t\t\t<div class=\"box-text text-center\" >\n\t\t\t\t\t\t\t\t<div class=\"title-wrapper\">\t\t<p class=\"category uppercase is-smaller no-text-overflow product-cat op-7\">\n\t\t\tFranciacorta\t\t<\/p>\n\t<p class=\"name product-title woocommerce-loop-product__title\"><a href=\"https:\/\/schaumweinkontor.com\/en\/produkt\/la-torre-franciacorta-docg-millesimato-pas-dose-2016-075l\/\" class=\"woocommerce-LoopProduct-link woocommerce-loop-product__link\">La Torre Franciacorta DOCG Millesimato Pas Dos\u00e8 2016 0,75l<\/a><\/p><\/div><div class=\"price-wrapper\">\n\t<span class=\"price\"><span class=\"woocommerce-Price-amount amount\" role=\"none\"><bdi><span class=\"woocommerce-Price-currencySymbol\">&euro;<\/span>&nbsp;35,20<\/bdi><\/span> <small class=\"woocommerce-price-suffix\">inkl. MwSt.<\/small><\/span>\n<\/div><div class=\"add-to-cart-button\"><a href=\"\/en\/wp-json\/wp\/v2\/pages\/4628?add-to-cart=5095\" aria-describedby=\"woocommerce_loop_add_to_cart_link_describedby_5095\" data-quantity=\"1\" class=\"primary is-small mb-0 button product_type_simple add_to_cart_button ajax_add_to_cart is-outline\" data-product_id=\"5095\" data-product_sku=\"100300086\" aria-label=\"Add to cart: &ldquo;La Torre Franciacorta DOCG Millesimato Pas Dos\u00e8 2016 0,75l&rdquo;\" rel=\"nofollow\" data-success_message=\"&ldquo;La Torre Franciacorta DOCG Millesimato Pas Dos\u00e8 2016 0,75l&rdquo; has been added to your cart\" role=\"button\">Add to cart<\/a><\/div>\t<span id=\"woocommerce_loop_add_to_cart_link_describedby_5095\" class=\"screen-reader-text\">\n\t\t\t<\/span>\n\t\t\t\t\t\t\t<\/div>\n\t\t\t\t\t\t<\/div>\n\t\t\t\t\t\t<\/div>\n\t\t\t\t\t<\/div><div class=\"col\" data-animate=\"fadeInUp\">\n\t\t\t\t\t\t<div class=\"col-inner\">\n\t\t\t\t\t\t\n<div class=\"badge-container badge-custom absolute right top z-1\">\n\n<\/div>\n\t\t\t\t\t\t<div class=\"product-small box margin-auto has-hover box-vertical box-text-bottom\">\n\t\t\t\t\t\t\t<div class=\"box-image\" >\n\t\t\t\t\t\t\t\t<div class=\"image-cover\" style=\"padding-top:100%;\">\n\t\t\t\t\t\t\t\t\t<a href=\"https:\/\/schaumweinkontor.com\/en\/produkt\/la-torre-franciacorta-docg-riserva-corsini-marco-2015-075l\/\" aria-label=\"La Torre Franciacorta DOCG Riserva Corsini Marco 2015 0,75l\">\n\t\t\t\t\t\t\t\t\t\t<img loading=\"lazy\" decoding=\"async\" width=\"300\" height=\"300\" src=\"https:\/\/schaumweinkontor.com\/wp-content\/uploads\/2024\/01\/Riserva-La-Torre-300x300.png\" class=\"attachment-medium size-medium\" alt=\"La Torre Franciacorta DOCG Riserva Corsini Marco 2015 \" srcset=\"https:\/\/schaumweinkontor.com\/wp-content\/uploads\/2024\/01\/Riserva-La-Torre-300x300.png 300w, https:\/\/schaumweinkontor.com\/wp-content\/uploads\/2024\/01\/Riserva-La-Torre-100x100.png 100w, https:\/\/schaumweinkontor.com\/wp-content\/uploads\/2024\/01\/Riserva-La-Torre-510x510.png 510w, https:\/\/schaumweinkontor.com\/wp-content\/uploads\/2024\/01\/Riserva-La-Torre-150x150.png 150w, https:\/\/schaumweinkontor.com\/wp-content\/uploads\/2024\/01\/Riserva-La-Torre-768x768.png 768w, https:\/\/schaumweinkontor.com\/wp-content\/uploads\/2024\/01\/Riserva-La-Torre.png 1000w\" sizes=\"auto, (max-width: 300px) 100vw, 300px\" \/>\t\t\t\t\t\t\t\t\t<\/a>\n\t\t\t\t\t\t\t\t\t\t\t\t\t\t\t\t\t\t \t\t\t\t\t\t\t\t<\/div>\n\t\t\t\t\t\t\t\t<div class=\"image-tools top right show-on-hover\">\n\t\t\t\t\t\t\t\t\t\t\t\t\t\t\t\t\t<\/div>\n\t\t\t\t\t\t\t\t\t\t\t\t\t\t\t\t\t<div class=\"image-tools grid-tools text-center hide-for-small bottom hover-slide-in show-on-hover\">\n\t\t\t\t\t\t\t\t\t\t\t\t\t\t\t\t\t\t\t<\/div>\n\t\t\t\t\t\t\t\t\t\t\t\t\t\t\t\t\t\t\t\t\t\t\t<\/div>\n\n\t\t\t\t\t\t\t<div class=\"box-text text-center\" >\n\t\t\t\t\t\t\t\t<div class=\"title-wrapper\">\t\t<p class=\"category uppercase is-smaller no-text-overflow product-cat op-7\">\n\t\t\tFranciacorta\t\t<\/p>\n\t<p class=\"name product-title woocommerce-loop-product__title\"><a href=\"https:\/\/schaumweinkontor.com\/en\/produkt\/la-torre-franciacorta-docg-riserva-corsini-marco-2015-075l\/\" class=\"woocommerce-LoopProduct-link woocommerce-loop-product__link\">La Torre Franciacorta DOCG Riserva Corsini Marco 2015 0,75l<\/a><\/p><\/div><div class=\"price-wrapper\">\n\t<span class=\"price\"><span class=\"woocommerce-Price-amount amount\" role=\"none\"><bdi><span class=\"woocommerce-Price-currencySymbol\">&euro;<\/span>&nbsp;44,90<\/bdi><\/span> <small class=\"woocommerce-price-suffix\">inkl. MwSt.<\/small><\/span>\n<\/div><div class=\"add-to-cart-button\"><a href=\"\/en\/wp-json\/wp\/v2\/pages\/4628?add-to-cart=5088\" aria-describedby=\"woocommerce_loop_add_to_cart_link_describedby_5088\" data-quantity=\"1\" class=\"primary is-small mb-0 button product_type_simple add_to_cart_button ajax_add_to_cart is-outline\" data-product_id=\"5088\" data-product_sku=\"100300087\" aria-label=\"Add to cart: &ldquo;La Torre Franciacorta DOCG Riserva Corsini Marco 2015 0,75l&rdquo;\" rel=\"nofollow\" data-success_message=\"&ldquo;La Torre Franciacorta DOCG Riserva Corsini Marco 2015 0,75l&rdquo; has been added to your cart\" role=\"button\">Add to cart<\/a><\/div>\t<span id=\"woocommerce_loop_add_to_cart_link_describedby_5088\" class=\"screen-reader-text\">\n\t\t\t<\/span>\n\t\t\t\t\t\t\t<\/div>\n\t\t\t\t\t\t<\/div>\n\t\t\t\t\t\t<\/div>\n\t\t\t\t\t<\/div><\/div>\n\n\n  \n    <div class=\"row  equalize-box show-for-medium hide-for-small large-columns-3 medium-columns-2 small-columns-1 row-large has-shadow row-box-shadow-2 row-box-shadow-4-hover\" >\n  \t\n\t     <div class=\"col\" data-animate=\"fadeInUp\">\n\t\t\t\t\t\t<div class=\"col-inner\">\n\t\t\t\t\t\t\n<div class=\"badge-container badge-custom absolute right top z-1\">\n\n<\/div>\n\t\t\t\t\t\t<div class=\"product-small box has-hover box-normal box-text-bottom\">\n\t\t\t\t\t\t\t<div class=\"box-image\" >\n\t\t\t\t\t\t\t\t<div class=\"image-cover\" style=\"padding-top:100%;\">\n\t\t\t\t\t\t\t\t\t<a href=\"https:\/\/schaumweinkontor.com\/en\/produkt\/la-torre-franciacorta-docg-brut-075l\/\" aria-label=\"La Torre Franciacorta DOCG Brut 0,75l\">\n\t\t\t\t\t\t\t\t\t\t<img loading=\"lazy\" decoding=\"async\" width=\"300\" height=\"300\" src=\"https:\/\/schaumweinkontor.com\/wp-content\/uploads\/2024\/01\/Franciacorta-Brut-La-Torre-300x300.png\" class=\"attachment-medium size-medium\" alt=\"La Torre Franciacorta DOCG Brut 0,75l\" srcset=\"https:\/\/schaumweinkontor.com\/wp-content\/uploads\/2024\/01\/Franciacorta-Brut-La-Torre-300x300.png 300w, https:\/\/schaumweinkontor.com\/wp-content\/uploads\/2024\/01\/Franciacorta-Brut-La-Torre-100x100.png 100w, https:\/\/schaumweinkontor.com\/wp-content\/uploads\/2024\/01\/Franciacorta-Brut-La-Torre-510x510.png 510w, https:\/\/schaumweinkontor.com\/wp-content\/uploads\/2024\/01\/Franciacorta-Brut-La-Torre-150x150.png 150w, https:\/\/schaumweinkontor.com\/wp-content\/uploads\/2024\/01\/Franciacorta-Brut-La-Torre-768x768.png 768w, https:\/\/schaumweinkontor.com\/wp-content\/uploads\/2024\/01\/Franciacorta-Brut-La-Torre.png 1000w\" sizes=\"auto, (max-width: 300px) 100vw, 300px\" \/>\t\t\t\t\t\t\t\t\t<\/a>\n\t\t\t\t\t\t\t\t\t\t\t\t\t\t\t\t\t\t \t\t\t\t\t\t\t\t<\/div>\n\t\t\t\t\t\t\t\t<div class=\"image-tools top right show-on-hover\">\n\t\t\t\t\t\t\t\t\t\t\t\t\t\t\t\t\t<\/div>\n\t\t\t\t\t\t\t\t\t\t\t\t\t\t\t\t\t<div class=\"image-tools grid-tools text-center hide-for-small bottom hover-slide-in show-on-hover\">\n\t\t\t\t\t\t\t\t\t\t\t\t\t\t\t\t\t\t\t<\/div>\n\t\t\t\t\t\t\t\t\t\t\t\t\t\t\t\t\t\t\t\t\t\t\t<\/div>\n\n\t\t\t\t\t\t\t<div class=\"box-text text-center\" >\n\t\t\t\t\t\t\t\t<div class=\"title-wrapper\">\t\t<p class=\"category uppercase is-smaller no-text-overflow product-cat op-7\">\n\t\t\tFranciacorta\t\t<\/p>\n\t<p class=\"name product-title woocommerce-loop-product__title\"><a href=\"https:\/\/schaumweinkontor.com\/en\/produkt\/la-torre-franciacorta-docg-brut-075l\/\" class=\"woocommerce-LoopProduct-link woocommerce-loop-product__link\">La Torre Franciacorta DOCG Brut 0,75l<\/a><\/p><\/div><div class=\"price-wrapper\">\n\t<span class=\"price\"><span class=\"woocommerce-Price-amount amount\" role=\"none\"><bdi><span class=\"woocommerce-Price-currencySymbol\">&euro;<\/span>&nbsp;22,90<\/bdi><\/span> <small class=\"woocommerce-price-suffix\">inkl. MwSt.<\/small><\/span>\n<\/div><div class=\"add-to-cart-button\"><a href=\"\/en\/wp-json\/wp\/v2\/pages\/4628?add-to-cart=5103\" aria-describedby=\"woocommerce_loop_add_to_cart_link_describedby_5103\" data-quantity=\"1\" class=\"primary is-small mb-0 button product_type_simple add_to_cart_button ajax_add_to_cart is-outline\" data-product_id=\"5103\" data-product_sku=\"100300083\" aria-label=\"Add to cart: &ldquo;La Torre Franciacorta DOCG Brut 0,75l&rdquo;\" rel=\"nofollow\" data-success_message=\"&ldquo;La Torre Franciacorta DOCG Brut 0,75l&rdquo; has been added to your cart\" role=\"button\">Add to cart<\/a><\/div>\t<span id=\"woocommerce_loop_add_to_cart_link_describedby_5103\" class=\"screen-reader-text\">\n\t\t\t<\/span>\n\t\t\t\t\t\t\t<\/div>\n\t\t\t\t\t\t<\/div>\n\t\t\t\t\t\t<\/div>\n\t\t\t\t\t<\/div><div class=\"col\" data-animate=\"fadeInUp\">\n\t\t\t\t\t\t<div class=\"col-inner\">\n\t\t\t\t\t\t\n<div class=\"badge-container badge-custom absolute right top z-1\">\n\n<\/div>\n\t\t\t\t\t\t<div class=\"product-small box has-hover box-normal box-text-bottom\">\n\t\t\t\t\t\t\t<div class=\"box-image\" >\n\t\t\t\t\t\t\t\t<div class=\"image-cover\" style=\"padding-top:100%;\">\n\t\t\t\t\t\t\t\t\t<a href=\"https:\/\/schaumweinkontor.com\/en\/produkt\/la-torre-franciacorta-docg-brut-saten-075l\/\" aria-label=\"La Torre Franciacorta DOCG Brut Saten 0,75l\">\n\t\t\t\t\t\t\t\t\t\t<img loading=\"lazy\" decoding=\"async\" width=\"300\" height=\"300\" src=\"https:\/\/schaumweinkontor.com\/wp-content\/uploads\/2024\/01\/Saten-La-Torre-300x300.png\" class=\"attachment-medium size-medium\" alt=\"La Torre Franciacorta DOCG Brut Saten 0,75l\" srcset=\"https:\/\/schaumweinkontor.com\/wp-content\/uploads\/2024\/01\/Saten-La-Torre-300x300.png 300w, https:\/\/schaumweinkontor.com\/wp-content\/uploads\/2024\/01\/Saten-La-Torre-100x100.png 100w, https:\/\/schaumweinkontor.com\/wp-content\/uploads\/2024\/01\/Saten-La-Torre-510x510.png 510w, https:\/\/schaumweinkontor.com\/wp-content\/uploads\/2024\/01\/Saten-La-Torre-150x150.png 150w, https:\/\/schaumweinkontor.com\/wp-content\/uploads\/2024\/01\/Saten-La-Torre-768x768.png 768w, https:\/\/schaumweinkontor.com\/wp-content\/uploads\/2024\/01\/Saten-La-Torre.png 1000w\" sizes=\"auto, (max-width: 300px) 100vw, 300px\" \/>\t\t\t\t\t\t\t\t\t<\/a>\n\t\t\t\t\t\t\t\t\t\t\t\t\t\t\t\t\t\t \t\t\t\t\t\t\t\t<\/div>\n\t\t\t\t\t\t\t\t<div class=\"image-tools top right show-on-hover\">\n\t\t\t\t\t\t\t\t\t\t\t\t\t\t\t\t\t<\/div>\n\t\t\t\t\t\t\t\t\t\t\t\t\t\t\t\t\t<div class=\"image-tools grid-tools text-center hide-for-small bottom hover-slide-in show-on-hover\">\n\t\t\t\t\t\t\t\t\t\t\t\t\t\t\t\t\t\t\t<\/div>\n\t\t\t\t\t\t\t\t\t\t\t\t\t\t\t\t\t\t\t\t\t\t\t<\/div>\n\n\t\t\t\t\t\t\t<div class=\"box-text text-center\" >\n\t\t\t\t\t\t\t\t<div class=\"title-wrapper\">\t\t<p class=\"category uppercase is-smaller no-text-overflow product-cat op-7\">\n\t\t\tFranciacorta\t\t<\/p>\n\t<p class=\"name product-title woocommerce-loop-product__title\"><a href=\"https:\/\/schaumweinkontor.com\/en\/produkt\/la-torre-franciacorta-docg-brut-saten-075l\/\" class=\"woocommerce-LoopProduct-link woocommerce-loop-product__link\">La Torre Franciacorta DOCG Brut Saten 0,75l<\/a><\/p><\/div><div class=\"price-wrapper\">\n\t<span class=\"price\"><span class=\"woocommerce-Price-amount amount\" role=\"none\"><bdi><span class=\"woocommerce-Price-currencySymbol\">&euro;<\/span>&nbsp;26,20<\/bdi><\/span> <small class=\"woocommerce-price-suffix\">inkl. MwSt.<\/small><\/span>\n<\/div><div class=\"add-to-cart-button\"><a href=\"\/en\/wp-json\/wp\/v2\/pages\/4628?add-to-cart=5102\" aria-describedby=\"woocommerce_loop_add_to_cart_link_describedby_5102\" data-quantity=\"1\" class=\"primary is-small mb-0 button product_type_simple add_to_cart_button ajax_add_to_cart is-outline\" data-product_id=\"5102\" data-product_sku=\"100300084\" aria-label=\"Add to cart: &ldquo;La Torre Franciacorta DOCG Brut Saten 0,75l&rdquo;\" rel=\"nofollow\" data-success_message=\"&ldquo;La Torre Franciacorta DOCG Brut Saten 0,75l&rdquo; has been added to your cart\" role=\"button\">Add to cart<\/a><\/div>\t<span id=\"woocommerce_loop_add_to_cart_link_describedby_5102\" class=\"screen-reader-text\">\n\t\t\t<\/span>\n\t\t\t\t\t\t\t<\/div>\n\t\t\t\t\t\t<\/div>\n\t\t\t\t\t\t<\/div>\n\t\t\t\t\t<\/div><div class=\"col\" data-animate=\"fadeInUp\">\n\t\t\t\t\t\t<div class=\"col-inner\">\n\t\t\t\t\t\t\n<div class=\"badge-container badge-custom absolute right top z-1\">\n\n<\/div>\n\t\t\t\t\t\t<div class=\"product-small box has-hover box-normal box-text-bottom\">\n\t\t\t\t\t\t\t<div class=\"box-image\" >\n\t\t\t\t\t\t\t\t<div class=\"image-cover\" style=\"padding-top:100%;\">\n\t\t\t\t\t\t\t\t\t<a href=\"https:\/\/schaumweinkontor.com\/en\/produkt\/la-torre-franciacorta-docg-brut-rose-075l\/\" aria-label=\"La Torre Franciacorta DOCG Brut Ros\u00e9 0,75l\">\n\t\t\t\t\t\t\t\t\t\t<img loading=\"lazy\" decoding=\"async\" width=\"300\" height=\"300\" src=\"https:\/\/schaumweinkontor.com\/wp-content\/uploads\/2024\/01\/Rose-La-Torre-300x300.png\" class=\"attachment-medium size-medium\" alt=\"La Torre Franciacorta DOCG Brut Ros\u00e9 \" srcset=\"https:\/\/schaumweinkontor.com\/wp-content\/uploads\/2024\/01\/Rose-La-Torre-300x300.png 300w, https:\/\/schaumweinkontor.com\/wp-content\/uploads\/2024\/01\/Rose-La-Torre-100x100.png 100w, https:\/\/schaumweinkontor.com\/wp-content\/uploads\/2024\/01\/Rose-La-Torre-510x510.png 510w, https:\/\/schaumweinkontor.com\/wp-content\/uploads\/2024\/01\/Rose-La-Torre-150x150.png 150w, https:\/\/schaumweinkontor.com\/wp-content\/uploads\/2024\/01\/Rose-La-Torre-768x768.png 768w, https:\/\/schaumweinkontor.com\/wp-content\/uploads\/2024\/01\/Rose-La-Torre.png 1000w\" sizes=\"auto, (max-width: 300px) 100vw, 300px\" \/>\t\t\t\t\t\t\t\t\t<\/a>\n\t\t\t\t\t\t\t\t\t\t\t\t\t\t\t\t\t\t \t\t\t\t\t\t\t\t<\/div>\n\t\t\t\t\t\t\t\t<div class=\"image-tools top right show-on-hover\">\n\t\t\t\t\t\t\t\t\t\t\t\t\t\t\t\t\t<\/div>\n\t\t\t\t\t\t\t\t\t\t\t\t\t\t\t\t\t<div class=\"image-tools grid-tools text-center hide-for-small bottom hover-slide-in show-on-hover\">\n\t\t\t\t\t\t\t\t\t\t\t\t\t\t\t\t\t\t\t<\/div>\n\t\t\t\t\t\t\t\t\t\t\t\t\t\t\t\t\t\t\t\t\t\t\t<\/div>\n\n\t\t\t\t\t\t\t<div class=\"box-text text-center\" >\n\t\t\t\t\t\t\t\t<div class=\"title-wrapper\">\t\t<p class=\"category uppercase is-smaller no-text-overflow product-cat op-7\">\n\t\t\tFranciacorta\t\t<\/p>\n\t<p class=\"name product-title woocommerce-loop-product__title\"><a href=\"https:\/\/schaumweinkontor.com\/en\/produkt\/la-torre-franciacorta-docg-brut-rose-075l\/\" class=\"woocommerce-LoopProduct-link woocommerce-loop-product__link\">La Torre Franciacorta DOCG Brut Ros\u00e9 0,75l<\/a><\/p><\/div><div class=\"price-wrapper\">\n\t<span class=\"price\"><span class=\"woocommerce-Price-amount amount\" role=\"none\"><bdi><span class=\"woocommerce-Price-currencySymbol\">&euro;<\/span>&nbsp;28,90<\/bdi><\/span> <small class=\"woocommerce-price-suffix\">inkl. MwSt.<\/small><\/span>\n<\/div><div class=\"add-to-cart-button\"><a href=\"\/en\/wp-json\/wp\/v2\/pages\/4628?add-to-cart=5097\" aria-describedby=\"woocommerce_loop_add_to_cart_link_describedby_5097\" data-quantity=\"1\" class=\"primary is-small mb-0 button product_type_simple add_to_cart_button ajax_add_to_cart is-outline\" data-product_id=\"5097\" data-product_sku=\"100300085\" aria-label=\"Add to cart: &ldquo;La Torre Franciacorta DOCG Brut Ros\u00e9 0,75l&rdquo;\" rel=\"nofollow\" data-success_message=\"&ldquo;La Torre Franciacorta DOCG Brut Ros\u00e9 0,75l&rdquo; has been added to your cart\" role=\"button\">Add to cart<\/a><\/div>\t<span id=\"woocommerce_loop_add_to_cart_link_describedby_5097\" class=\"screen-reader-text\">\n\t\t\t<\/span>\n\t\t\t\t\t\t\t<\/div>\n\t\t\t\t\t\t<\/div>\n\t\t\t\t\t\t<\/div>\n\t\t\t\t\t<\/div><div class=\"col\" data-animate=\"fadeInUp\">\n\t\t\t\t\t\t<div class=\"col-inner\">\n\t\t\t\t\t\t\n<div class=\"badge-container badge-custom absolute right top z-1\">\n\n<\/div>\n\t\t\t\t\t\t<div class=\"product-small box has-hover box-normal box-text-bottom\">\n\t\t\t\t\t\t\t<div class=\"box-image\" >\n\t\t\t\t\t\t\t\t<div class=\"image-cover\" style=\"padding-top:100%;\">\n\t\t\t\t\t\t\t\t\t<a href=\"https:\/\/schaumweinkontor.com\/en\/produkt\/la-torre-franciacorta-docg-saten-millesimato-2017-075l\/\" aria-label=\"La Torre Franciacorta DOCG Saten Millesimato 2017 0,75l\">\n\t\t\t\t\t\t\t\t\t\t<img loading=\"lazy\" decoding=\"async\" width=\"300\" height=\"300\" src=\"https:\/\/schaumweinkontor.com\/wp-content\/uploads\/2025\/07\/100300551-300x300.png\" class=\"attachment-medium size-medium\" alt=\"La Torre Franciacorta DOCG Saten Millesimato 2017 \" srcset=\"https:\/\/schaumweinkontor.com\/wp-content\/uploads\/2025\/07\/100300551-300x300.png 300w, https:\/\/schaumweinkontor.com\/wp-content\/uploads\/2025\/07\/100300551-150x150.png 150w, https:\/\/schaumweinkontor.com\/wp-content\/uploads\/2025\/07\/100300551-768x768.png 768w, https:\/\/schaumweinkontor.com\/wp-content\/uploads\/2025\/07\/100300551-510x510.png 510w, https:\/\/schaumweinkontor.com\/wp-content\/uploads\/2025\/07\/100300551-100x100.png 100w, https:\/\/schaumweinkontor.com\/wp-content\/uploads\/2025\/07\/100300551.png 1000w\" sizes=\"auto, (max-width: 300px) 100vw, 300px\" \/>\t\t\t\t\t\t\t\t\t<\/a>\n\t\t\t\t\t\t\t\t\t\t\t\t\t\t\t\t\t\t \t\t\t\t\t\t\t\t<\/div>\n\t\t\t\t\t\t\t\t<div class=\"image-tools top right show-on-hover\">\n\t\t\t\t\t\t\t\t\t\t\t\t\t\t\t\t\t<\/div>\n\t\t\t\t\t\t\t\t\t\t\t\t\t\t\t\t\t<div class=\"image-tools grid-tools text-center hide-for-small bottom hover-slide-in show-on-hover\">\n\t\t\t\t\t\t\t\t\t\t\t\t\t\t\t\t\t\t\t<\/div>\n\t\t\t\t\t\t\t\t\t\t\t\t\t\t\t\t\t\t\t\t\t\t\t<\/div>\n\n\t\t\t\t\t\t\t<div class=\"box-text text-center\" >\n\t\t\t\t\t\t\t\t<div class=\"title-wrapper\">\t\t<p class=\"category uppercase is-smaller no-text-overflow product-cat op-7\">\n\t\t\tFranciacorta\t\t<\/p>\n\t<p class=\"name product-title woocommerce-loop-product__title\"><a href=\"https:\/\/schaumweinkontor.com\/en\/produkt\/la-torre-franciacorta-docg-saten-millesimato-2017-075l\/\" class=\"woocommerce-LoopProduct-link woocommerce-loop-product__link\">La Torre Franciacorta DOCG Saten Millesimato 2017 0,75l<\/a><\/p><\/div><div class=\"price-wrapper\">\n\t<span class=\"price\"><span class=\"woocommerce-Price-amount amount\" role=\"none\"><bdi><span class=\"woocommerce-Price-currencySymbol\">&euro;<\/span>&nbsp;35,00<\/bdi><\/span> <small class=\"woocommerce-price-suffix\">inkl. MwSt.<\/small><\/span>\n<\/div><div class=\"add-to-cart-button\"><a href=\"\/en\/wp-json\/wp\/v2\/pages\/4628?add-to-cart=6520\" aria-describedby=\"woocommerce_loop_add_to_cart_link_describedby_6520\" data-quantity=\"1\" class=\"primary is-small mb-0 button product_type_simple add_to_cart_button ajax_add_to_cart is-outline\" data-product_id=\"6520\" data-product_sku=\"100300551\" aria-label=\"Add to cart: &ldquo;La Torre Franciacorta DOCG Saten Millesimato 2017 0,75l&rdquo;\" rel=\"nofollow\" data-success_message=\"&ldquo;La Torre Franciacorta DOCG Saten Millesimato 2017 0,75l&rdquo; has been added to your cart\" role=\"button\">Add to cart<\/a><\/div>\t<span id=\"woocommerce_loop_add_to_cart_link_describedby_6520\" class=\"screen-reader-text\">\n\t\t\t<\/span>\n\t\t\t\t\t\t\t<\/div>\n\t\t\t\t\t\t<\/div>\n\t\t\t\t\t\t<\/div>\n\t\t\t\t\t<\/div><div class=\"col\" data-animate=\"fadeInUp\">\n\t\t\t\t\t\t<div class=\"col-inner\">\n\t\t\t\t\t\t\n<div class=\"badge-container badge-custom absolute right top z-1\">\n\n<\/div>\n\t\t\t\t\t\t<div class=\"product-small box has-hover box-normal box-text-bottom\">\n\t\t\t\t\t\t\t<div class=\"box-image\" >\n\t\t\t\t\t\t\t\t<div class=\"image-cover\" style=\"padding-top:100%;\">\n\t\t\t\t\t\t\t\t\t<a href=\"https:\/\/schaumweinkontor.com\/en\/produkt\/la-torre-franciacorta-docg-millesimato-pas-dose-2016-075l\/\" aria-label=\"La Torre Franciacorta DOCG Millesimato Pas Dos\u00e8 2016 0,75l\">\n\t\t\t\t\t\t\t\t\t\t<img loading=\"lazy\" decoding=\"async\" width=\"300\" height=\"300\" src=\"https:\/\/schaumweinkontor.com\/wp-content\/uploads\/2024\/01\/Millesimato-La-Torre-300x300.png\" class=\"attachment-medium size-medium\" alt=\"La Torre Franciacorta DOCG Millesimato Pas Dos\u00e8 2016 0,75l\" srcset=\"https:\/\/schaumweinkontor.com\/wp-content\/uploads\/2024\/01\/Millesimato-La-Torre-300x300.png 300w, https:\/\/schaumweinkontor.com\/wp-content\/uploads\/2024\/01\/Millesimato-La-Torre-100x100.png 100w, https:\/\/schaumweinkontor.com\/wp-content\/uploads\/2024\/01\/Millesimato-La-Torre-510x510.png 510w, https:\/\/schaumweinkontor.com\/wp-content\/uploads\/2024\/01\/Millesimato-La-Torre-150x150.png 150w, https:\/\/schaumweinkontor.com\/wp-content\/uploads\/2024\/01\/Millesimato-La-Torre-768x768.png 768w, https:\/\/schaumweinkontor.com\/wp-content\/uploads\/2024\/01\/Millesimato-La-Torre.png 1000w\" sizes=\"auto, (max-width: 300px) 100vw, 300px\" \/>\t\t\t\t\t\t\t\t\t<\/a>\n\t\t\t\t\t\t\t\t\t\t\t\t\t\t\t\t\t\t \t\t\t\t\t\t\t\t<\/div>\n\t\t\t\t\t\t\t\t<div class=\"image-tools top right show-on-hover\">\n\t\t\t\t\t\t\t\t\t\t\t\t\t\t\t\t\t<\/div>\n\t\t\t\t\t\t\t\t\t\t\t\t\t\t\t\t\t<div class=\"image-tools grid-tools text-center hide-for-small bottom hover-slide-in show-on-hover\">\n\t\t\t\t\t\t\t\t\t\t\t\t\t\t\t\t\t\t\t<\/div>\n\t\t\t\t\t\t\t\t\t\t\t\t\t\t\t\t\t\t\t\t\t\t\t<\/div>\n\n\t\t\t\t\t\t\t<div class=\"box-text text-center\" >\n\t\t\t\t\t\t\t\t<div class=\"title-wrapper\">\t\t<p class=\"category uppercase is-smaller no-text-overflow product-cat op-7\">\n\t\t\tFranciacorta\t\t<\/p>\n\t<p class=\"name product-title woocommerce-loop-product__title\"><a href=\"https:\/\/schaumweinkontor.com\/en\/produkt\/la-torre-franciacorta-docg-millesimato-pas-dose-2016-075l\/\" class=\"woocommerce-LoopProduct-link woocommerce-loop-product__link\">La Torre Franciacorta DOCG Millesimato Pas Dos\u00e8 2016 0,75l<\/a><\/p><\/div><div class=\"price-wrapper\">\n\t<span class=\"price\"><span class=\"woocommerce-Price-amount amount\" role=\"none\"><bdi><span class=\"woocommerce-Price-currencySymbol\">&euro;<\/span>&nbsp;35,20<\/bdi><\/span> <small class=\"woocommerce-price-suffix\">inkl. MwSt.<\/small><\/span>\n<\/div><div class=\"add-to-cart-button\"><a href=\"\/en\/wp-json\/wp\/v2\/pages\/4628?add-to-cart=5095\" aria-describedby=\"woocommerce_loop_add_to_cart_link_describedby_5095\" data-quantity=\"1\" class=\"primary is-small mb-0 button product_type_simple add_to_cart_button ajax_add_to_cart is-outline\" data-product_id=\"5095\" data-product_sku=\"100300086\" aria-label=\"Add to cart: &ldquo;La Torre Franciacorta DOCG Millesimato Pas Dos\u00e8 2016 0,75l&rdquo;\" rel=\"nofollow\" data-success_message=\"&ldquo;La Torre Franciacorta DOCG Millesimato Pas Dos\u00e8 2016 0,75l&rdquo; has been added to your cart\" role=\"button\">Add to cart<\/a><\/div>\t<span id=\"woocommerce_loop_add_to_cart_link_describedby_5095\" class=\"screen-reader-text\">\n\t\t\t<\/span>\n\t\t\t\t\t\t\t<\/div>\n\t\t\t\t\t\t<\/div>\n\t\t\t\t\t\t<\/div>\n\t\t\t\t\t<\/div><div class=\"col\" data-animate=\"fadeInUp\">\n\t\t\t\t\t\t<div class=\"col-inner\">\n\t\t\t\t\t\t\n<div class=\"badge-container badge-custom absolute right top z-1\">\n\n<\/div>\n\t\t\t\t\t\t<div class=\"product-small box has-hover box-normal box-text-bottom\">\n\t\t\t\t\t\t\t<div class=\"box-image\" >\n\t\t\t\t\t\t\t\t<div class=\"image-cover\" style=\"padding-top:100%;\">\n\t\t\t\t\t\t\t\t\t<a href=\"https:\/\/schaumweinkontor.com\/en\/produkt\/la-torre-franciacorta-docg-riserva-corsini-marco-2015-075l\/\" aria-label=\"La Torre Franciacorta DOCG Riserva Corsini Marco 2015 0,75l\">\n\t\t\t\t\t\t\t\t\t\t<img loading=\"lazy\" decoding=\"async\" width=\"300\" height=\"300\" src=\"https:\/\/schaumweinkontor.com\/wp-content\/uploads\/2024\/01\/Riserva-La-Torre-300x300.png\" class=\"attachment-medium size-medium\" alt=\"La Torre Franciacorta DOCG Riserva Corsini Marco 2015 \" srcset=\"https:\/\/schaumweinkontor.com\/wp-content\/uploads\/2024\/01\/Riserva-La-Torre-300x300.png 300w, https:\/\/schaumweinkontor.com\/wp-content\/uploads\/2024\/01\/Riserva-La-Torre-100x100.png 100w, https:\/\/schaumweinkontor.com\/wp-content\/uploads\/2024\/01\/Riserva-La-Torre-510x510.png 510w, https:\/\/schaumweinkontor.com\/wp-content\/uploads\/2024\/01\/Riserva-La-Torre-150x150.png 150w, https:\/\/schaumweinkontor.com\/wp-content\/uploads\/2024\/01\/Riserva-La-Torre-768x768.png 768w, https:\/\/schaumweinkontor.com\/wp-content\/uploads\/2024\/01\/Riserva-La-Torre.png 1000w\" sizes=\"auto, (max-width: 300px) 100vw, 300px\" \/>\t\t\t\t\t\t\t\t\t<\/a>\n\t\t\t\t\t\t\t\t\t\t\t\t\t\t\t\t\t\t \t\t\t\t\t\t\t\t<\/div>\n\t\t\t\t\t\t\t\t<div class=\"image-tools top right show-on-hover\">\n\t\t\t\t\t\t\t\t\t\t\t\t\t\t\t\t\t<\/div>\n\t\t\t\t\t\t\t\t\t\t\t\t\t\t\t\t\t<div class=\"image-tools grid-tools text-center hide-for-small bottom hover-slide-in show-on-hover\">\n\t\t\t\t\t\t\t\t\t\t\t\t\t\t\t\t\t\t\t<\/div>\n\t\t\t\t\t\t\t\t\t\t\t\t\t\t\t\t\t\t\t\t\t\t\t<\/div>\n\n\t\t\t\t\t\t\t<div class=\"box-text text-center\" >\n\t\t\t\t\t\t\t\t<div class=\"title-wrapper\">\t\t<p class=\"category uppercase is-smaller no-text-overflow product-cat op-7\">\n\t\t\tFranciacorta\t\t<\/p>\n\t<p class=\"name product-title woocommerce-loop-product__title\"><a href=\"https:\/\/schaumweinkontor.com\/en\/produkt\/la-torre-franciacorta-docg-riserva-corsini-marco-2015-075l\/\" class=\"woocommerce-LoopProduct-link woocommerce-loop-product__link\">La Torre Franciacorta DOCG Riserva Corsini Marco 2015 0,75l<\/a><\/p><\/div><div class=\"price-wrapper\">\n\t<span class=\"price\"><span class=\"woocommerce-Price-amount amount\" role=\"none\"><bdi><span class=\"woocommerce-Price-currencySymbol\">&euro;<\/span>&nbsp;44,90<\/bdi><\/span> <small class=\"woocommerce-price-suffix\">inkl. MwSt.<\/small><\/span>\n<\/div><div class=\"add-to-cart-button\"><a href=\"\/en\/wp-json\/wp\/v2\/pages\/4628?add-to-cart=5088\" aria-describedby=\"woocommerce_loop_add_to_cart_link_describedby_5088\" data-quantity=\"1\" class=\"primary is-small mb-0 button product_type_simple add_to_cart_button ajax_add_to_cart is-outline\" data-product_id=\"5088\" data-product_sku=\"100300087\" aria-label=\"Add to cart: &ldquo;La Torre Franciacorta DOCG Riserva Corsini Marco 2015 0,75l&rdquo;\" rel=\"nofollow\" data-success_message=\"&ldquo;La Torre Franciacorta DOCG Riserva Corsini Marco 2015 0,75l&rdquo; has been added to your cart\" role=\"button\">Add to cart<\/a><\/div>\t<span id=\"woocommerce_loop_add_to_cart_link_describedby_5088\" class=\"screen-reader-text\">\n\t\t\t<\/span>\n\t\t\t\t\t\t\t<\/div>\n\t\t\t\t\t\t<\/div>\n\t\t\t\t\t\t<\/div>\n\t\t\t\t\t<\/div><\/div>\n\n\n\t\t<\/div>\n\t\t\t\t\t<\/div>\n\n\t\n\n\n<style>\n#row-1888743956 > .col > .col-inner {\n  padding: 0 0px 0px 0px;\n}\n@media (min-width:550px) {\n  #row-1888743956 > .col > .col-inner {\n    padding: 15px 0px 0px 0px;\n  }\n}\n<\/style>\n<\/div>\n<div class=\"text-center\"><div class=\"is-divider divider clearfix\" style=\"margin-top:3em;margin-bottom:3em;max-width:100%;height:2px;background-color:rgba(183, 149, 73, 0.419);\"><\/div><\/div>\n\n\t<section class=\"section bg_winzer show-for-medium\" id=\"section_704357318\">\n\t\t<div class=\"bg section-bg fill bg-fill  \" >\n\n\t\t\t\n\t\t\t\n\t\t\t\n\n\t\t<\/div>\n\n\t\t\n\n\t\t<div class=\"section-content relative\">\n\t\t\t\n\n<div class=\"row row-collapse row-full-width align-middle align-center\"  id=\"row-544385318\">\n\n\n\t<div id=\"col-1092536894\" class=\"col small-12 large-12\"  >\n\t\t\t\t<div class=\"col-inner\"  >\n\t\t\t\n\t\t\t\n\n<h2 id=\"muratori-franciacorta-mobile\" class=\"uppercase\" style=\"text-align: center;\"><span style=\"font-size: 90%;\">Muratori Franciacorta<\/span><\/h2>\n<p>\u00a0<\/p>\n\n\t\t<\/div>\n\t\t\t\t\t<\/div>\n\n\t\n\n\n<style>\n#row-544385318 > .col > .col-inner {\n  padding: 15px 0px 0px 0px;\n}\n<\/style>\n<\/div>\n\n\t\t<\/div>\n\n\t\t\n<style>\n#section_704357318 {\n  padding-top: 20px;\n  padding-bottom: 20px;\n  margin-bottom: 0px;\n}\n#section_704357318 .section-bg.bg-loaded {\n  background-image: url(https:\/\/schaumweinkontor.com\/wp-content\/uploads\/2022\/06\/landscape-illu-gold-transp.png);\n}\n<\/style>\n\t<\/section>\n\t\n<div class=\"row row-collapse align-middle align-center\"  id=\"row-753033546\">\n\n\n\t<div id=\"col-1943524066\" class=\"col small-12 large-12\"  >\n\t\t\t\t<div class=\"col-inner\"  >\n\t\t\t\n\t\t\t\n\n\n  \n    <div class=\"row margin-auto equalize-box show-for-small large-columns-3 medium-columns- small-columns-1 row-large has-shadow row-box-shadow-2 row-box-shadow-4-hover\" >\n  \t\n\t     <div class=\"col\" data-animate=\"fadeInUp\">\n\t\t\t\t\t\t<div class=\"col-inner\">\n\t\t\t\t\t\t\n<div class=\"badge-container badge-custom absolute right top z-1\">\n\n<\/div>\n\t\t\t\t\t\t<div class=\"product-small box margin-auto has-hover box-vertical box-text-bottom\">\n\t\t\t\t\t\t\t<div class=\"box-image\" >\n\t\t\t\t\t\t\t\t<div class=\"image-cover\" style=\"padding-top:100%;\">\n\t\t\t\t\t\t\t\t\t<a href=\"https:\/\/schaumweinkontor.com\/en\/produkt\/muratori-franciacorta-brut-docg-075l\/\" aria-label=\"Muratori Franciacorta Brut DOCG 0,75l\">\n\t\t\t\t\t\t\t\t\t\t<img loading=\"lazy\" decoding=\"async\" width=\"300\" height=\"300\" src=\"https:\/\/schaumweinkontor.com\/wp-content\/uploads\/2024\/02\/Muratori-Brut-300x300.png\" class=\"attachment-medium size-medium\" alt=\"Muratori Franciacorta DOCG Brut \" srcset=\"https:\/\/schaumweinkontor.com\/wp-content\/uploads\/2024\/02\/Muratori-Brut-300x300.png 300w, https:\/\/schaumweinkontor.com\/wp-content\/uploads\/2024\/02\/Muratori-Brut-100x100.png 100w, https:\/\/schaumweinkontor.com\/wp-content\/uploads\/2024\/02\/Muratori-Brut-510x510.png 510w, https:\/\/schaumweinkontor.com\/wp-content\/uploads\/2024\/02\/Muratori-Brut-150x150.png 150w, https:\/\/schaumweinkontor.com\/wp-content\/uploads\/2024\/02\/Muratori-Brut-768x768.png 768w, https:\/\/schaumweinkontor.com\/wp-content\/uploads\/2024\/02\/Muratori-Brut.png 1000w\" sizes=\"auto, (max-width: 300px) 100vw, 300px\" \/>\t\t\t\t\t\t\t\t\t<\/a>\n\t\t\t\t\t\t\t\t\t\t\t\t\t\t\t\t\t\t \t\t\t\t\t\t\t\t<\/div>\n\t\t\t\t\t\t\t\t<div class=\"image-tools top right show-on-hover\">\n\t\t\t\t\t\t\t\t\t\t\t\t\t\t\t\t\t<\/div>\n\t\t\t\t\t\t\t\t\t\t\t\t\t\t\t\t\t<div class=\"image-tools grid-tools text-center hide-for-small bottom hover-slide-in show-on-hover\">\n\t\t\t\t\t\t\t\t\t\t\t\t\t\t\t\t\t\t\t<\/div>\n\t\t\t\t\t\t\t\t\t\t\t\t\t\t\t\t\t\t\t\t\t\t\t<\/div>\n\n\t\t\t\t\t\t\t<div class=\"box-text text-center\" >\n\t\t\t\t\t\t\t\t<div class=\"title-wrapper\">\t\t<p class=\"category uppercase is-smaller no-text-overflow product-cat op-7\">\n\t\t\tMuratori Franciacorta\t\t<\/p>\n\t<p class=\"name product-title woocommerce-loop-product__title\"><a href=\"https:\/\/schaumweinkontor.com\/en\/produkt\/muratori-franciacorta-brut-docg-075l\/\" class=\"woocommerce-LoopProduct-link woocommerce-loop-product__link\">Muratori Franciacorta Brut DOCG 0,75l<\/a><\/p><\/div><div class=\"price-wrapper\">\n\t<span class=\"price\"><span class=\"woocommerce-Price-amount amount\" role=\"none\"><bdi><span class=\"woocommerce-Price-currencySymbol\">&euro;<\/span>&nbsp;25,40<\/bdi><\/span> <small class=\"woocommerce-price-suffix\">inkl. MwSt.<\/small><\/span>\n<\/div><div class=\"add-to-cart-button\"><a href=\"\/en\/wp-json\/wp\/v2\/pages\/4628?add-to-cart=5003\" aria-describedby=\"woocommerce_loop_add_to_cart_link_describedby_5003\" data-quantity=\"1\" class=\"primary is-small mb-0 button product_type_simple add_to_cart_button ajax_add_to_cart is-outline\" data-product_id=\"5003\" data-product_sku=\"100300089\" aria-label=\"Add to cart: &ldquo;Muratori Franciacorta Brut DOCG 0,75l&rdquo;\" rel=\"nofollow\" data-success_message=\"&ldquo;Muratori Franciacorta Brut DOCG 0,75l&rdquo; has been added to your cart\" role=\"button\">Add to cart<\/a><\/div>\t<span id=\"woocommerce_loop_add_to_cart_link_describedby_5003\" class=\"screen-reader-text\">\n\t\t\t<\/span>\n\t\t\t\t\t\t\t<\/div>\n\t\t\t\t\t\t<\/div>\n\t\t\t\t\t\t<\/div>\n\t\t\t\t\t<\/div><div class=\"col\" data-animate=\"fadeInUp\">\n\t\t\t\t\t\t<div class=\"col-inner\">\n\t\t\t\t\t\t\n<div class=\"badge-container badge-custom absolute right top z-1\">\n\n<\/div>\n\t\t\t\t\t\t<div class=\"product-small box margin-auto has-hover box-vertical box-text-bottom\">\n\t\t\t\t\t\t\t<div class=\"box-image\" >\n\t\t\t\t\t\t\t\t<div class=\"image-cover\" style=\"padding-top:100%;\">\n\t\t\t\t\t\t\t\t\t<a href=\"https:\/\/schaumweinkontor.com\/en\/produkt\/muratori-franciacorta-docg-exra-brut-rose-075l\/\" aria-label=\"Muratori Franciacorta DOCG Extra Brut Rose 0,75l\">\n\t\t\t\t\t\t\t\t\t\t<img loading=\"lazy\" decoding=\"async\" width=\"300\" height=\"300\" src=\"https:\/\/schaumweinkontor.com\/wp-content\/uploads\/2024\/02\/Muratori-Rose-300x300.png\" class=\"attachment-medium size-medium\" alt=\"Muratori Franciacorta DOCG Extra Brut Rose 0,75l\" srcset=\"https:\/\/schaumweinkontor.com\/wp-content\/uploads\/2024\/02\/Muratori-Rose-300x300.png 300w, https:\/\/schaumweinkontor.com\/wp-content\/uploads\/2024\/02\/Muratori-Rose-100x100.png 100w, https:\/\/schaumweinkontor.com\/wp-content\/uploads\/2024\/02\/Muratori-Rose-510x510.png 510w, https:\/\/schaumweinkontor.com\/wp-content\/uploads\/2024\/02\/Muratori-Rose-150x150.png 150w, https:\/\/schaumweinkontor.com\/wp-content\/uploads\/2024\/02\/Muratori-Rose-768x768.png 768w, https:\/\/schaumweinkontor.com\/wp-content\/uploads\/2024\/02\/Muratori-Rose.png 1000w\" sizes=\"auto, (max-width: 300px) 100vw, 300px\" \/>\t\t\t\t\t\t\t\t\t<\/a>\n\t\t\t\t\t\t\t\t\t\t\t\t\t\t\t\t\t\t \t\t\t\t\t\t\t\t<\/div>\n\t\t\t\t\t\t\t\t<div class=\"image-tools top right show-on-hover\">\n\t\t\t\t\t\t\t\t\t\t\t\t\t\t\t\t\t<\/div>\n\t\t\t\t\t\t\t\t\t\t\t\t\t\t\t\t\t<div class=\"image-tools grid-tools text-center hide-for-small bottom hover-slide-in show-on-hover\">\n\t\t\t\t\t\t\t\t\t\t\t\t\t\t\t\t\t\t\t<\/div>\n\t\t\t\t\t\t\t\t\t\t\t\t\t\t\t\t\t\t\t\t\t\t\t<\/div>\n\n\t\t\t\t\t\t\t<div class=\"box-text text-center\" >\n\t\t\t\t\t\t\t\t<div class=\"title-wrapper\">\t\t<p class=\"category uppercase is-smaller no-text-overflow product-cat op-7\">\n\t\t\tMuratori Franciacorta\t\t<\/p>\n\t<p class=\"name product-title woocommerce-loop-product__title\"><a href=\"https:\/\/schaumweinkontor.com\/en\/produkt\/muratori-franciacorta-docg-exra-brut-rose-075l\/\" class=\"woocommerce-LoopProduct-link woocommerce-loop-product__link\">Muratori Franciacorta DOCG Extra Brut Rose 0,75l<\/a><\/p><\/div><div class=\"price-wrapper\">\n\t<span class=\"price\"><span class=\"woocommerce-Price-amount amount\" role=\"none\"><bdi><span class=\"woocommerce-Price-currencySymbol\">&euro;<\/span>&nbsp;36,50<\/bdi><\/span> <small class=\"woocommerce-price-suffix\">inkl. MwSt.<\/small><\/span>\n<\/div><div class=\"add-to-cart-button\"><a href=\"\/en\/wp-json\/wp\/v2\/pages\/4628?add-to-cart=5009\" aria-describedby=\"woocommerce_loop_add_to_cart_link_describedby_5009\" data-quantity=\"1\" class=\"primary is-small mb-0 button product_type_simple add_to_cart_button ajax_add_to_cart is-outline\" data-product_id=\"5009\" data-product_sku=\"100300090\" aria-label=\"Add to cart: &ldquo;Muratori Franciacorta DOCG Extra Brut Rose 0,75l&rdquo;\" rel=\"nofollow\" data-success_message=\"&ldquo;Muratori Franciacorta DOCG Extra Brut Rose 0,75l&rdquo; has been added to your cart\" role=\"button\">Add to cart<\/a><\/div>\t<span id=\"woocommerce_loop_add_to_cart_link_describedby_5009\" class=\"screen-reader-text\">\n\t\t\t<\/span>\n\t\t\t\t\t\t\t<\/div>\n\t\t\t\t\t\t<\/div>\n\t\t\t\t\t\t<\/div>\n\t\t\t\t\t<\/div><div class=\"col\" data-animate=\"fadeInUp\">\n\t\t\t\t\t\t<div class=\"col-inner\">\n\t\t\t\t\t\t\n<div class=\"badge-container badge-custom absolute right top z-1\">\n\n<\/div>\n\t\t\t\t\t\t<div class=\"product-small box margin-auto has-hover box-vertical box-text-bottom\">\n\t\t\t\t\t\t\t<div class=\"box-image\" >\n\t\t\t\t\t\t\t\t<div class=\"image-cover\" style=\"padding-top:100%;\">\n\t\t\t\t\t\t\t\t\t<a href=\"https:\/\/schaumweinkontor.com\/en\/produkt\/muratori-franciacorta-docg-brut-saten-075l\/\" aria-label=\"Muratori Franciacorta DOCG Brut Saten 0,75l\">\n\t\t\t\t\t\t\t\t\t\t<img loading=\"lazy\" decoding=\"async\" width=\"300\" height=\"300\" src=\"https:\/\/schaumweinkontor.com\/wp-content\/uploads\/2024\/02\/Muratori-Saten-300x300.png\" class=\"attachment-medium size-medium\" alt=\"Muratori Franciacorta DOCG Brut Saten 0,75l\" srcset=\"https:\/\/schaumweinkontor.com\/wp-content\/uploads\/2024\/02\/Muratori-Saten-300x300.png 300w, https:\/\/schaumweinkontor.com\/wp-content\/uploads\/2024\/02\/Muratori-Saten-100x100.png 100w, https:\/\/schaumweinkontor.com\/wp-content\/uploads\/2024\/02\/Muratori-Saten-510x510.png 510w, https:\/\/schaumweinkontor.com\/wp-content\/uploads\/2024\/02\/Muratori-Saten-150x150.png 150w, https:\/\/schaumweinkontor.com\/wp-content\/uploads\/2024\/02\/Muratori-Saten-768x768.png 768w, https:\/\/schaumweinkontor.com\/wp-content\/uploads\/2024\/02\/Muratori-Saten.png 1000w\" sizes=\"auto, (max-width: 300px) 100vw, 300px\" \/>\t\t\t\t\t\t\t\t\t<\/a>\n\t\t\t\t\t\t\t\t\t\t\t\t\t\t\t\t\t\t \t\t\t\t\t\t\t\t<\/div>\n\t\t\t\t\t\t\t\t<div class=\"image-tools top right show-on-hover\">\n\t\t\t\t\t\t\t\t\t\t\t\t\t\t\t\t\t<\/div>\n\t\t\t\t\t\t\t\t\t\t\t\t\t\t\t\t\t<div class=\"image-tools grid-tools text-center hide-for-small bottom hover-slide-in show-on-hover\">\n\t\t\t\t\t\t\t\t\t\t\t\t\t\t\t\t\t\t\t<\/div>\n\t\t\t\t\t\t\t\t\t\t\t\t\t\t\t\t\t\t\t\t\t\t\t<\/div>\n\n\t\t\t\t\t\t\t<div class=\"box-text text-center\" >\n\t\t\t\t\t\t\t\t<div class=\"title-wrapper\">\t\t<p class=\"category uppercase is-smaller no-text-overflow product-cat op-7\">\n\t\t\tMuratori Franciacorta\t\t<\/p>\n\t<p class=\"name product-title woocommerce-loop-product__title\"><a href=\"https:\/\/schaumweinkontor.com\/en\/produkt\/muratori-franciacorta-docg-brut-saten-075l\/\" class=\"woocommerce-LoopProduct-link woocommerce-loop-product__link\">Muratori Franciacorta DOCG Brut Saten 0,75l<\/a><\/p><\/div><div class=\"price-wrapper\">\n\t<span class=\"price\"><span class=\"woocommerce-Price-amount amount\" role=\"none\"><bdi><span class=\"woocommerce-Price-currencySymbol\">&euro;<\/span>&nbsp;36,50<\/bdi><\/span> <small class=\"woocommerce-price-suffix\">inkl. MwSt.<\/small><\/span>\n<\/div><div class=\"add-to-cart-button\"><a href=\"\/en\/wp-json\/wp\/v2\/pages\/4628?add-to-cart=5011\" aria-describedby=\"woocommerce_loop_add_to_cart_link_describedby_5011\" data-quantity=\"1\" class=\"primary is-small mb-0 button product_type_simple add_to_cart_button ajax_add_to_cart is-outline\" data-product_id=\"5011\" data-product_sku=\"100300091\" aria-label=\"Add to cart: &ldquo;Muratori Franciacorta DOCG Brut Saten 0,75l&rdquo;\" rel=\"nofollow\" data-success_message=\"&ldquo;Muratori Franciacorta DOCG Brut Saten 0,75l&rdquo; has been added to your cart\" role=\"button\">Add to cart<\/a><\/div>\t<span id=\"woocommerce_loop_add_to_cart_link_describedby_5011\" class=\"screen-reader-text\">\n\t\t\t<\/span>\n\t\t\t\t\t\t\t<\/div>\n\t\t\t\t\t\t<\/div>\n\t\t\t\t\t\t<\/div>\n\t\t\t\t\t<\/div><div class=\"col\" data-animate=\"fadeInUp\">\n\t\t\t\t\t\t<div class=\"col-inner\">\n\t\t\t\t\t\t\n<div class=\"badge-container badge-custom absolute right top z-1\">\n\n<\/div>\n\t\t\t\t\t\t<div class=\"product-small box margin-auto has-hover box-vertical box-text-bottom\">\n\t\t\t\t\t\t\t<div class=\"box-image\" >\n\t\t\t\t\t\t\t\t<div class=\"image-cover\" style=\"padding-top:100%;\">\n\t\t\t\t\t\t\t\t\t<a href=\"https:\/\/schaumweinkontor.com\/en\/produkt\/muratori-franciacorta-docg-numerozero-blanc-de-blanc-zero-dosage-075l\/\" aria-label=\"Muratori Franciacorta DOCG NUMEROZERO Blanc de Blancs Zero Dosage 0,75l\">\n\t\t\t\t\t\t\t\t\t\t<img loading=\"lazy\" decoding=\"async\" width=\"300\" height=\"300\" src=\"https:\/\/schaumweinkontor.com\/wp-content\/uploads\/2024\/02\/Muratori-Numero-Zero-300x300.png\" class=\"attachment-medium size-medium\" alt=\"Muratori Franciacorta DOCG NUMEROZERO\" srcset=\"https:\/\/schaumweinkontor.com\/wp-content\/uploads\/2024\/02\/Muratori-Numero-Zero-300x300.png 300w, https:\/\/schaumweinkontor.com\/wp-content\/uploads\/2024\/02\/Muratori-Numero-Zero-100x100.png 100w, https:\/\/schaumweinkontor.com\/wp-content\/uploads\/2024\/02\/Muratori-Numero-Zero-510x510.png 510w, https:\/\/schaumweinkontor.com\/wp-content\/uploads\/2024\/02\/Muratori-Numero-Zero-150x150.png 150w, https:\/\/schaumweinkontor.com\/wp-content\/uploads\/2024\/02\/Muratori-Numero-Zero-768x768.png 768w, https:\/\/schaumweinkontor.com\/wp-content\/uploads\/2024\/02\/Muratori-Numero-Zero.png 1000w\" sizes=\"auto, (max-width: 300px) 100vw, 300px\" \/>\t\t\t\t\t\t\t\t\t<\/a>\n\t\t\t\t\t\t\t\t\t\t\t\t\t\t\t\t\t\t \t\t\t\t\t\t\t\t<\/div>\n\t\t\t\t\t\t\t\t<div class=\"image-tools top right show-on-hover\">\n\t\t\t\t\t\t\t\t\t\t\t\t\t\t\t\t\t<\/div>\n\t\t\t\t\t\t\t\t\t\t\t\t\t\t\t\t\t<div class=\"image-tools grid-tools text-center hide-for-small bottom hover-slide-in show-on-hover\">\n\t\t\t\t\t\t\t\t\t\t\t\t\t\t\t\t\t\t\t<\/div>\n\t\t\t\t\t\t\t\t\t\t\t\t\t\t\t\t\t\t\t\t\t\t\t<\/div>\n\n\t\t\t\t\t\t\t<div class=\"box-text text-center\" >\n\t\t\t\t\t\t\t\t<div class=\"title-wrapper\">\t\t<p class=\"category uppercase is-smaller no-text-overflow product-cat op-7\">\n\t\t\tMuratori Franciacorta\t\t<\/p>\n\t<p class=\"name product-title woocommerce-loop-product__title\"><a href=\"https:\/\/schaumweinkontor.com\/en\/produkt\/muratori-franciacorta-docg-numerozero-blanc-de-blanc-zero-dosage-075l\/\" class=\"woocommerce-LoopProduct-link woocommerce-loop-product__link\">Muratori Franciacorta DOCG NUMEROZERO Blanc de Blancs Zero Dosage 0,75l<\/a><\/p><\/div><div class=\"price-wrapper\">\n\t<span class=\"price\"><span class=\"woocommerce-Price-amount amount\" role=\"none\"><bdi><span class=\"woocommerce-Price-currencySymbol\">&euro;<\/span>&nbsp;38,20<\/bdi><\/span> <small class=\"woocommerce-price-suffix\">inkl. MwSt.<\/small><\/span>\n<\/div><div class=\"add-to-cart-button\"><a href=\"\/en\/wp-json\/wp\/v2\/pages\/4628?add-to-cart=5013\" aria-describedby=\"woocommerce_loop_add_to_cart_link_describedby_5013\" data-quantity=\"1\" class=\"primary is-small mb-0 button product_type_simple add_to_cart_button ajax_add_to_cart is-outline\" data-product_id=\"5013\" data-product_sku=\"00300092\" aria-label=\"Add to cart: &ldquo;Muratori Franciacorta DOCG NUMEROZERO Blanc de Blancs Zero Dosage 0,75l&rdquo;\" rel=\"nofollow\" data-success_message=\"&ldquo;Muratori Franciacorta DOCG NUMEROZERO Blanc de Blancs Zero Dosage 0,75l&rdquo; has been added to your cart\" role=\"button\">Add to cart<\/a><\/div>\t<span id=\"woocommerce_loop_add_to_cart_link_describedby_5013\" class=\"screen-reader-text\">\n\t\t\t<\/span>\n\t\t\t\t\t\t\t<\/div>\n\t\t\t\t\t\t<\/div>\n\t\t\t\t\t\t<\/div>\n\t\t\t\t\t<\/div><div class=\"col\" data-animate=\"fadeInUp\">\n\t\t\t\t\t\t<div class=\"col-inner\">\n\t\t\t\t\t\t\n<div class=\"badge-container badge-custom absolute right top z-1\">\n\n<\/div>\n\t\t\t\t\t\t<div class=\"product-small box margin-auto has-hover box-vertical box-text-bottom\">\n\t\t\t\t\t\t\t<div class=\"box-image\" >\n\t\t\t\t\t\t\t\t<div class=\"image-cover\" style=\"padding-top:100%;\">\n\t\t\t\t\t\t\t\t\t<a href=\"https:\/\/schaumweinkontor.com\/en\/produkt\/muartori-franciacorta-docg-cisiolo-blanc-de-noir-zero-dosage-075l\/\" aria-label=\"Muratori Franciacorta DOCG CISIOLO Blanc de Noirs Zero Dosage 0,75l\">\n\t\t\t\t\t\t\t\t\t\t<img loading=\"lazy\" decoding=\"async\" width=\"300\" height=\"300\" src=\"https:\/\/schaumweinkontor.com\/wp-content\/uploads\/2024\/02\/Muratori-Cisiolo-300x300.png\" class=\"attachment-medium size-medium\" alt=\"Muratori Franciacorta DOCG CISIOLO Blanc de Noirs Zero Dosage \" srcset=\"https:\/\/schaumweinkontor.com\/wp-content\/uploads\/2024\/02\/Muratori-Cisiolo-300x300.png 300w, https:\/\/schaumweinkontor.com\/wp-content\/uploads\/2024\/02\/Muratori-Cisiolo-100x100.png 100w, https:\/\/schaumweinkontor.com\/wp-content\/uploads\/2024\/02\/Muratori-Cisiolo-510x510.png 510w, https:\/\/schaumweinkontor.com\/wp-content\/uploads\/2024\/02\/Muratori-Cisiolo-150x150.png 150w, https:\/\/schaumweinkontor.com\/wp-content\/uploads\/2024\/02\/Muratori-Cisiolo-768x768.png 768w, https:\/\/schaumweinkontor.com\/wp-content\/uploads\/2024\/02\/Muratori-Cisiolo.png 1000w\" sizes=\"auto, (max-width: 300px) 100vw, 300px\" \/>\t\t\t\t\t\t\t\t\t<\/a>\n\t\t\t\t\t\t\t\t\t\t\t\t\t\t\t\t\t\t \t\t\t\t\t\t\t\t<\/div>\n\t\t\t\t\t\t\t\t<div class=\"image-tools top right show-on-hover\">\n\t\t\t\t\t\t\t\t\t\t\t\t\t\t\t\t\t<\/div>\n\t\t\t\t\t\t\t\t\t\t\t\t\t\t\t\t\t<div class=\"image-tools grid-tools text-center hide-for-small bottom hover-slide-in show-on-hover\">\n\t\t\t\t\t\t\t\t\t\t\t\t\t\t\t\t\t\t\t<\/div>\n\t\t\t\t\t\t\t\t\t\t\t\t\t\t\t\t\t\t\t\t\t\t\t<\/div>\n\n\t\t\t\t\t\t\t<div class=\"box-text text-center\" >\n\t\t\t\t\t\t\t\t<div class=\"title-wrapper\">\t\t<p class=\"category uppercase is-smaller no-text-overflow product-cat op-7\">\n\t\t\tMuratori Franciacorta\t\t<\/p>\n\t<p class=\"name product-title woocommerce-loop-product__title\"><a href=\"https:\/\/schaumweinkontor.com\/en\/produkt\/muartori-franciacorta-docg-cisiolo-blanc-de-noir-zero-dosage-075l\/\" class=\"woocommerce-LoopProduct-link woocommerce-loop-product__link\">Muratori Franciacorta DOCG CISIOLO Blanc de Noirs Zero Dosage 0,75l<\/a><\/p><\/div><div class=\"price-wrapper\">\n\t<span class=\"price\"><span class=\"woocommerce-Price-amount amount\" role=\"none\"><bdi><span class=\"woocommerce-Price-currencySymbol\">&euro;<\/span>&nbsp;38,20<\/bdi><\/span> <small class=\"woocommerce-price-suffix\">inkl. MwSt.<\/small><\/span>\n<\/div><div class=\"add-to-cart-button\"><a href=\"\/en\/wp-json\/wp\/v2\/pages\/4628?add-to-cart=5015\" aria-describedby=\"woocommerce_loop_add_to_cart_link_describedby_5015\" data-quantity=\"1\" class=\"primary is-small mb-0 button product_type_simple add_to_cart_button ajax_add_to_cart is-outline\" data-product_id=\"5015\" data-product_sku=\"100300093\" aria-label=\"Add to cart: &ldquo;Muratori Franciacorta DOCG CISIOLO Blanc de Noirs Zero Dosage 0,75l&rdquo;\" rel=\"nofollow\" data-success_message=\"&ldquo;Muratori Franciacorta DOCG CISIOLO Blanc de Noirs Zero Dosage 0,75l&rdquo; has been added to your cart\" role=\"button\">Add to cart<\/a><\/div>\t<span id=\"woocommerce_loop_add_to_cart_link_describedby_5015\" class=\"screen-reader-text\">\n\t\t\t<\/span>\n\t\t\t\t\t\t\t<\/div>\n\t\t\t\t\t\t<\/div>\n\t\t\t\t\t\t<\/div>\n\t\t\t\t\t<\/div><div class=\"col\" data-animate=\"fadeInUp\">\n\t\t\t\t\t\t<div class=\"col-inner\">\n\t\t\t\t\t\t\n<div class=\"badge-container badge-custom absolute right top z-1\">\n\n<\/div>\n\t\t\t\t\t\t<div class=\"product-small box margin-auto has-hover box-vertical box-text-bottom\">\n\t\t\t\t\t\t\t<div class=\"box-image\" >\n\t\t\t\t\t\t\t\t<div class=\"image-cover\" style=\"padding-top:100%;\">\n\t\t\t\t\t\t\t\t\t<a href=\"https:\/\/schaumweinkontor.com\/en\/produkt\/muratori-franciacorta-docg-brut-15l\/\" aria-label=\"Muratori Franciacorta DOCG Brut 1,5l\">\n\t\t\t\t\t\t\t\t\t\t<img loading=\"lazy\" decoding=\"async\" width=\"300\" height=\"300\" src=\"https:\/\/schaumweinkontor.com\/wp-content\/uploads\/2024\/02\/Muratori-Brut-300x300.png\" class=\"attachment-medium size-medium\" alt=\"Muratori Franciacorta DOCG Brut \" srcset=\"https:\/\/schaumweinkontor.com\/wp-content\/uploads\/2024\/02\/Muratori-Brut-300x300.png 300w, https:\/\/schaumweinkontor.com\/wp-content\/uploads\/2024\/02\/Muratori-Brut-100x100.png 100w, https:\/\/schaumweinkontor.com\/wp-content\/uploads\/2024\/02\/Muratori-Brut-510x510.png 510w, https:\/\/schaumweinkontor.com\/wp-content\/uploads\/2024\/02\/Muratori-Brut-150x150.png 150w, https:\/\/schaumweinkontor.com\/wp-content\/uploads\/2024\/02\/Muratori-Brut-768x768.png 768w, https:\/\/schaumweinkontor.com\/wp-content\/uploads\/2024\/02\/Muratori-Brut.png 1000w\" sizes=\"auto, (max-width: 300px) 100vw, 300px\" \/>\t\t\t\t\t\t\t\t\t<\/a>\n\t\t\t\t\t\t\t\t\t\t\t\t\t\t\t\t\t\t \t\t\t\t\t\t\t\t<\/div>\n\t\t\t\t\t\t\t\t<div class=\"image-tools top right show-on-hover\">\n\t\t\t\t\t\t\t\t\t\t\t\t\t\t\t\t\t<\/div>\n\t\t\t\t\t\t\t\t\t\t\t\t\t\t\t\t\t<div class=\"image-tools grid-tools text-center hide-for-small bottom hover-slide-in show-on-hover\">\n\t\t\t\t\t\t\t\t\t\t\t\t\t\t\t\t\t\t\t<\/div>\n\t\t\t\t\t\t\t\t\t\t\t\t\t\t\t\t\t\t\t\t\t\t\t<\/div>\n\n\t\t\t\t\t\t\t<div class=\"box-text text-center\" >\n\t\t\t\t\t\t\t\t<div class=\"title-wrapper\">\t\t<p class=\"category uppercase is-smaller no-text-overflow product-cat op-7\">\n\t\t\tMuratori Franciacorta\t\t<\/p>\n\t<p class=\"name product-title woocommerce-loop-product__title\"><a href=\"https:\/\/schaumweinkontor.com\/en\/produkt\/muratori-franciacorta-docg-brut-15l\/\" class=\"woocommerce-LoopProduct-link woocommerce-loop-product__link\">Muratori Franciacorta DOCG Brut 1,5l<\/a><\/p><\/div><div class=\"price-wrapper\">\n\t<span class=\"price\"><span class=\"woocommerce-Price-amount amount\" role=\"none\"><bdi><span class=\"woocommerce-Price-currencySymbol\">&euro;<\/span>&nbsp;59,30<\/bdi><\/span> <small class=\"woocommerce-price-suffix\">inkl. MwSt.<\/small><\/span>\n<\/div><div class=\"add-to-cart-button\"><a href=\"\/en\/wp-json\/wp\/v2\/pages\/4628?add-to-cart=5005\" aria-describedby=\"woocommerce_loop_add_to_cart_link_describedby_5005\" data-quantity=\"1\" class=\"primary is-small mb-0 button product_type_simple add_to_cart_button ajax_add_to_cart is-outline\" data-product_id=\"5005\" data-product_sku=\"100300094\" aria-label=\"Add to cart: &ldquo;Muratori Franciacorta DOCG Brut 1,5l&rdquo;\" rel=\"nofollow\" data-success_message=\"&ldquo;Muratori Franciacorta DOCG Brut 1,5l&rdquo; has been added to your cart\" role=\"button\">Add to cart<\/a><\/div>\t<span id=\"woocommerce_loop_add_to_cart_link_describedby_5005\" class=\"screen-reader-text\">\n\t\t\t<\/span>\n\t\t\t\t\t\t\t<\/div>\n\t\t\t\t\t\t<\/div>\n\t\t\t\t\t\t<\/div>\n\t\t\t\t\t<\/div><div class=\"col\" data-animate=\"fadeInUp\">\n\t\t\t\t\t\t<div class=\"col-inner\">\n\t\t\t\t\t\t\n<div class=\"badge-container badge-custom absolute right top z-1\">\n\n<\/div>\n\t\t\t\t\t\t<div class=\"product-small box margin-auto has-hover box-vertical box-text-bottom\">\n\t\t\t\t\t\t\t<div class=\"box-image\" >\n\t\t\t\t\t\t\t\t<div class=\"image-cover\" style=\"padding-top:100%;\">\n\t\t\t\t\t\t\t\t\t<a href=\"https:\/\/schaumweinkontor.com\/en\/produkt\/muratori-franciacorta-docg-brut-3l\/\" aria-label=\"Muratori Franciacorta DOCG Brut 3l\">\n\t\t\t\t\t\t\t\t\t\t<img loading=\"lazy\" decoding=\"async\" width=\"300\" height=\"300\" src=\"https:\/\/schaumweinkontor.com\/wp-content\/uploads\/2024\/02\/Muratori-Brut-300x300.png\" class=\"attachment-medium size-medium\" alt=\"Muratori Franciacorta DOCG Brut \" srcset=\"https:\/\/schaumweinkontor.com\/wp-content\/uploads\/2024\/02\/Muratori-Brut-300x300.png 300w, https:\/\/schaumweinkontor.com\/wp-content\/uploads\/2024\/02\/Muratori-Brut-100x100.png 100w, https:\/\/schaumweinkontor.com\/wp-content\/uploads\/2024\/02\/Muratori-Brut-510x510.png 510w, https:\/\/schaumweinkontor.com\/wp-content\/uploads\/2024\/02\/Muratori-Brut-150x150.png 150w, https:\/\/schaumweinkontor.com\/wp-content\/uploads\/2024\/02\/Muratori-Brut-768x768.png 768w, https:\/\/schaumweinkontor.com\/wp-content\/uploads\/2024\/02\/Muratori-Brut.png 1000w\" sizes=\"auto, (max-width: 300px) 100vw, 300px\" \/>\t\t\t\t\t\t\t\t\t<\/a>\n\t\t\t\t\t\t\t\t\t\t\t\t\t\t\t\t\t\t \t\t\t\t\t\t\t\t<\/div>\n\t\t\t\t\t\t\t\t<div class=\"image-tools top right show-on-hover\">\n\t\t\t\t\t\t\t\t\t\t\t\t\t\t\t\t\t<\/div>\n\t\t\t\t\t\t\t\t\t\t\t\t\t\t\t\t\t<div class=\"image-tools grid-tools text-center hide-for-small bottom hover-slide-in show-on-hover\">\n\t\t\t\t\t\t\t\t\t\t\t\t\t\t\t\t\t\t\t<\/div>\n\t\t\t\t\t\t\t\t\t\t\t\t\t\t\t\t\t\t\t\t\t\t\t<\/div>\n\n\t\t\t\t\t\t\t<div class=\"box-text text-center\" >\n\t\t\t\t\t\t\t\t<div class=\"title-wrapper\">\t\t<p class=\"category uppercase is-smaller no-text-overflow product-cat op-7\">\n\t\t\tMuratori Franciacorta\t\t<\/p>\n\t<p class=\"name product-title woocommerce-loop-product__title\"><a href=\"https:\/\/schaumweinkontor.com\/en\/produkt\/muratori-franciacorta-docg-brut-3l\/\" class=\"woocommerce-LoopProduct-link woocommerce-loop-product__link\">Muratori Franciacorta DOCG Brut 3l<\/a><\/p><\/div><div class=\"price-wrapper\">\n\t<span class=\"price\"><span class=\"woocommerce-Price-amount amount\" role=\"none\"><bdi><span class=\"woocommerce-Price-currencySymbol\">&euro;<\/span>&nbsp;220,00<\/bdi><\/span> <small class=\"woocommerce-price-suffix\">inkl. MwSt.<\/small><\/span>\n<\/div><div class=\"add-to-cart-button\"><a href=\"\/en\/wp-json\/wp\/v2\/pages\/4628?add-to-cart=5007\" aria-describedby=\"woocommerce_loop_add_to_cart_link_describedby_5007\" data-quantity=\"1\" class=\"primary is-small mb-0 button product_type_simple add_to_cart_button ajax_add_to_cart is-outline\" data-product_id=\"5007\" data-product_sku=\"10030095\" aria-label=\"Add to cart: &ldquo;Muratori Franciacorta DOCG Brut 3l&rdquo;\" rel=\"nofollow\" data-success_message=\"&ldquo;Muratori Franciacorta DOCG Brut 3l&rdquo; has been added to your cart\" role=\"button\">Add to cart<\/a><\/div>\t<span id=\"woocommerce_loop_add_to_cart_link_describedby_5007\" class=\"screen-reader-text\">\n\t\t\t<\/span>\n\t\t\t\t\t\t\t<\/div>\n\t\t\t\t\t\t<\/div>\n\t\t\t\t\t\t<\/div>\n\t\t\t\t\t<\/div><\/div>\n\n\n  \n    <div class=\"row  equalize-box show-for-medium hide-for-small large-columns-3 medium-columns-2 small-columns-1 row-large has-shadow row-box-shadow-2 row-box-shadow-4-hover\" >\n  \t\n\t     <div class=\"col\" data-animate=\"fadeInUp\">\n\t\t\t\t\t\t<div class=\"col-inner\">\n\t\t\t\t\t\t\n<div class=\"badge-container badge-custom absolute right top z-1\">\n\n<\/div>\n\t\t\t\t\t\t<div class=\"product-small box has-hover box-normal box-text-bottom\">\n\t\t\t\t\t\t\t<div class=\"box-image\" >\n\t\t\t\t\t\t\t\t<div class=\"image-cover\" style=\"padding-top:100%;\">\n\t\t\t\t\t\t\t\t\t<a href=\"https:\/\/schaumweinkontor.com\/en\/produkt\/muratori-franciacorta-brut-docg-075l\/\" aria-label=\"Muratori Franciacorta Brut DOCG 0,75l\">\n\t\t\t\t\t\t\t\t\t\t<img loading=\"lazy\" decoding=\"async\" width=\"300\" height=\"300\" src=\"https:\/\/schaumweinkontor.com\/wp-content\/uploads\/2024\/02\/Muratori-Brut-300x300.png\" class=\"attachment-medium size-medium\" alt=\"Muratori Franciacorta DOCG Brut \" srcset=\"https:\/\/schaumweinkontor.com\/wp-content\/uploads\/2024\/02\/Muratori-Brut-300x300.png 300w, https:\/\/schaumweinkontor.com\/wp-content\/uploads\/2024\/02\/Muratori-Brut-100x100.png 100w, https:\/\/schaumweinkontor.com\/wp-content\/uploads\/2024\/02\/Muratori-Brut-510x510.png 510w, https:\/\/schaumweinkontor.com\/wp-content\/uploads\/2024\/02\/Muratori-Brut-150x150.png 150w, https:\/\/schaumweinkontor.com\/wp-content\/uploads\/2024\/02\/Muratori-Brut-768x768.png 768w, https:\/\/schaumweinkontor.com\/wp-content\/uploads\/2024\/02\/Muratori-Brut.png 1000w\" sizes=\"auto, (max-width: 300px) 100vw, 300px\" \/>\t\t\t\t\t\t\t\t\t<\/a>\n\t\t\t\t\t\t\t\t\t\t\t\t\t\t\t\t\t\t \t\t\t\t\t\t\t\t<\/div>\n\t\t\t\t\t\t\t\t<div class=\"image-tools top right show-on-hover\">\n\t\t\t\t\t\t\t\t\t\t\t\t\t\t\t\t\t<\/div>\n\t\t\t\t\t\t\t\t\t\t\t\t\t\t\t\t\t<div class=\"image-tools grid-tools text-center hide-for-small bottom hover-slide-in show-on-hover\">\n\t\t\t\t\t\t\t\t\t\t\t\t\t\t\t\t\t\t\t<\/div>\n\t\t\t\t\t\t\t\t\t\t\t\t\t\t\t\t\t\t\t\t\t\t\t<\/div>\n\n\t\t\t\t\t\t\t<div class=\"box-text text-center\" >\n\t\t\t\t\t\t\t\t<div class=\"title-wrapper\">\t\t<p class=\"category uppercase is-smaller no-text-overflow product-cat op-7\">\n\t\t\tMuratori Franciacorta\t\t<\/p>\n\t<p class=\"name product-title woocommerce-loop-product__title\"><a href=\"https:\/\/schaumweinkontor.com\/en\/produkt\/muratori-franciacorta-brut-docg-075l\/\" class=\"woocommerce-LoopProduct-link woocommerce-loop-product__link\">Muratori Franciacorta Brut DOCG 0,75l<\/a><\/p><\/div><div class=\"price-wrapper\">\n\t<span class=\"price\"><span class=\"woocommerce-Price-amount amount\" role=\"none\"><bdi><span class=\"woocommerce-Price-currencySymbol\">&euro;<\/span>&nbsp;25,40<\/bdi><\/span> <small class=\"woocommerce-price-suffix\">inkl. MwSt.<\/small><\/span>\n<\/div><div class=\"add-to-cart-button\"><a href=\"\/en\/wp-json\/wp\/v2\/pages\/4628?add-to-cart=5003\" aria-describedby=\"woocommerce_loop_add_to_cart_link_describedby_5003\" data-quantity=\"1\" class=\"primary is-small mb-0 button product_type_simple add_to_cart_button ajax_add_to_cart is-outline\" data-product_id=\"5003\" data-product_sku=\"100300089\" aria-label=\"Add to cart: &ldquo;Muratori Franciacorta Brut DOCG 0,75l&rdquo;\" rel=\"nofollow\" data-success_message=\"&ldquo;Muratori Franciacorta Brut DOCG 0,75l&rdquo; has been added to your cart\" role=\"button\">Add to cart<\/a><\/div>\t<span id=\"woocommerce_loop_add_to_cart_link_describedby_5003\" class=\"screen-reader-text\">\n\t\t\t<\/span>\n\t\t\t\t\t\t\t<\/div>\n\t\t\t\t\t\t<\/div>\n\t\t\t\t\t\t<\/div>\n\t\t\t\t\t<\/div><div class=\"col\" data-animate=\"fadeInUp\">\n\t\t\t\t\t\t<div class=\"col-inner\">\n\t\t\t\t\t\t\n<div class=\"badge-container badge-custom absolute right top z-1\">\n\n<\/div>\n\t\t\t\t\t\t<div class=\"product-small box has-hover box-normal box-text-bottom\">\n\t\t\t\t\t\t\t<div class=\"box-image\" >\n\t\t\t\t\t\t\t\t<div class=\"image-cover\" style=\"padding-top:100%;\">\n\t\t\t\t\t\t\t\t\t<a href=\"https:\/\/schaumweinkontor.com\/en\/produkt\/muratori-franciacorta-docg-exra-brut-rose-075l\/\" aria-label=\"Muratori Franciacorta DOCG Extra Brut Rose 0,75l\">\n\t\t\t\t\t\t\t\t\t\t<img loading=\"lazy\" decoding=\"async\" width=\"300\" height=\"300\" src=\"https:\/\/schaumweinkontor.com\/wp-content\/uploads\/2024\/02\/Muratori-Rose-300x300.png\" class=\"attachment-medium size-medium\" alt=\"Muratori Franciacorta DOCG Extra Brut Rose 0,75l\" srcset=\"https:\/\/schaumweinkontor.com\/wp-content\/uploads\/2024\/02\/Muratori-Rose-300x300.png 300w, https:\/\/schaumweinkontor.com\/wp-content\/uploads\/2024\/02\/Muratori-Rose-100x100.png 100w, https:\/\/schaumweinkontor.com\/wp-content\/uploads\/2024\/02\/Muratori-Rose-510x510.png 510w, https:\/\/schaumweinkontor.com\/wp-content\/uploads\/2024\/02\/Muratori-Rose-150x150.png 150w, https:\/\/schaumweinkontor.com\/wp-content\/uploads\/2024\/02\/Muratori-Rose-768x768.png 768w, https:\/\/schaumweinkontor.com\/wp-content\/uploads\/2024\/02\/Muratori-Rose.png 1000w\" sizes=\"auto, (max-width: 300px) 100vw, 300px\" \/>\t\t\t\t\t\t\t\t\t<\/a>\n\t\t\t\t\t\t\t\t\t\t\t\t\t\t\t\t\t\t \t\t\t\t\t\t\t\t<\/div>\n\t\t\t\t\t\t\t\t<div class=\"image-tools top right show-on-hover\">\n\t\t\t\t\t\t\t\t\t\t\t\t\t\t\t\t\t<\/div>\n\t\t\t\t\t\t\t\t\t\t\t\t\t\t\t\t\t<div class=\"image-tools grid-tools text-center hide-for-small bottom hover-slide-in show-on-hover\">\n\t\t\t\t\t\t\t\t\t\t\t\t\t\t\t\t\t\t\t<\/div>\n\t\t\t\t\t\t\t\t\t\t\t\t\t\t\t\t\t\t\t\t\t\t\t<\/div>\n\n\t\t\t\t\t\t\t<div class=\"box-text text-center\" >\n\t\t\t\t\t\t\t\t<div class=\"title-wrapper\">\t\t<p class=\"category uppercase is-smaller no-text-overflow product-cat op-7\">\n\t\t\tMuratori Franciacorta\t\t<\/p>\n\t<p class=\"name product-title woocommerce-loop-product__title\"><a href=\"https:\/\/schaumweinkontor.com\/en\/produkt\/muratori-franciacorta-docg-exra-brut-rose-075l\/\" class=\"woocommerce-LoopProduct-link woocommerce-loop-product__link\">Muratori Franciacorta DOCG Extra Brut Rose 0,75l<\/a><\/p><\/div><div class=\"price-wrapper\">\n\t<span class=\"price\"><span class=\"woocommerce-Price-amount amount\" role=\"none\"><bdi><span class=\"woocommerce-Price-currencySymbol\">&euro;<\/span>&nbsp;36,50<\/bdi><\/span> <small class=\"woocommerce-price-suffix\">inkl. MwSt.<\/small><\/span>\n<\/div><div class=\"add-to-cart-button\"><a href=\"\/en\/wp-json\/wp\/v2\/pages\/4628?add-to-cart=5009\" aria-describedby=\"woocommerce_loop_add_to_cart_link_describedby_5009\" data-quantity=\"1\" class=\"primary is-small mb-0 button product_type_simple add_to_cart_button ajax_add_to_cart is-outline\" data-product_id=\"5009\" data-product_sku=\"100300090\" aria-label=\"Add to cart: &ldquo;Muratori Franciacorta DOCG Extra Brut Rose 0,75l&rdquo;\" rel=\"nofollow\" data-success_message=\"&ldquo;Muratori Franciacorta DOCG Extra Brut Rose 0,75l&rdquo; has been added to your cart\" role=\"button\">Add to cart<\/a><\/div>\t<span id=\"woocommerce_loop_add_to_cart_link_describedby_5009\" class=\"screen-reader-text\">\n\t\t\t<\/span>\n\t\t\t\t\t\t\t<\/div>\n\t\t\t\t\t\t<\/div>\n\t\t\t\t\t\t<\/div>\n\t\t\t\t\t<\/div><div class=\"col\" data-animate=\"fadeInUp\">\n\t\t\t\t\t\t<div class=\"col-inner\">\n\t\t\t\t\t\t\n<div class=\"badge-container badge-custom absolute right top z-1\">\n\n<\/div>\n\t\t\t\t\t\t<div class=\"product-small box has-hover box-normal box-text-bottom\">\n\t\t\t\t\t\t\t<div class=\"box-image\" >\n\t\t\t\t\t\t\t\t<div class=\"image-cover\" style=\"padding-top:100%;\">\n\t\t\t\t\t\t\t\t\t<a href=\"https:\/\/schaumweinkontor.com\/en\/produkt\/muratori-franciacorta-docg-brut-saten-075l\/\" aria-label=\"Muratori Franciacorta DOCG Brut Saten 0,75l\">\n\t\t\t\t\t\t\t\t\t\t<img loading=\"lazy\" decoding=\"async\" width=\"300\" height=\"300\" src=\"https:\/\/schaumweinkontor.com\/wp-content\/uploads\/2024\/02\/Muratori-Saten-300x300.png\" class=\"attachment-medium size-medium\" alt=\"Muratori Franciacorta DOCG Brut Saten 0,75l\" srcset=\"https:\/\/schaumweinkontor.com\/wp-content\/uploads\/2024\/02\/Muratori-Saten-300x300.png 300w, https:\/\/schaumweinkontor.com\/wp-content\/uploads\/2024\/02\/Muratori-Saten-100x100.png 100w, https:\/\/schaumweinkontor.com\/wp-content\/uploads\/2024\/02\/Muratori-Saten-510x510.png 510w, https:\/\/schaumweinkontor.com\/wp-content\/uploads\/2024\/02\/Muratori-Saten-150x150.png 150w, https:\/\/schaumweinkontor.com\/wp-content\/uploads\/2024\/02\/Muratori-Saten-768x768.png 768w, https:\/\/schaumweinkontor.com\/wp-content\/uploads\/2024\/02\/Muratori-Saten.png 1000w\" sizes=\"auto, (max-width: 300px) 100vw, 300px\" \/>\t\t\t\t\t\t\t\t\t<\/a>\n\t\t\t\t\t\t\t\t\t\t\t\t\t\t\t\t\t\t \t\t\t\t\t\t\t\t<\/div>\n\t\t\t\t\t\t\t\t<div class=\"image-tools top right show-on-hover\">\n\t\t\t\t\t\t\t\t\t\t\t\t\t\t\t\t\t<\/div>\n\t\t\t\t\t\t\t\t\t\t\t\t\t\t\t\t\t<div class=\"image-tools grid-tools text-center hide-for-small bottom hover-slide-in show-on-hover\">\n\t\t\t\t\t\t\t\t\t\t\t\t\t\t\t\t\t\t\t<\/div>\n\t\t\t\t\t\t\t\t\t\t\t\t\t\t\t\t\t\t\t\t\t\t\t<\/div>\n\n\t\t\t\t\t\t\t<div class=\"box-text text-center\" >\n\t\t\t\t\t\t\t\t<div class=\"title-wrapper\">\t\t<p class=\"category uppercase is-smaller no-text-overflow product-cat op-7\">\n\t\t\tMuratori Franciacorta\t\t<\/p>\n\t<p class=\"name product-title woocommerce-loop-product__title\"><a href=\"https:\/\/schaumweinkontor.com\/en\/produkt\/muratori-franciacorta-docg-brut-saten-075l\/\" class=\"woocommerce-LoopProduct-link woocommerce-loop-product__link\">Muratori Franciacorta DOCG Brut Saten 0,75l<\/a><\/p><\/div><div class=\"price-wrapper\">\n\t<span class=\"price\"><span class=\"woocommerce-Price-amount amount\" role=\"none\"><bdi><span class=\"woocommerce-Price-currencySymbol\">&euro;<\/span>&nbsp;36,50<\/bdi><\/span> <small class=\"woocommerce-price-suffix\">inkl. MwSt.<\/small><\/span>\n<\/div><div class=\"add-to-cart-button\"><a href=\"\/en\/wp-json\/wp\/v2\/pages\/4628?add-to-cart=5011\" aria-describedby=\"woocommerce_loop_add_to_cart_link_describedby_5011\" data-quantity=\"1\" class=\"primary is-small mb-0 button product_type_simple add_to_cart_button ajax_add_to_cart is-outline\" data-product_id=\"5011\" data-product_sku=\"100300091\" aria-label=\"Add to cart: &ldquo;Muratori Franciacorta DOCG Brut Saten 0,75l&rdquo;\" rel=\"nofollow\" data-success_message=\"&ldquo;Muratori Franciacorta DOCG Brut Saten 0,75l&rdquo; has been added to your cart\" role=\"button\">Add to cart<\/a><\/div>\t<span id=\"woocommerce_loop_add_to_cart_link_describedby_5011\" class=\"screen-reader-text\">\n\t\t\t<\/span>\n\t\t\t\t\t\t\t<\/div>\n\t\t\t\t\t\t<\/div>\n\t\t\t\t\t\t<\/div>\n\t\t\t\t\t<\/div><div class=\"col\" data-animate=\"fadeInUp\">\n\t\t\t\t\t\t<div class=\"col-inner\">\n\t\t\t\t\t\t\n<div class=\"badge-container badge-custom absolute right top z-1\">\n\n<\/div>\n\t\t\t\t\t\t<div class=\"product-small box has-hover box-normal box-text-bottom\">\n\t\t\t\t\t\t\t<div class=\"box-image\" >\n\t\t\t\t\t\t\t\t<div class=\"image-cover\" style=\"padding-top:100%;\">\n\t\t\t\t\t\t\t\t\t<a href=\"https:\/\/schaumweinkontor.com\/en\/produkt\/muratori-franciacorta-docg-numerozero-blanc-de-blanc-zero-dosage-075l\/\" aria-label=\"Muratori Franciacorta DOCG NUMEROZERO Blanc de Blancs Zero Dosage 0,75l\">\n\t\t\t\t\t\t\t\t\t\t<img loading=\"lazy\" decoding=\"async\" width=\"300\" height=\"300\" src=\"https:\/\/schaumweinkontor.com\/wp-content\/uploads\/2024\/02\/Muratori-Numero-Zero-300x300.png\" class=\"attachment-medium size-medium\" alt=\"Muratori Franciacorta DOCG NUMEROZERO\" srcset=\"https:\/\/schaumweinkontor.com\/wp-content\/uploads\/2024\/02\/Muratori-Numero-Zero-300x300.png 300w, https:\/\/schaumweinkontor.com\/wp-content\/uploads\/2024\/02\/Muratori-Numero-Zero-100x100.png 100w, https:\/\/schaumweinkontor.com\/wp-content\/uploads\/2024\/02\/Muratori-Numero-Zero-510x510.png 510w, https:\/\/schaumweinkontor.com\/wp-content\/uploads\/2024\/02\/Muratori-Numero-Zero-150x150.png 150w, https:\/\/schaumweinkontor.com\/wp-content\/uploads\/2024\/02\/Muratori-Numero-Zero-768x768.png 768w, https:\/\/schaumweinkontor.com\/wp-content\/uploads\/2024\/02\/Muratori-Numero-Zero.png 1000w\" sizes=\"auto, (max-width: 300px) 100vw, 300px\" \/>\t\t\t\t\t\t\t\t\t<\/a>\n\t\t\t\t\t\t\t\t\t\t\t\t\t\t\t\t\t\t \t\t\t\t\t\t\t\t<\/div>\n\t\t\t\t\t\t\t\t<div class=\"image-tools top right show-on-hover\">\n\t\t\t\t\t\t\t\t\t\t\t\t\t\t\t\t\t<\/div>\n\t\t\t\t\t\t\t\t\t\t\t\t\t\t\t\t\t<div class=\"image-tools grid-tools text-center hide-for-small bottom hover-slide-in show-on-hover\">\n\t\t\t\t\t\t\t\t\t\t\t\t\t\t\t\t\t\t\t<\/div>\n\t\t\t\t\t\t\t\t\t\t\t\t\t\t\t\t\t\t\t\t\t\t\t<\/div>\n\n\t\t\t\t\t\t\t<div class=\"box-text text-center\" >\n\t\t\t\t\t\t\t\t<div class=\"title-wrapper\">\t\t<p class=\"category uppercase is-smaller no-text-overflow product-cat op-7\">\n\t\t\tMuratori Franciacorta\t\t<\/p>\n\t<p class=\"name product-title woocommerce-loop-product__title\"><a href=\"https:\/\/schaumweinkontor.com\/en\/produkt\/muratori-franciacorta-docg-numerozero-blanc-de-blanc-zero-dosage-075l\/\" class=\"woocommerce-LoopProduct-link woocommerce-loop-product__link\">Muratori Franciacorta DOCG NUMEROZERO Blanc de Blancs Zero Dosage 0,75l<\/a><\/p><\/div><div class=\"price-wrapper\">\n\t<span class=\"price\"><span class=\"woocommerce-Price-amount amount\" role=\"none\"><bdi><span class=\"woocommerce-Price-currencySymbol\">&euro;<\/span>&nbsp;38,20<\/bdi><\/span> <small class=\"woocommerce-price-suffix\">inkl. MwSt.<\/small><\/span>\n<\/div><div class=\"add-to-cart-button\"><a href=\"\/en\/wp-json\/wp\/v2\/pages\/4628?add-to-cart=5013\" aria-describedby=\"woocommerce_loop_add_to_cart_link_describedby_5013\" data-quantity=\"1\" class=\"primary is-small mb-0 button product_type_simple add_to_cart_button ajax_add_to_cart is-outline\" data-product_id=\"5013\" data-product_sku=\"00300092\" aria-label=\"Add to cart: &ldquo;Muratori Franciacorta DOCG NUMEROZERO Blanc de Blancs Zero Dosage 0,75l&rdquo;\" rel=\"nofollow\" data-success_message=\"&ldquo;Muratori Franciacorta DOCG NUMEROZERO Blanc de Blancs Zero Dosage 0,75l&rdquo; has been added to your cart\" role=\"button\">Add to cart<\/a><\/div>\t<span id=\"woocommerce_loop_add_to_cart_link_describedby_5013\" class=\"screen-reader-text\">\n\t\t\t<\/span>\n\t\t\t\t\t\t\t<\/div>\n\t\t\t\t\t\t<\/div>\n\t\t\t\t\t\t<\/div>\n\t\t\t\t\t<\/div><div class=\"col\" data-animate=\"fadeInUp\">\n\t\t\t\t\t\t<div class=\"col-inner\">\n\t\t\t\t\t\t\n<div class=\"badge-container badge-custom absolute right top z-1\">\n\n<\/div>\n\t\t\t\t\t\t<div class=\"product-small box has-hover box-normal box-text-bottom\">\n\t\t\t\t\t\t\t<div class=\"box-image\" >\n\t\t\t\t\t\t\t\t<div class=\"image-cover\" style=\"padding-top:100%;\">\n\t\t\t\t\t\t\t\t\t<a href=\"https:\/\/schaumweinkontor.com\/en\/produkt\/muartori-franciacorta-docg-cisiolo-blanc-de-noir-zero-dosage-075l\/\" aria-label=\"Muratori Franciacorta DOCG CISIOLO Blanc de Noirs Zero Dosage 0,75l\">\n\t\t\t\t\t\t\t\t\t\t<img loading=\"lazy\" decoding=\"async\" width=\"300\" height=\"300\" src=\"https:\/\/schaumweinkontor.com\/wp-content\/uploads\/2024\/02\/Muratori-Cisiolo-300x300.png\" class=\"attachment-medium size-medium\" alt=\"Muratori Franciacorta DOCG CISIOLO Blanc de Noirs Zero Dosage \" srcset=\"https:\/\/schaumweinkontor.com\/wp-content\/uploads\/2024\/02\/Muratori-Cisiolo-300x300.png 300w, https:\/\/schaumweinkontor.com\/wp-content\/uploads\/2024\/02\/Muratori-Cisiolo-100x100.png 100w, https:\/\/schaumweinkontor.com\/wp-content\/uploads\/2024\/02\/Muratori-Cisiolo-510x510.png 510w, https:\/\/schaumweinkontor.com\/wp-content\/uploads\/2024\/02\/Muratori-Cisiolo-150x150.png 150w, https:\/\/schaumweinkontor.com\/wp-content\/uploads\/2024\/02\/Muratori-Cisiolo-768x768.png 768w, https:\/\/schaumweinkontor.com\/wp-content\/uploads\/2024\/02\/Muratori-Cisiolo.png 1000w\" sizes=\"auto, (max-width: 300px) 100vw, 300px\" \/>\t\t\t\t\t\t\t\t\t<\/a>\n\t\t\t\t\t\t\t\t\t\t\t\t\t\t\t\t\t\t \t\t\t\t\t\t\t\t<\/div>\n\t\t\t\t\t\t\t\t<div class=\"image-tools top right show-on-hover\">\n\t\t\t\t\t\t\t\t\t\t\t\t\t\t\t\t\t<\/div>\n\t\t\t\t\t\t\t\t\t\t\t\t\t\t\t\t\t<div class=\"image-tools grid-tools text-center hide-for-small bottom hover-slide-in show-on-hover\">\n\t\t\t\t\t\t\t\t\t\t\t\t\t\t\t\t\t\t\t<\/div>\n\t\t\t\t\t\t\t\t\t\t\t\t\t\t\t\t\t\t\t\t\t\t\t<\/div>\n\n\t\t\t\t\t\t\t<div class=\"box-text text-center\" >\n\t\t\t\t\t\t\t\t<div class=\"title-wrapper\">\t\t<p class=\"category uppercase is-smaller no-text-overflow product-cat op-7\">\n\t\t\tMuratori Franciacorta\t\t<\/p>\n\t<p class=\"name product-title woocommerce-loop-product__title\"><a href=\"https:\/\/schaumweinkontor.com\/en\/produkt\/muartori-franciacorta-docg-cisiolo-blanc-de-noir-zero-dosage-075l\/\" class=\"woocommerce-LoopProduct-link woocommerce-loop-product__link\">Muratori Franciacorta DOCG CISIOLO Blanc de Noirs Zero Dosage 0,75l<\/a><\/p><\/div><div class=\"price-wrapper\">\n\t<span class=\"price\"><span class=\"woocommerce-Price-amount amount\" role=\"none\"><bdi><span class=\"woocommerce-Price-currencySymbol\">&euro;<\/span>&nbsp;38,20<\/bdi><\/span> <small class=\"woocommerce-price-suffix\">inkl. MwSt.<\/small><\/span>\n<\/div><div class=\"add-to-cart-button\"><a href=\"\/en\/wp-json\/wp\/v2\/pages\/4628?add-to-cart=5015\" aria-describedby=\"woocommerce_loop_add_to_cart_link_describedby_5015\" data-quantity=\"1\" class=\"primary is-small mb-0 button product_type_simple add_to_cart_button ajax_add_to_cart is-outline\" data-product_id=\"5015\" data-product_sku=\"100300093\" aria-label=\"Add to cart: &ldquo;Muratori Franciacorta DOCG CISIOLO Blanc de Noirs Zero Dosage 0,75l&rdquo;\" rel=\"nofollow\" data-success_message=\"&ldquo;Muratori Franciacorta DOCG CISIOLO Blanc de Noirs Zero Dosage 0,75l&rdquo; has been added to your cart\" role=\"button\">Add to cart<\/a><\/div>\t<span id=\"woocommerce_loop_add_to_cart_link_describedby_5015\" class=\"screen-reader-text\">\n\t\t\t<\/span>\n\t\t\t\t\t\t\t<\/div>\n\t\t\t\t\t\t<\/div>\n\t\t\t\t\t\t<\/div>\n\t\t\t\t\t<\/div><div class=\"col\" data-animate=\"fadeInUp\">\n\t\t\t\t\t\t<div class=\"col-inner\">\n\t\t\t\t\t\t\n<div class=\"badge-container badge-custom absolute right top z-1\">\n\n<\/div>\n\t\t\t\t\t\t<div class=\"product-small box has-hover box-normal box-text-bottom\">\n\t\t\t\t\t\t\t<div class=\"box-image\" >\n\t\t\t\t\t\t\t\t<div class=\"image-cover\" style=\"padding-top:100%;\">\n\t\t\t\t\t\t\t\t\t<a href=\"https:\/\/schaumweinkontor.com\/en\/produkt\/muratori-franciacorta-docg-brut-15l\/\" aria-label=\"Muratori Franciacorta DOCG Brut 1,5l\">\n\t\t\t\t\t\t\t\t\t\t<img loading=\"lazy\" decoding=\"async\" width=\"300\" height=\"300\" src=\"https:\/\/schaumweinkontor.com\/wp-content\/uploads\/2024\/02\/Muratori-Brut-300x300.png\" class=\"attachment-medium size-medium\" alt=\"Muratori Franciacorta DOCG Brut \" srcset=\"https:\/\/schaumweinkontor.com\/wp-content\/uploads\/2024\/02\/Muratori-Brut-300x300.png 300w, https:\/\/schaumweinkontor.com\/wp-content\/uploads\/2024\/02\/Muratori-Brut-100x100.png 100w, https:\/\/schaumweinkontor.com\/wp-content\/uploads\/2024\/02\/Muratori-Brut-510x510.png 510w, https:\/\/schaumweinkontor.com\/wp-content\/uploads\/2024\/02\/Muratori-Brut-150x150.png 150w, https:\/\/schaumweinkontor.com\/wp-content\/uploads\/2024\/02\/Muratori-Brut-768x768.png 768w, https:\/\/schaumweinkontor.com\/wp-content\/uploads\/2024\/02\/Muratori-Brut.png 1000w\" sizes=\"auto, (max-width: 300px) 100vw, 300px\" \/>\t\t\t\t\t\t\t\t\t<\/a>\n\t\t\t\t\t\t\t\t\t\t\t\t\t\t\t\t\t\t \t\t\t\t\t\t\t\t<\/div>\n\t\t\t\t\t\t\t\t<div class=\"image-tools top right show-on-hover\">\n\t\t\t\t\t\t\t\t\t\t\t\t\t\t\t\t\t<\/div>\n\t\t\t\t\t\t\t\t\t\t\t\t\t\t\t\t\t<div class=\"image-tools grid-tools text-center hide-for-small bottom hover-slide-in show-on-hover\">\n\t\t\t\t\t\t\t\t\t\t\t\t\t\t\t\t\t\t\t<\/div>\n\t\t\t\t\t\t\t\t\t\t\t\t\t\t\t\t\t\t\t\t\t\t\t<\/div>\n\n\t\t\t\t\t\t\t<div class=\"box-text text-center\" >\n\t\t\t\t\t\t\t\t<div class=\"title-wrapper\">\t\t<p class=\"category uppercase is-smaller no-text-overflow product-cat op-7\">\n\t\t\tMuratori Franciacorta\t\t<\/p>\n\t<p class=\"name product-title woocommerce-loop-product__title\"><a href=\"https:\/\/schaumweinkontor.com\/en\/produkt\/muratori-franciacorta-docg-brut-15l\/\" class=\"woocommerce-LoopProduct-link woocommerce-loop-product__link\">Muratori Franciacorta DOCG Brut 1,5l<\/a><\/p><\/div><div class=\"price-wrapper\">\n\t<span class=\"price\"><span class=\"woocommerce-Price-amount amount\" role=\"none\"><bdi><span class=\"woocommerce-Price-currencySymbol\">&euro;<\/span>&nbsp;59,30<\/bdi><\/span> <small class=\"woocommerce-price-suffix\">inkl. MwSt.<\/small><\/span>\n<\/div><div class=\"add-to-cart-button\"><a href=\"\/en\/wp-json\/wp\/v2\/pages\/4628?add-to-cart=5005\" aria-describedby=\"woocommerce_loop_add_to_cart_link_describedby_5005\" data-quantity=\"1\" class=\"primary is-small mb-0 button product_type_simple add_to_cart_button ajax_add_to_cart is-outline\" data-product_id=\"5005\" data-product_sku=\"100300094\" aria-label=\"Add to cart: &ldquo;Muratori Franciacorta DOCG Brut 1,5l&rdquo;\" rel=\"nofollow\" data-success_message=\"&ldquo;Muratori Franciacorta DOCG Brut 1,5l&rdquo; has been added to your cart\" role=\"button\">Add to cart<\/a><\/div>\t<span id=\"woocommerce_loop_add_to_cart_link_describedby_5005\" class=\"screen-reader-text\">\n\t\t\t<\/span>\n\t\t\t\t\t\t\t<\/div>\n\t\t\t\t\t\t<\/div>\n\t\t\t\t\t\t<\/div>\n\t\t\t\t\t<\/div><div class=\"col\" data-animate=\"fadeInUp\">\n\t\t\t\t\t\t<div class=\"col-inner\">\n\t\t\t\t\t\t\n<div class=\"badge-container badge-custom absolute right top z-1\">\n\n<\/div>\n\t\t\t\t\t\t<div class=\"product-small box has-hover box-normal box-text-bottom\">\n\t\t\t\t\t\t\t<div class=\"box-image\" >\n\t\t\t\t\t\t\t\t<div class=\"image-cover\" style=\"padding-top:100%;\">\n\t\t\t\t\t\t\t\t\t<a href=\"https:\/\/schaumweinkontor.com\/en\/produkt\/muratori-franciacorta-docg-brut-3l\/\" aria-label=\"Muratori Franciacorta DOCG Brut 3l\">\n\t\t\t\t\t\t\t\t\t\t<img loading=\"lazy\" decoding=\"async\" width=\"300\" height=\"300\" src=\"https:\/\/schaumweinkontor.com\/wp-content\/uploads\/2024\/02\/Muratori-Brut-300x300.png\" class=\"attachment-medium size-medium\" alt=\"Muratori Franciacorta DOCG Brut \" srcset=\"https:\/\/schaumweinkontor.com\/wp-content\/uploads\/2024\/02\/Muratori-Brut-300x300.png 300w, https:\/\/schaumweinkontor.com\/wp-content\/uploads\/2024\/02\/Muratori-Brut-100x100.png 100w, https:\/\/schaumweinkontor.com\/wp-content\/uploads\/2024\/02\/Muratori-Brut-510x510.png 510w, https:\/\/schaumweinkontor.com\/wp-content\/uploads\/2024\/02\/Muratori-Brut-150x150.png 150w, https:\/\/schaumweinkontor.com\/wp-content\/uploads\/2024\/02\/Muratori-Brut-768x768.png 768w, https:\/\/schaumweinkontor.com\/wp-content\/uploads\/2024\/02\/Muratori-Brut.png 1000w\" sizes=\"auto, (max-width: 300px) 100vw, 300px\" \/>\t\t\t\t\t\t\t\t\t<\/a>\n\t\t\t\t\t\t\t\t\t\t\t\t\t\t\t\t\t\t \t\t\t\t\t\t\t\t<\/div>\n\t\t\t\t\t\t\t\t<div class=\"image-tools top right show-on-hover\">\n\t\t\t\t\t\t\t\t\t\t\t\t\t\t\t\t\t<\/div>\n\t\t\t\t\t\t\t\t\t\t\t\t\t\t\t\t\t<div class=\"image-tools grid-tools text-center hide-for-small bottom hover-slide-in show-on-hover\">\n\t\t\t\t\t\t\t\t\t\t\t\t\t\t\t\t\t\t\t<\/div>\n\t\t\t\t\t\t\t\t\t\t\t\t\t\t\t\t\t\t\t\t\t\t\t<\/div>\n\n\t\t\t\t\t\t\t<div class=\"box-text text-center\" >\n\t\t\t\t\t\t\t\t<div class=\"title-wrapper\">\t\t<p class=\"category uppercase is-smaller no-text-overflow product-cat op-7\">\n\t\t\tMuratori Franciacorta\t\t<\/p>\n\t<p class=\"name product-title woocommerce-loop-product__title\"><a href=\"https:\/\/schaumweinkontor.com\/en\/produkt\/muratori-franciacorta-docg-brut-3l\/\" class=\"woocommerce-LoopProduct-link woocommerce-loop-product__link\">Muratori Franciacorta DOCG Brut 3l<\/a><\/p><\/div><div class=\"price-wrapper\">\n\t<span class=\"price\"><span class=\"woocommerce-Price-amount amount\" role=\"none\"><bdi><span class=\"woocommerce-Price-currencySymbol\">&euro;<\/span>&nbsp;220,00<\/bdi><\/span> <small class=\"woocommerce-price-suffix\">inkl. MwSt.<\/small><\/span>\n<\/div><div class=\"add-to-cart-button\"><a href=\"\/en\/wp-json\/wp\/v2\/pages\/4628?add-to-cart=5007\" aria-describedby=\"woocommerce_loop_add_to_cart_link_describedby_5007\" data-quantity=\"1\" class=\"primary is-small mb-0 button product_type_simple add_to_cart_button ajax_add_to_cart is-outline\" data-product_id=\"5007\" data-product_sku=\"10030095\" aria-label=\"Add to cart: &ldquo;Muratori Franciacorta DOCG Brut 3l&rdquo;\" rel=\"nofollow\" data-success_message=\"&ldquo;Muratori Franciacorta DOCG Brut 3l&rdquo; has been added to your cart\" role=\"button\">Add to cart<\/a><\/div>\t<span id=\"woocommerce_loop_add_to_cart_link_describedby_5007\" class=\"screen-reader-text\">\n\t\t\t<\/span>\n\t\t\t\t\t\t\t<\/div>\n\t\t\t\t\t\t<\/div>\n\t\t\t\t\t\t<\/div>\n\t\t\t\t\t<\/div><\/div>\n\n\n\t\t<\/div>\n\t\t\t\t\t<\/div>\n\n\t\n\n\n<style>\n#row-753033546 > .col > .col-inner {\n  padding: 0 0px 0px 0px;\n}\n@media (min-width:550px) {\n  #row-753033546 > .col > .col-inner {\n    padding: 15px 0px 0px 0px;\n  }\n}\n<\/style>\n<\/div>\n<div class=\"text-center\"><div class=\"is-divider divider clearfix\" style=\"margin-top:3em;margin-bottom:3em;max-width:100%;height:2px;background-color:rgba(183, 149, 73, 0.419);\"><\/div><\/div>\n\n\t<section class=\"section bg_winzer show-for-medium\" id=\"section_2104896470\">\n\t\t<div class=\"bg section-bg fill bg-fill  \" >\n\n\t\t\t\n\t\t\t\n\t\t\t\n\n\t\t<\/div>\n\n\t\t\n\n\t\t<div class=\"section-content relative\">\n\t\t\t\n\n<div class=\"row row-collapse row-full-width align-middle align-center\"  id=\"row-978618453\">\n\n\n\t<div id=\"col-1640759058\" class=\"col small-12 large-12\"  >\n\t\t\t\t<div class=\"col-inner\"  >\n\t\t\t\n\t\t\t\n\n<h2 id=\"montina-mobile\" class=\"uppercase\" style=\"text-align: center;\"><span style=\"font-size: 90%;\">La Montina<\/span><\/h2>\n<p>\u00a0<\/p>\n\n\t\t<\/div>\n\t\t\t\t\n<style>\n#col-1640759058 > .col-inner {\n  padding: 15px 0px 0px 0px;\n}\n<\/style>\n\t<\/div>\n\n\t\n\n\n<style>\n#row-978618453 > .col > .col-inner {\n  padding: 15px 0px 0px 0px;\n}\n<\/style>\n<\/div>\n\n\t\t<\/div>\n\n\t\t\n<style>\n#section_2104896470 {\n  padding-top: 20px;\n  padding-bottom: 20px;\n  margin-bottom: 0px;\n}\n#section_2104896470 .section-bg.bg-loaded {\n  background-image: url(https:\/\/schaumweinkontor.com\/wp-content\/uploads\/2022\/06\/landscape-illu-gold-transp.png);\n}\n<\/style>\n\t<\/section>\n\t\n<div class=\"row row-collapse align-middle align-center\"  id=\"row-1765722914\">\n\n\n\t<div id=\"col-906099123\" class=\"col small-12 large-12\"  >\n\t\t\t\t<div class=\"col-inner\"  >\n\t\t\t\n\t\t\t\n\n\n  \n    <div class=\"row margin-auto equalize-box show-for-small large-columns-3 medium-columns- small-columns-1 row-large has-shadow row-box-shadow-2 row-box-shadow-4-hover\" >\n  \t\n\t     <div class=\"col\" data-animate=\"fadeInUp\">\n\t\t\t\t\t\t<div class=\"col-inner\">\n\t\t\t\t\t\t\n<div class=\"badge-container badge-custom absolute right top z-1\">\n\n<\/div>\n\t\t\t\t\t\t<div class=\"product-small box margin-auto has-hover box-vertical box-text-bottom\">\n\t\t\t\t\t\t\t<div class=\"box-image\" >\n\t\t\t\t\t\t\t\t<div class=\"\" >\n\t\t\t\t\t\t\t\t\t<a href=\"https:\/\/schaumweinkontor.com\/en\/produkt\/la-montina-franciacorta-docg-brut-075-l\/\" aria-label=\"La Montina Franciacorta DOCG Brut 0,75 L\">\n\t\t\t\t\t\t\t\t\t\t<img loading=\"lazy\" decoding=\"async\" width=\"300\" height=\"300\" src=\"https:\/\/schaumweinkontor.com\/wp-content\/uploads\/2022\/04\/La-Montina-Franciacorta-DOCG-Brut-075-1000x1000-1-300x300.png\" class=\"attachment-medium size-medium\" alt=\"La Montina Franciacorta DOCG Brut 0,75 L\" srcset=\"https:\/\/schaumweinkontor.com\/wp-content\/uploads\/2022\/04\/La-Montina-Franciacorta-DOCG-Brut-075-1000x1000-1-300x300.png 300w, https:\/\/schaumweinkontor.com\/wp-content\/uploads\/2022\/04\/La-Montina-Franciacorta-DOCG-Brut-075-1000x1000-1-100x100.png 100w, https:\/\/schaumweinkontor.com\/wp-content\/uploads\/2022\/04\/La-Montina-Franciacorta-DOCG-Brut-075-1000x1000-1-510x510.png 510w, https:\/\/schaumweinkontor.com\/wp-content\/uploads\/2022\/04\/La-Montina-Franciacorta-DOCG-Brut-075-1000x1000-1-150x150.png 150w, https:\/\/schaumweinkontor.com\/wp-content\/uploads\/2022\/04\/La-Montina-Franciacorta-DOCG-Brut-075-1000x1000-1-768x768.png 768w, https:\/\/schaumweinkontor.com\/wp-content\/uploads\/2022\/04\/La-Montina-Franciacorta-DOCG-Brut-075-1000x1000-1.png 1001w\" sizes=\"auto, (max-width: 300px) 100vw, 300px\" \/>\t\t\t\t\t\t\t\t\t<\/a>\n\t\t\t\t\t\t\t\t\t\t\t\t\t\t\t\t\t\t \t\t\t\t\t\t\t\t<\/div>\n\t\t\t\t\t\t\t\t<div class=\"image-tools top right show-on-hover\">\n\t\t\t\t\t\t\t\t\t\t\t\t\t\t\t\t\t<\/div>\n\t\t\t\t\t\t\t\t\t\t\t\t\t\t\t\t\t<div class=\"image-tools grid-tools text-center hide-for-small bottom hover-slide-in show-on-hover\">\n\t\t\t\t\t\t\t\t\t\t\t\t\t\t\t\t\t\t\t<\/div>\n\t\t\t\t\t\t\t\t\t\t\t\t\t\t\t\t<div class=\"out-of-stock-label\">Out of stock<\/div>\t\t\t\t\t\t\t<\/div>\n\n\t\t\t\t\t\t\t<div class=\"box-text text-center\" >\n\t\t\t\t\t\t\t\t<div class=\"title-wrapper\">\t\t<p class=\"category uppercase is-smaller no-text-overflow product-cat op-7\">\n\t\t\tLa Montina\t\t<\/p>\n\t<p class=\"name product-title woocommerce-loop-product__title\"><a href=\"https:\/\/schaumweinkontor.com\/en\/produkt\/la-montina-franciacorta-docg-brut-075-l\/\" class=\"woocommerce-LoopProduct-link woocommerce-loop-product__link\">La Montina Franciacorta DOCG Brut 0,75 L<\/a><\/p><\/div><div class=\"price-wrapper\">\n<\/div><div class=\"add-to-cart-button\"><a href=\"https:\/\/schaumweinkontor.com\/en\/produkt\/la-montina-franciacorta-docg-brut-075-l\/\" aria-describedby=\"woocommerce_loop_add_to_cart_link_describedby_4807\" data-quantity=\"1\" class=\"primary is-small mb-0 button product_type_simple is-outline\" data-product_id=\"4807\" data-product_sku=\"100300106\" aria-label=\"Read more about &ldquo;La Montina Franciacorta DOCG Brut 0,75 L&rdquo;\" rel=\"nofollow\" data-success_message=\"\">Read more<\/a><\/div>\t<span id=\"woocommerce_loop_add_to_cart_link_describedby_4807\" class=\"screen-reader-text\">\n\t\t\t<\/span>\n\t\t\t\t\t\t\t<\/div>\n\t\t\t\t\t\t<\/div>\n\t\t\t\t\t\t<\/div>\n\t\t\t\t\t<\/div><div class=\"col\" data-animate=\"fadeInUp\">\n\t\t\t\t\t\t<div class=\"col-inner\">\n\t\t\t\t\t\t\n<div class=\"badge-container badge-custom absolute right top z-1\">\n<div class=\"callout badge badge-circle\"><div class=\"badge-inner secondary on-sale\"><span class=\"onsale\">Sale!<\/span><\/div><\/div>\n<\/div>\n\t\t\t\t\t\t<div class=\"product-small box margin-auto has-hover box-vertical box-text-bottom\">\n\t\t\t\t\t\t\t<div class=\"box-image\" >\n\t\t\t\t\t\t\t\t<div class=\"\" >\n\t\t\t\t\t\t\t\t\t<a href=\"https:\/\/schaumweinkontor.com\/en\/produkt\/la-montina-franciacorta-docg-saten-075-l\/\" aria-label=\"La Montina Franciacorta DOCG Sat\u00e9n 0,75 L\">\n\t\t\t\t\t\t\t\t\t\t<img loading=\"lazy\" decoding=\"async\" width=\"300\" height=\"300\" src=\"https:\/\/schaumweinkontor.com\/wp-content\/uploads\/2022\/04\/La-Montina-Franciacorta-DOCG-Sate-075-1000x1000-1-300x300.png\" class=\"attachment-medium size-medium\" alt=\"La Montina Franciacorta DOCG Sat\u00e9n 0,75 L\" srcset=\"https:\/\/schaumweinkontor.com\/wp-content\/uploads\/2022\/04\/La-Montina-Franciacorta-DOCG-Sate-075-1000x1000-1-300x300.png 300w, https:\/\/schaumweinkontor.com\/wp-content\/uploads\/2022\/04\/La-Montina-Franciacorta-DOCG-Sate-075-1000x1000-1-100x100.png 100w, https:\/\/schaumweinkontor.com\/wp-content\/uploads\/2022\/04\/La-Montina-Franciacorta-DOCG-Sate-075-1000x1000-1-510x510.png 510w, https:\/\/schaumweinkontor.com\/wp-content\/uploads\/2022\/04\/La-Montina-Franciacorta-DOCG-Sate-075-1000x1000-1-150x150.png 150w, https:\/\/schaumweinkontor.com\/wp-content\/uploads\/2022\/04\/La-Montina-Franciacorta-DOCG-Sate-075-1000x1000-1-768x768.png 768w, https:\/\/schaumweinkontor.com\/wp-content\/uploads\/2022\/04\/La-Montina-Franciacorta-DOCG-Sate-075-1000x1000-1.png 1001w\" sizes=\"auto, (max-width: 300px) 100vw, 300px\" \/>\t\t\t\t\t\t\t\t\t<\/a>\n\t\t\t\t\t\t\t\t\t\t\t\t\t\t\t\t\t\t \t\t\t\t\t\t\t\t<\/div>\n\t\t\t\t\t\t\t\t<div class=\"image-tools top right show-on-hover\">\n\t\t\t\t\t\t\t\t\t\t\t\t\t\t\t\t\t<\/div>\n\t\t\t\t\t\t\t\t\t\t\t\t\t\t\t\t\t<div class=\"image-tools grid-tools text-center hide-for-small bottom hover-slide-in show-on-hover\">\n\t\t\t\t\t\t\t\t\t\t\t\t\t\t\t\t\t\t\t<\/div>\n\t\t\t\t\t\t\t\t\t\t\t\t\t\t\t\t\t\t\t\t\t\t\t<\/div>\n\n\t\t\t\t\t\t\t<div class=\"box-text text-center\" >\n\t\t\t\t\t\t\t\t<div class=\"title-wrapper\">\t\t<p class=\"category uppercase is-smaller no-text-overflow product-cat op-7\">\n\t\t\tLa Montina\t\t<\/p>\n\t<p class=\"name product-title woocommerce-loop-product__title\"><a href=\"https:\/\/schaumweinkontor.com\/en\/produkt\/la-montina-franciacorta-docg-saten-075-l\/\" class=\"woocommerce-LoopProduct-link woocommerce-loop-product__link\">La Montina Franciacorta DOCG Sat\u00e9n 0,75 L<\/a><\/p><\/div><div class=\"price-wrapper\">\n\t<span class=\"price\"><del aria-hidden=\"true\"><span class=\"woocommerce-Price-amount amount\" role=\"none\"><bdi><span class=\"woocommerce-Price-currencySymbol\">&euro;<\/span>&nbsp;27,60<\/bdi><\/span><\/del> <span class=\"screen-reader-text\">Original price was: &euro;&nbsp;27,60.<\/span><ins aria-hidden=\"true\"><span class=\"woocommerce-Price-amount amount\" role=\"none\"><bdi><span class=\"woocommerce-Price-currencySymbol\">&euro;<\/span>&nbsp;21,00<\/bdi><\/span><\/ins><span class=\"screen-reader-text\">Current price is: &euro;&nbsp;21,00.<\/span> <small class=\"woocommerce-price-suffix\">inkl. MwSt.<\/small><\/span>\n<\/div><div class=\"add-to-cart-button\"><a href=\"\/en\/wp-json\/wp\/v2\/pages\/4628?add-to-cart=4804\" aria-describedby=\"woocommerce_loop_add_to_cart_link_describedby_4804\" data-quantity=\"1\" class=\"primary is-small mb-0 button product_type_simple add_to_cart_button ajax_add_to_cart is-outline\" data-product_id=\"4804\" data-product_sku=\"100300108\" aria-label=\"Add to cart: &ldquo;La Montina Franciacorta DOCG Sat\u00e9n 0,75 L&rdquo;\" rel=\"nofollow\" data-success_message=\"&ldquo;La Montina Franciacorta DOCG Sat\u00e9n 0,75 L&rdquo; has been added to your cart\" role=\"button\">Add to cart<\/a><\/div>\t<span id=\"woocommerce_loop_add_to_cart_link_describedby_4804\" class=\"screen-reader-text\">\n\t\t\t<\/span>\n\t\t\t\t\t\t\t<\/div>\n\t\t\t\t\t\t<\/div>\n\t\t\t\t\t\t<\/div>\n\t\t\t\t\t<\/div><div class=\"col\" data-animate=\"fadeInUp\">\n\t\t\t\t\t\t<div class=\"col-inner\">\n\t\t\t\t\t\t\n<div class=\"badge-container badge-custom absolute right top z-1\">\n<div class=\"callout badge badge-circle\"><div class=\"badge-inner secondary on-sale\"><span class=\"onsale\">Sale!<\/span><\/div><\/div>\n<\/div>\n\t\t\t\t\t\t<div class=\"product-small box margin-auto has-hover box-vertical box-text-bottom\">\n\t\t\t\t\t\t\t<div class=\"box-image\" >\n\t\t\t\t\t\t\t\t<div class=\"\" >\n\t\t\t\t\t\t\t\t\t<a href=\"https:\/\/schaumweinkontor.com\/en\/produkt\/la-montina-franciacorta-docg-rose-extra-brut-075-l\/\" aria-label=\"La Montina Franciacorta DOCG Ros\u00e9 Extra Brut 0,75 L\">\n\t\t\t\t\t\t\t\t\t\t<img loading=\"lazy\" decoding=\"async\" width=\"300\" height=\"300\" src=\"https:\/\/schaumweinkontor.com\/wp-content\/uploads\/2022\/04\/La-Montina-Franciacorta-DOCG-Rose-Extra-Brut-075-1000x1000-1-300x300.png\" class=\"attachment-medium size-medium\" alt=\"La Montina Franciacorta DOCG Ros\u00e9 Extra Brut 0,75 L\" srcset=\"https:\/\/schaumweinkontor.com\/wp-content\/uploads\/2022\/04\/La-Montina-Franciacorta-DOCG-Rose-Extra-Brut-075-1000x1000-1-300x300.png 300w, https:\/\/schaumweinkontor.com\/wp-content\/uploads\/2022\/04\/La-Montina-Franciacorta-DOCG-Rose-Extra-Brut-075-1000x1000-1-100x100.png 100w, https:\/\/schaumweinkontor.com\/wp-content\/uploads\/2022\/04\/La-Montina-Franciacorta-DOCG-Rose-Extra-Brut-075-1000x1000-1-510x510.png 510w, https:\/\/schaumweinkontor.com\/wp-content\/uploads\/2022\/04\/La-Montina-Franciacorta-DOCG-Rose-Extra-Brut-075-1000x1000-1-150x150.png 150w, https:\/\/schaumweinkontor.com\/wp-content\/uploads\/2022\/04\/La-Montina-Franciacorta-DOCG-Rose-Extra-Brut-075-1000x1000-1-768x768.png 768w, https:\/\/schaumweinkontor.com\/wp-content\/uploads\/2022\/04\/La-Montina-Franciacorta-DOCG-Rose-Extra-Brut-075-1000x1000-1.png 1001w\" sizes=\"auto, (max-width: 300px) 100vw, 300px\" \/>\t\t\t\t\t\t\t\t\t<\/a>\n\t\t\t\t\t\t\t\t\t\t\t\t\t\t\t\t\t\t \t\t\t\t\t\t\t\t<\/div>\n\t\t\t\t\t\t\t\t<div class=\"image-tools top right show-on-hover\">\n\t\t\t\t\t\t\t\t\t\t\t\t\t\t\t\t\t<\/div>\n\t\t\t\t\t\t\t\t\t\t\t\t\t\t\t\t\t<div class=\"image-tools grid-tools text-center hide-for-small bottom hover-slide-in show-on-hover\">\n\t\t\t\t\t\t\t\t\t\t\t\t\t\t\t\t\t\t\t<\/div>\n\t\t\t\t\t\t\t\t\t\t\t\t\t\t\t\t\t\t\t\t\t\t\t<\/div>\n\n\t\t\t\t\t\t\t<div class=\"box-text text-center\" >\n\t\t\t\t\t\t\t\t<div class=\"title-wrapper\">\t\t<p class=\"category uppercase is-smaller no-text-overflow product-cat op-7\">\n\t\t\tLa Montina\t\t<\/p>\n\t<p class=\"name product-title woocommerce-loop-product__title\"><a href=\"https:\/\/schaumweinkontor.com\/en\/produkt\/la-montina-franciacorta-docg-rose-extra-brut-075-l\/\" class=\"woocommerce-LoopProduct-link woocommerce-loop-product__link\">La Montina Franciacorta DOCG Ros\u00e9 Extra Brut 0,75 L<\/a><\/p><\/div><div class=\"price-wrapper\">\n\t<span class=\"price\"><del aria-hidden=\"true\"><span class=\"woocommerce-Price-amount amount\" role=\"none\"><bdi><span class=\"woocommerce-Price-currencySymbol\">&euro;<\/span>&nbsp;28,60<\/bdi><\/span><\/del> <span class=\"screen-reader-text\">Original price was: &euro;&nbsp;28,60.<\/span><ins aria-hidden=\"true\"><span class=\"woocommerce-Price-amount amount\" role=\"none\"><bdi><span class=\"woocommerce-Price-currencySymbol\">&euro;<\/span>&nbsp;21,00<\/bdi><\/span><\/ins><span class=\"screen-reader-text\">Current price is: &euro;&nbsp;21,00.<\/span> <small class=\"woocommerce-price-suffix\">inkl. MwSt.<\/small><\/span>\n<\/div><div class=\"add-to-cart-button\"><a href=\"\/en\/wp-json\/wp\/v2\/pages\/4628?add-to-cart=4805\" aria-describedby=\"woocommerce_loop_add_to_cart_link_describedby_4805\" data-quantity=\"1\" class=\"primary is-small mb-0 button product_type_simple add_to_cart_button ajax_add_to_cart is-outline\" data-product_id=\"4805\" data-product_sku=\"100300110\" aria-label=\"Add to cart: &ldquo;La Montina Franciacorta DOCG Ros\u00e9 Extra Brut 0,75 L&rdquo;\" rel=\"nofollow\" data-success_message=\"&ldquo;La Montina Franciacorta DOCG Ros\u00e9 Extra Brut 0,75 L&rdquo; has been added to your cart\" role=\"button\">Add to cart<\/a><\/div>\t<span id=\"woocommerce_loop_add_to_cart_link_describedby_4805\" class=\"screen-reader-text\">\n\t\t\t<\/span>\n\t\t\t\t\t\t\t<\/div>\n\t\t\t\t\t\t<\/div>\n\t\t\t\t\t\t<\/div>\n\t\t\t\t\t<\/div><div class=\"col\" data-animate=\"fadeInUp\">\n\t\t\t\t\t\t<div class=\"col-inner\">\n\t\t\t\t\t\t\n<div class=\"badge-container badge-custom absolute right top z-1\">\n<div class=\"callout badge badge-circle\"><div class=\"badge-inner secondary on-sale\"><span class=\"onsale\">Sale!<\/span><\/div><\/div>\n<\/div>\n\t\t\t\t\t\t<div class=\"product-small box margin-auto has-hover box-vertical box-text-bottom\">\n\t\t\t\t\t\t\t<div class=\"box-image\" >\n\t\t\t\t\t\t\t\t<div class=\"\" >\n\t\t\t\t\t\t\t\t\t<a href=\"https:\/\/schaumweinkontor.com\/en\/produkt\/la-montina-franciacorta-docg-brut-15-l-magnum\/\" aria-label=\"La Montina Franciacorta DOCG Brut 1,5 L Magnum\">\n\t\t\t\t\t\t\t\t\t\t<img loading=\"lazy\" decoding=\"async\" width=\"300\" height=\"300\" src=\"https:\/\/schaumweinkontor.com\/wp-content\/uploads\/2022\/06\/Franciacorta-Brut-La-Montina-800x800-px-1-300x300.jpg\" class=\"attachment-medium size-medium\" alt=\"La Montina Franciacorta DOCG Brut 1,5 L Magnum\" srcset=\"https:\/\/schaumweinkontor.com\/wp-content\/uploads\/2022\/06\/Franciacorta-Brut-La-Montina-800x800-px-1-300x300.jpg 300w, https:\/\/schaumweinkontor.com\/wp-content\/uploads\/2022\/06\/Franciacorta-Brut-La-Montina-800x800-px-1-150x150.jpg 150w, https:\/\/schaumweinkontor.com\/wp-content\/uploads\/2022\/06\/Franciacorta-Brut-La-Montina-800x800-px-1-768x768.jpg 768w, https:\/\/schaumweinkontor.com\/wp-content\/uploads\/2022\/06\/Franciacorta-Brut-La-Montina-800x800-px-1-510x510.jpg 510w, https:\/\/schaumweinkontor.com\/wp-content\/uploads\/2022\/06\/Franciacorta-Brut-La-Montina-800x800-px-1-100x100.jpg 100w, https:\/\/schaumweinkontor.com\/wp-content\/uploads\/2022\/06\/Franciacorta-Brut-La-Montina-800x800-px-1.jpg 800w\" sizes=\"auto, (max-width: 300px) 100vw, 300px\" \/>\t\t\t\t\t\t\t\t\t<\/a>\n\t\t\t\t\t\t\t\t\t\t\t\t\t\t\t\t\t\t \t\t\t\t\t\t\t\t<\/div>\n\t\t\t\t\t\t\t\t<div class=\"image-tools top right show-on-hover\">\n\t\t\t\t\t\t\t\t\t\t\t\t\t\t\t\t\t<\/div>\n\t\t\t\t\t\t\t\t\t\t\t\t\t\t\t\t\t<div class=\"image-tools grid-tools text-center hide-for-small bottom hover-slide-in show-on-hover\">\n\t\t\t\t\t\t\t\t\t\t\t\t\t\t\t\t\t\t\t<\/div>\n\t\t\t\t\t\t\t\t\t\t\t\t\t\t\t\t\t\t\t\t\t\t\t<\/div>\n\n\t\t\t\t\t\t\t<div class=\"box-text text-center\" >\n\t\t\t\t\t\t\t\t<div class=\"title-wrapper\">\t\t<p class=\"category uppercase is-smaller no-text-overflow product-cat op-7\">\n\t\t\tLa Montina\t\t<\/p>\n\t<p class=\"name product-title woocommerce-loop-product__title\"><a href=\"https:\/\/schaumweinkontor.com\/en\/produkt\/la-montina-franciacorta-docg-brut-15-l-magnum\/\" class=\"woocommerce-LoopProduct-link woocommerce-loop-product__link\">La Montina Franciacorta DOCG Brut 1,5 L Magnum<\/a><\/p><\/div><div class=\"price-wrapper\">\n\t<span class=\"price\"><del aria-hidden=\"true\"><span class=\"woocommerce-Price-amount amount\" role=\"none\"><bdi><span class=\"woocommerce-Price-currencySymbol\">&euro;<\/span>&nbsp;54,00<\/bdi><\/span><\/del> <span class=\"screen-reader-text\">Original price was: &euro;&nbsp;54,00.<\/span><ins aria-hidden=\"true\"><span class=\"woocommerce-Price-amount amount\" role=\"none\"><bdi><span class=\"woocommerce-Price-currencySymbol\">&euro;<\/span>&nbsp;36,00<\/bdi><\/span><\/ins><span class=\"screen-reader-text\">Current price is: &euro;&nbsp;36,00.<\/span> <small class=\"woocommerce-price-suffix\">inkl. MwSt.<\/small><\/span>\n<\/div><div class=\"add-to-cart-button\"><a href=\"\/en\/wp-json\/wp\/v2\/pages\/4628?add-to-cart=4743\" aria-describedby=\"woocommerce_loop_add_to_cart_link_describedby_4743\" data-quantity=\"1\" class=\"primary is-small mb-0 button product_type_simple add_to_cart_button ajax_add_to_cart is-outline\" data-product_id=\"4743\" data-product_sku=\"100300111\" aria-label=\"Add to cart: &ldquo;La Montina Franciacorta DOCG Brut 1,5 L Magnum&rdquo;\" rel=\"nofollow\" data-success_message=\"&ldquo;La Montina Franciacorta DOCG Brut 1,5 L Magnum&rdquo; has been added to your cart\" role=\"button\">Add to cart<\/a><\/div>\t<span id=\"woocommerce_loop_add_to_cart_link_describedby_4743\" class=\"screen-reader-text\">\n\t\t\t<\/span>\n\t\t\t\t\t\t\t<\/div>\n\t\t\t\t\t\t<\/div>\n\t\t\t\t\t\t<\/div>\n\t\t\t\t\t<\/div><div class=\"col\" data-animate=\"fadeInUp\">\n\t\t\t\t\t\t<div class=\"col-inner\">\n\t\t\t\t\t\t\n<div class=\"badge-container badge-custom absolute right top z-1\">\n<div class=\"callout badge badge-circle\"><div class=\"badge-inner secondary on-sale\"><span class=\"onsale\">Sale!<\/span><\/div><\/div>\n<\/div>\n\t\t\t\t\t\t<div class=\"product-small box margin-auto has-hover box-vertical box-text-bottom\">\n\t\t\t\t\t\t\t<div class=\"box-image\" >\n\t\t\t\t\t\t\t\t<div class=\"\" >\n\t\t\t\t\t\t\t\t\t<a href=\"https:\/\/schaumweinkontor.com\/en\/produkt\/la-montina-quor-nature-2016-075-l\/\" aria-label=\"La Montina Quor Nature 2016 0,75 L\">\n\t\t\t\t\t\t\t\t\t\t<img loading=\"lazy\" decoding=\"async\" width=\"300\" height=\"300\" src=\"https:\/\/schaumweinkontor.com\/wp-content\/uploads\/2023\/03\/La-Montina-Riserva-Baiana-075-1000x1000px-300x300.png\" class=\"attachment-medium size-medium\" alt=\"La Montina DOCG Riserva Quor nature 2016\" srcset=\"https:\/\/schaumweinkontor.com\/wp-content\/uploads\/2023\/03\/La-Montina-Riserva-Baiana-075-1000x1000px-300x300.png 300w, https:\/\/schaumweinkontor.com\/wp-content\/uploads\/2023\/03\/La-Montina-Riserva-Baiana-075-1000x1000px-100x100.png 100w, https:\/\/schaumweinkontor.com\/wp-content\/uploads\/2023\/03\/La-Montina-Riserva-Baiana-075-1000x1000px-510x510.png 510w, https:\/\/schaumweinkontor.com\/wp-content\/uploads\/2023\/03\/La-Montina-Riserva-Baiana-075-1000x1000px-150x150.png 150w, https:\/\/schaumweinkontor.com\/wp-content\/uploads\/2023\/03\/La-Montina-Riserva-Baiana-075-1000x1000px-768x768.png 768w, https:\/\/schaumweinkontor.com\/wp-content\/uploads\/2023\/03\/La-Montina-Riserva-Baiana-075-1000x1000px.png 1001w\" sizes=\"auto, (max-width: 300px) 100vw, 300px\" \/>\t\t\t\t\t\t\t\t\t<\/a>\n\t\t\t\t\t\t\t\t\t\t\t\t\t\t\t\t\t\t \t\t\t\t\t\t\t\t<\/div>\n\t\t\t\t\t\t\t\t<div class=\"image-tools top right show-on-hover\">\n\t\t\t\t\t\t\t\t\t\t\t\t\t\t\t\t\t<\/div>\n\t\t\t\t\t\t\t\t\t\t\t\t\t\t\t\t\t<div class=\"image-tools grid-tools text-center hide-for-small bottom hover-slide-in show-on-hover\">\n\t\t\t\t\t\t\t\t\t\t\t\t\t\t\t\t\t\t\t<\/div>\n\t\t\t\t\t\t\t\t\t\t\t\t\t\t\t\t\t\t\t\t\t\t\t<\/div>\n\n\t\t\t\t\t\t\t<div class=\"box-text text-center\" >\n\t\t\t\t\t\t\t\t<div class=\"title-wrapper\">\t\t<p class=\"category uppercase is-smaller no-text-overflow product-cat op-7\">\n\t\t\tFranciacorta\t\t<\/p>\n\t<p class=\"name product-title woocommerce-loop-product__title\"><a href=\"https:\/\/schaumweinkontor.com\/en\/produkt\/la-montina-quor-nature-2016-075-l\/\" class=\"woocommerce-LoopProduct-link woocommerce-loop-product__link\">La Montina Quor Nature 2016 0,75 L<\/a><\/p><\/div><div class=\"price-wrapper\">\n\t<span class=\"price\"><del aria-hidden=\"true\"><span class=\"woocommerce-Price-amount amount\" role=\"none\"><bdi><span class=\"woocommerce-Price-currencySymbol\">&euro;<\/span>&nbsp;61,50<\/bdi><\/span><\/del> <span class=\"screen-reader-text\">Original price was: &euro;&nbsp;61,50.<\/span><ins aria-hidden=\"true\"><span class=\"woocommerce-Price-amount amount\" role=\"none\"><bdi><span class=\"woocommerce-Price-currencySymbol\">&euro;<\/span>&nbsp;43,00<\/bdi><\/span><\/ins><span class=\"screen-reader-text\">Current price is: &euro;&nbsp;43,00.<\/span> <small class=\"woocommerce-price-suffix\">inkl. MwSt.<\/small><\/span>\n<\/div><div class=\"add-to-cart-button\"><a href=\"\/en\/wp-json\/wp\/v2\/pages\/4628?add-to-cart=4713\" aria-describedby=\"woocommerce_loop_add_to_cart_link_describedby_4713\" data-quantity=\"1\" class=\"primary is-small mb-0 button product_type_simple add_to_cart_button ajax_add_to_cart is-outline\" data-product_id=\"4713\" data-product_sku=\"100300128\" aria-label=\"Add to cart: &ldquo;La Montina Quor Nature 2016 0,75 L&rdquo;\" rel=\"nofollow\" data-success_message=\"&ldquo;La Montina Quor Nature 2016 0,75 L&rdquo; has been added to your cart\" role=\"button\">Add to cart<\/a><\/div>\t<span id=\"woocommerce_loop_add_to_cart_link_describedby_4713\" class=\"screen-reader-text\">\n\t\t\t<\/span>\n\t\t\t\t\t\t\t<\/div>\n\t\t\t\t\t\t<\/div>\n\t\t\t\t\t\t<\/div>\n\t\t\t\t\t<\/div><div class=\"col\" data-animate=\"fadeInUp\">\n\t\t\t\t\t\t<div class=\"col-inner\">\n\t\t\t\t\t\t\n<div class=\"badge-container badge-custom absolute right top z-1\">\n<div class=\"callout badge badge-circle\"><div class=\"badge-inner secondary on-sale\"><span class=\"onsale\">Sale!<\/span><\/div><\/div>\n<\/div>\n\t\t\t\t\t\t<div class=\"product-small box margin-auto has-hover box-vertical box-text-bottom\">\n\t\t\t\t\t\t\t<div class=\"box-image\" >\n\t\t\t\t\t\t\t\t<div class=\"\" >\n\t\t\t\t\t\t\t\t\t<a href=\"https:\/\/schaumweinkontor.com\/en\/produkt\/la-montina-franciacorta-docg-saten-15-l-magnum\/\" aria-label=\"La Montina Franciacorta DOCG Sat\u00e8n 1,5 L Magnum\">\n\t\t\t\t\t\t\t\t\t\t<img loading=\"lazy\" decoding=\"async\" width=\"300\" height=\"300\" src=\"https:\/\/schaumweinkontor.com\/wp-content\/uploads\/2022\/06\/Franciacorta-Confezione-litografata-Saten-Packung-800x800-px-2-300x300.jpg\" class=\"attachment-medium size-medium\" alt=\"La Montina Franciacorta DOCG Sat\u00e8n 1,5 L Magnum\" srcset=\"https:\/\/schaumweinkontor.com\/wp-content\/uploads\/2022\/06\/Franciacorta-Confezione-litografata-Saten-Packung-800x800-px-2-300x300.jpg 300w, https:\/\/schaumweinkontor.com\/wp-content\/uploads\/2022\/06\/Franciacorta-Confezione-litografata-Saten-Packung-800x800-px-2-100x100.jpg 100w, https:\/\/schaumweinkontor.com\/wp-content\/uploads\/2022\/06\/Franciacorta-Confezione-litografata-Saten-Packung-800x800-px-2-510x510.jpg 510w, https:\/\/schaumweinkontor.com\/wp-content\/uploads\/2022\/06\/Franciacorta-Confezione-litografata-Saten-Packung-800x800-px-2-150x150.jpg 150w, https:\/\/schaumweinkontor.com\/wp-content\/uploads\/2022\/06\/Franciacorta-Confezione-litografata-Saten-Packung-800x800-px-2-768x768.jpg 768w, https:\/\/schaumweinkontor.com\/wp-content\/uploads\/2022\/06\/Franciacorta-Confezione-litografata-Saten-Packung-800x800-px-2.jpg 800w\" sizes=\"auto, (max-width: 300px) 100vw, 300px\" \/>\t\t\t\t\t\t\t\t\t<\/a>\n\t\t\t\t\t\t\t\t\t\t\t\t\t\t\t\t\t\t \t\t\t\t\t\t\t\t<\/div>\n\t\t\t\t\t\t\t\t<div class=\"image-tools top right show-on-hover\">\n\t\t\t\t\t\t\t\t\t\t\t\t\t\t\t\t\t<\/div>\n\t\t\t\t\t\t\t\t\t\t\t\t\t\t\t\t\t<div class=\"image-tools grid-tools text-center hide-for-small bottom hover-slide-in show-on-hover\">\n\t\t\t\t\t\t\t\t\t\t\t\t\t\t\t\t\t\t\t<\/div>\n\t\t\t\t\t\t\t\t\t\t\t\t\t\t\t\t\t\t\t\t\t\t\t<\/div>\n\n\t\t\t\t\t\t\t<div class=\"box-text text-center\" >\n\t\t\t\t\t\t\t\t<div class=\"title-wrapper\">\t\t<p class=\"category uppercase is-smaller no-text-overflow product-cat op-7\">\n\t\t\tLa Montina\t\t<\/p>\n\t<p class=\"name product-title woocommerce-loop-product__title\"><a href=\"https:\/\/schaumweinkontor.com\/en\/produkt\/la-montina-franciacorta-docg-saten-15-l-magnum\/\" class=\"woocommerce-LoopProduct-link woocommerce-loop-product__link\">La Montina Franciacorta DOCG Sat\u00e8n 1,5 L Magnum<\/a><\/p><\/div><div class=\"price-wrapper\">\n\t<span class=\"price\"><del aria-hidden=\"true\"><span class=\"woocommerce-Price-amount amount\" role=\"none\"><bdi><span class=\"woocommerce-Price-currencySymbol\">&euro;<\/span>&nbsp;61,50<\/bdi><\/span><\/del> <span class=\"screen-reader-text\">Original price was: &euro;&nbsp;61,50.<\/span><ins aria-hidden=\"true\"><span class=\"woocommerce-Price-amount amount\" role=\"none\"><bdi><span class=\"woocommerce-Price-currencySymbol\">&euro;<\/span>&nbsp;49,00<\/bdi><\/span><\/ins><span class=\"screen-reader-text\">Current price is: &euro;&nbsp;49,00.<\/span> <small class=\"woocommerce-price-suffix\">inkl. MwSt.<\/small><\/span>\n<\/div><div class=\"add-to-cart-button\"><a href=\"\/en\/wp-json\/wp\/v2\/pages\/4628?add-to-cart=4740\" aria-describedby=\"woocommerce_loop_add_to_cart_link_describedby_4740\" data-quantity=\"1\" class=\"primary is-small mb-0 button product_type_simple add_to_cart_button ajax_add_to_cart is-outline\" data-product_id=\"4740\" data-product_sku=\"100300114\" aria-label=\"Add to cart: &ldquo;La Montina Franciacorta DOCG Sat\u00e8n 1,5 L Magnum&rdquo;\" rel=\"nofollow\" data-success_message=\"&ldquo;La Montina Franciacorta DOCG Sat\u00e8n 1,5 L Magnum&rdquo; has been added to your cart\" role=\"button\">Add to cart<\/a><\/div>\t<span id=\"woocommerce_loop_add_to_cart_link_describedby_4740\" class=\"screen-reader-text\">\n\t\t\t<\/span>\n\t\t\t\t\t\t\t<\/div>\n\t\t\t\t\t\t<\/div>\n\t\t\t\t\t\t<\/div>\n\t\t\t\t\t<\/div><div class=\"col\" data-animate=\"fadeInUp\">\n\t\t\t\t\t\t<div class=\"col-inner\">\n\t\t\t\t\t\t\n<div class=\"badge-container badge-custom absolute right top z-1\">\n<div class=\"callout badge badge-circle\"><div class=\"badge-inner secondary on-sale\"><span class=\"onsale\">Sale!<\/span><\/div><\/div>\n<\/div>\n\t\t\t\t\t\t<div class=\"product-small box margin-auto has-hover box-vertical box-text-bottom\">\n\t\t\t\t\t\t\t<div class=\"box-image\" >\n\t\t\t\t\t\t\t\t<div class=\"\" >\n\t\t\t\t\t\t\t\t\t<a href=\"https:\/\/schaumweinkontor.com\/en\/produkt\/la-montina-docg-riserva-quor-nature-2016-075-l\/\" aria-label=\"La Montina DOCG Riserva Quor Nature 2016 0,75 L\">\n\t\t\t\t\t\t\t\t\t\t<img loading=\"lazy\" decoding=\"async\" width=\"300\" height=\"300\" src=\"https:\/\/schaumweinkontor.com\/wp-content\/uploads\/2023\/03\/La-Montina-Riserva-Baiana-075-1000x1000px-300x300.png\" class=\"attachment-medium size-medium\" alt=\"La Montina DOCG Riserva Quor nature 2016\" srcset=\"https:\/\/schaumweinkontor.com\/wp-content\/uploads\/2023\/03\/La-Montina-Riserva-Baiana-075-1000x1000px-300x300.png 300w, https:\/\/schaumweinkontor.com\/wp-content\/uploads\/2023\/03\/La-Montina-Riserva-Baiana-075-1000x1000px-100x100.png 100w, https:\/\/schaumweinkontor.com\/wp-content\/uploads\/2023\/03\/La-Montina-Riserva-Baiana-075-1000x1000px-510x510.png 510w, https:\/\/schaumweinkontor.com\/wp-content\/uploads\/2023\/03\/La-Montina-Riserva-Baiana-075-1000x1000px-150x150.png 150w, https:\/\/schaumweinkontor.com\/wp-content\/uploads\/2023\/03\/La-Montina-Riserva-Baiana-075-1000x1000px-768x768.png 768w, https:\/\/schaumweinkontor.com\/wp-content\/uploads\/2023\/03\/La-Montina-Riserva-Baiana-075-1000x1000px.png 1001w\" sizes=\"auto, (max-width: 300px) 100vw, 300px\" \/>\t\t\t\t\t\t\t\t\t<\/a>\n\t\t\t\t\t\t\t\t\t\t\t\t\t\t\t\t\t\t \t\t\t\t\t\t\t\t<\/div>\n\t\t\t\t\t\t\t\t<div class=\"image-tools top right show-on-hover\">\n\t\t\t\t\t\t\t\t\t\t\t\t\t\t\t\t\t<\/div>\n\t\t\t\t\t\t\t\t\t\t\t\t\t\t\t\t\t<div class=\"image-tools grid-tools text-center hide-for-small bottom hover-slide-in show-on-hover\">\n\t\t\t\t\t\t\t\t\t\t\t\t\t\t\t\t\t\t\t<\/div>\n\t\t\t\t\t\t\t\t\t\t\t\t\t\t\t\t\t\t\t\t\t\t\t<\/div>\n\n\t\t\t\t\t\t\t<div class=\"box-text text-center\" >\n\t\t\t\t\t\t\t\t<div class=\"title-wrapper\">\t\t<p class=\"category uppercase is-smaller no-text-overflow product-cat op-7\">\n\t\t\tFranciacorta\t\t<\/p>\n\t<p class=\"name product-title woocommerce-loop-product__title\"><a href=\"https:\/\/schaumweinkontor.com\/en\/produkt\/la-montina-docg-riserva-quor-nature-2016-075-l\/\" class=\"woocommerce-LoopProduct-link woocommerce-loop-product__link\">La Montina DOCG Riserva Quor Nature 2016 0,75 L<\/a><\/p><\/div><div class=\"price-wrapper\">\n\t<span class=\"price\"><del aria-hidden=\"true\"><span class=\"woocommerce-Price-amount amount\" role=\"none\"><bdi><span class=\"woocommerce-Price-currencySymbol\">&euro;<\/span>&nbsp;73,00<\/bdi><\/span><\/del> <span class=\"screen-reader-text\">Original price was: &euro;&nbsp;73,00.<\/span><ins aria-hidden=\"true\"><span class=\"woocommerce-Price-amount amount\" role=\"none\"><bdi><span class=\"woocommerce-Price-currencySymbol\">&euro;<\/span>&nbsp;54,00<\/bdi><\/span><\/ins><span class=\"screen-reader-text\">Current price is: &euro;&nbsp;54,00.<\/span> <small class=\"woocommerce-price-suffix\">inkl. MwSt.<\/small><\/span>\n<\/div><div class=\"add-to-cart-button\"><a href=\"\/en\/wp-json\/wp\/v2\/pages\/4628?add-to-cart=4654\" aria-describedby=\"woocommerce_loop_add_to_cart_link_describedby_4654\" data-quantity=\"1\" class=\"primary is-small mb-0 button product_type_simple add_to_cart_button ajax_add_to_cart is-outline\" data-product_id=\"4654\" data-product_sku=\"100300126\" aria-label=\"Add to cart: &ldquo;La Montina DOCG Riserva Quor Nature 2016 0,75 L&rdquo;\" rel=\"nofollow\" data-success_message=\"&ldquo;La Montina DOCG Riserva Quor Nature 2016 0,75 L&rdquo; has been added to your cart\" role=\"button\">Add to cart<\/a><\/div>\t<span id=\"woocommerce_loop_add_to_cart_link_describedby_4654\" class=\"screen-reader-text\">\n\t\t\t<\/span>\n\t\t\t\t\t\t\t<\/div>\n\t\t\t\t\t\t<\/div>\n\t\t\t\t\t\t<\/div>\n\t\t\t\t\t<\/div><div class=\"col\" data-animate=\"fadeInUp\">\n\t\t\t\t\t\t<div class=\"col-inner\">\n\t\t\t\t\t\t\n<div class=\"badge-container badge-custom absolute right top z-1\">\n<div class=\"callout badge badge-circle\"><div class=\"badge-inner secondary on-sale\"><span class=\"onsale\">Sale!<\/span><\/div><\/div>\n<\/div>\n\t\t\t\t\t\t<div class=\"product-small box margin-auto has-hover box-vertical box-text-bottom\">\n\t\t\t\t\t\t\t<div class=\"box-image\" >\n\t\t\t\t\t\t\t\t<div class=\"\" >\n\t\t\t\t\t\t\t\t\t<a href=\"https:\/\/schaumweinkontor.com\/en\/produkt\/la-montina-riserva-baiana-2012-pas-dose-075-l\/\" aria-label=\"La Montina Riserva Baiana 2011 Pas Dose 0,75 L\">\n\t\t\t\t\t\t\t\t\t\t<img loading=\"lazy\" decoding=\"async\" width=\"300\" height=\"300\" src=\"https:\/\/schaumweinkontor.com\/wp-content\/uploads\/2023\/03\/La-Montina-DOCG-Riserva-Baiana-2012-Pas-Dose-075-L_1000x1000px-300x300.png\" class=\"attachment-medium size-medium\" alt=\"La Montina Riserva Baiana 2011 Pas Dose 0,75 L\" srcset=\"https:\/\/schaumweinkontor.com\/wp-content\/uploads\/2023\/03\/La-Montina-DOCG-Riserva-Baiana-2012-Pas-Dose-075-L_1000x1000px-300x300.png 300w, https:\/\/schaumweinkontor.com\/wp-content\/uploads\/2023\/03\/La-Montina-DOCG-Riserva-Baiana-2012-Pas-Dose-075-L_1000x1000px-100x100.png 100w, https:\/\/schaumweinkontor.com\/wp-content\/uploads\/2023\/03\/La-Montina-DOCG-Riserva-Baiana-2012-Pas-Dose-075-L_1000x1000px-510x510.png 510w, https:\/\/schaumweinkontor.com\/wp-content\/uploads\/2023\/03\/La-Montina-DOCG-Riserva-Baiana-2012-Pas-Dose-075-L_1000x1000px-150x150.png 150w, https:\/\/schaumweinkontor.com\/wp-content\/uploads\/2023\/03\/La-Montina-DOCG-Riserva-Baiana-2012-Pas-Dose-075-L_1000x1000px-768x768.png 768w, https:\/\/schaumweinkontor.com\/wp-content\/uploads\/2023\/03\/La-Montina-DOCG-Riserva-Baiana-2012-Pas-Dose-075-L_1000x1000px.png 1000w\" sizes=\"auto, (max-width: 300px) 100vw, 300px\" \/>\t\t\t\t\t\t\t\t\t<\/a>\n\t\t\t\t\t\t\t\t\t\t\t\t\t\t\t\t\t\t \t\t\t\t\t\t\t\t<\/div>\n\t\t\t\t\t\t\t\t<div class=\"image-tools top right show-on-hover\">\n\t\t\t\t\t\t\t\t\t\t\t\t\t\t\t\t\t<\/div>\n\t\t\t\t\t\t\t\t\t\t\t\t\t\t\t\t\t<div class=\"image-tools grid-tools text-center hide-for-small bottom hover-slide-in show-on-hover\">\n\t\t\t\t\t\t\t\t\t\t\t\t\t\t\t\t\t\t\t<\/div>\n\t\t\t\t\t\t\t\t\t\t\t\t\t\t\t\t\t\t\t\t\t\t\t<\/div>\n\n\t\t\t\t\t\t\t<div class=\"box-text text-center\" >\n\t\t\t\t\t\t\t\t<div class=\"title-wrapper\">\t\t<p class=\"category uppercase is-smaller no-text-overflow product-cat op-7\">\n\t\t\tFranciacorta\t\t<\/p>\n\t<p class=\"name product-title woocommerce-loop-product__title\"><a href=\"https:\/\/schaumweinkontor.com\/en\/produkt\/la-montina-riserva-baiana-2012-pas-dose-075-l\/\" class=\"woocommerce-LoopProduct-link woocommerce-loop-product__link\">La Montina Riserva Baiana 2011 Pas Dose 0,75 L<\/a><\/p><\/div><div class=\"price-wrapper\">\n\t<span class=\"price\"><del aria-hidden=\"true\"><span class=\"woocommerce-Price-amount amount\" role=\"none\"><bdi><span class=\"woocommerce-Price-currencySymbol\">&euro;<\/span>&nbsp;92,00<\/bdi><\/span><\/del> <span class=\"screen-reader-text\">Original price was: &euro;&nbsp;92,00.<\/span><ins aria-hidden=\"true\"><span class=\"woocommerce-Price-amount amount\" role=\"none\"><bdi><span class=\"woocommerce-Price-currencySymbol\">&euro;<\/span>&nbsp;65,00<\/bdi><\/span><\/ins><span class=\"screen-reader-text\">Current price is: &euro;&nbsp;65,00.<\/span> <small class=\"woocommerce-price-suffix\">inkl. MwSt.<\/small><\/span>\n<\/div><div class=\"add-to-cart-button\"><a href=\"\/en\/wp-json\/wp\/v2\/pages\/4628?add-to-cart=4714\" aria-describedby=\"woocommerce_loop_add_to_cart_link_describedby_4714\" data-quantity=\"1\" class=\"primary is-small mb-0 button product_type_simple add_to_cart_button ajax_add_to_cart is-outline\" data-product_id=\"4714\" data-product_sku=\"100300127\" aria-label=\"Add to cart: &ldquo;La Montina Riserva Baiana 2011 Pas Dose 0,75 L&rdquo;\" rel=\"nofollow\" data-success_message=\"&ldquo;La Montina Riserva Baiana 2011 Pas Dose 0,75 L&rdquo; has been added to your cart\" role=\"button\">Add to cart<\/a><\/div>\t<span id=\"woocommerce_loop_add_to_cart_link_describedby_4714\" class=\"screen-reader-text\">\n\t\t\t<\/span>\n\t\t\t\t\t\t\t<\/div>\n\t\t\t\t\t\t<\/div>\n\t\t\t\t\t\t<\/div>\n\t\t\t\t\t<\/div><div class=\"col\" data-animate=\"fadeInUp\">\n\t\t\t\t\t\t<div class=\"col-inner\">\n\t\t\t\t\t\t\n<div class=\"badge-container badge-custom absolute right top z-1\">\n<div class=\"callout badge badge-circle\"><div class=\"badge-inner secondary on-sale\"><span class=\"onsale\">Sale!<\/span><\/div><\/div>\n<\/div>\n\t\t\t\t\t\t<div class=\"product-small box margin-auto has-hover box-vertical box-text-bottom\">\n\t\t\t\t\t\t\t<div class=\"box-image\" >\n\t\t\t\t\t\t\t\t<div class=\"\" >\n\t\t\t\t\t\t\t\t\t<a href=\"https:\/\/schaumweinkontor.com\/en\/produkt\/la-montina-franciacorta-docg-brut-3-l-jeroboam-in-hk\/\" aria-label=\"La Montina Franciacorta DOCG Brut 3 L Jeroboam in HK\">\n\t\t\t\t\t\t\t\t\t\t<img loading=\"lazy\" decoding=\"async\" width=\"300\" height=\"300\" src=\"https:\/\/schaumweinkontor.com\/wp-content\/uploads\/2022\/06\/Franciacorta-Jeroboam-Franciacorta-La-montina-300x300.jpg\" class=\"attachment-medium size-medium\" alt=\"La Montina Franciacorta DOCG Brut 3 L Jeroboam in HK\" srcset=\"https:\/\/schaumweinkontor.com\/wp-content\/uploads\/2022\/06\/Franciacorta-Jeroboam-Franciacorta-La-montina-300x300.jpg 300w, https:\/\/schaumweinkontor.com\/wp-content\/uploads\/2022\/06\/Franciacorta-Jeroboam-Franciacorta-La-montina-100x100.jpg 100w, https:\/\/schaumweinkontor.com\/wp-content\/uploads\/2022\/06\/Franciacorta-Jeroboam-Franciacorta-La-montina-510x510.jpg 510w, https:\/\/schaumweinkontor.com\/wp-content\/uploads\/2022\/06\/Franciacorta-Jeroboam-Franciacorta-La-montina-150x150.jpg 150w, https:\/\/schaumweinkontor.com\/wp-content\/uploads\/2022\/06\/Franciacorta-Jeroboam-Franciacorta-La-montina-768x768.jpg 768w, https:\/\/schaumweinkontor.com\/wp-content\/uploads\/2022\/06\/Franciacorta-Jeroboam-Franciacorta-La-montina.jpg 800w\" sizes=\"auto, (max-width: 300px) 100vw, 300px\" \/>\t\t\t\t\t\t\t\t\t<\/a>\n\t\t\t\t\t\t\t\t\t\t\t\t\t\t\t\t\t\t \t\t\t\t\t\t\t\t<\/div>\n\t\t\t\t\t\t\t\t<div class=\"image-tools top right show-on-hover\">\n\t\t\t\t\t\t\t\t\t\t\t\t\t\t\t\t\t<\/div>\n\t\t\t\t\t\t\t\t\t\t\t\t\t\t\t\t\t<div class=\"image-tools grid-tools text-center hide-for-small bottom hover-slide-in show-on-hover\">\n\t\t\t\t\t\t\t\t\t\t\t\t\t\t\t\t\t\t\t<\/div>\n\t\t\t\t\t\t\t\t\t\t\t\t\t\t\t\t\t\t\t\t\t\t\t<\/div>\n\n\t\t\t\t\t\t\t<div class=\"box-text text-center\" >\n\t\t\t\t\t\t\t\t<div class=\"title-wrapper\">\t\t<p class=\"category uppercase is-smaller no-text-overflow product-cat op-7\">\n\t\t\tLa Montina\t\t<\/p>\n\t<p class=\"name product-title woocommerce-loop-product__title\"><a href=\"https:\/\/schaumweinkontor.com\/en\/produkt\/la-montina-franciacorta-docg-brut-3-l-jeroboam-in-hk\/\" class=\"woocommerce-LoopProduct-link woocommerce-loop-product__link\">La Montina Franciacorta DOCG Brut 3 L Jeroboam in HK<\/a><\/p><\/div><div class=\"price-wrapper\">\n\t<span class=\"price\"><del aria-hidden=\"true\"><span class=\"woocommerce-Price-amount amount\" role=\"none\"><bdi><span class=\"woocommerce-Price-currencySymbol\">&euro;<\/span>&nbsp;194,00<\/bdi><\/span><\/del> <span class=\"screen-reader-text\">Original price was: &euro;&nbsp;194,00.<\/span><ins aria-hidden=\"true\"><span class=\"woocommerce-Price-amount amount\" role=\"none\"><bdi><span class=\"woocommerce-Price-currencySymbol\">&euro;<\/span>&nbsp;145,00<\/bdi><\/span><\/ins><span class=\"screen-reader-text\">Current price is: &euro;&nbsp;145,00.<\/span> <small class=\"woocommerce-price-suffix\">inkl. MwSt.<\/small><\/span>\n<\/div><div class=\"add-to-cart-button\"><a href=\"\/en\/wp-json\/wp\/v2\/pages\/4628?add-to-cart=4742\" aria-describedby=\"woocommerce_loop_add_to_cart_link_describedby_4742\" data-quantity=\"1\" class=\"primary is-small mb-0 button product_type_simple add_to_cart_button ajax_add_to_cart is-outline\" data-product_id=\"4742\" data-product_sku=\"100300112\" aria-label=\"Add to cart: &ldquo;La Montina Franciacorta DOCG Brut 3 L Jeroboam in HK&rdquo;\" rel=\"nofollow\" data-success_message=\"&ldquo;La Montina Franciacorta DOCG Brut 3 L Jeroboam in HK&rdquo; has been added to your cart\" role=\"button\">Add to cart<\/a><\/div>\t<span id=\"woocommerce_loop_add_to_cart_link_describedby_4742\" class=\"screen-reader-text\">\n\t\t\t<\/span>\n\t\t\t\t\t\t\t<\/div>\n\t\t\t\t\t\t<\/div>\n\t\t\t\t\t\t<\/div>\n\t\t\t\t\t<\/div><div class=\"col\" data-animate=\"fadeInUp\">\n\t\t\t\t\t\t<div class=\"col-inner\">\n\t\t\t\t\t\t\n<div class=\"badge-container badge-custom absolute right top z-1\">\n<div class=\"callout badge badge-circle\"><div class=\"badge-inner secondary on-sale\"><span class=\"onsale\">Sale!<\/span><\/div><\/div>\n<\/div>\n\t\t\t\t\t\t<div class=\"product-small box margin-auto has-hover box-vertical box-text-bottom\">\n\t\t\t\t\t\t\t<div class=\"box-image\" >\n\t\t\t\t\t\t\t\t<div class=\"\" >\n\t\t\t\t\t\t\t\t\t<a href=\"https:\/\/schaumweinkontor.com\/en\/produkt\/la-montina-franciacorta-docg-brut-6-l-methusalem-in-hk\/\" aria-label=\"La Montina Franciacorta DOCG Brut 6 L Methusalem in HK\">\n\t\t\t\t\t\t\t\t\t\t<img loading=\"lazy\" decoding=\"async\" width=\"300\" height=\"300\" src=\"https:\/\/schaumweinkontor.com\/wp-content\/uploads\/2022\/06\/Franciacorta-Jeroboam-Franciacorta-La-montina-300x300.jpg\" class=\"attachment-medium size-medium\" alt=\"La Montina Franciacorta DOCG Brut 6 L Methusalem in HK\" srcset=\"https:\/\/schaumweinkontor.com\/wp-content\/uploads\/2022\/06\/Franciacorta-Jeroboam-Franciacorta-La-montina-300x300.jpg 300w, https:\/\/schaumweinkontor.com\/wp-content\/uploads\/2022\/06\/Franciacorta-Jeroboam-Franciacorta-La-montina-100x100.jpg 100w, https:\/\/schaumweinkontor.com\/wp-content\/uploads\/2022\/06\/Franciacorta-Jeroboam-Franciacorta-La-montina-510x510.jpg 510w, https:\/\/schaumweinkontor.com\/wp-content\/uploads\/2022\/06\/Franciacorta-Jeroboam-Franciacorta-La-montina-150x150.jpg 150w, https:\/\/schaumweinkontor.com\/wp-content\/uploads\/2022\/06\/Franciacorta-Jeroboam-Franciacorta-La-montina-768x768.jpg 768w, https:\/\/schaumweinkontor.com\/wp-content\/uploads\/2022\/06\/Franciacorta-Jeroboam-Franciacorta-La-montina.jpg 800w\" sizes=\"auto, (max-width: 300px) 100vw, 300px\" \/>\t\t\t\t\t\t\t\t\t<\/a>\n\t\t\t\t\t\t\t\t\t\t\t\t\t\t\t\t\t\t \t\t\t\t\t\t\t\t<\/div>\n\t\t\t\t\t\t\t\t<div class=\"image-tools top right show-on-hover\">\n\t\t\t\t\t\t\t\t\t\t\t\t\t\t\t\t\t<\/div>\n\t\t\t\t\t\t\t\t\t\t\t\t\t\t\t\t\t<div class=\"image-tools grid-tools text-center hide-for-small bottom hover-slide-in show-on-hover\">\n\t\t\t\t\t\t\t\t\t\t\t\t\t\t\t\t\t\t\t<\/div>\n\t\t\t\t\t\t\t\t\t\t\t\t\t\t\t\t\t\t\t\t\t\t\t<\/div>\n\n\t\t\t\t\t\t\t<div class=\"box-text text-center\" >\n\t\t\t\t\t\t\t\t<div class=\"title-wrapper\">\t\t<p class=\"category uppercase is-smaller no-text-overflow product-cat op-7\">\n\t\t\tLa Montina\t\t<\/p>\n\t<p class=\"name product-title woocommerce-loop-product__title\"><a href=\"https:\/\/schaumweinkontor.com\/en\/produkt\/la-montina-franciacorta-docg-brut-6-l-methusalem-in-hk\/\" class=\"woocommerce-LoopProduct-link woocommerce-loop-product__link\">La Montina Franciacorta DOCG Brut 6 L Methusalem in HK<\/a><\/p><\/div><div class=\"price-wrapper\">\n\t<span class=\"price\"><del aria-hidden=\"true\"><span class=\"woocommerce-Price-amount amount\" role=\"none\"><bdi><span class=\"woocommerce-Price-currencySymbol\">&euro;<\/span>&nbsp;387,00<\/bdi><\/span><\/del> <span class=\"screen-reader-text\">Original price was: &euro;&nbsp;387,00.<\/span><ins aria-hidden=\"true\"><span class=\"woocommerce-Price-amount amount\" role=\"none\"><bdi><span class=\"woocommerce-Price-currencySymbol\">&euro;<\/span>&nbsp;310,00<\/bdi><\/span><\/ins><span class=\"screen-reader-text\">Current price is: &euro;&nbsp;310,00.<\/span> <small class=\"woocommerce-price-suffix\">inkl. MwSt.<\/small><\/span>\n<\/div><div class=\"add-to-cart-button\"><a href=\"\/en\/wp-json\/wp\/v2\/pages\/4628?add-to-cart=4741\" aria-describedby=\"woocommerce_loop_add_to_cart_link_describedby_4741\" data-quantity=\"1\" class=\"primary is-small mb-0 button product_type_simple add_to_cart_button ajax_add_to_cart is-outline\" data-product_id=\"4741\" data-product_sku=\"100300113\" aria-label=\"Add to cart: &ldquo;La Montina Franciacorta DOCG Brut 6 L Methusalem in HK&rdquo;\" rel=\"nofollow\" data-success_message=\"&ldquo;La Montina Franciacorta DOCG Brut 6 L Methusalem in HK&rdquo; has been added to your cart\" role=\"button\">Add to cart<\/a><\/div>\t<span id=\"woocommerce_loop_add_to_cart_link_describedby_4741\" class=\"screen-reader-text\">\n\t\t\t<\/span>\n\t\t\t\t\t\t\t<\/div>\n\t\t\t\t\t\t<\/div>\n\t\t\t\t\t\t<\/div>\n\t\t\t\t\t<\/div><\/div>\n\n\n  \n    <div class=\"row margin-auto equalize-box show-for-medium hide-for-small large-columns-3 medium-columns-2 small-columns-1 row-large has-shadow row-box-shadow-2 row-box-shadow-4-hover\" >\n  \t\n\t     <div class=\"col\" data-animate=\"fadeInUp\">\n\t\t\t\t\t\t<div class=\"col-inner\">\n\t\t\t\t\t\t\n<div class=\"badge-container badge-custom absolute right top z-1\">\n\n<\/div>\n\t\t\t\t\t\t<div class=\"product-small box margin-auto has-hover box-normal box-text-bottom\">\n\t\t\t\t\t\t\t<div class=\"box-image\" >\n\t\t\t\t\t\t\t\t<div class=\"\" >\n\t\t\t\t\t\t\t\t\t<a href=\"https:\/\/schaumweinkontor.com\/en\/produkt\/la-montina-franciacorta-docg-brut-075-l\/\" aria-label=\"La Montina Franciacorta DOCG Brut 0,75 L\">\n\t\t\t\t\t\t\t\t\t\t<img loading=\"lazy\" decoding=\"async\" width=\"300\" height=\"300\" src=\"https:\/\/schaumweinkontor.com\/wp-content\/uploads\/2022\/04\/La-Montina-Franciacorta-DOCG-Brut-075-1000x1000-1-300x300.png\" class=\"attachment-medium size-medium\" alt=\"La Montina Franciacorta DOCG Brut 0,75 L\" srcset=\"https:\/\/schaumweinkontor.com\/wp-content\/uploads\/2022\/04\/La-Montina-Franciacorta-DOCG-Brut-075-1000x1000-1-300x300.png 300w, https:\/\/schaumweinkontor.com\/wp-content\/uploads\/2022\/04\/La-Montina-Franciacorta-DOCG-Brut-075-1000x1000-1-100x100.png 100w, https:\/\/schaumweinkontor.com\/wp-content\/uploads\/2022\/04\/La-Montina-Franciacorta-DOCG-Brut-075-1000x1000-1-510x510.png 510w, https:\/\/schaumweinkontor.com\/wp-content\/uploads\/2022\/04\/La-Montina-Franciacorta-DOCG-Brut-075-1000x1000-1-150x150.png 150w, https:\/\/schaumweinkontor.com\/wp-content\/uploads\/2022\/04\/La-Montina-Franciacorta-DOCG-Brut-075-1000x1000-1-768x768.png 768w, https:\/\/schaumweinkontor.com\/wp-content\/uploads\/2022\/04\/La-Montina-Franciacorta-DOCG-Brut-075-1000x1000-1.png 1001w\" sizes=\"auto, (max-width: 300px) 100vw, 300px\" \/>\t\t\t\t\t\t\t\t\t<\/a>\n\t\t\t\t\t\t\t\t\t\t\t\t\t\t\t\t\t\t \t\t\t\t\t\t\t\t<\/div>\n\t\t\t\t\t\t\t\t<div class=\"image-tools top right show-on-hover\">\n\t\t\t\t\t\t\t\t\t\t\t\t\t\t\t\t\t<\/div>\n\t\t\t\t\t\t\t\t\t\t\t\t\t\t\t\t\t<div class=\"image-tools grid-tools text-center hide-for-small bottom hover-slide-in show-on-hover\">\n\t\t\t\t\t\t\t\t\t\t\t\t\t\t\t\t\t\t\t<\/div>\n\t\t\t\t\t\t\t\t\t\t\t\t\t\t\t\t<div class=\"out-of-stock-label\">Out of stock<\/div>\t\t\t\t\t\t\t<\/div>\n\n\t\t\t\t\t\t\t<div class=\"box-text text-center\" >\n\t\t\t\t\t\t\t\t<div class=\"title-wrapper\">\t\t<p class=\"category uppercase is-smaller no-text-overflow product-cat op-7\">\n\t\t\tLa Montina\t\t<\/p>\n\t<p class=\"name product-title woocommerce-loop-product__title\"><a href=\"https:\/\/schaumweinkontor.com\/en\/produkt\/la-montina-franciacorta-docg-brut-075-l\/\" class=\"woocommerce-LoopProduct-link woocommerce-loop-product__link\">La Montina Franciacorta DOCG Brut 0,75 L<\/a><\/p><\/div><div class=\"price-wrapper\">\n<\/div><div class=\"add-to-cart-button\"><a href=\"https:\/\/schaumweinkontor.com\/en\/produkt\/la-montina-franciacorta-docg-brut-075-l\/\" aria-describedby=\"woocommerce_loop_add_to_cart_link_describedby_4807\" data-quantity=\"1\" class=\"primary is-small mb-0 button product_type_simple is-outline\" data-product_id=\"4807\" data-product_sku=\"100300106\" aria-label=\"Read more about &ldquo;La Montina Franciacorta DOCG Brut 0,75 L&rdquo;\" rel=\"nofollow\" data-success_message=\"\">Read more<\/a><\/div>\t<span id=\"woocommerce_loop_add_to_cart_link_describedby_4807\" class=\"screen-reader-text\">\n\t\t\t<\/span>\n\t\t\t\t\t\t\t<\/div>\n\t\t\t\t\t\t<\/div>\n\t\t\t\t\t\t<\/div>\n\t\t\t\t\t<\/div><div class=\"col\" data-animate=\"fadeInUp\">\n\t\t\t\t\t\t<div class=\"col-inner\">\n\t\t\t\t\t\t\n<div class=\"badge-container badge-custom absolute right top z-1\">\n<div class=\"callout badge badge-circle\"><div class=\"badge-inner secondary on-sale\"><span class=\"onsale\">Sale!<\/span><\/div><\/div>\n<\/div>\n\t\t\t\t\t\t<div class=\"product-small box margin-auto has-hover box-normal box-text-bottom\">\n\t\t\t\t\t\t\t<div class=\"box-image\" >\n\t\t\t\t\t\t\t\t<div class=\"\" >\n\t\t\t\t\t\t\t\t\t<a href=\"https:\/\/schaumweinkontor.com\/en\/produkt\/la-montina-franciacorta-docg-saten-075-l\/\" aria-label=\"La Montina Franciacorta DOCG Sat\u00e9n 0,75 L\">\n\t\t\t\t\t\t\t\t\t\t<img loading=\"lazy\" decoding=\"async\" width=\"300\" height=\"300\" src=\"https:\/\/schaumweinkontor.com\/wp-content\/uploads\/2022\/04\/La-Montina-Franciacorta-DOCG-Sate-075-1000x1000-1-300x300.png\" class=\"attachment-medium size-medium\" alt=\"La Montina Franciacorta DOCG Sat\u00e9n 0,75 L\" srcset=\"https:\/\/schaumweinkontor.com\/wp-content\/uploads\/2022\/04\/La-Montina-Franciacorta-DOCG-Sate-075-1000x1000-1-300x300.png 300w, https:\/\/schaumweinkontor.com\/wp-content\/uploads\/2022\/04\/La-Montina-Franciacorta-DOCG-Sate-075-1000x1000-1-100x100.png 100w, https:\/\/schaumweinkontor.com\/wp-content\/uploads\/2022\/04\/La-Montina-Franciacorta-DOCG-Sate-075-1000x1000-1-510x510.png 510w, https:\/\/schaumweinkontor.com\/wp-content\/uploads\/2022\/04\/La-Montina-Franciacorta-DOCG-Sate-075-1000x1000-1-150x150.png 150w, https:\/\/schaumweinkontor.com\/wp-content\/uploads\/2022\/04\/La-Montina-Franciacorta-DOCG-Sate-075-1000x1000-1-768x768.png 768w, https:\/\/schaumweinkontor.com\/wp-content\/uploads\/2022\/04\/La-Montina-Franciacorta-DOCG-Sate-075-1000x1000-1.png 1001w\" sizes=\"auto, (max-width: 300px) 100vw, 300px\" \/>\t\t\t\t\t\t\t\t\t<\/a>\n\t\t\t\t\t\t\t\t\t\t\t\t\t\t\t\t\t\t \t\t\t\t\t\t\t\t<\/div>\n\t\t\t\t\t\t\t\t<div class=\"image-tools top right show-on-hover\">\n\t\t\t\t\t\t\t\t\t\t\t\t\t\t\t\t\t<\/div>\n\t\t\t\t\t\t\t\t\t\t\t\t\t\t\t\t\t<div class=\"image-tools grid-tools text-center hide-for-small bottom hover-slide-in show-on-hover\">\n\t\t\t\t\t\t\t\t\t\t\t\t\t\t\t\t\t\t\t<\/div>\n\t\t\t\t\t\t\t\t\t\t\t\t\t\t\t\t\t\t\t\t\t\t\t<\/div>\n\n\t\t\t\t\t\t\t<div class=\"box-text text-center\" >\n\t\t\t\t\t\t\t\t<div class=\"title-wrapper\">\t\t<p class=\"category uppercase is-smaller no-text-overflow product-cat op-7\">\n\t\t\tLa Montina\t\t<\/p>\n\t<p class=\"name product-title woocommerce-loop-product__title\"><a href=\"https:\/\/schaumweinkontor.com\/en\/produkt\/la-montina-franciacorta-docg-saten-075-l\/\" class=\"woocommerce-LoopProduct-link woocommerce-loop-product__link\">La Montina Franciacorta DOCG Sat\u00e9n 0,75 L<\/a><\/p><\/div><div class=\"price-wrapper\">\n\t<span class=\"price\"><del aria-hidden=\"true\"><span class=\"woocommerce-Price-amount amount\" role=\"none\"><bdi><span class=\"woocommerce-Price-currencySymbol\">&euro;<\/span>&nbsp;27,60<\/bdi><\/span><\/del> <span class=\"screen-reader-text\">Original price was: &euro;&nbsp;27,60.<\/span><ins aria-hidden=\"true\"><span class=\"woocommerce-Price-amount amount\" role=\"none\"><bdi><span class=\"woocommerce-Price-currencySymbol\">&euro;<\/span>&nbsp;21,00<\/bdi><\/span><\/ins><span class=\"screen-reader-text\">Current price is: &euro;&nbsp;21,00.<\/span> <small class=\"woocommerce-price-suffix\">inkl. MwSt.<\/small><\/span>\n<\/div><div class=\"add-to-cart-button\"><a href=\"\/en\/wp-json\/wp\/v2\/pages\/4628?add-to-cart=4804\" aria-describedby=\"woocommerce_loop_add_to_cart_link_describedby_4804\" data-quantity=\"1\" class=\"primary is-small mb-0 button product_type_simple add_to_cart_button ajax_add_to_cart is-outline\" data-product_id=\"4804\" data-product_sku=\"100300108\" aria-label=\"Add to cart: &ldquo;La Montina Franciacorta DOCG Sat\u00e9n 0,75 L&rdquo;\" rel=\"nofollow\" data-success_message=\"&ldquo;La Montina Franciacorta DOCG Sat\u00e9n 0,75 L&rdquo; has been added to your cart\" role=\"button\">Add to cart<\/a><\/div>\t<span id=\"woocommerce_loop_add_to_cart_link_describedby_4804\" class=\"screen-reader-text\">\n\t\t\t<\/span>\n\t\t\t\t\t\t\t<\/div>\n\t\t\t\t\t\t<\/div>\n\t\t\t\t\t\t<\/div>\n\t\t\t\t\t<\/div><div class=\"col\" data-animate=\"fadeInUp\">\n\t\t\t\t\t\t<div class=\"col-inner\">\n\t\t\t\t\t\t\n<div class=\"badge-container badge-custom absolute right top z-1\">\n<div class=\"callout badge badge-circle\"><div class=\"badge-inner secondary on-sale\"><span class=\"onsale\">Sale!<\/span><\/div><\/div>\n<\/div>\n\t\t\t\t\t\t<div class=\"product-small box margin-auto has-hover box-normal box-text-bottom\">\n\t\t\t\t\t\t\t<div class=\"box-image\" >\n\t\t\t\t\t\t\t\t<div class=\"\" >\n\t\t\t\t\t\t\t\t\t<a href=\"https:\/\/schaumweinkontor.com\/en\/produkt\/la-montina-franciacorta-docg-rose-extra-brut-075-l\/\" aria-label=\"La Montina Franciacorta DOCG Ros\u00e9 Extra Brut 0,75 L\">\n\t\t\t\t\t\t\t\t\t\t<img loading=\"lazy\" decoding=\"async\" width=\"300\" height=\"300\" src=\"https:\/\/schaumweinkontor.com\/wp-content\/uploads\/2022\/04\/La-Montina-Franciacorta-DOCG-Rose-Extra-Brut-075-1000x1000-1-300x300.png\" class=\"attachment-medium size-medium\" alt=\"La Montina Franciacorta DOCG Ros\u00e9 Extra Brut 0,75 L\" srcset=\"https:\/\/schaumweinkontor.com\/wp-content\/uploads\/2022\/04\/La-Montina-Franciacorta-DOCG-Rose-Extra-Brut-075-1000x1000-1-300x300.png 300w, https:\/\/schaumweinkontor.com\/wp-content\/uploads\/2022\/04\/La-Montina-Franciacorta-DOCG-Rose-Extra-Brut-075-1000x1000-1-100x100.png 100w, https:\/\/schaumweinkontor.com\/wp-content\/uploads\/2022\/04\/La-Montina-Franciacorta-DOCG-Rose-Extra-Brut-075-1000x1000-1-510x510.png 510w, https:\/\/schaumweinkontor.com\/wp-content\/uploads\/2022\/04\/La-Montina-Franciacorta-DOCG-Rose-Extra-Brut-075-1000x1000-1-150x150.png 150w, https:\/\/schaumweinkontor.com\/wp-content\/uploads\/2022\/04\/La-Montina-Franciacorta-DOCG-Rose-Extra-Brut-075-1000x1000-1-768x768.png 768w, https:\/\/schaumweinkontor.com\/wp-content\/uploads\/2022\/04\/La-Montina-Franciacorta-DOCG-Rose-Extra-Brut-075-1000x1000-1.png 1001w\" sizes=\"auto, (max-width: 300px) 100vw, 300px\" \/>\t\t\t\t\t\t\t\t\t<\/a>\n\t\t\t\t\t\t\t\t\t\t\t\t\t\t\t\t\t\t \t\t\t\t\t\t\t\t<\/div>\n\t\t\t\t\t\t\t\t<div class=\"image-tools top right show-on-hover\">\n\t\t\t\t\t\t\t\t\t\t\t\t\t\t\t\t\t<\/div>\n\t\t\t\t\t\t\t\t\t\t\t\t\t\t\t\t\t<div class=\"image-tools grid-tools text-center hide-for-small bottom hover-slide-in show-on-hover\">\n\t\t\t\t\t\t\t\t\t\t\t\t\t\t\t\t\t\t\t<\/div>\n\t\t\t\t\t\t\t\t\t\t\t\t\t\t\t\t\t\t\t\t\t\t\t<\/div>\n\n\t\t\t\t\t\t\t<div class=\"box-text text-center\" >\n\t\t\t\t\t\t\t\t<div class=\"title-wrapper\">\t\t<p class=\"category uppercase is-smaller no-text-overflow product-cat op-7\">\n\t\t\tLa Montina\t\t<\/p>\n\t<p class=\"name product-title woocommerce-loop-product__title\"><a href=\"https:\/\/schaumweinkontor.com\/en\/produkt\/la-montina-franciacorta-docg-rose-extra-brut-075-l\/\" class=\"woocommerce-LoopProduct-link woocommerce-loop-product__link\">La Montina Franciacorta DOCG Ros\u00e9 Extra Brut 0,75 L<\/a><\/p><\/div><div class=\"price-wrapper\">\n\t<span class=\"price\"><del aria-hidden=\"true\"><span class=\"woocommerce-Price-amount amount\" role=\"none\"><bdi><span class=\"woocommerce-Price-currencySymbol\">&euro;<\/span>&nbsp;28,60<\/bdi><\/span><\/del> <span class=\"screen-reader-text\">Original price was: &euro;&nbsp;28,60.<\/span><ins aria-hidden=\"true\"><span class=\"woocommerce-Price-amount amount\" role=\"none\"><bdi><span class=\"woocommerce-Price-currencySymbol\">&euro;<\/span>&nbsp;21,00<\/bdi><\/span><\/ins><span class=\"screen-reader-text\">Current price is: &euro;&nbsp;21,00.<\/span> <small class=\"woocommerce-price-suffix\">inkl. MwSt.<\/small><\/span>\n<\/div><div class=\"add-to-cart-button\"><a href=\"\/en\/wp-json\/wp\/v2\/pages\/4628?add-to-cart=4805\" aria-describedby=\"woocommerce_loop_add_to_cart_link_describedby_4805\" data-quantity=\"1\" class=\"primary is-small mb-0 button product_type_simple add_to_cart_button ajax_add_to_cart is-outline\" data-product_id=\"4805\" data-product_sku=\"100300110\" aria-label=\"Add to cart: &ldquo;La Montina Franciacorta DOCG Ros\u00e9 Extra Brut 0,75 L&rdquo;\" rel=\"nofollow\" data-success_message=\"&ldquo;La Montina Franciacorta DOCG Ros\u00e9 Extra Brut 0,75 L&rdquo; has been added to your cart\" role=\"button\">Add to cart<\/a><\/div>\t<span id=\"woocommerce_loop_add_to_cart_link_describedby_4805\" class=\"screen-reader-text\">\n\t\t\t<\/span>\n\t\t\t\t\t\t\t<\/div>\n\t\t\t\t\t\t<\/div>\n\t\t\t\t\t\t<\/div>\n\t\t\t\t\t<\/div><div class=\"col\" data-animate=\"fadeInUp\">\n\t\t\t\t\t\t<div class=\"col-inner\">\n\t\t\t\t\t\t\n<div class=\"badge-container badge-custom absolute right top z-1\">\n<div class=\"callout badge badge-circle\"><div class=\"badge-inner secondary on-sale\"><span class=\"onsale\">Sale!<\/span><\/div><\/div>\n<\/div>\n\t\t\t\t\t\t<div class=\"product-small box margin-auto has-hover box-normal box-text-bottom\">\n\t\t\t\t\t\t\t<div class=\"box-image\" >\n\t\t\t\t\t\t\t\t<div class=\"\" >\n\t\t\t\t\t\t\t\t\t<a href=\"https:\/\/schaumweinkontor.com\/en\/produkt\/la-montina-franciacorta-docg-brut-15-l-magnum\/\" aria-label=\"La Montina Franciacorta DOCG Brut 1,5 L Magnum\">\n\t\t\t\t\t\t\t\t\t\t<img loading=\"lazy\" decoding=\"async\" width=\"300\" height=\"300\" src=\"https:\/\/schaumweinkontor.com\/wp-content\/uploads\/2022\/06\/Franciacorta-Brut-La-Montina-800x800-px-1-300x300.jpg\" class=\"attachment-medium size-medium\" alt=\"La Montina Franciacorta DOCG Brut 1,5 L Magnum\" srcset=\"https:\/\/schaumweinkontor.com\/wp-content\/uploads\/2022\/06\/Franciacorta-Brut-La-Montina-800x800-px-1-300x300.jpg 300w, https:\/\/schaumweinkontor.com\/wp-content\/uploads\/2022\/06\/Franciacorta-Brut-La-Montina-800x800-px-1-150x150.jpg 150w, https:\/\/schaumweinkontor.com\/wp-content\/uploads\/2022\/06\/Franciacorta-Brut-La-Montina-800x800-px-1-768x768.jpg 768w, https:\/\/schaumweinkontor.com\/wp-content\/uploads\/2022\/06\/Franciacorta-Brut-La-Montina-800x800-px-1-510x510.jpg 510w, https:\/\/schaumweinkontor.com\/wp-content\/uploads\/2022\/06\/Franciacorta-Brut-La-Montina-800x800-px-1-100x100.jpg 100w, https:\/\/schaumweinkontor.com\/wp-content\/uploads\/2022\/06\/Franciacorta-Brut-La-Montina-800x800-px-1.jpg 800w\" sizes=\"auto, (max-width: 300px) 100vw, 300px\" \/>\t\t\t\t\t\t\t\t\t<\/a>\n\t\t\t\t\t\t\t\t\t\t\t\t\t\t\t\t\t\t \t\t\t\t\t\t\t\t<\/div>\n\t\t\t\t\t\t\t\t<div class=\"image-tools top right show-on-hover\">\n\t\t\t\t\t\t\t\t\t\t\t\t\t\t\t\t\t<\/div>\n\t\t\t\t\t\t\t\t\t\t\t\t\t\t\t\t\t<div class=\"image-tools grid-tools text-center hide-for-small bottom hover-slide-in show-on-hover\">\n\t\t\t\t\t\t\t\t\t\t\t\t\t\t\t\t\t\t\t<\/div>\n\t\t\t\t\t\t\t\t\t\t\t\t\t\t\t\t\t\t\t\t\t\t\t<\/div>\n\n\t\t\t\t\t\t\t<div class=\"box-text text-center\" >\n\t\t\t\t\t\t\t\t<div class=\"title-wrapper\">\t\t<p class=\"category uppercase is-smaller no-text-overflow product-cat op-7\">\n\t\t\tLa Montina\t\t<\/p>\n\t<p class=\"name product-title woocommerce-loop-product__title\"><a href=\"https:\/\/schaumweinkontor.com\/en\/produkt\/la-montina-franciacorta-docg-brut-15-l-magnum\/\" class=\"woocommerce-LoopProduct-link woocommerce-loop-product__link\">La Montina Franciacorta DOCG Brut 1,5 L Magnum<\/a><\/p><\/div><div class=\"price-wrapper\">\n\t<span class=\"price\"><del aria-hidden=\"true\"><span class=\"woocommerce-Price-amount amount\" role=\"none\"><bdi><span class=\"woocommerce-Price-currencySymbol\">&euro;<\/span>&nbsp;54,00<\/bdi><\/span><\/del> <span class=\"screen-reader-text\">Original price was: &euro;&nbsp;54,00.<\/span><ins aria-hidden=\"true\"><span class=\"woocommerce-Price-amount amount\" role=\"none\"><bdi><span class=\"woocommerce-Price-currencySymbol\">&euro;<\/span>&nbsp;36,00<\/bdi><\/span><\/ins><span class=\"screen-reader-text\">Current price is: &euro;&nbsp;36,00.<\/span> <small class=\"woocommerce-price-suffix\">inkl. MwSt.<\/small><\/span>\n<\/div><div class=\"add-to-cart-button\"><a href=\"\/en\/wp-json\/wp\/v2\/pages\/4628?add-to-cart=4743\" aria-describedby=\"woocommerce_loop_add_to_cart_link_describedby_4743\" data-quantity=\"1\" class=\"primary is-small mb-0 button product_type_simple add_to_cart_button ajax_add_to_cart is-outline\" data-product_id=\"4743\" data-product_sku=\"100300111\" aria-label=\"Add to cart: &ldquo;La Montina Franciacorta DOCG Brut 1,5 L Magnum&rdquo;\" rel=\"nofollow\" data-success_message=\"&ldquo;La Montina Franciacorta DOCG Brut 1,5 L Magnum&rdquo; has been added to your cart\" role=\"button\">Add to cart<\/a><\/div>\t<span id=\"woocommerce_loop_add_to_cart_link_describedby_4743\" class=\"screen-reader-text\">\n\t\t\t<\/span>\n\t\t\t\t\t\t\t<\/div>\n\t\t\t\t\t\t<\/div>\n\t\t\t\t\t\t<\/div>\n\t\t\t\t\t<\/div><div class=\"col\" data-animate=\"fadeInUp\">\n\t\t\t\t\t\t<div class=\"col-inner\">\n\t\t\t\t\t\t\n<div class=\"badge-container badge-custom absolute right top z-1\">\n<div class=\"callout badge badge-circle\"><div class=\"badge-inner secondary on-sale\"><span class=\"onsale\">Sale!<\/span><\/div><\/div>\n<\/div>\n\t\t\t\t\t\t<div class=\"product-small box margin-auto has-hover box-normal box-text-bottom\">\n\t\t\t\t\t\t\t<div class=\"box-image\" >\n\t\t\t\t\t\t\t\t<div class=\"\" >\n\t\t\t\t\t\t\t\t\t<a href=\"https:\/\/schaumweinkontor.com\/en\/produkt\/la-montina-quor-nature-2016-075-l\/\" aria-label=\"La Montina Quor Nature 2016 0,75 L\">\n\t\t\t\t\t\t\t\t\t\t<img loading=\"lazy\" decoding=\"async\" width=\"300\" height=\"300\" src=\"https:\/\/schaumweinkontor.com\/wp-content\/uploads\/2023\/03\/La-Montina-Riserva-Baiana-075-1000x1000px-300x300.png\" class=\"attachment-medium size-medium\" alt=\"La Montina DOCG Riserva Quor nature 2016\" srcset=\"https:\/\/schaumweinkontor.com\/wp-content\/uploads\/2023\/03\/La-Montina-Riserva-Baiana-075-1000x1000px-300x300.png 300w, https:\/\/schaumweinkontor.com\/wp-content\/uploads\/2023\/03\/La-Montina-Riserva-Baiana-075-1000x1000px-100x100.png 100w, https:\/\/schaumweinkontor.com\/wp-content\/uploads\/2023\/03\/La-Montina-Riserva-Baiana-075-1000x1000px-510x510.png 510w, https:\/\/schaumweinkontor.com\/wp-content\/uploads\/2023\/03\/La-Montina-Riserva-Baiana-075-1000x1000px-150x150.png 150w, https:\/\/schaumweinkontor.com\/wp-content\/uploads\/2023\/03\/La-Montina-Riserva-Baiana-075-1000x1000px-768x768.png 768w, https:\/\/schaumweinkontor.com\/wp-content\/uploads\/2023\/03\/La-Montina-Riserva-Baiana-075-1000x1000px.png 1001w\" sizes=\"auto, (max-width: 300px) 100vw, 300px\" \/>\t\t\t\t\t\t\t\t\t<\/a>\n\t\t\t\t\t\t\t\t\t\t\t\t\t\t\t\t\t\t \t\t\t\t\t\t\t\t<\/div>\n\t\t\t\t\t\t\t\t<div class=\"image-tools top right show-on-hover\">\n\t\t\t\t\t\t\t\t\t\t\t\t\t\t\t\t\t<\/div>\n\t\t\t\t\t\t\t\t\t\t\t\t\t\t\t\t\t<div class=\"image-tools grid-tools text-center hide-for-small bottom hover-slide-in show-on-hover\">\n\t\t\t\t\t\t\t\t\t\t\t\t\t\t\t\t\t\t\t<\/div>\n\t\t\t\t\t\t\t\t\t\t\t\t\t\t\t\t\t\t\t\t\t\t\t<\/div>\n\n\t\t\t\t\t\t\t<div class=\"box-text text-center\" >\n\t\t\t\t\t\t\t\t<div class=\"title-wrapper\">\t\t<p class=\"category uppercase is-smaller no-text-overflow product-cat op-7\">\n\t\t\tFranciacorta\t\t<\/p>\n\t<p class=\"name product-title woocommerce-loop-product__title\"><a href=\"https:\/\/schaumweinkontor.com\/en\/produkt\/la-montina-quor-nature-2016-075-l\/\" class=\"woocommerce-LoopProduct-link woocommerce-loop-product__link\">La Montina Quor Nature 2016 0,75 L<\/a><\/p><\/div><div class=\"price-wrapper\">\n\t<span class=\"price\"><del aria-hidden=\"true\"><span class=\"woocommerce-Price-amount amount\" role=\"none\"><bdi><span class=\"woocommerce-Price-currencySymbol\">&euro;<\/span>&nbsp;61,50<\/bdi><\/span><\/del> <span class=\"screen-reader-text\">Original price was: &euro;&nbsp;61,50.<\/span><ins aria-hidden=\"true\"><span class=\"woocommerce-Price-amount amount\" role=\"none\"><bdi><span class=\"woocommerce-Price-currencySymbol\">&euro;<\/span>&nbsp;43,00<\/bdi><\/span><\/ins><span class=\"screen-reader-text\">Current price is: &euro;&nbsp;43,00.<\/span> <small class=\"woocommerce-price-suffix\">inkl. MwSt.<\/small><\/span>\n<\/div><div class=\"add-to-cart-button\"><a href=\"\/en\/wp-json\/wp\/v2\/pages\/4628?add-to-cart=4713\" aria-describedby=\"woocommerce_loop_add_to_cart_link_describedby_4713\" data-quantity=\"1\" class=\"primary is-small mb-0 button product_type_simple add_to_cart_button ajax_add_to_cart is-outline\" data-product_id=\"4713\" data-product_sku=\"100300128\" aria-label=\"Add to cart: &ldquo;La Montina Quor Nature 2016 0,75 L&rdquo;\" rel=\"nofollow\" data-success_message=\"&ldquo;La Montina Quor Nature 2016 0,75 L&rdquo; has been added to your cart\" role=\"button\">Add to cart<\/a><\/div>\t<span id=\"woocommerce_loop_add_to_cart_link_describedby_4713\" class=\"screen-reader-text\">\n\t\t\t<\/span>\n\t\t\t\t\t\t\t<\/div>\n\t\t\t\t\t\t<\/div>\n\t\t\t\t\t\t<\/div>\n\t\t\t\t\t<\/div><div class=\"col\" data-animate=\"fadeInUp\">\n\t\t\t\t\t\t<div class=\"col-inner\">\n\t\t\t\t\t\t\n<div class=\"badge-container badge-custom absolute right top z-1\">\n<div class=\"callout badge badge-circle\"><div class=\"badge-inner secondary on-sale\"><span class=\"onsale\">Sale!<\/span><\/div><\/div>\n<\/div>\n\t\t\t\t\t\t<div class=\"product-small box margin-auto has-hover box-normal box-text-bottom\">\n\t\t\t\t\t\t\t<div class=\"box-image\" >\n\t\t\t\t\t\t\t\t<div class=\"\" >\n\t\t\t\t\t\t\t\t\t<a href=\"https:\/\/schaumweinkontor.com\/en\/produkt\/la-montina-franciacorta-docg-saten-15-l-magnum\/\" aria-label=\"La Montina Franciacorta DOCG Sat\u00e8n 1,5 L Magnum\">\n\t\t\t\t\t\t\t\t\t\t<img loading=\"lazy\" decoding=\"async\" width=\"300\" height=\"300\" src=\"https:\/\/schaumweinkontor.com\/wp-content\/uploads\/2022\/06\/Franciacorta-Confezione-litografata-Saten-Packung-800x800-px-2-300x300.jpg\" class=\"attachment-medium size-medium\" alt=\"La Montina Franciacorta DOCG Sat\u00e8n 1,5 L Magnum\" srcset=\"https:\/\/schaumweinkontor.com\/wp-content\/uploads\/2022\/06\/Franciacorta-Confezione-litografata-Saten-Packung-800x800-px-2-300x300.jpg 300w, https:\/\/schaumweinkontor.com\/wp-content\/uploads\/2022\/06\/Franciacorta-Confezione-litografata-Saten-Packung-800x800-px-2-100x100.jpg 100w, https:\/\/schaumweinkontor.com\/wp-content\/uploads\/2022\/06\/Franciacorta-Confezione-litografata-Saten-Packung-800x800-px-2-510x510.jpg 510w, https:\/\/schaumweinkontor.com\/wp-content\/uploads\/2022\/06\/Franciacorta-Confezione-litografata-Saten-Packung-800x800-px-2-150x150.jpg 150w, https:\/\/schaumweinkontor.com\/wp-content\/uploads\/2022\/06\/Franciacorta-Confezione-litografata-Saten-Packung-800x800-px-2-768x768.jpg 768w, https:\/\/schaumweinkontor.com\/wp-content\/uploads\/2022\/06\/Franciacorta-Confezione-litografata-Saten-Packung-800x800-px-2.jpg 800w\" sizes=\"auto, (max-width: 300px) 100vw, 300px\" \/>\t\t\t\t\t\t\t\t\t<\/a>\n\t\t\t\t\t\t\t\t\t\t\t\t\t\t\t\t\t\t \t\t\t\t\t\t\t\t<\/div>\n\t\t\t\t\t\t\t\t<div class=\"image-tools top right show-on-hover\">\n\t\t\t\t\t\t\t\t\t\t\t\t\t\t\t\t\t<\/div>\n\t\t\t\t\t\t\t\t\t\t\t\t\t\t\t\t\t<div class=\"image-tools grid-tools text-center hide-for-small bottom hover-slide-in show-on-hover\">\n\t\t\t\t\t\t\t\t\t\t\t\t\t\t\t\t\t\t\t<\/div>\n\t\t\t\t\t\t\t\t\t\t\t\t\t\t\t\t\t\t\t\t\t\t\t<\/div>\n\n\t\t\t\t\t\t\t<div class=\"box-text text-center\" >\n\t\t\t\t\t\t\t\t<div class=\"title-wrapper\">\t\t<p class=\"category uppercase is-smaller no-text-overflow product-cat op-7\">\n\t\t\tLa Montina\t\t<\/p>\n\t<p class=\"name product-title woocommerce-loop-product__title\"><a href=\"https:\/\/schaumweinkontor.com\/en\/produkt\/la-montina-franciacorta-docg-saten-15-l-magnum\/\" class=\"woocommerce-LoopProduct-link woocommerce-loop-product__link\">La Montina Franciacorta DOCG Sat\u00e8n 1,5 L Magnum<\/a><\/p><\/div><div class=\"price-wrapper\">\n\t<span class=\"price\"><del aria-hidden=\"true\"><span class=\"woocommerce-Price-amount amount\" role=\"none\"><bdi><span class=\"woocommerce-Price-currencySymbol\">&euro;<\/span>&nbsp;61,50<\/bdi><\/span><\/del> <span class=\"screen-reader-text\">Original price was: &euro;&nbsp;61,50.<\/span><ins aria-hidden=\"true\"><span class=\"woocommerce-Price-amount amount\" role=\"none\"><bdi><span class=\"woocommerce-Price-currencySymbol\">&euro;<\/span>&nbsp;49,00<\/bdi><\/span><\/ins><span class=\"screen-reader-text\">Current price is: &euro;&nbsp;49,00.<\/span> <small class=\"woocommerce-price-suffix\">inkl. MwSt.<\/small><\/span>\n<\/div><div class=\"add-to-cart-button\"><a href=\"\/en\/wp-json\/wp\/v2\/pages\/4628?add-to-cart=4740\" aria-describedby=\"woocommerce_loop_add_to_cart_link_describedby_4740\" data-quantity=\"1\" class=\"primary is-small mb-0 button product_type_simple add_to_cart_button ajax_add_to_cart is-outline\" data-product_id=\"4740\" data-product_sku=\"100300114\" aria-label=\"Add to cart: &ldquo;La Montina Franciacorta DOCG Sat\u00e8n 1,5 L Magnum&rdquo;\" rel=\"nofollow\" data-success_message=\"&ldquo;La Montina Franciacorta DOCG Sat\u00e8n 1,5 L Magnum&rdquo; has been added to your cart\" role=\"button\">Add to cart<\/a><\/div>\t<span id=\"woocommerce_loop_add_to_cart_link_describedby_4740\" class=\"screen-reader-text\">\n\t\t\t<\/span>\n\t\t\t\t\t\t\t<\/div>\n\t\t\t\t\t\t<\/div>\n\t\t\t\t\t\t<\/div>\n\t\t\t\t\t<\/div><div class=\"col\" data-animate=\"fadeInUp\">\n\t\t\t\t\t\t<div class=\"col-inner\">\n\t\t\t\t\t\t\n<div class=\"badge-container badge-custom absolute right top z-1\">\n<div class=\"callout badge badge-circle\"><div class=\"badge-inner secondary on-sale\"><span class=\"onsale\">Sale!<\/span><\/div><\/div>\n<\/div>\n\t\t\t\t\t\t<div class=\"product-small box margin-auto has-hover box-normal box-text-bottom\">\n\t\t\t\t\t\t\t<div class=\"box-image\" >\n\t\t\t\t\t\t\t\t<div class=\"\" >\n\t\t\t\t\t\t\t\t\t<a href=\"https:\/\/schaumweinkontor.com\/en\/produkt\/la-montina-docg-riserva-quor-nature-2016-075-l\/\" aria-label=\"La Montina DOCG Riserva Quor Nature 2016 0,75 L\">\n\t\t\t\t\t\t\t\t\t\t<img loading=\"lazy\" decoding=\"async\" width=\"300\" height=\"300\" src=\"https:\/\/schaumweinkontor.com\/wp-content\/uploads\/2023\/03\/La-Montina-Riserva-Baiana-075-1000x1000px-300x300.png\" class=\"attachment-medium size-medium\" alt=\"La Montina DOCG Riserva Quor nature 2016\" srcset=\"https:\/\/schaumweinkontor.com\/wp-content\/uploads\/2023\/03\/La-Montina-Riserva-Baiana-075-1000x1000px-300x300.png 300w, https:\/\/schaumweinkontor.com\/wp-content\/uploads\/2023\/03\/La-Montina-Riserva-Baiana-075-1000x1000px-100x100.png 100w, https:\/\/schaumweinkontor.com\/wp-content\/uploads\/2023\/03\/La-Montina-Riserva-Baiana-075-1000x1000px-510x510.png 510w, https:\/\/schaumweinkontor.com\/wp-content\/uploads\/2023\/03\/La-Montina-Riserva-Baiana-075-1000x1000px-150x150.png 150w, https:\/\/schaumweinkontor.com\/wp-content\/uploads\/2023\/03\/La-Montina-Riserva-Baiana-075-1000x1000px-768x768.png 768w, https:\/\/schaumweinkontor.com\/wp-content\/uploads\/2023\/03\/La-Montina-Riserva-Baiana-075-1000x1000px.png 1001w\" sizes=\"auto, (max-width: 300px) 100vw, 300px\" \/>\t\t\t\t\t\t\t\t\t<\/a>\n\t\t\t\t\t\t\t\t\t\t\t\t\t\t\t\t\t\t \t\t\t\t\t\t\t\t<\/div>\n\t\t\t\t\t\t\t\t<div class=\"image-tools top right show-on-hover\">\n\t\t\t\t\t\t\t\t\t\t\t\t\t\t\t\t\t<\/div>\n\t\t\t\t\t\t\t\t\t\t\t\t\t\t\t\t\t<div class=\"image-tools grid-tools text-center hide-for-small bottom hover-slide-in show-on-hover\">\n\t\t\t\t\t\t\t\t\t\t\t\t\t\t\t\t\t\t\t<\/div>\n\t\t\t\t\t\t\t\t\t\t\t\t\t\t\t\t\t\t\t\t\t\t\t<\/div>\n\n\t\t\t\t\t\t\t<div class=\"box-text text-center\" >\n\t\t\t\t\t\t\t\t<div class=\"title-wrapper\">\t\t<p class=\"category uppercase is-smaller no-text-overflow product-cat op-7\">\n\t\t\tFranciacorta\t\t<\/p>\n\t<p class=\"name product-title woocommerce-loop-product__title\"><a href=\"https:\/\/schaumweinkontor.com\/en\/produkt\/la-montina-docg-riserva-quor-nature-2016-075-l\/\" class=\"woocommerce-LoopProduct-link woocommerce-loop-product__link\">La Montina DOCG Riserva Quor Nature 2016 0,75 L<\/a><\/p><\/div><div class=\"price-wrapper\">\n\t<span class=\"price\"><del aria-hidden=\"true\"><span class=\"woocommerce-Price-amount amount\" role=\"none\"><bdi><span class=\"woocommerce-Price-currencySymbol\">&euro;<\/span>&nbsp;73,00<\/bdi><\/span><\/del> <span class=\"screen-reader-text\">Original price was: &euro;&nbsp;73,00.<\/span><ins aria-hidden=\"true\"><span class=\"woocommerce-Price-amount amount\" role=\"none\"><bdi><span class=\"woocommerce-Price-currencySymbol\">&euro;<\/span>&nbsp;54,00<\/bdi><\/span><\/ins><span class=\"screen-reader-text\">Current price is: &euro;&nbsp;54,00.<\/span> <small class=\"woocommerce-price-suffix\">inkl. MwSt.<\/small><\/span>\n<\/div><div class=\"add-to-cart-button\"><a href=\"\/en\/wp-json\/wp\/v2\/pages\/4628?add-to-cart=4654\" aria-describedby=\"woocommerce_loop_add_to_cart_link_describedby_4654\" data-quantity=\"1\" class=\"primary is-small mb-0 button product_type_simple add_to_cart_button ajax_add_to_cart is-outline\" data-product_id=\"4654\" data-product_sku=\"100300126\" aria-label=\"Add to cart: &ldquo;La Montina DOCG Riserva Quor Nature 2016 0,75 L&rdquo;\" rel=\"nofollow\" data-success_message=\"&ldquo;La Montina DOCG Riserva Quor Nature 2016 0,75 L&rdquo; has been added to your cart\" role=\"button\">Add to cart<\/a><\/div>\t<span id=\"woocommerce_loop_add_to_cart_link_describedby_4654\" class=\"screen-reader-text\">\n\t\t\t<\/span>\n\t\t\t\t\t\t\t<\/div>\n\t\t\t\t\t\t<\/div>\n\t\t\t\t\t\t<\/div>\n\t\t\t\t\t<\/div><div class=\"col\" data-animate=\"fadeInUp\">\n\t\t\t\t\t\t<div class=\"col-inner\">\n\t\t\t\t\t\t\n<div class=\"badge-container badge-custom absolute right top z-1\">\n<div class=\"callout badge badge-circle\"><div class=\"badge-inner secondary on-sale\"><span class=\"onsale\">Sale!<\/span><\/div><\/div>\n<\/div>\n\t\t\t\t\t\t<div class=\"product-small box margin-auto has-hover box-normal box-text-bottom\">\n\t\t\t\t\t\t\t<div class=\"box-image\" >\n\t\t\t\t\t\t\t\t<div class=\"\" >\n\t\t\t\t\t\t\t\t\t<a href=\"https:\/\/schaumweinkontor.com\/en\/produkt\/la-montina-riserva-baiana-2012-pas-dose-075-l\/\" aria-label=\"La Montina Riserva Baiana 2011 Pas Dose 0,75 L\">\n\t\t\t\t\t\t\t\t\t\t<img loading=\"lazy\" decoding=\"async\" width=\"300\" height=\"300\" src=\"https:\/\/schaumweinkontor.com\/wp-content\/uploads\/2023\/03\/La-Montina-DOCG-Riserva-Baiana-2012-Pas-Dose-075-L_1000x1000px-300x300.png\" class=\"attachment-medium size-medium\" alt=\"La Montina Riserva Baiana 2011 Pas Dose 0,75 L\" srcset=\"https:\/\/schaumweinkontor.com\/wp-content\/uploads\/2023\/03\/La-Montina-DOCG-Riserva-Baiana-2012-Pas-Dose-075-L_1000x1000px-300x300.png 300w, https:\/\/schaumweinkontor.com\/wp-content\/uploads\/2023\/03\/La-Montina-DOCG-Riserva-Baiana-2012-Pas-Dose-075-L_1000x1000px-100x100.png 100w, https:\/\/schaumweinkontor.com\/wp-content\/uploads\/2023\/03\/La-Montina-DOCG-Riserva-Baiana-2012-Pas-Dose-075-L_1000x1000px-510x510.png 510w, https:\/\/schaumweinkontor.com\/wp-content\/uploads\/2023\/03\/La-Montina-DOCG-Riserva-Baiana-2012-Pas-Dose-075-L_1000x1000px-150x150.png 150w, https:\/\/schaumweinkontor.com\/wp-content\/uploads\/2023\/03\/La-Montina-DOCG-Riserva-Baiana-2012-Pas-Dose-075-L_1000x1000px-768x768.png 768w, https:\/\/schaumweinkontor.com\/wp-content\/uploads\/2023\/03\/La-Montina-DOCG-Riserva-Baiana-2012-Pas-Dose-075-L_1000x1000px.png 1000w\" sizes=\"auto, (max-width: 300px) 100vw, 300px\" \/>\t\t\t\t\t\t\t\t\t<\/a>\n\t\t\t\t\t\t\t\t\t\t\t\t\t\t\t\t\t\t \t\t\t\t\t\t\t\t<\/div>\n\t\t\t\t\t\t\t\t<div class=\"image-tools top right show-on-hover\">\n\t\t\t\t\t\t\t\t\t\t\t\t\t\t\t\t\t<\/div>\n\t\t\t\t\t\t\t\t\t\t\t\t\t\t\t\t\t<div class=\"image-tools grid-tools text-center hide-for-small bottom hover-slide-in show-on-hover\">\n\t\t\t\t\t\t\t\t\t\t\t\t\t\t\t\t\t\t\t<\/div>\n\t\t\t\t\t\t\t\t\t\t\t\t\t\t\t\t\t\t\t\t\t\t\t<\/div>\n\n\t\t\t\t\t\t\t<div class=\"box-text text-center\" >\n\t\t\t\t\t\t\t\t<div class=\"title-wrapper\">\t\t<p class=\"category uppercase is-smaller no-text-overflow product-cat op-7\">\n\t\t\tFranciacorta\t\t<\/p>\n\t<p class=\"name product-title woocommerce-loop-product__title\"><a href=\"https:\/\/schaumweinkontor.com\/en\/produkt\/la-montina-riserva-baiana-2012-pas-dose-075-l\/\" class=\"woocommerce-LoopProduct-link woocommerce-loop-product__link\">La Montina Riserva Baiana 2011 Pas Dose 0,75 L<\/a><\/p><\/div><div class=\"price-wrapper\">\n\t<span class=\"price\"><del aria-hidden=\"true\"><span class=\"woocommerce-Price-amount amount\" role=\"none\"><bdi><span class=\"woocommerce-Price-currencySymbol\">&euro;<\/span>&nbsp;92,00<\/bdi><\/span><\/del> <span class=\"screen-reader-text\">Original price was: &euro;&nbsp;92,00.<\/span><ins aria-hidden=\"true\"><span class=\"woocommerce-Price-amount amount\" role=\"none\"><bdi><span class=\"woocommerce-Price-currencySymbol\">&euro;<\/span>&nbsp;65,00<\/bdi><\/span><\/ins><span class=\"screen-reader-text\">Current price is: &euro;&nbsp;65,00.<\/span> <small class=\"woocommerce-price-suffix\">inkl. MwSt.<\/small><\/span>\n<\/div><div class=\"add-to-cart-button\"><a href=\"\/en\/wp-json\/wp\/v2\/pages\/4628?add-to-cart=4714\" aria-describedby=\"woocommerce_loop_add_to_cart_link_describedby_4714\" data-quantity=\"1\" class=\"primary is-small mb-0 button product_type_simple add_to_cart_button ajax_add_to_cart is-outline\" data-product_id=\"4714\" data-product_sku=\"100300127\" aria-label=\"Add to cart: &ldquo;La Montina Riserva Baiana 2011 Pas Dose 0,75 L&rdquo;\" rel=\"nofollow\" data-success_message=\"&ldquo;La Montina Riserva Baiana 2011 Pas Dose 0,75 L&rdquo; has been added to your cart\" role=\"button\">Add to cart<\/a><\/div>\t<span id=\"woocommerce_loop_add_to_cart_link_describedby_4714\" class=\"screen-reader-text\">\n\t\t\t<\/span>\n\t\t\t\t\t\t\t<\/div>\n\t\t\t\t\t\t<\/div>\n\t\t\t\t\t\t<\/div>\n\t\t\t\t\t<\/div><div class=\"col\" data-animate=\"fadeInUp\">\n\t\t\t\t\t\t<div class=\"col-inner\">\n\t\t\t\t\t\t\n<div class=\"badge-container badge-custom absolute right top z-1\">\n<div class=\"callout badge badge-circle\"><div class=\"badge-inner secondary on-sale\"><span class=\"onsale\">Sale!<\/span><\/div><\/div>\n<\/div>\n\t\t\t\t\t\t<div class=\"product-small box margin-auto has-hover box-normal box-text-bottom\">\n\t\t\t\t\t\t\t<div class=\"box-image\" >\n\t\t\t\t\t\t\t\t<div class=\"\" >\n\t\t\t\t\t\t\t\t\t<a href=\"https:\/\/schaumweinkontor.com\/en\/produkt\/la-montina-franciacorta-docg-brut-3-l-jeroboam-in-hk\/\" aria-label=\"La Montina Franciacorta DOCG Brut 3 L Jeroboam in HK\">\n\t\t\t\t\t\t\t\t\t\t<img loading=\"lazy\" decoding=\"async\" width=\"300\" height=\"300\" src=\"https:\/\/schaumweinkontor.com\/wp-content\/uploads\/2022\/06\/Franciacorta-Jeroboam-Franciacorta-La-montina-300x300.jpg\" class=\"attachment-medium size-medium\" alt=\"La Montina Franciacorta DOCG Brut 3 L Jeroboam in HK\" srcset=\"https:\/\/schaumweinkontor.com\/wp-content\/uploads\/2022\/06\/Franciacorta-Jeroboam-Franciacorta-La-montina-300x300.jpg 300w, https:\/\/schaumweinkontor.com\/wp-content\/uploads\/2022\/06\/Franciacorta-Jeroboam-Franciacorta-La-montina-100x100.jpg 100w, https:\/\/schaumweinkontor.com\/wp-content\/uploads\/2022\/06\/Franciacorta-Jeroboam-Franciacorta-La-montina-510x510.jpg 510w, https:\/\/schaumweinkontor.com\/wp-content\/uploads\/2022\/06\/Franciacorta-Jeroboam-Franciacorta-La-montina-150x150.jpg 150w, https:\/\/schaumweinkontor.com\/wp-content\/uploads\/2022\/06\/Franciacorta-Jeroboam-Franciacorta-La-montina-768x768.jpg 768w, https:\/\/schaumweinkontor.com\/wp-content\/uploads\/2022\/06\/Franciacorta-Jeroboam-Franciacorta-La-montina.jpg 800w\" sizes=\"auto, (max-width: 300px) 100vw, 300px\" \/>\t\t\t\t\t\t\t\t\t<\/a>\n\t\t\t\t\t\t\t\t\t\t\t\t\t\t\t\t\t\t \t\t\t\t\t\t\t\t<\/div>\n\t\t\t\t\t\t\t\t<div class=\"image-tools top right show-on-hover\">\n\t\t\t\t\t\t\t\t\t\t\t\t\t\t\t\t\t<\/div>\n\t\t\t\t\t\t\t\t\t\t\t\t\t\t\t\t\t<div class=\"image-tools grid-tools text-center hide-for-small bottom hover-slide-in show-on-hover\">\n\t\t\t\t\t\t\t\t\t\t\t\t\t\t\t\t\t\t\t<\/div>\n\t\t\t\t\t\t\t\t\t\t\t\t\t\t\t\t\t\t\t\t\t\t\t<\/div>\n\n\t\t\t\t\t\t\t<div class=\"box-text text-center\" >\n\t\t\t\t\t\t\t\t<div class=\"title-wrapper\">\t\t<p class=\"category uppercase is-smaller no-text-overflow product-cat op-7\">\n\t\t\tLa Montina\t\t<\/p>\n\t<p class=\"name product-title woocommerce-loop-product__title\"><a href=\"https:\/\/schaumweinkontor.com\/en\/produkt\/la-montina-franciacorta-docg-brut-3-l-jeroboam-in-hk\/\" class=\"woocommerce-LoopProduct-link woocommerce-loop-product__link\">La Montina Franciacorta DOCG Brut 3 L Jeroboam in HK<\/a><\/p><\/div><div class=\"price-wrapper\">\n\t<span class=\"price\"><del aria-hidden=\"true\"><span class=\"woocommerce-Price-amount amount\" role=\"none\"><bdi><span class=\"woocommerce-Price-currencySymbol\">&euro;<\/span>&nbsp;194,00<\/bdi><\/span><\/del> <span class=\"screen-reader-text\">Original price was: &euro;&nbsp;194,00.<\/span><ins aria-hidden=\"true\"><span class=\"woocommerce-Price-amount amount\" role=\"none\"><bdi><span class=\"woocommerce-Price-currencySymbol\">&euro;<\/span>&nbsp;145,00<\/bdi><\/span><\/ins><span class=\"screen-reader-text\">Current price is: &euro;&nbsp;145,00.<\/span> <small class=\"woocommerce-price-suffix\">inkl. MwSt.<\/small><\/span>\n<\/div><div class=\"add-to-cart-button\"><a href=\"\/en\/wp-json\/wp\/v2\/pages\/4628?add-to-cart=4742\" aria-describedby=\"woocommerce_loop_add_to_cart_link_describedby_4742\" data-quantity=\"1\" class=\"primary is-small mb-0 button product_type_simple add_to_cart_button ajax_add_to_cart is-outline\" data-product_id=\"4742\" data-product_sku=\"100300112\" aria-label=\"Add to cart: &ldquo;La Montina Franciacorta DOCG Brut 3 L Jeroboam in HK&rdquo;\" rel=\"nofollow\" data-success_message=\"&ldquo;La Montina Franciacorta DOCG Brut 3 L Jeroboam in HK&rdquo; has been added to your cart\" role=\"button\">Add to cart<\/a><\/div>\t<span id=\"woocommerce_loop_add_to_cart_link_describedby_4742\" class=\"screen-reader-text\">\n\t\t\t<\/span>\n\t\t\t\t\t\t\t<\/div>\n\t\t\t\t\t\t<\/div>\n\t\t\t\t\t\t<\/div>\n\t\t\t\t\t<\/div><div class=\"col\" data-animate=\"fadeInUp\">\n\t\t\t\t\t\t<div class=\"col-inner\">\n\t\t\t\t\t\t\n<div class=\"badge-container badge-custom absolute right top z-1\">\n<div class=\"callout badge badge-circle\"><div class=\"badge-inner secondary on-sale\"><span class=\"onsale\">Sale!<\/span><\/div><\/div>\n<\/div>\n\t\t\t\t\t\t<div class=\"product-small box margin-auto has-hover box-normal box-text-bottom\">\n\t\t\t\t\t\t\t<div class=\"box-image\" >\n\t\t\t\t\t\t\t\t<div class=\"\" >\n\t\t\t\t\t\t\t\t\t<a href=\"https:\/\/schaumweinkontor.com\/en\/produkt\/la-montina-franciacorta-docg-brut-6-l-methusalem-in-hk\/\" aria-label=\"La Montina Franciacorta DOCG Brut 6 L Methusalem in HK\">\n\t\t\t\t\t\t\t\t\t\t<img loading=\"lazy\" decoding=\"async\" width=\"300\" height=\"300\" src=\"https:\/\/schaumweinkontor.com\/wp-content\/uploads\/2022\/06\/Franciacorta-Jeroboam-Franciacorta-La-montina-300x300.jpg\" class=\"attachment-medium size-medium\" alt=\"La Montina Franciacorta DOCG Brut 6 L Methusalem in HK\" srcset=\"https:\/\/schaumweinkontor.com\/wp-content\/uploads\/2022\/06\/Franciacorta-Jeroboam-Franciacorta-La-montina-300x300.jpg 300w, https:\/\/schaumweinkontor.com\/wp-content\/uploads\/2022\/06\/Franciacorta-Jeroboam-Franciacorta-La-montina-100x100.jpg 100w, https:\/\/schaumweinkontor.com\/wp-content\/uploads\/2022\/06\/Franciacorta-Jeroboam-Franciacorta-La-montina-510x510.jpg 510w, https:\/\/schaumweinkontor.com\/wp-content\/uploads\/2022\/06\/Franciacorta-Jeroboam-Franciacorta-La-montina-150x150.jpg 150w, https:\/\/schaumweinkontor.com\/wp-content\/uploads\/2022\/06\/Franciacorta-Jeroboam-Franciacorta-La-montina-768x768.jpg 768w, https:\/\/schaumweinkontor.com\/wp-content\/uploads\/2022\/06\/Franciacorta-Jeroboam-Franciacorta-La-montina.jpg 800w\" sizes=\"auto, (max-width: 300px) 100vw, 300px\" \/>\t\t\t\t\t\t\t\t\t<\/a>\n\t\t\t\t\t\t\t\t\t\t\t\t\t\t\t\t\t\t \t\t\t\t\t\t\t\t<\/div>\n\t\t\t\t\t\t\t\t<div class=\"image-tools top right show-on-hover\">\n\t\t\t\t\t\t\t\t\t\t\t\t\t\t\t\t\t<\/div>\n\t\t\t\t\t\t\t\t\t\t\t\t\t\t\t\t\t<div class=\"image-tools grid-tools text-center hide-for-small bottom hover-slide-in show-on-hover\">\n\t\t\t\t\t\t\t\t\t\t\t\t\t\t\t\t\t\t\t<\/div>\n\t\t\t\t\t\t\t\t\t\t\t\t\t\t\t\t\t\t\t\t\t\t\t<\/div>\n\n\t\t\t\t\t\t\t<div class=\"box-text text-center\" >\n\t\t\t\t\t\t\t\t<div class=\"title-wrapper\">\t\t<p class=\"category uppercase is-smaller no-text-overflow product-cat op-7\">\n\t\t\tLa Montina\t\t<\/p>\n\t<p class=\"name product-title woocommerce-loop-product__title\"><a href=\"https:\/\/schaumweinkontor.com\/en\/produkt\/la-montina-franciacorta-docg-brut-6-l-methusalem-in-hk\/\" class=\"woocommerce-LoopProduct-link woocommerce-loop-product__link\">La Montina Franciacorta DOCG Brut 6 L Methusalem in HK<\/a><\/p><\/div><div class=\"price-wrapper\">\n\t<span class=\"price\"><del aria-hidden=\"true\"><span class=\"woocommerce-Price-amount amount\" role=\"none\"><bdi><span class=\"woocommerce-Price-currencySymbol\">&euro;<\/span>&nbsp;387,00<\/bdi><\/span><\/del> <span class=\"screen-reader-text\">Original price was: &euro;&nbsp;387,00.<\/span><ins aria-hidden=\"true\"><span class=\"woocommerce-Price-amount amount\" role=\"none\"><bdi><span class=\"woocommerce-Price-currencySymbol\">&euro;<\/span>&nbsp;310,00<\/bdi><\/span><\/ins><span class=\"screen-reader-text\">Current price is: &euro;&nbsp;310,00.<\/span> <small class=\"woocommerce-price-suffix\">inkl. MwSt.<\/small><\/span>\n<\/div><div class=\"add-to-cart-button\"><a href=\"\/en\/wp-json\/wp\/v2\/pages\/4628?add-to-cart=4741\" aria-describedby=\"woocommerce_loop_add_to_cart_link_describedby_4741\" data-quantity=\"1\" class=\"primary is-small mb-0 button product_type_simple add_to_cart_button ajax_add_to_cart is-outline\" data-product_id=\"4741\" data-product_sku=\"100300113\" aria-label=\"Add to cart: &ldquo;La Montina Franciacorta DOCG Brut 6 L Methusalem in HK&rdquo;\" rel=\"nofollow\" data-success_message=\"&ldquo;La Montina Franciacorta DOCG Brut 6 L Methusalem in HK&rdquo; has been added to your cart\" role=\"button\">Add to cart<\/a><\/div>\t<span id=\"woocommerce_loop_add_to_cart_link_describedby_4741\" class=\"screen-reader-text\">\n\t\t\t<\/span>\n\t\t\t\t\t\t\t<\/div>\n\t\t\t\t\t\t<\/div>\n\t\t\t\t\t\t<\/div>\n\t\t\t\t\t<\/div><\/div>\n\n\n\t\t<\/div>\n\t\t\t\t\t<\/div>\n\n\t\n\n\n<style>\n#row-1765722914 > .col > .col-inner {\n  padding: 0 0px 0px 0px;\n}\n@media (min-width:550px) {\n  #row-1765722914 > .col > .col-inner {\n    padding: 15px 0px 0px 0px;\n  }\n}\n<\/style>\n<\/div>\n<div class=\"row row-collapse row-full-width align-middle blau-verlauf show-for-medium\"  id=\"row-930558705\">\n\n\n\t<div id=\"col-1970516211\" class=\"col medium-6 small-5 large-6\"  >\n\t\t\t\t<div class=\"col-inner\"  >\n\t\t\t\n\t\t\t\n\n\t<div id=\"text-3577026589\" class=\"text\">\n\t\t\n\n<h2><span style=\"font-size: 75%;\">Italien<\/span><\/h2>\n\t\t\n<style>\n#text-3577026589 {\n  font-size: 1.5rem;\n  line-height: 2;\n}\n<\/style>\n\t<\/div>\n\t\n\n\t\t<\/div>\n\t\t\t\t\t<\/div>\n\n\t\n\n\t<div id=\"col-1703883049\" class=\"col medium-6 small-7 large-6\"  >\n\t\t\t\t<div class=\"col-inner\"  >\n\t\t\t\n\t\t\t\n\n<h5 id=\"lambrusco-mobile\" class=\"uppercase\" style=\"text-align: right;\"><span style=\"color: #b79549; font-size: 75%;\">Lambrusco<\/span><\/h5>\n\n\t\t<\/div>\n\t\t\t\t\t<\/div>\n\n\t\n\n\n<style>\n#row-930558705 > .col > .col-inner {\n  padding: 0px 20px 0px 20px;\n  border-radius: 74px;\n}\n<\/style>\n<\/div>\n\t<section class=\"section bg_winzer show-for-medium\" id=\"section_901879798\">\n\t\t<div class=\"bg section-bg fill bg-fill  \" >\n\n\t\t\t\n\t\t\t\n\t\t\t\n\n\t\t<\/div>\n\n\t\t\n\n\t\t<div class=\"section-content relative\">\n\t\t\t\n\n<div class=\"row row-collapse row-full-width align-middle align-center\"  id=\"row-168150953\">\n\n\n\t<div id=\"col-649533600\" class=\"col small-12 large-12\"  >\n\t\t\t\t<div class=\"col-inner\"  >\n\t\t\t\n\t\t\t\n\n<h2 id=\"ceci-lambrusco-mobile\" class=\"uppercase\" style=\"text-align: center;\"><span style=\"font-size: 90%;\">CECI 1813<\/span><\/h2>\n\n\t\t<\/div>\n\t\t\t\t\t<\/div>\n\n\t\n\n\n<style>\n#row-168150953 > .col > .col-inner {\n  padding: 15px 0px 0px 0px;\n}\n<\/style>\n<\/div>\n\n\t\t<\/div>\n\n\t\t\n<style>\n#section_901879798 {\n  padding-top: 20px;\n  padding-bottom: 20px;\n  margin-bottom: 0px;\n}\n#section_901879798 .section-bg.bg-loaded {\n  background-image: url(https:\/\/schaumweinkontor.com\/wp-content\/uploads\/2022\/06\/landscape-illu-gold-transp.png);\n}\n<\/style>\n\t<\/section>\n\t\n<div class=\"row row-full-width\"  id=\"row-373128919\">\n\n\n\t<div id=\"col-401831735\" class=\"col small-12 large-12\"  >\n\t\t\t\t<div class=\"col-inner\"  >\n\t\t\t\n\t\t\t\n\n\n  \n    <div class=\"row  equalize-box show-for-small large-columns-3 medium-columns- small-columns-1 row-large has-shadow row-box-shadow-2 row-box-shadow-4-hover\" >\n  \t\n\t     <div class=\"col\" data-animate=\"fadeInUp\">\n\t\t\t\t\t\t<div class=\"col-inner\">\n\t\t\t\t\t\t\n<div class=\"badge-container badge-custom absolute right top z-1\">\n<div class=\"callout badge badge-circle\"><div class=\"badge-inner secondary on-sale\"><span class=\"onsale\">Sale!<\/span><\/div><\/div>\n<\/div>\n\t\t\t\t\t\t<div class=\"product-small box has-hover box-vertical box-text-bottom\">\n\t\t\t\t\t\t\t<div class=\"box-image\" >\n\t\t\t\t\t\t\t\t<div class=\"\" >\n\t\t\t\t\t\t\t\t\t<a href=\"https:\/\/schaumweinkontor.com\/en\/produkt\/ceci-otello-1813-lambrusco-emilia-igt-med-dry-075-l\/\" aria-label=\"Ceci Otello 1813 Lambrusco Emilia IGT med-dry 0,75 L\">\n\t\t\t\t\t\t\t\t\t\t<img loading=\"lazy\" decoding=\"async\" width=\"300\" height=\"300\" src=\"https:\/\/schaumweinkontor.com\/wp-content\/uploads\/2022\/06\/Ceci-Otello-1813-Lambrusco-Emilia-IGT-med-dry-075-L-300x300.png\" class=\"attachment-medium size-medium\" alt=\"Ceci Otello 1813 Lambrusco Emilia IGT med-dry 0,75 L\" srcset=\"https:\/\/schaumweinkontor.com\/wp-content\/uploads\/2022\/06\/Ceci-Otello-1813-Lambrusco-Emilia-IGT-med-dry-075-L-300x300.png 300w, https:\/\/schaumweinkontor.com\/wp-content\/uploads\/2022\/06\/Ceci-Otello-1813-Lambrusco-Emilia-IGT-med-dry-075-L-100x100.png 100w, https:\/\/schaumweinkontor.com\/wp-content\/uploads\/2022\/06\/Ceci-Otello-1813-Lambrusco-Emilia-IGT-med-dry-075-L-510x510.png 510w, https:\/\/schaumweinkontor.com\/wp-content\/uploads\/2022\/06\/Ceci-Otello-1813-Lambrusco-Emilia-IGT-med-dry-075-L-150x150.png 150w, https:\/\/schaumweinkontor.com\/wp-content\/uploads\/2022\/06\/Ceci-Otello-1813-Lambrusco-Emilia-IGT-med-dry-075-L-768x768.png 768w, https:\/\/schaumweinkontor.com\/wp-content\/uploads\/2022\/06\/Ceci-Otello-1813-Lambrusco-Emilia-IGT-med-dry-075-L.png 1000w\" sizes=\"auto, (max-width: 300px) 100vw, 300px\" \/>\t\t\t\t\t\t\t\t\t<\/a>\n\t\t\t\t\t\t\t\t\t\t\t\t\t\t\t\t\t\t \t\t\t\t\t\t\t\t<\/div>\n\t\t\t\t\t\t\t\t<div class=\"image-tools top right show-on-hover\">\n\t\t\t\t\t\t\t\t\t\t\t\t\t\t\t\t\t<\/div>\n\t\t\t\t\t\t\t\t\t\t\t\t\t\t\t\t\t<div class=\"image-tools grid-tools text-center hide-for-small bottom hover-slide-in show-on-hover\">\n\t\t\t\t\t\t\t\t\t\t\t\t\t\t\t\t\t\t\t<\/div>\n\t\t\t\t\t\t\t\t\t\t\t\t\t\t\t\t\t\t\t\t\t\t\t<\/div>\n\n\t\t\t\t\t\t\t<div class=\"box-text text-center\" >\n\t\t\t\t\t\t\t\t<div class=\"title-wrapper\">\t\t<p class=\"category uppercase is-smaller no-text-overflow product-cat op-7\">\n\t\t\tCeci\t\t<\/p>\n\t<p class=\"name product-title woocommerce-loop-product__title\"><a href=\"https:\/\/schaumweinkontor.com\/en\/produkt\/ceci-otello-1813-lambrusco-emilia-igt-med-dry-075-l\/\" class=\"woocommerce-LoopProduct-link woocommerce-loop-product__link\">Ceci Otello 1813 Lambrusco Emilia IGT med-dry 0,75 L<\/a><\/p><\/div><div class=\"price-wrapper\">\n\t<span class=\"price\"><del aria-hidden=\"true\"><span class=\"woocommerce-Price-amount amount\" role=\"none\"><bdi><span class=\"woocommerce-Price-currencySymbol\">&euro;<\/span>&nbsp;11,40<\/bdi><\/span><\/del> <span class=\"screen-reader-text\">Original price was: &euro;&nbsp;11,40.<\/span><ins aria-hidden=\"true\"><span class=\"woocommerce-Price-amount amount\" role=\"none\"><bdi><span class=\"woocommerce-Price-currencySymbol\">&euro;<\/span>&nbsp;8,55<\/bdi><\/span><\/ins><span class=\"screen-reader-text\">Current price is: &euro;&nbsp;8,55.<\/span> <small class=\"woocommerce-price-suffix\">inkl. MwSt.<\/small><\/span>\n<\/div><div class=\"add-to-cart-button\"><a href=\"\/en\/wp-json\/wp\/v2\/pages\/4628?add-to-cart=4762\" aria-describedby=\"woocommerce_loop_add_to_cart_link_describedby_4762\" data-quantity=\"1\" class=\"primary is-small mb-0 button product_type_simple add_to_cart_button ajax_add_to_cart is-outline\" data-product_id=\"4762\" data-product_sku=\"100300259\" aria-label=\"Add to cart: &ldquo;Ceci Otello 1813 Lambrusco Emilia IGT med-dry 0,75 L&rdquo;\" rel=\"nofollow\" data-success_message=\"&ldquo;Ceci Otello 1813 Lambrusco Emilia IGT med-dry 0,75 L&rdquo; has been added to your cart\" role=\"button\">Add to cart<\/a><\/div>\t<span id=\"woocommerce_loop_add_to_cart_link_describedby_4762\" class=\"screen-reader-text\">\n\t\t\t<\/span>\n\t\t\t\t\t\t\t<\/div>\n\t\t\t\t\t\t<\/div>\n\t\t\t\t\t\t<\/div>\n\t\t\t\t\t<\/div><div class=\"col\" data-animate=\"fadeInUp\">\n\t\t\t\t\t\t<div class=\"col-inner\">\n\t\t\t\t\t\t\n<div class=\"badge-container badge-custom absolute right top z-1\">\n\n<\/div>\n\t\t\t\t\t\t<div class=\"product-small box has-hover box-vertical box-text-bottom\">\n\t\t\t\t\t\t\t<div class=\"box-image\" >\n\t\t\t\t\t\t\t\t<div class=\"\" >\n\t\t\t\t\t\t\t\t\t<a href=\"https:\/\/schaumweinkontor.com\/en\/produkt\/ceci-bruno-rose-lambrusco-emilia-igt-brut-075-l\/\" aria-label=\"Ceci Bruno Rose Lambrusco Emilia IGT Brut 0,75 L\">\n\t\t\t\t\t\t\t\t\t\t<img loading=\"lazy\" decoding=\"async\" width=\"300\" height=\"300\" src=\"https:\/\/schaumweinkontor.com\/wp-content\/uploads\/2022\/06\/Ceci-Bruno-Rose-075-300x300.jpg\" class=\"attachment-medium size-medium\" alt=\"Ceci Bruno Rose Lambrusco Emilia IGT Brut 0,75 L\" srcset=\"https:\/\/schaumweinkontor.com\/wp-content\/uploads\/2022\/06\/Ceci-Bruno-Rose-075-300x300.jpg 300w, https:\/\/schaumweinkontor.com\/wp-content\/uploads\/2022\/06\/Ceci-Bruno-Rose-075-100x100.jpg 100w, https:\/\/schaumweinkontor.com\/wp-content\/uploads\/2022\/06\/Ceci-Bruno-Rose-075-510x510.jpg 510w, https:\/\/schaumweinkontor.com\/wp-content\/uploads\/2022\/06\/Ceci-Bruno-Rose-075-150x150.jpg 150w, https:\/\/schaumweinkontor.com\/wp-content\/uploads\/2022\/06\/Ceci-Bruno-Rose-075-768x768.jpg 768w, https:\/\/schaumweinkontor.com\/wp-content\/uploads\/2022\/06\/Ceci-Bruno-Rose-075.jpg 1000w\" sizes=\"auto, (max-width: 300px) 100vw, 300px\" \/>\t\t\t\t\t\t\t\t\t<\/a>\n\t\t\t\t\t\t\t\t\t\t\t\t\t\t\t\t\t\t \t\t\t\t\t\t\t\t<\/div>\n\t\t\t\t\t\t\t\t<div class=\"image-tools top right show-on-hover\">\n\t\t\t\t\t\t\t\t\t\t\t\t\t\t\t\t\t<\/div>\n\t\t\t\t\t\t\t\t\t\t\t\t\t\t\t\t\t<div class=\"image-tools grid-tools text-center hide-for-small bottom hover-slide-in show-on-hover\">\n\t\t\t\t\t\t\t\t\t\t\t\t\t\t\t\t\t\t\t<\/div>\n\t\t\t\t\t\t\t\t\t\t\t\t\t\t\t\t\t\t\t\t\t\t\t<\/div>\n\n\t\t\t\t\t\t\t<div class=\"box-text text-center\" >\n\t\t\t\t\t\t\t\t<div class=\"title-wrapper\">\t\t<p class=\"category uppercase is-smaller no-text-overflow product-cat op-7\">\n\t\t\tCeci\t\t<\/p>\n\t<p class=\"name product-title woocommerce-loop-product__title\"><a href=\"https:\/\/schaumweinkontor.com\/en\/produkt\/ceci-bruno-rose-lambrusco-emilia-igt-brut-075-l\/\" class=\"woocommerce-LoopProduct-link woocommerce-loop-product__link\">Ceci Bruno Rose Lambrusco Emilia IGT Brut 0,75 L<\/a><\/p><\/div><div class=\"price-wrapper\">\n\t<span class=\"price\"><span class=\"woocommerce-Price-amount amount\" role=\"none\"><bdi><span class=\"woocommerce-Price-currencySymbol\">&euro;<\/span>&nbsp;11,40<\/bdi><\/span> <small class=\"woocommerce-price-suffix\">inkl. MwSt.<\/small><\/span>\n<\/div><div class=\"add-to-cart-button\"><a href=\"\/en\/wp-json\/wp\/v2\/pages\/4628?add-to-cart=4764\" aria-describedby=\"woocommerce_loop_add_to_cart_link_describedby_4764\" data-quantity=\"1\" class=\"primary is-small mb-0 button product_type_simple add_to_cart_button ajax_add_to_cart is-outline\" data-product_id=\"4764\" data-product_sku=\"100300257\" aria-label=\"Add to cart: &ldquo;Ceci Bruno Rose Lambrusco Emilia IGT Brut 0,75 L&rdquo;\" rel=\"nofollow\" data-success_message=\"&ldquo;Ceci Bruno Rose Lambrusco Emilia IGT Brut 0,75 L&rdquo; has been added to your cart\" role=\"button\">Add to cart<\/a><\/div>\t<span id=\"woocommerce_loop_add_to_cart_link_describedby_4764\" class=\"screen-reader-text\">\n\t\t\t<\/span>\n\t\t\t\t\t\t\t<\/div>\n\t\t\t\t\t\t<\/div>\n\t\t\t\t\t\t<\/div>\n\t\t\t\t\t<\/div><div class=\"col\" data-animate=\"fadeInUp\">\n\t\t\t\t\t\t<div class=\"col-inner\">\n\t\t\t\t\t\t\n<div class=\"badge-container badge-custom absolute right top z-1\">\n\n<\/div>\n\t\t\t\t\t\t<div class=\"product-small box has-hover box-vertical box-text-bottom\">\n\t\t\t\t\t\t\t<div class=\"box-image\" >\n\t\t\t\t\t\t\t\t<div class=\"\" >\n\t\t\t\t\t\t\t\t\t<a href=\"https:\/\/schaumweinkontor.com\/en\/produkt\/ceci-bruno-lambrusco-emilia-igt-brut-075-l\/\" aria-label=\"Ceci Bruno Lambrusco Emilia IGT Brut 0,75 L\">\n\t\t\t\t\t\t\t\t\t\t<img loading=\"lazy\" decoding=\"async\" width=\"300\" height=\"300\" src=\"https:\/\/schaumweinkontor.com\/wp-content\/uploads\/2022\/06\/Schaumweinkontor-Bruno-Spumante-Brut-Rosso-1000x1000px-300x300.png\" class=\"attachment-medium size-medium\" alt=\"Ceci Bruno Lambrusco Emilia IGT Brut 0,75 L\" srcset=\"https:\/\/schaumweinkontor.com\/wp-content\/uploads\/2022\/06\/Schaumweinkontor-Bruno-Spumante-Brut-Rosso-1000x1000px-300x300.png 300w, https:\/\/schaumweinkontor.com\/wp-content\/uploads\/2022\/06\/Schaumweinkontor-Bruno-Spumante-Brut-Rosso-1000x1000px-100x100.png 100w, https:\/\/schaumweinkontor.com\/wp-content\/uploads\/2022\/06\/Schaumweinkontor-Bruno-Spumante-Brut-Rosso-1000x1000px-510x510.png 510w, https:\/\/schaumweinkontor.com\/wp-content\/uploads\/2022\/06\/Schaumweinkontor-Bruno-Spumante-Brut-Rosso-1000x1000px-150x150.png 150w, https:\/\/schaumweinkontor.com\/wp-content\/uploads\/2022\/06\/Schaumweinkontor-Bruno-Spumante-Brut-Rosso-1000x1000px-768x768.png 768w, https:\/\/schaumweinkontor.com\/wp-content\/uploads\/2022\/06\/Schaumweinkontor-Bruno-Spumante-Brut-Rosso-1000x1000px.png 1000w\" sizes=\"auto, (max-width: 300px) 100vw, 300px\" \/>\t\t\t\t\t\t\t\t\t<\/a>\n\t\t\t\t\t\t\t\t\t\t\t\t\t\t\t\t\t\t \t\t\t\t\t\t\t\t<\/div>\n\t\t\t\t\t\t\t\t<div class=\"image-tools top right show-on-hover\">\n\t\t\t\t\t\t\t\t\t\t\t\t\t\t\t\t\t<\/div>\n\t\t\t\t\t\t\t\t\t\t\t\t\t\t\t\t\t<div class=\"image-tools grid-tools text-center hide-for-small bottom hover-slide-in show-on-hover\">\n\t\t\t\t\t\t\t\t\t\t\t\t\t\t\t\t\t\t\t<\/div>\n\t\t\t\t\t\t\t\t\t\t\t\t\t\t\t\t<div class=\"out-of-stock-label\">Out of stock<\/div>\t\t\t\t\t\t\t<\/div>\n\n\t\t\t\t\t\t\t<div class=\"box-text text-center\" >\n\t\t\t\t\t\t\t\t<div class=\"title-wrapper\">\t\t<p class=\"category uppercase is-smaller no-text-overflow product-cat op-7\">\n\t\t\tCeci\t\t<\/p>\n\t<p class=\"name product-title woocommerce-loop-product__title\"><a href=\"https:\/\/schaumweinkontor.com\/en\/produkt\/ceci-bruno-lambrusco-emilia-igt-brut-075-l\/\" class=\"woocommerce-LoopProduct-link woocommerce-loop-product__link\">Ceci Bruno Lambrusco Emilia IGT Brut 0,75 L<\/a><\/p><\/div><div class=\"price-wrapper\">\n\t<span class=\"price\"><span class=\"woocommerce-Price-amount amount\" role=\"none\"><bdi><span class=\"woocommerce-Price-currencySymbol\">&euro;<\/span>&nbsp;11,40<\/bdi><\/span> <small class=\"woocommerce-price-suffix\">inkl. MwSt.<\/small><\/span>\n<\/div><div class=\"add-to-cart-button\"><a href=\"https:\/\/schaumweinkontor.com\/en\/produkt\/ceci-bruno-lambrusco-emilia-igt-brut-075-l\/\" aria-describedby=\"woocommerce_loop_add_to_cart_link_describedby_4765\" data-quantity=\"1\" class=\"primary is-small mb-0 button product_type_simple is-outline\" data-product_id=\"4765\" data-product_sku=\"100300256\" aria-label=\"Read more about &ldquo;Ceci Bruno Lambrusco Emilia IGT Brut 0,75 L&rdquo;\" rel=\"nofollow\" data-success_message=\"\">Read more<\/a><\/div>\t<span id=\"woocommerce_loop_add_to_cart_link_describedby_4765\" class=\"screen-reader-text\">\n\t\t\t<\/span>\n\t\t\t\t\t\t\t<\/div>\n\t\t\t\t\t\t<\/div>\n\t\t\t\t\t\t<\/div>\n\t\t\t\t\t<\/div><div class=\"col\" data-animate=\"fadeInUp\">\n\t\t\t\t\t\t<div class=\"col-inner\">\n\t\t\t\t\t\t\n<div class=\"badge-container badge-custom absolute right top z-1\">\n\n<\/div>\n\t\t\t\t\t\t<div class=\"product-small box has-hover box-vertical box-text-bottom\">\n\t\t\t\t\t\t\t<div class=\"box-image\" >\n\t\t\t\t\t\t\t\t<div class=\"\" >\n\t\t\t\t\t\t\t\t\t<a href=\"https:\/\/schaumweinkontor.com\/en\/produkt\/ceci-on-ice-075-l\/\" aria-label=\"Ceci ON&#039;I OTELLOON&#039;Ice 0,75 L\">\n\t\t\t\t\t\t\t\t\t\t<img loading=\"lazy\" decoding=\"async\" width=\"300\" height=\"300\" src=\"https:\/\/schaumweinkontor.com\/wp-content\/uploads\/2023\/04\/Ceci-on-Ice_1000x1000-px-300x300.png\" class=\"attachment-medium size-medium\" alt=\"Ceci ON&#039;I OTELLOON&#039;Ice 0,75 L\" srcset=\"https:\/\/schaumweinkontor.com\/wp-content\/uploads\/2023\/04\/Ceci-on-Ice_1000x1000-px-300x300.png 300w, https:\/\/schaumweinkontor.com\/wp-content\/uploads\/2023\/04\/Ceci-on-Ice_1000x1000-px-100x100.png 100w, https:\/\/schaumweinkontor.com\/wp-content\/uploads\/2023\/04\/Ceci-on-Ice_1000x1000-px-510x510.png 510w, https:\/\/schaumweinkontor.com\/wp-content\/uploads\/2023\/04\/Ceci-on-Ice_1000x1000-px-150x150.png 150w, https:\/\/schaumweinkontor.com\/wp-content\/uploads\/2023\/04\/Ceci-on-Ice_1000x1000-px-768x768.png 768w, https:\/\/schaumweinkontor.com\/wp-content\/uploads\/2023\/04\/Ceci-on-Ice_1000x1000-px.png 1000w\" sizes=\"auto, (max-width: 300px) 100vw, 300px\" \/>\t\t\t\t\t\t\t\t\t<\/a>\n\t\t\t\t\t\t\t\t\t\t\t\t\t\t\t\t\t\t \t\t\t\t\t\t\t\t<\/div>\n\t\t\t\t\t\t\t\t<div class=\"image-tools top right show-on-hover\">\n\t\t\t\t\t\t\t\t\t\t\t\t\t\t\t\t\t<\/div>\n\t\t\t\t\t\t\t\t\t\t\t\t\t\t\t\t\t<div class=\"image-tools grid-tools text-center hide-for-small bottom hover-slide-in show-on-hover\">\n\t\t\t\t\t\t\t\t\t\t\t\t\t\t\t\t\t\t\t<\/div>\n\t\t\t\t\t\t\t\t\t\t\t\t\t\t\t\t\t\t\t\t\t\t\t<\/div>\n\n\t\t\t\t\t\t\t<div class=\"box-text text-center\" >\n\t\t\t\t\t\t\t\t<div class=\"title-wrapper\">\t\t<p class=\"category uppercase is-smaller no-text-overflow product-cat op-7\">\n\t\t\tCeci\t\t<\/p>\n\t<p class=\"name product-title woocommerce-loop-product__title\"><a href=\"https:\/\/schaumweinkontor.com\/en\/produkt\/ceci-on-ice-075-l\/\" class=\"woocommerce-LoopProduct-link woocommerce-loop-product__link\">Ceci ON&#8217;I OTELLOON&#8217;Ice 0,75 L<\/a><\/p><\/div><div class=\"price-wrapper\">\n\t<span class=\"price\"><span class=\"woocommerce-Price-amount amount\" role=\"none\"><bdi><span class=\"woocommerce-Price-currencySymbol\">&euro;<\/span>&nbsp;14,20<\/bdi><\/span> <small class=\"woocommerce-price-suffix\">inkl. MwSt.<\/small><\/span>\n<\/div><div class=\"add-to-cart-button\"><a href=\"\/en\/wp-json\/wp\/v2\/pages\/4628?add-to-cart=4701\" aria-describedby=\"woocommerce_loop_add_to_cart_link_describedby_4701\" data-quantity=\"1\" class=\"primary is-small mb-0 button product_type_simple add_to_cart_button ajax_add_to_cart is-outline\" data-product_id=\"4701\" data-product_sku=\"100300260\" aria-label=\"Add to cart: &ldquo;Ceci ON&#039;I OTELLOON&#039;Ice 0,75 L&rdquo;\" rel=\"nofollow\" data-success_message=\"&ldquo;Ceci ON&#039;I OTELLOON&#039;Ice 0,75 L&rdquo; has been added to your cart\" role=\"button\">Add to cart<\/a><\/div>\t<span id=\"woocommerce_loop_add_to_cart_link_describedby_4701\" class=\"screen-reader-text\">\n\t\t\t<\/span>\n\t\t\t\t\t\t\t<\/div>\n\t\t\t\t\t\t<\/div>\n\t\t\t\t\t\t<\/div>\n\t\t\t\t\t<\/div><\/div>\n\n\n  \n    <div class=\"row  equalize-box show-for-medium hide-for-small large-columns-3 medium-columns-2 small-columns-1 row-large has-shadow row-box-shadow-2 row-box-shadow-4-hover\" >\n  \t\n\t     <div class=\"col\" data-animate=\"fadeInUp\">\n\t\t\t\t\t\t<div class=\"col-inner\">\n\t\t\t\t\t\t\n<div class=\"badge-container badge-custom absolute right top z-1\">\n<div class=\"callout badge badge-circle\"><div class=\"badge-inner secondary on-sale\"><span class=\"onsale\">Sale!<\/span><\/div><\/div>\n<\/div>\n\t\t\t\t\t\t<div class=\"product-small box has-hover box-normal box-text-bottom\">\n\t\t\t\t\t\t\t<div class=\"box-image\" >\n\t\t\t\t\t\t\t\t<div class=\"\" >\n\t\t\t\t\t\t\t\t\t<a href=\"https:\/\/schaumweinkontor.com\/en\/produkt\/ceci-otello-1813-lambrusco-emilia-igt-med-dry-075-l\/\" aria-label=\"Ceci Otello 1813 Lambrusco Emilia IGT med-dry 0,75 L\">\n\t\t\t\t\t\t\t\t\t\t<img loading=\"lazy\" decoding=\"async\" width=\"300\" height=\"300\" src=\"https:\/\/schaumweinkontor.com\/wp-content\/uploads\/2022\/06\/Ceci-Otello-1813-Lambrusco-Emilia-IGT-med-dry-075-L-300x300.png\" class=\"attachment-medium size-medium\" alt=\"Ceci Otello 1813 Lambrusco Emilia IGT med-dry 0,75 L\" srcset=\"https:\/\/schaumweinkontor.com\/wp-content\/uploads\/2022\/06\/Ceci-Otello-1813-Lambrusco-Emilia-IGT-med-dry-075-L-300x300.png 300w, https:\/\/schaumweinkontor.com\/wp-content\/uploads\/2022\/06\/Ceci-Otello-1813-Lambrusco-Emilia-IGT-med-dry-075-L-100x100.png 100w, https:\/\/schaumweinkontor.com\/wp-content\/uploads\/2022\/06\/Ceci-Otello-1813-Lambrusco-Emilia-IGT-med-dry-075-L-510x510.png 510w, https:\/\/schaumweinkontor.com\/wp-content\/uploads\/2022\/06\/Ceci-Otello-1813-Lambrusco-Emilia-IGT-med-dry-075-L-150x150.png 150w, https:\/\/schaumweinkontor.com\/wp-content\/uploads\/2022\/06\/Ceci-Otello-1813-Lambrusco-Emilia-IGT-med-dry-075-L-768x768.png 768w, https:\/\/schaumweinkontor.com\/wp-content\/uploads\/2022\/06\/Ceci-Otello-1813-Lambrusco-Emilia-IGT-med-dry-075-L.png 1000w\" sizes=\"auto, (max-width: 300px) 100vw, 300px\" \/>\t\t\t\t\t\t\t\t\t<\/a>\n\t\t\t\t\t\t\t\t\t\t\t\t\t\t\t\t\t\t \t\t\t\t\t\t\t\t<\/div>\n\t\t\t\t\t\t\t\t<div class=\"image-tools top right show-on-hover\">\n\t\t\t\t\t\t\t\t\t\t\t\t\t\t\t\t\t<\/div>\n\t\t\t\t\t\t\t\t\t\t\t\t\t\t\t\t\t<div class=\"image-tools grid-tools text-center hide-for-small bottom hover-slide-in show-on-hover\">\n\t\t\t\t\t\t\t\t\t\t\t\t\t\t\t\t\t\t\t<\/div>\n\t\t\t\t\t\t\t\t\t\t\t\t\t\t\t\t\t\t\t\t\t\t\t<\/div>\n\n\t\t\t\t\t\t\t<div class=\"box-text text-center\" >\n\t\t\t\t\t\t\t\t<div class=\"title-wrapper\">\t\t<p class=\"category uppercase is-smaller no-text-overflow product-cat op-7\">\n\t\t\tCeci\t\t<\/p>\n\t<p class=\"name product-title woocommerce-loop-product__title\"><a href=\"https:\/\/schaumweinkontor.com\/en\/produkt\/ceci-otello-1813-lambrusco-emilia-igt-med-dry-075-l\/\" class=\"woocommerce-LoopProduct-link woocommerce-loop-product__link\">Ceci Otello 1813 Lambrusco Emilia IGT med-dry 0,75 L<\/a><\/p><\/div><div class=\"price-wrapper\">\n\t<span class=\"price\"><del aria-hidden=\"true\"><span class=\"woocommerce-Price-amount amount\" role=\"none\"><bdi><span class=\"woocommerce-Price-currencySymbol\">&euro;<\/span>&nbsp;11,40<\/bdi><\/span><\/del> <span class=\"screen-reader-text\">Original price was: &euro;&nbsp;11,40.<\/span><ins aria-hidden=\"true\"><span class=\"woocommerce-Price-amount amount\" role=\"none\"><bdi><span class=\"woocommerce-Price-currencySymbol\">&euro;<\/span>&nbsp;8,55<\/bdi><\/span><\/ins><span class=\"screen-reader-text\">Current price is: &euro;&nbsp;8,55.<\/span> <small class=\"woocommerce-price-suffix\">inkl. MwSt.<\/small><\/span>\n<\/div><div class=\"add-to-cart-button\"><a href=\"\/en\/wp-json\/wp\/v2\/pages\/4628?add-to-cart=4762\" aria-describedby=\"woocommerce_loop_add_to_cart_link_describedby_4762\" data-quantity=\"1\" class=\"primary is-small mb-0 button product_type_simple add_to_cart_button ajax_add_to_cart is-outline\" data-product_id=\"4762\" data-product_sku=\"100300259\" aria-label=\"Add to cart: &ldquo;Ceci Otello 1813 Lambrusco Emilia IGT med-dry 0,75 L&rdquo;\" rel=\"nofollow\" data-success_message=\"&ldquo;Ceci Otello 1813 Lambrusco Emilia IGT med-dry 0,75 L&rdquo; has been added to your cart\" role=\"button\">Add to cart<\/a><\/div>\t<span id=\"woocommerce_loop_add_to_cart_link_describedby_4762\" class=\"screen-reader-text\">\n\t\t\t<\/span>\n\t\t\t\t\t\t\t<\/div>\n\t\t\t\t\t\t<\/div>\n\t\t\t\t\t\t<\/div>\n\t\t\t\t\t<\/div><div class=\"col\" data-animate=\"fadeInUp\">\n\t\t\t\t\t\t<div class=\"col-inner\">\n\t\t\t\t\t\t\n<div class=\"badge-container badge-custom absolute right top z-1\">\n\n<\/div>\n\t\t\t\t\t\t<div class=\"product-small box has-hover box-normal box-text-bottom\">\n\t\t\t\t\t\t\t<div class=\"box-image\" >\n\t\t\t\t\t\t\t\t<div class=\"\" >\n\t\t\t\t\t\t\t\t\t<a href=\"https:\/\/schaumweinkontor.com\/en\/produkt\/ceci-bruno-rose-lambrusco-emilia-igt-brut-075-l\/\" aria-label=\"Ceci Bruno Rose Lambrusco Emilia IGT Brut 0,75 L\">\n\t\t\t\t\t\t\t\t\t\t<img loading=\"lazy\" decoding=\"async\" width=\"300\" height=\"300\" src=\"https:\/\/schaumweinkontor.com\/wp-content\/uploads\/2022\/06\/Ceci-Bruno-Rose-075-300x300.jpg\" class=\"attachment-medium size-medium\" alt=\"Ceci Bruno Rose Lambrusco Emilia IGT Brut 0,75 L\" srcset=\"https:\/\/schaumweinkontor.com\/wp-content\/uploads\/2022\/06\/Ceci-Bruno-Rose-075-300x300.jpg 300w, https:\/\/schaumweinkontor.com\/wp-content\/uploads\/2022\/06\/Ceci-Bruno-Rose-075-100x100.jpg 100w, https:\/\/schaumweinkontor.com\/wp-content\/uploads\/2022\/06\/Ceci-Bruno-Rose-075-510x510.jpg 510w, https:\/\/schaumweinkontor.com\/wp-content\/uploads\/2022\/06\/Ceci-Bruno-Rose-075-150x150.jpg 150w, https:\/\/schaumweinkontor.com\/wp-content\/uploads\/2022\/06\/Ceci-Bruno-Rose-075-768x768.jpg 768w, https:\/\/schaumweinkontor.com\/wp-content\/uploads\/2022\/06\/Ceci-Bruno-Rose-075.jpg 1000w\" sizes=\"auto, (max-width: 300px) 100vw, 300px\" \/>\t\t\t\t\t\t\t\t\t<\/a>\n\t\t\t\t\t\t\t\t\t\t\t\t\t\t\t\t\t\t \t\t\t\t\t\t\t\t<\/div>\n\t\t\t\t\t\t\t\t<div class=\"image-tools top right show-on-hover\">\n\t\t\t\t\t\t\t\t\t\t\t\t\t\t\t\t\t<\/div>\n\t\t\t\t\t\t\t\t\t\t\t\t\t\t\t\t\t<div class=\"image-tools grid-tools text-center hide-for-small bottom hover-slide-in show-on-hover\">\n\t\t\t\t\t\t\t\t\t\t\t\t\t\t\t\t\t\t\t<\/div>\n\t\t\t\t\t\t\t\t\t\t\t\t\t\t\t\t\t\t\t\t\t\t\t<\/div>\n\n\t\t\t\t\t\t\t<div class=\"box-text text-center\" >\n\t\t\t\t\t\t\t\t<div class=\"title-wrapper\">\t\t<p class=\"category uppercase is-smaller no-text-overflow product-cat op-7\">\n\t\t\tCeci\t\t<\/p>\n\t<p class=\"name product-title woocommerce-loop-product__title\"><a href=\"https:\/\/schaumweinkontor.com\/en\/produkt\/ceci-bruno-rose-lambrusco-emilia-igt-brut-075-l\/\" class=\"woocommerce-LoopProduct-link woocommerce-loop-product__link\">Ceci Bruno Rose Lambrusco Emilia IGT Brut 0,75 L<\/a><\/p><\/div><div class=\"price-wrapper\">\n\t<span class=\"price\"><span class=\"woocommerce-Price-amount amount\" role=\"none\"><bdi><span class=\"woocommerce-Price-currencySymbol\">&euro;<\/span>&nbsp;11,40<\/bdi><\/span> <small class=\"woocommerce-price-suffix\">inkl. MwSt.<\/small><\/span>\n<\/div><div class=\"add-to-cart-button\"><a href=\"\/en\/wp-json\/wp\/v2\/pages\/4628?add-to-cart=4764\" aria-describedby=\"woocommerce_loop_add_to_cart_link_describedby_4764\" data-quantity=\"1\" class=\"primary is-small mb-0 button product_type_simple add_to_cart_button ajax_add_to_cart is-outline\" data-product_id=\"4764\" data-product_sku=\"100300257\" aria-label=\"Add to cart: &ldquo;Ceci Bruno Rose Lambrusco Emilia IGT Brut 0,75 L&rdquo;\" rel=\"nofollow\" data-success_message=\"&ldquo;Ceci Bruno Rose Lambrusco Emilia IGT Brut 0,75 L&rdquo; has been added to your cart\" role=\"button\">Add to cart<\/a><\/div>\t<span id=\"woocommerce_loop_add_to_cart_link_describedby_4764\" class=\"screen-reader-text\">\n\t\t\t<\/span>\n\t\t\t\t\t\t\t<\/div>\n\t\t\t\t\t\t<\/div>\n\t\t\t\t\t\t<\/div>\n\t\t\t\t\t<\/div><div class=\"col\" data-animate=\"fadeInUp\">\n\t\t\t\t\t\t<div class=\"col-inner\">\n\t\t\t\t\t\t\n<div class=\"badge-container badge-custom absolute right top z-1\">\n\n<\/div>\n\t\t\t\t\t\t<div class=\"product-small box has-hover box-normal box-text-bottom\">\n\t\t\t\t\t\t\t<div class=\"box-image\" >\n\t\t\t\t\t\t\t\t<div class=\"\" >\n\t\t\t\t\t\t\t\t\t<a href=\"https:\/\/schaumweinkontor.com\/en\/produkt\/ceci-bruno-lambrusco-emilia-igt-brut-075-l\/\" aria-label=\"Ceci Bruno Lambrusco Emilia IGT Brut 0,75 L\">\n\t\t\t\t\t\t\t\t\t\t<img loading=\"lazy\" decoding=\"async\" width=\"300\" height=\"300\" src=\"https:\/\/schaumweinkontor.com\/wp-content\/uploads\/2022\/06\/Schaumweinkontor-Bruno-Spumante-Brut-Rosso-1000x1000px-300x300.png\" class=\"attachment-medium size-medium\" alt=\"Ceci Bruno Lambrusco Emilia IGT Brut 0,75 L\" srcset=\"https:\/\/schaumweinkontor.com\/wp-content\/uploads\/2022\/06\/Schaumweinkontor-Bruno-Spumante-Brut-Rosso-1000x1000px-300x300.png 300w, https:\/\/schaumweinkontor.com\/wp-content\/uploads\/2022\/06\/Schaumweinkontor-Bruno-Spumante-Brut-Rosso-1000x1000px-100x100.png 100w, https:\/\/schaumweinkontor.com\/wp-content\/uploads\/2022\/06\/Schaumweinkontor-Bruno-Spumante-Brut-Rosso-1000x1000px-510x510.png 510w, https:\/\/schaumweinkontor.com\/wp-content\/uploads\/2022\/06\/Schaumweinkontor-Bruno-Spumante-Brut-Rosso-1000x1000px-150x150.png 150w, https:\/\/schaumweinkontor.com\/wp-content\/uploads\/2022\/06\/Schaumweinkontor-Bruno-Spumante-Brut-Rosso-1000x1000px-768x768.png 768w, https:\/\/schaumweinkontor.com\/wp-content\/uploads\/2022\/06\/Schaumweinkontor-Bruno-Spumante-Brut-Rosso-1000x1000px.png 1000w\" sizes=\"auto, (max-width: 300px) 100vw, 300px\" \/>\t\t\t\t\t\t\t\t\t<\/a>\n\t\t\t\t\t\t\t\t\t\t\t\t\t\t\t\t\t\t \t\t\t\t\t\t\t\t<\/div>\n\t\t\t\t\t\t\t\t<div class=\"image-tools top right show-on-hover\">\n\t\t\t\t\t\t\t\t\t\t\t\t\t\t\t\t\t<\/div>\n\t\t\t\t\t\t\t\t\t\t\t\t\t\t\t\t\t<div class=\"image-tools grid-tools text-center hide-for-small bottom hover-slide-in show-on-hover\">\n\t\t\t\t\t\t\t\t\t\t\t\t\t\t\t\t\t\t\t<\/div>\n\t\t\t\t\t\t\t\t\t\t\t\t\t\t\t\t<div class=\"out-of-stock-label\">Out of stock<\/div>\t\t\t\t\t\t\t<\/div>\n\n\t\t\t\t\t\t\t<div class=\"box-text text-center\" >\n\t\t\t\t\t\t\t\t<div class=\"title-wrapper\">\t\t<p class=\"category uppercase is-smaller no-text-overflow product-cat op-7\">\n\t\t\tCeci\t\t<\/p>\n\t<p class=\"name product-title woocommerce-loop-product__title\"><a href=\"https:\/\/schaumweinkontor.com\/en\/produkt\/ceci-bruno-lambrusco-emilia-igt-brut-075-l\/\" class=\"woocommerce-LoopProduct-link woocommerce-loop-product__link\">Ceci Bruno Lambrusco Emilia IGT Brut 0,75 L<\/a><\/p><\/div><div class=\"price-wrapper\">\n\t<span class=\"price\"><span class=\"woocommerce-Price-amount amount\" role=\"none\"><bdi><span class=\"woocommerce-Price-currencySymbol\">&euro;<\/span>&nbsp;11,40<\/bdi><\/span> <small class=\"woocommerce-price-suffix\">inkl. MwSt.<\/small><\/span>\n<\/div><div class=\"add-to-cart-button\"><a href=\"https:\/\/schaumweinkontor.com\/en\/produkt\/ceci-bruno-lambrusco-emilia-igt-brut-075-l\/\" aria-describedby=\"woocommerce_loop_add_to_cart_link_describedby_4765\" data-quantity=\"1\" class=\"primary is-small mb-0 button product_type_simple is-outline\" data-product_id=\"4765\" data-product_sku=\"100300256\" aria-label=\"Read more about &ldquo;Ceci Bruno Lambrusco Emilia IGT Brut 0,75 L&rdquo;\" rel=\"nofollow\" data-success_message=\"\">Read more<\/a><\/div>\t<span id=\"woocommerce_loop_add_to_cart_link_describedby_4765\" class=\"screen-reader-text\">\n\t\t\t<\/span>\n\t\t\t\t\t\t\t<\/div>\n\t\t\t\t\t\t<\/div>\n\t\t\t\t\t\t<\/div>\n\t\t\t\t\t<\/div><div class=\"col\" data-animate=\"fadeInUp\">\n\t\t\t\t\t\t<div class=\"col-inner\">\n\t\t\t\t\t\t\n<div class=\"badge-container badge-custom absolute right top z-1\">\n\n<\/div>\n\t\t\t\t\t\t<div class=\"product-small box has-hover box-normal box-text-bottom\">\n\t\t\t\t\t\t\t<div class=\"box-image\" >\n\t\t\t\t\t\t\t\t<div class=\"\" >\n\t\t\t\t\t\t\t\t\t<a href=\"https:\/\/schaumweinkontor.com\/en\/produkt\/ceci-on-ice-075-l\/\" aria-label=\"Ceci ON&#039;I OTELLOON&#039;Ice 0,75 L\">\n\t\t\t\t\t\t\t\t\t\t<img loading=\"lazy\" decoding=\"async\" width=\"300\" height=\"300\" src=\"https:\/\/schaumweinkontor.com\/wp-content\/uploads\/2023\/04\/Ceci-on-Ice_1000x1000-px-300x300.png\" class=\"attachment-medium size-medium\" alt=\"Ceci ON&#039;I OTELLOON&#039;Ice 0,75 L\" srcset=\"https:\/\/schaumweinkontor.com\/wp-content\/uploads\/2023\/04\/Ceci-on-Ice_1000x1000-px-300x300.png 300w, https:\/\/schaumweinkontor.com\/wp-content\/uploads\/2023\/04\/Ceci-on-Ice_1000x1000-px-100x100.png 100w, https:\/\/schaumweinkontor.com\/wp-content\/uploads\/2023\/04\/Ceci-on-Ice_1000x1000-px-510x510.png 510w, https:\/\/schaumweinkontor.com\/wp-content\/uploads\/2023\/04\/Ceci-on-Ice_1000x1000-px-150x150.png 150w, https:\/\/schaumweinkontor.com\/wp-content\/uploads\/2023\/04\/Ceci-on-Ice_1000x1000-px-768x768.png 768w, https:\/\/schaumweinkontor.com\/wp-content\/uploads\/2023\/04\/Ceci-on-Ice_1000x1000-px.png 1000w\" sizes=\"auto, (max-width: 300px) 100vw, 300px\" \/>\t\t\t\t\t\t\t\t\t<\/a>\n\t\t\t\t\t\t\t\t\t\t\t\t\t\t\t\t\t\t \t\t\t\t\t\t\t\t<\/div>\n\t\t\t\t\t\t\t\t<div class=\"image-tools top right show-on-hover\">\n\t\t\t\t\t\t\t\t\t\t\t\t\t\t\t\t\t<\/div>\n\t\t\t\t\t\t\t\t\t\t\t\t\t\t\t\t\t<div class=\"image-tools grid-tools text-center hide-for-small bottom hover-slide-in show-on-hover\">\n\t\t\t\t\t\t\t\t\t\t\t\t\t\t\t\t\t\t\t<\/div>\n\t\t\t\t\t\t\t\t\t\t\t\t\t\t\t\t\t\t\t\t\t\t\t<\/div>\n\n\t\t\t\t\t\t\t<div class=\"box-text text-center\" >\n\t\t\t\t\t\t\t\t<div class=\"title-wrapper\">\t\t<p class=\"category uppercase is-smaller no-text-overflow product-cat op-7\">\n\t\t\tCeci\t\t<\/p>\n\t<p class=\"name product-title woocommerce-loop-product__title\"><a href=\"https:\/\/schaumweinkontor.com\/en\/produkt\/ceci-on-ice-075-l\/\" class=\"woocommerce-LoopProduct-link woocommerce-loop-product__link\">Ceci ON&#8217;I OTELLOON&#8217;Ice 0,75 L<\/a><\/p><\/div><div class=\"price-wrapper\">\n\t<span class=\"price\"><span class=\"woocommerce-Price-amount amount\" role=\"none\"><bdi><span class=\"woocommerce-Price-currencySymbol\">&euro;<\/span>&nbsp;14,20<\/bdi><\/span> <small class=\"woocommerce-price-suffix\">inkl. MwSt.<\/small><\/span>\n<\/div><div class=\"add-to-cart-button\"><a href=\"\/en\/wp-json\/wp\/v2\/pages\/4628?add-to-cart=4701\" aria-describedby=\"woocommerce_loop_add_to_cart_link_describedby_4701\" data-quantity=\"1\" class=\"primary is-small mb-0 button product_type_simple add_to_cart_button ajax_add_to_cart is-outline\" data-product_id=\"4701\" data-product_sku=\"100300260\" aria-label=\"Add to cart: &ldquo;Ceci ON&#039;I OTELLOON&#039;Ice 0,75 L&rdquo;\" rel=\"nofollow\" data-success_message=\"&ldquo;Ceci ON&#039;I OTELLOON&#039;Ice 0,75 L&rdquo; has been added to your cart\" role=\"button\">Add to cart<\/a><\/div>\t<span id=\"woocommerce_loop_add_to_cart_link_describedby_4701\" class=\"screen-reader-text\">\n\t\t\t<\/span>\n\t\t\t\t\t\t\t<\/div>\n\t\t\t\t\t\t<\/div>\n\t\t\t\t\t\t<\/div>\n\t\t\t\t\t<\/div><\/div>\n\n\n\t\t<\/div>\n\t\t\t\t\t<\/div>\n\n\t\n\n<\/div>\n<div class=\"row row-collapse row-full-width align-middle blau-verlauf show-for-medium\"  id=\"row-896885775\">\n\n\n\t<div id=\"col-1625356172\" class=\"col medium-6 small-5 large-6\"  >\n\t\t\t\t<div class=\"col-inner\"  >\n\t\t\t\n\t\t\t\n\n\t<div id=\"text-212878128\" class=\"text\">\n\t\t\n\n<h2><span style=\"font-size: 75%;\">Italien<\/span><\/h2>\n\t\t\n<style>\n#text-212878128 {\n  font-size: 1.5rem;\n  line-height: 2;\n}\n<\/style>\n\t<\/div>\n\t\n\n\t\t<\/div>\n\t\t\t\t\t<\/div>\n\n\t\n\n\t<div id=\"col-1983466956\" class=\"col medium-6 small-7 large-6\"  >\n\t\t\t\t<div class=\"col-inner\"  >\n\t\t\t\n\t\t\t\n\n<h5 id=\"lambrusco-mobile\" class=\"uppercase\" style=\"text-align: right;\"><span style=\"color: #b79549; font-size: 75%;\">Sonstiges<\/span><\/h5>\n\n\t\t<\/div>\n\t\t\t\t\t<\/div>\n\n\t\n\n\n<style>\n#row-896885775 > .col > .col-inner {\n  padding: 0px 20px 0px 20px;\n  border-radius: 74px;\n}\n<\/style>\n<\/div>\n\t<section class=\"section bg_winzer show-for-medium\" id=\"section_101723315\">\n\t\t<div class=\"bg section-bg fill bg-fill  \" >\n\n\t\t\t\n\t\t\t\n\t\t\t\n\n\t\t<\/div>\n\n\t\t\n\n\t\t<div class=\"section-content relative\">\n\t\t\t\n\n<div class=\"row row-collapse row-full-width align-middle align-center\"  id=\"row-1725005055\">\n\n\n\t<div id=\"col-1302876368\" class=\"col small-12 large-12\"  >\n\t\t\t\t<div class=\"col-inner\"  >\n\t\t\t\n\t\t\t\n\n<div id=\"sonstiges-italia-mobile\">\n<h2>\u00a0<\/h2>\n<h2 class=\"uppercase\" style=\"text-align: center;\"><span style=\"font-size: 90%;\">Sonstiges<\/span><\/h2>\n<\/div>\n\n\t\t<\/div>\n\t\t\t\t\t<\/div>\n\n\t\n\n\n<style>\n#row-1725005055 > .col > .col-inner {\n  padding: 0 0px 0px 0px;\n}\n@media (min-width:550px) {\n  #row-1725005055 > .col > .col-inner {\n    padding: 15px 0px 0px 0px;\n  }\n}\n<\/style>\n<\/div>\n\n\t\t<\/div>\n\n\t\t\n<style>\n#section_101723315 {\n  padding-top: 10px;\n  padding-bottom: 10px;\n  margin-bottom: 0px;\n}\n#section_101723315 .section-bg.bg-loaded {\n  background-image: url(https:\/\/schaumweinkontor.com\/wp-content\/uploads\/2022\/06\/landscape-illu-gold-transp.png);\n}\n@media (min-width:550px) {\n  #section_101723315 {\n    padding-top: 20px;\n    padding-bottom: 20px;\n  }\n}\n<\/style>\n\t<\/section>\n\t\n<div class=\"row row-collapse row-full-width align-middle align-center\"  id=\"row-623028887\">\n\n\n\t<div id=\"col-1158539464\" class=\"col small-12 large-12\"  >\n\t\t\t\t<div class=\"col-inner\"  >\n\t\t\t\n\t\t\t\n\n\n  \n    <div class=\"row margin-auto equalize-box show-for-small large-columns-3 medium-columns- small-columns-1 row-small row-full-width has-shadow row-box-shadow-2 row-box-shadow-4-hover\" >\n  \t<\/div>\n\n\n  \n    <div class=\"row margin-auto equalize-box show-for-medium hide-for-small large-columns-3 medium-columns-2 small-columns-1 row-large has-shadow row-box-shadow-2 row-box-shadow-4-hover\" >\n  \t<\/div>\n\n\n\t\t<\/div>\n\t\t\t\t\t<\/div>\n\n\t\n\n\n<style>\n#row-623028887 > .col > .col-inner {\n  padding: 60px 0px 0px 0px;\n}\n@media (min-width:550px) {\n  #row-623028887 > .col > .col-inner {\n    padding: 15px 0px 0px 0px;\n  }\n}\n<\/style>\n<\/div>\n\n<\/div>\n<div id=\"at-mobile\">\n<div class=\"row row-collapse row-full-width align-middle align-center blau-verlauf\"  id=\"row-1403965271\">\n\n\n\t<div id=\"col-1088874451\" class=\"col medium-6 small-5 large-6\"  >\n\t\t\t\t<div class=\"col-inner\"  >\n\t\t\t\n\t\t\t\n\n\t<div id=\"text-3729046261\" class=\"text\">\n\t\t\n\n<h2><span style=\"font-size: 75%;\">Austria<\/span><\/h2>\n\t\t\n<style>\n#text-3729046261 {\n  font-size: 1.5rem;\n  line-height: 2;\n}\n<\/style>\n\t<\/div>\n\t\n\n\t\t<\/div>\n\t\t\t\t\t<\/div>\n\n\t\n\n\t<div id=\"col-1438580073\" class=\"col medium-6 small-7 large-6\"  >\n\t\t\t\t<div class=\"col-inner\"  >\n\t\t\t\n\t\t\t\n\n<div id=\"sekt-at-mobile\">\n<h5 class=\"uppercase\" style=\"text-align: right;\"><span style=\"color: #b79549; font-size: 75%;\"><\/p>\n<h2><span style=\"font-size: 75%;\">sparkling wine bottle fermentation<\/span><\/h2>\n<p><\/span><\/h5>\n<\/div>\n\n\t\t<\/div>\n\t\t\t\t\t<\/div>\n\n\t\n\n\n<style>\n#row-1403965271 > .col > .col-inner {\n  padding: 0px 20px 0px 20px;\n}\n@media (min-width:550px) {\n  #row-1403965271 > .col > .col-inner {\n    padding: 0px 20px 0px 20px;\n  }\n}\n<\/style>\n<\/div>\n\t<section class=\"section bg_winzer show-for-medium\" id=\"section_2032170605\">\n\t\t<div class=\"bg section-bg fill bg-fill  \" >\n\n\t\t\t\n\t\t\t\n\t\t\t\n\n\t\t<\/div>\n\n\t\t\n\n\t\t<div class=\"section-content relative\">\n\t\t\t\n\n<div class=\"row row-full-width align-middle align-center\"  id=\"row-329551150\">\n\n\n\t<div id=\"col-364529583\" class=\"col small-12 large-12\"  >\n\t\t\t\t<div class=\"col-inner\"  >\n\t\t\t\n\t\t\t\n\n<h2 id=\"sekt-christina-mobile\" class=\"uppercase\" style=\"text-align: center;\">Christina Hugl<\/h2>\n\n\t\t<\/div>\n\t\t\t\t\t<\/div>\n\n\t\n\n\n<style>\n#row-329551150 > .col > .col-inner {\n  padding: 0px 0px 0px 0px;\n}\n@media (min-width:550px) {\n  #row-329551150 > .col > .col-inner {\n    padding: 15px 0px 0px 0px;\n  }\n}\n<\/style>\n<\/div>\n\n\t\t<\/div>\n\n\t\t\n<style>\n#section_2032170605 {\n  padding-top: 40px;\n  padding-bottom: 40px;\n  margin-bottom: 20px;\n}\n#section_2032170605 .section-bg.bg-loaded {\n  background-image: url(https:\/\/schaumweinkontor.com\/wp-content\/uploads\/2022\/06\/landscape-illu-gold-transp.png);\n}\n@media (min-width:550px) {\n  #section_2032170605 {\n    padding-top: 20px;\n    padding-bottom: 20px;\n  }\n}\n<\/style>\n\t<\/section>\n\t\n<div class=\"row row-collapse row-full-width align-middle align-center\"  id=\"row-314146618\">\n\n\n\t<div id=\"col-462125432\" class=\"col small-12 large-12\"  >\n\t\t\t\t<div class=\"col-inner text-center\"  >\n\t\t\t\n\t\t\t\n\n\n  \n    <div class=\"row margin-auto equalize-box show-for-small large-columns-3 medium-columns- small-columns-1 row-large row-full-width has-shadow row-box-shadow-2 row-box-shadow-4-hover\" >\n  \t\n\t     <div class=\"col\" data-animate=\"fadeInUp\">\n\t\t\t\t\t\t<div class=\"col-inner\">\n\t\t\t\t\t\t\n<div class=\"badge-container badge-custom absolute right top z-1\">\n\n<\/div>\n\t\t\t\t\t\t<div class=\"product-small box margin-auto has-hover box-vertical box-text-bottom\">\n\t\t\t\t\t\t\t<div class=\"box-image\" >\n\t\t\t\t\t\t\t\t<div class=\"\" >\n\t\t\t\t\t\t\t\t\t<a href=\"https:\/\/schaumweinkontor.com\/en\/produkt\/christina-hugl-sans-souci-rose-2020-075-l\/\" aria-label=\"Christina Hugl Sans Souci Ros\u00e9 2020 0,75 L\">\n\t\t\t\t\t\t\t\t\t\t<img loading=\"lazy\" decoding=\"async\" width=\"300\" height=\"300\" src=\"https:\/\/schaumweinkontor.com\/wp-content\/uploads\/2022\/06\/Christina-Hugl-Sans-Souci-Rose-2020-075-L-300x300.png\" class=\"attachment-medium size-medium\" alt=\"Christina Hugl Sans Souci Ros\u00e9 2020 0,75 L\" srcset=\"https:\/\/schaumweinkontor.com\/wp-content\/uploads\/2022\/06\/Christina-Hugl-Sans-Souci-Rose-2020-075-L-300x300.png 300w, https:\/\/schaumweinkontor.com\/wp-content\/uploads\/2022\/06\/Christina-Hugl-Sans-Souci-Rose-2020-075-L-100x100.png 100w, https:\/\/schaumweinkontor.com\/wp-content\/uploads\/2022\/06\/Christina-Hugl-Sans-Souci-Rose-2020-075-L-510x510.png 510w, https:\/\/schaumweinkontor.com\/wp-content\/uploads\/2022\/06\/Christina-Hugl-Sans-Souci-Rose-2020-075-L-150x150.png 150w, https:\/\/schaumweinkontor.com\/wp-content\/uploads\/2022\/06\/Christina-Hugl-Sans-Souci-Rose-2020-075-L-768x768.png 768w, https:\/\/schaumweinkontor.com\/wp-content\/uploads\/2022\/06\/Christina-Hugl-Sans-Souci-Rose-2020-075-L.png 1000w\" sizes=\"auto, (max-width: 300px) 100vw, 300px\" \/>\t\t\t\t\t\t\t\t\t<\/a>\n\t\t\t\t\t\t\t\t\t\t\t\t\t\t\t\t\t\t \t\t\t\t\t\t\t\t<\/div>\n\t\t\t\t\t\t\t\t<div class=\"image-tools top right show-on-hover\">\n\t\t\t\t\t\t\t\t\t\t\t\t\t\t\t\t\t<\/div>\n\t\t\t\t\t\t\t\t\t\t\t\t\t\t\t\t\t<div class=\"image-tools grid-tools text-center hide-for-small bottom hover-slide-in show-on-hover\">\n\t\t\t\t\t\t\t\t\t\t\t\t\t\t\t\t\t\t\t<\/div>\n\t\t\t\t\t\t\t\t\t\t\t\t\t\t\t\t\t\t\t\t\t\t\t<\/div>\n\n\t\t\t\t\t\t\t<div class=\"box-text text-center\" style=\"padding:0px 0px 30px 0px;\">\n\t\t\t\t\t\t\t\t<div class=\"title-wrapper\">\t\t<p class=\"category uppercase is-smaller no-text-overflow product-cat op-7\">\n\t\t\tChristina Hugl\t\t<\/p>\n\t<p class=\"name product-title woocommerce-loop-product__title\"><a href=\"https:\/\/schaumweinkontor.com\/en\/produkt\/christina-hugl-sans-souci-rose-2020-075-l\/\" class=\"woocommerce-LoopProduct-link woocommerce-loop-product__link\">Christina Hugl Sans Souci Ros\u00e9 2020 0,75 L<\/a><\/p><\/div><div class=\"price-wrapper\">\n\t<span class=\"price\"><span class=\"woocommerce-Price-amount amount\" role=\"none\"><bdi><span class=\"woocommerce-Price-currencySymbol\">&euro;<\/span>&nbsp;21,00<\/bdi><\/span> <small class=\"woocommerce-price-suffix\">inkl. MwSt.<\/small><\/span>\n<\/div><div class=\"add-to-cart-button\"><a href=\"\/en\/wp-json\/wp\/v2\/pages\/4628?add-to-cart=4777\" aria-describedby=\"woocommerce_loop_add_to_cart_link_describedby_4777\" data-quantity=\"1\" class=\"primary is-small mb-0 button product_type_simple add_to_cart_button ajax_add_to_cart is-outline\" data-product_id=\"4777\" data-product_sku=\"100300210\" aria-label=\"Add to cart: &ldquo;Christina Hugl Sans Souci Ros\u00e9 2020 0,75 L&rdquo;\" rel=\"nofollow\" data-success_message=\"&ldquo;Christina Hugl Sans Souci Ros\u00e9 2020 0,75 L&rdquo; has been added to your cart\" role=\"button\">Add to cart<\/a><\/div>\t<span id=\"woocommerce_loop_add_to_cart_link_describedby_4777\" class=\"screen-reader-text\">\n\t\t\t<\/span>\n\t\t\t\t\t\t\t<\/div>\n\t\t\t\t\t\t<\/div>\n\t\t\t\t\t\t<\/div>\n\t\t\t\t\t<\/div><div class=\"col\" data-animate=\"fadeInUp\">\n\t\t\t\t\t\t<div class=\"col-inner\">\n\t\t\t\t\t\t\n<div class=\"badge-container badge-custom absolute right top z-1\">\n\n<\/div>\n\t\t\t\t\t\t<div class=\"product-small box margin-auto has-hover box-vertical box-text-bottom\">\n\t\t\t\t\t\t\t<div class=\"box-image\" >\n\t\t\t\t\t\t\t\t<div class=\"\" >\n\t\t\t\t\t\t\t\t\t<a href=\"https:\/\/schaumweinkontor.com\/en\/produkt\/christina-hugl-sans-souci-gruener-veltliner-2020-075-l\/\" aria-label=\"Christina Hugl Sans Souci Gr\u00fcner Veltliner 2020 0,75 L\">\n\t\t\t\t\t\t\t\t\t\t<img loading=\"lazy\" decoding=\"async\" width=\"300\" height=\"300\" src=\"https:\/\/schaumweinkontor.com\/wp-content\/uploads\/2022\/06\/Christina-Hugl-Sans-Souci-Gruener-Veltliner-2020-075-L-300x300.png\" class=\"attachment-medium size-medium\" alt=\"Christina Hugl Sans Souci Gr\u00fcner Veltliner 2020 0,75 L\" srcset=\"https:\/\/schaumweinkontor.com\/wp-content\/uploads\/2022\/06\/Christina-Hugl-Sans-Souci-Gruener-Veltliner-2020-075-L-300x300.png 300w, https:\/\/schaumweinkontor.com\/wp-content\/uploads\/2022\/06\/Christina-Hugl-Sans-Souci-Gruener-Veltliner-2020-075-L-100x100.png 100w, https:\/\/schaumweinkontor.com\/wp-content\/uploads\/2022\/06\/Christina-Hugl-Sans-Souci-Gruener-Veltliner-2020-075-L-510x510.png 510w, https:\/\/schaumweinkontor.com\/wp-content\/uploads\/2022\/06\/Christina-Hugl-Sans-Souci-Gruener-Veltliner-2020-075-L-150x150.png 150w, https:\/\/schaumweinkontor.com\/wp-content\/uploads\/2022\/06\/Christina-Hugl-Sans-Souci-Gruener-Veltliner-2020-075-L-768x768.png 768w, https:\/\/schaumweinkontor.com\/wp-content\/uploads\/2022\/06\/Christina-Hugl-Sans-Souci-Gruener-Veltliner-2020-075-L.png 1000w\" sizes=\"auto, (max-width: 300px) 100vw, 300px\" \/>\t\t\t\t\t\t\t\t\t<\/a>\n\t\t\t\t\t\t\t\t\t\t\t\t\t\t\t\t\t\t \t\t\t\t\t\t\t\t<\/div>\n\t\t\t\t\t\t\t\t<div class=\"image-tools top right show-on-hover\">\n\t\t\t\t\t\t\t\t\t\t\t\t\t\t\t\t\t<\/div>\n\t\t\t\t\t\t\t\t\t\t\t\t\t\t\t\t\t<div class=\"image-tools grid-tools text-center hide-for-small bottom hover-slide-in show-on-hover\">\n\t\t\t\t\t\t\t\t\t\t\t\t\t\t\t\t\t\t\t<\/div>\n\t\t\t\t\t\t\t\t\t\t\t\t\t\t\t\t\t\t\t\t\t\t\t<\/div>\n\n\t\t\t\t\t\t\t<div class=\"box-text text-center\" style=\"padding:0px 0px 30px 0px;\">\n\t\t\t\t\t\t\t\t<div class=\"title-wrapper\">\t\t<p class=\"category uppercase is-smaller no-text-overflow product-cat op-7\">\n\t\t\tChristina Hugl\t\t<\/p>\n\t<p class=\"name product-title woocommerce-loop-product__title\"><a href=\"https:\/\/schaumweinkontor.com\/en\/produkt\/christina-hugl-sans-souci-gruener-veltliner-2020-075-l\/\" class=\"woocommerce-LoopProduct-link woocommerce-loop-product__link\">Christina Hugl Sans Souci Gr\u00fcner Veltliner 2020 0,75 L<\/a><\/p><\/div><div class=\"price-wrapper\">\n\t<span class=\"price\"><span class=\"woocommerce-Price-amount amount\" role=\"none\"><bdi><span class=\"woocommerce-Price-currencySymbol\">&euro;<\/span>&nbsp;21,00<\/bdi><\/span> <small class=\"woocommerce-price-suffix\">inkl. MwSt.<\/small><\/span>\n<\/div><div class=\"add-to-cart-button\"><a href=\"\/en\/wp-json\/wp\/v2\/pages\/4628?add-to-cart=4778\" aria-describedby=\"woocommerce_loop_add_to_cart_link_describedby_4778\" data-quantity=\"1\" class=\"primary is-small mb-0 button product_type_simple add_to_cart_button ajax_add_to_cart is-outline\" data-product_id=\"4778\" data-product_sku=\"100300209\" aria-label=\"Add to cart: &ldquo;Christina Hugl Sans Souci Gr\u00fcner Veltliner 2020 0,75 L&rdquo;\" rel=\"nofollow\" data-success_message=\"&ldquo;Christina Hugl Sans Souci Gr\u00fcner Veltliner 2020 0,75 L&rdquo; has been added to your cart\" role=\"button\">Add to cart<\/a><\/div>\t<span id=\"woocommerce_loop_add_to_cart_link_describedby_4778\" class=\"screen-reader-text\">\n\t\t\t<\/span>\n\t\t\t\t\t\t\t<\/div>\n\t\t\t\t\t\t<\/div>\n\t\t\t\t\t\t<\/div>\n\t\t\t\t\t<\/div><div class=\"col\" data-animate=\"fadeInUp\">\n\t\t\t\t\t\t<div class=\"col-inner\">\n\t\t\t\t\t\t\n<div class=\"badge-container badge-custom absolute right top z-1\">\n\n<\/div>\n\t\t\t\t\t\t<div class=\"product-small box margin-auto has-hover box-vertical box-text-bottom\">\n\t\t\t\t\t\t\t<div class=\"box-image\" >\n\t\t\t\t\t\t\t\t<div class=\"\" >\n\t\t\t\t\t\t\t\t\t<a href=\"https:\/\/schaumweinkontor.com\/en\/produkt\/christina-hugl-blanc-de-blancs-reserve-2018-075-l\/\" aria-label=\"Christina Hugl Blanc de Blancs Reserve 2018 0,75 L\">\n\t\t\t\t\t\t\t\t\t\t<img loading=\"lazy\" decoding=\"async\" width=\"300\" height=\"300\" src=\"https:\/\/schaumweinkontor.com\/wp-content\/uploads\/2022\/06\/Christina-Hugl-Blanc-de-Blancs-Reserve-2018-075-L-300x300.png\" class=\"attachment-medium size-medium\" alt=\"Christina Hugl Blanc de Blancs Reserve 2018 0,75 L\" srcset=\"https:\/\/schaumweinkontor.com\/wp-content\/uploads\/2022\/06\/Christina-Hugl-Blanc-de-Blancs-Reserve-2018-075-L-300x300.png 300w, https:\/\/schaumweinkontor.com\/wp-content\/uploads\/2022\/06\/Christina-Hugl-Blanc-de-Blancs-Reserve-2018-075-L-100x100.png 100w, https:\/\/schaumweinkontor.com\/wp-content\/uploads\/2022\/06\/Christina-Hugl-Blanc-de-Blancs-Reserve-2018-075-L-510x510.png 510w, https:\/\/schaumweinkontor.com\/wp-content\/uploads\/2022\/06\/Christina-Hugl-Blanc-de-Blancs-Reserve-2018-075-L-150x150.png 150w, https:\/\/schaumweinkontor.com\/wp-content\/uploads\/2022\/06\/Christina-Hugl-Blanc-de-Blancs-Reserve-2018-075-L-768x768.png 768w, https:\/\/schaumweinkontor.com\/wp-content\/uploads\/2022\/06\/Christina-Hugl-Blanc-de-Blancs-Reserve-2018-075-L.png 1000w\" sizes=\"auto, (max-width: 300px) 100vw, 300px\" \/>\t\t\t\t\t\t\t\t\t<\/a>\n\t\t\t\t\t\t\t\t\t\t\t\t\t\t\t\t\t\t \t\t\t\t\t\t\t\t<\/div>\n\t\t\t\t\t\t\t\t<div class=\"image-tools top right show-on-hover\">\n\t\t\t\t\t\t\t\t\t\t\t\t\t\t\t\t\t<\/div>\n\t\t\t\t\t\t\t\t\t\t\t\t\t\t\t\t\t<div class=\"image-tools grid-tools text-center hide-for-small bottom hover-slide-in show-on-hover\">\n\t\t\t\t\t\t\t\t\t\t\t\t\t\t\t\t\t\t\t<\/div>\n\t\t\t\t\t\t\t\t\t\t\t\t\t\t\t\t\t\t\t\t\t\t\t<\/div>\n\n\t\t\t\t\t\t\t<div class=\"box-text text-center\" style=\"padding:0px 0px 30px 0px;\">\n\t\t\t\t\t\t\t\t<div class=\"title-wrapper\">\t\t<p class=\"category uppercase is-smaller no-text-overflow product-cat op-7\">\n\t\t\tChristina Hugl\t\t<\/p>\n\t<p class=\"name product-title woocommerce-loop-product__title\"><a href=\"https:\/\/schaumweinkontor.com\/en\/produkt\/christina-hugl-blanc-de-blancs-reserve-2018-075-l\/\" class=\"woocommerce-LoopProduct-link woocommerce-loop-product__link\">Christina Hugl Blanc de Blancs Reserve 2018 0,75 L<\/a><\/p><\/div><div class=\"price-wrapper\">\n\t<span class=\"price\"><span class=\"woocommerce-Price-amount amount\" role=\"none\"><bdi><span class=\"woocommerce-Price-currencySymbol\">&euro;<\/span>&nbsp;24,50<\/bdi><\/span> <small class=\"woocommerce-price-suffix\">inkl. MwSt.<\/small><\/span>\n<\/div><div class=\"add-to-cart-button\"><a href=\"\/en\/wp-json\/wp\/v2\/pages\/4628?add-to-cart=4775\" aria-describedby=\"woocommerce_loop_add_to_cart_link_describedby_4775\" data-quantity=\"1\" class=\"primary is-small mb-0 button product_type_simple add_to_cart_button ajax_add_to_cart is-outline\" data-product_id=\"4775\" data-product_sku=\"100300212\" aria-label=\"Add to cart: &ldquo;Christina Hugl Blanc de Blancs Reserve 2018 0,75 L&rdquo;\" rel=\"nofollow\" data-success_message=\"&ldquo;Christina Hugl Blanc de Blancs Reserve 2018 0,75 L&rdquo; has been added to your cart\" role=\"button\">Add to cart<\/a><\/div>\t<span id=\"woocommerce_loop_add_to_cart_link_describedby_4775\" class=\"screen-reader-text\">\n\t\t\t<\/span>\n\t\t\t\t\t\t\t<\/div>\n\t\t\t\t\t\t<\/div>\n\t\t\t\t\t\t<\/div>\n\t\t\t\t\t<\/div><div class=\"col\" data-animate=\"fadeInUp\">\n\t\t\t\t\t\t<div class=\"col-inner\">\n\t\t\t\t\t\t\n<div class=\"badge-container badge-custom absolute right top z-1\">\n\n<\/div>\n\t\t\t\t\t\t<div class=\"product-small box margin-auto has-hover box-vertical box-text-bottom\">\n\t\t\t\t\t\t\t<div class=\"box-image\" >\n\t\t\t\t\t\t\t\t<div class=\"\" >\n\t\t\t\t\t\t\t\t\t<a href=\"https:\/\/schaumweinkontor.com\/en\/produkt\/christina-hugl-blanc-de-noir-reserve-2018-075-l\/\" aria-label=\"Christina Hugl Blanc de Noir Reserve 2018 0,75 L\">\n\t\t\t\t\t\t\t\t\t\t<img loading=\"lazy\" decoding=\"async\" width=\"300\" height=\"300\" src=\"https:\/\/schaumweinkontor.com\/wp-content\/uploads\/2022\/06\/Christina-Hugl-Blanc-de-Noir-Reserve-2018-075-L-300x300.png\" class=\"attachment-medium size-medium\" alt=\"Christina Hugl Blanc de Noir Reserve 2018 0,75 L\" srcset=\"https:\/\/schaumweinkontor.com\/wp-content\/uploads\/2022\/06\/Christina-Hugl-Blanc-de-Noir-Reserve-2018-075-L-300x300.png 300w, https:\/\/schaumweinkontor.com\/wp-content\/uploads\/2022\/06\/Christina-Hugl-Blanc-de-Noir-Reserve-2018-075-L-100x100.png 100w, https:\/\/schaumweinkontor.com\/wp-content\/uploads\/2022\/06\/Christina-Hugl-Blanc-de-Noir-Reserve-2018-075-L-510x510.png 510w, https:\/\/schaumweinkontor.com\/wp-content\/uploads\/2022\/06\/Christina-Hugl-Blanc-de-Noir-Reserve-2018-075-L-150x150.png 150w, https:\/\/schaumweinkontor.com\/wp-content\/uploads\/2022\/06\/Christina-Hugl-Blanc-de-Noir-Reserve-2018-075-L-768x768.png 768w, https:\/\/schaumweinkontor.com\/wp-content\/uploads\/2022\/06\/Christina-Hugl-Blanc-de-Noir-Reserve-2018-075-L.png 1000w\" sizes=\"auto, (max-width: 300px) 100vw, 300px\" \/>\t\t\t\t\t\t\t\t\t<\/a>\n\t\t\t\t\t\t\t\t\t\t\t\t\t\t\t\t\t\t \t\t\t\t\t\t\t\t<\/div>\n\t\t\t\t\t\t\t\t<div class=\"image-tools top right show-on-hover\">\n\t\t\t\t\t\t\t\t\t\t\t\t\t\t\t\t\t<\/div>\n\t\t\t\t\t\t\t\t\t\t\t\t\t\t\t\t\t<div class=\"image-tools grid-tools text-center hide-for-small bottom hover-slide-in show-on-hover\">\n\t\t\t\t\t\t\t\t\t\t\t\t\t\t\t\t\t\t\t<\/div>\n\t\t\t\t\t\t\t\t\t\t\t\t\t\t\t\t\t\t\t\t\t\t\t<\/div>\n\n\t\t\t\t\t\t\t<div class=\"box-text text-center\" style=\"padding:0px 0px 30px 0px;\">\n\t\t\t\t\t\t\t\t<div class=\"title-wrapper\">\t\t<p class=\"category uppercase is-smaller no-text-overflow product-cat op-7\">\n\t\t\tChristina Hugl\t\t<\/p>\n\t<p class=\"name product-title woocommerce-loop-product__title\"><a href=\"https:\/\/schaumweinkontor.com\/en\/produkt\/christina-hugl-blanc-de-noir-reserve-2018-075-l\/\" class=\"woocommerce-LoopProduct-link woocommerce-loop-product__link\">Christina Hugl Blanc de Noir Reserve 2018 0,75 L<\/a><\/p><\/div><div class=\"price-wrapper\">\n\t<span class=\"price\"><span class=\"woocommerce-Price-amount amount\" role=\"none\"><bdi><span class=\"woocommerce-Price-currencySymbol\">&euro;<\/span>&nbsp;24,50<\/bdi><\/span> <small class=\"woocommerce-price-suffix\">inkl. MwSt.<\/small><\/span>\n<\/div><div class=\"add-to-cart-button\"><a href=\"\/en\/wp-json\/wp\/v2\/pages\/4628?add-to-cart=4776\" aria-describedby=\"woocommerce_loop_add_to_cart_link_describedby_4776\" data-quantity=\"1\" class=\"primary is-small mb-0 button product_type_simple add_to_cart_button ajax_add_to_cart is-outline\" data-product_id=\"4776\" data-product_sku=\"100300211\" aria-label=\"Add to cart: &ldquo;Christina Hugl Blanc de Noir Reserve 2018 0,75 L&rdquo;\" rel=\"nofollow\" data-success_message=\"&ldquo;Christina Hugl Blanc de Noir Reserve 2018 0,75 L&rdquo; has been added to your cart\" role=\"button\">Add to cart<\/a><\/div>\t<span id=\"woocommerce_loop_add_to_cart_link_describedby_4776\" class=\"screen-reader-text\">\n\t\t\t<\/span>\n\t\t\t\t\t\t\t<\/div>\n\t\t\t\t\t\t<\/div>\n\t\t\t\t\t\t<\/div>\n\t\t\t\t\t<\/div><div class=\"col\" data-animate=\"fadeInUp\">\n\t\t\t\t\t\t<div class=\"col-inner\">\n\t\t\t\t\t\t\n<div class=\"badge-container badge-custom absolute right top z-1\">\n\n<\/div>\n\t\t\t\t\t\t<div class=\"product-small box margin-auto has-hover box-vertical box-text-bottom\">\n\t\t\t\t\t\t\t<div class=\"box-image\" >\n\t\t\t\t\t\t\t\t<div class=\"\" >\n\t\t\t\t\t\t\t\t\t<a href=\"https:\/\/schaumweinkontor.com\/en\/produkt\/christina-hugl-blanc-de-blancs-reserve-2018-15-l-magnum\/\" aria-label=\"Christina Hugl Blanc de Blancs Reserve 2018 1,5 L Magnum\">\n\t\t\t\t\t\t\t\t\t\t<img loading=\"lazy\" decoding=\"async\" width=\"300\" height=\"300\" src=\"https:\/\/schaumweinkontor.com\/wp-content\/uploads\/2022\/11\/Christina-Hugl-Blanc-de-Blancs-Reserve-2018-15-L-Magnum-1-300x300.png\" class=\"attachment-medium size-medium\" alt=\"Christina Hugl Blanc de Blancs Reserve 2018 1,5 L Magnum\" srcset=\"https:\/\/schaumweinkontor.com\/wp-content\/uploads\/2022\/11\/Christina-Hugl-Blanc-de-Blancs-Reserve-2018-15-L-Magnum-1-300x300.png 300w, https:\/\/schaumweinkontor.com\/wp-content\/uploads\/2022\/11\/Christina-Hugl-Blanc-de-Blancs-Reserve-2018-15-L-Magnum-1-100x100.png 100w, https:\/\/schaumweinkontor.com\/wp-content\/uploads\/2022\/11\/Christina-Hugl-Blanc-de-Blancs-Reserve-2018-15-L-Magnum-1-510x510.png 510w, https:\/\/schaumweinkontor.com\/wp-content\/uploads\/2022\/11\/Christina-Hugl-Blanc-de-Blancs-Reserve-2018-15-L-Magnum-1-150x150.png 150w, https:\/\/schaumweinkontor.com\/wp-content\/uploads\/2022\/11\/Christina-Hugl-Blanc-de-Blancs-Reserve-2018-15-L-Magnum-1-768x768.png 768w, https:\/\/schaumweinkontor.com\/wp-content\/uploads\/2022\/11\/Christina-Hugl-Blanc-de-Blancs-Reserve-2018-15-L-Magnum-1.png 1000w\" sizes=\"auto, (max-width: 300px) 100vw, 300px\" \/>\t\t\t\t\t\t\t\t\t<\/a>\n\t\t\t\t\t\t\t\t\t\t\t\t\t\t\t\t\t\t \t\t\t\t\t\t\t\t<\/div>\n\t\t\t\t\t\t\t\t<div class=\"image-tools top right show-on-hover\">\n\t\t\t\t\t\t\t\t\t\t\t\t\t\t\t\t\t<\/div>\n\t\t\t\t\t\t\t\t\t\t\t\t\t\t\t\t\t<div class=\"image-tools grid-tools text-center hide-for-small bottom hover-slide-in show-on-hover\">\n\t\t\t\t\t\t\t\t\t\t\t\t\t\t\t\t\t\t\t<\/div>\n\t\t\t\t\t\t\t\t\t\t\t\t\t\t\t\t\t\t\t\t\t\t\t<\/div>\n\n\t\t\t\t\t\t\t<div class=\"box-text text-center\" style=\"padding:0px 0px 30px 0px;\">\n\t\t\t\t\t\t\t\t<div class=\"title-wrapper\">\t\t<p class=\"category uppercase is-smaller no-text-overflow product-cat op-7\">\n\t\t\tChristina Hugl\t\t<\/p>\n\t<p class=\"name product-title woocommerce-loop-product__title\"><a href=\"https:\/\/schaumweinkontor.com\/en\/produkt\/christina-hugl-blanc-de-blancs-reserve-2018-15-l-magnum\/\" class=\"woocommerce-LoopProduct-link woocommerce-loop-product__link\">Christina Hugl Blanc de Blancs Reserve 2018 1,5 L Magnum<\/a><\/p><\/div><div class=\"price-wrapper\">\n\t<span class=\"price\"><span class=\"woocommerce-Price-amount amount\" role=\"none\"><bdi><span class=\"woocommerce-Price-currencySymbol\">&euro;<\/span>&nbsp;45,00<\/bdi><\/span> <small class=\"woocommerce-price-suffix\">inkl. MwSt.<\/small><\/span>\n<\/div><div class=\"add-to-cart-button\"><a href=\"\/en\/wp-json\/wp\/v2\/pages\/4628?add-to-cart=4718\" aria-describedby=\"woocommerce_loop_add_to_cart_link_describedby_4718\" data-quantity=\"1\" class=\"primary is-small mb-0 button product_type_simple add_to_cart_button ajax_add_to_cart is-outline\" data-product_id=\"4718\" data-product_sku=\"100300213\" aria-label=\"Add to cart: &ldquo;Christina Hugl Blanc de Blancs Reserve 2018 1,5 L Magnum&rdquo;\" rel=\"nofollow\" data-success_message=\"&ldquo;Christina Hugl Blanc de Blancs Reserve 2018 1,5 L Magnum&rdquo; has been added to your cart\" role=\"button\">Add to cart<\/a><\/div>\t<span id=\"woocommerce_loop_add_to_cart_link_describedby_4718\" class=\"screen-reader-text\">\n\t\t\t<\/span>\n\t\t\t\t\t\t\t<\/div>\n\t\t\t\t\t\t<\/div>\n\t\t\t\t\t\t<\/div>\n\t\t\t\t\t<\/div><\/div>\n\n\n  \n    <div class=\"row margin-auto equalize-box show-for-medium hide-for-small large-columns-3 medium-columns-2 small-columns-1 row-large has-shadow row-box-shadow-2 row-box-shadow-4-hover\" >\n  \t\n\t     <div class=\"col\" data-animate=\"fadeInUp\">\n\t\t\t\t\t\t<div class=\"col-inner\">\n\t\t\t\t\t\t\n<div class=\"badge-container badge-custom absolute right top z-1\">\n\n<\/div>\n\t\t\t\t\t\t<div class=\"product-small box margin-auto has-hover box-normal box-text-bottom\">\n\t\t\t\t\t\t\t<div class=\"box-image\" >\n\t\t\t\t\t\t\t\t<div class=\"\" >\n\t\t\t\t\t\t\t\t\t<a href=\"https:\/\/schaumweinkontor.com\/en\/produkt\/christina-hugl-sans-souci-rose-2020-075-l\/\" aria-label=\"Christina Hugl Sans Souci Ros\u00e9 2020 0,75 L\">\n\t\t\t\t\t\t\t\t\t\t<img loading=\"lazy\" decoding=\"async\" width=\"300\" height=\"300\" src=\"https:\/\/schaumweinkontor.com\/wp-content\/uploads\/2022\/06\/Christina-Hugl-Sans-Souci-Rose-2020-075-L-300x300.png\" class=\"attachment-medium size-medium\" alt=\"Christina Hugl Sans Souci Ros\u00e9 2020 0,75 L\" srcset=\"https:\/\/schaumweinkontor.com\/wp-content\/uploads\/2022\/06\/Christina-Hugl-Sans-Souci-Rose-2020-075-L-300x300.png 300w, https:\/\/schaumweinkontor.com\/wp-content\/uploads\/2022\/06\/Christina-Hugl-Sans-Souci-Rose-2020-075-L-100x100.png 100w, https:\/\/schaumweinkontor.com\/wp-content\/uploads\/2022\/06\/Christina-Hugl-Sans-Souci-Rose-2020-075-L-510x510.png 510w, https:\/\/schaumweinkontor.com\/wp-content\/uploads\/2022\/06\/Christina-Hugl-Sans-Souci-Rose-2020-075-L-150x150.png 150w, https:\/\/schaumweinkontor.com\/wp-content\/uploads\/2022\/06\/Christina-Hugl-Sans-Souci-Rose-2020-075-L-768x768.png 768w, https:\/\/schaumweinkontor.com\/wp-content\/uploads\/2022\/06\/Christina-Hugl-Sans-Souci-Rose-2020-075-L.png 1000w\" sizes=\"auto, (max-width: 300px) 100vw, 300px\" \/>\t\t\t\t\t\t\t\t\t<\/a>\n\t\t\t\t\t\t\t\t\t\t\t\t\t\t\t\t\t\t \t\t\t\t\t\t\t\t<\/div>\n\t\t\t\t\t\t\t\t<div class=\"image-tools top right show-on-hover\">\n\t\t\t\t\t\t\t\t\t\t\t\t\t\t\t\t\t<\/div>\n\t\t\t\t\t\t\t\t\t\t\t\t\t\t\t\t\t<div class=\"image-tools grid-tools text-center hide-for-small bottom hover-slide-in show-on-hover\">\n\t\t\t\t\t\t\t\t\t\t\t\t\t\t\t\t\t\t\t<\/div>\n\t\t\t\t\t\t\t\t\t\t\t\t\t\t\t\t\t\t\t\t\t\t\t<\/div>\n\n\t\t\t\t\t\t\t<div class=\"box-text text-center\" style=\"padding:0px 0px 30px 0px;\">\n\t\t\t\t\t\t\t\t<div class=\"title-wrapper\">\t\t<p class=\"category uppercase is-smaller no-text-overflow product-cat op-7\">\n\t\t\tChristina Hugl\t\t<\/p>\n\t<p class=\"name product-title woocommerce-loop-product__title\"><a href=\"https:\/\/schaumweinkontor.com\/en\/produkt\/christina-hugl-sans-souci-rose-2020-075-l\/\" class=\"woocommerce-LoopProduct-link woocommerce-loop-product__link\">Christina Hugl Sans Souci Ros\u00e9 2020 0,75 L<\/a><\/p><\/div><div class=\"price-wrapper\">\n\t<span class=\"price\"><span class=\"woocommerce-Price-amount amount\" role=\"none\"><bdi><span class=\"woocommerce-Price-currencySymbol\">&euro;<\/span>&nbsp;21,00<\/bdi><\/span> <small class=\"woocommerce-price-suffix\">inkl. MwSt.<\/small><\/span>\n<\/div><div class=\"add-to-cart-button\"><a href=\"\/en\/wp-json\/wp\/v2\/pages\/4628?add-to-cart=4777\" aria-describedby=\"woocommerce_loop_add_to_cart_link_describedby_4777\" data-quantity=\"1\" class=\"primary is-small mb-0 button product_type_simple add_to_cart_button ajax_add_to_cart is-outline\" data-product_id=\"4777\" data-product_sku=\"100300210\" aria-label=\"Add to cart: &ldquo;Christina Hugl Sans Souci Ros\u00e9 2020 0,75 L&rdquo;\" rel=\"nofollow\" data-success_message=\"&ldquo;Christina Hugl Sans Souci Ros\u00e9 2020 0,75 L&rdquo; has been added to your cart\" role=\"button\">Add to cart<\/a><\/div>\t<span id=\"woocommerce_loop_add_to_cart_link_describedby_4777\" class=\"screen-reader-text\">\n\t\t\t<\/span>\n\t\t\t\t\t\t\t<\/div>\n\t\t\t\t\t\t<\/div>\n\t\t\t\t\t\t<\/div>\n\t\t\t\t\t<\/div><div class=\"col\" data-animate=\"fadeInUp\">\n\t\t\t\t\t\t<div class=\"col-inner\">\n\t\t\t\t\t\t\n<div class=\"badge-container badge-custom absolute right top z-1\">\n\n<\/div>\n\t\t\t\t\t\t<div class=\"product-small box margin-auto has-hover box-normal box-text-bottom\">\n\t\t\t\t\t\t\t<div class=\"box-image\" >\n\t\t\t\t\t\t\t\t<div class=\"\" >\n\t\t\t\t\t\t\t\t\t<a href=\"https:\/\/schaumweinkontor.com\/en\/produkt\/christina-hugl-sans-souci-gruener-veltliner-2020-075-l\/\" aria-label=\"Christina Hugl Sans Souci Gr\u00fcner Veltliner 2020 0,75 L\">\n\t\t\t\t\t\t\t\t\t\t<img loading=\"lazy\" decoding=\"async\" width=\"300\" height=\"300\" src=\"https:\/\/schaumweinkontor.com\/wp-content\/uploads\/2022\/06\/Christina-Hugl-Sans-Souci-Gruener-Veltliner-2020-075-L-300x300.png\" class=\"attachment-medium size-medium\" alt=\"Christina Hugl Sans Souci Gr\u00fcner Veltliner 2020 0,75 L\" srcset=\"https:\/\/schaumweinkontor.com\/wp-content\/uploads\/2022\/06\/Christina-Hugl-Sans-Souci-Gruener-Veltliner-2020-075-L-300x300.png 300w, https:\/\/schaumweinkontor.com\/wp-content\/uploads\/2022\/06\/Christina-Hugl-Sans-Souci-Gruener-Veltliner-2020-075-L-100x100.png 100w, https:\/\/schaumweinkontor.com\/wp-content\/uploads\/2022\/06\/Christina-Hugl-Sans-Souci-Gruener-Veltliner-2020-075-L-510x510.png 510w, https:\/\/schaumweinkontor.com\/wp-content\/uploads\/2022\/06\/Christina-Hugl-Sans-Souci-Gruener-Veltliner-2020-075-L-150x150.png 150w, https:\/\/schaumweinkontor.com\/wp-content\/uploads\/2022\/06\/Christina-Hugl-Sans-Souci-Gruener-Veltliner-2020-075-L-768x768.png 768w, https:\/\/schaumweinkontor.com\/wp-content\/uploads\/2022\/06\/Christina-Hugl-Sans-Souci-Gruener-Veltliner-2020-075-L.png 1000w\" sizes=\"auto, (max-width: 300px) 100vw, 300px\" \/>\t\t\t\t\t\t\t\t\t<\/a>\n\t\t\t\t\t\t\t\t\t\t\t\t\t\t\t\t\t\t \t\t\t\t\t\t\t\t<\/div>\n\t\t\t\t\t\t\t\t<div class=\"image-tools top right show-on-hover\">\n\t\t\t\t\t\t\t\t\t\t\t\t\t\t\t\t\t<\/div>\n\t\t\t\t\t\t\t\t\t\t\t\t\t\t\t\t\t<div class=\"image-tools grid-tools text-center hide-for-small bottom hover-slide-in show-on-hover\">\n\t\t\t\t\t\t\t\t\t\t\t\t\t\t\t\t\t\t\t<\/div>\n\t\t\t\t\t\t\t\t\t\t\t\t\t\t\t\t\t\t\t\t\t\t\t<\/div>\n\n\t\t\t\t\t\t\t<div class=\"box-text text-center\" style=\"padding:0px 0px 30px 0px;\">\n\t\t\t\t\t\t\t\t<div class=\"title-wrapper\">\t\t<p class=\"category uppercase is-smaller no-text-overflow product-cat op-7\">\n\t\t\tChristina Hugl\t\t<\/p>\n\t<p class=\"name product-title woocommerce-loop-product__title\"><a href=\"https:\/\/schaumweinkontor.com\/en\/produkt\/christina-hugl-sans-souci-gruener-veltliner-2020-075-l\/\" class=\"woocommerce-LoopProduct-link woocommerce-loop-product__link\">Christina Hugl Sans Souci Gr\u00fcner Veltliner 2020 0,75 L<\/a><\/p><\/div><div class=\"price-wrapper\">\n\t<span class=\"price\"><span class=\"woocommerce-Price-amount amount\" role=\"none\"><bdi><span class=\"woocommerce-Price-currencySymbol\">&euro;<\/span>&nbsp;21,00<\/bdi><\/span> <small class=\"woocommerce-price-suffix\">inkl. MwSt.<\/small><\/span>\n<\/div><div class=\"add-to-cart-button\"><a href=\"\/en\/wp-json\/wp\/v2\/pages\/4628?add-to-cart=4778\" aria-describedby=\"woocommerce_loop_add_to_cart_link_describedby_4778\" data-quantity=\"1\" class=\"primary is-small mb-0 button product_type_simple add_to_cart_button ajax_add_to_cart is-outline\" data-product_id=\"4778\" data-product_sku=\"100300209\" aria-label=\"Add to cart: &ldquo;Christina Hugl Sans Souci Gr\u00fcner Veltliner 2020 0,75 L&rdquo;\" rel=\"nofollow\" data-success_message=\"&ldquo;Christina Hugl Sans Souci Gr\u00fcner Veltliner 2020 0,75 L&rdquo; has been added to your cart\" role=\"button\">Add to cart<\/a><\/div>\t<span id=\"woocommerce_loop_add_to_cart_link_describedby_4778\" class=\"screen-reader-text\">\n\t\t\t<\/span>\n\t\t\t\t\t\t\t<\/div>\n\t\t\t\t\t\t<\/div>\n\t\t\t\t\t\t<\/div>\n\t\t\t\t\t<\/div><div class=\"col\" data-animate=\"fadeInUp\">\n\t\t\t\t\t\t<div class=\"col-inner\">\n\t\t\t\t\t\t\n<div class=\"badge-container badge-custom absolute right top z-1\">\n\n<\/div>\n\t\t\t\t\t\t<div class=\"product-small box margin-auto has-hover box-normal box-text-bottom\">\n\t\t\t\t\t\t\t<div class=\"box-image\" >\n\t\t\t\t\t\t\t\t<div class=\"\" >\n\t\t\t\t\t\t\t\t\t<a href=\"https:\/\/schaumweinkontor.com\/en\/produkt\/christina-hugl-blanc-de-blancs-reserve-2018-075-l\/\" aria-label=\"Christina Hugl Blanc de Blancs Reserve 2018 0,75 L\">\n\t\t\t\t\t\t\t\t\t\t<img loading=\"lazy\" decoding=\"async\" width=\"300\" height=\"300\" src=\"https:\/\/schaumweinkontor.com\/wp-content\/uploads\/2022\/06\/Christina-Hugl-Blanc-de-Blancs-Reserve-2018-075-L-300x300.png\" class=\"attachment-medium size-medium\" alt=\"Christina Hugl Blanc de Blancs Reserve 2018 0,75 L\" srcset=\"https:\/\/schaumweinkontor.com\/wp-content\/uploads\/2022\/06\/Christina-Hugl-Blanc-de-Blancs-Reserve-2018-075-L-300x300.png 300w, https:\/\/schaumweinkontor.com\/wp-content\/uploads\/2022\/06\/Christina-Hugl-Blanc-de-Blancs-Reserve-2018-075-L-100x100.png 100w, https:\/\/schaumweinkontor.com\/wp-content\/uploads\/2022\/06\/Christina-Hugl-Blanc-de-Blancs-Reserve-2018-075-L-510x510.png 510w, https:\/\/schaumweinkontor.com\/wp-content\/uploads\/2022\/06\/Christina-Hugl-Blanc-de-Blancs-Reserve-2018-075-L-150x150.png 150w, https:\/\/schaumweinkontor.com\/wp-content\/uploads\/2022\/06\/Christina-Hugl-Blanc-de-Blancs-Reserve-2018-075-L-768x768.png 768w, https:\/\/schaumweinkontor.com\/wp-content\/uploads\/2022\/06\/Christina-Hugl-Blanc-de-Blancs-Reserve-2018-075-L.png 1000w\" sizes=\"auto, (max-width: 300px) 100vw, 300px\" \/>\t\t\t\t\t\t\t\t\t<\/a>\n\t\t\t\t\t\t\t\t\t\t\t\t\t\t\t\t\t\t \t\t\t\t\t\t\t\t<\/div>\n\t\t\t\t\t\t\t\t<div class=\"image-tools top right show-on-hover\">\n\t\t\t\t\t\t\t\t\t\t\t\t\t\t\t\t\t<\/div>\n\t\t\t\t\t\t\t\t\t\t\t\t\t\t\t\t\t<div class=\"image-tools grid-tools text-center hide-for-small bottom hover-slide-in show-on-hover\">\n\t\t\t\t\t\t\t\t\t\t\t\t\t\t\t\t\t\t\t<\/div>\n\t\t\t\t\t\t\t\t\t\t\t\t\t\t\t\t\t\t\t\t\t\t\t<\/div>\n\n\t\t\t\t\t\t\t<div class=\"box-text text-center\" style=\"padding:0px 0px 30px 0px;\">\n\t\t\t\t\t\t\t\t<div class=\"title-wrapper\">\t\t<p class=\"category uppercase is-smaller no-text-overflow product-cat op-7\">\n\t\t\tChristina Hugl\t\t<\/p>\n\t<p class=\"name product-title woocommerce-loop-product__title\"><a href=\"https:\/\/schaumweinkontor.com\/en\/produkt\/christina-hugl-blanc-de-blancs-reserve-2018-075-l\/\" class=\"woocommerce-LoopProduct-link woocommerce-loop-product__link\">Christina Hugl Blanc de Blancs Reserve 2018 0,75 L<\/a><\/p><\/div><div class=\"price-wrapper\">\n\t<span class=\"price\"><span class=\"woocommerce-Price-amount amount\" role=\"none\"><bdi><span class=\"woocommerce-Price-currencySymbol\">&euro;<\/span>&nbsp;24,50<\/bdi><\/span> <small class=\"woocommerce-price-suffix\">inkl. MwSt.<\/small><\/span>\n<\/div><div class=\"add-to-cart-button\"><a href=\"\/en\/wp-json\/wp\/v2\/pages\/4628?add-to-cart=4775\" aria-describedby=\"woocommerce_loop_add_to_cart_link_describedby_4775\" data-quantity=\"1\" class=\"primary is-small mb-0 button product_type_simple add_to_cart_button ajax_add_to_cart is-outline\" data-product_id=\"4775\" data-product_sku=\"100300212\" aria-label=\"Add to cart: &ldquo;Christina Hugl Blanc de Blancs Reserve 2018 0,75 L&rdquo;\" rel=\"nofollow\" data-success_message=\"&ldquo;Christina Hugl Blanc de Blancs Reserve 2018 0,75 L&rdquo; has been added to your cart\" role=\"button\">Add to cart<\/a><\/div>\t<span id=\"woocommerce_loop_add_to_cart_link_describedby_4775\" class=\"screen-reader-text\">\n\t\t\t<\/span>\n\t\t\t\t\t\t\t<\/div>\n\t\t\t\t\t\t<\/div>\n\t\t\t\t\t\t<\/div>\n\t\t\t\t\t<\/div><div class=\"col\" data-animate=\"fadeInUp\">\n\t\t\t\t\t\t<div class=\"col-inner\">\n\t\t\t\t\t\t\n<div class=\"badge-container badge-custom absolute right top z-1\">\n\n<\/div>\n\t\t\t\t\t\t<div class=\"product-small box margin-auto has-hover box-normal box-text-bottom\">\n\t\t\t\t\t\t\t<div class=\"box-image\" >\n\t\t\t\t\t\t\t\t<div class=\"\" >\n\t\t\t\t\t\t\t\t\t<a href=\"https:\/\/schaumweinkontor.com\/en\/produkt\/christina-hugl-blanc-de-noir-reserve-2018-075-l\/\" aria-label=\"Christina Hugl Blanc de Noir Reserve 2018 0,75 L\">\n\t\t\t\t\t\t\t\t\t\t<img loading=\"lazy\" decoding=\"async\" width=\"300\" height=\"300\" src=\"https:\/\/schaumweinkontor.com\/wp-content\/uploads\/2022\/06\/Christina-Hugl-Blanc-de-Noir-Reserve-2018-075-L-300x300.png\" class=\"attachment-medium size-medium\" alt=\"Christina Hugl Blanc de Noir Reserve 2018 0,75 L\" srcset=\"https:\/\/schaumweinkontor.com\/wp-content\/uploads\/2022\/06\/Christina-Hugl-Blanc-de-Noir-Reserve-2018-075-L-300x300.png 300w, https:\/\/schaumweinkontor.com\/wp-content\/uploads\/2022\/06\/Christina-Hugl-Blanc-de-Noir-Reserve-2018-075-L-100x100.png 100w, https:\/\/schaumweinkontor.com\/wp-content\/uploads\/2022\/06\/Christina-Hugl-Blanc-de-Noir-Reserve-2018-075-L-510x510.png 510w, https:\/\/schaumweinkontor.com\/wp-content\/uploads\/2022\/06\/Christina-Hugl-Blanc-de-Noir-Reserve-2018-075-L-150x150.png 150w, https:\/\/schaumweinkontor.com\/wp-content\/uploads\/2022\/06\/Christina-Hugl-Blanc-de-Noir-Reserve-2018-075-L-768x768.png 768w, https:\/\/schaumweinkontor.com\/wp-content\/uploads\/2022\/06\/Christina-Hugl-Blanc-de-Noir-Reserve-2018-075-L.png 1000w\" sizes=\"auto, (max-width: 300px) 100vw, 300px\" \/>\t\t\t\t\t\t\t\t\t<\/a>\n\t\t\t\t\t\t\t\t\t\t\t\t\t\t\t\t\t\t \t\t\t\t\t\t\t\t<\/div>\n\t\t\t\t\t\t\t\t<div class=\"image-tools top right show-on-hover\">\n\t\t\t\t\t\t\t\t\t\t\t\t\t\t\t\t\t<\/div>\n\t\t\t\t\t\t\t\t\t\t\t\t\t\t\t\t\t<div class=\"image-tools grid-tools text-center hide-for-small bottom hover-slide-in show-on-hover\">\n\t\t\t\t\t\t\t\t\t\t\t\t\t\t\t\t\t\t\t<\/div>\n\t\t\t\t\t\t\t\t\t\t\t\t\t\t\t\t\t\t\t\t\t\t\t<\/div>\n\n\t\t\t\t\t\t\t<div class=\"box-text text-center\" style=\"padding:0px 0px 30px 0px;\">\n\t\t\t\t\t\t\t\t<div class=\"title-wrapper\">\t\t<p class=\"category uppercase is-smaller no-text-overflow product-cat op-7\">\n\t\t\tChristina Hugl\t\t<\/p>\n\t<p class=\"name product-title woocommerce-loop-product__title\"><a href=\"https:\/\/schaumweinkontor.com\/en\/produkt\/christina-hugl-blanc-de-noir-reserve-2018-075-l\/\" class=\"woocommerce-LoopProduct-link woocommerce-loop-product__link\">Christina Hugl Blanc de Noir Reserve 2018 0,75 L<\/a><\/p><\/div><div class=\"price-wrapper\">\n\t<span class=\"price\"><span class=\"woocommerce-Price-amount amount\" role=\"none\"><bdi><span class=\"woocommerce-Price-currencySymbol\">&euro;<\/span>&nbsp;24,50<\/bdi><\/span> <small class=\"woocommerce-price-suffix\">inkl. MwSt.<\/small><\/span>\n<\/div><div class=\"add-to-cart-button\"><a href=\"\/en\/wp-json\/wp\/v2\/pages\/4628?add-to-cart=4776\" aria-describedby=\"woocommerce_loop_add_to_cart_link_describedby_4776\" data-quantity=\"1\" class=\"primary is-small mb-0 button product_type_simple add_to_cart_button ajax_add_to_cart is-outline\" data-product_id=\"4776\" data-product_sku=\"100300211\" aria-label=\"Add to cart: &ldquo;Christina Hugl Blanc de Noir Reserve 2018 0,75 L&rdquo;\" rel=\"nofollow\" data-success_message=\"&ldquo;Christina Hugl Blanc de Noir Reserve 2018 0,75 L&rdquo; has been added to your cart\" role=\"button\">Add to cart<\/a><\/div>\t<span id=\"woocommerce_loop_add_to_cart_link_describedby_4776\" class=\"screen-reader-text\">\n\t\t\t<\/span>\n\t\t\t\t\t\t\t<\/div>\n\t\t\t\t\t\t<\/div>\n\t\t\t\t\t\t<\/div>\n\t\t\t\t\t<\/div><div class=\"col\" data-animate=\"fadeInUp\">\n\t\t\t\t\t\t<div class=\"col-inner\">\n\t\t\t\t\t\t\n<div class=\"badge-container badge-custom absolute right top z-1\">\n\n<\/div>\n\t\t\t\t\t\t<div class=\"product-small box margin-auto has-hover box-normal box-text-bottom\">\n\t\t\t\t\t\t\t<div class=\"box-image\" >\n\t\t\t\t\t\t\t\t<div class=\"\" >\n\t\t\t\t\t\t\t\t\t<a href=\"https:\/\/schaumweinkontor.com\/en\/produkt\/christina-hugl-blanc-de-blancs-reserve-2018-15-l-magnum\/\" aria-label=\"Christina Hugl Blanc de Blancs Reserve 2018 1,5 L Magnum\">\n\t\t\t\t\t\t\t\t\t\t<img loading=\"lazy\" decoding=\"async\" width=\"300\" height=\"300\" src=\"https:\/\/schaumweinkontor.com\/wp-content\/uploads\/2022\/11\/Christina-Hugl-Blanc-de-Blancs-Reserve-2018-15-L-Magnum-1-300x300.png\" class=\"attachment-medium size-medium\" alt=\"Christina Hugl Blanc de Blancs Reserve 2018 1,5 L Magnum\" srcset=\"https:\/\/schaumweinkontor.com\/wp-content\/uploads\/2022\/11\/Christina-Hugl-Blanc-de-Blancs-Reserve-2018-15-L-Magnum-1-300x300.png 300w, https:\/\/schaumweinkontor.com\/wp-content\/uploads\/2022\/11\/Christina-Hugl-Blanc-de-Blancs-Reserve-2018-15-L-Magnum-1-100x100.png 100w, https:\/\/schaumweinkontor.com\/wp-content\/uploads\/2022\/11\/Christina-Hugl-Blanc-de-Blancs-Reserve-2018-15-L-Magnum-1-510x510.png 510w, https:\/\/schaumweinkontor.com\/wp-content\/uploads\/2022\/11\/Christina-Hugl-Blanc-de-Blancs-Reserve-2018-15-L-Magnum-1-150x150.png 150w, https:\/\/schaumweinkontor.com\/wp-content\/uploads\/2022\/11\/Christina-Hugl-Blanc-de-Blancs-Reserve-2018-15-L-Magnum-1-768x768.png 768w, https:\/\/schaumweinkontor.com\/wp-content\/uploads\/2022\/11\/Christina-Hugl-Blanc-de-Blancs-Reserve-2018-15-L-Magnum-1.png 1000w\" sizes=\"auto, (max-width: 300px) 100vw, 300px\" \/>\t\t\t\t\t\t\t\t\t<\/a>\n\t\t\t\t\t\t\t\t\t\t\t\t\t\t\t\t\t\t \t\t\t\t\t\t\t\t<\/div>\n\t\t\t\t\t\t\t\t<div class=\"image-tools top right show-on-hover\">\n\t\t\t\t\t\t\t\t\t\t\t\t\t\t\t\t\t<\/div>\n\t\t\t\t\t\t\t\t\t\t\t\t\t\t\t\t\t<div class=\"image-tools grid-tools text-center hide-for-small bottom hover-slide-in show-on-hover\">\n\t\t\t\t\t\t\t\t\t\t\t\t\t\t\t\t\t\t\t<\/div>\n\t\t\t\t\t\t\t\t\t\t\t\t\t\t\t\t\t\t\t\t\t\t\t<\/div>\n\n\t\t\t\t\t\t\t<div class=\"box-text text-center\" style=\"padding:0px 0px 30px 0px;\">\n\t\t\t\t\t\t\t\t<div class=\"title-wrapper\">\t\t<p class=\"category uppercase is-smaller no-text-overflow product-cat op-7\">\n\t\t\tChristina Hugl\t\t<\/p>\n\t<p class=\"name product-title woocommerce-loop-product__title\"><a href=\"https:\/\/schaumweinkontor.com\/en\/produkt\/christina-hugl-blanc-de-blancs-reserve-2018-15-l-magnum\/\" class=\"woocommerce-LoopProduct-link woocommerce-loop-product__link\">Christina Hugl Blanc de Blancs Reserve 2018 1,5 L Magnum<\/a><\/p><\/div><div class=\"price-wrapper\">\n\t<span class=\"price\"><span class=\"woocommerce-Price-amount amount\" role=\"none\"><bdi><span class=\"woocommerce-Price-currencySymbol\">&euro;<\/span>&nbsp;45,00<\/bdi><\/span> <small class=\"woocommerce-price-suffix\">inkl. MwSt.<\/small><\/span>\n<\/div><div class=\"add-to-cart-button\"><a href=\"\/en\/wp-json\/wp\/v2\/pages\/4628?add-to-cart=4718\" aria-describedby=\"woocommerce_loop_add_to_cart_link_describedby_4718\" data-quantity=\"1\" class=\"primary is-small mb-0 button product_type_simple add_to_cart_button ajax_add_to_cart is-outline\" data-product_id=\"4718\" data-product_sku=\"100300213\" aria-label=\"Add to cart: &ldquo;Christina Hugl Blanc de Blancs Reserve 2018 1,5 L Magnum&rdquo;\" rel=\"nofollow\" data-success_message=\"&ldquo;Christina Hugl Blanc de Blancs Reserve 2018 1,5 L Magnum&rdquo; has been added to your cart\" role=\"button\">Add to cart<\/a><\/div>\t<span id=\"woocommerce_loop_add_to_cart_link_describedby_4718\" class=\"screen-reader-text\">\n\t\t\t<\/span>\n\t\t\t\t\t\t\t<\/div>\n\t\t\t\t\t\t<\/div>\n\t\t\t\t\t\t<\/div>\n\t\t\t\t\t<\/div><\/div>\n\n\n\t\t<\/div>\n\t\t\t\t\t<\/div>\n\n\t\n\n\n<style>\n#row-314146618 > .col > .col-inner {\n  padding: 0px 0px 0px 0px;\n}\n@media (min-width:550px) {\n  #row-314146618 > .col > .col-inner {\n    padding: 20px 0px 0px 0px;\n  }\n}\n<\/style>\n<\/div>\n<div class=\"text-center\"><div class=\"is-divider divider clearfix\" style=\"margin-top:3em;margin-bottom:3em;max-width:100%;height:2px;background-color:rgba(183, 149, 73, 0.419);\"><\/div><\/div>\n\n\t<section class=\"section bg_winzer show-for-medium\" id=\"section_736861859\">\n\t\t<div class=\"bg section-bg fill bg-fill  \" >\n\n\t\t\t\n\t\t\t\n\t\t\t\n\n\t\t<\/div>\n\n\t\t\n\n\t\t<div class=\"section-content relative\">\n\t\t\t\n\n<div class=\"row row-full-width align-middle align-center\"  id=\"row-308381077\">\n\n\n\t<div id=\"col-1123117004\" class=\"col small-12 large-12\"  >\n\t\t\t\t<div class=\"col-inner\"  >\n\t\t\t\n\t\t\t\n\n<h2 id=\"hardegg-mobile\" class=\"uppercase\" style=\"text-align: center;\">Graf Hardegg<\/h2>\n\n\t\t<\/div>\n\t\t\t\t\t<\/div>\n\n\t\n\n\n<style>\n#row-308381077 > .col > .col-inner {\n  padding: 0px 0px 0px 0px;\n}\n@media (min-width:550px) {\n  #row-308381077 > .col > .col-inner {\n    padding: 15px 0px 0px 0px;\n  }\n}\n<\/style>\n<\/div>\n\n\t\t<\/div>\n\n\t\t\n<style>\n#section_736861859 {\n  padding-top: 40px;\n  padding-bottom: 40px;\n  margin-bottom: 20px;\n}\n#section_736861859 .section-bg.bg-loaded {\n  background-image: url(https:\/\/schaumweinkontor.com\/wp-content\/uploads\/2022\/06\/landscape-illu-gold-transp.png);\n}\n@media (min-width:550px) {\n  #section_736861859 {\n    padding-top: 20px;\n    padding-bottom: 20px;\n  }\n}\n<\/style>\n\t<\/section>\n\t\n<div class=\"row row-collapse row-full-width align-middle align-center\"  id=\"row-409702483\">\n\n\n\t<div id=\"col-1609988569\" class=\"col small-12 large-12\"  >\n\t\t\t\t<div class=\"col-inner text-center\"  >\n\t\t\t\n\t\t\t\n\n\n  \n    <div class=\"row margin-auto equalize-box show-for-small large-columns-3 medium-columns- small-columns-1 row-large row-full-width has-shadow row-box-shadow-2 row-box-shadow-4-hover\" >\n  \t\n\t     <div class=\"col\" data-animate=\"fadeInUp\">\n\t\t\t\t\t\t<div class=\"col-inner\">\n\t\t\t\t\t\t\n<div class=\"badge-container badge-custom absolute right top z-1\">\n\n<\/div>\n\t\t\t\t\t\t<div class=\"product-small box margin-auto has-hover box-vertical box-text-bottom\">\n\t\t\t\t\t\t\t<div class=\"box-image\" >\n\t\t\t\t\t\t\t\t<div class=\"\" >\n\t\t\t\t\t\t\t\t\t<a href=\"https:\/\/schaumweinkontor.com\/en\/produkt\/graf-hardegg-brut-grande-reserve-2019-075-l\/\" aria-label=\"Graf Hardegg Brut Grande Reserve 2019 0,75 L\">\n\t\t\t\t\t\t\t\t\t\t<img loading=\"lazy\" decoding=\"async\" width=\"300\" height=\"300\" src=\"https:\/\/schaumweinkontor.com\/wp-content\/uploads\/2022\/12\/3-300x300.png\" class=\"attachment-medium size-medium\" alt=\"Graf Hardegg Brut Grande Reserve 2019 0,75 L\" srcset=\"https:\/\/schaumweinkontor.com\/wp-content\/uploads\/2022\/12\/3-300x300.png 300w, https:\/\/schaumweinkontor.com\/wp-content\/uploads\/2022\/12\/3-100x100.png 100w, https:\/\/schaumweinkontor.com\/wp-content\/uploads\/2022\/12\/3-510x510.png 510w, https:\/\/schaumweinkontor.com\/wp-content\/uploads\/2022\/12\/3-150x150.png 150w, https:\/\/schaumweinkontor.com\/wp-content\/uploads\/2022\/12\/3-768x768.png 768w, https:\/\/schaumweinkontor.com\/wp-content\/uploads\/2022\/12\/3.png 1000w\" sizes=\"auto, (max-width: 300px) 100vw, 300px\" \/>\t\t\t\t\t\t\t\t\t<\/a>\n\t\t\t\t\t\t\t\t\t\t\t\t\t\t\t\t\t\t \t\t\t\t\t\t\t\t<\/div>\n\t\t\t\t\t\t\t\t<div class=\"image-tools top right show-on-hover\">\n\t\t\t\t\t\t\t\t\t\t\t\t\t\t\t\t\t<\/div>\n\t\t\t\t\t\t\t\t\t\t\t\t\t\t\t\t\t<div class=\"image-tools grid-tools text-center hide-for-small bottom hover-slide-in show-on-hover\">\n\t\t\t\t\t\t\t\t\t\t\t\t\t\t\t\t\t\t\t<\/div>\n\t\t\t\t\t\t\t\t\t\t\t\t\t\t\t\t\t\t\t\t\t\t\t<\/div>\n\n\t\t\t\t\t\t\t<div class=\"box-text text-center\" style=\"padding:0px 0px 30px 0px;\">\n\t\t\t\t\t\t\t\t<div class=\"title-wrapper\">\t\t<p class=\"category uppercase is-smaller no-text-overflow product-cat op-7\">\n\t\t\tGraf Hardegg\t\t<\/p>\n\t<p class=\"name product-title woocommerce-loop-product__title\"><a href=\"https:\/\/schaumweinkontor.com\/en\/produkt\/graf-hardegg-brut-grande-reserve-2019-075-l\/\" class=\"woocommerce-LoopProduct-link woocommerce-loop-product__link\">Graf Hardegg Brut Grande Reserve 2019 0,75 L<\/a><\/p><\/div><div class=\"price-wrapper\">\n\t<span class=\"price\"><span class=\"woocommerce-Price-amount amount\" role=\"none\"><bdi><span class=\"woocommerce-Price-currencySymbol\">&euro;<\/span>&nbsp;14,40<\/bdi><\/span> <small class=\"woocommerce-price-suffix\">inkl. MwSt.<\/small><\/span>\n<\/div><div class=\"add-to-cart-button\"><a href=\"\/en\/wp-json\/wp\/v2\/pages\/4628?add-to-cart=4717\" aria-describedby=\"woocommerce_loop_add_to_cart_link_describedby_4717\" data-quantity=\"1\" class=\"primary is-small mb-0 button product_type_simple add_to_cart_button ajax_add_to_cart is-outline\" data-product_id=\"4717\" data-product_sku=\"100300300\" aria-label=\"Add to cart: &ldquo;Graf Hardegg Brut Grande Reserve 2019 0,75 L&rdquo;\" rel=\"nofollow\" data-success_message=\"&ldquo;Graf Hardegg Brut Grande Reserve 2019 0,75 L&rdquo; has been added to your cart\" role=\"button\">Add to cart<\/a><\/div>\t<span id=\"woocommerce_loop_add_to_cart_link_describedby_4717\" class=\"screen-reader-text\">\n\t\t\t<\/span>\n\t\t\t\t\t\t\t<\/div>\n\t\t\t\t\t\t<\/div>\n\t\t\t\t\t\t<\/div>\n\t\t\t\t\t<\/div><div class=\"col\" data-animate=\"fadeInUp\">\n\t\t\t\t\t\t<div class=\"col-inner\">\n\t\t\t\t\t\t\n<div class=\"badge-container badge-custom absolute right top z-1\">\n\n<\/div>\n\t\t\t\t\t\t<div class=\"product-small box margin-auto has-hover box-vertical box-text-bottom\">\n\t\t\t\t\t\t\t<div class=\"box-image\" >\n\t\t\t\t\t\t\t\t<div class=\"\" >\n\t\t\t\t\t\t\t\t\t<a href=\"https:\/\/schaumweinkontor.com\/en\/produkt\/graf-hardegg-brut-rose-2019-075-l\/\" aria-label=\"Graf Hardegg Brut Ros\u00e9 2019 0,75 L\">\n\t\t\t\t\t\t\t\t\t\t<img loading=\"lazy\" decoding=\"async\" width=\"300\" height=\"300\" src=\"https:\/\/schaumweinkontor.com\/wp-content\/uploads\/2022\/12\/2-300x300.png\" class=\"attachment-medium size-medium\" alt=\"Graf Hardegg Brut Ros\u00e9 2019 0,75 L\" srcset=\"https:\/\/schaumweinkontor.com\/wp-content\/uploads\/2022\/12\/2-300x300.png 300w, https:\/\/schaumweinkontor.com\/wp-content\/uploads\/2022\/12\/2-100x100.png 100w, https:\/\/schaumweinkontor.com\/wp-content\/uploads\/2022\/12\/2-510x510.png 510w, https:\/\/schaumweinkontor.com\/wp-content\/uploads\/2022\/12\/2-150x150.png 150w, https:\/\/schaumweinkontor.com\/wp-content\/uploads\/2022\/12\/2-768x768.png 768w, https:\/\/schaumweinkontor.com\/wp-content\/uploads\/2022\/12\/2.png 1000w\" sizes=\"auto, (max-width: 300px) 100vw, 300px\" \/>\t\t\t\t\t\t\t\t\t<\/a>\n\t\t\t\t\t\t\t\t\t\t\t\t\t\t\t\t\t\t \t\t\t\t\t\t\t\t<\/div>\n\t\t\t\t\t\t\t\t<div class=\"image-tools top right show-on-hover\">\n\t\t\t\t\t\t\t\t\t\t\t\t\t\t\t\t\t<\/div>\n\t\t\t\t\t\t\t\t\t\t\t\t\t\t\t\t\t<div class=\"image-tools grid-tools text-center hide-for-small bottom hover-slide-in show-on-hover\">\n\t\t\t\t\t\t\t\t\t\t\t\t\t\t\t\t\t\t\t<\/div>\n\t\t\t\t\t\t\t\t\t\t\t\t\t\t\t\t\t\t\t\t\t\t\t<\/div>\n\n\t\t\t\t\t\t\t<div class=\"box-text text-center\" style=\"padding:0px 0px 30px 0px;\">\n\t\t\t\t\t\t\t\t<div class=\"title-wrapper\">\t\t<p class=\"category uppercase is-smaller no-text-overflow product-cat op-7\">\n\t\t\tGraf Hardegg\t\t<\/p>\n\t<p class=\"name product-title woocommerce-loop-product__title\"><a href=\"https:\/\/schaumweinkontor.com\/en\/produkt\/graf-hardegg-brut-rose-2019-075-l\/\" class=\"woocommerce-LoopProduct-link woocommerce-loop-product__link\">Graf Hardegg Brut Ros\u00e9 2019 0,75 L<\/a><\/p><\/div><div class=\"price-wrapper\">\n\t<span class=\"price\"><span class=\"woocommerce-Price-amount amount\" role=\"none\"><bdi><span class=\"woocommerce-Price-currencySymbol\">&euro;<\/span>&nbsp;22,60<\/bdi><\/span> <small class=\"woocommerce-price-suffix\">inkl. MwSt.<\/small><\/span>\n<\/div><div class=\"add-to-cart-button\"><a href=\"\/en\/wp-json\/wp\/v2\/pages\/4628?add-to-cart=4716\" aria-describedby=\"woocommerce_loop_add_to_cart_link_describedby_4716\" data-quantity=\"1\" class=\"primary is-small mb-0 button product_type_simple add_to_cart_button ajax_add_to_cart is-outline\" data-product_id=\"4716\" data-product_sku=\"100300301\" aria-label=\"Add to cart: &ldquo;Graf Hardegg Brut Ros\u00e9 2019 0,75 L&rdquo;\" rel=\"nofollow\" data-success_message=\"&ldquo;Graf Hardegg Brut Ros\u00e9 2019 0,75 L&rdquo; has been added to your cart\" role=\"button\">Add to cart<\/a><\/div>\t<span id=\"woocommerce_loop_add_to_cart_link_describedby_4716\" class=\"screen-reader-text\">\n\t\t\t<\/span>\n\t\t\t\t\t\t\t<\/div>\n\t\t\t\t\t\t<\/div>\n\t\t\t\t\t\t<\/div>\n\t\t\t\t\t<\/div><div class=\"col\" data-animate=\"fadeInUp\">\n\t\t\t\t\t\t<div class=\"col-inner\">\n\t\t\t\t\t\t\n<div class=\"badge-container badge-custom absolute right top z-1\">\n\n<\/div>\n\t\t\t\t\t\t<div class=\"product-small box margin-auto has-hover box-vertical box-text-bottom\">\n\t\t\t\t\t\t\t<div class=\"box-image\" >\n\t\t\t\t\t\t\t\t<div class=\"\" >\n\t\t\t\t\t\t\t\t\t<a href=\"https:\/\/schaumweinkontor.com\/en\/produkt\/graf-hardegg-v-brut-nature-2019-075-l\/\" aria-label=\"Graf Hardegg V Brut Nature 2019 0,75 L\">\n\t\t\t\t\t\t\t\t\t\t<img loading=\"lazy\" decoding=\"async\" width=\"300\" height=\"300\" src=\"https:\/\/schaumweinkontor.com\/wp-content\/uploads\/2022\/12\/1-300x300.png\" class=\"attachment-medium size-medium\" alt=\"Graf Hardegg V Brut Nature 2019 0,75 L\" srcset=\"https:\/\/schaumweinkontor.com\/wp-content\/uploads\/2022\/12\/1-300x300.png 300w, https:\/\/schaumweinkontor.com\/wp-content\/uploads\/2022\/12\/1-100x100.png 100w, https:\/\/schaumweinkontor.com\/wp-content\/uploads\/2022\/12\/1-510x510.png 510w, https:\/\/schaumweinkontor.com\/wp-content\/uploads\/2022\/12\/1-150x150.png 150w, https:\/\/schaumweinkontor.com\/wp-content\/uploads\/2022\/12\/1-768x768.png 768w, https:\/\/schaumweinkontor.com\/wp-content\/uploads\/2022\/12\/1.png 1000w\" sizes=\"auto, (max-width: 300px) 100vw, 300px\" \/>\t\t\t\t\t\t\t\t\t<\/a>\n\t\t\t\t\t\t\t\t\t\t\t\t\t\t\t\t\t\t \t\t\t\t\t\t\t\t<\/div>\n\t\t\t\t\t\t\t\t<div class=\"image-tools top right show-on-hover\">\n\t\t\t\t\t\t\t\t\t\t\t\t\t\t\t\t\t<\/div>\n\t\t\t\t\t\t\t\t\t\t\t\t\t\t\t\t\t<div class=\"image-tools grid-tools text-center hide-for-small bottom hover-slide-in show-on-hover\">\n\t\t\t\t\t\t\t\t\t\t\t\t\t\t\t\t\t\t\t<\/div>\n\t\t\t\t\t\t\t\t\t\t\t\t\t\t\t\t\t\t\t\t\t\t\t<\/div>\n\n\t\t\t\t\t\t\t<div class=\"box-text text-center\" style=\"padding:0px 0px 30px 0px;\">\n\t\t\t\t\t\t\t\t<div class=\"title-wrapper\">\t\t<p class=\"category uppercase is-smaller no-text-overflow product-cat op-7\">\n\t\t\tGraf Hardegg\t\t<\/p>\n\t<p class=\"name product-title woocommerce-loop-product__title\"><a href=\"https:\/\/schaumweinkontor.com\/en\/produkt\/graf-hardegg-v-brut-nature-2019-075-l\/\" class=\"woocommerce-LoopProduct-link woocommerce-loop-product__link\">Graf Hardegg V Brut Nature 2019 0,75 L<\/a><\/p><\/div><div class=\"price-wrapper\">\n\t<span class=\"price\"><span class=\"woocommerce-Price-amount amount\" role=\"none\"><bdi><span class=\"woocommerce-Price-currencySymbol\">&euro;<\/span>&nbsp;32,60<\/bdi><\/span> <small class=\"woocommerce-price-suffix\">inkl. MwSt.<\/small><\/span>\n<\/div><div class=\"add-to-cart-button\"><a href=\"\/en\/wp-json\/wp\/v2\/pages\/4628?add-to-cart=4715\" aria-describedby=\"woocommerce_loop_add_to_cart_link_describedby_4715\" data-quantity=\"1\" class=\"primary is-small mb-0 button product_type_simple add_to_cart_button ajax_add_to_cart is-outline\" data-product_id=\"4715\" data-product_sku=\"100300302\" aria-label=\"Add to cart: &ldquo;Graf Hardegg V Brut Nature 2019 0,75 L&rdquo;\" rel=\"nofollow\" data-success_message=\"&ldquo;Graf Hardegg V Brut Nature 2019 0,75 L&rdquo; has been added to your cart\" role=\"button\">Add to cart<\/a><\/div>\t<span id=\"woocommerce_loop_add_to_cart_link_describedby_4715\" class=\"screen-reader-text\">\n\t\t\t<\/span>\n\t\t\t\t\t\t\t<\/div>\n\t\t\t\t\t\t<\/div>\n\t\t\t\t\t\t<\/div>\n\t\t\t\t\t<\/div><div class=\"col\" data-animate=\"fadeInUp\">\n\t\t\t\t\t\t<div class=\"col-inner\">\n\t\t\t\t\t\t\n<div class=\"badge-container badge-custom absolute right top z-1\">\n\n<\/div>\n\t\t\t\t\t\t<div class=\"product-small box margin-auto has-hover box-vertical box-text-bottom\">\n\t\t\t\t\t\t\t<div class=\"box-image\" >\n\t\t\t\t\t\t\t\t<div class=\"\" >\n\t\t\t\t\t\t\t\t\t<a href=\"https:\/\/schaumweinkontor.com\/en\/produkt\/graf-hardegg-tasting-package\/\" aria-label=\"Graf Hardegg Tasting package\">\n\t\t\t\t\t\t\t\t\t\t<img loading=\"lazy\" decoding=\"async\" width=\"300\" height=\"300\" src=\"https:\/\/schaumweinkontor.com\/wp-content\/uploads\/2023\/07\/hardegg-aktion-1000x1000px-300x300.png\" class=\"attachment-medium size-medium\" alt=\"Graf Hardegg Tasting package\" srcset=\"https:\/\/schaumweinkontor.com\/wp-content\/uploads\/2023\/07\/hardegg-aktion-1000x1000px-300x300.png 300w, https:\/\/schaumweinkontor.com\/wp-content\/uploads\/2023\/07\/hardegg-aktion-1000x1000px-100x100.png 100w, https:\/\/schaumweinkontor.com\/wp-content\/uploads\/2023\/07\/hardegg-aktion-1000x1000px-510x510.png 510w, https:\/\/schaumweinkontor.com\/wp-content\/uploads\/2023\/07\/hardegg-aktion-1000x1000px-150x150.png 150w, https:\/\/schaumweinkontor.com\/wp-content\/uploads\/2023\/07\/hardegg-aktion-1000x1000px-768x768.png 768w, https:\/\/schaumweinkontor.com\/wp-content\/uploads\/2023\/07\/hardegg-aktion-1000x1000px.png 1000w\" sizes=\"auto, (max-width: 300px) 100vw, 300px\" \/>\t\t\t\t\t\t\t\t\t<\/a>\n\t\t\t\t\t\t\t\t\t\t\t\t\t\t\t\t\t\t \t\t\t\t\t\t\t\t<\/div>\n\t\t\t\t\t\t\t\t<div class=\"image-tools top right show-on-hover\">\n\t\t\t\t\t\t\t\t\t\t\t\t\t\t\t\t\t<\/div>\n\t\t\t\t\t\t\t\t\t\t\t\t\t\t\t\t\t<div class=\"image-tools grid-tools text-center hide-for-small bottom hover-slide-in show-on-hover\">\n\t\t\t\t\t\t\t\t\t\t\t\t\t\t\t\t\t\t\t<\/div>\n\t\t\t\t\t\t\t\t\t\t\t\t\t\t\t\t\t\t\t\t\t\t\t<\/div>\n\n\t\t\t\t\t\t\t<div class=\"box-text text-center\" style=\"padding:0px 0px 30px 0px;\">\n\t\t\t\t\t\t\t\t<div class=\"title-wrapper\">\t\t<p class=\"category uppercase is-smaller no-text-overflow product-cat op-7\">\n\t\t\tGraf Hardegg\t\t<\/p>\n\t<p class=\"name product-title woocommerce-loop-product__title\"><a href=\"https:\/\/schaumweinkontor.com\/en\/produkt\/graf-hardegg-tasting-package\/\" class=\"woocommerce-LoopProduct-link woocommerce-loop-product__link\">Graf Hardegg Tasting package<\/a><\/p><\/div><div class=\"price-wrapper\">\n\t<span class=\"price\"><span class=\"woocommerce-Price-amount amount\" role=\"none\"><bdi><span class=\"woocommerce-Price-currencySymbol\">&euro;<\/span>&nbsp;69,00<\/bdi><\/span> <small class=\"woocommerce-price-suffix\">inkl. MwSt.<\/small><\/span>\n<\/div><div class=\"add-to-cart-button\"><a href=\"\/en\/wp-json\/wp\/v2\/pages\/4628?add-to-cart=4663\" aria-describedby=\"woocommerce_loop_add_to_cart_link_describedby_4663\" data-quantity=\"1\" class=\"primary is-small mb-0 button product_type_simple add_to_cart_button ajax_add_to_cart is-outline\" data-product_id=\"4663\" data-product_sku=\"\" aria-label=\"Add to cart: &ldquo;Graf Hardegg Tasting package&rdquo;\" rel=\"nofollow\" data-success_message=\"&ldquo;Graf Hardegg Tasting package&rdquo; has been added to your cart\" role=\"button\">Add to cart<\/a><\/div>\t<span id=\"woocommerce_loop_add_to_cart_link_describedby_4663\" class=\"screen-reader-text\">\n\t\t\t<\/span>\n\t\t\t\t\t\t\t<\/div>\n\t\t\t\t\t\t<\/div>\n\t\t\t\t\t\t<\/div>\n\t\t\t\t\t<\/div><\/div>\n\n\n  \n    <div class=\"row margin-auto equalize-box show-for-medium hide-for-small large-columns-3 medium-columns-2 small-columns-1 row-large has-shadow row-box-shadow-2 row-box-shadow-4-hover\" >\n  \t\n\t     <div class=\"col\" data-animate=\"fadeInUp\">\n\t\t\t\t\t\t<div class=\"col-inner\">\n\t\t\t\t\t\t\n<div class=\"badge-container badge-custom absolute right top z-1\">\n\n<\/div>\n\t\t\t\t\t\t<div class=\"product-small box margin-auto has-hover box-normal box-text-bottom\">\n\t\t\t\t\t\t\t<div class=\"box-image\" >\n\t\t\t\t\t\t\t\t<div class=\"\" >\n\t\t\t\t\t\t\t\t\t<a href=\"https:\/\/schaumweinkontor.com\/en\/produkt\/graf-hardegg-brut-grande-reserve-2019-075-l\/\" aria-label=\"Graf Hardegg Brut Grande Reserve 2019 0,75 L\">\n\t\t\t\t\t\t\t\t\t\t<img loading=\"lazy\" decoding=\"async\" width=\"300\" height=\"300\" src=\"https:\/\/schaumweinkontor.com\/wp-content\/uploads\/2022\/12\/3-300x300.png\" class=\"attachment-medium size-medium\" alt=\"Graf Hardegg Brut Grande Reserve 2019 0,75 L\" srcset=\"https:\/\/schaumweinkontor.com\/wp-content\/uploads\/2022\/12\/3-300x300.png 300w, https:\/\/schaumweinkontor.com\/wp-content\/uploads\/2022\/12\/3-100x100.png 100w, https:\/\/schaumweinkontor.com\/wp-content\/uploads\/2022\/12\/3-510x510.png 510w, https:\/\/schaumweinkontor.com\/wp-content\/uploads\/2022\/12\/3-150x150.png 150w, https:\/\/schaumweinkontor.com\/wp-content\/uploads\/2022\/12\/3-768x768.png 768w, https:\/\/schaumweinkontor.com\/wp-content\/uploads\/2022\/12\/3.png 1000w\" sizes=\"auto, (max-width: 300px) 100vw, 300px\" \/>\t\t\t\t\t\t\t\t\t<\/a>\n\t\t\t\t\t\t\t\t\t\t\t\t\t\t\t\t\t\t \t\t\t\t\t\t\t\t<\/div>\n\t\t\t\t\t\t\t\t<div class=\"image-tools top right show-on-hover\">\n\t\t\t\t\t\t\t\t\t\t\t\t\t\t\t\t\t<\/div>\n\t\t\t\t\t\t\t\t\t\t\t\t\t\t\t\t\t<div class=\"image-tools grid-tools text-center hide-for-small bottom hover-slide-in show-on-hover\">\n\t\t\t\t\t\t\t\t\t\t\t\t\t\t\t\t\t\t\t<\/div>\n\t\t\t\t\t\t\t\t\t\t\t\t\t\t\t\t\t\t\t\t\t\t\t<\/div>\n\n\t\t\t\t\t\t\t<div class=\"box-text text-center\" style=\"padding:0px 0px 30px 0px;\">\n\t\t\t\t\t\t\t\t<div class=\"title-wrapper\">\t\t<p class=\"category uppercase is-smaller no-text-overflow product-cat op-7\">\n\t\t\tGraf Hardegg\t\t<\/p>\n\t<p class=\"name product-title woocommerce-loop-product__title\"><a href=\"https:\/\/schaumweinkontor.com\/en\/produkt\/graf-hardegg-brut-grande-reserve-2019-075-l\/\" class=\"woocommerce-LoopProduct-link woocommerce-loop-product__link\">Graf Hardegg Brut Grande Reserve 2019 0,75 L<\/a><\/p><\/div><div class=\"price-wrapper\">\n\t<span class=\"price\"><span class=\"woocommerce-Price-amount amount\" role=\"none\"><bdi><span class=\"woocommerce-Price-currencySymbol\">&euro;<\/span>&nbsp;14,40<\/bdi><\/span> <small class=\"woocommerce-price-suffix\">inkl. MwSt.<\/small><\/span>\n<\/div><div class=\"add-to-cart-button\"><a href=\"\/en\/wp-json\/wp\/v2\/pages\/4628?add-to-cart=4717\" aria-describedby=\"woocommerce_loop_add_to_cart_link_describedby_4717\" data-quantity=\"1\" class=\"primary is-small mb-0 button product_type_simple add_to_cart_button ajax_add_to_cart is-outline\" data-product_id=\"4717\" data-product_sku=\"100300300\" aria-label=\"Add to cart: &ldquo;Graf Hardegg Brut Grande Reserve 2019 0,75 L&rdquo;\" rel=\"nofollow\" data-success_message=\"&ldquo;Graf Hardegg Brut Grande Reserve 2019 0,75 L&rdquo; has been added to your cart\" role=\"button\">Add to cart<\/a><\/div>\t<span id=\"woocommerce_loop_add_to_cart_link_describedby_4717\" class=\"screen-reader-text\">\n\t\t\t<\/span>\n\t\t\t\t\t\t\t<\/div>\n\t\t\t\t\t\t<\/div>\n\t\t\t\t\t\t<\/div>\n\t\t\t\t\t<\/div><div class=\"col\" data-animate=\"fadeInUp\">\n\t\t\t\t\t\t<div class=\"col-inner\">\n\t\t\t\t\t\t\n<div class=\"badge-container badge-custom absolute right top z-1\">\n\n<\/div>\n\t\t\t\t\t\t<div class=\"product-small box margin-auto has-hover box-normal box-text-bottom\">\n\t\t\t\t\t\t\t<div class=\"box-image\" >\n\t\t\t\t\t\t\t\t<div class=\"\" >\n\t\t\t\t\t\t\t\t\t<a href=\"https:\/\/schaumweinkontor.com\/en\/produkt\/graf-hardegg-brut-rose-2019-075-l\/\" aria-label=\"Graf Hardegg Brut Ros\u00e9 2019 0,75 L\">\n\t\t\t\t\t\t\t\t\t\t<img loading=\"lazy\" decoding=\"async\" width=\"300\" height=\"300\" src=\"https:\/\/schaumweinkontor.com\/wp-content\/uploads\/2022\/12\/2-300x300.png\" class=\"attachment-medium size-medium\" alt=\"Graf Hardegg Brut Ros\u00e9 2019 0,75 L\" srcset=\"https:\/\/schaumweinkontor.com\/wp-content\/uploads\/2022\/12\/2-300x300.png 300w, https:\/\/schaumweinkontor.com\/wp-content\/uploads\/2022\/12\/2-100x100.png 100w, https:\/\/schaumweinkontor.com\/wp-content\/uploads\/2022\/12\/2-510x510.png 510w, https:\/\/schaumweinkontor.com\/wp-content\/uploads\/2022\/12\/2-150x150.png 150w, https:\/\/schaumweinkontor.com\/wp-content\/uploads\/2022\/12\/2-768x768.png 768w, https:\/\/schaumweinkontor.com\/wp-content\/uploads\/2022\/12\/2.png 1000w\" sizes=\"auto, (max-width: 300px) 100vw, 300px\" \/>\t\t\t\t\t\t\t\t\t<\/a>\n\t\t\t\t\t\t\t\t\t\t\t\t\t\t\t\t\t\t \t\t\t\t\t\t\t\t<\/div>\n\t\t\t\t\t\t\t\t<div class=\"image-tools top right show-on-hover\">\n\t\t\t\t\t\t\t\t\t\t\t\t\t\t\t\t\t<\/div>\n\t\t\t\t\t\t\t\t\t\t\t\t\t\t\t\t\t<div class=\"image-tools grid-tools text-center hide-for-small bottom hover-slide-in show-on-hover\">\n\t\t\t\t\t\t\t\t\t\t\t\t\t\t\t\t\t\t\t<\/div>\n\t\t\t\t\t\t\t\t\t\t\t\t\t\t\t\t\t\t\t\t\t\t\t<\/div>\n\n\t\t\t\t\t\t\t<div class=\"box-text text-center\" style=\"padding:0px 0px 30px 0px;\">\n\t\t\t\t\t\t\t\t<div class=\"title-wrapper\">\t\t<p class=\"category uppercase is-smaller no-text-overflow product-cat op-7\">\n\t\t\tGraf Hardegg\t\t<\/p>\n\t<p class=\"name product-title woocommerce-loop-product__title\"><a href=\"https:\/\/schaumweinkontor.com\/en\/produkt\/graf-hardegg-brut-rose-2019-075-l\/\" class=\"woocommerce-LoopProduct-link woocommerce-loop-product__link\">Graf Hardegg Brut Ros\u00e9 2019 0,75 L<\/a><\/p><\/div><div class=\"price-wrapper\">\n\t<span class=\"price\"><span class=\"woocommerce-Price-amount amount\" role=\"none\"><bdi><span class=\"woocommerce-Price-currencySymbol\">&euro;<\/span>&nbsp;22,60<\/bdi><\/span> <small class=\"woocommerce-price-suffix\">inkl. MwSt.<\/small><\/span>\n<\/div><div class=\"add-to-cart-button\"><a href=\"\/en\/wp-json\/wp\/v2\/pages\/4628?add-to-cart=4716\" aria-describedby=\"woocommerce_loop_add_to_cart_link_describedby_4716\" data-quantity=\"1\" class=\"primary is-small mb-0 button product_type_simple add_to_cart_button ajax_add_to_cart is-outline\" data-product_id=\"4716\" data-product_sku=\"100300301\" aria-label=\"Add to cart: &ldquo;Graf Hardegg Brut Ros\u00e9 2019 0,75 L&rdquo;\" rel=\"nofollow\" data-success_message=\"&ldquo;Graf Hardegg Brut Ros\u00e9 2019 0,75 L&rdquo; has been added to your cart\" role=\"button\">Add to cart<\/a><\/div>\t<span id=\"woocommerce_loop_add_to_cart_link_describedby_4716\" class=\"screen-reader-text\">\n\t\t\t<\/span>\n\t\t\t\t\t\t\t<\/div>\n\t\t\t\t\t\t<\/div>\n\t\t\t\t\t\t<\/div>\n\t\t\t\t\t<\/div><div class=\"col\" data-animate=\"fadeInUp\">\n\t\t\t\t\t\t<div class=\"col-inner\">\n\t\t\t\t\t\t\n<div class=\"badge-container badge-custom absolute right top z-1\">\n\n<\/div>\n\t\t\t\t\t\t<div class=\"product-small box margin-auto has-hover box-normal box-text-bottom\">\n\t\t\t\t\t\t\t<div class=\"box-image\" >\n\t\t\t\t\t\t\t\t<div class=\"\" >\n\t\t\t\t\t\t\t\t\t<a href=\"https:\/\/schaumweinkontor.com\/en\/produkt\/graf-hardegg-v-brut-nature-2019-075-l\/\" aria-label=\"Graf Hardegg V Brut Nature 2019 0,75 L\">\n\t\t\t\t\t\t\t\t\t\t<img loading=\"lazy\" decoding=\"async\" width=\"300\" height=\"300\" src=\"https:\/\/schaumweinkontor.com\/wp-content\/uploads\/2022\/12\/1-300x300.png\" class=\"attachment-medium size-medium\" alt=\"Graf Hardegg V Brut Nature 2019 0,75 L\" srcset=\"https:\/\/schaumweinkontor.com\/wp-content\/uploads\/2022\/12\/1-300x300.png 300w, https:\/\/schaumweinkontor.com\/wp-content\/uploads\/2022\/12\/1-100x100.png 100w, https:\/\/schaumweinkontor.com\/wp-content\/uploads\/2022\/12\/1-510x510.png 510w, https:\/\/schaumweinkontor.com\/wp-content\/uploads\/2022\/12\/1-150x150.png 150w, https:\/\/schaumweinkontor.com\/wp-content\/uploads\/2022\/12\/1-768x768.png 768w, https:\/\/schaumweinkontor.com\/wp-content\/uploads\/2022\/12\/1.png 1000w\" sizes=\"auto, (max-width: 300px) 100vw, 300px\" \/>\t\t\t\t\t\t\t\t\t<\/a>\n\t\t\t\t\t\t\t\t\t\t\t\t\t\t\t\t\t\t \t\t\t\t\t\t\t\t<\/div>\n\t\t\t\t\t\t\t\t<div class=\"image-tools top right show-on-hover\">\n\t\t\t\t\t\t\t\t\t\t\t\t\t\t\t\t\t<\/div>\n\t\t\t\t\t\t\t\t\t\t\t\t\t\t\t\t\t<div class=\"image-tools grid-tools text-center hide-for-small bottom hover-slide-in show-on-hover\">\n\t\t\t\t\t\t\t\t\t\t\t\t\t\t\t\t\t\t\t<\/div>\n\t\t\t\t\t\t\t\t\t\t\t\t\t\t\t\t\t\t\t\t\t\t\t<\/div>\n\n\t\t\t\t\t\t\t<div class=\"box-text text-center\" style=\"padding:0px 0px 30px 0px;\">\n\t\t\t\t\t\t\t\t<div class=\"title-wrapper\">\t\t<p class=\"category uppercase is-smaller no-text-overflow product-cat op-7\">\n\t\t\tGraf Hardegg\t\t<\/p>\n\t<p class=\"name product-title woocommerce-loop-product__title\"><a href=\"https:\/\/schaumweinkontor.com\/en\/produkt\/graf-hardegg-v-brut-nature-2019-075-l\/\" class=\"woocommerce-LoopProduct-link woocommerce-loop-product__link\">Graf Hardegg V Brut Nature 2019 0,75 L<\/a><\/p><\/div><div class=\"price-wrapper\">\n\t<span class=\"price\"><span class=\"woocommerce-Price-amount amount\" role=\"none\"><bdi><span class=\"woocommerce-Price-currencySymbol\">&euro;<\/span>&nbsp;32,60<\/bdi><\/span> <small class=\"woocommerce-price-suffix\">inkl. MwSt.<\/small><\/span>\n<\/div><div class=\"add-to-cart-button\"><a href=\"\/en\/wp-json\/wp\/v2\/pages\/4628?add-to-cart=4715\" aria-describedby=\"woocommerce_loop_add_to_cart_link_describedby_4715\" data-quantity=\"1\" class=\"primary is-small mb-0 button product_type_simple add_to_cart_button ajax_add_to_cart is-outline\" data-product_id=\"4715\" data-product_sku=\"100300302\" aria-label=\"Add to cart: &ldquo;Graf Hardegg V Brut Nature 2019 0,75 L&rdquo;\" rel=\"nofollow\" data-success_message=\"&ldquo;Graf Hardegg V Brut Nature 2019 0,75 L&rdquo; has been added to your cart\" role=\"button\">Add to cart<\/a><\/div>\t<span id=\"woocommerce_loop_add_to_cart_link_describedby_4715\" class=\"screen-reader-text\">\n\t\t\t<\/span>\n\t\t\t\t\t\t\t<\/div>\n\t\t\t\t\t\t<\/div>\n\t\t\t\t\t\t<\/div>\n\t\t\t\t\t<\/div><div class=\"col\" data-animate=\"fadeInUp\">\n\t\t\t\t\t\t<div class=\"col-inner\">\n\t\t\t\t\t\t\n<div class=\"badge-container badge-custom absolute right top z-1\">\n\n<\/div>\n\t\t\t\t\t\t<div class=\"product-small box margin-auto has-hover box-normal box-text-bottom\">\n\t\t\t\t\t\t\t<div class=\"box-image\" >\n\t\t\t\t\t\t\t\t<div class=\"\" >\n\t\t\t\t\t\t\t\t\t<a href=\"https:\/\/schaumweinkontor.com\/en\/produkt\/graf-hardegg-tasting-package\/\" aria-label=\"Graf Hardegg Tasting package\">\n\t\t\t\t\t\t\t\t\t\t<img loading=\"lazy\" decoding=\"async\" width=\"300\" height=\"300\" src=\"https:\/\/schaumweinkontor.com\/wp-content\/uploads\/2023\/07\/hardegg-aktion-1000x1000px-300x300.png\" class=\"attachment-medium size-medium\" alt=\"Graf Hardegg Tasting package\" srcset=\"https:\/\/schaumweinkontor.com\/wp-content\/uploads\/2023\/07\/hardegg-aktion-1000x1000px-300x300.png 300w, https:\/\/schaumweinkontor.com\/wp-content\/uploads\/2023\/07\/hardegg-aktion-1000x1000px-100x100.png 100w, https:\/\/schaumweinkontor.com\/wp-content\/uploads\/2023\/07\/hardegg-aktion-1000x1000px-510x510.png 510w, https:\/\/schaumweinkontor.com\/wp-content\/uploads\/2023\/07\/hardegg-aktion-1000x1000px-150x150.png 150w, https:\/\/schaumweinkontor.com\/wp-content\/uploads\/2023\/07\/hardegg-aktion-1000x1000px-768x768.png 768w, https:\/\/schaumweinkontor.com\/wp-content\/uploads\/2023\/07\/hardegg-aktion-1000x1000px.png 1000w\" sizes=\"auto, (max-width: 300px) 100vw, 300px\" \/>\t\t\t\t\t\t\t\t\t<\/a>\n\t\t\t\t\t\t\t\t\t\t\t\t\t\t\t\t\t\t \t\t\t\t\t\t\t\t<\/div>\n\t\t\t\t\t\t\t\t<div class=\"image-tools top right show-on-hover\">\n\t\t\t\t\t\t\t\t\t\t\t\t\t\t\t\t\t<\/div>\n\t\t\t\t\t\t\t\t\t\t\t\t\t\t\t\t\t<div class=\"image-tools grid-tools text-center hide-for-small bottom hover-slide-in show-on-hover\">\n\t\t\t\t\t\t\t\t\t\t\t\t\t\t\t\t\t\t\t<\/div>\n\t\t\t\t\t\t\t\t\t\t\t\t\t\t\t\t\t\t\t\t\t\t\t<\/div>\n\n\t\t\t\t\t\t\t<div class=\"box-text text-center\" style=\"padding:0px 0px 30px 0px;\">\n\t\t\t\t\t\t\t\t<div class=\"title-wrapper\">\t\t<p class=\"category uppercase is-smaller no-text-overflow product-cat op-7\">\n\t\t\tGraf Hardegg\t\t<\/p>\n\t<p class=\"name product-title woocommerce-loop-product__title\"><a href=\"https:\/\/schaumweinkontor.com\/en\/produkt\/graf-hardegg-tasting-package\/\" class=\"woocommerce-LoopProduct-link woocommerce-loop-product__link\">Graf Hardegg Tasting package<\/a><\/p><\/div><div class=\"price-wrapper\">\n\t<span class=\"price\"><span class=\"woocommerce-Price-amount amount\" role=\"none\"><bdi><span class=\"woocommerce-Price-currencySymbol\">&euro;<\/span>&nbsp;69,00<\/bdi><\/span> <small class=\"woocommerce-price-suffix\">inkl. MwSt.<\/small><\/span>\n<\/div><div class=\"add-to-cart-button\"><a href=\"\/en\/wp-json\/wp\/v2\/pages\/4628?add-to-cart=4663\" aria-describedby=\"woocommerce_loop_add_to_cart_link_describedby_4663\" data-quantity=\"1\" class=\"primary is-small mb-0 button product_type_simple add_to_cart_button ajax_add_to_cart is-outline\" data-product_id=\"4663\" data-product_sku=\"\" aria-label=\"Add to cart: &ldquo;Graf Hardegg Tasting package&rdquo;\" rel=\"nofollow\" data-success_message=\"&ldquo;Graf Hardegg Tasting package&rdquo; has been added to your cart\" role=\"button\">Add to cart<\/a><\/div>\t<span id=\"woocommerce_loop_add_to_cart_link_describedby_4663\" class=\"screen-reader-text\">\n\t\t\t<\/span>\n\t\t\t\t\t\t\t<\/div>\n\t\t\t\t\t\t<\/div>\n\t\t\t\t\t\t<\/div>\n\t\t\t\t\t<\/div><\/div>\n\n\n\t\t<\/div>\n\t\t\t\t\t<\/div>\n\n\t\n\n\n<style>\n#row-409702483 > .col > .col-inner {\n  padding: 0px 0px 0px 0px;\n}\n@media (min-width:550px) {\n  #row-409702483 > .col > .col-inner {\n    padding: 20px 0px 0px 0px;\n  }\n}\n<\/style>\n<\/div>\n<div class=\"text-center\"><div class=\"is-divider divider clearfix\" style=\"margin-top:3em;margin-bottom:3em;max-width:100%;height:2px;background-color:rgba(183, 149, 73, 0.419);\"><\/div><\/div>\n\n\t<section class=\"section bg_winzer show-for-medium\" id=\"section_1546365317\">\n\t\t<div class=\"bg section-bg fill bg-fill  \" >\n\n\t\t\t\n\t\t\t\n\t\t\t\n\n\t\t<\/div>\n\n\t\t\n\n\t\t<div class=\"section-content relative\">\n\t\t\t\n\n<div class=\"row row-full-width align-middle align-center\"  id=\"row-1928244149\">\n\n\n\t<div id=\"col-1597636147\" class=\"col small-12 large-12\"  >\n\t\t\t\t<div class=\"col-inner\"  >\n\t\t\t\n\t\t\t\n\n<h2 id=\"loimer-mobile\" class=\"uppercase\" style=\"text-align: center;\">Loimer<\/h2>\n\n\t\t<\/div>\n\t\t\t\t\t<\/div>\n\n\t\n\n\n<style>\n#row-1928244149 > .col > .col-inner {\n  padding: 0px 0px 0px 0px;\n}\n@media (min-width:550px) {\n  #row-1928244149 > .col > .col-inner {\n    padding: 15px 0px 0px 0px;\n  }\n}\n<\/style>\n<\/div>\n\n\t\t<\/div>\n\n\t\t\n<style>\n#section_1546365317 {\n  padding-top: 40px;\n  padding-bottom: 40px;\n  margin-bottom: 20px;\n}\n#section_1546365317 .section-bg.bg-loaded {\n  background-image: url(https:\/\/schaumweinkontor.com\/wp-content\/uploads\/2022\/06\/landscape-illu-gold-transp.png);\n}\n@media (min-width:550px) {\n  #section_1546365317 {\n    padding-top: 20px;\n    padding-bottom: 20px;\n  }\n}\n<\/style>\n\t<\/section>\n\t\n<div class=\"row row-collapse row-full-width align-middle align-center\"  id=\"row-83849107\">\n\n\n\t<div id=\"col-1525088427\" class=\"col small-12 large-12\"  >\n\t\t\t\t<div class=\"col-inner text-center\"  >\n\t\t\t\n\t\t\t\n\n\n  \n    <div class=\"row margin-auto equalize-box show-for-small large-columns-3 medium-columns- small-columns-1 row-large row-full-width has-shadow row-box-shadow-2 row-box-shadow-4-hover\" >\n  \t\n\t     <div class=\"col\" data-animate=\"fadeInUp\">\n\t\t\t\t\t\t<div class=\"col-inner\">\n\t\t\t\t\t\t\n<div class=\"badge-container badge-custom absolute right top z-1\">\n\n<\/div>\n\t\t\t\t\t\t<div class=\"product-small box margin-auto has-hover box-vertical box-text-bottom\">\n\t\t\t\t\t\t\t<div class=\"box-image\" >\n\t\t\t\t\t\t\t\t<div class=\"\" >\n\t\t\t\t\t\t\t\t\t<a href=\"https:\/\/schaumweinkontor.com\/en\/produkt\/loimer-extra-brut-reserve-075l\/\" aria-label=\"Loimer Extra Brut Reserve 0,75l\">\n\t\t\t\t\t\t\t\t\t\t<img loading=\"lazy\" decoding=\"async\" width=\"300\" height=\"300\" src=\"https:\/\/schaumweinkontor.com\/wp-content\/uploads\/2024\/03\/Extra-Brut-300x300.png\" class=\"attachment-medium size-medium\" alt=\"Loimer Extra Brut Reserve\" srcset=\"https:\/\/schaumweinkontor.com\/wp-content\/uploads\/2024\/03\/Extra-Brut-300x300.png 300w, https:\/\/schaumweinkontor.com\/wp-content\/uploads\/2024\/03\/Extra-Brut-100x100.png 100w, https:\/\/schaumweinkontor.com\/wp-content\/uploads\/2024\/03\/Extra-Brut-510x510.png 510w, https:\/\/schaumweinkontor.com\/wp-content\/uploads\/2024\/03\/Extra-Brut-150x150.png 150w, https:\/\/schaumweinkontor.com\/wp-content\/uploads\/2024\/03\/Extra-Brut-768x768.png 768w, https:\/\/schaumweinkontor.com\/wp-content\/uploads\/2024\/03\/Extra-Brut.png 1000w\" sizes=\"auto, (max-width: 300px) 100vw, 300px\" \/>\t\t\t\t\t\t\t\t\t<\/a>\n\t\t\t\t\t\t\t\t\t\t\t\t\t\t\t\t\t\t \t\t\t\t\t\t\t\t<\/div>\n\t\t\t\t\t\t\t\t<div class=\"image-tools top right show-on-hover\">\n\t\t\t\t\t\t\t\t\t\t\t\t\t\t\t\t\t<\/div>\n\t\t\t\t\t\t\t\t\t\t\t\t\t\t\t\t\t<div class=\"image-tools grid-tools text-center hide-for-small bottom hover-slide-in show-on-hover\">\n\t\t\t\t\t\t\t\t\t\t\t\t\t\t\t\t\t\t\t<\/div>\n\t\t\t\t\t\t\t\t\t\t\t\t\t\t\t\t\t\t\t\t\t\t\t<\/div>\n\n\t\t\t\t\t\t\t<div class=\"box-text text-center\" style=\"padding:0px 0px 30px 0px;\">\n\t\t\t\t\t\t\t\t<div class=\"title-wrapper\">\t\t<p class=\"category uppercase is-smaller no-text-overflow product-cat op-7\">\n\t\t\tLoimer\t\t<\/p>\n\t<p class=\"name product-title woocommerce-loop-product__title\"><a href=\"https:\/\/schaumweinkontor.com\/en\/produkt\/loimer-extra-brut-reserve-075l\/\" class=\"woocommerce-LoopProduct-link woocommerce-loop-product__link\">Loimer Extra Brut Reserve 0,75l<\/a><\/p><\/div><div class=\"price-wrapper\">\n\t<span class=\"price\"><span class=\"woocommerce-Price-amount amount\" role=\"none\"><bdi><span class=\"woocommerce-Price-currencySymbol\">&euro;<\/span>&nbsp;24,00<\/bdi><\/span> <small class=\"woocommerce-price-suffix\">inkl. MwSt.<\/small><\/span>\n<\/div><div class=\"add-to-cart-button\"><a href=\"\/en\/wp-json\/wp\/v2\/pages\/4628?add-to-cart=5085\" aria-describedby=\"woocommerce_loop_add_to_cart_link_describedby_5085\" data-quantity=\"1\" class=\"primary is-small mb-0 button product_type_simple add_to_cart_button ajax_add_to_cart is-outline\" data-product_id=\"5085\" data-product_sku=\"100300231\" aria-label=\"Add to cart: &ldquo;Loimer Extra Brut Reserve 0,75l&rdquo;\" rel=\"nofollow\" data-success_message=\"&ldquo;Loimer Extra Brut Reserve 0,75l&rdquo; has been added to your cart\" role=\"button\">Add to cart<\/a><\/div>\t<span id=\"woocommerce_loop_add_to_cart_link_describedby_5085\" class=\"screen-reader-text\">\n\t\t\t<\/span>\n\t\t\t\t\t\t\t<\/div>\n\t\t\t\t\t\t<\/div>\n\t\t\t\t\t\t<\/div>\n\t\t\t\t\t<\/div><div class=\"col\" data-animate=\"fadeInUp\">\n\t\t\t\t\t\t<div class=\"col-inner\">\n\t\t\t\t\t\t\n<div class=\"badge-container badge-custom absolute right top z-1\">\n\n<\/div>\n\t\t\t\t\t\t<div class=\"product-small box margin-auto has-hover box-vertical box-text-bottom\">\n\t\t\t\t\t\t\t<div class=\"box-image\" >\n\t\t\t\t\t\t\t\t<div class=\"\" >\n\t\t\t\t\t\t\t\t\t<a href=\"https:\/\/schaumweinkontor.com\/en\/produkt\/loimer-extra-brut-reserve-075l-copy\/\" aria-label=\"Loimer Brut Rose Reserve 0,75 L\">\n\t\t\t\t\t\t\t\t\t\t<img loading=\"lazy\" decoding=\"async\" width=\"300\" height=\"300\" src=\"https:\/\/schaumweinkontor.com\/wp-content\/uploads\/2024\/04\/Loimer-Rose-300x300.png\" class=\"attachment-medium size-medium\" alt=\"Loimer Brut Rose Reserve 0,75 L\" srcset=\"https:\/\/schaumweinkontor.com\/wp-content\/uploads\/2024\/04\/Loimer-Rose-300x300.png 300w, https:\/\/schaumweinkontor.com\/wp-content\/uploads\/2024\/04\/Loimer-Rose-100x100.png 100w, https:\/\/schaumweinkontor.com\/wp-content\/uploads\/2024\/04\/Loimer-Rose-510x510.png 510w, https:\/\/schaumweinkontor.com\/wp-content\/uploads\/2024\/04\/Loimer-Rose-150x150.png 150w, https:\/\/schaumweinkontor.com\/wp-content\/uploads\/2024\/04\/Loimer-Rose-768x768.png 768w, https:\/\/schaumweinkontor.com\/wp-content\/uploads\/2024\/04\/Loimer-Rose.png 1000w\" sizes=\"auto, (max-width: 300px) 100vw, 300px\" \/>\t\t\t\t\t\t\t\t\t<\/a>\n\t\t\t\t\t\t\t\t\t\t\t\t\t\t\t\t\t\t \t\t\t\t\t\t\t\t<\/div>\n\t\t\t\t\t\t\t\t<div class=\"image-tools top right show-on-hover\">\n\t\t\t\t\t\t\t\t\t\t\t\t\t\t\t\t\t<\/div>\n\t\t\t\t\t\t\t\t\t\t\t\t\t\t\t\t\t<div class=\"image-tools grid-tools text-center hide-for-small bottom hover-slide-in show-on-hover\">\n\t\t\t\t\t\t\t\t\t\t\t\t\t\t\t\t\t\t\t<\/div>\n\t\t\t\t\t\t\t\t\t\t\t\t\t\t\t\t\t\t\t\t\t\t\t<\/div>\n\n\t\t\t\t\t\t\t<div class=\"box-text text-center\" style=\"padding:0px 0px 30px 0px;\">\n\t\t\t\t\t\t\t\t<div class=\"title-wrapper\">\t\t<p class=\"category uppercase is-smaller no-text-overflow product-cat op-7\">\n\t\t\tLoimer\t\t<\/p>\n\t<p class=\"name product-title woocommerce-loop-product__title\"><a href=\"https:\/\/schaumweinkontor.com\/en\/produkt\/loimer-extra-brut-reserve-075l-copy\/\" class=\"woocommerce-LoopProduct-link woocommerce-loop-product__link\">Loimer Brut Rose Reserve 0,75 L<\/a><\/p><\/div><div class=\"price-wrapper\">\n\t<span class=\"price\"><span class=\"woocommerce-Price-amount amount\" role=\"none\"><bdi><span class=\"woocommerce-Price-currencySymbol\">&euro;<\/span>&nbsp;24,00<\/bdi><\/span> <small class=\"woocommerce-price-suffix\">inkl. MwSt.<\/small><\/span>\n<\/div><div class=\"add-to-cart-button\"><a href=\"\/en\/wp-json\/wp\/v2\/pages\/4628?add-to-cart=5324\" aria-describedby=\"woocommerce_loop_add_to_cart_link_describedby_5324\" data-quantity=\"1\" class=\"primary is-small mb-0 button product_type_simple add_to_cart_button ajax_add_to_cart is-outline\" data-product_id=\"5324\" data-product_sku=\"100300232\" aria-label=\"Add to cart: &ldquo;Loimer Brut Rose Reserve 0,75 L&rdquo;\" rel=\"nofollow\" data-success_message=\"&ldquo;Loimer Brut Rose Reserve 0,75 L&rdquo; has been added to your cart\" role=\"button\">Add to cart<\/a><\/div>\t<span id=\"woocommerce_loop_add_to_cart_link_describedby_5324\" class=\"screen-reader-text\">\n\t\t\t<\/span>\n\t\t\t\t\t\t\t<\/div>\n\t\t\t\t\t\t<\/div>\n\t\t\t\t\t\t<\/div>\n\t\t\t\t\t<\/div><div class=\"col\" data-animate=\"fadeInUp\">\n\t\t\t\t\t\t<div class=\"col-inner\">\n\t\t\t\t\t\t\n<div class=\"badge-container badge-custom absolute right top z-1\">\n\n<\/div>\n\t\t\t\t\t\t<div class=\"product-small box margin-auto has-hover box-vertical box-text-bottom\">\n\t\t\t\t\t\t\t<div class=\"box-image\" >\n\t\t\t\t\t\t\t\t<div class=\"\" >\n\t\t\t\t\t\t\t\t\t<a href=\"https:\/\/schaumweinkontor.com\/en\/produkt\/loimer-blanc-de-noir-grosse-reserve-gumpoldskirchen-075l\/\" aria-label=\"Loimer Blanc de Noir, Grande Reserve Gumpoldskirchen 0,75l\">\n\t\t\t\t\t\t\t\t\t\t<img loading=\"lazy\" decoding=\"async\" width=\"300\" height=\"300\" src=\"https:\/\/schaumweinkontor.com\/wp-content\/uploads\/2024\/03\/Gumpoldskirchen-300x300.png\" class=\"attachment-medium size-medium\" alt=\"Loimer Blanc de Noir, Grande Reserve Gumpoldskirchen 0,75l\" srcset=\"https:\/\/schaumweinkontor.com\/wp-content\/uploads\/2024\/03\/Gumpoldskirchen-300x300.png 300w, https:\/\/schaumweinkontor.com\/wp-content\/uploads\/2024\/03\/Gumpoldskirchen-100x100.png 100w, https:\/\/schaumweinkontor.com\/wp-content\/uploads\/2024\/03\/Gumpoldskirchen-510x510.png 510w, https:\/\/schaumweinkontor.com\/wp-content\/uploads\/2024\/03\/Gumpoldskirchen-150x150.png 150w, https:\/\/schaumweinkontor.com\/wp-content\/uploads\/2024\/03\/Gumpoldskirchen-768x768.png 768w, https:\/\/schaumweinkontor.com\/wp-content\/uploads\/2024\/03\/Gumpoldskirchen.png 1000w\" sizes=\"auto, (max-width: 300px) 100vw, 300px\" \/>\t\t\t\t\t\t\t\t\t<\/a>\n\t\t\t\t\t\t\t\t\t\t\t\t\t\t\t\t\t\t \t\t\t\t\t\t\t\t<\/div>\n\t\t\t\t\t\t\t\t<div class=\"image-tools top right show-on-hover\">\n\t\t\t\t\t\t\t\t\t\t\t\t\t\t\t\t\t<\/div>\n\t\t\t\t\t\t\t\t\t\t\t\t\t\t\t\t\t<div class=\"image-tools grid-tools text-center hide-for-small bottom hover-slide-in show-on-hover\">\n\t\t\t\t\t\t\t\t\t\t\t\t\t\t\t\t\t\t\t<\/div>\n\t\t\t\t\t\t\t\t\t\t\t\t\t\t\t\t\t\t\t\t\t\t\t<\/div>\n\n\t\t\t\t\t\t\t<div class=\"box-text text-center\" style=\"padding:0px 0px 30px 0px;\">\n\t\t\t\t\t\t\t\t<div class=\"title-wrapper\">\t\t<p class=\"category uppercase is-smaller no-text-overflow product-cat op-7\">\n\t\t\tLoimer\t\t<\/p>\n\t<p class=\"name product-title woocommerce-loop-product__title\"><a href=\"https:\/\/schaumweinkontor.com\/en\/produkt\/loimer-blanc-de-noir-grosse-reserve-gumpoldskirchen-075l\/\" class=\"woocommerce-LoopProduct-link woocommerce-loop-product__link\">Loimer Blanc de Noir, Grande Reserve Gumpoldskirchen 0,75l<\/a><\/p><\/div><div class=\"price-wrapper\">\n\t<span class=\"price\"><span class=\"woocommerce-Price-amount amount\" role=\"none\"><bdi><span class=\"woocommerce-Price-currencySymbol\">&euro;<\/span>&nbsp;44,00<\/bdi><\/span> <small class=\"woocommerce-price-suffix\">inkl. MwSt.<\/small><\/span>\n<\/div><div class=\"add-to-cart-button\"><a href=\"\/en\/wp-json\/wp\/v2\/pages\/4628?add-to-cart=5083\" aria-describedby=\"woocommerce_loop_add_to_cart_link_describedby_5083\" data-quantity=\"1\" class=\"primary is-small mb-0 button product_type_simple add_to_cart_button ajax_add_to_cart is-outline\" data-product_id=\"5083\" data-product_sku=\"100300234\" aria-label=\"Add to cart: &ldquo;Loimer Blanc de Noir, Grande Reserve Gumpoldskirchen 0,75l&rdquo;\" rel=\"nofollow\" data-success_message=\"&ldquo;Loimer Blanc de Noir, Grande Reserve Gumpoldskirchen 0,75l&rdquo; has been added to your cart\" role=\"button\">Add to cart<\/a><\/div>\t<span id=\"woocommerce_loop_add_to_cart_link_describedby_5083\" class=\"screen-reader-text\">\n\t\t\t<\/span>\n\t\t\t\t\t\t\t<\/div>\n\t\t\t\t\t\t<\/div>\n\t\t\t\t\t\t<\/div>\n\t\t\t\t\t<\/div><div class=\"col\" data-animate=\"fadeInUp\">\n\t\t\t\t\t\t<div class=\"col-inner\">\n\t\t\t\t\t\t\n<div class=\"badge-container badge-custom absolute right top z-1\">\n\n<\/div>\n\t\t\t\t\t\t<div class=\"product-small box margin-auto has-hover box-vertical box-text-bottom\">\n\t\t\t\t\t\t\t<div class=\"box-image\" >\n\t\t\t\t\t\t\t\t<div class=\"\" >\n\t\t\t\t\t\t\t\t\t<a href=\"https:\/\/schaumweinkontor.com\/en\/produkt\/loimer-blanc-de-blanc-grosse-reserve-langenlois-075l\/\" aria-label=\"Loimer Blanc de Blancs Grosse Reserve Langenlois 0,75l\">\n\t\t\t\t\t\t\t\t\t\t<img loading=\"lazy\" decoding=\"async\" width=\"300\" height=\"300\" src=\"https:\/\/schaumweinkontor.com\/wp-content\/uploads\/2024\/03\/Langenlois-300x300.png\" class=\"attachment-medium size-medium\" alt=\"Loimer Blanc de Blancs Grosse Reserve Langenlois 0,75l\" srcset=\"https:\/\/schaumweinkontor.com\/wp-content\/uploads\/2024\/03\/Langenlois-300x300.png 300w, https:\/\/schaumweinkontor.com\/wp-content\/uploads\/2024\/03\/Langenlois-100x100.png 100w, https:\/\/schaumweinkontor.com\/wp-content\/uploads\/2024\/03\/Langenlois-510x510.png 510w, https:\/\/schaumweinkontor.com\/wp-content\/uploads\/2024\/03\/Langenlois-150x150.png 150w, https:\/\/schaumweinkontor.com\/wp-content\/uploads\/2024\/03\/Langenlois-768x768.png 768w, https:\/\/schaumweinkontor.com\/wp-content\/uploads\/2024\/03\/Langenlois.png 1000w\" sizes=\"auto, (max-width: 300px) 100vw, 300px\" \/>\t\t\t\t\t\t\t\t\t<\/a>\n\t\t\t\t\t\t\t\t\t\t\t\t\t\t\t\t\t\t \t\t\t\t\t\t\t\t<\/div>\n\t\t\t\t\t\t\t\t<div class=\"image-tools top right show-on-hover\">\n\t\t\t\t\t\t\t\t\t\t\t\t\t\t\t\t\t<\/div>\n\t\t\t\t\t\t\t\t\t\t\t\t\t\t\t\t\t<div class=\"image-tools grid-tools text-center hide-for-small bottom hover-slide-in show-on-hover\">\n\t\t\t\t\t\t\t\t\t\t\t\t\t\t\t\t\t\t\t<\/div>\n\t\t\t\t\t\t\t\t\t\t\t\t\t\t\t\t\t\t\t\t\t\t\t<\/div>\n\n\t\t\t\t\t\t\t<div class=\"box-text text-center\" style=\"padding:0px 0px 30px 0px;\">\n\t\t\t\t\t\t\t\t<div class=\"title-wrapper\">\t\t<p class=\"category uppercase is-smaller no-text-overflow product-cat op-7\">\n\t\t\tLoimer\t\t<\/p>\n\t<p class=\"name product-title woocommerce-loop-product__title\"><a href=\"https:\/\/schaumweinkontor.com\/en\/produkt\/loimer-blanc-de-blanc-grosse-reserve-langenlois-075l\/\" class=\"woocommerce-LoopProduct-link woocommerce-loop-product__link\">Loimer Blanc de Blancs Grosse Reserve Langenlois 0,75l<\/a><\/p><\/div><div class=\"price-wrapper\">\n\t<span class=\"price\"><span class=\"woocommerce-Price-amount amount\" role=\"none\"><bdi><span class=\"woocommerce-Price-currencySymbol\">&euro;<\/span>&nbsp;44,00<\/bdi><\/span> <small class=\"woocommerce-price-suffix\">inkl. MwSt.<\/small><\/span>\n<\/div><div class=\"add-to-cart-button\"><a href=\"\/en\/wp-json\/wp\/v2\/pages\/4628?add-to-cart=5084\" aria-describedby=\"woocommerce_loop_add_to_cart_link_describedby_5084\" data-quantity=\"1\" class=\"primary is-small mb-0 button product_type_simple add_to_cart_button ajax_add_to_cart is-outline\" data-product_id=\"5084\" data-product_sku=\"100300233\" aria-label=\"Add to cart: &ldquo;Loimer Blanc de Blancs Grosse Reserve Langenlois 0,75l&rdquo;\" rel=\"nofollow\" data-success_message=\"&ldquo;Loimer Blanc de Blancs Grosse Reserve Langenlois 0,75l&rdquo; has been added to your cart\" role=\"button\">Add to cart<\/a><\/div>\t<span id=\"woocommerce_loop_add_to_cart_link_describedby_5084\" class=\"screen-reader-text\">\n\t\t\t<\/span>\n\t\t\t\t\t\t\t<\/div>\n\t\t\t\t\t\t<\/div>\n\t\t\t\t\t\t<\/div>\n\t\t\t\t\t<\/div><div class=\"col\" data-animate=\"fadeInUp\">\n\t\t\t\t\t\t<div class=\"col-inner\">\n\t\t\t\t\t\t\n<div class=\"badge-container badge-custom absolute right top z-1\">\n\n<\/div>\n\t\t\t\t\t\t<div class=\"product-small box margin-auto has-hover box-vertical box-text-bottom\">\n\t\t\t\t\t\t\t<div class=\"box-image\" >\n\t\t\t\t\t\t\t\t<div class=\"\" >\n\t\t\t\t\t\t\t\t\t<a href=\"https:\/\/schaumweinkontor.com\/en\/produkt\/loimer-blanc-de-blanc-gr-reserve-langenlois-2014-late-release-075l\/\" aria-label=\"Loimer Blanc de Blanc, Gr. Reserve Langenlois 2014 Late Release 0,75l\">\n\t\t\t\t\t\t\t\t\t\t<img loading=\"lazy\" decoding=\"async\" width=\"300\" height=\"300\" src=\"https:\/\/schaumweinkontor.com\/wp-content\/uploads\/2024\/03\/Langenlois-300x300.png\" class=\"attachment-medium size-medium\" alt=\"Loimer Blanc de Blancs Grosse Reserve Langenlois 0,75l\" srcset=\"https:\/\/schaumweinkontor.com\/wp-content\/uploads\/2024\/03\/Langenlois-300x300.png 300w, https:\/\/schaumweinkontor.com\/wp-content\/uploads\/2024\/03\/Langenlois-100x100.png 100w, https:\/\/schaumweinkontor.com\/wp-content\/uploads\/2024\/03\/Langenlois-510x510.png 510w, https:\/\/schaumweinkontor.com\/wp-content\/uploads\/2024\/03\/Langenlois-150x150.png 150w, https:\/\/schaumweinkontor.com\/wp-content\/uploads\/2024\/03\/Langenlois-768x768.png 768w, https:\/\/schaumweinkontor.com\/wp-content\/uploads\/2024\/03\/Langenlois.png 1000w\" sizes=\"auto, (max-width: 300px) 100vw, 300px\" \/>\t\t\t\t\t\t\t\t\t<\/a>\n\t\t\t\t\t\t\t\t\t\t\t\t\t\t\t\t\t\t \t\t\t\t\t\t\t\t<\/div>\n\t\t\t\t\t\t\t\t<div class=\"image-tools top right show-on-hover\">\n\t\t\t\t\t\t\t\t\t\t\t\t\t\t\t\t\t<\/div>\n\t\t\t\t\t\t\t\t\t\t\t\t\t\t\t\t\t<div class=\"image-tools grid-tools text-center hide-for-small bottom hover-slide-in show-on-hover\">\n\t\t\t\t\t\t\t\t\t\t\t\t\t\t\t\t\t\t\t<\/div>\n\t\t\t\t\t\t\t\t\t\t\t\t\t\t\t\t\t\t\t\t\t\t\t<\/div>\n\n\t\t\t\t\t\t\t<div class=\"box-text text-center\" style=\"padding:0px 0px 30px 0px;\">\n\t\t\t\t\t\t\t\t<div class=\"title-wrapper\">\t\t<p class=\"category uppercase is-smaller no-text-overflow product-cat op-7\">\n\t\t\tLoimer\t\t<\/p>\n\t<p class=\"name product-title woocommerce-loop-product__title\"><a href=\"https:\/\/schaumweinkontor.com\/en\/produkt\/loimer-blanc-de-blanc-gr-reserve-langenlois-2014-late-release-075l\/\" class=\"woocommerce-LoopProduct-link woocommerce-loop-product__link\">Loimer Blanc de Blanc, Gr. Reserve Langenlois 2014 Late Release 0,75l<\/a><\/p><\/div><div class=\"price-wrapper\">\n\t<span class=\"price\"><span class=\"woocommerce-Price-amount amount\" role=\"none\"><bdi><span class=\"woocommerce-Price-currencySymbol\">&euro;<\/span>&nbsp;65,00<\/bdi><\/span> <small class=\"woocommerce-price-suffix\">inkl. MwSt.<\/small><\/span>\n<\/div><div class=\"add-to-cart-button\"><a href=\"\/en\/wp-json\/wp\/v2\/pages\/4628?add-to-cart=5082\" aria-describedby=\"woocommerce_loop_add_to_cart_link_describedby_5082\" data-quantity=\"1\" class=\"primary is-small mb-0 button product_type_simple add_to_cart_button ajax_add_to_cart is-outline\" data-product_id=\"5082\" data-product_sku=\"100300235\" aria-label=\"Add to cart: &ldquo;Loimer Blanc de Blanc, Gr. Reserve Langenlois 2014 Late Release 0,75l&rdquo;\" rel=\"nofollow\" data-success_message=\"&ldquo;Loimer Blanc de Blanc, Gr. Reserve Langenlois 2014 Late Release 0,75l&rdquo; has been added to your cart\" role=\"button\">Add to cart<\/a><\/div>\t<span id=\"woocommerce_loop_add_to_cart_link_describedby_5082\" class=\"screen-reader-text\">\n\t\t\t<\/span>\n\t\t\t\t\t\t\t<\/div>\n\t\t\t\t\t\t<\/div>\n\t\t\t\t\t\t<\/div>\n\t\t\t\t\t<\/div><\/div>\n\n\n  \n    <div class=\"row margin-auto equalize-box show-for-medium hide-for-small large-columns-3 medium-columns-2 small-columns-1 row-large has-shadow row-box-shadow-2 row-box-shadow-4-hover\" >\n  \t\n\t     <div class=\"col\" data-animate=\"fadeInUp\">\n\t\t\t\t\t\t<div class=\"col-inner\">\n\t\t\t\t\t\t\n<div class=\"badge-container badge-custom absolute right top z-1\">\n\n<\/div>\n\t\t\t\t\t\t<div class=\"product-small box margin-auto has-hover box-normal box-text-bottom\">\n\t\t\t\t\t\t\t<div class=\"box-image\" >\n\t\t\t\t\t\t\t\t<div class=\"\" >\n\t\t\t\t\t\t\t\t\t<a href=\"https:\/\/schaumweinkontor.com\/en\/produkt\/loimer-extra-brut-reserve-075l\/\" aria-label=\"Loimer Extra Brut Reserve 0,75l\">\n\t\t\t\t\t\t\t\t\t\t<img loading=\"lazy\" decoding=\"async\" width=\"300\" height=\"300\" src=\"https:\/\/schaumweinkontor.com\/wp-content\/uploads\/2024\/03\/Extra-Brut-300x300.png\" class=\"attachment-medium size-medium\" alt=\"Loimer Extra Brut Reserve\" srcset=\"https:\/\/schaumweinkontor.com\/wp-content\/uploads\/2024\/03\/Extra-Brut-300x300.png 300w, https:\/\/schaumweinkontor.com\/wp-content\/uploads\/2024\/03\/Extra-Brut-100x100.png 100w, https:\/\/schaumweinkontor.com\/wp-content\/uploads\/2024\/03\/Extra-Brut-510x510.png 510w, https:\/\/schaumweinkontor.com\/wp-content\/uploads\/2024\/03\/Extra-Brut-150x150.png 150w, https:\/\/schaumweinkontor.com\/wp-content\/uploads\/2024\/03\/Extra-Brut-768x768.png 768w, https:\/\/schaumweinkontor.com\/wp-content\/uploads\/2024\/03\/Extra-Brut.png 1000w\" sizes=\"auto, (max-width: 300px) 100vw, 300px\" \/>\t\t\t\t\t\t\t\t\t<\/a>\n\t\t\t\t\t\t\t\t\t\t\t\t\t\t\t\t\t\t \t\t\t\t\t\t\t\t<\/div>\n\t\t\t\t\t\t\t\t<div class=\"image-tools top right show-on-hover\">\n\t\t\t\t\t\t\t\t\t\t\t\t\t\t\t\t\t<\/div>\n\t\t\t\t\t\t\t\t\t\t\t\t\t\t\t\t\t<div class=\"image-tools grid-tools text-center hide-for-small bottom hover-slide-in show-on-hover\">\n\t\t\t\t\t\t\t\t\t\t\t\t\t\t\t\t\t\t\t<\/div>\n\t\t\t\t\t\t\t\t\t\t\t\t\t\t\t\t\t\t\t\t\t\t\t<\/div>\n\n\t\t\t\t\t\t\t<div class=\"box-text text-center\" style=\"padding:0px 0px 30px 0px;\">\n\t\t\t\t\t\t\t\t<div class=\"title-wrapper\">\t\t<p class=\"category uppercase is-smaller no-text-overflow product-cat op-7\">\n\t\t\tLoimer\t\t<\/p>\n\t<p class=\"name product-title woocommerce-loop-product__title\"><a href=\"https:\/\/schaumweinkontor.com\/en\/produkt\/loimer-extra-brut-reserve-075l\/\" class=\"woocommerce-LoopProduct-link woocommerce-loop-product__link\">Loimer Extra Brut Reserve 0,75l<\/a><\/p><\/div><div class=\"price-wrapper\">\n\t<span class=\"price\"><span class=\"woocommerce-Price-amount amount\" role=\"none\"><bdi><span class=\"woocommerce-Price-currencySymbol\">&euro;<\/span>&nbsp;24,00<\/bdi><\/span> <small class=\"woocommerce-price-suffix\">inkl. MwSt.<\/small><\/span>\n<\/div><div class=\"add-to-cart-button\"><a href=\"\/en\/wp-json\/wp\/v2\/pages\/4628?add-to-cart=5085\" aria-describedby=\"woocommerce_loop_add_to_cart_link_describedby_5085\" data-quantity=\"1\" class=\"primary is-small mb-0 button product_type_simple add_to_cart_button ajax_add_to_cart is-outline\" data-product_id=\"5085\" data-product_sku=\"100300231\" aria-label=\"Add to cart: &ldquo;Loimer Extra Brut Reserve 0,75l&rdquo;\" rel=\"nofollow\" data-success_message=\"&ldquo;Loimer Extra Brut Reserve 0,75l&rdquo; has been added to your cart\" role=\"button\">Add to cart<\/a><\/div>\t<span id=\"woocommerce_loop_add_to_cart_link_describedby_5085\" class=\"screen-reader-text\">\n\t\t\t<\/span>\n\t\t\t\t\t\t\t<\/div>\n\t\t\t\t\t\t<\/div>\n\t\t\t\t\t\t<\/div>\n\t\t\t\t\t<\/div><div class=\"col\" data-animate=\"fadeInUp\">\n\t\t\t\t\t\t<div class=\"col-inner\">\n\t\t\t\t\t\t\n<div class=\"badge-container badge-custom absolute right top z-1\">\n\n<\/div>\n\t\t\t\t\t\t<div class=\"product-small box margin-auto has-hover box-normal box-text-bottom\">\n\t\t\t\t\t\t\t<div class=\"box-image\" >\n\t\t\t\t\t\t\t\t<div class=\"\" >\n\t\t\t\t\t\t\t\t\t<a href=\"https:\/\/schaumweinkontor.com\/en\/produkt\/loimer-extra-brut-reserve-075l-copy\/\" aria-label=\"Loimer Brut Rose Reserve 0,75 L\">\n\t\t\t\t\t\t\t\t\t\t<img loading=\"lazy\" decoding=\"async\" width=\"300\" height=\"300\" src=\"https:\/\/schaumweinkontor.com\/wp-content\/uploads\/2024\/04\/Loimer-Rose-300x300.png\" class=\"attachment-medium size-medium\" alt=\"Loimer Brut Rose Reserve 0,75 L\" srcset=\"https:\/\/schaumweinkontor.com\/wp-content\/uploads\/2024\/04\/Loimer-Rose-300x300.png 300w, https:\/\/schaumweinkontor.com\/wp-content\/uploads\/2024\/04\/Loimer-Rose-100x100.png 100w, https:\/\/schaumweinkontor.com\/wp-content\/uploads\/2024\/04\/Loimer-Rose-510x510.png 510w, https:\/\/schaumweinkontor.com\/wp-content\/uploads\/2024\/04\/Loimer-Rose-150x150.png 150w, https:\/\/schaumweinkontor.com\/wp-content\/uploads\/2024\/04\/Loimer-Rose-768x768.png 768w, https:\/\/schaumweinkontor.com\/wp-content\/uploads\/2024\/04\/Loimer-Rose.png 1000w\" sizes=\"auto, (max-width: 300px) 100vw, 300px\" \/>\t\t\t\t\t\t\t\t\t<\/a>\n\t\t\t\t\t\t\t\t\t\t\t\t\t\t\t\t\t\t \t\t\t\t\t\t\t\t<\/div>\n\t\t\t\t\t\t\t\t<div class=\"image-tools top right show-on-hover\">\n\t\t\t\t\t\t\t\t\t\t\t\t\t\t\t\t\t<\/div>\n\t\t\t\t\t\t\t\t\t\t\t\t\t\t\t\t\t<div class=\"image-tools grid-tools text-center hide-for-small bottom hover-slide-in show-on-hover\">\n\t\t\t\t\t\t\t\t\t\t\t\t\t\t\t\t\t\t\t<\/div>\n\t\t\t\t\t\t\t\t\t\t\t\t\t\t\t\t\t\t\t\t\t\t\t<\/div>\n\n\t\t\t\t\t\t\t<div class=\"box-text text-center\" style=\"padding:0px 0px 30px 0px;\">\n\t\t\t\t\t\t\t\t<div class=\"title-wrapper\">\t\t<p class=\"category uppercase is-smaller no-text-overflow product-cat op-7\">\n\t\t\tLoimer\t\t<\/p>\n\t<p class=\"name product-title woocommerce-loop-product__title\"><a href=\"https:\/\/schaumweinkontor.com\/en\/produkt\/loimer-extra-brut-reserve-075l-copy\/\" class=\"woocommerce-LoopProduct-link woocommerce-loop-product__link\">Loimer Brut Rose Reserve 0,75 L<\/a><\/p><\/div><div class=\"price-wrapper\">\n\t<span class=\"price\"><span class=\"woocommerce-Price-amount amount\" role=\"none\"><bdi><span class=\"woocommerce-Price-currencySymbol\">&euro;<\/span>&nbsp;24,00<\/bdi><\/span> <small class=\"woocommerce-price-suffix\">inkl. MwSt.<\/small><\/span>\n<\/div><div class=\"add-to-cart-button\"><a href=\"\/en\/wp-json\/wp\/v2\/pages\/4628?add-to-cart=5324\" aria-describedby=\"woocommerce_loop_add_to_cart_link_describedby_5324\" data-quantity=\"1\" class=\"primary is-small mb-0 button product_type_simple add_to_cart_button ajax_add_to_cart is-outline\" data-product_id=\"5324\" data-product_sku=\"100300232\" aria-label=\"Add to cart: &ldquo;Loimer Brut Rose Reserve 0,75 L&rdquo;\" rel=\"nofollow\" data-success_message=\"&ldquo;Loimer Brut Rose Reserve 0,75 L&rdquo; has been added to your cart\" role=\"button\">Add to cart<\/a><\/div>\t<span id=\"woocommerce_loop_add_to_cart_link_describedby_5324\" class=\"screen-reader-text\">\n\t\t\t<\/span>\n\t\t\t\t\t\t\t<\/div>\n\t\t\t\t\t\t<\/div>\n\t\t\t\t\t\t<\/div>\n\t\t\t\t\t<\/div><div class=\"col\" data-animate=\"fadeInUp\">\n\t\t\t\t\t\t<div class=\"col-inner\">\n\t\t\t\t\t\t\n<div class=\"badge-container badge-custom absolute right top z-1\">\n\n<\/div>\n\t\t\t\t\t\t<div class=\"product-small box margin-auto has-hover box-normal box-text-bottom\">\n\t\t\t\t\t\t\t<div class=\"box-image\" >\n\t\t\t\t\t\t\t\t<div class=\"\" >\n\t\t\t\t\t\t\t\t\t<a href=\"https:\/\/schaumweinkontor.com\/en\/produkt\/loimer-blanc-de-noir-grosse-reserve-gumpoldskirchen-075l\/\" aria-label=\"Loimer Blanc de Noir, Grande Reserve Gumpoldskirchen 0,75l\">\n\t\t\t\t\t\t\t\t\t\t<img loading=\"lazy\" decoding=\"async\" width=\"300\" height=\"300\" src=\"https:\/\/schaumweinkontor.com\/wp-content\/uploads\/2024\/03\/Gumpoldskirchen-300x300.png\" class=\"attachment-medium size-medium\" alt=\"Loimer Blanc de Noir, Grande Reserve Gumpoldskirchen 0,75l\" srcset=\"https:\/\/schaumweinkontor.com\/wp-content\/uploads\/2024\/03\/Gumpoldskirchen-300x300.png 300w, https:\/\/schaumweinkontor.com\/wp-content\/uploads\/2024\/03\/Gumpoldskirchen-100x100.png 100w, https:\/\/schaumweinkontor.com\/wp-content\/uploads\/2024\/03\/Gumpoldskirchen-510x510.png 510w, https:\/\/schaumweinkontor.com\/wp-content\/uploads\/2024\/03\/Gumpoldskirchen-150x150.png 150w, https:\/\/schaumweinkontor.com\/wp-content\/uploads\/2024\/03\/Gumpoldskirchen-768x768.png 768w, https:\/\/schaumweinkontor.com\/wp-content\/uploads\/2024\/03\/Gumpoldskirchen.png 1000w\" sizes=\"auto, (max-width: 300px) 100vw, 300px\" \/>\t\t\t\t\t\t\t\t\t<\/a>\n\t\t\t\t\t\t\t\t\t\t\t\t\t\t\t\t\t\t \t\t\t\t\t\t\t\t<\/div>\n\t\t\t\t\t\t\t\t<div class=\"image-tools top right show-on-hover\">\n\t\t\t\t\t\t\t\t\t\t\t\t\t\t\t\t\t<\/div>\n\t\t\t\t\t\t\t\t\t\t\t\t\t\t\t\t\t<div class=\"image-tools grid-tools text-center hide-for-small bottom hover-slide-in show-on-hover\">\n\t\t\t\t\t\t\t\t\t\t\t\t\t\t\t\t\t\t\t<\/div>\n\t\t\t\t\t\t\t\t\t\t\t\t\t\t\t\t\t\t\t\t\t\t\t<\/div>\n\n\t\t\t\t\t\t\t<div class=\"box-text text-center\" style=\"padding:0px 0px 30px 0px;\">\n\t\t\t\t\t\t\t\t<div class=\"title-wrapper\">\t\t<p class=\"category uppercase is-smaller no-text-overflow product-cat op-7\">\n\t\t\tLoimer\t\t<\/p>\n\t<p class=\"name product-title woocommerce-loop-product__title\"><a href=\"https:\/\/schaumweinkontor.com\/en\/produkt\/loimer-blanc-de-noir-grosse-reserve-gumpoldskirchen-075l\/\" class=\"woocommerce-LoopProduct-link woocommerce-loop-product__link\">Loimer Blanc de Noir, Grande Reserve Gumpoldskirchen 0,75l<\/a><\/p><\/div><div class=\"price-wrapper\">\n\t<span class=\"price\"><span class=\"woocommerce-Price-amount amount\" role=\"none\"><bdi><span class=\"woocommerce-Price-currencySymbol\">&euro;<\/span>&nbsp;44,00<\/bdi><\/span> <small class=\"woocommerce-price-suffix\">inkl. MwSt.<\/small><\/span>\n<\/div><div class=\"add-to-cart-button\"><a href=\"\/en\/wp-json\/wp\/v2\/pages\/4628?add-to-cart=5083\" aria-describedby=\"woocommerce_loop_add_to_cart_link_describedby_5083\" data-quantity=\"1\" class=\"primary is-small mb-0 button product_type_simple add_to_cart_button ajax_add_to_cart is-outline\" data-product_id=\"5083\" data-product_sku=\"100300234\" aria-label=\"Add to cart: &ldquo;Loimer Blanc de Noir, Grande Reserve Gumpoldskirchen 0,75l&rdquo;\" rel=\"nofollow\" data-success_message=\"&ldquo;Loimer Blanc de Noir, Grande Reserve Gumpoldskirchen 0,75l&rdquo; has been added to your cart\" role=\"button\">Add to cart<\/a><\/div>\t<span id=\"woocommerce_loop_add_to_cart_link_describedby_5083\" class=\"screen-reader-text\">\n\t\t\t<\/span>\n\t\t\t\t\t\t\t<\/div>\n\t\t\t\t\t\t<\/div>\n\t\t\t\t\t\t<\/div>\n\t\t\t\t\t<\/div><div class=\"col\" data-animate=\"fadeInUp\">\n\t\t\t\t\t\t<div class=\"col-inner\">\n\t\t\t\t\t\t\n<div class=\"badge-container badge-custom absolute right top z-1\">\n\n<\/div>\n\t\t\t\t\t\t<div class=\"product-small box margin-auto has-hover box-normal box-text-bottom\">\n\t\t\t\t\t\t\t<div class=\"box-image\" >\n\t\t\t\t\t\t\t\t<div class=\"\" >\n\t\t\t\t\t\t\t\t\t<a href=\"https:\/\/schaumweinkontor.com\/en\/produkt\/loimer-blanc-de-blanc-grosse-reserve-langenlois-075l\/\" aria-label=\"Loimer Blanc de Blancs Grosse Reserve Langenlois 0,75l\">\n\t\t\t\t\t\t\t\t\t\t<img loading=\"lazy\" decoding=\"async\" width=\"300\" height=\"300\" src=\"https:\/\/schaumweinkontor.com\/wp-content\/uploads\/2024\/03\/Langenlois-300x300.png\" class=\"attachment-medium size-medium\" alt=\"Loimer Blanc de Blancs Grosse Reserve Langenlois 0,75l\" srcset=\"https:\/\/schaumweinkontor.com\/wp-content\/uploads\/2024\/03\/Langenlois-300x300.png 300w, https:\/\/schaumweinkontor.com\/wp-content\/uploads\/2024\/03\/Langenlois-100x100.png 100w, https:\/\/schaumweinkontor.com\/wp-content\/uploads\/2024\/03\/Langenlois-510x510.png 510w, https:\/\/schaumweinkontor.com\/wp-content\/uploads\/2024\/03\/Langenlois-150x150.png 150w, https:\/\/schaumweinkontor.com\/wp-content\/uploads\/2024\/03\/Langenlois-768x768.png 768w, https:\/\/schaumweinkontor.com\/wp-content\/uploads\/2024\/03\/Langenlois.png 1000w\" sizes=\"auto, (max-width: 300px) 100vw, 300px\" \/>\t\t\t\t\t\t\t\t\t<\/a>\n\t\t\t\t\t\t\t\t\t\t\t\t\t\t\t\t\t\t \t\t\t\t\t\t\t\t<\/div>\n\t\t\t\t\t\t\t\t<div class=\"image-tools top right show-on-hover\">\n\t\t\t\t\t\t\t\t\t\t\t\t\t\t\t\t\t<\/div>\n\t\t\t\t\t\t\t\t\t\t\t\t\t\t\t\t\t<div class=\"image-tools grid-tools text-center hide-for-small bottom hover-slide-in show-on-hover\">\n\t\t\t\t\t\t\t\t\t\t\t\t\t\t\t\t\t\t\t<\/div>\n\t\t\t\t\t\t\t\t\t\t\t\t\t\t\t\t\t\t\t\t\t\t\t<\/div>\n\n\t\t\t\t\t\t\t<div class=\"box-text text-center\" style=\"padding:0px 0px 30px 0px;\">\n\t\t\t\t\t\t\t\t<div class=\"title-wrapper\">\t\t<p class=\"category uppercase is-smaller no-text-overflow product-cat op-7\">\n\t\t\tLoimer\t\t<\/p>\n\t<p class=\"name product-title woocommerce-loop-product__title\"><a href=\"https:\/\/schaumweinkontor.com\/en\/produkt\/loimer-blanc-de-blanc-grosse-reserve-langenlois-075l\/\" class=\"woocommerce-LoopProduct-link woocommerce-loop-product__link\">Loimer Blanc de Blancs Grosse Reserve Langenlois 0,75l<\/a><\/p><\/div><div class=\"price-wrapper\">\n\t<span class=\"price\"><span class=\"woocommerce-Price-amount amount\" role=\"none\"><bdi><span class=\"woocommerce-Price-currencySymbol\">&euro;<\/span>&nbsp;44,00<\/bdi><\/span> <small class=\"woocommerce-price-suffix\">inkl. MwSt.<\/small><\/span>\n<\/div><div class=\"add-to-cart-button\"><a href=\"\/en\/wp-json\/wp\/v2\/pages\/4628?add-to-cart=5084\" aria-describedby=\"woocommerce_loop_add_to_cart_link_describedby_5084\" data-quantity=\"1\" class=\"primary is-small mb-0 button product_type_simple add_to_cart_button ajax_add_to_cart is-outline\" data-product_id=\"5084\" data-product_sku=\"100300233\" aria-label=\"Add to cart: &ldquo;Loimer Blanc de Blancs Grosse Reserve Langenlois 0,75l&rdquo;\" rel=\"nofollow\" data-success_message=\"&ldquo;Loimer Blanc de Blancs Grosse Reserve Langenlois 0,75l&rdquo; has been added to your cart\" role=\"button\">Add to cart<\/a><\/div>\t<span id=\"woocommerce_loop_add_to_cart_link_describedby_5084\" class=\"screen-reader-text\">\n\t\t\t<\/span>\n\t\t\t\t\t\t\t<\/div>\n\t\t\t\t\t\t<\/div>\n\t\t\t\t\t\t<\/div>\n\t\t\t\t\t<\/div><div class=\"col\" data-animate=\"fadeInUp\">\n\t\t\t\t\t\t<div class=\"col-inner\">\n\t\t\t\t\t\t\n<div class=\"badge-container badge-custom absolute right top z-1\">\n\n<\/div>\n\t\t\t\t\t\t<div class=\"product-small box margin-auto has-hover box-normal box-text-bottom\">\n\t\t\t\t\t\t\t<div class=\"box-image\" >\n\t\t\t\t\t\t\t\t<div class=\"\" >\n\t\t\t\t\t\t\t\t\t<a href=\"https:\/\/schaumweinkontor.com\/en\/produkt\/loimer-blanc-de-blanc-gr-reserve-langenlois-2014-late-release-075l\/\" aria-label=\"Loimer Blanc de Blanc, Gr. Reserve Langenlois 2014 Late Release 0,75l\">\n\t\t\t\t\t\t\t\t\t\t<img loading=\"lazy\" decoding=\"async\" width=\"300\" height=\"300\" src=\"https:\/\/schaumweinkontor.com\/wp-content\/uploads\/2024\/03\/Langenlois-300x300.png\" class=\"attachment-medium size-medium\" alt=\"Loimer Blanc de Blancs Grosse Reserve Langenlois 0,75l\" srcset=\"https:\/\/schaumweinkontor.com\/wp-content\/uploads\/2024\/03\/Langenlois-300x300.png 300w, https:\/\/schaumweinkontor.com\/wp-content\/uploads\/2024\/03\/Langenlois-100x100.png 100w, https:\/\/schaumweinkontor.com\/wp-content\/uploads\/2024\/03\/Langenlois-510x510.png 510w, https:\/\/schaumweinkontor.com\/wp-content\/uploads\/2024\/03\/Langenlois-150x150.png 150w, https:\/\/schaumweinkontor.com\/wp-content\/uploads\/2024\/03\/Langenlois-768x768.png 768w, https:\/\/schaumweinkontor.com\/wp-content\/uploads\/2024\/03\/Langenlois.png 1000w\" sizes=\"auto, (max-width: 300px) 100vw, 300px\" \/>\t\t\t\t\t\t\t\t\t<\/a>\n\t\t\t\t\t\t\t\t\t\t\t\t\t\t\t\t\t\t \t\t\t\t\t\t\t\t<\/div>\n\t\t\t\t\t\t\t\t<div class=\"image-tools top right show-on-hover\">\n\t\t\t\t\t\t\t\t\t\t\t\t\t\t\t\t\t<\/div>\n\t\t\t\t\t\t\t\t\t\t\t\t\t\t\t\t\t<div class=\"image-tools grid-tools text-center hide-for-small bottom hover-slide-in show-on-hover\">\n\t\t\t\t\t\t\t\t\t\t\t\t\t\t\t\t\t\t\t<\/div>\n\t\t\t\t\t\t\t\t\t\t\t\t\t\t\t\t\t\t\t\t\t\t\t<\/div>\n\n\t\t\t\t\t\t\t<div class=\"box-text text-center\" style=\"padding:0px 0px 30px 0px;\">\n\t\t\t\t\t\t\t\t<div class=\"title-wrapper\">\t\t<p class=\"category uppercase is-smaller no-text-overflow product-cat op-7\">\n\t\t\tLoimer\t\t<\/p>\n\t<p class=\"name product-title woocommerce-loop-product__title\"><a href=\"https:\/\/schaumweinkontor.com\/en\/produkt\/loimer-blanc-de-blanc-gr-reserve-langenlois-2014-late-release-075l\/\" class=\"woocommerce-LoopProduct-link woocommerce-loop-product__link\">Loimer Blanc de Blanc, Gr. Reserve Langenlois 2014 Late Release 0,75l<\/a><\/p><\/div><div class=\"price-wrapper\">\n\t<span class=\"price\"><span class=\"woocommerce-Price-amount amount\" role=\"none\"><bdi><span class=\"woocommerce-Price-currencySymbol\">&euro;<\/span>&nbsp;65,00<\/bdi><\/span> <small class=\"woocommerce-price-suffix\">inkl. MwSt.<\/small><\/span>\n<\/div><div class=\"add-to-cart-button\"><a href=\"\/en\/wp-json\/wp\/v2\/pages\/4628?add-to-cart=5082\" aria-describedby=\"woocommerce_loop_add_to_cart_link_describedby_5082\" data-quantity=\"1\" class=\"primary is-small mb-0 button product_type_simple add_to_cart_button ajax_add_to_cart is-outline\" data-product_id=\"5082\" data-product_sku=\"100300235\" aria-label=\"Add to cart: &ldquo;Loimer Blanc de Blanc, Gr. Reserve Langenlois 2014 Late Release 0,75l&rdquo;\" rel=\"nofollow\" data-success_message=\"&ldquo;Loimer Blanc de Blanc, Gr. Reserve Langenlois 2014 Late Release 0,75l&rdquo; has been added to your cart\" role=\"button\">Add to cart<\/a><\/div>\t<span id=\"woocommerce_loop_add_to_cart_link_describedby_5082\" class=\"screen-reader-text\">\n\t\t\t<\/span>\n\t\t\t\t\t\t\t<\/div>\n\t\t\t\t\t\t<\/div>\n\t\t\t\t\t\t<\/div>\n\t\t\t\t\t<\/div><\/div>\n\n\n\t\t<\/div>\n\t\t\t\t\t<\/div>\n\n\t\n\n\n<style>\n#row-83849107 > .col > .col-inner {\n  padding: 0px 0px 0px 0px;\n}\n@media (min-width:550px) {\n  #row-83849107 > .col > .col-inner {\n    padding: 20px 0px 0px 0px;\n  }\n}\n<\/style>\n<\/div>\n<div class=\"row row-collapse row-full-width align-middle blau-verlauf\"  id=\"row-1939599428\">\n\n\n\t<div id=\"col-391819075\" class=\"col medium-6 small-5 large-6\"  >\n\t\t\t\t<div class=\"col-inner\"  >\n\t\t\t\n\t\t\t\n\n\t<div id=\"text-1981655072\" class=\"text\">\n\t\t\n\n<h2><span style=\"font-size: 75%;\">Austria<\/span><\/h2>\n\t\t\n<style>\n#text-1981655072 {\n  font-size: 1.5rem;\n  line-height: 2;\n}\n<\/style>\n\t<\/div>\n\t\n\n\t\t<\/div>\n\t\t\t\t\t<\/div>\n\n\t\n\n\t<div id=\"col-1163578715\" class=\"col medium-6 small-7 large-6\"  >\n\t\t\t\t<div class=\"col-inner\"  >\n\t\t\t\n\t\t\t\n\n<div id=\"sekt-at-mobile\">\n<h5 class=\"uppercase\" style=\"text-align: right;\"><span style=\"color: #b79549; font-size: 75%;\"><\/p>\n<h2><span style=\"font-size: 75%;\">Sparkling Wine<\/span><\/h2>\n<p><\/span><\/h5>\n<\/div>\n\n\t\t<\/div>\n\t\t\t\t\t<\/div>\n\n\t\n\n\n<style>\n#row-1939599428 > .col > .col-inner {\n  padding: 0px 0px 0px 0px;\n  border-radius: 74px;\n}\n@media (min-width:550px) {\n  #row-1939599428 > .col > .col-inner {\n    padding: 0px 20px 0px 20px;\n  }\n}\n<\/style>\n<\/div>\n\t<section class=\"section bg_winzer show-for-medium\" id=\"section_1713864318\">\n\t\t<div class=\"bg section-bg fill bg-fill  \" >\n\n\t\t\t\n\t\t\t\n\t\t\t\n\n\t\t<\/div>\n\n\t\t\n\n\t\t<div class=\"section-content relative\">\n\t\t\t\n\n<div class=\"row row-full-width align-middle align-center\"  id=\"row-331207109\">\n\n\n\t<div id=\"col-1664964818\" class=\"col small-12 large-12\"  >\n\t\t\t\t<div class=\"col-inner\"  >\n\t\t\t\n\t\t\t\n\n<h2 id=\"julius-schaum-mobile\" class=\"uppercase\" style=\"text-align: center;\">Julius Klein<\/h2>\n\n\t\t<\/div>\n\t\t\t\t\t<\/div>\n\n\t\n\n\n<style>\n#row-331207109 > .col > .col-inner {\n  padding: 0px 0px 0px 0px;\n}\n@media (min-width:550px) {\n  #row-331207109 > .col > .col-inner {\n    padding: 15px 0px 0px 0px;\n  }\n}\n<\/style>\n<\/div>\n\n\t\t<\/div>\n\n\t\t\n<style>\n#section_1713864318 {\n  padding-top: 40px;\n  padding-bottom: 40px;\n  margin-bottom: 20px;\n}\n#section_1713864318 .section-bg.bg-loaded {\n  background-image: url(https:\/\/schaumweinkontor.com\/wp-content\/uploads\/2022\/06\/landscape-illu-gold-transp.png);\n}\n@media (min-width:550px) {\n  #section_1713864318 {\n    padding-top: 20px;\n    padding-bottom: 20px;\n  }\n}\n<\/style>\n\t<\/section>\n\t\n<div class=\"row row-full-width align-middle align-center margin-auto\"  id=\"row-1066878356\">\n\n\n\t<div id=\"col-511270300\" class=\"col small-12 large-12\"  >\n\t\t\t\t<div class=\"col-inner\"  >\n\t\t\t\n\t\t\t\n\n\n  \n    <div class=\"row  equalize-box show-for-small large-columns-3 medium-columns- small-columns-1 row-large has-shadow row-box-shadow-2 row-box-shadow-4-hover\" >\n  \t\n\t     <div class=\"col\" data-animate=\"fadeInUp\">\n\t\t\t\t\t\t<div class=\"col-inner\">\n\t\t\t\t\t\t\n<div class=\"badge-container badge-custom absolute right top z-1\">\n\n<\/div>\n\t\t\t\t\t\t<div class=\"product-small box has-hover box-vertical box-text-bottom\">\n\t\t\t\t\t\t\t<div class=\"box-image\" >\n\t\t\t\t\t\t\t\t<div class=\"\" >\n\t\t\t\t\t\t\t\t\t<a href=\"https:\/\/schaumweinkontor.com\/en\/produkt\/julius-klein-cab-franc-frizzante-extra-tr-075-l\/\" aria-label=\"Julius Klein Cab. Franc Frizzante extra tr. 0,75 L\">\n\t\t\t\t\t\t\t\t\t\t<img loading=\"lazy\" decoding=\"async\" width=\"300\" height=\"300\" src=\"https:\/\/schaumweinkontor.com\/wp-content\/uploads\/2022\/06\/Julius-Klein-Cab.-Franc-Frizzante-extra-tr.-075-L-300x300.png\" class=\"attachment-medium size-medium\" alt=\"Julius Klein Cab. Franc Frizzante extra tr. 0,75 L\" srcset=\"https:\/\/schaumweinkontor.com\/wp-content\/uploads\/2022\/06\/Julius-Klein-Cab.-Franc-Frizzante-extra-tr.-075-L-300x300.png 300w, https:\/\/schaumweinkontor.com\/wp-content\/uploads\/2022\/06\/Julius-Klein-Cab.-Franc-Frizzante-extra-tr.-075-L-100x100.png 100w, https:\/\/schaumweinkontor.com\/wp-content\/uploads\/2022\/06\/Julius-Klein-Cab.-Franc-Frizzante-extra-tr.-075-L-510x510.png 510w, https:\/\/schaumweinkontor.com\/wp-content\/uploads\/2022\/06\/Julius-Klein-Cab.-Franc-Frizzante-extra-tr.-075-L-150x150.png 150w, https:\/\/schaumweinkontor.com\/wp-content\/uploads\/2022\/06\/Julius-Klein-Cab.-Franc-Frizzante-extra-tr.-075-L-768x768.png 768w, https:\/\/schaumweinkontor.com\/wp-content\/uploads\/2022\/06\/Julius-Klein-Cab.-Franc-Frizzante-extra-tr.-075-L.png 1000w\" sizes=\"auto, (max-width: 300px) 100vw, 300px\" \/>\t\t\t\t\t\t\t\t\t<\/a>\n\t\t\t\t\t\t\t\t\t\t\t\t\t\t\t\t\t\t \t\t\t\t\t\t\t\t<\/div>\n\t\t\t\t\t\t\t\t<div class=\"image-tools top right show-on-hover\">\n\t\t\t\t\t\t\t\t\t\t\t\t\t\t\t\t\t<\/div>\n\t\t\t\t\t\t\t\t\t\t\t\t\t\t\t\t\t<div class=\"image-tools grid-tools text-center hide-for-small bottom hover-slide-in show-on-hover\">\n\t\t\t\t\t\t\t\t\t\t\t\t\t\t\t\t\t\t\t<\/div>\n\t\t\t\t\t\t\t\t\t\t\t\t\t\t\t\t\t\t\t\t\t\t\t<\/div>\n\n\t\t\t\t\t\t\t<div class=\"box-text text-center\" >\n\t\t\t\t\t\t\t\t<div class=\"title-wrapper\">\t\t<p class=\"category uppercase is-smaller no-text-overflow product-cat op-7\">\n\t\t\tJulius Klein\t\t<\/p>\n\t<p class=\"name product-title woocommerce-loop-product__title\"><a href=\"https:\/\/schaumweinkontor.com\/en\/produkt\/julius-klein-cab-franc-frizzante-extra-tr-075-l\/\" class=\"woocommerce-LoopProduct-link woocommerce-loop-product__link\">Julius Klein Cab. Franc Frizzante extra tr. 0,75 L<\/a><\/p><\/div><div class=\"price-wrapper\">\n\t<span class=\"price\"><span class=\"woocommerce-Price-amount amount\" role=\"none\"><bdi><span class=\"woocommerce-Price-currencySymbol\">&euro;<\/span>&nbsp;9,50<\/bdi><\/span> <small class=\"woocommerce-price-suffix\">inkl. MwSt.<\/small><\/span>\n<\/div><div class=\"add-to-cart-button\"><a href=\"\/en\/wp-json\/wp\/v2\/pages\/4628?add-to-cart=4760\" aria-describedby=\"woocommerce_loop_add_to_cart_link_describedby_4760\" data-quantity=\"1\" class=\"primary is-small mb-0 button product_type_simple add_to_cart_button ajax_add_to_cart is-outline\" data-product_id=\"4760\" data-product_sku=\"100300269\" aria-label=\"Add to cart: &ldquo;Julius Klein Cab. Franc Frizzante extra tr. 0,75 L&rdquo;\" rel=\"nofollow\" data-success_message=\"&ldquo;Julius Klein Cab. Franc Frizzante extra tr. 0,75 L&rdquo; has been added to your cart\" role=\"button\">Add to cart<\/a><\/div>\t<span id=\"woocommerce_loop_add_to_cart_link_describedby_4760\" class=\"screen-reader-text\">\n\t\t\t<\/span>\n\t\t\t\t\t\t\t<\/div>\n\t\t\t\t\t\t<\/div>\n\t\t\t\t\t\t<\/div>\n\t\t\t\t\t<\/div><div class=\"col\" data-animate=\"fadeInUp\">\n\t\t\t\t\t\t<div class=\"col-inner\">\n\t\t\t\t\t\t\n<div class=\"badge-container badge-custom absolute right top z-1\">\n\n<\/div>\n\t\t\t\t\t\t<div class=\"product-small box has-hover box-vertical box-text-bottom\">\n\t\t\t\t\t\t\t<div class=\"box-image\" >\n\t\t\t\t\t\t\t\t<div class=\"\" >\n\t\t\t\t\t\t\t\t\t<a href=\"https:\/\/schaumweinkontor.com\/en\/produkt\/julius-klein-muskateller-frizzante-extra-tr-075-l\/\" aria-label=\"Julius Klein Muskateller Frizzante extra tr. 0,75 L\">\n\t\t\t\t\t\t\t\t\t\t<img loading=\"lazy\" decoding=\"async\" width=\"300\" height=\"300\" src=\"https:\/\/schaumweinkontor.com\/wp-content\/uploads\/2022\/06\/Julius-Klein-Muskateller-Frizzante-extra-tr.-075-L-300x300.png\" class=\"attachment-medium size-medium\" alt=\"Julius Klein Muskateller Frizzante extra tr. 0,75 L\" srcset=\"https:\/\/schaumweinkontor.com\/wp-content\/uploads\/2022\/06\/Julius-Klein-Muskateller-Frizzante-extra-tr.-075-L-300x300.png 300w, https:\/\/schaumweinkontor.com\/wp-content\/uploads\/2022\/06\/Julius-Klein-Muskateller-Frizzante-extra-tr.-075-L-100x100.png 100w, https:\/\/schaumweinkontor.com\/wp-content\/uploads\/2022\/06\/Julius-Klein-Muskateller-Frizzante-extra-tr.-075-L-510x510.png 510w, https:\/\/schaumweinkontor.com\/wp-content\/uploads\/2022\/06\/Julius-Klein-Muskateller-Frizzante-extra-tr.-075-L-150x150.png 150w, https:\/\/schaumweinkontor.com\/wp-content\/uploads\/2022\/06\/Julius-Klein-Muskateller-Frizzante-extra-tr.-075-L-768x768.png 768w, https:\/\/schaumweinkontor.com\/wp-content\/uploads\/2022\/06\/Julius-Klein-Muskateller-Frizzante-extra-tr.-075-L.png 1000w\" sizes=\"auto, (max-width: 300px) 100vw, 300px\" \/>\t\t\t\t\t\t\t\t\t<\/a>\n\t\t\t\t\t\t\t\t\t\t\t\t\t\t\t\t\t\t \t\t\t\t\t\t\t\t<\/div>\n\t\t\t\t\t\t\t\t<div class=\"image-tools top right show-on-hover\">\n\t\t\t\t\t\t\t\t\t\t\t\t\t\t\t\t\t<\/div>\n\t\t\t\t\t\t\t\t\t\t\t\t\t\t\t\t\t<div class=\"image-tools grid-tools text-center hide-for-small bottom hover-slide-in show-on-hover\">\n\t\t\t\t\t\t\t\t\t\t\t\t\t\t\t\t\t\t\t<\/div>\n\t\t\t\t\t\t\t\t\t\t\t\t\t\t\t\t\t\t\t\t\t\t\t<\/div>\n\n\t\t\t\t\t\t\t<div class=\"box-text text-center\" >\n\t\t\t\t\t\t\t\t<div class=\"title-wrapper\">\t\t<p class=\"category uppercase is-smaller no-text-overflow product-cat op-7\">\n\t\t\tJulius Klein\t\t<\/p>\n\t<p class=\"name product-title woocommerce-loop-product__title\"><a href=\"https:\/\/schaumweinkontor.com\/en\/produkt\/julius-klein-muskateller-frizzante-extra-tr-075-l\/\" class=\"woocommerce-LoopProduct-link woocommerce-loop-product__link\">Julius Klein Muskateller Frizzante extra tr. 0,75 L<\/a><\/p><\/div><div class=\"price-wrapper\">\n\t<span class=\"price\"><span class=\"woocommerce-Price-amount amount\" role=\"none\"><bdi><span class=\"woocommerce-Price-currencySymbol\">&euro;<\/span>&nbsp;9,50<\/bdi><\/span> <small class=\"woocommerce-price-suffix\">inkl. MwSt.<\/small><\/span>\n<\/div><div class=\"add-to-cart-button\"><a href=\"\/en\/wp-json\/wp\/v2\/pages\/4628?add-to-cart=4761\" aria-describedby=\"woocommerce_loop_add_to_cart_link_describedby_4761\" data-quantity=\"1\" class=\"primary is-small mb-0 button product_type_simple add_to_cart_button ajax_add_to_cart is-outline\" data-product_id=\"4761\" data-product_sku=\"100300268\" aria-label=\"Add to cart: &ldquo;Julius Klein Muskateller Frizzante extra tr. 0,75 L&rdquo;\" rel=\"nofollow\" data-success_message=\"&ldquo;Julius Klein Muskateller Frizzante extra tr. 0,75 L&rdquo; has been added to your cart\" role=\"button\">Add to cart<\/a><\/div>\t<span id=\"woocommerce_loop_add_to_cart_link_describedby_4761\" class=\"screen-reader-text\">\n\t\t\t<\/span>\n\t\t\t\t\t\t\t<\/div>\n\t\t\t\t\t\t<\/div>\n\t\t\t\t\t\t<\/div>\n\t\t\t\t\t<\/div><\/div>\n\n\n  \n    <div class=\"row  equalize-box show-for-medium hide-for-small large-columns-3 medium-columns-2 small-columns-1 row-large has-shadow row-box-shadow-2 row-box-shadow-4-hover\" >\n  \t\n\t     <div class=\"col\" data-animate=\"fadeInUp\">\n\t\t\t\t\t\t<div class=\"col-inner\">\n\t\t\t\t\t\t\n<div class=\"badge-container badge-custom absolute right top z-1\">\n\n<\/div>\n\t\t\t\t\t\t<div class=\"product-small box has-hover box-normal box-text-bottom\">\n\t\t\t\t\t\t\t<div class=\"box-image\" >\n\t\t\t\t\t\t\t\t<div class=\"\" >\n\t\t\t\t\t\t\t\t\t<a href=\"https:\/\/schaumweinkontor.com\/en\/produkt\/julius-klein-cab-franc-frizzante-extra-tr-075-l\/\" aria-label=\"Julius Klein Cab. Franc Frizzante extra tr. 0,75 L\">\n\t\t\t\t\t\t\t\t\t\t<img loading=\"lazy\" decoding=\"async\" width=\"300\" height=\"300\" src=\"https:\/\/schaumweinkontor.com\/wp-content\/uploads\/2022\/06\/Julius-Klein-Cab.-Franc-Frizzante-extra-tr.-075-L-300x300.png\" class=\"attachment-medium size-medium\" alt=\"Julius Klein Cab. Franc Frizzante extra tr. 0,75 L\" srcset=\"https:\/\/schaumweinkontor.com\/wp-content\/uploads\/2022\/06\/Julius-Klein-Cab.-Franc-Frizzante-extra-tr.-075-L-300x300.png 300w, https:\/\/schaumweinkontor.com\/wp-content\/uploads\/2022\/06\/Julius-Klein-Cab.-Franc-Frizzante-extra-tr.-075-L-100x100.png 100w, https:\/\/schaumweinkontor.com\/wp-content\/uploads\/2022\/06\/Julius-Klein-Cab.-Franc-Frizzante-extra-tr.-075-L-510x510.png 510w, https:\/\/schaumweinkontor.com\/wp-content\/uploads\/2022\/06\/Julius-Klein-Cab.-Franc-Frizzante-extra-tr.-075-L-150x150.png 150w, https:\/\/schaumweinkontor.com\/wp-content\/uploads\/2022\/06\/Julius-Klein-Cab.-Franc-Frizzante-extra-tr.-075-L-768x768.png 768w, https:\/\/schaumweinkontor.com\/wp-content\/uploads\/2022\/06\/Julius-Klein-Cab.-Franc-Frizzante-extra-tr.-075-L.png 1000w\" sizes=\"auto, (max-width: 300px) 100vw, 300px\" \/>\t\t\t\t\t\t\t\t\t<\/a>\n\t\t\t\t\t\t\t\t\t\t\t\t\t\t\t\t\t\t \t\t\t\t\t\t\t\t<\/div>\n\t\t\t\t\t\t\t\t<div class=\"image-tools top right show-on-hover\">\n\t\t\t\t\t\t\t\t\t\t\t\t\t\t\t\t\t<\/div>\n\t\t\t\t\t\t\t\t\t\t\t\t\t\t\t\t\t<div class=\"image-tools grid-tools text-center hide-for-small bottom hover-slide-in show-on-hover\">\n\t\t\t\t\t\t\t\t\t\t\t\t\t\t\t\t\t\t\t<\/div>\n\t\t\t\t\t\t\t\t\t\t\t\t\t\t\t\t\t\t\t\t\t\t\t<\/div>\n\n\t\t\t\t\t\t\t<div class=\"box-text text-center\" >\n\t\t\t\t\t\t\t\t<div class=\"title-wrapper\">\t\t<p class=\"category uppercase is-smaller no-text-overflow product-cat op-7\">\n\t\t\tJulius Klein\t\t<\/p>\n\t<p class=\"name product-title woocommerce-loop-product__title\"><a href=\"https:\/\/schaumweinkontor.com\/en\/produkt\/julius-klein-cab-franc-frizzante-extra-tr-075-l\/\" class=\"woocommerce-LoopProduct-link woocommerce-loop-product__link\">Julius Klein Cab. Franc Frizzante extra tr. 0,75 L<\/a><\/p><\/div><div class=\"price-wrapper\">\n\t<span class=\"price\"><span class=\"woocommerce-Price-amount amount\" role=\"none\"><bdi><span class=\"woocommerce-Price-currencySymbol\">&euro;<\/span>&nbsp;9,50<\/bdi><\/span> <small class=\"woocommerce-price-suffix\">inkl. MwSt.<\/small><\/span>\n<\/div><div class=\"add-to-cart-button\"><a href=\"\/en\/wp-json\/wp\/v2\/pages\/4628?add-to-cart=4760\" aria-describedby=\"woocommerce_loop_add_to_cart_link_describedby_4760\" data-quantity=\"1\" class=\"primary is-small mb-0 button product_type_simple add_to_cart_button ajax_add_to_cart is-outline\" data-product_id=\"4760\" data-product_sku=\"100300269\" aria-label=\"Add to cart: &ldquo;Julius Klein Cab. Franc Frizzante extra tr. 0,75 L&rdquo;\" rel=\"nofollow\" data-success_message=\"&ldquo;Julius Klein Cab. Franc Frizzante extra tr. 0,75 L&rdquo; has been added to your cart\" role=\"button\">Add to cart<\/a><\/div>\t<span id=\"woocommerce_loop_add_to_cart_link_describedby_4760\" class=\"screen-reader-text\">\n\t\t\t<\/span>\n\t\t\t\t\t\t\t<\/div>\n\t\t\t\t\t\t<\/div>\n\t\t\t\t\t\t<\/div>\n\t\t\t\t\t<\/div><div class=\"col\" data-animate=\"fadeInUp\">\n\t\t\t\t\t\t<div class=\"col-inner\">\n\t\t\t\t\t\t\n<div class=\"badge-container badge-custom absolute right top z-1\">\n\n<\/div>\n\t\t\t\t\t\t<div class=\"product-small box has-hover box-normal box-text-bottom\">\n\t\t\t\t\t\t\t<div class=\"box-image\" >\n\t\t\t\t\t\t\t\t<div class=\"\" >\n\t\t\t\t\t\t\t\t\t<a href=\"https:\/\/schaumweinkontor.com\/en\/produkt\/julius-klein-muskateller-frizzante-extra-tr-075-l\/\" aria-label=\"Julius Klein Muskateller Frizzante extra tr. 0,75 L\">\n\t\t\t\t\t\t\t\t\t\t<img loading=\"lazy\" decoding=\"async\" width=\"300\" height=\"300\" src=\"https:\/\/schaumweinkontor.com\/wp-content\/uploads\/2022\/06\/Julius-Klein-Muskateller-Frizzante-extra-tr.-075-L-300x300.png\" class=\"attachment-medium size-medium\" alt=\"Julius Klein Muskateller Frizzante extra tr. 0,75 L\" srcset=\"https:\/\/schaumweinkontor.com\/wp-content\/uploads\/2022\/06\/Julius-Klein-Muskateller-Frizzante-extra-tr.-075-L-300x300.png 300w, https:\/\/schaumweinkontor.com\/wp-content\/uploads\/2022\/06\/Julius-Klein-Muskateller-Frizzante-extra-tr.-075-L-100x100.png 100w, https:\/\/schaumweinkontor.com\/wp-content\/uploads\/2022\/06\/Julius-Klein-Muskateller-Frizzante-extra-tr.-075-L-510x510.png 510w, https:\/\/schaumweinkontor.com\/wp-content\/uploads\/2022\/06\/Julius-Klein-Muskateller-Frizzante-extra-tr.-075-L-150x150.png 150w, https:\/\/schaumweinkontor.com\/wp-content\/uploads\/2022\/06\/Julius-Klein-Muskateller-Frizzante-extra-tr.-075-L-768x768.png 768w, https:\/\/schaumweinkontor.com\/wp-content\/uploads\/2022\/06\/Julius-Klein-Muskateller-Frizzante-extra-tr.-075-L.png 1000w\" sizes=\"auto, (max-width: 300px) 100vw, 300px\" \/>\t\t\t\t\t\t\t\t\t<\/a>\n\t\t\t\t\t\t\t\t\t\t\t\t\t\t\t\t\t\t \t\t\t\t\t\t\t\t<\/div>\n\t\t\t\t\t\t\t\t<div class=\"image-tools top right show-on-hover\">\n\t\t\t\t\t\t\t\t\t\t\t\t\t\t\t\t\t<\/div>\n\t\t\t\t\t\t\t\t\t\t\t\t\t\t\t\t\t<div class=\"image-tools grid-tools text-center hide-for-small bottom hover-slide-in show-on-hover\">\n\t\t\t\t\t\t\t\t\t\t\t\t\t\t\t\t\t\t\t<\/div>\n\t\t\t\t\t\t\t\t\t\t\t\t\t\t\t\t\t\t\t\t\t\t\t<\/div>\n\n\t\t\t\t\t\t\t<div class=\"box-text text-center\" >\n\t\t\t\t\t\t\t\t<div class=\"title-wrapper\">\t\t<p class=\"category uppercase is-smaller no-text-overflow product-cat op-7\">\n\t\t\tJulius Klein\t\t<\/p>\n\t<p class=\"name product-title woocommerce-loop-product__title\"><a href=\"https:\/\/schaumweinkontor.com\/en\/produkt\/julius-klein-muskateller-frizzante-extra-tr-075-l\/\" class=\"woocommerce-LoopProduct-link woocommerce-loop-product__link\">Julius Klein Muskateller Frizzante extra tr. 0,75 L<\/a><\/p><\/div><div class=\"price-wrapper\">\n\t<span class=\"price\"><span class=\"woocommerce-Price-amount amount\" role=\"none\"><bdi><span class=\"woocommerce-Price-currencySymbol\">&euro;<\/span>&nbsp;9,50<\/bdi><\/span> <small class=\"woocommerce-price-suffix\">inkl. MwSt.<\/small><\/span>\n<\/div><div class=\"add-to-cart-button\"><a href=\"\/en\/wp-json\/wp\/v2\/pages\/4628?add-to-cart=4761\" aria-describedby=\"woocommerce_loop_add_to_cart_link_describedby_4761\" data-quantity=\"1\" class=\"primary is-small mb-0 button product_type_simple add_to_cart_button ajax_add_to_cart is-outline\" data-product_id=\"4761\" data-product_sku=\"100300268\" aria-label=\"Add to cart: &ldquo;Julius Klein Muskateller Frizzante extra tr. 0,75 L&rdquo;\" rel=\"nofollow\" data-success_message=\"&ldquo;Julius Klein Muskateller Frizzante extra tr. 0,75 L&rdquo; has been added to your cart\" role=\"button\">Add to cart<\/a><\/div>\t<span id=\"woocommerce_loop_add_to_cart_link_describedby_4761\" class=\"screen-reader-text\">\n\t\t\t<\/span>\n\t\t\t\t\t\t\t<\/div>\n\t\t\t\t\t\t<\/div>\n\t\t\t\t\t\t<\/div>\n\t\t\t\t\t<\/div><\/div>\n\n<div class=\"text-center\"><div class=\"is-divider divider clearfix\" style=\"margin-top:3em;margin-bottom:3em;max-width:100%;height:2px;background-color:rgba(183, 149, 73, 0.419);\"><\/div><\/div>\n\n\n\t\t<\/div>\n\t\t\t\t\t<\/div>\n\n\t\n\n\n<style>\n#row-1066878356 > .col > .col-inner {\n  padding: 0px 0px 0px 0px;\n}\n@media (min-width:550px) {\n  #row-1066878356 > .col > .col-inner {\n    padding: 15px 0px 0px 0px;\n  }\n}\n<\/style>\n<\/div>\n\t<section class=\"section bg_winzer show-for-medium\" id=\"section_552156239\">\n\t\t<div class=\"bg section-bg fill bg-fill  \" >\n\n\t\t\t\n\t\t\t\n\t\t\t\n\n\t\t<\/div>\n\n\t\t\n\n\t\t<div class=\"section-content relative\">\n\t\t\t\n\n<div class=\"row row-full-width align-middle align-center\"  id=\"row-714409755\">\n\n\n\t<div id=\"col-1871912560\" class=\"col small-12 large-12\"  >\n\t\t\t\t<div class=\"col-inner\"  >\n\t\t\t\n\t\t\t\n\n<h2 id=\"hoch-schaum-mobile\" class=\"uppercase\" style=\"text-align: center;\">Christoph Hoch<\/h2>\n\n\t\t<\/div>\n\t\t\t\t\t<\/div>\n\n\t\n\n\n<style>\n#row-714409755 > .col > .col-inner {\n  padding: 0px 0px 0px 0px;\n}\n@media (min-width:550px) {\n  #row-714409755 > .col > .col-inner {\n    padding: 15px 0px 0px 0px;\n  }\n}\n<\/style>\n<\/div>\n\n\t\t<\/div>\n\n\t\t\n<style>\n#section_552156239 {\n  padding-top: 40px;\n  padding-bottom: 40px;\n  margin-bottom: 20px;\n}\n#section_552156239 .section-bg.bg-loaded {\n  background-image: url(https:\/\/schaumweinkontor.com\/wp-content\/uploads\/2022\/06\/landscape-illu-gold-transp.png);\n}\n@media (min-width:550px) {\n  #section_552156239 {\n    padding-top: 20px;\n    padding-bottom: 20px;\n  }\n}\n<\/style>\n\t<\/section>\n\t\n<div class=\"row\"  id=\"row-398006017\">\n\n\n\t<div id=\"col-1764160785\" class=\"col small-12 large-12\"  >\n\t\t\t\t<div class=\"col-inner\"  >\n\t\t\t\n\t\t\t\n\n\n  \n    <div class=\"row margin-auto equalize-box show-for-small large-columns-3 medium-columns- small-columns-1 row-collapse row-full-width has-shadow row-box-shadow-2 row-box-shadow-4-hover\" >\n  \t\n\t     <div class=\"col\" data-animate=\"fadeInUp\">\n\t\t\t\t\t\t<div class=\"col-inner\">\n\t\t\t\t\t\t\n<div class=\"badge-container badge-custom absolute right top z-1\">\n\n<\/div>\n\t\t\t\t\t\t<div class=\"product-small box margin-auto has-hover box-vertical box-text-bottom\">\n\t\t\t\t\t\t\t<div class=\"box-image\" >\n\t\t\t\t\t\t\t\t<div class=\"\" >\n\t\t\t\t\t\t\t\t\t<a href=\"https:\/\/schaumweinkontor.com\/en\/produkt\/christoph-hoch-kalkreich-n-v-nature-075-l\/\" aria-label=\"Christoph Hoch Kalkreich N.V. Nature 0,75 L\">\n\t\t\t\t\t\t\t\t\t\t<img loading=\"lazy\" decoding=\"async\" width=\"300\" height=\"300\" src=\"https:\/\/schaumweinkontor.com\/wp-content\/uploads\/2022\/06\/Schaumweinkontor-Kalkreich-1000x1000px-300x300.png\" class=\"attachment-medium size-medium\" alt=\"Christoph Hoch Kalkreich N.V. Nature 0,75 L\" srcset=\"https:\/\/schaumweinkontor.com\/wp-content\/uploads\/2022\/06\/Schaumweinkontor-Kalkreich-1000x1000px-300x300.png 300w, https:\/\/schaumweinkontor.com\/wp-content\/uploads\/2022\/06\/Schaumweinkontor-Kalkreich-1000x1000px-100x100.png 100w, https:\/\/schaumweinkontor.com\/wp-content\/uploads\/2022\/06\/Schaumweinkontor-Kalkreich-1000x1000px-510x510.png 510w, https:\/\/schaumweinkontor.com\/wp-content\/uploads\/2022\/06\/Schaumweinkontor-Kalkreich-1000x1000px-150x150.png 150w, https:\/\/schaumweinkontor.com\/wp-content\/uploads\/2022\/06\/Schaumweinkontor-Kalkreich-1000x1000px-768x768.png 768w, https:\/\/schaumweinkontor.com\/wp-content\/uploads\/2022\/06\/Schaumweinkontor-Kalkreich-1000x1000px.png 1000w\" sizes=\"auto, (max-width: 300px) 100vw, 300px\" \/>\t\t\t\t\t\t\t\t\t<\/a>\n\t\t\t\t\t\t\t\t\t\t\t\t\t\t\t\t\t\t \t\t\t\t\t\t\t\t<\/div>\n\t\t\t\t\t\t\t\t<div class=\"image-tools top right show-on-hover\">\n\t\t\t\t\t\t\t\t\t\t\t\t\t\t\t\t\t<\/div>\n\t\t\t\t\t\t\t\t\t\t\t\t\t\t\t\t\t<div class=\"image-tools grid-tools text-center hide-for-small bottom hover-slide-in show-on-hover\">\n\t\t\t\t\t\t\t\t\t\t\t\t\t\t\t\t\t\t\t<\/div>\n\t\t\t\t\t\t\t\t\t\t\t\t\t\t\t\t\t\t\t\t\t\t\t<\/div>\n\n\t\t\t\t\t\t\t<div class=\"box-text text-center\" >\n\t\t\t\t\t\t\t\t<div class=\"title-wrapper\">\t\t<p class=\"category uppercase is-smaller no-text-overflow product-cat op-7\">\n\t\t\tChristoph Hoch\t\t<\/p>\n\t<p class=\"name product-title woocommerce-loop-product__title\"><a href=\"https:\/\/schaumweinkontor.com\/en\/produkt\/christoph-hoch-kalkreich-n-v-nature-075-l\/\" class=\"woocommerce-LoopProduct-link woocommerce-loop-product__link\">Christoph Hoch Kalkreich N.V. Nature 0,75 L<\/a><\/p><\/div><div class=\"price-wrapper\">\n\t<span class=\"price\"><span class=\"woocommerce-Price-amount amount\" role=\"none\"><bdi><span class=\"woocommerce-Price-currencySymbol\">&euro;<\/span>&nbsp;38,00<\/bdi><\/span> <small class=\"woocommerce-price-suffix\">inkl. MwSt.<\/small><\/span>\n<\/div><div class=\"add-to-cart-button\"><a href=\"\/en\/wp-json\/wp\/v2\/pages\/4628?add-to-cart=4773\" aria-describedby=\"woocommerce_loop_add_to_cart_link_describedby_4773\" data-quantity=\"1\" class=\"primary is-small mb-0 button product_type_simple add_to_cart_button ajax_add_to_cart is-outline\" data-product_id=\"4773\" data-product_sku=\"100300224\" aria-label=\"Add to cart: &ldquo;Christoph Hoch Kalkreich N.V. Nature 0,75 L&rdquo;\" rel=\"nofollow\" data-success_message=\"&ldquo;Christoph Hoch Kalkreich N.V. Nature 0,75 L&rdquo; has been added to your cart\" role=\"button\">Add to cart<\/a><\/div>\t<span id=\"woocommerce_loop_add_to_cart_link_describedby_4773\" class=\"screen-reader-text\">\n\t\t\t<\/span>\n\t\t\t\t\t\t\t<\/div>\n\t\t\t\t\t\t<\/div>\n\t\t\t\t\t\t<\/div>\n\t\t\t\t\t<\/div><\/div>\n\n\n  \n    <div class=\"row margin-auto equalize-box show-for-medium hide-for-small large-columns-3 medium-columns-2 small-columns-1 row-large has-shadow row-box-shadow-2 row-box-shadow-4-hover\" >\n  \t\n\t     <div class=\"col\" data-animate=\"fadeInUp\">\n\t\t\t\t\t\t<div class=\"col-inner\">\n\t\t\t\t\t\t\n<div class=\"badge-container badge-custom absolute right top z-1\">\n\n<\/div>\n\t\t\t\t\t\t<div class=\"product-small box margin-auto has-hover box-normal box-text-bottom\">\n\t\t\t\t\t\t\t<div class=\"box-image\" >\n\t\t\t\t\t\t\t\t<div class=\"\" >\n\t\t\t\t\t\t\t\t\t<a href=\"https:\/\/schaumweinkontor.com\/en\/produkt\/christoph-hoch-kalkreich-n-v-nature-075-l\/\" aria-label=\"Christoph Hoch Kalkreich N.V. Nature 0,75 L\">\n\t\t\t\t\t\t\t\t\t\t<img loading=\"lazy\" decoding=\"async\" width=\"300\" height=\"300\" src=\"https:\/\/schaumweinkontor.com\/wp-content\/uploads\/2022\/06\/Schaumweinkontor-Kalkreich-1000x1000px-300x300.png\" class=\"attachment-medium size-medium\" alt=\"Christoph Hoch Kalkreich N.V. Nature 0,75 L\" srcset=\"https:\/\/schaumweinkontor.com\/wp-content\/uploads\/2022\/06\/Schaumweinkontor-Kalkreich-1000x1000px-300x300.png 300w, https:\/\/schaumweinkontor.com\/wp-content\/uploads\/2022\/06\/Schaumweinkontor-Kalkreich-1000x1000px-100x100.png 100w, https:\/\/schaumweinkontor.com\/wp-content\/uploads\/2022\/06\/Schaumweinkontor-Kalkreich-1000x1000px-510x510.png 510w, https:\/\/schaumweinkontor.com\/wp-content\/uploads\/2022\/06\/Schaumweinkontor-Kalkreich-1000x1000px-150x150.png 150w, https:\/\/schaumweinkontor.com\/wp-content\/uploads\/2022\/06\/Schaumweinkontor-Kalkreich-1000x1000px-768x768.png 768w, https:\/\/schaumweinkontor.com\/wp-content\/uploads\/2022\/06\/Schaumweinkontor-Kalkreich-1000x1000px.png 1000w\" sizes=\"auto, (max-width: 300px) 100vw, 300px\" \/>\t\t\t\t\t\t\t\t\t<\/a>\n\t\t\t\t\t\t\t\t\t\t\t\t\t\t\t\t\t\t \t\t\t\t\t\t\t\t<\/div>\n\t\t\t\t\t\t\t\t<div class=\"image-tools top right show-on-hover\">\n\t\t\t\t\t\t\t\t\t\t\t\t\t\t\t\t\t<\/div>\n\t\t\t\t\t\t\t\t\t\t\t\t\t\t\t\t\t<div class=\"image-tools grid-tools text-center hide-for-small bottom hover-slide-in show-on-hover\">\n\t\t\t\t\t\t\t\t\t\t\t\t\t\t\t\t\t\t\t<\/div>\n\t\t\t\t\t\t\t\t\t\t\t\t\t\t\t\t\t\t\t\t\t\t\t<\/div>\n\n\t\t\t\t\t\t\t<div class=\"box-text text-center\" >\n\t\t\t\t\t\t\t\t<div class=\"title-wrapper\">\t\t<p class=\"category uppercase is-smaller no-text-overflow product-cat op-7\">\n\t\t\tChristoph Hoch\t\t<\/p>\n\t<p class=\"name product-title woocommerce-loop-product__title\"><a href=\"https:\/\/schaumweinkontor.com\/en\/produkt\/christoph-hoch-kalkreich-n-v-nature-075-l\/\" class=\"woocommerce-LoopProduct-link woocommerce-loop-product__link\">Christoph Hoch Kalkreich N.V. Nature 0,75 L<\/a><\/p><\/div><div class=\"price-wrapper\">\n\t<span class=\"price\"><span class=\"woocommerce-Price-amount amount\" role=\"none\"><bdi><span class=\"woocommerce-Price-currencySymbol\">&euro;<\/span>&nbsp;38,00<\/bdi><\/span> <small class=\"woocommerce-price-suffix\">inkl. MwSt.<\/small><\/span>\n<\/div><div class=\"add-to-cart-button\"><a href=\"\/en\/wp-json\/wp\/v2\/pages\/4628?add-to-cart=4773\" aria-describedby=\"woocommerce_loop_add_to_cart_link_describedby_4773\" data-quantity=\"1\" class=\"primary is-small mb-0 button product_type_simple add_to_cart_button ajax_add_to_cart is-outline\" data-product_id=\"4773\" data-product_sku=\"100300224\" aria-label=\"Add to cart: &ldquo;Christoph Hoch Kalkreich N.V. Nature 0,75 L&rdquo;\" rel=\"nofollow\" data-success_message=\"&ldquo;Christoph Hoch Kalkreich N.V. Nature 0,75 L&rdquo; has been added to your cart\" role=\"button\">Add to cart<\/a><\/div>\t<span id=\"woocommerce_loop_add_to_cart_link_describedby_4773\" class=\"screen-reader-text\">\n\t\t\t<\/span>\n\t\t\t\t\t\t\t<\/div>\n\t\t\t\t\t\t<\/div>\n\t\t\t\t\t\t<\/div>\n\t\t\t\t\t<\/div><\/div>\n\n\n\t\t<\/div>\n\t\t\t\t\t<\/div>\n\n\t\n\n<\/div>\n<div class=\"row row-collapse row-full-width align-middle blau-verlauf\"  id=\"row-375080200\">\n\n\n\t<div id=\"col-318432765\" class=\"col medium-6 small-5 large-6\"  >\n\t\t\t\t<div class=\"col-inner\"  >\n\t\t\t\n\t\t\t\n\n\t<div id=\"text-4275390632\" class=\"text\">\n\t\t\n\n<h2><span style=\"font-size: 75%;\">Austria<\/span><\/h2>\n\t\t\n<style>\n#text-4275390632 {\n  font-size: 1.5rem;\n  line-height: 2;\n}\n<\/style>\n\t<\/div>\n\t\n\n\t\t<\/div>\n\t\t\t\t\t<\/div>\n\n\t\n\n\t<div id=\"col-1185146332\" class=\"col medium-6 small-7 large-6\"  >\n\t\t\t\t<div class=\"col-inner\"  >\n\t\t\t\n\t\t\t\n\n<h5 id=\"pet-nat-mobile\" class=\"uppercase\" style=\"text-align: right;\"><span style=\"color: #b79549; font-size: 75%;\">Pet-Nat<\/span><\/h5>\n\n\t\t<\/div>\n\t\t\t\t\t<\/div>\n\n\t\n\n\n<style>\n#row-375080200 > .col > .col-inner {\n  padding: 0px 0px 0px 0px;\n  border-radius: 74px;\n}\n@media (min-width:550px) {\n  #row-375080200 > .col > .col-inner {\n    padding: 0px 20px 0px 20px;\n  }\n}\n<\/style>\n<\/div>\n\t<section class=\"section bg_winzer show-for-medium\" id=\"section_1501600323\">\n\t\t<div class=\"bg section-bg fill bg-fill  \" >\n\n\t\t\t\n\t\t\t\n\t\t\t\n\n\t\t<\/div>\n\n\t\t\n\n\t\t<div class=\"section-content relative\">\n\t\t\t\n\n<div class=\"row row-full-width align-middle align-center\"  id=\"row-486589857\">\n\n\n\t<div id=\"col-973598332\" class=\"col small-12 large-12\"  >\n\t\t\t\t<div class=\"col-inner\"  >\n\t\t\t\n\t\t\t\n\n<h2 id=\"pet-christina-mobile\" class=\"uppercase\" style=\"text-align: center;\">Christina Hugl<\/h2>\n\n\t\t<\/div>\n\t\t\t\t\t<\/div>\n\n\t\n\n\n<style>\n#row-486589857 > .col > .col-inner {\n  padding: 0px 0px 0px 0px;\n}\n@media (min-width:550px) {\n  #row-486589857 > .col > .col-inner {\n    padding: 15px 0px 0px 0px;\n  }\n}\n<\/style>\n<\/div>\n\n\t\t<\/div>\n\n\t\t\n<style>\n#section_1501600323 {\n  padding-top: 40px;\n  padding-bottom: 40px;\n  margin-bottom: 20px;\n}\n#section_1501600323 .section-bg.bg-loaded {\n  background-image: url(https:\/\/schaumweinkontor.com\/wp-content\/uploads\/2022\/06\/landscape-illu-gold-transp.png);\n}\n@media (min-width:550px) {\n  #section_1501600323 {\n    padding-top: 20px;\n    padding-bottom: 20px;\n  }\n}\n<\/style>\n\t<\/section>\n\t\n<div class=\"row row-collapse row-full-width align-middle align-center\"  id=\"row-1751286657\">\n\n\n\t<div id=\"col-472238787\" class=\"col small-12 large-12\"  >\n\t\t\t\t<div class=\"col-inner text-center\"  >\n\t\t\t\n\t\t\t\n\n\n  \n    <div class=\"row margin-auto equalize-box show-for-small large-columns-3 medium-columns- small-columns-1 row-large has-shadow row-box-shadow-2 row-box-shadow-4-hover\" >\n  \t\n\t     <div class=\"col\" data-animate=\"fadeInUp\">\n\t\t\t\t\t\t<div class=\"col-inner\">\n\t\t\t\t\t\t\n<div class=\"badge-container badge-custom absolute right top z-1\">\n\n<\/div>\n\t\t\t\t\t\t<div class=\"product-small box margin-auto has-hover box-vertical box-text-bottom\">\n\t\t\t\t\t\t\t<div class=\"box-image\" >\n\t\t\t\t\t\t\t\t<div class=\"\" >\n\t\t\t\t\t\t\t\t\t<a href=\"https:\/\/schaumweinkontor.com\/en\/produkt\/christina-hugl-red-nat-blauer-portugieser-2021-075-l\/\" aria-label=\"Christina Hugl Red-Nat Blauer Portugieser 0,75 L\">\n\t\t\t\t\t\t\t\t\t\t<img loading=\"lazy\" decoding=\"async\" width=\"300\" height=\"300\" src=\"https:\/\/schaumweinkontor.com\/wp-content\/uploads\/2023\/05\/Red-Nat-Blauer-Portugieser_1000x1000-px-300x300.png\" class=\"attachment-medium size-medium\" alt=\"Christina Hugl Red-Nat Blauer Portugieser 0,75 L\" srcset=\"https:\/\/schaumweinkontor.com\/wp-content\/uploads\/2023\/05\/Red-Nat-Blauer-Portugieser_1000x1000-px-300x300.png 300w, https:\/\/schaumweinkontor.com\/wp-content\/uploads\/2023\/05\/Red-Nat-Blauer-Portugieser_1000x1000-px-100x100.png 100w, https:\/\/schaumweinkontor.com\/wp-content\/uploads\/2023\/05\/Red-Nat-Blauer-Portugieser_1000x1000-px-510x510.png 510w, https:\/\/schaumweinkontor.com\/wp-content\/uploads\/2023\/05\/Red-Nat-Blauer-Portugieser_1000x1000-px-150x150.png 150w, https:\/\/schaumweinkontor.com\/wp-content\/uploads\/2023\/05\/Red-Nat-Blauer-Portugieser_1000x1000-px-768x768.png 768w, https:\/\/schaumweinkontor.com\/wp-content\/uploads\/2023\/05\/Red-Nat-Blauer-Portugieser_1000x1000-px.png 1000w\" sizes=\"auto, (max-width: 300px) 100vw, 300px\" \/>\t\t\t\t\t\t\t\t\t<\/a>\n\t\t\t\t\t\t\t\t\t\t\t\t\t\t\t\t\t\t \t\t\t\t\t\t\t\t<\/div>\n\t\t\t\t\t\t\t\t<div class=\"image-tools top right show-on-hover\">\n\t\t\t\t\t\t\t\t\t\t\t\t\t\t\t\t\t<\/div>\n\t\t\t\t\t\t\t\t\t\t\t\t\t\t\t\t\t<div class=\"image-tools grid-tools text-center hide-for-small bottom hover-slide-in show-on-hover\">\n\t\t\t\t\t\t\t\t\t\t\t\t\t\t\t\t\t\t\t<\/div>\n\t\t\t\t\t\t\t\t\t\t\t\t\t\t\t\t\t\t\t\t\t\t\t<\/div>\n\n\t\t\t\t\t\t\t<div class=\"box-text text-center\" >\n\t\t\t\t\t\t\t\t<div class=\"title-wrapper\">\t\t<p class=\"category uppercase is-smaller no-text-overflow product-cat op-7\">\n\t\t\tChristina Hugl\t\t<\/p>\n\t<p class=\"name product-title woocommerce-loop-product__title\"><a href=\"https:\/\/schaumweinkontor.com\/en\/produkt\/christina-hugl-red-nat-blauer-portugieser-2021-075-l\/\" class=\"woocommerce-LoopProduct-link woocommerce-loop-product__link\">Christina Hugl Red-Nat Blauer Portugieser 0,75 L<\/a><\/p><\/div><div class=\"price-wrapper\">\n\t<span class=\"price\"><span class=\"woocommerce-Price-amount amount\" role=\"none\"><bdi><span class=\"woocommerce-Price-currencySymbol\">&euro;<\/span>&nbsp;21,00<\/bdi><\/span> <small class=\"woocommerce-price-suffix\">inkl. MwSt.<\/small><\/span>\n<\/div><div class=\"add-to-cart-button\"><a href=\"\/en\/wp-json\/wp\/v2\/pages\/4628?add-to-cart=4675\" aria-describedby=\"woocommerce_loop_add_to_cart_link_describedby_4675\" data-quantity=\"1\" class=\"primary is-small mb-0 button product_type_simple add_to_cart_button ajax_add_to_cart is-outline\" data-product_id=\"4675\" data-product_sku=\"100300214\" aria-label=\"Add to cart: &ldquo;Christina Hugl Red-Nat Blauer Portugieser 0,75 L&rdquo;\" rel=\"nofollow\" data-success_message=\"&ldquo;Christina Hugl Red-Nat Blauer Portugieser 0,75 L&rdquo; has been added to your cart\" role=\"button\">Add to cart<\/a><\/div>\t<span id=\"woocommerce_loop_add_to_cart_link_describedby_4675\" class=\"screen-reader-text\">\n\t\t\t<\/span>\n\t\t\t\t\t\t\t<\/div>\n\t\t\t\t\t\t<\/div>\n\t\t\t\t\t\t<\/div>\n\t\t\t\t\t<\/div><div class=\"col\" data-animate=\"fadeInUp\">\n\t\t\t\t\t\t<div class=\"col-inner\">\n\t\t\t\t\t\t\n<div class=\"badge-container badge-custom absolute right top z-1\">\n\n<\/div>\n\t\t\t\t\t\t<div class=\"product-small box margin-auto has-hover box-vertical box-text-bottom\">\n\t\t\t\t\t\t\t<div class=\"box-image\" >\n\t\t\t\t\t\t\t\t<div class=\"\" >\n\t\t\t\t\t\t\t\t\t<a href=\"https:\/\/schaumweinkontor.com\/en\/produkt\/christina-hugl-chardonnay-pet-nat-075-l\/\" aria-label=\"Christina Hugl Chardonnay Pet-Nat 0,75l\">\n\t\t\t\t\t\t\t\t\t\t<img loading=\"lazy\" decoding=\"async\" width=\"300\" height=\"300\" src=\"https:\/\/schaumweinkontor.com\/wp-content\/uploads\/2022\/06\/Christina-Hugl-Chardonnay-Pet-Nat-075-300x300.png\" class=\"attachment-medium size-medium\" alt=\"Christina Hugl Chardonnay Pet-Nat\" srcset=\"https:\/\/schaumweinkontor.com\/wp-content\/uploads\/2022\/06\/Christina-Hugl-Chardonnay-Pet-Nat-075-300x300.png 300w, https:\/\/schaumweinkontor.com\/wp-content\/uploads\/2022\/06\/Christina-Hugl-Chardonnay-Pet-Nat-075-100x100.png 100w, https:\/\/schaumweinkontor.com\/wp-content\/uploads\/2022\/06\/Christina-Hugl-Chardonnay-Pet-Nat-075-510x510.png 510w, https:\/\/schaumweinkontor.com\/wp-content\/uploads\/2022\/06\/Christina-Hugl-Chardonnay-Pet-Nat-075-150x150.png 150w, https:\/\/schaumweinkontor.com\/wp-content\/uploads\/2022\/06\/Christina-Hugl-Chardonnay-Pet-Nat-075-768x768.png 768w, https:\/\/schaumweinkontor.com\/wp-content\/uploads\/2022\/06\/Christina-Hugl-Chardonnay-Pet-Nat-075.png 1000w\" sizes=\"auto, (max-width: 300px) 100vw, 300px\" \/>\t\t\t\t\t\t\t\t\t<\/a>\n\t\t\t\t\t\t\t\t\t\t\t\t\t\t\t\t\t\t \t\t\t\t\t\t\t\t<\/div>\n\t\t\t\t\t\t\t\t<div class=\"image-tools top right show-on-hover\">\n\t\t\t\t\t\t\t\t\t\t\t\t\t\t\t\t\t<\/div>\n\t\t\t\t\t\t\t\t\t\t\t\t\t\t\t\t\t<div class=\"image-tools grid-tools text-center hide-for-small bottom hover-slide-in show-on-hover\">\n\t\t\t\t\t\t\t\t\t\t\t\t\t\t\t\t\t\t\t<\/div>\n\t\t\t\t\t\t\t\t\t\t\t\t\t\t\t\t\t\t\t\t\t\t\t<\/div>\n\n\t\t\t\t\t\t\t<div class=\"box-text text-center\" >\n\t\t\t\t\t\t\t\t<div class=\"title-wrapper\">\t\t<p class=\"category uppercase is-smaller no-text-overflow product-cat op-7\">\n\t\t\tChristina Hugl\t\t<\/p>\n\t<p class=\"name product-title woocommerce-loop-product__title\"><a href=\"https:\/\/schaumweinkontor.com\/en\/produkt\/christina-hugl-chardonnay-pet-nat-075-l\/\" class=\"woocommerce-LoopProduct-link woocommerce-loop-product__link\">Christina Hugl Chardonnay Pet-Nat 0,75l<\/a><\/p><\/div><div class=\"price-wrapper\">\n\t<span class=\"price\"><span class=\"woocommerce-Price-amount amount\" role=\"none\"><bdi><span class=\"woocommerce-Price-currencySymbol\">&euro;<\/span>&nbsp;21,00<\/bdi><\/span> <small class=\"woocommerce-price-suffix\">inkl. MwSt.<\/small><\/span>\n<\/div><div class=\"add-to-cart-button\"><a href=\"\/en\/wp-json\/wp\/v2\/pages\/4628?add-to-cart=4780\" aria-describedby=\"woocommerce_loop_add_to_cart_link_describedby_4780\" data-quantity=\"1\" class=\"primary is-small mb-0 button product_type_simple add_to_cart_button ajax_add_to_cart is-outline\" data-product_id=\"4780\" data-product_sku=\"100300207\" aria-label=\"Add to cart: &ldquo;Christina Hugl Chardonnay Pet-Nat 0,75l&rdquo;\" rel=\"nofollow\" data-success_message=\"&ldquo;Christina Hugl Chardonnay Pet-Nat 0,75l&rdquo; has been added to your cart\" role=\"button\">Add to cart<\/a><\/div>\t<span id=\"woocommerce_loop_add_to_cart_link_describedby_4780\" class=\"screen-reader-text\">\n\t\t\t<\/span>\n\t\t\t\t\t\t\t<\/div>\n\t\t\t\t\t\t<\/div>\n\t\t\t\t\t\t<\/div>\n\t\t\t\t\t<\/div><div class=\"col\" data-animate=\"fadeInUp\">\n\t\t\t\t\t\t<div class=\"col-inner\">\n\t\t\t\t\t\t\n<div class=\"badge-container badge-custom absolute right top z-1\">\n\n<\/div>\n\t\t\t\t\t\t<div class=\"product-small box margin-auto has-hover box-vertical box-text-bottom\">\n\t\t\t\t\t\t\t<div class=\"box-image\" >\n\t\t\t\t\t\t\t\t<div class=\"\" >\n\t\t\t\t\t\t\t\t\t<a href=\"https:\/\/schaumweinkontor.com\/en\/produkt\/christina-hugl-rose-pet-nat-075-l\/\" aria-label=\"Christina Hugl Ros\u00e9 Pet-Nat. 0,75 L\">\n\t\t\t\t\t\t\t\t\t\t<img loading=\"lazy\" decoding=\"async\" width=\"300\" height=\"300\" src=\"https:\/\/schaumweinkontor.com\/wp-content\/uploads\/2022\/06\/Christina-Hugl-Rose-Pet-Nat.-075-L-300x300.png\" class=\"attachment-medium size-medium\" alt=\"Christina Hugl Ros\u00e9 Pet-Nat. 0,75 L\" srcset=\"https:\/\/schaumweinkontor.com\/wp-content\/uploads\/2022\/06\/Christina-Hugl-Rose-Pet-Nat.-075-L-300x300.png 300w, https:\/\/schaumweinkontor.com\/wp-content\/uploads\/2022\/06\/Christina-Hugl-Rose-Pet-Nat.-075-L-100x100.png 100w, https:\/\/schaumweinkontor.com\/wp-content\/uploads\/2022\/06\/Christina-Hugl-Rose-Pet-Nat.-075-L-510x510.png 510w, https:\/\/schaumweinkontor.com\/wp-content\/uploads\/2022\/06\/Christina-Hugl-Rose-Pet-Nat.-075-L-150x150.png 150w, https:\/\/schaumweinkontor.com\/wp-content\/uploads\/2022\/06\/Christina-Hugl-Rose-Pet-Nat.-075-L-768x768.png 768w, https:\/\/schaumweinkontor.com\/wp-content\/uploads\/2022\/06\/Christina-Hugl-Rose-Pet-Nat.-075-L.png 1000w\" sizes=\"auto, (max-width: 300px) 100vw, 300px\" \/>\t\t\t\t\t\t\t\t\t<\/a>\n\t\t\t\t\t\t\t\t\t\t\t\t\t\t\t\t\t\t \t\t\t\t\t\t\t\t<\/div>\n\t\t\t\t\t\t\t\t<div class=\"image-tools top right show-on-hover\">\n\t\t\t\t\t\t\t\t\t\t\t\t\t\t\t\t\t<\/div>\n\t\t\t\t\t\t\t\t\t\t\t\t\t\t\t\t\t<div class=\"image-tools grid-tools text-center hide-for-small bottom hover-slide-in show-on-hover\">\n\t\t\t\t\t\t\t\t\t\t\t\t\t\t\t\t\t\t\t<\/div>\n\t\t\t\t\t\t\t\t\t\t\t\t\t\t\t\t\t\t\t\t\t\t\t<\/div>\n\n\t\t\t\t\t\t\t<div class=\"box-text text-center\" >\n\t\t\t\t\t\t\t\t<div class=\"title-wrapper\">\t\t<p class=\"category uppercase is-smaller no-text-overflow product-cat op-7\">\n\t\t\tChristina Hugl\t\t<\/p>\n\t<p class=\"name product-title woocommerce-loop-product__title\"><a href=\"https:\/\/schaumweinkontor.com\/en\/produkt\/christina-hugl-rose-pet-nat-075-l\/\" class=\"woocommerce-LoopProduct-link woocommerce-loop-product__link\">Christina Hugl Ros\u00e9 Pet-Nat. 0,75 L<\/a><\/p><\/div><div class=\"price-wrapper\">\n\t<span class=\"price\"><span class=\"woocommerce-Price-amount amount\" role=\"none\"><bdi><span class=\"woocommerce-Price-currencySymbol\">&euro;<\/span>&nbsp;21,40<\/bdi><\/span> <small class=\"woocommerce-price-suffix\">inkl. MwSt.<\/small><\/span>\n<\/div><div class=\"add-to-cart-button\"><a href=\"\/en\/wp-json\/wp\/v2\/pages\/4628?add-to-cart=4779\" aria-describedby=\"woocommerce_loop_add_to_cart_link_describedby_4779\" data-quantity=\"1\" class=\"primary is-small mb-0 button product_type_simple add_to_cart_button ajax_add_to_cart is-outline\" data-product_id=\"4779\" data-product_sku=\"100300208\" aria-label=\"Add to cart: &ldquo;Christina Hugl Ros\u00e9 Pet-Nat. 0,75 L&rdquo;\" rel=\"nofollow\" data-success_message=\"&ldquo;Christina Hugl Ros\u00e9 Pet-Nat. 0,75 L&rdquo; has been added to your cart\" role=\"button\">Add to cart<\/a><\/div>\t<span id=\"woocommerce_loop_add_to_cart_link_describedby_4779\" class=\"screen-reader-text\">\n\t\t\t<\/span>\n\t\t\t\t\t\t\t<\/div>\n\t\t\t\t\t\t<\/div>\n\t\t\t\t\t\t<\/div>\n\t\t\t\t\t<\/div><div class=\"col\" data-animate=\"fadeInUp\">\n\t\t\t\t\t\t<div class=\"col-inner\">\n\t\t\t\t\t\t\n<div class=\"badge-container badge-custom absolute right top z-1\">\n\n<\/div>\n\t\t\t\t\t\t<div class=\"product-small box margin-auto has-hover box-vertical box-text-bottom\">\n\t\t\t\t\t\t\t<div class=\"box-image\" >\n\t\t\t\t\t\t\t\t<div class=\"\" >\n\t\t\t\t\t\t\t\t\t<a href=\"https:\/\/schaumweinkontor.com\/en\/produkt\/christina-hugl-ernst-b-blaubrause-pet-nat-075-l\/\" aria-label=\"Christina Hugl\/Ernst B. Blaubrause Pet Nat 0,75 L organic\">\n\t\t\t\t\t\t\t\t\t\t<img loading=\"lazy\" decoding=\"async\" width=\"300\" height=\"300\" src=\"https:\/\/schaumweinkontor.com\/wp-content\/uploads\/2023\/06\/Design-ohne-Titel-14-300x300.png\" class=\"attachment-medium size-medium\" alt=\"Christina Hugl\/Ernst B. Blaubrause Pet Nat 0,75 L organic\" srcset=\"https:\/\/schaumweinkontor.com\/wp-content\/uploads\/2023\/06\/Design-ohne-Titel-14-300x300.png 300w, https:\/\/schaumweinkontor.com\/wp-content\/uploads\/2023\/06\/Design-ohne-Titel-14-100x100.png 100w, https:\/\/schaumweinkontor.com\/wp-content\/uploads\/2023\/06\/Design-ohne-Titel-14-510x510.png 510w, https:\/\/schaumweinkontor.com\/wp-content\/uploads\/2023\/06\/Design-ohne-Titel-14-150x150.png 150w, https:\/\/schaumweinkontor.com\/wp-content\/uploads\/2023\/06\/Design-ohne-Titel-14-768x768.png 768w, https:\/\/schaumweinkontor.com\/wp-content\/uploads\/2023\/06\/Design-ohne-Titel-14.png 1000w\" sizes=\"auto, (max-width: 300px) 100vw, 300px\" \/>\t\t\t\t\t\t\t\t\t<\/a>\n\t\t\t\t\t\t\t\t\t\t\t\t\t\t\t\t\t\t \t\t\t\t\t\t\t\t<\/div>\n\t\t\t\t\t\t\t\t<div class=\"image-tools top right show-on-hover\">\n\t\t\t\t\t\t\t\t\t\t\t\t\t\t\t\t\t<\/div>\n\t\t\t\t\t\t\t\t\t\t\t\t\t\t\t\t\t<div class=\"image-tools grid-tools text-center hide-for-small bottom hover-slide-in show-on-hover\">\n\t\t\t\t\t\t\t\t\t\t\t\t\t\t\t\t\t\t\t<\/div>\n\t\t\t\t\t\t\t\t\t\t\t\t\t\t\t\t\t\t\t\t\t\t\t<\/div>\n\n\t\t\t\t\t\t\t<div class=\"box-text text-center\" >\n\t\t\t\t\t\t\t\t<div class=\"title-wrapper\">\t\t<p class=\"category uppercase is-smaller no-text-overflow product-cat op-7\">\n\t\t\tChristina Hugl\t\t<\/p>\n\t<p class=\"name product-title woocommerce-loop-product__title\"><a href=\"https:\/\/schaumweinkontor.com\/en\/produkt\/christina-hugl-ernst-b-blaubrause-pet-nat-075-l\/\" class=\"woocommerce-LoopProduct-link woocommerce-loop-product__link\">Christina Hugl\/Ernst B. Blaubrause Pet Nat 0,75 L organic<\/a><\/p><\/div><div class=\"price-wrapper\">\n\t<span class=\"price\"><span class=\"woocommerce-Price-amount amount\" role=\"none\"><bdi><span class=\"woocommerce-Price-currencySymbol\">&euro;<\/span>&nbsp;24,50<\/bdi><\/span> <small class=\"woocommerce-price-suffix\">inkl. MwSt.<\/small><\/span>\n<\/div><div class=\"add-to-cart-button\"><a href=\"\/en\/wp-json\/wp\/v2\/pages\/4628?add-to-cart=4664\" aria-describedby=\"woocommerce_loop_add_to_cart_link_describedby_4664\" data-quantity=\"1\" class=\"primary is-small mb-0 button product_type_simple add_to_cart_button ajax_add_to_cart is-outline\" data-product_id=\"4664\" data-product_sku=\"100300215\" aria-label=\"Add to cart: &ldquo;Christina Hugl\/Ernst B. Blaubrause Pet Nat 0,75 L organic&rdquo;\" rel=\"nofollow\" data-success_message=\"&ldquo;Christina Hugl\/Ernst B. Blaubrause Pet Nat 0,75 L organic&rdquo; has been added to your cart\" role=\"button\">Add to cart<\/a><\/div>\t<span id=\"woocommerce_loop_add_to_cart_link_describedby_4664\" class=\"screen-reader-text\">\n\t\t\t<\/span>\n\t\t\t\t\t\t\t<\/div>\n\t\t\t\t\t\t<\/div>\n\t\t\t\t\t\t<\/div>\n\t\t\t\t\t<\/div><div class=\"col\" data-animate=\"fadeInUp\">\n\t\t\t\t\t\t<div class=\"col-inner\">\n\t\t\t\t\t\t\n<div class=\"badge-container badge-custom absolute right top z-1\">\n\n<\/div>\n\t\t\t\t\t\t<div class=\"product-small box margin-auto has-hover box-vertical box-text-bottom\">\n\t\t\t\t\t\t\t<div class=\"box-image\" >\n\t\t\t\t\t\t\t\t<div class=\"\" >\n\t\t\t\t\t\t\t\t\t<a href=\"https:\/\/schaumweinkontor.com\/en\/produkt\/christina-hugl-gruener-veltliner-weinviertel-hermannschachern-grosse-reserve-2018-bio-075-l\/\" aria-label=\"Christina Hugl Gr\u00fcner Veltliner Weinviertel \u201eHermannschachern\u201c Gro\u00dfe Reserve 2018 BIO 0,75 L\">\n\t\t\t\t\t\t\t\t\t\t<img loading=\"lazy\" decoding=\"async\" width=\"300\" height=\"300\" src=\"https:\/\/schaumweinkontor.com\/wp-content\/uploads\/2024\/10\/Christina-Hugl-Riedensekte-Hermannschachern-075-300x300.png\" class=\"attachment-medium size-medium\" alt=\"Christina Hugl Gr\u00fcner Veltliner Weinviertel \u201eHermannschachern\u201c Gro\u00dfe Reserve 2018 BIO 0,75 L\" srcset=\"https:\/\/schaumweinkontor.com\/wp-content\/uploads\/2024\/10\/Christina-Hugl-Riedensekte-Hermannschachern-075-300x300.png 300w, https:\/\/schaumweinkontor.com\/wp-content\/uploads\/2024\/10\/Christina-Hugl-Riedensekte-Hermannschachern-075-150x150.png 150w, https:\/\/schaumweinkontor.com\/wp-content\/uploads\/2024\/10\/Christina-Hugl-Riedensekte-Hermannschachern-075-768x768.png 768w, https:\/\/schaumweinkontor.com\/wp-content\/uploads\/2024\/10\/Christina-Hugl-Riedensekte-Hermannschachern-075-510x510.png 510w, https:\/\/schaumweinkontor.com\/wp-content\/uploads\/2024\/10\/Christina-Hugl-Riedensekte-Hermannschachern-075-100x100.png 100w, https:\/\/schaumweinkontor.com\/wp-content\/uploads\/2024\/10\/Christina-Hugl-Riedensekte-Hermannschachern-075.png 1001w\" sizes=\"auto, (max-width: 300px) 100vw, 300px\" \/>\t\t\t\t\t\t\t\t\t<\/a>\n\t\t\t\t\t\t\t\t\t\t\t\t\t\t\t\t\t\t \t\t\t\t\t\t\t\t<\/div>\n\t\t\t\t\t\t\t\t<div class=\"image-tools top right show-on-hover\">\n\t\t\t\t\t\t\t\t\t\t\t\t\t\t\t\t\t<\/div>\n\t\t\t\t\t\t\t\t\t\t\t\t\t\t\t\t\t<div class=\"image-tools grid-tools text-center hide-for-small bottom hover-slide-in show-on-hover\">\n\t\t\t\t\t\t\t\t\t\t\t\t\t\t\t\t\t\t\t<\/div>\n\t\t\t\t\t\t\t\t\t\t\t\t\t\t\t\t\t\t\t\t\t\t\t<\/div>\n\n\t\t\t\t\t\t\t<div class=\"box-text text-center\" >\n\t\t\t\t\t\t\t\t<div class=\"title-wrapper\">\t\t<p class=\"category uppercase is-smaller no-text-overflow product-cat op-7\">\n\t\t\tChristina Hugl\t\t<\/p>\n\t<p class=\"name product-title woocommerce-loop-product__title\"><a href=\"https:\/\/schaumweinkontor.com\/en\/produkt\/christina-hugl-gruener-veltliner-weinviertel-hermannschachern-grosse-reserve-2018-bio-075-l\/\" class=\"woocommerce-LoopProduct-link woocommerce-loop-product__link\">Christina Hugl Gr\u00fcner Veltliner Weinviertel \u201eHermannschachern\u201c Gro\u00dfe Reserve 2018 BIO 0,75 L<\/a><\/p><\/div><div class=\"price-wrapper\">\n\t<span class=\"price\"><span class=\"woocommerce-Price-amount amount\" role=\"none\"><bdi><span class=\"woocommerce-Price-currencySymbol\">&euro;<\/span>&nbsp;48,00<\/bdi><\/span> <small class=\"woocommerce-price-suffix\">inkl. MwSt.<\/small><\/span>\n<\/div><div class=\"add-to-cart-button\"><a href=\"\/en\/wp-json\/wp\/v2\/pages\/4628?add-to-cart=5806\" aria-describedby=\"woocommerce_loop_add_to_cart_link_describedby_5806\" data-quantity=\"1\" class=\"primary is-small mb-0 button product_type_simple add_to_cart_button ajax_add_to_cart is-outline\" data-product_id=\"5806\" data-product_sku=\"100300218\" aria-label=\"Add to cart: &ldquo;Christina Hugl Gr\u00fcner Veltliner Weinviertel \u201eHermannschachern\u201c Gro\u00dfe Reserve 2018 BIO 0,75 L&rdquo;\" rel=\"nofollow\" data-success_message=\"&ldquo;Christina Hugl Gr\u00fcner Veltliner Weinviertel \u201eHermannschachern\u201c Gro\u00dfe Reserve 2018 BIO 0,75 L&rdquo; has been added to your cart\" role=\"button\">Add to cart<\/a><\/div>\t<span id=\"woocommerce_loop_add_to_cart_link_describedby_5806\" class=\"screen-reader-text\">\n\t\t\t<\/span>\n\t\t\t\t\t\t\t<\/div>\n\t\t\t\t\t\t<\/div>\n\t\t\t\t\t\t<\/div>\n\t\t\t\t\t<\/div><div class=\"col\" data-animate=\"fadeInUp\">\n\t\t\t\t\t\t<div class=\"col-inner\">\n\t\t\t\t\t\t\n<div class=\"badge-container badge-custom absolute right top z-1\">\n\n<\/div>\n\t\t\t\t\t\t<div class=\"product-small box margin-auto has-hover box-vertical box-text-bottom\">\n\t\t\t\t\t\t\t<div class=\"box-image\" >\n\t\t\t\t\t\t\t\t<div class=\"\" >\n\t\t\t\t\t\t\t\t\t<a href=\"https:\/\/schaumweinkontor.com\/en\/produkt\/christina-hugl-gruener-veltliner-wachau-kollmuetz-grosse-reserve-2018-bio-075-l\/\" aria-label=\"Christina Hugl Gr\u00fcner Veltliner Wachau \u201eKollm\u00fctz\u201c Gro\u00dfe Reserve 2018 BIO 0,75 L\">\n\t\t\t\t\t\t\t\t\t\t<img loading=\"lazy\" decoding=\"async\" width=\"300\" height=\"300\" src=\"https:\/\/schaumweinkontor.com\/wp-content\/uploads\/2024\/10\/Christina-Hugl-Riedensekte-Kollmutz-075-300x300.png\" class=\"attachment-medium size-medium\" alt=\"Christina Hugl Gr\u00fcner Veltliner Wachau \u201eKollm\u00fctz\u201c Gro\u00dfe Reserve 2018 BIO 0,75 L\" srcset=\"https:\/\/schaumweinkontor.com\/wp-content\/uploads\/2024\/10\/Christina-Hugl-Riedensekte-Kollmutz-075-300x300.png 300w, https:\/\/schaumweinkontor.com\/wp-content\/uploads\/2024\/10\/Christina-Hugl-Riedensekte-Kollmutz-075-150x150.png 150w, https:\/\/schaumweinkontor.com\/wp-content\/uploads\/2024\/10\/Christina-Hugl-Riedensekte-Kollmutz-075-768x768.png 768w, https:\/\/schaumweinkontor.com\/wp-content\/uploads\/2024\/10\/Christina-Hugl-Riedensekte-Kollmutz-075-510x510.png 510w, https:\/\/schaumweinkontor.com\/wp-content\/uploads\/2024\/10\/Christina-Hugl-Riedensekte-Kollmutz-075-100x100.png 100w, https:\/\/schaumweinkontor.com\/wp-content\/uploads\/2024\/10\/Christina-Hugl-Riedensekte-Kollmutz-075.png 1001w\" sizes=\"auto, (max-width: 300px) 100vw, 300px\" \/>\t\t\t\t\t\t\t\t\t<\/a>\n\t\t\t\t\t\t\t\t\t\t\t\t\t\t\t\t\t\t \t\t\t\t\t\t\t\t<\/div>\n\t\t\t\t\t\t\t\t<div class=\"image-tools top right show-on-hover\">\n\t\t\t\t\t\t\t\t\t\t\t\t\t\t\t\t\t<\/div>\n\t\t\t\t\t\t\t\t\t\t\t\t\t\t\t\t\t<div class=\"image-tools grid-tools text-center hide-for-small bottom hover-slide-in show-on-hover\">\n\t\t\t\t\t\t\t\t\t\t\t\t\t\t\t\t\t\t\t<\/div>\n\t\t\t\t\t\t\t\t\t\t\t\t\t\t\t\t\t\t\t\t\t\t\t<\/div>\n\n\t\t\t\t\t\t\t<div class=\"box-text text-center\" >\n\t\t\t\t\t\t\t\t<div class=\"title-wrapper\">\t\t<p class=\"category uppercase is-smaller no-text-overflow product-cat op-7\">\n\t\t\tChristina Hugl\t\t<\/p>\n\t<p class=\"name product-title woocommerce-loop-product__title\"><a href=\"https:\/\/schaumweinkontor.com\/en\/produkt\/christina-hugl-gruener-veltliner-wachau-kollmuetz-grosse-reserve-2018-bio-075-l\/\" class=\"woocommerce-LoopProduct-link woocommerce-loop-product__link\">Christina Hugl Gr\u00fcner Veltliner Wachau \u201eKollm\u00fctz\u201c Gro\u00dfe Reserve 2018 BIO 0,75 L<\/a><\/p><\/div><div class=\"price-wrapper\">\n\t<span class=\"price\"><span class=\"woocommerce-Price-amount amount\" role=\"none\"><bdi><span class=\"woocommerce-Price-currencySymbol\">&euro;<\/span>&nbsp;48,00<\/bdi><\/span> <small class=\"woocommerce-price-suffix\">inkl. MwSt.<\/small><\/span>\n<\/div><div class=\"add-to-cart-button\"><a href=\"\/en\/wp-json\/wp\/v2\/pages\/4628?add-to-cart=5808\" aria-describedby=\"woocommerce_loop_add_to_cart_link_describedby_5808\" data-quantity=\"1\" class=\"primary is-small mb-0 button product_type_simple add_to_cart_button ajax_add_to_cart is-outline\" data-product_id=\"5808\" data-product_sku=\"100300219\" aria-label=\"Add to cart: &ldquo;Christina Hugl Gr\u00fcner Veltliner Wachau \u201eKollm\u00fctz\u201c Gro\u00dfe Reserve 2018 BIO 0,75 L&rdquo;\" rel=\"nofollow\" data-success_message=\"&ldquo;Christina Hugl Gr\u00fcner Veltliner Wachau \u201eKollm\u00fctz\u201c Gro\u00dfe Reserve 2018 BIO 0,75 L&rdquo; has been added to your cart\" role=\"button\">Add to cart<\/a><\/div>\t<span id=\"woocommerce_loop_add_to_cart_link_describedby_5808\" class=\"screen-reader-text\">\n\t\t\t<\/span>\n\t\t\t\t\t\t\t<\/div>\n\t\t\t\t\t\t<\/div>\n\t\t\t\t\t\t<\/div>\n\t\t\t\t\t<\/div><div class=\"col\" data-animate=\"fadeInUp\">\n\t\t\t\t\t\t<div class=\"col-inner\">\n\t\t\t\t\t\t\n<div class=\"badge-container badge-custom absolute right top z-1\">\n\n<\/div>\n\t\t\t\t\t\t<div class=\"product-small box margin-auto has-hover box-vertical box-text-bottom\">\n\t\t\t\t\t\t\t<div class=\"box-image\" >\n\t\t\t\t\t\t\t\t<div class=\"\" >\n\t\t\t\t\t\t\t\t\t<a href=\"https:\/\/schaumweinkontor.com\/en\/produkt\/christina-hugl-gruener-veltliner-kamptal-grub-grosse-reserve-2018-bio\/\" aria-label=\"Christina Hugl Gr\u00fcner Veltliner Kamptal \u201eGrub\u201c Grosse Reserve 2018 BIO\">\n\t\t\t\t\t\t\t\t\t\t<img loading=\"lazy\" decoding=\"async\" width=\"300\" height=\"300\" src=\"https:\/\/schaumweinkontor.com\/wp-content\/uploads\/2024\/10\/Christina-Hugl-Riedensekte-Grub-075-300x300.png\" class=\"attachment-medium size-medium\" alt=\"Christina Hugl Gr\u00fcner Veltliner Kamptal \u201eGrub\u201c Grosse Reserve 2018 BIO\" srcset=\"https:\/\/schaumweinkontor.com\/wp-content\/uploads\/2024\/10\/Christina-Hugl-Riedensekte-Grub-075-300x300.png 300w, https:\/\/schaumweinkontor.com\/wp-content\/uploads\/2024\/10\/Christina-Hugl-Riedensekte-Grub-075-150x150.png 150w, https:\/\/schaumweinkontor.com\/wp-content\/uploads\/2024\/10\/Christina-Hugl-Riedensekte-Grub-075-768x768.png 768w, https:\/\/schaumweinkontor.com\/wp-content\/uploads\/2024\/10\/Christina-Hugl-Riedensekte-Grub-075-510x510.png 510w, https:\/\/schaumweinkontor.com\/wp-content\/uploads\/2024\/10\/Christina-Hugl-Riedensekte-Grub-075-100x100.png 100w, https:\/\/schaumweinkontor.com\/wp-content\/uploads\/2024\/10\/Christina-Hugl-Riedensekte-Grub-075.png 1001w\" sizes=\"auto, (max-width: 300px) 100vw, 300px\" \/>\t\t\t\t\t\t\t\t\t<\/a>\n\t\t\t\t\t\t\t\t\t\t\t\t\t\t\t\t\t\t \t\t\t\t\t\t\t\t<\/div>\n\t\t\t\t\t\t\t\t<div class=\"image-tools top right show-on-hover\">\n\t\t\t\t\t\t\t\t\t\t\t\t\t\t\t\t\t<\/div>\n\t\t\t\t\t\t\t\t\t\t\t\t\t\t\t\t\t<div class=\"image-tools grid-tools text-center hide-for-small bottom hover-slide-in show-on-hover\">\n\t\t\t\t\t\t\t\t\t\t\t\t\t\t\t\t\t\t\t<\/div>\n\t\t\t\t\t\t\t\t\t\t\t\t\t\t\t\t\t\t\t\t\t\t\t<\/div>\n\n\t\t\t\t\t\t\t<div class=\"box-text text-center\" >\n\t\t\t\t\t\t\t\t<div class=\"title-wrapper\">\t\t<p class=\"category uppercase is-smaller no-text-overflow product-cat op-7\">\n\t\t\tChristina Hugl\t\t<\/p>\n\t<p class=\"name product-title woocommerce-loop-product__title\"><a href=\"https:\/\/schaumweinkontor.com\/en\/produkt\/christina-hugl-gruener-veltliner-kamptal-grub-grosse-reserve-2018-bio\/\" class=\"woocommerce-LoopProduct-link woocommerce-loop-product__link\">Christina Hugl Gr\u00fcner Veltliner Kamptal \u201eGrub\u201c Grosse Reserve 2018 BIO<\/a><\/p><\/div><div class=\"price-wrapper\">\n\t<span class=\"price\"><span class=\"woocommerce-Price-amount amount\" role=\"none\"><bdi><span class=\"woocommerce-Price-currencySymbol\">&euro;<\/span>&nbsp;48,00<\/bdi><\/span> <small class=\"woocommerce-price-suffix\">inkl. MwSt.<\/small><\/span>\n<\/div><div class=\"add-to-cart-button\"><a href=\"\/en\/wp-json\/wp\/v2\/pages\/4628?add-to-cart=5810\" aria-describedby=\"woocommerce_loop_add_to_cart_link_describedby_5810\" data-quantity=\"1\" class=\"primary is-small mb-0 button product_type_simple add_to_cart_button ajax_add_to_cart is-outline\" data-product_id=\"5810\" data-product_sku=\"100300220\" aria-label=\"Add to cart: &ldquo;Christina Hugl Gr\u00fcner Veltliner Kamptal \u201eGrub\u201c Grosse Reserve 2018 BIO&rdquo;\" rel=\"nofollow\" data-success_message=\"&ldquo;Christina Hugl Gr\u00fcner Veltliner Kamptal \u201eGrub\u201c Grosse Reserve 2018 BIO&rdquo; has been added to your cart\" role=\"button\">Add to cart<\/a><\/div>\t<span id=\"woocommerce_loop_add_to_cart_link_describedby_5810\" class=\"screen-reader-text\">\n\t\t\t<\/span>\n\t\t\t\t\t\t\t<\/div>\n\t\t\t\t\t\t<\/div>\n\t\t\t\t\t\t<\/div>\n\t\t\t\t\t<\/div><div class=\"col\" data-animate=\"fadeInUp\">\n\t\t\t\t\t\t<div class=\"col-inner\">\n\t\t\t\t\t\t\n<div class=\"badge-container badge-custom absolute right top z-1\">\n\n<\/div>\n\t\t\t\t\t\t<div class=\"product-small box margin-auto has-hover box-vertical box-text-bottom\">\n\t\t\t\t\t\t\t<div class=\"box-image\" >\n\t\t\t\t\t\t\t\t<div class=\"\" >\n\t\t\t\t\t\t\t\t\t<a href=\"https:\/\/schaumweinkontor.com\/en\/produkt\/christina-hugl-gruener-veltliner-riedenbox-holz-2018-bio-3-x-075-l\/\" aria-label=\"Christina Hugl Gr\u00fcner Veltliner Riedenbox Holz 2018 BIO 3 x 0,75 L\">\n\t\t\t\t\t\t\t\t\t\t<img loading=\"lazy\" decoding=\"async\" width=\"300\" height=\"300\" src=\"https:\/\/schaumweinkontor.com\/wp-content\/uploads\/2024\/10\/Christina-Hugl-Riedensekte-075-300x300.png\" class=\"attachment-medium size-medium\" alt=\"Christina Hugl Gr\u00fcner Veltliner Riedenbox Holz 2018 BIO 3 x 0,75 L\" srcset=\"https:\/\/schaumweinkontor.com\/wp-content\/uploads\/2024\/10\/Christina-Hugl-Riedensekte-075-300x300.png 300w, https:\/\/schaumweinkontor.com\/wp-content\/uploads\/2024\/10\/Christina-Hugl-Riedensekte-075-150x150.png 150w, https:\/\/schaumweinkontor.com\/wp-content\/uploads\/2024\/10\/Christina-Hugl-Riedensekte-075-768x768.png 768w, https:\/\/schaumweinkontor.com\/wp-content\/uploads\/2024\/10\/Christina-Hugl-Riedensekte-075-510x510.png 510w, https:\/\/schaumweinkontor.com\/wp-content\/uploads\/2024\/10\/Christina-Hugl-Riedensekte-075-100x100.png 100w, https:\/\/schaumweinkontor.com\/wp-content\/uploads\/2024\/10\/Christina-Hugl-Riedensekte-075.png 1001w\" sizes=\"auto, (max-width: 300px) 100vw, 300px\" \/>\t\t\t\t\t\t\t\t\t<\/a>\n\t\t\t\t\t\t\t\t\t\t\t\t\t\t\t\t\t\t \t\t\t\t\t\t\t\t<\/div>\n\t\t\t\t\t\t\t\t<div class=\"image-tools top right show-on-hover\">\n\t\t\t\t\t\t\t\t\t\t\t\t\t\t\t\t\t<\/div>\n\t\t\t\t\t\t\t\t\t\t\t\t\t\t\t\t\t<div class=\"image-tools grid-tools text-center hide-for-small bottom hover-slide-in show-on-hover\">\n\t\t\t\t\t\t\t\t\t\t\t\t\t\t\t\t\t\t\t<\/div>\n\t\t\t\t\t\t\t\t\t\t\t\t\t\t\t\t\t\t\t\t\t\t\t<\/div>\n\n\t\t\t\t\t\t\t<div class=\"box-text text-center\" >\n\t\t\t\t\t\t\t\t<div class=\"title-wrapper\">\t\t<p class=\"category uppercase is-smaller no-text-overflow product-cat op-7\">\n\t\t\tChristina Hugl\t\t<\/p>\n\t<p class=\"name product-title woocommerce-loop-product__title\"><a href=\"https:\/\/schaumweinkontor.com\/en\/produkt\/christina-hugl-gruener-veltliner-riedenbox-holz-2018-bio-3-x-075-l\/\" class=\"woocommerce-LoopProduct-link woocommerce-loop-product__link\">Christina Hugl Gr\u00fcner Veltliner Riedenbox Holz 2018 BIO 3 x 0,75 L<\/a><\/p><\/div><div class=\"price-wrapper\">\n\t<span class=\"price\"><span class=\"woocommerce-Price-amount amount\" role=\"none\"><bdi><span class=\"woocommerce-Price-currencySymbol\">&euro;<\/span>&nbsp;149,00<\/bdi><\/span> <small class=\"woocommerce-price-suffix\">inkl. MwSt.<\/small><\/span>\n<\/div><div class=\"add-to-cart-button\"><a href=\"\/en\/wp-json\/wp\/v2\/pages\/4628?add-to-cart=5812\" aria-describedby=\"woocommerce_loop_add_to_cart_link_describedby_5812\" data-quantity=\"1\" class=\"primary is-small mb-0 button product_type_simple add_to_cart_button ajax_add_to_cart is-outline\" data-product_id=\"5812\" data-product_sku=\"100300217\" aria-label=\"Add to cart: &ldquo;Christina Hugl Gr\u00fcner Veltliner Riedenbox Holz 2018 BIO 3 x 0,75 L&rdquo;\" rel=\"nofollow\" data-success_message=\"&ldquo;Christina Hugl Gr\u00fcner Veltliner Riedenbox Holz 2018 BIO 3 x 0,75 L&rdquo; has been added to your cart\" role=\"button\">Add to cart<\/a><\/div>\t<span id=\"woocommerce_loop_add_to_cart_link_describedby_5812\" class=\"screen-reader-text\">\n\t\t\t<\/span>\n\t\t\t\t\t\t\t<\/div>\n\t\t\t\t\t\t<\/div>\n\t\t\t\t\t\t<\/div>\n\t\t\t\t\t<\/div><\/div>\n\n\n  \n    <div class=\"row margin-auto equalize-box show-for-medium hide-for-small large-columns-3 medium-columns-2 small-columns-1 row-large has-shadow row-box-shadow-2 row-box-shadow-4-hover\" >\n  \t\n\t     <div class=\"col\" data-animate=\"fadeInUp\">\n\t\t\t\t\t\t<div class=\"col-inner\">\n\t\t\t\t\t\t\n<div class=\"badge-container badge-custom absolute right top z-1\">\n\n<\/div>\n\t\t\t\t\t\t<div class=\"product-small box margin-auto has-hover box-normal box-text-bottom\">\n\t\t\t\t\t\t\t<div class=\"box-image\" >\n\t\t\t\t\t\t\t\t<div class=\"\" >\n\t\t\t\t\t\t\t\t\t<a href=\"https:\/\/schaumweinkontor.com\/en\/produkt\/christina-hugl-red-nat-blauer-portugieser-2021-075-l\/\" aria-label=\"Christina Hugl Red-Nat Blauer Portugieser 0,75 L\">\n\t\t\t\t\t\t\t\t\t\t<img loading=\"lazy\" decoding=\"async\" width=\"300\" height=\"300\" src=\"https:\/\/schaumweinkontor.com\/wp-content\/uploads\/2023\/05\/Red-Nat-Blauer-Portugieser_1000x1000-px-300x300.png\" class=\"attachment-medium size-medium\" alt=\"Christina Hugl Red-Nat Blauer Portugieser 0,75 L\" srcset=\"https:\/\/schaumweinkontor.com\/wp-content\/uploads\/2023\/05\/Red-Nat-Blauer-Portugieser_1000x1000-px-300x300.png 300w, https:\/\/schaumweinkontor.com\/wp-content\/uploads\/2023\/05\/Red-Nat-Blauer-Portugieser_1000x1000-px-100x100.png 100w, https:\/\/schaumweinkontor.com\/wp-content\/uploads\/2023\/05\/Red-Nat-Blauer-Portugieser_1000x1000-px-510x510.png 510w, https:\/\/schaumweinkontor.com\/wp-content\/uploads\/2023\/05\/Red-Nat-Blauer-Portugieser_1000x1000-px-150x150.png 150w, https:\/\/schaumweinkontor.com\/wp-content\/uploads\/2023\/05\/Red-Nat-Blauer-Portugieser_1000x1000-px-768x768.png 768w, https:\/\/schaumweinkontor.com\/wp-content\/uploads\/2023\/05\/Red-Nat-Blauer-Portugieser_1000x1000-px.png 1000w\" sizes=\"auto, (max-width: 300px) 100vw, 300px\" \/>\t\t\t\t\t\t\t\t\t<\/a>\n\t\t\t\t\t\t\t\t\t\t\t\t\t\t\t\t\t\t \t\t\t\t\t\t\t\t<\/div>\n\t\t\t\t\t\t\t\t<div class=\"image-tools top right show-on-hover\">\n\t\t\t\t\t\t\t\t\t\t\t\t\t\t\t\t\t<\/div>\n\t\t\t\t\t\t\t\t\t\t\t\t\t\t\t\t\t<div class=\"image-tools grid-tools text-center hide-for-small bottom hover-slide-in show-on-hover\">\n\t\t\t\t\t\t\t\t\t\t\t\t\t\t\t\t\t\t\t<\/div>\n\t\t\t\t\t\t\t\t\t\t\t\t\t\t\t\t\t\t\t\t\t\t\t<\/div>\n\n\t\t\t\t\t\t\t<div class=\"box-text text-center\" >\n\t\t\t\t\t\t\t\t<div class=\"title-wrapper\">\t\t<p class=\"category uppercase is-smaller no-text-overflow product-cat op-7\">\n\t\t\tChristina Hugl\t\t<\/p>\n\t<p class=\"name product-title woocommerce-loop-product__title\"><a href=\"https:\/\/schaumweinkontor.com\/en\/produkt\/christina-hugl-red-nat-blauer-portugieser-2021-075-l\/\" class=\"woocommerce-LoopProduct-link woocommerce-loop-product__link\">Christina Hugl Red-Nat Blauer Portugieser 0,75 L<\/a><\/p><\/div><div class=\"price-wrapper\">\n\t<span class=\"price\"><span class=\"woocommerce-Price-amount amount\" role=\"none\"><bdi><span class=\"woocommerce-Price-currencySymbol\">&euro;<\/span>&nbsp;21,00<\/bdi><\/span> <small class=\"woocommerce-price-suffix\">inkl. MwSt.<\/small><\/span>\n<\/div><div class=\"add-to-cart-button\"><a href=\"\/en\/wp-json\/wp\/v2\/pages\/4628?add-to-cart=4675\" aria-describedby=\"woocommerce_loop_add_to_cart_link_describedby_4675\" data-quantity=\"1\" class=\"primary is-small mb-0 button product_type_simple add_to_cart_button ajax_add_to_cart is-outline\" data-product_id=\"4675\" data-product_sku=\"100300214\" aria-label=\"Add to cart: &ldquo;Christina Hugl Red-Nat Blauer Portugieser 0,75 L&rdquo;\" rel=\"nofollow\" data-success_message=\"&ldquo;Christina Hugl Red-Nat Blauer Portugieser 0,75 L&rdquo; has been added to your cart\" role=\"button\">Add to cart<\/a><\/div>\t<span id=\"woocommerce_loop_add_to_cart_link_describedby_4675\" class=\"screen-reader-text\">\n\t\t\t<\/span>\n\t\t\t\t\t\t\t<\/div>\n\t\t\t\t\t\t<\/div>\n\t\t\t\t\t\t<\/div>\n\t\t\t\t\t<\/div><div class=\"col\" data-animate=\"fadeInUp\">\n\t\t\t\t\t\t<div class=\"col-inner\">\n\t\t\t\t\t\t\n<div class=\"badge-container badge-custom absolute right top z-1\">\n\n<\/div>\n\t\t\t\t\t\t<div class=\"product-small box margin-auto has-hover box-normal box-text-bottom\">\n\t\t\t\t\t\t\t<div class=\"box-image\" >\n\t\t\t\t\t\t\t\t<div class=\"\" >\n\t\t\t\t\t\t\t\t\t<a href=\"https:\/\/schaumweinkontor.com\/en\/produkt\/christina-hugl-chardonnay-pet-nat-075-l\/\" aria-label=\"Christina Hugl Chardonnay Pet-Nat 0,75l\">\n\t\t\t\t\t\t\t\t\t\t<img loading=\"lazy\" decoding=\"async\" width=\"300\" height=\"300\" src=\"https:\/\/schaumweinkontor.com\/wp-content\/uploads\/2022\/06\/Christina-Hugl-Chardonnay-Pet-Nat-075-300x300.png\" class=\"attachment-medium size-medium\" alt=\"Christina Hugl Chardonnay Pet-Nat\" srcset=\"https:\/\/schaumweinkontor.com\/wp-content\/uploads\/2022\/06\/Christina-Hugl-Chardonnay-Pet-Nat-075-300x300.png 300w, https:\/\/schaumweinkontor.com\/wp-content\/uploads\/2022\/06\/Christina-Hugl-Chardonnay-Pet-Nat-075-100x100.png 100w, https:\/\/schaumweinkontor.com\/wp-content\/uploads\/2022\/06\/Christina-Hugl-Chardonnay-Pet-Nat-075-510x510.png 510w, https:\/\/schaumweinkontor.com\/wp-content\/uploads\/2022\/06\/Christina-Hugl-Chardonnay-Pet-Nat-075-150x150.png 150w, https:\/\/schaumweinkontor.com\/wp-content\/uploads\/2022\/06\/Christina-Hugl-Chardonnay-Pet-Nat-075-768x768.png 768w, https:\/\/schaumweinkontor.com\/wp-content\/uploads\/2022\/06\/Christina-Hugl-Chardonnay-Pet-Nat-075.png 1000w\" sizes=\"auto, (max-width: 300px) 100vw, 300px\" \/>\t\t\t\t\t\t\t\t\t<\/a>\n\t\t\t\t\t\t\t\t\t\t\t\t\t\t\t\t\t\t \t\t\t\t\t\t\t\t<\/div>\n\t\t\t\t\t\t\t\t<div class=\"image-tools top right show-on-hover\">\n\t\t\t\t\t\t\t\t\t\t\t\t\t\t\t\t\t<\/div>\n\t\t\t\t\t\t\t\t\t\t\t\t\t\t\t\t\t<div class=\"image-tools grid-tools text-center hide-for-small bottom hover-slide-in show-on-hover\">\n\t\t\t\t\t\t\t\t\t\t\t\t\t\t\t\t\t\t\t<\/div>\n\t\t\t\t\t\t\t\t\t\t\t\t\t\t\t\t\t\t\t\t\t\t\t<\/div>\n\n\t\t\t\t\t\t\t<div class=\"box-text text-center\" >\n\t\t\t\t\t\t\t\t<div class=\"title-wrapper\">\t\t<p class=\"category uppercase is-smaller no-text-overflow product-cat op-7\">\n\t\t\tChristina Hugl\t\t<\/p>\n\t<p class=\"name product-title woocommerce-loop-product__title\"><a href=\"https:\/\/schaumweinkontor.com\/en\/produkt\/christina-hugl-chardonnay-pet-nat-075-l\/\" class=\"woocommerce-LoopProduct-link woocommerce-loop-product__link\">Christina Hugl Chardonnay Pet-Nat 0,75l<\/a><\/p><\/div><div class=\"price-wrapper\">\n\t<span class=\"price\"><span class=\"woocommerce-Price-amount amount\" role=\"none\"><bdi><span class=\"woocommerce-Price-currencySymbol\">&euro;<\/span>&nbsp;21,00<\/bdi><\/span> <small class=\"woocommerce-price-suffix\">inkl. MwSt.<\/small><\/span>\n<\/div><div class=\"add-to-cart-button\"><a href=\"\/en\/wp-json\/wp\/v2\/pages\/4628?add-to-cart=4780\" aria-describedby=\"woocommerce_loop_add_to_cart_link_describedby_4780\" data-quantity=\"1\" class=\"primary is-small mb-0 button product_type_simple add_to_cart_button ajax_add_to_cart is-outline\" data-product_id=\"4780\" data-product_sku=\"100300207\" aria-label=\"Add to cart: &ldquo;Christina Hugl Chardonnay Pet-Nat 0,75l&rdquo;\" rel=\"nofollow\" data-success_message=\"&ldquo;Christina Hugl Chardonnay Pet-Nat 0,75l&rdquo; has been added to your cart\" role=\"button\">Add to cart<\/a><\/div>\t<span id=\"woocommerce_loop_add_to_cart_link_describedby_4780\" class=\"screen-reader-text\">\n\t\t\t<\/span>\n\t\t\t\t\t\t\t<\/div>\n\t\t\t\t\t\t<\/div>\n\t\t\t\t\t\t<\/div>\n\t\t\t\t\t<\/div><div class=\"col\" data-animate=\"fadeInUp\">\n\t\t\t\t\t\t<div class=\"col-inner\">\n\t\t\t\t\t\t\n<div class=\"badge-container badge-custom absolute right top z-1\">\n\n<\/div>\n\t\t\t\t\t\t<div class=\"product-small box margin-auto has-hover box-normal box-text-bottom\">\n\t\t\t\t\t\t\t<div class=\"box-image\" >\n\t\t\t\t\t\t\t\t<div class=\"\" >\n\t\t\t\t\t\t\t\t\t<a href=\"https:\/\/schaumweinkontor.com\/en\/produkt\/christina-hugl-rose-pet-nat-075-l\/\" aria-label=\"Christina Hugl Ros\u00e9 Pet-Nat. 0,75 L\">\n\t\t\t\t\t\t\t\t\t\t<img loading=\"lazy\" decoding=\"async\" width=\"300\" height=\"300\" src=\"https:\/\/schaumweinkontor.com\/wp-content\/uploads\/2022\/06\/Christina-Hugl-Rose-Pet-Nat.-075-L-300x300.png\" class=\"attachment-medium size-medium\" alt=\"Christina Hugl Ros\u00e9 Pet-Nat. 0,75 L\" srcset=\"https:\/\/schaumweinkontor.com\/wp-content\/uploads\/2022\/06\/Christina-Hugl-Rose-Pet-Nat.-075-L-300x300.png 300w, https:\/\/schaumweinkontor.com\/wp-content\/uploads\/2022\/06\/Christina-Hugl-Rose-Pet-Nat.-075-L-100x100.png 100w, https:\/\/schaumweinkontor.com\/wp-content\/uploads\/2022\/06\/Christina-Hugl-Rose-Pet-Nat.-075-L-510x510.png 510w, https:\/\/schaumweinkontor.com\/wp-content\/uploads\/2022\/06\/Christina-Hugl-Rose-Pet-Nat.-075-L-150x150.png 150w, https:\/\/schaumweinkontor.com\/wp-content\/uploads\/2022\/06\/Christina-Hugl-Rose-Pet-Nat.-075-L-768x768.png 768w, https:\/\/schaumweinkontor.com\/wp-content\/uploads\/2022\/06\/Christina-Hugl-Rose-Pet-Nat.-075-L.png 1000w\" sizes=\"auto, (max-width: 300px) 100vw, 300px\" \/>\t\t\t\t\t\t\t\t\t<\/a>\n\t\t\t\t\t\t\t\t\t\t\t\t\t\t\t\t\t\t \t\t\t\t\t\t\t\t<\/div>\n\t\t\t\t\t\t\t\t<div class=\"image-tools top right show-on-hover\">\n\t\t\t\t\t\t\t\t\t\t\t\t\t\t\t\t\t<\/div>\n\t\t\t\t\t\t\t\t\t\t\t\t\t\t\t\t\t<div class=\"image-tools grid-tools text-center hide-for-small bottom hover-slide-in show-on-hover\">\n\t\t\t\t\t\t\t\t\t\t\t\t\t\t\t\t\t\t\t<\/div>\n\t\t\t\t\t\t\t\t\t\t\t\t\t\t\t\t\t\t\t\t\t\t\t<\/div>\n\n\t\t\t\t\t\t\t<div class=\"box-text text-center\" >\n\t\t\t\t\t\t\t\t<div class=\"title-wrapper\">\t\t<p class=\"category uppercase is-smaller no-text-overflow product-cat op-7\">\n\t\t\tChristina Hugl\t\t<\/p>\n\t<p class=\"name product-title woocommerce-loop-product__title\"><a href=\"https:\/\/schaumweinkontor.com\/en\/produkt\/christina-hugl-rose-pet-nat-075-l\/\" class=\"woocommerce-LoopProduct-link woocommerce-loop-product__link\">Christina Hugl Ros\u00e9 Pet-Nat. 0,75 L<\/a><\/p><\/div><div class=\"price-wrapper\">\n\t<span class=\"price\"><span class=\"woocommerce-Price-amount amount\" role=\"none\"><bdi><span class=\"woocommerce-Price-currencySymbol\">&euro;<\/span>&nbsp;21,40<\/bdi><\/span> <small class=\"woocommerce-price-suffix\">inkl. MwSt.<\/small><\/span>\n<\/div><div class=\"add-to-cart-button\"><a href=\"\/en\/wp-json\/wp\/v2\/pages\/4628?add-to-cart=4779\" aria-describedby=\"woocommerce_loop_add_to_cart_link_describedby_4779\" data-quantity=\"1\" class=\"primary is-small mb-0 button product_type_simple add_to_cart_button ajax_add_to_cart is-outline\" data-product_id=\"4779\" data-product_sku=\"100300208\" aria-label=\"Add to cart: &ldquo;Christina Hugl Ros\u00e9 Pet-Nat. 0,75 L&rdquo;\" rel=\"nofollow\" data-success_message=\"&ldquo;Christina Hugl Ros\u00e9 Pet-Nat. 0,75 L&rdquo; has been added to your cart\" role=\"button\">Add to cart<\/a><\/div>\t<span id=\"woocommerce_loop_add_to_cart_link_describedby_4779\" class=\"screen-reader-text\">\n\t\t\t<\/span>\n\t\t\t\t\t\t\t<\/div>\n\t\t\t\t\t\t<\/div>\n\t\t\t\t\t\t<\/div>\n\t\t\t\t\t<\/div><div class=\"col\" data-animate=\"fadeInUp\">\n\t\t\t\t\t\t<div class=\"col-inner\">\n\t\t\t\t\t\t\n<div class=\"badge-container badge-custom absolute right top z-1\">\n\n<\/div>\n\t\t\t\t\t\t<div class=\"product-small box margin-auto has-hover box-normal box-text-bottom\">\n\t\t\t\t\t\t\t<div class=\"box-image\" >\n\t\t\t\t\t\t\t\t<div class=\"\" >\n\t\t\t\t\t\t\t\t\t<a href=\"https:\/\/schaumweinkontor.com\/en\/produkt\/christina-hugl-ernst-b-blaubrause-pet-nat-075-l\/\" aria-label=\"Christina Hugl\/Ernst B. Blaubrause Pet Nat 0,75 L organic\">\n\t\t\t\t\t\t\t\t\t\t<img loading=\"lazy\" decoding=\"async\" width=\"300\" height=\"300\" src=\"https:\/\/schaumweinkontor.com\/wp-content\/uploads\/2023\/06\/Design-ohne-Titel-14-300x300.png\" class=\"attachment-medium size-medium\" alt=\"Christina Hugl\/Ernst B. Blaubrause Pet Nat 0,75 L organic\" srcset=\"https:\/\/schaumweinkontor.com\/wp-content\/uploads\/2023\/06\/Design-ohne-Titel-14-300x300.png 300w, https:\/\/schaumweinkontor.com\/wp-content\/uploads\/2023\/06\/Design-ohne-Titel-14-100x100.png 100w, https:\/\/schaumweinkontor.com\/wp-content\/uploads\/2023\/06\/Design-ohne-Titel-14-510x510.png 510w, https:\/\/schaumweinkontor.com\/wp-content\/uploads\/2023\/06\/Design-ohne-Titel-14-150x150.png 150w, https:\/\/schaumweinkontor.com\/wp-content\/uploads\/2023\/06\/Design-ohne-Titel-14-768x768.png 768w, https:\/\/schaumweinkontor.com\/wp-content\/uploads\/2023\/06\/Design-ohne-Titel-14.png 1000w\" sizes=\"auto, (max-width: 300px) 100vw, 300px\" \/>\t\t\t\t\t\t\t\t\t<\/a>\n\t\t\t\t\t\t\t\t\t\t\t\t\t\t\t\t\t\t \t\t\t\t\t\t\t\t<\/div>\n\t\t\t\t\t\t\t\t<div class=\"image-tools top right show-on-hover\">\n\t\t\t\t\t\t\t\t\t\t\t\t\t\t\t\t\t<\/div>\n\t\t\t\t\t\t\t\t\t\t\t\t\t\t\t\t\t<div class=\"image-tools grid-tools text-center hide-for-small bottom hover-slide-in show-on-hover\">\n\t\t\t\t\t\t\t\t\t\t\t\t\t\t\t\t\t\t\t<\/div>\n\t\t\t\t\t\t\t\t\t\t\t\t\t\t\t\t\t\t\t\t\t\t\t<\/div>\n\n\t\t\t\t\t\t\t<div class=\"box-text text-center\" >\n\t\t\t\t\t\t\t\t<div class=\"title-wrapper\">\t\t<p class=\"category uppercase is-smaller no-text-overflow product-cat op-7\">\n\t\t\tChristina Hugl\t\t<\/p>\n\t<p class=\"name product-title woocommerce-loop-product__title\"><a href=\"https:\/\/schaumweinkontor.com\/en\/produkt\/christina-hugl-ernst-b-blaubrause-pet-nat-075-l\/\" class=\"woocommerce-LoopProduct-link woocommerce-loop-product__link\">Christina Hugl\/Ernst B. Blaubrause Pet Nat 0,75 L organic<\/a><\/p><\/div><div class=\"price-wrapper\">\n\t<span class=\"price\"><span class=\"woocommerce-Price-amount amount\" role=\"none\"><bdi><span class=\"woocommerce-Price-currencySymbol\">&euro;<\/span>&nbsp;24,50<\/bdi><\/span> <small class=\"woocommerce-price-suffix\">inkl. MwSt.<\/small><\/span>\n<\/div><div class=\"add-to-cart-button\"><a href=\"\/en\/wp-json\/wp\/v2\/pages\/4628?add-to-cart=4664\" aria-describedby=\"woocommerce_loop_add_to_cart_link_describedby_4664\" data-quantity=\"1\" class=\"primary is-small mb-0 button product_type_simple add_to_cart_button ajax_add_to_cart is-outline\" data-product_id=\"4664\" data-product_sku=\"100300215\" aria-label=\"Add to cart: &ldquo;Christina Hugl\/Ernst B. Blaubrause Pet Nat 0,75 L organic&rdquo;\" rel=\"nofollow\" data-success_message=\"&ldquo;Christina Hugl\/Ernst B. Blaubrause Pet Nat 0,75 L organic&rdquo; has been added to your cart\" role=\"button\">Add to cart<\/a><\/div>\t<span id=\"woocommerce_loop_add_to_cart_link_describedby_4664\" class=\"screen-reader-text\">\n\t\t\t<\/span>\n\t\t\t\t\t\t\t<\/div>\n\t\t\t\t\t\t<\/div>\n\t\t\t\t\t\t<\/div>\n\t\t\t\t\t<\/div><div class=\"col\" data-animate=\"fadeInUp\">\n\t\t\t\t\t\t<div class=\"col-inner\">\n\t\t\t\t\t\t\n<div class=\"badge-container badge-custom absolute right top z-1\">\n\n<\/div>\n\t\t\t\t\t\t<div class=\"product-small box margin-auto has-hover box-normal box-text-bottom\">\n\t\t\t\t\t\t\t<div class=\"box-image\" >\n\t\t\t\t\t\t\t\t<div class=\"\" >\n\t\t\t\t\t\t\t\t\t<a href=\"https:\/\/schaumweinkontor.com\/en\/produkt\/christina-hugl-gruener-veltliner-weinviertel-hermannschachern-grosse-reserve-2018-bio-075-l\/\" aria-label=\"Christina Hugl Gr\u00fcner Veltliner Weinviertel \u201eHermannschachern\u201c Gro\u00dfe Reserve 2018 BIO 0,75 L\">\n\t\t\t\t\t\t\t\t\t\t<img loading=\"lazy\" decoding=\"async\" width=\"300\" height=\"300\" src=\"https:\/\/schaumweinkontor.com\/wp-content\/uploads\/2024\/10\/Christina-Hugl-Riedensekte-Hermannschachern-075-300x300.png\" class=\"attachment-medium size-medium\" alt=\"Christina Hugl Gr\u00fcner Veltliner Weinviertel \u201eHermannschachern\u201c Gro\u00dfe Reserve 2018 BIO 0,75 L\" srcset=\"https:\/\/schaumweinkontor.com\/wp-content\/uploads\/2024\/10\/Christina-Hugl-Riedensekte-Hermannschachern-075-300x300.png 300w, https:\/\/schaumweinkontor.com\/wp-content\/uploads\/2024\/10\/Christina-Hugl-Riedensekte-Hermannschachern-075-150x150.png 150w, https:\/\/schaumweinkontor.com\/wp-content\/uploads\/2024\/10\/Christina-Hugl-Riedensekte-Hermannschachern-075-768x768.png 768w, https:\/\/schaumweinkontor.com\/wp-content\/uploads\/2024\/10\/Christina-Hugl-Riedensekte-Hermannschachern-075-510x510.png 510w, https:\/\/schaumweinkontor.com\/wp-content\/uploads\/2024\/10\/Christina-Hugl-Riedensekte-Hermannschachern-075-100x100.png 100w, https:\/\/schaumweinkontor.com\/wp-content\/uploads\/2024\/10\/Christina-Hugl-Riedensekte-Hermannschachern-075.png 1001w\" sizes=\"auto, (max-width: 300px) 100vw, 300px\" \/>\t\t\t\t\t\t\t\t\t<\/a>\n\t\t\t\t\t\t\t\t\t\t\t\t\t\t\t\t\t\t \t\t\t\t\t\t\t\t<\/div>\n\t\t\t\t\t\t\t\t<div class=\"image-tools top right show-on-hover\">\n\t\t\t\t\t\t\t\t\t\t\t\t\t\t\t\t\t<\/div>\n\t\t\t\t\t\t\t\t\t\t\t\t\t\t\t\t\t<div class=\"image-tools grid-tools text-center hide-for-small bottom hover-slide-in show-on-hover\">\n\t\t\t\t\t\t\t\t\t\t\t\t\t\t\t\t\t\t\t<\/div>\n\t\t\t\t\t\t\t\t\t\t\t\t\t\t\t\t\t\t\t\t\t\t\t<\/div>\n\n\t\t\t\t\t\t\t<div class=\"box-text text-center\" >\n\t\t\t\t\t\t\t\t<div class=\"title-wrapper\">\t\t<p class=\"category uppercase is-smaller no-text-overflow product-cat op-7\">\n\t\t\tChristina Hugl\t\t<\/p>\n\t<p class=\"name product-title woocommerce-loop-product__title\"><a href=\"https:\/\/schaumweinkontor.com\/en\/produkt\/christina-hugl-gruener-veltliner-weinviertel-hermannschachern-grosse-reserve-2018-bio-075-l\/\" class=\"woocommerce-LoopProduct-link woocommerce-loop-product__link\">Christina Hugl Gr\u00fcner Veltliner Weinviertel \u201eHermannschachern\u201c Gro\u00dfe Reserve 2018 BIO 0,75 L<\/a><\/p><\/div><div class=\"price-wrapper\">\n\t<span class=\"price\"><span class=\"woocommerce-Price-amount amount\" role=\"none\"><bdi><span class=\"woocommerce-Price-currencySymbol\">&euro;<\/span>&nbsp;48,00<\/bdi><\/span> <small class=\"woocommerce-price-suffix\">inkl. MwSt.<\/small><\/span>\n<\/div><div class=\"add-to-cart-button\"><a href=\"\/en\/wp-json\/wp\/v2\/pages\/4628?add-to-cart=5806\" aria-describedby=\"woocommerce_loop_add_to_cart_link_describedby_5806\" data-quantity=\"1\" class=\"primary is-small mb-0 button product_type_simple add_to_cart_button ajax_add_to_cart is-outline\" data-product_id=\"5806\" data-product_sku=\"100300218\" aria-label=\"Add to cart: &ldquo;Christina Hugl Gr\u00fcner Veltliner Weinviertel \u201eHermannschachern\u201c Gro\u00dfe Reserve 2018 BIO 0,75 L&rdquo;\" rel=\"nofollow\" data-success_message=\"&ldquo;Christina Hugl Gr\u00fcner Veltliner Weinviertel \u201eHermannschachern\u201c Gro\u00dfe Reserve 2018 BIO 0,75 L&rdquo; has been added to your cart\" role=\"button\">Add to cart<\/a><\/div>\t<span id=\"woocommerce_loop_add_to_cart_link_describedby_5806\" class=\"screen-reader-text\">\n\t\t\t<\/span>\n\t\t\t\t\t\t\t<\/div>\n\t\t\t\t\t\t<\/div>\n\t\t\t\t\t\t<\/div>\n\t\t\t\t\t<\/div><div class=\"col\" data-animate=\"fadeInUp\">\n\t\t\t\t\t\t<div class=\"col-inner\">\n\t\t\t\t\t\t\n<div class=\"badge-container badge-custom absolute right top z-1\">\n\n<\/div>\n\t\t\t\t\t\t<div class=\"product-small box margin-auto has-hover box-normal box-text-bottom\">\n\t\t\t\t\t\t\t<div class=\"box-image\" >\n\t\t\t\t\t\t\t\t<div class=\"\" >\n\t\t\t\t\t\t\t\t\t<a href=\"https:\/\/schaumweinkontor.com\/en\/produkt\/christina-hugl-gruener-veltliner-wachau-kollmuetz-grosse-reserve-2018-bio-075-l\/\" aria-label=\"Christina Hugl Gr\u00fcner Veltliner Wachau \u201eKollm\u00fctz\u201c Gro\u00dfe Reserve 2018 BIO 0,75 L\">\n\t\t\t\t\t\t\t\t\t\t<img loading=\"lazy\" decoding=\"async\" width=\"300\" height=\"300\" src=\"https:\/\/schaumweinkontor.com\/wp-content\/uploads\/2024\/10\/Christina-Hugl-Riedensekte-Kollmutz-075-300x300.png\" class=\"attachment-medium size-medium\" alt=\"Christina Hugl Gr\u00fcner Veltliner Wachau \u201eKollm\u00fctz\u201c Gro\u00dfe Reserve 2018 BIO 0,75 L\" srcset=\"https:\/\/schaumweinkontor.com\/wp-content\/uploads\/2024\/10\/Christina-Hugl-Riedensekte-Kollmutz-075-300x300.png 300w, https:\/\/schaumweinkontor.com\/wp-content\/uploads\/2024\/10\/Christina-Hugl-Riedensekte-Kollmutz-075-150x150.png 150w, https:\/\/schaumweinkontor.com\/wp-content\/uploads\/2024\/10\/Christina-Hugl-Riedensekte-Kollmutz-075-768x768.png 768w, https:\/\/schaumweinkontor.com\/wp-content\/uploads\/2024\/10\/Christina-Hugl-Riedensekte-Kollmutz-075-510x510.png 510w, https:\/\/schaumweinkontor.com\/wp-content\/uploads\/2024\/10\/Christina-Hugl-Riedensekte-Kollmutz-075-100x100.png 100w, https:\/\/schaumweinkontor.com\/wp-content\/uploads\/2024\/10\/Christina-Hugl-Riedensekte-Kollmutz-075.png 1001w\" sizes=\"auto, (max-width: 300px) 100vw, 300px\" \/>\t\t\t\t\t\t\t\t\t<\/a>\n\t\t\t\t\t\t\t\t\t\t\t\t\t\t\t\t\t\t \t\t\t\t\t\t\t\t<\/div>\n\t\t\t\t\t\t\t\t<div class=\"image-tools top right show-on-hover\">\n\t\t\t\t\t\t\t\t\t\t\t\t\t\t\t\t\t<\/div>\n\t\t\t\t\t\t\t\t\t\t\t\t\t\t\t\t\t<div class=\"image-tools grid-tools text-center hide-for-small bottom hover-slide-in show-on-hover\">\n\t\t\t\t\t\t\t\t\t\t\t\t\t\t\t\t\t\t\t<\/div>\n\t\t\t\t\t\t\t\t\t\t\t\t\t\t\t\t\t\t\t\t\t\t\t<\/div>\n\n\t\t\t\t\t\t\t<div class=\"box-text text-center\" >\n\t\t\t\t\t\t\t\t<div class=\"title-wrapper\">\t\t<p class=\"category uppercase is-smaller no-text-overflow product-cat op-7\">\n\t\t\tChristina Hugl\t\t<\/p>\n\t<p class=\"name product-title woocommerce-loop-product__title\"><a href=\"https:\/\/schaumweinkontor.com\/en\/produkt\/christina-hugl-gruener-veltliner-wachau-kollmuetz-grosse-reserve-2018-bio-075-l\/\" class=\"woocommerce-LoopProduct-link woocommerce-loop-product__link\">Christina Hugl Gr\u00fcner Veltliner Wachau \u201eKollm\u00fctz\u201c Gro\u00dfe Reserve 2018 BIO 0,75 L<\/a><\/p><\/div><div class=\"price-wrapper\">\n\t<span class=\"price\"><span class=\"woocommerce-Price-amount amount\" role=\"none\"><bdi><span class=\"woocommerce-Price-currencySymbol\">&euro;<\/span>&nbsp;48,00<\/bdi><\/span> <small class=\"woocommerce-price-suffix\">inkl. MwSt.<\/small><\/span>\n<\/div><div class=\"add-to-cart-button\"><a href=\"\/en\/wp-json\/wp\/v2\/pages\/4628?add-to-cart=5808\" aria-describedby=\"woocommerce_loop_add_to_cart_link_describedby_5808\" data-quantity=\"1\" class=\"primary is-small mb-0 button product_type_simple add_to_cart_button ajax_add_to_cart is-outline\" data-product_id=\"5808\" data-product_sku=\"100300219\" aria-label=\"Add to cart: &ldquo;Christina Hugl Gr\u00fcner Veltliner Wachau \u201eKollm\u00fctz\u201c Gro\u00dfe Reserve 2018 BIO 0,75 L&rdquo;\" rel=\"nofollow\" data-success_message=\"&ldquo;Christina Hugl Gr\u00fcner Veltliner Wachau \u201eKollm\u00fctz\u201c Gro\u00dfe Reserve 2018 BIO 0,75 L&rdquo; has been added to your cart\" role=\"button\">Add to cart<\/a><\/div>\t<span id=\"woocommerce_loop_add_to_cart_link_describedby_5808\" class=\"screen-reader-text\">\n\t\t\t<\/span>\n\t\t\t\t\t\t\t<\/div>\n\t\t\t\t\t\t<\/div>\n\t\t\t\t\t\t<\/div>\n\t\t\t\t\t<\/div><div class=\"col\" data-animate=\"fadeInUp\">\n\t\t\t\t\t\t<div class=\"col-inner\">\n\t\t\t\t\t\t\n<div class=\"badge-container badge-custom absolute right top z-1\">\n\n<\/div>\n\t\t\t\t\t\t<div class=\"product-small box margin-auto has-hover box-normal box-text-bottom\">\n\t\t\t\t\t\t\t<div class=\"box-image\" >\n\t\t\t\t\t\t\t\t<div class=\"\" >\n\t\t\t\t\t\t\t\t\t<a href=\"https:\/\/schaumweinkontor.com\/en\/produkt\/christina-hugl-gruener-veltliner-kamptal-grub-grosse-reserve-2018-bio\/\" aria-label=\"Christina Hugl Gr\u00fcner Veltliner Kamptal \u201eGrub\u201c Grosse Reserve 2018 BIO\">\n\t\t\t\t\t\t\t\t\t\t<img loading=\"lazy\" decoding=\"async\" width=\"300\" height=\"300\" src=\"https:\/\/schaumweinkontor.com\/wp-content\/uploads\/2024\/10\/Christina-Hugl-Riedensekte-Grub-075-300x300.png\" class=\"attachment-medium size-medium\" alt=\"Christina Hugl Gr\u00fcner Veltliner Kamptal \u201eGrub\u201c Grosse Reserve 2018 BIO\" srcset=\"https:\/\/schaumweinkontor.com\/wp-content\/uploads\/2024\/10\/Christina-Hugl-Riedensekte-Grub-075-300x300.png 300w, https:\/\/schaumweinkontor.com\/wp-content\/uploads\/2024\/10\/Christina-Hugl-Riedensekte-Grub-075-150x150.png 150w, https:\/\/schaumweinkontor.com\/wp-content\/uploads\/2024\/10\/Christina-Hugl-Riedensekte-Grub-075-768x768.png 768w, https:\/\/schaumweinkontor.com\/wp-content\/uploads\/2024\/10\/Christina-Hugl-Riedensekte-Grub-075-510x510.png 510w, https:\/\/schaumweinkontor.com\/wp-content\/uploads\/2024\/10\/Christina-Hugl-Riedensekte-Grub-075-100x100.png 100w, https:\/\/schaumweinkontor.com\/wp-content\/uploads\/2024\/10\/Christina-Hugl-Riedensekte-Grub-075.png 1001w\" sizes=\"auto, (max-width: 300px) 100vw, 300px\" \/>\t\t\t\t\t\t\t\t\t<\/a>\n\t\t\t\t\t\t\t\t\t\t\t\t\t\t\t\t\t\t \t\t\t\t\t\t\t\t<\/div>\n\t\t\t\t\t\t\t\t<div class=\"image-tools top right show-on-hover\">\n\t\t\t\t\t\t\t\t\t\t\t\t\t\t\t\t\t<\/div>\n\t\t\t\t\t\t\t\t\t\t\t\t\t\t\t\t\t<div class=\"image-tools grid-tools text-center hide-for-small bottom hover-slide-in show-on-hover\">\n\t\t\t\t\t\t\t\t\t\t\t\t\t\t\t\t\t\t\t<\/div>\n\t\t\t\t\t\t\t\t\t\t\t\t\t\t\t\t\t\t\t\t\t\t\t<\/div>\n\n\t\t\t\t\t\t\t<div class=\"box-text text-center\" >\n\t\t\t\t\t\t\t\t<div class=\"title-wrapper\">\t\t<p class=\"category uppercase is-smaller no-text-overflow product-cat op-7\">\n\t\t\tChristina Hugl\t\t<\/p>\n\t<p class=\"name product-title woocommerce-loop-product__title\"><a href=\"https:\/\/schaumweinkontor.com\/en\/produkt\/christina-hugl-gruener-veltliner-kamptal-grub-grosse-reserve-2018-bio\/\" class=\"woocommerce-LoopProduct-link woocommerce-loop-product__link\">Christina Hugl Gr\u00fcner Veltliner Kamptal \u201eGrub\u201c Grosse Reserve 2018 BIO<\/a><\/p><\/div><div class=\"price-wrapper\">\n\t<span class=\"price\"><span class=\"woocommerce-Price-amount amount\" role=\"none\"><bdi><span class=\"woocommerce-Price-currencySymbol\">&euro;<\/span>&nbsp;48,00<\/bdi><\/span> <small class=\"woocommerce-price-suffix\">inkl. MwSt.<\/small><\/span>\n<\/div><div class=\"add-to-cart-button\"><a href=\"\/en\/wp-json\/wp\/v2\/pages\/4628?add-to-cart=5810\" aria-describedby=\"woocommerce_loop_add_to_cart_link_describedby_5810\" data-quantity=\"1\" class=\"primary is-small mb-0 button product_type_simple add_to_cart_button ajax_add_to_cart is-outline\" data-product_id=\"5810\" data-product_sku=\"100300220\" aria-label=\"Add to cart: &ldquo;Christina Hugl Gr\u00fcner Veltliner Kamptal \u201eGrub\u201c Grosse Reserve 2018 BIO&rdquo;\" rel=\"nofollow\" data-success_message=\"&ldquo;Christina Hugl Gr\u00fcner Veltliner Kamptal \u201eGrub\u201c Grosse Reserve 2018 BIO&rdquo; has been added to your cart\" role=\"button\">Add to cart<\/a><\/div>\t<span id=\"woocommerce_loop_add_to_cart_link_describedby_5810\" class=\"screen-reader-text\">\n\t\t\t<\/span>\n\t\t\t\t\t\t\t<\/div>\n\t\t\t\t\t\t<\/div>\n\t\t\t\t\t\t<\/div>\n\t\t\t\t\t<\/div><div class=\"col\" data-animate=\"fadeInUp\">\n\t\t\t\t\t\t<div class=\"col-inner\">\n\t\t\t\t\t\t\n<div class=\"badge-container badge-custom absolute right top z-1\">\n\n<\/div>\n\t\t\t\t\t\t<div class=\"product-small box margin-auto has-hover box-normal box-text-bottom\">\n\t\t\t\t\t\t\t<div class=\"box-image\" >\n\t\t\t\t\t\t\t\t<div class=\"\" >\n\t\t\t\t\t\t\t\t\t<a href=\"https:\/\/schaumweinkontor.com\/en\/produkt\/christina-hugl-gruener-veltliner-riedenbox-holz-2018-bio-3-x-075-l\/\" aria-label=\"Christina Hugl Gr\u00fcner Veltliner Riedenbox Holz 2018 BIO 3 x 0,75 L\">\n\t\t\t\t\t\t\t\t\t\t<img loading=\"lazy\" decoding=\"async\" width=\"300\" height=\"300\" src=\"https:\/\/schaumweinkontor.com\/wp-content\/uploads\/2024\/10\/Christina-Hugl-Riedensekte-075-300x300.png\" class=\"attachment-medium size-medium\" alt=\"Christina Hugl Gr\u00fcner Veltliner Riedenbox Holz 2018 BIO 3 x 0,75 L\" srcset=\"https:\/\/schaumweinkontor.com\/wp-content\/uploads\/2024\/10\/Christina-Hugl-Riedensekte-075-300x300.png 300w, https:\/\/schaumweinkontor.com\/wp-content\/uploads\/2024\/10\/Christina-Hugl-Riedensekte-075-150x150.png 150w, https:\/\/schaumweinkontor.com\/wp-content\/uploads\/2024\/10\/Christina-Hugl-Riedensekte-075-768x768.png 768w, https:\/\/schaumweinkontor.com\/wp-content\/uploads\/2024\/10\/Christina-Hugl-Riedensekte-075-510x510.png 510w, https:\/\/schaumweinkontor.com\/wp-content\/uploads\/2024\/10\/Christina-Hugl-Riedensekte-075-100x100.png 100w, https:\/\/schaumweinkontor.com\/wp-content\/uploads\/2024\/10\/Christina-Hugl-Riedensekte-075.png 1001w\" sizes=\"auto, (max-width: 300px) 100vw, 300px\" \/>\t\t\t\t\t\t\t\t\t<\/a>\n\t\t\t\t\t\t\t\t\t\t\t\t\t\t\t\t\t\t \t\t\t\t\t\t\t\t<\/div>\n\t\t\t\t\t\t\t\t<div class=\"image-tools top right show-on-hover\">\n\t\t\t\t\t\t\t\t\t\t\t\t\t\t\t\t\t<\/div>\n\t\t\t\t\t\t\t\t\t\t\t\t\t\t\t\t\t<div class=\"image-tools grid-tools text-center hide-for-small bottom hover-slide-in show-on-hover\">\n\t\t\t\t\t\t\t\t\t\t\t\t\t\t\t\t\t\t\t<\/div>\n\t\t\t\t\t\t\t\t\t\t\t\t\t\t\t\t\t\t\t\t\t\t\t<\/div>\n\n\t\t\t\t\t\t\t<div class=\"box-text text-center\" >\n\t\t\t\t\t\t\t\t<div class=\"title-wrapper\">\t\t<p class=\"category uppercase is-smaller no-text-overflow product-cat op-7\">\n\t\t\tChristina Hugl\t\t<\/p>\n\t<p class=\"name product-title woocommerce-loop-product__title\"><a href=\"https:\/\/schaumweinkontor.com\/en\/produkt\/christina-hugl-gruener-veltliner-riedenbox-holz-2018-bio-3-x-075-l\/\" class=\"woocommerce-LoopProduct-link woocommerce-loop-product__link\">Christina Hugl Gr\u00fcner Veltliner Riedenbox Holz 2018 BIO 3 x 0,75 L<\/a><\/p><\/div><div class=\"price-wrapper\">\n\t<span class=\"price\"><span class=\"woocommerce-Price-amount amount\" role=\"none\"><bdi><span class=\"woocommerce-Price-currencySymbol\">&euro;<\/span>&nbsp;149,00<\/bdi><\/span> <small class=\"woocommerce-price-suffix\">inkl. MwSt.<\/small><\/span>\n<\/div><div class=\"add-to-cart-button\"><a href=\"\/en\/wp-json\/wp\/v2\/pages\/4628?add-to-cart=5812\" aria-describedby=\"woocommerce_loop_add_to_cart_link_describedby_5812\" data-quantity=\"1\" class=\"primary is-small mb-0 button product_type_simple add_to_cart_button ajax_add_to_cart is-outline\" data-product_id=\"5812\" data-product_sku=\"100300217\" aria-label=\"Add to cart: &ldquo;Christina Hugl Gr\u00fcner Veltliner Riedenbox Holz 2018 BIO 3 x 0,75 L&rdquo;\" rel=\"nofollow\" data-success_message=\"&ldquo;Christina Hugl Gr\u00fcner Veltliner Riedenbox Holz 2018 BIO 3 x 0,75 L&rdquo; has been added to your cart\" role=\"button\">Add to cart<\/a><\/div>\t<span id=\"woocommerce_loop_add_to_cart_link_describedby_5812\" class=\"screen-reader-text\">\n\t\t\t<\/span>\n\t\t\t\t\t\t\t<\/div>\n\t\t\t\t\t\t<\/div>\n\t\t\t\t\t\t<\/div>\n\t\t\t\t\t<\/div><\/div>\n\n<div class=\"text-center\"><div class=\"is-divider divider clearfix\" style=\"margin-top:3em;margin-bottom:3em;max-width:100%;height:2px;background-color:rgba(183, 149, 73, 0.419);\"><\/div><\/div>\n\n\n\t\t<\/div>\n\t\t\t\t\n<style>\n#col-472238787 > .col-inner {\n  padding: 10px 0px 10px 0px;\n}\n<\/style>\n\t<\/div>\n\n\t\n\n\n<style>\n#row-1751286657 > .col > .col-inner {\n  padding: 0px 0px 0px 0px;\n}\n@media (min-width:550px) {\n  #row-1751286657 > .col > .col-inner {\n    padding: 15px 0px 0px 0px;\n  }\n}\n<\/style>\n<\/div>\n\t<section class=\"section bg_winzer show-for-medium\" id=\"section_736017671\">\n\t\t<div class=\"bg section-bg fill bg-fill  \" >\n\n\t\t\t\n\t\t\t\n\t\t\t\n\n\t\t<\/div>\n\n\t\t\n\n\t\t<div class=\"section-content relative\">\n\t\t\t\n\n<div class=\"row row-full-width align-middle align-center\"  id=\"row-94481798\">\n\n\n\t<div id=\"col-1611895707\" class=\"col small-12 large-12\"  >\n\t\t\t\t<div class=\"col-inner\"  >\n\t\t\t\n\t\t\t\n\n<h2 id=\"pet-hoch-mobile\" class=\"uppercase\" style=\"text-align: center;\">Christoph Hoch<\/h2>\n<p>\u00a0<\/p>\n\n  \n    <div class=\"row margin-auto equalize-box show-for-small large-columns-3 medium-columns- small-columns-1 row-large has-shadow row-box-shadow-2 row-box-shadow-4-hover\" >\n  \t\n\t     <div class=\"col\" data-animate=\"fadeInUp\">\n\t\t\t\t\t\t<div class=\"col-inner\">\n\t\t\t\t\t\t\n<div class=\"badge-container badge-custom absolute right top z-1\">\n<div class=\"callout badge badge-circle\"><div class=\"badge-inner secondary on-sale\"><span class=\"onsale\">Sale!<\/span><\/div><\/div>\n<\/div>\n\t\t\t\t\t\t<div class=\"product-small box margin-auto has-hover box-vertical box-text-bottom\">\n\t\t\t\t\t\t\t<div class=\"box-image\" >\n\t\t\t\t\t\t\t\t<div class=\"\" >\n\t\t\t\t\t\t\t\t\t<a href=\"https:\/\/schaumweinkontor.com\/en\/produkt\/christoph-hoch-kalkspitz-n-v-pet-nat-075-l\/\" aria-label=\"Christoph Hoch Kalkspitz N.V. Pet-Nat 0,75 L\">\n\t\t\t\t\t\t\t\t\t\t<img loading=\"lazy\" decoding=\"async\" width=\"300\" height=\"300\" src=\"https:\/\/schaumweinkontor.com\/wp-content\/uploads\/2022\/06\/Schaumweinkontor-Kalkspitz-1000x1000-px-300x300.png\" class=\"attachment-medium size-medium\" alt=\"Christoph Hoch Kalkspitz N.V. Pet-Nat 0,75 L\" srcset=\"https:\/\/schaumweinkontor.com\/wp-content\/uploads\/2022\/06\/Schaumweinkontor-Kalkspitz-1000x1000-px-300x300.png 300w, https:\/\/schaumweinkontor.com\/wp-content\/uploads\/2022\/06\/Schaumweinkontor-Kalkspitz-1000x1000-px-100x100.png 100w, https:\/\/schaumweinkontor.com\/wp-content\/uploads\/2022\/06\/Schaumweinkontor-Kalkspitz-1000x1000-px-510x510.png 510w, https:\/\/schaumweinkontor.com\/wp-content\/uploads\/2022\/06\/Schaumweinkontor-Kalkspitz-1000x1000-px-150x150.png 150w, https:\/\/schaumweinkontor.com\/wp-content\/uploads\/2022\/06\/Schaumweinkontor-Kalkspitz-1000x1000-px-768x768.png 768w, https:\/\/schaumweinkontor.com\/wp-content\/uploads\/2022\/06\/Schaumweinkontor-Kalkspitz-1000x1000-px.png 1000w\" sizes=\"auto, (max-width: 300px) 100vw, 300px\" \/>\t\t\t\t\t\t\t\t\t<\/a>\n\t\t\t\t\t\t\t\t\t\t\t\t\t\t\t\t\t\t \t\t\t\t\t\t\t\t<\/div>\n\t\t\t\t\t\t\t\t<div class=\"image-tools top right show-on-hover\">\n\t\t\t\t\t\t\t\t\t\t\t\t\t\t\t\t\t<\/div>\n\t\t\t\t\t\t\t\t\t\t\t\t\t\t\t\t\t<div class=\"image-tools grid-tools text-center hide-for-small bottom hover-slide-in show-on-hover\">\n\t\t\t\t\t\t\t\t\t\t\t\t\t\t\t\t\t\t\t<\/div>\n\t\t\t\t\t\t\t\t\t\t\t\t\t\t\t\t\t\t\t\t\t\t\t<\/div>\n\n\t\t\t\t\t\t\t<div class=\"box-text text-center\" >\n\t\t\t\t\t\t\t\t<div class=\"title-wrapper\">\t\t<p class=\"category uppercase is-smaller no-text-overflow product-cat op-7\">\n\t\t\tChristoph Hoch\t\t<\/p>\n\t<p class=\"name product-title woocommerce-loop-product__title\"><a href=\"https:\/\/schaumweinkontor.com\/en\/produkt\/christoph-hoch-kalkspitz-n-v-pet-nat-075-l\/\" class=\"woocommerce-LoopProduct-link woocommerce-loop-product__link\">Christoph Hoch Kalkspitz N.V. Pet-Nat 0,75 L<\/a><\/p><\/div><div class=\"price-wrapper\">\n\t<span class=\"price\"><del aria-hidden=\"true\"><span class=\"woocommerce-Price-amount amount\" role=\"none\"><bdi><span class=\"woocommerce-Price-currencySymbol\">&euro;<\/span>&nbsp;15,90<\/bdi><\/span><\/del> <span class=\"screen-reader-text\">Original price was: &euro;&nbsp;15,90.<\/span><ins aria-hidden=\"true\"><span class=\"woocommerce-Price-amount amount\" role=\"none\"><bdi><span class=\"woocommerce-Price-currencySymbol\">&euro;<\/span>&nbsp;11,13<\/bdi><\/span><\/ins><span class=\"screen-reader-text\">Current price is: &euro;&nbsp;11,13.<\/span> <small class=\"woocommerce-price-suffix\">inkl. MwSt.<\/small><\/span>\n<\/div><div class=\"add-to-cart-button\"><a href=\"\/en\/wp-json\/wp\/v2\/pages\/4628?add-to-cart=4774\" aria-describedby=\"woocommerce_loop_add_to_cart_link_describedby_4774\" data-quantity=\"1\" class=\"primary is-small mb-0 button product_type_simple add_to_cart_button ajax_add_to_cart is-outline\" data-product_id=\"4774\" data-product_sku=\"100300223\" aria-label=\"Add to cart: &ldquo;Christoph Hoch Kalkspitz N.V. Pet-Nat 0,75 L&rdquo;\" rel=\"nofollow\" data-success_message=\"&ldquo;Christoph Hoch Kalkspitz N.V. Pet-Nat 0,75 L&rdquo; has been added to your cart\" role=\"button\">Add to cart<\/a><\/div>\t<span id=\"woocommerce_loop_add_to_cart_link_describedby_4774\" class=\"screen-reader-text\">\n\t\t\t<\/span>\n\t\t\t\t\t\t\t<\/div>\n\t\t\t\t\t\t<\/div>\n\t\t\t\t\t\t<\/div>\n\t\t\t\t\t<\/div><\/div>\n\n\n  \n    <div class=\"row margin-auto equalize-box show-for-medium hide-for-small large-columns-3 medium-columns-2 small-columns-1 row-large has-shadow row-box-shadow-2 row-box-shadow-4-hover\" >\n  \t\n\t     <div class=\"col\" data-animate=\"fadeInUp\">\n\t\t\t\t\t\t<div class=\"col-inner\">\n\t\t\t\t\t\t\n<div class=\"badge-container badge-custom absolute right top z-1\">\n<div class=\"callout badge badge-circle\"><div class=\"badge-inner secondary on-sale\"><span class=\"onsale\">Sale!<\/span><\/div><\/div>\n<\/div>\n\t\t\t\t\t\t<div class=\"product-small box margin-auto has-hover box-normal box-text-bottom\">\n\t\t\t\t\t\t\t<div class=\"box-image\" >\n\t\t\t\t\t\t\t\t<div class=\"\" >\n\t\t\t\t\t\t\t\t\t<a href=\"https:\/\/schaumweinkontor.com\/en\/produkt\/christoph-hoch-kalkspitz-n-v-pet-nat-075-l\/\" aria-label=\"Christoph Hoch Kalkspitz N.V. Pet-Nat 0,75 L\">\n\t\t\t\t\t\t\t\t\t\t<img loading=\"lazy\" decoding=\"async\" width=\"300\" height=\"300\" src=\"https:\/\/schaumweinkontor.com\/wp-content\/uploads\/2022\/06\/Schaumweinkontor-Kalkspitz-1000x1000-px-300x300.png\" class=\"attachment-medium size-medium\" alt=\"Christoph Hoch Kalkspitz N.V. Pet-Nat 0,75 L\" srcset=\"https:\/\/schaumweinkontor.com\/wp-content\/uploads\/2022\/06\/Schaumweinkontor-Kalkspitz-1000x1000-px-300x300.png 300w, https:\/\/schaumweinkontor.com\/wp-content\/uploads\/2022\/06\/Schaumweinkontor-Kalkspitz-1000x1000-px-100x100.png 100w, https:\/\/schaumweinkontor.com\/wp-content\/uploads\/2022\/06\/Schaumweinkontor-Kalkspitz-1000x1000-px-510x510.png 510w, https:\/\/schaumweinkontor.com\/wp-content\/uploads\/2022\/06\/Schaumweinkontor-Kalkspitz-1000x1000-px-150x150.png 150w, https:\/\/schaumweinkontor.com\/wp-content\/uploads\/2022\/06\/Schaumweinkontor-Kalkspitz-1000x1000-px-768x768.png 768w, https:\/\/schaumweinkontor.com\/wp-content\/uploads\/2022\/06\/Schaumweinkontor-Kalkspitz-1000x1000-px.png 1000w\" sizes=\"auto, (max-width: 300px) 100vw, 300px\" \/>\t\t\t\t\t\t\t\t\t<\/a>\n\t\t\t\t\t\t\t\t\t\t\t\t\t\t\t\t\t\t \t\t\t\t\t\t\t\t<\/div>\n\t\t\t\t\t\t\t\t<div class=\"image-tools top right show-on-hover\">\n\t\t\t\t\t\t\t\t\t\t\t\t\t\t\t\t\t<\/div>\n\t\t\t\t\t\t\t\t\t\t\t\t\t\t\t\t\t<div class=\"image-tools grid-tools text-center hide-for-small bottom hover-slide-in show-on-hover\">\n\t\t\t\t\t\t\t\t\t\t\t\t\t\t\t\t\t\t\t<\/div>\n\t\t\t\t\t\t\t\t\t\t\t\t\t\t\t\t\t\t\t\t\t\t\t<\/div>\n\n\t\t\t\t\t\t\t<div class=\"box-text text-center\" >\n\t\t\t\t\t\t\t\t<div class=\"title-wrapper\">\t\t<p class=\"category uppercase is-smaller no-text-overflow product-cat op-7\">\n\t\t\tChristoph Hoch\t\t<\/p>\n\t<p class=\"name product-title woocommerce-loop-product__title\"><a href=\"https:\/\/schaumweinkontor.com\/en\/produkt\/christoph-hoch-kalkspitz-n-v-pet-nat-075-l\/\" class=\"woocommerce-LoopProduct-link woocommerce-loop-product__link\">Christoph Hoch Kalkspitz N.V. Pet-Nat 0,75 L<\/a><\/p><\/div><div class=\"price-wrapper\">\n\t<span class=\"price\"><del aria-hidden=\"true\"><span class=\"woocommerce-Price-amount amount\" role=\"none\"><bdi><span class=\"woocommerce-Price-currencySymbol\">&euro;<\/span>&nbsp;15,90<\/bdi><\/span><\/del> <span class=\"screen-reader-text\">Original price was: &euro;&nbsp;15,90.<\/span><ins aria-hidden=\"true\"><span class=\"woocommerce-Price-amount amount\" role=\"none\"><bdi><span class=\"woocommerce-Price-currencySymbol\">&euro;<\/span>&nbsp;11,13<\/bdi><\/span><\/ins><span class=\"screen-reader-text\">Current price is: &euro;&nbsp;11,13.<\/span> <small class=\"woocommerce-price-suffix\">inkl. MwSt.<\/small><\/span>\n<\/div><div class=\"add-to-cart-button\"><a href=\"\/en\/wp-json\/wp\/v2\/pages\/4628?add-to-cart=4774\" aria-describedby=\"woocommerce_loop_add_to_cart_link_describedby_4774\" data-quantity=\"1\" class=\"primary is-small mb-0 button product_type_simple add_to_cart_button ajax_add_to_cart is-outline\" data-product_id=\"4774\" data-product_sku=\"100300223\" aria-label=\"Add to cart: &ldquo;Christoph Hoch Kalkspitz N.V. Pet-Nat 0,75 L&rdquo;\" rel=\"nofollow\" data-success_message=\"&ldquo;Christoph Hoch Kalkspitz N.V. Pet-Nat 0,75 L&rdquo; has been added to your cart\" role=\"button\">Add to cart<\/a><\/div>\t<span id=\"woocommerce_loop_add_to_cart_link_describedby_4774\" class=\"screen-reader-text\">\n\t\t\t<\/span>\n\t\t\t\t\t\t\t<\/div>\n\t\t\t\t\t\t<\/div>\n\t\t\t\t\t\t<\/div>\n\t\t\t\t\t<\/div><\/div>\n\n\n\t\t<\/div>\n\t\t\t\t\t<\/div>\n\n\t\n\n\n<style>\n#row-94481798 > .col > .col-inner {\n  padding: 0px 0px 0px 0px;\n}\n@media (min-width:550px) {\n  #row-94481798 > .col > .col-inner {\n    padding: 15px 0px 0px 0px;\n  }\n}\n<\/style>\n<\/div>\n\n\t\t<\/div>\n\n\t\t\n<style>\n#section_736017671 {\n  padding-top: 40px;\n  padding-bottom: 40px;\n  margin-bottom: 20px;\n}\n#section_736017671 .section-bg.bg-loaded {\n  background-image: url(https:\/\/schaumweinkontor.com\/wp-content\/uploads\/2022\/06\/landscape-illu-gold-transp.png);\n}\n@media (min-width:550px) {\n  #section_736017671 {\n    padding-top: 20px;\n    padding-bottom: 20px;\n  }\n}\n<\/style>\n\t<\/section>\n\t\n\n<\/div>\n<div id=\"es-mobile\">\n<div class=\"row row-collapse row-full-width align-middle blau-verlauf show-for-medium\"  id=\"row-950824094\">\n\n\n\t<div id=\"col-622336486\" class=\"col medium-6 small-5 large-6\"  >\n\t\t\t\t<div class=\"col-inner\"  >\n\t\t\t\n\t\t\t\n\n\t<div id=\"text-341433912\" class=\"text\">\n\t\t\n\n<h2><span style=\"font-size: 75%;\">Spanien<\/span><\/h2>\n\t\t\n<style>\n#text-341433912 {\n  font-size: 1.5rem;\n  line-height: 2;\n}\n<\/style>\n\t<\/div>\n\t\n\n\t\t<\/div>\n\t\t\t\t\t<\/div>\n\n\t\n\n\t<div id=\"col-489388673\" class=\"col medium-6 small-7 large-6\"  >\n\t\t\t\t<div class=\"col-inner\"  >\n\t\t\t\n\t\t\t\n\n<h5 id=\"corpinnat-mobile\" class=\"uppercase\" style=\"text-align: right;\"><span style=\"color: #b79549; font-size: 75%;\">Corpinnat<\/span><\/h5>\n\n\t\t<\/div>\n\t\t\t\t\t<\/div>\n\n\t\n\n\n<style>\n#row-950824094 > .col > .col-inner {\n  padding: 0px 20px 0px 20px;\n  border-radius: 74px;\n}\n<\/style>\n<\/div>\n\t<section class=\"section bg_winzer show-for-medium\" id=\"section_1791708885\">\n\t\t<div class=\"bg section-bg fill bg-fill  \" >\n\n\t\t\t\n\t\t\t\n\t\t\t\n\n\t\t<\/div>\n\n\t\t\n\n\t\t<div class=\"section-content relative\">\n\t\t\t\n\n<div class=\"row row-collapse row-full-width align-middle align-center\"  id=\"row-1055158459\">\n\n\n\t<div id=\"col-1284729739\" class=\"col small-12 large-12\"  >\n\t\t\t\t<div class=\"col-inner\"  >\n\t\t\t\n\t\t\t\n\n<h2 id=\"castellroig-mobile\" class=\"uppercase\" style=\"text-align: center;\"><span style=\"font-size: 90%;\">Castellroig<\/span><\/h2>\n\n\t\t<\/div>\n\t\t\t\t\t<\/div>\n\n\t\n\n\n<style>\n#row-1055158459 > .col > .col-inner {\n  padding: 0 0px 0px 0px;\n}\n@media (min-width:550px) {\n  #row-1055158459 > .col > .col-inner {\n    padding: 15px 0px 0px 0px;\n  }\n}\n<\/style>\n<\/div>\n\n\t\t<\/div>\n\n\t\t\n<style>\n#section_1791708885 {\n  padding-top: 40px;\n  padding-bottom: 40px;\n  margin-bottom: 20px;\n}\n#section_1791708885 .section-bg.bg-loaded {\n  background-image: url(https:\/\/schaumweinkontor.com\/wp-content\/uploads\/2022\/06\/landscape-illu-gold-transp.png);\n}\n@media (min-width:550px) {\n  #section_1791708885 {\n    padding-top: 20px;\n    padding-bottom: 20px;\n  }\n}\n<\/style>\n\t<\/section>\n\t\n<div class=\"row row-full-width align-middle align-center margin-auto\"  id=\"row-558235098\">\n\n\n\t<div id=\"col-1844322616\" class=\"col small-12 large-12\"  >\n\t\t\t\t<div class=\"col-inner\"  >\n\t\t\t\n\t\t\t\n\n\n  \n    <div class=\"row  equalize-box show-for-small large-columns-3 medium-columns- small-columns-1 row-large has-shadow row-box-shadow-2 row-box-shadow-4-hover\" >\n  \t\n\t     <div class=\"col\" data-animate=\"fadeInUp\">\n\t\t\t\t\t\t<div class=\"col-inner\">\n\t\t\t\t\t\t\n<div class=\"badge-container badge-custom absolute right top z-1\">\n\n<\/div>\n\t\t\t\t\t\t<div class=\"product-small box has-hover box-vertical box-text-bottom\">\n\t\t\t\t\t\t\t<div class=\"box-image\" >\n\t\t\t\t\t\t\t\t<div class=\"\" >\n\t\t\t\t\t\t\t\t\t<a href=\"https:\/\/schaumweinkontor.com\/en\/produkt\/castellroig-sic-corpinnat-brut-nature-075-l\/\" aria-label=\"Castellroig SiC Corpinnat Brut Nature 0,75 L\">\n\t\t\t\t\t\t\t\t\t\t<img loading=\"lazy\" decoding=\"async\" width=\"300\" height=\"300\" src=\"https:\/\/schaumweinkontor.com\/wp-content\/uploads\/2022\/06\/Castellroig-SiC-Corpinnat-Brut-Nature-075-L-300x300.png\" class=\"attachment-medium size-medium\" alt=\"Castellroig SiC Corpinnat Brut Nature 0,75 L\" srcset=\"https:\/\/schaumweinkontor.com\/wp-content\/uploads\/2022\/06\/Castellroig-SiC-Corpinnat-Brut-Nature-075-L-300x300.png 300w, https:\/\/schaumweinkontor.com\/wp-content\/uploads\/2022\/06\/Castellroig-SiC-Corpinnat-Brut-Nature-075-L-100x100.png 100w, https:\/\/schaumweinkontor.com\/wp-content\/uploads\/2022\/06\/Castellroig-SiC-Corpinnat-Brut-Nature-075-L-510x510.png 510w, https:\/\/schaumweinkontor.com\/wp-content\/uploads\/2022\/06\/Castellroig-SiC-Corpinnat-Brut-Nature-075-L-150x150.png 150w, https:\/\/schaumweinkontor.com\/wp-content\/uploads\/2022\/06\/Castellroig-SiC-Corpinnat-Brut-Nature-075-L-768x768.png 768w, https:\/\/schaumweinkontor.com\/wp-content\/uploads\/2022\/06\/Castellroig-SiC-Corpinnat-Brut-Nature-075-L.png 1000w\" sizes=\"auto, (max-width: 300px) 100vw, 300px\" \/>\t\t\t\t\t\t\t\t\t<\/a>\n\t\t\t\t\t\t\t\t\t\t\t\t\t\t\t\t\t\t \t\t\t\t\t\t\t\t<\/div>\n\t\t\t\t\t\t\t\t<div class=\"image-tools top right show-on-hover\">\n\t\t\t\t\t\t\t\t\t\t\t\t\t\t\t\t\t<\/div>\n\t\t\t\t\t\t\t\t\t\t\t\t\t\t\t\t\t<div class=\"image-tools grid-tools text-center hide-for-small bottom hover-slide-in show-on-hover\">\n\t\t\t\t\t\t\t\t\t\t\t\t\t\t\t\t\t\t\t<\/div>\n\t\t\t\t\t\t\t\t\t\t\t\t\t\t\t\t<div class=\"out-of-stock-label\">Out of stock<\/div>\t\t\t\t\t\t\t<\/div>\n\n\t\t\t\t\t\t\t<div class=\"box-text text-center\" >\n\t\t\t\t\t\t\t\t<div class=\"title-wrapper\">\t\t<p class=\"category uppercase is-smaller no-text-overflow product-cat op-7\">\n\t\t\tSabate i Coca\t\t<\/p>\n\t<p class=\"name product-title woocommerce-loop-product__title\"><a href=\"https:\/\/schaumweinkontor.com\/en\/produkt\/castellroig-sic-corpinnat-brut-nature-075-l\/\" class=\"woocommerce-LoopProduct-link woocommerce-loop-product__link\">Castellroig SiC Corpinnat Brut Nature 0,75 L<\/a><\/p><\/div><div class=\"price-wrapper\">\n\t<span class=\"price\"><span class=\"woocommerce-Price-amount amount\" role=\"none\"><bdi><span class=\"woocommerce-Price-currencySymbol\">&euro;<\/span>&nbsp;18,20<\/bdi><\/span> <small class=\"woocommerce-price-suffix\">inkl. MwSt.<\/small><\/span>\n<\/div><div class=\"add-to-cart-button\"><a href=\"https:\/\/schaumweinkontor.com\/en\/produkt\/castellroig-sic-corpinnat-brut-nature-075-l\/\" aria-describedby=\"woocommerce_loop_add_to_cart_link_describedby_4757\" data-quantity=\"1\" class=\"primary is-small mb-0 button product_type_simple is-outline\" data-product_id=\"4757\" data-product_sku=\"100300272\" aria-label=\"Read more about &ldquo;Castellroig SiC Corpinnat Brut Nature 0,75 L&rdquo;\" rel=\"nofollow\" data-success_message=\"\">Read more<\/a><\/div>\t<span id=\"woocommerce_loop_add_to_cart_link_describedby_4757\" class=\"screen-reader-text\">\n\t\t\t<\/span>\n\t\t\t\t\t\t\t<\/div>\n\t\t\t\t\t\t<\/div>\n\t\t\t\t\t\t<\/div>\n\t\t\t\t\t<\/div><div class=\"col\" data-animate=\"fadeInUp\">\n\t\t\t\t\t\t<div class=\"col-inner\">\n\t\t\t\t\t\t\n<div class=\"badge-container badge-custom absolute right top z-1\">\n\n<\/div>\n\t\t\t\t\t\t<div class=\"product-small box has-hover box-vertical box-text-bottom\">\n\t\t\t\t\t\t\t<div class=\"box-image\" >\n\t\t\t\t\t\t\t\t<div class=\"\" >\n\t\t\t\t\t\t\t\t\t<a href=\"https:\/\/schaumweinkontor.com\/en\/produkt\/castellroig-sic-corpinnat-reserva-brut-075-l\/\" aria-label=\"Castellroig SiC Corpinnat Reserva Brut 0,75 L\">\n\t\t\t\t\t\t\t\t\t\t<img loading=\"lazy\" decoding=\"async\" width=\"300\" height=\"300\" src=\"https:\/\/schaumweinkontor.com\/wp-content\/uploads\/2022\/06\/Castellroig-SiC-Corpinnat-Reserva-Brut-075-L-300x300.png\" class=\"attachment-medium size-medium\" alt=\"Castellroig SiC Corpinnat Reserva Brut\" srcset=\"https:\/\/schaumweinkontor.com\/wp-content\/uploads\/2022\/06\/Castellroig-SiC-Corpinnat-Reserva-Brut-075-L-300x300.png 300w, https:\/\/schaumweinkontor.com\/wp-content\/uploads\/2022\/06\/Castellroig-SiC-Corpinnat-Reserva-Brut-075-L-100x100.png 100w, https:\/\/schaumweinkontor.com\/wp-content\/uploads\/2022\/06\/Castellroig-SiC-Corpinnat-Reserva-Brut-075-L-510x510.png 510w, https:\/\/schaumweinkontor.com\/wp-content\/uploads\/2022\/06\/Castellroig-SiC-Corpinnat-Reserva-Brut-075-L-150x150.png 150w, https:\/\/schaumweinkontor.com\/wp-content\/uploads\/2022\/06\/Castellroig-SiC-Corpinnat-Reserva-Brut-075-L-768x768.png 768w, https:\/\/schaumweinkontor.com\/wp-content\/uploads\/2022\/06\/Castellroig-SiC-Corpinnat-Reserva-Brut-075-L.png 1000w\" sizes=\"auto, (max-width: 300px) 100vw, 300px\" \/>\t\t\t\t\t\t\t\t\t<\/a>\n\t\t\t\t\t\t\t\t\t\t\t\t\t\t\t\t\t\t \t\t\t\t\t\t\t\t<\/div>\n\t\t\t\t\t\t\t\t<div class=\"image-tools top right show-on-hover\">\n\t\t\t\t\t\t\t\t\t\t\t\t\t\t\t\t\t<\/div>\n\t\t\t\t\t\t\t\t\t\t\t\t\t\t\t\t\t<div class=\"image-tools grid-tools text-center hide-for-small bottom hover-slide-in show-on-hover\">\n\t\t\t\t\t\t\t\t\t\t\t\t\t\t\t\t\t\t\t<\/div>\n\t\t\t\t\t\t\t\t\t\t\t\t\t\t\t\t<div class=\"out-of-stock-label\">Out of stock<\/div>\t\t\t\t\t\t\t<\/div>\n\n\t\t\t\t\t\t\t<div class=\"box-text text-center\" >\n\t\t\t\t\t\t\t\t<div class=\"title-wrapper\">\t\t<p class=\"category uppercase is-smaller no-text-overflow product-cat op-7\">\n\t\t\tSabate i Coca\t\t<\/p>\n\t<p class=\"name product-title woocommerce-loop-product__title\"><a href=\"https:\/\/schaumweinkontor.com\/en\/produkt\/castellroig-sic-corpinnat-reserva-brut-075-l\/\" class=\"woocommerce-LoopProduct-link woocommerce-loop-product__link\">Castellroig SiC Corpinnat Reserva Brut 0,75 L<\/a><\/p><\/div><div class=\"price-wrapper\">\n\t<span class=\"price\"><span class=\"woocommerce-Price-amount amount\" role=\"none\"><bdi><span class=\"woocommerce-Price-currencySymbol\">&euro;<\/span>&nbsp;19,90<\/bdi><\/span> <small class=\"woocommerce-price-suffix\">inkl. MwSt.<\/small><\/span>\n<\/div><div class=\"add-to-cart-button\"><a href=\"https:\/\/schaumweinkontor.com\/en\/produkt\/castellroig-sic-corpinnat-reserva-brut-075-l\/\" aria-describedby=\"woocommerce_loop_add_to_cart_link_describedby_4758\" data-quantity=\"1\" class=\"primary is-small mb-0 button product_type_simple is-outline\" data-product_id=\"4758\" data-product_sku=\"100300271\" aria-label=\"Read more about &ldquo;Castellroig SiC Corpinnat Reserva Brut 0,75 L&rdquo;\" rel=\"nofollow\" data-success_message=\"\">Read more<\/a><\/div>\t<span id=\"woocommerce_loop_add_to_cart_link_describedby_4758\" class=\"screen-reader-text\">\n\t\t\t<\/span>\n\t\t\t\t\t\t\t<\/div>\n\t\t\t\t\t\t<\/div>\n\t\t\t\t\t\t<\/div>\n\t\t\t\t\t<\/div><div class=\"col\" data-animate=\"fadeInUp\">\n\t\t\t\t\t\t<div class=\"col-inner\">\n\t\t\t\t\t\t\n<div class=\"badge-container badge-custom absolute right top z-1\">\n\n<\/div>\n\t\t\t\t\t\t<div class=\"product-small box has-hover box-vertical box-text-bottom\">\n\t\t\t\t\t\t\t<div class=\"box-image\" >\n\t\t\t\t\t\t\t\t<div class=\"\" >\n\t\t\t\t\t\t\t\t\t<a href=\"https:\/\/schaumweinkontor.com\/en\/produkt\/castellroig-sic-corpinnat-reserva-brut-rose-075-l\/\" aria-label=\"Castellroig SiC Corpinnat Reserva Brut Rose 0,75 L\">\n\t\t\t\t\t\t\t\t\t\t<img loading=\"lazy\" decoding=\"async\" width=\"300\" height=\"300\" src=\"https:\/\/schaumweinkontor.com\/wp-content\/uploads\/2022\/06\/Castellroig-SiC-Corpinnat-Reserva-Brut-Rose-075-L-300x300.png\" class=\"attachment-medium size-medium\" alt=\"Castellroig SiC Corpinnat Reserva Brut Rose 0,75 L\" srcset=\"https:\/\/schaumweinkontor.com\/wp-content\/uploads\/2022\/06\/Castellroig-SiC-Corpinnat-Reserva-Brut-Rose-075-L-300x300.png 300w, https:\/\/schaumweinkontor.com\/wp-content\/uploads\/2022\/06\/Castellroig-SiC-Corpinnat-Reserva-Brut-Rose-075-L-100x100.png 100w, https:\/\/schaumweinkontor.com\/wp-content\/uploads\/2022\/06\/Castellroig-SiC-Corpinnat-Reserva-Brut-Rose-075-L-510x510.png 510w, https:\/\/schaumweinkontor.com\/wp-content\/uploads\/2022\/06\/Castellroig-SiC-Corpinnat-Reserva-Brut-Rose-075-L-150x150.png 150w, https:\/\/schaumweinkontor.com\/wp-content\/uploads\/2022\/06\/Castellroig-SiC-Corpinnat-Reserva-Brut-Rose-075-L-768x768.png 768w, https:\/\/schaumweinkontor.com\/wp-content\/uploads\/2022\/06\/Castellroig-SiC-Corpinnat-Reserva-Brut-Rose-075-L.png 1000w\" sizes=\"auto, (max-width: 300px) 100vw, 300px\" \/>\t\t\t\t\t\t\t\t\t<\/a>\n\t\t\t\t\t\t\t\t\t\t\t\t\t\t\t\t\t\t \t\t\t\t\t\t\t\t<\/div>\n\t\t\t\t\t\t\t\t<div class=\"image-tools top right show-on-hover\">\n\t\t\t\t\t\t\t\t\t\t\t\t\t\t\t\t\t<\/div>\n\t\t\t\t\t\t\t\t\t\t\t\t\t\t\t\t\t<div class=\"image-tools grid-tools text-center hide-for-small bottom hover-slide-in show-on-hover\">\n\t\t\t\t\t\t\t\t\t\t\t\t\t\t\t\t\t\t\t<\/div>\n\t\t\t\t\t\t\t\t\t\t\t\t\t\t\t\t\t\t\t\t\t\t\t<\/div>\n\n\t\t\t\t\t\t\t<div class=\"box-text text-center\" >\n\t\t\t\t\t\t\t\t<div class=\"title-wrapper\">\t\t<p class=\"category uppercase is-smaller no-text-overflow product-cat op-7\">\n\t\t\tSabate i Coca\t\t<\/p>\n\t<p class=\"name product-title woocommerce-loop-product__title\"><a href=\"https:\/\/schaumweinkontor.com\/en\/produkt\/castellroig-sic-corpinnat-reserva-brut-rose-075-l\/\" class=\"woocommerce-LoopProduct-link woocommerce-loop-product__link\">Castellroig SiC Corpinnat Reserva Brut Rose 0,75 L<\/a><\/p><\/div><div class=\"price-wrapper\">\n\t<span class=\"price\"><span class=\"woocommerce-Price-amount amount\" role=\"none\"><bdi><span class=\"woocommerce-Price-currencySymbol\">&euro;<\/span>&nbsp;19,90<\/bdi><\/span> <small class=\"woocommerce-price-suffix\">inkl. MwSt.<\/small><\/span>\n<\/div><div class=\"add-to-cart-button\"><a href=\"\/en\/wp-json\/wp\/v2\/pages\/4628?add-to-cart=4759\" aria-describedby=\"woocommerce_loop_add_to_cart_link_describedby_4759\" data-quantity=\"1\" class=\"primary is-small mb-0 button product_type_simple add_to_cart_button ajax_add_to_cart is-outline\" data-product_id=\"4759\" data-product_sku=\"100300270\" aria-label=\"Add to cart: &ldquo;Castellroig SiC Corpinnat Reserva Brut Rose 0,75 L&rdquo;\" rel=\"nofollow\" data-success_message=\"&ldquo;Castellroig SiC Corpinnat Reserva Brut Rose 0,75 L&rdquo; has been added to your cart\" role=\"button\">Add to cart<\/a><\/div>\t<span id=\"woocommerce_loop_add_to_cart_link_describedby_4759\" class=\"screen-reader-text\">\n\t\t\t<\/span>\n\t\t\t\t\t\t\t<\/div>\n\t\t\t\t\t\t<\/div>\n\t\t\t\t\t\t<\/div>\n\t\t\t\t\t<\/div><\/div>\n\n\n  \n    <div class=\"row  equalize-box show-for-medium hide-for-small large-columns-3 medium-columns-2 small-columns-1 row-large has-shadow row-box-shadow-2 row-box-shadow-4-hover\" >\n  \t\n\t     <div class=\"col\" data-animate=\"fadeInUp\">\n\t\t\t\t\t\t<div class=\"col-inner\">\n\t\t\t\t\t\t\n<div class=\"badge-container badge-custom absolute right top z-1\">\n\n<\/div>\n\t\t\t\t\t\t<div class=\"product-small box has-hover box-vertical box-text-bottom\">\n\t\t\t\t\t\t\t<div class=\"box-image\" >\n\t\t\t\t\t\t\t\t<div class=\"\" >\n\t\t\t\t\t\t\t\t\t<a href=\"https:\/\/schaumweinkontor.com\/en\/produkt\/castellroig-sic-corpinnat-brut-nature-075-l\/\" aria-label=\"Castellroig SiC Corpinnat Brut Nature 0,75 L\">\n\t\t\t\t\t\t\t\t\t\t<img loading=\"lazy\" decoding=\"async\" width=\"300\" height=\"300\" src=\"https:\/\/schaumweinkontor.com\/wp-content\/uploads\/2022\/06\/Castellroig-SiC-Corpinnat-Brut-Nature-075-L-300x300.png\" class=\"attachment-medium size-medium\" alt=\"Castellroig SiC Corpinnat Brut Nature 0,75 L\" srcset=\"https:\/\/schaumweinkontor.com\/wp-content\/uploads\/2022\/06\/Castellroig-SiC-Corpinnat-Brut-Nature-075-L-300x300.png 300w, https:\/\/schaumweinkontor.com\/wp-content\/uploads\/2022\/06\/Castellroig-SiC-Corpinnat-Brut-Nature-075-L-100x100.png 100w, https:\/\/schaumweinkontor.com\/wp-content\/uploads\/2022\/06\/Castellroig-SiC-Corpinnat-Brut-Nature-075-L-510x510.png 510w, https:\/\/schaumweinkontor.com\/wp-content\/uploads\/2022\/06\/Castellroig-SiC-Corpinnat-Brut-Nature-075-L-150x150.png 150w, https:\/\/schaumweinkontor.com\/wp-content\/uploads\/2022\/06\/Castellroig-SiC-Corpinnat-Brut-Nature-075-L-768x768.png 768w, https:\/\/schaumweinkontor.com\/wp-content\/uploads\/2022\/06\/Castellroig-SiC-Corpinnat-Brut-Nature-075-L.png 1000w\" sizes=\"auto, (max-width: 300px) 100vw, 300px\" \/>\t\t\t\t\t\t\t\t\t<\/a>\n\t\t\t\t\t\t\t\t\t\t\t\t\t\t\t\t\t\t \t\t\t\t\t\t\t\t<\/div>\n\t\t\t\t\t\t\t\t<div class=\"image-tools top right show-on-hover\">\n\t\t\t\t\t\t\t\t\t\t\t\t\t\t\t\t\t<\/div>\n\t\t\t\t\t\t\t\t\t\t\t\t\t\t\t\t\t<div class=\"image-tools grid-tools text-center hide-for-small bottom hover-slide-in show-on-hover\">\n\t\t\t\t\t\t\t\t\t\t\t\t\t\t\t\t\t\t\t<\/div>\n\t\t\t\t\t\t\t\t\t\t\t\t\t\t\t\t<div class=\"out-of-stock-label\">Out of stock<\/div>\t\t\t\t\t\t\t<\/div>\n\n\t\t\t\t\t\t\t<div class=\"box-text text-center\" >\n\t\t\t\t\t\t\t\t<div class=\"title-wrapper\">\t\t<p class=\"category uppercase is-smaller no-text-overflow product-cat op-7\">\n\t\t\tSabate i Coca\t\t<\/p>\n\t<p class=\"name product-title woocommerce-loop-product__title\"><a href=\"https:\/\/schaumweinkontor.com\/en\/produkt\/castellroig-sic-corpinnat-brut-nature-075-l\/\" class=\"woocommerce-LoopProduct-link woocommerce-loop-product__link\">Castellroig SiC Corpinnat Brut Nature 0,75 L<\/a><\/p><\/div><div class=\"price-wrapper\">\n\t<span class=\"price\"><span class=\"woocommerce-Price-amount amount\" role=\"none\"><bdi><span class=\"woocommerce-Price-currencySymbol\">&euro;<\/span>&nbsp;18,20<\/bdi><\/span> <small class=\"woocommerce-price-suffix\">inkl. MwSt.<\/small><\/span>\n<\/div><div class=\"add-to-cart-button\"><a href=\"https:\/\/schaumweinkontor.com\/en\/produkt\/castellroig-sic-corpinnat-brut-nature-075-l\/\" aria-describedby=\"woocommerce_loop_add_to_cart_link_describedby_4757\" data-quantity=\"1\" class=\"primary is-small mb-0 button product_type_simple is-outline\" data-product_id=\"4757\" data-product_sku=\"100300272\" aria-label=\"Read more about &ldquo;Castellroig SiC Corpinnat Brut Nature 0,75 L&rdquo;\" rel=\"nofollow\" data-success_message=\"\">Read more<\/a><\/div>\t<span id=\"woocommerce_loop_add_to_cart_link_describedby_4757\" class=\"screen-reader-text\">\n\t\t\t<\/span>\n\t\t\t\t\t\t\t<\/div>\n\t\t\t\t\t\t<\/div>\n\t\t\t\t\t\t<\/div>\n\t\t\t\t\t<\/div><div class=\"col\" data-animate=\"fadeInUp\">\n\t\t\t\t\t\t<div class=\"col-inner\">\n\t\t\t\t\t\t\n<div class=\"badge-container badge-custom absolute right top z-1\">\n\n<\/div>\n\t\t\t\t\t\t<div class=\"product-small box has-hover box-vertical box-text-bottom\">\n\t\t\t\t\t\t\t<div class=\"box-image\" >\n\t\t\t\t\t\t\t\t<div class=\"\" >\n\t\t\t\t\t\t\t\t\t<a href=\"https:\/\/schaumweinkontor.com\/en\/produkt\/castellroig-sic-corpinnat-reserva-brut-075-l\/\" aria-label=\"Castellroig SiC Corpinnat Reserva Brut 0,75 L\">\n\t\t\t\t\t\t\t\t\t\t<img loading=\"lazy\" decoding=\"async\" width=\"300\" height=\"300\" src=\"https:\/\/schaumweinkontor.com\/wp-content\/uploads\/2022\/06\/Castellroig-SiC-Corpinnat-Reserva-Brut-075-L-300x300.png\" class=\"attachment-medium size-medium\" alt=\"Castellroig SiC Corpinnat Reserva Brut\" srcset=\"https:\/\/schaumweinkontor.com\/wp-content\/uploads\/2022\/06\/Castellroig-SiC-Corpinnat-Reserva-Brut-075-L-300x300.png 300w, https:\/\/schaumweinkontor.com\/wp-content\/uploads\/2022\/06\/Castellroig-SiC-Corpinnat-Reserva-Brut-075-L-100x100.png 100w, https:\/\/schaumweinkontor.com\/wp-content\/uploads\/2022\/06\/Castellroig-SiC-Corpinnat-Reserva-Brut-075-L-510x510.png 510w, https:\/\/schaumweinkontor.com\/wp-content\/uploads\/2022\/06\/Castellroig-SiC-Corpinnat-Reserva-Brut-075-L-150x150.png 150w, https:\/\/schaumweinkontor.com\/wp-content\/uploads\/2022\/06\/Castellroig-SiC-Corpinnat-Reserva-Brut-075-L-768x768.png 768w, https:\/\/schaumweinkontor.com\/wp-content\/uploads\/2022\/06\/Castellroig-SiC-Corpinnat-Reserva-Brut-075-L.png 1000w\" sizes=\"auto, (max-width: 300px) 100vw, 300px\" \/>\t\t\t\t\t\t\t\t\t<\/a>\n\t\t\t\t\t\t\t\t\t\t\t\t\t\t\t\t\t\t \t\t\t\t\t\t\t\t<\/div>\n\t\t\t\t\t\t\t\t<div class=\"image-tools top right show-on-hover\">\n\t\t\t\t\t\t\t\t\t\t\t\t\t\t\t\t\t<\/div>\n\t\t\t\t\t\t\t\t\t\t\t\t\t\t\t\t\t<div class=\"image-tools grid-tools text-center hide-for-small bottom hover-slide-in show-on-hover\">\n\t\t\t\t\t\t\t\t\t\t\t\t\t\t\t\t\t\t\t<\/div>\n\t\t\t\t\t\t\t\t\t\t\t\t\t\t\t\t<div class=\"out-of-stock-label\">Out of stock<\/div>\t\t\t\t\t\t\t<\/div>\n\n\t\t\t\t\t\t\t<div class=\"box-text text-center\" >\n\t\t\t\t\t\t\t\t<div class=\"title-wrapper\">\t\t<p class=\"category uppercase is-smaller no-text-overflow product-cat op-7\">\n\t\t\tSabate i Coca\t\t<\/p>\n\t<p class=\"name product-title woocommerce-loop-product__title\"><a href=\"https:\/\/schaumweinkontor.com\/en\/produkt\/castellroig-sic-corpinnat-reserva-brut-075-l\/\" class=\"woocommerce-LoopProduct-link woocommerce-loop-product__link\">Castellroig SiC Corpinnat Reserva Brut 0,75 L<\/a><\/p><\/div><div class=\"price-wrapper\">\n\t<span class=\"price\"><span class=\"woocommerce-Price-amount amount\" role=\"none\"><bdi><span class=\"woocommerce-Price-currencySymbol\">&euro;<\/span>&nbsp;19,90<\/bdi><\/span> <small class=\"woocommerce-price-suffix\">inkl. MwSt.<\/small><\/span>\n<\/div><div class=\"add-to-cart-button\"><a href=\"https:\/\/schaumweinkontor.com\/en\/produkt\/castellroig-sic-corpinnat-reserva-brut-075-l\/\" aria-describedby=\"woocommerce_loop_add_to_cart_link_describedby_4758\" data-quantity=\"1\" class=\"primary is-small mb-0 button product_type_simple is-outline\" data-product_id=\"4758\" data-product_sku=\"100300271\" aria-label=\"Read more about &ldquo;Castellroig SiC Corpinnat Reserva Brut 0,75 L&rdquo;\" rel=\"nofollow\" data-success_message=\"\">Read more<\/a><\/div>\t<span id=\"woocommerce_loop_add_to_cart_link_describedby_4758\" class=\"screen-reader-text\">\n\t\t\t<\/span>\n\t\t\t\t\t\t\t<\/div>\n\t\t\t\t\t\t<\/div>\n\t\t\t\t\t\t<\/div>\n\t\t\t\t\t<\/div><div class=\"col\" data-animate=\"fadeInUp\">\n\t\t\t\t\t\t<div class=\"col-inner\">\n\t\t\t\t\t\t\n<div class=\"badge-container badge-custom absolute right top z-1\">\n\n<\/div>\n\t\t\t\t\t\t<div class=\"product-small box has-hover box-vertical box-text-bottom\">\n\t\t\t\t\t\t\t<div class=\"box-image\" >\n\t\t\t\t\t\t\t\t<div class=\"\" >\n\t\t\t\t\t\t\t\t\t<a href=\"https:\/\/schaumweinkontor.com\/en\/produkt\/castellroig-sic-corpinnat-reserva-brut-rose-075-l\/\" aria-label=\"Castellroig SiC Corpinnat Reserva Brut Rose 0,75 L\">\n\t\t\t\t\t\t\t\t\t\t<img loading=\"lazy\" decoding=\"async\" width=\"300\" height=\"300\" src=\"https:\/\/schaumweinkontor.com\/wp-content\/uploads\/2022\/06\/Castellroig-SiC-Corpinnat-Reserva-Brut-Rose-075-L-300x300.png\" class=\"attachment-medium size-medium\" alt=\"Castellroig SiC Corpinnat Reserva Brut Rose 0,75 L\" srcset=\"https:\/\/schaumweinkontor.com\/wp-content\/uploads\/2022\/06\/Castellroig-SiC-Corpinnat-Reserva-Brut-Rose-075-L-300x300.png 300w, https:\/\/schaumweinkontor.com\/wp-content\/uploads\/2022\/06\/Castellroig-SiC-Corpinnat-Reserva-Brut-Rose-075-L-100x100.png 100w, https:\/\/schaumweinkontor.com\/wp-content\/uploads\/2022\/06\/Castellroig-SiC-Corpinnat-Reserva-Brut-Rose-075-L-510x510.png 510w, https:\/\/schaumweinkontor.com\/wp-content\/uploads\/2022\/06\/Castellroig-SiC-Corpinnat-Reserva-Brut-Rose-075-L-150x150.png 150w, https:\/\/schaumweinkontor.com\/wp-content\/uploads\/2022\/06\/Castellroig-SiC-Corpinnat-Reserva-Brut-Rose-075-L-768x768.png 768w, https:\/\/schaumweinkontor.com\/wp-content\/uploads\/2022\/06\/Castellroig-SiC-Corpinnat-Reserva-Brut-Rose-075-L.png 1000w\" sizes=\"auto, (max-width: 300px) 100vw, 300px\" \/>\t\t\t\t\t\t\t\t\t<\/a>\n\t\t\t\t\t\t\t\t\t\t\t\t\t\t\t\t\t\t \t\t\t\t\t\t\t\t<\/div>\n\t\t\t\t\t\t\t\t<div class=\"image-tools top right show-on-hover\">\n\t\t\t\t\t\t\t\t\t\t\t\t\t\t\t\t\t<\/div>\n\t\t\t\t\t\t\t\t\t\t\t\t\t\t\t\t\t<div class=\"image-tools grid-tools text-center hide-for-small bottom hover-slide-in show-on-hover\">\n\t\t\t\t\t\t\t\t\t\t\t\t\t\t\t\t\t\t\t<\/div>\n\t\t\t\t\t\t\t\t\t\t\t\t\t\t\t\t\t\t\t\t\t\t\t<\/div>\n\n\t\t\t\t\t\t\t<div class=\"box-text text-center\" >\n\t\t\t\t\t\t\t\t<div class=\"title-wrapper\">\t\t<p class=\"category uppercase is-smaller no-text-overflow product-cat op-7\">\n\t\t\tSabate i Coca\t\t<\/p>\n\t<p class=\"name product-title woocommerce-loop-product__title\"><a href=\"https:\/\/schaumweinkontor.com\/en\/produkt\/castellroig-sic-corpinnat-reserva-brut-rose-075-l\/\" class=\"woocommerce-LoopProduct-link woocommerce-loop-product__link\">Castellroig SiC Corpinnat Reserva Brut Rose 0,75 L<\/a><\/p><\/div><div class=\"price-wrapper\">\n\t<span class=\"price\"><span class=\"woocommerce-Price-amount amount\" role=\"none\"><bdi><span class=\"woocommerce-Price-currencySymbol\">&euro;<\/span>&nbsp;19,90<\/bdi><\/span> <small class=\"woocommerce-price-suffix\">inkl. MwSt.<\/small><\/span>\n<\/div><div class=\"add-to-cart-button\"><a href=\"\/en\/wp-json\/wp\/v2\/pages\/4628?add-to-cart=4759\" aria-describedby=\"woocommerce_loop_add_to_cart_link_describedby_4759\" data-quantity=\"1\" class=\"primary is-small mb-0 button product_type_simple add_to_cart_button ajax_add_to_cart is-outline\" data-product_id=\"4759\" data-product_sku=\"100300270\" aria-label=\"Add to cart: &ldquo;Castellroig SiC Corpinnat Reserva Brut Rose 0,75 L&rdquo;\" rel=\"nofollow\" data-success_message=\"&ldquo;Castellroig SiC Corpinnat Reserva Brut Rose 0,75 L&rdquo; has been added to your cart\" role=\"button\">Add to cart<\/a><\/div>\t<span id=\"woocommerce_loop_add_to_cart_link_describedby_4759\" class=\"screen-reader-text\">\n\t\t\t<\/span>\n\t\t\t\t\t\t\t<\/div>\n\t\t\t\t\t\t<\/div>\n\t\t\t\t\t\t<\/div>\n\t\t\t\t\t<\/div><\/div>\n\n\n\t\t<\/div>\n\t\t\t\t\t<\/div>\n\n\t\n\n<\/div>\n<div class=\"is-divider divider clearfix\" style=\"margin-top:3em;margin-bottom:3em;max-width:100%;background-color:rgba(183, 149, 73, 0.541);\"><\/div>\n\n\t<section class=\"section bg_winzer show-for-medium\" id=\"section_1491983853\">\n\t\t<div class=\"bg section-bg fill bg-fill  \" >\n\n\t\t\t\n\t\t\t\n\t\t\t\n\n\t\t<\/div>\n\n\t\t\n\n\t\t<div class=\"section-content relative\">\n\t\t\t\n\n<div class=\"row row-collapse row-full-width align-middle align-center\"  id=\"row-1367993469\">\n\n\n\t<div id=\"col-679575791\" class=\"col small-12 large-12\"  >\n\t\t\t\t<div class=\"col-inner\"  >\n\t\t\t\n\t\t\t\n\n<h2 id=\"feixes-mobile\" class=\"uppercase\" style=\"text-align: center;\"><span style=\"font-size: 90%;\">Huguet de Can Feixes<\/span><\/h2>\n\n\t\t<\/div>\n\t\t\t\t\t<\/div>\n\n\t\n\n\n<style>\n#row-1367993469 > .col > .col-inner {\n  padding: 0 0px 0px 0px;\n}\n@media (min-width:550px) {\n  #row-1367993469 > .col > .col-inner {\n    padding: 15px 0px 0px 0px;\n  }\n}\n<\/style>\n<\/div>\n\n\t\t<\/div>\n\n\t\t\n<style>\n#section_1491983853 {\n  padding-top: 40px;\n  padding-bottom: 40px;\n  margin-bottom: 20px;\n}\n#section_1491983853 .section-bg.bg-loaded {\n  background-image: url(https:\/\/schaumweinkontor.com\/wp-content\/uploads\/2022\/06\/landscape-illu-gold-transp.png);\n}\n@media (min-width:550px) {\n  #section_1491983853 {\n    padding-top: 20px;\n    padding-bottom: 20px;\n  }\n}\n<\/style>\n\t<\/section>\n\t\n<div class=\"row row-full-width align-middle align-center margin-auto\"  id=\"row-1967451602\">\n\n\n\t<div id=\"col-298655699\" class=\"col small-12 large-12\"  >\n\t\t\t\t<div class=\"col-inner\"  >\n\t\t\t\n\t\t\t\n\n\n  \n    <div class=\"row  equalize-box show-for-medium hide-for-small large-columns-3 medium-columns-2 small-columns-1 row-large has-shadow row-box-shadow-2 row-box-shadow-4-hover\" >\n  \t\n\t     <div class=\"col\" data-animate=\"fadeInUp\">\n\t\t\t\t\t\t<div class=\"col-inner\">\n\t\t\t\t\t\t\n<div class=\"badge-container badge-custom absolute right top z-1\">\n\n<\/div>\n\t\t\t\t\t\t<div class=\"product-small box has-hover box-normal box-text-bottom\">\n\t\t\t\t\t\t\t<div class=\"box-image\" >\n\t\t\t\t\t\t\t\t<div class=\"\" >\n\t\t\t\t\t\t\t\t\t<a href=\"https:\/\/schaumweinkontor.com\/en\/produkt\/huguet-de-can-feixes-corpinnat-brut-nature-2014-075-l\/\" aria-label=\"Huguet De Can Feixes Corpinnat Brut Nature 2014 0,75 L\">\n\t\t\t\t\t\t\t\t\t\t<img loading=\"lazy\" decoding=\"async\" width=\"300\" height=\"300\" src=\"https:\/\/schaumweinkontor.com\/wp-content\/uploads\/2022\/06\/Catellroig-Brut-Nature-300x300.png\" class=\"attachment-medium size-medium\" alt=\"Huguet De Can Feixes Corpinnat Brut Nature 2014 0,75 L\" srcset=\"https:\/\/schaumweinkontor.com\/wp-content\/uploads\/2022\/06\/Catellroig-Brut-Nature-300x300.png 300w, https:\/\/schaumweinkontor.com\/wp-content\/uploads\/2022\/06\/Catellroig-Brut-Nature-100x100.png 100w, https:\/\/schaumweinkontor.com\/wp-content\/uploads\/2022\/06\/Catellroig-Brut-Nature-510x510.png 510w, https:\/\/schaumweinkontor.com\/wp-content\/uploads\/2022\/06\/Catellroig-Brut-Nature-150x150.png 150w, https:\/\/schaumweinkontor.com\/wp-content\/uploads\/2022\/06\/Catellroig-Brut-Nature-768x768.png 768w, https:\/\/schaumweinkontor.com\/wp-content\/uploads\/2022\/06\/Catellroig-Brut-Nature.png 1000w\" sizes=\"auto, (max-width: 300px) 100vw, 300px\" \/>\t\t\t\t\t\t\t\t\t<\/a>\n\t\t\t\t\t\t\t\t\t\t\t\t\t\t\t\t\t\t \t\t\t\t\t\t\t\t<\/div>\n\t\t\t\t\t\t\t\t<div class=\"image-tools top right show-on-hover\">\n\t\t\t\t\t\t\t\t\t\t\t\t\t\t\t\t\t<\/div>\n\t\t\t\t\t\t\t\t\t\t\t\t\t\t\t\t\t<div class=\"image-tools grid-tools text-center hide-for-small bottom hover-slide-in show-on-hover\">\n\t\t\t\t\t\t\t\t\t\t\t\t\t\t\t\t\t\t\t<\/div>\n\t\t\t\t\t\t\t\t\t\t\t\t\t\t\t\t<div class=\"out-of-stock-label\">Out of stock<\/div>\t\t\t\t\t\t\t<\/div>\n\n\t\t\t\t\t\t\t<div class=\"box-text text-center\" >\n\t\t\t\t\t\t\t\t<div class=\"title-wrapper\">\t\t<p class=\"category uppercase is-smaller no-text-overflow product-cat op-7\">\n\t\t\tHuguet de Can Feixes\t\t<\/p>\n\t<p class=\"name product-title woocommerce-loop-product__title\"><a href=\"https:\/\/schaumweinkontor.com\/en\/produkt\/huguet-de-can-feixes-corpinnat-brut-nature-2014-075-l\/\" class=\"woocommerce-LoopProduct-link woocommerce-loop-product__link\">Huguet De Can Feixes Corpinnat Brut Nature 2014 0,75 L<\/a><\/p><\/div><div class=\"price-wrapper\">\n\t<span class=\"price\"><span class=\"woocommerce-Price-amount amount\" role=\"none\"><bdi><span class=\"woocommerce-Price-currencySymbol\">&euro;<\/span>&nbsp;23,90<\/bdi><\/span> <small class=\"woocommerce-price-suffix\">inkl. MwSt.<\/small><\/span>\n<\/div><div class=\"add-to-cart-button\"><a href=\"https:\/\/schaumweinkontor.com\/en\/produkt\/huguet-de-can-feixes-corpinnat-brut-nature-2014-075-l\/\" aria-describedby=\"woocommerce_loop_add_to_cart_link_describedby_4733\" data-quantity=\"1\" class=\"primary is-small mb-0 button product_type_simple is-outline\" data-product_id=\"4733\" data-product_sku=\"100300278\" aria-label=\"Read more about &ldquo;Huguet De Can Feixes Corpinnat Brut Nature 2014 0,75 L&rdquo;\" rel=\"nofollow\" data-success_message=\"\">Read more<\/a><\/div>\t<span id=\"woocommerce_loop_add_to_cart_link_describedby_4733\" class=\"screen-reader-text\">\n\t\t\t<\/span>\n\t\t\t\t\t\t\t<\/div>\n\t\t\t\t\t\t<\/div>\n\t\t\t\t\t\t<\/div>\n\t\t\t\t\t<\/div><\/div>\n\n\n  \n    <div class=\"row  equalize-box show-for-small large-columns-3 medium-columns- small-columns-1 row-large has-shadow row-box-shadow-2 row-box-shadow-4-hover\" >\n  \t\n\t     <div class=\"col\" data-animate=\"fadeInUp\">\n\t\t\t\t\t\t<div class=\"col-inner\">\n\t\t\t\t\t\t\n<div class=\"badge-container badge-custom absolute right top z-1\">\n\n<\/div>\n\t\t\t\t\t\t<div class=\"product-small box has-hover box-vertical box-text-bottom\">\n\t\t\t\t\t\t\t<div class=\"box-image\" >\n\t\t\t\t\t\t\t\t<div class=\"\" >\n\t\t\t\t\t\t\t\t\t<a href=\"https:\/\/schaumweinkontor.com\/en\/produkt\/huguet-de-can-feixes-corpinnat-brut-nature-2014-075-l\/\" aria-label=\"Huguet De Can Feixes Corpinnat Brut Nature 2014 0,75 L\">\n\t\t\t\t\t\t\t\t\t\t<img loading=\"lazy\" decoding=\"async\" width=\"300\" height=\"300\" src=\"https:\/\/schaumweinkontor.com\/wp-content\/uploads\/2022\/06\/Catellroig-Brut-Nature-300x300.png\" class=\"attachment-medium size-medium\" alt=\"Huguet De Can Feixes Corpinnat Brut Nature 2014 0,75 L\" srcset=\"https:\/\/schaumweinkontor.com\/wp-content\/uploads\/2022\/06\/Catellroig-Brut-Nature-300x300.png 300w, https:\/\/schaumweinkontor.com\/wp-content\/uploads\/2022\/06\/Catellroig-Brut-Nature-100x100.png 100w, https:\/\/schaumweinkontor.com\/wp-content\/uploads\/2022\/06\/Catellroig-Brut-Nature-510x510.png 510w, https:\/\/schaumweinkontor.com\/wp-content\/uploads\/2022\/06\/Catellroig-Brut-Nature-150x150.png 150w, https:\/\/schaumweinkontor.com\/wp-content\/uploads\/2022\/06\/Catellroig-Brut-Nature-768x768.png 768w, https:\/\/schaumweinkontor.com\/wp-content\/uploads\/2022\/06\/Catellroig-Brut-Nature.png 1000w\" sizes=\"auto, (max-width: 300px) 100vw, 300px\" \/>\t\t\t\t\t\t\t\t\t<\/a>\n\t\t\t\t\t\t\t\t\t\t\t\t\t\t\t\t\t\t \t\t\t\t\t\t\t\t<\/div>\n\t\t\t\t\t\t\t\t<div class=\"image-tools top right show-on-hover\">\n\t\t\t\t\t\t\t\t\t\t\t\t\t\t\t\t\t<\/div>\n\t\t\t\t\t\t\t\t\t\t\t\t\t\t\t\t\t<div class=\"image-tools grid-tools text-center hide-for-small bottom hover-slide-in show-on-hover\">\n\t\t\t\t\t\t\t\t\t\t\t\t\t\t\t\t\t\t\t<\/div>\n\t\t\t\t\t\t\t\t\t\t\t\t\t\t\t\t<div class=\"out-of-stock-label\">Out of stock<\/div>\t\t\t\t\t\t\t<\/div>\n\n\t\t\t\t\t\t\t<div class=\"box-text text-center\" >\n\t\t\t\t\t\t\t\t<div class=\"title-wrapper\">\t\t<p class=\"category uppercase is-smaller no-text-overflow product-cat op-7\">\n\t\t\tHuguet de Can Feixes\t\t<\/p>\n\t<p class=\"name product-title woocommerce-loop-product__title\"><a href=\"https:\/\/schaumweinkontor.com\/en\/produkt\/huguet-de-can-feixes-corpinnat-brut-nature-2014-075-l\/\" class=\"woocommerce-LoopProduct-link woocommerce-loop-product__link\">Huguet De Can Feixes Corpinnat Brut Nature 2014 0,75 L<\/a><\/p><\/div><div class=\"price-wrapper\">\n\t<span class=\"price\"><span class=\"woocommerce-Price-amount amount\" role=\"none\"><bdi><span class=\"woocommerce-Price-currencySymbol\">&euro;<\/span>&nbsp;23,90<\/bdi><\/span> <small class=\"woocommerce-price-suffix\">inkl. MwSt.<\/small><\/span>\n<\/div><div class=\"add-to-cart-button\"><a href=\"https:\/\/schaumweinkontor.com\/en\/produkt\/huguet-de-can-feixes-corpinnat-brut-nature-2014-075-l\/\" aria-describedby=\"woocommerce_loop_add_to_cart_link_describedby_4733\" data-quantity=\"1\" class=\"primary is-small mb-0 button product_type_simple is-outline\" data-product_id=\"4733\" data-product_sku=\"100300278\" aria-label=\"Read more about &ldquo;Huguet De Can Feixes Corpinnat Brut Nature 2014 0,75 L&rdquo;\" rel=\"nofollow\" data-success_message=\"\">Read more<\/a><\/div>\t<span id=\"woocommerce_loop_add_to_cart_link_describedby_4733\" class=\"screen-reader-text\">\n\t\t\t<\/span>\n\t\t\t\t\t\t\t<\/div>\n\t\t\t\t\t\t<\/div>\n\t\t\t\t\t\t<\/div>\n\t\t\t\t\t<\/div><\/div>\n\n\n\t\t<\/div>\n\t\t\t\t\t<\/div>\n\n\t\n\n<\/div>\n<div class=\"row row-collapse row-full-width align-middle blau-verlauf show-for-small\"  id=\"row-2113162166\">\n\n\n\t<div id=\"col-421388975\" class=\"col medium-6 small-5 large-6\"  >\n\t\t\t\t<div class=\"col-inner\"  >\n\t\t\t\n\t\t\t\n\n\t<div id=\"text-1092741942\" class=\"text\">\n\t\t\n\n<h2><span style=\"font-size: 75%;\">Spanien<\/span><\/h2>\n\t\t\n<style>\n#text-1092741942 {\n  font-size: 1.5rem;\n  line-height: 2;\n}\n<\/style>\n\t<\/div>\n\t\n\n\t\t<\/div>\n\t\t\t\t\t<\/div>\n\n\t\n\n\t<div id=\"col-326575657\" class=\"col medium-6 small-7 large-6\"  >\n\t\t\t\t<div class=\"col-inner\"  >\n\t\t\t\n\t\t\t\n\n<h5 id=\"cava\" class=\"uppercase\" style=\"text-align: right;\"><span style=\"color: #b79549;\">Cava<\/span><\/h5>\n\n\t\t<\/div>\n\t\t\t\t\t<\/div>\n\n\t\n\n\n<style>\n#row-2113162166 > .col > .col-inner {\n  padding: 0px 20px 0px 20px;\n  border-radius: 74px;\n}\n<\/style>\n<\/div>\n\t<section class=\"section bg_winzer show-for-small\" id=\"section_1171248711\">\n\t\t<div class=\"bg section-bg fill bg-fill  \" >\n\n\t\t\t\n\t\t\t\n\t\t\t\n\n\t\t<\/div>\n\n\t\t\n\n\t\t<div class=\"section-content relative\">\n\t\t\t\n\n<div class=\"row align-middle align-center\"  id=\"row-375856147\">\n\n\n\t<div id=\"col-1249358228\" class=\"col small-12 large-12\"  >\n\t\t\t\t<div class=\"col-inner\"  >\n\t\t\t\n\t\t\t\n\n<h2 id=\"torre-del-gal\" class=\"uppercase\" style=\"text-align: center;\">torre del Gall<\/h2>\n\n\t\t<\/div>\n\t\t\t\t\t<\/div>\n\n\t\n\n\n<style>\n#row-375856147 > .col > .col-inner {\n  padding: 15px 0px 0px 0px;\n}\n<\/style>\n<\/div>\n\n  \n    <div class=\"row  equalize-box show-for-small large-columns-3 medium-columns-2 small-columns-1 row-large has-shadow row-box-shadow-2 row-box-shadow-4-hover\" >\n  \t\n\t     <div class=\"col\" data-animate=\"fadeInUp\">\n\t\t\t\t\t\t<div class=\"col-inner\">\n\t\t\t\t\t\t\n<div class=\"badge-container badge-custom absolute right top z-1\">\n\n<\/div>\n\t\t\t\t\t\t<div class=\"product-small box has-hover box-vertical box-text-bottom\">\n\t\t\t\t\t\t\t<div class=\"box-image\" >\n\t\t\t\t\t\t\t\t<div class=\"\" >\n\t\t\t\t\t\t\t\t\t<a href=\"https:\/\/schaumweinkontor.com\/en\/produkt\/torre-del-gall-brut-reserva-cava-075-l\/\" aria-label=\"Torre del Gall Brut Reserva Cava 0,75 L\">\n\t\t\t\t\t\t\t\t\t\t<img loading=\"lazy\" decoding=\"async\" width=\"300\" height=\"300\" src=\"https:\/\/schaumweinkontor.com\/wp-content\/uploads\/2022\/06\/2-3-300x300.png\" class=\"attachment-medium size-medium\" alt=\"Torre del Gall Brut Reserva Cava 0,75 L\" srcset=\"https:\/\/schaumweinkontor.com\/wp-content\/uploads\/2022\/06\/2-3-300x300.png 300w, https:\/\/schaumweinkontor.com\/wp-content\/uploads\/2022\/06\/2-3-100x100.png 100w, https:\/\/schaumweinkontor.com\/wp-content\/uploads\/2022\/06\/2-3-510x510.png 510w, https:\/\/schaumweinkontor.com\/wp-content\/uploads\/2022\/06\/2-3-150x150.png 150w, https:\/\/schaumweinkontor.com\/wp-content\/uploads\/2022\/06\/2-3-768x768.png 768w, https:\/\/schaumweinkontor.com\/wp-content\/uploads\/2022\/06\/2-3.png 1000w\" sizes=\"auto, (max-width: 300px) 100vw, 300px\" \/>\t\t\t\t\t\t\t\t\t<\/a>\n\t\t\t\t\t\t\t\t\t\t\t\t\t\t\t\t\t\t \t\t\t\t\t\t\t\t<\/div>\n\t\t\t\t\t\t\t\t<div class=\"image-tools top right show-on-hover\">\n\t\t\t\t\t\t\t\t\t\t\t\t\t\t\t\t\t<\/div>\n\t\t\t\t\t\t\t\t\t\t\t\t\t\t\t\t\t<div class=\"image-tools grid-tools text-center hide-for-small bottom hover-slide-in show-on-hover\">\n\t\t\t\t\t\t\t\t\t\t\t\t\t\t\t\t\t\t\t<\/div>\n\t\t\t\t\t\t\t\t\t\t\t\t\t\t\t\t<div class=\"out-of-stock-label\">Out of stock<\/div>\t\t\t\t\t\t\t<\/div>\n\n\t\t\t\t\t\t\t<div class=\"box-text text-center\" >\n\t\t\t\t\t\t\t\t<div class=\"title-wrapper\">\t\t<p class=\"category uppercase is-smaller no-text-overflow product-cat op-7\">\n\t\t\tCava\t\t<\/p>\n\t<p class=\"name product-title woocommerce-loop-product__title\"><a href=\"https:\/\/schaumweinkontor.com\/en\/produkt\/torre-del-gall-brut-reserva-cava-075-l\/\" class=\"woocommerce-LoopProduct-link woocommerce-loop-product__link\">Torre del Gall Brut Reserva Cava 0,75 L<\/a><\/p><\/div><div class=\"price-wrapper\">\n\t<span class=\"price\"><span class=\"woocommerce-Price-amount amount\" role=\"none\"><bdi><span class=\"woocommerce-Price-currencySymbol\">&euro;<\/span>&nbsp;10,70<\/bdi><\/span> <small class=\"woocommerce-price-suffix\">inkl. MwSt.<\/small><\/span>\n<\/div><div class=\"add-to-cart-button\"><a href=\"https:\/\/schaumweinkontor.com\/en\/produkt\/torre-del-gall-brut-reserva-cava-075-l\/\" aria-describedby=\"woocommerce_loop_add_to_cart_link_describedby_4751\" data-quantity=\"1\" class=\"primary is-small mb-0 button product_type_simple is-outline\" data-product_id=\"4751\" data-product_sku=\"100300275\" aria-label=\"Read more about &ldquo;Torre del Gall Brut Reserva Cava 0,75 L&rdquo;\" rel=\"nofollow\" data-success_message=\"\">Read more<\/a><\/div>\t<span id=\"woocommerce_loop_add_to_cart_link_describedby_4751\" class=\"screen-reader-text\">\n\t\t\t<\/span>\n\t\t\t\t\t\t\t<\/div>\n\t\t\t\t\t\t<\/div>\n\t\t\t\t\t\t<\/div>\n\t\t\t\t\t<\/div><\/div>\n\n\n\t\t<\/div>\n\n\t\t\n<style>\n#section_1171248711 {\n  padding-top: 20px;\n  padding-bottom: 20px;\n  margin-bottom: 30px;\n}\n#section_1171248711 .section-bg.bg-loaded {\n  background-image: url(https:\/\/schaumweinkontor.com\/wp-content\/uploads\/2022\/06\/landscape-illu-gold-transp.png);\n}\n<\/style>\n\t<\/section>\n\t\n<div class=\"is-divider divider clearfix\" style=\"margin-top:3em;margin-bottom:3em;max-width:100%;background-color:rgba(183, 149, 73, 0.541);\"><\/div>\n\n\t<section class=\"section bg_winzer show-for-small\" id=\"section_46507044\">\n\t\t<div class=\"bg section-bg fill bg-fill  \" >\n\n\t\t\t\n\t\t\t\n\t\t\t\n\n\t\t<\/div>\n\n\t\t\n\n\t\t<div class=\"section-content relative\">\n\t\t\t\n\n<div class=\"row align-middle align-center\"  id=\"row-2065775452\">\n\n\n\t<div id=\"col-1409594183\" class=\"col small-12 large-12\"  >\n\t\t\t\t<div class=\"col-inner\"  >\n\t\t\t\n\t\t\t\n\n<h2 id=\"masia-mobile\" class=\"uppercase\" style=\"text-align: center;\">masia<\/h2>\n\n\t\t<\/div>\n\t\t\t\t\t<\/div>\n\n\t\n\n\n<style>\n#row-2065775452 > .col > .col-inner {\n  padding: 15px 0px 0px 0px;\n}\n<\/style>\n<\/div>\n\n  \n    <div class=\"row  equalize-box show-for-small large-columns-3 medium-columns-2 small-columns-1 row-large has-shadow row-box-shadow-2 row-box-shadow-4-hover\" >\n  \t\n\t     <div class=\"col\" data-animate=\"fadeInUp\">\n\t\t\t\t\t\t<div class=\"col-inner\">\n\t\t\t\t\t\t\n<div class=\"badge-container badge-custom absolute right top z-1\">\n\n<\/div>\n\t\t\t\t\t\t<div class=\"product-small box has-hover box-vertical box-text-bottom\">\n\t\t\t\t\t\t\t<div class=\"box-image\" >\n\t\t\t\t\t\t\t\t<div class=\"\" >\n\t\t\t\t\t\t\t\t\t<a href=\"https:\/\/schaumweinkontor.com\/en\/produkt\/masia-cava-bio-brut-reserva-075-l\/\" aria-label=\"Masia Cava Brut Gran Cuvee Organic 0,75 L\">\n\t\t\t\t\t\t\t\t\t\t<img loading=\"lazy\" decoding=\"async\" width=\"300\" height=\"300\" src=\"https:\/\/schaumweinkontor.com\/wp-content\/uploads\/2023\/04\/Masia-Cava-Brut-Reserva_1000x1000-px-300x300.png\" class=\"attachment-medium size-medium\" alt=\"Masia Cava Brut Gran Cuvee Organic 0,75 L\" srcset=\"https:\/\/schaumweinkontor.com\/wp-content\/uploads\/2023\/04\/Masia-Cava-Brut-Reserva_1000x1000-px-300x300.png 300w, https:\/\/schaumweinkontor.com\/wp-content\/uploads\/2023\/04\/Masia-Cava-Brut-Reserva_1000x1000-px-100x100.png 100w, https:\/\/schaumweinkontor.com\/wp-content\/uploads\/2023\/04\/Masia-Cava-Brut-Reserva_1000x1000-px-510x510.png 510w, https:\/\/schaumweinkontor.com\/wp-content\/uploads\/2023\/04\/Masia-Cava-Brut-Reserva_1000x1000-px-150x150.png 150w, https:\/\/schaumweinkontor.com\/wp-content\/uploads\/2023\/04\/Masia-Cava-Brut-Reserva_1000x1000-px-768x768.png 768w, https:\/\/schaumweinkontor.com\/wp-content\/uploads\/2023\/04\/Masia-Cava-Brut-Reserva_1000x1000-px.png 1000w\" sizes=\"auto, (max-width: 300px) 100vw, 300px\" \/>\t\t\t\t\t\t\t\t\t<\/a>\n\t\t\t\t\t\t\t\t\t\t\t\t\t\t\t\t\t\t \t\t\t\t\t\t\t\t<\/div>\n\t\t\t\t\t\t\t\t<div class=\"image-tools top right show-on-hover\">\n\t\t\t\t\t\t\t\t\t\t\t\t\t\t\t\t\t<\/div>\n\t\t\t\t\t\t\t\t\t\t\t\t\t\t\t\t\t<div class=\"image-tools grid-tools text-center hide-for-small bottom hover-slide-in show-on-hover\">\n\t\t\t\t\t\t\t\t\t\t\t\t\t\t\t\t\t\t\t<\/div>\n\t\t\t\t\t\t\t\t\t\t\t\t\t\t\t\t\t\t\t\t\t\t\t<\/div>\n\n\t\t\t\t\t\t\t<div class=\"box-text text-center\" >\n\t\t\t\t\t\t\t\t<div class=\"title-wrapper\">\t\t<p class=\"category uppercase is-smaller no-text-overflow product-cat op-7\">\n\t\t\tCava\t\t<\/p>\n\t<p class=\"name product-title woocommerce-loop-product__title\"><a href=\"https:\/\/schaumweinkontor.com\/en\/produkt\/masia-cava-bio-brut-reserva-075-l\/\" class=\"woocommerce-LoopProduct-link woocommerce-loop-product__link\">Masia Cava Brut Gran Cuvee Organic 0,75 L<\/a><\/p><\/div><div class=\"price-wrapper\">\n\t<span class=\"price\"><span class=\"woocommerce-Price-amount amount\" role=\"none\"><bdi><span class=\"woocommerce-Price-currencySymbol\">&euro;<\/span>&nbsp;9,90<\/bdi><\/span> <small class=\"woocommerce-price-suffix\">inkl. MwSt.<\/small><\/span>\n<\/div><div class=\"add-to-cart-button\"><a href=\"\/en\/wp-json\/wp\/v2\/pages\/4628?add-to-cart=4694\" aria-describedby=\"woocommerce_loop_add_to_cart_link_describedby_4694\" data-quantity=\"1\" class=\"primary is-small mb-0 button product_type_simple add_to_cart_button ajax_add_to_cart is-outline\" data-product_id=\"4694\" data-product_sku=\"100300344\" aria-label=\"Add to cart: &ldquo;Masia Cava Brut Gran Cuvee Organic 0,75 L&rdquo;\" rel=\"nofollow\" data-success_message=\"&ldquo;Masia Cava Brut Gran Cuvee Organic 0,75 L&rdquo; has been added to your cart\" role=\"button\">Add to cart<\/a><\/div>\t<span id=\"woocommerce_loop_add_to_cart_link_describedby_4694\" class=\"screen-reader-text\">\n\t\t\t<\/span>\n\t\t\t\t\t\t\t<\/div>\n\t\t\t\t\t\t<\/div>\n\t\t\t\t\t\t<\/div>\n\t\t\t\t\t<\/div><div class=\"col\" data-animate=\"fadeInUp\">\n\t\t\t\t\t\t<div class=\"col-inner\">\n\t\t\t\t\t\t\n<div class=\"badge-container badge-custom absolute right top z-1\">\n\n<\/div>\n\t\t\t\t\t\t<div class=\"product-small box has-hover box-vertical box-text-bottom\">\n\t\t\t\t\t\t\t<div class=\"box-image\" >\n\t\t\t\t\t\t\t\t<div class=\"\" >\n\t\t\t\t\t\t\t\t\t<a href=\"https:\/\/schaumweinkontor.com\/en\/produkt\/masia-cava-bio-brut-rose-reserva-075-l\/\" aria-label=\"Masia Cava Brut Ros\u00e9 Reserva 0,75 L organic\">\n\t\t\t\t\t\t\t\t\t\t<img loading=\"lazy\" decoding=\"async\" width=\"300\" height=\"300\" src=\"https:\/\/schaumweinkontor.com\/wp-content\/uploads\/2023\/04\/Masia-Cava-Brut-Rose_1000x1000-px-300x300.png\" class=\"attachment-medium size-medium\" alt=\"Masia Cava Brut Ros\u00e9 Reserva 0,75 L organic\" srcset=\"https:\/\/schaumweinkontor.com\/wp-content\/uploads\/2023\/04\/Masia-Cava-Brut-Rose_1000x1000-px-300x300.png 300w, https:\/\/schaumweinkontor.com\/wp-content\/uploads\/2023\/04\/Masia-Cava-Brut-Rose_1000x1000-px-100x100.png 100w, https:\/\/schaumweinkontor.com\/wp-content\/uploads\/2023\/04\/Masia-Cava-Brut-Rose_1000x1000-px-510x510.png 510w, https:\/\/schaumweinkontor.com\/wp-content\/uploads\/2023\/04\/Masia-Cava-Brut-Rose_1000x1000-px-150x150.png 150w, https:\/\/schaumweinkontor.com\/wp-content\/uploads\/2023\/04\/Masia-Cava-Brut-Rose_1000x1000-px-768x768.png 768w, https:\/\/schaumweinkontor.com\/wp-content\/uploads\/2023\/04\/Masia-Cava-Brut-Rose_1000x1000-px.png 1000w\" sizes=\"auto, (max-width: 300px) 100vw, 300px\" \/>\t\t\t\t\t\t\t\t\t<\/a>\n\t\t\t\t\t\t\t\t\t\t\t\t\t\t\t\t\t\t \t\t\t\t\t\t\t\t<\/div>\n\t\t\t\t\t\t\t\t<div class=\"image-tools top right show-on-hover\">\n\t\t\t\t\t\t\t\t\t\t\t\t\t\t\t\t\t<\/div>\n\t\t\t\t\t\t\t\t\t\t\t\t\t\t\t\t\t<div class=\"image-tools grid-tools text-center hide-for-small bottom hover-slide-in show-on-hover\">\n\t\t\t\t\t\t\t\t\t\t\t\t\t\t\t\t\t\t\t<\/div>\n\t\t\t\t\t\t\t\t\t\t\t\t\t\t\t\t\t\t\t\t\t\t\t<\/div>\n\n\t\t\t\t\t\t\t<div class=\"box-text text-center\" >\n\t\t\t\t\t\t\t\t<div class=\"title-wrapper\">\t\t<p class=\"category uppercase is-smaller no-text-overflow product-cat op-7\">\n\t\t\tCava\t\t<\/p>\n\t<p class=\"name product-title woocommerce-loop-product__title\"><a href=\"https:\/\/schaumweinkontor.com\/en\/produkt\/masia-cava-bio-brut-rose-reserva-075-l\/\" class=\"woocommerce-LoopProduct-link woocommerce-loop-product__link\">Masia Cava Brut Ros\u00e9 Reserva 0,75 L organic<\/a><\/p><\/div><div class=\"price-wrapper\">\n\t<span class=\"price\"><span class=\"woocommerce-Price-amount amount\" role=\"none\"><bdi><span class=\"woocommerce-Price-currencySymbol\">&euro;<\/span>&nbsp;9,90<\/bdi><\/span> <small class=\"woocommerce-price-suffix\">inkl. MwSt.<\/small><\/span>\n<\/div><div class=\"add-to-cart-button\"><a href=\"\/en\/wp-json\/wp\/v2\/pages\/4628?add-to-cart=4695\" aria-describedby=\"woocommerce_loop_add_to_cart_link_describedby_4695\" data-quantity=\"1\" class=\"primary is-small mb-0 button product_type_simple add_to_cart_button ajax_add_to_cart is-outline\" data-product_id=\"4695\" data-product_sku=\"100300345\" aria-label=\"Add to cart: &ldquo;Masia Cava Brut Ros\u00e9 Reserva 0,75 L organic&rdquo;\" rel=\"nofollow\" data-success_message=\"&ldquo;Masia Cava Brut Ros\u00e9 Reserva 0,75 L organic&rdquo; has been added to your cart\" role=\"button\">Add to cart<\/a><\/div>\t<span id=\"woocommerce_loop_add_to_cart_link_describedby_4695\" class=\"screen-reader-text\">\n\t\t\t<\/span>\n\t\t\t\t\t\t\t<\/div>\n\t\t\t\t\t\t<\/div>\n\t\t\t\t\t\t<\/div>\n\t\t\t\t\t<\/div><div class=\"col\" data-animate=\"fadeInUp\">\n\t\t\t\t\t\t<div class=\"col-inner\">\n\t\t\t\t\t\t\n<div class=\"badge-container badge-custom absolute right top z-1\">\n\n<\/div>\n\t\t\t\t\t\t<div class=\"product-small box has-hover box-vertical box-text-bottom\">\n\t\t\t\t\t\t\t<div class=\"box-image\" >\n\t\t\t\t\t\t\t\t<div class=\"\" >\n\t\t\t\t\t\t\t\t\t<a href=\"https:\/\/schaumweinkontor.com\/en\/produkt\/masia-cava-brut-gran-cuvee-organic-075-l-copy\/\" aria-label=\"Masia Cava Brut Gran Cuvee Organic 1,5 L\">\n\t\t\t\t\t\t\t\t\t\t<img loading=\"lazy\" decoding=\"async\" width=\"300\" height=\"300\" src=\"https:\/\/schaumweinkontor.com\/wp-content\/uploads\/2023\/04\/Masia-Cava-Brut-Reserva_1000x1000-px-300x300.png\" class=\"attachment-medium size-medium\" alt=\"Masia Cava Brut Gran Cuvee Organic 1,5 L\" srcset=\"https:\/\/schaumweinkontor.com\/wp-content\/uploads\/2023\/04\/Masia-Cava-Brut-Reserva_1000x1000-px-300x300.png 300w, https:\/\/schaumweinkontor.com\/wp-content\/uploads\/2023\/04\/Masia-Cava-Brut-Reserva_1000x1000-px-100x100.png 100w, https:\/\/schaumweinkontor.com\/wp-content\/uploads\/2023\/04\/Masia-Cava-Brut-Reserva_1000x1000-px-510x510.png 510w, https:\/\/schaumweinkontor.com\/wp-content\/uploads\/2023\/04\/Masia-Cava-Brut-Reserva_1000x1000-px-150x150.png 150w, https:\/\/schaumweinkontor.com\/wp-content\/uploads\/2023\/04\/Masia-Cava-Brut-Reserva_1000x1000-px-768x768.png 768w, https:\/\/schaumweinkontor.com\/wp-content\/uploads\/2023\/04\/Masia-Cava-Brut-Reserva_1000x1000-px.png 1000w\" sizes=\"auto, (max-width: 300px) 100vw, 300px\" \/>\t\t\t\t\t\t\t\t\t<\/a>\n\t\t\t\t\t\t\t\t\t\t\t\t\t\t\t\t\t\t \t\t\t\t\t\t\t\t<\/div>\n\t\t\t\t\t\t\t\t<div class=\"image-tools top right show-on-hover\">\n\t\t\t\t\t\t\t\t\t\t\t\t\t\t\t\t\t<\/div>\n\t\t\t\t\t\t\t\t\t\t\t\t\t\t\t\t\t<div class=\"image-tools grid-tools text-center hide-for-small bottom hover-slide-in show-on-hover\">\n\t\t\t\t\t\t\t\t\t\t\t\t\t\t\t\t\t\t\t<\/div>\n\t\t\t\t\t\t\t\t\t\t\t\t\t\t\t\t\t\t\t\t\t\t\t<\/div>\n\n\t\t\t\t\t\t\t<div class=\"box-text text-center\" >\n\t\t\t\t\t\t\t\t<div class=\"title-wrapper\">\t\t<p class=\"category uppercase is-smaller no-text-overflow product-cat op-7\">\n\t\t\tCava\t\t<\/p>\n\t<p class=\"name product-title woocommerce-loop-product__title\"><a href=\"https:\/\/schaumweinkontor.com\/en\/produkt\/masia-cava-brut-gran-cuvee-organic-075-l-copy\/\" class=\"woocommerce-LoopProduct-link woocommerce-loop-product__link\">Masia Cava Brut Gran Cuvee Organic 1,5 L<\/a><\/p><\/div><div class=\"price-wrapper\">\n\t<span class=\"price\"><span class=\"woocommerce-Price-amount amount\" role=\"none\"><bdi><span class=\"woocommerce-Price-currencySymbol\">&euro;<\/span>&nbsp;21,80<\/bdi><\/span> <small class=\"woocommerce-price-suffix\">inkl. MwSt.<\/small><\/span>\n<\/div><div class=\"add-to-cart-button\"><a href=\"\/en\/wp-json\/wp\/v2\/pages\/4628?add-to-cart=5328\" aria-describedby=\"woocommerce_loop_add_to_cart_link_describedby_5328\" data-quantity=\"1\" class=\"primary is-small mb-0 button product_type_simple add_to_cart_button ajax_add_to_cart is-outline\" data-product_id=\"5328\" data-product_sku=\"100300346\" aria-label=\"Add to cart: &ldquo;Masia Cava Brut Gran Cuvee Organic 1,5 L&rdquo;\" rel=\"nofollow\" data-success_message=\"&ldquo;Masia Cava Brut Gran Cuvee Organic 1,5 L&rdquo; has been added to your cart\" role=\"button\">Add to cart<\/a><\/div>\t<span id=\"woocommerce_loop_add_to_cart_link_describedby_5328\" class=\"screen-reader-text\">\n\t\t\t<\/span>\n\t\t\t\t\t\t\t<\/div>\n\t\t\t\t\t\t<\/div>\n\t\t\t\t\t\t<\/div>\n\t\t\t\t\t<\/div><\/div>\n\n\n\t\t<\/div>\n\n\t\t\n<style>\n#section_46507044 {\n  padding-top: 20px;\n  padding-bottom: 20px;\n  margin-bottom: 30px;\n}\n#section_46507044 .section-bg.bg-loaded {\n  background-image: url(https:\/\/schaumweinkontor.com\/wp-content\/uploads\/2022\/06\/landscape-illu-gold-transp.png);\n}\n<\/style>\n\t<\/section>\n\t\n\n<\/div>\n<div id=\"en-mobile\">\n<div class=\"row row-collapse row-full-width align-middle blau-verlauf show-for-medium\"  id=\"row-1430439952\">\n\n\n\t<div id=\"col-657596024\" class=\"col medium-6 small-5 large-6\"  >\n\t\t\t\t<div class=\"col-inner\"  >\n\t\t\t\n\t\t\t\n\n\t<div id=\"text-3088624621\" class=\"text\">\n\t\t\n\n<h2><span style=\"font-size: 75%;\">England<\/span><\/h2>\n\t\t\n<style>\n#text-3088624621 {\n  font-size: 1.5rem;\n  line-height: 2;\n}\n<\/style>\n\t<\/div>\n\t\n\n\t\t<\/div>\n\t\t\t\t\t<\/div>\n\n\t\n\n\t<div id=\"col-403854883\" class=\"col medium-6 small-7 large-6\"  >\n\t\t\t\t<div class=\"col-inner\"  >\n\t\t\t\n\t\t\t\n\n<h5 id=\"SparklingWine-mobile\" class=\"uppercase\" style=\"text-align: right;\"><span style=\"color: #b79549; font-size: 75%;\">Sparkling Wine<\/span><\/h5>\n\n\t\t<\/div>\n\t\t\t\t\t<\/div>\n\n\t\n\n\n<style>\n#row-1430439952 > .col > .col-inner {\n  padding: 0px 20px 0px 20px;\n  border-radius: 74px;\n}\n<\/style>\n<\/div>\n\t<section class=\"section bg_winzer show-for-medium\" id=\"section_1956317104\">\n\t\t<div class=\"bg section-bg fill bg-fill  \" >\n\n\t\t\t\n\t\t\t\n\t\t\t\n\n\t\t<\/div>\n\n\t\t\n\n\t\t<div class=\"section-content relative\">\n\t\t\t\n\n<div class=\"row row-collapse row-full-width align-middle align-center\"  id=\"row-2139360026\">\n\n\n\t<div id=\"col-968523658\" class=\"col small-12 large-12\"  >\n\t\t\t\t<div class=\"col-inner\"  >\n\t\t\t\n\t\t\t\n\n<h2 id=\"HattingleyValley-mobile\" class=\"uppercase\" style=\"text-align: center;\"><span style=\"font-size: 90%;\">Hattingley Valley<\/span><\/h2>\n\n\t\t<\/div>\n\t\t\t\t\t<\/div>\n\n\t\n\n\n<style>\n#row-2139360026 > .col > .col-inner {\n  padding: 0 0px 0px 0px;\n}\n@media (min-width:550px) {\n  #row-2139360026 > .col > .col-inner {\n    padding: 15px 0px 0px 0px;\n  }\n}\n<\/style>\n<\/div>\n\n\t\t<\/div>\n\n\t\t\n<style>\n#section_1956317104 {\n  padding-top: 40px;\n  padding-bottom: 40px;\n  margin-bottom: 20px;\n}\n#section_1956317104 .section-bg.bg-loaded {\n  background-image: url(https:\/\/schaumweinkontor.com\/wp-content\/uploads\/2022\/06\/landscape-illu-gold-transp.png);\n}\n@media (min-width:550px) {\n  #section_1956317104 {\n    padding-top: 20px;\n    padding-bottom: 20px;\n  }\n}\n<\/style>\n\t<\/section>\n\t\n<div class=\"row row-full-width align-middle align-center margin-auto\"  id=\"row-1902690064\">\n\n\n\t<div id=\"col-724053128\" class=\"col small-12 large-12\"  >\n\t\t\t\t<div class=\"col-inner\"  >\n\t\t\t\n\t\t\t\n\n\n  \n    <div class=\"row  equalize-box show-for-small large-columns-3 medium-columns- small-columns-1 row-large has-shadow row-box-shadow-2 row-box-shadow-4-hover\" >\n  \t\n\t     <div class=\"col\" data-animate=\"fadeInUp\">\n\t\t\t\t\t\t<div class=\"col-inner\">\n\t\t\t\t\t\t\n<div class=\"badge-container badge-custom absolute right top z-1\">\n\n<\/div>\n\t\t\t\t\t\t<div class=\"product-small box has-hover box-vertical box-text-bottom\">\n\t\t\t\t\t\t\t<div class=\"box-image\" >\n\t\t\t\t\t\t\t\t<div class=\"\" >\n\t\t\t\t\t\t\t\t\t<a href=\"https:\/\/schaumweinkontor.com\/en\/produkt\/hattingley-valley-classic-reserve-n-075-l\/\" aria-label=\"Hattingley Valley Classic Reserve NV 0,75 L\">\n\t\t\t\t\t\t\t\t\t\t<img loading=\"lazy\" decoding=\"async\" width=\"300\" height=\"300\" src=\"https:\/\/schaumweinkontor.com\/wp-content\/uploads\/2023\/04\/Hattingley-Classic_1000x1000-px-300x300.png\" class=\"attachment-medium size-medium\" alt=\"Hattingley Valley Classic Reserve NV\u00a0\" srcset=\"https:\/\/schaumweinkontor.com\/wp-content\/uploads\/2023\/04\/Hattingley-Classic_1000x1000-px-300x300.png 300w, https:\/\/schaumweinkontor.com\/wp-content\/uploads\/2023\/04\/Hattingley-Classic_1000x1000-px-100x100.png 100w, https:\/\/schaumweinkontor.com\/wp-content\/uploads\/2023\/04\/Hattingley-Classic_1000x1000-px-510x510.png 510w, https:\/\/schaumweinkontor.com\/wp-content\/uploads\/2023\/04\/Hattingley-Classic_1000x1000-px-150x150.png 150w, https:\/\/schaumweinkontor.com\/wp-content\/uploads\/2023\/04\/Hattingley-Classic_1000x1000-px-768x768.png 768w, https:\/\/schaumweinkontor.com\/wp-content\/uploads\/2023\/04\/Hattingley-Classic_1000x1000-px.png 1000w\" sizes=\"auto, (max-width: 300px) 100vw, 300px\" \/>\t\t\t\t\t\t\t\t\t<\/a>\n\t\t\t\t\t\t\t\t\t\t\t\t\t\t\t\t\t\t \t\t\t\t\t\t\t\t<\/div>\n\t\t\t\t\t\t\t\t<div class=\"image-tools top right show-on-hover\">\n\t\t\t\t\t\t\t\t\t\t\t\t\t\t\t\t\t<\/div>\n\t\t\t\t\t\t\t\t\t\t\t\t\t\t\t\t\t<div class=\"image-tools grid-tools text-center hide-for-small bottom hover-slide-in show-on-hover\">\n\t\t\t\t\t\t\t\t\t\t\t\t\t\t\t\t\t\t\t<\/div>\n\t\t\t\t\t\t\t\t\t\t\t\t\t\t\t\t\t\t\t\t\t\t\t<\/div>\n\n\t\t\t\t\t\t\t<div class=\"box-text text-center\" >\n\t\t\t\t\t\t\t\t<div class=\"title-wrapper\">\t\t<p class=\"category uppercase is-smaller no-text-overflow product-cat op-7\">\n\t\t\tHattingley Valley\t\t<\/p>\n\t<p class=\"name product-title woocommerce-loop-product__title\"><a href=\"https:\/\/schaumweinkontor.com\/en\/produkt\/hattingley-valley-classic-reserve-n-075-l\/\" class=\"woocommerce-LoopProduct-link woocommerce-loop-product__link\">Hattingley Valley Classic Reserve NV 0,75 L<\/a><\/p><\/div><div class=\"price-wrapper\">\n\t<span class=\"price\"><span class=\"woocommerce-Price-amount amount\" role=\"none\"><bdi><span class=\"woocommerce-Price-currencySymbol\">&euro;<\/span>&nbsp;33,90<\/bdi><\/span> <small class=\"woocommerce-price-suffix\">inkl. MwSt.<\/small><\/span>\n<\/div><div class=\"add-to-cart-button\"><a href=\"\/en\/wp-json\/wp\/v2\/pages\/4628?add-to-cart=4693\" aria-describedby=\"woocommerce_loop_add_to_cart_link_describedby_4693\" data-quantity=\"1\" class=\"primary is-small mb-0 button product_type_simple add_to_cart_button ajax_add_to_cart is-outline\" data-product_id=\"4693\" data-product_sku=\"100300329\" aria-label=\"Add to cart: &ldquo;Hattingley Valley Classic Reserve NV 0,75 L&rdquo;\" rel=\"nofollow\" data-success_message=\"&ldquo;Hattingley Valley Classic Reserve NV 0,75 L&rdquo; has been added to your cart\" role=\"button\">Add to cart<\/a><\/div>\t<span id=\"woocommerce_loop_add_to_cart_link_describedby_4693\" class=\"screen-reader-text\">\n\t\t\t<\/span>\n\t\t\t\t\t\t\t<\/div>\n\t\t\t\t\t\t<\/div>\n\t\t\t\t\t\t<\/div>\n\t\t\t\t\t<\/div><div class=\"col\" data-animate=\"fadeInUp\">\n\t\t\t\t\t\t<div class=\"col-inner\">\n\t\t\t\t\t\t\n<div class=\"badge-container badge-custom absolute right top z-1\">\n\n<\/div>\n\t\t\t\t\t\t<div class=\"product-small box has-hover box-vertical box-text-bottom\">\n\t\t\t\t\t\t\t<div class=\"box-image\" >\n\t\t\t\t\t\t\t\t<div class=\"\" >\n\t\t\t\t\t\t\t\t\t<a href=\"https:\/\/schaumweinkontor.com\/en\/produkt\/hattingley-valley-rose-2019-075-l\/\" aria-label=\"Hattingley Valley Ros\u00e9 2019 0,75 L\">\n\t\t\t\t\t\t\t\t\t\t<img loading=\"lazy\" decoding=\"async\" width=\"300\" height=\"300\" src=\"https:\/\/schaumweinkontor.com\/wp-content\/uploads\/2023\/04\/Hattingley-Valle-Rose_1000x1000-px-300x300.png\" class=\"attachment-medium size-medium\" alt=\"Hattingley Valley Ros\u00e9 2019 0,75 L\" srcset=\"https:\/\/schaumweinkontor.com\/wp-content\/uploads\/2023\/04\/Hattingley-Valle-Rose_1000x1000-px-300x300.png 300w, https:\/\/schaumweinkontor.com\/wp-content\/uploads\/2023\/04\/Hattingley-Valle-Rose_1000x1000-px-100x100.png 100w, https:\/\/schaumweinkontor.com\/wp-content\/uploads\/2023\/04\/Hattingley-Valle-Rose_1000x1000-px-510x510.png 510w, https:\/\/schaumweinkontor.com\/wp-content\/uploads\/2023\/04\/Hattingley-Valle-Rose_1000x1000-px-150x150.png 150w, https:\/\/schaumweinkontor.com\/wp-content\/uploads\/2023\/04\/Hattingley-Valle-Rose_1000x1000-px-768x768.png 768w, https:\/\/schaumweinkontor.com\/wp-content\/uploads\/2023\/04\/Hattingley-Valle-Rose_1000x1000-px.png 1000w\" sizes=\"auto, (max-width: 300px) 100vw, 300px\" \/>\t\t\t\t\t\t\t\t\t<\/a>\n\t\t\t\t\t\t\t\t\t\t\t\t\t\t\t\t\t\t \t\t\t\t\t\t\t\t<\/div>\n\t\t\t\t\t\t\t\t<div class=\"image-tools top right show-on-hover\">\n\t\t\t\t\t\t\t\t\t\t\t\t\t\t\t\t\t<\/div>\n\t\t\t\t\t\t\t\t\t\t\t\t\t\t\t\t\t<div class=\"image-tools grid-tools text-center hide-for-small bottom hover-slide-in show-on-hover\">\n\t\t\t\t\t\t\t\t\t\t\t\t\t\t\t\t\t\t\t<\/div>\n\t\t\t\t\t\t\t\t\t\t\t\t\t\t\t\t\t\t\t\t\t\t\t<\/div>\n\n\t\t\t\t\t\t\t<div class=\"box-text text-center\" >\n\t\t\t\t\t\t\t\t<div class=\"title-wrapper\">\t\t<p class=\"category uppercase is-smaller no-text-overflow product-cat op-7\">\n\t\t\tHattingley Valley\t\t<\/p>\n\t<p class=\"name product-title woocommerce-loop-product__title\"><a href=\"https:\/\/schaumweinkontor.com\/en\/produkt\/hattingley-valley-rose-2019-075-l\/\" class=\"woocommerce-LoopProduct-link woocommerce-loop-product__link\">Hattingley Valley Ros\u00e9 2019 0,75 L<\/a><\/p><\/div><div class=\"price-wrapper\">\n\t<span class=\"price\"><span class=\"woocommerce-Price-amount amount\" role=\"none\"><bdi><span class=\"woocommerce-Price-currencySymbol\">&euro;<\/span>&nbsp;44,90<\/bdi><\/span> <small class=\"woocommerce-price-suffix\">inkl. MwSt.<\/small><\/span>\n<\/div><div class=\"add-to-cart-button\"><a href=\"\/en\/wp-json\/wp\/v2\/pages\/4628?add-to-cart=4692\" aria-describedby=\"woocommerce_loop_add_to_cart_link_describedby_4692\" data-quantity=\"1\" class=\"primary is-small mb-0 button product_type_simple add_to_cart_button ajax_add_to_cart is-outline\" data-product_id=\"4692\" data-product_sku=\"100300330\" aria-label=\"Add to cart: &ldquo;Hattingley Valley Ros\u00e9 2019 0,75 L&rdquo;\" rel=\"nofollow\" data-success_message=\"&ldquo;Hattingley Valley Ros\u00e9 2019 0,75 L&rdquo; has been added to your cart\" role=\"button\">Add to cart<\/a><\/div>\t<span id=\"woocommerce_loop_add_to_cart_link_describedby_4692\" class=\"screen-reader-text\">\n\t\t\t<\/span>\n\t\t\t\t\t\t\t<\/div>\n\t\t\t\t\t\t<\/div>\n\t\t\t\t\t\t<\/div>\n\t\t\t\t\t<\/div><div class=\"col\" data-animate=\"fadeInUp\">\n\t\t\t\t\t\t<div class=\"col-inner\">\n\t\t\t\t\t\t\n<div class=\"badge-container badge-custom absolute right top z-1\">\n\n<\/div>\n\t\t\t\t\t\t<div class=\"product-small box has-hover box-vertical box-text-bottom\">\n\t\t\t\t\t\t\t<div class=\"box-image\" >\n\t\t\t\t\t\t\t\t<div class=\"\" >\n\t\t\t\t\t\t\t\t\t<a href=\"https:\/\/schaumweinkontor.com\/en\/produkt\/hattingley-valley-blanc-de-blancs-2014-075-l\/\" aria-label=\"Hattingley Valley Blanc de Blancs 2014 0,75 L\">\n\t\t\t\t\t\t\t\t\t\t<img loading=\"lazy\" decoding=\"async\" width=\"300\" height=\"300\" src=\"https:\/\/schaumweinkontor.com\/wp-content\/uploads\/2023\/04\/Hattingley-Banc-de-Blacs_1000x1000-px-300x300.png\" class=\"attachment-medium size-medium\" alt=\"Hattingley Valley Blanc de Blancs 2014 0,75 L\" srcset=\"https:\/\/schaumweinkontor.com\/wp-content\/uploads\/2023\/04\/Hattingley-Banc-de-Blacs_1000x1000-px-300x300.png 300w, https:\/\/schaumweinkontor.com\/wp-content\/uploads\/2023\/04\/Hattingley-Banc-de-Blacs_1000x1000-px-100x100.png 100w, https:\/\/schaumweinkontor.com\/wp-content\/uploads\/2023\/04\/Hattingley-Banc-de-Blacs_1000x1000-px-510x510.png 510w, https:\/\/schaumweinkontor.com\/wp-content\/uploads\/2023\/04\/Hattingley-Banc-de-Blacs_1000x1000-px-150x150.png 150w, https:\/\/schaumweinkontor.com\/wp-content\/uploads\/2023\/04\/Hattingley-Banc-de-Blacs_1000x1000-px-768x768.png 768w, https:\/\/schaumweinkontor.com\/wp-content\/uploads\/2023\/04\/Hattingley-Banc-de-Blacs_1000x1000-px.png 1000w\" sizes=\"auto, (max-width: 300px) 100vw, 300px\" \/>\t\t\t\t\t\t\t\t\t<\/a>\n\t\t\t\t\t\t\t\t\t\t\t\t\t\t\t\t\t\t \t\t\t\t\t\t\t\t<\/div>\n\t\t\t\t\t\t\t\t<div class=\"image-tools top right show-on-hover\">\n\t\t\t\t\t\t\t\t\t\t\t\t\t\t\t\t\t<\/div>\n\t\t\t\t\t\t\t\t\t\t\t\t\t\t\t\t\t<div class=\"image-tools grid-tools text-center hide-for-small bottom hover-slide-in show-on-hover\">\n\t\t\t\t\t\t\t\t\t\t\t\t\t\t\t\t\t\t\t<\/div>\n\t\t\t\t\t\t\t\t\t\t\t\t\t\t\t\t\t\t\t\t\t\t\t<\/div>\n\n\t\t\t\t\t\t\t<div class=\"box-text text-center\" >\n\t\t\t\t\t\t\t\t<div class=\"title-wrapper\">\t\t<p class=\"category uppercase is-smaller no-text-overflow product-cat op-7\">\n\t\t\tHattingley Valley\t\t<\/p>\n\t<p class=\"name product-title woocommerce-loop-product__title\"><a href=\"https:\/\/schaumweinkontor.com\/en\/produkt\/hattingley-valley-blanc-de-blancs-2014-075-l\/\" class=\"woocommerce-LoopProduct-link woocommerce-loop-product__link\">Hattingley Valley Blanc de Blancs 2014 0,75 L<\/a><\/p><\/div><div class=\"price-wrapper\">\n\t<span class=\"price\"><span class=\"woocommerce-Price-amount amount\" role=\"none\"><bdi><span class=\"woocommerce-Price-currencySymbol\">&euro;<\/span>&nbsp;47,00<\/bdi><\/span> <small class=\"woocommerce-price-suffix\">inkl. MwSt.<\/small><\/span>\n<\/div><div class=\"add-to-cart-button\"><a href=\"\/en\/wp-json\/wp\/v2\/pages\/4628?add-to-cart=4691\" aria-describedby=\"woocommerce_loop_add_to_cart_link_describedby_4691\" data-quantity=\"1\" class=\"primary is-small mb-0 button product_type_simple add_to_cart_button ajax_add_to_cart is-outline\" data-product_id=\"4691\" data-product_sku=\"100300331\" aria-label=\"Add to cart: &ldquo;Hattingley Valley Blanc de Blancs 2014 0,75 L&rdquo;\" rel=\"nofollow\" data-success_message=\"&ldquo;Hattingley Valley Blanc de Blancs 2014 0,75 L&rdquo; has been added to your cart\" role=\"button\">Add to cart<\/a><\/div>\t<span id=\"woocommerce_loop_add_to_cart_link_describedby_4691\" class=\"screen-reader-text\">\n\t\t\t<\/span>\n\t\t\t\t\t\t\t<\/div>\n\t\t\t\t\t\t<\/div>\n\t\t\t\t\t\t<\/div>\n\t\t\t\t\t<\/div><div class=\"col\" data-animate=\"fadeInUp\">\n\t\t\t\t\t\t<div class=\"col-inner\">\n\t\t\t\t\t\t\n<div class=\"badge-container badge-custom absolute right top z-1\">\n\n<\/div>\n\t\t\t\t\t\t<div class=\"product-small box has-hover box-vertical box-text-bottom\">\n\t\t\t\t\t\t\t<div class=\"box-image\" >\n\t\t\t\t\t\t\t\t<div class=\"\" >\n\t\t\t\t\t\t\t\t\t<a href=\"https:\/\/schaumweinkontor.com\/en\/produkt\/hattingley-valley-classic-reserve-n-15-l-magnum\/\" aria-label=\"Hattingley Valley Classic Reserve N 1,5 L Magnum\">\n\t\t\t\t\t\t\t\t\t\t<img loading=\"lazy\" decoding=\"async\" width=\"300\" height=\"300\" src=\"https:\/\/schaumweinkontor.com\/wp-content\/uploads\/2023\/04\/Hattingley-Classic_1000x1000-px-300x300.png\" class=\"attachment-medium size-medium\" alt=\"Hattingley Valley Classic Reserve NV\u00a0\" srcset=\"https:\/\/schaumweinkontor.com\/wp-content\/uploads\/2023\/04\/Hattingley-Classic_1000x1000-px-300x300.png 300w, https:\/\/schaumweinkontor.com\/wp-content\/uploads\/2023\/04\/Hattingley-Classic_1000x1000-px-100x100.png 100w, https:\/\/schaumweinkontor.com\/wp-content\/uploads\/2023\/04\/Hattingley-Classic_1000x1000-px-510x510.png 510w, https:\/\/schaumweinkontor.com\/wp-content\/uploads\/2023\/04\/Hattingley-Classic_1000x1000-px-150x150.png 150w, https:\/\/schaumweinkontor.com\/wp-content\/uploads\/2023\/04\/Hattingley-Classic_1000x1000-px-768x768.png 768w, https:\/\/schaumweinkontor.com\/wp-content\/uploads\/2023\/04\/Hattingley-Classic_1000x1000-px.png 1000w\" sizes=\"auto, (max-width: 300px) 100vw, 300px\" \/>\t\t\t\t\t\t\t\t\t<\/a>\n\t\t\t\t\t\t\t\t\t\t\t\t\t\t\t\t\t\t \t\t\t\t\t\t\t\t<\/div>\n\t\t\t\t\t\t\t\t<div class=\"image-tools top right show-on-hover\">\n\t\t\t\t\t\t\t\t\t\t\t\t\t\t\t\t\t<\/div>\n\t\t\t\t\t\t\t\t\t\t\t\t\t\t\t\t\t<div class=\"image-tools grid-tools text-center hide-for-small bottom hover-slide-in show-on-hover\">\n\t\t\t\t\t\t\t\t\t\t\t\t\t\t\t\t\t\t\t<\/div>\n\t\t\t\t\t\t\t\t\t\t\t\t\t\t\t\t\t\t\t\t\t\t\t<\/div>\n\n\t\t\t\t\t\t\t<div class=\"box-text text-center\" >\n\t\t\t\t\t\t\t\t<div class=\"title-wrapper\">\t\t<p class=\"category uppercase is-smaller no-text-overflow product-cat op-7\">\n\t\t\tHattingley Valley\t\t<\/p>\n\t<p class=\"name product-title woocommerce-loop-product__title\"><a href=\"https:\/\/schaumweinkontor.com\/en\/produkt\/hattingley-valley-classic-reserve-n-15-l-magnum\/\" class=\"woocommerce-LoopProduct-link woocommerce-loop-product__link\">Hattingley Valley Classic Reserve N 1,5 L Magnum<\/a><\/p><\/div><div class=\"price-wrapper\">\n\t<span class=\"price\"><span class=\"woocommerce-Price-amount amount\" role=\"none\"><bdi><span class=\"woocommerce-Price-currencySymbol\">&euro;<\/span>&nbsp;74,00<\/bdi><\/span> <small class=\"woocommerce-price-suffix\">inkl. MwSt.<\/small><\/span>\n<\/div><div class=\"add-to-cart-button\"><a href=\"\/en\/wp-json\/wp\/v2\/pages\/4628?add-to-cart=4671\" aria-describedby=\"woocommerce_loop_add_to_cart_link_describedby_4671\" data-quantity=\"1\" class=\"primary is-small mb-0 button product_type_simple add_to_cart_button ajax_add_to_cart is-outline\" data-product_id=\"4671\" data-product_sku=\"100300333\" aria-label=\"Add to cart: &ldquo;Hattingley Valley Classic Reserve N 1,5 L Magnum&rdquo;\" rel=\"nofollow\" data-success_message=\"&ldquo;Hattingley Valley Classic Reserve N 1,5 L Magnum&rdquo; has been added to your cart\" role=\"button\">Add to cart<\/a><\/div>\t<span id=\"woocommerce_loop_add_to_cart_link_describedby_4671\" class=\"screen-reader-text\">\n\t\t\t<\/span>\n\t\t\t\t\t\t\t<\/div>\n\t\t\t\t\t\t<\/div>\n\t\t\t\t\t\t<\/div>\n\t\t\t\t\t<\/div><div class=\"col\" data-animate=\"fadeInUp\">\n\t\t\t\t\t\t<div class=\"col-inner\">\n\t\t\t\t\t\t\n<div class=\"badge-container badge-custom absolute right top z-1\">\n\n<\/div>\n\t\t\t\t\t\t<div class=\"product-small box has-hover box-vertical box-text-bottom\">\n\t\t\t\t\t\t\t<div class=\"box-image\" >\n\t\t\t\t\t\t\t\t<div class=\"\" >\n\t\t\t\t\t\t\t\t\t<a href=\"https:\/\/schaumweinkontor.com\/en\/produkt\/hattingley-valley-kings-cuvee-2015-075-l\/\" aria-label=\"Hattingley Valley Kings Cuv\u00e9e 2015 0,75 L\">\n\t\t\t\t\t\t\t\t\t\t<img loading=\"lazy\" decoding=\"async\" width=\"300\" height=\"300\" src=\"https:\/\/schaumweinkontor.com\/wp-content\/uploads\/2023\/04\/Hattingly-Kings-Cuvee_1000x1000-px-300x300.png\" class=\"attachment-medium size-medium\" alt=\"Hattingley Valley Kings Cuv\u00e9e 2015 0,75 L\" srcset=\"https:\/\/schaumweinkontor.com\/wp-content\/uploads\/2023\/04\/Hattingly-Kings-Cuvee_1000x1000-px-300x300.png 300w, https:\/\/schaumweinkontor.com\/wp-content\/uploads\/2023\/04\/Hattingly-Kings-Cuvee_1000x1000-px-100x100.png 100w, https:\/\/schaumweinkontor.com\/wp-content\/uploads\/2023\/04\/Hattingly-Kings-Cuvee_1000x1000-px-510x510.png 510w, https:\/\/schaumweinkontor.com\/wp-content\/uploads\/2023\/04\/Hattingly-Kings-Cuvee_1000x1000-px-150x150.png 150w, https:\/\/schaumweinkontor.com\/wp-content\/uploads\/2023\/04\/Hattingly-Kings-Cuvee_1000x1000-px-768x768.png 768w, https:\/\/schaumweinkontor.com\/wp-content\/uploads\/2023\/04\/Hattingly-Kings-Cuvee_1000x1000-px.png 1000w\" sizes=\"auto, (max-width: 300px) 100vw, 300px\" \/>\t\t\t\t\t\t\t\t\t<\/a>\n\t\t\t\t\t\t\t\t\t\t\t\t\t\t\t\t\t\t \t\t\t\t\t\t\t\t<\/div>\n\t\t\t\t\t\t\t\t<div class=\"image-tools top right show-on-hover\">\n\t\t\t\t\t\t\t\t\t\t\t\t\t\t\t\t\t<\/div>\n\t\t\t\t\t\t\t\t\t\t\t\t\t\t\t\t\t<div class=\"image-tools grid-tools text-center hide-for-small bottom hover-slide-in show-on-hover\">\n\t\t\t\t\t\t\t\t\t\t\t\t\t\t\t\t\t\t\t<\/div>\n\t\t\t\t\t\t\t\t\t\t\t\t\t\t\t\t\t\t\t\t\t\t\t<\/div>\n\n\t\t\t\t\t\t\t<div class=\"box-text text-center\" >\n\t\t\t\t\t\t\t\t<div class=\"title-wrapper\">\t\t<p class=\"category uppercase is-smaller no-text-overflow product-cat op-7\">\n\t\t\tHattingley Valley\t\t<\/p>\n\t<p class=\"name product-title woocommerce-loop-product__title\"><a href=\"https:\/\/schaumweinkontor.com\/en\/produkt\/hattingley-valley-kings-cuvee-2015-075-l\/\" class=\"woocommerce-LoopProduct-link woocommerce-loop-product__link\">Hattingley Valley Kings Cuv\u00e9e 2015 0,75 L<\/a><\/p><\/div><div class=\"price-wrapper\">\n\t<span class=\"price\"><span class=\"woocommerce-Price-amount amount\" role=\"none\"><bdi><span class=\"woocommerce-Price-currencySymbol\">&euro;<\/span>&nbsp;89,00<\/bdi><\/span> <small class=\"woocommerce-price-suffix\">inkl. MwSt.<\/small><\/span>\n<\/div><div class=\"add-to-cart-button\"><a href=\"\/en\/wp-json\/wp\/v2\/pages\/4628?add-to-cart=4690\" aria-describedby=\"woocommerce_loop_add_to_cart_link_describedby_4690\" data-quantity=\"1\" class=\"primary is-small mb-0 button product_type_simple add_to_cart_button ajax_add_to_cart is-outline\" data-product_id=\"4690\" data-product_sku=\"100300332\" aria-label=\"Add to cart: &ldquo;Hattingley Valley Kings Cuv\u00e9e 2015 0,75 L&rdquo;\" rel=\"nofollow\" data-success_message=\"&ldquo;Hattingley Valley Kings Cuv\u00e9e 2015 0,75 L&rdquo; has been added to your cart\" role=\"button\">Add to cart<\/a><\/div>\t<span id=\"woocommerce_loop_add_to_cart_link_describedby_4690\" class=\"screen-reader-text\">\n\t\t\t<\/span>\n\t\t\t\t\t\t\t<\/div>\n\t\t\t\t\t\t<\/div>\n\t\t\t\t\t\t<\/div>\n\t\t\t\t\t<\/div><div class=\"col\" data-animate=\"fadeInUp\">\n\t\t\t\t\t\t<div class=\"col-inner\">\n\t\t\t\t\t\t\n<div class=\"badge-container badge-custom absolute right top z-1\">\n\n<\/div>\n\t\t\t\t\t\t<div class=\"product-small box has-hover box-vertical box-text-bottom\">\n\t\t\t\t\t\t\t<div class=\"box-image\" >\n\t\t\t\t\t\t\t\t<div class=\"\" >\n\t\t\t\t\t\t\t\t\t<a href=\"https:\/\/schaumweinkontor.com\/en\/produkt\/hattingley-valley-rose-2019-15-l-magnum\/\" aria-label=\"Hattingley Valley Ros\u00e9 2019 1,5 L Magnum\">\n\t\t\t\t\t\t\t\t\t\t<img loading=\"lazy\" decoding=\"async\" width=\"300\" height=\"300\" src=\"https:\/\/schaumweinkontor.com\/wp-content\/uploads\/2023\/04\/Hattingley-Valle-Rose_1000x1000-px-300x300.png\" class=\"attachment-medium size-medium\" alt=\"Hattingley Valley Ros\u00e9 2019 1,5 L Magnum\" srcset=\"https:\/\/schaumweinkontor.com\/wp-content\/uploads\/2023\/04\/Hattingley-Valle-Rose_1000x1000-px-300x300.png 300w, https:\/\/schaumweinkontor.com\/wp-content\/uploads\/2023\/04\/Hattingley-Valle-Rose_1000x1000-px-100x100.png 100w, https:\/\/schaumweinkontor.com\/wp-content\/uploads\/2023\/04\/Hattingley-Valle-Rose_1000x1000-px-510x510.png 510w, https:\/\/schaumweinkontor.com\/wp-content\/uploads\/2023\/04\/Hattingley-Valle-Rose_1000x1000-px-150x150.png 150w, https:\/\/schaumweinkontor.com\/wp-content\/uploads\/2023\/04\/Hattingley-Valle-Rose_1000x1000-px-768x768.png 768w, https:\/\/schaumweinkontor.com\/wp-content\/uploads\/2023\/04\/Hattingley-Valle-Rose_1000x1000-px.png 1000w\" sizes=\"auto, (max-width: 300px) 100vw, 300px\" \/>\t\t\t\t\t\t\t\t\t<\/a>\n\t\t\t\t\t\t\t\t\t\t\t\t\t\t\t\t\t\t \t\t\t\t\t\t\t\t<\/div>\n\t\t\t\t\t\t\t\t<div class=\"image-tools top right show-on-hover\">\n\t\t\t\t\t\t\t\t\t\t\t\t\t\t\t\t\t<\/div>\n\t\t\t\t\t\t\t\t\t\t\t\t\t\t\t\t\t<div class=\"image-tools grid-tools text-center hide-for-small bottom hover-slide-in show-on-hover\">\n\t\t\t\t\t\t\t\t\t\t\t\t\t\t\t\t\t\t\t<\/div>\n\t\t\t\t\t\t\t\t\t\t\t\t\t\t\t\t\t\t\t\t\t\t\t<\/div>\n\n\t\t\t\t\t\t\t<div class=\"box-text text-center\" >\n\t\t\t\t\t\t\t\t<div class=\"title-wrapper\">\t\t<p class=\"category uppercase is-smaller no-text-overflow product-cat op-7\">\n\t\t\tHattingley Valley\t\t<\/p>\n\t<p class=\"name product-title woocommerce-loop-product__title\"><a href=\"https:\/\/schaumweinkontor.com\/en\/produkt\/hattingley-valley-rose-2019-15-l-magnum\/\" class=\"woocommerce-LoopProduct-link woocommerce-loop-product__link\">Hattingley Valley Ros\u00e9 2019 1,5 L Magnum<\/a><\/p><\/div><div class=\"price-wrapper\">\n\t<span class=\"price\"><span class=\"woocommerce-Price-amount amount\" role=\"none\"><bdi><span class=\"woocommerce-Price-currencySymbol\">&euro;<\/span>&nbsp;98,00<\/bdi><\/span> <small class=\"woocommerce-price-suffix\">inkl. MwSt.<\/small><\/span>\n<\/div><div class=\"add-to-cart-button\"><a href=\"\/en\/wp-json\/wp\/v2\/pages\/4628?add-to-cart=4670\" aria-describedby=\"woocommerce_loop_add_to_cart_link_describedby_4670\" data-quantity=\"1\" class=\"primary is-small mb-0 button product_type_simple add_to_cart_button ajax_add_to_cart is-outline\" data-product_id=\"4670\" data-product_sku=\"100300334\" aria-label=\"Add to cart: &ldquo;Hattingley Valley Ros\u00e9 2019 1,5 L Magnum&rdquo;\" rel=\"nofollow\" data-success_message=\"&ldquo;Hattingley Valley Ros\u00e9 2019 1,5 L Magnum&rdquo; has been added to your cart\" role=\"button\">Add to cart<\/a><\/div>\t<span id=\"woocommerce_loop_add_to_cart_link_describedby_4670\" class=\"screen-reader-text\">\n\t\t\t<\/span>\n\t\t\t\t\t\t\t<\/div>\n\t\t\t\t\t\t<\/div>\n\t\t\t\t\t\t<\/div>\n\t\t\t\t\t<\/div><div class=\"col\" data-animate=\"fadeInUp\">\n\t\t\t\t\t\t<div class=\"col-inner\">\n\t\t\t\t\t\t\n<div class=\"badge-container badge-custom absolute right top z-1\">\n\n<\/div>\n\t\t\t\t\t\t<div class=\"product-small box has-hover box-vertical box-text-bottom\">\n\t\t\t\t\t\t\t<div class=\"box-image\" >\n\t\t\t\t\t\t\t\t<div class=\"\" >\n\t\t\t\t\t\t\t\t\t<a href=\"https:\/\/schaumweinkontor.com\/en\/produkt\/hattingley-valley-blanc-de-blancs-2014-15-l-magnum\/\" aria-label=\"Hattingley Valley Blanc de Blancs 2014\/2015 1,5 L Magnum\">\n\t\t\t\t\t\t\t\t\t\t<img loading=\"lazy\" decoding=\"async\" width=\"300\" height=\"300\" src=\"https:\/\/schaumweinkontor.com\/wp-content\/uploads\/2023\/04\/Hattingley-Banc-de-Blacs_1000x1000-px-300x300.png\" class=\"attachment-medium size-medium\" alt=\"Hattingley Valley Blanc de Blancs 2014\/2015 1,5 L Magnum\" srcset=\"https:\/\/schaumweinkontor.com\/wp-content\/uploads\/2023\/04\/Hattingley-Banc-de-Blacs_1000x1000-px-300x300.png 300w, https:\/\/schaumweinkontor.com\/wp-content\/uploads\/2023\/04\/Hattingley-Banc-de-Blacs_1000x1000-px-100x100.png 100w, https:\/\/schaumweinkontor.com\/wp-content\/uploads\/2023\/04\/Hattingley-Banc-de-Blacs_1000x1000-px-510x510.png 510w, https:\/\/schaumweinkontor.com\/wp-content\/uploads\/2023\/04\/Hattingley-Banc-de-Blacs_1000x1000-px-150x150.png 150w, https:\/\/schaumweinkontor.com\/wp-content\/uploads\/2023\/04\/Hattingley-Banc-de-Blacs_1000x1000-px-768x768.png 768w, https:\/\/schaumweinkontor.com\/wp-content\/uploads\/2023\/04\/Hattingley-Banc-de-Blacs_1000x1000-px.png 1000w\" sizes=\"auto, (max-width: 300px) 100vw, 300px\" \/>\t\t\t\t\t\t\t\t\t<\/a>\n\t\t\t\t\t\t\t\t\t\t\t\t\t\t\t\t\t\t \t\t\t\t\t\t\t\t<\/div>\n\t\t\t\t\t\t\t\t<div class=\"image-tools top right show-on-hover\">\n\t\t\t\t\t\t\t\t\t\t\t\t\t\t\t\t\t<\/div>\n\t\t\t\t\t\t\t\t\t\t\t\t\t\t\t\t\t<div class=\"image-tools grid-tools text-center hide-for-small bottom hover-slide-in show-on-hover\">\n\t\t\t\t\t\t\t\t\t\t\t\t\t\t\t\t\t\t\t<\/div>\n\t\t\t\t\t\t\t\t\t\t\t\t\t\t\t\t\t\t\t\t\t\t\t<\/div>\n\n\t\t\t\t\t\t\t<div class=\"box-text text-center\" >\n\t\t\t\t\t\t\t\t<div class=\"title-wrapper\">\t\t<p class=\"category uppercase is-smaller no-text-overflow product-cat op-7\">\n\t\t\tHattingley Valley\t\t<\/p>\n\t<p class=\"name product-title woocommerce-loop-product__title\"><a href=\"https:\/\/schaumweinkontor.com\/en\/produkt\/hattingley-valley-blanc-de-blancs-2014-15-l-magnum\/\" class=\"woocommerce-LoopProduct-link woocommerce-loop-product__link\">Hattingley Valley Blanc de Blancs 2014\/2015 1,5 L Magnum<\/a><\/p><\/div><div class=\"price-wrapper\">\n\t<span class=\"price\"><span class=\"woocommerce-Price-amount amount\" role=\"none\"><bdi><span class=\"woocommerce-Price-currencySymbol\">&euro;<\/span>&nbsp;104,00<\/bdi><\/span> <small class=\"woocommerce-price-suffix\">inkl. MwSt.<\/small><\/span>\n<\/div><div class=\"add-to-cart-button\"><a href=\"\/en\/wp-json\/wp\/v2\/pages\/4628?add-to-cart=4669\" aria-describedby=\"woocommerce_loop_add_to_cart_link_describedby_4669\" data-quantity=\"1\" class=\"primary is-small mb-0 button product_type_simple add_to_cart_button ajax_add_to_cart is-outline\" data-product_id=\"4669\" data-product_sku=\"100300335\" aria-label=\"Add to cart: &ldquo;Hattingley Valley Blanc de Blancs 2014\/2015 1,5 L Magnum&rdquo;\" rel=\"nofollow\" data-success_message=\"&ldquo;Hattingley Valley Blanc de Blancs 2014\/2015 1,5 L Magnum&rdquo; has been added to your cart\" role=\"button\">Add to cart<\/a><\/div>\t<span id=\"woocommerce_loop_add_to_cart_link_describedby_4669\" class=\"screen-reader-text\">\n\t\t\t<\/span>\n\t\t\t\t\t\t\t<\/div>\n\t\t\t\t\t\t<\/div>\n\t\t\t\t\t\t<\/div>\n\t\t\t\t\t<\/div><\/div>\n\n\n  \n    <div class=\"row  equalize-box show-for-medium hide-for-small large-columns-3 medium-columns-2 small-columns-1 row-large has-shadow row-box-shadow-2 row-box-shadow-4-hover\" >\n  \t\n\t     <div class=\"col\" data-animate=\"fadeInUp\">\n\t\t\t\t\t\t<div class=\"col-inner\">\n\t\t\t\t\t\t\n<div class=\"badge-container badge-custom absolute right top z-1\">\n\n<\/div>\n\t\t\t\t\t\t<div class=\"product-small box has-hover box-vertical box-text-bottom\">\n\t\t\t\t\t\t\t<div class=\"box-image\" >\n\t\t\t\t\t\t\t\t<div class=\"\" >\n\t\t\t\t\t\t\t\t\t<a href=\"https:\/\/schaumweinkontor.com\/en\/produkt\/hattingley-valley-classic-reserve-n-075-l\/\" aria-label=\"Hattingley Valley Classic Reserve NV 0,75 L\">\n\t\t\t\t\t\t\t\t\t\t<img loading=\"lazy\" decoding=\"async\" width=\"300\" height=\"300\" src=\"https:\/\/schaumweinkontor.com\/wp-content\/uploads\/2023\/04\/Hattingley-Classic_1000x1000-px-300x300.png\" class=\"attachment-medium size-medium\" alt=\"Hattingley Valley Classic Reserve NV\u00a0\" srcset=\"https:\/\/schaumweinkontor.com\/wp-content\/uploads\/2023\/04\/Hattingley-Classic_1000x1000-px-300x300.png 300w, https:\/\/schaumweinkontor.com\/wp-content\/uploads\/2023\/04\/Hattingley-Classic_1000x1000-px-100x100.png 100w, https:\/\/schaumweinkontor.com\/wp-content\/uploads\/2023\/04\/Hattingley-Classic_1000x1000-px-510x510.png 510w, https:\/\/schaumweinkontor.com\/wp-content\/uploads\/2023\/04\/Hattingley-Classic_1000x1000-px-150x150.png 150w, https:\/\/schaumweinkontor.com\/wp-content\/uploads\/2023\/04\/Hattingley-Classic_1000x1000-px-768x768.png 768w, https:\/\/schaumweinkontor.com\/wp-content\/uploads\/2023\/04\/Hattingley-Classic_1000x1000-px.png 1000w\" sizes=\"auto, (max-width: 300px) 100vw, 300px\" \/>\t\t\t\t\t\t\t\t\t<\/a>\n\t\t\t\t\t\t\t\t\t\t\t\t\t\t\t\t\t\t \t\t\t\t\t\t\t\t<\/div>\n\t\t\t\t\t\t\t\t<div class=\"image-tools top right show-on-hover\">\n\t\t\t\t\t\t\t\t\t\t\t\t\t\t\t\t\t<\/div>\n\t\t\t\t\t\t\t\t\t\t\t\t\t\t\t\t\t<div class=\"image-tools grid-tools text-center hide-for-small bottom hover-slide-in show-on-hover\">\n\t\t\t\t\t\t\t\t\t\t\t\t\t\t\t\t\t\t\t<\/div>\n\t\t\t\t\t\t\t\t\t\t\t\t\t\t\t\t\t\t\t\t\t\t\t<\/div>\n\n\t\t\t\t\t\t\t<div class=\"box-text text-center\" >\n\t\t\t\t\t\t\t\t<div class=\"title-wrapper\">\t\t<p class=\"category uppercase is-smaller no-text-overflow product-cat op-7\">\n\t\t\tHattingley Valley\t\t<\/p>\n\t<p class=\"name product-title woocommerce-loop-product__title\"><a href=\"https:\/\/schaumweinkontor.com\/en\/produkt\/hattingley-valley-classic-reserve-n-075-l\/\" class=\"woocommerce-LoopProduct-link woocommerce-loop-product__link\">Hattingley Valley Classic Reserve NV 0,75 L<\/a><\/p><\/div><div class=\"price-wrapper\">\n\t<span class=\"price\"><span class=\"woocommerce-Price-amount amount\" role=\"none\"><bdi><span class=\"woocommerce-Price-currencySymbol\">&euro;<\/span>&nbsp;33,90<\/bdi><\/span> <small class=\"woocommerce-price-suffix\">inkl. MwSt.<\/small><\/span>\n<\/div><div class=\"add-to-cart-button\"><a href=\"\/en\/wp-json\/wp\/v2\/pages\/4628?add-to-cart=4693\" aria-describedby=\"woocommerce_loop_add_to_cart_link_describedby_4693\" data-quantity=\"1\" class=\"primary is-small mb-0 button product_type_simple add_to_cart_button ajax_add_to_cart is-outline\" data-product_id=\"4693\" data-product_sku=\"100300329\" aria-label=\"Add to cart: &ldquo;Hattingley Valley Classic Reserve NV 0,75 L&rdquo;\" rel=\"nofollow\" data-success_message=\"&ldquo;Hattingley Valley Classic Reserve NV 0,75 L&rdquo; has been added to your cart\" role=\"button\">Add to cart<\/a><\/div>\t<span id=\"woocommerce_loop_add_to_cart_link_describedby_4693\" class=\"screen-reader-text\">\n\t\t\t<\/span>\n\t\t\t\t\t\t\t<\/div>\n\t\t\t\t\t\t<\/div>\n\t\t\t\t\t\t<\/div>\n\t\t\t\t\t<\/div><div class=\"col\" data-animate=\"fadeInUp\">\n\t\t\t\t\t\t<div class=\"col-inner\">\n\t\t\t\t\t\t\n<div class=\"badge-container badge-custom absolute right top z-1\">\n\n<\/div>\n\t\t\t\t\t\t<div class=\"product-small box has-hover box-vertical box-text-bottom\">\n\t\t\t\t\t\t\t<div class=\"box-image\" >\n\t\t\t\t\t\t\t\t<div class=\"\" >\n\t\t\t\t\t\t\t\t\t<a href=\"https:\/\/schaumweinkontor.com\/en\/produkt\/hattingley-valley-rose-2019-075-l\/\" aria-label=\"Hattingley Valley Ros\u00e9 2019 0,75 L\">\n\t\t\t\t\t\t\t\t\t\t<img loading=\"lazy\" decoding=\"async\" width=\"300\" height=\"300\" src=\"https:\/\/schaumweinkontor.com\/wp-content\/uploads\/2023\/04\/Hattingley-Valle-Rose_1000x1000-px-300x300.png\" class=\"attachment-medium size-medium\" alt=\"Hattingley Valley Ros\u00e9 2019 0,75 L\" srcset=\"https:\/\/schaumweinkontor.com\/wp-content\/uploads\/2023\/04\/Hattingley-Valle-Rose_1000x1000-px-300x300.png 300w, https:\/\/schaumweinkontor.com\/wp-content\/uploads\/2023\/04\/Hattingley-Valle-Rose_1000x1000-px-100x100.png 100w, https:\/\/schaumweinkontor.com\/wp-content\/uploads\/2023\/04\/Hattingley-Valle-Rose_1000x1000-px-510x510.png 510w, https:\/\/schaumweinkontor.com\/wp-content\/uploads\/2023\/04\/Hattingley-Valle-Rose_1000x1000-px-150x150.png 150w, https:\/\/schaumweinkontor.com\/wp-content\/uploads\/2023\/04\/Hattingley-Valle-Rose_1000x1000-px-768x768.png 768w, https:\/\/schaumweinkontor.com\/wp-content\/uploads\/2023\/04\/Hattingley-Valle-Rose_1000x1000-px.png 1000w\" sizes=\"auto, (max-width: 300px) 100vw, 300px\" \/>\t\t\t\t\t\t\t\t\t<\/a>\n\t\t\t\t\t\t\t\t\t\t\t\t\t\t\t\t\t\t \t\t\t\t\t\t\t\t<\/div>\n\t\t\t\t\t\t\t\t<div class=\"image-tools top right show-on-hover\">\n\t\t\t\t\t\t\t\t\t\t\t\t\t\t\t\t\t<\/div>\n\t\t\t\t\t\t\t\t\t\t\t\t\t\t\t\t\t<div class=\"image-tools grid-tools text-center hide-for-small bottom hover-slide-in show-on-hover\">\n\t\t\t\t\t\t\t\t\t\t\t\t\t\t\t\t\t\t\t<\/div>\n\t\t\t\t\t\t\t\t\t\t\t\t\t\t\t\t\t\t\t\t\t\t\t<\/div>\n\n\t\t\t\t\t\t\t<div class=\"box-text text-center\" >\n\t\t\t\t\t\t\t\t<div class=\"title-wrapper\">\t\t<p class=\"category uppercase is-smaller no-text-overflow product-cat op-7\">\n\t\t\tHattingley Valley\t\t<\/p>\n\t<p class=\"name product-title woocommerce-loop-product__title\"><a href=\"https:\/\/schaumweinkontor.com\/en\/produkt\/hattingley-valley-rose-2019-075-l\/\" class=\"woocommerce-LoopProduct-link woocommerce-loop-product__link\">Hattingley Valley Ros\u00e9 2019 0,75 L<\/a><\/p><\/div><div class=\"price-wrapper\">\n\t<span class=\"price\"><span class=\"woocommerce-Price-amount amount\" role=\"none\"><bdi><span class=\"woocommerce-Price-currencySymbol\">&euro;<\/span>&nbsp;44,90<\/bdi><\/span> <small class=\"woocommerce-price-suffix\">inkl. MwSt.<\/small><\/span>\n<\/div><div class=\"add-to-cart-button\"><a href=\"\/en\/wp-json\/wp\/v2\/pages\/4628?add-to-cart=4692\" aria-describedby=\"woocommerce_loop_add_to_cart_link_describedby_4692\" data-quantity=\"1\" class=\"primary is-small mb-0 button product_type_simple add_to_cart_button ajax_add_to_cart is-outline\" data-product_id=\"4692\" data-product_sku=\"100300330\" aria-label=\"Add to cart: &ldquo;Hattingley Valley Ros\u00e9 2019 0,75 L&rdquo;\" rel=\"nofollow\" data-success_message=\"&ldquo;Hattingley Valley Ros\u00e9 2019 0,75 L&rdquo; has been added to your cart\" role=\"button\">Add to cart<\/a><\/div>\t<span id=\"woocommerce_loop_add_to_cart_link_describedby_4692\" class=\"screen-reader-text\">\n\t\t\t<\/span>\n\t\t\t\t\t\t\t<\/div>\n\t\t\t\t\t\t<\/div>\n\t\t\t\t\t\t<\/div>\n\t\t\t\t\t<\/div><div class=\"col\" data-animate=\"fadeInUp\">\n\t\t\t\t\t\t<div class=\"col-inner\">\n\t\t\t\t\t\t\n<div class=\"badge-container badge-custom absolute right top z-1\">\n\n<\/div>\n\t\t\t\t\t\t<div class=\"product-small box has-hover box-vertical box-text-bottom\">\n\t\t\t\t\t\t\t<div class=\"box-image\" >\n\t\t\t\t\t\t\t\t<div class=\"\" >\n\t\t\t\t\t\t\t\t\t<a href=\"https:\/\/schaumweinkontor.com\/en\/produkt\/hattingley-valley-blanc-de-blancs-2014-075-l\/\" aria-label=\"Hattingley Valley Blanc de Blancs 2014 0,75 L\">\n\t\t\t\t\t\t\t\t\t\t<img loading=\"lazy\" decoding=\"async\" width=\"300\" height=\"300\" src=\"https:\/\/schaumweinkontor.com\/wp-content\/uploads\/2023\/04\/Hattingley-Banc-de-Blacs_1000x1000-px-300x300.png\" class=\"attachment-medium size-medium\" alt=\"Hattingley Valley Blanc de Blancs 2014 0,75 L\" srcset=\"https:\/\/schaumweinkontor.com\/wp-content\/uploads\/2023\/04\/Hattingley-Banc-de-Blacs_1000x1000-px-300x300.png 300w, https:\/\/schaumweinkontor.com\/wp-content\/uploads\/2023\/04\/Hattingley-Banc-de-Blacs_1000x1000-px-100x100.png 100w, https:\/\/schaumweinkontor.com\/wp-content\/uploads\/2023\/04\/Hattingley-Banc-de-Blacs_1000x1000-px-510x510.png 510w, https:\/\/schaumweinkontor.com\/wp-content\/uploads\/2023\/04\/Hattingley-Banc-de-Blacs_1000x1000-px-150x150.png 150w, https:\/\/schaumweinkontor.com\/wp-content\/uploads\/2023\/04\/Hattingley-Banc-de-Blacs_1000x1000-px-768x768.png 768w, https:\/\/schaumweinkontor.com\/wp-content\/uploads\/2023\/04\/Hattingley-Banc-de-Blacs_1000x1000-px.png 1000w\" sizes=\"auto, (max-width: 300px) 100vw, 300px\" \/>\t\t\t\t\t\t\t\t\t<\/a>\n\t\t\t\t\t\t\t\t\t\t\t\t\t\t\t\t\t\t \t\t\t\t\t\t\t\t<\/div>\n\t\t\t\t\t\t\t\t<div class=\"image-tools top right show-on-hover\">\n\t\t\t\t\t\t\t\t\t\t\t\t\t\t\t\t\t<\/div>\n\t\t\t\t\t\t\t\t\t\t\t\t\t\t\t\t\t<div class=\"image-tools grid-tools text-center hide-for-small bottom hover-slide-in show-on-hover\">\n\t\t\t\t\t\t\t\t\t\t\t\t\t\t\t\t\t\t\t<\/div>\n\t\t\t\t\t\t\t\t\t\t\t\t\t\t\t\t\t\t\t\t\t\t\t<\/div>\n\n\t\t\t\t\t\t\t<div class=\"box-text text-center\" >\n\t\t\t\t\t\t\t\t<div class=\"title-wrapper\">\t\t<p class=\"category uppercase is-smaller no-text-overflow product-cat op-7\">\n\t\t\tHattingley Valley\t\t<\/p>\n\t<p class=\"name product-title woocommerce-loop-product__title\"><a href=\"https:\/\/schaumweinkontor.com\/en\/produkt\/hattingley-valley-blanc-de-blancs-2014-075-l\/\" class=\"woocommerce-LoopProduct-link woocommerce-loop-product__link\">Hattingley Valley Blanc de Blancs 2014 0,75 L<\/a><\/p><\/div><div class=\"price-wrapper\">\n\t<span class=\"price\"><span class=\"woocommerce-Price-amount amount\" role=\"none\"><bdi><span class=\"woocommerce-Price-currencySymbol\">&euro;<\/span>&nbsp;47,00<\/bdi><\/span> <small class=\"woocommerce-price-suffix\">inkl. MwSt.<\/small><\/span>\n<\/div><div class=\"add-to-cart-button\"><a href=\"\/en\/wp-json\/wp\/v2\/pages\/4628?add-to-cart=4691\" aria-describedby=\"woocommerce_loop_add_to_cart_link_describedby_4691\" data-quantity=\"1\" class=\"primary is-small mb-0 button product_type_simple add_to_cart_button ajax_add_to_cart is-outline\" data-product_id=\"4691\" data-product_sku=\"100300331\" aria-label=\"Add to cart: &ldquo;Hattingley Valley Blanc de Blancs 2014 0,75 L&rdquo;\" rel=\"nofollow\" data-success_message=\"&ldquo;Hattingley Valley Blanc de Blancs 2014 0,75 L&rdquo; has been added to your cart\" role=\"button\">Add to cart<\/a><\/div>\t<span id=\"woocommerce_loop_add_to_cart_link_describedby_4691\" class=\"screen-reader-text\">\n\t\t\t<\/span>\n\t\t\t\t\t\t\t<\/div>\n\t\t\t\t\t\t<\/div>\n\t\t\t\t\t\t<\/div>\n\t\t\t\t\t<\/div><div class=\"col\" data-animate=\"fadeInUp\">\n\t\t\t\t\t\t<div class=\"col-inner\">\n\t\t\t\t\t\t\n<div class=\"badge-container badge-custom absolute right top z-1\">\n\n<\/div>\n\t\t\t\t\t\t<div class=\"product-small box has-hover box-vertical box-text-bottom\">\n\t\t\t\t\t\t\t<div class=\"box-image\" >\n\t\t\t\t\t\t\t\t<div class=\"\" >\n\t\t\t\t\t\t\t\t\t<a href=\"https:\/\/schaumweinkontor.com\/en\/produkt\/hattingley-valley-classic-reserve-n-15-l-magnum\/\" aria-label=\"Hattingley Valley Classic Reserve N 1,5 L Magnum\">\n\t\t\t\t\t\t\t\t\t\t<img loading=\"lazy\" decoding=\"async\" width=\"300\" height=\"300\" src=\"https:\/\/schaumweinkontor.com\/wp-content\/uploads\/2023\/04\/Hattingley-Classic_1000x1000-px-300x300.png\" class=\"attachment-medium size-medium\" alt=\"Hattingley Valley Classic Reserve NV\u00a0\" srcset=\"https:\/\/schaumweinkontor.com\/wp-content\/uploads\/2023\/04\/Hattingley-Classic_1000x1000-px-300x300.png 300w, https:\/\/schaumweinkontor.com\/wp-content\/uploads\/2023\/04\/Hattingley-Classic_1000x1000-px-100x100.png 100w, https:\/\/schaumweinkontor.com\/wp-content\/uploads\/2023\/04\/Hattingley-Classic_1000x1000-px-510x510.png 510w, https:\/\/schaumweinkontor.com\/wp-content\/uploads\/2023\/04\/Hattingley-Classic_1000x1000-px-150x150.png 150w, https:\/\/schaumweinkontor.com\/wp-content\/uploads\/2023\/04\/Hattingley-Classic_1000x1000-px-768x768.png 768w, https:\/\/schaumweinkontor.com\/wp-content\/uploads\/2023\/04\/Hattingley-Classic_1000x1000-px.png 1000w\" sizes=\"auto, (max-width: 300px) 100vw, 300px\" \/>\t\t\t\t\t\t\t\t\t<\/a>\n\t\t\t\t\t\t\t\t\t\t\t\t\t\t\t\t\t\t \t\t\t\t\t\t\t\t<\/div>\n\t\t\t\t\t\t\t\t<div class=\"image-tools top right show-on-hover\">\n\t\t\t\t\t\t\t\t\t\t\t\t\t\t\t\t\t<\/div>\n\t\t\t\t\t\t\t\t\t\t\t\t\t\t\t\t\t<div class=\"image-tools grid-tools text-center hide-for-small bottom hover-slide-in show-on-hover\">\n\t\t\t\t\t\t\t\t\t\t\t\t\t\t\t\t\t\t\t<\/div>\n\t\t\t\t\t\t\t\t\t\t\t\t\t\t\t\t\t\t\t\t\t\t\t<\/div>\n\n\t\t\t\t\t\t\t<div class=\"box-text text-center\" >\n\t\t\t\t\t\t\t\t<div class=\"title-wrapper\">\t\t<p class=\"category uppercase is-smaller no-text-overflow product-cat op-7\">\n\t\t\tHattingley Valley\t\t<\/p>\n\t<p class=\"name product-title woocommerce-loop-product__title\"><a href=\"https:\/\/schaumweinkontor.com\/en\/produkt\/hattingley-valley-classic-reserve-n-15-l-magnum\/\" class=\"woocommerce-LoopProduct-link woocommerce-loop-product__link\">Hattingley Valley Classic Reserve N 1,5 L Magnum<\/a><\/p><\/div><div class=\"price-wrapper\">\n\t<span class=\"price\"><span class=\"woocommerce-Price-amount amount\" role=\"none\"><bdi><span class=\"woocommerce-Price-currencySymbol\">&euro;<\/span>&nbsp;74,00<\/bdi><\/span> <small class=\"woocommerce-price-suffix\">inkl. MwSt.<\/small><\/span>\n<\/div><div class=\"add-to-cart-button\"><a href=\"\/en\/wp-json\/wp\/v2\/pages\/4628?add-to-cart=4671\" aria-describedby=\"woocommerce_loop_add_to_cart_link_describedby_4671\" data-quantity=\"1\" class=\"primary is-small mb-0 button product_type_simple add_to_cart_button ajax_add_to_cart is-outline\" data-product_id=\"4671\" data-product_sku=\"100300333\" aria-label=\"Add to cart: &ldquo;Hattingley Valley Classic Reserve N 1,5 L Magnum&rdquo;\" rel=\"nofollow\" data-success_message=\"&ldquo;Hattingley Valley Classic Reserve N 1,5 L Magnum&rdquo; has been added to your cart\" role=\"button\">Add to cart<\/a><\/div>\t<span id=\"woocommerce_loop_add_to_cart_link_describedby_4671\" class=\"screen-reader-text\">\n\t\t\t<\/span>\n\t\t\t\t\t\t\t<\/div>\n\t\t\t\t\t\t<\/div>\n\t\t\t\t\t\t<\/div>\n\t\t\t\t\t<\/div><div class=\"col\" data-animate=\"fadeInUp\">\n\t\t\t\t\t\t<div class=\"col-inner\">\n\t\t\t\t\t\t\n<div class=\"badge-container badge-custom absolute right top z-1\">\n\n<\/div>\n\t\t\t\t\t\t<div class=\"product-small box has-hover box-vertical box-text-bottom\">\n\t\t\t\t\t\t\t<div class=\"box-image\" >\n\t\t\t\t\t\t\t\t<div class=\"\" >\n\t\t\t\t\t\t\t\t\t<a href=\"https:\/\/schaumweinkontor.com\/en\/produkt\/hattingley-valley-kings-cuvee-2015-075-l\/\" aria-label=\"Hattingley Valley Kings Cuv\u00e9e 2015 0,75 L\">\n\t\t\t\t\t\t\t\t\t\t<img loading=\"lazy\" decoding=\"async\" width=\"300\" height=\"300\" src=\"https:\/\/schaumweinkontor.com\/wp-content\/uploads\/2023\/04\/Hattingly-Kings-Cuvee_1000x1000-px-300x300.png\" class=\"attachment-medium size-medium\" alt=\"Hattingley Valley Kings Cuv\u00e9e 2015 0,75 L\" srcset=\"https:\/\/schaumweinkontor.com\/wp-content\/uploads\/2023\/04\/Hattingly-Kings-Cuvee_1000x1000-px-300x300.png 300w, https:\/\/schaumweinkontor.com\/wp-content\/uploads\/2023\/04\/Hattingly-Kings-Cuvee_1000x1000-px-100x100.png 100w, https:\/\/schaumweinkontor.com\/wp-content\/uploads\/2023\/04\/Hattingly-Kings-Cuvee_1000x1000-px-510x510.png 510w, https:\/\/schaumweinkontor.com\/wp-content\/uploads\/2023\/04\/Hattingly-Kings-Cuvee_1000x1000-px-150x150.png 150w, https:\/\/schaumweinkontor.com\/wp-content\/uploads\/2023\/04\/Hattingly-Kings-Cuvee_1000x1000-px-768x768.png 768w, https:\/\/schaumweinkontor.com\/wp-content\/uploads\/2023\/04\/Hattingly-Kings-Cuvee_1000x1000-px.png 1000w\" sizes=\"auto, (max-width: 300px) 100vw, 300px\" \/>\t\t\t\t\t\t\t\t\t<\/a>\n\t\t\t\t\t\t\t\t\t\t\t\t\t\t\t\t\t\t \t\t\t\t\t\t\t\t<\/div>\n\t\t\t\t\t\t\t\t<div class=\"image-tools top right show-on-hover\">\n\t\t\t\t\t\t\t\t\t\t\t\t\t\t\t\t\t<\/div>\n\t\t\t\t\t\t\t\t\t\t\t\t\t\t\t\t\t<div class=\"image-tools grid-tools text-center hide-for-small bottom hover-slide-in show-on-hover\">\n\t\t\t\t\t\t\t\t\t\t\t\t\t\t\t\t\t\t\t<\/div>\n\t\t\t\t\t\t\t\t\t\t\t\t\t\t\t\t\t\t\t\t\t\t\t<\/div>\n\n\t\t\t\t\t\t\t<div class=\"box-text text-center\" >\n\t\t\t\t\t\t\t\t<div class=\"title-wrapper\">\t\t<p class=\"category uppercase is-smaller no-text-overflow product-cat op-7\">\n\t\t\tHattingley Valley\t\t<\/p>\n\t<p class=\"name product-title woocommerce-loop-product__title\"><a href=\"https:\/\/schaumweinkontor.com\/en\/produkt\/hattingley-valley-kings-cuvee-2015-075-l\/\" class=\"woocommerce-LoopProduct-link woocommerce-loop-product__link\">Hattingley Valley Kings Cuv\u00e9e 2015 0,75 L<\/a><\/p><\/div><div class=\"price-wrapper\">\n\t<span class=\"price\"><span class=\"woocommerce-Price-amount amount\" role=\"none\"><bdi><span class=\"woocommerce-Price-currencySymbol\">&euro;<\/span>&nbsp;89,00<\/bdi><\/span> <small class=\"woocommerce-price-suffix\">inkl. MwSt.<\/small><\/span>\n<\/div><div class=\"add-to-cart-button\"><a href=\"\/en\/wp-json\/wp\/v2\/pages\/4628?add-to-cart=4690\" aria-describedby=\"woocommerce_loop_add_to_cart_link_describedby_4690\" data-quantity=\"1\" class=\"primary is-small mb-0 button product_type_simple add_to_cart_button ajax_add_to_cart is-outline\" data-product_id=\"4690\" data-product_sku=\"100300332\" aria-label=\"Add to cart: &ldquo;Hattingley Valley Kings Cuv\u00e9e 2015 0,75 L&rdquo;\" rel=\"nofollow\" data-success_message=\"&ldquo;Hattingley Valley Kings Cuv\u00e9e 2015 0,75 L&rdquo; has been added to your cart\" role=\"button\">Add to cart<\/a><\/div>\t<span id=\"woocommerce_loop_add_to_cart_link_describedby_4690\" class=\"screen-reader-text\">\n\t\t\t<\/span>\n\t\t\t\t\t\t\t<\/div>\n\t\t\t\t\t\t<\/div>\n\t\t\t\t\t\t<\/div>\n\t\t\t\t\t<\/div><div class=\"col\" data-animate=\"fadeInUp\">\n\t\t\t\t\t\t<div class=\"col-inner\">\n\t\t\t\t\t\t\n<div class=\"badge-container badge-custom absolute right top z-1\">\n\n<\/div>\n\t\t\t\t\t\t<div class=\"product-small box has-hover box-vertical box-text-bottom\">\n\t\t\t\t\t\t\t<div class=\"box-image\" >\n\t\t\t\t\t\t\t\t<div class=\"\" >\n\t\t\t\t\t\t\t\t\t<a href=\"https:\/\/schaumweinkontor.com\/en\/produkt\/hattingley-valley-rose-2019-15-l-magnum\/\" aria-label=\"Hattingley Valley Ros\u00e9 2019 1,5 L Magnum\">\n\t\t\t\t\t\t\t\t\t\t<img loading=\"lazy\" decoding=\"async\" width=\"300\" height=\"300\" src=\"https:\/\/schaumweinkontor.com\/wp-content\/uploads\/2023\/04\/Hattingley-Valle-Rose_1000x1000-px-300x300.png\" class=\"attachment-medium size-medium\" alt=\"Hattingley Valley Ros\u00e9 2019 1,5 L Magnum\" srcset=\"https:\/\/schaumweinkontor.com\/wp-content\/uploads\/2023\/04\/Hattingley-Valle-Rose_1000x1000-px-300x300.png 300w, https:\/\/schaumweinkontor.com\/wp-content\/uploads\/2023\/04\/Hattingley-Valle-Rose_1000x1000-px-100x100.png 100w, https:\/\/schaumweinkontor.com\/wp-content\/uploads\/2023\/04\/Hattingley-Valle-Rose_1000x1000-px-510x510.png 510w, https:\/\/schaumweinkontor.com\/wp-content\/uploads\/2023\/04\/Hattingley-Valle-Rose_1000x1000-px-150x150.png 150w, https:\/\/schaumweinkontor.com\/wp-content\/uploads\/2023\/04\/Hattingley-Valle-Rose_1000x1000-px-768x768.png 768w, https:\/\/schaumweinkontor.com\/wp-content\/uploads\/2023\/04\/Hattingley-Valle-Rose_1000x1000-px.png 1000w\" sizes=\"auto, (max-width: 300px) 100vw, 300px\" \/>\t\t\t\t\t\t\t\t\t<\/a>\n\t\t\t\t\t\t\t\t\t\t\t\t\t\t\t\t\t\t \t\t\t\t\t\t\t\t<\/div>\n\t\t\t\t\t\t\t\t<div class=\"image-tools top right show-on-hover\">\n\t\t\t\t\t\t\t\t\t\t\t\t\t\t\t\t\t<\/div>\n\t\t\t\t\t\t\t\t\t\t\t\t\t\t\t\t\t<div class=\"image-tools grid-tools text-center hide-for-small bottom hover-slide-in show-on-hover\">\n\t\t\t\t\t\t\t\t\t\t\t\t\t\t\t\t\t\t\t<\/div>\n\t\t\t\t\t\t\t\t\t\t\t\t\t\t\t\t\t\t\t\t\t\t\t<\/div>\n\n\t\t\t\t\t\t\t<div class=\"box-text text-center\" >\n\t\t\t\t\t\t\t\t<div class=\"title-wrapper\">\t\t<p class=\"category uppercase is-smaller no-text-overflow product-cat op-7\">\n\t\t\tHattingley Valley\t\t<\/p>\n\t<p class=\"name product-title woocommerce-loop-product__title\"><a href=\"https:\/\/schaumweinkontor.com\/en\/produkt\/hattingley-valley-rose-2019-15-l-magnum\/\" class=\"woocommerce-LoopProduct-link woocommerce-loop-product__link\">Hattingley Valley Ros\u00e9 2019 1,5 L Magnum<\/a><\/p><\/div><div class=\"price-wrapper\">\n\t<span class=\"price\"><span class=\"woocommerce-Price-amount amount\" role=\"none\"><bdi><span class=\"woocommerce-Price-currencySymbol\">&euro;<\/span>&nbsp;98,00<\/bdi><\/span> <small class=\"woocommerce-price-suffix\">inkl. MwSt.<\/small><\/span>\n<\/div><div class=\"add-to-cart-button\"><a href=\"\/en\/wp-json\/wp\/v2\/pages\/4628?add-to-cart=4670\" aria-describedby=\"woocommerce_loop_add_to_cart_link_describedby_4670\" data-quantity=\"1\" class=\"primary is-small mb-0 button product_type_simple add_to_cart_button ajax_add_to_cart is-outline\" data-product_id=\"4670\" data-product_sku=\"100300334\" aria-label=\"Add to cart: &ldquo;Hattingley Valley Ros\u00e9 2019 1,5 L Magnum&rdquo;\" rel=\"nofollow\" data-success_message=\"&ldquo;Hattingley Valley Ros\u00e9 2019 1,5 L Magnum&rdquo; has been added to your cart\" role=\"button\">Add to cart<\/a><\/div>\t<span id=\"woocommerce_loop_add_to_cart_link_describedby_4670\" class=\"screen-reader-text\">\n\t\t\t<\/span>\n\t\t\t\t\t\t\t<\/div>\n\t\t\t\t\t\t<\/div>\n\t\t\t\t\t\t<\/div>\n\t\t\t\t\t<\/div><div class=\"col\" data-animate=\"fadeInUp\">\n\t\t\t\t\t\t<div class=\"col-inner\">\n\t\t\t\t\t\t\n<div class=\"badge-container badge-custom absolute right top z-1\">\n\n<\/div>\n\t\t\t\t\t\t<div class=\"product-small box has-hover box-vertical box-text-bottom\">\n\t\t\t\t\t\t\t<div class=\"box-image\" >\n\t\t\t\t\t\t\t\t<div class=\"\" >\n\t\t\t\t\t\t\t\t\t<a href=\"https:\/\/schaumweinkontor.com\/en\/produkt\/hattingley-valley-blanc-de-blancs-2014-15-l-magnum\/\" aria-label=\"Hattingley Valley Blanc de Blancs 2014\/2015 1,5 L Magnum\">\n\t\t\t\t\t\t\t\t\t\t<img loading=\"lazy\" decoding=\"async\" width=\"300\" height=\"300\" src=\"https:\/\/schaumweinkontor.com\/wp-content\/uploads\/2023\/04\/Hattingley-Banc-de-Blacs_1000x1000-px-300x300.png\" class=\"attachment-medium size-medium\" alt=\"Hattingley Valley Blanc de Blancs 2014\/2015 1,5 L Magnum\" srcset=\"https:\/\/schaumweinkontor.com\/wp-content\/uploads\/2023\/04\/Hattingley-Banc-de-Blacs_1000x1000-px-300x300.png 300w, https:\/\/schaumweinkontor.com\/wp-content\/uploads\/2023\/04\/Hattingley-Banc-de-Blacs_1000x1000-px-100x100.png 100w, https:\/\/schaumweinkontor.com\/wp-content\/uploads\/2023\/04\/Hattingley-Banc-de-Blacs_1000x1000-px-510x510.png 510w, https:\/\/schaumweinkontor.com\/wp-content\/uploads\/2023\/04\/Hattingley-Banc-de-Blacs_1000x1000-px-150x150.png 150w, https:\/\/schaumweinkontor.com\/wp-content\/uploads\/2023\/04\/Hattingley-Banc-de-Blacs_1000x1000-px-768x768.png 768w, https:\/\/schaumweinkontor.com\/wp-content\/uploads\/2023\/04\/Hattingley-Banc-de-Blacs_1000x1000-px.png 1000w\" sizes=\"auto, (max-width: 300px) 100vw, 300px\" \/>\t\t\t\t\t\t\t\t\t<\/a>\n\t\t\t\t\t\t\t\t\t\t\t\t\t\t\t\t\t\t \t\t\t\t\t\t\t\t<\/div>\n\t\t\t\t\t\t\t\t<div class=\"image-tools top right show-on-hover\">\n\t\t\t\t\t\t\t\t\t\t\t\t\t\t\t\t\t<\/div>\n\t\t\t\t\t\t\t\t\t\t\t\t\t\t\t\t\t<div class=\"image-tools grid-tools text-center hide-for-small bottom hover-slide-in show-on-hover\">\n\t\t\t\t\t\t\t\t\t\t\t\t\t\t\t\t\t\t\t<\/div>\n\t\t\t\t\t\t\t\t\t\t\t\t\t\t\t\t\t\t\t\t\t\t\t<\/div>\n\n\t\t\t\t\t\t\t<div class=\"box-text text-center\" >\n\t\t\t\t\t\t\t\t<div class=\"title-wrapper\">\t\t<p class=\"category uppercase is-smaller no-text-overflow product-cat op-7\">\n\t\t\tHattingley Valley\t\t<\/p>\n\t<p class=\"name product-title woocommerce-loop-product__title\"><a href=\"https:\/\/schaumweinkontor.com\/en\/produkt\/hattingley-valley-blanc-de-blancs-2014-15-l-magnum\/\" class=\"woocommerce-LoopProduct-link woocommerce-loop-product__link\">Hattingley Valley Blanc de Blancs 2014\/2015 1,5 L Magnum<\/a><\/p><\/div><div class=\"price-wrapper\">\n\t<span class=\"price\"><span class=\"woocommerce-Price-amount amount\" role=\"none\"><bdi><span class=\"woocommerce-Price-currencySymbol\">&euro;<\/span>&nbsp;104,00<\/bdi><\/span> <small class=\"woocommerce-price-suffix\">inkl. MwSt.<\/small><\/span>\n<\/div><div class=\"add-to-cart-button\"><a href=\"\/en\/wp-json\/wp\/v2\/pages\/4628?add-to-cart=4669\" aria-describedby=\"woocommerce_loop_add_to_cart_link_describedby_4669\" data-quantity=\"1\" class=\"primary is-small mb-0 button product_type_simple add_to_cart_button ajax_add_to_cart is-outline\" data-product_id=\"4669\" data-product_sku=\"100300335\" aria-label=\"Add to cart: &ldquo;Hattingley Valley Blanc de Blancs 2014\/2015 1,5 L Magnum&rdquo;\" rel=\"nofollow\" data-success_message=\"&ldquo;Hattingley Valley Blanc de Blancs 2014\/2015 1,5 L Magnum&rdquo; has been added to your cart\" role=\"button\">Add to cart<\/a><\/div>\t<span id=\"woocommerce_loop_add_to_cart_link_describedby_4669\" class=\"screen-reader-text\">\n\t\t\t<\/span>\n\t\t\t\t\t\t\t<\/div>\n\t\t\t\t\t\t<\/div>\n\t\t\t\t\t\t<\/div>\n\t\t\t\t\t<\/div><\/div>\n\n\n\t\t<\/div>\n\t\t\t\t\t<\/div>\n\n\t\n\n<\/div>\n\n<div id=\"lit-mobile\"><\/div>\n<div class=\"row row-collapse row-full-width align-middle blau-verlauf show-for-medium\"  id=\"row-674278046\">\n\n\n\t<div id=\"col-566745156\" class=\"col medium-6 small-5 large-6\"  >\n\t\t\t\t<div class=\"col-inner\"  >\n\t\t\t\n\t\t\t\n\n\t<div id=\"text-2726458601\" class=\"text\">\n\t\t\n\n<h2>Lithuania<\/h2>\n\t\t\n<style>\n#text-2726458601 {\n  font-size: 1.5rem;\n  line-height: 2;\n}\n<\/style>\n\t<\/div>\n\t\n\n\t\t<\/div>\n\t\t\t\t\t<\/div>\n\n\t\n\n\t<div id=\"col-183317569\" class=\"col medium-6 small-7 large-6\"  >\n\t\t\t\t<div class=\"col-inner\"  >\n\t\t\t\n\t\t\t\n\n<h5 id=\"SparklingWine-mobile\" class=\"uppercase\" style=\"text-align: right;\"><span style=\"color: #b79549; font-size: 75%;\">Sparkling Tea<\/span><\/h5>\n\n\t\t<\/div>\n\t\t\t\t\t<\/div>\n\n\t\n\n\n<style>\n#row-674278046 > .col > .col-inner {\n  padding: 0px 20px 0px 20px;\n  border-radius: 74px;\n}\n<\/style>\n<\/div>\n\t<section class=\"section bg_winzer show-for-medium\" id=\"section_1747200502\">\n\t\t<div class=\"bg section-bg fill bg-fill  \" >\n\n\t\t\t\n\t\t\t\n\t\t\t\n\n\t\t<\/div>\n\n\t\t\n\n\t\t<div class=\"section-content relative\">\n\t\t\t\n\n<div class=\"row row-collapse row-full-width align-middle align-center\"  id=\"row-1697625953\">\n\n\n\t<div id=\"col-590615368\" class=\"col small-12 large-12\"  >\n\t\t\t\t<div class=\"col-inner\"  >\n\t\t\t\n\t\t\t\n\n<h2 id=\"HattingleyValley-mobile\" class=\"uppercase\" style=\"text-align: center;\"><span style=\"font-size: 90%;\">ACALA<\/span><\/h2>\n\n\t\t<\/div>\n\t\t\t\t\t<\/div>\n\n\t\n\n\n<style>\n#row-1697625953 > .col > .col-inner {\n  padding: 0 0px 0px 0px;\n}\n@media (min-width:550px) {\n  #row-1697625953 > .col > .col-inner {\n    padding: 15px 0px 0px 0px;\n  }\n}\n<\/style>\n<\/div>\n\n\t\t<\/div>\n\n\t\t\n<style>\n#section_1747200502 {\n  padding-top: 40px;\n  padding-bottom: 40px;\n  margin-bottom: 20px;\n}\n#section_1747200502 .section-bg.bg-loaded {\n  background-image: url(https:\/\/schaumweinkontor.com\/wp-content\/uploads\/2022\/06\/landscape-illu-gold-transp.png);\n}\n@media (min-width:550px) {\n  #section_1747200502 {\n    padding-top: 20px;\n    padding-bottom: 20px;\n  }\n}\n<\/style>\n\t<\/section>\n\t\n<div class=\"row row-full-width align-middle align-center margin-auto\"  id=\"row-1148805305\">\n\n\n\t<div id=\"col-1670485063\" class=\"col small-12 large-12\"  >\n\t\t\t\t<div class=\"col-inner\"  >\n\t\t\t\n\t\t\t\n\n\n  \n    <div class=\"row  equalize-box show-for-small large-columns-3 medium-columns- small-columns-1 row-large has-shadow row-box-shadow-2 row-box-shadow-4-hover\" >\n  \t\n\t     <div class=\"col\" data-animate=\"fadeInUp\">\n\t\t\t\t\t\t<div class=\"col-inner\">\n\t\t\t\t\t\t\n<div class=\"badge-container badge-custom absolute right top z-1\">\n\n<\/div>\n\t\t\t\t\t\t<div class=\"product-small box has-hover box-vertical box-text-bottom\">\n\t\t\t\t\t\t\t<div class=\"box-image\" >\n\t\t\t\t\t\t\t\t<div class=\"\" >\n\t\t\t\t\t\t\t\t\t<a href=\"https:\/\/schaumweinkontor.com\/en\/produkt\/acala-sparkling-tea-box-white-rose-2-x-075-l\/\" aria-label=\"Acala Sparkling Tea BOX White &amp; Rose 2 x 0,75 L\">\n\t\t\t\t\t\t\t\t\t\t<img loading=\"lazy\" decoding=\"async\" width=\"300\" height=\"300\" src=\"https:\/\/schaumweinkontor.com\/wp-content\/uploads\/2024\/10\/1-300x300.png\" class=\"attachment-medium size-medium\" alt=\"Acala Sparkling Tea BOX White &amp; Rose 2 x 0,75 L\" srcset=\"https:\/\/schaumweinkontor.com\/wp-content\/uploads\/2024\/10\/1-300x300.png 300w, https:\/\/schaumweinkontor.com\/wp-content\/uploads\/2024\/10\/1-150x150.png 150w, https:\/\/schaumweinkontor.com\/wp-content\/uploads\/2024\/10\/1-768x768.png 768w, https:\/\/schaumweinkontor.com\/wp-content\/uploads\/2024\/10\/1-510x510.png 510w, https:\/\/schaumweinkontor.com\/wp-content\/uploads\/2024\/10\/1-100x100.png 100w, https:\/\/schaumweinkontor.com\/wp-content\/uploads\/2024\/10\/1.png 1000w\" sizes=\"auto, (max-width: 300px) 100vw, 300px\" \/>\t\t\t\t\t\t\t\t\t<\/a>\n\t\t\t\t\t\t\t\t\t\t\t\t\t\t\t\t\t\t \t\t\t\t\t\t\t\t<\/div>\n\t\t\t\t\t\t\t\t<div class=\"image-tools top right show-on-hover\">\n\t\t\t\t\t\t\t\t\t\t\t\t\t\t\t\t\t<\/div>\n\t\t\t\t\t\t\t\t\t\t\t\t\t\t\t\t\t<div class=\"image-tools grid-tools text-center hide-for-small bottom hover-slide-in show-on-hover\">\n\t\t\t\t\t\t\t\t\t\t\t\t\t\t\t\t\t\t\t<\/div>\n\t\t\t\t\t\t\t\t\t\t\t\t\t\t\t\t<div class=\"out-of-stock-label\">Out of stock<\/div>\t\t\t\t\t\t\t<\/div>\n\n\t\t\t\t\t\t\t<div class=\"box-text text-center\" >\n\t\t\t\t\t\t\t\t<div class=\"title-wrapper\">\t\t<p class=\"category uppercase is-smaller no-text-overflow product-cat op-7\">\n\t\t\tAcala\t\t<\/p>\n\t<p class=\"name product-title woocommerce-loop-product__title\"><a href=\"https:\/\/schaumweinkontor.com\/en\/produkt\/acala-sparkling-tea-box-white-rose-2-x-075-l\/\" class=\"woocommerce-LoopProduct-link woocommerce-loop-product__link\">Acala Sparkling Tea BOX White &amp; Rose 2 x 0,75 L<\/a><\/p><\/div><div class=\"price-wrapper\">\n<\/div><div class=\"add-to-cart-button\"><a href=\"https:\/\/schaumweinkontor.com\/en\/produkt\/acala-sparkling-tea-box-white-rose-2-x-075-l\/\" aria-describedby=\"woocommerce_loop_add_to_cart_link_describedby_5829\" data-quantity=\"1\" class=\"primary is-small mb-0 button product_type_simple is-outline\" data-product_id=\"5829\" data-product_sku=\"100300359\" aria-label=\"Read more about &ldquo;Acala Sparkling Tea BOX White &amp; Rose 2 x 0,75 L&rdquo;\" rel=\"nofollow\" data-success_message=\"\">Read more<\/a><\/div>\t<span id=\"woocommerce_loop_add_to_cart_link_describedby_5829\" class=\"screen-reader-text\">\n\t\t\t<\/span>\n\t\t\t\t\t\t\t<\/div>\n\t\t\t\t\t\t<\/div>\n\t\t\t\t\t\t<\/div>\n\t\t\t\t\t<\/div><div class=\"col\" data-animate=\"fadeInUp\">\n\t\t\t\t\t\t<div class=\"col-inner\">\n\t\t\t\t\t\t\n<div class=\"badge-container badge-custom absolute right top z-1\">\n\n<\/div>\n\t\t\t\t\t\t<div class=\"product-small box has-hover box-vertical box-text-bottom\">\n\t\t\t\t\t\t\t<div class=\"box-image\" >\n\t\t\t\t\t\t\t\t<div class=\"\" >\n\t\t\t\t\t\t\t\t\t<a href=\"https:\/\/schaumweinkontor.com\/en\/produkt\/ronco-calino-franciacorta-docg-pair-brut-nature-2013-bio-075l-copy-copy-copy-copy-copy-copy-copy-copy-copy-copy-2\/\" aria-label=\"Acala Sparkling Tea SPRITZ Alkoholfrei BIO 0,33l\">\n\t\t\t\t\t\t\t\t\t\t<img loading=\"lazy\" decoding=\"async\" width=\"300\" height=\"300\" src=\"https:\/\/schaumweinkontor.com\/wp-content\/uploads\/2025\/07\/2-300x300.png\" class=\"attachment-medium size-medium\" alt=\"Acala Sparkling Tea SPRITZ\" srcset=\"https:\/\/schaumweinkontor.com\/wp-content\/uploads\/2025\/07\/2-300x300.png 300w, https:\/\/schaumweinkontor.com\/wp-content\/uploads\/2025\/07\/2-150x150.png 150w, https:\/\/schaumweinkontor.com\/wp-content\/uploads\/2025\/07\/2-768x768.png 768w, https:\/\/schaumweinkontor.com\/wp-content\/uploads\/2025\/07\/2-510x510.png 510w, https:\/\/schaumweinkontor.com\/wp-content\/uploads\/2025\/07\/2-100x100.png 100w, https:\/\/schaumweinkontor.com\/wp-content\/uploads\/2025\/07\/2.png 1000w\" sizes=\"auto, (max-width: 300px) 100vw, 300px\" \/>\t\t\t\t\t\t\t\t\t<\/a>\n\t\t\t\t\t\t\t\t\t\t\t\t\t\t\t\t\t\t \t\t\t\t\t\t\t\t<\/div>\n\t\t\t\t\t\t\t\t<div class=\"image-tools top right show-on-hover\">\n\t\t\t\t\t\t\t\t\t\t\t\t\t\t\t\t\t<\/div>\n\t\t\t\t\t\t\t\t\t\t\t\t\t\t\t\t\t<div class=\"image-tools grid-tools text-center hide-for-small bottom hover-slide-in show-on-hover\">\n\t\t\t\t\t\t\t\t\t\t\t\t\t\t\t\t\t\t\t<\/div>\n\t\t\t\t\t\t\t\t\t\t\t\t\t\t\t\t\t\t\t\t\t\t\t<\/div>\n\n\t\t\t\t\t\t\t<div class=\"box-text text-center\" >\n\t\t\t\t\t\t\t\t<div class=\"title-wrapper\">\t\t<p class=\"category uppercase is-smaller no-text-overflow product-cat op-7\">\n\t\t\tAcala\t\t<\/p>\n\t<p class=\"name product-title woocommerce-loop-product__title\"><a href=\"https:\/\/schaumweinkontor.com\/en\/produkt\/ronco-calino-franciacorta-docg-pair-brut-nature-2013-bio-075l-copy-copy-copy-copy-copy-copy-copy-copy-copy-copy-2\/\" class=\"woocommerce-LoopProduct-link woocommerce-loop-product__link\">Acala Sparkling Tea SPRITZ Alkoholfrei BIO 0,33l<\/a><\/p><\/div><div class=\"price-wrapper\">\n\t<span class=\"price\"><span class=\"woocommerce-Price-amount amount\" role=\"none\"><bdi><span class=\"woocommerce-Price-currencySymbol\">&euro;<\/span>&nbsp;6,00<\/bdi><\/span> <small class=\"woocommerce-price-suffix\">inkl. MwSt.<\/small><\/span>\n<\/div><div class=\"add-to-cart-button\"><a href=\"\/en\/wp-json\/wp\/v2\/pages\/4628?add-to-cart=6417\" aria-describedby=\"woocommerce_loop_add_to_cart_link_describedby_6417\" data-quantity=\"1\" class=\"primary is-small mb-0 button product_type_simple add_to_cart_button ajax_add_to_cart is-outline\" data-product_id=\"6417\" data-product_sku=\"100300357\" aria-label=\"Add to cart: &ldquo;Acala Sparkling Tea SPRITZ Alkoholfrei BIO 0,33l&rdquo;\" rel=\"nofollow\" data-success_message=\"&ldquo;Acala Sparkling Tea SPRITZ Alkoholfrei BIO 0,33l&rdquo; has been added to your cart\" role=\"button\">Add to cart<\/a><\/div>\t<span id=\"woocommerce_loop_add_to_cart_link_describedby_6417\" class=\"screen-reader-text\">\n\t\t\t<\/span>\n\t\t\t\t\t\t\t<\/div>\n\t\t\t\t\t\t<\/div>\n\t\t\t\t\t\t<\/div>\n\t\t\t\t\t<\/div><div class=\"col\" data-animate=\"fadeInUp\">\n\t\t\t\t\t\t<div class=\"col-inner\">\n\t\t\t\t\t\t\n<div class=\"badge-container badge-custom absolute right top z-1\">\n\n<\/div>\n\t\t\t\t\t\t<div class=\"product-small box has-hover box-vertical box-text-bottom\">\n\t\t\t\t\t\t\t<div class=\"box-image\" >\n\t\t\t\t\t\t\t\t<div class=\"\" >\n\t\t\t\t\t\t\t\t\t<a href=\"https:\/\/schaumweinkontor.com\/en\/produkt\/acala-sparkling-tea-white-non-alcoholic-bio-033-l\/\" aria-label=\"Acala Sparkling Tea WHITE Non-alcoholic BIO 0,33 L\">\n\t\t\t\t\t\t\t\t\t\t<img loading=\"lazy\" decoding=\"async\" width=\"300\" height=\"300\" src=\"https:\/\/schaumweinkontor.com\/wp-content\/uploads\/2024\/04\/Acala-White-300x300.png\" class=\"attachment-medium size-medium\" alt=\"Acala Sparkling Tea WHITE Non-alcoholic BIO 0,33 L\" srcset=\"https:\/\/schaumweinkontor.com\/wp-content\/uploads\/2024\/04\/Acala-White-300x300.png 300w, https:\/\/schaumweinkontor.com\/wp-content\/uploads\/2024\/04\/Acala-White-100x100.png 100w, https:\/\/schaumweinkontor.com\/wp-content\/uploads\/2024\/04\/Acala-White-510x510.png 510w, https:\/\/schaumweinkontor.com\/wp-content\/uploads\/2024\/04\/Acala-White-150x150.png 150w, https:\/\/schaumweinkontor.com\/wp-content\/uploads\/2024\/04\/Acala-White-768x768.png 768w, https:\/\/schaumweinkontor.com\/wp-content\/uploads\/2024\/04\/Acala-White.png 1000w\" sizes=\"auto, (max-width: 300px) 100vw, 300px\" \/>\t\t\t\t\t\t\t\t\t<\/a>\n\t\t\t\t\t\t\t\t\t\t\t\t\t\t\t\t\t\t \t\t\t\t\t\t\t\t<\/div>\n\t\t\t\t\t\t\t\t<div class=\"image-tools top right show-on-hover\">\n\t\t\t\t\t\t\t\t\t\t\t\t\t\t\t\t\t<\/div>\n\t\t\t\t\t\t\t\t\t\t\t\t\t\t\t\t\t<div class=\"image-tools grid-tools text-center hide-for-small bottom hover-slide-in show-on-hover\">\n\t\t\t\t\t\t\t\t\t\t\t\t\t\t\t\t\t\t\t<\/div>\n\t\t\t\t\t\t\t\t\t\t\t\t\t\t\t\t\t\t\t\t\t\t\t<\/div>\n\n\t\t\t\t\t\t\t<div class=\"box-text text-center\" >\n\t\t\t\t\t\t\t\t<div class=\"title-wrapper\">\t\t<p class=\"category uppercase is-smaller no-text-overflow product-cat op-7\">\n\t\t\tAcala\t\t<\/p>\n\t<p class=\"name product-title woocommerce-loop-product__title\"><a href=\"https:\/\/schaumweinkontor.com\/en\/produkt\/acala-sparkling-tea-white-non-alcoholic-bio-033-l\/\" class=\"woocommerce-LoopProduct-link woocommerce-loop-product__link\">Acala Sparkling Tea WHITE Non-alcoholic BIO 0,33 L<\/a><\/p><\/div><div class=\"price-wrapper\">\n\t<span class=\"price\"><span class=\"woocommerce-Price-amount amount\" role=\"none\"><bdi><span class=\"woocommerce-Price-currencySymbol\">&euro;<\/span>&nbsp;7,20<\/bdi><\/span> <small class=\"woocommerce-price-suffix\">inkl. MwSt.<\/small><\/span>\n<\/div><div class=\"add-to-cart-button\"><a href=\"\/en\/wp-json\/wp\/v2\/pages\/4628?add-to-cart=5355\" aria-describedby=\"woocommerce_loop_add_to_cart_link_describedby_5355\" data-quantity=\"1\" class=\"primary is-small mb-0 button product_type_simple add_to_cart_button ajax_add_to_cart is-outline\" data-product_id=\"5355\" data-product_sku=\"100300353\" aria-label=\"Add to cart: &ldquo;Acala Sparkling Tea WHITE Non-alcoholic BIO 0,33 L&rdquo;\" rel=\"nofollow\" data-success_message=\"&ldquo;Acala Sparkling Tea WHITE Non-alcoholic BIO 0,33 L&rdquo; has been added to your cart\" role=\"button\">Add to cart<\/a><\/div>\t<span id=\"woocommerce_loop_add_to_cart_link_describedby_5355\" class=\"screen-reader-text\">\n\t\t\t<\/span>\n\t\t\t\t\t\t\t<\/div>\n\t\t\t\t\t\t<\/div>\n\t\t\t\t\t\t<\/div>\n\t\t\t\t\t<\/div><div class=\"col\" data-animate=\"fadeInUp\">\n\t\t\t\t\t\t<div class=\"col-inner\">\n\t\t\t\t\t\t\n<div class=\"badge-container badge-custom absolute right top z-1\">\n\n<\/div>\n\t\t\t\t\t\t<div class=\"product-small box has-hover box-vertical box-text-bottom\">\n\t\t\t\t\t\t\t<div class=\"box-image\" >\n\t\t\t\t\t\t\t\t<div class=\"\" >\n\t\t\t\t\t\t\t\t\t<a href=\"https:\/\/schaumweinkontor.com\/en\/produkt\/acala-sparkling-tea-rose-non-alcoholic-bio-075-l-copy\/\" aria-label=\"Acala Sparkling Tea ROSE Non-alcoholic BIO 0,33 L\">\n\t\t\t\t\t\t\t\t\t\t<img loading=\"lazy\" decoding=\"async\" width=\"300\" height=\"300\" src=\"https:\/\/schaumweinkontor.com\/wp-content\/uploads\/2024\/04\/Acala-Rose-300x300.png\" class=\"attachment-medium size-medium\" alt=\"Acala Sparkling Tea ROSE Non-alcoholic BIO 0,33 L\" srcset=\"https:\/\/schaumweinkontor.com\/wp-content\/uploads\/2024\/04\/Acala-Rose-300x300.png 300w, https:\/\/schaumweinkontor.com\/wp-content\/uploads\/2024\/04\/Acala-Rose-100x100.png 100w, https:\/\/schaumweinkontor.com\/wp-content\/uploads\/2024\/04\/Acala-Rose-510x510.png 510w, https:\/\/schaumweinkontor.com\/wp-content\/uploads\/2024\/04\/Acala-Rose-150x150.png 150w, https:\/\/schaumweinkontor.com\/wp-content\/uploads\/2024\/04\/Acala-Rose-768x768.png 768w, https:\/\/schaumweinkontor.com\/wp-content\/uploads\/2024\/04\/Acala-Rose.png 1000w\" sizes=\"auto, (max-width: 300px) 100vw, 300px\" \/>\t\t\t\t\t\t\t\t\t<\/a>\n\t\t\t\t\t\t\t\t\t\t\t\t\t\t\t\t\t\t \t\t\t\t\t\t\t\t<\/div>\n\t\t\t\t\t\t\t\t<div class=\"image-tools top right show-on-hover\">\n\t\t\t\t\t\t\t\t\t\t\t\t\t\t\t\t\t<\/div>\n\t\t\t\t\t\t\t\t\t\t\t\t\t\t\t\t\t<div class=\"image-tools grid-tools text-center hide-for-small bottom hover-slide-in show-on-hover\">\n\t\t\t\t\t\t\t\t\t\t\t\t\t\t\t\t\t\t\t<\/div>\n\t\t\t\t\t\t\t\t\t\t\t\t\t\t\t\t\t\t\t\t\t\t\t<\/div>\n\n\t\t\t\t\t\t\t<div class=\"box-text text-center\" >\n\t\t\t\t\t\t\t\t<div class=\"title-wrapper\">\t\t<p class=\"category uppercase is-smaller no-text-overflow product-cat op-7\">\n\t\t\tAcala\t\t<\/p>\n\t<p class=\"name product-title woocommerce-loop-product__title\"><a href=\"https:\/\/schaumweinkontor.com\/en\/produkt\/acala-sparkling-tea-rose-non-alcoholic-bio-075-l-copy\/\" class=\"woocommerce-LoopProduct-link woocommerce-loop-product__link\">Acala Sparkling Tea ROSE Non-alcoholic BIO 0,33 L<\/a><\/p><\/div><div class=\"price-wrapper\">\n\t<span class=\"price\"><span class=\"woocommerce-Price-amount amount\" role=\"none\"><bdi><span class=\"woocommerce-Price-currencySymbol\">&euro;<\/span>&nbsp;7,20<\/bdi><\/span> <small class=\"woocommerce-price-suffix\">inkl. MwSt.<\/small><\/span>\n<\/div><div class=\"add-to-cart-button\"><a href=\"\/en\/wp-json\/wp\/v2\/pages\/4628?add-to-cart=5359\" aria-describedby=\"woocommerce_loop_add_to_cart_link_describedby_5359\" data-quantity=\"1\" class=\"primary is-small mb-0 button product_type_simple add_to_cart_button ajax_add_to_cart is-outline\" data-product_id=\"5359\" data-product_sku=\"100300355\" aria-label=\"Add to cart: &ldquo;Acala Sparkling Tea ROSE Non-alcoholic BIO 0,33 L&rdquo;\" rel=\"nofollow\" data-success_message=\"&ldquo;Acala Sparkling Tea ROSE Non-alcoholic BIO 0,33 L&rdquo; has been added to your cart\" role=\"button\">Add to cart<\/a><\/div>\t<span id=\"woocommerce_loop_add_to_cart_link_describedby_5359\" class=\"screen-reader-text\">\n\t\t\t<\/span>\n\t\t\t\t\t\t\t<\/div>\n\t\t\t\t\t\t<\/div>\n\t\t\t\t\t\t<\/div>\n\t\t\t\t\t<\/div><div class=\"col\" data-animate=\"fadeInUp\">\n\t\t\t\t\t\t<div class=\"col-inner\">\n\t\t\t\t\t\t\n<div class=\"badge-container badge-custom absolute right top z-1\">\n\n<\/div>\n\t\t\t\t\t\t<div class=\"product-small box has-hover box-vertical box-text-bottom\">\n\t\t\t\t\t\t\t<div class=\"box-image\" >\n\t\t\t\t\t\t\t\t<div class=\"\" >\n\t\t\t\t\t\t\t\t\t<a href=\"https:\/\/schaumweinkontor.com\/en\/produkt\/acala-sparkling-tea-mimosa-non-alcoholic-bio-033-l\/\" aria-label=\"Acala Sparkling Tea MIMOSA Non-alcoholic BIO 0,33l\">\n\t\t\t\t\t\t\t\t\t\t<img loading=\"lazy\" decoding=\"async\" width=\"300\" height=\"300\" src=\"https:\/\/schaumweinkontor.com\/wp-content\/uploads\/2025\/11\/acaqla-mimosa-033-300x300.png\" class=\"attachment-medium size-medium\" alt=\"Acala Sparkling Tea MIMOSA Non-alcoholic BIO 0,33l\" srcset=\"https:\/\/schaumweinkontor.com\/wp-content\/uploads\/2025\/11\/acaqla-mimosa-033-300x300.png 300w, https:\/\/schaumweinkontor.com\/wp-content\/uploads\/2025\/11\/acaqla-mimosa-033-150x150.png 150w, https:\/\/schaumweinkontor.com\/wp-content\/uploads\/2025\/11\/acaqla-mimosa-033-768x768.png 768w, https:\/\/schaumweinkontor.com\/wp-content\/uploads\/2025\/11\/acaqla-mimosa-033-510x510.png 510w, https:\/\/schaumweinkontor.com\/wp-content\/uploads\/2025\/11\/acaqla-mimosa-033-100x100.png 100w, https:\/\/schaumweinkontor.com\/wp-content\/uploads\/2025\/11\/acaqla-mimosa-033.png 1000w\" sizes=\"auto, (max-width: 300px) 100vw, 300px\" \/>\t\t\t\t\t\t\t\t\t<\/a>\n\t\t\t\t\t\t\t\t\t\t\t\t\t\t\t\t\t\t \t\t\t\t\t\t\t\t<\/div>\n\t\t\t\t\t\t\t\t<div class=\"image-tools top right show-on-hover\">\n\t\t\t\t\t\t\t\t\t\t\t\t\t\t\t\t\t<\/div>\n\t\t\t\t\t\t\t\t\t\t\t\t\t\t\t\t\t<div class=\"image-tools grid-tools text-center hide-for-small bottom hover-slide-in show-on-hover\">\n\t\t\t\t\t\t\t\t\t\t\t\t\t\t\t\t\t\t\t<\/div>\n\t\t\t\t\t\t\t\t\t\t\t\t\t\t\t\t\t\t\t\t\t\t\t<\/div>\n\n\t\t\t\t\t\t\t<div class=\"box-text text-center\" >\n\t\t\t\t\t\t\t\t<div class=\"title-wrapper\">\t\t<p class=\"category uppercase is-smaller no-text-overflow product-cat op-7\">\n\t\t\tAcala\t\t<\/p>\n\t<p class=\"name product-title woocommerce-loop-product__title\"><a href=\"https:\/\/schaumweinkontor.com\/en\/produkt\/acala-sparkling-tea-mimosa-non-alcoholic-bio-033-l\/\" class=\"woocommerce-LoopProduct-link woocommerce-loop-product__link\">Acala Sparkling Tea MIMOSA Non-alcoholic BIO 0,33l<\/a><\/p><\/div><div class=\"price-wrapper\">\n\t<span class=\"price\"><span class=\"woocommerce-Price-amount amount\" role=\"none\"><bdi><span class=\"woocommerce-Price-currencySymbol\">&euro;<\/span>&nbsp;7,20<\/bdi><\/span> <small class=\"woocommerce-price-suffix\">inkl. MwSt.<\/small><\/span>\n<\/div><div class=\"add-to-cart-button\"><a href=\"\/en\/wp-json\/wp\/v2\/pages\/4628?add-to-cart=7471\" aria-describedby=\"woocommerce_loop_add_to_cart_link_describedby_7471\" data-quantity=\"1\" class=\"primary is-small mb-0 button product_type_simple add_to_cart_button ajax_add_to_cart is-outline\" data-product_id=\"7471\" data-product_sku=\"100300356\" aria-label=\"Add to cart: &ldquo;Acala Sparkling Tea MIMOSA Non-alcoholic BIO 0,33l&rdquo;\" rel=\"nofollow\" data-success_message=\"&ldquo;Acala Sparkling Tea MIMOSA Non-alcoholic BIO 0,33l&rdquo; has been added to your cart\" role=\"button\">Add to cart<\/a><\/div>\t<span id=\"woocommerce_loop_add_to_cart_link_describedby_7471\" class=\"screen-reader-text\">\n\t\t\t<\/span>\n\t\t\t\t\t\t\t<\/div>\n\t\t\t\t\t\t<\/div>\n\t\t\t\t\t\t<\/div>\n\t\t\t\t\t<\/div><div class=\"col\" data-animate=\"fadeInUp\">\n\t\t\t\t\t\t<div class=\"col-inner\">\n\t\t\t\t\t\t\n<div class=\"badge-container badge-custom absolute right top z-1\">\n\n<\/div>\n\t\t\t\t\t\t<div class=\"product-small box has-hover box-vertical box-text-bottom\">\n\t\t\t\t\t\t\t<div class=\"box-image\" >\n\t\t\t\t\t\t\t\t<div class=\"\" >\n\t\t\t\t\t\t\t\t\t<a href=\"https:\/\/schaumweinkontor.com\/en\/produkt\/acala-sparkling-tea-mimosa-non-alcoholic-bio-075-l\/\" aria-label=\"Acala Sparkling Tea MIMOSA Non-alcoholic BIO 0,75 L\">\n\t\t\t\t\t\t\t\t\t\t<img loading=\"lazy\" decoding=\"async\" width=\"300\" height=\"300\" src=\"https:\/\/schaumweinkontor.com\/wp-content\/uploads\/2024\/04\/Acala-Mimosa-300x300.png\" class=\"attachment-medium size-medium\" alt=\"Acala Sparkling Tea MIMOSA Non-alcoholic BIO 0,75 L\" srcset=\"https:\/\/schaumweinkontor.com\/wp-content\/uploads\/2024\/04\/Acala-Mimosa-300x300.png 300w, https:\/\/schaumweinkontor.com\/wp-content\/uploads\/2024\/04\/Acala-Mimosa-100x100.png 100w, https:\/\/schaumweinkontor.com\/wp-content\/uploads\/2024\/04\/Acala-Mimosa-510x510.png 510w, https:\/\/schaumweinkontor.com\/wp-content\/uploads\/2024\/04\/Acala-Mimosa-150x150.png 150w, https:\/\/schaumweinkontor.com\/wp-content\/uploads\/2024\/04\/Acala-Mimosa-768x768.png 768w, https:\/\/schaumweinkontor.com\/wp-content\/uploads\/2024\/04\/Acala-Mimosa.png 1000w\" sizes=\"auto, (max-width: 300px) 100vw, 300px\" \/>\t\t\t\t\t\t\t\t\t<\/a>\n\t\t\t\t\t\t\t\t\t\t\t\t\t\t\t\t\t\t \t\t\t\t\t\t\t\t<\/div>\n\t\t\t\t\t\t\t\t<div class=\"image-tools top right show-on-hover\">\n\t\t\t\t\t\t\t\t\t\t\t\t\t\t\t\t\t<\/div>\n\t\t\t\t\t\t\t\t\t\t\t\t\t\t\t\t\t<div class=\"image-tools grid-tools text-center hide-for-small bottom hover-slide-in show-on-hover\">\n\t\t\t\t\t\t\t\t\t\t\t\t\t\t\t\t\t\t\t<\/div>\n\t\t\t\t\t\t\t\t\t\t\t\t\t\t\t\t\t\t\t\t\t\t\t<\/div>\n\n\t\t\t\t\t\t\t<div class=\"box-text text-center\" >\n\t\t\t\t\t\t\t\t<div class=\"title-wrapper\">\t\t<p class=\"category uppercase is-smaller no-text-overflow product-cat op-7\">\n\t\t\tAcala\t\t<\/p>\n\t<p class=\"name product-title woocommerce-loop-product__title\"><a href=\"https:\/\/schaumweinkontor.com\/en\/produkt\/acala-sparkling-tea-mimosa-non-alcoholic-bio-075-l\/\" class=\"woocommerce-LoopProduct-link woocommerce-loop-product__link\">Acala Sparkling Tea MIMOSA Non-alcoholic BIO 0,75 L<\/a><\/p><\/div><div class=\"price-wrapper\">\n\t<span class=\"price\"><span class=\"woocommerce-Price-amount amount\" role=\"none\"><bdi><span class=\"woocommerce-Price-currencySymbol\">&euro;<\/span>&nbsp;11,00<\/bdi><\/span> <small class=\"woocommerce-price-suffix\">inkl. MwSt.<\/small><\/span>\n<\/div><div class=\"add-to-cart-button\"><a href=\"\/en\/wp-json\/wp\/v2\/pages\/4628?add-to-cart=5349\" aria-describedby=\"woocommerce_loop_add_to_cart_link_describedby_5349\" data-quantity=\"1\" class=\"primary is-small mb-0 button product_type_simple add_to_cart_button ajax_add_to_cart is-outline\" data-product_id=\"5349\" data-product_sku=\"100300350\" aria-label=\"Add to cart: &ldquo;Acala Sparkling Tea MIMOSA Non-alcoholic BIO 0,75 L&rdquo;\" rel=\"nofollow\" data-success_message=\"&ldquo;Acala Sparkling Tea MIMOSA Non-alcoholic BIO 0,75 L&rdquo; has been added to your cart\" role=\"button\">Add to cart<\/a><\/div>\t<span id=\"woocommerce_loop_add_to_cart_link_describedby_5349\" class=\"screen-reader-text\">\n\t\t\t<\/span>\n\t\t\t\t\t\t\t<\/div>\n\t\t\t\t\t\t<\/div>\n\t\t\t\t\t\t<\/div>\n\t\t\t\t\t<\/div><div class=\"col\" data-animate=\"fadeInUp\">\n\t\t\t\t\t\t<div class=\"col-inner\">\n\t\t\t\t\t\t\n<div class=\"badge-container badge-custom absolute right top z-1\">\n\n<\/div>\n\t\t\t\t\t\t<div class=\"product-small box has-hover box-vertical box-text-bottom\">\n\t\t\t\t\t\t\t<div class=\"box-image\" >\n\t\t\t\t\t\t\t\t<div class=\"\" >\n\t\t\t\t\t\t\t\t\t<a href=\"https:\/\/schaumweinkontor.com\/en\/produkt\/acala-sparkling-tea-spritz-non-alcoholic-bio-075-l\/\" aria-label=\"Acala Sparkling Tea SPRITZ Non-alcoholic BIO 0,75 L\">\n\t\t\t\t\t\t\t\t\t\t<img loading=\"lazy\" decoding=\"async\" width=\"300\" height=\"300\" src=\"https:\/\/schaumweinkontor.com\/wp-content\/uploads\/2024\/04\/Acala-Spritz-300x300.png\" class=\"attachment-medium size-medium\" alt=\"Acala Sparkling Tea SPRITZ Non-alcoholic BIO 0,75 L\" srcset=\"https:\/\/schaumweinkontor.com\/wp-content\/uploads\/2024\/04\/Acala-Spritz-300x300.png 300w, https:\/\/schaumweinkontor.com\/wp-content\/uploads\/2024\/04\/Acala-Spritz-100x100.png 100w, https:\/\/schaumweinkontor.com\/wp-content\/uploads\/2024\/04\/Acala-Spritz-510x510.png 510w, https:\/\/schaumweinkontor.com\/wp-content\/uploads\/2024\/04\/Acala-Spritz-150x150.png 150w, https:\/\/schaumweinkontor.com\/wp-content\/uploads\/2024\/04\/Acala-Spritz-768x768.png 768w, https:\/\/schaumweinkontor.com\/wp-content\/uploads\/2024\/04\/Acala-Spritz.png 1000w\" sizes=\"auto, (max-width: 300px) 100vw, 300px\" \/>\t\t\t\t\t\t\t\t\t<\/a>\n\t\t\t\t\t\t\t\t\t\t\t\t\t\t\t\t\t\t \t\t\t\t\t\t\t\t<\/div>\n\t\t\t\t\t\t\t\t<div class=\"image-tools top right show-on-hover\">\n\t\t\t\t\t\t\t\t\t\t\t\t\t\t\t\t\t<\/div>\n\t\t\t\t\t\t\t\t\t\t\t\t\t\t\t\t\t<div class=\"image-tools grid-tools text-center hide-for-small bottom hover-slide-in show-on-hover\">\n\t\t\t\t\t\t\t\t\t\t\t\t\t\t\t\t\t\t\t<\/div>\n\t\t\t\t\t\t\t\t\t\t\t\t\t\t\t\t\t\t\t\t\t\t\t<\/div>\n\n\t\t\t\t\t\t\t<div class=\"box-text text-center\" >\n\t\t\t\t\t\t\t\t<div class=\"title-wrapper\">\t\t<p class=\"category uppercase is-smaller no-text-overflow product-cat op-7\">\n\t\t\tAcala\t\t<\/p>\n\t<p class=\"name product-title woocommerce-loop-product__title\"><a href=\"https:\/\/schaumweinkontor.com\/en\/produkt\/acala-sparkling-tea-spritz-non-alcoholic-bio-075-l\/\" class=\"woocommerce-LoopProduct-link woocommerce-loop-product__link\">Acala Sparkling Tea SPRITZ Non-alcoholic BIO 0,75 L<\/a><\/p><\/div><div class=\"price-wrapper\">\n\t<span class=\"price\"><span class=\"woocommerce-Price-amount amount\" role=\"none\"><bdi><span class=\"woocommerce-Price-currencySymbol\">&euro;<\/span>&nbsp;11,00<\/bdi><\/span> <small class=\"woocommerce-price-suffix\">inkl. MwSt.<\/small><\/span>\n<\/div><div class=\"add-to-cart-button\"><a href=\"\/en\/wp-json\/wp\/v2\/pages\/4628?add-to-cart=5351\" aria-describedby=\"woocommerce_loop_add_to_cart_link_describedby_5351\" data-quantity=\"1\" class=\"primary is-small mb-0 button product_type_simple add_to_cart_button ajax_add_to_cart is-outline\" data-product_id=\"5351\" data-product_sku=\"100300351\" aria-label=\"Add to cart: &ldquo;Acala Sparkling Tea SPRITZ Non-alcoholic BIO 0,75 L&rdquo;\" rel=\"nofollow\" data-success_message=\"&ldquo;Acala Sparkling Tea SPRITZ Non-alcoholic BIO 0,75 L&rdquo; has been added to your cart\" role=\"button\">Add to cart<\/a><\/div>\t<span id=\"woocommerce_loop_add_to_cart_link_describedby_5351\" class=\"screen-reader-text\">\n\t\t\t<\/span>\n\t\t\t\t\t\t\t<\/div>\n\t\t\t\t\t\t<\/div>\n\t\t\t\t\t\t<\/div>\n\t\t\t\t\t<\/div><div class=\"col\" data-animate=\"fadeInUp\">\n\t\t\t\t\t\t<div class=\"col-inner\">\n\t\t\t\t\t\t\n<div class=\"badge-container badge-custom absolute right top z-1\">\n\n<\/div>\n\t\t\t\t\t\t<div class=\"product-small box has-hover box-vertical box-text-bottom\">\n\t\t\t\t\t\t\t<div class=\"box-image\" >\n\t\t\t\t\t\t\t\t<div class=\"\" >\n\t\t\t\t\t\t\t\t\t<a href=\"https:\/\/schaumweinkontor.com\/en\/produkt\/acala-sparkling-tea-white-non-alcoholic-bio-075-l\/\" aria-label=\"Acala Sparkling Tea WHITE Non-alcoholic BIO 0,75 L\">\n\t\t\t\t\t\t\t\t\t\t<img loading=\"lazy\" decoding=\"async\" width=\"300\" height=\"300\" src=\"https:\/\/schaumweinkontor.com\/wp-content\/uploads\/2024\/04\/Acala-White-300x300.png\" class=\"attachment-medium size-medium\" alt=\"Acala Sparkling Tea WHITE Non-alcoholic BIO 0,75 L\" srcset=\"https:\/\/schaumweinkontor.com\/wp-content\/uploads\/2024\/04\/Acala-White-300x300.png 300w, https:\/\/schaumweinkontor.com\/wp-content\/uploads\/2024\/04\/Acala-White-100x100.png 100w, https:\/\/schaumweinkontor.com\/wp-content\/uploads\/2024\/04\/Acala-White-510x510.png 510w, https:\/\/schaumweinkontor.com\/wp-content\/uploads\/2024\/04\/Acala-White-150x150.png 150w, https:\/\/schaumweinkontor.com\/wp-content\/uploads\/2024\/04\/Acala-White-768x768.png 768w, https:\/\/schaumweinkontor.com\/wp-content\/uploads\/2024\/04\/Acala-White.png 1000w\" sizes=\"auto, (max-width: 300px) 100vw, 300px\" \/>\t\t\t\t\t\t\t\t\t<\/a>\n\t\t\t\t\t\t\t\t\t\t\t\t\t\t\t\t\t\t \t\t\t\t\t\t\t\t<\/div>\n\t\t\t\t\t\t\t\t<div class=\"image-tools top right show-on-hover\">\n\t\t\t\t\t\t\t\t\t\t\t\t\t\t\t\t\t<\/div>\n\t\t\t\t\t\t\t\t\t\t\t\t\t\t\t\t\t<div class=\"image-tools grid-tools text-center hide-for-small bottom hover-slide-in show-on-hover\">\n\t\t\t\t\t\t\t\t\t\t\t\t\t\t\t\t\t\t\t<\/div>\n\t\t\t\t\t\t\t\t\t\t\t\t\t\t\t\t\t\t\t\t\t\t\t<\/div>\n\n\t\t\t\t\t\t\t<div class=\"box-text text-center\" >\n\t\t\t\t\t\t\t\t<div class=\"title-wrapper\">\t\t<p class=\"category uppercase is-smaller no-text-overflow product-cat op-7\">\n\t\t\tAcala\t\t<\/p>\n\t<p class=\"name product-title woocommerce-loop-product__title\"><a href=\"https:\/\/schaumweinkontor.com\/en\/produkt\/acala-sparkling-tea-white-non-alcoholic-bio-075-l\/\" class=\"woocommerce-LoopProduct-link woocommerce-loop-product__link\">Acala Sparkling Tea WHITE Non-alcoholic BIO 0,75 L<\/a><\/p><\/div><div class=\"price-wrapper\">\n\t<span class=\"price\"><span class=\"woocommerce-Price-amount amount\" role=\"none\"><bdi><span class=\"woocommerce-Price-currencySymbol\">&euro;<\/span>&nbsp;14,50<\/bdi><\/span> <small class=\"woocommerce-price-suffix\">inkl. MwSt.<\/small><\/span>\n<\/div><div class=\"add-to-cart-button\"><a href=\"\/en\/wp-json\/wp\/v2\/pages\/4628?add-to-cart=5329\" aria-describedby=\"woocommerce_loop_add_to_cart_link_describedby_5329\" data-quantity=\"1\" class=\"primary is-small mb-0 button product_type_simple add_to_cart_button ajax_add_to_cart is-outline\" data-product_id=\"5329\" data-product_sku=\"100300347\" aria-label=\"Add to cart: &ldquo;Acala Sparkling Tea WHITE Non-alcoholic BIO 0,75 L&rdquo;\" rel=\"nofollow\" data-success_message=\"&ldquo;Acala Sparkling Tea WHITE Non-alcoholic BIO 0,75 L&rdquo; has been added to your cart\" role=\"button\">Add to cart<\/a><\/div>\t<span id=\"woocommerce_loop_add_to_cart_link_describedby_5329\" class=\"screen-reader-text\">\n\t\t\t<\/span>\n\t\t\t\t\t\t\t<\/div>\n\t\t\t\t\t\t<\/div>\n\t\t\t\t\t\t<\/div>\n\t\t\t\t\t<\/div><div class=\"col\" data-animate=\"fadeInUp\">\n\t\t\t\t\t\t<div class=\"col-inner\">\n\t\t\t\t\t\t\n<div class=\"badge-container badge-custom absolute right top z-1\">\n\n<\/div>\n\t\t\t\t\t\t<div class=\"product-small box has-hover box-vertical box-text-bottom\">\n\t\t\t\t\t\t\t<div class=\"box-image\" >\n\t\t\t\t\t\t\t\t<div class=\"\" >\n\t\t\t\t\t\t\t\t\t<a href=\"https:\/\/schaumweinkontor.com\/en\/produkt\/acala-sparkling-tea-rose-non-alcoholic-bio-075-l\/\" aria-label=\"Acala Sparkling Tea ROSE Non-alcoholic BIO 0,75 L\">\n\t\t\t\t\t\t\t\t\t\t<img loading=\"lazy\" decoding=\"async\" width=\"300\" height=\"300\" src=\"https:\/\/schaumweinkontor.com\/wp-content\/uploads\/2024\/04\/Acala-Tea-Rose-075-1000x1000-1-300x300.png\" class=\"attachment-medium size-medium\" alt=\"Acala Sparkling Tea ROSE Non-alcoholic BIO 0,75 L\" srcset=\"https:\/\/schaumweinkontor.com\/wp-content\/uploads\/2024\/04\/Acala-Tea-Rose-075-1000x1000-1-300x300.png 300w, https:\/\/schaumweinkontor.com\/wp-content\/uploads\/2024\/04\/Acala-Tea-Rose-075-1000x1000-1-100x100.png 100w, https:\/\/schaumweinkontor.com\/wp-content\/uploads\/2024\/04\/Acala-Tea-Rose-075-1000x1000-1-510x509.png 510w, https:\/\/schaumweinkontor.com\/wp-content\/uploads\/2024\/04\/Acala-Tea-Rose-075-1000x1000-1-150x150.png 150w, https:\/\/schaumweinkontor.com\/wp-content\/uploads\/2024\/04\/Acala-Tea-Rose-075-1000x1000-1-768x767.png 768w, https:\/\/schaumweinkontor.com\/wp-content\/uploads\/2024\/04\/Acala-Tea-Rose-075-1000x1000-1.png 1001w\" sizes=\"auto, (max-width: 300px) 100vw, 300px\" \/>\t\t\t\t\t\t\t\t\t<\/a>\n\t\t\t\t\t\t\t\t\t\t\t\t\t\t\t\t\t\t \t\t\t\t\t\t\t\t<\/div>\n\t\t\t\t\t\t\t\t<div class=\"image-tools top right show-on-hover\">\n\t\t\t\t\t\t\t\t\t\t\t\t\t\t\t\t\t<\/div>\n\t\t\t\t\t\t\t\t\t\t\t\t\t\t\t\t\t<div class=\"image-tools grid-tools text-center hide-for-small bottom hover-slide-in show-on-hover\">\n\t\t\t\t\t\t\t\t\t\t\t\t\t\t\t\t\t\t\t<\/div>\n\t\t\t\t\t\t\t\t\t\t\t\t\t\t\t\t\t\t\t\t\t\t\t<\/div>\n\n\t\t\t\t\t\t\t<div class=\"box-text text-center\" >\n\t\t\t\t\t\t\t\t<div class=\"title-wrapper\">\t\t<p class=\"category uppercase is-smaller no-text-overflow product-cat op-7\">\n\t\t\tAcala\t\t<\/p>\n\t<p class=\"name product-title woocommerce-loop-product__title\"><a href=\"https:\/\/schaumweinkontor.com\/en\/produkt\/acala-sparkling-tea-rose-non-alcoholic-bio-075-l\/\" class=\"woocommerce-LoopProduct-link woocommerce-loop-product__link\">Acala Sparkling Tea ROSE Non-alcoholic BIO 0,75 L<\/a><\/p><\/div><div class=\"price-wrapper\">\n\t<span class=\"price\"><span class=\"woocommerce-Price-amount amount\" role=\"none\"><bdi><span class=\"woocommerce-Price-currencySymbol\">&euro;<\/span>&nbsp;14,50<\/bdi><\/span> <small class=\"woocommerce-price-suffix\">inkl. MwSt.<\/small><\/span>\n<\/div><div class=\"add-to-cart-button\"><a href=\"\/en\/wp-json\/wp\/v2\/pages\/4628?add-to-cart=5345\" aria-describedby=\"woocommerce_loop_add_to_cart_link_describedby_5345\" data-quantity=\"1\" class=\"primary is-small mb-0 button product_type_simple add_to_cart_button ajax_add_to_cart is-outline\" data-product_id=\"5345\" data-product_sku=\"100300348\" aria-label=\"Add to cart: &ldquo;Acala Sparkling Tea ROSE Non-alcoholic BIO 0,75 L&rdquo;\" rel=\"nofollow\" data-success_message=\"&ldquo;Acala Sparkling Tea ROSE Non-alcoholic BIO 0,75 L&rdquo; has been added to your cart\" role=\"button\">Add to cart<\/a><\/div>\t<span id=\"woocommerce_loop_add_to_cart_link_describedby_5345\" class=\"screen-reader-text\">\n\t\t\t<\/span>\n\t\t\t\t\t\t\t<\/div>\n\t\t\t\t\t\t<\/div>\n\t\t\t\t\t\t<\/div>\n\t\t\t\t\t<\/div><div class=\"col\" data-animate=\"fadeInUp\">\n\t\t\t\t\t\t<div class=\"col-inner\">\n\t\t\t\t\t\t\n<div class=\"badge-container badge-custom absolute right top z-1\">\n\n<\/div>\n\t\t\t\t\t\t<div class=\"product-small box has-hover box-vertical box-text-bottom\">\n\t\t\t\t\t\t\t<div class=\"box-image\" >\n\t\t\t\t\t\t\t\t<div class=\"\" >\n\t\t\t\t\t\t\t\t\t<a href=\"https:\/\/schaumweinkontor.com\/en\/produkt\/acala-sparkling-tea-red-non-alcoholic-bio-075l\/\" aria-label=\"Acala Sparkling Tea RED Non-alcoholic BIO 0,75l\">\n\t\t\t\t\t\t\t\t\t\t<img loading=\"lazy\" decoding=\"async\" width=\"300\" height=\"300\" src=\"https:\/\/schaumweinkontor.com\/wp-content\/uploads\/2024\/04\/Acala-Tea-Red-075-1000x1000-1-300x300.png\" class=\"attachment-medium size-medium\" alt=\"Acala Sparkling Tea RED Non-alcoholic BIO 0,75l\" srcset=\"https:\/\/schaumweinkontor.com\/wp-content\/uploads\/2024\/04\/Acala-Tea-Red-075-1000x1000-1-300x300.png 300w, https:\/\/schaumweinkontor.com\/wp-content\/uploads\/2024\/04\/Acala-Tea-Red-075-1000x1000-1-100x100.png 100w, https:\/\/schaumweinkontor.com\/wp-content\/uploads\/2024\/04\/Acala-Tea-Red-075-1000x1000-1-510x509.png 510w, https:\/\/schaumweinkontor.com\/wp-content\/uploads\/2024\/04\/Acala-Tea-Red-075-1000x1000-1-150x150.png 150w, https:\/\/schaumweinkontor.com\/wp-content\/uploads\/2024\/04\/Acala-Tea-Red-075-1000x1000-1-768x767.png 768w, https:\/\/schaumweinkontor.com\/wp-content\/uploads\/2024\/04\/Acala-Tea-Red-075-1000x1000-1.png 1001w\" sizes=\"auto, (max-width: 300px) 100vw, 300px\" \/>\t\t\t\t\t\t\t\t\t<\/a>\n\t\t\t\t\t\t\t\t\t\t\t\t\t\t\t\t\t\t \t\t\t\t\t\t\t\t<\/div>\n\t\t\t\t\t\t\t\t<div class=\"image-tools top right show-on-hover\">\n\t\t\t\t\t\t\t\t\t\t\t\t\t\t\t\t\t<\/div>\n\t\t\t\t\t\t\t\t\t\t\t\t\t\t\t\t\t<div class=\"image-tools grid-tools text-center hide-for-small bottom hover-slide-in show-on-hover\">\n\t\t\t\t\t\t\t\t\t\t\t\t\t\t\t\t\t\t\t<\/div>\n\t\t\t\t\t\t\t\t\t\t\t\t\t\t\t\t\t\t\t\t\t\t\t<\/div>\n\n\t\t\t\t\t\t\t<div class=\"box-text text-center\" >\n\t\t\t\t\t\t\t\t<div class=\"title-wrapper\">\t\t<p class=\"category uppercase is-smaller no-text-overflow product-cat op-7\">\n\t\t\tAcala\t\t<\/p>\n\t<p class=\"name product-title woocommerce-loop-product__title\"><a href=\"https:\/\/schaumweinkontor.com\/en\/produkt\/acala-sparkling-tea-red-non-alcoholic-bio-075l\/\" class=\"woocommerce-LoopProduct-link woocommerce-loop-product__link\">Acala Sparkling Tea RED Non-alcoholic BIO 0,75l<\/a><\/p><\/div><div class=\"price-wrapper\">\n\t<span class=\"price\"><span class=\"woocommerce-Price-amount amount\" role=\"none\"><bdi><span class=\"woocommerce-Price-currencySymbol\">&euro;<\/span>&nbsp;14,50<\/bdi><\/span> <small class=\"woocommerce-price-suffix\">inkl. MwSt.<\/small><\/span>\n<\/div><div class=\"add-to-cart-button\"><a href=\"\/en\/wp-json\/wp\/v2\/pages\/4628?add-to-cart=5347\" aria-describedby=\"woocommerce_loop_add_to_cart_link_describedby_5347\" data-quantity=\"1\" class=\"primary is-small mb-0 button product_type_simple add_to_cart_button ajax_add_to_cart is-outline\" data-product_id=\"5347\" data-product_sku=\"100300349\" aria-label=\"Add to cart: &ldquo;Acala Sparkling Tea RED Non-alcoholic BIO 0,75l&rdquo;\" rel=\"nofollow\" data-success_message=\"&ldquo;Acala Sparkling Tea RED Non-alcoholic BIO 0,75l&rdquo; has been added to your cart\" role=\"button\">Add to cart<\/a><\/div>\t<span id=\"woocommerce_loop_add_to_cart_link_describedby_5347\" class=\"screen-reader-text\">\n\t\t\t<\/span>\n\t\t\t\t\t\t\t<\/div>\n\t\t\t\t\t\t<\/div>\n\t\t\t\t\t\t<\/div>\n\t\t\t\t\t<\/div><div class=\"col\" data-animate=\"fadeInUp\">\n\t\t\t\t\t\t<div class=\"col-inner\">\n\t\t\t\t\t\t\n<div class=\"badge-container badge-custom absolute right top z-1\">\n\n<\/div>\n\t\t\t\t\t\t<div class=\"product-small box has-hover box-vertical box-text-bottom\">\n\t\t\t\t\t\t\t<div class=\"box-image\" >\n\t\t\t\t\t\t\t\t<div class=\"\" >\n\t\t\t\t\t\t\t\t\t<a href=\"https:\/\/schaumweinkontor.com\/en\/produkt\/acala-sparkling-tea-red-winter-non-alcoholic-bio-075-l\/\" aria-label=\"Acala Sparkling Tea RED WINTER Non-alcoholic BIO 0,75 L\">\n\t\t\t\t\t\t\t\t\t\t<img loading=\"lazy\" decoding=\"async\" width=\"300\" height=\"300\" src=\"https:\/\/schaumweinkontor.com\/wp-content\/uploads\/2024\/04\/Acala-Red-Winter-300x300.png\" class=\"attachment-medium size-medium\" alt=\"Acala Sparkling Tea RED WINTER Non-alcoholic BIO 0,75 L\" srcset=\"https:\/\/schaumweinkontor.com\/wp-content\/uploads\/2024\/04\/Acala-Red-Winter-300x300.png 300w, https:\/\/schaumweinkontor.com\/wp-content\/uploads\/2024\/04\/Acala-Red-Winter-100x100.png 100w, https:\/\/schaumweinkontor.com\/wp-content\/uploads\/2024\/04\/Acala-Red-Winter-510x510.png 510w, https:\/\/schaumweinkontor.com\/wp-content\/uploads\/2024\/04\/Acala-Red-Winter-150x150.png 150w, https:\/\/schaumweinkontor.com\/wp-content\/uploads\/2024\/04\/Acala-Red-Winter-768x768.png 768w, https:\/\/schaumweinkontor.com\/wp-content\/uploads\/2024\/04\/Acala-Red-Winter.png 1000w\" sizes=\"auto, (max-width: 300px) 100vw, 300px\" \/>\t\t\t\t\t\t\t\t\t<\/a>\n\t\t\t\t\t\t\t\t\t\t\t\t\t\t\t\t\t\t \t\t\t\t\t\t\t\t<\/div>\n\t\t\t\t\t\t\t\t<div class=\"image-tools top right show-on-hover\">\n\t\t\t\t\t\t\t\t\t\t\t\t\t\t\t\t\t<\/div>\n\t\t\t\t\t\t\t\t\t\t\t\t\t\t\t\t\t<div class=\"image-tools grid-tools text-center hide-for-small bottom hover-slide-in show-on-hover\">\n\t\t\t\t\t\t\t\t\t\t\t\t\t\t\t\t\t\t\t<\/div>\n\t\t\t\t\t\t\t\t\t\t\t\t\t\t\t\t\t\t\t\t\t\t\t<\/div>\n\n\t\t\t\t\t\t\t<div class=\"box-text text-center\" >\n\t\t\t\t\t\t\t\t<div class=\"title-wrapper\">\t\t<p class=\"category uppercase is-smaller no-text-overflow product-cat op-7\">\n\t\t\tAcala\t\t<\/p>\n\t<p class=\"name product-title woocommerce-loop-product__title\"><a href=\"https:\/\/schaumweinkontor.com\/en\/produkt\/acala-sparkling-tea-red-winter-non-alcoholic-bio-075-l\/\" class=\"woocommerce-LoopProduct-link woocommerce-loop-product__link\">Acala Sparkling Tea RED WINTER Non-alcoholic BIO 0,75 L<\/a><\/p><\/div><div class=\"price-wrapper\">\n\t<span class=\"price\"><span class=\"woocommerce-Price-amount amount\" role=\"none\"><bdi><span class=\"woocommerce-Price-currencySymbol\">&euro;<\/span>&nbsp;14,50<\/bdi><\/span> <small class=\"woocommerce-price-suffix\">inkl. MwSt.<\/small><\/span>\n<\/div><div class=\"add-to-cart-button\"><a href=\"\/en\/wp-json\/wp\/v2\/pages\/4628?add-to-cart=5353\" aria-describedby=\"woocommerce_loop_add_to_cart_link_describedby_5353\" data-quantity=\"1\" class=\"primary is-small mb-0 button product_type_simple add_to_cart_button ajax_add_to_cart is-outline\" data-product_id=\"5353\" data-product_sku=\"100300352\" aria-label=\"Add to cart: &ldquo;Acala Sparkling Tea RED WINTER Non-alcoholic BIO 0,75 L&rdquo;\" rel=\"nofollow\" data-success_message=\"&ldquo;Acala Sparkling Tea RED WINTER Non-alcoholic BIO 0,75 L&rdquo; has been added to your cart\" role=\"button\">Add to cart<\/a><\/div>\t<span id=\"woocommerce_loop_add_to_cart_link_describedby_5353\" class=\"screen-reader-text\">\n\t\t\t<\/span>\n\t\t\t\t\t\t\t<\/div>\n\t\t\t\t\t\t<\/div>\n\t\t\t\t\t\t<\/div>\n\t\t\t\t\t<\/div><div class=\"col\" data-animate=\"fadeInUp\">\n\t\t\t\t\t\t<div class=\"col-inner\">\n\t\t\t\t\t\t\n<div class=\"badge-container badge-custom absolute right top z-1\">\n\n<\/div>\n\t\t\t\t\t\t<div class=\"product-small box has-hover box-vertical box-text-bottom\">\n\t\t\t\t\t\t\t<div class=\"box-image\" >\n\t\t\t\t\t\t\t\t<div class=\"\" >\n\t\t\t\t\t\t\t\t\t<a href=\"https:\/\/schaumweinkontor.com\/en\/produkt\/acala-sparkling-tea-white-non-alcoholic-bio-15-l\/\" aria-label=\"Acala Sparkling Tea WHITE Non-alcoholic BIO 1,5 l Magnum\">\n\t\t\t\t\t\t\t\t\t\t<img loading=\"lazy\" decoding=\"async\" width=\"300\" height=\"300\" src=\"https:\/\/schaumweinkontor.com\/wp-content\/uploads\/2024\/04\/Acala-White-300x300.png\" class=\"attachment-medium size-medium\" alt=\"Acala Sparkling Tea WHITE Non-alcoholic BIO 1,5 l Magnum\" srcset=\"https:\/\/schaumweinkontor.com\/wp-content\/uploads\/2024\/04\/Acala-White-300x300.png 300w, https:\/\/schaumweinkontor.com\/wp-content\/uploads\/2024\/04\/Acala-White-100x100.png 100w, https:\/\/schaumweinkontor.com\/wp-content\/uploads\/2024\/04\/Acala-White-510x510.png 510w, https:\/\/schaumweinkontor.com\/wp-content\/uploads\/2024\/04\/Acala-White-150x150.png 150w, https:\/\/schaumweinkontor.com\/wp-content\/uploads\/2024\/04\/Acala-White-768x768.png 768w, https:\/\/schaumweinkontor.com\/wp-content\/uploads\/2024\/04\/Acala-White.png 1000w\" sizes=\"auto, (max-width: 300px) 100vw, 300px\" \/>\t\t\t\t\t\t\t\t\t<\/a>\n\t\t\t\t\t\t\t\t\t\t\t\t\t\t\t\t\t\t \t\t\t\t\t\t\t\t<\/div>\n\t\t\t\t\t\t\t\t<div class=\"image-tools top right show-on-hover\">\n\t\t\t\t\t\t\t\t\t\t\t\t\t\t\t\t\t<\/div>\n\t\t\t\t\t\t\t\t\t\t\t\t\t\t\t\t\t<div class=\"image-tools grid-tools text-center hide-for-small bottom hover-slide-in show-on-hover\">\n\t\t\t\t\t\t\t\t\t\t\t\t\t\t\t\t\t\t\t<\/div>\n\t\t\t\t\t\t\t\t\t\t\t\t\t\t\t\t\t\t\t\t\t\t\t<\/div>\n\n\t\t\t\t\t\t\t<div class=\"box-text text-center\" >\n\t\t\t\t\t\t\t\t<div class=\"title-wrapper\">\t\t<p class=\"category uppercase is-smaller no-text-overflow product-cat op-7\">\n\t\t\tAcala\t\t<\/p>\n\t<p class=\"name product-title woocommerce-loop-product__title\"><a href=\"https:\/\/schaumweinkontor.com\/en\/produkt\/acala-sparkling-tea-white-non-alcoholic-bio-15-l\/\" class=\"woocommerce-LoopProduct-link woocommerce-loop-product__link\">Acala Sparkling Tea WHITE Non-alcoholic BIO 1,5 l Magnum<\/a><\/p><\/div><div class=\"price-wrapper\">\n\t<span class=\"price\"><span class=\"woocommerce-Price-amount amount\" role=\"none\"><bdi><span class=\"woocommerce-Price-currencySymbol\">&euro;<\/span>&nbsp;29,00<\/bdi><\/span> <small class=\"woocommerce-price-suffix\">inkl. MwSt.<\/small><\/span>\n<\/div><div class=\"add-to-cart-button\"><a href=\"\/en\/wp-json\/wp\/v2\/pages\/4628?add-to-cart=5357\" aria-describedby=\"woocommerce_loop_add_to_cart_link_describedby_5357\" data-quantity=\"1\" class=\"primary is-small mb-0 button product_type_simple add_to_cart_button ajax_add_to_cart is-outline\" data-product_id=\"5357\" data-product_sku=\"100300354\" aria-label=\"Add to cart: &ldquo;Acala Sparkling Tea WHITE Non-alcoholic BIO 1,5 l Magnum&rdquo;\" rel=\"nofollow\" data-success_message=\"&ldquo;Acala Sparkling Tea WHITE Non-alcoholic BIO 1,5 l Magnum&rdquo; has been added to your cart\" role=\"button\">Add to cart<\/a><\/div>\t<span id=\"woocommerce_loop_add_to_cart_link_describedby_5357\" class=\"screen-reader-text\">\n\t\t\t<\/span>\n\t\t\t\t\t\t\t<\/div>\n\t\t\t\t\t\t<\/div>\n\t\t\t\t\t\t<\/div>\n\t\t\t\t\t<\/div><\/div>\n\n\n  \n    <div class=\"row  equalize-box show-for-medium hide-for-small large-columns-3 medium-columns-2 small-columns-1 row-large has-shadow row-box-shadow-2 row-box-shadow-4-hover\" >\n  \t\n\t     <div class=\"col\" data-animate=\"fadeInUp\">\n\t\t\t\t\t\t<div class=\"col-inner\">\n\t\t\t\t\t\t\n<div class=\"badge-container badge-custom absolute right top z-1\">\n\n<\/div>\n\t\t\t\t\t\t<div class=\"product-small box has-hover box-vertical box-text-bottom\">\n\t\t\t\t\t\t\t<div class=\"box-image\" >\n\t\t\t\t\t\t\t\t<div class=\"\" >\n\t\t\t\t\t\t\t\t\t<a href=\"https:\/\/schaumweinkontor.com\/en\/produkt\/acala-sparkling-tea-box-white-rose-2-x-075-l\/\" aria-label=\"Acala Sparkling Tea BOX White &amp; Rose 2 x 0,75 L\">\n\t\t\t\t\t\t\t\t\t\t<img loading=\"lazy\" decoding=\"async\" width=\"300\" height=\"300\" src=\"https:\/\/schaumweinkontor.com\/wp-content\/uploads\/2024\/10\/1-300x300.png\" class=\"attachment-medium size-medium\" alt=\"Acala Sparkling Tea BOX White &amp; Rose 2 x 0,75 L\" srcset=\"https:\/\/schaumweinkontor.com\/wp-content\/uploads\/2024\/10\/1-300x300.png 300w, https:\/\/schaumweinkontor.com\/wp-content\/uploads\/2024\/10\/1-150x150.png 150w, https:\/\/schaumweinkontor.com\/wp-content\/uploads\/2024\/10\/1-768x768.png 768w, https:\/\/schaumweinkontor.com\/wp-content\/uploads\/2024\/10\/1-510x510.png 510w, https:\/\/schaumweinkontor.com\/wp-content\/uploads\/2024\/10\/1-100x100.png 100w, https:\/\/schaumweinkontor.com\/wp-content\/uploads\/2024\/10\/1.png 1000w\" sizes=\"auto, (max-width: 300px) 100vw, 300px\" \/>\t\t\t\t\t\t\t\t\t<\/a>\n\t\t\t\t\t\t\t\t\t\t\t\t\t\t\t\t\t\t \t\t\t\t\t\t\t\t<\/div>\n\t\t\t\t\t\t\t\t<div class=\"image-tools top right show-on-hover\">\n\t\t\t\t\t\t\t\t\t\t\t\t\t\t\t\t\t<\/div>\n\t\t\t\t\t\t\t\t\t\t\t\t\t\t\t\t\t<div class=\"image-tools grid-tools text-center hide-for-small bottom hover-slide-in show-on-hover\">\n\t\t\t\t\t\t\t\t\t\t\t\t\t\t\t\t\t\t\t<\/div>\n\t\t\t\t\t\t\t\t\t\t\t\t\t\t\t\t<div class=\"out-of-stock-label\">Out of stock<\/div>\t\t\t\t\t\t\t<\/div>\n\n\t\t\t\t\t\t\t<div class=\"box-text text-center\" >\n\t\t\t\t\t\t\t\t<div class=\"title-wrapper\">\t\t<p class=\"category uppercase is-smaller no-text-overflow product-cat op-7\">\n\t\t\tAcala\t\t<\/p>\n\t<p class=\"name product-title woocommerce-loop-product__title\"><a href=\"https:\/\/schaumweinkontor.com\/en\/produkt\/acala-sparkling-tea-box-white-rose-2-x-075-l\/\" class=\"woocommerce-LoopProduct-link woocommerce-loop-product__link\">Acala Sparkling Tea BOX White &amp; Rose 2 x 0,75 L<\/a><\/p><\/div><div class=\"price-wrapper\">\n<\/div><div class=\"add-to-cart-button\"><a href=\"https:\/\/schaumweinkontor.com\/en\/produkt\/acala-sparkling-tea-box-white-rose-2-x-075-l\/\" aria-describedby=\"woocommerce_loop_add_to_cart_link_describedby_5829\" data-quantity=\"1\" class=\"primary is-small mb-0 button product_type_simple is-outline\" data-product_id=\"5829\" data-product_sku=\"100300359\" aria-label=\"Read more about &ldquo;Acala Sparkling Tea BOX White &amp; Rose 2 x 0,75 L&rdquo;\" rel=\"nofollow\" data-success_message=\"\">Read more<\/a><\/div>\t<span id=\"woocommerce_loop_add_to_cart_link_describedby_5829\" class=\"screen-reader-text\">\n\t\t\t<\/span>\n\t\t\t\t\t\t\t<\/div>\n\t\t\t\t\t\t<\/div>\n\t\t\t\t\t\t<\/div>\n\t\t\t\t\t<\/div><div class=\"col\" data-animate=\"fadeInUp\">\n\t\t\t\t\t\t<div class=\"col-inner\">\n\t\t\t\t\t\t\n<div class=\"badge-container badge-custom absolute right top z-1\">\n\n<\/div>\n\t\t\t\t\t\t<div class=\"product-small box has-hover box-vertical box-text-bottom\">\n\t\t\t\t\t\t\t<div class=\"box-image\" >\n\t\t\t\t\t\t\t\t<div class=\"\" >\n\t\t\t\t\t\t\t\t\t<a href=\"https:\/\/schaumweinkontor.com\/en\/produkt\/ronco-calino-franciacorta-docg-pair-brut-nature-2013-bio-075l-copy-copy-copy-copy-copy-copy-copy-copy-copy-copy-2\/\" aria-label=\"Acala Sparkling Tea SPRITZ Alkoholfrei BIO 0,33l\">\n\t\t\t\t\t\t\t\t\t\t<img loading=\"lazy\" decoding=\"async\" width=\"300\" height=\"300\" src=\"https:\/\/schaumweinkontor.com\/wp-content\/uploads\/2025\/07\/2-300x300.png\" class=\"attachment-medium size-medium\" alt=\"Acala Sparkling Tea SPRITZ\" srcset=\"https:\/\/schaumweinkontor.com\/wp-content\/uploads\/2025\/07\/2-300x300.png 300w, https:\/\/schaumweinkontor.com\/wp-content\/uploads\/2025\/07\/2-150x150.png 150w, https:\/\/schaumweinkontor.com\/wp-content\/uploads\/2025\/07\/2-768x768.png 768w, https:\/\/schaumweinkontor.com\/wp-content\/uploads\/2025\/07\/2-510x510.png 510w, https:\/\/schaumweinkontor.com\/wp-content\/uploads\/2025\/07\/2-100x100.png 100w, https:\/\/schaumweinkontor.com\/wp-content\/uploads\/2025\/07\/2.png 1000w\" sizes=\"auto, (max-width: 300px) 100vw, 300px\" \/>\t\t\t\t\t\t\t\t\t<\/a>\n\t\t\t\t\t\t\t\t\t\t\t\t\t\t\t\t\t\t \t\t\t\t\t\t\t\t<\/div>\n\t\t\t\t\t\t\t\t<div class=\"image-tools top right show-on-hover\">\n\t\t\t\t\t\t\t\t\t\t\t\t\t\t\t\t\t<\/div>\n\t\t\t\t\t\t\t\t\t\t\t\t\t\t\t\t\t<div class=\"image-tools grid-tools text-center hide-for-small bottom hover-slide-in show-on-hover\">\n\t\t\t\t\t\t\t\t\t\t\t\t\t\t\t\t\t\t\t<\/div>\n\t\t\t\t\t\t\t\t\t\t\t\t\t\t\t\t\t\t\t\t\t\t\t<\/div>\n\n\t\t\t\t\t\t\t<div class=\"box-text text-center\" >\n\t\t\t\t\t\t\t\t<div class=\"title-wrapper\">\t\t<p class=\"category uppercase is-smaller no-text-overflow product-cat op-7\">\n\t\t\tAcala\t\t<\/p>\n\t<p class=\"name product-title woocommerce-loop-product__title\"><a href=\"https:\/\/schaumweinkontor.com\/en\/produkt\/ronco-calino-franciacorta-docg-pair-brut-nature-2013-bio-075l-copy-copy-copy-copy-copy-copy-copy-copy-copy-copy-2\/\" class=\"woocommerce-LoopProduct-link woocommerce-loop-product__link\">Acala Sparkling Tea SPRITZ Alkoholfrei BIO 0,33l<\/a><\/p><\/div><div class=\"price-wrapper\">\n\t<span class=\"price\"><span class=\"woocommerce-Price-amount amount\" role=\"none\"><bdi><span class=\"woocommerce-Price-currencySymbol\">&euro;<\/span>&nbsp;6,00<\/bdi><\/span> <small class=\"woocommerce-price-suffix\">inkl. MwSt.<\/small><\/span>\n<\/div><div class=\"add-to-cart-button\"><a href=\"\/en\/wp-json\/wp\/v2\/pages\/4628?add-to-cart=6417\" aria-describedby=\"woocommerce_loop_add_to_cart_link_describedby_6417\" data-quantity=\"1\" class=\"primary is-small mb-0 button product_type_simple add_to_cart_button ajax_add_to_cart is-outline\" data-product_id=\"6417\" data-product_sku=\"100300357\" aria-label=\"Add to cart: &ldquo;Acala Sparkling Tea SPRITZ Alkoholfrei BIO 0,33l&rdquo;\" rel=\"nofollow\" data-success_message=\"&ldquo;Acala Sparkling Tea SPRITZ Alkoholfrei BIO 0,33l&rdquo; has been added to your cart\" role=\"button\">Add to cart<\/a><\/div>\t<span id=\"woocommerce_loop_add_to_cart_link_describedby_6417\" class=\"screen-reader-text\">\n\t\t\t<\/span>\n\t\t\t\t\t\t\t<\/div>\n\t\t\t\t\t\t<\/div>\n\t\t\t\t\t\t<\/div>\n\t\t\t\t\t<\/div><div class=\"col\" data-animate=\"fadeInUp\">\n\t\t\t\t\t\t<div class=\"col-inner\">\n\t\t\t\t\t\t\n<div class=\"badge-container badge-custom absolute right top z-1\">\n\n<\/div>\n\t\t\t\t\t\t<div class=\"product-small box has-hover box-vertical box-text-bottom\">\n\t\t\t\t\t\t\t<div class=\"box-image\" >\n\t\t\t\t\t\t\t\t<div class=\"\" >\n\t\t\t\t\t\t\t\t\t<a href=\"https:\/\/schaumweinkontor.com\/en\/produkt\/acala-sparkling-tea-white-non-alcoholic-bio-033-l\/\" aria-label=\"Acala Sparkling Tea WHITE Non-alcoholic BIO 0,33 L\">\n\t\t\t\t\t\t\t\t\t\t<img loading=\"lazy\" decoding=\"async\" width=\"300\" height=\"300\" src=\"https:\/\/schaumweinkontor.com\/wp-content\/uploads\/2024\/04\/Acala-White-300x300.png\" class=\"attachment-medium size-medium\" alt=\"Acala Sparkling Tea WHITE Non-alcoholic BIO 0,33 L\" srcset=\"https:\/\/schaumweinkontor.com\/wp-content\/uploads\/2024\/04\/Acala-White-300x300.png 300w, https:\/\/schaumweinkontor.com\/wp-content\/uploads\/2024\/04\/Acala-White-100x100.png 100w, https:\/\/schaumweinkontor.com\/wp-content\/uploads\/2024\/04\/Acala-White-510x510.png 510w, https:\/\/schaumweinkontor.com\/wp-content\/uploads\/2024\/04\/Acala-White-150x150.png 150w, https:\/\/schaumweinkontor.com\/wp-content\/uploads\/2024\/04\/Acala-White-768x768.png 768w, https:\/\/schaumweinkontor.com\/wp-content\/uploads\/2024\/04\/Acala-White.png 1000w\" sizes=\"auto, (max-width: 300px) 100vw, 300px\" \/>\t\t\t\t\t\t\t\t\t<\/a>\n\t\t\t\t\t\t\t\t\t\t\t\t\t\t\t\t\t\t \t\t\t\t\t\t\t\t<\/div>\n\t\t\t\t\t\t\t\t<div class=\"image-tools top right show-on-hover\">\n\t\t\t\t\t\t\t\t\t\t\t\t\t\t\t\t\t<\/div>\n\t\t\t\t\t\t\t\t\t\t\t\t\t\t\t\t\t<div class=\"image-tools grid-tools text-center hide-for-small bottom hover-slide-in show-on-hover\">\n\t\t\t\t\t\t\t\t\t\t\t\t\t\t\t\t\t\t\t<\/div>\n\t\t\t\t\t\t\t\t\t\t\t\t\t\t\t\t\t\t\t\t\t\t\t<\/div>\n\n\t\t\t\t\t\t\t<div class=\"box-text text-center\" >\n\t\t\t\t\t\t\t\t<div class=\"title-wrapper\">\t\t<p class=\"category uppercase is-smaller no-text-overflow product-cat op-7\">\n\t\t\tAcala\t\t<\/p>\n\t<p class=\"name product-title woocommerce-loop-product__title\"><a href=\"https:\/\/schaumweinkontor.com\/en\/produkt\/acala-sparkling-tea-white-non-alcoholic-bio-033-l\/\" class=\"woocommerce-LoopProduct-link woocommerce-loop-product__link\">Acala Sparkling Tea WHITE Non-alcoholic BIO 0,33 L<\/a><\/p><\/div><div class=\"price-wrapper\">\n\t<span class=\"price\"><span class=\"woocommerce-Price-amount amount\" role=\"none\"><bdi><span class=\"woocommerce-Price-currencySymbol\">&euro;<\/span>&nbsp;7,20<\/bdi><\/span> <small class=\"woocommerce-price-suffix\">inkl. MwSt.<\/small><\/span>\n<\/div><div class=\"add-to-cart-button\"><a href=\"\/en\/wp-json\/wp\/v2\/pages\/4628?add-to-cart=5355\" aria-describedby=\"woocommerce_loop_add_to_cart_link_describedby_5355\" data-quantity=\"1\" class=\"primary is-small mb-0 button product_type_simple add_to_cart_button ajax_add_to_cart is-outline\" data-product_id=\"5355\" data-product_sku=\"100300353\" aria-label=\"Add to cart: &ldquo;Acala Sparkling Tea WHITE Non-alcoholic BIO 0,33 L&rdquo;\" rel=\"nofollow\" data-success_message=\"&ldquo;Acala Sparkling Tea WHITE Non-alcoholic BIO 0,33 L&rdquo; has been added to your cart\" role=\"button\">Add to cart<\/a><\/div>\t<span id=\"woocommerce_loop_add_to_cart_link_describedby_5355\" class=\"screen-reader-text\">\n\t\t\t<\/span>\n\t\t\t\t\t\t\t<\/div>\n\t\t\t\t\t\t<\/div>\n\t\t\t\t\t\t<\/div>\n\t\t\t\t\t<\/div><div class=\"col\" data-animate=\"fadeInUp\">\n\t\t\t\t\t\t<div class=\"col-inner\">\n\t\t\t\t\t\t\n<div class=\"badge-container badge-custom absolute right top z-1\">\n\n<\/div>\n\t\t\t\t\t\t<div class=\"product-small box has-hover box-vertical box-text-bottom\">\n\t\t\t\t\t\t\t<div class=\"box-image\" >\n\t\t\t\t\t\t\t\t<div class=\"\" >\n\t\t\t\t\t\t\t\t\t<a href=\"https:\/\/schaumweinkontor.com\/en\/produkt\/acala-sparkling-tea-rose-non-alcoholic-bio-075-l-copy\/\" aria-label=\"Acala Sparkling Tea ROSE Non-alcoholic BIO 0,33 L\">\n\t\t\t\t\t\t\t\t\t\t<img loading=\"lazy\" decoding=\"async\" width=\"300\" height=\"300\" src=\"https:\/\/schaumweinkontor.com\/wp-content\/uploads\/2024\/04\/Acala-Rose-300x300.png\" class=\"attachment-medium size-medium\" alt=\"Acala Sparkling Tea ROSE Non-alcoholic BIO 0,33 L\" srcset=\"https:\/\/schaumweinkontor.com\/wp-content\/uploads\/2024\/04\/Acala-Rose-300x300.png 300w, https:\/\/schaumweinkontor.com\/wp-content\/uploads\/2024\/04\/Acala-Rose-100x100.png 100w, https:\/\/schaumweinkontor.com\/wp-content\/uploads\/2024\/04\/Acala-Rose-510x510.png 510w, https:\/\/schaumweinkontor.com\/wp-content\/uploads\/2024\/04\/Acala-Rose-150x150.png 150w, https:\/\/schaumweinkontor.com\/wp-content\/uploads\/2024\/04\/Acala-Rose-768x768.png 768w, https:\/\/schaumweinkontor.com\/wp-content\/uploads\/2024\/04\/Acala-Rose.png 1000w\" sizes=\"auto, (max-width: 300px) 100vw, 300px\" \/>\t\t\t\t\t\t\t\t\t<\/a>\n\t\t\t\t\t\t\t\t\t\t\t\t\t\t\t\t\t\t \t\t\t\t\t\t\t\t<\/div>\n\t\t\t\t\t\t\t\t<div class=\"image-tools top right show-on-hover\">\n\t\t\t\t\t\t\t\t\t\t\t\t\t\t\t\t\t<\/div>\n\t\t\t\t\t\t\t\t\t\t\t\t\t\t\t\t\t<div class=\"image-tools grid-tools text-center hide-for-small bottom hover-slide-in show-on-hover\">\n\t\t\t\t\t\t\t\t\t\t\t\t\t\t\t\t\t\t\t<\/div>\n\t\t\t\t\t\t\t\t\t\t\t\t\t\t\t\t\t\t\t\t\t\t\t<\/div>\n\n\t\t\t\t\t\t\t<div class=\"box-text text-center\" >\n\t\t\t\t\t\t\t\t<div class=\"title-wrapper\">\t\t<p class=\"category uppercase is-smaller no-text-overflow product-cat op-7\">\n\t\t\tAcala\t\t<\/p>\n\t<p class=\"name product-title woocommerce-loop-product__title\"><a href=\"https:\/\/schaumweinkontor.com\/en\/produkt\/acala-sparkling-tea-rose-non-alcoholic-bio-075-l-copy\/\" class=\"woocommerce-LoopProduct-link woocommerce-loop-product__link\">Acala Sparkling Tea ROSE Non-alcoholic BIO 0,33 L<\/a><\/p><\/div><div class=\"price-wrapper\">\n\t<span class=\"price\"><span class=\"woocommerce-Price-amount amount\" role=\"none\"><bdi><span class=\"woocommerce-Price-currencySymbol\">&euro;<\/span>&nbsp;7,20<\/bdi><\/span> <small class=\"woocommerce-price-suffix\">inkl. MwSt.<\/small><\/span>\n<\/div><div class=\"add-to-cart-button\"><a href=\"\/en\/wp-json\/wp\/v2\/pages\/4628?add-to-cart=5359\" aria-describedby=\"woocommerce_loop_add_to_cart_link_describedby_5359\" data-quantity=\"1\" class=\"primary is-small mb-0 button product_type_simple add_to_cart_button ajax_add_to_cart is-outline\" data-product_id=\"5359\" data-product_sku=\"100300355\" aria-label=\"Add to cart: &ldquo;Acala Sparkling Tea ROSE Non-alcoholic BIO 0,33 L&rdquo;\" rel=\"nofollow\" data-success_message=\"&ldquo;Acala Sparkling Tea ROSE Non-alcoholic BIO 0,33 L&rdquo; has been added to your cart\" role=\"button\">Add to cart<\/a><\/div>\t<span id=\"woocommerce_loop_add_to_cart_link_describedby_5359\" class=\"screen-reader-text\">\n\t\t\t<\/span>\n\t\t\t\t\t\t\t<\/div>\n\t\t\t\t\t\t<\/div>\n\t\t\t\t\t\t<\/div>\n\t\t\t\t\t<\/div><div class=\"col\" data-animate=\"fadeInUp\">\n\t\t\t\t\t\t<div class=\"col-inner\">\n\t\t\t\t\t\t\n<div class=\"badge-container badge-custom absolute right top z-1\">\n\n<\/div>\n\t\t\t\t\t\t<div class=\"product-small box has-hover box-vertical box-text-bottom\">\n\t\t\t\t\t\t\t<div class=\"box-image\" >\n\t\t\t\t\t\t\t\t<div class=\"\" >\n\t\t\t\t\t\t\t\t\t<a href=\"https:\/\/schaumweinkontor.com\/en\/produkt\/acala-sparkling-tea-mimosa-non-alcoholic-bio-033-l\/\" aria-label=\"Acala Sparkling Tea MIMOSA Non-alcoholic BIO 0,33l\">\n\t\t\t\t\t\t\t\t\t\t<img loading=\"lazy\" decoding=\"async\" width=\"300\" height=\"300\" src=\"https:\/\/schaumweinkontor.com\/wp-content\/uploads\/2025\/11\/acaqla-mimosa-033-300x300.png\" class=\"attachment-medium size-medium\" alt=\"Acala Sparkling Tea MIMOSA Non-alcoholic BIO 0,33l\" srcset=\"https:\/\/schaumweinkontor.com\/wp-content\/uploads\/2025\/11\/acaqla-mimosa-033-300x300.png 300w, https:\/\/schaumweinkontor.com\/wp-content\/uploads\/2025\/11\/acaqla-mimosa-033-150x150.png 150w, https:\/\/schaumweinkontor.com\/wp-content\/uploads\/2025\/11\/acaqla-mimosa-033-768x768.png 768w, https:\/\/schaumweinkontor.com\/wp-content\/uploads\/2025\/11\/acaqla-mimosa-033-510x510.png 510w, https:\/\/schaumweinkontor.com\/wp-content\/uploads\/2025\/11\/acaqla-mimosa-033-100x100.png 100w, https:\/\/schaumweinkontor.com\/wp-content\/uploads\/2025\/11\/acaqla-mimosa-033.png 1000w\" sizes=\"auto, (max-width: 300px) 100vw, 300px\" \/>\t\t\t\t\t\t\t\t\t<\/a>\n\t\t\t\t\t\t\t\t\t\t\t\t\t\t\t\t\t\t \t\t\t\t\t\t\t\t<\/div>\n\t\t\t\t\t\t\t\t<div class=\"image-tools top right show-on-hover\">\n\t\t\t\t\t\t\t\t\t\t\t\t\t\t\t\t\t<\/div>\n\t\t\t\t\t\t\t\t\t\t\t\t\t\t\t\t\t<div class=\"image-tools grid-tools text-center hide-for-small bottom hover-slide-in show-on-hover\">\n\t\t\t\t\t\t\t\t\t\t\t\t\t\t\t\t\t\t\t<\/div>\n\t\t\t\t\t\t\t\t\t\t\t\t\t\t\t\t\t\t\t\t\t\t\t<\/div>\n\n\t\t\t\t\t\t\t<div class=\"box-text text-center\" >\n\t\t\t\t\t\t\t\t<div class=\"title-wrapper\">\t\t<p class=\"category uppercase is-smaller no-text-overflow product-cat op-7\">\n\t\t\tAcala\t\t<\/p>\n\t<p class=\"name product-title woocommerce-loop-product__title\"><a href=\"https:\/\/schaumweinkontor.com\/en\/produkt\/acala-sparkling-tea-mimosa-non-alcoholic-bio-033-l\/\" class=\"woocommerce-LoopProduct-link woocommerce-loop-product__link\">Acala Sparkling Tea MIMOSA Non-alcoholic BIO 0,33l<\/a><\/p><\/div><div class=\"price-wrapper\">\n\t<span class=\"price\"><span class=\"woocommerce-Price-amount amount\" role=\"none\"><bdi><span class=\"woocommerce-Price-currencySymbol\">&euro;<\/span>&nbsp;7,20<\/bdi><\/span> <small class=\"woocommerce-price-suffix\">inkl. MwSt.<\/small><\/span>\n<\/div><div class=\"add-to-cart-button\"><a href=\"\/en\/wp-json\/wp\/v2\/pages\/4628?add-to-cart=7471\" aria-describedby=\"woocommerce_loop_add_to_cart_link_describedby_7471\" data-quantity=\"1\" class=\"primary is-small mb-0 button product_type_simple add_to_cart_button ajax_add_to_cart is-outline\" data-product_id=\"7471\" data-product_sku=\"100300356\" aria-label=\"Add to cart: &ldquo;Acala Sparkling Tea MIMOSA Non-alcoholic BIO 0,33l&rdquo;\" rel=\"nofollow\" data-success_message=\"&ldquo;Acala Sparkling Tea MIMOSA Non-alcoholic BIO 0,33l&rdquo; has been added to your cart\" role=\"button\">Add to cart<\/a><\/div>\t<span id=\"woocommerce_loop_add_to_cart_link_describedby_7471\" class=\"screen-reader-text\">\n\t\t\t<\/span>\n\t\t\t\t\t\t\t<\/div>\n\t\t\t\t\t\t<\/div>\n\t\t\t\t\t\t<\/div>\n\t\t\t\t\t<\/div><div class=\"col\" data-animate=\"fadeInUp\">\n\t\t\t\t\t\t<div class=\"col-inner\">\n\t\t\t\t\t\t\n<div class=\"badge-container badge-custom absolute right top z-1\">\n\n<\/div>\n\t\t\t\t\t\t<div class=\"product-small box has-hover box-vertical box-text-bottom\">\n\t\t\t\t\t\t\t<div class=\"box-image\" >\n\t\t\t\t\t\t\t\t<div class=\"\" >\n\t\t\t\t\t\t\t\t\t<a href=\"https:\/\/schaumweinkontor.com\/en\/produkt\/acala-sparkling-tea-mimosa-non-alcoholic-bio-075-l\/\" aria-label=\"Acala Sparkling Tea MIMOSA Non-alcoholic BIO 0,75 L\">\n\t\t\t\t\t\t\t\t\t\t<img loading=\"lazy\" decoding=\"async\" width=\"300\" height=\"300\" src=\"https:\/\/schaumweinkontor.com\/wp-content\/uploads\/2024\/04\/Acala-Mimosa-300x300.png\" class=\"attachment-medium size-medium\" alt=\"Acala Sparkling Tea MIMOSA Non-alcoholic BIO 0,75 L\" srcset=\"https:\/\/schaumweinkontor.com\/wp-content\/uploads\/2024\/04\/Acala-Mimosa-300x300.png 300w, https:\/\/schaumweinkontor.com\/wp-content\/uploads\/2024\/04\/Acala-Mimosa-100x100.png 100w, https:\/\/schaumweinkontor.com\/wp-content\/uploads\/2024\/04\/Acala-Mimosa-510x510.png 510w, https:\/\/schaumweinkontor.com\/wp-content\/uploads\/2024\/04\/Acala-Mimosa-150x150.png 150w, https:\/\/schaumweinkontor.com\/wp-content\/uploads\/2024\/04\/Acala-Mimosa-768x768.png 768w, https:\/\/schaumweinkontor.com\/wp-content\/uploads\/2024\/04\/Acala-Mimosa.png 1000w\" sizes=\"auto, (max-width: 300px) 100vw, 300px\" \/>\t\t\t\t\t\t\t\t\t<\/a>\n\t\t\t\t\t\t\t\t\t\t\t\t\t\t\t\t\t\t \t\t\t\t\t\t\t\t<\/div>\n\t\t\t\t\t\t\t\t<div class=\"image-tools top right show-on-hover\">\n\t\t\t\t\t\t\t\t\t\t\t\t\t\t\t\t\t<\/div>\n\t\t\t\t\t\t\t\t\t\t\t\t\t\t\t\t\t<div class=\"image-tools grid-tools text-center hide-for-small bottom hover-slide-in show-on-hover\">\n\t\t\t\t\t\t\t\t\t\t\t\t\t\t\t\t\t\t\t<\/div>\n\t\t\t\t\t\t\t\t\t\t\t\t\t\t\t\t\t\t\t\t\t\t\t<\/div>\n\n\t\t\t\t\t\t\t<div class=\"box-text text-center\" >\n\t\t\t\t\t\t\t\t<div class=\"title-wrapper\">\t\t<p class=\"category uppercase is-smaller no-text-overflow product-cat op-7\">\n\t\t\tAcala\t\t<\/p>\n\t<p class=\"name product-title woocommerce-loop-product__title\"><a href=\"https:\/\/schaumweinkontor.com\/en\/produkt\/acala-sparkling-tea-mimosa-non-alcoholic-bio-075-l\/\" class=\"woocommerce-LoopProduct-link woocommerce-loop-product__link\">Acala Sparkling Tea MIMOSA Non-alcoholic BIO 0,75 L<\/a><\/p><\/div><div class=\"price-wrapper\">\n\t<span class=\"price\"><span class=\"woocommerce-Price-amount amount\" role=\"none\"><bdi><span class=\"woocommerce-Price-currencySymbol\">&euro;<\/span>&nbsp;11,00<\/bdi><\/span> <small class=\"woocommerce-price-suffix\">inkl. MwSt.<\/small><\/span>\n<\/div><div class=\"add-to-cart-button\"><a href=\"\/en\/wp-json\/wp\/v2\/pages\/4628?add-to-cart=5349\" aria-describedby=\"woocommerce_loop_add_to_cart_link_describedby_5349\" data-quantity=\"1\" class=\"primary is-small mb-0 button product_type_simple add_to_cart_button ajax_add_to_cart is-outline\" data-product_id=\"5349\" data-product_sku=\"100300350\" aria-label=\"Add to cart: &ldquo;Acala Sparkling Tea MIMOSA Non-alcoholic BIO 0,75 L&rdquo;\" rel=\"nofollow\" data-success_message=\"&ldquo;Acala Sparkling Tea MIMOSA Non-alcoholic BIO 0,75 L&rdquo; has been added to your cart\" role=\"button\">Add to cart<\/a><\/div>\t<span id=\"woocommerce_loop_add_to_cart_link_describedby_5349\" class=\"screen-reader-text\">\n\t\t\t<\/span>\n\t\t\t\t\t\t\t<\/div>\n\t\t\t\t\t\t<\/div>\n\t\t\t\t\t\t<\/div>\n\t\t\t\t\t<\/div><div class=\"col\" data-animate=\"fadeInUp\">\n\t\t\t\t\t\t<div class=\"col-inner\">\n\t\t\t\t\t\t\n<div class=\"badge-container badge-custom absolute right top z-1\">\n\n<\/div>\n\t\t\t\t\t\t<div class=\"product-small box has-hover box-vertical box-text-bottom\">\n\t\t\t\t\t\t\t<div class=\"box-image\" >\n\t\t\t\t\t\t\t\t<div class=\"\" >\n\t\t\t\t\t\t\t\t\t<a href=\"https:\/\/schaumweinkontor.com\/en\/produkt\/acala-sparkling-tea-spritz-non-alcoholic-bio-075-l\/\" aria-label=\"Acala Sparkling Tea SPRITZ Non-alcoholic BIO 0,75 L\">\n\t\t\t\t\t\t\t\t\t\t<img loading=\"lazy\" decoding=\"async\" width=\"300\" height=\"300\" src=\"https:\/\/schaumweinkontor.com\/wp-content\/uploads\/2024\/04\/Acala-Spritz-300x300.png\" class=\"attachment-medium size-medium\" alt=\"Acala Sparkling Tea SPRITZ Non-alcoholic BIO 0,75 L\" srcset=\"https:\/\/schaumweinkontor.com\/wp-content\/uploads\/2024\/04\/Acala-Spritz-300x300.png 300w, https:\/\/schaumweinkontor.com\/wp-content\/uploads\/2024\/04\/Acala-Spritz-100x100.png 100w, https:\/\/schaumweinkontor.com\/wp-content\/uploads\/2024\/04\/Acala-Spritz-510x510.png 510w, https:\/\/schaumweinkontor.com\/wp-content\/uploads\/2024\/04\/Acala-Spritz-150x150.png 150w, https:\/\/schaumweinkontor.com\/wp-content\/uploads\/2024\/04\/Acala-Spritz-768x768.png 768w, https:\/\/schaumweinkontor.com\/wp-content\/uploads\/2024\/04\/Acala-Spritz.png 1000w\" sizes=\"auto, (max-width: 300px) 100vw, 300px\" \/>\t\t\t\t\t\t\t\t\t<\/a>\n\t\t\t\t\t\t\t\t\t\t\t\t\t\t\t\t\t\t \t\t\t\t\t\t\t\t<\/div>\n\t\t\t\t\t\t\t\t<div class=\"image-tools top right show-on-hover\">\n\t\t\t\t\t\t\t\t\t\t\t\t\t\t\t\t\t<\/div>\n\t\t\t\t\t\t\t\t\t\t\t\t\t\t\t\t\t<div class=\"image-tools grid-tools text-center hide-for-small bottom hover-slide-in show-on-hover\">\n\t\t\t\t\t\t\t\t\t\t\t\t\t\t\t\t\t\t\t<\/div>\n\t\t\t\t\t\t\t\t\t\t\t\t\t\t\t\t\t\t\t\t\t\t\t<\/div>\n\n\t\t\t\t\t\t\t<div class=\"box-text text-center\" >\n\t\t\t\t\t\t\t\t<div class=\"title-wrapper\">\t\t<p class=\"category uppercase is-smaller no-text-overflow product-cat op-7\">\n\t\t\tAcala\t\t<\/p>\n\t<p class=\"name product-title woocommerce-loop-product__title\"><a href=\"https:\/\/schaumweinkontor.com\/en\/produkt\/acala-sparkling-tea-spritz-non-alcoholic-bio-075-l\/\" class=\"woocommerce-LoopProduct-link woocommerce-loop-product__link\">Acala Sparkling Tea SPRITZ Non-alcoholic BIO 0,75 L<\/a><\/p><\/div><div class=\"price-wrapper\">\n\t<span class=\"price\"><span class=\"woocommerce-Price-amount amount\" role=\"none\"><bdi><span class=\"woocommerce-Price-currencySymbol\">&euro;<\/span>&nbsp;11,00<\/bdi><\/span> <small class=\"woocommerce-price-suffix\">inkl. MwSt.<\/small><\/span>\n<\/div><div class=\"add-to-cart-button\"><a href=\"\/en\/wp-json\/wp\/v2\/pages\/4628?add-to-cart=5351\" aria-describedby=\"woocommerce_loop_add_to_cart_link_describedby_5351\" data-quantity=\"1\" class=\"primary is-small mb-0 button product_type_simple add_to_cart_button ajax_add_to_cart is-outline\" data-product_id=\"5351\" data-product_sku=\"100300351\" aria-label=\"Add to cart: &ldquo;Acala Sparkling Tea SPRITZ Non-alcoholic BIO 0,75 L&rdquo;\" rel=\"nofollow\" data-success_message=\"&ldquo;Acala Sparkling Tea SPRITZ Non-alcoholic BIO 0,75 L&rdquo; has been added to your cart\" role=\"button\">Add to cart<\/a><\/div>\t<span id=\"woocommerce_loop_add_to_cart_link_describedby_5351\" class=\"screen-reader-text\">\n\t\t\t<\/span>\n\t\t\t\t\t\t\t<\/div>\n\t\t\t\t\t\t<\/div>\n\t\t\t\t\t\t<\/div>\n\t\t\t\t\t<\/div><div class=\"col\" data-animate=\"fadeInUp\">\n\t\t\t\t\t\t<div class=\"col-inner\">\n\t\t\t\t\t\t\n<div class=\"badge-container badge-custom absolute right top z-1\">\n\n<\/div>\n\t\t\t\t\t\t<div class=\"product-small box has-hover box-vertical box-text-bottom\">\n\t\t\t\t\t\t\t<div class=\"box-image\" >\n\t\t\t\t\t\t\t\t<div class=\"\" >\n\t\t\t\t\t\t\t\t\t<a href=\"https:\/\/schaumweinkontor.com\/en\/produkt\/acala-sparkling-tea-white-non-alcoholic-bio-075-l\/\" aria-label=\"Acala Sparkling Tea WHITE Non-alcoholic BIO 0,75 L\">\n\t\t\t\t\t\t\t\t\t\t<img loading=\"lazy\" decoding=\"async\" width=\"300\" height=\"300\" src=\"https:\/\/schaumweinkontor.com\/wp-content\/uploads\/2024\/04\/Acala-White-300x300.png\" class=\"attachment-medium size-medium\" alt=\"Acala Sparkling Tea WHITE Non-alcoholic BIO 0,75 L\" srcset=\"https:\/\/schaumweinkontor.com\/wp-content\/uploads\/2024\/04\/Acala-White-300x300.png 300w, https:\/\/schaumweinkontor.com\/wp-content\/uploads\/2024\/04\/Acala-White-100x100.png 100w, https:\/\/schaumweinkontor.com\/wp-content\/uploads\/2024\/04\/Acala-White-510x510.png 510w, https:\/\/schaumweinkontor.com\/wp-content\/uploads\/2024\/04\/Acala-White-150x150.png 150w, https:\/\/schaumweinkontor.com\/wp-content\/uploads\/2024\/04\/Acala-White-768x768.png 768w, https:\/\/schaumweinkontor.com\/wp-content\/uploads\/2024\/04\/Acala-White.png 1000w\" sizes=\"auto, (max-width: 300px) 100vw, 300px\" \/>\t\t\t\t\t\t\t\t\t<\/a>\n\t\t\t\t\t\t\t\t\t\t\t\t\t\t\t\t\t\t \t\t\t\t\t\t\t\t<\/div>\n\t\t\t\t\t\t\t\t<div class=\"image-tools top right show-on-hover\">\n\t\t\t\t\t\t\t\t\t\t\t\t\t\t\t\t\t<\/div>\n\t\t\t\t\t\t\t\t\t\t\t\t\t\t\t\t\t<div class=\"image-tools grid-tools text-center hide-for-small bottom hover-slide-in show-on-hover\">\n\t\t\t\t\t\t\t\t\t\t\t\t\t\t\t\t\t\t\t<\/div>\n\t\t\t\t\t\t\t\t\t\t\t\t\t\t\t\t\t\t\t\t\t\t\t<\/div>\n\n\t\t\t\t\t\t\t<div class=\"box-text text-center\" >\n\t\t\t\t\t\t\t\t<div class=\"title-wrapper\">\t\t<p class=\"category uppercase is-smaller no-text-overflow product-cat op-7\">\n\t\t\tAcala\t\t<\/p>\n\t<p class=\"name product-title woocommerce-loop-product__title\"><a href=\"https:\/\/schaumweinkontor.com\/en\/produkt\/acala-sparkling-tea-white-non-alcoholic-bio-075-l\/\" class=\"woocommerce-LoopProduct-link woocommerce-loop-product__link\">Acala Sparkling Tea WHITE Non-alcoholic BIO 0,75 L<\/a><\/p><\/div><div class=\"price-wrapper\">\n\t<span class=\"price\"><span class=\"woocommerce-Price-amount amount\" role=\"none\"><bdi><span class=\"woocommerce-Price-currencySymbol\">&euro;<\/span>&nbsp;14,50<\/bdi><\/span> <small class=\"woocommerce-price-suffix\">inkl. MwSt.<\/small><\/span>\n<\/div><div class=\"add-to-cart-button\"><a href=\"\/en\/wp-json\/wp\/v2\/pages\/4628?add-to-cart=5329\" aria-describedby=\"woocommerce_loop_add_to_cart_link_describedby_5329\" data-quantity=\"1\" class=\"primary is-small mb-0 button product_type_simple add_to_cart_button ajax_add_to_cart is-outline\" data-product_id=\"5329\" data-product_sku=\"100300347\" aria-label=\"Add to cart: &ldquo;Acala Sparkling Tea WHITE Non-alcoholic BIO 0,75 L&rdquo;\" rel=\"nofollow\" data-success_message=\"&ldquo;Acala Sparkling Tea WHITE Non-alcoholic BIO 0,75 L&rdquo; has been added to your cart\" role=\"button\">Add to cart<\/a><\/div>\t<span id=\"woocommerce_loop_add_to_cart_link_describedby_5329\" class=\"screen-reader-text\">\n\t\t\t<\/span>\n\t\t\t\t\t\t\t<\/div>\n\t\t\t\t\t\t<\/div>\n\t\t\t\t\t\t<\/div>\n\t\t\t\t\t<\/div><div class=\"col\" data-animate=\"fadeInUp\">\n\t\t\t\t\t\t<div class=\"col-inner\">\n\t\t\t\t\t\t\n<div class=\"badge-container badge-custom absolute right top z-1\">\n\n<\/div>\n\t\t\t\t\t\t<div class=\"product-small box has-hover box-vertical box-text-bottom\">\n\t\t\t\t\t\t\t<div class=\"box-image\" >\n\t\t\t\t\t\t\t\t<div class=\"\" >\n\t\t\t\t\t\t\t\t\t<a href=\"https:\/\/schaumweinkontor.com\/en\/produkt\/acala-sparkling-tea-rose-non-alcoholic-bio-075-l\/\" aria-label=\"Acala Sparkling Tea ROSE Non-alcoholic BIO 0,75 L\">\n\t\t\t\t\t\t\t\t\t\t<img loading=\"lazy\" decoding=\"async\" width=\"300\" height=\"300\" src=\"https:\/\/schaumweinkontor.com\/wp-content\/uploads\/2024\/04\/Acala-Tea-Rose-075-1000x1000-1-300x300.png\" class=\"attachment-medium size-medium\" alt=\"Acala Sparkling Tea ROSE Non-alcoholic BIO 0,75 L\" srcset=\"https:\/\/schaumweinkontor.com\/wp-content\/uploads\/2024\/04\/Acala-Tea-Rose-075-1000x1000-1-300x300.png 300w, https:\/\/schaumweinkontor.com\/wp-content\/uploads\/2024\/04\/Acala-Tea-Rose-075-1000x1000-1-100x100.png 100w, https:\/\/schaumweinkontor.com\/wp-content\/uploads\/2024\/04\/Acala-Tea-Rose-075-1000x1000-1-510x509.png 510w, https:\/\/schaumweinkontor.com\/wp-content\/uploads\/2024\/04\/Acala-Tea-Rose-075-1000x1000-1-150x150.png 150w, https:\/\/schaumweinkontor.com\/wp-content\/uploads\/2024\/04\/Acala-Tea-Rose-075-1000x1000-1-768x767.png 768w, https:\/\/schaumweinkontor.com\/wp-content\/uploads\/2024\/04\/Acala-Tea-Rose-075-1000x1000-1.png 1001w\" sizes=\"auto, (max-width: 300px) 100vw, 300px\" \/>\t\t\t\t\t\t\t\t\t<\/a>\n\t\t\t\t\t\t\t\t\t\t\t\t\t\t\t\t\t\t \t\t\t\t\t\t\t\t<\/div>\n\t\t\t\t\t\t\t\t<div class=\"image-tools top right show-on-hover\">\n\t\t\t\t\t\t\t\t\t\t\t\t\t\t\t\t\t<\/div>\n\t\t\t\t\t\t\t\t\t\t\t\t\t\t\t\t\t<div class=\"image-tools grid-tools text-center hide-for-small bottom hover-slide-in show-on-hover\">\n\t\t\t\t\t\t\t\t\t\t\t\t\t\t\t\t\t\t\t<\/div>\n\t\t\t\t\t\t\t\t\t\t\t\t\t\t\t\t\t\t\t\t\t\t\t<\/div>\n\n\t\t\t\t\t\t\t<div class=\"box-text text-center\" >\n\t\t\t\t\t\t\t\t<div class=\"title-wrapper\">\t\t<p class=\"category uppercase is-smaller no-text-overflow product-cat op-7\">\n\t\t\tAcala\t\t<\/p>\n\t<p class=\"name product-title woocommerce-loop-product__title\"><a href=\"https:\/\/schaumweinkontor.com\/en\/produkt\/acala-sparkling-tea-rose-non-alcoholic-bio-075-l\/\" class=\"woocommerce-LoopProduct-link woocommerce-loop-product__link\">Acala Sparkling Tea ROSE Non-alcoholic BIO 0,75 L<\/a><\/p><\/div><div class=\"price-wrapper\">\n\t<span class=\"price\"><span class=\"woocommerce-Price-amount amount\" role=\"none\"><bdi><span class=\"woocommerce-Price-currencySymbol\">&euro;<\/span>&nbsp;14,50<\/bdi><\/span> <small class=\"woocommerce-price-suffix\">inkl. MwSt.<\/small><\/span>\n<\/div><div class=\"add-to-cart-button\"><a href=\"\/en\/wp-json\/wp\/v2\/pages\/4628?add-to-cart=5345\" aria-describedby=\"woocommerce_loop_add_to_cart_link_describedby_5345\" data-quantity=\"1\" class=\"primary is-small mb-0 button product_type_simple add_to_cart_button ajax_add_to_cart is-outline\" data-product_id=\"5345\" data-product_sku=\"100300348\" aria-label=\"Add to cart: &ldquo;Acala Sparkling Tea ROSE Non-alcoholic BIO 0,75 L&rdquo;\" rel=\"nofollow\" data-success_message=\"&ldquo;Acala Sparkling Tea ROSE Non-alcoholic BIO 0,75 L&rdquo; has been added to your cart\" role=\"button\">Add to cart<\/a><\/div>\t<span id=\"woocommerce_loop_add_to_cart_link_describedby_5345\" class=\"screen-reader-text\">\n\t\t\t<\/span>\n\t\t\t\t\t\t\t<\/div>\n\t\t\t\t\t\t<\/div>\n\t\t\t\t\t\t<\/div>\n\t\t\t\t\t<\/div><div class=\"col\" data-animate=\"fadeInUp\">\n\t\t\t\t\t\t<div class=\"col-inner\">\n\t\t\t\t\t\t\n<div class=\"badge-container badge-custom absolute right top z-1\">\n\n<\/div>\n\t\t\t\t\t\t<div class=\"product-small box has-hover box-vertical box-text-bottom\">\n\t\t\t\t\t\t\t<div class=\"box-image\" >\n\t\t\t\t\t\t\t\t<div class=\"\" >\n\t\t\t\t\t\t\t\t\t<a href=\"https:\/\/schaumweinkontor.com\/en\/produkt\/acala-sparkling-tea-red-non-alcoholic-bio-075l\/\" aria-label=\"Acala Sparkling Tea RED Non-alcoholic BIO 0,75l\">\n\t\t\t\t\t\t\t\t\t\t<img loading=\"lazy\" decoding=\"async\" width=\"300\" height=\"300\" src=\"https:\/\/schaumweinkontor.com\/wp-content\/uploads\/2024\/04\/Acala-Tea-Red-075-1000x1000-1-300x300.png\" class=\"attachment-medium size-medium\" alt=\"Acala Sparkling Tea RED Non-alcoholic BIO 0,75l\" srcset=\"https:\/\/schaumweinkontor.com\/wp-content\/uploads\/2024\/04\/Acala-Tea-Red-075-1000x1000-1-300x300.png 300w, https:\/\/schaumweinkontor.com\/wp-content\/uploads\/2024\/04\/Acala-Tea-Red-075-1000x1000-1-100x100.png 100w, https:\/\/schaumweinkontor.com\/wp-content\/uploads\/2024\/04\/Acala-Tea-Red-075-1000x1000-1-510x509.png 510w, https:\/\/schaumweinkontor.com\/wp-content\/uploads\/2024\/04\/Acala-Tea-Red-075-1000x1000-1-150x150.png 150w, https:\/\/schaumweinkontor.com\/wp-content\/uploads\/2024\/04\/Acala-Tea-Red-075-1000x1000-1-768x767.png 768w, https:\/\/schaumweinkontor.com\/wp-content\/uploads\/2024\/04\/Acala-Tea-Red-075-1000x1000-1.png 1001w\" sizes=\"auto, (max-width: 300px) 100vw, 300px\" \/>\t\t\t\t\t\t\t\t\t<\/a>\n\t\t\t\t\t\t\t\t\t\t\t\t\t\t\t\t\t\t \t\t\t\t\t\t\t\t<\/div>\n\t\t\t\t\t\t\t\t<div class=\"image-tools top right show-on-hover\">\n\t\t\t\t\t\t\t\t\t\t\t\t\t\t\t\t\t<\/div>\n\t\t\t\t\t\t\t\t\t\t\t\t\t\t\t\t\t<div class=\"image-tools grid-tools text-center hide-for-small bottom hover-slide-in show-on-hover\">\n\t\t\t\t\t\t\t\t\t\t\t\t\t\t\t\t\t\t\t<\/div>\n\t\t\t\t\t\t\t\t\t\t\t\t\t\t\t\t\t\t\t\t\t\t\t<\/div>\n\n\t\t\t\t\t\t\t<div class=\"box-text text-center\" >\n\t\t\t\t\t\t\t\t<div class=\"title-wrapper\">\t\t<p class=\"category uppercase is-smaller no-text-overflow product-cat op-7\">\n\t\t\tAcala\t\t<\/p>\n\t<p class=\"name product-title woocommerce-loop-product__title\"><a href=\"https:\/\/schaumweinkontor.com\/en\/produkt\/acala-sparkling-tea-red-non-alcoholic-bio-075l\/\" class=\"woocommerce-LoopProduct-link woocommerce-loop-product__link\">Acala Sparkling Tea RED Non-alcoholic BIO 0,75l<\/a><\/p><\/div><div class=\"price-wrapper\">\n\t<span class=\"price\"><span class=\"woocommerce-Price-amount amount\" role=\"none\"><bdi><span class=\"woocommerce-Price-currencySymbol\">&euro;<\/span>&nbsp;14,50<\/bdi><\/span> <small class=\"woocommerce-price-suffix\">inkl. MwSt.<\/small><\/span>\n<\/div><div class=\"add-to-cart-button\"><a href=\"\/en\/wp-json\/wp\/v2\/pages\/4628?add-to-cart=5347\" aria-describedby=\"woocommerce_loop_add_to_cart_link_describedby_5347\" data-quantity=\"1\" class=\"primary is-small mb-0 button product_type_simple add_to_cart_button ajax_add_to_cart is-outline\" data-product_id=\"5347\" data-product_sku=\"100300349\" aria-label=\"Add to cart: &ldquo;Acala Sparkling Tea RED Non-alcoholic BIO 0,75l&rdquo;\" rel=\"nofollow\" data-success_message=\"&ldquo;Acala Sparkling Tea RED Non-alcoholic BIO 0,75l&rdquo; has been added to your cart\" role=\"button\">Add to cart<\/a><\/div>\t<span id=\"woocommerce_loop_add_to_cart_link_describedby_5347\" class=\"screen-reader-text\">\n\t\t\t<\/span>\n\t\t\t\t\t\t\t<\/div>\n\t\t\t\t\t\t<\/div>\n\t\t\t\t\t\t<\/div>\n\t\t\t\t\t<\/div><div class=\"col\" data-animate=\"fadeInUp\">\n\t\t\t\t\t\t<div class=\"col-inner\">\n\t\t\t\t\t\t\n<div class=\"badge-container badge-custom absolute right top z-1\">\n\n<\/div>\n\t\t\t\t\t\t<div class=\"product-small box has-hover box-vertical box-text-bottom\">\n\t\t\t\t\t\t\t<div class=\"box-image\" >\n\t\t\t\t\t\t\t\t<div class=\"\" >\n\t\t\t\t\t\t\t\t\t<a href=\"https:\/\/schaumweinkontor.com\/en\/produkt\/acala-sparkling-tea-red-winter-non-alcoholic-bio-075-l\/\" aria-label=\"Acala Sparkling Tea RED WINTER Non-alcoholic BIO 0,75 L\">\n\t\t\t\t\t\t\t\t\t\t<img loading=\"lazy\" decoding=\"async\" width=\"300\" height=\"300\" src=\"https:\/\/schaumweinkontor.com\/wp-content\/uploads\/2024\/04\/Acala-Red-Winter-300x300.png\" class=\"attachment-medium size-medium\" alt=\"Acala Sparkling Tea RED WINTER Non-alcoholic BIO 0,75 L\" srcset=\"https:\/\/schaumweinkontor.com\/wp-content\/uploads\/2024\/04\/Acala-Red-Winter-300x300.png 300w, https:\/\/schaumweinkontor.com\/wp-content\/uploads\/2024\/04\/Acala-Red-Winter-100x100.png 100w, https:\/\/schaumweinkontor.com\/wp-content\/uploads\/2024\/04\/Acala-Red-Winter-510x510.png 510w, https:\/\/schaumweinkontor.com\/wp-content\/uploads\/2024\/04\/Acala-Red-Winter-150x150.png 150w, https:\/\/schaumweinkontor.com\/wp-content\/uploads\/2024\/04\/Acala-Red-Winter-768x768.png 768w, https:\/\/schaumweinkontor.com\/wp-content\/uploads\/2024\/04\/Acala-Red-Winter.png 1000w\" sizes=\"auto, (max-width: 300px) 100vw, 300px\" \/>\t\t\t\t\t\t\t\t\t<\/a>\n\t\t\t\t\t\t\t\t\t\t\t\t\t\t\t\t\t\t \t\t\t\t\t\t\t\t<\/div>\n\t\t\t\t\t\t\t\t<div class=\"image-tools top right show-on-hover\">\n\t\t\t\t\t\t\t\t\t\t\t\t\t\t\t\t\t<\/div>\n\t\t\t\t\t\t\t\t\t\t\t\t\t\t\t\t\t<div class=\"image-tools grid-tools text-center hide-for-small bottom hover-slide-in show-on-hover\">\n\t\t\t\t\t\t\t\t\t\t\t\t\t\t\t\t\t\t\t<\/div>\n\t\t\t\t\t\t\t\t\t\t\t\t\t\t\t\t\t\t\t\t\t\t\t<\/div>\n\n\t\t\t\t\t\t\t<div class=\"box-text text-center\" >\n\t\t\t\t\t\t\t\t<div class=\"title-wrapper\">\t\t<p class=\"category uppercase is-smaller no-text-overflow product-cat op-7\">\n\t\t\tAcala\t\t<\/p>\n\t<p class=\"name product-title woocommerce-loop-product__title\"><a href=\"https:\/\/schaumweinkontor.com\/en\/produkt\/acala-sparkling-tea-red-winter-non-alcoholic-bio-075-l\/\" class=\"woocommerce-LoopProduct-link woocommerce-loop-product__link\">Acala Sparkling Tea RED WINTER Non-alcoholic BIO 0,75 L<\/a><\/p><\/div><div class=\"price-wrapper\">\n\t<span class=\"price\"><span class=\"woocommerce-Price-amount amount\" role=\"none\"><bdi><span class=\"woocommerce-Price-currencySymbol\">&euro;<\/span>&nbsp;14,50<\/bdi><\/span> <small class=\"woocommerce-price-suffix\">inkl. MwSt.<\/small><\/span>\n<\/div><div class=\"add-to-cart-button\"><a href=\"\/en\/wp-json\/wp\/v2\/pages\/4628?add-to-cart=5353\" aria-describedby=\"woocommerce_loop_add_to_cart_link_describedby_5353\" data-quantity=\"1\" class=\"primary is-small mb-0 button product_type_simple add_to_cart_button ajax_add_to_cart is-outline\" data-product_id=\"5353\" data-product_sku=\"100300352\" aria-label=\"Add to cart: &ldquo;Acala Sparkling Tea RED WINTER Non-alcoholic BIO 0,75 L&rdquo;\" rel=\"nofollow\" data-success_message=\"&ldquo;Acala Sparkling Tea RED WINTER Non-alcoholic BIO 0,75 L&rdquo; has been added to your cart\" role=\"button\">Add to cart<\/a><\/div>\t<span id=\"woocommerce_loop_add_to_cart_link_describedby_5353\" class=\"screen-reader-text\">\n\t\t\t<\/span>\n\t\t\t\t\t\t\t<\/div>\n\t\t\t\t\t\t<\/div>\n\t\t\t\t\t\t<\/div>\n\t\t\t\t\t<\/div><div class=\"col\" data-animate=\"fadeInUp\">\n\t\t\t\t\t\t<div class=\"col-inner\">\n\t\t\t\t\t\t\n<div class=\"badge-container badge-custom absolute right top z-1\">\n\n<\/div>\n\t\t\t\t\t\t<div class=\"product-small box has-hover box-vertical box-text-bottom\">\n\t\t\t\t\t\t\t<div class=\"box-image\" >\n\t\t\t\t\t\t\t\t<div class=\"\" >\n\t\t\t\t\t\t\t\t\t<a href=\"https:\/\/schaumweinkontor.com\/en\/produkt\/acala-sparkling-tea-white-non-alcoholic-bio-15-l\/\" aria-label=\"Acala Sparkling Tea WHITE Non-alcoholic BIO 1,5 l Magnum\">\n\t\t\t\t\t\t\t\t\t\t<img loading=\"lazy\" decoding=\"async\" width=\"300\" height=\"300\" src=\"https:\/\/schaumweinkontor.com\/wp-content\/uploads\/2024\/04\/Acala-White-300x300.png\" class=\"attachment-medium size-medium\" alt=\"Acala Sparkling Tea WHITE Non-alcoholic BIO 1,5 l Magnum\" srcset=\"https:\/\/schaumweinkontor.com\/wp-content\/uploads\/2024\/04\/Acala-White-300x300.png 300w, https:\/\/schaumweinkontor.com\/wp-content\/uploads\/2024\/04\/Acala-White-100x100.png 100w, https:\/\/schaumweinkontor.com\/wp-content\/uploads\/2024\/04\/Acala-White-510x510.png 510w, https:\/\/schaumweinkontor.com\/wp-content\/uploads\/2024\/04\/Acala-White-150x150.png 150w, https:\/\/schaumweinkontor.com\/wp-content\/uploads\/2024\/04\/Acala-White-768x768.png 768w, https:\/\/schaumweinkontor.com\/wp-content\/uploads\/2024\/04\/Acala-White.png 1000w\" sizes=\"auto, (max-width: 300px) 100vw, 300px\" \/>\t\t\t\t\t\t\t\t\t<\/a>\n\t\t\t\t\t\t\t\t\t\t\t\t\t\t\t\t\t\t \t\t\t\t\t\t\t\t<\/div>\n\t\t\t\t\t\t\t\t<div class=\"image-tools top right show-on-hover\">\n\t\t\t\t\t\t\t\t\t\t\t\t\t\t\t\t\t<\/div>\n\t\t\t\t\t\t\t\t\t\t\t\t\t\t\t\t\t<div class=\"image-tools grid-tools text-center hide-for-small bottom hover-slide-in show-on-hover\">\n\t\t\t\t\t\t\t\t\t\t\t\t\t\t\t\t\t\t\t<\/div>\n\t\t\t\t\t\t\t\t\t\t\t\t\t\t\t\t\t\t\t\t\t\t\t<\/div>\n\n\t\t\t\t\t\t\t<div class=\"box-text text-center\" >\n\t\t\t\t\t\t\t\t<div class=\"title-wrapper\">\t\t<p class=\"category uppercase is-smaller no-text-overflow product-cat op-7\">\n\t\t\tAcala\t\t<\/p>\n\t<p class=\"name product-title woocommerce-loop-product__title\"><a href=\"https:\/\/schaumweinkontor.com\/en\/produkt\/acala-sparkling-tea-white-non-alcoholic-bio-15-l\/\" class=\"woocommerce-LoopProduct-link woocommerce-loop-product__link\">Acala Sparkling Tea WHITE Non-alcoholic BIO 1,5 l Magnum<\/a><\/p><\/div><div class=\"price-wrapper\">\n\t<span class=\"price\"><span class=\"woocommerce-Price-amount amount\" role=\"none\"><bdi><span class=\"woocommerce-Price-currencySymbol\">&euro;<\/span>&nbsp;29,00<\/bdi><\/span> <small class=\"woocommerce-price-suffix\">inkl. MwSt.<\/small><\/span>\n<\/div><div class=\"add-to-cart-button\"><a href=\"\/en\/wp-json\/wp\/v2\/pages\/4628?add-to-cart=5357\" aria-describedby=\"woocommerce_loop_add_to_cart_link_describedby_5357\" data-quantity=\"1\" class=\"primary is-small mb-0 button product_type_simple add_to_cart_button ajax_add_to_cart is-outline\" data-product_id=\"5357\" data-product_sku=\"100300354\" aria-label=\"Add to cart: &ldquo;Acala Sparkling Tea WHITE Non-alcoholic BIO 1,5 l Magnum&rdquo;\" rel=\"nofollow\" data-success_message=\"&ldquo;Acala Sparkling Tea WHITE Non-alcoholic BIO 1,5 l Magnum&rdquo; has been added to your cart\" role=\"button\">Add to cart<\/a><\/div>\t<span id=\"woocommerce_loop_add_to_cart_link_describedby_5357\" class=\"screen-reader-text\">\n\t\t\t<\/span>\n\t\t\t\t\t\t\t<\/div>\n\t\t\t\t\t\t<\/div>\n\t\t\t\t\t\t<\/div>\n\t\t\t\t\t<\/div><\/div>\n\n\n\t\t<\/div>\n\t\t\t\t\t<\/div>\n\n\t\n\n<\/div>\n\n<div id=\"sf-mobile\"><\/div>\n<div class=\"row row-collapse row-full-width align-middle blau-verlauf\"  id=\"row-288040707\">\n\n\n\t<div id=\"col-1956920714\" class=\"col medium-6 small-12 large-6\"  >\n\t\t\t\t<div class=\"col-inner\"  >\n\t\t\t\n\t\t\t\n\n\t<div id=\"text-3803663229\" class=\"text\">\n\t\t\n\n<h2 id=\"extratour-mobile\" class=\"uppercase\" style=\"text-align: left;\"><span style=\"\"><span style=\"\"> extratour <\/span><\/span><\/h2>\n\t\t\n<style>\n#text-3803663229 {\n  font-size: 1.5rem;\n  line-height: 2;\n}\n<\/style>\n\t<\/div>\n\t\n\n\t\t<\/div>\n\t\t\t\t\t<\/div>\n\n\t\n\n\n<style>\n#row-288040707 > .col > .col-inner {\n  padding: 0px 20px 0px 20px;\n  border-radius: 74px;\n}\n<\/style>\n<\/div>\n\t<section class=\"section bg_winzer\" id=\"section_695402995\">\n\t\t<div class=\"bg section-bg fill bg-fill  \" >\n\n\t\t\t\n\t\t\t\n\t\t\t\n\n\t\t<\/div>\n\n\t\t\n\n\t\t<div class=\"section-content relative\">\n\t\t\t\n\n<h2 id=\"still-mansalto-mobile\" class=\"uppercase\" style=\"text-align: center;\"><span style=\"font-size: 90%;\">Mansalto<\/span><\/h2>\n<p>\u00a0<\/p>\n\n\t\t<\/div>\n\n\t\t\n<style>\n#section_695402995 {\n  padding-top: 30px;\n  padding-bottom: 30px;\n}\n#section_695402995 .section-bg.bg-loaded {\n  background-image: url(https:\/\/schaumweinkontor.com\/wp-content\/uploads\/2022\/06\/landscape-illu-gold-transp.png);\n}\n<\/style>\n\t<\/section>\n\t\n<div class=\"row row-full-width align-middle align-center margin-auto\"  id=\"row-2028860572\">\n\n\n\t<div id=\"col-2094056144\" class=\"col small-12 large-12\"  >\n\t\t\t\t<div class=\"col-inner\"  >\n\t\t\t\n\t\t\t\n\n\n  \n    <div class=\"row  equalize-box show-for-small large-columns-3 medium-columns- small-columns-1 row-large has-shadow row-box-shadow-2 row-box-shadow-4-hover\" >\n  \t\n\t     <div class=\"col\" data-animate=\"fadeInUp\">\n\t\t\t\t\t\t<div class=\"col-inner\">\n\t\t\t\t\t\t\n<div class=\"badge-container badge-custom absolute right top z-1\">\n\n<\/div>\n\t\t\t\t\t\t<div class=\"product-small box has-hover box-vertical box-text-bottom\">\n\t\t\t\t\t\t\t<div class=\"box-image\" >\n\t\t\t\t\t\t\t\t<div class=\"\" >\n\t\t\t\t\t\t\t\t\t<a href=\"https:\/\/schaumweinkontor.com\/en\/produkt\/mansalto-la-commenda-chianti-docg-2020-075-l\/\" aria-label=\"Mansalto La Commenda Chianti DOCG 2020 0,75 L\">\n\t\t\t\t\t\t\t\t\t\t<img loading=\"lazy\" decoding=\"async\" width=\"300\" height=\"300\" src=\"https:\/\/schaumweinkontor.com\/wp-content\/uploads\/2023\/04\/Mansalto-La-Commenda-Chianti_1000x1000-px-300x300.png\" class=\"attachment-medium size-medium\" alt=\"Mansalto La Commenda Chianti DOCG 2020 0,75 L\" srcset=\"https:\/\/schaumweinkontor.com\/wp-content\/uploads\/2023\/04\/Mansalto-La-Commenda-Chianti_1000x1000-px-300x300.png 300w, https:\/\/schaumweinkontor.com\/wp-content\/uploads\/2023\/04\/Mansalto-La-Commenda-Chianti_1000x1000-px-100x100.png 100w, https:\/\/schaumweinkontor.com\/wp-content\/uploads\/2023\/04\/Mansalto-La-Commenda-Chianti_1000x1000-px-510x510.png 510w, https:\/\/schaumweinkontor.com\/wp-content\/uploads\/2023\/04\/Mansalto-La-Commenda-Chianti_1000x1000-px-150x150.png 150w, https:\/\/schaumweinkontor.com\/wp-content\/uploads\/2023\/04\/Mansalto-La-Commenda-Chianti_1000x1000-px-768x768.png 768w, https:\/\/schaumweinkontor.com\/wp-content\/uploads\/2023\/04\/Mansalto-La-Commenda-Chianti_1000x1000-px.png 1000w\" sizes=\"auto, (max-width: 300px) 100vw, 300px\" \/>\t\t\t\t\t\t\t\t\t<\/a>\n\t\t\t\t\t\t\t\t\t\t\t\t\t\t\t\t\t\t \t\t\t\t\t\t\t\t<\/div>\n\t\t\t\t\t\t\t\t<div class=\"image-tools top right show-on-hover\">\n\t\t\t\t\t\t\t\t\t\t\t\t\t\t\t\t\t<\/div>\n\t\t\t\t\t\t\t\t\t\t\t\t\t\t\t\t\t<div class=\"image-tools grid-tools text-center hide-for-small bottom hover-slide-in show-on-hover\">\n\t\t\t\t\t\t\t\t\t\t\t\t\t\t\t\t\t\t\t<\/div>\n\t\t\t\t\t\t\t\t\t\t\t\t\t\t\t\t\t\t\t\t\t\t\t<\/div>\n\n\t\t\t\t\t\t\t<div class=\"box-text text-center\" style=\"padding:0px 0px px 0px;\">\n\t\t\t\t\t\t\t\t<div class=\"title-wrapper\">\t\t<p class=\"category uppercase is-smaller no-text-overflow product-cat op-7\">\n\t\t\tMansalto\t\t<\/p>\n\t<p class=\"name product-title woocommerce-loop-product__title\"><a href=\"https:\/\/schaumweinkontor.com\/en\/produkt\/mansalto-la-commenda-chianti-docg-2020-075-l\/\" class=\"woocommerce-LoopProduct-link woocommerce-loop-product__link\">Mansalto La Commenda Chianti DOCG 2020 0,75 L<\/a><\/p><\/div><div class=\"price-wrapper\">\n\t<span class=\"price\"><span class=\"woocommerce-Price-amount amount\" role=\"none\"><bdi><span class=\"woocommerce-Price-currencySymbol\">&euro;<\/span>&nbsp;9,20<\/bdi><\/span> <small class=\"woocommerce-price-suffix\">inkl. MwSt.<\/small><\/span>\n<\/div><div class=\"add-to-cart-button\"><a href=\"\/en\/wp-json\/wp\/v2\/pages\/4628?add-to-cart=4689\" aria-describedby=\"woocommerce_loop_add_to_cart_link_describedby_4689\" data-quantity=\"1\" class=\"primary is-small mb-0 button product_type_simple add_to_cart_button ajax_add_to_cart is-outline\" data-product_id=\"4689\" data-product_sku=\"100300287\" aria-label=\"Add to cart: &ldquo;Mansalto La Commenda Chianti DOCG 2020 0,75 L&rdquo;\" rel=\"nofollow\" data-success_message=\"&ldquo;Mansalto La Commenda Chianti DOCG 2020 0,75 L&rdquo; has been added to your cart\" role=\"button\">Add to cart<\/a><\/div>\t<span id=\"woocommerce_loop_add_to_cart_link_describedby_4689\" class=\"screen-reader-text\">\n\t\t\t<\/span>\n\t\t\t\t\t\t\t<\/div>\n\t\t\t\t\t\t<\/div>\n\t\t\t\t\t\t<\/div>\n\t\t\t\t\t<\/div><div class=\"col\" data-animate=\"fadeInUp\">\n\t\t\t\t\t\t<div class=\"col-inner\">\n\t\t\t\t\t\t\n<div class=\"badge-container badge-custom absolute right top z-1\">\n\n<\/div>\n\t\t\t\t\t\t<div class=\"product-small box has-hover box-vertical box-text-bottom\">\n\t\t\t\t\t\t\t<div class=\"box-image\" >\n\t\t\t\t\t\t\t\t<div class=\"\" >\n\t\t\t\t\t\t\t\t\t<a href=\"https:\/\/schaumweinkontor.com\/en\/produkt\/mansalto-stroncoli-igt-toscana-rosso-2019-075-l-copy\/\" aria-label=\"Mansalto Palazzuolo Spumante Brut 0,75 L\">\n\t\t\t\t\t\t\t\t\t\t<img loading=\"lazy\" decoding=\"async\" width=\"300\" height=\"300\" src=\"https:\/\/schaumweinkontor.com\/wp-content\/uploads\/2024\/04\/Palazzuolo-Mansalto-300x300.png\" class=\"attachment-medium size-medium\" alt=\"Mansalto Palazzuolo Spumante Brut 0,75 L\" srcset=\"https:\/\/schaumweinkontor.com\/wp-content\/uploads\/2024\/04\/Palazzuolo-Mansalto-300x300.png 300w, https:\/\/schaumweinkontor.com\/wp-content\/uploads\/2024\/04\/Palazzuolo-Mansalto-100x100.png 100w, https:\/\/schaumweinkontor.com\/wp-content\/uploads\/2024\/04\/Palazzuolo-Mansalto-510x510.png 510w, https:\/\/schaumweinkontor.com\/wp-content\/uploads\/2024\/04\/Palazzuolo-Mansalto-150x150.png 150w, https:\/\/schaumweinkontor.com\/wp-content\/uploads\/2024\/04\/Palazzuolo-Mansalto-768x768.png 768w, https:\/\/schaumweinkontor.com\/wp-content\/uploads\/2024\/04\/Palazzuolo-Mansalto.png 1000w\" sizes=\"auto, (max-width: 300px) 100vw, 300px\" \/>\t\t\t\t\t\t\t\t\t<\/a>\n\t\t\t\t\t\t\t\t\t\t\t\t\t\t\t\t\t\t \t\t\t\t\t\t\t\t<\/div>\n\t\t\t\t\t\t\t\t<div class=\"image-tools top right show-on-hover\">\n\t\t\t\t\t\t\t\t\t\t\t\t\t\t\t\t\t<\/div>\n\t\t\t\t\t\t\t\t\t\t\t\t\t\t\t\t\t<div class=\"image-tools grid-tools text-center hide-for-small bottom hover-slide-in show-on-hover\">\n\t\t\t\t\t\t\t\t\t\t\t\t\t\t\t\t\t\t\t<\/div>\n\t\t\t\t\t\t\t\t\t\t\t\t\t\t\t\t\t\t\t\t\t\t\t<\/div>\n\n\t\t\t\t\t\t\t<div class=\"box-text text-center\" style=\"padding:0px 0px px 0px;\">\n\t\t\t\t\t\t\t\t<div class=\"title-wrapper\">\t\t<p class=\"category uppercase is-smaller no-text-overflow product-cat op-7\">\n\t\t\tMansalto\t\t<\/p>\n\t<p class=\"name product-title woocommerce-loop-product__title\"><a href=\"https:\/\/schaumweinkontor.com\/en\/produkt\/mansalto-stroncoli-igt-toscana-rosso-2019-075-l-copy\/\" class=\"woocommerce-LoopProduct-link woocommerce-loop-product__link\">Mansalto Palazzuolo Spumante Brut 0,75 L<\/a><\/p><\/div><div class=\"price-wrapper\">\n\t<span class=\"price\"><span class=\"woocommerce-Price-amount amount\" role=\"none\"><bdi><span class=\"woocommerce-Price-currencySymbol\">&euro;<\/span>&nbsp;12,00<\/bdi><\/span> <small class=\"woocommerce-price-suffix\">inkl. MwSt.<\/small><\/span>\n<\/div><div class=\"add-to-cart-button\"><a href=\"\/en\/wp-json\/wp\/v2\/pages\/4628?add-to-cart=5226\" aria-describedby=\"woocommerce_loop_add_to_cart_link_describedby_5226\" data-quantity=\"1\" class=\"primary is-small mb-0 button product_type_simple add_to_cart_button ajax_add_to_cart is-outline\" data-product_id=\"5226\" data-product_sku=\"100300289\" aria-label=\"Add to cart: &ldquo;Mansalto Palazzuolo Spumante Brut 0,75 L&rdquo;\" rel=\"nofollow\" data-success_message=\"&ldquo;Mansalto Palazzuolo Spumante Brut 0,75 L&rdquo; has been added to your cart\" role=\"button\">Add to cart<\/a><\/div>\t<span id=\"woocommerce_loop_add_to_cart_link_describedby_5226\" class=\"screen-reader-text\">\n\t\t\t<\/span>\n\t\t\t\t\t\t\t<\/div>\n\t\t\t\t\t\t<\/div>\n\t\t\t\t\t\t<\/div>\n\t\t\t\t\t<\/div><div class=\"col\" data-animate=\"fadeInUp\">\n\t\t\t\t\t\t<div class=\"col-inner\">\n\t\t\t\t\t\t\n<div class=\"badge-container badge-custom absolute right top z-1\">\n\n<\/div>\n\t\t\t\t\t\t<div class=\"product-small box has-hover box-vertical box-text-bottom\">\n\t\t\t\t\t\t\t<div class=\"box-image\" >\n\t\t\t\t\t\t\t\t<div class=\"\" >\n\t\t\t\t\t\t\t\t\t<a href=\"https:\/\/schaumweinkontor.com\/en\/produkt\/mansalto-castello-rapale-igt-toscana-rosso-2019-075-l\/\" aria-label=\"Mansalto Castello Rapale IGT Toscana Rosso 2019 0,75 L\">\n\t\t\t\t\t\t\t\t\t\t<img loading=\"lazy\" decoding=\"async\" width=\"300\" height=\"300\" src=\"https:\/\/schaumweinkontor.com\/wp-content\/uploads\/2023\/04\/Masalto-Castello-Rapale_1000x1000-px-300x300.png\" class=\"attachment-medium size-medium\" alt=\"Mansalto Castello Rapale IGT Toscana Rosso 2019 0,75 L\" srcset=\"https:\/\/schaumweinkontor.com\/wp-content\/uploads\/2023\/04\/Masalto-Castello-Rapale_1000x1000-px-300x300.png 300w, https:\/\/schaumweinkontor.com\/wp-content\/uploads\/2023\/04\/Masalto-Castello-Rapale_1000x1000-px-100x100.png 100w, https:\/\/schaumweinkontor.com\/wp-content\/uploads\/2023\/04\/Masalto-Castello-Rapale_1000x1000-px-510x510.png 510w, https:\/\/schaumweinkontor.com\/wp-content\/uploads\/2023\/04\/Masalto-Castello-Rapale_1000x1000-px-150x150.png 150w, https:\/\/schaumweinkontor.com\/wp-content\/uploads\/2023\/04\/Masalto-Castello-Rapale_1000x1000-px-768x768.png 768w, https:\/\/schaumweinkontor.com\/wp-content\/uploads\/2023\/04\/Masalto-Castello-Rapale_1000x1000-px.png 1000w\" sizes=\"auto, (max-width: 300px) 100vw, 300px\" \/>\t\t\t\t\t\t\t\t\t<\/a>\n\t\t\t\t\t\t\t\t\t\t\t\t\t\t\t\t\t\t \t\t\t\t\t\t\t\t<\/div>\n\t\t\t\t\t\t\t\t<div class=\"image-tools top right show-on-hover\">\n\t\t\t\t\t\t\t\t\t\t\t\t\t\t\t\t\t<\/div>\n\t\t\t\t\t\t\t\t\t\t\t\t\t\t\t\t\t<div class=\"image-tools grid-tools text-center hide-for-small bottom hover-slide-in show-on-hover\">\n\t\t\t\t\t\t\t\t\t\t\t\t\t\t\t\t\t\t\t<\/div>\n\t\t\t\t\t\t\t\t\t\t\t\t\t\t\t\t\t\t\t\t\t\t\t<\/div>\n\n\t\t\t\t\t\t\t<div class=\"box-text text-center\" style=\"padding:0px 0px px 0px;\">\n\t\t\t\t\t\t\t\t<div class=\"title-wrapper\">\t\t<p class=\"category uppercase is-smaller no-text-overflow product-cat op-7\">\n\t\t\tMansalto\t\t<\/p>\n\t<p class=\"name product-title woocommerce-loop-product__title\"><a href=\"https:\/\/schaumweinkontor.com\/en\/produkt\/mansalto-castello-rapale-igt-toscana-rosso-2019-075-l\/\" class=\"woocommerce-LoopProduct-link woocommerce-loop-product__link\">Mansalto Castello Rapale IGT Toscana Rosso 2019 0,75 L<\/a><\/p><\/div><div class=\"price-wrapper\">\n\t<span class=\"price\"><span class=\"woocommerce-Price-amount amount\" role=\"none\"><bdi><span class=\"woocommerce-Price-currencySymbol\">&euro;<\/span>&nbsp;14,00<\/bdi><\/span> <small class=\"woocommerce-price-suffix\">inkl. MwSt.<\/small><\/span>\n<\/div><div class=\"add-to-cart-button\"><a href=\"\/en\/wp-json\/wp\/v2\/pages\/4628?add-to-cart=4688\" aria-describedby=\"woocommerce_loop_add_to_cart_link_describedby_4688\" data-quantity=\"1\" class=\"primary is-small mb-0 button product_type_simple add_to_cart_button ajax_add_to_cart is-outline\" data-product_id=\"4688\" data-product_sku=\"100300288\" aria-label=\"Add to cart: &ldquo;Mansalto Castello Rapale IGT Toscana Rosso 2019 0,75 L&rdquo;\" rel=\"nofollow\" data-success_message=\"&ldquo;Mansalto Castello Rapale IGT Toscana Rosso 2019 0,75 L&rdquo; has been added to your cart\" role=\"button\">Add to cart<\/a><\/div>\t<span id=\"woocommerce_loop_add_to_cart_link_describedby_4688\" class=\"screen-reader-text\">\n\t\t\t<\/span>\n\t\t\t\t\t\t\t<\/div>\n\t\t\t\t\t\t<\/div>\n\t\t\t\t\t\t<\/div>\n\t\t\t\t\t<\/div><div class=\"col\" data-animate=\"fadeInUp\">\n\t\t\t\t\t\t<div class=\"col-inner\">\n\t\t\t\t\t\t\n<div class=\"badge-container badge-custom absolute right top z-1\">\n\n<\/div>\n\t\t\t\t\t\t<div class=\"product-small box has-hover box-vertical box-text-bottom\">\n\t\t\t\t\t\t\t<div class=\"box-image\" >\n\t\t\t\t\t\t\t\t<div class=\"\" >\n\t\t\t\t\t\t\t\t\t<a href=\"https:\/\/schaumweinkontor.com\/en\/produkt\/mansalto-stroncoli-igt-toscana-rosso-2019-075-l-copy-2\/\" aria-label=\"Mansalto Stroncoli IGT Toscana Rosso 2020 0,75 L\">\n\t\t\t\t\t\t\t\t\t\t<img loading=\"lazy\" decoding=\"async\" width=\"300\" height=\"300\" src=\"https:\/\/schaumweinkontor.com\/wp-content\/uploads\/2023\/04\/Mansalto-Stroncoli_1000x1000-px-300x300.png\" class=\"attachment-medium size-medium\" alt=\"Mansalto Stroncoli IGT Toscana Rosso 2020 0,75 L\" srcset=\"https:\/\/schaumweinkontor.com\/wp-content\/uploads\/2023\/04\/Mansalto-Stroncoli_1000x1000-px-300x300.png 300w, https:\/\/schaumweinkontor.com\/wp-content\/uploads\/2023\/04\/Mansalto-Stroncoli_1000x1000-px-100x100.png 100w, https:\/\/schaumweinkontor.com\/wp-content\/uploads\/2023\/04\/Mansalto-Stroncoli_1000x1000-px-510x510.png 510w, https:\/\/schaumweinkontor.com\/wp-content\/uploads\/2023\/04\/Mansalto-Stroncoli_1000x1000-px-150x150.png 150w, https:\/\/schaumweinkontor.com\/wp-content\/uploads\/2023\/04\/Mansalto-Stroncoli_1000x1000-px-768x768.png 768w, https:\/\/schaumweinkontor.com\/wp-content\/uploads\/2023\/04\/Mansalto-Stroncoli_1000x1000-px.png 1000w\" sizes=\"auto, (max-width: 300px) 100vw, 300px\" \/>\t\t\t\t\t\t\t\t\t<\/a>\n\t\t\t\t\t\t\t\t\t\t\t\t\t\t\t\t\t\t \t\t\t\t\t\t\t\t<\/div>\n\t\t\t\t\t\t\t\t<div class=\"image-tools top right show-on-hover\">\n\t\t\t\t\t\t\t\t\t\t\t\t\t\t\t\t\t<\/div>\n\t\t\t\t\t\t\t\t\t\t\t\t\t\t\t\t\t<div class=\"image-tools grid-tools text-center hide-for-small bottom hover-slide-in show-on-hover\">\n\t\t\t\t\t\t\t\t\t\t\t\t\t\t\t\t\t\t\t<\/div>\n\t\t\t\t\t\t\t\t\t\t\t\t\t\t\t\t\t\t\t\t\t\t\t<\/div>\n\n\t\t\t\t\t\t\t<div class=\"box-text text-center\" style=\"padding:0px 0px px 0px;\">\n\t\t\t\t\t\t\t\t<div class=\"title-wrapper\">\t\t<p class=\"category uppercase is-smaller no-text-overflow product-cat op-7\">\n\t\t\tMansalto\t\t<\/p>\n\t<p class=\"name product-title woocommerce-loop-product__title\"><a href=\"https:\/\/schaumweinkontor.com\/en\/produkt\/mansalto-stroncoli-igt-toscana-rosso-2019-075-l-copy-2\/\" class=\"woocommerce-LoopProduct-link woocommerce-loop-product__link\">Mansalto Stroncoli IGT Toscana Rosso 2020 0,75 L<\/a><\/p><\/div><div class=\"price-wrapper\">\n\t<span class=\"price\"><span class=\"woocommerce-Price-amount amount\" role=\"none\"><bdi><span class=\"woocommerce-Price-currencySymbol\">&euro;<\/span>&nbsp;21,00<\/bdi><\/span> <small class=\"woocommerce-price-suffix\">inkl. MwSt.<\/small><\/span>\n<\/div><div class=\"add-to-cart-button\"><a href=\"\/en\/wp-json\/wp\/v2\/pages\/4628?add-to-cart=6072\" aria-describedby=\"woocommerce_loop_add_to_cart_link_describedby_6072\" data-quantity=\"1\" class=\"primary is-small mb-0 button product_type_simple add_to_cart_button ajax_add_to_cart is-outline\" data-product_id=\"6072\" data-product_sku=\"100300290\" aria-label=\"Add to cart: &ldquo;Mansalto Stroncoli IGT Toscana Rosso 2020 0,75 L&rdquo;\" rel=\"nofollow\" data-success_message=\"&ldquo;Mansalto Stroncoli IGT Toscana Rosso 2020 0,75 L&rdquo; has been added to your cart\" role=\"button\">Add to cart<\/a><\/div>\t<span id=\"woocommerce_loop_add_to_cart_link_describedby_6072\" class=\"screen-reader-text\">\n\t\t\t<\/span>\n\t\t\t\t\t\t\t<\/div>\n\t\t\t\t\t\t<\/div>\n\t\t\t\t\t\t<\/div>\n\t\t\t\t\t<\/div><div class=\"col\" data-animate=\"fadeInUp\">\n\t\t\t\t\t\t<div class=\"col-inner\">\n\t\t\t\t\t\t\n<div class=\"badge-container badge-custom absolute right top z-1\">\n\n<\/div>\n\t\t\t\t\t\t<div class=\"product-small box has-hover box-vertical box-text-bottom\">\n\t\t\t\t\t\t\t<div class=\"box-image\" >\n\t\t\t\t\t\t\t\t<div class=\"\" >\n\t\t\t\t\t\t\t\t\t<a href=\"https:\/\/schaumweinkontor.com\/en\/produkt\/mansalto-butia-igt-toscana-sangiovese-2020-075-l\/\" aria-label=\"Mansalto Butia IGT Toscana Sangiovese 2020 0,75 L\">\n\t\t\t\t\t\t\t\t\t\t<img loading=\"lazy\" decoding=\"async\" width=\"300\" height=\"300\" src=\"https:\/\/schaumweinkontor.com\/wp-content\/uploads\/2023\/04\/Mansalto-Butia-IGT_1000x1000-px-300x300.png\" class=\"attachment-medium size-medium\" alt=\"Mansalto Butia IGT Toscana Sangiovese 2020 0,75 L\" srcset=\"https:\/\/schaumweinkontor.com\/wp-content\/uploads\/2023\/04\/Mansalto-Butia-IGT_1000x1000-px-300x300.png 300w, https:\/\/schaumweinkontor.com\/wp-content\/uploads\/2023\/04\/Mansalto-Butia-IGT_1000x1000-px-100x100.png 100w, https:\/\/schaumweinkontor.com\/wp-content\/uploads\/2023\/04\/Mansalto-Butia-IGT_1000x1000-px-510x510.png 510w, https:\/\/schaumweinkontor.com\/wp-content\/uploads\/2023\/04\/Mansalto-Butia-IGT_1000x1000-px-150x150.png 150w, https:\/\/schaumweinkontor.com\/wp-content\/uploads\/2023\/04\/Mansalto-Butia-IGT_1000x1000-px-768x768.png 768w, https:\/\/schaumweinkontor.com\/wp-content\/uploads\/2023\/04\/Mansalto-Butia-IGT_1000x1000-px.png 1000w\" sizes=\"auto, (max-width: 300px) 100vw, 300px\" \/>\t\t\t\t\t\t\t\t\t<\/a>\n\t\t\t\t\t\t\t\t\t\t\t\t\t\t\t\t\t\t \t\t\t\t\t\t\t\t<\/div>\n\t\t\t\t\t\t\t\t<div class=\"image-tools top right show-on-hover\">\n\t\t\t\t\t\t\t\t\t\t\t\t\t\t\t\t\t<\/div>\n\t\t\t\t\t\t\t\t\t\t\t\t\t\t\t\t\t<div class=\"image-tools grid-tools text-center hide-for-small bottom hover-slide-in show-on-hover\">\n\t\t\t\t\t\t\t\t\t\t\t\t\t\t\t\t\t\t\t<\/div>\n\t\t\t\t\t\t\t\t\t\t\t\t\t\t\t\t\t\t\t\t\t\t\t<\/div>\n\n\t\t\t\t\t\t\t<div class=\"box-text text-center\" style=\"padding:0px 0px px 0px;\">\n\t\t\t\t\t\t\t\t<div class=\"title-wrapper\">\t\t<p class=\"category uppercase is-smaller no-text-overflow product-cat op-7\">\n\t\t\tMansalto\t\t<\/p>\n\t<p class=\"name product-title woocommerce-loop-product__title\"><a href=\"https:\/\/schaumweinkontor.com\/en\/produkt\/mansalto-butia-igt-toscana-sangiovese-2020-075-l\/\" class=\"woocommerce-LoopProduct-link woocommerce-loop-product__link\">Mansalto Butia IGT Toscana Sangiovese 2020 0,75 L<\/a><\/p><\/div><div class=\"price-wrapper\">\n\t<span class=\"price\"><span class=\"woocommerce-Price-amount amount\" role=\"none\"><bdi><span class=\"woocommerce-Price-currencySymbol\">&euro;<\/span>&nbsp;32,00<\/bdi><\/span> <small class=\"woocommerce-price-suffix\">inkl. MwSt.<\/small><\/span>\n<\/div><div class=\"add-to-cart-button\"><a href=\"\/en\/wp-json\/wp\/v2\/pages\/4628?add-to-cart=4687\" aria-describedby=\"woocommerce_loop_add_to_cart_link_describedby_4687\" data-quantity=\"1\" class=\"primary is-small mb-0 button product_type_simple add_to_cart_button ajax_add_to_cart is-outline\" data-product_id=\"4687\" data-product_sku=\"100300283\" aria-label=\"Add to cart: &ldquo;Mansalto Butia IGT Toscana Sangiovese 2020 0,75 L&rdquo;\" rel=\"nofollow\" data-success_message=\"&ldquo;Mansalto Butia IGT Toscana Sangiovese 2020 0,75 L&rdquo; has been added to your cart\" role=\"button\">Add to cart<\/a><\/div>\t<span id=\"woocommerce_loop_add_to_cart_link_describedby_4687\" class=\"screen-reader-text\">\n\t\t\t<\/span>\n\t\t\t\t\t\t\t<\/div>\n\t\t\t\t\t\t<\/div>\n\t\t\t\t\t\t<\/div>\n\t\t\t\t\t<\/div><div class=\"col\" data-animate=\"fadeInUp\">\n\t\t\t\t\t\t<div class=\"col-inner\">\n\t\t\t\t\t\t\n<div class=\"badge-container badge-custom absolute right top z-1\">\n\n<\/div>\n\t\t\t\t\t\t<div class=\"product-small box has-hover box-vertical box-text-bottom\">\n\t\t\t\t\t\t\t<div class=\"box-image\" >\n\t\t\t\t\t\t\t\t<div class=\"\" >\n\t\t\t\t\t\t\t\t\t<a href=\"https:\/\/schaumweinkontor.com\/en\/produkt\/mansalto-stroncoli-igt-toscana-rosso-2019-15-l-magnum\/\" aria-label=\"Mansalto Stroncoli IGT Toscana Rosso 2019 1,5 L Magnum\">\n\t\t\t\t\t\t\t\t\t\t<img loading=\"lazy\" decoding=\"async\" width=\"300\" height=\"300\" src=\"https:\/\/schaumweinkontor.com\/wp-content\/uploads\/2023\/04\/Mansalto-Stroncoli_1000x1000-px-300x300.png\" class=\"attachment-medium size-medium\" alt=\"Mansalto Stroncoli IGT Toscana Rosso 2019 1,5 L Magnum\" srcset=\"https:\/\/schaumweinkontor.com\/wp-content\/uploads\/2023\/04\/Mansalto-Stroncoli_1000x1000-px-300x300.png 300w, https:\/\/schaumweinkontor.com\/wp-content\/uploads\/2023\/04\/Mansalto-Stroncoli_1000x1000-px-100x100.png 100w, https:\/\/schaumweinkontor.com\/wp-content\/uploads\/2023\/04\/Mansalto-Stroncoli_1000x1000-px-510x510.png 510w, https:\/\/schaumweinkontor.com\/wp-content\/uploads\/2023\/04\/Mansalto-Stroncoli_1000x1000-px-150x150.png 150w, https:\/\/schaumweinkontor.com\/wp-content\/uploads\/2023\/04\/Mansalto-Stroncoli_1000x1000-px-768x768.png 768w, https:\/\/schaumweinkontor.com\/wp-content\/uploads\/2023\/04\/Mansalto-Stroncoli_1000x1000-px.png 1000w\" sizes=\"auto, (max-width: 300px) 100vw, 300px\" \/>\t\t\t\t\t\t\t\t\t<\/a>\n\t\t\t\t\t\t\t\t\t\t\t\t\t\t\t\t\t\t \t\t\t\t\t\t\t\t<\/div>\n\t\t\t\t\t\t\t\t<div class=\"image-tools top right show-on-hover\">\n\t\t\t\t\t\t\t\t\t\t\t\t\t\t\t\t\t<\/div>\n\t\t\t\t\t\t\t\t\t\t\t\t\t\t\t\t\t<div class=\"image-tools grid-tools text-center hide-for-small bottom hover-slide-in show-on-hover\">\n\t\t\t\t\t\t\t\t\t\t\t\t\t\t\t\t\t\t\t<\/div>\n\t\t\t\t\t\t\t\t\t\t\t\t\t\t\t\t\t\t\t\t\t\t\t<\/div>\n\n\t\t\t\t\t\t\t<div class=\"box-text text-center\" style=\"padding:0px 0px px 0px;\">\n\t\t\t\t\t\t\t\t<div class=\"title-wrapper\">\t\t<p class=\"category uppercase is-smaller no-text-overflow product-cat op-7\">\n\t\t\tMansalto\t\t<\/p>\n\t<p class=\"name product-title woocommerce-loop-product__title\"><a href=\"https:\/\/schaumweinkontor.com\/en\/produkt\/mansalto-stroncoli-igt-toscana-rosso-2019-15-l-magnum\/\" class=\"woocommerce-LoopProduct-link woocommerce-loop-product__link\">Mansalto Stroncoli IGT Toscana Rosso 2019 1,5 L Magnum<\/a><\/p><\/div><div class=\"price-wrapper\">\n\t<span class=\"price\"><span class=\"woocommerce-Price-amount amount\" role=\"none\"><bdi><span class=\"woocommerce-Price-currencySymbol\">&euro;<\/span>&nbsp;45,50<\/bdi><\/span> <small class=\"woocommerce-price-suffix\">inkl. MwSt.<\/small><\/span>\n<\/div><div class=\"add-to-cart-button\"><a href=\"\/en\/wp-json\/wp\/v2\/pages\/4628?add-to-cart=4685\" aria-describedby=\"woocommerce_loop_add_to_cart_link_describedby_4685\" data-quantity=\"1\" class=\"primary is-small mb-0 button product_type_simple add_to_cart_button ajax_add_to_cart is-outline\" data-product_id=\"4685\" data-product_sku=\"100300284\" aria-label=\"Add to cart: &ldquo;Mansalto Stroncoli IGT Toscana Rosso 2019 1,5 L Magnum&rdquo;\" rel=\"nofollow\" data-success_message=\"&ldquo;Mansalto Stroncoli IGT Toscana Rosso 2019 1,5 L Magnum&rdquo; has been added to your cart\" role=\"button\">Add to cart<\/a><\/div>\t<span id=\"woocommerce_loop_add_to_cart_link_describedby_4685\" class=\"screen-reader-text\">\n\t\t\t<\/span>\n\t\t\t\t\t\t\t<\/div>\n\t\t\t\t\t\t<\/div>\n\t\t\t\t\t\t<\/div>\n\t\t\t\t\t<\/div><div class=\"col\" data-animate=\"fadeInUp\">\n\t\t\t\t\t\t<div class=\"col-inner\">\n\t\t\t\t\t\t\n<div class=\"badge-container badge-custom absolute right top z-1\">\n\n<\/div>\n\t\t\t\t\t\t<div class=\"product-small box has-hover box-vertical box-text-bottom\">\n\t\t\t\t\t\t\t<div class=\"box-image\" >\n\t\t\t\t\t\t\t\t<div class=\"\" >\n\t\t\t\t\t\t\t\t\t<a href=\"https:\/\/schaumweinkontor.com\/en\/produkt\/mansalto-stroncoli-igt-toscana-rosso-2019-3-l-jeroboam\/\" aria-label=\"Mansalto Stroncoli IGT Toscana Rosso 2019 3 L Jeroboam\">\n\t\t\t\t\t\t\t\t\t\t<img loading=\"lazy\" decoding=\"async\" width=\"300\" height=\"300\" src=\"https:\/\/schaumweinkontor.com\/wp-content\/uploads\/2023\/04\/Mansalto-Stroncoli_1000x1000-px-300x300.png\" class=\"attachment-medium size-medium\" alt=\"Mansalto Stroncoli IGT Toscana Rosso 2019 3 L Jeroboam\" srcset=\"https:\/\/schaumweinkontor.com\/wp-content\/uploads\/2023\/04\/Mansalto-Stroncoli_1000x1000-px-300x300.png 300w, https:\/\/schaumweinkontor.com\/wp-content\/uploads\/2023\/04\/Mansalto-Stroncoli_1000x1000-px-100x100.png 100w, https:\/\/schaumweinkontor.com\/wp-content\/uploads\/2023\/04\/Mansalto-Stroncoli_1000x1000-px-510x510.png 510w, https:\/\/schaumweinkontor.com\/wp-content\/uploads\/2023\/04\/Mansalto-Stroncoli_1000x1000-px-150x150.png 150w, https:\/\/schaumweinkontor.com\/wp-content\/uploads\/2023\/04\/Mansalto-Stroncoli_1000x1000-px-768x768.png 768w, https:\/\/schaumweinkontor.com\/wp-content\/uploads\/2023\/04\/Mansalto-Stroncoli_1000x1000-px.png 1000w\" sizes=\"auto, (max-width: 300px) 100vw, 300px\" \/>\t\t\t\t\t\t\t\t\t<\/a>\n\t\t\t\t\t\t\t\t\t\t\t\t\t\t\t\t\t\t \t\t\t\t\t\t\t\t<\/div>\n\t\t\t\t\t\t\t\t<div class=\"image-tools top right show-on-hover\">\n\t\t\t\t\t\t\t\t\t\t\t\t\t\t\t\t\t<\/div>\n\t\t\t\t\t\t\t\t\t\t\t\t\t\t\t\t\t<div class=\"image-tools grid-tools text-center hide-for-small bottom hover-slide-in show-on-hover\">\n\t\t\t\t\t\t\t\t\t\t\t\t\t\t\t\t\t\t\t<\/div>\n\t\t\t\t\t\t\t\t\t\t\t\t\t\t\t\t\t\t\t\t\t\t\t<\/div>\n\n\t\t\t\t\t\t\t<div class=\"box-text text-center\" style=\"padding:0px 0px px 0px;\">\n\t\t\t\t\t\t\t\t<div class=\"title-wrapper\">\t\t<p class=\"category uppercase is-smaller no-text-overflow product-cat op-7\">\n\t\t\tMansalto\t\t<\/p>\n\t<p class=\"name product-title woocommerce-loop-product__title\"><a href=\"https:\/\/schaumweinkontor.com\/en\/produkt\/mansalto-stroncoli-igt-toscana-rosso-2019-3-l-jeroboam\/\" class=\"woocommerce-LoopProduct-link woocommerce-loop-product__link\">Mansalto Stroncoli IGT Toscana Rosso 2019 3 L Jeroboam<\/a><\/p><\/div><div class=\"price-wrapper\">\n\t<span class=\"price\"><span class=\"woocommerce-Price-amount amount\" role=\"none\"><bdi><span class=\"woocommerce-Price-currencySymbol\">&euro;<\/span>&nbsp;108,00<\/bdi><\/span> <small class=\"woocommerce-price-suffix\">inkl. MwSt.<\/small><\/span>\n<\/div><div class=\"add-to-cart-button\"><a href=\"\/en\/wp-json\/wp\/v2\/pages\/4628?add-to-cart=4684\" aria-describedby=\"woocommerce_loop_add_to_cart_link_describedby_4684\" data-quantity=\"1\" class=\"primary is-small mb-0 button product_type_simple add_to_cart_button ajax_add_to_cart is-outline\" data-product_id=\"4684\" data-product_sku=\"100300285\" aria-label=\"Add to cart: &ldquo;Mansalto Stroncoli IGT Toscana Rosso 2019 3 L Jeroboam&rdquo;\" rel=\"nofollow\" data-success_message=\"&ldquo;Mansalto Stroncoli IGT Toscana Rosso 2019 3 L Jeroboam&rdquo; has been added to your cart\" role=\"button\">Add to cart<\/a><\/div>\t<span id=\"woocommerce_loop_add_to_cart_link_describedby_4684\" class=\"screen-reader-text\">\n\t\t\t<\/span>\n\t\t\t\t\t\t\t<\/div>\n\t\t\t\t\t\t<\/div>\n\t\t\t\t\t\t<\/div>\n\t\t\t\t\t<\/div><div class=\"col\" data-animate=\"fadeInUp\">\n\t\t\t\t\t\t<div class=\"col-inner\">\n\t\t\t\t\t\t\n<div class=\"badge-container badge-custom absolute right top z-1\">\n\n<\/div>\n\t\t\t\t\t\t<div class=\"product-small box has-hover box-vertical box-text-bottom\">\n\t\t\t\t\t\t\t<div class=\"box-image\" >\n\t\t\t\t\t\t\t\t<div class=\"\" >\n\t\t\t\t\t\t\t\t\t<a href=\"https:\/\/schaumweinkontor.com\/en\/produkt\/mansalto-stroncoli-igt-toscana-rosso-2019-6-l-methusalem\/\" aria-label=\"Mansalto Stroncoli IGT Toscana Rosso 2019 6 L Methusalem\">\n\t\t\t\t\t\t\t\t\t\t<img loading=\"lazy\" decoding=\"async\" width=\"300\" height=\"300\" src=\"https:\/\/schaumweinkontor.com\/wp-content\/uploads\/2023\/04\/Mansalto-Stroncoli_1000x1000-px-300x300.png\" class=\"attachment-medium size-medium\" alt=\"Mansalto Stroncoli IGT Toscana Rosso 2019 6 L Methusalem\" srcset=\"https:\/\/schaumweinkontor.com\/wp-content\/uploads\/2023\/04\/Mansalto-Stroncoli_1000x1000-px-300x300.png 300w, https:\/\/schaumweinkontor.com\/wp-content\/uploads\/2023\/04\/Mansalto-Stroncoli_1000x1000-px-100x100.png 100w, https:\/\/schaumweinkontor.com\/wp-content\/uploads\/2023\/04\/Mansalto-Stroncoli_1000x1000-px-510x510.png 510w, https:\/\/schaumweinkontor.com\/wp-content\/uploads\/2023\/04\/Mansalto-Stroncoli_1000x1000-px-150x150.png 150w, https:\/\/schaumweinkontor.com\/wp-content\/uploads\/2023\/04\/Mansalto-Stroncoli_1000x1000-px-768x768.png 768w, https:\/\/schaumweinkontor.com\/wp-content\/uploads\/2023\/04\/Mansalto-Stroncoli_1000x1000-px.png 1000w\" sizes=\"auto, (max-width: 300px) 100vw, 300px\" \/>\t\t\t\t\t\t\t\t\t<\/a>\n\t\t\t\t\t\t\t\t\t\t\t\t\t\t\t\t\t\t \t\t\t\t\t\t\t\t<\/div>\n\t\t\t\t\t\t\t\t<div class=\"image-tools top right show-on-hover\">\n\t\t\t\t\t\t\t\t\t\t\t\t\t\t\t\t\t<\/div>\n\t\t\t\t\t\t\t\t\t\t\t\t\t\t\t\t\t<div class=\"image-tools grid-tools text-center hide-for-small bottom hover-slide-in show-on-hover\">\n\t\t\t\t\t\t\t\t\t\t\t\t\t\t\t\t\t\t\t<\/div>\n\t\t\t\t\t\t\t\t\t\t\t\t\t\t\t\t\t\t\t\t\t\t\t<\/div>\n\n\t\t\t\t\t\t\t<div class=\"box-text text-center\" style=\"padding:0px 0px px 0px;\">\n\t\t\t\t\t\t\t\t<div class=\"title-wrapper\">\t\t<p class=\"category uppercase is-smaller no-text-overflow product-cat op-7\">\n\t\t\tMansalto\t\t<\/p>\n\t<p class=\"name product-title woocommerce-loop-product__title\"><a href=\"https:\/\/schaumweinkontor.com\/en\/produkt\/mansalto-stroncoli-igt-toscana-rosso-2019-6-l-methusalem\/\" class=\"woocommerce-LoopProduct-link woocommerce-loop-product__link\">Mansalto Stroncoli IGT Toscana Rosso 2019 6 L Methusalem<\/a><\/p><\/div><div class=\"price-wrapper\">\n\t<span class=\"price\"><span class=\"woocommerce-Price-amount amount\" role=\"none\"><bdi><span class=\"woocommerce-Price-currencySymbol\">&euro;<\/span>&nbsp;238,00<\/bdi><\/span> <small class=\"woocommerce-price-suffix\">inkl. MwSt.<\/small><\/span>\n<\/div><div class=\"add-to-cart-button\"><a href=\"\/en\/wp-json\/wp\/v2\/pages\/4628?add-to-cart=4683\" aria-describedby=\"woocommerce_loop_add_to_cart_link_describedby_4683\" data-quantity=\"1\" class=\"primary is-small mb-0 button product_type_simple add_to_cart_button ajax_add_to_cart is-outline\" data-product_id=\"4683\" data-product_sku=\"100300291\" aria-label=\"Add to cart: &ldquo;Mansalto Stroncoli IGT Toscana Rosso 2019 6 L Methusalem&rdquo;\" rel=\"nofollow\" data-success_message=\"&ldquo;Mansalto Stroncoli IGT Toscana Rosso 2019 6 L Methusalem&rdquo; has been added to your cart\" role=\"button\">Add to cart<\/a><\/div>\t<span id=\"woocommerce_loop_add_to_cart_link_describedby_4683\" class=\"screen-reader-text\">\n\t\t\t<\/span>\n\t\t\t\t\t\t\t<\/div>\n\t\t\t\t\t\t<\/div>\n\t\t\t\t\t\t<\/div>\n\t\t\t\t\t<\/div><\/div>\n\n\n  \n    <div class=\"row  equalize-box show-for-medium hide-for-small large-columns-3 medium-columns-2 small-columns-1 row-large has-shadow row-box-shadow-2 row-box-shadow-4-hover\" >\n  \t\n\t     <div class=\"col\" data-animate=\"fadeInUp\">\n\t\t\t\t\t\t<div class=\"col-inner\">\n\t\t\t\t\t\t\n<div class=\"badge-container badge-custom absolute right top z-1\">\n\n<\/div>\n\t\t\t\t\t\t<div class=\"product-small box has-hover box-vertical box-text-bottom\">\n\t\t\t\t\t\t\t<div class=\"box-image\" >\n\t\t\t\t\t\t\t\t<div class=\"\" >\n\t\t\t\t\t\t\t\t\t<a href=\"https:\/\/schaumweinkontor.com\/en\/produkt\/mansalto-la-commenda-chianti-docg-2020-075-l\/\" aria-label=\"Mansalto La Commenda Chianti DOCG 2020 0,75 L\">\n\t\t\t\t\t\t\t\t\t\t<img loading=\"lazy\" decoding=\"async\" width=\"300\" height=\"300\" src=\"https:\/\/schaumweinkontor.com\/wp-content\/uploads\/2023\/04\/Mansalto-La-Commenda-Chianti_1000x1000-px-300x300.png\" class=\"attachment-medium size-medium\" alt=\"Mansalto La Commenda Chianti DOCG 2020 0,75 L\" srcset=\"https:\/\/schaumweinkontor.com\/wp-content\/uploads\/2023\/04\/Mansalto-La-Commenda-Chianti_1000x1000-px-300x300.png 300w, https:\/\/schaumweinkontor.com\/wp-content\/uploads\/2023\/04\/Mansalto-La-Commenda-Chianti_1000x1000-px-100x100.png 100w, https:\/\/schaumweinkontor.com\/wp-content\/uploads\/2023\/04\/Mansalto-La-Commenda-Chianti_1000x1000-px-510x510.png 510w, https:\/\/schaumweinkontor.com\/wp-content\/uploads\/2023\/04\/Mansalto-La-Commenda-Chianti_1000x1000-px-150x150.png 150w, https:\/\/schaumweinkontor.com\/wp-content\/uploads\/2023\/04\/Mansalto-La-Commenda-Chianti_1000x1000-px-768x768.png 768w, https:\/\/schaumweinkontor.com\/wp-content\/uploads\/2023\/04\/Mansalto-La-Commenda-Chianti_1000x1000-px.png 1000w\" sizes=\"auto, (max-width: 300px) 100vw, 300px\" \/>\t\t\t\t\t\t\t\t\t<\/a>\n\t\t\t\t\t\t\t\t\t\t\t\t\t\t\t\t\t\t \t\t\t\t\t\t\t\t<\/div>\n\t\t\t\t\t\t\t\t<div class=\"image-tools top right show-on-hover\">\n\t\t\t\t\t\t\t\t\t\t\t\t\t\t\t\t\t<\/div>\n\t\t\t\t\t\t\t\t\t\t\t\t\t\t\t\t\t<div class=\"image-tools grid-tools text-center hide-for-small bottom hover-slide-in show-on-hover\">\n\t\t\t\t\t\t\t\t\t\t\t\t\t\t\t\t\t\t\t<\/div>\n\t\t\t\t\t\t\t\t\t\t\t\t\t\t\t\t\t\t\t\t\t\t\t<\/div>\n\n\t\t\t\t\t\t\t<div class=\"box-text text-center\" style=\"padding:0px 0px px 0px;\">\n\t\t\t\t\t\t\t\t<div class=\"title-wrapper\">\t\t<p class=\"category uppercase is-smaller no-text-overflow product-cat op-7\">\n\t\t\tMansalto\t\t<\/p>\n\t<p class=\"name product-title woocommerce-loop-product__title\"><a href=\"https:\/\/schaumweinkontor.com\/en\/produkt\/mansalto-la-commenda-chianti-docg-2020-075-l\/\" class=\"woocommerce-LoopProduct-link woocommerce-loop-product__link\">Mansalto La Commenda Chianti DOCG 2020 0,75 L<\/a><\/p><\/div><div class=\"price-wrapper\">\n\t<span class=\"price\"><span class=\"woocommerce-Price-amount amount\" role=\"none\"><bdi><span class=\"woocommerce-Price-currencySymbol\">&euro;<\/span>&nbsp;9,20<\/bdi><\/span> <small class=\"woocommerce-price-suffix\">inkl. MwSt.<\/small><\/span>\n<\/div><div class=\"add-to-cart-button\"><a href=\"\/en\/wp-json\/wp\/v2\/pages\/4628?add-to-cart=4689\" aria-describedby=\"woocommerce_loop_add_to_cart_link_describedby_4689\" data-quantity=\"1\" class=\"primary is-small mb-0 button product_type_simple add_to_cart_button ajax_add_to_cart is-outline\" data-product_id=\"4689\" data-product_sku=\"100300287\" aria-label=\"Add to cart: &ldquo;Mansalto La Commenda Chianti DOCG 2020 0,75 L&rdquo;\" rel=\"nofollow\" data-success_message=\"&ldquo;Mansalto La Commenda Chianti DOCG 2020 0,75 L&rdquo; has been added to your cart\" role=\"button\">Add to cart<\/a><\/div>\t<span id=\"woocommerce_loop_add_to_cart_link_describedby_4689\" class=\"screen-reader-text\">\n\t\t\t<\/span>\n\t\t\t\t\t\t\t<\/div>\n\t\t\t\t\t\t<\/div>\n\t\t\t\t\t\t<\/div>\n\t\t\t\t\t<\/div><div class=\"col\" data-animate=\"fadeInUp\">\n\t\t\t\t\t\t<div class=\"col-inner\">\n\t\t\t\t\t\t\n<div class=\"badge-container badge-custom absolute right top z-1\">\n\n<\/div>\n\t\t\t\t\t\t<div class=\"product-small box has-hover box-vertical box-text-bottom\">\n\t\t\t\t\t\t\t<div class=\"box-image\" >\n\t\t\t\t\t\t\t\t<div class=\"\" >\n\t\t\t\t\t\t\t\t\t<a href=\"https:\/\/schaumweinkontor.com\/en\/produkt\/mansalto-stroncoli-igt-toscana-rosso-2019-075-l-copy\/\" aria-label=\"Mansalto Palazzuolo Spumante Brut 0,75 L\">\n\t\t\t\t\t\t\t\t\t\t<img loading=\"lazy\" decoding=\"async\" width=\"300\" height=\"300\" src=\"https:\/\/schaumweinkontor.com\/wp-content\/uploads\/2024\/04\/Palazzuolo-Mansalto-300x300.png\" class=\"attachment-medium size-medium\" alt=\"Mansalto Palazzuolo Spumante Brut 0,75 L\" srcset=\"https:\/\/schaumweinkontor.com\/wp-content\/uploads\/2024\/04\/Palazzuolo-Mansalto-300x300.png 300w, https:\/\/schaumweinkontor.com\/wp-content\/uploads\/2024\/04\/Palazzuolo-Mansalto-100x100.png 100w, https:\/\/schaumweinkontor.com\/wp-content\/uploads\/2024\/04\/Palazzuolo-Mansalto-510x510.png 510w, https:\/\/schaumweinkontor.com\/wp-content\/uploads\/2024\/04\/Palazzuolo-Mansalto-150x150.png 150w, https:\/\/schaumweinkontor.com\/wp-content\/uploads\/2024\/04\/Palazzuolo-Mansalto-768x768.png 768w, https:\/\/schaumweinkontor.com\/wp-content\/uploads\/2024\/04\/Palazzuolo-Mansalto.png 1000w\" sizes=\"auto, (max-width: 300px) 100vw, 300px\" \/>\t\t\t\t\t\t\t\t\t<\/a>\n\t\t\t\t\t\t\t\t\t\t\t\t\t\t\t\t\t\t \t\t\t\t\t\t\t\t<\/div>\n\t\t\t\t\t\t\t\t<div class=\"image-tools top right show-on-hover\">\n\t\t\t\t\t\t\t\t\t\t\t\t\t\t\t\t\t<\/div>\n\t\t\t\t\t\t\t\t\t\t\t\t\t\t\t\t\t<div class=\"image-tools grid-tools text-center hide-for-small bottom hover-slide-in show-on-hover\">\n\t\t\t\t\t\t\t\t\t\t\t\t\t\t\t\t\t\t\t<\/div>\n\t\t\t\t\t\t\t\t\t\t\t\t\t\t\t\t\t\t\t\t\t\t\t<\/div>\n\n\t\t\t\t\t\t\t<div class=\"box-text text-center\" style=\"padding:0px 0px px 0px;\">\n\t\t\t\t\t\t\t\t<div class=\"title-wrapper\">\t\t<p class=\"category uppercase is-smaller no-text-overflow product-cat op-7\">\n\t\t\tMansalto\t\t<\/p>\n\t<p class=\"name product-title woocommerce-loop-product__title\"><a href=\"https:\/\/schaumweinkontor.com\/en\/produkt\/mansalto-stroncoli-igt-toscana-rosso-2019-075-l-copy\/\" class=\"woocommerce-LoopProduct-link woocommerce-loop-product__link\">Mansalto Palazzuolo Spumante Brut 0,75 L<\/a><\/p><\/div><div class=\"price-wrapper\">\n\t<span class=\"price\"><span class=\"woocommerce-Price-amount amount\" role=\"none\"><bdi><span class=\"woocommerce-Price-currencySymbol\">&euro;<\/span>&nbsp;12,00<\/bdi><\/span> <small class=\"woocommerce-price-suffix\">inkl. MwSt.<\/small><\/span>\n<\/div><div class=\"add-to-cart-button\"><a href=\"\/en\/wp-json\/wp\/v2\/pages\/4628?add-to-cart=5226\" aria-describedby=\"woocommerce_loop_add_to_cart_link_describedby_5226\" data-quantity=\"1\" class=\"primary is-small mb-0 button product_type_simple add_to_cart_button ajax_add_to_cart is-outline\" data-product_id=\"5226\" data-product_sku=\"100300289\" aria-label=\"Add to cart: &ldquo;Mansalto Palazzuolo Spumante Brut 0,75 L&rdquo;\" rel=\"nofollow\" data-success_message=\"&ldquo;Mansalto Palazzuolo Spumante Brut 0,75 L&rdquo; has been added to your cart\" role=\"button\">Add to cart<\/a><\/div>\t<span id=\"woocommerce_loop_add_to_cart_link_describedby_5226\" class=\"screen-reader-text\">\n\t\t\t<\/span>\n\t\t\t\t\t\t\t<\/div>\n\t\t\t\t\t\t<\/div>\n\t\t\t\t\t\t<\/div>\n\t\t\t\t\t<\/div><div class=\"col\" data-animate=\"fadeInUp\">\n\t\t\t\t\t\t<div class=\"col-inner\">\n\t\t\t\t\t\t\n<div class=\"badge-container badge-custom absolute right top z-1\">\n\n<\/div>\n\t\t\t\t\t\t<div class=\"product-small box has-hover box-vertical box-text-bottom\">\n\t\t\t\t\t\t\t<div class=\"box-image\" >\n\t\t\t\t\t\t\t\t<div class=\"\" >\n\t\t\t\t\t\t\t\t\t<a href=\"https:\/\/schaumweinkontor.com\/en\/produkt\/mansalto-castello-rapale-igt-toscana-rosso-2019-075-l\/\" aria-label=\"Mansalto Castello Rapale IGT Toscana Rosso 2019 0,75 L\">\n\t\t\t\t\t\t\t\t\t\t<img loading=\"lazy\" decoding=\"async\" width=\"300\" height=\"300\" src=\"https:\/\/schaumweinkontor.com\/wp-content\/uploads\/2023\/04\/Masalto-Castello-Rapale_1000x1000-px-300x300.png\" class=\"attachment-medium size-medium\" alt=\"Mansalto Castello Rapale IGT Toscana Rosso 2019 0,75 L\" srcset=\"https:\/\/schaumweinkontor.com\/wp-content\/uploads\/2023\/04\/Masalto-Castello-Rapale_1000x1000-px-300x300.png 300w, https:\/\/schaumweinkontor.com\/wp-content\/uploads\/2023\/04\/Masalto-Castello-Rapale_1000x1000-px-100x100.png 100w, https:\/\/schaumweinkontor.com\/wp-content\/uploads\/2023\/04\/Masalto-Castello-Rapale_1000x1000-px-510x510.png 510w, https:\/\/schaumweinkontor.com\/wp-content\/uploads\/2023\/04\/Masalto-Castello-Rapale_1000x1000-px-150x150.png 150w, https:\/\/schaumweinkontor.com\/wp-content\/uploads\/2023\/04\/Masalto-Castello-Rapale_1000x1000-px-768x768.png 768w, https:\/\/schaumweinkontor.com\/wp-content\/uploads\/2023\/04\/Masalto-Castello-Rapale_1000x1000-px.png 1000w\" sizes=\"auto, (max-width: 300px) 100vw, 300px\" \/>\t\t\t\t\t\t\t\t\t<\/a>\n\t\t\t\t\t\t\t\t\t\t\t\t\t\t\t\t\t\t \t\t\t\t\t\t\t\t<\/div>\n\t\t\t\t\t\t\t\t<div class=\"image-tools top right show-on-hover\">\n\t\t\t\t\t\t\t\t\t\t\t\t\t\t\t\t\t<\/div>\n\t\t\t\t\t\t\t\t\t\t\t\t\t\t\t\t\t<div class=\"image-tools grid-tools text-center hide-for-small bottom hover-slide-in show-on-hover\">\n\t\t\t\t\t\t\t\t\t\t\t\t\t\t\t\t\t\t\t<\/div>\n\t\t\t\t\t\t\t\t\t\t\t\t\t\t\t\t\t\t\t\t\t\t\t<\/div>\n\n\t\t\t\t\t\t\t<div class=\"box-text text-center\" style=\"padding:0px 0px px 0px;\">\n\t\t\t\t\t\t\t\t<div class=\"title-wrapper\">\t\t<p class=\"category uppercase is-smaller no-text-overflow product-cat op-7\">\n\t\t\tMansalto\t\t<\/p>\n\t<p class=\"name product-title woocommerce-loop-product__title\"><a href=\"https:\/\/schaumweinkontor.com\/en\/produkt\/mansalto-castello-rapale-igt-toscana-rosso-2019-075-l\/\" class=\"woocommerce-LoopProduct-link woocommerce-loop-product__link\">Mansalto Castello Rapale IGT Toscana Rosso 2019 0,75 L<\/a><\/p><\/div><div class=\"price-wrapper\">\n\t<span class=\"price\"><span class=\"woocommerce-Price-amount amount\" role=\"none\"><bdi><span class=\"woocommerce-Price-currencySymbol\">&euro;<\/span>&nbsp;14,00<\/bdi><\/span> <small class=\"woocommerce-price-suffix\">inkl. MwSt.<\/small><\/span>\n<\/div><div class=\"add-to-cart-button\"><a href=\"\/en\/wp-json\/wp\/v2\/pages\/4628?add-to-cart=4688\" aria-describedby=\"woocommerce_loop_add_to_cart_link_describedby_4688\" data-quantity=\"1\" class=\"primary is-small mb-0 button product_type_simple add_to_cart_button ajax_add_to_cart is-outline\" data-product_id=\"4688\" data-product_sku=\"100300288\" aria-label=\"Add to cart: &ldquo;Mansalto Castello Rapale IGT Toscana Rosso 2019 0,75 L&rdquo;\" rel=\"nofollow\" data-success_message=\"&ldquo;Mansalto Castello Rapale IGT Toscana Rosso 2019 0,75 L&rdquo; has been added to your cart\" role=\"button\">Add to cart<\/a><\/div>\t<span id=\"woocommerce_loop_add_to_cart_link_describedby_4688\" class=\"screen-reader-text\">\n\t\t\t<\/span>\n\t\t\t\t\t\t\t<\/div>\n\t\t\t\t\t\t<\/div>\n\t\t\t\t\t\t<\/div>\n\t\t\t\t\t<\/div><div class=\"col\" data-animate=\"fadeInUp\">\n\t\t\t\t\t\t<div class=\"col-inner\">\n\t\t\t\t\t\t\n<div class=\"badge-container badge-custom absolute right top z-1\">\n\n<\/div>\n\t\t\t\t\t\t<div class=\"product-small box has-hover box-vertical box-text-bottom\">\n\t\t\t\t\t\t\t<div class=\"box-image\" >\n\t\t\t\t\t\t\t\t<div class=\"\" >\n\t\t\t\t\t\t\t\t\t<a href=\"https:\/\/schaumweinkontor.com\/en\/produkt\/mansalto-stroncoli-igt-toscana-rosso-2019-075-l-copy-2\/\" aria-label=\"Mansalto Stroncoli IGT Toscana Rosso 2020 0,75 L\">\n\t\t\t\t\t\t\t\t\t\t<img loading=\"lazy\" decoding=\"async\" width=\"300\" height=\"300\" src=\"https:\/\/schaumweinkontor.com\/wp-content\/uploads\/2023\/04\/Mansalto-Stroncoli_1000x1000-px-300x300.png\" class=\"attachment-medium size-medium\" alt=\"Mansalto Stroncoli IGT Toscana Rosso 2020 0,75 L\" srcset=\"https:\/\/schaumweinkontor.com\/wp-content\/uploads\/2023\/04\/Mansalto-Stroncoli_1000x1000-px-300x300.png 300w, https:\/\/schaumweinkontor.com\/wp-content\/uploads\/2023\/04\/Mansalto-Stroncoli_1000x1000-px-100x100.png 100w, https:\/\/schaumweinkontor.com\/wp-content\/uploads\/2023\/04\/Mansalto-Stroncoli_1000x1000-px-510x510.png 510w, https:\/\/schaumweinkontor.com\/wp-content\/uploads\/2023\/04\/Mansalto-Stroncoli_1000x1000-px-150x150.png 150w, https:\/\/schaumweinkontor.com\/wp-content\/uploads\/2023\/04\/Mansalto-Stroncoli_1000x1000-px-768x768.png 768w, https:\/\/schaumweinkontor.com\/wp-content\/uploads\/2023\/04\/Mansalto-Stroncoli_1000x1000-px.png 1000w\" sizes=\"auto, (max-width: 300px) 100vw, 300px\" \/>\t\t\t\t\t\t\t\t\t<\/a>\n\t\t\t\t\t\t\t\t\t\t\t\t\t\t\t\t\t\t \t\t\t\t\t\t\t\t<\/div>\n\t\t\t\t\t\t\t\t<div class=\"image-tools top right show-on-hover\">\n\t\t\t\t\t\t\t\t\t\t\t\t\t\t\t\t\t<\/div>\n\t\t\t\t\t\t\t\t\t\t\t\t\t\t\t\t\t<div class=\"image-tools grid-tools text-center hide-for-small bottom hover-slide-in show-on-hover\">\n\t\t\t\t\t\t\t\t\t\t\t\t\t\t\t\t\t\t\t<\/div>\n\t\t\t\t\t\t\t\t\t\t\t\t\t\t\t\t\t\t\t\t\t\t\t<\/div>\n\n\t\t\t\t\t\t\t<div class=\"box-text text-center\" style=\"padding:0px 0px px 0px;\">\n\t\t\t\t\t\t\t\t<div class=\"title-wrapper\">\t\t<p class=\"category uppercase is-smaller no-text-overflow product-cat op-7\">\n\t\t\tMansalto\t\t<\/p>\n\t<p class=\"name product-title woocommerce-loop-product__title\"><a href=\"https:\/\/schaumweinkontor.com\/en\/produkt\/mansalto-stroncoli-igt-toscana-rosso-2019-075-l-copy-2\/\" class=\"woocommerce-LoopProduct-link woocommerce-loop-product__link\">Mansalto Stroncoli IGT Toscana Rosso 2020 0,75 L<\/a><\/p><\/div><div class=\"price-wrapper\">\n\t<span class=\"price\"><span class=\"woocommerce-Price-amount amount\" role=\"none\"><bdi><span class=\"woocommerce-Price-currencySymbol\">&euro;<\/span>&nbsp;21,00<\/bdi><\/span> <small class=\"woocommerce-price-suffix\">inkl. MwSt.<\/small><\/span>\n<\/div><div class=\"add-to-cart-button\"><a href=\"\/en\/wp-json\/wp\/v2\/pages\/4628?add-to-cart=6072\" aria-describedby=\"woocommerce_loop_add_to_cart_link_describedby_6072\" data-quantity=\"1\" class=\"primary is-small mb-0 button product_type_simple add_to_cart_button ajax_add_to_cart is-outline\" data-product_id=\"6072\" data-product_sku=\"100300290\" aria-label=\"Add to cart: &ldquo;Mansalto Stroncoli IGT Toscana Rosso 2020 0,75 L&rdquo;\" rel=\"nofollow\" data-success_message=\"&ldquo;Mansalto Stroncoli IGT Toscana Rosso 2020 0,75 L&rdquo; has been added to your cart\" role=\"button\">Add to cart<\/a><\/div>\t<span id=\"woocommerce_loop_add_to_cart_link_describedby_6072\" class=\"screen-reader-text\">\n\t\t\t<\/span>\n\t\t\t\t\t\t\t<\/div>\n\t\t\t\t\t\t<\/div>\n\t\t\t\t\t\t<\/div>\n\t\t\t\t\t<\/div><div class=\"col\" data-animate=\"fadeInUp\">\n\t\t\t\t\t\t<div class=\"col-inner\">\n\t\t\t\t\t\t\n<div class=\"badge-container badge-custom absolute right top z-1\">\n\n<\/div>\n\t\t\t\t\t\t<div class=\"product-small box has-hover box-vertical box-text-bottom\">\n\t\t\t\t\t\t\t<div class=\"box-image\" >\n\t\t\t\t\t\t\t\t<div class=\"\" >\n\t\t\t\t\t\t\t\t\t<a href=\"https:\/\/schaumweinkontor.com\/en\/produkt\/mansalto-butia-igt-toscana-sangiovese-2020-075-l\/\" aria-label=\"Mansalto Butia IGT Toscana Sangiovese 2020 0,75 L\">\n\t\t\t\t\t\t\t\t\t\t<img loading=\"lazy\" decoding=\"async\" width=\"300\" height=\"300\" src=\"https:\/\/schaumweinkontor.com\/wp-content\/uploads\/2023\/04\/Mansalto-Butia-IGT_1000x1000-px-300x300.png\" class=\"attachment-medium size-medium\" alt=\"Mansalto Butia IGT Toscana Sangiovese 2020 0,75 L\" srcset=\"https:\/\/schaumweinkontor.com\/wp-content\/uploads\/2023\/04\/Mansalto-Butia-IGT_1000x1000-px-300x300.png 300w, https:\/\/schaumweinkontor.com\/wp-content\/uploads\/2023\/04\/Mansalto-Butia-IGT_1000x1000-px-100x100.png 100w, https:\/\/schaumweinkontor.com\/wp-content\/uploads\/2023\/04\/Mansalto-Butia-IGT_1000x1000-px-510x510.png 510w, https:\/\/schaumweinkontor.com\/wp-content\/uploads\/2023\/04\/Mansalto-Butia-IGT_1000x1000-px-150x150.png 150w, https:\/\/schaumweinkontor.com\/wp-content\/uploads\/2023\/04\/Mansalto-Butia-IGT_1000x1000-px-768x768.png 768w, https:\/\/schaumweinkontor.com\/wp-content\/uploads\/2023\/04\/Mansalto-Butia-IGT_1000x1000-px.png 1000w\" sizes=\"auto, (max-width: 300px) 100vw, 300px\" \/>\t\t\t\t\t\t\t\t\t<\/a>\n\t\t\t\t\t\t\t\t\t\t\t\t\t\t\t\t\t\t \t\t\t\t\t\t\t\t<\/div>\n\t\t\t\t\t\t\t\t<div class=\"image-tools top right show-on-hover\">\n\t\t\t\t\t\t\t\t\t\t\t\t\t\t\t\t\t<\/div>\n\t\t\t\t\t\t\t\t\t\t\t\t\t\t\t\t\t<div class=\"image-tools grid-tools text-center hide-for-small bottom hover-slide-in show-on-hover\">\n\t\t\t\t\t\t\t\t\t\t\t\t\t\t\t\t\t\t\t<\/div>\n\t\t\t\t\t\t\t\t\t\t\t\t\t\t\t\t\t\t\t\t\t\t\t<\/div>\n\n\t\t\t\t\t\t\t<div class=\"box-text text-center\" style=\"padding:0px 0px px 0px;\">\n\t\t\t\t\t\t\t\t<div class=\"title-wrapper\">\t\t<p class=\"category uppercase is-smaller no-text-overflow product-cat op-7\">\n\t\t\tMansalto\t\t<\/p>\n\t<p class=\"name product-title woocommerce-loop-product__title\"><a href=\"https:\/\/schaumweinkontor.com\/en\/produkt\/mansalto-butia-igt-toscana-sangiovese-2020-075-l\/\" class=\"woocommerce-LoopProduct-link woocommerce-loop-product__link\">Mansalto Butia IGT Toscana Sangiovese 2020 0,75 L<\/a><\/p><\/div><div class=\"price-wrapper\">\n\t<span class=\"price\"><span class=\"woocommerce-Price-amount amount\" role=\"none\"><bdi><span class=\"woocommerce-Price-currencySymbol\">&euro;<\/span>&nbsp;32,00<\/bdi><\/span> <small class=\"woocommerce-price-suffix\">inkl. MwSt.<\/small><\/span>\n<\/div><div class=\"add-to-cart-button\"><a href=\"\/en\/wp-json\/wp\/v2\/pages\/4628?add-to-cart=4687\" aria-describedby=\"woocommerce_loop_add_to_cart_link_describedby_4687\" data-quantity=\"1\" class=\"primary is-small mb-0 button product_type_simple add_to_cart_button ajax_add_to_cart is-outline\" data-product_id=\"4687\" data-product_sku=\"100300283\" aria-label=\"Add to cart: &ldquo;Mansalto Butia IGT Toscana Sangiovese 2020 0,75 L&rdquo;\" rel=\"nofollow\" data-success_message=\"&ldquo;Mansalto Butia IGT Toscana Sangiovese 2020 0,75 L&rdquo; has been added to your cart\" role=\"button\">Add to cart<\/a><\/div>\t<span id=\"woocommerce_loop_add_to_cart_link_describedby_4687\" class=\"screen-reader-text\">\n\t\t\t<\/span>\n\t\t\t\t\t\t\t<\/div>\n\t\t\t\t\t\t<\/div>\n\t\t\t\t\t\t<\/div>\n\t\t\t\t\t<\/div><div class=\"col\" data-animate=\"fadeInUp\">\n\t\t\t\t\t\t<div class=\"col-inner\">\n\t\t\t\t\t\t\n<div class=\"badge-container badge-custom absolute right top z-1\">\n\n<\/div>\n\t\t\t\t\t\t<div class=\"product-small box has-hover box-vertical box-text-bottom\">\n\t\t\t\t\t\t\t<div class=\"box-image\" >\n\t\t\t\t\t\t\t\t<div class=\"\" >\n\t\t\t\t\t\t\t\t\t<a href=\"https:\/\/schaumweinkontor.com\/en\/produkt\/mansalto-stroncoli-igt-toscana-rosso-2019-15-l-magnum\/\" aria-label=\"Mansalto Stroncoli IGT Toscana Rosso 2019 1,5 L Magnum\">\n\t\t\t\t\t\t\t\t\t\t<img loading=\"lazy\" decoding=\"async\" width=\"300\" height=\"300\" src=\"https:\/\/schaumweinkontor.com\/wp-content\/uploads\/2023\/04\/Mansalto-Stroncoli_1000x1000-px-300x300.png\" class=\"attachment-medium size-medium\" alt=\"Mansalto Stroncoli IGT Toscana Rosso 2019 1,5 L Magnum\" srcset=\"https:\/\/schaumweinkontor.com\/wp-content\/uploads\/2023\/04\/Mansalto-Stroncoli_1000x1000-px-300x300.png 300w, https:\/\/schaumweinkontor.com\/wp-content\/uploads\/2023\/04\/Mansalto-Stroncoli_1000x1000-px-100x100.png 100w, https:\/\/schaumweinkontor.com\/wp-content\/uploads\/2023\/04\/Mansalto-Stroncoli_1000x1000-px-510x510.png 510w, https:\/\/schaumweinkontor.com\/wp-content\/uploads\/2023\/04\/Mansalto-Stroncoli_1000x1000-px-150x150.png 150w, https:\/\/schaumweinkontor.com\/wp-content\/uploads\/2023\/04\/Mansalto-Stroncoli_1000x1000-px-768x768.png 768w, https:\/\/schaumweinkontor.com\/wp-content\/uploads\/2023\/04\/Mansalto-Stroncoli_1000x1000-px.png 1000w\" sizes=\"auto, (max-width: 300px) 100vw, 300px\" \/>\t\t\t\t\t\t\t\t\t<\/a>\n\t\t\t\t\t\t\t\t\t\t\t\t\t\t\t\t\t\t \t\t\t\t\t\t\t\t<\/div>\n\t\t\t\t\t\t\t\t<div class=\"image-tools top right show-on-hover\">\n\t\t\t\t\t\t\t\t\t\t\t\t\t\t\t\t\t<\/div>\n\t\t\t\t\t\t\t\t\t\t\t\t\t\t\t\t\t<div class=\"image-tools grid-tools text-center hide-for-small bottom hover-slide-in show-on-hover\">\n\t\t\t\t\t\t\t\t\t\t\t\t\t\t\t\t\t\t\t<\/div>\n\t\t\t\t\t\t\t\t\t\t\t\t\t\t\t\t\t\t\t\t\t\t\t<\/div>\n\n\t\t\t\t\t\t\t<div class=\"box-text text-center\" style=\"padding:0px 0px px 0px;\">\n\t\t\t\t\t\t\t\t<div class=\"title-wrapper\">\t\t<p class=\"category uppercase is-smaller no-text-overflow product-cat op-7\">\n\t\t\tMansalto\t\t<\/p>\n\t<p class=\"name product-title woocommerce-loop-product__title\"><a href=\"https:\/\/schaumweinkontor.com\/en\/produkt\/mansalto-stroncoli-igt-toscana-rosso-2019-15-l-magnum\/\" class=\"woocommerce-LoopProduct-link woocommerce-loop-product__link\">Mansalto Stroncoli IGT Toscana Rosso 2019 1,5 L Magnum<\/a><\/p><\/div><div class=\"price-wrapper\">\n\t<span class=\"price\"><span class=\"woocommerce-Price-amount amount\" role=\"none\"><bdi><span class=\"woocommerce-Price-currencySymbol\">&euro;<\/span>&nbsp;45,50<\/bdi><\/span> <small class=\"woocommerce-price-suffix\">inkl. MwSt.<\/small><\/span>\n<\/div><div class=\"add-to-cart-button\"><a href=\"\/en\/wp-json\/wp\/v2\/pages\/4628?add-to-cart=4685\" aria-describedby=\"woocommerce_loop_add_to_cart_link_describedby_4685\" data-quantity=\"1\" class=\"primary is-small mb-0 button product_type_simple add_to_cart_button ajax_add_to_cart is-outline\" data-product_id=\"4685\" data-product_sku=\"100300284\" aria-label=\"Add to cart: &ldquo;Mansalto Stroncoli IGT Toscana Rosso 2019 1,5 L Magnum&rdquo;\" rel=\"nofollow\" data-success_message=\"&ldquo;Mansalto Stroncoli IGT Toscana Rosso 2019 1,5 L Magnum&rdquo; has been added to your cart\" role=\"button\">Add to cart<\/a><\/div>\t<span id=\"woocommerce_loop_add_to_cart_link_describedby_4685\" class=\"screen-reader-text\">\n\t\t\t<\/span>\n\t\t\t\t\t\t\t<\/div>\n\t\t\t\t\t\t<\/div>\n\t\t\t\t\t\t<\/div>\n\t\t\t\t\t<\/div><div class=\"col\" data-animate=\"fadeInUp\">\n\t\t\t\t\t\t<div class=\"col-inner\">\n\t\t\t\t\t\t\n<div class=\"badge-container badge-custom absolute right top z-1\">\n\n<\/div>\n\t\t\t\t\t\t<div class=\"product-small box has-hover box-vertical box-text-bottom\">\n\t\t\t\t\t\t\t<div class=\"box-image\" >\n\t\t\t\t\t\t\t\t<div class=\"\" >\n\t\t\t\t\t\t\t\t\t<a href=\"https:\/\/schaumweinkontor.com\/en\/produkt\/mansalto-stroncoli-igt-toscana-rosso-2019-3-l-jeroboam\/\" aria-label=\"Mansalto Stroncoli IGT Toscana Rosso 2019 3 L Jeroboam\">\n\t\t\t\t\t\t\t\t\t\t<img loading=\"lazy\" decoding=\"async\" width=\"300\" height=\"300\" src=\"https:\/\/schaumweinkontor.com\/wp-content\/uploads\/2023\/04\/Mansalto-Stroncoli_1000x1000-px-300x300.png\" class=\"attachment-medium size-medium\" alt=\"Mansalto Stroncoli IGT Toscana Rosso 2019 3 L Jeroboam\" srcset=\"https:\/\/schaumweinkontor.com\/wp-content\/uploads\/2023\/04\/Mansalto-Stroncoli_1000x1000-px-300x300.png 300w, https:\/\/schaumweinkontor.com\/wp-content\/uploads\/2023\/04\/Mansalto-Stroncoli_1000x1000-px-100x100.png 100w, https:\/\/schaumweinkontor.com\/wp-content\/uploads\/2023\/04\/Mansalto-Stroncoli_1000x1000-px-510x510.png 510w, https:\/\/schaumweinkontor.com\/wp-content\/uploads\/2023\/04\/Mansalto-Stroncoli_1000x1000-px-150x150.png 150w, https:\/\/schaumweinkontor.com\/wp-content\/uploads\/2023\/04\/Mansalto-Stroncoli_1000x1000-px-768x768.png 768w, https:\/\/schaumweinkontor.com\/wp-content\/uploads\/2023\/04\/Mansalto-Stroncoli_1000x1000-px.png 1000w\" sizes=\"auto, (max-width: 300px) 100vw, 300px\" \/>\t\t\t\t\t\t\t\t\t<\/a>\n\t\t\t\t\t\t\t\t\t\t\t\t\t\t\t\t\t\t \t\t\t\t\t\t\t\t<\/div>\n\t\t\t\t\t\t\t\t<div class=\"image-tools top right show-on-hover\">\n\t\t\t\t\t\t\t\t\t\t\t\t\t\t\t\t\t<\/div>\n\t\t\t\t\t\t\t\t\t\t\t\t\t\t\t\t\t<div class=\"image-tools grid-tools text-center hide-for-small bottom hover-slide-in show-on-hover\">\n\t\t\t\t\t\t\t\t\t\t\t\t\t\t\t\t\t\t\t<\/div>\n\t\t\t\t\t\t\t\t\t\t\t\t\t\t\t\t\t\t\t\t\t\t\t<\/div>\n\n\t\t\t\t\t\t\t<div class=\"box-text text-center\" style=\"padding:0px 0px px 0px;\">\n\t\t\t\t\t\t\t\t<div class=\"title-wrapper\">\t\t<p class=\"category uppercase is-smaller no-text-overflow product-cat op-7\">\n\t\t\tMansalto\t\t<\/p>\n\t<p class=\"name product-title woocommerce-loop-product__title\"><a href=\"https:\/\/schaumweinkontor.com\/en\/produkt\/mansalto-stroncoli-igt-toscana-rosso-2019-3-l-jeroboam\/\" class=\"woocommerce-LoopProduct-link woocommerce-loop-product__link\">Mansalto Stroncoli IGT Toscana Rosso 2019 3 L Jeroboam<\/a><\/p><\/div><div class=\"price-wrapper\">\n\t<span class=\"price\"><span class=\"woocommerce-Price-amount amount\" role=\"none\"><bdi><span class=\"woocommerce-Price-currencySymbol\">&euro;<\/span>&nbsp;108,00<\/bdi><\/span> <small class=\"woocommerce-price-suffix\">inkl. MwSt.<\/small><\/span>\n<\/div><div class=\"add-to-cart-button\"><a href=\"\/en\/wp-json\/wp\/v2\/pages\/4628?add-to-cart=4684\" aria-describedby=\"woocommerce_loop_add_to_cart_link_describedby_4684\" data-quantity=\"1\" class=\"primary is-small mb-0 button product_type_simple add_to_cart_button ajax_add_to_cart is-outline\" data-product_id=\"4684\" data-product_sku=\"100300285\" aria-label=\"Add to cart: &ldquo;Mansalto Stroncoli IGT Toscana Rosso 2019 3 L Jeroboam&rdquo;\" rel=\"nofollow\" data-success_message=\"&ldquo;Mansalto Stroncoli IGT Toscana Rosso 2019 3 L Jeroboam&rdquo; has been added to your cart\" role=\"button\">Add to cart<\/a><\/div>\t<span id=\"woocommerce_loop_add_to_cart_link_describedby_4684\" class=\"screen-reader-text\">\n\t\t\t<\/span>\n\t\t\t\t\t\t\t<\/div>\n\t\t\t\t\t\t<\/div>\n\t\t\t\t\t\t<\/div>\n\t\t\t\t\t<\/div><div class=\"col\" data-animate=\"fadeInUp\">\n\t\t\t\t\t\t<div class=\"col-inner\">\n\t\t\t\t\t\t\n<div class=\"badge-container badge-custom absolute right top z-1\">\n\n<\/div>\n\t\t\t\t\t\t<div class=\"product-small box has-hover box-vertical box-text-bottom\">\n\t\t\t\t\t\t\t<div class=\"box-image\" >\n\t\t\t\t\t\t\t\t<div class=\"\" >\n\t\t\t\t\t\t\t\t\t<a href=\"https:\/\/schaumweinkontor.com\/en\/produkt\/mansalto-stroncoli-igt-toscana-rosso-2019-6-l-methusalem\/\" aria-label=\"Mansalto Stroncoli IGT Toscana Rosso 2019 6 L Methusalem\">\n\t\t\t\t\t\t\t\t\t\t<img loading=\"lazy\" decoding=\"async\" width=\"300\" height=\"300\" src=\"https:\/\/schaumweinkontor.com\/wp-content\/uploads\/2023\/04\/Mansalto-Stroncoli_1000x1000-px-300x300.png\" class=\"attachment-medium size-medium\" alt=\"Mansalto Stroncoli IGT Toscana Rosso 2019 6 L Methusalem\" srcset=\"https:\/\/schaumweinkontor.com\/wp-content\/uploads\/2023\/04\/Mansalto-Stroncoli_1000x1000-px-300x300.png 300w, https:\/\/schaumweinkontor.com\/wp-content\/uploads\/2023\/04\/Mansalto-Stroncoli_1000x1000-px-100x100.png 100w, https:\/\/schaumweinkontor.com\/wp-content\/uploads\/2023\/04\/Mansalto-Stroncoli_1000x1000-px-510x510.png 510w, https:\/\/schaumweinkontor.com\/wp-content\/uploads\/2023\/04\/Mansalto-Stroncoli_1000x1000-px-150x150.png 150w, https:\/\/schaumweinkontor.com\/wp-content\/uploads\/2023\/04\/Mansalto-Stroncoli_1000x1000-px-768x768.png 768w, https:\/\/schaumweinkontor.com\/wp-content\/uploads\/2023\/04\/Mansalto-Stroncoli_1000x1000-px.png 1000w\" sizes=\"auto, (max-width: 300px) 100vw, 300px\" \/>\t\t\t\t\t\t\t\t\t<\/a>\n\t\t\t\t\t\t\t\t\t\t\t\t\t\t\t\t\t\t \t\t\t\t\t\t\t\t<\/div>\n\t\t\t\t\t\t\t\t<div class=\"image-tools top right show-on-hover\">\n\t\t\t\t\t\t\t\t\t\t\t\t\t\t\t\t\t<\/div>\n\t\t\t\t\t\t\t\t\t\t\t\t\t\t\t\t\t<div class=\"image-tools grid-tools text-center hide-for-small bottom hover-slide-in show-on-hover\">\n\t\t\t\t\t\t\t\t\t\t\t\t\t\t\t\t\t\t\t<\/div>\n\t\t\t\t\t\t\t\t\t\t\t\t\t\t\t\t\t\t\t\t\t\t\t<\/div>\n\n\t\t\t\t\t\t\t<div class=\"box-text text-center\" style=\"padding:0px 0px px 0px;\">\n\t\t\t\t\t\t\t\t<div class=\"title-wrapper\">\t\t<p class=\"category uppercase is-smaller no-text-overflow product-cat op-7\">\n\t\t\tMansalto\t\t<\/p>\n\t<p class=\"name product-title woocommerce-loop-product__title\"><a href=\"https:\/\/schaumweinkontor.com\/en\/produkt\/mansalto-stroncoli-igt-toscana-rosso-2019-6-l-methusalem\/\" class=\"woocommerce-LoopProduct-link woocommerce-loop-product__link\">Mansalto Stroncoli IGT Toscana Rosso 2019 6 L Methusalem<\/a><\/p><\/div><div class=\"price-wrapper\">\n\t<span class=\"price\"><span class=\"woocommerce-Price-amount amount\" role=\"none\"><bdi><span class=\"woocommerce-Price-currencySymbol\">&euro;<\/span>&nbsp;238,00<\/bdi><\/span> <small class=\"woocommerce-price-suffix\">inkl. MwSt.<\/small><\/span>\n<\/div><div class=\"add-to-cart-button\"><a href=\"\/en\/wp-json\/wp\/v2\/pages\/4628?add-to-cart=4683\" aria-describedby=\"woocommerce_loop_add_to_cart_link_describedby_4683\" data-quantity=\"1\" class=\"primary is-small mb-0 button product_type_simple add_to_cart_button ajax_add_to_cart is-outline\" data-product_id=\"4683\" data-product_sku=\"100300291\" aria-label=\"Add to cart: &ldquo;Mansalto Stroncoli IGT Toscana Rosso 2019 6 L Methusalem&rdquo;\" rel=\"nofollow\" data-success_message=\"&ldquo;Mansalto Stroncoli IGT Toscana Rosso 2019 6 L Methusalem&rdquo; has been added to your cart\" role=\"button\">Add to cart<\/a><\/div>\t<span id=\"woocommerce_loop_add_to_cart_link_describedby_4683\" class=\"screen-reader-text\">\n\t\t\t<\/span>\n\t\t\t\t\t\t\t<\/div>\n\t\t\t\t\t\t<\/div>\n\t\t\t\t\t\t<\/div>\n\t\t\t\t\t<\/div><\/div>\n\n\n\t\t<\/div>\n\t\t\t\t\t<\/div>\n\n\t\n\n\n<style>\n#row-2028860572 > .col > .col-inner {\n  padding: 15 0px 0px 0px;\n}\n@media (min-width:550px) {\n  #row-2028860572 > .col > .col-inner {\n    padding: 15px 0px 0px 0px;\n  }\n}\n<\/style>\n<\/div>\n<div class=\"is-divider divider clearfix\" style=\"margin-top:3em;margin-bottom:3em;max-width:100%;background-color:rgba(183, 149, 73, 0.459);\"><\/div>\n\n\t<section class=\"section bg_winzer\" id=\"section_734002451\">\n\t\t<div class=\"bg section-bg fill bg-fill  \" >\n\n\t\t\t\n\t\t\t\n\t\t\t\n\n\t\t<\/div>\n\n\t\t\n\n\t\t<div class=\"section-content relative\">\n\t\t\t\n\n<h2 id=\"still-sancarlo-mobile\" class=\"uppercase\" style=\"text-align: center;\"><span style=\"font-size: 90%;\">San Carlo<\/span><\/h2>\n\n\t\t<\/div>\n\n\t\t\n<style>\n#section_734002451 {\n  padding-top: 30px;\n  padding-bottom: 30px;\n}\n#section_734002451 .section-bg.bg-loaded {\n  background-image: url(https:\/\/schaumweinkontor.com\/wp-content\/uploads\/2022\/06\/landscape-illu-gold-transp.png);\n}\n<\/style>\n\t<\/section>\n\t\n<div class=\"row row-full-width align-middle align-center margin-auto\"  id=\"row-418381527\">\n\n\n\t<div id=\"col-1556784729\" class=\"col small-12 large-12\"  >\n\t\t\t\t<div class=\"col-inner\"  >\n\t\t\t\n\t\t\t\n\n\n  \n    <div class=\"row  equalize-box show-for-small large-columns-3 medium-columns- small-columns-1 row-large has-shadow row-box-shadow-2 row-box-shadow-4-hover\" >\n  \t\n\t     <div class=\"col\" data-animate=\"fadeInUp\">\n\t\t\t\t\t\t<div class=\"col-inner\">\n\t\t\t\t\t\t\n<div class=\"badge-container badge-custom absolute right top z-1\">\n\n<\/div>\n\t\t\t\t\t\t<div class=\"product-small box has-hover box-vertical box-text-bottom\">\n\t\t\t\t\t\t\t<div class=\"box-image\" >\n\t\t\t\t\t\t\t\t<div class=\"\" >\n\t\t\t\t\t\t\t\t\t<a href=\"https:\/\/schaumweinkontor.com\/en\/produkt\/villa-san-carlo-valpolicella-ripasso-2019-075-l\/\" aria-label=\"Villa San Carlo Valpolicella Ripasso 2019 0,75 L\">\n\t\t\t\t\t\t\t\t\t\t<img loading=\"lazy\" decoding=\"async\" width=\"300\" height=\"300\" src=\"https:\/\/schaumweinkontor.com\/wp-content\/uploads\/2023\/04\/Villa-San-carlo-Valpolicella-Ripasso_1000x1000-px-300x300.png\" class=\"attachment-medium size-medium\" alt=\"Villa San Carlo Valpolicella Ripasso 2019 0,75 L\" srcset=\"https:\/\/schaumweinkontor.com\/wp-content\/uploads\/2023\/04\/Villa-San-carlo-Valpolicella-Ripasso_1000x1000-px-300x300.png 300w, https:\/\/schaumweinkontor.com\/wp-content\/uploads\/2023\/04\/Villa-San-carlo-Valpolicella-Ripasso_1000x1000-px-100x100.png 100w, https:\/\/schaumweinkontor.com\/wp-content\/uploads\/2023\/04\/Villa-San-carlo-Valpolicella-Ripasso_1000x1000-px-510x510.png 510w, https:\/\/schaumweinkontor.com\/wp-content\/uploads\/2023\/04\/Villa-San-carlo-Valpolicella-Ripasso_1000x1000-px-150x150.png 150w, https:\/\/schaumweinkontor.com\/wp-content\/uploads\/2023\/04\/Villa-San-carlo-Valpolicella-Ripasso_1000x1000-px-768x768.png 768w, https:\/\/schaumweinkontor.com\/wp-content\/uploads\/2023\/04\/Villa-San-carlo-Valpolicella-Ripasso_1000x1000-px.png 1000w\" sizes=\"auto, (max-width: 300px) 100vw, 300px\" \/>\t\t\t\t\t\t\t\t\t<\/a>\n\t\t\t\t\t\t\t\t\t\t\t\t\t\t\t\t\t\t \t\t\t\t\t\t\t\t<\/div>\n\t\t\t\t\t\t\t\t<div class=\"image-tools top right show-on-hover\">\n\t\t\t\t\t\t\t\t\t\t\t\t\t\t\t\t\t<\/div>\n\t\t\t\t\t\t\t\t\t\t\t\t\t\t\t\t\t<div class=\"image-tools grid-tools text-center hide-for-small bottom hover-slide-in show-on-hover\">\n\t\t\t\t\t\t\t\t\t\t\t\t\t\t\t\t\t\t\t<\/div>\n\t\t\t\t\t\t\t\t\t\t\t\t\t\t\t\t\t\t\t\t\t\t\t<\/div>\n\n\t\t\t\t\t\t\t<div class=\"box-text text-center\" >\n\t\t\t\t\t\t\t\t<div class=\"title-wrapper\">\t\t<p class=\"category uppercase is-smaller no-text-overflow product-cat op-7\">\n\t\t\tSan Carlo\t\t<\/p>\n\t<p class=\"name product-title woocommerce-loop-product__title\"><a href=\"https:\/\/schaumweinkontor.com\/en\/produkt\/villa-san-carlo-valpolicella-ripasso-2019-075-l\/\" class=\"woocommerce-LoopProduct-link woocommerce-loop-product__link\">Villa San Carlo Valpolicella Ripasso 2019 0,75 L<\/a><\/p><\/div><div class=\"price-wrapper\">\n\t<span class=\"price\"><span class=\"woocommerce-Price-amount amount\" role=\"none\"><bdi><span class=\"woocommerce-Price-currencySymbol\">&euro;<\/span>&nbsp;18,50<\/bdi><\/span> <small class=\"woocommerce-price-suffix\">inkl. MwSt.<\/small><\/span>\n<\/div><div class=\"add-to-cart-button\"><a href=\"\/en\/wp-json\/wp\/v2\/pages\/4628?add-to-cart=4682\" aria-describedby=\"woocommerce_loop_add_to_cart_link_describedby_4682\" data-quantity=\"1\" class=\"primary is-small mb-0 button product_type_simple add_to_cart_button ajax_add_to_cart is-outline\" data-product_id=\"4682\" data-product_sku=\"100300293\" aria-label=\"Add to cart: &ldquo;Villa San Carlo Valpolicella Ripasso 2019 0,75 L&rdquo;\" rel=\"nofollow\" data-success_message=\"&ldquo;Villa San Carlo Valpolicella Ripasso 2019 0,75 L&rdquo; has been added to your cart\" role=\"button\">Add to cart<\/a><\/div>\t<span id=\"woocommerce_loop_add_to_cart_link_describedby_4682\" class=\"screen-reader-text\">\n\t\t\t<\/span>\n\t\t\t\t\t\t\t<\/div>\n\t\t\t\t\t\t<\/div>\n\t\t\t\t\t\t<\/div>\n\t\t\t\t\t<\/div><div class=\"col\" data-animate=\"fadeInUp\">\n\t\t\t\t\t\t<div class=\"col-inner\">\n\t\t\t\t\t\t\n<div class=\"badge-container badge-custom absolute right top z-1\">\n\n<\/div>\n\t\t\t\t\t\t<div class=\"product-small box has-hover box-vertical box-text-bottom\">\n\t\t\t\t\t\t\t<div class=\"box-image\" >\n\t\t\t\t\t\t\t\t<div class=\"\" >\n\t\t\t\t\t\t\t\t\t<a href=\"https:\/\/schaumweinkontor.com\/en\/produkt\/villa-san-carlo-amarone-2015-15-l-magnum\/\" aria-label=\"Villa San Carlo Amarone 2015 1,5 L Magnum\">\n\t\t\t\t\t\t\t\t\t\t<img loading=\"lazy\" decoding=\"async\" width=\"300\" height=\"300\" src=\"https:\/\/schaumweinkontor.com\/wp-content\/uploads\/2023\/04\/Villa-San-Carlo-Amarone_1000x1000-px-300x300.png\" class=\"attachment-medium size-medium\" alt=\"Villa San Carlo Amarone 2015 1,5 L Magnum\" srcset=\"https:\/\/schaumweinkontor.com\/wp-content\/uploads\/2023\/04\/Villa-San-Carlo-Amarone_1000x1000-px-300x300.png 300w, https:\/\/schaumweinkontor.com\/wp-content\/uploads\/2023\/04\/Villa-San-Carlo-Amarone_1000x1000-px-100x100.png 100w, https:\/\/schaumweinkontor.com\/wp-content\/uploads\/2023\/04\/Villa-San-Carlo-Amarone_1000x1000-px-510x510.png 510w, https:\/\/schaumweinkontor.com\/wp-content\/uploads\/2023\/04\/Villa-San-Carlo-Amarone_1000x1000-px-150x150.png 150w, https:\/\/schaumweinkontor.com\/wp-content\/uploads\/2023\/04\/Villa-San-Carlo-Amarone_1000x1000-px-768x768.png 768w, https:\/\/schaumweinkontor.com\/wp-content\/uploads\/2023\/04\/Villa-San-Carlo-Amarone_1000x1000-px.png 1000w\" sizes=\"auto, (max-width: 300px) 100vw, 300px\" \/>\t\t\t\t\t\t\t\t\t<\/a>\n\t\t\t\t\t\t\t\t\t\t\t\t\t\t\t\t\t\t \t\t\t\t\t\t\t\t<\/div>\n\t\t\t\t\t\t\t\t<div class=\"image-tools top right show-on-hover\">\n\t\t\t\t\t\t\t\t\t\t\t\t\t\t\t\t\t<\/div>\n\t\t\t\t\t\t\t\t\t\t\t\t\t\t\t\t\t<div class=\"image-tools grid-tools text-center hide-for-small bottom hover-slide-in show-on-hover\">\n\t\t\t\t\t\t\t\t\t\t\t\t\t\t\t\t\t\t\t<\/div>\n\t\t\t\t\t\t\t\t\t\t\t\t\t\t\t\t\t\t\t\t\t\t\t<\/div>\n\n\t\t\t\t\t\t\t<div class=\"box-text text-center\" >\n\t\t\t\t\t\t\t\t<div class=\"title-wrapper\">\t\t<p class=\"category uppercase is-smaller no-text-overflow product-cat op-7\">\n\t\t\tSan Carlo\t\t<\/p>\n\t<p class=\"name product-title woocommerce-loop-product__title\"><a href=\"https:\/\/schaumweinkontor.com\/en\/produkt\/villa-san-carlo-amarone-2015-15-l-magnum\/\" class=\"woocommerce-LoopProduct-link woocommerce-loop-product__link\">Villa San Carlo Amarone 2015 1,5 L Magnum<\/a><\/p><\/div><div class=\"price-wrapper\">\n\t<span class=\"price\"><span class=\"woocommerce-Price-amount amount\" role=\"none\"><bdi><span class=\"woocommerce-Price-currencySymbol\">&euro;<\/span>&nbsp;94,20<\/bdi><\/span> <small class=\"woocommerce-price-suffix\">inkl. MwSt.<\/small><\/span>\n<\/div><div class=\"add-to-cart-button\"><a href=\"\/en\/wp-json\/wp\/v2\/pages\/4628?add-to-cart=4680\" aria-describedby=\"woocommerce_loop_add_to_cart_link_describedby_4680\" data-quantity=\"1\" class=\"primary is-small mb-0 button product_type_simple add_to_cart_button ajax_add_to_cart is-outline\" data-product_id=\"4680\" data-product_sku=\"100300295\" aria-label=\"Add to cart: &ldquo;Villa San Carlo Amarone 2015 1,5 L Magnum&rdquo;\" rel=\"nofollow\" data-success_message=\"&ldquo;Villa San Carlo Amarone 2015 1,5 L Magnum&rdquo; has been added to your cart\" role=\"button\">Add to cart<\/a><\/div>\t<span id=\"woocommerce_loop_add_to_cart_link_describedby_4680\" class=\"screen-reader-text\">\n\t\t\t<\/span>\n\t\t\t\t\t\t\t<\/div>\n\t\t\t\t\t\t<\/div>\n\t\t\t\t\t\t<\/div>\n\t\t\t\t\t<\/div><\/div>\n\n\n  \n    <div class=\"row  equalize-box show-for-medium hide-for-small large-columns-3 medium-columns-2 small-columns-1 row-large has-shadow row-box-shadow-2 row-box-shadow-4-hover\" >\n  \t\n\t     <div class=\"col\" data-animate=\"fadeInUp\">\n\t\t\t\t\t\t<div class=\"col-inner\">\n\t\t\t\t\t\t\n<div class=\"badge-container badge-custom absolute right top z-1\">\n\n<\/div>\n\t\t\t\t\t\t<div class=\"product-small box has-hover box-vertical box-text-bottom\">\n\t\t\t\t\t\t\t<div class=\"box-image\" >\n\t\t\t\t\t\t\t\t<div class=\"\" >\n\t\t\t\t\t\t\t\t\t<a href=\"https:\/\/schaumweinkontor.com\/en\/produkt\/villa-san-carlo-valpolicella-ripasso-2019-075-l\/\" aria-label=\"Villa San Carlo Valpolicella Ripasso 2019 0,75 L\">\n\t\t\t\t\t\t\t\t\t\t<img loading=\"lazy\" decoding=\"async\" width=\"300\" height=\"300\" src=\"https:\/\/schaumweinkontor.com\/wp-content\/uploads\/2023\/04\/Villa-San-carlo-Valpolicella-Ripasso_1000x1000-px-300x300.png\" class=\"attachment-medium size-medium\" alt=\"Villa San Carlo Valpolicella Ripasso 2019 0,75 L\" srcset=\"https:\/\/schaumweinkontor.com\/wp-content\/uploads\/2023\/04\/Villa-San-carlo-Valpolicella-Ripasso_1000x1000-px-300x300.png 300w, https:\/\/schaumweinkontor.com\/wp-content\/uploads\/2023\/04\/Villa-San-carlo-Valpolicella-Ripasso_1000x1000-px-100x100.png 100w, https:\/\/schaumweinkontor.com\/wp-content\/uploads\/2023\/04\/Villa-San-carlo-Valpolicella-Ripasso_1000x1000-px-510x510.png 510w, https:\/\/schaumweinkontor.com\/wp-content\/uploads\/2023\/04\/Villa-San-carlo-Valpolicella-Ripasso_1000x1000-px-150x150.png 150w, https:\/\/schaumweinkontor.com\/wp-content\/uploads\/2023\/04\/Villa-San-carlo-Valpolicella-Ripasso_1000x1000-px-768x768.png 768w, https:\/\/schaumweinkontor.com\/wp-content\/uploads\/2023\/04\/Villa-San-carlo-Valpolicella-Ripasso_1000x1000-px.png 1000w\" sizes=\"auto, (max-width: 300px) 100vw, 300px\" \/>\t\t\t\t\t\t\t\t\t<\/a>\n\t\t\t\t\t\t\t\t\t\t\t\t\t\t\t\t\t\t \t\t\t\t\t\t\t\t<\/div>\n\t\t\t\t\t\t\t\t<div class=\"image-tools top right show-on-hover\">\n\t\t\t\t\t\t\t\t\t\t\t\t\t\t\t\t\t<\/div>\n\t\t\t\t\t\t\t\t\t\t\t\t\t\t\t\t\t<div class=\"image-tools grid-tools text-center hide-for-small bottom hover-slide-in show-on-hover\">\n\t\t\t\t\t\t\t\t\t\t\t\t\t\t\t\t\t\t\t<\/div>\n\t\t\t\t\t\t\t\t\t\t\t\t\t\t\t\t\t\t\t\t\t\t\t<\/div>\n\n\t\t\t\t\t\t\t<div class=\"box-text text-center\" >\n\t\t\t\t\t\t\t\t<div class=\"title-wrapper\">\t\t<p class=\"category uppercase is-smaller no-text-overflow product-cat op-7\">\n\t\t\tSan Carlo\t\t<\/p>\n\t<p class=\"name product-title woocommerce-loop-product__title\"><a href=\"https:\/\/schaumweinkontor.com\/en\/produkt\/villa-san-carlo-valpolicella-ripasso-2019-075-l\/\" class=\"woocommerce-LoopProduct-link woocommerce-loop-product__link\">Villa San Carlo Valpolicella Ripasso 2019 0,75 L<\/a><\/p><\/div><div class=\"price-wrapper\">\n\t<span class=\"price\"><span class=\"woocommerce-Price-amount amount\" role=\"none\"><bdi><span class=\"woocommerce-Price-currencySymbol\">&euro;<\/span>&nbsp;18,50<\/bdi><\/span> <small class=\"woocommerce-price-suffix\">inkl. MwSt.<\/small><\/span>\n<\/div><div class=\"add-to-cart-button\"><a href=\"\/en\/wp-json\/wp\/v2\/pages\/4628?add-to-cart=4682\" aria-describedby=\"woocommerce_loop_add_to_cart_link_describedby_4682\" data-quantity=\"1\" class=\"primary is-small mb-0 button product_type_simple add_to_cart_button ajax_add_to_cart is-outline\" data-product_id=\"4682\" data-product_sku=\"100300293\" aria-label=\"Add to cart: &ldquo;Villa San Carlo Valpolicella Ripasso 2019 0,75 L&rdquo;\" rel=\"nofollow\" data-success_message=\"&ldquo;Villa San Carlo Valpolicella Ripasso 2019 0,75 L&rdquo; has been added to your cart\" role=\"button\">Add to cart<\/a><\/div>\t<span id=\"woocommerce_loop_add_to_cart_link_describedby_4682\" class=\"screen-reader-text\">\n\t\t\t<\/span>\n\t\t\t\t\t\t\t<\/div>\n\t\t\t\t\t\t<\/div>\n\t\t\t\t\t\t<\/div>\n\t\t\t\t\t<\/div><div class=\"col\" data-animate=\"fadeInUp\">\n\t\t\t\t\t\t<div class=\"col-inner\">\n\t\t\t\t\t\t\n<div class=\"badge-container badge-custom absolute right top z-1\">\n\n<\/div>\n\t\t\t\t\t\t<div class=\"product-small box has-hover box-vertical box-text-bottom\">\n\t\t\t\t\t\t\t<div class=\"box-image\" >\n\t\t\t\t\t\t\t\t<div class=\"\" >\n\t\t\t\t\t\t\t\t\t<a href=\"https:\/\/schaumweinkontor.com\/en\/produkt\/villa-san-carlo-amarone-2015-15-l-magnum\/\" aria-label=\"Villa San Carlo Amarone 2015 1,5 L Magnum\">\n\t\t\t\t\t\t\t\t\t\t<img loading=\"lazy\" decoding=\"async\" width=\"300\" height=\"300\" src=\"https:\/\/schaumweinkontor.com\/wp-content\/uploads\/2023\/04\/Villa-San-Carlo-Amarone_1000x1000-px-300x300.png\" class=\"attachment-medium size-medium\" alt=\"Villa San Carlo Amarone 2015 1,5 L Magnum\" srcset=\"https:\/\/schaumweinkontor.com\/wp-content\/uploads\/2023\/04\/Villa-San-Carlo-Amarone_1000x1000-px-300x300.png 300w, https:\/\/schaumweinkontor.com\/wp-content\/uploads\/2023\/04\/Villa-San-Carlo-Amarone_1000x1000-px-100x100.png 100w, https:\/\/schaumweinkontor.com\/wp-content\/uploads\/2023\/04\/Villa-San-Carlo-Amarone_1000x1000-px-510x510.png 510w, https:\/\/schaumweinkontor.com\/wp-content\/uploads\/2023\/04\/Villa-San-Carlo-Amarone_1000x1000-px-150x150.png 150w, https:\/\/schaumweinkontor.com\/wp-content\/uploads\/2023\/04\/Villa-San-Carlo-Amarone_1000x1000-px-768x768.png 768w, https:\/\/schaumweinkontor.com\/wp-content\/uploads\/2023\/04\/Villa-San-Carlo-Amarone_1000x1000-px.png 1000w\" sizes=\"auto, (max-width: 300px) 100vw, 300px\" \/>\t\t\t\t\t\t\t\t\t<\/a>\n\t\t\t\t\t\t\t\t\t\t\t\t\t\t\t\t\t\t \t\t\t\t\t\t\t\t<\/div>\n\t\t\t\t\t\t\t\t<div class=\"image-tools top right show-on-hover\">\n\t\t\t\t\t\t\t\t\t\t\t\t\t\t\t\t\t<\/div>\n\t\t\t\t\t\t\t\t\t\t\t\t\t\t\t\t\t<div class=\"image-tools grid-tools text-center hide-for-small bottom hover-slide-in show-on-hover\">\n\t\t\t\t\t\t\t\t\t\t\t\t\t\t\t\t\t\t\t<\/div>\n\t\t\t\t\t\t\t\t\t\t\t\t\t\t\t\t\t\t\t\t\t\t\t<\/div>\n\n\t\t\t\t\t\t\t<div class=\"box-text text-center\" >\n\t\t\t\t\t\t\t\t<div class=\"title-wrapper\">\t\t<p class=\"category uppercase is-smaller no-text-overflow product-cat op-7\">\n\t\t\tSan Carlo\t\t<\/p>\n\t<p class=\"name product-title woocommerce-loop-product__title\"><a href=\"https:\/\/schaumweinkontor.com\/en\/produkt\/villa-san-carlo-amarone-2015-15-l-magnum\/\" class=\"woocommerce-LoopProduct-link woocommerce-loop-product__link\">Villa San Carlo Amarone 2015 1,5 L Magnum<\/a><\/p><\/div><div class=\"price-wrapper\">\n\t<span class=\"price\"><span class=\"woocommerce-Price-amount amount\" role=\"none\"><bdi><span class=\"woocommerce-Price-currencySymbol\">&euro;<\/span>&nbsp;94,20<\/bdi><\/span> <small class=\"woocommerce-price-suffix\">inkl. MwSt.<\/small><\/span>\n<\/div><div class=\"add-to-cart-button\"><a href=\"\/en\/wp-json\/wp\/v2\/pages\/4628?add-to-cart=4680\" aria-describedby=\"woocommerce_loop_add_to_cart_link_describedby_4680\" data-quantity=\"1\" class=\"primary is-small mb-0 button product_type_simple add_to_cart_button ajax_add_to_cart is-outline\" data-product_id=\"4680\" data-product_sku=\"100300295\" aria-label=\"Add to cart: &ldquo;Villa San Carlo Amarone 2015 1,5 L Magnum&rdquo;\" rel=\"nofollow\" data-success_message=\"&ldquo;Villa San Carlo Amarone 2015 1,5 L Magnum&rdquo; has been added to your cart\" role=\"button\">Add to cart<\/a><\/div>\t<span id=\"woocommerce_loop_add_to_cart_link_describedby_4680\" class=\"screen-reader-text\">\n\t\t\t<\/span>\n\t\t\t\t\t\t\t<\/div>\n\t\t\t\t\t\t<\/div>\n\t\t\t\t\t\t<\/div>\n\t\t\t\t\t<\/div><\/div>\n\n\n\t\t<\/div>\n\t\t\t\t\t<\/div>\n\n\t\n\n\n<style>\n#row-418381527 > .col > .col-inner {\n  padding: 15px 0px 0px 0px;\n}\n<\/style>\n<\/div>\n<div class=\"is-divider divider clearfix\" style=\"margin-top:3em;margin-bottom:3em;max-width:100%;background-color:rgba(183, 149, 73, 0.459);\"><\/div>\n\n\t<section class=\"section bg_winzer\" id=\"section_1641685506\">\n\t\t<div class=\"bg section-bg fill bg-fill  \" >\n\n\t\t\t\n\t\t\t\n\t\t\t\n\n\t\t<\/div>\n\n\t\t\n\n\t\t<div class=\"section-content relative\">\n\t\t\t\n\n<h2 id=\"still-sungoddess-mobile\" class=\"uppercase\" style=\"text-align: center;\"><span style=\"font-size: 90%;\">Sun Goddess<\/span><\/h2>\n\n\t\t<\/div>\n\n\t\t\n<style>\n#section_1641685506 {\n  padding-top: 30px;\n  padding-bottom: 30px;\n}\n#section_1641685506 .section-bg.bg-loaded {\n  background-image: url(https:\/\/schaumweinkontor.com\/wp-content\/uploads\/2022\/06\/landscape-illu-gold-transp.png);\n}\n<\/style>\n\t<\/section>\n\t\n<div class=\"row row-full-width align-middle align-center margin-auto\"  id=\"row-346549505\">\n\n\n\t<div id=\"col-1059763162\" class=\"col small-12 large-12\"  >\n\t\t\t\t<div class=\"col-inner\"  >\n\t\t\t\n\t\t\t\n\n\n  \n    <div class=\"row  equalize-box show-for-small large-columns-3 medium-columns- small-columns-1 row-large has-shadow row-box-shadow-2 row-box-shadow-4-hover\" >\n  \t\n\t     <div class=\"col\" data-animate=\"fadeInUp\">\n\t\t\t\t\t\t<div class=\"col-inner\">\n\t\t\t\t\t\t\n<div class=\"badge-container badge-custom absolute right top z-1\">\n\n<\/div>\n\t\t\t\t\t\t<div class=\"product-small box has-hover box-vertical box-text-bottom\">\n\t\t\t\t\t\t\t<div class=\"box-image\" >\n\t\t\t\t\t\t\t\t<div class=\"\" >\n\t\t\t\t\t\t\t\t\t<a href=\"https:\/\/schaumweinkontor.com\/en\/produkt\/sun-goddess-sauvignon-friuli-doc-075-l\/\" aria-label=\"Sun Goddess Sauvignon Friuli DOC 0,75 L\">\n\t\t\t\t\t\t\t\t\t\t<img loading=\"lazy\" decoding=\"async\" width=\"300\" height=\"300\" src=\"https:\/\/schaumweinkontor.com\/wp-content\/uploads\/2023\/04\/Sun-Goddess-Sauvignon-Friuli_1000x1000-px-300x300.png\" class=\"attachment-medium size-medium\" alt=\"Sun Goddess Sauvignon Friuli DOC 0,75 L\" srcset=\"https:\/\/schaumweinkontor.com\/wp-content\/uploads\/2023\/04\/Sun-Goddess-Sauvignon-Friuli_1000x1000-px-300x300.png 300w, https:\/\/schaumweinkontor.com\/wp-content\/uploads\/2023\/04\/Sun-Goddess-Sauvignon-Friuli_1000x1000-px-100x100.png 100w, https:\/\/schaumweinkontor.com\/wp-content\/uploads\/2023\/04\/Sun-Goddess-Sauvignon-Friuli_1000x1000-px-510x510.png 510w, https:\/\/schaumweinkontor.com\/wp-content\/uploads\/2023\/04\/Sun-Goddess-Sauvignon-Friuli_1000x1000-px-150x150.png 150w, https:\/\/schaumweinkontor.com\/wp-content\/uploads\/2023\/04\/Sun-Goddess-Sauvignon-Friuli_1000x1000-px-768x768.png 768w, https:\/\/schaumweinkontor.com\/wp-content\/uploads\/2023\/04\/Sun-Goddess-Sauvignon-Friuli_1000x1000-px.png 1000w\" sizes=\"auto, (max-width: 300px) 100vw, 300px\" \/>\t\t\t\t\t\t\t\t\t<\/a>\n\t\t\t\t\t\t\t\t\t\t\t\t\t\t\t\t\t\t \t\t\t\t\t\t\t\t<\/div>\n\t\t\t\t\t\t\t\t<div class=\"image-tools top right show-on-hover\">\n\t\t\t\t\t\t\t\t\t\t\t\t\t\t\t\t\t<\/div>\n\t\t\t\t\t\t\t\t\t\t\t\t\t\t\t\t\t<div class=\"image-tools grid-tools text-center hide-for-small bottom hover-slide-in show-on-hover\">\n\t\t\t\t\t\t\t\t\t\t\t\t\t\t\t\t\t\t\t<\/div>\n\t\t\t\t\t\t\t\t\t\t\t\t\t\t\t\t<div class=\"out-of-stock-label\">Out of stock<\/div>\t\t\t\t\t\t\t<\/div>\n\n\t\t\t\t\t\t\t<div class=\"box-text text-center\" >\n\t\t\t\t\t\t\t\t<div class=\"title-wrapper\">\t\t<p class=\"category uppercase is-smaller no-text-overflow product-cat op-7\">\n\t\t\tSun Goddess\t\t<\/p>\n\t<p class=\"name product-title woocommerce-loop-product__title\"><a href=\"https:\/\/schaumweinkontor.com\/en\/produkt\/sun-goddess-sauvignon-friuli-doc-075-l\/\" class=\"woocommerce-LoopProduct-link woocommerce-loop-product__link\">Sun Goddess Sauvignon Friuli DOC 0,75 L<\/a><\/p><\/div><div class=\"price-wrapper\">\n\t<span class=\"price\"><span class=\"woocommerce-Price-amount amount\" role=\"none\"><bdi><span class=\"woocommerce-Price-currencySymbol\">&euro;<\/span>&nbsp;15,50<\/bdi><\/span> <small class=\"woocommerce-price-suffix\">inkl. MwSt.<\/small><\/span>\n<\/div><div class=\"add-to-cart-button\"><a href=\"https:\/\/schaumweinkontor.com\/en\/produkt\/sun-goddess-sauvignon-friuli-doc-075-l\/\" aria-describedby=\"woocommerce_loop_add_to_cart_link_describedby_4678\" data-quantity=\"1\" class=\"primary is-small mb-0 button product_type_simple is-outline\" data-product_id=\"4678\" data-product_sku=\"100300151\" aria-label=\"Read more about &ldquo;Sun Goddess Sauvignon Friuli DOC 0,75 L&rdquo;\" rel=\"nofollow\" data-success_message=\"\">Read more<\/a><\/div>\t<span id=\"woocommerce_loop_add_to_cart_link_describedby_4678\" class=\"screen-reader-text\">\n\t\t\t<\/span>\n\t\t\t\t\t\t\t<\/div>\n\t\t\t\t\t\t<\/div>\n\t\t\t\t\t\t<\/div>\n\t\t\t\t\t<\/div><div class=\"col\" data-animate=\"fadeInUp\">\n\t\t\t\t\t\t<div class=\"col-inner\">\n\t\t\t\t\t\t\n<div class=\"badge-container badge-custom absolute right top z-1\">\n\n<\/div>\n\t\t\t\t\t\t<div class=\"product-small box has-hover box-vertical box-text-bottom\">\n\t\t\t\t\t\t\t<div class=\"box-image\" >\n\t\t\t\t\t\t\t\t<div class=\"\" >\n\t\t\t\t\t\t\t\t\t<a href=\"https:\/\/schaumweinkontor.com\/en\/produkt\/sun-goddess-pinot-grigio-ramato-friuli-doc-075-l\/\" aria-label=\"Sun Goddess Pinot Grigio Ramato Friuli DOC 0,75 L\">\n\t\t\t\t\t\t\t\t\t\t<img loading=\"lazy\" decoding=\"async\" width=\"300\" height=\"300\" src=\"https:\/\/schaumweinkontor.com\/wp-content\/uploads\/2023\/04\/Sun-Goddess-Pinot-Grigio_1000x1000-px-300x300.png\" class=\"attachment-medium size-medium\" alt=\"Sun Goddess Pinot Grigio Ramato Friuli DOC 0,75 L\" srcset=\"https:\/\/schaumweinkontor.com\/wp-content\/uploads\/2023\/04\/Sun-Goddess-Pinot-Grigio_1000x1000-px-300x300.png 300w, https:\/\/schaumweinkontor.com\/wp-content\/uploads\/2023\/04\/Sun-Goddess-Pinot-Grigio_1000x1000-px-100x100.png 100w, https:\/\/schaumweinkontor.com\/wp-content\/uploads\/2023\/04\/Sun-Goddess-Pinot-Grigio_1000x1000-px-510x510.png 510w, https:\/\/schaumweinkontor.com\/wp-content\/uploads\/2023\/04\/Sun-Goddess-Pinot-Grigio_1000x1000-px-150x150.png 150w, https:\/\/schaumweinkontor.com\/wp-content\/uploads\/2023\/04\/Sun-Goddess-Pinot-Grigio_1000x1000-px-768x768.png 768w, https:\/\/schaumweinkontor.com\/wp-content\/uploads\/2023\/04\/Sun-Goddess-Pinot-Grigio_1000x1000-px.png 1000w\" sizes=\"auto, (max-width: 300px) 100vw, 300px\" \/>\t\t\t\t\t\t\t\t\t<\/a>\n\t\t\t\t\t\t\t\t\t\t\t\t\t\t\t\t\t\t \t\t\t\t\t\t\t\t<\/div>\n\t\t\t\t\t\t\t\t<div class=\"image-tools top right show-on-hover\">\n\t\t\t\t\t\t\t\t\t\t\t\t\t\t\t\t\t<\/div>\n\t\t\t\t\t\t\t\t\t\t\t\t\t\t\t\t\t<div class=\"image-tools grid-tools text-center hide-for-small bottom hover-slide-in show-on-hover\">\n\t\t\t\t\t\t\t\t\t\t\t\t\t\t\t\t\t\t\t<\/div>\n\t\t\t\t\t\t\t\t\t\t\t\t\t\t\t\t<div class=\"out-of-stock-label\">Out of stock<\/div>\t\t\t\t\t\t\t<\/div>\n\n\t\t\t\t\t\t\t<div class=\"box-text text-center\" >\n\t\t\t\t\t\t\t\t<div class=\"title-wrapper\">\t\t<p class=\"category uppercase is-smaller no-text-overflow product-cat op-7\">\n\t\t\tSun Goddess\t\t<\/p>\n\t<p class=\"name product-title woocommerce-loop-product__title\"><a href=\"https:\/\/schaumweinkontor.com\/en\/produkt\/sun-goddess-pinot-grigio-ramato-friuli-doc-075-l\/\" class=\"woocommerce-LoopProduct-link woocommerce-loop-product__link\">Sun Goddess Pinot Grigio Ramato Friuli DOC 0,75 L<\/a><\/p><\/div><div class=\"price-wrapper\">\n\t<span class=\"price\"><span class=\"woocommerce-Price-amount amount\" role=\"none\"><bdi><span class=\"woocommerce-Price-currencySymbol\">&euro;<\/span>&nbsp;15,50<\/bdi><\/span> <small class=\"woocommerce-price-suffix\">inkl. MwSt.<\/small><\/span>\n<\/div><div class=\"add-to-cart-button\"><a href=\"https:\/\/schaumweinkontor.com\/en\/produkt\/sun-goddess-pinot-grigio-ramato-friuli-doc-075-l\/\" aria-describedby=\"woocommerce_loop_add_to_cart_link_describedby_4679\" data-quantity=\"1\" class=\"primary is-small mb-0 button product_type_simple is-outline\" data-product_id=\"4679\" data-product_sku=\"100300150\" aria-label=\"Read more about &ldquo;Sun Goddess Pinot Grigio Ramato Friuli DOC 0,75 L&rdquo;\" rel=\"nofollow\" data-success_message=\"\">Read more<\/a><\/div>\t<span id=\"woocommerce_loop_add_to_cart_link_describedby_4679\" class=\"screen-reader-text\">\n\t\t\t<\/span>\n\t\t\t\t\t\t\t<\/div>\n\t\t\t\t\t\t<\/div>\n\t\t\t\t\t\t<\/div>\n\t\t\t\t\t<\/div><div class=\"col\" data-animate=\"fadeInUp\">\n\t\t\t\t\t\t<div class=\"col-inner\">\n\t\t\t\t\t\t\n<div class=\"badge-container badge-custom absolute right top z-1\">\n\n<\/div>\n\t\t\t\t\t\t<div class=\"product-small box has-hover box-vertical box-text-bottom\">\n\t\t\t\t\t\t\t<div class=\"box-image\" >\n\t\t\t\t\t\t\t\t<div class=\"\" >\n\t\t\t\t\t\t\t\t\t<a href=\"https:\/\/schaumweinkontor.com\/en\/produkt\/sun-goddess-merlot-friuli-doc-075-l\/\" aria-label=\"Sun Goddess Merlot Friuli DOC 0,75 L\">\n\t\t\t\t\t\t\t\t\t\t<img loading=\"lazy\" decoding=\"async\" width=\"300\" height=\"300\" src=\"https:\/\/schaumweinkontor.com\/wp-content\/uploads\/2023\/04\/Sun-Goddess-Merlot-Friuli_1000x1000-px-300x300.png\" class=\"attachment-medium size-medium\" alt=\"Sun Goddess Merlot Friuli DOC 0,75 L\" srcset=\"https:\/\/schaumweinkontor.com\/wp-content\/uploads\/2023\/04\/Sun-Goddess-Merlot-Friuli_1000x1000-px-300x300.png 300w, https:\/\/schaumweinkontor.com\/wp-content\/uploads\/2023\/04\/Sun-Goddess-Merlot-Friuli_1000x1000-px-100x100.png 100w, https:\/\/schaumweinkontor.com\/wp-content\/uploads\/2023\/04\/Sun-Goddess-Merlot-Friuli_1000x1000-px-510x510.png 510w, https:\/\/schaumweinkontor.com\/wp-content\/uploads\/2023\/04\/Sun-Goddess-Merlot-Friuli_1000x1000-px-150x150.png 150w, https:\/\/schaumweinkontor.com\/wp-content\/uploads\/2023\/04\/Sun-Goddess-Merlot-Friuli_1000x1000-px-768x768.png 768w, https:\/\/schaumweinkontor.com\/wp-content\/uploads\/2023\/04\/Sun-Goddess-Merlot-Friuli_1000x1000-px.png 1000w\" sizes=\"auto, (max-width: 300px) 100vw, 300px\" \/>\t\t\t\t\t\t\t\t\t<\/a>\n\t\t\t\t\t\t\t\t\t\t\t\t\t\t\t\t\t\t \t\t\t\t\t\t\t\t<\/div>\n\t\t\t\t\t\t\t\t<div class=\"image-tools top right show-on-hover\">\n\t\t\t\t\t\t\t\t\t\t\t\t\t\t\t\t\t<\/div>\n\t\t\t\t\t\t\t\t\t\t\t\t\t\t\t\t\t<div class=\"image-tools grid-tools text-center hide-for-small bottom hover-slide-in show-on-hover\">\n\t\t\t\t\t\t\t\t\t\t\t\t\t\t\t\t\t\t\t<\/div>\n\t\t\t\t\t\t\t\t\t\t\t\t\t\t\t\t<div class=\"out-of-stock-label\">Out of stock<\/div>\t\t\t\t\t\t\t<\/div>\n\n\t\t\t\t\t\t\t<div class=\"box-text text-center\" >\n\t\t\t\t\t\t\t\t<div class=\"title-wrapper\">\t\t<p class=\"category uppercase is-smaller no-text-overflow product-cat op-7\">\n\t\t\tSun Goddess\t\t<\/p>\n\t<p class=\"name product-title woocommerce-loop-product__title\"><a href=\"https:\/\/schaumweinkontor.com\/en\/produkt\/sun-goddess-merlot-friuli-doc-075-l\/\" class=\"woocommerce-LoopProduct-link woocommerce-loop-product__link\">Sun Goddess Merlot Friuli DOC 0,75 L<\/a><\/p><\/div><div class=\"price-wrapper\">\n\t<span class=\"price\"><span class=\"woocommerce-Price-amount amount\" role=\"none\"><bdi><span class=\"woocommerce-Price-currencySymbol\">&euro;<\/span>&nbsp;20,50<\/bdi><\/span> <small class=\"woocommerce-price-suffix\">inkl. MwSt.<\/small><\/span>\n<\/div><div class=\"add-to-cart-button\"><a href=\"https:\/\/schaumweinkontor.com\/en\/produkt\/sun-goddess-merlot-friuli-doc-075-l\/\" aria-describedby=\"woocommerce_loop_add_to_cart_link_describedby_4677\" data-quantity=\"1\" class=\"primary is-small mb-0 button product_type_simple is-outline\" data-product_id=\"4677\" data-product_sku=\"100300152\" aria-label=\"Read more about &ldquo;Sun Goddess Merlot Friuli DOC 0,75 L&rdquo;\" rel=\"nofollow\" data-success_message=\"\">Read more<\/a><\/div>\t<span id=\"woocommerce_loop_add_to_cart_link_describedby_4677\" class=\"screen-reader-text\">\n\t\t\t<\/span>\n\t\t\t\t\t\t\t<\/div>\n\t\t\t\t\t\t<\/div>\n\t\t\t\t\t\t<\/div>\n\t\t\t\t\t<\/div><\/div>\n\n\n  \n    <div class=\"row  equalize-box show-for-medium hide-for-small large-columns-3 medium-columns-2 small-columns-1 row-large has-shadow row-box-shadow-2 row-box-shadow-4-hover\" >\n  \t\n\t     <div class=\"col\" data-animate=\"fadeInUp\">\n\t\t\t\t\t\t<div class=\"col-inner\">\n\t\t\t\t\t\t\n<div class=\"badge-container badge-custom absolute right top z-1\">\n\n<\/div>\n\t\t\t\t\t\t<div class=\"product-small box has-hover box-vertical box-text-bottom\">\n\t\t\t\t\t\t\t<div class=\"box-image\" >\n\t\t\t\t\t\t\t\t<div class=\"\" >\n\t\t\t\t\t\t\t\t\t<a href=\"https:\/\/schaumweinkontor.com\/en\/produkt\/sun-goddess-sauvignon-friuli-doc-075-l\/\" aria-label=\"Sun Goddess Sauvignon Friuli DOC 0,75 L\">\n\t\t\t\t\t\t\t\t\t\t<img loading=\"lazy\" decoding=\"async\" width=\"300\" height=\"300\" src=\"https:\/\/schaumweinkontor.com\/wp-content\/uploads\/2023\/04\/Sun-Goddess-Sauvignon-Friuli_1000x1000-px-300x300.png\" class=\"attachment-medium size-medium\" alt=\"Sun Goddess Sauvignon Friuli DOC 0,75 L\" srcset=\"https:\/\/schaumweinkontor.com\/wp-content\/uploads\/2023\/04\/Sun-Goddess-Sauvignon-Friuli_1000x1000-px-300x300.png 300w, https:\/\/schaumweinkontor.com\/wp-content\/uploads\/2023\/04\/Sun-Goddess-Sauvignon-Friuli_1000x1000-px-100x100.png 100w, https:\/\/schaumweinkontor.com\/wp-content\/uploads\/2023\/04\/Sun-Goddess-Sauvignon-Friuli_1000x1000-px-510x510.png 510w, https:\/\/schaumweinkontor.com\/wp-content\/uploads\/2023\/04\/Sun-Goddess-Sauvignon-Friuli_1000x1000-px-150x150.png 150w, https:\/\/schaumweinkontor.com\/wp-content\/uploads\/2023\/04\/Sun-Goddess-Sauvignon-Friuli_1000x1000-px-768x768.png 768w, https:\/\/schaumweinkontor.com\/wp-content\/uploads\/2023\/04\/Sun-Goddess-Sauvignon-Friuli_1000x1000-px.png 1000w\" sizes=\"auto, (max-width: 300px) 100vw, 300px\" \/>\t\t\t\t\t\t\t\t\t<\/a>\n\t\t\t\t\t\t\t\t\t\t\t\t\t\t\t\t\t\t \t\t\t\t\t\t\t\t<\/div>\n\t\t\t\t\t\t\t\t<div class=\"image-tools top right show-on-hover\">\n\t\t\t\t\t\t\t\t\t\t\t\t\t\t\t\t\t<\/div>\n\t\t\t\t\t\t\t\t\t\t\t\t\t\t\t\t\t<div class=\"image-tools grid-tools text-center hide-for-small bottom hover-slide-in show-on-hover\">\n\t\t\t\t\t\t\t\t\t\t\t\t\t\t\t\t\t\t\t<\/div>\n\t\t\t\t\t\t\t\t\t\t\t\t\t\t\t\t<div class=\"out-of-stock-label\">Out of stock<\/div>\t\t\t\t\t\t\t<\/div>\n\n\t\t\t\t\t\t\t<div class=\"box-text text-center\" >\n\t\t\t\t\t\t\t\t<div class=\"title-wrapper\">\t\t<p class=\"category uppercase is-smaller no-text-overflow product-cat op-7\">\n\t\t\tSun Goddess\t\t<\/p>\n\t<p class=\"name product-title woocommerce-loop-product__title\"><a href=\"https:\/\/schaumweinkontor.com\/en\/produkt\/sun-goddess-sauvignon-friuli-doc-075-l\/\" class=\"woocommerce-LoopProduct-link woocommerce-loop-product__link\">Sun Goddess Sauvignon Friuli DOC 0,75 L<\/a><\/p><\/div><div class=\"price-wrapper\">\n\t<span class=\"price\"><span class=\"woocommerce-Price-amount amount\" role=\"none\"><bdi><span class=\"woocommerce-Price-currencySymbol\">&euro;<\/span>&nbsp;15,50<\/bdi><\/span> <small class=\"woocommerce-price-suffix\">inkl. MwSt.<\/small><\/span>\n<\/div><div class=\"add-to-cart-button\"><a href=\"https:\/\/schaumweinkontor.com\/en\/produkt\/sun-goddess-sauvignon-friuli-doc-075-l\/\" aria-describedby=\"woocommerce_loop_add_to_cart_link_describedby_4678\" data-quantity=\"1\" class=\"primary is-small mb-0 button product_type_simple is-outline\" data-product_id=\"4678\" data-product_sku=\"100300151\" aria-label=\"Read more about &ldquo;Sun Goddess Sauvignon Friuli DOC 0,75 L&rdquo;\" rel=\"nofollow\" data-success_message=\"\">Read more<\/a><\/div>\t<span id=\"woocommerce_loop_add_to_cart_link_describedby_4678\" class=\"screen-reader-text\">\n\t\t\t<\/span>\n\t\t\t\t\t\t\t<\/div>\n\t\t\t\t\t\t<\/div>\n\t\t\t\t\t\t<\/div>\n\t\t\t\t\t<\/div><div class=\"col\" data-animate=\"fadeInUp\">\n\t\t\t\t\t\t<div class=\"col-inner\">\n\t\t\t\t\t\t\n<div class=\"badge-container badge-custom absolute right top z-1\">\n\n<\/div>\n\t\t\t\t\t\t<div class=\"product-small box has-hover box-vertical box-text-bottom\">\n\t\t\t\t\t\t\t<div class=\"box-image\" >\n\t\t\t\t\t\t\t\t<div class=\"\" >\n\t\t\t\t\t\t\t\t\t<a href=\"https:\/\/schaumweinkontor.com\/en\/produkt\/sun-goddess-pinot-grigio-ramato-friuli-doc-075-l\/\" aria-label=\"Sun Goddess Pinot Grigio Ramato Friuli DOC 0,75 L\">\n\t\t\t\t\t\t\t\t\t\t<img loading=\"lazy\" decoding=\"async\" width=\"300\" height=\"300\" src=\"https:\/\/schaumweinkontor.com\/wp-content\/uploads\/2023\/04\/Sun-Goddess-Pinot-Grigio_1000x1000-px-300x300.png\" class=\"attachment-medium size-medium\" alt=\"Sun Goddess Pinot Grigio Ramato Friuli DOC 0,75 L\" srcset=\"https:\/\/schaumweinkontor.com\/wp-content\/uploads\/2023\/04\/Sun-Goddess-Pinot-Grigio_1000x1000-px-300x300.png 300w, https:\/\/schaumweinkontor.com\/wp-content\/uploads\/2023\/04\/Sun-Goddess-Pinot-Grigio_1000x1000-px-100x100.png 100w, https:\/\/schaumweinkontor.com\/wp-content\/uploads\/2023\/04\/Sun-Goddess-Pinot-Grigio_1000x1000-px-510x510.png 510w, https:\/\/schaumweinkontor.com\/wp-content\/uploads\/2023\/04\/Sun-Goddess-Pinot-Grigio_1000x1000-px-150x150.png 150w, https:\/\/schaumweinkontor.com\/wp-content\/uploads\/2023\/04\/Sun-Goddess-Pinot-Grigio_1000x1000-px-768x768.png 768w, https:\/\/schaumweinkontor.com\/wp-content\/uploads\/2023\/04\/Sun-Goddess-Pinot-Grigio_1000x1000-px.png 1000w\" sizes=\"auto, (max-width: 300px) 100vw, 300px\" \/>\t\t\t\t\t\t\t\t\t<\/a>\n\t\t\t\t\t\t\t\t\t\t\t\t\t\t\t\t\t\t \t\t\t\t\t\t\t\t<\/div>\n\t\t\t\t\t\t\t\t<div class=\"image-tools top right show-on-hover\">\n\t\t\t\t\t\t\t\t\t\t\t\t\t\t\t\t\t<\/div>\n\t\t\t\t\t\t\t\t\t\t\t\t\t\t\t\t\t<div class=\"image-tools grid-tools text-center hide-for-small bottom hover-slide-in show-on-hover\">\n\t\t\t\t\t\t\t\t\t\t\t\t\t\t\t\t\t\t\t<\/div>\n\t\t\t\t\t\t\t\t\t\t\t\t\t\t\t\t<div class=\"out-of-stock-label\">Out of stock<\/div>\t\t\t\t\t\t\t<\/div>\n\n\t\t\t\t\t\t\t<div class=\"box-text text-center\" >\n\t\t\t\t\t\t\t\t<div class=\"title-wrapper\">\t\t<p class=\"category uppercase is-smaller no-text-overflow product-cat op-7\">\n\t\t\tSun Goddess\t\t<\/p>\n\t<p class=\"name product-title woocommerce-loop-product__title\"><a href=\"https:\/\/schaumweinkontor.com\/en\/produkt\/sun-goddess-pinot-grigio-ramato-friuli-doc-075-l\/\" class=\"woocommerce-LoopProduct-link woocommerce-loop-product__link\">Sun Goddess Pinot Grigio Ramato Friuli DOC 0,75 L<\/a><\/p><\/div><div class=\"price-wrapper\">\n\t<span class=\"price\"><span class=\"woocommerce-Price-amount amount\" role=\"none\"><bdi><span class=\"woocommerce-Price-currencySymbol\">&euro;<\/span>&nbsp;15,50<\/bdi><\/span> <small class=\"woocommerce-price-suffix\">inkl. MwSt.<\/small><\/span>\n<\/div><div class=\"add-to-cart-button\"><a href=\"https:\/\/schaumweinkontor.com\/en\/produkt\/sun-goddess-pinot-grigio-ramato-friuli-doc-075-l\/\" aria-describedby=\"woocommerce_loop_add_to_cart_link_describedby_4679\" data-quantity=\"1\" class=\"primary is-small mb-0 button product_type_simple is-outline\" data-product_id=\"4679\" data-product_sku=\"100300150\" aria-label=\"Read more about &ldquo;Sun Goddess Pinot Grigio Ramato Friuli DOC 0,75 L&rdquo;\" rel=\"nofollow\" data-success_message=\"\">Read more<\/a><\/div>\t<span id=\"woocommerce_loop_add_to_cart_link_describedby_4679\" class=\"screen-reader-text\">\n\t\t\t<\/span>\n\t\t\t\t\t\t\t<\/div>\n\t\t\t\t\t\t<\/div>\n\t\t\t\t\t\t<\/div>\n\t\t\t\t\t<\/div><div class=\"col\" data-animate=\"fadeInUp\">\n\t\t\t\t\t\t<div class=\"col-inner\">\n\t\t\t\t\t\t\n<div class=\"badge-container badge-custom absolute right top z-1\">\n\n<\/div>\n\t\t\t\t\t\t<div class=\"product-small box has-hover box-vertical box-text-bottom\">\n\t\t\t\t\t\t\t<div class=\"box-image\" >\n\t\t\t\t\t\t\t\t<div class=\"\" >\n\t\t\t\t\t\t\t\t\t<a href=\"https:\/\/schaumweinkontor.com\/en\/produkt\/sun-goddess-merlot-friuli-doc-075-l\/\" aria-label=\"Sun Goddess Merlot Friuli DOC 0,75 L\">\n\t\t\t\t\t\t\t\t\t\t<img loading=\"lazy\" decoding=\"async\" width=\"300\" height=\"300\" src=\"https:\/\/schaumweinkontor.com\/wp-content\/uploads\/2023\/04\/Sun-Goddess-Merlot-Friuli_1000x1000-px-300x300.png\" class=\"attachment-medium size-medium\" alt=\"Sun Goddess Merlot Friuli DOC 0,75 L\" srcset=\"https:\/\/schaumweinkontor.com\/wp-content\/uploads\/2023\/04\/Sun-Goddess-Merlot-Friuli_1000x1000-px-300x300.png 300w, https:\/\/schaumweinkontor.com\/wp-content\/uploads\/2023\/04\/Sun-Goddess-Merlot-Friuli_1000x1000-px-100x100.png 100w, https:\/\/schaumweinkontor.com\/wp-content\/uploads\/2023\/04\/Sun-Goddess-Merlot-Friuli_1000x1000-px-510x510.png 510w, https:\/\/schaumweinkontor.com\/wp-content\/uploads\/2023\/04\/Sun-Goddess-Merlot-Friuli_1000x1000-px-150x150.png 150w, https:\/\/schaumweinkontor.com\/wp-content\/uploads\/2023\/04\/Sun-Goddess-Merlot-Friuli_1000x1000-px-768x768.png 768w, https:\/\/schaumweinkontor.com\/wp-content\/uploads\/2023\/04\/Sun-Goddess-Merlot-Friuli_1000x1000-px.png 1000w\" sizes=\"auto, (max-width: 300px) 100vw, 300px\" \/>\t\t\t\t\t\t\t\t\t<\/a>\n\t\t\t\t\t\t\t\t\t\t\t\t\t\t\t\t\t\t \t\t\t\t\t\t\t\t<\/div>\n\t\t\t\t\t\t\t\t<div class=\"image-tools top right show-on-hover\">\n\t\t\t\t\t\t\t\t\t\t\t\t\t\t\t\t\t<\/div>\n\t\t\t\t\t\t\t\t\t\t\t\t\t\t\t\t\t<div class=\"image-tools grid-tools text-center hide-for-small bottom hover-slide-in show-on-hover\">\n\t\t\t\t\t\t\t\t\t\t\t\t\t\t\t\t\t\t\t<\/div>\n\t\t\t\t\t\t\t\t\t\t\t\t\t\t\t\t<div class=\"out-of-stock-label\">Out of stock<\/div>\t\t\t\t\t\t\t<\/div>\n\n\t\t\t\t\t\t\t<div class=\"box-text text-center\" >\n\t\t\t\t\t\t\t\t<div class=\"title-wrapper\">\t\t<p class=\"category uppercase is-smaller no-text-overflow product-cat op-7\">\n\t\t\tSun Goddess\t\t<\/p>\n\t<p class=\"name product-title woocommerce-loop-product__title\"><a href=\"https:\/\/schaumweinkontor.com\/en\/produkt\/sun-goddess-merlot-friuli-doc-075-l\/\" class=\"woocommerce-LoopProduct-link woocommerce-loop-product__link\">Sun Goddess Merlot Friuli DOC 0,75 L<\/a><\/p><\/div><div class=\"price-wrapper\">\n\t<span class=\"price\"><span class=\"woocommerce-Price-amount amount\" role=\"none\"><bdi><span class=\"woocommerce-Price-currencySymbol\">&euro;<\/span>&nbsp;20,50<\/bdi><\/span> <small class=\"woocommerce-price-suffix\">inkl. MwSt.<\/small><\/span>\n<\/div><div class=\"add-to-cart-button\"><a href=\"https:\/\/schaumweinkontor.com\/en\/produkt\/sun-goddess-merlot-friuli-doc-075-l\/\" aria-describedby=\"woocommerce_loop_add_to_cart_link_describedby_4677\" data-quantity=\"1\" class=\"primary is-small mb-0 button product_type_simple is-outline\" data-product_id=\"4677\" data-product_sku=\"100300152\" aria-label=\"Read more about &ldquo;Sun Goddess Merlot Friuli DOC 0,75 L&rdquo;\" rel=\"nofollow\" data-success_message=\"\">Read more<\/a><\/div>\t<span id=\"woocommerce_loop_add_to_cart_link_describedby_4677\" class=\"screen-reader-text\">\n\t\t\t<\/span>\n\t\t\t\t\t\t\t<\/div>\n\t\t\t\t\t\t<\/div>\n\t\t\t\t\t\t<\/div>\n\t\t\t\t\t<\/div><\/div>\n\n\n\t\t<\/div>\n\t\t\t\t\t<\/div>\n\n\t\n\n\n<style>\n#row-346549505 > .col > .col-inner {\n  padding: 15px 0px 0px 0px;\n}\n<\/style>\n<\/div>\n<div class=\"is-divider divider clearfix\" style=\"margin-top:3em;margin-bottom:3em;max-width:100%;background-color:rgba(183, 149, 73, 0.459);\"><\/div>\n\n<div class=\"row row-full-width align-middle align-center margin-auto\"  id=\"row-1603726055\">\n\n\n\t<div id=\"col-992811170\" class=\"col small-12 large-12\"  >\n\t\t\t\t<div class=\"col-inner\"  >\n\t\t\t\n\t\t\t\n\n\n  \n    <div class=\"row  equalize-box show-for-medium hide-for-small large-columns-3 medium-columns-2 small-columns-1 row-large has-shadow row-box-shadow-2 row-box-shadow-4-hover\" >\n  \t\n\t     <div class=\"col\" data-animate=\"fadeInUp\">\n\t\t\t\t\t\t<div class=\"col-inner\">\n\t\t\t\t\t\t\n<div class=\"badge-container badge-custom absolute right top z-1\">\n\n<\/div>\n\t\t\t\t\t\t<div class=\"product-small box has-hover box-vertical box-text-bottom\">\n\t\t\t\t\t\t\t<div class=\"box-image\" >\n\t\t\t\t\t\t\t\t<div class=\"\" >\n\t\t\t\t\t\t\t\t\t<a href=\"https:\/\/schaumweinkontor.com\/en\/produkt\/pratello-ballerina-vermouth-rose-075-l\/\" aria-label=\"Pratello Ballerina Vermouth Ros\u00e9 0,75 L\">\n\t\t\t\t\t\t\t\t\t\t<img loading=\"lazy\" decoding=\"async\" width=\"300\" height=\"300\" src=\"https:\/\/schaumweinkontor.com\/wp-content\/uploads\/2023\/04\/Pratello-Ballerina-Vermout_1000x1000-px-300x300.png\" class=\"attachment-medium size-medium\" alt=\"Pratello Ballerina Vermouth Ros\u00e9 0,75 L\" srcset=\"https:\/\/schaumweinkontor.com\/wp-content\/uploads\/2023\/04\/Pratello-Ballerina-Vermout_1000x1000-px-300x300.png 300w, https:\/\/schaumweinkontor.com\/wp-content\/uploads\/2023\/04\/Pratello-Ballerina-Vermout_1000x1000-px-100x100.png 100w, https:\/\/schaumweinkontor.com\/wp-content\/uploads\/2023\/04\/Pratello-Ballerina-Vermout_1000x1000-px-510x510.png 510w, https:\/\/schaumweinkontor.com\/wp-content\/uploads\/2023\/04\/Pratello-Ballerina-Vermout_1000x1000-px-150x150.png 150w, https:\/\/schaumweinkontor.com\/wp-content\/uploads\/2023\/04\/Pratello-Ballerina-Vermout_1000x1000-px-768x768.png 768w, https:\/\/schaumweinkontor.com\/wp-content\/uploads\/2023\/04\/Pratello-Ballerina-Vermout_1000x1000-px.png 1000w\" sizes=\"auto, (max-width: 300px) 100vw, 300px\" \/>\t\t\t\t\t\t\t\t\t<\/a>\n\t\t\t\t\t\t\t\t\t\t\t\t\t\t\t\t\t\t \t\t\t\t\t\t\t\t<\/div>\n\t\t\t\t\t\t\t\t<div class=\"image-tools top right show-on-hover\">\n\t\t\t\t\t\t\t\t\t\t\t\t\t\t\t\t\t<\/div>\n\t\t\t\t\t\t\t\t\t\t\t\t\t\t\t\t\t<div class=\"image-tools grid-tools text-center hide-for-small bottom hover-slide-in show-on-hover\">\n\t\t\t\t\t\t\t\t\t\t\t\t\t\t\t\t\t\t\t<\/div>\n\t\t\t\t\t\t\t\t\t\t\t\t\t\t\t\t\t\t\t\t\t\t\t<\/div>\n\n\t\t\t\t\t\t\t<div class=\"box-text text-center\" >\n\t\t\t\t\t\t\t\t<div class=\"title-wrapper\">\t\t<p class=\"category uppercase is-smaller no-text-overflow product-cat op-7\">\n\t\t\tPratello\t\t<\/p>\n\t<p class=\"name product-title woocommerce-loop-product__title\"><a href=\"https:\/\/schaumweinkontor.com\/en\/produkt\/pratello-ballerina-vermouth-rose-075-l\/\" class=\"woocommerce-LoopProduct-link woocommerce-loop-product__link\">Pratello Ballerina Vermouth Ros\u00e9 0,75 L<\/a><\/p><\/div><div class=\"price-wrapper\">\n\t<span class=\"price\"><span class=\"woocommerce-Price-amount amount\" role=\"none\"><bdi><span class=\"woocommerce-Price-currencySymbol\">&euro;<\/span>&nbsp;48,30<\/bdi><\/span> <small class=\"woocommerce-price-suffix\">inkl. MwSt.<\/small><\/span>\n<\/div><div class=\"add-to-cart-button\"><a href=\"\/en\/wp-json\/wp\/v2\/pages\/4628?add-to-cart=4676\" aria-describedby=\"woocommerce_loop_add_to_cart_link_describedby_4676\" data-quantity=\"1\" class=\"primary is-small mb-0 button product_type_simple add_to_cart_button ajax_add_to_cart is-outline\" data-product_id=\"4676\" data-product_sku=\"100300160\" aria-label=\"Add to cart: &ldquo;Pratello Ballerina Vermouth Ros\u00e9 0,75 L&rdquo;\" rel=\"nofollow\" data-success_message=\"&ldquo;Pratello Ballerina Vermouth Ros\u00e9 0,75 L&rdquo; has been added to your cart\" role=\"button\">Add to cart<\/a><\/div>\t<span id=\"woocommerce_loop_add_to_cart_link_describedby_4676\" class=\"screen-reader-text\">\n\t\t\t<\/span>\n\t\t\t\t\t\t\t<\/div>\n\t\t\t\t\t\t<\/div>\n\t\t\t\t\t\t<\/div>\n\t\t\t\t\t<\/div><\/div>\n\n\n  \n    <div class=\"row  equalize-box show-for-small large-columns-3 medium-columns- small-columns-1 row-large has-shadow row-box-shadow-2 row-box-shadow-4-hover\" >\n  \t\n\t     <div class=\"col\" data-animate=\"fadeInUp\">\n\t\t\t\t\t\t<div class=\"col-inner\">\n\t\t\t\t\t\t\n<div class=\"badge-container badge-custom absolute right top z-1\">\n\n<\/div>\n\t\t\t\t\t\t<div class=\"product-small box has-hover box-vertical box-text-bottom\">\n\t\t\t\t\t\t\t<div class=\"box-image\" >\n\t\t\t\t\t\t\t\t<div class=\"\" >\n\t\t\t\t\t\t\t\t\t<a href=\"https:\/\/schaumweinkontor.com\/en\/produkt\/pratello-ballerina-vermouth-rose-075-l\/\" aria-label=\"Pratello Ballerina Vermouth Ros\u00e9 0,75 L\">\n\t\t\t\t\t\t\t\t\t\t<img loading=\"lazy\" decoding=\"async\" width=\"300\" height=\"300\" src=\"https:\/\/schaumweinkontor.com\/wp-content\/uploads\/2023\/04\/Pratello-Ballerina-Vermout_1000x1000-px-300x300.png\" class=\"attachment-medium size-medium\" alt=\"Pratello Ballerina Vermouth Ros\u00e9 0,75 L\" srcset=\"https:\/\/schaumweinkontor.com\/wp-content\/uploads\/2023\/04\/Pratello-Ballerina-Vermout_1000x1000-px-300x300.png 300w, https:\/\/schaumweinkontor.com\/wp-content\/uploads\/2023\/04\/Pratello-Ballerina-Vermout_1000x1000-px-100x100.png 100w, https:\/\/schaumweinkontor.com\/wp-content\/uploads\/2023\/04\/Pratello-Ballerina-Vermout_1000x1000-px-510x510.png 510w, https:\/\/schaumweinkontor.com\/wp-content\/uploads\/2023\/04\/Pratello-Ballerina-Vermout_1000x1000-px-150x150.png 150w, https:\/\/schaumweinkontor.com\/wp-content\/uploads\/2023\/04\/Pratello-Ballerina-Vermout_1000x1000-px-768x768.png 768w, https:\/\/schaumweinkontor.com\/wp-content\/uploads\/2023\/04\/Pratello-Ballerina-Vermout_1000x1000-px.png 1000w\" sizes=\"auto, (max-width: 300px) 100vw, 300px\" \/>\t\t\t\t\t\t\t\t\t<\/a>\n\t\t\t\t\t\t\t\t\t\t\t\t\t\t\t\t\t\t \t\t\t\t\t\t\t\t<\/div>\n\t\t\t\t\t\t\t\t<div class=\"image-tools top right show-on-hover\">\n\t\t\t\t\t\t\t\t\t\t\t\t\t\t\t\t\t<\/div>\n\t\t\t\t\t\t\t\t\t\t\t\t\t\t\t\t\t<div class=\"image-tools grid-tools text-center hide-for-small bottom hover-slide-in show-on-hover\">\n\t\t\t\t\t\t\t\t\t\t\t\t\t\t\t\t\t\t\t<\/div>\n\t\t\t\t\t\t\t\t\t\t\t\t\t\t\t\t\t\t\t\t\t\t\t<\/div>\n\n\t\t\t\t\t\t\t<div class=\"box-text text-center\" >\n\t\t\t\t\t\t\t\t<div class=\"title-wrapper\">\t\t<p class=\"category uppercase is-smaller no-text-overflow product-cat op-7\">\n\t\t\tPratello\t\t<\/p>\n\t<p class=\"name product-title woocommerce-loop-product__title\"><a href=\"https:\/\/schaumweinkontor.com\/en\/produkt\/pratello-ballerina-vermouth-rose-075-l\/\" class=\"woocommerce-LoopProduct-link woocommerce-loop-product__link\">Pratello Ballerina Vermouth Ros\u00e9 0,75 L<\/a><\/p><\/div><div class=\"price-wrapper\">\n\t<span class=\"price\"><span class=\"woocommerce-Price-amount amount\" role=\"none\"><bdi><span class=\"woocommerce-Price-currencySymbol\">&euro;<\/span>&nbsp;48,30<\/bdi><\/span> <small class=\"woocommerce-price-suffix\">inkl. MwSt.<\/small><\/span>\n<\/div><div class=\"add-to-cart-button\"><a href=\"\/en\/wp-json\/wp\/v2\/pages\/4628?add-to-cart=4676\" aria-describedby=\"woocommerce_loop_add_to_cart_link_describedby_4676\" data-quantity=\"1\" class=\"primary is-small mb-0 button product_type_simple add_to_cart_button ajax_add_to_cart is-outline\" data-product_id=\"4676\" data-product_sku=\"100300160\" aria-label=\"Add to cart: &ldquo;Pratello Ballerina Vermouth Ros\u00e9 0,75 L&rdquo;\" rel=\"nofollow\" data-success_message=\"&ldquo;Pratello Ballerina Vermouth Ros\u00e9 0,75 L&rdquo; has been added to your cart\" role=\"button\">Add to cart<\/a><\/div>\t<span id=\"woocommerce_loop_add_to_cart_link_describedby_4676\" class=\"screen-reader-text\">\n\t\t\t<\/span>\n\t\t\t\t\t\t\t<\/div>\n\t\t\t\t\t\t<\/div>\n\t\t\t\t\t\t<\/div>\n\t\t\t\t\t<\/div><\/div>\n\n\n\t\t<\/div>\n\t\t\t\t\t<\/div>\n\n\t\n\n\n<style>\n#row-1603726055 > .col > .col-inner {\n  padding: 15px 0px 0px 0px;\n}\n<\/style>\n<\/div>\n<div class=\"is-divider divider clearfix\" style=\"margin-top:3em;margin-bottom:3em;max-width:100%;background-color:rgba(183, 149, 73, 0.459);\"><\/div>\n\n\t<section class=\"section bg_winzer\" id=\"section_1500256773\">\n\t\t<div class=\"bg section-bg fill bg-fill  \" >\n\n\t\t\t\n\t\t\t\n\t\t\t\n\n\t\t<\/div>\n\n\t\t\n\n\t\t<div class=\"section-content relative\">\n\t\t\t\n\n<h2 id=\"still-corteideiventi-mobile\" class=\"uppercase\" style=\"text-align: center;\"><span style=\"font-size: 90%;\"><span style=\"font-size: 90%;\">CORTE DEI VENTI<\/span><\/span><\/h2>\n\n\t\t<\/div>\n\n\t\t\n<style>\n#section_1500256773 {\n  padding-top: 30px;\n  padding-bottom: 30px;\n}\n#section_1500256773 .section-bg.bg-loaded {\n  background-image: url(https:\/\/schaumweinkontor.com\/wp-content\/uploads\/2022\/06\/landscape-illu-gold-transp.png);\n}\n<\/style>\n\t<\/section>\n\t\n<div class=\"row row-full-width align-middle align-center margin-auto\"  id=\"row-1848250478\">\n\n\n\t<div id=\"col-1408133107\" class=\"col small-12 large-12\"  >\n\t\t\t\t<div class=\"col-inner\"  >\n\t\t\t\n\t\t\t\n\n\n  \n    <div class=\"row  equalize-box show-for-small large-columns-3 medium-columns- small-columns-1 row-large has-shadow row-box-shadow-2 row-box-shadow-4-hover\" >\n  \t\n\t     <div class=\"col\" data-animate=\"fadeInUp\">\n\t\t\t\t\t\t<div class=\"col-inner\">\n\t\t\t\t\t\t\n<div class=\"badge-container badge-custom absolute right top z-1\">\n\n<\/div>\n\t\t\t\t\t\t<div class=\"product-small box has-hover box-vertical box-text-bottom\">\n\t\t\t\t\t\t\t<div class=\"box-image\" >\n\t\t\t\t\t\t\t\t<div class=\"\" >\n\t\t\t\t\t\t\t\t\t<a href=\"https:\/\/schaumweinkontor.com\/en\/produkt\/corte-dei-venti-rosso-di-montalcino-075-l\/\" aria-label=\"Corte dei Venti Rosso di Montalcino 0,75 L\">\n\t\t\t\t\t\t\t\t\t\t<img loading=\"lazy\" decoding=\"async\" width=\"300\" height=\"300\" src=\"https:\/\/schaumweinkontor.com\/wp-content\/uploads\/2023\/08\/rosso1-300x300.png\" class=\"attachment-medium size-medium\" alt=\"Corte dei Venti Rosso di Montalcino 0,75 L\" srcset=\"https:\/\/schaumweinkontor.com\/wp-content\/uploads\/2023\/08\/rosso1-300x300.png 300w, https:\/\/schaumweinkontor.com\/wp-content\/uploads\/2023\/08\/rosso1-100x100.png 100w, https:\/\/schaumweinkontor.com\/wp-content\/uploads\/2023\/08\/rosso1-510x510.png 510w, https:\/\/schaumweinkontor.com\/wp-content\/uploads\/2023\/08\/rosso1-150x150.png 150w, https:\/\/schaumweinkontor.com\/wp-content\/uploads\/2023\/08\/rosso1-768x768.png 768w, https:\/\/schaumweinkontor.com\/wp-content\/uploads\/2023\/08\/rosso1.png 800w\" sizes=\"auto, (max-width: 300px) 100vw, 300px\" \/>\t\t\t\t\t\t\t\t\t<\/a>\n\t\t\t\t\t\t\t\t\t\t\t\t\t\t\t\t\t\t \t\t\t\t\t\t\t\t<\/div>\n\t\t\t\t\t\t\t\t<div class=\"image-tools top right show-on-hover\">\n\t\t\t\t\t\t\t\t\t\t\t\t\t\t\t\t\t<\/div>\n\t\t\t\t\t\t\t\t\t\t\t\t\t\t\t\t\t<div class=\"image-tools grid-tools text-center hide-for-small bottom hover-slide-in show-on-hover\">\n\t\t\t\t\t\t\t\t\t\t\t\t\t\t\t\t\t\t\t<\/div>\n\t\t\t\t\t\t\t\t\t\t\t\t\t\t\t\t\t\t\t\t\t\t\t<\/div>\n\n\t\t\t\t\t\t\t<div class=\"box-text text-center\" >\n\t\t\t\t\t\t\t\t<div class=\"title-wrapper\">\t\t<p class=\"category uppercase is-smaller no-text-overflow product-cat op-7\">\n\t\t\tCorte dei Venti\t\t<\/p>\n\t<p class=\"name product-title woocommerce-loop-product__title\"><a href=\"https:\/\/schaumweinkontor.com\/en\/produkt\/corte-dei-venti-rosso-di-montalcino-075-l\/\" class=\"woocommerce-LoopProduct-link woocommerce-loop-product__link\">Corte dei Venti Rosso di Montalcino 0,75 L<\/a><\/p><\/div><div class=\"price-wrapper\">\n\t<span class=\"price\"><span class=\"woocommerce-Price-amount amount\" role=\"none\"><bdi><span class=\"woocommerce-Price-currencySymbol\">&euro;<\/span>&nbsp;16,90<\/bdi><\/span> <small class=\"woocommerce-price-suffix\">inkl. MwSt.<\/small><\/span>\n<\/div><div class=\"add-to-cart-button\"><a href=\"\/en\/wp-json\/wp\/v2\/pages\/4628?add-to-cart=4660\" aria-describedby=\"woocommerce_loop_add_to_cart_link_describedby_4660\" data-quantity=\"1\" class=\"primary is-small mb-0 button product_type_simple add_to_cart_button ajax_add_to_cart is-outline\" data-product_id=\"4660\" data-product_sku=\"100300368\" aria-label=\"Add to cart: &ldquo;Corte dei Venti Rosso di Montalcino 0,75 L&rdquo;\" rel=\"nofollow\" data-success_message=\"&ldquo;Corte dei Venti Rosso di Montalcino 0,75 L&rdquo; has been added to your cart\" role=\"button\">Add to cart<\/a><\/div>\t<span id=\"woocommerce_loop_add_to_cart_link_describedby_4660\" class=\"screen-reader-text\">\n\t\t\t<\/span>\n\t\t\t\t\t\t\t<\/div>\n\t\t\t\t\t\t<\/div>\n\t\t\t\t\t\t<\/div>\n\t\t\t\t\t<\/div><div class=\"col\" data-animate=\"fadeInUp\">\n\t\t\t\t\t\t<div class=\"col-inner\">\n\t\t\t\t\t\t\n<div class=\"badge-container badge-custom absolute right top z-1\">\n\n<\/div>\n\t\t\t\t\t\t<div class=\"product-small box has-hover box-vertical box-text-bottom\">\n\t\t\t\t\t\t\t<div class=\"box-image\" >\n\t\t\t\t\t\t\t\t<div class=\"\" >\n\t\t\t\t\t\t\t\t\t<a href=\"https:\/\/schaumweinkontor.com\/en\/produkt\/corte-dei-venti-brunello-die-montalcino-075-l\/\" aria-label=\"Corte dei Venti Brunello die Montalcino 0,75 L\">\n\t\t\t\t\t\t\t\t\t\t<img loading=\"lazy\" decoding=\"async\" width=\"300\" height=\"300\" src=\"https:\/\/schaumweinkontor.com\/wp-content\/uploads\/2023\/08\/brunello1-300x300.png\" class=\"attachment-medium size-medium\" alt=\"Corte dei Venti Brunello die Montalcino 0,75 L\" srcset=\"https:\/\/schaumweinkontor.com\/wp-content\/uploads\/2023\/08\/brunello1-300x300.png 300w, https:\/\/schaumweinkontor.com\/wp-content\/uploads\/2023\/08\/brunello1-100x100.png 100w, https:\/\/schaumweinkontor.com\/wp-content\/uploads\/2023\/08\/brunello1-510x510.png 510w, https:\/\/schaumweinkontor.com\/wp-content\/uploads\/2023\/08\/brunello1-150x150.png 150w, https:\/\/schaumweinkontor.com\/wp-content\/uploads\/2023\/08\/brunello1-768x768.png 768w, https:\/\/schaumweinkontor.com\/wp-content\/uploads\/2023\/08\/brunello1.png 800w\" sizes=\"auto, (max-width: 300px) 100vw, 300px\" \/>\t\t\t\t\t\t\t\t\t<\/a>\n\t\t\t\t\t\t\t\t\t\t\t\t\t\t\t\t\t\t \t\t\t\t\t\t\t\t<\/div>\n\t\t\t\t\t\t\t\t<div class=\"image-tools top right show-on-hover\">\n\t\t\t\t\t\t\t\t\t\t\t\t\t\t\t\t\t<\/div>\n\t\t\t\t\t\t\t\t\t\t\t\t\t\t\t\t\t<div class=\"image-tools grid-tools text-center hide-for-small bottom hover-slide-in show-on-hover\">\n\t\t\t\t\t\t\t\t\t\t\t\t\t\t\t\t\t\t\t<\/div>\n\t\t\t\t\t\t\t\t\t\t\t\t\t\t\t\t\t\t\t\t\t\t\t<\/div>\n\n\t\t\t\t\t\t\t<div class=\"box-text text-center\" >\n\t\t\t\t\t\t\t\t<div class=\"title-wrapper\">\t\t<p class=\"category uppercase is-smaller no-text-overflow product-cat op-7\">\n\t\t\tCorte dei Venti\t\t<\/p>\n\t<p class=\"name product-title woocommerce-loop-product__title\"><a href=\"https:\/\/schaumweinkontor.com\/en\/produkt\/corte-dei-venti-brunello-die-montalcino-075-l\/\" class=\"woocommerce-LoopProduct-link woocommerce-loop-product__link\">Corte dei Venti Brunello die Montalcino 0,75 L<\/a><\/p><\/div><div class=\"price-wrapper\">\n\t<span class=\"price\"><span class=\"woocommerce-Price-amount amount\" role=\"none\"><bdi><span class=\"woocommerce-Price-currencySymbol\">&euro;<\/span>&nbsp;43,00<\/bdi><\/span> <small class=\"woocommerce-price-suffix\">inkl. MwSt.<\/small><\/span>\n<\/div><div class=\"add-to-cart-button\"><a href=\"\/en\/wp-json\/wp\/v2\/pages\/4628?add-to-cart=4658\" aria-describedby=\"woocommerce_loop_add_to_cart_link_describedby_4658\" data-quantity=\"1\" class=\"primary is-small mb-0 button product_type_simple add_to_cart_button ajax_add_to_cart is-outline\" data-product_id=\"4658\" data-product_sku=\"100300369\" aria-label=\"Add to cart: &ldquo;Corte dei Venti Brunello die Montalcino 0,75 L&rdquo;\" rel=\"nofollow\" data-success_message=\"&ldquo;Corte dei Venti Brunello die Montalcino 0,75 L&rdquo; has been added to your cart\" role=\"button\">Add to cart<\/a><\/div>\t<span id=\"woocommerce_loop_add_to_cart_link_describedby_4658\" class=\"screen-reader-text\">\n\t\t\t<\/span>\n\t\t\t\t\t\t\t<\/div>\n\t\t\t\t\t\t<\/div>\n\t\t\t\t\t\t<\/div>\n\t\t\t\t\t<\/div><\/div>\n\n\n  \n    <div class=\"row  equalize-box show-for-medium hide-for-small large-columns-3 medium-columns-2 small-columns-1 row-large has-shadow row-box-shadow-2 row-box-shadow-4-hover\" >\n  \t\n\t     <div class=\"col\" data-animate=\"fadeInUp\">\n\t\t\t\t\t\t<div class=\"col-inner\">\n\t\t\t\t\t\t\n<div class=\"badge-container badge-custom absolute right top z-1\">\n\n<\/div>\n\t\t\t\t\t\t<div class=\"product-small box has-hover box-vertical box-text-bottom\">\n\t\t\t\t\t\t\t<div class=\"box-image\" >\n\t\t\t\t\t\t\t\t<div class=\"\" >\n\t\t\t\t\t\t\t\t\t<a href=\"https:\/\/schaumweinkontor.com\/en\/produkt\/corte-dei-venti-rosso-di-montalcino-075-l\/\" aria-label=\"Corte dei Venti Rosso di Montalcino 0,75 L\">\n\t\t\t\t\t\t\t\t\t\t<img loading=\"lazy\" decoding=\"async\" width=\"300\" height=\"300\" src=\"https:\/\/schaumweinkontor.com\/wp-content\/uploads\/2023\/08\/rosso1-300x300.png\" class=\"attachment-medium size-medium\" alt=\"Corte dei Venti Rosso di Montalcino 0,75 L\" srcset=\"https:\/\/schaumweinkontor.com\/wp-content\/uploads\/2023\/08\/rosso1-300x300.png 300w, https:\/\/schaumweinkontor.com\/wp-content\/uploads\/2023\/08\/rosso1-100x100.png 100w, https:\/\/schaumweinkontor.com\/wp-content\/uploads\/2023\/08\/rosso1-510x510.png 510w, https:\/\/schaumweinkontor.com\/wp-content\/uploads\/2023\/08\/rosso1-150x150.png 150w, https:\/\/schaumweinkontor.com\/wp-content\/uploads\/2023\/08\/rosso1-768x768.png 768w, https:\/\/schaumweinkontor.com\/wp-content\/uploads\/2023\/08\/rosso1.png 800w\" sizes=\"auto, (max-width: 300px) 100vw, 300px\" \/>\t\t\t\t\t\t\t\t\t<\/a>\n\t\t\t\t\t\t\t\t\t\t\t\t\t\t\t\t\t\t \t\t\t\t\t\t\t\t<\/div>\n\t\t\t\t\t\t\t\t<div class=\"image-tools top right show-on-hover\">\n\t\t\t\t\t\t\t\t\t\t\t\t\t\t\t\t\t<\/div>\n\t\t\t\t\t\t\t\t\t\t\t\t\t\t\t\t\t<div class=\"image-tools grid-tools text-center hide-for-small bottom hover-slide-in show-on-hover\">\n\t\t\t\t\t\t\t\t\t\t\t\t\t\t\t\t\t\t\t<\/div>\n\t\t\t\t\t\t\t\t\t\t\t\t\t\t\t\t\t\t\t\t\t\t\t<\/div>\n\n\t\t\t\t\t\t\t<div class=\"box-text text-center\" >\n\t\t\t\t\t\t\t\t<div class=\"title-wrapper\">\t\t<p class=\"category uppercase is-smaller no-text-overflow product-cat op-7\">\n\t\t\tCorte dei Venti\t\t<\/p>\n\t<p class=\"name product-title woocommerce-loop-product__title\"><a href=\"https:\/\/schaumweinkontor.com\/en\/produkt\/corte-dei-venti-rosso-di-montalcino-075-l\/\" class=\"woocommerce-LoopProduct-link woocommerce-loop-product__link\">Corte dei Venti Rosso di Montalcino 0,75 L<\/a><\/p><\/div><div class=\"price-wrapper\">\n\t<span class=\"price\"><span class=\"woocommerce-Price-amount amount\" role=\"none\"><bdi><span class=\"woocommerce-Price-currencySymbol\">&euro;<\/span>&nbsp;16,90<\/bdi><\/span> <small class=\"woocommerce-price-suffix\">inkl. MwSt.<\/small><\/span>\n<\/div><div class=\"add-to-cart-button\"><a href=\"\/en\/wp-json\/wp\/v2\/pages\/4628?add-to-cart=4660\" aria-describedby=\"woocommerce_loop_add_to_cart_link_describedby_4660\" data-quantity=\"1\" class=\"primary is-small mb-0 button product_type_simple add_to_cart_button ajax_add_to_cart is-outline\" data-product_id=\"4660\" data-product_sku=\"100300368\" aria-label=\"Add to cart: &ldquo;Corte dei Venti Rosso di Montalcino 0,75 L&rdquo;\" rel=\"nofollow\" data-success_message=\"&ldquo;Corte dei Venti Rosso di Montalcino 0,75 L&rdquo; has been added to your cart\" role=\"button\">Add to cart<\/a><\/div>\t<span id=\"woocommerce_loop_add_to_cart_link_describedby_4660\" class=\"screen-reader-text\">\n\t\t\t<\/span>\n\t\t\t\t\t\t\t<\/div>\n\t\t\t\t\t\t<\/div>\n\t\t\t\t\t\t<\/div>\n\t\t\t\t\t<\/div><div class=\"col\" data-animate=\"fadeInUp\">\n\t\t\t\t\t\t<div class=\"col-inner\">\n\t\t\t\t\t\t\n<div class=\"badge-container badge-custom absolute right top z-1\">\n\n<\/div>\n\t\t\t\t\t\t<div class=\"product-small box has-hover box-vertical box-text-bottom\">\n\t\t\t\t\t\t\t<div class=\"box-image\" >\n\t\t\t\t\t\t\t\t<div class=\"\" >\n\t\t\t\t\t\t\t\t\t<a href=\"https:\/\/schaumweinkontor.com\/en\/produkt\/corte-dei-venti-brunello-die-montalcino-075-l\/\" aria-label=\"Corte dei Venti Brunello die Montalcino 0,75 L\">\n\t\t\t\t\t\t\t\t\t\t<img loading=\"lazy\" decoding=\"async\" width=\"300\" height=\"300\" src=\"https:\/\/schaumweinkontor.com\/wp-content\/uploads\/2023\/08\/brunello1-300x300.png\" class=\"attachment-medium size-medium\" alt=\"Corte dei Venti Brunello die Montalcino 0,75 L\" srcset=\"https:\/\/schaumweinkontor.com\/wp-content\/uploads\/2023\/08\/brunello1-300x300.png 300w, https:\/\/schaumweinkontor.com\/wp-content\/uploads\/2023\/08\/brunello1-100x100.png 100w, https:\/\/schaumweinkontor.com\/wp-content\/uploads\/2023\/08\/brunello1-510x510.png 510w, https:\/\/schaumweinkontor.com\/wp-content\/uploads\/2023\/08\/brunello1-150x150.png 150w, https:\/\/schaumweinkontor.com\/wp-content\/uploads\/2023\/08\/brunello1-768x768.png 768w, https:\/\/schaumweinkontor.com\/wp-content\/uploads\/2023\/08\/brunello1.png 800w\" sizes=\"auto, (max-width: 300px) 100vw, 300px\" \/>\t\t\t\t\t\t\t\t\t<\/a>\n\t\t\t\t\t\t\t\t\t\t\t\t\t\t\t\t\t\t \t\t\t\t\t\t\t\t<\/div>\n\t\t\t\t\t\t\t\t<div class=\"image-tools top right show-on-hover\">\n\t\t\t\t\t\t\t\t\t\t\t\t\t\t\t\t\t<\/div>\n\t\t\t\t\t\t\t\t\t\t\t\t\t\t\t\t\t<div class=\"image-tools grid-tools text-center hide-for-small bottom hover-slide-in show-on-hover\">\n\t\t\t\t\t\t\t\t\t\t\t\t\t\t\t\t\t\t\t<\/div>\n\t\t\t\t\t\t\t\t\t\t\t\t\t\t\t\t\t\t\t\t\t\t\t<\/div>\n\n\t\t\t\t\t\t\t<div class=\"box-text text-center\" >\n\t\t\t\t\t\t\t\t<div class=\"title-wrapper\">\t\t<p class=\"category uppercase is-smaller no-text-overflow product-cat op-7\">\n\t\t\tCorte dei Venti\t\t<\/p>\n\t<p class=\"name product-title woocommerce-loop-product__title\"><a href=\"https:\/\/schaumweinkontor.com\/en\/produkt\/corte-dei-venti-brunello-die-montalcino-075-l\/\" class=\"woocommerce-LoopProduct-link woocommerce-loop-product__link\">Corte dei Venti Brunello die Montalcino 0,75 L<\/a><\/p><\/div><div class=\"price-wrapper\">\n\t<span class=\"price\"><span class=\"woocommerce-Price-amount amount\" role=\"none\"><bdi><span class=\"woocommerce-Price-currencySymbol\">&euro;<\/span>&nbsp;43,00<\/bdi><\/span> <small class=\"woocommerce-price-suffix\">inkl. MwSt.<\/small><\/span>\n<\/div><div class=\"add-to-cart-button\"><a href=\"\/en\/wp-json\/wp\/v2\/pages\/4628?add-to-cart=4658\" aria-describedby=\"woocommerce_loop_add_to_cart_link_describedby_4658\" data-quantity=\"1\" class=\"primary is-small mb-0 button product_type_simple add_to_cart_button ajax_add_to_cart is-outline\" data-product_id=\"4658\" data-product_sku=\"100300369\" aria-label=\"Add to cart: &ldquo;Corte dei Venti Brunello die Montalcino 0,75 L&rdquo;\" rel=\"nofollow\" data-success_message=\"&ldquo;Corte dei Venti Brunello die Montalcino 0,75 L&rdquo; has been added to your cart\" role=\"button\">Add to cart<\/a><\/div>\t<span id=\"woocommerce_loop_add_to_cart_link_describedby_4658\" class=\"screen-reader-text\">\n\t\t\t<\/span>\n\t\t\t\t\t\t\t<\/div>\n\t\t\t\t\t\t<\/div>\n\t\t\t\t\t\t<\/div>\n\t\t\t\t\t<\/div><\/div>\n\n\n\t\t<\/div>\n\t\t\t\t\t<\/div>\n\n\t\n\n\n<style>\n#row-1848250478 > .col > .col-inner {\n  padding: 15px 0px 0px 0px;\n}\n<\/style>\n<\/div>\n\n<\/div>\n<div class=\"row row-collapse row-full-width align-middle blau-verlauf\"  id=\"row-1085636199\">\n\n\n\t<div id=\"col-991953970\" class=\"col medium-6 small-5 large-6\"  >\n\t\t\t\t<div class=\"col-inner\"  >\n\t\t\t\n\t\t\t\n\n\t<div id=\"text-3082024573\" class=\"text\">\n\t\t\n\n<h2><span style=\"font-size: 75%;\"> Special <\/span><\/h2>\n\t\t\n<style>\n#text-3082024573 {\n  font-size: 1.5rem;\n  line-height: 2;\n}\n<\/style>\n\t<\/div>\n\t\n\n\t\t<\/div>\n\t\t\t\t\t<\/div>\n\n\t\n\n\t<div id=\"col-2050138577\" class=\"col medium-6 small-7 large-6\"  >\n\t\t\t\t<div class=\"col-inner\"  >\n\t\t\t\n\t\t\t\n\n<h5 id=\"sonder-franciacorta-mobile\" class=\"uppercase\" style=\"text-align: right;\"><span style=\"color: #b79549; font-size: 75%;\">franciacorta<\/span><\/h5>\n\n\t\t<\/div>\n\t\t\t\t\t<\/div>\n\n\t\n\n\n<style>\n#row-1085636199 > .col > .col-inner {\n  padding: 0px 20px 0px 20px;\n  border-radius: 74px;\n}\n<\/style>\n<\/div>\n\t<section class=\"section bg_winzer\" id=\"section_1874393776\">\n\t\t<div class=\"bg section-bg fill bg-fill  \" >\n\n\t\t\t\n\t\t\t\n\t\t\t\n\n\t\t<\/div>\n\n\t\t\n\n\t\t<div class=\"section-content relative\">\n\t\t\t\n\n<h2 id=\"sonder-montina-mobile\" class=\"uppercase\" style=\"text-align: center;\"><span style=\"font-size: 90%;\">La Montina<\/span><\/h2>\n<p>\u00a0<\/p>\n\n\t\t<\/div>\n\n\t\t\n<style>\n#section_1874393776 {\n  padding-top: 30px;\n  padding-bottom: 30px;\n}\n#section_1874393776 .section-bg.bg-loaded {\n  background-image: url(https:\/\/schaumweinkontor.com\/wp-content\/uploads\/2022\/06\/landscape-illu-gold-transp.png);\n}\n<\/style>\n\t<\/section>\n\t\n<div class=\"row row-full-width align-middle align-center margin-auto\"  id=\"row-1721815492\">\n\n\n\t<div id=\"col-1060174299\" class=\"col small-12 large-12\"  >\n\t\t\t\t<div class=\"col-inner\"  >\n\t\t\t\n\t\t\t\n\n\n  \n    <div class=\"row  equalize-box show-for-small large-columns-3 medium-columns- small-columns-1 row-large has-shadow row-box-shadow-2 row-box-shadow-4-hover\" >\n  \t\n\t     <div class=\"col\" data-animate=\"fadeInUp\">\n\t\t\t\t\t\t<div class=\"col-inner\">\n\t\t\t\t\t\t\n<div class=\"badge-container badge-custom absolute right top z-1\">\n<div class=\"callout badge badge-circle\"><div class=\"badge-inner secondary on-sale\"><span class=\"onsale\">Sale!<\/span><\/div><\/div>\n<\/div>\n\t\t\t\t\t\t<div class=\"product-small box has-hover box-vertical box-text-bottom\">\n\t\t\t\t\t\t\t<div class=\"box-image\" >\n\t\t\t\t\t\t\t\t<div class=\"\" >\n\t\t\t\t\t\t\t\t\t<a href=\"https:\/\/schaumweinkontor.com\/en\/produkt\/la-montina-franciacorta-docg-brut-15-l-magnum\/\" aria-label=\"La Montina Franciacorta DOCG Brut 1,5 L Magnum\">\n\t\t\t\t\t\t\t\t\t\t<img loading=\"lazy\" decoding=\"async\" width=\"300\" height=\"300\" src=\"https:\/\/schaumweinkontor.com\/wp-content\/uploads\/2022\/06\/Franciacorta-Brut-La-Montina-800x800-px-1-300x300.jpg\" class=\"attachment-medium size-medium\" alt=\"La Montina Franciacorta DOCG Brut 1,5 L Magnum\" srcset=\"https:\/\/schaumweinkontor.com\/wp-content\/uploads\/2022\/06\/Franciacorta-Brut-La-Montina-800x800-px-1-300x300.jpg 300w, https:\/\/schaumweinkontor.com\/wp-content\/uploads\/2022\/06\/Franciacorta-Brut-La-Montina-800x800-px-1-150x150.jpg 150w, https:\/\/schaumweinkontor.com\/wp-content\/uploads\/2022\/06\/Franciacorta-Brut-La-Montina-800x800-px-1-768x768.jpg 768w, https:\/\/schaumweinkontor.com\/wp-content\/uploads\/2022\/06\/Franciacorta-Brut-La-Montina-800x800-px-1-510x510.jpg 510w, https:\/\/schaumweinkontor.com\/wp-content\/uploads\/2022\/06\/Franciacorta-Brut-La-Montina-800x800-px-1-100x100.jpg 100w, https:\/\/schaumweinkontor.com\/wp-content\/uploads\/2022\/06\/Franciacorta-Brut-La-Montina-800x800-px-1.jpg 800w\" sizes=\"auto, (max-width: 300px) 100vw, 300px\" \/>\t\t\t\t\t\t\t\t\t<\/a>\n\t\t\t\t\t\t\t\t\t\t\t\t\t\t\t\t\t\t \t\t\t\t\t\t\t\t<\/div>\n\t\t\t\t\t\t\t\t<div class=\"image-tools top right show-on-hover\">\n\t\t\t\t\t\t\t\t\t\t\t\t\t\t\t\t\t<\/div>\n\t\t\t\t\t\t\t\t\t\t\t\t\t\t\t\t\t<div class=\"image-tools grid-tools text-center hide-for-small bottom hover-slide-in show-on-hover\">\n\t\t\t\t\t\t\t\t\t\t\t\t\t\t\t\t\t\t\t<\/div>\n\t\t\t\t\t\t\t\t\t\t\t\t\t\t\t\t\t\t\t\t\t\t\t<\/div>\n\n\t\t\t\t\t\t\t<div class=\"box-text text-center\" style=\"padding:0px 0px px 0px;\">\n\t\t\t\t\t\t\t\t<div class=\"title-wrapper\">\t\t<p class=\"category uppercase is-smaller no-text-overflow product-cat op-7\">\n\t\t\tLa Montina\t\t<\/p>\n\t<p class=\"name product-title woocommerce-loop-product__title\"><a href=\"https:\/\/schaumweinkontor.com\/en\/produkt\/la-montina-franciacorta-docg-brut-15-l-magnum\/\" class=\"woocommerce-LoopProduct-link woocommerce-loop-product__link\">La Montina Franciacorta DOCG Brut 1,5 L Magnum<\/a><\/p><\/div><div class=\"price-wrapper\">\n\t<span class=\"price\"><del aria-hidden=\"true\"><span class=\"woocommerce-Price-amount amount\" role=\"none\"><bdi><span class=\"woocommerce-Price-currencySymbol\">&euro;<\/span>&nbsp;54,00<\/bdi><\/span><\/del> <span class=\"screen-reader-text\">Original price was: &euro;&nbsp;54,00.<\/span><ins aria-hidden=\"true\"><span class=\"woocommerce-Price-amount amount\" role=\"none\"><bdi><span class=\"woocommerce-Price-currencySymbol\">&euro;<\/span>&nbsp;36,00<\/bdi><\/span><\/ins><span class=\"screen-reader-text\">Current price is: &euro;&nbsp;36,00.<\/span> <small class=\"woocommerce-price-suffix\">inkl. MwSt.<\/small><\/span>\n<\/div><div class=\"add-to-cart-button\"><a href=\"\/en\/wp-json\/wp\/v2\/pages\/4628?add-to-cart=4743\" aria-describedby=\"woocommerce_loop_add_to_cart_link_describedby_4743\" data-quantity=\"1\" class=\"primary is-small mb-0 button product_type_simple add_to_cart_button ajax_add_to_cart is-outline\" data-product_id=\"4743\" data-product_sku=\"100300111\" aria-label=\"Add to cart: &ldquo;La Montina Franciacorta DOCG Brut 1,5 L Magnum&rdquo;\" rel=\"nofollow\" data-success_message=\"&ldquo;La Montina Franciacorta DOCG Brut 1,5 L Magnum&rdquo; has been added to your cart\" role=\"button\">Add to cart<\/a><\/div>\t<span id=\"woocommerce_loop_add_to_cart_link_describedby_4743\" class=\"screen-reader-text\">\n\t\t\t<\/span>\n\t\t\t\t\t\t\t<\/div>\n\t\t\t\t\t\t<\/div>\n\t\t\t\t\t\t<\/div>\n\t\t\t\t\t<\/div><div class=\"col\" data-animate=\"fadeInUp\">\n\t\t\t\t\t\t<div class=\"col-inner\">\n\t\t\t\t\t\t\n<div class=\"badge-container badge-custom absolute right top z-1\">\n<div class=\"callout badge badge-circle\"><div class=\"badge-inner secondary on-sale\"><span class=\"onsale\">Sale!<\/span><\/div><\/div>\n<\/div>\n\t\t\t\t\t\t<div class=\"product-small box has-hover box-vertical box-text-bottom\">\n\t\t\t\t\t\t\t<div class=\"box-image\" >\n\t\t\t\t\t\t\t\t<div class=\"\" >\n\t\t\t\t\t\t\t\t\t<a href=\"https:\/\/schaumweinkontor.com\/en\/produkt\/la-montina-franciacorta-docg-saten-15-l-magnum\/\" aria-label=\"La Montina Franciacorta DOCG Sat\u00e8n 1,5 L Magnum\">\n\t\t\t\t\t\t\t\t\t\t<img loading=\"lazy\" decoding=\"async\" width=\"300\" height=\"300\" src=\"https:\/\/schaumweinkontor.com\/wp-content\/uploads\/2022\/06\/Franciacorta-Confezione-litografata-Saten-Packung-800x800-px-2-300x300.jpg\" class=\"attachment-medium size-medium\" alt=\"La Montina Franciacorta DOCG Sat\u00e8n 1,5 L Magnum\" srcset=\"https:\/\/schaumweinkontor.com\/wp-content\/uploads\/2022\/06\/Franciacorta-Confezione-litografata-Saten-Packung-800x800-px-2-300x300.jpg 300w, https:\/\/schaumweinkontor.com\/wp-content\/uploads\/2022\/06\/Franciacorta-Confezione-litografata-Saten-Packung-800x800-px-2-100x100.jpg 100w, https:\/\/schaumweinkontor.com\/wp-content\/uploads\/2022\/06\/Franciacorta-Confezione-litografata-Saten-Packung-800x800-px-2-510x510.jpg 510w, https:\/\/schaumweinkontor.com\/wp-content\/uploads\/2022\/06\/Franciacorta-Confezione-litografata-Saten-Packung-800x800-px-2-150x150.jpg 150w, https:\/\/schaumweinkontor.com\/wp-content\/uploads\/2022\/06\/Franciacorta-Confezione-litografata-Saten-Packung-800x800-px-2-768x768.jpg 768w, https:\/\/schaumweinkontor.com\/wp-content\/uploads\/2022\/06\/Franciacorta-Confezione-litografata-Saten-Packung-800x800-px-2.jpg 800w\" sizes=\"auto, (max-width: 300px) 100vw, 300px\" \/>\t\t\t\t\t\t\t\t\t<\/a>\n\t\t\t\t\t\t\t\t\t\t\t\t\t\t\t\t\t\t \t\t\t\t\t\t\t\t<\/div>\n\t\t\t\t\t\t\t\t<div class=\"image-tools top right show-on-hover\">\n\t\t\t\t\t\t\t\t\t\t\t\t\t\t\t\t\t<\/div>\n\t\t\t\t\t\t\t\t\t\t\t\t\t\t\t\t\t<div class=\"image-tools grid-tools text-center hide-for-small bottom hover-slide-in show-on-hover\">\n\t\t\t\t\t\t\t\t\t\t\t\t\t\t\t\t\t\t\t<\/div>\n\t\t\t\t\t\t\t\t\t\t\t\t\t\t\t\t\t\t\t\t\t\t\t<\/div>\n\n\t\t\t\t\t\t\t<div class=\"box-text text-center\" style=\"padding:0px 0px px 0px;\">\n\t\t\t\t\t\t\t\t<div class=\"title-wrapper\">\t\t<p class=\"category uppercase is-smaller no-text-overflow product-cat op-7\">\n\t\t\tLa Montina\t\t<\/p>\n\t<p class=\"name product-title woocommerce-loop-product__title\"><a href=\"https:\/\/schaumweinkontor.com\/en\/produkt\/la-montina-franciacorta-docg-saten-15-l-magnum\/\" class=\"woocommerce-LoopProduct-link woocommerce-loop-product__link\">La Montina Franciacorta DOCG Sat\u00e8n 1,5 L Magnum<\/a><\/p><\/div><div class=\"price-wrapper\">\n\t<span class=\"price\"><del aria-hidden=\"true\"><span class=\"woocommerce-Price-amount amount\" role=\"none\"><bdi><span class=\"woocommerce-Price-currencySymbol\">&euro;<\/span>&nbsp;61,50<\/bdi><\/span><\/del> <span class=\"screen-reader-text\">Original price was: &euro;&nbsp;61,50.<\/span><ins aria-hidden=\"true\"><span class=\"woocommerce-Price-amount amount\" role=\"none\"><bdi><span class=\"woocommerce-Price-currencySymbol\">&euro;<\/span>&nbsp;49,00<\/bdi><\/span><\/ins><span class=\"screen-reader-text\">Current price is: &euro;&nbsp;49,00.<\/span> <small class=\"woocommerce-price-suffix\">inkl. MwSt.<\/small><\/span>\n<\/div><div class=\"add-to-cart-button\"><a href=\"\/en\/wp-json\/wp\/v2\/pages\/4628?add-to-cart=4740\" aria-describedby=\"woocommerce_loop_add_to_cart_link_describedby_4740\" data-quantity=\"1\" class=\"primary is-small mb-0 button product_type_simple add_to_cart_button ajax_add_to_cart is-outline\" data-product_id=\"4740\" data-product_sku=\"100300114\" aria-label=\"Add to cart: &ldquo;La Montina Franciacorta DOCG Sat\u00e8n 1,5 L Magnum&rdquo;\" rel=\"nofollow\" data-success_message=\"&ldquo;La Montina Franciacorta DOCG Sat\u00e8n 1,5 L Magnum&rdquo; has been added to your cart\" role=\"button\">Add to cart<\/a><\/div>\t<span id=\"woocommerce_loop_add_to_cart_link_describedby_4740\" class=\"screen-reader-text\">\n\t\t\t<\/span>\n\t\t\t\t\t\t\t<\/div>\n\t\t\t\t\t\t<\/div>\n\t\t\t\t\t\t<\/div>\n\t\t\t\t\t<\/div><div class=\"col\" data-animate=\"fadeInUp\">\n\t\t\t\t\t\t<div class=\"col-inner\">\n\t\t\t\t\t\t\n<div class=\"badge-container badge-custom absolute right top z-1\">\n<div class=\"callout badge badge-circle\"><div class=\"badge-inner secondary on-sale\"><span class=\"onsale\">Sale!<\/span><\/div><\/div>\n<\/div>\n\t\t\t\t\t\t<div class=\"product-small box has-hover box-vertical box-text-bottom\">\n\t\t\t\t\t\t\t<div class=\"box-image\" >\n\t\t\t\t\t\t\t\t<div class=\"\" >\n\t\t\t\t\t\t\t\t\t<a href=\"https:\/\/schaumweinkontor.com\/en\/produkt\/la-montina-franciacorta-docg-brut-3-l-jeroboam-in-hk\/\" aria-label=\"La Montina Franciacorta DOCG Brut 3 L Jeroboam in HK\">\n\t\t\t\t\t\t\t\t\t\t<img loading=\"lazy\" decoding=\"async\" width=\"300\" height=\"300\" src=\"https:\/\/schaumweinkontor.com\/wp-content\/uploads\/2022\/06\/Franciacorta-Jeroboam-Franciacorta-La-montina-300x300.jpg\" class=\"attachment-medium size-medium\" alt=\"La Montina Franciacorta DOCG Brut 3 L Jeroboam in HK\" srcset=\"https:\/\/schaumweinkontor.com\/wp-content\/uploads\/2022\/06\/Franciacorta-Jeroboam-Franciacorta-La-montina-300x300.jpg 300w, https:\/\/schaumweinkontor.com\/wp-content\/uploads\/2022\/06\/Franciacorta-Jeroboam-Franciacorta-La-montina-100x100.jpg 100w, https:\/\/schaumweinkontor.com\/wp-content\/uploads\/2022\/06\/Franciacorta-Jeroboam-Franciacorta-La-montina-510x510.jpg 510w, https:\/\/schaumweinkontor.com\/wp-content\/uploads\/2022\/06\/Franciacorta-Jeroboam-Franciacorta-La-montina-150x150.jpg 150w, https:\/\/schaumweinkontor.com\/wp-content\/uploads\/2022\/06\/Franciacorta-Jeroboam-Franciacorta-La-montina-768x768.jpg 768w, https:\/\/schaumweinkontor.com\/wp-content\/uploads\/2022\/06\/Franciacorta-Jeroboam-Franciacorta-La-montina.jpg 800w\" sizes=\"auto, (max-width: 300px) 100vw, 300px\" \/>\t\t\t\t\t\t\t\t\t<\/a>\n\t\t\t\t\t\t\t\t\t\t\t\t\t\t\t\t\t\t \t\t\t\t\t\t\t\t<\/div>\n\t\t\t\t\t\t\t\t<div class=\"image-tools top right show-on-hover\">\n\t\t\t\t\t\t\t\t\t\t\t\t\t\t\t\t\t<\/div>\n\t\t\t\t\t\t\t\t\t\t\t\t\t\t\t\t\t<div class=\"image-tools grid-tools text-center hide-for-small bottom hover-slide-in show-on-hover\">\n\t\t\t\t\t\t\t\t\t\t\t\t\t\t\t\t\t\t\t<\/div>\n\t\t\t\t\t\t\t\t\t\t\t\t\t\t\t\t\t\t\t\t\t\t\t<\/div>\n\n\t\t\t\t\t\t\t<div class=\"box-text text-center\" style=\"padding:0px 0px px 0px;\">\n\t\t\t\t\t\t\t\t<div class=\"title-wrapper\">\t\t<p class=\"category uppercase is-smaller no-text-overflow product-cat op-7\">\n\t\t\tLa Montina\t\t<\/p>\n\t<p class=\"name product-title woocommerce-loop-product__title\"><a href=\"https:\/\/schaumweinkontor.com\/en\/produkt\/la-montina-franciacorta-docg-brut-3-l-jeroboam-in-hk\/\" class=\"woocommerce-LoopProduct-link woocommerce-loop-product__link\">La Montina Franciacorta DOCG Brut 3 L Jeroboam in HK<\/a><\/p><\/div><div class=\"price-wrapper\">\n\t<span class=\"price\"><del aria-hidden=\"true\"><span class=\"woocommerce-Price-amount amount\" role=\"none\"><bdi><span class=\"woocommerce-Price-currencySymbol\">&euro;<\/span>&nbsp;194,00<\/bdi><\/span><\/del> <span class=\"screen-reader-text\">Original price was: &euro;&nbsp;194,00.<\/span><ins aria-hidden=\"true\"><span class=\"woocommerce-Price-amount amount\" role=\"none\"><bdi><span class=\"woocommerce-Price-currencySymbol\">&euro;<\/span>&nbsp;145,00<\/bdi><\/span><\/ins><span class=\"screen-reader-text\">Current price is: &euro;&nbsp;145,00.<\/span> <small class=\"woocommerce-price-suffix\">inkl. MwSt.<\/small><\/span>\n<\/div><div class=\"add-to-cart-button\"><a href=\"\/en\/wp-json\/wp\/v2\/pages\/4628?add-to-cart=4742\" aria-describedby=\"woocommerce_loop_add_to_cart_link_describedby_4742\" data-quantity=\"1\" class=\"primary is-small mb-0 button product_type_simple add_to_cart_button ajax_add_to_cart is-outline\" data-product_id=\"4742\" data-product_sku=\"100300112\" aria-label=\"Add to cart: &ldquo;La Montina Franciacorta DOCG Brut 3 L Jeroboam in HK&rdquo;\" rel=\"nofollow\" data-success_message=\"&ldquo;La Montina Franciacorta DOCG Brut 3 L Jeroboam in HK&rdquo; has been added to your cart\" role=\"button\">Add to cart<\/a><\/div>\t<span id=\"woocommerce_loop_add_to_cart_link_describedby_4742\" class=\"screen-reader-text\">\n\t\t\t<\/span>\n\t\t\t\t\t\t\t<\/div>\n\t\t\t\t\t\t<\/div>\n\t\t\t\t\t\t<\/div>\n\t\t\t\t\t<\/div><div class=\"col\" data-animate=\"fadeInUp\">\n\t\t\t\t\t\t<div class=\"col-inner\">\n\t\t\t\t\t\t\n<div class=\"badge-container badge-custom absolute right top z-1\">\n<div class=\"callout badge badge-circle\"><div class=\"badge-inner secondary on-sale\"><span class=\"onsale\">Sale!<\/span><\/div><\/div>\n<\/div>\n\t\t\t\t\t\t<div class=\"product-small box has-hover box-vertical box-text-bottom\">\n\t\t\t\t\t\t\t<div class=\"box-image\" >\n\t\t\t\t\t\t\t\t<div class=\"\" >\n\t\t\t\t\t\t\t\t\t<a href=\"https:\/\/schaumweinkontor.com\/en\/produkt\/la-montina-franciacorta-docg-brut-6-l-methusalem-in-hk\/\" aria-label=\"La Montina Franciacorta DOCG Brut 6 L Methusalem in HK\">\n\t\t\t\t\t\t\t\t\t\t<img loading=\"lazy\" decoding=\"async\" width=\"300\" height=\"300\" src=\"https:\/\/schaumweinkontor.com\/wp-content\/uploads\/2022\/06\/Franciacorta-Jeroboam-Franciacorta-La-montina-300x300.jpg\" class=\"attachment-medium size-medium\" alt=\"La Montina Franciacorta DOCG Brut 6 L Methusalem in HK\" srcset=\"https:\/\/schaumweinkontor.com\/wp-content\/uploads\/2022\/06\/Franciacorta-Jeroboam-Franciacorta-La-montina-300x300.jpg 300w, https:\/\/schaumweinkontor.com\/wp-content\/uploads\/2022\/06\/Franciacorta-Jeroboam-Franciacorta-La-montina-100x100.jpg 100w, https:\/\/schaumweinkontor.com\/wp-content\/uploads\/2022\/06\/Franciacorta-Jeroboam-Franciacorta-La-montina-510x510.jpg 510w, https:\/\/schaumweinkontor.com\/wp-content\/uploads\/2022\/06\/Franciacorta-Jeroboam-Franciacorta-La-montina-150x150.jpg 150w, https:\/\/schaumweinkontor.com\/wp-content\/uploads\/2022\/06\/Franciacorta-Jeroboam-Franciacorta-La-montina-768x768.jpg 768w, https:\/\/schaumweinkontor.com\/wp-content\/uploads\/2022\/06\/Franciacorta-Jeroboam-Franciacorta-La-montina.jpg 800w\" sizes=\"auto, (max-width: 300px) 100vw, 300px\" \/>\t\t\t\t\t\t\t\t\t<\/a>\n\t\t\t\t\t\t\t\t\t\t\t\t\t\t\t\t\t\t \t\t\t\t\t\t\t\t<\/div>\n\t\t\t\t\t\t\t\t<div class=\"image-tools top right show-on-hover\">\n\t\t\t\t\t\t\t\t\t\t\t\t\t\t\t\t\t<\/div>\n\t\t\t\t\t\t\t\t\t\t\t\t\t\t\t\t\t<div class=\"image-tools grid-tools text-center hide-for-small bottom hover-slide-in show-on-hover\">\n\t\t\t\t\t\t\t\t\t\t\t\t\t\t\t\t\t\t\t<\/div>\n\t\t\t\t\t\t\t\t\t\t\t\t\t\t\t\t\t\t\t\t\t\t\t<\/div>\n\n\t\t\t\t\t\t\t<div class=\"box-text text-center\" style=\"padding:0px 0px px 0px;\">\n\t\t\t\t\t\t\t\t<div class=\"title-wrapper\">\t\t<p class=\"category uppercase is-smaller no-text-overflow product-cat op-7\">\n\t\t\tLa Montina\t\t<\/p>\n\t<p class=\"name product-title woocommerce-loop-product__title\"><a href=\"https:\/\/schaumweinkontor.com\/en\/produkt\/la-montina-franciacorta-docg-brut-6-l-methusalem-in-hk\/\" class=\"woocommerce-LoopProduct-link woocommerce-loop-product__link\">La Montina Franciacorta DOCG Brut 6 L Methusalem in HK<\/a><\/p><\/div><div class=\"price-wrapper\">\n\t<span class=\"price\"><del aria-hidden=\"true\"><span class=\"woocommerce-Price-amount amount\" role=\"none\"><bdi><span class=\"woocommerce-Price-currencySymbol\">&euro;<\/span>&nbsp;387,00<\/bdi><\/span><\/del> <span class=\"screen-reader-text\">Original price was: &euro;&nbsp;387,00.<\/span><ins aria-hidden=\"true\"><span class=\"woocommerce-Price-amount amount\" role=\"none\"><bdi><span class=\"woocommerce-Price-currencySymbol\">&euro;<\/span>&nbsp;310,00<\/bdi><\/span><\/ins><span class=\"screen-reader-text\">Current price is: &euro;&nbsp;310,00.<\/span> <small class=\"woocommerce-price-suffix\">inkl. MwSt.<\/small><\/span>\n<\/div><div class=\"add-to-cart-button\"><a href=\"\/en\/wp-json\/wp\/v2\/pages\/4628?add-to-cart=4741\" aria-describedby=\"woocommerce_loop_add_to_cart_link_describedby_4741\" data-quantity=\"1\" class=\"primary is-small mb-0 button product_type_simple add_to_cart_button ajax_add_to_cart is-outline\" data-product_id=\"4741\" data-product_sku=\"100300113\" aria-label=\"Add to cart: &ldquo;La Montina Franciacorta DOCG Brut 6 L Methusalem in HK&rdquo;\" rel=\"nofollow\" data-success_message=\"&ldquo;La Montina Franciacorta DOCG Brut 6 L Methusalem in HK&rdquo; has been added to your cart\" role=\"button\">Add to cart<\/a><\/div>\t<span id=\"woocommerce_loop_add_to_cart_link_describedby_4741\" class=\"screen-reader-text\">\n\t\t\t<\/span>\n\t\t\t\t\t\t\t<\/div>\n\t\t\t\t\t\t<\/div>\n\t\t\t\t\t\t<\/div>\n\t\t\t\t\t<\/div><\/div>\n\n\n  \n    <div class=\"row  equalize-box show-for-medium hide-for-small large-columns-3 medium-columns-2 small-columns-1 row-large has-shadow row-box-shadow-2 row-box-shadow-4-hover\" >\n  \t\n\t     <div class=\"col\" data-animate=\"fadeInUp\">\n\t\t\t\t\t\t<div class=\"col-inner\">\n\t\t\t\t\t\t\n<div class=\"badge-container badge-custom absolute right top z-1\">\n<div class=\"callout badge badge-circle\"><div class=\"badge-inner secondary on-sale\"><span class=\"onsale\">Sale!<\/span><\/div><\/div>\n<\/div>\n\t\t\t\t\t\t<div class=\"product-small box has-hover box-normal box-text-bottom\">\n\t\t\t\t\t\t\t<div class=\"box-image\" >\n\t\t\t\t\t\t\t\t<div class=\"\" >\n\t\t\t\t\t\t\t\t\t<a href=\"https:\/\/schaumweinkontor.com\/en\/produkt\/la-montina-franciacorta-docg-brut-15-l-magnum\/\" aria-label=\"La Montina Franciacorta DOCG Brut 1,5 L Magnum\">\n\t\t\t\t\t\t\t\t\t\t<img loading=\"lazy\" decoding=\"async\" width=\"300\" height=\"300\" src=\"https:\/\/schaumweinkontor.com\/wp-content\/uploads\/2022\/06\/Franciacorta-Brut-La-Montina-800x800-px-1-300x300.jpg\" class=\"attachment-medium size-medium\" alt=\"La Montina Franciacorta DOCG Brut 1,5 L Magnum\" srcset=\"https:\/\/schaumweinkontor.com\/wp-content\/uploads\/2022\/06\/Franciacorta-Brut-La-Montina-800x800-px-1-300x300.jpg 300w, https:\/\/schaumweinkontor.com\/wp-content\/uploads\/2022\/06\/Franciacorta-Brut-La-Montina-800x800-px-1-150x150.jpg 150w, https:\/\/schaumweinkontor.com\/wp-content\/uploads\/2022\/06\/Franciacorta-Brut-La-Montina-800x800-px-1-768x768.jpg 768w, https:\/\/schaumweinkontor.com\/wp-content\/uploads\/2022\/06\/Franciacorta-Brut-La-Montina-800x800-px-1-510x510.jpg 510w, https:\/\/schaumweinkontor.com\/wp-content\/uploads\/2022\/06\/Franciacorta-Brut-La-Montina-800x800-px-1-100x100.jpg 100w, https:\/\/schaumweinkontor.com\/wp-content\/uploads\/2022\/06\/Franciacorta-Brut-La-Montina-800x800-px-1.jpg 800w\" sizes=\"auto, (max-width: 300px) 100vw, 300px\" \/>\t\t\t\t\t\t\t\t\t<\/a>\n\t\t\t\t\t\t\t\t\t\t\t\t\t\t\t\t\t\t \t\t\t\t\t\t\t\t<\/div>\n\t\t\t\t\t\t\t\t<div class=\"image-tools top right show-on-hover\">\n\t\t\t\t\t\t\t\t\t\t\t\t\t\t\t\t\t<\/div>\n\t\t\t\t\t\t\t\t\t\t\t\t\t\t\t\t\t<div class=\"image-tools grid-tools text-center hide-for-small bottom hover-slide-in show-on-hover\">\n\t\t\t\t\t\t\t\t\t\t\t\t\t\t\t\t\t\t\t<\/div>\n\t\t\t\t\t\t\t\t\t\t\t\t\t\t\t\t\t\t\t\t\t\t\t<\/div>\n\n\t\t\t\t\t\t\t<div class=\"box-text text-center\" style=\"padding:0px 0px px 0px;\">\n\t\t\t\t\t\t\t\t<div class=\"title-wrapper\">\t\t<p class=\"category uppercase is-smaller no-text-overflow product-cat op-7\">\n\t\t\tLa Montina\t\t<\/p>\n\t<p class=\"name product-title woocommerce-loop-product__title\"><a href=\"https:\/\/schaumweinkontor.com\/en\/produkt\/la-montina-franciacorta-docg-brut-15-l-magnum\/\" class=\"woocommerce-LoopProduct-link woocommerce-loop-product__link\">La Montina Franciacorta DOCG Brut 1,5 L Magnum<\/a><\/p><\/div><div class=\"price-wrapper\">\n\t<span class=\"price\"><del aria-hidden=\"true\"><span class=\"woocommerce-Price-amount amount\" role=\"none\"><bdi><span class=\"woocommerce-Price-currencySymbol\">&euro;<\/span>&nbsp;54,00<\/bdi><\/span><\/del> <span class=\"screen-reader-text\">Original price was: &euro;&nbsp;54,00.<\/span><ins aria-hidden=\"true\"><span class=\"woocommerce-Price-amount amount\" role=\"none\"><bdi><span class=\"woocommerce-Price-currencySymbol\">&euro;<\/span>&nbsp;36,00<\/bdi><\/span><\/ins><span class=\"screen-reader-text\">Current price is: &euro;&nbsp;36,00.<\/span> <small class=\"woocommerce-price-suffix\">inkl. MwSt.<\/small><\/span>\n<\/div><div class=\"add-to-cart-button\"><a href=\"\/en\/wp-json\/wp\/v2\/pages\/4628?add-to-cart=4743\" aria-describedby=\"woocommerce_loop_add_to_cart_link_describedby_4743\" data-quantity=\"1\" class=\"primary is-small mb-0 button product_type_simple add_to_cart_button ajax_add_to_cart is-outline\" data-product_id=\"4743\" data-product_sku=\"100300111\" aria-label=\"Add to cart: &ldquo;La Montina Franciacorta DOCG Brut 1,5 L Magnum&rdquo;\" rel=\"nofollow\" data-success_message=\"&ldquo;La Montina Franciacorta DOCG Brut 1,5 L Magnum&rdquo; has been added to your cart\" role=\"button\">Add to cart<\/a><\/div>\t<span id=\"woocommerce_loop_add_to_cart_link_describedby_4743\" class=\"screen-reader-text\">\n\t\t\t<\/span>\n\t\t\t\t\t\t\t<\/div>\n\t\t\t\t\t\t<\/div>\n\t\t\t\t\t\t<\/div>\n\t\t\t\t\t<\/div><div class=\"col\" data-animate=\"fadeInUp\">\n\t\t\t\t\t\t<div class=\"col-inner\">\n\t\t\t\t\t\t\n<div class=\"badge-container badge-custom absolute right top z-1\">\n<div class=\"callout badge badge-circle\"><div class=\"badge-inner secondary on-sale\"><span class=\"onsale\">Sale!<\/span><\/div><\/div>\n<\/div>\n\t\t\t\t\t\t<div class=\"product-small box has-hover box-normal box-text-bottom\">\n\t\t\t\t\t\t\t<div class=\"box-image\" >\n\t\t\t\t\t\t\t\t<div class=\"\" >\n\t\t\t\t\t\t\t\t\t<a href=\"https:\/\/schaumweinkontor.com\/en\/produkt\/la-montina-franciacorta-docg-saten-15-l-magnum\/\" aria-label=\"La Montina Franciacorta DOCG Sat\u00e8n 1,5 L Magnum\">\n\t\t\t\t\t\t\t\t\t\t<img loading=\"lazy\" decoding=\"async\" width=\"300\" height=\"300\" src=\"https:\/\/schaumweinkontor.com\/wp-content\/uploads\/2022\/06\/Franciacorta-Confezione-litografata-Saten-Packung-800x800-px-2-300x300.jpg\" class=\"attachment-medium size-medium\" alt=\"La Montina Franciacorta DOCG Sat\u00e8n 1,5 L Magnum\" srcset=\"https:\/\/schaumweinkontor.com\/wp-content\/uploads\/2022\/06\/Franciacorta-Confezione-litografata-Saten-Packung-800x800-px-2-300x300.jpg 300w, https:\/\/schaumweinkontor.com\/wp-content\/uploads\/2022\/06\/Franciacorta-Confezione-litografata-Saten-Packung-800x800-px-2-100x100.jpg 100w, https:\/\/schaumweinkontor.com\/wp-content\/uploads\/2022\/06\/Franciacorta-Confezione-litografata-Saten-Packung-800x800-px-2-510x510.jpg 510w, https:\/\/schaumweinkontor.com\/wp-content\/uploads\/2022\/06\/Franciacorta-Confezione-litografata-Saten-Packung-800x800-px-2-150x150.jpg 150w, https:\/\/schaumweinkontor.com\/wp-content\/uploads\/2022\/06\/Franciacorta-Confezione-litografata-Saten-Packung-800x800-px-2-768x768.jpg 768w, https:\/\/schaumweinkontor.com\/wp-content\/uploads\/2022\/06\/Franciacorta-Confezione-litografata-Saten-Packung-800x800-px-2.jpg 800w\" sizes=\"auto, (max-width: 300px) 100vw, 300px\" \/>\t\t\t\t\t\t\t\t\t<\/a>\n\t\t\t\t\t\t\t\t\t\t\t\t\t\t\t\t\t\t \t\t\t\t\t\t\t\t<\/div>\n\t\t\t\t\t\t\t\t<div class=\"image-tools top right show-on-hover\">\n\t\t\t\t\t\t\t\t\t\t\t\t\t\t\t\t\t<\/div>\n\t\t\t\t\t\t\t\t\t\t\t\t\t\t\t\t\t<div class=\"image-tools grid-tools text-center hide-for-small bottom hover-slide-in show-on-hover\">\n\t\t\t\t\t\t\t\t\t\t\t\t\t\t\t\t\t\t\t<\/div>\n\t\t\t\t\t\t\t\t\t\t\t\t\t\t\t\t\t\t\t\t\t\t\t<\/div>\n\n\t\t\t\t\t\t\t<div class=\"box-text text-center\" style=\"padding:0px 0px px 0px;\">\n\t\t\t\t\t\t\t\t<div class=\"title-wrapper\">\t\t<p class=\"category uppercase is-smaller no-text-overflow product-cat op-7\">\n\t\t\tLa Montina\t\t<\/p>\n\t<p class=\"name product-title woocommerce-loop-product__title\"><a href=\"https:\/\/schaumweinkontor.com\/en\/produkt\/la-montina-franciacorta-docg-saten-15-l-magnum\/\" class=\"woocommerce-LoopProduct-link woocommerce-loop-product__link\">La Montina Franciacorta DOCG Sat\u00e8n 1,5 L Magnum<\/a><\/p><\/div><div class=\"price-wrapper\">\n\t<span class=\"price\"><del aria-hidden=\"true\"><span class=\"woocommerce-Price-amount amount\" role=\"none\"><bdi><span class=\"woocommerce-Price-currencySymbol\">&euro;<\/span>&nbsp;61,50<\/bdi><\/span><\/del> <span class=\"screen-reader-text\">Original price was: &euro;&nbsp;61,50.<\/span><ins aria-hidden=\"true\"><span class=\"woocommerce-Price-amount amount\" role=\"none\"><bdi><span class=\"woocommerce-Price-currencySymbol\">&euro;<\/span>&nbsp;49,00<\/bdi><\/span><\/ins><span class=\"screen-reader-text\">Current price is: &euro;&nbsp;49,00.<\/span> <small class=\"woocommerce-price-suffix\">inkl. MwSt.<\/small><\/span>\n<\/div><div class=\"add-to-cart-button\"><a href=\"\/en\/wp-json\/wp\/v2\/pages\/4628?add-to-cart=4740\" aria-describedby=\"woocommerce_loop_add_to_cart_link_describedby_4740\" data-quantity=\"1\" class=\"primary is-small mb-0 button product_type_simple add_to_cart_button ajax_add_to_cart is-outline\" data-product_id=\"4740\" data-product_sku=\"100300114\" aria-label=\"Add to cart: &ldquo;La Montina Franciacorta DOCG Sat\u00e8n 1,5 L Magnum&rdquo;\" rel=\"nofollow\" data-success_message=\"&ldquo;La Montina Franciacorta DOCG Sat\u00e8n 1,5 L Magnum&rdquo; has been added to your cart\" role=\"button\">Add to cart<\/a><\/div>\t<span id=\"woocommerce_loop_add_to_cart_link_describedby_4740\" class=\"screen-reader-text\">\n\t\t\t<\/span>\n\t\t\t\t\t\t\t<\/div>\n\t\t\t\t\t\t<\/div>\n\t\t\t\t\t\t<\/div>\n\t\t\t\t\t<\/div><div class=\"col\" data-animate=\"fadeInUp\">\n\t\t\t\t\t\t<div class=\"col-inner\">\n\t\t\t\t\t\t\n<div class=\"badge-container badge-custom absolute right top z-1\">\n<div class=\"callout badge badge-circle\"><div class=\"badge-inner secondary on-sale\"><span class=\"onsale\">Sale!<\/span><\/div><\/div>\n<\/div>\n\t\t\t\t\t\t<div class=\"product-small box has-hover box-normal box-text-bottom\">\n\t\t\t\t\t\t\t<div class=\"box-image\" >\n\t\t\t\t\t\t\t\t<div class=\"\" >\n\t\t\t\t\t\t\t\t\t<a href=\"https:\/\/schaumweinkontor.com\/en\/produkt\/la-montina-franciacorta-docg-brut-3-l-jeroboam-in-hk\/\" aria-label=\"La Montina Franciacorta DOCG Brut 3 L Jeroboam in HK\">\n\t\t\t\t\t\t\t\t\t\t<img loading=\"lazy\" decoding=\"async\" width=\"300\" height=\"300\" src=\"https:\/\/schaumweinkontor.com\/wp-content\/uploads\/2022\/06\/Franciacorta-Jeroboam-Franciacorta-La-montina-300x300.jpg\" class=\"attachment-medium size-medium\" alt=\"La Montina Franciacorta DOCG Brut 3 L Jeroboam in HK\" srcset=\"https:\/\/schaumweinkontor.com\/wp-content\/uploads\/2022\/06\/Franciacorta-Jeroboam-Franciacorta-La-montina-300x300.jpg 300w, https:\/\/schaumweinkontor.com\/wp-content\/uploads\/2022\/06\/Franciacorta-Jeroboam-Franciacorta-La-montina-100x100.jpg 100w, https:\/\/schaumweinkontor.com\/wp-content\/uploads\/2022\/06\/Franciacorta-Jeroboam-Franciacorta-La-montina-510x510.jpg 510w, https:\/\/schaumweinkontor.com\/wp-content\/uploads\/2022\/06\/Franciacorta-Jeroboam-Franciacorta-La-montina-150x150.jpg 150w, https:\/\/schaumweinkontor.com\/wp-content\/uploads\/2022\/06\/Franciacorta-Jeroboam-Franciacorta-La-montina-768x768.jpg 768w, https:\/\/schaumweinkontor.com\/wp-content\/uploads\/2022\/06\/Franciacorta-Jeroboam-Franciacorta-La-montina.jpg 800w\" sizes=\"auto, (max-width: 300px) 100vw, 300px\" \/>\t\t\t\t\t\t\t\t\t<\/a>\n\t\t\t\t\t\t\t\t\t\t\t\t\t\t\t\t\t\t \t\t\t\t\t\t\t\t<\/div>\n\t\t\t\t\t\t\t\t<div class=\"image-tools top right show-on-hover\">\n\t\t\t\t\t\t\t\t\t\t\t\t\t\t\t\t\t<\/div>\n\t\t\t\t\t\t\t\t\t\t\t\t\t\t\t\t\t<div class=\"image-tools grid-tools text-center hide-for-small bottom hover-slide-in show-on-hover\">\n\t\t\t\t\t\t\t\t\t\t\t\t\t\t\t\t\t\t\t<\/div>\n\t\t\t\t\t\t\t\t\t\t\t\t\t\t\t\t\t\t\t\t\t\t\t<\/div>\n\n\t\t\t\t\t\t\t<div class=\"box-text text-center\" style=\"padding:0px 0px px 0px;\">\n\t\t\t\t\t\t\t\t<div class=\"title-wrapper\">\t\t<p class=\"category uppercase is-smaller no-text-overflow product-cat op-7\">\n\t\t\tLa Montina\t\t<\/p>\n\t<p class=\"name product-title woocommerce-loop-product__title\"><a href=\"https:\/\/schaumweinkontor.com\/en\/produkt\/la-montina-franciacorta-docg-brut-3-l-jeroboam-in-hk\/\" class=\"woocommerce-LoopProduct-link woocommerce-loop-product__link\">La Montina Franciacorta DOCG Brut 3 L Jeroboam in HK<\/a><\/p><\/div><div class=\"price-wrapper\">\n\t<span class=\"price\"><del aria-hidden=\"true\"><span class=\"woocommerce-Price-amount amount\" role=\"none\"><bdi><span class=\"woocommerce-Price-currencySymbol\">&euro;<\/span>&nbsp;194,00<\/bdi><\/span><\/del> <span class=\"screen-reader-text\">Original price was: &euro;&nbsp;194,00.<\/span><ins aria-hidden=\"true\"><span class=\"woocommerce-Price-amount amount\" role=\"none\"><bdi><span class=\"woocommerce-Price-currencySymbol\">&euro;<\/span>&nbsp;145,00<\/bdi><\/span><\/ins><span class=\"screen-reader-text\">Current price is: &euro;&nbsp;145,00.<\/span> <small class=\"woocommerce-price-suffix\">inkl. MwSt.<\/small><\/span>\n<\/div><div class=\"add-to-cart-button\"><a href=\"\/en\/wp-json\/wp\/v2\/pages\/4628?add-to-cart=4742\" aria-describedby=\"woocommerce_loop_add_to_cart_link_describedby_4742\" data-quantity=\"1\" class=\"primary is-small mb-0 button product_type_simple add_to_cart_button ajax_add_to_cart is-outline\" data-product_id=\"4742\" data-product_sku=\"100300112\" aria-label=\"Add to cart: &ldquo;La Montina Franciacorta DOCG Brut 3 L Jeroboam in HK&rdquo;\" rel=\"nofollow\" data-success_message=\"&ldquo;La Montina Franciacorta DOCG Brut 3 L Jeroboam in HK&rdquo; has been added to your cart\" role=\"button\">Add to cart<\/a><\/div>\t<span id=\"woocommerce_loop_add_to_cart_link_describedby_4742\" class=\"screen-reader-text\">\n\t\t\t<\/span>\n\t\t\t\t\t\t\t<\/div>\n\t\t\t\t\t\t<\/div>\n\t\t\t\t\t\t<\/div>\n\t\t\t\t\t<\/div><div class=\"col\" data-animate=\"fadeInUp\">\n\t\t\t\t\t\t<div class=\"col-inner\">\n\t\t\t\t\t\t\n<div class=\"badge-container badge-custom absolute right top z-1\">\n<div class=\"callout badge badge-circle\"><div class=\"badge-inner secondary on-sale\"><span class=\"onsale\">Sale!<\/span><\/div><\/div>\n<\/div>\n\t\t\t\t\t\t<div class=\"product-small box has-hover box-normal box-text-bottom\">\n\t\t\t\t\t\t\t<div class=\"box-image\" >\n\t\t\t\t\t\t\t\t<div class=\"\" >\n\t\t\t\t\t\t\t\t\t<a href=\"https:\/\/schaumweinkontor.com\/en\/produkt\/la-montina-franciacorta-docg-brut-6-l-methusalem-in-hk\/\" aria-label=\"La Montina Franciacorta DOCG Brut 6 L Methusalem in HK\">\n\t\t\t\t\t\t\t\t\t\t<img loading=\"lazy\" decoding=\"async\" width=\"300\" height=\"300\" src=\"https:\/\/schaumweinkontor.com\/wp-content\/uploads\/2022\/06\/Franciacorta-Jeroboam-Franciacorta-La-montina-300x300.jpg\" class=\"attachment-medium size-medium\" alt=\"La Montina Franciacorta DOCG Brut 6 L Methusalem in HK\" srcset=\"https:\/\/schaumweinkontor.com\/wp-content\/uploads\/2022\/06\/Franciacorta-Jeroboam-Franciacorta-La-montina-300x300.jpg 300w, https:\/\/schaumweinkontor.com\/wp-content\/uploads\/2022\/06\/Franciacorta-Jeroboam-Franciacorta-La-montina-100x100.jpg 100w, https:\/\/schaumweinkontor.com\/wp-content\/uploads\/2022\/06\/Franciacorta-Jeroboam-Franciacorta-La-montina-510x510.jpg 510w, https:\/\/schaumweinkontor.com\/wp-content\/uploads\/2022\/06\/Franciacorta-Jeroboam-Franciacorta-La-montina-150x150.jpg 150w, https:\/\/schaumweinkontor.com\/wp-content\/uploads\/2022\/06\/Franciacorta-Jeroboam-Franciacorta-La-montina-768x768.jpg 768w, https:\/\/schaumweinkontor.com\/wp-content\/uploads\/2022\/06\/Franciacorta-Jeroboam-Franciacorta-La-montina.jpg 800w\" sizes=\"auto, (max-width: 300px) 100vw, 300px\" \/>\t\t\t\t\t\t\t\t\t<\/a>\n\t\t\t\t\t\t\t\t\t\t\t\t\t\t\t\t\t\t \t\t\t\t\t\t\t\t<\/div>\n\t\t\t\t\t\t\t\t<div class=\"image-tools top right show-on-hover\">\n\t\t\t\t\t\t\t\t\t\t\t\t\t\t\t\t\t<\/div>\n\t\t\t\t\t\t\t\t\t\t\t\t\t\t\t\t\t<div class=\"image-tools grid-tools text-center hide-for-small bottom hover-slide-in show-on-hover\">\n\t\t\t\t\t\t\t\t\t\t\t\t\t\t\t\t\t\t\t<\/div>\n\t\t\t\t\t\t\t\t\t\t\t\t\t\t\t\t\t\t\t\t\t\t\t<\/div>\n\n\t\t\t\t\t\t\t<div class=\"box-text text-center\" style=\"padding:0px 0px px 0px;\">\n\t\t\t\t\t\t\t\t<div class=\"title-wrapper\">\t\t<p class=\"category uppercase is-smaller no-text-overflow product-cat op-7\">\n\t\t\tLa Montina\t\t<\/p>\n\t<p class=\"name product-title woocommerce-loop-product__title\"><a href=\"https:\/\/schaumweinkontor.com\/en\/produkt\/la-montina-franciacorta-docg-brut-6-l-methusalem-in-hk\/\" class=\"woocommerce-LoopProduct-link woocommerce-loop-product__link\">La Montina Franciacorta DOCG Brut 6 L Methusalem in HK<\/a><\/p><\/div><div class=\"price-wrapper\">\n\t<span class=\"price\"><del aria-hidden=\"true\"><span class=\"woocommerce-Price-amount amount\" role=\"none\"><bdi><span class=\"woocommerce-Price-currencySymbol\">&euro;<\/span>&nbsp;387,00<\/bdi><\/span><\/del> <span class=\"screen-reader-text\">Original price was: &euro;&nbsp;387,00.<\/span><ins aria-hidden=\"true\"><span class=\"woocommerce-Price-amount amount\" role=\"none\"><bdi><span class=\"woocommerce-Price-currencySymbol\">&euro;<\/span>&nbsp;310,00<\/bdi><\/span><\/ins><span class=\"screen-reader-text\">Current price is: &euro;&nbsp;310,00.<\/span> <small class=\"woocommerce-price-suffix\">inkl. MwSt.<\/small><\/span>\n<\/div><div class=\"add-to-cart-button\"><a href=\"\/en\/wp-json\/wp\/v2\/pages\/4628?add-to-cart=4741\" aria-describedby=\"woocommerce_loop_add_to_cart_link_describedby_4741\" data-quantity=\"1\" class=\"primary is-small mb-0 button product_type_simple add_to_cart_button ajax_add_to_cart is-outline\" data-product_id=\"4741\" data-product_sku=\"100300113\" aria-label=\"Add to cart: &ldquo;La Montina Franciacorta DOCG Brut 6 L Methusalem in HK&rdquo;\" rel=\"nofollow\" data-success_message=\"&ldquo;La Montina Franciacorta DOCG Brut 6 L Methusalem in HK&rdquo; has been added to your cart\" role=\"button\">Add to cart<\/a><\/div>\t<span id=\"woocommerce_loop_add_to_cart_link_describedby_4741\" class=\"screen-reader-text\">\n\t\t\t<\/span>\n\t\t\t\t\t\t\t<\/div>\n\t\t\t\t\t\t<\/div>\n\t\t\t\t\t\t<\/div>\n\t\t\t\t\t<\/div><\/div>\n\n\n\t\t<\/div>\n\t\t\t\t\t<\/div>\n\n\t\n\n\n<style>\n#row-1721815492 > .col > .col-inner {\n  padding: 15 0px 0px 0px;\n}\n@media (min-width:550px) {\n  #row-1721815492 > .col > .col-inner {\n    padding: 15px 0px 0px 0px;\n  }\n}\n<\/style>\n<\/div>\n<div class=\"is-divider divider clearfix\" style=\"margin-top:3em;margin-bottom:3em;max-width:100%;background-color:rgba(183, 149, 73, 0.459);\"><\/div>\n\n\t<section class=\"section bg_winzer\" id=\"section_162396950\">\n\t\t<div class=\"bg section-bg fill bg-fill  \" >\n\n\t\t\t\n\t\t\t\n\t\t\t\n\n\t\t<\/div>\n\n\t\t\n\n\t\t<div class=\"section-content relative\">\n\t\t\t\n\n<h2 id=\"sonder-villa-mobile\" class=\"uppercase\" style=\"text-align: center;\"><span style=\"font-size: 90%;\">Villa Franciacorta<\/span><\/h2>\n\n\t\t<\/div>\n\n\t\t\n<style>\n#section_162396950 {\n  padding-top: 30px;\n  padding-bottom: 30px;\n}\n#section_162396950 .section-bg.bg-loaded {\n  background-image: url(https:\/\/schaumweinkontor.com\/wp-content\/uploads\/2022\/06\/landscape-illu-gold-transp.png);\n}\n<\/style>\n\t<\/section>\n\t\n<div class=\"row row-full-width align-middle align-center margin-auto\"  id=\"row-2094121646\">\n\n\n\t<div id=\"col-1424391302\" class=\"col small-12 large-12\"  >\n\t\t\t\t<div class=\"col-inner\"  >\n\t\t\t\n\t\t\t\n\n\n  \n    <div class=\"row  equalize-box show-for-small large-columns-3 medium-columns- small-columns-1 row-large has-shadow row-box-shadow-2 row-box-shadow-4-hover\" >\n  \t\n\t     <div class=\"col\" data-animate=\"fadeInUp\">\n\t\t\t\t\t\t<div class=\"col-inner\">\n\t\t\t\t\t\t\n<div class=\"badge-container badge-custom absolute right top z-1\">\n\n<\/div>\n\t\t\t\t\t\t<div class=\"product-small box has-hover box-vertical box-text-bottom\">\n\t\t\t\t\t\t\t<div class=\"box-image\" >\n\t\t\t\t\t\t\t\t<div class=\"\" >\n\t\t\t\t\t\t\t\t\t<a href=\"https:\/\/schaumweinkontor.com\/en\/produkt\/villa-franciacorta-docg-brut-emozione-2015-15-l-magnum\/\" aria-label=\"Villa Franciacorta Brut Emozione 2015 DOCG 1,5 L Magnum\">\n\t\t\t\t\t\t\t\t\t\t<img loading=\"lazy\" decoding=\"async\" width=\"300\" height=\"300\" src=\"https:\/\/schaumweinkontor.com\/wp-content\/uploads\/2022\/06\/emozione1-1-2-300x300.jpg\" class=\"attachment-medium size-medium\" alt=\"Villa Franciacorta Brut Emozione 2015 DOCG 1,5 L Magnum\" srcset=\"https:\/\/schaumweinkontor.com\/wp-content\/uploads\/2022\/06\/emozione1-1-2-300x300.jpg 300w, https:\/\/schaumweinkontor.com\/wp-content\/uploads\/2022\/06\/emozione1-1-2-100x100.jpg 100w, https:\/\/schaumweinkontor.com\/wp-content\/uploads\/2022\/06\/emozione1-1-2-510x510.jpg 510w, https:\/\/schaumweinkontor.com\/wp-content\/uploads\/2022\/06\/emozione1-1-2-150x150.jpg 150w, https:\/\/schaumweinkontor.com\/wp-content\/uploads\/2022\/06\/emozione1-1-2-768x768.jpg 768w, https:\/\/schaumweinkontor.com\/wp-content\/uploads\/2022\/06\/emozione1-1-2.jpg 800w\" sizes=\"auto, (max-width: 300px) 100vw, 300px\" \/>\t\t\t\t\t\t\t\t\t<\/a>\n\t\t\t\t\t\t\t\t\t\t\t\t\t\t\t\t\t\t \t\t\t\t\t\t\t\t<\/div>\n\t\t\t\t\t\t\t\t<div class=\"image-tools top right show-on-hover\">\n\t\t\t\t\t\t\t\t\t\t\t\t\t\t\t\t\t<\/div>\n\t\t\t\t\t\t\t\t\t\t\t\t\t\t\t\t\t<div class=\"image-tools grid-tools text-center hide-for-small bottom hover-slide-in show-on-hover\">\n\t\t\t\t\t\t\t\t\t\t\t\t\t\t\t\t\t\t\t<\/div>\n\t\t\t\t\t\t\t\t\t\t\t\t\t\t\t\t\t\t\t\t\t\t\t<\/div>\n\n\t\t\t\t\t\t\t<div class=\"box-text text-center\" >\n\t\t\t\t\t\t\t\t<div class=\"title-wrapper\">\t\t<p class=\"category uppercase is-smaller no-text-overflow product-cat op-7\">\n\t\t\tVilla Franciacorta\t\t<\/p>\n\t<p class=\"name product-title woocommerce-loop-product__title\"><a href=\"https:\/\/schaumweinkontor.com\/en\/produkt\/villa-franciacorta-docg-brut-emozione-2015-15-l-magnum\/\" class=\"woocommerce-LoopProduct-link woocommerce-loop-product__link\">Villa Franciacorta Brut Emozione 2015 DOCG 1,5 L Magnum<\/a><\/p><\/div><div class=\"price-wrapper\">\n\t<span class=\"price\"><span class=\"woocommerce-Price-amount amount\" role=\"none\"><bdi><span class=\"woocommerce-Price-currencySymbol\">&euro;<\/span>&nbsp;58,00<\/bdi><\/span> <small class=\"woocommerce-price-suffix\">inkl. MwSt.<\/small><\/span>\n<\/div><div class=\"add-to-cart-button\"><a href=\"\/en\/wp-json\/wp\/v2\/pages\/4628?add-to-cart=4747\" aria-describedby=\"woocommerce_loop_add_to_cart_link_describedby_4747\" data-quantity=\"1\" class=\"primary is-small mb-0 button product_type_simple add_to_cart_button ajax_add_to_cart is-outline\" data-product_id=\"4747\" data-product_sku=\"100300140\" aria-label=\"Add to cart: &ldquo;Villa Franciacorta Brut Emozione 2015 DOCG 1,5 L Magnum&rdquo;\" rel=\"nofollow\" data-success_message=\"&ldquo;Villa Franciacorta Brut Emozione 2015 DOCG 1,5 L Magnum&rdquo; has been added to your cart\" role=\"button\">Add to cart<\/a><\/div>\t<span id=\"woocommerce_loop_add_to_cart_link_describedby_4747\" class=\"screen-reader-text\">\n\t\t\t<\/span>\n\t\t\t\t\t\t\t<\/div>\n\t\t\t\t\t\t<\/div>\n\t\t\t\t\t\t<\/div>\n\t\t\t\t\t<\/div><div class=\"col\" data-animate=\"fadeInUp\">\n\t\t\t\t\t\t<div class=\"col-inner\">\n\t\t\t\t\t\t\n<div class=\"badge-container badge-custom absolute right top z-1\">\n\n<\/div>\n\t\t\t\t\t\t<div class=\"product-small box has-hover box-vertical box-text-bottom\">\n\t\t\t\t\t\t\t<div class=\"box-image\" >\n\t\t\t\t\t\t\t\t<div class=\"\" >\n\t\t\t\t\t\t\t\t\t<a href=\"https:\/\/schaumweinkontor.com\/en\/produkt\/villa-franciacorta-docg-mon-saten-brut-2016-15-l-magnum\/\" aria-label=\"Villa Franciacorta DOCG Mon Sat\u00e8n Brut 2016 1,5 L Magnum\">\n\t\t\t\t\t\t\t\t\t\t<img loading=\"lazy\" decoding=\"async\" width=\"300\" height=\"300\" src=\"https:\/\/schaumweinkontor.com\/wp-content\/uploads\/2022\/06\/Villa-Franciacorta-DOCG-Mon-Saten-Brut-2016-15-L-Magnum-300x300.png\" class=\"attachment-medium size-medium\" alt=\"Villa Franciacorta DOCG Mon Sat\u00e8n Brut 2016 1,5 L Magnum\" srcset=\"https:\/\/schaumweinkontor.com\/wp-content\/uploads\/2022\/06\/Villa-Franciacorta-DOCG-Mon-Saten-Brut-2016-15-L-Magnum-300x300.png 300w, https:\/\/schaumweinkontor.com\/wp-content\/uploads\/2022\/06\/Villa-Franciacorta-DOCG-Mon-Saten-Brut-2016-15-L-Magnum-100x100.png 100w, https:\/\/schaumweinkontor.com\/wp-content\/uploads\/2022\/06\/Villa-Franciacorta-DOCG-Mon-Saten-Brut-2016-15-L-Magnum-510x510.png 510w, https:\/\/schaumweinkontor.com\/wp-content\/uploads\/2022\/06\/Villa-Franciacorta-DOCG-Mon-Saten-Brut-2016-15-L-Magnum-150x150.png 150w, https:\/\/schaumweinkontor.com\/wp-content\/uploads\/2022\/06\/Villa-Franciacorta-DOCG-Mon-Saten-Brut-2016-15-L-Magnum-768x768.png 768w, https:\/\/schaumweinkontor.com\/wp-content\/uploads\/2022\/06\/Villa-Franciacorta-DOCG-Mon-Saten-Brut-2016-15-L-Magnum.png 1000w\" sizes=\"auto, (max-width: 300px) 100vw, 300px\" \/>\t\t\t\t\t\t\t\t\t<\/a>\n\t\t\t\t\t\t\t\t\t\t\t\t\t\t\t\t\t\t \t\t\t\t\t\t\t\t<\/div>\n\t\t\t\t\t\t\t\t<div class=\"image-tools top right show-on-hover\">\n\t\t\t\t\t\t\t\t\t\t\t\t\t\t\t\t\t<\/div>\n\t\t\t\t\t\t\t\t\t\t\t\t\t\t\t\t\t<div class=\"image-tools grid-tools text-center hide-for-small bottom hover-slide-in show-on-hover\">\n\t\t\t\t\t\t\t\t\t\t\t\t\t\t\t\t\t\t\t<\/div>\n\t\t\t\t\t\t\t\t\t\t\t\t\t\t\t\t\t\t\t\t\t\t\t<\/div>\n\n\t\t\t\t\t\t\t<div class=\"box-text text-center\" >\n\t\t\t\t\t\t\t\t<div class=\"title-wrapper\">\t\t<p class=\"category uppercase is-smaller no-text-overflow product-cat op-7\">\n\t\t\tVilla Franciacorta\t\t<\/p>\n\t<p class=\"name product-title woocommerce-loop-product__title\"><a href=\"https:\/\/schaumweinkontor.com\/en\/produkt\/villa-franciacorta-docg-mon-saten-brut-2016-15-l-magnum\/\" class=\"woocommerce-LoopProduct-link woocommerce-loop-product__link\">Villa Franciacorta DOCG Mon Sat\u00e8n Brut 2016 1,5 L Magnum<\/a><\/p><\/div><div class=\"price-wrapper\">\n\t<span class=\"price\"><span class=\"woocommerce-Price-amount amount\" role=\"none\"><bdi><span class=\"woocommerce-Price-currencySymbol\">&euro;<\/span>&nbsp;63,50<\/bdi><\/span> <small class=\"woocommerce-price-suffix\">inkl. MwSt.<\/small><\/span>\n<\/div><div class=\"add-to-cart-button\"><a href=\"\/en\/wp-json\/wp\/v2\/pages\/4628?add-to-cart=4752\" aria-describedby=\"woocommerce_loop_add_to_cart_link_describedby_4752\" data-quantity=\"1\" class=\"primary is-small mb-0 button product_type_simple add_to_cart_button ajax_add_to_cart is-outline\" data-product_id=\"4752\" data-product_sku=\"100300116\" aria-label=\"Add to cart: &ldquo;Villa Franciacorta DOCG Mon Sat\u00e8n Brut 2016 1,5 L Magnum&rdquo;\" rel=\"nofollow\" data-success_message=\"&ldquo;Villa Franciacorta DOCG Mon Sat\u00e8n Brut 2016 1,5 L Magnum&rdquo; has been added to your cart\" role=\"button\">Add to cart<\/a><\/div>\t<span id=\"woocommerce_loop_add_to_cart_link_describedby_4752\" class=\"screen-reader-text\">\n\t\t\t<\/span>\n\t\t\t\t\t\t\t<\/div>\n\t\t\t\t\t\t<\/div>\n\t\t\t\t\t\t<\/div>\n\t\t\t\t\t<\/div><div class=\"col\" data-animate=\"fadeInUp\">\n\t\t\t\t\t\t<div class=\"col-inner\">\n\t\t\t\t\t\t\n<div class=\"badge-container badge-custom absolute right top z-1\">\n\n<\/div>\n\t\t\t\t\t\t<div class=\"product-small box has-hover box-vertical box-text-bottom\">\n\t\t\t\t\t\t\t<div class=\"box-image\" >\n\t\t\t\t\t\t\t\t<div class=\"\" >\n\t\t\t\t\t\t\t\t\t<a href=\"https:\/\/schaumweinkontor.com\/en\/produkt\/villa-franciacorta-docg-brut-emozione-2015-15-l-magnum-copy\/\" aria-label=\"Villa Franciacorta DOCG Brut Emozione 2020 1,5 L Magnum BIO\">\n\t\t\t\t\t\t\t\t\t\t<img loading=\"lazy\" decoding=\"async\" width=\"300\" height=\"300\" src=\"https:\/\/schaumweinkontor.com\/wp-content\/uploads\/2024\/04\/Emozione-2020-300x300.png\" class=\"attachment-medium size-medium\" alt=\"Villa Franciacorta DOCG Brut Emozione 2020 1,5 L Magnum BIO\" srcset=\"https:\/\/schaumweinkontor.com\/wp-content\/uploads\/2024\/04\/Emozione-2020-300x300.png 300w, https:\/\/schaumweinkontor.com\/wp-content\/uploads\/2024\/04\/Emozione-2020-150x150.png 150w, https:\/\/schaumweinkontor.com\/wp-content\/uploads\/2024\/04\/Emozione-2020-768x768.png 768w, https:\/\/schaumweinkontor.com\/wp-content\/uploads\/2024\/04\/Emozione-2020-510x510.png 510w, https:\/\/schaumweinkontor.com\/wp-content\/uploads\/2024\/04\/Emozione-2020-100x100.png 100w, https:\/\/schaumweinkontor.com\/wp-content\/uploads\/2024\/04\/Emozione-2020.png 1000w\" sizes=\"auto, (max-width: 300px) 100vw, 300px\" \/>\t\t\t\t\t\t\t\t\t<\/a>\n\t\t\t\t\t\t\t\t\t\t\t\t\t\t\t\t\t\t \t\t\t\t\t\t\t\t<\/div>\n\t\t\t\t\t\t\t\t<div class=\"image-tools top right show-on-hover\">\n\t\t\t\t\t\t\t\t\t\t\t\t\t\t\t\t\t<\/div>\n\t\t\t\t\t\t\t\t\t\t\t\t\t\t\t\t\t<div class=\"image-tools grid-tools text-center hide-for-small bottom hover-slide-in show-on-hover\">\n\t\t\t\t\t\t\t\t\t\t\t\t\t\t\t\t\t\t\t<\/div>\n\t\t\t\t\t\t\t\t\t\t\t\t\t\t\t\t\t\t\t\t\t\t\t<\/div>\n\n\t\t\t\t\t\t\t<div class=\"box-text text-center\" >\n\t\t\t\t\t\t\t\t<div class=\"title-wrapper\">\t\t<p class=\"category uppercase is-smaller no-text-overflow product-cat op-7\">\n\t\t\tVilla Franciacorta\t\t<\/p>\n\t<p class=\"name product-title woocommerce-loop-product__title\"><a href=\"https:\/\/schaumweinkontor.com\/en\/produkt\/villa-franciacorta-docg-brut-emozione-2015-15-l-magnum-copy\/\" class=\"woocommerce-LoopProduct-link woocommerce-loop-product__link\">Villa Franciacorta DOCG Brut Emozione 2020 1,5 L Magnum BIO<\/a><\/p><\/div><div class=\"price-wrapper\">\n\t<span class=\"price\"><span class=\"woocommerce-Price-amount amount\" role=\"none\"><bdi><span class=\"woocommerce-Price-currencySymbol\">&euro;<\/span>&nbsp;64,90<\/bdi><\/span> <small class=\"woocommerce-price-suffix\">inkl. MwSt.<\/small><\/span>\n<\/div><div class=\"add-to-cart-button\"><a href=\"\/en\/wp-json\/wp\/v2\/pages\/4628?add-to-cart=5216\" aria-describedby=\"woocommerce_loop_add_to_cart_link_describedby_5216\" data-quantity=\"1\" class=\"primary is-small mb-0 button product_type_simple add_to_cart_button ajax_add_to_cart is-outline\" data-product_id=\"5216\" data-product_sku=\"100300134\" aria-label=\"Add to cart: &ldquo;Villa Franciacorta DOCG Brut Emozione 2020 1,5 L Magnum BIO&rdquo;\" rel=\"nofollow\" data-success_message=\"&ldquo;Villa Franciacorta DOCG Brut Emozione 2020 1,5 L Magnum BIO&rdquo; has been added to your cart\" role=\"button\">Add to cart<\/a><\/div>\t<span id=\"woocommerce_loop_add_to_cart_link_describedby_5216\" class=\"screen-reader-text\">\n\t\t\t<\/span>\n\t\t\t\t\t\t\t<\/div>\n\t\t\t\t\t\t<\/div>\n\t\t\t\t\t\t<\/div>\n\t\t\t\t\t<\/div><div class=\"col\" data-animate=\"fadeInUp\">\n\t\t\t\t\t\t<div class=\"col-inner\">\n\t\t\t\t\t\t\n<div class=\"badge-container badge-custom absolute right top z-1\">\n\n<\/div>\n\t\t\t\t\t\t<div class=\"product-small box has-hover box-vertical box-text-bottom\">\n\t\t\t\t\t\t\t<div class=\"box-image\" >\n\t\t\t\t\t\t\t\t<div class=\"\" >\n\t\t\t\t\t\t\t\t\t<a href=\"https:\/\/schaumweinkontor.com\/en\/produkt\/villa-franciacorta-docg-blu-extra-brut-2016-15-l-magnum\/\" aria-label=\"Villa Franciacorta DOCG Extra Blu Extra Brut 2016 1,5 L Magnum\">\n\t\t\t\t\t\t\t\t\t\t<img loading=\"lazy\" decoding=\"async\" width=\"300\" height=\"300\" src=\"https:\/\/schaumweinkontor.com\/wp-content\/uploads\/2022\/06\/extra-blu1-1-2-300x300.jpg\" class=\"attachment-medium size-medium\" alt=\"Villa Franciacorta DOCG Extra Blu Extra Brut\" srcset=\"https:\/\/schaumweinkontor.com\/wp-content\/uploads\/2022\/06\/extra-blu1-1-2-300x300.jpg 300w, https:\/\/schaumweinkontor.com\/wp-content\/uploads\/2022\/06\/extra-blu1-1-2-100x100.jpg 100w, https:\/\/schaumweinkontor.com\/wp-content\/uploads\/2022\/06\/extra-blu1-1-2-510x510.jpg 510w, https:\/\/schaumweinkontor.com\/wp-content\/uploads\/2022\/06\/extra-blu1-1-2-150x150.jpg 150w, https:\/\/schaumweinkontor.com\/wp-content\/uploads\/2022\/06\/extra-blu1-1-2-768x768.jpg 768w, https:\/\/schaumweinkontor.com\/wp-content\/uploads\/2022\/06\/extra-blu1-1-2.jpg 800w\" sizes=\"auto, (max-width: 300px) 100vw, 300px\" \/>\t\t\t\t\t\t\t\t\t<\/a>\n\t\t\t\t\t\t\t\t\t\t\t\t\t\t\t\t\t\t \t\t\t\t\t\t\t\t<\/div>\n\t\t\t\t\t\t\t\t<div class=\"image-tools top right show-on-hover\">\n\t\t\t\t\t\t\t\t\t\t\t\t\t\t\t\t\t<\/div>\n\t\t\t\t\t\t\t\t\t\t\t\t\t\t\t\t\t<div class=\"image-tools grid-tools text-center hide-for-small bottom hover-slide-in show-on-hover\">\n\t\t\t\t\t\t\t\t\t\t\t\t\t\t\t\t\t\t\t<\/div>\n\t\t\t\t\t\t\t\t\t\t\t\t\t\t\t\t\t\t\t\t\t\t\t<\/div>\n\n\t\t\t\t\t\t\t<div class=\"box-text text-center\" >\n\t\t\t\t\t\t\t\t<div class=\"title-wrapper\">\t\t<p class=\"category uppercase is-smaller no-text-overflow product-cat op-7\">\n\t\t\tVilla Franciacorta\t\t<\/p>\n\t<p class=\"name product-title woocommerce-loop-product__title\"><a href=\"https:\/\/schaumweinkontor.com\/en\/produkt\/villa-franciacorta-docg-blu-extra-brut-2016-15-l-magnum\/\" class=\"woocommerce-LoopProduct-link woocommerce-loop-product__link\">Villa Franciacorta DOCG Extra Blu Extra Brut 2016 1,5 L Magnum<\/a><\/p><\/div><div class=\"price-wrapper\">\n\t<span class=\"price\"><span class=\"woocommerce-Price-amount amount\" role=\"none\"><bdi><span class=\"woocommerce-Price-currencySymbol\">&euro;<\/span>&nbsp;69,00<\/bdi><\/span> <small class=\"woocommerce-price-suffix\">inkl. MwSt.<\/small><\/span>\n<\/div><div class=\"add-to-cart-button\"><a href=\"\/en\/wp-json\/wp\/v2\/pages\/4628?add-to-cart=4744\" aria-describedby=\"woocommerce_loop_add_to_cart_link_describedby_4744\" data-quantity=\"1\" class=\"primary is-small mb-0 button product_type_simple add_to_cart_button ajax_add_to_cart is-outline\" data-product_id=\"4744\" data-product_sku=\"100300122\" aria-label=\"Add to cart: &ldquo;Villa Franciacorta DOCG Extra Blu Extra Brut 2016 1,5 L Magnum&rdquo;\" rel=\"nofollow\" data-success_message=\"&ldquo;Villa Franciacorta DOCG Extra Blu Extra Brut 2016 1,5 L Magnum&rdquo; has been added to your cart\" role=\"button\">Add to cart<\/a><\/div>\t<span id=\"woocommerce_loop_add_to_cart_link_describedby_4744\" class=\"screen-reader-text\">\n\t\t\t<\/span>\n\t\t\t\t\t\t\t<\/div>\n\t\t\t\t\t\t<\/div>\n\t\t\t\t\t\t<\/div>\n\t\t\t\t\t<\/div><div class=\"col\" data-animate=\"fadeInUp\">\n\t\t\t\t\t\t<div class=\"col-inner\">\n\t\t\t\t\t\t\n<div class=\"badge-container badge-custom absolute right top z-1\">\n\n<\/div>\n\t\t\t\t\t\t<div class=\"product-small box has-hover box-vertical box-text-bottom\">\n\t\t\t\t\t\t\t<div class=\"box-image\" >\n\t\t\t\t\t\t\t\t<div class=\"\" >\n\t\t\t\t\t\t\t\t\t<a href=\"https:\/\/schaumweinkontor.com\/en\/produkt\/villa-franciacorta-docg-brut-emozione-2016-3-l-jeroboam-in-hk\/\" aria-label=\"Villa Franciacorta DOCG Brut Emozione 2016 3 L Jeroboam in HK\">\n\t\t\t\t\t\t\t\t\t\t<img loading=\"lazy\" decoding=\"async\" width=\"300\" height=\"300\" src=\"https:\/\/schaumweinkontor.com\/wp-content\/uploads\/2022\/06\/emozione1-1-2-300x300.jpg\" class=\"attachment-medium size-medium\" alt=\"Villa Franciacorta DOCG Brut Emozione 2016 3 L Jeroboam in HK\" srcset=\"https:\/\/schaumweinkontor.com\/wp-content\/uploads\/2022\/06\/emozione1-1-2-300x300.jpg 300w, https:\/\/schaumweinkontor.com\/wp-content\/uploads\/2022\/06\/emozione1-1-2-100x100.jpg 100w, https:\/\/schaumweinkontor.com\/wp-content\/uploads\/2022\/06\/emozione1-1-2-510x510.jpg 510w, https:\/\/schaumweinkontor.com\/wp-content\/uploads\/2022\/06\/emozione1-1-2-150x150.jpg 150w, https:\/\/schaumweinkontor.com\/wp-content\/uploads\/2022\/06\/emozione1-1-2-768x768.jpg 768w, https:\/\/schaumweinkontor.com\/wp-content\/uploads\/2022\/06\/emozione1-1-2.jpg 800w\" sizes=\"auto, (max-width: 300px) 100vw, 300px\" \/>\t\t\t\t\t\t\t\t\t<\/a>\n\t\t\t\t\t\t\t\t\t\t\t\t\t\t\t\t\t\t \t\t\t\t\t\t\t\t<\/div>\n\t\t\t\t\t\t\t\t<div class=\"image-tools top right show-on-hover\">\n\t\t\t\t\t\t\t\t\t\t\t\t\t\t\t\t\t<\/div>\n\t\t\t\t\t\t\t\t\t\t\t\t\t\t\t\t\t<div class=\"image-tools grid-tools text-center hide-for-small bottom hover-slide-in show-on-hover\">\n\t\t\t\t\t\t\t\t\t\t\t\t\t\t\t\t\t\t\t<\/div>\n\t\t\t\t\t\t\t\t\t\t\t\t\t\t\t\t\t\t\t\t\t\t\t<\/div>\n\n\t\t\t\t\t\t\t<div class=\"box-text text-center\" >\n\t\t\t\t\t\t\t\t<div class=\"title-wrapper\">\t\t<p class=\"category uppercase is-smaller no-text-overflow product-cat op-7\">\n\t\t\tVilla Franciacorta\t\t<\/p>\n\t<p class=\"name product-title woocommerce-loop-product__title\"><a href=\"https:\/\/schaumweinkontor.com\/en\/produkt\/villa-franciacorta-docg-brut-emozione-2016-3-l-jeroboam-in-hk\/\" class=\"woocommerce-LoopProduct-link woocommerce-loop-product__link\">Villa Franciacorta DOCG Brut Emozione 2016 3 L Jeroboam in HK<\/a><\/p><\/div><div class=\"price-wrapper\">\n\t<span class=\"price\"><span class=\"woocommerce-Price-amount amount\" role=\"none\"><bdi><span class=\"woocommerce-Price-currencySymbol\">&euro;<\/span>&nbsp;198,00<\/bdi><\/span> <small class=\"woocommerce-price-suffix\">inkl. MwSt.<\/small><\/span>\n<\/div><div class=\"add-to-cart-button\"><a href=\"\/en\/wp-json\/wp\/v2\/pages\/4628?add-to-cart=4748\" aria-describedby=\"woocommerce_loop_add_to_cart_link_describedby_4748\" data-quantity=\"1\" class=\"primary is-small mb-0 button product_type_simple add_to_cart_button ajax_add_to_cart is-outline\" data-product_id=\"4748\" data-product_sku=\"100300119\" aria-label=\"Add to cart: &ldquo;Villa Franciacorta DOCG Brut Emozione 2016 3 L Jeroboam in HK&rdquo;\" rel=\"nofollow\" data-success_message=\"&ldquo;Villa Franciacorta DOCG Brut Emozione 2016 3 L Jeroboam in HK&rdquo; has been added to your cart\" role=\"button\">Add to cart<\/a><\/div>\t<span id=\"woocommerce_loop_add_to_cart_link_describedby_4748\" class=\"screen-reader-text\">\n\t\t\t<\/span>\n\t\t\t\t\t\t\t<\/div>\n\t\t\t\t\t\t<\/div>\n\t\t\t\t\t\t<\/div>\n\t\t\t\t\t<\/div><div class=\"col\" data-animate=\"fadeInUp\">\n\t\t\t\t\t\t<div class=\"col-inner\">\n\t\t\t\t\t\t\n<div class=\"badge-container badge-custom absolute right top z-1\">\n\n<\/div>\n\t\t\t\t\t\t<div class=\"product-small box has-hover box-vertical box-text-bottom\">\n\t\t\t\t\t\t\t<div class=\"box-image\" >\n\t\t\t\t\t\t\t\t<div class=\"\" >\n\t\t\t\t\t\t\t\t\t<a href=\"https:\/\/schaumweinkontor.com\/en\/produkt\/villa-franciacorta-docg-brut-emozione-2014-3-l-jeroboam-in-hk\/\" aria-label=\"Villa Franciacorta DOCG Brut Emozione 2014 3 L Jeroboam in HK\">\n\t\t\t\t\t\t\t\t\t\t<img loading=\"lazy\" decoding=\"async\" width=\"300\" height=\"300\" src=\"https:\/\/schaumweinkontor.com\/wp-content\/uploads\/2022\/06\/emozione1-1-2-300x300.jpg\" class=\"attachment-medium size-medium\" alt=\"Villa Franciacorta DOCG Brut Emozione 2014 3 L Jeroboam in HK\" srcset=\"https:\/\/schaumweinkontor.com\/wp-content\/uploads\/2022\/06\/emozione1-1-2-300x300.jpg 300w, https:\/\/schaumweinkontor.com\/wp-content\/uploads\/2022\/06\/emozione1-1-2-100x100.jpg 100w, https:\/\/schaumweinkontor.com\/wp-content\/uploads\/2022\/06\/emozione1-1-2-510x510.jpg 510w, https:\/\/schaumweinkontor.com\/wp-content\/uploads\/2022\/06\/emozione1-1-2-150x150.jpg 150w, https:\/\/schaumweinkontor.com\/wp-content\/uploads\/2022\/06\/emozione1-1-2-768x768.jpg 768w, https:\/\/schaumweinkontor.com\/wp-content\/uploads\/2022\/06\/emozione1-1-2.jpg 800w\" sizes=\"auto, (max-width: 300px) 100vw, 300px\" \/>\t\t\t\t\t\t\t\t\t<\/a>\n\t\t\t\t\t\t\t\t\t\t\t\t\t\t\t\t\t\t \t\t\t\t\t\t\t\t<\/div>\n\t\t\t\t\t\t\t\t<div class=\"image-tools top right show-on-hover\">\n\t\t\t\t\t\t\t\t\t\t\t\t\t\t\t\t\t<\/div>\n\t\t\t\t\t\t\t\t\t\t\t\t\t\t\t\t\t<div class=\"image-tools grid-tools text-center hide-for-small bottom hover-slide-in show-on-hover\">\n\t\t\t\t\t\t\t\t\t\t\t\t\t\t\t\t\t\t\t<\/div>\n\t\t\t\t\t\t\t\t\t\t\t\t\t\t\t\t\t\t\t\t\t\t\t<\/div>\n\n\t\t\t\t\t\t\t<div class=\"box-text text-center\" >\n\t\t\t\t\t\t\t\t<div class=\"title-wrapper\">\t\t<p class=\"category uppercase is-smaller no-text-overflow product-cat op-7\">\n\t\t\tVilla Franciacorta\t\t<\/p>\n\t<p class=\"name product-title woocommerce-loop-product__title\"><a href=\"https:\/\/schaumweinkontor.com\/en\/produkt\/villa-franciacorta-docg-brut-emozione-2014-3-l-jeroboam-in-hk\/\" class=\"woocommerce-LoopProduct-link woocommerce-loop-product__link\">Villa Franciacorta DOCG Brut Emozione 2014 3 L Jeroboam in HK<\/a><\/p><\/div><div class=\"price-wrapper\">\n\t<span class=\"price\"><span class=\"woocommerce-Price-amount amount\" role=\"none\"><bdi><span class=\"woocommerce-Price-currencySymbol\">&euro;<\/span>&nbsp;205,20<\/bdi><\/span> <small class=\"woocommerce-price-suffix\">inkl. MwSt.<\/small><\/span>\n<\/div><div class=\"add-to-cart-button\"><a href=\"\/en\/wp-json\/wp\/v2\/pages\/4628?add-to-cart=4749\" aria-describedby=\"woocommerce_loop_add_to_cart_link_describedby_4749\" data-quantity=\"1\" class=\"primary is-small mb-0 button product_type_simple add_to_cart_button ajax_add_to_cart is-outline\" data-product_id=\"4749\" data-product_sku=\"\" aria-label=\"Add to cart: &ldquo;Villa Franciacorta DOCG Brut Emozione 2014 3 L Jeroboam in HK&rdquo;\" rel=\"nofollow\" data-success_message=\"&ldquo;Villa Franciacorta DOCG Brut Emozione 2014 3 L Jeroboam in HK&rdquo; has been added to your cart\" role=\"button\">Add to cart<\/a><\/div>\t<span id=\"woocommerce_loop_add_to_cart_link_describedby_4749\" class=\"screen-reader-text\">\n\t\t\t<\/span>\n\t\t\t\t\t\t\t<\/div>\n\t\t\t\t\t\t<\/div>\n\t\t\t\t\t\t<\/div>\n\t\t\t\t\t<\/div><div class=\"col\" data-animate=\"fadeInUp\">\n\t\t\t\t\t\t<div class=\"col-inner\">\n\t\t\t\t\t\t\n<div class=\"badge-container badge-custom absolute right top z-1\">\n\n<\/div>\n\t\t\t\t\t\t<div class=\"product-small box has-hover box-vertical box-text-bottom\">\n\t\t\t\t\t\t\t<div class=\"box-image\" >\n\t\t\t\t\t\t\t\t<div class=\"\" >\n\t\t\t\t\t\t\t\t\t<a href=\"https:\/\/schaumweinkontor.com\/en\/produkt\/villa-franciacorta-docg-brut-emozione-2018-15-l-magnum-bio-copy\/\" aria-label=\"Villa Franciacorta DOCG Brut Emozione 2018 3 L BIO in Wooden Box\">\n\t\t\t\t\t\t\t\t\t\t<img loading=\"lazy\" decoding=\"async\" width=\"300\" height=\"300\" src=\"https:\/\/schaumweinkontor.com\/wp-content\/uploads\/2022\/06\/emozione1-1-2-300x300.jpg\" class=\"attachment-medium size-medium\" alt=\"Villa Franciacorta DOCG Brut Emozione 2018 3 L BIO in Wooden Box\" srcset=\"https:\/\/schaumweinkontor.com\/wp-content\/uploads\/2022\/06\/emozione1-1-2-300x300.jpg 300w, https:\/\/schaumweinkontor.com\/wp-content\/uploads\/2022\/06\/emozione1-1-2-100x100.jpg 100w, https:\/\/schaumweinkontor.com\/wp-content\/uploads\/2022\/06\/emozione1-1-2-510x510.jpg 510w, https:\/\/schaumweinkontor.com\/wp-content\/uploads\/2022\/06\/emozione1-1-2-150x150.jpg 150w, https:\/\/schaumweinkontor.com\/wp-content\/uploads\/2022\/06\/emozione1-1-2-768x768.jpg 768w, https:\/\/schaumweinkontor.com\/wp-content\/uploads\/2022\/06\/emozione1-1-2.jpg 800w\" sizes=\"auto, (max-width: 300px) 100vw, 300px\" \/>\t\t\t\t\t\t\t\t\t<\/a>\n\t\t\t\t\t\t\t\t\t\t\t\t\t\t\t\t\t\t \t\t\t\t\t\t\t\t<\/div>\n\t\t\t\t\t\t\t\t<div class=\"image-tools top right show-on-hover\">\n\t\t\t\t\t\t\t\t\t\t\t\t\t\t\t\t\t<\/div>\n\t\t\t\t\t\t\t\t\t\t\t\t\t\t\t\t\t<div class=\"image-tools grid-tools text-center hide-for-small bottom hover-slide-in show-on-hover\">\n\t\t\t\t\t\t\t\t\t\t\t\t\t\t\t\t\t\t\t<\/div>\n\t\t\t\t\t\t\t\t\t\t\t\t\t\t\t\t\t\t\t\t\t\t\t<\/div>\n\n\t\t\t\t\t\t\t<div class=\"box-text text-center\" >\n\t\t\t\t\t\t\t\t<div class=\"title-wrapper\">\t\t<p class=\"category uppercase is-smaller no-text-overflow product-cat op-7\">\n\t\t\tVilla Franciacorta\t\t<\/p>\n\t<p class=\"name product-title woocommerce-loop-product__title\"><a href=\"https:\/\/schaumweinkontor.com\/en\/produkt\/villa-franciacorta-docg-brut-emozione-2018-15-l-magnum-bio-copy\/\" class=\"woocommerce-LoopProduct-link woocommerce-loop-product__link\">Villa Franciacorta DOCG Brut Emozione 2018 3 L BIO in Wooden Box<\/a><\/p><\/div><div class=\"price-wrapper\">\n\t<span class=\"price\"><span class=\"woocommerce-Price-amount amount\" role=\"none\"><bdi><span class=\"woocommerce-Price-currencySymbol\">&euro;<\/span>&nbsp;225,00<\/bdi><\/span> <small class=\"woocommerce-price-suffix\">inkl. MwSt.<\/small><\/span>\n<\/div><div class=\"add-to-cart-button\"><a href=\"\/en\/wp-json\/wp\/v2\/pages\/4628?add-to-cart=5218\" aria-describedby=\"woocommerce_loop_add_to_cart_link_describedby_5218\" data-quantity=\"1\" class=\"primary is-small mb-0 button product_type_simple add_to_cart_button ajax_add_to_cart is-outline\" data-product_id=\"5218\" data-product_sku=\"100300129\" aria-label=\"Add to cart: &ldquo;Villa Franciacorta DOCG Brut Emozione 2018 3 L BIO in Wooden Box&rdquo;\" rel=\"nofollow\" data-success_message=\"&ldquo;Villa Franciacorta DOCG Brut Emozione 2018 3 L BIO in Wooden Box&rdquo; has been added to your cart\" role=\"button\">Add to cart<\/a><\/div>\t<span id=\"woocommerce_loop_add_to_cart_link_describedby_5218\" class=\"screen-reader-text\">\n\t\t\t<\/span>\n\t\t\t\t\t\t\t<\/div>\n\t\t\t\t\t\t<\/div>\n\t\t\t\t\t\t<\/div>\n\t\t\t\t\t<\/div><div class=\"col\" data-animate=\"fadeInUp\">\n\t\t\t\t\t\t<div class=\"col-inner\">\n\t\t\t\t\t\t\n<div class=\"badge-container badge-custom absolute right top z-1\">\n\n<\/div>\n\t\t\t\t\t\t<div class=\"product-small box has-hover box-vertical box-text-bottom\">\n\t\t\t\t\t\t\t<div class=\"box-image\" >\n\t\t\t\t\t\t\t\t<div class=\"\" >\n\t\t\t\t\t\t\t\t\t<a href=\"https:\/\/schaumweinkontor.com\/en\/produkt\/villa-franciacorta-docg-brut-emozione-2019-6-l-bio-in-wooden-box\/\" aria-label=\"Villa Franciacorta DOCG Brut Emozione 2019 6 L BIO in Wooden Box\">\n\t\t\t\t\t\t\t\t\t\t<img loading=\"lazy\" decoding=\"async\" width=\"300\" height=\"300\" src=\"https:\/\/schaumweinkontor.com\/wp-content\/uploads\/2024\/04\/Emozione-2019-300x300.png\" class=\"attachment-medium size-medium\" alt=\"Villa Franciacorta DOCG Brut Emozione 2019 BIO \" srcset=\"https:\/\/schaumweinkontor.com\/wp-content\/uploads\/2024\/04\/Emozione-2019-300x300.png 300w, https:\/\/schaumweinkontor.com\/wp-content\/uploads\/2024\/04\/Emozione-2019-150x150.png 150w, https:\/\/schaumweinkontor.com\/wp-content\/uploads\/2024\/04\/Emozione-2019-768x768.png 768w, https:\/\/schaumweinkontor.com\/wp-content\/uploads\/2024\/04\/Emozione-2019-510x510.png 510w, https:\/\/schaumweinkontor.com\/wp-content\/uploads\/2024\/04\/Emozione-2019-100x100.png 100w, https:\/\/schaumweinkontor.com\/wp-content\/uploads\/2024\/04\/Emozione-2019.png 1000w\" sizes=\"auto, (max-width: 300px) 100vw, 300px\" \/>\t\t\t\t\t\t\t\t\t<\/a>\n\t\t\t\t\t\t\t\t\t\t\t\t\t\t\t\t\t\t \t\t\t\t\t\t\t\t<\/div>\n\t\t\t\t\t\t\t\t<div class=\"image-tools top right show-on-hover\">\n\t\t\t\t\t\t\t\t\t\t\t\t\t\t\t\t\t<\/div>\n\t\t\t\t\t\t\t\t\t\t\t\t\t\t\t\t\t<div class=\"image-tools grid-tools text-center hide-for-small bottom hover-slide-in show-on-hover\">\n\t\t\t\t\t\t\t\t\t\t\t\t\t\t\t\t\t\t\t<\/div>\n\t\t\t\t\t\t\t\t\t\t\t\t\t\t\t\t\t\t\t\t\t\t\t<\/div>\n\n\t\t\t\t\t\t\t<div class=\"box-text text-center\" >\n\t\t\t\t\t\t\t\t<div class=\"title-wrapper\">\t\t<p class=\"category uppercase is-smaller no-text-overflow product-cat op-7\">\n\t\t\tVilla Franciacorta\t\t<\/p>\n\t<p class=\"name product-title woocommerce-loop-product__title\"><a href=\"https:\/\/schaumweinkontor.com\/en\/produkt\/villa-franciacorta-docg-brut-emozione-2019-6-l-bio-in-wooden-box\/\" class=\"woocommerce-LoopProduct-link woocommerce-loop-product__link\">Villa Franciacorta DOCG Brut Emozione 2019 6 L BIO in Wooden Box<\/a><\/p><\/div><div class=\"price-wrapper\">\n\t<span class=\"price\"><span class=\"woocommerce-Price-amount amount\" role=\"none\"><bdi><span class=\"woocommerce-Price-currencySymbol\">&euro;<\/span>&nbsp;445,00<\/bdi><\/span> <small class=\"woocommerce-price-suffix\">inkl. MwSt.<\/small><\/span>\n<\/div><div class=\"add-to-cart-button\"><a href=\"\/en\/wp-json\/wp\/v2\/pages\/4628?add-to-cart=5219\" aria-describedby=\"woocommerce_loop_add_to_cart_link_describedby_5219\" data-quantity=\"1\" class=\"primary is-small mb-0 button product_type_simple add_to_cart_button ajax_add_to_cart is-outline\" data-product_id=\"5219\" data-product_sku=\"100300130\" aria-label=\"Add to cart: &ldquo;Villa Franciacorta DOCG Brut Emozione 2019 6 L BIO in Wooden Box&rdquo;\" rel=\"nofollow\" data-success_message=\"&ldquo;Villa Franciacorta DOCG Brut Emozione 2019 6 L BIO in Wooden Box&rdquo; has been added to your cart\" role=\"button\">Add to cart<\/a><\/div>\t<span id=\"woocommerce_loop_add_to_cart_link_describedby_5219\" class=\"screen-reader-text\">\n\t\t\t<\/span>\n\t\t\t\t\t\t\t<\/div>\n\t\t\t\t\t\t<\/div>\n\t\t\t\t\t\t<\/div>\n\t\t\t\t\t<\/div><\/div>\n\n\n  \n    <div class=\"row  equalize-box show-for-medium hide-for-small large-columns-3 medium-columns-2 small-columns-1 row-large has-shadow row-box-shadow-2 row-box-shadow-4-hover\" >\n  \t\n\t     <div class=\"col\" data-animate=\"fadeInUp\">\n\t\t\t\t\t\t<div class=\"col-inner\">\n\t\t\t\t\t\t\n<div class=\"badge-container badge-custom absolute right top z-1\">\n\n<\/div>\n\t\t\t\t\t\t<div class=\"product-small box has-hover box-normal box-text-bottom\">\n\t\t\t\t\t\t\t<div class=\"box-image\" >\n\t\t\t\t\t\t\t\t<div class=\"\" >\n\t\t\t\t\t\t\t\t\t<a href=\"https:\/\/schaumweinkontor.com\/en\/produkt\/villa-franciacorta-docg-brut-emozione-2015-15-l-magnum\/\" aria-label=\"Villa Franciacorta Brut Emozione 2015 DOCG 1,5 L Magnum\">\n\t\t\t\t\t\t\t\t\t\t<img loading=\"lazy\" decoding=\"async\" width=\"300\" height=\"300\" src=\"https:\/\/schaumweinkontor.com\/wp-content\/uploads\/2022\/06\/emozione1-1-2-300x300.jpg\" class=\"attachment-medium size-medium\" alt=\"Villa Franciacorta Brut Emozione 2015 DOCG 1,5 L Magnum\" srcset=\"https:\/\/schaumweinkontor.com\/wp-content\/uploads\/2022\/06\/emozione1-1-2-300x300.jpg 300w, https:\/\/schaumweinkontor.com\/wp-content\/uploads\/2022\/06\/emozione1-1-2-100x100.jpg 100w, https:\/\/schaumweinkontor.com\/wp-content\/uploads\/2022\/06\/emozione1-1-2-510x510.jpg 510w, https:\/\/schaumweinkontor.com\/wp-content\/uploads\/2022\/06\/emozione1-1-2-150x150.jpg 150w, https:\/\/schaumweinkontor.com\/wp-content\/uploads\/2022\/06\/emozione1-1-2-768x768.jpg 768w, https:\/\/schaumweinkontor.com\/wp-content\/uploads\/2022\/06\/emozione1-1-2.jpg 800w\" sizes=\"auto, (max-width: 300px) 100vw, 300px\" \/>\t\t\t\t\t\t\t\t\t<\/a>\n\t\t\t\t\t\t\t\t\t\t\t\t\t\t\t\t\t\t \t\t\t\t\t\t\t\t<\/div>\n\t\t\t\t\t\t\t\t<div class=\"image-tools top right show-on-hover\">\n\t\t\t\t\t\t\t\t\t\t\t\t\t\t\t\t\t<\/div>\n\t\t\t\t\t\t\t\t\t\t\t\t\t\t\t\t\t<div class=\"image-tools grid-tools text-center hide-for-small bottom hover-slide-in show-on-hover\">\n\t\t\t\t\t\t\t\t\t\t\t\t\t\t\t\t\t\t\t<\/div>\n\t\t\t\t\t\t\t\t\t\t\t\t\t\t\t\t\t\t\t\t\t\t\t<\/div>\n\n\t\t\t\t\t\t\t<div class=\"box-text text-center\" >\n\t\t\t\t\t\t\t\t<div class=\"title-wrapper\">\t\t<p class=\"category uppercase is-smaller no-text-overflow product-cat op-7\">\n\t\t\tVilla Franciacorta\t\t<\/p>\n\t<p class=\"name product-title woocommerce-loop-product__title\"><a href=\"https:\/\/schaumweinkontor.com\/en\/produkt\/villa-franciacorta-docg-brut-emozione-2015-15-l-magnum\/\" class=\"woocommerce-LoopProduct-link woocommerce-loop-product__link\">Villa Franciacorta Brut Emozione 2015 DOCG 1,5 L Magnum<\/a><\/p><\/div><div class=\"price-wrapper\">\n\t<span class=\"price\"><span class=\"woocommerce-Price-amount amount\" role=\"none\"><bdi><span class=\"woocommerce-Price-currencySymbol\">&euro;<\/span>&nbsp;58,00<\/bdi><\/span> <small class=\"woocommerce-price-suffix\">inkl. MwSt.<\/small><\/span>\n<\/div><div class=\"add-to-cart-button\"><a href=\"\/en\/wp-json\/wp\/v2\/pages\/4628?add-to-cart=4747\" aria-describedby=\"woocommerce_loop_add_to_cart_link_describedby_4747\" data-quantity=\"1\" class=\"primary is-small mb-0 button product_type_simple add_to_cart_button ajax_add_to_cart is-outline\" data-product_id=\"4747\" data-product_sku=\"100300140\" aria-label=\"Add to cart: &ldquo;Villa Franciacorta Brut Emozione 2015 DOCG 1,5 L Magnum&rdquo;\" rel=\"nofollow\" data-success_message=\"&ldquo;Villa Franciacorta Brut Emozione 2015 DOCG 1,5 L Magnum&rdquo; has been added to your cart\" role=\"button\">Add to cart<\/a><\/div>\t<span id=\"woocommerce_loop_add_to_cart_link_describedby_4747\" class=\"screen-reader-text\">\n\t\t\t<\/span>\n\t\t\t\t\t\t\t<\/div>\n\t\t\t\t\t\t<\/div>\n\t\t\t\t\t\t<\/div>\n\t\t\t\t\t<\/div><div class=\"col\" data-animate=\"fadeInUp\">\n\t\t\t\t\t\t<div class=\"col-inner\">\n\t\t\t\t\t\t\n<div class=\"badge-container badge-custom absolute right top z-1\">\n\n<\/div>\n\t\t\t\t\t\t<div class=\"product-small box has-hover box-normal box-text-bottom\">\n\t\t\t\t\t\t\t<div class=\"box-image\" >\n\t\t\t\t\t\t\t\t<div class=\"\" >\n\t\t\t\t\t\t\t\t\t<a href=\"https:\/\/schaumweinkontor.com\/en\/produkt\/villa-franciacorta-docg-mon-saten-brut-2016-15-l-magnum\/\" aria-label=\"Villa Franciacorta DOCG Mon Sat\u00e8n Brut 2016 1,5 L Magnum\">\n\t\t\t\t\t\t\t\t\t\t<img loading=\"lazy\" decoding=\"async\" width=\"300\" height=\"300\" src=\"https:\/\/schaumweinkontor.com\/wp-content\/uploads\/2022\/06\/Villa-Franciacorta-DOCG-Mon-Saten-Brut-2016-15-L-Magnum-300x300.png\" class=\"attachment-medium size-medium\" alt=\"Villa Franciacorta DOCG Mon Sat\u00e8n Brut 2016 1,5 L Magnum\" srcset=\"https:\/\/schaumweinkontor.com\/wp-content\/uploads\/2022\/06\/Villa-Franciacorta-DOCG-Mon-Saten-Brut-2016-15-L-Magnum-300x300.png 300w, https:\/\/schaumweinkontor.com\/wp-content\/uploads\/2022\/06\/Villa-Franciacorta-DOCG-Mon-Saten-Brut-2016-15-L-Magnum-100x100.png 100w, https:\/\/schaumweinkontor.com\/wp-content\/uploads\/2022\/06\/Villa-Franciacorta-DOCG-Mon-Saten-Brut-2016-15-L-Magnum-510x510.png 510w, https:\/\/schaumweinkontor.com\/wp-content\/uploads\/2022\/06\/Villa-Franciacorta-DOCG-Mon-Saten-Brut-2016-15-L-Magnum-150x150.png 150w, https:\/\/schaumweinkontor.com\/wp-content\/uploads\/2022\/06\/Villa-Franciacorta-DOCG-Mon-Saten-Brut-2016-15-L-Magnum-768x768.png 768w, https:\/\/schaumweinkontor.com\/wp-content\/uploads\/2022\/06\/Villa-Franciacorta-DOCG-Mon-Saten-Brut-2016-15-L-Magnum.png 1000w\" sizes=\"auto, (max-width: 300px) 100vw, 300px\" \/>\t\t\t\t\t\t\t\t\t<\/a>\n\t\t\t\t\t\t\t\t\t\t\t\t\t\t\t\t\t\t \t\t\t\t\t\t\t\t<\/div>\n\t\t\t\t\t\t\t\t<div class=\"image-tools top right show-on-hover\">\n\t\t\t\t\t\t\t\t\t\t\t\t\t\t\t\t\t<\/div>\n\t\t\t\t\t\t\t\t\t\t\t\t\t\t\t\t\t<div class=\"image-tools grid-tools text-center hide-for-small bottom hover-slide-in show-on-hover\">\n\t\t\t\t\t\t\t\t\t\t\t\t\t\t\t\t\t\t\t<\/div>\n\t\t\t\t\t\t\t\t\t\t\t\t\t\t\t\t\t\t\t\t\t\t\t<\/div>\n\n\t\t\t\t\t\t\t<div class=\"box-text text-center\" >\n\t\t\t\t\t\t\t\t<div class=\"title-wrapper\">\t\t<p class=\"category uppercase is-smaller no-text-overflow product-cat op-7\">\n\t\t\tVilla Franciacorta\t\t<\/p>\n\t<p class=\"name product-title woocommerce-loop-product__title\"><a href=\"https:\/\/schaumweinkontor.com\/en\/produkt\/villa-franciacorta-docg-mon-saten-brut-2016-15-l-magnum\/\" class=\"woocommerce-LoopProduct-link woocommerce-loop-product__link\">Villa Franciacorta DOCG Mon Sat\u00e8n Brut 2016 1,5 L Magnum<\/a><\/p><\/div><div class=\"price-wrapper\">\n\t<span class=\"price\"><span class=\"woocommerce-Price-amount amount\" role=\"none\"><bdi><span class=\"woocommerce-Price-currencySymbol\">&euro;<\/span>&nbsp;63,50<\/bdi><\/span> <small class=\"woocommerce-price-suffix\">inkl. MwSt.<\/small><\/span>\n<\/div><div class=\"add-to-cart-button\"><a href=\"\/en\/wp-json\/wp\/v2\/pages\/4628?add-to-cart=4752\" aria-describedby=\"woocommerce_loop_add_to_cart_link_describedby_4752\" data-quantity=\"1\" class=\"primary is-small mb-0 button product_type_simple add_to_cart_button ajax_add_to_cart is-outline\" data-product_id=\"4752\" data-product_sku=\"100300116\" aria-label=\"Add to cart: &ldquo;Villa Franciacorta DOCG Mon Sat\u00e8n Brut 2016 1,5 L Magnum&rdquo;\" rel=\"nofollow\" data-success_message=\"&ldquo;Villa Franciacorta DOCG Mon Sat\u00e8n Brut 2016 1,5 L Magnum&rdquo; has been added to your cart\" role=\"button\">Add to cart<\/a><\/div>\t<span id=\"woocommerce_loop_add_to_cart_link_describedby_4752\" class=\"screen-reader-text\">\n\t\t\t<\/span>\n\t\t\t\t\t\t\t<\/div>\n\t\t\t\t\t\t<\/div>\n\t\t\t\t\t\t<\/div>\n\t\t\t\t\t<\/div><div class=\"col\" data-animate=\"fadeInUp\">\n\t\t\t\t\t\t<div class=\"col-inner\">\n\t\t\t\t\t\t\n<div class=\"badge-container badge-custom absolute right top z-1\">\n\n<\/div>\n\t\t\t\t\t\t<div class=\"product-small box has-hover box-normal box-text-bottom\">\n\t\t\t\t\t\t\t<div class=\"box-image\" >\n\t\t\t\t\t\t\t\t<div class=\"\" >\n\t\t\t\t\t\t\t\t\t<a href=\"https:\/\/schaumweinkontor.com\/en\/produkt\/villa-franciacorta-docg-brut-emozione-2015-15-l-magnum-copy\/\" aria-label=\"Villa Franciacorta DOCG Brut Emozione 2020 1,5 L Magnum BIO\">\n\t\t\t\t\t\t\t\t\t\t<img loading=\"lazy\" decoding=\"async\" width=\"300\" height=\"300\" src=\"https:\/\/schaumweinkontor.com\/wp-content\/uploads\/2024\/04\/Emozione-2020-300x300.png\" class=\"attachment-medium size-medium\" alt=\"Villa Franciacorta DOCG Brut Emozione 2020 1,5 L Magnum BIO\" srcset=\"https:\/\/schaumweinkontor.com\/wp-content\/uploads\/2024\/04\/Emozione-2020-300x300.png 300w, https:\/\/schaumweinkontor.com\/wp-content\/uploads\/2024\/04\/Emozione-2020-150x150.png 150w, https:\/\/schaumweinkontor.com\/wp-content\/uploads\/2024\/04\/Emozione-2020-768x768.png 768w, https:\/\/schaumweinkontor.com\/wp-content\/uploads\/2024\/04\/Emozione-2020-510x510.png 510w, https:\/\/schaumweinkontor.com\/wp-content\/uploads\/2024\/04\/Emozione-2020-100x100.png 100w, https:\/\/schaumweinkontor.com\/wp-content\/uploads\/2024\/04\/Emozione-2020.png 1000w\" sizes=\"auto, (max-width: 300px) 100vw, 300px\" \/>\t\t\t\t\t\t\t\t\t<\/a>\n\t\t\t\t\t\t\t\t\t\t\t\t\t\t\t\t\t\t \t\t\t\t\t\t\t\t<\/div>\n\t\t\t\t\t\t\t\t<div class=\"image-tools top right show-on-hover\">\n\t\t\t\t\t\t\t\t\t\t\t\t\t\t\t\t\t<\/div>\n\t\t\t\t\t\t\t\t\t\t\t\t\t\t\t\t\t<div class=\"image-tools grid-tools text-center hide-for-small bottom hover-slide-in show-on-hover\">\n\t\t\t\t\t\t\t\t\t\t\t\t\t\t\t\t\t\t\t<\/div>\n\t\t\t\t\t\t\t\t\t\t\t\t\t\t\t\t\t\t\t\t\t\t\t<\/div>\n\n\t\t\t\t\t\t\t<div class=\"box-text text-center\" >\n\t\t\t\t\t\t\t\t<div class=\"title-wrapper\">\t\t<p class=\"category uppercase is-smaller no-text-overflow product-cat op-7\">\n\t\t\tVilla Franciacorta\t\t<\/p>\n\t<p class=\"name product-title woocommerce-loop-product__title\"><a href=\"https:\/\/schaumweinkontor.com\/en\/produkt\/villa-franciacorta-docg-brut-emozione-2015-15-l-magnum-copy\/\" class=\"woocommerce-LoopProduct-link woocommerce-loop-product__link\">Villa Franciacorta DOCG Brut Emozione 2020 1,5 L Magnum BIO<\/a><\/p><\/div><div class=\"price-wrapper\">\n\t<span class=\"price\"><span class=\"woocommerce-Price-amount amount\" role=\"none\"><bdi><span class=\"woocommerce-Price-currencySymbol\">&euro;<\/span>&nbsp;64,90<\/bdi><\/span> <small class=\"woocommerce-price-suffix\">inkl. MwSt.<\/small><\/span>\n<\/div><div class=\"add-to-cart-button\"><a href=\"\/en\/wp-json\/wp\/v2\/pages\/4628?add-to-cart=5216\" aria-describedby=\"woocommerce_loop_add_to_cart_link_describedby_5216\" data-quantity=\"1\" class=\"primary is-small mb-0 button product_type_simple add_to_cart_button ajax_add_to_cart is-outline\" data-product_id=\"5216\" data-product_sku=\"100300134\" aria-label=\"Add to cart: &ldquo;Villa Franciacorta DOCG Brut Emozione 2020 1,5 L Magnum BIO&rdquo;\" rel=\"nofollow\" data-success_message=\"&ldquo;Villa Franciacorta DOCG Brut Emozione 2020 1,5 L Magnum BIO&rdquo; has been added to your cart\" role=\"button\">Add to cart<\/a><\/div>\t<span id=\"woocommerce_loop_add_to_cart_link_describedby_5216\" class=\"screen-reader-text\">\n\t\t\t<\/span>\n\t\t\t\t\t\t\t<\/div>\n\t\t\t\t\t\t<\/div>\n\t\t\t\t\t\t<\/div>\n\t\t\t\t\t<\/div><div class=\"col\" data-animate=\"fadeInUp\">\n\t\t\t\t\t\t<div class=\"col-inner\">\n\t\t\t\t\t\t\n<div class=\"badge-container badge-custom absolute right top z-1\">\n\n<\/div>\n\t\t\t\t\t\t<div class=\"product-small box has-hover box-normal box-text-bottom\">\n\t\t\t\t\t\t\t<div class=\"box-image\" >\n\t\t\t\t\t\t\t\t<div class=\"\" >\n\t\t\t\t\t\t\t\t\t<a href=\"https:\/\/schaumweinkontor.com\/en\/produkt\/villa-franciacorta-docg-blu-extra-brut-2016-15-l-magnum\/\" aria-label=\"Villa Franciacorta DOCG Extra Blu Extra Brut 2016 1,5 L Magnum\">\n\t\t\t\t\t\t\t\t\t\t<img loading=\"lazy\" decoding=\"async\" width=\"300\" height=\"300\" src=\"https:\/\/schaumweinkontor.com\/wp-content\/uploads\/2022\/06\/extra-blu1-1-2-300x300.jpg\" class=\"attachment-medium size-medium\" alt=\"Villa Franciacorta DOCG Extra Blu Extra Brut\" srcset=\"https:\/\/schaumweinkontor.com\/wp-content\/uploads\/2022\/06\/extra-blu1-1-2-300x300.jpg 300w, https:\/\/schaumweinkontor.com\/wp-content\/uploads\/2022\/06\/extra-blu1-1-2-100x100.jpg 100w, https:\/\/schaumweinkontor.com\/wp-content\/uploads\/2022\/06\/extra-blu1-1-2-510x510.jpg 510w, https:\/\/schaumweinkontor.com\/wp-content\/uploads\/2022\/06\/extra-blu1-1-2-150x150.jpg 150w, https:\/\/schaumweinkontor.com\/wp-content\/uploads\/2022\/06\/extra-blu1-1-2-768x768.jpg 768w, https:\/\/schaumweinkontor.com\/wp-content\/uploads\/2022\/06\/extra-blu1-1-2.jpg 800w\" sizes=\"auto, (max-width: 300px) 100vw, 300px\" \/>\t\t\t\t\t\t\t\t\t<\/a>\n\t\t\t\t\t\t\t\t\t\t\t\t\t\t\t\t\t\t \t\t\t\t\t\t\t\t<\/div>\n\t\t\t\t\t\t\t\t<div class=\"image-tools top right show-on-hover\">\n\t\t\t\t\t\t\t\t\t\t\t\t\t\t\t\t\t<\/div>\n\t\t\t\t\t\t\t\t\t\t\t\t\t\t\t\t\t<div class=\"image-tools grid-tools text-center hide-for-small bottom hover-slide-in show-on-hover\">\n\t\t\t\t\t\t\t\t\t\t\t\t\t\t\t\t\t\t\t<\/div>\n\t\t\t\t\t\t\t\t\t\t\t\t\t\t\t\t\t\t\t\t\t\t\t<\/div>\n\n\t\t\t\t\t\t\t<div class=\"box-text text-center\" >\n\t\t\t\t\t\t\t\t<div class=\"title-wrapper\">\t\t<p class=\"category uppercase is-smaller no-text-overflow product-cat op-7\">\n\t\t\tVilla Franciacorta\t\t<\/p>\n\t<p class=\"name product-title woocommerce-loop-product__title\"><a href=\"https:\/\/schaumweinkontor.com\/en\/produkt\/villa-franciacorta-docg-blu-extra-brut-2016-15-l-magnum\/\" class=\"woocommerce-LoopProduct-link woocommerce-loop-product__link\">Villa Franciacorta DOCG Extra Blu Extra Brut 2016 1,5 L Magnum<\/a><\/p><\/div><div class=\"price-wrapper\">\n\t<span class=\"price\"><span class=\"woocommerce-Price-amount amount\" role=\"none\"><bdi><span class=\"woocommerce-Price-currencySymbol\">&euro;<\/span>&nbsp;69,00<\/bdi><\/span> <small class=\"woocommerce-price-suffix\">inkl. MwSt.<\/small><\/span>\n<\/div><div class=\"add-to-cart-button\"><a href=\"\/en\/wp-json\/wp\/v2\/pages\/4628?add-to-cart=4744\" aria-describedby=\"woocommerce_loop_add_to_cart_link_describedby_4744\" data-quantity=\"1\" class=\"primary is-small mb-0 button product_type_simple add_to_cart_button ajax_add_to_cart is-outline\" data-product_id=\"4744\" data-product_sku=\"100300122\" aria-label=\"Add to cart: &ldquo;Villa Franciacorta DOCG Extra Blu Extra Brut 2016 1,5 L Magnum&rdquo;\" rel=\"nofollow\" data-success_message=\"&ldquo;Villa Franciacorta DOCG Extra Blu Extra Brut 2016 1,5 L Magnum&rdquo; has been added to your cart\" role=\"button\">Add to cart<\/a><\/div>\t<span id=\"woocommerce_loop_add_to_cart_link_describedby_4744\" class=\"screen-reader-text\">\n\t\t\t<\/span>\n\t\t\t\t\t\t\t<\/div>\n\t\t\t\t\t\t<\/div>\n\t\t\t\t\t\t<\/div>\n\t\t\t\t\t<\/div><div class=\"col\" data-animate=\"fadeInUp\">\n\t\t\t\t\t\t<div class=\"col-inner\">\n\t\t\t\t\t\t\n<div class=\"badge-container badge-custom absolute right top z-1\">\n\n<\/div>\n\t\t\t\t\t\t<div class=\"product-small box has-hover box-normal box-text-bottom\">\n\t\t\t\t\t\t\t<div class=\"box-image\" >\n\t\t\t\t\t\t\t\t<div class=\"\" >\n\t\t\t\t\t\t\t\t\t<a href=\"https:\/\/schaumweinkontor.com\/en\/produkt\/villa-franciacorta-docg-brut-emozione-2016-3-l-jeroboam-in-hk\/\" aria-label=\"Villa Franciacorta DOCG Brut Emozione 2016 3 L Jeroboam in HK\">\n\t\t\t\t\t\t\t\t\t\t<img loading=\"lazy\" decoding=\"async\" width=\"300\" height=\"300\" src=\"https:\/\/schaumweinkontor.com\/wp-content\/uploads\/2022\/06\/emozione1-1-2-300x300.jpg\" class=\"attachment-medium size-medium\" alt=\"Villa Franciacorta DOCG Brut Emozione 2016 3 L Jeroboam in HK\" srcset=\"https:\/\/schaumweinkontor.com\/wp-content\/uploads\/2022\/06\/emozione1-1-2-300x300.jpg 300w, https:\/\/schaumweinkontor.com\/wp-content\/uploads\/2022\/06\/emozione1-1-2-100x100.jpg 100w, https:\/\/schaumweinkontor.com\/wp-content\/uploads\/2022\/06\/emozione1-1-2-510x510.jpg 510w, https:\/\/schaumweinkontor.com\/wp-content\/uploads\/2022\/06\/emozione1-1-2-150x150.jpg 150w, https:\/\/schaumweinkontor.com\/wp-content\/uploads\/2022\/06\/emozione1-1-2-768x768.jpg 768w, https:\/\/schaumweinkontor.com\/wp-content\/uploads\/2022\/06\/emozione1-1-2.jpg 800w\" sizes=\"auto, (max-width: 300px) 100vw, 300px\" \/>\t\t\t\t\t\t\t\t\t<\/a>\n\t\t\t\t\t\t\t\t\t\t\t\t\t\t\t\t\t\t \t\t\t\t\t\t\t\t<\/div>\n\t\t\t\t\t\t\t\t<div class=\"image-tools top right show-on-hover\">\n\t\t\t\t\t\t\t\t\t\t\t\t\t\t\t\t\t<\/div>\n\t\t\t\t\t\t\t\t\t\t\t\t\t\t\t\t\t<div class=\"image-tools grid-tools text-center hide-for-small bottom hover-slide-in show-on-hover\">\n\t\t\t\t\t\t\t\t\t\t\t\t\t\t\t\t\t\t\t<\/div>\n\t\t\t\t\t\t\t\t\t\t\t\t\t\t\t\t\t\t\t\t\t\t\t<\/div>\n\n\t\t\t\t\t\t\t<div class=\"box-text text-center\" >\n\t\t\t\t\t\t\t\t<div class=\"title-wrapper\">\t\t<p class=\"category uppercase is-smaller no-text-overflow product-cat op-7\">\n\t\t\tVilla Franciacorta\t\t<\/p>\n\t<p class=\"name product-title woocommerce-loop-product__title\"><a href=\"https:\/\/schaumweinkontor.com\/en\/produkt\/villa-franciacorta-docg-brut-emozione-2016-3-l-jeroboam-in-hk\/\" class=\"woocommerce-LoopProduct-link woocommerce-loop-product__link\">Villa Franciacorta DOCG Brut Emozione 2016 3 L Jeroboam in HK<\/a><\/p><\/div><div class=\"price-wrapper\">\n\t<span class=\"price\"><span class=\"woocommerce-Price-amount amount\" role=\"none\"><bdi><span class=\"woocommerce-Price-currencySymbol\">&euro;<\/span>&nbsp;198,00<\/bdi><\/span> <small class=\"woocommerce-price-suffix\">inkl. MwSt.<\/small><\/span>\n<\/div><div class=\"add-to-cart-button\"><a href=\"\/en\/wp-json\/wp\/v2\/pages\/4628?add-to-cart=4748\" aria-describedby=\"woocommerce_loop_add_to_cart_link_describedby_4748\" data-quantity=\"1\" class=\"primary is-small mb-0 button product_type_simple add_to_cart_button ajax_add_to_cart is-outline\" data-product_id=\"4748\" data-product_sku=\"100300119\" aria-label=\"Add to cart: &ldquo;Villa Franciacorta DOCG Brut Emozione 2016 3 L Jeroboam in HK&rdquo;\" rel=\"nofollow\" data-success_message=\"&ldquo;Villa Franciacorta DOCG Brut Emozione 2016 3 L Jeroboam in HK&rdquo; has been added to your cart\" role=\"button\">Add to cart<\/a><\/div>\t<span id=\"woocommerce_loop_add_to_cart_link_describedby_4748\" class=\"screen-reader-text\">\n\t\t\t<\/span>\n\t\t\t\t\t\t\t<\/div>\n\t\t\t\t\t\t<\/div>\n\t\t\t\t\t\t<\/div>\n\t\t\t\t\t<\/div><div class=\"col\" data-animate=\"fadeInUp\">\n\t\t\t\t\t\t<div class=\"col-inner\">\n\t\t\t\t\t\t\n<div class=\"badge-container badge-custom absolute right top z-1\">\n\n<\/div>\n\t\t\t\t\t\t<div class=\"product-small box has-hover box-normal box-text-bottom\">\n\t\t\t\t\t\t\t<div class=\"box-image\" >\n\t\t\t\t\t\t\t\t<div class=\"\" >\n\t\t\t\t\t\t\t\t\t<a href=\"https:\/\/schaumweinkontor.com\/en\/produkt\/villa-franciacorta-docg-brut-emozione-2014-3-l-jeroboam-in-hk\/\" aria-label=\"Villa Franciacorta DOCG Brut Emozione 2014 3 L Jeroboam in HK\">\n\t\t\t\t\t\t\t\t\t\t<img loading=\"lazy\" decoding=\"async\" width=\"300\" height=\"300\" src=\"https:\/\/schaumweinkontor.com\/wp-content\/uploads\/2022\/06\/emozione1-1-2-300x300.jpg\" class=\"attachment-medium size-medium\" alt=\"Villa Franciacorta DOCG Brut Emozione 2014 3 L Jeroboam in HK\" srcset=\"https:\/\/schaumweinkontor.com\/wp-content\/uploads\/2022\/06\/emozione1-1-2-300x300.jpg 300w, https:\/\/schaumweinkontor.com\/wp-content\/uploads\/2022\/06\/emozione1-1-2-100x100.jpg 100w, https:\/\/schaumweinkontor.com\/wp-content\/uploads\/2022\/06\/emozione1-1-2-510x510.jpg 510w, https:\/\/schaumweinkontor.com\/wp-content\/uploads\/2022\/06\/emozione1-1-2-150x150.jpg 150w, https:\/\/schaumweinkontor.com\/wp-content\/uploads\/2022\/06\/emozione1-1-2-768x768.jpg 768w, https:\/\/schaumweinkontor.com\/wp-content\/uploads\/2022\/06\/emozione1-1-2.jpg 800w\" sizes=\"auto, (max-width: 300px) 100vw, 300px\" \/>\t\t\t\t\t\t\t\t\t<\/a>\n\t\t\t\t\t\t\t\t\t\t\t\t\t\t\t\t\t\t \t\t\t\t\t\t\t\t<\/div>\n\t\t\t\t\t\t\t\t<div class=\"image-tools top right show-on-hover\">\n\t\t\t\t\t\t\t\t\t\t\t\t\t\t\t\t\t<\/div>\n\t\t\t\t\t\t\t\t\t\t\t\t\t\t\t\t\t<div class=\"image-tools grid-tools text-center hide-for-small bottom hover-slide-in show-on-hover\">\n\t\t\t\t\t\t\t\t\t\t\t\t\t\t\t\t\t\t\t<\/div>\n\t\t\t\t\t\t\t\t\t\t\t\t\t\t\t\t\t\t\t\t\t\t\t<\/div>\n\n\t\t\t\t\t\t\t<div class=\"box-text text-center\" >\n\t\t\t\t\t\t\t\t<div class=\"title-wrapper\">\t\t<p class=\"category uppercase is-smaller no-text-overflow product-cat op-7\">\n\t\t\tVilla Franciacorta\t\t<\/p>\n\t<p class=\"name product-title woocommerce-loop-product__title\"><a href=\"https:\/\/schaumweinkontor.com\/en\/produkt\/villa-franciacorta-docg-brut-emozione-2014-3-l-jeroboam-in-hk\/\" class=\"woocommerce-LoopProduct-link woocommerce-loop-product__link\">Villa Franciacorta DOCG Brut Emozione 2014 3 L Jeroboam in HK<\/a><\/p><\/div><div class=\"price-wrapper\">\n\t<span class=\"price\"><span class=\"woocommerce-Price-amount amount\" role=\"none\"><bdi><span class=\"woocommerce-Price-currencySymbol\">&euro;<\/span>&nbsp;205,20<\/bdi><\/span> <small class=\"woocommerce-price-suffix\">inkl. MwSt.<\/small><\/span>\n<\/div><div class=\"add-to-cart-button\"><a href=\"\/en\/wp-json\/wp\/v2\/pages\/4628?add-to-cart=4749\" aria-describedby=\"woocommerce_loop_add_to_cart_link_describedby_4749\" data-quantity=\"1\" class=\"primary is-small mb-0 button product_type_simple add_to_cart_button ajax_add_to_cart is-outline\" data-product_id=\"4749\" data-product_sku=\"\" aria-label=\"Add to cart: &ldquo;Villa Franciacorta DOCG Brut Emozione 2014 3 L Jeroboam in HK&rdquo;\" rel=\"nofollow\" data-success_message=\"&ldquo;Villa Franciacorta DOCG Brut Emozione 2014 3 L Jeroboam in HK&rdquo; has been added to your cart\" role=\"button\">Add to cart<\/a><\/div>\t<span id=\"woocommerce_loop_add_to_cart_link_describedby_4749\" class=\"screen-reader-text\">\n\t\t\t<\/span>\n\t\t\t\t\t\t\t<\/div>\n\t\t\t\t\t\t<\/div>\n\t\t\t\t\t\t<\/div>\n\t\t\t\t\t<\/div><div class=\"col\" data-animate=\"fadeInUp\">\n\t\t\t\t\t\t<div class=\"col-inner\">\n\t\t\t\t\t\t\n<div class=\"badge-container badge-custom absolute right top z-1\">\n\n<\/div>\n\t\t\t\t\t\t<div class=\"product-small box has-hover box-normal box-text-bottom\">\n\t\t\t\t\t\t\t<div class=\"box-image\" >\n\t\t\t\t\t\t\t\t<div class=\"\" >\n\t\t\t\t\t\t\t\t\t<a href=\"https:\/\/schaumweinkontor.com\/en\/produkt\/villa-franciacorta-docg-brut-emozione-2018-15-l-magnum-bio-copy\/\" aria-label=\"Villa Franciacorta DOCG Brut Emozione 2018 3 L BIO in Wooden Box\">\n\t\t\t\t\t\t\t\t\t\t<img loading=\"lazy\" decoding=\"async\" width=\"300\" height=\"300\" src=\"https:\/\/schaumweinkontor.com\/wp-content\/uploads\/2022\/06\/emozione1-1-2-300x300.jpg\" class=\"attachment-medium size-medium\" alt=\"Villa Franciacorta DOCG Brut Emozione 2018 3 L BIO in Wooden Box\" srcset=\"https:\/\/schaumweinkontor.com\/wp-content\/uploads\/2022\/06\/emozione1-1-2-300x300.jpg 300w, https:\/\/schaumweinkontor.com\/wp-content\/uploads\/2022\/06\/emozione1-1-2-100x100.jpg 100w, https:\/\/schaumweinkontor.com\/wp-content\/uploads\/2022\/06\/emozione1-1-2-510x510.jpg 510w, https:\/\/schaumweinkontor.com\/wp-content\/uploads\/2022\/06\/emozione1-1-2-150x150.jpg 150w, https:\/\/schaumweinkontor.com\/wp-content\/uploads\/2022\/06\/emozione1-1-2-768x768.jpg 768w, https:\/\/schaumweinkontor.com\/wp-content\/uploads\/2022\/06\/emozione1-1-2.jpg 800w\" sizes=\"auto, (max-width: 300px) 100vw, 300px\" \/>\t\t\t\t\t\t\t\t\t<\/a>\n\t\t\t\t\t\t\t\t\t\t\t\t\t\t\t\t\t\t \t\t\t\t\t\t\t\t<\/div>\n\t\t\t\t\t\t\t\t<div class=\"image-tools top right show-on-hover\">\n\t\t\t\t\t\t\t\t\t\t\t\t\t\t\t\t\t<\/div>\n\t\t\t\t\t\t\t\t\t\t\t\t\t\t\t\t\t<div class=\"image-tools grid-tools text-center hide-for-small bottom hover-slide-in show-on-hover\">\n\t\t\t\t\t\t\t\t\t\t\t\t\t\t\t\t\t\t\t<\/div>\n\t\t\t\t\t\t\t\t\t\t\t\t\t\t\t\t\t\t\t\t\t\t\t<\/div>\n\n\t\t\t\t\t\t\t<div class=\"box-text text-center\" >\n\t\t\t\t\t\t\t\t<div class=\"title-wrapper\">\t\t<p class=\"category uppercase is-smaller no-text-overflow product-cat op-7\">\n\t\t\tVilla Franciacorta\t\t<\/p>\n\t<p class=\"name product-title woocommerce-loop-product__title\"><a href=\"https:\/\/schaumweinkontor.com\/en\/produkt\/villa-franciacorta-docg-brut-emozione-2018-15-l-magnum-bio-copy\/\" class=\"woocommerce-LoopProduct-link woocommerce-loop-product__link\">Villa Franciacorta DOCG Brut Emozione 2018 3 L BIO in Wooden Box<\/a><\/p><\/div><div class=\"price-wrapper\">\n\t<span class=\"price\"><span class=\"woocommerce-Price-amount amount\" role=\"none\"><bdi><span class=\"woocommerce-Price-currencySymbol\">&euro;<\/span>&nbsp;225,00<\/bdi><\/span> <small class=\"woocommerce-price-suffix\">inkl. MwSt.<\/small><\/span>\n<\/div><div class=\"add-to-cart-button\"><a href=\"\/en\/wp-json\/wp\/v2\/pages\/4628?add-to-cart=5218\" aria-describedby=\"woocommerce_loop_add_to_cart_link_describedby_5218\" data-quantity=\"1\" class=\"primary is-small mb-0 button product_type_simple add_to_cart_button ajax_add_to_cart is-outline\" data-product_id=\"5218\" data-product_sku=\"100300129\" aria-label=\"Add to cart: &ldquo;Villa Franciacorta DOCG Brut Emozione 2018 3 L BIO in Wooden Box&rdquo;\" rel=\"nofollow\" data-success_message=\"&ldquo;Villa Franciacorta DOCG Brut Emozione 2018 3 L BIO in Wooden Box&rdquo; has been added to your cart\" role=\"button\">Add to cart<\/a><\/div>\t<span id=\"woocommerce_loop_add_to_cart_link_describedby_5218\" class=\"screen-reader-text\">\n\t\t\t<\/span>\n\t\t\t\t\t\t\t<\/div>\n\t\t\t\t\t\t<\/div>\n\t\t\t\t\t\t<\/div>\n\t\t\t\t\t<\/div><div class=\"col\" data-animate=\"fadeInUp\">\n\t\t\t\t\t\t<div class=\"col-inner\">\n\t\t\t\t\t\t\n<div class=\"badge-container badge-custom absolute right top z-1\">\n\n<\/div>\n\t\t\t\t\t\t<div class=\"product-small box has-hover box-normal box-text-bottom\">\n\t\t\t\t\t\t\t<div class=\"box-image\" >\n\t\t\t\t\t\t\t\t<div class=\"\" >\n\t\t\t\t\t\t\t\t\t<a href=\"https:\/\/schaumweinkontor.com\/en\/produkt\/villa-franciacorta-docg-brut-emozione-2019-6-l-bio-in-wooden-box\/\" aria-label=\"Villa Franciacorta DOCG Brut Emozione 2019 6 L BIO in Wooden Box\">\n\t\t\t\t\t\t\t\t\t\t<img loading=\"lazy\" decoding=\"async\" width=\"300\" height=\"300\" src=\"https:\/\/schaumweinkontor.com\/wp-content\/uploads\/2024\/04\/Emozione-2019-300x300.png\" class=\"attachment-medium size-medium\" alt=\"Villa Franciacorta DOCG Brut Emozione 2019 BIO \" srcset=\"https:\/\/schaumweinkontor.com\/wp-content\/uploads\/2024\/04\/Emozione-2019-300x300.png 300w, https:\/\/schaumweinkontor.com\/wp-content\/uploads\/2024\/04\/Emozione-2019-150x150.png 150w, https:\/\/schaumweinkontor.com\/wp-content\/uploads\/2024\/04\/Emozione-2019-768x768.png 768w, https:\/\/schaumweinkontor.com\/wp-content\/uploads\/2024\/04\/Emozione-2019-510x510.png 510w, https:\/\/schaumweinkontor.com\/wp-content\/uploads\/2024\/04\/Emozione-2019-100x100.png 100w, https:\/\/schaumweinkontor.com\/wp-content\/uploads\/2024\/04\/Emozione-2019.png 1000w\" sizes=\"auto, (max-width: 300px) 100vw, 300px\" \/>\t\t\t\t\t\t\t\t\t<\/a>\n\t\t\t\t\t\t\t\t\t\t\t\t\t\t\t\t\t\t \t\t\t\t\t\t\t\t<\/div>\n\t\t\t\t\t\t\t\t<div class=\"image-tools top right show-on-hover\">\n\t\t\t\t\t\t\t\t\t\t\t\t\t\t\t\t\t<\/div>\n\t\t\t\t\t\t\t\t\t\t\t\t\t\t\t\t\t<div class=\"image-tools grid-tools text-center hide-for-small bottom hover-slide-in show-on-hover\">\n\t\t\t\t\t\t\t\t\t\t\t\t\t\t\t\t\t\t\t<\/div>\n\t\t\t\t\t\t\t\t\t\t\t\t\t\t\t\t\t\t\t\t\t\t\t<\/div>\n\n\t\t\t\t\t\t\t<div class=\"box-text text-center\" >\n\t\t\t\t\t\t\t\t<div class=\"title-wrapper\">\t\t<p class=\"category uppercase is-smaller no-text-overflow product-cat op-7\">\n\t\t\tVilla Franciacorta\t\t<\/p>\n\t<p class=\"name product-title woocommerce-loop-product__title\"><a href=\"https:\/\/schaumweinkontor.com\/en\/produkt\/villa-franciacorta-docg-brut-emozione-2019-6-l-bio-in-wooden-box\/\" class=\"woocommerce-LoopProduct-link woocommerce-loop-product__link\">Villa Franciacorta DOCG Brut Emozione 2019 6 L BIO in Wooden Box<\/a><\/p><\/div><div class=\"price-wrapper\">\n\t<span class=\"price\"><span class=\"woocommerce-Price-amount amount\" role=\"none\"><bdi><span class=\"woocommerce-Price-currencySymbol\">&euro;<\/span>&nbsp;445,00<\/bdi><\/span> <small class=\"woocommerce-price-suffix\">inkl. MwSt.<\/small><\/span>\n<\/div><div class=\"add-to-cart-button\"><a href=\"\/en\/wp-json\/wp\/v2\/pages\/4628?add-to-cart=5219\" aria-describedby=\"woocommerce_loop_add_to_cart_link_describedby_5219\" data-quantity=\"1\" class=\"primary is-small mb-0 button product_type_simple add_to_cart_button ajax_add_to_cart is-outline\" data-product_id=\"5219\" data-product_sku=\"100300130\" aria-label=\"Add to cart: &ldquo;Villa Franciacorta DOCG Brut Emozione 2019 6 L BIO in Wooden Box&rdquo;\" rel=\"nofollow\" data-success_message=\"&ldquo;Villa Franciacorta DOCG Brut Emozione 2019 6 L BIO in Wooden Box&rdquo; has been added to your cart\" role=\"button\">Add to cart<\/a><\/div>\t<span id=\"woocommerce_loop_add_to_cart_link_describedby_5219\" class=\"screen-reader-text\">\n\t\t\t<\/span>\n\t\t\t\t\t\t\t<\/div>\n\t\t\t\t\t\t<\/div>\n\t\t\t\t\t\t<\/div>\n\t\t\t\t\t<\/div><\/div>\n\n\n\t\t<\/div>\n\t\t\t\t\t<\/div>\n\n\t\n\n\n<style>\n#row-2094121646 > .col > .col-inner {\n  padding: 15px 0px 0px 0px;\n}\n<\/style>\n<\/div>\n<div class=\"is-divider divider clearfix\" style=\"margin-top:3em;margin-bottom:3em;max-width:100%;background-color:rgba(183, 149, 73, 0.459);\"><\/div>\n\n\t<section class=\"section bg_winzer\" id=\"section_736568567\">\n\t\t<div class=\"bg section-bg fill bg-fill  \" >\n\n\t\t\t\n\t\t\t\n\t\t\t\n\n\t\t<\/div>\n\n\t\t\n\n\t\t<div class=\"section-content relative\">\n\t\t\t\n\n<h2 id=\"muratori-franciacorta-sonderformate-mobile\" class=\"uppercase\" style=\"text-align: center;\"><span style=\"font-size: 90%;\">Muratori Franciacorta <\/span><\/h2>\n\n\t\t<\/div>\n\n\t\t\n<style>\n#section_736568567 {\n  padding-top: 30px;\n  padding-bottom: 30px;\n}\n#section_736568567 .section-bg.bg-loaded {\n  background-image: url(https:\/\/schaumweinkontor.com\/wp-content\/uploads\/2022\/06\/landscape-illu-gold-transp.png);\n}\n<\/style>\n\t<\/section>\n\t\n<div class=\"row row-full-width align-middle align-center margin-auto\"  id=\"row-2098822983\">\n\n\n\t<div id=\"col-973974669\" class=\"col small-12 large-12\"  >\n\t\t\t\t<div class=\"col-inner\"  >\n\t\t\t\n\t\t\t\n\n\n  \n    <div class=\"row  equalize-box show-for-small large-columns-3 medium-columns- small-columns-1 row-large has-shadow row-box-shadow-2 row-box-shadow-4-hover\" >\n  \t\n\t     <div class=\"col\" data-animate=\"fadeInUp\">\n\t\t\t\t\t\t<div class=\"col-inner\">\n\t\t\t\t\t\t\n<div class=\"badge-container badge-custom absolute right top z-1\">\n\n<\/div>\n\t\t\t\t\t\t<div class=\"product-small box has-hover box-vertical box-text-bottom\">\n\t\t\t\t\t\t\t<div class=\"box-image\" >\n\t\t\t\t\t\t\t\t<div class=\"\" >\n\t\t\t\t\t\t\t\t\t<a href=\"https:\/\/schaumweinkontor.com\/en\/produkt\/muratori-franciacorta-docg-brut-15l\/\" aria-label=\"Muratori Franciacorta DOCG Brut 1,5l\">\n\t\t\t\t\t\t\t\t\t\t<img loading=\"lazy\" decoding=\"async\" width=\"300\" height=\"300\" src=\"https:\/\/schaumweinkontor.com\/wp-content\/uploads\/2024\/02\/Muratori-Brut-300x300.png\" class=\"attachment-medium size-medium\" alt=\"Muratori Franciacorta DOCG Brut \" srcset=\"https:\/\/schaumweinkontor.com\/wp-content\/uploads\/2024\/02\/Muratori-Brut-300x300.png 300w, https:\/\/schaumweinkontor.com\/wp-content\/uploads\/2024\/02\/Muratori-Brut-100x100.png 100w, https:\/\/schaumweinkontor.com\/wp-content\/uploads\/2024\/02\/Muratori-Brut-510x510.png 510w, https:\/\/schaumweinkontor.com\/wp-content\/uploads\/2024\/02\/Muratori-Brut-150x150.png 150w, https:\/\/schaumweinkontor.com\/wp-content\/uploads\/2024\/02\/Muratori-Brut-768x768.png 768w, https:\/\/schaumweinkontor.com\/wp-content\/uploads\/2024\/02\/Muratori-Brut.png 1000w\" sizes=\"auto, (max-width: 300px) 100vw, 300px\" \/>\t\t\t\t\t\t\t\t\t<\/a>\n\t\t\t\t\t\t\t\t\t\t\t\t\t\t\t\t\t\t \t\t\t\t\t\t\t\t<\/div>\n\t\t\t\t\t\t\t\t<div class=\"image-tools top right show-on-hover\">\n\t\t\t\t\t\t\t\t\t\t\t\t\t\t\t\t\t<\/div>\n\t\t\t\t\t\t\t\t\t\t\t\t\t\t\t\t\t<div class=\"image-tools grid-tools text-center hide-for-small bottom hover-slide-in show-on-hover\">\n\t\t\t\t\t\t\t\t\t\t\t\t\t\t\t\t\t\t\t<\/div>\n\t\t\t\t\t\t\t\t\t\t\t\t\t\t\t\t\t\t\t\t\t\t\t<\/div>\n\n\t\t\t\t\t\t\t<div class=\"box-text text-center\" >\n\t\t\t\t\t\t\t\t<div class=\"title-wrapper\">\t\t<p class=\"category uppercase is-smaller no-text-overflow product-cat op-7\">\n\t\t\tMuratori Franciacorta\t\t<\/p>\n\t<p class=\"name product-title woocommerce-loop-product__title\"><a href=\"https:\/\/schaumweinkontor.com\/en\/produkt\/muratori-franciacorta-docg-brut-15l\/\" class=\"woocommerce-LoopProduct-link woocommerce-loop-product__link\">Muratori Franciacorta DOCG Brut 1,5l<\/a><\/p><\/div><div class=\"price-wrapper\">\n\t<span class=\"price\"><span class=\"woocommerce-Price-amount amount\" role=\"none\"><bdi><span class=\"woocommerce-Price-currencySymbol\">&euro;<\/span>&nbsp;59,30<\/bdi><\/span> <small class=\"woocommerce-price-suffix\">inkl. MwSt.<\/small><\/span>\n<\/div><div class=\"add-to-cart-button\"><a href=\"\/en\/wp-json\/wp\/v2\/pages\/4628?add-to-cart=5005\" aria-describedby=\"woocommerce_loop_add_to_cart_link_describedby_5005\" data-quantity=\"1\" class=\"primary is-small mb-0 button product_type_simple add_to_cart_button ajax_add_to_cart is-outline\" data-product_id=\"5005\" data-product_sku=\"100300094\" aria-label=\"Add to cart: &ldquo;Muratori Franciacorta DOCG Brut 1,5l&rdquo;\" rel=\"nofollow\" data-success_message=\"&ldquo;Muratori Franciacorta DOCG Brut 1,5l&rdquo; has been added to your cart\" role=\"button\">Add to cart<\/a><\/div>\t<span id=\"woocommerce_loop_add_to_cart_link_describedby_5005\" class=\"screen-reader-text\">\n\t\t\t<\/span>\n\t\t\t\t\t\t\t<\/div>\n\t\t\t\t\t\t<\/div>\n\t\t\t\t\t\t<\/div>\n\t\t\t\t\t<\/div><div class=\"col\" data-animate=\"fadeInUp\">\n\t\t\t\t\t\t<div class=\"col-inner\">\n\t\t\t\t\t\t\n<div class=\"badge-container badge-custom absolute right top z-1\">\n\n<\/div>\n\t\t\t\t\t\t<div class=\"product-small box has-hover box-vertical box-text-bottom\">\n\t\t\t\t\t\t\t<div class=\"box-image\" >\n\t\t\t\t\t\t\t\t<div class=\"\" >\n\t\t\t\t\t\t\t\t\t<a href=\"https:\/\/schaumweinkontor.com\/en\/produkt\/muratori-franciacorta-docg-brut-3l\/\" aria-label=\"Muratori Franciacorta DOCG Brut 3l\">\n\t\t\t\t\t\t\t\t\t\t<img loading=\"lazy\" decoding=\"async\" width=\"300\" height=\"300\" src=\"https:\/\/schaumweinkontor.com\/wp-content\/uploads\/2024\/02\/Muratori-Brut-300x300.png\" class=\"attachment-medium size-medium\" alt=\"Muratori Franciacorta DOCG Brut \" srcset=\"https:\/\/schaumweinkontor.com\/wp-content\/uploads\/2024\/02\/Muratori-Brut-300x300.png 300w, https:\/\/schaumweinkontor.com\/wp-content\/uploads\/2024\/02\/Muratori-Brut-100x100.png 100w, https:\/\/schaumweinkontor.com\/wp-content\/uploads\/2024\/02\/Muratori-Brut-510x510.png 510w, https:\/\/schaumweinkontor.com\/wp-content\/uploads\/2024\/02\/Muratori-Brut-150x150.png 150w, https:\/\/schaumweinkontor.com\/wp-content\/uploads\/2024\/02\/Muratori-Brut-768x768.png 768w, https:\/\/schaumweinkontor.com\/wp-content\/uploads\/2024\/02\/Muratori-Brut.png 1000w\" sizes=\"auto, (max-width: 300px) 100vw, 300px\" \/>\t\t\t\t\t\t\t\t\t<\/a>\n\t\t\t\t\t\t\t\t\t\t\t\t\t\t\t\t\t\t \t\t\t\t\t\t\t\t<\/div>\n\t\t\t\t\t\t\t\t<div class=\"image-tools top right show-on-hover\">\n\t\t\t\t\t\t\t\t\t\t\t\t\t\t\t\t\t<\/div>\n\t\t\t\t\t\t\t\t\t\t\t\t\t\t\t\t\t<div class=\"image-tools grid-tools text-center hide-for-small bottom hover-slide-in show-on-hover\">\n\t\t\t\t\t\t\t\t\t\t\t\t\t\t\t\t\t\t\t<\/div>\n\t\t\t\t\t\t\t\t\t\t\t\t\t\t\t\t\t\t\t\t\t\t\t<\/div>\n\n\t\t\t\t\t\t\t<div class=\"box-text text-center\" >\n\t\t\t\t\t\t\t\t<div class=\"title-wrapper\">\t\t<p class=\"category uppercase is-smaller no-text-overflow product-cat op-7\">\n\t\t\tMuratori Franciacorta\t\t<\/p>\n\t<p class=\"name product-title woocommerce-loop-product__title\"><a href=\"https:\/\/schaumweinkontor.com\/en\/produkt\/muratori-franciacorta-docg-brut-3l\/\" class=\"woocommerce-LoopProduct-link woocommerce-loop-product__link\">Muratori Franciacorta DOCG Brut 3l<\/a><\/p><\/div><div class=\"price-wrapper\">\n\t<span class=\"price\"><span class=\"woocommerce-Price-amount amount\" role=\"none\"><bdi><span class=\"woocommerce-Price-currencySymbol\">&euro;<\/span>&nbsp;220,00<\/bdi><\/span> <small class=\"woocommerce-price-suffix\">inkl. MwSt.<\/small><\/span>\n<\/div><div class=\"add-to-cart-button\"><a href=\"\/en\/wp-json\/wp\/v2\/pages\/4628?add-to-cart=5007\" aria-describedby=\"woocommerce_loop_add_to_cart_link_describedby_5007\" data-quantity=\"1\" class=\"primary is-small mb-0 button product_type_simple add_to_cart_button ajax_add_to_cart is-outline\" data-product_id=\"5007\" data-product_sku=\"10030095\" aria-label=\"Add to cart: &ldquo;Muratori Franciacorta DOCG Brut 3l&rdquo;\" rel=\"nofollow\" data-success_message=\"&ldquo;Muratori Franciacorta DOCG Brut 3l&rdquo; has been added to your cart\" role=\"button\">Add to cart<\/a><\/div>\t<span id=\"woocommerce_loop_add_to_cart_link_describedby_5007\" class=\"screen-reader-text\">\n\t\t\t<\/span>\n\t\t\t\t\t\t\t<\/div>\n\t\t\t\t\t\t<\/div>\n\t\t\t\t\t\t<\/div>\n\t\t\t\t\t<\/div><\/div>\n\n\n  \n    <div class=\"row  equalize-box show-for-medium hide-for-small large-columns-3 medium-columns-2 small-columns-1 row-large has-shadow row-box-shadow-2 row-box-shadow-4-hover\" >\n  \t\n\t     <div class=\"col\" data-animate=\"fadeInUp\">\n\t\t\t\t\t\t<div class=\"col-inner\">\n\t\t\t\t\t\t\n<div class=\"badge-container badge-custom absolute right top z-1\">\n\n<\/div>\n\t\t\t\t\t\t<div class=\"product-small box has-hover box-normal box-text-bottom\">\n\t\t\t\t\t\t\t<div class=\"box-image\" >\n\t\t\t\t\t\t\t\t<div class=\"\" >\n\t\t\t\t\t\t\t\t\t<a href=\"https:\/\/schaumweinkontor.com\/en\/produkt\/villa-franciacorta-docg-brut-emozione-2015-15-l-magnum\/\" aria-label=\"Villa Franciacorta Brut Emozione 2015 DOCG 1,5 L Magnum\">\n\t\t\t\t\t\t\t\t\t\t<img loading=\"lazy\" decoding=\"async\" width=\"300\" height=\"300\" src=\"https:\/\/schaumweinkontor.com\/wp-content\/uploads\/2022\/06\/emozione1-1-2-300x300.jpg\" class=\"attachment-medium size-medium\" alt=\"Villa Franciacorta Brut Emozione 2015 DOCG 1,5 L Magnum\" srcset=\"https:\/\/schaumweinkontor.com\/wp-content\/uploads\/2022\/06\/emozione1-1-2-300x300.jpg 300w, https:\/\/schaumweinkontor.com\/wp-content\/uploads\/2022\/06\/emozione1-1-2-100x100.jpg 100w, https:\/\/schaumweinkontor.com\/wp-content\/uploads\/2022\/06\/emozione1-1-2-510x510.jpg 510w, https:\/\/schaumweinkontor.com\/wp-content\/uploads\/2022\/06\/emozione1-1-2-150x150.jpg 150w, https:\/\/schaumweinkontor.com\/wp-content\/uploads\/2022\/06\/emozione1-1-2-768x768.jpg 768w, https:\/\/schaumweinkontor.com\/wp-content\/uploads\/2022\/06\/emozione1-1-2.jpg 800w\" sizes=\"auto, (max-width: 300px) 100vw, 300px\" \/>\t\t\t\t\t\t\t\t\t<\/a>\n\t\t\t\t\t\t\t\t\t\t\t\t\t\t\t\t\t\t \t\t\t\t\t\t\t\t<\/div>\n\t\t\t\t\t\t\t\t<div class=\"image-tools top right show-on-hover\">\n\t\t\t\t\t\t\t\t\t\t\t\t\t\t\t\t\t<\/div>\n\t\t\t\t\t\t\t\t\t\t\t\t\t\t\t\t\t<div class=\"image-tools grid-tools text-center hide-for-small bottom hover-slide-in show-on-hover\">\n\t\t\t\t\t\t\t\t\t\t\t\t\t\t\t\t\t\t\t<\/div>\n\t\t\t\t\t\t\t\t\t\t\t\t\t\t\t\t\t\t\t\t\t\t\t<\/div>\n\n\t\t\t\t\t\t\t<div class=\"box-text text-center\" >\n\t\t\t\t\t\t\t\t<div class=\"title-wrapper\">\t\t<p class=\"category uppercase is-smaller no-text-overflow product-cat op-7\">\n\t\t\tVilla Franciacorta\t\t<\/p>\n\t<p class=\"name product-title woocommerce-loop-product__title\"><a href=\"https:\/\/schaumweinkontor.com\/en\/produkt\/villa-franciacorta-docg-brut-emozione-2015-15-l-magnum\/\" class=\"woocommerce-LoopProduct-link woocommerce-loop-product__link\">Villa Franciacorta Brut Emozione 2015 DOCG 1,5 L Magnum<\/a><\/p><\/div><div class=\"price-wrapper\">\n\t<span class=\"price\"><span class=\"woocommerce-Price-amount amount\" role=\"none\"><bdi><span class=\"woocommerce-Price-currencySymbol\">&euro;<\/span>&nbsp;58,00<\/bdi><\/span> <small class=\"woocommerce-price-suffix\">inkl. MwSt.<\/small><\/span>\n<\/div><div class=\"add-to-cart-button\"><a href=\"\/en\/wp-json\/wp\/v2\/pages\/4628?add-to-cart=4747\" aria-describedby=\"woocommerce_loop_add_to_cart_link_describedby_4747\" data-quantity=\"1\" class=\"primary is-small mb-0 button product_type_simple add_to_cart_button ajax_add_to_cart is-outline\" data-product_id=\"4747\" data-product_sku=\"100300140\" aria-label=\"Add to cart: &ldquo;Villa Franciacorta Brut Emozione 2015 DOCG 1,5 L Magnum&rdquo;\" rel=\"nofollow\" data-success_message=\"&ldquo;Villa Franciacorta Brut Emozione 2015 DOCG 1,5 L Magnum&rdquo; has been added to your cart\" role=\"button\">Add to cart<\/a><\/div>\t<span id=\"woocommerce_loop_add_to_cart_link_describedby_4747\" class=\"screen-reader-text\">\n\t\t\t<\/span>\n\t\t\t\t\t\t\t<\/div>\n\t\t\t\t\t\t<\/div>\n\t\t\t\t\t\t<\/div>\n\t\t\t\t\t<\/div><div class=\"col\" data-animate=\"fadeInUp\">\n\t\t\t\t\t\t<div class=\"col-inner\">\n\t\t\t\t\t\t\n<div class=\"badge-container badge-custom absolute right top z-1\">\n\n<\/div>\n\t\t\t\t\t\t<div class=\"product-small box has-hover box-normal box-text-bottom\">\n\t\t\t\t\t\t\t<div class=\"box-image\" >\n\t\t\t\t\t\t\t\t<div class=\"\" >\n\t\t\t\t\t\t\t\t\t<a href=\"https:\/\/schaumweinkontor.com\/en\/produkt\/villa-franciacorta-docg-mon-saten-brut-2016-15-l-magnum\/\" aria-label=\"Villa Franciacorta DOCG Mon Sat\u00e8n Brut 2016 1,5 L Magnum\">\n\t\t\t\t\t\t\t\t\t\t<img loading=\"lazy\" decoding=\"async\" width=\"300\" height=\"300\" src=\"https:\/\/schaumweinkontor.com\/wp-content\/uploads\/2022\/06\/Villa-Franciacorta-DOCG-Mon-Saten-Brut-2016-15-L-Magnum-300x300.png\" class=\"attachment-medium size-medium\" alt=\"Villa Franciacorta DOCG Mon Sat\u00e8n Brut 2016 1,5 L Magnum\" srcset=\"https:\/\/schaumweinkontor.com\/wp-content\/uploads\/2022\/06\/Villa-Franciacorta-DOCG-Mon-Saten-Brut-2016-15-L-Magnum-300x300.png 300w, https:\/\/schaumweinkontor.com\/wp-content\/uploads\/2022\/06\/Villa-Franciacorta-DOCG-Mon-Saten-Brut-2016-15-L-Magnum-100x100.png 100w, https:\/\/schaumweinkontor.com\/wp-content\/uploads\/2022\/06\/Villa-Franciacorta-DOCG-Mon-Saten-Brut-2016-15-L-Magnum-510x510.png 510w, https:\/\/schaumweinkontor.com\/wp-content\/uploads\/2022\/06\/Villa-Franciacorta-DOCG-Mon-Saten-Brut-2016-15-L-Magnum-150x150.png 150w, https:\/\/schaumweinkontor.com\/wp-content\/uploads\/2022\/06\/Villa-Franciacorta-DOCG-Mon-Saten-Brut-2016-15-L-Magnum-768x768.png 768w, https:\/\/schaumweinkontor.com\/wp-content\/uploads\/2022\/06\/Villa-Franciacorta-DOCG-Mon-Saten-Brut-2016-15-L-Magnum.png 1000w\" sizes=\"auto, (max-width: 300px) 100vw, 300px\" \/>\t\t\t\t\t\t\t\t\t<\/a>\n\t\t\t\t\t\t\t\t\t\t\t\t\t\t\t\t\t\t \t\t\t\t\t\t\t\t<\/div>\n\t\t\t\t\t\t\t\t<div class=\"image-tools top right show-on-hover\">\n\t\t\t\t\t\t\t\t\t\t\t\t\t\t\t\t\t<\/div>\n\t\t\t\t\t\t\t\t\t\t\t\t\t\t\t\t\t<div class=\"image-tools grid-tools text-center hide-for-small bottom hover-slide-in show-on-hover\">\n\t\t\t\t\t\t\t\t\t\t\t\t\t\t\t\t\t\t\t<\/div>\n\t\t\t\t\t\t\t\t\t\t\t\t\t\t\t\t\t\t\t\t\t\t\t<\/div>\n\n\t\t\t\t\t\t\t<div class=\"box-text text-center\" >\n\t\t\t\t\t\t\t\t<div class=\"title-wrapper\">\t\t<p class=\"category uppercase is-smaller no-text-overflow product-cat op-7\">\n\t\t\tVilla Franciacorta\t\t<\/p>\n\t<p class=\"name product-title woocommerce-loop-product__title\"><a href=\"https:\/\/schaumweinkontor.com\/en\/produkt\/villa-franciacorta-docg-mon-saten-brut-2016-15-l-magnum\/\" class=\"woocommerce-LoopProduct-link woocommerce-loop-product__link\">Villa Franciacorta DOCG Mon Sat\u00e8n Brut 2016 1,5 L Magnum<\/a><\/p><\/div><div class=\"price-wrapper\">\n\t<span class=\"price\"><span class=\"woocommerce-Price-amount amount\" role=\"none\"><bdi><span class=\"woocommerce-Price-currencySymbol\">&euro;<\/span>&nbsp;63,50<\/bdi><\/span> <small class=\"woocommerce-price-suffix\">inkl. MwSt.<\/small><\/span>\n<\/div><div class=\"add-to-cart-button\"><a href=\"\/en\/wp-json\/wp\/v2\/pages\/4628?add-to-cart=4752\" aria-describedby=\"woocommerce_loop_add_to_cart_link_describedby_4752\" data-quantity=\"1\" class=\"primary is-small mb-0 button product_type_simple add_to_cart_button ajax_add_to_cart is-outline\" data-product_id=\"4752\" data-product_sku=\"100300116\" aria-label=\"Add to cart: &ldquo;Villa Franciacorta DOCG Mon Sat\u00e8n Brut 2016 1,5 L Magnum&rdquo;\" rel=\"nofollow\" data-success_message=\"&ldquo;Villa Franciacorta DOCG Mon Sat\u00e8n Brut 2016 1,5 L Magnum&rdquo; has been added to your cart\" role=\"button\">Add to cart<\/a><\/div>\t<span id=\"woocommerce_loop_add_to_cart_link_describedby_4752\" class=\"screen-reader-text\">\n\t\t\t<\/span>\n\t\t\t\t\t\t\t<\/div>\n\t\t\t\t\t\t<\/div>\n\t\t\t\t\t\t<\/div>\n\t\t\t\t\t<\/div><div class=\"col\" data-animate=\"fadeInUp\">\n\t\t\t\t\t\t<div class=\"col-inner\">\n\t\t\t\t\t\t\n<div class=\"badge-container badge-custom absolute right top z-1\">\n\n<\/div>\n\t\t\t\t\t\t<div class=\"product-small box has-hover box-normal box-text-bottom\">\n\t\t\t\t\t\t\t<div class=\"box-image\" >\n\t\t\t\t\t\t\t\t<div class=\"\" >\n\t\t\t\t\t\t\t\t\t<a href=\"https:\/\/schaumweinkontor.com\/en\/produkt\/villa-franciacorta-docg-brut-emozione-2015-15-l-magnum-copy\/\" aria-label=\"Villa Franciacorta DOCG Brut Emozione 2020 1,5 L Magnum BIO\">\n\t\t\t\t\t\t\t\t\t\t<img loading=\"lazy\" decoding=\"async\" width=\"300\" height=\"300\" src=\"https:\/\/schaumweinkontor.com\/wp-content\/uploads\/2024\/04\/Emozione-2020-300x300.png\" class=\"attachment-medium size-medium\" alt=\"Villa Franciacorta DOCG Brut Emozione 2020 1,5 L Magnum BIO\" srcset=\"https:\/\/schaumweinkontor.com\/wp-content\/uploads\/2024\/04\/Emozione-2020-300x300.png 300w, https:\/\/schaumweinkontor.com\/wp-content\/uploads\/2024\/04\/Emozione-2020-150x150.png 150w, https:\/\/schaumweinkontor.com\/wp-content\/uploads\/2024\/04\/Emozione-2020-768x768.png 768w, https:\/\/schaumweinkontor.com\/wp-content\/uploads\/2024\/04\/Emozione-2020-510x510.png 510w, https:\/\/schaumweinkontor.com\/wp-content\/uploads\/2024\/04\/Emozione-2020-100x100.png 100w, https:\/\/schaumweinkontor.com\/wp-content\/uploads\/2024\/04\/Emozione-2020.png 1000w\" sizes=\"auto, (max-width: 300px) 100vw, 300px\" \/>\t\t\t\t\t\t\t\t\t<\/a>\n\t\t\t\t\t\t\t\t\t\t\t\t\t\t\t\t\t\t \t\t\t\t\t\t\t\t<\/div>\n\t\t\t\t\t\t\t\t<div class=\"image-tools top right show-on-hover\">\n\t\t\t\t\t\t\t\t\t\t\t\t\t\t\t\t\t<\/div>\n\t\t\t\t\t\t\t\t\t\t\t\t\t\t\t\t\t<div class=\"image-tools grid-tools text-center hide-for-small bottom hover-slide-in show-on-hover\">\n\t\t\t\t\t\t\t\t\t\t\t\t\t\t\t\t\t\t\t<\/div>\n\t\t\t\t\t\t\t\t\t\t\t\t\t\t\t\t\t\t\t\t\t\t\t<\/div>\n\n\t\t\t\t\t\t\t<div class=\"box-text text-center\" >\n\t\t\t\t\t\t\t\t<div class=\"title-wrapper\">\t\t<p class=\"category uppercase is-smaller no-text-overflow product-cat op-7\">\n\t\t\tVilla Franciacorta\t\t<\/p>\n\t<p class=\"name product-title woocommerce-loop-product__title\"><a href=\"https:\/\/schaumweinkontor.com\/en\/produkt\/villa-franciacorta-docg-brut-emozione-2015-15-l-magnum-copy\/\" class=\"woocommerce-LoopProduct-link woocommerce-loop-product__link\">Villa Franciacorta DOCG Brut Emozione 2020 1,5 L Magnum BIO<\/a><\/p><\/div><div class=\"price-wrapper\">\n\t<span class=\"price\"><span class=\"woocommerce-Price-amount amount\" role=\"none\"><bdi><span class=\"woocommerce-Price-currencySymbol\">&euro;<\/span>&nbsp;64,90<\/bdi><\/span> <small class=\"woocommerce-price-suffix\">inkl. MwSt.<\/small><\/span>\n<\/div><div class=\"add-to-cart-button\"><a href=\"\/en\/wp-json\/wp\/v2\/pages\/4628?add-to-cart=5216\" aria-describedby=\"woocommerce_loop_add_to_cart_link_describedby_5216\" data-quantity=\"1\" class=\"primary is-small mb-0 button product_type_simple add_to_cart_button ajax_add_to_cart is-outline\" data-product_id=\"5216\" data-product_sku=\"100300134\" aria-label=\"Add to cart: &ldquo;Villa Franciacorta DOCG Brut Emozione 2020 1,5 L Magnum BIO&rdquo;\" rel=\"nofollow\" data-success_message=\"&ldquo;Villa Franciacorta DOCG Brut Emozione 2020 1,5 L Magnum BIO&rdquo; has been added to your cart\" role=\"button\">Add to cart<\/a><\/div>\t<span id=\"woocommerce_loop_add_to_cart_link_describedby_5216\" class=\"screen-reader-text\">\n\t\t\t<\/span>\n\t\t\t\t\t\t\t<\/div>\n\t\t\t\t\t\t<\/div>\n\t\t\t\t\t\t<\/div>\n\t\t\t\t\t<\/div><div class=\"col\" data-animate=\"fadeInUp\">\n\t\t\t\t\t\t<div class=\"col-inner\">\n\t\t\t\t\t\t\n<div class=\"badge-container badge-custom absolute right top z-1\">\n\n<\/div>\n\t\t\t\t\t\t<div class=\"product-small box has-hover box-normal box-text-bottom\">\n\t\t\t\t\t\t\t<div class=\"box-image\" >\n\t\t\t\t\t\t\t\t<div class=\"\" >\n\t\t\t\t\t\t\t\t\t<a href=\"https:\/\/schaumweinkontor.com\/en\/produkt\/villa-franciacorta-docg-blu-extra-brut-2016-15-l-magnum\/\" aria-label=\"Villa Franciacorta DOCG Extra Blu Extra Brut 2016 1,5 L Magnum\">\n\t\t\t\t\t\t\t\t\t\t<img loading=\"lazy\" decoding=\"async\" width=\"300\" height=\"300\" src=\"https:\/\/schaumweinkontor.com\/wp-content\/uploads\/2022\/06\/extra-blu1-1-2-300x300.jpg\" class=\"attachment-medium size-medium\" alt=\"Villa Franciacorta DOCG Extra Blu Extra Brut\" srcset=\"https:\/\/schaumweinkontor.com\/wp-content\/uploads\/2022\/06\/extra-blu1-1-2-300x300.jpg 300w, https:\/\/schaumweinkontor.com\/wp-content\/uploads\/2022\/06\/extra-blu1-1-2-100x100.jpg 100w, https:\/\/schaumweinkontor.com\/wp-content\/uploads\/2022\/06\/extra-blu1-1-2-510x510.jpg 510w, https:\/\/schaumweinkontor.com\/wp-content\/uploads\/2022\/06\/extra-blu1-1-2-150x150.jpg 150w, https:\/\/schaumweinkontor.com\/wp-content\/uploads\/2022\/06\/extra-blu1-1-2-768x768.jpg 768w, https:\/\/schaumweinkontor.com\/wp-content\/uploads\/2022\/06\/extra-blu1-1-2.jpg 800w\" sizes=\"auto, (max-width: 300px) 100vw, 300px\" \/>\t\t\t\t\t\t\t\t\t<\/a>\n\t\t\t\t\t\t\t\t\t\t\t\t\t\t\t\t\t\t \t\t\t\t\t\t\t\t<\/div>\n\t\t\t\t\t\t\t\t<div class=\"image-tools top right show-on-hover\">\n\t\t\t\t\t\t\t\t\t\t\t\t\t\t\t\t\t<\/div>\n\t\t\t\t\t\t\t\t\t\t\t\t\t\t\t\t\t<div class=\"image-tools grid-tools text-center hide-for-small bottom hover-slide-in show-on-hover\">\n\t\t\t\t\t\t\t\t\t\t\t\t\t\t\t\t\t\t\t<\/div>\n\t\t\t\t\t\t\t\t\t\t\t\t\t\t\t\t\t\t\t\t\t\t\t<\/div>\n\n\t\t\t\t\t\t\t<div class=\"box-text text-center\" >\n\t\t\t\t\t\t\t\t<div class=\"title-wrapper\">\t\t<p class=\"category uppercase is-smaller no-text-overflow product-cat op-7\">\n\t\t\tVilla Franciacorta\t\t<\/p>\n\t<p class=\"name product-title woocommerce-loop-product__title\"><a href=\"https:\/\/schaumweinkontor.com\/en\/produkt\/villa-franciacorta-docg-blu-extra-brut-2016-15-l-magnum\/\" class=\"woocommerce-LoopProduct-link woocommerce-loop-product__link\">Villa Franciacorta DOCG Extra Blu Extra Brut 2016 1,5 L Magnum<\/a><\/p><\/div><div class=\"price-wrapper\">\n\t<span class=\"price\"><span class=\"woocommerce-Price-amount amount\" role=\"none\"><bdi><span class=\"woocommerce-Price-currencySymbol\">&euro;<\/span>&nbsp;69,00<\/bdi><\/span> <small class=\"woocommerce-price-suffix\">inkl. MwSt.<\/small><\/span>\n<\/div><div class=\"add-to-cart-button\"><a href=\"\/en\/wp-json\/wp\/v2\/pages\/4628?add-to-cart=4744\" aria-describedby=\"woocommerce_loop_add_to_cart_link_describedby_4744\" data-quantity=\"1\" class=\"primary is-small mb-0 button product_type_simple add_to_cart_button ajax_add_to_cart is-outline\" data-product_id=\"4744\" data-product_sku=\"100300122\" aria-label=\"Add to cart: &ldquo;Villa Franciacorta DOCG Extra Blu Extra Brut 2016 1,5 L Magnum&rdquo;\" rel=\"nofollow\" data-success_message=\"&ldquo;Villa Franciacorta DOCG Extra Blu Extra Brut 2016 1,5 L Magnum&rdquo; has been added to your cart\" role=\"button\">Add to cart<\/a><\/div>\t<span id=\"woocommerce_loop_add_to_cart_link_describedby_4744\" class=\"screen-reader-text\">\n\t\t\t<\/span>\n\t\t\t\t\t\t\t<\/div>\n\t\t\t\t\t\t<\/div>\n\t\t\t\t\t\t<\/div>\n\t\t\t\t\t<\/div><div class=\"col\" data-animate=\"fadeInUp\">\n\t\t\t\t\t\t<div class=\"col-inner\">\n\t\t\t\t\t\t\n<div class=\"badge-container badge-custom absolute right top z-1\">\n\n<\/div>\n\t\t\t\t\t\t<div class=\"product-small box has-hover box-normal box-text-bottom\">\n\t\t\t\t\t\t\t<div class=\"box-image\" >\n\t\t\t\t\t\t\t\t<div class=\"\" >\n\t\t\t\t\t\t\t\t\t<a href=\"https:\/\/schaumweinkontor.com\/en\/produkt\/villa-franciacorta-docg-brut-emozione-2016-3-l-jeroboam-in-hk\/\" aria-label=\"Villa Franciacorta DOCG Brut Emozione 2016 3 L Jeroboam in HK\">\n\t\t\t\t\t\t\t\t\t\t<img loading=\"lazy\" decoding=\"async\" width=\"300\" height=\"300\" src=\"https:\/\/schaumweinkontor.com\/wp-content\/uploads\/2022\/06\/emozione1-1-2-300x300.jpg\" class=\"attachment-medium size-medium\" alt=\"Villa Franciacorta DOCG Brut Emozione 2016 3 L Jeroboam in HK\" srcset=\"https:\/\/schaumweinkontor.com\/wp-content\/uploads\/2022\/06\/emozione1-1-2-300x300.jpg 300w, https:\/\/schaumweinkontor.com\/wp-content\/uploads\/2022\/06\/emozione1-1-2-100x100.jpg 100w, https:\/\/schaumweinkontor.com\/wp-content\/uploads\/2022\/06\/emozione1-1-2-510x510.jpg 510w, https:\/\/schaumweinkontor.com\/wp-content\/uploads\/2022\/06\/emozione1-1-2-150x150.jpg 150w, https:\/\/schaumweinkontor.com\/wp-content\/uploads\/2022\/06\/emozione1-1-2-768x768.jpg 768w, https:\/\/schaumweinkontor.com\/wp-content\/uploads\/2022\/06\/emozione1-1-2.jpg 800w\" sizes=\"auto, (max-width: 300px) 100vw, 300px\" \/>\t\t\t\t\t\t\t\t\t<\/a>\n\t\t\t\t\t\t\t\t\t\t\t\t\t\t\t\t\t\t \t\t\t\t\t\t\t\t<\/div>\n\t\t\t\t\t\t\t\t<div class=\"image-tools top right show-on-hover\">\n\t\t\t\t\t\t\t\t\t\t\t\t\t\t\t\t\t<\/div>\n\t\t\t\t\t\t\t\t\t\t\t\t\t\t\t\t\t<div class=\"image-tools grid-tools text-center hide-for-small bottom hover-slide-in show-on-hover\">\n\t\t\t\t\t\t\t\t\t\t\t\t\t\t\t\t\t\t\t<\/div>\n\t\t\t\t\t\t\t\t\t\t\t\t\t\t\t\t\t\t\t\t\t\t\t<\/div>\n\n\t\t\t\t\t\t\t<div class=\"box-text text-center\" >\n\t\t\t\t\t\t\t\t<div class=\"title-wrapper\">\t\t<p class=\"category uppercase is-smaller no-text-overflow product-cat op-7\">\n\t\t\tVilla Franciacorta\t\t<\/p>\n\t<p class=\"name product-title woocommerce-loop-product__title\"><a href=\"https:\/\/schaumweinkontor.com\/en\/produkt\/villa-franciacorta-docg-brut-emozione-2016-3-l-jeroboam-in-hk\/\" class=\"woocommerce-LoopProduct-link woocommerce-loop-product__link\">Villa Franciacorta DOCG Brut Emozione 2016 3 L Jeroboam in HK<\/a><\/p><\/div><div class=\"price-wrapper\">\n\t<span class=\"price\"><span class=\"woocommerce-Price-amount amount\" role=\"none\"><bdi><span class=\"woocommerce-Price-currencySymbol\">&euro;<\/span>&nbsp;198,00<\/bdi><\/span> <small class=\"woocommerce-price-suffix\">inkl. MwSt.<\/small><\/span>\n<\/div><div class=\"add-to-cart-button\"><a href=\"\/en\/wp-json\/wp\/v2\/pages\/4628?add-to-cart=4748\" aria-describedby=\"woocommerce_loop_add_to_cart_link_describedby_4748\" data-quantity=\"1\" class=\"primary is-small mb-0 button product_type_simple add_to_cart_button ajax_add_to_cart is-outline\" data-product_id=\"4748\" data-product_sku=\"100300119\" aria-label=\"Add to cart: &ldquo;Villa Franciacorta DOCG Brut Emozione 2016 3 L Jeroboam in HK&rdquo;\" rel=\"nofollow\" data-success_message=\"&ldquo;Villa Franciacorta DOCG Brut Emozione 2016 3 L Jeroboam in HK&rdquo; has been added to your cart\" role=\"button\">Add to cart<\/a><\/div>\t<span id=\"woocommerce_loop_add_to_cart_link_describedby_4748\" class=\"screen-reader-text\">\n\t\t\t<\/span>\n\t\t\t\t\t\t\t<\/div>\n\t\t\t\t\t\t<\/div>\n\t\t\t\t\t\t<\/div>\n\t\t\t\t\t<\/div><div class=\"col\" data-animate=\"fadeInUp\">\n\t\t\t\t\t\t<div class=\"col-inner\">\n\t\t\t\t\t\t\n<div class=\"badge-container badge-custom absolute right top z-1\">\n\n<\/div>\n\t\t\t\t\t\t<div class=\"product-small box has-hover box-normal box-text-bottom\">\n\t\t\t\t\t\t\t<div class=\"box-image\" >\n\t\t\t\t\t\t\t\t<div class=\"\" >\n\t\t\t\t\t\t\t\t\t<a href=\"https:\/\/schaumweinkontor.com\/en\/produkt\/villa-franciacorta-docg-brut-emozione-2014-3-l-jeroboam-in-hk\/\" aria-label=\"Villa Franciacorta DOCG Brut Emozione 2014 3 L Jeroboam in HK\">\n\t\t\t\t\t\t\t\t\t\t<img loading=\"lazy\" decoding=\"async\" width=\"300\" height=\"300\" src=\"https:\/\/schaumweinkontor.com\/wp-content\/uploads\/2022\/06\/emozione1-1-2-300x300.jpg\" class=\"attachment-medium size-medium\" alt=\"Villa Franciacorta DOCG Brut Emozione 2014 3 L Jeroboam in HK\" srcset=\"https:\/\/schaumweinkontor.com\/wp-content\/uploads\/2022\/06\/emozione1-1-2-300x300.jpg 300w, https:\/\/schaumweinkontor.com\/wp-content\/uploads\/2022\/06\/emozione1-1-2-100x100.jpg 100w, https:\/\/schaumweinkontor.com\/wp-content\/uploads\/2022\/06\/emozione1-1-2-510x510.jpg 510w, https:\/\/schaumweinkontor.com\/wp-content\/uploads\/2022\/06\/emozione1-1-2-150x150.jpg 150w, https:\/\/schaumweinkontor.com\/wp-content\/uploads\/2022\/06\/emozione1-1-2-768x768.jpg 768w, https:\/\/schaumweinkontor.com\/wp-content\/uploads\/2022\/06\/emozione1-1-2.jpg 800w\" sizes=\"auto, (max-width: 300px) 100vw, 300px\" \/>\t\t\t\t\t\t\t\t\t<\/a>\n\t\t\t\t\t\t\t\t\t\t\t\t\t\t\t\t\t\t \t\t\t\t\t\t\t\t<\/div>\n\t\t\t\t\t\t\t\t<div class=\"image-tools top right show-on-hover\">\n\t\t\t\t\t\t\t\t\t\t\t\t\t\t\t\t\t<\/div>\n\t\t\t\t\t\t\t\t\t\t\t\t\t\t\t\t\t<div class=\"image-tools grid-tools text-center hide-for-small bottom hover-slide-in show-on-hover\">\n\t\t\t\t\t\t\t\t\t\t\t\t\t\t\t\t\t\t\t<\/div>\n\t\t\t\t\t\t\t\t\t\t\t\t\t\t\t\t\t\t\t\t\t\t\t<\/div>\n\n\t\t\t\t\t\t\t<div class=\"box-text text-center\" >\n\t\t\t\t\t\t\t\t<div class=\"title-wrapper\">\t\t<p class=\"category uppercase is-smaller no-text-overflow product-cat op-7\">\n\t\t\tVilla Franciacorta\t\t<\/p>\n\t<p class=\"name product-title woocommerce-loop-product__title\"><a href=\"https:\/\/schaumweinkontor.com\/en\/produkt\/villa-franciacorta-docg-brut-emozione-2014-3-l-jeroboam-in-hk\/\" class=\"woocommerce-LoopProduct-link woocommerce-loop-product__link\">Villa Franciacorta DOCG Brut Emozione 2014 3 L Jeroboam in HK<\/a><\/p><\/div><div class=\"price-wrapper\">\n\t<span class=\"price\"><span class=\"woocommerce-Price-amount amount\" role=\"none\"><bdi><span class=\"woocommerce-Price-currencySymbol\">&euro;<\/span>&nbsp;205,20<\/bdi><\/span> <small class=\"woocommerce-price-suffix\">inkl. MwSt.<\/small><\/span>\n<\/div><div class=\"add-to-cart-button\"><a href=\"\/en\/wp-json\/wp\/v2\/pages\/4628?add-to-cart=4749\" aria-describedby=\"woocommerce_loop_add_to_cart_link_describedby_4749\" data-quantity=\"1\" class=\"primary is-small mb-0 button product_type_simple add_to_cart_button ajax_add_to_cart is-outline\" data-product_id=\"4749\" data-product_sku=\"\" aria-label=\"Add to cart: &ldquo;Villa Franciacorta DOCG Brut Emozione 2014 3 L Jeroboam in HK&rdquo;\" rel=\"nofollow\" data-success_message=\"&ldquo;Villa Franciacorta DOCG Brut Emozione 2014 3 L Jeroboam in HK&rdquo; has been added to your cart\" role=\"button\">Add to cart<\/a><\/div>\t<span id=\"woocommerce_loop_add_to_cart_link_describedby_4749\" class=\"screen-reader-text\">\n\t\t\t<\/span>\n\t\t\t\t\t\t\t<\/div>\n\t\t\t\t\t\t<\/div>\n\t\t\t\t\t\t<\/div>\n\t\t\t\t\t<\/div><div class=\"col\" data-animate=\"fadeInUp\">\n\t\t\t\t\t\t<div class=\"col-inner\">\n\t\t\t\t\t\t\n<div class=\"badge-container badge-custom absolute right top z-1\">\n\n<\/div>\n\t\t\t\t\t\t<div class=\"product-small box has-hover box-normal box-text-bottom\">\n\t\t\t\t\t\t\t<div class=\"box-image\" >\n\t\t\t\t\t\t\t\t<div class=\"\" >\n\t\t\t\t\t\t\t\t\t<a href=\"https:\/\/schaumweinkontor.com\/en\/produkt\/villa-franciacorta-docg-brut-emozione-2018-15-l-magnum-bio-copy\/\" aria-label=\"Villa Franciacorta DOCG Brut Emozione 2018 3 L BIO in Wooden Box\">\n\t\t\t\t\t\t\t\t\t\t<img loading=\"lazy\" decoding=\"async\" width=\"300\" height=\"300\" src=\"https:\/\/schaumweinkontor.com\/wp-content\/uploads\/2022\/06\/emozione1-1-2-300x300.jpg\" class=\"attachment-medium size-medium\" alt=\"Villa Franciacorta DOCG Brut Emozione 2018 3 L BIO in Wooden Box\" srcset=\"https:\/\/schaumweinkontor.com\/wp-content\/uploads\/2022\/06\/emozione1-1-2-300x300.jpg 300w, https:\/\/schaumweinkontor.com\/wp-content\/uploads\/2022\/06\/emozione1-1-2-100x100.jpg 100w, https:\/\/schaumweinkontor.com\/wp-content\/uploads\/2022\/06\/emozione1-1-2-510x510.jpg 510w, https:\/\/schaumweinkontor.com\/wp-content\/uploads\/2022\/06\/emozione1-1-2-150x150.jpg 150w, https:\/\/schaumweinkontor.com\/wp-content\/uploads\/2022\/06\/emozione1-1-2-768x768.jpg 768w, https:\/\/schaumweinkontor.com\/wp-content\/uploads\/2022\/06\/emozione1-1-2.jpg 800w\" sizes=\"auto, (max-width: 300px) 100vw, 300px\" \/>\t\t\t\t\t\t\t\t\t<\/a>\n\t\t\t\t\t\t\t\t\t\t\t\t\t\t\t\t\t\t \t\t\t\t\t\t\t\t<\/div>\n\t\t\t\t\t\t\t\t<div class=\"image-tools top right show-on-hover\">\n\t\t\t\t\t\t\t\t\t\t\t\t\t\t\t\t\t<\/div>\n\t\t\t\t\t\t\t\t\t\t\t\t\t\t\t\t\t<div class=\"image-tools grid-tools text-center hide-for-small bottom hover-slide-in show-on-hover\">\n\t\t\t\t\t\t\t\t\t\t\t\t\t\t\t\t\t\t\t<\/div>\n\t\t\t\t\t\t\t\t\t\t\t\t\t\t\t\t\t\t\t\t\t\t\t<\/div>\n\n\t\t\t\t\t\t\t<div class=\"box-text text-center\" >\n\t\t\t\t\t\t\t\t<div class=\"title-wrapper\">\t\t<p class=\"category uppercase is-smaller no-text-overflow product-cat op-7\">\n\t\t\tVilla Franciacorta\t\t<\/p>\n\t<p class=\"name product-title woocommerce-loop-product__title\"><a href=\"https:\/\/schaumweinkontor.com\/en\/produkt\/villa-franciacorta-docg-brut-emozione-2018-15-l-magnum-bio-copy\/\" class=\"woocommerce-LoopProduct-link woocommerce-loop-product__link\">Villa Franciacorta DOCG Brut Emozione 2018 3 L BIO in Wooden Box<\/a><\/p><\/div><div class=\"price-wrapper\">\n\t<span class=\"price\"><span class=\"woocommerce-Price-amount amount\" role=\"none\"><bdi><span class=\"woocommerce-Price-currencySymbol\">&euro;<\/span>&nbsp;225,00<\/bdi><\/span> <small class=\"woocommerce-price-suffix\">inkl. MwSt.<\/small><\/span>\n<\/div><div class=\"add-to-cart-button\"><a href=\"\/en\/wp-json\/wp\/v2\/pages\/4628?add-to-cart=5218\" aria-describedby=\"woocommerce_loop_add_to_cart_link_describedby_5218\" data-quantity=\"1\" class=\"primary is-small mb-0 button product_type_simple add_to_cart_button ajax_add_to_cart is-outline\" data-product_id=\"5218\" data-product_sku=\"100300129\" aria-label=\"Add to cart: &ldquo;Villa Franciacorta DOCG Brut Emozione 2018 3 L BIO in Wooden Box&rdquo;\" rel=\"nofollow\" data-success_message=\"&ldquo;Villa Franciacorta DOCG Brut Emozione 2018 3 L BIO in Wooden Box&rdquo; has been added to your cart\" role=\"button\">Add to cart<\/a><\/div>\t<span id=\"woocommerce_loop_add_to_cart_link_describedby_5218\" class=\"screen-reader-text\">\n\t\t\t<\/span>\n\t\t\t\t\t\t\t<\/div>\n\t\t\t\t\t\t<\/div>\n\t\t\t\t\t\t<\/div>\n\t\t\t\t\t<\/div><div class=\"col\" data-animate=\"fadeInUp\">\n\t\t\t\t\t\t<div class=\"col-inner\">\n\t\t\t\t\t\t\n<div class=\"badge-container badge-custom absolute right top z-1\">\n\n<\/div>\n\t\t\t\t\t\t<div class=\"product-small box has-hover box-normal box-text-bottom\">\n\t\t\t\t\t\t\t<div class=\"box-image\" >\n\t\t\t\t\t\t\t\t<div class=\"\" >\n\t\t\t\t\t\t\t\t\t<a href=\"https:\/\/schaumweinkontor.com\/en\/produkt\/villa-franciacorta-docg-brut-emozione-2019-6-l-bio-in-wooden-box\/\" aria-label=\"Villa Franciacorta DOCG Brut Emozione 2019 6 L BIO in Wooden Box\">\n\t\t\t\t\t\t\t\t\t\t<img loading=\"lazy\" decoding=\"async\" width=\"300\" height=\"300\" src=\"https:\/\/schaumweinkontor.com\/wp-content\/uploads\/2024\/04\/Emozione-2019-300x300.png\" class=\"attachment-medium size-medium\" alt=\"Villa Franciacorta DOCG Brut Emozione 2019 BIO \" srcset=\"https:\/\/schaumweinkontor.com\/wp-content\/uploads\/2024\/04\/Emozione-2019-300x300.png 300w, https:\/\/schaumweinkontor.com\/wp-content\/uploads\/2024\/04\/Emozione-2019-150x150.png 150w, https:\/\/schaumweinkontor.com\/wp-content\/uploads\/2024\/04\/Emozione-2019-768x768.png 768w, https:\/\/schaumweinkontor.com\/wp-content\/uploads\/2024\/04\/Emozione-2019-510x510.png 510w, https:\/\/schaumweinkontor.com\/wp-content\/uploads\/2024\/04\/Emozione-2019-100x100.png 100w, https:\/\/schaumweinkontor.com\/wp-content\/uploads\/2024\/04\/Emozione-2019.png 1000w\" sizes=\"auto, (max-width: 300px) 100vw, 300px\" \/>\t\t\t\t\t\t\t\t\t<\/a>\n\t\t\t\t\t\t\t\t\t\t\t\t\t\t\t\t\t\t \t\t\t\t\t\t\t\t<\/div>\n\t\t\t\t\t\t\t\t<div class=\"image-tools top right show-on-hover\">\n\t\t\t\t\t\t\t\t\t\t\t\t\t\t\t\t\t<\/div>\n\t\t\t\t\t\t\t\t\t\t\t\t\t\t\t\t\t<div class=\"image-tools grid-tools text-center hide-for-small bottom hover-slide-in show-on-hover\">\n\t\t\t\t\t\t\t\t\t\t\t\t\t\t\t\t\t\t\t<\/div>\n\t\t\t\t\t\t\t\t\t\t\t\t\t\t\t\t\t\t\t\t\t\t\t<\/div>\n\n\t\t\t\t\t\t\t<div class=\"box-text text-center\" >\n\t\t\t\t\t\t\t\t<div class=\"title-wrapper\">\t\t<p class=\"category uppercase is-smaller no-text-overflow product-cat op-7\">\n\t\t\tVilla Franciacorta\t\t<\/p>\n\t<p class=\"name product-title woocommerce-loop-product__title\"><a href=\"https:\/\/schaumweinkontor.com\/en\/produkt\/villa-franciacorta-docg-brut-emozione-2019-6-l-bio-in-wooden-box\/\" class=\"woocommerce-LoopProduct-link woocommerce-loop-product__link\">Villa Franciacorta DOCG Brut Emozione 2019 6 L BIO in Wooden Box<\/a><\/p><\/div><div class=\"price-wrapper\">\n\t<span class=\"price\"><span class=\"woocommerce-Price-amount amount\" role=\"none\"><bdi><span class=\"woocommerce-Price-currencySymbol\">&euro;<\/span>&nbsp;445,00<\/bdi><\/span> <small class=\"woocommerce-price-suffix\">inkl. MwSt.<\/small><\/span>\n<\/div><div class=\"add-to-cart-button\"><a href=\"\/en\/wp-json\/wp\/v2\/pages\/4628?add-to-cart=5219\" aria-describedby=\"woocommerce_loop_add_to_cart_link_describedby_5219\" data-quantity=\"1\" class=\"primary is-small mb-0 button product_type_simple add_to_cart_button ajax_add_to_cart is-outline\" data-product_id=\"5219\" data-product_sku=\"100300130\" aria-label=\"Add to cart: &ldquo;Villa Franciacorta DOCG Brut Emozione 2019 6 L BIO in Wooden Box&rdquo;\" rel=\"nofollow\" data-success_message=\"&ldquo;Villa Franciacorta DOCG Brut Emozione 2019 6 L BIO in Wooden Box&rdquo; has been added to your cart\" role=\"button\">Add to cart<\/a><\/div>\t<span id=\"woocommerce_loop_add_to_cart_link_describedby_5219\" class=\"screen-reader-text\">\n\t\t\t<\/span>\n\t\t\t\t\t\t\t<\/div>\n\t\t\t\t\t\t<\/div>\n\t\t\t\t\t\t<\/div>\n\t\t\t\t\t<\/div><\/div>\n\n\n\t\t<\/div>\n\t\t\t\t\t<\/div>\n\n\t\n\n\n<style>\n#row-2098822983 > .col > .col-inner {\n  padding: 15px 0px 0px 0px;\n}\n<\/style>\n<\/div>\n<div class=\"row row-collapse row-full-width align-middle blau-verlauf\"  id=\"row-1237443231\">\n\n\n\t<div id=\"col-2112558937\" class=\"col medium-6 small-5 large-6\"  >\n\t\t\t\t<div class=\"col-inner\"  >\n\t\t\t\n\t\t\t\n\n\t<div id=\"text-1872425050\" class=\"text\">\n\t\t\n\n<h2><span style=\"font-size: 75%;\"> Special <\/span><\/h2>\n\t\t\n<style>\n#text-1872425050 {\n  font-size: 1.5rem;\n  line-height: 2;\n}\n<\/style>\n\t<\/div>\n\t\n\n\t\t<\/div>\n\t\t\t\t\t<\/div>\n\n\t\n\n\t<div id=\"col-1141053967\" class=\"col medium-6 small-7 large-6\"  >\n\t\t\t\t<div class=\"col-inner\"  >\n\t\t\t\n\t\t\t\n\n<h5 id=\"sonder-champagner-mobile\" class=\"uppercase\" style=\"text-align: right;\"><span style=\"color: #b79549; font-size: 75%;\"> Champagne <\/span><\/h5>\n\n\t\t<\/div>\n\t\t\t\t\t<\/div>\n\n\t\n\n\n<style>\n#row-1237443231 > .col > .col-inner {\n  padding: 0px 20px 0px 20px;\n  border-radius: 74px;\n}\n<\/style>\n<\/div>\n\t<section class=\"section bg_winzer\" id=\"section_1355335751\">\n\t\t<div class=\"bg section-bg fill bg-fill  \" >\n\n\t\t\t\n\t\t\t\n\t\t\t\n\n\t\t<\/div>\n\n\t\t\n\n\t\t<div class=\"section-content relative\">\n\t\t\t\n\n<h2 id=\"sonder-etienne-mobile\" class=\"uppercase\" style=\"text-align: center;\"><span style=\"font-size: 90%;\">Etienne Oudart Champagne<\/span><\/h2>\n\n\t\t<\/div>\n\n\t\t\n<style>\n#section_1355335751 {\n  padding-top: 30px;\n  padding-bottom: 30px;\n}\n#section_1355335751 .section-bg.bg-loaded {\n  background-image: url(https:\/\/schaumweinkontor.com\/wp-content\/uploads\/2022\/06\/landscape-illu-gold-transp.png);\n}\n<\/style>\n\t<\/section>\n\t\n<div class=\"row row-full-width align-middle align-center margin-auto\"  id=\"row-392033604\">\n\n\n\t<div id=\"col-1186290352\" class=\"col small-12 large-12\"  >\n\t\t\t\t<div class=\"col-inner\"  >\n\t\t\t\n\t\t\t\n\n\n  \n    <div class=\"row  equalize-box show-for-small large-columns-3 medium-columns- small-columns-1 row-large has-shadow row-box-shadow-2 row-box-shadow-4-hover\" >\n  \t\n\t     <div class=\"col\" data-animate=\"fadeInUp\">\n\t\t\t\t\t\t<div class=\"col-inner\">\n\t\t\t\t\t\t\n<div class=\"badge-container badge-custom absolute right top z-1\">\n\n<\/div>\n\t\t\t\t\t\t<div class=\"product-small box has-hover box-vertical box-text-bottom\">\n\t\t\t\t\t\t\t<div class=\"box-image\" >\n\t\t\t\t\t\t\t\t<div class=\"\" >\n\t\t\t\t\t\t\t\t\t<a href=\"https:\/\/schaumweinkontor.com\/en\/produkt\/etienne-oudart-champagne-brut-reference-0375-l\/\" aria-label=\"Etienne Oudart Champagne Brut R\u00e9f\u00e9rence 0,375 L\">\n\t\t\t\t\t\t\t\t\t\t<img loading=\"lazy\" decoding=\"async\" width=\"300\" height=\"300\" src=\"https:\/\/schaumweinkontor.com\/wp-content\/uploads\/2022\/09\/10-Etienne-Oudart-Brut-Reference-15l-300x300.png\" class=\"attachment-medium size-medium\" alt=\"Etienne Oudart Champagne Brut R\u00e9f\u00e9rence 0,375 L\" srcset=\"https:\/\/schaumweinkontor.com\/wp-content\/uploads\/2022\/09\/10-Etienne-Oudart-Brut-Reference-15l-300x300.png 300w, https:\/\/schaumweinkontor.com\/wp-content\/uploads\/2022\/09\/10-Etienne-Oudart-Brut-Reference-15l-100x100.png 100w, https:\/\/schaumweinkontor.com\/wp-content\/uploads\/2022\/09\/10-Etienne-Oudart-Brut-Reference-15l-510x510.png 510w, https:\/\/schaumweinkontor.com\/wp-content\/uploads\/2022\/09\/10-Etienne-Oudart-Brut-Reference-15l-150x150.png 150w, https:\/\/schaumweinkontor.com\/wp-content\/uploads\/2022\/09\/10-Etienne-Oudart-Brut-Reference-15l-768x768.png 768w, https:\/\/schaumweinkontor.com\/wp-content\/uploads\/2022\/09\/10-Etienne-Oudart-Brut-Reference-15l.png 1001w\" sizes=\"auto, (max-width: 300px) 100vw, 300px\" \/>\t\t\t\t\t\t\t\t\t<\/a>\n\t\t\t\t\t\t\t\t\t\t\t\t\t\t\t\t\t\t \t\t\t\t\t\t\t\t<\/div>\n\t\t\t\t\t\t\t\t<div class=\"image-tools top right show-on-hover\">\n\t\t\t\t\t\t\t\t\t\t\t\t\t\t\t\t\t<\/div>\n\t\t\t\t\t\t\t\t\t\t\t\t\t\t\t\t\t<div class=\"image-tools grid-tools text-center hide-for-small bottom hover-slide-in show-on-hover\">\n\t\t\t\t\t\t\t\t\t\t\t\t\t\t\t\t\t\t\t<\/div>\n\t\t\t\t\t\t\t\t\t\t\t\t\t\t\t\t\t\t\t\t\t\t\t<\/div>\n\n\t\t\t\t\t\t\t<div class=\"box-text text-center\" >\n\t\t\t\t\t\t\t\t<div class=\"title-wrapper\">\t\t<p class=\"category uppercase is-smaller no-text-overflow product-cat op-7\">\n\t\t\tEtienne Oudart\t\t<\/p>\n\t<p class=\"name product-title woocommerce-loop-product__title\"><a href=\"https:\/\/schaumweinkontor.com\/en\/produkt\/etienne-oudart-champagne-brut-reference-0375-l\/\" class=\"woocommerce-LoopProduct-link woocommerce-loop-product__link\">Etienne Oudart Champagne Brut R\u00e9f\u00e9rence 0,375 L<\/a><\/p><\/div><div class=\"price-wrapper\">\n\t<span class=\"price\"><span class=\"woocommerce-Price-amount amount\" role=\"none\"><bdi><span class=\"woocommerce-Price-currencySymbol\">&euro;<\/span>&nbsp;21,80<\/bdi><\/span> <small class=\"woocommerce-price-suffix\">inkl. MwSt.<\/small><\/span>\n<\/div><div class=\"add-to-cart-button\"><a href=\"\/en\/wp-json\/wp\/v2\/pages\/4628?add-to-cart=4721\" aria-describedby=\"woocommerce_loop_add_to_cart_link_describedby_4721\" data-quantity=\"1\" class=\"primary is-small mb-0 button product_type_simple add_to_cart_button ajax_add_to_cart is-outline\" data-product_id=\"4721\" data-product_sku=\"100300195\" aria-label=\"Add to cart: &ldquo;Etienne Oudart Champagne Brut R\u00e9f\u00e9rence 0,375 L&rdquo;\" rel=\"nofollow\" data-success_message=\"&ldquo;Etienne Oudart Champagne Brut R\u00e9f\u00e9rence 0,375 L&rdquo; has been added to your cart\" role=\"button\">Add to cart<\/a><\/div>\t<span id=\"woocommerce_loop_add_to_cart_link_describedby_4721\" class=\"screen-reader-text\">\n\t\t\t<\/span>\n\t\t\t\t\t\t\t<\/div>\n\t\t\t\t\t\t<\/div>\n\t\t\t\t\t\t<\/div>\n\t\t\t\t\t<\/div><div class=\"col\" data-animate=\"fadeInUp\">\n\t\t\t\t\t\t<div class=\"col-inner\">\n\t\t\t\t\t\t\n<div class=\"badge-container badge-custom absolute right top z-1\">\n\n<\/div>\n\t\t\t\t\t\t<div class=\"product-small box has-hover box-vertical box-text-bottom\">\n\t\t\t\t\t\t\t<div class=\"box-image\" >\n\t\t\t\t\t\t\t\t<div class=\"\" >\n\t\t\t\t\t\t\t\t\t<a href=\"https:\/\/schaumweinkontor.com\/en\/produkt\/etienne-oudart-champagne-brut-reference-15-l-magnum\/\" aria-label=\"Etienne Oudart Champagne Brut R\u00e9f\u00e9rence 1,5 L Magnum\">\n\t\t\t\t\t\t\t\t\t\t<img loading=\"lazy\" decoding=\"async\" width=\"300\" height=\"300\" src=\"https:\/\/schaumweinkontor.com\/wp-content\/uploads\/2022\/09\/10-Etienne-Oudart-Brut-Reference-15l-300x300.png\" class=\"attachment-medium size-medium\" alt=\"Etienne Oudart Champagne Brut R\u00e9f\u00e9rence 1,5 L Magnum\" srcset=\"https:\/\/schaumweinkontor.com\/wp-content\/uploads\/2022\/09\/10-Etienne-Oudart-Brut-Reference-15l-300x300.png 300w, https:\/\/schaumweinkontor.com\/wp-content\/uploads\/2022\/09\/10-Etienne-Oudart-Brut-Reference-15l-100x100.png 100w, https:\/\/schaumweinkontor.com\/wp-content\/uploads\/2022\/09\/10-Etienne-Oudart-Brut-Reference-15l-510x510.png 510w, https:\/\/schaumweinkontor.com\/wp-content\/uploads\/2022\/09\/10-Etienne-Oudart-Brut-Reference-15l-150x150.png 150w, https:\/\/schaumweinkontor.com\/wp-content\/uploads\/2022\/09\/10-Etienne-Oudart-Brut-Reference-15l-768x768.png 768w, https:\/\/schaumweinkontor.com\/wp-content\/uploads\/2022\/09\/10-Etienne-Oudart-Brut-Reference-15l.png 1001w\" sizes=\"auto, (max-width: 300px) 100vw, 300px\" \/>\t\t\t\t\t\t\t\t\t<\/a>\n\t\t\t\t\t\t\t\t\t\t\t\t\t\t\t\t\t\t \t\t\t\t\t\t\t\t<\/div>\n\t\t\t\t\t\t\t\t<div class=\"image-tools top right show-on-hover\">\n\t\t\t\t\t\t\t\t\t\t\t\t\t\t\t\t\t<\/div>\n\t\t\t\t\t\t\t\t\t\t\t\t\t\t\t\t\t<div class=\"image-tools grid-tools text-center hide-for-small bottom hover-slide-in show-on-hover\">\n\t\t\t\t\t\t\t\t\t\t\t\t\t\t\t\t\t\t\t<\/div>\n\t\t\t\t\t\t\t\t\t\t\t\t\t\t\t\t\t\t\t\t\t\t\t<\/div>\n\n\t\t\t\t\t\t\t<div class=\"box-text text-center\" >\n\t\t\t\t\t\t\t\t<div class=\"title-wrapper\">\t\t<p class=\"category uppercase is-smaller no-text-overflow product-cat op-7\">\n\t\t\tEtienne Oudart\t\t<\/p>\n\t<p class=\"name product-title woocommerce-loop-product__title\"><a href=\"https:\/\/schaumweinkontor.com\/en\/produkt\/etienne-oudart-champagne-brut-reference-15-l-magnum\/\" class=\"woocommerce-LoopProduct-link woocommerce-loop-product__link\">Etienne Oudart Champagne Brut R\u00e9f\u00e9rence 1,5 L Magnum<\/a><\/p><\/div><div class=\"price-wrapper\">\n\t<span class=\"price\"><span class=\"woocommerce-Price-amount amount\" role=\"none\"><bdi><span class=\"woocommerce-Price-currencySymbol\">&euro;<\/span>&nbsp;64,50<\/bdi><\/span> <small class=\"woocommerce-price-suffix\">inkl. MwSt.<\/small><\/span>\n<\/div><div class=\"add-to-cart-button\"><a href=\"\/en\/wp-json\/wp\/v2\/pages\/4628?add-to-cart=4732\" aria-describedby=\"woocommerce_loop_add_to_cart_link_describedby_4732\" data-quantity=\"1\" class=\"primary is-small mb-0 button product_type_simple add_to_cart_button ajax_add_to_cart is-outline\" data-product_id=\"4732\" data-product_sku=\"100300193\" aria-label=\"Add to cart: &ldquo;Etienne Oudart Champagne Brut R\u00e9f\u00e9rence 1,5 L Magnum&rdquo;\" rel=\"nofollow\" data-success_message=\"&ldquo;Etienne Oudart Champagne Brut R\u00e9f\u00e9rence 1,5 L Magnum&rdquo; has been added to your cart\" role=\"button\">Add to cart<\/a><\/div>\t<span id=\"woocommerce_loop_add_to_cart_link_describedby_4732\" class=\"screen-reader-text\">\n\t\t\t<\/span>\n\t\t\t\t\t\t\t<\/div>\n\t\t\t\t\t\t<\/div>\n\t\t\t\t\t\t<\/div>\n\t\t\t\t\t<\/div><div class=\"col\" data-animate=\"fadeInUp\">\n\t\t\t\t\t\t<div class=\"col-inner\">\n\t\t\t\t\t\t\n<div class=\"badge-container badge-custom absolute right top z-1\">\n\n<\/div>\n\t\t\t\t\t\t<div class=\"product-small box has-hover box-vertical box-text-bottom\">\n\t\t\t\t\t\t\t<div class=\"box-image\" >\n\t\t\t\t\t\t\t\t<div class=\"\" >\n\t\t\t\t\t\t\t\t\t<a href=\"https:\/\/schaumweinkontor.com\/en\/produkt\/etienne-oudart-champagne-brut-reference-3-l-jeroboam\/\" aria-label=\"Etienne Oudart Champagne Brut R\u00e9f\u00e9rence 3 L Jeroboam\">\n\t\t\t\t\t\t\t\t\t\t<img loading=\"lazy\" decoding=\"async\" width=\"300\" height=\"300\" src=\"https:\/\/schaumweinkontor.com\/wp-content\/uploads\/2022\/09\/10-Etienne-Oudart-Brut-Reference-15l-300x300.png\" class=\"attachment-medium size-medium\" alt=\"Etienne Oudart Champagne Brut R\u00e9f\u00e9rence 3 L Jeroboam\" srcset=\"https:\/\/schaumweinkontor.com\/wp-content\/uploads\/2022\/09\/10-Etienne-Oudart-Brut-Reference-15l-300x300.png 300w, https:\/\/schaumweinkontor.com\/wp-content\/uploads\/2022\/09\/10-Etienne-Oudart-Brut-Reference-15l-100x100.png 100w, https:\/\/schaumweinkontor.com\/wp-content\/uploads\/2022\/09\/10-Etienne-Oudart-Brut-Reference-15l-510x510.png 510w, https:\/\/schaumweinkontor.com\/wp-content\/uploads\/2022\/09\/10-Etienne-Oudart-Brut-Reference-15l-150x150.png 150w, https:\/\/schaumweinkontor.com\/wp-content\/uploads\/2022\/09\/10-Etienne-Oudart-Brut-Reference-15l-768x768.png 768w, https:\/\/schaumweinkontor.com\/wp-content\/uploads\/2022\/09\/10-Etienne-Oudart-Brut-Reference-15l.png 1001w\" sizes=\"auto, (max-width: 300px) 100vw, 300px\" \/>\t\t\t\t\t\t\t\t\t<\/a>\n\t\t\t\t\t\t\t\t\t\t\t\t\t\t\t\t\t\t \t\t\t\t\t\t\t\t<\/div>\n\t\t\t\t\t\t\t\t<div class=\"image-tools top right show-on-hover\">\n\t\t\t\t\t\t\t\t\t\t\t\t\t\t\t\t\t<\/div>\n\t\t\t\t\t\t\t\t\t\t\t\t\t\t\t\t\t<div class=\"image-tools grid-tools text-center hide-for-small bottom hover-slide-in show-on-hover\">\n\t\t\t\t\t\t\t\t\t\t\t\t\t\t\t\t\t\t\t<\/div>\n\t\t\t\t\t\t\t\t\t\t\t\t\t\t\t\t\t\t\t\t\t\t\t<\/div>\n\n\t\t\t\t\t\t\t<div class=\"box-text text-center\" >\n\t\t\t\t\t\t\t\t<div class=\"title-wrapper\">\t\t<p class=\"category uppercase is-smaller no-text-overflow product-cat op-7\">\n\t\t\tEtienne Oudart\t\t<\/p>\n\t<p class=\"name product-title woocommerce-loop-product__title\"><a href=\"https:\/\/schaumweinkontor.com\/en\/produkt\/etienne-oudart-champagne-brut-reference-3-l-jeroboam\/\" class=\"woocommerce-LoopProduct-link woocommerce-loop-product__link\">Etienne Oudart Champagne Brut R\u00e9f\u00e9rence 3 L Jeroboam<\/a><\/p><\/div><div class=\"price-wrapper\">\n\t<span class=\"price\"><span class=\"woocommerce-Price-amount amount\" role=\"none\"><bdi><span class=\"woocommerce-Price-currencySymbol\">&euro;<\/span>&nbsp;205,00<\/bdi><\/span> <small class=\"woocommerce-price-suffix\">inkl. MwSt.<\/small><\/span>\n<\/div><div class=\"add-to-cart-button\"><a href=\"\/en\/wp-json\/wp\/v2\/pages\/4628?add-to-cart=4720\" aria-describedby=\"woocommerce_loop_add_to_cart_link_describedby_4720\" data-quantity=\"1\" class=\"primary is-small mb-0 button product_type_simple add_to_cart_button ajax_add_to_cart is-outline\" data-product_id=\"4720\" data-product_sku=\"100300194\" aria-label=\"Add to cart: &ldquo;Etienne Oudart Champagne Brut R\u00e9f\u00e9rence 3 L Jeroboam&rdquo;\" rel=\"nofollow\" data-success_message=\"&ldquo;Etienne Oudart Champagne Brut R\u00e9f\u00e9rence 3 L Jeroboam&rdquo; has been added to your cart\" role=\"button\">Add to cart<\/a><\/div>\t<span id=\"woocommerce_loop_add_to_cart_link_describedby_4720\" class=\"screen-reader-text\">\n\t\t\t<\/span>\n\t\t\t\t\t\t\t<\/div>\n\t\t\t\t\t\t<\/div>\n\t\t\t\t\t\t<\/div>\n\t\t\t\t\t<\/div><div class=\"col\" data-animate=\"fadeInUp\">\n\t\t\t\t\t\t<div class=\"col-inner\">\n\t\t\t\t\t\t\n<div class=\"badge-container badge-custom absolute right top z-1\">\n\n<\/div>\n\t\t\t\t\t\t<div class=\"product-small box has-hover box-vertical box-text-bottom\">\n\t\t\t\t\t\t\t<div class=\"box-image\" >\n\t\t\t\t\t\t\t\t<div class=\"\" >\n\t\t\t\t\t\t\t\t\t<a href=\"https:\/\/schaumweinkontor.com\/en\/produkt\/etienne-oudart-champagne-brut-reference-6-l-magnum\/\" aria-label=\"Etienne Oudart Champagne Brut R\u00e9f\u00e9rence 6 L Magnum\">\n\t\t\t\t\t\t\t\t\t\t<img loading=\"lazy\" decoding=\"async\" width=\"300\" height=\"300\" src=\"https:\/\/schaumweinkontor.com\/wp-content\/uploads\/2022\/09\/10-Etienne-Oudart-Brut-Reference-15l-300x300.png\" class=\"attachment-medium size-medium\" alt=\"Etienne Oudart Champagne Brut R\u00e9f\u00e9rence 6 L Magnum\" srcset=\"https:\/\/schaumweinkontor.com\/wp-content\/uploads\/2022\/09\/10-Etienne-Oudart-Brut-Reference-15l-300x300.png 300w, https:\/\/schaumweinkontor.com\/wp-content\/uploads\/2022\/09\/10-Etienne-Oudart-Brut-Reference-15l-100x100.png 100w, https:\/\/schaumweinkontor.com\/wp-content\/uploads\/2022\/09\/10-Etienne-Oudart-Brut-Reference-15l-510x510.png 510w, https:\/\/schaumweinkontor.com\/wp-content\/uploads\/2022\/09\/10-Etienne-Oudart-Brut-Reference-15l-150x150.png 150w, https:\/\/schaumweinkontor.com\/wp-content\/uploads\/2022\/09\/10-Etienne-Oudart-Brut-Reference-15l-768x768.png 768w, https:\/\/schaumweinkontor.com\/wp-content\/uploads\/2022\/09\/10-Etienne-Oudart-Brut-Reference-15l.png 1001w\" sizes=\"auto, (max-width: 300px) 100vw, 300px\" \/>\t\t\t\t\t\t\t\t\t<\/a>\n\t\t\t\t\t\t\t\t\t\t\t\t\t\t\t\t\t\t \t\t\t\t\t\t\t\t<\/div>\n\t\t\t\t\t\t\t\t<div class=\"image-tools top right show-on-hover\">\n\t\t\t\t\t\t\t\t\t\t\t\t\t\t\t\t\t<\/div>\n\t\t\t\t\t\t\t\t\t\t\t\t\t\t\t\t\t<div class=\"image-tools grid-tools text-center hide-for-small bottom hover-slide-in show-on-hover\">\n\t\t\t\t\t\t\t\t\t\t\t\t\t\t\t\t\t\t\t<\/div>\n\t\t\t\t\t\t\t\t\t\t\t\t\t\t\t\t\t\t\t\t\t\t\t<\/div>\n\n\t\t\t\t\t\t\t<div class=\"box-text text-center\" >\n\t\t\t\t\t\t\t\t<div class=\"title-wrapper\">\t\t<p class=\"category uppercase is-smaller no-text-overflow product-cat op-7\">\n\t\t\tEtienne Oudart\t\t<\/p>\n\t<p class=\"name product-title woocommerce-loop-product__title\"><a href=\"https:\/\/schaumweinkontor.com\/en\/produkt\/etienne-oudart-champagne-brut-reference-6-l-magnum\/\" class=\"woocommerce-LoopProduct-link woocommerce-loop-product__link\">Etienne Oudart Champagne Brut R\u00e9f\u00e9rence 6 L Magnum<\/a><\/p><\/div><div class=\"price-wrapper\">\n\t<span class=\"price\"><span class=\"woocommerce-Price-amount amount\" role=\"none\"><bdi><span class=\"woocommerce-Price-currencySymbol\">&euro;<\/span>&nbsp;450,00<\/bdi><\/span> <small class=\"woocommerce-price-suffix\">inkl. MwSt.<\/small><\/span>\n<\/div><div class=\"add-to-cart-button\"><a href=\"\/en\/wp-json\/wp\/v2\/pages\/4628?add-to-cart=4668\" aria-describedby=\"woocommerce_loop_add_to_cart_link_describedby_4668\" data-quantity=\"1\" class=\"primary is-small mb-0 button product_type_simple add_to_cart_button ajax_add_to_cart is-outline\" data-product_id=\"4668\" data-product_sku=\"100300199\" aria-label=\"Add to cart: &ldquo;Etienne Oudart Champagne Brut R\u00e9f\u00e9rence 6 L Magnum&rdquo;\" rel=\"nofollow\" data-success_message=\"&ldquo;Etienne Oudart Champagne Brut R\u00e9f\u00e9rence 6 L Magnum&rdquo; has been added to your cart\" role=\"button\">Add to cart<\/a><\/div>\t<span id=\"woocommerce_loop_add_to_cart_link_describedby_4668\" class=\"screen-reader-text\">\n\t\t\t<\/span>\n\t\t\t\t\t\t\t<\/div>\n\t\t\t\t\t\t<\/div>\n\t\t\t\t\t\t<\/div>\n\t\t\t\t\t<\/div><div class=\"col\" data-animate=\"fadeInUp\">\n\t\t\t\t\t\t<div class=\"col-inner\">\n\t\t\t\t\t\t\n<div class=\"badge-container badge-custom absolute right top z-1\">\n\n<\/div>\n\t\t\t\t\t\t<div class=\"product-small box has-hover box-vertical box-text-bottom\">\n\t\t\t\t\t\t\t<div class=\"box-image\" >\n\t\t\t\t\t\t\t\t<div class=\"\" >\n\t\t\t\t\t\t\t\t\t<a href=\"https:\/\/schaumweinkontor.com\/en\/produkt\/etienne-oudart-champagne-brut-reference-9-l-jeroboam\/\" aria-label=\"Etienne Oudart Champagne Brut R\u00e9f\u00e9rence 9 L Salmanasar\">\n\t\t\t\t\t\t\t\t\t\t<img loading=\"lazy\" decoding=\"async\" width=\"300\" height=\"300\" src=\"https:\/\/schaumweinkontor.com\/wp-content\/uploads\/2022\/09\/10-Etienne-Oudart-Brut-Reference-15l-300x300.png\" class=\"attachment-medium size-medium\" alt=\"Etienne Oudart Champagne Brut R\u00e9f\u00e9rence 9 L Salmanasar\" srcset=\"https:\/\/schaumweinkontor.com\/wp-content\/uploads\/2022\/09\/10-Etienne-Oudart-Brut-Reference-15l-300x300.png 300w, https:\/\/schaumweinkontor.com\/wp-content\/uploads\/2022\/09\/10-Etienne-Oudart-Brut-Reference-15l-100x100.png 100w, https:\/\/schaumweinkontor.com\/wp-content\/uploads\/2022\/09\/10-Etienne-Oudart-Brut-Reference-15l-510x510.png 510w, https:\/\/schaumweinkontor.com\/wp-content\/uploads\/2022\/09\/10-Etienne-Oudart-Brut-Reference-15l-150x150.png 150w, https:\/\/schaumweinkontor.com\/wp-content\/uploads\/2022\/09\/10-Etienne-Oudart-Brut-Reference-15l-768x768.png 768w, https:\/\/schaumweinkontor.com\/wp-content\/uploads\/2022\/09\/10-Etienne-Oudart-Brut-Reference-15l.png 1001w\" sizes=\"auto, (max-width: 300px) 100vw, 300px\" \/>\t\t\t\t\t\t\t\t\t<\/a>\n\t\t\t\t\t\t\t\t\t\t\t\t\t\t\t\t\t\t \t\t\t\t\t\t\t\t<\/div>\n\t\t\t\t\t\t\t\t<div class=\"image-tools top right show-on-hover\">\n\t\t\t\t\t\t\t\t\t\t\t\t\t\t\t\t\t<\/div>\n\t\t\t\t\t\t\t\t\t\t\t\t\t\t\t\t\t<div class=\"image-tools grid-tools text-center hide-for-small bottom hover-slide-in show-on-hover\">\n\t\t\t\t\t\t\t\t\t\t\t\t\t\t\t\t\t\t\t<\/div>\n\t\t\t\t\t\t\t\t\t\t\t\t\t\t\t\t\t\t\t\t\t\t\t<\/div>\n\n\t\t\t\t\t\t\t<div class=\"box-text text-center\" >\n\t\t\t\t\t\t\t\t<div class=\"title-wrapper\">\t\t<p class=\"category uppercase is-smaller no-text-overflow product-cat op-7\">\n\t\t\tEtienne Oudart\t\t<\/p>\n\t<p class=\"name product-title woocommerce-loop-product__title\"><a href=\"https:\/\/schaumweinkontor.com\/en\/produkt\/etienne-oudart-champagne-brut-reference-9-l-jeroboam\/\" class=\"woocommerce-LoopProduct-link woocommerce-loop-product__link\">Etienne Oudart Champagne Brut R\u00e9f\u00e9rence 9 L Salmanasar<\/a><\/p><\/div><div class=\"price-wrapper\">\n\t<span class=\"price\"><span class=\"woocommerce-Price-amount amount\" role=\"none\"><bdi><span class=\"woocommerce-Price-currencySymbol\">&euro;<\/span>&nbsp;760,00<\/bdi><\/span> <small class=\"woocommerce-price-suffix\">inkl. MwSt.<\/small><\/span>\n<\/div><div class=\"add-to-cart-button\"><a href=\"\/en\/wp-json\/wp\/v2\/pages\/4628?add-to-cart=4667\" aria-describedby=\"woocommerce_loop_add_to_cart_link_describedby_4667\" data-quantity=\"1\" class=\"primary is-small mb-0 button product_type_simple add_to_cart_button ajax_add_to_cart is-outline\" data-product_id=\"4667\" data-product_sku=\"100300200\" aria-label=\"Add to cart: &ldquo;Etienne Oudart Champagne Brut R\u00e9f\u00e9rence 9 L Salmanasar&rdquo;\" rel=\"nofollow\" data-success_message=\"&ldquo;Etienne Oudart Champagne Brut R\u00e9f\u00e9rence 9 L Salmanasar&rdquo; has been added to your cart\" role=\"button\">Add to cart<\/a><\/div>\t<span id=\"woocommerce_loop_add_to_cart_link_describedby_4667\" class=\"screen-reader-text\">\n\t\t\t<\/span>\n\t\t\t\t\t\t\t<\/div>\n\t\t\t\t\t\t<\/div>\n\t\t\t\t\t\t<\/div>\n\t\t\t\t\t<\/div><\/div>\n\n\n  \n    <div class=\"row  equalize-box show-for-medium hide-for-small large-columns-3 medium-columns-2 small-columns-1 row-large has-shadow row-box-shadow-2 row-box-shadow-4-hover\" >\n  \t\n\t     <div class=\"col\" data-animate=\"fadeInUp\">\n\t\t\t\t\t\t<div class=\"col-inner\">\n\t\t\t\t\t\t\n<div class=\"badge-container badge-custom absolute right top z-1\">\n\n<\/div>\n\t\t\t\t\t\t<div class=\"product-small box has-hover box-normal box-text-bottom\">\n\t\t\t\t\t\t\t<div class=\"box-image\" >\n\t\t\t\t\t\t\t\t<div class=\"\" >\n\t\t\t\t\t\t\t\t\t<a href=\"https:\/\/schaumweinkontor.com\/en\/produkt\/villa-franciacorta-docg-brut-emozione-2015-15-l-magnum\/\" aria-label=\"Villa Franciacorta Brut Emozione 2015 DOCG 1,5 L Magnum\">\n\t\t\t\t\t\t\t\t\t\t<img loading=\"lazy\" decoding=\"async\" width=\"300\" height=\"300\" src=\"https:\/\/schaumweinkontor.com\/wp-content\/uploads\/2022\/06\/emozione1-1-2-300x300.jpg\" class=\"attachment-medium size-medium\" alt=\"Villa Franciacorta Brut Emozione 2015 DOCG 1,5 L Magnum\" srcset=\"https:\/\/schaumweinkontor.com\/wp-content\/uploads\/2022\/06\/emozione1-1-2-300x300.jpg 300w, https:\/\/schaumweinkontor.com\/wp-content\/uploads\/2022\/06\/emozione1-1-2-100x100.jpg 100w, https:\/\/schaumweinkontor.com\/wp-content\/uploads\/2022\/06\/emozione1-1-2-510x510.jpg 510w, https:\/\/schaumweinkontor.com\/wp-content\/uploads\/2022\/06\/emozione1-1-2-150x150.jpg 150w, https:\/\/schaumweinkontor.com\/wp-content\/uploads\/2022\/06\/emozione1-1-2-768x768.jpg 768w, https:\/\/schaumweinkontor.com\/wp-content\/uploads\/2022\/06\/emozione1-1-2.jpg 800w\" sizes=\"auto, (max-width: 300px) 100vw, 300px\" \/>\t\t\t\t\t\t\t\t\t<\/a>\n\t\t\t\t\t\t\t\t\t\t\t\t\t\t\t\t\t\t \t\t\t\t\t\t\t\t<\/div>\n\t\t\t\t\t\t\t\t<div class=\"image-tools top right show-on-hover\">\n\t\t\t\t\t\t\t\t\t\t\t\t\t\t\t\t\t<\/div>\n\t\t\t\t\t\t\t\t\t\t\t\t\t\t\t\t\t<div class=\"image-tools grid-tools text-center hide-for-small bottom hover-slide-in show-on-hover\">\n\t\t\t\t\t\t\t\t\t\t\t\t\t\t\t\t\t\t\t<\/div>\n\t\t\t\t\t\t\t\t\t\t\t\t\t\t\t\t\t\t\t\t\t\t\t<\/div>\n\n\t\t\t\t\t\t\t<div class=\"box-text text-center\" >\n\t\t\t\t\t\t\t\t<div class=\"title-wrapper\">\t\t<p class=\"category uppercase is-smaller no-text-overflow product-cat op-7\">\n\t\t\tVilla Franciacorta\t\t<\/p>\n\t<p class=\"name product-title woocommerce-loop-product__title\"><a href=\"https:\/\/schaumweinkontor.com\/en\/produkt\/villa-franciacorta-docg-brut-emozione-2015-15-l-magnum\/\" class=\"woocommerce-LoopProduct-link woocommerce-loop-product__link\">Villa Franciacorta Brut Emozione 2015 DOCG 1,5 L Magnum<\/a><\/p><\/div><div class=\"price-wrapper\">\n\t<span class=\"price\"><span class=\"woocommerce-Price-amount amount\" role=\"none\"><bdi><span class=\"woocommerce-Price-currencySymbol\">&euro;<\/span>&nbsp;58,00<\/bdi><\/span> <small class=\"woocommerce-price-suffix\">inkl. MwSt.<\/small><\/span>\n<\/div><div class=\"add-to-cart-button\"><a href=\"\/en\/wp-json\/wp\/v2\/pages\/4628?add-to-cart=4747\" aria-describedby=\"woocommerce_loop_add_to_cart_link_describedby_4747\" data-quantity=\"1\" class=\"primary is-small mb-0 button product_type_simple add_to_cart_button ajax_add_to_cart is-outline\" data-product_id=\"4747\" data-product_sku=\"100300140\" aria-label=\"Add to cart: &ldquo;Villa Franciacorta Brut Emozione 2015 DOCG 1,5 L Magnum&rdquo;\" rel=\"nofollow\" data-success_message=\"&ldquo;Villa Franciacorta Brut Emozione 2015 DOCG 1,5 L Magnum&rdquo; has been added to your cart\" role=\"button\">Add to cart<\/a><\/div>\t<span id=\"woocommerce_loop_add_to_cart_link_describedby_4747\" class=\"screen-reader-text\">\n\t\t\t<\/span>\n\t\t\t\t\t\t\t<\/div>\n\t\t\t\t\t\t<\/div>\n\t\t\t\t\t\t<\/div>\n\t\t\t\t\t<\/div><div class=\"col\" data-animate=\"fadeInUp\">\n\t\t\t\t\t\t<div class=\"col-inner\">\n\t\t\t\t\t\t\n<div class=\"badge-container badge-custom absolute right top z-1\">\n\n<\/div>\n\t\t\t\t\t\t<div class=\"product-small box has-hover box-normal box-text-bottom\">\n\t\t\t\t\t\t\t<div class=\"box-image\" >\n\t\t\t\t\t\t\t\t<div class=\"\" >\n\t\t\t\t\t\t\t\t\t<a href=\"https:\/\/schaumweinkontor.com\/en\/produkt\/villa-franciacorta-docg-mon-saten-brut-2016-15-l-magnum\/\" aria-label=\"Villa Franciacorta DOCG Mon Sat\u00e8n Brut 2016 1,5 L Magnum\">\n\t\t\t\t\t\t\t\t\t\t<img loading=\"lazy\" decoding=\"async\" width=\"300\" height=\"300\" src=\"https:\/\/schaumweinkontor.com\/wp-content\/uploads\/2022\/06\/Villa-Franciacorta-DOCG-Mon-Saten-Brut-2016-15-L-Magnum-300x300.png\" class=\"attachment-medium size-medium\" alt=\"Villa Franciacorta DOCG Mon Sat\u00e8n Brut 2016 1,5 L Magnum\" srcset=\"https:\/\/schaumweinkontor.com\/wp-content\/uploads\/2022\/06\/Villa-Franciacorta-DOCG-Mon-Saten-Brut-2016-15-L-Magnum-300x300.png 300w, https:\/\/schaumweinkontor.com\/wp-content\/uploads\/2022\/06\/Villa-Franciacorta-DOCG-Mon-Saten-Brut-2016-15-L-Magnum-100x100.png 100w, https:\/\/schaumweinkontor.com\/wp-content\/uploads\/2022\/06\/Villa-Franciacorta-DOCG-Mon-Saten-Brut-2016-15-L-Magnum-510x510.png 510w, https:\/\/schaumweinkontor.com\/wp-content\/uploads\/2022\/06\/Villa-Franciacorta-DOCG-Mon-Saten-Brut-2016-15-L-Magnum-150x150.png 150w, https:\/\/schaumweinkontor.com\/wp-content\/uploads\/2022\/06\/Villa-Franciacorta-DOCG-Mon-Saten-Brut-2016-15-L-Magnum-768x768.png 768w, https:\/\/schaumweinkontor.com\/wp-content\/uploads\/2022\/06\/Villa-Franciacorta-DOCG-Mon-Saten-Brut-2016-15-L-Magnum.png 1000w\" sizes=\"auto, (max-width: 300px) 100vw, 300px\" \/>\t\t\t\t\t\t\t\t\t<\/a>\n\t\t\t\t\t\t\t\t\t\t\t\t\t\t\t\t\t\t \t\t\t\t\t\t\t\t<\/div>\n\t\t\t\t\t\t\t\t<div class=\"image-tools top right show-on-hover\">\n\t\t\t\t\t\t\t\t\t\t\t\t\t\t\t\t\t<\/div>\n\t\t\t\t\t\t\t\t\t\t\t\t\t\t\t\t\t<div class=\"image-tools grid-tools text-center hide-for-small bottom hover-slide-in show-on-hover\">\n\t\t\t\t\t\t\t\t\t\t\t\t\t\t\t\t\t\t\t<\/div>\n\t\t\t\t\t\t\t\t\t\t\t\t\t\t\t\t\t\t\t\t\t\t\t<\/div>\n\n\t\t\t\t\t\t\t<div class=\"box-text text-center\" >\n\t\t\t\t\t\t\t\t<div class=\"title-wrapper\">\t\t<p class=\"category uppercase is-smaller no-text-overflow product-cat op-7\">\n\t\t\tVilla Franciacorta\t\t<\/p>\n\t<p class=\"name product-title woocommerce-loop-product__title\"><a href=\"https:\/\/schaumweinkontor.com\/en\/produkt\/villa-franciacorta-docg-mon-saten-brut-2016-15-l-magnum\/\" class=\"woocommerce-LoopProduct-link woocommerce-loop-product__link\">Villa Franciacorta DOCG Mon Sat\u00e8n Brut 2016 1,5 L Magnum<\/a><\/p><\/div><div class=\"price-wrapper\">\n\t<span class=\"price\"><span class=\"woocommerce-Price-amount amount\" role=\"none\"><bdi><span class=\"woocommerce-Price-currencySymbol\">&euro;<\/span>&nbsp;63,50<\/bdi><\/span> <small class=\"woocommerce-price-suffix\">inkl. MwSt.<\/small><\/span>\n<\/div><div class=\"add-to-cart-button\"><a href=\"\/en\/wp-json\/wp\/v2\/pages\/4628?add-to-cart=4752\" aria-describedby=\"woocommerce_loop_add_to_cart_link_describedby_4752\" data-quantity=\"1\" class=\"primary is-small mb-0 button product_type_simple add_to_cart_button ajax_add_to_cart is-outline\" data-product_id=\"4752\" data-product_sku=\"100300116\" aria-label=\"Add to cart: &ldquo;Villa Franciacorta DOCG Mon Sat\u00e8n Brut 2016 1,5 L Magnum&rdquo;\" rel=\"nofollow\" data-success_message=\"&ldquo;Villa Franciacorta DOCG Mon Sat\u00e8n Brut 2016 1,5 L Magnum&rdquo; has been added to your cart\" role=\"button\">Add to cart<\/a><\/div>\t<span id=\"woocommerce_loop_add_to_cart_link_describedby_4752\" class=\"screen-reader-text\">\n\t\t\t<\/span>\n\t\t\t\t\t\t\t<\/div>\n\t\t\t\t\t\t<\/div>\n\t\t\t\t\t\t<\/div>\n\t\t\t\t\t<\/div><div class=\"col\" data-animate=\"fadeInUp\">\n\t\t\t\t\t\t<div class=\"col-inner\">\n\t\t\t\t\t\t\n<div class=\"badge-container badge-custom absolute right top z-1\">\n\n<\/div>\n\t\t\t\t\t\t<div class=\"product-small box has-hover box-normal box-text-bottom\">\n\t\t\t\t\t\t\t<div class=\"box-image\" >\n\t\t\t\t\t\t\t\t<div class=\"\" >\n\t\t\t\t\t\t\t\t\t<a href=\"https:\/\/schaumweinkontor.com\/en\/produkt\/villa-franciacorta-docg-brut-emozione-2015-15-l-magnum-copy\/\" aria-label=\"Villa Franciacorta DOCG Brut Emozione 2020 1,5 L Magnum BIO\">\n\t\t\t\t\t\t\t\t\t\t<img loading=\"lazy\" decoding=\"async\" width=\"300\" height=\"300\" src=\"https:\/\/schaumweinkontor.com\/wp-content\/uploads\/2024\/04\/Emozione-2020-300x300.png\" class=\"attachment-medium size-medium\" alt=\"Villa Franciacorta DOCG Brut Emozione 2020 1,5 L Magnum BIO\" srcset=\"https:\/\/schaumweinkontor.com\/wp-content\/uploads\/2024\/04\/Emozione-2020-300x300.png 300w, https:\/\/schaumweinkontor.com\/wp-content\/uploads\/2024\/04\/Emozione-2020-150x150.png 150w, https:\/\/schaumweinkontor.com\/wp-content\/uploads\/2024\/04\/Emozione-2020-768x768.png 768w, https:\/\/schaumweinkontor.com\/wp-content\/uploads\/2024\/04\/Emozione-2020-510x510.png 510w, https:\/\/schaumweinkontor.com\/wp-content\/uploads\/2024\/04\/Emozione-2020-100x100.png 100w, https:\/\/schaumweinkontor.com\/wp-content\/uploads\/2024\/04\/Emozione-2020.png 1000w\" sizes=\"auto, (max-width: 300px) 100vw, 300px\" \/>\t\t\t\t\t\t\t\t\t<\/a>\n\t\t\t\t\t\t\t\t\t\t\t\t\t\t\t\t\t\t \t\t\t\t\t\t\t\t<\/div>\n\t\t\t\t\t\t\t\t<div class=\"image-tools top right show-on-hover\">\n\t\t\t\t\t\t\t\t\t\t\t\t\t\t\t\t\t<\/div>\n\t\t\t\t\t\t\t\t\t\t\t\t\t\t\t\t\t<div class=\"image-tools grid-tools text-center hide-for-small bottom hover-slide-in show-on-hover\">\n\t\t\t\t\t\t\t\t\t\t\t\t\t\t\t\t\t\t\t<\/div>\n\t\t\t\t\t\t\t\t\t\t\t\t\t\t\t\t\t\t\t\t\t\t\t<\/div>\n\n\t\t\t\t\t\t\t<div class=\"box-text text-center\" >\n\t\t\t\t\t\t\t\t<div class=\"title-wrapper\">\t\t<p class=\"category uppercase is-smaller no-text-overflow product-cat op-7\">\n\t\t\tVilla Franciacorta\t\t<\/p>\n\t<p class=\"name product-title woocommerce-loop-product__title\"><a href=\"https:\/\/schaumweinkontor.com\/en\/produkt\/villa-franciacorta-docg-brut-emozione-2015-15-l-magnum-copy\/\" class=\"woocommerce-LoopProduct-link woocommerce-loop-product__link\">Villa Franciacorta DOCG Brut Emozione 2020 1,5 L Magnum BIO<\/a><\/p><\/div><div class=\"price-wrapper\">\n\t<span class=\"price\"><span class=\"woocommerce-Price-amount amount\" role=\"none\"><bdi><span class=\"woocommerce-Price-currencySymbol\">&euro;<\/span>&nbsp;64,90<\/bdi><\/span> <small class=\"woocommerce-price-suffix\">inkl. MwSt.<\/small><\/span>\n<\/div><div class=\"add-to-cart-button\"><a href=\"\/en\/wp-json\/wp\/v2\/pages\/4628?add-to-cart=5216\" aria-describedby=\"woocommerce_loop_add_to_cart_link_describedby_5216\" data-quantity=\"1\" class=\"primary is-small mb-0 button product_type_simple add_to_cart_button ajax_add_to_cart is-outline\" data-product_id=\"5216\" data-product_sku=\"100300134\" aria-label=\"Add to cart: &ldquo;Villa Franciacorta DOCG Brut Emozione 2020 1,5 L Magnum BIO&rdquo;\" rel=\"nofollow\" data-success_message=\"&ldquo;Villa Franciacorta DOCG Brut Emozione 2020 1,5 L Magnum BIO&rdquo; has been added to your cart\" role=\"button\">Add to cart<\/a><\/div>\t<span id=\"woocommerce_loop_add_to_cart_link_describedby_5216\" class=\"screen-reader-text\">\n\t\t\t<\/span>\n\t\t\t\t\t\t\t<\/div>\n\t\t\t\t\t\t<\/div>\n\t\t\t\t\t\t<\/div>\n\t\t\t\t\t<\/div><div class=\"col\" data-animate=\"fadeInUp\">\n\t\t\t\t\t\t<div class=\"col-inner\">\n\t\t\t\t\t\t\n<div class=\"badge-container badge-custom absolute right top z-1\">\n\n<\/div>\n\t\t\t\t\t\t<div class=\"product-small box has-hover box-normal box-text-bottom\">\n\t\t\t\t\t\t\t<div class=\"box-image\" >\n\t\t\t\t\t\t\t\t<div class=\"\" >\n\t\t\t\t\t\t\t\t\t<a href=\"https:\/\/schaumweinkontor.com\/en\/produkt\/villa-franciacorta-docg-blu-extra-brut-2016-15-l-magnum\/\" aria-label=\"Villa Franciacorta DOCG Extra Blu Extra Brut 2016 1,5 L Magnum\">\n\t\t\t\t\t\t\t\t\t\t<img loading=\"lazy\" decoding=\"async\" width=\"300\" height=\"300\" src=\"https:\/\/schaumweinkontor.com\/wp-content\/uploads\/2022\/06\/extra-blu1-1-2-300x300.jpg\" class=\"attachment-medium size-medium\" alt=\"Villa Franciacorta DOCG Extra Blu Extra Brut\" srcset=\"https:\/\/schaumweinkontor.com\/wp-content\/uploads\/2022\/06\/extra-blu1-1-2-300x300.jpg 300w, https:\/\/schaumweinkontor.com\/wp-content\/uploads\/2022\/06\/extra-blu1-1-2-100x100.jpg 100w, https:\/\/schaumweinkontor.com\/wp-content\/uploads\/2022\/06\/extra-blu1-1-2-510x510.jpg 510w, https:\/\/schaumweinkontor.com\/wp-content\/uploads\/2022\/06\/extra-blu1-1-2-150x150.jpg 150w, https:\/\/schaumweinkontor.com\/wp-content\/uploads\/2022\/06\/extra-blu1-1-2-768x768.jpg 768w, https:\/\/schaumweinkontor.com\/wp-content\/uploads\/2022\/06\/extra-blu1-1-2.jpg 800w\" sizes=\"auto, (max-width: 300px) 100vw, 300px\" \/>\t\t\t\t\t\t\t\t\t<\/a>\n\t\t\t\t\t\t\t\t\t\t\t\t\t\t\t\t\t\t \t\t\t\t\t\t\t\t<\/div>\n\t\t\t\t\t\t\t\t<div class=\"image-tools top right show-on-hover\">\n\t\t\t\t\t\t\t\t\t\t\t\t\t\t\t\t\t<\/div>\n\t\t\t\t\t\t\t\t\t\t\t\t\t\t\t\t\t<div class=\"image-tools grid-tools text-center hide-for-small bottom hover-slide-in show-on-hover\">\n\t\t\t\t\t\t\t\t\t\t\t\t\t\t\t\t\t\t\t<\/div>\n\t\t\t\t\t\t\t\t\t\t\t\t\t\t\t\t\t\t\t\t\t\t\t<\/div>\n\n\t\t\t\t\t\t\t<div class=\"box-text text-center\" >\n\t\t\t\t\t\t\t\t<div class=\"title-wrapper\">\t\t<p class=\"category uppercase is-smaller no-text-overflow product-cat op-7\">\n\t\t\tVilla Franciacorta\t\t<\/p>\n\t<p class=\"name product-title woocommerce-loop-product__title\"><a href=\"https:\/\/schaumweinkontor.com\/en\/produkt\/villa-franciacorta-docg-blu-extra-brut-2016-15-l-magnum\/\" class=\"woocommerce-LoopProduct-link woocommerce-loop-product__link\">Villa Franciacorta DOCG Extra Blu Extra Brut 2016 1,5 L Magnum<\/a><\/p><\/div><div class=\"price-wrapper\">\n\t<span class=\"price\"><span class=\"woocommerce-Price-amount amount\" role=\"none\"><bdi><span class=\"woocommerce-Price-currencySymbol\">&euro;<\/span>&nbsp;69,00<\/bdi><\/span> <small class=\"woocommerce-price-suffix\">inkl. MwSt.<\/small><\/span>\n<\/div><div class=\"add-to-cart-button\"><a href=\"\/en\/wp-json\/wp\/v2\/pages\/4628?add-to-cart=4744\" aria-describedby=\"woocommerce_loop_add_to_cart_link_describedby_4744\" data-quantity=\"1\" class=\"primary is-small mb-0 button product_type_simple add_to_cart_button ajax_add_to_cart is-outline\" data-product_id=\"4744\" data-product_sku=\"100300122\" aria-label=\"Add to cart: &ldquo;Villa Franciacorta DOCG Extra Blu Extra Brut 2016 1,5 L Magnum&rdquo;\" rel=\"nofollow\" data-success_message=\"&ldquo;Villa Franciacorta DOCG Extra Blu Extra Brut 2016 1,5 L Magnum&rdquo; has been added to your cart\" role=\"button\">Add to cart<\/a><\/div>\t<span id=\"woocommerce_loop_add_to_cart_link_describedby_4744\" class=\"screen-reader-text\">\n\t\t\t<\/span>\n\t\t\t\t\t\t\t<\/div>\n\t\t\t\t\t\t<\/div>\n\t\t\t\t\t\t<\/div>\n\t\t\t\t\t<\/div><div class=\"col\" data-animate=\"fadeInUp\">\n\t\t\t\t\t\t<div class=\"col-inner\">\n\t\t\t\t\t\t\n<div class=\"badge-container badge-custom absolute right top z-1\">\n\n<\/div>\n\t\t\t\t\t\t<div class=\"product-small box has-hover box-normal box-text-bottom\">\n\t\t\t\t\t\t\t<div class=\"box-image\" >\n\t\t\t\t\t\t\t\t<div class=\"\" >\n\t\t\t\t\t\t\t\t\t<a href=\"https:\/\/schaumweinkontor.com\/en\/produkt\/villa-franciacorta-docg-brut-emozione-2016-3-l-jeroboam-in-hk\/\" aria-label=\"Villa Franciacorta DOCG Brut Emozione 2016 3 L Jeroboam in HK\">\n\t\t\t\t\t\t\t\t\t\t<img loading=\"lazy\" decoding=\"async\" width=\"300\" height=\"300\" src=\"https:\/\/schaumweinkontor.com\/wp-content\/uploads\/2022\/06\/emozione1-1-2-300x300.jpg\" class=\"attachment-medium size-medium\" alt=\"Villa Franciacorta DOCG Brut Emozione 2016 3 L Jeroboam in HK\" srcset=\"https:\/\/schaumweinkontor.com\/wp-content\/uploads\/2022\/06\/emozione1-1-2-300x300.jpg 300w, https:\/\/schaumweinkontor.com\/wp-content\/uploads\/2022\/06\/emozione1-1-2-100x100.jpg 100w, https:\/\/schaumweinkontor.com\/wp-content\/uploads\/2022\/06\/emozione1-1-2-510x510.jpg 510w, https:\/\/schaumweinkontor.com\/wp-content\/uploads\/2022\/06\/emozione1-1-2-150x150.jpg 150w, https:\/\/schaumweinkontor.com\/wp-content\/uploads\/2022\/06\/emozione1-1-2-768x768.jpg 768w, https:\/\/schaumweinkontor.com\/wp-content\/uploads\/2022\/06\/emozione1-1-2.jpg 800w\" sizes=\"auto, (max-width: 300px) 100vw, 300px\" \/>\t\t\t\t\t\t\t\t\t<\/a>\n\t\t\t\t\t\t\t\t\t\t\t\t\t\t\t\t\t\t \t\t\t\t\t\t\t\t<\/div>\n\t\t\t\t\t\t\t\t<div class=\"image-tools top right show-on-hover\">\n\t\t\t\t\t\t\t\t\t\t\t\t\t\t\t\t\t<\/div>\n\t\t\t\t\t\t\t\t\t\t\t\t\t\t\t\t\t<div class=\"image-tools grid-tools text-center hide-for-small bottom hover-slide-in show-on-hover\">\n\t\t\t\t\t\t\t\t\t\t\t\t\t\t\t\t\t\t\t<\/div>\n\t\t\t\t\t\t\t\t\t\t\t\t\t\t\t\t\t\t\t\t\t\t\t<\/div>\n\n\t\t\t\t\t\t\t<div class=\"box-text text-center\" >\n\t\t\t\t\t\t\t\t<div class=\"title-wrapper\">\t\t<p class=\"category uppercase is-smaller no-text-overflow product-cat op-7\">\n\t\t\tVilla Franciacorta\t\t<\/p>\n\t<p class=\"name product-title woocommerce-loop-product__title\"><a href=\"https:\/\/schaumweinkontor.com\/en\/produkt\/villa-franciacorta-docg-brut-emozione-2016-3-l-jeroboam-in-hk\/\" class=\"woocommerce-LoopProduct-link woocommerce-loop-product__link\">Villa Franciacorta DOCG Brut Emozione 2016 3 L Jeroboam in HK<\/a><\/p><\/div><div class=\"price-wrapper\">\n\t<span class=\"price\"><span class=\"woocommerce-Price-amount amount\" role=\"none\"><bdi><span class=\"woocommerce-Price-currencySymbol\">&euro;<\/span>&nbsp;198,00<\/bdi><\/span> <small class=\"woocommerce-price-suffix\">inkl. MwSt.<\/small><\/span>\n<\/div><div class=\"add-to-cart-button\"><a href=\"\/en\/wp-json\/wp\/v2\/pages\/4628?add-to-cart=4748\" aria-describedby=\"woocommerce_loop_add_to_cart_link_describedby_4748\" data-quantity=\"1\" class=\"primary is-small mb-0 button product_type_simple add_to_cart_button ajax_add_to_cart is-outline\" data-product_id=\"4748\" data-product_sku=\"100300119\" aria-label=\"Add to cart: &ldquo;Villa Franciacorta DOCG Brut Emozione 2016 3 L Jeroboam in HK&rdquo;\" rel=\"nofollow\" data-success_message=\"&ldquo;Villa Franciacorta DOCG Brut Emozione 2016 3 L Jeroboam in HK&rdquo; has been added to your cart\" role=\"button\">Add to cart<\/a><\/div>\t<span id=\"woocommerce_loop_add_to_cart_link_describedby_4748\" class=\"screen-reader-text\">\n\t\t\t<\/span>\n\t\t\t\t\t\t\t<\/div>\n\t\t\t\t\t\t<\/div>\n\t\t\t\t\t\t<\/div>\n\t\t\t\t\t<\/div><div class=\"col\" data-animate=\"fadeInUp\">\n\t\t\t\t\t\t<div class=\"col-inner\">\n\t\t\t\t\t\t\n<div class=\"badge-container badge-custom absolute right top z-1\">\n\n<\/div>\n\t\t\t\t\t\t<div class=\"product-small box has-hover box-normal box-text-bottom\">\n\t\t\t\t\t\t\t<div class=\"box-image\" >\n\t\t\t\t\t\t\t\t<div class=\"\" >\n\t\t\t\t\t\t\t\t\t<a href=\"https:\/\/schaumweinkontor.com\/en\/produkt\/villa-franciacorta-docg-brut-emozione-2014-3-l-jeroboam-in-hk\/\" aria-label=\"Villa Franciacorta DOCG Brut Emozione 2014 3 L Jeroboam in HK\">\n\t\t\t\t\t\t\t\t\t\t<img loading=\"lazy\" decoding=\"async\" width=\"300\" height=\"300\" src=\"https:\/\/schaumweinkontor.com\/wp-content\/uploads\/2022\/06\/emozione1-1-2-300x300.jpg\" class=\"attachment-medium size-medium\" alt=\"Villa Franciacorta DOCG Brut Emozione 2014 3 L Jeroboam in HK\" srcset=\"https:\/\/schaumweinkontor.com\/wp-content\/uploads\/2022\/06\/emozione1-1-2-300x300.jpg 300w, https:\/\/schaumweinkontor.com\/wp-content\/uploads\/2022\/06\/emozione1-1-2-100x100.jpg 100w, https:\/\/schaumweinkontor.com\/wp-content\/uploads\/2022\/06\/emozione1-1-2-510x510.jpg 510w, https:\/\/schaumweinkontor.com\/wp-content\/uploads\/2022\/06\/emozione1-1-2-150x150.jpg 150w, https:\/\/schaumweinkontor.com\/wp-content\/uploads\/2022\/06\/emozione1-1-2-768x768.jpg 768w, https:\/\/schaumweinkontor.com\/wp-content\/uploads\/2022\/06\/emozione1-1-2.jpg 800w\" sizes=\"auto, (max-width: 300px) 100vw, 300px\" \/>\t\t\t\t\t\t\t\t\t<\/a>\n\t\t\t\t\t\t\t\t\t\t\t\t\t\t\t\t\t\t \t\t\t\t\t\t\t\t<\/div>\n\t\t\t\t\t\t\t\t<div class=\"image-tools top right show-on-hover\">\n\t\t\t\t\t\t\t\t\t\t\t\t\t\t\t\t\t<\/div>\n\t\t\t\t\t\t\t\t\t\t\t\t\t\t\t\t\t<div class=\"image-tools grid-tools text-center hide-for-small bottom hover-slide-in show-on-hover\">\n\t\t\t\t\t\t\t\t\t\t\t\t\t\t\t\t\t\t\t<\/div>\n\t\t\t\t\t\t\t\t\t\t\t\t\t\t\t\t\t\t\t\t\t\t\t<\/div>\n\n\t\t\t\t\t\t\t<div class=\"box-text text-center\" >\n\t\t\t\t\t\t\t\t<div class=\"title-wrapper\">\t\t<p class=\"category uppercase is-smaller no-text-overflow product-cat op-7\">\n\t\t\tVilla Franciacorta\t\t<\/p>\n\t<p class=\"name product-title woocommerce-loop-product__title\"><a href=\"https:\/\/schaumweinkontor.com\/en\/produkt\/villa-franciacorta-docg-brut-emozione-2014-3-l-jeroboam-in-hk\/\" class=\"woocommerce-LoopProduct-link woocommerce-loop-product__link\">Villa Franciacorta DOCG Brut Emozione 2014 3 L Jeroboam in HK<\/a><\/p><\/div><div class=\"price-wrapper\">\n\t<span class=\"price\"><span class=\"woocommerce-Price-amount amount\" role=\"none\"><bdi><span class=\"woocommerce-Price-currencySymbol\">&euro;<\/span>&nbsp;205,20<\/bdi><\/span> <small class=\"woocommerce-price-suffix\">inkl. MwSt.<\/small><\/span>\n<\/div><div class=\"add-to-cart-button\"><a href=\"\/en\/wp-json\/wp\/v2\/pages\/4628?add-to-cart=4749\" aria-describedby=\"woocommerce_loop_add_to_cart_link_describedby_4749\" data-quantity=\"1\" class=\"primary is-small mb-0 button product_type_simple add_to_cart_button ajax_add_to_cart is-outline\" data-product_id=\"4749\" data-product_sku=\"\" aria-label=\"Add to cart: &ldquo;Villa Franciacorta DOCG Brut Emozione 2014 3 L Jeroboam in HK&rdquo;\" rel=\"nofollow\" data-success_message=\"&ldquo;Villa Franciacorta DOCG Brut Emozione 2014 3 L Jeroboam in HK&rdquo; has been added to your cart\" role=\"button\">Add to cart<\/a><\/div>\t<span id=\"woocommerce_loop_add_to_cart_link_describedby_4749\" class=\"screen-reader-text\">\n\t\t\t<\/span>\n\t\t\t\t\t\t\t<\/div>\n\t\t\t\t\t\t<\/div>\n\t\t\t\t\t\t<\/div>\n\t\t\t\t\t<\/div><div class=\"col\" data-animate=\"fadeInUp\">\n\t\t\t\t\t\t<div class=\"col-inner\">\n\t\t\t\t\t\t\n<div class=\"badge-container badge-custom absolute right top z-1\">\n\n<\/div>\n\t\t\t\t\t\t<div class=\"product-small box has-hover box-normal box-text-bottom\">\n\t\t\t\t\t\t\t<div class=\"box-image\" >\n\t\t\t\t\t\t\t\t<div class=\"\" >\n\t\t\t\t\t\t\t\t\t<a href=\"https:\/\/schaumweinkontor.com\/en\/produkt\/villa-franciacorta-docg-brut-emozione-2018-15-l-magnum-bio-copy\/\" aria-label=\"Villa Franciacorta DOCG Brut Emozione 2018 3 L BIO in Wooden Box\">\n\t\t\t\t\t\t\t\t\t\t<img loading=\"lazy\" decoding=\"async\" width=\"300\" height=\"300\" src=\"https:\/\/schaumweinkontor.com\/wp-content\/uploads\/2022\/06\/emozione1-1-2-300x300.jpg\" class=\"attachment-medium size-medium\" alt=\"Villa Franciacorta DOCG Brut Emozione 2018 3 L BIO in Wooden Box\" srcset=\"https:\/\/schaumweinkontor.com\/wp-content\/uploads\/2022\/06\/emozione1-1-2-300x300.jpg 300w, https:\/\/schaumweinkontor.com\/wp-content\/uploads\/2022\/06\/emozione1-1-2-100x100.jpg 100w, https:\/\/schaumweinkontor.com\/wp-content\/uploads\/2022\/06\/emozione1-1-2-510x510.jpg 510w, https:\/\/schaumweinkontor.com\/wp-content\/uploads\/2022\/06\/emozione1-1-2-150x150.jpg 150w, https:\/\/schaumweinkontor.com\/wp-content\/uploads\/2022\/06\/emozione1-1-2-768x768.jpg 768w, https:\/\/schaumweinkontor.com\/wp-content\/uploads\/2022\/06\/emozione1-1-2.jpg 800w\" sizes=\"auto, (max-width: 300px) 100vw, 300px\" \/>\t\t\t\t\t\t\t\t\t<\/a>\n\t\t\t\t\t\t\t\t\t\t\t\t\t\t\t\t\t\t \t\t\t\t\t\t\t\t<\/div>\n\t\t\t\t\t\t\t\t<div class=\"image-tools top right show-on-hover\">\n\t\t\t\t\t\t\t\t\t\t\t\t\t\t\t\t\t<\/div>\n\t\t\t\t\t\t\t\t\t\t\t\t\t\t\t\t\t<div class=\"image-tools grid-tools text-center hide-for-small bottom hover-slide-in show-on-hover\">\n\t\t\t\t\t\t\t\t\t\t\t\t\t\t\t\t\t\t\t<\/div>\n\t\t\t\t\t\t\t\t\t\t\t\t\t\t\t\t\t\t\t\t\t\t\t<\/div>\n\n\t\t\t\t\t\t\t<div class=\"box-text text-center\" >\n\t\t\t\t\t\t\t\t<div class=\"title-wrapper\">\t\t<p class=\"category uppercase is-smaller no-text-overflow product-cat op-7\">\n\t\t\tVilla Franciacorta\t\t<\/p>\n\t<p class=\"name product-title woocommerce-loop-product__title\"><a href=\"https:\/\/schaumweinkontor.com\/en\/produkt\/villa-franciacorta-docg-brut-emozione-2018-15-l-magnum-bio-copy\/\" class=\"woocommerce-LoopProduct-link woocommerce-loop-product__link\">Villa Franciacorta DOCG Brut Emozione 2018 3 L BIO in Wooden Box<\/a><\/p><\/div><div class=\"price-wrapper\">\n\t<span class=\"price\"><span class=\"woocommerce-Price-amount amount\" role=\"none\"><bdi><span class=\"woocommerce-Price-currencySymbol\">&euro;<\/span>&nbsp;225,00<\/bdi><\/span> <small class=\"woocommerce-price-suffix\">inkl. MwSt.<\/small><\/span>\n<\/div><div class=\"add-to-cart-button\"><a href=\"\/en\/wp-json\/wp\/v2\/pages\/4628?add-to-cart=5218\" aria-describedby=\"woocommerce_loop_add_to_cart_link_describedby_5218\" data-quantity=\"1\" class=\"primary is-small mb-0 button product_type_simple add_to_cart_button ajax_add_to_cart is-outline\" data-product_id=\"5218\" data-product_sku=\"100300129\" aria-label=\"Add to cart: &ldquo;Villa Franciacorta DOCG Brut Emozione 2018 3 L BIO in Wooden Box&rdquo;\" rel=\"nofollow\" data-success_message=\"&ldquo;Villa Franciacorta DOCG Brut Emozione 2018 3 L BIO in Wooden Box&rdquo; has been added to your cart\" role=\"button\">Add to cart<\/a><\/div>\t<span id=\"woocommerce_loop_add_to_cart_link_describedby_5218\" class=\"screen-reader-text\">\n\t\t\t<\/span>\n\t\t\t\t\t\t\t<\/div>\n\t\t\t\t\t\t<\/div>\n\t\t\t\t\t\t<\/div>\n\t\t\t\t\t<\/div><div class=\"col\" data-animate=\"fadeInUp\">\n\t\t\t\t\t\t<div class=\"col-inner\">\n\t\t\t\t\t\t\n<div class=\"badge-container badge-custom absolute right top z-1\">\n\n<\/div>\n\t\t\t\t\t\t<div class=\"product-small box has-hover box-normal box-text-bottom\">\n\t\t\t\t\t\t\t<div class=\"box-image\" >\n\t\t\t\t\t\t\t\t<div class=\"\" >\n\t\t\t\t\t\t\t\t\t<a href=\"https:\/\/schaumweinkontor.com\/en\/produkt\/villa-franciacorta-docg-brut-emozione-2019-6-l-bio-in-wooden-box\/\" aria-label=\"Villa Franciacorta DOCG Brut Emozione 2019 6 L BIO in Wooden Box\">\n\t\t\t\t\t\t\t\t\t\t<img loading=\"lazy\" decoding=\"async\" width=\"300\" height=\"300\" src=\"https:\/\/schaumweinkontor.com\/wp-content\/uploads\/2024\/04\/Emozione-2019-300x300.png\" class=\"attachment-medium size-medium\" alt=\"Villa Franciacorta DOCG Brut Emozione 2019 BIO \" srcset=\"https:\/\/schaumweinkontor.com\/wp-content\/uploads\/2024\/04\/Emozione-2019-300x300.png 300w, https:\/\/schaumweinkontor.com\/wp-content\/uploads\/2024\/04\/Emozione-2019-150x150.png 150w, https:\/\/schaumweinkontor.com\/wp-content\/uploads\/2024\/04\/Emozione-2019-768x768.png 768w, https:\/\/schaumweinkontor.com\/wp-content\/uploads\/2024\/04\/Emozione-2019-510x510.png 510w, https:\/\/schaumweinkontor.com\/wp-content\/uploads\/2024\/04\/Emozione-2019-100x100.png 100w, https:\/\/schaumweinkontor.com\/wp-content\/uploads\/2024\/04\/Emozione-2019.png 1000w\" sizes=\"auto, (max-width: 300px) 100vw, 300px\" \/>\t\t\t\t\t\t\t\t\t<\/a>\n\t\t\t\t\t\t\t\t\t\t\t\t\t\t\t\t\t\t \t\t\t\t\t\t\t\t<\/div>\n\t\t\t\t\t\t\t\t<div class=\"image-tools top right show-on-hover\">\n\t\t\t\t\t\t\t\t\t\t\t\t\t\t\t\t\t<\/div>\n\t\t\t\t\t\t\t\t\t\t\t\t\t\t\t\t\t<div class=\"image-tools grid-tools text-center hide-for-small bottom hover-slide-in show-on-hover\">\n\t\t\t\t\t\t\t\t\t\t\t\t\t\t\t\t\t\t\t<\/div>\n\t\t\t\t\t\t\t\t\t\t\t\t\t\t\t\t\t\t\t\t\t\t\t<\/div>\n\n\t\t\t\t\t\t\t<div class=\"box-text text-center\" >\n\t\t\t\t\t\t\t\t<div class=\"title-wrapper\">\t\t<p class=\"category uppercase is-smaller no-text-overflow product-cat op-7\">\n\t\t\tVilla Franciacorta\t\t<\/p>\n\t<p class=\"name product-title woocommerce-loop-product__title\"><a href=\"https:\/\/schaumweinkontor.com\/en\/produkt\/villa-franciacorta-docg-brut-emozione-2019-6-l-bio-in-wooden-box\/\" class=\"woocommerce-LoopProduct-link woocommerce-loop-product__link\">Villa Franciacorta DOCG Brut Emozione 2019 6 L BIO in Wooden Box<\/a><\/p><\/div><div class=\"price-wrapper\">\n\t<span class=\"price\"><span class=\"woocommerce-Price-amount amount\" role=\"none\"><bdi><span class=\"woocommerce-Price-currencySymbol\">&euro;<\/span>&nbsp;445,00<\/bdi><\/span> <small class=\"woocommerce-price-suffix\">inkl. MwSt.<\/small><\/span>\n<\/div><div class=\"add-to-cart-button\"><a href=\"\/en\/wp-json\/wp\/v2\/pages\/4628?add-to-cart=5219\" aria-describedby=\"woocommerce_loop_add_to_cart_link_describedby_5219\" data-quantity=\"1\" class=\"primary is-small mb-0 button product_type_simple add_to_cart_button ajax_add_to_cart is-outline\" data-product_id=\"5219\" data-product_sku=\"100300130\" aria-label=\"Add to cart: &ldquo;Villa Franciacorta DOCG Brut Emozione 2019 6 L BIO in Wooden Box&rdquo;\" rel=\"nofollow\" data-success_message=\"&ldquo;Villa Franciacorta DOCG Brut Emozione 2019 6 L BIO in Wooden Box&rdquo; has been added to your cart\" role=\"button\">Add to cart<\/a><\/div>\t<span id=\"woocommerce_loop_add_to_cart_link_describedby_5219\" class=\"screen-reader-text\">\n\t\t\t<\/span>\n\t\t\t\t\t\t\t<\/div>\n\t\t\t\t\t\t<\/div>\n\t\t\t\t\t\t<\/div>\n\t\t\t\t\t<\/div><\/div>\n\n\n\t\t<\/div>\n\t\t\t\t\t<\/div>\n\n\t\n\n\n<style>\n#row-392033604 > .col > .col-inner {\n  padding: 15px 0px 0px 0px;\n}\n<\/style>\n<\/div>\n<div class=\"is-divider divider clearfix\" style=\"margin-top:3em;margin-bottom:3em;max-width:100%;background-color:rgba(183, 149, 73, 0.459);\"><\/div>\n\n\t<section class=\"section bg_winzer\" id=\"section_1007337618\">\n\t\t<div class=\"bg section-bg fill bg-fill  \" >\n\n\t\t\t\n\t\t\t\n\t\t\t\n\n\t\t<\/div>\n\n\t\t\n\n\t\t<div class=\"section-content relative\">\n\t\t\t\n\n<h2 id=\"sonder-guy-mobile\" class=\"uppercase\" style=\"text-align: center;\"><span style=\"font-size: 90%;\">DOMAINE MEA\u00a0<\/span><span style=\"font-size: 90%;\">Champagne<\/span><\/h2>\n\n\t\t<\/div>\n\n\t\t\n<style>\n#section_1007337618 {\n  padding-top: 30px;\n  padding-bottom: 30px;\n}\n#section_1007337618 .section-bg.bg-loaded {\n  background-image: url(https:\/\/schaumweinkontor.com\/wp-content\/uploads\/2022\/06\/landscape-illu-gold-transp.png);\n}\n<\/style>\n\t<\/section>\n\t\n<div class=\"row row-full-width align-middle align-center margin-auto\"  id=\"row-848977432\">\n\n\n\t<div id=\"col-1806029692\" class=\"col small-12 large-12\"  >\n\t\t\t\t<div class=\"col-inner\"  >\n\t\t\t\n\t\t\t\n\n\n  \n    <div class=\"row  equalize-box show-for-small large-columns-3 medium-columns- small-columns-1 row-large has-shadow row-box-shadow-2 row-box-shadow-4-hover\" >\n  \t\n\t     <div class=\"col\" data-animate=\"fadeInUp\">\n\t\t\t\t\t\t<div class=\"col-inner\">\n\t\t\t\t\t\t\n<div class=\"badge-container badge-custom absolute right top z-1\">\n\n<\/div>\n\t\t\t\t\t\t<div class=\"product-small box has-hover box-vertical box-text-bottom\">\n\t\t\t\t\t\t\t<div class=\"box-image\" >\n\t\t\t\t\t\t\t\t<div class=\"\" >\n\t\t\t\t\t\t\t\t\t<a href=\"https:\/\/schaumweinkontor.com\/en\/produkt\/guy-mea-champ-prestige-le-grillon-brut-1er-cru-15-l-jeroboam\/\" aria-label=\"Domaine Mea Champagne Prestige Le Grillon Brut 1er Cru 1,5 L\">\n\t\t\t\t\t\t\t\t\t\t<img loading=\"lazy\" decoding=\"async\" width=\"300\" height=\"300\" src=\"https:\/\/schaumweinkontor.com\/wp-content\/uploads\/2023\/05\/Domaine-MEA-Le-Grillo-Brut-1er-Cru-075-1000x1000-1-300x300.png\" class=\"attachment-medium size-medium\" alt=\"Domaine Mea Champagne Prestige Le Grillon Brut 1er Cru 0,75 L\" srcset=\"https:\/\/schaumweinkontor.com\/wp-content\/uploads\/2023\/05\/Domaine-MEA-Le-Grillo-Brut-1er-Cru-075-1000x1000-1-300x300.png 300w, https:\/\/schaumweinkontor.com\/wp-content\/uploads\/2023\/05\/Domaine-MEA-Le-Grillo-Brut-1er-Cru-075-1000x1000-1-100x100.png 100w, https:\/\/schaumweinkontor.com\/wp-content\/uploads\/2023\/05\/Domaine-MEA-Le-Grillo-Brut-1er-Cru-075-1000x1000-1-510x509.png 510w, https:\/\/schaumweinkontor.com\/wp-content\/uploads\/2023\/05\/Domaine-MEA-Le-Grillo-Brut-1er-Cru-075-1000x1000-1-150x150.png 150w, https:\/\/schaumweinkontor.com\/wp-content\/uploads\/2023\/05\/Domaine-MEA-Le-Grillo-Brut-1er-Cru-075-1000x1000-1-768x767.png 768w, https:\/\/schaumweinkontor.com\/wp-content\/uploads\/2023\/05\/Domaine-MEA-Le-Grillo-Brut-1er-Cru-075-1000x1000-1.png 1001w\" sizes=\"auto, (max-width: 300px) 100vw, 300px\" \/>\t\t\t\t\t\t\t\t\t<\/a>\n\t\t\t\t\t\t\t\t\t\t\t\t\t\t\t\t\t\t \t\t\t\t\t\t\t\t<\/div>\n\t\t\t\t\t\t\t\t<div class=\"image-tools top right show-on-hover\">\n\t\t\t\t\t\t\t\t\t\t\t\t\t\t\t\t\t<\/div>\n\t\t\t\t\t\t\t\t\t\t\t\t\t\t\t\t\t<div class=\"image-tools grid-tools text-center hide-for-small bottom hover-slide-in show-on-hover\">\n\t\t\t\t\t\t\t\t\t\t\t\t\t\t\t\t\t\t\t<\/div>\n\t\t\t\t\t\t\t\t\t\t\t\t\t\t\t\t\t\t\t\t\t\t\t<\/div>\n\n\t\t\t\t\t\t\t<div class=\"box-text text-center\" >\n\t\t\t\t\t\t\t\t<div class=\"title-wrapper\">\t\t<p class=\"category uppercase is-smaller no-text-overflow product-cat op-7\">\n\t\t\tDomaine Mea\t\t<\/p>\n\t<p class=\"name product-title woocommerce-loop-product__title\"><a href=\"https:\/\/schaumweinkontor.com\/en\/produkt\/guy-mea-champ-prestige-le-grillon-brut-1er-cru-15-l-jeroboam\/\" class=\"woocommerce-LoopProduct-link woocommerce-loop-product__link\">Domaine Mea Champagne Prestige Le Grillon Brut 1er Cru 1,5 L<\/a><\/p><\/div><div class=\"price-wrapper\">\n\t<span class=\"price\"><span class=\"woocommerce-Price-amount amount\" role=\"none\"><bdi><span class=\"woocommerce-Price-currencySymbol\">&euro;<\/span>&nbsp;83,50<\/bdi><\/span> <small class=\"woocommerce-price-suffix\">inkl. MwSt.<\/small><\/span>\n<\/div><div class=\"add-to-cart-button\"><a href=\"\/en\/wp-json\/wp\/v2\/pages\/4628?add-to-cart=4673\" aria-describedby=\"woocommerce_loop_add_to_cart_link_describedby_4673\" data-quantity=\"1\" class=\"primary is-small mb-0 button product_type_simple add_to_cart_button ajax_add_to_cart is-outline\" data-product_id=\"4673\" data-product_sku=\"100300172\" aria-label=\"Add to cart: &ldquo;Domaine Mea Champagne Prestige Le Grillon Brut 1er Cru 1,5 L&rdquo;\" rel=\"nofollow\" data-success_message=\"&ldquo;Domaine Mea Champagne Prestige Le Grillon Brut 1er Cru 1,5 L&rdquo; has been added to your cart\" role=\"button\">Add to cart<\/a><\/div>\t<span id=\"woocommerce_loop_add_to_cart_link_describedby_4673\" class=\"screen-reader-text\">\n\t\t\t<\/span>\n\t\t\t\t\t\t\t<\/div>\n\t\t\t\t\t\t<\/div>\n\t\t\t\t\t\t<\/div>\n\t\t\t\t\t<\/div><div class=\"col\" data-animate=\"fadeInUp\">\n\t\t\t\t\t\t<div class=\"col-inner\">\n\t\t\t\t\t\t\n<div class=\"badge-container badge-custom absolute right top z-1\">\n\n<\/div>\n\t\t\t\t\t\t<div class=\"product-small box has-hover box-vertical box-text-bottom\">\n\t\t\t\t\t\t\t<div class=\"box-image\" >\n\t\t\t\t\t\t\t\t<div class=\"\" >\n\t\t\t\t\t\t\t\t\t<a href=\"https:\/\/schaumweinkontor.com\/en\/produkt\/guy-mea-champ-prestige-le-grillon-brut-1er-cru-3-l-jeroboam\/\" aria-label=\"Guy Mea Champ. Prestige Le Grillon Brut 1er Cru 3 L Jeroboam\">\n\t\t\t\t\t\t\t\t\t\t<img loading=\"lazy\" decoding=\"async\" width=\"300\" height=\"300\" src=\"https:\/\/schaumweinkontor.com\/wp-content\/uploads\/2023\/05\/Domaine-MEA-Le-Grillo-Brut-1er-Cru-075-1000x1000-1-300x300.png\" class=\"attachment-medium size-medium\" alt=\"Domaine Mea Champagne Prestige Le Grillon Brut 1er Cru 0,75 L\" srcset=\"https:\/\/schaumweinkontor.com\/wp-content\/uploads\/2023\/05\/Domaine-MEA-Le-Grillo-Brut-1er-Cru-075-1000x1000-1-300x300.png 300w, https:\/\/schaumweinkontor.com\/wp-content\/uploads\/2023\/05\/Domaine-MEA-Le-Grillo-Brut-1er-Cru-075-1000x1000-1-100x100.png 100w, https:\/\/schaumweinkontor.com\/wp-content\/uploads\/2023\/05\/Domaine-MEA-Le-Grillo-Brut-1er-Cru-075-1000x1000-1-510x509.png 510w, https:\/\/schaumweinkontor.com\/wp-content\/uploads\/2023\/05\/Domaine-MEA-Le-Grillo-Brut-1er-Cru-075-1000x1000-1-150x150.png 150w, https:\/\/schaumweinkontor.com\/wp-content\/uploads\/2023\/05\/Domaine-MEA-Le-Grillo-Brut-1er-Cru-075-1000x1000-1-768x767.png 768w, https:\/\/schaumweinkontor.com\/wp-content\/uploads\/2023\/05\/Domaine-MEA-Le-Grillo-Brut-1er-Cru-075-1000x1000-1.png 1001w\" sizes=\"auto, (max-width: 300px) 100vw, 300px\" \/>\t\t\t\t\t\t\t\t\t<\/a>\n\t\t\t\t\t\t\t\t\t\t\t\t\t\t\t\t\t\t \t\t\t\t\t\t\t\t<\/div>\n\t\t\t\t\t\t\t\t<div class=\"image-tools top right show-on-hover\">\n\t\t\t\t\t\t\t\t\t\t\t\t\t\t\t\t\t<\/div>\n\t\t\t\t\t\t\t\t\t\t\t\t\t\t\t\t\t<div class=\"image-tools grid-tools text-center hide-for-small bottom hover-slide-in show-on-hover\">\n\t\t\t\t\t\t\t\t\t\t\t\t\t\t\t\t\t\t\t<\/div>\n\t\t\t\t\t\t\t\t\t\t\t\t\t\t\t\t\t\t\t\t\t\t\t<\/div>\n\n\t\t\t\t\t\t\t<div class=\"box-text text-center\" >\n\t\t\t\t\t\t\t\t<div class=\"title-wrapper\">\t\t<p class=\"category uppercase is-smaller no-text-overflow product-cat op-7\">\n\t\t\tDomaine Mea\t\t<\/p>\n\t<p class=\"name product-title woocommerce-loop-product__title\"><a href=\"https:\/\/schaumweinkontor.com\/en\/produkt\/guy-mea-champ-prestige-le-grillon-brut-1er-cru-3-l-jeroboam\/\" class=\"woocommerce-LoopProduct-link woocommerce-loop-product__link\">Guy Mea Champ. Prestige Le Grillon Brut 1er Cru 3 L Jeroboam<\/a><\/p><\/div><div class=\"price-wrapper\">\n\t<span class=\"price\"><span class=\"woocommerce-Price-amount amount\" role=\"none\"><bdi><span class=\"woocommerce-Price-currencySymbol\">&euro;<\/span>&nbsp;249,00<\/bdi><\/span> <small class=\"woocommerce-price-suffix\">inkl. MwSt.<\/small><\/span>\n<\/div><div class=\"add-to-cart-button\"><a href=\"\/en\/wp-json\/wp\/v2\/pages\/4628?add-to-cart=4723\" aria-describedby=\"woocommerce_loop_add_to_cart_link_describedby_4723\" data-quantity=\"1\" class=\"primary is-small mb-0 button product_type_simple add_to_cart_button ajax_add_to_cart is-outline\" data-product_id=\"4723\" data-product_sku=\"100300170\" aria-label=\"Add to cart: &ldquo;Guy Mea Champ. Prestige Le Grillon Brut 1er Cru 3 L Jeroboam&rdquo;\" rel=\"nofollow\" data-success_message=\"&ldquo;Guy Mea Champ. Prestige Le Grillon Brut 1er Cru 3 L Jeroboam&rdquo; has been added to your cart\" role=\"button\">Add to cart<\/a><\/div>\t<span id=\"woocommerce_loop_add_to_cart_link_describedby_4723\" class=\"screen-reader-text\">\n\t\t\t<\/span>\n\t\t\t\t\t\t\t<\/div>\n\t\t\t\t\t\t<\/div>\n\t\t\t\t\t\t<\/div>\n\t\t\t\t\t<\/div><div class=\"col\" data-animate=\"fadeInUp\">\n\t\t\t\t\t\t<div class=\"col-inner\">\n\t\t\t\t\t\t\n<div class=\"badge-container badge-custom absolute right top z-1\">\n\n<\/div>\n\t\t\t\t\t\t<div class=\"product-small box has-hover box-vertical box-text-bottom\">\n\t\t\t\t\t\t\t<div class=\"box-image\" >\n\t\t\t\t\t\t\t\t<div class=\"\" >\n\t\t\t\t\t\t\t\t\t<a href=\"https:\/\/schaumweinkontor.com\/en\/produkt\/guy-mea-champ-prestige-le-grillon-brut-1er-cru-6-l-methusalem\/\" aria-label=\"Guy Mea Champagne Prestige Le Grillon Brut 1er Cru 6 L Methusalem\">\n\t\t\t\t\t\t\t\t\t\t<img loading=\"lazy\" decoding=\"async\" width=\"300\" height=\"300\" src=\"https:\/\/schaumweinkontor.com\/wp-content\/uploads\/2023\/05\/Domaine-MEA-Le-Grillo-Brut-1er-Cru-075-1000x1000-1-300x300.png\" class=\"attachment-medium size-medium\" alt=\"Domaine Mea Champagne Prestige Le Grillon Brut 1er Cru 0,75 L\" srcset=\"https:\/\/schaumweinkontor.com\/wp-content\/uploads\/2023\/05\/Domaine-MEA-Le-Grillo-Brut-1er-Cru-075-1000x1000-1-300x300.png 300w, https:\/\/schaumweinkontor.com\/wp-content\/uploads\/2023\/05\/Domaine-MEA-Le-Grillo-Brut-1er-Cru-075-1000x1000-1-100x100.png 100w, https:\/\/schaumweinkontor.com\/wp-content\/uploads\/2023\/05\/Domaine-MEA-Le-Grillo-Brut-1er-Cru-075-1000x1000-1-510x509.png 510w, https:\/\/schaumweinkontor.com\/wp-content\/uploads\/2023\/05\/Domaine-MEA-Le-Grillo-Brut-1er-Cru-075-1000x1000-1-150x150.png 150w, https:\/\/schaumweinkontor.com\/wp-content\/uploads\/2023\/05\/Domaine-MEA-Le-Grillo-Brut-1er-Cru-075-1000x1000-1-768x767.png 768w, https:\/\/schaumweinkontor.com\/wp-content\/uploads\/2023\/05\/Domaine-MEA-Le-Grillo-Brut-1er-Cru-075-1000x1000-1.png 1001w\" sizes=\"auto, (max-width: 300px) 100vw, 300px\" \/>\t\t\t\t\t\t\t\t\t<\/a>\n\t\t\t\t\t\t\t\t\t\t\t\t\t\t\t\t\t\t \t\t\t\t\t\t\t\t<\/div>\n\t\t\t\t\t\t\t\t<div class=\"image-tools top right show-on-hover\">\n\t\t\t\t\t\t\t\t\t\t\t\t\t\t\t\t\t<\/div>\n\t\t\t\t\t\t\t\t\t\t\t\t\t\t\t\t\t<div class=\"image-tools grid-tools text-center hide-for-small bottom hover-slide-in show-on-hover\">\n\t\t\t\t\t\t\t\t\t\t\t\t\t\t\t\t\t\t\t<\/div>\n\t\t\t\t\t\t\t\t\t\t\t\t\t\t\t\t\t\t\t\t\t\t\t<\/div>\n\n\t\t\t\t\t\t\t<div class=\"box-text text-center\" >\n\t\t\t\t\t\t\t\t<div class=\"title-wrapper\">\t\t<p class=\"category uppercase is-smaller no-text-overflow product-cat op-7\">\n\t\t\tDomaine Mea\t\t<\/p>\n\t<p class=\"name product-title woocommerce-loop-product__title\"><a href=\"https:\/\/schaumweinkontor.com\/en\/produkt\/guy-mea-champ-prestige-le-grillon-brut-1er-cru-6-l-methusalem\/\" class=\"woocommerce-LoopProduct-link woocommerce-loop-product__link\">Guy Mea Champagne Prestige Le Grillon Brut 1er Cru 6 L Methusalem<\/a><\/p><\/div><div class=\"price-wrapper\">\n\t<span class=\"price\"><span class=\"woocommerce-Price-amount amount\" role=\"none\"><bdi><span class=\"woocommerce-Price-currencySymbol\">&euro;<\/span>&nbsp;720,00<\/bdi><\/span> <small class=\"woocommerce-price-suffix\">inkl. MwSt.<\/small><\/span>\n<\/div><div class=\"add-to-cart-button\"><a href=\"\/en\/wp-json\/wp\/v2\/pages\/4628?add-to-cart=4722\" aria-describedby=\"woocommerce_loop_add_to_cart_link_describedby_4722\" data-quantity=\"1\" class=\"primary is-small mb-0 button product_type_simple add_to_cart_button ajax_add_to_cart is-outline\" data-product_id=\"4722\" data-product_sku=\"100300171\" aria-label=\"Add to cart: &ldquo;Guy Mea Champagne Prestige Le Grillon Brut 1er Cru 6 L Methusalem&rdquo;\" rel=\"nofollow\" data-success_message=\"&ldquo;Guy Mea Champagne Prestige Le Grillon Brut 1er Cru 6 L Methusalem&rdquo; has been added to your cart\" role=\"button\">Add to cart<\/a><\/div>\t<span id=\"woocommerce_loop_add_to_cart_link_describedby_4722\" class=\"screen-reader-text\">\n\t\t\t<\/span>\n\t\t\t\t\t\t\t<\/div>\n\t\t\t\t\t\t<\/div>\n\t\t\t\t\t\t<\/div>\n\t\t\t\t\t<\/div><\/div>\n\n\n  \n    <div class=\"row  equalize-box show-for-medium hide-for-small large-columns-3 medium-columns-2 small-columns-1 row-large has-shadow row-box-shadow-2 row-box-shadow-4-hover\" >\n  \t\n\t     <div class=\"col\" data-animate=\"fadeInUp\">\n\t\t\t\t\t\t<div class=\"col-inner\">\n\t\t\t\t\t\t\n<div class=\"badge-container badge-custom absolute right top z-1\">\n\n<\/div>\n\t\t\t\t\t\t<div class=\"product-small box has-hover box-normal box-text-bottom\">\n\t\t\t\t\t\t\t<div class=\"box-image\" >\n\t\t\t\t\t\t\t\t<div class=\"\" >\n\t\t\t\t\t\t\t\t\t<a href=\"https:\/\/schaumweinkontor.com\/en\/produkt\/guy-mea-champ-prestige-le-grillon-brut-1er-cru-15-l-jeroboam\/\" aria-label=\"Domaine Mea Champagne Prestige Le Grillon Brut 1er Cru 1,5 L\">\n\t\t\t\t\t\t\t\t\t\t<img loading=\"lazy\" decoding=\"async\" width=\"300\" height=\"300\" src=\"https:\/\/schaumweinkontor.com\/wp-content\/uploads\/2023\/05\/Domaine-MEA-Le-Grillo-Brut-1er-Cru-075-1000x1000-1-300x300.png\" class=\"attachment-medium size-medium\" alt=\"Domaine Mea Champagne Prestige Le Grillon Brut 1er Cru 0,75 L\" srcset=\"https:\/\/schaumweinkontor.com\/wp-content\/uploads\/2023\/05\/Domaine-MEA-Le-Grillo-Brut-1er-Cru-075-1000x1000-1-300x300.png 300w, https:\/\/schaumweinkontor.com\/wp-content\/uploads\/2023\/05\/Domaine-MEA-Le-Grillo-Brut-1er-Cru-075-1000x1000-1-100x100.png 100w, https:\/\/schaumweinkontor.com\/wp-content\/uploads\/2023\/05\/Domaine-MEA-Le-Grillo-Brut-1er-Cru-075-1000x1000-1-510x509.png 510w, https:\/\/schaumweinkontor.com\/wp-content\/uploads\/2023\/05\/Domaine-MEA-Le-Grillo-Brut-1er-Cru-075-1000x1000-1-150x150.png 150w, https:\/\/schaumweinkontor.com\/wp-content\/uploads\/2023\/05\/Domaine-MEA-Le-Grillo-Brut-1er-Cru-075-1000x1000-1-768x767.png 768w, https:\/\/schaumweinkontor.com\/wp-content\/uploads\/2023\/05\/Domaine-MEA-Le-Grillo-Brut-1er-Cru-075-1000x1000-1.png 1001w\" sizes=\"auto, (max-width: 300px) 100vw, 300px\" \/>\t\t\t\t\t\t\t\t\t<\/a>\n\t\t\t\t\t\t\t\t\t\t\t\t\t\t\t\t\t\t \t\t\t\t\t\t\t\t<\/div>\n\t\t\t\t\t\t\t\t<div class=\"image-tools top right show-on-hover\">\n\t\t\t\t\t\t\t\t\t\t\t\t\t\t\t\t\t<\/div>\n\t\t\t\t\t\t\t\t\t\t\t\t\t\t\t\t\t<div class=\"image-tools grid-tools text-center hide-for-small bottom hover-slide-in show-on-hover\">\n\t\t\t\t\t\t\t\t\t\t\t\t\t\t\t\t\t\t\t<\/div>\n\t\t\t\t\t\t\t\t\t\t\t\t\t\t\t\t\t\t\t\t\t\t\t<\/div>\n\n\t\t\t\t\t\t\t<div class=\"box-text text-center\" >\n\t\t\t\t\t\t\t\t<div class=\"title-wrapper\">\t\t<p class=\"category uppercase is-smaller no-text-overflow product-cat op-7\">\n\t\t\tDomaine Mea\t\t<\/p>\n\t<p class=\"name product-title woocommerce-loop-product__title\"><a href=\"https:\/\/schaumweinkontor.com\/en\/produkt\/guy-mea-champ-prestige-le-grillon-brut-1er-cru-15-l-jeroboam\/\" class=\"woocommerce-LoopProduct-link woocommerce-loop-product__link\">Domaine Mea Champagne Prestige Le Grillon Brut 1er Cru 1,5 L<\/a><\/p><\/div><div class=\"price-wrapper\">\n\t<span class=\"price\"><span class=\"woocommerce-Price-amount amount\" role=\"none\"><bdi><span class=\"woocommerce-Price-currencySymbol\">&euro;<\/span>&nbsp;83,50<\/bdi><\/span> <small class=\"woocommerce-price-suffix\">inkl. MwSt.<\/small><\/span>\n<\/div><div class=\"add-to-cart-button\"><a href=\"\/en\/wp-json\/wp\/v2\/pages\/4628?add-to-cart=4673\" aria-describedby=\"woocommerce_loop_add_to_cart_link_describedby_4673\" data-quantity=\"1\" class=\"primary is-small mb-0 button product_type_simple add_to_cart_button ajax_add_to_cart is-outline\" data-product_id=\"4673\" data-product_sku=\"100300172\" aria-label=\"Add to cart: &ldquo;Domaine Mea Champagne Prestige Le Grillon Brut 1er Cru 1,5 L&rdquo;\" rel=\"nofollow\" data-success_message=\"&ldquo;Domaine Mea Champagne Prestige Le Grillon Brut 1er Cru 1,5 L&rdquo; has been added to your cart\" role=\"button\">Add to cart<\/a><\/div>\t<span id=\"woocommerce_loop_add_to_cart_link_describedby_4673\" class=\"screen-reader-text\">\n\t\t\t<\/span>\n\t\t\t\t\t\t\t<\/div>\n\t\t\t\t\t\t<\/div>\n\t\t\t\t\t\t<\/div>\n\t\t\t\t\t<\/div><div class=\"col\" data-animate=\"fadeInUp\">\n\t\t\t\t\t\t<div class=\"col-inner\">\n\t\t\t\t\t\t\n<div class=\"badge-container badge-custom absolute right top z-1\">\n\n<\/div>\n\t\t\t\t\t\t<div class=\"product-small box has-hover box-normal box-text-bottom\">\n\t\t\t\t\t\t\t<div class=\"box-image\" >\n\t\t\t\t\t\t\t\t<div class=\"\" >\n\t\t\t\t\t\t\t\t\t<a href=\"https:\/\/schaumweinkontor.com\/en\/produkt\/guy-mea-champ-prestige-le-grillon-brut-1er-cru-3-l-jeroboam\/\" aria-label=\"Guy Mea Champ. Prestige Le Grillon Brut 1er Cru 3 L Jeroboam\">\n\t\t\t\t\t\t\t\t\t\t<img loading=\"lazy\" decoding=\"async\" width=\"300\" height=\"300\" src=\"https:\/\/schaumweinkontor.com\/wp-content\/uploads\/2023\/05\/Domaine-MEA-Le-Grillo-Brut-1er-Cru-075-1000x1000-1-300x300.png\" class=\"attachment-medium size-medium\" alt=\"Domaine Mea Champagne Prestige Le Grillon Brut 1er Cru 0,75 L\" srcset=\"https:\/\/schaumweinkontor.com\/wp-content\/uploads\/2023\/05\/Domaine-MEA-Le-Grillo-Brut-1er-Cru-075-1000x1000-1-300x300.png 300w, https:\/\/schaumweinkontor.com\/wp-content\/uploads\/2023\/05\/Domaine-MEA-Le-Grillo-Brut-1er-Cru-075-1000x1000-1-100x100.png 100w, https:\/\/schaumweinkontor.com\/wp-content\/uploads\/2023\/05\/Domaine-MEA-Le-Grillo-Brut-1er-Cru-075-1000x1000-1-510x509.png 510w, https:\/\/schaumweinkontor.com\/wp-content\/uploads\/2023\/05\/Domaine-MEA-Le-Grillo-Brut-1er-Cru-075-1000x1000-1-150x150.png 150w, https:\/\/schaumweinkontor.com\/wp-content\/uploads\/2023\/05\/Domaine-MEA-Le-Grillo-Brut-1er-Cru-075-1000x1000-1-768x767.png 768w, https:\/\/schaumweinkontor.com\/wp-content\/uploads\/2023\/05\/Domaine-MEA-Le-Grillo-Brut-1er-Cru-075-1000x1000-1.png 1001w\" sizes=\"auto, (max-width: 300px) 100vw, 300px\" \/>\t\t\t\t\t\t\t\t\t<\/a>\n\t\t\t\t\t\t\t\t\t\t\t\t\t\t\t\t\t\t \t\t\t\t\t\t\t\t<\/div>\n\t\t\t\t\t\t\t\t<div class=\"image-tools top right show-on-hover\">\n\t\t\t\t\t\t\t\t\t\t\t\t\t\t\t\t\t<\/div>\n\t\t\t\t\t\t\t\t\t\t\t\t\t\t\t\t\t<div class=\"image-tools grid-tools text-center hide-for-small bottom hover-slide-in show-on-hover\">\n\t\t\t\t\t\t\t\t\t\t\t\t\t\t\t\t\t\t\t<\/div>\n\t\t\t\t\t\t\t\t\t\t\t\t\t\t\t\t\t\t\t\t\t\t\t<\/div>\n\n\t\t\t\t\t\t\t<div class=\"box-text text-center\" >\n\t\t\t\t\t\t\t\t<div class=\"title-wrapper\">\t\t<p class=\"category uppercase is-smaller no-text-overflow product-cat op-7\">\n\t\t\tDomaine Mea\t\t<\/p>\n\t<p class=\"name product-title woocommerce-loop-product__title\"><a href=\"https:\/\/schaumweinkontor.com\/en\/produkt\/guy-mea-champ-prestige-le-grillon-brut-1er-cru-3-l-jeroboam\/\" class=\"woocommerce-LoopProduct-link woocommerce-loop-product__link\">Guy Mea Champ. Prestige Le Grillon Brut 1er Cru 3 L Jeroboam<\/a><\/p><\/div><div class=\"price-wrapper\">\n\t<span class=\"price\"><span class=\"woocommerce-Price-amount amount\" role=\"none\"><bdi><span class=\"woocommerce-Price-currencySymbol\">&euro;<\/span>&nbsp;249,00<\/bdi><\/span> <small class=\"woocommerce-price-suffix\">inkl. MwSt.<\/small><\/span>\n<\/div><div class=\"add-to-cart-button\"><a href=\"\/en\/wp-json\/wp\/v2\/pages\/4628?add-to-cart=4723\" aria-describedby=\"woocommerce_loop_add_to_cart_link_describedby_4723\" data-quantity=\"1\" class=\"primary is-small mb-0 button product_type_simple add_to_cart_button ajax_add_to_cart is-outline\" data-product_id=\"4723\" data-product_sku=\"100300170\" aria-label=\"Add to cart: &ldquo;Guy Mea Champ. Prestige Le Grillon Brut 1er Cru 3 L Jeroboam&rdquo;\" rel=\"nofollow\" data-success_message=\"&ldquo;Guy Mea Champ. Prestige Le Grillon Brut 1er Cru 3 L Jeroboam&rdquo; has been added to your cart\" role=\"button\">Add to cart<\/a><\/div>\t<span id=\"woocommerce_loop_add_to_cart_link_describedby_4723\" class=\"screen-reader-text\">\n\t\t\t<\/span>\n\t\t\t\t\t\t\t<\/div>\n\t\t\t\t\t\t<\/div>\n\t\t\t\t\t\t<\/div>\n\t\t\t\t\t<\/div><div class=\"col\" data-animate=\"fadeInUp\">\n\t\t\t\t\t\t<div class=\"col-inner\">\n\t\t\t\t\t\t\n<div class=\"badge-container badge-custom absolute right top z-1\">\n\n<\/div>\n\t\t\t\t\t\t<div class=\"product-small box has-hover box-normal box-text-bottom\">\n\t\t\t\t\t\t\t<div class=\"box-image\" >\n\t\t\t\t\t\t\t\t<div class=\"\" >\n\t\t\t\t\t\t\t\t\t<a href=\"https:\/\/schaumweinkontor.com\/en\/produkt\/guy-mea-champ-prestige-le-grillon-brut-1er-cru-6-l-methusalem\/\" aria-label=\"Guy Mea Champagne Prestige Le Grillon Brut 1er Cru 6 L Methusalem\">\n\t\t\t\t\t\t\t\t\t\t<img loading=\"lazy\" decoding=\"async\" width=\"300\" height=\"300\" src=\"https:\/\/schaumweinkontor.com\/wp-content\/uploads\/2023\/05\/Domaine-MEA-Le-Grillo-Brut-1er-Cru-075-1000x1000-1-300x300.png\" class=\"attachment-medium size-medium\" alt=\"Domaine Mea Champagne Prestige Le Grillon Brut 1er Cru 0,75 L\" srcset=\"https:\/\/schaumweinkontor.com\/wp-content\/uploads\/2023\/05\/Domaine-MEA-Le-Grillo-Brut-1er-Cru-075-1000x1000-1-300x300.png 300w, https:\/\/schaumweinkontor.com\/wp-content\/uploads\/2023\/05\/Domaine-MEA-Le-Grillo-Brut-1er-Cru-075-1000x1000-1-100x100.png 100w, https:\/\/schaumweinkontor.com\/wp-content\/uploads\/2023\/05\/Domaine-MEA-Le-Grillo-Brut-1er-Cru-075-1000x1000-1-510x509.png 510w, https:\/\/schaumweinkontor.com\/wp-content\/uploads\/2023\/05\/Domaine-MEA-Le-Grillo-Brut-1er-Cru-075-1000x1000-1-150x150.png 150w, https:\/\/schaumweinkontor.com\/wp-content\/uploads\/2023\/05\/Domaine-MEA-Le-Grillo-Brut-1er-Cru-075-1000x1000-1-768x767.png 768w, https:\/\/schaumweinkontor.com\/wp-content\/uploads\/2023\/05\/Domaine-MEA-Le-Grillo-Brut-1er-Cru-075-1000x1000-1.png 1001w\" sizes=\"auto, (max-width: 300px) 100vw, 300px\" \/>\t\t\t\t\t\t\t\t\t<\/a>\n\t\t\t\t\t\t\t\t\t\t\t\t\t\t\t\t\t\t \t\t\t\t\t\t\t\t<\/div>\n\t\t\t\t\t\t\t\t<div class=\"image-tools top right show-on-hover\">\n\t\t\t\t\t\t\t\t\t\t\t\t\t\t\t\t\t<\/div>\n\t\t\t\t\t\t\t\t\t\t\t\t\t\t\t\t\t<div class=\"image-tools grid-tools text-center hide-for-small bottom hover-slide-in show-on-hover\">\n\t\t\t\t\t\t\t\t\t\t\t\t\t\t\t\t\t\t\t<\/div>\n\t\t\t\t\t\t\t\t\t\t\t\t\t\t\t\t\t\t\t\t\t\t\t<\/div>\n\n\t\t\t\t\t\t\t<div class=\"box-text text-center\" >\n\t\t\t\t\t\t\t\t<div class=\"title-wrapper\">\t\t<p class=\"category uppercase is-smaller no-text-overflow product-cat op-7\">\n\t\t\tDomaine Mea\t\t<\/p>\n\t<p class=\"name product-title woocommerce-loop-product__title\"><a href=\"https:\/\/schaumweinkontor.com\/en\/produkt\/guy-mea-champ-prestige-le-grillon-brut-1er-cru-6-l-methusalem\/\" class=\"woocommerce-LoopProduct-link woocommerce-loop-product__link\">Guy Mea Champagne Prestige Le Grillon Brut 1er Cru 6 L Methusalem<\/a><\/p><\/div><div class=\"price-wrapper\">\n\t<span class=\"price\"><span class=\"woocommerce-Price-amount amount\" role=\"none\"><bdi><span class=\"woocommerce-Price-currencySymbol\">&euro;<\/span>&nbsp;720,00<\/bdi><\/span> <small class=\"woocommerce-price-suffix\">inkl. MwSt.<\/small><\/span>\n<\/div><div class=\"add-to-cart-button\"><a href=\"\/en\/wp-json\/wp\/v2\/pages\/4628?add-to-cart=4722\" aria-describedby=\"woocommerce_loop_add_to_cart_link_describedby_4722\" data-quantity=\"1\" class=\"primary is-small mb-0 button product_type_simple add_to_cart_button ajax_add_to_cart is-outline\" data-product_id=\"4722\" data-product_sku=\"100300171\" aria-label=\"Add to cart: &ldquo;Guy Mea Champagne Prestige Le Grillon Brut 1er Cru 6 L Methusalem&rdquo;\" rel=\"nofollow\" data-success_message=\"&ldquo;Guy Mea Champagne Prestige Le Grillon Brut 1er Cru 6 L Methusalem&rdquo; has been added to your cart\" role=\"button\">Add to cart<\/a><\/div>\t<span id=\"woocommerce_loop_add_to_cart_link_describedby_4722\" class=\"screen-reader-text\">\n\t\t\t<\/span>\n\t\t\t\t\t\t\t<\/div>\n\t\t\t\t\t\t<\/div>\n\t\t\t\t\t\t<\/div>\n\t\t\t\t\t<\/div><\/div>\n\n\n\t\t<\/div>\n\t\t\t\t\t<\/div>\n\n\t\n\n\n<style>\n#row-848977432 > .col > .col-inner {\n  padding: 15px 0px 0px 0px;\n}\n<\/style>\n<\/div>\n<div class=\"row row-collapse row-full-width align-middle blau-verlauf\"  id=\"row-2001161999\">\n\n\n\t<div id=\"col-457305442\" class=\"col medium-6 small-5 large-6\"  >\n\t\t\t\t<div class=\"col-inner\"  >\n\t\t\t\n\t\t\t\n\n\t<div id=\"text-2761584265\" class=\"text\">\n\t\t\n\n<h2><span style=\"font-size: 75%;\"> Special <\/span><\/h2>\n\t\t\n<style>\n#text-2761584265 {\n  font-size: 1.5rem;\n  line-height: 2;\n}\n<\/style>\n\t<\/div>\n\t\n\n\t\t<\/div>\n\t\t\t\t\t<\/div>\n\n\t\n\n\t<div id=\"col-1010308048\" class=\"col medium-6 small-7 large-6\"  >\n\t\t\t\t<div class=\"col-inner\"  >\n\t\t\t\n\t\t\t\n\n<h5 id=\"sonder-sekt-mobile\" class=\"uppercase\" style=\"text-align: right;\"><span style=\"color: #b79549; font-size: 75%;\"> Sparkling wine bottle fermentation<\/span><\/h5>\n\n\t\t<\/div>\n\t\t\t\t\t<\/div>\n\n\t\n\n\n<style>\n#row-2001161999 > .col > .col-inner {\n  padding: 0px 20px 0px 20px;\n  border-radius: 74px;\n}\n<\/style>\n<\/div>\n\t<section class=\"section bg_winzer\" id=\"section_97924496\">\n\t\t<div class=\"bg section-bg fill bg-fill  \" >\n\n\t\t\t\n\t\t\t\n\t\t\t\n\n\t\t<\/div>\n\n\t\t\n\n\t\t<div class=\"section-content relative\">\n\t\t\t\n\n<h2 id=\"sonder-hugl-mobile\" class=\"uppercase\" style=\"text-align: center;\">Christina Hugl<\/h2>\n\n\t\t<\/div>\n\n\t\t\n<style>\n#section_97924496 {\n  padding-top: 30px;\n  padding-bottom: 30px;\n}\n#section_97924496 .section-bg.bg-loaded {\n  background-image: url(https:\/\/schaumweinkontor.com\/wp-content\/uploads\/2022\/06\/landscape-illu-gold-transp.png);\n}\n<\/style>\n\t<\/section>\n\t\n<div class=\"row row-full-width align-middle align-center margin-auto\"  id=\"row-434885188\">\n\n\n\t<div id=\"col-1081549490\" class=\"col small-12 large-12\"  >\n\t\t\t\t<div class=\"col-inner\"  >\n\t\t\t\n\t\t\t\n\n\n  \n    <div class=\"row  equalize-box show-for-small large-columns-3 medium-columns- small-columns-1 row-large has-shadow row-box-shadow-2 row-box-shadow-4-hover\" >\n  \t\n\t     <div class=\"col\" data-animate=\"fadeInUp\">\n\t\t\t\t\t\t<div class=\"col-inner\">\n\t\t\t\t\t\t\n<div class=\"badge-container badge-custom absolute right top z-1\">\n\n<\/div>\n\t\t\t\t\t\t<div class=\"product-small box has-hover box-vertical box-text-bottom\">\n\t\t\t\t\t\t\t<div class=\"box-image\" >\n\t\t\t\t\t\t\t\t<div class=\"\" >\n\t\t\t\t\t\t\t\t\t<a href=\"https:\/\/schaumweinkontor.com\/en\/produkt\/christina-hugl-blanc-de-blancs-reserve-2018-15-l-magnum\/\" aria-label=\"Christina Hugl Blanc de Blancs Reserve 2018 1,5 L Magnum\">\n\t\t\t\t\t\t\t\t\t\t<img loading=\"lazy\" decoding=\"async\" width=\"300\" height=\"300\" src=\"https:\/\/schaumweinkontor.com\/wp-content\/uploads\/2022\/11\/Christina-Hugl-Blanc-de-Blancs-Reserve-2018-15-L-Magnum-1-300x300.png\" class=\"attachment-medium size-medium\" alt=\"Christina Hugl Blanc de Blancs Reserve 2018 1,5 L Magnum\" srcset=\"https:\/\/schaumweinkontor.com\/wp-content\/uploads\/2022\/11\/Christina-Hugl-Blanc-de-Blancs-Reserve-2018-15-L-Magnum-1-300x300.png 300w, https:\/\/schaumweinkontor.com\/wp-content\/uploads\/2022\/11\/Christina-Hugl-Blanc-de-Blancs-Reserve-2018-15-L-Magnum-1-100x100.png 100w, https:\/\/schaumweinkontor.com\/wp-content\/uploads\/2022\/11\/Christina-Hugl-Blanc-de-Blancs-Reserve-2018-15-L-Magnum-1-510x510.png 510w, https:\/\/schaumweinkontor.com\/wp-content\/uploads\/2022\/11\/Christina-Hugl-Blanc-de-Blancs-Reserve-2018-15-L-Magnum-1-150x150.png 150w, https:\/\/schaumweinkontor.com\/wp-content\/uploads\/2022\/11\/Christina-Hugl-Blanc-de-Blancs-Reserve-2018-15-L-Magnum-1-768x768.png 768w, https:\/\/schaumweinkontor.com\/wp-content\/uploads\/2022\/11\/Christina-Hugl-Blanc-de-Blancs-Reserve-2018-15-L-Magnum-1.png 1000w\" sizes=\"auto, (max-width: 300px) 100vw, 300px\" \/>\t\t\t\t\t\t\t\t\t<\/a>\n\t\t\t\t\t\t\t\t\t\t\t\t\t\t\t\t\t\t \t\t\t\t\t\t\t\t<\/div>\n\t\t\t\t\t\t\t\t<div class=\"image-tools top right show-on-hover\">\n\t\t\t\t\t\t\t\t\t\t\t\t\t\t\t\t\t<\/div>\n\t\t\t\t\t\t\t\t\t\t\t\t\t\t\t\t\t<div class=\"image-tools grid-tools text-center hide-for-small bottom hover-slide-in show-on-hover\">\n\t\t\t\t\t\t\t\t\t\t\t\t\t\t\t\t\t\t\t<\/div>\n\t\t\t\t\t\t\t\t\t\t\t\t\t\t\t\t\t\t\t\t\t\t\t<\/div>\n\n\t\t\t\t\t\t\t<div class=\"box-text text-center\" >\n\t\t\t\t\t\t\t\t<div class=\"title-wrapper\">\t\t<p class=\"category uppercase is-smaller no-text-overflow product-cat op-7\">\n\t\t\tChristina Hugl\t\t<\/p>\n\t<p class=\"name product-title woocommerce-loop-product__title\"><a href=\"https:\/\/schaumweinkontor.com\/en\/produkt\/christina-hugl-blanc-de-blancs-reserve-2018-15-l-magnum\/\" class=\"woocommerce-LoopProduct-link woocommerce-loop-product__link\">Christina Hugl Blanc de Blancs Reserve 2018 1,5 L Magnum<\/a><\/p><\/div><div class=\"price-wrapper\">\n\t<span class=\"price\"><span class=\"woocommerce-Price-amount amount\" role=\"none\"><bdi><span class=\"woocommerce-Price-currencySymbol\">&euro;<\/span>&nbsp;45,00<\/bdi><\/span> <small class=\"woocommerce-price-suffix\">inkl. MwSt.<\/small><\/span>\n<\/div><div class=\"add-to-cart-button\"><a href=\"\/en\/wp-json\/wp\/v2\/pages\/4628?add-to-cart=4718\" aria-describedby=\"woocommerce_loop_add_to_cart_link_describedby_4718\" data-quantity=\"1\" class=\"primary is-small mb-0 button product_type_simple add_to_cart_button ajax_add_to_cart is-outline\" data-product_id=\"4718\" data-product_sku=\"100300213\" aria-label=\"Add to cart: &ldquo;Christina Hugl Blanc de Blancs Reserve 2018 1,5 L Magnum&rdquo;\" rel=\"nofollow\" data-success_message=\"&ldquo;Christina Hugl Blanc de Blancs Reserve 2018 1,5 L Magnum&rdquo; has been added to your cart\" role=\"button\">Add to cart<\/a><\/div>\t<span id=\"woocommerce_loop_add_to_cart_link_describedby_4718\" class=\"screen-reader-text\">\n\t\t\t<\/span>\n\t\t\t\t\t\t\t<\/div>\n\t\t\t\t\t\t<\/div>\n\t\t\t\t\t\t<\/div>\n\t\t\t\t\t<\/div><\/div>\n\n\n  \n    <div class=\"row  equalize-box show-for-medium hide-for-small large-columns-3 medium-columns-2 small-columns-1 row-large has-shadow row-box-shadow-2 row-box-shadow-4-hover\" >\n  \t\n\t     <div class=\"col\" data-animate=\"fadeInUp\">\n\t\t\t\t\t\t<div class=\"col-inner\">\n\t\t\t\t\t\t\n<div class=\"badge-container badge-custom absolute right top z-1\">\n\n<\/div>\n\t\t\t\t\t\t<div class=\"product-small box has-hover box-normal box-text-bottom\">\n\t\t\t\t\t\t\t<div class=\"box-image\" >\n\t\t\t\t\t\t\t\t<div class=\"\" >\n\t\t\t\t\t\t\t\t\t<a href=\"https:\/\/schaumweinkontor.com\/en\/produkt\/christina-hugl-blanc-de-blancs-reserve-2018-15-l-magnum\/\" aria-label=\"Christina Hugl Blanc de Blancs Reserve 2018 1,5 L Magnum\">\n\t\t\t\t\t\t\t\t\t\t<img loading=\"lazy\" decoding=\"async\" width=\"300\" height=\"300\" src=\"https:\/\/schaumweinkontor.com\/wp-content\/uploads\/2022\/11\/Christina-Hugl-Blanc-de-Blancs-Reserve-2018-15-L-Magnum-1-300x300.png\" class=\"attachment-medium size-medium\" alt=\"Christina Hugl Blanc de Blancs Reserve 2018 1,5 L Magnum\" srcset=\"https:\/\/schaumweinkontor.com\/wp-content\/uploads\/2022\/11\/Christina-Hugl-Blanc-de-Blancs-Reserve-2018-15-L-Magnum-1-300x300.png 300w, https:\/\/schaumweinkontor.com\/wp-content\/uploads\/2022\/11\/Christina-Hugl-Blanc-de-Blancs-Reserve-2018-15-L-Magnum-1-100x100.png 100w, https:\/\/schaumweinkontor.com\/wp-content\/uploads\/2022\/11\/Christina-Hugl-Blanc-de-Blancs-Reserve-2018-15-L-Magnum-1-510x510.png 510w, https:\/\/schaumweinkontor.com\/wp-content\/uploads\/2022\/11\/Christina-Hugl-Blanc-de-Blancs-Reserve-2018-15-L-Magnum-1-150x150.png 150w, https:\/\/schaumweinkontor.com\/wp-content\/uploads\/2022\/11\/Christina-Hugl-Blanc-de-Blancs-Reserve-2018-15-L-Magnum-1-768x768.png 768w, https:\/\/schaumweinkontor.com\/wp-content\/uploads\/2022\/11\/Christina-Hugl-Blanc-de-Blancs-Reserve-2018-15-L-Magnum-1.png 1000w\" sizes=\"auto, (max-width: 300px) 100vw, 300px\" \/>\t\t\t\t\t\t\t\t\t<\/a>\n\t\t\t\t\t\t\t\t\t\t\t\t\t\t\t\t\t\t \t\t\t\t\t\t\t\t<\/div>\n\t\t\t\t\t\t\t\t<div class=\"image-tools top right show-on-hover\">\n\t\t\t\t\t\t\t\t\t\t\t\t\t\t\t\t\t<\/div>\n\t\t\t\t\t\t\t\t\t\t\t\t\t\t\t\t\t<div class=\"image-tools grid-tools text-center hide-for-small bottom hover-slide-in show-on-hover\">\n\t\t\t\t\t\t\t\t\t\t\t\t\t\t\t\t\t\t\t<\/div>\n\t\t\t\t\t\t\t\t\t\t\t\t\t\t\t\t\t\t\t\t\t\t\t<\/div>\n\n\t\t\t\t\t\t\t<div class=\"box-text text-center\" >\n\t\t\t\t\t\t\t\t<div class=\"title-wrapper\">\t\t<p class=\"category uppercase is-smaller no-text-overflow product-cat op-7\">\n\t\t\tChristina Hugl\t\t<\/p>\n\t<p class=\"name product-title woocommerce-loop-product__title\"><a href=\"https:\/\/schaumweinkontor.com\/en\/produkt\/christina-hugl-blanc-de-blancs-reserve-2018-15-l-magnum\/\" class=\"woocommerce-LoopProduct-link woocommerce-loop-product__link\">Christina Hugl Blanc de Blancs Reserve 2018 1,5 L Magnum<\/a><\/p><\/div><div class=\"price-wrapper\">\n\t<span class=\"price\"><span class=\"woocommerce-Price-amount amount\" role=\"none\"><bdi><span class=\"woocommerce-Price-currencySymbol\">&euro;<\/span>&nbsp;45,00<\/bdi><\/span> <small class=\"woocommerce-price-suffix\">inkl. MwSt.<\/small><\/span>\n<\/div><div class=\"add-to-cart-button\"><a href=\"\/en\/wp-json\/wp\/v2\/pages\/4628?add-to-cart=4718\" aria-describedby=\"woocommerce_loop_add_to_cart_link_describedby_4718\" data-quantity=\"1\" class=\"primary is-small mb-0 button product_type_simple add_to_cart_button ajax_add_to_cart is-outline\" data-product_id=\"4718\" data-product_sku=\"100300213\" aria-label=\"Add to cart: &ldquo;Christina Hugl Blanc de Blancs Reserve 2018 1,5 L Magnum&rdquo;\" rel=\"nofollow\" data-success_message=\"&ldquo;Christina Hugl Blanc de Blancs Reserve 2018 1,5 L Magnum&rdquo; has been added to your cart\" role=\"button\">Add to cart<\/a><\/div>\t<span id=\"woocommerce_loop_add_to_cart_link_describedby_4718\" class=\"screen-reader-text\">\n\t\t\t<\/span>\n\t\t\t\t\t\t\t<\/div>\n\t\t\t\t\t\t<\/div>\n\t\t\t\t\t\t<\/div>\n\t\t\t\t\t<\/div><\/div>\n\n\n\t\t<\/div>\n\t\t\t\t\t<\/div>\n\n\t\n\n\n<style>\n#row-434885188 > .col > .col-inner {\n  padding: 15px 0px 0px 0px;\n}\n<\/style>\n<\/div>\n<div class=\"is-divider divider clearfix\" style=\"margin-top:3em;margin-bottom:3em;max-width:100%;background-color:rgba(183, 149, 73, 0.459);\"><\/div>\n\n\t<section class=\"section bg_winzer\" id=\"section_1638319714\">\n\t\t<div class=\"bg section-bg fill bg-fill  \" >\n\n\t\t\t\n\t\t\t\n\t\t\t\n\n\t\t<\/div>\n\n\t\t\n\n\t\t<div class=\"section-content relative\">\n\t\t\t\n\n<h2 id=\"sonder-vaux-mobile\" class=\"uppercase\" style=\"text-align: center;\">Schloss Vaux<\/h2>\n\n\t\t<\/div>\n\n\t\t\n<style>\n#section_1638319714 {\n  padding-top: 30px;\n  padding-bottom: 30px;\n}\n#section_1638319714 .section-bg.bg-loaded {\n  background-image: url(https:\/\/schaumweinkontor.com\/wp-content\/uploads\/2022\/06\/landscape-illu-gold-transp.png);\n}\n<\/style>\n\t<\/section>\n\t\n<div class=\"row row-full-width align-middle align-center margin-auto\"  id=\"row-1163663471\">\n\n\n\t<div id=\"col-961628887\" class=\"col small-12 large-12\"  >\n\t\t\t\t<div class=\"col-inner\"  >\n\t\t\t\n\t\t\t\n\n\n  \n    <div class=\"row  equalize-box show-for-small large-columns-3 medium-columns- small-columns-1 row-large has-shadow row-box-shadow-2 row-box-shadow-4-hover\" >\n  \t\n\t     <div class=\"col\" data-animate=\"fadeInUp\">\n\t\t\t\t\t\t<div class=\"col-inner\">\n\t\t\t\t\t\t\n<div class=\"badge-container badge-custom absolute right top z-1\">\n\n<\/div>\n\t\t\t\t\t\t<div class=\"product-small box has-hover box-vertical box-text-bottom\">\n\t\t\t\t\t\t\t<div class=\"box-image\" >\n\t\t\t\t\t\t\t\t<div class=\"\" >\n\t\t\t\t\t\t\t\t\t<a href=\"https:\/\/schaumweinkontor.com\/en\/produkt\/schloss-vaux-rheingauer-riesling-reserve-brut-2016-15-l-magnum\/\" aria-label=\"Schloss Vaux Rheingauer Riesling R\u00e9serve Brut 2016 1,5 L Magnum\">\n\t\t\t\t\t\t\t\t\t\t<img loading=\"lazy\" decoding=\"async\" width=\"300\" height=\"300\" src=\"https:\/\/schaumweinkontor.com\/wp-content\/uploads\/2022\/11\/Schloss-Vaux-Rheingauer-Riesling-Reserve-Brut-2016-15-L-Magnum-300x300.png\" class=\"attachment-medium size-medium\" alt=\"Schloss Vaux Rheingauer Riesling R\u00e9serve Brut 2016 1,5 L Magnum\" srcset=\"https:\/\/schaumweinkontor.com\/wp-content\/uploads\/2022\/11\/Schloss-Vaux-Rheingauer-Riesling-Reserve-Brut-2016-15-L-Magnum-300x300.png 300w, https:\/\/schaumweinkontor.com\/wp-content\/uploads\/2022\/11\/Schloss-Vaux-Rheingauer-Riesling-Reserve-Brut-2016-15-L-Magnum-100x100.png 100w, https:\/\/schaumweinkontor.com\/wp-content\/uploads\/2022\/11\/Schloss-Vaux-Rheingauer-Riesling-Reserve-Brut-2016-15-L-Magnum-510x510.png 510w, https:\/\/schaumweinkontor.com\/wp-content\/uploads\/2022\/11\/Schloss-Vaux-Rheingauer-Riesling-Reserve-Brut-2016-15-L-Magnum-150x150.png 150w, https:\/\/schaumweinkontor.com\/wp-content\/uploads\/2022\/11\/Schloss-Vaux-Rheingauer-Riesling-Reserve-Brut-2016-15-L-Magnum-768x768.png 768w, https:\/\/schaumweinkontor.com\/wp-content\/uploads\/2022\/11\/Schloss-Vaux-Rheingauer-Riesling-Reserve-Brut-2016-15-L-Magnum.png 1000w\" sizes=\"auto, (max-width: 300px) 100vw, 300px\" \/>\t\t\t\t\t\t\t\t\t<\/a>\n\t\t\t\t\t\t\t\t\t\t\t\t\t\t\t\t\t\t \t\t\t\t\t\t\t\t<\/div>\n\t\t\t\t\t\t\t\t<div class=\"image-tools top right show-on-hover\">\n\t\t\t\t\t\t\t\t\t\t\t\t\t\t\t\t\t<\/div>\n\t\t\t\t\t\t\t\t\t\t\t\t\t\t\t\t\t<div class=\"image-tools grid-tools text-center hide-for-small bottom hover-slide-in show-on-hover\">\n\t\t\t\t\t\t\t\t\t\t\t\t\t\t\t\t\t\t\t<\/div>\n\t\t\t\t\t\t\t\t\t\t\t\t\t\t\t\t\t\t\t\t\t\t\t<\/div>\n\n\t\t\t\t\t\t\t<div class=\"box-text text-center\" >\n\t\t\t\t\t\t\t\t<div class=\"title-wrapper\">\t\t<p class=\"category uppercase is-smaller no-text-overflow product-cat op-7\">\n\t\t\tSchloss Vaux\t\t<\/p>\n\t<p class=\"name product-title woocommerce-loop-product__title\"><a href=\"https:\/\/schaumweinkontor.com\/en\/produkt\/schloss-vaux-rheingauer-riesling-reserve-brut-2016-15-l-magnum\/\" class=\"woocommerce-LoopProduct-link woocommerce-loop-product__link\">Schloss Vaux Rheingauer Riesling R\u00e9serve Brut 2016 1,5 L Magnum<\/a><\/p><\/div><div class=\"price-wrapper\">\n\t<span class=\"price\"><span class=\"woocommerce-Price-amount amount\" role=\"none\"><bdi><span class=\"woocommerce-Price-currencySymbol\">&euro;<\/span>&nbsp;75,80<\/bdi><\/span> <small class=\"woocommerce-price-suffix\">inkl. MwSt.<\/small><\/span>\n<\/div><div class=\"add-to-cart-button\"><a href=\"\/en\/wp-json\/wp\/v2\/pages\/4628?add-to-cart=4719\" aria-describedby=\"woocommerce_loop_add_to_cart_link_describedby_4719\" data-quantity=\"1\" class=\"primary is-small mb-0 button product_type_simple add_to_cart_button ajax_add_to_cart is-outline\" data-product_id=\"4719\" data-product_sku=\"100300252\" aria-label=\"Add to cart: &ldquo;Schloss Vaux Rheingauer Riesling R\u00e9serve Brut 2016 1,5 L Magnum&rdquo;\" rel=\"nofollow\" data-success_message=\"&ldquo;Schloss Vaux Rheingauer Riesling R\u00e9serve Brut 2016 1,5 L Magnum&rdquo; has been added to your cart\" role=\"button\">Add to cart<\/a><\/div>\t<span id=\"woocommerce_loop_add_to_cart_link_describedby_4719\" class=\"screen-reader-text\">\n\t\t\t<\/span>\n\t\t\t\t\t\t\t<\/div>\n\t\t\t\t\t\t<\/div>\n\t\t\t\t\t\t<\/div>\n\t\t\t\t\t<\/div><\/div>\n\n\n  \n    <div class=\"row  equalize-box show-for-medium hide-for-small large-columns-3 medium-columns-2 small-columns-1 row-large has-shadow row-box-shadow-2 row-box-shadow-4-hover\" >\n  \t\n\t     <div class=\"col\" data-animate=\"fadeInUp\">\n\t\t\t\t\t\t<div class=\"col-inner\">\n\t\t\t\t\t\t\n<div class=\"badge-container badge-custom absolute right top z-1\">\n\n<\/div>\n\t\t\t\t\t\t<div class=\"product-small box has-hover box-normal box-text-bottom\">\n\t\t\t\t\t\t\t<div class=\"box-image\" >\n\t\t\t\t\t\t\t\t<div class=\"\" >\n\t\t\t\t\t\t\t\t\t<a href=\"https:\/\/schaumweinkontor.com\/en\/produkt\/schloss-vaux-rheingauer-riesling-reserve-brut-2016-15-l-magnum\/\" aria-label=\"Schloss Vaux Rheingauer Riesling R\u00e9serve Brut 2016 1,5 L Magnum\">\n\t\t\t\t\t\t\t\t\t\t<img loading=\"lazy\" decoding=\"async\" width=\"300\" height=\"300\" src=\"https:\/\/schaumweinkontor.com\/wp-content\/uploads\/2022\/11\/Schloss-Vaux-Rheingauer-Riesling-Reserve-Brut-2016-15-L-Magnum-300x300.png\" class=\"attachment-medium size-medium\" alt=\"Schloss Vaux Rheingauer Riesling R\u00e9serve Brut 2016 1,5 L Magnum\" srcset=\"https:\/\/schaumweinkontor.com\/wp-content\/uploads\/2022\/11\/Schloss-Vaux-Rheingauer-Riesling-Reserve-Brut-2016-15-L-Magnum-300x300.png 300w, https:\/\/schaumweinkontor.com\/wp-content\/uploads\/2022\/11\/Schloss-Vaux-Rheingauer-Riesling-Reserve-Brut-2016-15-L-Magnum-100x100.png 100w, https:\/\/schaumweinkontor.com\/wp-content\/uploads\/2022\/11\/Schloss-Vaux-Rheingauer-Riesling-Reserve-Brut-2016-15-L-Magnum-510x510.png 510w, https:\/\/schaumweinkontor.com\/wp-content\/uploads\/2022\/11\/Schloss-Vaux-Rheingauer-Riesling-Reserve-Brut-2016-15-L-Magnum-150x150.png 150w, https:\/\/schaumweinkontor.com\/wp-content\/uploads\/2022\/11\/Schloss-Vaux-Rheingauer-Riesling-Reserve-Brut-2016-15-L-Magnum-768x768.png 768w, https:\/\/schaumweinkontor.com\/wp-content\/uploads\/2022\/11\/Schloss-Vaux-Rheingauer-Riesling-Reserve-Brut-2016-15-L-Magnum.png 1000w\" sizes=\"auto, (max-width: 300px) 100vw, 300px\" \/>\t\t\t\t\t\t\t\t\t<\/a>\n\t\t\t\t\t\t\t\t\t\t\t\t\t\t\t\t\t\t \t\t\t\t\t\t\t\t<\/div>\n\t\t\t\t\t\t\t\t<div class=\"image-tools top right show-on-hover\">\n\t\t\t\t\t\t\t\t\t\t\t\t\t\t\t\t\t<\/div>\n\t\t\t\t\t\t\t\t\t\t\t\t\t\t\t\t\t<div class=\"image-tools grid-tools text-center hide-for-small bottom hover-slide-in show-on-hover\">\n\t\t\t\t\t\t\t\t\t\t\t\t\t\t\t\t\t\t\t<\/div>\n\t\t\t\t\t\t\t\t\t\t\t\t\t\t\t\t\t\t\t\t\t\t\t<\/div>\n\n\t\t\t\t\t\t\t<div class=\"box-text text-center\" >\n\t\t\t\t\t\t\t\t<div class=\"title-wrapper\">\t\t<p class=\"category uppercase is-smaller no-text-overflow product-cat op-7\">\n\t\t\tSchloss Vaux\t\t<\/p>\n\t<p class=\"name product-title woocommerce-loop-product__title\"><a href=\"https:\/\/schaumweinkontor.com\/en\/produkt\/schloss-vaux-rheingauer-riesling-reserve-brut-2016-15-l-magnum\/\" class=\"woocommerce-LoopProduct-link woocommerce-loop-product__link\">Schloss Vaux Rheingauer Riesling R\u00e9serve Brut 2016 1,5 L Magnum<\/a><\/p><\/div><div class=\"price-wrapper\">\n\t<span class=\"price\"><span class=\"woocommerce-Price-amount amount\" role=\"none\"><bdi><span class=\"woocommerce-Price-currencySymbol\">&euro;<\/span>&nbsp;75,80<\/bdi><\/span> <small class=\"woocommerce-price-suffix\">inkl. MwSt.<\/small><\/span>\n<\/div><div class=\"add-to-cart-button\"><a href=\"\/en\/wp-json\/wp\/v2\/pages\/4628?add-to-cart=4719\" aria-describedby=\"woocommerce_loop_add_to_cart_link_describedby_4719\" data-quantity=\"1\" class=\"primary is-small mb-0 button product_type_simple add_to_cart_button ajax_add_to_cart is-outline\" data-product_id=\"4719\" data-product_sku=\"100300252\" aria-label=\"Add to cart: &ldquo;Schloss Vaux Rheingauer Riesling R\u00e9serve Brut 2016 1,5 L Magnum&rdquo;\" rel=\"nofollow\" data-success_message=\"&ldquo;Schloss Vaux Rheingauer Riesling R\u00e9serve Brut 2016 1,5 L Magnum&rdquo; has been added to your cart\" role=\"button\">Add to cart<\/a><\/div>\t<span id=\"woocommerce_loop_add_to_cart_link_describedby_4719\" class=\"screen-reader-text\">\n\t\t\t<\/span>\n\t\t\t\t\t\t\t<\/div>\n\t\t\t\t\t\t<\/div>\n\t\t\t\t\t\t<\/div>\n\t\t\t\t\t<\/div><\/div>\n\n\n\t\t<\/div>\n\t\t\t\t\t<\/div>\n\n\t\n\n\n<style>\n#row-1163663471 > .col > .col-inner {\n  padding: 15px 0px 0px 0px;\n}\n<\/style>\n<\/div>\n<div class=\"row row-collapse row-full-width align-middle blau-verlauf\"  id=\"row-1710770675\">\n\n\n\t<div id=\"col-1241684865\" class=\"col medium-6 small-5 large-6\"  >\n\t\t\t\t<div class=\"col-inner\"  >\n\t\t\t\n\t\t\t\n\n\t<div id=\"text-3011254139\" class=\"text\">\n\t\t\n\n<h2><span style=\"font-size: 75%;\"> Special <\/span><\/h2>\n\t\t\n<style>\n#text-3011254139 {\n  font-size: 1.5rem;\n  line-height: 2;\n}\n<\/style>\n\t<\/div>\n\t\n\n\t\t<\/div>\n\t\t\t\t\t<\/div>\n\n\t\n\n\t<div id=\"col-695500208\" class=\"col medium-6 small-7 large-6\"  >\n\t\t\t\t<div class=\"col-inner\"  >\n\t\t\t\n\t\t\t\n\n<h5 id=\"sonder-sekt-mobile\" class=\"uppercase\" style=\"text-align: right;\"><span style=\"color: #b79549; font-size: 75%;\">SPARKLING WINE<\/span><\/h5>\n\n\t\t<\/div>\n\t\t\t\t\t<\/div>\n\n\t\n\n\n<style>\n#row-1710770675 > .col > .col-inner {\n  padding: 0px 20px 0px 20px;\n  border-radius: 74px;\n}\n<\/style>\n<\/div>\n\t<section class=\"section bg_winzer\" id=\"section_2077702327\">\n\t\t<div class=\"bg section-bg fill bg-fill  \" >\n\n\t\t\t\n\t\t\t\n\t\t\t\n\n\t\t<\/div>\n\n\t\t\n\n\t\t<div class=\"section-content relative\">\n\t\t\t\n\n<h2 id=\"#sonder-vigne-mobile\" class=\"uppercase\" style=\"text-align: center;\">Vigne Matte<\/h2>\n\n\t\t<\/div>\n\n\t\t\n<style>\n#section_2077702327 {\n  padding-top: 30px;\n  padding-bottom: 30px;\n}\n#section_2077702327 .section-bg.bg-loaded {\n  background-image: url(https:\/\/schaumweinkontor.com\/wp-content\/uploads\/2022\/06\/landscape-illu-gold-transp.png);\n}\n<\/style>\n\t<\/section>\n\t\n<div class=\"row row-full-width align-middle align-center margin-auto\"  id=\"row-2033207268\">\n\n\n\t<div id=\"col-1215544818\" class=\"col small-12 large-12\"  >\n\t\t\t\t<div class=\"col-inner\"  >\n\t\t\t\n\t\t\t\n\n\n  \n    <div class=\"row  equalize-box show-for-small large-columns-3 medium-columns- small-columns-1 row-large has-shadow row-box-shadow-2 row-box-shadow-4-hover\" >\n  \t\n\t     <div class=\"col\" data-animate=\"fadeInUp\">\n\t\t\t\t\t\t<div class=\"col-inner\">\n\t\t\t\t\t\t\n<div class=\"badge-container badge-custom absolute right top z-1\">\n<div class=\"callout badge badge-circle\"><div class=\"badge-inner secondary on-sale\"><span class=\"onsale\">Sale!<\/span><\/div><\/div>\n<\/div>\n\t\t\t\t\t\t<div class=\"product-small box has-hover box-vertical box-text-bottom\">\n\t\t\t\t\t\t\t<div class=\"box-image\" >\n\t\t\t\t\t\t\t\t<div class=\"\" >\n\t\t\t\t\t\t\t\t\t<a href=\"https:\/\/schaumweinkontor.com\/en\/produkt\/vigne-matte-prosecco-docg-extra-brut-15-l-magnum\/\" aria-label=\"Vigne Matte Prosecco DOCG Extra Brut 1,5 L Magnum\">\n\t\t\t\t\t\t\t\t\t\t<img loading=\"lazy\" decoding=\"async\" width=\"300\" height=\"300\" src=\"https:\/\/schaumweinkontor.com\/wp-content\/uploads\/2022\/11\/Vigne-Matte-Extra-Brut-075-1000x1000px-300x300.png\" class=\"attachment-medium size-medium\" alt=\"Vigne Matte Prosecco DOCG Extra Brut 1,5 L Magnum\" srcset=\"https:\/\/schaumweinkontor.com\/wp-content\/uploads\/2022\/11\/Vigne-Matte-Extra-Brut-075-1000x1000px-300x300.png 300w, https:\/\/schaumweinkontor.com\/wp-content\/uploads\/2022\/11\/Vigne-Matte-Extra-Brut-075-1000x1000px-100x100.png 100w, https:\/\/schaumweinkontor.com\/wp-content\/uploads\/2022\/11\/Vigne-Matte-Extra-Brut-075-1000x1000px-510x509.png 510w, https:\/\/schaumweinkontor.com\/wp-content\/uploads\/2022\/11\/Vigne-Matte-Extra-Brut-075-1000x1000px-150x150.png 150w, https:\/\/schaumweinkontor.com\/wp-content\/uploads\/2022\/11\/Vigne-Matte-Extra-Brut-075-1000x1000px-768x767.png 768w, https:\/\/schaumweinkontor.com\/wp-content\/uploads\/2022\/11\/Vigne-Matte-Extra-Brut-075-1000x1000px.png 1001w\" sizes=\"auto, (max-width: 300px) 100vw, 300px\" \/>\t\t\t\t\t\t\t\t\t<\/a>\n\t\t\t\t\t\t\t\t\t\t\t\t\t\t\t\t\t\t \t\t\t\t\t\t\t\t<\/div>\n\t\t\t\t\t\t\t\t<div class=\"image-tools top right show-on-hover\">\n\t\t\t\t\t\t\t\t\t\t\t\t\t\t\t\t\t<\/div>\n\t\t\t\t\t\t\t\t\t\t\t\t\t\t\t\t\t<div class=\"image-tools grid-tools text-center hide-for-small bottom hover-slide-in show-on-hover\">\n\t\t\t\t\t\t\t\t\t\t\t\t\t\t\t\t\t\t\t<\/div>\n\t\t\t\t\t\t\t\t\t\t\t\t\t\t\t\t\t\t\t\t\t\t\t<\/div>\n\n\t\t\t\t\t\t\t<div class=\"box-text text-center\" >\n\t\t\t\t\t\t\t\t<div class=\"title-wrapper\">\t\t<p class=\"category uppercase is-smaller no-text-overflow product-cat op-7\">\n\t\t\tspecial formats\t\t<\/p>\n\t<p class=\"name product-title woocommerce-loop-product__title\"><a href=\"https:\/\/schaumweinkontor.com\/en\/produkt\/vigne-matte-prosecco-docg-extra-brut-15-l-magnum\/\" class=\"woocommerce-LoopProduct-link woocommerce-loop-product__link\">Vigne Matte Prosecco DOCG Extra Brut 1,5 L Magnum<\/a><\/p><\/div><div class=\"price-wrapper\">\n\t<span class=\"price\"><del aria-hidden=\"true\"><span class=\"woocommerce-Price-amount amount\" role=\"none\"><bdi><span class=\"woocommerce-Price-currencySymbol\">&euro;<\/span>&nbsp;33,00<\/bdi><\/span><\/del> <span class=\"screen-reader-text\">Original price was: &euro;&nbsp;33,00.<\/span><ins aria-hidden=\"true\"><span class=\"woocommerce-Price-amount amount\" role=\"none\"><bdi><span class=\"woocommerce-Price-currencySymbol\">&euro;<\/span>&nbsp;23,10<\/bdi><\/span><\/ins><span class=\"screen-reader-text\">Current price is: &euro;&nbsp;23,10.<\/span> <small class=\"woocommerce-price-suffix\">inkl. MwSt.<\/small><\/span>\n<\/div><div class=\"add-to-cart-button\"><a href=\"\/en\/wp-json\/wp\/v2\/pages\/4628?add-to-cart=4672\" aria-describedby=\"woocommerce_loop_add_to_cart_link_describedby_4672\" data-quantity=\"1\" class=\"primary is-small mb-0 button product_type_simple add_to_cart_button ajax_add_to_cart is-outline\" data-product_id=\"4672\" data-product_sku=\"100300299\" aria-label=\"Add to cart: &ldquo;Vigne Matte Prosecco DOCG Extra Brut 1,5 L Magnum&rdquo;\" rel=\"nofollow\" data-success_message=\"&ldquo;Vigne Matte Prosecco DOCG Extra Brut 1,5 L Magnum&rdquo; has been added to your cart\" role=\"button\">Add to cart<\/a><\/div>\t<span id=\"woocommerce_loop_add_to_cart_link_describedby_4672\" class=\"screen-reader-text\">\n\t\t\t<\/span>\n\t\t\t\t\t\t\t<\/div>\n\t\t\t\t\t\t<\/div>\n\t\t\t\t\t\t<\/div>\n\t\t\t\t\t<\/div><\/div>\n\n\n  \n    <div class=\"row  equalize-box show-for-medium hide-for-small large-columns-3 medium-columns-2 small-columns-1 row-large has-shadow row-box-shadow-2 row-box-shadow-4-hover\" >\n  \t\n\t     <div class=\"col\" data-animate=\"fadeInUp\">\n\t\t\t\t\t\t<div class=\"col-inner\">\n\t\t\t\t\t\t\n<div class=\"badge-container badge-custom absolute right top z-1\">\n<div class=\"callout badge badge-circle\"><div class=\"badge-inner secondary on-sale\"><span class=\"onsale\">Sale!<\/span><\/div><\/div>\n<\/div>\n\t\t\t\t\t\t<div class=\"product-small box has-hover box-vertical box-text-bottom\">\n\t\t\t\t\t\t\t<div class=\"box-image\" >\n\t\t\t\t\t\t\t\t<div class=\"\" >\n\t\t\t\t\t\t\t\t\t<a href=\"https:\/\/schaumweinkontor.com\/en\/produkt\/vigne-matte-prosecco-docg-extra-brut-15-l-magnum\/\" aria-label=\"Vigne Matte Prosecco DOCG Extra Brut 1,5 L Magnum\">\n\t\t\t\t\t\t\t\t\t\t<img loading=\"lazy\" decoding=\"async\" width=\"300\" height=\"300\" src=\"https:\/\/schaumweinkontor.com\/wp-content\/uploads\/2022\/11\/Vigne-Matte-Extra-Brut-075-1000x1000px-300x300.png\" class=\"attachment-medium size-medium\" alt=\"Vigne Matte Prosecco DOCG Extra Brut 1,5 L Magnum\" srcset=\"https:\/\/schaumweinkontor.com\/wp-content\/uploads\/2022\/11\/Vigne-Matte-Extra-Brut-075-1000x1000px-300x300.png 300w, https:\/\/schaumweinkontor.com\/wp-content\/uploads\/2022\/11\/Vigne-Matte-Extra-Brut-075-1000x1000px-100x100.png 100w, https:\/\/schaumweinkontor.com\/wp-content\/uploads\/2022\/11\/Vigne-Matte-Extra-Brut-075-1000x1000px-510x509.png 510w, https:\/\/schaumweinkontor.com\/wp-content\/uploads\/2022\/11\/Vigne-Matte-Extra-Brut-075-1000x1000px-150x150.png 150w, https:\/\/schaumweinkontor.com\/wp-content\/uploads\/2022\/11\/Vigne-Matte-Extra-Brut-075-1000x1000px-768x767.png 768w, https:\/\/schaumweinkontor.com\/wp-content\/uploads\/2022\/11\/Vigne-Matte-Extra-Brut-075-1000x1000px.png 1001w\" sizes=\"auto, (max-width: 300px) 100vw, 300px\" \/>\t\t\t\t\t\t\t\t\t<\/a>\n\t\t\t\t\t\t\t\t\t\t\t\t\t\t\t\t\t\t \t\t\t\t\t\t\t\t<\/div>\n\t\t\t\t\t\t\t\t<div class=\"image-tools top right show-on-hover\">\n\t\t\t\t\t\t\t\t\t\t\t\t\t\t\t\t\t<\/div>\n\t\t\t\t\t\t\t\t\t\t\t\t\t\t\t\t\t<div class=\"image-tools grid-tools text-center hide-for-small bottom hover-slide-in show-on-hover\">\n\t\t\t\t\t\t\t\t\t\t\t\t\t\t\t\t\t\t\t<\/div>\n\t\t\t\t\t\t\t\t\t\t\t\t\t\t\t\t\t\t\t\t\t\t\t<\/div>\n\n\t\t\t\t\t\t\t<div class=\"box-text text-center\" >\n\t\t\t\t\t\t\t\t<div class=\"title-wrapper\">\t\t<p class=\"category uppercase is-smaller no-text-overflow product-cat op-7\">\n\t\t\tspecial formats\t\t<\/p>\n\t<p class=\"name product-title woocommerce-loop-product__title\"><a href=\"https:\/\/schaumweinkontor.com\/en\/produkt\/vigne-matte-prosecco-docg-extra-brut-15-l-magnum\/\" class=\"woocommerce-LoopProduct-link woocommerce-loop-product__link\">Vigne Matte Prosecco DOCG Extra Brut 1,5 L Magnum<\/a><\/p><\/div><div class=\"price-wrapper\">\n\t<span class=\"price\"><del aria-hidden=\"true\"><span class=\"woocommerce-Price-amount amount\" role=\"none\"><bdi><span class=\"woocommerce-Price-currencySymbol\">&euro;<\/span>&nbsp;33,00<\/bdi><\/span><\/del> <span class=\"screen-reader-text\">Original price was: &euro;&nbsp;33,00.<\/span><ins aria-hidden=\"true\"><span class=\"woocommerce-Price-amount amount\" role=\"none\"><bdi><span class=\"woocommerce-Price-currencySymbol\">&euro;<\/span>&nbsp;23,10<\/bdi><\/span><\/ins><span class=\"screen-reader-text\">Current price is: &euro;&nbsp;23,10.<\/span> <small class=\"woocommerce-price-suffix\">inkl. MwSt.<\/small><\/span>\n<\/div><div class=\"add-to-cart-button\"><a href=\"\/en\/wp-json\/wp\/v2\/pages\/4628?add-to-cart=4672\" aria-describedby=\"woocommerce_loop_add_to_cart_link_describedby_4672\" data-quantity=\"1\" class=\"primary is-small mb-0 button product_type_simple add_to_cart_button ajax_add_to_cart is-outline\" data-product_id=\"4672\" data-product_sku=\"100300299\" aria-label=\"Add to cart: &ldquo;Vigne Matte Prosecco DOCG Extra Brut 1,5 L Magnum&rdquo;\" rel=\"nofollow\" data-success_message=\"&ldquo;Vigne Matte Prosecco DOCG Extra Brut 1,5 L Magnum&rdquo; has been added to your cart\" role=\"button\">Add to cart<\/a><\/div>\t<span id=\"woocommerce_loop_add_to_cart_link_describedby_4672\" class=\"screen-reader-text\">\n\t\t\t<\/span>\n\t\t\t\t\t\t\t<\/div>\n\t\t\t\t\t\t<\/div>\n\t\t\t\t\t\t<\/div>\n\t\t\t\t\t<\/div><\/div>\n\n\n\t\t<\/div>\n\t\t\t\t\t<\/div>\n\n\t\n\n\n<style>\n#row-2033207268 > .col > .col-inner {\n  padding: 15px 0px 0px 0px;\n}\n<\/style>\n<\/div>\n<div class=\"row row-collapse row-full-width align-middle blau-verlauf\"  id=\"row-845233369\">\n\n\n\t<div id=\"col-1848091053\" class=\"col medium-6 small-5 large-6\"  >\n\t\t\t\t<div class=\"col-inner\"  >\n\t\t\t\n\t\t\t\n\n\t<div id=\"text-3742834342\" class=\"text\">\n\t\t\n\n<h2><span style=\"font-size: 75%;\"> Special <\/span><\/h2>\n\t\t\n<style>\n#text-3742834342 {\n  font-size: 1.5rem;\n  line-height: 2;\n}\n<\/style>\n\t<\/div>\n\t\n\n\t\t<\/div>\n\t\t\t\t\t<\/div>\n\n\t\n\n\t<div id=\"col-396961781\" class=\"col medium-6 small-7 large-6\"  >\n\t\t\t\t<div class=\"col-inner\"  >\n\t\t\t\n\t\t\t\n\n<h5 id=\"sonder-sekt-mobile\" class=\"uppercase\" style=\"text-align: right;\"><span style=\"color: #b79549; font-size: 75%;\">PROSECCO<\/span><\/h5>\n\n\t\t<\/div>\n\t\t\t\t\t<\/div>\n\n\t\n\n\n<style>\n#row-845233369 > .col > .col-inner {\n  padding: 0px 20px 0px 20px;\n  border-radius: 74px;\n}\n<\/style>\n<\/div>\n\t<section class=\"section bg_winzer\" id=\"section_2075292398\">\n\t\t<div class=\"bg section-bg fill bg-fill  \" >\n\n\t\t\t\n\t\t\t\n\t\t\t\n\n\t\t<\/div>\n\n\t\t\n\n\t\t<div class=\"section-content relative\">\n\t\t\t\n\n<h2 id=\"#sonder-hattingley-mobile\" class=\"uppercase\" style=\"text-align: center;\">Hattingley Valley<\/h2>\n\n\t\t<\/div>\n\n\t\t\n<style>\n#section_2075292398 {\n  padding-top: 30px;\n  padding-bottom: 30px;\n}\n#section_2075292398 .section-bg.bg-loaded {\n  background-image: url(https:\/\/schaumweinkontor.com\/wp-content\/uploads\/2022\/06\/landscape-illu-gold-transp.png);\n}\n<\/style>\n\t<\/section>\n\t\n<div class=\"row row-full-width align-middle align-center margin-auto\"  id=\"row-497562509\">\n\n\n\t<div id=\"col-2109702469\" class=\"col small-12 large-12\"  >\n\t\t\t\t<div class=\"col-inner\"  >\n\t\t\t\n\t\t\t\n\n\n  \n    <div class=\"row  equalize-box show-for-small large-columns-3 medium-columns- small-columns-1 row-large has-shadow row-box-shadow-2 row-box-shadow-4-hover\" >\n  \t\n\t     <div class=\"col\" data-animate=\"fadeInUp\">\n\t\t\t\t\t\t<div class=\"col-inner\">\n\t\t\t\t\t\t\n<div class=\"badge-container badge-custom absolute right top z-1\">\n\n<\/div>\n\t\t\t\t\t\t<div class=\"product-small box has-hover box-vertical box-text-bottom\">\n\t\t\t\t\t\t\t<div class=\"box-image\" >\n\t\t\t\t\t\t\t\t<div class=\"\" >\n\t\t\t\t\t\t\t\t\t<a href=\"https:\/\/schaumweinkontor.com\/en\/produkt\/hattingley-valley-classic-reserve-n-15-l-magnum\/\" aria-label=\"Hattingley Valley Classic Reserve N 1,5 L Magnum\">\n\t\t\t\t\t\t\t\t\t\t<img loading=\"lazy\" decoding=\"async\" width=\"300\" height=\"300\" src=\"https:\/\/schaumweinkontor.com\/wp-content\/uploads\/2023\/04\/Hattingley-Classic_1000x1000-px-300x300.png\" class=\"attachment-medium size-medium\" alt=\"Hattingley Valley Classic Reserve NV\u00a0\" srcset=\"https:\/\/schaumweinkontor.com\/wp-content\/uploads\/2023\/04\/Hattingley-Classic_1000x1000-px-300x300.png 300w, https:\/\/schaumweinkontor.com\/wp-content\/uploads\/2023\/04\/Hattingley-Classic_1000x1000-px-100x100.png 100w, https:\/\/schaumweinkontor.com\/wp-content\/uploads\/2023\/04\/Hattingley-Classic_1000x1000-px-510x510.png 510w, https:\/\/schaumweinkontor.com\/wp-content\/uploads\/2023\/04\/Hattingley-Classic_1000x1000-px-150x150.png 150w, https:\/\/schaumweinkontor.com\/wp-content\/uploads\/2023\/04\/Hattingley-Classic_1000x1000-px-768x768.png 768w, https:\/\/schaumweinkontor.com\/wp-content\/uploads\/2023\/04\/Hattingley-Classic_1000x1000-px.png 1000w\" sizes=\"auto, (max-width: 300px) 100vw, 300px\" \/>\t\t\t\t\t\t\t\t\t<\/a>\n\t\t\t\t\t\t\t\t\t\t\t\t\t\t\t\t\t\t \t\t\t\t\t\t\t\t<\/div>\n\t\t\t\t\t\t\t\t<div class=\"image-tools top right show-on-hover\">\n\t\t\t\t\t\t\t\t\t\t\t\t\t\t\t\t\t<\/div>\n\t\t\t\t\t\t\t\t\t\t\t\t\t\t\t\t\t<div class=\"image-tools grid-tools text-center hide-for-small bottom hover-slide-in show-on-hover\">\n\t\t\t\t\t\t\t\t\t\t\t\t\t\t\t\t\t\t\t<\/div>\n\t\t\t\t\t\t\t\t\t\t\t\t\t\t\t\t\t\t\t\t\t\t\t<\/div>\n\n\t\t\t\t\t\t\t<div class=\"box-text text-center\" >\n\t\t\t\t\t\t\t\t<div class=\"title-wrapper\">\t\t<p class=\"category uppercase is-smaller no-text-overflow product-cat op-7\">\n\t\t\tHattingley Valley\t\t<\/p>\n\t<p class=\"name product-title woocommerce-loop-product__title\"><a href=\"https:\/\/schaumweinkontor.com\/en\/produkt\/hattingley-valley-classic-reserve-n-15-l-magnum\/\" class=\"woocommerce-LoopProduct-link woocommerce-loop-product__link\">Hattingley Valley Classic Reserve N 1,5 L Magnum<\/a><\/p><\/div><div class=\"price-wrapper\">\n\t<span class=\"price\"><span class=\"woocommerce-Price-amount amount\" role=\"none\"><bdi><span class=\"woocommerce-Price-currencySymbol\">&euro;<\/span>&nbsp;74,00<\/bdi><\/span> <small class=\"woocommerce-price-suffix\">inkl. MwSt.<\/small><\/span>\n<\/div><div class=\"add-to-cart-button\"><a href=\"\/en\/wp-json\/wp\/v2\/pages\/4628?add-to-cart=4671\" aria-describedby=\"woocommerce_loop_add_to_cart_link_describedby_4671\" data-quantity=\"1\" class=\"primary is-small mb-0 button product_type_simple add_to_cart_button ajax_add_to_cart is-outline\" data-product_id=\"4671\" data-product_sku=\"100300333\" aria-label=\"Add to cart: &ldquo;Hattingley Valley Classic Reserve N 1,5 L Magnum&rdquo;\" rel=\"nofollow\" data-success_message=\"&ldquo;Hattingley Valley Classic Reserve N 1,5 L Magnum&rdquo; has been added to your cart\" role=\"button\">Add to cart<\/a><\/div>\t<span id=\"woocommerce_loop_add_to_cart_link_describedby_4671\" class=\"screen-reader-text\">\n\t\t\t<\/span>\n\t\t\t\t\t\t\t<\/div>\n\t\t\t\t\t\t<\/div>\n\t\t\t\t\t\t<\/div>\n\t\t\t\t\t<\/div><div class=\"col\" data-animate=\"fadeInUp\">\n\t\t\t\t\t\t<div class=\"col-inner\">\n\t\t\t\t\t\t\n<div class=\"badge-container badge-custom absolute right top z-1\">\n\n<\/div>\n\t\t\t\t\t\t<div class=\"product-small box has-hover box-vertical box-text-bottom\">\n\t\t\t\t\t\t\t<div class=\"box-image\" >\n\t\t\t\t\t\t\t\t<div class=\"\" >\n\t\t\t\t\t\t\t\t\t<a href=\"https:\/\/schaumweinkontor.com\/en\/produkt\/hattingley-valley-rose-2019-15-l-magnum\/\" aria-label=\"Hattingley Valley Ros\u00e9 2019 1,5 L Magnum\">\n\t\t\t\t\t\t\t\t\t\t<img loading=\"lazy\" decoding=\"async\" width=\"300\" height=\"300\" src=\"https:\/\/schaumweinkontor.com\/wp-content\/uploads\/2023\/04\/Hattingley-Valle-Rose_1000x1000-px-300x300.png\" class=\"attachment-medium size-medium\" alt=\"Hattingley Valley Ros\u00e9 2019 1,5 L Magnum\" srcset=\"https:\/\/schaumweinkontor.com\/wp-content\/uploads\/2023\/04\/Hattingley-Valle-Rose_1000x1000-px-300x300.png 300w, https:\/\/schaumweinkontor.com\/wp-content\/uploads\/2023\/04\/Hattingley-Valle-Rose_1000x1000-px-100x100.png 100w, https:\/\/schaumweinkontor.com\/wp-content\/uploads\/2023\/04\/Hattingley-Valle-Rose_1000x1000-px-510x510.png 510w, https:\/\/schaumweinkontor.com\/wp-content\/uploads\/2023\/04\/Hattingley-Valle-Rose_1000x1000-px-150x150.png 150w, https:\/\/schaumweinkontor.com\/wp-content\/uploads\/2023\/04\/Hattingley-Valle-Rose_1000x1000-px-768x768.png 768w, https:\/\/schaumweinkontor.com\/wp-content\/uploads\/2023\/04\/Hattingley-Valle-Rose_1000x1000-px.png 1000w\" sizes=\"auto, (max-width: 300px) 100vw, 300px\" \/>\t\t\t\t\t\t\t\t\t<\/a>\n\t\t\t\t\t\t\t\t\t\t\t\t\t\t\t\t\t\t \t\t\t\t\t\t\t\t<\/div>\n\t\t\t\t\t\t\t\t<div class=\"image-tools top right show-on-hover\">\n\t\t\t\t\t\t\t\t\t\t\t\t\t\t\t\t\t<\/div>\n\t\t\t\t\t\t\t\t\t\t\t\t\t\t\t\t\t<div class=\"image-tools grid-tools text-center hide-for-small bottom hover-slide-in show-on-hover\">\n\t\t\t\t\t\t\t\t\t\t\t\t\t\t\t\t\t\t\t<\/div>\n\t\t\t\t\t\t\t\t\t\t\t\t\t\t\t\t\t\t\t\t\t\t\t<\/div>\n\n\t\t\t\t\t\t\t<div class=\"box-text text-center\" >\n\t\t\t\t\t\t\t\t<div class=\"title-wrapper\">\t\t<p class=\"category uppercase is-smaller no-text-overflow product-cat op-7\">\n\t\t\tHattingley Valley\t\t<\/p>\n\t<p class=\"name product-title woocommerce-loop-product__title\"><a href=\"https:\/\/schaumweinkontor.com\/en\/produkt\/hattingley-valley-rose-2019-15-l-magnum\/\" class=\"woocommerce-LoopProduct-link woocommerce-loop-product__link\">Hattingley Valley Ros\u00e9 2019 1,5 L Magnum<\/a><\/p><\/div><div class=\"price-wrapper\">\n\t<span class=\"price\"><span class=\"woocommerce-Price-amount amount\" role=\"none\"><bdi><span class=\"woocommerce-Price-currencySymbol\">&euro;<\/span>&nbsp;98,00<\/bdi><\/span> <small class=\"woocommerce-price-suffix\">inkl. MwSt.<\/small><\/span>\n<\/div><div class=\"add-to-cart-button\"><a href=\"\/en\/wp-json\/wp\/v2\/pages\/4628?add-to-cart=4670\" aria-describedby=\"woocommerce_loop_add_to_cart_link_describedby_4670\" data-quantity=\"1\" class=\"primary is-small mb-0 button product_type_simple add_to_cart_button ajax_add_to_cart is-outline\" data-product_id=\"4670\" data-product_sku=\"100300334\" aria-label=\"Add to cart: &ldquo;Hattingley Valley Ros\u00e9 2019 1,5 L Magnum&rdquo;\" rel=\"nofollow\" data-success_message=\"&ldquo;Hattingley Valley Ros\u00e9 2019 1,5 L Magnum&rdquo; has been added to your cart\" role=\"button\">Add to cart<\/a><\/div>\t<span id=\"woocommerce_loop_add_to_cart_link_describedby_4670\" class=\"screen-reader-text\">\n\t\t\t<\/span>\n\t\t\t\t\t\t\t<\/div>\n\t\t\t\t\t\t<\/div>\n\t\t\t\t\t\t<\/div>\n\t\t\t\t\t<\/div><div class=\"col\" data-animate=\"fadeInUp\">\n\t\t\t\t\t\t<div class=\"col-inner\">\n\t\t\t\t\t\t\n<div class=\"badge-container badge-custom absolute right top z-1\">\n\n<\/div>\n\t\t\t\t\t\t<div class=\"product-small box has-hover box-vertical box-text-bottom\">\n\t\t\t\t\t\t\t<div class=\"box-image\" >\n\t\t\t\t\t\t\t\t<div class=\"\" >\n\t\t\t\t\t\t\t\t\t<a href=\"https:\/\/schaumweinkontor.com\/en\/produkt\/hattingley-valley-blanc-de-blancs-2014-15-l-magnum\/\" aria-label=\"Hattingley Valley Blanc de Blancs 2014\/2015 1,5 L Magnum\">\n\t\t\t\t\t\t\t\t\t\t<img loading=\"lazy\" decoding=\"async\" width=\"300\" height=\"300\" src=\"https:\/\/schaumweinkontor.com\/wp-content\/uploads\/2023\/04\/Hattingley-Banc-de-Blacs_1000x1000-px-300x300.png\" class=\"attachment-medium size-medium\" alt=\"Hattingley Valley Blanc de Blancs 2014\/2015 1,5 L Magnum\" srcset=\"https:\/\/schaumweinkontor.com\/wp-content\/uploads\/2023\/04\/Hattingley-Banc-de-Blacs_1000x1000-px-300x300.png 300w, https:\/\/schaumweinkontor.com\/wp-content\/uploads\/2023\/04\/Hattingley-Banc-de-Blacs_1000x1000-px-100x100.png 100w, https:\/\/schaumweinkontor.com\/wp-content\/uploads\/2023\/04\/Hattingley-Banc-de-Blacs_1000x1000-px-510x510.png 510w, https:\/\/schaumweinkontor.com\/wp-content\/uploads\/2023\/04\/Hattingley-Banc-de-Blacs_1000x1000-px-150x150.png 150w, https:\/\/schaumweinkontor.com\/wp-content\/uploads\/2023\/04\/Hattingley-Banc-de-Blacs_1000x1000-px-768x768.png 768w, https:\/\/schaumweinkontor.com\/wp-content\/uploads\/2023\/04\/Hattingley-Banc-de-Blacs_1000x1000-px.png 1000w\" sizes=\"auto, (max-width: 300px) 100vw, 300px\" \/>\t\t\t\t\t\t\t\t\t<\/a>\n\t\t\t\t\t\t\t\t\t\t\t\t\t\t\t\t\t\t \t\t\t\t\t\t\t\t<\/div>\n\t\t\t\t\t\t\t\t<div class=\"image-tools top right show-on-hover\">\n\t\t\t\t\t\t\t\t\t\t\t\t\t\t\t\t\t<\/div>\n\t\t\t\t\t\t\t\t\t\t\t\t\t\t\t\t\t<div class=\"image-tools grid-tools text-center hide-for-small bottom hover-slide-in show-on-hover\">\n\t\t\t\t\t\t\t\t\t\t\t\t\t\t\t\t\t\t\t<\/div>\n\t\t\t\t\t\t\t\t\t\t\t\t\t\t\t\t\t\t\t\t\t\t\t<\/div>\n\n\t\t\t\t\t\t\t<div class=\"box-text text-center\" >\n\t\t\t\t\t\t\t\t<div class=\"title-wrapper\">\t\t<p class=\"category uppercase is-smaller no-text-overflow product-cat op-7\">\n\t\t\tHattingley Valley\t\t<\/p>\n\t<p class=\"name product-title woocommerce-loop-product__title\"><a href=\"https:\/\/schaumweinkontor.com\/en\/produkt\/hattingley-valley-blanc-de-blancs-2014-15-l-magnum\/\" class=\"woocommerce-LoopProduct-link woocommerce-loop-product__link\">Hattingley Valley Blanc de Blancs 2014\/2015 1,5 L Magnum<\/a><\/p><\/div><div class=\"price-wrapper\">\n\t<span class=\"price\"><span class=\"woocommerce-Price-amount amount\" role=\"none\"><bdi><span class=\"woocommerce-Price-currencySymbol\">&euro;<\/span>&nbsp;104,00<\/bdi><\/span> <small class=\"woocommerce-price-suffix\">inkl. MwSt.<\/small><\/span>\n<\/div><div class=\"add-to-cart-button\"><a href=\"\/en\/wp-json\/wp\/v2\/pages\/4628?add-to-cart=4669\" aria-describedby=\"woocommerce_loop_add_to_cart_link_describedby_4669\" data-quantity=\"1\" class=\"primary is-small mb-0 button product_type_simple add_to_cart_button ajax_add_to_cart is-outline\" data-product_id=\"4669\" data-product_sku=\"100300335\" aria-label=\"Add to cart: &ldquo;Hattingley Valley Blanc de Blancs 2014\/2015 1,5 L Magnum&rdquo;\" rel=\"nofollow\" data-success_message=\"&ldquo;Hattingley Valley Blanc de Blancs 2014\/2015 1,5 L Magnum&rdquo; has been added to your cart\" role=\"button\">Add to cart<\/a><\/div>\t<span id=\"woocommerce_loop_add_to_cart_link_describedby_4669\" class=\"screen-reader-text\">\n\t\t\t<\/span>\n\t\t\t\t\t\t\t<\/div>\n\t\t\t\t\t\t<\/div>\n\t\t\t\t\t\t<\/div>\n\t\t\t\t\t<\/div><\/div>\n\n\n  \n    <div class=\"row  equalize-box show-for-medium hide-for-small large-columns-3 medium-columns-2 small-columns-1 row-large has-shadow row-box-shadow-2 row-box-shadow-4-hover\" >\n  \t\n\t     <div class=\"col\" data-animate=\"fadeInUp\">\n\t\t\t\t\t\t<div class=\"col-inner\">\n\t\t\t\t\t\t\n<div class=\"badge-container badge-custom absolute right top z-1\">\n\n<\/div>\n\t\t\t\t\t\t<div class=\"product-small box has-hover box-vertical box-text-bottom\">\n\t\t\t\t\t\t\t<div class=\"box-image\" >\n\t\t\t\t\t\t\t\t<div class=\"\" >\n\t\t\t\t\t\t\t\t\t<a href=\"https:\/\/schaumweinkontor.com\/en\/produkt\/hattingley-valley-classic-reserve-n-15-l-magnum\/\" aria-label=\"Hattingley Valley Classic Reserve N 1,5 L Magnum\">\n\t\t\t\t\t\t\t\t\t\t<img loading=\"lazy\" decoding=\"async\" width=\"300\" height=\"300\" src=\"https:\/\/schaumweinkontor.com\/wp-content\/uploads\/2023\/04\/Hattingley-Classic_1000x1000-px-300x300.png\" class=\"attachment-medium size-medium\" alt=\"Hattingley Valley Classic Reserve NV\u00a0\" srcset=\"https:\/\/schaumweinkontor.com\/wp-content\/uploads\/2023\/04\/Hattingley-Classic_1000x1000-px-300x300.png 300w, https:\/\/schaumweinkontor.com\/wp-content\/uploads\/2023\/04\/Hattingley-Classic_1000x1000-px-100x100.png 100w, https:\/\/schaumweinkontor.com\/wp-content\/uploads\/2023\/04\/Hattingley-Classic_1000x1000-px-510x510.png 510w, https:\/\/schaumweinkontor.com\/wp-content\/uploads\/2023\/04\/Hattingley-Classic_1000x1000-px-150x150.png 150w, https:\/\/schaumweinkontor.com\/wp-content\/uploads\/2023\/04\/Hattingley-Classic_1000x1000-px-768x768.png 768w, https:\/\/schaumweinkontor.com\/wp-content\/uploads\/2023\/04\/Hattingley-Classic_1000x1000-px.png 1000w\" sizes=\"auto, (max-width: 300px) 100vw, 300px\" \/>\t\t\t\t\t\t\t\t\t<\/a>\n\t\t\t\t\t\t\t\t\t\t\t\t\t\t\t\t\t\t \t\t\t\t\t\t\t\t<\/div>\n\t\t\t\t\t\t\t\t<div class=\"image-tools top right show-on-hover\">\n\t\t\t\t\t\t\t\t\t\t\t\t\t\t\t\t\t<\/div>\n\t\t\t\t\t\t\t\t\t\t\t\t\t\t\t\t\t<div class=\"image-tools grid-tools text-center hide-for-small bottom hover-slide-in show-on-hover\">\n\t\t\t\t\t\t\t\t\t\t\t\t\t\t\t\t\t\t\t<\/div>\n\t\t\t\t\t\t\t\t\t\t\t\t\t\t\t\t\t\t\t\t\t\t\t<\/div>\n\n\t\t\t\t\t\t\t<div class=\"box-text text-center\" >\n\t\t\t\t\t\t\t\t<div class=\"title-wrapper\">\t\t<p class=\"category uppercase is-smaller no-text-overflow product-cat op-7\">\n\t\t\tHattingley Valley\t\t<\/p>\n\t<p class=\"name product-title woocommerce-loop-product__title\"><a href=\"https:\/\/schaumweinkontor.com\/en\/produkt\/hattingley-valley-classic-reserve-n-15-l-magnum\/\" class=\"woocommerce-LoopProduct-link woocommerce-loop-product__link\">Hattingley Valley Classic Reserve N 1,5 L Magnum<\/a><\/p><\/div><div class=\"price-wrapper\">\n\t<span class=\"price\"><span class=\"woocommerce-Price-amount amount\" role=\"none\"><bdi><span class=\"woocommerce-Price-currencySymbol\">&euro;<\/span>&nbsp;74,00<\/bdi><\/span> <small class=\"woocommerce-price-suffix\">inkl. MwSt.<\/small><\/span>\n<\/div><div class=\"add-to-cart-button\"><a href=\"\/en\/wp-json\/wp\/v2\/pages\/4628?add-to-cart=4671\" aria-describedby=\"woocommerce_loop_add_to_cart_link_describedby_4671\" data-quantity=\"1\" class=\"primary is-small mb-0 button product_type_simple add_to_cart_button ajax_add_to_cart is-outline\" data-product_id=\"4671\" data-product_sku=\"100300333\" aria-label=\"Add to cart: &ldquo;Hattingley Valley Classic Reserve N 1,5 L Magnum&rdquo;\" rel=\"nofollow\" data-success_message=\"&ldquo;Hattingley Valley Classic Reserve N 1,5 L Magnum&rdquo; has been added to your cart\" role=\"button\">Add to cart<\/a><\/div>\t<span id=\"woocommerce_loop_add_to_cart_link_describedby_4671\" class=\"screen-reader-text\">\n\t\t\t<\/span>\n\t\t\t\t\t\t\t<\/div>\n\t\t\t\t\t\t<\/div>\n\t\t\t\t\t\t<\/div>\n\t\t\t\t\t<\/div><div class=\"col\" data-animate=\"fadeInUp\">\n\t\t\t\t\t\t<div class=\"col-inner\">\n\t\t\t\t\t\t\n<div class=\"badge-container badge-custom absolute right top z-1\">\n\n<\/div>\n\t\t\t\t\t\t<div class=\"product-small box has-hover box-vertical box-text-bottom\">\n\t\t\t\t\t\t\t<div class=\"box-image\" >\n\t\t\t\t\t\t\t\t<div class=\"\" >\n\t\t\t\t\t\t\t\t\t<a href=\"https:\/\/schaumweinkontor.com\/en\/produkt\/hattingley-valley-rose-2019-15-l-magnum\/\" aria-label=\"Hattingley Valley Ros\u00e9 2019 1,5 L Magnum\">\n\t\t\t\t\t\t\t\t\t\t<img loading=\"lazy\" decoding=\"async\" width=\"300\" height=\"300\" src=\"https:\/\/schaumweinkontor.com\/wp-content\/uploads\/2023\/04\/Hattingley-Valle-Rose_1000x1000-px-300x300.png\" class=\"attachment-medium size-medium\" alt=\"Hattingley Valley Ros\u00e9 2019 1,5 L Magnum\" srcset=\"https:\/\/schaumweinkontor.com\/wp-content\/uploads\/2023\/04\/Hattingley-Valle-Rose_1000x1000-px-300x300.png 300w, https:\/\/schaumweinkontor.com\/wp-content\/uploads\/2023\/04\/Hattingley-Valle-Rose_1000x1000-px-100x100.png 100w, https:\/\/schaumweinkontor.com\/wp-content\/uploads\/2023\/04\/Hattingley-Valle-Rose_1000x1000-px-510x510.png 510w, https:\/\/schaumweinkontor.com\/wp-content\/uploads\/2023\/04\/Hattingley-Valle-Rose_1000x1000-px-150x150.png 150w, https:\/\/schaumweinkontor.com\/wp-content\/uploads\/2023\/04\/Hattingley-Valle-Rose_1000x1000-px-768x768.png 768w, https:\/\/schaumweinkontor.com\/wp-content\/uploads\/2023\/04\/Hattingley-Valle-Rose_1000x1000-px.png 1000w\" sizes=\"auto, (max-width: 300px) 100vw, 300px\" \/>\t\t\t\t\t\t\t\t\t<\/a>\n\t\t\t\t\t\t\t\t\t\t\t\t\t\t\t\t\t\t \t\t\t\t\t\t\t\t<\/div>\n\t\t\t\t\t\t\t\t<div class=\"image-tools top right show-on-hover\">\n\t\t\t\t\t\t\t\t\t\t\t\t\t\t\t\t\t<\/div>\n\t\t\t\t\t\t\t\t\t\t\t\t\t\t\t\t\t<div class=\"image-tools grid-tools text-center hide-for-small bottom hover-slide-in show-on-hover\">\n\t\t\t\t\t\t\t\t\t\t\t\t\t\t\t\t\t\t\t<\/div>\n\t\t\t\t\t\t\t\t\t\t\t\t\t\t\t\t\t\t\t\t\t\t\t<\/div>\n\n\t\t\t\t\t\t\t<div class=\"box-text text-center\" >\n\t\t\t\t\t\t\t\t<div class=\"title-wrapper\">\t\t<p class=\"category uppercase is-smaller no-text-overflow product-cat op-7\">\n\t\t\tHattingley Valley\t\t<\/p>\n\t<p class=\"name product-title woocommerce-loop-product__title\"><a href=\"https:\/\/schaumweinkontor.com\/en\/produkt\/hattingley-valley-rose-2019-15-l-magnum\/\" class=\"woocommerce-LoopProduct-link woocommerce-loop-product__link\">Hattingley Valley Ros\u00e9 2019 1,5 L Magnum<\/a><\/p><\/div><div class=\"price-wrapper\">\n\t<span class=\"price\"><span class=\"woocommerce-Price-amount amount\" role=\"none\"><bdi><span class=\"woocommerce-Price-currencySymbol\">&euro;<\/span>&nbsp;98,00<\/bdi><\/span> <small class=\"woocommerce-price-suffix\">inkl. MwSt.<\/small><\/span>\n<\/div><div class=\"add-to-cart-button\"><a href=\"\/en\/wp-json\/wp\/v2\/pages\/4628?add-to-cart=4670\" aria-describedby=\"woocommerce_loop_add_to_cart_link_describedby_4670\" data-quantity=\"1\" class=\"primary is-small mb-0 button product_type_simple add_to_cart_button ajax_add_to_cart is-outline\" data-product_id=\"4670\" data-product_sku=\"100300334\" aria-label=\"Add to cart: &ldquo;Hattingley Valley Ros\u00e9 2019 1,5 L Magnum&rdquo;\" rel=\"nofollow\" data-success_message=\"&ldquo;Hattingley Valley Ros\u00e9 2019 1,5 L Magnum&rdquo; has been added to your cart\" role=\"button\">Add to cart<\/a><\/div>\t<span id=\"woocommerce_loop_add_to_cart_link_describedby_4670\" class=\"screen-reader-text\">\n\t\t\t<\/span>\n\t\t\t\t\t\t\t<\/div>\n\t\t\t\t\t\t<\/div>\n\t\t\t\t\t\t<\/div>\n\t\t\t\t\t<\/div><div class=\"col\" data-animate=\"fadeInUp\">\n\t\t\t\t\t\t<div class=\"col-inner\">\n\t\t\t\t\t\t\n<div class=\"badge-container badge-custom absolute right top z-1\">\n\n<\/div>\n\t\t\t\t\t\t<div class=\"product-small box has-hover box-vertical box-text-bottom\">\n\t\t\t\t\t\t\t<div class=\"box-image\" >\n\t\t\t\t\t\t\t\t<div class=\"\" >\n\t\t\t\t\t\t\t\t\t<a href=\"https:\/\/schaumweinkontor.com\/en\/produkt\/hattingley-valley-blanc-de-blancs-2014-15-l-magnum\/\" aria-label=\"Hattingley Valley Blanc de Blancs 2014\/2015 1,5 L Magnum\">\n\t\t\t\t\t\t\t\t\t\t<img loading=\"lazy\" decoding=\"async\" width=\"300\" height=\"300\" src=\"https:\/\/schaumweinkontor.com\/wp-content\/uploads\/2023\/04\/Hattingley-Banc-de-Blacs_1000x1000-px-300x300.png\" class=\"attachment-medium size-medium\" alt=\"Hattingley Valley Blanc de Blancs 2014\/2015 1,5 L Magnum\" srcset=\"https:\/\/schaumweinkontor.com\/wp-content\/uploads\/2023\/04\/Hattingley-Banc-de-Blacs_1000x1000-px-300x300.png 300w, https:\/\/schaumweinkontor.com\/wp-content\/uploads\/2023\/04\/Hattingley-Banc-de-Blacs_1000x1000-px-100x100.png 100w, https:\/\/schaumweinkontor.com\/wp-content\/uploads\/2023\/04\/Hattingley-Banc-de-Blacs_1000x1000-px-510x510.png 510w, https:\/\/schaumweinkontor.com\/wp-content\/uploads\/2023\/04\/Hattingley-Banc-de-Blacs_1000x1000-px-150x150.png 150w, https:\/\/schaumweinkontor.com\/wp-content\/uploads\/2023\/04\/Hattingley-Banc-de-Blacs_1000x1000-px-768x768.png 768w, https:\/\/schaumweinkontor.com\/wp-content\/uploads\/2023\/04\/Hattingley-Banc-de-Blacs_1000x1000-px.png 1000w\" sizes=\"auto, (max-width: 300px) 100vw, 300px\" \/>\t\t\t\t\t\t\t\t\t<\/a>\n\t\t\t\t\t\t\t\t\t\t\t\t\t\t\t\t\t\t \t\t\t\t\t\t\t\t<\/div>\n\t\t\t\t\t\t\t\t<div class=\"image-tools top right show-on-hover\">\n\t\t\t\t\t\t\t\t\t\t\t\t\t\t\t\t\t<\/div>\n\t\t\t\t\t\t\t\t\t\t\t\t\t\t\t\t\t<div class=\"image-tools grid-tools text-center hide-for-small bottom hover-slide-in show-on-hover\">\n\t\t\t\t\t\t\t\t\t\t\t\t\t\t\t\t\t\t\t<\/div>\n\t\t\t\t\t\t\t\t\t\t\t\t\t\t\t\t\t\t\t\t\t\t\t<\/div>\n\n\t\t\t\t\t\t\t<div class=\"box-text text-center\" >\n\t\t\t\t\t\t\t\t<div class=\"title-wrapper\">\t\t<p class=\"category uppercase is-smaller no-text-overflow product-cat op-7\">\n\t\t\tHattingley Valley\t\t<\/p>\n\t<p class=\"name product-title woocommerce-loop-product__title\"><a href=\"https:\/\/schaumweinkontor.com\/en\/produkt\/hattingley-valley-blanc-de-blancs-2014-15-l-magnum\/\" class=\"woocommerce-LoopProduct-link woocommerce-loop-product__link\">Hattingley Valley Blanc de Blancs 2014\/2015 1,5 L Magnum<\/a><\/p><\/div><div class=\"price-wrapper\">\n\t<span class=\"price\"><span class=\"woocommerce-Price-amount amount\" role=\"none\"><bdi><span class=\"woocommerce-Price-currencySymbol\">&euro;<\/span>&nbsp;104,00<\/bdi><\/span> <small class=\"woocommerce-price-suffix\">inkl. MwSt.<\/small><\/span>\n<\/div><div class=\"add-to-cart-button\"><a href=\"\/en\/wp-json\/wp\/v2\/pages\/4628?add-to-cart=4669\" aria-describedby=\"woocommerce_loop_add_to_cart_link_describedby_4669\" data-quantity=\"1\" class=\"primary is-small mb-0 button product_type_simple add_to_cart_button ajax_add_to_cart is-outline\" data-product_id=\"4669\" data-product_sku=\"100300335\" aria-label=\"Add to cart: &ldquo;Hattingley Valley Blanc de Blancs 2014\/2015 1,5 L Magnum&rdquo;\" rel=\"nofollow\" data-success_message=\"&ldquo;Hattingley Valley Blanc de Blancs 2014\/2015 1,5 L Magnum&rdquo; has been added to your cart\" role=\"button\">Add to cart<\/a><\/div>\t<span id=\"woocommerce_loop_add_to_cart_link_describedby_4669\" class=\"screen-reader-text\">\n\t\t\t<\/span>\n\t\t\t\t\t\t\t<\/div>\n\t\t\t\t\t\t<\/div>\n\t\t\t\t\t\t<\/div>\n\t\t\t\t\t<\/div><\/div>\n\n\n\t\t<\/div>\n\t\t\t\t\t<\/div>\n\n\t\n\n\n<style>\n#row-497562509 > .col > .col-inner {\n  padding: 15px 0px 0px 0px;\n}\n<\/style>\n<\/div>\n<div class=\"row row-collapse row-full-width align-middle blau-verlauf\"  id=\"row-95385810\">\n\n\n\t<div id=\"col-179451399\" class=\"col medium-6 small-5 large-6\"  >\n\t\t\t\t<div class=\"col-inner\"  >\n\t\t\t\n\t\t\t\n\n\t<div id=\"text-1553550831\" class=\"text\">\n\t\t\n\n<h2><span style=\"font-size: 75%;\"> Special <\/span><\/h2>\n\t\t\n<style>\n#text-1553550831 {\n  font-size: 1.5rem;\n  line-height: 2;\n}\n<\/style>\n\t<\/div>\n\t\n\n\t\t<\/div>\n\t\t\t\t\t<\/div>\n\n\t\n\n\t<div id=\"col-480219689\" class=\"col medium-6 small-7 large-6\"  >\n\t\t\t\t<div class=\"col-inner\"  >\n\t\t\t\n\t\t\t\n\n<h5 id=\"sonder-sekt-mobile\" class=\"uppercase\" style=\"text-align: right;\"><span style=\"color: #b79549; font-size: 75%;\">Spumante<\/span><\/h5>\n\n\t\t<\/div>\n\t\t\t\t\t<\/div>\n\n\t\n\n\n<style>\n#row-95385810 > .col > .col-inner {\n  padding: 0px 20px 0px 20px;\n  border-radius: 74px;\n}\n<\/style>\n<\/div>\n\t<section class=\"section bg_winzer\" id=\"section_452449417\">\n\t\t<div class=\"bg section-bg fill bg-fill  \" >\n\n\t\t\t\n\t\t\t\n\t\t\t\n\n\t\t<\/div>\n\n\t\t\n\n\t\t<div class=\"section-content relative\">\n\t\t\t\n\n<h2 id=\"#sonder-pratello-mobile\" class=\"uppercase\" style=\"text-align: center;\">Pratello<\/h2>\n\n\t\t<\/div>\n\n\t\t\n<style>\n#section_452449417 {\n  padding-top: 30px;\n  padding-bottom: 30px;\n}\n#section_452449417 .section-bg.bg-loaded {\n  background-image: url(https:\/\/schaumweinkontor.com\/wp-content\/uploads\/2022\/06\/landscape-illu-gold-transp.png);\n}\n<\/style>\n\t<\/section>\n\t\n<div class=\"row row-full-width align-middle align-center margin-auto\"  id=\"row-1804536662\">\n\n\n\t<div id=\"col-816817395\" class=\"col small-12 large-12\"  >\n\t\t\t\t<div class=\"col-inner\"  >\n\t\t\t\n\t\t\t\n\n\n  \n    <div class=\"row  equalize-box show-for-small large-columns-3 medium-columns- small-columns-1 row-large has-shadow row-box-shadow-2 row-box-shadow-4-hover\" >\n  \t\n\t     <div class=\"col\" data-animate=\"fadeInUp\">\n\t\t\t\t\t\t<div class=\"col-inner\">\n\t\t\t\t\t\t\n<div class=\"badge-container badge-custom absolute right top z-1\">\n<div class=\"callout badge badge-circle\"><div class=\"badge-inner secondary on-sale\"><span class=\"onsale\">Sale!<\/span><\/div><\/div>\n<\/div>\n\t\t\t\t\t\t<div class=\"product-small box has-hover box-vertical box-text-bottom\">\n\t\t\t\t\t\t\t<div class=\"box-image\" >\n\t\t\t\t\t\t\t\t<div class=\"\" >\n\t\t\t\t\t\t\t\t\t<a href=\"https:\/\/schaumweinkontor.com\/en\/produkt\/pratello-spumante-lugana-doc-brut-bolle-15-l-magnum\/\" aria-label=\"Pratello Spumante Lugana DOC Brut Boll\u00e9 1,5 L Magnum\">\n\t\t\t\t\t\t\t\t\t\t<img loading=\"lazy\" decoding=\"async\" width=\"300\" height=\"300\" src=\"https:\/\/schaumweinkontor.com\/wp-content\/uploads\/2022\/06\/Schaumweinkontor-Bolle-1000x1000-px-300x300.png\" class=\"attachment-medium size-medium\" alt=\"Pratello Spumante Lugana DOC Brut Boll\u00e9 1,5 L Magnum\" srcset=\"https:\/\/schaumweinkontor.com\/wp-content\/uploads\/2022\/06\/Schaumweinkontor-Bolle-1000x1000-px-300x300.png 300w, https:\/\/schaumweinkontor.com\/wp-content\/uploads\/2022\/06\/Schaumweinkontor-Bolle-1000x1000-px-100x100.png 100w, https:\/\/schaumweinkontor.com\/wp-content\/uploads\/2022\/06\/Schaumweinkontor-Bolle-1000x1000-px-510x510.png 510w, https:\/\/schaumweinkontor.com\/wp-content\/uploads\/2022\/06\/Schaumweinkontor-Bolle-1000x1000-px-150x150.png 150w, https:\/\/schaumweinkontor.com\/wp-content\/uploads\/2022\/06\/Schaumweinkontor-Bolle-1000x1000-px-768x768.png 768w, https:\/\/schaumweinkontor.com\/wp-content\/uploads\/2022\/06\/Schaumweinkontor-Bolle-1000x1000-px.png 1000w\" sizes=\"auto, (max-width: 300px) 100vw, 300px\" \/>\t\t\t\t\t\t\t\t\t<\/a>\n\t\t\t\t\t\t\t\t\t\t\t\t\t\t\t\t\t\t \t\t\t\t\t\t\t\t<\/div>\n\t\t\t\t\t\t\t\t<div class=\"image-tools top right show-on-hover\">\n\t\t\t\t\t\t\t\t\t\t\t\t\t\t\t\t\t<\/div>\n\t\t\t\t\t\t\t\t\t\t\t\t\t\t\t\t\t<div class=\"image-tools grid-tools text-center hide-for-small bottom hover-slide-in show-on-hover\">\n\t\t\t\t\t\t\t\t\t\t\t\t\t\t\t\t\t\t\t<\/div>\n\t\t\t\t\t\t\t\t\t\t\t\t\t\t\t\t\t\t\t\t\t\t\t<\/div>\n\n\t\t\t\t\t\t\t<div class=\"box-text text-center\" >\n\t\t\t\t\t\t\t\t<div class=\"title-wrapper\">\t\t<p class=\"category uppercase is-smaller no-text-overflow product-cat op-7\">\n\t\t\tPratello\t\t<\/p>\n\t<p class=\"name product-title woocommerce-loop-product__title\"><a href=\"https:\/\/schaumweinkontor.com\/en\/produkt\/pratello-spumante-lugana-doc-brut-bolle-15-l-magnum\/\" class=\"woocommerce-LoopProduct-link woocommerce-loop-product__link\">Pratello Spumante Lugana DOC Brut Boll\u00e9 1,5 L Magnum<\/a><\/p><\/div><div class=\"price-wrapper\">\n\t<span class=\"price\"><del aria-hidden=\"true\"><span class=\"woocommerce-Price-amount amount\" role=\"none\"><bdi><span class=\"woocommerce-Price-currencySymbol\">&euro;<\/span>&nbsp;39,90<\/bdi><\/span><\/del> <span class=\"screen-reader-text\">Original price was: &euro;&nbsp;39,90.<\/span><ins aria-hidden=\"true\"><span class=\"woocommerce-Price-amount amount\" role=\"none\"><bdi><span class=\"woocommerce-Price-currencySymbol\">&euro;<\/span>&nbsp;29,90<\/bdi><\/span><\/ins><span class=\"screen-reader-text\">Current price is: &euro;&nbsp;29,90.<\/span> <small class=\"woocommerce-price-suffix\">inkl. MwSt.<\/small><\/span>\n<\/div><div class=\"add-to-cart-button\"><a href=\"\/en\/wp-json\/wp\/v2\/pages\/4628?add-to-cart=4666\" aria-describedby=\"woocommerce_loop_add_to_cart_link_describedby_4666\" data-quantity=\"1\" class=\"primary is-small mb-0 button product_type_simple add_to_cart_button ajax_add_to_cart is-outline\" data-product_id=\"4666\" data-product_sku=\"100300162\" aria-label=\"Add to cart: &ldquo;Pratello Spumante Lugana DOC Brut Boll\u00e9 1,5 L Magnum&rdquo;\" rel=\"nofollow\" data-success_message=\"&ldquo;Pratello Spumante Lugana DOC Brut Boll\u00e9 1,5 L Magnum&rdquo; has been added to your cart\" role=\"button\">Add to cart<\/a><\/div>\t<span id=\"woocommerce_loop_add_to_cart_link_describedby_4666\" class=\"screen-reader-text\">\n\t\t\t<\/span>\n\t\t\t\t\t\t\t<\/div>\n\t\t\t\t\t\t<\/div>\n\t\t\t\t\t\t<\/div>\n\t\t\t\t\t<\/div><div class=\"col\" data-animate=\"fadeInUp\">\n\t\t\t\t\t\t<div class=\"col-inner\">\n\t\t\t\t\t\t\n<div class=\"badge-container badge-custom absolute right top z-1\">\n<div class=\"callout badge badge-circle\"><div class=\"badge-inner secondary on-sale\"><span class=\"onsale\">Sale!<\/span><\/div><\/div>\n<\/div>\n\t\t\t\t\t\t<div class=\"product-small box has-hover box-vertical box-text-bottom\">\n\t\t\t\t\t\t\t<div class=\"box-image\" >\n\t\t\t\t\t\t\t\t<div class=\"\" >\n\t\t\t\t\t\t\t\t\t<a href=\"https:\/\/schaumweinkontor.com\/en\/produkt\/pratello-spumante-garda-doc-rose-pink-15-l-magnum\/\" aria-label=\"Pratello Spumante Garda DOC Ros\u00e9 Pink 1,5 L Magnum\">\n\t\t\t\t\t\t\t\t\t\t<img loading=\"lazy\" decoding=\"async\" width=\"300\" height=\"300\" src=\"https:\/\/schaumweinkontor.com\/wp-content\/uploads\/2022\/06\/Schaumweinkontor-Pratello-Pink-Garda-Rose-brut-1000x1000px-300x300.png\" class=\"attachment-medium size-medium\" alt=\"Pratello Spumante Garda DOC Ros\u00e9 Pink 1,5 L Magnum\" srcset=\"https:\/\/schaumweinkontor.com\/wp-content\/uploads\/2022\/06\/Schaumweinkontor-Pratello-Pink-Garda-Rose-brut-1000x1000px-300x300.png 300w, https:\/\/schaumweinkontor.com\/wp-content\/uploads\/2022\/06\/Schaumweinkontor-Pratello-Pink-Garda-Rose-brut-1000x1000px-100x100.png 100w, https:\/\/schaumweinkontor.com\/wp-content\/uploads\/2022\/06\/Schaumweinkontor-Pratello-Pink-Garda-Rose-brut-1000x1000px-510x510.png 510w, https:\/\/schaumweinkontor.com\/wp-content\/uploads\/2022\/06\/Schaumweinkontor-Pratello-Pink-Garda-Rose-brut-1000x1000px-150x150.png 150w, https:\/\/schaumweinkontor.com\/wp-content\/uploads\/2022\/06\/Schaumweinkontor-Pratello-Pink-Garda-Rose-brut-1000x1000px-768x768.png 768w, https:\/\/schaumweinkontor.com\/wp-content\/uploads\/2022\/06\/Schaumweinkontor-Pratello-Pink-Garda-Rose-brut-1000x1000px.png 1000w\" sizes=\"auto, (max-width: 300px) 100vw, 300px\" \/>\t\t\t\t\t\t\t\t\t<\/a>\n\t\t\t\t\t\t\t\t\t\t\t\t\t\t\t\t\t\t \t\t\t\t\t\t\t\t<\/div>\n\t\t\t\t\t\t\t\t<div class=\"image-tools top right show-on-hover\">\n\t\t\t\t\t\t\t\t\t\t\t\t\t\t\t\t\t<\/div>\n\t\t\t\t\t\t\t\t\t\t\t\t\t\t\t\t\t<div class=\"image-tools grid-tools text-center hide-for-small bottom hover-slide-in show-on-hover\">\n\t\t\t\t\t\t\t\t\t\t\t\t\t\t\t\t\t\t\t<\/div>\n\t\t\t\t\t\t\t\t\t\t\t\t\t\t\t\t\t\t\t\t\t\t\t<\/div>\n\n\t\t\t\t\t\t\t<div class=\"box-text text-center\" >\n\t\t\t\t\t\t\t\t<div class=\"title-wrapper\">\t\t<p class=\"category uppercase is-smaller no-text-overflow product-cat op-7\">\n\t\t\tPratello\t\t<\/p>\n\t<p class=\"name product-title woocommerce-loop-product__title\"><a href=\"https:\/\/schaumweinkontor.com\/en\/produkt\/pratello-spumante-garda-doc-rose-pink-15-l-magnum\/\" class=\"woocommerce-LoopProduct-link woocommerce-loop-product__link\">Pratello Spumante Garda DOC Ros\u00e9 Pink 1,5 L Magnum<\/a><\/p><\/div><div class=\"price-wrapper\">\n\t<span class=\"price\"><del aria-hidden=\"true\"><span class=\"woocommerce-Price-amount amount\" role=\"none\"><bdi><span class=\"woocommerce-Price-currencySymbol\">&euro;<\/span>&nbsp;39,90<\/bdi><\/span><\/del> <span class=\"screen-reader-text\">Original price was: &euro;&nbsp;39,90.<\/span><ins aria-hidden=\"true\"><span class=\"woocommerce-Price-amount amount\" role=\"none\"><bdi><span class=\"woocommerce-Price-currencySymbol\">&euro;<\/span>&nbsp;31,92<\/bdi><\/span><\/ins><span class=\"screen-reader-text\">Current price is: &euro;&nbsp;31,92.<\/span> <small class=\"woocommerce-price-suffix\">inkl. MwSt.<\/small><\/span>\n<\/div><div class=\"add-to-cart-button\"><a href=\"\/en\/wp-json\/wp\/v2\/pages\/4628?add-to-cart=4665\" aria-describedby=\"woocommerce_loop_add_to_cart_link_describedby_4665\" data-quantity=\"1\" class=\"primary is-small mb-0 button product_type_simple add_to_cart_button ajax_add_to_cart is-outline\" data-product_id=\"4665\" data-product_sku=\"100300161\" aria-label=\"Add to cart: &ldquo;Pratello Spumante Garda DOC Ros\u00e9 Pink 1,5 L Magnum&rdquo;\" rel=\"nofollow\" data-success_message=\"&ldquo;Pratello Spumante Garda DOC Ros\u00e9 Pink 1,5 L Magnum&rdquo; has been added to your cart\" role=\"button\">Add to cart<\/a><\/div>\t<span id=\"woocommerce_loop_add_to_cart_link_describedby_4665\" class=\"screen-reader-text\">\n\t\t\t<\/span>\n\t\t\t\t\t\t\t<\/div>\n\t\t\t\t\t\t<\/div>\n\t\t\t\t\t\t<\/div>\n\t\t\t\t\t<\/div><\/div>\n\n\n  \n    <div class=\"row  equalize-box show-for-medium hide-for-small large-columns-3 medium-columns-2 small-columns-1 row-large has-shadow row-box-shadow-2 row-box-shadow-4-hover\" >\n  \t\n\t     <div class=\"col\" data-animate=\"fadeInUp\">\n\t\t\t\t\t\t<div class=\"col-inner\">\n\t\t\t\t\t\t\n<div class=\"badge-container badge-custom absolute right top z-1\">\n<div class=\"callout badge badge-circle\"><div class=\"badge-inner secondary on-sale\"><span class=\"onsale\">Sale!<\/span><\/div><\/div>\n<\/div>\n\t\t\t\t\t\t<div class=\"product-small box has-hover box-vertical box-text-bottom\">\n\t\t\t\t\t\t\t<div class=\"box-image\" >\n\t\t\t\t\t\t\t\t<div class=\"\" >\n\t\t\t\t\t\t\t\t\t<a href=\"https:\/\/schaumweinkontor.com\/en\/produkt\/pratello-spumante-lugana-doc-brut-bolle-15-l-magnum\/\" aria-label=\"Pratello Spumante Lugana DOC Brut Boll\u00e9 1,5 L Magnum\">\n\t\t\t\t\t\t\t\t\t\t<img loading=\"lazy\" decoding=\"async\" width=\"300\" height=\"300\" src=\"https:\/\/schaumweinkontor.com\/wp-content\/uploads\/2022\/06\/Schaumweinkontor-Bolle-1000x1000-px-300x300.png\" class=\"attachment-medium size-medium\" alt=\"Pratello Spumante Lugana DOC Brut Boll\u00e9 1,5 L Magnum\" srcset=\"https:\/\/schaumweinkontor.com\/wp-content\/uploads\/2022\/06\/Schaumweinkontor-Bolle-1000x1000-px-300x300.png 300w, https:\/\/schaumweinkontor.com\/wp-content\/uploads\/2022\/06\/Schaumweinkontor-Bolle-1000x1000-px-100x100.png 100w, https:\/\/schaumweinkontor.com\/wp-content\/uploads\/2022\/06\/Schaumweinkontor-Bolle-1000x1000-px-510x510.png 510w, https:\/\/schaumweinkontor.com\/wp-content\/uploads\/2022\/06\/Schaumweinkontor-Bolle-1000x1000-px-150x150.png 150w, https:\/\/schaumweinkontor.com\/wp-content\/uploads\/2022\/06\/Schaumweinkontor-Bolle-1000x1000-px-768x768.png 768w, https:\/\/schaumweinkontor.com\/wp-content\/uploads\/2022\/06\/Schaumweinkontor-Bolle-1000x1000-px.png 1000w\" sizes=\"auto, (max-width: 300px) 100vw, 300px\" \/>\t\t\t\t\t\t\t\t\t<\/a>\n\t\t\t\t\t\t\t\t\t\t\t\t\t\t\t\t\t\t \t\t\t\t\t\t\t\t<\/div>\n\t\t\t\t\t\t\t\t<div class=\"image-tools top right show-on-hover\">\n\t\t\t\t\t\t\t\t\t\t\t\t\t\t\t\t\t<\/div>\n\t\t\t\t\t\t\t\t\t\t\t\t\t\t\t\t\t<div class=\"image-tools grid-tools text-center hide-for-small bottom hover-slide-in show-on-hover\">\n\t\t\t\t\t\t\t\t\t\t\t\t\t\t\t\t\t\t\t<\/div>\n\t\t\t\t\t\t\t\t\t\t\t\t\t\t\t\t\t\t\t\t\t\t\t<\/div>\n\n\t\t\t\t\t\t\t<div class=\"box-text text-center\" >\n\t\t\t\t\t\t\t\t<div class=\"title-wrapper\">\t\t<p class=\"category uppercase is-smaller no-text-overflow product-cat op-7\">\n\t\t\tPratello\t\t<\/p>\n\t<p class=\"name product-title woocommerce-loop-product__title\"><a href=\"https:\/\/schaumweinkontor.com\/en\/produkt\/pratello-spumante-lugana-doc-brut-bolle-15-l-magnum\/\" class=\"woocommerce-LoopProduct-link woocommerce-loop-product__link\">Pratello Spumante Lugana DOC Brut Boll\u00e9 1,5 L Magnum<\/a><\/p><\/div><div class=\"price-wrapper\">\n\t<span class=\"price\"><del aria-hidden=\"true\"><span class=\"woocommerce-Price-amount amount\" role=\"none\"><bdi><span class=\"woocommerce-Price-currencySymbol\">&euro;<\/span>&nbsp;39,90<\/bdi><\/span><\/del> <span class=\"screen-reader-text\">Original price was: &euro;&nbsp;39,90.<\/span><ins aria-hidden=\"true\"><span class=\"woocommerce-Price-amount amount\" role=\"none\"><bdi><span class=\"woocommerce-Price-currencySymbol\">&euro;<\/span>&nbsp;29,90<\/bdi><\/span><\/ins><span class=\"screen-reader-text\">Current price is: &euro;&nbsp;29,90.<\/span> <small class=\"woocommerce-price-suffix\">inkl. MwSt.<\/small><\/span>\n<\/div><div class=\"add-to-cart-button\"><a href=\"\/en\/wp-json\/wp\/v2\/pages\/4628?add-to-cart=4666\" aria-describedby=\"woocommerce_loop_add_to_cart_link_describedby_4666\" data-quantity=\"1\" class=\"primary is-small mb-0 button product_type_simple add_to_cart_button ajax_add_to_cart is-outline\" data-product_id=\"4666\" data-product_sku=\"100300162\" aria-label=\"Add to cart: &ldquo;Pratello Spumante Lugana DOC Brut Boll\u00e9 1,5 L Magnum&rdquo;\" rel=\"nofollow\" data-success_message=\"&ldquo;Pratello Spumante Lugana DOC Brut Boll\u00e9 1,5 L Magnum&rdquo; has been added to your cart\" role=\"button\">Add to cart<\/a><\/div>\t<span id=\"woocommerce_loop_add_to_cart_link_describedby_4666\" class=\"screen-reader-text\">\n\t\t\t<\/span>\n\t\t\t\t\t\t\t<\/div>\n\t\t\t\t\t\t<\/div>\n\t\t\t\t\t\t<\/div>\n\t\t\t\t\t<\/div><div class=\"col\" data-animate=\"fadeInUp\">\n\t\t\t\t\t\t<div class=\"col-inner\">\n\t\t\t\t\t\t\n<div class=\"badge-container badge-custom absolute right top z-1\">\n<div class=\"callout badge badge-circle\"><div class=\"badge-inner secondary on-sale\"><span class=\"onsale\">Sale!<\/span><\/div><\/div>\n<\/div>\n\t\t\t\t\t\t<div class=\"product-small box has-hover box-vertical box-text-bottom\">\n\t\t\t\t\t\t\t<div class=\"box-image\" >\n\t\t\t\t\t\t\t\t<div class=\"\" >\n\t\t\t\t\t\t\t\t\t<a href=\"https:\/\/schaumweinkontor.com\/en\/produkt\/pratello-spumante-garda-doc-rose-pink-15-l-magnum\/\" aria-label=\"Pratello Spumante Garda DOC Ros\u00e9 Pink 1,5 L Magnum\">\n\t\t\t\t\t\t\t\t\t\t<img loading=\"lazy\" decoding=\"async\" width=\"300\" height=\"300\" src=\"https:\/\/schaumweinkontor.com\/wp-content\/uploads\/2022\/06\/Schaumweinkontor-Pratello-Pink-Garda-Rose-brut-1000x1000px-300x300.png\" class=\"attachment-medium size-medium\" alt=\"Pratello Spumante Garda DOC Ros\u00e9 Pink 1,5 L Magnum\" srcset=\"https:\/\/schaumweinkontor.com\/wp-content\/uploads\/2022\/06\/Schaumweinkontor-Pratello-Pink-Garda-Rose-brut-1000x1000px-300x300.png 300w, https:\/\/schaumweinkontor.com\/wp-content\/uploads\/2022\/06\/Schaumweinkontor-Pratello-Pink-Garda-Rose-brut-1000x1000px-100x100.png 100w, https:\/\/schaumweinkontor.com\/wp-content\/uploads\/2022\/06\/Schaumweinkontor-Pratello-Pink-Garda-Rose-brut-1000x1000px-510x510.png 510w, https:\/\/schaumweinkontor.com\/wp-content\/uploads\/2022\/06\/Schaumweinkontor-Pratello-Pink-Garda-Rose-brut-1000x1000px-150x150.png 150w, https:\/\/schaumweinkontor.com\/wp-content\/uploads\/2022\/06\/Schaumweinkontor-Pratello-Pink-Garda-Rose-brut-1000x1000px-768x768.png 768w, https:\/\/schaumweinkontor.com\/wp-content\/uploads\/2022\/06\/Schaumweinkontor-Pratello-Pink-Garda-Rose-brut-1000x1000px.png 1000w\" sizes=\"auto, (max-width: 300px) 100vw, 300px\" \/>\t\t\t\t\t\t\t\t\t<\/a>\n\t\t\t\t\t\t\t\t\t\t\t\t\t\t\t\t\t\t \t\t\t\t\t\t\t\t<\/div>\n\t\t\t\t\t\t\t\t<div class=\"image-tools top right show-on-hover\">\n\t\t\t\t\t\t\t\t\t\t\t\t\t\t\t\t\t<\/div>\n\t\t\t\t\t\t\t\t\t\t\t\t\t\t\t\t\t<div class=\"image-tools grid-tools text-center hide-for-small bottom hover-slide-in show-on-hover\">\n\t\t\t\t\t\t\t\t\t\t\t\t\t\t\t\t\t\t\t<\/div>\n\t\t\t\t\t\t\t\t\t\t\t\t\t\t\t\t\t\t\t\t\t\t\t<\/div>\n\n\t\t\t\t\t\t\t<div class=\"box-text text-center\" >\n\t\t\t\t\t\t\t\t<div class=\"title-wrapper\">\t\t<p class=\"category uppercase is-smaller no-text-overflow product-cat op-7\">\n\t\t\tPratello\t\t<\/p>\n\t<p class=\"name product-title woocommerce-loop-product__title\"><a href=\"https:\/\/schaumweinkontor.com\/en\/produkt\/pratello-spumante-garda-doc-rose-pink-15-l-magnum\/\" class=\"woocommerce-LoopProduct-link woocommerce-loop-product__link\">Pratello Spumante Garda DOC Ros\u00e9 Pink 1,5 L Magnum<\/a><\/p><\/div><div class=\"price-wrapper\">\n\t<span class=\"price\"><del aria-hidden=\"true\"><span class=\"woocommerce-Price-amount amount\" role=\"none\"><bdi><span class=\"woocommerce-Price-currencySymbol\">&euro;<\/span>&nbsp;39,90<\/bdi><\/span><\/del> <span class=\"screen-reader-text\">Original price was: &euro;&nbsp;39,90.<\/span><ins aria-hidden=\"true\"><span class=\"woocommerce-Price-amount amount\" role=\"none\"><bdi><span class=\"woocommerce-Price-currencySymbol\">&euro;<\/span>&nbsp;31,92<\/bdi><\/span><\/ins><span class=\"screen-reader-text\">Current price is: &euro;&nbsp;31,92.<\/span> <small class=\"woocommerce-price-suffix\">inkl. MwSt.<\/small><\/span>\n<\/div><div class=\"add-to-cart-button\"><a href=\"\/en\/wp-json\/wp\/v2\/pages\/4628?add-to-cart=4665\" aria-describedby=\"woocommerce_loop_add_to_cart_link_describedby_4665\" data-quantity=\"1\" class=\"primary is-small mb-0 button product_type_simple add_to_cart_button ajax_add_to_cart is-outline\" data-product_id=\"4665\" data-product_sku=\"100300161\" aria-label=\"Add to cart: &ldquo;Pratello Spumante Garda DOC Ros\u00e9 Pink 1,5 L Magnum&rdquo;\" rel=\"nofollow\" data-success_message=\"&ldquo;Pratello Spumante Garda DOC Ros\u00e9 Pink 1,5 L Magnum&rdquo; has been added to your cart\" role=\"button\">Add to cart<\/a><\/div>\t<span id=\"woocommerce_loop_add_to_cart_link_describedby_4665\" class=\"screen-reader-text\">\n\t\t\t<\/span>\n\t\t\t\t\t\t\t<\/div>\n\t\t\t\t\t\t<\/div>\n\t\t\t\t\t\t<\/div>\n\t\t\t\t\t<\/div><\/div>\n\n\n\t\t<\/div>\n\t\t\t\t\t<\/div>\n\n\t\n\n\n<style>\n#row-1804536662 > .col > .col-inner {\n  padding: 15px 0px 0px 0px;\n}\n<\/style>\n<\/div>\n\n<\/div>\n<\/div>\n<div id=\"gutscheine\">\n<div class=\"row row-collapse row-full-width align-middle blau-verlauf\"  id=\"row-75120147\">\n\n\n\t<div id=\"col-1006216270\" class=\"col medium-6 small-12 large-6\"  >\n\t\t\t\t<div class=\"col-inner\"  >\n\t\t\t\n\t\t\t\n\n\t<div id=\"text-4257405709\" class=\"text\">\n\t\t\n\n<h2 id=\"gutscheine\" class=\"uppercase\" style=\"text-align: left;\"><span style=\"\"><span style=\"\">  Gift Cards <\/span><\/span><\/h2>\n\t\t\n<style>\n#text-4257405709 {\n  font-size: 1.5rem;\n  line-height: 2;\n}\n<\/style>\n\t<\/div>\n\t\n\n\t\t<\/div>\n\t\t\t\t\t<\/div>\n\n\t\n\n\n<style>\n#row-75120147 > .col > .col-inner {\n  padding: 0px 20px 0px 20px;\n  border-radius: 74px;\n}\n<\/style>\n<\/div>\n\t<section class=\"section bg_winzer\" id=\"section_40303859\">\n\t\t<div class=\"bg section-bg fill bg-fill  \" >\n\n\t\t\t\n\t\t\t\n\t\t\t\n\n\t\t<\/div>\n\n\t\t\n\n\t\t<div class=\"section-content relative\">\n\t\t\t\n\n<h2 id=\"gutscheincode\" class=\"uppercase\" style=\"text-align: center;\"><span style=\"font-size: 90%;\"> Gift Cards <\/span><\/h2>\n<p>\u00a0<\/p>\n\n\t\t<\/div>\n\n\t\t\n<style>\n#section_40303859 {\n  padding-top: 30px;\n  padding-bottom: 30px;\n}\n#section_40303859 .section-bg.bg-loaded {\n  background-image: url(https:\/\/schaumweinkontor.com\/wp-content\/uploads\/2022\/06\/landscape-illu-gold-transp.png);\n}\n<\/style>\n\t<\/section>\n\t\n<div class=\"row row-full-width align-middle align-center margin-auto\"  id=\"row-989896760\">\n\n\n\t<div id=\"col-1821294835\" class=\"col small-12 large-12\"  >\n\t\t\t\t<div class=\"col-inner\"  >\n\t\t\t\n\t\t\t\n\n\n  \n    <div class=\"row  equalize-box show-for-small large-columns-3 medium-columns- small-columns-1 row-large has-shadow row-box-shadow-2 row-box-shadow-4-hover\" >\n  \t\n\t     <div class=\"col\" data-animate=\"fadeInUp\">\n\t\t\t\t\t\t<div class=\"col-inner\">\n\t\t\t\t\t\t\n<div class=\"badge-container badge-custom absolute right top z-1\">\n\n<\/div>\n\t\t\t\t\t\t<div class=\"product-small box has-hover box-normal box-text-bottom\">\n\t\t\t\t\t\t\t<div class=\"box-image\" >\n\t\t\t\t\t\t\t\t<div class=\"\" >\n\t\t\t\t\t\t\t\t\t<a href=\"https:\/\/schaumweinkontor.com\/en\/produkt\/your-gift-from-schaumweinkontor\/\" aria-label=\"Your gift from Schaumweinkontor\">\n\t\t\t\t\t\t\t\t\t\t<img loading=\"lazy\" decoding=\"async\" width=\"250\" height=\"300\" src=\"https:\/\/schaumweinkontor.com\/wp-content\/uploads\/2022\/11\/swk-online-gutschein-250x300.jpg\" class=\"attachment-medium size-medium\" alt=\"Your gift from Schaumweinkontor\" srcset=\"https:\/\/schaumweinkontor.com\/wp-content\/uploads\/2022\/11\/swk-online-gutschein-250x300.jpg 250w, https:\/\/schaumweinkontor.com\/wp-content\/uploads\/2022\/11\/swk-online-gutschein-800x960.jpg 800w, https:\/\/schaumweinkontor.com\/wp-content\/uploads\/2022\/11\/swk-online-gutschein-510x611.jpg 510w, https:\/\/schaumweinkontor.com\/wp-content\/uploads\/2022\/11\/swk-online-gutschein-768x921.jpg 768w, https:\/\/schaumweinkontor.com\/wp-content\/uploads\/2022\/11\/swk-online-gutschein.jpg 835w\" sizes=\"auto, (max-width: 250px) 100vw, 250px\" \/>\t\t\t\t\t\t\t\t\t<\/a>\n\t\t\t\t\t\t\t\t\t\t\t\t\t\t\t\t\t\t \t\t\t\t\t\t\t\t<\/div>\n\t\t\t\t\t\t\t\t<div class=\"image-tools top right show-on-hover\">\n\t\t\t\t\t\t\t\t\t\t\t\t\t\t\t\t\t<\/div>\n\t\t\t\t\t\t\t\t\t\t\t\t\t\t\t\t\t<div class=\"image-tools grid-tools text-center hide-for-small bottom hover-slide-in show-on-hover\">\n\t\t\t\t\t\t\t\t\t\t\t\t\t\t\t\t\t\t\t<\/div>\n\t\t\t\t\t\t\t\t\t\t\t\t\t\t\t\t\t\t\t\t\t\t\t<\/div>\n\n\t\t\t\t\t\t\t<div class=\"box-text text-center\" style=\"padding:0px 0px px 0px;\">\n\t\t\t\t\t\t\t\t<div class=\"title-wrapper\">\t\t<p class=\"category uppercase is-smaller no-text-overflow product-cat op-7\">\n\t\t\tVoucher\t\t<\/p>\n\t<p class=\"name product-title woocommerce-loop-product__title\"><a href=\"https:\/\/schaumweinkontor.com\/en\/produkt\/your-gift-from-schaumweinkontor\/\" class=\"woocommerce-LoopProduct-link woocommerce-loop-product__link\">Your gift from Schaumweinkontor<\/a><\/p><\/div><div class=\"price-wrapper\">\n<\/div><div class=\"add-to-cart-button\"><a href=\"https:\/\/schaumweinkontor.com\/en\/produkt\/your-gift-from-schaumweinkontor\/\" aria-describedby=\"woocommerce_loop_add_to_cart_link_describedby_4731\" data-quantity=\"1\" class=\"primary is-small mb-0 button product_type_gift-card add_to_cart_button is-outline\" data-product_id=\"4731\" data-product_sku=\"\" aria-label=\"Read more about &ldquo;Your gift from Schaumweinkontor&rdquo;\" rel=\"nofollow\">Select amount<\/a><\/div>\t<span id=\"woocommerce_loop_add_to_cart_link_describedby_4731\" class=\"screen-reader-text\">\n\t\t\t<\/span>\n\t\t\t\t\t\t\t<\/div>\n\t\t\t\t\t\t<\/div>\n\t\t\t\t\t\t<\/div>\n\t\t\t\t\t<\/div><\/div>\n\n\n  \n    <div class=\"row  equalize-box show-for-medium hide-for-small large-columns-3 medium-columns-2 small-columns-1 row-large has-shadow row-box-shadow-2 row-box-shadow-4-hover\" >\n  \t\n\t     <div class=\"col\" data-animate=\"fadeInUp\">\n\t\t\t\t\t\t<div class=\"col-inner\">\n\t\t\t\t\t\t\n<div class=\"badge-container badge-custom absolute right top z-1\">\n\n<\/div>\n\t\t\t\t\t\t<div class=\"product-small box has-hover box-normal box-text-bottom\">\n\t\t\t\t\t\t\t<div class=\"box-image\" >\n\t\t\t\t\t\t\t\t<div class=\"\" >\n\t\t\t\t\t\t\t\t\t<a href=\"https:\/\/schaumweinkontor.com\/en\/produkt\/your-gift-from-schaumweinkontor\/\" aria-label=\"Your gift from Schaumweinkontor\">\n\t\t\t\t\t\t\t\t\t\t<img loading=\"lazy\" decoding=\"async\" width=\"250\" height=\"300\" src=\"https:\/\/schaumweinkontor.com\/wp-content\/uploads\/2022\/11\/swk-online-gutschein-250x300.jpg\" class=\"attachment-medium size-medium\" alt=\"Your gift from Schaumweinkontor\" srcset=\"https:\/\/schaumweinkontor.com\/wp-content\/uploads\/2022\/11\/swk-online-gutschein-250x300.jpg 250w, https:\/\/schaumweinkontor.com\/wp-content\/uploads\/2022\/11\/swk-online-gutschein-800x960.jpg 800w, https:\/\/schaumweinkontor.com\/wp-content\/uploads\/2022\/11\/swk-online-gutschein-510x611.jpg 510w, https:\/\/schaumweinkontor.com\/wp-content\/uploads\/2022\/11\/swk-online-gutschein-768x921.jpg 768w, https:\/\/schaumweinkontor.com\/wp-content\/uploads\/2022\/11\/swk-online-gutschein.jpg 835w\" sizes=\"auto, (max-width: 250px) 100vw, 250px\" \/>\t\t\t\t\t\t\t\t\t<\/a>\n\t\t\t\t\t\t\t\t\t\t\t\t\t\t\t\t\t\t \t\t\t\t\t\t\t\t<\/div>\n\t\t\t\t\t\t\t\t<div class=\"image-tools top right show-on-hover\">\n\t\t\t\t\t\t\t\t\t\t\t\t\t\t\t\t\t<\/div>\n\t\t\t\t\t\t\t\t\t\t\t\t\t\t\t\t\t<div class=\"image-tools grid-tools text-center hide-for-small bottom hover-slide-in show-on-hover\">\n\t\t\t\t\t\t\t\t\t\t\t\t\t\t\t\t\t\t\t<\/div>\n\t\t\t\t\t\t\t\t\t\t\t\t\t\t\t\t\t\t\t\t\t\t\t<\/div>\n\n\t\t\t\t\t\t\t<div class=\"box-text text-center\" style=\"padding:0px 0px px 0px;\">\n\t\t\t\t\t\t\t\t<div class=\"title-wrapper\">\t\t<p class=\"category uppercase is-smaller no-text-overflow product-cat op-7\">\n\t\t\tVoucher\t\t<\/p>\n\t<p class=\"name product-title woocommerce-loop-product__title\"><a href=\"https:\/\/schaumweinkontor.com\/en\/produkt\/your-gift-from-schaumweinkontor\/\" class=\"woocommerce-LoopProduct-link woocommerce-loop-product__link\">Your gift from Schaumweinkontor<\/a><\/p><\/div><div class=\"price-wrapper\">\n<\/div><div class=\"add-to-cart-button\"><a href=\"https:\/\/schaumweinkontor.com\/en\/produkt\/your-gift-from-schaumweinkontor\/\" aria-describedby=\"woocommerce_loop_add_to_cart_link_describedby_4731\" data-quantity=\"1\" class=\"primary is-small mb-0 button product_type_gift-card add_to_cart_button is-outline\" data-product_id=\"4731\" data-product_sku=\"\" aria-label=\"Read more about &ldquo;Your gift from Schaumweinkontor&rdquo;\" rel=\"nofollow\">Select amount<\/a><\/div>\t<span id=\"woocommerce_loop_add_to_cart_link_describedby_4731\" class=\"screen-reader-text\">\n\t\t\t<\/span>\n\t\t\t\t\t\t\t<\/div>\n\t\t\t\t\t\t<\/div>\n\t\t\t\t\t\t<\/div>\n\t\t\t\t\t<\/div><\/div>\n\n\n\t\t<\/div>\n\t\t\t\t\t<\/div>\n\n\t\n\n\n<style>\n#row-989896760 > .col > .col-inner {\n  padding: 15 0px 0px 0px;\n}\n@media (min-width:550px) {\n  #row-989896760 > .col > .col-inner {\n    padding: 15px 0px 0px 0px;\n  }\n}\n<\/style>\n<\/div>\n\n\n\t\t<\/div>\n\t\t\t\t\t<\/div>\n\n\t\n\n<\/div>\n\n","protected":false},"excerpt":{"rendered":"","protected":false},"author":1,"featured_media":4291,"parent":0,"menu_order":0,"comment_status":"closed","ping_status":"closed","template":"page-blank.php","meta":{"_acf_changed":false,"inline_featured_image":false,"footnotes":""},"class_list":["post-4628","page","type-page","status-publish","has-post-thumbnail","hentry"],"acf":[],"yoast_head":"<!-- This site is optimized with the Yoast SEO plugin v27.3 - https:\/\/yoast.com\/product\/yoast-seo-wordpress\/ -->\n<title>All products - Schaumweinkontor<\/title>\n<meta name=\"robots\" content=\"index, follow, max-snippet:-1, max-image-preview:large, max-video-preview:-1\" \/>\n<link rel=\"canonical\" href=\"https:\/\/schaumweinkontor.com\/en\/all-products\/\" \/>\n<meta property=\"og:locale\" content=\"en_US\" \/>\n<meta property=\"og:type\" content=\"article\" \/>\n<meta property=\"og:title\" content=\"All products - Schaumweinkontor\" \/>\n<meta property=\"og:url\" content=\"https:\/\/schaumweinkontor.com\/en\/all-products\/\" \/>\n<meta property=\"og:site_name\" content=\"Schaumweinkontor\" \/>\n<meta property=\"article:modified_time\" content=\"2024-04-29T09:06:14+00:00\" \/>\n<meta property=\"og:image\" content=\"https:\/\/schaumweinkontor.com\/wp-content\/uploads\/2022\/06\/Schaumweinkontor-Kreise.png\" \/>\n\t<meta property=\"og:image:width\" content=\"800\" \/>\n\t<meta property=\"og:image:height\" content=\"800\" \/>\n\t<meta property=\"og:image:type\" content=\"image\/png\" \/>\n<meta name=\"twitter:card\" content=\"summary_large_image\" \/>\n<meta name=\"twitter:label1\" content=\"Est. reading time\" \/>\n\t<meta name=\"twitter:data1\" content=\"3 minutes\" \/>\n<script type=\"application\/ld+json\" class=\"yoast-schema-graph\">{\"@context\":\"https:\\\/\\\/schema.org\",\"@graph\":[{\"@type\":\"WebPage\",\"@id\":\"https:\\\/\\\/schaumweinkontor.com\\\/en\\\/all-products\\\/\",\"url\":\"https:\\\/\\\/schaumweinkontor.com\\\/en\\\/all-products\\\/\",\"name\":\"All products - Schaumweinkontor\",\"isPartOf\":{\"@id\":\"https:\\\/\\\/schaumweinkontor.com\\\/en\\\/#website\"},\"primaryImageOfPage\":{\"@id\":\"https:\\\/\\\/schaumweinkontor.com\\\/en\\\/all-products\\\/#primaryimage\"},\"image\":{\"@id\":\"https:\\\/\\\/schaumweinkontor.com\\\/en\\\/all-products\\\/#primaryimage\"},\"thumbnailUrl\":\"https:\\\/\\\/schaumweinkontor.com\\\/wp-content\\\/uploads\\\/2022\\\/06\\\/Schaumweinkontor-Kreise.png\",\"datePublished\":\"2022-06-27T09:10:12+00:00\",\"dateModified\":\"2024-04-29T09:06:14+00:00\",\"breadcrumb\":{\"@id\":\"https:\\\/\\\/schaumweinkontor.com\\\/en\\\/all-products\\\/#breadcrumb\"},\"inLanguage\":\"en-US\",\"potentialAction\":[{\"@type\":\"ReadAction\",\"target\":[\"https:\\\/\\\/schaumweinkontor.com\\\/en\\\/all-products\\\/\"]}]},{\"@type\":\"ImageObject\",\"inLanguage\":\"en-US\",\"@id\":\"https:\\\/\\\/schaumweinkontor.com\\\/en\\\/all-products\\\/#primaryimage\",\"url\":\"https:\\\/\\\/schaumweinkontor.com\\\/wp-content\\\/uploads\\\/2022\\\/06\\\/Schaumweinkontor-Kreise.png\",\"contentUrl\":\"https:\\\/\\\/schaumweinkontor.com\\\/wp-content\\\/uploads\\\/2022\\\/06\\\/Schaumweinkontor-Kreise.png\",\"width\":800,\"height\":800},{\"@type\":\"BreadcrumbList\",\"@id\":\"https:\\\/\\\/schaumweinkontor.com\\\/en\\\/all-products\\\/#breadcrumb\",\"itemListElement\":[{\"@type\":\"ListItem\",\"position\":1,\"name\":\"Home\",\"item\":\"https:\\\/\\\/schaumweinkontor.com\\\/en\\\/\"},{\"@type\":\"ListItem\",\"position\":2,\"name\":\"All products\"}]},{\"@type\":\"WebSite\",\"@id\":\"https:\\\/\\\/schaumweinkontor.com\\\/en\\\/#website\",\"url\":\"https:\\\/\\\/schaumweinkontor.com\\\/en\\\/\",\"name\":\"Schaumweinkontor\",\"description\":\"Die erste Adresse f\u00fcr prickelnden Genuss\",\"publisher\":{\"@id\":\"https:\\\/\\\/schaumweinkontor.com\\\/en\\\/#organization\"},\"potentialAction\":[{\"@type\":\"SearchAction\",\"target\":{\"@type\":\"EntryPoint\",\"urlTemplate\":\"https:\\\/\\\/schaumweinkontor.com\\\/en\\\/?s={search_term_string}\"},\"query-input\":{\"@type\":\"PropertyValueSpecification\",\"valueRequired\":true,\"valueName\":\"search_term_string\"}}],\"inLanguage\":\"en-US\"},{\"@type\":\"Organization\",\"@id\":\"https:\\\/\\\/schaumweinkontor.com\\\/en\\\/#organization\",\"name\":\"Schaumweinkontor\",\"url\":\"https:\\\/\\\/schaumweinkontor.com\\\/en\\\/\",\"logo\":{\"@type\":\"ImageObject\",\"inLanguage\":\"en-US\",\"@id\":\"https:\\\/\\\/schaumweinkontor.com\\\/en\\\/#\\\/schema\\\/logo\\\/image\\\/\",\"url\":\"https:\\\/\\\/schaumweinkontor.com\\\/wp-content\\\/uploads\\\/2022\\\/06\\\/Logo-schaumweinkontor.svg\",\"contentUrl\":\"https:\\\/\\\/schaumweinkontor.com\\\/wp-content\\\/uploads\\\/2022\\\/06\\\/Logo-schaumweinkontor.svg\",\"width\":100,\"height\":100,\"caption\":\"Schaumweinkontor\"},\"image\":{\"@id\":\"https:\\\/\\\/schaumweinkontor.com\\\/en\\\/#\\\/schema\\\/logo\\\/image\\\/\"}}]}<\/script>\n<!-- \/ Yoast SEO plugin. -->","yoast_head_json":{"title":"All products - Schaumweinkontor","robots":{"index":"index","follow":"follow","max-snippet":"max-snippet:-1","max-image-preview":"max-image-preview:large","max-video-preview":"max-video-preview:-1"},"canonical":"https:\/\/schaumweinkontor.com\/en\/all-products\/","og_locale":"en_US","og_type":"article","og_title":"All products - Schaumweinkontor","og_url":"https:\/\/schaumweinkontor.com\/en\/all-products\/","og_site_name":"Schaumweinkontor","article_modified_time":"2024-04-29T09:06:14+00:00","og_image":[{"width":800,"height":800,"url":"https:\/\/schaumweinkontor.com\/wp-content\/uploads\/2022\/06\/Schaumweinkontor-Kreise.png","type":"image\/png"}],"twitter_card":"summary_large_image","twitter_misc":{"Est. reading time":"3 minutes"},"schema":{"@context":"https:\/\/schema.org","@graph":[{"@type":"WebPage","@id":"https:\/\/schaumweinkontor.com\/en\/all-products\/","url":"https:\/\/schaumweinkontor.com\/en\/all-products\/","name":"All products - Schaumweinkontor","isPartOf":{"@id":"https:\/\/schaumweinkontor.com\/en\/#website"},"primaryImageOfPage":{"@id":"https:\/\/schaumweinkontor.com\/en\/all-products\/#primaryimage"},"image":{"@id":"https:\/\/schaumweinkontor.com\/en\/all-products\/#primaryimage"},"thumbnailUrl":"https:\/\/schaumweinkontor.com\/wp-content\/uploads\/2022\/06\/Schaumweinkontor-Kreise.png","datePublished":"2022-06-27T09:10:12+00:00","dateModified":"2024-04-29T09:06:14+00:00","breadcrumb":{"@id":"https:\/\/schaumweinkontor.com\/en\/all-products\/#breadcrumb"},"inLanguage":"en-US","potentialAction":[{"@type":"ReadAction","target":["https:\/\/schaumweinkontor.com\/en\/all-products\/"]}]},{"@type":"ImageObject","inLanguage":"en-US","@id":"https:\/\/schaumweinkontor.com\/en\/all-products\/#primaryimage","url":"https:\/\/schaumweinkontor.com\/wp-content\/uploads\/2022\/06\/Schaumweinkontor-Kreise.png","contentUrl":"https:\/\/schaumweinkontor.com\/wp-content\/uploads\/2022\/06\/Schaumweinkontor-Kreise.png","width":800,"height":800},{"@type":"BreadcrumbList","@id":"https:\/\/schaumweinkontor.com\/en\/all-products\/#breadcrumb","itemListElement":[{"@type":"ListItem","position":1,"name":"Home","item":"https:\/\/schaumweinkontor.com\/en\/"},{"@type":"ListItem","position":2,"name":"All products"}]},{"@type":"WebSite","@id":"https:\/\/schaumweinkontor.com\/en\/#website","url":"https:\/\/schaumweinkontor.com\/en\/","name":"Schaumweinkontor","description":"Die erste Adresse f\u00fcr prickelnden Genuss","publisher":{"@id":"https:\/\/schaumweinkontor.com\/en\/#organization"},"potentialAction":[{"@type":"SearchAction","target":{"@type":"EntryPoint","urlTemplate":"https:\/\/schaumweinkontor.com\/en\/?s={search_term_string}"},"query-input":{"@type":"PropertyValueSpecification","valueRequired":true,"valueName":"search_term_string"}}],"inLanguage":"en-US"},{"@type":"Organization","@id":"https:\/\/schaumweinkontor.com\/en\/#organization","name":"Schaumweinkontor","url":"https:\/\/schaumweinkontor.com\/en\/","logo":{"@type":"ImageObject","inLanguage":"en-US","@id":"https:\/\/schaumweinkontor.com\/en\/#\/schema\/logo\/image\/","url":"https:\/\/schaumweinkontor.com\/wp-content\/uploads\/2022\/06\/Logo-schaumweinkontor.svg","contentUrl":"https:\/\/schaumweinkontor.com\/wp-content\/uploads\/2022\/06\/Logo-schaumweinkontor.svg","width":100,"height":100,"caption":"Schaumweinkontor"},"image":{"@id":"https:\/\/schaumweinkontor.com\/en\/#\/schema\/logo\/image\/"}}]}},"_links":{"self":[{"href":"https:\/\/schaumweinkontor.com\/en\/wp-json\/wp\/v2\/pages\/4628","targetHints":{"allow":["GET"]}}],"collection":[{"href":"https:\/\/schaumweinkontor.com\/en\/wp-json\/wp\/v2\/pages"}],"about":[{"href":"https:\/\/schaumweinkontor.com\/en\/wp-json\/wp\/v2\/types\/page"}],"author":[{"embeddable":true,"href":"https:\/\/schaumweinkontor.com\/en\/wp-json\/wp\/v2\/users\/1"}],"replies":[{"embeddable":true,"href":"https:\/\/schaumweinkontor.com\/en\/wp-json\/wp\/v2\/comments?post=4628"}],"version-history":[{"count":14,"href":"https:\/\/schaumweinkontor.com\/en\/wp-json\/wp\/v2\/pages\/4628\/revisions"}],"predecessor-version":[{"id":5395,"href":"https:\/\/schaumweinkontor.com\/en\/wp-json\/wp\/v2\/pages\/4628\/revisions\/5395"}],"wp:featuredmedia":[{"embeddable":true,"href":"https:\/\/schaumweinkontor.com\/en\/wp-json\/wp\/v2\/media\/4291"}],"wp:attachment":[{"href":"https:\/\/schaumweinkontor.com\/en\/wp-json\/wp\/v2\/media?parent=4628"}],"curies":[{"name":"wp","href":"https:\/\/api.w.org\/{rel}","templated":true}]}}